{"id":2076,"date":"2023-06-06T16:23:46","date_gmt":"2023-06-06T16:23:46","guid":{"rendered":"https:\/\/latemarium.com\/?page_id=2076"},"modified":"2023-06-08T07:54:11","modified_gmt":"2023-06-08T07:54:11","slug":"lista-eventi-ed-attivita","status":"publish","type":"page","link":"https:\/\/latemarium.com\/it\/lista-eventi-ed-attivita\/","title":{"rendered":"Lista eventi ed attivit\u00e0"},"content":{"rendered":"<p>Tutti gli eventi in programma per l&#8217;estate 2023.<\/p>\n<!-- EventON Calendar --><div id='evcal_calendar_649' class='list_cal ajde_evcal_calendar sev cev color esty_2 ul etttc_custom ' data-cal=''><div id='evcal_head' class='calendar_header ' ><div class='evo_cal_above evodfx evofx_dr_r marb5 evofx_ww'><span class='cal_head_btn evo-search'><\/span><span class='cal_head_btn evo-filter-btn'><em><\/em><\/span><span class='cal_head_btn evo-gototoday-btn' style='' data-mo='5' data-yr='2026' data-dy=''>Mese corrente<\/span><\/div><div class='evo_cal_above_content'><\/div><div class='evo_header_title '><\/div><div class='evo_cal_header_end_content'>\t\t\t\t\t\r\n\t\t\t\t<div class='evo_search_bar evo_hidden'>\r\n\t\t\t\t\t<div class='evo_search_bar_in' >\r\n\t\t\t\t\t\t<input id='evo_search_bar_in_649' type=\"text\" placeholder='Ricerca eventi' data-role=\"none\"\/>\r\n\t\t\t\t\t\t<a class=\"evosr_search_clear_btn\"><i class=\"fa fa-close\"><\/i><\/a>\r\n\t\t\t\t\t\t<a class=\"evosr_search_btn\"><i class=\"fa fa-search\"><\/i><\/a>\r\n\t\t\t\t\t<\/div>\r\n\t\t\t\t<\/div>\r\n\r\n\t\t\t<\/div><\/div><div class='evo_filter_bar evo_main_filter_bar eventon_sorting_section '><div class='evo_filter_container evodfx evo_fx_ai_c'><div class='evo_filter_container_in'><div class='eventon_filter_line' ><div class='evo_loading_bar_holder h100 loading_filters swipe' style='min-height:30px;'><div class='nesthold r g10'><div class='evo_loading_bar wid_100% hi_30px' style='width:100%; height:30px; margin-bottom:1px;'><\/div><div class='evo_loading_bar wid_100% hi_30px' style='width:100%; height:30px; margin-bottom:1px;'><\/div><div class='evo_loading_bar wid_100% hi_30px' style='width:100%; height:30px; margin-bottom:1px;'><\/div><div class='evo_loading_bar wid_100% hi_30px' style='width:100%; height:30px; margin-bottom:1px;'><\/div><div class='evo_loading_bar wid_100% hi_30px' style='width:100%; height:30px; margin-bottom:1px;'><\/div><\/div><\/div><\/div><\/div><div class='evo_filter_nav evo_filter_l'><i class='fa fa-chevron-left'><\/i><\/div><div class='evo_filter_nav evo_filter_r'><i class='fa fa-chevron-right'><\/i><\/div><\/div><div class='evo_filter_aply_btns'><\/div><div class='evo_filter_menu'><\/div><\/div><div id='eventon_loadbar_section'><div id='eventon_loadbar'><\/div><\/div><!-- Events List --><div class='evo_events_list_box'><div id='evcal_list' class='eventon_events_list sep_months evcal_list_month'><div class='evcal_month_line' data-d='eml_5_2026' data-su='1777586400'><p>mag<\/p><\/div><div class='sep_month_events no_event' data-d='eml_5_2026'><div class='eventon_list_event no_events'><p class='no_events' >No Events<\/p><\/div><\/div><div class='evcal_month_line' data-d='eml_6_2026' data-su='1780264800'><p>giugno<\/p><\/div><div class='sep_month_events ' data-d='eml_6_2026'><div id=\"event_2800_0\" class=\"eventon_list_event evo_eventtop scheduled  event clrD event_2800_0\" data-event_id=\"2800\" data-ri=\"0r\" data-time=\"1781071200-1781449200\" data-colr=\"#ba181d\" itemscope itemtype='http:\/\/schema.org\/Event'><div class=\"evo_event_schema\" style=\"display:none\" ><a itemprop='url'  href='https:\/\/latemarium.com\/it\/events\/rosadira-bike-days\/'><\/a><meta itemprop='image' content=\"https:\/\/latemarium.com\/wp-content\/uploads\/2025\/05\/2023-cKirsten-J.-Sorries-Carezza-Dolomites_Rosadira-Bike_1734-scaled.jpg\" \/><meta itemprop='startDate' content=\"2026-6-10T08:00+0:00\" \/><meta itemprop='endDate' content=\"2026-6-14T17:00+0:00\" \/><meta itemprop='eventStatus' content=\"https:\/\/schema.org\/EventScheduled\" \/><meta itemprop='eventAttendanceMode'   itemscope itemtype=\"https:\/\/schema.org\/OfflineEventAttendanceMode\"\/><script type=\"application\/ld+json\">{\"@context\": \"http:\/\/schema.org\",\"@type\": \"Event\",\n\t\t\t\t\"@id\": \"event_2800_0\",\n\t\t\t\t\"eventAttendanceMode\":\"https:\/\/schema.org\/OfflineEventAttendanceMode\",\n\t\t\t\t\"eventStatus\":\"https:\/\/schema.org\/EventScheduled\",\n\t\t\t\t\"name\": \"Rosadira Bike Days\",\n\t\t\t\t\"url\": \"https:\/\/latemarium.com\/it\/events\/rosadira-bike-days\/\",\n\t\t\t\t\"startDate\": \"2026-6-10T08:00+0:00\",\n\t\t\t\t\"endDate\": \"2026-6-14T17:00+0:00\",\n\t\t\t\t\"image\":\"https:\/\/latemarium.com\/wp-content\/uploads\/2025\/05\/2023-cKirsten-J.-Sorries-Carezza-Dolomites_Rosadira-Bike_1734-scaled.jpg\", \n\t\t\t\t\"description\":\"<p>ROSADIRA BIKE DAYS<br \/> 10. \u2013 14.06.2026<\/p> <p>5 giorni di Enrosadira su 2 ruote!<br \/> Vivi giornate indimenticabili all&#8217;insegna dell&#8217;avventura, dell&#8217;azione e della natura pura nello scenario mozzafiato delle Dolomiti, patrimonio mondiale dell&#8217;UNESCO.<\/p> <p>Che tu voglia migliorare la tua tecnica di guida, scoprire nuovi percorsi o semplicemente goderti appieno la natura su due ruote, il programma dei Rosadira Bike Days ne ha per tutti i gusti! Il programma \u00e8 completato da specialit\u00e0 culinarie e da un&#8217;accogliente riunione.<\/p> <p>Unisciti a noi e sperimenta il divertimento in bicicletta nella sua forma pi\u00f9 pura: dal flow sui sentieri ai rilassanti tour panoramici delle Dolomiti!<\/p> <p><strong>Cosa ti aspetta?<\/strong><\/p> <ul> <li>Tour guidati in mountain bike: esplora i migliori sentieri delle Dolomiti con guide esperte. Da percorsi rilassati a percorsi MTB impegnativi: ce n&#8217;\u00e8 per tutti i livelli.<\/li> <li>Workshop di tecnica: Migliora la tua tecnica di guida e impara dai professionisti come affrontare i sentieri in modo ancora pi\u00f9 sicuro e fluido.<\/li> <li>Test e consigli sulle biciclette: approfitta dell&#8217;opportunit\u00e0 di testare gli ultimi modelli di mountain bike di vari espositori e di ricevere consigli dagli esperti.<\/li> <li>Specialit\u00e0 culinarie: Sperimenta la straordinaria cucina altoatesina e goditi le delizie culinarie dopo una faticosa giornata in bicicletta.<\/li> <li>Sessioni di relax: chiacchierate con altri biker dopo il tua tour in bici e goditi la musica dal vivo in un accogliente ritrovo.<\/li> <li>Un programma molto vario per bambini; le nuove generazioni di ciclisti.<\/li> <\/ul> \"}<\/script><\/div>\r\n\t\t\t\t<p class=\"desc_trig_outter\" style=\"\"><a data-gmap_status=\"null\" data-exlk=\"0\" style=\"background-color: #ba181d;\" id=\"evc_17810712002800\" class=\"hasFtIMG desc_trig mul_val evcal_list_a\" data-ux_val=\"3\" data-ux_val_mob=\"-\"  ><span class='evoet_c1 evoet_cx '><span class='ev_ftImg' data-img='https:\/\/latemarium.com\/wp-content\/uploads\/2025\/05\/2023-cKirsten-J.-Sorries-Carezza-Dolomites_Rosadira-Bike_1734-scaled.jpg' data-thumb='https:\/\/latemarium.com\/wp-content\/uploads\/2025\/05\/2023-cKirsten-J.-Sorries-Carezza-Dolomites_Rosadira-Bike_1734-300x200.jpg' style='background-image:url(\"https:\/\/latemarium.com\/wp-content\/uploads\/2025\/05\/2023-cKirsten-J.-Sorries-Carezza-Dolomites_Rosadira-Bike_1734-300x200.jpg\")' ><\/span><\/span><span class='evoet_c2 evoet_cx '><span class='evoet_dayblock evcal_cblock ' data-bgcolor='#ba181d' data-smon='giugno' data-syr='2026' data-bub=''><span class='evo_start '><em class='date'>10<\/em><em class='month'>giu<\/em><em class='time'><i t=\"y\">(giu 10)<\/i>08:00<\/em><\/span><span class='evo_end '><em class='date'>14<\/em><em class='time'><i t=\"y\">(giu 14)<\/i>17:00<\/em><\/span><\/span><\/span><span class='evoet_c3 evoet_cx evcal_desc hide_eventtopdata '><span class='evoet_title evcal_desc2 evcal_event_title ' itemprop='name'>Rosadira Bike Days<\/span><span class='evoet_subtitle evo_below_title' ><span class='evcal_event_subtitle ' >5 giorni di Enrosadira su 2 ruote!<\/span><\/span><span class='evoet_time_expand level_3'><em class='evcal_time evo_tz_time'><i class='fa fa-clock-o'><\/i>08:00 - 17:00 <em class=\"evo_endday evomarl5\">(14)<\/em><span class='evo_tz marl5'>(GMT+02:00)<\/span><\/em> <\/span><\/span><span class='evoet_data' data-d=\"{&quot;loc.n&quot;:&quot;&quot;,&quot;orgs&quot;:[],&quot;tags&quot;:[]}\" data-bgc=\"#ba181d\" data-bggrad=\"\" ><\/span><\/a><\/p><div class='event_description evcal_eventcard ' style=\"display:none\"><div class='evocard_row'><div id='event_ftimage' class='evocard_box ftimage' data-c='' \n\t\t\t\t\tstyle=''><div class='evocard_main_image_hold' data-t='Loading Image..'><div class='evocard_main_image evo_img_triglb evobr15 evobgsc evobgpc evodfx evofx_jc_c evofx_ai_c evofz48 minmized' style='height:300px; background-image:url();' data-f=\"https:\/\/latemarium.com\/wp-content\/uploads\/2025\/05\/2023-cKirsten-J.-Sorries-Carezza-Dolomites_Rosadira-Bike_1734-scaled.jpg\" data-h=\"1707\" data-w=\"2560\" data-ratio=\"0.666796875\" data-event_id=\"2800\" data-ri=\"0\"  data-t='Loading Image..'><span style='height:300px; background-image:url(https:\/\/latemarium.com\/wp-content\/uploads\/2025\/05\/2023-cKirsten-J.-Sorries-Carezza-Dolomites_Rosadira-Bike_1734-scaled.jpg)'><\/span><\/div><\/div><\/div><\/div><div class='evocard_row'><div id='event_eventdetails' class='evocard_box eventdetails' data-c='' \n\t\t\t\t\tstyle=''><div class='evo_metarow_details evorow evcal_evdata_row evcal_event_details'>\n\t\t<div class=\"event_excerpt\" style=\"display:none\"><h3 class=\"padb5 evo_h3\">Dettagli dell&#039;evento<\/h3><p>ROSADIRA BIKE DAYS\n10. \u2013 14.06.2026\n5 giorni di Enrosadira su 2 ruote!\nVivi giornate indimenticabili all&#8217;insegna dell&#8217;avventura, dell&#8217;azione e della natura pura nello scenario mozzafiato delle Dolomiti, patrimonio mondiale dell&#8217;UNESCO.\nChe<\/p><\/div><span class='evcal_evdata_icons'><i class='fa fa-align-justify'><\/i><\/span>\n\t\t\n\t\t<div class='evcal_evdata_cell shorter_desc'>\n\t\t\t<div class='eventon_full_description'>\n\t\t\t\t<h3 class='padb5 evo_h3'><span class='evcal_evdata_icons'><i class='fa fa-align-justify'><\/i><\/span>Dettagli dell&#039;evento<\/h3>\n\t\t\t\t<div class='eventon_desc_in' itemprop='description'>\n\t\t\t\t<p>ROSADIRA BIKE DAYS<br \/>\n10. \u2013 14.06.2026<\/p>\n<p>5 giorni di Enrosadira su 2 ruote!<br \/>\nVivi giornate indimenticabili all&#8217;insegna dell&#8217;avventura, dell&#8217;azione e della natura pura nello scenario mozzafiato delle Dolomiti, patrimonio mondiale dell&#8217;UNESCO.<\/p>\n<p>Che tu voglia migliorare la tua tecnica di guida, scoprire nuovi percorsi o semplicemente goderti appieno la natura su due ruote, il programma dei Rosadira Bike Days ne ha per tutti i gusti! Il programma \u00e8 completato da specialit\u00e0 culinarie e da un&#8217;accogliente riunione.<\/p>\n<p>Unisciti a noi e sperimenta il divertimento in bicicletta nella sua forma pi\u00f9 pura: dal flow sui sentieri ai rilassanti tour panoramici delle Dolomiti!<\/p>\n<p><strong>Cosa ti aspetta?<\/strong><\/p>\n<ul>\n<li>Tour guidati in mountain bike: esplora i migliori sentieri delle Dolomiti con guide esperte. Da percorsi rilassati a percorsi MTB impegnativi: ce n&#8217;\u00e8 per tutti i livelli.<\/li>\n<li>Workshop di tecnica: Migliora la tua tecnica di guida e impara dai professionisti come affrontare i sentieri in modo ancora pi\u00f9 sicuro e fluido.<\/li>\n<li>Test e consigli sulle biciclette: approfitta dell&#8217;opportunit\u00e0 di testare gli ultimi modelli di mountain bike di vari espositori e di ricevere consigli dagli esperti.<\/li>\n<li>Specialit\u00e0 culinarie: Sperimenta la straordinaria cucina altoatesina e goditi le delizie culinarie dopo una faticosa giornata in bicicletta.<\/li>\n<li>Sessioni di relax: chiacchierate con altri biker dopo il tua tour in bici e goditi la musica dal vivo in un accogliente ritrovo.<\/li>\n<li>Un programma molto vario per bambini; le nuove generazioni di ciclisti.<\/li>\n<\/ul>\n<\/div><p class='eventon_shad_p' style='padding:5px 0 0; margin:0'>\n\t\t\t<span class='evcal_btn evo_btn_secondary evobtn_details_show_more' content='less'>\n\t\t\t\t<span class='ev_more_text' data-txt='Meno'>Pi\u00f9<\/span><span class='ev_more_arrow ard'><\/span>\n\t\t\t<\/span>\n\t\t<\/p><div class='clear'><\/div>\n\t\t\t<\/div>\n\t\t<\/div>\n\t<\/div><\/div><\/div><div class='evocard_row'><div id='event_time' class='evocard_box time' data-c='' \n\t\t\t\t\tstyle=''><div class='evo_metarow_time evorow evcal_evdata_row evcal_evrow_sm '>\n\t\t<span class='evcal_evdata_icons'><i class='fa fa-clock'><\/i><\/span>\n\t\t<div class='evcal_evdata_cell'>\t\t\t\t\t\t\t\n\t\t\t<h3 class='evo_h3'><span class='evcal_evdata_icons'><i class='fa fa-clock'><\/i><\/span>Orario<\/h3><p><span class='evo_eventcard_time_t'>10 giugno 2026 08:00 - 14 giugno 2026 17:00<\/span><span class='evo_tz marr5'>(GMT+02:00)<\/span><\/p>\n\t\t<\/div>\n\t<\/div><\/div><\/div><div class='evocard_row bx2 bx'><div id='event_learnmore' class='evocard_box learnmore' data-c='' \n\t\t\t\t\tstyle=''><div class='evo_metarow_learnM evo_metarow_learnmore evorow'>\n\t\t\t\t\t\t\t<a class='evcal_evdata_row evo_clik_row ' href='https:\/\/eggental.com\/it\/rosadira' target=\"_blank\">\n\t\t\t\t\t\t\t\t<span class='evcal_evdata_icons'><i class='fa fa-link'><\/i><\/span>\n\t\t\t\t\t\t\t\t<h3 class='evo_h3'>Scopri di pi\u00f9<\/h3>\n\t\t\t\t\t\t\t<\/a>\n\t\t\t\t\t\t\t<\/div><\/div><div id='event_addtocal' class='evocard_box addtocal' data-c='' \n\t\t\t\t\tstyle=''><div class='evo_metarow_ICS evorow evcal_evdata_row'>\n\t\t\t<span class='evcal_evdata_icons'><i class='fa fa-calendar-o'><\/i><\/span>\n\t\t\t<div class='evcal_evdata_cell'>\n\t\t\t\t<p><a href='https:\/\/latemarium.com\/it\/export-events\/2800_0\/?nonce=a3263097f9' class='evo_ics_nCal' title='Aggiungi al tuo calendario'>Calendario<\/a><a href='https:\/\/www.google.com\/calendar\/event?action=TEMPLATE&text=Rosadira+Bike+Days&dates=20260610T060000Z%2F20260614T150000Z&ctz=Europe%2FRome&details=Rosadira Bike Days&location=' target='_blank' class='evo_ics_gCal' title='Aggiungi al calendario di Google'>GoogleCal<\/a><\/p>\t\n\t\t\t<\/div>\n\t\t<\/div><\/div><\/div><div class='evo_card_row_end evcal_close' title='Testo del pulsante Chiudi evento'><\/div><\/div><div class='clear end'><\/div><\/div><div id=\"event_2149_0\" class=\"eventon_list_event evo_eventtop scheduled  event clrW no_et event_2149_0\" data-event_id=\"2149\" data-ri=\"0r\" data-time=\"1782134400-1782165540\" data-colr=\"#b8d989\" itemscope itemtype='http:\/\/schema.org\/Event'><div class=\"evo_event_schema\" style=\"display:none\" ><a itemprop='url'  href='https:\/\/latemarium.com\/it\/events\/i-suoni-e-la-vita-della-malga\/'><\/a><meta itemprop='image' content=\"https:\/\/latemarium.com\/wp-content\/uploads\/2023\/06\/suoni-vita-malga.jpg\" \/><meta itemprop='startDate' content=\"2026-6-22T15:20+0:00\" \/><meta itemprop='endDate' content=\"2026-6-22T23:59+0:00\" \/><meta itemprop='eventStatus' content=\"https:\/\/schema.org\/EventScheduled\" \/><meta itemprop='eventAttendanceMode'   itemscope itemtype=\"https:\/\/schema.org\/OfflineEventAttendanceMode\"\/><div style=\"display:none\" itemprop=\"location\" itemscope itemtype=\"http:\/\/schema.org\/Place\"><span itemprop=\"name\">Pampeago<\/span><span itemprop=\"address\" itemscope itemtype=\"http:\/\/schema.org\/PostalAddress\"><item itemprop=\"streetAddress\">Localit\u00e0 Pampeago, 8, 38038 Tesero TN<\/item><\/span><\/div><script type=\"application\/ld+json\">{\"@context\": \"http:\/\/schema.org\",\"@type\": \"Event\",\n\t\t\t\t\"@id\": \"event_2149_0\",\n\t\t\t\t\"eventAttendanceMode\":\"https:\/\/schema.org\/OfflineEventAttendanceMode\",\n\t\t\t\t\"eventStatus\":\"https:\/\/schema.org\/EventScheduled\",\n\t\t\t\t\"name\": \"I suoni e la vita della malga\",\n\t\t\t\t\"url\": \"https:\/\/latemarium.com\/it\/events\/i-suoni-e-la-vita-della-malga\/\",\n\t\t\t\t\"startDate\": \"2026-6-22T15:20+0:00\",\n\t\t\t\t\"endDate\": \"2026-6-22T23:59+0:00\",\n\t\t\t\t\"image\":\"https:\/\/latemarium.com\/wp-content\/uploads\/2023\/06\/suoni-vita-malga.jpg\", \n\t\t\t\t\"description\":\"<p>Ritrovo presso parcheggio seggiovia Tresca (raggiungibile in auto da Pampeago \u2013 SOLO per chi prenota l&#8217;attivit\u00e0).<\/p> <p>Dopo una breve passeggiata fino a Malga Pampeago, bambini e genitori scoprono la vita e i suoni quotidiani che scandiscono la vita dei malgari, fra mucche, vitellini, asinelli e maiali.<\/p> <p>A fine attivit\u00e0 ci sar\u00e0 una piccola merenda che i bambini potranno gustarsi o portarsi a casa.<\/p> <p>Attivit\u00e0 possibile anche con passeggino country.<\/p> <p>Prenotazione obbligatoria.<\/p> <p>Prenotazione obbligatoria. Clicca <a href='https:\/\/www.visitfiemme.it\/it\/eventi\/fiemme-cembra-guest-card\/esperienze\/esperienze-in-estate?re-product-id=211655' target='_blank' rel='noopener'>qui<\/a>\u00a0per prenotare.<\/p> \",\"location\":[{\"@type\":\"Place\",\"name\":\"Pampeago\",\"address\":{\"@type\": \"PostalAddress\",\"streetAddress\":\"Localit\u00e0 Pampeago, 8, 38038 Tesero TN\"}}]}<\/script><\/div>\r\n\t\t\t\t<p class=\"desc_trig_outter\" style=\"\"><a data-gmtrig=\"1\" data-exlk=\"0\" style=\"background-color: #b8d989;\" id=\"evc_17821344002149\" class=\"hasFtIMG event_repeat desc_trig sin_val evcal_list_a\" data-ux_val=\"3\" data-ux_val_mob=\"-\"  ><span class='evoet_c1 evoet_cx '><span class='ev_ftImg' data-img='https:\/\/latemarium.com\/wp-content\/uploads\/2023\/06\/suoni-vita-malga.jpg' data-thumb='https:\/\/latemarium.com\/wp-content\/uploads\/2023\/06\/suoni-vita-malga-300x225.jpg' style='background-image:url(\"https:\/\/latemarium.com\/wp-content\/uploads\/2023\/06\/suoni-vita-malga-300x225.jpg\")' ><\/span><\/span><span class='evoet_c2 evoet_cx '><span class='evoet_dayblock evcal_cblock ' data-bgcolor='#b8d989' data-smon='giugno' data-syr='2026' data-bub=''><span class='evo_start '><em class='date'>22<\/em><em class='month'>giu<\/em><em class='time'>15:20<\/em><\/span><\/span><\/span><span class='evoet_c3 evoet_cx evcal_desc hide_eventtopdata '><span class='evoet_title evcal_desc2 evcal_event_title ' itemprop='name'>I suoni e la vita della malga<\/span><span class='event_location_attrs'  data-location_address=\"Localit\u00e0 Pampeago, 8, 38038 Tesero TN\" data-location_type=\"lonlat\" data-location_name=\"Pampeago\" data-location_url=\"https:\/\/latemarium.com\/it\/event-location\/pampeago\/\" data-location_status=\"true\" data-latlng=\"46.34343697644898,11.540997527961546\"><\/span><span class='evoet_subtitle evo_below_title' ><span class='evcal_event_subtitle ' >Alla scoperta della vita dei malgari<\/span><\/span><span class='evoet_time_expand level_3'><em class='evcal_time evo_tz_time'><i class='fa fa-clock-o'><\/i>15:20<span class='evo_tz marl5'>(GMT+02:00)<\/span><\/em> <\/span><span class='evoet_location level_3'><em class=\"evcal_location\"  data-latlng=\"46.34343697644898,11.540997527961546\" data-add_str=\"Localit\u00e0 Pampeago, 8, 38038 Tesero TN\" data-n=\"Pampeago\"><i class=\"fa fa-location-pin\"><\/i><em class=\"event_location_name\">Pampeago<\/em>, Localit\u00e0 Pampeago, 8, 38038 Tesero TN<\/em><\/span><\/span><span class='evoet_data' data-d=\"{&quot;loc.n&quot;:&quot;Pampeago&quot;,&quot;orgs&quot;:[],&quot;tags&quot;:{&quot;repeating&quot;:&quot;Repeating Event&quot;}}\" data-bgc=\"#b8d989\" data-bggrad=\"\" ><\/span><\/a><\/p><div class='event_description evcal_eventcard ' style=\"display:none\"><div class='evocard_row'><div id='event_ftimage' class='evocard_box ftimage' data-c='' \n\t\t\t\t\tstyle=''><div class='evocard_main_image_hold' data-t='Loading Image..'><div class='evocard_main_image evo_img_triglb evobr15 evobgsc evobgpc evodfx evofx_jc_c evofx_ai_c evofz48 minmized' style='height:300px; background-image:url();' data-f=\"https:\/\/latemarium.com\/wp-content\/uploads\/2023\/06\/suoni-vita-malga.jpg\" data-h=\"796\" data-w=\"1062\" data-ratio=\"0.74952919020716\" data-event_id=\"2149\" data-ri=\"0\"  data-t='Loading Image..'><span style='height:300px; background-image:url(https:\/\/latemarium.com\/wp-content\/uploads\/2023\/06\/suoni-vita-malga.jpg)'><\/span><\/div><\/div><\/div><\/div><div class='evocard_row'><div id='event_eventdetails' class='evocard_box eventdetails' data-c='' \n\t\t\t\t\tstyle=''><div class='evo_metarow_details evorow evcal_evdata_row evcal_event_details'>\n\t\t<div class=\"event_excerpt\" style=\"display:none\"><h3 class=\"padb5 evo_h3\">Dettagli dell&#039;evento<\/h3><p>Ritrovo presso parcheggio seggiovia Tresca (raggiungibile in auto da Pampeago \u2013 SOLO per chi prenota l&#8217;attivit\u00e0).\nDopo una breve passeggiata fino a Malga Pampeago, bambini e genitori scoprono la vita e<\/p><\/div><span class='evcal_evdata_icons'><i class='fa fa-align-justify'><\/i><\/span>\n\t\t\n\t\t<div class='evcal_evdata_cell shorter_desc'>\n\t\t\t<div class='eventon_full_description'>\n\t\t\t\t<h3 class='padb5 evo_h3'><span class='evcal_evdata_icons'><i class='fa fa-align-justify'><\/i><\/span>Dettagli dell&#039;evento<\/h3>\n\t\t\t\t<div class='eventon_desc_in' itemprop='description'>\n\t\t\t\t<p>Ritrovo presso parcheggio seggiovia Tresca (raggiungibile in auto da Pampeago \u2013 SOLO per chi prenota l&#8217;attivit\u00e0).<\/p>\n<p>Dopo una breve passeggiata fino a Malga Pampeago, bambini e genitori scoprono la vita e i suoni quotidiani che scandiscono la vita dei malgari, fra mucche, vitellini, asinelli e maiali.<\/p>\n<p>A fine attivit\u00e0 ci sar\u00e0 una piccola merenda che i bambini potranno gustarsi o portarsi a casa.<\/p>\n<p>Attivit\u00e0 possibile anche con passeggino country.<\/p>\n<p>Prenotazione obbligatoria.<\/p>\n<p>Prenotazione obbligatoria. Clicca <a href=\"https:\/\/www.visitfiemme.it\/it\/eventi\/fiemme-cembra-guest-card\/esperienze\/esperienze-in-estate?re-product-id=211655\" target=\"_blank\" rel=\"noopener\">qui<\/a>\u00a0per prenotare.<\/p>\n<\/div><p class='eventon_shad_p' style='padding:5px 0 0; margin:0'>\n\t\t\t<span class='evcal_btn evo_btn_secondary evobtn_details_show_more' content='less'>\n\t\t\t\t<span class='ev_more_text' data-txt='Meno'>Pi\u00f9<\/span><span class='ev_more_arrow ard'><\/span>\n\t\t\t<\/span>\n\t\t<\/p><div class='clear'><\/div>\n\t\t\t<\/div>\n\t\t<\/div>\n\t<\/div><\/div><\/div><div class='evocard_row bx2 bx'><div id='event_time' class='evocard_box time' data-c='' \n\t\t\t\t\tstyle=''><div class='evo_metarow_time evorow evcal_evdata_row evcal_evrow_sm '>\n\t\t<span class='evcal_evdata_icons'><i class='fa fa-clock'><\/i><\/span>\n\t\t<div class='evcal_evdata_cell'>\t\t\t\t\t\t\t\n\t\t\t<h3 class='evo_h3'><span class='evcal_evdata_icons'><i class='fa fa-clock'><\/i><\/span>Orario<\/h3><p><span class='evo_eventcard_time_t'>22 giugno 2026 15:20<\/span><span class='evo_tz marr5'>(GMT+02:00)<\/span><\/p>\n\t\t<\/div>\n\t<\/div><\/div><div id='event_location' class='evocard_box location' data-c='' \n\t\t\t\t\tstyle=''><div class='evcal_evdata_row evo_metarow_time_location evorow '>\n\t\t\n\t\t\t<span class='evcal_evdata_icons'><i class='fa fa-map-marker'><\/i><\/span>\n\t\t\t<div class='evcal_evdata_cell' data-loc_tax_id='30'><h3 class='evo_h3 evodfx'><span class='evcal_evdata_icons'><i class='fa fa-map-marker'><\/i><\/span>Luogo<\/h3><p class='evo_location_name'>Pampeago<\/p><p class='evo_location_address evodfxi evogap10'>Localit\u00e0 Pampeago, 8, 38038 Tesero TN<\/p><div class='padt10'><span class='evo_btn_arr evolb_trigger' data-lbvals=\"{&quot;lbc&quot;:&quot;evo_location_lb_30&quot;,&quot;lbac&quot;:&quot;lb_max&quot;,&quot;t&quot;:&quot;Pampeago&quot;,&quot;ajax&quot;:&quot;yes&quot;,&quot;ajax_type&quot;:&quot;endpoint&quot;,&quot;ajax_action&quot;:&quot;eventon_get_tax_card_content&quot;,&quot;end&quot;:&quot;client&quot;,&quot;d&quot;:{&quot;lang&quot;:&quot;L1&quot;,&quot;term_id&quot;:30,&quot;tax&quot;:&quot;event_location&quot;,&quot;load_lbcontent&quot;:true},&quot;uid&quot;:&quot;eventon_get_tax_card_content&quot;}\" >Other Events<i class='fa fa-chevron-right'><\/i><\/span><\/div><\/div>\n\t\t\n\t<\/div><\/div><\/div><div class='evocard_row'><div id='event_addtocal' class='evocard_box addtocal' data-c='' \n\t\t\t\t\tstyle=''><div class='evo_metarow_ICS evorow evcal_evdata_row'>\n\t\t\t<span class='evcal_evdata_icons'><i class='fa fa-calendar-o'><\/i><\/span>\n\t\t\t<div class='evcal_evdata_cell'>\n\t\t\t\t<p><a href='https:\/\/latemarium.com\/it\/export-events\/2149_0\/?nonce=a3263097f9' class='evo_ics_nCal' title='Aggiungi al tuo calendario'>Calendario<\/a><a href='https:\/\/www.google.com\/calendar\/event?action=TEMPLATE&text=I+suoni+e+la+vita+della+malga&dates=20260622T132000Z%2F20260622T215900Z&ctz=Europe%2FRome&details=I suoni e la vita della malga&location=Pampeago+Localit%C3%A0+Pampeago%2C+8%2C+38038+Tesero+TN' target='_blank' class='evo_ics_gCal' title='Aggiungi al calendario di Google'>GoogleCal<\/a><\/p>\t\n\t\t\t<\/div>\n\t\t<\/div><\/div><\/div><div class='evocard_row'><div id='event_getdirection' class='evocard_box getdirection' data-c='' \n\t\t\t\t\tstyle=''><div class='evo_metarow_getDr evorow evcal_evdata_row evcal_evrow_sm getdirections'>\n\t\t<form action='https:\/\/maps.google.com\/maps' method='get' target='_blank'>\n\t\t\t<input type='hidden' name='daddr' value=\"46.34343697644898,11.540997527961546\"\/> \n\t\t\t<div class='evo_get_direction_content evo_fx_dr_r evogap10'>\n\t\t\t\t<span class='evogetdir_header evodfx evofx_dr_r evofx_ai_c marr10'>\n\t\t\t\t\t<i class='mainicon fa fa-road'><\/i> \n\t\t\t\t\t<h3 class='evo_h3' style='padding-bottom:5px;'>Ottieni indicazioni stradali<\/h3>\n\t\t\t\t<\/span>\n\t\t\t\t<span class='evogetdir_field evodfx evofx_1_1 evo_fx_dr_c evow100p'>\t\t\t\t\t\n\t\t\t\t\t<input class='evoInput evotac' type='text' name='saddr' placeholder='Digitare l&#039;indirizzo per ottenere le indicazioni stradali' value='' style='margin:10px 0;'\/>\n\t\t\t\t<\/span>\n\t\t\t\t<button type='submit' class='evo_get_direction_button evo_btn_arr_circ dfx fx_ai_c' title='Fare clic qui per ottenere indicazioni'><i class='fa fa-chevron-right'><\/i> <\/button>\n\t\t\t<\/div>\n\t\t<\/form>\n\t<\/div><\/div><\/div><div class='evo_card_row_end evcal_close' title='Testo del pulsante Chiudi evento'><\/div><\/div><div class='clear end'><\/div><\/div><div id=\"event_2484_0\" class=\"eventon_list_event evo_eventtop scheduled  event clrD no_et event_2484_0\" data-event_id=\"2484\" data-ri=\"0r\" data-time=\"1782199800-1782251940\" data-colr=\"#38823b\" itemscope itemtype='http:\/\/schema.org\/Event'><div class=\"evo_event_schema\" style=\"display:none\" ><a itemprop='url'  href='https:\/\/latemarium.com\/it\/events\/respirart-arte-in-quota\/'><\/a><meta itemprop='image' content=\"https:\/\/latemarium.com\/wp-content\/uploads\/2023\/06\/respirart-respiro-arte-natura.jpg\" \/><meta itemprop='startDate' content=\"2026-6-23T09:30+0:00\" \/><meta itemprop='endDate' content=\"2026-6-23T23:59+0:00\" \/><meta itemprop='eventStatus' content=\"https:\/\/schema.org\/EventScheduled\" \/><meta itemprop='eventAttendanceMode'   itemscope itemtype=\"https:\/\/schema.org\/OfflineEventAttendanceMode\"\/><div style=\"display:none\" itemprop=\"location\" itemscope itemtype=\"http:\/\/schema.org\/Place\"><span itemprop=\"name\">Pampeago<\/span><span itemprop=\"address\" itemscope itemtype=\"http:\/\/schema.org\/PostalAddress\"><item itemprop=\"streetAddress\">Localit\u00e0 Pampeago, 8, 38038 Tesero TN<\/item><\/span><\/div><script type=\"application\/ld+json\">{\"@context\": \"http:\/\/schema.org\",\"@type\": \"Event\",\n\t\t\t\t\"@id\": \"event_2484_0\",\n\t\t\t\t\"eventAttendanceMode\":\"https:\/\/schema.org\/OfflineEventAttendanceMode\",\n\t\t\t\t\"eventStatus\":\"https:\/\/schema.org\/EventScheduled\",\n\t\t\t\t\"name\": \"Respirart: arte in quota\",\n\t\t\t\t\"url\": \"https:\/\/latemarium.com\/it\/events\/respirart-arte-in-quota\/\",\n\t\t\t\t\"startDate\": \"2026-6-23T09:30+0:00\",\n\t\t\t\t\"endDate\": \"2026-6-23T23:59+0:00\",\n\t\t\t\t\"image\":\"https:\/\/latemarium.com\/wp-content\/uploads\/2023\/06\/respirart-respiro-arte-natura.jpg\", \n\t\t\t\t\"description\":\"<h2>Arte in quota: alla scoperta di Respirart tra natura e installazioni<\/h2> <p>Si parte alle 9.30, davanti alla Seggiovia-Seminovia Agnello, dove incontrerai la guida artistica che ti consegner\u00e0 i semi e ti accompagner\u00e0 a seminare fiorume dall\u2019alto, per generare fiori e quindi nutrire la terra, le api, le capre e le mucche.<\/p> <p>Poi, la guida ti porter\u00e0 a scoprire le opere d\u2019arte del parco. Lungo il giro ad anello di 3 km scoprirai le ispirazioni degli artisti che hanno creato gesti d\u2019arte al cospetto del Latemar.<\/p> <p>Attivit\u00e0 adatta agli adulti.<\/p> <p>Prenotazione obbligatoria, clicca <a href='https:\/\/www.visitfiemme.it\/it\/eventi\/fiemme-cembra-guest-card\/esperienze\/esperienze-in-estate' target='_blank' rel='noopener'>qui<\/a>.<\/p> \",\"location\":[{\"@type\":\"Place\",\"name\":\"Pampeago\",\"address\":{\"@type\": \"PostalAddress\",\"streetAddress\":\"Localit\u00e0 Pampeago, 8, 38038 Tesero TN\"}}]}<\/script><\/div>\r\n\t\t\t\t<p class=\"desc_trig_outter\" style=\"\"><a data-gmtrig=\"1\" data-exlk=\"0\" style=\"background-color: #38823b;\" id=\"evc_17821998002484\" class=\"hasFtIMG event_repeat desc_trig sin_val evcal_list_a\" data-ux_val=\"3\" data-ux_val_mob=\"-\"  ><span class='evoet_c1 evoet_cx '><span class='ev_ftImg' data-img='https:\/\/latemarium.com\/wp-content\/uploads\/2023\/06\/respirart-respiro-arte-natura.jpg' data-thumb='https:\/\/latemarium.com\/wp-content\/uploads\/2023\/06\/respirart-respiro-arte-natura-300x201.jpg' style='background-image:url(\"https:\/\/latemarium.com\/wp-content\/uploads\/2023\/06\/respirart-respiro-arte-natura-300x201.jpg\")' ><\/span><\/span><span class='evoet_c2 evoet_cx '><span class='evoet_dayblock evcal_cblock ' data-bgcolor='#38823b' data-smon='giugno' data-syr='2026' data-bub=''><span class='evo_start '><em class='date'>23<\/em><em class='month'>giu<\/em><em class='time'>09:30<\/em><\/span><\/span><\/span><span class='evoet_c3 evoet_cx evcal_desc hide_eventtopdata '><span class='evoet_title evcal_desc2 evcal_event_title ' itemprop='name'>Respirart: arte in quota<\/span><span class='event_location_attrs'  data-location_address=\"Localit\u00e0 Pampeago, 8, 38038 Tesero TN\" data-location_type=\"lonlat\" data-location_name=\"Pampeago\" data-location_url=\"https:\/\/latemarium.com\/it\/event-location\/pampeago\/\" data-location_status=\"true\" data-latlng=\"46.34343697644898,11.540997527961546\"><\/span><span class='evoet_subtitle evo_below_title' ><span class='evcal_event_subtitle ' >Alla scoperta del parco d'arte Respirart<\/span><\/span><span class='evoet_time_expand level_3'><em class='evcal_time evo_tz_time'><i class='fa fa-clock-o'><\/i>09:30<span class='evo_tz marl5'>(GMT+02:00)<\/span><\/em> <\/span><span class='evoet_location level_3'><em class=\"evcal_location\"  data-latlng=\"46.34343697644898,11.540997527961546\" data-add_str=\"Localit\u00e0 Pampeago, 8, 38038 Tesero TN\" data-n=\"Pampeago\"><i class=\"fa fa-location-pin\"><\/i><em class=\"event_location_name\">Pampeago<\/em>, Localit\u00e0 Pampeago, 8, 38038 Tesero TN<\/em><\/span><\/span><span class='evoet_data' data-d=\"{&quot;loc.n&quot;:&quot;Pampeago&quot;,&quot;orgs&quot;:[],&quot;tags&quot;:{&quot;repeating&quot;:&quot;Repeating Event&quot;}}\" data-bgc=\"#38823b\" data-bggrad=\"\" ><\/span><\/a><\/p><div class='event_description evcal_eventcard ' style=\"display:none\"><div class='evocard_row'><div id='event_ftimage' class='evocard_box ftimage' data-c='' \n\t\t\t\t\tstyle=''><div class='evocard_main_image_hold' data-t='Loading Image..'><div class='evocard_main_image evo_img_triglb evobr15 evobgsc evobgpc evodfx evofx_jc_c evofx_ai_c evofz48 minmized' style='height:300px; background-image:url();' data-f=\"https:\/\/latemarium.com\/wp-content\/uploads\/2023\/06\/respirart-respiro-arte-natura.jpg\" data-h=\"602\" data-w=\"899\" data-ratio=\"0.66963292547275\" data-event_id=\"2484\" data-ri=\"0\"  data-t='Loading Image..'><span style='height:300px; background-image:url(https:\/\/latemarium.com\/wp-content\/uploads\/2023\/06\/respirart-respiro-arte-natura.jpg)'><\/span><\/div><\/div><\/div><\/div><div class='evocard_row'><div id='event_eventdetails' class='evocard_box eventdetails' data-c='' \n\t\t\t\t\tstyle=''><div class='evo_metarow_details evorow evcal_evdata_row evcal_event_details'>\n\t\t<div class=\"event_excerpt\" style=\"display:none\"><h3 class=\"padb5 evo_h3\">Dettagli dell&#039;evento<\/h3><p>Arte in quota: alla scoperta di Respirart tra natura e installazioni\nSi parte alle 9.30, davanti alla Seggiovia-Seminovia Agnello, dove incontrerai la guida artistica che ti consegner\u00e0 i semi e ti<\/p><\/div><span class='evcal_evdata_icons'><i class='fa fa-align-justify'><\/i><\/span>\n\t\t\n\t\t<div class='evcal_evdata_cell shorter_desc'>\n\t\t\t<div class='eventon_full_description'>\n\t\t\t\t<h3 class='padb5 evo_h3'><span class='evcal_evdata_icons'><i class='fa fa-align-justify'><\/i><\/span>Dettagli dell&#039;evento<\/h3>\n\t\t\t\t<div class='eventon_desc_in' itemprop='description'>\n\t\t\t\t<h2>Arte in quota: alla scoperta di Respirart tra natura e installazioni<\/h2>\n<p>Si parte alle 9.30, davanti alla Seggiovia-Seminovia Agnello, dove incontrerai la guida artistica che ti consegner\u00e0 i semi e ti accompagner\u00e0 a seminare fiorume dall\u2019alto, per generare fiori e quindi nutrire la terra, le api, le capre e le mucche.<\/p>\n<p>Poi, la guida ti porter\u00e0 a scoprire le opere d\u2019arte del parco. Lungo il giro ad anello di 3 km scoprirai le ispirazioni degli artisti che hanno creato gesti d\u2019arte al cospetto del Latemar.<\/p>\n<p>Attivit\u00e0 adatta agli adulti.<\/p>\n<p>Prenotazione obbligatoria, clicca <a href=\"https:\/\/www.visitfiemme.it\/it\/eventi\/fiemme-cembra-guest-card\/esperienze\/esperienze-in-estate\" target=\"_blank\" rel=\"noopener\">qui<\/a>.<\/p>\n<\/div><p class='eventon_shad_p' style='padding:5px 0 0; margin:0'>\n\t\t\t<span class='evcal_btn evo_btn_secondary evobtn_details_show_more' content='less'>\n\t\t\t\t<span class='ev_more_text' data-txt='Meno'>Pi\u00f9<\/span><span class='ev_more_arrow ard'><\/span>\n\t\t\t<\/span>\n\t\t<\/p><div class='clear'><\/div>\n\t\t\t<\/div>\n\t\t<\/div>\n\t<\/div><\/div><\/div><div class='evocard_row bx2 bx'><div id='event_time' class='evocard_box time' data-c='' \n\t\t\t\t\tstyle=''><div class='evo_metarow_time evorow evcal_evdata_row evcal_evrow_sm '>\n\t\t<span class='evcal_evdata_icons'><i class='fa fa-clock'><\/i><\/span>\n\t\t<div class='evcal_evdata_cell'>\t\t\t\t\t\t\t\n\t\t\t<h3 class='evo_h3'><span class='evcal_evdata_icons'><i class='fa fa-clock'><\/i><\/span>Orario<\/h3><p><span class='evo_eventcard_time_t'>23 giugno 2026 09:30<\/span><span class='evo_tz marr5'>(GMT+02:00)<\/span><\/p>\n\t\t<\/div>\n\t<\/div><\/div><div id='event_location' class='evocard_box location' data-c='' \n\t\t\t\t\tstyle=''><div class='evcal_evdata_row evo_metarow_time_location evorow '>\n\t\t\n\t\t\t<span class='evcal_evdata_icons'><i class='fa fa-map-marker'><\/i><\/span>\n\t\t\t<div class='evcal_evdata_cell' data-loc_tax_id='30'><h3 class='evo_h3 evodfx'><span class='evcal_evdata_icons'><i class='fa fa-map-marker'><\/i><\/span>Luogo<\/h3><p class='evo_location_name'>Pampeago<\/p><p class='evo_location_address evodfxi evogap10'>Localit\u00e0 Pampeago, 8, 38038 Tesero TN<\/p><div class='padt10'><span class='evo_btn_arr evolb_trigger' data-lbvals=\"{&quot;lbc&quot;:&quot;evo_location_lb_30&quot;,&quot;lbac&quot;:&quot;lb_max&quot;,&quot;t&quot;:&quot;Pampeago&quot;,&quot;ajax&quot;:&quot;yes&quot;,&quot;ajax_type&quot;:&quot;endpoint&quot;,&quot;ajax_action&quot;:&quot;eventon_get_tax_card_content&quot;,&quot;end&quot;:&quot;client&quot;,&quot;d&quot;:{&quot;lang&quot;:&quot;L1&quot;,&quot;term_id&quot;:30,&quot;tax&quot;:&quot;event_location&quot;,&quot;load_lbcontent&quot;:true},&quot;uid&quot;:&quot;eventon_get_tax_card_content&quot;}\" >Other Events<i class='fa fa-chevron-right'><\/i><\/span><\/div><\/div>\n\t\t\n\t<\/div><\/div><\/div><div class='evocard_row bx2 bx'><div id='event_learnmore' class='evocard_box learnmore' data-c='' \n\t\t\t\t\tstyle=''><div class='evo_metarow_learnM evo_metarow_learnmore evorow'>\n\t\t\t\t\t\t\t<a class='evcal_evdata_row evo_clik_row ' href='http:\/\/www.respirart.com\/' target=\"_blank\">\n\t\t\t\t\t\t\t\t<span class='evcal_evdata_icons'><i class='fa fa-link'><\/i><\/span>\n\t\t\t\t\t\t\t\t<h3 class='evo_h3'>Scopri di pi\u00f9<\/h3>\n\t\t\t\t\t\t\t<\/a>\n\t\t\t\t\t\t\t<\/div><\/div><div id='event_addtocal' class='evocard_box addtocal' data-c='' \n\t\t\t\t\tstyle=''><div class='evo_metarow_ICS evorow evcal_evdata_row'>\n\t\t\t<span class='evcal_evdata_icons'><i class='fa fa-calendar-o'><\/i><\/span>\n\t\t\t<div class='evcal_evdata_cell'>\n\t\t\t\t<p><a href='https:\/\/latemarium.com\/it\/export-events\/2484_0\/?nonce=a3263097f9' class='evo_ics_nCal' title='Aggiungi al tuo calendario'>Calendario<\/a><a href='https:\/\/www.google.com\/calendar\/event?action=TEMPLATE&text=Respirart%3A+arte+in+quota&dates=20260623T073000Z%2F20260623T215900Z&ctz=Europe%2FRome&details=Respirart: arte in quota&location=Pampeago+Localit%C3%A0+Pampeago%2C+8%2C+38038+Tesero+TN' target='_blank' class='evo_ics_gCal' title='Aggiungi al calendario di Google'>GoogleCal<\/a><\/p>\t\n\t\t\t<\/div>\n\t\t<\/div><\/div><\/div><div class='evocard_row'><div id='event_repeats' class='evocard_box repeats' data-c='' \n\t\t\t\t\tstyle=''><div class='evo_metarow_repeats evorow evcal_evdata_row evcal_evrow_sm '>\n\t\t<span class='evcal_evdata_icons'><i class='fa fa-repeat'><\/i><\/span>\n\t\t<div class='evcal_evdata_cell'>\t\t\t\t\t\t\t\n\t\t\t<h3 class='evo_h3'>Orari degli eventi futuri in questa serie di eventi ripetuti<\/h3><div class='evo_elm_HCS evo_repeat_series' style=''><span class='evo_elmHCS_nav HCSnavL evo_repeat_series content_slide_trig'><i class='fa fa-chevron-left'><\/i><\/span><span class='evo_elmHCS_nav HCSnavR evo_repeat_series content_slide_trig'><i class='fa fa-chevron-right'><\/i><\/span><div class='evo_elm_HCS_in'><div class='evo_repeat_series_dates clickable evodfx evofx_dr_r evogap10' data-click='1' data-event_url='https:\/\/latemarium.com\/it\/events\/respirart-arte-in-quota\/'><span class='evo_repeat_series_date evodfx evofx_dr_r evofx_ai_c evogap5 evobr15 evobrdB1 evocl1 evopad15 evottu evofz14 evocurp evo_trans_sc1_03 evoHbgcw' data-ux=\"def\" data-l=\"https:\/\/latemarium.com\/it\/events\/respirart-arte-in-quota\/var\/ri-1.l-L1\" ><span class='evodfx evofx_dr_c evotac evofx_jc_c'><b class='j evofz16'>30<\/b><b class='fy'>giugno <\/b><em class='t evofsn'>09:30 - 23:59<\/em><\/span><\/span><span class='evo_repeat_series_date evodfx evofx_dr_r evofx_ai_c evogap5 evobr15 evobrdB1 evocl1 evopad15 evottu evofz14 evocurp evo_trans_sc1_03 evoHbgcw' data-ux=\"def\" data-l=\"https:\/\/latemarium.com\/it\/events\/respirart-arte-in-quota\/var\/ri-2.l-L1\" ><span class='evodfx evofx_dr_c evotac evofx_jc_c'><b class='j evofz16'>7<\/b><b class='fy'>luglio <\/b><em class='t evofsn'>09:30 - 23:59<\/em><\/span><\/span><span class='evo_repeat_series_date evodfx evofx_dr_r evofx_ai_c evogap5 evobr15 evobrdB1 evocl1 evopad15 evottu evofz14 evocurp evo_trans_sc1_03 evoHbgcw' data-ux=\"def\" data-l=\"https:\/\/latemarium.com\/it\/events\/respirart-arte-in-quota\/var\/ri-3.l-L1\" ><span class='evodfx evofx_dr_c evotac evofx_jc_c'><b class='j evofz16'>14<\/b><b class='fy'>luglio <\/b><em class='t evofsn'>09:30 - 23:59<\/em><\/span><\/span><span class='evo_repeat_series_date evodfx evofx_dr_r evofx_ai_c evogap5 evobr15 evobrdB1 evocl1 evopad15 evottu evofz14 evocurp evo_trans_sc1_03 evoHbgcw' data-ux=\"def\" data-l=\"https:\/\/latemarium.com\/it\/events\/respirart-arte-in-quota\/var\/ri-4.l-L1\" ><span class='evodfx evofx_dr_c evotac evofx_jc_c'><b class='j evofz16'>21<\/b><b class='fy'>luglio <\/b><em class='t evofsn'>09:30 - 23:59<\/em><\/span><\/span><span class='evo_repeat_series_date evodfx evofx_dr_r evofx_ai_c evogap5 evobr15 evobrdB1 evocl1 evopad15 evottu evofz14 evocurp evo_trans_sc1_03 evoHbgcw' data-ux=\"def\" data-l=\"https:\/\/latemarium.com\/it\/events\/respirart-arte-in-quota\/var\/ri-5.l-L1\" ><span class='evodfx evofx_dr_c evotac evofx_jc_c'><b class='j evofz16'>28<\/b><b class='fy'>luglio <\/b><em class='t evofsn'>09:30 - 23:59<\/em><\/span><\/span><span class='evo_repeat_series_date evodfx evofx_dr_r evofx_ai_c evogap5 evobr15 evobrdB1 evocl1 evopad15 evottu evofz14 evocurp evo_trans_sc1_03 evoHbgcw' data-ux=\"def\" data-l=\"https:\/\/latemarium.com\/it\/events\/respirart-arte-in-quota\/var\/ri-6.l-L1\" ><span class='evodfx evofx_dr_c evotac evofx_jc_c'><b class='j evofz16'>4<\/b><b class='fy'>agosto <\/b><em class='t evofsn'>09:30 - 23:59<\/em><\/span><\/span><span class='evo_repeat_series_date evodfx evofx_dr_r evofx_ai_c evogap5 evobr15 evobrdB1 evocl1 evopad15 evottu evofz14 evocurp evo_trans_sc1_03 evoHbgcw' data-ux=\"def\" data-l=\"https:\/\/latemarium.com\/it\/events\/respirart-arte-in-quota\/var\/ri-7.l-L1\" ><span class='evodfx evofx_dr_c evotac evofx_jc_c'><b class='j evofz16'>11<\/b><b class='fy'>agosto <\/b><em class='t evofsn'>09:30 - 23:59<\/em><\/span><\/span><span class='evo_repeat_series_date evodfx evofx_dr_r evofx_ai_c evogap5 evobr15 evobrdB1 evocl1 evopad15 evottu evofz14 evocurp evo_trans_sc1_03 evoHbgcw' data-ux=\"def\" data-l=\"https:\/\/latemarium.com\/it\/events\/respirart-arte-in-quota\/var\/ri-8.l-L1\" ><span class='evodfx evofx_dr_c evotac evofx_jc_c'><b class='j evofz16'>18<\/b><b class='fy'>agosto <\/b><em class='t evofsn'>09:30 - 23:59<\/em><\/span><\/span><span class='evo_repeat_series_date evodfx evofx_dr_r evofx_ai_c evogap5 evobr15 evobrdB1 evocl1 evopad15 evottu evofz14 evocurp evo_trans_sc1_03 evoHbgcw' data-ux=\"def\" data-l=\"https:\/\/latemarium.com\/it\/events\/respirart-arte-in-quota\/var\/ri-9.l-L1\" ><span class='evodfx evofx_dr_c evotac evofx_jc_c'><b class='j evofz16'>25<\/b><b class='fy'>agosto <\/b><em class='t evofsn'>09:30 - 23:59<\/em><\/span><\/span><span class='evo_repeat_series_date evodfx evofx_dr_r evofx_ai_c evogap5 evobr15 evobrdB1 evocl1 evopad15 evottu evofz14 evocurp evo_trans_sc1_03 evoHbgcw' data-ux=\"def\" data-l=\"https:\/\/latemarium.com\/it\/events\/respirart-arte-in-quota\/var\/ri-10.l-L1\" ><span class='evodfx evofx_dr_c evotac evofx_jc_c'><b class='j evofz16'>1<\/b><b class='fy'>settembre <\/b><em class='t evofsn'>09:30 - 23:59<\/em><\/span><\/span><span class='evo_repeat_series_date evodfx evofx_dr_r evofx_ai_c evogap5 evobr15 evobrdB1 evocl1 evopad15 evottu evofz14 evocurp evo_trans_sc1_03 evoHbgcw' data-ux=\"def\" data-l=\"https:\/\/latemarium.com\/it\/events\/respirart-arte-in-quota\/var\/ri-11.l-L1\" ><span class='evodfx evofx_dr_c evotac evofx_jc_c'><b class='j evofz16'>8<\/b><b class='fy'>settembre <\/b><em class='t evofsn'>09:30 - 23:59<\/em><\/span><\/span><\/div><\/div><\/div><\/div><\/div><\/div><\/div><div class='evocard_row'><div id='event_getdirection' class='evocard_box getdirection' data-c='' \n\t\t\t\t\tstyle=''><div class='evo_metarow_getDr evorow evcal_evdata_row evcal_evrow_sm getdirections'>\n\t\t<form action='https:\/\/maps.google.com\/maps' method='get' target='_blank'>\n\t\t\t<input type='hidden' name='daddr' value=\"46.34343697644898,11.540997527961546\"\/> \n\t\t\t<div class='evo_get_direction_content evo_fx_dr_r evogap10'>\n\t\t\t\t<span class='evogetdir_header evodfx evofx_dr_r evofx_ai_c marr10'>\n\t\t\t\t\t<i class='mainicon fa fa-road'><\/i> \n\t\t\t\t\t<h3 class='evo_h3' style='padding-bottom:5px;'>Ottieni indicazioni stradali<\/h3>\n\t\t\t\t<\/span>\n\t\t\t\t<span class='evogetdir_field evodfx evofx_1_1 evo_fx_dr_c evow100p'>\t\t\t\t\t\n\t\t\t\t\t<input class='evoInput evotac' type='text' name='saddr' placeholder='Digitare l&#039;indirizzo per ottenere le indicazioni stradali' value='' style='margin:10px 0;'\/>\n\t\t\t\t<\/span>\n\t\t\t\t<button type='submit' class='evo_get_direction_button evo_btn_arr_circ dfx fx_ai_c' title='Fare clic qui per ottenere indicazioni'><i class='fa fa-chevron-right'><\/i> <\/button>\n\t\t\t<\/div>\n\t\t<\/form>\n\t<\/div><\/div><\/div><div class='evo_card_row_end evcal_close' title='Testo del pulsante Chiudi evento'><\/div><\/div><div class='clear end'><\/div><\/div><div id=\"event_2079_0\" class=\"eventon_list_event evo_eventtop scheduled  event clrW no_et event_2079_0\" data-event_id=\"2079\" data-ri=\"0r\" data-time=\"1782222300-1782251940\" data-colr=\"#facd05\" itemscope itemtype='http:\/\/schema.org\/Event'><div class=\"evo_event_schema\" style=\"display:none\" ><a itemprop='url'  href='https:\/\/latemarium.com\/it\/events\/mindful-latemar\/'><\/a><meta itemprop='image' content=\"https:\/\/latemarium.com\/wp-content\/uploads\/2023\/06\/\u00a9Obereggen_LatemarAG.SpA_Mindful.Latemar_Ph.Guenther.Pichler_06.jpg\" \/><meta itemprop='startDate' content=\"2026-6-23T15:45+0:00\" \/><meta itemprop='endDate' content=\"2026-6-23T23:59+0:00\" \/><meta itemprop='eventStatus' content=\"https:\/\/schema.org\/EventScheduled\" \/><meta itemprop='eventAttendanceMode'   itemscope itemtype=\"https:\/\/schema.org\/OfflineEventAttendanceMode\"\/><div style=\"display:none\" itemprop=\"location\" itemscope itemtype=\"http:\/\/schema.org\/Place\"><span itemprop=\"name\">Stazione a valle Obereggen<\/span><span itemprop=\"address\" itemscope itemtype=\"http:\/\/schema.org\/PostalAddress\"><item itemprop=\"streetAddress\">Via Obereggen, 16, 39050 Nova Ponente BZ<\/item><\/span><\/div><script type=\"application\/ld+json\">{\"@context\": \"http:\/\/schema.org\",\"@type\": \"Event\",\n\t\t\t\t\"@id\": \"event_2079_0\",\n\t\t\t\t\"eventAttendanceMode\":\"https:\/\/schema.org\/OfflineEventAttendanceMode\",\n\t\t\t\t\"eventStatus\":\"https:\/\/schema.org\/EventScheduled\",\n\t\t\t\t\"name\": \"Mindful.Latemar\",\n\t\t\t\t\"url\": \"https:\/\/latemarium.com\/it\/events\/mindful-latemar\/\",\n\t\t\t\t\"startDate\": \"2026-6-23T15:45+0:00\",\n\t\t\t\t\"endDate\": \"2026-6-23T23:59+0:00\",\n\t\t\t\t\"image\":\"https:\/\/latemarium.com\/wp-content\/uploads\/2023\/06\/\u00a9Obereggen_LatemarAG.SpA_Mindful.Latemar_Ph.Guenther.Pichler_06.jpg\", \n\t\t\t\t\"description\":\"<p>Mindful.Latemar si trova a Obereggen lungo il <strong>sentiero circolare sul monte Golfrion<\/strong>, nel cuore delle Dolomiti a 1872 metri di altitudine.<\/p> <p>Il percorso prevede <strong>18 esercizi di Mindfulness<\/strong> in un luogo speciale che vuole rappresentare un esempio di rinascita e resilienza dopo che \u00e8 stato colpito dalla tempesta Vaia nel novembre 2018.<\/p> <h3 class='wysiwyg__subline'>Il Dott. Bernagozzi ti accompagna ogni marted\u00ec:<\/h3> <div class='wysiwyg__description'> <p>dalle ore 13.30 alle ore 15.30 (in tedesco)<br \/> dalle ore 15.45 alle ore 17.45 (in italiano)<\/p> <\/div> <ul> <li>Punto di ritrovo: stazione a valle cabinovia &#8220;Obereggen-Ochsenweide&#8221;<\/li> <li>Prezzo: 30,00 \u20ac a persona inclusa l&#8217;andata e il ritorno con la\u00a0cabinovia<\/li> <li>Prenotazione online al seguente link:\u00a0<u><strong><a href='https:\/\/eggental.com\/it\/ajax-events#11946' target='_blank' rel='noopener'>Val d&#8217;Ega Turismo<\/a><\/strong><\/u>\u00a0(max. 10 persone)<\/li> <\/ul> \",\"location\":[{\"@type\":\"Place\",\"name\":\"Stazione a valle Obereggen\",\"address\":{\"@type\": \"PostalAddress\",\"streetAddress\":\"Via Obereggen, 16, 39050 Nova Ponente BZ\"}}]}<\/script><\/div>\r\n\t\t\t\t<p class=\"desc_trig_outter\" style=\"\"><a data-gmtrig=\"1\" data-exlk=\"0\" style=\"background-color: #facd05;\" id=\"evc_17822223002079\" class=\"hasFtIMG event_repeat desc_trig sin_val evcal_list_a\" data-ux_val=\"3\" data-ux_val_mob=\"-\"  ><span class='evoet_c1 evoet_cx '><span class='ev_ftImg' data-img='https:\/\/latemarium.com\/wp-content\/uploads\/2023\/06\/\u00a9Obereggen_LatemarAG.SpA_Mindful.Latemar_Ph.Guenther.Pichler_06.jpg' data-thumb='https:\/\/latemarium.com\/wp-content\/uploads\/2023\/06\/\u00a9Obereggen_LatemarAG.SpA_Mindful.Latemar_Ph.Guenther.Pichler_06-300x169.jpg' style='background-image:url(\"https:\/\/latemarium.com\/wp-content\/uploads\/2023\/06\/\u00a9Obereggen_LatemarAG.SpA_Mindful.Latemar_Ph.Guenther.Pichler_06-300x169.jpg\")' ><\/span><\/span><span class='evoet_c2 evoet_cx '><span class='evoet_dayblock evcal_cblock ' data-bgcolor='#facd05' data-smon='giugno' data-syr='2026' data-bub=''><span class='evo_start '><em class='date'>23<\/em><em class='month'>giu<\/em><em class='time'>15:45<\/em><\/span><\/span><\/span><span class='evoet_c3 evoet_cx evcal_desc hide_eventtopdata '><span class='evoet_title evcal_desc2 evcal_event_title ' itemprop='name'>Mindful.Latemar<\/span><span class='event_location_attrs'  data-location_address=\"Via Obereggen, 16, 39050 Nova Ponente BZ\" data-location_type=\"lonlat\" data-location_name=\"Stazione a valle Obereggen\" data-location_url=\"https:\/\/latemarium.com\/it\/event-location\/stazione-a-valle-obereggen\/\" data-location_status=\"true\" data-latlng=\"46.3835808246333,11.52667595881786\"><\/span><span class='evoet_subtitle evo_below_title' ><span class='evcal_event_subtitle ' >Passeggiata Mindfulness con Psicologo del Benessere e Istruttore di Mindfulness Dott. Thomas Bernagozzi. <\/span><\/span><span class='evoet_time_expand level_3'><em class='evcal_time evo_tz_time'><i class='fa fa-clock-o'><\/i>15:45<span class='evo_tz marl5'>(GMT+02:00)<\/span><\/em> <\/span><span class='evoet_location level_3'><em class=\"evcal_location\"  data-latlng=\"46.3835808246333,11.52667595881786\" data-add_str=\"Via Obereggen, 16, 39050 Nova Ponente BZ\" data-n=\"Stazione a valle Obereggen\"><i class=\"fa fa-location-pin\"><\/i><em class=\"event_location_name\">Stazione a valle Obereggen<\/em>, Via Obereggen, 16, 39050 Nova Ponente BZ<\/em><\/span><\/span><span class='evoet_data' data-d=\"{&quot;loc.n&quot;:&quot;Stazione a valle Obereggen&quot;,&quot;orgs&quot;:[],&quot;tags&quot;:{&quot;repeating&quot;:&quot;Repeating Event&quot;}}\" data-bgc=\"#facd05\" data-bggrad=\"\" ><\/span><\/a><\/p><div class='event_description evcal_eventcard ' style=\"display:none\"><div class='evocard_row'><div id='event_ftimage' class='evocard_box ftimage' data-c='' \n\t\t\t\t\tstyle=''><div class='evocard_main_image_hold' data-t='Loading Image..'><div class='evocard_main_image evo_img_triglb evobr15 evobgsc evobgpc evodfx evofx_jc_c evofx_ai_c evofz48 minmized' style='height:300px; background-image:url();' data-f=\"https:\/\/latemarium.com\/wp-content\/uploads\/2023\/06\/\u00a9Obereggen_LatemarAG.SpA_Mindful.Latemar_Ph.Guenther.Pichler_06.jpg\" data-h=\"812\" data-w=\"1445\" data-ratio=\"0.56193771626298\" data-event_id=\"2079\" data-ri=\"0\"  data-t='Loading Image..'><span style='height:300px; background-image:url(https:\/\/latemarium.com\/wp-content\/uploads\/2023\/06\/\u00a9Obereggen_LatemarAG.SpA_Mindful.Latemar_Ph.Guenther.Pichler_06.jpg)'><\/span><\/div><\/div><\/div><\/div><div class='evocard_row'><div id='event_eventdetails' class='evocard_box eventdetails' data-c='' \n\t\t\t\t\tstyle=''><div class='evo_metarow_details evorow evcal_evdata_row evcal_event_details'>\n\t\t<div class=\"event_excerpt\" style=\"display:none\"><h3 class=\"padb5 evo_h3\">Dettagli dell&#039;evento<\/h3><p>Mindful.Latemar si trova a Obereggen lungo il sentiero circolare sul monte Golfrion, nel cuore delle Dolomiti a 1872 metri di altitudine.\nIl percorso prevede 18 esercizi di Mindfulness in un luogo<\/p><\/div><span class='evcal_evdata_icons'><i class='fa fa-align-justify'><\/i><\/span>\n\t\t\n\t\t<div class='evcal_evdata_cell shorter_desc'>\n\t\t\t<div class='eventon_full_description'>\n\t\t\t\t<h3 class='padb5 evo_h3'><span class='evcal_evdata_icons'><i class='fa fa-align-justify'><\/i><\/span>Dettagli dell&#039;evento<\/h3>\n\t\t\t\t<div class='eventon_desc_in' itemprop='description'>\n\t\t\t\t<p>Mindful.Latemar si trova a Obereggen lungo il <strong>sentiero circolare sul monte Golfrion<\/strong>, nel cuore delle Dolomiti a 1872 metri di altitudine.<\/p>\n<p>Il percorso prevede <strong>18 esercizi di Mindfulness<\/strong> in un luogo speciale che vuole rappresentare un esempio di rinascita e resilienza dopo che \u00e8 stato colpito dalla tempesta Vaia nel novembre 2018.<\/p>\n<h3 class=\"wysiwyg__subline\">Il Dott. Bernagozzi ti accompagna ogni marted\u00ec:<\/h3>\n<div class=\"wysiwyg__description\">\n<p>dalle ore 13.30 alle ore 15.30 (in tedesco)<br \/>\ndalle ore 15.45 alle ore 17.45 (in italiano)<\/p>\n<\/div>\n<ul>\n<li>Punto di ritrovo: stazione a valle cabinovia &#8220;Obereggen-Ochsenweide&#8221;<\/li>\n<li>Prezzo: 30,00 \u20ac a persona inclusa l&#8217;andata e il ritorno con la\u00a0cabinovia<\/li>\n<li>Prenotazione online al seguente link:\u00a0<u><strong><a href=\"https:\/\/eggental.com\/it\/ajax-events#11946\" target=\"_blank\" rel=\"noopener\">Val d&#8217;Ega Turismo<\/a><\/strong><\/u>\u00a0(max. 10 persone)<\/li>\n<\/ul>\n<\/div><p class='eventon_shad_p' style='padding:5px 0 0; margin:0'>\n\t\t\t<span class='evcal_btn evo_btn_secondary evobtn_details_show_more' content='less'>\n\t\t\t\t<span class='ev_more_text' data-txt='Meno'>Pi\u00f9<\/span><span class='ev_more_arrow ard'><\/span>\n\t\t\t<\/span>\n\t\t<\/p><div class='clear'><\/div>\n\t\t\t<\/div>\n\t\t<\/div>\n\t<\/div><\/div><\/div><div class='evocard_row bx2 bx'><div id='event_time' class='evocard_box time' data-c='' \n\t\t\t\t\tstyle=''><div class='evo_metarow_time evorow evcal_evdata_row evcal_evrow_sm '>\n\t\t<span class='evcal_evdata_icons'><i class='fa fa-clock'><\/i><\/span>\n\t\t<div class='evcal_evdata_cell'>\t\t\t\t\t\t\t\n\t\t\t<h3 class='evo_h3'><span class='evcal_evdata_icons'><i class='fa fa-clock'><\/i><\/span>Orario<\/h3><p><span class='evo_eventcard_time_t'>23 giugno 2026 15:45<\/span><span class='evo_tz marr5'>(GMT+02:00)<\/span><\/p>\n\t\t<\/div>\n\t<\/div><\/div><div id='event_location' class='evocard_box location' data-c='' \n\t\t\t\t\tstyle=''><div class='evcal_evdata_row evo_metarow_time_location evorow '>\n\t\t\n\t\t\t<span class='evcal_evdata_icons'><i class='fa fa-map-marker'><\/i><\/span>\n\t\t\t<div class='evcal_evdata_cell' data-loc_tax_id='22'><h3 class='evo_h3 evodfx'><span class='evcal_evdata_icons'><i class='fa fa-map-marker'><\/i><\/span>Luogo<\/h3><p class='evo_location_name'>Stazione a valle Obereggen<\/p><p class='evo_location_address evodfxi evogap10'>Via Obereggen, 16, 39050 Nova Ponente BZ<\/p><div class='padt10'><span class='evo_btn_arr evolb_trigger' data-lbvals=\"{&quot;lbc&quot;:&quot;evo_location_lb_22&quot;,&quot;lbac&quot;:&quot;lb_max&quot;,&quot;t&quot;:&quot;Stazione a valle Obereggen&quot;,&quot;ajax&quot;:&quot;yes&quot;,&quot;ajax_type&quot;:&quot;endpoint&quot;,&quot;ajax_action&quot;:&quot;eventon_get_tax_card_content&quot;,&quot;end&quot;:&quot;client&quot;,&quot;d&quot;:{&quot;lang&quot;:&quot;L1&quot;,&quot;term_id&quot;:22,&quot;tax&quot;:&quot;event_location&quot;,&quot;load_lbcontent&quot;:true},&quot;uid&quot;:&quot;eventon_get_tax_card_content&quot;}\" >Other Events<i class='fa fa-chevron-right'><\/i><\/span><\/div><\/div>\n\t\t\n\t<\/div><\/div><\/div><div class='evocard_row bx2 bx'><div id='event_learnmore' class='evocard_box learnmore' data-c='' \n\t\t\t\t\tstyle=''><div class='evo_metarow_learnM evo_metarow_learnmore evorow'>\n\t\t\t\t\t\t\t<a class='evcal_evdata_row evo_clik_row ' href='https:\/\/obereggen.com\/it\/mindfullatemar' target=\"_blank\">\n\t\t\t\t\t\t\t\t<span class='evcal_evdata_icons'><i class='fa fa-link'><\/i><\/span>\n\t\t\t\t\t\t\t\t<h3 class='evo_h3'>Scopri di pi\u00f9<\/h3>\n\t\t\t\t\t\t\t<\/a>\n\t\t\t\t\t\t\t<\/div><\/div><div id='event_addtocal' class='evocard_box addtocal' data-c='' \n\t\t\t\t\tstyle=''><div class='evo_metarow_ICS evorow evcal_evdata_row'>\n\t\t\t<span class='evcal_evdata_icons'><i class='fa fa-calendar-o'><\/i><\/span>\n\t\t\t<div class='evcal_evdata_cell'>\n\t\t\t\t<p><a href='https:\/\/latemarium.com\/it\/export-events\/2079_0\/?nonce=a3263097f9' class='evo_ics_nCal' title='Aggiungi al tuo calendario'>Calendario<\/a><a href='https:\/\/www.google.com\/calendar\/event?action=TEMPLATE&text=Mindful.Latemar&dates=20260623T134500Z%2F20260623T215900Z&ctz=Europe%2FRome&details=Mindful.Latemar&location=Stazione+a+valle+Obereggen+Via+Obereggen%2C+16%2C+39050+Nova+Ponente+BZ' target='_blank' class='evo_ics_gCal' title='Aggiungi al calendario di Google'>GoogleCal<\/a><\/p>\t\n\t\t\t<\/div>\n\t\t<\/div><\/div><\/div><div class='evocard_row'><div id='event_getdirection' class='evocard_box getdirection' data-c='' \n\t\t\t\t\tstyle=''><div class='evo_metarow_getDr evorow evcal_evdata_row evcal_evrow_sm getdirections'>\n\t\t<form action='https:\/\/maps.google.com\/maps' method='get' target='_blank'>\n\t\t\t<input type='hidden' name='daddr' value=\"46.3835808246333,11.52667595881786\"\/> \n\t\t\t<div class='evo_get_direction_content evo_fx_dr_r evogap10'>\n\t\t\t\t<span class='evogetdir_header evodfx evofx_dr_r evofx_ai_c marr10'>\n\t\t\t\t\t<i class='mainicon fa fa-road'><\/i> \n\t\t\t\t\t<h3 class='evo_h3' style='padding-bottom:5px;'>Ottieni indicazioni stradali<\/h3>\n\t\t\t\t<\/span>\n\t\t\t\t<span class='evogetdir_field evodfx evofx_1_1 evo_fx_dr_c evow100p'>\t\t\t\t\t\n\t\t\t\t\t<input class='evoInput evotac' type='text' name='saddr' placeholder='Digitare l&#039;indirizzo per ottenere le indicazioni stradali' value='' style='margin:10px 0;'\/>\n\t\t\t\t<\/span>\n\t\t\t\t<button type='submit' class='evo_get_direction_button evo_btn_arr_circ dfx fx_ai_c' title='Fare clic qui per ottenere indicazioni'><i class='fa fa-chevron-right'><\/i> <\/button>\n\t\t\t<\/div>\n\t\t<\/form>\n\t<\/div><\/div><\/div><div class='evo_card_row_end evcal_close' title='Testo del pulsante Chiudi evento'><\/div><\/div><div class='clear end'><\/div><\/div><div id=\"event_2933_0\" class=\"eventon_list_event evo_eventtop scheduled  event clrD event_2933_0\" data-event_id=\"2933\" data-ri=\"0r\" data-time=\"1782302400-1782311400\" data-colr=\"#38823b\" itemscope itemtype='http:\/\/schema.org\/Event'><div class=\"evo_event_schema\" style=\"display:none\" ><a itemprop='url'  href='https:\/\/latemarium.com\/it\/events\/in-cammino-con-i-pony\/'><\/a><meta itemprop='image' content=\"https:\/\/latemarium.com\/wp-content\/uploads\/2026\/04\/pony.jpg\" \/><meta itemprop='startDate' content=\"2026-6-24T14:00+0:00\" \/><meta itemprop='endDate' content=\"2026-6-24T16:30+0:00\" \/><meta itemprop='eventStatus' content=\"https:\/\/schema.org\/EventScheduled\" \/><meta itemprop='eventAttendanceMode'   itemscope itemtype=\"https:\/\/schema.org\/OfflineEventAttendanceMode\"\/><div style=\"display:none\" itemprop=\"location\" itemscope itemtype=\"http:\/\/schema.org\/Place\"><span itemprop=\"name\">Pampeago<\/span><span itemprop=\"address\" itemscope itemtype=\"http:\/\/schema.org\/PostalAddress\"><item itemprop=\"streetAddress\">Localit\u00e0 Pampeago, 8, 38038 Tesero TN<\/item><\/span><\/div><script type=\"application\/ld+json\">{\"@context\": \"http:\/\/schema.org\",\"@type\": \"Event\",\n\t\t\t\t\"@id\": \"event_2933_0\",\n\t\t\t\t\"eventAttendanceMode\":\"https:\/\/schema.org\/OfflineEventAttendanceMode\",\n\t\t\t\t\"eventStatus\":\"https:\/\/schema.org\/EventScheduled\",\n\t\t\t\t\"name\": \"In cammino con i pony\",\n\t\t\t\t\"url\": \"https:\/\/latemarium.com\/it\/events\/in-cammino-con-i-pony\/\",\n\t\t\t\t\"startDate\": \"2026-6-24T14:00+0:00\",\n\t\t\t\t\"endDate\": \"2026-6-24T16:30+0:00\",\n\t\t\t\t\"image\":\"https:\/\/latemarium.com\/wp-content\/uploads\/2026\/04\/pony.jpg\", \n\t\t\t\t\"description\":\"<p>Una piacevole passeggiata alla scoperta dei paesaggi di Pampeago, accompagnati da simpatici pony che guideranno bambini e famiglie lungo il percorso in totale sicurezza.<\/p> <p>Un\u2019esperienza rilassante e divertente, perfetta per vivere la montagna a ritmo lento e creare un contatto speciale con questi dolci animali.<\/p> <p><strong>INFO UTILI:<\/strong><br \/> Quando &#8211; Tutti i mercoled\u00ec dal 24\/06 al 09\/09<br \/> Orario &#8211; dalle 14.00 alle 16.30 (in base alle disponibilit\u00e0)<br \/> Ritrovo &#8211;\u00a0 parcheggio seggiovia Tresca (accesso consentito SOLO a chi prenota l\u2019attivit\u00e0)<\/p> <p>Attivit\u00e0 adatta a famiglie e bambini<\/p> <p>Prenotazione obbligatoria, clicca <a href='https:\/\/www.visitfiemme.it\/it\/eventi\/fiemme-cembra-guest-card\/esperienze\/esperienze-in-estate' target='_blank' rel='noopener'>QUI<\/a> per prenotare<\/p> \",\"location\":[{\"@type\":\"Place\",\"name\":\"Pampeago\",\"address\":{\"@type\": \"PostalAddress\",\"streetAddress\":\"Localit\u00e0 Pampeago, 8, 38038 Tesero TN\"}}]}<\/script><\/div>\r\n\t\t\t\t<p class=\"desc_trig_outter\" style=\"\"><a data-gmap_status=\"null\" data-exlk=\"0\" style=\"background-color: #38823b;\" id=\"evc_17823024002933\" class=\"hasFtIMG event_repeat desc_trig sin_val evcal_list_a\" data-ux_val=\"3\" data-ux_val_mob=\"-\"  ><span class='evoet_c1 evoet_cx '><span class='ev_ftImg' data-img='https:\/\/latemarium.com\/wp-content\/uploads\/2026\/04\/pony.jpg' data-thumb='https:\/\/latemarium.com\/wp-content\/uploads\/2026\/04\/pony-300x110.jpg' style='background-image:url(\"https:\/\/latemarium.com\/wp-content\/uploads\/2026\/04\/pony-300x110.jpg\")' ><\/span><\/span><span class='evoet_c2 evoet_cx '><span class='evoet_dayblock evcal_cblock ' data-bgcolor='#38823b' data-smon='giugno' data-syr='2026' data-bub=''><span class='evo_start '><em class='date'>24<\/em><em class='month'>giu<\/em><em class='time'>14:00<\/em><\/span><span class='evo_end only_time'><em class='time'>16:30<\/em><\/span><\/span><\/span><span class='evoet_c3 evoet_cx evcal_desc hide_eventtopdata '><span class='evoet_title evcal_desc2 evcal_event_title ' itemprop='name'>In cammino con i pony<\/span><span class='event_location_attrs'  data-location_address=\"Localit\u00e0 Pampeago, 8, 38038 Tesero TN\" data-location_type=\"lonlat\" data-location_name=\"Pampeago\" data-location_url=\"https:\/\/latemarium.com\/it\/event-location\/pampeago\/\" data-location_status=\"true\" data-latlng=\"46.34343697644898,11.540997527961546\"><\/span><span class='evoet_subtitle evo_below_title' ><span class='evcal_event_subtitle ' >passeggiata per famiglie<\/span><\/span><span class='evoet_time_expand level_3'><em class='evcal_time evo_tz_time'><i class='fa fa-clock-o'><\/i>14:00 - 16:30<span class='evo_tz marl5'>(GMT+02:00)<\/span><\/em> <\/span><span class='evoet_location level_3'><em class=\"evcal_location\"  data-latlng=\"46.34343697644898,11.540997527961546\" data-add_str=\"Localit\u00e0 Pampeago, 8, 38038 Tesero TN\" data-n=\"Pampeago\"><i class=\"fa fa-location-pin\"><\/i><em class=\"event_location_name\">Pampeago<\/em>, Localit\u00e0 Pampeago, 8, 38038 Tesero TN<\/em><\/span><\/span><span class='evoet_data' data-d=\"{&quot;loc.n&quot;:&quot;Pampeago&quot;,&quot;orgs&quot;:[],&quot;tags&quot;:{&quot;repeating&quot;:&quot;Repeating Event&quot;}}\" data-bgc=\"#38823b\" data-bggrad=\"\" ><\/span><\/a><\/p><div class='event_description evcal_eventcard ' style=\"display:none\"><div class='evocard_row'><div id='event_ftimage' class='evocard_box ftimage' data-c='' \n\t\t\t\t\tstyle=''><div class='evocard_main_image_hold' data-t='Loading Image..'><div class='evocard_main_image evo_img_triglb evobr15 evobgsc evobgpc evodfx evofx_jc_c evofx_ai_c evofz48 minmized' style='height:300px; background-image:url();' data-f=\"https:\/\/latemarium.com\/wp-content\/uploads\/2026\/04\/pony.jpg\" data-h=\"368\" data-w=\"1000\" data-ratio=\"0.368\" data-event_id=\"2933\" data-ri=\"0\"  data-t='Loading Image..'><span style='height:300px; background-image:url(https:\/\/latemarium.com\/wp-content\/uploads\/2026\/04\/pony.jpg)'><\/span><\/div><\/div><\/div><\/div><div class='evocard_row'><div id='event_eventdetails' class='evocard_box eventdetails' data-c='' \n\t\t\t\t\tstyle=''><div class='evo_metarow_details evorow evcal_evdata_row evcal_event_details'>\n\t\t<div class=\"event_excerpt\" style=\"display:none\"><h3 class=\"padb5 evo_h3\">Dettagli dell&#039;evento<\/h3><p>Una piacevole passeggiata alla scoperta dei paesaggi di Pampeago, accompagnati da simpatici pony che guideranno bambini e famiglie lungo il percorso in totale sicurezza.\nUn\u2019esperienza rilassante e divertente, perfetta per vivere<\/p><\/div><span class='evcal_evdata_icons'><i class='fa fa-align-justify'><\/i><\/span>\n\t\t\n\t\t<div class='evcal_evdata_cell shorter_desc'>\n\t\t\t<div class='eventon_full_description'>\n\t\t\t\t<h3 class='padb5 evo_h3'><span class='evcal_evdata_icons'><i class='fa fa-align-justify'><\/i><\/span>Dettagli dell&#039;evento<\/h3>\n\t\t\t\t<div class='eventon_desc_in' itemprop='description'>\n\t\t\t\t<p>Una piacevole passeggiata alla scoperta dei paesaggi di Pampeago, accompagnati da simpatici pony che guideranno bambini e famiglie lungo il percorso in totale sicurezza.<\/p>\n<p>Un\u2019esperienza rilassante e divertente, perfetta per vivere la montagna a ritmo lento e creare un contatto speciale con questi dolci animali.<\/p>\n<p><strong>INFO UTILI:<\/strong><br \/>\nQuando &#8211; Tutti i mercoled\u00ec dal 24\/06 al 09\/09<br \/>\nOrario &#8211; dalle 14.00 alle 16.30 (in base alle disponibilit\u00e0)<br \/>\nRitrovo &#8211;\u00a0 parcheggio seggiovia Tresca (accesso consentito SOLO a chi prenota l\u2019attivit\u00e0)<\/p>\n<p>Attivit\u00e0 adatta a famiglie e bambini<\/p>\n<p>Prenotazione obbligatoria, clicca <a href=\"https:\/\/www.visitfiemme.it\/it\/eventi\/fiemme-cembra-guest-card\/esperienze\/esperienze-in-estate\" target=\"_blank\" rel=\"noopener\">QUI<\/a> per prenotare<\/p>\n<\/div><p class='eventon_shad_p' style='padding:5px 0 0; margin:0'>\n\t\t\t<span class='evcal_btn evo_btn_secondary evobtn_details_show_more' content='less'>\n\t\t\t\t<span class='ev_more_text' data-txt='Meno'>Pi\u00f9<\/span><span class='ev_more_arrow ard'><\/span>\n\t\t\t<\/span>\n\t\t<\/p><div class='clear'><\/div>\n\t\t\t<\/div>\n\t\t<\/div>\n\t<\/div><\/div><\/div><div class='evocard_row bx2 bx'><div id='event_time' class='evocard_box time' data-c='' \n\t\t\t\t\tstyle=''><div class='evo_metarow_time evorow evcal_evdata_row evcal_evrow_sm '>\n\t\t<span class='evcal_evdata_icons'><i class='fa fa-clock'><\/i><\/span>\n\t\t<div class='evcal_evdata_cell'>\t\t\t\t\t\t\t\n\t\t\t<h3 class='evo_h3'><span class='evcal_evdata_icons'><i class='fa fa-clock'><\/i><\/span>Orario<\/h3><p><span class='evo_eventcard_time_t'>24 giugno 2026 14:00 - 16:30<\/span><span class='evo_tz marr5'>(GMT+02:00)<\/span><\/p>\n\t\t<\/div>\n\t<\/div><\/div><div id='event_location' class='evocard_box location' data-c='' \n\t\t\t\t\tstyle=''><div class='evcal_evdata_row evo_metarow_time_location evorow '>\n\t\t\n\t\t\t<span class='evcal_evdata_icons'><i class='fa fa-map-marker'><\/i><\/span>\n\t\t\t<div class='evcal_evdata_cell' data-loc_tax_id='30'><h3 class='evo_h3 evodfx'><span class='evcal_evdata_icons'><i class='fa fa-map-marker'><\/i><\/span>Luogo<\/h3><p class='evo_location_name'>Pampeago<\/p><p class='evo_location_address evodfxi evogap10'>Localit\u00e0 Pampeago, 8, 38038 Tesero TN<\/p><div class='padt10'><span class='evo_btn_arr evolb_trigger' data-lbvals=\"{&quot;lbc&quot;:&quot;evo_location_lb_30&quot;,&quot;lbac&quot;:&quot;lb_max&quot;,&quot;t&quot;:&quot;Pampeago&quot;,&quot;ajax&quot;:&quot;yes&quot;,&quot;ajax_type&quot;:&quot;endpoint&quot;,&quot;ajax_action&quot;:&quot;eventon_get_tax_card_content&quot;,&quot;end&quot;:&quot;client&quot;,&quot;d&quot;:{&quot;lang&quot;:&quot;L1&quot;,&quot;term_id&quot;:30,&quot;tax&quot;:&quot;event_location&quot;,&quot;load_lbcontent&quot;:true},&quot;uid&quot;:&quot;eventon_get_tax_card_content&quot;}\" >Other Events<i class='fa fa-chevron-right'><\/i><\/span><\/div><\/div>\n\t\t\n\t<\/div><\/div><\/div><div class='evocard_row'><div id='event_addtocal' class='evocard_box addtocal' data-c='' \n\t\t\t\t\tstyle=''><div class='evo_metarow_ICS evorow evcal_evdata_row'>\n\t\t\t<span class='evcal_evdata_icons'><i class='fa fa-calendar-o'><\/i><\/span>\n\t\t\t<div class='evcal_evdata_cell'>\n\t\t\t\t<p><a href='https:\/\/latemarium.com\/it\/export-events\/2933_0\/?nonce=a3263097f9' class='evo_ics_nCal' title='Aggiungi al tuo calendario'>Calendario<\/a><a href='https:\/\/www.google.com\/calendar\/event?action=TEMPLATE&text=In+cammino+con+i+pony&dates=20260624T120000Z%2F20260624T143000Z&ctz=Europe%2FRome&details=In cammino con i pony&location=Pampeago+Localit%C3%A0+Pampeago%2C+8%2C+38038+Tesero+TN' target='_blank' class='evo_ics_gCal' title='Aggiungi al calendario di Google'>GoogleCal<\/a><\/p>\t\n\t\t\t<\/div>\n\t\t<\/div><\/div><\/div><div class='evocard_row'><div id='event_getdirection' class='evocard_box getdirection' data-c='' \n\t\t\t\t\tstyle=''><div class='evo_metarow_getDr evorow evcal_evdata_row evcal_evrow_sm getdirections'>\n\t\t<form action='https:\/\/maps.google.com\/maps' method='get' target='_blank'>\n\t\t\t<input type='hidden' name='daddr' value=\"46.34343697644898,11.540997527961546\"\/> \n\t\t\t<div class='evo_get_direction_content evo_fx_dr_r evogap10'>\n\t\t\t\t<span class='evogetdir_header evodfx evofx_dr_r evofx_ai_c marr10'>\n\t\t\t\t\t<i class='mainicon fa fa-road'><\/i> \n\t\t\t\t\t<h3 class='evo_h3' style='padding-bottom:5px;'>Ottieni indicazioni stradali<\/h3>\n\t\t\t\t<\/span>\n\t\t\t\t<span class='evogetdir_field evodfx evofx_1_1 evo_fx_dr_c evow100p'>\t\t\t\t\t\n\t\t\t\t\t<input class='evoInput evotac' type='text' name='saddr' placeholder='Digitare l&#039;indirizzo per ottenere le indicazioni stradali' value='' style='margin:10px 0;'\/>\n\t\t\t\t<\/span>\n\t\t\t\t<button type='submit' class='evo_get_direction_button evo_btn_arr_circ dfx fx_ai_c' title='Fare clic qui per ottenere indicazioni'><i class='fa fa-chevron-right'><\/i> <\/button>\n\t\t\t<\/div>\n\t\t<\/form>\n\t<\/div><\/div><\/div><div class='evo_card_row_end evcal_close' title='Testo del pulsante Chiudi evento'><\/div><\/div><div class='clear end'><\/div><\/div><div id=\"event_2196_0\" class=\"eventon_list_event evo_eventtop scheduled  event clrW event_2196_0\" data-event_id=\"2196\" data-ri=\"0r\" data-time=\"1782399600-1782407700\" data-colr=\"#f78234\" itemscope itemtype='http:\/\/schema.org\/Event'><div class=\"evo_event_schema\" style=\"display:none\" ><a itemprop='url'  href='https:\/\/latemarium.com\/it\/events\/pilyoga\/'><\/a><meta itemprop='image' content=\"https:\/\/latemarium.com\/wp-content\/uploads\/2023\/06\/pilyoga.jpg\" \/><meta itemprop='startDate' content=\"2026-6-25T17:00+0:00\" \/><meta itemprop='endDate' content=\"2026-6-25T19:15+0:00\" \/><meta itemprop='eventStatus' content=\"https:\/\/schema.org\/EventScheduled\" \/><meta itemprop='eventAttendanceMode'   itemscope itemtype=\"https:\/\/schema.org\/OfflineEventAttendanceMode\"\/><div style=\"display:none\" itemprop=\"location\" itemscope itemtype=\"http:\/\/schema.org\/Place\"><span itemprop=\"name\">Pampeago<\/span><span itemprop=\"address\" itemscope itemtype=\"http:\/\/schema.org\/PostalAddress\"><item itemprop=\"streetAddress\">Localit\u00e0 Pampeago, 8, 38038 Tesero TN<\/item><\/span><\/div><script type=\"application\/ld+json\">{\"@context\": \"http:\/\/schema.org\",\"@type\": \"Event\",\n\t\t\t\t\"@id\": \"event_2196_0\",\n\t\t\t\t\"eventAttendanceMode\":\"https:\/\/schema.org\/OfflineEventAttendanceMode\",\n\t\t\t\t\"eventStatus\":\"https:\/\/schema.org\/EventScheduled\",\n\t\t\t\t\"name\": \"PilYoga\",\n\t\t\t\t\"url\": \"https:\/\/latemarium.com\/it\/events\/pilyoga\/\",\n\t\t\t\t\"startDate\": \"2026-6-25T17:00+0:00\",\n\t\t\t\t\"endDate\": \"2026-6-25T19:15+0:00\",\n\t\t\t\t\"image\":\"https:\/\/latemarium.com\/wp-content\/uploads\/2023\/06\/pilyoga.jpg\", \n\t\t\t\t\"description\":\"<p><strong>Ogni gioved\u00ec dal 25 giugno al 3 settembre 2026<\/strong><\/p> <p>Ritrovo e partenza alle 17.00 con l&#8217;insegnate Elisa (presso biglietteria impianti)<br \/> Durata: dalle 17.00 alle 19.15, attivit\u00e0 rivolta ai &gt; 14 anni.<\/p> <p>Raggiungerete il luogo della lezione con la seggiovia Agnello e dopo una breve passeggiata vi potrete rilassare e liberare la mente a diretto contatto con la natura. La pratica del PilYoga in quota permette la piena armonia con l\u2019ambiente circostante, lontano da tutti i rumori della vita quotidiana. Appena finirete la lezione, vi attender\u00e0 un piccolo aperitivo allo Chalet Caserina per poi riscendere a piedi con una breve passeggiata.<\/p> <p>Da portare con s\u00e9 un tappetino o stuoia o asciugamano.<br \/> <em>Attivit\u00e0 NON prevista in caso di pioggia.<\/em><\/p> <p>Prenotazione obbligatoria. Clicca <a href='https:\/\/www.visitfiemme.it\/it\/eventi\/fiemme-cembra-guest-card\/esperienze\/esperienze-in-estate' target='_blank' rel='noopener'>qui<\/a>\u00a0per prenotare.<\/p> \",\"location\":[{\"@type\":\"Place\",\"name\":\"Pampeago\",\"address\":{\"@type\": \"PostalAddress\",\"streetAddress\":\"Localit\u00e0 Pampeago, 8, 38038 Tesero TN\"}}]}<\/script><\/div>\r\n\t\t\t\t<p class=\"desc_trig_outter\" style=\"\"><a data-gmtrig=\"1\" data-exlk=\"0\" style=\"background-color: #f78234;\" id=\"evc_17823996002196\" class=\"hasFtIMG event_repeat desc_trig sin_val evcal_list_a\" data-ux_val=\"3\" data-ux_val_mob=\"-\"  ><span class='evoet_c1 evoet_cx '><span class='ev_ftImg' data-img='https:\/\/latemarium.com\/wp-content\/uploads\/2023\/06\/pilyoga.jpg' data-thumb='https:\/\/latemarium.com\/wp-content\/uploads\/2023\/06\/pilyoga-300x169.jpg' style='background-image:url(\"https:\/\/latemarium.com\/wp-content\/uploads\/2023\/06\/pilyoga-300x169.jpg\")' ><\/span><\/span><span class='evoet_c2 evoet_cx '><span class='evoet_dayblock evcal_cblock ' data-bgcolor='#f78234' data-smon='giugno' data-syr='2026' data-bub=''><span class='evo_start '><em class='date'>25<\/em><em class='month'>giu<\/em><em class='time'>17:00<\/em><\/span><span class='evo_end only_time'><em class='time'>19:15<\/em><\/span><\/span><\/span><span class='evoet_c3 evoet_cx evcal_desc hide_eventtopdata '><span class='evoet_title evcal_desc2 evcal_event_title ' itemprop='name'>PilYoga<\/span><span class='event_location_attrs'  data-location_address=\"Localit\u00e0 Pampeago, 8, 38038 Tesero TN\" data-location_type=\"lonlat\" data-location_name=\"Pampeago\" data-location_url=\"https:\/\/latemarium.com\/it\/event-location\/pampeago\/\" data-location_status=\"true\" data-latlng=\"46.34343697644898,11.540997527961546\"><\/span><span class='evoet_subtitle evo_below_title' ><span class='evcal_event_subtitle ' >Pilyoga tra le opere di Respirart<\/span><\/span><span class='evoet_time_expand level_3'><em class='evcal_time evo_tz_time'><i class='fa fa-clock-o'><\/i>17:00 - 19:15<span class='evo_tz marl5'>(GMT+02:00)<\/span><\/em> <\/span><span class='evoet_location level_3'><em class=\"evcal_location\"  data-latlng=\"46.34343697644898,11.540997527961546\" data-add_str=\"Localit\u00e0 Pampeago, 8, 38038 Tesero TN\" data-n=\"Pampeago\"><i class=\"fa fa-location-pin\"><\/i><em class=\"event_location_name\">Pampeago<\/em>, Localit\u00e0 Pampeago, 8, 38038 Tesero TN<\/em><\/span><\/span><span class='evoet_data' data-d=\"{&quot;loc.n&quot;:&quot;Pampeago&quot;,&quot;orgs&quot;:[],&quot;tags&quot;:{&quot;repeating&quot;:&quot;Repeating Event&quot;}}\" data-bgc=\"#f78234\" data-bggrad=\"\" ><\/span><\/a><\/p><div class='event_description evcal_eventcard ' style=\"display:none\"><div class='evocard_row'><div id='event_ftimage' class='evocard_box ftimage' data-c='' \n\t\t\t\t\tstyle=''><div class='evocard_main_image_hold' data-t='Loading Image..'><div class='evocard_main_image evo_img_triglb evobr15 evobgsc evobgpc evodfx evofx_jc_c evofx_ai_c evofz48 minmized' style='height:300px; background-image:url();' data-f=\"https:\/\/latemarium.com\/wp-content\/uploads\/2023\/06\/pilyoga.jpg\" data-h=\"675\" data-w=\"1200\" data-ratio=\"0.5625\" data-event_id=\"2196\" data-ri=\"0\"  data-t='Loading Image..'><span style='height:300px; background-image:url(https:\/\/latemarium.com\/wp-content\/uploads\/2023\/06\/pilyoga.jpg)'><\/span><\/div><\/div><\/div><\/div><div class='evocard_row'><div id='event_eventdetails' class='evocard_box eventdetails' data-c='' \n\t\t\t\t\tstyle=''><div class='evo_metarow_details evorow evcal_evdata_row evcal_event_details'>\n\t\t<div class=\"event_excerpt\" style=\"display:none\"><h3 class=\"padb5 evo_h3\">Dettagli dell&#039;evento<\/h3><p>Ogni gioved\u00ec dal 25 giugno al 3 settembre 2026\nRitrovo e partenza alle 17.00 con l&#8217;insegnate Elisa (presso biglietteria impianti)\nDurata: dalle 17.00 alle 19.15, attivit\u00e0 rivolta ai &gt; 14 anni.\nRaggiungerete<\/p><\/div><span class='evcal_evdata_icons'><i class='fa fa-align-justify'><\/i><\/span>\n\t\t\n\t\t<div class='evcal_evdata_cell shorter_desc'>\n\t\t\t<div class='eventon_full_description'>\n\t\t\t\t<h3 class='padb5 evo_h3'><span class='evcal_evdata_icons'><i class='fa fa-align-justify'><\/i><\/span>Dettagli dell&#039;evento<\/h3>\n\t\t\t\t<div class='eventon_desc_in' itemprop='description'>\n\t\t\t\t<p><strong>Ogni gioved\u00ec dal 25 giugno al 3 settembre 2026<\/strong><\/p>\n<p>Ritrovo e partenza alle 17.00 con l&#8217;insegnate Elisa (presso biglietteria impianti)<br \/>\nDurata: dalle 17.00 alle 19.15, attivit\u00e0 rivolta ai &gt; 14 anni.<\/p>\n<p>Raggiungerete il luogo della lezione con la seggiovia Agnello e dopo una breve passeggiata vi potrete rilassare e liberare la mente a diretto contatto con la natura. La pratica del PilYoga in quota permette la piena armonia con l\u2019ambiente circostante, lontano da tutti i rumori della vita quotidiana. Appena finirete la lezione, vi attender\u00e0 un piccolo aperitivo allo Chalet Caserina per poi riscendere a piedi con una breve passeggiata.<\/p>\n<p>Da portare con s\u00e9 un tappetino o stuoia o asciugamano.<br \/>\n<em>Attivit\u00e0 NON prevista in caso di pioggia.<\/em><\/p>\n<p>Prenotazione obbligatoria. Clicca <a href=\"https:\/\/www.visitfiemme.it\/it\/eventi\/fiemme-cembra-guest-card\/esperienze\/esperienze-in-estate\" target=\"_blank\" rel=\"noopener\">qui<\/a>\u00a0per prenotare.<\/p>\n<\/div><p class='eventon_shad_p' style='padding:5px 0 0; margin:0'>\n\t\t\t<span class='evcal_btn evo_btn_secondary evobtn_details_show_more' content='less'>\n\t\t\t\t<span class='ev_more_text' data-txt='Meno'>Pi\u00f9<\/span><span class='ev_more_arrow ard'><\/span>\n\t\t\t<\/span>\n\t\t<\/p><div class='clear'><\/div>\n\t\t\t<\/div>\n\t\t<\/div>\n\t<\/div><\/div><\/div><div class='evocard_row bx2 bx'><div id='event_time' class='evocard_box time' data-c='' \n\t\t\t\t\tstyle=''><div class='evo_metarow_time evorow evcal_evdata_row evcal_evrow_sm '>\n\t\t<span class='evcal_evdata_icons'><i class='fa fa-clock'><\/i><\/span>\n\t\t<div class='evcal_evdata_cell'>\t\t\t\t\t\t\t\n\t\t\t<h3 class='evo_h3'><span class='evcal_evdata_icons'><i class='fa fa-clock'><\/i><\/span>Orario<\/h3><p><span class='evo_eventcard_time_t'>25 giugno 2026 17:00 - 19:15<\/span><span class='evo_tz marr5'>(GMT+02:00)<\/span><\/p>\n\t\t<\/div>\n\t<\/div><\/div><div id='event_location' class='evocard_box location' data-c='' \n\t\t\t\t\tstyle=''><div class='evcal_evdata_row evo_metarow_time_location evorow '>\n\t\t\n\t\t\t<span class='evcal_evdata_icons'><i class='fa fa-map-marker'><\/i><\/span>\n\t\t\t<div class='evcal_evdata_cell' data-loc_tax_id='30'><h3 class='evo_h3 evodfx'><span class='evcal_evdata_icons'><i class='fa fa-map-marker'><\/i><\/span>Luogo<\/h3><p class='evo_location_name'>Pampeago<\/p><p class='evo_location_address evodfxi evogap10'>Localit\u00e0 Pampeago, 8, 38038 Tesero TN<\/p><div class='padt10'><span class='evo_btn_arr evolb_trigger' data-lbvals=\"{&quot;lbc&quot;:&quot;evo_location_lb_30&quot;,&quot;lbac&quot;:&quot;lb_max&quot;,&quot;t&quot;:&quot;Pampeago&quot;,&quot;ajax&quot;:&quot;yes&quot;,&quot;ajax_type&quot;:&quot;endpoint&quot;,&quot;ajax_action&quot;:&quot;eventon_get_tax_card_content&quot;,&quot;end&quot;:&quot;client&quot;,&quot;d&quot;:{&quot;lang&quot;:&quot;L1&quot;,&quot;term_id&quot;:30,&quot;tax&quot;:&quot;event_location&quot;,&quot;load_lbcontent&quot;:true},&quot;uid&quot;:&quot;eventon_get_tax_card_content&quot;}\" >Other Events<i class='fa fa-chevron-right'><\/i><\/span><\/div><\/div>\n\t\t\n\t<\/div><\/div><\/div><div class='evocard_row'><div id='event_addtocal' class='evocard_box addtocal' data-c='' \n\t\t\t\t\tstyle=''><div class='evo_metarow_ICS evorow evcal_evdata_row'>\n\t\t\t<span class='evcal_evdata_icons'><i class='fa fa-calendar-o'><\/i><\/span>\n\t\t\t<div class='evcal_evdata_cell'>\n\t\t\t\t<p><a href='https:\/\/latemarium.com\/it\/export-events\/2196_0\/?nonce=a3263097f9' class='evo_ics_nCal' title='Aggiungi al tuo calendario'>Calendario<\/a><a href='https:\/\/www.google.com\/calendar\/event?action=TEMPLATE&text=PilYoga&dates=20260625T150000Z%2F20260625T171500Z&ctz=Europe%2FRome&details=PilYoga&location=Pampeago+Localit%C3%A0+Pampeago%2C+8%2C+38038+Tesero+TN' target='_blank' class='evo_ics_gCal' title='Aggiungi al calendario di Google'>GoogleCal<\/a><\/p>\t\n\t\t\t<\/div>\n\t\t<\/div><\/div><\/div><div class='evocard_row'><div id='event_getdirection' class='evocard_box getdirection' data-c='' \n\t\t\t\t\tstyle=''><div class='evo_metarow_getDr evorow evcal_evdata_row evcal_evrow_sm getdirections'>\n\t\t<form action='https:\/\/maps.google.com\/maps' method='get' target='_blank'>\n\t\t\t<input type='hidden' name='daddr' value=\"46.34343697644898,11.540997527961546\"\/> \n\t\t\t<div class='evo_get_direction_content evo_fx_dr_r evogap10'>\n\t\t\t\t<span class='evogetdir_header evodfx evofx_dr_r evofx_ai_c marr10'>\n\t\t\t\t\t<i class='mainicon fa fa-road'><\/i> \n\t\t\t\t\t<h3 class='evo_h3' style='padding-bottom:5px;'>Ottieni indicazioni stradali<\/h3>\n\t\t\t\t<\/span>\n\t\t\t\t<span class='evogetdir_field evodfx evofx_1_1 evo_fx_dr_c evow100p'>\t\t\t\t\t\n\t\t\t\t\t<input class='evoInput evotac' type='text' name='saddr' placeholder='Digitare l&#039;indirizzo per ottenere le indicazioni stradali' value='' style='margin:10px 0;'\/>\n\t\t\t\t<\/span>\n\t\t\t\t<button type='submit' class='evo_get_direction_button evo_btn_arr_circ dfx fx_ai_c' title='Fare clic qui per ottenere indicazioni'><i class='fa fa-chevron-right'><\/i> <\/button>\n\t\t\t<\/div>\n\t\t<\/form>\n\t<\/div><\/div><\/div><div class='evo_card_row_end evcal_close' title='Testo del pulsante Chiudi evento'><\/div><\/div><div class='clear end'><\/div><\/div><div id=\"event_2201_0\" class=\"eventon_list_event evo_eventtop scheduled  event clrD no_et event_2201_0\" data-event_id=\"2201\" data-ri=\"0r\" data-time=\"1782400500-1782424740\" data-colr=\"#ba181d\" itemscope itemtype='http:\/\/schema.org\/Event'><div class=\"evo_event_schema\" style=\"display:none\" ><a itemprop='url'  href='https:\/\/latemarium.com\/it\/events\/e-bike-tour-ai-piedi-del-latemar\/'><\/a><meta itemprop='image' content=\"https:\/\/latemarium.com\/wp-content\/uploads\/2023\/06\/e-bike-tour.jpg\" \/><meta itemprop='startDate' content=\"2026-6-25T17:15+0:00\" \/><meta itemprop='endDate' content=\"2026-6-25T23:59+0:00\" \/><meta itemprop='eventStatus' content=\"https:\/\/schema.org\/EventScheduled\" \/><meta itemprop='eventAttendanceMode'   itemscope itemtype=\"https:\/\/schema.org\/OfflineEventAttendanceMode\"\/><div style=\"display:none\" itemprop=\"location\" itemscope itemtype=\"http:\/\/schema.org\/Place\"><span itemprop=\"name\">Pampeago<\/span><span itemprop=\"address\" itemscope itemtype=\"http:\/\/schema.org\/PostalAddress\"><item itemprop=\"streetAddress\">Localit\u00e0 Pampeago, 8, 38038 Tesero TN<\/item><\/span><\/div><script type=\"application\/ld+json\">{\"@context\": \"http:\/\/schema.org\",\"@type\": \"Event\",\n\t\t\t\t\"@id\": \"event_2201_0\",\n\t\t\t\t\"eventAttendanceMode\":\"https:\/\/schema.org\/OfflineEventAttendanceMode\",\n\t\t\t\t\"eventStatus\":\"https:\/\/schema.org\/EventScheduled\",\n\t\t\t\t\"name\": \"E-Bike Tour ai piedi del Latemar\",\n\t\t\t\t\"url\": \"https:\/\/latemarium.com\/it\/events\/e-bike-tour-ai-piedi-del-latemar\/\",\n\t\t\t\t\"startDate\": \"2026-6-25T17:15+0:00\",\n\t\t\t\t\"endDate\": \"2026-6-25T23:59+0:00\",\n\t\t\t\t\"image\":\"https:\/\/latemarium.com\/wp-content\/uploads\/2023\/06\/e-bike-tour.jpg\", \n\t\t\t\t\"description\":\"<p><strong>Ogni gioved\u00ec dal 25 giugno al 3 settembre 2026<\/strong><\/p> <p>Ritrovo con la guida Andrea alle 17.15 a Pampeago (presso biglietteria impianti)<br \/> Durata:\u00a0dalle 17.15 alle 19.15<br \/> Max 8 persone. +16 anni.<\/p> <p class='p1'><span class='s1'>Per gli appassionati di e-bike, con un livello intermedio, abbiamo pensato ad un tour alla scoperta del Latemar con vista mozzafiato sulle aree circostanti. Sar\u00e0 un itinerario piacevole e grazie alla pedalata assistita potrete affrontare con facilit\u00e0 il dislivello che vi porter\u00e0 in localit\u00e0 Tresca. \u00c8 il momento della giornata perfetto: la montagna si svuota, potrete apprezzare il silenzio della natura e godere dei colori della \u201cgolden hour\u201d. Terminato il giro vi attender\u00e0 un piccolo aperitivo allo Chalet Caserina.<br \/> Potrete noleggiare la e-bike in loco, al negozio Sport Ventura di Pampeago.<br \/> <\/span><\/p> <p class='p1'><em><span class='s1'>Attivit\u00e0 non prevista in caso di pioggia.<\/span><\/em><\/p> <p>Prenotazione obbligatoria. Clicca\u00a0<a href='https:\/\/www.visitfiemme.it\/it\/eventi\/fiemme-cembra-guest-card\/esperienze\/esperienze-in-estate?re-product-id=251796' target='_blank' rel='noopener'>qui<\/a>.<\/p> \",\"location\":[{\"@type\":\"Place\",\"name\":\"Pampeago\",\"address\":{\"@type\": \"PostalAddress\",\"streetAddress\":\"Localit\u00e0 Pampeago, 8, 38038 Tesero TN\"}}]}<\/script><\/div>\r\n\t\t\t\t<p class=\"desc_trig_outter\" style=\"\"><a data-gmtrig=\"1\" data-exlk=\"0\" style=\"background-color: #ba181d;\" id=\"evc_17824005002201\" class=\"hasFtIMG event_repeat desc_trig sin_val evcal_list_a\" data-ux_val=\"3\" data-ux_val_mob=\"-\"  ><span class='evoet_c1 evoet_cx '><span class='ev_ftImg' data-img='https:\/\/latemarium.com\/wp-content\/uploads\/2023\/06\/e-bike-tour.jpg' data-thumb='https:\/\/latemarium.com\/wp-content\/uploads\/2023\/06\/e-bike-tour-300x169.jpg' style='background-image:url(\"https:\/\/latemarium.com\/wp-content\/uploads\/2023\/06\/e-bike-tour-300x169.jpg\")' ><\/span><\/span><span class='evoet_c2 evoet_cx '><span class='evoet_dayblock evcal_cblock ' data-bgcolor='#ba181d' data-smon='giugno' data-syr='2026' data-bub=''><span class='evo_start '><em class='date'>25<\/em><em class='month'>giu<\/em><em class='time'>17:15<\/em><\/span><\/span><\/span><span class='evoet_c3 evoet_cx evcal_desc hide_eventtopdata '><span class='evoet_title evcal_desc2 evcal_event_title ' itemprop='name'>E-Bike Tour ai piedi del Latemar<\/span><span class='event_location_attrs'  data-location_address=\"Localit\u00e0 Pampeago, 8, 38038 Tesero TN\" data-location_type=\"lonlat\" data-location_name=\"Pampeago\" data-location_url=\"https:\/\/latemarium.com\/it\/event-location\/pampeago\/\" data-location_status=\"true\" data-latlng=\"46.34343697644898,11.540997527961546\"><\/span><span class='evoet_subtitle evo_below_title' ><span class='evcal_event_subtitle ' >Per gli appassionati di e-bike<\/span><\/span><span class='evoet_time_expand level_3'><em class='evcal_time evo_tz_time'><i class='fa fa-clock-o'><\/i>17:15<span class='evo_tz marl5'>(GMT+02:00)<\/span><\/em> <\/span><span class='evoet_location level_3'><em class=\"evcal_location\"  data-latlng=\"46.34343697644898,11.540997527961546\" data-add_str=\"Localit\u00e0 Pampeago, 8, 38038 Tesero TN\" data-n=\"Pampeago\"><i class=\"fa fa-location-pin\"><\/i><em class=\"event_location_name\">Pampeago<\/em>, Localit\u00e0 Pampeago, 8, 38038 Tesero TN<\/em><\/span><\/span><span class='evoet_data' data-d=\"{&quot;loc.n&quot;:&quot;Pampeago&quot;,&quot;orgs&quot;:[],&quot;tags&quot;:{&quot;repeating&quot;:&quot;Repeating Event&quot;}}\" data-bgc=\"#ba181d\" data-bggrad=\"\" ><\/span><\/a><\/p><div class='event_description evcal_eventcard ' style=\"display:none\"><div class='evocard_row'><div id='event_ftimage' class='evocard_box ftimage' data-c='' \n\t\t\t\t\tstyle=''><div class='evocard_main_image_hold' data-t='Loading Image..'><div class='evocard_main_image evo_img_triglb evobr15 evobgsc evobgpc evodfx evofx_jc_c evofx_ai_c evofz48 minmized' style='height:300px; background-image:url();' data-f=\"https:\/\/latemarium.com\/wp-content\/uploads\/2023\/06\/e-bike-tour.jpg\" data-h=\"675\" data-w=\"1200\" data-ratio=\"0.5625\" data-event_id=\"2201\" data-ri=\"0\"  data-t='Loading Image..'><span style='height:300px; background-image:url(https:\/\/latemarium.com\/wp-content\/uploads\/2023\/06\/e-bike-tour.jpg)'><\/span><\/div><\/div><\/div><\/div><div class='evocard_row'><div id='event_eventdetails' class='evocard_box eventdetails' data-c='' \n\t\t\t\t\tstyle=''><div class='evo_metarow_details evorow evcal_evdata_row evcal_event_details'>\n\t\t<div class=\"event_excerpt\" style=\"display:none\"><h3 class=\"padb5 evo_h3\">Dettagli dell&#039;evento<\/h3><p>Ogni gioved\u00ec dal 25 giugno al 3 settembre 2026\nRitrovo con la guida Andrea alle 17.15 a Pampeago (presso biglietteria impianti)\nDurata:\u00a0dalle 17.15 alle 19.15\nMax 8 persone. +16 anni.<\/p><\/div><span class='evcal_evdata_icons'><i class='fa fa-align-justify'><\/i><\/span>\n\t\t\n\t\t<div class='evcal_evdata_cell shorter_desc'>\n\t\t\t<div class='eventon_full_description'>\n\t\t\t\t<h3 class='padb5 evo_h3'><span class='evcal_evdata_icons'><i class='fa fa-align-justify'><\/i><\/span>Dettagli dell&#039;evento<\/h3>\n\t\t\t\t<div class='eventon_desc_in' itemprop='description'>\n\t\t\t\t<p><strong>Ogni gioved\u00ec dal 25 giugno al 3 settembre 2026<\/strong><\/p>\n<p>Ritrovo con la guida Andrea alle 17.15 a Pampeago (presso biglietteria impianti)<br \/>\nDurata:\u00a0dalle 17.15 alle 19.15<br \/>\nMax 8 persone. +16 anni.<\/p>\n<p class=\"p1\"><span class=\"s1\">Per gli appassionati di e-bike, con un livello intermedio, abbiamo pensato ad un tour alla scoperta del Latemar con vista mozzafiato sulle aree circostanti. Sar\u00e0 un itinerario piacevole e grazie alla pedalata assistita potrete affrontare con facilit\u00e0 il dislivello che vi porter\u00e0 in localit\u00e0 Tresca. \u00c8 il momento della giornata perfetto: la montagna si svuota, potrete apprezzare il silenzio della natura e godere dei colori della \u201cgolden hour\u201d. Terminato il giro vi attender\u00e0 un piccolo aperitivo allo Chalet Caserina.<br \/>\nPotrete noleggiare la e-bike in loco, al negozio Sport Ventura di Pampeago.<br \/>\n<\/span><\/p>\n<p class=\"p1\"><em><span class=\"s1\">Attivit\u00e0 non prevista in caso di pioggia.<\/span><\/em><\/p>\n<p>Prenotazione obbligatoria. Clicca\u00a0<a href=\"https:\/\/www.visitfiemme.it\/it\/eventi\/fiemme-cembra-guest-card\/esperienze\/esperienze-in-estate?re-product-id=251796\" target=\"_blank\" rel=\"noopener\">qui<\/a>.<\/p>\n<\/div><p class='eventon_shad_p' style='padding:5px 0 0; margin:0'>\n\t\t\t<span class='evcal_btn evo_btn_secondary evobtn_details_show_more' content='less'>\n\t\t\t\t<span class='ev_more_text' data-txt='Meno'>Pi\u00f9<\/span><span class='ev_more_arrow ard'><\/span>\n\t\t\t<\/span>\n\t\t<\/p><div class='clear'><\/div>\n\t\t\t<\/div>\n\t\t<\/div>\n\t<\/div><\/div><\/div><div class='evocard_row bx2 bx'><div id='event_time' class='evocard_box time' data-c='' \n\t\t\t\t\tstyle=''><div class='evo_metarow_time evorow evcal_evdata_row evcal_evrow_sm '>\n\t\t<span class='evcal_evdata_icons'><i class='fa fa-clock'><\/i><\/span>\n\t\t<div class='evcal_evdata_cell'>\t\t\t\t\t\t\t\n\t\t\t<h3 class='evo_h3'><span class='evcal_evdata_icons'><i class='fa fa-clock'><\/i><\/span>Orario<\/h3><p><span class='evo_eventcard_time_t'>25 giugno 2026 17:15<\/span><span class='evo_tz marr5'>(GMT+02:00)<\/span><\/p>\n\t\t<\/div>\n\t<\/div><\/div><div id='event_location' class='evocard_box location' data-c='' \n\t\t\t\t\tstyle=''><div class='evcal_evdata_row evo_metarow_time_location evorow '>\n\t\t\n\t\t\t<span class='evcal_evdata_icons'><i class='fa fa-map-marker'><\/i><\/span>\n\t\t\t<div class='evcal_evdata_cell' data-loc_tax_id='30'><h3 class='evo_h3 evodfx'><span class='evcal_evdata_icons'><i class='fa fa-map-marker'><\/i><\/span>Luogo<\/h3><p class='evo_location_name'>Pampeago<\/p><p class='evo_location_address evodfxi evogap10'>Localit\u00e0 Pampeago, 8, 38038 Tesero TN<\/p><div class='padt10'><span class='evo_btn_arr evolb_trigger' data-lbvals=\"{&quot;lbc&quot;:&quot;evo_location_lb_30&quot;,&quot;lbac&quot;:&quot;lb_max&quot;,&quot;t&quot;:&quot;Pampeago&quot;,&quot;ajax&quot;:&quot;yes&quot;,&quot;ajax_type&quot;:&quot;endpoint&quot;,&quot;ajax_action&quot;:&quot;eventon_get_tax_card_content&quot;,&quot;end&quot;:&quot;client&quot;,&quot;d&quot;:{&quot;lang&quot;:&quot;L1&quot;,&quot;term_id&quot;:30,&quot;tax&quot;:&quot;event_location&quot;,&quot;load_lbcontent&quot;:true},&quot;uid&quot;:&quot;eventon_get_tax_card_content&quot;}\" >Other Events<i class='fa fa-chevron-right'><\/i><\/span><\/div><\/div>\n\t\t\n\t<\/div><\/div><\/div><div class='evocard_row'><div id='event_addtocal' class='evocard_box addtocal' data-c='' \n\t\t\t\t\tstyle=''><div class='evo_metarow_ICS evorow evcal_evdata_row'>\n\t\t\t<span class='evcal_evdata_icons'><i class='fa fa-calendar-o'><\/i><\/span>\n\t\t\t<div class='evcal_evdata_cell'>\n\t\t\t\t<p><a href='https:\/\/latemarium.com\/it\/export-events\/2201_0\/?nonce=a3263097f9' class='evo_ics_nCal' title='Aggiungi al tuo calendario'>Calendario<\/a><a href='https:\/\/www.google.com\/calendar\/event?action=TEMPLATE&text=E-Bike+Tour+ai+piedi+del+Latemar&dates=20260625T151500Z%2F20260625T215900Z&ctz=Europe%2FRome&details=E-Bike Tour ai piedi del Latemar&location=Pampeago+Localit%C3%A0+Pampeago%2C+8%2C+38038+Tesero+TN' target='_blank' class='evo_ics_gCal' title='Aggiungi al calendario di Google'>GoogleCal<\/a><\/p>\t\n\t\t\t<\/div>\n\t\t<\/div><\/div><\/div><div class='evocard_row'><div id='event_getdirection' class='evocard_box getdirection' data-c='' \n\t\t\t\t\tstyle=''><div class='evo_metarow_getDr evorow evcal_evdata_row evcal_evrow_sm getdirections'>\n\t\t<form action='https:\/\/maps.google.com\/maps' method='get' target='_blank'>\n\t\t\t<input type='hidden' name='daddr' value=\"46.34343697644898,11.540997527961546\"\/> \n\t\t\t<div class='evo_get_direction_content evo_fx_dr_r evogap10'>\n\t\t\t\t<span class='evogetdir_header evodfx evofx_dr_r evofx_ai_c marr10'>\n\t\t\t\t\t<i class='mainicon fa fa-road'><\/i> \n\t\t\t\t\t<h3 class='evo_h3' style='padding-bottom:5px;'>Ottieni indicazioni stradali<\/h3>\n\t\t\t\t<\/span>\n\t\t\t\t<span class='evogetdir_field evodfx evofx_1_1 evo_fx_dr_c evow100p'>\t\t\t\t\t\n\t\t\t\t\t<input class='evoInput evotac' type='text' name='saddr' placeholder='Digitare l&#039;indirizzo per ottenere le indicazioni stradali' value='' style='margin:10px 0;'\/>\n\t\t\t\t<\/span>\n\t\t\t\t<button type='submit' class='evo_get_direction_button evo_btn_arr_circ dfx fx_ai_c' title='Fare clic qui per ottenere indicazioni'><i class='fa fa-chevron-right'><\/i> <\/button>\n\t\t\t<\/div>\n\t\t<\/form>\n\t<\/div><\/div><\/div><div class='evo_card_row_end evcal_close' title='Testo del pulsante Chiudi evento'><\/div><\/div><div class='clear end'><\/div><\/div><div id=\"event_2493_0\" class=\"eventon_list_event evo_eventtop scheduled  event clrW no_et event_2493_0\" data-event_id=\"2493\" data-ri=\"0r\" data-time=\"1782459000-1782511140\" data-colr=\"#6baeff\" itemscope itemtype='http:\/\/schema.org\/Event'><div class=\"evo_event_schema\" style=\"display:none\" ><a itemprop='url'  href='https:\/\/latemarium.com\/it\/events\/respirart-piccoli-artisti-in-natura\/'><\/a><meta itemprop='image' content=\"https:\/\/latemarium.com\/wp-content\/uploads\/2021\/05\/respirart-vita-e-bellezza.jpg\" \/><meta itemprop='startDate' content=\"2026-6-26T09:30+0:00\" \/><meta itemprop='endDate' content=\"2026-6-26T23:59+0:00\" \/><meta itemprop='eventStatus' content=\"https:\/\/schema.org\/EventScheduled\" \/><meta itemprop='eventAttendanceMode'   itemscope itemtype=\"https:\/\/schema.org\/OfflineEventAttendanceMode\"\/><div style=\"display:none\" itemprop=\"location\" itemscope itemtype=\"http:\/\/schema.org\/Place\"><span itemprop=\"name\">Pampeago<\/span><span itemprop=\"address\" itemscope itemtype=\"http:\/\/schema.org\/PostalAddress\"><item itemprop=\"streetAddress\">Localit\u00e0 Pampeago, 8, 38038 Tesero TN<\/item><\/span><\/div><script type=\"application\/ld+json\">{\"@context\": \"http:\/\/schema.org\",\"@type\": \"Event\",\n\t\t\t\t\"@id\": \"event_2493_0\",\n\t\t\t\t\"eventAttendanceMode\":\"https:\/\/schema.org\/OfflineEventAttendanceMode\",\n\t\t\t\t\"eventStatus\":\"https:\/\/schema.org\/EventScheduled\",\n\t\t\t\t\"name\": \"Respirart: piccoli artisti in natura\",\n\t\t\t\t\"url\": \"https:\/\/latemarium.com\/it\/events\/respirart-piccoli-artisti-in-natura\/\",\n\t\t\t\t\"startDate\": \"2026-6-26T09:30+0:00\",\n\t\t\t\t\"endDate\": \"2026-6-26T23:59+0:00\",\n\t\t\t\t\"image\":\"https:\/\/latemarium.com\/wp-content\/uploads\/2021\/05\/respirart-vita-e-bellezza.jpg\", \n\t\t\t\t\"description\":\"<p><strong>Ogni venerd\u00ec dal 26 giugno all&#8217;11 settembre 2026<\/strong><\/p> <p>Laboratorio ambientale e artistico RespirArt, rivolto a tutti, grandi e piccini. Andremo alla scoperta delle opere d&#8217;arte in modo divertente.<br \/> Appuntamento alle 9.30 alla partenza della Seggiovia-Seminovia Agnello di Pampeago con la guida artistica, che vi consegner\u00e0 i semi per sorvolare il parco RespirArt. Partecipando al laboratorio artistico i bambini costruiranno piccole opere di land art utilizzando materiali naturali.<\/p> <p><strong>Prenotazione obbligatoria.<\/strong><\/p> <p>Clicca <a href='https:\/\/www.visitfiemme.it\/it\/eventi\/fiemme-cembra-guest-card\/esperienze\/esperienze-in-estate?re-product-id=211712' target='_blank' rel='noopener'>qui<\/a> per prenotare.<\/p> \",\"location\":[{\"@type\":\"Place\",\"name\":\"Pampeago\",\"address\":{\"@type\": \"PostalAddress\",\"streetAddress\":\"Localit\u00e0 Pampeago, 8, 38038 Tesero TN\"}}]}<\/script><\/div>\r\n\t\t\t\t<p class=\"desc_trig_outter\" style=\"\"><a data-gmtrig=\"1\" data-exlk=\"0\" style=\"background-color: #6baeff;\" id=\"evc_17824590002493\" class=\"hasFtIMG event_repeat desc_trig sin_val evcal_list_a\" data-ux_val=\"3\" data-ux_val_mob=\"-\"  ><span class='evoet_c1 evoet_cx '><span class='ev_ftImg' data-img='https:\/\/latemarium.com\/wp-content\/uploads\/2021\/05\/respirart-vita-e-bellezza.jpg' data-thumb='https:\/\/latemarium.com\/wp-content\/uploads\/2021\/05\/respirart-vita-e-bellezza-300x201.jpg' style='background-image:url(\"https:\/\/latemarium.com\/wp-content\/uploads\/2021\/05\/respirart-vita-e-bellezza-300x201.jpg\")' ><\/span><\/span><span class='evoet_c2 evoet_cx '><span class='evoet_dayblock evcal_cblock ' data-bgcolor='#6baeff' data-smon='giugno' data-syr='2026' data-bub=''><span class='evo_start '><em class='date'>26<\/em><em class='month'>giu<\/em><em class='time'>09:30<\/em><\/span><\/span><\/span><span class='evoet_c3 evoet_cx evcal_desc hide_eventtopdata '><span class='evoet_title evcal_desc2 evcal_event_title ' itemprop='name'>Respirart: piccoli artisti in natura<\/span><span class='event_location_attrs'  data-location_address=\"Localit\u00e0 Pampeago, 8, 38038 Tesero TN\" data-location_type=\"lonlat\" data-location_name=\"Pampeago\" data-location_url=\"https:\/\/latemarium.com\/it\/event-location\/pampeago\/\" data-location_status=\"true\" data-latlng=\"46.34343697644898,11.540997527961546\"><\/span><span class='evoet_subtitle evo_below_title' ><span class='evcal_event_subtitle ' >laboratorio artistico<\/span><\/span><span class='evoet_time_expand level_3'><em class='evcal_time evo_tz_time'><i class='fa fa-clock-o'><\/i>09:30<span class='evo_tz marl5'>(GMT+02:00)<\/span><\/em> <\/span><span class='evoet_location level_3'><em class=\"evcal_location\"  data-latlng=\"46.34343697644898,11.540997527961546\" data-add_str=\"Localit\u00e0 Pampeago, 8, 38038 Tesero TN\" data-n=\"Pampeago\"><i class=\"fa fa-location-pin\"><\/i><em class=\"event_location_name\">Pampeago<\/em>, Localit\u00e0 Pampeago, 8, 38038 Tesero TN<\/em><\/span><\/span><span class='evoet_data' data-d=\"{&quot;loc.n&quot;:&quot;Pampeago&quot;,&quot;orgs&quot;:[],&quot;tags&quot;:{&quot;repeating&quot;:&quot;Repeating Event&quot;}}\" data-bgc=\"#6baeff\" data-bggrad=\"\" ><\/span><\/a><\/p><div class='event_description evcal_eventcard ' style=\"display:none\"><div class='evocard_row'><div id='event_ftimage' class='evocard_box ftimage' data-c='' \n\t\t\t\t\tstyle=''><div class='evocard_main_image_hold' data-t='Loading Image..'><div class='evocard_main_image evo_img_triglb evobr15 evobgsc evobgpc evodfx evofx_jc_c evofx_ai_c evofz48 minmized' style='height:300px; background-image:url();' data-f=\"https:\/\/latemarium.com\/wp-content\/uploads\/2021\/05\/respirart-vita-e-bellezza.jpg\" data-h=\"602\" data-w=\"899\" data-ratio=\"0.66963292547275\" data-event_id=\"2493\" data-ri=\"0\"  data-t='Loading Image..'><span style='height:300px; background-image:url(https:\/\/latemarium.com\/wp-content\/uploads\/2021\/05\/respirart-vita-e-bellezza.jpg)'><\/span><\/div><\/div><\/div><\/div><div class='evocard_row'><div id='event_eventdetails' class='evocard_box eventdetails' data-c='' \n\t\t\t\t\tstyle=''><div class='evo_metarow_details evorow evcal_evdata_row evcal_event_details'>\n\t\t<div class=\"event_excerpt\" style=\"display:none\"><h3 class=\"padb5 evo_h3\">Dettagli dell&#039;evento<\/h3><p>Ogni venerd\u00ec dal 26 giugno all&#8217;11 settembre 2026\nLaboratorio ambientale e artistico RespirArt, rivolto a tutti, grandi e piccini. Andremo alla scoperta delle opere d&#8217;arte in modo divertente.\nAppuntamento alle 9.30<\/p><\/div><span class='evcal_evdata_icons'><i class='fa fa-align-justify'><\/i><\/span>\n\t\t\n\t\t<div class='evcal_evdata_cell shorter_desc'>\n\t\t\t<div class='eventon_full_description'>\n\t\t\t\t<h3 class='padb5 evo_h3'><span class='evcal_evdata_icons'><i class='fa fa-align-justify'><\/i><\/span>Dettagli dell&#039;evento<\/h3>\n\t\t\t\t<div class='eventon_desc_in' itemprop='description'>\n\t\t\t\t<p><strong>Ogni venerd\u00ec dal 26 giugno all&#8217;11 settembre 2026<\/strong><\/p>\n<p>Laboratorio ambientale e artistico RespirArt, rivolto a tutti, grandi e piccini. Andremo alla scoperta delle opere d&#8217;arte in modo divertente.<br \/>\nAppuntamento alle 9.30 alla partenza della Seggiovia-Seminovia Agnello di Pampeago con la guida artistica, che vi consegner\u00e0 i semi per sorvolare il parco RespirArt. Partecipando al laboratorio artistico i bambini costruiranno piccole opere di land art utilizzando materiali naturali.<\/p>\n<p><strong>Prenotazione obbligatoria.<\/strong><\/p>\n<p>Clicca <a href=\"https:\/\/www.visitfiemme.it\/it\/eventi\/fiemme-cembra-guest-card\/esperienze\/esperienze-in-estate?re-product-id=211712\" target=\"_blank\" rel=\"noopener\">qui<\/a> per prenotare.<\/p>\n<\/div><p class='eventon_shad_p' style='padding:5px 0 0; margin:0'>\n\t\t\t<span class='evcal_btn evo_btn_secondary evobtn_details_show_more' content='less'>\n\t\t\t\t<span class='ev_more_text' data-txt='Meno'>Pi\u00f9<\/span><span class='ev_more_arrow ard'><\/span>\n\t\t\t<\/span>\n\t\t<\/p><div class='clear'><\/div>\n\t\t\t<\/div>\n\t\t<\/div>\n\t<\/div><\/div><\/div><div class='evocard_row bx2 bx'><div id='event_time' class='evocard_box time' data-c='' \n\t\t\t\t\tstyle=''><div class='evo_metarow_time evorow evcal_evdata_row evcal_evrow_sm '>\n\t\t<span class='evcal_evdata_icons'><i class='fa fa-clock'><\/i><\/span>\n\t\t<div class='evcal_evdata_cell'>\t\t\t\t\t\t\t\n\t\t\t<h3 class='evo_h3'><span class='evcal_evdata_icons'><i class='fa fa-clock'><\/i><\/span>Orario<\/h3><p><span class='evo_eventcard_time_t'>26 giugno 2026 09:30<\/span><span class='evo_tz marr5'>(GMT+02:00)<\/span><\/p>\n\t\t<\/div>\n\t<\/div><\/div><div id='event_location' class='evocard_box location' data-c='' \n\t\t\t\t\tstyle=''><div class='evcal_evdata_row evo_metarow_time_location evorow '>\n\t\t\n\t\t\t<span class='evcal_evdata_icons'><i class='fa fa-map-marker'><\/i><\/span>\n\t\t\t<div class='evcal_evdata_cell' data-loc_tax_id='30'><h3 class='evo_h3 evodfx'><span class='evcal_evdata_icons'><i class='fa fa-map-marker'><\/i><\/span>Luogo<\/h3><p class='evo_location_name'>Pampeago<\/p><p class='evo_location_address evodfxi evogap10'>Localit\u00e0 Pampeago, 8, 38038 Tesero TN<\/p><div class='padt10'><span class='evo_btn_arr evolb_trigger' data-lbvals=\"{&quot;lbc&quot;:&quot;evo_location_lb_30&quot;,&quot;lbac&quot;:&quot;lb_max&quot;,&quot;t&quot;:&quot;Pampeago&quot;,&quot;ajax&quot;:&quot;yes&quot;,&quot;ajax_type&quot;:&quot;endpoint&quot;,&quot;ajax_action&quot;:&quot;eventon_get_tax_card_content&quot;,&quot;end&quot;:&quot;client&quot;,&quot;d&quot;:{&quot;lang&quot;:&quot;L1&quot;,&quot;term_id&quot;:30,&quot;tax&quot;:&quot;event_location&quot;,&quot;load_lbcontent&quot;:true},&quot;uid&quot;:&quot;eventon_get_tax_card_content&quot;}\" >Other Events<i class='fa fa-chevron-right'><\/i><\/span><\/div><\/div>\n\t\t\n\t<\/div><\/div><\/div><div class='evocard_row bx2 bx'><div id='event_learnmore' class='evocard_box learnmore' data-c='' \n\t\t\t\t\tstyle=''><div class='evo_metarow_learnM evo_metarow_learnmore evorow'>\n\t\t\t\t\t\t\t<a class='evcal_evdata_row evo_clik_row ' href='http:\/\/www.respirart.com\/' target=\"_blank\">\n\t\t\t\t\t\t\t\t<span class='evcal_evdata_icons'><i class='fa fa-link'><\/i><\/span>\n\t\t\t\t\t\t\t\t<h3 class='evo_h3'>Scopri di pi\u00f9<\/h3>\n\t\t\t\t\t\t\t<\/a>\n\t\t\t\t\t\t\t<\/div><\/div><div id='event_addtocal' class='evocard_box addtocal' data-c='' \n\t\t\t\t\tstyle=''><div class='evo_metarow_ICS evorow evcal_evdata_row'>\n\t\t\t<span class='evcal_evdata_icons'><i class='fa fa-calendar-o'><\/i><\/span>\n\t\t\t<div class='evcal_evdata_cell'>\n\t\t\t\t<p><a href='https:\/\/latemarium.com\/it\/export-events\/2493_0\/?nonce=a3263097f9' class='evo_ics_nCal' title='Aggiungi al tuo calendario'>Calendario<\/a><a href='https:\/\/www.google.com\/calendar\/event?action=TEMPLATE&text=Respirart%3A+piccoli+artisti+in+natura&dates=20260626T073000Z%2F20260626T215900Z&ctz=Europe%2FRome&details=Respirart: piccoli artisti in natura&location=Pampeago+Localit%C3%A0+Pampeago%2C+8%2C+38038+Tesero+TN' target='_blank' class='evo_ics_gCal' title='Aggiungi al calendario di Google'>GoogleCal<\/a><\/p>\t\n\t\t\t<\/div>\n\t\t<\/div><\/div><\/div><div class='evocard_row'><div id='event_repeats' class='evocard_box repeats' data-c='' \n\t\t\t\t\tstyle=''><div class='evo_metarow_repeats evorow evcal_evdata_row evcal_evrow_sm '>\n\t\t<span class='evcal_evdata_icons'><i class='fa fa-repeat'><\/i><\/span>\n\t\t<div class='evcal_evdata_cell'>\t\t\t\t\t\t\t\n\t\t\t<h3 class='evo_h3'>Orari degli eventi futuri in questa serie di eventi ripetuti<\/h3><div class='evo_elm_HCS evo_repeat_series' style=''><span class='evo_elmHCS_nav HCSnavL evo_repeat_series content_slide_trig'><i class='fa fa-chevron-left'><\/i><\/span><span class='evo_elmHCS_nav HCSnavR evo_repeat_series content_slide_trig'><i class='fa fa-chevron-right'><\/i><\/span><div class='evo_elm_HCS_in'><div class='evo_repeat_series_dates clickable evodfx evofx_dr_r evogap10' data-click='1' data-event_url='https:\/\/latemarium.com\/it\/events\/respirart-piccoli-artisti-in-natura\/'><span class='evo_repeat_series_date evodfx evofx_dr_r evofx_ai_c evogap5 evobr15 evobrdB1 evocl1 evopad15 evottu evofz14 evocurp evo_trans_sc1_03 evoHbgcw' data-ux=\"def\" data-l=\"https:\/\/latemarium.com\/it\/events\/respirart-piccoli-artisti-in-natura\/var\/ri-1.l-L1\" ><span class='evodfx evofx_dr_c evotac evofx_jc_c'><b class='j evofz16'>3<\/b><b class='fy'>luglio <\/b><em class='t evofsn'>09:30 - 23:59<\/em><\/span><\/span><span class='evo_repeat_series_date evodfx evofx_dr_r evofx_ai_c evogap5 evobr15 evobrdB1 evocl1 evopad15 evottu evofz14 evocurp evo_trans_sc1_03 evoHbgcw' data-ux=\"def\" data-l=\"https:\/\/latemarium.com\/it\/events\/respirart-piccoli-artisti-in-natura\/var\/ri-2.l-L1\" ><span class='evodfx evofx_dr_c evotac evofx_jc_c'><b class='j evofz16'>10<\/b><b class='fy'>luglio <\/b><em class='t evofsn'>09:30 - 23:59<\/em><\/span><\/span><span class='evo_repeat_series_date evodfx evofx_dr_r evofx_ai_c evogap5 evobr15 evobrdB1 evocl1 evopad15 evottu evofz14 evocurp evo_trans_sc1_03 evoHbgcw' data-ux=\"def\" data-l=\"https:\/\/latemarium.com\/it\/events\/respirart-piccoli-artisti-in-natura\/var\/ri-3.l-L1\" ><span class='evodfx evofx_dr_c evotac evofx_jc_c'><b class='j evofz16'>17<\/b><b class='fy'>luglio <\/b><em class='t evofsn'>09:30 - 23:59<\/em><\/span><\/span><span class='evo_repeat_series_date evodfx evofx_dr_r evofx_ai_c evogap5 evobr15 evobrdB1 evocl1 evopad15 evottu evofz14 evocurp evo_trans_sc1_03 evoHbgcw' data-ux=\"def\" data-l=\"https:\/\/latemarium.com\/it\/events\/respirart-piccoli-artisti-in-natura\/var\/ri-4.l-L1\" ><span class='evodfx evofx_dr_c evotac evofx_jc_c'><b class='j evofz16'>24<\/b><b class='fy'>luglio <\/b><em class='t evofsn'>09:30 - 23:59<\/em><\/span><\/span><span class='evo_repeat_series_date evodfx evofx_dr_r evofx_ai_c evogap5 evobr15 evobrdB1 evocl1 evopad15 evottu evofz14 evocurp evo_trans_sc1_03 evoHbgcw' data-ux=\"def\" data-l=\"https:\/\/latemarium.com\/it\/events\/respirart-piccoli-artisti-in-natura\/var\/ri-5.l-L1\" ><span class='evodfx evofx_dr_c evotac evofx_jc_c'><b class='j evofz16'>31<\/b><b class='fy'>luglio <\/b><em class='t evofsn'>09:30 - 23:59<\/em><\/span><\/span><span class='evo_repeat_series_date evodfx evofx_dr_r evofx_ai_c evogap5 evobr15 evobrdB1 evocl1 evopad15 evottu evofz14 evocurp evo_trans_sc1_03 evoHbgcw' data-ux=\"def\" data-l=\"https:\/\/latemarium.com\/it\/events\/respirart-piccoli-artisti-in-natura\/var\/ri-6.l-L1\" ><span class='evodfx evofx_dr_c evotac evofx_jc_c'><b class='j evofz16'>7<\/b><b class='fy'>agosto <\/b><em class='t evofsn'>09:30 - 23:59<\/em><\/span><\/span><span class='evo_repeat_series_date evodfx evofx_dr_r evofx_ai_c evogap5 evobr15 evobrdB1 evocl1 evopad15 evottu evofz14 evocurp evo_trans_sc1_03 evoHbgcw' data-ux=\"def\" data-l=\"https:\/\/latemarium.com\/it\/events\/respirart-piccoli-artisti-in-natura\/var\/ri-7.l-L1\" ><span class='evodfx evofx_dr_c evotac evofx_jc_c'><b class='j evofz16'>14<\/b><b class='fy'>agosto <\/b><em class='t evofsn'>09:30 - 23:59<\/em><\/span><\/span><span class='evo_repeat_series_date evodfx evofx_dr_r evofx_ai_c evogap5 evobr15 evobrdB1 evocl1 evopad15 evottu evofz14 evocurp evo_trans_sc1_03 evoHbgcw' data-ux=\"def\" data-l=\"https:\/\/latemarium.com\/it\/events\/respirart-piccoli-artisti-in-natura\/var\/ri-8.l-L1\" ><span class='evodfx evofx_dr_c evotac evofx_jc_c'><b class='j evofz16'>21<\/b><b class='fy'>agosto <\/b><em class='t evofsn'>09:30 - 23:59<\/em><\/span><\/span><span class='evo_repeat_series_date evodfx evofx_dr_r evofx_ai_c evogap5 evobr15 evobrdB1 evocl1 evopad15 evottu evofz14 evocurp evo_trans_sc1_03 evoHbgcw' data-ux=\"def\" data-l=\"https:\/\/latemarium.com\/it\/events\/respirart-piccoli-artisti-in-natura\/var\/ri-9.l-L1\" ><span class='evodfx evofx_dr_c evotac evofx_jc_c'><b class='j evofz16'>28<\/b><b class='fy'>agosto <\/b><em class='t evofsn'>09:30 - 23:59<\/em><\/span><\/span><span class='evo_repeat_series_date evodfx evofx_dr_r evofx_ai_c evogap5 evobr15 evobrdB1 evocl1 evopad15 evottu evofz14 evocurp evo_trans_sc1_03 evoHbgcw' data-ux=\"def\" data-l=\"https:\/\/latemarium.com\/it\/events\/respirart-piccoli-artisti-in-natura\/var\/ri-10.l-L1\" ><span class='evodfx evofx_dr_c evotac evofx_jc_c'><b class='j evofz16'>4<\/b><b class='fy'>settembre <\/b><em class='t evofsn'>09:30 - 23:59<\/em><\/span><\/span><span class='evo_repeat_series_date evodfx evofx_dr_r evofx_ai_c evogap5 evobr15 evobrdB1 evocl1 evopad15 evottu evofz14 evocurp evo_trans_sc1_03 evoHbgcw' data-ux=\"def\" data-l=\"https:\/\/latemarium.com\/it\/events\/respirart-piccoli-artisti-in-natura\/var\/ri-11.l-L1\" ><span class='evodfx evofx_dr_c evotac evofx_jc_c'><b class='j evofz16'>11<\/b><b class='fy'>settembre <\/b><em class='t evofsn'>09:30 - 23:59<\/em><\/span><\/span><\/div><\/div><\/div><\/div><\/div><\/div><\/div><div class='evocard_row'><div id='event_getdirection' class='evocard_box getdirection' data-c='' \n\t\t\t\t\tstyle=''><div class='evo_metarow_getDr evorow evcal_evdata_row evcal_evrow_sm getdirections'>\n\t\t<form action='https:\/\/maps.google.com\/maps' method='get' target='_blank'>\n\t\t\t<input type='hidden' name='daddr' value=\"46.34343697644898,11.540997527961546\"\/> \n\t\t\t<div class='evo_get_direction_content evo_fx_dr_r evogap10'>\n\t\t\t\t<span class='evogetdir_header evodfx evofx_dr_r evofx_ai_c marr10'>\n\t\t\t\t\t<i class='mainicon fa fa-road'><\/i> \n\t\t\t\t\t<h3 class='evo_h3' style='padding-bottom:5px;'>Ottieni indicazioni stradali<\/h3>\n\t\t\t\t<\/span>\n\t\t\t\t<span class='evogetdir_field evodfx evofx_1_1 evo_fx_dr_c evow100p'>\t\t\t\t\t\n\t\t\t\t\t<input class='evoInput evotac' type='text' name='saddr' placeholder='Digitare l&#039;indirizzo per ottenere le indicazioni stradali' value='' style='margin:10px 0;'\/>\n\t\t\t\t<\/span>\n\t\t\t\t<button type='submit' class='evo_get_direction_button evo_btn_arr_circ dfx fx_ai_c' title='Fare clic qui per ottenere indicazioni'><i class='fa fa-chevron-right'><\/i> <\/button>\n\t\t\t<\/div>\n\t\t<\/form>\n\t<\/div><\/div><\/div><div class='evo_card_row_end evcal_close' title='Testo del pulsante Chiudi evento'><\/div><\/div><div class='clear end'><\/div><\/div><div id=\"event_2251_0\" class=\"eventon_list_event evo_eventtop scheduled  event clrD no_et event_2251_0\" data-event_id=\"2251\" data-ri=\"0r\" data-time=\"1782545400-1782597540\" data-colr=\"#03634e\" itemscope itemtype='http:\/\/schema.org\/Event'><div class=\"evo_event_schema\" style=\"display:none\" ><a itemprop='url'  href='https:\/\/latemarium.com\/it\/events\/respirart-day\/'><\/a><meta itemprop='image' content=\"https:\/\/latemarium.com\/wp-content\/uploads\/2023\/06\/Respirart-day.jpeg\" \/><meta itemprop='startDate' content=\"2026-6-27T09:30+0:00\" \/><meta itemprop='endDate' content=\"2026-6-27T23:59+0:00\" \/><meta itemprop='eventStatus' content=\"https:\/\/schema.org\/EventScheduled\" \/><meta itemprop='eventAttendanceMode'   itemscope itemtype=\"https:\/\/schema.org\/OfflineEventAttendanceMode\"\/><div style=\"display:none\" itemprop=\"location\" itemscope itemtype=\"http:\/\/schema.org\/Place\"><span itemprop=\"name\">Pampeago<\/span><span itemprop=\"address\" itemscope itemtype=\"http:\/\/schema.org\/PostalAddress\"><item itemprop=\"streetAddress\">Localit\u00e0 Pampeago, 8, 38038 Tesero TN<\/item><\/span><\/div><script type=\"application\/ld+json\">{\"@context\": \"http:\/\/schema.org\",\"@type\": \"Event\",\n\t\t\t\t\"@id\": \"event_2251_0\",\n\t\t\t\t\"eventAttendanceMode\":\"https:\/\/schema.org\/OfflineEventAttendanceMode\",\n\t\t\t\t\"eventStatus\":\"https:\/\/schema.org\/EventScheduled\",\n\t\t\t\t\"name\": \"RespirArt Day\",\n\t\t\t\t\"url\": \"https:\/\/latemarium.com\/it\/events\/respirart-day\/\",\n\t\t\t\t\"startDate\": \"2026-6-27T09:30+0:00\",\n\t\t\t\t\"endDate\": \"2026-6-27T23:59+0:00\",\n\t\t\t\t\"image\":\"https:\/\/latemarium.com\/wp-content\/uploads\/2023\/06\/Respirart-day.jpeg\", \n\t\t\t\t\"description\":\"<p>Nel Parco RespirArt, nel mese di giugno, due nuove installazioni si aggiungono al percorso d\u2019arte, arricchendo ulteriormente il dialogo tra creativit\u00e0 contemporanea e paesaggio del Latemar.<\/p> <p>Le opere saranno inaugurate <strong>sabato 27 luglio<\/strong> da Maria Concetta Mattei, conduttrice del Tg2 e appassionata di arte nella natura.<\/p> <p>Il ritrovo \u00e8 previsto alle ore 9.30 presso la partenza della seggiovia Agnello a Pampeago. Da qui partir\u00e0 un escursione guidata alla scoperta di alcune opere del parco, con particolare attenzione alle nuove installazioni.<\/p> <p>Un appuntamento speciale che segna l\u2019apertura della stagione estiva 2026 di RespirArt.<\/p> \",\"location\":[{\"@type\":\"Place\",\"name\":\"Pampeago\",\"address\":{\"@type\": \"PostalAddress\",\"streetAddress\":\"Localit\u00e0 Pampeago, 8, 38038 Tesero TN\"}}]}<\/script><\/div>\r\n\t\t\t\t<p class=\"desc_trig_outter\" style=\"\"><a data-gmtrig=\"1\" data-exlk=\"0\" style=\"background-color: #03634e;\" id=\"evc_17825454002251\" class=\"hasFtIMG desc_trig sin_val evcal_list_a\" data-ux_val=\"3\" data-ux_val_mob=\"-\"  ><span class='evoet_c1 evoet_cx '><span class='ev_ftImg' data-img='https:\/\/latemarium.com\/wp-content\/uploads\/2023\/06\/Respirart-day.jpeg' data-thumb='https:\/\/latemarium.com\/wp-content\/uploads\/2023\/06\/Respirart-day-300x223.jpeg' style='background-image:url(\"https:\/\/latemarium.com\/wp-content\/uploads\/2023\/06\/Respirart-day-300x223.jpeg\")' ><\/span><\/span><span class='evoet_c2 evoet_cx '><span class='evoet_dayblock evcal_cblock ' data-bgcolor='#03634e' data-smon='giugno' data-syr='2026' data-bub=''><span class='evo_start '><em class='date'>27<\/em><em class='month'>giu<\/em><em class='time'>09:30<\/em><\/span><\/span><\/span><span class='evoet_c3 evoet_cx evcal_desc hide_eventtopdata '><span class='evoet_title evcal_desc2 evcal_event_title ' itemprop='name'>RespirArt Day<\/span><span class='event_location_attrs'  data-location_address=\"Localit\u00e0 Pampeago, 8, 38038 Tesero TN\" data-location_type=\"lonlat\" data-location_name=\"Pampeago\" data-location_url=\"https:\/\/latemarium.com\/it\/event-location\/pampeago\/\" data-location_status=\"true\" data-latlng=\"46.34343697644898,11.540997527961546\"><\/span><span class='evoet_subtitle evo_below_title' ><span class='evcal_event_subtitle ' >RespirArt Day<\/span><\/span><span class='evoet_time_expand level_3'><em class='evcal_time evo_tz_time'><i class='fa fa-clock-o'><\/i>09:30<span class='evo_tz marl5'>(GMT+02:00)<\/span><\/em> <\/span><span class='evoet_location level_3'><em class=\"evcal_location\"  data-latlng=\"46.34343697644898,11.540997527961546\" data-add_str=\"Localit\u00e0 Pampeago, 8, 38038 Tesero TN\" data-n=\"Pampeago\"><i class=\"fa fa-location-pin\"><\/i><em class=\"event_location_name\">Pampeago<\/em>, Localit\u00e0 Pampeago, 8, 38038 Tesero TN<\/em><\/span><\/span><span class='evoet_data' data-d=\"{&quot;loc.n&quot;:&quot;Pampeago&quot;,&quot;orgs&quot;:[],&quot;tags&quot;:[]}\" data-bgc=\"#03634e\" data-bggrad=\"\" ><\/span><\/a><\/p><div class='event_description evcal_eventcard ' style=\"display:none\"><div class='evocard_row'><div id='event_ftimage' class='evocard_box ftimage' data-c='' \n\t\t\t\t\tstyle=''><div class='evocard_main_image_hold' data-t='Loading Image..'><div class='evocard_main_image evo_img_triglb evobr15 evobgsc evobgpc evodfx evofx_jc_c evofx_ai_c evofz48 minmized' style='height:300px; background-image:url();' data-f=\"https:\/\/latemarium.com\/wp-content\/uploads\/2023\/06\/Respirart-day.jpeg\" data-h=\"658\" data-w=\"884\" data-ratio=\"0.74434389140271\" data-event_id=\"2251\" data-ri=\"0\"  data-t='Loading Image..'><span style='height:300px; background-image:url(https:\/\/latemarium.com\/wp-content\/uploads\/2023\/06\/Respirart-day.jpeg)'><\/span><\/div><\/div><\/div><\/div><div class='evocard_row'><div id='event_eventdetails' class='evocard_box eventdetails' data-c='' \n\t\t\t\t\tstyle=''><div class='evo_metarow_details evorow evcal_evdata_row evcal_event_details'>\n\t\t<div class=\"event_excerpt\" style=\"display:none\"><h3 class=\"padb5 evo_h3\">Dettagli dell&#039;evento<\/h3><p>Nel Parco RespirArt, nel mese di giugno, due nuove installazioni si aggiungono al percorso d\u2019arte, arricchendo ulteriormente il dialogo tra creativit\u00e0 contemporanea e paesaggio del Latemar.\nLe opere saranno inaugurate sabato<\/p><\/div><span class='evcal_evdata_icons'><i class='fa fa-align-justify'><\/i><\/span>\n\t\t\n\t\t<div class='evcal_evdata_cell shorter_desc'>\n\t\t\t<div class='eventon_full_description'>\n\t\t\t\t<h3 class='padb5 evo_h3'><span class='evcal_evdata_icons'><i class='fa fa-align-justify'><\/i><\/span>Dettagli dell&#039;evento<\/h3>\n\t\t\t\t<div class='eventon_desc_in' itemprop='description'>\n\t\t\t\t<p>Nel Parco RespirArt, nel mese di giugno, due nuove installazioni si aggiungono al percorso d\u2019arte, arricchendo ulteriormente il dialogo tra creativit\u00e0 contemporanea e paesaggio del Latemar.<\/p>\n<p>Le opere saranno inaugurate <strong>sabato 27 luglio<\/strong> da Maria Concetta Mattei, conduttrice del Tg2 e appassionata di arte nella natura.<\/p>\n<p>Il ritrovo \u00e8 previsto alle ore 9.30 presso la partenza della seggiovia Agnello a Pampeago. Da qui partir\u00e0 un escursione guidata alla scoperta di alcune opere del parco, con particolare attenzione alle nuove installazioni.<\/p>\n<p>Un appuntamento speciale che segna l\u2019apertura della stagione estiva 2026 di RespirArt.<\/p>\n<\/div><p class='eventon_shad_p' style='padding:5px 0 0; margin:0'>\n\t\t\t<span class='evcal_btn evo_btn_secondary evobtn_details_show_more' content='less'>\n\t\t\t\t<span class='ev_more_text' data-txt='Meno'>Pi\u00f9<\/span><span class='ev_more_arrow ard'><\/span>\n\t\t\t<\/span>\n\t\t<\/p><div class='clear'><\/div>\n\t\t\t<\/div>\n\t\t<\/div>\n\t<\/div><\/div><\/div><div class='evocard_row bx2 bx'><div id='event_time' class='evocard_box time' data-c='' \n\t\t\t\t\tstyle=''><div class='evo_metarow_time evorow evcal_evdata_row evcal_evrow_sm '>\n\t\t<span class='evcal_evdata_icons'><i class='fa fa-clock'><\/i><\/span>\n\t\t<div class='evcal_evdata_cell'>\t\t\t\t\t\t\t\n\t\t\t<h3 class='evo_h3'><span class='evcal_evdata_icons'><i class='fa fa-clock'><\/i><\/span>Orario<\/h3><p><span class='evo_eventcard_time_t'>27 giugno 2026 09:30<\/span><span class='evo_tz marr5'>(GMT+02:00)<\/span><\/p>\n\t\t<\/div>\n\t<\/div><\/div><div id='event_location' class='evocard_box location' data-c='' \n\t\t\t\t\tstyle=''><div class='evcal_evdata_row evo_metarow_time_location evorow '>\n\t\t\n\t\t\t<span class='evcal_evdata_icons'><i class='fa fa-map-marker'><\/i><\/span>\n\t\t\t<div class='evcal_evdata_cell' data-loc_tax_id='30'><h3 class='evo_h3 evodfx'><span class='evcal_evdata_icons'><i class='fa fa-map-marker'><\/i><\/span>Luogo<\/h3><p class='evo_location_name'>Pampeago<\/p><p class='evo_location_address evodfxi evogap10'>Localit\u00e0 Pampeago, 8, 38038 Tesero TN<\/p><div class='padt10'><span class='evo_btn_arr evolb_trigger' data-lbvals=\"{&quot;lbc&quot;:&quot;evo_location_lb_30&quot;,&quot;lbac&quot;:&quot;lb_max&quot;,&quot;t&quot;:&quot;Pampeago&quot;,&quot;ajax&quot;:&quot;yes&quot;,&quot;ajax_type&quot;:&quot;endpoint&quot;,&quot;ajax_action&quot;:&quot;eventon_get_tax_card_content&quot;,&quot;end&quot;:&quot;client&quot;,&quot;d&quot;:{&quot;lang&quot;:&quot;L1&quot;,&quot;term_id&quot;:30,&quot;tax&quot;:&quot;event_location&quot;,&quot;load_lbcontent&quot;:true},&quot;uid&quot;:&quot;eventon_get_tax_card_content&quot;}\" >Other Events<i class='fa fa-chevron-right'><\/i><\/span><\/div><\/div>\n\t\t\n\t<\/div><\/div><\/div><div class='evocard_row bx2 bx'><div id='event_learnmore' class='evocard_box learnmore' data-c='' \n\t\t\t\t\tstyle=''><div class='evo_metarow_learnM evo_metarow_learnmore evorow'>\n\t\t\t\t\t\t\t<a class='evcal_evdata_row evo_clik_row ' href='https:\/\/respirart.com\/' target=\"_blank\">\n\t\t\t\t\t\t\t\t<span class='evcal_evdata_icons'><i class='fa fa-link'><\/i><\/span>\n\t\t\t\t\t\t\t\t<h3 class='evo_h3'>Scopri di pi\u00f9<\/h3>\n\t\t\t\t\t\t\t<\/a>\n\t\t\t\t\t\t\t<\/div><\/div><div id='event_addtocal' class='evocard_box addtocal' data-c='' \n\t\t\t\t\tstyle=''><div class='evo_metarow_ICS evorow evcal_evdata_row'>\n\t\t\t<span class='evcal_evdata_icons'><i class='fa fa-calendar-o'><\/i><\/span>\n\t\t\t<div class='evcal_evdata_cell'>\n\t\t\t\t<p><a href='https:\/\/latemarium.com\/it\/export-events\/2251_0\/?nonce=a3263097f9' class='evo_ics_nCal' title='Aggiungi al tuo calendario'>Calendario<\/a><a href='https:\/\/www.google.com\/calendar\/event?action=TEMPLATE&text=RespirArt+Day&dates=20260627T073000Z%2F20260627T215900Z&ctz=Europe%2FRome&details=RespirArt Day&location=Pampeago+Localit%C3%A0+Pampeago%2C+8%2C+38038+Tesero+TN' target='_blank' class='evo_ics_gCal' title='Aggiungi al calendario di Google'>GoogleCal<\/a><\/p>\t\n\t\t\t<\/div>\n\t\t<\/div><\/div><\/div><div class='evocard_row'><div id='event_getdirection' class='evocard_box getdirection' data-c='' \n\t\t\t\t\tstyle=''><div class='evo_metarow_getDr evorow evcal_evdata_row evcal_evrow_sm getdirections'>\n\t\t<form action='https:\/\/maps.google.com\/maps' method='get' target='_blank'>\n\t\t\t<input type='hidden' name='daddr' value=\"46.34343697644898,11.540997527961546\"\/> \n\t\t\t<div class='evo_get_direction_content evo_fx_dr_r evogap10'>\n\t\t\t\t<span class='evogetdir_header evodfx evofx_dr_r evofx_ai_c marr10'>\n\t\t\t\t\t<i class='mainicon fa fa-road'><\/i> \n\t\t\t\t\t<h3 class='evo_h3' style='padding-bottom:5px;'>Ottieni indicazioni stradali<\/h3>\n\t\t\t\t<\/span>\n\t\t\t\t<span class='evogetdir_field evodfx evofx_1_1 evo_fx_dr_c evow100p'>\t\t\t\t\t\n\t\t\t\t\t<input class='evoInput evotac' type='text' name='saddr' placeholder='Digitare l&#039;indirizzo per ottenere le indicazioni stradali' value='' style='margin:10px 0;'\/>\n\t\t\t\t<\/span>\n\t\t\t\t<button type='submit' class='evo_get_direction_button evo_btn_arr_circ dfx fx_ai_c' title='Fare clic qui per ottenere indicazioni'><i class='fa fa-chevron-right'><\/i> <\/button>\n\t\t\t<\/div>\n\t\t<\/form>\n\t<\/div><\/div><\/div><div class='evo_card_row_end evcal_close' title='Testo del pulsante Chiudi evento'><\/div><\/div><div class='clear end'><\/div><\/div><div id=\"event_2149_1\" class=\"eventon_list_event evo_eventtop scheduled  event clrW no_et event_2149_1\" data-event_id=\"2149\" data-ri=\"1r\" data-time=\"1782652800-1782683940\" data-colr=\"#b8d989\" itemscope itemtype='http:\/\/schema.org\/Event'><div class=\"evo_event_schema\" style=\"display:none\" ><a itemprop='url'  href='https:\/\/latemarium.com\/it\/events\/i-suoni-e-la-vita-della-malga\/var\/ri-1.l-L1'><\/a><meta itemprop='image' content=\"https:\/\/latemarium.com\/wp-content\/uploads\/2023\/06\/suoni-vita-malga.jpg\" \/><meta itemprop='startDate' content=\"2026-6-28T15:20+0:00\" \/><meta itemprop='endDate' content=\"2026-6-28T23:59+0:00\" \/><meta itemprop='eventStatus' content=\"https:\/\/schema.org\/EventScheduled\" \/><meta itemprop='eventAttendanceMode'   itemscope itemtype=\"https:\/\/schema.org\/OfflineEventAttendanceMode\"\/><div style=\"display:none\" itemprop=\"location\" itemscope itemtype=\"http:\/\/schema.org\/Place\"><span itemprop=\"name\">Pampeago<\/span><span itemprop=\"address\" itemscope itemtype=\"http:\/\/schema.org\/PostalAddress\"><item itemprop=\"streetAddress\">Localit\u00e0 Pampeago, 8, 38038 Tesero TN<\/item><\/span><\/div><script type=\"application\/ld+json\">{\"@context\": \"http:\/\/schema.org\",\"@type\": \"Event\",\n\t\t\t\t\"@id\": \"event_2149_1\",\n\t\t\t\t\"eventAttendanceMode\":\"https:\/\/schema.org\/OfflineEventAttendanceMode\",\n\t\t\t\t\"eventStatus\":\"https:\/\/schema.org\/EventScheduled\",\n\t\t\t\t\"name\": \"I suoni e la vita della malga\",\n\t\t\t\t\"url\": \"https:\/\/latemarium.com\/it\/events\/i-suoni-e-la-vita-della-malga\/var\/ri-1.l-L1\",\n\t\t\t\t\"startDate\": \"2026-6-28T15:20+0:00\",\n\t\t\t\t\"endDate\": \"2026-6-28T23:59+0:00\",\n\t\t\t\t\"image\":\"https:\/\/latemarium.com\/wp-content\/uploads\/2023\/06\/suoni-vita-malga.jpg\", \n\t\t\t\t\"description\":\"<p>Ritrovo presso parcheggio seggiovia Tresca (raggiungibile in auto da Pampeago \u2013 SOLO per chi prenota l&#8217;attivit\u00e0).<\/p> <p>Dopo una breve passeggiata fino a Malga Pampeago, bambini e genitori scoprono la vita e i suoni quotidiani che scandiscono la vita dei malgari, fra mucche, vitellini, asinelli e maiali.<\/p> <p>A fine attivit\u00e0 ci sar\u00e0 una piccola merenda che i bambini potranno gustarsi o portarsi a casa.<\/p> <p>Attivit\u00e0 possibile anche con passeggino country.<\/p> <p>Prenotazione obbligatoria.<\/p> <p>Prenotazione obbligatoria. Clicca <a href='https:\/\/www.visitfiemme.it\/it\/eventi\/fiemme-cembra-guest-card\/esperienze\/esperienze-in-estate?re-product-id=211655' target='_blank' rel='noopener'>qui<\/a>\u00a0per prenotare.<\/p> \",\"location\":[{\"@type\":\"Place\",\"name\":\"Pampeago\",\"address\":{\"@type\": \"PostalAddress\",\"streetAddress\":\"Localit\u00e0 Pampeago, 8, 38038 Tesero TN\"}}]}<\/script><\/div>\r\n\t\t\t\t<p class=\"desc_trig_outter\" style=\"\"><a data-gmtrig=\"1\" data-exlk=\"0\" style=\"background-color: #b8d989;\" id=\"evc_17826528002149\" class=\"hasFtIMG event_repeat desc_trig sin_val evcal_list_a\" data-ux_val=\"3\" data-ux_val_mob=\"-\"  ><span class='evoet_c1 evoet_cx '><span class='ev_ftImg' data-img='https:\/\/latemarium.com\/wp-content\/uploads\/2023\/06\/suoni-vita-malga.jpg' data-thumb='https:\/\/latemarium.com\/wp-content\/uploads\/2023\/06\/suoni-vita-malga-300x225.jpg' style='background-image:url(\"https:\/\/latemarium.com\/wp-content\/uploads\/2023\/06\/suoni-vita-malga-300x225.jpg\")' ><\/span><\/span><span class='evoet_c2 evoet_cx '><span class='evoet_dayblock evcal_cblock ' data-bgcolor='#b8d989' data-smon='giugno' data-syr='2026' data-bub=''><span class='evo_start '><em class='date'>28<\/em><em class='month'>giu<\/em><em class='time'>15:20<\/em><\/span><\/span><\/span><span class='evoet_c3 evoet_cx evcal_desc hide_eventtopdata '><span class='evoet_title evcal_desc2 evcal_event_title ' itemprop='name'>I suoni e la vita della malga<\/span><span class='event_location_attrs'  data-location_address=\"Localit\u00e0 Pampeago, 8, 38038 Tesero TN\" data-location_type=\"lonlat\" data-location_name=\"Pampeago\" data-location_url=\"https:\/\/latemarium.com\/it\/event-location\/pampeago\/\" data-location_status=\"true\" data-latlng=\"46.34343697644898,11.540997527961546\"><\/span><span class='evoet_subtitle evo_below_title' ><span class='evcal_event_subtitle ' >Alla scoperta della vita dei malgari<\/span><\/span><span class='evoet_time_expand level_3'><em class='evcal_time evo_tz_time'><i class='fa fa-clock-o'><\/i>15:20<span class='evo_tz marl5'>(GMT+02:00)<\/span><\/em> <\/span><span class='evoet_location level_3'><em class=\"evcal_location\"  data-latlng=\"46.34343697644898,11.540997527961546\" data-add_str=\"Localit\u00e0 Pampeago, 8, 38038 Tesero TN\" data-n=\"Pampeago\"><i class=\"fa fa-location-pin\"><\/i><em class=\"event_location_name\">Pampeago<\/em>, Localit\u00e0 Pampeago, 8, 38038 Tesero TN<\/em><\/span><\/span><span class='evoet_data' data-d=\"{&quot;loc.n&quot;:&quot;Pampeago&quot;,&quot;orgs&quot;:[],&quot;tags&quot;:{&quot;repeating&quot;:&quot;Repeating Event&quot;}}\" data-bgc=\"#b8d989\" data-bggrad=\"\" ><\/span><\/a><\/p><div class='event_description evcal_eventcard ' style=\"display:none\"><div class='evocard_row'><div id='event_ftimage' class='evocard_box ftimage' data-c='' \n\t\t\t\t\tstyle=''><div class='evocard_main_image_hold' data-t='Loading Image..'><div class='evocard_main_image evo_img_triglb evobr15 evobgsc evobgpc evodfx evofx_jc_c evofx_ai_c evofz48 minmized' style='height:300px; background-image:url();' data-f=\"https:\/\/latemarium.com\/wp-content\/uploads\/2023\/06\/suoni-vita-malga.jpg\" data-h=\"796\" data-w=\"1062\" data-ratio=\"0.74952919020716\" data-event_id=\"2149\" data-ri=\"1\"  data-t='Loading Image..'><span style='height:300px; background-image:url(https:\/\/latemarium.com\/wp-content\/uploads\/2023\/06\/suoni-vita-malga.jpg)'><\/span><\/div><\/div><\/div><\/div><div class='evocard_row'><div id='event_eventdetails' class='evocard_box eventdetails' data-c='' \n\t\t\t\t\tstyle=''><div class='evo_metarow_details evorow evcal_evdata_row evcal_event_details'>\n\t\t<div class=\"event_excerpt\" style=\"display:none\"><h3 class=\"padb5 evo_h3\">Dettagli dell&#039;evento<\/h3><p>Ritrovo presso parcheggio seggiovia Tresca (raggiungibile in auto da Pampeago \u2013 SOLO per chi prenota l&#8217;attivit\u00e0).\nDopo una breve passeggiata fino a Malga Pampeago, bambini e genitori scoprono la vita e<\/p><\/div><span class='evcal_evdata_icons'><i class='fa fa-align-justify'><\/i><\/span>\n\t\t\n\t\t<div class='evcal_evdata_cell shorter_desc'>\n\t\t\t<div class='eventon_full_description'>\n\t\t\t\t<h3 class='padb5 evo_h3'><span class='evcal_evdata_icons'><i class='fa fa-align-justify'><\/i><\/span>Dettagli dell&#039;evento<\/h3>\n\t\t\t\t<div class='eventon_desc_in' itemprop='description'>\n\t\t\t\t<p>Ritrovo presso parcheggio seggiovia Tresca (raggiungibile in auto da Pampeago \u2013 SOLO per chi prenota l&#8217;attivit\u00e0).<\/p>\n<p>Dopo una breve passeggiata fino a Malga Pampeago, bambini e genitori scoprono la vita e i suoni quotidiani che scandiscono la vita dei malgari, fra mucche, vitellini, asinelli e maiali.<\/p>\n<p>A fine attivit\u00e0 ci sar\u00e0 una piccola merenda che i bambini potranno gustarsi o portarsi a casa.<\/p>\n<p>Attivit\u00e0 possibile anche con passeggino country.<\/p>\n<p>Prenotazione obbligatoria.<\/p>\n<p>Prenotazione obbligatoria. Clicca <a href=\"https:\/\/www.visitfiemme.it\/it\/eventi\/fiemme-cembra-guest-card\/esperienze\/esperienze-in-estate?re-product-id=211655\" target=\"_blank\" rel=\"noopener\">qui<\/a>\u00a0per prenotare.<\/p>\n<\/div><p class='eventon_shad_p' style='padding:5px 0 0; margin:0'>\n\t\t\t<span class='evcal_btn evo_btn_secondary evobtn_details_show_more' content='less'>\n\t\t\t\t<span class='ev_more_text' data-txt='Meno'>Pi\u00f9<\/span><span class='ev_more_arrow ard'><\/span>\n\t\t\t<\/span>\n\t\t<\/p><div class='clear'><\/div>\n\t\t\t<\/div>\n\t\t<\/div>\n\t<\/div><\/div><\/div><div class='evocard_row bx2 bx'><div id='event_time' class='evocard_box time' data-c='' \n\t\t\t\t\tstyle=''><div class='evo_metarow_time evorow evcal_evdata_row evcal_evrow_sm '>\n\t\t<span class='evcal_evdata_icons'><i class='fa fa-clock'><\/i><\/span>\n\t\t<div class='evcal_evdata_cell'>\t\t\t\t\t\t\t\n\t\t\t<h3 class='evo_h3'><span class='evcal_evdata_icons'><i class='fa fa-clock'><\/i><\/span>Orario<\/h3><p><span class='evo_eventcard_time_t'>28 giugno 2026 15:20<\/span><span class='evo_tz marr5'>(GMT+02:00)<\/span><\/p>\n\t\t<\/div>\n\t<\/div><\/div><div id='event_location' class='evocard_box location' data-c='' \n\t\t\t\t\tstyle=''><div class='evcal_evdata_row evo_metarow_time_location evorow '>\n\t\t\n\t\t\t<span class='evcal_evdata_icons'><i class='fa fa-map-marker'><\/i><\/span>\n\t\t\t<div class='evcal_evdata_cell' data-loc_tax_id='30'><h3 class='evo_h3 evodfx'><span class='evcal_evdata_icons'><i class='fa fa-map-marker'><\/i><\/span>Luogo<\/h3><p class='evo_location_name'>Pampeago<\/p><p class='evo_location_address evodfxi evogap10'>Localit\u00e0 Pampeago, 8, 38038 Tesero TN<\/p><div class='padt10'><span class='evo_btn_arr evolb_trigger' data-lbvals=\"{&quot;lbc&quot;:&quot;evo_location_lb_30&quot;,&quot;lbac&quot;:&quot;lb_max&quot;,&quot;t&quot;:&quot;Pampeago&quot;,&quot;ajax&quot;:&quot;yes&quot;,&quot;ajax_type&quot;:&quot;endpoint&quot;,&quot;ajax_action&quot;:&quot;eventon_get_tax_card_content&quot;,&quot;end&quot;:&quot;client&quot;,&quot;d&quot;:{&quot;lang&quot;:&quot;L1&quot;,&quot;term_id&quot;:30,&quot;tax&quot;:&quot;event_location&quot;,&quot;load_lbcontent&quot;:true},&quot;uid&quot;:&quot;eventon_get_tax_card_content&quot;}\" >Other Events<i class='fa fa-chevron-right'><\/i><\/span><\/div><\/div>\n\t\t\n\t<\/div><\/div><\/div><div class='evocard_row'><div id='event_addtocal' class='evocard_box addtocal' data-c='' \n\t\t\t\t\tstyle=''><div class='evo_metarow_ICS evorow evcal_evdata_row'>\n\t\t\t<span class='evcal_evdata_icons'><i class='fa fa-calendar-o'><\/i><\/span>\n\t\t\t<div class='evcal_evdata_cell'>\n\t\t\t\t<p><a href='https:\/\/latemarium.com\/it\/export-events\/2149_1\/?nonce=a3263097f9' class='evo_ics_nCal' title='Aggiungi al tuo calendario'>Calendario<\/a><a href='https:\/\/www.google.com\/calendar\/event?action=TEMPLATE&text=I+suoni+e+la+vita+della+malga&dates=20260628T132000Z%2F20260628T215900Z&ctz=Europe%2FRome&details=I suoni e la vita della malga&location=Pampeago+Localit%C3%A0+Pampeago%2C+8%2C+38038+Tesero+TN' target='_blank' class='evo_ics_gCal' title='Aggiungi al calendario di Google'>GoogleCal<\/a><\/p>\t\n\t\t\t<\/div>\n\t\t<\/div><\/div><\/div><div class='evocard_row'><div id='event_getdirection' class='evocard_box getdirection' data-c='' \n\t\t\t\t\tstyle=''><div class='evo_metarow_getDr evorow evcal_evdata_row evcal_evrow_sm getdirections'>\n\t\t<form action='https:\/\/maps.google.com\/maps' method='get' target='_blank'>\n\t\t\t<input type='hidden' name='daddr' value=\"46.34343697644898,11.540997527961546\"\/> \n\t\t\t<div class='evo_get_direction_content evo_fx_dr_r evogap10'>\n\t\t\t\t<span class='evogetdir_header evodfx evofx_dr_r evofx_ai_c marr10'>\n\t\t\t\t\t<i class='mainicon fa fa-road'><\/i> \n\t\t\t\t\t<h3 class='evo_h3' style='padding-bottom:5px;'>Ottieni indicazioni stradali<\/h3>\n\t\t\t\t<\/span>\n\t\t\t\t<span class='evogetdir_field evodfx evofx_1_1 evo_fx_dr_c evow100p'>\t\t\t\t\t\n\t\t\t\t\t<input class='evoInput evotac' type='text' name='saddr' placeholder='Digitare l&#039;indirizzo per ottenere le indicazioni stradali' value='' style='margin:10px 0;'\/>\n\t\t\t\t<\/span>\n\t\t\t\t<button type='submit' class='evo_get_direction_button evo_btn_arr_circ dfx fx_ai_c' title='Fare clic qui per ottenere indicazioni'><i class='fa fa-chevron-right'><\/i> <\/button>\n\t\t\t<\/div>\n\t\t<\/form>\n\t<\/div><\/div><\/div><div class='evo_card_row_end evcal_close' title='Testo del pulsante Chiudi evento'><\/div><\/div><div class='clear end'><\/div><\/div><div id=\"event_2114_0\" class=\"eventon_list_event evo_eventtop scheduled  event clrW no_et event_2114_0\" data-event_id=\"2114\" data-ri=\"0r\" data-time=\"1782718200-1782770340\" data-colr=\"#ffa024\" itemscope itemtype='http:\/\/schema.org\/Event'><div class=\"evo_event_schema\" style=\"display:none\" ><a itemprop='url'  href='https:\/\/latemarium.com\/it\/events\/geotrekking-monte-agnello\/'><\/a><meta itemprop='image' content=\"https:\/\/latemarium.com\/wp-content\/uploads\/2023\/06\/geotrail-monte-agnello.jpg\" \/><meta itemprop='startDate' content=\"2026-6-29T09:30+0:00\" \/><meta itemprop='endDate' content=\"2026-6-29T23:59+0:00\" \/><meta itemprop='eventStatus' content=\"https:\/\/schema.org\/EventScheduled\" \/><meta itemprop='eventAttendanceMode'   itemscope itemtype=\"https:\/\/schema.org\/OfflineEventAttendanceMode\"\/><div style=\"display:none\" itemprop=\"location\" itemscope itemtype=\"http:\/\/schema.org\/Place\"><span itemprop=\"name\">Rifugio Agnello<\/span><span itemprop=\"address\" itemscope itemtype=\"http:\/\/schema.org\/PostalAddress\"><item itemprop=\"streetAddress\">Loc. Pampeago, 9, 38038 Tesero TN<\/item><\/span><\/div><script type=\"application\/ld+json\">{\"@context\": \"http:\/\/schema.org\",\"@type\": \"Event\",\n\t\t\t\t\"@id\": \"event_2114_0\",\n\t\t\t\t\"eventAttendanceMode\":\"https:\/\/schema.org\/OfflineEventAttendanceMode\",\n\t\t\t\t\"eventStatus\":\"https:\/\/schema.org\/EventScheduled\",\n\t\t\t\t\"name\": \"Geotrekking Monte Agnello\",\n\t\t\t\t\"url\": \"https:\/\/latemarium.com\/it\/events\/geotrekking-monte-agnello\/\",\n\t\t\t\t\"startDate\": \"2026-6-29T09:30+0:00\",\n\t\t\t\t\"endDate\": \"2026-6-29T23:59+0:00\",\n\t\t\t\t\"image\":\"https:\/\/latemarium.com\/wp-content\/uploads\/2023\/06\/geotrail-monte-agnello.jpg\", \n\t\t\t\t\"description\":\"<p><strong>Scenografico itinerario geologico<\/strong> ad anello alla scoperta dell\u2019antico vulcano di Predazzo, guidati da un esperto Geologo e Accompagnatore di Media Montagna.<\/p> <p>Una camminata sulle tracce della Pompei del Triassico del Monte Agnello, dove lave, ceneri e lapilli hanno seppellito un antico atollo tropicale.<\/p> <p>Il percorso \u00e8 semplice, con sentieri ben percorribili, dislivello 350 metri circa.<\/p> <p><strong>Prenotazione obbligatoria<\/strong>.<\/p> <p>Attivit\u00e0 gratuita.<\/p> <p>Clicca <a href='https:\/\/www.visitfiemme.it\/it\/eventi\/fiemme-cembra-guest-card\/esperienze\/esperienze-in-estate?re-product-id=211508' target='_blank' rel='noopener'>qui<\/a>\u00a0per prenotare.<\/p> \",\"location\":[{\"@type\":\"Place\",\"name\":\"Rifugio Agnello\",\"address\":{\"@type\": \"PostalAddress\",\"streetAddress\":\"Loc. Pampeago, 9, 38038 Tesero TN\"}}]}<\/script><\/div>\r\n\t\t\t\t<p class=\"desc_trig_outter\" style=\"\"><a data-gmtrig=\"1\" data-exlk=\"0\" style=\"background-color: #ffa024;\" id=\"evc_17827182002114\" class=\"hasFtIMG event_repeat desc_trig sin_val evcal_list_a\" data-ux_val=\"3\" data-ux_val_mob=\"-\"  ><span class='evoet_c1 evoet_cx '><span class='ev_ftImg' data-img='https:\/\/latemarium.com\/wp-content\/uploads\/2023\/06\/geotrail-monte-agnello.jpg' data-thumb='https:\/\/latemarium.com\/wp-content\/uploads\/2023\/06\/geotrail-monte-agnello-300x240.jpg' style='background-image:url(\"https:\/\/latemarium.com\/wp-content\/uploads\/2023\/06\/geotrail-monte-agnello-300x240.jpg\")' ><\/span><\/span><span class='evoet_c2 evoet_cx '><span class='evoet_dayblock evcal_cblock ' data-bgcolor='#ffa024' data-smon='giugno' data-syr='2026' data-bub=''><span class='evo_start '><em class='date'>29<\/em><em class='month'>giu<\/em><em class='time'>09:30<\/em><\/span><\/span><\/span><span class='evoet_c3 evoet_cx evcal_desc hide_eventtopdata '><span class='evoet_title evcal_desc2 evcal_event_title ' itemprop='name'>Geotrekking Monte Agnello<\/span><span class='event_location_attrs'  data-location_address=\"Loc. Pampeago, 9, 38038 Tesero TN\" data-location_type=\"lonlat\" data-location_name=\"Rifugio Agnello\" data-location_url=\"https:\/\/latemarium.com\/it\/event-location\/rifugio-agnello\/\" data-location_status=\"true\" data-latlng=\"46.333809095680266,11.547693182509184\"><\/span><span class='evoet_subtitle evo_below_title' ><span class='evcal_event_subtitle ' >itinerario geologico ad anello alla scoperta dell\u2019antico vulcano di Predazzo<\/span><\/span><span class='evoet_time_expand level_3'><em class='evcal_time evo_tz_time'><i class='fa fa-clock-o'><\/i>09:30<span class='evo_tz marl5'>(GMT+02:00)<\/span><\/em> <\/span><span class='evoet_location level_3'><em class=\"evcal_location\"  data-latlng=\"46.333809095680266,11.547693182509184\" data-add_str=\"Loc. Pampeago, 9, 38038 Tesero TN\" data-n=\"Rifugio Agnello\"><i class=\"fa fa-location-pin\"><\/i><em class=\"event_location_name\">Rifugio Agnello<\/em>, Loc. Pampeago, 9, 38038 Tesero TN<\/em><\/span><\/span><span class='evoet_data' data-d=\"{&quot;loc.n&quot;:&quot;Rifugio Agnello&quot;,&quot;orgs&quot;:[],&quot;tags&quot;:{&quot;repeating&quot;:&quot;Repeating Event&quot;}}\" data-bgc=\"#ffa024\" data-bggrad=\"\" ><\/span><\/a><\/p><div class='event_description evcal_eventcard ' style=\"display:none\"><div class='evocard_row'><div id='event_ftimage' class='evocard_box ftimage' data-c='' \n\t\t\t\t\tstyle=''><div class='evocard_main_image_hold' data-t='Loading Image..'><div class='evocard_main_image evo_img_triglb evobr15 evobgsc evobgpc evodfx evofx_jc_c evofx_ai_c evofz48 minmized' style='height:300px; background-image:url();' data-f=\"https:\/\/latemarium.com\/wp-content\/uploads\/2023\/06\/geotrail-monte-agnello.jpg\" data-h=\"528\" data-w=\"661\" data-ratio=\"0.79878971255673\" data-event_id=\"2114\" data-ri=\"0\"  data-t='Loading Image..'><span style='height:300px; background-image:url(https:\/\/latemarium.com\/wp-content\/uploads\/2023\/06\/geotrail-monte-agnello.jpg)'><\/span><\/div><\/div><\/div><\/div><div class='evocard_row'><div id='event_eventdetails' class='evocard_box eventdetails' data-c='' \n\t\t\t\t\tstyle=''><div class='evo_metarow_details evorow evcal_evdata_row evcal_event_details'>\n\t\t<div class=\"event_excerpt\" style=\"display:none\"><h3 class=\"padb5 evo_h3\">Dettagli dell&#039;evento<\/h3><p>Scenografico itinerario geologico ad anello alla scoperta dell\u2019antico vulcano di Predazzo, guidati da un esperto Geologo e Accompagnatore di Media Montagna.\nUna camminata sulle tracce della Pompei del Triassico del Monte<\/p><\/div><span class='evcal_evdata_icons'><i class='fa fa-align-justify'><\/i><\/span>\n\t\t\n\t\t<div class='evcal_evdata_cell shorter_desc'>\n\t\t\t<div class='eventon_full_description'>\n\t\t\t\t<h3 class='padb5 evo_h3'><span class='evcal_evdata_icons'><i class='fa fa-align-justify'><\/i><\/span>Dettagli dell&#039;evento<\/h3>\n\t\t\t\t<div class='eventon_desc_in' itemprop='description'>\n\t\t\t\t<p><strong>Scenografico itinerario geologico<\/strong> ad anello alla scoperta dell\u2019antico vulcano di Predazzo, guidati da un esperto Geologo e Accompagnatore di Media Montagna.<\/p>\n<p>Una camminata sulle tracce della Pompei del Triassico del Monte Agnello, dove lave, ceneri e lapilli hanno seppellito un antico atollo tropicale.<\/p>\n<p>Il percorso \u00e8 semplice, con sentieri ben percorribili, dislivello 350 metri circa.<\/p>\n<p><strong>Prenotazione obbligatoria<\/strong>.<\/p>\n<p>Attivit\u00e0 gratuita.<\/p>\n<p>Clicca <a href=\"https:\/\/www.visitfiemme.it\/it\/eventi\/fiemme-cembra-guest-card\/esperienze\/esperienze-in-estate?re-product-id=211508\" target=\"_blank\" rel=\"noopener\">qui<\/a>\u00a0per prenotare.<\/p>\n<\/div><p class='eventon_shad_p' style='padding:5px 0 0; margin:0'>\n\t\t\t<span class='evcal_btn evo_btn_secondary evobtn_details_show_more' content='less'>\n\t\t\t\t<span class='ev_more_text' data-txt='Meno'>Pi\u00f9<\/span><span class='ev_more_arrow ard'><\/span>\n\t\t\t<\/span>\n\t\t<\/p><div class='clear'><\/div>\n\t\t\t<\/div>\n\t\t<\/div>\n\t<\/div><\/div><\/div><div class='evocard_row bx2 bx'><div id='event_time' class='evocard_box time' data-c='' \n\t\t\t\t\tstyle=''><div class='evo_metarow_time evorow evcal_evdata_row evcal_evrow_sm '>\n\t\t<span class='evcal_evdata_icons'><i class='fa fa-clock'><\/i><\/span>\n\t\t<div class='evcal_evdata_cell'>\t\t\t\t\t\t\t\n\t\t\t<h3 class='evo_h3'><span class='evcal_evdata_icons'><i class='fa fa-clock'><\/i><\/span>Orario<\/h3><p><span class='evo_eventcard_time_t'>29 giugno 2026 09:30<\/span><span class='evo_tz marr5'>(GMT+02:00)<\/span><\/p>\n\t\t<\/div>\n\t<\/div><\/div><div id='event_location' class='evocard_box location' data-c='' \n\t\t\t\t\tstyle=''><div class='evcal_evdata_row evo_metarow_time_location evorow '>\n\t\t\n\t\t\t<span class='evcal_evdata_icons'><i class='fa fa-map-marker'><\/i><\/span>\n\t\t\t<div class='evcal_evdata_cell' data-loc_tax_id='24'><h3 class='evo_h3 evodfx'><span class='evcal_evdata_icons'><i class='fa fa-map-marker'><\/i><\/span><a target=\"_blank\" href=\"https:\/\/www.facebook.com\/profile.php?id=100064742944609\">Luogo<\/a><\/h3><p class='evo_location_name'><a target=\"_blank\" href=\"https:\/\/www.facebook.com\/profile.php?id=100064742944609\">Rifugio Agnello<\/a><\/p><p class='evo_location_address evodfxi evogap10'><a target=\"_blank\" href=\"https:\/\/www.facebook.com\/profile.php?id=100064742944609\">Loc. Pampeago, 9, 38038 Tesero TN<\/a><\/p><div class='padt10'><span class='evo_btn_arr evolb_trigger' data-lbvals=\"{&quot;lbc&quot;:&quot;evo_location_lb_24&quot;,&quot;lbac&quot;:&quot;lb_max&quot;,&quot;t&quot;:&quot;Rifugio Agnello&quot;,&quot;ajax&quot;:&quot;yes&quot;,&quot;ajax_type&quot;:&quot;endpoint&quot;,&quot;ajax_action&quot;:&quot;eventon_get_tax_card_content&quot;,&quot;end&quot;:&quot;client&quot;,&quot;d&quot;:{&quot;lang&quot;:&quot;L1&quot;,&quot;term_id&quot;:24,&quot;tax&quot;:&quot;event_location&quot;,&quot;load_lbcontent&quot;:true},&quot;uid&quot;:&quot;eventon_get_tax_card_content&quot;}\" >Other Events<i class='fa fa-chevron-right'><\/i><\/span><\/div><\/div>\n\t\t\n\t<\/div><\/div><\/div><div class='evocard_row bx2 bx'><div id='event_learnmore' class='evocard_box learnmore' data-c='' \n\t\t\t\t\tstyle=''><div class='evo_metarow_learnM evo_metarow_learnmore evorow'>\n\t\t\t\t\t\t\t<a class='evcal_evdata_row evo_clik_row ' href='https:\/\/latemarium.com\/it\/excursions\/detail\/geotrail-monte-agnello\/' target=\"_blank\">\n\t\t\t\t\t\t\t\t<span class='evcal_evdata_icons'><i class='fa fa-link'><\/i><\/span>\n\t\t\t\t\t\t\t\t<h3 class='evo_h3'>Scopri di pi\u00f9<\/h3>\n\t\t\t\t\t\t\t<\/a>\n\t\t\t\t\t\t\t<\/div><\/div><div id='event_addtocal' class='evocard_box addtocal' data-c='' \n\t\t\t\t\tstyle=''><div class='evo_metarow_ICS evorow evcal_evdata_row'>\n\t\t\t<span class='evcal_evdata_icons'><i class='fa fa-calendar-o'><\/i><\/span>\n\t\t\t<div class='evcal_evdata_cell'>\n\t\t\t\t<p><a href='https:\/\/latemarium.com\/it\/export-events\/2114_0\/?nonce=a3263097f9' class='evo_ics_nCal' title='Aggiungi al tuo calendario'>Calendario<\/a><a href='https:\/\/www.google.com\/calendar\/event?action=TEMPLATE&text=Geotrekking+Monte+Agnello&dates=20260629T073000Z%2F20260629T215900Z&ctz=Europe%2FRome&details=Geotrekking Monte Agnello&location=Rifugio+Agnello+Loc.+Pampeago%2C+9%2C+38038+Tesero+TN' target='_blank' class='evo_ics_gCal' title='Aggiungi al calendario di Google'>GoogleCal<\/a><\/p>\t\n\t\t\t<\/div>\n\t\t<\/div><\/div><\/div><div class='evocard_row'><div id='event_getdirection' class='evocard_box getdirection' data-c='' \n\t\t\t\t\tstyle=''><div class='evo_metarow_getDr evorow evcal_evdata_row evcal_evrow_sm getdirections'>\n\t\t<form action='https:\/\/maps.google.com\/maps' method='get' target='_blank'>\n\t\t\t<input type='hidden' name='daddr' value=\"46.333809095680266,11.547693182509184\"\/> \n\t\t\t<div class='evo_get_direction_content evo_fx_dr_r evogap10'>\n\t\t\t\t<span class='evogetdir_header evodfx evofx_dr_r evofx_ai_c marr10'>\n\t\t\t\t\t<i class='mainicon fa fa-road'><\/i> \n\t\t\t\t\t<h3 class='evo_h3' style='padding-bottom:5px;'>Ottieni indicazioni stradali<\/h3>\n\t\t\t\t<\/span>\n\t\t\t\t<span class='evogetdir_field evodfx evofx_1_1 evo_fx_dr_c evow100p'>\t\t\t\t\t\n\t\t\t\t\t<input class='evoInput evotac' type='text' name='saddr' placeholder='Digitare l&#039;indirizzo per ottenere le indicazioni stradali' value='' style='margin:10px 0;'\/>\n\t\t\t\t<\/span>\n\t\t\t\t<button type='submit' class='evo_get_direction_button evo_btn_arr_circ dfx fx_ai_c' title='Fare clic qui per ottenere indicazioni'><i class='fa fa-chevron-right'><\/i> <\/button>\n\t\t\t<\/div>\n\t\t<\/form>\n\t<\/div><\/div><\/div><div class='evo_card_row_end evcal_close' title='Testo del pulsante Chiudi evento'><\/div><\/div><div class='clear end'><\/div><\/div><div id=\"event_2149_2\" class=\"eventon_list_event evo_eventtop scheduled  event clrW no_et event_2149_2\" data-event_id=\"2149\" data-ri=\"2r\" data-time=\"1782739200-1782770340\" data-colr=\"#b8d989\" itemscope itemtype='http:\/\/schema.org\/Event'><div class=\"evo_event_schema\" style=\"display:none\" ><a itemprop='url'  href='https:\/\/latemarium.com\/it\/events\/i-suoni-e-la-vita-della-malga\/var\/ri-2.l-L1'><\/a><meta itemprop='image' content=\"https:\/\/latemarium.com\/wp-content\/uploads\/2023\/06\/suoni-vita-malga.jpg\" \/><meta itemprop='startDate' content=\"2026-6-29T15:20+0:00\" \/><meta itemprop='endDate' content=\"2026-6-29T23:59+0:00\" \/><meta itemprop='eventStatus' content=\"https:\/\/schema.org\/EventScheduled\" \/><meta itemprop='eventAttendanceMode'   itemscope itemtype=\"https:\/\/schema.org\/OfflineEventAttendanceMode\"\/><div style=\"display:none\" itemprop=\"location\" itemscope itemtype=\"http:\/\/schema.org\/Place\"><span itemprop=\"name\">Pampeago<\/span><span itemprop=\"address\" itemscope itemtype=\"http:\/\/schema.org\/PostalAddress\"><item itemprop=\"streetAddress\">Localit\u00e0 Pampeago, 8, 38038 Tesero TN<\/item><\/span><\/div><script type=\"application\/ld+json\">{\"@context\": \"http:\/\/schema.org\",\"@type\": \"Event\",\n\t\t\t\t\"@id\": \"event_2149_2\",\n\t\t\t\t\"eventAttendanceMode\":\"https:\/\/schema.org\/OfflineEventAttendanceMode\",\n\t\t\t\t\"eventStatus\":\"https:\/\/schema.org\/EventScheduled\",\n\t\t\t\t\"name\": \"I suoni e la vita della malga\",\n\t\t\t\t\"url\": \"https:\/\/latemarium.com\/it\/events\/i-suoni-e-la-vita-della-malga\/var\/ri-2.l-L1\",\n\t\t\t\t\"startDate\": \"2026-6-29T15:20+0:00\",\n\t\t\t\t\"endDate\": \"2026-6-29T23:59+0:00\",\n\t\t\t\t\"image\":\"https:\/\/latemarium.com\/wp-content\/uploads\/2023\/06\/suoni-vita-malga.jpg\", \n\t\t\t\t\"description\":\"<p>Ritrovo presso parcheggio seggiovia Tresca (raggiungibile in auto da Pampeago \u2013 SOLO per chi prenota l&#8217;attivit\u00e0).<\/p> <p>Dopo una breve passeggiata fino a Malga Pampeago, bambini e genitori scoprono la vita e i suoni quotidiani che scandiscono la vita dei malgari, fra mucche, vitellini, asinelli e maiali.<\/p> <p>A fine attivit\u00e0 ci sar\u00e0 una piccola merenda che i bambini potranno gustarsi o portarsi a casa.<\/p> <p>Attivit\u00e0 possibile anche con passeggino country.<\/p> <p>Prenotazione obbligatoria.<\/p> <p>Prenotazione obbligatoria. Clicca <a href='https:\/\/www.visitfiemme.it\/it\/eventi\/fiemme-cembra-guest-card\/esperienze\/esperienze-in-estate?re-product-id=211655' target='_blank' rel='noopener'>qui<\/a>\u00a0per prenotare.<\/p> \",\"location\":[{\"@type\":\"Place\",\"name\":\"Pampeago\",\"address\":{\"@type\": \"PostalAddress\",\"streetAddress\":\"Localit\u00e0 Pampeago, 8, 38038 Tesero TN\"}}]}<\/script><\/div>\r\n\t\t\t\t<p class=\"desc_trig_outter\" style=\"\"><a data-gmtrig=\"1\" data-exlk=\"0\" style=\"background-color: #b8d989;\" id=\"evc_17827392002149\" class=\"hasFtIMG event_repeat desc_trig sin_val evcal_list_a\" data-ux_val=\"3\" data-ux_val_mob=\"-\"  ><span class='evoet_c1 evoet_cx '><span class='ev_ftImg' data-img='https:\/\/latemarium.com\/wp-content\/uploads\/2023\/06\/suoni-vita-malga.jpg' data-thumb='https:\/\/latemarium.com\/wp-content\/uploads\/2023\/06\/suoni-vita-malga-300x225.jpg' style='background-image:url(\"https:\/\/latemarium.com\/wp-content\/uploads\/2023\/06\/suoni-vita-malga-300x225.jpg\")' ><\/span><\/span><span class='evoet_c2 evoet_cx '><span class='evoet_dayblock evcal_cblock ' data-bgcolor='#b8d989' data-smon='giugno' data-syr='2026' data-bub=''><span class='evo_start '><em class='date'>29<\/em><em class='month'>giu<\/em><em class='time'>15:20<\/em><\/span><\/span><\/span><span class='evoet_c3 evoet_cx evcal_desc hide_eventtopdata '><span class='evoet_title evcal_desc2 evcal_event_title ' itemprop='name'>I suoni e la vita della malga<\/span><span class='event_location_attrs'  data-location_address=\"Localit\u00e0 Pampeago, 8, 38038 Tesero TN\" data-location_type=\"lonlat\" data-location_name=\"Pampeago\" data-location_url=\"https:\/\/latemarium.com\/it\/event-location\/pampeago\/\" data-location_status=\"true\" data-latlng=\"46.34343697644898,11.540997527961546\"><\/span><span class='evoet_subtitle evo_below_title' ><span class='evcal_event_subtitle ' >Alla scoperta della vita dei malgari<\/span><\/span><span class='evoet_time_expand level_3'><em class='evcal_time evo_tz_time'><i class='fa fa-clock-o'><\/i>15:20<span class='evo_tz marl5'>(GMT+02:00)<\/span><\/em> <\/span><span class='evoet_location level_3'><em class=\"evcal_location\"  data-latlng=\"46.34343697644898,11.540997527961546\" data-add_str=\"Localit\u00e0 Pampeago, 8, 38038 Tesero TN\" data-n=\"Pampeago\"><i class=\"fa fa-location-pin\"><\/i><em class=\"event_location_name\">Pampeago<\/em>, Localit\u00e0 Pampeago, 8, 38038 Tesero TN<\/em><\/span><\/span><span class='evoet_data' data-d=\"{&quot;loc.n&quot;:&quot;Pampeago&quot;,&quot;orgs&quot;:[],&quot;tags&quot;:{&quot;repeating&quot;:&quot;Repeating Event&quot;}}\" data-bgc=\"#b8d989\" data-bggrad=\"\" ><\/span><\/a><\/p><div class='event_description evcal_eventcard ' style=\"display:none\"><div class='evocard_row'><div id='event_ftimage' class='evocard_box ftimage' data-c='' \n\t\t\t\t\tstyle=''><div class='evocard_main_image_hold' data-t='Loading Image..'><div class='evocard_main_image evo_img_triglb evobr15 evobgsc evobgpc evodfx evofx_jc_c evofx_ai_c evofz48 minmized' style='height:300px; background-image:url();' data-f=\"https:\/\/latemarium.com\/wp-content\/uploads\/2023\/06\/suoni-vita-malga.jpg\" data-h=\"796\" data-w=\"1062\" data-ratio=\"0.74952919020716\" data-event_id=\"2149\" data-ri=\"2\"  data-t='Loading Image..'><span style='height:300px; background-image:url(https:\/\/latemarium.com\/wp-content\/uploads\/2023\/06\/suoni-vita-malga.jpg)'><\/span><\/div><\/div><\/div><\/div><div class='evocard_row'><div id='event_eventdetails' class='evocard_box eventdetails' data-c='' \n\t\t\t\t\tstyle=''><div class='evo_metarow_details evorow evcal_evdata_row evcal_event_details'>\n\t\t<div class=\"event_excerpt\" style=\"display:none\"><h3 class=\"padb5 evo_h3\">Dettagli dell&#039;evento<\/h3><p>Ritrovo presso parcheggio seggiovia Tresca (raggiungibile in auto da Pampeago \u2013 SOLO per chi prenota l&#8217;attivit\u00e0).\nDopo una breve passeggiata fino a Malga Pampeago, bambini e genitori scoprono la vita e<\/p><\/div><span class='evcal_evdata_icons'><i class='fa fa-align-justify'><\/i><\/span>\n\t\t\n\t\t<div class='evcal_evdata_cell shorter_desc'>\n\t\t\t<div class='eventon_full_description'>\n\t\t\t\t<h3 class='padb5 evo_h3'><span class='evcal_evdata_icons'><i class='fa fa-align-justify'><\/i><\/span>Dettagli dell&#039;evento<\/h3>\n\t\t\t\t<div class='eventon_desc_in' itemprop='description'>\n\t\t\t\t<p>Ritrovo presso parcheggio seggiovia Tresca (raggiungibile in auto da Pampeago \u2013 SOLO per chi prenota l&#8217;attivit\u00e0).<\/p>\n<p>Dopo una breve passeggiata fino a Malga Pampeago, bambini e genitori scoprono la vita e i suoni quotidiani che scandiscono la vita dei malgari, fra mucche, vitellini, asinelli e maiali.<\/p>\n<p>A fine attivit\u00e0 ci sar\u00e0 una piccola merenda che i bambini potranno gustarsi o portarsi a casa.<\/p>\n<p>Attivit\u00e0 possibile anche con passeggino country.<\/p>\n<p>Prenotazione obbligatoria.<\/p>\n<p>Prenotazione obbligatoria. Clicca <a href=\"https:\/\/www.visitfiemme.it\/it\/eventi\/fiemme-cembra-guest-card\/esperienze\/esperienze-in-estate?re-product-id=211655\" target=\"_blank\" rel=\"noopener\">qui<\/a>\u00a0per prenotare.<\/p>\n<\/div><p class='eventon_shad_p' style='padding:5px 0 0; margin:0'>\n\t\t\t<span class='evcal_btn evo_btn_secondary evobtn_details_show_more' content='less'>\n\t\t\t\t<span class='ev_more_text' data-txt='Meno'>Pi\u00f9<\/span><span class='ev_more_arrow ard'><\/span>\n\t\t\t<\/span>\n\t\t<\/p><div class='clear'><\/div>\n\t\t\t<\/div>\n\t\t<\/div>\n\t<\/div><\/div><\/div><div class='evocard_row bx2 bx'><div id='event_time' class='evocard_box time' data-c='' \n\t\t\t\t\tstyle=''><div class='evo_metarow_time evorow evcal_evdata_row evcal_evrow_sm '>\n\t\t<span class='evcal_evdata_icons'><i class='fa fa-clock'><\/i><\/span>\n\t\t<div class='evcal_evdata_cell'>\t\t\t\t\t\t\t\n\t\t\t<h3 class='evo_h3'><span class='evcal_evdata_icons'><i class='fa fa-clock'><\/i><\/span>Orario<\/h3><p><span class='evo_eventcard_time_t'>29 giugno 2026 15:20<\/span><span class='evo_tz marr5'>(GMT+02:00)<\/span><\/p>\n\t\t<\/div>\n\t<\/div><\/div><div id='event_location' class='evocard_box location' data-c='' \n\t\t\t\t\tstyle=''><div class='evcal_evdata_row evo_metarow_time_location evorow '>\n\t\t\n\t\t\t<span class='evcal_evdata_icons'><i class='fa fa-map-marker'><\/i><\/span>\n\t\t\t<div class='evcal_evdata_cell' data-loc_tax_id='30'><h3 class='evo_h3 evodfx'><span class='evcal_evdata_icons'><i class='fa fa-map-marker'><\/i><\/span>Luogo<\/h3><p class='evo_location_name'>Pampeago<\/p><p class='evo_location_address evodfxi evogap10'>Localit\u00e0 Pampeago, 8, 38038 Tesero TN<\/p><div class='padt10'><span class='evo_btn_arr evolb_trigger' data-lbvals=\"{&quot;lbc&quot;:&quot;evo_location_lb_30&quot;,&quot;lbac&quot;:&quot;lb_max&quot;,&quot;t&quot;:&quot;Pampeago&quot;,&quot;ajax&quot;:&quot;yes&quot;,&quot;ajax_type&quot;:&quot;endpoint&quot;,&quot;ajax_action&quot;:&quot;eventon_get_tax_card_content&quot;,&quot;end&quot;:&quot;client&quot;,&quot;d&quot;:{&quot;lang&quot;:&quot;L1&quot;,&quot;term_id&quot;:30,&quot;tax&quot;:&quot;event_location&quot;,&quot;load_lbcontent&quot;:true},&quot;uid&quot;:&quot;eventon_get_tax_card_content&quot;}\" >Other Events<i class='fa fa-chevron-right'><\/i><\/span><\/div><\/div>\n\t\t\n\t<\/div><\/div><\/div><div class='evocard_row'><div id='event_addtocal' class='evocard_box addtocal' data-c='' \n\t\t\t\t\tstyle=''><div class='evo_metarow_ICS evorow evcal_evdata_row'>\n\t\t\t<span class='evcal_evdata_icons'><i class='fa fa-calendar-o'><\/i><\/span>\n\t\t\t<div class='evcal_evdata_cell'>\n\t\t\t\t<p><a href='https:\/\/latemarium.com\/it\/export-events\/2149_2\/?nonce=a3263097f9' class='evo_ics_nCal' title='Aggiungi al tuo calendario'>Calendario<\/a><a href='https:\/\/www.google.com\/calendar\/event?action=TEMPLATE&text=I+suoni+e+la+vita+della+malga&dates=20260629T132000Z%2F20260629T215900Z&ctz=Europe%2FRome&details=I suoni e la vita della malga&location=Pampeago+Localit%C3%A0+Pampeago%2C+8%2C+38038+Tesero+TN' target='_blank' class='evo_ics_gCal' title='Aggiungi al calendario di Google'>GoogleCal<\/a><\/p>\t\n\t\t\t<\/div>\n\t\t<\/div><\/div><\/div><div class='evocard_row'><div id='event_getdirection' class='evocard_box getdirection' data-c='' \n\t\t\t\t\tstyle=''><div class='evo_metarow_getDr evorow evcal_evdata_row evcal_evrow_sm getdirections'>\n\t\t<form action='https:\/\/maps.google.com\/maps' method='get' target='_blank'>\n\t\t\t<input type='hidden' name='daddr' value=\"46.34343697644898,11.540997527961546\"\/> \n\t\t\t<div class='evo_get_direction_content evo_fx_dr_r evogap10'>\n\t\t\t\t<span class='evogetdir_header evodfx evofx_dr_r evofx_ai_c marr10'>\n\t\t\t\t\t<i class='mainicon fa fa-road'><\/i> \n\t\t\t\t\t<h3 class='evo_h3' style='padding-bottom:5px;'>Ottieni indicazioni stradali<\/h3>\n\t\t\t\t<\/span>\n\t\t\t\t<span class='evogetdir_field evodfx evofx_1_1 evo_fx_dr_c evow100p'>\t\t\t\t\t\n\t\t\t\t\t<input class='evoInput evotac' type='text' name='saddr' placeholder='Digitare l&#039;indirizzo per ottenere le indicazioni stradali' value='' style='margin:10px 0;'\/>\n\t\t\t\t<\/span>\n\t\t\t\t<button type='submit' class='evo_get_direction_button evo_btn_arr_circ dfx fx_ai_c' title='Fare clic qui per ottenere indicazioni'><i class='fa fa-chevron-right'><\/i> <\/button>\n\t\t\t<\/div>\n\t\t<\/form>\n\t<\/div><\/div><\/div><div class='evo_card_row_end evcal_close' title='Testo del pulsante Chiudi evento'><\/div><\/div><div class='clear end'><\/div><\/div><div id=\"event_2484_1\" class=\"eventon_list_event evo_eventtop scheduled  event clrD no_et event_2484_1\" data-event_id=\"2484\" data-ri=\"1r\" data-time=\"1782804600-1782856740\" data-colr=\"#38823b\" itemscope itemtype='http:\/\/schema.org\/Event'><div class=\"evo_event_schema\" style=\"display:none\" ><a itemprop='url'  href='https:\/\/latemarium.com\/it\/events\/respirart-arte-in-quota\/var\/ri-1.l-L1'><\/a><meta itemprop='image' content=\"https:\/\/latemarium.com\/wp-content\/uploads\/2023\/06\/respirart-respiro-arte-natura.jpg\" \/><meta itemprop='startDate' content=\"2026-6-30T09:30+0:00\" \/><meta itemprop='endDate' content=\"2026-6-30T23:59+0:00\" \/><meta itemprop='eventStatus' content=\"https:\/\/schema.org\/EventScheduled\" \/><meta itemprop='eventAttendanceMode'   itemscope itemtype=\"https:\/\/schema.org\/OfflineEventAttendanceMode\"\/><div style=\"display:none\" itemprop=\"location\" itemscope itemtype=\"http:\/\/schema.org\/Place\"><span itemprop=\"name\">Pampeago<\/span><span itemprop=\"address\" itemscope itemtype=\"http:\/\/schema.org\/PostalAddress\"><item itemprop=\"streetAddress\">Localit\u00e0 Pampeago, 8, 38038 Tesero TN<\/item><\/span><\/div><script type=\"application\/ld+json\">{\"@context\": \"http:\/\/schema.org\",\"@type\": \"Event\",\n\t\t\t\t\"@id\": \"event_2484_1\",\n\t\t\t\t\"eventAttendanceMode\":\"https:\/\/schema.org\/OfflineEventAttendanceMode\",\n\t\t\t\t\"eventStatus\":\"https:\/\/schema.org\/EventScheduled\",\n\t\t\t\t\"name\": \"Respirart: arte in quota\",\n\t\t\t\t\"url\": \"https:\/\/latemarium.com\/it\/events\/respirart-arte-in-quota\/var\/ri-1.l-L1\",\n\t\t\t\t\"startDate\": \"2026-6-30T09:30+0:00\",\n\t\t\t\t\"endDate\": \"2026-6-30T23:59+0:00\",\n\t\t\t\t\"image\":\"https:\/\/latemarium.com\/wp-content\/uploads\/2023\/06\/respirart-respiro-arte-natura.jpg\", \n\t\t\t\t\"description\":\"<h2>Arte in quota: alla scoperta di Respirart tra natura e installazioni<\/h2> <p>Si parte alle 9.30, davanti alla Seggiovia-Seminovia Agnello, dove incontrerai la guida artistica che ti consegner\u00e0 i semi e ti accompagner\u00e0 a seminare fiorume dall\u2019alto, per generare fiori e quindi nutrire la terra, le api, le capre e le mucche.<\/p> <p>Poi, la guida ti porter\u00e0 a scoprire le opere d\u2019arte del parco. Lungo il giro ad anello di 3 km scoprirai le ispirazioni degli artisti che hanno creato gesti d\u2019arte al cospetto del Latemar.<\/p> <p>Attivit\u00e0 adatta agli adulti.<\/p> <p>Prenotazione obbligatoria, clicca <a href='https:\/\/www.visitfiemme.it\/it\/eventi\/fiemme-cembra-guest-card\/esperienze\/esperienze-in-estate' target='_blank' rel='noopener'>qui<\/a>.<\/p> \",\"location\":[{\"@type\":\"Place\",\"name\":\"Pampeago\",\"address\":{\"@type\": \"PostalAddress\",\"streetAddress\":\"Localit\u00e0 Pampeago, 8, 38038 Tesero TN\"}}]}<\/script><\/div>\r\n\t\t\t\t<p class=\"desc_trig_outter\" style=\"\"><a data-gmtrig=\"1\" data-exlk=\"0\" style=\"background-color: #38823b;\" id=\"evc_17828046002484\" class=\"hasFtIMG event_repeat desc_trig sin_val evcal_list_a\" data-ux_val=\"3\" data-ux_val_mob=\"-\"  ><span class='evoet_c1 evoet_cx '><span class='ev_ftImg' data-img='https:\/\/latemarium.com\/wp-content\/uploads\/2023\/06\/respirart-respiro-arte-natura.jpg' data-thumb='https:\/\/latemarium.com\/wp-content\/uploads\/2023\/06\/respirart-respiro-arte-natura-300x201.jpg' style='background-image:url(\"https:\/\/latemarium.com\/wp-content\/uploads\/2023\/06\/respirart-respiro-arte-natura-300x201.jpg\")' ><\/span><\/span><span class='evoet_c2 evoet_cx '><span class='evoet_dayblock evcal_cblock ' data-bgcolor='#38823b' data-smon='giugno' data-syr='2026' data-bub=''><span class='evo_start '><em class='date'>30<\/em><em class='month'>giu<\/em><em class='time'>09:30<\/em><\/span><\/span><\/span><span class='evoet_c3 evoet_cx evcal_desc hide_eventtopdata '><span class='evoet_title evcal_desc2 evcal_event_title ' itemprop='name'>Respirart: arte in quota<\/span><span class='event_location_attrs'  data-location_address=\"Localit\u00e0 Pampeago, 8, 38038 Tesero TN\" data-location_type=\"lonlat\" data-location_name=\"Pampeago\" data-location_url=\"https:\/\/latemarium.com\/it\/event-location\/pampeago\/\" data-location_status=\"true\" data-latlng=\"46.34343697644898,11.540997527961546\"><\/span><span class='evoet_subtitle evo_below_title' ><span class='evcal_event_subtitle ' >Alla scoperta del parco d'arte Respirart<\/span><\/span><span class='evoet_time_expand level_3'><em class='evcal_time evo_tz_time'><i class='fa fa-clock-o'><\/i>09:30<span class='evo_tz marl5'>(GMT+02:00)<\/span><\/em> <\/span><span class='evoet_location level_3'><em class=\"evcal_location\"  data-latlng=\"46.34343697644898,11.540997527961546\" data-add_str=\"Localit\u00e0 Pampeago, 8, 38038 Tesero TN\" data-n=\"Pampeago\"><i class=\"fa fa-location-pin\"><\/i><em class=\"event_location_name\">Pampeago<\/em>, Localit\u00e0 Pampeago, 8, 38038 Tesero TN<\/em><\/span><\/span><span class='evoet_data' data-d=\"{&quot;loc.n&quot;:&quot;Pampeago&quot;,&quot;orgs&quot;:[],&quot;tags&quot;:{&quot;repeating&quot;:&quot;Repeating Event&quot;}}\" data-bgc=\"#38823b\" data-bggrad=\"\" ><\/span><\/a><\/p><div class='event_description evcal_eventcard ' style=\"display:none\"><div class='evocard_row'><div id='event_ftimage' class='evocard_box ftimage' data-c='' \n\t\t\t\t\tstyle=''><div class='evocard_main_image_hold' data-t='Loading Image..'><div class='evocard_main_image evo_img_triglb evobr15 evobgsc evobgpc evodfx evofx_jc_c evofx_ai_c evofz48 minmized' style='height:300px; background-image:url();' data-f=\"https:\/\/latemarium.com\/wp-content\/uploads\/2023\/06\/respirart-respiro-arte-natura.jpg\" data-h=\"602\" data-w=\"899\" data-ratio=\"0.66963292547275\" data-event_id=\"2484\" data-ri=\"1\"  data-t='Loading Image..'><span style='height:300px; background-image:url(https:\/\/latemarium.com\/wp-content\/uploads\/2023\/06\/respirart-respiro-arte-natura.jpg)'><\/span><\/div><\/div><\/div><\/div><div class='evocard_row'><div id='event_eventdetails' class='evocard_box eventdetails' data-c='' \n\t\t\t\t\tstyle=''><div class='evo_metarow_details evorow evcal_evdata_row evcal_event_details'>\n\t\t<div class=\"event_excerpt\" style=\"display:none\"><h3 class=\"padb5 evo_h3\">Dettagli dell&#039;evento<\/h3><p>Arte in quota: alla scoperta di Respirart tra natura e installazioni\nSi parte alle 9.30, davanti alla Seggiovia-Seminovia Agnello, dove incontrerai la guida artistica che ti consegner\u00e0 i semi e ti<\/p><\/div><span class='evcal_evdata_icons'><i class='fa fa-align-justify'><\/i><\/span>\n\t\t\n\t\t<div class='evcal_evdata_cell shorter_desc'>\n\t\t\t<div class='eventon_full_description'>\n\t\t\t\t<h3 class='padb5 evo_h3'><span class='evcal_evdata_icons'><i class='fa fa-align-justify'><\/i><\/span>Dettagli dell&#039;evento<\/h3>\n\t\t\t\t<div class='eventon_desc_in' itemprop='description'>\n\t\t\t\t<h2>Arte in quota: alla scoperta di Respirart tra natura e installazioni<\/h2>\n<p>Si parte alle 9.30, davanti alla Seggiovia-Seminovia Agnello, dove incontrerai la guida artistica che ti consegner\u00e0 i semi e ti accompagner\u00e0 a seminare fiorume dall\u2019alto, per generare fiori e quindi nutrire la terra, le api, le capre e le mucche.<\/p>\n<p>Poi, la guida ti porter\u00e0 a scoprire le opere d\u2019arte del parco. Lungo il giro ad anello di 3 km scoprirai le ispirazioni degli artisti che hanno creato gesti d\u2019arte al cospetto del Latemar.<\/p>\n<p>Attivit\u00e0 adatta agli adulti.<\/p>\n<p>Prenotazione obbligatoria, clicca <a href=\"https:\/\/www.visitfiemme.it\/it\/eventi\/fiemme-cembra-guest-card\/esperienze\/esperienze-in-estate\" target=\"_blank\" rel=\"noopener\">qui<\/a>.<\/p>\n<\/div><p class='eventon_shad_p' style='padding:5px 0 0; margin:0'>\n\t\t\t<span class='evcal_btn evo_btn_secondary evobtn_details_show_more' content='less'>\n\t\t\t\t<span class='ev_more_text' data-txt='Meno'>Pi\u00f9<\/span><span class='ev_more_arrow ard'><\/span>\n\t\t\t<\/span>\n\t\t<\/p><div class='clear'><\/div>\n\t\t\t<\/div>\n\t\t<\/div>\n\t<\/div><\/div><\/div><div class='evocard_row bx2 bx'><div id='event_time' class='evocard_box time' data-c='' \n\t\t\t\t\tstyle=''><div class='evo_metarow_time evorow evcal_evdata_row evcal_evrow_sm '>\n\t\t<span class='evcal_evdata_icons'><i class='fa fa-clock'><\/i><\/span>\n\t\t<div class='evcal_evdata_cell'>\t\t\t\t\t\t\t\n\t\t\t<h3 class='evo_h3'><span class='evcal_evdata_icons'><i class='fa fa-clock'><\/i><\/span>Orario<\/h3><p><span class='evo_eventcard_time_t'>30 giugno 2026 09:30<\/span><span class='evo_tz marr5'>(GMT+02:00)<\/span><\/p>\n\t\t<\/div>\n\t<\/div><\/div><div id='event_location' class='evocard_box location' data-c='' \n\t\t\t\t\tstyle=''><div class='evcal_evdata_row evo_metarow_time_location evorow '>\n\t\t\n\t\t\t<span class='evcal_evdata_icons'><i class='fa fa-map-marker'><\/i><\/span>\n\t\t\t<div class='evcal_evdata_cell' data-loc_tax_id='30'><h3 class='evo_h3 evodfx'><span class='evcal_evdata_icons'><i class='fa fa-map-marker'><\/i><\/span>Luogo<\/h3><p class='evo_location_name'>Pampeago<\/p><p class='evo_location_address evodfxi evogap10'>Localit\u00e0 Pampeago, 8, 38038 Tesero TN<\/p><div class='padt10'><span class='evo_btn_arr evolb_trigger' data-lbvals=\"{&quot;lbc&quot;:&quot;evo_location_lb_30&quot;,&quot;lbac&quot;:&quot;lb_max&quot;,&quot;t&quot;:&quot;Pampeago&quot;,&quot;ajax&quot;:&quot;yes&quot;,&quot;ajax_type&quot;:&quot;endpoint&quot;,&quot;ajax_action&quot;:&quot;eventon_get_tax_card_content&quot;,&quot;end&quot;:&quot;client&quot;,&quot;d&quot;:{&quot;lang&quot;:&quot;L1&quot;,&quot;term_id&quot;:30,&quot;tax&quot;:&quot;event_location&quot;,&quot;load_lbcontent&quot;:true},&quot;uid&quot;:&quot;eventon_get_tax_card_content&quot;}\" >Other Events<i class='fa fa-chevron-right'><\/i><\/span><\/div><\/div>\n\t\t\n\t<\/div><\/div><\/div><div class='evocard_row bx2 bx'><div id='event_learnmore' class='evocard_box learnmore' data-c='' \n\t\t\t\t\tstyle=''><div class='evo_metarow_learnM evo_metarow_learnmore evorow'>\n\t\t\t\t\t\t\t<a class='evcal_evdata_row evo_clik_row ' href='http:\/\/www.respirart.com\/' target=\"_blank\">\n\t\t\t\t\t\t\t\t<span class='evcal_evdata_icons'><i class='fa fa-link'><\/i><\/span>\n\t\t\t\t\t\t\t\t<h3 class='evo_h3'>Scopri di pi\u00f9<\/h3>\n\t\t\t\t\t\t\t<\/a>\n\t\t\t\t\t\t\t<\/div><\/div><div id='event_addtocal' class='evocard_box addtocal' data-c='' \n\t\t\t\t\tstyle=''><div class='evo_metarow_ICS evorow evcal_evdata_row'>\n\t\t\t<span class='evcal_evdata_icons'><i class='fa fa-calendar-o'><\/i><\/span>\n\t\t\t<div class='evcal_evdata_cell'>\n\t\t\t\t<p><a href='https:\/\/latemarium.com\/it\/export-events\/2484_1\/?nonce=a3263097f9' class='evo_ics_nCal' title='Aggiungi al tuo calendario'>Calendario<\/a><a href='https:\/\/www.google.com\/calendar\/event?action=TEMPLATE&text=Respirart%3A+arte+in+quota&dates=20260630T073000Z%2F20260630T215900Z&ctz=Europe%2FRome&details=Respirart: arte in quota&location=Pampeago+Localit%C3%A0+Pampeago%2C+8%2C+38038+Tesero+TN' target='_blank' class='evo_ics_gCal' title='Aggiungi al calendario di Google'>GoogleCal<\/a><\/p>\t\n\t\t\t<\/div>\n\t\t<\/div><\/div><\/div><div class='evocard_row'><div id='event_repeats' class='evocard_box repeats' data-c='' \n\t\t\t\t\tstyle=''><div class='evo_metarow_repeats evorow evcal_evdata_row evcal_evrow_sm '>\n\t\t<span class='evcal_evdata_icons'><i class='fa fa-repeat'><\/i><\/span>\n\t\t<div class='evcal_evdata_cell'>\t\t\t\t\t\t\t\n\t\t\t<h3 class='evo_h3'>Orari degli eventi futuri in questa serie di eventi ripetuti<\/h3><div class='evo_elm_HCS evo_repeat_series' style=''><span class='evo_elmHCS_nav HCSnavL evo_repeat_series content_slide_trig'><i class='fa fa-chevron-left'><\/i><\/span><span class='evo_elmHCS_nav HCSnavR evo_repeat_series content_slide_trig'><i class='fa fa-chevron-right'><\/i><\/span><div class='evo_elm_HCS_in'><div class='evo_repeat_series_dates clickable evodfx evofx_dr_r evogap10' data-click='1' data-event_url='https:\/\/latemarium.com\/it\/events\/respirart-arte-in-quota\/var\/ri-1.l-L1'><span class='evo_repeat_series_date evodfx evofx_dr_r evofx_ai_c evogap5 evobr15 evobrdB1 evocl1 evopad15 evottu evofz14 evocurp evo_trans_sc1_03 evoHbgcw' data-ux=\"def\" data-l=\"https:\/\/latemarium.com\/it\/events\/respirart-arte-in-quota\/var\/ri-2.l-L1\" ><span class='evodfx evofx_dr_c evotac evofx_jc_c'><b class='j evofz16'>7<\/b><b class='fy'>luglio <\/b><em class='t evofsn'>09:30 - 23:59<\/em><\/span><\/span><span class='evo_repeat_series_date evodfx evofx_dr_r evofx_ai_c evogap5 evobr15 evobrdB1 evocl1 evopad15 evottu evofz14 evocurp evo_trans_sc1_03 evoHbgcw' data-ux=\"def\" data-l=\"https:\/\/latemarium.com\/it\/events\/respirart-arte-in-quota\/var\/ri-3.l-L1\" ><span class='evodfx evofx_dr_c evotac evofx_jc_c'><b class='j evofz16'>14<\/b><b class='fy'>luglio <\/b><em class='t evofsn'>09:30 - 23:59<\/em><\/span><\/span><span class='evo_repeat_series_date evodfx evofx_dr_r evofx_ai_c evogap5 evobr15 evobrdB1 evocl1 evopad15 evottu evofz14 evocurp evo_trans_sc1_03 evoHbgcw' data-ux=\"def\" data-l=\"https:\/\/latemarium.com\/it\/events\/respirart-arte-in-quota\/var\/ri-4.l-L1\" ><span class='evodfx evofx_dr_c evotac evofx_jc_c'><b class='j evofz16'>21<\/b><b class='fy'>luglio <\/b><em class='t evofsn'>09:30 - 23:59<\/em><\/span><\/span><span class='evo_repeat_series_date evodfx evofx_dr_r evofx_ai_c evogap5 evobr15 evobrdB1 evocl1 evopad15 evottu evofz14 evocurp evo_trans_sc1_03 evoHbgcw' data-ux=\"def\" data-l=\"https:\/\/latemarium.com\/it\/events\/respirart-arte-in-quota\/var\/ri-5.l-L1\" ><span class='evodfx evofx_dr_c evotac evofx_jc_c'><b class='j evofz16'>28<\/b><b class='fy'>luglio <\/b><em class='t evofsn'>09:30 - 23:59<\/em><\/span><\/span><span class='evo_repeat_series_date evodfx evofx_dr_r evofx_ai_c evogap5 evobr15 evobrdB1 evocl1 evopad15 evottu evofz14 evocurp evo_trans_sc1_03 evoHbgcw' data-ux=\"def\" data-l=\"https:\/\/latemarium.com\/it\/events\/respirart-arte-in-quota\/var\/ri-6.l-L1\" ><span class='evodfx evofx_dr_c evotac evofx_jc_c'><b class='j evofz16'>4<\/b><b class='fy'>agosto <\/b><em class='t evofsn'>09:30 - 23:59<\/em><\/span><\/span><span class='evo_repeat_series_date evodfx evofx_dr_r evofx_ai_c evogap5 evobr15 evobrdB1 evocl1 evopad15 evottu evofz14 evocurp evo_trans_sc1_03 evoHbgcw' data-ux=\"def\" data-l=\"https:\/\/latemarium.com\/it\/events\/respirart-arte-in-quota\/var\/ri-7.l-L1\" ><span class='evodfx evofx_dr_c evotac evofx_jc_c'><b class='j evofz16'>11<\/b><b class='fy'>agosto <\/b><em class='t evofsn'>09:30 - 23:59<\/em><\/span><\/span><span class='evo_repeat_series_date evodfx evofx_dr_r evofx_ai_c evogap5 evobr15 evobrdB1 evocl1 evopad15 evottu evofz14 evocurp evo_trans_sc1_03 evoHbgcw' data-ux=\"def\" data-l=\"https:\/\/latemarium.com\/it\/events\/respirart-arte-in-quota\/var\/ri-8.l-L1\" ><span class='evodfx evofx_dr_c evotac evofx_jc_c'><b class='j evofz16'>18<\/b><b class='fy'>agosto <\/b><em class='t evofsn'>09:30 - 23:59<\/em><\/span><\/span><span class='evo_repeat_series_date evodfx evofx_dr_r evofx_ai_c evogap5 evobr15 evobrdB1 evocl1 evopad15 evottu evofz14 evocurp evo_trans_sc1_03 evoHbgcw' data-ux=\"def\" data-l=\"https:\/\/latemarium.com\/it\/events\/respirart-arte-in-quota\/var\/ri-9.l-L1\" ><span class='evodfx evofx_dr_c evotac evofx_jc_c'><b class='j evofz16'>25<\/b><b class='fy'>agosto <\/b><em class='t evofsn'>09:30 - 23:59<\/em><\/span><\/span><span class='evo_repeat_series_date evodfx evofx_dr_r evofx_ai_c evogap5 evobr15 evobrdB1 evocl1 evopad15 evottu evofz14 evocurp evo_trans_sc1_03 evoHbgcw' data-ux=\"def\" data-l=\"https:\/\/latemarium.com\/it\/events\/respirart-arte-in-quota\/var\/ri-10.l-L1\" ><span class='evodfx evofx_dr_c evotac evofx_jc_c'><b class='j evofz16'>1<\/b><b class='fy'>settembre <\/b><em class='t evofsn'>09:30 - 23:59<\/em><\/span><\/span><span class='evo_repeat_series_date evodfx evofx_dr_r evofx_ai_c evogap5 evobr15 evobrdB1 evocl1 evopad15 evottu evofz14 evocurp evo_trans_sc1_03 evoHbgcw' data-ux=\"def\" data-l=\"https:\/\/latemarium.com\/it\/events\/respirart-arte-in-quota\/var\/ri-11.l-L1\" ><span class='evodfx evofx_dr_c evotac evofx_jc_c'><b class='j evofz16'>8<\/b><b class='fy'>settembre <\/b><em class='t evofsn'>09:30 - 23:59<\/em><\/span><\/span><\/div><\/div><\/div><\/div><\/div><\/div><\/div><div class='evocard_row'><div id='event_getdirection' class='evocard_box getdirection' data-c='' \n\t\t\t\t\tstyle=''><div class='evo_metarow_getDr evorow evcal_evdata_row evcal_evrow_sm getdirections'>\n\t\t<form action='https:\/\/maps.google.com\/maps' method='get' target='_blank'>\n\t\t\t<input type='hidden' name='daddr' value=\"46.34343697644898,11.540997527961546\"\/> \n\t\t\t<div class='evo_get_direction_content evo_fx_dr_r evogap10'>\n\t\t\t\t<span class='evogetdir_header evodfx evofx_dr_r evofx_ai_c marr10'>\n\t\t\t\t\t<i class='mainicon fa fa-road'><\/i> \n\t\t\t\t\t<h3 class='evo_h3' style='padding-bottom:5px;'>Ottieni indicazioni stradali<\/h3>\n\t\t\t\t<\/span>\n\t\t\t\t<span class='evogetdir_field evodfx evofx_1_1 evo_fx_dr_c evow100p'>\t\t\t\t\t\n\t\t\t\t\t<input class='evoInput evotac' type='text' name='saddr' placeholder='Digitare l&#039;indirizzo per ottenere le indicazioni stradali' value='' style='margin:10px 0;'\/>\n\t\t\t\t<\/span>\n\t\t\t\t<button type='submit' class='evo_get_direction_button evo_btn_arr_circ dfx fx_ai_c' title='Fare clic qui per ottenere indicazioni'><i class='fa fa-chevron-right'><\/i> <\/button>\n\t\t\t<\/div>\n\t\t<\/form>\n\t<\/div><\/div><\/div><div class='evo_card_row_end evcal_close' title='Testo del pulsante Chiudi evento'><\/div><\/div><div class='clear end'><\/div><\/div><div id=\"event_2079_2\" class=\"eventon_list_event evo_eventtop scheduled  event clrW no_et event_2079_2\" data-event_id=\"2079\" data-ri=\"2r\" data-time=\"1782827100-1782856740\" data-colr=\"#facd05\" itemscope itemtype='http:\/\/schema.org\/Event'><div class=\"evo_event_schema\" style=\"display:none\" ><a itemprop='url'  href='https:\/\/latemarium.com\/it\/events\/mindful-latemar\/var\/ri-2.l-L1'><\/a><meta itemprop='image' content=\"https:\/\/latemarium.com\/wp-content\/uploads\/2023\/06\/\u00a9Obereggen_LatemarAG.SpA_Mindful.Latemar_Ph.Guenther.Pichler_06.jpg\" \/><meta itemprop='startDate' content=\"2026-6-30T15:45+0:00\" \/><meta itemprop='endDate' content=\"2026-6-30T23:59+0:00\" \/><meta itemprop='eventStatus' content=\"https:\/\/schema.org\/EventScheduled\" \/><meta itemprop='eventAttendanceMode'   itemscope itemtype=\"https:\/\/schema.org\/OfflineEventAttendanceMode\"\/><div style=\"display:none\" itemprop=\"location\" itemscope itemtype=\"http:\/\/schema.org\/Place\"><span itemprop=\"name\">Stazione a valle Obereggen<\/span><span itemprop=\"address\" itemscope itemtype=\"http:\/\/schema.org\/PostalAddress\"><item itemprop=\"streetAddress\">Via Obereggen, 16, 39050 Nova Ponente BZ<\/item><\/span><\/div><script type=\"application\/ld+json\">{\"@context\": \"http:\/\/schema.org\",\"@type\": \"Event\",\n\t\t\t\t\"@id\": \"event_2079_2\",\n\t\t\t\t\"eventAttendanceMode\":\"https:\/\/schema.org\/OfflineEventAttendanceMode\",\n\t\t\t\t\"eventStatus\":\"https:\/\/schema.org\/EventScheduled\",\n\t\t\t\t\"name\": \"Mindful.Latemar\",\n\t\t\t\t\"url\": \"https:\/\/latemarium.com\/it\/events\/mindful-latemar\/var\/ri-2.l-L1\",\n\t\t\t\t\"startDate\": \"2026-6-30T15:45+0:00\",\n\t\t\t\t\"endDate\": \"2026-6-30T23:59+0:00\",\n\t\t\t\t\"image\":\"https:\/\/latemarium.com\/wp-content\/uploads\/2023\/06\/\u00a9Obereggen_LatemarAG.SpA_Mindful.Latemar_Ph.Guenther.Pichler_06.jpg\", \n\t\t\t\t\"description\":\"<p>Mindful.Latemar si trova a Obereggen lungo il <strong>sentiero circolare sul monte Golfrion<\/strong>, nel cuore delle Dolomiti a 1872 metri di altitudine.<\/p> <p>Il percorso prevede <strong>18 esercizi di Mindfulness<\/strong> in un luogo speciale che vuole rappresentare un esempio di rinascita e resilienza dopo che \u00e8 stato colpito dalla tempesta Vaia nel novembre 2018.<\/p> <h3 class='wysiwyg__subline'>Il Dott. Bernagozzi ti accompagna ogni marted\u00ec:<\/h3> <div class='wysiwyg__description'> <p>dalle ore 13.30 alle ore 15.30 (in tedesco)<br \/> dalle ore 15.45 alle ore 17.45 (in italiano)<\/p> <\/div> <ul> <li>Punto di ritrovo: stazione a valle cabinovia &#8220;Obereggen-Ochsenweide&#8221;<\/li> <li>Prezzo: 30,00 \u20ac a persona inclusa l&#8217;andata e il ritorno con la\u00a0cabinovia<\/li> <li>Prenotazione online al seguente link:\u00a0<u><strong><a href='https:\/\/eggental.com\/it\/ajax-events#11946' target='_blank' rel='noopener'>Val d&#8217;Ega Turismo<\/a><\/strong><\/u>\u00a0(max. 10 persone)<\/li> <\/ul> \",\"location\":[{\"@type\":\"Place\",\"name\":\"Stazione a valle Obereggen\",\"address\":{\"@type\": \"PostalAddress\",\"streetAddress\":\"Via Obereggen, 16, 39050 Nova Ponente BZ\"}}]}<\/script><\/div>\r\n\t\t\t\t<p class=\"desc_trig_outter\" style=\"\"><a data-gmtrig=\"1\" data-exlk=\"0\" style=\"background-color: #facd05;\" id=\"evc_17828271002079\" class=\"hasFtIMG event_repeat desc_trig sin_val evcal_list_a\" data-ux_val=\"3\" data-ux_val_mob=\"-\"  ><span class='evoet_c1 evoet_cx '><span class='ev_ftImg' data-img='https:\/\/latemarium.com\/wp-content\/uploads\/2023\/06\/\u00a9Obereggen_LatemarAG.SpA_Mindful.Latemar_Ph.Guenther.Pichler_06.jpg' data-thumb='https:\/\/latemarium.com\/wp-content\/uploads\/2023\/06\/\u00a9Obereggen_LatemarAG.SpA_Mindful.Latemar_Ph.Guenther.Pichler_06-300x169.jpg' style='background-image:url(\"https:\/\/latemarium.com\/wp-content\/uploads\/2023\/06\/\u00a9Obereggen_LatemarAG.SpA_Mindful.Latemar_Ph.Guenther.Pichler_06-300x169.jpg\")' ><\/span><\/span><span class='evoet_c2 evoet_cx '><span class='evoet_dayblock evcal_cblock ' data-bgcolor='#facd05' data-smon='giugno' data-syr='2026' data-bub=''><span class='evo_start '><em class='date'>30<\/em><em class='month'>giu<\/em><em class='time'>15:45<\/em><\/span><\/span><\/span><span class='evoet_c3 evoet_cx evcal_desc hide_eventtopdata '><span class='evoet_title evcal_desc2 evcal_event_title ' itemprop='name'>Mindful.Latemar<\/span><span class='event_location_attrs'  data-location_address=\"Via Obereggen, 16, 39050 Nova Ponente BZ\" data-location_type=\"lonlat\" data-location_name=\"Stazione a valle Obereggen\" data-location_url=\"https:\/\/latemarium.com\/it\/event-location\/stazione-a-valle-obereggen\/\" data-location_status=\"true\" data-latlng=\"46.3835808246333,11.52667595881786\"><\/span><span class='evoet_subtitle evo_below_title' ><span class='evcal_event_subtitle ' >Passeggiata Mindfulness con Psicologo del Benessere e Istruttore di Mindfulness Dott. Thomas Bernagozzi. <\/span><\/span><span class='evoet_time_expand level_3'><em class='evcal_time evo_tz_time'><i class='fa fa-clock-o'><\/i>15:45<span class='evo_tz marl5'>(GMT+02:00)<\/span><\/em> <\/span><span class='evoet_location level_3'><em class=\"evcal_location\"  data-latlng=\"46.3835808246333,11.52667595881786\" data-add_str=\"Via Obereggen, 16, 39050 Nova Ponente BZ\" data-n=\"Stazione a valle Obereggen\"><i class=\"fa fa-location-pin\"><\/i><em class=\"event_location_name\">Stazione a valle Obereggen<\/em>, Via Obereggen, 16, 39050 Nova Ponente BZ<\/em><\/span><\/span><span class='evoet_data' data-d=\"{&quot;loc.n&quot;:&quot;Stazione a valle Obereggen&quot;,&quot;orgs&quot;:[],&quot;tags&quot;:{&quot;repeating&quot;:&quot;Repeating Event&quot;}}\" data-bgc=\"#facd05\" data-bggrad=\"\" ><\/span><\/a><\/p><div class='event_description evcal_eventcard ' style=\"display:none\"><div class='evocard_row'><div id='event_ftimage' class='evocard_box ftimage' data-c='' \n\t\t\t\t\tstyle=''><div class='evocard_main_image_hold' data-t='Loading Image..'><div class='evocard_main_image evo_img_triglb evobr15 evobgsc evobgpc evodfx evofx_jc_c evofx_ai_c evofz48 minmized' style='height:300px; background-image:url();' data-f=\"https:\/\/latemarium.com\/wp-content\/uploads\/2023\/06\/\u00a9Obereggen_LatemarAG.SpA_Mindful.Latemar_Ph.Guenther.Pichler_06.jpg\" data-h=\"812\" data-w=\"1445\" data-ratio=\"0.56193771626298\" data-event_id=\"2079\" data-ri=\"2\"  data-t='Loading Image..'><span style='height:300px; background-image:url(https:\/\/latemarium.com\/wp-content\/uploads\/2023\/06\/\u00a9Obereggen_LatemarAG.SpA_Mindful.Latemar_Ph.Guenther.Pichler_06.jpg)'><\/span><\/div><\/div><\/div><\/div><div class='evocard_row'><div id='event_eventdetails' class='evocard_box eventdetails' data-c='' \n\t\t\t\t\tstyle=''><div class='evo_metarow_details evorow evcal_evdata_row evcal_event_details'>\n\t\t<div class=\"event_excerpt\" style=\"display:none\"><h3 class=\"padb5 evo_h3\">Dettagli dell&#039;evento<\/h3><p>Mindful.Latemar si trova a Obereggen lungo il sentiero circolare sul monte Golfrion, nel cuore delle Dolomiti a 1872 metri di altitudine.\nIl percorso prevede 18 esercizi di Mindfulness in un luogo<\/p><\/div><span class='evcal_evdata_icons'><i class='fa fa-align-justify'><\/i><\/span>\n\t\t\n\t\t<div class='evcal_evdata_cell shorter_desc'>\n\t\t\t<div class='eventon_full_description'>\n\t\t\t\t<h3 class='padb5 evo_h3'><span class='evcal_evdata_icons'><i class='fa fa-align-justify'><\/i><\/span>Dettagli dell&#039;evento<\/h3>\n\t\t\t\t<div class='eventon_desc_in' itemprop='description'>\n\t\t\t\t<p>Mindful.Latemar si trova a Obereggen lungo il <strong>sentiero circolare sul monte Golfrion<\/strong>, nel cuore delle Dolomiti a 1872 metri di altitudine.<\/p>\n<p>Il percorso prevede <strong>18 esercizi di Mindfulness<\/strong> in un luogo speciale che vuole rappresentare un esempio di rinascita e resilienza dopo che \u00e8 stato colpito dalla tempesta Vaia nel novembre 2018.<\/p>\n<h3 class=\"wysiwyg__subline\">Il Dott. Bernagozzi ti accompagna ogni marted\u00ec:<\/h3>\n<div class=\"wysiwyg__description\">\n<p>dalle ore 13.30 alle ore 15.30 (in tedesco)<br \/>\ndalle ore 15.45 alle ore 17.45 (in italiano)<\/p>\n<\/div>\n<ul>\n<li>Punto di ritrovo: stazione a valle cabinovia &#8220;Obereggen-Ochsenweide&#8221;<\/li>\n<li>Prezzo: 30,00 \u20ac a persona inclusa l&#8217;andata e il ritorno con la\u00a0cabinovia<\/li>\n<li>Prenotazione online al seguente link:\u00a0<u><strong><a href=\"https:\/\/eggental.com\/it\/ajax-events#11946\" target=\"_blank\" rel=\"noopener\">Val d&#8217;Ega Turismo<\/a><\/strong><\/u>\u00a0(max. 10 persone)<\/li>\n<\/ul>\n<\/div><p class='eventon_shad_p' style='padding:5px 0 0; margin:0'>\n\t\t\t<span class='evcal_btn evo_btn_secondary evobtn_details_show_more' content='less'>\n\t\t\t\t<span class='ev_more_text' data-txt='Meno'>Pi\u00f9<\/span><span class='ev_more_arrow ard'><\/span>\n\t\t\t<\/span>\n\t\t<\/p><div class='clear'><\/div>\n\t\t\t<\/div>\n\t\t<\/div>\n\t<\/div><\/div><\/div><div class='evocard_row bx2 bx'><div id='event_time' class='evocard_box time' data-c='' \n\t\t\t\t\tstyle=''><div class='evo_metarow_time evorow evcal_evdata_row evcal_evrow_sm '>\n\t\t<span class='evcal_evdata_icons'><i class='fa fa-clock'><\/i><\/span>\n\t\t<div class='evcal_evdata_cell'>\t\t\t\t\t\t\t\n\t\t\t<h3 class='evo_h3'><span class='evcal_evdata_icons'><i class='fa fa-clock'><\/i><\/span>Orario<\/h3><p><span class='evo_eventcard_time_t'>30 giugno 2026 15:45<\/span><span class='evo_tz marr5'>(GMT+02:00)<\/span><\/p>\n\t\t<\/div>\n\t<\/div><\/div><div id='event_location' class='evocard_box location' data-c='' \n\t\t\t\t\tstyle=''><div class='evcal_evdata_row evo_metarow_time_location evorow '>\n\t\t\n\t\t\t<span class='evcal_evdata_icons'><i class='fa fa-map-marker'><\/i><\/span>\n\t\t\t<div class='evcal_evdata_cell' data-loc_tax_id='22'><h3 class='evo_h3 evodfx'><span class='evcal_evdata_icons'><i class='fa fa-map-marker'><\/i><\/span>Luogo<\/h3><p class='evo_location_name'>Stazione a valle Obereggen<\/p><p class='evo_location_address evodfxi evogap10'>Via Obereggen, 16, 39050 Nova Ponente BZ<\/p><div class='padt10'><span class='evo_btn_arr evolb_trigger' data-lbvals=\"{&quot;lbc&quot;:&quot;evo_location_lb_22&quot;,&quot;lbac&quot;:&quot;lb_max&quot;,&quot;t&quot;:&quot;Stazione a valle Obereggen&quot;,&quot;ajax&quot;:&quot;yes&quot;,&quot;ajax_type&quot;:&quot;endpoint&quot;,&quot;ajax_action&quot;:&quot;eventon_get_tax_card_content&quot;,&quot;end&quot;:&quot;client&quot;,&quot;d&quot;:{&quot;lang&quot;:&quot;L1&quot;,&quot;term_id&quot;:22,&quot;tax&quot;:&quot;event_location&quot;,&quot;load_lbcontent&quot;:true},&quot;uid&quot;:&quot;eventon_get_tax_card_content&quot;}\" >Other Events<i class='fa fa-chevron-right'><\/i><\/span><\/div><\/div>\n\t\t\n\t<\/div><\/div><\/div><div class='evocard_row bx2 bx'><div id='event_learnmore' class='evocard_box learnmore' data-c='' \n\t\t\t\t\tstyle=''><div class='evo_metarow_learnM evo_metarow_learnmore evorow'>\n\t\t\t\t\t\t\t<a class='evcal_evdata_row evo_clik_row ' href='https:\/\/obereggen.com\/it\/mindfullatemar' target=\"_blank\">\n\t\t\t\t\t\t\t\t<span class='evcal_evdata_icons'><i class='fa fa-link'><\/i><\/span>\n\t\t\t\t\t\t\t\t<h3 class='evo_h3'>Scopri di pi\u00f9<\/h3>\n\t\t\t\t\t\t\t<\/a>\n\t\t\t\t\t\t\t<\/div><\/div><div id='event_addtocal' class='evocard_box addtocal' data-c='' \n\t\t\t\t\tstyle=''><div class='evo_metarow_ICS evorow evcal_evdata_row'>\n\t\t\t<span class='evcal_evdata_icons'><i class='fa fa-calendar-o'><\/i><\/span>\n\t\t\t<div class='evcal_evdata_cell'>\n\t\t\t\t<p><a href='https:\/\/latemarium.com\/it\/export-events\/2079_2\/?nonce=a3263097f9' class='evo_ics_nCal' title='Aggiungi al tuo calendario'>Calendario<\/a><a href='https:\/\/www.google.com\/calendar\/event?action=TEMPLATE&text=Mindful.Latemar&dates=20260630T134500Z%2F20260630T215900Z&ctz=Europe%2FRome&details=Mindful.Latemar&location=Stazione+a+valle+Obereggen+Via+Obereggen%2C+16%2C+39050+Nova+Ponente+BZ' target='_blank' class='evo_ics_gCal' title='Aggiungi al calendario di Google'>GoogleCal<\/a><\/p>\t\n\t\t\t<\/div>\n\t\t<\/div><\/div><\/div><div class='evocard_row'><div id='event_getdirection' class='evocard_box getdirection' data-c='' \n\t\t\t\t\tstyle=''><div class='evo_metarow_getDr evorow evcal_evdata_row evcal_evrow_sm getdirections'>\n\t\t<form action='https:\/\/maps.google.com\/maps' method='get' target='_blank'>\n\t\t\t<input type='hidden' name='daddr' value=\"46.3835808246333,11.52667595881786\"\/> \n\t\t\t<div class='evo_get_direction_content evo_fx_dr_r evogap10'>\n\t\t\t\t<span class='evogetdir_header evodfx evofx_dr_r evofx_ai_c marr10'>\n\t\t\t\t\t<i class='mainicon fa fa-road'><\/i> \n\t\t\t\t\t<h3 class='evo_h3' style='padding-bottom:5px;'>Ottieni indicazioni stradali<\/h3>\n\t\t\t\t<\/span>\n\t\t\t\t<span class='evogetdir_field evodfx evofx_1_1 evo_fx_dr_c evow100p'>\t\t\t\t\t\n\t\t\t\t\t<input class='evoInput evotac' type='text' name='saddr' placeholder='Digitare l&#039;indirizzo per ottenere le indicazioni stradali' value='' style='margin:10px 0;'\/>\n\t\t\t\t<\/span>\n\t\t\t\t<button type='submit' class='evo_get_direction_button evo_btn_arr_circ dfx fx_ai_c' title='Fare clic qui per ottenere indicazioni'><i class='fa fa-chevron-right'><\/i> <\/button>\n\t\t\t<\/div>\n\t\t<\/form>\n\t<\/div><\/div><\/div><div class='evo_card_row_end evcal_close' title='Testo del pulsante Chiudi evento'><\/div><\/div><div class='clear end'><\/div><\/div><div id=\"event_2848_0\" class=\"eventon_list_event evo_eventtop scheduled  event clrD event_2848_0\" data-event_id=\"2848\" data-ri=\"0r\" data-time=\"1782842400-1782853200\" data-colr=\"#006290\" itemscope itemtype='http:\/\/schema.org\/Event'><div class=\"evo_event_schema\" style=\"display:none\" ><a itemprop='url'  href='https:\/\/latemarium.com\/it\/events\/le-notti-di-luna-piena\/'><\/a><meta itemprop='image' content=\"https:\/\/latemarium.com\/wp-content\/uploads\/2025\/05\/notti-di-luna-piena-obereggen.jpg\" \/><meta itemprop='startDate' content=\"2026-6-30T20:00+0:00\" \/><meta itemprop='endDate' content=\"2026-6-30T23:00+0:00\" \/><meta itemprop='eventStatus' content=\"https:\/\/schema.org\/EventScheduled\" \/><meta itemprop='eventAttendanceMode'   itemscope itemtype=\"https:\/\/schema.org\/OfflineEventAttendanceMode\"\/><div style=\"display:none\" itemprop=\"location\" itemscope itemtype=\"http:\/\/schema.org\/Place\"><span itemprop=\"name\">Stazione a valle Obereggen<\/span><span itemprop=\"address\" itemscope itemtype=\"http:\/\/schema.org\/PostalAddress\"><item itemprop=\"streetAddress\">Via Obereggen, 16, 39050 Nova Ponente BZ<\/item><\/span><\/div><script type=\"application\/ld+json\">{\"@context\": \"http:\/\/schema.org\",\"@type\": \"Event\",\n\t\t\t\t\"@id\": \"event_2848_0\",\n\t\t\t\t\"eventAttendanceMode\":\"https:\/\/schema.org\/OfflineEventAttendanceMode\",\n\t\t\t\t\"eventStatus\":\"https:\/\/schema.org\/EventScheduled\",\n\t\t\t\t\"name\": \"Le notti di luna piena\",\n\t\t\t\t\"url\": \"https:\/\/latemarium.com\/it\/events\/le-notti-di-luna-piena\/\",\n\t\t\t\t\"startDate\": \"2026-6-30T20:00+0:00\",\n\t\t\t\t\"endDate\": \"2026-6-30T23:00+0:00\",\n\t\t\t\t\"image\":\"https:\/\/latemarium.com\/wp-content\/uploads\/2025\/05\/notti-di-luna-piena-obereggen.jpg\", \n\t\t\t\t\"description\":\"<p>Con luce frontale, buone scarpe, abbigliamento adeguato e motivazione l\u2019escursione porta attraverso i prati e boschi di Obereggen fino al maso biologico Oberwerkstatt dove ci viene servito uno spuntino tipico mentre ammiriamo il cielo stellato.<\/p> <p>Ritrovo: ore 20.00, ufficio turistico di Obereggen<br \/> Ritorno: circa ore 23.00<br \/> Costo a persona 10,00 \u20ac ad adulto, 5,00 \u20ac a bambino<br \/> Prenotazione obbligatoria entro le ore 12.00 del giorno stesso online su eggental.com\/events o Tel. +39 0471 619 500 negli uffici turistici della Val d&#8217;Ega<\/p> \",\"location\":[{\"@type\":\"Place\",\"name\":\"Stazione a valle Obereggen\",\"address\":{\"@type\": \"PostalAddress\",\"streetAddress\":\"Via Obereggen, 16, 39050 Nova Ponente BZ\"}}]}<\/script><\/div>\r\n\t\t\t\t<p class=\"desc_trig_outter\" style=\"\"><a data-gmtrig=\"1\" data-exlk=\"0\" style=\"background-color: #006290;\" id=\"evc_17828424002848\" class=\"hasFtIMG event_repeat desc_trig sin_val evcal_list_a\" data-ux_val=\"3\" data-ux_val_mob=\"-\"  ><span class='evoet_c1 evoet_cx '><span class='ev_ftImg' data-img='https:\/\/latemarium.com\/wp-content\/uploads\/2025\/05\/notti-di-luna-piena-obereggen.jpg' data-thumb='https:\/\/latemarium.com\/wp-content\/uploads\/2025\/05\/notti-di-luna-piena-obereggen-300x182.jpg' style='background-image:url(\"https:\/\/latemarium.com\/wp-content\/uploads\/2025\/05\/notti-di-luna-piena-obereggen-300x182.jpg\")' ><\/span><\/span><span class='evoet_c2 evoet_cx '><span class='evoet_dayblock evcal_cblock ' data-bgcolor='#006290' data-smon='giugno' data-syr='2026' data-bub=''><span class='evo_start '><em class='date'>30<\/em><em class='month'>giu<\/em><em class='time'>20:00<\/em><\/span><span class='evo_end only_time'><em class='time'>23:00<\/em><\/span><\/span><\/span><span class='evoet_c3 evoet_cx evcal_desc hide_eventtopdata '><span class='evoet_title evcal_desc2 evcal_event_title ' itemprop='name'>Le notti di luna piena<\/span><span class='event_location_attrs'  data-location_address=\"Via Obereggen, 16, 39050 Nova Ponente BZ\" data-location_type=\"lonlat\" data-location_name=\"Stazione a valle Obereggen\" data-location_url=\"https:\/\/latemarium.com\/it\/event-location\/stazione-a-valle-obereggen\/\" data-location_status=\"true\" data-latlng=\"46.3835808246333,11.52667595881786\"><\/span><span class='evoet_subtitle evo_below_title' ><span class='evcal_event_subtitle ' >non solo per gli amanti delle stelle!<\/span><\/span><span class='evoet_time_expand level_3'><em class='evcal_time evo_tz_time'><i class='fa fa-clock-o'><\/i>20:00 - 23:00<span class='evo_tz marl5'>(GMT+02:00)<\/span><\/em> <\/span><span class='evoet_location level_3'><em class=\"evcal_location\"  data-latlng=\"46.3835808246333,11.52667595881786\" data-add_str=\"Via Obereggen, 16, 39050 Nova Ponente BZ\" data-n=\"Stazione a valle Obereggen\"><i class=\"fa fa-location-pin\"><\/i><em class=\"event_location_name\">Stazione a valle Obereggen<\/em>, Via Obereggen, 16, 39050 Nova Ponente BZ<\/em><\/span><\/span><span class='evoet_data' data-d=\"{&quot;loc.n&quot;:&quot;Stazione a valle Obereggen&quot;,&quot;orgs&quot;:[],&quot;tags&quot;:{&quot;repeating&quot;:&quot;Repeating Event&quot;}}\" data-bgc=\"#006290\" data-bggrad=\"\" ><\/span><\/a><\/p><div class='event_description evcal_eventcard ' style=\"display:none\"><div class='evocard_row'><div id='event_ftimage' class='evocard_box ftimage' data-c='' \n\t\t\t\t\tstyle=''><div class='evocard_main_image_hold' data-t='Loading Image..'><div class='evocard_main_image evo_img_triglb evobr15 evobgsc evobgpc evodfx evofx_jc_c evofx_ai_c evofz48 minmized' style='height:300px; background-image:url();' data-f=\"https:\/\/latemarium.com\/wp-content\/uploads\/2025\/05\/notti-di-luna-piena-obereggen.jpg\" data-h=\"755\" data-w=\"1245\" data-ratio=\"0.60642570281124\" data-event_id=\"2848\" data-ri=\"0\"  data-t='Loading Image..'><span style='height:300px; background-image:url(https:\/\/latemarium.com\/wp-content\/uploads\/2025\/05\/notti-di-luna-piena-obereggen.jpg)'><\/span><\/div><\/div><\/div><\/div><div class='evocard_row'><div id='event_eventdetails' class='evocard_box eventdetails' data-c='' \n\t\t\t\t\tstyle=''><div class='evo_metarow_details evorow evcal_evdata_row evcal_event_details'>\n\t\t<div class=\"event_excerpt\" style=\"display:none\"><h3 class=\"padb5 evo_h3\">Dettagli dell&#039;evento<\/h3><p>Con luce frontale, buone scarpe, abbigliamento adeguato e motivazione l\u2019escursione porta attraverso i prati e boschi di Obereggen fino al maso biologico Oberwerkstatt dove ci viene servito uno spuntino tipico<\/p><\/div><span class='evcal_evdata_icons'><i class='fa fa-align-justify'><\/i><\/span>\n\t\t\n\t\t<div class='evcal_evdata_cell '>\n\t\t\t<div class='eventon_full_description'>\n\t\t\t\t<h3 class='padb5 evo_h3'><span class='evcal_evdata_icons'><i class='fa fa-align-justify'><\/i><\/span>Dettagli dell&#039;evento<\/h3>\n\t\t\t\t<div class='eventon_desc_in' itemprop='description'>\n\t\t\t\t<p>Con luce frontale, buone scarpe, abbigliamento adeguato e motivazione l\u2019escursione porta attraverso i prati e boschi di Obereggen fino al maso biologico Oberwerkstatt dove ci viene servito uno spuntino tipico mentre ammiriamo il cielo stellato.<\/p>\n<p>Ritrovo: ore 20.00, ufficio turistico di Obereggen<br \/>\nRitorno: circa ore 23.00<br \/>\nCosto a persona 10,00 \u20ac ad adulto, 5,00 \u20ac a bambino<br \/>\nPrenotazione obbligatoria entro le ore 12.00 del giorno stesso online su eggental.com\/events o Tel. +39 0471 619 500 negli uffici turistici della Val d&#8217;Ega<\/p>\n<\/div><div class='clear'><\/div>\n\t\t\t<\/div>\n\t\t<\/div>\n\t<\/div><\/div><\/div><div class='evocard_row bx2 bx'><div id='event_time' class='evocard_box time' data-c='' \n\t\t\t\t\tstyle=''><div class='evo_metarow_time evorow evcal_evdata_row evcal_evrow_sm '>\n\t\t<span class='evcal_evdata_icons'><i class='fa fa-clock'><\/i><\/span>\n\t\t<div class='evcal_evdata_cell'>\t\t\t\t\t\t\t\n\t\t\t<h3 class='evo_h3'><span class='evcal_evdata_icons'><i class='fa fa-clock'><\/i><\/span>Orario<\/h3><p><span class='evo_eventcard_time_t'>30 giugno 2026 20:00 - 23:00<\/span><span class='evo_tz marr5'>(GMT+02:00)<\/span><\/p>\n\t\t<\/div>\n\t<\/div><\/div><div id='event_location' class='evocard_box location' data-c='' \n\t\t\t\t\tstyle=''><div class='evcal_evdata_row evo_metarow_time_location evorow '>\n\t\t\n\t\t\t<span class='evcal_evdata_icons'><i class='fa fa-map-marker'><\/i><\/span>\n\t\t\t<div class='evcal_evdata_cell' data-loc_tax_id='22'><h3 class='evo_h3 evodfx'><span class='evcal_evdata_icons'><i class='fa fa-map-marker'><\/i><\/span>Luogo<\/h3><p class='evo_location_name'>Stazione a valle Obereggen<\/p><p class='evo_location_address evodfxi evogap10'>Via Obereggen, 16, 39050 Nova Ponente BZ<\/p><div class='padt10'><span class='evo_btn_arr evolb_trigger' data-lbvals=\"{&quot;lbc&quot;:&quot;evo_location_lb_22&quot;,&quot;lbac&quot;:&quot;lb_max&quot;,&quot;t&quot;:&quot;Stazione a valle Obereggen&quot;,&quot;ajax&quot;:&quot;yes&quot;,&quot;ajax_type&quot;:&quot;endpoint&quot;,&quot;ajax_action&quot;:&quot;eventon_get_tax_card_content&quot;,&quot;end&quot;:&quot;client&quot;,&quot;d&quot;:{&quot;lang&quot;:&quot;L1&quot;,&quot;term_id&quot;:22,&quot;tax&quot;:&quot;event_location&quot;,&quot;load_lbcontent&quot;:true},&quot;uid&quot;:&quot;eventon_get_tax_card_content&quot;}\" >Other Events<i class='fa fa-chevron-right'><\/i><\/span><\/div><\/div>\n\t\t\n\t<\/div><\/div><\/div><div class='evocard_row bx2 bx'><div id='event_learnmore' class='evocard_box learnmore' data-c='' \n\t\t\t\t\tstyle=''><div class='evo_metarow_learnM evo_metarow_learnmore evorow'>\n\t\t\t\t\t\t\t<a class='evcal_evdata_row evo_clik_row ' href='https:\/\/eggental.com\/it\/eventi\/le-notti-di-luna-piena-non-solo-per-gli-amanti-delle-stelle_11858' target=\"_blank\">\n\t\t\t\t\t\t\t\t<span class='evcal_evdata_icons'><i class='fa fa-link'><\/i><\/span>\n\t\t\t\t\t\t\t\t<h3 class='evo_h3'>Scopri di pi\u00f9<\/h3>\n\t\t\t\t\t\t\t<\/a>\n\t\t\t\t\t\t\t<\/div><\/div><div id='event_addtocal' class='evocard_box addtocal' data-c='' \n\t\t\t\t\tstyle=''><div class='evo_metarow_ICS evorow evcal_evdata_row'>\n\t\t\t<span class='evcal_evdata_icons'><i class='fa fa-calendar-o'><\/i><\/span>\n\t\t\t<div class='evcal_evdata_cell'>\n\t\t\t\t<p><a href='https:\/\/latemarium.com\/it\/export-events\/2848_0\/?nonce=a3263097f9' class='evo_ics_nCal' title='Aggiungi al tuo calendario'>Calendario<\/a><a href='https:\/\/www.google.com\/calendar\/event?action=TEMPLATE&text=Le+notti+di+luna+piena&dates=20260630T180000Z%2F20260630T210000Z&ctz=Europe%2FRome&details=Le notti di luna piena&location=Stazione+a+valle+Obereggen+Via+Obereggen%2C+16%2C+39050+Nova+Ponente+BZ' target='_blank' class='evo_ics_gCal' title='Aggiungi al calendario di Google'>GoogleCal<\/a><\/p>\t\n\t\t\t<\/div>\n\t\t<\/div><\/div><\/div><div class='evocard_row'><div id='event_getdirection' class='evocard_box getdirection' data-c='' \n\t\t\t\t\tstyle=''><div class='evo_metarow_getDr evorow evcal_evdata_row evcal_evrow_sm getdirections'>\n\t\t<form action='https:\/\/maps.google.com\/maps' method='get' target='_blank'>\n\t\t\t<input type='hidden' name='daddr' value=\"46.3835808246333,11.52667595881786\"\/> \n\t\t\t<div class='evo_get_direction_content evo_fx_dr_r evogap10'>\n\t\t\t\t<span class='evogetdir_header evodfx evofx_dr_r evofx_ai_c marr10'>\n\t\t\t\t\t<i class='mainicon fa fa-road'><\/i> \n\t\t\t\t\t<h3 class='evo_h3' style='padding-bottom:5px;'>Ottieni indicazioni stradali<\/h3>\n\t\t\t\t<\/span>\n\t\t\t\t<span class='evogetdir_field evodfx evofx_1_1 evo_fx_dr_c evow100p'>\t\t\t\t\t\n\t\t\t\t\t<input class='evoInput evotac' type='text' name='saddr' placeholder='Digitare l&#039;indirizzo per ottenere le indicazioni stradali' value='' style='margin:10px 0;'\/>\n\t\t\t\t<\/span>\n\t\t\t\t<button type='submit' class='evo_get_direction_button evo_btn_arr_circ dfx fx_ai_c' title='Fare clic qui per ottenere indicazioni'><i class='fa fa-chevron-right'><\/i> <\/button>\n\t\t\t<\/div>\n\t\t<\/form>\n\t<\/div><\/div><\/div><div class='evo_card_row_end evcal_close' title='Testo del pulsante Chiudi evento'><\/div><\/div><div class='clear end'><\/div><\/div><\/div><div class='evcal_month_line' data-d='eml_7_2026' data-su='1782856800'><p>luglio<\/p><\/div><div class='sep_month_events ' data-d='eml_7_2026'><div id=\"event_2181_0\" class=\"eventon_list_event evo_eventtop scheduled  event clrD no_et event_2181_0\" data-event_id=\"2181\" data-ri=\"0r\" data-time=\"1782891000-1782943140\" data-colr=\"#ba181d\" itemscope itemtype='http:\/\/schema.org\/Event'><div class=\"evo_event_schema\" style=\"display:none\" ><a itemprop='url'  href='https:\/\/latemarium.com\/it\/events\/geotrekking-torre-di-pisa\/'><\/a><meta itemprop='image' content=\"https:\/\/latemarium.com\/wp-content\/uploads\/2020\/06\/latemar-torre-di-pisa-estate-2019_ph.alice-russolo-90-scaled.jpg\" \/><meta itemprop='startDate' content=\"2026-7-1T09:30+0:00\" \/><meta itemprop='endDate' content=\"2026-7-1T23:59+0:00\" \/><meta itemprop='eventStatus' content=\"https:\/\/schema.org\/EventScheduled\" \/><meta itemprop='eventAttendanceMode'   itemscope itemtype=\"https:\/\/schema.org\/OfflineEventAttendanceMode\"\/><script type=\"application\/ld+json\">{\"@context\": \"http:\/\/schema.org\",\"@type\": \"Event\",\n\t\t\t\t\"@id\": \"event_2181_0\",\n\t\t\t\t\"eventAttendanceMode\":\"https:\/\/schema.org\/OfflineEventAttendanceMode\",\n\t\t\t\t\"eventStatus\":\"https:\/\/schema.org\/EventScheduled\",\n\t\t\t\t\"name\": \"GEOTREKKING TORRE DI PISA\",\n\t\t\t\t\"url\": \"https:\/\/latemarium.com\/it\/events\/geotrekking-torre-di-pisa\/\",\n\t\t\t\t\"startDate\": \"2026-7-1T09:30+0:00\",\n\t\t\t\t\"endDate\": \"2026-7-1T23:59+0:00\",\n\t\t\t\t\"image\":\"https:\/\/latemarium.com\/wp-content\/uploads\/2020\/06\/latemar-torre-di-pisa-estate-2019_ph.alice-russolo-90-scaled.jpg\", \n\t\t\t\t\"description\":\"<p><strong>Emozionante escursione geologica in quota<\/strong>, alla scoperta dell\u2019atollo del Latemar, perla dell\u2019arcipelago fossile delle Dolomiti Patrimonio UNESCO. Un suggestivo percorso ad anello guidati da un esperto Geologo e Accompagnatore di Media Montagna. Da passo Feudo si sale al rifugio Torre di Pisa per proseguire in quota fino alla forcella dei Camosci, da cui si scende rituffandosi nella profondit\u00e0 del mare tropicale fino al punto di partenza. Pranzo al sacco. Et\u00e0 minima 12 anni.<\/p> <p>Il percorso \u00e8 media difficolt\u00e0, con sentieri ben percorribili e brevi tratti leggermente esposti, dislivello 780 metri circa.<\/p> <p>Prenotazione obbligatoria entro le ore 18.30 del giorno precedente al numero:\u00a00462 241111<\/p> \"}<\/script><\/div>\r\n\t\t\t\t<p class=\"desc_trig_outter\" style=\"\"><a data-gmap_status=\"null\" data-exlk=\"0\" style=\"background-color: #ba181d;\" id=\"evc_17828910002181\" class=\"hasFtIMG event_repeat desc_trig sin_val evcal_list_a\" data-ux_val=\"3\" data-ux_val_mob=\"-\"  ><span class='evoet_c1 evoet_cx '><span class='ev_ftImg' data-img='https:\/\/latemarium.com\/wp-content\/uploads\/2020\/06\/latemar-torre-di-pisa-estate-2019_ph.alice-russolo-90-scaled.jpg' data-thumb='https:\/\/latemarium.com\/wp-content\/uploads\/2020\/06\/latemar-torre-di-pisa-estate-2019_ph.alice-russolo-90-300x200.jpg' style='background-image:url(\"https:\/\/latemarium.com\/wp-content\/uploads\/2020\/06\/latemar-torre-di-pisa-estate-2019_ph.alice-russolo-90-300x200.jpg\")' ><\/span><\/span><span class='evoet_c2 evoet_cx '><span class='evoet_dayblock evcal_cblock ' data-bgcolor='#ba181d' data-smon='luglio' data-syr='2026' data-bub=''><span class='evo_start '><em class='date'>01<\/em><em class='month'>lug<\/em><em class='time'>09:30<\/em><\/span><\/span><\/span><span class='evoet_c3 evoet_cx evcal_desc hide_eventtopdata '><span class='evoet_title evcal_desc2 evcal_event_title ' itemprop='name'>GEOTREKKING TORRE DI PISA<\/span><span class='event_location_attrs' data-location_type=\"lonlat\" data-location_name=\"A monte della seggiovia Gardon\u00e8-Passo Feudo\" data-location_url=\"https:\/\/latemarium.com\/it\/event-location\/a-monte-della-seggiovia-gardone-passo-feudo\/\" data-location_status=\"true\" data-latlng=\"46.32878794406342,11.600176728690842\"><\/span><span class='evoet_subtitle evo_below_title' ><span class='evcal_event_subtitle ' >GEOTREKKING TORRE DI PISA<\/span><\/span><span class='evoet_time_expand level_3'><em class='evcal_time evo_tz_time'><i class='fa fa-clock-o'><\/i>09:30<span class='evo_tz marl5'>(GMT+02:00)<\/span><\/em> <\/span><span class='evoet_location level_3'><em class=\"evcal_location\"  data-latlng=\"46.32878794406342,11.600176728690842\" data-add_str=\"\" data-n=\"A monte della seggiovia Gardon\u00e8-Passo Feudo\"><i class=\"fa fa-location-pin\"><\/i><em class=\"event_location_name\">A monte della seggiovia Gardon\u00e8-Passo Feudo<\/em><\/em><\/span><\/span><span class='evoet_data' data-d=\"{&quot;loc.n&quot;:&quot;A monte della seggiovia Gardon\\u00e8-Passo Feudo&quot;,&quot;orgs&quot;:[],&quot;tags&quot;:{&quot;repeating&quot;:&quot;Repeating Event&quot;}}\" data-bgc=\"#ba181d\" data-bggrad=\"\" ><\/span><\/a><\/p><div class='event_description evcal_eventcard ' style=\"display:none\"><div class='evocard_row'><div id='event_ftimage' class='evocard_box ftimage' data-c='' \n\t\t\t\t\tstyle=''><div class='evocard_main_image_hold' data-t='Loading Image..'><div class='evocard_main_image evo_img_triglb evobr15 evobgsc evobgpc evodfx evofx_jc_c evofx_ai_c evofz48 minmized' style='height:300px; background-image:url();' data-f=\"https:\/\/latemarium.com\/wp-content\/uploads\/2020\/06\/latemar-torre-di-pisa-estate-2019_ph.alice-russolo-90-scaled.jpg\" data-h=\"1707\" data-w=\"2560\" data-ratio=\"0.666796875\" data-event_id=\"2181\" data-ri=\"0\"  data-t='Loading Image..'><span style='height:300px; background-image:url(https:\/\/latemarium.com\/wp-content\/uploads\/2020\/06\/latemar-torre-di-pisa-estate-2019_ph.alice-russolo-90-scaled.jpg)'><\/span><\/div><\/div><\/div><\/div><div class='evocard_row'><div id='event_eventdetails' class='evocard_box eventdetails' data-c='' \n\t\t\t\t\tstyle=''><div class='evo_metarow_details evorow evcal_evdata_row evcal_event_details'>\n\t\t<div class=\"event_excerpt\" style=\"display:none\"><h3 class=\"padb5 evo_h3\">Dettagli dell&#039;evento<\/h3><p>Emozionante escursione geologica in quota, alla scoperta dell\u2019atollo del Latemar, perla dell\u2019arcipelago fossile delle Dolomiti Patrimonio UNESCO. Un suggestivo percorso ad anello guidati da un esperto Geologo e Accompagnatore di<\/p><\/div><span class='evcal_evdata_icons'><i class='fa fa-align-justify'><\/i><\/span>\n\t\t\n\t\t<div class='evcal_evdata_cell shorter_desc'>\n\t\t\t<div class='eventon_full_description'>\n\t\t\t\t<h3 class='padb5 evo_h3'><span class='evcal_evdata_icons'><i class='fa fa-align-justify'><\/i><\/span>Dettagli dell&#039;evento<\/h3>\n\t\t\t\t<div class='eventon_desc_in' itemprop='description'>\n\t\t\t\t<p><strong>Emozionante escursione geologica in quota<\/strong>, alla scoperta dell\u2019atollo del Latemar, perla dell\u2019arcipelago fossile delle Dolomiti Patrimonio UNESCO. Un suggestivo percorso ad anello guidati da un esperto Geologo e Accompagnatore di Media Montagna. Da passo Feudo si sale al rifugio Torre di Pisa per proseguire in quota fino alla forcella dei Camosci, da cui si scende rituffandosi nella profondit\u00e0 del mare tropicale fino al punto di partenza. Pranzo al sacco. Et\u00e0 minima 12 anni.<\/p>\n<p>Il percorso \u00e8 media difficolt\u00e0, con sentieri ben percorribili e brevi tratti leggermente esposti, dislivello 780 metri circa.<\/p>\n<p>Prenotazione obbligatoria entro le ore 18.30 del giorno precedente al numero:\u00a00462 241111<\/p>\n<\/div><p class='eventon_shad_p' style='padding:5px 0 0; margin:0'>\n\t\t\t<span class='evcal_btn evo_btn_secondary evobtn_details_show_more' content='less'>\n\t\t\t\t<span class='ev_more_text' data-txt='Meno'>Pi\u00f9<\/span><span class='ev_more_arrow ard'><\/span>\n\t\t\t<\/span>\n\t\t<\/p><div class='clear'><\/div>\n\t\t\t<\/div>\n\t\t<\/div>\n\t<\/div><\/div><\/div><div class='evocard_row bx2 bx'><div id='event_time' class='evocard_box time' data-c='' \n\t\t\t\t\tstyle=''><div class='evo_metarow_time evorow evcal_evdata_row evcal_evrow_sm '>\n\t\t<span class='evcal_evdata_icons'><i class='fa fa-clock'><\/i><\/span>\n\t\t<div class='evcal_evdata_cell'>\t\t\t\t\t\t\t\n\t\t\t<h3 class='evo_h3'><span class='evcal_evdata_icons'><i class='fa fa-clock'><\/i><\/span>Orario<\/h3><p><span class='evo_eventcard_time_t'>1 luglio 2026 09:30<\/span><span class='evo_tz marr5'>(GMT+02:00)<\/span><\/p>\n\t\t<\/div>\n\t<\/div><\/div><div id='event_location' class='evocard_box location' data-c='' \n\t\t\t\t\tstyle=''><div class='evcal_evdata_row evo_metarow_time_location evorow '>\n\t\t\n\t\t\t<span class='evcal_evdata_icons'><i class='fa fa-map-marker'><\/i><\/span>\n\t\t\t<div class='evcal_evdata_cell' data-loc_tax_id='37'><h3 class='evo_h3 evodfx'><span class='evcal_evdata_icons'><i class='fa fa-map-marker'><\/i><\/span>Luogo<\/h3><p class='evo_location_name'>A monte della seggiovia Gardon\u00e8-Passo Feudo<\/p><div class='padt10'><span class='evo_btn_arr evolb_trigger' data-lbvals=\"{&quot;lbc&quot;:&quot;evo_location_lb_37&quot;,&quot;lbac&quot;:&quot;lb_max&quot;,&quot;t&quot;:&quot;A monte della seggiovia Gardon\\u00e8-Passo Feudo&quot;,&quot;ajax&quot;:&quot;yes&quot;,&quot;ajax_type&quot;:&quot;endpoint&quot;,&quot;ajax_action&quot;:&quot;eventon_get_tax_card_content&quot;,&quot;end&quot;:&quot;client&quot;,&quot;d&quot;:{&quot;lang&quot;:&quot;L1&quot;,&quot;term_id&quot;:37,&quot;tax&quot;:&quot;event_location&quot;,&quot;load_lbcontent&quot;:true},&quot;uid&quot;:&quot;eventon_get_tax_card_content&quot;}\" >Other Events<i class='fa fa-chevron-right'><\/i><\/span><\/div><\/div>\n\t\t\n\t<\/div><\/div><\/div><div class='evocard_row bx2 bx'><div id='event_learnmore' class='evocard_box learnmore' data-c='' \n\t\t\t\t\tstyle=''><div class='evo_metarow_learnM evo_metarow_learnmore evorow'>\n\t\t\t\t\t\t\t<a class='evcal_evdata_row evo_clik_row ' href='https:\/\/www.latemar.it\/estate\/geotrekking\/' target=\"_blank\">\n\t\t\t\t\t\t\t\t<span class='evcal_evdata_icons'><i class='fa fa-link'><\/i><\/span>\n\t\t\t\t\t\t\t\t<h3 class='evo_h3'>Scopri di pi\u00f9<\/h3>\n\t\t\t\t\t\t\t<\/a>\n\t\t\t\t\t\t\t<\/div><\/div><div id='event_addtocal' class='evocard_box addtocal' data-c='' \n\t\t\t\t\tstyle=''><div class='evo_metarow_ICS evorow evcal_evdata_row'>\n\t\t\t<span class='evcal_evdata_icons'><i class='fa fa-calendar-o'><\/i><\/span>\n\t\t\t<div class='evcal_evdata_cell'>\n\t\t\t\t<p><a href='https:\/\/latemarium.com\/it\/export-events\/2181_0\/?nonce=a3263097f9' class='evo_ics_nCal' title='Aggiungi al tuo calendario'>Calendario<\/a><a href='https:\/\/www.google.com\/calendar\/event?action=TEMPLATE&text=GEOTREKKING+TORRE+DI+PISA&dates=20260701T073000Z%2F20260701T215900Z&ctz=Europe%2FRome&details=GEOTREKKING TORRE DI PISA&location=A+monte+della+seggiovia+Gardon%C3%A8-Passo+Feudo' target='_blank' class='evo_ics_gCal' title='Aggiungi al calendario di Google'>GoogleCal<\/a><\/p>\t\n\t\t\t<\/div>\n\t\t<\/div><\/div><\/div><div class='evocard_row'><div id='event_getdirection' class='evocard_box getdirection' data-c='' \n\t\t\t\t\tstyle=''><div class='evo_metarow_getDr evorow evcal_evdata_row evcal_evrow_sm getdirections'>\n\t\t<form action='https:\/\/maps.google.com\/maps' method='get' target='_blank'>\n\t\t\t<input type='hidden' name='daddr' value=\"46.32878794406342,11.600176728690842\"\/> \n\t\t\t<div class='evo_get_direction_content evo_fx_dr_r evogap10'>\n\t\t\t\t<span class='evogetdir_header evodfx evofx_dr_r evofx_ai_c marr10'>\n\t\t\t\t\t<i class='mainicon fa fa-road'><\/i> \n\t\t\t\t\t<h3 class='evo_h3' style='padding-bottom:5px;'>Ottieni indicazioni stradali<\/h3>\n\t\t\t\t<\/span>\n\t\t\t\t<span class='evogetdir_field evodfx evofx_1_1 evo_fx_dr_c evow100p'>\t\t\t\t\t\n\t\t\t\t\t<input class='evoInput evotac' type='text' name='saddr' placeholder='Digitare l&#039;indirizzo per ottenere le indicazioni stradali' value='' style='margin:10px 0;'\/>\n\t\t\t\t<\/span>\n\t\t\t\t<button type='submit' class='evo_get_direction_button evo_btn_arr_circ dfx fx_ai_c' title='Fare clic qui per ottenere indicazioni'><i class='fa fa-chevron-right'><\/i> <\/button>\n\t\t\t<\/div>\n\t\t<\/form>\n\t<\/div><\/div><\/div><div class='evo_card_row_end evcal_close' title='Testo del pulsante Chiudi evento'><\/div><\/div><div class='clear end'><\/div><\/div><div id=\"event_2933_1\" class=\"eventon_list_event evo_eventtop scheduled  event clrD event_2933_1\" data-event_id=\"2933\" data-ri=\"1r\" data-time=\"1782907200-1782916200\" data-colr=\"#38823b\" itemscope itemtype='http:\/\/schema.org\/Event'><div class=\"evo_event_schema\" style=\"display:none\" ><a itemprop='url'  href='https:\/\/latemarium.com\/it\/events\/in-cammino-con-i-pony\/var\/ri-1.l-L1'><\/a><meta itemprop='image' content=\"https:\/\/latemarium.com\/wp-content\/uploads\/2026\/04\/pony.jpg\" \/><meta itemprop='startDate' content=\"2026-7-1T14:00+0:00\" \/><meta itemprop='endDate' content=\"2026-7-1T16:30+0:00\" \/><meta itemprop='eventStatus' content=\"https:\/\/schema.org\/EventScheduled\" \/><meta itemprop='eventAttendanceMode'   itemscope itemtype=\"https:\/\/schema.org\/OfflineEventAttendanceMode\"\/><div style=\"display:none\" itemprop=\"location\" itemscope itemtype=\"http:\/\/schema.org\/Place\"><span itemprop=\"name\">Pampeago<\/span><span itemprop=\"address\" itemscope itemtype=\"http:\/\/schema.org\/PostalAddress\"><item itemprop=\"streetAddress\">Localit\u00e0 Pampeago, 8, 38038 Tesero TN<\/item><\/span><\/div><script type=\"application\/ld+json\">{\"@context\": \"http:\/\/schema.org\",\"@type\": \"Event\",\n\t\t\t\t\"@id\": \"event_2933_1\",\n\t\t\t\t\"eventAttendanceMode\":\"https:\/\/schema.org\/OfflineEventAttendanceMode\",\n\t\t\t\t\"eventStatus\":\"https:\/\/schema.org\/EventScheduled\",\n\t\t\t\t\"name\": \"In cammino con i pony\",\n\t\t\t\t\"url\": \"https:\/\/latemarium.com\/it\/events\/in-cammino-con-i-pony\/var\/ri-1.l-L1\",\n\t\t\t\t\"startDate\": \"2026-7-1T14:00+0:00\",\n\t\t\t\t\"endDate\": \"2026-7-1T16:30+0:00\",\n\t\t\t\t\"image\":\"https:\/\/latemarium.com\/wp-content\/uploads\/2026\/04\/pony.jpg\", \n\t\t\t\t\"description\":\"<p>Una piacevole passeggiata alla scoperta dei paesaggi di Pampeago, accompagnati da simpatici pony che guideranno bambini e famiglie lungo il percorso in totale sicurezza.<\/p> <p>Un\u2019esperienza rilassante e divertente, perfetta per vivere la montagna a ritmo lento e creare un contatto speciale con questi dolci animali.<\/p> <p><strong>INFO UTILI:<\/strong><br \/> Quando &#8211; Tutti i mercoled\u00ec dal 24\/06 al 09\/09<br \/> Orario &#8211; dalle 14.00 alle 16.30 (in base alle disponibilit\u00e0)<br \/> Ritrovo &#8211;\u00a0 parcheggio seggiovia Tresca (accesso consentito SOLO a chi prenota l\u2019attivit\u00e0)<\/p> <p>Attivit\u00e0 adatta a famiglie e bambini<\/p> <p>Prenotazione obbligatoria, clicca <a href='https:\/\/www.visitfiemme.it\/it\/eventi\/fiemme-cembra-guest-card\/esperienze\/esperienze-in-estate' target='_blank' rel='noopener'>QUI<\/a> per prenotare<\/p> \",\"location\":[{\"@type\":\"Place\",\"name\":\"Pampeago\",\"address\":{\"@type\": \"PostalAddress\",\"streetAddress\":\"Localit\u00e0 Pampeago, 8, 38038 Tesero TN\"}}]}<\/script><\/div>\r\n\t\t\t\t<p class=\"desc_trig_outter\" style=\"\"><a data-gmap_status=\"null\" data-exlk=\"0\" style=\"background-color: #38823b;\" id=\"evc_17829072002933\" class=\"hasFtIMG event_repeat desc_trig sin_val evcal_list_a\" data-ux_val=\"3\" data-ux_val_mob=\"-\"  ><span class='evoet_c1 evoet_cx '><span class='ev_ftImg' data-img='https:\/\/latemarium.com\/wp-content\/uploads\/2026\/04\/pony.jpg' data-thumb='https:\/\/latemarium.com\/wp-content\/uploads\/2026\/04\/pony-300x110.jpg' style='background-image:url(\"https:\/\/latemarium.com\/wp-content\/uploads\/2026\/04\/pony-300x110.jpg\")' ><\/span><\/span><span class='evoet_c2 evoet_cx '><span class='evoet_dayblock evcal_cblock ' data-bgcolor='#38823b' data-smon='luglio' data-syr='2026' data-bub=''><span class='evo_start '><em class='date'>01<\/em><em class='month'>lug<\/em><em class='time'>14:00<\/em><\/span><span class='evo_end only_time'><em class='time'>16:30<\/em><\/span><\/span><\/span><span class='evoet_c3 evoet_cx evcal_desc hide_eventtopdata '><span class='evoet_title evcal_desc2 evcal_event_title ' itemprop='name'>In cammino con i pony<\/span><span class='event_location_attrs'  data-location_address=\"Localit\u00e0 Pampeago, 8, 38038 Tesero TN\" data-location_type=\"lonlat\" data-location_name=\"Pampeago\" data-location_url=\"https:\/\/latemarium.com\/it\/event-location\/pampeago\/\" data-location_status=\"true\" data-latlng=\"46.34343697644898,11.540997527961546\"><\/span><span class='evoet_subtitle evo_below_title' ><span class='evcal_event_subtitle ' >passeggiata per famiglie<\/span><\/span><span class='evoet_time_expand level_3'><em class='evcal_time evo_tz_time'><i class='fa fa-clock-o'><\/i>14:00 - 16:30<span class='evo_tz marl5'>(GMT+02:00)<\/span><\/em> <\/span><span class='evoet_location level_3'><em class=\"evcal_location\"  data-latlng=\"46.34343697644898,11.540997527961546\" data-add_str=\"Localit\u00e0 Pampeago, 8, 38038 Tesero TN\" data-n=\"Pampeago\"><i class=\"fa fa-location-pin\"><\/i><em class=\"event_location_name\">Pampeago<\/em>, Localit\u00e0 Pampeago, 8, 38038 Tesero TN<\/em><\/span><\/span><span class='evoet_data' data-d=\"{&quot;loc.n&quot;:&quot;Pampeago&quot;,&quot;orgs&quot;:[],&quot;tags&quot;:{&quot;repeating&quot;:&quot;Repeating Event&quot;}}\" data-bgc=\"#38823b\" data-bggrad=\"\" ><\/span><\/a><\/p><div class='event_description evcal_eventcard ' style=\"display:none\"><div class='evocard_row'><div id='event_ftimage' class='evocard_box ftimage' data-c='' \n\t\t\t\t\tstyle=''><div class='evocard_main_image_hold' data-t='Loading Image..'><div class='evocard_main_image evo_img_triglb evobr15 evobgsc evobgpc evodfx evofx_jc_c evofx_ai_c evofz48 minmized' style='height:300px; background-image:url();' data-f=\"https:\/\/latemarium.com\/wp-content\/uploads\/2026\/04\/pony.jpg\" data-h=\"368\" data-w=\"1000\" data-ratio=\"0.368\" data-event_id=\"2933\" data-ri=\"1\"  data-t='Loading Image..'><span style='height:300px; background-image:url(https:\/\/latemarium.com\/wp-content\/uploads\/2026\/04\/pony.jpg)'><\/span><\/div><\/div><\/div><\/div><div class='evocard_row'><div id='event_eventdetails' class='evocard_box eventdetails' data-c='' \n\t\t\t\t\tstyle=''><div class='evo_metarow_details evorow evcal_evdata_row evcal_event_details'>\n\t\t<div class=\"event_excerpt\" style=\"display:none\"><h3 class=\"padb5 evo_h3\">Dettagli dell&#039;evento<\/h3><p>Una piacevole passeggiata alla scoperta dei paesaggi di Pampeago, accompagnati da simpatici pony che guideranno bambini e famiglie lungo il percorso in totale sicurezza.\nUn\u2019esperienza rilassante e divertente, perfetta per vivere<\/p><\/div><span class='evcal_evdata_icons'><i class='fa fa-align-justify'><\/i><\/span>\n\t\t\n\t\t<div class='evcal_evdata_cell shorter_desc'>\n\t\t\t<div class='eventon_full_description'>\n\t\t\t\t<h3 class='padb5 evo_h3'><span class='evcal_evdata_icons'><i class='fa fa-align-justify'><\/i><\/span>Dettagli dell&#039;evento<\/h3>\n\t\t\t\t<div class='eventon_desc_in' itemprop='description'>\n\t\t\t\t<p>Una piacevole passeggiata alla scoperta dei paesaggi di Pampeago, accompagnati da simpatici pony che guideranno bambini e famiglie lungo il percorso in totale sicurezza.<\/p>\n<p>Un\u2019esperienza rilassante e divertente, perfetta per vivere la montagna a ritmo lento e creare un contatto speciale con questi dolci animali.<\/p>\n<p><strong>INFO UTILI:<\/strong><br \/>\nQuando &#8211; Tutti i mercoled\u00ec dal 24\/06 al 09\/09<br \/>\nOrario &#8211; dalle 14.00 alle 16.30 (in base alle disponibilit\u00e0)<br \/>\nRitrovo &#8211;\u00a0 parcheggio seggiovia Tresca (accesso consentito SOLO a chi prenota l\u2019attivit\u00e0)<\/p>\n<p>Attivit\u00e0 adatta a famiglie e bambini<\/p>\n<p>Prenotazione obbligatoria, clicca <a href=\"https:\/\/www.visitfiemme.it\/it\/eventi\/fiemme-cembra-guest-card\/esperienze\/esperienze-in-estate\" target=\"_blank\" rel=\"noopener\">QUI<\/a> per prenotare<\/p>\n<\/div><p class='eventon_shad_p' style='padding:5px 0 0; margin:0'>\n\t\t\t<span class='evcal_btn evo_btn_secondary evobtn_details_show_more' content='less'>\n\t\t\t\t<span class='ev_more_text' data-txt='Meno'>Pi\u00f9<\/span><span class='ev_more_arrow ard'><\/span>\n\t\t\t<\/span>\n\t\t<\/p><div class='clear'><\/div>\n\t\t\t<\/div>\n\t\t<\/div>\n\t<\/div><\/div><\/div><div class='evocard_row bx2 bx'><div id='event_time' class='evocard_box time' data-c='' \n\t\t\t\t\tstyle=''><div class='evo_metarow_time evorow evcal_evdata_row evcal_evrow_sm '>\n\t\t<span class='evcal_evdata_icons'><i class='fa fa-clock'><\/i><\/span>\n\t\t<div class='evcal_evdata_cell'>\t\t\t\t\t\t\t\n\t\t\t<h3 class='evo_h3'><span class='evcal_evdata_icons'><i class='fa fa-clock'><\/i><\/span>Orario<\/h3><p><span class='evo_eventcard_time_t'>1 luglio 2026 14:00 - 16:30<\/span><span class='evo_tz marr5'>(GMT+02:00)<\/span><\/p>\n\t\t<\/div>\n\t<\/div><\/div><div id='event_location' class='evocard_box location' data-c='' \n\t\t\t\t\tstyle=''><div class='evcal_evdata_row evo_metarow_time_location evorow '>\n\t\t\n\t\t\t<span class='evcal_evdata_icons'><i class='fa fa-map-marker'><\/i><\/span>\n\t\t\t<div class='evcal_evdata_cell' data-loc_tax_id='30'><h3 class='evo_h3 evodfx'><span class='evcal_evdata_icons'><i class='fa fa-map-marker'><\/i><\/span>Luogo<\/h3><p class='evo_location_name'>Pampeago<\/p><p class='evo_location_address evodfxi evogap10'>Localit\u00e0 Pampeago, 8, 38038 Tesero TN<\/p><div class='padt10'><span class='evo_btn_arr evolb_trigger' data-lbvals=\"{&quot;lbc&quot;:&quot;evo_location_lb_30&quot;,&quot;lbac&quot;:&quot;lb_max&quot;,&quot;t&quot;:&quot;Pampeago&quot;,&quot;ajax&quot;:&quot;yes&quot;,&quot;ajax_type&quot;:&quot;endpoint&quot;,&quot;ajax_action&quot;:&quot;eventon_get_tax_card_content&quot;,&quot;end&quot;:&quot;client&quot;,&quot;d&quot;:{&quot;lang&quot;:&quot;L1&quot;,&quot;term_id&quot;:30,&quot;tax&quot;:&quot;event_location&quot;,&quot;load_lbcontent&quot;:true},&quot;uid&quot;:&quot;eventon_get_tax_card_content&quot;}\" >Other Events<i class='fa fa-chevron-right'><\/i><\/span><\/div><\/div>\n\t\t\n\t<\/div><\/div><\/div><div class='evocard_row'><div id='event_addtocal' class='evocard_box addtocal' data-c='' \n\t\t\t\t\tstyle=''><div class='evo_metarow_ICS evorow evcal_evdata_row'>\n\t\t\t<span class='evcal_evdata_icons'><i class='fa fa-calendar-o'><\/i><\/span>\n\t\t\t<div class='evcal_evdata_cell'>\n\t\t\t\t<p><a href='https:\/\/latemarium.com\/it\/export-events\/2933_1\/?nonce=a3263097f9' class='evo_ics_nCal' title='Aggiungi al tuo calendario'>Calendario<\/a><a href='https:\/\/www.google.com\/calendar\/event?action=TEMPLATE&text=In+cammino+con+i+pony&dates=20260701T120000Z%2F20260701T143000Z&ctz=Europe%2FRome&details=In cammino con i pony&location=Pampeago+Localit%C3%A0+Pampeago%2C+8%2C+38038+Tesero+TN' target='_blank' class='evo_ics_gCal' title='Aggiungi al calendario di Google'>GoogleCal<\/a><\/p>\t\n\t\t\t<\/div>\n\t\t<\/div><\/div><\/div><div class='evocard_row'><div id='event_getdirection' class='evocard_box getdirection' data-c='' \n\t\t\t\t\tstyle=''><div class='evo_metarow_getDr evorow evcal_evdata_row evcal_evrow_sm getdirections'>\n\t\t<form action='https:\/\/maps.google.com\/maps' method='get' target='_blank'>\n\t\t\t<input type='hidden' name='daddr' value=\"46.34343697644898,11.540997527961546\"\/> \n\t\t\t<div class='evo_get_direction_content evo_fx_dr_r evogap10'>\n\t\t\t\t<span class='evogetdir_header evodfx evofx_dr_r evofx_ai_c marr10'>\n\t\t\t\t\t<i class='mainicon fa fa-road'><\/i> \n\t\t\t\t\t<h3 class='evo_h3' style='padding-bottom:5px;'>Ottieni indicazioni stradali<\/h3>\n\t\t\t\t<\/span>\n\t\t\t\t<span class='evogetdir_field evodfx evofx_1_1 evo_fx_dr_c evow100p'>\t\t\t\t\t\n\t\t\t\t\t<input class='evoInput evotac' type='text' name='saddr' placeholder='Digitare l&#039;indirizzo per ottenere le indicazioni stradali' value='' style='margin:10px 0;'\/>\n\t\t\t\t<\/span>\n\t\t\t\t<button type='submit' class='evo_get_direction_button evo_btn_arr_circ dfx fx_ai_c' title='Fare clic qui per ottenere indicazioni'><i class='fa fa-chevron-right'><\/i> <\/button>\n\t\t\t<\/div>\n\t\t<\/form>\n\t<\/div><\/div><\/div><div class='evo_card_row_end evcal_close' title='Testo del pulsante Chiudi evento'><\/div><\/div><div class='clear end'><\/div><\/div><div id=\"event_2840_0\" class=\"eventon_list_event evo_eventtop scheduled  event clrD no_et event_2840_0\" data-event_id=\"2840\" data-ri=\"0r\" data-time=\"1782975600-1783029540\" data-colr=\"#38823b\" itemscope itemtype='http:\/\/schema.org\/Event'><div class=\"evo_event_schema\" style=\"display:none\" ><a itemprop='url'  href='https:\/\/latemarium.com\/it\/events\/escursione-in-montagna-al-rifugio-torre-di-pisa\/'><\/a><meta itemprop='image' content=\"https:\/\/latemarium.com\/wp-content\/uploads\/2025\/05\/escursione-torre-di-pisa-obereggen.jpg\" \/><meta itemprop='startDate' content=\"2026-7-2T09:00+0:00\" \/><meta itemprop='endDate' content=\"2026-7-2T23:59+0:00\" \/><meta itemprop='eventStatus' content=\"https:\/\/schema.org\/EventScheduled\" \/><meta itemprop='eventAttendanceMode'   itemscope itemtype=\"https:\/\/schema.org\/OfflineEventAttendanceMode\"\/><div style=\"display:none\" itemprop=\"location\" itemscope itemtype=\"http:\/\/schema.org\/Place\"><span itemprop=\"name\">Stazione a valle Obereggen<\/span><span itemprop=\"address\" itemscope itemtype=\"http:\/\/schema.org\/PostalAddress\"><item itemprop=\"streetAddress\">Via Obereggen, 16, 39050 Nova Ponente BZ<\/item><\/span><\/div><script type=\"application\/ld+json\">{\"@context\": \"http:\/\/schema.org\",\"@type\": \"Event\",\n\t\t\t\t\"@id\": \"event_2840_0\",\n\t\t\t\t\"eventAttendanceMode\":\"https:\/\/schema.org\/OfflineEventAttendanceMode\",\n\t\t\t\t\"eventStatus\":\"https:\/\/schema.org\/EventScheduled\",\n\t\t\t\t\"name\": \"Escursione in montagna al rifugio Torre di Pisa\",\n\t\t\t\t\"url\": \"https:\/\/latemarium.com\/it\/events\/escursione-in-montagna-al-rifugio-torre-di-pisa\/\",\n\t\t\t\t\"startDate\": \"2026-7-2T09:00+0:00\",\n\t\t\t\t\"endDate\": \"2026-7-2T23:59+0:00\",\n\t\t\t\t\"image\":\"https:\/\/latemarium.com\/wp-content\/uploads\/2025\/05\/escursione-torre-di-pisa-obereggen.jpg\", \n\t\t\t\t\"description\":\"<p>Escursione di media difficolt\u00e0 ma impegnativa ad alte altitudini attraverso le rocce delle fantastiche Torri del Latemar.<\/p> <p>Itinerario: Salita con la seggiovia Oberholz (1550-2100 m) \u2013 sentiero n. 18 &#8211; Forcella dei Camosci (2560 m) \u2013 sentiero n. 516 \u2013 rifugio Torre di Pisa (2671 m). Sosta. Discesa sul sentiero n. 516 e n. 22 \u2013 stazione a monte della seggiovia Oberholz \u2013 discesa.<\/p> <p>Partenza: ore 09.00 a Obereggen<br \/> Ritorno: ore 16.00<br \/> Durata: 7 h | Tempo di cammino: 6 h<br \/> Dislivello: 750 m<br \/> Difficolt\u00e0: difficile<br \/> Requisiti necessari: sicurezza nel muoversi in ambiente montano, nessun problema di vertigini | con ristoro<br \/> Seggiovia: 21,50 \u20ac\/adulto, 17,50 \u20ac\/junior fino a 16<\/p> \",\"location\":[{\"@type\":\"Place\",\"name\":\"Stazione a valle Obereggen\",\"address\":{\"@type\": \"PostalAddress\",\"streetAddress\":\"Via Obereggen, 16, 39050 Nova Ponente BZ\"}}]}<\/script><\/div>\r\n\t\t\t\t<p class=\"desc_trig_outter\" style=\"\"><a data-gmtrig=\"1\" data-exlk=\"0\" style=\"background-color: #38823b;\" id=\"evc_17829756002840\" class=\"hasFtIMG event_repeat desc_trig sin_val evcal_list_a\" data-ux_val=\"3\" data-ux_val_mob=\"-\"  ><span class='evoet_c1 evoet_cx '><span class='ev_ftImg' data-img='https:\/\/latemarium.com\/wp-content\/uploads\/2025\/05\/escursione-torre-di-pisa-obereggen.jpg' data-thumb='https:\/\/latemarium.com\/wp-content\/uploads\/2025\/05\/escursione-torre-di-pisa-obereggen-300x182.jpg' style='background-image:url(\"https:\/\/latemarium.com\/wp-content\/uploads\/2025\/05\/escursione-torre-di-pisa-obereggen-300x182.jpg\")' ><\/span><\/span><span class='evoet_c2 evoet_cx '><span class='evoet_dayblock evcal_cblock ' data-bgcolor='#38823b' data-smon='luglio' data-syr='2026' data-bub=''><span class='evo_start '><em class='date'>02<\/em><em class='month'>lug<\/em><em class='time'>09:00<\/em><\/span><\/span><\/span><span class='evoet_c3 evoet_cx evcal_desc hide_eventtopdata '><span class='evoet_title evcal_desc2 evcal_event_title ' itemprop='name'>Escursione in montagna al rifugio Torre di Pisa<\/span><span class='event_location_attrs'  data-location_address=\"Via Obereggen, 16, 39050 Nova Ponente BZ\" data-location_type=\"lonlat\" data-location_name=\"Stazione a valle Obereggen\" data-location_url=\"https:\/\/latemarium.com\/it\/event-location\/stazione-a-valle-obereggen\/\" data-location_status=\"true\" data-latlng=\"46.3835808246333,11.52667595881786\"><\/span><span class='evoet_subtitle evo_below_title' ><span class='evcal_event_subtitle ' >escursione guidata<\/span><\/span><span class='evoet_time_expand level_3'><em class='evcal_time evo_tz_time'><i class='fa fa-clock-o'><\/i>09:00<span class='evo_tz marl5'>(GMT+02:00)<\/span><\/em> <\/span><span class='evoet_location level_3'><em class=\"evcal_location\"  data-latlng=\"46.3835808246333,11.52667595881786\" data-add_str=\"Via Obereggen, 16, 39050 Nova Ponente BZ\" data-n=\"Stazione a valle Obereggen\"><i class=\"fa fa-location-pin\"><\/i><em class=\"event_location_name\">Stazione a valle Obereggen<\/em>, Via Obereggen, 16, 39050 Nova Ponente BZ<\/em><\/span><\/span><span class='evoet_data' data-d=\"{&quot;loc.n&quot;:&quot;Stazione a valle Obereggen&quot;,&quot;orgs&quot;:[],&quot;tags&quot;:{&quot;repeating&quot;:&quot;Repeating Event&quot;}}\" data-bgc=\"#38823b\" data-bggrad=\"\" ><\/span><\/a><\/p><div class='event_description evcal_eventcard ' style=\"display:none\"><div class='evocard_row'><div id='event_ftimage' class='evocard_box ftimage' data-c='' \n\t\t\t\t\tstyle=''><div class='evocard_main_image_hold' data-t='Loading Image..'><div class='evocard_main_image evo_img_triglb evobr15 evobgsc evobgpc evodfx evofx_jc_c evofx_ai_c evofz48 minmized' style='height:300px; background-image:url();' data-f=\"https:\/\/latemarium.com\/wp-content\/uploads\/2025\/05\/escursione-torre-di-pisa-obereggen.jpg\" data-h=\"755\" data-w=\"1245\" data-ratio=\"0.60642570281124\" data-event_id=\"2840\" data-ri=\"0\"  data-t='Loading Image..'><span style='height:300px; background-image:url(https:\/\/latemarium.com\/wp-content\/uploads\/2025\/05\/escursione-torre-di-pisa-obereggen.jpg)'><\/span><\/div><\/div><\/div><\/div><div class='evocard_row'><div id='event_eventdetails' class='evocard_box eventdetails' data-c='' \n\t\t\t\t\tstyle=''><div class='evo_metarow_details evorow evcal_evdata_row evcal_event_details'>\n\t\t<div class=\"event_excerpt\" style=\"display:none\"><h3 class=\"padb5 evo_h3\">Dettagli dell&#039;evento<\/h3><p>Escursione di media difficolt\u00e0 ma impegnativa ad alte altitudini attraverso le rocce delle fantastiche Torri del Latemar.\nItinerario: Salita con la seggiovia Oberholz (1550-2100 m) \u2013 sentiero n. 18 &#8211; Forcella<\/p><\/div><span class='evcal_evdata_icons'><i class='fa fa-align-justify'><\/i><\/span>\n\t\t\n\t\t<div class='evcal_evdata_cell shorter_desc'>\n\t\t\t<div class='eventon_full_description'>\n\t\t\t\t<h3 class='padb5 evo_h3'><span class='evcal_evdata_icons'><i class='fa fa-align-justify'><\/i><\/span>Dettagli dell&#039;evento<\/h3>\n\t\t\t\t<div class='eventon_desc_in' itemprop='description'>\n\t\t\t\t<p>Escursione di media difficolt\u00e0 ma impegnativa ad alte altitudini attraverso le rocce delle fantastiche Torri del Latemar.<\/p>\n<p>Itinerario: Salita con la seggiovia Oberholz (1550-2100 m) \u2013 sentiero n. 18 &#8211; Forcella dei Camosci (2560 m) \u2013 sentiero n. 516 \u2013 rifugio Torre di Pisa (2671 m). Sosta. Discesa sul sentiero n. 516 e n. 22 \u2013 stazione a monte della seggiovia Oberholz \u2013 discesa.<\/p>\n<p>Partenza: ore 09.00 a Obereggen<br \/>\nRitorno: ore 16.00<br \/>\nDurata: 7 h | Tempo di cammino: 6 h<br \/>\nDislivello: 750 m<br \/>\nDifficolt\u00e0: difficile<br \/>\nRequisiti necessari: sicurezza nel muoversi in ambiente montano, nessun problema di vertigini | con ristoro<br \/>\nSeggiovia: 21,50 \u20ac\/adulto, 17,50 \u20ac\/junior fino a 16<\/p>\n<\/div><p class='eventon_shad_p' style='padding:5px 0 0; margin:0'>\n\t\t\t<span class='evcal_btn evo_btn_secondary evobtn_details_show_more' content='less'>\n\t\t\t\t<span class='ev_more_text' data-txt='Meno'>Pi\u00f9<\/span><span class='ev_more_arrow ard'><\/span>\n\t\t\t<\/span>\n\t\t<\/p><div class='clear'><\/div>\n\t\t\t<\/div>\n\t\t<\/div>\n\t<\/div><\/div><\/div><div class='evocard_row bx2 bx'><div id='event_time' class='evocard_box time' data-c='' \n\t\t\t\t\tstyle=''><div class='evo_metarow_time evorow evcal_evdata_row evcal_evrow_sm '>\n\t\t<span class='evcal_evdata_icons'><i class='fa fa-clock'><\/i><\/span>\n\t\t<div class='evcal_evdata_cell'>\t\t\t\t\t\t\t\n\t\t\t<h3 class='evo_h3'><span class='evcal_evdata_icons'><i class='fa fa-clock'><\/i><\/span>Orario<\/h3><p><span class='evo_eventcard_time_t'>2 luglio 2026 09:00<\/span><span class='evo_tz marr5'>(GMT+02:00)<\/span><\/p>\n\t\t<\/div>\n\t<\/div><\/div><div id='event_location' class='evocard_box location' data-c='' \n\t\t\t\t\tstyle=''><div class='evcal_evdata_row evo_metarow_time_location evorow '>\n\t\t\n\t\t\t<span class='evcal_evdata_icons'><i class='fa fa-map-marker'><\/i><\/span>\n\t\t\t<div class='evcal_evdata_cell' data-loc_tax_id='22'><h3 class='evo_h3 evodfx'><span class='evcal_evdata_icons'><i class='fa fa-map-marker'><\/i><\/span>Luogo<\/h3><p class='evo_location_name'>Stazione a valle Obereggen<\/p><p class='evo_location_address evodfxi evogap10'>Via Obereggen, 16, 39050 Nova Ponente BZ<\/p><div class='padt10'><span class='evo_btn_arr evolb_trigger' data-lbvals=\"{&quot;lbc&quot;:&quot;evo_location_lb_22&quot;,&quot;lbac&quot;:&quot;lb_max&quot;,&quot;t&quot;:&quot;Stazione a valle Obereggen&quot;,&quot;ajax&quot;:&quot;yes&quot;,&quot;ajax_type&quot;:&quot;endpoint&quot;,&quot;ajax_action&quot;:&quot;eventon_get_tax_card_content&quot;,&quot;end&quot;:&quot;client&quot;,&quot;d&quot;:{&quot;lang&quot;:&quot;L1&quot;,&quot;term_id&quot;:22,&quot;tax&quot;:&quot;event_location&quot;,&quot;load_lbcontent&quot;:true},&quot;uid&quot;:&quot;eventon_get_tax_card_content&quot;}\" >Other Events<i class='fa fa-chevron-right'><\/i><\/span><\/div><\/div>\n\t\t\n\t<\/div><\/div><\/div><div class='evocard_row bx2 bx'><div id='event_learnmore' class='evocard_box learnmore' data-c='' \n\t\t\t\t\tstyle=''><div class='evo_metarow_learnM evo_metarow_learnmore evorow'>\n\t\t\t\t\t\t\t<a class='evcal_evdata_row evo_clik_row ' href='https:\/\/eggental.com\/it\/eventi\/escursione-in-montagna-al-rifugio-torre-di-pisa_11602' target=\"_blank\">\n\t\t\t\t\t\t\t\t<span class='evcal_evdata_icons'><i class='fa fa-link'><\/i><\/span>\n\t\t\t\t\t\t\t\t<h3 class='evo_h3'>Scopri di pi\u00f9<\/h3>\n\t\t\t\t\t\t\t<\/a>\n\t\t\t\t\t\t\t<\/div><\/div><div id='event_addtocal' class='evocard_box addtocal' data-c='' \n\t\t\t\t\tstyle=''><div class='evo_metarow_ICS evorow evcal_evdata_row'>\n\t\t\t<span class='evcal_evdata_icons'><i class='fa fa-calendar-o'><\/i><\/span>\n\t\t\t<div class='evcal_evdata_cell'>\n\t\t\t\t<p><a href='https:\/\/latemarium.com\/it\/export-events\/2840_0\/?nonce=a3263097f9' class='evo_ics_nCal' title='Aggiungi al tuo calendario'>Calendario<\/a><a href='https:\/\/www.google.com\/calendar\/event?action=TEMPLATE&text=Escursione+in+montagna+al+rifugio+Torre+di+Pisa&dates=20260702T070000Z%2F20260702T215900Z&ctz=Europe%2FRome&details=Escursione in montagna al rifugio Torre di Pisa&location=Stazione+a+valle+Obereggen+Via+Obereggen%2C+16%2C+39050+Nova+Ponente+BZ' target='_blank' class='evo_ics_gCal' title='Aggiungi al calendario di Google'>GoogleCal<\/a><\/p>\t\n\t\t\t<\/div>\n\t\t<\/div><\/div><\/div><div class='evocard_row'><div id='event_getdirection' class='evocard_box getdirection' data-c='' \n\t\t\t\t\tstyle=''><div class='evo_metarow_getDr evorow evcal_evdata_row evcal_evrow_sm getdirections'>\n\t\t<form action='https:\/\/maps.google.com\/maps' method='get' target='_blank'>\n\t\t\t<input type='hidden' name='daddr' value=\"46.3835808246333,11.52667595881786\"\/> \n\t\t\t<div class='evo_get_direction_content evo_fx_dr_r evogap10'>\n\t\t\t\t<span class='evogetdir_header evodfx evofx_dr_r evofx_ai_c marr10'>\n\t\t\t\t\t<i class='mainicon fa fa-road'><\/i> \n\t\t\t\t\t<h3 class='evo_h3' style='padding-bottom:5px;'>Ottieni indicazioni stradali<\/h3>\n\t\t\t\t<\/span>\n\t\t\t\t<span class='evogetdir_field evodfx evofx_1_1 evo_fx_dr_c evow100p'>\t\t\t\t\t\n\t\t\t\t\t<input class='evoInput evotac' type='text' name='saddr' placeholder='Digitare l&#039;indirizzo per ottenere le indicazioni stradali' value='' style='margin:10px 0;'\/>\n\t\t\t\t<\/span>\n\t\t\t\t<button type='submit' class='evo_get_direction_button evo_btn_arr_circ dfx fx_ai_c' title='Fare clic qui per ottenere indicazioni'><i class='fa fa-chevron-right'><\/i> <\/button>\n\t\t\t<\/div>\n\t\t<\/form>\n\t<\/div><\/div><\/div><div class='evo_card_row_end evcal_close' title='Testo del pulsante Chiudi evento'><\/div><\/div><div class='clear end'><\/div><\/div><div id=\"event_2196_1\" class=\"eventon_list_event evo_eventtop scheduled  event clrW event_2196_1\" data-event_id=\"2196\" data-ri=\"1r\" data-time=\"1783004400-1783012500\" data-colr=\"#f78234\" itemscope itemtype='http:\/\/schema.org\/Event'><div class=\"evo_event_schema\" style=\"display:none\" ><a itemprop='url'  href='https:\/\/latemarium.com\/it\/events\/pilyoga\/var\/ri-1.l-L1'><\/a><meta itemprop='image' content=\"https:\/\/latemarium.com\/wp-content\/uploads\/2023\/06\/pilyoga.jpg\" \/><meta itemprop='startDate' content=\"2026-7-2T17:00+0:00\" \/><meta itemprop='endDate' content=\"2026-7-2T19:15+0:00\" \/><meta itemprop='eventStatus' content=\"https:\/\/schema.org\/EventScheduled\" \/><meta itemprop='eventAttendanceMode'   itemscope itemtype=\"https:\/\/schema.org\/OfflineEventAttendanceMode\"\/><div style=\"display:none\" itemprop=\"location\" itemscope itemtype=\"http:\/\/schema.org\/Place\"><span itemprop=\"name\">Pampeago<\/span><span itemprop=\"address\" itemscope itemtype=\"http:\/\/schema.org\/PostalAddress\"><item itemprop=\"streetAddress\">Localit\u00e0 Pampeago, 8, 38038 Tesero TN<\/item><\/span><\/div><script type=\"application\/ld+json\">{\"@context\": \"http:\/\/schema.org\",\"@type\": \"Event\",\n\t\t\t\t\"@id\": \"event_2196_1\",\n\t\t\t\t\"eventAttendanceMode\":\"https:\/\/schema.org\/OfflineEventAttendanceMode\",\n\t\t\t\t\"eventStatus\":\"https:\/\/schema.org\/EventScheduled\",\n\t\t\t\t\"name\": \"PilYoga\",\n\t\t\t\t\"url\": \"https:\/\/latemarium.com\/it\/events\/pilyoga\/var\/ri-1.l-L1\",\n\t\t\t\t\"startDate\": \"2026-7-2T17:00+0:00\",\n\t\t\t\t\"endDate\": \"2026-7-2T19:15+0:00\",\n\t\t\t\t\"image\":\"https:\/\/latemarium.com\/wp-content\/uploads\/2023\/06\/pilyoga.jpg\", \n\t\t\t\t\"description\":\"<p><strong>Ogni gioved\u00ec dal 25 giugno al 3 settembre 2026<\/strong><\/p> <p>Ritrovo e partenza alle 17.00 con l&#8217;insegnate Elisa (presso biglietteria impianti)<br \/> Durata: dalle 17.00 alle 19.15, attivit\u00e0 rivolta ai &gt; 14 anni.<\/p> <p>Raggiungerete il luogo della lezione con la seggiovia Agnello e dopo una breve passeggiata vi potrete rilassare e liberare la mente a diretto contatto con la natura. La pratica del PilYoga in quota permette la piena armonia con l\u2019ambiente circostante, lontano da tutti i rumori della vita quotidiana. Appena finirete la lezione, vi attender\u00e0 un piccolo aperitivo allo Chalet Caserina per poi riscendere a piedi con una breve passeggiata.<\/p> <p>Da portare con s\u00e9 un tappetino o stuoia o asciugamano.<br \/> <em>Attivit\u00e0 NON prevista in caso di pioggia.<\/em><\/p> <p>Prenotazione obbligatoria. Clicca <a href='https:\/\/www.visitfiemme.it\/it\/eventi\/fiemme-cembra-guest-card\/esperienze\/esperienze-in-estate' target='_blank' rel='noopener'>qui<\/a>\u00a0per prenotare.<\/p> \",\"location\":[{\"@type\":\"Place\",\"name\":\"Pampeago\",\"address\":{\"@type\": \"PostalAddress\",\"streetAddress\":\"Localit\u00e0 Pampeago, 8, 38038 Tesero TN\"}}]}<\/script><\/div>\r\n\t\t\t\t<p class=\"desc_trig_outter\" style=\"\"><a data-gmtrig=\"1\" data-exlk=\"0\" style=\"background-color: #f78234;\" id=\"evc_17830044002196\" class=\"hasFtIMG event_repeat desc_trig sin_val evcal_list_a\" data-ux_val=\"3\" data-ux_val_mob=\"-\"  ><span class='evoet_c1 evoet_cx '><span class='ev_ftImg' data-img='https:\/\/latemarium.com\/wp-content\/uploads\/2023\/06\/pilyoga.jpg' data-thumb='https:\/\/latemarium.com\/wp-content\/uploads\/2023\/06\/pilyoga-300x169.jpg' style='background-image:url(\"https:\/\/latemarium.com\/wp-content\/uploads\/2023\/06\/pilyoga-300x169.jpg\")' ><\/span><\/span><span class='evoet_c2 evoet_cx '><span class='evoet_dayblock evcal_cblock ' data-bgcolor='#f78234' data-smon='luglio' data-syr='2026' data-bub=''><span class='evo_start '><em class='date'>02<\/em><em class='month'>lug<\/em><em class='time'>17:00<\/em><\/span><span class='evo_end only_time'><em class='time'>19:15<\/em><\/span><\/span><\/span><span class='evoet_c3 evoet_cx evcal_desc hide_eventtopdata '><span class='evoet_title evcal_desc2 evcal_event_title ' itemprop='name'>PilYoga<\/span><span class='event_location_attrs'  data-location_address=\"Localit\u00e0 Pampeago, 8, 38038 Tesero TN\" data-location_type=\"lonlat\" data-location_name=\"Pampeago\" data-location_url=\"https:\/\/latemarium.com\/it\/event-location\/pampeago\/\" data-location_status=\"true\" data-latlng=\"46.34343697644898,11.540997527961546\"><\/span><span class='evoet_subtitle evo_below_title' ><span class='evcal_event_subtitle ' >Pilyoga tra le opere di Respirart<\/span><\/span><span class='evoet_time_expand level_3'><em class='evcal_time evo_tz_time'><i class='fa fa-clock-o'><\/i>17:00 - 19:15<span class='evo_tz marl5'>(GMT+02:00)<\/span><\/em> <\/span><span class='evoet_location level_3'><em class=\"evcal_location\"  data-latlng=\"46.34343697644898,11.540997527961546\" data-add_str=\"Localit\u00e0 Pampeago, 8, 38038 Tesero TN\" data-n=\"Pampeago\"><i class=\"fa fa-location-pin\"><\/i><em class=\"event_location_name\">Pampeago<\/em>, Localit\u00e0 Pampeago, 8, 38038 Tesero TN<\/em><\/span><\/span><span class='evoet_data' data-d=\"{&quot;loc.n&quot;:&quot;Pampeago&quot;,&quot;orgs&quot;:[],&quot;tags&quot;:{&quot;repeating&quot;:&quot;Repeating Event&quot;}}\" data-bgc=\"#f78234\" data-bggrad=\"\" ><\/span><\/a><\/p><div class='event_description evcal_eventcard ' style=\"display:none\"><div class='evocard_row'><div id='event_ftimage' class='evocard_box ftimage' data-c='' \n\t\t\t\t\tstyle=''><div class='evocard_main_image_hold' data-t='Loading Image..'><div class='evocard_main_image evo_img_triglb evobr15 evobgsc evobgpc evodfx evofx_jc_c evofx_ai_c evofz48 minmized' style='height:300px; background-image:url();' data-f=\"https:\/\/latemarium.com\/wp-content\/uploads\/2023\/06\/pilyoga.jpg\" data-h=\"675\" data-w=\"1200\" data-ratio=\"0.5625\" data-event_id=\"2196\" data-ri=\"1\"  data-t='Loading Image..'><span style='height:300px; background-image:url(https:\/\/latemarium.com\/wp-content\/uploads\/2023\/06\/pilyoga.jpg)'><\/span><\/div><\/div><\/div><\/div><div class='evocard_row'><div id='event_eventdetails' class='evocard_box eventdetails' data-c='' \n\t\t\t\t\tstyle=''><div class='evo_metarow_details evorow evcal_evdata_row evcal_event_details'>\n\t\t<div class=\"event_excerpt\" style=\"display:none\"><h3 class=\"padb5 evo_h3\">Dettagli dell&#039;evento<\/h3><p>Ogni gioved\u00ec dal 25 giugno al 3 settembre 2026\nRitrovo e partenza alle 17.00 con l&#8217;insegnate Elisa (presso biglietteria impianti)\nDurata: dalle 17.00 alle 19.15, attivit\u00e0 rivolta ai &gt; 14 anni.\nRaggiungerete<\/p><\/div><span class='evcal_evdata_icons'><i class='fa fa-align-justify'><\/i><\/span>\n\t\t\n\t\t<div class='evcal_evdata_cell shorter_desc'>\n\t\t\t<div class='eventon_full_description'>\n\t\t\t\t<h3 class='padb5 evo_h3'><span class='evcal_evdata_icons'><i class='fa fa-align-justify'><\/i><\/span>Dettagli dell&#039;evento<\/h3>\n\t\t\t\t<div class='eventon_desc_in' itemprop='description'>\n\t\t\t\t<p><strong>Ogni gioved\u00ec dal 25 giugno al 3 settembre 2026<\/strong><\/p>\n<p>Ritrovo e partenza alle 17.00 con l&#8217;insegnate Elisa (presso biglietteria impianti)<br \/>\nDurata: dalle 17.00 alle 19.15, attivit\u00e0 rivolta ai &gt; 14 anni.<\/p>\n<p>Raggiungerete il luogo della lezione con la seggiovia Agnello e dopo una breve passeggiata vi potrete rilassare e liberare la mente a diretto contatto con la natura. La pratica del PilYoga in quota permette la piena armonia con l\u2019ambiente circostante, lontano da tutti i rumori della vita quotidiana. Appena finirete la lezione, vi attender\u00e0 un piccolo aperitivo allo Chalet Caserina per poi riscendere a piedi con una breve passeggiata.<\/p>\n<p>Da portare con s\u00e9 un tappetino o stuoia o asciugamano.<br \/>\n<em>Attivit\u00e0 NON prevista in caso di pioggia.<\/em><\/p>\n<p>Prenotazione obbligatoria. Clicca <a href=\"https:\/\/www.visitfiemme.it\/it\/eventi\/fiemme-cembra-guest-card\/esperienze\/esperienze-in-estate\" target=\"_blank\" rel=\"noopener\">qui<\/a>\u00a0per prenotare.<\/p>\n<\/div><p class='eventon_shad_p' style='padding:5px 0 0; margin:0'>\n\t\t\t<span class='evcal_btn evo_btn_secondary evobtn_details_show_more' content='less'>\n\t\t\t\t<span class='ev_more_text' data-txt='Meno'>Pi\u00f9<\/span><span class='ev_more_arrow ard'><\/span>\n\t\t\t<\/span>\n\t\t<\/p><div class='clear'><\/div>\n\t\t\t<\/div>\n\t\t<\/div>\n\t<\/div><\/div><\/div><div class='evocard_row bx2 bx'><div id='event_time' class='evocard_box time' data-c='' \n\t\t\t\t\tstyle=''><div class='evo_metarow_time evorow evcal_evdata_row evcal_evrow_sm '>\n\t\t<span class='evcal_evdata_icons'><i class='fa fa-clock'><\/i><\/span>\n\t\t<div class='evcal_evdata_cell'>\t\t\t\t\t\t\t\n\t\t\t<h3 class='evo_h3'><span class='evcal_evdata_icons'><i class='fa fa-clock'><\/i><\/span>Orario<\/h3><p><span class='evo_eventcard_time_t'>2 luglio 2026 17:00 - 19:15<\/span><span class='evo_tz marr5'>(GMT+02:00)<\/span><\/p>\n\t\t<\/div>\n\t<\/div><\/div><div id='event_location' class='evocard_box location' data-c='' \n\t\t\t\t\tstyle=''><div class='evcal_evdata_row evo_metarow_time_location evorow '>\n\t\t\n\t\t\t<span class='evcal_evdata_icons'><i class='fa fa-map-marker'><\/i><\/span>\n\t\t\t<div class='evcal_evdata_cell' data-loc_tax_id='30'><h3 class='evo_h3 evodfx'><span class='evcal_evdata_icons'><i class='fa fa-map-marker'><\/i><\/span>Luogo<\/h3><p class='evo_location_name'>Pampeago<\/p><p class='evo_location_address evodfxi evogap10'>Localit\u00e0 Pampeago, 8, 38038 Tesero TN<\/p><div class='padt10'><span class='evo_btn_arr evolb_trigger' data-lbvals=\"{&quot;lbc&quot;:&quot;evo_location_lb_30&quot;,&quot;lbac&quot;:&quot;lb_max&quot;,&quot;t&quot;:&quot;Pampeago&quot;,&quot;ajax&quot;:&quot;yes&quot;,&quot;ajax_type&quot;:&quot;endpoint&quot;,&quot;ajax_action&quot;:&quot;eventon_get_tax_card_content&quot;,&quot;end&quot;:&quot;client&quot;,&quot;d&quot;:{&quot;lang&quot;:&quot;L1&quot;,&quot;term_id&quot;:30,&quot;tax&quot;:&quot;event_location&quot;,&quot;load_lbcontent&quot;:true},&quot;uid&quot;:&quot;eventon_get_tax_card_content&quot;}\" >Other Events<i class='fa fa-chevron-right'><\/i><\/span><\/div><\/div>\n\t\t\n\t<\/div><\/div><\/div><div class='evocard_row'><div id='event_addtocal' class='evocard_box addtocal' data-c='' \n\t\t\t\t\tstyle=''><div class='evo_metarow_ICS evorow evcal_evdata_row'>\n\t\t\t<span class='evcal_evdata_icons'><i class='fa fa-calendar-o'><\/i><\/span>\n\t\t\t<div class='evcal_evdata_cell'>\n\t\t\t\t<p><a href='https:\/\/latemarium.com\/it\/export-events\/2196_1\/?nonce=a3263097f9' class='evo_ics_nCal' title='Aggiungi al tuo calendario'>Calendario<\/a><a href='https:\/\/www.google.com\/calendar\/event?action=TEMPLATE&text=PilYoga&dates=20260702T150000Z%2F20260702T171500Z&ctz=Europe%2FRome&details=PilYoga&location=Pampeago+Localit%C3%A0+Pampeago%2C+8%2C+38038+Tesero+TN' target='_blank' class='evo_ics_gCal' title='Aggiungi al calendario di Google'>GoogleCal<\/a><\/p>\t\n\t\t\t<\/div>\n\t\t<\/div><\/div><\/div><div class='evocard_row'><div id='event_getdirection' class='evocard_box getdirection' data-c='' \n\t\t\t\t\tstyle=''><div class='evo_metarow_getDr evorow evcal_evdata_row evcal_evrow_sm getdirections'>\n\t\t<form action='https:\/\/maps.google.com\/maps' method='get' target='_blank'>\n\t\t\t<input type='hidden' name='daddr' value=\"46.34343697644898,11.540997527961546\"\/> \n\t\t\t<div class='evo_get_direction_content evo_fx_dr_r evogap10'>\n\t\t\t\t<span class='evogetdir_header evodfx evofx_dr_r evofx_ai_c marr10'>\n\t\t\t\t\t<i class='mainicon fa fa-road'><\/i> \n\t\t\t\t\t<h3 class='evo_h3' style='padding-bottom:5px;'>Ottieni indicazioni stradali<\/h3>\n\t\t\t\t<\/span>\n\t\t\t\t<span class='evogetdir_field evodfx evofx_1_1 evo_fx_dr_c evow100p'>\t\t\t\t\t\n\t\t\t\t\t<input class='evoInput evotac' type='text' name='saddr' placeholder='Digitare l&#039;indirizzo per ottenere le indicazioni stradali' value='' style='margin:10px 0;'\/>\n\t\t\t\t<\/span>\n\t\t\t\t<button type='submit' class='evo_get_direction_button evo_btn_arr_circ dfx fx_ai_c' title='Fare clic qui per ottenere indicazioni'><i class='fa fa-chevron-right'><\/i> <\/button>\n\t\t\t<\/div>\n\t\t<\/form>\n\t<\/div><\/div><\/div><div class='evo_card_row_end evcal_close' title='Testo del pulsante Chiudi evento'><\/div><\/div><div class='clear end'><\/div><\/div><div id=\"event_2201_1\" class=\"eventon_list_event evo_eventtop scheduled  event clrD no_et event_2201_1\" data-event_id=\"2201\" data-ri=\"1r\" data-time=\"1783005300-1783029540\" data-colr=\"#ba181d\" itemscope itemtype='http:\/\/schema.org\/Event'><div class=\"evo_event_schema\" style=\"display:none\" ><a itemprop='url'  href='https:\/\/latemarium.com\/it\/events\/e-bike-tour-ai-piedi-del-latemar\/var\/ri-1.l-L1'><\/a><meta itemprop='image' content=\"https:\/\/latemarium.com\/wp-content\/uploads\/2023\/06\/e-bike-tour.jpg\" \/><meta itemprop='startDate' content=\"2026-7-2T17:15+0:00\" \/><meta itemprop='endDate' content=\"2026-7-2T23:59+0:00\" \/><meta itemprop='eventStatus' content=\"https:\/\/schema.org\/EventScheduled\" \/><meta itemprop='eventAttendanceMode'   itemscope itemtype=\"https:\/\/schema.org\/OfflineEventAttendanceMode\"\/><div style=\"display:none\" itemprop=\"location\" itemscope itemtype=\"http:\/\/schema.org\/Place\"><span itemprop=\"name\">Pampeago<\/span><span itemprop=\"address\" itemscope itemtype=\"http:\/\/schema.org\/PostalAddress\"><item itemprop=\"streetAddress\">Localit\u00e0 Pampeago, 8, 38038 Tesero TN<\/item><\/span><\/div><script type=\"application\/ld+json\">{\"@context\": \"http:\/\/schema.org\",\"@type\": \"Event\",\n\t\t\t\t\"@id\": \"event_2201_1\",\n\t\t\t\t\"eventAttendanceMode\":\"https:\/\/schema.org\/OfflineEventAttendanceMode\",\n\t\t\t\t\"eventStatus\":\"https:\/\/schema.org\/EventScheduled\",\n\t\t\t\t\"name\": \"E-Bike Tour ai piedi del Latemar\",\n\t\t\t\t\"url\": \"https:\/\/latemarium.com\/it\/events\/e-bike-tour-ai-piedi-del-latemar\/var\/ri-1.l-L1\",\n\t\t\t\t\"startDate\": \"2026-7-2T17:15+0:00\",\n\t\t\t\t\"endDate\": \"2026-7-2T23:59+0:00\",\n\t\t\t\t\"image\":\"https:\/\/latemarium.com\/wp-content\/uploads\/2023\/06\/e-bike-tour.jpg\", \n\t\t\t\t\"description\":\"<p><strong>Ogni gioved\u00ec dal 25 giugno al 3 settembre 2026<\/strong><\/p> <p>Ritrovo con la guida Andrea alle 17.15 a Pampeago (presso biglietteria impianti)<br \/> Durata:\u00a0dalle 17.15 alle 19.15<br \/> Max 8 persone. +16 anni.<\/p> <p class='p1'><span class='s1'>Per gli appassionati di e-bike, con un livello intermedio, abbiamo pensato ad un tour alla scoperta del Latemar con vista mozzafiato sulle aree circostanti. Sar\u00e0 un itinerario piacevole e grazie alla pedalata assistita potrete affrontare con facilit\u00e0 il dislivello che vi porter\u00e0 in localit\u00e0 Tresca. \u00c8 il momento della giornata perfetto: la montagna si svuota, potrete apprezzare il silenzio della natura e godere dei colori della \u201cgolden hour\u201d. Terminato il giro vi attender\u00e0 un piccolo aperitivo allo Chalet Caserina.<br \/> Potrete noleggiare la e-bike in loco, al negozio Sport Ventura di Pampeago.<br \/> <\/span><\/p> <p class='p1'><em><span class='s1'>Attivit\u00e0 non prevista in caso di pioggia.<\/span><\/em><\/p> <p>Prenotazione obbligatoria. Clicca\u00a0<a href='https:\/\/www.visitfiemme.it\/it\/eventi\/fiemme-cembra-guest-card\/esperienze\/esperienze-in-estate?re-product-id=251796' target='_blank' rel='noopener'>qui<\/a>.<\/p> \",\"location\":[{\"@type\":\"Place\",\"name\":\"Pampeago\",\"address\":{\"@type\": \"PostalAddress\",\"streetAddress\":\"Localit\u00e0 Pampeago, 8, 38038 Tesero TN\"}}]}<\/script><\/div>\r\n\t\t\t\t<p class=\"desc_trig_outter\" style=\"\"><a data-gmtrig=\"1\" data-exlk=\"0\" style=\"background-color: #ba181d;\" id=\"evc_17830053002201\" class=\"hasFtIMG event_repeat desc_trig sin_val evcal_list_a\" data-ux_val=\"3\" data-ux_val_mob=\"-\"  ><span class='evoet_c1 evoet_cx '><span class='ev_ftImg' data-img='https:\/\/latemarium.com\/wp-content\/uploads\/2023\/06\/e-bike-tour.jpg' data-thumb='https:\/\/latemarium.com\/wp-content\/uploads\/2023\/06\/e-bike-tour-300x169.jpg' style='background-image:url(\"https:\/\/latemarium.com\/wp-content\/uploads\/2023\/06\/e-bike-tour-300x169.jpg\")' ><\/span><\/span><span class='evoet_c2 evoet_cx '><span class='evoet_dayblock evcal_cblock ' data-bgcolor='#ba181d' data-smon='luglio' data-syr='2026' data-bub=''><span class='evo_start '><em class='date'>02<\/em><em class='month'>lug<\/em><em class='time'>17:15<\/em><\/span><\/span><\/span><span class='evoet_c3 evoet_cx evcal_desc hide_eventtopdata '><span class='evoet_title evcal_desc2 evcal_event_title ' itemprop='name'>E-Bike Tour ai piedi del Latemar<\/span><span class='event_location_attrs'  data-location_address=\"Localit\u00e0 Pampeago, 8, 38038 Tesero TN\" data-location_type=\"lonlat\" data-location_name=\"Pampeago\" data-location_url=\"https:\/\/latemarium.com\/it\/event-location\/pampeago\/\" data-location_status=\"true\" data-latlng=\"46.34343697644898,11.540997527961546\"><\/span><span class='evoet_subtitle evo_below_title' ><span class='evcal_event_subtitle ' >Per gli appassionati di e-bike<\/span><\/span><span class='evoet_time_expand level_3'><em class='evcal_time evo_tz_time'><i class='fa fa-clock-o'><\/i>17:15<span class='evo_tz marl5'>(GMT+02:00)<\/span><\/em> <\/span><span class='evoet_location level_3'><em class=\"evcal_location\"  data-latlng=\"46.34343697644898,11.540997527961546\" data-add_str=\"Localit\u00e0 Pampeago, 8, 38038 Tesero TN\" data-n=\"Pampeago\"><i class=\"fa fa-location-pin\"><\/i><em class=\"event_location_name\">Pampeago<\/em>, Localit\u00e0 Pampeago, 8, 38038 Tesero TN<\/em><\/span><\/span><span class='evoet_data' data-d=\"{&quot;loc.n&quot;:&quot;Pampeago&quot;,&quot;orgs&quot;:[],&quot;tags&quot;:{&quot;repeating&quot;:&quot;Repeating Event&quot;}}\" data-bgc=\"#ba181d\" data-bggrad=\"\" ><\/span><\/a><\/p><div class='event_description evcal_eventcard ' style=\"display:none\"><div class='evocard_row'><div id='event_ftimage' class='evocard_box ftimage' data-c='' \n\t\t\t\t\tstyle=''><div class='evocard_main_image_hold' data-t='Loading Image..'><div class='evocard_main_image evo_img_triglb evobr15 evobgsc evobgpc evodfx evofx_jc_c evofx_ai_c evofz48 minmized' style='height:300px; background-image:url();' data-f=\"https:\/\/latemarium.com\/wp-content\/uploads\/2023\/06\/e-bike-tour.jpg\" data-h=\"675\" data-w=\"1200\" data-ratio=\"0.5625\" data-event_id=\"2201\" data-ri=\"1\"  data-t='Loading Image..'><span style='height:300px; background-image:url(https:\/\/latemarium.com\/wp-content\/uploads\/2023\/06\/e-bike-tour.jpg)'><\/span><\/div><\/div><\/div><\/div><div class='evocard_row'><div id='event_eventdetails' class='evocard_box eventdetails' data-c='' \n\t\t\t\t\tstyle=''><div class='evo_metarow_details evorow evcal_evdata_row evcal_event_details'>\n\t\t<div class=\"event_excerpt\" style=\"display:none\"><h3 class=\"padb5 evo_h3\">Dettagli dell&#039;evento<\/h3><p>Ogni gioved\u00ec dal 25 giugno al 3 settembre 2026\nRitrovo con la guida Andrea alle 17.15 a Pampeago (presso biglietteria impianti)\nDurata:\u00a0dalle 17.15 alle 19.15\nMax 8 persone. +16 anni.<\/p><\/div><span class='evcal_evdata_icons'><i class='fa fa-align-justify'><\/i><\/span>\n\t\t\n\t\t<div class='evcal_evdata_cell shorter_desc'>\n\t\t\t<div class='eventon_full_description'>\n\t\t\t\t<h3 class='padb5 evo_h3'><span class='evcal_evdata_icons'><i class='fa fa-align-justify'><\/i><\/span>Dettagli dell&#039;evento<\/h3>\n\t\t\t\t<div class='eventon_desc_in' itemprop='description'>\n\t\t\t\t<p><strong>Ogni gioved\u00ec dal 25 giugno al 3 settembre 2026<\/strong><\/p>\n<p>Ritrovo con la guida Andrea alle 17.15 a Pampeago (presso biglietteria impianti)<br \/>\nDurata:\u00a0dalle 17.15 alle 19.15<br \/>\nMax 8 persone. +16 anni.<\/p>\n<p class=\"p1\"><span class=\"s1\">Per gli appassionati di e-bike, con un livello intermedio, abbiamo pensato ad un tour alla scoperta del Latemar con vista mozzafiato sulle aree circostanti. Sar\u00e0 un itinerario piacevole e grazie alla pedalata assistita potrete affrontare con facilit\u00e0 il dislivello che vi porter\u00e0 in localit\u00e0 Tresca. \u00c8 il momento della giornata perfetto: la montagna si svuota, potrete apprezzare il silenzio della natura e godere dei colori della \u201cgolden hour\u201d. Terminato il giro vi attender\u00e0 un piccolo aperitivo allo Chalet Caserina.<br \/>\nPotrete noleggiare la e-bike in loco, al negozio Sport Ventura di Pampeago.<br \/>\n<\/span><\/p>\n<p class=\"p1\"><em><span class=\"s1\">Attivit\u00e0 non prevista in caso di pioggia.<\/span><\/em><\/p>\n<p>Prenotazione obbligatoria. Clicca\u00a0<a href=\"https:\/\/www.visitfiemme.it\/it\/eventi\/fiemme-cembra-guest-card\/esperienze\/esperienze-in-estate?re-product-id=251796\" target=\"_blank\" rel=\"noopener\">qui<\/a>.<\/p>\n<\/div><p class='eventon_shad_p' style='padding:5px 0 0; margin:0'>\n\t\t\t<span class='evcal_btn evo_btn_secondary evobtn_details_show_more' content='less'>\n\t\t\t\t<span class='ev_more_text' data-txt='Meno'>Pi\u00f9<\/span><span class='ev_more_arrow ard'><\/span>\n\t\t\t<\/span>\n\t\t<\/p><div class='clear'><\/div>\n\t\t\t<\/div>\n\t\t<\/div>\n\t<\/div><\/div><\/div><div class='evocard_row bx2 bx'><div id='event_time' class='evocard_box time' data-c='' \n\t\t\t\t\tstyle=''><div class='evo_metarow_time evorow evcal_evdata_row evcal_evrow_sm '>\n\t\t<span class='evcal_evdata_icons'><i class='fa fa-clock'><\/i><\/span>\n\t\t<div class='evcal_evdata_cell'>\t\t\t\t\t\t\t\n\t\t\t<h3 class='evo_h3'><span class='evcal_evdata_icons'><i class='fa fa-clock'><\/i><\/span>Orario<\/h3><p><span class='evo_eventcard_time_t'>2 luglio 2026 17:15<\/span><span class='evo_tz marr5'>(GMT+02:00)<\/span><\/p>\n\t\t<\/div>\n\t<\/div><\/div><div id='event_location' class='evocard_box location' data-c='' \n\t\t\t\t\tstyle=''><div class='evcal_evdata_row evo_metarow_time_location evorow '>\n\t\t\n\t\t\t<span class='evcal_evdata_icons'><i class='fa fa-map-marker'><\/i><\/span>\n\t\t\t<div class='evcal_evdata_cell' data-loc_tax_id='30'><h3 class='evo_h3 evodfx'><span class='evcal_evdata_icons'><i class='fa fa-map-marker'><\/i><\/span>Luogo<\/h3><p class='evo_location_name'>Pampeago<\/p><p class='evo_location_address evodfxi evogap10'>Localit\u00e0 Pampeago, 8, 38038 Tesero TN<\/p><div class='padt10'><span class='evo_btn_arr evolb_trigger' data-lbvals=\"{&quot;lbc&quot;:&quot;evo_location_lb_30&quot;,&quot;lbac&quot;:&quot;lb_max&quot;,&quot;t&quot;:&quot;Pampeago&quot;,&quot;ajax&quot;:&quot;yes&quot;,&quot;ajax_type&quot;:&quot;endpoint&quot;,&quot;ajax_action&quot;:&quot;eventon_get_tax_card_content&quot;,&quot;end&quot;:&quot;client&quot;,&quot;d&quot;:{&quot;lang&quot;:&quot;L1&quot;,&quot;term_id&quot;:30,&quot;tax&quot;:&quot;event_location&quot;,&quot;load_lbcontent&quot;:true},&quot;uid&quot;:&quot;eventon_get_tax_card_content&quot;}\" >Other Events<i class='fa fa-chevron-right'><\/i><\/span><\/div><\/div>\n\t\t\n\t<\/div><\/div><\/div><div class='evocard_row'><div id='event_addtocal' class='evocard_box addtocal' data-c='' \n\t\t\t\t\tstyle=''><div class='evo_metarow_ICS evorow evcal_evdata_row'>\n\t\t\t<span class='evcal_evdata_icons'><i class='fa fa-calendar-o'><\/i><\/span>\n\t\t\t<div class='evcal_evdata_cell'>\n\t\t\t\t<p><a href='https:\/\/latemarium.com\/it\/export-events\/2201_1\/?nonce=a3263097f9' class='evo_ics_nCal' title='Aggiungi al tuo calendario'>Calendario<\/a><a href='https:\/\/www.google.com\/calendar\/event?action=TEMPLATE&text=E-Bike+Tour+ai+piedi+del+Latemar&dates=20260702T151500Z%2F20260702T215900Z&ctz=Europe%2FRome&details=E-Bike Tour ai piedi del Latemar&location=Pampeago+Localit%C3%A0+Pampeago%2C+8%2C+38038+Tesero+TN' target='_blank' class='evo_ics_gCal' title='Aggiungi al calendario di Google'>GoogleCal<\/a><\/p>\t\n\t\t\t<\/div>\n\t\t<\/div><\/div><\/div><div class='evocard_row'><div id='event_getdirection' class='evocard_box getdirection' data-c='' \n\t\t\t\t\tstyle=''><div class='evo_metarow_getDr evorow evcal_evdata_row evcal_evrow_sm getdirections'>\n\t\t<form action='https:\/\/maps.google.com\/maps' method='get' target='_blank'>\n\t\t\t<input type='hidden' name='daddr' value=\"46.34343697644898,11.540997527961546\"\/> \n\t\t\t<div class='evo_get_direction_content evo_fx_dr_r evogap10'>\n\t\t\t\t<span class='evogetdir_header evodfx evofx_dr_r evofx_ai_c marr10'>\n\t\t\t\t\t<i class='mainicon fa fa-road'><\/i> \n\t\t\t\t\t<h3 class='evo_h3' style='padding-bottom:5px;'>Ottieni indicazioni stradali<\/h3>\n\t\t\t\t<\/span>\n\t\t\t\t<span class='evogetdir_field evodfx evofx_1_1 evo_fx_dr_c evow100p'>\t\t\t\t\t\n\t\t\t\t\t<input class='evoInput evotac' type='text' name='saddr' placeholder='Digitare l&#039;indirizzo per ottenere le indicazioni stradali' value='' style='margin:10px 0;'\/>\n\t\t\t\t<\/span>\n\t\t\t\t<button type='submit' class='evo_get_direction_button evo_btn_arr_circ dfx fx_ai_c' title='Fare clic qui per ottenere indicazioni'><i class='fa fa-chevron-right'><\/i> <\/button>\n\t\t\t<\/div>\n\t\t<\/form>\n\t<\/div><\/div><\/div><div class='evo_card_row_end evcal_close' title='Testo del pulsante Chiudi evento'><\/div><\/div><div class='clear end'><\/div><\/div><div id=\"event_2493_1\" class=\"eventon_list_event evo_eventtop scheduled  event clrW no_et event_2493_1\" data-event_id=\"2493\" data-ri=\"1r\" data-time=\"1783063800-1783115940\" data-colr=\"#6baeff\" itemscope itemtype='http:\/\/schema.org\/Event'><div class=\"evo_event_schema\" style=\"display:none\" ><a itemprop='url'  href='https:\/\/latemarium.com\/it\/events\/respirart-piccoli-artisti-in-natura\/var\/ri-1.l-L1'><\/a><meta itemprop='image' content=\"https:\/\/latemarium.com\/wp-content\/uploads\/2021\/05\/respirart-vita-e-bellezza.jpg\" \/><meta itemprop='startDate' content=\"2026-7-3T09:30+0:00\" \/><meta itemprop='endDate' content=\"2026-7-3T23:59+0:00\" \/><meta itemprop='eventStatus' content=\"https:\/\/schema.org\/EventScheduled\" \/><meta itemprop='eventAttendanceMode'   itemscope itemtype=\"https:\/\/schema.org\/OfflineEventAttendanceMode\"\/><div style=\"display:none\" itemprop=\"location\" itemscope itemtype=\"http:\/\/schema.org\/Place\"><span itemprop=\"name\">Pampeago<\/span><span itemprop=\"address\" itemscope itemtype=\"http:\/\/schema.org\/PostalAddress\"><item itemprop=\"streetAddress\">Localit\u00e0 Pampeago, 8, 38038 Tesero TN<\/item><\/span><\/div><script type=\"application\/ld+json\">{\"@context\": \"http:\/\/schema.org\",\"@type\": \"Event\",\n\t\t\t\t\"@id\": \"event_2493_1\",\n\t\t\t\t\"eventAttendanceMode\":\"https:\/\/schema.org\/OfflineEventAttendanceMode\",\n\t\t\t\t\"eventStatus\":\"https:\/\/schema.org\/EventScheduled\",\n\t\t\t\t\"name\": \"Respirart: piccoli artisti in natura\",\n\t\t\t\t\"url\": \"https:\/\/latemarium.com\/it\/events\/respirart-piccoli-artisti-in-natura\/var\/ri-1.l-L1\",\n\t\t\t\t\"startDate\": \"2026-7-3T09:30+0:00\",\n\t\t\t\t\"endDate\": \"2026-7-3T23:59+0:00\",\n\t\t\t\t\"image\":\"https:\/\/latemarium.com\/wp-content\/uploads\/2021\/05\/respirart-vita-e-bellezza.jpg\", \n\t\t\t\t\"description\":\"<p><strong>Ogni venerd\u00ec dal 26 giugno all&#8217;11 settembre 2026<\/strong><\/p> <p>Laboratorio ambientale e artistico RespirArt, rivolto a tutti, grandi e piccini. Andremo alla scoperta delle opere d&#8217;arte in modo divertente.<br \/> Appuntamento alle 9.30 alla partenza della Seggiovia-Seminovia Agnello di Pampeago con la guida artistica, che vi consegner\u00e0 i semi per sorvolare il parco RespirArt. Partecipando al laboratorio artistico i bambini costruiranno piccole opere di land art utilizzando materiali naturali.<\/p> <p><strong>Prenotazione obbligatoria.<\/strong><\/p> <p>Clicca <a href='https:\/\/www.visitfiemme.it\/it\/eventi\/fiemme-cembra-guest-card\/esperienze\/esperienze-in-estate?re-product-id=211712' target='_blank' rel='noopener'>qui<\/a> per prenotare.<\/p> \",\"location\":[{\"@type\":\"Place\",\"name\":\"Pampeago\",\"address\":{\"@type\": \"PostalAddress\",\"streetAddress\":\"Localit\u00e0 Pampeago, 8, 38038 Tesero TN\"}}]}<\/script><\/div>\r\n\t\t\t\t<p class=\"desc_trig_outter\" style=\"\"><a data-gmtrig=\"1\" data-exlk=\"0\" style=\"background-color: #6baeff;\" id=\"evc_17830638002493\" class=\"hasFtIMG event_repeat desc_trig sin_val evcal_list_a\" data-ux_val=\"3\" data-ux_val_mob=\"-\"  ><span class='evoet_c1 evoet_cx '><span class='ev_ftImg' data-img='https:\/\/latemarium.com\/wp-content\/uploads\/2021\/05\/respirart-vita-e-bellezza.jpg' data-thumb='https:\/\/latemarium.com\/wp-content\/uploads\/2021\/05\/respirart-vita-e-bellezza-300x201.jpg' style='background-image:url(\"https:\/\/latemarium.com\/wp-content\/uploads\/2021\/05\/respirart-vita-e-bellezza-300x201.jpg\")' ><\/span><\/span><span class='evoet_c2 evoet_cx '><span class='evoet_dayblock evcal_cblock ' data-bgcolor='#6baeff' data-smon='luglio' data-syr='2026' data-bub=''><span class='evo_start '><em class='date'>03<\/em><em class='month'>lug<\/em><em class='time'>09:30<\/em><\/span><\/span><\/span><span class='evoet_c3 evoet_cx evcal_desc hide_eventtopdata '><span class='evoet_title evcal_desc2 evcal_event_title ' itemprop='name'>Respirart: piccoli artisti in natura<\/span><span class='event_location_attrs'  data-location_address=\"Localit\u00e0 Pampeago, 8, 38038 Tesero TN\" data-location_type=\"lonlat\" data-location_name=\"Pampeago\" data-location_url=\"https:\/\/latemarium.com\/it\/event-location\/pampeago\/\" data-location_status=\"true\" data-latlng=\"46.34343697644898,11.540997527961546\"><\/span><span class='evoet_subtitle evo_below_title' ><span class='evcal_event_subtitle ' >laboratorio artistico<\/span><\/span><span class='evoet_time_expand level_3'><em class='evcal_time evo_tz_time'><i class='fa fa-clock-o'><\/i>09:30<span class='evo_tz marl5'>(GMT+02:00)<\/span><\/em> <\/span><span class='evoet_location level_3'><em class=\"evcal_location\"  data-latlng=\"46.34343697644898,11.540997527961546\" data-add_str=\"Localit\u00e0 Pampeago, 8, 38038 Tesero TN\" data-n=\"Pampeago\"><i class=\"fa fa-location-pin\"><\/i><em class=\"event_location_name\">Pampeago<\/em>, Localit\u00e0 Pampeago, 8, 38038 Tesero TN<\/em><\/span><\/span><span class='evoet_data' data-d=\"{&quot;loc.n&quot;:&quot;Pampeago&quot;,&quot;orgs&quot;:[],&quot;tags&quot;:{&quot;repeating&quot;:&quot;Repeating Event&quot;}}\" data-bgc=\"#6baeff\" data-bggrad=\"\" ><\/span><\/a><\/p><div class='event_description evcal_eventcard ' style=\"display:none\"><div class='evocard_row'><div id='event_ftimage' class='evocard_box ftimage' data-c='' \n\t\t\t\t\tstyle=''><div class='evocard_main_image_hold' data-t='Loading Image..'><div class='evocard_main_image evo_img_triglb evobr15 evobgsc evobgpc evodfx evofx_jc_c evofx_ai_c evofz48 minmized' style='height:300px; background-image:url();' data-f=\"https:\/\/latemarium.com\/wp-content\/uploads\/2021\/05\/respirart-vita-e-bellezza.jpg\" data-h=\"602\" data-w=\"899\" data-ratio=\"0.66963292547275\" data-event_id=\"2493\" data-ri=\"1\"  data-t='Loading Image..'><span style='height:300px; background-image:url(https:\/\/latemarium.com\/wp-content\/uploads\/2021\/05\/respirart-vita-e-bellezza.jpg)'><\/span><\/div><\/div><\/div><\/div><div class='evocard_row'><div id='event_eventdetails' class='evocard_box eventdetails' data-c='' \n\t\t\t\t\tstyle=''><div class='evo_metarow_details evorow evcal_evdata_row evcal_event_details'>\n\t\t<div class=\"event_excerpt\" style=\"display:none\"><h3 class=\"padb5 evo_h3\">Dettagli dell&#039;evento<\/h3><p>Ogni venerd\u00ec dal 26 giugno all&#8217;11 settembre 2026\nLaboratorio ambientale e artistico RespirArt, rivolto a tutti, grandi e piccini. Andremo alla scoperta delle opere d&#8217;arte in modo divertente.\nAppuntamento alle 9.30<\/p><\/div><span class='evcal_evdata_icons'><i class='fa fa-align-justify'><\/i><\/span>\n\t\t\n\t\t<div class='evcal_evdata_cell shorter_desc'>\n\t\t\t<div class='eventon_full_description'>\n\t\t\t\t<h3 class='padb5 evo_h3'><span class='evcal_evdata_icons'><i class='fa fa-align-justify'><\/i><\/span>Dettagli dell&#039;evento<\/h3>\n\t\t\t\t<div class='eventon_desc_in' itemprop='description'>\n\t\t\t\t<p><strong>Ogni venerd\u00ec dal 26 giugno all&#8217;11 settembre 2026<\/strong><\/p>\n<p>Laboratorio ambientale e artistico RespirArt, rivolto a tutti, grandi e piccini. Andremo alla scoperta delle opere d&#8217;arte in modo divertente.<br \/>\nAppuntamento alle 9.30 alla partenza della Seggiovia-Seminovia Agnello di Pampeago con la guida artistica, che vi consegner\u00e0 i semi per sorvolare il parco RespirArt. Partecipando al laboratorio artistico i bambini costruiranno piccole opere di land art utilizzando materiali naturali.<\/p>\n<p><strong>Prenotazione obbligatoria.<\/strong><\/p>\n<p>Clicca <a href=\"https:\/\/www.visitfiemme.it\/it\/eventi\/fiemme-cembra-guest-card\/esperienze\/esperienze-in-estate?re-product-id=211712\" target=\"_blank\" rel=\"noopener\">qui<\/a> per prenotare.<\/p>\n<\/div><p class='eventon_shad_p' style='padding:5px 0 0; margin:0'>\n\t\t\t<span class='evcal_btn evo_btn_secondary evobtn_details_show_more' content='less'>\n\t\t\t\t<span class='ev_more_text' data-txt='Meno'>Pi\u00f9<\/span><span class='ev_more_arrow ard'><\/span>\n\t\t\t<\/span>\n\t\t<\/p><div class='clear'><\/div>\n\t\t\t<\/div>\n\t\t<\/div>\n\t<\/div><\/div><\/div><div class='evocard_row bx2 bx'><div id='event_time' class='evocard_box time' data-c='' \n\t\t\t\t\tstyle=''><div class='evo_metarow_time evorow evcal_evdata_row evcal_evrow_sm '>\n\t\t<span class='evcal_evdata_icons'><i class='fa fa-clock'><\/i><\/span>\n\t\t<div class='evcal_evdata_cell'>\t\t\t\t\t\t\t\n\t\t\t<h3 class='evo_h3'><span class='evcal_evdata_icons'><i class='fa fa-clock'><\/i><\/span>Orario<\/h3><p><span class='evo_eventcard_time_t'>3 luglio 2026 09:30<\/span><span class='evo_tz marr5'>(GMT+02:00)<\/span><\/p>\n\t\t<\/div>\n\t<\/div><\/div><div id='event_location' class='evocard_box location' data-c='' \n\t\t\t\t\tstyle=''><div class='evcal_evdata_row evo_metarow_time_location evorow '>\n\t\t\n\t\t\t<span class='evcal_evdata_icons'><i class='fa fa-map-marker'><\/i><\/span>\n\t\t\t<div class='evcal_evdata_cell' data-loc_tax_id='30'><h3 class='evo_h3 evodfx'><span class='evcal_evdata_icons'><i class='fa fa-map-marker'><\/i><\/span>Luogo<\/h3><p class='evo_location_name'>Pampeago<\/p><p class='evo_location_address evodfxi evogap10'>Localit\u00e0 Pampeago, 8, 38038 Tesero TN<\/p><div class='padt10'><span class='evo_btn_arr evolb_trigger' data-lbvals=\"{&quot;lbc&quot;:&quot;evo_location_lb_30&quot;,&quot;lbac&quot;:&quot;lb_max&quot;,&quot;t&quot;:&quot;Pampeago&quot;,&quot;ajax&quot;:&quot;yes&quot;,&quot;ajax_type&quot;:&quot;endpoint&quot;,&quot;ajax_action&quot;:&quot;eventon_get_tax_card_content&quot;,&quot;end&quot;:&quot;client&quot;,&quot;d&quot;:{&quot;lang&quot;:&quot;L1&quot;,&quot;term_id&quot;:30,&quot;tax&quot;:&quot;event_location&quot;,&quot;load_lbcontent&quot;:true},&quot;uid&quot;:&quot;eventon_get_tax_card_content&quot;}\" >Other Events<i class='fa fa-chevron-right'><\/i><\/span><\/div><\/div>\n\t\t\n\t<\/div><\/div><\/div><div class='evocard_row bx2 bx'><div id='event_learnmore' class='evocard_box learnmore' data-c='' \n\t\t\t\t\tstyle=''><div class='evo_metarow_learnM evo_metarow_learnmore evorow'>\n\t\t\t\t\t\t\t<a class='evcal_evdata_row evo_clik_row ' href='http:\/\/www.respirart.com\/' target=\"_blank\">\n\t\t\t\t\t\t\t\t<span class='evcal_evdata_icons'><i class='fa fa-link'><\/i><\/span>\n\t\t\t\t\t\t\t\t<h3 class='evo_h3'>Scopri di pi\u00f9<\/h3>\n\t\t\t\t\t\t\t<\/a>\n\t\t\t\t\t\t\t<\/div><\/div><div id='event_addtocal' class='evocard_box addtocal' data-c='' \n\t\t\t\t\tstyle=''><div class='evo_metarow_ICS evorow evcal_evdata_row'>\n\t\t\t<span class='evcal_evdata_icons'><i class='fa fa-calendar-o'><\/i><\/span>\n\t\t\t<div class='evcal_evdata_cell'>\n\t\t\t\t<p><a href='https:\/\/latemarium.com\/it\/export-events\/2493_1\/?nonce=a3263097f9' class='evo_ics_nCal' title='Aggiungi al tuo calendario'>Calendario<\/a><a href='https:\/\/www.google.com\/calendar\/event?action=TEMPLATE&text=Respirart%3A+piccoli+artisti+in+natura&dates=20260703T073000Z%2F20260703T215900Z&ctz=Europe%2FRome&details=Respirart: piccoli artisti in natura&location=Pampeago+Localit%C3%A0+Pampeago%2C+8%2C+38038+Tesero+TN' target='_blank' class='evo_ics_gCal' title='Aggiungi al calendario di Google'>GoogleCal<\/a><\/p>\t\n\t\t\t<\/div>\n\t\t<\/div><\/div><\/div><div class='evocard_row'><div id='event_repeats' class='evocard_box repeats' data-c='' \n\t\t\t\t\tstyle=''><div class='evo_metarow_repeats evorow evcal_evdata_row evcal_evrow_sm '>\n\t\t<span class='evcal_evdata_icons'><i class='fa fa-repeat'><\/i><\/span>\n\t\t<div class='evcal_evdata_cell'>\t\t\t\t\t\t\t\n\t\t\t<h3 class='evo_h3'>Orari degli eventi futuri in questa serie di eventi ripetuti<\/h3><div class='evo_elm_HCS evo_repeat_series' style=''><span class='evo_elmHCS_nav HCSnavL evo_repeat_series content_slide_trig'><i class='fa fa-chevron-left'><\/i><\/span><span class='evo_elmHCS_nav HCSnavR evo_repeat_series content_slide_trig'><i class='fa fa-chevron-right'><\/i><\/span><div class='evo_elm_HCS_in'><div class='evo_repeat_series_dates clickable evodfx evofx_dr_r evogap10' data-click='1' data-event_url='https:\/\/latemarium.com\/it\/events\/respirart-piccoli-artisti-in-natura\/var\/ri-1.l-L1'><span class='evo_repeat_series_date evodfx evofx_dr_r evofx_ai_c evogap5 evobr15 evobrdB1 evocl1 evopad15 evottu evofz14 evocurp evo_trans_sc1_03 evoHbgcw' data-ux=\"def\" data-l=\"https:\/\/latemarium.com\/it\/events\/respirart-piccoli-artisti-in-natura\/var\/ri-2.l-L1\" ><span class='evodfx evofx_dr_c evotac evofx_jc_c'><b class='j evofz16'>10<\/b><b class='fy'>luglio <\/b><em class='t evofsn'>09:30 - 23:59<\/em><\/span><\/span><span class='evo_repeat_series_date evodfx evofx_dr_r evofx_ai_c evogap5 evobr15 evobrdB1 evocl1 evopad15 evottu evofz14 evocurp evo_trans_sc1_03 evoHbgcw' data-ux=\"def\" data-l=\"https:\/\/latemarium.com\/it\/events\/respirart-piccoli-artisti-in-natura\/var\/ri-3.l-L1\" ><span class='evodfx evofx_dr_c evotac evofx_jc_c'><b class='j evofz16'>17<\/b><b class='fy'>luglio <\/b><em class='t evofsn'>09:30 - 23:59<\/em><\/span><\/span><span class='evo_repeat_series_date evodfx evofx_dr_r evofx_ai_c evogap5 evobr15 evobrdB1 evocl1 evopad15 evottu evofz14 evocurp evo_trans_sc1_03 evoHbgcw' data-ux=\"def\" data-l=\"https:\/\/latemarium.com\/it\/events\/respirart-piccoli-artisti-in-natura\/var\/ri-4.l-L1\" ><span class='evodfx evofx_dr_c evotac evofx_jc_c'><b class='j evofz16'>24<\/b><b class='fy'>luglio <\/b><em class='t evofsn'>09:30 - 23:59<\/em><\/span><\/span><span class='evo_repeat_series_date evodfx evofx_dr_r evofx_ai_c evogap5 evobr15 evobrdB1 evocl1 evopad15 evottu evofz14 evocurp evo_trans_sc1_03 evoHbgcw' data-ux=\"def\" data-l=\"https:\/\/latemarium.com\/it\/events\/respirart-piccoli-artisti-in-natura\/var\/ri-5.l-L1\" ><span class='evodfx evofx_dr_c evotac evofx_jc_c'><b class='j evofz16'>31<\/b><b class='fy'>luglio <\/b><em class='t evofsn'>09:30 - 23:59<\/em><\/span><\/span><span class='evo_repeat_series_date evodfx evofx_dr_r evofx_ai_c evogap5 evobr15 evobrdB1 evocl1 evopad15 evottu evofz14 evocurp evo_trans_sc1_03 evoHbgcw' data-ux=\"def\" data-l=\"https:\/\/latemarium.com\/it\/events\/respirart-piccoli-artisti-in-natura\/var\/ri-6.l-L1\" ><span class='evodfx evofx_dr_c evotac evofx_jc_c'><b class='j evofz16'>7<\/b><b class='fy'>agosto <\/b><em class='t evofsn'>09:30 - 23:59<\/em><\/span><\/span><span class='evo_repeat_series_date evodfx evofx_dr_r evofx_ai_c evogap5 evobr15 evobrdB1 evocl1 evopad15 evottu evofz14 evocurp evo_trans_sc1_03 evoHbgcw' data-ux=\"def\" data-l=\"https:\/\/latemarium.com\/it\/events\/respirart-piccoli-artisti-in-natura\/var\/ri-7.l-L1\" ><span class='evodfx evofx_dr_c evotac evofx_jc_c'><b class='j evofz16'>14<\/b><b class='fy'>agosto <\/b><em class='t evofsn'>09:30 - 23:59<\/em><\/span><\/span><span class='evo_repeat_series_date evodfx evofx_dr_r evofx_ai_c evogap5 evobr15 evobrdB1 evocl1 evopad15 evottu evofz14 evocurp evo_trans_sc1_03 evoHbgcw' data-ux=\"def\" data-l=\"https:\/\/latemarium.com\/it\/events\/respirart-piccoli-artisti-in-natura\/var\/ri-8.l-L1\" ><span class='evodfx evofx_dr_c evotac evofx_jc_c'><b class='j evofz16'>21<\/b><b class='fy'>agosto <\/b><em class='t evofsn'>09:30 - 23:59<\/em><\/span><\/span><span class='evo_repeat_series_date evodfx evofx_dr_r evofx_ai_c evogap5 evobr15 evobrdB1 evocl1 evopad15 evottu evofz14 evocurp evo_trans_sc1_03 evoHbgcw' data-ux=\"def\" data-l=\"https:\/\/latemarium.com\/it\/events\/respirart-piccoli-artisti-in-natura\/var\/ri-9.l-L1\" ><span class='evodfx evofx_dr_c evotac evofx_jc_c'><b class='j evofz16'>28<\/b><b class='fy'>agosto <\/b><em class='t evofsn'>09:30 - 23:59<\/em><\/span><\/span><span class='evo_repeat_series_date evodfx evofx_dr_r evofx_ai_c evogap5 evobr15 evobrdB1 evocl1 evopad15 evottu evofz14 evocurp evo_trans_sc1_03 evoHbgcw' data-ux=\"def\" data-l=\"https:\/\/latemarium.com\/it\/events\/respirart-piccoli-artisti-in-natura\/var\/ri-10.l-L1\" ><span class='evodfx evofx_dr_c evotac evofx_jc_c'><b class='j evofz16'>4<\/b><b class='fy'>settembre <\/b><em class='t evofsn'>09:30 - 23:59<\/em><\/span><\/span><span class='evo_repeat_series_date evodfx evofx_dr_r evofx_ai_c evogap5 evobr15 evobrdB1 evocl1 evopad15 evottu evofz14 evocurp evo_trans_sc1_03 evoHbgcw' data-ux=\"def\" data-l=\"https:\/\/latemarium.com\/it\/events\/respirart-piccoli-artisti-in-natura\/var\/ri-11.l-L1\" ><span class='evodfx evofx_dr_c evotac evofx_jc_c'><b class='j evofz16'>11<\/b><b class='fy'>settembre <\/b><em class='t evofsn'>09:30 - 23:59<\/em><\/span><\/span><\/div><\/div><\/div><\/div><\/div><\/div><\/div><div class='evocard_row'><div id='event_getdirection' class='evocard_box getdirection' data-c='' \n\t\t\t\t\tstyle=''><div class='evo_metarow_getDr evorow evcal_evdata_row evcal_evrow_sm getdirections'>\n\t\t<form action='https:\/\/maps.google.com\/maps' method='get' target='_blank'>\n\t\t\t<input type='hidden' name='daddr' value=\"46.34343697644898,11.540997527961546\"\/> \n\t\t\t<div class='evo_get_direction_content evo_fx_dr_r evogap10'>\n\t\t\t\t<span class='evogetdir_header evodfx evofx_dr_r evofx_ai_c marr10'>\n\t\t\t\t\t<i class='mainicon fa fa-road'><\/i> \n\t\t\t\t\t<h3 class='evo_h3' style='padding-bottom:5px;'>Ottieni indicazioni stradali<\/h3>\n\t\t\t\t<\/span>\n\t\t\t\t<span class='evogetdir_field evodfx evofx_1_1 evo_fx_dr_c evow100p'>\t\t\t\t\t\n\t\t\t\t\t<input class='evoInput evotac' type='text' name='saddr' placeholder='Digitare l&#039;indirizzo per ottenere le indicazioni stradali' value='' style='margin:10px 0;'\/>\n\t\t\t\t<\/span>\n\t\t\t\t<button type='submit' class='evo_get_direction_button evo_btn_arr_circ dfx fx_ai_c' title='Fare clic qui per ottenere indicazioni'><i class='fa fa-chevron-right'><\/i> <\/button>\n\t\t\t<\/div>\n\t\t<\/form>\n\t<\/div><\/div><\/div><div class='evo_card_row_end evcal_close' title='Testo del pulsante Chiudi evento'><\/div><\/div><div class='clear end'><\/div><\/div><div id=\"event_2120_0\" class=\"eventon_list_event evo_eventtop scheduled  event clrD no_et event_2120_0\" data-event_id=\"2120\" data-ri=\"0r\" data-time=\"1783242000-1783288740\" data-colr=\"#006290\" itemscope itemtype='http:\/\/schema.org\/Event'><div class=\"evo_event_schema\" style=\"display:none\" ><a itemprop='url'  href='https:\/\/latemarium.com\/it\/events\/parola-di-nikolaus-drache\/'><\/a><meta itemprop='image' content=\"https:\/\/latemarium.com\/wp-content\/uploads\/2023\/06\/foresta-dei-draghi-6.jpg\" \/><meta itemprop='startDate' content=\"2026-7-5T11:00+0:00\" \/><meta itemprop='endDate' content=\"2026-7-5T23:59+0:00\" \/><meta itemprop='eventStatus' content=\"https:\/\/schema.org\/EventScheduled\" \/><meta itemprop='eventAttendanceMode'   itemscope itemtype=\"https:\/\/schema.org\/OfflineEventAttendanceMode\"\/><script type=\"application\/ld+json\">{\"@context\": \"http:\/\/schema.org\",\"@type\": \"Event\",\n\t\t\t\t\"@id\": \"event_2120_0\",\n\t\t\t\t\"eventAttendanceMode\":\"https:\/\/schema.org\/OfflineEventAttendanceMode\",\n\t\t\t\t\"eventStatus\":\"https:\/\/schema.org\/EventScheduled\",\n\t\t\t\t\"name\": \"Parola di Nikolaus Drache\",\n\t\t\t\t\"url\": \"https:\/\/latemarium.com\/it\/events\/parola-di-nikolaus-drache\/\",\n\t\t\t\t\"startDate\": \"2026-7-5T11:00+0:00\",\n\t\t\t\t\"endDate\": \"2026-7-5T23:59+0:00\",\n\t\t\t\t\"image\":\"https:\/\/latemarium.com\/wp-content\/uploads\/2023\/06\/foresta-dei-draghi-6.jpg\", \n\t\t\t\t\"description\":\"<p>Saltano, corrono, strisciano, volano! Eppure\u2026 non \u00e8 facile vederli!<br \/> Sanno nascondersi bene\u2026 gli squamosi furbacchioni! Chi sono? Ma i draghi del Latemar! Incontrarne uno, anche uno solo, sar\u00e0 un\u2019esperienza meravigliosa! Parola di Nikolaus Drache.<\/p> <p>domenica e luned\u00ec: dal 5 luglio al 24 agosto 2026<br \/> a monte della telecabina Predazzo-Gardon\u00e8<br \/> ore 11.00 e ore 14.30<br \/> spettacoli itineranti sul sentiero della Foresta dei Draghi<br \/> adatto a famiglie e bambini dai 2 anni in su\u00a0(durata 1h30\u2019)<\/p> \"}<\/script><\/div>\r\n\t\t\t\t<p class=\"desc_trig_outter\" style=\"\"><a data-gmap_status=\"null\" data-exlk=\"0\" style=\"background-color: #006290;\" id=\"evc_17832420002120\" class=\"hasFtIMG event_repeat desc_trig sin_val evcal_list_a\" data-ux_val=\"3\" data-ux_val_mob=\"-\"  ><span class='evoet_c1 evoet_cx '><span class='ev_ftImg' data-img='https:\/\/latemarium.com\/wp-content\/uploads\/2023\/06\/foresta-dei-draghi-6.jpg' data-thumb='https:\/\/latemarium.com\/wp-content\/uploads\/2023\/06\/foresta-dei-draghi-6-300x200.jpg' style='background-image:url(\"https:\/\/latemarium.com\/wp-content\/uploads\/2023\/06\/foresta-dei-draghi-6-300x200.jpg\")' ><\/span><\/span><span class='evoet_c2 evoet_cx '><span class='evoet_dayblock evcal_cblock ' data-bgcolor='#006290' data-smon='luglio' data-syr='2026' data-bub=''><span class='evo_start '><em class='date'>05<\/em><em class='month'>lug<\/em><em class='time'>11:00<\/em><\/span><\/span><\/span><span class='evoet_c3 evoet_cx evcal_desc hide_eventtopdata '><span class='evoet_title evcal_desc2 evcal_event_title ' itemprop='name'>Parola di Nikolaus Drache<\/span><span class='event_location_attrs' data-location_type=\"lonlat\" data-location_name=\"A monte della telecabina Predazzo-Gardon\u00e8\" data-location_url=\"https:\/\/latemarium.com\/it\/event-location\/a-monte-della-telecabina-predazzo-gardone\/\" data-location_status=\"true\" data-latlng=\"46.32878794406342,11.600176728690842\"><\/span><span class='evoet_subtitle evo_below_title' ><span class='evcal_event_subtitle ' >Spettacolo itinerante sul sentiero della Foresta dei Draghi<\/span><\/span><span class='evoet_time_expand level_3'><em class='evcal_time evo_tz_time'><i class='fa fa-clock-o'><\/i>11:00<span class='evo_tz marl5'>(GMT+02:00)<\/span><\/em> <\/span><span class='evoet_location level_3'><em class=\"evcal_location\"  data-latlng=\"46.32878794406342,11.600176728690842\" data-add_str=\"\" data-n=\"A monte della telecabina Predazzo-Gardon\u00e8\"><i class=\"fa fa-location-pin\"><\/i><em class=\"event_location_name\">A monte della telecabina Predazzo-Gardon\u00e8<\/em><\/em><\/span><\/span><span class='evoet_data' data-d=\"{&quot;loc.n&quot;:&quot;A monte della telecabina Predazzo-Gardon\\u00e8&quot;,&quot;orgs&quot;:[],&quot;tags&quot;:{&quot;repeating&quot;:&quot;Repeating Event&quot;}}\" data-bgc=\"#006290\" data-bggrad=\"\" ><\/span><\/a><\/p><div class='event_description evcal_eventcard ' style=\"display:none\"><div class='evocard_row'><div id='event_ftimage' class='evocard_box ftimage' data-c='' \n\t\t\t\t\tstyle=''><div class='evocard_main_image_hold' data-t='Loading Image..'><div class='evocard_main_image evo_img_triglb evobr15 evobgsc evobgpc evodfx evofx_jc_c evofx_ai_c evofz48 minmized' style='height:300px; background-image:url();' data-f=\"https:\/\/latemarium.com\/wp-content\/uploads\/2023\/06\/foresta-dei-draghi-6.jpg\" data-h=\"800\" data-w=\"1200\" data-ratio=\"0.66666666666667\" data-event_id=\"2120\" data-ri=\"0\"  data-t='Loading Image..'><span style='height:300px; background-image:url(https:\/\/latemarium.com\/wp-content\/uploads\/2023\/06\/foresta-dei-draghi-6.jpg)'><\/span><\/div><\/div><\/div><\/div><div class='evocard_row'><div id='event_eventdetails' class='evocard_box eventdetails' data-c='' \n\t\t\t\t\tstyle=''><div class='evo_metarow_details evorow evcal_evdata_row evcal_event_details'>\n\t\t<div class=\"event_excerpt\" style=\"display:none\"><h3 class=\"padb5 evo_h3\">Dettagli dell&#039;evento<\/h3><p>Saltano, corrono, strisciano, volano! Eppure\u2026 non \u00e8 facile vederli!\nSanno nascondersi bene\u2026 gli squamosi furbacchioni! Chi sono? Ma i draghi del Latemar! Incontrarne uno, anche uno solo, sar\u00e0 un\u2019esperienza meravigliosa!<\/p><\/div><span class='evcal_evdata_icons'><i class='fa fa-align-justify'><\/i><\/span>\n\t\t\n\t\t<div class='evcal_evdata_cell '>\n\t\t\t<div class='eventon_full_description'>\n\t\t\t\t<h3 class='padb5 evo_h3'><span class='evcal_evdata_icons'><i class='fa fa-align-justify'><\/i><\/span>Dettagli dell&#039;evento<\/h3>\n\t\t\t\t<div class='eventon_desc_in' itemprop='description'>\n\t\t\t\t<p>Saltano, corrono, strisciano, volano! Eppure\u2026 non \u00e8 facile vederli!<br \/>\nSanno nascondersi bene\u2026 gli squamosi furbacchioni! Chi sono? Ma i draghi del Latemar! Incontrarne uno, anche uno solo, sar\u00e0 un\u2019esperienza meravigliosa! Parola di Nikolaus Drache.<\/p>\n<p>domenica e luned\u00ec: dal 5 luglio al 24 agosto 2026<br \/>\na monte della telecabina Predazzo-Gardon\u00e8<br \/>\nore 11.00 e ore 14.30<br \/>\nspettacoli itineranti sul sentiero della Foresta dei Draghi<br \/>\nadatto a famiglie e bambini dai 2 anni in su\u00a0(durata 1h30\u2019)<\/p>\n<\/div><div class='clear'><\/div>\n\t\t\t<\/div>\n\t\t<\/div>\n\t<\/div><\/div><\/div><div class='evocard_row bx2 bx'><div id='event_time' class='evocard_box time' data-c='' \n\t\t\t\t\tstyle=''><div class='evo_metarow_time evorow evcal_evdata_row evcal_evrow_sm '>\n\t\t<span class='evcal_evdata_icons'><i class='fa fa-clock'><\/i><\/span>\n\t\t<div class='evcal_evdata_cell'>\t\t\t\t\t\t\t\n\t\t\t<h3 class='evo_h3'><span class='evcal_evdata_icons'><i class='fa fa-clock'><\/i><\/span>Orario<\/h3><p><span class='evo_eventcard_time_t'>5 luglio 2026 11:00<\/span><span class='evo_tz marr5'>(GMT+02:00)<\/span><\/p>\n\t\t<\/div>\n\t<\/div><\/div><div id='event_location' class='evocard_box location' data-c='' \n\t\t\t\t\tstyle=''><div class='evcal_evdata_row evo_metarow_time_location evorow '>\n\t\t\n\t\t\t<span class='evcal_evdata_icons'><i class='fa fa-map-marker'><\/i><\/span>\n\t\t\t<div class='evcal_evdata_cell' data-loc_tax_id='34'><h3 class='evo_h3 evodfx'><span class='evcal_evdata_icons'><i class='fa fa-map-marker'><\/i><\/span>Luogo<\/h3><p class='evo_location_name'>A monte della telecabina Predazzo-Gardon\u00e8<\/p><div class='padt10'><span class='evo_btn_arr evolb_trigger' data-lbvals=\"{&quot;lbc&quot;:&quot;evo_location_lb_34&quot;,&quot;lbac&quot;:&quot;lb_max&quot;,&quot;t&quot;:&quot;A monte della telecabina Predazzo-Gardon\\u00e8&quot;,&quot;ajax&quot;:&quot;yes&quot;,&quot;ajax_type&quot;:&quot;endpoint&quot;,&quot;ajax_action&quot;:&quot;eventon_get_tax_card_content&quot;,&quot;end&quot;:&quot;client&quot;,&quot;d&quot;:{&quot;lang&quot;:&quot;L1&quot;,&quot;term_id&quot;:34,&quot;tax&quot;:&quot;event_location&quot;,&quot;load_lbcontent&quot;:true},&quot;uid&quot;:&quot;eventon_get_tax_card_content&quot;}\" >Other Events<i class='fa fa-chevron-right'><\/i><\/span><\/div><\/div>\n\t\t\n\t<\/div><\/div><\/div><div class='evocard_row bx2 bx'><div id='event_learnmore' class='evocard_box learnmore' data-c='' \n\t\t\t\t\tstyle=''><div class='evo_metarow_learnM evo_metarow_learnmore evorow'>\n\t\t\t\t\t\t\t<a class='evcal_evdata_row evo_clik_row ' href='https:\/\/www.montagnanimata.it\/spettacoli\/' target=\"_blank\">\n\t\t\t\t\t\t\t\t<span class='evcal_evdata_icons'><i class='fa fa-link'><\/i><\/span>\n\t\t\t\t\t\t\t\t<h3 class='evo_h3'>Scopri di pi\u00f9<\/h3>\n\t\t\t\t\t\t\t<\/a>\n\t\t\t\t\t\t\t<\/div><\/div><div id='event_addtocal' class='evocard_box addtocal' data-c='' \n\t\t\t\t\tstyle=''><div class='evo_metarow_ICS evorow evcal_evdata_row'>\n\t\t\t<span class='evcal_evdata_icons'><i class='fa fa-calendar-o'><\/i><\/span>\n\t\t\t<div class='evcal_evdata_cell'>\n\t\t\t\t<p><a href='https:\/\/latemarium.com\/it\/export-events\/2120_0\/?nonce=a3263097f9' class='evo_ics_nCal' title='Aggiungi al tuo calendario'>Calendario<\/a><a href='https:\/\/www.google.com\/calendar\/event?action=TEMPLATE&text=Parola+di+Nikolaus+Drache&dates=20260705T090000Z%2F20260705T215900Z&ctz=Europe%2FRome&details=Parola di Nikolaus Drache&location=A+monte+della+telecabina+Predazzo-Gardon%C3%A8' target='_blank' class='evo_ics_gCal' title='Aggiungi al calendario di Google'>GoogleCal<\/a><\/p>\t\n\t\t\t<\/div>\n\t\t<\/div><\/div><\/div><div class='evocard_row'><div id='event_getdirection' class='evocard_box getdirection' data-c='' \n\t\t\t\t\tstyle=''><div class='evo_metarow_getDr evorow evcal_evdata_row evcal_evrow_sm getdirections'>\n\t\t<form action='https:\/\/maps.google.com\/maps' method='get' target='_blank'>\n\t\t\t<input type='hidden' name='daddr' value=\"46.32878794406342,11.600176728690842\"\/> \n\t\t\t<div class='evo_get_direction_content evo_fx_dr_r evogap10'>\n\t\t\t\t<span class='evogetdir_header evodfx evofx_dr_r evofx_ai_c marr10'>\n\t\t\t\t\t<i class='mainicon fa fa-road'><\/i> \n\t\t\t\t\t<h3 class='evo_h3' style='padding-bottom:5px;'>Ottieni indicazioni stradali<\/h3>\n\t\t\t\t<\/span>\n\t\t\t\t<span class='evogetdir_field evodfx evofx_1_1 evo_fx_dr_c evow100p'>\t\t\t\t\t\n\t\t\t\t\t<input class='evoInput evotac' type='text' name='saddr' placeholder='Digitare l&#039;indirizzo per ottenere le indicazioni stradali' value='' style='margin:10px 0;'\/>\n\t\t\t\t<\/span>\n\t\t\t\t<button type='submit' class='evo_get_direction_button evo_btn_arr_circ dfx fx_ai_c' title='Fare clic qui per ottenere indicazioni'><i class='fa fa-chevron-right'><\/i> <\/button>\n\t\t\t<\/div>\n\t\t<\/form>\n\t<\/div><\/div><\/div><div class='evo_card_row_end evcal_close' title='Testo del pulsante Chiudi evento'><\/div><\/div><div class='clear end'><\/div><\/div><div id=\"event_2149_3\" class=\"eventon_list_event evo_eventtop scheduled  event clrW no_et event_2149_3\" data-event_id=\"2149\" data-ri=\"3r\" data-time=\"1783257600-1783288740\" data-colr=\"#b8d989\" itemscope itemtype='http:\/\/schema.org\/Event'><div class=\"evo_event_schema\" style=\"display:none\" ><a itemprop='url'  href='https:\/\/latemarium.com\/it\/events\/i-suoni-e-la-vita-della-malga\/var\/ri-3.l-L1'><\/a><meta itemprop='image' content=\"https:\/\/latemarium.com\/wp-content\/uploads\/2023\/06\/suoni-vita-malga.jpg\" \/><meta itemprop='startDate' content=\"2026-7-5T15:20+0:00\" \/><meta itemprop='endDate' content=\"2026-7-5T23:59+0:00\" \/><meta itemprop='eventStatus' content=\"https:\/\/schema.org\/EventScheduled\" \/><meta itemprop='eventAttendanceMode'   itemscope itemtype=\"https:\/\/schema.org\/OfflineEventAttendanceMode\"\/><div style=\"display:none\" itemprop=\"location\" itemscope itemtype=\"http:\/\/schema.org\/Place\"><span itemprop=\"name\">Pampeago<\/span><span itemprop=\"address\" itemscope itemtype=\"http:\/\/schema.org\/PostalAddress\"><item itemprop=\"streetAddress\">Localit\u00e0 Pampeago, 8, 38038 Tesero TN<\/item><\/span><\/div><script type=\"application\/ld+json\">{\"@context\": \"http:\/\/schema.org\",\"@type\": \"Event\",\n\t\t\t\t\"@id\": \"event_2149_3\",\n\t\t\t\t\"eventAttendanceMode\":\"https:\/\/schema.org\/OfflineEventAttendanceMode\",\n\t\t\t\t\"eventStatus\":\"https:\/\/schema.org\/EventScheduled\",\n\t\t\t\t\"name\": \"I suoni e la vita della malga\",\n\t\t\t\t\"url\": \"https:\/\/latemarium.com\/it\/events\/i-suoni-e-la-vita-della-malga\/var\/ri-3.l-L1\",\n\t\t\t\t\"startDate\": \"2026-7-5T15:20+0:00\",\n\t\t\t\t\"endDate\": \"2026-7-5T23:59+0:00\",\n\t\t\t\t\"image\":\"https:\/\/latemarium.com\/wp-content\/uploads\/2023\/06\/suoni-vita-malga.jpg\", \n\t\t\t\t\"description\":\"<p>Ritrovo presso parcheggio seggiovia Tresca (raggiungibile in auto da Pampeago \u2013 SOLO per chi prenota l&#8217;attivit\u00e0).<\/p> <p>Dopo una breve passeggiata fino a Malga Pampeago, bambini e genitori scoprono la vita e i suoni quotidiani che scandiscono la vita dei malgari, fra mucche, vitellini, asinelli e maiali.<\/p> <p>A fine attivit\u00e0 ci sar\u00e0 una piccola merenda che i bambini potranno gustarsi o portarsi a casa.<\/p> <p>Attivit\u00e0 possibile anche con passeggino country.<\/p> <p>Prenotazione obbligatoria.<\/p> <p>Prenotazione obbligatoria. Clicca <a href='https:\/\/www.visitfiemme.it\/it\/eventi\/fiemme-cembra-guest-card\/esperienze\/esperienze-in-estate?re-product-id=211655' target='_blank' rel='noopener'>qui<\/a>\u00a0per prenotare.<\/p> \",\"location\":[{\"@type\":\"Place\",\"name\":\"Pampeago\",\"address\":{\"@type\": \"PostalAddress\",\"streetAddress\":\"Localit\u00e0 Pampeago, 8, 38038 Tesero TN\"}}]}<\/script><\/div>\r\n\t\t\t\t<p class=\"desc_trig_outter\" style=\"\"><a data-gmtrig=\"1\" data-exlk=\"0\" style=\"background-color: #b8d989;\" id=\"evc_17832576002149\" class=\"hasFtIMG event_repeat desc_trig sin_val evcal_list_a\" data-ux_val=\"3\" data-ux_val_mob=\"-\"  ><span class='evoet_c1 evoet_cx '><span class='ev_ftImg' data-img='https:\/\/latemarium.com\/wp-content\/uploads\/2023\/06\/suoni-vita-malga.jpg' data-thumb='https:\/\/latemarium.com\/wp-content\/uploads\/2023\/06\/suoni-vita-malga-300x225.jpg' style='background-image:url(\"https:\/\/latemarium.com\/wp-content\/uploads\/2023\/06\/suoni-vita-malga-300x225.jpg\")' ><\/span><\/span><span class='evoet_c2 evoet_cx '><span class='evoet_dayblock evcal_cblock ' data-bgcolor='#b8d989' data-smon='luglio' data-syr='2026' data-bub=''><span class='evo_start '><em class='date'>05<\/em><em class='month'>lug<\/em><em class='time'>15:20<\/em><\/span><\/span><\/span><span class='evoet_c3 evoet_cx evcal_desc hide_eventtopdata '><span class='evoet_title evcal_desc2 evcal_event_title ' itemprop='name'>I suoni e la vita della malga<\/span><span class='event_location_attrs'  data-location_address=\"Localit\u00e0 Pampeago, 8, 38038 Tesero TN\" data-location_type=\"lonlat\" data-location_name=\"Pampeago\" data-location_url=\"https:\/\/latemarium.com\/it\/event-location\/pampeago\/\" data-location_status=\"true\" data-latlng=\"46.34343697644898,11.540997527961546\"><\/span><span class='evoet_subtitle evo_below_title' ><span class='evcal_event_subtitle ' >Alla scoperta della vita dei malgari<\/span><\/span><span class='evoet_time_expand level_3'><em class='evcal_time evo_tz_time'><i class='fa fa-clock-o'><\/i>15:20<span class='evo_tz marl5'>(GMT+02:00)<\/span><\/em> <\/span><span class='evoet_location level_3'><em class=\"evcal_location\"  data-latlng=\"46.34343697644898,11.540997527961546\" data-add_str=\"Localit\u00e0 Pampeago, 8, 38038 Tesero TN\" data-n=\"Pampeago\"><i class=\"fa fa-location-pin\"><\/i><em class=\"event_location_name\">Pampeago<\/em>, Localit\u00e0 Pampeago, 8, 38038 Tesero TN<\/em><\/span><\/span><span class='evoet_data' data-d=\"{&quot;loc.n&quot;:&quot;Pampeago&quot;,&quot;orgs&quot;:[],&quot;tags&quot;:{&quot;repeating&quot;:&quot;Repeating Event&quot;}}\" data-bgc=\"#b8d989\" data-bggrad=\"\" ><\/span><\/a><\/p><div class='event_description evcal_eventcard ' style=\"display:none\"><div class='evocard_row'><div id='event_ftimage' class='evocard_box ftimage' data-c='' \n\t\t\t\t\tstyle=''><div class='evocard_main_image_hold' data-t='Loading Image..'><div class='evocard_main_image evo_img_triglb evobr15 evobgsc evobgpc evodfx evofx_jc_c evofx_ai_c evofz48 minmized' style='height:300px; background-image:url();' data-f=\"https:\/\/latemarium.com\/wp-content\/uploads\/2023\/06\/suoni-vita-malga.jpg\" data-h=\"796\" data-w=\"1062\" data-ratio=\"0.74952919020716\" data-event_id=\"2149\" data-ri=\"3\"  data-t='Loading Image..'><span style='height:300px; background-image:url(https:\/\/latemarium.com\/wp-content\/uploads\/2023\/06\/suoni-vita-malga.jpg)'><\/span><\/div><\/div><\/div><\/div><div class='evocard_row'><div id='event_eventdetails' class='evocard_box eventdetails' data-c='' \n\t\t\t\t\tstyle=''><div class='evo_metarow_details evorow evcal_evdata_row evcal_event_details'>\n\t\t<div class=\"event_excerpt\" style=\"display:none\"><h3 class=\"padb5 evo_h3\">Dettagli dell&#039;evento<\/h3><p>Ritrovo presso parcheggio seggiovia Tresca (raggiungibile in auto da Pampeago \u2013 SOLO per chi prenota l&#8217;attivit\u00e0).\nDopo una breve passeggiata fino a Malga Pampeago, bambini e genitori scoprono la vita e<\/p><\/div><span class='evcal_evdata_icons'><i class='fa fa-align-justify'><\/i><\/span>\n\t\t\n\t\t<div class='evcal_evdata_cell shorter_desc'>\n\t\t\t<div class='eventon_full_description'>\n\t\t\t\t<h3 class='padb5 evo_h3'><span class='evcal_evdata_icons'><i class='fa fa-align-justify'><\/i><\/span>Dettagli dell&#039;evento<\/h3>\n\t\t\t\t<div class='eventon_desc_in' itemprop='description'>\n\t\t\t\t<p>Ritrovo presso parcheggio seggiovia Tresca (raggiungibile in auto da Pampeago \u2013 SOLO per chi prenota l&#8217;attivit\u00e0).<\/p>\n<p>Dopo una breve passeggiata fino a Malga Pampeago, bambini e genitori scoprono la vita e i suoni quotidiani che scandiscono la vita dei malgari, fra mucche, vitellini, asinelli e maiali.<\/p>\n<p>A fine attivit\u00e0 ci sar\u00e0 una piccola merenda che i bambini potranno gustarsi o portarsi a casa.<\/p>\n<p>Attivit\u00e0 possibile anche con passeggino country.<\/p>\n<p>Prenotazione obbligatoria.<\/p>\n<p>Prenotazione obbligatoria. Clicca <a href=\"https:\/\/www.visitfiemme.it\/it\/eventi\/fiemme-cembra-guest-card\/esperienze\/esperienze-in-estate?re-product-id=211655\" target=\"_blank\" rel=\"noopener\">qui<\/a>\u00a0per prenotare.<\/p>\n<\/div><p class='eventon_shad_p' style='padding:5px 0 0; margin:0'>\n\t\t\t<span class='evcal_btn evo_btn_secondary evobtn_details_show_more' content='less'>\n\t\t\t\t<span class='ev_more_text' data-txt='Meno'>Pi\u00f9<\/span><span class='ev_more_arrow ard'><\/span>\n\t\t\t<\/span>\n\t\t<\/p><div class='clear'><\/div>\n\t\t\t<\/div>\n\t\t<\/div>\n\t<\/div><\/div><\/div><div class='evocard_row bx2 bx'><div id='event_time' class='evocard_box time' data-c='' \n\t\t\t\t\tstyle=''><div class='evo_metarow_time evorow evcal_evdata_row evcal_evrow_sm '>\n\t\t<span class='evcal_evdata_icons'><i class='fa fa-clock'><\/i><\/span>\n\t\t<div class='evcal_evdata_cell'>\t\t\t\t\t\t\t\n\t\t\t<h3 class='evo_h3'><span class='evcal_evdata_icons'><i class='fa fa-clock'><\/i><\/span>Orario<\/h3><p><span class='evo_eventcard_time_t'>5 luglio 2026 15:20<\/span><span class='evo_tz marr5'>(GMT+02:00)<\/span><\/p>\n\t\t<\/div>\n\t<\/div><\/div><div id='event_location' class='evocard_box location' data-c='' \n\t\t\t\t\tstyle=''><div class='evcal_evdata_row evo_metarow_time_location evorow '>\n\t\t\n\t\t\t<span class='evcal_evdata_icons'><i class='fa fa-map-marker'><\/i><\/span>\n\t\t\t<div class='evcal_evdata_cell' data-loc_tax_id='30'><h3 class='evo_h3 evodfx'><span class='evcal_evdata_icons'><i class='fa fa-map-marker'><\/i><\/span>Luogo<\/h3><p class='evo_location_name'>Pampeago<\/p><p class='evo_location_address evodfxi evogap10'>Localit\u00e0 Pampeago, 8, 38038 Tesero TN<\/p><div class='padt10'><span class='evo_btn_arr evolb_trigger' data-lbvals=\"{&quot;lbc&quot;:&quot;evo_location_lb_30&quot;,&quot;lbac&quot;:&quot;lb_max&quot;,&quot;t&quot;:&quot;Pampeago&quot;,&quot;ajax&quot;:&quot;yes&quot;,&quot;ajax_type&quot;:&quot;endpoint&quot;,&quot;ajax_action&quot;:&quot;eventon_get_tax_card_content&quot;,&quot;end&quot;:&quot;client&quot;,&quot;d&quot;:{&quot;lang&quot;:&quot;L1&quot;,&quot;term_id&quot;:30,&quot;tax&quot;:&quot;event_location&quot;,&quot;load_lbcontent&quot;:true},&quot;uid&quot;:&quot;eventon_get_tax_card_content&quot;}\" >Other Events<i class='fa fa-chevron-right'><\/i><\/span><\/div><\/div>\n\t\t\n\t<\/div><\/div><\/div><div class='evocard_row'><div id='event_addtocal' class='evocard_box addtocal' data-c='' \n\t\t\t\t\tstyle=''><div class='evo_metarow_ICS evorow evcal_evdata_row'>\n\t\t\t<span class='evcal_evdata_icons'><i class='fa fa-calendar-o'><\/i><\/span>\n\t\t\t<div class='evcal_evdata_cell'>\n\t\t\t\t<p><a href='https:\/\/latemarium.com\/it\/export-events\/2149_3\/?nonce=a3263097f9' class='evo_ics_nCal' title='Aggiungi al tuo calendario'>Calendario<\/a><a href='https:\/\/www.google.com\/calendar\/event?action=TEMPLATE&text=I+suoni+e+la+vita+della+malga&dates=20260705T132000Z%2F20260705T215900Z&ctz=Europe%2FRome&details=I suoni e la vita della malga&location=Pampeago+Localit%C3%A0+Pampeago%2C+8%2C+38038+Tesero+TN' target='_blank' class='evo_ics_gCal' title='Aggiungi al calendario di Google'>GoogleCal<\/a><\/p>\t\n\t\t\t<\/div>\n\t\t<\/div><\/div><\/div><div class='evocard_row'><div id='event_getdirection' class='evocard_box getdirection' data-c='' \n\t\t\t\t\tstyle=''><div class='evo_metarow_getDr evorow evcal_evdata_row evcal_evrow_sm getdirections'>\n\t\t<form action='https:\/\/maps.google.com\/maps' method='get' target='_blank'>\n\t\t\t<input type='hidden' name='daddr' value=\"46.34343697644898,11.540997527961546\"\/> \n\t\t\t<div class='evo_get_direction_content evo_fx_dr_r evogap10'>\n\t\t\t\t<span class='evogetdir_header evodfx evofx_dr_r evofx_ai_c marr10'>\n\t\t\t\t\t<i class='mainicon fa fa-road'><\/i> \n\t\t\t\t\t<h3 class='evo_h3' style='padding-bottom:5px;'>Ottieni indicazioni stradali<\/h3>\n\t\t\t\t<\/span>\n\t\t\t\t<span class='evogetdir_field evodfx evofx_1_1 evo_fx_dr_c evow100p'>\t\t\t\t\t\n\t\t\t\t\t<input class='evoInput evotac' type='text' name='saddr' placeholder='Digitare l&#039;indirizzo per ottenere le indicazioni stradali' value='' style='margin:10px 0;'\/>\n\t\t\t\t<\/span>\n\t\t\t\t<button type='submit' class='evo_get_direction_button evo_btn_arr_circ dfx fx_ai_c' title='Fare clic qui per ottenere indicazioni'><i class='fa fa-chevron-right'><\/i> <\/button>\n\t\t\t<\/div>\n\t\t<\/form>\n\t<\/div><\/div><\/div><div class='evo_card_row_end evcal_close' title='Testo del pulsante Chiudi evento'><\/div><\/div><div class='clear end'><\/div><\/div><div id=\"event_2114_1\" class=\"eventon_list_event evo_eventtop scheduled  event clrW no_et event_2114_1\" data-event_id=\"2114\" data-ri=\"1r\" data-time=\"1783323000-1783375140\" data-colr=\"#ffa024\" itemscope itemtype='http:\/\/schema.org\/Event'><div class=\"evo_event_schema\" style=\"display:none\" ><a itemprop='url'  href='https:\/\/latemarium.com\/it\/events\/geotrekking-monte-agnello\/var\/ri-1.l-L1'><\/a><meta itemprop='image' content=\"https:\/\/latemarium.com\/wp-content\/uploads\/2023\/06\/geotrail-monte-agnello.jpg\" \/><meta itemprop='startDate' content=\"2026-7-6T09:30+0:00\" \/><meta itemprop='endDate' content=\"2026-7-6T23:59+0:00\" \/><meta itemprop='eventStatus' content=\"https:\/\/schema.org\/EventScheduled\" \/><meta itemprop='eventAttendanceMode'   itemscope itemtype=\"https:\/\/schema.org\/OfflineEventAttendanceMode\"\/><div style=\"display:none\" itemprop=\"location\" itemscope itemtype=\"http:\/\/schema.org\/Place\"><span itemprop=\"name\">Rifugio Agnello<\/span><span itemprop=\"address\" itemscope itemtype=\"http:\/\/schema.org\/PostalAddress\"><item itemprop=\"streetAddress\">Loc. Pampeago, 9, 38038 Tesero TN<\/item><\/span><\/div><script type=\"application\/ld+json\">{\"@context\": \"http:\/\/schema.org\",\"@type\": \"Event\",\n\t\t\t\t\"@id\": \"event_2114_1\",\n\t\t\t\t\"eventAttendanceMode\":\"https:\/\/schema.org\/OfflineEventAttendanceMode\",\n\t\t\t\t\"eventStatus\":\"https:\/\/schema.org\/EventScheduled\",\n\t\t\t\t\"name\": \"Geotrekking Monte Agnello\",\n\t\t\t\t\"url\": \"https:\/\/latemarium.com\/it\/events\/geotrekking-monte-agnello\/var\/ri-1.l-L1\",\n\t\t\t\t\"startDate\": \"2026-7-6T09:30+0:00\",\n\t\t\t\t\"endDate\": \"2026-7-6T23:59+0:00\",\n\t\t\t\t\"image\":\"https:\/\/latemarium.com\/wp-content\/uploads\/2023\/06\/geotrail-monte-agnello.jpg\", \n\t\t\t\t\"description\":\"<p><strong>Scenografico itinerario geologico<\/strong> ad anello alla scoperta dell\u2019antico vulcano di Predazzo, guidati da un esperto Geologo e Accompagnatore di Media Montagna.<\/p> <p>Una camminata sulle tracce della Pompei del Triassico del Monte Agnello, dove lave, ceneri e lapilli hanno seppellito un antico atollo tropicale.<\/p> <p>Il percorso \u00e8 semplice, con sentieri ben percorribili, dislivello 350 metri circa.<\/p> <p><strong>Prenotazione obbligatoria<\/strong>.<\/p> <p>Attivit\u00e0 gratuita.<\/p> <p>Clicca <a href='https:\/\/www.visitfiemme.it\/it\/eventi\/fiemme-cembra-guest-card\/esperienze\/esperienze-in-estate?re-product-id=211508' target='_blank' rel='noopener'>qui<\/a>\u00a0per prenotare.<\/p> \",\"location\":[{\"@type\":\"Place\",\"name\":\"Rifugio Agnello\",\"address\":{\"@type\": \"PostalAddress\",\"streetAddress\":\"Loc. Pampeago, 9, 38038 Tesero TN\"}}]}<\/script><\/div>\r\n\t\t\t\t<p class=\"desc_trig_outter\" style=\"\"><a data-gmtrig=\"1\" data-exlk=\"0\" style=\"background-color: #ffa024;\" id=\"evc_17833230002114\" class=\"hasFtIMG event_repeat desc_trig sin_val evcal_list_a\" data-ux_val=\"3\" data-ux_val_mob=\"-\"  ><span class='evoet_c1 evoet_cx '><span class='ev_ftImg' data-img='https:\/\/latemarium.com\/wp-content\/uploads\/2023\/06\/geotrail-monte-agnello.jpg' data-thumb='https:\/\/latemarium.com\/wp-content\/uploads\/2023\/06\/geotrail-monte-agnello-300x240.jpg' style='background-image:url(\"https:\/\/latemarium.com\/wp-content\/uploads\/2023\/06\/geotrail-monte-agnello-300x240.jpg\")' ><\/span><\/span><span class='evoet_c2 evoet_cx '><span class='evoet_dayblock evcal_cblock ' data-bgcolor='#ffa024' data-smon='luglio' data-syr='2026' data-bub=''><span class='evo_start '><em class='date'>06<\/em><em class='month'>lug<\/em><em class='time'>09:30<\/em><\/span><\/span><\/span><span class='evoet_c3 evoet_cx evcal_desc hide_eventtopdata '><span class='evoet_title evcal_desc2 evcal_event_title ' itemprop='name'>Geotrekking Monte Agnello<\/span><span class='event_location_attrs'  data-location_address=\"Loc. Pampeago, 9, 38038 Tesero TN\" data-location_type=\"lonlat\" data-location_name=\"Rifugio Agnello\" data-location_url=\"https:\/\/latemarium.com\/it\/event-location\/rifugio-agnello\/\" data-location_status=\"true\" data-latlng=\"46.333809095680266,11.547693182509184\"><\/span><span class='evoet_subtitle evo_below_title' ><span class='evcal_event_subtitle ' >itinerario geologico ad anello alla scoperta dell\u2019antico vulcano di Predazzo<\/span><\/span><span class='evoet_time_expand level_3'><em class='evcal_time evo_tz_time'><i class='fa fa-clock-o'><\/i>09:30<span class='evo_tz marl5'>(GMT+02:00)<\/span><\/em> <\/span><span class='evoet_location level_3'><em class=\"evcal_location\"  data-latlng=\"46.333809095680266,11.547693182509184\" data-add_str=\"Loc. Pampeago, 9, 38038 Tesero TN\" data-n=\"Rifugio Agnello\"><i class=\"fa fa-location-pin\"><\/i><em class=\"event_location_name\">Rifugio Agnello<\/em>, Loc. Pampeago, 9, 38038 Tesero TN<\/em><\/span><\/span><span class='evoet_data' data-d=\"{&quot;loc.n&quot;:&quot;Rifugio Agnello&quot;,&quot;orgs&quot;:[],&quot;tags&quot;:{&quot;repeating&quot;:&quot;Repeating Event&quot;}}\" data-bgc=\"#ffa024\" data-bggrad=\"\" ><\/span><\/a><\/p><div class='event_description evcal_eventcard ' style=\"display:none\"><div class='evocard_row'><div id='event_ftimage' class='evocard_box ftimage' data-c='' \n\t\t\t\t\tstyle=''><div class='evocard_main_image_hold' data-t='Loading Image..'><div class='evocard_main_image evo_img_triglb evobr15 evobgsc evobgpc evodfx evofx_jc_c evofx_ai_c evofz48 minmized' style='height:300px; background-image:url();' data-f=\"https:\/\/latemarium.com\/wp-content\/uploads\/2023\/06\/geotrail-monte-agnello.jpg\" data-h=\"528\" data-w=\"661\" data-ratio=\"0.79878971255673\" data-event_id=\"2114\" data-ri=\"1\"  data-t='Loading Image..'><span style='height:300px; background-image:url(https:\/\/latemarium.com\/wp-content\/uploads\/2023\/06\/geotrail-monte-agnello.jpg)'><\/span><\/div><\/div><\/div><\/div><div class='evocard_row'><div id='event_eventdetails' class='evocard_box eventdetails' data-c='' \n\t\t\t\t\tstyle=''><div class='evo_metarow_details evorow evcal_evdata_row evcal_event_details'>\n\t\t<div class=\"event_excerpt\" style=\"display:none\"><h3 class=\"padb5 evo_h3\">Dettagli dell&#039;evento<\/h3><p>Scenografico itinerario geologico ad anello alla scoperta dell\u2019antico vulcano di Predazzo, guidati da un esperto Geologo e Accompagnatore di Media Montagna.\nUna camminata sulle tracce della Pompei del Triassico del Monte<\/p><\/div><span class='evcal_evdata_icons'><i class='fa fa-align-justify'><\/i><\/span>\n\t\t\n\t\t<div class='evcal_evdata_cell shorter_desc'>\n\t\t\t<div class='eventon_full_description'>\n\t\t\t\t<h3 class='padb5 evo_h3'><span class='evcal_evdata_icons'><i class='fa fa-align-justify'><\/i><\/span>Dettagli dell&#039;evento<\/h3>\n\t\t\t\t<div class='eventon_desc_in' itemprop='description'>\n\t\t\t\t<p><strong>Scenografico itinerario geologico<\/strong> ad anello alla scoperta dell\u2019antico vulcano di Predazzo, guidati da un esperto Geologo e Accompagnatore di Media Montagna.<\/p>\n<p>Una camminata sulle tracce della Pompei del Triassico del Monte Agnello, dove lave, ceneri e lapilli hanno seppellito un antico atollo tropicale.<\/p>\n<p>Il percorso \u00e8 semplice, con sentieri ben percorribili, dislivello 350 metri circa.<\/p>\n<p><strong>Prenotazione obbligatoria<\/strong>.<\/p>\n<p>Attivit\u00e0 gratuita.<\/p>\n<p>Clicca <a href=\"https:\/\/www.visitfiemme.it\/it\/eventi\/fiemme-cembra-guest-card\/esperienze\/esperienze-in-estate?re-product-id=211508\" target=\"_blank\" rel=\"noopener\">qui<\/a>\u00a0per prenotare.<\/p>\n<\/div><p class='eventon_shad_p' style='padding:5px 0 0; margin:0'>\n\t\t\t<span class='evcal_btn evo_btn_secondary evobtn_details_show_more' content='less'>\n\t\t\t\t<span class='ev_more_text' data-txt='Meno'>Pi\u00f9<\/span><span class='ev_more_arrow ard'><\/span>\n\t\t\t<\/span>\n\t\t<\/p><div class='clear'><\/div>\n\t\t\t<\/div>\n\t\t<\/div>\n\t<\/div><\/div><\/div><div class='evocard_row bx2 bx'><div id='event_time' class='evocard_box time' data-c='' \n\t\t\t\t\tstyle=''><div class='evo_metarow_time evorow evcal_evdata_row evcal_evrow_sm '>\n\t\t<span class='evcal_evdata_icons'><i class='fa fa-clock'><\/i><\/span>\n\t\t<div class='evcal_evdata_cell'>\t\t\t\t\t\t\t\n\t\t\t<h3 class='evo_h3'><span class='evcal_evdata_icons'><i class='fa fa-clock'><\/i><\/span>Orario<\/h3><p><span class='evo_eventcard_time_t'>6 luglio 2026 09:30<\/span><span class='evo_tz marr5'>(GMT+02:00)<\/span><\/p>\n\t\t<\/div>\n\t<\/div><\/div><div id='event_location' class='evocard_box location' data-c='' \n\t\t\t\t\tstyle=''><div class='evcal_evdata_row evo_metarow_time_location evorow '>\n\t\t\n\t\t\t<span class='evcal_evdata_icons'><i class='fa fa-map-marker'><\/i><\/span>\n\t\t\t<div class='evcal_evdata_cell' data-loc_tax_id='24'><h3 class='evo_h3 evodfx'><span class='evcal_evdata_icons'><i class='fa fa-map-marker'><\/i><\/span><a target=\"_blank\" href=\"https:\/\/www.facebook.com\/profile.php?id=100064742944609\">Luogo<\/a><\/h3><p class='evo_location_name'><a target=\"_blank\" href=\"https:\/\/www.facebook.com\/profile.php?id=100064742944609\">Rifugio Agnello<\/a><\/p><p class='evo_location_address evodfxi evogap10'><a target=\"_blank\" href=\"https:\/\/www.facebook.com\/profile.php?id=100064742944609\">Loc. Pampeago, 9, 38038 Tesero TN<\/a><\/p><div class='padt10'><span class='evo_btn_arr evolb_trigger' data-lbvals=\"{&quot;lbc&quot;:&quot;evo_location_lb_24&quot;,&quot;lbac&quot;:&quot;lb_max&quot;,&quot;t&quot;:&quot;Rifugio Agnello&quot;,&quot;ajax&quot;:&quot;yes&quot;,&quot;ajax_type&quot;:&quot;endpoint&quot;,&quot;ajax_action&quot;:&quot;eventon_get_tax_card_content&quot;,&quot;end&quot;:&quot;client&quot;,&quot;d&quot;:{&quot;lang&quot;:&quot;L1&quot;,&quot;term_id&quot;:24,&quot;tax&quot;:&quot;event_location&quot;,&quot;load_lbcontent&quot;:true},&quot;uid&quot;:&quot;eventon_get_tax_card_content&quot;}\" >Other Events<i class='fa fa-chevron-right'><\/i><\/span><\/div><\/div>\n\t\t\n\t<\/div><\/div><\/div><div class='evocard_row bx2 bx'><div id='event_learnmore' class='evocard_box learnmore' data-c='' \n\t\t\t\t\tstyle=''><div class='evo_metarow_learnM evo_metarow_learnmore evorow'>\n\t\t\t\t\t\t\t<a class='evcal_evdata_row evo_clik_row ' href='https:\/\/latemarium.com\/it\/excursions\/detail\/geotrail-monte-agnello\/' target=\"_blank\">\n\t\t\t\t\t\t\t\t<span class='evcal_evdata_icons'><i class='fa fa-link'><\/i><\/span>\n\t\t\t\t\t\t\t\t<h3 class='evo_h3'>Scopri di pi\u00f9<\/h3>\n\t\t\t\t\t\t\t<\/a>\n\t\t\t\t\t\t\t<\/div><\/div><div id='event_addtocal' class='evocard_box addtocal' data-c='' \n\t\t\t\t\tstyle=''><div class='evo_metarow_ICS evorow evcal_evdata_row'>\n\t\t\t<span class='evcal_evdata_icons'><i class='fa fa-calendar-o'><\/i><\/span>\n\t\t\t<div class='evcal_evdata_cell'>\n\t\t\t\t<p><a href='https:\/\/latemarium.com\/it\/export-events\/2114_1\/?nonce=a3263097f9' class='evo_ics_nCal' title='Aggiungi al tuo calendario'>Calendario<\/a><a href='https:\/\/www.google.com\/calendar\/event?action=TEMPLATE&text=Geotrekking+Monte+Agnello&dates=20260706T073000Z%2F20260706T215900Z&ctz=Europe%2FRome&details=Geotrekking Monte Agnello&location=Rifugio+Agnello+Loc.+Pampeago%2C+9%2C+38038+Tesero+TN' target='_blank' class='evo_ics_gCal' title='Aggiungi al calendario di Google'>GoogleCal<\/a><\/p>\t\n\t\t\t<\/div>\n\t\t<\/div><\/div><\/div><div class='evocard_row'><div id='event_getdirection' class='evocard_box getdirection' data-c='' \n\t\t\t\t\tstyle=''><div class='evo_metarow_getDr evorow evcal_evdata_row evcal_evrow_sm getdirections'>\n\t\t<form action='https:\/\/maps.google.com\/maps' method='get' target='_blank'>\n\t\t\t<input type='hidden' name='daddr' value=\"46.333809095680266,11.547693182509184\"\/> \n\t\t\t<div class='evo_get_direction_content evo_fx_dr_r evogap10'>\n\t\t\t\t<span class='evogetdir_header evodfx evofx_dr_r evofx_ai_c marr10'>\n\t\t\t\t\t<i class='mainicon fa fa-road'><\/i> \n\t\t\t\t\t<h3 class='evo_h3' style='padding-bottom:5px;'>Ottieni indicazioni stradali<\/h3>\n\t\t\t\t<\/span>\n\t\t\t\t<span class='evogetdir_field evodfx evofx_1_1 evo_fx_dr_c evow100p'>\t\t\t\t\t\n\t\t\t\t\t<input class='evoInput evotac' type='text' name='saddr' placeholder='Digitare l&#039;indirizzo per ottenere le indicazioni stradali' value='' style='margin:10px 0;'\/>\n\t\t\t\t<\/span>\n\t\t\t\t<button type='submit' class='evo_get_direction_button evo_btn_arr_circ dfx fx_ai_c' title='Fare clic qui per ottenere indicazioni'><i class='fa fa-chevron-right'><\/i> <\/button>\n\t\t\t<\/div>\n\t\t<\/form>\n\t<\/div><\/div><\/div><div class='evo_card_row_end evcal_close' title='Testo del pulsante Chiudi evento'><\/div><\/div><div class='clear end'><\/div><\/div><div id=\"event_2120_1\" class=\"eventon_list_event evo_eventtop scheduled  event clrD no_et event_2120_1\" data-event_id=\"2120\" data-ri=\"1r\" data-time=\"1783328400-1783375140\" data-colr=\"#006290\" itemscope itemtype='http:\/\/schema.org\/Event'><div class=\"evo_event_schema\" style=\"display:none\" ><a itemprop='url'  href='https:\/\/latemarium.com\/it\/events\/parola-di-nikolaus-drache\/var\/ri-1.l-L1'><\/a><meta itemprop='image' content=\"https:\/\/latemarium.com\/wp-content\/uploads\/2023\/06\/foresta-dei-draghi-6.jpg\" \/><meta itemprop='startDate' content=\"2026-7-6T11:00+0:00\" \/><meta itemprop='endDate' content=\"2026-7-6T23:59+0:00\" \/><meta itemprop='eventStatus' content=\"https:\/\/schema.org\/EventScheduled\" \/><meta itemprop='eventAttendanceMode'   itemscope itemtype=\"https:\/\/schema.org\/OfflineEventAttendanceMode\"\/><script type=\"application\/ld+json\">{\"@context\": \"http:\/\/schema.org\",\"@type\": \"Event\",\n\t\t\t\t\"@id\": \"event_2120_1\",\n\t\t\t\t\"eventAttendanceMode\":\"https:\/\/schema.org\/OfflineEventAttendanceMode\",\n\t\t\t\t\"eventStatus\":\"https:\/\/schema.org\/EventScheduled\",\n\t\t\t\t\"name\": \"Parola di Nikolaus Drache\",\n\t\t\t\t\"url\": \"https:\/\/latemarium.com\/it\/events\/parola-di-nikolaus-drache\/var\/ri-1.l-L1\",\n\t\t\t\t\"startDate\": \"2026-7-6T11:00+0:00\",\n\t\t\t\t\"endDate\": \"2026-7-6T23:59+0:00\",\n\t\t\t\t\"image\":\"https:\/\/latemarium.com\/wp-content\/uploads\/2023\/06\/foresta-dei-draghi-6.jpg\", \n\t\t\t\t\"description\":\"<p>Saltano, corrono, strisciano, volano! Eppure\u2026 non \u00e8 facile vederli!<br \/> Sanno nascondersi bene\u2026 gli squamosi furbacchioni! Chi sono? Ma i draghi del Latemar! Incontrarne uno, anche uno solo, sar\u00e0 un\u2019esperienza meravigliosa! Parola di Nikolaus Drache.<\/p> <p>domenica e luned\u00ec: dal 5 luglio al 24 agosto 2026<br \/> a monte della telecabina Predazzo-Gardon\u00e8<br \/> ore 11.00 e ore 14.30<br \/> spettacoli itineranti sul sentiero della Foresta dei Draghi<br \/> adatto a famiglie e bambini dai 2 anni in su\u00a0(durata 1h30\u2019)<\/p> \"}<\/script><\/div>\r\n\t\t\t\t<p class=\"desc_trig_outter\" style=\"\"><a data-gmap_status=\"null\" data-exlk=\"0\" style=\"background-color: #006290;\" id=\"evc_17833284002120\" class=\"hasFtIMG event_repeat desc_trig sin_val evcal_list_a\" data-ux_val=\"3\" data-ux_val_mob=\"-\"  ><span class='evoet_c1 evoet_cx '><span class='ev_ftImg' data-img='https:\/\/latemarium.com\/wp-content\/uploads\/2023\/06\/foresta-dei-draghi-6.jpg' data-thumb='https:\/\/latemarium.com\/wp-content\/uploads\/2023\/06\/foresta-dei-draghi-6-300x200.jpg' style='background-image:url(\"https:\/\/latemarium.com\/wp-content\/uploads\/2023\/06\/foresta-dei-draghi-6-300x200.jpg\")' ><\/span><\/span><span class='evoet_c2 evoet_cx '><span class='evoet_dayblock evcal_cblock ' data-bgcolor='#006290' data-smon='luglio' data-syr='2026' data-bub=''><span class='evo_start '><em class='date'>06<\/em><em class='month'>lug<\/em><em class='time'>11:00<\/em><\/span><\/span><\/span><span class='evoet_c3 evoet_cx evcal_desc hide_eventtopdata '><span class='evoet_title evcal_desc2 evcal_event_title ' itemprop='name'>Parola di Nikolaus Drache<\/span><span class='event_location_attrs' data-location_type=\"lonlat\" data-location_name=\"A monte della telecabina Predazzo-Gardon\u00e8\" data-location_url=\"https:\/\/latemarium.com\/it\/event-location\/a-monte-della-telecabina-predazzo-gardone\/\" data-location_status=\"true\" data-latlng=\"46.32878794406342,11.600176728690842\"><\/span><span class='evoet_subtitle evo_below_title' ><span class='evcal_event_subtitle ' >Spettacolo itinerante sul sentiero della Foresta dei Draghi<\/span><\/span><span class='evoet_time_expand level_3'><em class='evcal_time evo_tz_time'><i class='fa fa-clock-o'><\/i>11:00<span class='evo_tz marl5'>(GMT+02:00)<\/span><\/em> <\/span><span class='evoet_location level_3'><em class=\"evcal_location\"  data-latlng=\"46.32878794406342,11.600176728690842\" data-add_str=\"\" data-n=\"A monte della telecabina Predazzo-Gardon\u00e8\"><i class=\"fa fa-location-pin\"><\/i><em class=\"event_location_name\">A monte della telecabina Predazzo-Gardon\u00e8<\/em><\/em><\/span><\/span><span class='evoet_data' data-d=\"{&quot;loc.n&quot;:&quot;A monte della telecabina Predazzo-Gardon\\u00e8&quot;,&quot;orgs&quot;:[],&quot;tags&quot;:{&quot;repeating&quot;:&quot;Repeating Event&quot;}}\" data-bgc=\"#006290\" data-bggrad=\"\" ><\/span><\/a><\/p><div class='event_description evcal_eventcard ' style=\"display:none\"><div class='evocard_row'><div id='event_ftimage' class='evocard_box ftimage' data-c='' \n\t\t\t\t\tstyle=''><div class='evocard_main_image_hold' data-t='Loading Image..'><div class='evocard_main_image evo_img_triglb evobr15 evobgsc evobgpc evodfx evofx_jc_c evofx_ai_c evofz48 minmized' style='height:300px; background-image:url();' data-f=\"https:\/\/latemarium.com\/wp-content\/uploads\/2023\/06\/foresta-dei-draghi-6.jpg\" data-h=\"800\" data-w=\"1200\" data-ratio=\"0.66666666666667\" data-event_id=\"2120\" data-ri=\"1\"  data-t='Loading Image..'><span style='height:300px; background-image:url(https:\/\/latemarium.com\/wp-content\/uploads\/2023\/06\/foresta-dei-draghi-6.jpg)'><\/span><\/div><\/div><\/div><\/div><div class='evocard_row'><div id='event_eventdetails' class='evocard_box eventdetails' data-c='' \n\t\t\t\t\tstyle=''><div class='evo_metarow_details evorow evcal_evdata_row evcal_event_details'>\n\t\t<div class=\"event_excerpt\" style=\"display:none\"><h3 class=\"padb5 evo_h3\">Dettagli dell&#039;evento<\/h3><p>Saltano, corrono, strisciano, volano! Eppure\u2026 non \u00e8 facile vederli!\nSanno nascondersi bene\u2026 gli squamosi furbacchioni! Chi sono? Ma i draghi del Latemar! Incontrarne uno, anche uno solo, sar\u00e0 un\u2019esperienza meravigliosa!<\/p><\/div><span class='evcal_evdata_icons'><i class='fa fa-align-justify'><\/i><\/span>\n\t\t\n\t\t<div class='evcal_evdata_cell '>\n\t\t\t<div class='eventon_full_description'>\n\t\t\t\t<h3 class='padb5 evo_h3'><span class='evcal_evdata_icons'><i class='fa fa-align-justify'><\/i><\/span>Dettagli dell&#039;evento<\/h3>\n\t\t\t\t<div class='eventon_desc_in' itemprop='description'>\n\t\t\t\t<p>Saltano, corrono, strisciano, volano! Eppure\u2026 non \u00e8 facile vederli!<br \/>\nSanno nascondersi bene\u2026 gli squamosi furbacchioni! Chi sono? Ma i draghi del Latemar! Incontrarne uno, anche uno solo, sar\u00e0 un\u2019esperienza meravigliosa! Parola di Nikolaus Drache.<\/p>\n<p>domenica e luned\u00ec: dal 5 luglio al 24 agosto 2026<br \/>\na monte della telecabina Predazzo-Gardon\u00e8<br \/>\nore 11.00 e ore 14.30<br \/>\nspettacoli itineranti sul sentiero della Foresta dei Draghi<br \/>\nadatto a famiglie e bambini dai 2 anni in su\u00a0(durata 1h30\u2019)<\/p>\n<\/div><div class='clear'><\/div>\n\t\t\t<\/div>\n\t\t<\/div>\n\t<\/div><\/div><\/div><div class='evocard_row bx2 bx'><div id='event_time' class='evocard_box time' data-c='' \n\t\t\t\t\tstyle=''><div class='evo_metarow_time evorow evcal_evdata_row evcal_evrow_sm '>\n\t\t<span class='evcal_evdata_icons'><i class='fa fa-clock'><\/i><\/span>\n\t\t<div class='evcal_evdata_cell'>\t\t\t\t\t\t\t\n\t\t\t<h3 class='evo_h3'><span class='evcal_evdata_icons'><i class='fa fa-clock'><\/i><\/span>Orario<\/h3><p><span class='evo_eventcard_time_t'>6 luglio 2026 11:00<\/span><span class='evo_tz marr5'>(GMT+02:00)<\/span><\/p>\n\t\t<\/div>\n\t<\/div><\/div><div id='event_location' class='evocard_box location' data-c='' \n\t\t\t\t\tstyle=''><div class='evcal_evdata_row evo_metarow_time_location evorow '>\n\t\t\n\t\t\t<span class='evcal_evdata_icons'><i class='fa fa-map-marker'><\/i><\/span>\n\t\t\t<div class='evcal_evdata_cell' data-loc_tax_id='34'><h3 class='evo_h3 evodfx'><span class='evcal_evdata_icons'><i class='fa fa-map-marker'><\/i><\/span>Luogo<\/h3><p class='evo_location_name'>A monte della telecabina Predazzo-Gardon\u00e8<\/p><div class='padt10'><span class='evo_btn_arr evolb_trigger' data-lbvals=\"{&quot;lbc&quot;:&quot;evo_location_lb_34&quot;,&quot;lbac&quot;:&quot;lb_max&quot;,&quot;t&quot;:&quot;A monte della telecabina Predazzo-Gardon\\u00e8&quot;,&quot;ajax&quot;:&quot;yes&quot;,&quot;ajax_type&quot;:&quot;endpoint&quot;,&quot;ajax_action&quot;:&quot;eventon_get_tax_card_content&quot;,&quot;end&quot;:&quot;client&quot;,&quot;d&quot;:{&quot;lang&quot;:&quot;L1&quot;,&quot;term_id&quot;:34,&quot;tax&quot;:&quot;event_location&quot;,&quot;load_lbcontent&quot;:true},&quot;uid&quot;:&quot;eventon_get_tax_card_content&quot;}\" >Other Events<i class='fa fa-chevron-right'><\/i><\/span><\/div><\/div>\n\t\t\n\t<\/div><\/div><\/div><div class='evocard_row bx2 bx'><div id='event_learnmore' class='evocard_box learnmore' data-c='' \n\t\t\t\t\tstyle=''><div class='evo_metarow_learnM evo_metarow_learnmore evorow'>\n\t\t\t\t\t\t\t<a class='evcal_evdata_row evo_clik_row ' href='https:\/\/www.montagnanimata.it\/spettacoli\/' target=\"_blank\">\n\t\t\t\t\t\t\t\t<span class='evcal_evdata_icons'><i class='fa fa-link'><\/i><\/span>\n\t\t\t\t\t\t\t\t<h3 class='evo_h3'>Scopri di pi\u00f9<\/h3>\n\t\t\t\t\t\t\t<\/a>\n\t\t\t\t\t\t\t<\/div><\/div><div id='event_addtocal' class='evocard_box addtocal' data-c='' \n\t\t\t\t\tstyle=''><div class='evo_metarow_ICS evorow evcal_evdata_row'>\n\t\t\t<span class='evcal_evdata_icons'><i class='fa fa-calendar-o'><\/i><\/span>\n\t\t\t<div class='evcal_evdata_cell'>\n\t\t\t\t<p><a href='https:\/\/latemarium.com\/it\/export-events\/2120_1\/?nonce=a3263097f9' class='evo_ics_nCal' title='Aggiungi al tuo calendario'>Calendario<\/a><a href='https:\/\/www.google.com\/calendar\/event?action=TEMPLATE&text=Parola+di+Nikolaus+Drache&dates=20260706T090000Z%2F20260706T215900Z&ctz=Europe%2FRome&details=Parola di Nikolaus Drache&location=A+monte+della+telecabina+Predazzo-Gardon%C3%A8' target='_blank' class='evo_ics_gCal' title='Aggiungi al calendario di Google'>GoogleCal<\/a><\/p>\t\n\t\t\t<\/div>\n\t\t<\/div><\/div><\/div><div class='evocard_row'><div id='event_getdirection' class='evocard_box getdirection' data-c='' \n\t\t\t\t\tstyle=''><div class='evo_metarow_getDr evorow evcal_evdata_row evcal_evrow_sm getdirections'>\n\t\t<form action='https:\/\/maps.google.com\/maps' method='get' target='_blank'>\n\t\t\t<input type='hidden' name='daddr' value=\"46.32878794406342,11.600176728690842\"\/> \n\t\t\t<div class='evo_get_direction_content evo_fx_dr_r evogap10'>\n\t\t\t\t<span class='evogetdir_header evodfx evofx_dr_r evofx_ai_c marr10'>\n\t\t\t\t\t<i class='mainicon fa fa-road'><\/i> \n\t\t\t\t\t<h3 class='evo_h3' style='padding-bottom:5px;'>Ottieni indicazioni stradali<\/h3>\n\t\t\t\t<\/span>\n\t\t\t\t<span class='evogetdir_field evodfx evofx_1_1 evo_fx_dr_c evow100p'>\t\t\t\t\t\n\t\t\t\t\t<input class='evoInput evotac' type='text' name='saddr' placeholder='Digitare l&#039;indirizzo per ottenere le indicazioni stradali' value='' style='margin:10px 0;'\/>\n\t\t\t\t<\/span>\n\t\t\t\t<button type='submit' class='evo_get_direction_button evo_btn_arr_circ dfx fx_ai_c' title='Fare clic qui per ottenere indicazioni'><i class='fa fa-chevron-right'><\/i> <\/button>\n\t\t\t<\/div>\n\t\t<\/form>\n\t<\/div><\/div><\/div><div class='evo_card_row_end evcal_close' title='Testo del pulsante Chiudi evento'><\/div><\/div><div class='clear end'><\/div><\/div><div id=\"event_2149_4\" class=\"eventon_list_event evo_eventtop scheduled  event clrW no_et event_2149_4\" data-event_id=\"2149\" data-ri=\"4r\" data-time=\"1783344000-1783375140\" data-colr=\"#b8d989\" itemscope itemtype='http:\/\/schema.org\/Event'><div class=\"evo_event_schema\" style=\"display:none\" ><a itemprop='url'  href='https:\/\/latemarium.com\/it\/events\/i-suoni-e-la-vita-della-malga\/var\/ri-4.l-L1'><\/a><meta itemprop='image' content=\"https:\/\/latemarium.com\/wp-content\/uploads\/2023\/06\/suoni-vita-malga.jpg\" \/><meta itemprop='startDate' content=\"2026-7-6T15:20+0:00\" \/><meta itemprop='endDate' content=\"2026-7-6T23:59+0:00\" \/><meta itemprop='eventStatus' content=\"https:\/\/schema.org\/EventScheduled\" \/><meta itemprop='eventAttendanceMode'   itemscope itemtype=\"https:\/\/schema.org\/OfflineEventAttendanceMode\"\/><div style=\"display:none\" itemprop=\"location\" itemscope itemtype=\"http:\/\/schema.org\/Place\"><span itemprop=\"name\">Pampeago<\/span><span itemprop=\"address\" itemscope itemtype=\"http:\/\/schema.org\/PostalAddress\"><item itemprop=\"streetAddress\">Localit\u00e0 Pampeago, 8, 38038 Tesero TN<\/item><\/span><\/div><script type=\"application\/ld+json\">{\"@context\": \"http:\/\/schema.org\",\"@type\": \"Event\",\n\t\t\t\t\"@id\": \"event_2149_4\",\n\t\t\t\t\"eventAttendanceMode\":\"https:\/\/schema.org\/OfflineEventAttendanceMode\",\n\t\t\t\t\"eventStatus\":\"https:\/\/schema.org\/EventScheduled\",\n\t\t\t\t\"name\": \"I suoni e la vita della malga\",\n\t\t\t\t\"url\": \"https:\/\/latemarium.com\/it\/events\/i-suoni-e-la-vita-della-malga\/var\/ri-4.l-L1\",\n\t\t\t\t\"startDate\": \"2026-7-6T15:20+0:00\",\n\t\t\t\t\"endDate\": \"2026-7-6T23:59+0:00\",\n\t\t\t\t\"image\":\"https:\/\/latemarium.com\/wp-content\/uploads\/2023\/06\/suoni-vita-malga.jpg\", \n\t\t\t\t\"description\":\"<p>Ritrovo presso parcheggio seggiovia Tresca (raggiungibile in auto da Pampeago \u2013 SOLO per chi prenota l&#8217;attivit\u00e0).<\/p> <p>Dopo una breve passeggiata fino a Malga Pampeago, bambini e genitori scoprono la vita e i suoni quotidiani che scandiscono la vita dei malgari, fra mucche, vitellini, asinelli e maiali.<\/p> <p>A fine attivit\u00e0 ci sar\u00e0 una piccola merenda che i bambini potranno gustarsi o portarsi a casa.<\/p> <p>Attivit\u00e0 possibile anche con passeggino country.<\/p> <p>Prenotazione obbligatoria.<\/p> <p>Prenotazione obbligatoria. Clicca <a href='https:\/\/www.visitfiemme.it\/it\/eventi\/fiemme-cembra-guest-card\/esperienze\/esperienze-in-estate?re-product-id=211655' target='_blank' rel='noopener'>qui<\/a>\u00a0per prenotare.<\/p> \",\"location\":[{\"@type\":\"Place\",\"name\":\"Pampeago\",\"address\":{\"@type\": \"PostalAddress\",\"streetAddress\":\"Localit\u00e0 Pampeago, 8, 38038 Tesero TN\"}}]}<\/script><\/div>\r\n\t\t\t\t<p class=\"desc_trig_outter\" style=\"\"><a data-gmtrig=\"1\" data-exlk=\"0\" style=\"background-color: #b8d989;\" id=\"evc_17833440002149\" class=\"hasFtIMG event_repeat desc_trig sin_val evcal_list_a\" data-ux_val=\"3\" data-ux_val_mob=\"-\"  ><span class='evoet_c1 evoet_cx '><span class='ev_ftImg' data-img='https:\/\/latemarium.com\/wp-content\/uploads\/2023\/06\/suoni-vita-malga.jpg' data-thumb='https:\/\/latemarium.com\/wp-content\/uploads\/2023\/06\/suoni-vita-malga-300x225.jpg' style='background-image:url(\"https:\/\/latemarium.com\/wp-content\/uploads\/2023\/06\/suoni-vita-malga-300x225.jpg\")' ><\/span><\/span><span class='evoet_c2 evoet_cx '><span class='evoet_dayblock evcal_cblock ' data-bgcolor='#b8d989' data-smon='luglio' data-syr='2026' data-bub=''><span class='evo_start '><em class='date'>06<\/em><em class='month'>lug<\/em><em class='time'>15:20<\/em><\/span><\/span><\/span><span class='evoet_c3 evoet_cx evcal_desc hide_eventtopdata '><span class='evoet_title evcal_desc2 evcal_event_title ' itemprop='name'>I suoni e la vita della malga<\/span><span class='event_location_attrs'  data-location_address=\"Localit\u00e0 Pampeago, 8, 38038 Tesero TN\" data-location_type=\"lonlat\" data-location_name=\"Pampeago\" data-location_url=\"https:\/\/latemarium.com\/it\/event-location\/pampeago\/\" data-location_status=\"true\" data-latlng=\"46.34343697644898,11.540997527961546\"><\/span><span class='evoet_subtitle evo_below_title' ><span class='evcal_event_subtitle ' >Alla scoperta della vita dei malgari<\/span><\/span><span class='evoet_time_expand level_3'><em class='evcal_time evo_tz_time'><i class='fa fa-clock-o'><\/i>15:20<span class='evo_tz marl5'>(GMT+02:00)<\/span><\/em> <\/span><span class='evoet_location level_3'><em class=\"evcal_location\"  data-latlng=\"46.34343697644898,11.540997527961546\" data-add_str=\"Localit\u00e0 Pampeago, 8, 38038 Tesero TN\" data-n=\"Pampeago\"><i class=\"fa fa-location-pin\"><\/i><em class=\"event_location_name\">Pampeago<\/em>, Localit\u00e0 Pampeago, 8, 38038 Tesero TN<\/em><\/span><\/span><span class='evoet_data' data-d=\"{&quot;loc.n&quot;:&quot;Pampeago&quot;,&quot;orgs&quot;:[],&quot;tags&quot;:{&quot;repeating&quot;:&quot;Repeating Event&quot;}}\" data-bgc=\"#b8d989\" data-bggrad=\"\" ><\/span><\/a><\/p><div class='event_description evcal_eventcard ' style=\"display:none\"><div class='evocard_row'><div id='event_ftimage' class='evocard_box ftimage' data-c='' \n\t\t\t\t\tstyle=''><div class='evocard_main_image_hold' data-t='Loading Image..'><div class='evocard_main_image evo_img_triglb evobr15 evobgsc evobgpc evodfx evofx_jc_c evofx_ai_c evofz48 minmized' style='height:300px; background-image:url();' data-f=\"https:\/\/latemarium.com\/wp-content\/uploads\/2023\/06\/suoni-vita-malga.jpg\" data-h=\"796\" data-w=\"1062\" data-ratio=\"0.74952919020716\" data-event_id=\"2149\" data-ri=\"4\"  data-t='Loading Image..'><span style='height:300px; background-image:url(https:\/\/latemarium.com\/wp-content\/uploads\/2023\/06\/suoni-vita-malga.jpg)'><\/span><\/div><\/div><\/div><\/div><div class='evocard_row'><div id='event_eventdetails' class='evocard_box eventdetails' data-c='' \n\t\t\t\t\tstyle=''><div class='evo_metarow_details evorow evcal_evdata_row evcal_event_details'>\n\t\t<div class=\"event_excerpt\" style=\"display:none\"><h3 class=\"padb5 evo_h3\">Dettagli dell&#039;evento<\/h3><p>Ritrovo presso parcheggio seggiovia Tresca (raggiungibile in auto da Pampeago \u2013 SOLO per chi prenota l&#8217;attivit\u00e0).\nDopo una breve passeggiata fino a Malga Pampeago, bambini e genitori scoprono la vita e<\/p><\/div><span class='evcal_evdata_icons'><i class='fa fa-align-justify'><\/i><\/span>\n\t\t\n\t\t<div class='evcal_evdata_cell shorter_desc'>\n\t\t\t<div class='eventon_full_description'>\n\t\t\t\t<h3 class='padb5 evo_h3'><span class='evcal_evdata_icons'><i class='fa fa-align-justify'><\/i><\/span>Dettagli dell&#039;evento<\/h3>\n\t\t\t\t<div class='eventon_desc_in' itemprop='description'>\n\t\t\t\t<p>Ritrovo presso parcheggio seggiovia Tresca (raggiungibile in auto da Pampeago \u2013 SOLO per chi prenota l&#8217;attivit\u00e0).<\/p>\n<p>Dopo una breve passeggiata fino a Malga Pampeago, bambini e genitori scoprono la vita e i suoni quotidiani che scandiscono la vita dei malgari, fra mucche, vitellini, asinelli e maiali.<\/p>\n<p>A fine attivit\u00e0 ci sar\u00e0 una piccola merenda che i bambini potranno gustarsi o portarsi a casa.<\/p>\n<p>Attivit\u00e0 possibile anche con passeggino country.<\/p>\n<p>Prenotazione obbligatoria.<\/p>\n<p>Prenotazione obbligatoria. Clicca <a href=\"https:\/\/www.visitfiemme.it\/it\/eventi\/fiemme-cembra-guest-card\/esperienze\/esperienze-in-estate?re-product-id=211655\" target=\"_blank\" rel=\"noopener\">qui<\/a>\u00a0per prenotare.<\/p>\n<\/div><p class='eventon_shad_p' style='padding:5px 0 0; margin:0'>\n\t\t\t<span class='evcal_btn evo_btn_secondary evobtn_details_show_more' content='less'>\n\t\t\t\t<span class='ev_more_text' data-txt='Meno'>Pi\u00f9<\/span><span class='ev_more_arrow ard'><\/span>\n\t\t\t<\/span>\n\t\t<\/p><div class='clear'><\/div>\n\t\t\t<\/div>\n\t\t<\/div>\n\t<\/div><\/div><\/div><div class='evocard_row bx2 bx'><div id='event_time' class='evocard_box time' data-c='' \n\t\t\t\t\tstyle=''><div class='evo_metarow_time evorow evcal_evdata_row evcal_evrow_sm '>\n\t\t<span class='evcal_evdata_icons'><i class='fa fa-clock'><\/i><\/span>\n\t\t<div class='evcal_evdata_cell'>\t\t\t\t\t\t\t\n\t\t\t<h3 class='evo_h3'><span class='evcal_evdata_icons'><i class='fa fa-clock'><\/i><\/span>Orario<\/h3><p><span class='evo_eventcard_time_t'>6 luglio 2026 15:20<\/span><span class='evo_tz marr5'>(GMT+02:00)<\/span><\/p>\n\t\t<\/div>\n\t<\/div><\/div><div id='event_location' class='evocard_box location' data-c='' \n\t\t\t\t\tstyle=''><div class='evcal_evdata_row evo_metarow_time_location evorow '>\n\t\t\n\t\t\t<span class='evcal_evdata_icons'><i class='fa fa-map-marker'><\/i><\/span>\n\t\t\t<div class='evcal_evdata_cell' data-loc_tax_id='30'><h3 class='evo_h3 evodfx'><span class='evcal_evdata_icons'><i class='fa fa-map-marker'><\/i><\/span>Luogo<\/h3><p class='evo_location_name'>Pampeago<\/p><p class='evo_location_address evodfxi evogap10'>Localit\u00e0 Pampeago, 8, 38038 Tesero TN<\/p><div class='padt10'><span class='evo_btn_arr evolb_trigger' data-lbvals=\"{&quot;lbc&quot;:&quot;evo_location_lb_30&quot;,&quot;lbac&quot;:&quot;lb_max&quot;,&quot;t&quot;:&quot;Pampeago&quot;,&quot;ajax&quot;:&quot;yes&quot;,&quot;ajax_type&quot;:&quot;endpoint&quot;,&quot;ajax_action&quot;:&quot;eventon_get_tax_card_content&quot;,&quot;end&quot;:&quot;client&quot;,&quot;d&quot;:{&quot;lang&quot;:&quot;L1&quot;,&quot;term_id&quot;:30,&quot;tax&quot;:&quot;event_location&quot;,&quot;load_lbcontent&quot;:true},&quot;uid&quot;:&quot;eventon_get_tax_card_content&quot;}\" >Other Events<i class='fa fa-chevron-right'><\/i><\/span><\/div><\/div>\n\t\t\n\t<\/div><\/div><\/div><div class='evocard_row'><div id='event_addtocal' class='evocard_box addtocal' data-c='' \n\t\t\t\t\tstyle=''><div class='evo_metarow_ICS evorow evcal_evdata_row'>\n\t\t\t<span class='evcal_evdata_icons'><i class='fa fa-calendar-o'><\/i><\/span>\n\t\t\t<div class='evcal_evdata_cell'>\n\t\t\t\t<p><a href='https:\/\/latemarium.com\/it\/export-events\/2149_4\/?nonce=a3263097f9' class='evo_ics_nCal' title='Aggiungi al tuo calendario'>Calendario<\/a><a href='https:\/\/www.google.com\/calendar\/event?action=TEMPLATE&text=I+suoni+e+la+vita+della+malga&dates=20260706T132000Z%2F20260706T215900Z&ctz=Europe%2FRome&details=I suoni e la vita della malga&location=Pampeago+Localit%C3%A0+Pampeago%2C+8%2C+38038+Tesero+TN' target='_blank' class='evo_ics_gCal' title='Aggiungi al calendario di Google'>GoogleCal<\/a><\/p>\t\n\t\t\t<\/div>\n\t\t<\/div><\/div><\/div><div class='evocard_row'><div id='event_getdirection' class='evocard_box getdirection' data-c='' \n\t\t\t\t\tstyle=''><div class='evo_metarow_getDr evorow evcal_evdata_row evcal_evrow_sm getdirections'>\n\t\t<form action='https:\/\/maps.google.com\/maps' method='get' target='_blank'>\n\t\t\t<input type='hidden' name='daddr' value=\"46.34343697644898,11.540997527961546\"\/> \n\t\t\t<div class='evo_get_direction_content evo_fx_dr_r evogap10'>\n\t\t\t\t<span class='evogetdir_header evodfx evofx_dr_r evofx_ai_c marr10'>\n\t\t\t\t\t<i class='mainicon fa fa-road'><\/i> \n\t\t\t\t\t<h3 class='evo_h3' style='padding-bottom:5px;'>Ottieni indicazioni stradali<\/h3>\n\t\t\t\t<\/span>\n\t\t\t\t<span class='evogetdir_field evodfx evofx_1_1 evo_fx_dr_c evow100p'>\t\t\t\t\t\n\t\t\t\t\t<input class='evoInput evotac' type='text' name='saddr' placeholder='Digitare l&#039;indirizzo per ottenere le indicazioni stradali' value='' style='margin:10px 0;'\/>\n\t\t\t\t<\/span>\n\t\t\t\t<button type='submit' class='evo_get_direction_button evo_btn_arr_circ dfx fx_ai_c' title='Fare clic qui per ottenere indicazioni'><i class='fa fa-chevron-right'><\/i> <\/button>\n\t\t\t<\/div>\n\t\t<\/form>\n\t<\/div><\/div><\/div><div class='evo_card_row_end evcal_close' title='Testo del pulsante Chiudi evento'><\/div><\/div><div class='clear end'><\/div><\/div><div id=\"event_2484_2\" class=\"eventon_list_event evo_eventtop scheduled  event clrD no_et event_2484_2\" data-event_id=\"2484\" data-ri=\"2r\" data-time=\"1783409400-1783461540\" data-colr=\"#38823b\" itemscope itemtype='http:\/\/schema.org\/Event'><div class=\"evo_event_schema\" style=\"display:none\" ><a itemprop='url'  href='https:\/\/latemarium.com\/it\/events\/respirart-arte-in-quota\/var\/ri-2.l-L1'><\/a><meta itemprop='image' content=\"https:\/\/latemarium.com\/wp-content\/uploads\/2023\/06\/respirart-respiro-arte-natura.jpg\" \/><meta itemprop='startDate' content=\"2026-7-7T09:30+0:00\" \/><meta itemprop='endDate' content=\"2026-7-7T23:59+0:00\" \/><meta itemprop='eventStatus' content=\"https:\/\/schema.org\/EventScheduled\" \/><meta itemprop='eventAttendanceMode'   itemscope itemtype=\"https:\/\/schema.org\/OfflineEventAttendanceMode\"\/><div style=\"display:none\" itemprop=\"location\" itemscope itemtype=\"http:\/\/schema.org\/Place\"><span itemprop=\"name\">Pampeago<\/span><span itemprop=\"address\" itemscope itemtype=\"http:\/\/schema.org\/PostalAddress\"><item itemprop=\"streetAddress\">Localit\u00e0 Pampeago, 8, 38038 Tesero TN<\/item><\/span><\/div><script type=\"application\/ld+json\">{\"@context\": \"http:\/\/schema.org\",\"@type\": \"Event\",\n\t\t\t\t\"@id\": \"event_2484_2\",\n\t\t\t\t\"eventAttendanceMode\":\"https:\/\/schema.org\/OfflineEventAttendanceMode\",\n\t\t\t\t\"eventStatus\":\"https:\/\/schema.org\/EventScheduled\",\n\t\t\t\t\"name\": \"Respirart: arte in quota\",\n\t\t\t\t\"url\": \"https:\/\/latemarium.com\/it\/events\/respirart-arte-in-quota\/var\/ri-2.l-L1\",\n\t\t\t\t\"startDate\": \"2026-7-7T09:30+0:00\",\n\t\t\t\t\"endDate\": \"2026-7-7T23:59+0:00\",\n\t\t\t\t\"image\":\"https:\/\/latemarium.com\/wp-content\/uploads\/2023\/06\/respirart-respiro-arte-natura.jpg\", \n\t\t\t\t\"description\":\"<h2>Arte in quota: alla scoperta di Respirart tra natura e installazioni<\/h2> <p>Si parte alle 9.30, davanti alla Seggiovia-Seminovia Agnello, dove incontrerai la guida artistica che ti consegner\u00e0 i semi e ti accompagner\u00e0 a seminare fiorume dall\u2019alto, per generare fiori e quindi nutrire la terra, le api, le capre e le mucche.<\/p> <p>Poi, la guida ti porter\u00e0 a scoprire le opere d\u2019arte del parco. Lungo il giro ad anello di 3 km scoprirai le ispirazioni degli artisti che hanno creato gesti d\u2019arte al cospetto del Latemar.<\/p> <p>Attivit\u00e0 adatta agli adulti.<\/p> <p>Prenotazione obbligatoria, clicca <a href='https:\/\/www.visitfiemme.it\/it\/eventi\/fiemme-cembra-guest-card\/esperienze\/esperienze-in-estate' target='_blank' rel='noopener'>qui<\/a>.<\/p> \",\"location\":[{\"@type\":\"Place\",\"name\":\"Pampeago\",\"address\":{\"@type\": \"PostalAddress\",\"streetAddress\":\"Localit\u00e0 Pampeago, 8, 38038 Tesero TN\"}}]}<\/script><\/div>\r\n\t\t\t\t<p class=\"desc_trig_outter\" style=\"\"><a data-gmtrig=\"1\" data-exlk=\"0\" style=\"background-color: #38823b;\" id=\"evc_17834094002484\" class=\"hasFtIMG event_repeat desc_trig sin_val evcal_list_a\" data-ux_val=\"3\" data-ux_val_mob=\"-\"  ><span class='evoet_c1 evoet_cx '><span class='ev_ftImg' data-img='https:\/\/latemarium.com\/wp-content\/uploads\/2023\/06\/respirart-respiro-arte-natura.jpg' data-thumb='https:\/\/latemarium.com\/wp-content\/uploads\/2023\/06\/respirart-respiro-arte-natura-300x201.jpg' style='background-image:url(\"https:\/\/latemarium.com\/wp-content\/uploads\/2023\/06\/respirart-respiro-arte-natura-300x201.jpg\")' ><\/span><\/span><span class='evoet_c2 evoet_cx '><span class='evoet_dayblock evcal_cblock ' data-bgcolor='#38823b' data-smon='luglio' data-syr='2026' data-bub=''><span class='evo_start '><em class='date'>07<\/em><em class='month'>lug<\/em><em class='time'>09:30<\/em><\/span><\/span><\/span><span class='evoet_c3 evoet_cx evcal_desc hide_eventtopdata '><span class='evoet_title evcal_desc2 evcal_event_title ' itemprop='name'>Respirart: arte in quota<\/span><span class='event_location_attrs'  data-location_address=\"Localit\u00e0 Pampeago, 8, 38038 Tesero TN\" data-location_type=\"lonlat\" data-location_name=\"Pampeago\" data-location_url=\"https:\/\/latemarium.com\/it\/event-location\/pampeago\/\" data-location_status=\"true\" data-latlng=\"46.34343697644898,11.540997527961546\"><\/span><span class='evoet_subtitle evo_below_title' ><span class='evcal_event_subtitle ' >Alla scoperta del parco d'arte Respirart<\/span><\/span><span class='evoet_time_expand level_3'><em class='evcal_time evo_tz_time'><i class='fa fa-clock-o'><\/i>09:30<span class='evo_tz marl5'>(GMT+02:00)<\/span><\/em> <\/span><span class='evoet_location level_3'><em class=\"evcal_location\"  data-latlng=\"46.34343697644898,11.540997527961546\" data-add_str=\"Localit\u00e0 Pampeago, 8, 38038 Tesero TN\" data-n=\"Pampeago\"><i class=\"fa fa-location-pin\"><\/i><em class=\"event_location_name\">Pampeago<\/em>, Localit\u00e0 Pampeago, 8, 38038 Tesero TN<\/em><\/span><\/span><span class='evoet_data' data-d=\"{&quot;loc.n&quot;:&quot;Pampeago&quot;,&quot;orgs&quot;:[],&quot;tags&quot;:{&quot;repeating&quot;:&quot;Repeating Event&quot;}}\" data-bgc=\"#38823b\" data-bggrad=\"\" ><\/span><\/a><\/p><div class='event_description evcal_eventcard ' style=\"display:none\"><div class='evocard_row'><div id='event_ftimage' class='evocard_box ftimage' data-c='' \n\t\t\t\t\tstyle=''><div class='evocard_main_image_hold' data-t='Loading Image..'><div class='evocard_main_image evo_img_triglb evobr15 evobgsc evobgpc evodfx evofx_jc_c evofx_ai_c evofz48 minmized' style='height:300px; background-image:url();' data-f=\"https:\/\/latemarium.com\/wp-content\/uploads\/2023\/06\/respirart-respiro-arte-natura.jpg\" data-h=\"602\" data-w=\"899\" data-ratio=\"0.66963292547275\" data-event_id=\"2484\" data-ri=\"2\"  data-t='Loading Image..'><span style='height:300px; background-image:url(https:\/\/latemarium.com\/wp-content\/uploads\/2023\/06\/respirart-respiro-arte-natura.jpg)'><\/span><\/div><\/div><\/div><\/div><div class='evocard_row'><div id='event_eventdetails' class='evocard_box eventdetails' data-c='' \n\t\t\t\t\tstyle=''><div class='evo_metarow_details evorow evcal_evdata_row evcal_event_details'>\n\t\t<div class=\"event_excerpt\" style=\"display:none\"><h3 class=\"padb5 evo_h3\">Dettagli dell&#039;evento<\/h3><p>Arte in quota: alla scoperta di Respirart tra natura e installazioni\nSi parte alle 9.30, davanti alla Seggiovia-Seminovia Agnello, dove incontrerai la guida artistica che ti consegner\u00e0 i semi e ti<\/p><\/div><span class='evcal_evdata_icons'><i class='fa fa-align-justify'><\/i><\/span>\n\t\t\n\t\t<div class='evcal_evdata_cell shorter_desc'>\n\t\t\t<div class='eventon_full_description'>\n\t\t\t\t<h3 class='padb5 evo_h3'><span class='evcal_evdata_icons'><i class='fa fa-align-justify'><\/i><\/span>Dettagli dell&#039;evento<\/h3>\n\t\t\t\t<div class='eventon_desc_in' itemprop='description'>\n\t\t\t\t<h2>Arte in quota: alla scoperta di Respirart tra natura e installazioni<\/h2>\n<p>Si parte alle 9.30, davanti alla Seggiovia-Seminovia Agnello, dove incontrerai la guida artistica che ti consegner\u00e0 i semi e ti accompagner\u00e0 a seminare fiorume dall\u2019alto, per generare fiori e quindi nutrire la terra, le api, le capre e le mucche.<\/p>\n<p>Poi, la guida ti porter\u00e0 a scoprire le opere d\u2019arte del parco. Lungo il giro ad anello di 3 km scoprirai le ispirazioni degli artisti che hanno creato gesti d\u2019arte al cospetto del Latemar.<\/p>\n<p>Attivit\u00e0 adatta agli adulti.<\/p>\n<p>Prenotazione obbligatoria, clicca <a href=\"https:\/\/www.visitfiemme.it\/it\/eventi\/fiemme-cembra-guest-card\/esperienze\/esperienze-in-estate\" target=\"_blank\" rel=\"noopener\">qui<\/a>.<\/p>\n<\/div><p class='eventon_shad_p' style='padding:5px 0 0; margin:0'>\n\t\t\t<span class='evcal_btn evo_btn_secondary evobtn_details_show_more' content='less'>\n\t\t\t\t<span class='ev_more_text' data-txt='Meno'>Pi\u00f9<\/span><span class='ev_more_arrow ard'><\/span>\n\t\t\t<\/span>\n\t\t<\/p><div class='clear'><\/div>\n\t\t\t<\/div>\n\t\t<\/div>\n\t<\/div><\/div><\/div><div class='evocard_row bx2 bx'><div id='event_time' class='evocard_box time' data-c='' \n\t\t\t\t\tstyle=''><div class='evo_metarow_time evorow evcal_evdata_row evcal_evrow_sm '>\n\t\t<span class='evcal_evdata_icons'><i class='fa fa-clock'><\/i><\/span>\n\t\t<div class='evcal_evdata_cell'>\t\t\t\t\t\t\t\n\t\t\t<h3 class='evo_h3'><span class='evcal_evdata_icons'><i class='fa fa-clock'><\/i><\/span>Orario<\/h3><p><span class='evo_eventcard_time_t'>7 luglio 2026 09:30<\/span><span class='evo_tz marr5'>(GMT+02:00)<\/span><\/p>\n\t\t<\/div>\n\t<\/div><\/div><div id='event_location' class='evocard_box location' data-c='' \n\t\t\t\t\tstyle=''><div class='evcal_evdata_row evo_metarow_time_location evorow '>\n\t\t\n\t\t\t<span class='evcal_evdata_icons'><i class='fa fa-map-marker'><\/i><\/span>\n\t\t\t<div class='evcal_evdata_cell' data-loc_tax_id='30'><h3 class='evo_h3 evodfx'><span class='evcal_evdata_icons'><i class='fa fa-map-marker'><\/i><\/span>Luogo<\/h3><p class='evo_location_name'>Pampeago<\/p><p class='evo_location_address evodfxi evogap10'>Localit\u00e0 Pampeago, 8, 38038 Tesero TN<\/p><div class='padt10'><span class='evo_btn_arr evolb_trigger' data-lbvals=\"{&quot;lbc&quot;:&quot;evo_location_lb_30&quot;,&quot;lbac&quot;:&quot;lb_max&quot;,&quot;t&quot;:&quot;Pampeago&quot;,&quot;ajax&quot;:&quot;yes&quot;,&quot;ajax_type&quot;:&quot;endpoint&quot;,&quot;ajax_action&quot;:&quot;eventon_get_tax_card_content&quot;,&quot;end&quot;:&quot;client&quot;,&quot;d&quot;:{&quot;lang&quot;:&quot;L1&quot;,&quot;term_id&quot;:30,&quot;tax&quot;:&quot;event_location&quot;,&quot;load_lbcontent&quot;:true},&quot;uid&quot;:&quot;eventon_get_tax_card_content&quot;}\" >Other Events<i class='fa fa-chevron-right'><\/i><\/span><\/div><\/div>\n\t\t\n\t<\/div><\/div><\/div><div class='evocard_row bx2 bx'><div id='event_learnmore' class='evocard_box learnmore' data-c='' \n\t\t\t\t\tstyle=''><div class='evo_metarow_learnM evo_metarow_learnmore evorow'>\n\t\t\t\t\t\t\t<a class='evcal_evdata_row evo_clik_row ' href='http:\/\/www.respirart.com\/' target=\"_blank\">\n\t\t\t\t\t\t\t\t<span class='evcal_evdata_icons'><i class='fa fa-link'><\/i><\/span>\n\t\t\t\t\t\t\t\t<h3 class='evo_h3'>Scopri di pi\u00f9<\/h3>\n\t\t\t\t\t\t\t<\/a>\n\t\t\t\t\t\t\t<\/div><\/div><div id='event_addtocal' class='evocard_box addtocal' data-c='' \n\t\t\t\t\tstyle=''><div class='evo_metarow_ICS evorow evcal_evdata_row'>\n\t\t\t<span class='evcal_evdata_icons'><i class='fa fa-calendar-o'><\/i><\/span>\n\t\t\t<div class='evcal_evdata_cell'>\n\t\t\t\t<p><a href='https:\/\/latemarium.com\/it\/export-events\/2484_2\/?nonce=a3263097f9' class='evo_ics_nCal' title='Aggiungi al tuo calendario'>Calendario<\/a><a href='https:\/\/www.google.com\/calendar\/event?action=TEMPLATE&text=Respirart%3A+arte+in+quota&dates=20260707T073000Z%2F20260707T215900Z&ctz=Europe%2FRome&details=Respirart: arte in quota&location=Pampeago+Localit%C3%A0+Pampeago%2C+8%2C+38038+Tesero+TN' target='_blank' class='evo_ics_gCal' title='Aggiungi al calendario di Google'>GoogleCal<\/a><\/p>\t\n\t\t\t<\/div>\n\t\t<\/div><\/div><\/div><div class='evocard_row'><div id='event_repeats' class='evocard_box repeats' data-c='' \n\t\t\t\t\tstyle=''><div class='evo_metarow_repeats evorow evcal_evdata_row evcal_evrow_sm '>\n\t\t<span class='evcal_evdata_icons'><i class='fa fa-repeat'><\/i><\/span>\n\t\t<div class='evcal_evdata_cell'>\t\t\t\t\t\t\t\n\t\t\t<h3 class='evo_h3'>Orari degli eventi futuri in questa serie di eventi ripetuti<\/h3><div class='evo_elm_HCS evo_repeat_series' style=''><span class='evo_elmHCS_nav HCSnavL evo_repeat_series content_slide_trig'><i class='fa fa-chevron-left'><\/i><\/span><span class='evo_elmHCS_nav HCSnavR evo_repeat_series content_slide_trig'><i class='fa fa-chevron-right'><\/i><\/span><div class='evo_elm_HCS_in'><div class='evo_repeat_series_dates clickable evodfx evofx_dr_r evogap10' data-click='1' data-event_url='https:\/\/latemarium.com\/it\/events\/respirart-arte-in-quota\/var\/ri-2.l-L1'><span class='evo_repeat_series_date evodfx evofx_dr_r evofx_ai_c evogap5 evobr15 evobrdB1 evocl1 evopad15 evottu evofz14 evocurp evo_trans_sc1_03 evoHbgcw' data-ux=\"def\" data-l=\"https:\/\/latemarium.com\/it\/events\/respirart-arte-in-quota\/var\/ri-3.l-L1\" ><span class='evodfx evofx_dr_c evotac evofx_jc_c'><b class='j evofz16'>14<\/b><b class='fy'>luglio <\/b><em class='t evofsn'>09:30 - 23:59<\/em><\/span><\/span><span class='evo_repeat_series_date evodfx evofx_dr_r evofx_ai_c evogap5 evobr15 evobrdB1 evocl1 evopad15 evottu evofz14 evocurp evo_trans_sc1_03 evoHbgcw' data-ux=\"def\" data-l=\"https:\/\/latemarium.com\/it\/events\/respirart-arte-in-quota\/var\/ri-4.l-L1\" ><span class='evodfx evofx_dr_c evotac evofx_jc_c'><b class='j evofz16'>21<\/b><b class='fy'>luglio <\/b><em class='t evofsn'>09:30 - 23:59<\/em><\/span><\/span><span class='evo_repeat_series_date evodfx evofx_dr_r evofx_ai_c evogap5 evobr15 evobrdB1 evocl1 evopad15 evottu evofz14 evocurp evo_trans_sc1_03 evoHbgcw' data-ux=\"def\" data-l=\"https:\/\/latemarium.com\/it\/events\/respirart-arte-in-quota\/var\/ri-5.l-L1\" ><span class='evodfx evofx_dr_c evotac evofx_jc_c'><b class='j evofz16'>28<\/b><b class='fy'>luglio <\/b><em class='t evofsn'>09:30 - 23:59<\/em><\/span><\/span><span class='evo_repeat_series_date evodfx evofx_dr_r evofx_ai_c evogap5 evobr15 evobrdB1 evocl1 evopad15 evottu evofz14 evocurp evo_trans_sc1_03 evoHbgcw' data-ux=\"def\" data-l=\"https:\/\/latemarium.com\/it\/events\/respirart-arte-in-quota\/var\/ri-6.l-L1\" ><span class='evodfx evofx_dr_c evotac evofx_jc_c'><b class='j evofz16'>4<\/b><b class='fy'>agosto <\/b><em class='t evofsn'>09:30 - 23:59<\/em><\/span><\/span><span class='evo_repeat_series_date evodfx evofx_dr_r evofx_ai_c evogap5 evobr15 evobrdB1 evocl1 evopad15 evottu evofz14 evocurp evo_trans_sc1_03 evoHbgcw' data-ux=\"def\" data-l=\"https:\/\/latemarium.com\/it\/events\/respirart-arte-in-quota\/var\/ri-7.l-L1\" ><span class='evodfx evofx_dr_c evotac evofx_jc_c'><b class='j evofz16'>11<\/b><b class='fy'>agosto <\/b><em class='t evofsn'>09:30 - 23:59<\/em><\/span><\/span><span class='evo_repeat_series_date evodfx evofx_dr_r evofx_ai_c evogap5 evobr15 evobrdB1 evocl1 evopad15 evottu evofz14 evocurp evo_trans_sc1_03 evoHbgcw' data-ux=\"def\" data-l=\"https:\/\/latemarium.com\/it\/events\/respirart-arte-in-quota\/var\/ri-8.l-L1\" ><span class='evodfx evofx_dr_c evotac evofx_jc_c'><b class='j evofz16'>18<\/b><b class='fy'>agosto <\/b><em class='t evofsn'>09:30 - 23:59<\/em><\/span><\/span><span class='evo_repeat_series_date evodfx evofx_dr_r evofx_ai_c evogap5 evobr15 evobrdB1 evocl1 evopad15 evottu evofz14 evocurp evo_trans_sc1_03 evoHbgcw' data-ux=\"def\" data-l=\"https:\/\/latemarium.com\/it\/events\/respirart-arte-in-quota\/var\/ri-9.l-L1\" ><span class='evodfx evofx_dr_c evotac evofx_jc_c'><b class='j evofz16'>25<\/b><b class='fy'>agosto <\/b><em class='t evofsn'>09:30 - 23:59<\/em><\/span><\/span><span class='evo_repeat_series_date evodfx evofx_dr_r evofx_ai_c evogap5 evobr15 evobrdB1 evocl1 evopad15 evottu evofz14 evocurp evo_trans_sc1_03 evoHbgcw' data-ux=\"def\" data-l=\"https:\/\/latemarium.com\/it\/events\/respirart-arte-in-quota\/var\/ri-10.l-L1\" ><span class='evodfx evofx_dr_c evotac evofx_jc_c'><b class='j evofz16'>1<\/b><b class='fy'>settembre <\/b><em class='t evofsn'>09:30 - 23:59<\/em><\/span><\/span><span class='evo_repeat_series_date evodfx evofx_dr_r evofx_ai_c evogap5 evobr15 evobrdB1 evocl1 evopad15 evottu evofz14 evocurp evo_trans_sc1_03 evoHbgcw' data-ux=\"def\" data-l=\"https:\/\/latemarium.com\/it\/events\/respirart-arte-in-quota\/var\/ri-11.l-L1\" ><span class='evodfx evofx_dr_c evotac evofx_jc_c'><b class='j evofz16'>8<\/b><b class='fy'>settembre <\/b><em class='t evofsn'>09:30 - 23:59<\/em><\/span><\/span><\/div><\/div><\/div><\/div><\/div><\/div><\/div><div class='evocard_row'><div id='event_getdirection' class='evocard_box getdirection' data-c='' \n\t\t\t\t\tstyle=''><div class='evo_metarow_getDr evorow evcal_evdata_row evcal_evrow_sm getdirections'>\n\t\t<form action='https:\/\/maps.google.com\/maps' method='get' target='_blank'>\n\t\t\t<input type='hidden' name='daddr' value=\"46.34343697644898,11.540997527961546\"\/> \n\t\t\t<div class='evo_get_direction_content evo_fx_dr_r evogap10'>\n\t\t\t\t<span class='evogetdir_header evodfx evofx_dr_r evofx_ai_c marr10'>\n\t\t\t\t\t<i class='mainicon fa fa-road'><\/i> \n\t\t\t\t\t<h3 class='evo_h3' style='padding-bottom:5px;'>Ottieni indicazioni stradali<\/h3>\n\t\t\t\t<\/span>\n\t\t\t\t<span class='evogetdir_field evodfx evofx_1_1 evo_fx_dr_c evow100p'>\t\t\t\t\t\n\t\t\t\t\t<input class='evoInput evotac' type='text' name='saddr' placeholder='Digitare l&#039;indirizzo per ottenere le indicazioni stradali' value='' style='margin:10px 0;'\/>\n\t\t\t\t<\/span>\n\t\t\t\t<button type='submit' class='evo_get_direction_button evo_btn_arr_circ dfx fx_ai_c' title='Fare clic qui per ottenere indicazioni'><i class='fa fa-chevron-right'><\/i> <\/button>\n\t\t\t<\/div>\n\t\t<\/form>\n\t<\/div><\/div><\/div><div class='evo_card_row_end evcal_close' title='Testo del pulsante Chiudi evento'><\/div><\/div><div class='clear end'><\/div><\/div><div id=\"event_2159_0\" class=\"eventon_list_event evo_eventtop scheduled  event clrW no_et event_2159_0\" data-event_id=\"2159\" data-ri=\"0r\" data-time=\"1783414800-1783461540\" data-colr=\"#a69dcd\" itemscope itemtype='http:\/\/schema.org\/Event'><div class=\"evo_event_schema\" style=\"display:none\" ><a itemprop='url'  href='https:\/\/latemarium.com\/it\/events\/il-dritto-dahu-ci-aspetta-lassu\/'><\/a><meta itemprop='image' content=\"https:\/\/latemarium.com\/wp-content\/uploads\/2023\/06\/forse-dahu-sa.jpg\" \/><meta itemprop='startDate' content=\"2026-7-7T11:00+0:00\" \/><meta itemprop='endDate' content=\"2026-7-7T23:59+0:00\" \/><meta itemprop='eventStatus' content=\"https:\/\/schema.org\/EventScheduled\" \/><meta itemprop='eventAttendanceMode'   itemscope itemtype=\"https:\/\/schema.org\/OfflineEventAttendanceMode\"\/><script type=\"application\/ld+json\">{\"@context\": \"http:\/\/schema.org\",\"@type\": \"Event\",\n\t\t\t\t\"@id\": \"event_2159_0\",\n\t\t\t\t\"eventAttendanceMode\":\"https:\/\/schema.org\/OfflineEventAttendanceMode\",\n\t\t\t\t\"eventStatus\":\"https:\/\/schema.org\/EventScheduled\",\n\t\t\t\t\"name\": \"IL DRITTO DAH\u00d9 CI ASPETTA LASS\u00d9\",\n\t\t\t\t\"url\": \"https:\/\/latemarium.com\/it\/events\/il-dritto-dahu-ci-aspetta-lassu\/\",\n\t\t\t\t\"startDate\": \"2026-7-7T11:00+0:00\",\n\t\t\t\t\"endDate\": \"2026-7-7T23:59+0:00\",\n\t\t\t\t\"image\":\"https:\/\/latemarium.com\/wp-content\/uploads\/2023\/06\/forse-dahu-sa.jpg\", \n\t\t\t\t\"description\":\"<p>L&#8217;inspiegabile equilibrio del Dah\u00f9 porta ricercatrici e ricercatori ad una grande evoluzione, con continui cambi di prospettiva.<\/p> <p>Andiamo di su, di gi\u00f9, di qua, di l\u00e0. Esperti si diventa ri-cercando insieme. Alla partenza verranno distribuiti gli incarichi: la ricerca procede se c\u2019\u00e8 lavoro di squadra. Siete pronti?<\/p> <p>marted\u00ec: dal 7 luglio al 25 agosto 2026<br \/> a monte della telecabina Predazzo-Gardon\u00e8<br \/> ore 11.00<br \/> adatto a famiglie\u00a0(durata 1h30\u2019)<\/p> \"}<\/script><\/div>\r\n\t\t\t\t<p class=\"desc_trig_outter\" style=\"\"><a data-gmap_status=\"null\" data-exlk=\"0\" style=\"background-color: #a69dcd;\" id=\"evc_17834148002159\" class=\"hasFtIMG event_repeat desc_trig sin_val evcal_list_a\" data-ux_val=\"3\" data-ux_val_mob=\"-\"  ><span class='evoet_c1 evoet_cx '><span class='ev_ftImg' data-img='https:\/\/latemarium.com\/wp-content\/uploads\/2023\/06\/forse-dahu-sa.jpg' data-thumb='https:\/\/latemarium.com\/wp-content\/uploads\/2023\/06\/forse-dahu-sa-300x204.jpg' style='background-image:url(\"https:\/\/latemarium.com\/wp-content\/uploads\/2023\/06\/forse-dahu-sa-300x204.jpg\")' ><\/span><\/span><span class='evoet_c2 evoet_cx '><span class='evoet_dayblock evcal_cblock ' data-bgcolor='#a69dcd' data-smon='luglio' data-syr='2026' data-bub=''><span class='evo_start '><em class='date'>07<\/em><em class='month'>lug<\/em><em class='time'>11:00<\/em><\/span><\/span><\/span><span class='evoet_c3 evoet_cx evcal_desc hide_eventtopdata '><span class='evoet_title evcal_desc2 evcal_event_title ' itemprop='name'>IL DRITTO DAH\u00d9 CI ASPETTA LASS\u00d9<\/span><span class='event_location_attrs' data-location_type=\"lonlat\" data-location_name=\"A monte della telecabina Predazzo-Gardon\u00e8\" data-location_url=\"https:\/\/latemarium.com\/it\/event-location\/a-monte-della-telecabina-predazzo-gardone\/\" data-location_status=\"true\" data-latlng=\"46.32878794406342,11.600176728690842\"><\/span><span class='evoet_subtitle evo_below_title' ><span class='evcal_event_subtitle ' >Sentiero Pastore Distratto<\/span><\/span><span class='evoet_time_expand level_3'><em class='evcal_time evo_tz_time'><i class='fa fa-clock-o'><\/i>11:00<span class='evo_tz marl5'>(GMT+02:00)<\/span><\/em> <\/span><span class='evoet_location level_3'><em class=\"evcal_location\"  data-latlng=\"46.32878794406342,11.600176728690842\" data-add_str=\"\" data-n=\"A monte della telecabina Predazzo-Gardon\u00e8\"><i class=\"fa fa-location-pin\"><\/i><em class=\"event_location_name\">A monte della telecabina Predazzo-Gardon\u00e8<\/em><\/em><\/span><\/span><span class='evoet_data' data-d=\"{&quot;loc.n&quot;:&quot;A monte della telecabina Predazzo-Gardon\\u00e8&quot;,&quot;orgs&quot;:[],&quot;tags&quot;:{&quot;repeating&quot;:&quot;Repeating Event&quot;}}\" data-bgc=\"#a69dcd\" data-bggrad=\"\" ><\/span><\/a><\/p><div class='event_description evcal_eventcard ' style=\"display:none\"><div class='evocard_row'><div id='event_ftimage' class='evocard_box ftimage' data-c='' \n\t\t\t\t\tstyle=''><div class='evocard_main_image_hold' data-t='Loading Image..'><div class='evocard_main_image evo_img_triglb evobr15 evobgsc evobgpc evodfx evofx_jc_c evofx_ai_c evofz48 minmized' style='height:300px; background-image:url();' data-f=\"https:\/\/latemarium.com\/wp-content\/uploads\/2023\/06\/forse-dahu-sa.jpg\" data-h=\"587\" data-w=\"862\" data-ratio=\"0.68097447795824\" data-event_id=\"2159\" data-ri=\"0\"  data-t='Loading Image..'><span style='height:300px; background-image:url(https:\/\/latemarium.com\/wp-content\/uploads\/2023\/06\/forse-dahu-sa.jpg)'><\/span><\/div><\/div><\/div><\/div><div class='evocard_row'><div id='event_eventdetails' class='evocard_box eventdetails' data-c='' \n\t\t\t\t\tstyle=''><div class='evo_metarow_details evorow evcal_evdata_row evcal_event_details'>\n\t\t<div class=\"event_excerpt\" style=\"display:none\"><h3 class=\"padb5 evo_h3\">Dettagli dell&#039;evento<\/h3><p>L&#8217;inspiegabile equilibrio del Dah\u00f9 porta ricercatrici e ricercatori ad una grande evoluzione, con continui cambi di prospettiva.\nAndiamo di su, di gi\u00f9, di qua, di l\u00e0. Esperti si diventa ri-cercando insieme.<\/p><\/div><span class='evcal_evdata_icons'><i class='fa fa-align-justify'><\/i><\/span>\n\t\t\n\t\t<div class='evcal_evdata_cell '>\n\t\t\t<div class='eventon_full_description'>\n\t\t\t\t<h3 class='padb5 evo_h3'><span class='evcal_evdata_icons'><i class='fa fa-align-justify'><\/i><\/span>Dettagli dell&#039;evento<\/h3>\n\t\t\t\t<div class='eventon_desc_in' itemprop='description'>\n\t\t\t\t<p>L&#8217;inspiegabile equilibrio del Dah\u00f9 porta ricercatrici e ricercatori ad una grande evoluzione, con continui cambi di prospettiva.<\/p>\n<p>Andiamo di su, di gi\u00f9, di qua, di l\u00e0. Esperti si diventa ri-cercando insieme. Alla partenza verranno distribuiti gli incarichi: la ricerca procede se c\u2019\u00e8 lavoro di squadra. Siete pronti?<\/p>\n<p>marted\u00ec: dal 7 luglio al 25 agosto 2026<br \/>\na monte della telecabina Predazzo-Gardon\u00e8<br \/>\nore 11.00<br \/>\nadatto a famiglie\u00a0(durata 1h30\u2019)<\/p>\n<\/div><div class='clear'><\/div>\n\t\t\t<\/div>\n\t\t<\/div>\n\t<\/div><\/div><\/div><div class='evocard_row bx2 bx'><div id='event_time' class='evocard_box time' data-c='' \n\t\t\t\t\tstyle=''><div class='evo_metarow_time evorow evcal_evdata_row evcal_evrow_sm '>\n\t\t<span class='evcal_evdata_icons'><i class='fa fa-clock'><\/i><\/span>\n\t\t<div class='evcal_evdata_cell'>\t\t\t\t\t\t\t\n\t\t\t<h3 class='evo_h3'><span class='evcal_evdata_icons'><i class='fa fa-clock'><\/i><\/span>Orario<\/h3><p><span class='evo_eventcard_time_t'>7 luglio 2026 11:00<\/span><span class='evo_tz marr5'>(GMT+02:00)<\/span><\/p>\n\t\t<\/div>\n\t<\/div><\/div><div id='event_location' class='evocard_box location' data-c='' \n\t\t\t\t\tstyle=''><div class='evcal_evdata_row evo_metarow_time_location evorow '>\n\t\t\n\t\t\t<span class='evcal_evdata_icons'><i class='fa fa-map-marker'><\/i><\/span>\n\t\t\t<div class='evcal_evdata_cell' data-loc_tax_id='34'><h3 class='evo_h3 evodfx'><span class='evcal_evdata_icons'><i class='fa fa-map-marker'><\/i><\/span>Luogo<\/h3><p class='evo_location_name'>A monte della telecabina Predazzo-Gardon\u00e8<\/p><div class='padt10'><span class='evo_btn_arr evolb_trigger' data-lbvals=\"{&quot;lbc&quot;:&quot;evo_location_lb_34&quot;,&quot;lbac&quot;:&quot;lb_max&quot;,&quot;t&quot;:&quot;A monte della telecabina Predazzo-Gardon\\u00e8&quot;,&quot;ajax&quot;:&quot;yes&quot;,&quot;ajax_type&quot;:&quot;endpoint&quot;,&quot;ajax_action&quot;:&quot;eventon_get_tax_card_content&quot;,&quot;end&quot;:&quot;client&quot;,&quot;d&quot;:{&quot;lang&quot;:&quot;L1&quot;,&quot;term_id&quot;:34,&quot;tax&quot;:&quot;event_location&quot;,&quot;load_lbcontent&quot;:true},&quot;uid&quot;:&quot;eventon_get_tax_card_content&quot;}\" >Other Events<i class='fa fa-chevron-right'><\/i><\/span><\/div><\/div>\n\t\t\n\t<\/div><\/div><\/div><div class='evocard_row bx2 bx'><div id='event_learnmore' class='evocard_box learnmore' data-c='' \n\t\t\t\t\tstyle=''><div class='evo_metarow_learnM evo_metarow_learnmore evorow'>\n\t\t\t\t\t\t\t<a class='evcal_evdata_row evo_clik_row ' href='https:\/\/www.montagnanimata.it\/spettacoli\/' target=\"_blank\">\n\t\t\t\t\t\t\t\t<span class='evcal_evdata_icons'><i class='fa fa-link'><\/i><\/span>\n\t\t\t\t\t\t\t\t<h3 class='evo_h3'>Scopri di pi\u00f9<\/h3>\n\t\t\t\t\t\t\t<\/a>\n\t\t\t\t\t\t\t<\/div><\/div><div id='event_addtocal' class='evocard_box addtocal' data-c='' \n\t\t\t\t\tstyle=''><div class='evo_metarow_ICS evorow evcal_evdata_row'>\n\t\t\t<span class='evcal_evdata_icons'><i class='fa fa-calendar-o'><\/i><\/span>\n\t\t\t<div class='evcal_evdata_cell'>\n\t\t\t\t<p><a href='https:\/\/latemarium.com\/it\/export-events\/2159_0\/?nonce=a3263097f9' class='evo_ics_nCal' title='Aggiungi al tuo calendario'>Calendario<\/a><a href='https:\/\/www.google.com\/calendar\/event?action=TEMPLATE&text=IL+DRITTO+DAH%C3%99+CI+ASPETTA+LASS%C3%99&dates=20260707T090000Z%2F20260707T215900Z&ctz=Europe%2FRome&details=IL DRITTO DAH\u00d9 CI ASPETTA LASS\u00d9&location=A+monte+della+telecabina+Predazzo-Gardon%C3%A8' target='_blank' class='evo_ics_gCal' title='Aggiungi al calendario di Google'>GoogleCal<\/a><\/p>\t\n\t\t\t<\/div>\n\t\t<\/div><\/div><\/div><div class='evocard_row'><div id='event_getdirection' class='evocard_box getdirection' data-c='' \n\t\t\t\t\tstyle=''><div class='evo_metarow_getDr evorow evcal_evdata_row evcal_evrow_sm getdirections'>\n\t\t<form action='https:\/\/maps.google.com\/maps' method='get' target='_blank'>\n\t\t\t<input type='hidden' name='daddr' value=\"46.32878794406342,11.600176728690842\"\/> \n\t\t\t<div class='evo_get_direction_content evo_fx_dr_r evogap10'>\n\t\t\t\t<span class='evogetdir_header evodfx evofx_dr_r evofx_ai_c marr10'>\n\t\t\t\t\t<i class='mainicon fa fa-road'><\/i> \n\t\t\t\t\t<h3 class='evo_h3' style='padding-bottom:5px;'>Ottieni indicazioni stradali<\/h3>\n\t\t\t\t<\/span>\n\t\t\t\t<span class='evogetdir_field evodfx evofx_1_1 evo_fx_dr_c evow100p'>\t\t\t\t\t\n\t\t\t\t\t<input class='evoInput evotac' type='text' name='saddr' placeholder='Digitare l&#039;indirizzo per ottenere le indicazioni stradali' value='' style='margin:10px 0;'\/>\n\t\t\t\t<\/span>\n\t\t\t\t<button type='submit' class='evo_get_direction_button evo_btn_arr_circ dfx fx_ai_c' title='Fare clic qui per ottenere indicazioni'><i class='fa fa-chevron-right'><\/i> <\/button>\n\t\t\t<\/div>\n\t\t<\/form>\n\t<\/div><\/div><\/div><div class='evo_card_row_end evcal_close' title='Testo del pulsante Chiudi evento'><\/div><\/div><div class='clear end'><\/div><\/div><div id=\"event_2682_0\" class=\"eventon_list_event evo_eventtop scheduled  event clrD event_2682_0\" data-event_id=\"2682\" data-ri=\"0r\" data-time=\"1783429200-1783434600\" data-colr=\"#ba181d\" itemscope itemtype='http:\/\/schema.org\/Event'><div class=\"evo_event_schema\" style=\"display:none\" ><a itemprop='url'  href='https:\/\/latemarium.com\/it\/events\/respirart-piccole-bonta-montane-laboratorio-di-cucina\/'><\/a><meta itemprop='image' content=\"https:\/\/latemarium.com\/wp-content\/uploads\/2019\/06\/Weigler_Schupf_Kaiserschmarren_2.jpg\" \/><meta itemprop='startDate' content=\"2026-7-7T15:00+0:00\" \/><meta itemprop='endDate' content=\"2026-7-7T16:30+0:00\" \/><meta itemprop='eventStatus' content=\"https:\/\/schema.org\/EventScheduled\" \/><meta itemprop='eventAttendanceMode'   itemscope itemtype=\"https:\/\/schema.org\/OfflineEventAttendanceMode\"\/><div style=\"display:none\" itemprop=\"location\" itemscope itemtype=\"http:\/\/schema.org\/Place\"><span itemprop=\"name\">Rifugio Agnello<\/span><span itemprop=\"address\" itemscope itemtype=\"http:\/\/schema.org\/PostalAddress\"><item itemprop=\"streetAddress\">Loc. Pampeago, 9, 38038 Tesero TN<\/item><\/span><\/div><script type=\"application\/ld+json\">{\"@context\": \"http:\/\/schema.org\",\"@type\": \"Event\",\n\t\t\t\t\"@id\": \"event_2682_0\",\n\t\t\t\t\"eventAttendanceMode\":\"https:\/\/schema.org\/OfflineEventAttendanceMode\",\n\t\t\t\t\"eventStatus\":\"https:\/\/schema.org\/EventScheduled\",\n\t\t\t\t\"name\": \"Piccole bont\u00e0 montane, laboratorio di cucina.\",\n\t\t\t\t\"url\": \"https:\/\/latemarium.com\/it\/events\/respirart-piccole-bonta-montane-laboratorio-di-cucina\/\",\n\t\t\t\t\"startDate\": \"2026-7-7T15:00+0:00\",\n\t\t\t\t\"endDate\": \"2026-7-7T16:30+0:00\",\n\t\t\t\t\"image\":\"https:\/\/latemarium.com\/wp-content\/uploads\/2019\/06\/Weigler_Schupf_Kaiserschmarren_2.jpg\", \n\t\t\t\t\"description\":\"<p>Ospiti del Rifugio Monte Agnello prepariamo, cuciniamo e gustiamo specialit\u00e0 montane reinventate da noi. Il laboratorio \u00e8 per i pi\u00f9 piccoli, ma mamma e pap\u00e0 saranno pronti, con penna per gli appunti e forchetta per gli assaggi!<\/p> <p><strong>Attivit\u00e0 gratuita<\/strong>, a numero chiuso, dai 5 ai 12 anni.<\/p> <p><strong>Info e prenotazioni<\/strong>: T. 0462 813265<\/p> \",\"location\":[{\"@type\":\"Place\",\"name\":\"Rifugio Agnello\",\"address\":{\"@type\": \"PostalAddress\",\"streetAddress\":\"Loc. Pampeago, 9, 38038 Tesero TN\"}}]}<\/script><\/div>\r\n\t\t\t\t<p class=\"desc_trig_outter\" style=\"\"><a data-gmtrig=\"1\" data-exlk=\"0\" style=\"background-color: #ba181d;\" id=\"evc_17834292002682\" class=\"hasFtIMG event_repeat desc_trig sin_val evcal_list_a\" data-ux_val=\"3\" data-ux_val_mob=\"-\"  ><span class='evoet_c1 evoet_cx '><span class='ev_ftImg' data-img='https:\/\/latemarium.com\/wp-content\/uploads\/2019\/06\/Weigler_Schupf_Kaiserschmarren_2.jpg' data-thumb='https:\/\/latemarium.com\/wp-content\/uploads\/2019\/06\/Weigler_Schupf_Kaiserschmarren_2-300x202.jpg' style='background-image:url(\"https:\/\/latemarium.com\/wp-content\/uploads\/2019\/06\/Weigler_Schupf_Kaiserschmarren_2-300x202.jpg\")' ><\/span><\/span><span class='evoet_c2 evoet_cx '><span class='evoet_dayblock evcal_cblock ' data-bgcolor='#ba181d' data-smon='luglio' data-syr='2026' data-bub=''><span class='evo_start '><em class='date'>07<\/em><em class='month'>lug<\/em><em class='time'>15:00<\/em><\/span><span class='evo_end only_time'><em class='time'>16:30<\/em><\/span><\/span><\/span><span class='evoet_c3 evoet_cx evcal_desc hide_eventtopdata '><span class='evoet_title evcal_desc2 evcal_event_title ' itemprop='name'>Piccole bont\u00e0 montane, laboratorio di cucina.<\/span><span class='event_location_attrs'  data-location_address=\"Loc. Pampeago, 9, 38038 Tesero TN\" data-location_type=\"lonlat\" data-location_name=\"Rifugio Agnello\" data-location_url=\"https:\/\/latemarium.com\/it\/event-location\/rifugio-agnello\/\" data-location_status=\"true\" data-latlng=\"46.333809095680266,11.547693182509184\"><\/span><span class='evoet_subtitle evo_below_title' ><span class='evcal_event_subtitle ' >RIFUGIO MONTE AGNELLO<\/span><\/span><span class='evoet_time_expand level_3'><em class='evcal_time evo_tz_time'><i class='fa fa-clock-o'><\/i>15:00 - 16:30<span class='evo_tz marl5'>(GMT+02:00)<\/span><\/em> <\/span><span class='evoet_location level_3'><em class=\"evcal_location\"  data-latlng=\"46.333809095680266,11.547693182509184\" data-add_str=\"Loc. Pampeago, 9, 38038 Tesero TN\" data-n=\"Rifugio Agnello\"><i class=\"fa fa-location-pin\"><\/i><em class=\"event_location_name\">Rifugio Agnello<\/em>, Loc. Pampeago, 9, 38038 Tesero TN<\/em><\/span><\/span><span class='evoet_data' data-d=\"{&quot;loc.n&quot;:&quot;Rifugio Agnello&quot;,&quot;orgs&quot;:[],&quot;tags&quot;:{&quot;repeating&quot;:&quot;Repeating Event&quot;}}\" data-bgc=\"#ba181d\" data-bggrad=\"\" ><\/span><\/a><\/p><div class='event_description evcal_eventcard ' style=\"display:none\"><div class='evocard_row'><div id='event_ftimage' class='evocard_box ftimage' data-c='' \n\t\t\t\t\tstyle=''><div class='evocard_main_image_hold' data-t='Loading Image..'><div class='evocard_main_image evo_img_triglb evobr15 evobgsc evobgpc evodfx evofx_jc_c evofx_ai_c evofz48 minmized' style='height:300px; background-image:url();' data-f=\"https:\/\/latemarium.com\/wp-content\/uploads\/2019\/06\/Weigler_Schupf_Kaiserschmarren_2.jpg\" data-h=\"3840\" data-w=\"5695\" data-ratio=\"0.67427568042142\" data-event_id=\"2682\" data-ri=\"0\"  data-t='Loading Image..'><span style='height:300px; background-image:url(https:\/\/latemarium.com\/wp-content\/uploads\/2019\/06\/Weigler_Schupf_Kaiserschmarren_2.jpg)'><\/span><\/div><\/div><\/div><\/div><div class='evocard_row'><div id='event_eventdetails' class='evocard_box eventdetails' data-c='' \n\t\t\t\t\tstyle=''><div class='evo_metarow_details evorow evcal_evdata_row evcal_event_details'>\n\t\t<div class=\"event_excerpt\" style=\"display:none\"><h3 class=\"padb5 evo_h3\">Dettagli dell&#039;evento<\/h3><p>Ospiti del Rifugio Monte Agnello prepariamo, cuciniamo e gustiamo specialit\u00e0 montane reinventate da noi. Il laboratorio \u00e8 per i pi\u00f9 piccoli, ma mamma e pap\u00e0 saranno pronti, con penna per<\/p><\/div><span class='evcal_evdata_icons'><i class='fa fa-align-justify'><\/i><\/span>\n\t\t\n\t\t<div class='evcal_evdata_cell '>\n\t\t\t<div class='eventon_full_description'>\n\t\t\t\t<h3 class='padb5 evo_h3'><span class='evcal_evdata_icons'><i class='fa fa-align-justify'><\/i><\/span>Dettagli dell&#039;evento<\/h3>\n\t\t\t\t<div class='eventon_desc_in' itemprop='description'>\n\t\t\t\t<p>Ospiti del Rifugio Monte Agnello prepariamo, cuciniamo e gustiamo specialit\u00e0 montane reinventate da noi. Il laboratorio \u00e8 per i pi\u00f9 piccoli, ma mamma e pap\u00e0 saranno pronti, con penna per gli appunti e forchetta per gli assaggi!<\/p>\n<p><strong>Attivit\u00e0 gratuita<\/strong>, a numero chiuso, dai 5 ai 12 anni.<\/p>\n<p><strong>Info e prenotazioni<\/strong>: T. 0462 813265<\/p>\n<\/div><div class='clear'><\/div>\n\t\t\t<\/div>\n\t\t<\/div>\n\t<\/div><\/div><\/div><div class='evocard_row bx2 bx'><div id='event_time' class='evocard_box time' data-c='' \n\t\t\t\t\tstyle=''><div class='evo_metarow_time evorow evcal_evdata_row evcal_evrow_sm '>\n\t\t<span class='evcal_evdata_icons'><i class='fa fa-clock'><\/i><\/span>\n\t\t<div class='evcal_evdata_cell'>\t\t\t\t\t\t\t\n\t\t\t<h3 class='evo_h3'><span class='evcal_evdata_icons'><i class='fa fa-clock'><\/i><\/span>Orario<\/h3><p><span class='evo_eventcard_time_t'>7 luglio 2026 15:00 - 16:30<\/span><span class='evo_tz marr5'>(GMT+02:00)<\/span><\/p>\n\t\t<\/div>\n\t<\/div><\/div><div id='event_location' class='evocard_box location' data-c='' \n\t\t\t\t\tstyle=''><div class='evcal_evdata_row evo_metarow_time_location evorow '>\n\t\t\n\t\t\t<span class='evcal_evdata_icons'><i class='fa fa-map-marker'><\/i><\/span>\n\t\t\t<div class='evcal_evdata_cell' data-loc_tax_id='24'><h3 class='evo_h3 evodfx'><span class='evcal_evdata_icons'><i class='fa fa-map-marker'><\/i><\/span><a target=\"_blank\" href=\"https:\/\/www.facebook.com\/profile.php?id=100064742944609\">Luogo<\/a><\/h3><p class='evo_location_name'><a target=\"_blank\" href=\"https:\/\/www.facebook.com\/profile.php?id=100064742944609\">Rifugio Agnello<\/a><\/p><p class='evo_location_address evodfxi evogap10'><a target=\"_blank\" href=\"https:\/\/www.facebook.com\/profile.php?id=100064742944609\">Loc. Pampeago, 9, 38038 Tesero TN<\/a><\/p><div class='padt10'><span class='evo_btn_arr evolb_trigger' data-lbvals=\"{&quot;lbc&quot;:&quot;evo_location_lb_24&quot;,&quot;lbac&quot;:&quot;lb_max&quot;,&quot;t&quot;:&quot;Rifugio Agnello&quot;,&quot;ajax&quot;:&quot;yes&quot;,&quot;ajax_type&quot;:&quot;endpoint&quot;,&quot;ajax_action&quot;:&quot;eventon_get_tax_card_content&quot;,&quot;end&quot;:&quot;client&quot;,&quot;d&quot;:{&quot;lang&quot;:&quot;L1&quot;,&quot;term_id&quot;:24,&quot;tax&quot;:&quot;event_location&quot;,&quot;load_lbcontent&quot;:true},&quot;uid&quot;:&quot;eventon_get_tax_card_content&quot;}\" >Other Events<i class='fa fa-chevron-right'><\/i><\/span><\/div><\/div>\n\t\t\n\t<\/div><\/div><\/div><div class='evocard_row'><div id='event_addtocal' class='evocard_box addtocal' data-c='' \n\t\t\t\t\tstyle=''><div class='evo_metarow_ICS evorow evcal_evdata_row'>\n\t\t\t<span class='evcal_evdata_icons'><i class='fa fa-calendar-o'><\/i><\/span>\n\t\t\t<div class='evcal_evdata_cell'>\n\t\t\t\t<p><a href='https:\/\/latemarium.com\/it\/export-events\/2682_0\/?nonce=a3263097f9' class='evo_ics_nCal' title='Aggiungi al tuo calendario'>Calendario<\/a><a href='https:\/\/www.google.com\/calendar\/event?action=TEMPLATE&text=Piccole+bont%C3%A0+montane%2C+laboratorio+di+cucina.&dates=20260707T130000Z%2F20260707T143000Z&ctz=Europe%2FRome&details=Piccole bont\u00e0 montane, laboratorio di cucina.&location=Rifugio+Agnello+Loc.+Pampeago%2C+9%2C+38038+Tesero+TN' target='_blank' class='evo_ics_gCal' title='Aggiungi al calendario di Google'>GoogleCal<\/a><\/p>\t\n\t\t\t<\/div>\n\t\t<\/div><\/div><\/div><div class='evocard_row'><div id='event_getdirection' class='evocard_box getdirection' data-c='' \n\t\t\t\t\tstyle=''><div class='evo_metarow_getDr evorow evcal_evdata_row evcal_evrow_sm getdirections'>\n\t\t<form action='https:\/\/maps.google.com\/maps' method='get' target='_blank'>\n\t\t\t<input type='hidden' name='daddr' value=\"46.333809095680266,11.547693182509184\"\/> \n\t\t\t<div class='evo_get_direction_content evo_fx_dr_r evogap10'>\n\t\t\t\t<span class='evogetdir_header evodfx evofx_dr_r evofx_ai_c marr10'>\n\t\t\t\t\t<i class='mainicon fa fa-road'><\/i> \n\t\t\t\t\t<h3 class='evo_h3' style='padding-bottom:5px;'>Ottieni indicazioni stradali<\/h3>\n\t\t\t\t<\/span>\n\t\t\t\t<span class='evogetdir_field evodfx evofx_1_1 evo_fx_dr_c evow100p'>\t\t\t\t\t\n\t\t\t\t\t<input class='evoInput evotac' type='text' name='saddr' placeholder='Digitare l&#039;indirizzo per ottenere le indicazioni stradali' value='' style='margin:10px 0;'\/>\n\t\t\t\t<\/span>\n\t\t\t\t<button type='submit' class='evo_get_direction_button evo_btn_arr_circ dfx fx_ai_c' title='Fare clic qui per ottenere indicazioni'><i class='fa fa-chevron-right'><\/i> <\/button>\n\t\t\t<\/div>\n\t\t<\/form>\n\t<\/div><\/div><\/div><div class='evo_card_row_end evcal_close' title='Testo del pulsante Chiudi evento'><\/div><\/div><div class='clear end'><\/div><\/div><div id=\"event_2079_3\" class=\"eventon_list_event evo_eventtop scheduled  event clrW no_et event_2079_3\" data-event_id=\"2079\" data-ri=\"3r\" data-time=\"1783431900-1783461540\" data-colr=\"#facd05\" itemscope itemtype='http:\/\/schema.org\/Event'><div class=\"evo_event_schema\" style=\"display:none\" ><a itemprop='url'  href='https:\/\/latemarium.com\/it\/events\/mindful-latemar\/var\/ri-3.l-L1'><\/a><meta itemprop='image' content=\"https:\/\/latemarium.com\/wp-content\/uploads\/2023\/06\/\u00a9Obereggen_LatemarAG.SpA_Mindful.Latemar_Ph.Guenther.Pichler_06.jpg\" \/><meta itemprop='startDate' content=\"2026-7-7T15:45+0:00\" \/><meta itemprop='endDate' content=\"2026-7-7T23:59+0:00\" \/><meta itemprop='eventStatus' content=\"https:\/\/schema.org\/EventScheduled\" \/><meta itemprop='eventAttendanceMode'   itemscope itemtype=\"https:\/\/schema.org\/OfflineEventAttendanceMode\"\/><div style=\"display:none\" itemprop=\"location\" itemscope itemtype=\"http:\/\/schema.org\/Place\"><span itemprop=\"name\">Stazione a valle Obereggen<\/span><span itemprop=\"address\" itemscope itemtype=\"http:\/\/schema.org\/PostalAddress\"><item itemprop=\"streetAddress\">Via Obereggen, 16, 39050 Nova Ponente BZ<\/item><\/span><\/div><script type=\"application\/ld+json\">{\"@context\": \"http:\/\/schema.org\",\"@type\": \"Event\",\n\t\t\t\t\"@id\": \"event_2079_3\",\n\t\t\t\t\"eventAttendanceMode\":\"https:\/\/schema.org\/OfflineEventAttendanceMode\",\n\t\t\t\t\"eventStatus\":\"https:\/\/schema.org\/EventScheduled\",\n\t\t\t\t\"name\": \"Mindful.Latemar\",\n\t\t\t\t\"url\": \"https:\/\/latemarium.com\/it\/events\/mindful-latemar\/var\/ri-3.l-L1\",\n\t\t\t\t\"startDate\": \"2026-7-7T15:45+0:00\",\n\t\t\t\t\"endDate\": \"2026-7-7T23:59+0:00\",\n\t\t\t\t\"image\":\"https:\/\/latemarium.com\/wp-content\/uploads\/2023\/06\/\u00a9Obereggen_LatemarAG.SpA_Mindful.Latemar_Ph.Guenther.Pichler_06.jpg\", \n\t\t\t\t\"description\":\"<p>Mindful.Latemar si trova a Obereggen lungo il <strong>sentiero circolare sul monte Golfrion<\/strong>, nel cuore delle Dolomiti a 1872 metri di altitudine.<\/p> <p>Il percorso prevede <strong>18 esercizi di Mindfulness<\/strong> in un luogo speciale che vuole rappresentare un esempio di rinascita e resilienza dopo che \u00e8 stato colpito dalla tempesta Vaia nel novembre 2018.<\/p> <h3 class='wysiwyg__subline'>Il Dott. Bernagozzi ti accompagna ogni marted\u00ec:<\/h3> <div class='wysiwyg__description'> <p>dalle ore 13.30 alle ore 15.30 (in tedesco)<br \/> dalle ore 15.45 alle ore 17.45 (in italiano)<\/p> <\/div> <ul> <li>Punto di ritrovo: stazione a valle cabinovia &#8220;Obereggen-Ochsenweide&#8221;<\/li> <li>Prezzo: 30,00 \u20ac a persona inclusa l&#8217;andata e il ritorno con la\u00a0cabinovia<\/li> <li>Prenotazione online al seguente link:\u00a0<u><strong><a href='https:\/\/eggental.com\/it\/ajax-events#11946' target='_blank' rel='noopener'>Val d&#8217;Ega Turismo<\/a><\/strong><\/u>\u00a0(max. 10 persone)<\/li> <\/ul> \",\"location\":[{\"@type\":\"Place\",\"name\":\"Stazione a valle Obereggen\",\"address\":{\"@type\": \"PostalAddress\",\"streetAddress\":\"Via Obereggen, 16, 39050 Nova Ponente BZ\"}}]}<\/script><\/div>\r\n\t\t\t\t<p class=\"desc_trig_outter\" style=\"\"><a data-gmtrig=\"1\" data-exlk=\"0\" style=\"background-color: #facd05;\" id=\"evc_17834319002079\" class=\"hasFtIMG event_repeat desc_trig sin_val evcal_list_a\" data-ux_val=\"3\" data-ux_val_mob=\"-\"  ><span class='evoet_c1 evoet_cx '><span class='ev_ftImg' data-img='https:\/\/latemarium.com\/wp-content\/uploads\/2023\/06\/\u00a9Obereggen_LatemarAG.SpA_Mindful.Latemar_Ph.Guenther.Pichler_06.jpg' data-thumb='https:\/\/latemarium.com\/wp-content\/uploads\/2023\/06\/\u00a9Obereggen_LatemarAG.SpA_Mindful.Latemar_Ph.Guenther.Pichler_06-300x169.jpg' style='background-image:url(\"https:\/\/latemarium.com\/wp-content\/uploads\/2023\/06\/\u00a9Obereggen_LatemarAG.SpA_Mindful.Latemar_Ph.Guenther.Pichler_06-300x169.jpg\")' ><\/span><\/span><span class='evoet_c2 evoet_cx '><span class='evoet_dayblock evcal_cblock ' data-bgcolor='#facd05' data-smon='luglio' data-syr='2026' data-bub=''><span class='evo_start '><em class='date'>07<\/em><em class='month'>lug<\/em><em class='time'>15:45<\/em><\/span><\/span><\/span><span class='evoet_c3 evoet_cx evcal_desc hide_eventtopdata '><span class='evoet_title evcal_desc2 evcal_event_title ' itemprop='name'>Mindful.Latemar<\/span><span class='event_location_attrs'  data-location_address=\"Via Obereggen, 16, 39050 Nova Ponente BZ\" data-location_type=\"lonlat\" data-location_name=\"Stazione a valle Obereggen\" data-location_url=\"https:\/\/latemarium.com\/it\/event-location\/stazione-a-valle-obereggen\/\" data-location_status=\"true\" data-latlng=\"46.3835808246333,11.52667595881786\"><\/span><span class='evoet_subtitle evo_below_title' ><span class='evcal_event_subtitle ' >Passeggiata Mindfulness con Psicologo del Benessere e Istruttore di Mindfulness Dott. Thomas Bernagozzi. <\/span><\/span><span class='evoet_time_expand level_3'><em class='evcal_time evo_tz_time'><i class='fa fa-clock-o'><\/i>15:45<span class='evo_tz marl5'>(GMT+02:00)<\/span><\/em> <\/span><span class='evoet_location level_3'><em class=\"evcal_location\"  data-latlng=\"46.3835808246333,11.52667595881786\" data-add_str=\"Via Obereggen, 16, 39050 Nova Ponente BZ\" data-n=\"Stazione a valle Obereggen\"><i class=\"fa fa-location-pin\"><\/i><em class=\"event_location_name\">Stazione a valle Obereggen<\/em>, Via Obereggen, 16, 39050 Nova Ponente BZ<\/em><\/span><\/span><span class='evoet_data' data-d=\"{&quot;loc.n&quot;:&quot;Stazione a valle Obereggen&quot;,&quot;orgs&quot;:[],&quot;tags&quot;:{&quot;repeating&quot;:&quot;Repeating Event&quot;}}\" data-bgc=\"#facd05\" data-bggrad=\"\" ><\/span><\/a><\/p><div class='event_description evcal_eventcard ' style=\"display:none\"><div class='evocard_row'><div id='event_ftimage' class='evocard_box ftimage' data-c='' \n\t\t\t\t\tstyle=''><div class='evocard_main_image_hold' data-t='Loading Image..'><div class='evocard_main_image evo_img_triglb evobr15 evobgsc evobgpc evodfx evofx_jc_c evofx_ai_c evofz48 minmized' style='height:300px; background-image:url();' data-f=\"https:\/\/latemarium.com\/wp-content\/uploads\/2023\/06\/\u00a9Obereggen_LatemarAG.SpA_Mindful.Latemar_Ph.Guenther.Pichler_06.jpg\" data-h=\"812\" data-w=\"1445\" data-ratio=\"0.56193771626298\" data-event_id=\"2079\" data-ri=\"3\"  data-t='Loading Image..'><span style='height:300px; background-image:url(https:\/\/latemarium.com\/wp-content\/uploads\/2023\/06\/\u00a9Obereggen_LatemarAG.SpA_Mindful.Latemar_Ph.Guenther.Pichler_06.jpg)'><\/span><\/div><\/div><\/div><\/div><div class='evocard_row'><div id='event_eventdetails' class='evocard_box eventdetails' data-c='' \n\t\t\t\t\tstyle=''><div class='evo_metarow_details evorow evcal_evdata_row evcal_event_details'>\n\t\t<div class=\"event_excerpt\" style=\"display:none\"><h3 class=\"padb5 evo_h3\">Dettagli dell&#039;evento<\/h3><p>Mindful.Latemar si trova a Obereggen lungo il sentiero circolare sul monte Golfrion, nel cuore delle Dolomiti a 1872 metri di altitudine.\nIl percorso prevede 18 esercizi di Mindfulness in un luogo<\/p><\/div><span class='evcal_evdata_icons'><i class='fa fa-align-justify'><\/i><\/span>\n\t\t\n\t\t<div class='evcal_evdata_cell shorter_desc'>\n\t\t\t<div class='eventon_full_description'>\n\t\t\t\t<h3 class='padb5 evo_h3'><span class='evcal_evdata_icons'><i class='fa fa-align-justify'><\/i><\/span>Dettagli dell&#039;evento<\/h3>\n\t\t\t\t<div class='eventon_desc_in' itemprop='description'>\n\t\t\t\t<p>Mindful.Latemar si trova a Obereggen lungo il <strong>sentiero circolare sul monte Golfrion<\/strong>, nel cuore delle Dolomiti a 1872 metri di altitudine.<\/p>\n<p>Il percorso prevede <strong>18 esercizi di Mindfulness<\/strong> in un luogo speciale che vuole rappresentare un esempio di rinascita e resilienza dopo che \u00e8 stato colpito dalla tempesta Vaia nel novembre 2018.<\/p>\n<h3 class=\"wysiwyg__subline\">Il Dott. Bernagozzi ti accompagna ogni marted\u00ec:<\/h3>\n<div class=\"wysiwyg__description\">\n<p>dalle ore 13.30 alle ore 15.30 (in tedesco)<br \/>\ndalle ore 15.45 alle ore 17.45 (in italiano)<\/p>\n<\/div>\n<ul>\n<li>Punto di ritrovo: stazione a valle cabinovia &#8220;Obereggen-Ochsenweide&#8221;<\/li>\n<li>Prezzo: 30,00 \u20ac a persona inclusa l&#8217;andata e il ritorno con la\u00a0cabinovia<\/li>\n<li>Prenotazione online al seguente link:\u00a0<u><strong><a href=\"https:\/\/eggental.com\/it\/ajax-events#11946\" target=\"_blank\" rel=\"noopener\">Val d&#8217;Ega Turismo<\/a><\/strong><\/u>\u00a0(max. 10 persone)<\/li>\n<\/ul>\n<\/div><p class='eventon_shad_p' style='padding:5px 0 0; margin:0'>\n\t\t\t<span class='evcal_btn evo_btn_secondary evobtn_details_show_more' content='less'>\n\t\t\t\t<span class='ev_more_text' data-txt='Meno'>Pi\u00f9<\/span><span class='ev_more_arrow ard'><\/span>\n\t\t\t<\/span>\n\t\t<\/p><div class='clear'><\/div>\n\t\t\t<\/div>\n\t\t<\/div>\n\t<\/div><\/div><\/div><div class='evocard_row bx2 bx'><div id='event_time' class='evocard_box time' data-c='' \n\t\t\t\t\tstyle=''><div class='evo_metarow_time evorow evcal_evdata_row evcal_evrow_sm '>\n\t\t<span class='evcal_evdata_icons'><i class='fa fa-clock'><\/i><\/span>\n\t\t<div class='evcal_evdata_cell'>\t\t\t\t\t\t\t\n\t\t\t<h3 class='evo_h3'><span class='evcal_evdata_icons'><i class='fa fa-clock'><\/i><\/span>Orario<\/h3><p><span class='evo_eventcard_time_t'>7 luglio 2026 15:45<\/span><span class='evo_tz marr5'>(GMT+02:00)<\/span><\/p>\n\t\t<\/div>\n\t<\/div><\/div><div id='event_location' class='evocard_box location' data-c='' \n\t\t\t\t\tstyle=''><div class='evcal_evdata_row evo_metarow_time_location evorow '>\n\t\t\n\t\t\t<span class='evcal_evdata_icons'><i class='fa fa-map-marker'><\/i><\/span>\n\t\t\t<div class='evcal_evdata_cell' data-loc_tax_id='22'><h3 class='evo_h3 evodfx'><span class='evcal_evdata_icons'><i class='fa fa-map-marker'><\/i><\/span>Luogo<\/h3><p class='evo_location_name'>Stazione a valle Obereggen<\/p><p class='evo_location_address evodfxi evogap10'>Via Obereggen, 16, 39050 Nova Ponente BZ<\/p><div class='padt10'><span class='evo_btn_arr evolb_trigger' data-lbvals=\"{&quot;lbc&quot;:&quot;evo_location_lb_22&quot;,&quot;lbac&quot;:&quot;lb_max&quot;,&quot;t&quot;:&quot;Stazione a valle Obereggen&quot;,&quot;ajax&quot;:&quot;yes&quot;,&quot;ajax_type&quot;:&quot;endpoint&quot;,&quot;ajax_action&quot;:&quot;eventon_get_tax_card_content&quot;,&quot;end&quot;:&quot;client&quot;,&quot;d&quot;:{&quot;lang&quot;:&quot;L1&quot;,&quot;term_id&quot;:22,&quot;tax&quot;:&quot;event_location&quot;,&quot;load_lbcontent&quot;:true},&quot;uid&quot;:&quot;eventon_get_tax_card_content&quot;}\" >Other Events<i class='fa fa-chevron-right'><\/i><\/span><\/div><\/div>\n\t\t\n\t<\/div><\/div><\/div><div class='evocard_row bx2 bx'><div id='event_learnmore' class='evocard_box learnmore' data-c='' \n\t\t\t\t\tstyle=''><div class='evo_metarow_learnM evo_metarow_learnmore evorow'>\n\t\t\t\t\t\t\t<a class='evcal_evdata_row evo_clik_row ' href='https:\/\/obereggen.com\/it\/mindfullatemar' target=\"_blank\">\n\t\t\t\t\t\t\t\t<span class='evcal_evdata_icons'><i class='fa fa-link'><\/i><\/span>\n\t\t\t\t\t\t\t\t<h3 class='evo_h3'>Scopri di pi\u00f9<\/h3>\n\t\t\t\t\t\t\t<\/a>\n\t\t\t\t\t\t\t<\/div><\/div><div id='event_addtocal' class='evocard_box addtocal' data-c='' \n\t\t\t\t\tstyle=''><div class='evo_metarow_ICS evorow evcal_evdata_row'>\n\t\t\t<span class='evcal_evdata_icons'><i class='fa fa-calendar-o'><\/i><\/span>\n\t\t\t<div class='evcal_evdata_cell'>\n\t\t\t\t<p><a href='https:\/\/latemarium.com\/it\/export-events\/2079_3\/?nonce=a3263097f9' class='evo_ics_nCal' title='Aggiungi al tuo calendario'>Calendario<\/a><a href='https:\/\/www.google.com\/calendar\/event?action=TEMPLATE&text=Mindful.Latemar&dates=20260707T134500Z%2F20260707T215900Z&ctz=Europe%2FRome&details=Mindful.Latemar&location=Stazione+a+valle+Obereggen+Via+Obereggen%2C+16%2C+39050+Nova+Ponente+BZ' target='_blank' class='evo_ics_gCal' title='Aggiungi al calendario di Google'>GoogleCal<\/a><\/p>\t\n\t\t\t<\/div>\n\t\t<\/div><\/div><\/div><div class='evocard_row'><div id='event_getdirection' class='evocard_box getdirection' data-c='' \n\t\t\t\t\tstyle=''><div class='evo_metarow_getDr evorow evcal_evdata_row evcal_evrow_sm getdirections'>\n\t\t<form action='https:\/\/maps.google.com\/maps' method='get' target='_blank'>\n\t\t\t<input type='hidden' name='daddr' value=\"46.3835808246333,11.52667595881786\"\/> \n\t\t\t<div class='evo_get_direction_content evo_fx_dr_r evogap10'>\n\t\t\t\t<span class='evogetdir_header evodfx evofx_dr_r evofx_ai_c marr10'>\n\t\t\t\t\t<i class='mainicon fa fa-road'><\/i> \n\t\t\t\t\t<h3 class='evo_h3' style='padding-bottom:5px;'>Ottieni indicazioni stradali<\/h3>\n\t\t\t\t<\/span>\n\t\t\t\t<span class='evogetdir_field evodfx evofx_1_1 evo_fx_dr_c evow100p'>\t\t\t\t\t\n\t\t\t\t\t<input class='evoInput evotac' type='text' name='saddr' placeholder='Digitare l&#039;indirizzo per ottenere le indicazioni stradali' value='' style='margin:10px 0;'\/>\n\t\t\t\t<\/span>\n\t\t\t\t<button type='submit' class='evo_get_direction_button evo_btn_arr_circ dfx fx_ai_c' title='Fare clic qui per ottenere indicazioni'><i class='fa fa-chevron-right'><\/i> <\/button>\n\t\t\t<\/div>\n\t\t<\/form>\n\t<\/div><\/div><\/div><div class='evo_card_row_end evcal_close' title='Testo del pulsante Chiudi evento'><\/div><\/div><div class='clear end'><\/div><\/div><div id=\"event_2181_1\" class=\"eventon_list_event evo_eventtop scheduled  event clrD no_et event_2181_1\" data-event_id=\"2181\" data-ri=\"1r\" data-time=\"1783495800-1783547940\" data-colr=\"#ba181d\" itemscope itemtype='http:\/\/schema.org\/Event'><div class=\"evo_event_schema\" style=\"display:none\" ><a itemprop='url'  href='https:\/\/latemarium.com\/it\/events\/geotrekking-torre-di-pisa\/var\/ri-1.l-L1'><\/a><meta itemprop='image' content=\"https:\/\/latemarium.com\/wp-content\/uploads\/2020\/06\/latemar-torre-di-pisa-estate-2019_ph.alice-russolo-90-scaled.jpg\" \/><meta itemprop='startDate' content=\"2026-7-8T09:30+0:00\" \/><meta itemprop='endDate' content=\"2026-7-8T23:59+0:00\" \/><meta itemprop='eventStatus' content=\"https:\/\/schema.org\/EventScheduled\" \/><meta itemprop='eventAttendanceMode'   itemscope itemtype=\"https:\/\/schema.org\/OfflineEventAttendanceMode\"\/><script type=\"application\/ld+json\">{\"@context\": \"http:\/\/schema.org\",\"@type\": \"Event\",\n\t\t\t\t\"@id\": \"event_2181_1\",\n\t\t\t\t\"eventAttendanceMode\":\"https:\/\/schema.org\/OfflineEventAttendanceMode\",\n\t\t\t\t\"eventStatus\":\"https:\/\/schema.org\/EventScheduled\",\n\t\t\t\t\"name\": \"GEOTREKKING TORRE DI PISA\",\n\t\t\t\t\"url\": \"https:\/\/latemarium.com\/it\/events\/geotrekking-torre-di-pisa\/var\/ri-1.l-L1\",\n\t\t\t\t\"startDate\": \"2026-7-8T09:30+0:00\",\n\t\t\t\t\"endDate\": \"2026-7-8T23:59+0:00\",\n\t\t\t\t\"image\":\"https:\/\/latemarium.com\/wp-content\/uploads\/2020\/06\/latemar-torre-di-pisa-estate-2019_ph.alice-russolo-90-scaled.jpg\", \n\t\t\t\t\"description\":\"<p><strong>Emozionante escursione geologica in quota<\/strong>, alla scoperta dell\u2019atollo del Latemar, perla dell\u2019arcipelago fossile delle Dolomiti Patrimonio UNESCO. Un suggestivo percorso ad anello guidati da un esperto Geologo e Accompagnatore di Media Montagna. Da passo Feudo si sale al rifugio Torre di Pisa per proseguire in quota fino alla forcella dei Camosci, da cui si scende rituffandosi nella profondit\u00e0 del mare tropicale fino al punto di partenza. Pranzo al sacco. Et\u00e0 minima 12 anni.<\/p> <p>Il percorso \u00e8 media difficolt\u00e0, con sentieri ben percorribili e brevi tratti leggermente esposti, dislivello 780 metri circa.<\/p> <p>Prenotazione obbligatoria entro le ore 18.30 del giorno precedente al numero:\u00a00462 241111<\/p> \"}<\/script><\/div>\r\n\t\t\t\t<p class=\"desc_trig_outter\" style=\"\"><a data-gmap_status=\"null\" data-exlk=\"0\" style=\"background-color: #ba181d;\" id=\"evc_17834958002181\" class=\"hasFtIMG event_repeat desc_trig sin_val evcal_list_a\" data-ux_val=\"3\" data-ux_val_mob=\"-\"  ><span class='evoet_c1 evoet_cx '><span class='ev_ftImg' data-img='https:\/\/latemarium.com\/wp-content\/uploads\/2020\/06\/latemar-torre-di-pisa-estate-2019_ph.alice-russolo-90-scaled.jpg' data-thumb='https:\/\/latemarium.com\/wp-content\/uploads\/2020\/06\/latemar-torre-di-pisa-estate-2019_ph.alice-russolo-90-300x200.jpg' style='background-image:url(\"https:\/\/latemarium.com\/wp-content\/uploads\/2020\/06\/latemar-torre-di-pisa-estate-2019_ph.alice-russolo-90-300x200.jpg\")' ><\/span><\/span><span class='evoet_c2 evoet_cx '><span class='evoet_dayblock evcal_cblock ' data-bgcolor='#ba181d' data-smon='luglio' data-syr='2026' data-bub=''><span class='evo_start '><em class='date'>08<\/em><em class='month'>lug<\/em><em class='time'>09:30<\/em><\/span><\/span><\/span><span class='evoet_c3 evoet_cx evcal_desc hide_eventtopdata '><span class='evoet_title evcal_desc2 evcal_event_title ' itemprop='name'>GEOTREKKING TORRE DI PISA<\/span><span class='event_location_attrs' data-location_type=\"lonlat\" data-location_name=\"A monte della seggiovia Gardon\u00e8-Passo Feudo\" data-location_url=\"https:\/\/latemarium.com\/it\/event-location\/a-monte-della-seggiovia-gardone-passo-feudo\/\" data-location_status=\"true\" data-latlng=\"46.32878794406342,11.600176728690842\"><\/span><span class='evoet_subtitle evo_below_title' ><span class='evcal_event_subtitle ' >GEOTREKKING TORRE DI PISA<\/span><\/span><span class='evoet_time_expand level_3'><em class='evcal_time evo_tz_time'><i class='fa fa-clock-o'><\/i>09:30<span class='evo_tz marl5'>(GMT+02:00)<\/span><\/em> <\/span><span class='evoet_location level_3'><em class=\"evcal_location\"  data-latlng=\"46.32878794406342,11.600176728690842\" data-add_str=\"\" data-n=\"A monte della seggiovia Gardon\u00e8-Passo Feudo\"><i class=\"fa fa-location-pin\"><\/i><em class=\"event_location_name\">A monte della seggiovia Gardon\u00e8-Passo Feudo<\/em><\/em><\/span><\/span><span class='evoet_data' data-d=\"{&quot;loc.n&quot;:&quot;A monte della seggiovia Gardon\\u00e8-Passo Feudo&quot;,&quot;orgs&quot;:[],&quot;tags&quot;:{&quot;repeating&quot;:&quot;Repeating Event&quot;}}\" data-bgc=\"#ba181d\" data-bggrad=\"\" ><\/span><\/a><\/p><div class='event_description evcal_eventcard ' style=\"display:none\"><div class='evocard_row'><div id='event_ftimage' class='evocard_box ftimage' data-c='' \n\t\t\t\t\tstyle=''><div class='evocard_main_image_hold' data-t='Loading Image..'><div class='evocard_main_image evo_img_triglb evobr15 evobgsc evobgpc evodfx evofx_jc_c evofx_ai_c evofz48 minmized' style='height:300px; background-image:url();' data-f=\"https:\/\/latemarium.com\/wp-content\/uploads\/2020\/06\/latemar-torre-di-pisa-estate-2019_ph.alice-russolo-90-scaled.jpg\" data-h=\"1707\" data-w=\"2560\" data-ratio=\"0.666796875\" data-event_id=\"2181\" data-ri=\"1\"  data-t='Loading Image..'><span style='height:300px; background-image:url(https:\/\/latemarium.com\/wp-content\/uploads\/2020\/06\/latemar-torre-di-pisa-estate-2019_ph.alice-russolo-90-scaled.jpg)'><\/span><\/div><\/div><\/div><\/div><div class='evocard_row'><div id='event_eventdetails' class='evocard_box eventdetails' data-c='' \n\t\t\t\t\tstyle=''><div class='evo_metarow_details evorow evcal_evdata_row evcal_event_details'>\n\t\t<div class=\"event_excerpt\" style=\"display:none\"><h3 class=\"padb5 evo_h3\">Dettagli dell&#039;evento<\/h3><p>Emozionante escursione geologica in quota, alla scoperta dell\u2019atollo del Latemar, perla dell\u2019arcipelago fossile delle Dolomiti Patrimonio UNESCO. Un suggestivo percorso ad anello guidati da un esperto Geologo e Accompagnatore di<\/p><\/div><span class='evcal_evdata_icons'><i class='fa fa-align-justify'><\/i><\/span>\n\t\t\n\t\t<div class='evcal_evdata_cell shorter_desc'>\n\t\t\t<div class='eventon_full_description'>\n\t\t\t\t<h3 class='padb5 evo_h3'><span class='evcal_evdata_icons'><i class='fa fa-align-justify'><\/i><\/span>Dettagli dell&#039;evento<\/h3>\n\t\t\t\t<div class='eventon_desc_in' itemprop='description'>\n\t\t\t\t<p><strong>Emozionante escursione geologica in quota<\/strong>, alla scoperta dell\u2019atollo del Latemar, perla dell\u2019arcipelago fossile delle Dolomiti Patrimonio UNESCO. Un suggestivo percorso ad anello guidati da un esperto Geologo e Accompagnatore di Media Montagna. Da passo Feudo si sale al rifugio Torre di Pisa per proseguire in quota fino alla forcella dei Camosci, da cui si scende rituffandosi nella profondit\u00e0 del mare tropicale fino al punto di partenza. Pranzo al sacco. Et\u00e0 minima 12 anni.<\/p>\n<p>Il percorso \u00e8 media difficolt\u00e0, con sentieri ben percorribili e brevi tratti leggermente esposti, dislivello 780 metri circa.<\/p>\n<p>Prenotazione obbligatoria entro le ore 18.30 del giorno precedente al numero:\u00a00462 241111<\/p>\n<\/div><p class='eventon_shad_p' style='padding:5px 0 0; margin:0'>\n\t\t\t<span class='evcal_btn evo_btn_secondary evobtn_details_show_more' content='less'>\n\t\t\t\t<span class='ev_more_text' data-txt='Meno'>Pi\u00f9<\/span><span class='ev_more_arrow ard'><\/span>\n\t\t\t<\/span>\n\t\t<\/p><div class='clear'><\/div>\n\t\t\t<\/div>\n\t\t<\/div>\n\t<\/div><\/div><\/div><div class='evocard_row bx2 bx'><div id='event_time' class='evocard_box time' data-c='' \n\t\t\t\t\tstyle=''><div class='evo_metarow_time evorow evcal_evdata_row evcal_evrow_sm '>\n\t\t<span class='evcal_evdata_icons'><i class='fa fa-clock'><\/i><\/span>\n\t\t<div class='evcal_evdata_cell'>\t\t\t\t\t\t\t\n\t\t\t<h3 class='evo_h3'><span class='evcal_evdata_icons'><i class='fa fa-clock'><\/i><\/span>Orario<\/h3><p><span class='evo_eventcard_time_t'>8 luglio 2026 09:30<\/span><span class='evo_tz marr5'>(GMT+02:00)<\/span><\/p>\n\t\t<\/div>\n\t<\/div><\/div><div id='event_location' class='evocard_box location' data-c='' \n\t\t\t\t\tstyle=''><div class='evcal_evdata_row evo_metarow_time_location evorow '>\n\t\t\n\t\t\t<span class='evcal_evdata_icons'><i class='fa fa-map-marker'><\/i><\/span>\n\t\t\t<div class='evcal_evdata_cell' data-loc_tax_id='37'><h3 class='evo_h3 evodfx'><span class='evcal_evdata_icons'><i class='fa fa-map-marker'><\/i><\/span>Luogo<\/h3><p class='evo_location_name'>A monte della seggiovia Gardon\u00e8-Passo Feudo<\/p><div class='padt10'><span class='evo_btn_arr evolb_trigger' data-lbvals=\"{&quot;lbc&quot;:&quot;evo_location_lb_37&quot;,&quot;lbac&quot;:&quot;lb_max&quot;,&quot;t&quot;:&quot;A monte della seggiovia Gardon\\u00e8-Passo Feudo&quot;,&quot;ajax&quot;:&quot;yes&quot;,&quot;ajax_type&quot;:&quot;endpoint&quot;,&quot;ajax_action&quot;:&quot;eventon_get_tax_card_content&quot;,&quot;end&quot;:&quot;client&quot;,&quot;d&quot;:{&quot;lang&quot;:&quot;L1&quot;,&quot;term_id&quot;:37,&quot;tax&quot;:&quot;event_location&quot;,&quot;load_lbcontent&quot;:true},&quot;uid&quot;:&quot;eventon_get_tax_card_content&quot;}\" >Other Events<i class='fa fa-chevron-right'><\/i><\/span><\/div><\/div>\n\t\t\n\t<\/div><\/div><\/div><div class='evocard_row bx2 bx'><div id='event_learnmore' class='evocard_box learnmore' data-c='' \n\t\t\t\t\tstyle=''><div class='evo_metarow_learnM evo_metarow_learnmore evorow'>\n\t\t\t\t\t\t\t<a class='evcal_evdata_row evo_clik_row ' href='https:\/\/www.latemar.it\/estate\/geotrekking\/' target=\"_blank\">\n\t\t\t\t\t\t\t\t<span class='evcal_evdata_icons'><i class='fa fa-link'><\/i><\/span>\n\t\t\t\t\t\t\t\t<h3 class='evo_h3'>Scopri di pi\u00f9<\/h3>\n\t\t\t\t\t\t\t<\/a>\n\t\t\t\t\t\t\t<\/div><\/div><div id='event_addtocal' class='evocard_box addtocal' data-c='' \n\t\t\t\t\tstyle=''><div class='evo_metarow_ICS evorow evcal_evdata_row'>\n\t\t\t<span class='evcal_evdata_icons'><i class='fa fa-calendar-o'><\/i><\/span>\n\t\t\t<div class='evcal_evdata_cell'>\n\t\t\t\t<p><a href='https:\/\/latemarium.com\/it\/export-events\/2181_1\/?nonce=a3263097f9' class='evo_ics_nCal' title='Aggiungi al tuo calendario'>Calendario<\/a><a href='https:\/\/www.google.com\/calendar\/event?action=TEMPLATE&text=GEOTREKKING+TORRE+DI+PISA&dates=20260708T073000Z%2F20260708T215900Z&ctz=Europe%2FRome&details=GEOTREKKING TORRE DI PISA&location=A+monte+della+seggiovia+Gardon%C3%A8-Passo+Feudo' target='_blank' class='evo_ics_gCal' title='Aggiungi al calendario di Google'>GoogleCal<\/a><\/p>\t\n\t\t\t<\/div>\n\t\t<\/div><\/div><\/div><div class='evocard_row'><div id='event_getdirection' class='evocard_box getdirection' data-c='' \n\t\t\t\t\tstyle=''><div class='evo_metarow_getDr evorow evcal_evdata_row evcal_evrow_sm getdirections'>\n\t\t<form action='https:\/\/maps.google.com\/maps' method='get' target='_blank'>\n\t\t\t<input type='hidden' name='daddr' value=\"46.32878794406342,11.600176728690842\"\/> \n\t\t\t<div class='evo_get_direction_content evo_fx_dr_r evogap10'>\n\t\t\t\t<span class='evogetdir_header evodfx evofx_dr_r evofx_ai_c marr10'>\n\t\t\t\t\t<i class='mainicon fa fa-road'><\/i> \n\t\t\t\t\t<h3 class='evo_h3' style='padding-bottom:5px;'>Ottieni indicazioni stradali<\/h3>\n\t\t\t\t<\/span>\n\t\t\t\t<span class='evogetdir_field evodfx evofx_1_1 evo_fx_dr_c evow100p'>\t\t\t\t\t\n\t\t\t\t\t<input class='evoInput evotac' type='text' name='saddr' placeholder='Digitare l&#039;indirizzo per ottenere le indicazioni stradali' value='' style='margin:10px 0;'\/>\n\t\t\t\t<\/span>\n\t\t\t\t<button type='submit' class='evo_get_direction_button evo_btn_arr_circ dfx fx_ai_c' title='Fare clic qui per ottenere indicazioni'><i class='fa fa-chevron-right'><\/i> <\/button>\n\t\t\t<\/div>\n\t\t<\/form>\n\t<\/div><\/div><\/div><div class='evo_card_row_end evcal_close' title='Testo del pulsante Chiudi evento'><\/div><\/div><div class='clear end'><\/div><\/div><div id=\"event_2169_0\" class=\"eventon_list_event evo_eventtop scheduled  event clrW no_et event_2169_0\" data-event_id=\"2169\" data-ri=\"0r\" data-time=\"1783499400-1783547940\" data-colr=\"#a69dcd\" itemscope itemtype='http:\/\/schema.org\/Event'><div class=\"evo_event_schema\" style=\"display:none\" ><a itemprop='url'  href='https:\/\/latemarium.com\/it\/events\/gea-alla-conquista-della-cima\/'><\/a><meta itemprop='image' content=\"https:\/\/latemarium.com\/wp-content\/uploads\/2023\/06\/geotrail-1200x800-alice-russolo-rocce-barca-2.jpg\" \/><meta itemprop='startDate' content=\"2026-7-8T10:30+0:00\" \/><meta itemprop='endDate' content=\"2026-7-8T23:59+0:00\" \/><meta itemprop='eventStatus' content=\"https:\/\/schema.org\/EventScheduled\" \/><meta itemprop='eventAttendanceMode'   itemscope itemtype=\"https:\/\/schema.org\/OfflineEventAttendanceMode\"\/><script type=\"application\/ld+json\">{\"@context\": \"http:\/\/schema.org\",\"@type\": \"Event\",\n\t\t\t\t\"@id\": \"event_2169_0\",\n\t\t\t\t\"eventAttendanceMode\":\"https:\/\/schema.org\/OfflineEventAttendanceMode\",\n\t\t\t\t\"eventStatus\":\"https:\/\/schema.org\/EventScheduled\",\n\t\t\t\t\"name\": \"Gea alla conquista della cima\",\n\t\t\t\t\"url\": \"https:\/\/latemarium.com\/it\/events\/gea-alla-conquista-della-cima\/\",\n\t\t\t\t\"startDate\": \"2026-7-8T10:30+0:00\",\n\t\t\t\t\"endDate\": \"2026-7-8T23:59+0:00\",\n\t\t\t\t\"image\":\"https:\/\/latemarium.com\/wp-content\/uploads\/2023\/06\/geotrail-1200x800-alice-russolo-rocce-barca-2.jpg\", \n\t\t\t\t\"description\":\"<p>La nostra Gea, libera e entusiasta compie una nuova impresa con due esperti accompagnatori e insieme conquisteranno la cima!<\/p> <p>mercoled\u00ec: dall&#8217;8 luglio al 19 agosto 2026<br \/> a monte della seggiovia Gardon\u00e8-Passo Feudo<br \/> ore 10.30<br \/> adatto a famiglie e bambini dai 5 anni in su\u00a0(durata 1h30\u2019)<\/p> \"}<\/script><\/div>\r\n\t\t\t\t<p class=\"desc_trig_outter\" style=\"\"><a data-gmap_status=\"null\" data-exlk=\"0\" style=\"background-color: #a69dcd;\" id=\"evc_17834994002169\" class=\"hasFtIMG event_repeat desc_trig sin_val evcal_list_a\" data-ux_val=\"3\" data-ux_val_mob=\"-\"  ><span class='evoet_c1 evoet_cx '><span class='ev_ftImg' data-img='https:\/\/latemarium.com\/wp-content\/uploads\/2023\/06\/geotrail-1200x800-alice-russolo-rocce-barca-2.jpg' data-thumb='https:\/\/latemarium.com\/wp-content\/uploads\/2023\/06\/geotrail-1200x800-alice-russolo-rocce-barca-2-300x200.jpg' style='background-image:url(\"https:\/\/latemarium.com\/wp-content\/uploads\/2023\/06\/geotrail-1200x800-alice-russolo-rocce-barca-2-300x200.jpg\")' ><\/span><\/span><span class='evoet_c2 evoet_cx '><span class='evoet_dayblock evcal_cblock ' data-bgcolor='#a69dcd' data-smon='luglio' data-syr='2026' data-bub=''><span class='evo_start '><em class='date'>08<\/em><em class='month'>lug<\/em><em class='time'>10:30<\/em><\/span><\/span><\/span><span class='evoet_c3 evoet_cx evcal_desc hide_eventtopdata '><span class='evoet_title evcal_desc2 evcal_event_title ' itemprop='name'>Gea alla conquista della cima<\/span><span class='event_location_attrs' data-location_type=\"lonlat\" data-location_name=\"A monte della seggiovia Gardon\u00e8-Passo Feudo\" data-location_url=\"https:\/\/latemarium.com\/it\/event-location\/a-monte-della-seggiovia-gardone-passo-feudo\/\" data-location_status=\"true\" data-latlng=\"46.32878794406342,11.600176728690842\"><\/span><span class='evoet_subtitle evo_below_title' ><span class='evcal_event_subtitle ' >Spettacolo itinerante sul Geotrail Dos Cap\u00e8l<\/span><\/span><span class='evoet_time_expand level_3'><em class='evcal_time evo_tz_time'><i class='fa fa-clock-o'><\/i>10:30<span class='evo_tz marl5'>(GMT+02:00)<\/span><\/em> <\/span><span class='evoet_location level_3'><em class=\"evcal_location\"  data-latlng=\"46.32878794406342,11.600176728690842\" data-add_str=\"\" data-n=\"A monte della seggiovia Gardon\u00e8-Passo Feudo\"><i class=\"fa fa-location-pin\"><\/i><em class=\"event_location_name\">A monte della seggiovia Gardon\u00e8-Passo Feudo<\/em><\/em><\/span><\/span><span class='evoet_data' data-d=\"{&quot;loc.n&quot;:&quot;A monte della seggiovia Gardon\\u00e8-Passo Feudo&quot;,&quot;orgs&quot;:[],&quot;tags&quot;:{&quot;repeating&quot;:&quot;Repeating Event&quot;}}\" data-bgc=\"#a69dcd\" data-bggrad=\"\" ><\/span><\/a><\/p><div class='event_description evcal_eventcard ' style=\"display:none\"><div class='evocard_row'><div id='event_ftimage' class='evocard_box ftimage' data-c='' \n\t\t\t\t\tstyle=''><div class='evocard_main_image_hold' data-t='Loading Image..'><div class='evocard_main_image evo_img_triglb evobr15 evobgsc evobgpc evodfx evofx_jc_c evofx_ai_c evofz48 minmized' style='height:300px; background-image:url();' data-f=\"https:\/\/latemarium.com\/wp-content\/uploads\/2023\/06\/geotrail-1200x800-alice-russolo-rocce-barca-2.jpg\" data-h=\"800\" data-w=\"1200\" data-ratio=\"0.66666666666667\" data-event_id=\"2169\" data-ri=\"0\"  data-t='Loading Image..'><span style='height:300px; background-image:url(https:\/\/latemarium.com\/wp-content\/uploads\/2023\/06\/geotrail-1200x800-alice-russolo-rocce-barca-2.jpg)'><\/span><\/div><\/div><\/div><\/div><div class='evocard_row'><div id='event_eventdetails' class='evocard_box eventdetails' data-c='' \n\t\t\t\t\tstyle=''><div class='evo_metarow_details evorow evcal_evdata_row evcal_event_details'>\n\t\t<div class=\"event_excerpt\" style=\"display:none\"><h3 class=\"padb5 evo_h3\">Dettagli dell&#039;evento<\/h3><p>La nostra Gea, libera e entusiasta compie una nuova impresa con due esperti accompagnatori e insieme conquisteranno la cima!\nmercoled\u00ec: dall&#8217;8 luglio al 19 agosto 2026\na monte della seggiovia Gardon\u00e8-Passo<\/p><\/div><span class='evcal_evdata_icons'><i class='fa fa-align-justify'><\/i><\/span>\n\t\t\n\t\t<div class='evcal_evdata_cell '>\n\t\t\t<div class='eventon_full_description'>\n\t\t\t\t<h3 class='padb5 evo_h3'><span class='evcal_evdata_icons'><i class='fa fa-align-justify'><\/i><\/span>Dettagli dell&#039;evento<\/h3>\n\t\t\t\t<div class='eventon_desc_in' itemprop='description'>\n\t\t\t\t<p>La nostra Gea, libera e entusiasta compie una nuova impresa con due esperti accompagnatori e insieme conquisteranno la cima!<\/p>\n<p>mercoled\u00ec: dall&#8217;8 luglio al 19 agosto 2026<br \/>\na monte della seggiovia Gardon\u00e8-Passo Feudo<br \/>\nore 10.30<br \/>\nadatto a famiglie e bambini dai 5 anni in su\u00a0(durata 1h30\u2019)<\/p>\n<\/div><div class='clear'><\/div>\n\t\t\t<\/div>\n\t\t<\/div>\n\t<\/div><\/div><\/div><div class='evocard_row bx2 bx'><div id='event_time' class='evocard_box time' data-c='' \n\t\t\t\t\tstyle=''><div class='evo_metarow_time evorow evcal_evdata_row evcal_evrow_sm '>\n\t\t<span class='evcal_evdata_icons'><i class='fa fa-clock'><\/i><\/span>\n\t\t<div class='evcal_evdata_cell'>\t\t\t\t\t\t\t\n\t\t\t<h3 class='evo_h3'><span class='evcal_evdata_icons'><i class='fa fa-clock'><\/i><\/span>Orario<\/h3><p><span class='evo_eventcard_time_t'>8 luglio 2026 10:30<\/span><span class='evo_tz marr5'>(GMT+02:00)<\/span><\/p>\n\t\t<\/div>\n\t<\/div><\/div><div id='event_location' class='evocard_box location' data-c='' \n\t\t\t\t\tstyle=''><div class='evcal_evdata_row evo_metarow_time_location evorow '>\n\t\t\n\t\t\t<span class='evcal_evdata_icons'><i class='fa fa-map-marker'><\/i><\/span>\n\t\t\t<div class='evcal_evdata_cell' data-loc_tax_id='37'><h3 class='evo_h3 evodfx'><span class='evcal_evdata_icons'><i class='fa fa-map-marker'><\/i><\/span>Luogo<\/h3><p class='evo_location_name'>A monte della seggiovia Gardon\u00e8-Passo Feudo<\/p><div class='padt10'><span class='evo_btn_arr evolb_trigger' data-lbvals=\"{&quot;lbc&quot;:&quot;evo_location_lb_37&quot;,&quot;lbac&quot;:&quot;lb_max&quot;,&quot;t&quot;:&quot;A monte della seggiovia Gardon\\u00e8-Passo Feudo&quot;,&quot;ajax&quot;:&quot;yes&quot;,&quot;ajax_type&quot;:&quot;endpoint&quot;,&quot;ajax_action&quot;:&quot;eventon_get_tax_card_content&quot;,&quot;end&quot;:&quot;client&quot;,&quot;d&quot;:{&quot;lang&quot;:&quot;L1&quot;,&quot;term_id&quot;:37,&quot;tax&quot;:&quot;event_location&quot;,&quot;load_lbcontent&quot;:true},&quot;uid&quot;:&quot;eventon_get_tax_card_content&quot;}\" >Other Events<i class='fa fa-chevron-right'><\/i><\/span><\/div><\/div>\n\t\t\n\t<\/div><\/div><\/div><div class='evocard_row bx2 bx'><div id='event_learnmore' class='evocard_box learnmore' data-c='' \n\t\t\t\t\tstyle=''><div class='evo_metarow_learnM evo_metarow_learnmore evorow'>\n\t\t\t\t\t\t\t<a class='evcal_evdata_row evo_clik_row ' href='https:\/\/www.montagnanimata.it\/spettacoli\/' target=\"_blank\">\n\t\t\t\t\t\t\t\t<span class='evcal_evdata_icons'><i class='fa fa-link'><\/i><\/span>\n\t\t\t\t\t\t\t\t<h3 class='evo_h3'>Scopri di pi\u00f9<\/h3>\n\t\t\t\t\t\t\t<\/a>\n\t\t\t\t\t\t\t<\/div><\/div><div id='event_addtocal' class='evocard_box addtocal' data-c='' \n\t\t\t\t\tstyle=''><div class='evo_metarow_ICS evorow evcal_evdata_row'>\n\t\t\t<span class='evcal_evdata_icons'><i class='fa fa-calendar-o'><\/i><\/span>\n\t\t\t<div class='evcal_evdata_cell'>\n\t\t\t\t<p><a href='https:\/\/latemarium.com\/it\/export-events\/2169_0\/?nonce=a3263097f9' class='evo_ics_nCal' title='Aggiungi al tuo calendario'>Calendario<\/a><a href='https:\/\/www.google.com\/calendar\/event?action=TEMPLATE&text=Gea+alla+conquista+della+cima&dates=20260708T083000Z%2F20260708T215900Z&ctz=Europe%2FRome&details=Gea alla conquista della cima&location=A+monte+della+seggiovia+Gardon%C3%A8-Passo+Feudo' target='_blank' class='evo_ics_gCal' title='Aggiungi al calendario di Google'>GoogleCal<\/a><\/p>\t\n\t\t\t<\/div>\n\t\t<\/div><\/div><\/div><div class='evocard_row'><div id='event_getdirection' class='evocard_box getdirection' data-c='' \n\t\t\t\t\tstyle=''><div class='evo_metarow_getDr evorow evcal_evdata_row evcal_evrow_sm getdirections'>\n\t\t<form action='https:\/\/maps.google.com\/maps' method='get' target='_blank'>\n\t\t\t<input type='hidden' name='daddr' value=\"46.32878794406342,11.600176728690842\"\/> \n\t\t\t<div class='evo_get_direction_content evo_fx_dr_r evogap10'>\n\t\t\t\t<span class='evogetdir_header evodfx evofx_dr_r evofx_ai_c marr10'>\n\t\t\t\t\t<i class='mainicon fa fa-road'><\/i> \n\t\t\t\t\t<h3 class='evo_h3' style='padding-bottom:5px;'>Ottieni indicazioni stradali<\/h3>\n\t\t\t\t<\/span>\n\t\t\t\t<span class='evogetdir_field evodfx evofx_1_1 evo_fx_dr_c evow100p'>\t\t\t\t\t\n\t\t\t\t\t<input class='evoInput evotac' type='text' name='saddr' placeholder='Digitare l&#039;indirizzo per ottenere le indicazioni stradali' value='' style='margin:10px 0;'\/>\n\t\t\t\t<\/span>\n\t\t\t\t<button type='submit' class='evo_get_direction_button evo_btn_arr_circ dfx fx_ai_c' title='Fare clic qui per ottenere indicazioni'><i class='fa fa-chevron-right'><\/i> <\/button>\n\t\t\t<\/div>\n\t\t<\/form>\n\t<\/div><\/div><\/div><div class='evo_card_row_end evcal_close' title='Testo del pulsante Chiudi evento'><\/div><\/div><div class='clear end'><\/div><\/div><div id=\"event_2933_2\" class=\"eventon_list_event evo_eventtop scheduled  event clrD event_2933_2\" data-event_id=\"2933\" data-ri=\"2r\" data-time=\"1783512000-1783521000\" data-colr=\"#38823b\" itemscope itemtype='http:\/\/schema.org\/Event'><div class=\"evo_event_schema\" style=\"display:none\" ><a itemprop='url'  href='https:\/\/latemarium.com\/it\/events\/in-cammino-con-i-pony\/var\/ri-2.l-L1'><\/a><meta itemprop='image' content=\"https:\/\/latemarium.com\/wp-content\/uploads\/2026\/04\/pony.jpg\" \/><meta itemprop='startDate' content=\"2026-7-8T14:00+0:00\" \/><meta itemprop='endDate' content=\"2026-7-8T16:30+0:00\" \/><meta itemprop='eventStatus' content=\"https:\/\/schema.org\/EventScheduled\" \/><meta itemprop='eventAttendanceMode'   itemscope itemtype=\"https:\/\/schema.org\/OfflineEventAttendanceMode\"\/><div style=\"display:none\" itemprop=\"location\" itemscope itemtype=\"http:\/\/schema.org\/Place\"><span itemprop=\"name\">Pampeago<\/span><span itemprop=\"address\" itemscope itemtype=\"http:\/\/schema.org\/PostalAddress\"><item itemprop=\"streetAddress\">Localit\u00e0 Pampeago, 8, 38038 Tesero TN<\/item><\/span><\/div><script type=\"application\/ld+json\">{\"@context\": \"http:\/\/schema.org\",\"@type\": \"Event\",\n\t\t\t\t\"@id\": \"event_2933_2\",\n\t\t\t\t\"eventAttendanceMode\":\"https:\/\/schema.org\/OfflineEventAttendanceMode\",\n\t\t\t\t\"eventStatus\":\"https:\/\/schema.org\/EventScheduled\",\n\t\t\t\t\"name\": \"In cammino con i pony\",\n\t\t\t\t\"url\": \"https:\/\/latemarium.com\/it\/events\/in-cammino-con-i-pony\/var\/ri-2.l-L1\",\n\t\t\t\t\"startDate\": \"2026-7-8T14:00+0:00\",\n\t\t\t\t\"endDate\": \"2026-7-8T16:30+0:00\",\n\t\t\t\t\"image\":\"https:\/\/latemarium.com\/wp-content\/uploads\/2026\/04\/pony.jpg\", \n\t\t\t\t\"description\":\"<p>Una piacevole passeggiata alla scoperta dei paesaggi di Pampeago, accompagnati da simpatici pony che guideranno bambini e famiglie lungo il percorso in totale sicurezza.<\/p> <p>Un\u2019esperienza rilassante e divertente, perfetta per vivere la montagna a ritmo lento e creare un contatto speciale con questi dolci animali.<\/p> <p><strong>INFO UTILI:<\/strong><br \/> Quando &#8211; Tutti i mercoled\u00ec dal 24\/06 al 09\/09<br \/> Orario &#8211; dalle 14.00 alle 16.30 (in base alle disponibilit\u00e0)<br \/> Ritrovo &#8211;\u00a0 parcheggio seggiovia Tresca (accesso consentito SOLO a chi prenota l\u2019attivit\u00e0)<\/p> <p>Attivit\u00e0 adatta a famiglie e bambini<\/p> <p>Prenotazione obbligatoria, clicca <a href='https:\/\/www.visitfiemme.it\/it\/eventi\/fiemme-cembra-guest-card\/esperienze\/esperienze-in-estate' target='_blank' rel='noopener'>QUI<\/a> per prenotare<\/p> \",\"location\":[{\"@type\":\"Place\",\"name\":\"Pampeago\",\"address\":{\"@type\": \"PostalAddress\",\"streetAddress\":\"Localit\u00e0 Pampeago, 8, 38038 Tesero TN\"}}]}<\/script><\/div>\r\n\t\t\t\t<p class=\"desc_trig_outter\" style=\"\"><a data-gmap_status=\"null\" data-exlk=\"0\" style=\"background-color: #38823b;\" id=\"evc_17835120002933\" class=\"hasFtIMG event_repeat desc_trig sin_val evcal_list_a\" data-ux_val=\"3\" data-ux_val_mob=\"-\"  ><span class='evoet_c1 evoet_cx '><span class='ev_ftImg' data-img='https:\/\/latemarium.com\/wp-content\/uploads\/2026\/04\/pony.jpg' data-thumb='https:\/\/latemarium.com\/wp-content\/uploads\/2026\/04\/pony-300x110.jpg' style='background-image:url(\"https:\/\/latemarium.com\/wp-content\/uploads\/2026\/04\/pony-300x110.jpg\")' ><\/span><\/span><span class='evoet_c2 evoet_cx '><span class='evoet_dayblock evcal_cblock ' data-bgcolor='#38823b' data-smon='luglio' data-syr='2026' data-bub=''><span class='evo_start '><em class='date'>08<\/em><em class='month'>lug<\/em><em class='time'>14:00<\/em><\/span><span class='evo_end only_time'><em class='time'>16:30<\/em><\/span><\/span><\/span><span class='evoet_c3 evoet_cx evcal_desc hide_eventtopdata '><span class='evoet_title evcal_desc2 evcal_event_title ' itemprop='name'>In cammino con i pony<\/span><span class='event_location_attrs'  data-location_address=\"Localit\u00e0 Pampeago, 8, 38038 Tesero TN\" data-location_type=\"lonlat\" data-location_name=\"Pampeago\" data-location_url=\"https:\/\/latemarium.com\/it\/event-location\/pampeago\/\" data-location_status=\"true\" data-latlng=\"46.34343697644898,11.540997527961546\"><\/span><span class='evoet_subtitle evo_below_title' ><span class='evcal_event_subtitle ' >passeggiata per famiglie<\/span><\/span><span class='evoet_time_expand level_3'><em class='evcal_time evo_tz_time'><i class='fa fa-clock-o'><\/i>14:00 - 16:30<span class='evo_tz marl5'>(GMT+02:00)<\/span><\/em> <\/span><span class='evoet_location level_3'><em class=\"evcal_location\"  data-latlng=\"46.34343697644898,11.540997527961546\" data-add_str=\"Localit\u00e0 Pampeago, 8, 38038 Tesero TN\" data-n=\"Pampeago\"><i class=\"fa fa-location-pin\"><\/i><em class=\"event_location_name\">Pampeago<\/em>, Localit\u00e0 Pampeago, 8, 38038 Tesero TN<\/em><\/span><\/span><span class='evoet_data' data-d=\"{&quot;loc.n&quot;:&quot;Pampeago&quot;,&quot;orgs&quot;:[],&quot;tags&quot;:{&quot;repeating&quot;:&quot;Repeating Event&quot;}}\" data-bgc=\"#38823b\" data-bggrad=\"\" ><\/span><\/a><\/p><div class='event_description evcal_eventcard ' style=\"display:none\"><div class='evocard_row'><div id='event_ftimage' class='evocard_box ftimage' data-c='' \n\t\t\t\t\tstyle=''><div class='evocard_main_image_hold' data-t='Loading Image..'><div class='evocard_main_image evo_img_triglb evobr15 evobgsc evobgpc evodfx evofx_jc_c evofx_ai_c evofz48 minmized' style='height:300px; background-image:url();' data-f=\"https:\/\/latemarium.com\/wp-content\/uploads\/2026\/04\/pony.jpg\" data-h=\"368\" data-w=\"1000\" data-ratio=\"0.368\" data-event_id=\"2933\" data-ri=\"2\"  data-t='Loading Image..'><span style='height:300px; background-image:url(https:\/\/latemarium.com\/wp-content\/uploads\/2026\/04\/pony.jpg)'><\/span><\/div><\/div><\/div><\/div><div class='evocard_row'><div id='event_eventdetails' class='evocard_box eventdetails' data-c='' \n\t\t\t\t\tstyle=''><div class='evo_metarow_details evorow evcal_evdata_row evcal_event_details'>\n\t\t<div class=\"event_excerpt\" style=\"display:none\"><h3 class=\"padb5 evo_h3\">Dettagli dell&#039;evento<\/h3><p>Una piacevole passeggiata alla scoperta dei paesaggi di Pampeago, accompagnati da simpatici pony che guideranno bambini e famiglie lungo il percorso in totale sicurezza.\nUn\u2019esperienza rilassante e divertente, perfetta per vivere<\/p><\/div><span class='evcal_evdata_icons'><i class='fa fa-align-justify'><\/i><\/span>\n\t\t\n\t\t<div class='evcal_evdata_cell shorter_desc'>\n\t\t\t<div class='eventon_full_description'>\n\t\t\t\t<h3 class='padb5 evo_h3'><span class='evcal_evdata_icons'><i class='fa fa-align-justify'><\/i><\/span>Dettagli dell&#039;evento<\/h3>\n\t\t\t\t<div class='eventon_desc_in' itemprop='description'>\n\t\t\t\t<p>Una piacevole passeggiata alla scoperta dei paesaggi di Pampeago, accompagnati da simpatici pony che guideranno bambini e famiglie lungo il percorso in totale sicurezza.<\/p>\n<p>Un\u2019esperienza rilassante e divertente, perfetta per vivere la montagna a ritmo lento e creare un contatto speciale con questi dolci animali.<\/p>\n<p><strong>INFO UTILI:<\/strong><br \/>\nQuando &#8211; Tutti i mercoled\u00ec dal 24\/06 al 09\/09<br \/>\nOrario &#8211; dalle 14.00 alle 16.30 (in base alle disponibilit\u00e0)<br \/>\nRitrovo &#8211;\u00a0 parcheggio seggiovia Tresca (accesso consentito SOLO a chi prenota l\u2019attivit\u00e0)<\/p>\n<p>Attivit\u00e0 adatta a famiglie e bambini<\/p>\n<p>Prenotazione obbligatoria, clicca <a href=\"https:\/\/www.visitfiemme.it\/it\/eventi\/fiemme-cembra-guest-card\/esperienze\/esperienze-in-estate\" target=\"_blank\" rel=\"noopener\">QUI<\/a> per prenotare<\/p>\n<\/div><p class='eventon_shad_p' style='padding:5px 0 0; margin:0'>\n\t\t\t<span class='evcal_btn evo_btn_secondary evobtn_details_show_more' content='less'>\n\t\t\t\t<span class='ev_more_text' data-txt='Meno'>Pi\u00f9<\/span><span class='ev_more_arrow ard'><\/span>\n\t\t\t<\/span>\n\t\t<\/p><div class='clear'><\/div>\n\t\t\t<\/div>\n\t\t<\/div>\n\t<\/div><\/div><\/div><div class='evocard_row bx2 bx'><div id='event_time' class='evocard_box time' data-c='' \n\t\t\t\t\tstyle=''><div class='evo_metarow_time evorow evcal_evdata_row evcal_evrow_sm '>\n\t\t<span class='evcal_evdata_icons'><i class='fa fa-clock'><\/i><\/span>\n\t\t<div class='evcal_evdata_cell'>\t\t\t\t\t\t\t\n\t\t\t<h3 class='evo_h3'><span class='evcal_evdata_icons'><i class='fa fa-clock'><\/i><\/span>Orario<\/h3><p><span class='evo_eventcard_time_t'>8 luglio 2026 14:00 - 16:30<\/span><span class='evo_tz marr5'>(GMT+02:00)<\/span><\/p>\n\t\t<\/div>\n\t<\/div><\/div><div id='event_location' class='evocard_box location' data-c='' \n\t\t\t\t\tstyle=''><div class='evcal_evdata_row evo_metarow_time_location evorow '>\n\t\t\n\t\t\t<span class='evcal_evdata_icons'><i class='fa fa-map-marker'><\/i><\/span>\n\t\t\t<div class='evcal_evdata_cell' data-loc_tax_id='30'><h3 class='evo_h3 evodfx'><span class='evcal_evdata_icons'><i class='fa fa-map-marker'><\/i><\/span>Luogo<\/h3><p class='evo_location_name'>Pampeago<\/p><p class='evo_location_address evodfxi evogap10'>Localit\u00e0 Pampeago, 8, 38038 Tesero TN<\/p><div class='padt10'><span class='evo_btn_arr evolb_trigger' data-lbvals=\"{&quot;lbc&quot;:&quot;evo_location_lb_30&quot;,&quot;lbac&quot;:&quot;lb_max&quot;,&quot;t&quot;:&quot;Pampeago&quot;,&quot;ajax&quot;:&quot;yes&quot;,&quot;ajax_type&quot;:&quot;endpoint&quot;,&quot;ajax_action&quot;:&quot;eventon_get_tax_card_content&quot;,&quot;end&quot;:&quot;client&quot;,&quot;d&quot;:{&quot;lang&quot;:&quot;L1&quot;,&quot;term_id&quot;:30,&quot;tax&quot;:&quot;event_location&quot;,&quot;load_lbcontent&quot;:true},&quot;uid&quot;:&quot;eventon_get_tax_card_content&quot;}\" >Other Events<i class='fa fa-chevron-right'><\/i><\/span><\/div><\/div>\n\t\t\n\t<\/div><\/div><\/div><div class='evocard_row'><div id='event_addtocal' class='evocard_box addtocal' data-c='' \n\t\t\t\t\tstyle=''><div class='evo_metarow_ICS evorow evcal_evdata_row'>\n\t\t\t<span class='evcal_evdata_icons'><i class='fa fa-calendar-o'><\/i><\/span>\n\t\t\t<div class='evcal_evdata_cell'>\n\t\t\t\t<p><a href='https:\/\/latemarium.com\/it\/export-events\/2933_2\/?nonce=a3263097f9' class='evo_ics_nCal' title='Aggiungi al tuo calendario'>Calendario<\/a><a href='https:\/\/www.google.com\/calendar\/event?action=TEMPLATE&text=In+cammino+con+i+pony&dates=20260708T120000Z%2F20260708T143000Z&ctz=Europe%2FRome&details=In cammino con i pony&location=Pampeago+Localit%C3%A0+Pampeago%2C+8%2C+38038+Tesero+TN' target='_blank' class='evo_ics_gCal' title='Aggiungi al calendario di Google'>GoogleCal<\/a><\/p>\t\n\t\t\t<\/div>\n\t\t<\/div><\/div><\/div><div class='evocard_row'><div id='event_getdirection' class='evocard_box getdirection' data-c='' \n\t\t\t\t\tstyle=''><div class='evo_metarow_getDr evorow evcal_evdata_row evcal_evrow_sm getdirections'>\n\t\t<form action='https:\/\/maps.google.com\/maps' method='get' target='_blank'>\n\t\t\t<input type='hidden' name='daddr' value=\"46.34343697644898,11.540997527961546\"\/> \n\t\t\t<div class='evo_get_direction_content evo_fx_dr_r evogap10'>\n\t\t\t\t<span class='evogetdir_header evodfx evofx_dr_r evofx_ai_c marr10'>\n\t\t\t\t\t<i class='mainicon fa fa-road'><\/i> \n\t\t\t\t\t<h3 class='evo_h3' style='padding-bottom:5px;'>Ottieni indicazioni stradali<\/h3>\n\t\t\t\t<\/span>\n\t\t\t\t<span class='evogetdir_field evodfx evofx_1_1 evo_fx_dr_c evow100p'>\t\t\t\t\t\n\t\t\t\t\t<input class='evoInput evotac' type='text' name='saddr' placeholder='Digitare l&#039;indirizzo per ottenere le indicazioni stradali' value='' style='margin:10px 0;'\/>\n\t\t\t\t<\/span>\n\t\t\t\t<button type='submit' class='evo_get_direction_button evo_btn_arr_circ dfx fx_ai_c' title='Fare clic qui per ottenere indicazioni'><i class='fa fa-chevron-right'><\/i> <\/button>\n\t\t\t<\/div>\n\t\t<\/form>\n\t<\/div><\/div><\/div><div class='evo_card_row_end evcal_close' title='Testo del pulsante Chiudi evento'><\/div><\/div><div class='clear end'><\/div><\/div><div id=\"event_2840_1\" class=\"eventon_list_event evo_eventtop scheduled  event clrD no_et event_2840_1\" data-event_id=\"2840\" data-ri=\"1r\" data-time=\"1783580400-1783634340\" data-colr=\"#38823b\" itemscope itemtype='http:\/\/schema.org\/Event'><div class=\"evo_event_schema\" style=\"display:none\" ><a itemprop='url'  href='https:\/\/latemarium.com\/it\/events\/escursione-in-montagna-al-rifugio-torre-di-pisa\/var\/ri-1.l-L1'><\/a><meta itemprop='image' content=\"https:\/\/latemarium.com\/wp-content\/uploads\/2025\/05\/escursione-torre-di-pisa-obereggen.jpg\" \/><meta itemprop='startDate' content=\"2026-7-9T09:00+0:00\" \/><meta itemprop='endDate' content=\"2026-7-9T23:59+0:00\" \/><meta itemprop='eventStatus' content=\"https:\/\/schema.org\/EventScheduled\" \/><meta itemprop='eventAttendanceMode'   itemscope itemtype=\"https:\/\/schema.org\/OfflineEventAttendanceMode\"\/><div style=\"display:none\" itemprop=\"location\" itemscope itemtype=\"http:\/\/schema.org\/Place\"><span itemprop=\"name\">Stazione a valle Obereggen<\/span><span itemprop=\"address\" itemscope itemtype=\"http:\/\/schema.org\/PostalAddress\"><item itemprop=\"streetAddress\">Via Obereggen, 16, 39050 Nova Ponente BZ<\/item><\/span><\/div><script type=\"application\/ld+json\">{\"@context\": \"http:\/\/schema.org\",\"@type\": \"Event\",\n\t\t\t\t\"@id\": \"event_2840_1\",\n\t\t\t\t\"eventAttendanceMode\":\"https:\/\/schema.org\/OfflineEventAttendanceMode\",\n\t\t\t\t\"eventStatus\":\"https:\/\/schema.org\/EventScheduled\",\n\t\t\t\t\"name\": \"Escursione in montagna al rifugio Torre di Pisa\",\n\t\t\t\t\"url\": \"https:\/\/latemarium.com\/it\/events\/escursione-in-montagna-al-rifugio-torre-di-pisa\/var\/ri-1.l-L1\",\n\t\t\t\t\"startDate\": \"2026-7-9T09:00+0:00\",\n\t\t\t\t\"endDate\": \"2026-7-9T23:59+0:00\",\n\t\t\t\t\"image\":\"https:\/\/latemarium.com\/wp-content\/uploads\/2025\/05\/escursione-torre-di-pisa-obereggen.jpg\", \n\t\t\t\t\"description\":\"<p>Escursione di media difficolt\u00e0 ma impegnativa ad alte altitudini attraverso le rocce delle fantastiche Torri del Latemar.<\/p> <p>Itinerario: Salita con la seggiovia Oberholz (1550-2100 m) \u2013 sentiero n. 18 &#8211; Forcella dei Camosci (2560 m) \u2013 sentiero n. 516 \u2013 rifugio Torre di Pisa (2671 m). Sosta. Discesa sul sentiero n. 516 e n. 22 \u2013 stazione a monte della seggiovia Oberholz \u2013 discesa.<\/p> <p>Partenza: ore 09.00 a Obereggen<br \/> Ritorno: ore 16.00<br \/> Durata: 7 h | Tempo di cammino: 6 h<br \/> Dislivello: 750 m<br \/> Difficolt\u00e0: difficile<br \/> Requisiti necessari: sicurezza nel muoversi in ambiente montano, nessun problema di vertigini | con ristoro<br \/> Seggiovia: 21,50 \u20ac\/adulto, 17,50 \u20ac\/junior fino a 16<\/p> \",\"location\":[{\"@type\":\"Place\",\"name\":\"Stazione a valle Obereggen\",\"address\":{\"@type\": \"PostalAddress\",\"streetAddress\":\"Via Obereggen, 16, 39050 Nova Ponente BZ\"}}]}<\/script><\/div>\r\n\t\t\t\t<p class=\"desc_trig_outter\" style=\"\"><a data-gmtrig=\"1\" data-exlk=\"0\" style=\"background-color: #38823b;\" id=\"evc_17835804002840\" class=\"hasFtIMG event_repeat desc_trig sin_val evcal_list_a\" data-ux_val=\"3\" data-ux_val_mob=\"-\"  ><span class='evoet_c1 evoet_cx '><span class='ev_ftImg' data-img='https:\/\/latemarium.com\/wp-content\/uploads\/2025\/05\/escursione-torre-di-pisa-obereggen.jpg' data-thumb='https:\/\/latemarium.com\/wp-content\/uploads\/2025\/05\/escursione-torre-di-pisa-obereggen-300x182.jpg' style='background-image:url(\"https:\/\/latemarium.com\/wp-content\/uploads\/2025\/05\/escursione-torre-di-pisa-obereggen-300x182.jpg\")' ><\/span><\/span><span class='evoet_c2 evoet_cx '><span class='evoet_dayblock evcal_cblock ' data-bgcolor='#38823b' data-smon='luglio' data-syr='2026' data-bub=''><span class='evo_start '><em class='date'>09<\/em><em class='month'>lug<\/em><em class='time'>09:00<\/em><\/span><\/span><\/span><span class='evoet_c3 evoet_cx evcal_desc hide_eventtopdata '><span class='evoet_title evcal_desc2 evcal_event_title ' itemprop='name'>Escursione in montagna al rifugio Torre di Pisa<\/span><span class='event_location_attrs'  data-location_address=\"Via Obereggen, 16, 39050 Nova Ponente BZ\" data-location_type=\"lonlat\" data-location_name=\"Stazione a valle Obereggen\" data-location_url=\"https:\/\/latemarium.com\/it\/event-location\/stazione-a-valle-obereggen\/\" data-location_status=\"true\" data-latlng=\"46.3835808246333,11.52667595881786\"><\/span><span class='evoet_subtitle evo_below_title' ><span class='evcal_event_subtitle ' >escursione guidata<\/span><\/span><span class='evoet_time_expand level_3'><em class='evcal_time evo_tz_time'><i class='fa fa-clock-o'><\/i>09:00<span class='evo_tz marl5'>(GMT+02:00)<\/span><\/em> <\/span><span class='evoet_location level_3'><em class=\"evcal_location\"  data-latlng=\"46.3835808246333,11.52667595881786\" data-add_str=\"Via Obereggen, 16, 39050 Nova Ponente BZ\" data-n=\"Stazione a valle Obereggen\"><i class=\"fa fa-location-pin\"><\/i><em class=\"event_location_name\">Stazione a valle Obereggen<\/em>, Via Obereggen, 16, 39050 Nova Ponente BZ<\/em><\/span><\/span><span class='evoet_data' data-d=\"{&quot;loc.n&quot;:&quot;Stazione a valle Obereggen&quot;,&quot;orgs&quot;:[],&quot;tags&quot;:{&quot;repeating&quot;:&quot;Repeating Event&quot;}}\" data-bgc=\"#38823b\" data-bggrad=\"\" ><\/span><\/a><\/p><div class='event_description evcal_eventcard ' style=\"display:none\"><div class='evocard_row'><div id='event_ftimage' class='evocard_box ftimage' data-c='' \n\t\t\t\t\tstyle=''><div class='evocard_main_image_hold' data-t='Loading Image..'><div class='evocard_main_image evo_img_triglb evobr15 evobgsc evobgpc evodfx evofx_jc_c evofx_ai_c evofz48 minmized' style='height:300px; background-image:url();' data-f=\"https:\/\/latemarium.com\/wp-content\/uploads\/2025\/05\/escursione-torre-di-pisa-obereggen.jpg\" data-h=\"755\" data-w=\"1245\" data-ratio=\"0.60642570281124\" data-event_id=\"2840\" data-ri=\"1\"  data-t='Loading Image..'><span style='height:300px; background-image:url(https:\/\/latemarium.com\/wp-content\/uploads\/2025\/05\/escursione-torre-di-pisa-obereggen.jpg)'><\/span><\/div><\/div><\/div><\/div><div class='evocard_row'><div id='event_eventdetails' class='evocard_box eventdetails' data-c='' \n\t\t\t\t\tstyle=''><div class='evo_metarow_details evorow evcal_evdata_row evcal_event_details'>\n\t\t<div class=\"event_excerpt\" style=\"display:none\"><h3 class=\"padb5 evo_h3\">Dettagli dell&#039;evento<\/h3><p>Escursione di media difficolt\u00e0 ma impegnativa ad alte altitudini attraverso le rocce delle fantastiche Torri del Latemar.\nItinerario: Salita con la seggiovia Oberholz (1550-2100 m) \u2013 sentiero n. 18 &#8211; Forcella<\/p><\/div><span class='evcal_evdata_icons'><i class='fa fa-align-justify'><\/i><\/span>\n\t\t\n\t\t<div class='evcal_evdata_cell shorter_desc'>\n\t\t\t<div class='eventon_full_description'>\n\t\t\t\t<h3 class='padb5 evo_h3'><span class='evcal_evdata_icons'><i class='fa fa-align-justify'><\/i><\/span>Dettagli dell&#039;evento<\/h3>\n\t\t\t\t<div class='eventon_desc_in' itemprop='description'>\n\t\t\t\t<p>Escursione di media difficolt\u00e0 ma impegnativa ad alte altitudini attraverso le rocce delle fantastiche Torri del Latemar.<\/p>\n<p>Itinerario: Salita con la seggiovia Oberholz (1550-2100 m) \u2013 sentiero n. 18 &#8211; Forcella dei Camosci (2560 m) \u2013 sentiero n. 516 \u2013 rifugio Torre di Pisa (2671 m). Sosta. Discesa sul sentiero n. 516 e n. 22 \u2013 stazione a monte della seggiovia Oberholz \u2013 discesa.<\/p>\n<p>Partenza: ore 09.00 a Obereggen<br \/>\nRitorno: ore 16.00<br \/>\nDurata: 7 h | Tempo di cammino: 6 h<br \/>\nDislivello: 750 m<br \/>\nDifficolt\u00e0: difficile<br \/>\nRequisiti necessari: sicurezza nel muoversi in ambiente montano, nessun problema di vertigini | con ristoro<br \/>\nSeggiovia: 21,50 \u20ac\/adulto, 17,50 \u20ac\/junior fino a 16<\/p>\n<\/div><p class='eventon_shad_p' style='padding:5px 0 0; margin:0'>\n\t\t\t<span class='evcal_btn evo_btn_secondary evobtn_details_show_more' content='less'>\n\t\t\t\t<span class='ev_more_text' data-txt='Meno'>Pi\u00f9<\/span><span class='ev_more_arrow ard'><\/span>\n\t\t\t<\/span>\n\t\t<\/p><div class='clear'><\/div>\n\t\t\t<\/div>\n\t\t<\/div>\n\t<\/div><\/div><\/div><div class='evocard_row bx2 bx'><div id='event_time' class='evocard_box time' data-c='' \n\t\t\t\t\tstyle=''><div class='evo_metarow_time evorow evcal_evdata_row evcal_evrow_sm '>\n\t\t<span class='evcal_evdata_icons'><i class='fa fa-clock'><\/i><\/span>\n\t\t<div class='evcal_evdata_cell'>\t\t\t\t\t\t\t\n\t\t\t<h3 class='evo_h3'><span class='evcal_evdata_icons'><i class='fa fa-clock'><\/i><\/span>Orario<\/h3><p><span class='evo_eventcard_time_t'>9 luglio 2026 09:00<\/span><span class='evo_tz marr5'>(GMT+02:00)<\/span><\/p>\n\t\t<\/div>\n\t<\/div><\/div><div id='event_location' class='evocard_box location' data-c='' \n\t\t\t\t\tstyle=''><div class='evcal_evdata_row evo_metarow_time_location evorow '>\n\t\t\n\t\t\t<span class='evcal_evdata_icons'><i class='fa fa-map-marker'><\/i><\/span>\n\t\t\t<div class='evcal_evdata_cell' data-loc_tax_id='22'><h3 class='evo_h3 evodfx'><span class='evcal_evdata_icons'><i class='fa fa-map-marker'><\/i><\/span>Luogo<\/h3><p class='evo_location_name'>Stazione a valle Obereggen<\/p><p class='evo_location_address evodfxi evogap10'>Via Obereggen, 16, 39050 Nova Ponente BZ<\/p><div class='padt10'><span class='evo_btn_arr evolb_trigger' data-lbvals=\"{&quot;lbc&quot;:&quot;evo_location_lb_22&quot;,&quot;lbac&quot;:&quot;lb_max&quot;,&quot;t&quot;:&quot;Stazione a valle Obereggen&quot;,&quot;ajax&quot;:&quot;yes&quot;,&quot;ajax_type&quot;:&quot;endpoint&quot;,&quot;ajax_action&quot;:&quot;eventon_get_tax_card_content&quot;,&quot;end&quot;:&quot;client&quot;,&quot;d&quot;:{&quot;lang&quot;:&quot;L1&quot;,&quot;term_id&quot;:22,&quot;tax&quot;:&quot;event_location&quot;,&quot;load_lbcontent&quot;:true},&quot;uid&quot;:&quot;eventon_get_tax_card_content&quot;}\" >Other Events<i class='fa fa-chevron-right'><\/i><\/span><\/div><\/div>\n\t\t\n\t<\/div><\/div><\/div><div class='evocard_row bx2 bx'><div id='event_learnmore' class='evocard_box learnmore' data-c='' \n\t\t\t\t\tstyle=''><div class='evo_metarow_learnM evo_metarow_learnmore evorow'>\n\t\t\t\t\t\t\t<a class='evcal_evdata_row evo_clik_row ' href='https:\/\/eggental.com\/it\/eventi\/escursione-in-montagna-al-rifugio-torre-di-pisa_11602' target=\"_blank\">\n\t\t\t\t\t\t\t\t<span class='evcal_evdata_icons'><i class='fa fa-link'><\/i><\/span>\n\t\t\t\t\t\t\t\t<h3 class='evo_h3'>Scopri di pi\u00f9<\/h3>\n\t\t\t\t\t\t\t<\/a>\n\t\t\t\t\t\t\t<\/div><\/div><div id='event_addtocal' class='evocard_box addtocal' data-c='' \n\t\t\t\t\tstyle=''><div class='evo_metarow_ICS evorow evcal_evdata_row'>\n\t\t\t<span class='evcal_evdata_icons'><i class='fa fa-calendar-o'><\/i><\/span>\n\t\t\t<div class='evcal_evdata_cell'>\n\t\t\t\t<p><a href='https:\/\/latemarium.com\/it\/export-events\/2840_1\/?nonce=a3263097f9' class='evo_ics_nCal' title='Aggiungi al tuo calendario'>Calendario<\/a><a href='https:\/\/www.google.com\/calendar\/event?action=TEMPLATE&text=Escursione+in+montagna+al+rifugio+Torre+di+Pisa&dates=20260709T070000Z%2F20260709T215900Z&ctz=Europe%2FRome&details=Escursione in montagna al rifugio Torre di Pisa&location=Stazione+a+valle+Obereggen+Via+Obereggen%2C+16%2C+39050+Nova+Ponente+BZ' target='_blank' class='evo_ics_gCal' title='Aggiungi al calendario di Google'>GoogleCal<\/a><\/p>\t\n\t\t\t<\/div>\n\t\t<\/div><\/div><\/div><div class='evocard_row'><div id='event_getdirection' class='evocard_box getdirection' data-c='' \n\t\t\t\t\tstyle=''><div class='evo_metarow_getDr evorow evcal_evdata_row evcal_evrow_sm getdirections'>\n\t\t<form action='https:\/\/maps.google.com\/maps' method='get' target='_blank'>\n\t\t\t<input type='hidden' name='daddr' value=\"46.3835808246333,11.52667595881786\"\/> \n\t\t\t<div class='evo_get_direction_content evo_fx_dr_r evogap10'>\n\t\t\t\t<span class='evogetdir_header evodfx evofx_dr_r evofx_ai_c marr10'>\n\t\t\t\t\t<i class='mainicon fa fa-road'><\/i> \n\t\t\t\t\t<h3 class='evo_h3' style='padding-bottom:5px;'>Ottieni indicazioni stradali<\/h3>\n\t\t\t\t<\/span>\n\t\t\t\t<span class='evogetdir_field evodfx evofx_1_1 evo_fx_dr_c evow100p'>\t\t\t\t\t\n\t\t\t\t\t<input class='evoInput evotac' type='text' name='saddr' placeholder='Digitare l&#039;indirizzo per ottenere le indicazioni stradali' value='' style='margin:10px 0;'\/>\n\t\t\t\t<\/span>\n\t\t\t\t<button type='submit' class='evo_get_direction_button evo_btn_arr_circ dfx fx_ai_c' title='Fare clic qui per ottenere indicazioni'><i class='fa fa-chevron-right'><\/i> <\/button>\n\t\t\t<\/div>\n\t\t<\/form>\n\t<\/div><\/div><\/div><div class='evo_card_row_end evcal_close' title='Testo del pulsante Chiudi evento'><\/div><\/div><div class='clear end'><\/div><\/div><div id=\"event_2523_0\" class=\"eventon_list_event evo_eventtop scheduled  event clrW no_et event_2523_0\" data-event_id=\"2523\" data-ri=\"0r\" data-time=\"1783587600-1783634340\" data-colr=\"#a69dcd\" itemscope itemtype='http:\/\/schema.org\/Event'><div class=\"evo_event_schema\" style=\"display:none\" ><a itemprop='url'  href='https:\/\/latemarium.com\/it\/events\/mi-disegni-un-pinguino\/'><\/a><meta itemprop='image' content=\"https:\/\/latemarium.com\/wp-content\/uploads\/2023\/06\/libri-animati-4.jpg\" \/><meta itemprop='startDate' content=\"2026-7-9T11:00+0:00\" \/><meta itemprop='endDate' content=\"2026-7-9T23:59+0:00\" \/><meta itemprop='eventStatus' content=\"https:\/\/schema.org\/EventScheduled\" \/><meta itemprop='eventAttendanceMode'   itemscope itemtype=\"https:\/\/schema.org\/OfflineEventAttendanceMode\"\/><script type=\"application\/ld+json\">{\"@context\": \"http:\/\/schema.org\",\"@type\": \"Event\",\n\t\t\t\t\"@id\": \"event_2523_0\",\n\t\t\t\t\"eventAttendanceMode\":\"https:\/\/schema.org\/OfflineEventAttendanceMode\",\n\t\t\t\t\"eventStatus\":\"https:\/\/schema.org\/EventScheduled\",\n\t\t\t\t\"name\": \"Mi disegni un pinguino?\",\n\t\t\t\t\"url\": \"https:\/\/latemarium.com\/it\/events\/mi-disegni-un-pinguino\/\",\n\t\t\t\t\"startDate\": \"2026-7-9T11:00+0:00\",\n\t\t\t\t\"endDate\": \"2026-7-9T23:59+0:00\",\n\t\t\t\t\"image\":\"https:\/\/latemarium.com\/wp-content\/uploads\/2023\/06\/libri-animati-4.jpg\", \n\t\t\t\t\"description\":\"<p>Sembra facile disegnare un pinguino. Magari di fronte. Ma che succede se vogliamo disegnarlo di profilo? E se nel frattempo il pinguino incontra un elfo? E entrambi incontrano un gatto? Un gatto enorme, grigio e con una benda da pirata?<\/p> <p>gioved\u00ec: 9 luglio 2026<br \/> anfiteatro all\u2019aperto a Gardon\u00e8<br \/> ore 11.00 e ore 14.30<\/p> <p>con\u00a0Simone Frasca<\/p> <p>&nbsp;<\/p> \"}<\/script><\/div>\r\n\t\t\t\t<p class=\"desc_trig_outter\" style=\"\"><a data-gmap_status=\"null\" data-exlk=\"0\" style=\"background-color: #a69dcd;\" id=\"evc_17835876002523\" class=\"hasFtIMG desc_trig sin_val evcal_list_a\" data-ux_val=\"3\" data-ux_val_mob=\"-\"  ><span class='evoet_c1 evoet_cx '><span class='ev_ftImg' data-img='https:\/\/latemarium.com\/wp-content\/uploads\/2023\/06\/libri-animati-4.jpg' data-thumb='https:\/\/latemarium.com\/wp-content\/uploads\/2023\/06\/libri-animati-4-300x194.jpg' style='background-image:url(\"https:\/\/latemarium.com\/wp-content\/uploads\/2023\/06\/libri-animati-4-300x194.jpg\")' ><\/span><\/span><span class='evoet_c2 evoet_cx '><span class='evoet_dayblock evcal_cblock ' data-bgcolor='#a69dcd' data-smon='luglio' data-syr='2026' data-bub=''><span class='evo_start '><em class='date'>09<\/em><em class='month'>lug<\/em><em class='time'>11:00<\/em><\/span><\/span><\/span><span class='evoet_c3 evoet_cx evcal_desc hide_eventtopdata '><span class='evoet_title evcal_desc2 evcal_event_title ' itemprop='name'>Mi disegni un pinguino?<\/span><span class='event_location_attrs' data-location_type=\"lonlat\" data-location_name=\"A monte della telecabina Predazzo-Gardon\u00e8\" data-location_url=\"https:\/\/latemarium.com\/it\/event-location\/a-monte-della-telecabina-predazzo-gardone\/\" data-location_status=\"true\" data-latlng=\"46.32878794406342,11.600176728690842\"><\/span><span class='evoet_subtitle evo_below_title' ><span class='evcal_event_subtitle ' >ANFITEATRO DI GARDON\u00c8<\/span><\/span><span class='evoet_time_expand level_3'><em class='evcal_time evo_tz_time'><i class='fa fa-clock-o'><\/i>11:00<span class='evo_tz marl5'>(GMT+02:00)<\/span><\/em> <\/span><span class='evoet_location level_3'><em class=\"evcal_location\"  data-latlng=\"46.32878794406342,11.600176728690842\" data-add_str=\"\" data-n=\"A monte della telecabina Predazzo-Gardon\u00e8\"><i class=\"fa fa-location-pin\"><\/i><em class=\"event_location_name\">A monte della telecabina Predazzo-Gardon\u00e8<\/em><\/em><\/span><\/span><span class='evoet_data' data-d=\"{&quot;loc.n&quot;:&quot;A monte della telecabina Predazzo-Gardon\\u00e8&quot;,&quot;orgs&quot;:[],&quot;tags&quot;:[]}\" data-bgc=\"#a69dcd\" data-bggrad=\"\" ><\/span><\/a><\/p><div class='event_description evcal_eventcard ' style=\"display:none\"><div class='evocard_row'><div id='event_ftimage' class='evocard_box ftimage' data-c='' \n\t\t\t\t\tstyle=''><div class='evocard_main_image_hold' data-t='Loading Image..'><div class='evocard_main_image evo_img_triglb evobr15 evobgsc evobgpc evodfx evofx_jc_c evofx_ai_c evofz48 minmized' style='height:300px; background-image:url();' data-f=\"https:\/\/latemarium.com\/wp-content\/uploads\/2023\/06\/libri-animati-4.jpg\" data-h=\"553\" data-w=\"857\" data-ratio=\"0.64527421236873\" data-event_id=\"2523\" data-ri=\"0\"  data-t='Loading Image..'><span style='height:300px; background-image:url(https:\/\/latemarium.com\/wp-content\/uploads\/2023\/06\/libri-animati-4.jpg)'><\/span><\/div><\/div><\/div><\/div><div class='evocard_row'><div id='event_eventdetails' class='evocard_box eventdetails' data-c='' \n\t\t\t\t\tstyle=''><div class='evo_metarow_details evorow evcal_evdata_row evcal_event_details'>\n\t\t<div class=\"event_excerpt\" style=\"display:none\"><h3 class=\"padb5 evo_h3\">Dettagli dell&#039;evento<\/h3><p>Sembra facile disegnare un pinguino. Magari di fronte. Ma che succede se vogliamo disegnarlo di profilo? E se nel frattempo il pinguino incontra un elfo? E entrambi incontrano un gatto?<\/p><\/div><span class='evcal_evdata_icons'><i class='fa fa-align-justify'><\/i><\/span>\n\t\t\n\t\t<div class='evcal_evdata_cell '>\n\t\t\t<div class='eventon_full_description'>\n\t\t\t\t<h3 class='padb5 evo_h3'><span class='evcal_evdata_icons'><i class='fa fa-align-justify'><\/i><\/span>Dettagli dell&#039;evento<\/h3>\n\t\t\t\t<div class='eventon_desc_in' itemprop='description'>\n\t\t\t\t<p>Sembra facile disegnare un pinguino. Magari di fronte. Ma che succede se vogliamo disegnarlo di profilo? E se nel frattempo il pinguino incontra un elfo? E entrambi incontrano un gatto? Un gatto enorme, grigio e con una benda da pirata?<\/p>\n<p>gioved\u00ec: 9 luglio 2026<br \/>\nanfiteatro all\u2019aperto a Gardon\u00e8<br \/>\nore 11.00 e ore 14.30<\/p>\n<p>con\u00a0Simone Frasca<\/p>\n<p>&nbsp;<\/p>\n<\/div><div class='clear'><\/div>\n\t\t\t<\/div>\n\t\t<\/div>\n\t<\/div><\/div><\/div><div class='evocard_row bx2 bx'><div id='event_time' class='evocard_box time' data-c='' \n\t\t\t\t\tstyle=''><div class='evo_metarow_time evorow evcal_evdata_row evcal_evrow_sm '>\n\t\t<span class='evcal_evdata_icons'><i class='fa fa-clock'><\/i><\/span>\n\t\t<div class='evcal_evdata_cell'>\t\t\t\t\t\t\t\n\t\t\t<h3 class='evo_h3'><span class='evcal_evdata_icons'><i class='fa fa-clock'><\/i><\/span>Orario<\/h3><p><span class='evo_eventcard_time_t'>9 luglio 2026 11:00<\/span><span class='evo_tz marr5'>(GMT+02:00)<\/span><\/p>\n\t\t<\/div>\n\t<\/div><\/div><div id='event_location' class='evocard_box location' data-c='' \n\t\t\t\t\tstyle=''><div class='evcal_evdata_row evo_metarow_time_location evorow '>\n\t\t\n\t\t\t<span class='evcal_evdata_icons'><i class='fa fa-map-marker'><\/i><\/span>\n\t\t\t<div class='evcal_evdata_cell' data-loc_tax_id='34'><h3 class='evo_h3 evodfx'><span class='evcal_evdata_icons'><i class='fa fa-map-marker'><\/i><\/span>Luogo<\/h3><p class='evo_location_name'>A monte della telecabina Predazzo-Gardon\u00e8<\/p><div class='padt10'><span class='evo_btn_arr evolb_trigger' data-lbvals=\"{&quot;lbc&quot;:&quot;evo_location_lb_34&quot;,&quot;lbac&quot;:&quot;lb_max&quot;,&quot;t&quot;:&quot;A monte della telecabina Predazzo-Gardon\\u00e8&quot;,&quot;ajax&quot;:&quot;yes&quot;,&quot;ajax_type&quot;:&quot;endpoint&quot;,&quot;ajax_action&quot;:&quot;eventon_get_tax_card_content&quot;,&quot;end&quot;:&quot;client&quot;,&quot;d&quot;:{&quot;lang&quot;:&quot;L1&quot;,&quot;term_id&quot;:34,&quot;tax&quot;:&quot;event_location&quot;,&quot;load_lbcontent&quot;:true},&quot;uid&quot;:&quot;eventon_get_tax_card_content&quot;}\" >Other Events<i class='fa fa-chevron-right'><\/i><\/span><\/div><\/div>\n\t\t\n\t<\/div><\/div><\/div><div class='evocard_row bx2 bx'><div id='event_learnmore' class='evocard_box learnmore' data-c='' \n\t\t\t\t\tstyle=''><div class='evo_metarow_learnM evo_metarow_learnmore evorow'>\n\t\t\t\t\t\t\t<a class='evcal_evdata_row evo_clik_row ' href='https:\/\/www.montagnanimata.it\/spettacoli\/' target=\"_blank\">\n\t\t\t\t\t\t\t\t<span class='evcal_evdata_icons'><i class='fa fa-link'><\/i><\/span>\n\t\t\t\t\t\t\t\t<h3 class='evo_h3'>Scopri di pi\u00f9<\/h3>\n\t\t\t\t\t\t\t<\/a>\n\t\t\t\t\t\t\t<\/div><\/div><div id='event_addtocal' class='evocard_box addtocal' data-c='' \n\t\t\t\t\tstyle=''><div class='evo_metarow_ICS evorow evcal_evdata_row'>\n\t\t\t<span class='evcal_evdata_icons'><i class='fa fa-calendar-o'><\/i><\/span>\n\t\t\t<div class='evcal_evdata_cell'>\n\t\t\t\t<p><a href='https:\/\/latemarium.com\/it\/export-events\/2523_0\/?nonce=a3263097f9' class='evo_ics_nCal' title='Aggiungi al tuo calendario'>Calendario<\/a><a href='https:\/\/www.google.com\/calendar\/event?action=TEMPLATE&text=Mi+disegni+un+pinguino%3F&dates=20260709T090000Z%2F20260709T215900Z&ctz=Europe%2FRome&details=Mi disegni un pinguino?&location=A+monte+della+telecabina+Predazzo-Gardon%C3%A8' target='_blank' class='evo_ics_gCal' title='Aggiungi al calendario di Google'>GoogleCal<\/a><\/p>\t\n\t\t\t<\/div>\n\t\t<\/div><\/div><\/div><div class='evocard_row'><div id='event_getdirection' class='evocard_box getdirection' data-c='' \n\t\t\t\t\tstyle=''><div class='evo_metarow_getDr evorow evcal_evdata_row evcal_evrow_sm getdirections'>\n\t\t<form action='https:\/\/maps.google.com\/maps' method='get' target='_blank'>\n\t\t\t<input type='hidden' name='daddr' value=\"46.32878794406342,11.600176728690842\"\/> \n\t\t\t<div class='evo_get_direction_content evo_fx_dr_r evogap10'>\n\t\t\t\t<span class='evogetdir_header evodfx evofx_dr_r evofx_ai_c marr10'>\n\t\t\t\t\t<i class='mainicon fa fa-road'><\/i> \n\t\t\t\t\t<h3 class='evo_h3' style='padding-bottom:5px;'>Ottieni indicazioni stradali<\/h3>\n\t\t\t\t<\/span>\n\t\t\t\t<span class='evogetdir_field evodfx evofx_1_1 evo_fx_dr_c evow100p'>\t\t\t\t\t\n\t\t\t\t\t<input class='evoInput evotac' type='text' name='saddr' placeholder='Digitare l&#039;indirizzo per ottenere le indicazioni stradali' value='' style='margin:10px 0;'\/>\n\t\t\t\t<\/span>\n\t\t\t\t<button type='submit' class='evo_get_direction_button evo_btn_arr_circ dfx fx_ai_c' title='Fare clic qui per ottenere indicazioni'><i class='fa fa-chevron-right'><\/i> <\/button>\n\t\t\t<\/div>\n\t\t<\/form>\n\t<\/div><\/div><\/div><div class='evo_card_row_end evcal_close' title='Testo del pulsante Chiudi evento'><\/div><\/div><div class='clear end'><\/div><\/div><div id=\"event_2196_2\" class=\"eventon_list_event evo_eventtop scheduled  event clrW event_2196_2\" data-event_id=\"2196\" data-ri=\"2r\" data-time=\"1783609200-1783617300\" data-colr=\"#f78234\" itemscope itemtype='http:\/\/schema.org\/Event'><div class=\"evo_event_schema\" style=\"display:none\" ><a itemprop='url'  href='https:\/\/latemarium.com\/it\/events\/pilyoga\/var\/ri-2.l-L1'><\/a><meta itemprop='image' content=\"https:\/\/latemarium.com\/wp-content\/uploads\/2023\/06\/pilyoga.jpg\" \/><meta itemprop='startDate' content=\"2026-7-9T17:00+0:00\" \/><meta itemprop='endDate' content=\"2026-7-9T19:15+0:00\" \/><meta itemprop='eventStatus' content=\"https:\/\/schema.org\/EventScheduled\" \/><meta itemprop='eventAttendanceMode'   itemscope itemtype=\"https:\/\/schema.org\/OfflineEventAttendanceMode\"\/><div style=\"display:none\" itemprop=\"location\" itemscope itemtype=\"http:\/\/schema.org\/Place\"><span itemprop=\"name\">Pampeago<\/span><span itemprop=\"address\" itemscope itemtype=\"http:\/\/schema.org\/PostalAddress\"><item itemprop=\"streetAddress\">Localit\u00e0 Pampeago, 8, 38038 Tesero TN<\/item><\/span><\/div><script type=\"application\/ld+json\">{\"@context\": \"http:\/\/schema.org\",\"@type\": \"Event\",\n\t\t\t\t\"@id\": \"event_2196_2\",\n\t\t\t\t\"eventAttendanceMode\":\"https:\/\/schema.org\/OfflineEventAttendanceMode\",\n\t\t\t\t\"eventStatus\":\"https:\/\/schema.org\/EventScheduled\",\n\t\t\t\t\"name\": \"PilYoga\",\n\t\t\t\t\"url\": \"https:\/\/latemarium.com\/it\/events\/pilyoga\/var\/ri-2.l-L1\",\n\t\t\t\t\"startDate\": \"2026-7-9T17:00+0:00\",\n\t\t\t\t\"endDate\": \"2026-7-9T19:15+0:00\",\n\t\t\t\t\"image\":\"https:\/\/latemarium.com\/wp-content\/uploads\/2023\/06\/pilyoga.jpg\", \n\t\t\t\t\"description\":\"<p><strong>Ogni gioved\u00ec dal 25 giugno al 3 settembre 2026<\/strong><\/p> <p>Ritrovo e partenza alle 17.00 con l&#8217;insegnate Elisa (presso biglietteria impianti)<br \/> Durata: dalle 17.00 alle 19.15, attivit\u00e0 rivolta ai &gt; 14 anni.<\/p> <p>Raggiungerete il luogo della lezione con la seggiovia Agnello e dopo una breve passeggiata vi potrete rilassare e liberare la mente a diretto contatto con la natura. La pratica del PilYoga in quota permette la piena armonia con l\u2019ambiente circostante, lontano da tutti i rumori della vita quotidiana. Appena finirete la lezione, vi attender\u00e0 un piccolo aperitivo allo Chalet Caserina per poi riscendere a piedi con una breve passeggiata.<\/p> <p>Da portare con s\u00e9 un tappetino o stuoia o asciugamano.<br \/> <em>Attivit\u00e0 NON prevista in caso di pioggia.<\/em><\/p> <p>Prenotazione obbligatoria. Clicca <a href='https:\/\/www.visitfiemme.it\/it\/eventi\/fiemme-cembra-guest-card\/esperienze\/esperienze-in-estate' target='_blank' rel='noopener'>qui<\/a>\u00a0per prenotare.<\/p> \",\"location\":[{\"@type\":\"Place\",\"name\":\"Pampeago\",\"address\":{\"@type\": \"PostalAddress\",\"streetAddress\":\"Localit\u00e0 Pampeago, 8, 38038 Tesero TN\"}}]}<\/script><\/div>\r\n\t\t\t\t<p class=\"desc_trig_outter\" style=\"\"><a data-gmtrig=\"1\" data-exlk=\"0\" style=\"background-color: #f78234;\" id=\"evc_17836092002196\" class=\"hasFtIMG event_repeat desc_trig sin_val evcal_list_a\" data-ux_val=\"3\" data-ux_val_mob=\"-\"  ><span class='evoet_c1 evoet_cx '><span class='ev_ftImg' data-img='https:\/\/latemarium.com\/wp-content\/uploads\/2023\/06\/pilyoga.jpg' data-thumb='https:\/\/latemarium.com\/wp-content\/uploads\/2023\/06\/pilyoga-300x169.jpg' style='background-image:url(\"https:\/\/latemarium.com\/wp-content\/uploads\/2023\/06\/pilyoga-300x169.jpg\")' ><\/span><\/span><span class='evoet_c2 evoet_cx '><span class='evoet_dayblock evcal_cblock ' data-bgcolor='#f78234' data-smon='luglio' data-syr='2026' data-bub=''><span class='evo_start '><em class='date'>09<\/em><em class='month'>lug<\/em><em class='time'>17:00<\/em><\/span><span class='evo_end only_time'><em class='time'>19:15<\/em><\/span><\/span><\/span><span class='evoet_c3 evoet_cx evcal_desc hide_eventtopdata '><span class='evoet_title evcal_desc2 evcal_event_title ' itemprop='name'>PilYoga<\/span><span class='event_location_attrs'  data-location_address=\"Localit\u00e0 Pampeago, 8, 38038 Tesero TN\" data-location_type=\"lonlat\" data-location_name=\"Pampeago\" data-location_url=\"https:\/\/latemarium.com\/it\/event-location\/pampeago\/\" data-location_status=\"true\" data-latlng=\"46.34343697644898,11.540997527961546\"><\/span><span class='evoet_subtitle evo_below_title' ><span class='evcal_event_subtitle ' >Pilyoga tra le opere di Respirart<\/span><\/span><span class='evoet_time_expand level_3'><em class='evcal_time evo_tz_time'><i class='fa fa-clock-o'><\/i>17:00 - 19:15<span class='evo_tz marl5'>(GMT+02:00)<\/span><\/em> <\/span><span class='evoet_location level_3'><em class=\"evcal_location\"  data-latlng=\"46.34343697644898,11.540997527961546\" data-add_str=\"Localit\u00e0 Pampeago, 8, 38038 Tesero TN\" data-n=\"Pampeago\"><i class=\"fa fa-location-pin\"><\/i><em class=\"event_location_name\">Pampeago<\/em>, Localit\u00e0 Pampeago, 8, 38038 Tesero TN<\/em><\/span><\/span><span class='evoet_data' data-d=\"{&quot;loc.n&quot;:&quot;Pampeago&quot;,&quot;orgs&quot;:[],&quot;tags&quot;:{&quot;repeating&quot;:&quot;Repeating Event&quot;}}\" data-bgc=\"#f78234\" data-bggrad=\"\" ><\/span><\/a><\/p><div class='event_description evcal_eventcard ' style=\"display:none\"><div class='evocard_row'><div id='event_ftimage' class='evocard_box ftimage' data-c='' \n\t\t\t\t\tstyle=''><div class='evocard_main_image_hold' data-t='Loading Image..'><div class='evocard_main_image evo_img_triglb evobr15 evobgsc evobgpc evodfx evofx_jc_c evofx_ai_c evofz48 minmized' style='height:300px; background-image:url();' data-f=\"https:\/\/latemarium.com\/wp-content\/uploads\/2023\/06\/pilyoga.jpg\" data-h=\"675\" data-w=\"1200\" data-ratio=\"0.5625\" data-event_id=\"2196\" data-ri=\"2\"  data-t='Loading Image..'><span style='height:300px; background-image:url(https:\/\/latemarium.com\/wp-content\/uploads\/2023\/06\/pilyoga.jpg)'><\/span><\/div><\/div><\/div><\/div><div class='evocard_row'><div id='event_eventdetails' class='evocard_box eventdetails' data-c='' \n\t\t\t\t\tstyle=''><div class='evo_metarow_details evorow evcal_evdata_row evcal_event_details'>\n\t\t<div class=\"event_excerpt\" style=\"display:none\"><h3 class=\"padb5 evo_h3\">Dettagli dell&#039;evento<\/h3><p>Ogni gioved\u00ec dal 25 giugno al 3 settembre 2026\nRitrovo e partenza alle 17.00 con l&#8217;insegnate Elisa (presso biglietteria impianti)\nDurata: dalle 17.00 alle 19.15, attivit\u00e0 rivolta ai &gt; 14 anni.\nRaggiungerete<\/p><\/div><span class='evcal_evdata_icons'><i class='fa fa-align-justify'><\/i><\/span>\n\t\t\n\t\t<div class='evcal_evdata_cell shorter_desc'>\n\t\t\t<div class='eventon_full_description'>\n\t\t\t\t<h3 class='padb5 evo_h3'><span class='evcal_evdata_icons'><i class='fa fa-align-justify'><\/i><\/span>Dettagli dell&#039;evento<\/h3>\n\t\t\t\t<div class='eventon_desc_in' itemprop='description'>\n\t\t\t\t<p><strong>Ogni gioved\u00ec dal 25 giugno al 3 settembre 2026<\/strong><\/p>\n<p>Ritrovo e partenza alle 17.00 con l&#8217;insegnate Elisa (presso biglietteria impianti)<br \/>\nDurata: dalle 17.00 alle 19.15, attivit\u00e0 rivolta ai &gt; 14 anni.<\/p>\n<p>Raggiungerete il luogo della lezione con la seggiovia Agnello e dopo una breve passeggiata vi potrete rilassare e liberare la mente a diretto contatto con la natura. La pratica del PilYoga in quota permette la piena armonia con l\u2019ambiente circostante, lontano da tutti i rumori della vita quotidiana. Appena finirete la lezione, vi attender\u00e0 un piccolo aperitivo allo Chalet Caserina per poi riscendere a piedi con una breve passeggiata.<\/p>\n<p>Da portare con s\u00e9 un tappetino o stuoia o asciugamano.<br \/>\n<em>Attivit\u00e0 NON prevista in caso di pioggia.<\/em><\/p>\n<p>Prenotazione obbligatoria. Clicca <a href=\"https:\/\/www.visitfiemme.it\/it\/eventi\/fiemme-cembra-guest-card\/esperienze\/esperienze-in-estate\" target=\"_blank\" rel=\"noopener\">qui<\/a>\u00a0per prenotare.<\/p>\n<\/div><p class='eventon_shad_p' style='padding:5px 0 0; margin:0'>\n\t\t\t<span class='evcal_btn evo_btn_secondary evobtn_details_show_more' content='less'>\n\t\t\t\t<span class='ev_more_text' data-txt='Meno'>Pi\u00f9<\/span><span class='ev_more_arrow ard'><\/span>\n\t\t\t<\/span>\n\t\t<\/p><div class='clear'><\/div>\n\t\t\t<\/div>\n\t\t<\/div>\n\t<\/div><\/div><\/div><div class='evocard_row bx2 bx'><div id='event_time' class='evocard_box time' data-c='' \n\t\t\t\t\tstyle=''><div class='evo_metarow_time evorow evcal_evdata_row evcal_evrow_sm '>\n\t\t<span class='evcal_evdata_icons'><i class='fa fa-clock'><\/i><\/span>\n\t\t<div class='evcal_evdata_cell'>\t\t\t\t\t\t\t\n\t\t\t<h3 class='evo_h3'><span class='evcal_evdata_icons'><i class='fa fa-clock'><\/i><\/span>Orario<\/h3><p><span class='evo_eventcard_time_t'>9 luglio 2026 17:00 - 19:15<\/span><span class='evo_tz marr5'>(GMT+02:00)<\/span><\/p>\n\t\t<\/div>\n\t<\/div><\/div><div id='event_location' class='evocard_box location' data-c='' \n\t\t\t\t\tstyle=''><div class='evcal_evdata_row evo_metarow_time_location evorow '>\n\t\t\n\t\t\t<span class='evcal_evdata_icons'><i class='fa fa-map-marker'><\/i><\/span>\n\t\t\t<div class='evcal_evdata_cell' data-loc_tax_id='30'><h3 class='evo_h3 evodfx'><span class='evcal_evdata_icons'><i class='fa fa-map-marker'><\/i><\/span>Luogo<\/h3><p class='evo_location_name'>Pampeago<\/p><p class='evo_location_address evodfxi evogap10'>Localit\u00e0 Pampeago, 8, 38038 Tesero TN<\/p><div class='padt10'><span class='evo_btn_arr evolb_trigger' data-lbvals=\"{&quot;lbc&quot;:&quot;evo_location_lb_30&quot;,&quot;lbac&quot;:&quot;lb_max&quot;,&quot;t&quot;:&quot;Pampeago&quot;,&quot;ajax&quot;:&quot;yes&quot;,&quot;ajax_type&quot;:&quot;endpoint&quot;,&quot;ajax_action&quot;:&quot;eventon_get_tax_card_content&quot;,&quot;end&quot;:&quot;client&quot;,&quot;d&quot;:{&quot;lang&quot;:&quot;L1&quot;,&quot;term_id&quot;:30,&quot;tax&quot;:&quot;event_location&quot;,&quot;load_lbcontent&quot;:true},&quot;uid&quot;:&quot;eventon_get_tax_card_content&quot;}\" >Other Events<i class='fa fa-chevron-right'><\/i><\/span><\/div><\/div>\n\t\t\n\t<\/div><\/div><\/div><div class='evocard_row'><div id='event_addtocal' class='evocard_box addtocal' data-c='' \n\t\t\t\t\tstyle=''><div class='evo_metarow_ICS evorow evcal_evdata_row'>\n\t\t\t<span class='evcal_evdata_icons'><i class='fa fa-calendar-o'><\/i><\/span>\n\t\t\t<div class='evcal_evdata_cell'>\n\t\t\t\t<p><a href='https:\/\/latemarium.com\/it\/export-events\/2196_2\/?nonce=a3263097f9' class='evo_ics_nCal' title='Aggiungi al tuo calendario'>Calendario<\/a><a href='https:\/\/www.google.com\/calendar\/event?action=TEMPLATE&text=PilYoga&dates=20260709T150000Z%2F20260709T171500Z&ctz=Europe%2FRome&details=PilYoga&location=Pampeago+Localit%C3%A0+Pampeago%2C+8%2C+38038+Tesero+TN' target='_blank' class='evo_ics_gCal' title='Aggiungi al calendario di Google'>GoogleCal<\/a><\/p>\t\n\t\t\t<\/div>\n\t\t<\/div><\/div><\/div><div class='evocard_row'><div id='event_getdirection' class='evocard_box getdirection' data-c='' \n\t\t\t\t\tstyle=''><div class='evo_metarow_getDr evorow evcal_evdata_row evcal_evrow_sm getdirections'>\n\t\t<form action='https:\/\/maps.google.com\/maps' method='get' target='_blank'>\n\t\t\t<input type='hidden' name='daddr' value=\"46.34343697644898,11.540997527961546\"\/> \n\t\t\t<div class='evo_get_direction_content evo_fx_dr_r evogap10'>\n\t\t\t\t<span class='evogetdir_header evodfx evofx_dr_r evofx_ai_c marr10'>\n\t\t\t\t\t<i class='mainicon fa fa-road'><\/i> \n\t\t\t\t\t<h3 class='evo_h3' style='padding-bottom:5px;'>Ottieni indicazioni stradali<\/h3>\n\t\t\t\t<\/span>\n\t\t\t\t<span class='evogetdir_field evodfx evofx_1_1 evo_fx_dr_c evow100p'>\t\t\t\t\t\n\t\t\t\t\t<input class='evoInput evotac' type='text' name='saddr' placeholder='Digitare l&#039;indirizzo per ottenere le indicazioni stradali' value='' style='margin:10px 0;'\/>\n\t\t\t\t<\/span>\n\t\t\t\t<button type='submit' class='evo_get_direction_button evo_btn_arr_circ dfx fx_ai_c' title='Fare clic qui per ottenere indicazioni'><i class='fa fa-chevron-right'><\/i> <\/button>\n\t\t\t<\/div>\n\t\t<\/form>\n\t<\/div><\/div><\/div><div class='evo_card_row_end evcal_close' title='Testo del pulsante Chiudi evento'><\/div><\/div><div class='clear end'><\/div><\/div><div id=\"event_2201_2\" class=\"eventon_list_event evo_eventtop scheduled  event clrD no_et event_2201_2\" data-event_id=\"2201\" data-ri=\"2r\" data-time=\"1783610100-1783634340\" data-colr=\"#ba181d\" itemscope itemtype='http:\/\/schema.org\/Event'><div class=\"evo_event_schema\" style=\"display:none\" ><a itemprop='url'  href='https:\/\/latemarium.com\/it\/events\/e-bike-tour-ai-piedi-del-latemar\/var\/ri-2.l-L1'><\/a><meta itemprop='image' content=\"https:\/\/latemarium.com\/wp-content\/uploads\/2023\/06\/e-bike-tour.jpg\" \/><meta itemprop='startDate' content=\"2026-7-9T17:15+0:00\" \/><meta itemprop='endDate' content=\"2026-7-9T23:59+0:00\" \/><meta itemprop='eventStatus' content=\"https:\/\/schema.org\/EventScheduled\" \/><meta itemprop='eventAttendanceMode'   itemscope itemtype=\"https:\/\/schema.org\/OfflineEventAttendanceMode\"\/><div style=\"display:none\" itemprop=\"location\" itemscope itemtype=\"http:\/\/schema.org\/Place\"><span itemprop=\"name\">Pampeago<\/span><span itemprop=\"address\" itemscope itemtype=\"http:\/\/schema.org\/PostalAddress\"><item itemprop=\"streetAddress\">Localit\u00e0 Pampeago, 8, 38038 Tesero TN<\/item><\/span><\/div><script type=\"application\/ld+json\">{\"@context\": \"http:\/\/schema.org\",\"@type\": \"Event\",\n\t\t\t\t\"@id\": \"event_2201_2\",\n\t\t\t\t\"eventAttendanceMode\":\"https:\/\/schema.org\/OfflineEventAttendanceMode\",\n\t\t\t\t\"eventStatus\":\"https:\/\/schema.org\/EventScheduled\",\n\t\t\t\t\"name\": \"E-Bike Tour ai piedi del Latemar\",\n\t\t\t\t\"url\": \"https:\/\/latemarium.com\/it\/events\/e-bike-tour-ai-piedi-del-latemar\/var\/ri-2.l-L1\",\n\t\t\t\t\"startDate\": \"2026-7-9T17:15+0:00\",\n\t\t\t\t\"endDate\": \"2026-7-9T23:59+0:00\",\n\t\t\t\t\"image\":\"https:\/\/latemarium.com\/wp-content\/uploads\/2023\/06\/e-bike-tour.jpg\", \n\t\t\t\t\"description\":\"<p><strong>Ogni gioved\u00ec dal 25 giugno al 3 settembre 2026<\/strong><\/p> <p>Ritrovo con la guida Andrea alle 17.15 a Pampeago (presso biglietteria impianti)<br \/> Durata:\u00a0dalle 17.15 alle 19.15<br \/> Max 8 persone. +16 anni.<\/p> <p class='p1'><span class='s1'>Per gli appassionati di e-bike, con un livello intermedio, abbiamo pensato ad un tour alla scoperta del Latemar con vista mozzafiato sulle aree circostanti. Sar\u00e0 un itinerario piacevole e grazie alla pedalata assistita potrete affrontare con facilit\u00e0 il dislivello che vi porter\u00e0 in localit\u00e0 Tresca. \u00c8 il momento della giornata perfetto: la montagna si svuota, potrete apprezzare il silenzio della natura e godere dei colori della \u201cgolden hour\u201d. Terminato il giro vi attender\u00e0 un piccolo aperitivo allo Chalet Caserina.<br \/> Potrete noleggiare la e-bike in loco, al negozio Sport Ventura di Pampeago.<br \/> <\/span><\/p> <p class='p1'><em><span class='s1'>Attivit\u00e0 non prevista in caso di pioggia.<\/span><\/em><\/p> <p>Prenotazione obbligatoria. Clicca\u00a0<a href='https:\/\/www.visitfiemme.it\/it\/eventi\/fiemme-cembra-guest-card\/esperienze\/esperienze-in-estate?re-product-id=251796' target='_blank' rel='noopener'>qui<\/a>.<\/p> \",\"location\":[{\"@type\":\"Place\",\"name\":\"Pampeago\",\"address\":{\"@type\": \"PostalAddress\",\"streetAddress\":\"Localit\u00e0 Pampeago, 8, 38038 Tesero TN\"}}]}<\/script><\/div>\r\n\t\t\t\t<p class=\"desc_trig_outter\" style=\"\"><a data-gmtrig=\"1\" data-exlk=\"0\" style=\"background-color: #ba181d;\" id=\"evc_17836101002201\" class=\"hasFtIMG event_repeat desc_trig sin_val evcal_list_a\" data-ux_val=\"3\" data-ux_val_mob=\"-\"  ><span class='evoet_c1 evoet_cx '><span class='ev_ftImg' data-img='https:\/\/latemarium.com\/wp-content\/uploads\/2023\/06\/e-bike-tour.jpg' data-thumb='https:\/\/latemarium.com\/wp-content\/uploads\/2023\/06\/e-bike-tour-300x169.jpg' style='background-image:url(\"https:\/\/latemarium.com\/wp-content\/uploads\/2023\/06\/e-bike-tour-300x169.jpg\")' ><\/span><\/span><span class='evoet_c2 evoet_cx '><span class='evoet_dayblock evcal_cblock ' data-bgcolor='#ba181d' data-smon='luglio' data-syr='2026' data-bub=''><span class='evo_start '><em class='date'>09<\/em><em class='month'>lug<\/em><em class='time'>17:15<\/em><\/span><\/span><\/span><span class='evoet_c3 evoet_cx evcal_desc hide_eventtopdata '><span class='evoet_title evcal_desc2 evcal_event_title ' itemprop='name'>E-Bike Tour ai piedi del Latemar<\/span><span class='event_location_attrs'  data-location_address=\"Localit\u00e0 Pampeago, 8, 38038 Tesero TN\" data-location_type=\"lonlat\" data-location_name=\"Pampeago\" data-location_url=\"https:\/\/latemarium.com\/it\/event-location\/pampeago\/\" data-location_status=\"true\" data-latlng=\"46.34343697644898,11.540997527961546\"><\/span><span class='evoet_subtitle evo_below_title' ><span class='evcal_event_subtitle ' >Per gli appassionati di e-bike<\/span><\/span><span class='evoet_time_expand level_3'><em class='evcal_time evo_tz_time'><i class='fa fa-clock-o'><\/i>17:15<span class='evo_tz marl5'>(GMT+02:00)<\/span><\/em> <\/span><span class='evoet_location level_3'><em class=\"evcal_location\"  data-latlng=\"46.34343697644898,11.540997527961546\" data-add_str=\"Localit\u00e0 Pampeago, 8, 38038 Tesero TN\" data-n=\"Pampeago\"><i class=\"fa fa-location-pin\"><\/i><em class=\"event_location_name\">Pampeago<\/em>, Localit\u00e0 Pampeago, 8, 38038 Tesero TN<\/em><\/span><\/span><span class='evoet_data' data-d=\"{&quot;loc.n&quot;:&quot;Pampeago&quot;,&quot;orgs&quot;:[],&quot;tags&quot;:{&quot;repeating&quot;:&quot;Repeating Event&quot;}}\" data-bgc=\"#ba181d\" data-bggrad=\"\" ><\/span><\/a><\/p><div class='event_description evcal_eventcard ' style=\"display:none\"><div class='evocard_row'><div id='event_ftimage' class='evocard_box ftimage' data-c='' \n\t\t\t\t\tstyle=''><div class='evocard_main_image_hold' data-t='Loading Image..'><div class='evocard_main_image evo_img_triglb evobr15 evobgsc evobgpc evodfx evofx_jc_c evofx_ai_c evofz48 minmized' style='height:300px; background-image:url();' data-f=\"https:\/\/latemarium.com\/wp-content\/uploads\/2023\/06\/e-bike-tour.jpg\" data-h=\"675\" data-w=\"1200\" data-ratio=\"0.5625\" data-event_id=\"2201\" data-ri=\"2\"  data-t='Loading Image..'><span style='height:300px; background-image:url(https:\/\/latemarium.com\/wp-content\/uploads\/2023\/06\/e-bike-tour.jpg)'><\/span><\/div><\/div><\/div><\/div><div class='evocard_row'><div id='event_eventdetails' class='evocard_box eventdetails' data-c='' \n\t\t\t\t\tstyle=''><div class='evo_metarow_details evorow evcal_evdata_row evcal_event_details'>\n\t\t<div class=\"event_excerpt\" style=\"display:none\"><h3 class=\"padb5 evo_h3\">Dettagli dell&#039;evento<\/h3><p>Ogni gioved\u00ec dal 25 giugno al 3 settembre 2026\nRitrovo con la guida Andrea alle 17.15 a Pampeago (presso biglietteria impianti)\nDurata:\u00a0dalle 17.15 alle 19.15\nMax 8 persone. +16 anni.<\/p><\/div><span class='evcal_evdata_icons'><i class='fa fa-align-justify'><\/i><\/span>\n\t\t\n\t\t<div class='evcal_evdata_cell shorter_desc'>\n\t\t\t<div class='eventon_full_description'>\n\t\t\t\t<h3 class='padb5 evo_h3'><span class='evcal_evdata_icons'><i class='fa fa-align-justify'><\/i><\/span>Dettagli dell&#039;evento<\/h3>\n\t\t\t\t<div class='eventon_desc_in' itemprop='description'>\n\t\t\t\t<p><strong>Ogni gioved\u00ec dal 25 giugno al 3 settembre 2026<\/strong><\/p>\n<p>Ritrovo con la guida Andrea alle 17.15 a Pampeago (presso biglietteria impianti)<br \/>\nDurata:\u00a0dalle 17.15 alle 19.15<br \/>\nMax 8 persone. +16 anni.<\/p>\n<p class=\"p1\"><span class=\"s1\">Per gli appassionati di e-bike, con un livello intermedio, abbiamo pensato ad un tour alla scoperta del Latemar con vista mozzafiato sulle aree circostanti. Sar\u00e0 un itinerario piacevole e grazie alla pedalata assistita potrete affrontare con facilit\u00e0 il dislivello che vi porter\u00e0 in localit\u00e0 Tresca. \u00c8 il momento della giornata perfetto: la montagna si svuota, potrete apprezzare il silenzio della natura e godere dei colori della \u201cgolden hour\u201d. Terminato il giro vi attender\u00e0 un piccolo aperitivo allo Chalet Caserina.<br \/>\nPotrete noleggiare la e-bike in loco, al negozio Sport Ventura di Pampeago.<br \/>\n<\/span><\/p>\n<p class=\"p1\"><em><span class=\"s1\">Attivit\u00e0 non prevista in caso di pioggia.<\/span><\/em><\/p>\n<p>Prenotazione obbligatoria. Clicca\u00a0<a href=\"https:\/\/www.visitfiemme.it\/it\/eventi\/fiemme-cembra-guest-card\/esperienze\/esperienze-in-estate?re-product-id=251796\" target=\"_blank\" rel=\"noopener\">qui<\/a>.<\/p>\n<\/div><p class='eventon_shad_p' style='padding:5px 0 0; margin:0'>\n\t\t\t<span class='evcal_btn evo_btn_secondary evobtn_details_show_more' content='less'>\n\t\t\t\t<span class='ev_more_text' data-txt='Meno'>Pi\u00f9<\/span><span class='ev_more_arrow ard'><\/span>\n\t\t\t<\/span>\n\t\t<\/p><div class='clear'><\/div>\n\t\t\t<\/div>\n\t\t<\/div>\n\t<\/div><\/div><\/div><div class='evocard_row bx2 bx'><div id='event_time' class='evocard_box time' data-c='' \n\t\t\t\t\tstyle=''><div class='evo_metarow_time evorow evcal_evdata_row evcal_evrow_sm '>\n\t\t<span class='evcal_evdata_icons'><i class='fa fa-clock'><\/i><\/span>\n\t\t<div class='evcal_evdata_cell'>\t\t\t\t\t\t\t\n\t\t\t<h3 class='evo_h3'><span class='evcal_evdata_icons'><i class='fa fa-clock'><\/i><\/span>Orario<\/h3><p><span class='evo_eventcard_time_t'>9 luglio 2026 17:15<\/span><span class='evo_tz marr5'>(GMT+02:00)<\/span><\/p>\n\t\t<\/div>\n\t<\/div><\/div><div id='event_location' class='evocard_box location' data-c='' \n\t\t\t\t\tstyle=''><div class='evcal_evdata_row evo_metarow_time_location evorow '>\n\t\t\n\t\t\t<span class='evcal_evdata_icons'><i class='fa fa-map-marker'><\/i><\/span>\n\t\t\t<div class='evcal_evdata_cell' data-loc_tax_id='30'><h3 class='evo_h3 evodfx'><span class='evcal_evdata_icons'><i class='fa fa-map-marker'><\/i><\/span>Luogo<\/h3><p class='evo_location_name'>Pampeago<\/p><p class='evo_location_address evodfxi evogap10'>Localit\u00e0 Pampeago, 8, 38038 Tesero TN<\/p><div class='padt10'><span class='evo_btn_arr evolb_trigger' data-lbvals=\"{&quot;lbc&quot;:&quot;evo_location_lb_30&quot;,&quot;lbac&quot;:&quot;lb_max&quot;,&quot;t&quot;:&quot;Pampeago&quot;,&quot;ajax&quot;:&quot;yes&quot;,&quot;ajax_type&quot;:&quot;endpoint&quot;,&quot;ajax_action&quot;:&quot;eventon_get_tax_card_content&quot;,&quot;end&quot;:&quot;client&quot;,&quot;d&quot;:{&quot;lang&quot;:&quot;L1&quot;,&quot;term_id&quot;:30,&quot;tax&quot;:&quot;event_location&quot;,&quot;load_lbcontent&quot;:true},&quot;uid&quot;:&quot;eventon_get_tax_card_content&quot;}\" >Other Events<i class='fa fa-chevron-right'><\/i><\/span><\/div><\/div>\n\t\t\n\t<\/div><\/div><\/div><div class='evocard_row'><div id='event_addtocal' class='evocard_box addtocal' data-c='' \n\t\t\t\t\tstyle=''><div class='evo_metarow_ICS evorow evcal_evdata_row'>\n\t\t\t<span class='evcal_evdata_icons'><i class='fa fa-calendar-o'><\/i><\/span>\n\t\t\t<div class='evcal_evdata_cell'>\n\t\t\t\t<p><a href='https:\/\/latemarium.com\/it\/export-events\/2201_2\/?nonce=a3263097f9' class='evo_ics_nCal' title='Aggiungi al tuo calendario'>Calendario<\/a><a href='https:\/\/www.google.com\/calendar\/event?action=TEMPLATE&text=E-Bike+Tour+ai+piedi+del+Latemar&dates=20260709T151500Z%2F20260709T215900Z&ctz=Europe%2FRome&details=E-Bike Tour ai piedi del Latemar&location=Pampeago+Localit%C3%A0+Pampeago%2C+8%2C+38038+Tesero+TN' target='_blank' class='evo_ics_gCal' title='Aggiungi al calendario di Google'>GoogleCal<\/a><\/p>\t\n\t\t\t<\/div>\n\t\t<\/div><\/div><\/div><div class='evocard_row'><div id='event_getdirection' class='evocard_box getdirection' data-c='' \n\t\t\t\t\tstyle=''><div class='evo_metarow_getDr evorow evcal_evdata_row evcal_evrow_sm getdirections'>\n\t\t<form action='https:\/\/maps.google.com\/maps' method='get' target='_blank'>\n\t\t\t<input type='hidden' name='daddr' value=\"46.34343697644898,11.540997527961546\"\/> \n\t\t\t<div class='evo_get_direction_content evo_fx_dr_r evogap10'>\n\t\t\t\t<span class='evogetdir_header evodfx evofx_dr_r evofx_ai_c marr10'>\n\t\t\t\t\t<i class='mainicon fa fa-road'><\/i> \n\t\t\t\t\t<h3 class='evo_h3' style='padding-bottom:5px;'>Ottieni indicazioni stradali<\/h3>\n\t\t\t\t<\/span>\n\t\t\t\t<span class='evogetdir_field evodfx evofx_1_1 evo_fx_dr_c evow100p'>\t\t\t\t\t\n\t\t\t\t\t<input class='evoInput evotac' type='text' name='saddr' placeholder='Digitare l&#039;indirizzo per ottenere le indicazioni stradali' value='' style='margin:10px 0;'\/>\n\t\t\t\t<\/span>\n\t\t\t\t<button type='submit' class='evo_get_direction_button evo_btn_arr_circ dfx fx_ai_c' title='Fare clic qui per ottenere indicazioni'><i class='fa fa-chevron-right'><\/i> <\/button>\n\t\t\t<\/div>\n\t\t<\/form>\n\t<\/div><\/div><\/div><div class='evo_card_row_end evcal_close' title='Testo del pulsante Chiudi evento'><\/div><\/div><div class='clear end'><\/div><\/div><div id=\"event_2493_2\" class=\"eventon_list_event evo_eventtop scheduled  event clrW no_et event_2493_2\" data-event_id=\"2493\" data-ri=\"2r\" data-time=\"1783668600-1783720740\" data-colr=\"#6baeff\" itemscope itemtype='http:\/\/schema.org\/Event'><div class=\"evo_event_schema\" style=\"display:none\" ><a itemprop='url'  href='https:\/\/latemarium.com\/it\/events\/respirart-piccoli-artisti-in-natura\/var\/ri-2.l-L1'><\/a><meta itemprop='image' content=\"https:\/\/latemarium.com\/wp-content\/uploads\/2021\/05\/respirart-vita-e-bellezza.jpg\" \/><meta itemprop='startDate' content=\"2026-7-10T09:30+0:00\" \/><meta itemprop='endDate' content=\"2026-7-10T23:59+0:00\" \/><meta itemprop='eventStatus' content=\"https:\/\/schema.org\/EventScheduled\" \/><meta itemprop='eventAttendanceMode'   itemscope itemtype=\"https:\/\/schema.org\/OfflineEventAttendanceMode\"\/><div style=\"display:none\" itemprop=\"location\" itemscope itemtype=\"http:\/\/schema.org\/Place\"><span itemprop=\"name\">Pampeago<\/span><span itemprop=\"address\" itemscope itemtype=\"http:\/\/schema.org\/PostalAddress\"><item itemprop=\"streetAddress\">Localit\u00e0 Pampeago, 8, 38038 Tesero TN<\/item><\/span><\/div><script type=\"application\/ld+json\">{\"@context\": \"http:\/\/schema.org\",\"@type\": \"Event\",\n\t\t\t\t\"@id\": \"event_2493_2\",\n\t\t\t\t\"eventAttendanceMode\":\"https:\/\/schema.org\/OfflineEventAttendanceMode\",\n\t\t\t\t\"eventStatus\":\"https:\/\/schema.org\/EventScheduled\",\n\t\t\t\t\"name\": \"Respirart: piccoli artisti in natura\",\n\t\t\t\t\"url\": \"https:\/\/latemarium.com\/it\/events\/respirart-piccoli-artisti-in-natura\/var\/ri-2.l-L1\",\n\t\t\t\t\"startDate\": \"2026-7-10T09:30+0:00\",\n\t\t\t\t\"endDate\": \"2026-7-10T23:59+0:00\",\n\t\t\t\t\"image\":\"https:\/\/latemarium.com\/wp-content\/uploads\/2021\/05\/respirart-vita-e-bellezza.jpg\", \n\t\t\t\t\"description\":\"<p><strong>Ogni venerd\u00ec dal 26 giugno all&#8217;11 settembre 2026<\/strong><\/p> <p>Laboratorio ambientale e artistico RespirArt, rivolto a tutti, grandi e piccini. Andremo alla scoperta delle opere d&#8217;arte in modo divertente.<br \/> Appuntamento alle 9.30 alla partenza della Seggiovia-Seminovia Agnello di Pampeago con la guida artistica, che vi consegner\u00e0 i semi per sorvolare il parco RespirArt. Partecipando al laboratorio artistico i bambini costruiranno piccole opere di land art utilizzando materiali naturali.<\/p> <p><strong>Prenotazione obbligatoria.<\/strong><\/p> <p>Clicca <a href='https:\/\/www.visitfiemme.it\/it\/eventi\/fiemme-cembra-guest-card\/esperienze\/esperienze-in-estate?re-product-id=211712' target='_blank' rel='noopener'>qui<\/a> per prenotare.<\/p> \",\"location\":[{\"@type\":\"Place\",\"name\":\"Pampeago\",\"address\":{\"@type\": \"PostalAddress\",\"streetAddress\":\"Localit\u00e0 Pampeago, 8, 38038 Tesero TN\"}}]}<\/script><\/div>\r\n\t\t\t\t<p class=\"desc_trig_outter\" style=\"\"><a data-gmtrig=\"1\" data-exlk=\"0\" style=\"background-color: #6baeff;\" id=\"evc_17836686002493\" class=\"hasFtIMG event_repeat desc_trig sin_val evcal_list_a\" data-ux_val=\"3\" data-ux_val_mob=\"-\"  ><span class='evoet_c1 evoet_cx '><span class='ev_ftImg' data-img='https:\/\/latemarium.com\/wp-content\/uploads\/2021\/05\/respirart-vita-e-bellezza.jpg' data-thumb='https:\/\/latemarium.com\/wp-content\/uploads\/2021\/05\/respirart-vita-e-bellezza-300x201.jpg' style='background-image:url(\"https:\/\/latemarium.com\/wp-content\/uploads\/2021\/05\/respirart-vita-e-bellezza-300x201.jpg\")' ><\/span><\/span><span class='evoet_c2 evoet_cx '><span class='evoet_dayblock evcal_cblock ' data-bgcolor='#6baeff' data-smon='luglio' data-syr='2026' data-bub=''><span class='evo_start '><em class='date'>10<\/em><em class='month'>lug<\/em><em class='time'>09:30<\/em><\/span><\/span><\/span><span class='evoet_c3 evoet_cx evcal_desc hide_eventtopdata '><span class='evoet_title evcal_desc2 evcal_event_title ' itemprop='name'>Respirart: piccoli artisti in natura<\/span><span class='event_location_attrs'  data-location_address=\"Localit\u00e0 Pampeago, 8, 38038 Tesero TN\" data-location_type=\"lonlat\" data-location_name=\"Pampeago\" data-location_url=\"https:\/\/latemarium.com\/it\/event-location\/pampeago\/\" data-location_status=\"true\" data-latlng=\"46.34343697644898,11.540997527961546\"><\/span><span class='evoet_subtitle evo_below_title' ><span class='evcal_event_subtitle ' >laboratorio artistico<\/span><\/span><span class='evoet_time_expand level_3'><em class='evcal_time evo_tz_time'><i class='fa fa-clock-o'><\/i>09:30<span class='evo_tz marl5'>(GMT+02:00)<\/span><\/em> <\/span><span class='evoet_location level_3'><em class=\"evcal_location\"  data-latlng=\"46.34343697644898,11.540997527961546\" data-add_str=\"Localit\u00e0 Pampeago, 8, 38038 Tesero TN\" data-n=\"Pampeago\"><i class=\"fa fa-location-pin\"><\/i><em class=\"event_location_name\">Pampeago<\/em>, Localit\u00e0 Pampeago, 8, 38038 Tesero TN<\/em><\/span><\/span><span class='evoet_data' data-d=\"{&quot;loc.n&quot;:&quot;Pampeago&quot;,&quot;orgs&quot;:[],&quot;tags&quot;:{&quot;repeating&quot;:&quot;Repeating Event&quot;}}\" data-bgc=\"#6baeff\" data-bggrad=\"\" ><\/span><\/a><\/p><div class='event_description evcal_eventcard ' style=\"display:none\"><div class='evocard_row'><div id='event_ftimage' class='evocard_box ftimage' data-c='' \n\t\t\t\t\tstyle=''><div class='evocard_main_image_hold' data-t='Loading Image..'><div class='evocard_main_image evo_img_triglb evobr15 evobgsc evobgpc evodfx evofx_jc_c evofx_ai_c evofz48 minmized' style='height:300px; background-image:url();' data-f=\"https:\/\/latemarium.com\/wp-content\/uploads\/2021\/05\/respirart-vita-e-bellezza.jpg\" data-h=\"602\" data-w=\"899\" data-ratio=\"0.66963292547275\" data-event_id=\"2493\" data-ri=\"2\"  data-t='Loading Image..'><span style='height:300px; background-image:url(https:\/\/latemarium.com\/wp-content\/uploads\/2021\/05\/respirart-vita-e-bellezza.jpg)'><\/span><\/div><\/div><\/div><\/div><div class='evocard_row'><div id='event_eventdetails' class='evocard_box eventdetails' data-c='' \n\t\t\t\t\tstyle=''><div class='evo_metarow_details evorow evcal_evdata_row evcal_event_details'>\n\t\t<div class=\"event_excerpt\" style=\"display:none\"><h3 class=\"padb5 evo_h3\">Dettagli dell&#039;evento<\/h3><p>Ogni venerd\u00ec dal 26 giugno all&#8217;11 settembre 2026\nLaboratorio ambientale e artistico RespirArt, rivolto a tutti, grandi e piccini. Andremo alla scoperta delle opere d&#8217;arte in modo divertente.\nAppuntamento alle 9.30<\/p><\/div><span class='evcal_evdata_icons'><i class='fa fa-align-justify'><\/i><\/span>\n\t\t\n\t\t<div class='evcal_evdata_cell shorter_desc'>\n\t\t\t<div class='eventon_full_description'>\n\t\t\t\t<h3 class='padb5 evo_h3'><span class='evcal_evdata_icons'><i class='fa fa-align-justify'><\/i><\/span>Dettagli dell&#039;evento<\/h3>\n\t\t\t\t<div class='eventon_desc_in' itemprop='description'>\n\t\t\t\t<p><strong>Ogni venerd\u00ec dal 26 giugno all&#8217;11 settembre 2026<\/strong><\/p>\n<p>Laboratorio ambientale e artistico RespirArt, rivolto a tutti, grandi e piccini. Andremo alla scoperta delle opere d&#8217;arte in modo divertente.<br \/>\nAppuntamento alle 9.30 alla partenza della Seggiovia-Seminovia Agnello di Pampeago con la guida artistica, che vi consegner\u00e0 i semi per sorvolare il parco RespirArt. Partecipando al laboratorio artistico i bambini costruiranno piccole opere di land art utilizzando materiali naturali.<\/p>\n<p><strong>Prenotazione obbligatoria.<\/strong><\/p>\n<p>Clicca <a href=\"https:\/\/www.visitfiemme.it\/it\/eventi\/fiemme-cembra-guest-card\/esperienze\/esperienze-in-estate?re-product-id=211712\" target=\"_blank\" rel=\"noopener\">qui<\/a> per prenotare.<\/p>\n<\/div><p class='eventon_shad_p' style='padding:5px 0 0; margin:0'>\n\t\t\t<span class='evcal_btn evo_btn_secondary evobtn_details_show_more' content='less'>\n\t\t\t\t<span class='ev_more_text' data-txt='Meno'>Pi\u00f9<\/span><span class='ev_more_arrow ard'><\/span>\n\t\t\t<\/span>\n\t\t<\/p><div class='clear'><\/div>\n\t\t\t<\/div>\n\t\t<\/div>\n\t<\/div><\/div><\/div><div class='evocard_row bx2 bx'><div id='event_time' class='evocard_box time' data-c='' \n\t\t\t\t\tstyle=''><div class='evo_metarow_time evorow evcal_evdata_row evcal_evrow_sm '>\n\t\t<span class='evcal_evdata_icons'><i class='fa fa-clock'><\/i><\/span>\n\t\t<div class='evcal_evdata_cell'>\t\t\t\t\t\t\t\n\t\t\t<h3 class='evo_h3'><span class='evcal_evdata_icons'><i class='fa fa-clock'><\/i><\/span>Orario<\/h3><p><span class='evo_eventcard_time_t'>10 luglio 2026 09:30<\/span><span class='evo_tz marr5'>(GMT+02:00)<\/span><\/p>\n\t\t<\/div>\n\t<\/div><\/div><div id='event_location' class='evocard_box location' data-c='' \n\t\t\t\t\tstyle=''><div class='evcal_evdata_row evo_metarow_time_location evorow '>\n\t\t\n\t\t\t<span class='evcal_evdata_icons'><i class='fa fa-map-marker'><\/i><\/span>\n\t\t\t<div class='evcal_evdata_cell' data-loc_tax_id='30'><h3 class='evo_h3 evodfx'><span class='evcal_evdata_icons'><i class='fa fa-map-marker'><\/i><\/span>Luogo<\/h3><p class='evo_location_name'>Pampeago<\/p><p class='evo_location_address evodfxi evogap10'>Localit\u00e0 Pampeago, 8, 38038 Tesero TN<\/p><div class='padt10'><span class='evo_btn_arr evolb_trigger' data-lbvals=\"{&quot;lbc&quot;:&quot;evo_location_lb_30&quot;,&quot;lbac&quot;:&quot;lb_max&quot;,&quot;t&quot;:&quot;Pampeago&quot;,&quot;ajax&quot;:&quot;yes&quot;,&quot;ajax_type&quot;:&quot;endpoint&quot;,&quot;ajax_action&quot;:&quot;eventon_get_tax_card_content&quot;,&quot;end&quot;:&quot;client&quot;,&quot;d&quot;:{&quot;lang&quot;:&quot;L1&quot;,&quot;term_id&quot;:30,&quot;tax&quot;:&quot;event_location&quot;,&quot;load_lbcontent&quot;:true},&quot;uid&quot;:&quot;eventon_get_tax_card_content&quot;}\" >Other Events<i class='fa fa-chevron-right'><\/i><\/span><\/div><\/div>\n\t\t\n\t<\/div><\/div><\/div><div class='evocard_row bx2 bx'><div id='event_learnmore' class='evocard_box learnmore' data-c='' \n\t\t\t\t\tstyle=''><div class='evo_metarow_learnM evo_metarow_learnmore evorow'>\n\t\t\t\t\t\t\t<a class='evcal_evdata_row evo_clik_row ' href='http:\/\/www.respirart.com\/' target=\"_blank\">\n\t\t\t\t\t\t\t\t<span class='evcal_evdata_icons'><i class='fa fa-link'><\/i><\/span>\n\t\t\t\t\t\t\t\t<h3 class='evo_h3'>Scopri di pi\u00f9<\/h3>\n\t\t\t\t\t\t\t<\/a>\n\t\t\t\t\t\t\t<\/div><\/div><div id='event_addtocal' class='evocard_box addtocal' data-c='' \n\t\t\t\t\tstyle=''><div class='evo_metarow_ICS evorow evcal_evdata_row'>\n\t\t\t<span class='evcal_evdata_icons'><i class='fa fa-calendar-o'><\/i><\/span>\n\t\t\t<div class='evcal_evdata_cell'>\n\t\t\t\t<p><a href='https:\/\/latemarium.com\/it\/export-events\/2493_2\/?nonce=a3263097f9' class='evo_ics_nCal' title='Aggiungi al tuo calendario'>Calendario<\/a><a href='https:\/\/www.google.com\/calendar\/event?action=TEMPLATE&text=Respirart%3A+piccoli+artisti+in+natura&dates=20260710T073000Z%2F20260710T215900Z&ctz=Europe%2FRome&details=Respirart: piccoli artisti in natura&location=Pampeago+Localit%C3%A0+Pampeago%2C+8%2C+38038+Tesero+TN' target='_blank' class='evo_ics_gCal' title='Aggiungi al calendario di Google'>GoogleCal<\/a><\/p>\t\n\t\t\t<\/div>\n\t\t<\/div><\/div><\/div><div class='evocard_row'><div id='event_repeats' class='evocard_box repeats' data-c='' \n\t\t\t\t\tstyle=''><div class='evo_metarow_repeats evorow evcal_evdata_row evcal_evrow_sm '>\n\t\t<span class='evcal_evdata_icons'><i class='fa fa-repeat'><\/i><\/span>\n\t\t<div class='evcal_evdata_cell'>\t\t\t\t\t\t\t\n\t\t\t<h3 class='evo_h3'>Orari degli eventi futuri in questa serie di eventi ripetuti<\/h3><div class='evo_elm_HCS evo_repeat_series' style=''><span class='evo_elmHCS_nav HCSnavL evo_repeat_series content_slide_trig'><i class='fa fa-chevron-left'><\/i><\/span><span class='evo_elmHCS_nav HCSnavR evo_repeat_series content_slide_trig'><i class='fa fa-chevron-right'><\/i><\/span><div class='evo_elm_HCS_in'><div class='evo_repeat_series_dates clickable evodfx evofx_dr_r evogap10' data-click='1' data-event_url='https:\/\/latemarium.com\/it\/events\/respirart-piccoli-artisti-in-natura\/var\/ri-2.l-L1'><span class='evo_repeat_series_date evodfx evofx_dr_r evofx_ai_c evogap5 evobr15 evobrdB1 evocl1 evopad15 evottu evofz14 evocurp evo_trans_sc1_03 evoHbgcw' data-ux=\"def\" data-l=\"https:\/\/latemarium.com\/it\/events\/respirart-piccoli-artisti-in-natura\/var\/ri-3.l-L1\" ><span class='evodfx evofx_dr_c evotac evofx_jc_c'><b class='j evofz16'>17<\/b><b class='fy'>luglio <\/b><em class='t evofsn'>09:30 - 23:59<\/em><\/span><\/span><span class='evo_repeat_series_date evodfx evofx_dr_r evofx_ai_c evogap5 evobr15 evobrdB1 evocl1 evopad15 evottu evofz14 evocurp evo_trans_sc1_03 evoHbgcw' data-ux=\"def\" data-l=\"https:\/\/latemarium.com\/it\/events\/respirart-piccoli-artisti-in-natura\/var\/ri-4.l-L1\" ><span class='evodfx evofx_dr_c evotac evofx_jc_c'><b class='j evofz16'>24<\/b><b class='fy'>luglio <\/b><em class='t evofsn'>09:30 - 23:59<\/em><\/span><\/span><span class='evo_repeat_series_date evodfx evofx_dr_r evofx_ai_c evogap5 evobr15 evobrdB1 evocl1 evopad15 evottu evofz14 evocurp evo_trans_sc1_03 evoHbgcw' data-ux=\"def\" data-l=\"https:\/\/latemarium.com\/it\/events\/respirart-piccoli-artisti-in-natura\/var\/ri-5.l-L1\" ><span class='evodfx evofx_dr_c evotac evofx_jc_c'><b class='j evofz16'>31<\/b><b class='fy'>luglio <\/b><em class='t evofsn'>09:30 - 23:59<\/em><\/span><\/span><span class='evo_repeat_series_date evodfx evofx_dr_r evofx_ai_c evogap5 evobr15 evobrdB1 evocl1 evopad15 evottu evofz14 evocurp evo_trans_sc1_03 evoHbgcw' data-ux=\"def\" data-l=\"https:\/\/latemarium.com\/it\/events\/respirart-piccoli-artisti-in-natura\/var\/ri-6.l-L1\" ><span class='evodfx evofx_dr_c evotac evofx_jc_c'><b class='j evofz16'>7<\/b><b class='fy'>agosto <\/b><em class='t evofsn'>09:30 - 23:59<\/em><\/span><\/span><span class='evo_repeat_series_date evodfx evofx_dr_r evofx_ai_c evogap5 evobr15 evobrdB1 evocl1 evopad15 evottu evofz14 evocurp evo_trans_sc1_03 evoHbgcw' data-ux=\"def\" data-l=\"https:\/\/latemarium.com\/it\/events\/respirart-piccoli-artisti-in-natura\/var\/ri-7.l-L1\" ><span class='evodfx evofx_dr_c evotac evofx_jc_c'><b class='j evofz16'>14<\/b><b class='fy'>agosto <\/b><em class='t evofsn'>09:30 - 23:59<\/em><\/span><\/span><span class='evo_repeat_series_date evodfx evofx_dr_r evofx_ai_c evogap5 evobr15 evobrdB1 evocl1 evopad15 evottu evofz14 evocurp evo_trans_sc1_03 evoHbgcw' data-ux=\"def\" data-l=\"https:\/\/latemarium.com\/it\/events\/respirart-piccoli-artisti-in-natura\/var\/ri-8.l-L1\" ><span class='evodfx evofx_dr_c evotac evofx_jc_c'><b class='j evofz16'>21<\/b><b class='fy'>agosto <\/b><em class='t evofsn'>09:30 - 23:59<\/em><\/span><\/span><span class='evo_repeat_series_date evodfx evofx_dr_r evofx_ai_c evogap5 evobr15 evobrdB1 evocl1 evopad15 evottu evofz14 evocurp evo_trans_sc1_03 evoHbgcw' data-ux=\"def\" data-l=\"https:\/\/latemarium.com\/it\/events\/respirart-piccoli-artisti-in-natura\/var\/ri-9.l-L1\" ><span class='evodfx evofx_dr_c evotac evofx_jc_c'><b class='j evofz16'>28<\/b><b class='fy'>agosto <\/b><em class='t evofsn'>09:30 - 23:59<\/em><\/span><\/span><span class='evo_repeat_series_date evodfx evofx_dr_r evofx_ai_c evogap5 evobr15 evobrdB1 evocl1 evopad15 evottu evofz14 evocurp evo_trans_sc1_03 evoHbgcw' data-ux=\"def\" data-l=\"https:\/\/latemarium.com\/it\/events\/respirart-piccoli-artisti-in-natura\/var\/ri-10.l-L1\" ><span class='evodfx evofx_dr_c evotac evofx_jc_c'><b class='j evofz16'>4<\/b><b class='fy'>settembre <\/b><em class='t evofsn'>09:30 - 23:59<\/em><\/span><\/span><span class='evo_repeat_series_date evodfx evofx_dr_r evofx_ai_c evogap5 evobr15 evobrdB1 evocl1 evopad15 evottu evofz14 evocurp evo_trans_sc1_03 evoHbgcw' data-ux=\"def\" data-l=\"https:\/\/latemarium.com\/it\/events\/respirart-piccoli-artisti-in-natura\/var\/ri-11.l-L1\" ><span class='evodfx evofx_dr_c evotac evofx_jc_c'><b class='j evofz16'>11<\/b><b class='fy'>settembre <\/b><em class='t evofsn'>09:30 - 23:59<\/em><\/span><\/span><\/div><\/div><\/div><\/div><\/div><\/div><\/div><div class='evocard_row'><div id='event_getdirection' class='evocard_box getdirection' data-c='' \n\t\t\t\t\tstyle=''><div class='evo_metarow_getDr evorow evcal_evdata_row evcal_evrow_sm getdirections'>\n\t\t<form action='https:\/\/maps.google.com\/maps' method='get' target='_blank'>\n\t\t\t<input type='hidden' name='daddr' value=\"46.34343697644898,11.540997527961546\"\/> \n\t\t\t<div class='evo_get_direction_content evo_fx_dr_r evogap10'>\n\t\t\t\t<span class='evogetdir_header evodfx evofx_dr_r evofx_ai_c marr10'>\n\t\t\t\t\t<i class='mainicon fa fa-road'><\/i> \n\t\t\t\t\t<h3 class='evo_h3' style='padding-bottom:5px;'>Ottieni indicazioni stradali<\/h3>\n\t\t\t\t<\/span>\n\t\t\t\t<span class='evogetdir_field evodfx evofx_1_1 evo_fx_dr_c evow100p'>\t\t\t\t\t\n\t\t\t\t\t<input class='evoInput evotac' type='text' name='saddr' placeholder='Digitare l&#039;indirizzo per ottenere le indicazioni stradali' value='' style='margin:10px 0;'\/>\n\t\t\t\t<\/span>\n\t\t\t\t<button type='submit' class='evo_get_direction_button evo_btn_arr_circ dfx fx_ai_c' title='Fare clic qui per ottenere indicazioni'><i class='fa fa-chevron-right'><\/i> <\/button>\n\t\t\t<\/div>\n\t\t<\/form>\n\t<\/div><\/div><\/div><div class='evo_card_row_end evcal_close' title='Testo del pulsante Chiudi evento'><\/div><\/div><div class='clear end'><\/div><\/div><div id=\"event_2120_2\" class=\"eventon_list_event evo_eventtop scheduled  event clrD no_et event_2120_2\" data-event_id=\"2120\" data-ri=\"2r\" data-time=\"1783846800-1783893540\" data-colr=\"#006290\" itemscope itemtype='http:\/\/schema.org\/Event'><div class=\"evo_event_schema\" style=\"display:none\" ><a itemprop='url'  href='https:\/\/latemarium.com\/it\/events\/parola-di-nikolaus-drache\/var\/ri-2.l-L1'><\/a><meta itemprop='image' content=\"https:\/\/latemarium.com\/wp-content\/uploads\/2023\/06\/foresta-dei-draghi-6.jpg\" \/><meta itemprop='startDate' content=\"2026-7-12T11:00+0:00\" \/><meta itemprop='endDate' content=\"2026-7-12T23:59+0:00\" \/><meta itemprop='eventStatus' content=\"https:\/\/schema.org\/EventScheduled\" \/><meta itemprop='eventAttendanceMode'   itemscope itemtype=\"https:\/\/schema.org\/OfflineEventAttendanceMode\"\/><script type=\"application\/ld+json\">{\"@context\": \"http:\/\/schema.org\",\"@type\": \"Event\",\n\t\t\t\t\"@id\": \"event_2120_2\",\n\t\t\t\t\"eventAttendanceMode\":\"https:\/\/schema.org\/OfflineEventAttendanceMode\",\n\t\t\t\t\"eventStatus\":\"https:\/\/schema.org\/EventScheduled\",\n\t\t\t\t\"name\": \"Parola di Nikolaus Drache\",\n\t\t\t\t\"url\": \"https:\/\/latemarium.com\/it\/events\/parola-di-nikolaus-drache\/var\/ri-2.l-L1\",\n\t\t\t\t\"startDate\": \"2026-7-12T11:00+0:00\",\n\t\t\t\t\"endDate\": \"2026-7-12T23:59+0:00\",\n\t\t\t\t\"image\":\"https:\/\/latemarium.com\/wp-content\/uploads\/2023\/06\/foresta-dei-draghi-6.jpg\", \n\t\t\t\t\"description\":\"<p>Saltano, corrono, strisciano, volano! Eppure\u2026 non \u00e8 facile vederli!<br \/> Sanno nascondersi bene\u2026 gli squamosi furbacchioni! Chi sono? Ma i draghi del Latemar! Incontrarne uno, anche uno solo, sar\u00e0 un\u2019esperienza meravigliosa! Parola di Nikolaus Drache.<\/p> <p>domenica e luned\u00ec: dal 5 luglio al 24 agosto 2026<br \/> a monte della telecabina Predazzo-Gardon\u00e8<br \/> ore 11.00 e ore 14.30<br \/> spettacoli itineranti sul sentiero della Foresta dei Draghi<br \/> adatto a famiglie e bambini dai 2 anni in su\u00a0(durata 1h30\u2019)<\/p> \"}<\/script><\/div>\r\n\t\t\t\t<p class=\"desc_trig_outter\" style=\"\"><a data-gmap_status=\"null\" data-exlk=\"0\" style=\"background-color: #006290;\" id=\"evc_17838468002120\" class=\"hasFtIMG event_repeat desc_trig sin_val evcal_list_a\" data-ux_val=\"3\" data-ux_val_mob=\"-\"  ><span class='evoet_c1 evoet_cx '><span class='ev_ftImg' data-img='https:\/\/latemarium.com\/wp-content\/uploads\/2023\/06\/foresta-dei-draghi-6.jpg' data-thumb='https:\/\/latemarium.com\/wp-content\/uploads\/2023\/06\/foresta-dei-draghi-6-300x200.jpg' style='background-image:url(\"https:\/\/latemarium.com\/wp-content\/uploads\/2023\/06\/foresta-dei-draghi-6-300x200.jpg\")' ><\/span><\/span><span class='evoet_c2 evoet_cx '><span class='evoet_dayblock evcal_cblock ' data-bgcolor='#006290' data-smon='luglio' data-syr='2026' data-bub=''><span class='evo_start '><em class='date'>12<\/em><em class='month'>lug<\/em><em class='time'>11:00<\/em><\/span><\/span><\/span><span class='evoet_c3 evoet_cx evcal_desc hide_eventtopdata '><span class='evoet_title evcal_desc2 evcal_event_title ' itemprop='name'>Parola di Nikolaus Drache<\/span><span class='event_location_attrs' data-location_type=\"lonlat\" data-location_name=\"A monte della telecabina Predazzo-Gardon\u00e8\" data-location_url=\"https:\/\/latemarium.com\/it\/event-location\/a-monte-della-telecabina-predazzo-gardone\/\" data-location_status=\"true\" data-latlng=\"46.32878794406342,11.600176728690842\"><\/span><span class='evoet_subtitle evo_below_title' ><span class='evcal_event_subtitle ' >Spettacolo itinerante sul sentiero della Foresta dei Draghi<\/span><\/span><span class='evoet_time_expand level_3'><em class='evcal_time evo_tz_time'><i class='fa fa-clock-o'><\/i>11:00<span class='evo_tz marl5'>(GMT+02:00)<\/span><\/em> <\/span><span class='evoet_location level_3'><em class=\"evcal_location\"  data-latlng=\"46.32878794406342,11.600176728690842\" data-add_str=\"\" data-n=\"A monte della telecabina Predazzo-Gardon\u00e8\"><i class=\"fa fa-location-pin\"><\/i><em class=\"event_location_name\">A monte della telecabina Predazzo-Gardon\u00e8<\/em><\/em><\/span><\/span><span class='evoet_data' data-d=\"{&quot;loc.n&quot;:&quot;A monte della telecabina Predazzo-Gardon\\u00e8&quot;,&quot;orgs&quot;:[],&quot;tags&quot;:{&quot;repeating&quot;:&quot;Repeating Event&quot;}}\" data-bgc=\"#006290\" data-bggrad=\"\" ><\/span><\/a><\/p><div class='event_description evcal_eventcard ' style=\"display:none\"><div class='evocard_row'><div id='event_ftimage' class='evocard_box ftimage' data-c='' \n\t\t\t\t\tstyle=''><div class='evocard_main_image_hold' data-t='Loading Image..'><div class='evocard_main_image evo_img_triglb evobr15 evobgsc evobgpc evodfx evofx_jc_c evofx_ai_c evofz48 minmized' style='height:300px; background-image:url();' data-f=\"https:\/\/latemarium.com\/wp-content\/uploads\/2023\/06\/foresta-dei-draghi-6.jpg\" data-h=\"800\" data-w=\"1200\" data-ratio=\"0.66666666666667\" data-event_id=\"2120\" data-ri=\"2\"  data-t='Loading Image..'><span style='height:300px; background-image:url(https:\/\/latemarium.com\/wp-content\/uploads\/2023\/06\/foresta-dei-draghi-6.jpg)'><\/span><\/div><\/div><\/div><\/div><div class='evocard_row'><div id='event_eventdetails' class='evocard_box eventdetails' data-c='' \n\t\t\t\t\tstyle=''><div class='evo_metarow_details evorow evcal_evdata_row evcal_event_details'>\n\t\t<div class=\"event_excerpt\" style=\"display:none\"><h3 class=\"padb5 evo_h3\">Dettagli dell&#039;evento<\/h3><p>Saltano, corrono, strisciano, volano! Eppure\u2026 non \u00e8 facile vederli!\nSanno nascondersi bene\u2026 gli squamosi furbacchioni! Chi sono? Ma i draghi del Latemar! Incontrarne uno, anche uno solo, sar\u00e0 un\u2019esperienza meravigliosa!<\/p><\/div><span class='evcal_evdata_icons'><i class='fa fa-align-justify'><\/i><\/span>\n\t\t\n\t\t<div class='evcal_evdata_cell '>\n\t\t\t<div class='eventon_full_description'>\n\t\t\t\t<h3 class='padb5 evo_h3'><span class='evcal_evdata_icons'><i class='fa fa-align-justify'><\/i><\/span>Dettagli dell&#039;evento<\/h3>\n\t\t\t\t<div class='eventon_desc_in' itemprop='description'>\n\t\t\t\t<p>Saltano, corrono, strisciano, volano! Eppure\u2026 non \u00e8 facile vederli!<br \/>\nSanno nascondersi bene\u2026 gli squamosi furbacchioni! Chi sono? Ma i draghi del Latemar! Incontrarne uno, anche uno solo, sar\u00e0 un\u2019esperienza meravigliosa! Parola di Nikolaus Drache.<\/p>\n<p>domenica e luned\u00ec: dal 5 luglio al 24 agosto 2026<br \/>\na monte della telecabina Predazzo-Gardon\u00e8<br \/>\nore 11.00 e ore 14.30<br \/>\nspettacoli itineranti sul sentiero della Foresta dei Draghi<br \/>\nadatto a famiglie e bambini dai 2 anni in su\u00a0(durata 1h30\u2019)<\/p>\n<\/div><div class='clear'><\/div>\n\t\t\t<\/div>\n\t\t<\/div>\n\t<\/div><\/div><\/div><div class='evocard_row bx2 bx'><div id='event_time' class='evocard_box time' data-c='' \n\t\t\t\t\tstyle=''><div class='evo_metarow_time evorow evcal_evdata_row evcal_evrow_sm '>\n\t\t<span class='evcal_evdata_icons'><i class='fa fa-clock'><\/i><\/span>\n\t\t<div class='evcal_evdata_cell'>\t\t\t\t\t\t\t\n\t\t\t<h3 class='evo_h3'><span class='evcal_evdata_icons'><i class='fa fa-clock'><\/i><\/span>Orario<\/h3><p><span class='evo_eventcard_time_t'>12 luglio 2026 11:00<\/span><span class='evo_tz marr5'>(GMT+02:00)<\/span><\/p>\n\t\t<\/div>\n\t<\/div><\/div><div id='event_location' class='evocard_box location' data-c='' \n\t\t\t\t\tstyle=''><div class='evcal_evdata_row evo_metarow_time_location evorow '>\n\t\t\n\t\t\t<span class='evcal_evdata_icons'><i class='fa fa-map-marker'><\/i><\/span>\n\t\t\t<div class='evcal_evdata_cell' data-loc_tax_id='34'><h3 class='evo_h3 evodfx'><span class='evcal_evdata_icons'><i class='fa fa-map-marker'><\/i><\/span>Luogo<\/h3><p class='evo_location_name'>A monte della telecabina Predazzo-Gardon\u00e8<\/p><div class='padt10'><span class='evo_btn_arr evolb_trigger' data-lbvals=\"{&quot;lbc&quot;:&quot;evo_location_lb_34&quot;,&quot;lbac&quot;:&quot;lb_max&quot;,&quot;t&quot;:&quot;A monte della telecabina Predazzo-Gardon\\u00e8&quot;,&quot;ajax&quot;:&quot;yes&quot;,&quot;ajax_type&quot;:&quot;endpoint&quot;,&quot;ajax_action&quot;:&quot;eventon_get_tax_card_content&quot;,&quot;end&quot;:&quot;client&quot;,&quot;d&quot;:{&quot;lang&quot;:&quot;L1&quot;,&quot;term_id&quot;:34,&quot;tax&quot;:&quot;event_location&quot;,&quot;load_lbcontent&quot;:true},&quot;uid&quot;:&quot;eventon_get_tax_card_content&quot;}\" >Other Events<i class='fa fa-chevron-right'><\/i><\/span><\/div><\/div>\n\t\t\n\t<\/div><\/div><\/div><div class='evocard_row bx2 bx'><div id='event_learnmore' class='evocard_box learnmore' data-c='' \n\t\t\t\t\tstyle=''><div class='evo_metarow_learnM evo_metarow_learnmore evorow'>\n\t\t\t\t\t\t\t<a class='evcal_evdata_row evo_clik_row ' href='https:\/\/www.montagnanimata.it\/spettacoli\/' target=\"_blank\">\n\t\t\t\t\t\t\t\t<span class='evcal_evdata_icons'><i class='fa fa-link'><\/i><\/span>\n\t\t\t\t\t\t\t\t<h3 class='evo_h3'>Scopri di pi\u00f9<\/h3>\n\t\t\t\t\t\t\t<\/a>\n\t\t\t\t\t\t\t<\/div><\/div><div id='event_addtocal' class='evocard_box addtocal' data-c='' \n\t\t\t\t\tstyle=''><div class='evo_metarow_ICS evorow evcal_evdata_row'>\n\t\t\t<span class='evcal_evdata_icons'><i class='fa fa-calendar-o'><\/i><\/span>\n\t\t\t<div class='evcal_evdata_cell'>\n\t\t\t\t<p><a href='https:\/\/latemarium.com\/it\/export-events\/2120_2\/?nonce=a3263097f9' class='evo_ics_nCal' title='Aggiungi al tuo calendario'>Calendario<\/a><a href='https:\/\/www.google.com\/calendar\/event?action=TEMPLATE&text=Parola+di+Nikolaus+Drache&dates=20260712T090000Z%2F20260712T215900Z&ctz=Europe%2FRome&details=Parola di Nikolaus Drache&location=A+monte+della+telecabina+Predazzo-Gardon%C3%A8' target='_blank' class='evo_ics_gCal' title='Aggiungi al calendario di Google'>GoogleCal<\/a><\/p>\t\n\t\t\t<\/div>\n\t\t<\/div><\/div><\/div><div class='evocard_row'><div id='event_getdirection' class='evocard_box getdirection' data-c='' \n\t\t\t\t\tstyle=''><div class='evo_metarow_getDr evorow evcal_evdata_row evcal_evrow_sm getdirections'>\n\t\t<form action='https:\/\/maps.google.com\/maps' method='get' target='_blank'>\n\t\t\t<input type='hidden' name='daddr' value=\"46.32878794406342,11.600176728690842\"\/> \n\t\t\t<div class='evo_get_direction_content evo_fx_dr_r evogap10'>\n\t\t\t\t<span class='evogetdir_header evodfx evofx_dr_r evofx_ai_c marr10'>\n\t\t\t\t\t<i class='mainicon fa fa-road'><\/i> \n\t\t\t\t\t<h3 class='evo_h3' style='padding-bottom:5px;'>Ottieni indicazioni stradali<\/h3>\n\t\t\t\t<\/span>\n\t\t\t\t<span class='evogetdir_field evodfx evofx_1_1 evo_fx_dr_c evow100p'>\t\t\t\t\t\n\t\t\t\t\t<input class='evoInput evotac' type='text' name='saddr' placeholder='Digitare l&#039;indirizzo per ottenere le indicazioni stradali' value='' style='margin:10px 0;'\/>\n\t\t\t\t<\/span>\n\t\t\t\t<button type='submit' class='evo_get_direction_button evo_btn_arr_circ dfx fx_ai_c' title='Fare clic qui per ottenere indicazioni'><i class='fa fa-chevron-right'><\/i> <\/button>\n\t\t\t<\/div>\n\t\t<\/form>\n\t<\/div><\/div><\/div><div class='evo_card_row_end evcal_close' title='Testo del pulsante Chiudi evento'><\/div><\/div><div class='clear end'><\/div><\/div><div id=\"event_2149_5\" class=\"eventon_list_event evo_eventtop scheduled  event clrW no_et event_2149_5\" data-event_id=\"2149\" data-ri=\"5r\" data-time=\"1783862400-1783893540\" data-colr=\"#b8d989\" itemscope itemtype='http:\/\/schema.org\/Event'><div class=\"evo_event_schema\" style=\"display:none\" ><a itemprop='url'  href='https:\/\/latemarium.com\/it\/events\/i-suoni-e-la-vita-della-malga\/var\/ri-5.l-L1'><\/a><meta itemprop='image' content=\"https:\/\/latemarium.com\/wp-content\/uploads\/2023\/06\/suoni-vita-malga.jpg\" \/><meta itemprop='startDate' content=\"2026-7-12T15:20+0:00\" \/><meta itemprop='endDate' content=\"2026-7-12T23:59+0:00\" \/><meta itemprop='eventStatus' content=\"https:\/\/schema.org\/EventScheduled\" \/><meta itemprop='eventAttendanceMode'   itemscope itemtype=\"https:\/\/schema.org\/OfflineEventAttendanceMode\"\/><div style=\"display:none\" itemprop=\"location\" itemscope itemtype=\"http:\/\/schema.org\/Place\"><span itemprop=\"name\">Pampeago<\/span><span itemprop=\"address\" itemscope itemtype=\"http:\/\/schema.org\/PostalAddress\"><item itemprop=\"streetAddress\">Localit\u00e0 Pampeago, 8, 38038 Tesero TN<\/item><\/span><\/div><script type=\"application\/ld+json\">{\"@context\": \"http:\/\/schema.org\",\"@type\": \"Event\",\n\t\t\t\t\"@id\": \"event_2149_5\",\n\t\t\t\t\"eventAttendanceMode\":\"https:\/\/schema.org\/OfflineEventAttendanceMode\",\n\t\t\t\t\"eventStatus\":\"https:\/\/schema.org\/EventScheduled\",\n\t\t\t\t\"name\": \"I suoni e la vita della malga\",\n\t\t\t\t\"url\": \"https:\/\/latemarium.com\/it\/events\/i-suoni-e-la-vita-della-malga\/var\/ri-5.l-L1\",\n\t\t\t\t\"startDate\": \"2026-7-12T15:20+0:00\",\n\t\t\t\t\"endDate\": \"2026-7-12T23:59+0:00\",\n\t\t\t\t\"image\":\"https:\/\/latemarium.com\/wp-content\/uploads\/2023\/06\/suoni-vita-malga.jpg\", \n\t\t\t\t\"description\":\"<p>Ritrovo presso parcheggio seggiovia Tresca (raggiungibile in auto da Pampeago \u2013 SOLO per chi prenota l&#8217;attivit\u00e0).<\/p> <p>Dopo una breve passeggiata fino a Malga Pampeago, bambini e genitori scoprono la vita e i suoni quotidiani che scandiscono la vita dei malgari, fra mucche, vitellini, asinelli e maiali.<\/p> <p>A fine attivit\u00e0 ci sar\u00e0 una piccola merenda che i bambini potranno gustarsi o portarsi a casa.<\/p> <p>Attivit\u00e0 possibile anche con passeggino country.<\/p> <p>Prenotazione obbligatoria.<\/p> <p>Prenotazione obbligatoria. Clicca <a href='https:\/\/www.visitfiemme.it\/it\/eventi\/fiemme-cembra-guest-card\/esperienze\/esperienze-in-estate?re-product-id=211655' target='_blank' rel='noopener'>qui<\/a>\u00a0per prenotare.<\/p> \",\"location\":[{\"@type\":\"Place\",\"name\":\"Pampeago\",\"address\":{\"@type\": \"PostalAddress\",\"streetAddress\":\"Localit\u00e0 Pampeago, 8, 38038 Tesero TN\"}}]}<\/script><\/div>\r\n\t\t\t\t<p class=\"desc_trig_outter\" style=\"\"><a data-gmtrig=\"1\" data-exlk=\"0\" style=\"background-color: #b8d989;\" id=\"evc_17838624002149\" class=\"hasFtIMG event_repeat desc_trig sin_val evcal_list_a\" data-ux_val=\"3\" data-ux_val_mob=\"-\"  ><span class='evoet_c1 evoet_cx '><span class='ev_ftImg' data-img='https:\/\/latemarium.com\/wp-content\/uploads\/2023\/06\/suoni-vita-malga.jpg' data-thumb='https:\/\/latemarium.com\/wp-content\/uploads\/2023\/06\/suoni-vita-malga-300x225.jpg' style='background-image:url(\"https:\/\/latemarium.com\/wp-content\/uploads\/2023\/06\/suoni-vita-malga-300x225.jpg\")' ><\/span><\/span><span class='evoet_c2 evoet_cx '><span class='evoet_dayblock evcal_cblock ' data-bgcolor='#b8d989' data-smon='luglio' data-syr='2026' data-bub=''><span class='evo_start '><em class='date'>12<\/em><em class='month'>lug<\/em><em class='time'>15:20<\/em><\/span><\/span><\/span><span class='evoet_c3 evoet_cx evcal_desc hide_eventtopdata '><span class='evoet_title evcal_desc2 evcal_event_title ' itemprop='name'>I suoni e la vita della malga<\/span><span class='event_location_attrs'  data-location_address=\"Localit\u00e0 Pampeago, 8, 38038 Tesero TN\" data-location_type=\"lonlat\" data-location_name=\"Pampeago\" data-location_url=\"https:\/\/latemarium.com\/it\/event-location\/pampeago\/\" data-location_status=\"true\" data-latlng=\"46.34343697644898,11.540997527961546\"><\/span><span class='evoet_subtitle evo_below_title' ><span class='evcal_event_subtitle ' >Alla scoperta della vita dei malgari<\/span><\/span><span class='evoet_time_expand level_3'><em class='evcal_time evo_tz_time'><i class='fa fa-clock-o'><\/i>15:20<span class='evo_tz marl5'>(GMT+02:00)<\/span><\/em> <\/span><span class='evoet_location level_3'><em class=\"evcal_location\"  data-latlng=\"46.34343697644898,11.540997527961546\" data-add_str=\"Localit\u00e0 Pampeago, 8, 38038 Tesero TN\" data-n=\"Pampeago\"><i class=\"fa fa-location-pin\"><\/i><em class=\"event_location_name\">Pampeago<\/em>, Localit\u00e0 Pampeago, 8, 38038 Tesero TN<\/em><\/span><\/span><span class='evoet_data' data-d=\"{&quot;loc.n&quot;:&quot;Pampeago&quot;,&quot;orgs&quot;:[],&quot;tags&quot;:{&quot;repeating&quot;:&quot;Repeating Event&quot;}}\" data-bgc=\"#b8d989\" data-bggrad=\"\" ><\/span><\/a><\/p><div class='event_description evcal_eventcard ' style=\"display:none\"><div class='evocard_row'><div id='event_ftimage' class='evocard_box ftimage' data-c='' \n\t\t\t\t\tstyle=''><div class='evocard_main_image_hold' data-t='Loading Image..'><div class='evocard_main_image evo_img_triglb evobr15 evobgsc evobgpc evodfx evofx_jc_c evofx_ai_c evofz48 minmized' style='height:300px; background-image:url();' data-f=\"https:\/\/latemarium.com\/wp-content\/uploads\/2023\/06\/suoni-vita-malga.jpg\" data-h=\"796\" data-w=\"1062\" data-ratio=\"0.74952919020716\" data-event_id=\"2149\" data-ri=\"5\"  data-t='Loading Image..'><span style='height:300px; background-image:url(https:\/\/latemarium.com\/wp-content\/uploads\/2023\/06\/suoni-vita-malga.jpg)'><\/span><\/div><\/div><\/div><\/div><div class='evocard_row'><div id='event_eventdetails' class='evocard_box eventdetails' data-c='' \n\t\t\t\t\tstyle=''><div class='evo_metarow_details evorow evcal_evdata_row evcal_event_details'>\n\t\t<div class=\"event_excerpt\" style=\"display:none\"><h3 class=\"padb5 evo_h3\">Dettagli dell&#039;evento<\/h3><p>Ritrovo presso parcheggio seggiovia Tresca (raggiungibile in auto da Pampeago \u2013 SOLO per chi prenota l&#8217;attivit\u00e0).\nDopo una breve passeggiata fino a Malga Pampeago, bambini e genitori scoprono la vita e<\/p><\/div><span class='evcal_evdata_icons'><i class='fa fa-align-justify'><\/i><\/span>\n\t\t\n\t\t<div class='evcal_evdata_cell shorter_desc'>\n\t\t\t<div class='eventon_full_description'>\n\t\t\t\t<h3 class='padb5 evo_h3'><span class='evcal_evdata_icons'><i class='fa fa-align-justify'><\/i><\/span>Dettagli dell&#039;evento<\/h3>\n\t\t\t\t<div class='eventon_desc_in' itemprop='description'>\n\t\t\t\t<p>Ritrovo presso parcheggio seggiovia Tresca (raggiungibile in auto da Pampeago \u2013 SOLO per chi prenota l&#8217;attivit\u00e0).<\/p>\n<p>Dopo una breve passeggiata fino a Malga Pampeago, bambini e genitori scoprono la vita e i suoni quotidiani che scandiscono la vita dei malgari, fra mucche, vitellini, asinelli e maiali.<\/p>\n<p>A fine attivit\u00e0 ci sar\u00e0 una piccola merenda che i bambini potranno gustarsi o portarsi a casa.<\/p>\n<p>Attivit\u00e0 possibile anche con passeggino country.<\/p>\n<p>Prenotazione obbligatoria.<\/p>\n<p>Prenotazione obbligatoria. Clicca <a href=\"https:\/\/www.visitfiemme.it\/it\/eventi\/fiemme-cembra-guest-card\/esperienze\/esperienze-in-estate?re-product-id=211655\" target=\"_blank\" rel=\"noopener\">qui<\/a>\u00a0per prenotare.<\/p>\n<\/div><p class='eventon_shad_p' style='padding:5px 0 0; margin:0'>\n\t\t\t<span class='evcal_btn evo_btn_secondary evobtn_details_show_more' content='less'>\n\t\t\t\t<span class='ev_more_text' data-txt='Meno'>Pi\u00f9<\/span><span class='ev_more_arrow ard'><\/span>\n\t\t\t<\/span>\n\t\t<\/p><div class='clear'><\/div>\n\t\t\t<\/div>\n\t\t<\/div>\n\t<\/div><\/div><\/div><div class='evocard_row bx2 bx'><div id='event_time' class='evocard_box time' data-c='' \n\t\t\t\t\tstyle=''><div class='evo_metarow_time evorow evcal_evdata_row evcal_evrow_sm '>\n\t\t<span class='evcal_evdata_icons'><i class='fa fa-clock'><\/i><\/span>\n\t\t<div class='evcal_evdata_cell'>\t\t\t\t\t\t\t\n\t\t\t<h3 class='evo_h3'><span class='evcal_evdata_icons'><i class='fa fa-clock'><\/i><\/span>Orario<\/h3><p><span class='evo_eventcard_time_t'>12 luglio 2026 15:20<\/span><span class='evo_tz marr5'>(GMT+02:00)<\/span><\/p>\n\t\t<\/div>\n\t<\/div><\/div><div id='event_location' class='evocard_box location' data-c='' \n\t\t\t\t\tstyle=''><div class='evcal_evdata_row evo_metarow_time_location evorow '>\n\t\t\n\t\t\t<span class='evcal_evdata_icons'><i class='fa fa-map-marker'><\/i><\/span>\n\t\t\t<div class='evcal_evdata_cell' data-loc_tax_id='30'><h3 class='evo_h3 evodfx'><span class='evcal_evdata_icons'><i class='fa fa-map-marker'><\/i><\/span>Luogo<\/h3><p class='evo_location_name'>Pampeago<\/p><p class='evo_location_address evodfxi evogap10'>Localit\u00e0 Pampeago, 8, 38038 Tesero TN<\/p><div class='padt10'><span class='evo_btn_arr evolb_trigger' data-lbvals=\"{&quot;lbc&quot;:&quot;evo_location_lb_30&quot;,&quot;lbac&quot;:&quot;lb_max&quot;,&quot;t&quot;:&quot;Pampeago&quot;,&quot;ajax&quot;:&quot;yes&quot;,&quot;ajax_type&quot;:&quot;endpoint&quot;,&quot;ajax_action&quot;:&quot;eventon_get_tax_card_content&quot;,&quot;end&quot;:&quot;client&quot;,&quot;d&quot;:{&quot;lang&quot;:&quot;L1&quot;,&quot;term_id&quot;:30,&quot;tax&quot;:&quot;event_location&quot;,&quot;load_lbcontent&quot;:true},&quot;uid&quot;:&quot;eventon_get_tax_card_content&quot;}\" >Other Events<i class='fa fa-chevron-right'><\/i><\/span><\/div><\/div>\n\t\t\n\t<\/div><\/div><\/div><div class='evocard_row'><div id='event_addtocal' class='evocard_box addtocal' data-c='' \n\t\t\t\t\tstyle=''><div class='evo_metarow_ICS evorow evcal_evdata_row'>\n\t\t\t<span class='evcal_evdata_icons'><i class='fa fa-calendar-o'><\/i><\/span>\n\t\t\t<div class='evcal_evdata_cell'>\n\t\t\t\t<p><a href='https:\/\/latemarium.com\/it\/export-events\/2149_5\/?nonce=a3263097f9' class='evo_ics_nCal' title='Aggiungi al tuo calendario'>Calendario<\/a><a href='https:\/\/www.google.com\/calendar\/event?action=TEMPLATE&text=I+suoni+e+la+vita+della+malga&dates=20260712T132000Z%2F20260712T215900Z&ctz=Europe%2FRome&details=I suoni e la vita della malga&location=Pampeago+Localit%C3%A0+Pampeago%2C+8%2C+38038+Tesero+TN' target='_blank' class='evo_ics_gCal' title='Aggiungi al calendario di Google'>GoogleCal<\/a><\/p>\t\n\t\t\t<\/div>\n\t\t<\/div><\/div><\/div><div class='evocard_row'><div id='event_getdirection' class='evocard_box getdirection' data-c='' \n\t\t\t\t\tstyle=''><div class='evo_metarow_getDr evorow evcal_evdata_row evcal_evrow_sm getdirections'>\n\t\t<form action='https:\/\/maps.google.com\/maps' method='get' target='_blank'>\n\t\t\t<input type='hidden' name='daddr' value=\"46.34343697644898,11.540997527961546\"\/> \n\t\t\t<div class='evo_get_direction_content evo_fx_dr_r evogap10'>\n\t\t\t\t<span class='evogetdir_header evodfx evofx_dr_r evofx_ai_c marr10'>\n\t\t\t\t\t<i class='mainicon fa fa-road'><\/i> \n\t\t\t\t\t<h3 class='evo_h3' style='padding-bottom:5px;'>Ottieni indicazioni stradali<\/h3>\n\t\t\t\t<\/span>\n\t\t\t\t<span class='evogetdir_field evodfx evofx_1_1 evo_fx_dr_c evow100p'>\t\t\t\t\t\n\t\t\t\t\t<input class='evoInput evotac' type='text' name='saddr' placeholder='Digitare l&#039;indirizzo per ottenere le indicazioni stradali' value='' style='margin:10px 0;'\/>\n\t\t\t\t<\/span>\n\t\t\t\t<button type='submit' class='evo_get_direction_button evo_btn_arr_circ dfx fx_ai_c' title='Fare clic qui per ottenere indicazioni'><i class='fa fa-chevron-right'><\/i> <\/button>\n\t\t\t<\/div>\n\t\t<\/form>\n\t<\/div><\/div><\/div><div class='evo_card_row_end evcal_close' title='Testo del pulsante Chiudi evento'><\/div><\/div><div class='clear end'><\/div><\/div><div id=\"event_2114_2\" class=\"eventon_list_event evo_eventtop scheduled  event clrW no_et event_2114_2\" data-event_id=\"2114\" data-ri=\"2r\" data-time=\"1783927800-1783979940\" data-colr=\"#ffa024\" itemscope itemtype='http:\/\/schema.org\/Event'><div class=\"evo_event_schema\" style=\"display:none\" ><a itemprop='url'  href='https:\/\/latemarium.com\/it\/events\/geotrekking-monte-agnello\/var\/ri-2.l-L1'><\/a><meta itemprop='image' content=\"https:\/\/latemarium.com\/wp-content\/uploads\/2023\/06\/geotrail-monte-agnello.jpg\" \/><meta itemprop='startDate' content=\"2026-7-13T09:30+0:00\" \/><meta itemprop='endDate' content=\"2026-7-13T23:59+0:00\" \/><meta itemprop='eventStatus' content=\"https:\/\/schema.org\/EventScheduled\" \/><meta itemprop='eventAttendanceMode'   itemscope itemtype=\"https:\/\/schema.org\/OfflineEventAttendanceMode\"\/><div style=\"display:none\" itemprop=\"location\" itemscope itemtype=\"http:\/\/schema.org\/Place\"><span itemprop=\"name\">Rifugio Agnello<\/span><span itemprop=\"address\" itemscope itemtype=\"http:\/\/schema.org\/PostalAddress\"><item itemprop=\"streetAddress\">Loc. Pampeago, 9, 38038 Tesero TN<\/item><\/span><\/div><script type=\"application\/ld+json\">{\"@context\": \"http:\/\/schema.org\",\"@type\": \"Event\",\n\t\t\t\t\"@id\": \"event_2114_2\",\n\t\t\t\t\"eventAttendanceMode\":\"https:\/\/schema.org\/OfflineEventAttendanceMode\",\n\t\t\t\t\"eventStatus\":\"https:\/\/schema.org\/EventScheduled\",\n\t\t\t\t\"name\": \"Geotrekking Monte Agnello\",\n\t\t\t\t\"url\": \"https:\/\/latemarium.com\/it\/events\/geotrekking-monte-agnello\/var\/ri-2.l-L1\",\n\t\t\t\t\"startDate\": \"2026-7-13T09:30+0:00\",\n\t\t\t\t\"endDate\": \"2026-7-13T23:59+0:00\",\n\t\t\t\t\"image\":\"https:\/\/latemarium.com\/wp-content\/uploads\/2023\/06\/geotrail-monte-agnello.jpg\", \n\t\t\t\t\"description\":\"<p><strong>Scenografico itinerario geologico<\/strong> ad anello alla scoperta dell\u2019antico vulcano di Predazzo, guidati da un esperto Geologo e Accompagnatore di Media Montagna.<\/p> <p>Una camminata sulle tracce della Pompei del Triassico del Monte Agnello, dove lave, ceneri e lapilli hanno seppellito un antico atollo tropicale.<\/p> <p>Il percorso \u00e8 semplice, con sentieri ben percorribili, dislivello 350 metri circa.<\/p> <p><strong>Prenotazione obbligatoria<\/strong>.<\/p> <p>Attivit\u00e0 gratuita.<\/p> <p>Clicca <a href='https:\/\/www.visitfiemme.it\/it\/eventi\/fiemme-cembra-guest-card\/esperienze\/esperienze-in-estate?re-product-id=211508' target='_blank' rel='noopener'>qui<\/a>\u00a0per prenotare.<\/p> \",\"location\":[{\"@type\":\"Place\",\"name\":\"Rifugio Agnello\",\"address\":{\"@type\": \"PostalAddress\",\"streetAddress\":\"Loc. Pampeago, 9, 38038 Tesero TN\"}}]}<\/script><\/div>\r\n\t\t\t\t<p class=\"desc_trig_outter\" style=\"\"><a data-gmtrig=\"1\" data-exlk=\"0\" style=\"background-color: #ffa024;\" id=\"evc_17839278002114\" class=\"hasFtIMG event_repeat desc_trig sin_val evcal_list_a\" data-ux_val=\"3\" data-ux_val_mob=\"-\"  ><span class='evoet_c1 evoet_cx '><span class='ev_ftImg' data-img='https:\/\/latemarium.com\/wp-content\/uploads\/2023\/06\/geotrail-monte-agnello.jpg' data-thumb='https:\/\/latemarium.com\/wp-content\/uploads\/2023\/06\/geotrail-monte-agnello-300x240.jpg' style='background-image:url(\"https:\/\/latemarium.com\/wp-content\/uploads\/2023\/06\/geotrail-monte-agnello-300x240.jpg\")' ><\/span><\/span><span class='evoet_c2 evoet_cx '><span class='evoet_dayblock evcal_cblock ' data-bgcolor='#ffa024' data-smon='luglio' data-syr='2026' data-bub=''><span class='evo_start '><em class='date'>13<\/em><em class='month'>lug<\/em><em class='time'>09:30<\/em><\/span><\/span><\/span><span class='evoet_c3 evoet_cx evcal_desc hide_eventtopdata '><span class='evoet_title evcal_desc2 evcal_event_title ' itemprop='name'>Geotrekking Monte Agnello<\/span><span class='event_location_attrs'  data-location_address=\"Loc. Pampeago, 9, 38038 Tesero TN\" data-location_type=\"lonlat\" data-location_name=\"Rifugio Agnello\" data-location_url=\"https:\/\/latemarium.com\/it\/event-location\/rifugio-agnello\/\" data-location_status=\"true\" data-latlng=\"46.333809095680266,11.547693182509184\"><\/span><span class='evoet_subtitle evo_below_title' ><span class='evcal_event_subtitle ' >itinerario geologico ad anello alla scoperta dell\u2019antico vulcano di Predazzo<\/span><\/span><span class='evoet_time_expand level_3'><em class='evcal_time evo_tz_time'><i class='fa fa-clock-o'><\/i>09:30<span class='evo_tz marl5'>(GMT+02:00)<\/span><\/em> <\/span><span class='evoet_location level_3'><em class=\"evcal_location\"  data-latlng=\"46.333809095680266,11.547693182509184\" data-add_str=\"Loc. Pampeago, 9, 38038 Tesero TN\" data-n=\"Rifugio Agnello\"><i class=\"fa fa-location-pin\"><\/i><em class=\"event_location_name\">Rifugio Agnello<\/em>, Loc. Pampeago, 9, 38038 Tesero TN<\/em><\/span><\/span><span class='evoet_data' data-d=\"{&quot;loc.n&quot;:&quot;Rifugio Agnello&quot;,&quot;orgs&quot;:[],&quot;tags&quot;:{&quot;repeating&quot;:&quot;Repeating Event&quot;}}\" data-bgc=\"#ffa024\" data-bggrad=\"\" ><\/span><\/a><\/p><div class='event_description evcal_eventcard ' style=\"display:none\"><div class='evocard_row'><div id='event_ftimage' class='evocard_box ftimage' data-c='' \n\t\t\t\t\tstyle=''><div class='evocard_main_image_hold' data-t='Loading Image..'><div class='evocard_main_image evo_img_triglb evobr15 evobgsc evobgpc evodfx evofx_jc_c evofx_ai_c evofz48 minmized' style='height:300px; background-image:url();' data-f=\"https:\/\/latemarium.com\/wp-content\/uploads\/2023\/06\/geotrail-monte-agnello.jpg\" data-h=\"528\" data-w=\"661\" data-ratio=\"0.79878971255673\" data-event_id=\"2114\" data-ri=\"2\"  data-t='Loading Image..'><span style='height:300px; background-image:url(https:\/\/latemarium.com\/wp-content\/uploads\/2023\/06\/geotrail-monte-agnello.jpg)'><\/span><\/div><\/div><\/div><\/div><div class='evocard_row'><div id='event_eventdetails' class='evocard_box eventdetails' data-c='' \n\t\t\t\t\tstyle=''><div class='evo_metarow_details evorow evcal_evdata_row evcal_event_details'>\n\t\t<div class=\"event_excerpt\" style=\"display:none\"><h3 class=\"padb5 evo_h3\">Dettagli dell&#039;evento<\/h3><p>Scenografico itinerario geologico ad anello alla scoperta dell\u2019antico vulcano di Predazzo, guidati da un esperto Geologo e Accompagnatore di Media Montagna.\nUna camminata sulle tracce della Pompei del Triassico del Monte<\/p><\/div><span class='evcal_evdata_icons'><i class='fa fa-align-justify'><\/i><\/span>\n\t\t\n\t\t<div class='evcal_evdata_cell shorter_desc'>\n\t\t\t<div class='eventon_full_description'>\n\t\t\t\t<h3 class='padb5 evo_h3'><span class='evcal_evdata_icons'><i class='fa fa-align-justify'><\/i><\/span>Dettagli dell&#039;evento<\/h3>\n\t\t\t\t<div class='eventon_desc_in' itemprop='description'>\n\t\t\t\t<p><strong>Scenografico itinerario geologico<\/strong> ad anello alla scoperta dell\u2019antico vulcano di Predazzo, guidati da un esperto Geologo e Accompagnatore di Media Montagna.<\/p>\n<p>Una camminata sulle tracce della Pompei del Triassico del Monte Agnello, dove lave, ceneri e lapilli hanno seppellito un antico atollo tropicale.<\/p>\n<p>Il percorso \u00e8 semplice, con sentieri ben percorribili, dislivello 350 metri circa.<\/p>\n<p><strong>Prenotazione obbligatoria<\/strong>.<\/p>\n<p>Attivit\u00e0 gratuita.<\/p>\n<p>Clicca <a href=\"https:\/\/www.visitfiemme.it\/it\/eventi\/fiemme-cembra-guest-card\/esperienze\/esperienze-in-estate?re-product-id=211508\" target=\"_blank\" rel=\"noopener\">qui<\/a>\u00a0per prenotare.<\/p>\n<\/div><p class='eventon_shad_p' style='padding:5px 0 0; margin:0'>\n\t\t\t<span class='evcal_btn evo_btn_secondary evobtn_details_show_more' content='less'>\n\t\t\t\t<span class='ev_more_text' data-txt='Meno'>Pi\u00f9<\/span><span class='ev_more_arrow ard'><\/span>\n\t\t\t<\/span>\n\t\t<\/p><div class='clear'><\/div>\n\t\t\t<\/div>\n\t\t<\/div>\n\t<\/div><\/div><\/div><div class='evocard_row bx2 bx'><div id='event_time' class='evocard_box time' data-c='' \n\t\t\t\t\tstyle=''><div class='evo_metarow_time evorow evcal_evdata_row evcal_evrow_sm '>\n\t\t<span class='evcal_evdata_icons'><i class='fa fa-clock'><\/i><\/span>\n\t\t<div class='evcal_evdata_cell'>\t\t\t\t\t\t\t\n\t\t\t<h3 class='evo_h3'><span class='evcal_evdata_icons'><i class='fa fa-clock'><\/i><\/span>Orario<\/h3><p><span class='evo_eventcard_time_t'>13 luglio 2026 09:30<\/span><span class='evo_tz marr5'>(GMT+02:00)<\/span><\/p>\n\t\t<\/div>\n\t<\/div><\/div><div id='event_location' class='evocard_box location' data-c='' \n\t\t\t\t\tstyle=''><div class='evcal_evdata_row evo_metarow_time_location evorow '>\n\t\t\n\t\t\t<span class='evcal_evdata_icons'><i class='fa fa-map-marker'><\/i><\/span>\n\t\t\t<div class='evcal_evdata_cell' data-loc_tax_id='24'><h3 class='evo_h3 evodfx'><span class='evcal_evdata_icons'><i class='fa fa-map-marker'><\/i><\/span><a target=\"_blank\" href=\"https:\/\/www.facebook.com\/profile.php?id=100064742944609\">Luogo<\/a><\/h3><p class='evo_location_name'><a target=\"_blank\" href=\"https:\/\/www.facebook.com\/profile.php?id=100064742944609\">Rifugio Agnello<\/a><\/p><p class='evo_location_address evodfxi evogap10'><a target=\"_blank\" href=\"https:\/\/www.facebook.com\/profile.php?id=100064742944609\">Loc. Pampeago, 9, 38038 Tesero TN<\/a><\/p><div class='padt10'><span class='evo_btn_arr evolb_trigger' data-lbvals=\"{&quot;lbc&quot;:&quot;evo_location_lb_24&quot;,&quot;lbac&quot;:&quot;lb_max&quot;,&quot;t&quot;:&quot;Rifugio Agnello&quot;,&quot;ajax&quot;:&quot;yes&quot;,&quot;ajax_type&quot;:&quot;endpoint&quot;,&quot;ajax_action&quot;:&quot;eventon_get_tax_card_content&quot;,&quot;end&quot;:&quot;client&quot;,&quot;d&quot;:{&quot;lang&quot;:&quot;L1&quot;,&quot;term_id&quot;:24,&quot;tax&quot;:&quot;event_location&quot;,&quot;load_lbcontent&quot;:true},&quot;uid&quot;:&quot;eventon_get_tax_card_content&quot;}\" >Other Events<i class='fa fa-chevron-right'><\/i><\/span><\/div><\/div>\n\t\t\n\t<\/div><\/div><\/div><div class='evocard_row bx2 bx'><div id='event_learnmore' class='evocard_box learnmore' data-c='' \n\t\t\t\t\tstyle=''><div class='evo_metarow_learnM evo_metarow_learnmore evorow'>\n\t\t\t\t\t\t\t<a class='evcal_evdata_row evo_clik_row ' href='https:\/\/latemarium.com\/it\/excursions\/detail\/geotrail-monte-agnello\/' target=\"_blank\">\n\t\t\t\t\t\t\t\t<span class='evcal_evdata_icons'><i class='fa fa-link'><\/i><\/span>\n\t\t\t\t\t\t\t\t<h3 class='evo_h3'>Scopri di pi\u00f9<\/h3>\n\t\t\t\t\t\t\t<\/a>\n\t\t\t\t\t\t\t<\/div><\/div><div id='event_addtocal' class='evocard_box addtocal' data-c='' \n\t\t\t\t\tstyle=''><div class='evo_metarow_ICS evorow evcal_evdata_row'>\n\t\t\t<span class='evcal_evdata_icons'><i class='fa fa-calendar-o'><\/i><\/span>\n\t\t\t<div class='evcal_evdata_cell'>\n\t\t\t\t<p><a href='https:\/\/latemarium.com\/it\/export-events\/2114_2\/?nonce=a3263097f9' class='evo_ics_nCal' title='Aggiungi al tuo calendario'>Calendario<\/a><a href='https:\/\/www.google.com\/calendar\/event?action=TEMPLATE&text=Geotrekking+Monte+Agnello&dates=20260713T073000Z%2F20260713T215900Z&ctz=Europe%2FRome&details=Geotrekking Monte Agnello&location=Rifugio+Agnello+Loc.+Pampeago%2C+9%2C+38038+Tesero+TN' target='_blank' class='evo_ics_gCal' title='Aggiungi al calendario di Google'>GoogleCal<\/a><\/p>\t\n\t\t\t<\/div>\n\t\t<\/div><\/div><\/div><div class='evocard_row'><div id='event_getdirection' class='evocard_box getdirection' data-c='' \n\t\t\t\t\tstyle=''><div class='evo_metarow_getDr evorow evcal_evdata_row evcal_evrow_sm getdirections'>\n\t\t<form action='https:\/\/maps.google.com\/maps' method='get' target='_blank'>\n\t\t\t<input type='hidden' name='daddr' value=\"46.333809095680266,11.547693182509184\"\/> \n\t\t\t<div class='evo_get_direction_content evo_fx_dr_r evogap10'>\n\t\t\t\t<span class='evogetdir_header evodfx evofx_dr_r evofx_ai_c marr10'>\n\t\t\t\t\t<i class='mainicon fa fa-road'><\/i> \n\t\t\t\t\t<h3 class='evo_h3' style='padding-bottom:5px;'>Ottieni indicazioni stradali<\/h3>\n\t\t\t\t<\/span>\n\t\t\t\t<span class='evogetdir_field evodfx evofx_1_1 evo_fx_dr_c evow100p'>\t\t\t\t\t\n\t\t\t\t\t<input class='evoInput evotac' type='text' name='saddr' placeholder='Digitare l&#039;indirizzo per ottenere le indicazioni stradali' value='' style='margin:10px 0;'\/>\n\t\t\t\t<\/span>\n\t\t\t\t<button type='submit' class='evo_get_direction_button evo_btn_arr_circ dfx fx_ai_c' title='Fare clic qui per ottenere indicazioni'><i class='fa fa-chevron-right'><\/i> <\/button>\n\t\t\t<\/div>\n\t\t<\/form>\n\t<\/div><\/div><\/div><div class='evo_card_row_end evcal_close' title='Testo del pulsante Chiudi evento'><\/div><\/div><div class='clear end'><\/div><\/div><div id=\"event_2120_3\" class=\"eventon_list_event evo_eventtop scheduled  event clrD no_et event_2120_3\" data-event_id=\"2120\" data-ri=\"3r\" data-time=\"1783933200-1783979940\" data-colr=\"#006290\" itemscope itemtype='http:\/\/schema.org\/Event'><div class=\"evo_event_schema\" style=\"display:none\" ><a itemprop='url'  href='https:\/\/latemarium.com\/it\/events\/parola-di-nikolaus-drache\/var\/ri-3.l-L1'><\/a><meta itemprop='image' content=\"https:\/\/latemarium.com\/wp-content\/uploads\/2023\/06\/foresta-dei-draghi-6.jpg\" \/><meta itemprop='startDate' content=\"2026-7-13T11:00+0:00\" \/><meta itemprop='endDate' content=\"2026-7-13T23:59+0:00\" \/><meta itemprop='eventStatus' content=\"https:\/\/schema.org\/EventScheduled\" \/><meta itemprop='eventAttendanceMode'   itemscope itemtype=\"https:\/\/schema.org\/OfflineEventAttendanceMode\"\/><script type=\"application\/ld+json\">{\"@context\": \"http:\/\/schema.org\",\"@type\": \"Event\",\n\t\t\t\t\"@id\": \"event_2120_3\",\n\t\t\t\t\"eventAttendanceMode\":\"https:\/\/schema.org\/OfflineEventAttendanceMode\",\n\t\t\t\t\"eventStatus\":\"https:\/\/schema.org\/EventScheduled\",\n\t\t\t\t\"name\": \"Parola di Nikolaus Drache\",\n\t\t\t\t\"url\": \"https:\/\/latemarium.com\/it\/events\/parola-di-nikolaus-drache\/var\/ri-3.l-L1\",\n\t\t\t\t\"startDate\": \"2026-7-13T11:00+0:00\",\n\t\t\t\t\"endDate\": \"2026-7-13T23:59+0:00\",\n\t\t\t\t\"image\":\"https:\/\/latemarium.com\/wp-content\/uploads\/2023\/06\/foresta-dei-draghi-6.jpg\", \n\t\t\t\t\"description\":\"<p>Saltano, corrono, strisciano, volano! Eppure\u2026 non \u00e8 facile vederli!<br \/> Sanno nascondersi bene\u2026 gli squamosi furbacchioni! Chi sono? Ma i draghi del Latemar! Incontrarne uno, anche uno solo, sar\u00e0 un\u2019esperienza meravigliosa! Parola di Nikolaus Drache.<\/p> <p>domenica e luned\u00ec: dal 5 luglio al 24 agosto 2026<br \/> a monte della telecabina Predazzo-Gardon\u00e8<br \/> ore 11.00 e ore 14.30<br \/> spettacoli itineranti sul sentiero della Foresta dei Draghi<br \/> adatto a famiglie e bambini dai 2 anni in su\u00a0(durata 1h30\u2019)<\/p> \"}<\/script><\/div>\r\n\t\t\t\t<p class=\"desc_trig_outter\" style=\"\"><a data-gmap_status=\"null\" data-exlk=\"0\" style=\"background-color: #006290;\" id=\"evc_17839332002120\" class=\"hasFtIMG event_repeat desc_trig sin_val evcal_list_a\" data-ux_val=\"3\" data-ux_val_mob=\"-\"  ><span class='evoet_c1 evoet_cx '><span class='ev_ftImg' data-img='https:\/\/latemarium.com\/wp-content\/uploads\/2023\/06\/foresta-dei-draghi-6.jpg' data-thumb='https:\/\/latemarium.com\/wp-content\/uploads\/2023\/06\/foresta-dei-draghi-6-300x200.jpg' style='background-image:url(\"https:\/\/latemarium.com\/wp-content\/uploads\/2023\/06\/foresta-dei-draghi-6-300x200.jpg\")' ><\/span><\/span><span class='evoet_c2 evoet_cx '><span class='evoet_dayblock evcal_cblock ' data-bgcolor='#006290' data-smon='luglio' data-syr='2026' data-bub=''><span class='evo_start '><em class='date'>13<\/em><em class='month'>lug<\/em><em class='time'>11:00<\/em><\/span><\/span><\/span><span class='evoet_c3 evoet_cx evcal_desc hide_eventtopdata '><span class='evoet_title evcal_desc2 evcal_event_title ' itemprop='name'>Parola di Nikolaus Drache<\/span><span class='event_location_attrs' data-location_type=\"lonlat\" data-location_name=\"A monte della telecabina Predazzo-Gardon\u00e8\" data-location_url=\"https:\/\/latemarium.com\/it\/event-location\/a-monte-della-telecabina-predazzo-gardone\/\" data-location_status=\"true\" data-latlng=\"46.32878794406342,11.600176728690842\"><\/span><span class='evoet_subtitle evo_below_title' ><span class='evcal_event_subtitle ' >Spettacolo itinerante sul sentiero della Foresta dei Draghi<\/span><\/span><span class='evoet_time_expand level_3'><em class='evcal_time evo_tz_time'><i class='fa fa-clock-o'><\/i>11:00<span class='evo_tz marl5'>(GMT+02:00)<\/span><\/em> <\/span><span class='evoet_location level_3'><em class=\"evcal_location\"  data-latlng=\"46.32878794406342,11.600176728690842\" data-add_str=\"\" data-n=\"A monte della telecabina Predazzo-Gardon\u00e8\"><i class=\"fa fa-location-pin\"><\/i><em class=\"event_location_name\">A monte della telecabina Predazzo-Gardon\u00e8<\/em><\/em><\/span><\/span><span class='evoet_data' data-d=\"{&quot;loc.n&quot;:&quot;A monte della telecabina Predazzo-Gardon\\u00e8&quot;,&quot;orgs&quot;:[],&quot;tags&quot;:{&quot;repeating&quot;:&quot;Repeating Event&quot;}}\" data-bgc=\"#006290\" data-bggrad=\"\" ><\/span><\/a><\/p><div class='event_description evcal_eventcard ' style=\"display:none\"><div class='evocard_row'><div id='event_ftimage' class='evocard_box ftimage' data-c='' \n\t\t\t\t\tstyle=''><div class='evocard_main_image_hold' data-t='Loading Image..'><div class='evocard_main_image evo_img_triglb evobr15 evobgsc evobgpc evodfx evofx_jc_c evofx_ai_c evofz48 minmized' style='height:300px; background-image:url();' data-f=\"https:\/\/latemarium.com\/wp-content\/uploads\/2023\/06\/foresta-dei-draghi-6.jpg\" data-h=\"800\" data-w=\"1200\" data-ratio=\"0.66666666666667\" data-event_id=\"2120\" data-ri=\"3\"  data-t='Loading Image..'><span style='height:300px; background-image:url(https:\/\/latemarium.com\/wp-content\/uploads\/2023\/06\/foresta-dei-draghi-6.jpg)'><\/span><\/div><\/div><\/div><\/div><div class='evocard_row'><div id='event_eventdetails' class='evocard_box eventdetails' data-c='' \n\t\t\t\t\tstyle=''><div class='evo_metarow_details evorow evcal_evdata_row evcal_event_details'>\n\t\t<div class=\"event_excerpt\" style=\"display:none\"><h3 class=\"padb5 evo_h3\">Dettagli dell&#039;evento<\/h3><p>Saltano, corrono, strisciano, volano! Eppure\u2026 non \u00e8 facile vederli!\nSanno nascondersi bene\u2026 gli squamosi furbacchioni! Chi sono? Ma i draghi del Latemar! Incontrarne uno, anche uno solo, sar\u00e0 un\u2019esperienza meravigliosa!<\/p><\/div><span class='evcal_evdata_icons'><i class='fa fa-align-justify'><\/i><\/span>\n\t\t\n\t\t<div class='evcal_evdata_cell '>\n\t\t\t<div class='eventon_full_description'>\n\t\t\t\t<h3 class='padb5 evo_h3'><span class='evcal_evdata_icons'><i class='fa fa-align-justify'><\/i><\/span>Dettagli dell&#039;evento<\/h3>\n\t\t\t\t<div class='eventon_desc_in' itemprop='description'>\n\t\t\t\t<p>Saltano, corrono, strisciano, volano! Eppure\u2026 non \u00e8 facile vederli!<br \/>\nSanno nascondersi bene\u2026 gli squamosi furbacchioni! Chi sono? Ma i draghi del Latemar! Incontrarne uno, anche uno solo, sar\u00e0 un\u2019esperienza meravigliosa! Parola di Nikolaus Drache.<\/p>\n<p>domenica e luned\u00ec: dal 5 luglio al 24 agosto 2026<br \/>\na monte della telecabina Predazzo-Gardon\u00e8<br \/>\nore 11.00 e ore 14.30<br \/>\nspettacoli itineranti sul sentiero della Foresta dei Draghi<br \/>\nadatto a famiglie e bambini dai 2 anni in su\u00a0(durata 1h30\u2019)<\/p>\n<\/div><div class='clear'><\/div>\n\t\t\t<\/div>\n\t\t<\/div>\n\t<\/div><\/div><\/div><div class='evocard_row bx2 bx'><div id='event_time' class='evocard_box time' data-c='' \n\t\t\t\t\tstyle=''><div class='evo_metarow_time evorow evcal_evdata_row evcal_evrow_sm '>\n\t\t<span class='evcal_evdata_icons'><i class='fa fa-clock'><\/i><\/span>\n\t\t<div class='evcal_evdata_cell'>\t\t\t\t\t\t\t\n\t\t\t<h3 class='evo_h3'><span class='evcal_evdata_icons'><i class='fa fa-clock'><\/i><\/span>Orario<\/h3><p><span class='evo_eventcard_time_t'>13 luglio 2026 11:00<\/span><span class='evo_tz marr5'>(GMT+02:00)<\/span><\/p>\n\t\t<\/div>\n\t<\/div><\/div><div id='event_location' class='evocard_box location' data-c='' \n\t\t\t\t\tstyle=''><div class='evcal_evdata_row evo_metarow_time_location evorow '>\n\t\t\n\t\t\t<span class='evcal_evdata_icons'><i class='fa fa-map-marker'><\/i><\/span>\n\t\t\t<div class='evcal_evdata_cell' data-loc_tax_id='34'><h3 class='evo_h3 evodfx'><span class='evcal_evdata_icons'><i class='fa fa-map-marker'><\/i><\/span>Luogo<\/h3><p class='evo_location_name'>A monte della telecabina Predazzo-Gardon\u00e8<\/p><div class='padt10'><span class='evo_btn_arr evolb_trigger' data-lbvals=\"{&quot;lbc&quot;:&quot;evo_location_lb_34&quot;,&quot;lbac&quot;:&quot;lb_max&quot;,&quot;t&quot;:&quot;A monte della telecabina Predazzo-Gardon\\u00e8&quot;,&quot;ajax&quot;:&quot;yes&quot;,&quot;ajax_type&quot;:&quot;endpoint&quot;,&quot;ajax_action&quot;:&quot;eventon_get_tax_card_content&quot;,&quot;end&quot;:&quot;client&quot;,&quot;d&quot;:{&quot;lang&quot;:&quot;L1&quot;,&quot;term_id&quot;:34,&quot;tax&quot;:&quot;event_location&quot;,&quot;load_lbcontent&quot;:true},&quot;uid&quot;:&quot;eventon_get_tax_card_content&quot;}\" >Other Events<i class='fa fa-chevron-right'><\/i><\/span><\/div><\/div>\n\t\t\n\t<\/div><\/div><\/div><div class='evocard_row bx2 bx'><div id='event_learnmore' class='evocard_box learnmore' data-c='' \n\t\t\t\t\tstyle=''><div class='evo_metarow_learnM evo_metarow_learnmore evorow'>\n\t\t\t\t\t\t\t<a class='evcal_evdata_row evo_clik_row ' href='https:\/\/www.montagnanimata.it\/spettacoli\/' target=\"_blank\">\n\t\t\t\t\t\t\t\t<span class='evcal_evdata_icons'><i class='fa fa-link'><\/i><\/span>\n\t\t\t\t\t\t\t\t<h3 class='evo_h3'>Scopri di pi\u00f9<\/h3>\n\t\t\t\t\t\t\t<\/a>\n\t\t\t\t\t\t\t<\/div><\/div><div id='event_addtocal' class='evocard_box addtocal' data-c='' \n\t\t\t\t\tstyle=''><div class='evo_metarow_ICS evorow evcal_evdata_row'>\n\t\t\t<span class='evcal_evdata_icons'><i class='fa fa-calendar-o'><\/i><\/span>\n\t\t\t<div class='evcal_evdata_cell'>\n\t\t\t\t<p><a href='https:\/\/latemarium.com\/it\/export-events\/2120_3\/?nonce=a3263097f9' class='evo_ics_nCal' title='Aggiungi al tuo calendario'>Calendario<\/a><a href='https:\/\/www.google.com\/calendar\/event?action=TEMPLATE&text=Parola+di+Nikolaus+Drache&dates=20260713T090000Z%2F20260713T215900Z&ctz=Europe%2FRome&details=Parola di Nikolaus Drache&location=A+monte+della+telecabina+Predazzo-Gardon%C3%A8' target='_blank' class='evo_ics_gCal' title='Aggiungi al calendario di Google'>GoogleCal<\/a><\/p>\t\n\t\t\t<\/div>\n\t\t<\/div><\/div><\/div><div class='evocard_row'><div id='event_getdirection' class='evocard_box getdirection' data-c='' \n\t\t\t\t\tstyle=''><div class='evo_metarow_getDr evorow evcal_evdata_row evcal_evrow_sm getdirections'>\n\t\t<form action='https:\/\/maps.google.com\/maps' method='get' target='_blank'>\n\t\t\t<input type='hidden' name='daddr' value=\"46.32878794406342,11.600176728690842\"\/> \n\t\t\t<div class='evo_get_direction_content evo_fx_dr_r evogap10'>\n\t\t\t\t<span class='evogetdir_header evodfx evofx_dr_r evofx_ai_c marr10'>\n\t\t\t\t\t<i class='mainicon fa fa-road'><\/i> \n\t\t\t\t\t<h3 class='evo_h3' style='padding-bottom:5px;'>Ottieni indicazioni stradali<\/h3>\n\t\t\t\t<\/span>\n\t\t\t\t<span class='evogetdir_field evodfx evofx_1_1 evo_fx_dr_c evow100p'>\t\t\t\t\t\n\t\t\t\t\t<input class='evoInput evotac' type='text' name='saddr' placeholder='Digitare l&#039;indirizzo per ottenere le indicazioni stradali' value='' style='margin:10px 0;'\/>\n\t\t\t\t<\/span>\n\t\t\t\t<button type='submit' class='evo_get_direction_button evo_btn_arr_circ dfx fx_ai_c' title='Fare clic qui per ottenere indicazioni'><i class='fa fa-chevron-right'><\/i> <\/button>\n\t\t\t<\/div>\n\t\t<\/form>\n\t<\/div><\/div><\/div><div class='evo_card_row_end evcal_close' title='Testo del pulsante Chiudi evento'><\/div><\/div><div class='clear end'><\/div><\/div><div id=\"event_2149_6\" class=\"eventon_list_event evo_eventtop scheduled  event clrW no_et event_2149_6\" data-event_id=\"2149\" data-ri=\"6r\" data-time=\"1783948800-1783979940\" data-colr=\"#b8d989\" itemscope itemtype='http:\/\/schema.org\/Event'><div class=\"evo_event_schema\" style=\"display:none\" ><a itemprop='url'  href='https:\/\/latemarium.com\/it\/events\/i-suoni-e-la-vita-della-malga\/var\/ri-6.l-L1'><\/a><meta itemprop='image' content=\"https:\/\/latemarium.com\/wp-content\/uploads\/2023\/06\/suoni-vita-malga.jpg\" \/><meta itemprop='startDate' content=\"2026-7-13T15:20+0:00\" \/><meta itemprop='endDate' content=\"2026-7-13T23:59+0:00\" \/><meta itemprop='eventStatus' content=\"https:\/\/schema.org\/EventScheduled\" \/><meta itemprop='eventAttendanceMode'   itemscope itemtype=\"https:\/\/schema.org\/OfflineEventAttendanceMode\"\/><div style=\"display:none\" itemprop=\"location\" itemscope itemtype=\"http:\/\/schema.org\/Place\"><span itemprop=\"name\">Pampeago<\/span><span itemprop=\"address\" itemscope itemtype=\"http:\/\/schema.org\/PostalAddress\"><item itemprop=\"streetAddress\">Localit\u00e0 Pampeago, 8, 38038 Tesero TN<\/item><\/span><\/div><script type=\"application\/ld+json\">{\"@context\": \"http:\/\/schema.org\",\"@type\": \"Event\",\n\t\t\t\t\"@id\": \"event_2149_6\",\n\t\t\t\t\"eventAttendanceMode\":\"https:\/\/schema.org\/OfflineEventAttendanceMode\",\n\t\t\t\t\"eventStatus\":\"https:\/\/schema.org\/EventScheduled\",\n\t\t\t\t\"name\": \"I suoni e la vita della malga\",\n\t\t\t\t\"url\": \"https:\/\/latemarium.com\/it\/events\/i-suoni-e-la-vita-della-malga\/var\/ri-6.l-L1\",\n\t\t\t\t\"startDate\": \"2026-7-13T15:20+0:00\",\n\t\t\t\t\"endDate\": \"2026-7-13T23:59+0:00\",\n\t\t\t\t\"image\":\"https:\/\/latemarium.com\/wp-content\/uploads\/2023\/06\/suoni-vita-malga.jpg\", \n\t\t\t\t\"description\":\"<p>Ritrovo presso parcheggio seggiovia Tresca (raggiungibile in auto da Pampeago \u2013 SOLO per chi prenota l&#8217;attivit\u00e0).<\/p> <p>Dopo una breve passeggiata fino a Malga Pampeago, bambini e genitori scoprono la vita e i suoni quotidiani che scandiscono la vita dei malgari, fra mucche, vitellini, asinelli e maiali.<\/p> <p>A fine attivit\u00e0 ci sar\u00e0 una piccola merenda che i bambini potranno gustarsi o portarsi a casa.<\/p> <p>Attivit\u00e0 possibile anche con passeggino country.<\/p> <p>Prenotazione obbligatoria.<\/p> <p>Prenotazione obbligatoria. Clicca <a href='https:\/\/www.visitfiemme.it\/it\/eventi\/fiemme-cembra-guest-card\/esperienze\/esperienze-in-estate?re-product-id=211655' target='_blank' rel='noopener'>qui<\/a>\u00a0per prenotare.<\/p> \",\"location\":[{\"@type\":\"Place\",\"name\":\"Pampeago\",\"address\":{\"@type\": \"PostalAddress\",\"streetAddress\":\"Localit\u00e0 Pampeago, 8, 38038 Tesero TN\"}}]}<\/script><\/div>\r\n\t\t\t\t<p class=\"desc_trig_outter\" style=\"\"><a data-gmtrig=\"1\" data-exlk=\"0\" style=\"background-color: #b8d989;\" id=\"evc_17839488002149\" class=\"hasFtIMG event_repeat desc_trig sin_val evcal_list_a\" data-ux_val=\"3\" data-ux_val_mob=\"-\"  ><span class='evoet_c1 evoet_cx '><span class='ev_ftImg' data-img='https:\/\/latemarium.com\/wp-content\/uploads\/2023\/06\/suoni-vita-malga.jpg' data-thumb='https:\/\/latemarium.com\/wp-content\/uploads\/2023\/06\/suoni-vita-malga-300x225.jpg' style='background-image:url(\"https:\/\/latemarium.com\/wp-content\/uploads\/2023\/06\/suoni-vita-malga-300x225.jpg\")' ><\/span><\/span><span class='evoet_c2 evoet_cx '><span class='evoet_dayblock evcal_cblock ' data-bgcolor='#b8d989' data-smon='luglio' data-syr='2026' data-bub=''><span class='evo_start '><em class='date'>13<\/em><em class='month'>lug<\/em><em class='time'>15:20<\/em><\/span><\/span><\/span><span class='evoet_c3 evoet_cx evcal_desc hide_eventtopdata '><span class='evoet_title evcal_desc2 evcal_event_title ' itemprop='name'>I suoni e la vita della malga<\/span><span class='event_location_attrs'  data-location_address=\"Localit\u00e0 Pampeago, 8, 38038 Tesero TN\" data-location_type=\"lonlat\" data-location_name=\"Pampeago\" data-location_url=\"https:\/\/latemarium.com\/it\/event-location\/pampeago\/\" data-location_status=\"true\" data-latlng=\"46.34343697644898,11.540997527961546\"><\/span><span class='evoet_subtitle evo_below_title' ><span class='evcal_event_subtitle ' >Alla scoperta della vita dei malgari<\/span><\/span><span class='evoet_time_expand level_3'><em class='evcal_time evo_tz_time'><i class='fa fa-clock-o'><\/i>15:20<span class='evo_tz marl5'>(GMT+02:00)<\/span><\/em> <\/span><span class='evoet_location level_3'><em class=\"evcal_location\"  data-latlng=\"46.34343697644898,11.540997527961546\" data-add_str=\"Localit\u00e0 Pampeago, 8, 38038 Tesero TN\" data-n=\"Pampeago\"><i class=\"fa fa-location-pin\"><\/i><em class=\"event_location_name\">Pampeago<\/em>, Localit\u00e0 Pampeago, 8, 38038 Tesero TN<\/em><\/span><\/span><span class='evoet_data' data-d=\"{&quot;loc.n&quot;:&quot;Pampeago&quot;,&quot;orgs&quot;:[],&quot;tags&quot;:{&quot;repeating&quot;:&quot;Repeating Event&quot;}}\" data-bgc=\"#b8d989\" data-bggrad=\"\" ><\/span><\/a><\/p><div class='event_description evcal_eventcard ' style=\"display:none\"><div class='evocard_row'><div id='event_ftimage' class='evocard_box ftimage' data-c='' \n\t\t\t\t\tstyle=''><div class='evocard_main_image_hold' data-t='Loading Image..'><div class='evocard_main_image evo_img_triglb evobr15 evobgsc evobgpc evodfx evofx_jc_c evofx_ai_c evofz48 minmized' style='height:300px; background-image:url();' data-f=\"https:\/\/latemarium.com\/wp-content\/uploads\/2023\/06\/suoni-vita-malga.jpg\" data-h=\"796\" data-w=\"1062\" data-ratio=\"0.74952919020716\" data-event_id=\"2149\" data-ri=\"6\"  data-t='Loading Image..'><span style='height:300px; background-image:url(https:\/\/latemarium.com\/wp-content\/uploads\/2023\/06\/suoni-vita-malga.jpg)'><\/span><\/div><\/div><\/div><\/div><div class='evocard_row'><div id='event_eventdetails' class='evocard_box eventdetails' data-c='' \n\t\t\t\t\tstyle=''><div class='evo_metarow_details evorow evcal_evdata_row evcal_event_details'>\n\t\t<div class=\"event_excerpt\" style=\"display:none\"><h3 class=\"padb5 evo_h3\">Dettagli dell&#039;evento<\/h3><p>Ritrovo presso parcheggio seggiovia Tresca (raggiungibile in auto da Pampeago \u2013 SOLO per chi prenota l&#8217;attivit\u00e0).\nDopo una breve passeggiata fino a Malga Pampeago, bambini e genitori scoprono la vita e<\/p><\/div><span class='evcal_evdata_icons'><i class='fa fa-align-justify'><\/i><\/span>\n\t\t\n\t\t<div class='evcal_evdata_cell shorter_desc'>\n\t\t\t<div class='eventon_full_description'>\n\t\t\t\t<h3 class='padb5 evo_h3'><span class='evcal_evdata_icons'><i class='fa fa-align-justify'><\/i><\/span>Dettagli dell&#039;evento<\/h3>\n\t\t\t\t<div class='eventon_desc_in' itemprop='description'>\n\t\t\t\t<p>Ritrovo presso parcheggio seggiovia Tresca (raggiungibile in auto da Pampeago \u2013 SOLO per chi prenota l&#8217;attivit\u00e0).<\/p>\n<p>Dopo una breve passeggiata fino a Malga Pampeago, bambini e genitori scoprono la vita e i suoni quotidiani che scandiscono la vita dei malgari, fra mucche, vitellini, asinelli e maiali.<\/p>\n<p>A fine attivit\u00e0 ci sar\u00e0 una piccola merenda che i bambini potranno gustarsi o portarsi a casa.<\/p>\n<p>Attivit\u00e0 possibile anche con passeggino country.<\/p>\n<p>Prenotazione obbligatoria.<\/p>\n<p>Prenotazione obbligatoria. Clicca <a href=\"https:\/\/www.visitfiemme.it\/it\/eventi\/fiemme-cembra-guest-card\/esperienze\/esperienze-in-estate?re-product-id=211655\" target=\"_blank\" rel=\"noopener\">qui<\/a>\u00a0per prenotare.<\/p>\n<\/div><p class='eventon_shad_p' style='padding:5px 0 0; margin:0'>\n\t\t\t<span class='evcal_btn evo_btn_secondary evobtn_details_show_more' content='less'>\n\t\t\t\t<span class='ev_more_text' data-txt='Meno'>Pi\u00f9<\/span><span class='ev_more_arrow ard'><\/span>\n\t\t\t<\/span>\n\t\t<\/p><div class='clear'><\/div>\n\t\t\t<\/div>\n\t\t<\/div>\n\t<\/div><\/div><\/div><div class='evocard_row bx2 bx'><div id='event_time' class='evocard_box time' data-c='' \n\t\t\t\t\tstyle=''><div class='evo_metarow_time evorow evcal_evdata_row evcal_evrow_sm '>\n\t\t<span class='evcal_evdata_icons'><i class='fa fa-clock'><\/i><\/span>\n\t\t<div class='evcal_evdata_cell'>\t\t\t\t\t\t\t\n\t\t\t<h3 class='evo_h3'><span class='evcal_evdata_icons'><i class='fa fa-clock'><\/i><\/span>Orario<\/h3><p><span class='evo_eventcard_time_t'>13 luglio 2026 15:20<\/span><span class='evo_tz marr5'>(GMT+02:00)<\/span><\/p>\n\t\t<\/div>\n\t<\/div><\/div><div id='event_location' class='evocard_box location' data-c='' \n\t\t\t\t\tstyle=''><div class='evcal_evdata_row evo_metarow_time_location evorow '>\n\t\t\n\t\t\t<span class='evcal_evdata_icons'><i class='fa fa-map-marker'><\/i><\/span>\n\t\t\t<div class='evcal_evdata_cell' data-loc_tax_id='30'><h3 class='evo_h3 evodfx'><span class='evcal_evdata_icons'><i class='fa fa-map-marker'><\/i><\/span>Luogo<\/h3><p class='evo_location_name'>Pampeago<\/p><p class='evo_location_address evodfxi evogap10'>Localit\u00e0 Pampeago, 8, 38038 Tesero TN<\/p><div class='padt10'><span class='evo_btn_arr evolb_trigger' data-lbvals=\"{&quot;lbc&quot;:&quot;evo_location_lb_30&quot;,&quot;lbac&quot;:&quot;lb_max&quot;,&quot;t&quot;:&quot;Pampeago&quot;,&quot;ajax&quot;:&quot;yes&quot;,&quot;ajax_type&quot;:&quot;endpoint&quot;,&quot;ajax_action&quot;:&quot;eventon_get_tax_card_content&quot;,&quot;end&quot;:&quot;client&quot;,&quot;d&quot;:{&quot;lang&quot;:&quot;L1&quot;,&quot;term_id&quot;:30,&quot;tax&quot;:&quot;event_location&quot;,&quot;load_lbcontent&quot;:true},&quot;uid&quot;:&quot;eventon_get_tax_card_content&quot;}\" >Other Events<i class='fa fa-chevron-right'><\/i><\/span><\/div><\/div>\n\t\t\n\t<\/div><\/div><\/div><div class='evocard_row'><div id='event_addtocal' class='evocard_box addtocal' data-c='' \n\t\t\t\t\tstyle=''><div class='evo_metarow_ICS evorow evcal_evdata_row'>\n\t\t\t<span class='evcal_evdata_icons'><i class='fa fa-calendar-o'><\/i><\/span>\n\t\t\t<div class='evcal_evdata_cell'>\n\t\t\t\t<p><a href='https:\/\/latemarium.com\/it\/export-events\/2149_6\/?nonce=a3263097f9' class='evo_ics_nCal' title='Aggiungi al tuo calendario'>Calendario<\/a><a href='https:\/\/www.google.com\/calendar\/event?action=TEMPLATE&text=I+suoni+e+la+vita+della+malga&dates=20260713T132000Z%2F20260713T215900Z&ctz=Europe%2FRome&details=I suoni e la vita della malga&location=Pampeago+Localit%C3%A0+Pampeago%2C+8%2C+38038+Tesero+TN' target='_blank' class='evo_ics_gCal' title='Aggiungi al calendario di Google'>GoogleCal<\/a><\/p>\t\n\t\t\t<\/div>\n\t\t<\/div><\/div><\/div><div class='evocard_row'><div id='event_getdirection' class='evocard_box getdirection' data-c='' \n\t\t\t\t\tstyle=''><div class='evo_metarow_getDr evorow evcal_evdata_row evcal_evrow_sm getdirections'>\n\t\t<form action='https:\/\/maps.google.com\/maps' method='get' target='_blank'>\n\t\t\t<input type='hidden' name='daddr' value=\"46.34343697644898,11.540997527961546\"\/> \n\t\t\t<div class='evo_get_direction_content evo_fx_dr_r evogap10'>\n\t\t\t\t<span class='evogetdir_header evodfx evofx_dr_r evofx_ai_c marr10'>\n\t\t\t\t\t<i class='mainicon fa fa-road'><\/i> \n\t\t\t\t\t<h3 class='evo_h3' style='padding-bottom:5px;'>Ottieni indicazioni stradali<\/h3>\n\t\t\t\t<\/span>\n\t\t\t\t<span class='evogetdir_field evodfx evofx_1_1 evo_fx_dr_c evow100p'>\t\t\t\t\t\n\t\t\t\t\t<input class='evoInput evotac' type='text' name='saddr' placeholder='Digitare l&#039;indirizzo per ottenere le indicazioni stradali' value='' style='margin:10px 0;'\/>\n\t\t\t\t<\/span>\n\t\t\t\t<button type='submit' class='evo_get_direction_button evo_btn_arr_circ dfx fx_ai_c' title='Fare clic qui per ottenere indicazioni'><i class='fa fa-chevron-right'><\/i> <\/button>\n\t\t\t<\/div>\n\t\t<\/form>\n\t<\/div><\/div><\/div><div class='evo_card_row_end evcal_close' title='Testo del pulsante Chiudi evento'><\/div><\/div><div class='clear end'><\/div><\/div><div id=\"event_2484_3\" class=\"eventon_list_event evo_eventtop scheduled  event clrD no_et event_2484_3\" data-event_id=\"2484\" data-ri=\"3r\" data-time=\"1784014200-1784066340\" data-colr=\"#38823b\" itemscope itemtype='http:\/\/schema.org\/Event'><div class=\"evo_event_schema\" style=\"display:none\" ><a itemprop='url'  href='https:\/\/latemarium.com\/it\/events\/respirart-arte-in-quota\/var\/ri-3.l-L1'><\/a><meta itemprop='image' content=\"https:\/\/latemarium.com\/wp-content\/uploads\/2023\/06\/respirart-respiro-arte-natura.jpg\" \/><meta itemprop='startDate' content=\"2026-7-14T09:30+0:00\" \/><meta itemprop='endDate' content=\"2026-7-14T23:59+0:00\" \/><meta itemprop='eventStatus' content=\"https:\/\/schema.org\/EventScheduled\" \/><meta itemprop='eventAttendanceMode'   itemscope itemtype=\"https:\/\/schema.org\/OfflineEventAttendanceMode\"\/><div style=\"display:none\" itemprop=\"location\" itemscope itemtype=\"http:\/\/schema.org\/Place\"><span itemprop=\"name\">Pampeago<\/span><span itemprop=\"address\" itemscope itemtype=\"http:\/\/schema.org\/PostalAddress\"><item itemprop=\"streetAddress\">Localit\u00e0 Pampeago, 8, 38038 Tesero TN<\/item><\/span><\/div><script type=\"application\/ld+json\">{\"@context\": \"http:\/\/schema.org\",\"@type\": \"Event\",\n\t\t\t\t\"@id\": \"event_2484_3\",\n\t\t\t\t\"eventAttendanceMode\":\"https:\/\/schema.org\/OfflineEventAttendanceMode\",\n\t\t\t\t\"eventStatus\":\"https:\/\/schema.org\/EventScheduled\",\n\t\t\t\t\"name\": \"Respirart: arte in quota\",\n\t\t\t\t\"url\": \"https:\/\/latemarium.com\/it\/events\/respirart-arte-in-quota\/var\/ri-3.l-L1\",\n\t\t\t\t\"startDate\": \"2026-7-14T09:30+0:00\",\n\t\t\t\t\"endDate\": \"2026-7-14T23:59+0:00\",\n\t\t\t\t\"image\":\"https:\/\/latemarium.com\/wp-content\/uploads\/2023\/06\/respirart-respiro-arte-natura.jpg\", \n\t\t\t\t\"description\":\"<h2>Arte in quota: alla scoperta di Respirart tra natura e installazioni<\/h2> <p>Si parte alle 9.30, davanti alla Seggiovia-Seminovia Agnello, dove incontrerai la guida artistica che ti consegner\u00e0 i semi e ti accompagner\u00e0 a seminare fiorume dall\u2019alto, per generare fiori e quindi nutrire la terra, le api, le capre e le mucche.<\/p> <p>Poi, la guida ti porter\u00e0 a scoprire le opere d\u2019arte del parco. Lungo il giro ad anello di 3 km scoprirai le ispirazioni degli artisti che hanno creato gesti d\u2019arte al cospetto del Latemar.<\/p> <p>Attivit\u00e0 adatta agli adulti.<\/p> <p>Prenotazione obbligatoria, clicca <a href='https:\/\/www.visitfiemme.it\/it\/eventi\/fiemme-cembra-guest-card\/esperienze\/esperienze-in-estate' target='_blank' rel='noopener'>qui<\/a>.<\/p> \",\"location\":[{\"@type\":\"Place\",\"name\":\"Pampeago\",\"address\":{\"@type\": \"PostalAddress\",\"streetAddress\":\"Localit\u00e0 Pampeago, 8, 38038 Tesero TN\"}}]}<\/script><\/div>\r\n\t\t\t\t<p class=\"desc_trig_outter\" style=\"\"><a data-gmtrig=\"1\" data-exlk=\"0\" style=\"background-color: #38823b;\" id=\"evc_17840142002484\" class=\"hasFtIMG event_repeat desc_trig sin_val evcal_list_a\" data-ux_val=\"3\" data-ux_val_mob=\"-\"  ><span class='evoet_c1 evoet_cx '><span class='ev_ftImg' data-img='https:\/\/latemarium.com\/wp-content\/uploads\/2023\/06\/respirart-respiro-arte-natura.jpg' data-thumb='https:\/\/latemarium.com\/wp-content\/uploads\/2023\/06\/respirart-respiro-arte-natura-300x201.jpg' style='background-image:url(\"https:\/\/latemarium.com\/wp-content\/uploads\/2023\/06\/respirart-respiro-arte-natura-300x201.jpg\")' ><\/span><\/span><span class='evoet_c2 evoet_cx '><span class='evoet_dayblock evcal_cblock ' data-bgcolor='#38823b' data-smon='luglio' data-syr='2026' data-bub=''><span class='evo_start '><em class='date'>14<\/em><em class='month'>lug<\/em><em class='time'>09:30<\/em><\/span><\/span><\/span><span class='evoet_c3 evoet_cx evcal_desc hide_eventtopdata '><span class='evoet_title evcal_desc2 evcal_event_title ' itemprop='name'>Respirart: arte in quota<\/span><span class='event_location_attrs'  data-location_address=\"Localit\u00e0 Pampeago, 8, 38038 Tesero TN\" data-location_type=\"lonlat\" data-location_name=\"Pampeago\" data-location_url=\"https:\/\/latemarium.com\/it\/event-location\/pampeago\/\" data-location_status=\"true\" data-latlng=\"46.34343697644898,11.540997527961546\"><\/span><span class='evoet_subtitle evo_below_title' ><span class='evcal_event_subtitle ' >Alla scoperta del parco d'arte Respirart<\/span><\/span><span class='evoet_time_expand level_3'><em class='evcal_time evo_tz_time'><i class='fa fa-clock-o'><\/i>09:30<span class='evo_tz marl5'>(GMT+02:00)<\/span><\/em> <\/span><span class='evoet_location level_3'><em class=\"evcal_location\"  data-latlng=\"46.34343697644898,11.540997527961546\" data-add_str=\"Localit\u00e0 Pampeago, 8, 38038 Tesero TN\" data-n=\"Pampeago\"><i class=\"fa fa-location-pin\"><\/i><em class=\"event_location_name\">Pampeago<\/em>, Localit\u00e0 Pampeago, 8, 38038 Tesero TN<\/em><\/span><\/span><span class='evoet_data' data-d=\"{&quot;loc.n&quot;:&quot;Pampeago&quot;,&quot;orgs&quot;:[],&quot;tags&quot;:{&quot;repeating&quot;:&quot;Repeating Event&quot;}}\" data-bgc=\"#38823b\" data-bggrad=\"\" ><\/span><\/a><\/p><div class='event_description evcal_eventcard ' style=\"display:none\"><div class='evocard_row'><div id='event_ftimage' class='evocard_box ftimage' data-c='' \n\t\t\t\t\tstyle=''><div class='evocard_main_image_hold' data-t='Loading Image..'><div class='evocard_main_image evo_img_triglb evobr15 evobgsc evobgpc evodfx evofx_jc_c evofx_ai_c evofz48 minmized' style='height:300px; background-image:url();' data-f=\"https:\/\/latemarium.com\/wp-content\/uploads\/2023\/06\/respirart-respiro-arte-natura.jpg\" data-h=\"602\" data-w=\"899\" data-ratio=\"0.66963292547275\" data-event_id=\"2484\" data-ri=\"3\"  data-t='Loading Image..'><span style='height:300px; background-image:url(https:\/\/latemarium.com\/wp-content\/uploads\/2023\/06\/respirart-respiro-arte-natura.jpg)'><\/span><\/div><\/div><\/div><\/div><div class='evocard_row'><div id='event_eventdetails' class='evocard_box eventdetails' data-c='' \n\t\t\t\t\tstyle=''><div class='evo_metarow_details evorow evcal_evdata_row evcal_event_details'>\n\t\t<div class=\"event_excerpt\" style=\"display:none\"><h3 class=\"padb5 evo_h3\">Dettagli dell&#039;evento<\/h3><p>Arte in quota: alla scoperta di Respirart tra natura e installazioni\nSi parte alle 9.30, davanti alla Seggiovia-Seminovia Agnello, dove incontrerai la guida artistica che ti consegner\u00e0 i semi e ti<\/p><\/div><span class='evcal_evdata_icons'><i class='fa fa-align-justify'><\/i><\/span>\n\t\t\n\t\t<div class='evcal_evdata_cell shorter_desc'>\n\t\t\t<div class='eventon_full_description'>\n\t\t\t\t<h3 class='padb5 evo_h3'><span class='evcal_evdata_icons'><i class='fa fa-align-justify'><\/i><\/span>Dettagli dell&#039;evento<\/h3>\n\t\t\t\t<div class='eventon_desc_in' itemprop='description'>\n\t\t\t\t<h2>Arte in quota: alla scoperta di Respirart tra natura e installazioni<\/h2>\n<p>Si parte alle 9.30, davanti alla Seggiovia-Seminovia Agnello, dove incontrerai la guida artistica che ti consegner\u00e0 i semi e ti accompagner\u00e0 a seminare fiorume dall\u2019alto, per generare fiori e quindi nutrire la terra, le api, le capre e le mucche.<\/p>\n<p>Poi, la guida ti porter\u00e0 a scoprire le opere d\u2019arte del parco. Lungo il giro ad anello di 3 km scoprirai le ispirazioni degli artisti che hanno creato gesti d\u2019arte al cospetto del Latemar.<\/p>\n<p>Attivit\u00e0 adatta agli adulti.<\/p>\n<p>Prenotazione obbligatoria, clicca <a href=\"https:\/\/www.visitfiemme.it\/it\/eventi\/fiemme-cembra-guest-card\/esperienze\/esperienze-in-estate\" target=\"_blank\" rel=\"noopener\">qui<\/a>.<\/p>\n<\/div><p class='eventon_shad_p' style='padding:5px 0 0; margin:0'>\n\t\t\t<span class='evcal_btn evo_btn_secondary evobtn_details_show_more' content='less'>\n\t\t\t\t<span class='ev_more_text' data-txt='Meno'>Pi\u00f9<\/span><span class='ev_more_arrow ard'><\/span>\n\t\t\t<\/span>\n\t\t<\/p><div class='clear'><\/div>\n\t\t\t<\/div>\n\t\t<\/div>\n\t<\/div><\/div><\/div><div class='evocard_row bx2 bx'><div id='event_time' class='evocard_box time' data-c='' \n\t\t\t\t\tstyle=''><div class='evo_metarow_time evorow evcal_evdata_row evcal_evrow_sm '>\n\t\t<span class='evcal_evdata_icons'><i class='fa fa-clock'><\/i><\/span>\n\t\t<div class='evcal_evdata_cell'>\t\t\t\t\t\t\t\n\t\t\t<h3 class='evo_h3'><span class='evcal_evdata_icons'><i class='fa fa-clock'><\/i><\/span>Orario<\/h3><p><span class='evo_eventcard_time_t'>14 luglio 2026 09:30<\/span><span class='evo_tz marr5'>(GMT+02:00)<\/span><\/p>\n\t\t<\/div>\n\t<\/div><\/div><div id='event_location' class='evocard_box location' data-c='' \n\t\t\t\t\tstyle=''><div class='evcal_evdata_row evo_metarow_time_location evorow '>\n\t\t\n\t\t\t<span class='evcal_evdata_icons'><i class='fa fa-map-marker'><\/i><\/span>\n\t\t\t<div class='evcal_evdata_cell' data-loc_tax_id='30'><h3 class='evo_h3 evodfx'><span class='evcal_evdata_icons'><i class='fa fa-map-marker'><\/i><\/span>Luogo<\/h3><p class='evo_location_name'>Pampeago<\/p><p class='evo_location_address evodfxi evogap10'>Localit\u00e0 Pampeago, 8, 38038 Tesero TN<\/p><div class='padt10'><span class='evo_btn_arr evolb_trigger' data-lbvals=\"{&quot;lbc&quot;:&quot;evo_location_lb_30&quot;,&quot;lbac&quot;:&quot;lb_max&quot;,&quot;t&quot;:&quot;Pampeago&quot;,&quot;ajax&quot;:&quot;yes&quot;,&quot;ajax_type&quot;:&quot;endpoint&quot;,&quot;ajax_action&quot;:&quot;eventon_get_tax_card_content&quot;,&quot;end&quot;:&quot;client&quot;,&quot;d&quot;:{&quot;lang&quot;:&quot;L1&quot;,&quot;term_id&quot;:30,&quot;tax&quot;:&quot;event_location&quot;,&quot;load_lbcontent&quot;:true},&quot;uid&quot;:&quot;eventon_get_tax_card_content&quot;}\" >Other Events<i class='fa fa-chevron-right'><\/i><\/span><\/div><\/div>\n\t\t\n\t<\/div><\/div><\/div><div class='evocard_row bx2 bx'><div id='event_learnmore' class='evocard_box learnmore' data-c='' \n\t\t\t\t\tstyle=''><div class='evo_metarow_learnM evo_metarow_learnmore evorow'>\n\t\t\t\t\t\t\t<a class='evcal_evdata_row evo_clik_row ' href='http:\/\/www.respirart.com\/' target=\"_blank\">\n\t\t\t\t\t\t\t\t<span class='evcal_evdata_icons'><i class='fa fa-link'><\/i><\/span>\n\t\t\t\t\t\t\t\t<h3 class='evo_h3'>Scopri di pi\u00f9<\/h3>\n\t\t\t\t\t\t\t<\/a>\n\t\t\t\t\t\t\t<\/div><\/div><div id='event_addtocal' class='evocard_box addtocal' data-c='' \n\t\t\t\t\tstyle=''><div class='evo_metarow_ICS evorow evcal_evdata_row'>\n\t\t\t<span class='evcal_evdata_icons'><i class='fa fa-calendar-o'><\/i><\/span>\n\t\t\t<div class='evcal_evdata_cell'>\n\t\t\t\t<p><a href='https:\/\/latemarium.com\/it\/export-events\/2484_3\/?nonce=a3263097f9' class='evo_ics_nCal' title='Aggiungi al tuo calendario'>Calendario<\/a><a href='https:\/\/www.google.com\/calendar\/event?action=TEMPLATE&text=Respirart%3A+arte+in+quota&dates=20260714T073000Z%2F20260714T215900Z&ctz=Europe%2FRome&details=Respirart: arte in quota&location=Pampeago+Localit%C3%A0+Pampeago%2C+8%2C+38038+Tesero+TN' target='_blank' class='evo_ics_gCal' title='Aggiungi al calendario di Google'>GoogleCal<\/a><\/p>\t\n\t\t\t<\/div>\n\t\t<\/div><\/div><\/div><div class='evocard_row'><div id='event_repeats' class='evocard_box repeats' data-c='' \n\t\t\t\t\tstyle=''><div class='evo_metarow_repeats evorow evcal_evdata_row evcal_evrow_sm '>\n\t\t<span class='evcal_evdata_icons'><i class='fa fa-repeat'><\/i><\/span>\n\t\t<div class='evcal_evdata_cell'>\t\t\t\t\t\t\t\n\t\t\t<h3 class='evo_h3'>Orari degli eventi futuri in questa serie di eventi ripetuti<\/h3><div class='evo_elm_HCS evo_repeat_series' style=''><span class='evo_elmHCS_nav HCSnavL evo_repeat_series content_slide_trig'><i class='fa fa-chevron-left'><\/i><\/span><span class='evo_elmHCS_nav HCSnavR evo_repeat_series content_slide_trig'><i class='fa fa-chevron-right'><\/i><\/span><div class='evo_elm_HCS_in'><div class='evo_repeat_series_dates clickable evodfx evofx_dr_r evogap10' data-click='1' data-event_url='https:\/\/latemarium.com\/it\/events\/respirart-arte-in-quota\/var\/ri-3.l-L1'><span class='evo_repeat_series_date evodfx evofx_dr_r evofx_ai_c evogap5 evobr15 evobrdB1 evocl1 evopad15 evottu evofz14 evocurp evo_trans_sc1_03 evoHbgcw' data-ux=\"def\" data-l=\"https:\/\/latemarium.com\/it\/events\/respirart-arte-in-quota\/var\/ri-4.l-L1\" ><span class='evodfx evofx_dr_c evotac evofx_jc_c'><b class='j evofz16'>21<\/b><b class='fy'>luglio <\/b><em class='t evofsn'>09:30 - 23:59<\/em><\/span><\/span><span class='evo_repeat_series_date evodfx evofx_dr_r evofx_ai_c evogap5 evobr15 evobrdB1 evocl1 evopad15 evottu evofz14 evocurp evo_trans_sc1_03 evoHbgcw' data-ux=\"def\" data-l=\"https:\/\/latemarium.com\/it\/events\/respirart-arte-in-quota\/var\/ri-5.l-L1\" ><span class='evodfx evofx_dr_c evotac evofx_jc_c'><b class='j evofz16'>28<\/b><b class='fy'>luglio <\/b><em class='t evofsn'>09:30 - 23:59<\/em><\/span><\/span><span class='evo_repeat_series_date evodfx evofx_dr_r evofx_ai_c evogap5 evobr15 evobrdB1 evocl1 evopad15 evottu evofz14 evocurp evo_trans_sc1_03 evoHbgcw' data-ux=\"def\" data-l=\"https:\/\/latemarium.com\/it\/events\/respirart-arte-in-quota\/var\/ri-6.l-L1\" ><span class='evodfx evofx_dr_c evotac evofx_jc_c'><b class='j evofz16'>4<\/b><b class='fy'>agosto <\/b><em class='t evofsn'>09:30 - 23:59<\/em><\/span><\/span><span class='evo_repeat_series_date evodfx evofx_dr_r evofx_ai_c evogap5 evobr15 evobrdB1 evocl1 evopad15 evottu evofz14 evocurp evo_trans_sc1_03 evoHbgcw' data-ux=\"def\" data-l=\"https:\/\/latemarium.com\/it\/events\/respirart-arte-in-quota\/var\/ri-7.l-L1\" ><span class='evodfx evofx_dr_c evotac evofx_jc_c'><b class='j evofz16'>11<\/b><b class='fy'>agosto <\/b><em class='t evofsn'>09:30 - 23:59<\/em><\/span><\/span><span class='evo_repeat_series_date evodfx evofx_dr_r evofx_ai_c evogap5 evobr15 evobrdB1 evocl1 evopad15 evottu evofz14 evocurp evo_trans_sc1_03 evoHbgcw' data-ux=\"def\" data-l=\"https:\/\/latemarium.com\/it\/events\/respirart-arte-in-quota\/var\/ri-8.l-L1\" ><span class='evodfx evofx_dr_c evotac evofx_jc_c'><b class='j evofz16'>18<\/b><b class='fy'>agosto <\/b><em class='t evofsn'>09:30 - 23:59<\/em><\/span><\/span><span class='evo_repeat_series_date evodfx evofx_dr_r evofx_ai_c evogap5 evobr15 evobrdB1 evocl1 evopad15 evottu evofz14 evocurp evo_trans_sc1_03 evoHbgcw' data-ux=\"def\" data-l=\"https:\/\/latemarium.com\/it\/events\/respirart-arte-in-quota\/var\/ri-9.l-L1\" ><span class='evodfx evofx_dr_c evotac evofx_jc_c'><b class='j evofz16'>25<\/b><b class='fy'>agosto <\/b><em class='t evofsn'>09:30 - 23:59<\/em><\/span><\/span><span class='evo_repeat_series_date evodfx evofx_dr_r evofx_ai_c evogap5 evobr15 evobrdB1 evocl1 evopad15 evottu evofz14 evocurp evo_trans_sc1_03 evoHbgcw' data-ux=\"def\" data-l=\"https:\/\/latemarium.com\/it\/events\/respirart-arte-in-quota\/var\/ri-10.l-L1\" ><span class='evodfx evofx_dr_c evotac evofx_jc_c'><b class='j evofz16'>1<\/b><b class='fy'>settembre <\/b><em class='t evofsn'>09:30 - 23:59<\/em><\/span><\/span><span class='evo_repeat_series_date evodfx evofx_dr_r evofx_ai_c evogap5 evobr15 evobrdB1 evocl1 evopad15 evottu evofz14 evocurp evo_trans_sc1_03 evoHbgcw' data-ux=\"def\" data-l=\"https:\/\/latemarium.com\/it\/events\/respirart-arte-in-quota\/var\/ri-11.l-L1\" ><span class='evodfx evofx_dr_c evotac evofx_jc_c'><b class='j evofz16'>8<\/b><b class='fy'>settembre <\/b><em class='t evofsn'>09:30 - 23:59<\/em><\/span><\/span><\/div><\/div><\/div><\/div><\/div><\/div><\/div><div class='evocard_row'><div id='event_getdirection' class='evocard_box getdirection' data-c='' \n\t\t\t\t\tstyle=''><div class='evo_metarow_getDr evorow evcal_evdata_row evcal_evrow_sm getdirections'>\n\t\t<form action='https:\/\/maps.google.com\/maps' method='get' target='_blank'>\n\t\t\t<input type='hidden' name='daddr' value=\"46.34343697644898,11.540997527961546\"\/> \n\t\t\t<div class='evo_get_direction_content evo_fx_dr_r evogap10'>\n\t\t\t\t<span class='evogetdir_header evodfx evofx_dr_r evofx_ai_c marr10'>\n\t\t\t\t\t<i class='mainicon fa fa-road'><\/i> \n\t\t\t\t\t<h3 class='evo_h3' style='padding-bottom:5px;'>Ottieni indicazioni stradali<\/h3>\n\t\t\t\t<\/span>\n\t\t\t\t<span class='evogetdir_field evodfx evofx_1_1 evo_fx_dr_c evow100p'>\t\t\t\t\t\n\t\t\t\t\t<input class='evoInput evotac' type='text' name='saddr' placeholder='Digitare l&#039;indirizzo per ottenere le indicazioni stradali' value='' style='margin:10px 0;'\/>\n\t\t\t\t<\/span>\n\t\t\t\t<button type='submit' class='evo_get_direction_button evo_btn_arr_circ dfx fx_ai_c' title='Fare clic qui per ottenere indicazioni'><i class='fa fa-chevron-right'><\/i> <\/button>\n\t\t\t<\/div>\n\t\t<\/form>\n\t<\/div><\/div><\/div><div class='evo_card_row_end evcal_close' title='Testo del pulsante Chiudi evento'><\/div><\/div><div class='clear end'><\/div><\/div><div id=\"event_2159_1\" class=\"eventon_list_event evo_eventtop scheduled  event clrW no_et event_2159_1\" data-event_id=\"2159\" data-ri=\"1r\" data-time=\"1784019600-1784066340\" data-colr=\"#a69dcd\" itemscope itemtype='http:\/\/schema.org\/Event'><div class=\"evo_event_schema\" style=\"display:none\" ><a itemprop='url'  href='https:\/\/latemarium.com\/it\/events\/il-dritto-dahu-ci-aspetta-lassu\/var\/ri-1.l-L1'><\/a><meta itemprop='image' content=\"https:\/\/latemarium.com\/wp-content\/uploads\/2023\/06\/forse-dahu-sa.jpg\" \/><meta itemprop='startDate' content=\"2026-7-14T11:00+0:00\" \/><meta itemprop='endDate' content=\"2026-7-14T23:59+0:00\" \/><meta itemprop='eventStatus' content=\"https:\/\/schema.org\/EventScheduled\" \/><meta itemprop='eventAttendanceMode'   itemscope itemtype=\"https:\/\/schema.org\/OfflineEventAttendanceMode\"\/><script type=\"application\/ld+json\">{\"@context\": \"http:\/\/schema.org\",\"@type\": \"Event\",\n\t\t\t\t\"@id\": \"event_2159_1\",\n\t\t\t\t\"eventAttendanceMode\":\"https:\/\/schema.org\/OfflineEventAttendanceMode\",\n\t\t\t\t\"eventStatus\":\"https:\/\/schema.org\/EventScheduled\",\n\t\t\t\t\"name\": \"IL DRITTO DAH\u00d9 CI ASPETTA LASS\u00d9\",\n\t\t\t\t\"url\": \"https:\/\/latemarium.com\/it\/events\/il-dritto-dahu-ci-aspetta-lassu\/var\/ri-1.l-L1\",\n\t\t\t\t\"startDate\": \"2026-7-14T11:00+0:00\",\n\t\t\t\t\"endDate\": \"2026-7-14T23:59+0:00\",\n\t\t\t\t\"image\":\"https:\/\/latemarium.com\/wp-content\/uploads\/2023\/06\/forse-dahu-sa.jpg\", \n\t\t\t\t\"description\":\"<p>L&#8217;inspiegabile equilibrio del Dah\u00f9 porta ricercatrici e ricercatori ad una grande evoluzione, con continui cambi di prospettiva.<\/p> <p>Andiamo di su, di gi\u00f9, di qua, di l\u00e0. Esperti si diventa ri-cercando insieme. Alla partenza verranno distribuiti gli incarichi: la ricerca procede se c\u2019\u00e8 lavoro di squadra. Siete pronti?<\/p> <p>marted\u00ec: dal 7 luglio al 25 agosto 2026<br \/> a monte della telecabina Predazzo-Gardon\u00e8<br \/> ore 11.00<br \/> adatto a famiglie\u00a0(durata 1h30\u2019)<\/p> \"}<\/script><\/div>\r\n\t\t\t\t<p class=\"desc_trig_outter\" style=\"\"><a data-gmap_status=\"null\" data-exlk=\"0\" style=\"background-color: #a69dcd;\" id=\"evc_17840196002159\" class=\"hasFtIMG event_repeat desc_trig sin_val evcal_list_a\" data-ux_val=\"3\" data-ux_val_mob=\"-\"  ><span class='evoet_c1 evoet_cx '><span class='ev_ftImg' data-img='https:\/\/latemarium.com\/wp-content\/uploads\/2023\/06\/forse-dahu-sa.jpg' data-thumb='https:\/\/latemarium.com\/wp-content\/uploads\/2023\/06\/forse-dahu-sa-300x204.jpg' style='background-image:url(\"https:\/\/latemarium.com\/wp-content\/uploads\/2023\/06\/forse-dahu-sa-300x204.jpg\")' ><\/span><\/span><span class='evoet_c2 evoet_cx '><span class='evoet_dayblock evcal_cblock ' data-bgcolor='#a69dcd' data-smon='luglio' data-syr='2026' data-bub=''><span class='evo_start '><em class='date'>14<\/em><em class='month'>lug<\/em><em class='time'>11:00<\/em><\/span><\/span><\/span><span class='evoet_c3 evoet_cx evcal_desc hide_eventtopdata '><span class='evoet_title evcal_desc2 evcal_event_title ' itemprop='name'>IL DRITTO DAH\u00d9 CI ASPETTA LASS\u00d9<\/span><span class='event_location_attrs' data-location_type=\"lonlat\" data-location_name=\"A monte della telecabina Predazzo-Gardon\u00e8\" data-location_url=\"https:\/\/latemarium.com\/it\/event-location\/a-monte-della-telecabina-predazzo-gardone\/\" data-location_status=\"true\" data-latlng=\"46.32878794406342,11.600176728690842\"><\/span><span class='evoet_subtitle evo_below_title' ><span class='evcal_event_subtitle ' >Sentiero Pastore Distratto<\/span><\/span><span class='evoet_time_expand level_3'><em class='evcal_time evo_tz_time'><i class='fa fa-clock-o'><\/i>11:00<span class='evo_tz marl5'>(GMT+02:00)<\/span><\/em> <\/span><span class='evoet_location level_3'><em class=\"evcal_location\"  data-latlng=\"46.32878794406342,11.600176728690842\" data-add_str=\"\" data-n=\"A monte della telecabina Predazzo-Gardon\u00e8\"><i class=\"fa fa-location-pin\"><\/i><em class=\"event_location_name\">A monte della telecabina Predazzo-Gardon\u00e8<\/em><\/em><\/span><\/span><span class='evoet_data' data-d=\"{&quot;loc.n&quot;:&quot;A monte della telecabina Predazzo-Gardon\\u00e8&quot;,&quot;orgs&quot;:[],&quot;tags&quot;:{&quot;repeating&quot;:&quot;Repeating Event&quot;}}\" data-bgc=\"#a69dcd\" data-bggrad=\"\" ><\/span><\/a><\/p><div class='event_description evcal_eventcard ' style=\"display:none\"><div class='evocard_row'><div id='event_ftimage' class='evocard_box ftimage' data-c='' \n\t\t\t\t\tstyle=''><div class='evocard_main_image_hold' data-t='Loading Image..'><div class='evocard_main_image evo_img_triglb evobr15 evobgsc evobgpc evodfx evofx_jc_c evofx_ai_c evofz48 minmized' style='height:300px; background-image:url();' data-f=\"https:\/\/latemarium.com\/wp-content\/uploads\/2023\/06\/forse-dahu-sa.jpg\" data-h=\"587\" data-w=\"862\" data-ratio=\"0.68097447795824\" data-event_id=\"2159\" data-ri=\"1\"  data-t='Loading Image..'><span style='height:300px; background-image:url(https:\/\/latemarium.com\/wp-content\/uploads\/2023\/06\/forse-dahu-sa.jpg)'><\/span><\/div><\/div><\/div><\/div><div class='evocard_row'><div id='event_eventdetails' class='evocard_box eventdetails' data-c='' \n\t\t\t\t\tstyle=''><div class='evo_metarow_details evorow evcal_evdata_row evcal_event_details'>\n\t\t<div class=\"event_excerpt\" style=\"display:none\"><h3 class=\"padb5 evo_h3\">Dettagli dell&#039;evento<\/h3><p>L&#8217;inspiegabile equilibrio del Dah\u00f9 porta ricercatrici e ricercatori ad una grande evoluzione, con continui cambi di prospettiva.\nAndiamo di su, di gi\u00f9, di qua, di l\u00e0. Esperti si diventa ri-cercando insieme.<\/p><\/div><span class='evcal_evdata_icons'><i class='fa fa-align-justify'><\/i><\/span>\n\t\t\n\t\t<div class='evcal_evdata_cell '>\n\t\t\t<div class='eventon_full_description'>\n\t\t\t\t<h3 class='padb5 evo_h3'><span class='evcal_evdata_icons'><i class='fa fa-align-justify'><\/i><\/span>Dettagli dell&#039;evento<\/h3>\n\t\t\t\t<div class='eventon_desc_in' itemprop='description'>\n\t\t\t\t<p>L&#8217;inspiegabile equilibrio del Dah\u00f9 porta ricercatrici e ricercatori ad una grande evoluzione, con continui cambi di prospettiva.<\/p>\n<p>Andiamo di su, di gi\u00f9, di qua, di l\u00e0. Esperti si diventa ri-cercando insieme. Alla partenza verranno distribuiti gli incarichi: la ricerca procede se c\u2019\u00e8 lavoro di squadra. Siete pronti?<\/p>\n<p>marted\u00ec: dal 7 luglio al 25 agosto 2026<br \/>\na monte della telecabina Predazzo-Gardon\u00e8<br \/>\nore 11.00<br \/>\nadatto a famiglie\u00a0(durata 1h30\u2019)<\/p>\n<\/div><div class='clear'><\/div>\n\t\t\t<\/div>\n\t\t<\/div>\n\t<\/div><\/div><\/div><div class='evocard_row bx2 bx'><div id='event_time' class='evocard_box time' data-c='' \n\t\t\t\t\tstyle=''><div class='evo_metarow_time evorow evcal_evdata_row evcal_evrow_sm '>\n\t\t<span class='evcal_evdata_icons'><i class='fa fa-clock'><\/i><\/span>\n\t\t<div class='evcal_evdata_cell'>\t\t\t\t\t\t\t\n\t\t\t<h3 class='evo_h3'><span class='evcal_evdata_icons'><i class='fa fa-clock'><\/i><\/span>Orario<\/h3><p><span class='evo_eventcard_time_t'>14 luglio 2026 11:00<\/span><span class='evo_tz marr5'>(GMT+02:00)<\/span><\/p>\n\t\t<\/div>\n\t<\/div><\/div><div id='event_location' class='evocard_box location' data-c='' \n\t\t\t\t\tstyle=''><div class='evcal_evdata_row evo_metarow_time_location evorow '>\n\t\t\n\t\t\t<span class='evcal_evdata_icons'><i class='fa fa-map-marker'><\/i><\/span>\n\t\t\t<div class='evcal_evdata_cell' data-loc_tax_id='34'><h3 class='evo_h3 evodfx'><span class='evcal_evdata_icons'><i class='fa fa-map-marker'><\/i><\/span>Luogo<\/h3><p class='evo_location_name'>A monte della telecabina Predazzo-Gardon\u00e8<\/p><div class='padt10'><span class='evo_btn_arr evolb_trigger' data-lbvals=\"{&quot;lbc&quot;:&quot;evo_location_lb_34&quot;,&quot;lbac&quot;:&quot;lb_max&quot;,&quot;t&quot;:&quot;A monte della telecabina Predazzo-Gardon\\u00e8&quot;,&quot;ajax&quot;:&quot;yes&quot;,&quot;ajax_type&quot;:&quot;endpoint&quot;,&quot;ajax_action&quot;:&quot;eventon_get_tax_card_content&quot;,&quot;end&quot;:&quot;client&quot;,&quot;d&quot;:{&quot;lang&quot;:&quot;L1&quot;,&quot;term_id&quot;:34,&quot;tax&quot;:&quot;event_location&quot;,&quot;load_lbcontent&quot;:true},&quot;uid&quot;:&quot;eventon_get_tax_card_content&quot;}\" >Other Events<i class='fa fa-chevron-right'><\/i><\/span><\/div><\/div>\n\t\t\n\t<\/div><\/div><\/div><div class='evocard_row bx2 bx'><div id='event_learnmore' class='evocard_box learnmore' data-c='' \n\t\t\t\t\tstyle=''><div class='evo_metarow_learnM evo_metarow_learnmore evorow'>\n\t\t\t\t\t\t\t<a class='evcal_evdata_row evo_clik_row ' href='https:\/\/www.montagnanimata.it\/spettacoli\/' target=\"_blank\">\n\t\t\t\t\t\t\t\t<span class='evcal_evdata_icons'><i class='fa fa-link'><\/i><\/span>\n\t\t\t\t\t\t\t\t<h3 class='evo_h3'>Scopri di pi\u00f9<\/h3>\n\t\t\t\t\t\t\t<\/a>\n\t\t\t\t\t\t\t<\/div><\/div><div id='event_addtocal' class='evocard_box addtocal' data-c='' \n\t\t\t\t\tstyle=''><div class='evo_metarow_ICS evorow evcal_evdata_row'>\n\t\t\t<span class='evcal_evdata_icons'><i class='fa fa-calendar-o'><\/i><\/span>\n\t\t\t<div class='evcal_evdata_cell'>\n\t\t\t\t<p><a href='https:\/\/latemarium.com\/it\/export-events\/2159_1\/?nonce=a3263097f9' class='evo_ics_nCal' title='Aggiungi al tuo calendario'>Calendario<\/a><a href='https:\/\/www.google.com\/calendar\/event?action=TEMPLATE&text=IL+DRITTO+DAH%C3%99+CI+ASPETTA+LASS%C3%99&dates=20260714T090000Z%2F20260714T215900Z&ctz=Europe%2FRome&details=IL DRITTO DAH\u00d9 CI ASPETTA LASS\u00d9&location=A+monte+della+telecabina+Predazzo-Gardon%C3%A8' target='_blank' class='evo_ics_gCal' title='Aggiungi al calendario di Google'>GoogleCal<\/a><\/p>\t\n\t\t\t<\/div>\n\t\t<\/div><\/div><\/div><div class='evocard_row'><div id='event_getdirection' class='evocard_box getdirection' data-c='' \n\t\t\t\t\tstyle=''><div class='evo_metarow_getDr evorow evcal_evdata_row evcal_evrow_sm getdirections'>\n\t\t<form action='https:\/\/maps.google.com\/maps' method='get' target='_blank'>\n\t\t\t<input type='hidden' name='daddr' value=\"46.32878794406342,11.600176728690842\"\/> \n\t\t\t<div class='evo_get_direction_content evo_fx_dr_r evogap10'>\n\t\t\t\t<span class='evogetdir_header evodfx evofx_dr_r evofx_ai_c marr10'>\n\t\t\t\t\t<i class='mainicon fa fa-road'><\/i> \n\t\t\t\t\t<h3 class='evo_h3' style='padding-bottom:5px;'>Ottieni indicazioni stradali<\/h3>\n\t\t\t\t<\/span>\n\t\t\t\t<span class='evogetdir_field evodfx evofx_1_1 evo_fx_dr_c evow100p'>\t\t\t\t\t\n\t\t\t\t\t<input class='evoInput evotac' type='text' name='saddr' placeholder='Digitare l&#039;indirizzo per ottenere le indicazioni stradali' value='' style='margin:10px 0;'\/>\n\t\t\t\t<\/span>\n\t\t\t\t<button type='submit' class='evo_get_direction_button evo_btn_arr_circ dfx fx_ai_c' title='Fare clic qui per ottenere indicazioni'><i class='fa fa-chevron-right'><\/i> <\/button>\n\t\t\t<\/div>\n\t\t<\/form>\n\t<\/div><\/div><\/div><div class='evo_card_row_end evcal_close' title='Testo del pulsante Chiudi evento'><\/div><\/div><div class='clear end'><\/div><\/div><div id=\"event_2682_1\" class=\"eventon_list_event evo_eventtop scheduled  event clrD event_2682_1\" data-event_id=\"2682\" data-ri=\"1r\" data-time=\"1784034000-1784039400\" data-colr=\"#ba181d\" itemscope itemtype='http:\/\/schema.org\/Event'><div class=\"evo_event_schema\" style=\"display:none\" ><a itemprop='url'  href='https:\/\/latemarium.com\/it\/events\/respirart-piccole-bonta-montane-laboratorio-di-cucina\/var\/ri-1.l-L1'><\/a><meta itemprop='image' content=\"https:\/\/latemarium.com\/wp-content\/uploads\/2019\/06\/Weigler_Schupf_Kaiserschmarren_2.jpg\" \/><meta itemprop='startDate' content=\"2026-7-14T15:00+0:00\" \/><meta itemprop='endDate' content=\"2026-7-14T16:30+0:00\" \/><meta itemprop='eventStatus' content=\"https:\/\/schema.org\/EventScheduled\" \/><meta itemprop='eventAttendanceMode'   itemscope itemtype=\"https:\/\/schema.org\/OfflineEventAttendanceMode\"\/><div style=\"display:none\" itemprop=\"location\" itemscope itemtype=\"http:\/\/schema.org\/Place\"><span itemprop=\"name\">Rifugio Agnello<\/span><span itemprop=\"address\" itemscope itemtype=\"http:\/\/schema.org\/PostalAddress\"><item itemprop=\"streetAddress\">Loc. Pampeago, 9, 38038 Tesero TN<\/item><\/span><\/div><script type=\"application\/ld+json\">{\"@context\": \"http:\/\/schema.org\",\"@type\": \"Event\",\n\t\t\t\t\"@id\": \"event_2682_1\",\n\t\t\t\t\"eventAttendanceMode\":\"https:\/\/schema.org\/OfflineEventAttendanceMode\",\n\t\t\t\t\"eventStatus\":\"https:\/\/schema.org\/EventScheduled\",\n\t\t\t\t\"name\": \"Piccole bont\u00e0 montane, laboratorio di cucina.\",\n\t\t\t\t\"url\": \"https:\/\/latemarium.com\/it\/events\/respirart-piccole-bonta-montane-laboratorio-di-cucina\/var\/ri-1.l-L1\",\n\t\t\t\t\"startDate\": \"2026-7-14T15:00+0:00\",\n\t\t\t\t\"endDate\": \"2026-7-14T16:30+0:00\",\n\t\t\t\t\"image\":\"https:\/\/latemarium.com\/wp-content\/uploads\/2019\/06\/Weigler_Schupf_Kaiserschmarren_2.jpg\", \n\t\t\t\t\"description\":\"<p>Ospiti del Rifugio Monte Agnello prepariamo, cuciniamo e gustiamo specialit\u00e0 montane reinventate da noi. Il laboratorio \u00e8 per i pi\u00f9 piccoli, ma mamma e pap\u00e0 saranno pronti, con penna per gli appunti e forchetta per gli assaggi!<\/p> <p><strong>Attivit\u00e0 gratuita<\/strong>, a numero chiuso, dai 5 ai 12 anni.<\/p> <p><strong>Info e prenotazioni<\/strong>: T. 0462 813265<\/p> \",\"location\":[{\"@type\":\"Place\",\"name\":\"Rifugio Agnello\",\"address\":{\"@type\": \"PostalAddress\",\"streetAddress\":\"Loc. Pampeago, 9, 38038 Tesero TN\"}}]}<\/script><\/div>\r\n\t\t\t\t<p class=\"desc_trig_outter\" style=\"\"><a data-gmtrig=\"1\" data-exlk=\"0\" style=\"background-color: #ba181d;\" id=\"evc_17840340002682\" class=\"hasFtIMG event_repeat desc_trig sin_val evcal_list_a\" data-ux_val=\"3\" data-ux_val_mob=\"-\"  ><span class='evoet_c1 evoet_cx '><span class='ev_ftImg' data-img='https:\/\/latemarium.com\/wp-content\/uploads\/2019\/06\/Weigler_Schupf_Kaiserschmarren_2.jpg' data-thumb='https:\/\/latemarium.com\/wp-content\/uploads\/2019\/06\/Weigler_Schupf_Kaiserschmarren_2-300x202.jpg' style='background-image:url(\"https:\/\/latemarium.com\/wp-content\/uploads\/2019\/06\/Weigler_Schupf_Kaiserschmarren_2-300x202.jpg\")' ><\/span><\/span><span class='evoet_c2 evoet_cx '><span class='evoet_dayblock evcal_cblock ' data-bgcolor='#ba181d' data-smon='luglio' data-syr='2026' data-bub=''><span class='evo_start '><em class='date'>14<\/em><em class='month'>lug<\/em><em class='time'>15:00<\/em><\/span><span class='evo_end only_time'><em class='time'>16:30<\/em><\/span><\/span><\/span><span class='evoet_c3 evoet_cx evcal_desc hide_eventtopdata '><span class='evoet_title evcal_desc2 evcal_event_title ' itemprop='name'>Piccole bont\u00e0 montane, laboratorio di cucina.<\/span><span class='event_location_attrs'  data-location_address=\"Loc. Pampeago, 9, 38038 Tesero TN\" data-location_type=\"lonlat\" data-location_name=\"Rifugio Agnello\" data-location_url=\"https:\/\/latemarium.com\/it\/event-location\/rifugio-agnello\/\" data-location_status=\"true\" data-latlng=\"46.333809095680266,11.547693182509184\"><\/span><span class='evoet_subtitle evo_below_title' ><span class='evcal_event_subtitle ' >RIFUGIO MONTE AGNELLO<\/span><\/span><span class='evoet_time_expand level_3'><em class='evcal_time evo_tz_time'><i class='fa fa-clock-o'><\/i>15:00 - 16:30<span class='evo_tz marl5'>(GMT+02:00)<\/span><\/em> <\/span><span class='evoet_location level_3'><em class=\"evcal_location\"  data-latlng=\"46.333809095680266,11.547693182509184\" data-add_str=\"Loc. Pampeago, 9, 38038 Tesero TN\" data-n=\"Rifugio Agnello\"><i class=\"fa fa-location-pin\"><\/i><em class=\"event_location_name\">Rifugio Agnello<\/em>, Loc. Pampeago, 9, 38038 Tesero TN<\/em><\/span><\/span><span class='evoet_data' data-d=\"{&quot;loc.n&quot;:&quot;Rifugio Agnello&quot;,&quot;orgs&quot;:[],&quot;tags&quot;:{&quot;repeating&quot;:&quot;Repeating Event&quot;}}\" data-bgc=\"#ba181d\" data-bggrad=\"\" ><\/span><\/a><\/p><div class='event_description evcal_eventcard ' style=\"display:none\"><div class='evocard_row'><div id='event_ftimage' class='evocard_box ftimage' data-c='' \n\t\t\t\t\tstyle=''><div class='evocard_main_image_hold' data-t='Loading Image..'><div class='evocard_main_image evo_img_triglb evobr15 evobgsc evobgpc evodfx evofx_jc_c evofx_ai_c evofz48 minmized' style='height:300px; background-image:url();' data-f=\"https:\/\/latemarium.com\/wp-content\/uploads\/2019\/06\/Weigler_Schupf_Kaiserschmarren_2.jpg\" data-h=\"3840\" data-w=\"5695\" data-ratio=\"0.67427568042142\" data-event_id=\"2682\" data-ri=\"1\"  data-t='Loading Image..'><span style='height:300px; background-image:url(https:\/\/latemarium.com\/wp-content\/uploads\/2019\/06\/Weigler_Schupf_Kaiserschmarren_2.jpg)'><\/span><\/div><\/div><\/div><\/div><div class='evocard_row'><div id='event_eventdetails' class='evocard_box eventdetails' data-c='' \n\t\t\t\t\tstyle=''><div class='evo_metarow_details evorow evcal_evdata_row evcal_event_details'>\n\t\t<div class=\"event_excerpt\" style=\"display:none\"><h3 class=\"padb5 evo_h3\">Dettagli dell&#039;evento<\/h3><p>Ospiti del Rifugio Monte Agnello prepariamo, cuciniamo e gustiamo specialit\u00e0 montane reinventate da noi. Il laboratorio \u00e8 per i pi\u00f9 piccoli, ma mamma e pap\u00e0 saranno pronti, con penna per<\/p><\/div><span class='evcal_evdata_icons'><i class='fa fa-align-justify'><\/i><\/span>\n\t\t\n\t\t<div class='evcal_evdata_cell '>\n\t\t\t<div class='eventon_full_description'>\n\t\t\t\t<h3 class='padb5 evo_h3'><span class='evcal_evdata_icons'><i class='fa fa-align-justify'><\/i><\/span>Dettagli dell&#039;evento<\/h3>\n\t\t\t\t<div class='eventon_desc_in' itemprop='description'>\n\t\t\t\t<p>Ospiti del Rifugio Monte Agnello prepariamo, cuciniamo e gustiamo specialit\u00e0 montane reinventate da noi. Il laboratorio \u00e8 per i pi\u00f9 piccoli, ma mamma e pap\u00e0 saranno pronti, con penna per gli appunti e forchetta per gli assaggi!<\/p>\n<p><strong>Attivit\u00e0 gratuita<\/strong>, a numero chiuso, dai 5 ai 12 anni.<\/p>\n<p><strong>Info e prenotazioni<\/strong>: T. 0462 813265<\/p>\n<\/div><div class='clear'><\/div>\n\t\t\t<\/div>\n\t\t<\/div>\n\t<\/div><\/div><\/div><div class='evocard_row bx2 bx'><div id='event_time' class='evocard_box time' data-c='' \n\t\t\t\t\tstyle=''><div class='evo_metarow_time evorow evcal_evdata_row evcal_evrow_sm '>\n\t\t<span class='evcal_evdata_icons'><i class='fa fa-clock'><\/i><\/span>\n\t\t<div class='evcal_evdata_cell'>\t\t\t\t\t\t\t\n\t\t\t<h3 class='evo_h3'><span class='evcal_evdata_icons'><i class='fa fa-clock'><\/i><\/span>Orario<\/h3><p><span class='evo_eventcard_time_t'>14 luglio 2026 15:00 - 16:30<\/span><span class='evo_tz marr5'>(GMT+02:00)<\/span><\/p>\n\t\t<\/div>\n\t<\/div><\/div><div id='event_location' class='evocard_box location' data-c='' \n\t\t\t\t\tstyle=''><div class='evcal_evdata_row evo_metarow_time_location evorow '>\n\t\t\n\t\t\t<span class='evcal_evdata_icons'><i class='fa fa-map-marker'><\/i><\/span>\n\t\t\t<div class='evcal_evdata_cell' data-loc_tax_id='24'><h3 class='evo_h3 evodfx'><span class='evcal_evdata_icons'><i class='fa fa-map-marker'><\/i><\/span><a target=\"_blank\" href=\"https:\/\/www.facebook.com\/profile.php?id=100064742944609\">Luogo<\/a><\/h3><p class='evo_location_name'><a target=\"_blank\" href=\"https:\/\/www.facebook.com\/profile.php?id=100064742944609\">Rifugio Agnello<\/a><\/p><p class='evo_location_address evodfxi evogap10'><a target=\"_blank\" href=\"https:\/\/www.facebook.com\/profile.php?id=100064742944609\">Loc. Pampeago, 9, 38038 Tesero TN<\/a><\/p><div class='padt10'><span class='evo_btn_arr evolb_trigger' data-lbvals=\"{&quot;lbc&quot;:&quot;evo_location_lb_24&quot;,&quot;lbac&quot;:&quot;lb_max&quot;,&quot;t&quot;:&quot;Rifugio Agnello&quot;,&quot;ajax&quot;:&quot;yes&quot;,&quot;ajax_type&quot;:&quot;endpoint&quot;,&quot;ajax_action&quot;:&quot;eventon_get_tax_card_content&quot;,&quot;end&quot;:&quot;client&quot;,&quot;d&quot;:{&quot;lang&quot;:&quot;L1&quot;,&quot;term_id&quot;:24,&quot;tax&quot;:&quot;event_location&quot;,&quot;load_lbcontent&quot;:true},&quot;uid&quot;:&quot;eventon_get_tax_card_content&quot;}\" >Other Events<i class='fa fa-chevron-right'><\/i><\/span><\/div><\/div>\n\t\t\n\t<\/div><\/div><\/div><div class='evocard_row'><div id='event_addtocal' class='evocard_box addtocal' data-c='' \n\t\t\t\t\tstyle=''><div class='evo_metarow_ICS evorow evcal_evdata_row'>\n\t\t\t<span class='evcal_evdata_icons'><i class='fa fa-calendar-o'><\/i><\/span>\n\t\t\t<div class='evcal_evdata_cell'>\n\t\t\t\t<p><a href='https:\/\/latemarium.com\/it\/export-events\/2682_1\/?nonce=a3263097f9' class='evo_ics_nCal' title='Aggiungi al tuo calendario'>Calendario<\/a><a href='https:\/\/www.google.com\/calendar\/event?action=TEMPLATE&text=Piccole+bont%C3%A0+montane%2C+laboratorio+di+cucina.&dates=20260714T130000Z%2F20260714T143000Z&ctz=Europe%2FRome&details=Piccole bont\u00e0 montane, laboratorio di cucina.&location=Rifugio+Agnello+Loc.+Pampeago%2C+9%2C+38038+Tesero+TN' target='_blank' class='evo_ics_gCal' title='Aggiungi al calendario di Google'>GoogleCal<\/a><\/p>\t\n\t\t\t<\/div>\n\t\t<\/div><\/div><\/div><div class='evocard_row'><div id='event_getdirection' class='evocard_box getdirection' data-c='' \n\t\t\t\t\tstyle=''><div class='evo_metarow_getDr evorow evcal_evdata_row evcal_evrow_sm getdirections'>\n\t\t<form action='https:\/\/maps.google.com\/maps' method='get' target='_blank'>\n\t\t\t<input type='hidden' name='daddr' value=\"46.333809095680266,11.547693182509184\"\/> \n\t\t\t<div class='evo_get_direction_content evo_fx_dr_r evogap10'>\n\t\t\t\t<span class='evogetdir_header evodfx evofx_dr_r evofx_ai_c marr10'>\n\t\t\t\t\t<i class='mainicon fa fa-road'><\/i> \n\t\t\t\t\t<h3 class='evo_h3' style='padding-bottom:5px;'>Ottieni indicazioni stradali<\/h3>\n\t\t\t\t<\/span>\n\t\t\t\t<span class='evogetdir_field evodfx evofx_1_1 evo_fx_dr_c evow100p'>\t\t\t\t\t\n\t\t\t\t\t<input class='evoInput evotac' type='text' name='saddr' placeholder='Digitare l&#039;indirizzo per ottenere le indicazioni stradali' value='' style='margin:10px 0;'\/>\n\t\t\t\t<\/span>\n\t\t\t\t<button type='submit' class='evo_get_direction_button evo_btn_arr_circ dfx fx_ai_c' title='Fare clic qui per ottenere indicazioni'><i class='fa fa-chevron-right'><\/i> <\/button>\n\t\t\t<\/div>\n\t\t<\/form>\n\t<\/div><\/div><\/div><div class='evo_card_row_end evcal_close' title='Testo del pulsante Chiudi evento'><\/div><\/div><div class='clear end'><\/div><\/div><div id=\"event_2079_4\" class=\"eventon_list_event evo_eventtop scheduled  event clrW no_et event_2079_4\" data-event_id=\"2079\" data-ri=\"4r\" data-time=\"1784036700-1784066340\" data-colr=\"#facd05\" itemscope itemtype='http:\/\/schema.org\/Event'><div class=\"evo_event_schema\" style=\"display:none\" ><a itemprop='url'  href='https:\/\/latemarium.com\/it\/events\/mindful-latemar\/var\/ri-4.l-L1'><\/a><meta itemprop='image' content=\"https:\/\/latemarium.com\/wp-content\/uploads\/2023\/06\/\u00a9Obereggen_LatemarAG.SpA_Mindful.Latemar_Ph.Guenther.Pichler_06.jpg\" \/><meta itemprop='startDate' content=\"2026-7-14T15:45+0:00\" \/><meta itemprop='endDate' content=\"2026-7-14T23:59+0:00\" \/><meta itemprop='eventStatus' content=\"https:\/\/schema.org\/EventScheduled\" \/><meta itemprop='eventAttendanceMode'   itemscope itemtype=\"https:\/\/schema.org\/OfflineEventAttendanceMode\"\/><div style=\"display:none\" itemprop=\"location\" itemscope itemtype=\"http:\/\/schema.org\/Place\"><span itemprop=\"name\">Stazione a valle Obereggen<\/span><span itemprop=\"address\" itemscope itemtype=\"http:\/\/schema.org\/PostalAddress\"><item itemprop=\"streetAddress\">Via Obereggen, 16, 39050 Nova Ponente BZ<\/item><\/span><\/div><script type=\"application\/ld+json\">{\"@context\": \"http:\/\/schema.org\",\"@type\": \"Event\",\n\t\t\t\t\"@id\": \"event_2079_4\",\n\t\t\t\t\"eventAttendanceMode\":\"https:\/\/schema.org\/OfflineEventAttendanceMode\",\n\t\t\t\t\"eventStatus\":\"https:\/\/schema.org\/EventScheduled\",\n\t\t\t\t\"name\": \"Mindful.Latemar\",\n\t\t\t\t\"url\": \"https:\/\/latemarium.com\/it\/events\/mindful-latemar\/var\/ri-4.l-L1\",\n\t\t\t\t\"startDate\": \"2026-7-14T15:45+0:00\",\n\t\t\t\t\"endDate\": \"2026-7-14T23:59+0:00\",\n\t\t\t\t\"image\":\"https:\/\/latemarium.com\/wp-content\/uploads\/2023\/06\/\u00a9Obereggen_LatemarAG.SpA_Mindful.Latemar_Ph.Guenther.Pichler_06.jpg\", \n\t\t\t\t\"description\":\"<p>Mindful.Latemar si trova a Obereggen lungo il <strong>sentiero circolare sul monte Golfrion<\/strong>, nel cuore delle Dolomiti a 1872 metri di altitudine.<\/p> <p>Il percorso prevede <strong>18 esercizi di Mindfulness<\/strong> in un luogo speciale che vuole rappresentare un esempio di rinascita e resilienza dopo che \u00e8 stato colpito dalla tempesta Vaia nel novembre 2018.<\/p> <h3 class='wysiwyg__subline'>Il Dott. Bernagozzi ti accompagna ogni marted\u00ec:<\/h3> <div class='wysiwyg__description'> <p>dalle ore 13.30 alle ore 15.30 (in tedesco)<br \/> dalle ore 15.45 alle ore 17.45 (in italiano)<\/p> <\/div> <ul> <li>Punto di ritrovo: stazione a valle cabinovia &#8220;Obereggen-Ochsenweide&#8221;<\/li> <li>Prezzo: 30,00 \u20ac a persona inclusa l&#8217;andata e il ritorno con la\u00a0cabinovia<\/li> <li>Prenotazione online al seguente link:\u00a0<u><strong><a href='https:\/\/eggental.com\/it\/ajax-events#11946' target='_blank' rel='noopener'>Val d&#8217;Ega Turismo<\/a><\/strong><\/u>\u00a0(max. 10 persone)<\/li> <\/ul> \",\"location\":[{\"@type\":\"Place\",\"name\":\"Stazione a valle Obereggen\",\"address\":{\"@type\": \"PostalAddress\",\"streetAddress\":\"Via Obereggen, 16, 39050 Nova Ponente BZ\"}}]}<\/script><\/div>\r\n\t\t\t\t<p class=\"desc_trig_outter\" style=\"\"><a data-gmtrig=\"1\" data-exlk=\"0\" style=\"background-color: #facd05;\" id=\"evc_17840367002079\" class=\"hasFtIMG event_repeat desc_trig sin_val evcal_list_a\" data-ux_val=\"3\" data-ux_val_mob=\"-\"  ><span class='evoet_c1 evoet_cx '><span class='ev_ftImg' data-img='https:\/\/latemarium.com\/wp-content\/uploads\/2023\/06\/\u00a9Obereggen_LatemarAG.SpA_Mindful.Latemar_Ph.Guenther.Pichler_06.jpg' data-thumb='https:\/\/latemarium.com\/wp-content\/uploads\/2023\/06\/\u00a9Obereggen_LatemarAG.SpA_Mindful.Latemar_Ph.Guenther.Pichler_06-300x169.jpg' style='background-image:url(\"https:\/\/latemarium.com\/wp-content\/uploads\/2023\/06\/\u00a9Obereggen_LatemarAG.SpA_Mindful.Latemar_Ph.Guenther.Pichler_06-300x169.jpg\")' ><\/span><\/span><span class='evoet_c2 evoet_cx '><span class='evoet_dayblock evcal_cblock ' data-bgcolor='#facd05' data-smon='luglio' data-syr='2026' data-bub=''><span class='evo_start '><em class='date'>14<\/em><em class='month'>lug<\/em><em class='time'>15:45<\/em><\/span><\/span><\/span><span class='evoet_c3 evoet_cx evcal_desc hide_eventtopdata '><span class='evoet_title evcal_desc2 evcal_event_title ' itemprop='name'>Mindful.Latemar<\/span><span class='event_location_attrs'  data-location_address=\"Via Obereggen, 16, 39050 Nova Ponente BZ\" data-location_type=\"lonlat\" data-location_name=\"Stazione a valle Obereggen\" data-location_url=\"https:\/\/latemarium.com\/it\/event-location\/stazione-a-valle-obereggen\/\" data-location_status=\"true\" data-latlng=\"46.3835808246333,11.52667595881786\"><\/span><span class='evoet_subtitle evo_below_title' ><span class='evcal_event_subtitle ' >Passeggiata Mindfulness con Psicologo del Benessere e Istruttore di Mindfulness Dott. Thomas Bernagozzi. <\/span><\/span><span class='evoet_time_expand level_3'><em class='evcal_time evo_tz_time'><i class='fa fa-clock-o'><\/i>15:45<span class='evo_tz marl5'>(GMT+02:00)<\/span><\/em> <\/span><span class='evoet_location level_3'><em class=\"evcal_location\"  data-latlng=\"46.3835808246333,11.52667595881786\" data-add_str=\"Via Obereggen, 16, 39050 Nova Ponente BZ\" data-n=\"Stazione a valle Obereggen\"><i class=\"fa fa-location-pin\"><\/i><em class=\"event_location_name\">Stazione a valle Obereggen<\/em>, Via Obereggen, 16, 39050 Nova Ponente BZ<\/em><\/span><\/span><span class='evoet_data' data-d=\"{&quot;loc.n&quot;:&quot;Stazione a valle Obereggen&quot;,&quot;orgs&quot;:[],&quot;tags&quot;:{&quot;repeating&quot;:&quot;Repeating Event&quot;}}\" data-bgc=\"#facd05\" data-bggrad=\"\" ><\/span><\/a><\/p><div class='event_description evcal_eventcard ' style=\"display:none\"><div class='evocard_row'><div id='event_ftimage' class='evocard_box ftimage' data-c='' \n\t\t\t\t\tstyle=''><div class='evocard_main_image_hold' data-t='Loading Image..'><div class='evocard_main_image evo_img_triglb evobr15 evobgsc evobgpc evodfx evofx_jc_c evofx_ai_c evofz48 minmized' style='height:300px; background-image:url();' data-f=\"https:\/\/latemarium.com\/wp-content\/uploads\/2023\/06\/\u00a9Obereggen_LatemarAG.SpA_Mindful.Latemar_Ph.Guenther.Pichler_06.jpg\" data-h=\"812\" data-w=\"1445\" data-ratio=\"0.56193771626298\" data-event_id=\"2079\" data-ri=\"4\"  data-t='Loading Image..'><span style='height:300px; background-image:url(https:\/\/latemarium.com\/wp-content\/uploads\/2023\/06\/\u00a9Obereggen_LatemarAG.SpA_Mindful.Latemar_Ph.Guenther.Pichler_06.jpg)'><\/span><\/div><\/div><\/div><\/div><div class='evocard_row'><div id='event_eventdetails' class='evocard_box eventdetails' data-c='' \n\t\t\t\t\tstyle=''><div class='evo_metarow_details evorow evcal_evdata_row evcal_event_details'>\n\t\t<div class=\"event_excerpt\" style=\"display:none\"><h3 class=\"padb5 evo_h3\">Dettagli dell&#039;evento<\/h3><p>Mindful.Latemar si trova a Obereggen lungo il sentiero circolare sul monte Golfrion, nel cuore delle Dolomiti a 1872 metri di altitudine.\nIl percorso prevede 18 esercizi di Mindfulness in un luogo<\/p><\/div><span class='evcal_evdata_icons'><i class='fa fa-align-justify'><\/i><\/span>\n\t\t\n\t\t<div class='evcal_evdata_cell shorter_desc'>\n\t\t\t<div class='eventon_full_description'>\n\t\t\t\t<h3 class='padb5 evo_h3'><span class='evcal_evdata_icons'><i class='fa fa-align-justify'><\/i><\/span>Dettagli dell&#039;evento<\/h3>\n\t\t\t\t<div class='eventon_desc_in' itemprop='description'>\n\t\t\t\t<p>Mindful.Latemar si trova a Obereggen lungo il <strong>sentiero circolare sul monte Golfrion<\/strong>, nel cuore delle Dolomiti a 1872 metri di altitudine.<\/p>\n<p>Il percorso prevede <strong>18 esercizi di Mindfulness<\/strong> in un luogo speciale che vuole rappresentare un esempio di rinascita e resilienza dopo che \u00e8 stato colpito dalla tempesta Vaia nel novembre 2018.<\/p>\n<h3 class=\"wysiwyg__subline\">Il Dott. Bernagozzi ti accompagna ogni marted\u00ec:<\/h3>\n<div class=\"wysiwyg__description\">\n<p>dalle ore 13.30 alle ore 15.30 (in tedesco)<br \/>\ndalle ore 15.45 alle ore 17.45 (in italiano)<\/p>\n<\/div>\n<ul>\n<li>Punto di ritrovo: stazione a valle cabinovia &#8220;Obereggen-Ochsenweide&#8221;<\/li>\n<li>Prezzo: 30,00 \u20ac a persona inclusa l&#8217;andata e il ritorno con la\u00a0cabinovia<\/li>\n<li>Prenotazione online al seguente link:\u00a0<u><strong><a href=\"https:\/\/eggental.com\/it\/ajax-events#11946\" target=\"_blank\" rel=\"noopener\">Val d&#8217;Ega Turismo<\/a><\/strong><\/u>\u00a0(max. 10 persone)<\/li>\n<\/ul>\n<\/div><p class='eventon_shad_p' style='padding:5px 0 0; margin:0'>\n\t\t\t<span class='evcal_btn evo_btn_secondary evobtn_details_show_more' content='less'>\n\t\t\t\t<span class='ev_more_text' data-txt='Meno'>Pi\u00f9<\/span><span class='ev_more_arrow ard'><\/span>\n\t\t\t<\/span>\n\t\t<\/p><div class='clear'><\/div>\n\t\t\t<\/div>\n\t\t<\/div>\n\t<\/div><\/div><\/div><div class='evocard_row bx2 bx'><div id='event_time' class='evocard_box time' data-c='' \n\t\t\t\t\tstyle=''><div class='evo_metarow_time evorow evcal_evdata_row evcal_evrow_sm '>\n\t\t<span class='evcal_evdata_icons'><i class='fa fa-clock'><\/i><\/span>\n\t\t<div class='evcal_evdata_cell'>\t\t\t\t\t\t\t\n\t\t\t<h3 class='evo_h3'><span class='evcal_evdata_icons'><i class='fa fa-clock'><\/i><\/span>Orario<\/h3><p><span class='evo_eventcard_time_t'>14 luglio 2026 15:45<\/span><span class='evo_tz marr5'>(GMT+02:00)<\/span><\/p>\n\t\t<\/div>\n\t<\/div><\/div><div id='event_location' class='evocard_box location' data-c='' \n\t\t\t\t\tstyle=''><div class='evcal_evdata_row evo_metarow_time_location evorow '>\n\t\t\n\t\t\t<span class='evcal_evdata_icons'><i class='fa fa-map-marker'><\/i><\/span>\n\t\t\t<div class='evcal_evdata_cell' data-loc_tax_id='22'><h3 class='evo_h3 evodfx'><span class='evcal_evdata_icons'><i class='fa fa-map-marker'><\/i><\/span>Luogo<\/h3><p class='evo_location_name'>Stazione a valle Obereggen<\/p><p class='evo_location_address evodfxi evogap10'>Via Obereggen, 16, 39050 Nova Ponente BZ<\/p><div class='padt10'><span class='evo_btn_arr evolb_trigger' data-lbvals=\"{&quot;lbc&quot;:&quot;evo_location_lb_22&quot;,&quot;lbac&quot;:&quot;lb_max&quot;,&quot;t&quot;:&quot;Stazione a valle Obereggen&quot;,&quot;ajax&quot;:&quot;yes&quot;,&quot;ajax_type&quot;:&quot;endpoint&quot;,&quot;ajax_action&quot;:&quot;eventon_get_tax_card_content&quot;,&quot;end&quot;:&quot;client&quot;,&quot;d&quot;:{&quot;lang&quot;:&quot;L1&quot;,&quot;term_id&quot;:22,&quot;tax&quot;:&quot;event_location&quot;,&quot;load_lbcontent&quot;:true},&quot;uid&quot;:&quot;eventon_get_tax_card_content&quot;}\" >Other Events<i class='fa fa-chevron-right'><\/i><\/span><\/div><\/div>\n\t\t\n\t<\/div><\/div><\/div><div class='evocard_row bx2 bx'><div id='event_learnmore' class='evocard_box learnmore' data-c='' \n\t\t\t\t\tstyle=''><div class='evo_metarow_learnM evo_metarow_learnmore evorow'>\n\t\t\t\t\t\t\t<a class='evcal_evdata_row evo_clik_row ' href='https:\/\/obereggen.com\/it\/mindfullatemar' target=\"_blank\">\n\t\t\t\t\t\t\t\t<span class='evcal_evdata_icons'><i class='fa fa-link'><\/i><\/span>\n\t\t\t\t\t\t\t\t<h3 class='evo_h3'>Scopri di pi\u00f9<\/h3>\n\t\t\t\t\t\t\t<\/a>\n\t\t\t\t\t\t\t<\/div><\/div><div id='event_addtocal' class='evocard_box addtocal' data-c='' \n\t\t\t\t\tstyle=''><div class='evo_metarow_ICS evorow evcal_evdata_row'>\n\t\t\t<span class='evcal_evdata_icons'><i class='fa fa-calendar-o'><\/i><\/span>\n\t\t\t<div class='evcal_evdata_cell'>\n\t\t\t\t<p><a href='https:\/\/latemarium.com\/it\/export-events\/2079_4\/?nonce=a3263097f9' class='evo_ics_nCal' title='Aggiungi al tuo calendario'>Calendario<\/a><a href='https:\/\/www.google.com\/calendar\/event?action=TEMPLATE&text=Mindful.Latemar&dates=20260714T134500Z%2F20260714T215900Z&ctz=Europe%2FRome&details=Mindful.Latemar&location=Stazione+a+valle+Obereggen+Via+Obereggen%2C+16%2C+39050+Nova+Ponente+BZ' target='_blank' class='evo_ics_gCal' title='Aggiungi al calendario di Google'>GoogleCal<\/a><\/p>\t\n\t\t\t<\/div>\n\t\t<\/div><\/div><\/div><div class='evocard_row'><div id='event_getdirection' class='evocard_box getdirection' data-c='' \n\t\t\t\t\tstyle=''><div class='evo_metarow_getDr evorow evcal_evdata_row evcal_evrow_sm getdirections'>\n\t\t<form action='https:\/\/maps.google.com\/maps' method='get' target='_blank'>\n\t\t\t<input type='hidden' name='daddr' value=\"46.3835808246333,11.52667595881786\"\/> \n\t\t\t<div class='evo_get_direction_content evo_fx_dr_r evogap10'>\n\t\t\t\t<span class='evogetdir_header evodfx evofx_dr_r evofx_ai_c marr10'>\n\t\t\t\t\t<i class='mainicon fa fa-road'><\/i> \n\t\t\t\t\t<h3 class='evo_h3' style='padding-bottom:5px;'>Ottieni indicazioni stradali<\/h3>\n\t\t\t\t<\/span>\n\t\t\t\t<span class='evogetdir_field evodfx evofx_1_1 evo_fx_dr_c evow100p'>\t\t\t\t\t\n\t\t\t\t\t<input class='evoInput evotac' type='text' name='saddr' placeholder='Digitare l&#039;indirizzo per ottenere le indicazioni stradali' value='' style='margin:10px 0;'\/>\n\t\t\t\t<\/span>\n\t\t\t\t<button type='submit' class='evo_get_direction_button evo_btn_arr_circ dfx fx_ai_c' title='Fare clic qui per ottenere indicazioni'><i class='fa fa-chevron-right'><\/i> <\/button>\n\t\t\t<\/div>\n\t\t<\/form>\n\t<\/div><\/div><\/div><div class='evo_card_row_end evcal_close' title='Testo del pulsante Chiudi evento'><\/div><\/div><div class='clear end'><\/div><\/div><div id=\"event_2181_2\" class=\"eventon_list_event evo_eventtop scheduled  event clrD no_et event_2181_2\" data-event_id=\"2181\" data-ri=\"2r\" data-time=\"1784100600-1784152740\" data-colr=\"#ba181d\" itemscope itemtype='http:\/\/schema.org\/Event'><div class=\"evo_event_schema\" style=\"display:none\" ><a itemprop='url'  href='https:\/\/latemarium.com\/it\/events\/geotrekking-torre-di-pisa\/var\/ri-2.l-L1'><\/a><meta itemprop='image' content=\"https:\/\/latemarium.com\/wp-content\/uploads\/2020\/06\/latemar-torre-di-pisa-estate-2019_ph.alice-russolo-90-scaled.jpg\" \/><meta itemprop='startDate' content=\"2026-7-15T09:30+0:00\" \/><meta itemprop='endDate' content=\"2026-7-15T23:59+0:00\" \/><meta itemprop='eventStatus' content=\"https:\/\/schema.org\/EventScheduled\" \/><meta itemprop='eventAttendanceMode'   itemscope itemtype=\"https:\/\/schema.org\/OfflineEventAttendanceMode\"\/><script type=\"application\/ld+json\">{\"@context\": \"http:\/\/schema.org\",\"@type\": \"Event\",\n\t\t\t\t\"@id\": \"event_2181_2\",\n\t\t\t\t\"eventAttendanceMode\":\"https:\/\/schema.org\/OfflineEventAttendanceMode\",\n\t\t\t\t\"eventStatus\":\"https:\/\/schema.org\/EventScheduled\",\n\t\t\t\t\"name\": \"GEOTREKKING TORRE DI PISA\",\n\t\t\t\t\"url\": \"https:\/\/latemarium.com\/it\/events\/geotrekking-torre-di-pisa\/var\/ri-2.l-L1\",\n\t\t\t\t\"startDate\": \"2026-7-15T09:30+0:00\",\n\t\t\t\t\"endDate\": \"2026-7-15T23:59+0:00\",\n\t\t\t\t\"image\":\"https:\/\/latemarium.com\/wp-content\/uploads\/2020\/06\/latemar-torre-di-pisa-estate-2019_ph.alice-russolo-90-scaled.jpg\", \n\t\t\t\t\"description\":\"<p><strong>Emozionante escursione geologica in quota<\/strong>, alla scoperta dell\u2019atollo del Latemar, perla dell\u2019arcipelago fossile delle Dolomiti Patrimonio UNESCO. Un suggestivo percorso ad anello guidati da un esperto Geologo e Accompagnatore di Media Montagna. Da passo Feudo si sale al rifugio Torre di Pisa per proseguire in quota fino alla forcella dei Camosci, da cui si scende rituffandosi nella profondit\u00e0 del mare tropicale fino al punto di partenza. Pranzo al sacco. Et\u00e0 minima 12 anni.<\/p> <p>Il percorso \u00e8 media difficolt\u00e0, con sentieri ben percorribili e brevi tratti leggermente esposti, dislivello 780 metri circa.<\/p> <p>Prenotazione obbligatoria entro le ore 18.30 del giorno precedente al numero:\u00a00462 241111<\/p> \"}<\/script><\/div>\r\n\t\t\t\t<p class=\"desc_trig_outter\" style=\"\"><a data-gmap_status=\"null\" data-exlk=\"0\" style=\"background-color: #ba181d;\" id=\"evc_17841006002181\" class=\"hasFtIMG event_repeat desc_trig sin_val evcal_list_a\" data-ux_val=\"3\" data-ux_val_mob=\"-\"  ><span class='evoet_c1 evoet_cx '><span class='ev_ftImg' data-img='https:\/\/latemarium.com\/wp-content\/uploads\/2020\/06\/latemar-torre-di-pisa-estate-2019_ph.alice-russolo-90-scaled.jpg' data-thumb='https:\/\/latemarium.com\/wp-content\/uploads\/2020\/06\/latemar-torre-di-pisa-estate-2019_ph.alice-russolo-90-300x200.jpg' style='background-image:url(\"https:\/\/latemarium.com\/wp-content\/uploads\/2020\/06\/latemar-torre-di-pisa-estate-2019_ph.alice-russolo-90-300x200.jpg\")' ><\/span><\/span><span class='evoet_c2 evoet_cx '><span class='evoet_dayblock evcal_cblock ' data-bgcolor='#ba181d' data-smon='luglio' data-syr='2026' data-bub=''><span class='evo_start '><em class='date'>15<\/em><em class='month'>lug<\/em><em class='time'>09:30<\/em><\/span><\/span><\/span><span class='evoet_c3 evoet_cx evcal_desc hide_eventtopdata '><span class='evoet_title evcal_desc2 evcal_event_title ' itemprop='name'>GEOTREKKING TORRE DI PISA<\/span><span class='event_location_attrs' data-location_type=\"lonlat\" data-location_name=\"A monte della seggiovia Gardon\u00e8-Passo Feudo\" data-location_url=\"https:\/\/latemarium.com\/it\/event-location\/a-monte-della-seggiovia-gardone-passo-feudo\/\" data-location_status=\"true\" data-latlng=\"46.32878794406342,11.600176728690842\"><\/span><span class='evoet_subtitle evo_below_title' ><span class='evcal_event_subtitle ' >GEOTREKKING TORRE DI PISA<\/span><\/span><span class='evoet_time_expand level_3'><em class='evcal_time evo_tz_time'><i class='fa fa-clock-o'><\/i>09:30<span class='evo_tz marl5'>(GMT+02:00)<\/span><\/em> <\/span><span class='evoet_location level_3'><em class=\"evcal_location\"  data-latlng=\"46.32878794406342,11.600176728690842\" data-add_str=\"\" data-n=\"A monte della seggiovia Gardon\u00e8-Passo Feudo\"><i class=\"fa fa-location-pin\"><\/i><em class=\"event_location_name\">A monte della seggiovia Gardon\u00e8-Passo Feudo<\/em><\/em><\/span><\/span><span class='evoet_data' data-d=\"{&quot;loc.n&quot;:&quot;A monte della seggiovia Gardon\\u00e8-Passo Feudo&quot;,&quot;orgs&quot;:[],&quot;tags&quot;:{&quot;repeating&quot;:&quot;Repeating Event&quot;}}\" data-bgc=\"#ba181d\" data-bggrad=\"\" ><\/span><\/a><\/p><div class='event_description evcal_eventcard ' style=\"display:none\"><div class='evocard_row'><div id='event_ftimage' class='evocard_box ftimage' data-c='' \n\t\t\t\t\tstyle=''><div class='evocard_main_image_hold' data-t='Loading Image..'><div class='evocard_main_image evo_img_triglb evobr15 evobgsc evobgpc evodfx evofx_jc_c evofx_ai_c evofz48 minmized' style='height:300px; background-image:url();' data-f=\"https:\/\/latemarium.com\/wp-content\/uploads\/2020\/06\/latemar-torre-di-pisa-estate-2019_ph.alice-russolo-90-scaled.jpg\" data-h=\"1707\" data-w=\"2560\" data-ratio=\"0.666796875\" data-event_id=\"2181\" data-ri=\"2\"  data-t='Loading Image..'><span style='height:300px; background-image:url(https:\/\/latemarium.com\/wp-content\/uploads\/2020\/06\/latemar-torre-di-pisa-estate-2019_ph.alice-russolo-90-scaled.jpg)'><\/span><\/div><\/div><\/div><\/div><div class='evocard_row'><div id='event_eventdetails' class='evocard_box eventdetails' data-c='' \n\t\t\t\t\tstyle=''><div class='evo_metarow_details evorow evcal_evdata_row evcal_event_details'>\n\t\t<div class=\"event_excerpt\" style=\"display:none\"><h3 class=\"padb5 evo_h3\">Dettagli dell&#039;evento<\/h3><p>Emozionante escursione geologica in quota, alla scoperta dell\u2019atollo del Latemar, perla dell\u2019arcipelago fossile delle Dolomiti Patrimonio UNESCO. Un suggestivo percorso ad anello guidati da un esperto Geologo e Accompagnatore di<\/p><\/div><span class='evcal_evdata_icons'><i class='fa fa-align-justify'><\/i><\/span>\n\t\t\n\t\t<div class='evcal_evdata_cell shorter_desc'>\n\t\t\t<div class='eventon_full_description'>\n\t\t\t\t<h3 class='padb5 evo_h3'><span class='evcal_evdata_icons'><i class='fa fa-align-justify'><\/i><\/span>Dettagli dell&#039;evento<\/h3>\n\t\t\t\t<div class='eventon_desc_in' itemprop='description'>\n\t\t\t\t<p><strong>Emozionante escursione geologica in quota<\/strong>, alla scoperta dell\u2019atollo del Latemar, perla dell\u2019arcipelago fossile delle Dolomiti Patrimonio UNESCO. Un suggestivo percorso ad anello guidati da un esperto Geologo e Accompagnatore di Media Montagna. Da passo Feudo si sale al rifugio Torre di Pisa per proseguire in quota fino alla forcella dei Camosci, da cui si scende rituffandosi nella profondit\u00e0 del mare tropicale fino al punto di partenza. Pranzo al sacco. Et\u00e0 minima 12 anni.<\/p>\n<p>Il percorso \u00e8 media difficolt\u00e0, con sentieri ben percorribili e brevi tratti leggermente esposti, dislivello 780 metri circa.<\/p>\n<p>Prenotazione obbligatoria entro le ore 18.30 del giorno precedente al numero:\u00a00462 241111<\/p>\n<\/div><p class='eventon_shad_p' style='padding:5px 0 0; margin:0'>\n\t\t\t<span class='evcal_btn evo_btn_secondary evobtn_details_show_more' content='less'>\n\t\t\t\t<span class='ev_more_text' data-txt='Meno'>Pi\u00f9<\/span><span class='ev_more_arrow ard'><\/span>\n\t\t\t<\/span>\n\t\t<\/p><div class='clear'><\/div>\n\t\t\t<\/div>\n\t\t<\/div>\n\t<\/div><\/div><\/div><div class='evocard_row bx2 bx'><div id='event_time' class='evocard_box time' data-c='' \n\t\t\t\t\tstyle=''><div class='evo_metarow_time evorow evcal_evdata_row evcal_evrow_sm '>\n\t\t<span class='evcal_evdata_icons'><i class='fa fa-clock'><\/i><\/span>\n\t\t<div class='evcal_evdata_cell'>\t\t\t\t\t\t\t\n\t\t\t<h3 class='evo_h3'><span class='evcal_evdata_icons'><i class='fa fa-clock'><\/i><\/span>Orario<\/h3><p><span class='evo_eventcard_time_t'>15 luglio 2026 09:30<\/span><span class='evo_tz marr5'>(GMT+02:00)<\/span><\/p>\n\t\t<\/div>\n\t<\/div><\/div><div id='event_location' class='evocard_box location' data-c='' \n\t\t\t\t\tstyle=''><div class='evcal_evdata_row evo_metarow_time_location evorow '>\n\t\t\n\t\t\t<span class='evcal_evdata_icons'><i class='fa fa-map-marker'><\/i><\/span>\n\t\t\t<div class='evcal_evdata_cell' data-loc_tax_id='37'><h3 class='evo_h3 evodfx'><span class='evcal_evdata_icons'><i class='fa fa-map-marker'><\/i><\/span>Luogo<\/h3><p class='evo_location_name'>A monte della seggiovia Gardon\u00e8-Passo Feudo<\/p><div class='padt10'><span class='evo_btn_arr evolb_trigger' data-lbvals=\"{&quot;lbc&quot;:&quot;evo_location_lb_37&quot;,&quot;lbac&quot;:&quot;lb_max&quot;,&quot;t&quot;:&quot;A monte della seggiovia Gardon\\u00e8-Passo Feudo&quot;,&quot;ajax&quot;:&quot;yes&quot;,&quot;ajax_type&quot;:&quot;endpoint&quot;,&quot;ajax_action&quot;:&quot;eventon_get_tax_card_content&quot;,&quot;end&quot;:&quot;client&quot;,&quot;d&quot;:{&quot;lang&quot;:&quot;L1&quot;,&quot;term_id&quot;:37,&quot;tax&quot;:&quot;event_location&quot;,&quot;load_lbcontent&quot;:true},&quot;uid&quot;:&quot;eventon_get_tax_card_content&quot;}\" >Other Events<i class='fa fa-chevron-right'><\/i><\/span><\/div><\/div>\n\t\t\n\t<\/div><\/div><\/div><div class='evocard_row bx2 bx'><div id='event_learnmore' class='evocard_box learnmore' data-c='' \n\t\t\t\t\tstyle=''><div class='evo_metarow_learnM evo_metarow_learnmore evorow'>\n\t\t\t\t\t\t\t<a class='evcal_evdata_row evo_clik_row ' href='https:\/\/www.latemar.it\/estate\/geotrekking\/' target=\"_blank\">\n\t\t\t\t\t\t\t\t<span class='evcal_evdata_icons'><i class='fa fa-link'><\/i><\/span>\n\t\t\t\t\t\t\t\t<h3 class='evo_h3'>Scopri di pi\u00f9<\/h3>\n\t\t\t\t\t\t\t<\/a>\n\t\t\t\t\t\t\t<\/div><\/div><div id='event_addtocal' class='evocard_box addtocal' data-c='' \n\t\t\t\t\tstyle=''><div class='evo_metarow_ICS evorow evcal_evdata_row'>\n\t\t\t<span class='evcal_evdata_icons'><i class='fa fa-calendar-o'><\/i><\/span>\n\t\t\t<div class='evcal_evdata_cell'>\n\t\t\t\t<p><a href='https:\/\/latemarium.com\/it\/export-events\/2181_2\/?nonce=a3263097f9' class='evo_ics_nCal' title='Aggiungi al tuo calendario'>Calendario<\/a><a href='https:\/\/www.google.com\/calendar\/event?action=TEMPLATE&text=GEOTREKKING+TORRE+DI+PISA&dates=20260715T073000Z%2F20260715T215900Z&ctz=Europe%2FRome&details=GEOTREKKING TORRE DI PISA&location=A+monte+della+seggiovia+Gardon%C3%A8-Passo+Feudo' target='_blank' class='evo_ics_gCal' title='Aggiungi al calendario di Google'>GoogleCal<\/a><\/p>\t\n\t\t\t<\/div>\n\t\t<\/div><\/div><\/div><div class='evocard_row'><div id='event_getdirection' class='evocard_box getdirection' data-c='' \n\t\t\t\t\tstyle=''><div class='evo_metarow_getDr evorow evcal_evdata_row evcal_evrow_sm getdirections'>\n\t\t<form action='https:\/\/maps.google.com\/maps' method='get' target='_blank'>\n\t\t\t<input type='hidden' name='daddr' value=\"46.32878794406342,11.600176728690842\"\/> \n\t\t\t<div class='evo_get_direction_content evo_fx_dr_r evogap10'>\n\t\t\t\t<span class='evogetdir_header evodfx evofx_dr_r evofx_ai_c marr10'>\n\t\t\t\t\t<i class='mainicon fa fa-road'><\/i> \n\t\t\t\t\t<h3 class='evo_h3' style='padding-bottom:5px;'>Ottieni indicazioni stradali<\/h3>\n\t\t\t\t<\/span>\n\t\t\t\t<span class='evogetdir_field evodfx evofx_1_1 evo_fx_dr_c evow100p'>\t\t\t\t\t\n\t\t\t\t\t<input class='evoInput evotac' type='text' name='saddr' placeholder='Digitare l&#039;indirizzo per ottenere le indicazioni stradali' value='' style='margin:10px 0;'\/>\n\t\t\t\t<\/span>\n\t\t\t\t<button type='submit' class='evo_get_direction_button evo_btn_arr_circ dfx fx_ai_c' title='Fare clic qui per ottenere indicazioni'><i class='fa fa-chevron-right'><\/i> <\/button>\n\t\t\t<\/div>\n\t\t<\/form>\n\t<\/div><\/div><\/div><div class='evo_card_row_end evcal_close' title='Testo del pulsante Chiudi evento'><\/div><\/div><div class='clear end'><\/div><\/div><div id=\"event_2169_1\" class=\"eventon_list_event evo_eventtop scheduled  event clrW no_et event_2169_1\" data-event_id=\"2169\" data-ri=\"1r\" data-time=\"1784104200-1784152740\" data-colr=\"#a69dcd\" itemscope itemtype='http:\/\/schema.org\/Event'><div class=\"evo_event_schema\" style=\"display:none\" ><a itemprop='url'  href='https:\/\/latemarium.com\/it\/events\/gea-alla-conquista-della-cima\/var\/ri-1.l-L1'><\/a><meta itemprop='image' content=\"https:\/\/latemarium.com\/wp-content\/uploads\/2023\/06\/geotrail-1200x800-alice-russolo-rocce-barca-2.jpg\" \/><meta itemprop='startDate' content=\"2026-7-15T10:30+0:00\" \/><meta itemprop='endDate' content=\"2026-7-15T23:59+0:00\" \/><meta itemprop='eventStatus' content=\"https:\/\/schema.org\/EventScheduled\" \/><meta itemprop='eventAttendanceMode'   itemscope itemtype=\"https:\/\/schema.org\/OfflineEventAttendanceMode\"\/><script type=\"application\/ld+json\">{\"@context\": \"http:\/\/schema.org\",\"@type\": \"Event\",\n\t\t\t\t\"@id\": \"event_2169_1\",\n\t\t\t\t\"eventAttendanceMode\":\"https:\/\/schema.org\/OfflineEventAttendanceMode\",\n\t\t\t\t\"eventStatus\":\"https:\/\/schema.org\/EventScheduled\",\n\t\t\t\t\"name\": \"Gea alla conquista della cima\",\n\t\t\t\t\"url\": \"https:\/\/latemarium.com\/it\/events\/gea-alla-conquista-della-cima\/var\/ri-1.l-L1\",\n\t\t\t\t\"startDate\": \"2026-7-15T10:30+0:00\",\n\t\t\t\t\"endDate\": \"2026-7-15T23:59+0:00\",\n\t\t\t\t\"image\":\"https:\/\/latemarium.com\/wp-content\/uploads\/2023\/06\/geotrail-1200x800-alice-russolo-rocce-barca-2.jpg\", \n\t\t\t\t\"description\":\"<p>La nostra Gea, libera e entusiasta compie una nuova impresa con due esperti accompagnatori e insieme conquisteranno la cima!<\/p> <p>mercoled\u00ec: dall&#8217;8 luglio al 19 agosto 2026<br \/> a monte della seggiovia Gardon\u00e8-Passo Feudo<br \/> ore 10.30<br \/> adatto a famiglie e bambini dai 5 anni in su\u00a0(durata 1h30\u2019)<\/p> \"}<\/script><\/div>\r\n\t\t\t\t<p class=\"desc_trig_outter\" style=\"\"><a data-gmap_status=\"null\" data-exlk=\"0\" style=\"background-color: #a69dcd;\" id=\"evc_17841042002169\" class=\"hasFtIMG event_repeat desc_trig sin_val evcal_list_a\" data-ux_val=\"3\" data-ux_val_mob=\"-\"  ><span class='evoet_c1 evoet_cx '><span class='ev_ftImg' data-img='https:\/\/latemarium.com\/wp-content\/uploads\/2023\/06\/geotrail-1200x800-alice-russolo-rocce-barca-2.jpg' data-thumb='https:\/\/latemarium.com\/wp-content\/uploads\/2023\/06\/geotrail-1200x800-alice-russolo-rocce-barca-2-300x200.jpg' style='background-image:url(\"https:\/\/latemarium.com\/wp-content\/uploads\/2023\/06\/geotrail-1200x800-alice-russolo-rocce-barca-2-300x200.jpg\")' ><\/span><\/span><span class='evoet_c2 evoet_cx '><span class='evoet_dayblock evcal_cblock ' data-bgcolor='#a69dcd' data-smon='luglio' data-syr='2026' data-bub=''><span class='evo_start '><em class='date'>15<\/em><em class='month'>lug<\/em><em class='time'>10:30<\/em><\/span><\/span><\/span><span class='evoet_c3 evoet_cx evcal_desc hide_eventtopdata '><span class='evoet_title evcal_desc2 evcal_event_title ' itemprop='name'>Gea alla conquista della cima<\/span><span class='event_location_attrs' data-location_type=\"lonlat\" data-location_name=\"A monte della seggiovia Gardon\u00e8-Passo Feudo\" data-location_url=\"https:\/\/latemarium.com\/it\/event-location\/a-monte-della-seggiovia-gardone-passo-feudo\/\" data-location_status=\"true\" data-latlng=\"46.32878794406342,11.600176728690842\"><\/span><span class='evoet_subtitle evo_below_title' ><span class='evcal_event_subtitle ' >Spettacolo itinerante sul Geotrail Dos Cap\u00e8l<\/span><\/span><span class='evoet_time_expand level_3'><em class='evcal_time evo_tz_time'><i class='fa fa-clock-o'><\/i>10:30<span class='evo_tz marl5'>(GMT+02:00)<\/span><\/em> <\/span><span class='evoet_location level_3'><em class=\"evcal_location\"  data-latlng=\"46.32878794406342,11.600176728690842\" data-add_str=\"\" data-n=\"A monte della seggiovia Gardon\u00e8-Passo Feudo\"><i class=\"fa fa-location-pin\"><\/i><em class=\"event_location_name\">A monte della seggiovia Gardon\u00e8-Passo Feudo<\/em><\/em><\/span><\/span><span class='evoet_data' data-d=\"{&quot;loc.n&quot;:&quot;A monte della seggiovia Gardon\\u00e8-Passo Feudo&quot;,&quot;orgs&quot;:[],&quot;tags&quot;:{&quot;repeating&quot;:&quot;Repeating Event&quot;}}\" data-bgc=\"#a69dcd\" data-bggrad=\"\" ><\/span><\/a><\/p><div class='event_description evcal_eventcard ' style=\"display:none\"><div class='evocard_row'><div id='event_ftimage' class='evocard_box ftimage' data-c='' \n\t\t\t\t\tstyle=''><div class='evocard_main_image_hold' data-t='Loading Image..'><div class='evocard_main_image evo_img_triglb evobr15 evobgsc evobgpc evodfx evofx_jc_c evofx_ai_c evofz48 minmized' style='height:300px; background-image:url();' data-f=\"https:\/\/latemarium.com\/wp-content\/uploads\/2023\/06\/geotrail-1200x800-alice-russolo-rocce-barca-2.jpg\" data-h=\"800\" data-w=\"1200\" data-ratio=\"0.66666666666667\" data-event_id=\"2169\" data-ri=\"1\"  data-t='Loading Image..'><span style='height:300px; background-image:url(https:\/\/latemarium.com\/wp-content\/uploads\/2023\/06\/geotrail-1200x800-alice-russolo-rocce-barca-2.jpg)'><\/span><\/div><\/div><\/div><\/div><div class='evocard_row'><div id='event_eventdetails' class='evocard_box eventdetails' data-c='' \n\t\t\t\t\tstyle=''><div class='evo_metarow_details evorow evcal_evdata_row evcal_event_details'>\n\t\t<div class=\"event_excerpt\" style=\"display:none\"><h3 class=\"padb5 evo_h3\">Dettagli dell&#039;evento<\/h3><p>La nostra Gea, libera e entusiasta compie una nuova impresa con due esperti accompagnatori e insieme conquisteranno la cima!\nmercoled\u00ec: dall&#8217;8 luglio al 19 agosto 2026\na monte della seggiovia Gardon\u00e8-Passo<\/p><\/div><span class='evcal_evdata_icons'><i class='fa fa-align-justify'><\/i><\/span>\n\t\t\n\t\t<div class='evcal_evdata_cell '>\n\t\t\t<div class='eventon_full_description'>\n\t\t\t\t<h3 class='padb5 evo_h3'><span class='evcal_evdata_icons'><i class='fa fa-align-justify'><\/i><\/span>Dettagli dell&#039;evento<\/h3>\n\t\t\t\t<div class='eventon_desc_in' itemprop='description'>\n\t\t\t\t<p>La nostra Gea, libera e entusiasta compie una nuova impresa con due esperti accompagnatori e insieme conquisteranno la cima!<\/p>\n<p>mercoled\u00ec: dall&#8217;8 luglio al 19 agosto 2026<br \/>\na monte della seggiovia Gardon\u00e8-Passo Feudo<br \/>\nore 10.30<br \/>\nadatto a famiglie e bambini dai 5 anni in su\u00a0(durata 1h30\u2019)<\/p>\n<\/div><div class='clear'><\/div>\n\t\t\t<\/div>\n\t\t<\/div>\n\t<\/div><\/div><\/div><div class='evocard_row bx2 bx'><div id='event_time' class='evocard_box time' data-c='' \n\t\t\t\t\tstyle=''><div class='evo_metarow_time evorow evcal_evdata_row evcal_evrow_sm '>\n\t\t<span class='evcal_evdata_icons'><i class='fa fa-clock'><\/i><\/span>\n\t\t<div class='evcal_evdata_cell'>\t\t\t\t\t\t\t\n\t\t\t<h3 class='evo_h3'><span class='evcal_evdata_icons'><i class='fa fa-clock'><\/i><\/span>Orario<\/h3><p><span class='evo_eventcard_time_t'>15 luglio 2026 10:30<\/span><span class='evo_tz marr5'>(GMT+02:00)<\/span><\/p>\n\t\t<\/div>\n\t<\/div><\/div><div id='event_location' class='evocard_box location' data-c='' \n\t\t\t\t\tstyle=''><div class='evcal_evdata_row evo_metarow_time_location evorow '>\n\t\t\n\t\t\t<span class='evcal_evdata_icons'><i class='fa fa-map-marker'><\/i><\/span>\n\t\t\t<div class='evcal_evdata_cell' data-loc_tax_id='37'><h3 class='evo_h3 evodfx'><span class='evcal_evdata_icons'><i class='fa fa-map-marker'><\/i><\/span>Luogo<\/h3><p class='evo_location_name'>A monte della seggiovia Gardon\u00e8-Passo Feudo<\/p><div class='padt10'><span class='evo_btn_arr evolb_trigger' data-lbvals=\"{&quot;lbc&quot;:&quot;evo_location_lb_37&quot;,&quot;lbac&quot;:&quot;lb_max&quot;,&quot;t&quot;:&quot;A monte della seggiovia Gardon\\u00e8-Passo Feudo&quot;,&quot;ajax&quot;:&quot;yes&quot;,&quot;ajax_type&quot;:&quot;endpoint&quot;,&quot;ajax_action&quot;:&quot;eventon_get_tax_card_content&quot;,&quot;end&quot;:&quot;client&quot;,&quot;d&quot;:{&quot;lang&quot;:&quot;L1&quot;,&quot;term_id&quot;:37,&quot;tax&quot;:&quot;event_location&quot;,&quot;load_lbcontent&quot;:true},&quot;uid&quot;:&quot;eventon_get_tax_card_content&quot;}\" >Other Events<i class='fa fa-chevron-right'><\/i><\/span><\/div><\/div>\n\t\t\n\t<\/div><\/div><\/div><div class='evocard_row bx2 bx'><div id='event_learnmore' class='evocard_box learnmore' data-c='' \n\t\t\t\t\tstyle=''><div class='evo_metarow_learnM evo_metarow_learnmore evorow'>\n\t\t\t\t\t\t\t<a class='evcal_evdata_row evo_clik_row ' href='https:\/\/www.montagnanimata.it\/spettacoli\/' target=\"_blank\">\n\t\t\t\t\t\t\t\t<span class='evcal_evdata_icons'><i class='fa fa-link'><\/i><\/span>\n\t\t\t\t\t\t\t\t<h3 class='evo_h3'>Scopri di pi\u00f9<\/h3>\n\t\t\t\t\t\t\t<\/a>\n\t\t\t\t\t\t\t<\/div><\/div><div id='event_addtocal' class='evocard_box addtocal' data-c='' \n\t\t\t\t\tstyle=''><div class='evo_metarow_ICS evorow evcal_evdata_row'>\n\t\t\t<span class='evcal_evdata_icons'><i class='fa fa-calendar-o'><\/i><\/span>\n\t\t\t<div class='evcal_evdata_cell'>\n\t\t\t\t<p><a href='https:\/\/latemarium.com\/it\/export-events\/2169_1\/?nonce=a3263097f9' class='evo_ics_nCal' title='Aggiungi al tuo calendario'>Calendario<\/a><a href='https:\/\/www.google.com\/calendar\/event?action=TEMPLATE&text=Gea+alla+conquista+della+cima&dates=20260715T083000Z%2F20260715T215900Z&ctz=Europe%2FRome&details=Gea alla conquista della cima&location=A+monte+della+seggiovia+Gardon%C3%A8-Passo+Feudo' target='_blank' class='evo_ics_gCal' title='Aggiungi al calendario di Google'>GoogleCal<\/a><\/p>\t\n\t\t\t<\/div>\n\t\t<\/div><\/div><\/div><div class='evocard_row'><div id='event_getdirection' class='evocard_box getdirection' data-c='' \n\t\t\t\t\tstyle=''><div class='evo_metarow_getDr evorow evcal_evdata_row evcal_evrow_sm getdirections'>\n\t\t<form action='https:\/\/maps.google.com\/maps' method='get' target='_blank'>\n\t\t\t<input type='hidden' name='daddr' value=\"46.32878794406342,11.600176728690842\"\/> \n\t\t\t<div class='evo_get_direction_content evo_fx_dr_r evogap10'>\n\t\t\t\t<span class='evogetdir_header evodfx evofx_dr_r evofx_ai_c marr10'>\n\t\t\t\t\t<i class='mainicon fa fa-road'><\/i> \n\t\t\t\t\t<h3 class='evo_h3' style='padding-bottom:5px;'>Ottieni indicazioni stradali<\/h3>\n\t\t\t\t<\/span>\n\t\t\t\t<span class='evogetdir_field evodfx evofx_1_1 evo_fx_dr_c evow100p'>\t\t\t\t\t\n\t\t\t\t\t<input class='evoInput evotac' type='text' name='saddr' placeholder='Digitare l&#039;indirizzo per ottenere le indicazioni stradali' value='' style='margin:10px 0;'\/>\n\t\t\t\t<\/span>\n\t\t\t\t<button type='submit' class='evo_get_direction_button evo_btn_arr_circ dfx fx_ai_c' title='Fare clic qui per ottenere indicazioni'><i class='fa fa-chevron-right'><\/i> <\/button>\n\t\t\t<\/div>\n\t\t<\/form>\n\t<\/div><\/div><\/div><div class='evo_card_row_end evcal_close' title='Testo del pulsante Chiudi evento'><\/div><\/div><div class='clear end'><\/div><\/div><div id=\"event_2933_3\" class=\"eventon_list_event evo_eventtop scheduled  event clrD event_2933_3\" data-event_id=\"2933\" data-ri=\"3r\" data-time=\"1784116800-1784125800\" data-colr=\"#38823b\" itemscope itemtype='http:\/\/schema.org\/Event'><div class=\"evo_event_schema\" style=\"display:none\" ><a itemprop='url'  href='https:\/\/latemarium.com\/it\/events\/in-cammino-con-i-pony\/var\/ri-3.l-L1'><\/a><meta itemprop='image' content=\"https:\/\/latemarium.com\/wp-content\/uploads\/2026\/04\/pony.jpg\" \/><meta itemprop='startDate' content=\"2026-7-15T14:00+0:00\" \/><meta itemprop='endDate' content=\"2026-7-15T16:30+0:00\" \/><meta itemprop='eventStatus' content=\"https:\/\/schema.org\/EventScheduled\" \/><meta itemprop='eventAttendanceMode'   itemscope itemtype=\"https:\/\/schema.org\/OfflineEventAttendanceMode\"\/><div style=\"display:none\" itemprop=\"location\" itemscope itemtype=\"http:\/\/schema.org\/Place\"><span itemprop=\"name\">Pampeago<\/span><span itemprop=\"address\" itemscope itemtype=\"http:\/\/schema.org\/PostalAddress\"><item itemprop=\"streetAddress\">Localit\u00e0 Pampeago, 8, 38038 Tesero TN<\/item><\/span><\/div><script type=\"application\/ld+json\">{\"@context\": \"http:\/\/schema.org\",\"@type\": \"Event\",\n\t\t\t\t\"@id\": \"event_2933_3\",\n\t\t\t\t\"eventAttendanceMode\":\"https:\/\/schema.org\/OfflineEventAttendanceMode\",\n\t\t\t\t\"eventStatus\":\"https:\/\/schema.org\/EventScheduled\",\n\t\t\t\t\"name\": \"In cammino con i pony\",\n\t\t\t\t\"url\": \"https:\/\/latemarium.com\/it\/events\/in-cammino-con-i-pony\/var\/ri-3.l-L1\",\n\t\t\t\t\"startDate\": \"2026-7-15T14:00+0:00\",\n\t\t\t\t\"endDate\": \"2026-7-15T16:30+0:00\",\n\t\t\t\t\"image\":\"https:\/\/latemarium.com\/wp-content\/uploads\/2026\/04\/pony.jpg\", \n\t\t\t\t\"description\":\"<p>Una piacevole passeggiata alla scoperta dei paesaggi di Pampeago, accompagnati da simpatici pony che guideranno bambini e famiglie lungo il percorso in totale sicurezza.<\/p> <p>Un\u2019esperienza rilassante e divertente, perfetta per vivere la montagna a ritmo lento e creare un contatto speciale con questi dolci animali.<\/p> <p><strong>INFO UTILI:<\/strong><br \/> Quando &#8211; Tutti i mercoled\u00ec dal 24\/06 al 09\/09<br \/> Orario &#8211; dalle 14.00 alle 16.30 (in base alle disponibilit\u00e0)<br \/> Ritrovo &#8211;\u00a0 parcheggio seggiovia Tresca (accesso consentito SOLO a chi prenota l\u2019attivit\u00e0)<\/p> <p>Attivit\u00e0 adatta a famiglie e bambini<\/p> <p>Prenotazione obbligatoria, clicca <a href='https:\/\/www.visitfiemme.it\/it\/eventi\/fiemme-cembra-guest-card\/esperienze\/esperienze-in-estate' target='_blank' rel='noopener'>QUI<\/a> per prenotare<\/p> \",\"location\":[{\"@type\":\"Place\",\"name\":\"Pampeago\",\"address\":{\"@type\": \"PostalAddress\",\"streetAddress\":\"Localit\u00e0 Pampeago, 8, 38038 Tesero TN\"}}]}<\/script><\/div>\r\n\t\t\t\t<p class=\"desc_trig_outter\" style=\"\"><a data-gmap_status=\"null\" data-exlk=\"0\" style=\"background-color: #38823b;\" id=\"evc_17841168002933\" class=\"hasFtIMG event_repeat desc_trig sin_val evcal_list_a\" data-ux_val=\"3\" data-ux_val_mob=\"-\"  ><span class='evoet_c1 evoet_cx '><span class='ev_ftImg' data-img='https:\/\/latemarium.com\/wp-content\/uploads\/2026\/04\/pony.jpg' data-thumb='https:\/\/latemarium.com\/wp-content\/uploads\/2026\/04\/pony-300x110.jpg' style='background-image:url(\"https:\/\/latemarium.com\/wp-content\/uploads\/2026\/04\/pony-300x110.jpg\")' ><\/span><\/span><span class='evoet_c2 evoet_cx '><span class='evoet_dayblock evcal_cblock ' data-bgcolor='#38823b' data-smon='luglio' data-syr='2026' data-bub=''><span class='evo_start '><em class='date'>15<\/em><em class='month'>lug<\/em><em class='time'>14:00<\/em><\/span><span class='evo_end only_time'><em class='time'>16:30<\/em><\/span><\/span><\/span><span class='evoet_c3 evoet_cx evcal_desc hide_eventtopdata '><span class='evoet_title evcal_desc2 evcal_event_title ' itemprop='name'>In cammino con i pony<\/span><span class='event_location_attrs'  data-location_address=\"Localit\u00e0 Pampeago, 8, 38038 Tesero TN\" data-location_type=\"lonlat\" data-location_name=\"Pampeago\" data-location_url=\"https:\/\/latemarium.com\/it\/event-location\/pampeago\/\" data-location_status=\"true\" data-latlng=\"46.34343697644898,11.540997527961546\"><\/span><span class='evoet_subtitle evo_below_title' ><span class='evcal_event_subtitle ' >passeggiata per famiglie<\/span><\/span><span class='evoet_time_expand level_3'><em class='evcal_time evo_tz_time'><i class='fa fa-clock-o'><\/i>14:00 - 16:30<span class='evo_tz marl5'>(GMT+02:00)<\/span><\/em> <\/span><span class='evoet_location level_3'><em class=\"evcal_location\"  data-latlng=\"46.34343697644898,11.540997527961546\" data-add_str=\"Localit\u00e0 Pampeago, 8, 38038 Tesero TN\" data-n=\"Pampeago\"><i class=\"fa fa-location-pin\"><\/i><em class=\"event_location_name\">Pampeago<\/em>, Localit\u00e0 Pampeago, 8, 38038 Tesero TN<\/em><\/span><\/span><span class='evoet_data' data-d=\"{&quot;loc.n&quot;:&quot;Pampeago&quot;,&quot;orgs&quot;:[],&quot;tags&quot;:{&quot;repeating&quot;:&quot;Repeating Event&quot;}}\" data-bgc=\"#38823b\" data-bggrad=\"\" ><\/span><\/a><\/p><div class='event_description evcal_eventcard ' style=\"display:none\"><div class='evocard_row'><div id='event_ftimage' class='evocard_box ftimage' data-c='' \n\t\t\t\t\tstyle=''><div class='evocard_main_image_hold' data-t='Loading Image..'><div class='evocard_main_image evo_img_triglb evobr15 evobgsc evobgpc evodfx evofx_jc_c evofx_ai_c evofz48 minmized' style='height:300px; background-image:url();' data-f=\"https:\/\/latemarium.com\/wp-content\/uploads\/2026\/04\/pony.jpg\" data-h=\"368\" data-w=\"1000\" data-ratio=\"0.368\" data-event_id=\"2933\" data-ri=\"3\"  data-t='Loading Image..'><span style='height:300px; background-image:url(https:\/\/latemarium.com\/wp-content\/uploads\/2026\/04\/pony.jpg)'><\/span><\/div><\/div><\/div><\/div><div class='evocard_row'><div id='event_eventdetails' class='evocard_box eventdetails' data-c='' \n\t\t\t\t\tstyle=''><div class='evo_metarow_details evorow evcal_evdata_row evcal_event_details'>\n\t\t<div class=\"event_excerpt\" style=\"display:none\"><h3 class=\"padb5 evo_h3\">Dettagli dell&#039;evento<\/h3><p>Una piacevole passeggiata alla scoperta dei paesaggi di Pampeago, accompagnati da simpatici pony che guideranno bambini e famiglie lungo il percorso in totale sicurezza.\nUn\u2019esperienza rilassante e divertente, perfetta per vivere<\/p><\/div><span class='evcal_evdata_icons'><i class='fa fa-align-justify'><\/i><\/span>\n\t\t\n\t\t<div class='evcal_evdata_cell shorter_desc'>\n\t\t\t<div class='eventon_full_description'>\n\t\t\t\t<h3 class='padb5 evo_h3'><span class='evcal_evdata_icons'><i class='fa fa-align-justify'><\/i><\/span>Dettagli dell&#039;evento<\/h3>\n\t\t\t\t<div class='eventon_desc_in' itemprop='description'>\n\t\t\t\t<p>Una piacevole passeggiata alla scoperta dei paesaggi di Pampeago, accompagnati da simpatici pony che guideranno bambini e famiglie lungo il percorso in totale sicurezza.<\/p>\n<p>Un\u2019esperienza rilassante e divertente, perfetta per vivere la montagna a ritmo lento e creare un contatto speciale con questi dolci animali.<\/p>\n<p><strong>INFO UTILI:<\/strong><br \/>\nQuando &#8211; Tutti i mercoled\u00ec dal 24\/06 al 09\/09<br \/>\nOrario &#8211; dalle 14.00 alle 16.30 (in base alle disponibilit\u00e0)<br \/>\nRitrovo &#8211;\u00a0 parcheggio seggiovia Tresca (accesso consentito SOLO a chi prenota l\u2019attivit\u00e0)<\/p>\n<p>Attivit\u00e0 adatta a famiglie e bambini<\/p>\n<p>Prenotazione obbligatoria, clicca <a href=\"https:\/\/www.visitfiemme.it\/it\/eventi\/fiemme-cembra-guest-card\/esperienze\/esperienze-in-estate\" target=\"_blank\" rel=\"noopener\">QUI<\/a> per prenotare<\/p>\n<\/div><p class='eventon_shad_p' style='padding:5px 0 0; margin:0'>\n\t\t\t<span class='evcal_btn evo_btn_secondary evobtn_details_show_more' content='less'>\n\t\t\t\t<span class='ev_more_text' data-txt='Meno'>Pi\u00f9<\/span><span class='ev_more_arrow ard'><\/span>\n\t\t\t<\/span>\n\t\t<\/p><div class='clear'><\/div>\n\t\t\t<\/div>\n\t\t<\/div>\n\t<\/div><\/div><\/div><div class='evocard_row bx2 bx'><div id='event_time' class='evocard_box time' data-c='' \n\t\t\t\t\tstyle=''><div class='evo_metarow_time evorow evcal_evdata_row evcal_evrow_sm '>\n\t\t<span class='evcal_evdata_icons'><i class='fa fa-clock'><\/i><\/span>\n\t\t<div class='evcal_evdata_cell'>\t\t\t\t\t\t\t\n\t\t\t<h3 class='evo_h3'><span class='evcal_evdata_icons'><i class='fa fa-clock'><\/i><\/span>Orario<\/h3><p><span class='evo_eventcard_time_t'>15 luglio 2026 14:00 - 16:30<\/span><span class='evo_tz marr5'>(GMT+02:00)<\/span><\/p>\n\t\t<\/div>\n\t<\/div><\/div><div id='event_location' class='evocard_box location' data-c='' \n\t\t\t\t\tstyle=''><div class='evcal_evdata_row evo_metarow_time_location evorow '>\n\t\t\n\t\t\t<span class='evcal_evdata_icons'><i class='fa fa-map-marker'><\/i><\/span>\n\t\t\t<div class='evcal_evdata_cell' data-loc_tax_id='30'><h3 class='evo_h3 evodfx'><span class='evcal_evdata_icons'><i class='fa fa-map-marker'><\/i><\/span>Luogo<\/h3><p class='evo_location_name'>Pampeago<\/p><p class='evo_location_address evodfxi evogap10'>Localit\u00e0 Pampeago, 8, 38038 Tesero TN<\/p><div class='padt10'><span class='evo_btn_arr evolb_trigger' data-lbvals=\"{&quot;lbc&quot;:&quot;evo_location_lb_30&quot;,&quot;lbac&quot;:&quot;lb_max&quot;,&quot;t&quot;:&quot;Pampeago&quot;,&quot;ajax&quot;:&quot;yes&quot;,&quot;ajax_type&quot;:&quot;endpoint&quot;,&quot;ajax_action&quot;:&quot;eventon_get_tax_card_content&quot;,&quot;end&quot;:&quot;client&quot;,&quot;d&quot;:{&quot;lang&quot;:&quot;L1&quot;,&quot;term_id&quot;:30,&quot;tax&quot;:&quot;event_location&quot;,&quot;load_lbcontent&quot;:true},&quot;uid&quot;:&quot;eventon_get_tax_card_content&quot;}\" >Other Events<i class='fa fa-chevron-right'><\/i><\/span><\/div><\/div>\n\t\t\n\t<\/div><\/div><\/div><div class='evocard_row'><div id='event_addtocal' class='evocard_box addtocal' data-c='' \n\t\t\t\t\tstyle=''><div class='evo_metarow_ICS evorow evcal_evdata_row'>\n\t\t\t<span class='evcal_evdata_icons'><i class='fa fa-calendar-o'><\/i><\/span>\n\t\t\t<div class='evcal_evdata_cell'>\n\t\t\t\t<p><a href='https:\/\/latemarium.com\/it\/export-events\/2933_3\/?nonce=a3263097f9' class='evo_ics_nCal' title='Aggiungi al tuo calendario'>Calendario<\/a><a href='https:\/\/www.google.com\/calendar\/event?action=TEMPLATE&text=In+cammino+con+i+pony&dates=20260715T120000Z%2F20260715T143000Z&ctz=Europe%2FRome&details=In cammino con i pony&location=Pampeago+Localit%C3%A0+Pampeago%2C+8%2C+38038+Tesero+TN' target='_blank' class='evo_ics_gCal' title='Aggiungi al calendario di Google'>GoogleCal<\/a><\/p>\t\n\t\t\t<\/div>\n\t\t<\/div><\/div><\/div><div class='evocard_row'><div id='event_getdirection' class='evocard_box getdirection' data-c='' \n\t\t\t\t\tstyle=''><div class='evo_metarow_getDr evorow evcal_evdata_row evcal_evrow_sm getdirections'>\n\t\t<form action='https:\/\/maps.google.com\/maps' method='get' target='_blank'>\n\t\t\t<input type='hidden' name='daddr' value=\"46.34343697644898,11.540997527961546\"\/> \n\t\t\t<div class='evo_get_direction_content evo_fx_dr_r evogap10'>\n\t\t\t\t<span class='evogetdir_header evodfx evofx_dr_r evofx_ai_c marr10'>\n\t\t\t\t\t<i class='mainicon fa fa-road'><\/i> \n\t\t\t\t\t<h3 class='evo_h3' style='padding-bottom:5px;'>Ottieni indicazioni stradali<\/h3>\n\t\t\t\t<\/span>\n\t\t\t\t<span class='evogetdir_field evodfx evofx_1_1 evo_fx_dr_c evow100p'>\t\t\t\t\t\n\t\t\t\t\t<input class='evoInput evotac' type='text' name='saddr' placeholder='Digitare l&#039;indirizzo per ottenere le indicazioni stradali' value='' style='margin:10px 0;'\/>\n\t\t\t\t<\/span>\n\t\t\t\t<button type='submit' class='evo_get_direction_button evo_btn_arr_circ dfx fx_ai_c' title='Fare clic qui per ottenere indicazioni'><i class='fa fa-chevron-right'><\/i> <\/button>\n\t\t\t<\/div>\n\t\t<\/form>\n\t<\/div><\/div><\/div><div class='evo_card_row_end evcal_close' title='Testo del pulsante Chiudi evento'><\/div><\/div><div class='clear end'><\/div><\/div><div id=\"event_2840_2\" class=\"eventon_list_event evo_eventtop scheduled  event clrD no_et event_2840_2\" data-event_id=\"2840\" data-ri=\"2r\" data-time=\"1784185200-1784239140\" data-colr=\"#38823b\" itemscope itemtype='http:\/\/schema.org\/Event'><div class=\"evo_event_schema\" style=\"display:none\" ><a itemprop='url'  href='https:\/\/latemarium.com\/it\/events\/escursione-in-montagna-al-rifugio-torre-di-pisa\/var\/ri-2.l-L1'><\/a><meta itemprop='image' content=\"https:\/\/latemarium.com\/wp-content\/uploads\/2025\/05\/escursione-torre-di-pisa-obereggen.jpg\" \/><meta itemprop='startDate' content=\"2026-7-16T09:00+0:00\" \/><meta itemprop='endDate' content=\"2026-7-16T23:59+0:00\" \/><meta itemprop='eventStatus' content=\"https:\/\/schema.org\/EventScheduled\" \/><meta itemprop='eventAttendanceMode'   itemscope itemtype=\"https:\/\/schema.org\/OfflineEventAttendanceMode\"\/><div style=\"display:none\" itemprop=\"location\" itemscope itemtype=\"http:\/\/schema.org\/Place\"><span itemprop=\"name\">Stazione a valle Obereggen<\/span><span itemprop=\"address\" itemscope itemtype=\"http:\/\/schema.org\/PostalAddress\"><item itemprop=\"streetAddress\">Via Obereggen, 16, 39050 Nova Ponente BZ<\/item><\/span><\/div><script type=\"application\/ld+json\">{\"@context\": \"http:\/\/schema.org\",\"@type\": \"Event\",\n\t\t\t\t\"@id\": \"event_2840_2\",\n\t\t\t\t\"eventAttendanceMode\":\"https:\/\/schema.org\/OfflineEventAttendanceMode\",\n\t\t\t\t\"eventStatus\":\"https:\/\/schema.org\/EventScheduled\",\n\t\t\t\t\"name\": \"Escursione in montagna al rifugio Torre di Pisa\",\n\t\t\t\t\"url\": \"https:\/\/latemarium.com\/it\/events\/escursione-in-montagna-al-rifugio-torre-di-pisa\/var\/ri-2.l-L1\",\n\t\t\t\t\"startDate\": \"2026-7-16T09:00+0:00\",\n\t\t\t\t\"endDate\": \"2026-7-16T23:59+0:00\",\n\t\t\t\t\"image\":\"https:\/\/latemarium.com\/wp-content\/uploads\/2025\/05\/escursione-torre-di-pisa-obereggen.jpg\", \n\t\t\t\t\"description\":\"<p>Escursione di media difficolt\u00e0 ma impegnativa ad alte altitudini attraverso le rocce delle fantastiche Torri del Latemar.<\/p> <p>Itinerario: Salita con la seggiovia Oberholz (1550-2100 m) \u2013 sentiero n. 18 &#8211; Forcella dei Camosci (2560 m) \u2013 sentiero n. 516 \u2013 rifugio Torre di Pisa (2671 m). Sosta. Discesa sul sentiero n. 516 e n. 22 \u2013 stazione a monte della seggiovia Oberholz \u2013 discesa.<\/p> <p>Partenza: ore 09.00 a Obereggen<br \/> Ritorno: ore 16.00<br \/> Durata: 7 h | Tempo di cammino: 6 h<br \/> Dislivello: 750 m<br \/> Difficolt\u00e0: difficile<br \/> Requisiti necessari: sicurezza nel muoversi in ambiente montano, nessun problema di vertigini | con ristoro<br \/> Seggiovia: 21,50 \u20ac\/adulto, 17,50 \u20ac\/junior fino a 16<\/p> \",\"location\":[{\"@type\":\"Place\",\"name\":\"Stazione a valle Obereggen\",\"address\":{\"@type\": \"PostalAddress\",\"streetAddress\":\"Via Obereggen, 16, 39050 Nova Ponente BZ\"}}]}<\/script><\/div>\r\n\t\t\t\t<p class=\"desc_trig_outter\" style=\"\"><a data-gmtrig=\"1\" data-exlk=\"0\" style=\"background-color: #38823b;\" id=\"evc_17841852002840\" class=\"hasFtIMG event_repeat desc_trig sin_val evcal_list_a\" data-ux_val=\"3\" data-ux_val_mob=\"-\"  ><span class='evoet_c1 evoet_cx '><span class='ev_ftImg' data-img='https:\/\/latemarium.com\/wp-content\/uploads\/2025\/05\/escursione-torre-di-pisa-obereggen.jpg' data-thumb='https:\/\/latemarium.com\/wp-content\/uploads\/2025\/05\/escursione-torre-di-pisa-obereggen-300x182.jpg' style='background-image:url(\"https:\/\/latemarium.com\/wp-content\/uploads\/2025\/05\/escursione-torre-di-pisa-obereggen-300x182.jpg\")' ><\/span><\/span><span class='evoet_c2 evoet_cx '><span class='evoet_dayblock evcal_cblock ' data-bgcolor='#38823b' data-smon='luglio' data-syr='2026' data-bub=''><span class='evo_start '><em class='date'>16<\/em><em class='month'>lug<\/em><em class='time'>09:00<\/em><\/span><\/span><\/span><span class='evoet_c3 evoet_cx evcal_desc hide_eventtopdata '><span class='evoet_title evcal_desc2 evcal_event_title ' itemprop='name'>Escursione in montagna al rifugio Torre di Pisa<\/span><span class='event_location_attrs'  data-location_address=\"Via Obereggen, 16, 39050 Nova Ponente BZ\" data-location_type=\"lonlat\" data-location_name=\"Stazione a valle Obereggen\" data-location_url=\"https:\/\/latemarium.com\/it\/event-location\/stazione-a-valle-obereggen\/\" data-location_status=\"true\" data-latlng=\"46.3835808246333,11.52667595881786\"><\/span><span class='evoet_subtitle evo_below_title' ><span class='evcal_event_subtitle ' >escursione guidata<\/span><\/span><span class='evoet_time_expand level_3'><em class='evcal_time evo_tz_time'><i class='fa fa-clock-o'><\/i>09:00<span class='evo_tz marl5'>(GMT+02:00)<\/span><\/em> <\/span><span class='evoet_location level_3'><em class=\"evcal_location\"  data-latlng=\"46.3835808246333,11.52667595881786\" data-add_str=\"Via Obereggen, 16, 39050 Nova Ponente BZ\" data-n=\"Stazione a valle Obereggen\"><i class=\"fa fa-location-pin\"><\/i><em class=\"event_location_name\">Stazione a valle Obereggen<\/em>, Via Obereggen, 16, 39050 Nova Ponente BZ<\/em><\/span><\/span><span class='evoet_data' data-d=\"{&quot;loc.n&quot;:&quot;Stazione a valle Obereggen&quot;,&quot;orgs&quot;:[],&quot;tags&quot;:{&quot;repeating&quot;:&quot;Repeating Event&quot;}}\" data-bgc=\"#38823b\" data-bggrad=\"\" ><\/span><\/a><\/p><div class='event_description evcal_eventcard ' style=\"display:none\"><div class='evocard_row'><div id='event_ftimage' class='evocard_box ftimage' data-c='' \n\t\t\t\t\tstyle=''><div class='evocard_main_image_hold' data-t='Loading Image..'><div class='evocard_main_image evo_img_triglb evobr15 evobgsc evobgpc evodfx evofx_jc_c evofx_ai_c evofz48 minmized' style='height:300px; background-image:url();' data-f=\"https:\/\/latemarium.com\/wp-content\/uploads\/2025\/05\/escursione-torre-di-pisa-obereggen.jpg\" data-h=\"755\" data-w=\"1245\" data-ratio=\"0.60642570281124\" data-event_id=\"2840\" data-ri=\"2\"  data-t='Loading Image..'><span style='height:300px; background-image:url(https:\/\/latemarium.com\/wp-content\/uploads\/2025\/05\/escursione-torre-di-pisa-obereggen.jpg)'><\/span><\/div><\/div><\/div><\/div><div class='evocard_row'><div id='event_eventdetails' class='evocard_box eventdetails' data-c='' \n\t\t\t\t\tstyle=''><div class='evo_metarow_details evorow evcal_evdata_row evcal_event_details'>\n\t\t<div class=\"event_excerpt\" style=\"display:none\"><h3 class=\"padb5 evo_h3\">Dettagli dell&#039;evento<\/h3><p>Escursione di media difficolt\u00e0 ma impegnativa ad alte altitudini attraverso le rocce delle fantastiche Torri del Latemar.\nItinerario: Salita con la seggiovia Oberholz (1550-2100 m) \u2013 sentiero n. 18 &#8211; Forcella<\/p><\/div><span class='evcal_evdata_icons'><i class='fa fa-align-justify'><\/i><\/span>\n\t\t\n\t\t<div class='evcal_evdata_cell shorter_desc'>\n\t\t\t<div class='eventon_full_description'>\n\t\t\t\t<h3 class='padb5 evo_h3'><span class='evcal_evdata_icons'><i class='fa fa-align-justify'><\/i><\/span>Dettagli dell&#039;evento<\/h3>\n\t\t\t\t<div class='eventon_desc_in' itemprop='description'>\n\t\t\t\t<p>Escursione di media difficolt\u00e0 ma impegnativa ad alte altitudini attraverso le rocce delle fantastiche Torri del Latemar.<\/p>\n<p>Itinerario: Salita con la seggiovia Oberholz (1550-2100 m) \u2013 sentiero n. 18 &#8211; Forcella dei Camosci (2560 m) \u2013 sentiero n. 516 \u2013 rifugio Torre di Pisa (2671 m). Sosta. Discesa sul sentiero n. 516 e n. 22 \u2013 stazione a monte della seggiovia Oberholz \u2013 discesa.<\/p>\n<p>Partenza: ore 09.00 a Obereggen<br \/>\nRitorno: ore 16.00<br \/>\nDurata: 7 h | Tempo di cammino: 6 h<br \/>\nDislivello: 750 m<br \/>\nDifficolt\u00e0: difficile<br \/>\nRequisiti necessari: sicurezza nel muoversi in ambiente montano, nessun problema di vertigini | con ristoro<br \/>\nSeggiovia: 21,50 \u20ac\/adulto, 17,50 \u20ac\/junior fino a 16<\/p>\n<\/div><p class='eventon_shad_p' style='padding:5px 0 0; margin:0'>\n\t\t\t<span class='evcal_btn evo_btn_secondary evobtn_details_show_more' content='less'>\n\t\t\t\t<span class='ev_more_text' data-txt='Meno'>Pi\u00f9<\/span><span class='ev_more_arrow ard'><\/span>\n\t\t\t<\/span>\n\t\t<\/p><div class='clear'><\/div>\n\t\t\t<\/div>\n\t\t<\/div>\n\t<\/div><\/div><\/div><div class='evocard_row bx2 bx'><div id='event_time' class='evocard_box time' data-c='' \n\t\t\t\t\tstyle=''><div class='evo_metarow_time evorow evcal_evdata_row evcal_evrow_sm '>\n\t\t<span class='evcal_evdata_icons'><i class='fa fa-clock'><\/i><\/span>\n\t\t<div class='evcal_evdata_cell'>\t\t\t\t\t\t\t\n\t\t\t<h3 class='evo_h3'><span class='evcal_evdata_icons'><i class='fa fa-clock'><\/i><\/span>Orario<\/h3><p><span class='evo_eventcard_time_t'>16 luglio 2026 09:00<\/span><span class='evo_tz marr5'>(GMT+02:00)<\/span><\/p>\n\t\t<\/div>\n\t<\/div><\/div><div id='event_location' class='evocard_box location' data-c='' \n\t\t\t\t\tstyle=''><div class='evcal_evdata_row evo_metarow_time_location evorow '>\n\t\t\n\t\t\t<span class='evcal_evdata_icons'><i class='fa fa-map-marker'><\/i><\/span>\n\t\t\t<div class='evcal_evdata_cell' data-loc_tax_id='22'><h3 class='evo_h3 evodfx'><span class='evcal_evdata_icons'><i class='fa fa-map-marker'><\/i><\/span>Luogo<\/h3><p class='evo_location_name'>Stazione a valle Obereggen<\/p><p class='evo_location_address evodfxi evogap10'>Via Obereggen, 16, 39050 Nova Ponente BZ<\/p><div class='padt10'><span class='evo_btn_arr evolb_trigger' data-lbvals=\"{&quot;lbc&quot;:&quot;evo_location_lb_22&quot;,&quot;lbac&quot;:&quot;lb_max&quot;,&quot;t&quot;:&quot;Stazione a valle Obereggen&quot;,&quot;ajax&quot;:&quot;yes&quot;,&quot;ajax_type&quot;:&quot;endpoint&quot;,&quot;ajax_action&quot;:&quot;eventon_get_tax_card_content&quot;,&quot;end&quot;:&quot;client&quot;,&quot;d&quot;:{&quot;lang&quot;:&quot;L1&quot;,&quot;term_id&quot;:22,&quot;tax&quot;:&quot;event_location&quot;,&quot;load_lbcontent&quot;:true},&quot;uid&quot;:&quot;eventon_get_tax_card_content&quot;}\" >Other Events<i class='fa fa-chevron-right'><\/i><\/span><\/div><\/div>\n\t\t\n\t<\/div><\/div><\/div><div class='evocard_row bx2 bx'><div id='event_learnmore' class='evocard_box learnmore' data-c='' \n\t\t\t\t\tstyle=''><div class='evo_metarow_learnM evo_metarow_learnmore evorow'>\n\t\t\t\t\t\t\t<a class='evcal_evdata_row evo_clik_row ' href='https:\/\/eggental.com\/it\/eventi\/escursione-in-montagna-al-rifugio-torre-di-pisa_11602' target=\"_blank\">\n\t\t\t\t\t\t\t\t<span class='evcal_evdata_icons'><i class='fa fa-link'><\/i><\/span>\n\t\t\t\t\t\t\t\t<h3 class='evo_h3'>Scopri di pi\u00f9<\/h3>\n\t\t\t\t\t\t\t<\/a>\n\t\t\t\t\t\t\t<\/div><\/div><div id='event_addtocal' class='evocard_box addtocal' data-c='' \n\t\t\t\t\tstyle=''><div class='evo_metarow_ICS evorow evcal_evdata_row'>\n\t\t\t<span class='evcal_evdata_icons'><i class='fa fa-calendar-o'><\/i><\/span>\n\t\t\t<div class='evcal_evdata_cell'>\n\t\t\t\t<p><a href='https:\/\/latemarium.com\/it\/export-events\/2840_2\/?nonce=a3263097f9' class='evo_ics_nCal' title='Aggiungi al tuo calendario'>Calendario<\/a><a href='https:\/\/www.google.com\/calendar\/event?action=TEMPLATE&text=Escursione+in+montagna+al+rifugio+Torre+di+Pisa&dates=20260716T070000Z%2F20260716T215900Z&ctz=Europe%2FRome&details=Escursione in montagna al rifugio Torre di Pisa&location=Stazione+a+valle+Obereggen+Via+Obereggen%2C+16%2C+39050+Nova+Ponente+BZ' target='_blank' class='evo_ics_gCal' title='Aggiungi al calendario di Google'>GoogleCal<\/a><\/p>\t\n\t\t\t<\/div>\n\t\t<\/div><\/div><\/div><div class='evocard_row'><div id='event_getdirection' class='evocard_box getdirection' data-c='' \n\t\t\t\t\tstyle=''><div class='evo_metarow_getDr evorow evcal_evdata_row evcal_evrow_sm getdirections'>\n\t\t<form action='https:\/\/maps.google.com\/maps' method='get' target='_blank'>\n\t\t\t<input type='hidden' name='daddr' value=\"46.3835808246333,11.52667595881786\"\/> \n\t\t\t<div class='evo_get_direction_content evo_fx_dr_r evogap10'>\n\t\t\t\t<span class='evogetdir_header evodfx evofx_dr_r evofx_ai_c marr10'>\n\t\t\t\t\t<i class='mainicon fa fa-road'><\/i> \n\t\t\t\t\t<h3 class='evo_h3' style='padding-bottom:5px;'>Ottieni indicazioni stradali<\/h3>\n\t\t\t\t<\/span>\n\t\t\t\t<span class='evogetdir_field evodfx evofx_1_1 evo_fx_dr_c evow100p'>\t\t\t\t\t\n\t\t\t\t\t<input class='evoInput evotac' type='text' name='saddr' placeholder='Digitare l&#039;indirizzo per ottenere le indicazioni stradali' value='' style='margin:10px 0;'\/>\n\t\t\t\t<\/span>\n\t\t\t\t<button type='submit' class='evo_get_direction_button evo_btn_arr_circ dfx fx_ai_c' title='Fare clic qui per ottenere indicazioni'><i class='fa fa-chevron-right'><\/i> <\/button>\n\t\t\t<\/div>\n\t\t<\/form>\n\t<\/div><\/div><\/div><div class='evo_card_row_end evcal_close' title='Testo del pulsante Chiudi evento'><\/div><\/div><div class='clear end'><\/div><\/div><div id=\"event_2539_0\" class=\"eventon_list_event evo_eventtop scheduled  event clrD no_et event_2539_0\" data-event_id=\"2539\" data-ri=\"0r\" data-time=\"1784192400-1784239140\" data-colr=\"#006290\" itemscope itemtype='http:\/\/schema.org\/Event'><div class=\"evo_event_schema\" style=\"display:none\" ><a itemprop='url'  href='https:\/\/latemarium.com\/it\/events\/prof-propolis\/'><\/a><meta itemprop='image' content=\"https:\/\/latemarium.com\/wp-content\/uploads\/2024\/04\/spettacolo-apicoltore-predazzo-valdifiemme-trentino-ph-Modica-11-scaled.jpg\" \/><meta itemprop='startDate' content=\"2026-7-16T11:00+0:00\" \/><meta itemprop='endDate' content=\"2026-7-16T23:59+0:00\" \/><meta itemprop='eventStatus' content=\"https:\/\/schema.org\/EventScheduled\" \/><meta itemprop='eventAttendanceMode'   itemscope itemtype=\"https:\/\/schema.org\/OfflineEventAttendanceMode\"\/><script type=\"application\/ld+json\">{\"@context\": \"http:\/\/schema.org\",\"@type\": \"Event\",\n\t\t\t\t\"@id\": \"event_2539_0\",\n\t\t\t\t\"eventAttendanceMode\":\"https:\/\/schema.org\/OfflineEventAttendanceMode\",\n\t\t\t\t\"eventStatus\":\"https:\/\/schema.org\/EventScheduled\",\n\t\t\t\t\"name\": \"PROF. PROPOL\u00ccS\",\n\t\t\t\t\"url\": \"https:\/\/latemarium.com\/it\/events\/prof-propolis\/\",\n\t\t\t\t\"startDate\": \"2026-7-16T11:00+0:00\",\n\t\t\t\t\"endDate\": \"2026-7-16T23:59+0:00\",\n\t\t\t\t\"image\":\"https:\/\/latemarium.com\/wp-content\/uploads\/2024\/04\/spettacolo-apicoltore-predazzo-valdifiemme-trentino-ph-Modica-11-scaled.jpg\", \n\t\t\t\t\"description\":\"<p>Il Professor Propol\u00ecs dice di aver visto un\u2019ape gigante. Nessuno gli crede, nessuno. E voi? Siete pronti a crederci? Esiste davvero! \u00c8 un\u2019apina, ops, un\u2019apona simpatica e buona. Venite a cercarla e date una mano al Professor Propol\u00ecs e a Corrado. Proprio lui, l\u2019apicoltore di Gardon\u00e8.<\/p> <p>Lo spettacolo itinerante del Prof. Pr\u00f2polis addolcisce tutta la famiglia.<\/p> <p>INFO:<br \/> A monte della telecabina Predazzo-Gardon\u00e8<br \/> ore 11.00<br \/> spettacolo itinerante sul sentiero del Pastore Distratto<br \/> adatto alle famiglie (durata 1h30\u2019)<br \/> con Nicola Sordo e Corrado Vinante<\/p> <p>&nbsp;<\/p> <p>&nbsp;<\/p> \"}<\/script><\/div>\r\n\t\t\t\t<p class=\"desc_trig_outter\" style=\"\"><a data-gmap_status=\"null\" data-exlk=\"0\" style=\"background-color: #006290;\" id=\"evc_17841924002539\" class=\"hasFtIMG desc_trig sin_val evcal_list_a\" data-ux_val=\"3\" data-ux_val_mob=\"-\"  ><span class='evoet_c1 evoet_cx '><span class='ev_ftImg' data-img='https:\/\/latemarium.com\/wp-content\/uploads\/2024\/04\/spettacolo-apicoltore-predazzo-valdifiemme-trentino-ph-Modica-11-scaled.jpg' data-thumb='https:\/\/latemarium.com\/wp-content\/uploads\/2024\/04\/spettacolo-apicoltore-predazzo-valdifiemme-trentino-ph-Modica-11-300x200.jpg' style='background-image:url(\"https:\/\/latemarium.com\/wp-content\/uploads\/2024\/04\/spettacolo-apicoltore-predazzo-valdifiemme-trentino-ph-Modica-11-300x200.jpg\")' ><\/span><\/span><span class='evoet_c2 evoet_cx '><span class='evoet_dayblock evcal_cblock ' data-bgcolor='#006290' data-smon='luglio' data-syr='2026' data-bub=''><span class='evo_start '><em class='date'>16<\/em><em class='month'>lug<\/em><em class='time'>11:00<\/em><\/span><\/span><\/span><span class='evoet_c3 evoet_cx evcal_desc hide_eventtopdata '><span class='evoet_title evcal_desc2 evcal_event_title ' itemprop='name'>PROF. PROPOL\u00ccS<\/span><span class='event_location_attrs' data-location_type=\"lonlat\" data-location_name=\"A monte della telecabina Predazzo-Gardon\u00e8\" data-location_url=\"https:\/\/latemarium.com\/it\/event-location\/a-monte-della-telecabina-predazzo-gardone\/\" data-location_status=\"true\" data-latlng=\"46.32878794406342,11.600176728690842\"><\/span><span class='evoet_subtitle evo_below_title' ><span class='evcal_event_subtitle ' >SENTIERO DEL PASTORE DISTRATTO<\/span><\/span><span class='evoet_time_expand level_3'><em class='evcal_time evo_tz_time'><i class='fa fa-clock-o'><\/i>11:00<span class='evo_tz marl5'>(GMT+02:00)<\/span><\/em> <\/span><span class='evoet_location level_3'><em class=\"evcal_location\"  data-latlng=\"46.32878794406342,11.600176728690842\" data-add_str=\"\" data-n=\"A monte della telecabina Predazzo-Gardon\u00e8\"><i class=\"fa fa-location-pin\"><\/i><em class=\"event_location_name\">A monte della telecabina Predazzo-Gardon\u00e8<\/em><\/em><\/span><\/span><span class='evoet_data' data-d=\"{&quot;loc.n&quot;:&quot;A monte della telecabina Predazzo-Gardon\\u00e8&quot;,&quot;orgs&quot;:[],&quot;tags&quot;:[]}\" data-bgc=\"#006290\" data-bggrad=\"\" ><\/span><\/a><\/p><div class='event_description evcal_eventcard ' style=\"display:none\"><div class='evocard_row'><div id='event_ftimage' class='evocard_box ftimage' data-c='' \n\t\t\t\t\tstyle=''><div class='evocard_main_image_hold' data-t='Loading Image..'><div class='evocard_main_image evo_img_triglb evobr15 evobgsc evobgpc evodfx evofx_jc_c evofx_ai_c evofz48 minmized' style='height:300px; background-image:url();' data-f=\"https:\/\/latemarium.com\/wp-content\/uploads\/2024\/04\/spettacolo-apicoltore-predazzo-valdifiemme-trentino-ph-Modica-11-scaled.jpg\" data-h=\"1706\" data-w=\"2560\" data-ratio=\"0.66640625\" data-event_id=\"2539\" data-ri=\"0\"  data-t='Loading Image..'><span style='height:300px; background-image:url(https:\/\/latemarium.com\/wp-content\/uploads\/2024\/04\/spettacolo-apicoltore-predazzo-valdifiemme-trentino-ph-Modica-11-scaled.jpg)'><\/span><\/div><\/div><\/div><\/div><div class='evocard_row'><div id='event_eventdetails' class='evocard_box eventdetails' data-c='' \n\t\t\t\t\tstyle=''><div class='evo_metarow_details evorow evcal_evdata_row evcal_event_details'>\n\t\t<div class=\"event_excerpt\" style=\"display:none\"><h3 class=\"padb5 evo_h3\">Dettagli dell&#039;evento<\/h3><p>Il Professor Propol\u00ecs dice di aver visto un\u2019ape gigante. Nessuno gli crede, nessuno. E voi? Siete pronti a crederci? Esiste davvero! \u00c8 un\u2019apina, ops, un\u2019apona simpatica e buona. Venite a<\/p><\/div><span class='evcal_evdata_icons'><i class='fa fa-align-justify'><\/i><\/span>\n\t\t\n\t\t<div class='evcal_evdata_cell shorter_desc'>\n\t\t\t<div class='eventon_full_description'>\n\t\t\t\t<h3 class='padb5 evo_h3'><span class='evcal_evdata_icons'><i class='fa fa-align-justify'><\/i><\/span>Dettagli dell&#039;evento<\/h3>\n\t\t\t\t<div class='eventon_desc_in' itemprop='description'>\n\t\t\t\t<p>Il Professor Propol\u00ecs dice di aver visto un\u2019ape gigante. Nessuno gli crede, nessuno. E voi? Siete pronti a crederci? Esiste davvero! \u00c8 un\u2019apina, ops, un\u2019apona simpatica e buona. Venite a cercarla e date una mano al Professor Propol\u00ecs e a Corrado. Proprio lui, l\u2019apicoltore di Gardon\u00e8.<\/p>\n<p>Lo spettacolo itinerante del Prof. Pr\u00f2polis addolcisce tutta la famiglia.<\/p>\n<p>INFO:<br \/>\nA monte della telecabina Predazzo-Gardon\u00e8<br \/>\nore 11.00<br \/>\nspettacolo itinerante sul sentiero del Pastore Distratto<br \/>\nadatto alle famiglie (durata 1h30\u2019)<br \/>\ncon Nicola Sordo e Corrado Vinante<\/p>\n<p>&nbsp;<\/p>\n<p>&nbsp;<\/p>\n<\/div><p class='eventon_shad_p' style='padding:5px 0 0; margin:0'>\n\t\t\t<span class='evcal_btn evo_btn_secondary evobtn_details_show_more' content='less'>\n\t\t\t\t<span class='ev_more_text' data-txt='Meno'>Pi\u00f9<\/span><span class='ev_more_arrow ard'><\/span>\n\t\t\t<\/span>\n\t\t<\/p><div class='clear'><\/div>\n\t\t\t<\/div>\n\t\t<\/div>\n\t<\/div><\/div><\/div><div class='evocard_row bx2 bx'><div id='event_time' class='evocard_box time' data-c='' \n\t\t\t\t\tstyle=''><div class='evo_metarow_time evorow evcal_evdata_row evcal_evrow_sm '>\n\t\t<span class='evcal_evdata_icons'><i class='fa fa-clock'><\/i><\/span>\n\t\t<div class='evcal_evdata_cell'>\t\t\t\t\t\t\t\n\t\t\t<h3 class='evo_h3'><span class='evcal_evdata_icons'><i class='fa fa-clock'><\/i><\/span>Orario<\/h3><p><span class='evo_eventcard_time_t'>16 luglio 2026 11:00<\/span><span class='evo_tz marr5'>(GMT+02:00)<\/span><\/p>\n\t\t<\/div>\n\t<\/div><\/div><div id='event_location' class='evocard_box location' data-c='' \n\t\t\t\t\tstyle=''><div class='evcal_evdata_row evo_metarow_time_location evorow '>\n\t\t\n\t\t\t<span class='evcal_evdata_icons'><i class='fa fa-map-marker'><\/i><\/span>\n\t\t\t<div class='evcal_evdata_cell' data-loc_tax_id='34'><h3 class='evo_h3 evodfx'><span class='evcal_evdata_icons'><i class='fa fa-map-marker'><\/i><\/span>Luogo<\/h3><p class='evo_location_name'>A monte della telecabina Predazzo-Gardon\u00e8<\/p><div class='padt10'><span class='evo_btn_arr evolb_trigger' data-lbvals=\"{&quot;lbc&quot;:&quot;evo_location_lb_34&quot;,&quot;lbac&quot;:&quot;lb_max&quot;,&quot;t&quot;:&quot;A monte della telecabina Predazzo-Gardon\\u00e8&quot;,&quot;ajax&quot;:&quot;yes&quot;,&quot;ajax_type&quot;:&quot;endpoint&quot;,&quot;ajax_action&quot;:&quot;eventon_get_tax_card_content&quot;,&quot;end&quot;:&quot;client&quot;,&quot;d&quot;:{&quot;lang&quot;:&quot;L1&quot;,&quot;term_id&quot;:34,&quot;tax&quot;:&quot;event_location&quot;,&quot;load_lbcontent&quot;:true},&quot;uid&quot;:&quot;eventon_get_tax_card_content&quot;}\" >Other Events<i class='fa fa-chevron-right'><\/i><\/span><\/div><\/div>\n\t\t\n\t<\/div><\/div><\/div><div class='evocard_row bx2 bx'><div id='event_learnmore' class='evocard_box learnmore' data-c='' \n\t\t\t\t\tstyle=''><div class='evo_metarow_learnM evo_metarow_learnmore evorow'>\n\t\t\t\t\t\t\t<a class='evcal_evdata_row evo_clik_row ' href='https:\/\/www.montagnanimata.it\/spettacoli\/' >\n\t\t\t\t\t\t\t\t<span class='evcal_evdata_icons'><i class='fa fa-link'><\/i><\/span>\n\t\t\t\t\t\t\t\t<h3 class='evo_h3'>Scopri di pi\u00f9<\/h3>\n\t\t\t\t\t\t\t<\/a>\n\t\t\t\t\t\t\t<\/div><\/div><div id='event_addtocal' class='evocard_box addtocal' data-c='' \n\t\t\t\t\tstyle=''><div class='evo_metarow_ICS evorow evcal_evdata_row'>\n\t\t\t<span class='evcal_evdata_icons'><i class='fa fa-calendar-o'><\/i><\/span>\n\t\t\t<div class='evcal_evdata_cell'>\n\t\t\t\t<p><a href='https:\/\/latemarium.com\/it\/export-events\/2539_0\/?nonce=a3263097f9' class='evo_ics_nCal' title='Aggiungi al tuo calendario'>Calendario<\/a><a href='https:\/\/www.google.com\/calendar\/event?action=TEMPLATE&text=PROF.+PROPOL%C3%8CS&dates=20260716T090000Z%2F20260716T215900Z&ctz=Europe%2FRome&details=PROF. PROPOL\u00ccS&location=A+monte+della+telecabina+Predazzo-Gardon%C3%A8' target='_blank' class='evo_ics_gCal' title='Aggiungi al calendario di Google'>GoogleCal<\/a><\/p>\t\n\t\t\t<\/div>\n\t\t<\/div><\/div><\/div><div class='evocard_row'><div id='event_getdirection' class='evocard_box getdirection' data-c='' \n\t\t\t\t\tstyle=''><div class='evo_metarow_getDr evorow evcal_evdata_row evcal_evrow_sm getdirections'>\n\t\t<form action='https:\/\/maps.google.com\/maps' method='get' target='_blank'>\n\t\t\t<input type='hidden' name='daddr' value=\"46.32878794406342,11.600176728690842\"\/> \n\t\t\t<div class='evo_get_direction_content evo_fx_dr_r evogap10'>\n\t\t\t\t<span class='evogetdir_header evodfx evofx_dr_r evofx_ai_c marr10'>\n\t\t\t\t\t<i class='mainicon fa fa-road'><\/i> \n\t\t\t\t\t<h3 class='evo_h3' style='padding-bottom:5px;'>Ottieni indicazioni stradali<\/h3>\n\t\t\t\t<\/span>\n\t\t\t\t<span class='evogetdir_field evodfx evofx_1_1 evo_fx_dr_c evow100p'>\t\t\t\t\t\n\t\t\t\t\t<input class='evoInput evotac' type='text' name='saddr' placeholder='Digitare l&#039;indirizzo per ottenere le indicazioni stradali' value='' style='margin:10px 0;'\/>\n\t\t\t\t<\/span>\n\t\t\t\t<button type='submit' class='evo_get_direction_button evo_btn_arr_circ dfx fx_ai_c' title='Fare clic qui per ottenere indicazioni'><i class='fa fa-chevron-right'><\/i> <\/button>\n\t\t\t<\/div>\n\t\t<\/form>\n\t<\/div><\/div><\/div><div class='evo_card_row_end evcal_close' title='Testo del pulsante Chiudi evento'><\/div><\/div><div class='clear end'><\/div><\/div><div id=\"event_2196_3\" class=\"eventon_list_event evo_eventtop scheduled  event clrW event_2196_3\" data-event_id=\"2196\" data-ri=\"3r\" data-time=\"1784214000-1784222100\" data-colr=\"#f78234\" itemscope itemtype='http:\/\/schema.org\/Event'><div class=\"evo_event_schema\" style=\"display:none\" ><a itemprop='url'  href='https:\/\/latemarium.com\/it\/events\/pilyoga\/var\/ri-3.l-L1'><\/a><meta itemprop='image' content=\"https:\/\/latemarium.com\/wp-content\/uploads\/2023\/06\/pilyoga.jpg\" \/><meta itemprop='startDate' content=\"2026-7-16T17:00+0:00\" \/><meta itemprop='endDate' content=\"2026-7-16T19:15+0:00\" \/><meta itemprop='eventStatus' content=\"https:\/\/schema.org\/EventScheduled\" \/><meta itemprop='eventAttendanceMode'   itemscope itemtype=\"https:\/\/schema.org\/OfflineEventAttendanceMode\"\/><div style=\"display:none\" itemprop=\"location\" itemscope itemtype=\"http:\/\/schema.org\/Place\"><span itemprop=\"name\">Pampeago<\/span><span itemprop=\"address\" itemscope itemtype=\"http:\/\/schema.org\/PostalAddress\"><item itemprop=\"streetAddress\">Localit\u00e0 Pampeago, 8, 38038 Tesero TN<\/item><\/span><\/div><script type=\"application\/ld+json\">{\"@context\": \"http:\/\/schema.org\",\"@type\": \"Event\",\n\t\t\t\t\"@id\": \"event_2196_3\",\n\t\t\t\t\"eventAttendanceMode\":\"https:\/\/schema.org\/OfflineEventAttendanceMode\",\n\t\t\t\t\"eventStatus\":\"https:\/\/schema.org\/EventScheduled\",\n\t\t\t\t\"name\": \"PilYoga\",\n\t\t\t\t\"url\": \"https:\/\/latemarium.com\/it\/events\/pilyoga\/var\/ri-3.l-L1\",\n\t\t\t\t\"startDate\": \"2026-7-16T17:00+0:00\",\n\t\t\t\t\"endDate\": \"2026-7-16T19:15+0:00\",\n\t\t\t\t\"image\":\"https:\/\/latemarium.com\/wp-content\/uploads\/2023\/06\/pilyoga.jpg\", \n\t\t\t\t\"description\":\"<p><strong>Ogni gioved\u00ec dal 25 giugno al 3 settembre 2026<\/strong><\/p> <p>Ritrovo e partenza alle 17.00 con l&#8217;insegnate Elisa (presso biglietteria impianti)<br \/> Durata: dalle 17.00 alle 19.15, attivit\u00e0 rivolta ai &gt; 14 anni.<\/p> <p>Raggiungerete il luogo della lezione con la seggiovia Agnello e dopo una breve passeggiata vi potrete rilassare e liberare la mente a diretto contatto con la natura. La pratica del PilYoga in quota permette la piena armonia con l\u2019ambiente circostante, lontano da tutti i rumori della vita quotidiana. Appena finirete la lezione, vi attender\u00e0 un piccolo aperitivo allo Chalet Caserina per poi riscendere a piedi con una breve passeggiata.<\/p> <p>Da portare con s\u00e9 un tappetino o stuoia o asciugamano.<br \/> <em>Attivit\u00e0 NON prevista in caso di pioggia.<\/em><\/p> <p>Prenotazione obbligatoria. Clicca <a href='https:\/\/www.visitfiemme.it\/it\/eventi\/fiemme-cembra-guest-card\/esperienze\/esperienze-in-estate' target='_blank' rel='noopener'>qui<\/a>\u00a0per prenotare.<\/p> \",\"location\":[{\"@type\":\"Place\",\"name\":\"Pampeago\",\"address\":{\"@type\": \"PostalAddress\",\"streetAddress\":\"Localit\u00e0 Pampeago, 8, 38038 Tesero TN\"}}]}<\/script><\/div>\r\n\t\t\t\t<p class=\"desc_trig_outter\" style=\"\"><a data-gmtrig=\"1\" data-exlk=\"0\" style=\"background-color: #f78234;\" id=\"evc_17842140002196\" class=\"hasFtIMG event_repeat desc_trig sin_val evcal_list_a\" data-ux_val=\"3\" data-ux_val_mob=\"-\"  ><span class='evoet_c1 evoet_cx '><span class='ev_ftImg' data-img='https:\/\/latemarium.com\/wp-content\/uploads\/2023\/06\/pilyoga.jpg' data-thumb='https:\/\/latemarium.com\/wp-content\/uploads\/2023\/06\/pilyoga-300x169.jpg' style='background-image:url(\"https:\/\/latemarium.com\/wp-content\/uploads\/2023\/06\/pilyoga-300x169.jpg\")' ><\/span><\/span><span class='evoet_c2 evoet_cx '><span class='evoet_dayblock evcal_cblock ' data-bgcolor='#f78234' data-smon='luglio' data-syr='2026' data-bub=''><span class='evo_start '><em class='date'>16<\/em><em class='month'>lug<\/em><em class='time'>17:00<\/em><\/span><span class='evo_end only_time'><em class='time'>19:15<\/em><\/span><\/span><\/span><span class='evoet_c3 evoet_cx evcal_desc hide_eventtopdata '><span class='evoet_title evcal_desc2 evcal_event_title ' itemprop='name'>PilYoga<\/span><span class='event_location_attrs'  data-location_address=\"Localit\u00e0 Pampeago, 8, 38038 Tesero TN\" data-location_type=\"lonlat\" data-location_name=\"Pampeago\" data-location_url=\"https:\/\/latemarium.com\/it\/event-location\/pampeago\/\" data-location_status=\"true\" data-latlng=\"46.34343697644898,11.540997527961546\"><\/span><span class='evoet_subtitle evo_below_title' ><span class='evcal_event_subtitle ' >Pilyoga tra le opere di Respirart<\/span><\/span><span class='evoet_time_expand level_3'><em class='evcal_time evo_tz_time'><i class='fa fa-clock-o'><\/i>17:00 - 19:15<span class='evo_tz marl5'>(GMT+02:00)<\/span><\/em> <\/span><span class='evoet_location level_3'><em class=\"evcal_location\"  data-latlng=\"46.34343697644898,11.540997527961546\" data-add_str=\"Localit\u00e0 Pampeago, 8, 38038 Tesero TN\" data-n=\"Pampeago\"><i class=\"fa fa-location-pin\"><\/i><em class=\"event_location_name\">Pampeago<\/em>, Localit\u00e0 Pampeago, 8, 38038 Tesero TN<\/em><\/span><\/span><span class='evoet_data' data-d=\"{&quot;loc.n&quot;:&quot;Pampeago&quot;,&quot;orgs&quot;:[],&quot;tags&quot;:{&quot;repeating&quot;:&quot;Repeating Event&quot;}}\" data-bgc=\"#f78234\" data-bggrad=\"\" ><\/span><\/a><\/p><div class='event_description evcal_eventcard ' style=\"display:none\"><div class='evocard_row'><div id='event_ftimage' class='evocard_box ftimage' data-c='' \n\t\t\t\t\tstyle=''><div class='evocard_main_image_hold' data-t='Loading Image..'><div class='evocard_main_image evo_img_triglb evobr15 evobgsc evobgpc evodfx evofx_jc_c evofx_ai_c evofz48 minmized' style='height:300px; background-image:url();' data-f=\"https:\/\/latemarium.com\/wp-content\/uploads\/2023\/06\/pilyoga.jpg\" data-h=\"675\" data-w=\"1200\" data-ratio=\"0.5625\" data-event_id=\"2196\" data-ri=\"3\"  data-t='Loading Image..'><span style='height:300px; background-image:url(https:\/\/latemarium.com\/wp-content\/uploads\/2023\/06\/pilyoga.jpg)'><\/span><\/div><\/div><\/div><\/div><div class='evocard_row'><div id='event_eventdetails' class='evocard_box eventdetails' data-c='' \n\t\t\t\t\tstyle=''><div class='evo_metarow_details evorow evcal_evdata_row evcal_event_details'>\n\t\t<div class=\"event_excerpt\" style=\"display:none\"><h3 class=\"padb5 evo_h3\">Dettagli dell&#039;evento<\/h3><p>Ogni gioved\u00ec dal 25 giugno al 3 settembre 2026\nRitrovo e partenza alle 17.00 con l&#8217;insegnate Elisa (presso biglietteria impianti)\nDurata: dalle 17.00 alle 19.15, attivit\u00e0 rivolta ai &gt; 14 anni.\nRaggiungerete<\/p><\/div><span class='evcal_evdata_icons'><i class='fa fa-align-justify'><\/i><\/span>\n\t\t\n\t\t<div class='evcal_evdata_cell shorter_desc'>\n\t\t\t<div class='eventon_full_description'>\n\t\t\t\t<h3 class='padb5 evo_h3'><span class='evcal_evdata_icons'><i class='fa fa-align-justify'><\/i><\/span>Dettagli dell&#039;evento<\/h3>\n\t\t\t\t<div class='eventon_desc_in' itemprop='description'>\n\t\t\t\t<p><strong>Ogni gioved\u00ec dal 25 giugno al 3 settembre 2026<\/strong><\/p>\n<p>Ritrovo e partenza alle 17.00 con l&#8217;insegnate Elisa (presso biglietteria impianti)<br \/>\nDurata: dalle 17.00 alle 19.15, attivit\u00e0 rivolta ai &gt; 14 anni.<\/p>\n<p>Raggiungerete il luogo della lezione con la seggiovia Agnello e dopo una breve passeggiata vi potrete rilassare e liberare la mente a diretto contatto con la natura. La pratica del PilYoga in quota permette la piena armonia con l\u2019ambiente circostante, lontano da tutti i rumori della vita quotidiana. Appena finirete la lezione, vi attender\u00e0 un piccolo aperitivo allo Chalet Caserina per poi riscendere a piedi con una breve passeggiata.<\/p>\n<p>Da portare con s\u00e9 un tappetino o stuoia o asciugamano.<br \/>\n<em>Attivit\u00e0 NON prevista in caso di pioggia.<\/em><\/p>\n<p>Prenotazione obbligatoria. Clicca <a href=\"https:\/\/www.visitfiemme.it\/it\/eventi\/fiemme-cembra-guest-card\/esperienze\/esperienze-in-estate\" target=\"_blank\" rel=\"noopener\">qui<\/a>\u00a0per prenotare.<\/p>\n<\/div><p class='eventon_shad_p' style='padding:5px 0 0; margin:0'>\n\t\t\t<span class='evcal_btn evo_btn_secondary evobtn_details_show_more' content='less'>\n\t\t\t\t<span class='ev_more_text' data-txt='Meno'>Pi\u00f9<\/span><span class='ev_more_arrow ard'><\/span>\n\t\t\t<\/span>\n\t\t<\/p><div class='clear'><\/div>\n\t\t\t<\/div>\n\t\t<\/div>\n\t<\/div><\/div><\/div><div class='evocard_row bx2 bx'><div id='event_time' class='evocard_box time' data-c='' \n\t\t\t\t\tstyle=''><div class='evo_metarow_time evorow evcal_evdata_row evcal_evrow_sm '>\n\t\t<span class='evcal_evdata_icons'><i class='fa fa-clock'><\/i><\/span>\n\t\t<div class='evcal_evdata_cell'>\t\t\t\t\t\t\t\n\t\t\t<h3 class='evo_h3'><span class='evcal_evdata_icons'><i class='fa fa-clock'><\/i><\/span>Orario<\/h3><p><span class='evo_eventcard_time_t'>16 luglio 2026 17:00 - 19:15<\/span><span class='evo_tz marr5'>(GMT+02:00)<\/span><\/p>\n\t\t<\/div>\n\t<\/div><\/div><div id='event_location' class='evocard_box location' data-c='' \n\t\t\t\t\tstyle=''><div class='evcal_evdata_row evo_metarow_time_location evorow '>\n\t\t\n\t\t\t<span class='evcal_evdata_icons'><i class='fa fa-map-marker'><\/i><\/span>\n\t\t\t<div class='evcal_evdata_cell' data-loc_tax_id='30'><h3 class='evo_h3 evodfx'><span class='evcal_evdata_icons'><i class='fa fa-map-marker'><\/i><\/span>Luogo<\/h3><p class='evo_location_name'>Pampeago<\/p><p class='evo_location_address evodfxi evogap10'>Localit\u00e0 Pampeago, 8, 38038 Tesero TN<\/p><div class='padt10'><span class='evo_btn_arr evolb_trigger' data-lbvals=\"{&quot;lbc&quot;:&quot;evo_location_lb_30&quot;,&quot;lbac&quot;:&quot;lb_max&quot;,&quot;t&quot;:&quot;Pampeago&quot;,&quot;ajax&quot;:&quot;yes&quot;,&quot;ajax_type&quot;:&quot;endpoint&quot;,&quot;ajax_action&quot;:&quot;eventon_get_tax_card_content&quot;,&quot;end&quot;:&quot;client&quot;,&quot;d&quot;:{&quot;lang&quot;:&quot;L1&quot;,&quot;term_id&quot;:30,&quot;tax&quot;:&quot;event_location&quot;,&quot;load_lbcontent&quot;:true},&quot;uid&quot;:&quot;eventon_get_tax_card_content&quot;}\" >Other Events<i class='fa fa-chevron-right'><\/i><\/span><\/div><\/div>\n\t\t\n\t<\/div><\/div><\/div><div class='evocard_row'><div id='event_addtocal' class='evocard_box addtocal' data-c='' \n\t\t\t\t\tstyle=''><div class='evo_metarow_ICS evorow evcal_evdata_row'>\n\t\t\t<span class='evcal_evdata_icons'><i class='fa fa-calendar-o'><\/i><\/span>\n\t\t\t<div class='evcal_evdata_cell'>\n\t\t\t\t<p><a href='https:\/\/latemarium.com\/it\/export-events\/2196_3\/?nonce=a3263097f9' class='evo_ics_nCal' title='Aggiungi al tuo calendario'>Calendario<\/a><a href='https:\/\/www.google.com\/calendar\/event?action=TEMPLATE&text=PilYoga&dates=20260716T150000Z%2F20260716T171500Z&ctz=Europe%2FRome&details=PilYoga&location=Pampeago+Localit%C3%A0+Pampeago%2C+8%2C+38038+Tesero+TN' target='_blank' class='evo_ics_gCal' title='Aggiungi al calendario di Google'>GoogleCal<\/a><\/p>\t\n\t\t\t<\/div>\n\t\t<\/div><\/div><\/div><div class='evocard_row'><div id='event_getdirection' class='evocard_box getdirection' data-c='' \n\t\t\t\t\tstyle=''><div class='evo_metarow_getDr evorow evcal_evdata_row evcal_evrow_sm getdirections'>\n\t\t<form action='https:\/\/maps.google.com\/maps' method='get' target='_blank'>\n\t\t\t<input type='hidden' name='daddr' value=\"46.34343697644898,11.540997527961546\"\/> \n\t\t\t<div class='evo_get_direction_content evo_fx_dr_r evogap10'>\n\t\t\t\t<span class='evogetdir_header evodfx evofx_dr_r evofx_ai_c marr10'>\n\t\t\t\t\t<i class='mainicon fa fa-road'><\/i> \n\t\t\t\t\t<h3 class='evo_h3' style='padding-bottom:5px;'>Ottieni indicazioni stradali<\/h3>\n\t\t\t\t<\/span>\n\t\t\t\t<span class='evogetdir_field evodfx evofx_1_1 evo_fx_dr_c evow100p'>\t\t\t\t\t\n\t\t\t\t\t<input class='evoInput evotac' type='text' name='saddr' placeholder='Digitare l&#039;indirizzo per ottenere le indicazioni stradali' value='' style='margin:10px 0;'\/>\n\t\t\t\t<\/span>\n\t\t\t\t<button type='submit' class='evo_get_direction_button evo_btn_arr_circ dfx fx_ai_c' title='Fare clic qui per ottenere indicazioni'><i class='fa fa-chevron-right'><\/i> <\/button>\n\t\t\t<\/div>\n\t\t<\/form>\n\t<\/div><\/div><\/div><div class='evo_card_row_end evcal_close' title='Testo del pulsante Chiudi evento'><\/div><\/div><div class='clear end'><\/div><\/div><div id=\"event_2201_3\" class=\"eventon_list_event evo_eventtop scheduled  event clrD no_et event_2201_3\" data-event_id=\"2201\" data-ri=\"3r\" data-time=\"1784214900-1784239140\" data-colr=\"#ba181d\" itemscope itemtype='http:\/\/schema.org\/Event'><div class=\"evo_event_schema\" style=\"display:none\" ><a itemprop='url'  href='https:\/\/latemarium.com\/it\/events\/e-bike-tour-ai-piedi-del-latemar\/var\/ri-3.l-L1'><\/a><meta itemprop='image' content=\"https:\/\/latemarium.com\/wp-content\/uploads\/2023\/06\/e-bike-tour.jpg\" \/><meta itemprop='startDate' content=\"2026-7-16T17:15+0:00\" \/><meta itemprop='endDate' content=\"2026-7-16T23:59+0:00\" \/><meta itemprop='eventStatus' content=\"https:\/\/schema.org\/EventScheduled\" \/><meta itemprop='eventAttendanceMode'   itemscope itemtype=\"https:\/\/schema.org\/OfflineEventAttendanceMode\"\/><div style=\"display:none\" itemprop=\"location\" itemscope itemtype=\"http:\/\/schema.org\/Place\"><span itemprop=\"name\">Pampeago<\/span><span itemprop=\"address\" itemscope itemtype=\"http:\/\/schema.org\/PostalAddress\"><item itemprop=\"streetAddress\">Localit\u00e0 Pampeago, 8, 38038 Tesero TN<\/item><\/span><\/div><script type=\"application\/ld+json\">{\"@context\": \"http:\/\/schema.org\",\"@type\": \"Event\",\n\t\t\t\t\"@id\": \"event_2201_3\",\n\t\t\t\t\"eventAttendanceMode\":\"https:\/\/schema.org\/OfflineEventAttendanceMode\",\n\t\t\t\t\"eventStatus\":\"https:\/\/schema.org\/EventScheduled\",\n\t\t\t\t\"name\": \"E-Bike Tour ai piedi del Latemar\",\n\t\t\t\t\"url\": \"https:\/\/latemarium.com\/it\/events\/e-bike-tour-ai-piedi-del-latemar\/var\/ri-3.l-L1\",\n\t\t\t\t\"startDate\": \"2026-7-16T17:15+0:00\",\n\t\t\t\t\"endDate\": \"2026-7-16T23:59+0:00\",\n\t\t\t\t\"image\":\"https:\/\/latemarium.com\/wp-content\/uploads\/2023\/06\/e-bike-tour.jpg\", \n\t\t\t\t\"description\":\"<p><strong>Ogni gioved\u00ec dal 25 giugno al 3 settembre 2026<\/strong><\/p> <p>Ritrovo con la guida Andrea alle 17.15 a Pampeago (presso biglietteria impianti)<br \/> Durata:\u00a0dalle 17.15 alle 19.15<br \/> Max 8 persone. +16 anni.<\/p> <p class='p1'><span class='s1'>Per gli appassionati di e-bike, con un livello intermedio, abbiamo pensato ad un tour alla scoperta del Latemar con vista mozzafiato sulle aree circostanti. Sar\u00e0 un itinerario piacevole e grazie alla pedalata assistita potrete affrontare con facilit\u00e0 il dislivello che vi porter\u00e0 in localit\u00e0 Tresca. \u00c8 il momento della giornata perfetto: la montagna si svuota, potrete apprezzare il silenzio della natura e godere dei colori della \u201cgolden hour\u201d. Terminato il giro vi attender\u00e0 un piccolo aperitivo allo Chalet Caserina.<br \/> Potrete noleggiare la e-bike in loco, al negozio Sport Ventura di Pampeago.<br \/> <\/span><\/p> <p class='p1'><em><span class='s1'>Attivit\u00e0 non prevista in caso di pioggia.<\/span><\/em><\/p> <p>Prenotazione obbligatoria. Clicca\u00a0<a href='https:\/\/www.visitfiemme.it\/it\/eventi\/fiemme-cembra-guest-card\/esperienze\/esperienze-in-estate?re-product-id=251796' target='_blank' rel='noopener'>qui<\/a>.<\/p> \",\"location\":[{\"@type\":\"Place\",\"name\":\"Pampeago\",\"address\":{\"@type\": \"PostalAddress\",\"streetAddress\":\"Localit\u00e0 Pampeago, 8, 38038 Tesero TN\"}}]}<\/script><\/div>\r\n\t\t\t\t<p class=\"desc_trig_outter\" style=\"\"><a data-gmtrig=\"1\" data-exlk=\"0\" style=\"background-color: #ba181d;\" id=\"evc_17842149002201\" class=\"hasFtIMG event_repeat desc_trig sin_val evcal_list_a\" data-ux_val=\"3\" data-ux_val_mob=\"-\"  ><span class='evoet_c1 evoet_cx '><span class='ev_ftImg' data-img='https:\/\/latemarium.com\/wp-content\/uploads\/2023\/06\/e-bike-tour.jpg' data-thumb='https:\/\/latemarium.com\/wp-content\/uploads\/2023\/06\/e-bike-tour-300x169.jpg' style='background-image:url(\"https:\/\/latemarium.com\/wp-content\/uploads\/2023\/06\/e-bike-tour-300x169.jpg\")' ><\/span><\/span><span class='evoet_c2 evoet_cx '><span class='evoet_dayblock evcal_cblock ' data-bgcolor='#ba181d' data-smon='luglio' data-syr='2026' data-bub=''><span class='evo_start '><em class='date'>16<\/em><em class='month'>lug<\/em><em class='time'>17:15<\/em><\/span><\/span><\/span><span class='evoet_c3 evoet_cx evcal_desc hide_eventtopdata '><span class='evoet_title evcal_desc2 evcal_event_title ' itemprop='name'>E-Bike Tour ai piedi del Latemar<\/span><span class='event_location_attrs'  data-location_address=\"Localit\u00e0 Pampeago, 8, 38038 Tesero TN\" data-location_type=\"lonlat\" data-location_name=\"Pampeago\" data-location_url=\"https:\/\/latemarium.com\/it\/event-location\/pampeago\/\" data-location_status=\"true\" data-latlng=\"46.34343697644898,11.540997527961546\"><\/span><span class='evoet_subtitle evo_below_title' ><span class='evcal_event_subtitle ' >Per gli appassionati di e-bike<\/span><\/span><span class='evoet_time_expand level_3'><em class='evcal_time evo_tz_time'><i class='fa fa-clock-o'><\/i>17:15<span class='evo_tz marl5'>(GMT+02:00)<\/span><\/em> <\/span><span class='evoet_location level_3'><em class=\"evcal_location\"  data-latlng=\"46.34343697644898,11.540997527961546\" data-add_str=\"Localit\u00e0 Pampeago, 8, 38038 Tesero TN\" data-n=\"Pampeago\"><i class=\"fa fa-location-pin\"><\/i><em class=\"event_location_name\">Pampeago<\/em>, Localit\u00e0 Pampeago, 8, 38038 Tesero TN<\/em><\/span><\/span><span class='evoet_data' data-d=\"{&quot;loc.n&quot;:&quot;Pampeago&quot;,&quot;orgs&quot;:[],&quot;tags&quot;:{&quot;repeating&quot;:&quot;Repeating Event&quot;}}\" data-bgc=\"#ba181d\" data-bggrad=\"\" ><\/span><\/a><\/p><div class='event_description evcal_eventcard ' style=\"display:none\"><div class='evocard_row'><div id='event_ftimage' class='evocard_box ftimage' data-c='' \n\t\t\t\t\tstyle=''><div class='evocard_main_image_hold' data-t='Loading Image..'><div class='evocard_main_image evo_img_triglb evobr15 evobgsc evobgpc evodfx evofx_jc_c evofx_ai_c evofz48 minmized' style='height:300px; background-image:url();' data-f=\"https:\/\/latemarium.com\/wp-content\/uploads\/2023\/06\/e-bike-tour.jpg\" data-h=\"675\" data-w=\"1200\" data-ratio=\"0.5625\" data-event_id=\"2201\" data-ri=\"3\"  data-t='Loading Image..'><span style='height:300px; background-image:url(https:\/\/latemarium.com\/wp-content\/uploads\/2023\/06\/e-bike-tour.jpg)'><\/span><\/div><\/div><\/div><\/div><div class='evocard_row'><div id='event_eventdetails' class='evocard_box eventdetails' data-c='' \n\t\t\t\t\tstyle=''><div class='evo_metarow_details evorow evcal_evdata_row evcal_event_details'>\n\t\t<div class=\"event_excerpt\" style=\"display:none\"><h3 class=\"padb5 evo_h3\">Dettagli dell&#039;evento<\/h3><p>Ogni gioved\u00ec dal 25 giugno al 3 settembre 2026\nRitrovo con la guida Andrea alle 17.15 a Pampeago (presso biglietteria impianti)\nDurata:\u00a0dalle 17.15 alle 19.15\nMax 8 persone. +16 anni.<\/p><\/div><span class='evcal_evdata_icons'><i class='fa fa-align-justify'><\/i><\/span>\n\t\t\n\t\t<div class='evcal_evdata_cell shorter_desc'>\n\t\t\t<div class='eventon_full_description'>\n\t\t\t\t<h3 class='padb5 evo_h3'><span class='evcal_evdata_icons'><i class='fa fa-align-justify'><\/i><\/span>Dettagli dell&#039;evento<\/h3>\n\t\t\t\t<div class='eventon_desc_in' itemprop='description'>\n\t\t\t\t<p><strong>Ogni gioved\u00ec dal 25 giugno al 3 settembre 2026<\/strong><\/p>\n<p>Ritrovo con la guida Andrea alle 17.15 a Pampeago (presso biglietteria impianti)<br \/>\nDurata:\u00a0dalle 17.15 alle 19.15<br \/>\nMax 8 persone. +16 anni.<\/p>\n<p class=\"p1\"><span class=\"s1\">Per gli appassionati di e-bike, con un livello intermedio, abbiamo pensato ad un tour alla scoperta del Latemar con vista mozzafiato sulle aree circostanti. Sar\u00e0 un itinerario piacevole e grazie alla pedalata assistita potrete affrontare con facilit\u00e0 il dislivello che vi porter\u00e0 in localit\u00e0 Tresca. \u00c8 il momento della giornata perfetto: la montagna si svuota, potrete apprezzare il silenzio della natura e godere dei colori della \u201cgolden hour\u201d. Terminato il giro vi attender\u00e0 un piccolo aperitivo allo Chalet Caserina.<br \/>\nPotrete noleggiare la e-bike in loco, al negozio Sport Ventura di Pampeago.<br \/>\n<\/span><\/p>\n<p class=\"p1\"><em><span class=\"s1\">Attivit\u00e0 non prevista in caso di pioggia.<\/span><\/em><\/p>\n<p>Prenotazione obbligatoria. Clicca\u00a0<a href=\"https:\/\/www.visitfiemme.it\/it\/eventi\/fiemme-cembra-guest-card\/esperienze\/esperienze-in-estate?re-product-id=251796\" target=\"_blank\" rel=\"noopener\">qui<\/a>.<\/p>\n<\/div><p class='eventon_shad_p' style='padding:5px 0 0; margin:0'>\n\t\t\t<span class='evcal_btn evo_btn_secondary evobtn_details_show_more' content='less'>\n\t\t\t\t<span class='ev_more_text' data-txt='Meno'>Pi\u00f9<\/span><span class='ev_more_arrow ard'><\/span>\n\t\t\t<\/span>\n\t\t<\/p><div class='clear'><\/div>\n\t\t\t<\/div>\n\t\t<\/div>\n\t<\/div><\/div><\/div><div class='evocard_row bx2 bx'><div id='event_time' class='evocard_box time' data-c='' \n\t\t\t\t\tstyle=''><div class='evo_metarow_time evorow evcal_evdata_row evcal_evrow_sm '>\n\t\t<span class='evcal_evdata_icons'><i class='fa fa-clock'><\/i><\/span>\n\t\t<div class='evcal_evdata_cell'>\t\t\t\t\t\t\t\n\t\t\t<h3 class='evo_h3'><span class='evcal_evdata_icons'><i class='fa fa-clock'><\/i><\/span>Orario<\/h3><p><span class='evo_eventcard_time_t'>16 luglio 2026 17:15<\/span><span class='evo_tz marr5'>(GMT+02:00)<\/span><\/p>\n\t\t<\/div>\n\t<\/div><\/div><div id='event_location' class='evocard_box location' data-c='' \n\t\t\t\t\tstyle=''><div class='evcal_evdata_row evo_metarow_time_location evorow '>\n\t\t\n\t\t\t<span class='evcal_evdata_icons'><i class='fa fa-map-marker'><\/i><\/span>\n\t\t\t<div class='evcal_evdata_cell' data-loc_tax_id='30'><h3 class='evo_h3 evodfx'><span class='evcal_evdata_icons'><i class='fa fa-map-marker'><\/i><\/span>Luogo<\/h3><p class='evo_location_name'>Pampeago<\/p><p class='evo_location_address evodfxi evogap10'>Localit\u00e0 Pampeago, 8, 38038 Tesero TN<\/p><div class='padt10'><span class='evo_btn_arr evolb_trigger' data-lbvals=\"{&quot;lbc&quot;:&quot;evo_location_lb_30&quot;,&quot;lbac&quot;:&quot;lb_max&quot;,&quot;t&quot;:&quot;Pampeago&quot;,&quot;ajax&quot;:&quot;yes&quot;,&quot;ajax_type&quot;:&quot;endpoint&quot;,&quot;ajax_action&quot;:&quot;eventon_get_tax_card_content&quot;,&quot;end&quot;:&quot;client&quot;,&quot;d&quot;:{&quot;lang&quot;:&quot;L1&quot;,&quot;term_id&quot;:30,&quot;tax&quot;:&quot;event_location&quot;,&quot;load_lbcontent&quot;:true},&quot;uid&quot;:&quot;eventon_get_tax_card_content&quot;}\" >Other Events<i class='fa fa-chevron-right'><\/i><\/span><\/div><\/div>\n\t\t\n\t<\/div><\/div><\/div><div class='evocard_row'><div id='event_addtocal' class='evocard_box addtocal' data-c='' \n\t\t\t\t\tstyle=''><div class='evo_metarow_ICS evorow evcal_evdata_row'>\n\t\t\t<span class='evcal_evdata_icons'><i class='fa fa-calendar-o'><\/i><\/span>\n\t\t\t<div class='evcal_evdata_cell'>\n\t\t\t\t<p><a href='https:\/\/latemarium.com\/it\/export-events\/2201_3\/?nonce=a3263097f9' class='evo_ics_nCal' title='Aggiungi al tuo calendario'>Calendario<\/a><a href='https:\/\/www.google.com\/calendar\/event?action=TEMPLATE&text=E-Bike+Tour+ai+piedi+del+Latemar&dates=20260716T151500Z%2F20260716T215900Z&ctz=Europe%2FRome&details=E-Bike Tour ai piedi del Latemar&location=Pampeago+Localit%C3%A0+Pampeago%2C+8%2C+38038+Tesero+TN' target='_blank' class='evo_ics_gCal' title='Aggiungi al calendario di Google'>GoogleCal<\/a><\/p>\t\n\t\t\t<\/div>\n\t\t<\/div><\/div><\/div><div class='evocard_row'><div id='event_getdirection' class='evocard_box getdirection' data-c='' \n\t\t\t\t\tstyle=''><div class='evo_metarow_getDr evorow evcal_evdata_row evcal_evrow_sm getdirections'>\n\t\t<form action='https:\/\/maps.google.com\/maps' method='get' target='_blank'>\n\t\t\t<input type='hidden' name='daddr' value=\"46.34343697644898,11.540997527961546\"\/> \n\t\t\t<div class='evo_get_direction_content evo_fx_dr_r evogap10'>\n\t\t\t\t<span class='evogetdir_header evodfx evofx_dr_r evofx_ai_c marr10'>\n\t\t\t\t\t<i class='mainicon fa fa-road'><\/i> \n\t\t\t\t\t<h3 class='evo_h3' style='padding-bottom:5px;'>Ottieni indicazioni stradali<\/h3>\n\t\t\t\t<\/span>\n\t\t\t\t<span class='evogetdir_field evodfx evofx_1_1 evo_fx_dr_c evow100p'>\t\t\t\t\t\n\t\t\t\t\t<input class='evoInput evotac' type='text' name='saddr' placeholder='Digitare l&#039;indirizzo per ottenere le indicazioni stradali' value='' style='margin:10px 0;'\/>\n\t\t\t\t<\/span>\n\t\t\t\t<button type='submit' class='evo_get_direction_button evo_btn_arr_circ dfx fx_ai_c' title='Fare clic qui per ottenere indicazioni'><i class='fa fa-chevron-right'><\/i> <\/button>\n\t\t\t<\/div>\n\t\t<\/form>\n\t<\/div><\/div><\/div><div class='evo_card_row_end evcal_close' title='Testo del pulsante Chiudi evento'><\/div><\/div><div class='clear end'><\/div><\/div><div id=\"event_2493_3\" class=\"eventon_list_event evo_eventtop scheduled  event clrW no_et event_2493_3\" data-event_id=\"2493\" data-ri=\"3r\" data-time=\"1784273400-1784325540\" data-colr=\"#6baeff\" itemscope itemtype='http:\/\/schema.org\/Event'><div class=\"evo_event_schema\" style=\"display:none\" ><a itemprop='url'  href='https:\/\/latemarium.com\/it\/events\/respirart-piccoli-artisti-in-natura\/var\/ri-3.l-L1'><\/a><meta itemprop='image' content=\"https:\/\/latemarium.com\/wp-content\/uploads\/2021\/05\/respirart-vita-e-bellezza.jpg\" \/><meta itemprop='startDate' content=\"2026-7-17T09:30+0:00\" \/><meta itemprop='endDate' content=\"2026-7-17T23:59+0:00\" \/><meta itemprop='eventStatus' content=\"https:\/\/schema.org\/EventScheduled\" \/><meta itemprop='eventAttendanceMode'   itemscope itemtype=\"https:\/\/schema.org\/OfflineEventAttendanceMode\"\/><div style=\"display:none\" itemprop=\"location\" itemscope itemtype=\"http:\/\/schema.org\/Place\"><span itemprop=\"name\">Pampeago<\/span><span itemprop=\"address\" itemscope itemtype=\"http:\/\/schema.org\/PostalAddress\"><item itemprop=\"streetAddress\">Localit\u00e0 Pampeago, 8, 38038 Tesero TN<\/item><\/span><\/div><script type=\"application\/ld+json\">{\"@context\": \"http:\/\/schema.org\",\"@type\": \"Event\",\n\t\t\t\t\"@id\": \"event_2493_3\",\n\t\t\t\t\"eventAttendanceMode\":\"https:\/\/schema.org\/OfflineEventAttendanceMode\",\n\t\t\t\t\"eventStatus\":\"https:\/\/schema.org\/EventScheduled\",\n\t\t\t\t\"name\": \"Respirart: piccoli artisti in natura\",\n\t\t\t\t\"url\": \"https:\/\/latemarium.com\/it\/events\/respirart-piccoli-artisti-in-natura\/var\/ri-3.l-L1\",\n\t\t\t\t\"startDate\": \"2026-7-17T09:30+0:00\",\n\t\t\t\t\"endDate\": \"2026-7-17T23:59+0:00\",\n\t\t\t\t\"image\":\"https:\/\/latemarium.com\/wp-content\/uploads\/2021\/05\/respirart-vita-e-bellezza.jpg\", \n\t\t\t\t\"description\":\"<p><strong>Ogni venerd\u00ec dal 26 giugno all&#8217;11 settembre 2026<\/strong><\/p> <p>Laboratorio ambientale e artistico RespirArt, rivolto a tutti, grandi e piccini. Andremo alla scoperta delle opere d&#8217;arte in modo divertente.<br \/> Appuntamento alle 9.30 alla partenza della Seggiovia-Seminovia Agnello di Pampeago con la guida artistica, che vi consegner\u00e0 i semi per sorvolare il parco RespirArt. Partecipando al laboratorio artistico i bambini costruiranno piccole opere di land art utilizzando materiali naturali.<\/p> <p><strong>Prenotazione obbligatoria.<\/strong><\/p> <p>Clicca <a href='https:\/\/www.visitfiemme.it\/it\/eventi\/fiemme-cembra-guest-card\/esperienze\/esperienze-in-estate?re-product-id=211712' target='_blank' rel='noopener'>qui<\/a> per prenotare.<\/p> \",\"location\":[{\"@type\":\"Place\",\"name\":\"Pampeago\",\"address\":{\"@type\": \"PostalAddress\",\"streetAddress\":\"Localit\u00e0 Pampeago, 8, 38038 Tesero TN\"}}]}<\/script><\/div>\r\n\t\t\t\t<p class=\"desc_trig_outter\" style=\"\"><a data-gmtrig=\"1\" data-exlk=\"0\" style=\"background-color: #6baeff;\" id=\"evc_17842734002493\" class=\"hasFtIMG event_repeat desc_trig sin_val evcal_list_a\" data-ux_val=\"3\" data-ux_val_mob=\"-\"  ><span class='evoet_c1 evoet_cx '><span class='ev_ftImg' data-img='https:\/\/latemarium.com\/wp-content\/uploads\/2021\/05\/respirart-vita-e-bellezza.jpg' data-thumb='https:\/\/latemarium.com\/wp-content\/uploads\/2021\/05\/respirart-vita-e-bellezza-300x201.jpg' style='background-image:url(\"https:\/\/latemarium.com\/wp-content\/uploads\/2021\/05\/respirart-vita-e-bellezza-300x201.jpg\")' ><\/span><\/span><span class='evoet_c2 evoet_cx '><span class='evoet_dayblock evcal_cblock ' data-bgcolor='#6baeff' data-smon='luglio' data-syr='2026' data-bub=''><span class='evo_start '><em class='date'>17<\/em><em class='month'>lug<\/em><em class='time'>09:30<\/em><\/span><\/span><\/span><span class='evoet_c3 evoet_cx evcal_desc hide_eventtopdata '><span class='evoet_title evcal_desc2 evcal_event_title ' itemprop='name'>Respirart: piccoli artisti in natura<\/span><span class='event_location_attrs'  data-location_address=\"Localit\u00e0 Pampeago, 8, 38038 Tesero TN\" data-location_type=\"lonlat\" data-location_name=\"Pampeago\" data-location_url=\"https:\/\/latemarium.com\/it\/event-location\/pampeago\/\" data-location_status=\"true\" data-latlng=\"46.34343697644898,11.540997527961546\"><\/span><span class='evoet_subtitle evo_below_title' ><span class='evcal_event_subtitle ' >laboratorio artistico<\/span><\/span><span class='evoet_time_expand level_3'><em class='evcal_time evo_tz_time'><i class='fa fa-clock-o'><\/i>09:30<span class='evo_tz marl5'>(GMT+02:00)<\/span><\/em> <\/span><span class='evoet_location level_3'><em class=\"evcal_location\"  data-latlng=\"46.34343697644898,11.540997527961546\" data-add_str=\"Localit\u00e0 Pampeago, 8, 38038 Tesero TN\" data-n=\"Pampeago\"><i class=\"fa fa-location-pin\"><\/i><em class=\"event_location_name\">Pampeago<\/em>, Localit\u00e0 Pampeago, 8, 38038 Tesero TN<\/em><\/span><\/span><span class='evoet_data' data-d=\"{&quot;loc.n&quot;:&quot;Pampeago&quot;,&quot;orgs&quot;:[],&quot;tags&quot;:{&quot;repeating&quot;:&quot;Repeating Event&quot;}}\" data-bgc=\"#6baeff\" data-bggrad=\"\" ><\/span><\/a><\/p><div class='event_description evcal_eventcard ' style=\"display:none\"><div class='evocard_row'><div id='event_ftimage' class='evocard_box ftimage' data-c='' \n\t\t\t\t\tstyle=''><div class='evocard_main_image_hold' data-t='Loading Image..'><div class='evocard_main_image evo_img_triglb evobr15 evobgsc evobgpc evodfx evofx_jc_c evofx_ai_c evofz48 minmized' style='height:300px; background-image:url();' data-f=\"https:\/\/latemarium.com\/wp-content\/uploads\/2021\/05\/respirart-vita-e-bellezza.jpg\" data-h=\"602\" data-w=\"899\" data-ratio=\"0.66963292547275\" data-event_id=\"2493\" data-ri=\"3\"  data-t='Loading Image..'><span style='height:300px; background-image:url(https:\/\/latemarium.com\/wp-content\/uploads\/2021\/05\/respirart-vita-e-bellezza.jpg)'><\/span><\/div><\/div><\/div><\/div><div class='evocard_row'><div id='event_eventdetails' class='evocard_box eventdetails' data-c='' \n\t\t\t\t\tstyle=''><div class='evo_metarow_details evorow evcal_evdata_row evcal_event_details'>\n\t\t<div class=\"event_excerpt\" style=\"display:none\"><h3 class=\"padb5 evo_h3\">Dettagli dell&#039;evento<\/h3><p>Ogni venerd\u00ec dal 26 giugno all&#8217;11 settembre 2026\nLaboratorio ambientale e artistico RespirArt, rivolto a tutti, grandi e piccini. Andremo alla scoperta delle opere d&#8217;arte in modo divertente.\nAppuntamento alle 9.30<\/p><\/div><span class='evcal_evdata_icons'><i class='fa fa-align-justify'><\/i><\/span>\n\t\t\n\t\t<div class='evcal_evdata_cell shorter_desc'>\n\t\t\t<div class='eventon_full_description'>\n\t\t\t\t<h3 class='padb5 evo_h3'><span class='evcal_evdata_icons'><i class='fa fa-align-justify'><\/i><\/span>Dettagli dell&#039;evento<\/h3>\n\t\t\t\t<div class='eventon_desc_in' itemprop='description'>\n\t\t\t\t<p><strong>Ogni venerd\u00ec dal 26 giugno all&#8217;11 settembre 2026<\/strong><\/p>\n<p>Laboratorio ambientale e artistico RespirArt, rivolto a tutti, grandi e piccini. Andremo alla scoperta delle opere d&#8217;arte in modo divertente.<br \/>\nAppuntamento alle 9.30 alla partenza della Seggiovia-Seminovia Agnello di Pampeago con la guida artistica, che vi consegner\u00e0 i semi per sorvolare il parco RespirArt. Partecipando al laboratorio artistico i bambini costruiranno piccole opere di land art utilizzando materiali naturali.<\/p>\n<p><strong>Prenotazione obbligatoria.<\/strong><\/p>\n<p>Clicca <a href=\"https:\/\/www.visitfiemme.it\/it\/eventi\/fiemme-cembra-guest-card\/esperienze\/esperienze-in-estate?re-product-id=211712\" target=\"_blank\" rel=\"noopener\">qui<\/a> per prenotare.<\/p>\n<\/div><p class='eventon_shad_p' style='padding:5px 0 0; margin:0'>\n\t\t\t<span class='evcal_btn evo_btn_secondary evobtn_details_show_more' content='less'>\n\t\t\t\t<span class='ev_more_text' data-txt='Meno'>Pi\u00f9<\/span><span class='ev_more_arrow ard'><\/span>\n\t\t\t<\/span>\n\t\t<\/p><div class='clear'><\/div>\n\t\t\t<\/div>\n\t\t<\/div>\n\t<\/div><\/div><\/div><div class='evocard_row bx2 bx'><div id='event_time' class='evocard_box time' data-c='' \n\t\t\t\t\tstyle=''><div class='evo_metarow_time evorow evcal_evdata_row evcal_evrow_sm '>\n\t\t<span class='evcal_evdata_icons'><i class='fa fa-clock'><\/i><\/span>\n\t\t<div class='evcal_evdata_cell'>\t\t\t\t\t\t\t\n\t\t\t<h3 class='evo_h3'><span class='evcal_evdata_icons'><i class='fa fa-clock'><\/i><\/span>Orario<\/h3><p><span class='evo_eventcard_time_t'>17 luglio 2026 09:30<\/span><span class='evo_tz marr5'>(GMT+02:00)<\/span><\/p>\n\t\t<\/div>\n\t<\/div><\/div><div id='event_location' class='evocard_box location' data-c='' \n\t\t\t\t\tstyle=''><div class='evcal_evdata_row evo_metarow_time_location evorow '>\n\t\t\n\t\t\t<span class='evcal_evdata_icons'><i class='fa fa-map-marker'><\/i><\/span>\n\t\t\t<div class='evcal_evdata_cell' data-loc_tax_id='30'><h3 class='evo_h3 evodfx'><span class='evcal_evdata_icons'><i class='fa fa-map-marker'><\/i><\/span>Luogo<\/h3><p class='evo_location_name'>Pampeago<\/p><p class='evo_location_address evodfxi evogap10'>Localit\u00e0 Pampeago, 8, 38038 Tesero TN<\/p><div class='padt10'><span class='evo_btn_arr evolb_trigger' data-lbvals=\"{&quot;lbc&quot;:&quot;evo_location_lb_30&quot;,&quot;lbac&quot;:&quot;lb_max&quot;,&quot;t&quot;:&quot;Pampeago&quot;,&quot;ajax&quot;:&quot;yes&quot;,&quot;ajax_type&quot;:&quot;endpoint&quot;,&quot;ajax_action&quot;:&quot;eventon_get_tax_card_content&quot;,&quot;end&quot;:&quot;client&quot;,&quot;d&quot;:{&quot;lang&quot;:&quot;L1&quot;,&quot;term_id&quot;:30,&quot;tax&quot;:&quot;event_location&quot;,&quot;load_lbcontent&quot;:true},&quot;uid&quot;:&quot;eventon_get_tax_card_content&quot;}\" >Other Events<i class='fa fa-chevron-right'><\/i><\/span><\/div><\/div>\n\t\t\n\t<\/div><\/div><\/div><div class='evocard_row bx2 bx'><div id='event_learnmore' class='evocard_box learnmore' data-c='' \n\t\t\t\t\tstyle=''><div class='evo_metarow_learnM evo_metarow_learnmore evorow'>\n\t\t\t\t\t\t\t<a class='evcal_evdata_row evo_clik_row ' href='http:\/\/www.respirart.com\/' target=\"_blank\">\n\t\t\t\t\t\t\t\t<span class='evcal_evdata_icons'><i class='fa fa-link'><\/i><\/span>\n\t\t\t\t\t\t\t\t<h3 class='evo_h3'>Scopri di pi\u00f9<\/h3>\n\t\t\t\t\t\t\t<\/a>\n\t\t\t\t\t\t\t<\/div><\/div><div id='event_addtocal' class='evocard_box addtocal' data-c='' \n\t\t\t\t\tstyle=''><div class='evo_metarow_ICS evorow evcal_evdata_row'>\n\t\t\t<span class='evcal_evdata_icons'><i class='fa fa-calendar-o'><\/i><\/span>\n\t\t\t<div class='evcal_evdata_cell'>\n\t\t\t\t<p><a href='https:\/\/latemarium.com\/it\/export-events\/2493_3\/?nonce=a3263097f9' class='evo_ics_nCal' title='Aggiungi al tuo calendario'>Calendario<\/a><a href='https:\/\/www.google.com\/calendar\/event?action=TEMPLATE&text=Respirart%3A+piccoli+artisti+in+natura&dates=20260717T073000Z%2F20260717T215900Z&ctz=Europe%2FRome&details=Respirart: piccoli artisti in natura&location=Pampeago+Localit%C3%A0+Pampeago%2C+8%2C+38038+Tesero+TN' target='_blank' class='evo_ics_gCal' title='Aggiungi al calendario di Google'>GoogleCal<\/a><\/p>\t\n\t\t\t<\/div>\n\t\t<\/div><\/div><\/div><div class='evocard_row'><div id='event_repeats' class='evocard_box repeats' data-c='' \n\t\t\t\t\tstyle=''><div class='evo_metarow_repeats evorow evcal_evdata_row evcal_evrow_sm '>\n\t\t<span class='evcal_evdata_icons'><i class='fa fa-repeat'><\/i><\/span>\n\t\t<div class='evcal_evdata_cell'>\t\t\t\t\t\t\t\n\t\t\t<h3 class='evo_h3'>Orari degli eventi futuri in questa serie di eventi ripetuti<\/h3><div class='evo_elm_HCS evo_repeat_series' style=''><span class='evo_elmHCS_nav HCSnavL evo_repeat_series content_slide_trig'><i class='fa fa-chevron-left'><\/i><\/span><span class='evo_elmHCS_nav HCSnavR evo_repeat_series content_slide_trig'><i class='fa fa-chevron-right'><\/i><\/span><div class='evo_elm_HCS_in'><div class='evo_repeat_series_dates clickable evodfx evofx_dr_r evogap10' data-click='1' data-event_url='https:\/\/latemarium.com\/it\/events\/respirart-piccoli-artisti-in-natura\/var\/ri-3.l-L1'><span class='evo_repeat_series_date evodfx evofx_dr_r evofx_ai_c evogap5 evobr15 evobrdB1 evocl1 evopad15 evottu evofz14 evocurp evo_trans_sc1_03 evoHbgcw' data-ux=\"def\" data-l=\"https:\/\/latemarium.com\/it\/events\/respirart-piccoli-artisti-in-natura\/var\/ri-4.l-L1\" ><span class='evodfx evofx_dr_c evotac evofx_jc_c'><b class='j evofz16'>24<\/b><b class='fy'>luglio <\/b><em class='t evofsn'>09:30 - 23:59<\/em><\/span><\/span><span class='evo_repeat_series_date evodfx evofx_dr_r evofx_ai_c evogap5 evobr15 evobrdB1 evocl1 evopad15 evottu evofz14 evocurp evo_trans_sc1_03 evoHbgcw' data-ux=\"def\" data-l=\"https:\/\/latemarium.com\/it\/events\/respirart-piccoli-artisti-in-natura\/var\/ri-5.l-L1\" ><span class='evodfx evofx_dr_c evotac evofx_jc_c'><b class='j evofz16'>31<\/b><b class='fy'>luglio <\/b><em class='t evofsn'>09:30 - 23:59<\/em><\/span><\/span><span class='evo_repeat_series_date evodfx evofx_dr_r evofx_ai_c evogap5 evobr15 evobrdB1 evocl1 evopad15 evottu evofz14 evocurp evo_trans_sc1_03 evoHbgcw' data-ux=\"def\" data-l=\"https:\/\/latemarium.com\/it\/events\/respirart-piccoli-artisti-in-natura\/var\/ri-6.l-L1\" ><span class='evodfx evofx_dr_c evotac evofx_jc_c'><b class='j evofz16'>7<\/b><b class='fy'>agosto <\/b><em class='t evofsn'>09:30 - 23:59<\/em><\/span><\/span><span class='evo_repeat_series_date evodfx evofx_dr_r evofx_ai_c evogap5 evobr15 evobrdB1 evocl1 evopad15 evottu evofz14 evocurp evo_trans_sc1_03 evoHbgcw' data-ux=\"def\" data-l=\"https:\/\/latemarium.com\/it\/events\/respirart-piccoli-artisti-in-natura\/var\/ri-7.l-L1\" ><span class='evodfx evofx_dr_c evotac evofx_jc_c'><b class='j evofz16'>14<\/b><b class='fy'>agosto <\/b><em class='t evofsn'>09:30 - 23:59<\/em><\/span><\/span><span class='evo_repeat_series_date evodfx evofx_dr_r evofx_ai_c evogap5 evobr15 evobrdB1 evocl1 evopad15 evottu evofz14 evocurp evo_trans_sc1_03 evoHbgcw' data-ux=\"def\" data-l=\"https:\/\/latemarium.com\/it\/events\/respirart-piccoli-artisti-in-natura\/var\/ri-8.l-L1\" ><span class='evodfx evofx_dr_c evotac evofx_jc_c'><b class='j evofz16'>21<\/b><b class='fy'>agosto <\/b><em class='t evofsn'>09:30 - 23:59<\/em><\/span><\/span><span class='evo_repeat_series_date evodfx evofx_dr_r evofx_ai_c evogap5 evobr15 evobrdB1 evocl1 evopad15 evottu evofz14 evocurp evo_trans_sc1_03 evoHbgcw' data-ux=\"def\" data-l=\"https:\/\/latemarium.com\/it\/events\/respirart-piccoli-artisti-in-natura\/var\/ri-9.l-L1\" ><span class='evodfx evofx_dr_c evotac evofx_jc_c'><b class='j evofz16'>28<\/b><b class='fy'>agosto <\/b><em class='t evofsn'>09:30 - 23:59<\/em><\/span><\/span><span class='evo_repeat_series_date evodfx evofx_dr_r evofx_ai_c evogap5 evobr15 evobrdB1 evocl1 evopad15 evottu evofz14 evocurp evo_trans_sc1_03 evoHbgcw' data-ux=\"def\" data-l=\"https:\/\/latemarium.com\/it\/events\/respirart-piccoli-artisti-in-natura\/var\/ri-10.l-L1\" ><span class='evodfx evofx_dr_c evotac evofx_jc_c'><b class='j evofz16'>4<\/b><b class='fy'>settembre <\/b><em class='t evofsn'>09:30 - 23:59<\/em><\/span><\/span><span class='evo_repeat_series_date evodfx evofx_dr_r evofx_ai_c evogap5 evobr15 evobrdB1 evocl1 evopad15 evottu evofz14 evocurp evo_trans_sc1_03 evoHbgcw' data-ux=\"def\" data-l=\"https:\/\/latemarium.com\/it\/events\/respirart-piccoli-artisti-in-natura\/var\/ri-11.l-L1\" ><span class='evodfx evofx_dr_c evotac evofx_jc_c'><b class='j evofz16'>11<\/b><b class='fy'>settembre <\/b><em class='t evofsn'>09:30 - 23:59<\/em><\/span><\/span><\/div><\/div><\/div><\/div><\/div><\/div><\/div><div class='evocard_row'><div id='event_getdirection' class='evocard_box getdirection' data-c='' \n\t\t\t\t\tstyle=''><div class='evo_metarow_getDr evorow evcal_evdata_row evcal_evrow_sm getdirections'>\n\t\t<form action='https:\/\/maps.google.com\/maps' method='get' target='_blank'>\n\t\t\t<input type='hidden' name='daddr' value=\"46.34343697644898,11.540997527961546\"\/> \n\t\t\t<div class='evo_get_direction_content evo_fx_dr_r evogap10'>\n\t\t\t\t<span class='evogetdir_header evodfx evofx_dr_r evofx_ai_c marr10'>\n\t\t\t\t\t<i class='mainicon fa fa-road'><\/i> \n\t\t\t\t\t<h3 class='evo_h3' style='padding-bottom:5px;'>Ottieni indicazioni stradali<\/h3>\n\t\t\t\t<\/span>\n\t\t\t\t<span class='evogetdir_field evodfx evofx_1_1 evo_fx_dr_c evow100p'>\t\t\t\t\t\n\t\t\t\t\t<input class='evoInput evotac' type='text' name='saddr' placeholder='Digitare l&#039;indirizzo per ottenere le indicazioni stradali' value='' style='margin:10px 0;'\/>\n\t\t\t\t<\/span>\n\t\t\t\t<button type='submit' class='evo_get_direction_button evo_btn_arr_circ dfx fx_ai_c' title='Fare clic qui per ottenere indicazioni'><i class='fa fa-chevron-right'><\/i> <\/button>\n\t\t\t<\/div>\n\t\t<\/form>\n\t<\/div><\/div><\/div><div class='evo_card_row_end evcal_close' title='Testo del pulsante Chiudi evento'><\/div><\/div><div class='clear end'><\/div><\/div><div id=\"event_2120_4\" class=\"eventon_list_event evo_eventtop scheduled  event clrD no_et event_2120_4\" data-event_id=\"2120\" data-ri=\"4r\" data-time=\"1784451600-1784498340\" data-colr=\"#006290\" itemscope itemtype='http:\/\/schema.org\/Event'><div class=\"evo_event_schema\" style=\"display:none\" ><a itemprop='url'  href='https:\/\/latemarium.com\/it\/events\/parola-di-nikolaus-drache\/var\/ri-4.l-L1'><\/a><meta itemprop='image' content=\"https:\/\/latemarium.com\/wp-content\/uploads\/2023\/06\/foresta-dei-draghi-6.jpg\" \/><meta itemprop='startDate' content=\"2026-7-19T11:00+0:00\" \/><meta itemprop='endDate' content=\"2026-7-19T23:59+0:00\" \/><meta itemprop='eventStatus' content=\"https:\/\/schema.org\/EventScheduled\" \/><meta itemprop='eventAttendanceMode'   itemscope itemtype=\"https:\/\/schema.org\/OfflineEventAttendanceMode\"\/><script type=\"application\/ld+json\">{\"@context\": \"http:\/\/schema.org\",\"@type\": \"Event\",\n\t\t\t\t\"@id\": \"event_2120_4\",\n\t\t\t\t\"eventAttendanceMode\":\"https:\/\/schema.org\/OfflineEventAttendanceMode\",\n\t\t\t\t\"eventStatus\":\"https:\/\/schema.org\/EventScheduled\",\n\t\t\t\t\"name\": \"Parola di Nikolaus Drache\",\n\t\t\t\t\"url\": \"https:\/\/latemarium.com\/it\/events\/parola-di-nikolaus-drache\/var\/ri-4.l-L1\",\n\t\t\t\t\"startDate\": \"2026-7-19T11:00+0:00\",\n\t\t\t\t\"endDate\": \"2026-7-19T23:59+0:00\",\n\t\t\t\t\"image\":\"https:\/\/latemarium.com\/wp-content\/uploads\/2023\/06\/foresta-dei-draghi-6.jpg\", \n\t\t\t\t\"description\":\"<p>Saltano, corrono, strisciano, volano! Eppure\u2026 non \u00e8 facile vederli!<br \/> Sanno nascondersi bene\u2026 gli squamosi furbacchioni! Chi sono? Ma i draghi del Latemar! Incontrarne uno, anche uno solo, sar\u00e0 un\u2019esperienza meravigliosa! Parola di Nikolaus Drache.<\/p> <p>domenica e luned\u00ec: dal 5 luglio al 24 agosto 2026<br \/> a monte della telecabina Predazzo-Gardon\u00e8<br \/> ore 11.00 e ore 14.30<br \/> spettacoli itineranti sul sentiero della Foresta dei Draghi<br \/> adatto a famiglie e bambini dai 2 anni in su\u00a0(durata 1h30\u2019)<\/p> \"}<\/script><\/div>\r\n\t\t\t\t<p class=\"desc_trig_outter\" style=\"\"><a data-gmap_status=\"null\" data-exlk=\"0\" style=\"background-color: #006290;\" id=\"evc_17844516002120\" class=\"hasFtIMG event_repeat desc_trig sin_val evcal_list_a\" data-ux_val=\"3\" data-ux_val_mob=\"-\"  ><span class='evoet_c1 evoet_cx '><span class='ev_ftImg' data-img='https:\/\/latemarium.com\/wp-content\/uploads\/2023\/06\/foresta-dei-draghi-6.jpg' data-thumb='https:\/\/latemarium.com\/wp-content\/uploads\/2023\/06\/foresta-dei-draghi-6-300x200.jpg' style='background-image:url(\"https:\/\/latemarium.com\/wp-content\/uploads\/2023\/06\/foresta-dei-draghi-6-300x200.jpg\")' ><\/span><\/span><span class='evoet_c2 evoet_cx '><span class='evoet_dayblock evcal_cblock ' data-bgcolor='#006290' data-smon='luglio' data-syr='2026' data-bub=''><span class='evo_start '><em class='date'>19<\/em><em class='month'>lug<\/em><em class='time'>11:00<\/em><\/span><\/span><\/span><span class='evoet_c3 evoet_cx evcal_desc hide_eventtopdata '><span class='evoet_title evcal_desc2 evcal_event_title ' itemprop='name'>Parola di Nikolaus Drache<\/span><span class='event_location_attrs' data-location_type=\"lonlat\" data-location_name=\"A monte della telecabina Predazzo-Gardon\u00e8\" data-location_url=\"https:\/\/latemarium.com\/it\/event-location\/a-monte-della-telecabina-predazzo-gardone\/\" data-location_status=\"true\" data-latlng=\"46.32878794406342,11.600176728690842\"><\/span><span class='evoet_subtitle evo_below_title' ><span class='evcal_event_subtitle ' >Spettacolo itinerante sul sentiero della Foresta dei Draghi<\/span><\/span><span class='evoet_time_expand level_3'><em class='evcal_time evo_tz_time'><i class='fa fa-clock-o'><\/i>11:00<span class='evo_tz marl5'>(GMT+02:00)<\/span><\/em> <\/span><span class='evoet_location level_3'><em class=\"evcal_location\"  data-latlng=\"46.32878794406342,11.600176728690842\" data-add_str=\"\" data-n=\"A monte della telecabina Predazzo-Gardon\u00e8\"><i class=\"fa fa-location-pin\"><\/i><em class=\"event_location_name\">A monte della telecabina Predazzo-Gardon\u00e8<\/em><\/em><\/span><\/span><span class='evoet_data' data-d=\"{&quot;loc.n&quot;:&quot;A monte della telecabina Predazzo-Gardon\\u00e8&quot;,&quot;orgs&quot;:[],&quot;tags&quot;:{&quot;repeating&quot;:&quot;Repeating Event&quot;}}\" data-bgc=\"#006290\" data-bggrad=\"\" ><\/span><\/a><\/p><div class='event_description evcal_eventcard ' style=\"display:none\"><div class='evocard_row'><div id='event_ftimage' class='evocard_box ftimage' data-c='' \n\t\t\t\t\tstyle=''><div class='evocard_main_image_hold' data-t='Loading Image..'><div class='evocard_main_image evo_img_triglb evobr15 evobgsc evobgpc evodfx evofx_jc_c evofx_ai_c evofz48 minmized' style='height:300px; background-image:url();' data-f=\"https:\/\/latemarium.com\/wp-content\/uploads\/2023\/06\/foresta-dei-draghi-6.jpg\" data-h=\"800\" data-w=\"1200\" data-ratio=\"0.66666666666667\" data-event_id=\"2120\" data-ri=\"4\"  data-t='Loading Image..'><span style='height:300px; background-image:url(https:\/\/latemarium.com\/wp-content\/uploads\/2023\/06\/foresta-dei-draghi-6.jpg)'><\/span><\/div><\/div><\/div><\/div><div class='evocard_row'><div id='event_eventdetails' class='evocard_box eventdetails' data-c='' \n\t\t\t\t\tstyle=''><div class='evo_metarow_details evorow evcal_evdata_row evcal_event_details'>\n\t\t<div class=\"event_excerpt\" style=\"display:none\"><h3 class=\"padb5 evo_h3\">Dettagli dell&#039;evento<\/h3><p>Saltano, corrono, strisciano, volano! Eppure\u2026 non \u00e8 facile vederli!\nSanno nascondersi bene\u2026 gli squamosi furbacchioni! Chi sono? Ma i draghi del Latemar! Incontrarne uno, anche uno solo, sar\u00e0 un\u2019esperienza meravigliosa!<\/p><\/div><span class='evcal_evdata_icons'><i class='fa fa-align-justify'><\/i><\/span>\n\t\t\n\t\t<div class='evcal_evdata_cell '>\n\t\t\t<div class='eventon_full_description'>\n\t\t\t\t<h3 class='padb5 evo_h3'><span class='evcal_evdata_icons'><i class='fa fa-align-justify'><\/i><\/span>Dettagli dell&#039;evento<\/h3>\n\t\t\t\t<div class='eventon_desc_in' itemprop='description'>\n\t\t\t\t<p>Saltano, corrono, strisciano, volano! Eppure\u2026 non \u00e8 facile vederli!<br \/>\nSanno nascondersi bene\u2026 gli squamosi furbacchioni! Chi sono? Ma i draghi del Latemar! Incontrarne uno, anche uno solo, sar\u00e0 un\u2019esperienza meravigliosa! Parola di Nikolaus Drache.<\/p>\n<p>domenica e luned\u00ec: dal 5 luglio al 24 agosto 2026<br \/>\na monte della telecabina Predazzo-Gardon\u00e8<br \/>\nore 11.00 e ore 14.30<br \/>\nspettacoli itineranti sul sentiero della Foresta dei Draghi<br \/>\nadatto a famiglie e bambini dai 2 anni in su\u00a0(durata 1h30\u2019)<\/p>\n<\/div><div class='clear'><\/div>\n\t\t\t<\/div>\n\t\t<\/div>\n\t<\/div><\/div><\/div><div class='evocard_row bx2 bx'><div id='event_time' class='evocard_box time' data-c='' \n\t\t\t\t\tstyle=''><div class='evo_metarow_time evorow evcal_evdata_row evcal_evrow_sm '>\n\t\t<span class='evcal_evdata_icons'><i class='fa fa-clock'><\/i><\/span>\n\t\t<div class='evcal_evdata_cell'>\t\t\t\t\t\t\t\n\t\t\t<h3 class='evo_h3'><span class='evcal_evdata_icons'><i class='fa fa-clock'><\/i><\/span>Orario<\/h3><p><span class='evo_eventcard_time_t'>19 luglio 2026 11:00<\/span><span class='evo_tz marr5'>(GMT+02:00)<\/span><\/p>\n\t\t<\/div>\n\t<\/div><\/div><div id='event_location' class='evocard_box location' data-c='' \n\t\t\t\t\tstyle=''><div class='evcal_evdata_row evo_metarow_time_location evorow '>\n\t\t\n\t\t\t<span class='evcal_evdata_icons'><i class='fa fa-map-marker'><\/i><\/span>\n\t\t\t<div class='evcal_evdata_cell' data-loc_tax_id='34'><h3 class='evo_h3 evodfx'><span class='evcal_evdata_icons'><i class='fa fa-map-marker'><\/i><\/span>Luogo<\/h3><p class='evo_location_name'>A monte della telecabina Predazzo-Gardon\u00e8<\/p><div class='padt10'><span class='evo_btn_arr evolb_trigger' data-lbvals=\"{&quot;lbc&quot;:&quot;evo_location_lb_34&quot;,&quot;lbac&quot;:&quot;lb_max&quot;,&quot;t&quot;:&quot;A monte della telecabina Predazzo-Gardon\\u00e8&quot;,&quot;ajax&quot;:&quot;yes&quot;,&quot;ajax_type&quot;:&quot;endpoint&quot;,&quot;ajax_action&quot;:&quot;eventon_get_tax_card_content&quot;,&quot;end&quot;:&quot;client&quot;,&quot;d&quot;:{&quot;lang&quot;:&quot;L1&quot;,&quot;term_id&quot;:34,&quot;tax&quot;:&quot;event_location&quot;,&quot;load_lbcontent&quot;:true},&quot;uid&quot;:&quot;eventon_get_tax_card_content&quot;}\" >Other Events<i class='fa fa-chevron-right'><\/i><\/span><\/div><\/div>\n\t\t\n\t<\/div><\/div><\/div><div class='evocard_row bx2 bx'><div id='event_learnmore' class='evocard_box learnmore' data-c='' \n\t\t\t\t\tstyle=''><div class='evo_metarow_learnM evo_metarow_learnmore evorow'>\n\t\t\t\t\t\t\t<a class='evcal_evdata_row evo_clik_row ' href='https:\/\/www.montagnanimata.it\/spettacoli\/' target=\"_blank\">\n\t\t\t\t\t\t\t\t<span class='evcal_evdata_icons'><i class='fa fa-link'><\/i><\/span>\n\t\t\t\t\t\t\t\t<h3 class='evo_h3'>Scopri di pi\u00f9<\/h3>\n\t\t\t\t\t\t\t<\/a>\n\t\t\t\t\t\t\t<\/div><\/div><div id='event_addtocal' class='evocard_box addtocal' data-c='' \n\t\t\t\t\tstyle=''><div class='evo_metarow_ICS evorow evcal_evdata_row'>\n\t\t\t<span class='evcal_evdata_icons'><i class='fa fa-calendar-o'><\/i><\/span>\n\t\t\t<div class='evcal_evdata_cell'>\n\t\t\t\t<p><a href='https:\/\/latemarium.com\/it\/export-events\/2120_4\/?nonce=a3263097f9' class='evo_ics_nCal' title='Aggiungi al tuo calendario'>Calendario<\/a><a href='https:\/\/www.google.com\/calendar\/event?action=TEMPLATE&text=Parola+di+Nikolaus+Drache&dates=20260719T090000Z%2F20260719T215900Z&ctz=Europe%2FRome&details=Parola di Nikolaus Drache&location=A+monte+della+telecabina+Predazzo-Gardon%C3%A8' target='_blank' class='evo_ics_gCal' title='Aggiungi al calendario di Google'>GoogleCal<\/a><\/p>\t\n\t\t\t<\/div>\n\t\t<\/div><\/div><\/div><div class='evocard_row'><div id='event_getdirection' class='evocard_box getdirection' data-c='' \n\t\t\t\t\tstyle=''><div class='evo_metarow_getDr evorow evcal_evdata_row evcal_evrow_sm getdirections'>\n\t\t<form action='https:\/\/maps.google.com\/maps' method='get' target='_blank'>\n\t\t\t<input type='hidden' name='daddr' value=\"46.32878794406342,11.600176728690842\"\/> \n\t\t\t<div class='evo_get_direction_content evo_fx_dr_r evogap10'>\n\t\t\t\t<span class='evogetdir_header evodfx evofx_dr_r evofx_ai_c marr10'>\n\t\t\t\t\t<i class='mainicon fa fa-road'><\/i> \n\t\t\t\t\t<h3 class='evo_h3' style='padding-bottom:5px;'>Ottieni indicazioni stradali<\/h3>\n\t\t\t\t<\/span>\n\t\t\t\t<span class='evogetdir_field evodfx evofx_1_1 evo_fx_dr_c evow100p'>\t\t\t\t\t\n\t\t\t\t\t<input class='evoInput evotac' type='text' name='saddr' placeholder='Digitare l&#039;indirizzo per ottenere le indicazioni stradali' value='' style='margin:10px 0;'\/>\n\t\t\t\t<\/span>\n\t\t\t\t<button type='submit' class='evo_get_direction_button evo_btn_arr_circ dfx fx_ai_c' title='Fare clic qui per ottenere indicazioni'><i class='fa fa-chevron-right'><\/i> <\/button>\n\t\t\t<\/div>\n\t\t<\/form>\n\t<\/div><\/div><\/div><div class='evo_card_row_end evcal_close' title='Testo del pulsante Chiudi evento'><\/div><\/div><div class='clear end'><\/div><\/div><div id=\"event_2149_7\" class=\"eventon_list_event evo_eventtop scheduled  event clrW no_et event_2149_7\" data-event_id=\"2149\" data-ri=\"7r\" data-time=\"1784467200-1784498340\" data-colr=\"#b8d989\" itemscope itemtype='http:\/\/schema.org\/Event'><div class=\"evo_event_schema\" style=\"display:none\" ><a itemprop='url'  href='https:\/\/latemarium.com\/it\/events\/i-suoni-e-la-vita-della-malga\/var\/ri-7.l-L1'><\/a><meta itemprop='image' content=\"https:\/\/latemarium.com\/wp-content\/uploads\/2023\/06\/suoni-vita-malga.jpg\" \/><meta itemprop='startDate' content=\"2026-7-19T15:20+0:00\" \/><meta itemprop='endDate' content=\"2026-7-19T23:59+0:00\" \/><meta itemprop='eventStatus' content=\"https:\/\/schema.org\/EventScheduled\" \/><meta itemprop='eventAttendanceMode'   itemscope itemtype=\"https:\/\/schema.org\/OfflineEventAttendanceMode\"\/><div style=\"display:none\" itemprop=\"location\" itemscope itemtype=\"http:\/\/schema.org\/Place\"><span itemprop=\"name\">Pampeago<\/span><span itemprop=\"address\" itemscope itemtype=\"http:\/\/schema.org\/PostalAddress\"><item itemprop=\"streetAddress\">Localit\u00e0 Pampeago, 8, 38038 Tesero TN<\/item><\/span><\/div><script type=\"application\/ld+json\">{\"@context\": \"http:\/\/schema.org\",\"@type\": \"Event\",\n\t\t\t\t\"@id\": \"event_2149_7\",\n\t\t\t\t\"eventAttendanceMode\":\"https:\/\/schema.org\/OfflineEventAttendanceMode\",\n\t\t\t\t\"eventStatus\":\"https:\/\/schema.org\/EventScheduled\",\n\t\t\t\t\"name\": \"I suoni e la vita della malga\",\n\t\t\t\t\"url\": \"https:\/\/latemarium.com\/it\/events\/i-suoni-e-la-vita-della-malga\/var\/ri-7.l-L1\",\n\t\t\t\t\"startDate\": \"2026-7-19T15:20+0:00\",\n\t\t\t\t\"endDate\": \"2026-7-19T23:59+0:00\",\n\t\t\t\t\"image\":\"https:\/\/latemarium.com\/wp-content\/uploads\/2023\/06\/suoni-vita-malga.jpg\", \n\t\t\t\t\"description\":\"<p>Ritrovo presso parcheggio seggiovia Tresca (raggiungibile in auto da Pampeago \u2013 SOLO per chi prenota l&#8217;attivit\u00e0).<\/p> <p>Dopo una breve passeggiata fino a Malga Pampeago, bambini e genitori scoprono la vita e i suoni quotidiani che scandiscono la vita dei malgari, fra mucche, vitellini, asinelli e maiali.<\/p> <p>A fine attivit\u00e0 ci sar\u00e0 una piccola merenda che i bambini potranno gustarsi o portarsi a casa.<\/p> <p>Attivit\u00e0 possibile anche con passeggino country.<\/p> <p>Prenotazione obbligatoria.<\/p> <p>Prenotazione obbligatoria. Clicca <a href='https:\/\/www.visitfiemme.it\/it\/eventi\/fiemme-cembra-guest-card\/esperienze\/esperienze-in-estate?re-product-id=211655' target='_blank' rel='noopener'>qui<\/a>\u00a0per prenotare.<\/p> \",\"location\":[{\"@type\":\"Place\",\"name\":\"Pampeago\",\"address\":{\"@type\": \"PostalAddress\",\"streetAddress\":\"Localit\u00e0 Pampeago, 8, 38038 Tesero TN\"}}]}<\/script><\/div>\r\n\t\t\t\t<p class=\"desc_trig_outter\" style=\"\"><a data-gmtrig=\"1\" data-exlk=\"0\" style=\"background-color: #b8d989;\" id=\"evc_17844672002149\" class=\"hasFtIMG event_repeat desc_trig sin_val evcal_list_a\" data-ux_val=\"3\" data-ux_val_mob=\"-\"  ><span class='evoet_c1 evoet_cx '><span class='ev_ftImg' data-img='https:\/\/latemarium.com\/wp-content\/uploads\/2023\/06\/suoni-vita-malga.jpg' data-thumb='https:\/\/latemarium.com\/wp-content\/uploads\/2023\/06\/suoni-vita-malga-300x225.jpg' style='background-image:url(\"https:\/\/latemarium.com\/wp-content\/uploads\/2023\/06\/suoni-vita-malga-300x225.jpg\")' ><\/span><\/span><span class='evoet_c2 evoet_cx '><span class='evoet_dayblock evcal_cblock ' data-bgcolor='#b8d989' data-smon='luglio' data-syr='2026' data-bub=''><span class='evo_start '><em class='date'>19<\/em><em class='month'>lug<\/em><em class='time'>15:20<\/em><\/span><\/span><\/span><span class='evoet_c3 evoet_cx evcal_desc hide_eventtopdata '><span class='evoet_title evcal_desc2 evcal_event_title ' itemprop='name'>I suoni e la vita della malga<\/span><span class='event_location_attrs'  data-location_address=\"Localit\u00e0 Pampeago, 8, 38038 Tesero TN\" data-location_type=\"lonlat\" data-location_name=\"Pampeago\" data-location_url=\"https:\/\/latemarium.com\/it\/event-location\/pampeago\/\" data-location_status=\"true\" data-latlng=\"46.34343697644898,11.540997527961546\"><\/span><span class='evoet_subtitle evo_below_title' ><span class='evcal_event_subtitle ' >Alla scoperta della vita dei malgari<\/span><\/span><span class='evoet_time_expand level_3'><em class='evcal_time evo_tz_time'><i class='fa fa-clock-o'><\/i>15:20<span class='evo_tz marl5'>(GMT+02:00)<\/span><\/em> <\/span><span class='evoet_location level_3'><em class=\"evcal_location\"  data-latlng=\"46.34343697644898,11.540997527961546\" data-add_str=\"Localit\u00e0 Pampeago, 8, 38038 Tesero TN\" data-n=\"Pampeago\"><i class=\"fa fa-location-pin\"><\/i><em class=\"event_location_name\">Pampeago<\/em>, Localit\u00e0 Pampeago, 8, 38038 Tesero TN<\/em><\/span><\/span><span class='evoet_data' data-d=\"{&quot;loc.n&quot;:&quot;Pampeago&quot;,&quot;orgs&quot;:[],&quot;tags&quot;:{&quot;repeating&quot;:&quot;Repeating Event&quot;}}\" data-bgc=\"#b8d989\" data-bggrad=\"\" ><\/span><\/a><\/p><div class='event_description evcal_eventcard ' style=\"display:none\"><div class='evocard_row'><div id='event_ftimage' class='evocard_box ftimage' data-c='' \n\t\t\t\t\tstyle=''><div class='evocard_main_image_hold' data-t='Loading Image..'><div class='evocard_main_image evo_img_triglb evobr15 evobgsc evobgpc evodfx evofx_jc_c evofx_ai_c evofz48 minmized' style='height:300px; background-image:url();' data-f=\"https:\/\/latemarium.com\/wp-content\/uploads\/2023\/06\/suoni-vita-malga.jpg\" data-h=\"796\" data-w=\"1062\" data-ratio=\"0.74952919020716\" data-event_id=\"2149\" data-ri=\"7\"  data-t='Loading Image..'><span style='height:300px; background-image:url(https:\/\/latemarium.com\/wp-content\/uploads\/2023\/06\/suoni-vita-malga.jpg)'><\/span><\/div><\/div><\/div><\/div><div class='evocard_row'><div id='event_eventdetails' class='evocard_box eventdetails' data-c='' \n\t\t\t\t\tstyle=''><div class='evo_metarow_details evorow evcal_evdata_row evcal_event_details'>\n\t\t<div class=\"event_excerpt\" style=\"display:none\"><h3 class=\"padb5 evo_h3\">Dettagli dell&#039;evento<\/h3><p>Ritrovo presso parcheggio seggiovia Tresca (raggiungibile in auto da Pampeago \u2013 SOLO per chi prenota l&#8217;attivit\u00e0).\nDopo una breve passeggiata fino a Malga Pampeago, bambini e genitori scoprono la vita e<\/p><\/div><span class='evcal_evdata_icons'><i class='fa fa-align-justify'><\/i><\/span>\n\t\t\n\t\t<div class='evcal_evdata_cell shorter_desc'>\n\t\t\t<div class='eventon_full_description'>\n\t\t\t\t<h3 class='padb5 evo_h3'><span class='evcal_evdata_icons'><i class='fa fa-align-justify'><\/i><\/span>Dettagli dell&#039;evento<\/h3>\n\t\t\t\t<div class='eventon_desc_in' itemprop='description'>\n\t\t\t\t<p>Ritrovo presso parcheggio seggiovia Tresca (raggiungibile in auto da Pampeago \u2013 SOLO per chi prenota l&#8217;attivit\u00e0).<\/p>\n<p>Dopo una breve passeggiata fino a Malga Pampeago, bambini e genitori scoprono la vita e i suoni quotidiani che scandiscono la vita dei malgari, fra mucche, vitellini, asinelli e maiali.<\/p>\n<p>A fine attivit\u00e0 ci sar\u00e0 una piccola merenda che i bambini potranno gustarsi o portarsi a casa.<\/p>\n<p>Attivit\u00e0 possibile anche con passeggino country.<\/p>\n<p>Prenotazione obbligatoria.<\/p>\n<p>Prenotazione obbligatoria. Clicca <a href=\"https:\/\/www.visitfiemme.it\/it\/eventi\/fiemme-cembra-guest-card\/esperienze\/esperienze-in-estate?re-product-id=211655\" target=\"_blank\" rel=\"noopener\">qui<\/a>\u00a0per prenotare.<\/p>\n<\/div><p class='eventon_shad_p' style='padding:5px 0 0; margin:0'>\n\t\t\t<span class='evcal_btn evo_btn_secondary evobtn_details_show_more' content='less'>\n\t\t\t\t<span class='ev_more_text' data-txt='Meno'>Pi\u00f9<\/span><span class='ev_more_arrow ard'><\/span>\n\t\t\t<\/span>\n\t\t<\/p><div class='clear'><\/div>\n\t\t\t<\/div>\n\t\t<\/div>\n\t<\/div><\/div><\/div><div class='evocard_row bx2 bx'><div id='event_time' class='evocard_box time' data-c='' \n\t\t\t\t\tstyle=''><div class='evo_metarow_time evorow evcal_evdata_row evcal_evrow_sm '>\n\t\t<span class='evcal_evdata_icons'><i class='fa fa-clock'><\/i><\/span>\n\t\t<div class='evcal_evdata_cell'>\t\t\t\t\t\t\t\n\t\t\t<h3 class='evo_h3'><span class='evcal_evdata_icons'><i class='fa fa-clock'><\/i><\/span>Orario<\/h3><p><span class='evo_eventcard_time_t'>19 luglio 2026 15:20<\/span><span class='evo_tz marr5'>(GMT+02:00)<\/span><\/p>\n\t\t<\/div>\n\t<\/div><\/div><div id='event_location' class='evocard_box location' data-c='' \n\t\t\t\t\tstyle=''><div class='evcal_evdata_row evo_metarow_time_location evorow '>\n\t\t\n\t\t\t<span class='evcal_evdata_icons'><i class='fa fa-map-marker'><\/i><\/span>\n\t\t\t<div class='evcal_evdata_cell' data-loc_tax_id='30'><h3 class='evo_h3 evodfx'><span class='evcal_evdata_icons'><i class='fa fa-map-marker'><\/i><\/span>Luogo<\/h3><p class='evo_location_name'>Pampeago<\/p><p class='evo_location_address evodfxi evogap10'>Localit\u00e0 Pampeago, 8, 38038 Tesero TN<\/p><div class='padt10'><span class='evo_btn_arr evolb_trigger' data-lbvals=\"{&quot;lbc&quot;:&quot;evo_location_lb_30&quot;,&quot;lbac&quot;:&quot;lb_max&quot;,&quot;t&quot;:&quot;Pampeago&quot;,&quot;ajax&quot;:&quot;yes&quot;,&quot;ajax_type&quot;:&quot;endpoint&quot;,&quot;ajax_action&quot;:&quot;eventon_get_tax_card_content&quot;,&quot;end&quot;:&quot;client&quot;,&quot;d&quot;:{&quot;lang&quot;:&quot;L1&quot;,&quot;term_id&quot;:30,&quot;tax&quot;:&quot;event_location&quot;,&quot;load_lbcontent&quot;:true},&quot;uid&quot;:&quot;eventon_get_tax_card_content&quot;}\" >Other Events<i class='fa fa-chevron-right'><\/i><\/span><\/div><\/div>\n\t\t\n\t<\/div><\/div><\/div><div class='evocard_row'><div id='event_addtocal' class='evocard_box addtocal' data-c='' \n\t\t\t\t\tstyle=''><div class='evo_metarow_ICS evorow evcal_evdata_row'>\n\t\t\t<span class='evcal_evdata_icons'><i class='fa fa-calendar-o'><\/i><\/span>\n\t\t\t<div class='evcal_evdata_cell'>\n\t\t\t\t<p><a href='https:\/\/latemarium.com\/it\/export-events\/2149_7\/?nonce=a3263097f9' class='evo_ics_nCal' title='Aggiungi al tuo calendario'>Calendario<\/a><a href='https:\/\/www.google.com\/calendar\/event?action=TEMPLATE&text=I+suoni+e+la+vita+della+malga&dates=20260719T132000Z%2F20260719T215900Z&ctz=Europe%2FRome&details=I suoni e la vita della malga&location=Pampeago+Localit%C3%A0+Pampeago%2C+8%2C+38038+Tesero+TN' target='_blank' class='evo_ics_gCal' title='Aggiungi al calendario di Google'>GoogleCal<\/a><\/p>\t\n\t\t\t<\/div>\n\t\t<\/div><\/div><\/div><div class='evocard_row'><div id='event_getdirection' class='evocard_box getdirection' data-c='' \n\t\t\t\t\tstyle=''><div class='evo_metarow_getDr evorow evcal_evdata_row evcal_evrow_sm getdirections'>\n\t\t<form action='https:\/\/maps.google.com\/maps' method='get' target='_blank'>\n\t\t\t<input type='hidden' name='daddr' value=\"46.34343697644898,11.540997527961546\"\/> \n\t\t\t<div class='evo_get_direction_content evo_fx_dr_r evogap10'>\n\t\t\t\t<span class='evogetdir_header evodfx evofx_dr_r evofx_ai_c marr10'>\n\t\t\t\t\t<i class='mainicon fa fa-road'><\/i> \n\t\t\t\t\t<h3 class='evo_h3' style='padding-bottom:5px;'>Ottieni indicazioni stradali<\/h3>\n\t\t\t\t<\/span>\n\t\t\t\t<span class='evogetdir_field evodfx evofx_1_1 evo_fx_dr_c evow100p'>\t\t\t\t\t\n\t\t\t\t\t<input class='evoInput evotac' type='text' name='saddr' placeholder='Digitare l&#039;indirizzo per ottenere le indicazioni stradali' value='' style='margin:10px 0;'\/>\n\t\t\t\t<\/span>\n\t\t\t\t<button type='submit' class='evo_get_direction_button evo_btn_arr_circ dfx fx_ai_c' title='Fare clic qui per ottenere indicazioni'><i class='fa fa-chevron-right'><\/i> <\/button>\n\t\t\t<\/div>\n\t\t<\/form>\n\t<\/div><\/div><\/div><div class='evo_card_row_end evcal_close' title='Testo del pulsante Chiudi evento'><\/div><\/div><div class='clear end'><\/div><\/div><div id=\"event_2114_3\" class=\"eventon_list_event evo_eventtop scheduled  event clrW no_et event_2114_3\" data-event_id=\"2114\" data-ri=\"3r\" data-time=\"1784532600-1784584740\" data-colr=\"#ffa024\" itemscope itemtype='http:\/\/schema.org\/Event'><div class=\"evo_event_schema\" style=\"display:none\" ><a itemprop='url'  href='https:\/\/latemarium.com\/it\/events\/geotrekking-monte-agnello\/var\/ri-3.l-L1'><\/a><meta itemprop='image' content=\"https:\/\/latemarium.com\/wp-content\/uploads\/2023\/06\/geotrail-monte-agnello.jpg\" \/><meta itemprop='startDate' content=\"2026-7-20T09:30+0:00\" \/><meta itemprop='endDate' content=\"2026-7-20T23:59+0:00\" \/><meta itemprop='eventStatus' content=\"https:\/\/schema.org\/EventScheduled\" \/><meta itemprop='eventAttendanceMode'   itemscope itemtype=\"https:\/\/schema.org\/OfflineEventAttendanceMode\"\/><div style=\"display:none\" itemprop=\"location\" itemscope itemtype=\"http:\/\/schema.org\/Place\"><span itemprop=\"name\">Rifugio Agnello<\/span><span itemprop=\"address\" itemscope itemtype=\"http:\/\/schema.org\/PostalAddress\"><item itemprop=\"streetAddress\">Loc. Pampeago, 9, 38038 Tesero TN<\/item><\/span><\/div><script type=\"application\/ld+json\">{\"@context\": \"http:\/\/schema.org\",\"@type\": \"Event\",\n\t\t\t\t\"@id\": \"event_2114_3\",\n\t\t\t\t\"eventAttendanceMode\":\"https:\/\/schema.org\/OfflineEventAttendanceMode\",\n\t\t\t\t\"eventStatus\":\"https:\/\/schema.org\/EventScheduled\",\n\t\t\t\t\"name\": \"Geotrekking Monte Agnello\",\n\t\t\t\t\"url\": \"https:\/\/latemarium.com\/it\/events\/geotrekking-monte-agnello\/var\/ri-3.l-L1\",\n\t\t\t\t\"startDate\": \"2026-7-20T09:30+0:00\",\n\t\t\t\t\"endDate\": \"2026-7-20T23:59+0:00\",\n\t\t\t\t\"image\":\"https:\/\/latemarium.com\/wp-content\/uploads\/2023\/06\/geotrail-monte-agnello.jpg\", \n\t\t\t\t\"description\":\"<p><strong>Scenografico itinerario geologico<\/strong> ad anello alla scoperta dell\u2019antico vulcano di Predazzo, guidati da un esperto Geologo e Accompagnatore di Media Montagna.<\/p> <p>Una camminata sulle tracce della Pompei del Triassico del Monte Agnello, dove lave, ceneri e lapilli hanno seppellito un antico atollo tropicale.<\/p> <p>Il percorso \u00e8 semplice, con sentieri ben percorribili, dislivello 350 metri circa.<\/p> <p><strong>Prenotazione obbligatoria<\/strong>.<\/p> <p>Attivit\u00e0 gratuita.<\/p> <p>Clicca <a href='https:\/\/www.visitfiemme.it\/it\/eventi\/fiemme-cembra-guest-card\/esperienze\/esperienze-in-estate?re-product-id=211508' target='_blank' rel='noopener'>qui<\/a>\u00a0per prenotare.<\/p> \",\"location\":[{\"@type\":\"Place\",\"name\":\"Rifugio Agnello\",\"address\":{\"@type\": \"PostalAddress\",\"streetAddress\":\"Loc. Pampeago, 9, 38038 Tesero TN\"}}]}<\/script><\/div>\r\n\t\t\t\t<p class=\"desc_trig_outter\" style=\"\"><a data-gmtrig=\"1\" data-exlk=\"0\" style=\"background-color: #ffa024;\" id=\"evc_17845326002114\" class=\"hasFtIMG event_repeat desc_trig sin_val evcal_list_a\" data-ux_val=\"3\" data-ux_val_mob=\"-\"  ><span class='evoet_c1 evoet_cx '><span class='ev_ftImg' data-img='https:\/\/latemarium.com\/wp-content\/uploads\/2023\/06\/geotrail-monte-agnello.jpg' data-thumb='https:\/\/latemarium.com\/wp-content\/uploads\/2023\/06\/geotrail-monte-agnello-300x240.jpg' style='background-image:url(\"https:\/\/latemarium.com\/wp-content\/uploads\/2023\/06\/geotrail-monte-agnello-300x240.jpg\")' ><\/span><\/span><span class='evoet_c2 evoet_cx '><span class='evoet_dayblock evcal_cblock ' data-bgcolor='#ffa024' data-smon='luglio' data-syr='2026' data-bub=''><span class='evo_start '><em class='date'>20<\/em><em class='month'>lug<\/em><em class='time'>09:30<\/em><\/span><\/span><\/span><span class='evoet_c3 evoet_cx evcal_desc hide_eventtopdata '><span class='evoet_title evcal_desc2 evcal_event_title ' itemprop='name'>Geotrekking Monte Agnello<\/span><span class='event_location_attrs'  data-location_address=\"Loc. Pampeago, 9, 38038 Tesero TN\" data-location_type=\"lonlat\" data-location_name=\"Rifugio Agnello\" data-location_url=\"https:\/\/latemarium.com\/it\/event-location\/rifugio-agnello\/\" data-location_status=\"true\" data-latlng=\"46.333809095680266,11.547693182509184\"><\/span><span class='evoet_subtitle evo_below_title' ><span class='evcal_event_subtitle ' >itinerario geologico ad anello alla scoperta dell\u2019antico vulcano di Predazzo<\/span><\/span><span class='evoet_time_expand level_3'><em class='evcal_time evo_tz_time'><i class='fa fa-clock-o'><\/i>09:30<span class='evo_tz marl5'>(GMT+02:00)<\/span><\/em> <\/span><span class='evoet_location level_3'><em class=\"evcal_location\"  data-latlng=\"46.333809095680266,11.547693182509184\" data-add_str=\"Loc. Pampeago, 9, 38038 Tesero TN\" data-n=\"Rifugio Agnello\"><i class=\"fa fa-location-pin\"><\/i><em class=\"event_location_name\">Rifugio Agnello<\/em>, Loc. Pampeago, 9, 38038 Tesero TN<\/em><\/span><\/span><span class='evoet_data' data-d=\"{&quot;loc.n&quot;:&quot;Rifugio Agnello&quot;,&quot;orgs&quot;:[],&quot;tags&quot;:{&quot;repeating&quot;:&quot;Repeating Event&quot;}}\" data-bgc=\"#ffa024\" data-bggrad=\"\" ><\/span><\/a><\/p><div class='event_description evcal_eventcard ' style=\"display:none\"><div class='evocard_row'><div id='event_ftimage' class='evocard_box ftimage' data-c='' \n\t\t\t\t\tstyle=''><div class='evocard_main_image_hold' data-t='Loading Image..'><div class='evocard_main_image evo_img_triglb evobr15 evobgsc evobgpc evodfx evofx_jc_c evofx_ai_c evofz48 minmized' style='height:300px; background-image:url();' data-f=\"https:\/\/latemarium.com\/wp-content\/uploads\/2023\/06\/geotrail-monte-agnello.jpg\" data-h=\"528\" data-w=\"661\" data-ratio=\"0.79878971255673\" data-event_id=\"2114\" data-ri=\"3\"  data-t='Loading Image..'><span style='height:300px; background-image:url(https:\/\/latemarium.com\/wp-content\/uploads\/2023\/06\/geotrail-monte-agnello.jpg)'><\/span><\/div><\/div><\/div><\/div><div class='evocard_row'><div id='event_eventdetails' class='evocard_box eventdetails' data-c='' \n\t\t\t\t\tstyle=''><div class='evo_metarow_details evorow evcal_evdata_row evcal_event_details'>\n\t\t<div class=\"event_excerpt\" style=\"display:none\"><h3 class=\"padb5 evo_h3\">Dettagli dell&#039;evento<\/h3><p>Scenografico itinerario geologico ad anello alla scoperta dell\u2019antico vulcano di Predazzo, guidati da un esperto Geologo e Accompagnatore di Media Montagna.\nUna camminata sulle tracce della Pompei del Triassico del Monte<\/p><\/div><span class='evcal_evdata_icons'><i class='fa fa-align-justify'><\/i><\/span>\n\t\t\n\t\t<div class='evcal_evdata_cell shorter_desc'>\n\t\t\t<div class='eventon_full_description'>\n\t\t\t\t<h3 class='padb5 evo_h3'><span class='evcal_evdata_icons'><i class='fa fa-align-justify'><\/i><\/span>Dettagli dell&#039;evento<\/h3>\n\t\t\t\t<div class='eventon_desc_in' itemprop='description'>\n\t\t\t\t<p><strong>Scenografico itinerario geologico<\/strong> ad anello alla scoperta dell\u2019antico vulcano di Predazzo, guidati da un esperto Geologo e Accompagnatore di Media Montagna.<\/p>\n<p>Una camminata sulle tracce della Pompei del Triassico del Monte Agnello, dove lave, ceneri e lapilli hanno seppellito un antico atollo tropicale.<\/p>\n<p>Il percorso \u00e8 semplice, con sentieri ben percorribili, dislivello 350 metri circa.<\/p>\n<p><strong>Prenotazione obbligatoria<\/strong>.<\/p>\n<p>Attivit\u00e0 gratuita.<\/p>\n<p>Clicca <a href=\"https:\/\/www.visitfiemme.it\/it\/eventi\/fiemme-cembra-guest-card\/esperienze\/esperienze-in-estate?re-product-id=211508\" target=\"_blank\" rel=\"noopener\">qui<\/a>\u00a0per prenotare.<\/p>\n<\/div><p class='eventon_shad_p' style='padding:5px 0 0; margin:0'>\n\t\t\t<span class='evcal_btn evo_btn_secondary evobtn_details_show_more' content='less'>\n\t\t\t\t<span class='ev_more_text' data-txt='Meno'>Pi\u00f9<\/span><span class='ev_more_arrow ard'><\/span>\n\t\t\t<\/span>\n\t\t<\/p><div class='clear'><\/div>\n\t\t\t<\/div>\n\t\t<\/div>\n\t<\/div><\/div><\/div><div class='evocard_row bx2 bx'><div id='event_time' class='evocard_box time' data-c='' \n\t\t\t\t\tstyle=''><div class='evo_metarow_time evorow evcal_evdata_row evcal_evrow_sm '>\n\t\t<span class='evcal_evdata_icons'><i class='fa fa-clock'><\/i><\/span>\n\t\t<div class='evcal_evdata_cell'>\t\t\t\t\t\t\t\n\t\t\t<h3 class='evo_h3'><span class='evcal_evdata_icons'><i class='fa fa-clock'><\/i><\/span>Orario<\/h3><p><span class='evo_eventcard_time_t'>20 luglio 2026 09:30<\/span><span class='evo_tz marr5'>(GMT+02:00)<\/span><\/p>\n\t\t<\/div>\n\t<\/div><\/div><div id='event_location' class='evocard_box location' data-c='' \n\t\t\t\t\tstyle=''><div class='evcal_evdata_row evo_metarow_time_location evorow '>\n\t\t\n\t\t\t<span class='evcal_evdata_icons'><i class='fa fa-map-marker'><\/i><\/span>\n\t\t\t<div class='evcal_evdata_cell' data-loc_tax_id='24'><h3 class='evo_h3 evodfx'><span class='evcal_evdata_icons'><i class='fa fa-map-marker'><\/i><\/span><a target=\"_blank\" href=\"https:\/\/www.facebook.com\/profile.php?id=100064742944609\">Luogo<\/a><\/h3><p class='evo_location_name'><a target=\"_blank\" href=\"https:\/\/www.facebook.com\/profile.php?id=100064742944609\">Rifugio Agnello<\/a><\/p><p class='evo_location_address evodfxi evogap10'><a target=\"_blank\" href=\"https:\/\/www.facebook.com\/profile.php?id=100064742944609\">Loc. Pampeago, 9, 38038 Tesero TN<\/a><\/p><div class='padt10'><span class='evo_btn_arr evolb_trigger' data-lbvals=\"{&quot;lbc&quot;:&quot;evo_location_lb_24&quot;,&quot;lbac&quot;:&quot;lb_max&quot;,&quot;t&quot;:&quot;Rifugio Agnello&quot;,&quot;ajax&quot;:&quot;yes&quot;,&quot;ajax_type&quot;:&quot;endpoint&quot;,&quot;ajax_action&quot;:&quot;eventon_get_tax_card_content&quot;,&quot;end&quot;:&quot;client&quot;,&quot;d&quot;:{&quot;lang&quot;:&quot;L1&quot;,&quot;term_id&quot;:24,&quot;tax&quot;:&quot;event_location&quot;,&quot;load_lbcontent&quot;:true},&quot;uid&quot;:&quot;eventon_get_tax_card_content&quot;}\" >Other Events<i class='fa fa-chevron-right'><\/i><\/span><\/div><\/div>\n\t\t\n\t<\/div><\/div><\/div><div class='evocard_row bx2 bx'><div id='event_learnmore' class='evocard_box learnmore' data-c='' \n\t\t\t\t\tstyle=''><div class='evo_metarow_learnM evo_metarow_learnmore evorow'>\n\t\t\t\t\t\t\t<a class='evcal_evdata_row evo_clik_row ' href='https:\/\/latemarium.com\/it\/excursions\/detail\/geotrail-monte-agnello\/' target=\"_blank\">\n\t\t\t\t\t\t\t\t<span class='evcal_evdata_icons'><i class='fa fa-link'><\/i><\/span>\n\t\t\t\t\t\t\t\t<h3 class='evo_h3'>Scopri di pi\u00f9<\/h3>\n\t\t\t\t\t\t\t<\/a>\n\t\t\t\t\t\t\t<\/div><\/div><div id='event_addtocal' class='evocard_box addtocal' data-c='' \n\t\t\t\t\tstyle=''><div class='evo_metarow_ICS evorow evcal_evdata_row'>\n\t\t\t<span class='evcal_evdata_icons'><i class='fa fa-calendar-o'><\/i><\/span>\n\t\t\t<div class='evcal_evdata_cell'>\n\t\t\t\t<p><a href='https:\/\/latemarium.com\/it\/export-events\/2114_3\/?nonce=a3263097f9' class='evo_ics_nCal' title='Aggiungi al tuo calendario'>Calendario<\/a><a href='https:\/\/www.google.com\/calendar\/event?action=TEMPLATE&text=Geotrekking+Monte+Agnello&dates=20260720T073000Z%2F20260720T215900Z&ctz=Europe%2FRome&details=Geotrekking Monte Agnello&location=Rifugio+Agnello+Loc.+Pampeago%2C+9%2C+38038+Tesero+TN' target='_blank' class='evo_ics_gCal' title='Aggiungi al calendario di Google'>GoogleCal<\/a><\/p>\t\n\t\t\t<\/div>\n\t\t<\/div><\/div><\/div><div class='evocard_row'><div id='event_getdirection' class='evocard_box getdirection' data-c='' \n\t\t\t\t\tstyle=''><div class='evo_metarow_getDr evorow evcal_evdata_row evcal_evrow_sm getdirections'>\n\t\t<form action='https:\/\/maps.google.com\/maps' method='get' target='_blank'>\n\t\t\t<input type='hidden' name='daddr' value=\"46.333809095680266,11.547693182509184\"\/> \n\t\t\t<div class='evo_get_direction_content evo_fx_dr_r evogap10'>\n\t\t\t\t<span class='evogetdir_header evodfx evofx_dr_r evofx_ai_c marr10'>\n\t\t\t\t\t<i class='mainicon fa fa-road'><\/i> \n\t\t\t\t\t<h3 class='evo_h3' style='padding-bottom:5px;'>Ottieni indicazioni stradali<\/h3>\n\t\t\t\t<\/span>\n\t\t\t\t<span class='evogetdir_field evodfx evofx_1_1 evo_fx_dr_c evow100p'>\t\t\t\t\t\n\t\t\t\t\t<input class='evoInput evotac' type='text' name='saddr' placeholder='Digitare l&#039;indirizzo per ottenere le indicazioni stradali' value='' style='margin:10px 0;'\/>\n\t\t\t\t<\/span>\n\t\t\t\t<button type='submit' class='evo_get_direction_button evo_btn_arr_circ dfx fx_ai_c' title='Fare clic qui per ottenere indicazioni'><i class='fa fa-chevron-right'><\/i> <\/button>\n\t\t\t<\/div>\n\t\t<\/form>\n\t<\/div><\/div><\/div><div class='evo_card_row_end evcal_close' title='Testo del pulsante Chiudi evento'><\/div><\/div><div class='clear end'><\/div><\/div><div id=\"event_2120_5\" class=\"eventon_list_event evo_eventtop scheduled  event clrD no_et event_2120_5\" data-event_id=\"2120\" data-ri=\"5r\" data-time=\"1784538000-1784584740\" data-colr=\"#006290\" itemscope itemtype='http:\/\/schema.org\/Event'><div class=\"evo_event_schema\" style=\"display:none\" ><a itemprop='url'  href='https:\/\/latemarium.com\/it\/events\/parola-di-nikolaus-drache\/var\/ri-5.l-L1'><\/a><meta itemprop='image' content=\"https:\/\/latemarium.com\/wp-content\/uploads\/2023\/06\/foresta-dei-draghi-6.jpg\" \/><meta itemprop='startDate' content=\"2026-7-20T11:00+0:00\" \/><meta itemprop='endDate' content=\"2026-7-20T23:59+0:00\" \/><meta itemprop='eventStatus' content=\"https:\/\/schema.org\/EventScheduled\" \/><meta itemprop='eventAttendanceMode'   itemscope itemtype=\"https:\/\/schema.org\/OfflineEventAttendanceMode\"\/><script type=\"application\/ld+json\">{\"@context\": \"http:\/\/schema.org\",\"@type\": \"Event\",\n\t\t\t\t\"@id\": \"event_2120_5\",\n\t\t\t\t\"eventAttendanceMode\":\"https:\/\/schema.org\/OfflineEventAttendanceMode\",\n\t\t\t\t\"eventStatus\":\"https:\/\/schema.org\/EventScheduled\",\n\t\t\t\t\"name\": \"Parola di Nikolaus Drache\",\n\t\t\t\t\"url\": \"https:\/\/latemarium.com\/it\/events\/parola-di-nikolaus-drache\/var\/ri-5.l-L1\",\n\t\t\t\t\"startDate\": \"2026-7-20T11:00+0:00\",\n\t\t\t\t\"endDate\": \"2026-7-20T23:59+0:00\",\n\t\t\t\t\"image\":\"https:\/\/latemarium.com\/wp-content\/uploads\/2023\/06\/foresta-dei-draghi-6.jpg\", \n\t\t\t\t\"description\":\"<p>Saltano, corrono, strisciano, volano! Eppure\u2026 non \u00e8 facile vederli!<br \/> Sanno nascondersi bene\u2026 gli squamosi furbacchioni! Chi sono? Ma i draghi del Latemar! Incontrarne uno, anche uno solo, sar\u00e0 un\u2019esperienza meravigliosa! Parola di Nikolaus Drache.<\/p> <p>domenica e luned\u00ec: dal 5 luglio al 24 agosto 2026<br \/> a monte della telecabina Predazzo-Gardon\u00e8<br \/> ore 11.00 e ore 14.30<br \/> spettacoli itineranti sul sentiero della Foresta dei Draghi<br \/> adatto a famiglie e bambini dai 2 anni in su\u00a0(durata 1h30\u2019)<\/p> \"}<\/script><\/div>\r\n\t\t\t\t<p class=\"desc_trig_outter\" style=\"\"><a data-gmap_status=\"null\" data-exlk=\"0\" style=\"background-color: #006290;\" id=\"evc_17845380002120\" class=\"hasFtIMG event_repeat desc_trig sin_val evcal_list_a\" data-ux_val=\"3\" data-ux_val_mob=\"-\"  ><span class='evoet_c1 evoet_cx '><span class='ev_ftImg' data-img='https:\/\/latemarium.com\/wp-content\/uploads\/2023\/06\/foresta-dei-draghi-6.jpg' data-thumb='https:\/\/latemarium.com\/wp-content\/uploads\/2023\/06\/foresta-dei-draghi-6-300x200.jpg' style='background-image:url(\"https:\/\/latemarium.com\/wp-content\/uploads\/2023\/06\/foresta-dei-draghi-6-300x200.jpg\")' ><\/span><\/span><span class='evoet_c2 evoet_cx '><span class='evoet_dayblock evcal_cblock ' data-bgcolor='#006290' data-smon='luglio' data-syr='2026' data-bub=''><span class='evo_start '><em class='date'>20<\/em><em class='month'>lug<\/em><em class='time'>11:00<\/em><\/span><\/span><\/span><span class='evoet_c3 evoet_cx evcal_desc hide_eventtopdata '><span class='evoet_title evcal_desc2 evcal_event_title ' itemprop='name'>Parola di Nikolaus Drache<\/span><span class='event_location_attrs' data-location_type=\"lonlat\" data-location_name=\"A monte della telecabina Predazzo-Gardon\u00e8\" data-location_url=\"https:\/\/latemarium.com\/it\/event-location\/a-monte-della-telecabina-predazzo-gardone\/\" data-location_status=\"true\" data-latlng=\"46.32878794406342,11.600176728690842\"><\/span><span class='evoet_subtitle evo_below_title' ><span class='evcal_event_subtitle ' >Spettacolo itinerante sul sentiero della Foresta dei Draghi<\/span><\/span><span class='evoet_time_expand level_3'><em class='evcal_time evo_tz_time'><i class='fa fa-clock-o'><\/i>11:00<span class='evo_tz marl5'>(GMT+02:00)<\/span><\/em> <\/span><span class='evoet_location level_3'><em class=\"evcal_location\"  data-latlng=\"46.32878794406342,11.600176728690842\" data-add_str=\"\" data-n=\"A monte della telecabina Predazzo-Gardon\u00e8\"><i class=\"fa fa-location-pin\"><\/i><em class=\"event_location_name\">A monte della telecabina Predazzo-Gardon\u00e8<\/em><\/em><\/span><\/span><span class='evoet_data' data-d=\"{&quot;loc.n&quot;:&quot;A monte della telecabina Predazzo-Gardon\\u00e8&quot;,&quot;orgs&quot;:[],&quot;tags&quot;:{&quot;repeating&quot;:&quot;Repeating Event&quot;}}\" data-bgc=\"#006290\" data-bggrad=\"\" ><\/span><\/a><\/p><div class='event_description evcal_eventcard ' style=\"display:none\"><div class='evocard_row'><div id='event_ftimage' class='evocard_box ftimage' data-c='' \n\t\t\t\t\tstyle=''><div class='evocard_main_image_hold' data-t='Loading Image..'><div class='evocard_main_image evo_img_triglb evobr15 evobgsc evobgpc evodfx evofx_jc_c evofx_ai_c evofz48 minmized' style='height:300px; background-image:url();' data-f=\"https:\/\/latemarium.com\/wp-content\/uploads\/2023\/06\/foresta-dei-draghi-6.jpg\" data-h=\"800\" data-w=\"1200\" data-ratio=\"0.66666666666667\" data-event_id=\"2120\" data-ri=\"5\"  data-t='Loading Image..'><span style='height:300px; background-image:url(https:\/\/latemarium.com\/wp-content\/uploads\/2023\/06\/foresta-dei-draghi-6.jpg)'><\/span><\/div><\/div><\/div><\/div><div class='evocard_row'><div id='event_eventdetails' class='evocard_box eventdetails' data-c='' \n\t\t\t\t\tstyle=''><div class='evo_metarow_details evorow evcal_evdata_row evcal_event_details'>\n\t\t<div class=\"event_excerpt\" style=\"display:none\"><h3 class=\"padb5 evo_h3\">Dettagli dell&#039;evento<\/h3><p>Saltano, corrono, strisciano, volano! Eppure\u2026 non \u00e8 facile vederli!\nSanno nascondersi bene\u2026 gli squamosi furbacchioni! Chi sono? Ma i draghi del Latemar! Incontrarne uno, anche uno solo, sar\u00e0 un\u2019esperienza meravigliosa!<\/p><\/div><span class='evcal_evdata_icons'><i class='fa fa-align-justify'><\/i><\/span>\n\t\t\n\t\t<div class='evcal_evdata_cell '>\n\t\t\t<div class='eventon_full_description'>\n\t\t\t\t<h3 class='padb5 evo_h3'><span class='evcal_evdata_icons'><i class='fa fa-align-justify'><\/i><\/span>Dettagli dell&#039;evento<\/h3>\n\t\t\t\t<div class='eventon_desc_in' itemprop='description'>\n\t\t\t\t<p>Saltano, corrono, strisciano, volano! Eppure\u2026 non \u00e8 facile vederli!<br \/>\nSanno nascondersi bene\u2026 gli squamosi furbacchioni! Chi sono? Ma i draghi del Latemar! Incontrarne uno, anche uno solo, sar\u00e0 un\u2019esperienza meravigliosa! Parola di Nikolaus Drache.<\/p>\n<p>domenica e luned\u00ec: dal 5 luglio al 24 agosto 2026<br \/>\na monte della telecabina Predazzo-Gardon\u00e8<br \/>\nore 11.00 e ore 14.30<br \/>\nspettacoli itineranti sul sentiero della Foresta dei Draghi<br \/>\nadatto a famiglie e bambini dai 2 anni in su\u00a0(durata 1h30\u2019)<\/p>\n<\/div><div class='clear'><\/div>\n\t\t\t<\/div>\n\t\t<\/div>\n\t<\/div><\/div><\/div><div class='evocard_row bx2 bx'><div id='event_time' class='evocard_box time' data-c='' \n\t\t\t\t\tstyle=''><div class='evo_metarow_time evorow evcal_evdata_row evcal_evrow_sm '>\n\t\t<span class='evcal_evdata_icons'><i class='fa fa-clock'><\/i><\/span>\n\t\t<div class='evcal_evdata_cell'>\t\t\t\t\t\t\t\n\t\t\t<h3 class='evo_h3'><span class='evcal_evdata_icons'><i class='fa fa-clock'><\/i><\/span>Orario<\/h3><p><span class='evo_eventcard_time_t'>20 luglio 2026 11:00<\/span><span class='evo_tz marr5'>(GMT+02:00)<\/span><\/p>\n\t\t<\/div>\n\t<\/div><\/div><div id='event_location' class='evocard_box location' data-c='' \n\t\t\t\t\tstyle=''><div class='evcal_evdata_row evo_metarow_time_location evorow '>\n\t\t\n\t\t\t<span class='evcal_evdata_icons'><i class='fa fa-map-marker'><\/i><\/span>\n\t\t\t<div class='evcal_evdata_cell' data-loc_tax_id='34'><h3 class='evo_h3 evodfx'><span class='evcal_evdata_icons'><i class='fa fa-map-marker'><\/i><\/span>Luogo<\/h3><p class='evo_location_name'>A monte della telecabina Predazzo-Gardon\u00e8<\/p><div class='padt10'><span class='evo_btn_arr evolb_trigger' data-lbvals=\"{&quot;lbc&quot;:&quot;evo_location_lb_34&quot;,&quot;lbac&quot;:&quot;lb_max&quot;,&quot;t&quot;:&quot;A monte della telecabina Predazzo-Gardon\\u00e8&quot;,&quot;ajax&quot;:&quot;yes&quot;,&quot;ajax_type&quot;:&quot;endpoint&quot;,&quot;ajax_action&quot;:&quot;eventon_get_tax_card_content&quot;,&quot;end&quot;:&quot;client&quot;,&quot;d&quot;:{&quot;lang&quot;:&quot;L1&quot;,&quot;term_id&quot;:34,&quot;tax&quot;:&quot;event_location&quot;,&quot;load_lbcontent&quot;:true},&quot;uid&quot;:&quot;eventon_get_tax_card_content&quot;}\" >Other Events<i class='fa fa-chevron-right'><\/i><\/span><\/div><\/div>\n\t\t\n\t<\/div><\/div><\/div><div class='evocard_row bx2 bx'><div id='event_learnmore' class='evocard_box learnmore' data-c='' \n\t\t\t\t\tstyle=''><div class='evo_metarow_learnM evo_metarow_learnmore evorow'>\n\t\t\t\t\t\t\t<a class='evcal_evdata_row evo_clik_row ' href='https:\/\/www.montagnanimata.it\/spettacoli\/' target=\"_blank\">\n\t\t\t\t\t\t\t\t<span class='evcal_evdata_icons'><i class='fa fa-link'><\/i><\/span>\n\t\t\t\t\t\t\t\t<h3 class='evo_h3'>Scopri di pi\u00f9<\/h3>\n\t\t\t\t\t\t\t<\/a>\n\t\t\t\t\t\t\t<\/div><\/div><div id='event_addtocal' class='evocard_box addtocal' data-c='' \n\t\t\t\t\tstyle=''><div class='evo_metarow_ICS evorow evcal_evdata_row'>\n\t\t\t<span class='evcal_evdata_icons'><i class='fa fa-calendar-o'><\/i><\/span>\n\t\t\t<div class='evcal_evdata_cell'>\n\t\t\t\t<p><a href='https:\/\/latemarium.com\/it\/export-events\/2120_5\/?nonce=a3263097f9' class='evo_ics_nCal' title='Aggiungi al tuo calendario'>Calendario<\/a><a href='https:\/\/www.google.com\/calendar\/event?action=TEMPLATE&text=Parola+di+Nikolaus+Drache&dates=20260720T090000Z%2F20260720T215900Z&ctz=Europe%2FRome&details=Parola di Nikolaus Drache&location=A+monte+della+telecabina+Predazzo-Gardon%C3%A8' target='_blank' class='evo_ics_gCal' title='Aggiungi al calendario di Google'>GoogleCal<\/a><\/p>\t\n\t\t\t<\/div>\n\t\t<\/div><\/div><\/div><div class='evocard_row'><div id='event_getdirection' class='evocard_box getdirection' data-c='' \n\t\t\t\t\tstyle=''><div class='evo_metarow_getDr evorow evcal_evdata_row evcal_evrow_sm getdirections'>\n\t\t<form action='https:\/\/maps.google.com\/maps' method='get' target='_blank'>\n\t\t\t<input type='hidden' name='daddr' value=\"46.32878794406342,11.600176728690842\"\/> \n\t\t\t<div class='evo_get_direction_content evo_fx_dr_r evogap10'>\n\t\t\t\t<span class='evogetdir_header evodfx evofx_dr_r evofx_ai_c marr10'>\n\t\t\t\t\t<i class='mainicon fa fa-road'><\/i> \n\t\t\t\t\t<h3 class='evo_h3' style='padding-bottom:5px;'>Ottieni indicazioni stradali<\/h3>\n\t\t\t\t<\/span>\n\t\t\t\t<span class='evogetdir_field evodfx evofx_1_1 evo_fx_dr_c evow100p'>\t\t\t\t\t\n\t\t\t\t\t<input class='evoInput evotac' type='text' name='saddr' placeholder='Digitare l&#039;indirizzo per ottenere le indicazioni stradali' value='' style='margin:10px 0;'\/>\n\t\t\t\t<\/span>\n\t\t\t\t<button type='submit' class='evo_get_direction_button evo_btn_arr_circ dfx fx_ai_c' title='Fare clic qui per ottenere indicazioni'><i class='fa fa-chevron-right'><\/i> <\/button>\n\t\t\t<\/div>\n\t\t<\/form>\n\t<\/div><\/div><\/div><div class='evo_card_row_end evcal_close' title='Testo del pulsante Chiudi evento'><\/div><\/div><div class='clear end'><\/div><\/div><div id=\"event_2149_8\" class=\"eventon_list_event evo_eventtop scheduled  event clrW no_et event_2149_8\" data-event_id=\"2149\" data-ri=\"8r\" data-time=\"1784553600-1784584740\" data-colr=\"#b8d989\" itemscope itemtype='http:\/\/schema.org\/Event'><div class=\"evo_event_schema\" style=\"display:none\" ><a itemprop='url'  href='https:\/\/latemarium.com\/it\/events\/i-suoni-e-la-vita-della-malga\/var\/ri-8.l-L1'><\/a><meta itemprop='image' content=\"https:\/\/latemarium.com\/wp-content\/uploads\/2023\/06\/suoni-vita-malga.jpg\" \/><meta itemprop='startDate' content=\"2026-7-20T15:20+0:00\" \/><meta itemprop='endDate' content=\"2026-7-20T23:59+0:00\" \/><meta itemprop='eventStatus' content=\"https:\/\/schema.org\/EventScheduled\" \/><meta itemprop='eventAttendanceMode'   itemscope itemtype=\"https:\/\/schema.org\/OfflineEventAttendanceMode\"\/><div style=\"display:none\" itemprop=\"location\" itemscope itemtype=\"http:\/\/schema.org\/Place\"><span itemprop=\"name\">Pampeago<\/span><span itemprop=\"address\" itemscope itemtype=\"http:\/\/schema.org\/PostalAddress\"><item itemprop=\"streetAddress\">Localit\u00e0 Pampeago, 8, 38038 Tesero TN<\/item><\/span><\/div><script type=\"application\/ld+json\">{\"@context\": \"http:\/\/schema.org\",\"@type\": \"Event\",\n\t\t\t\t\"@id\": \"event_2149_8\",\n\t\t\t\t\"eventAttendanceMode\":\"https:\/\/schema.org\/OfflineEventAttendanceMode\",\n\t\t\t\t\"eventStatus\":\"https:\/\/schema.org\/EventScheduled\",\n\t\t\t\t\"name\": \"I suoni e la vita della malga\",\n\t\t\t\t\"url\": \"https:\/\/latemarium.com\/it\/events\/i-suoni-e-la-vita-della-malga\/var\/ri-8.l-L1\",\n\t\t\t\t\"startDate\": \"2026-7-20T15:20+0:00\",\n\t\t\t\t\"endDate\": \"2026-7-20T23:59+0:00\",\n\t\t\t\t\"image\":\"https:\/\/latemarium.com\/wp-content\/uploads\/2023\/06\/suoni-vita-malga.jpg\", \n\t\t\t\t\"description\":\"<p>Ritrovo presso parcheggio seggiovia Tresca (raggiungibile in auto da Pampeago \u2013 SOLO per chi prenota l&#8217;attivit\u00e0).<\/p> <p>Dopo una breve passeggiata fino a Malga Pampeago, bambini e genitori scoprono la vita e i suoni quotidiani che scandiscono la vita dei malgari, fra mucche, vitellini, asinelli e maiali.<\/p> <p>A fine attivit\u00e0 ci sar\u00e0 una piccola merenda che i bambini potranno gustarsi o portarsi a casa.<\/p> <p>Attivit\u00e0 possibile anche con passeggino country.<\/p> <p>Prenotazione obbligatoria.<\/p> <p>Prenotazione obbligatoria. Clicca <a href='https:\/\/www.visitfiemme.it\/it\/eventi\/fiemme-cembra-guest-card\/esperienze\/esperienze-in-estate?re-product-id=211655' target='_blank' rel='noopener'>qui<\/a>\u00a0per prenotare.<\/p> \",\"location\":[{\"@type\":\"Place\",\"name\":\"Pampeago\",\"address\":{\"@type\": \"PostalAddress\",\"streetAddress\":\"Localit\u00e0 Pampeago, 8, 38038 Tesero TN\"}}]}<\/script><\/div>\r\n\t\t\t\t<p class=\"desc_trig_outter\" style=\"\"><a data-gmtrig=\"1\" data-exlk=\"0\" style=\"background-color: #b8d989;\" id=\"evc_17845536002149\" class=\"hasFtIMG event_repeat desc_trig sin_val evcal_list_a\" data-ux_val=\"3\" data-ux_val_mob=\"-\"  ><span class='evoet_c1 evoet_cx '><span class='ev_ftImg' data-img='https:\/\/latemarium.com\/wp-content\/uploads\/2023\/06\/suoni-vita-malga.jpg' data-thumb='https:\/\/latemarium.com\/wp-content\/uploads\/2023\/06\/suoni-vita-malga-300x225.jpg' style='background-image:url(\"https:\/\/latemarium.com\/wp-content\/uploads\/2023\/06\/suoni-vita-malga-300x225.jpg\")' ><\/span><\/span><span class='evoet_c2 evoet_cx '><span class='evoet_dayblock evcal_cblock ' data-bgcolor='#b8d989' data-smon='luglio' data-syr='2026' data-bub=''><span class='evo_start '><em class='date'>20<\/em><em class='month'>lug<\/em><em class='time'>15:20<\/em><\/span><\/span><\/span><span class='evoet_c3 evoet_cx evcal_desc hide_eventtopdata '><span class='evoet_title evcal_desc2 evcal_event_title ' itemprop='name'>I suoni e la vita della malga<\/span><span class='event_location_attrs'  data-location_address=\"Localit\u00e0 Pampeago, 8, 38038 Tesero TN\" data-location_type=\"lonlat\" data-location_name=\"Pampeago\" data-location_url=\"https:\/\/latemarium.com\/it\/event-location\/pampeago\/\" data-location_status=\"true\" data-latlng=\"46.34343697644898,11.540997527961546\"><\/span><span class='evoet_subtitle evo_below_title' ><span class='evcal_event_subtitle ' >Alla scoperta della vita dei malgari<\/span><\/span><span class='evoet_time_expand level_3'><em class='evcal_time evo_tz_time'><i class='fa fa-clock-o'><\/i>15:20<span class='evo_tz marl5'>(GMT+02:00)<\/span><\/em> <\/span><span class='evoet_location level_3'><em class=\"evcal_location\"  data-latlng=\"46.34343697644898,11.540997527961546\" data-add_str=\"Localit\u00e0 Pampeago, 8, 38038 Tesero TN\" data-n=\"Pampeago\"><i class=\"fa fa-location-pin\"><\/i><em class=\"event_location_name\">Pampeago<\/em>, Localit\u00e0 Pampeago, 8, 38038 Tesero TN<\/em><\/span><\/span><span class='evoet_data' data-d=\"{&quot;loc.n&quot;:&quot;Pampeago&quot;,&quot;orgs&quot;:[],&quot;tags&quot;:{&quot;repeating&quot;:&quot;Repeating Event&quot;}}\" data-bgc=\"#b8d989\" data-bggrad=\"\" ><\/span><\/a><\/p><div class='event_description evcal_eventcard ' style=\"display:none\"><div class='evocard_row'><div id='event_ftimage' class='evocard_box ftimage' data-c='' \n\t\t\t\t\tstyle=''><div class='evocard_main_image_hold' data-t='Loading Image..'><div class='evocard_main_image evo_img_triglb evobr15 evobgsc evobgpc evodfx evofx_jc_c evofx_ai_c evofz48 minmized' style='height:300px; background-image:url();' data-f=\"https:\/\/latemarium.com\/wp-content\/uploads\/2023\/06\/suoni-vita-malga.jpg\" data-h=\"796\" data-w=\"1062\" data-ratio=\"0.74952919020716\" data-event_id=\"2149\" data-ri=\"8\"  data-t='Loading Image..'><span style='height:300px; background-image:url(https:\/\/latemarium.com\/wp-content\/uploads\/2023\/06\/suoni-vita-malga.jpg)'><\/span><\/div><\/div><\/div><\/div><div class='evocard_row'><div id='event_eventdetails' class='evocard_box eventdetails' data-c='' \n\t\t\t\t\tstyle=''><div class='evo_metarow_details evorow evcal_evdata_row evcal_event_details'>\n\t\t<div class=\"event_excerpt\" style=\"display:none\"><h3 class=\"padb5 evo_h3\">Dettagli dell&#039;evento<\/h3><p>Ritrovo presso parcheggio seggiovia Tresca (raggiungibile in auto da Pampeago \u2013 SOLO per chi prenota l&#8217;attivit\u00e0).\nDopo una breve passeggiata fino a Malga Pampeago, bambini e genitori scoprono la vita e<\/p><\/div><span class='evcal_evdata_icons'><i class='fa fa-align-justify'><\/i><\/span>\n\t\t\n\t\t<div class='evcal_evdata_cell shorter_desc'>\n\t\t\t<div class='eventon_full_description'>\n\t\t\t\t<h3 class='padb5 evo_h3'><span class='evcal_evdata_icons'><i class='fa fa-align-justify'><\/i><\/span>Dettagli dell&#039;evento<\/h3>\n\t\t\t\t<div class='eventon_desc_in' itemprop='description'>\n\t\t\t\t<p>Ritrovo presso parcheggio seggiovia Tresca (raggiungibile in auto da Pampeago \u2013 SOLO per chi prenota l&#8217;attivit\u00e0).<\/p>\n<p>Dopo una breve passeggiata fino a Malga Pampeago, bambini e genitori scoprono la vita e i suoni quotidiani che scandiscono la vita dei malgari, fra mucche, vitellini, asinelli e maiali.<\/p>\n<p>A fine attivit\u00e0 ci sar\u00e0 una piccola merenda che i bambini potranno gustarsi o portarsi a casa.<\/p>\n<p>Attivit\u00e0 possibile anche con passeggino country.<\/p>\n<p>Prenotazione obbligatoria.<\/p>\n<p>Prenotazione obbligatoria. Clicca <a href=\"https:\/\/www.visitfiemme.it\/it\/eventi\/fiemme-cembra-guest-card\/esperienze\/esperienze-in-estate?re-product-id=211655\" target=\"_blank\" rel=\"noopener\">qui<\/a>\u00a0per prenotare.<\/p>\n<\/div><p class='eventon_shad_p' style='padding:5px 0 0; margin:0'>\n\t\t\t<span class='evcal_btn evo_btn_secondary evobtn_details_show_more' content='less'>\n\t\t\t\t<span class='ev_more_text' data-txt='Meno'>Pi\u00f9<\/span><span class='ev_more_arrow ard'><\/span>\n\t\t\t<\/span>\n\t\t<\/p><div class='clear'><\/div>\n\t\t\t<\/div>\n\t\t<\/div>\n\t<\/div><\/div><\/div><div class='evocard_row bx2 bx'><div id='event_time' class='evocard_box time' data-c='' \n\t\t\t\t\tstyle=''><div class='evo_metarow_time evorow evcal_evdata_row evcal_evrow_sm '>\n\t\t<span class='evcal_evdata_icons'><i class='fa fa-clock'><\/i><\/span>\n\t\t<div class='evcal_evdata_cell'>\t\t\t\t\t\t\t\n\t\t\t<h3 class='evo_h3'><span class='evcal_evdata_icons'><i class='fa fa-clock'><\/i><\/span>Orario<\/h3><p><span class='evo_eventcard_time_t'>20 luglio 2026 15:20<\/span><span class='evo_tz marr5'>(GMT+02:00)<\/span><\/p>\n\t\t<\/div>\n\t<\/div><\/div><div id='event_location' class='evocard_box location' data-c='' \n\t\t\t\t\tstyle=''><div class='evcal_evdata_row evo_metarow_time_location evorow '>\n\t\t\n\t\t\t<span class='evcal_evdata_icons'><i class='fa fa-map-marker'><\/i><\/span>\n\t\t\t<div class='evcal_evdata_cell' data-loc_tax_id='30'><h3 class='evo_h3 evodfx'><span class='evcal_evdata_icons'><i class='fa fa-map-marker'><\/i><\/span>Luogo<\/h3><p class='evo_location_name'>Pampeago<\/p><p class='evo_location_address evodfxi evogap10'>Localit\u00e0 Pampeago, 8, 38038 Tesero TN<\/p><div class='padt10'><span class='evo_btn_arr evolb_trigger' data-lbvals=\"{&quot;lbc&quot;:&quot;evo_location_lb_30&quot;,&quot;lbac&quot;:&quot;lb_max&quot;,&quot;t&quot;:&quot;Pampeago&quot;,&quot;ajax&quot;:&quot;yes&quot;,&quot;ajax_type&quot;:&quot;endpoint&quot;,&quot;ajax_action&quot;:&quot;eventon_get_tax_card_content&quot;,&quot;end&quot;:&quot;client&quot;,&quot;d&quot;:{&quot;lang&quot;:&quot;L1&quot;,&quot;term_id&quot;:30,&quot;tax&quot;:&quot;event_location&quot;,&quot;load_lbcontent&quot;:true},&quot;uid&quot;:&quot;eventon_get_tax_card_content&quot;}\" >Other Events<i class='fa fa-chevron-right'><\/i><\/span><\/div><\/div>\n\t\t\n\t<\/div><\/div><\/div><div class='evocard_row'><div id='event_addtocal' class='evocard_box addtocal' data-c='' \n\t\t\t\t\tstyle=''><div class='evo_metarow_ICS evorow evcal_evdata_row'>\n\t\t\t<span class='evcal_evdata_icons'><i class='fa fa-calendar-o'><\/i><\/span>\n\t\t\t<div class='evcal_evdata_cell'>\n\t\t\t\t<p><a href='https:\/\/latemarium.com\/it\/export-events\/2149_8\/?nonce=a3263097f9' class='evo_ics_nCal' title='Aggiungi al tuo calendario'>Calendario<\/a><a href='https:\/\/www.google.com\/calendar\/event?action=TEMPLATE&text=I+suoni+e+la+vita+della+malga&dates=20260720T132000Z%2F20260720T215900Z&ctz=Europe%2FRome&details=I suoni e la vita della malga&location=Pampeago+Localit%C3%A0+Pampeago%2C+8%2C+38038+Tesero+TN' target='_blank' class='evo_ics_gCal' title='Aggiungi al calendario di Google'>GoogleCal<\/a><\/p>\t\n\t\t\t<\/div>\n\t\t<\/div><\/div><\/div><div class='evocard_row'><div id='event_getdirection' class='evocard_box getdirection' data-c='' \n\t\t\t\t\tstyle=''><div class='evo_metarow_getDr evorow evcal_evdata_row evcal_evrow_sm getdirections'>\n\t\t<form action='https:\/\/maps.google.com\/maps' method='get' target='_blank'>\n\t\t\t<input type='hidden' name='daddr' value=\"46.34343697644898,11.540997527961546\"\/> \n\t\t\t<div class='evo_get_direction_content evo_fx_dr_r evogap10'>\n\t\t\t\t<span class='evogetdir_header evodfx evofx_dr_r evofx_ai_c marr10'>\n\t\t\t\t\t<i class='mainicon fa fa-road'><\/i> \n\t\t\t\t\t<h3 class='evo_h3' style='padding-bottom:5px;'>Ottieni indicazioni stradali<\/h3>\n\t\t\t\t<\/span>\n\t\t\t\t<span class='evogetdir_field evodfx evofx_1_1 evo_fx_dr_c evow100p'>\t\t\t\t\t\n\t\t\t\t\t<input class='evoInput evotac' type='text' name='saddr' placeholder='Digitare l&#039;indirizzo per ottenere le indicazioni stradali' value='' style='margin:10px 0;'\/>\n\t\t\t\t<\/span>\n\t\t\t\t<button type='submit' class='evo_get_direction_button evo_btn_arr_circ dfx fx_ai_c' title='Fare clic qui per ottenere indicazioni'><i class='fa fa-chevron-right'><\/i> <\/button>\n\t\t\t<\/div>\n\t\t<\/form>\n\t<\/div><\/div><\/div><div class='evo_card_row_end evcal_close' title='Testo del pulsante Chiudi evento'><\/div><\/div><div class='clear end'><\/div><\/div><div id=\"event_2484_4\" class=\"eventon_list_event evo_eventtop scheduled  event clrD no_et event_2484_4\" data-event_id=\"2484\" data-ri=\"4r\" data-time=\"1784619000-1784671140\" data-colr=\"#38823b\" itemscope itemtype='http:\/\/schema.org\/Event'><div class=\"evo_event_schema\" style=\"display:none\" ><a itemprop='url'  href='https:\/\/latemarium.com\/it\/events\/respirart-arte-in-quota\/var\/ri-4.l-L1'><\/a><meta itemprop='image' content=\"https:\/\/latemarium.com\/wp-content\/uploads\/2023\/06\/respirart-respiro-arte-natura.jpg\" \/><meta itemprop='startDate' content=\"2026-7-21T09:30+0:00\" \/><meta itemprop='endDate' content=\"2026-7-21T23:59+0:00\" \/><meta itemprop='eventStatus' content=\"https:\/\/schema.org\/EventScheduled\" \/><meta itemprop='eventAttendanceMode'   itemscope itemtype=\"https:\/\/schema.org\/OfflineEventAttendanceMode\"\/><div style=\"display:none\" itemprop=\"location\" itemscope itemtype=\"http:\/\/schema.org\/Place\"><span itemprop=\"name\">Pampeago<\/span><span itemprop=\"address\" itemscope itemtype=\"http:\/\/schema.org\/PostalAddress\"><item itemprop=\"streetAddress\">Localit\u00e0 Pampeago, 8, 38038 Tesero TN<\/item><\/span><\/div><script type=\"application\/ld+json\">{\"@context\": \"http:\/\/schema.org\",\"@type\": \"Event\",\n\t\t\t\t\"@id\": \"event_2484_4\",\n\t\t\t\t\"eventAttendanceMode\":\"https:\/\/schema.org\/OfflineEventAttendanceMode\",\n\t\t\t\t\"eventStatus\":\"https:\/\/schema.org\/EventScheduled\",\n\t\t\t\t\"name\": \"Respirart: arte in quota\",\n\t\t\t\t\"url\": \"https:\/\/latemarium.com\/it\/events\/respirart-arte-in-quota\/var\/ri-4.l-L1\",\n\t\t\t\t\"startDate\": \"2026-7-21T09:30+0:00\",\n\t\t\t\t\"endDate\": \"2026-7-21T23:59+0:00\",\n\t\t\t\t\"image\":\"https:\/\/latemarium.com\/wp-content\/uploads\/2023\/06\/respirart-respiro-arte-natura.jpg\", \n\t\t\t\t\"description\":\"<h2>Arte in quota: alla scoperta di Respirart tra natura e installazioni<\/h2> <p>Si parte alle 9.30, davanti alla Seggiovia-Seminovia Agnello, dove incontrerai la guida artistica che ti consegner\u00e0 i semi e ti accompagner\u00e0 a seminare fiorume dall\u2019alto, per generare fiori e quindi nutrire la terra, le api, le capre e le mucche.<\/p> <p>Poi, la guida ti porter\u00e0 a scoprire le opere d\u2019arte del parco. Lungo il giro ad anello di 3 km scoprirai le ispirazioni degli artisti che hanno creato gesti d\u2019arte al cospetto del Latemar.<\/p> <p>Attivit\u00e0 adatta agli adulti.<\/p> <p>Prenotazione obbligatoria, clicca <a href='https:\/\/www.visitfiemme.it\/it\/eventi\/fiemme-cembra-guest-card\/esperienze\/esperienze-in-estate' target='_blank' rel='noopener'>qui<\/a>.<\/p> \",\"location\":[{\"@type\":\"Place\",\"name\":\"Pampeago\",\"address\":{\"@type\": \"PostalAddress\",\"streetAddress\":\"Localit\u00e0 Pampeago, 8, 38038 Tesero TN\"}}]}<\/script><\/div>\r\n\t\t\t\t<p class=\"desc_trig_outter\" style=\"\"><a data-gmtrig=\"1\" data-exlk=\"0\" style=\"background-color: #38823b;\" id=\"evc_17846190002484\" class=\"hasFtIMG event_repeat desc_trig sin_val evcal_list_a\" data-ux_val=\"3\" data-ux_val_mob=\"-\"  ><span class='evoet_c1 evoet_cx '><span class='ev_ftImg' data-img='https:\/\/latemarium.com\/wp-content\/uploads\/2023\/06\/respirart-respiro-arte-natura.jpg' data-thumb='https:\/\/latemarium.com\/wp-content\/uploads\/2023\/06\/respirart-respiro-arte-natura-300x201.jpg' style='background-image:url(\"https:\/\/latemarium.com\/wp-content\/uploads\/2023\/06\/respirart-respiro-arte-natura-300x201.jpg\")' ><\/span><\/span><span class='evoet_c2 evoet_cx '><span class='evoet_dayblock evcal_cblock ' data-bgcolor='#38823b' data-smon='luglio' data-syr='2026' data-bub=''><span class='evo_start '><em class='date'>21<\/em><em class='month'>lug<\/em><em class='time'>09:30<\/em><\/span><\/span><\/span><span class='evoet_c3 evoet_cx evcal_desc hide_eventtopdata '><span class='evoet_title evcal_desc2 evcal_event_title ' itemprop='name'>Respirart: arte in quota<\/span><span class='event_location_attrs'  data-location_address=\"Localit\u00e0 Pampeago, 8, 38038 Tesero TN\" data-location_type=\"lonlat\" data-location_name=\"Pampeago\" data-location_url=\"https:\/\/latemarium.com\/it\/event-location\/pampeago\/\" data-location_status=\"true\" data-latlng=\"46.34343697644898,11.540997527961546\"><\/span><span class='evoet_subtitle evo_below_title' ><span class='evcal_event_subtitle ' >Alla scoperta del parco d'arte Respirart<\/span><\/span><span class='evoet_time_expand level_3'><em class='evcal_time evo_tz_time'><i class='fa fa-clock-o'><\/i>09:30<span class='evo_tz marl5'>(GMT+02:00)<\/span><\/em> <\/span><span class='evoet_location level_3'><em class=\"evcal_location\"  data-latlng=\"46.34343697644898,11.540997527961546\" data-add_str=\"Localit\u00e0 Pampeago, 8, 38038 Tesero TN\" data-n=\"Pampeago\"><i class=\"fa fa-location-pin\"><\/i><em class=\"event_location_name\">Pampeago<\/em>, Localit\u00e0 Pampeago, 8, 38038 Tesero TN<\/em><\/span><\/span><span class='evoet_data' data-d=\"{&quot;loc.n&quot;:&quot;Pampeago&quot;,&quot;orgs&quot;:[],&quot;tags&quot;:{&quot;repeating&quot;:&quot;Repeating Event&quot;}}\" data-bgc=\"#38823b\" data-bggrad=\"\" ><\/span><\/a><\/p><div class='event_description evcal_eventcard ' style=\"display:none\"><div class='evocard_row'><div id='event_ftimage' class='evocard_box ftimage' data-c='' \n\t\t\t\t\tstyle=''><div class='evocard_main_image_hold' data-t='Loading Image..'><div class='evocard_main_image evo_img_triglb evobr15 evobgsc evobgpc evodfx evofx_jc_c evofx_ai_c evofz48 minmized' style='height:300px; background-image:url();' data-f=\"https:\/\/latemarium.com\/wp-content\/uploads\/2023\/06\/respirart-respiro-arte-natura.jpg\" data-h=\"602\" data-w=\"899\" data-ratio=\"0.66963292547275\" data-event_id=\"2484\" data-ri=\"4\"  data-t='Loading Image..'><span style='height:300px; background-image:url(https:\/\/latemarium.com\/wp-content\/uploads\/2023\/06\/respirart-respiro-arte-natura.jpg)'><\/span><\/div><\/div><\/div><\/div><div class='evocard_row'><div id='event_eventdetails' class='evocard_box eventdetails' data-c='' \n\t\t\t\t\tstyle=''><div class='evo_metarow_details evorow evcal_evdata_row evcal_event_details'>\n\t\t<div class=\"event_excerpt\" style=\"display:none\"><h3 class=\"padb5 evo_h3\">Dettagli dell&#039;evento<\/h3><p>Arte in quota: alla scoperta di Respirart tra natura e installazioni\nSi parte alle 9.30, davanti alla Seggiovia-Seminovia Agnello, dove incontrerai la guida artistica che ti consegner\u00e0 i semi e ti<\/p><\/div><span class='evcal_evdata_icons'><i class='fa fa-align-justify'><\/i><\/span>\n\t\t\n\t\t<div class='evcal_evdata_cell shorter_desc'>\n\t\t\t<div class='eventon_full_description'>\n\t\t\t\t<h3 class='padb5 evo_h3'><span class='evcal_evdata_icons'><i class='fa fa-align-justify'><\/i><\/span>Dettagli dell&#039;evento<\/h3>\n\t\t\t\t<div class='eventon_desc_in' itemprop='description'>\n\t\t\t\t<h2>Arte in quota: alla scoperta di Respirart tra natura e installazioni<\/h2>\n<p>Si parte alle 9.30, davanti alla Seggiovia-Seminovia Agnello, dove incontrerai la guida artistica che ti consegner\u00e0 i semi e ti accompagner\u00e0 a seminare fiorume dall\u2019alto, per generare fiori e quindi nutrire la terra, le api, le capre e le mucche.<\/p>\n<p>Poi, la guida ti porter\u00e0 a scoprire le opere d\u2019arte del parco. Lungo il giro ad anello di 3 km scoprirai le ispirazioni degli artisti che hanno creato gesti d\u2019arte al cospetto del Latemar.<\/p>\n<p>Attivit\u00e0 adatta agli adulti.<\/p>\n<p>Prenotazione obbligatoria, clicca <a href=\"https:\/\/www.visitfiemme.it\/it\/eventi\/fiemme-cembra-guest-card\/esperienze\/esperienze-in-estate\" target=\"_blank\" rel=\"noopener\">qui<\/a>.<\/p>\n<\/div><p class='eventon_shad_p' style='padding:5px 0 0; margin:0'>\n\t\t\t<span class='evcal_btn evo_btn_secondary evobtn_details_show_more' content='less'>\n\t\t\t\t<span class='ev_more_text' data-txt='Meno'>Pi\u00f9<\/span><span class='ev_more_arrow ard'><\/span>\n\t\t\t<\/span>\n\t\t<\/p><div class='clear'><\/div>\n\t\t\t<\/div>\n\t\t<\/div>\n\t<\/div><\/div><\/div><div class='evocard_row bx2 bx'><div id='event_time' class='evocard_box time' data-c='' \n\t\t\t\t\tstyle=''><div class='evo_metarow_time evorow evcal_evdata_row evcal_evrow_sm '>\n\t\t<span class='evcal_evdata_icons'><i class='fa fa-clock'><\/i><\/span>\n\t\t<div class='evcal_evdata_cell'>\t\t\t\t\t\t\t\n\t\t\t<h3 class='evo_h3'><span class='evcal_evdata_icons'><i class='fa fa-clock'><\/i><\/span>Orario<\/h3><p><span class='evo_eventcard_time_t'>21 luglio 2026 09:30<\/span><span class='evo_tz marr5'>(GMT+02:00)<\/span><\/p>\n\t\t<\/div>\n\t<\/div><\/div><div id='event_location' class='evocard_box location' data-c='' \n\t\t\t\t\tstyle=''><div class='evcal_evdata_row evo_metarow_time_location evorow '>\n\t\t\n\t\t\t<span class='evcal_evdata_icons'><i class='fa fa-map-marker'><\/i><\/span>\n\t\t\t<div class='evcal_evdata_cell' data-loc_tax_id='30'><h3 class='evo_h3 evodfx'><span class='evcal_evdata_icons'><i class='fa fa-map-marker'><\/i><\/span>Luogo<\/h3><p class='evo_location_name'>Pampeago<\/p><p class='evo_location_address evodfxi evogap10'>Localit\u00e0 Pampeago, 8, 38038 Tesero TN<\/p><div class='padt10'><span class='evo_btn_arr evolb_trigger' data-lbvals=\"{&quot;lbc&quot;:&quot;evo_location_lb_30&quot;,&quot;lbac&quot;:&quot;lb_max&quot;,&quot;t&quot;:&quot;Pampeago&quot;,&quot;ajax&quot;:&quot;yes&quot;,&quot;ajax_type&quot;:&quot;endpoint&quot;,&quot;ajax_action&quot;:&quot;eventon_get_tax_card_content&quot;,&quot;end&quot;:&quot;client&quot;,&quot;d&quot;:{&quot;lang&quot;:&quot;L1&quot;,&quot;term_id&quot;:30,&quot;tax&quot;:&quot;event_location&quot;,&quot;load_lbcontent&quot;:true},&quot;uid&quot;:&quot;eventon_get_tax_card_content&quot;}\" >Other Events<i class='fa fa-chevron-right'><\/i><\/span><\/div><\/div>\n\t\t\n\t<\/div><\/div><\/div><div class='evocard_row bx2 bx'><div id='event_learnmore' class='evocard_box learnmore' data-c='' \n\t\t\t\t\tstyle=''><div class='evo_metarow_learnM evo_metarow_learnmore evorow'>\n\t\t\t\t\t\t\t<a class='evcal_evdata_row evo_clik_row ' href='http:\/\/www.respirart.com\/' target=\"_blank\">\n\t\t\t\t\t\t\t\t<span class='evcal_evdata_icons'><i class='fa fa-link'><\/i><\/span>\n\t\t\t\t\t\t\t\t<h3 class='evo_h3'>Scopri di pi\u00f9<\/h3>\n\t\t\t\t\t\t\t<\/a>\n\t\t\t\t\t\t\t<\/div><\/div><div id='event_addtocal' class='evocard_box addtocal' data-c='' \n\t\t\t\t\tstyle=''><div class='evo_metarow_ICS evorow evcal_evdata_row'>\n\t\t\t<span class='evcal_evdata_icons'><i class='fa fa-calendar-o'><\/i><\/span>\n\t\t\t<div class='evcal_evdata_cell'>\n\t\t\t\t<p><a href='https:\/\/latemarium.com\/it\/export-events\/2484_4\/?nonce=a3263097f9' class='evo_ics_nCal' title='Aggiungi al tuo calendario'>Calendario<\/a><a href='https:\/\/www.google.com\/calendar\/event?action=TEMPLATE&text=Respirart%3A+arte+in+quota&dates=20260721T073000Z%2F20260721T215900Z&ctz=Europe%2FRome&details=Respirart: arte in quota&location=Pampeago+Localit%C3%A0+Pampeago%2C+8%2C+38038+Tesero+TN' target='_blank' class='evo_ics_gCal' title='Aggiungi al calendario di Google'>GoogleCal<\/a><\/p>\t\n\t\t\t<\/div>\n\t\t<\/div><\/div><\/div><div class='evocard_row'><div id='event_repeats' class='evocard_box repeats' data-c='' \n\t\t\t\t\tstyle=''><div class='evo_metarow_repeats evorow evcal_evdata_row evcal_evrow_sm '>\n\t\t<span class='evcal_evdata_icons'><i class='fa fa-repeat'><\/i><\/span>\n\t\t<div class='evcal_evdata_cell'>\t\t\t\t\t\t\t\n\t\t\t<h3 class='evo_h3'>Orari degli eventi futuri in questa serie di eventi ripetuti<\/h3><div class='evo_elm_HCS evo_repeat_series' style=''><span class='evo_elmHCS_nav HCSnavL evo_repeat_series content_slide_trig'><i class='fa fa-chevron-left'><\/i><\/span><span class='evo_elmHCS_nav HCSnavR evo_repeat_series content_slide_trig'><i class='fa fa-chevron-right'><\/i><\/span><div class='evo_elm_HCS_in'><div class='evo_repeat_series_dates clickable evodfx evofx_dr_r evogap10' data-click='1' data-event_url='https:\/\/latemarium.com\/it\/events\/respirart-arte-in-quota\/var\/ri-4.l-L1'><span class='evo_repeat_series_date evodfx evofx_dr_r evofx_ai_c evogap5 evobr15 evobrdB1 evocl1 evopad15 evottu evofz14 evocurp evo_trans_sc1_03 evoHbgcw' data-ux=\"def\" data-l=\"https:\/\/latemarium.com\/it\/events\/respirart-arte-in-quota\/var\/ri-5.l-L1\" ><span class='evodfx evofx_dr_c evotac evofx_jc_c'><b class='j evofz16'>28<\/b><b class='fy'>luglio <\/b><em class='t evofsn'>09:30 - 23:59<\/em><\/span><\/span><span class='evo_repeat_series_date evodfx evofx_dr_r evofx_ai_c evogap5 evobr15 evobrdB1 evocl1 evopad15 evottu evofz14 evocurp evo_trans_sc1_03 evoHbgcw' data-ux=\"def\" data-l=\"https:\/\/latemarium.com\/it\/events\/respirart-arte-in-quota\/var\/ri-6.l-L1\" ><span class='evodfx evofx_dr_c evotac evofx_jc_c'><b class='j evofz16'>4<\/b><b class='fy'>agosto <\/b><em class='t evofsn'>09:30 - 23:59<\/em><\/span><\/span><span class='evo_repeat_series_date evodfx evofx_dr_r evofx_ai_c evogap5 evobr15 evobrdB1 evocl1 evopad15 evottu evofz14 evocurp evo_trans_sc1_03 evoHbgcw' data-ux=\"def\" data-l=\"https:\/\/latemarium.com\/it\/events\/respirart-arte-in-quota\/var\/ri-7.l-L1\" ><span class='evodfx evofx_dr_c evotac evofx_jc_c'><b class='j evofz16'>11<\/b><b class='fy'>agosto <\/b><em class='t evofsn'>09:30 - 23:59<\/em><\/span><\/span><span class='evo_repeat_series_date evodfx evofx_dr_r evofx_ai_c evogap5 evobr15 evobrdB1 evocl1 evopad15 evottu evofz14 evocurp evo_trans_sc1_03 evoHbgcw' data-ux=\"def\" data-l=\"https:\/\/latemarium.com\/it\/events\/respirart-arte-in-quota\/var\/ri-8.l-L1\" ><span class='evodfx evofx_dr_c evotac evofx_jc_c'><b class='j evofz16'>18<\/b><b class='fy'>agosto <\/b><em class='t evofsn'>09:30 - 23:59<\/em><\/span><\/span><span class='evo_repeat_series_date evodfx evofx_dr_r evofx_ai_c evogap5 evobr15 evobrdB1 evocl1 evopad15 evottu evofz14 evocurp evo_trans_sc1_03 evoHbgcw' data-ux=\"def\" data-l=\"https:\/\/latemarium.com\/it\/events\/respirart-arte-in-quota\/var\/ri-9.l-L1\" ><span class='evodfx evofx_dr_c evotac evofx_jc_c'><b class='j evofz16'>25<\/b><b class='fy'>agosto <\/b><em class='t evofsn'>09:30 - 23:59<\/em><\/span><\/span><span class='evo_repeat_series_date evodfx evofx_dr_r evofx_ai_c evogap5 evobr15 evobrdB1 evocl1 evopad15 evottu evofz14 evocurp evo_trans_sc1_03 evoHbgcw' data-ux=\"def\" data-l=\"https:\/\/latemarium.com\/it\/events\/respirart-arte-in-quota\/var\/ri-10.l-L1\" ><span class='evodfx evofx_dr_c evotac evofx_jc_c'><b class='j evofz16'>1<\/b><b class='fy'>settembre <\/b><em class='t evofsn'>09:30 - 23:59<\/em><\/span><\/span><span class='evo_repeat_series_date evodfx evofx_dr_r evofx_ai_c evogap5 evobr15 evobrdB1 evocl1 evopad15 evottu evofz14 evocurp evo_trans_sc1_03 evoHbgcw' data-ux=\"def\" data-l=\"https:\/\/latemarium.com\/it\/events\/respirart-arte-in-quota\/var\/ri-11.l-L1\" ><span class='evodfx evofx_dr_c evotac evofx_jc_c'><b class='j evofz16'>8<\/b><b class='fy'>settembre <\/b><em class='t evofsn'>09:30 - 23:59<\/em><\/span><\/span><\/div><\/div><\/div><\/div><\/div><\/div><\/div><div class='evocard_row'><div id='event_getdirection' class='evocard_box getdirection' data-c='' \n\t\t\t\t\tstyle=''><div class='evo_metarow_getDr evorow evcal_evdata_row evcal_evrow_sm getdirections'>\n\t\t<form action='https:\/\/maps.google.com\/maps' method='get' target='_blank'>\n\t\t\t<input type='hidden' name='daddr' value=\"46.34343697644898,11.540997527961546\"\/> \n\t\t\t<div class='evo_get_direction_content evo_fx_dr_r evogap10'>\n\t\t\t\t<span class='evogetdir_header evodfx evofx_dr_r evofx_ai_c marr10'>\n\t\t\t\t\t<i class='mainicon fa fa-road'><\/i> \n\t\t\t\t\t<h3 class='evo_h3' style='padding-bottom:5px;'>Ottieni indicazioni stradali<\/h3>\n\t\t\t\t<\/span>\n\t\t\t\t<span class='evogetdir_field evodfx evofx_1_1 evo_fx_dr_c evow100p'>\t\t\t\t\t\n\t\t\t\t\t<input class='evoInput evotac' type='text' name='saddr' placeholder='Digitare l&#039;indirizzo per ottenere le indicazioni stradali' value='' style='margin:10px 0;'\/>\n\t\t\t\t<\/span>\n\t\t\t\t<button type='submit' class='evo_get_direction_button evo_btn_arr_circ dfx fx_ai_c' title='Fare clic qui per ottenere indicazioni'><i class='fa fa-chevron-right'><\/i> <\/button>\n\t\t\t<\/div>\n\t\t<\/form>\n\t<\/div><\/div><\/div><div class='evo_card_row_end evcal_close' title='Testo del pulsante Chiudi evento'><\/div><\/div><div class='clear end'><\/div><\/div><div id=\"event_2159_2\" class=\"eventon_list_event evo_eventtop scheduled  event clrW no_et event_2159_2\" data-event_id=\"2159\" data-ri=\"2r\" data-time=\"1784624400-1784671140\" data-colr=\"#a69dcd\" itemscope itemtype='http:\/\/schema.org\/Event'><div class=\"evo_event_schema\" style=\"display:none\" ><a itemprop='url'  href='https:\/\/latemarium.com\/it\/events\/il-dritto-dahu-ci-aspetta-lassu\/var\/ri-2.l-L1'><\/a><meta itemprop='image' content=\"https:\/\/latemarium.com\/wp-content\/uploads\/2023\/06\/forse-dahu-sa.jpg\" \/><meta itemprop='startDate' content=\"2026-7-21T11:00+0:00\" \/><meta itemprop='endDate' content=\"2026-7-21T23:59+0:00\" \/><meta itemprop='eventStatus' content=\"https:\/\/schema.org\/EventScheduled\" \/><meta itemprop='eventAttendanceMode'   itemscope itemtype=\"https:\/\/schema.org\/OfflineEventAttendanceMode\"\/><script type=\"application\/ld+json\">{\"@context\": \"http:\/\/schema.org\",\"@type\": \"Event\",\n\t\t\t\t\"@id\": \"event_2159_2\",\n\t\t\t\t\"eventAttendanceMode\":\"https:\/\/schema.org\/OfflineEventAttendanceMode\",\n\t\t\t\t\"eventStatus\":\"https:\/\/schema.org\/EventScheduled\",\n\t\t\t\t\"name\": \"IL DRITTO DAH\u00d9 CI ASPETTA LASS\u00d9\",\n\t\t\t\t\"url\": \"https:\/\/latemarium.com\/it\/events\/il-dritto-dahu-ci-aspetta-lassu\/var\/ri-2.l-L1\",\n\t\t\t\t\"startDate\": \"2026-7-21T11:00+0:00\",\n\t\t\t\t\"endDate\": \"2026-7-21T23:59+0:00\",\n\t\t\t\t\"image\":\"https:\/\/latemarium.com\/wp-content\/uploads\/2023\/06\/forse-dahu-sa.jpg\", \n\t\t\t\t\"description\":\"<p>L&#8217;inspiegabile equilibrio del Dah\u00f9 porta ricercatrici e ricercatori ad una grande evoluzione, con continui cambi di prospettiva.<\/p> <p>Andiamo di su, di gi\u00f9, di qua, di l\u00e0. Esperti si diventa ri-cercando insieme. Alla partenza verranno distribuiti gli incarichi: la ricerca procede se c\u2019\u00e8 lavoro di squadra. Siete pronti?<\/p> <p>marted\u00ec: dal 7 luglio al 25 agosto 2026<br \/> a monte della telecabina Predazzo-Gardon\u00e8<br \/> ore 11.00<br \/> adatto a famiglie\u00a0(durata 1h30\u2019)<\/p> \"}<\/script><\/div>\r\n\t\t\t\t<p class=\"desc_trig_outter\" style=\"\"><a data-gmap_status=\"null\" data-exlk=\"0\" style=\"background-color: #a69dcd;\" id=\"evc_17846244002159\" class=\"hasFtIMG event_repeat desc_trig sin_val evcal_list_a\" data-ux_val=\"3\" data-ux_val_mob=\"-\"  ><span class='evoet_c1 evoet_cx '><span class='ev_ftImg' data-img='https:\/\/latemarium.com\/wp-content\/uploads\/2023\/06\/forse-dahu-sa.jpg' data-thumb='https:\/\/latemarium.com\/wp-content\/uploads\/2023\/06\/forse-dahu-sa-300x204.jpg' style='background-image:url(\"https:\/\/latemarium.com\/wp-content\/uploads\/2023\/06\/forse-dahu-sa-300x204.jpg\")' ><\/span><\/span><span class='evoet_c2 evoet_cx '><span class='evoet_dayblock evcal_cblock ' data-bgcolor='#a69dcd' data-smon='luglio' data-syr='2026' data-bub=''><span class='evo_start '><em class='date'>21<\/em><em class='month'>lug<\/em><em class='time'>11:00<\/em><\/span><\/span><\/span><span class='evoet_c3 evoet_cx evcal_desc hide_eventtopdata '><span class='evoet_title evcal_desc2 evcal_event_title ' itemprop='name'>IL DRITTO DAH\u00d9 CI ASPETTA LASS\u00d9<\/span><span class='event_location_attrs' data-location_type=\"lonlat\" data-location_name=\"A monte della telecabina Predazzo-Gardon\u00e8\" data-location_url=\"https:\/\/latemarium.com\/it\/event-location\/a-monte-della-telecabina-predazzo-gardone\/\" data-location_status=\"true\" data-latlng=\"46.32878794406342,11.600176728690842\"><\/span><span class='evoet_subtitle evo_below_title' ><span class='evcal_event_subtitle ' >Sentiero Pastore Distratto<\/span><\/span><span class='evoet_time_expand level_3'><em class='evcal_time evo_tz_time'><i class='fa fa-clock-o'><\/i>11:00<span class='evo_tz marl5'>(GMT+02:00)<\/span><\/em> <\/span><span class='evoet_location level_3'><em class=\"evcal_location\"  data-latlng=\"46.32878794406342,11.600176728690842\" data-add_str=\"\" data-n=\"A monte della telecabina Predazzo-Gardon\u00e8\"><i class=\"fa fa-location-pin\"><\/i><em class=\"event_location_name\">A monte della telecabina Predazzo-Gardon\u00e8<\/em><\/em><\/span><\/span><span class='evoet_data' data-d=\"{&quot;loc.n&quot;:&quot;A monte della telecabina Predazzo-Gardon\\u00e8&quot;,&quot;orgs&quot;:[],&quot;tags&quot;:{&quot;repeating&quot;:&quot;Repeating Event&quot;}}\" data-bgc=\"#a69dcd\" data-bggrad=\"\" ><\/span><\/a><\/p><div class='event_description evcal_eventcard ' style=\"display:none\"><div class='evocard_row'><div id='event_ftimage' class='evocard_box ftimage' data-c='' \n\t\t\t\t\tstyle=''><div class='evocard_main_image_hold' data-t='Loading Image..'><div class='evocard_main_image evo_img_triglb evobr15 evobgsc evobgpc evodfx evofx_jc_c evofx_ai_c evofz48 minmized' style='height:300px; background-image:url();' data-f=\"https:\/\/latemarium.com\/wp-content\/uploads\/2023\/06\/forse-dahu-sa.jpg\" data-h=\"587\" data-w=\"862\" data-ratio=\"0.68097447795824\" data-event_id=\"2159\" data-ri=\"2\"  data-t='Loading Image..'><span style='height:300px; background-image:url(https:\/\/latemarium.com\/wp-content\/uploads\/2023\/06\/forse-dahu-sa.jpg)'><\/span><\/div><\/div><\/div><\/div><div class='evocard_row'><div id='event_eventdetails' class='evocard_box eventdetails' data-c='' \n\t\t\t\t\tstyle=''><div class='evo_metarow_details evorow evcal_evdata_row evcal_event_details'>\n\t\t<div class=\"event_excerpt\" style=\"display:none\"><h3 class=\"padb5 evo_h3\">Dettagli dell&#039;evento<\/h3><p>L&#8217;inspiegabile equilibrio del Dah\u00f9 porta ricercatrici e ricercatori ad una grande evoluzione, con continui cambi di prospettiva.\nAndiamo di su, di gi\u00f9, di qua, di l\u00e0. Esperti si diventa ri-cercando insieme.<\/p><\/div><span class='evcal_evdata_icons'><i class='fa fa-align-justify'><\/i><\/span>\n\t\t\n\t\t<div class='evcal_evdata_cell '>\n\t\t\t<div class='eventon_full_description'>\n\t\t\t\t<h3 class='padb5 evo_h3'><span class='evcal_evdata_icons'><i class='fa fa-align-justify'><\/i><\/span>Dettagli dell&#039;evento<\/h3>\n\t\t\t\t<div class='eventon_desc_in' itemprop='description'>\n\t\t\t\t<p>L&#8217;inspiegabile equilibrio del Dah\u00f9 porta ricercatrici e ricercatori ad una grande evoluzione, con continui cambi di prospettiva.<\/p>\n<p>Andiamo di su, di gi\u00f9, di qua, di l\u00e0. Esperti si diventa ri-cercando insieme. Alla partenza verranno distribuiti gli incarichi: la ricerca procede se c\u2019\u00e8 lavoro di squadra. Siete pronti?<\/p>\n<p>marted\u00ec: dal 7 luglio al 25 agosto 2026<br \/>\na monte della telecabina Predazzo-Gardon\u00e8<br \/>\nore 11.00<br \/>\nadatto a famiglie\u00a0(durata 1h30\u2019)<\/p>\n<\/div><div class='clear'><\/div>\n\t\t\t<\/div>\n\t\t<\/div>\n\t<\/div><\/div><\/div><div class='evocard_row bx2 bx'><div id='event_time' class='evocard_box time' data-c='' \n\t\t\t\t\tstyle=''><div class='evo_metarow_time evorow evcal_evdata_row evcal_evrow_sm '>\n\t\t<span class='evcal_evdata_icons'><i class='fa fa-clock'><\/i><\/span>\n\t\t<div class='evcal_evdata_cell'>\t\t\t\t\t\t\t\n\t\t\t<h3 class='evo_h3'><span class='evcal_evdata_icons'><i class='fa fa-clock'><\/i><\/span>Orario<\/h3><p><span class='evo_eventcard_time_t'>21 luglio 2026 11:00<\/span><span class='evo_tz marr5'>(GMT+02:00)<\/span><\/p>\n\t\t<\/div>\n\t<\/div><\/div><div id='event_location' class='evocard_box location' data-c='' \n\t\t\t\t\tstyle=''><div class='evcal_evdata_row evo_metarow_time_location evorow '>\n\t\t\n\t\t\t<span class='evcal_evdata_icons'><i class='fa fa-map-marker'><\/i><\/span>\n\t\t\t<div class='evcal_evdata_cell' data-loc_tax_id='34'><h3 class='evo_h3 evodfx'><span class='evcal_evdata_icons'><i class='fa fa-map-marker'><\/i><\/span>Luogo<\/h3><p class='evo_location_name'>A monte della telecabina Predazzo-Gardon\u00e8<\/p><div class='padt10'><span class='evo_btn_arr evolb_trigger' data-lbvals=\"{&quot;lbc&quot;:&quot;evo_location_lb_34&quot;,&quot;lbac&quot;:&quot;lb_max&quot;,&quot;t&quot;:&quot;A monte della telecabina Predazzo-Gardon\\u00e8&quot;,&quot;ajax&quot;:&quot;yes&quot;,&quot;ajax_type&quot;:&quot;endpoint&quot;,&quot;ajax_action&quot;:&quot;eventon_get_tax_card_content&quot;,&quot;end&quot;:&quot;client&quot;,&quot;d&quot;:{&quot;lang&quot;:&quot;L1&quot;,&quot;term_id&quot;:34,&quot;tax&quot;:&quot;event_location&quot;,&quot;load_lbcontent&quot;:true},&quot;uid&quot;:&quot;eventon_get_tax_card_content&quot;}\" >Other Events<i class='fa fa-chevron-right'><\/i><\/span><\/div><\/div>\n\t\t\n\t<\/div><\/div><\/div><div class='evocard_row bx2 bx'><div id='event_learnmore' class='evocard_box learnmore' data-c='' \n\t\t\t\t\tstyle=''><div class='evo_metarow_learnM evo_metarow_learnmore evorow'>\n\t\t\t\t\t\t\t<a class='evcal_evdata_row evo_clik_row ' href='https:\/\/www.montagnanimata.it\/spettacoli\/' target=\"_blank\">\n\t\t\t\t\t\t\t\t<span class='evcal_evdata_icons'><i class='fa fa-link'><\/i><\/span>\n\t\t\t\t\t\t\t\t<h3 class='evo_h3'>Scopri di pi\u00f9<\/h3>\n\t\t\t\t\t\t\t<\/a>\n\t\t\t\t\t\t\t<\/div><\/div><div id='event_addtocal' class='evocard_box addtocal' data-c='' \n\t\t\t\t\tstyle=''><div class='evo_metarow_ICS evorow evcal_evdata_row'>\n\t\t\t<span class='evcal_evdata_icons'><i class='fa fa-calendar-o'><\/i><\/span>\n\t\t\t<div class='evcal_evdata_cell'>\n\t\t\t\t<p><a href='https:\/\/latemarium.com\/it\/export-events\/2159_2\/?nonce=a3263097f9' class='evo_ics_nCal' title='Aggiungi al tuo calendario'>Calendario<\/a><a href='https:\/\/www.google.com\/calendar\/event?action=TEMPLATE&text=IL+DRITTO+DAH%C3%99+CI+ASPETTA+LASS%C3%99&dates=20260721T090000Z%2F20260721T215900Z&ctz=Europe%2FRome&details=IL DRITTO DAH\u00d9 CI ASPETTA LASS\u00d9&location=A+monte+della+telecabina+Predazzo-Gardon%C3%A8' target='_blank' class='evo_ics_gCal' title='Aggiungi al calendario di Google'>GoogleCal<\/a><\/p>\t\n\t\t\t<\/div>\n\t\t<\/div><\/div><\/div><div class='evocard_row'><div id='event_getdirection' class='evocard_box getdirection' data-c='' \n\t\t\t\t\tstyle=''><div class='evo_metarow_getDr evorow evcal_evdata_row evcal_evrow_sm getdirections'>\n\t\t<form action='https:\/\/maps.google.com\/maps' method='get' target='_blank'>\n\t\t\t<input type='hidden' name='daddr' value=\"46.32878794406342,11.600176728690842\"\/> \n\t\t\t<div class='evo_get_direction_content evo_fx_dr_r evogap10'>\n\t\t\t\t<span class='evogetdir_header evodfx evofx_dr_r evofx_ai_c marr10'>\n\t\t\t\t\t<i class='mainicon fa fa-road'><\/i> \n\t\t\t\t\t<h3 class='evo_h3' style='padding-bottom:5px;'>Ottieni indicazioni stradali<\/h3>\n\t\t\t\t<\/span>\n\t\t\t\t<span class='evogetdir_field evodfx evofx_1_1 evo_fx_dr_c evow100p'>\t\t\t\t\t\n\t\t\t\t\t<input class='evoInput evotac' type='text' name='saddr' placeholder='Digitare l&#039;indirizzo per ottenere le indicazioni stradali' value='' style='margin:10px 0;'\/>\n\t\t\t\t<\/span>\n\t\t\t\t<button type='submit' class='evo_get_direction_button evo_btn_arr_circ dfx fx_ai_c' title='Fare clic qui per ottenere indicazioni'><i class='fa fa-chevron-right'><\/i> <\/button>\n\t\t\t<\/div>\n\t\t<\/form>\n\t<\/div><\/div><\/div><div class='evo_card_row_end evcal_close' title='Testo del pulsante Chiudi evento'><\/div><\/div><div class='clear end'><\/div><\/div><div id=\"event_2682_2\" class=\"eventon_list_event evo_eventtop scheduled  event clrD event_2682_2\" data-event_id=\"2682\" data-ri=\"2r\" data-time=\"1784638800-1784644200\" data-colr=\"#ba181d\" itemscope itemtype='http:\/\/schema.org\/Event'><div class=\"evo_event_schema\" style=\"display:none\" ><a itemprop='url'  href='https:\/\/latemarium.com\/it\/events\/respirart-piccole-bonta-montane-laboratorio-di-cucina\/var\/ri-2.l-L1'><\/a><meta itemprop='image' content=\"https:\/\/latemarium.com\/wp-content\/uploads\/2019\/06\/Weigler_Schupf_Kaiserschmarren_2.jpg\" \/><meta itemprop='startDate' content=\"2026-7-21T15:00+0:00\" \/><meta itemprop='endDate' content=\"2026-7-21T16:30+0:00\" \/><meta itemprop='eventStatus' content=\"https:\/\/schema.org\/EventScheduled\" \/><meta itemprop='eventAttendanceMode'   itemscope itemtype=\"https:\/\/schema.org\/OfflineEventAttendanceMode\"\/><div style=\"display:none\" itemprop=\"location\" itemscope itemtype=\"http:\/\/schema.org\/Place\"><span itemprop=\"name\">Rifugio Agnello<\/span><span itemprop=\"address\" itemscope itemtype=\"http:\/\/schema.org\/PostalAddress\"><item itemprop=\"streetAddress\">Loc. Pampeago, 9, 38038 Tesero TN<\/item><\/span><\/div><script type=\"application\/ld+json\">{\"@context\": \"http:\/\/schema.org\",\"@type\": \"Event\",\n\t\t\t\t\"@id\": \"event_2682_2\",\n\t\t\t\t\"eventAttendanceMode\":\"https:\/\/schema.org\/OfflineEventAttendanceMode\",\n\t\t\t\t\"eventStatus\":\"https:\/\/schema.org\/EventScheduled\",\n\t\t\t\t\"name\": \"Piccole bont\u00e0 montane, laboratorio di cucina.\",\n\t\t\t\t\"url\": \"https:\/\/latemarium.com\/it\/events\/respirart-piccole-bonta-montane-laboratorio-di-cucina\/var\/ri-2.l-L1\",\n\t\t\t\t\"startDate\": \"2026-7-21T15:00+0:00\",\n\t\t\t\t\"endDate\": \"2026-7-21T16:30+0:00\",\n\t\t\t\t\"image\":\"https:\/\/latemarium.com\/wp-content\/uploads\/2019\/06\/Weigler_Schupf_Kaiserschmarren_2.jpg\", \n\t\t\t\t\"description\":\"<p>Ospiti del Rifugio Monte Agnello prepariamo, cuciniamo e gustiamo specialit\u00e0 montane reinventate da noi. Il laboratorio \u00e8 per i pi\u00f9 piccoli, ma mamma e pap\u00e0 saranno pronti, con penna per gli appunti e forchetta per gli assaggi!<\/p> <p><strong>Attivit\u00e0 gratuita<\/strong>, a numero chiuso, dai 5 ai 12 anni.<\/p> <p><strong>Info e prenotazioni<\/strong>: T. 0462 813265<\/p> \",\"location\":[{\"@type\":\"Place\",\"name\":\"Rifugio Agnello\",\"address\":{\"@type\": \"PostalAddress\",\"streetAddress\":\"Loc. Pampeago, 9, 38038 Tesero TN\"}}]}<\/script><\/div>\r\n\t\t\t\t<p class=\"desc_trig_outter\" style=\"\"><a data-gmtrig=\"1\" data-exlk=\"0\" style=\"background-color: #ba181d;\" id=\"evc_17846388002682\" class=\"hasFtIMG event_repeat desc_trig sin_val evcal_list_a\" data-ux_val=\"3\" data-ux_val_mob=\"-\"  ><span class='evoet_c1 evoet_cx '><span class='ev_ftImg' data-img='https:\/\/latemarium.com\/wp-content\/uploads\/2019\/06\/Weigler_Schupf_Kaiserschmarren_2.jpg' data-thumb='https:\/\/latemarium.com\/wp-content\/uploads\/2019\/06\/Weigler_Schupf_Kaiserschmarren_2-300x202.jpg' style='background-image:url(\"https:\/\/latemarium.com\/wp-content\/uploads\/2019\/06\/Weigler_Schupf_Kaiserschmarren_2-300x202.jpg\")' ><\/span><\/span><span class='evoet_c2 evoet_cx '><span class='evoet_dayblock evcal_cblock ' data-bgcolor='#ba181d' data-smon='luglio' data-syr='2026' data-bub=''><span class='evo_start '><em class='date'>21<\/em><em class='month'>lug<\/em><em class='time'>15:00<\/em><\/span><span class='evo_end only_time'><em class='time'>16:30<\/em><\/span><\/span><\/span><span class='evoet_c3 evoet_cx evcal_desc hide_eventtopdata '><span class='evoet_title evcal_desc2 evcal_event_title ' itemprop='name'>Piccole bont\u00e0 montane, laboratorio di cucina.<\/span><span class='event_location_attrs'  data-location_address=\"Loc. Pampeago, 9, 38038 Tesero TN\" data-location_type=\"lonlat\" data-location_name=\"Rifugio Agnello\" data-location_url=\"https:\/\/latemarium.com\/it\/event-location\/rifugio-agnello\/\" data-location_status=\"true\" data-latlng=\"46.333809095680266,11.547693182509184\"><\/span><span class='evoet_subtitle evo_below_title' ><span class='evcal_event_subtitle ' >RIFUGIO MONTE AGNELLO<\/span><\/span><span class='evoet_time_expand level_3'><em class='evcal_time evo_tz_time'><i class='fa fa-clock-o'><\/i>15:00 - 16:30<span class='evo_tz marl5'>(GMT+02:00)<\/span><\/em> <\/span><span class='evoet_location level_3'><em class=\"evcal_location\"  data-latlng=\"46.333809095680266,11.547693182509184\" data-add_str=\"Loc. Pampeago, 9, 38038 Tesero TN\" data-n=\"Rifugio Agnello\"><i class=\"fa fa-location-pin\"><\/i><em class=\"event_location_name\">Rifugio Agnello<\/em>, Loc. Pampeago, 9, 38038 Tesero TN<\/em><\/span><\/span><span class='evoet_data' data-d=\"{&quot;loc.n&quot;:&quot;Rifugio Agnello&quot;,&quot;orgs&quot;:[],&quot;tags&quot;:{&quot;repeating&quot;:&quot;Repeating Event&quot;}}\" data-bgc=\"#ba181d\" data-bggrad=\"\" ><\/span><\/a><\/p><div class='event_description evcal_eventcard ' style=\"display:none\"><div class='evocard_row'><div id='event_ftimage' class='evocard_box ftimage' data-c='' \n\t\t\t\t\tstyle=''><div class='evocard_main_image_hold' data-t='Loading Image..'><div class='evocard_main_image evo_img_triglb evobr15 evobgsc evobgpc evodfx evofx_jc_c evofx_ai_c evofz48 minmized' style='height:300px; background-image:url();' data-f=\"https:\/\/latemarium.com\/wp-content\/uploads\/2019\/06\/Weigler_Schupf_Kaiserschmarren_2.jpg\" data-h=\"3840\" data-w=\"5695\" data-ratio=\"0.67427568042142\" data-event_id=\"2682\" data-ri=\"2\"  data-t='Loading Image..'><span style='height:300px; background-image:url(https:\/\/latemarium.com\/wp-content\/uploads\/2019\/06\/Weigler_Schupf_Kaiserschmarren_2.jpg)'><\/span><\/div><\/div><\/div><\/div><div class='evocard_row'><div id='event_eventdetails' class='evocard_box eventdetails' data-c='' \n\t\t\t\t\tstyle=''><div class='evo_metarow_details evorow evcal_evdata_row evcal_event_details'>\n\t\t<div class=\"event_excerpt\" style=\"display:none\"><h3 class=\"padb5 evo_h3\">Dettagli dell&#039;evento<\/h3><p>Ospiti del Rifugio Monte Agnello prepariamo, cuciniamo e gustiamo specialit\u00e0 montane reinventate da noi. Il laboratorio \u00e8 per i pi\u00f9 piccoli, ma mamma e pap\u00e0 saranno pronti, con penna per<\/p><\/div><span class='evcal_evdata_icons'><i class='fa fa-align-justify'><\/i><\/span>\n\t\t\n\t\t<div class='evcal_evdata_cell '>\n\t\t\t<div class='eventon_full_description'>\n\t\t\t\t<h3 class='padb5 evo_h3'><span class='evcal_evdata_icons'><i class='fa fa-align-justify'><\/i><\/span>Dettagli dell&#039;evento<\/h3>\n\t\t\t\t<div class='eventon_desc_in' itemprop='description'>\n\t\t\t\t<p>Ospiti del Rifugio Monte Agnello prepariamo, cuciniamo e gustiamo specialit\u00e0 montane reinventate da noi. Il laboratorio \u00e8 per i pi\u00f9 piccoli, ma mamma e pap\u00e0 saranno pronti, con penna per gli appunti e forchetta per gli assaggi!<\/p>\n<p><strong>Attivit\u00e0 gratuita<\/strong>, a numero chiuso, dai 5 ai 12 anni.<\/p>\n<p><strong>Info e prenotazioni<\/strong>: T. 0462 813265<\/p>\n<\/div><div class='clear'><\/div>\n\t\t\t<\/div>\n\t\t<\/div>\n\t<\/div><\/div><\/div><div class='evocard_row bx2 bx'><div id='event_time' class='evocard_box time' data-c='' \n\t\t\t\t\tstyle=''><div class='evo_metarow_time evorow evcal_evdata_row evcal_evrow_sm '>\n\t\t<span class='evcal_evdata_icons'><i class='fa fa-clock'><\/i><\/span>\n\t\t<div class='evcal_evdata_cell'>\t\t\t\t\t\t\t\n\t\t\t<h3 class='evo_h3'><span class='evcal_evdata_icons'><i class='fa fa-clock'><\/i><\/span>Orario<\/h3><p><span class='evo_eventcard_time_t'>21 luglio 2026 15:00 - 16:30<\/span><span class='evo_tz marr5'>(GMT+02:00)<\/span><\/p>\n\t\t<\/div>\n\t<\/div><\/div><div id='event_location' class='evocard_box location' data-c='' \n\t\t\t\t\tstyle=''><div class='evcal_evdata_row evo_metarow_time_location evorow '>\n\t\t\n\t\t\t<span class='evcal_evdata_icons'><i class='fa fa-map-marker'><\/i><\/span>\n\t\t\t<div class='evcal_evdata_cell' data-loc_tax_id='24'><h3 class='evo_h3 evodfx'><span class='evcal_evdata_icons'><i class='fa fa-map-marker'><\/i><\/span><a target=\"_blank\" href=\"https:\/\/www.facebook.com\/profile.php?id=100064742944609\">Luogo<\/a><\/h3><p class='evo_location_name'><a target=\"_blank\" href=\"https:\/\/www.facebook.com\/profile.php?id=100064742944609\">Rifugio Agnello<\/a><\/p><p class='evo_location_address evodfxi evogap10'><a target=\"_blank\" href=\"https:\/\/www.facebook.com\/profile.php?id=100064742944609\">Loc. Pampeago, 9, 38038 Tesero TN<\/a><\/p><div class='padt10'><span class='evo_btn_arr evolb_trigger' data-lbvals=\"{&quot;lbc&quot;:&quot;evo_location_lb_24&quot;,&quot;lbac&quot;:&quot;lb_max&quot;,&quot;t&quot;:&quot;Rifugio Agnello&quot;,&quot;ajax&quot;:&quot;yes&quot;,&quot;ajax_type&quot;:&quot;endpoint&quot;,&quot;ajax_action&quot;:&quot;eventon_get_tax_card_content&quot;,&quot;end&quot;:&quot;client&quot;,&quot;d&quot;:{&quot;lang&quot;:&quot;L1&quot;,&quot;term_id&quot;:24,&quot;tax&quot;:&quot;event_location&quot;,&quot;load_lbcontent&quot;:true},&quot;uid&quot;:&quot;eventon_get_tax_card_content&quot;}\" >Other Events<i class='fa fa-chevron-right'><\/i><\/span><\/div><\/div>\n\t\t\n\t<\/div><\/div><\/div><div class='evocard_row'><div id='event_addtocal' class='evocard_box addtocal' data-c='' \n\t\t\t\t\tstyle=''><div class='evo_metarow_ICS evorow evcal_evdata_row'>\n\t\t\t<span class='evcal_evdata_icons'><i class='fa fa-calendar-o'><\/i><\/span>\n\t\t\t<div class='evcal_evdata_cell'>\n\t\t\t\t<p><a href='https:\/\/latemarium.com\/it\/export-events\/2682_2\/?nonce=a3263097f9' class='evo_ics_nCal' title='Aggiungi al tuo calendario'>Calendario<\/a><a href='https:\/\/www.google.com\/calendar\/event?action=TEMPLATE&text=Piccole+bont%C3%A0+montane%2C+laboratorio+di+cucina.&dates=20260721T130000Z%2F20260721T143000Z&ctz=Europe%2FRome&details=Piccole bont\u00e0 montane, laboratorio di cucina.&location=Rifugio+Agnello+Loc.+Pampeago%2C+9%2C+38038+Tesero+TN' target='_blank' class='evo_ics_gCal' title='Aggiungi al calendario di Google'>GoogleCal<\/a><\/p>\t\n\t\t\t<\/div>\n\t\t<\/div><\/div><\/div><div class='evocard_row'><div id='event_getdirection' class='evocard_box getdirection' data-c='' \n\t\t\t\t\tstyle=''><div class='evo_metarow_getDr evorow evcal_evdata_row evcal_evrow_sm getdirections'>\n\t\t<form action='https:\/\/maps.google.com\/maps' method='get' target='_blank'>\n\t\t\t<input type='hidden' name='daddr' value=\"46.333809095680266,11.547693182509184\"\/> \n\t\t\t<div class='evo_get_direction_content evo_fx_dr_r evogap10'>\n\t\t\t\t<span class='evogetdir_header evodfx evofx_dr_r evofx_ai_c marr10'>\n\t\t\t\t\t<i class='mainicon fa fa-road'><\/i> \n\t\t\t\t\t<h3 class='evo_h3' style='padding-bottom:5px;'>Ottieni indicazioni stradali<\/h3>\n\t\t\t\t<\/span>\n\t\t\t\t<span class='evogetdir_field evodfx evofx_1_1 evo_fx_dr_c evow100p'>\t\t\t\t\t\n\t\t\t\t\t<input class='evoInput evotac' type='text' name='saddr' placeholder='Digitare l&#039;indirizzo per ottenere le indicazioni stradali' value='' style='margin:10px 0;'\/>\n\t\t\t\t<\/span>\n\t\t\t\t<button type='submit' class='evo_get_direction_button evo_btn_arr_circ dfx fx_ai_c' title='Fare clic qui per ottenere indicazioni'><i class='fa fa-chevron-right'><\/i> <\/button>\n\t\t\t<\/div>\n\t\t<\/form>\n\t<\/div><\/div><\/div><div class='evo_card_row_end evcal_close' title='Testo del pulsante Chiudi evento'><\/div><\/div><div class='clear end'><\/div><\/div><div id=\"event_2079_5\" class=\"eventon_list_event evo_eventtop scheduled  event clrW no_et event_2079_5\" data-event_id=\"2079\" data-ri=\"5r\" data-time=\"1784641500-1784671140\" data-colr=\"#facd05\" itemscope itemtype='http:\/\/schema.org\/Event'><div class=\"evo_event_schema\" style=\"display:none\" ><a itemprop='url'  href='https:\/\/latemarium.com\/it\/events\/mindful-latemar\/var\/ri-5.l-L1'><\/a><meta itemprop='image' content=\"https:\/\/latemarium.com\/wp-content\/uploads\/2023\/06\/\u00a9Obereggen_LatemarAG.SpA_Mindful.Latemar_Ph.Guenther.Pichler_06.jpg\" \/><meta itemprop='startDate' content=\"2026-7-21T15:45+0:00\" \/><meta itemprop='endDate' content=\"2026-7-21T23:59+0:00\" \/><meta itemprop='eventStatus' content=\"https:\/\/schema.org\/EventScheduled\" \/><meta itemprop='eventAttendanceMode'   itemscope itemtype=\"https:\/\/schema.org\/OfflineEventAttendanceMode\"\/><div style=\"display:none\" itemprop=\"location\" itemscope itemtype=\"http:\/\/schema.org\/Place\"><span itemprop=\"name\">Stazione a valle Obereggen<\/span><span itemprop=\"address\" itemscope itemtype=\"http:\/\/schema.org\/PostalAddress\"><item itemprop=\"streetAddress\">Via Obereggen, 16, 39050 Nova Ponente BZ<\/item><\/span><\/div><script type=\"application\/ld+json\">{\"@context\": \"http:\/\/schema.org\",\"@type\": \"Event\",\n\t\t\t\t\"@id\": \"event_2079_5\",\n\t\t\t\t\"eventAttendanceMode\":\"https:\/\/schema.org\/OfflineEventAttendanceMode\",\n\t\t\t\t\"eventStatus\":\"https:\/\/schema.org\/EventScheduled\",\n\t\t\t\t\"name\": \"Mindful.Latemar\",\n\t\t\t\t\"url\": \"https:\/\/latemarium.com\/it\/events\/mindful-latemar\/var\/ri-5.l-L1\",\n\t\t\t\t\"startDate\": \"2026-7-21T15:45+0:00\",\n\t\t\t\t\"endDate\": \"2026-7-21T23:59+0:00\",\n\t\t\t\t\"image\":\"https:\/\/latemarium.com\/wp-content\/uploads\/2023\/06\/\u00a9Obereggen_LatemarAG.SpA_Mindful.Latemar_Ph.Guenther.Pichler_06.jpg\", \n\t\t\t\t\"description\":\"<p>Mindful.Latemar si trova a Obereggen lungo il <strong>sentiero circolare sul monte Golfrion<\/strong>, nel cuore delle Dolomiti a 1872 metri di altitudine.<\/p> <p>Il percorso prevede <strong>18 esercizi di Mindfulness<\/strong> in un luogo speciale che vuole rappresentare un esempio di rinascita e resilienza dopo che \u00e8 stato colpito dalla tempesta Vaia nel novembre 2018.<\/p> <h3 class='wysiwyg__subline'>Il Dott. Bernagozzi ti accompagna ogni marted\u00ec:<\/h3> <div class='wysiwyg__description'> <p>dalle ore 13.30 alle ore 15.30 (in tedesco)<br \/> dalle ore 15.45 alle ore 17.45 (in italiano)<\/p> <\/div> <ul> <li>Punto di ritrovo: stazione a valle cabinovia &#8220;Obereggen-Ochsenweide&#8221;<\/li> <li>Prezzo: 30,00 \u20ac a persona inclusa l&#8217;andata e il ritorno con la\u00a0cabinovia<\/li> <li>Prenotazione online al seguente link:\u00a0<u><strong><a href='https:\/\/eggental.com\/it\/ajax-events#11946' target='_blank' rel='noopener'>Val d&#8217;Ega Turismo<\/a><\/strong><\/u>\u00a0(max. 10 persone)<\/li> <\/ul> \",\"location\":[{\"@type\":\"Place\",\"name\":\"Stazione a valle Obereggen\",\"address\":{\"@type\": \"PostalAddress\",\"streetAddress\":\"Via Obereggen, 16, 39050 Nova Ponente BZ\"}}]}<\/script><\/div>\r\n\t\t\t\t<p class=\"desc_trig_outter\" style=\"\"><a data-gmtrig=\"1\" data-exlk=\"0\" style=\"background-color: #facd05;\" id=\"evc_17846415002079\" class=\"hasFtIMG event_repeat desc_trig sin_val evcal_list_a\" data-ux_val=\"3\" data-ux_val_mob=\"-\"  ><span class='evoet_c1 evoet_cx '><span class='ev_ftImg' data-img='https:\/\/latemarium.com\/wp-content\/uploads\/2023\/06\/\u00a9Obereggen_LatemarAG.SpA_Mindful.Latemar_Ph.Guenther.Pichler_06.jpg' data-thumb='https:\/\/latemarium.com\/wp-content\/uploads\/2023\/06\/\u00a9Obereggen_LatemarAG.SpA_Mindful.Latemar_Ph.Guenther.Pichler_06-300x169.jpg' style='background-image:url(\"https:\/\/latemarium.com\/wp-content\/uploads\/2023\/06\/\u00a9Obereggen_LatemarAG.SpA_Mindful.Latemar_Ph.Guenther.Pichler_06-300x169.jpg\")' ><\/span><\/span><span class='evoet_c2 evoet_cx '><span class='evoet_dayblock evcal_cblock ' data-bgcolor='#facd05' data-smon='luglio' data-syr='2026' data-bub=''><span class='evo_start '><em class='date'>21<\/em><em class='month'>lug<\/em><em class='time'>15:45<\/em><\/span><\/span><\/span><span class='evoet_c3 evoet_cx evcal_desc hide_eventtopdata '><span class='evoet_title evcal_desc2 evcal_event_title ' itemprop='name'>Mindful.Latemar<\/span><span class='event_location_attrs'  data-location_address=\"Via Obereggen, 16, 39050 Nova Ponente BZ\" data-location_type=\"lonlat\" data-location_name=\"Stazione a valle Obereggen\" data-location_url=\"https:\/\/latemarium.com\/it\/event-location\/stazione-a-valle-obereggen\/\" data-location_status=\"true\" data-latlng=\"46.3835808246333,11.52667595881786\"><\/span><span class='evoet_subtitle evo_below_title' ><span class='evcal_event_subtitle ' >Passeggiata Mindfulness con Psicologo del Benessere e Istruttore di Mindfulness Dott. Thomas Bernagozzi. <\/span><\/span><span class='evoet_time_expand level_3'><em class='evcal_time evo_tz_time'><i class='fa fa-clock-o'><\/i>15:45<span class='evo_tz marl5'>(GMT+02:00)<\/span><\/em> <\/span><span class='evoet_location level_3'><em class=\"evcal_location\"  data-latlng=\"46.3835808246333,11.52667595881786\" data-add_str=\"Via Obereggen, 16, 39050 Nova Ponente BZ\" data-n=\"Stazione a valle Obereggen\"><i class=\"fa fa-location-pin\"><\/i><em class=\"event_location_name\">Stazione a valle Obereggen<\/em>, Via Obereggen, 16, 39050 Nova Ponente BZ<\/em><\/span><\/span><span class='evoet_data' data-d=\"{&quot;loc.n&quot;:&quot;Stazione a valle Obereggen&quot;,&quot;orgs&quot;:[],&quot;tags&quot;:{&quot;repeating&quot;:&quot;Repeating Event&quot;}}\" data-bgc=\"#facd05\" data-bggrad=\"\" ><\/span><\/a><\/p><div class='event_description evcal_eventcard ' style=\"display:none\"><div class='evocard_row'><div id='event_ftimage' class='evocard_box ftimage' data-c='' \n\t\t\t\t\tstyle=''><div class='evocard_main_image_hold' data-t='Loading Image..'><div class='evocard_main_image evo_img_triglb evobr15 evobgsc evobgpc evodfx evofx_jc_c evofx_ai_c evofz48 minmized' style='height:300px; background-image:url();' data-f=\"https:\/\/latemarium.com\/wp-content\/uploads\/2023\/06\/\u00a9Obereggen_LatemarAG.SpA_Mindful.Latemar_Ph.Guenther.Pichler_06.jpg\" data-h=\"812\" data-w=\"1445\" data-ratio=\"0.56193771626298\" data-event_id=\"2079\" data-ri=\"5\"  data-t='Loading Image..'><span style='height:300px; background-image:url(https:\/\/latemarium.com\/wp-content\/uploads\/2023\/06\/\u00a9Obereggen_LatemarAG.SpA_Mindful.Latemar_Ph.Guenther.Pichler_06.jpg)'><\/span><\/div><\/div><\/div><\/div><div class='evocard_row'><div id='event_eventdetails' class='evocard_box eventdetails' data-c='' \n\t\t\t\t\tstyle=''><div class='evo_metarow_details evorow evcal_evdata_row evcal_event_details'>\n\t\t<div class=\"event_excerpt\" style=\"display:none\"><h3 class=\"padb5 evo_h3\">Dettagli dell&#039;evento<\/h3><p>Mindful.Latemar si trova a Obereggen lungo il sentiero circolare sul monte Golfrion, nel cuore delle Dolomiti a 1872 metri di altitudine.\nIl percorso prevede 18 esercizi di Mindfulness in un luogo<\/p><\/div><span class='evcal_evdata_icons'><i class='fa fa-align-justify'><\/i><\/span>\n\t\t\n\t\t<div class='evcal_evdata_cell shorter_desc'>\n\t\t\t<div class='eventon_full_description'>\n\t\t\t\t<h3 class='padb5 evo_h3'><span class='evcal_evdata_icons'><i class='fa fa-align-justify'><\/i><\/span>Dettagli dell&#039;evento<\/h3>\n\t\t\t\t<div class='eventon_desc_in' itemprop='description'>\n\t\t\t\t<p>Mindful.Latemar si trova a Obereggen lungo il <strong>sentiero circolare sul monte Golfrion<\/strong>, nel cuore delle Dolomiti a 1872 metri di altitudine.<\/p>\n<p>Il percorso prevede <strong>18 esercizi di Mindfulness<\/strong> in un luogo speciale che vuole rappresentare un esempio di rinascita e resilienza dopo che \u00e8 stato colpito dalla tempesta Vaia nel novembre 2018.<\/p>\n<h3 class=\"wysiwyg__subline\">Il Dott. Bernagozzi ti accompagna ogni marted\u00ec:<\/h3>\n<div class=\"wysiwyg__description\">\n<p>dalle ore 13.30 alle ore 15.30 (in tedesco)<br \/>\ndalle ore 15.45 alle ore 17.45 (in italiano)<\/p>\n<\/div>\n<ul>\n<li>Punto di ritrovo: stazione a valle cabinovia &#8220;Obereggen-Ochsenweide&#8221;<\/li>\n<li>Prezzo: 30,00 \u20ac a persona inclusa l&#8217;andata e il ritorno con la\u00a0cabinovia<\/li>\n<li>Prenotazione online al seguente link:\u00a0<u><strong><a href=\"https:\/\/eggental.com\/it\/ajax-events#11946\" target=\"_blank\" rel=\"noopener\">Val d&#8217;Ega Turismo<\/a><\/strong><\/u>\u00a0(max. 10 persone)<\/li>\n<\/ul>\n<\/div><p class='eventon_shad_p' style='padding:5px 0 0; margin:0'>\n\t\t\t<span class='evcal_btn evo_btn_secondary evobtn_details_show_more' content='less'>\n\t\t\t\t<span class='ev_more_text' data-txt='Meno'>Pi\u00f9<\/span><span class='ev_more_arrow ard'><\/span>\n\t\t\t<\/span>\n\t\t<\/p><div class='clear'><\/div>\n\t\t\t<\/div>\n\t\t<\/div>\n\t<\/div><\/div><\/div><div class='evocard_row bx2 bx'><div id='event_time' class='evocard_box time' data-c='' \n\t\t\t\t\tstyle=''><div class='evo_metarow_time evorow evcal_evdata_row evcal_evrow_sm '>\n\t\t<span class='evcal_evdata_icons'><i class='fa fa-clock'><\/i><\/span>\n\t\t<div class='evcal_evdata_cell'>\t\t\t\t\t\t\t\n\t\t\t<h3 class='evo_h3'><span class='evcal_evdata_icons'><i class='fa fa-clock'><\/i><\/span>Orario<\/h3><p><span class='evo_eventcard_time_t'>21 luglio 2026 15:45<\/span><span class='evo_tz marr5'>(GMT+02:00)<\/span><\/p>\n\t\t<\/div>\n\t<\/div><\/div><div id='event_location' class='evocard_box location' data-c='' \n\t\t\t\t\tstyle=''><div class='evcal_evdata_row evo_metarow_time_location evorow '>\n\t\t\n\t\t\t<span class='evcal_evdata_icons'><i class='fa fa-map-marker'><\/i><\/span>\n\t\t\t<div class='evcal_evdata_cell' data-loc_tax_id='22'><h3 class='evo_h3 evodfx'><span class='evcal_evdata_icons'><i class='fa fa-map-marker'><\/i><\/span>Luogo<\/h3><p class='evo_location_name'>Stazione a valle Obereggen<\/p><p class='evo_location_address evodfxi evogap10'>Via Obereggen, 16, 39050 Nova Ponente BZ<\/p><div class='padt10'><span class='evo_btn_arr evolb_trigger' data-lbvals=\"{&quot;lbc&quot;:&quot;evo_location_lb_22&quot;,&quot;lbac&quot;:&quot;lb_max&quot;,&quot;t&quot;:&quot;Stazione a valle Obereggen&quot;,&quot;ajax&quot;:&quot;yes&quot;,&quot;ajax_type&quot;:&quot;endpoint&quot;,&quot;ajax_action&quot;:&quot;eventon_get_tax_card_content&quot;,&quot;end&quot;:&quot;client&quot;,&quot;d&quot;:{&quot;lang&quot;:&quot;L1&quot;,&quot;term_id&quot;:22,&quot;tax&quot;:&quot;event_location&quot;,&quot;load_lbcontent&quot;:true},&quot;uid&quot;:&quot;eventon_get_tax_card_content&quot;}\" >Other Events<i class='fa fa-chevron-right'><\/i><\/span><\/div><\/div>\n\t\t\n\t<\/div><\/div><\/div><div class='evocard_row bx2 bx'><div id='event_learnmore' class='evocard_box learnmore' data-c='' \n\t\t\t\t\tstyle=''><div class='evo_metarow_learnM evo_metarow_learnmore evorow'>\n\t\t\t\t\t\t\t<a class='evcal_evdata_row evo_clik_row ' href='https:\/\/obereggen.com\/it\/mindfullatemar' target=\"_blank\">\n\t\t\t\t\t\t\t\t<span class='evcal_evdata_icons'><i class='fa fa-link'><\/i><\/span>\n\t\t\t\t\t\t\t\t<h3 class='evo_h3'>Scopri di pi\u00f9<\/h3>\n\t\t\t\t\t\t\t<\/a>\n\t\t\t\t\t\t\t<\/div><\/div><div id='event_addtocal' class='evocard_box addtocal' data-c='' \n\t\t\t\t\tstyle=''><div class='evo_metarow_ICS evorow evcal_evdata_row'>\n\t\t\t<span class='evcal_evdata_icons'><i class='fa fa-calendar-o'><\/i><\/span>\n\t\t\t<div class='evcal_evdata_cell'>\n\t\t\t\t<p><a href='https:\/\/latemarium.com\/it\/export-events\/2079_5\/?nonce=a3263097f9' class='evo_ics_nCal' title='Aggiungi al tuo calendario'>Calendario<\/a><a href='https:\/\/www.google.com\/calendar\/event?action=TEMPLATE&text=Mindful.Latemar&dates=20260721T134500Z%2F20260721T215900Z&ctz=Europe%2FRome&details=Mindful.Latemar&location=Stazione+a+valle+Obereggen+Via+Obereggen%2C+16%2C+39050+Nova+Ponente+BZ' target='_blank' class='evo_ics_gCal' title='Aggiungi al calendario di Google'>GoogleCal<\/a><\/p>\t\n\t\t\t<\/div>\n\t\t<\/div><\/div><\/div><div class='evocard_row'><div id='event_getdirection' class='evocard_box getdirection' data-c='' \n\t\t\t\t\tstyle=''><div class='evo_metarow_getDr evorow evcal_evdata_row evcal_evrow_sm getdirections'>\n\t\t<form action='https:\/\/maps.google.com\/maps' method='get' target='_blank'>\n\t\t\t<input type='hidden' name='daddr' value=\"46.3835808246333,11.52667595881786\"\/> \n\t\t\t<div class='evo_get_direction_content evo_fx_dr_r evogap10'>\n\t\t\t\t<span class='evogetdir_header evodfx evofx_dr_r evofx_ai_c marr10'>\n\t\t\t\t\t<i class='mainicon fa fa-road'><\/i> \n\t\t\t\t\t<h3 class='evo_h3' style='padding-bottom:5px;'>Ottieni indicazioni stradali<\/h3>\n\t\t\t\t<\/span>\n\t\t\t\t<span class='evogetdir_field evodfx evofx_1_1 evo_fx_dr_c evow100p'>\t\t\t\t\t\n\t\t\t\t\t<input class='evoInput evotac' type='text' name='saddr' placeholder='Digitare l&#039;indirizzo per ottenere le indicazioni stradali' value='' style='margin:10px 0;'\/>\n\t\t\t\t<\/span>\n\t\t\t\t<button type='submit' class='evo_get_direction_button evo_btn_arr_circ dfx fx_ai_c' title='Fare clic qui per ottenere indicazioni'><i class='fa fa-chevron-right'><\/i> <\/button>\n\t\t\t<\/div>\n\t\t<\/form>\n\t<\/div><\/div><\/div><div class='evo_card_row_end evcal_close' title='Testo del pulsante Chiudi evento'><\/div><\/div><div class='clear end'><\/div><\/div><div id=\"event_2181_3\" class=\"eventon_list_event evo_eventtop scheduled  event clrD no_et event_2181_3\" data-event_id=\"2181\" data-ri=\"3r\" data-time=\"1784705400-1784757540\" data-colr=\"#ba181d\" itemscope itemtype='http:\/\/schema.org\/Event'><div class=\"evo_event_schema\" style=\"display:none\" ><a itemprop='url'  href='https:\/\/latemarium.com\/it\/events\/geotrekking-torre-di-pisa\/var\/ri-3.l-L1'><\/a><meta itemprop='image' content=\"https:\/\/latemarium.com\/wp-content\/uploads\/2020\/06\/latemar-torre-di-pisa-estate-2019_ph.alice-russolo-90-scaled.jpg\" \/><meta itemprop='startDate' content=\"2026-7-22T09:30+0:00\" \/><meta itemprop='endDate' content=\"2026-7-22T23:59+0:00\" \/><meta itemprop='eventStatus' content=\"https:\/\/schema.org\/EventScheduled\" \/><meta itemprop='eventAttendanceMode'   itemscope itemtype=\"https:\/\/schema.org\/OfflineEventAttendanceMode\"\/><script type=\"application\/ld+json\">{\"@context\": \"http:\/\/schema.org\",\"@type\": \"Event\",\n\t\t\t\t\"@id\": \"event_2181_3\",\n\t\t\t\t\"eventAttendanceMode\":\"https:\/\/schema.org\/OfflineEventAttendanceMode\",\n\t\t\t\t\"eventStatus\":\"https:\/\/schema.org\/EventScheduled\",\n\t\t\t\t\"name\": \"GEOTREKKING TORRE DI PISA\",\n\t\t\t\t\"url\": \"https:\/\/latemarium.com\/it\/events\/geotrekking-torre-di-pisa\/var\/ri-3.l-L1\",\n\t\t\t\t\"startDate\": \"2026-7-22T09:30+0:00\",\n\t\t\t\t\"endDate\": \"2026-7-22T23:59+0:00\",\n\t\t\t\t\"image\":\"https:\/\/latemarium.com\/wp-content\/uploads\/2020\/06\/latemar-torre-di-pisa-estate-2019_ph.alice-russolo-90-scaled.jpg\", \n\t\t\t\t\"description\":\"<p><strong>Emozionante escursione geologica in quota<\/strong>, alla scoperta dell\u2019atollo del Latemar, perla dell\u2019arcipelago fossile delle Dolomiti Patrimonio UNESCO. Un suggestivo percorso ad anello guidati da un esperto Geologo e Accompagnatore di Media Montagna. Da passo Feudo si sale al rifugio Torre di Pisa per proseguire in quota fino alla forcella dei Camosci, da cui si scende rituffandosi nella profondit\u00e0 del mare tropicale fino al punto di partenza. Pranzo al sacco. Et\u00e0 minima 12 anni.<\/p> <p>Il percorso \u00e8 media difficolt\u00e0, con sentieri ben percorribili e brevi tratti leggermente esposti, dislivello 780 metri circa.<\/p> <p>Prenotazione obbligatoria entro le ore 18.30 del giorno precedente al numero:\u00a00462 241111<\/p> \"}<\/script><\/div>\r\n\t\t\t\t<p class=\"desc_trig_outter\" style=\"\"><a data-gmap_status=\"null\" data-exlk=\"0\" style=\"background-color: #ba181d;\" id=\"evc_17847054002181\" class=\"hasFtIMG event_repeat desc_trig sin_val evcal_list_a\" data-ux_val=\"3\" data-ux_val_mob=\"-\"  ><span class='evoet_c1 evoet_cx '><span class='ev_ftImg' data-img='https:\/\/latemarium.com\/wp-content\/uploads\/2020\/06\/latemar-torre-di-pisa-estate-2019_ph.alice-russolo-90-scaled.jpg' data-thumb='https:\/\/latemarium.com\/wp-content\/uploads\/2020\/06\/latemar-torre-di-pisa-estate-2019_ph.alice-russolo-90-300x200.jpg' style='background-image:url(\"https:\/\/latemarium.com\/wp-content\/uploads\/2020\/06\/latemar-torre-di-pisa-estate-2019_ph.alice-russolo-90-300x200.jpg\")' ><\/span><\/span><span class='evoet_c2 evoet_cx '><span class='evoet_dayblock evcal_cblock ' data-bgcolor='#ba181d' data-smon='luglio' data-syr='2026' data-bub=''><span class='evo_start '><em class='date'>22<\/em><em class='month'>lug<\/em><em class='time'>09:30<\/em><\/span><\/span><\/span><span class='evoet_c3 evoet_cx evcal_desc hide_eventtopdata '><span class='evoet_title evcal_desc2 evcal_event_title ' itemprop='name'>GEOTREKKING TORRE DI PISA<\/span><span class='event_location_attrs' data-location_type=\"lonlat\" data-location_name=\"A monte della seggiovia Gardon\u00e8-Passo Feudo\" data-location_url=\"https:\/\/latemarium.com\/it\/event-location\/a-monte-della-seggiovia-gardone-passo-feudo\/\" data-location_status=\"true\" data-latlng=\"46.32878794406342,11.600176728690842\"><\/span><span class='evoet_subtitle evo_below_title' ><span class='evcal_event_subtitle ' >GEOTREKKING TORRE DI PISA<\/span><\/span><span class='evoet_time_expand level_3'><em class='evcal_time evo_tz_time'><i class='fa fa-clock-o'><\/i>09:30<span class='evo_tz marl5'>(GMT+02:00)<\/span><\/em> <\/span><span class='evoet_location level_3'><em class=\"evcal_location\"  data-latlng=\"46.32878794406342,11.600176728690842\" data-add_str=\"\" data-n=\"A monte della seggiovia Gardon\u00e8-Passo Feudo\"><i class=\"fa fa-location-pin\"><\/i><em class=\"event_location_name\">A monte della seggiovia Gardon\u00e8-Passo Feudo<\/em><\/em><\/span><\/span><span class='evoet_data' data-d=\"{&quot;loc.n&quot;:&quot;A monte della seggiovia Gardon\\u00e8-Passo Feudo&quot;,&quot;orgs&quot;:[],&quot;tags&quot;:{&quot;repeating&quot;:&quot;Repeating Event&quot;}}\" data-bgc=\"#ba181d\" data-bggrad=\"\" ><\/span><\/a><\/p><div class='event_description evcal_eventcard ' style=\"display:none\"><div class='evocard_row'><div id='event_ftimage' class='evocard_box ftimage' data-c='' \n\t\t\t\t\tstyle=''><div class='evocard_main_image_hold' data-t='Loading Image..'><div class='evocard_main_image evo_img_triglb evobr15 evobgsc evobgpc evodfx evofx_jc_c evofx_ai_c evofz48 minmized' style='height:300px; background-image:url();' data-f=\"https:\/\/latemarium.com\/wp-content\/uploads\/2020\/06\/latemar-torre-di-pisa-estate-2019_ph.alice-russolo-90-scaled.jpg\" data-h=\"1707\" data-w=\"2560\" data-ratio=\"0.666796875\" data-event_id=\"2181\" data-ri=\"3\"  data-t='Loading Image..'><span style='height:300px; background-image:url(https:\/\/latemarium.com\/wp-content\/uploads\/2020\/06\/latemar-torre-di-pisa-estate-2019_ph.alice-russolo-90-scaled.jpg)'><\/span><\/div><\/div><\/div><\/div><div class='evocard_row'><div id='event_eventdetails' class='evocard_box eventdetails' data-c='' \n\t\t\t\t\tstyle=''><div class='evo_metarow_details evorow evcal_evdata_row evcal_event_details'>\n\t\t<div class=\"event_excerpt\" style=\"display:none\"><h3 class=\"padb5 evo_h3\">Dettagli dell&#039;evento<\/h3><p>Emozionante escursione geologica in quota, alla scoperta dell\u2019atollo del Latemar, perla dell\u2019arcipelago fossile delle Dolomiti Patrimonio UNESCO. Un suggestivo percorso ad anello guidati da un esperto Geologo e Accompagnatore di<\/p><\/div><span class='evcal_evdata_icons'><i class='fa fa-align-justify'><\/i><\/span>\n\t\t\n\t\t<div class='evcal_evdata_cell shorter_desc'>\n\t\t\t<div class='eventon_full_description'>\n\t\t\t\t<h3 class='padb5 evo_h3'><span class='evcal_evdata_icons'><i class='fa fa-align-justify'><\/i><\/span>Dettagli dell&#039;evento<\/h3>\n\t\t\t\t<div class='eventon_desc_in' itemprop='description'>\n\t\t\t\t<p><strong>Emozionante escursione geologica in quota<\/strong>, alla scoperta dell\u2019atollo del Latemar, perla dell\u2019arcipelago fossile delle Dolomiti Patrimonio UNESCO. Un suggestivo percorso ad anello guidati da un esperto Geologo e Accompagnatore di Media Montagna. Da passo Feudo si sale al rifugio Torre di Pisa per proseguire in quota fino alla forcella dei Camosci, da cui si scende rituffandosi nella profondit\u00e0 del mare tropicale fino al punto di partenza. Pranzo al sacco. Et\u00e0 minima 12 anni.<\/p>\n<p>Il percorso \u00e8 media difficolt\u00e0, con sentieri ben percorribili e brevi tratti leggermente esposti, dislivello 780 metri circa.<\/p>\n<p>Prenotazione obbligatoria entro le ore 18.30 del giorno precedente al numero:\u00a00462 241111<\/p>\n<\/div><p class='eventon_shad_p' style='padding:5px 0 0; margin:0'>\n\t\t\t<span class='evcal_btn evo_btn_secondary evobtn_details_show_more' content='less'>\n\t\t\t\t<span class='ev_more_text' data-txt='Meno'>Pi\u00f9<\/span><span class='ev_more_arrow ard'><\/span>\n\t\t\t<\/span>\n\t\t<\/p><div class='clear'><\/div>\n\t\t\t<\/div>\n\t\t<\/div>\n\t<\/div><\/div><\/div><div class='evocard_row bx2 bx'><div id='event_time' class='evocard_box time' data-c='' \n\t\t\t\t\tstyle=''><div class='evo_metarow_time evorow evcal_evdata_row evcal_evrow_sm '>\n\t\t<span class='evcal_evdata_icons'><i class='fa fa-clock'><\/i><\/span>\n\t\t<div class='evcal_evdata_cell'>\t\t\t\t\t\t\t\n\t\t\t<h3 class='evo_h3'><span class='evcal_evdata_icons'><i class='fa fa-clock'><\/i><\/span>Orario<\/h3><p><span class='evo_eventcard_time_t'>22 luglio 2026 09:30<\/span><span class='evo_tz marr5'>(GMT+02:00)<\/span><\/p>\n\t\t<\/div>\n\t<\/div><\/div><div id='event_location' class='evocard_box location' data-c='' \n\t\t\t\t\tstyle=''><div class='evcal_evdata_row evo_metarow_time_location evorow '>\n\t\t\n\t\t\t<span class='evcal_evdata_icons'><i class='fa fa-map-marker'><\/i><\/span>\n\t\t\t<div class='evcal_evdata_cell' data-loc_tax_id='37'><h3 class='evo_h3 evodfx'><span class='evcal_evdata_icons'><i class='fa fa-map-marker'><\/i><\/span>Luogo<\/h3><p class='evo_location_name'>A monte della seggiovia Gardon\u00e8-Passo Feudo<\/p><div class='padt10'><span class='evo_btn_arr evolb_trigger' data-lbvals=\"{&quot;lbc&quot;:&quot;evo_location_lb_37&quot;,&quot;lbac&quot;:&quot;lb_max&quot;,&quot;t&quot;:&quot;A monte della seggiovia Gardon\\u00e8-Passo Feudo&quot;,&quot;ajax&quot;:&quot;yes&quot;,&quot;ajax_type&quot;:&quot;endpoint&quot;,&quot;ajax_action&quot;:&quot;eventon_get_tax_card_content&quot;,&quot;end&quot;:&quot;client&quot;,&quot;d&quot;:{&quot;lang&quot;:&quot;L1&quot;,&quot;term_id&quot;:37,&quot;tax&quot;:&quot;event_location&quot;,&quot;load_lbcontent&quot;:true},&quot;uid&quot;:&quot;eventon_get_tax_card_content&quot;}\" >Other Events<i class='fa fa-chevron-right'><\/i><\/span><\/div><\/div>\n\t\t\n\t<\/div><\/div><\/div><div class='evocard_row bx2 bx'><div id='event_learnmore' class='evocard_box learnmore' data-c='' \n\t\t\t\t\tstyle=''><div class='evo_metarow_learnM evo_metarow_learnmore evorow'>\n\t\t\t\t\t\t\t<a class='evcal_evdata_row evo_clik_row ' href='https:\/\/www.latemar.it\/estate\/geotrekking\/' target=\"_blank\">\n\t\t\t\t\t\t\t\t<span class='evcal_evdata_icons'><i class='fa fa-link'><\/i><\/span>\n\t\t\t\t\t\t\t\t<h3 class='evo_h3'>Scopri di pi\u00f9<\/h3>\n\t\t\t\t\t\t\t<\/a>\n\t\t\t\t\t\t\t<\/div><\/div><div id='event_addtocal' class='evocard_box addtocal' data-c='' \n\t\t\t\t\tstyle=''><div class='evo_metarow_ICS evorow evcal_evdata_row'>\n\t\t\t<span class='evcal_evdata_icons'><i class='fa fa-calendar-o'><\/i><\/span>\n\t\t\t<div class='evcal_evdata_cell'>\n\t\t\t\t<p><a href='https:\/\/latemarium.com\/it\/export-events\/2181_3\/?nonce=a3263097f9' class='evo_ics_nCal' title='Aggiungi al tuo calendario'>Calendario<\/a><a href='https:\/\/www.google.com\/calendar\/event?action=TEMPLATE&text=GEOTREKKING+TORRE+DI+PISA&dates=20260722T073000Z%2F20260722T215900Z&ctz=Europe%2FRome&details=GEOTREKKING TORRE DI PISA&location=A+monte+della+seggiovia+Gardon%C3%A8-Passo+Feudo' target='_blank' class='evo_ics_gCal' title='Aggiungi al calendario di Google'>GoogleCal<\/a><\/p>\t\n\t\t\t<\/div>\n\t\t<\/div><\/div><\/div><div class='evocard_row'><div id='event_getdirection' class='evocard_box getdirection' data-c='' \n\t\t\t\t\tstyle=''><div class='evo_metarow_getDr evorow evcal_evdata_row evcal_evrow_sm getdirections'>\n\t\t<form action='https:\/\/maps.google.com\/maps' method='get' target='_blank'>\n\t\t\t<input type='hidden' name='daddr' value=\"46.32878794406342,11.600176728690842\"\/> \n\t\t\t<div class='evo_get_direction_content evo_fx_dr_r evogap10'>\n\t\t\t\t<span class='evogetdir_header evodfx evofx_dr_r evofx_ai_c marr10'>\n\t\t\t\t\t<i class='mainicon fa fa-road'><\/i> \n\t\t\t\t\t<h3 class='evo_h3' style='padding-bottom:5px;'>Ottieni indicazioni stradali<\/h3>\n\t\t\t\t<\/span>\n\t\t\t\t<span class='evogetdir_field evodfx evofx_1_1 evo_fx_dr_c evow100p'>\t\t\t\t\t\n\t\t\t\t\t<input class='evoInput evotac' type='text' name='saddr' placeholder='Digitare l&#039;indirizzo per ottenere le indicazioni stradali' value='' style='margin:10px 0;'\/>\n\t\t\t\t<\/span>\n\t\t\t\t<button type='submit' class='evo_get_direction_button evo_btn_arr_circ dfx fx_ai_c' title='Fare clic qui per ottenere indicazioni'><i class='fa fa-chevron-right'><\/i> <\/button>\n\t\t\t<\/div>\n\t\t<\/form>\n\t<\/div><\/div><\/div><div class='evo_card_row_end evcal_close' title='Testo del pulsante Chiudi evento'><\/div><\/div><div class='clear end'><\/div><\/div><div id=\"event_2169_2\" class=\"eventon_list_event evo_eventtop scheduled  event clrW no_et event_2169_2\" data-event_id=\"2169\" data-ri=\"2r\" data-time=\"1784709000-1784757540\" data-colr=\"#a69dcd\" itemscope itemtype='http:\/\/schema.org\/Event'><div class=\"evo_event_schema\" style=\"display:none\" ><a itemprop='url'  href='https:\/\/latemarium.com\/it\/events\/gea-alla-conquista-della-cima\/var\/ri-2.l-L1'><\/a><meta itemprop='image' content=\"https:\/\/latemarium.com\/wp-content\/uploads\/2023\/06\/geotrail-1200x800-alice-russolo-rocce-barca-2.jpg\" \/><meta itemprop='startDate' content=\"2026-7-22T10:30+0:00\" \/><meta itemprop='endDate' content=\"2026-7-22T23:59+0:00\" \/><meta itemprop='eventStatus' content=\"https:\/\/schema.org\/EventScheduled\" \/><meta itemprop='eventAttendanceMode'   itemscope itemtype=\"https:\/\/schema.org\/OfflineEventAttendanceMode\"\/><script type=\"application\/ld+json\">{\"@context\": \"http:\/\/schema.org\",\"@type\": \"Event\",\n\t\t\t\t\"@id\": \"event_2169_2\",\n\t\t\t\t\"eventAttendanceMode\":\"https:\/\/schema.org\/OfflineEventAttendanceMode\",\n\t\t\t\t\"eventStatus\":\"https:\/\/schema.org\/EventScheduled\",\n\t\t\t\t\"name\": \"Gea alla conquista della cima\",\n\t\t\t\t\"url\": \"https:\/\/latemarium.com\/it\/events\/gea-alla-conquista-della-cima\/var\/ri-2.l-L1\",\n\t\t\t\t\"startDate\": \"2026-7-22T10:30+0:00\",\n\t\t\t\t\"endDate\": \"2026-7-22T23:59+0:00\",\n\t\t\t\t\"image\":\"https:\/\/latemarium.com\/wp-content\/uploads\/2023\/06\/geotrail-1200x800-alice-russolo-rocce-barca-2.jpg\", \n\t\t\t\t\"description\":\"<p>La nostra Gea, libera e entusiasta compie una nuova impresa con due esperti accompagnatori e insieme conquisteranno la cima!<\/p> <p>mercoled\u00ec: dall&#8217;8 luglio al 19 agosto 2026<br \/> a monte della seggiovia Gardon\u00e8-Passo Feudo<br \/> ore 10.30<br \/> adatto a famiglie e bambini dai 5 anni in su\u00a0(durata 1h30\u2019)<\/p> \"}<\/script><\/div>\r\n\t\t\t\t<p class=\"desc_trig_outter\" style=\"\"><a data-gmap_status=\"null\" data-exlk=\"0\" style=\"background-color: #a69dcd;\" id=\"evc_17847090002169\" class=\"hasFtIMG event_repeat desc_trig sin_val evcal_list_a\" data-ux_val=\"3\" data-ux_val_mob=\"-\"  ><span class='evoet_c1 evoet_cx '><span class='ev_ftImg' data-img='https:\/\/latemarium.com\/wp-content\/uploads\/2023\/06\/geotrail-1200x800-alice-russolo-rocce-barca-2.jpg' data-thumb='https:\/\/latemarium.com\/wp-content\/uploads\/2023\/06\/geotrail-1200x800-alice-russolo-rocce-barca-2-300x200.jpg' style='background-image:url(\"https:\/\/latemarium.com\/wp-content\/uploads\/2023\/06\/geotrail-1200x800-alice-russolo-rocce-barca-2-300x200.jpg\")' ><\/span><\/span><span class='evoet_c2 evoet_cx '><span class='evoet_dayblock evcal_cblock ' data-bgcolor='#a69dcd' data-smon='luglio' data-syr='2026' data-bub=''><span class='evo_start '><em class='date'>22<\/em><em class='month'>lug<\/em><em class='time'>10:30<\/em><\/span><\/span><\/span><span class='evoet_c3 evoet_cx evcal_desc hide_eventtopdata '><span class='evoet_title evcal_desc2 evcal_event_title ' itemprop='name'>Gea alla conquista della cima<\/span><span class='event_location_attrs' data-location_type=\"lonlat\" data-location_name=\"A monte della seggiovia Gardon\u00e8-Passo Feudo\" data-location_url=\"https:\/\/latemarium.com\/it\/event-location\/a-monte-della-seggiovia-gardone-passo-feudo\/\" data-location_status=\"true\" data-latlng=\"46.32878794406342,11.600176728690842\"><\/span><span class='evoet_subtitle evo_below_title' ><span class='evcal_event_subtitle ' >Spettacolo itinerante sul Geotrail Dos Cap\u00e8l<\/span><\/span><span class='evoet_time_expand level_3'><em class='evcal_time evo_tz_time'><i class='fa fa-clock-o'><\/i>10:30<span class='evo_tz marl5'>(GMT+02:00)<\/span><\/em> <\/span><span class='evoet_location level_3'><em class=\"evcal_location\"  data-latlng=\"46.32878794406342,11.600176728690842\" data-add_str=\"\" data-n=\"A monte della seggiovia Gardon\u00e8-Passo Feudo\"><i class=\"fa fa-location-pin\"><\/i><em class=\"event_location_name\">A monte della seggiovia Gardon\u00e8-Passo Feudo<\/em><\/em><\/span><\/span><span class='evoet_data' data-d=\"{&quot;loc.n&quot;:&quot;A monte della seggiovia Gardon\\u00e8-Passo Feudo&quot;,&quot;orgs&quot;:[],&quot;tags&quot;:{&quot;repeating&quot;:&quot;Repeating Event&quot;}}\" data-bgc=\"#a69dcd\" data-bggrad=\"\" ><\/span><\/a><\/p><div class='event_description evcal_eventcard ' style=\"display:none\"><div class='evocard_row'><div id='event_ftimage' class='evocard_box ftimage' data-c='' \n\t\t\t\t\tstyle=''><div class='evocard_main_image_hold' data-t='Loading Image..'><div class='evocard_main_image evo_img_triglb evobr15 evobgsc evobgpc evodfx evofx_jc_c evofx_ai_c evofz48 minmized' style='height:300px; background-image:url();' data-f=\"https:\/\/latemarium.com\/wp-content\/uploads\/2023\/06\/geotrail-1200x800-alice-russolo-rocce-barca-2.jpg\" data-h=\"800\" data-w=\"1200\" data-ratio=\"0.66666666666667\" data-event_id=\"2169\" data-ri=\"2\"  data-t='Loading Image..'><span style='height:300px; background-image:url(https:\/\/latemarium.com\/wp-content\/uploads\/2023\/06\/geotrail-1200x800-alice-russolo-rocce-barca-2.jpg)'><\/span><\/div><\/div><\/div><\/div><div class='evocard_row'><div id='event_eventdetails' class='evocard_box eventdetails' data-c='' \n\t\t\t\t\tstyle=''><div class='evo_metarow_details evorow evcal_evdata_row evcal_event_details'>\n\t\t<div class=\"event_excerpt\" style=\"display:none\"><h3 class=\"padb5 evo_h3\">Dettagli dell&#039;evento<\/h3><p>La nostra Gea, libera e entusiasta compie una nuova impresa con due esperti accompagnatori e insieme conquisteranno la cima!\nmercoled\u00ec: dall&#8217;8 luglio al 19 agosto 2026\na monte della seggiovia Gardon\u00e8-Passo<\/p><\/div><span class='evcal_evdata_icons'><i class='fa fa-align-justify'><\/i><\/span>\n\t\t\n\t\t<div class='evcal_evdata_cell '>\n\t\t\t<div class='eventon_full_description'>\n\t\t\t\t<h3 class='padb5 evo_h3'><span class='evcal_evdata_icons'><i class='fa fa-align-justify'><\/i><\/span>Dettagli dell&#039;evento<\/h3>\n\t\t\t\t<div class='eventon_desc_in' itemprop='description'>\n\t\t\t\t<p>La nostra Gea, libera e entusiasta compie una nuova impresa con due esperti accompagnatori e insieme conquisteranno la cima!<\/p>\n<p>mercoled\u00ec: dall&#8217;8 luglio al 19 agosto 2026<br \/>\na monte della seggiovia Gardon\u00e8-Passo Feudo<br \/>\nore 10.30<br \/>\nadatto a famiglie e bambini dai 5 anni in su\u00a0(durata 1h30\u2019)<\/p>\n<\/div><div class='clear'><\/div>\n\t\t\t<\/div>\n\t\t<\/div>\n\t<\/div><\/div><\/div><div class='evocard_row bx2 bx'><div id='event_time' class='evocard_box time' data-c='' \n\t\t\t\t\tstyle=''><div class='evo_metarow_time evorow evcal_evdata_row evcal_evrow_sm '>\n\t\t<span class='evcal_evdata_icons'><i class='fa fa-clock'><\/i><\/span>\n\t\t<div class='evcal_evdata_cell'>\t\t\t\t\t\t\t\n\t\t\t<h3 class='evo_h3'><span class='evcal_evdata_icons'><i class='fa fa-clock'><\/i><\/span>Orario<\/h3><p><span class='evo_eventcard_time_t'>22 luglio 2026 10:30<\/span><span class='evo_tz marr5'>(GMT+02:00)<\/span><\/p>\n\t\t<\/div>\n\t<\/div><\/div><div id='event_location' class='evocard_box location' data-c='' \n\t\t\t\t\tstyle=''><div class='evcal_evdata_row evo_metarow_time_location evorow '>\n\t\t\n\t\t\t<span class='evcal_evdata_icons'><i class='fa fa-map-marker'><\/i><\/span>\n\t\t\t<div class='evcal_evdata_cell' data-loc_tax_id='37'><h3 class='evo_h3 evodfx'><span class='evcal_evdata_icons'><i class='fa fa-map-marker'><\/i><\/span>Luogo<\/h3><p class='evo_location_name'>A monte della seggiovia Gardon\u00e8-Passo Feudo<\/p><div class='padt10'><span class='evo_btn_arr evolb_trigger' data-lbvals=\"{&quot;lbc&quot;:&quot;evo_location_lb_37&quot;,&quot;lbac&quot;:&quot;lb_max&quot;,&quot;t&quot;:&quot;A monte della seggiovia Gardon\\u00e8-Passo Feudo&quot;,&quot;ajax&quot;:&quot;yes&quot;,&quot;ajax_type&quot;:&quot;endpoint&quot;,&quot;ajax_action&quot;:&quot;eventon_get_tax_card_content&quot;,&quot;end&quot;:&quot;client&quot;,&quot;d&quot;:{&quot;lang&quot;:&quot;L1&quot;,&quot;term_id&quot;:37,&quot;tax&quot;:&quot;event_location&quot;,&quot;load_lbcontent&quot;:true},&quot;uid&quot;:&quot;eventon_get_tax_card_content&quot;}\" >Other Events<i class='fa fa-chevron-right'><\/i><\/span><\/div><\/div>\n\t\t\n\t<\/div><\/div><\/div><div class='evocard_row bx2 bx'><div id='event_learnmore' class='evocard_box learnmore' data-c='' \n\t\t\t\t\tstyle=''><div class='evo_metarow_learnM evo_metarow_learnmore evorow'>\n\t\t\t\t\t\t\t<a class='evcal_evdata_row evo_clik_row ' href='https:\/\/www.montagnanimata.it\/spettacoli\/' target=\"_blank\">\n\t\t\t\t\t\t\t\t<span class='evcal_evdata_icons'><i class='fa fa-link'><\/i><\/span>\n\t\t\t\t\t\t\t\t<h3 class='evo_h3'>Scopri di pi\u00f9<\/h3>\n\t\t\t\t\t\t\t<\/a>\n\t\t\t\t\t\t\t<\/div><\/div><div id='event_addtocal' class='evocard_box addtocal' data-c='' \n\t\t\t\t\tstyle=''><div class='evo_metarow_ICS evorow evcal_evdata_row'>\n\t\t\t<span class='evcal_evdata_icons'><i class='fa fa-calendar-o'><\/i><\/span>\n\t\t\t<div class='evcal_evdata_cell'>\n\t\t\t\t<p><a href='https:\/\/latemarium.com\/it\/export-events\/2169_2\/?nonce=a3263097f9' class='evo_ics_nCal' title='Aggiungi al tuo calendario'>Calendario<\/a><a href='https:\/\/www.google.com\/calendar\/event?action=TEMPLATE&text=Gea+alla+conquista+della+cima&dates=20260722T083000Z%2F20260722T215900Z&ctz=Europe%2FRome&details=Gea alla conquista della cima&location=A+monte+della+seggiovia+Gardon%C3%A8-Passo+Feudo' target='_blank' class='evo_ics_gCal' title='Aggiungi al calendario di Google'>GoogleCal<\/a><\/p>\t\n\t\t\t<\/div>\n\t\t<\/div><\/div><\/div><div class='evocard_row'><div id='event_getdirection' class='evocard_box getdirection' data-c='' \n\t\t\t\t\tstyle=''><div class='evo_metarow_getDr evorow evcal_evdata_row evcal_evrow_sm getdirections'>\n\t\t<form action='https:\/\/maps.google.com\/maps' method='get' target='_blank'>\n\t\t\t<input type='hidden' name='daddr' value=\"46.32878794406342,11.600176728690842\"\/> \n\t\t\t<div class='evo_get_direction_content evo_fx_dr_r evogap10'>\n\t\t\t\t<span class='evogetdir_header evodfx evofx_dr_r evofx_ai_c marr10'>\n\t\t\t\t\t<i class='mainicon fa fa-road'><\/i> \n\t\t\t\t\t<h3 class='evo_h3' style='padding-bottom:5px;'>Ottieni indicazioni stradali<\/h3>\n\t\t\t\t<\/span>\n\t\t\t\t<span class='evogetdir_field evodfx evofx_1_1 evo_fx_dr_c evow100p'>\t\t\t\t\t\n\t\t\t\t\t<input class='evoInput evotac' type='text' name='saddr' placeholder='Digitare l&#039;indirizzo per ottenere le indicazioni stradali' value='' style='margin:10px 0;'\/>\n\t\t\t\t<\/span>\n\t\t\t\t<button type='submit' class='evo_get_direction_button evo_btn_arr_circ dfx fx_ai_c' title='Fare clic qui per ottenere indicazioni'><i class='fa fa-chevron-right'><\/i> <\/button>\n\t\t\t<\/div>\n\t\t<\/form>\n\t<\/div><\/div><\/div><div class='evo_card_row_end evcal_close' title='Testo del pulsante Chiudi evento'><\/div><\/div><div class='clear end'><\/div><\/div><div id=\"event_2933_4\" class=\"eventon_list_event evo_eventtop scheduled  event clrD event_2933_4\" data-event_id=\"2933\" data-ri=\"4r\" data-time=\"1784721600-1784730600\" data-colr=\"#38823b\" itemscope itemtype='http:\/\/schema.org\/Event'><div class=\"evo_event_schema\" style=\"display:none\" ><a itemprop='url'  href='https:\/\/latemarium.com\/it\/events\/in-cammino-con-i-pony\/var\/ri-4.l-L1'><\/a><meta itemprop='image' content=\"https:\/\/latemarium.com\/wp-content\/uploads\/2026\/04\/pony.jpg\" \/><meta itemprop='startDate' content=\"2026-7-22T14:00+0:00\" \/><meta itemprop='endDate' content=\"2026-7-22T16:30+0:00\" \/><meta itemprop='eventStatus' content=\"https:\/\/schema.org\/EventScheduled\" \/><meta itemprop='eventAttendanceMode'   itemscope itemtype=\"https:\/\/schema.org\/OfflineEventAttendanceMode\"\/><div style=\"display:none\" itemprop=\"location\" itemscope itemtype=\"http:\/\/schema.org\/Place\"><span itemprop=\"name\">Pampeago<\/span><span itemprop=\"address\" itemscope itemtype=\"http:\/\/schema.org\/PostalAddress\"><item itemprop=\"streetAddress\">Localit\u00e0 Pampeago, 8, 38038 Tesero TN<\/item><\/span><\/div><script type=\"application\/ld+json\">{\"@context\": \"http:\/\/schema.org\",\"@type\": \"Event\",\n\t\t\t\t\"@id\": \"event_2933_4\",\n\t\t\t\t\"eventAttendanceMode\":\"https:\/\/schema.org\/OfflineEventAttendanceMode\",\n\t\t\t\t\"eventStatus\":\"https:\/\/schema.org\/EventScheduled\",\n\t\t\t\t\"name\": \"In cammino con i pony\",\n\t\t\t\t\"url\": \"https:\/\/latemarium.com\/it\/events\/in-cammino-con-i-pony\/var\/ri-4.l-L1\",\n\t\t\t\t\"startDate\": \"2026-7-22T14:00+0:00\",\n\t\t\t\t\"endDate\": \"2026-7-22T16:30+0:00\",\n\t\t\t\t\"image\":\"https:\/\/latemarium.com\/wp-content\/uploads\/2026\/04\/pony.jpg\", \n\t\t\t\t\"description\":\"<p>Una piacevole passeggiata alla scoperta dei paesaggi di Pampeago, accompagnati da simpatici pony che guideranno bambini e famiglie lungo il percorso in totale sicurezza.<\/p> <p>Un\u2019esperienza rilassante e divertente, perfetta per vivere la montagna a ritmo lento e creare un contatto speciale con questi dolci animali.<\/p> <p><strong>INFO UTILI:<\/strong><br \/> Quando &#8211; Tutti i mercoled\u00ec dal 24\/06 al 09\/09<br \/> Orario &#8211; dalle 14.00 alle 16.30 (in base alle disponibilit\u00e0)<br \/> Ritrovo &#8211;\u00a0 parcheggio seggiovia Tresca (accesso consentito SOLO a chi prenota l\u2019attivit\u00e0)<\/p> <p>Attivit\u00e0 adatta a famiglie e bambini<\/p> <p>Prenotazione obbligatoria, clicca <a href='https:\/\/www.visitfiemme.it\/it\/eventi\/fiemme-cembra-guest-card\/esperienze\/esperienze-in-estate' target='_blank' rel='noopener'>QUI<\/a> per prenotare<\/p> \",\"location\":[{\"@type\":\"Place\",\"name\":\"Pampeago\",\"address\":{\"@type\": \"PostalAddress\",\"streetAddress\":\"Localit\u00e0 Pampeago, 8, 38038 Tesero TN\"}}]}<\/script><\/div>\r\n\t\t\t\t<p class=\"desc_trig_outter\" style=\"\"><a data-gmap_status=\"null\" data-exlk=\"0\" style=\"background-color: #38823b;\" id=\"evc_17847216002933\" class=\"hasFtIMG event_repeat desc_trig sin_val evcal_list_a\" data-ux_val=\"3\" data-ux_val_mob=\"-\"  ><span class='evoet_c1 evoet_cx '><span class='ev_ftImg' data-img='https:\/\/latemarium.com\/wp-content\/uploads\/2026\/04\/pony.jpg' data-thumb='https:\/\/latemarium.com\/wp-content\/uploads\/2026\/04\/pony-300x110.jpg' style='background-image:url(\"https:\/\/latemarium.com\/wp-content\/uploads\/2026\/04\/pony-300x110.jpg\")' ><\/span><\/span><span class='evoet_c2 evoet_cx '><span class='evoet_dayblock evcal_cblock ' data-bgcolor='#38823b' data-smon='luglio' data-syr='2026' data-bub=''><span class='evo_start '><em class='date'>22<\/em><em class='month'>lug<\/em><em class='time'>14:00<\/em><\/span><span class='evo_end only_time'><em class='time'>16:30<\/em><\/span><\/span><\/span><span class='evoet_c3 evoet_cx evcal_desc hide_eventtopdata '><span class='evoet_title evcal_desc2 evcal_event_title ' itemprop='name'>In cammino con i pony<\/span><span class='event_location_attrs'  data-location_address=\"Localit\u00e0 Pampeago, 8, 38038 Tesero TN\" data-location_type=\"lonlat\" data-location_name=\"Pampeago\" data-location_url=\"https:\/\/latemarium.com\/it\/event-location\/pampeago\/\" data-location_status=\"true\" data-latlng=\"46.34343697644898,11.540997527961546\"><\/span><span class='evoet_subtitle evo_below_title' ><span class='evcal_event_subtitle ' >passeggiata per famiglie<\/span><\/span><span class='evoet_time_expand level_3'><em class='evcal_time evo_tz_time'><i class='fa fa-clock-o'><\/i>14:00 - 16:30<span class='evo_tz marl5'>(GMT+02:00)<\/span><\/em> <\/span><span class='evoet_location level_3'><em class=\"evcal_location\"  data-latlng=\"46.34343697644898,11.540997527961546\" data-add_str=\"Localit\u00e0 Pampeago, 8, 38038 Tesero TN\" data-n=\"Pampeago\"><i class=\"fa fa-location-pin\"><\/i><em class=\"event_location_name\">Pampeago<\/em>, Localit\u00e0 Pampeago, 8, 38038 Tesero TN<\/em><\/span><\/span><span class='evoet_data' data-d=\"{&quot;loc.n&quot;:&quot;Pampeago&quot;,&quot;orgs&quot;:[],&quot;tags&quot;:{&quot;repeating&quot;:&quot;Repeating Event&quot;}}\" data-bgc=\"#38823b\" data-bggrad=\"\" ><\/span><\/a><\/p><div class='event_description evcal_eventcard ' style=\"display:none\"><div class='evocard_row'><div id='event_ftimage' class='evocard_box ftimage' data-c='' \n\t\t\t\t\tstyle=''><div class='evocard_main_image_hold' data-t='Loading Image..'><div class='evocard_main_image evo_img_triglb evobr15 evobgsc evobgpc evodfx evofx_jc_c evofx_ai_c evofz48 minmized' style='height:300px; background-image:url();' data-f=\"https:\/\/latemarium.com\/wp-content\/uploads\/2026\/04\/pony.jpg\" data-h=\"368\" data-w=\"1000\" data-ratio=\"0.368\" data-event_id=\"2933\" data-ri=\"4\"  data-t='Loading Image..'><span style='height:300px; background-image:url(https:\/\/latemarium.com\/wp-content\/uploads\/2026\/04\/pony.jpg)'><\/span><\/div><\/div><\/div><\/div><div class='evocard_row'><div id='event_eventdetails' class='evocard_box eventdetails' data-c='' \n\t\t\t\t\tstyle=''><div class='evo_metarow_details evorow evcal_evdata_row evcal_event_details'>\n\t\t<div class=\"event_excerpt\" style=\"display:none\"><h3 class=\"padb5 evo_h3\">Dettagli dell&#039;evento<\/h3><p>Una piacevole passeggiata alla scoperta dei paesaggi di Pampeago, accompagnati da simpatici pony che guideranno bambini e famiglie lungo il percorso in totale sicurezza.\nUn\u2019esperienza rilassante e divertente, perfetta per vivere<\/p><\/div><span class='evcal_evdata_icons'><i class='fa fa-align-justify'><\/i><\/span>\n\t\t\n\t\t<div class='evcal_evdata_cell shorter_desc'>\n\t\t\t<div class='eventon_full_description'>\n\t\t\t\t<h3 class='padb5 evo_h3'><span class='evcal_evdata_icons'><i class='fa fa-align-justify'><\/i><\/span>Dettagli dell&#039;evento<\/h3>\n\t\t\t\t<div class='eventon_desc_in' itemprop='description'>\n\t\t\t\t<p>Una piacevole passeggiata alla scoperta dei paesaggi di Pampeago, accompagnati da simpatici pony che guideranno bambini e famiglie lungo il percorso in totale sicurezza.<\/p>\n<p>Un\u2019esperienza rilassante e divertente, perfetta per vivere la montagna a ritmo lento e creare un contatto speciale con questi dolci animali.<\/p>\n<p><strong>INFO UTILI:<\/strong><br \/>\nQuando &#8211; Tutti i mercoled\u00ec dal 24\/06 al 09\/09<br \/>\nOrario &#8211; dalle 14.00 alle 16.30 (in base alle disponibilit\u00e0)<br \/>\nRitrovo &#8211;\u00a0 parcheggio seggiovia Tresca (accesso consentito SOLO a chi prenota l\u2019attivit\u00e0)<\/p>\n<p>Attivit\u00e0 adatta a famiglie e bambini<\/p>\n<p>Prenotazione obbligatoria, clicca <a href=\"https:\/\/www.visitfiemme.it\/it\/eventi\/fiemme-cembra-guest-card\/esperienze\/esperienze-in-estate\" target=\"_blank\" rel=\"noopener\">QUI<\/a> per prenotare<\/p>\n<\/div><p class='eventon_shad_p' style='padding:5px 0 0; margin:0'>\n\t\t\t<span class='evcal_btn evo_btn_secondary evobtn_details_show_more' content='less'>\n\t\t\t\t<span class='ev_more_text' data-txt='Meno'>Pi\u00f9<\/span><span class='ev_more_arrow ard'><\/span>\n\t\t\t<\/span>\n\t\t<\/p><div class='clear'><\/div>\n\t\t\t<\/div>\n\t\t<\/div>\n\t<\/div><\/div><\/div><div class='evocard_row bx2 bx'><div id='event_time' class='evocard_box time' data-c='' \n\t\t\t\t\tstyle=''><div class='evo_metarow_time evorow evcal_evdata_row evcal_evrow_sm '>\n\t\t<span class='evcal_evdata_icons'><i class='fa fa-clock'><\/i><\/span>\n\t\t<div class='evcal_evdata_cell'>\t\t\t\t\t\t\t\n\t\t\t<h3 class='evo_h3'><span class='evcal_evdata_icons'><i class='fa fa-clock'><\/i><\/span>Orario<\/h3><p><span class='evo_eventcard_time_t'>22 luglio 2026 14:00 - 16:30<\/span><span class='evo_tz marr5'>(GMT+02:00)<\/span><\/p>\n\t\t<\/div>\n\t<\/div><\/div><div id='event_location' class='evocard_box location' data-c='' \n\t\t\t\t\tstyle=''><div class='evcal_evdata_row evo_metarow_time_location evorow '>\n\t\t\n\t\t\t<span class='evcal_evdata_icons'><i class='fa fa-map-marker'><\/i><\/span>\n\t\t\t<div class='evcal_evdata_cell' data-loc_tax_id='30'><h3 class='evo_h3 evodfx'><span class='evcal_evdata_icons'><i class='fa fa-map-marker'><\/i><\/span>Luogo<\/h3><p class='evo_location_name'>Pampeago<\/p><p class='evo_location_address evodfxi evogap10'>Localit\u00e0 Pampeago, 8, 38038 Tesero TN<\/p><div class='padt10'><span class='evo_btn_arr evolb_trigger' data-lbvals=\"{&quot;lbc&quot;:&quot;evo_location_lb_30&quot;,&quot;lbac&quot;:&quot;lb_max&quot;,&quot;t&quot;:&quot;Pampeago&quot;,&quot;ajax&quot;:&quot;yes&quot;,&quot;ajax_type&quot;:&quot;endpoint&quot;,&quot;ajax_action&quot;:&quot;eventon_get_tax_card_content&quot;,&quot;end&quot;:&quot;client&quot;,&quot;d&quot;:{&quot;lang&quot;:&quot;L1&quot;,&quot;term_id&quot;:30,&quot;tax&quot;:&quot;event_location&quot;,&quot;load_lbcontent&quot;:true},&quot;uid&quot;:&quot;eventon_get_tax_card_content&quot;}\" >Other Events<i class='fa fa-chevron-right'><\/i><\/span><\/div><\/div>\n\t\t\n\t<\/div><\/div><\/div><div class='evocard_row'><div id='event_addtocal' class='evocard_box addtocal' data-c='' \n\t\t\t\t\tstyle=''><div class='evo_metarow_ICS evorow evcal_evdata_row'>\n\t\t\t<span class='evcal_evdata_icons'><i class='fa fa-calendar-o'><\/i><\/span>\n\t\t\t<div class='evcal_evdata_cell'>\n\t\t\t\t<p><a href='https:\/\/latemarium.com\/it\/export-events\/2933_4\/?nonce=a3263097f9' class='evo_ics_nCal' title='Aggiungi al tuo calendario'>Calendario<\/a><a href='https:\/\/www.google.com\/calendar\/event?action=TEMPLATE&text=In+cammino+con+i+pony&dates=20260722T120000Z%2F20260722T143000Z&ctz=Europe%2FRome&details=In cammino con i pony&location=Pampeago+Localit%C3%A0+Pampeago%2C+8%2C+38038+Tesero+TN' target='_blank' class='evo_ics_gCal' title='Aggiungi al calendario di Google'>GoogleCal<\/a><\/p>\t\n\t\t\t<\/div>\n\t\t<\/div><\/div><\/div><div class='evocard_row'><div id='event_getdirection' class='evocard_box getdirection' data-c='' \n\t\t\t\t\tstyle=''><div class='evo_metarow_getDr evorow evcal_evdata_row evcal_evrow_sm getdirections'>\n\t\t<form action='https:\/\/maps.google.com\/maps' method='get' target='_blank'>\n\t\t\t<input type='hidden' name='daddr' value=\"46.34343697644898,11.540997527961546\"\/> \n\t\t\t<div class='evo_get_direction_content evo_fx_dr_r evogap10'>\n\t\t\t\t<span class='evogetdir_header evodfx evofx_dr_r evofx_ai_c marr10'>\n\t\t\t\t\t<i class='mainicon fa fa-road'><\/i> \n\t\t\t\t\t<h3 class='evo_h3' style='padding-bottom:5px;'>Ottieni indicazioni stradali<\/h3>\n\t\t\t\t<\/span>\n\t\t\t\t<span class='evogetdir_field evodfx evofx_1_1 evo_fx_dr_c evow100p'>\t\t\t\t\t\n\t\t\t\t\t<input class='evoInput evotac' type='text' name='saddr' placeholder='Digitare l&#039;indirizzo per ottenere le indicazioni stradali' value='' style='margin:10px 0;'\/>\n\t\t\t\t<\/span>\n\t\t\t\t<button type='submit' class='evo_get_direction_button evo_btn_arr_circ dfx fx_ai_c' title='Fare clic qui per ottenere indicazioni'><i class='fa fa-chevron-right'><\/i> <\/button>\n\t\t\t<\/div>\n\t\t<\/form>\n\t<\/div><\/div><\/div><div class='evo_card_row_end evcal_close' title='Testo del pulsante Chiudi evento'><\/div><\/div><div class='clear end'><\/div><\/div><div id=\"event_2840_3\" class=\"eventon_list_event evo_eventtop scheduled  event clrD no_et event_2840_3\" data-event_id=\"2840\" data-ri=\"3r\" data-time=\"1784790000-1784843940\" data-colr=\"#38823b\" itemscope itemtype='http:\/\/schema.org\/Event'><div class=\"evo_event_schema\" style=\"display:none\" ><a itemprop='url'  href='https:\/\/latemarium.com\/it\/events\/escursione-in-montagna-al-rifugio-torre-di-pisa\/var\/ri-3.l-L1'><\/a><meta itemprop='image' content=\"https:\/\/latemarium.com\/wp-content\/uploads\/2025\/05\/escursione-torre-di-pisa-obereggen.jpg\" \/><meta itemprop='startDate' content=\"2026-7-23T09:00+0:00\" \/><meta itemprop='endDate' content=\"2026-7-23T23:59+0:00\" \/><meta itemprop='eventStatus' content=\"https:\/\/schema.org\/EventScheduled\" \/><meta itemprop='eventAttendanceMode'   itemscope itemtype=\"https:\/\/schema.org\/OfflineEventAttendanceMode\"\/><div style=\"display:none\" itemprop=\"location\" itemscope itemtype=\"http:\/\/schema.org\/Place\"><span itemprop=\"name\">Stazione a valle Obereggen<\/span><span itemprop=\"address\" itemscope itemtype=\"http:\/\/schema.org\/PostalAddress\"><item itemprop=\"streetAddress\">Via Obereggen, 16, 39050 Nova Ponente BZ<\/item><\/span><\/div><script type=\"application\/ld+json\">{\"@context\": \"http:\/\/schema.org\",\"@type\": \"Event\",\n\t\t\t\t\"@id\": \"event_2840_3\",\n\t\t\t\t\"eventAttendanceMode\":\"https:\/\/schema.org\/OfflineEventAttendanceMode\",\n\t\t\t\t\"eventStatus\":\"https:\/\/schema.org\/EventScheduled\",\n\t\t\t\t\"name\": \"Escursione in montagna al rifugio Torre di Pisa\",\n\t\t\t\t\"url\": \"https:\/\/latemarium.com\/it\/events\/escursione-in-montagna-al-rifugio-torre-di-pisa\/var\/ri-3.l-L1\",\n\t\t\t\t\"startDate\": \"2026-7-23T09:00+0:00\",\n\t\t\t\t\"endDate\": \"2026-7-23T23:59+0:00\",\n\t\t\t\t\"image\":\"https:\/\/latemarium.com\/wp-content\/uploads\/2025\/05\/escursione-torre-di-pisa-obereggen.jpg\", \n\t\t\t\t\"description\":\"<p>Escursione di media difficolt\u00e0 ma impegnativa ad alte altitudini attraverso le rocce delle fantastiche Torri del Latemar.<\/p> <p>Itinerario: Salita con la seggiovia Oberholz (1550-2100 m) \u2013 sentiero n. 18 &#8211; Forcella dei Camosci (2560 m) \u2013 sentiero n. 516 \u2013 rifugio Torre di Pisa (2671 m). Sosta. Discesa sul sentiero n. 516 e n. 22 \u2013 stazione a monte della seggiovia Oberholz \u2013 discesa.<\/p> <p>Partenza: ore 09.00 a Obereggen<br \/> Ritorno: ore 16.00<br \/> Durata: 7 h | Tempo di cammino: 6 h<br \/> Dislivello: 750 m<br \/> Difficolt\u00e0: difficile<br \/> Requisiti necessari: sicurezza nel muoversi in ambiente montano, nessun problema di vertigini | con ristoro<br \/> Seggiovia: 21,50 \u20ac\/adulto, 17,50 \u20ac\/junior fino a 16<\/p> \",\"location\":[{\"@type\":\"Place\",\"name\":\"Stazione a valle Obereggen\",\"address\":{\"@type\": \"PostalAddress\",\"streetAddress\":\"Via Obereggen, 16, 39050 Nova Ponente BZ\"}}]}<\/script><\/div>\r\n\t\t\t\t<p class=\"desc_trig_outter\" style=\"\"><a data-gmtrig=\"1\" data-exlk=\"0\" style=\"background-color: #38823b;\" id=\"evc_17847900002840\" class=\"hasFtIMG event_repeat desc_trig sin_val evcal_list_a\" data-ux_val=\"3\" data-ux_val_mob=\"-\"  ><span class='evoet_c1 evoet_cx '><span class='ev_ftImg' data-img='https:\/\/latemarium.com\/wp-content\/uploads\/2025\/05\/escursione-torre-di-pisa-obereggen.jpg' data-thumb='https:\/\/latemarium.com\/wp-content\/uploads\/2025\/05\/escursione-torre-di-pisa-obereggen-300x182.jpg' style='background-image:url(\"https:\/\/latemarium.com\/wp-content\/uploads\/2025\/05\/escursione-torre-di-pisa-obereggen-300x182.jpg\")' ><\/span><\/span><span class='evoet_c2 evoet_cx '><span class='evoet_dayblock evcal_cblock ' data-bgcolor='#38823b' data-smon='luglio' data-syr='2026' data-bub=''><span class='evo_start '><em class='date'>23<\/em><em class='month'>lug<\/em><em class='time'>09:00<\/em><\/span><\/span><\/span><span class='evoet_c3 evoet_cx evcal_desc hide_eventtopdata '><span class='evoet_title evcal_desc2 evcal_event_title ' itemprop='name'>Escursione in montagna al rifugio Torre di Pisa<\/span><span class='event_location_attrs'  data-location_address=\"Via Obereggen, 16, 39050 Nova Ponente BZ\" data-location_type=\"lonlat\" data-location_name=\"Stazione a valle Obereggen\" data-location_url=\"https:\/\/latemarium.com\/it\/event-location\/stazione-a-valle-obereggen\/\" data-location_status=\"true\" data-latlng=\"46.3835808246333,11.52667595881786\"><\/span><span class='evoet_subtitle evo_below_title' ><span class='evcal_event_subtitle ' >escursione guidata<\/span><\/span><span class='evoet_time_expand level_3'><em class='evcal_time evo_tz_time'><i class='fa fa-clock-o'><\/i>09:00<span class='evo_tz marl5'>(GMT+02:00)<\/span><\/em> <\/span><span class='evoet_location level_3'><em class=\"evcal_location\"  data-latlng=\"46.3835808246333,11.52667595881786\" data-add_str=\"Via Obereggen, 16, 39050 Nova Ponente BZ\" data-n=\"Stazione a valle Obereggen\"><i class=\"fa fa-location-pin\"><\/i><em class=\"event_location_name\">Stazione a valle Obereggen<\/em>, Via Obereggen, 16, 39050 Nova Ponente BZ<\/em><\/span><\/span><span class='evoet_data' data-d=\"{&quot;loc.n&quot;:&quot;Stazione a valle Obereggen&quot;,&quot;orgs&quot;:[],&quot;tags&quot;:{&quot;repeating&quot;:&quot;Repeating Event&quot;}}\" data-bgc=\"#38823b\" data-bggrad=\"\" ><\/span><\/a><\/p><div class='event_description evcal_eventcard ' style=\"display:none\"><div class='evocard_row'><div id='event_ftimage' class='evocard_box ftimage' data-c='' \n\t\t\t\t\tstyle=''><div class='evocard_main_image_hold' data-t='Loading Image..'><div class='evocard_main_image evo_img_triglb evobr15 evobgsc evobgpc evodfx evofx_jc_c evofx_ai_c evofz48 minmized' style='height:300px; background-image:url();' data-f=\"https:\/\/latemarium.com\/wp-content\/uploads\/2025\/05\/escursione-torre-di-pisa-obereggen.jpg\" data-h=\"755\" data-w=\"1245\" data-ratio=\"0.60642570281124\" data-event_id=\"2840\" data-ri=\"3\"  data-t='Loading Image..'><span style='height:300px; background-image:url(https:\/\/latemarium.com\/wp-content\/uploads\/2025\/05\/escursione-torre-di-pisa-obereggen.jpg)'><\/span><\/div><\/div><\/div><\/div><div class='evocard_row'><div id='event_eventdetails' class='evocard_box eventdetails' data-c='' \n\t\t\t\t\tstyle=''><div class='evo_metarow_details evorow evcal_evdata_row evcal_event_details'>\n\t\t<div class=\"event_excerpt\" style=\"display:none\"><h3 class=\"padb5 evo_h3\">Dettagli dell&#039;evento<\/h3><p>Escursione di media difficolt\u00e0 ma impegnativa ad alte altitudini attraverso le rocce delle fantastiche Torri del Latemar.\nItinerario: Salita con la seggiovia Oberholz (1550-2100 m) \u2013 sentiero n. 18 &#8211; Forcella<\/p><\/div><span class='evcal_evdata_icons'><i class='fa fa-align-justify'><\/i><\/span>\n\t\t\n\t\t<div class='evcal_evdata_cell shorter_desc'>\n\t\t\t<div class='eventon_full_description'>\n\t\t\t\t<h3 class='padb5 evo_h3'><span class='evcal_evdata_icons'><i class='fa fa-align-justify'><\/i><\/span>Dettagli dell&#039;evento<\/h3>\n\t\t\t\t<div class='eventon_desc_in' itemprop='description'>\n\t\t\t\t<p>Escursione di media difficolt\u00e0 ma impegnativa ad alte altitudini attraverso le rocce delle fantastiche Torri del Latemar.<\/p>\n<p>Itinerario: Salita con la seggiovia Oberholz (1550-2100 m) \u2013 sentiero n. 18 &#8211; Forcella dei Camosci (2560 m) \u2013 sentiero n. 516 \u2013 rifugio Torre di Pisa (2671 m). Sosta. Discesa sul sentiero n. 516 e n. 22 \u2013 stazione a monte della seggiovia Oberholz \u2013 discesa.<\/p>\n<p>Partenza: ore 09.00 a Obereggen<br \/>\nRitorno: ore 16.00<br \/>\nDurata: 7 h | Tempo di cammino: 6 h<br \/>\nDislivello: 750 m<br \/>\nDifficolt\u00e0: difficile<br \/>\nRequisiti necessari: sicurezza nel muoversi in ambiente montano, nessun problema di vertigini | con ristoro<br \/>\nSeggiovia: 21,50 \u20ac\/adulto, 17,50 \u20ac\/junior fino a 16<\/p>\n<\/div><p class='eventon_shad_p' style='padding:5px 0 0; margin:0'>\n\t\t\t<span class='evcal_btn evo_btn_secondary evobtn_details_show_more' content='less'>\n\t\t\t\t<span class='ev_more_text' data-txt='Meno'>Pi\u00f9<\/span><span class='ev_more_arrow ard'><\/span>\n\t\t\t<\/span>\n\t\t<\/p><div class='clear'><\/div>\n\t\t\t<\/div>\n\t\t<\/div>\n\t<\/div><\/div><\/div><div class='evocard_row bx2 bx'><div id='event_time' class='evocard_box time' data-c='' \n\t\t\t\t\tstyle=''><div class='evo_metarow_time evorow evcal_evdata_row evcal_evrow_sm '>\n\t\t<span class='evcal_evdata_icons'><i class='fa fa-clock'><\/i><\/span>\n\t\t<div class='evcal_evdata_cell'>\t\t\t\t\t\t\t\n\t\t\t<h3 class='evo_h3'><span class='evcal_evdata_icons'><i class='fa fa-clock'><\/i><\/span>Orario<\/h3><p><span class='evo_eventcard_time_t'>23 luglio 2026 09:00<\/span><span class='evo_tz marr5'>(GMT+02:00)<\/span><\/p>\n\t\t<\/div>\n\t<\/div><\/div><div id='event_location' class='evocard_box location' data-c='' \n\t\t\t\t\tstyle=''><div class='evcal_evdata_row evo_metarow_time_location evorow '>\n\t\t\n\t\t\t<span class='evcal_evdata_icons'><i class='fa fa-map-marker'><\/i><\/span>\n\t\t\t<div class='evcal_evdata_cell' data-loc_tax_id='22'><h3 class='evo_h3 evodfx'><span class='evcal_evdata_icons'><i class='fa fa-map-marker'><\/i><\/span>Luogo<\/h3><p class='evo_location_name'>Stazione a valle Obereggen<\/p><p class='evo_location_address evodfxi evogap10'>Via Obereggen, 16, 39050 Nova Ponente BZ<\/p><div class='padt10'><span class='evo_btn_arr evolb_trigger' data-lbvals=\"{&quot;lbc&quot;:&quot;evo_location_lb_22&quot;,&quot;lbac&quot;:&quot;lb_max&quot;,&quot;t&quot;:&quot;Stazione a valle Obereggen&quot;,&quot;ajax&quot;:&quot;yes&quot;,&quot;ajax_type&quot;:&quot;endpoint&quot;,&quot;ajax_action&quot;:&quot;eventon_get_tax_card_content&quot;,&quot;end&quot;:&quot;client&quot;,&quot;d&quot;:{&quot;lang&quot;:&quot;L1&quot;,&quot;term_id&quot;:22,&quot;tax&quot;:&quot;event_location&quot;,&quot;load_lbcontent&quot;:true},&quot;uid&quot;:&quot;eventon_get_tax_card_content&quot;}\" >Other Events<i class='fa fa-chevron-right'><\/i><\/span><\/div><\/div>\n\t\t\n\t<\/div><\/div><\/div><div class='evocard_row bx2 bx'><div id='event_learnmore' class='evocard_box learnmore' data-c='' \n\t\t\t\t\tstyle=''><div class='evo_metarow_learnM evo_metarow_learnmore evorow'>\n\t\t\t\t\t\t\t<a class='evcal_evdata_row evo_clik_row ' href='https:\/\/eggental.com\/it\/eventi\/escursione-in-montagna-al-rifugio-torre-di-pisa_11602' target=\"_blank\">\n\t\t\t\t\t\t\t\t<span class='evcal_evdata_icons'><i class='fa fa-link'><\/i><\/span>\n\t\t\t\t\t\t\t\t<h3 class='evo_h3'>Scopri di pi\u00f9<\/h3>\n\t\t\t\t\t\t\t<\/a>\n\t\t\t\t\t\t\t<\/div><\/div><div id='event_addtocal' class='evocard_box addtocal' data-c='' \n\t\t\t\t\tstyle=''><div class='evo_metarow_ICS evorow evcal_evdata_row'>\n\t\t\t<span class='evcal_evdata_icons'><i class='fa fa-calendar-o'><\/i><\/span>\n\t\t\t<div class='evcal_evdata_cell'>\n\t\t\t\t<p><a href='https:\/\/latemarium.com\/it\/export-events\/2840_3\/?nonce=a3263097f9' class='evo_ics_nCal' title='Aggiungi al tuo calendario'>Calendario<\/a><a href='https:\/\/www.google.com\/calendar\/event?action=TEMPLATE&text=Escursione+in+montagna+al+rifugio+Torre+di+Pisa&dates=20260723T070000Z%2F20260723T215900Z&ctz=Europe%2FRome&details=Escursione in montagna al rifugio Torre di Pisa&location=Stazione+a+valle+Obereggen+Via+Obereggen%2C+16%2C+39050+Nova+Ponente+BZ' target='_blank' class='evo_ics_gCal' title='Aggiungi al calendario di Google'>GoogleCal<\/a><\/p>\t\n\t\t\t<\/div>\n\t\t<\/div><\/div><\/div><div class='evocard_row'><div id='event_getdirection' class='evocard_box getdirection' data-c='' \n\t\t\t\t\tstyle=''><div class='evo_metarow_getDr evorow evcal_evdata_row evcal_evrow_sm getdirections'>\n\t\t<form action='https:\/\/maps.google.com\/maps' method='get' target='_blank'>\n\t\t\t<input type='hidden' name='daddr' value=\"46.3835808246333,11.52667595881786\"\/> \n\t\t\t<div class='evo_get_direction_content evo_fx_dr_r evogap10'>\n\t\t\t\t<span class='evogetdir_header evodfx evofx_dr_r evofx_ai_c marr10'>\n\t\t\t\t\t<i class='mainicon fa fa-road'><\/i> \n\t\t\t\t\t<h3 class='evo_h3' style='padding-bottom:5px;'>Ottieni indicazioni stradali<\/h3>\n\t\t\t\t<\/span>\n\t\t\t\t<span class='evogetdir_field evodfx evofx_1_1 evo_fx_dr_c evow100p'>\t\t\t\t\t\n\t\t\t\t\t<input class='evoInput evotac' type='text' name='saddr' placeholder='Digitare l&#039;indirizzo per ottenere le indicazioni stradali' value='' style='margin:10px 0;'\/>\n\t\t\t\t<\/span>\n\t\t\t\t<button type='submit' class='evo_get_direction_button evo_btn_arr_circ dfx fx_ai_c' title='Fare clic qui per ottenere indicazioni'><i class='fa fa-chevron-right'><\/i> <\/button>\n\t\t\t<\/div>\n\t\t<\/form>\n\t<\/div><\/div><\/div><div class='evo_card_row_end evcal_close' title='Testo del pulsante Chiudi evento'><\/div><\/div><div class='clear end'><\/div><\/div><div id=\"event_2547_0\" class=\"eventon_list_event evo_eventtop scheduled  event clrD no_et event_2547_0\" data-event_id=\"2547\" data-ri=\"0r\" data-time=\"1784797200-1784843940\" data-colr=\"#006290\" itemscope itemtype='http:\/\/schema.org\/Event'><div class=\"evo_event_schema\" style=\"display:none\" ><a itemprop='url'  href='https:\/\/latemarium.com\/it\/events\/per-fare-un-albero\/'><\/a><meta itemprop='image' content=\"https:\/\/latemarium.com\/wp-content\/uploads\/2024\/04\/spettacolo-per-fare-un-albero-boscaiolo-predazzo-valdifiemme-trentino-ph-Modica-1-scaled.jpg\" \/><meta itemprop='startDate' content=\"2026-7-23T11:00+0:00\" \/><meta itemprop='endDate' content=\"2026-7-23T23:59+0:00\" \/><meta itemprop='eventStatus' content=\"https:\/\/schema.org\/EventScheduled\" \/><meta itemprop='eventAttendanceMode'   itemscope itemtype=\"https:\/\/schema.org\/OfflineEventAttendanceMode\"\/><script type=\"application\/ld+json\">{\"@context\": \"http:\/\/schema.org\",\"@type\": \"Event\",\n\t\t\t\t\"@id\": \"event_2547_0\",\n\t\t\t\t\"eventAttendanceMode\":\"https:\/\/schema.org\/OfflineEventAttendanceMode\",\n\t\t\t\t\"eventStatus\":\"https:\/\/schema.org\/EventScheduled\",\n\t\t\t\t\"name\": \"PER FARE UN ALBERO\",\n\t\t\t\t\"url\": \"https:\/\/latemarium.com\/it\/events\/per-fare-un-albero\/\",\n\t\t\t\t\"startDate\": \"2026-7-23T11:00+0:00\",\n\t\t\t\t\"endDate\": \"2026-7-23T23:59+0:00\",\n\t\t\t\t\"image\":\"https:\/\/latemarium.com\/wp-content\/uploads\/2024\/04\/spettacolo-per-fare-un-albero-boscaiolo-predazzo-valdifiemme-trentino-ph-Modica-1-scaled.jpg\", \n\t\t\t\t\"description\":\"<p>Passato il ponte entriamo nel bosco in punta di piedi, dove il vento in 2 ore ha distrutto 200 anni di vita. Il bosco \u00e8 silenzioso: mostra radici e tronchi divelti. A raccontarci il rinnovamento del bosco ci sar\u00e0 Sergio, un boscaiolo che ha fiducia nella capacit\u00e0 della natura di rigenerarsi sempre. Con lui ci saranno una guida esperta che conosce il sentiero e un\u2019elegante signora di citt\u00e0 che si avvicina alla montagna per la prima volta.<\/p> <p>INFO:<br \/> A monte della telecabina Predazzo-Gardon\u00e8<br \/> ore 11.00<br \/> spettacolo itinerante sul sentiero del Pastore Distratto<br \/> adatto alle famiglie (durata 1h30\u2019)<br \/> con Sergio Morandini, Emma Deflorian e Nicola Sordo<\/p> \"}<\/script><\/div>\r\n\t\t\t\t<p class=\"desc_trig_outter\" style=\"\"><a data-gmap_status=\"null\" data-exlk=\"0\" style=\"background-color: #006290;\" id=\"evc_17847972002547\" class=\"hasFtIMG desc_trig sin_val evcal_list_a\" data-ux_val=\"3\" data-ux_val_mob=\"-\"  ><span class='evoet_c1 evoet_cx '><span class='ev_ftImg' data-img='https:\/\/latemarium.com\/wp-content\/uploads\/2024\/04\/spettacolo-per-fare-un-albero-boscaiolo-predazzo-valdifiemme-trentino-ph-Modica-1-scaled.jpg' data-thumb='https:\/\/latemarium.com\/wp-content\/uploads\/2024\/04\/spettacolo-per-fare-un-albero-boscaiolo-predazzo-valdifiemme-trentino-ph-Modica-1-300x200.jpg' style='background-image:url(\"https:\/\/latemarium.com\/wp-content\/uploads\/2024\/04\/spettacolo-per-fare-un-albero-boscaiolo-predazzo-valdifiemme-trentino-ph-Modica-1-300x200.jpg\")' ><\/span><\/span><span class='evoet_c2 evoet_cx '><span class='evoet_dayblock evcal_cblock ' data-bgcolor='#006290' data-smon='luglio' data-syr='2026' data-bub=''><span class='evo_start '><em class='date'>23<\/em><em class='month'>lug<\/em><em class='time'>11:00<\/em><\/span><\/span><\/span><span class='evoet_c3 evoet_cx evcal_desc hide_eventtopdata '><span class='evoet_title evcal_desc2 evcal_event_title ' itemprop='name'>PER FARE UN ALBERO<\/span><span class='event_location_attrs' data-location_type=\"lonlat\" data-location_name=\"A monte della telecabina Predazzo-Gardon\u00e8\" data-location_url=\"https:\/\/latemarium.com\/it\/event-location\/a-monte-della-telecabina-predazzo-gardone\/\" data-location_status=\"true\" data-latlng=\"46.32878794406342,11.600176728690842\"><\/span><span class='evoet_subtitle evo_below_title' ><span class='evcal_event_subtitle ' >SENTIERO DEL PASTORE DISTRATTO<\/span><\/span><span class='evoet_time_expand level_3'><em class='evcal_time evo_tz_time'><i class='fa fa-clock-o'><\/i>11:00<span class='evo_tz marl5'>(GMT+02:00)<\/span><\/em> <\/span><span class='evoet_location level_3'><em class=\"evcal_location\"  data-latlng=\"46.32878794406342,11.600176728690842\" data-add_str=\"\" data-n=\"A monte della telecabina Predazzo-Gardon\u00e8\"><i class=\"fa fa-location-pin\"><\/i><em class=\"event_location_name\">A monte della telecabina Predazzo-Gardon\u00e8<\/em><\/em><\/span><\/span><span class='evoet_data' data-d=\"{&quot;loc.n&quot;:&quot;A monte della telecabina Predazzo-Gardon\\u00e8&quot;,&quot;orgs&quot;:[],&quot;tags&quot;:[]}\" data-bgc=\"#006290\" data-bggrad=\"\" ><\/span><\/a><\/p><div class='event_description evcal_eventcard ' style=\"display:none\"><div class='evocard_row'><div id='event_ftimage' class='evocard_box ftimage' data-c='' \n\t\t\t\t\tstyle=''><div class='evocard_main_image_hold' data-t='Loading Image..'><div class='evocard_main_image evo_img_triglb evobr15 evobgsc evobgpc evodfx evofx_jc_c evofx_ai_c evofz48 minmized' style='height:300px; background-image:url();' data-f=\"https:\/\/latemarium.com\/wp-content\/uploads\/2024\/04\/spettacolo-per-fare-un-albero-boscaiolo-predazzo-valdifiemme-trentino-ph-Modica-1-scaled.jpg\" data-h=\"1707\" data-w=\"2560\" data-ratio=\"0.666796875\" data-event_id=\"2547\" data-ri=\"0\"  data-t='Loading Image..'><span style='height:300px; background-image:url(https:\/\/latemarium.com\/wp-content\/uploads\/2024\/04\/spettacolo-per-fare-un-albero-boscaiolo-predazzo-valdifiemme-trentino-ph-Modica-1-scaled.jpg)'><\/span><\/div><\/div><\/div><\/div><div class='evocard_row'><div id='event_eventdetails' class='evocard_box eventdetails' data-c='' \n\t\t\t\t\tstyle=''><div class='evo_metarow_details evorow evcal_evdata_row evcal_event_details'>\n\t\t<div class=\"event_excerpt\" style=\"display:none\"><h3 class=\"padb5 evo_h3\">Dettagli dell&#039;evento<\/h3><p>Passato il ponte entriamo nel bosco in punta di piedi, dove il vento in 2 ore ha distrutto 200 anni di vita. Il bosco \u00e8 silenzioso: mostra radici e tronchi<\/p><\/div><span class='evcal_evdata_icons'><i class='fa fa-align-justify'><\/i><\/span>\n\t\t\n\t\t<div class='evcal_evdata_cell shorter_desc'>\n\t\t\t<div class='eventon_full_description'>\n\t\t\t\t<h3 class='padb5 evo_h3'><span class='evcal_evdata_icons'><i class='fa fa-align-justify'><\/i><\/span>Dettagli dell&#039;evento<\/h3>\n\t\t\t\t<div class='eventon_desc_in' itemprop='description'>\n\t\t\t\t<p>Passato il ponte entriamo nel bosco in punta di piedi, dove il vento in 2 ore ha distrutto 200 anni di vita. Il bosco \u00e8 silenzioso: mostra radici e tronchi divelti. A raccontarci il rinnovamento del bosco ci sar\u00e0 Sergio, un boscaiolo che ha fiducia nella capacit\u00e0 della natura di rigenerarsi sempre. Con lui ci saranno una guida esperta che conosce il sentiero e un\u2019elegante signora di citt\u00e0 che si avvicina alla montagna per la prima volta.<\/p>\n<p>INFO:<br \/>\nA monte della telecabina Predazzo-Gardon\u00e8<br \/>\nore 11.00<br \/>\nspettacolo itinerante sul sentiero del Pastore Distratto<br \/>\nadatto alle famiglie (durata 1h30\u2019)<br \/>\ncon Sergio Morandini, Emma Deflorian e Nicola Sordo<\/p>\n<\/div><p class='eventon_shad_p' style='padding:5px 0 0; margin:0'>\n\t\t\t<span class='evcal_btn evo_btn_secondary evobtn_details_show_more' content='less'>\n\t\t\t\t<span class='ev_more_text' data-txt='Meno'>Pi\u00f9<\/span><span class='ev_more_arrow ard'><\/span>\n\t\t\t<\/span>\n\t\t<\/p><div class='clear'><\/div>\n\t\t\t<\/div>\n\t\t<\/div>\n\t<\/div><\/div><\/div><div class='evocard_row bx2 bx'><div id='event_time' class='evocard_box time' data-c='' \n\t\t\t\t\tstyle=''><div class='evo_metarow_time evorow evcal_evdata_row evcal_evrow_sm '>\n\t\t<span class='evcal_evdata_icons'><i class='fa fa-clock'><\/i><\/span>\n\t\t<div class='evcal_evdata_cell'>\t\t\t\t\t\t\t\n\t\t\t<h3 class='evo_h3'><span class='evcal_evdata_icons'><i class='fa fa-clock'><\/i><\/span>Orario<\/h3><p><span class='evo_eventcard_time_t'>23 luglio 2026 11:00<\/span><span class='evo_tz marr5'>(GMT+02:00)<\/span><\/p>\n\t\t<\/div>\n\t<\/div><\/div><div id='event_location' class='evocard_box location' data-c='' \n\t\t\t\t\tstyle=''><div class='evcal_evdata_row evo_metarow_time_location evorow '>\n\t\t\n\t\t\t<span class='evcal_evdata_icons'><i class='fa fa-map-marker'><\/i><\/span>\n\t\t\t<div class='evcal_evdata_cell' data-loc_tax_id='34'><h3 class='evo_h3 evodfx'><span class='evcal_evdata_icons'><i class='fa fa-map-marker'><\/i><\/span>Luogo<\/h3><p class='evo_location_name'>A monte della telecabina Predazzo-Gardon\u00e8<\/p><div class='padt10'><span class='evo_btn_arr evolb_trigger' data-lbvals=\"{&quot;lbc&quot;:&quot;evo_location_lb_34&quot;,&quot;lbac&quot;:&quot;lb_max&quot;,&quot;t&quot;:&quot;A monte della telecabina Predazzo-Gardon\\u00e8&quot;,&quot;ajax&quot;:&quot;yes&quot;,&quot;ajax_type&quot;:&quot;endpoint&quot;,&quot;ajax_action&quot;:&quot;eventon_get_tax_card_content&quot;,&quot;end&quot;:&quot;client&quot;,&quot;d&quot;:{&quot;lang&quot;:&quot;L1&quot;,&quot;term_id&quot;:34,&quot;tax&quot;:&quot;event_location&quot;,&quot;load_lbcontent&quot;:true},&quot;uid&quot;:&quot;eventon_get_tax_card_content&quot;}\" >Other Events<i class='fa fa-chevron-right'><\/i><\/span><\/div><\/div>\n\t\t\n\t<\/div><\/div><\/div><div class='evocard_row bx2 bx'><div id='event_learnmore' class='evocard_box learnmore' data-c='' \n\t\t\t\t\tstyle=''><div class='evo_metarow_learnM evo_metarow_learnmore evorow'>\n\t\t\t\t\t\t\t<a class='evcal_evdata_row evo_clik_row ' href='https:\/\/www.montagnanimata.it\/spettacoli\/' >\n\t\t\t\t\t\t\t\t<span class='evcal_evdata_icons'><i class='fa fa-link'><\/i><\/span>\n\t\t\t\t\t\t\t\t<h3 class='evo_h3'>Scopri di pi\u00f9<\/h3>\n\t\t\t\t\t\t\t<\/a>\n\t\t\t\t\t\t\t<\/div><\/div><div id='event_addtocal' class='evocard_box addtocal' data-c='' \n\t\t\t\t\tstyle=''><div class='evo_metarow_ICS evorow evcal_evdata_row'>\n\t\t\t<span class='evcal_evdata_icons'><i class='fa fa-calendar-o'><\/i><\/span>\n\t\t\t<div class='evcal_evdata_cell'>\n\t\t\t\t<p><a href='https:\/\/latemarium.com\/it\/export-events\/2547_0\/?nonce=a3263097f9' class='evo_ics_nCal' title='Aggiungi al tuo calendario'>Calendario<\/a><a href='https:\/\/www.google.com\/calendar\/event?action=TEMPLATE&text=PER+FARE+UN+ALBERO&dates=20260723T090000Z%2F20260723T215900Z&ctz=Europe%2FRome&details=PER FARE UN ALBERO&location=A+monte+della+telecabina+Predazzo-Gardon%C3%A8' target='_blank' class='evo_ics_gCal' title='Aggiungi al calendario di Google'>GoogleCal<\/a><\/p>\t\n\t\t\t<\/div>\n\t\t<\/div><\/div><\/div><div class='evocard_row'><div id='event_getdirection' class='evocard_box getdirection' data-c='' \n\t\t\t\t\tstyle=''><div class='evo_metarow_getDr evorow evcal_evdata_row evcal_evrow_sm getdirections'>\n\t\t<form action='https:\/\/maps.google.com\/maps' method='get' target='_blank'>\n\t\t\t<input type='hidden' name='daddr' value=\"46.32878794406342,11.600176728690842\"\/> \n\t\t\t<div class='evo_get_direction_content evo_fx_dr_r evogap10'>\n\t\t\t\t<span class='evogetdir_header evodfx evofx_dr_r evofx_ai_c marr10'>\n\t\t\t\t\t<i class='mainicon fa fa-road'><\/i> \n\t\t\t\t\t<h3 class='evo_h3' style='padding-bottom:5px;'>Ottieni indicazioni stradali<\/h3>\n\t\t\t\t<\/span>\n\t\t\t\t<span class='evogetdir_field evodfx evofx_1_1 evo_fx_dr_c evow100p'>\t\t\t\t\t\n\t\t\t\t\t<input class='evoInput evotac' type='text' name='saddr' placeholder='Digitare l&#039;indirizzo per ottenere le indicazioni stradali' value='' style='margin:10px 0;'\/>\n\t\t\t\t<\/span>\n\t\t\t\t<button type='submit' class='evo_get_direction_button evo_btn_arr_circ dfx fx_ai_c' title='Fare clic qui per ottenere indicazioni'><i class='fa fa-chevron-right'><\/i> <\/button>\n\t\t\t<\/div>\n\t\t<\/form>\n\t<\/div><\/div><\/div><div class='evo_card_row_end evcal_close' title='Testo del pulsante Chiudi evento'><\/div><\/div><div class='clear end'><\/div><\/div><div id=\"event_2196_4\" class=\"eventon_list_event evo_eventtop scheduled  event clrW event_2196_4\" data-event_id=\"2196\" data-ri=\"4r\" data-time=\"1784818800-1784826900\" data-colr=\"#f78234\" itemscope itemtype='http:\/\/schema.org\/Event'><div class=\"evo_event_schema\" style=\"display:none\" ><a itemprop='url'  href='https:\/\/latemarium.com\/it\/events\/pilyoga\/var\/ri-4.l-L1'><\/a><meta itemprop='image' content=\"https:\/\/latemarium.com\/wp-content\/uploads\/2023\/06\/pilyoga.jpg\" \/><meta itemprop='startDate' content=\"2026-7-23T17:00+0:00\" \/><meta itemprop='endDate' content=\"2026-7-23T19:15+0:00\" \/><meta itemprop='eventStatus' content=\"https:\/\/schema.org\/EventScheduled\" \/><meta itemprop='eventAttendanceMode'   itemscope itemtype=\"https:\/\/schema.org\/OfflineEventAttendanceMode\"\/><div style=\"display:none\" itemprop=\"location\" itemscope itemtype=\"http:\/\/schema.org\/Place\"><span itemprop=\"name\">Pampeago<\/span><span itemprop=\"address\" itemscope itemtype=\"http:\/\/schema.org\/PostalAddress\"><item itemprop=\"streetAddress\">Localit\u00e0 Pampeago, 8, 38038 Tesero TN<\/item><\/span><\/div><script type=\"application\/ld+json\">{\"@context\": \"http:\/\/schema.org\",\"@type\": \"Event\",\n\t\t\t\t\"@id\": \"event_2196_4\",\n\t\t\t\t\"eventAttendanceMode\":\"https:\/\/schema.org\/OfflineEventAttendanceMode\",\n\t\t\t\t\"eventStatus\":\"https:\/\/schema.org\/EventScheduled\",\n\t\t\t\t\"name\": \"PilYoga\",\n\t\t\t\t\"url\": \"https:\/\/latemarium.com\/it\/events\/pilyoga\/var\/ri-4.l-L1\",\n\t\t\t\t\"startDate\": \"2026-7-23T17:00+0:00\",\n\t\t\t\t\"endDate\": \"2026-7-23T19:15+0:00\",\n\t\t\t\t\"image\":\"https:\/\/latemarium.com\/wp-content\/uploads\/2023\/06\/pilyoga.jpg\", \n\t\t\t\t\"description\":\"<p><strong>Ogni gioved\u00ec dal 25 giugno al 3 settembre 2026<\/strong><\/p> <p>Ritrovo e partenza alle 17.00 con l&#8217;insegnate Elisa (presso biglietteria impianti)<br \/> Durata: dalle 17.00 alle 19.15, attivit\u00e0 rivolta ai &gt; 14 anni.<\/p> <p>Raggiungerete il luogo della lezione con la seggiovia Agnello e dopo una breve passeggiata vi potrete rilassare e liberare la mente a diretto contatto con la natura. La pratica del PilYoga in quota permette la piena armonia con l\u2019ambiente circostante, lontano da tutti i rumori della vita quotidiana. Appena finirete la lezione, vi attender\u00e0 un piccolo aperitivo allo Chalet Caserina per poi riscendere a piedi con una breve passeggiata.<\/p> <p>Da portare con s\u00e9 un tappetino o stuoia o asciugamano.<br \/> <em>Attivit\u00e0 NON prevista in caso di pioggia.<\/em><\/p> <p>Prenotazione obbligatoria. Clicca <a href='https:\/\/www.visitfiemme.it\/it\/eventi\/fiemme-cembra-guest-card\/esperienze\/esperienze-in-estate' target='_blank' rel='noopener'>qui<\/a>\u00a0per prenotare.<\/p> \",\"location\":[{\"@type\":\"Place\",\"name\":\"Pampeago\",\"address\":{\"@type\": \"PostalAddress\",\"streetAddress\":\"Localit\u00e0 Pampeago, 8, 38038 Tesero TN\"}}]}<\/script><\/div>\r\n\t\t\t\t<p class=\"desc_trig_outter\" style=\"\"><a data-gmtrig=\"1\" data-exlk=\"0\" style=\"background-color: #f78234;\" id=\"evc_17848188002196\" class=\"hasFtIMG event_repeat desc_trig sin_val evcal_list_a\" data-ux_val=\"3\" data-ux_val_mob=\"-\"  ><span class='evoet_c1 evoet_cx '><span class='ev_ftImg' data-img='https:\/\/latemarium.com\/wp-content\/uploads\/2023\/06\/pilyoga.jpg' data-thumb='https:\/\/latemarium.com\/wp-content\/uploads\/2023\/06\/pilyoga-300x169.jpg' style='background-image:url(\"https:\/\/latemarium.com\/wp-content\/uploads\/2023\/06\/pilyoga-300x169.jpg\")' ><\/span><\/span><span class='evoet_c2 evoet_cx '><span class='evoet_dayblock evcal_cblock ' data-bgcolor='#f78234' data-smon='luglio' data-syr='2026' data-bub=''><span class='evo_start '><em class='date'>23<\/em><em class='month'>lug<\/em><em class='time'>17:00<\/em><\/span><span class='evo_end only_time'><em class='time'>19:15<\/em><\/span><\/span><\/span><span class='evoet_c3 evoet_cx evcal_desc hide_eventtopdata '><span class='evoet_title evcal_desc2 evcal_event_title ' itemprop='name'>PilYoga<\/span><span class='event_location_attrs'  data-location_address=\"Localit\u00e0 Pampeago, 8, 38038 Tesero TN\" data-location_type=\"lonlat\" data-location_name=\"Pampeago\" data-location_url=\"https:\/\/latemarium.com\/it\/event-location\/pampeago\/\" data-location_status=\"true\" data-latlng=\"46.34343697644898,11.540997527961546\"><\/span><span class='evoet_subtitle evo_below_title' ><span class='evcal_event_subtitle ' >Pilyoga tra le opere di Respirart<\/span><\/span><span class='evoet_time_expand level_3'><em class='evcal_time evo_tz_time'><i class='fa fa-clock-o'><\/i>17:00 - 19:15<span class='evo_tz marl5'>(GMT+02:00)<\/span><\/em> <\/span><span class='evoet_location level_3'><em class=\"evcal_location\"  data-latlng=\"46.34343697644898,11.540997527961546\" data-add_str=\"Localit\u00e0 Pampeago, 8, 38038 Tesero TN\" data-n=\"Pampeago\"><i class=\"fa fa-location-pin\"><\/i><em class=\"event_location_name\">Pampeago<\/em>, Localit\u00e0 Pampeago, 8, 38038 Tesero TN<\/em><\/span><\/span><span class='evoet_data' data-d=\"{&quot;loc.n&quot;:&quot;Pampeago&quot;,&quot;orgs&quot;:[],&quot;tags&quot;:{&quot;repeating&quot;:&quot;Repeating Event&quot;}}\" data-bgc=\"#f78234\" data-bggrad=\"\" ><\/span><\/a><\/p><div class='event_description evcal_eventcard ' style=\"display:none\"><div class='evocard_row'><div id='event_ftimage' class='evocard_box ftimage' data-c='' \n\t\t\t\t\tstyle=''><div class='evocard_main_image_hold' data-t='Loading Image..'><div class='evocard_main_image evo_img_triglb evobr15 evobgsc evobgpc evodfx evofx_jc_c evofx_ai_c evofz48 minmized' style='height:300px; background-image:url();' data-f=\"https:\/\/latemarium.com\/wp-content\/uploads\/2023\/06\/pilyoga.jpg\" data-h=\"675\" data-w=\"1200\" data-ratio=\"0.5625\" data-event_id=\"2196\" data-ri=\"4\"  data-t='Loading Image..'><span style='height:300px; background-image:url(https:\/\/latemarium.com\/wp-content\/uploads\/2023\/06\/pilyoga.jpg)'><\/span><\/div><\/div><\/div><\/div><div class='evocard_row'><div id='event_eventdetails' class='evocard_box eventdetails' data-c='' \n\t\t\t\t\tstyle=''><div class='evo_metarow_details evorow evcal_evdata_row evcal_event_details'>\n\t\t<div class=\"event_excerpt\" style=\"display:none\"><h3 class=\"padb5 evo_h3\">Dettagli dell&#039;evento<\/h3><p>Ogni gioved\u00ec dal 25 giugno al 3 settembre 2026\nRitrovo e partenza alle 17.00 con l&#8217;insegnate Elisa (presso biglietteria impianti)\nDurata: dalle 17.00 alle 19.15, attivit\u00e0 rivolta ai &gt; 14 anni.\nRaggiungerete<\/p><\/div><span class='evcal_evdata_icons'><i class='fa fa-align-justify'><\/i><\/span>\n\t\t\n\t\t<div class='evcal_evdata_cell shorter_desc'>\n\t\t\t<div class='eventon_full_description'>\n\t\t\t\t<h3 class='padb5 evo_h3'><span class='evcal_evdata_icons'><i class='fa fa-align-justify'><\/i><\/span>Dettagli dell&#039;evento<\/h3>\n\t\t\t\t<div class='eventon_desc_in' itemprop='description'>\n\t\t\t\t<p><strong>Ogni gioved\u00ec dal 25 giugno al 3 settembre 2026<\/strong><\/p>\n<p>Ritrovo e partenza alle 17.00 con l&#8217;insegnate Elisa (presso biglietteria impianti)<br \/>\nDurata: dalle 17.00 alle 19.15, attivit\u00e0 rivolta ai &gt; 14 anni.<\/p>\n<p>Raggiungerete il luogo della lezione con la seggiovia Agnello e dopo una breve passeggiata vi potrete rilassare e liberare la mente a diretto contatto con la natura. La pratica del PilYoga in quota permette la piena armonia con l\u2019ambiente circostante, lontano da tutti i rumori della vita quotidiana. Appena finirete la lezione, vi attender\u00e0 un piccolo aperitivo allo Chalet Caserina per poi riscendere a piedi con una breve passeggiata.<\/p>\n<p>Da portare con s\u00e9 un tappetino o stuoia o asciugamano.<br \/>\n<em>Attivit\u00e0 NON prevista in caso di pioggia.<\/em><\/p>\n<p>Prenotazione obbligatoria. Clicca <a href=\"https:\/\/www.visitfiemme.it\/it\/eventi\/fiemme-cembra-guest-card\/esperienze\/esperienze-in-estate\" target=\"_blank\" rel=\"noopener\">qui<\/a>\u00a0per prenotare.<\/p>\n<\/div><p class='eventon_shad_p' style='padding:5px 0 0; margin:0'>\n\t\t\t<span class='evcal_btn evo_btn_secondary evobtn_details_show_more' content='less'>\n\t\t\t\t<span class='ev_more_text' data-txt='Meno'>Pi\u00f9<\/span><span class='ev_more_arrow ard'><\/span>\n\t\t\t<\/span>\n\t\t<\/p><div class='clear'><\/div>\n\t\t\t<\/div>\n\t\t<\/div>\n\t<\/div><\/div><\/div><div class='evocard_row bx2 bx'><div id='event_time' class='evocard_box time' data-c='' \n\t\t\t\t\tstyle=''><div class='evo_metarow_time evorow evcal_evdata_row evcal_evrow_sm '>\n\t\t<span class='evcal_evdata_icons'><i class='fa fa-clock'><\/i><\/span>\n\t\t<div class='evcal_evdata_cell'>\t\t\t\t\t\t\t\n\t\t\t<h3 class='evo_h3'><span class='evcal_evdata_icons'><i class='fa fa-clock'><\/i><\/span>Orario<\/h3><p><span class='evo_eventcard_time_t'>23 luglio 2026 17:00 - 19:15<\/span><span class='evo_tz marr5'>(GMT+02:00)<\/span><\/p>\n\t\t<\/div>\n\t<\/div><\/div><div id='event_location' class='evocard_box location' data-c='' \n\t\t\t\t\tstyle=''><div class='evcal_evdata_row evo_metarow_time_location evorow '>\n\t\t\n\t\t\t<span class='evcal_evdata_icons'><i class='fa fa-map-marker'><\/i><\/span>\n\t\t\t<div class='evcal_evdata_cell' data-loc_tax_id='30'><h3 class='evo_h3 evodfx'><span class='evcal_evdata_icons'><i class='fa fa-map-marker'><\/i><\/span>Luogo<\/h3><p class='evo_location_name'>Pampeago<\/p><p class='evo_location_address evodfxi evogap10'>Localit\u00e0 Pampeago, 8, 38038 Tesero TN<\/p><div class='padt10'><span class='evo_btn_arr evolb_trigger' data-lbvals=\"{&quot;lbc&quot;:&quot;evo_location_lb_30&quot;,&quot;lbac&quot;:&quot;lb_max&quot;,&quot;t&quot;:&quot;Pampeago&quot;,&quot;ajax&quot;:&quot;yes&quot;,&quot;ajax_type&quot;:&quot;endpoint&quot;,&quot;ajax_action&quot;:&quot;eventon_get_tax_card_content&quot;,&quot;end&quot;:&quot;client&quot;,&quot;d&quot;:{&quot;lang&quot;:&quot;L1&quot;,&quot;term_id&quot;:30,&quot;tax&quot;:&quot;event_location&quot;,&quot;load_lbcontent&quot;:true},&quot;uid&quot;:&quot;eventon_get_tax_card_content&quot;}\" >Other Events<i class='fa fa-chevron-right'><\/i><\/span><\/div><\/div>\n\t\t\n\t<\/div><\/div><\/div><div class='evocard_row'><div id='event_addtocal' class='evocard_box addtocal' data-c='' \n\t\t\t\t\tstyle=''><div class='evo_metarow_ICS evorow evcal_evdata_row'>\n\t\t\t<span class='evcal_evdata_icons'><i class='fa fa-calendar-o'><\/i><\/span>\n\t\t\t<div class='evcal_evdata_cell'>\n\t\t\t\t<p><a href='https:\/\/latemarium.com\/it\/export-events\/2196_4\/?nonce=a3263097f9' class='evo_ics_nCal' title='Aggiungi al tuo calendario'>Calendario<\/a><a href='https:\/\/www.google.com\/calendar\/event?action=TEMPLATE&text=PilYoga&dates=20260723T150000Z%2F20260723T171500Z&ctz=Europe%2FRome&details=PilYoga&location=Pampeago+Localit%C3%A0+Pampeago%2C+8%2C+38038+Tesero+TN' target='_blank' class='evo_ics_gCal' title='Aggiungi al calendario di Google'>GoogleCal<\/a><\/p>\t\n\t\t\t<\/div>\n\t\t<\/div><\/div><\/div><div class='evocard_row'><div id='event_getdirection' class='evocard_box getdirection' data-c='' \n\t\t\t\t\tstyle=''><div class='evo_metarow_getDr evorow evcal_evdata_row evcal_evrow_sm getdirections'>\n\t\t<form action='https:\/\/maps.google.com\/maps' method='get' target='_blank'>\n\t\t\t<input type='hidden' name='daddr' value=\"46.34343697644898,11.540997527961546\"\/> \n\t\t\t<div class='evo_get_direction_content evo_fx_dr_r evogap10'>\n\t\t\t\t<span class='evogetdir_header evodfx evofx_dr_r evofx_ai_c marr10'>\n\t\t\t\t\t<i class='mainicon fa fa-road'><\/i> \n\t\t\t\t\t<h3 class='evo_h3' style='padding-bottom:5px;'>Ottieni indicazioni stradali<\/h3>\n\t\t\t\t<\/span>\n\t\t\t\t<span class='evogetdir_field evodfx evofx_1_1 evo_fx_dr_c evow100p'>\t\t\t\t\t\n\t\t\t\t\t<input class='evoInput evotac' type='text' name='saddr' placeholder='Digitare l&#039;indirizzo per ottenere le indicazioni stradali' value='' style='margin:10px 0;'\/>\n\t\t\t\t<\/span>\n\t\t\t\t<button type='submit' class='evo_get_direction_button evo_btn_arr_circ dfx fx_ai_c' title='Fare clic qui per ottenere indicazioni'><i class='fa fa-chevron-right'><\/i> <\/button>\n\t\t\t<\/div>\n\t\t<\/form>\n\t<\/div><\/div><\/div><div class='evo_card_row_end evcal_close' title='Testo del pulsante Chiudi evento'><\/div><\/div><div class='clear end'><\/div><\/div><div id=\"event_2201_4\" class=\"eventon_list_event evo_eventtop scheduled  event clrD no_et event_2201_4\" data-event_id=\"2201\" data-ri=\"4r\" data-time=\"1784819700-1784843940\" data-colr=\"#ba181d\" itemscope itemtype='http:\/\/schema.org\/Event'><div class=\"evo_event_schema\" style=\"display:none\" ><a itemprop='url'  href='https:\/\/latemarium.com\/it\/events\/e-bike-tour-ai-piedi-del-latemar\/var\/ri-4.l-L1'><\/a><meta itemprop='image' content=\"https:\/\/latemarium.com\/wp-content\/uploads\/2023\/06\/e-bike-tour.jpg\" \/><meta itemprop='startDate' content=\"2026-7-23T17:15+0:00\" \/><meta itemprop='endDate' content=\"2026-7-23T23:59+0:00\" \/><meta itemprop='eventStatus' content=\"https:\/\/schema.org\/EventScheduled\" \/><meta itemprop='eventAttendanceMode'   itemscope itemtype=\"https:\/\/schema.org\/OfflineEventAttendanceMode\"\/><div style=\"display:none\" itemprop=\"location\" itemscope itemtype=\"http:\/\/schema.org\/Place\"><span itemprop=\"name\">Pampeago<\/span><span itemprop=\"address\" itemscope itemtype=\"http:\/\/schema.org\/PostalAddress\"><item itemprop=\"streetAddress\">Localit\u00e0 Pampeago, 8, 38038 Tesero TN<\/item><\/span><\/div><script type=\"application\/ld+json\">{\"@context\": \"http:\/\/schema.org\",\"@type\": \"Event\",\n\t\t\t\t\"@id\": \"event_2201_4\",\n\t\t\t\t\"eventAttendanceMode\":\"https:\/\/schema.org\/OfflineEventAttendanceMode\",\n\t\t\t\t\"eventStatus\":\"https:\/\/schema.org\/EventScheduled\",\n\t\t\t\t\"name\": \"E-Bike Tour ai piedi del Latemar\",\n\t\t\t\t\"url\": \"https:\/\/latemarium.com\/it\/events\/e-bike-tour-ai-piedi-del-latemar\/var\/ri-4.l-L1\",\n\t\t\t\t\"startDate\": \"2026-7-23T17:15+0:00\",\n\t\t\t\t\"endDate\": \"2026-7-23T23:59+0:00\",\n\t\t\t\t\"image\":\"https:\/\/latemarium.com\/wp-content\/uploads\/2023\/06\/e-bike-tour.jpg\", \n\t\t\t\t\"description\":\"<p><strong>Ogni gioved\u00ec dal 25 giugno al 3 settembre 2026<\/strong><\/p> <p>Ritrovo con la guida Andrea alle 17.15 a Pampeago (presso biglietteria impianti)<br \/> Durata:\u00a0dalle 17.15 alle 19.15<br \/> Max 8 persone. +16 anni.<\/p> <p class='p1'><span class='s1'>Per gli appassionati di e-bike, con un livello intermedio, abbiamo pensato ad un tour alla scoperta del Latemar con vista mozzafiato sulle aree circostanti. Sar\u00e0 un itinerario piacevole e grazie alla pedalata assistita potrete affrontare con facilit\u00e0 il dislivello che vi porter\u00e0 in localit\u00e0 Tresca. \u00c8 il momento della giornata perfetto: la montagna si svuota, potrete apprezzare il silenzio della natura e godere dei colori della \u201cgolden hour\u201d. Terminato il giro vi attender\u00e0 un piccolo aperitivo allo Chalet Caserina.<br \/> Potrete noleggiare la e-bike in loco, al negozio Sport Ventura di Pampeago.<br \/> <\/span><\/p> <p class='p1'><em><span class='s1'>Attivit\u00e0 non prevista in caso di pioggia.<\/span><\/em><\/p> <p>Prenotazione obbligatoria. Clicca\u00a0<a href='https:\/\/www.visitfiemme.it\/it\/eventi\/fiemme-cembra-guest-card\/esperienze\/esperienze-in-estate?re-product-id=251796' target='_blank' rel='noopener'>qui<\/a>.<\/p> \",\"location\":[{\"@type\":\"Place\",\"name\":\"Pampeago\",\"address\":{\"@type\": \"PostalAddress\",\"streetAddress\":\"Localit\u00e0 Pampeago, 8, 38038 Tesero TN\"}}]}<\/script><\/div>\r\n\t\t\t\t<p class=\"desc_trig_outter\" style=\"\"><a data-gmtrig=\"1\" data-exlk=\"0\" style=\"background-color: #ba181d;\" id=\"evc_17848197002201\" class=\"hasFtIMG event_repeat desc_trig sin_val evcal_list_a\" data-ux_val=\"3\" data-ux_val_mob=\"-\"  ><span class='evoet_c1 evoet_cx '><span class='ev_ftImg' data-img='https:\/\/latemarium.com\/wp-content\/uploads\/2023\/06\/e-bike-tour.jpg' data-thumb='https:\/\/latemarium.com\/wp-content\/uploads\/2023\/06\/e-bike-tour-300x169.jpg' style='background-image:url(\"https:\/\/latemarium.com\/wp-content\/uploads\/2023\/06\/e-bike-tour-300x169.jpg\")' ><\/span><\/span><span class='evoet_c2 evoet_cx '><span class='evoet_dayblock evcal_cblock ' data-bgcolor='#ba181d' data-smon='luglio' data-syr='2026' data-bub=''><span class='evo_start '><em class='date'>23<\/em><em class='month'>lug<\/em><em class='time'>17:15<\/em><\/span><\/span><\/span><span class='evoet_c3 evoet_cx evcal_desc hide_eventtopdata '><span class='evoet_title evcal_desc2 evcal_event_title ' itemprop='name'>E-Bike Tour ai piedi del Latemar<\/span><span class='event_location_attrs'  data-location_address=\"Localit\u00e0 Pampeago, 8, 38038 Tesero TN\" data-location_type=\"lonlat\" data-location_name=\"Pampeago\" data-location_url=\"https:\/\/latemarium.com\/it\/event-location\/pampeago\/\" data-location_status=\"true\" data-latlng=\"46.34343697644898,11.540997527961546\"><\/span><span class='evoet_subtitle evo_below_title' ><span class='evcal_event_subtitle ' >Per gli appassionati di e-bike<\/span><\/span><span class='evoet_time_expand level_3'><em class='evcal_time evo_tz_time'><i class='fa fa-clock-o'><\/i>17:15<span class='evo_tz marl5'>(GMT+02:00)<\/span><\/em> <\/span><span class='evoet_location level_3'><em class=\"evcal_location\"  data-latlng=\"46.34343697644898,11.540997527961546\" data-add_str=\"Localit\u00e0 Pampeago, 8, 38038 Tesero TN\" data-n=\"Pampeago\"><i class=\"fa fa-location-pin\"><\/i><em class=\"event_location_name\">Pampeago<\/em>, Localit\u00e0 Pampeago, 8, 38038 Tesero TN<\/em><\/span><\/span><span class='evoet_data' data-d=\"{&quot;loc.n&quot;:&quot;Pampeago&quot;,&quot;orgs&quot;:[],&quot;tags&quot;:{&quot;repeating&quot;:&quot;Repeating Event&quot;}}\" data-bgc=\"#ba181d\" data-bggrad=\"\" ><\/span><\/a><\/p><div class='event_description evcal_eventcard ' style=\"display:none\"><div class='evocard_row'><div id='event_ftimage' class='evocard_box ftimage' data-c='' \n\t\t\t\t\tstyle=''><div class='evocard_main_image_hold' data-t='Loading Image..'><div class='evocard_main_image evo_img_triglb evobr15 evobgsc evobgpc evodfx evofx_jc_c evofx_ai_c evofz48 minmized' style='height:300px; background-image:url();' data-f=\"https:\/\/latemarium.com\/wp-content\/uploads\/2023\/06\/e-bike-tour.jpg\" data-h=\"675\" data-w=\"1200\" data-ratio=\"0.5625\" data-event_id=\"2201\" data-ri=\"4\"  data-t='Loading Image..'><span style='height:300px; background-image:url(https:\/\/latemarium.com\/wp-content\/uploads\/2023\/06\/e-bike-tour.jpg)'><\/span><\/div><\/div><\/div><\/div><div class='evocard_row'><div id='event_eventdetails' class='evocard_box eventdetails' data-c='' \n\t\t\t\t\tstyle=''><div class='evo_metarow_details evorow evcal_evdata_row evcal_event_details'>\n\t\t<div class=\"event_excerpt\" style=\"display:none\"><h3 class=\"padb5 evo_h3\">Dettagli dell&#039;evento<\/h3><p>Ogni gioved\u00ec dal 25 giugno al 3 settembre 2026\nRitrovo con la guida Andrea alle 17.15 a Pampeago (presso biglietteria impianti)\nDurata:\u00a0dalle 17.15 alle 19.15\nMax 8 persone. +16 anni.<\/p><\/div><span class='evcal_evdata_icons'><i class='fa fa-align-justify'><\/i><\/span>\n\t\t\n\t\t<div class='evcal_evdata_cell shorter_desc'>\n\t\t\t<div class='eventon_full_description'>\n\t\t\t\t<h3 class='padb5 evo_h3'><span class='evcal_evdata_icons'><i class='fa fa-align-justify'><\/i><\/span>Dettagli dell&#039;evento<\/h3>\n\t\t\t\t<div class='eventon_desc_in' itemprop='description'>\n\t\t\t\t<p><strong>Ogni gioved\u00ec dal 25 giugno al 3 settembre 2026<\/strong><\/p>\n<p>Ritrovo con la guida Andrea alle 17.15 a Pampeago (presso biglietteria impianti)<br \/>\nDurata:\u00a0dalle 17.15 alle 19.15<br \/>\nMax 8 persone. +16 anni.<\/p>\n<p class=\"p1\"><span class=\"s1\">Per gli appassionati di e-bike, con un livello intermedio, abbiamo pensato ad un tour alla scoperta del Latemar con vista mozzafiato sulle aree circostanti. Sar\u00e0 un itinerario piacevole e grazie alla pedalata assistita potrete affrontare con facilit\u00e0 il dislivello che vi porter\u00e0 in localit\u00e0 Tresca. \u00c8 il momento della giornata perfetto: la montagna si svuota, potrete apprezzare il silenzio della natura e godere dei colori della \u201cgolden hour\u201d. Terminato il giro vi attender\u00e0 un piccolo aperitivo allo Chalet Caserina.<br \/>\nPotrete noleggiare la e-bike in loco, al negozio Sport Ventura di Pampeago.<br \/>\n<\/span><\/p>\n<p class=\"p1\"><em><span class=\"s1\">Attivit\u00e0 non prevista in caso di pioggia.<\/span><\/em><\/p>\n<p>Prenotazione obbligatoria. Clicca\u00a0<a href=\"https:\/\/www.visitfiemme.it\/it\/eventi\/fiemme-cembra-guest-card\/esperienze\/esperienze-in-estate?re-product-id=251796\" target=\"_blank\" rel=\"noopener\">qui<\/a>.<\/p>\n<\/div><p class='eventon_shad_p' style='padding:5px 0 0; margin:0'>\n\t\t\t<span class='evcal_btn evo_btn_secondary evobtn_details_show_more' content='less'>\n\t\t\t\t<span class='ev_more_text' data-txt='Meno'>Pi\u00f9<\/span><span class='ev_more_arrow ard'><\/span>\n\t\t\t<\/span>\n\t\t<\/p><div class='clear'><\/div>\n\t\t\t<\/div>\n\t\t<\/div>\n\t<\/div><\/div><\/div><div class='evocard_row bx2 bx'><div id='event_time' class='evocard_box time' data-c='' \n\t\t\t\t\tstyle=''><div class='evo_metarow_time evorow evcal_evdata_row evcal_evrow_sm '>\n\t\t<span class='evcal_evdata_icons'><i class='fa fa-clock'><\/i><\/span>\n\t\t<div class='evcal_evdata_cell'>\t\t\t\t\t\t\t\n\t\t\t<h3 class='evo_h3'><span class='evcal_evdata_icons'><i class='fa fa-clock'><\/i><\/span>Orario<\/h3><p><span class='evo_eventcard_time_t'>23 luglio 2026 17:15<\/span><span class='evo_tz marr5'>(GMT+02:00)<\/span><\/p>\n\t\t<\/div>\n\t<\/div><\/div><div id='event_location' class='evocard_box location' data-c='' \n\t\t\t\t\tstyle=''><div class='evcal_evdata_row evo_metarow_time_location evorow '>\n\t\t\n\t\t\t<span class='evcal_evdata_icons'><i class='fa fa-map-marker'><\/i><\/span>\n\t\t\t<div class='evcal_evdata_cell' data-loc_tax_id='30'><h3 class='evo_h3 evodfx'><span class='evcal_evdata_icons'><i class='fa fa-map-marker'><\/i><\/span>Luogo<\/h3><p class='evo_location_name'>Pampeago<\/p><p class='evo_location_address evodfxi evogap10'>Localit\u00e0 Pampeago, 8, 38038 Tesero TN<\/p><div class='padt10'><span class='evo_btn_arr evolb_trigger' data-lbvals=\"{&quot;lbc&quot;:&quot;evo_location_lb_30&quot;,&quot;lbac&quot;:&quot;lb_max&quot;,&quot;t&quot;:&quot;Pampeago&quot;,&quot;ajax&quot;:&quot;yes&quot;,&quot;ajax_type&quot;:&quot;endpoint&quot;,&quot;ajax_action&quot;:&quot;eventon_get_tax_card_content&quot;,&quot;end&quot;:&quot;client&quot;,&quot;d&quot;:{&quot;lang&quot;:&quot;L1&quot;,&quot;term_id&quot;:30,&quot;tax&quot;:&quot;event_location&quot;,&quot;load_lbcontent&quot;:true},&quot;uid&quot;:&quot;eventon_get_tax_card_content&quot;}\" >Other Events<i class='fa fa-chevron-right'><\/i><\/span><\/div><\/div>\n\t\t\n\t<\/div><\/div><\/div><div class='evocard_row'><div id='event_addtocal' class='evocard_box addtocal' data-c='' \n\t\t\t\t\tstyle=''><div class='evo_metarow_ICS evorow evcal_evdata_row'>\n\t\t\t<span class='evcal_evdata_icons'><i class='fa fa-calendar-o'><\/i><\/span>\n\t\t\t<div class='evcal_evdata_cell'>\n\t\t\t\t<p><a href='https:\/\/latemarium.com\/it\/export-events\/2201_4\/?nonce=a3263097f9' class='evo_ics_nCal' title='Aggiungi al tuo calendario'>Calendario<\/a><a href='https:\/\/www.google.com\/calendar\/event?action=TEMPLATE&text=E-Bike+Tour+ai+piedi+del+Latemar&dates=20260723T151500Z%2F20260723T215900Z&ctz=Europe%2FRome&details=E-Bike Tour ai piedi del Latemar&location=Pampeago+Localit%C3%A0+Pampeago%2C+8%2C+38038+Tesero+TN' target='_blank' class='evo_ics_gCal' title='Aggiungi al calendario di Google'>GoogleCal<\/a><\/p>\t\n\t\t\t<\/div>\n\t\t<\/div><\/div><\/div><div class='evocard_row'><div id='event_getdirection' class='evocard_box getdirection' data-c='' \n\t\t\t\t\tstyle=''><div class='evo_metarow_getDr evorow evcal_evdata_row evcal_evrow_sm getdirections'>\n\t\t<form action='https:\/\/maps.google.com\/maps' method='get' target='_blank'>\n\t\t\t<input type='hidden' name='daddr' value=\"46.34343697644898,11.540997527961546\"\/> \n\t\t\t<div class='evo_get_direction_content evo_fx_dr_r evogap10'>\n\t\t\t\t<span class='evogetdir_header evodfx evofx_dr_r evofx_ai_c marr10'>\n\t\t\t\t\t<i class='mainicon fa fa-road'><\/i> \n\t\t\t\t\t<h3 class='evo_h3' style='padding-bottom:5px;'>Ottieni indicazioni stradali<\/h3>\n\t\t\t\t<\/span>\n\t\t\t\t<span class='evogetdir_field evodfx evofx_1_1 evo_fx_dr_c evow100p'>\t\t\t\t\t\n\t\t\t\t\t<input class='evoInput evotac' type='text' name='saddr' placeholder='Digitare l&#039;indirizzo per ottenere le indicazioni stradali' value='' style='margin:10px 0;'\/>\n\t\t\t\t<\/span>\n\t\t\t\t<button type='submit' class='evo_get_direction_button evo_btn_arr_circ dfx fx_ai_c' title='Fare clic qui per ottenere indicazioni'><i class='fa fa-chevron-right'><\/i> <\/button>\n\t\t\t<\/div>\n\t\t<\/form>\n\t<\/div><\/div><\/div><div class='evo_card_row_end evcal_close' title='Testo del pulsante Chiudi evento'><\/div><\/div><div class='clear end'><\/div><\/div><div id=\"event_2493_4\" class=\"eventon_list_event evo_eventtop scheduled  event clrW no_et event_2493_4\" data-event_id=\"2493\" data-ri=\"4r\" data-time=\"1784878200-1784930340\" data-colr=\"#6baeff\" itemscope itemtype='http:\/\/schema.org\/Event'><div class=\"evo_event_schema\" style=\"display:none\" ><a itemprop='url'  href='https:\/\/latemarium.com\/it\/events\/respirart-piccoli-artisti-in-natura\/var\/ri-4.l-L1'><\/a><meta itemprop='image' content=\"https:\/\/latemarium.com\/wp-content\/uploads\/2021\/05\/respirart-vita-e-bellezza.jpg\" \/><meta itemprop='startDate' content=\"2026-7-24T09:30+0:00\" \/><meta itemprop='endDate' content=\"2026-7-24T23:59+0:00\" \/><meta itemprop='eventStatus' content=\"https:\/\/schema.org\/EventScheduled\" \/><meta itemprop='eventAttendanceMode'   itemscope itemtype=\"https:\/\/schema.org\/OfflineEventAttendanceMode\"\/><div style=\"display:none\" itemprop=\"location\" itemscope itemtype=\"http:\/\/schema.org\/Place\"><span itemprop=\"name\">Pampeago<\/span><span itemprop=\"address\" itemscope itemtype=\"http:\/\/schema.org\/PostalAddress\"><item itemprop=\"streetAddress\">Localit\u00e0 Pampeago, 8, 38038 Tesero TN<\/item><\/span><\/div><script type=\"application\/ld+json\">{\"@context\": \"http:\/\/schema.org\",\"@type\": \"Event\",\n\t\t\t\t\"@id\": \"event_2493_4\",\n\t\t\t\t\"eventAttendanceMode\":\"https:\/\/schema.org\/OfflineEventAttendanceMode\",\n\t\t\t\t\"eventStatus\":\"https:\/\/schema.org\/EventScheduled\",\n\t\t\t\t\"name\": \"Respirart: piccoli artisti in natura\",\n\t\t\t\t\"url\": \"https:\/\/latemarium.com\/it\/events\/respirart-piccoli-artisti-in-natura\/var\/ri-4.l-L1\",\n\t\t\t\t\"startDate\": \"2026-7-24T09:30+0:00\",\n\t\t\t\t\"endDate\": \"2026-7-24T23:59+0:00\",\n\t\t\t\t\"image\":\"https:\/\/latemarium.com\/wp-content\/uploads\/2021\/05\/respirart-vita-e-bellezza.jpg\", \n\t\t\t\t\"description\":\"<p><strong>Ogni venerd\u00ec dal 26 giugno all&#8217;11 settembre 2026<\/strong><\/p> <p>Laboratorio ambientale e artistico RespirArt, rivolto a tutti, grandi e piccini. Andremo alla scoperta delle opere d&#8217;arte in modo divertente.<br \/> Appuntamento alle 9.30 alla partenza della Seggiovia-Seminovia Agnello di Pampeago con la guida artistica, che vi consegner\u00e0 i semi per sorvolare il parco RespirArt. Partecipando al laboratorio artistico i bambini costruiranno piccole opere di land art utilizzando materiali naturali.<\/p> <p><strong>Prenotazione obbligatoria.<\/strong><\/p> <p>Clicca <a href='https:\/\/www.visitfiemme.it\/it\/eventi\/fiemme-cembra-guest-card\/esperienze\/esperienze-in-estate?re-product-id=211712' target='_blank' rel='noopener'>qui<\/a> per prenotare.<\/p> \",\"location\":[{\"@type\":\"Place\",\"name\":\"Pampeago\",\"address\":{\"@type\": \"PostalAddress\",\"streetAddress\":\"Localit\u00e0 Pampeago, 8, 38038 Tesero TN\"}}]}<\/script><\/div>\r\n\t\t\t\t<p class=\"desc_trig_outter\" style=\"\"><a data-gmtrig=\"1\" data-exlk=\"0\" style=\"background-color: #6baeff;\" id=\"evc_17848782002493\" class=\"hasFtIMG event_repeat desc_trig sin_val evcal_list_a\" data-ux_val=\"3\" data-ux_val_mob=\"-\"  ><span class='evoet_c1 evoet_cx '><span class='ev_ftImg' data-img='https:\/\/latemarium.com\/wp-content\/uploads\/2021\/05\/respirart-vita-e-bellezza.jpg' data-thumb='https:\/\/latemarium.com\/wp-content\/uploads\/2021\/05\/respirart-vita-e-bellezza-300x201.jpg' style='background-image:url(\"https:\/\/latemarium.com\/wp-content\/uploads\/2021\/05\/respirart-vita-e-bellezza-300x201.jpg\")' ><\/span><\/span><span class='evoet_c2 evoet_cx '><span class='evoet_dayblock evcal_cblock ' data-bgcolor='#6baeff' data-smon='luglio' data-syr='2026' data-bub=''><span class='evo_start '><em class='date'>24<\/em><em class='month'>lug<\/em><em class='time'>09:30<\/em><\/span><\/span><\/span><span class='evoet_c3 evoet_cx evcal_desc hide_eventtopdata '><span class='evoet_title evcal_desc2 evcal_event_title ' itemprop='name'>Respirart: piccoli artisti in natura<\/span><span class='event_location_attrs'  data-location_address=\"Localit\u00e0 Pampeago, 8, 38038 Tesero TN\" data-location_type=\"lonlat\" data-location_name=\"Pampeago\" data-location_url=\"https:\/\/latemarium.com\/it\/event-location\/pampeago\/\" data-location_status=\"true\" data-latlng=\"46.34343697644898,11.540997527961546\"><\/span><span class='evoet_subtitle evo_below_title' ><span class='evcal_event_subtitle ' >laboratorio artistico<\/span><\/span><span class='evoet_time_expand level_3'><em class='evcal_time evo_tz_time'><i class='fa fa-clock-o'><\/i>09:30<span class='evo_tz marl5'>(GMT+02:00)<\/span><\/em> <\/span><span class='evoet_location level_3'><em class=\"evcal_location\"  data-latlng=\"46.34343697644898,11.540997527961546\" data-add_str=\"Localit\u00e0 Pampeago, 8, 38038 Tesero TN\" data-n=\"Pampeago\"><i class=\"fa fa-location-pin\"><\/i><em class=\"event_location_name\">Pampeago<\/em>, Localit\u00e0 Pampeago, 8, 38038 Tesero TN<\/em><\/span><\/span><span class='evoet_data' data-d=\"{&quot;loc.n&quot;:&quot;Pampeago&quot;,&quot;orgs&quot;:[],&quot;tags&quot;:{&quot;repeating&quot;:&quot;Repeating Event&quot;}}\" data-bgc=\"#6baeff\" data-bggrad=\"\" ><\/span><\/a><\/p><div class='event_description evcal_eventcard ' style=\"display:none\"><div class='evocard_row'><div id='event_ftimage' class='evocard_box ftimage' data-c='' \n\t\t\t\t\tstyle=''><div class='evocard_main_image_hold' data-t='Loading Image..'><div class='evocard_main_image evo_img_triglb evobr15 evobgsc evobgpc evodfx evofx_jc_c evofx_ai_c evofz48 minmized' style='height:300px; background-image:url();' data-f=\"https:\/\/latemarium.com\/wp-content\/uploads\/2021\/05\/respirart-vita-e-bellezza.jpg\" data-h=\"602\" data-w=\"899\" data-ratio=\"0.66963292547275\" data-event_id=\"2493\" data-ri=\"4\"  data-t='Loading Image..'><span style='height:300px; background-image:url(https:\/\/latemarium.com\/wp-content\/uploads\/2021\/05\/respirart-vita-e-bellezza.jpg)'><\/span><\/div><\/div><\/div><\/div><div class='evocard_row'><div id='event_eventdetails' class='evocard_box eventdetails' data-c='' \n\t\t\t\t\tstyle=''><div class='evo_metarow_details evorow evcal_evdata_row evcal_event_details'>\n\t\t<div class=\"event_excerpt\" style=\"display:none\"><h3 class=\"padb5 evo_h3\">Dettagli dell&#039;evento<\/h3><p>Ogni venerd\u00ec dal 26 giugno all&#8217;11 settembre 2026\nLaboratorio ambientale e artistico RespirArt, rivolto a tutti, grandi e piccini. Andremo alla scoperta delle opere d&#8217;arte in modo divertente.\nAppuntamento alle 9.30<\/p><\/div><span class='evcal_evdata_icons'><i class='fa fa-align-justify'><\/i><\/span>\n\t\t\n\t\t<div class='evcal_evdata_cell shorter_desc'>\n\t\t\t<div class='eventon_full_description'>\n\t\t\t\t<h3 class='padb5 evo_h3'><span class='evcal_evdata_icons'><i class='fa fa-align-justify'><\/i><\/span>Dettagli dell&#039;evento<\/h3>\n\t\t\t\t<div class='eventon_desc_in' itemprop='description'>\n\t\t\t\t<p><strong>Ogni venerd\u00ec dal 26 giugno all&#8217;11 settembre 2026<\/strong><\/p>\n<p>Laboratorio ambientale e artistico RespirArt, rivolto a tutti, grandi e piccini. Andremo alla scoperta delle opere d&#8217;arte in modo divertente.<br \/>\nAppuntamento alle 9.30 alla partenza della Seggiovia-Seminovia Agnello di Pampeago con la guida artistica, che vi consegner\u00e0 i semi per sorvolare il parco RespirArt. Partecipando al laboratorio artistico i bambini costruiranno piccole opere di land art utilizzando materiali naturali.<\/p>\n<p><strong>Prenotazione obbligatoria.<\/strong><\/p>\n<p>Clicca <a href=\"https:\/\/www.visitfiemme.it\/it\/eventi\/fiemme-cembra-guest-card\/esperienze\/esperienze-in-estate?re-product-id=211712\" target=\"_blank\" rel=\"noopener\">qui<\/a> per prenotare.<\/p>\n<\/div><p class='eventon_shad_p' style='padding:5px 0 0; margin:0'>\n\t\t\t<span class='evcal_btn evo_btn_secondary evobtn_details_show_more' content='less'>\n\t\t\t\t<span class='ev_more_text' data-txt='Meno'>Pi\u00f9<\/span><span class='ev_more_arrow ard'><\/span>\n\t\t\t<\/span>\n\t\t<\/p><div class='clear'><\/div>\n\t\t\t<\/div>\n\t\t<\/div>\n\t<\/div><\/div><\/div><div class='evocard_row bx2 bx'><div id='event_time' class='evocard_box time' data-c='' \n\t\t\t\t\tstyle=''><div class='evo_metarow_time evorow evcal_evdata_row evcal_evrow_sm '>\n\t\t<span class='evcal_evdata_icons'><i class='fa fa-clock'><\/i><\/span>\n\t\t<div class='evcal_evdata_cell'>\t\t\t\t\t\t\t\n\t\t\t<h3 class='evo_h3'><span class='evcal_evdata_icons'><i class='fa fa-clock'><\/i><\/span>Orario<\/h3><p><span class='evo_eventcard_time_t'>24 luglio 2026 09:30<\/span><span class='evo_tz marr5'>(GMT+02:00)<\/span><\/p>\n\t\t<\/div>\n\t<\/div><\/div><div id='event_location' class='evocard_box location' data-c='' \n\t\t\t\t\tstyle=''><div class='evcal_evdata_row evo_metarow_time_location evorow '>\n\t\t\n\t\t\t<span class='evcal_evdata_icons'><i class='fa fa-map-marker'><\/i><\/span>\n\t\t\t<div class='evcal_evdata_cell' data-loc_tax_id='30'><h3 class='evo_h3 evodfx'><span class='evcal_evdata_icons'><i class='fa fa-map-marker'><\/i><\/span>Luogo<\/h3><p class='evo_location_name'>Pampeago<\/p><p class='evo_location_address evodfxi evogap10'>Localit\u00e0 Pampeago, 8, 38038 Tesero TN<\/p><div class='padt10'><span class='evo_btn_arr evolb_trigger' data-lbvals=\"{&quot;lbc&quot;:&quot;evo_location_lb_30&quot;,&quot;lbac&quot;:&quot;lb_max&quot;,&quot;t&quot;:&quot;Pampeago&quot;,&quot;ajax&quot;:&quot;yes&quot;,&quot;ajax_type&quot;:&quot;endpoint&quot;,&quot;ajax_action&quot;:&quot;eventon_get_tax_card_content&quot;,&quot;end&quot;:&quot;client&quot;,&quot;d&quot;:{&quot;lang&quot;:&quot;L1&quot;,&quot;term_id&quot;:30,&quot;tax&quot;:&quot;event_location&quot;,&quot;load_lbcontent&quot;:true},&quot;uid&quot;:&quot;eventon_get_tax_card_content&quot;}\" >Other Events<i class='fa fa-chevron-right'><\/i><\/span><\/div><\/div>\n\t\t\n\t<\/div><\/div><\/div><div class='evocard_row bx2 bx'><div id='event_learnmore' class='evocard_box learnmore' data-c='' \n\t\t\t\t\tstyle=''><div class='evo_metarow_learnM evo_metarow_learnmore evorow'>\n\t\t\t\t\t\t\t<a class='evcal_evdata_row evo_clik_row ' href='http:\/\/www.respirart.com\/' target=\"_blank\">\n\t\t\t\t\t\t\t\t<span class='evcal_evdata_icons'><i class='fa fa-link'><\/i><\/span>\n\t\t\t\t\t\t\t\t<h3 class='evo_h3'>Scopri di pi\u00f9<\/h3>\n\t\t\t\t\t\t\t<\/a>\n\t\t\t\t\t\t\t<\/div><\/div><div id='event_addtocal' class='evocard_box addtocal' data-c='' \n\t\t\t\t\tstyle=''><div class='evo_metarow_ICS evorow evcal_evdata_row'>\n\t\t\t<span class='evcal_evdata_icons'><i class='fa fa-calendar-o'><\/i><\/span>\n\t\t\t<div class='evcal_evdata_cell'>\n\t\t\t\t<p><a href='https:\/\/latemarium.com\/it\/export-events\/2493_4\/?nonce=a3263097f9' class='evo_ics_nCal' title='Aggiungi al tuo calendario'>Calendario<\/a><a href='https:\/\/www.google.com\/calendar\/event?action=TEMPLATE&text=Respirart%3A+piccoli+artisti+in+natura&dates=20260724T073000Z%2F20260724T215900Z&ctz=Europe%2FRome&details=Respirart: piccoli artisti in natura&location=Pampeago+Localit%C3%A0+Pampeago%2C+8%2C+38038+Tesero+TN' target='_blank' class='evo_ics_gCal' title='Aggiungi al calendario di Google'>GoogleCal<\/a><\/p>\t\n\t\t\t<\/div>\n\t\t<\/div><\/div><\/div><div class='evocard_row'><div id='event_repeats' class='evocard_box repeats' data-c='' \n\t\t\t\t\tstyle=''><div class='evo_metarow_repeats evorow evcal_evdata_row evcal_evrow_sm '>\n\t\t<span class='evcal_evdata_icons'><i class='fa fa-repeat'><\/i><\/span>\n\t\t<div class='evcal_evdata_cell'>\t\t\t\t\t\t\t\n\t\t\t<h3 class='evo_h3'>Orari degli eventi futuri in questa serie di eventi ripetuti<\/h3><div class='evo_elm_HCS evo_repeat_series' style=''><span class='evo_elmHCS_nav HCSnavL evo_repeat_series content_slide_trig'><i class='fa fa-chevron-left'><\/i><\/span><span class='evo_elmHCS_nav HCSnavR evo_repeat_series content_slide_trig'><i class='fa fa-chevron-right'><\/i><\/span><div class='evo_elm_HCS_in'><div class='evo_repeat_series_dates clickable evodfx evofx_dr_r evogap10' data-click='1' data-event_url='https:\/\/latemarium.com\/it\/events\/respirart-piccoli-artisti-in-natura\/var\/ri-4.l-L1'><span class='evo_repeat_series_date evodfx evofx_dr_r evofx_ai_c evogap5 evobr15 evobrdB1 evocl1 evopad15 evottu evofz14 evocurp evo_trans_sc1_03 evoHbgcw' data-ux=\"def\" data-l=\"https:\/\/latemarium.com\/it\/events\/respirart-piccoli-artisti-in-natura\/var\/ri-5.l-L1\" ><span class='evodfx evofx_dr_c evotac evofx_jc_c'><b class='j evofz16'>31<\/b><b class='fy'>luglio <\/b><em class='t evofsn'>09:30 - 23:59<\/em><\/span><\/span><span class='evo_repeat_series_date evodfx evofx_dr_r evofx_ai_c evogap5 evobr15 evobrdB1 evocl1 evopad15 evottu evofz14 evocurp evo_trans_sc1_03 evoHbgcw' data-ux=\"def\" data-l=\"https:\/\/latemarium.com\/it\/events\/respirart-piccoli-artisti-in-natura\/var\/ri-6.l-L1\" ><span class='evodfx evofx_dr_c evotac evofx_jc_c'><b class='j evofz16'>7<\/b><b class='fy'>agosto <\/b><em class='t evofsn'>09:30 - 23:59<\/em><\/span><\/span><span class='evo_repeat_series_date evodfx evofx_dr_r evofx_ai_c evogap5 evobr15 evobrdB1 evocl1 evopad15 evottu evofz14 evocurp evo_trans_sc1_03 evoHbgcw' data-ux=\"def\" data-l=\"https:\/\/latemarium.com\/it\/events\/respirart-piccoli-artisti-in-natura\/var\/ri-7.l-L1\" ><span class='evodfx evofx_dr_c evotac evofx_jc_c'><b class='j evofz16'>14<\/b><b class='fy'>agosto <\/b><em class='t evofsn'>09:30 - 23:59<\/em><\/span><\/span><span class='evo_repeat_series_date evodfx evofx_dr_r evofx_ai_c evogap5 evobr15 evobrdB1 evocl1 evopad15 evottu evofz14 evocurp evo_trans_sc1_03 evoHbgcw' data-ux=\"def\" data-l=\"https:\/\/latemarium.com\/it\/events\/respirart-piccoli-artisti-in-natura\/var\/ri-8.l-L1\" ><span class='evodfx evofx_dr_c evotac evofx_jc_c'><b class='j evofz16'>21<\/b><b class='fy'>agosto <\/b><em class='t evofsn'>09:30 - 23:59<\/em><\/span><\/span><span class='evo_repeat_series_date evodfx evofx_dr_r evofx_ai_c evogap5 evobr15 evobrdB1 evocl1 evopad15 evottu evofz14 evocurp evo_trans_sc1_03 evoHbgcw' data-ux=\"def\" data-l=\"https:\/\/latemarium.com\/it\/events\/respirart-piccoli-artisti-in-natura\/var\/ri-9.l-L1\" ><span class='evodfx evofx_dr_c evotac evofx_jc_c'><b class='j evofz16'>28<\/b><b class='fy'>agosto <\/b><em class='t evofsn'>09:30 - 23:59<\/em><\/span><\/span><span class='evo_repeat_series_date evodfx evofx_dr_r evofx_ai_c evogap5 evobr15 evobrdB1 evocl1 evopad15 evottu evofz14 evocurp evo_trans_sc1_03 evoHbgcw' data-ux=\"def\" data-l=\"https:\/\/latemarium.com\/it\/events\/respirart-piccoli-artisti-in-natura\/var\/ri-10.l-L1\" ><span class='evodfx evofx_dr_c evotac evofx_jc_c'><b class='j evofz16'>4<\/b><b class='fy'>settembre <\/b><em class='t evofsn'>09:30 - 23:59<\/em><\/span><\/span><span class='evo_repeat_series_date evodfx evofx_dr_r evofx_ai_c evogap5 evobr15 evobrdB1 evocl1 evopad15 evottu evofz14 evocurp evo_trans_sc1_03 evoHbgcw' data-ux=\"def\" data-l=\"https:\/\/latemarium.com\/it\/events\/respirart-piccoli-artisti-in-natura\/var\/ri-11.l-L1\" ><span class='evodfx evofx_dr_c evotac evofx_jc_c'><b class='j evofz16'>11<\/b><b class='fy'>settembre <\/b><em class='t evofsn'>09:30 - 23:59<\/em><\/span><\/span><\/div><\/div><\/div><\/div><\/div><\/div><\/div><div class='evocard_row'><div id='event_getdirection' class='evocard_box getdirection' data-c='' \n\t\t\t\t\tstyle=''><div class='evo_metarow_getDr evorow evcal_evdata_row evcal_evrow_sm getdirections'>\n\t\t<form action='https:\/\/maps.google.com\/maps' method='get' target='_blank'>\n\t\t\t<input type='hidden' name='daddr' value=\"46.34343697644898,11.540997527961546\"\/> \n\t\t\t<div class='evo_get_direction_content evo_fx_dr_r evogap10'>\n\t\t\t\t<span class='evogetdir_header evodfx evofx_dr_r evofx_ai_c marr10'>\n\t\t\t\t\t<i class='mainicon fa fa-road'><\/i> \n\t\t\t\t\t<h3 class='evo_h3' style='padding-bottom:5px;'>Ottieni indicazioni stradali<\/h3>\n\t\t\t\t<\/span>\n\t\t\t\t<span class='evogetdir_field evodfx evofx_1_1 evo_fx_dr_c evow100p'>\t\t\t\t\t\n\t\t\t\t\t<input class='evoInput evotac' type='text' name='saddr' placeholder='Digitare l&#039;indirizzo per ottenere le indicazioni stradali' value='' style='margin:10px 0;'\/>\n\t\t\t\t<\/span>\n\t\t\t\t<button type='submit' class='evo_get_direction_button evo_btn_arr_circ dfx fx_ai_c' title='Fare clic qui per ottenere indicazioni'><i class='fa fa-chevron-right'><\/i> <\/button>\n\t\t\t<\/div>\n\t\t<\/form>\n\t<\/div><\/div><\/div><div class='evo_card_row_end evcal_close' title='Testo del pulsante Chiudi evento'><\/div><\/div><div class='clear end'><\/div><\/div><div id=\"event_2925_0\" class=\"eventon_list_event evo_eventtop scheduled  event clrW no_et event_2925_0\" data-event_id=\"2925\" data-ri=\"0r\" data-time=\"1784966400-1785016740\" data-colr=\"#a69dcd\" itemscope itemtype='http:\/\/schema.org\/Event'><div class=\"evo_event_schema\" style=\"display:none\" ><a itemprop='url'  href='https:\/\/latemarium.com\/it\/events\/forest-bathing\/'><\/a><meta itemprop='image' content=\"https:\/\/latemarium.com\/wp-content\/uploads\/2026\/04\/forest-bathing.jpg\" \/><meta itemprop='startDate' content=\"2026-7-25T10:00+0:00\" \/><meta itemprop='endDate' content=\"2026-7-25T23:59+0:00\" \/><meta itemprop='eventStatus' content=\"https:\/\/schema.org\/EventScheduled\" \/><meta itemprop='eventAttendanceMode'   itemscope itemtype=\"https:\/\/schema.org\/OfflineEventAttendanceMode\"\/><div style=\"display:none\" itemprop=\"location\" itemscope itemtype=\"http:\/\/schema.org\/Place\"><span itemprop=\"name\">Pampeago<\/span><span itemprop=\"address\" itemscope itemtype=\"http:\/\/schema.org\/PostalAddress\"><item itemprop=\"streetAddress\">Localit\u00e0 Pampeago, 8, 38038 Tesero TN<\/item><\/span><\/div><script type=\"application\/ld+json\">{\"@context\": \"http:\/\/schema.org\",\"@type\": \"Event\",\n\t\t\t\t\"@id\": \"event_2925_0\",\n\t\t\t\t\"eventAttendanceMode\":\"https:\/\/schema.org\/OfflineEventAttendanceMode\",\n\t\t\t\t\"eventStatus\":\"https:\/\/schema.org\/EventScheduled\",\n\t\t\t\t\"name\": \"Forest bathing\",\n\t\t\t\t\"url\": \"https:\/\/latemarium.com\/it\/events\/forest-bathing\/\",\n\t\t\t\t\"startDate\": \"2026-7-25T10:00+0:00\",\n\t\t\t\t\"endDate\": \"2026-7-25T23:59+0:00\",\n\t\t\t\t\"image\":\"https:\/\/latemarium.com\/wp-content\/uploads\/2026\/04\/forest-bathing.jpg\", \n\t\t\t\t\"description\":\"<p>Scopri l&#8217;antica pratica giapponese che invita a rallentare e riconnettersi con la natura attraverso i cinque sensi, riscoprendo il piacere del camminare consapevole.<\/p> <p>Ritrovo: Pampeago, il 25\/07 e il 29\/08<br \/> Orario:\u00a010.00 \u2013 12.00<\/p> <p>Prenotazione obbligatoria, clicca <a href='https:\/\/www.visitfiemme.it\/it\/eventi\/fiemme-cembra-guest-card\/esperienze\/esperienze-in-estate' target='_blank' rel='noopener'>QUI<\/a> per prenotare<\/p> \",\"location\":[{\"@type\":\"Place\",\"name\":\"Pampeago\",\"address\":{\"@type\": \"PostalAddress\",\"streetAddress\":\"Localit\u00e0 Pampeago, 8, 38038 Tesero TN\"}}]}<\/script><\/div>\r\n\t\t\t\t<p class=\"desc_trig_outter\" style=\"\"><a data-gmap_status=\"null\" data-exlk=\"0\" style=\"background-color: #a69dcd;\" id=\"evc_17849664002925\" class=\"hasFtIMG event_repeat desc_trig sin_val evcal_list_a\" data-ux_val=\"3\" data-ux_val_mob=\"-\"  ><span class='evoet_c1 evoet_cx '><span class='ev_ftImg' data-img='https:\/\/latemarium.com\/wp-content\/uploads\/2026\/04\/forest-bathing.jpg' data-thumb='https:\/\/latemarium.com\/wp-content\/uploads\/2026\/04\/forest-bathing-200x300.jpg' style='background-image:url(\"https:\/\/latemarium.com\/wp-content\/uploads\/2026\/04\/forest-bathing-200x300.jpg\")' ><\/span><\/span><span class='evoet_c2 evoet_cx '><span class='evoet_dayblock evcal_cblock ' data-bgcolor='#a69dcd' data-smon='luglio' data-syr='2026' data-bub=''><span class='evo_start '><em class='date'>25<\/em><em class='month'>lug<\/em><em class='time'>10:00<\/em><\/span><\/span><\/span><span class='evoet_c3 evoet_cx evcal_desc hide_eventtopdata '><span class='evoet_title evcal_desc2 evcal_event_title ' itemprop='name'>Forest bathing<\/span><span class='event_location_attrs'  data-location_address=\"Localit\u00e0 Pampeago, 8, 38038 Tesero TN\" data-location_type=\"lonlat\" data-location_name=\"Pampeago\" data-location_url=\"https:\/\/latemarium.com\/it\/event-location\/pampeago\/\" data-location_status=\"true\" data-latlng=\"46.34343697644898,11.540997527961546\"><\/span><span class='evoet_subtitle evo_below_title' ><span class='evcal_event_subtitle ' >riscopri il piacere del camminare consapevole<\/span><\/span><span class='evoet_time_expand level_3'><em class='evcal_time evo_tz_time'><i class='fa fa-clock-o'><\/i>10:00<span class='evo_tz marl5'>(GMT+02:00)<\/span><\/em> <\/span><span class='evoet_location level_3'><em class=\"evcal_location\"  data-latlng=\"46.34343697644898,11.540997527961546\" data-add_str=\"Localit\u00e0 Pampeago, 8, 38038 Tesero TN\" data-n=\"Pampeago\"><i class=\"fa fa-location-pin\"><\/i><em class=\"event_location_name\">Pampeago<\/em>, Localit\u00e0 Pampeago, 8, 38038 Tesero TN<\/em><\/span><\/span><span class='evoet_data' data-d=\"{&quot;loc.n&quot;:&quot;Pampeago&quot;,&quot;orgs&quot;:[],&quot;tags&quot;:{&quot;repeating&quot;:&quot;Repeating Event&quot;}}\" data-bgc=\"#a69dcd\" data-bggrad=\"\" ><\/span><\/a><\/p><div class='event_description evcal_eventcard ' style=\"display:none\"><div class='evocard_row'><div id='event_ftimage' class='evocard_box ftimage' data-c='' \n\t\t\t\t\tstyle=''><div class='evocard_main_image_hold' data-t='Loading Image..'><div class='evocard_main_image evo_img_triglb evobr15 evobgsc evobgpc evodfx evofx_jc_c evofx_ai_c evofz48 minmized' style='height:300px; background-image:url();' data-f=\"https:\/\/latemarium.com\/wp-content\/uploads\/2026\/04\/forest-bathing.jpg\" data-h=\"1600\" data-w=\"1066\" data-ratio=\"1.5009380863039\" data-event_id=\"2925\" data-ri=\"0\"  data-t='Loading Image..'><span style='height:300px; background-image:url(https:\/\/latemarium.com\/wp-content\/uploads\/2026\/04\/forest-bathing.jpg)'><\/span><\/div><\/div><\/div><\/div><div class='evocard_row'><div id='event_eventdetails' class='evocard_box eventdetails' data-c='' \n\t\t\t\t\tstyle=''><div class='evo_metarow_details evorow evcal_evdata_row evcal_event_details'>\n\t\t<div class=\"event_excerpt\" style=\"display:none\"><h3 class=\"padb5 evo_h3\">Dettagli dell&#039;evento<\/h3><p>Scopri l&#8217;antica pratica giapponese che invita a rallentare e riconnettersi con la natura attraverso i cinque sensi, riscoprendo il piacere del camminare consapevole.\nRitrovo: Pampeago, il 25\/07 e il 29\/08\nOrario:\u00a010.00<\/p><\/div><span class='evcal_evdata_icons'><i class='fa fa-align-justify'><\/i><\/span>\n\t\t\n\t\t<div class='evcal_evdata_cell '>\n\t\t\t<div class='eventon_full_description'>\n\t\t\t\t<h3 class='padb5 evo_h3'><span class='evcal_evdata_icons'><i class='fa fa-align-justify'><\/i><\/span>Dettagli dell&#039;evento<\/h3>\n\t\t\t\t<div class='eventon_desc_in' itemprop='description'>\n\t\t\t\t<p>Scopri l&#8217;antica pratica giapponese che invita a rallentare e riconnettersi con la natura attraverso i cinque sensi, riscoprendo il piacere del camminare consapevole.<\/p>\n<p>Ritrovo: Pampeago, il 25\/07 e il 29\/08<br \/>\nOrario:\u00a010.00 \u2013 12.00<\/p>\n<p>Prenotazione obbligatoria, clicca <a href=\"https:\/\/www.visitfiemme.it\/it\/eventi\/fiemme-cembra-guest-card\/esperienze\/esperienze-in-estate\" target=\"_blank\" rel=\"noopener\">QUI<\/a> per prenotare<\/p>\n<\/div><div class='clear'><\/div>\n\t\t\t<\/div>\n\t\t<\/div>\n\t<\/div><\/div><\/div><div class='evocard_row bx2 bx'><div id='event_time' class='evocard_box time' data-c='' \n\t\t\t\t\tstyle=''><div class='evo_metarow_time evorow evcal_evdata_row evcal_evrow_sm '>\n\t\t<span class='evcal_evdata_icons'><i class='fa fa-clock'><\/i><\/span>\n\t\t<div class='evcal_evdata_cell'>\t\t\t\t\t\t\t\n\t\t\t<h3 class='evo_h3'><span class='evcal_evdata_icons'><i class='fa fa-clock'><\/i><\/span>Orario<\/h3><p><span class='evo_eventcard_time_t'>25 luglio 2026 10:00<\/span><span class='evo_tz marr5'>(GMT+02:00)<\/span><\/p>\n\t\t<\/div>\n\t<\/div><\/div><div id='event_location' class='evocard_box location' data-c='' \n\t\t\t\t\tstyle=''><div class='evcal_evdata_row evo_metarow_time_location evorow '>\n\t\t\n\t\t\t<span class='evcal_evdata_icons'><i class='fa fa-map-marker'><\/i><\/span>\n\t\t\t<div class='evcal_evdata_cell' data-loc_tax_id='30'><h3 class='evo_h3 evodfx'><span class='evcal_evdata_icons'><i class='fa fa-map-marker'><\/i><\/span>Luogo<\/h3><p class='evo_location_name'>Pampeago<\/p><p class='evo_location_address evodfxi evogap10'>Localit\u00e0 Pampeago, 8, 38038 Tesero TN<\/p><div class='padt10'><span class='evo_btn_arr evolb_trigger' data-lbvals=\"{&quot;lbc&quot;:&quot;evo_location_lb_30&quot;,&quot;lbac&quot;:&quot;lb_max&quot;,&quot;t&quot;:&quot;Pampeago&quot;,&quot;ajax&quot;:&quot;yes&quot;,&quot;ajax_type&quot;:&quot;endpoint&quot;,&quot;ajax_action&quot;:&quot;eventon_get_tax_card_content&quot;,&quot;end&quot;:&quot;client&quot;,&quot;d&quot;:{&quot;lang&quot;:&quot;L1&quot;,&quot;term_id&quot;:30,&quot;tax&quot;:&quot;event_location&quot;,&quot;load_lbcontent&quot;:true},&quot;uid&quot;:&quot;eventon_get_tax_card_content&quot;}\" >Other Events<i class='fa fa-chevron-right'><\/i><\/span><\/div><\/div>\n\t\t\n\t<\/div><\/div><\/div><div class='evocard_row'><div id='event_addtocal' class='evocard_box addtocal' data-c='' \n\t\t\t\t\tstyle=''><div class='evo_metarow_ICS evorow evcal_evdata_row'>\n\t\t\t<span class='evcal_evdata_icons'><i class='fa fa-calendar-o'><\/i><\/span>\n\t\t\t<div class='evcal_evdata_cell'>\n\t\t\t\t<p><a href='https:\/\/latemarium.com\/it\/export-events\/2925_0\/?nonce=a3263097f9' class='evo_ics_nCal' title='Aggiungi al tuo calendario'>Calendario<\/a><a href='https:\/\/www.google.com\/calendar\/event?action=TEMPLATE&text=Forest+bathing&dates=20260725T080000Z%2F20260725T215900Z&ctz=Europe%2FRome&details=Forest bathing&location=Pampeago+Localit%C3%A0+Pampeago%2C+8%2C+38038+Tesero+TN' target='_blank' class='evo_ics_gCal' title='Aggiungi al calendario di Google'>GoogleCal<\/a><\/p>\t\n\t\t\t<\/div>\n\t\t<\/div><\/div><\/div><div class='evocard_row'><div id='event_getdirection' class='evocard_box getdirection' data-c='' \n\t\t\t\t\tstyle=''><div class='evo_metarow_getDr evorow evcal_evdata_row evcal_evrow_sm getdirections'>\n\t\t<form action='https:\/\/maps.google.com\/maps' method='get' target='_blank'>\n\t\t\t<input type='hidden' name='daddr' value=\"46.34343697644898,11.540997527961546\"\/> \n\t\t\t<div class='evo_get_direction_content evo_fx_dr_r evogap10'>\n\t\t\t\t<span class='evogetdir_header evodfx evofx_dr_r evofx_ai_c marr10'>\n\t\t\t\t\t<i class='mainicon fa fa-road'><\/i> \n\t\t\t\t\t<h3 class='evo_h3' style='padding-bottom:5px;'>Ottieni indicazioni stradali<\/h3>\n\t\t\t\t<\/span>\n\t\t\t\t<span class='evogetdir_field evodfx evofx_1_1 evo_fx_dr_c evow100p'>\t\t\t\t\t\n\t\t\t\t\t<input class='evoInput evotac' type='text' name='saddr' placeholder='Digitare l&#039;indirizzo per ottenere le indicazioni stradali' value='' style='margin:10px 0;'\/>\n\t\t\t\t<\/span>\n\t\t\t\t<button type='submit' class='evo_get_direction_button evo_btn_arr_circ dfx fx_ai_c' title='Fare clic qui per ottenere indicazioni'><i class='fa fa-chevron-right'><\/i> <\/button>\n\t\t\t<\/div>\n\t\t<\/form>\n\t<\/div><\/div><\/div><div class='evo_card_row_end evcal_close' title='Testo del pulsante Chiudi evento'><\/div><\/div><div class='clear end'><\/div><\/div><div id=\"event_2120_6\" class=\"eventon_list_event evo_eventtop scheduled  event clrD no_et event_2120_6\" data-event_id=\"2120\" data-ri=\"6r\" data-time=\"1785056400-1785103140\" data-colr=\"#006290\" itemscope itemtype='http:\/\/schema.org\/Event'><div class=\"evo_event_schema\" style=\"display:none\" ><a itemprop='url'  href='https:\/\/latemarium.com\/it\/events\/parola-di-nikolaus-drache\/var\/ri-6.l-L1'><\/a><meta itemprop='image' content=\"https:\/\/latemarium.com\/wp-content\/uploads\/2023\/06\/foresta-dei-draghi-6.jpg\" \/><meta itemprop='startDate' content=\"2026-7-26T11:00+0:00\" \/><meta itemprop='endDate' content=\"2026-7-26T23:59+0:00\" \/><meta itemprop='eventStatus' content=\"https:\/\/schema.org\/EventScheduled\" \/><meta itemprop='eventAttendanceMode'   itemscope itemtype=\"https:\/\/schema.org\/OfflineEventAttendanceMode\"\/><script type=\"application\/ld+json\">{\"@context\": \"http:\/\/schema.org\",\"@type\": \"Event\",\n\t\t\t\t\"@id\": \"event_2120_6\",\n\t\t\t\t\"eventAttendanceMode\":\"https:\/\/schema.org\/OfflineEventAttendanceMode\",\n\t\t\t\t\"eventStatus\":\"https:\/\/schema.org\/EventScheduled\",\n\t\t\t\t\"name\": \"Parola di Nikolaus Drache\",\n\t\t\t\t\"url\": \"https:\/\/latemarium.com\/it\/events\/parola-di-nikolaus-drache\/var\/ri-6.l-L1\",\n\t\t\t\t\"startDate\": \"2026-7-26T11:00+0:00\",\n\t\t\t\t\"endDate\": \"2026-7-26T23:59+0:00\",\n\t\t\t\t\"image\":\"https:\/\/latemarium.com\/wp-content\/uploads\/2023\/06\/foresta-dei-draghi-6.jpg\", \n\t\t\t\t\"description\":\"<p>Saltano, corrono, strisciano, volano! Eppure\u2026 non \u00e8 facile vederli!<br \/> Sanno nascondersi bene\u2026 gli squamosi furbacchioni! Chi sono? Ma i draghi del Latemar! Incontrarne uno, anche uno solo, sar\u00e0 un\u2019esperienza meravigliosa! Parola di Nikolaus Drache.<\/p> <p>domenica e luned\u00ec: dal 5 luglio al 24 agosto 2026<br \/> a monte della telecabina Predazzo-Gardon\u00e8<br \/> ore 11.00 e ore 14.30<br \/> spettacoli itineranti sul sentiero della Foresta dei Draghi<br \/> adatto a famiglie e bambini dai 2 anni in su\u00a0(durata 1h30\u2019)<\/p> \"}<\/script><\/div>\r\n\t\t\t\t<p class=\"desc_trig_outter\" style=\"\"><a data-gmap_status=\"null\" data-exlk=\"0\" style=\"background-color: #006290;\" id=\"evc_17850564002120\" class=\"hasFtIMG event_repeat desc_trig sin_val evcal_list_a\" data-ux_val=\"3\" data-ux_val_mob=\"-\"  ><span class='evoet_c1 evoet_cx '><span class='ev_ftImg' data-img='https:\/\/latemarium.com\/wp-content\/uploads\/2023\/06\/foresta-dei-draghi-6.jpg' data-thumb='https:\/\/latemarium.com\/wp-content\/uploads\/2023\/06\/foresta-dei-draghi-6-300x200.jpg' style='background-image:url(\"https:\/\/latemarium.com\/wp-content\/uploads\/2023\/06\/foresta-dei-draghi-6-300x200.jpg\")' ><\/span><\/span><span class='evoet_c2 evoet_cx '><span class='evoet_dayblock evcal_cblock ' data-bgcolor='#006290' data-smon='luglio' data-syr='2026' data-bub=''><span class='evo_start '><em class='date'>26<\/em><em class='month'>lug<\/em><em class='time'>11:00<\/em><\/span><\/span><\/span><span class='evoet_c3 evoet_cx evcal_desc hide_eventtopdata '><span class='evoet_title evcal_desc2 evcal_event_title ' itemprop='name'>Parola di Nikolaus Drache<\/span><span class='event_location_attrs' data-location_type=\"lonlat\" data-location_name=\"A monte della telecabina Predazzo-Gardon\u00e8\" data-location_url=\"https:\/\/latemarium.com\/it\/event-location\/a-monte-della-telecabina-predazzo-gardone\/\" data-location_status=\"true\" data-latlng=\"46.32878794406342,11.600176728690842\"><\/span><span class='evoet_subtitle evo_below_title' ><span class='evcal_event_subtitle ' >Spettacolo itinerante sul sentiero della Foresta dei Draghi<\/span><\/span><span class='evoet_time_expand level_3'><em class='evcal_time evo_tz_time'><i class='fa fa-clock-o'><\/i>11:00<span class='evo_tz marl5'>(GMT+02:00)<\/span><\/em> <\/span><span class='evoet_location level_3'><em class=\"evcal_location\"  data-latlng=\"46.32878794406342,11.600176728690842\" data-add_str=\"\" data-n=\"A monte della telecabina Predazzo-Gardon\u00e8\"><i class=\"fa fa-location-pin\"><\/i><em class=\"event_location_name\">A monte della telecabina Predazzo-Gardon\u00e8<\/em><\/em><\/span><\/span><span class='evoet_data' data-d=\"{&quot;loc.n&quot;:&quot;A monte della telecabina Predazzo-Gardon\\u00e8&quot;,&quot;orgs&quot;:[],&quot;tags&quot;:{&quot;repeating&quot;:&quot;Repeating Event&quot;}}\" data-bgc=\"#006290\" data-bggrad=\"\" ><\/span><\/a><\/p><div class='event_description evcal_eventcard ' style=\"display:none\"><div class='evocard_row'><div id='event_ftimage' class='evocard_box ftimage' data-c='' \n\t\t\t\t\tstyle=''><div class='evocard_main_image_hold' data-t='Loading Image..'><div class='evocard_main_image evo_img_triglb evobr15 evobgsc evobgpc evodfx evofx_jc_c evofx_ai_c evofz48 minmized' style='height:300px; background-image:url();' data-f=\"https:\/\/latemarium.com\/wp-content\/uploads\/2023\/06\/foresta-dei-draghi-6.jpg\" data-h=\"800\" data-w=\"1200\" data-ratio=\"0.66666666666667\" data-event_id=\"2120\" data-ri=\"6\"  data-t='Loading Image..'><span style='height:300px; background-image:url(https:\/\/latemarium.com\/wp-content\/uploads\/2023\/06\/foresta-dei-draghi-6.jpg)'><\/span><\/div><\/div><\/div><\/div><div class='evocard_row'><div id='event_eventdetails' class='evocard_box eventdetails' data-c='' \n\t\t\t\t\tstyle=''><div class='evo_metarow_details evorow evcal_evdata_row evcal_event_details'>\n\t\t<div class=\"event_excerpt\" style=\"display:none\"><h3 class=\"padb5 evo_h3\">Dettagli dell&#039;evento<\/h3><p>Saltano, corrono, strisciano, volano! Eppure\u2026 non \u00e8 facile vederli!\nSanno nascondersi bene\u2026 gli squamosi furbacchioni! Chi sono? Ma i draghi del Latemar! Incontrarne uno, anche uno solo, sar\u00e0 un\u2019esperienza meravigliosa!<\/p><\/div><span class='evcal_evdata_icons'><i class='fa fa-align-justify'><\/i><\/span>\n\t\t\n\t\t<div class='evcal_evdata_cell '>\n\t\t\t<div class='eventon_full_description'>\n\t\t\t\t<h3 class='padb5 evo_h3'><span class='evcal_evdata_icons'><i class='fa fa-align-justify'><\/i><\/span>Dettagli dell&#039;evento<\/h3>\n\t\t\t\t<div class='eventon_desc_in' itemprop='description'>\n\t\t\t\t<p>Saltano, corrono, strisciano, volano! Eppure\u2026 non \u00e8 facile vederli!<br \/>\nSanno nascondersi bene\u2026 gli squamosi furbacchioni! Chi sono? Ma i draghi del Latemar! Incontrarne uno, anche uno solo, sar\u00e0 un\u2019esperienza meravigliosa! Parola di Nikolaus Drache.<\/p>\n<p>domenica e luned\u00ec: dal 5 luglio al 24 agosto 2026<br \/>\na monte della telecabina Predazzo-Gardon\u00e8<br \/>\nore 11.00 e ore 14.30<br \/>\nspettacoli itineranti sul sentiero della Foresta dei Draghi<br \/>\nadatto a famiglie e bambini dai 2 anni in su\u00a0(durata 1h30\u2019)<\/p>\n<\/div><div class='clear'><\/div>\n\t\t\t<\/div>\n\t\t<\/div>\n\t<\/div><\/div><\/div><div class='evocard_row bx2 bx'><div id='event_time' class='evocard_box time' data-c='' \n\t\t\t\t\tstyle=''><div class='evo_metarow_time evorow evcal_evdata_row evcal_evrow_sm '>\n\t\t<span class='evcal_evdata_icons'><i class='fa fa-clock'><\/i><\/span>\n\t\t<div class='evcal_evdata_cell'>\t\t\t\t\t\t\t\n\t\t\t<h3 class='evo_h3'><span class='evcal_evdata_icons'><i class='fa fa-clock'><\/i><\/span>Orario<\/h3><p><span class='evo_eventcard_time_t'>26 luglio 2026 11:00<\/span><span class='evo_tz marr5'>(GMT+02:00)<\/span><\/p>\n\t\t<\/div>\n\t<\/div><\/div><div id='event_location' class='evocard_box location' data-c='' \n\t\t\t\t\tstyle=''><div class='evcal_evdata_row evo_metarow_time_location evorow '>\n\t\t\n\t\t\t<span class='evcal_evdata_icons'><i class='fa fa-map-marker'><\/i><\/span>\n\t\t\t<div class='evcal_evdata_cell' data-loc_tax_id='34'><h3 class='evo_h3 evodfx'><span class='evcal_evdata_icons'><i class='fa fa-map-marker'><\/i><\/span>Luogo<\/h3><p class='evo_location_name'>A monte della telecabina Predazzo-Gardon\u00e8<\/p><div class='padt10'><span class='evo_btn_arr evolb_trigger' data-lbvals=\"{&quot;lbc&quot;:&quot;evo_location_lb_34&quot;,&quot;lbac&quot;:&quot;lb_max&quot;,&quot;t&quot;:&quot;A monte della telecabina Predazzo-Gardon\\u00e8&quot;,&quot;ajax&quot;:&quot;yes&quot;,&quot;ajax_type&quot;:&quot;endpoint&quot;,&quot;ajax_action&quot;:&quot;eventon_get_tax_card_content&quot;,&quot;end&quot;:&quot;client&quot;,&quot;d&quot;:{&quot;lang&quot;:&quot;L1&quot;,&quot;term_id&quot;:34,&quot;tax&quot;:&quot;event_location&quot;,&quot;load_lbcontent&quot;:true},&quot;uid&quot;:&quot;eventon_get_tax_card_content&quot;}\" >Other Events<i class='fa fa-chevron-right'><\/i><\/span><\/div><\/div>\n\t\t\n\t<\/div><\/div><\/div><div class='evocard_row bx2 bx'><div id='event_learnmore' class='evocard_box learnmore' data-c='' \n\t\t\t\t\tstyle=''><div class='evo_metarow_learnM evo_metarow_learnmore evorow'>\n\t\t\t\t\t\t\t<a class='evcal_evdata_row evo_clik_row ' href='https:\/\/www.montagnanimata.it\/spettacoli\/' target=\"_blank\">\n\t\t\t\t\t\t\t\t<span class='evcal_evdata_icons'><i class='fa fa-link'><\/i><\/span>\n\t\t\t\t\t\t\t\t<h3 class='evo_h3'>Scopri di pi\u00f9<\/h3>\n\t\t\t\t\t\t\t<\/a>\n\t\t\t\t\t\t\t<\/div><\/div><div id='event_addtocal' class='evocard_box addtocal' data-c='' \n\t\t\t\t\tstyle=''><div class='evo_metarow_ICS evorow evcal_evdata_row'>\n\t\t\t<span class='evcal_evdata_icons'><i class='fa fa-calendar-o'><\/i><\/span>\n\t\t\t<div class='evcal_evdata_cell'>\n\t\t\t\t<p><a href='https:\/\/latemarium.com\/it\/export-events\/2120_6\/?nonce=a3263097f9' class='evo_ics_nCal' title='Aggiungi al tuo calendario'>Calendario<\/a><a href='https:\/\/www.google.com\/calendar\/event?action=TEMPLATE&text=Parola+di+Nikolaus+Drache&dates=20260726T090000Z%2F20260726T215900Z&ctz=Europe%2FRome&details=Parola di Nikolaus Drache&location=A+monte+della+telecabina+Predazzo-Gardon%C3%A8' target='_blank' class='evo_ics_gCal' title='Aggiungi al calendario di Google'>GoogleCal<\/a><\/p>\t\n\t\t\t<\/div>\n\t\t<\/div><\/div><\/div><div class='evocard_row'><div id='event_getdirection' class='evocard_box getdirection' data-c='' \n\t\t\t\t\tstyle=''><div class='evo_metarow_getDr evorow evcal_evdata_row evcal_evrow_sm getdirections'>\n\t\t<form action='https:\/\/maps.google.com\/maps' method='get' target='_blank'>\n\t\t\t<input type='hidden' name='daddr' value=\"46.32878794406342,11.600176728690842\"\/> \n\t\t\t<div class='evo_get_direction_content evo_fx_dr_r evogap10'>\n\t\t\t\t<span class='evogetdir_header evodfx evofx_dr_r evofx_ai_c marr10'>\n\t\t\t\t\t<i class='mainicon fa fa-road'><\/i> \n\t\t\t\t\t<h3 class='evo_h3' style='padding-bottom:5px;'>Ottieni indicazioni stradali<\/h3>\n\t\t\t\t<\/span>\n\t\t\t\t<span class='evogetdir_field evodfx evofx_1_1 evo_fx_dr_c evow100p'>\t\t\t\t\t\n\t\t\t\t\t<input class='evoInput evotac' type='text' name='saddr' placeholder='Digitare l&#039;indirizzo per ottenere le indicazioni stradali' value='' style='margin:10px 0;'\/>\n\t\t\t\t<\/span>\n\t\t\t\t<button type='submit' class='evo_get_direction_button evo_btn_arr_circ dfx fx_ai_c' title='Fare clic qui per ottenere indicazioni'><i class='fa fa-chevron-right'><\/i> <\/button>\n\t\t\t<\/div>\n\t\t<\/form>\n\t<\/div><\/div><\/div><div class='evo_card_row_end evcal_close' title='Testo del pulsante Chiudi evento'><\/div><\/div><div class='clear end'><\/div><\/div><div id=\"event_2149_9\" class=\"eventon_list_event evo_eventtop scheduled  event clrW no_et event_2149_9\" data-event_id=\"2149\" data-ri=\"9r\" data-time=\"1785072000-1785103140\" data-colr=\"#b8d989\" itemscope itemtype='http:\/\/schema.org\/Event'><div class=\"evo_event_schema\" style=\"display:none\" ><a itemprop='url'  href='https:\/\/latemarium.com\/it\/events\/i-suoni-e-la-vita-della-malga\/var\/ri-9.l-L1'><\/a><meta itemprop='image' content=\"https:\/\/latemarium.com\/wp-content\/uploads\/2023\/06\/suoni-vita-malga.jpg\" \/><meta itemprop='startDate' content=\"2026-7-26T15:20+0:00\" \/><meta itemprop='endDate' content=\"2026-7-26T23:59+0:00\" \/><meta itemprop='eventStatus' content=\"https:\/\/schema.org\/EventScheduled\" \/><meta itemprop='eventAttendanceMode'   itemscope itemtype=\"https:\/\/schema.org\/OfflineEventAttendanceMode\"\/><div style=\"display:none\" itemprop=\"location\" itemscope itemtype=\"http:\/\/schema.org\/Place\"><span itemprop=\"name\">Pampeago<\/span><span itemprop=\"address\" itemscope itemtype=\"http:\/\/schema.org\/PostalAddress\"><item itemprop=\"streetAddress\">Localit\u00e0 Pampeago, 8, 38038 Tesero TN<\/item><\/span><\/div><script type=\"application\/ld+json\">{\"@context\": \"http:\/\/schema.org\",\"@type\": \"Event\",\n\t\t\t\t\"@id\": \"event_2149_9\",\n\t\t\t\t\"eventAttendanceMode\":\"https:\/\/schema.org\/OfflineEventAttendanceMode\",\n\t\t\t\t\"eventStatus\":\"https:\/\/schema.org\/EventScheduled\",\n\t\t\t\t\"name\": \"I suoni e la vita della malga\",\n\t\t\t\t\"url\": \"https:\/\/latemarium.com\/it\/events\/i-suoni-e-la-vita-della-malga\/var\/ri-9.l-L1\",\n\t\t\t\t\"startDate\": \"2026-7-26T15:20+0:00\",\n\t\t\t\t\"endDate\": \"2026-7-26T23:59+0:00\",\n\t\t\t\t\"image\":\"https:\/\/latemarium.com\/wp-content\/uploads\/2023\/06\/suoni-vita-malga.jpg\", \n\t\t\t\t\"description\":\"<p>Ritrovo presso parcheggio seggiovia Tresca (raggiungibile in auto da Pampeago \u2013 SOLO per chi prenota l&#8217;attivit\u00e0).<\/p> <p>Dopo una breve passeggiata fino a Malga Pampeago, bambini e genitori scoprono la vita e i suoni quotidiani che scandiscono la vita dei malgari, fra mucche, vitellini, asinelli e maiali.<\/p> <p>A fine attivit\u00e0 ci sar\u00e0 una piccola merenda che i bambini potranno gustarsi o portarsi a casa.<\/p> <p>Attivit\u00e0 possibile anche con passeggino country.<\/p> <p>Prenotazione obbligatoria.<\/p> <p>Prenotazione obbligatoria. Clicca <a href='https:\/\/www.visitfiemme.it\/it\/eventi\/fiemme-cembra-guest-card\/esperienze\/esperienze-in-estate?re-product-id=211655' target='_blank' rel='noopener'>qui<\/a>\u00a0per prenotare.<\/p> \",\"location\":[{\"@type\":\"Place\",\"name\":\"Pampeago\",\"address\":{\"@type\": \"PostalAddress\",\"streetAddress\":\"Localit\u00e0 Pampeago, 8, 38038 Tesero TN\"}}]}<\/script><\/div>\r\n\t\t\t\t<p class=\"desc_trig_outter\" style=\"\"><a data-gmtrig=\"1\" data-exlk=\"0\" style=\"background-color: #b8d989;\" id=\"evc_17850720002149\" class=\"hasFtIMG event_repeat desc_trig sin_val evcal_list_a\" data-ux_val=\"3\" data-ux_val_mob=\"-\"  ><span class='evoet_c1 evoet_cx '><span class='ev_ftImg' data-img='https:\/\/latemarium.com\/wp-content\/uploads\/2023\/06\/suoni-vita-malga.jpg' data-thumb='https:\/\/latemarium.com\/wp-content\/uploads\/2023\/06\/suoni-vita-malga-300x225.jpg' style='background-image:url(\"https:\/\/latemarium.com\/wp-content\/uploads\/2023\/06\/suoni-vita-malga-300x225.jpg\")' ><\/span><\/span><span class='evoet_c2 evoet_cx '><span class='evoet_dayblock evcal_cblock ' data-bgcolor='#b8d989' data-smon='luglio' data-syr='2026' data-bub=''><span class='evo_start '><em class='date'>26<\/em><em class='month'>lug<\/em><em class='time'>15:20<\/em><\/span><\/span><\/span><span class='evoet_c3 evoet_cx evcal_desc hide_eventtopdata '><span class='evoet_title evcal_desc2 evcal_event_title ' itemprop='name'>I suoni e la vita della malga<\/span><span class='event_location_attrs'  data-location_address=\"Localit\u00e0 Pampeago, 8, 38038 Tesero TN\" data-location_type=\"lonlat\" data-location_name=\"Pampeago\" data-location_url=\"https:\/\/latemarium.com\/it\/event-location\/pampeago\/\" data-location_status=\"true\" data-latlng=\"46.34343697644898,11.540997527961546\"><\/span><span class='evoet_subtitle evo_below_title' ><span class='evcal_event_subtitle ' >Alla scoperta della vita dei malgari<\/span><\/span><span class='evoet_time_expand level_3'><em class='evcal_time evo_tz_time'><i class='fa fa-clock-o'><\/i>15:20<span class='evo_tz marl5'>(GMT+02:00)<\/span><\/em> <\/span><span class='evoet_location level_3'><em class=\"evcal_location\"  data-latlng=\"46.34343697644898,11.540997527961546\" data-add_str=\"Localit\u00e0 Pampeago, 8, 38038 Tesero TN\" data-n=\"Pampeago\"><i class=\"fa fa-location-pin\"><\/i><em class=\"event_location_name\">Pampeago<\/em>, Localit\u00e0 Pampeago, 8, 38038 Tesero TN<\/em><\/span><\/span><span class='evoet_data' data-d=\"{&quot;loc.n&quot;:&quot;Pampeago&quot;,&quot;orgs&quot;:[],&quot;tags&quot;:{&quot;repeating&quot;:&quot;Repeating Event&quot;}}\" data-bgc=\"#b8d989\" data-bggrad=\"\" ><\/span><\/a><\/p><div class='event_description evcal_eventcard ' style=\"display:none\"><div class='evocard_row'><div id='event_ftimage' class='evocard_box ftimage' data-c='' \n\t\t\t\t\tstyle=''><div class='evocard_main_image_hold' data-t='Loading Image..'><div class='evocard_main_image evo_img_triglb evobr15 evobgsc evobgpc evodfx evofx_jc_c evofx_ai_c evofz48 minmized' style='height:300px; background-image:url();' data-f=\"https:\/\/latemarium.com\/wp-content\/uploads\/2023\/06\/suoni-vita-malga.jpg\" data-h=\"796\" data-w=\"1062\" data-ratio=\"0.74952919020716\" data-event_id=\"2149\" data-ri=\"9\"  data-t='Loading Image..'><span style='height:300px; background-image:url(https:\/\/latemarium.com\/wp-content\/uploads\/2023\/06\/suoni-vita-malga.jpg)'><\/span><\/div><\/div><\/div><\/div><div class='evocard_row'><div id='event_eventdetails' class='evocard_box eventdetails' data-c='' \n\t\t\t\t\tstyle=''><div class='evo_metarow_details evorow evcal_evdata_row evcal_event_details'>\n\t\t<div class=\"event_excerpt\" style=\"display:none\"><h3 class=\"padb5 evo_h3\">Dettagli dell&#039;evento<\/h3><p>Ritrovo presso parcheggio seggiovia Tresca (raggiungibile in auto da Pampeago \u2013 SOLO per chi prenota l&#8217;attivit\u00e0).\nDopo una breve passeggiata fino a Malga Pampeago, bambini e genitori scoprono la vita e<\/p><\/div><span class='evcal_evdata_icons'><i class='fa fa-align-justify'><\/i><\/span>\n\t\t\n\t\t<div class='evcal_evdata_cell shorter_desc'>\n\t\t\t<div class='eventon_full_description'>\n\t\t\t\t<h3 class='padb5 evo_h3'><span class='evcal_evdata_icons'><i class='fa fa-align-justify'><\/i><\/span>Dettagli dell&#039;evento<\/h3>\n\t\t\t\t<div class='eventon_desc_in' itemprop='description'>\n\t\t\t\t<p>Ritrovo presso parcheggio seggiovia Tresca (raggiungibile in auto da Pampeago \u2013 SOLO per chi prenota l&#8217;attivit\u00e0).<\/p>\n<p>Dopo una breve passeggiata fino a Malga Pampeago, bambini e genitori scoprono la vita e i suoni quotidiani che scandiscono la vita dei malgari, fra mucche, vitellini, asinelli e maiali.<\/p>\n<p>A fine attivit\u00e0 ci sar\u00e0 una piccola merenda che i bambini potranno gustarsi o portarsi a casa.<\/p>\n<p>Attivit\u00e0 possibile anche con passeggino country.<\/p>\n<p>Prenotazione obbligatoria.<\/p>\n<p>Prenotazione obbligatoria. Clicca <a href=\"https:\/\/www.visitfiemme.it\/it\/eventi\/fiemme-cembra-guest-card\/esperienze\/esperienze-in-estate?re-product-id=211655\" target=\"_blank\" rel=\"noopener\">qui<\/a>\u00a0per prenotare.<\/p>\n<\/div><p class='eventon_shad_p' style='padding:5px 0 0; margin:0'>\n\t\t\t<span class='evcal_btn evo_btn_secondary evobtn_details_show_more' content='less'>\n\t\t\t\t<span class='ev_more_text' data-txt='Meno'>Pi\u00f9<\/span><span class='ev_more_arrow ard'><\/span>\n\t\t\t<\/span>\n\t\t<\/p><div class='clear'><\/div>\n\t\t\t<\/div>\n\t\t<\/div>\n\t<\/div><\/div><\/div><div class='evocard_row bx2 bx'><div id='event_time' class='evocard_box time' data-c='' \n\t\t\t\t\tstyle=''><div class='evo_metarow_time evorow evcal_evdata_row evcal_evrow_sm '>\n\t\t<span class='evcal_evdata_icons'><i class='fa fa-clock'><\/i><\/span>\n\t\t<div class='evcal_evdata_cell'>\t\t\t\t\t\t\t\n\t\t\t<h3 class='evo_h3'><span class='evcal_evdata_icons'><i class='fa fa-clock'><\/i><\/span>Orario<\/h3><p><span class='evo_eventcard_time_t'>26 luglio 2026 15:20<\/span><span class='evo_tz marr5'>(GMT+02:00)<\/span><\/p>\n\t\t<\/div>\n\t<\/div><\/div><div id='event_location' class='evocard_box location' data-c='' \n\t\t\t\t\tstyle=''><div class='evcal_evdata_row evo_metarow_time_location evorow '>\n\t\t\n\t\t\t<span class='evcal_evdata_icons'><i class='fa fa-map-marker'><\/i><\/span>\n\t\t\t<div class='evcal_evdata_cell' data-loc_tax_id='30'><h3 class='evo_h3 evodfx'><span class='evcal_evdata_icons'><i class='fa fa-map-marker'><\/i><\/span>Luogo<\/h3><p class='evo_location_name'>Pampeago<\/p><p class='evo_location_address evodfxi evogap10'>Localit\u00e0 Pampeago, 8, 38038 Tesero TN<\/p><div class='padt10'><span class='evo_btn_arr evolb_trigger' data-lbvals=\"{&quot;lbc&quot;:&quot;evo_location_lb_30&quot;,&quot;lbac&quot;:&quot;lb_max&quot;,&quot;t&quot;:&quot;Pampeago&quot;,&quot;ajax&quot;:&quot;yes&quot;,&quot;ajax_type&quot;:&quot;endpoint&quot;,&quot;ajax_action&quot;:&quot;eventon_get_tax_card_content&quot;,&quot;end&quot;:&quot;client&quot;,&quot;d&quot;:{&quot;lang&quot;:&quot;L1&quot;,&quot;term_id&quot;:30,&quot;tax&quot;:&quot;event_location&quot;,&quot;load_lbcontent&quot;:true},&quot;uid&quot;:&quot;eventon_get_tax_card_content&quot;}\" >Other Events<i class='fa fa-chevron-right'><\/i><\/span><\/div><\/div>\n\t\t\n\t<\/div><\/div><\/div><div class='evocard_row'><div id='event_addtocal' class='evocard_box addtocal' data-c='' \n\t\t\t\t\tstyle=''><div class='evo_metarow_ICS evorow evcal_evdata_row'>\n\t\t\t<span class='evcal_evdata_icons'><i class='fa fa-calendar-o'><\/i><\/span>\n\t\t\t<div class='evcal_evdata_cell'>\n\t\t\t\t<p><a href='https:\/\/latemarium.com\/it\/export-events\/2149_9\/?nonce=a3263097f9' class='evo_ics_nCal' title='Aggiungi al tuo calendario'>Calendario<\/a><a href='https:\/\/www.google.com\/calendar\/event?action=TEMPLATE&text=I+suoni+e+la+vita+della+malga&dates=20260726T132000Z%2F20260726T215900Z&ctz=Europe%2FRome&details=I suoni e la vita della malga&location=Pampeago+Localit%C3%A0+Pampeago%2C+8%2C+38038+Tesero+TN' target='_blank' class='evo_ics_gCal' title='Aggiungi al calendario di Google'>GoogleCal<\/a><\/p>\t\n\t\t\t<\/div>\n\t\t<\/div><\/div><\/div><div class='evocard_row'><div id='event_getdirection' class='evocard_box getdirection' data-c='' \n\t\t\t\t\tstyle=''><div class='evo_metarow_getDr evorow evcal_evdata_row evcal_evrow_sm getdirections'>\n\t\t<form action='https:\/\/maps.google.com\/maps' method='get' target='_blank'>\n\t\t\t<input type='hidden' name='daddr' value=\"46.34343697644898,11.540997527961546\"\/> \n\t\t\t<div class='evo_get_direction_content evo_fx_dr_r evogap10'>\n\t\t\t\t<span class='evogetdir_header evodfx evofx_dr_r evofx_ai_c marr10'>\n\t\t\t\t\t<i class='mainicon fa fa-road'><\/i> \n\t\t\t\t\t<h3 class='evo_h3' style='padding-bottom:5px;'>Ottieni indicazioni stradali<\/h3>\n\t\t\t\t<\/span>\n\t\t\t\t<span class='evogetdir_field evodfx evofx_1_1 evo_fx_dr_c evow100p'>\t\t\t\t\t\n\t\t\t\t\t<input class='evoInput evotac' type='text' name='saddr' placeholder='Digitare l&#039;indirizzo per ottenere le indicazioni stradali' value='' style='margin:10px 0;'\/>\n\t\t\t\t<\/span>\n\t\t\t\t<button type='submit' class='evo_get_direction_button evo_btn_arr_circ dfx fx_ai_c' title='Fare clic qui per ottenere indicazioni'><i class='fa fa-chevron-right'><\/i> <\/button>\n\t\t\t<\/div>\n\t\t<\/form>\n\t<\/div><\/div><\/div><div class='evo_card_row_end evcal_close' title='Testo del pulsante Chiudi evento'><\/div><\/div><div class='clear end'><\/div><\/div><div id=\"event_2114_4\" class=\"eventon_list_event evo_eventtop scheduled  event clrW no_et event_2114_4\" data-event_id=\"2114\" data-ri=\"4r\" data-time=\"1785137400-1785189540\" data-colr=\"#ffa024\" itemscope itemtype='http:\/\/schema.org\/Event'><div class=\"evo_event_schema\" style=\"display:none\" ><a itemprop='url'  href='https:\/\/latemarium.com\/it\/events\/geotrekking-monte-agnello\/var\/ri-4.l-L1'><\/a><meta itemprop='image' content=\"https:\/\/latemarium.com\/wp-content\/uploads\/2023\/06\/geotrail-monte-agnello.jpg\" \/><meta itemprop='startDate' content=\"2026-7-27T09:30+0:00\" \/><meta itemprop='endDate' content=\"2026-7-27T23:59+0:00\" \/><meta itemprop='eventStatus' content=\"https:\/\/schema.org\/EventScheduled\" \/><meta itemprop='eventAttendanceMode'   itemscope itemtype=\"https:\/\/schema.org\/OfflineEventAttendanceMode\"\/><div style=\"display:none\" itemprop=\"location\" itemscope itemtype=\"http:\/\/schema.org\/Place\"><span itemprop=\"name\">Rifugio Agnello<\/span><span itemprop=\"address\" itemscope itemtype=\"http:\/\/schema.org\/PostalAddress\"><item itemprop=\"streetAddress\">Loc. Pampeago, 9, 38038 Tesero TN<\/item><\/span><\/div><script type=\"application\/ld+json\">{\"@context\": \"http:\/\/schema.org\",\"@type\": \"Event\",\n\t\t\t\t\"@id\": \"event_2114_4\",\n\t\t\t\t\"eventAttendanceMode\":\"https:\/\/schema.org\/OfflineEventAttendanceMode\",\n\t\t\t\t\"eventStatus\":\"https:\/\/schema.org\/EventScheduled\",\n\t\t\t\t\"name\": \"Geotrekking Monte Agnello\",\n\t\t\t\t\"url\": \"https:\/\/latemarium.com\/it\/events\/geotrekking-monte-agnello\/var\/ri-4.l-L1\",\n\t\t\t\t\"startDate\": \"2026-7-27T09:30+0:00\",\n\t\t\t\t\"endDate\": \"2026-7-27T23:59+0:00\",\n\t\t\t\t\"image\":\"https:\/\/latemarium.com\/wp-content\/uploads\/2023\/06\/geotrail-monte-agnello.jpg\", \n\t\t\t\t\"description\":\"<p><strong>Scenografico itinerario geologico<\/strong> ad anello alla scoperta dell\u2019antico vulcano di Predazzo, guidati da un esperto Geologo e Accompagnatore di Media Montagna.<\/p> <p>Una camminata sulle tracce della Pompei del Triassico del Monte Agnello, dove lave, ceneri e lapilli hanno seppellito un antico atollo tropicale.<\/p> <p>Il percorso \u00e8 semplice, con sentieri ben percorribili, dislivello 350 metri circa.<\/p> <p><strong>Prenotazione obbligatoria<\/strong>.<\/p> <p>Attivit\u00e0 gratuita.<\/p> <p>Clicca <a href='https:\/\/www.visitfiemme.it\/it\/eventi\/fiemme-cembra-guest-card\/esperienze\/esperienze-in-estate?re-product-id=211508' target='_blank' rel='noopener'>qui<\/a>\u00a0per prenotare.<\/p> \",\"location\":[{\"@type\":\"Place\",\"name\":\"Rifugio Agnello\",\"address\":{\"@type\": \"PostalAddress\",\"streetAddress\":\"Loc. Pampeago, 9, 38038 Tesero TN\"}}]}<\/script><\/div>\r\n\t\t\t\t<p class=\"desc_trig_outter\" style=\"\"><a data-gmtrig=\"1\" data-exlk=\"0\" style=\"background-color: #ffa024;\" id=\"evc_17851374002114\" class=\"hasFtIMG event_repeat desc_trig sin_val evcal_list_a\" data-ux_val=\"3\" data-ux_val_mob=\"-\"  ><span class='evoet_c1 evoet_cx '><span class='ev_ftImg' data-img='https:\/\/latemarium.com\/wp-content\/uploads\/2023\/06\/geotrail-monte-agnello.jpg' data-thumb='https:\/\/latemarium.com\/wp-content\/uploads\/2023\/06\/geotrail-monte-agnello-300x240.jpg' style='background-image:url(\"https:\/\/latemarium.com\/wp-content\/uploads\/2023\/06\/geotrail-monte-agnello-300x240.jpg\")' ><\/span><\/span><span class='evoet_c2 evoet_cx '><span class='evoet_dayblock evcal_cblock ' data-bgcolor='#ffa024' data-smon='luglio' data-syr='2026' data-bub=''><span class='evo_start '><em class='date'>27<\/em><em class='month'>lug<\/em><em class='time'>09:30<\/em><\/span><\/span><\/span><span class='evoet_c3 evoet_cx evcal_desc hide_eventtopdata '><span class='evoet_title evcal_desc2 evcal_event_title ' itemprop='name'>Geotrekking Monte Agnello<\/span><span class='event_location_attrs'  data-location_address=\"Loc. Pampeago, 9, 38038 Tesero TN\" data-location_type=\"lonlat\" data-location_name=\"Rifugio Agnello\" data-location_url=\"https:\/\/latemarium.com\/it\/event-location\/rifugio-agnello\/\" data-location_status=\"true\" data-latlng=\"46.333809095680266,11.547693182509184\"><\/span><span class='evoet_subtitle evo_below_title' ><span class='evcal_event_subtitle ' >itinerario geologico ad anello alla scoperta dell\u2019antico vulcano di Predazzo<\/span><\/span><span class='evoet_time_expand level_3'><em class='evcal_time evo_tz_time'><i class='fa fa-clock-o'><\/i>09:30<span class='evo_tz marl5'>(GMT+02:00)<\/span><\/em> <\/span><span class='evoet_location level_3'><em class=\"evcal_location\"  data-latlng=\"46.333809095680266,11.547693182509184\" data-add_str=\"Loc. Pampeago, 9, 38038 Tesero TN\" data-n=\"Rifugio Agnello\"><i class=\"fa fa-location-pin\"><\/i><em class=\"event_location_name\">Rifugio Agnello<\/em>, Loc. Pampeago, 9, 38038 Tesero TN<\/em><\/span><\/span><span class='evoet_data' data-d=\"{&quot;loc.n&quot;:&quot;Rifugio Agnello&quot;,&quot;orgs&quot;:[],&quot;tags&quot;:{&quot;repeating&quot;:&quot;Repeating Event&quot;}}\" data-bgc=\"#ffa024\" data-bggrad=\"\" ><\/span><\/a><\/p><div class='event_description evcal_eventcard ' style=\"display:none\"><div class='evocard_row'><div id='event_ftimage' class='evocard_box ftimage' data-c='' \n\t\t\t\t\tstyle=''><div class='evocard_main_image_hold' data-t='Loading Image..'><div class='evocard_main_image evo_img_triglb evobr15 evobgsc evobgpc evodfx evofx_jc_c evofx_ai_c evofz48 minmized' style='height:300px; background-image:url();' data-f=\"https:\/\/latemarium.com\/wp-content\/uploads\/2023\/06\/geotrail-monte-agnello.jpg\" data-h=\"528\" data-w=\"661\" data-ratio=\"0.79878971255673\" data-event_id=\"2114\" data-ri=\"4\"  data-t='Loading Image..'><span style='height:300px; background-image:url(https:\/\/latemarium.com\/wp-content\/uploads\/2023\/06\/geotrail-monte-agnello.jpg)'><\/span><\/div><\/div><\/div><\/div><div class='evocard_row'><div id='event_eventdetails' class='evocard_box eventdetails' data-c='' \n\t\t\t\t\tstyle=''><div class='evo_metarow_details evorow evcal_evdata_row evcal_event_details'>\n\t\t<div class=\"event_excerpt\" style=\"display:none\"><h3 class=\"padb5 evo_h3\">Dettagli dell&#039;evento<\/h3><p>Scenografico itinerario geologico ad anello alla scoperta dell\u2019antico vulcano di Predazzo, guidati da un esperto Geologo e Accompagnatore di Media Montagna.\nUna camminata sulle tracce della Pompei del Triassico del Monte<\/p><\/div><span class='evcal_evdata_icons'><i class='fa fa-align-justify'><\/i><\/span>\n\t\t\n\t\t<div class='evcal_evdata_cell shorter_desc'>\n\t\t\t<div class='eventon_full_description'>\n\t\t\t\t<h3 class='padb5 evo_h3'><span class='evcal_evdata_icons'><i class='fa fa-align-justify'><\/i><\/span>Dettagli dell&#039;evento<\/h3>\n\t\t\t\t<div class='eventon_desc_in' itemprop='description'>\n\t\t\t\t<p><strong>Scenografico itinerario geologico<\/strong> ad anello alla scoperta dell\u2019antico vulcano di Predazzo, guidati da un esperto Geologo e Accompagnatore di Media Montagna.<\/p>\n<p>Una camminata sulle tracce della Pompei del Triassico del Monte Agnello, dove lave, ceneri e lapilli hanno seppellito un antico atollo tropicale.<\/p>\n<p>Il percorso \u00e8 semplice, con sentieri ben percorribili, dislivello 350 metri circa.<\/p>\n<p><strong>Prenotazione obbligatoria<\/strong>.<\/p>\n<p>Attivit\u00e0 gratuita.<\/p>\n<p>Clicca <a href=\"https:\/\/www.visitfiemme.it\/it\/eventi\/fiemme-cembra-guest-card\/esperienze\/esperienze-in-estate?re-product-id=211508\" target=\"_blank\" rel=\"noopener\">qui<\/a>\u00a0per prenotare.<\/p>\n<\/div><p class='eventon_shad_p' style='padding:5px 0 0; margin:0'>\n\t\t\t<span class='evcal_btn evo_btn_secondary evobtn_details_show_more' content='less'>\n\t\t\t\t<span class='ev_more_text' data-txt='Meno'>Pi\u00f9<\/span><span class='ev_more_arrow ard'><\/span>\n\t\t\t<\/span>\n\t\t<\/p><div class='clear'><\/div>\n\t\t\t<\/div>\n\t\t<\/div>\n\t<\/div><\/div><\/div><div class='evocard_row bx2 bx'><div id='event_time' class='evocard_box time' data-c='' \n\t\t\t\t\tstyle=''><div class='evo_metarow_time evorow evcal_evdata_row evcal_evrow_sm '>\n\t\t<span class='evcal_evdata_icons'><i class='fa fa-clock'><\/i><\/span>\n\t\t<div class='evcal_evdata_cell'>\t\t\t\t\t\t\t\n\t\t\t<h3 class='evo_h3'><span class='evcal_evdata_icons'><i class='fa fa-clock'><\/i><\/span>Orario<\/h3><p><span class='evo_eventcard_time_t'>27 luglio 2026 09:30<\/span><span class='evo_tz marr5'>(GMT+02:00)<\/span><\/p>\n\t\t<\/div>\n\t<\/div><\/div><div id='event_location' class='evocard_box location' data-c='' \n\t\t\t\t\tstyle=''><div class='evcal_evdata_row evo_metarow_time_location evorow '>\n\t\t\n\t\t\t<span class='evcal_evdata_icons'><i class='fa fa-map-marker'><\/i><\/span>\n\t\t\t<div class='evcal_evdata_cell' data-loc_tax_id='24'><h3 class='evo_h3 evodfx'><span class='evcal_evdata_icons'><i class='fa fa-map-marker'><\/i><\/span><a target=\"_blank\" href=\"https:\/\/www.facebook.com\/profile.php?id=100064742944609\">Luogo<\/a><\/h3><p class='evo_location_name'><a target=\"_blank\" href=\"https:\/\/www.facebook.com\/profile.php?id=100064742944609\">Rifugio Agnello<\/a><\/p><p class='evo_location_address evodfxi evogap10'><a target=\"_blank\" href=\"https:\/\/www.facebook.com\/profile.php?id=100064742944609\">Loc. Pampeago, 9, 38038 Tesero TN<\/a><\/p><div class='padt10'><span class='evo_btn_arr evolb_trigger' data-lbvals=\"{&quot;lbc&quot;:&quot;evo_location_lb_24&quot;,&quot;lbac&quot;:&quot;lb_max&quot;,&quot;t&quot;:&quot;Rifugio Agnello&quot;,&quot;ajax&quot;:&quot;yes&quot;,&quot;ajax_type&quot;:&quot;endpoint&quot;,&quot;ajax_action&quot;:&quot;eventon_get_tax_card_content&quot;,&quot;end&quot;:&quot;client&quot;,&quot;d&quot;:{&quot;lang&quot;:&quot;L1&quot;,&quot;term_id&quot;:24,&quot;tax&quot;:&quot;event_location&quot;,&quot;load_lbcontent&quot;:true},&quot;uid&quot;:&quot;eventon_get_tax_card_content&quot;}\" >Other Events<i class='fa fa-chevron-right'><\/i><\/span><\/div><\/div>\n\t\t\n\t<\/div><\/div><\/div><div class='evocard_row bx2 bx'><div id='event_learnmore' class='evocard_box learnmore' data-c='' \n\t\t\t\t\tstyle=''><div class='evo_metarow_learnM evo_metarow_learnmore evorow'>\n\t\t\t\t\t\t\t<a class='evcal_evdata_row evo_clik_row ' href='https:\/\/latemarium.com\/it\/excursions\/detail\/geotrail-monte-agnello\/' target=\"_blank\">\n\t\t\t\t\t\t\t\t<span class='evcal_evdata_icons'><i class='fa fa-link'><\/i><\/span>\n\t\t\t\t\t\t\t\t<h3 class='evo_h3'>Scopri di pi\u00f9<\/h3>\n\t\t\t\t\t\t\t<\/a>\n\t\t\t\t\t\t\t<\/div><\/div><div id='event_addtocal' class='evocard_box addtocal' data-c='' \n\t\t\t\t\tstyle=''><div class='evo_metarow_ICS evorow evcal_evdata_row'>\n\t\t\t<span class='evcal_evdata_icons'><i class='fa fa-calendar-o'><\/i><\/span>\n\t\t\t<div class='evcal_evdata_cell'>\n\t\t\t\t<p><a href='https:\/\/latemarium.com\/it\/export-events\/2114_4\/?nonce=a3263097f9' class='evo_ics_nCal' title='Aggiungi al tuo calendario'>Calendario<\/a><a href='https:\/\/www.google.com\/calendar\/event?action=TEMPLATE&text=Geotrekking+Monte+Agnello&dates=20260727T073000Z%2F20260727T215900Z&ctz=Europe%2FRome&details=Geotrekking Monte Agnello&location=Rifugio+Agnello+Loc.+Pampeago%2C+9%2C+38038+Tesero+TN' target='_blank' class='evo_ics_gCal' title='Aggiungi al calendario di Google'>GoogleCal<\/a><\/p>\t\n\t\t\t<\/div>\n\t\t<\/div><\/div><\/div><div class='evocard_row'><div id='event_getdirection' class='evocard_box getdirection' data-c='' \n\t\t\t\t\tstyle=''><div class='evo_metarow_getDr evorow evcal_evdata_row evcal_evrow_sm getdirections'>\n\t\t<form action='https:\/\/maps.google.com\/maps' method='get' target='_blank'>\n\t\t\t<input type='hidden' name='daddr' value=\"46.333809095680266,11.547693182509184\"\/> \n\t\t\t<div class='evo_get_direction_content evo_fx_dr_r evogap10'>\n\t\t\t\t<span class='evogetdir_header evodfx evofx_dr_r evofx_ai_c marr10'>\n\t\t\t\t\t<i class='mainicon fa fa-road'><\/i> \n\t\t\t\t\t<h3 class='evo_h3' style='padding-bottom:5px;'>Ottieni indicazioni stradali<\/h3>\n\t\t\t\t<\/span>\n\t\t\t\t<span class='evogetdir_field evodfx evofx_1_1 evo_fx_dr_c evow100p'>\t\t\t\t\t\n\t\t\t\t\t<input class='evoInput evotac' type='text' name='saddr' placeholder='Digitare l&#039;indirizzo per ottenere le indicazioni stradali' value='' style='margin:10px 0;'\/>\n\t\t\t\t<\/span>\n\t\t\t\t<button type='submit' class='evo_get_direction_button evo_btn_arr_circ dfx fx_ai_c' title='Fare clic qui per ottenere indicazioni'><i class='fa fa-chevron-right'><\/i> <\/button>\n\t\t\t<\/div>\n\t\t<\/form>\n\t<\/div><\/div><\/div><div class='evo_card_row_end evcal_close' title='Testo del pulsante Chiudi evento'><\/div><\/div><div class='clear end'><\/div><\/div><div id=\"event_2120_7\" class=\"eventon_list_event evo_eventtop scheduled  event clrD no_et event_2120_7\" data-event_id=\"2120\" data-ri=\"7r\" data-time=\"1785142800-1785189540\" data-colr=\"#006290\" itemscope itemtype='http:\/\/schema.org\/Event'><div class=\"evo_event_schema\" style=\"display:none\" ><a itemprop='url'  href='https:\/\/latemarium.com\/it\/events\/parola-di-nikolaus-drache\/var\/ri-7.l-L1'><\/a><meta itemprop='image' content=\"https:\/\/latemarium.com\/wp-content\/uploads\/2023\/06\/foresta-dei-draghi-6.jpg\" \/><meta itemprop='startDate' content=\"2026-7-27T11:00+0:00\" \/><meta itemprop='endDate' content=\"2026-7-27T23:59+0:00\" \/><meta itemprop='eventStatus' content=\"https:\/\/schema.org\/EventScheduled\" \/><meta itemprop='eventAttendanceMode'   itemscope itemtype=\"https:\/\/schema.org\/OfflineEventAttendanceMode\"\/><script type=\"application\/ld+json\">{\"@context\": \"http:\/\/schema.org\",\"@type\": \"Event\",\n\t\t\t\t\"@id\": \"event_2120_7\",\n\t\t\t\t\"eventAttendanceMode\":\"https:\/\/schema.org\/OfflineEventAttendanceMode\",\n\t\t\t\t\"eventStatus\":\"https:\/\/schema.org\/EventScheduled\",\n\t\t\t\t\"name\": \"Parola di Nikolaus Drache\",\n\t\t\t\t\"url\": \"https:\/\/latemarium.com\/it\/events\/parola-di-nikolaus-drache\/var\/ri-7.l-L1\",\n\t\t\t\t\"startDate\": \"2026-7-27T11:00+0:00\",\n\t\t\t\t\"endDate\": \"2026-7-27T23:59+0:00\",\n\t\t\t\t\"image\":\"https:\/\/latemarium.com\/wp-content\/uploads\/2023\/06\/foresta-dei-draghi-6.jpg\", \n\t\t\t\t\"description\":\"<p>Saltano, corrono, strisciano, volano! Eppure\u2026 non \u00e8 facile vederli!<br \/> Sanno nascondersi bene\u2026 gli squamosi furbacchioni! Chi sono? Ma i draghi del Latemar! Incontrarne uno, anche uno solo, sar\u00e0 un\u2019esperienza meravigliosa! Parola di Nikolaus Drache.<\/p> <p>domenica e luned\u00ec: dal 5 luglio al 24 agosto 2026<br \/> a monte della telecabina Predazzo-Gardon\u00e8<br \/> ore 11.00 e ore 14.30<br \/> spettacoli itineranti sul sentiero della Foresta dei Draghi<br \/> adatto a famiglie e bambini dai 2 anni in su\u00a0(durata 1h30\u2019)<\/p> \"}<\/script><\/div>\r\n\t\t\t\t<p class=\"desc_trig_outter\" style=\"\"><a data-gmap_status=\"null\" data-exlk=\"0\" style=\"background-color: #006290;\" id=\"evc_17851428002120\" class=\"hasFtIMG event_repeat desc_trig sin_val evcal_list_a\" data-ux_val=\"3\" data-ux_val_mob=\"-\"  ><span class='evoet_c1 evoet_cx '><span class='ev_ftImg' data-img='https:\/\/latemarium.com\/wp-content\/uploads\/2023\/06\/foresta-dei-draghi-6.jpg' data-thumb='https:\/\/latemarium.com\/wp-content\/uploads\/2023\/06\/foresta-dei-draghi-6-300x200.jpg' style='background-image:url(\"https:\/\/latemarium.com\/wp-content\/uploads\/2023\/06\/foresta-dei-draghi-6-300x200.jpg\")' ><\/span><\/span><span class='evoet_c2 evoet_cx '><span class='evoet_dayblock evcal_cblock ' data-bgcolor='#006290' data-smon='luglio' data-syr='2026' data-bub=''><span class='evo_start '><em class='date'>27<\/em><em class='month'>lug<\/em><em class='time'>11:00<\/em><\/span><\/span><\/span><span class='evoet_c3 evoet_cx evcal_desc hide_eventtopdata '><span class='evoet_title evcal_desc2 evcal_event_title ' itemprop='name'>Parola di Nikolaus Drache<\/span><span class='event_location_attrs' data-location_type=\"lonlat\" data-location_name=\"A monte della telecabina Predazzo-Gardon\u00e8\" data-location_url=\"https:\/\/latemarium.com\/it\/event-location\/a-monte-della-telecabina-predazzo-gardone\/\" data-location_status=\"true\" data-latlng=\"46.32878794406342,11.600176728690842\"><\/span><span class='evoet_subtitle evo_below_title' ><span class='evcal_event_subtitle ' >Spettacolo itinerante sul sentiero della Foresta dei Draghi<\/span><\/span><span class='evoet_time_expand level_3'><em class='evcal_time evo_tz_time'><i class='fa fa-clock-o'><\/i>11:00<span class='evo_tz marl5'>(GMT+02:00)<\/span><\/em> <\/span><span class='evoet_location level_3'><em class=\"evcal_location\"  data-latlng=\"46.32878794406342,11.600176728690842\" data-add_str=\"\" data-n=\"A monte della telecabina Predazzo-Gardon\u00e8\"><i class=\"fa fa-location-pin\"><\/i><em class=\"event_location_name\">A monte della telecabina Predazzo-Gardon\u00e8<\/em><\/em><\/span><\/span><span class='evoet_data' data-d=\"{&quot;loc.n&quot;:&quot;A monte della telecabina Predazzo-Gardon\\u00e8&quot;,&quot;orgs&quot;:[],&quot;tags&quot;:{&quot;repeating&quot;:&quot;Repeating Event&quot;}}\" data-bgc=\"#006290\" data-bggrad=\"\" ><\/span><\/a><\/p><div class='event_description evcal_eventcard ' style=\"display:none\"><div class='evocard_row'><div id='event_ftimage' class='evocard_box ftimage' data-c='' \n\t\t\t\t\tstyle=''><div class='evocard_main_image_hold' data-t='Loading Image..'><div class='evocard_main_image evo_img_triglb evobr15 evobgsc evobgpc evodfx evofx_jc_c evofx_ai_c evofz48 minmized' style='height:300px; background-image:url();' data-f=\"https:\/\/latemarium.com\/wp-content\/uploads\/2023\/06\/foresta-dei-draghi-6.jpg\" data-h=\"800\" data-w=\"1200\" data-ratio=\"0.66666666666667\" data-event_id=\"2120\" data-ri=\"7\"  data-t='Loading Image..'><span style='height:300px; background-image:url(https:\/\/latemarium.com\/wp-content\/uploads\/2023\/06\/foresta-dei-draghi-6.jpg)'><\/span><\/div><\/div><\/div><\/div><div class='evocard_row'><div id='event_eventdetails' class='evocard_box eventdetails' data-c='' \n\t\t\t\t\tstyle=''><div class='evo_metarow_details evorow evcal_evdata_row evcal_event_details'>\n\t\t<div class=\"event_excerpt\" style=\"display:none\"><h3 class=\"padb5 evo_h3\">Dettagli dell&#039;evento<\/h3><p>Saltano, corrono, strisciano, volano! Eppure\u2026 non \u00e8 facile vederli!\nSanno nascondersi bene\u2026 gli squamosi furbacchioni! Chi sono? Ma i draghi del Latemar! Incontrarne uno, anche uno solo, sar\u00e0 un\u2019esperienza meravigliosa!<\/p><\/div><span class='evcal_evdata_icons'><i class='fa fa-align-justify'><\/i><\/span>\n\t\t\n\t\t<div class='evcal_evdata_cell '>\n\t\t\t<div class='eventon_full_description'>\n\t\t\t\t<h3 class='padb5 evo_h3'><span class='evcal_evdata_icons'><i class='fa fa-align-justify'><\/i><\/span>Dettagli dell&#039;evento<\/h3>\n\t\t\t\t<div class='eventon_desc_in' itemprop='description'>\n\t\t\t\t<p>Saltano, corrono, strisciano, volano! Eppure\u2026 non \u00e8 facile vederli!<br \/>\nSanno nascondersi bene\u2026 gli squamosi furbacchioni! Chi sono? Ma i draghi del Latemar! Incontrarne uno, anche uno solo, sar\u00e0 un\u2019esperienza meravigliosa! Parola di Nikolaus Drache.<\/p>\n<p>domenica e luned\u00ec: dal 5 luglio al 24 agosto 2026<br \/>\na monte della telecabina Predazzo-Gardon\u00e8<br \/>\nore 11.00 e ore 14.30<br \/>\nspettacoli itineranti sul sentiero della Foresta dei Draghi<br \/>\nadatto a famiglie e bambini dai 2 anni in su\u00a0(durata 1h30\u2019)<\/p>\n<\/div><div class='clear'><\/div>\n\t\t\t<\/div>\n\t\t<\/div>\n\t<\/div><\/div><\/div><div class='evocard_row bx2 bx'><div id='event_time' class='evocard_box time' data-c='' \n\t\t\t\t\tstyle=''><div class='evo_metarow_time evorow evcal_evdata_row evcal_evrow_sm '>\n\t\t<span class='evcal_evdata_icons'><i class='fa fa-clock'><\/i><\/span>\n\t\t<div class='evcal_evdata_cell'>\t\t\t\t\t\t\t\n\t\t\t<h3 class='evo_h3'><span class='evcal_evdata_icons'><i class='fa fa-clock'><\/i><\/span>Orario<\/h3><p><span class='evo_eventcard_time_t'>27 luglio 2026 11:00<\/span><span class='evo_tz marr5'>(GMT+02:00)<\/span><\/p>\n\t\t<\/div>\n\t<\/div><\/div><div id='event_location' class='evocard_box location' data-c='' \n\t\t\t\t\tstyle=''><div class='evcal_evdata_row evo_metarow_time_location evorow '>\n\t\t\n\t\t\t<span class='evcal_evdata_icons'><i class='fa fa-map-marker'><\/i><\/span>\n\t\t\t<div class='evcal_evdata_cell' data-loc_tax_id='34'><h3 class='evo_h3 evodfx'><span class='evcal_evdata_icons'><i class='fa fa-map-marker'><\/i><\/span>Luogo<\/h3><p class='evo_location_name'>A monte della telecabina Predazzo-Gardon\u00e8<\/p><div class='padt10'><span class='evo_btn_arr evolb_trigger' data-lbvals=\"{&quot;lbc&quot;:&quot;evo_location_lb_34&quot;,&quot;lbac&quot;:&quot;lb_max&quot;,&quot;t&quot;:&quot;A monte della telecabina Predazzo-Gardon\\u00e8&quot;,&quot;ajax&quot;:&quot;yes&quot;,&quot;ajax_type&quot;:&quot;endpoint&quot;,&quot;ajax_action&quot;:&quot;eventon_get_tax_card_content&quot;,&quot;end&quot;:&quot;client&quot;,&quot;d&quot;:{&quot;lang&quot;:&quot;L1&quot;,&quot;term_id&quot;:34,&quot;tax&quot;:&quot;event_location&quot;,&quot;load_lbcontent&quot;:true},&quot;uid&quot;:&quot;eventon_get_tax_card_content&quot;}\" >Other Events<i class='fa fa-chevron-right'><\/i><\/span><\/div><\/div>\n\t\t\n\t<\/div><\/div><\/div><div class='evocard_row bx2 bx'><div id='event_learnmore' class='evocard_box learnmore' data-c='' \n\t\t\t\t\tstyle=''><div class='evo_metarow_learnM evo_metarow_learnmore evorow'>\n\t\t\t\t\t\t\t<a class='evcal_evdata_row evo_clik_row ' href='https:\/\/www.montagnanimata.it\/spettacoli\/' target=\"_blank\">\n\t\t\t\t\t\t\t\t<span class='evcal_evdata_icons'><i class='fa fa-link'><\/i><\/span>\n\t\t\t\t\t\t\t\t<h3 class='evo_h3'>Scopri di pi\u00f9<\/h3>\n\t\t\t\t\t\t\t<\/a>\n\t\t\t\t\t\t\t<\/div><\/div><div id='event_addtocal' class='evocard_box addtocal' data-c='' \n\t\t\t\t\tstyle=''><div class='evo_metarow_ICS evorow evcal_evdata_row'>\n\t\t\t<span class='evcal_evdata_icons'><i class='fa fa-calendar-o'><\/i><\/span>\n\t\t\t<div class='evcal_evdata_cell'>\n\t\t\t\t<p><a href='https:\/\/latemarium.com\/it\/export-events\/2120_7\/?nonce=a3263097f9' class='evo_ics_nCal' title='Aggiungi al tuo calendario'>Calendario<\/a><a href='https:\/\/www.google.com\/calendar\/event?action=TEMPLATE&text=Parola+di+Nikolaus+Drache&dates=20260727T090000Z%2F20260727T215900Z&ctz=Europe%2FRome&details=Parola di Nikolaus Drache&location=A+monte+della+telecabina+Predazzo-Gardon%C3%A8' target='_blank' class='evo_ics_gCal' title='Aggiungi al calendario di Google'>GoogleCal<\/a><\/p>\t\n\t\t\t<\/div>\n\t\t<\/div><\/div><\/div><div class='evocard_row'><div id='event_getdirection' class='evocard_box getdirection' data-c='' \n\t\t\t\t\tstyle=''><div class='evo_metarow_getDr evorow evcal_evdata_row evcal_evrow_sm getdirections'>\n\t\t<form action='https:\/\/maps.google.com\/maps' method='get' target='_blank'>\n\t\t\t<input type='hidden' name='daddr' value=\"46.32878794406342,11.600176728690842\"\/> \n\t\t\t<div class='evo_get_direction_content evo_fx_dr_r evogap10'>\n\t\t\t\t<span class='evogetdir_header evodfx evofx_dr_r evofx_ai_c marr10'>\n\t\t\t\t\t<i class='mainicon fa fa-road'><\/i> \n\t\t\t\t\t<h3 class='evo_h3' style='padding-bottom:5px;'>Ottieni indicazioni stradali<\/h3>\n\t\t\t\t<\/span>\n\t\t\t\t<span class='evogetdir_field evodfx evofx_1_1 evo_fx_dr_c evow100p'>\t\t\t\t\t\n\t\t\t\t\t<input class='evoInput evotac' type='text' name='saddr' placeholder='Digitare l&#039;indirizzo per ottenere le indicazioni stradali' value='' style='margin:10px 0;'\/>\n\t\t\t\t<\/span>\n\t\t\t\t<button type='submit' class='evo_get_direction_button evo_btn_arr_circ dfx fx_ai_c' title='Fare clic qui per ottenere indicazioni'><i class='fa fa-chevron-right'><\/i> <\/button>\n\t\t\t<\/div>\n\t\t<\/form>\n\t<\/div><\/div><\/div><div class='evo_card_row_end evcal_close' title='Testo del pulsante Chiudi evento'><\/div><\/div><div class='clear end'><\/div><\/div><div id=\"event_2149_10\" class=\"eventon_list_event evo_eventtop scheduled  event clrW no_et event_2149_10\" data-event_id=\"2149\" data-ri=\"10r\" data-time=\"1785158400-1785189540\" data-colr=\"#b8d989\" itemscope itemtype='http:\/\/schema.org\/Event'><div class=\"evo_event_schema\" style=\"display:none\" ><a itemprop='url'  href='https:\/\/latemarium.com\/it\/events\/i-suoni-e-la-vita-della-malga\/var\/ri-10.l-L1'><\/a><meta itemprop='image' content=\"https:\/\/latemarium.com\/wp-content\/uploads\/2023\/06\/suoni-vita-malga.jpg\" \/><meta itemprop='startDate' content=\"2026-7-27T15:20+0:00\" \/><meta itemprop='endDate' content=\"2026-7-27T23:59+0:00\" \/><meta itemprop='eventStatus' content=\"https:\/\/schema.org\/EventScheduled\" \/><meta itemprop='eventAttendanceMode'   itemscope itemtype=\"https:\/\/schema.org\/OfflineEventAttendanceMode\"\/><div style=\"display:none\" itemprop=\"location\" itemscope itemtype=\"http:\/\/schema.org\/Place\"><span itemprop=\"name\">Pampeago<\/span><span itemprop=\"address\" itemscope itemtype=\"http:\/\/schema.org\/PostalAddress\"><item itemprop=\"streetAddress\">Localit\u00e0 Pampeago, 8, 38038 Tesero TN<\/item><\/span><\/div><script type=\"application\/ld+json\">{\"@context\": \"http:\/\/schema.org\",\"@type\": \"Event\",\n\t\t\t\t\"@id\": \"event_2149_10\",\n\t\t\t\t\"eventAttendanceMode\":\"https:\/\/schema.org\/OfflineEventAttendanceMode\",\n\t\t\t\t\"eventStatus\":\"https:\/\/schema.org\/EventScheduled\",\n\t\t\t\t\"name\": \"I suoni e la vita della malga\",\n\t\t\t\t\"url\": \"https:\/\/latemarium.com\/it\/events\/i-suoni-e-la-vita-della-malga\/var\/ri-10.l-L1\",\n\t\t\t\t\"startDate\": \"2026-7-27T15:20+0:00\",\n\t\t\t\t\"endDate\": \"2026-7-27T23:59+0:00\",\n\t\t\t\t\"image\":\"https:\/\/latemarium.com\/wp-content\/uploads\/2023\/06\/suoni-vita-malga.jpg\", \n\t\t\t\t\"description\":\"<p>Ritrovo presso parcheggio seggiovia Tresca (raggiungibile in auto da Pampeago \u2013 SOLO per chi prenota l&#8217;attivit\u00e0).<\/p> <p>Dopo una breve passeggiata fino a Malga Pampeago, bambini e genitori scoprono la vita e i suoni quotidiani che scandiscono la vita dei malgari, fra mucche, vitellini, asinelli e maiali.<\/p> <p>A fine attivit\u00e0 ci sar\u00e0 una piccola merenda che i bambini potranno gustarsi o portarsi a casa.<\/p> <p>Attivit\u00e0 possibile anche con passeggino country.<\/p> <p>Prenotazione obbligatoria.<\/p> <p>Prenotazione obbligatoria. Clicca <a href='https:\/\/www.visitfiemme.it\/it\/eventi\/fiemme-cembra-guest-card\/esperienze\/esperienze-in-estate?re-product-id=211655' target='_blank' rel='noopener'>qui<\/a>\u00a0per prenotare.<\/p> \",\"location\":[{\"@type\":\"Place\",\"name\":\"Pampeago\",\"address\":{\"@type\": \"PostalAddress\",\"streetAddress\":\"Localit\u00e0 Pampeago, 8, 38038 Tesero TN\"}}]}<\/script><\/div>\r\n\t\t\t\t<p class=\"desc_trig_outter\" style=\"\"><a data-gmtrig=\"1\" data-exlk=\"0\" style=\"background-color: #b8d989;\" id=\"evc_17851584002149\" class=\"hasFtIMG event_repeat desc_trig sin_val evcal_list_a\" data-ux_val=\"3\" data-ux_val_mob=\"-\"  ><span class='evoet_c1 evoet_cx '><span class='ev_ftImg' data-img='https:\/\/latemarium.com\/wp-content\/uploads\/2023\/06\/suoni-vita-malga.jpg' data-thumb='https:\/\/latemarium.com\/wp-content\/uploads\/2023\/06\/suoni-vita-malga-300x225.jpg' style='background-image:url(\"https:\/\/latemarium.com\/wp-content\/uploads\/2023\/06\/suoni-vita-malga-300x225.jpg\")' ><\/span><\/span><span class='evoet_c2 evoet_cx '><span class='evoet_dayblock evcal_cblock ' data-bgcolor='#b8d989' data-smon='luglio' data-syr='2026' data-bub=''><span class='evo_start '><em class='date'>27<\/em><em class='month'>lug<\/em><em class='time'>15:20<\/em><\/span><\/span><\/span><span class='evoet_c3 evoet_cx evcal_desc hide_eventtopdata '><span class='evoet_title evcal_desc2 evcal_event_title ' itemprop='name'>I suoni e la vita della malga<\/span><span class='event_location_attrs'  data-location_address=\"Localit\u00e0 Pampeago, 8, 38038 Tesero TN\" data-location_type=\"lonlat\" data-location_name=\"Pampeago\" data-location_url=\"https:\/\/latemarium.com\/it\/event-location\/pampeago\/\" data-location_status=\"true\" data-latlng=\"46.34343697644898,11.540997527961546\"><\/span><span class='evoet_subtitle evo_below_title' ><span class='evcal_event_subtitle ' >Alla scoperta della vita dei malgari<\/span><\/span><span class='evoet_time_expand level_3'><em class='evcal_time evo_tz_time'><i class='fa fa-clock-o'><\/i>15:20<span class='evo_tz marl5'>(GMT+02:00)<\/span><\/em> <\/span><span class='evoet_location level_3'><em class=\"evcal_location\"  data-latlng=\"46.34343697644898,11.540997527961546\" data-add_str=\"Localit\u00e0 Pampeago, 8, 38038 Tesero TN\" data-n=\"Pampeago\"><i class=\"fa fa-location-pin\"><\/i><em class=\"event_location_name\">Pampeago<\/em>, Localit\u00e0 Pampeago, 8, 38038 Tesero TN<\/em><\/span><\/span><span class='evoet_data' data-d=\"{&quot;loc.n&quot;:&quot;Pampeago&quot;,&quot;orgs&quot;:[],&quot;tags&quot;:{&quot;repeating&quot;:&quot;Repeating Event&quot;}}\" data-bgc=\"#b8d989\" data-bggrad=\"\" ><\/span><\/a><\/p><div class='event_description evcal_eventcard ' style=\"display:none\"><div class='evocard_row'><div id='event_ftimage' class='evocard_box ftimage' data-c='' \n\t\t\t\t\tstyle=''><div class='evocard_main_image_hold' data-t='Loading Image..'><div class='evocard_main_image evo_img_triglb evobr15 evobgsc evobgpc evodfx evofx_jc_c evofx_ai_c evofz48 minmized' style='height:300px; background-image:url();' data-f=\"https:\/\/latemarium.com\/wp-content\/uploads\/2023\/06\/suoni-vita-malga.jpg\" data-h=\"796\" data-w=\"1062\" data-ratio=\"0.74952919020716\" data-event_id=\"2149\" data-ri=\"10\"  data-t='Loading Image..'><span style='height:300px; background-image:url(https:\/\/latemarium.com\/wp-content\/uploads\/2023\/06\/suoni-vita-malga.jpg)'><\/span><\/div><\/div><\/div><\/div><div class='evocard_row'><div id='event_eventdetails' class='evocard_box eventdetails' data-c='' \n\t\t\t\t\tstyle=''><div class='evo_metarow_details evorow evcal_evdata_row evcal_event_details'>\n\t\t<div class=\"event_excerpt\" style=\"display:none\"><h3 class=\"padb5 evo_h3\">Dettagli dell&#039;evento<\/h3><p>Ritrovo presso parcheggio seggiovia Tresca (raggiungibile in auto da Pampeago \u2013 SOLO per chi prenota l&#8217;attivit\u00e0).\nDopo una breve passeggiata fino a Malga Pampeago, bambini e genitori scoprono la vita e<\/p><\/div><span class='evcal_evdata_icons'><i class='fa fa-align-justify'><\/i><\/span>\n\t\t\n\t\t<div class='evcal_evdata_cell shorter_desc'>\n\t\t\t<div class='eventon_full_description'>\n\t\t\t\t<h3 class='padb5 evo_h3'><span class='evcal_evdata_icons'><i class='fa fa-align-justify'><\/i><\/span>Dettagli dell&#039;evento<\/h3>\n\t\t\t\t<div class='eventon_desc_in' itemprop='description'>\n\t\t\t\t<p>Ritrovo presso parcheggio seggiovia Tresca (raggiungibile in auto da Pampeago \u2013 SOLO per chi prenota l&#8217;attivit\u00e0).<\/p>\n<p>Dopo una breve passeggiata fino a Malga Pampeago, bambini e genitori scoprono la vita e i suoni quotidiani che scandiscono la vita dei malgari, fra mucche, vitellini, asinelli e maiali.<\/p>\n<p>A fine attivit\u00e0 ci sar\u00e0 una piccola merenda che i bambini potranno gustarsi o portarsi a casa.<\/p>\n<p>Attivit\u00e0 possibile anche con passeggino country.<\/p>\n<p>Prenotazione obbligatoria.<\/p>\n<p>Prenotazione obbligatoria. Clicca <a href=\"https:\/\/www.visitfiemme.it\/it\/eventi\/fiemme-cembra-guest-card\/esperienze\/esperienze-in-estate?re-product-id=211655\" target=\"_blank\" rel=\"noopener\">qui<\/a>\u00a0per prenotare.<\/p>\n<\/div><p class='eventon_shad_p' style='padding:5px 0 0; margin:0'>\n\t\t\t<span class='evcal_btn evo_btn_secondary evobtn_details_show_more' content='less'>\n\t\t\t\t<span class='ev_more_text' data-txt='Meno'>Pi\u00f9<\/span><span class='ev_more_arrow ard'><\/span>\n\t\t\t<\/span>\n\t\t<\/p><div class='clear'><\/div>\n\t\t\t<\/div>\n\t\t<\/div>\n\t<\/div><\/div><\/div><div class='evocard_row bx2 bx'><div id='event_time' class='evocard_box time' data-c='' \n\t\t\t\t\tstyle=''><div class='evo_metarow_time evorow evcal_evdata_row evcal_evrow_sm '>\n\t\t<span class='evcal_evdata_icons'><i class='fa fa-clock'><\/i><\/span>\n\t\t<div class='evcal_evdata_cell'>\t\t\t\t\t\t\t\n\t\t\t<h3 class='evo_h3'><span class='evcal_evdata_icons'><i class='fa fa-clock'><\/i><\/span>Orario<\/h3><p><span class='evo_eventcard_time_t'>27 luglio 2026 15:20<\/span><span class='evo_tz marr5'>(GMT+02:00)<\/span><\/p>\n\t\t<\/div>\n\t<\/div><\/div><div id='event_location' class='evocard_box location' data-c='' \n\t\t\t\t\tstyle=''><div class='evcal_evdata_row evo_metarow_time_location evorow '>\n\t\t\n\t\t\t<span class='evcal_evdata_icons'><i class='fa fa-map-marker'><\/i><\/span>\n\t\t\t<div class='evcal_evdata_cell' data-loc_tax_id='30'><h3 class='evo_h3 evodfx'><span class='evcal_evdata_icons'><i class='fa fa-map-marker'><\/i><\/span>Luogo<\/h3><p class='evo_location_name'>Pampeago<\/p><p class='evo_location_address evodfxi evogap10'>Localit\u00e0 Pampeago, 8, 38038 Tesero TN<\/p><div class='padt10'><span class='evo_btn_arr evolb_trigger' data-lbvals=\"{&quot;lbc&quot;:&quot;evo_location_lb_30&quot;,&quot;lbac&quot;:&quot;lb_max&quot;,&quot;t&quot;:&quot;Pampeago&quot;,&quot;ajax&quot;:&quot;yes&quot;,&quot;ajax_type&quot;:&quot;endpoint&quot;,&quot;ajax_action&quot;:&quot;eventon_get_tax_card_content&quot;,&quot;end&quot;:&quot;client&quot;,&quot;d&quot;:{&quot;lang&quot;:&quot;L1&quot;,&quot;term_id&quot;:30,&quot;tax&quot;:&quot;event_location&quot;,&quot;load_lbcontent&quot;:true},&quot;uid&quot;:&quot;eventon_get_tax_card_content&quot;}\" >Other Events<i class='fa fa-chevron-right'><\/i><\/span><\/div><\/div>\n\t\t\n\t<\/div><\/div><\/div><div class='evocard_row'><div id='event_addtocal' class='evocard_box addtocal' data-c='' \n\t\t\t\t\tstyle=''><div class='evo_metarow_ICS evorow evcal_evdata_row'>\n\t\t\t<span class='evcal_evdata_icons'><i class='fa fa-calendar-o'><\/i><\/span>\n\t\t\t<div class='evcal_evdata_cell'>\n\t\t\t\t<p><a href='https:\/\/latemarium.com\/it\/export-events\/2149_10\/?nonce=a3263097f9' class='evo_ics_nCal' title='Aggiungi al tuo calendario'>Calendario<\/a><a href='https:\/\/www.google.com\/calendar\/event?action=TEMPLATE&text=I+suoni+e+la+vita+della+malga&dates=20260727T132000Z%2F20260727T215900Z&ctz=Europe%2FRome&details=I suoni e la vita della malga&location=Pampeago+Localit%C3%A0+Pampeago%2C+8%2C+38038+Tesero+TN' target='_blank' class='evo_ics_gCal' title='Aggiungi al calendario di Google'>GoogleCal<\/a><\/p>\t\n\t\t\t<\/div>\n\t\t<\/div><\/div><\/div><div class='evocard_row'><div id='event_getdirection' class='evocard_box getdirection' data-c='' \n\t\t\t\t\tstyle=''><div class='evo_metarow_getDr evorow evcal_evdata_row evcal_evrow_sm getdirections'>\n\t\t<form action='https:\/\/maps.google.com\/maps' method='get' target='_blank'>\n\t\t\t<input type='hidden' name='daddr' value=\"46.34343697644898,11.540997527961546\"\/> \n\t\t\t<div class='evo_get_direction_content evo_fx_dr_r evogap10'>\n\t\t\t\t<span class='evogetdir_header evodfx evofx_dr_r evofx_ai_c marr10'>\n\t\t\t\t\t<i class='mainicon fa fa-road'><\/i> \n\t\t\t\t\t<h3 class='evo_h3' style='padding-bottom:5px;'>Ottieni indicazioni stradali<\/h3>\n\t\t\t\t<\/span>\n\t\t\t\t<span class='evogetdir_field evodfx evofx_1_1 evo_fx_dr_c evow100p'>\t\t\t\t\t\n\t\t\t\t\t<input class='evoInput evotac' type='text' name='saddr' placeholder='Digitare l&#039;indirizzo per ottenere le indicazioni stradali' value='' style='margin:10px 0;'\/>\n\t\t\t\t<\/span>\n\t\t\t\t<button type='submit' class='evo_get_direction_button evo_btn_arr_circ dfx fx_ai_c' title='Fare clic qui per ottenere indicazioni'><i class='fa fa-chevron-right'><\/i> <\/button>\n\t\t\t<\/div>\n\t\t<\/form>\n\t<\/div><\/div><\/div><div class='evo_card_row_end evcal_close' title='Testo del pulsante Chiudi evento'><\/div><\/div><div class='clear end'><\/div><\/div><div id=\"event_2484_5\" class=\"eventon_list_event evo_eventtop scheduled  event clrD no_et event_2484_5\" data-event_id=\"2484\" data-ri=\"5r\" data-time=\"1785223800-1785275940\" data-colr=\"#38823b\" itemscope itemtype='http:\/\/schema.org\/Event'><div class=\"evo_event_schema\" style=\"display:none\" ><a itemprop='url'  href='https:\/\/latemarium.com\/it\/events\/respirart-arte-in-quota\/var\/ri-5.l-L1'><\/a><meta itemprop='image' content=\"https:\/\/latemarium.com\/wp-content\/uploads\/2023\/06\/respirart-respiro-arte-natura.jpg\" \/><meta itemprop='startDate' content=\"2026-7-28T09:30+0:00\" \/><meta itemprop='endDate' content=\"2026-7-28T23:59+0:00\" \/><meta itemprop='eventStatus' content=\"https:\/\/schema.org\/EventScheduled\" \/><meta itemprop='eventAttendanceMode'   itemscope itemtype=\"https:\/\/schema.org\/OfflineEventAttendanceMode\"\/><div style=\"display:none\" itemprop=\"location\" itemscope itemtype=\"http:\/\/schema.org\/Place\"><span itemprop=\"name\">Pampeago<\/span><span itemprop=\"address\" itemscope itemtype=\"http:\/\/schema.org\/PostalAddress\"><item itemprop=\"streetAddress\">Localit\u00e0 Pampeago, 8, 38038 Tesero TN<\/item><\/span><\/div><script type=\"application\/ld+json\">{\"@context\": \"http:\/\/schema.org\",\"@type\": \"Event\",\n\t\t\t\t\"@id\": \"event_2484_5\",\n\t\t\t\t\"eventAttendanceMode\":\"https:\/\/schema.org\/OfflineEventAttendanceMode\",\n\t\t\t\t\"eventStatus\":\"https:\/\/schema.org\/EventScheduled\",\n\t\t\t\t\"name\": \"Respirart: arte in quota\",\n\t\t\t\t\"url\": \"https:\/\/latemarium.com\/it\/events\/respirart-arte-in-quota\/var\/ri-5.l-L1\",\n\t\t\t\t\"startDate\": \"2026-7-28T09:30+0:00\",\n\t\t\t\t\"endDate\": \"2026-7-28T23:59+0:00\",\n\t\t\t\t\"image\":\"https:\/\/latemarium.com\/wp-content\/uploads\/2023\/06\/respirart-respiro-arte-natura.jpg\", \n\t\t\t\t\"description\":\"<h2>Arte in quota: alla scoperta di Respirart tra natura e installazioni<\/h2> <p>Si parte alle 9.30, davanti alla Seggiovia-Seminovia Agnello, dove incontrerai la guida artistica che ti consegner\u00e0 i semi e ti accompagner\u00e0 a seminare fiorume dall\u2019alto, per generare fiori e quindi nutrire la terra, le api, le capre e le mucche.<\/p> <p>Poi, la guida ti porter\u00e0 a scoprire le opere d\u2019arte del parco. Lungo il giro ad anello di 3 km scoprirai le ispirazioni degli artisti che hanno creato gesti d\u2019arte al cospetto del Latemar.<\/p> <p>Attivit\u00e0 adatta agli adulti.<\/p> <p>Prenotazione obbligatoria, clicca <a href='https:\/\/www.visitfiemme.it\/it\/eventi\/fiemme-cembra-guest-card\/esperienze\/esperienze-in-estate' target='_blank' rel='noopener'>qui<\/a>.<\/p> \",\"location\":[{\"@type\":\"Place\",\"name\":\"Pampeago\",\"address\":{\"@type\": \"PostalAddress\",\"streetAddress\":\"Localit\u00e0 Pampeago, 8, 38038 Tesero TN\"}}]}<\/script><\/div>\r\n\t\t\t\t<p class=\"desc_trig_outter\" style=\"\"><a data-gmtrig=\"1\" data-exlk=\"0\" style=\"background-color: #38823b;\" id=\"evc_17852238002484\" class=\"hasFtIMG event_repeat desc_trig sin_val evcal_list_a\" data-ux_val=\"3\" data-ux_val_mob=\"-\"  ><span class='evoet_c1 evoet_cx '><span class='ev_ftImg' data-img='https:\/\/latemarium.com\/wp-content\/uploads\/2023\/06\/respirart-respiro-arte-natura.jpg' data-thumb='https:\/\/latemarium.com\/wp-content\/uploads\/2023\/06\/respirart-respiro-arte-natura-300x201.jpg' style='background-image:url(\"https:\/\/latemarium.com\/wp-content\/uploads\/2023\/06\/respirart-respiro-arte-natura-300x201.jpg\")' ><\/span><\/span><span class='evoet_c2 evoet_cx '><span class='evoet_dayblock evcal_cblock ' data-bgcolor='#38823b' data-smon='luglio' data-syr='2026' data-bub=''><span class='evo_start '><em class='date'>28<\/em><em class='month'>lug<\/em><em class='time'>09:30<\/em><\/span><\/span><\/span><span class='evoet_c3 evoet_cx evcal_desc hide_eventtopdata '><span class='evoet_title evcal_desc2 evcal_event_title ' itemprop='name'>Respirart: arte in quota<\/span><span class='event_location_attrs'  data-location_address=\"Localit\u00e0 Pampeago, 8, 38038 Tesero TN\" data-location_type=\"lonlat\" data-location_name=\"Pampeago\" data-location_url=\"https:\/\/latemarium.com\/it\/event-location\/pampeago\/\" data-location_status=\"true\" data-latlng=\"46.34343697644898,11.540997527961546\"><\/span><span class='evoet_subtitle evo_below_title' ><span class='evcal_event_subtitle ' >Alla scoperta del parco d'arte Respirart<\/span><\/span><span class='evoet_time_expand level_3'><em class='evcal_time evo_tz_time'><i class='fa fa-clock-o'><\/i>09:30<span class='evo_tz marl5'>(GMT+02:00)<\/span><\/em> <\/span><span class='evoet_location level_3'><em class=\"evcal_location\"  data-latlng=\"46.34343697644898,11.540997527961546\" data-add_str=\"Localit\u00e0 Pampeago, 8, 38038 Tesero TN\" data-n=\"Pampeago\"><i class=\"fa fa-location-pin\"><\/i><em class=\"event_location_name\">Pampeago<\/em>, Localit\u00e0 Pampeago, 8, 38038 Tesero TN<\/em><\/span><\/span><span class='evoet_data' data-d=\"{&quot;loc.n&quot;:&quot;Pampeago&quot;,&quot;orgs&quot;:[],&quot;tags&quot;:{&quot;repeating&quot;:&quot;Repeating Event&quot;}}\" data-bgc=\"#38823b\" data-bggrad=\"\" ><\/span><\/a><\/p><div class='event_description evcal_eventcard ' style=\"display:none\"><div class='evocard_row'><div id='event_ftimage' class='evocard_box ftimage' data-c='' \n\t\t\t\t\tstyle=''><div class='evocard_main_image_hold' data-t='Loading Image..'><div class='evocard_main_image evo_img_triglb evobr15 evobgsc evobgpc evodfx evofx_jc_c evofx_ai_c evofz48 minmized' style='height:300px; background-image:url();' data-f=\"https:\/\/latemarium.com\/wp-content\/uploads\/2023\/06\/respirart-respiro-arte-natura.jpg\" data-h=\"602\" data-w=\"899\" data-ratio=\"0.66963292547275\" data-event_id=\"2484\" data-ri=\"5\"  data-t='Loading Image..'><span style='height:300px; background-image:url(https:\/\/latemarium.com\/wp-content\/uploads\/2023\/06\/respirart-respiro-arte-natura.jpg)'><\/span><\/div><\/div><\/div><\/div><div class='evocard_row'><div id='event_eventdetails' class='evocard_box eventdetails' data-c='' \n\t\t\t\t\tstyle=''><div class='evo_metarow_details evorow evcal_evdata_row evcal_event_details'>\n\t\t<div class=\"event_excerpt\" style=\"display:none\"><h3 class=\"padb5 evo_h3\">Dettagli dell&#039;evento<\/h3><p>Arte in quota: alla scoperta di Respirart tra natura e installazioni\nSi parte alle 9.30, davanti alla Seggiovia-Seminovia Agnello, dove incontrerai la guida artistica che ti consegner\u00e0 i semi e ti<\/p><\/div><span class='evcal_evdata_icons'><i class='fa fa-align-justify'><\/i><\/span>\n\t\t\n\t\t<div class='evcal_evdata_cell shorter_desc'>\n\t\t\t<div class='eventon_full_description'>\n\t\t\t\t<h3 class='padb5 evo_h3'><span class='evcal_evdata_icons'><i class='fa fa-align-justify'><\/i><\/span>Dettagli dell&#039;evento<\/h3>\n\t\t\t\t<div class='eventon_desc_in' itemprop='description'>\n\t\t\t\t<h2>Arte in quota: alla scoperta di Respirart tra natura e installazioni<\/h2>\n<p>Si parte alle 9.30, davanti alla Seggiovia-Seminovia Agnello, dove incontrerai la guida artistica che ti consegner\u00e0 i semi e ti accompagner\u00e0 a seminare fiorume dall\u2019alto, per generare fiori e quindi nutrire la terra, le api, le capre e le mucche.<\/p>\n<p>Poi, la guida ti porter\u00e0 a scoprire le opere d\u2019arte del parco. Lungo il giro ad anello di 3 km scoprirai le ispirazioni degli artisti che hanno creato gesti d\u2019arte al cospetto del Latemar.<\/p>\n<p>Attivit\u00e0 adatta agli adulti.<\/p>\n<p>Prenotazione obbligatoria, clicca <a href=\"https:\/\/www.visitfiemme.it\/it\/eventi\/fiemme-cembra-guest-card\/esperienze\/esperienze-in-estate\" target=\"_blank\" rel=\"noopener\">qui<\/a>.<\/p>\n<\/div><p class='eventon_shad_p' style='padding:5px 0 0; margin:0'>\n\t\t\t<span class='evcal_btn evo_btn_secondary evobtn_details_show_more' content='less'>\n\t\t\t\t<span class='ev_more_text' data-txt='Meno'>Pi\u00f9<\/span><span class='ev_more_arrow ard'><\/span>\n\t\t\t<\/span>\n\t\t<\/p><div class='clear'><\/div>\n\t\t\t<\/div>\n\t\t<\/div>\n\t<\/div><\/div><\/div><div class='evocard_row bx2 bx'><div id='event_time' class='evocard_box time' data-c='' \n\t\t\t\t\tstyle=''><div class='evo_metarow_time evorow evcal_evdata_row evcal_evrow_sm '>\n\t\t<span class='evcal_evdata_icons'><i class='fa fa-clock'><\/i><\/span>\n\t\t<div class='evcal_evdata_cell'>\t\t\t\t\t\t\t\n\t\t\t<h3 class='evo_h3'><span class='evcal_evdata_icons'><i class='fa fa-clock'><\/i><\/span>Orario<\/h3><p><span class='evo_eventcard_time_t'>28 luglio 2026 09:30<\/span><span class='evo_tz marr5'>(GMT+02:00)<\/span><\/p>\n\t\t<\/div>\n\t<\/div><\/div><div id='event_location' class='evocard_box location' data-c='' \n\t\t\t\t\tstyle=''><div class='evcal_evdata_row evo_metarow_time_location evorow '>\n\t\t\n\t\t\t<span class='evcal_evdata_icons'><i class='fa fa-map-marker'><\/i><\/span>\n\t\t\t<div class='evcal_evdata_cell' data-loc_tax_id='30'><h3 class='evo_h3 evodfx'><span class='evcal_evdata_icons'><i class='fa fa-map-marker'><\/i><\/span>Luogo<\/h3><p class='evo_location_name'>Pampeago<\/p><p class='evo_location_address evodfxi evogap10'>Localit\u00e0 Pampeago, 8, 38038 Tesero TN<\/p><div class='padt10'><span class='evo_btn_arr evolb_trigger' data-lbvals=\"{&quot;lbc&quot;:&quot;evo_location_lb_30&quot;,&quot;lbac&quot;:&quot;lb_max&quot;,&quot;t&quot;:&quot;Pampeago&quot;,&quot;ajax&quot;:&quot;yes&quot;,&quot;ajax_type&quot;:&quot;endpoint&quot;,&quot;ajax_action&quot;:&quot;eventon_get_tax_card_content&quot;,&quot;end&quot;:&quot;client&quot;,&quot;d&quot;:{&quot;lang&quot;:&quot;L1&quot;,&quot;term_id&quot;:30,&quot;tax&quot;:&quot;event_location&quot;,&quot;load_lbcontent&quot;:true},&quot;uid&quot;:&quot;eventon_get_tax_card_content&quot;}\" >Other Events<i class='fa fa-chevron-right'><\/i><\/span><\/div><\/div>\n\t\t\n\t<\/div><\/div><\/div><div class='evocard_row bx2 bx'><div id='event_learnmore' class='evocard_box learnmore' data-c='' \n\t\t\t\t\tstyle=''><div class='evo_metarow_learnM evo_metarow_learnmore evorow'>\n\t\t\t\t\t\t\t<a class='evcal_evdata_row evo_clik_row ' href='http:\/\/www.respirart.com\/' target=\"_blank\">\n\t\t\t\t\t\t\t\t<span class='evcal_evdata_icons'><i class='fa fa-link'><\/i><\/span>\n\t\t\t\t\t\t\t\t<h3 class='evo_h3'>Scopri di pi\u00f9<\/h3>\n\t\t\t\t\t\t\t<\/a>\n\t\t\t\t\t\t\t<\/div><\/div><div id='event_addtocal' class='evocard_box addtocal' data-c='' \n\t\t\t\t\tstyle=''><div class='evo_metarow_ICS evorow evcal_evdata_row'>\n\t\t\t<span class='evcal_evdata_icons'><i class='fa fa-calendar-o'><\/i><\/span>\n\t\t\t<div class='evcal_evdata_cell'>\n\t\t\t\t<p><a href='https:\/\/latemarium.com\/it\/export-events\/2484_5\/?nonce=a3263097f9' class='evo_ics_nCal' title='Aggiungi al tuo calendario'>Calendario<\/a><a href='https:\/\/www.google.com\/calendar\/event?action=TEMPLATE&text=Respirart%3A+arte+in+quota&dates=20260728T073000Z%2F20260728T215900Z&ctz=Europe%2FRome&details=Respirart: arte in quota&location=Pampeago+Localit%C3%A0+Pampeago%2C+8%2C+38038+Tesero+TN' target='_blank' class='evo_ics_gCal' title='Aggiungi al calendario di Google'>GoogleCal<\/a><\/p>\t\n\t\t\t<\/div>\n\t\t<\/div><\/div><\/div><div class='evocard_row'><div id='event_repeats' class='evocard_box repeats' data-c='' \n\t\t\t\t\tstyle=''><div class='evo_metarow_repeats evorow evcal_evdata_row evcal_evrow_sm '>\n\t\t<span class='evcal_evdata_icons'><i class='fa fa-repeat'><\/i><\/span>\n\t\t<div class='evcal_evdata_cell'>\t\t\t\t\t\t\t\n\t\t\t<h3 class='evo_h3'>Orari degli eventi futuri in questa serie di eventi ripetuti<\/h3><div class='evo_elm_HCS evo_repeat_series' style=''><span class='evo_elmHCS_nav HCSnavL evo_repeat_series content_slide_trig'><i class='fa fa-chevron-left'><\/i><\/span><span class='evo_elmHCS_nav HCSnavR evo_repeat_series content_slide_trig'><i class='fa fa-chevron-right'><\/i><\/span><div class='evo_elm_HCS_in'><div class='evo_repeat_series_dates clickable evodfx evofx_dr_r evogap10' data-click='1' data-event_url='https:\/\/latemarium.com\/it\/events\/respirart-arte-in-quota\/var\/ri-5.l-L1'><span class='evo_repeat_series_date evodfx evofx_dr_r evofx_ai_c evogap5 evobr15 evobrdB1 evocl1 evopad15 evottu evofz14 evocurp evo_trans_sc1_03 evoHbgcw' data-ux=\"def\" data-l=\"https:\/\/latemarium.com\/it\/events\/respirart-arte-in-quota\/var\/ri-6.l-L1\" ><span class='evodfx evofx_dr_c evotac evofx_jc_c'><b class='j evofz16'>4<\/b><b class='fy'>agosto <\/b><em class='t evofsn'>09:30 - 23:59<\/em><\/span><\/span><span class='evo_repeat_series_date evodfx evofx_dr_r evofx_ai_c evogap5 evobr15 evobrdB1 evocl1 evopad15 evottu evofz14 evocurp evo_trans_sc1_03 evoHbgcw' data-ux=\"def\" data-l=\"https:\/\/latemarium.com\/it\/events\/respirart-arte-in-quota\/var\/ri-7.l-L1\" ><span class='evodfx evofx_dr_c evotac evofx_jc_c'><b class='j evofz16'>11<\/b><b class='fy'>agosto <\/b><em class='t evofsn'>09:30 - 23:59<\/em><\/span><\/span><span class='evo_repeat_series_date evodfx evofx_dr_r evofx_ai_c evogap5 evobr15 evobrdB1 evocl1 evopad15 evottu evofz14 evocurp evo_trans_sc1_03 evoHbgcw' data-ux=\"def\" data-l=\"https:\/\/latemarium.com\/it\/events\/respirart-arte-in-quota\/var\/ri-8.l-L1\" ><span class='evodfx evofx_dr_c evotac evofx_jc_c'><b class='j evofz16'>18<\/b><b class='fy'>agosto <\/b><em class='t evofsn'>09:30 - 23:59<\/em><\/span><\/span><span class='evo_repeat_series_date evodfx evofx_dr_r evofx_ai_c evogap5 evobr15 evobrdB1 evocl1 evopad15 evottu evofz14 evocurp evo_trans_sc1_03 evoHbgcw' data-ux=\"def\" data-l=\"https:\/\/latemarium.com\/it\/events\/respirart-arte-in-quota\/var\/ri-9.l-L1\" ><span class='evodfx evofx_dr_c evotac evofx_jc_c'><b class='j evofz16'>25<\/b><b class='fy'>agosto <\/b><em class='t evofsn'>09:30 - 23:59<\/em><\/span><\/span><span class='evo_repeat_series_date evodfx evofx_dr_r evofx_ai_c evogap5 evobr15 evobrdB1 evocl1 evopad15 evottu evofz14 evocurp evo_trans_sc1_03 evoHbgcw' data-ux=\"def\" data-l=\"https:\/\/latemarium.com\/it\/events\/respirart-arte-in-quota\/var\/ri-10.l-L1\" ><span class='evodfx evofx_dr_c evotac evofx_jc_c'><b class='j evofz16'>1<\/b><b class='fy'>settembre <\/b><em class='t evofsn'>09:30 - 23:59<\/em><\/span><\/span><span class='evo_repeat_series_date evodfx evofx_dr_r evofx_ai_c evogap5 evobr15 evobrdB1 evocl1 evopad15 evottu evofz14 evocurp evo_trans_sc1_03 evoHbgcw' data-ux=\"def\" data-l=\"https:\/\/latemarium.com\/it\/events\/respirart-arte-in-quota\/var\/ri-11.l-L1\" ><span class='evodfx evofx_dr_c evotac evofx_jc_c'><b class='j evofz16'>8<\/b><b class='fy'>settembre <\/b><em class='t evofsn'>09:30 - 23:59<\/em><\/span><\/span><\/div><\/div><\/div><\/div><\/div><\/div><\/div><div class='evocard_row'><div id='event_getdirection' class='evocard_box getdirection' data-c='' \n\t\t\t\t\tstyle=''><div class='evo_metarow_getDr evorow evcal_evdata_row evcal_evrow_sm getdirections'>\n\t\t<form action='https:\/\/maps.google.com\/maps' method='get' target='_blank'>\n\t\t\t<input type='hidden' name='daddr' value=\"46.34343697644898,11.540997527961546\"\/> \n\t\t\t<div class='evo_get_direction_content evo_fx_dr_r evogap10'>\n\t\t\t\t<span class='evogetdir_header evodfx evofx_dr_r evofx_ai_c marr10'>\n\t\t\t\t\t<i class='mainicon fa fa-road'><\/i> \n\t\t\t\t\t<h3 class='evo_h3' style='padding-bottom:5px;'>Ottieni indicazioni stradali<\/h3>\n\t\t\t\t<\/span>\n\t\t\t\t<span class='evogetdir_field evodfx evofx_1_1 evo_fx_dr_c evow100p'>\t\t\t\t\t\n\t\t\t\t\t<input class='evoInput evotac' type='text' name='saddr' placeholder='Digitare l&#039;indirizzo per ottenere le indicazioni stradali' value='' style='margin:10px 0;'\/>\n\t\t\t\t<\/span>\n\t\t\t\t<button type='submit' class='evo_get_direction_button evo_btn_arr_circ dfx fx_ai_c' title='Fare clic qui per ottenere indicazioni'><i class='fa fa-chevron-right'><\/i> <\/button>\n\t\t\t<\/div>\n\t\t<\/form>\n\t<\/div><\/div><\/div><div class='evo_card_row_end evcal_close' title='Testo del pulsante Chiudi evento'><\/div><\/div><div class='clear end'><\/div><\/div><div id=\"event_2159_3\" class=\"eventon_list_event evo_eventtop scheduled  event clrW no_et event_2159_3\" data-event_id=\"2159\" data-ri=\"3r\" data-time=\"1785229200-1785275940\" data-colr=\"#a69dcd\" itemscope itemtype='http:\/\/schema.org\/Event'><div class=\"evo_event_schema\" style=\"display:none\" ><a itemprop='url'  href='https:\/\/latemarium.com\/it\/events\/il-dritto-dahu-ci-aspetta-lassu\/var\/ri-3.l-L1'><\/a><meta itemprop='image' content=\"https:\/\/latemarium.com\/wp-content\/uploads\/2023\/06\/forse-dahu-sa.jpg\" \/><meta itemprop='startDate' content=\"2026-7-28T11:00+0:00\" \/><meta itemprop='endDate' content=\"2026-7-28T23:59+0:00\" \/><meta itemprop='eventStatus' content=\"https:\/\/schema.org\/EventScheduled\" \/><meta itemprop='eventAttendanceMode'   itemscope itemtype=\"https:\/\/schema.org\/OfflineEventAttendanceMode\"\/><script type=\"application\/ld+json\">{\"@context\": \"http:\/\/schema.org\",\"@type\": \"Event\",\n\t\t\t\t\"@id\": \"event_2159_3\",\n\t\t\t\t\"eventAttendanceMode\":\"https:\/\/schema.org\/OfflineEventAttendanceMode\",\n\t\t\t\t\"eventStatus\":\"https:\/\/schema.org\/EventScheduled\",\n\t\t\t\t\"name\": \"IL DRITTO DAH\u00d9 CI ASPETTA LASS\u00d9\",\n\t\t\t\t\"url\": \"https:\/\/latemarium.com\/it\/events\/il-dritto-dahu-ci-aspetta-lassu\/var\/ri-3.l-L1\",\n\t\t\t\t\"startDate\": \"2026-7-28T11:00+0:00\",\n\t\t\t\t\"endDate\": \"2026-7-28T23:59+0:00\",\n\t\t\t\t\"image\":\"https:\/\/latemarium.com\/wp-content\/uploads\/2023\/06\/forse-dahu-sa.jpg\", \n\t\t\t\t\"description\":\"<p>L&#8217;inspiegabile equilibrio del Dah\u00f9 porta ricercatrici e ricercatori ad una grande evoluzione, con continui cambi di prospettiva.<\/p> <p>Andiamo di su, di gi\u00f9, di qua, di l\u00e0. Esperti si diventa ri-cercando insieme. Alla partenza verranno distribuiti gli incarichi: la ricerca procede se c\u2019\u00e8 lavoro di squadra. Siete pronti?<\/p> <p>marted\u00ec: dal 7 luglio al 25 agosto 2026<br \/> a monte della telecabina Predazzo-Gardon\u00e8<br \/> ore 11.00<br \/> adatto a famiglie\u00a0(durata 1h30\u2019)<\/p> \"}<\/script><\/div>\r\n\t\t\t\t<p class=\"desc_trig_outter\" style=\"\"><a data-gmap_status=\"null\" data-exlk=\"0\" style=\"background-color: #a69dcd;\" id=\"evc_17852292002159\" class=\"hasFtIMG event_repeat desc_trig sin_val evcal_list_a\" data-ux_val=\"3\" data-ux_val_mob=\"-\"  ><span class='evoet_c1 evoet_cx '><span class='ev_ftImg' data-img='https:\/\/latemarium.com\/wp-content\/uploads\/2023\/06\/forse-dahu-sa.jpg' data-thumb='https:\/\/latemarium.com\/wp-content\/uploads\/2023\/06\/forse-dahu-sa-300x204.jpg' style='background-image:url(\"https:\/\/latemarium.com\/wp-content\/uploads\/2023\/06\/forse-dahu-sa-300x204.jpg\")' ><\/span><\/span><span class='evoet_c2 evoet_cx '><span class='evoet_dayblock evcal_cblock ' data-bgcolor='#a69dcd' data-smon='luglio' data-syr='2026' data-bub=''><span class='evo_start '><em class='date'>28<\/em><em class='month'>lug<\/em><em class='time'>11:00<\/em><\/span><\/span><\/span><span class='evoet_c3 evoet_cx evcal_desc hide_eventtopdata '><span class='evoet_title evcal_desc2 evcal_event_title ' itemprop='name'>IL DRITTO DAH\u00d9 CI ASPETTA LASS\u00d9<\/span><span class='event_location_attrs' data-location_type=\"lonlat\" data-location_name=\"A monte della telecabina Predazzo-Gardon\u00e8\" data-location_url=\"https:\/\/latemarium.com\/it\/event-location\/a-monte-della-telecabina-predazzo-gardone\/\" data-location_status=\"true\" data-latlng=\"46.32878794406342,11.600176728690842\"><\/span><span class='evoet_subtitle evo_below_title' ><span class='evcal_event_subtitle ' >Sentiero Pastore Distratto<\/span><\/span><span class='evoet_time_expand level_3'><em class='evcal_time evo_tz_time'><i class='fa fa-clock-o'><\/i>11:00<span class='evo_tz marl5'>(GMT+02:00)<\/span><\/em> <\/span><span class='evoet_location level_3'><em class=\"evcal_location\"  data-latlng=\"46.32878794406342,11.600176728690842\" data-add_str=\"\" data-n=\"A monte della telecabina Predazzo-Gardon\u00e8\"><i class=\"fa fa-location-pin\"><\/i><em class=\"event_location_name\">A monte della telecabina Predazzo-Gardon\u00e8<\/em><\/em><\/span><\/span><span class='evoet_data' data-d=\"{&quot;loc.n&quot;:&quot;A monte della telecabina Predazzo-Gardon\\u00e8&quot;,&quot;orgs&quot;:[],&quot;tags&quot;:{&quot;repeating&quot;:&quot;Repeating Event&quot;}}\" data-bgc=\"#a69dcd\" data-bggrad=\"\" ><\/span><\/a><\/p><div class='event_description evcal_eventcard ' style=\"display:none\"><div class='evocard_row'><div id='event_ftimage' class='evocard_box ftimage' data-c='' \n\t\t\t\t\tstyle=''><div class='evocard_main_image_hold' data-t='Loading Image..'><div class='evocard_main_image evo_img_triglb evobr15 evobgsc evobgpc evodfx evofx_jc_c evofx_ai_c evofz48 minmized' style='height:300px; background-image:url();' data-f=\"https:\/\/latemarium.com\/wp-content\/uploads\/2023\/06\/forse-dahu-sa.jpg\" data-h=\"587\" data-w=\"862\" data-ratio=\"0.68097447795824\" data-event_id=\"2159\" data-ri=\"3\"  data-t='Loading Image..'><span style='height:300px; background-image:url(https:\/\/latemarium.com\/wp-content\/uploads\/2023\/06\/forse-dahu-sa.jpg)'><\/span><\/div><\/div><\/div><\/div><div class='evocard_row'><div id='event_eventdetails' class='evocard_box eventdetails' data-c='' \n\t\t\t\t\tstyle=''><div class='evo_metarow_details evorow evcal_evdata_row evcal_event_details'>\n\t\t<div class=\"event_excerpt\" style=\"display:none\"><h3 class=\"padb5 evo_h3\">Dettagli dell&#039;evento<\/h3><p>L&#8217;inspiegabile equilibrio del Dah\u00f9 porta ricercatrici e ricercatori ad una grande evoluzione, con continui cambi di prospettiva.\nAndiamo di su, di gi\u00f9, di qua, di l\u00e0. Esperti si diventa ri-cercando insieme.<\/p><\/div><span class='evcal_evdata_icons'><i class='fa fa-align-justify'><\/i><\/span>\n\t\t\n\t\t<div class='evcal_evdata_cell '>\n\t\t\t<div class='eventon_full_description'>\n\t\t\t\t<h3 class='padb5 evo_h3'><span class='evcal_evdata_icons'><i class='fa fa-align-justify'><\/i><\/span>Dettagli dell&#039;evento<\/h3>\n\t\t\t\t<div class='eventon_desc_in' itemprop='description'>\n\t\t\t\t<p>L&#8217;inspiegabile equilibrio del Dah\u00f9 porta ricercatrici e ricercatori ad una grande evoluzione, con continui cambi di prospettiva.<\/p>\n<p>Andiamo di su, di gi\u00f9, di qua, di l\u00e0. Esperti si diventa ri-cercando insieme. Alla partenza verranno distribuiti gli incarichi: la ricerca procede se c\u2019\u00e8 lavoro di squadra. Siete pronti?<\/p>\n<p>marted\u00ec: dal 7 luglio al 25 agosto 2026<br \/>\na monte della telecabina Predazzo-Gardon\u00e8<br \/>\nore 11.00<br \/>\nadatto a famiglie\u00a0(durata 1h30\u2019)<\/p>\n<\/div><div class='clear'><\/div>\n\t\t\t<\/div>\n\t\t<\/div>\n\t<\/div><\/div><\/div><div class='evocard_row bx2 bx'><div id='event_time' class='evocard_box time' data-c='' \n\t\t\t\t\tstyle=''><div class='evo_metarow_time evorow evcal_evdata_row evcal_evrow_sm '>\n\t\t<span class='evcal_evdata_icons'><i class='fa fa-clock'><\/i><\/span>\n\t\t<div class='evcal_evdata_cell'>\t\t\t\t\t\t\t\n\t\t\t<h3 class='evo_h3'><span class='evcal_evdata_icons'><i class='fa fa-clock'><\/i><\/span>Orario<\/h3><p><span class='evo_eventcard_time_t'>28 luglio 2026 11:00<\/span><span class='evo_tz marr5'>(GMT+02:00)<\/span><\/p>\n\t\t<\/div>\n\t<\/div><\/div><div id='event_location' class='evocard_box location' data-c='' \n\t\t\t\t\tstyle=''><div class='evcal_evdata_row evo_metarow_time_location evorow '>\n\t\t\n\t\t\t<span class='evcal_evdata_icons'><i class='fa fa-map-marker'><\/i><\/span>\n\t\t\t<div class='evcal_evdata_cell' data-loc_tax_id='34'><h3 class='evo_h3 evodfx'><span class='evcal_evdata_icons'><i class='fa fa-map-marker'><\/i><\/span>Luogo<\/h3><p class='evo_location_name'>A monte della telecabina Predazzo-Gardon\u00e8<\/p><div class='padt10'><span class='evo_btn_arr evolb_trigger' data-lbvals=\"{&quot;lbc&quot;:&quot;evo_location_lb_34&quot;,&quot;lbac&quot;:&quot;lb_max&quot;,&quot;t&quot;:&quot;A monte della telecabina Predazzo-Gardon\\u00e8&quot;,&quot;ajax&quot;:&quot;yes&quot;,&quot;ajax_type&quot;:&quot;endpoint&quot;,&quot;ajax_action&quot;:&quot;eventon_get_tax_card_content&quot;,&quot;end&quot;:&quot;client&quot;,&quot;d&quot;:{&quot;lang&quot;:&quot;L1&quot;,&quot;term_id&quot;:34,&quot;tax&quot;:&quot;event_location&quot;,&quot;load_lbcontent&quot;:true},&quot;uid&quot;:&quot;eventon_get_tax_card_content&quot;}\" >Other Events<i class='fa fa-chevron-right'><\/i><\/span><\/div><\/div>\n\t\t\n\t<\/div><\/div><\/div><div class='evocard_row bx2 bx'><div id='event_learnmore' class='evocard_box learnmore' data-c='' \n\t\t\t\t\tstyle=''><div class='evo_metarow_learnM evo_metarow_learnmore evorow'>\n\t\t\t\t\t\t\t<a class='evcal_evdata_row evo_clik_row ' href='https:\/\/www.montagnanimata.it\/spettacoli\/' target=\"_blank\">\n\t\t\t\t\t\t\t\t<span class='evcal_evdata_icons'><i class='fa fa-link'><\/i><\/span>\n\t\t\t\t\t\t\t\t<h3 class='evo_h3'>Scopri di pi\u00f9<\/h3>\n\t\t\t\t\t\t\t<\/a>\n\t\t\t\t\t\t\t<\/div><\/div><div id='event_addtocal' class='evocard_box addtocal' data-c='' \n\t\t\t\t\tstyle=''><div class='evo_metarow_ICS evorow evcal_evdata_row'>\n\t\t\t<span class='evcal_evdata_icons'><i class='fa fa-calendar-o'><\/i><\/span>\n\t\t\t<div class='evcal_evdata_cell'>\n\t\t\t\t<p><a href='https:\/\/latemarium.com\/it\/export-events\/2159_3\/?nonce=a3263097f9' class='evo_ics_nCal' title='Aggiungi al tuo calendario'>Calendario<\/a><a href='https:\/\/www.google.com\/calendar\/event?action=TEMPLATE&text=IL+DRITTO+DAH%C3%99+CI+ASPETTA+LASS%C3%99&dates=20260728T090000Z%2F20260728T215900Z&ctz=Europe%2FRome&details=IL DRITTO DAH\u00d9 CI ASPETTA LASS\u00d9&location=A+monte+della+telecabina+Predazzo-Gardon%C3%A8' target='_blank' class='evo_ics_gCal' title='Aggiungi al calendario di Google'>GoogleCal<\/a><\/p>\t\n\t\t\t<\/div>\n\t\t<\/div><\/div><\/div><div class='evocard_row'><div id='event_getdirection' class='evocard_box getdirection' data-c='' \n\t\t\t\t\tstyle=''><div class='evo_metarow_getDr evorow evcal_evdata_row evcal_evrow_sm getdirections'>\n\t\t<form action='https:\/\/maps.google.com\/maps' method='get' target='_blank'>\n\t\t\t<input type='hidden' name='daddr' value=\"46.32878794406342,11.600176728690842\"\/> \n\t\t\t<div class='evo_get_direction_content evo_fx_dr_r evogap10'>\n\t\t\t\t<span class='evogetdir_header evodfx evofx_dr_r evofx_ai_c marr10'>\n\t\t\t\t\t<i class='mainicon fa fa-road'><\/i> \n\t\t\t\t\t<h3 class='evo_h3' style='padding-bottom:5px;'>Ottieni indicazioni stradali<\/h3>\n\t\t\t\t<\/span>\n\t\t\t\t<span class='evogetdir_field evodfx evofx_1_1 evo_fx_dr_c evow100p'>\t\t\t\t\t\n\t\t\t\t\t<input class='evoInput evotac' type='text' name='saddr' placeholder='Digitare l&#039;indirizzo per ottenere le indicazioni stradali' value='' style='margin:10px 0;'\/>\n\t\t\t\t<\/span>\n\t\t\t\t<button type='submit' class='evo_get_direction_button evo_btn_arr_circ dfx fx_ai_c' title='Fare clic qui per ottenere indicazioni'><i class='fa fa-chevron-right'><\/i> <\/button>\n\t\t\t<\/div>\n\t\t<\/form>\n\t<\/div><\/div><\/div><div class='evo_card_row_end evcal_close' title='Testo del pulsante Chiudi evento'><\/div><\/div><div class='clear end'><\/div><\/div><div id=\"event_2682_3\" class=\"eventon_list_event evo_eventtop scheduled  event clrD event_2682_3\" data-event_id=\"2682\" data-ri=\"3r\" data-time=\"1785243600-1785249000\" data-colr=\"#ba181d\" itemscope itemtype='http:\/\/schema.org\/Event'><div class=\"evo_event_schema\" style=\"display:none\" ><a itemprop='url'  href='https:\/\/latemarium.com\/it\/events\/respirart-piccole-bonta-montane-laboratorio-di-cucina\/var\/ri-3.l-L1'><\/a><meta itemprop='image' content=\"https:\/\/latemarium.com\/wp-content\/uploads\/2019\/06\/Weigler_Schupf_Kaiserschmarren_2.jpg\" \/><meta itemprop='startDate' content=\"2026-7-28T15:00+0:00\" \/><meta itemprop='endDate' content=\"2026-7-28T16:30+0:00\" \/><meta itemprop='eventStatus' content=\"https:\/\/schema.org\/EventScheduled\" \/><meta itemprop='eventAttendanceMode'   itemscope itemtype=\"https:\/\/schema.org\/OfflineEventAttendanceMode\"\/><div style=\"display:none\" itemprop=\"location\" itemscope itemtype=\"http:\/\/schema.org\/Place\"><span itemprop=\"name\">Rifugio Agnello<\/span><span itemprop=\"address\" itemscope itemtype=\"http:\/\/schema.org\/PostalAddress\"><item itemprop=\"streetAddress\">Loc. Pampeago, 9, 38038 Tesero TN<\/item><\/span><\/div><script type=\"application\/ld+json\">{\"@context\": \"http:\/\/schema.org\",\"@type\": \"Event\",\n\t\t\t\t\"@id\": \"event_2682_3\",\n\t\t\t\t\"eventAttendanceMode\":\"https:\/\/schema.org\/OfflineEventAttendanceMode\",\n\t\t\t\t\"eventStatus\":\"https:\/\/schema.org\/EventScheduled\",\n\t\t\t\t\"name\": \"Piccole bont\u00e0 montane, laboratorio di cucina.\",\n\t\t\t\t\"url\": \"https:\/\/latemarium.com\/it\/events\/respirart-piccole-bonta-montane-laboratorio-di-cucina\/var\/ri-3.l-L1\",\n\t\t\t\t\"startDate\": \"2026-7-28T15:00+0:00\",\n\t\t\t\t\"endDate\": \"2026-7-28T16:30+0:00\",\n\t\t\t\t\"image\":\"https:\/\/latemarium.com\/wp-content\/uploads\/2019\/06\/Weigler_Schupf_Kaiserschmarren_2.jpg\", \n\t\t\t\t\"description\":\"<p>Ospiti del Rifugio Monte Agnello prepariamo, cuciniamo e gustiamo specialit\u00e0 montane reinventate da noi. Il laboratorio \u00e8 per i pi\u00f9 piccoli, ma mamma e pap\u00e0 saranno pronti, con penna per gli appunti e forchetta per gli assaggi!<\/p> <p><strong>Attivit\u00e0 gratuita<\/strong>, a numero chiuso, dai 5 ai 12 anni.<\/p> <p><strong>Info e prenotazioni<\/strong>: T. 0462 813265<\/p> \",\"location\":[{\"@type\":\"Place\",\"name\":\"Rifugio Agnello\",\"address\":{\"@type\": \"PostalAddress\",\"streetAddress\":\"Loc. Pampeago, 9, 38038 Tesero TN\"}}]}<\/script><\/div>\r\n\t\t\t\t<p class=\"desc_trig_outter\" style=\"\"><a data-gmtrig=\"1\" data-exlk=\"0\" style=\"background-color: #ba181d;\" id=\"evc_17852436002682\" class=\"hasFtIMG event_repeat desc_trig sin_val evcal_list_a\" data-ux_val=\"3\" data-ux_val_mob=\"-\"  ><span class='evoet_c1 evoet_cx '><span class='ev_ftImg' data-img='https:\/\/latemarium.com\/wp-content\/uploads\/2019\/06\/Weigler_Schupf_Kaiserschmarren_2.jpg' data-thumb='https:\/\/latemarium.com\/wp-content\/uploads\/2019\/06\/Weigler_Schupf_Kaiserschmarren_2-300x202.jpg' style='background-image:url(\"https:\/\/latemarium.com\/wp-content\/uploads\/2019\/06\/Weigler_Schupf_Kaiserschmarren_2-300x202.jpg\")' ><\/span><\/span><span class='evoet_c2 evoet_cx '><span class='evoet_dayblock evcal_cblock ' data-bgcolor='#ba181d' data-smon='luglio' data-syr='2026' data-bub=''><span class='evo_start '><em class='date'>28<\/em><em class='month'>lug<\/em><em class='time'>15:00<\/em><\/span><span class='evo_end only_time'><em class='time'>16:30<\/em><\/span><\/span><\/span><span class='evoet_c3 evoet_cx evcal_desc hide_eventtopdata '><span class='evoet_title evcal_desc2 evcal_event_title ' itemprop='name'>Piccole bont\u00e0 montane, laboratorio di cucina.<\/span><span class='event_location_attrs'  data-location_address=\"Loc. Pampeago, 9, 38038 Tesero TN\" data-location_type=\"lonlat\" data-location_name=\"Rifugio Agnello\" data-location_url=\"https:\/\/latemarium.com\/it\/event-location\/rifugio-agnello\/\" data-location_status=\"true\" data-latlng=\"46.333809095680266,11.547693182509184\"><\/span><span class='evoet_subtitle evo_below_title' ><span class='evcal_event_subtitle ' >RIFUGIO MONTE AGNELLO<\/span><\/span><span class='evoet_time_expand level_3'><em class='evcal_time evo_tz_time'><i class='fa fa-clock-o'><\/i>15:00 - 16:30<span class='evo_tz marl5'>(GMT+02:00)<\/span><\/em> <\/span><span class='evoet_location level_3'><em class=\"evcal_location\"  data-latlng=\"46.333809095680266,11.547693182509184\" data-add_str=\"Loc. Pampeago, 9, 38038 Tesero TN\" data-n=\"Rifugio Agnello\"><i class=\"fa fa-location-pin\"><\/i><em class=\"event_location_name\">Rifugio Agnello<\/em>, Loc. Pampeago, 9, 38038 Tesero TN<\/em><\/span><\/span><span class='evoet_data' data-d=\"{&quot;loc.n&quot;:&quot;Rifugio Agnello&quot;,&quot;orgs&quot;:[],&quot;tags&quot;:{&quot;repeating&quot;:&quot;Repeating Event&quot;}}\" data-bgc=\"#ba181d\" data-bggrad=\"\" ><\/span><\/a><\/p><div class='event_description evcal_eventcard ' style=\"display:none\"><div class='evocard_row'><div id='event_ftimage' class='evocard_box ftimage' data-c='' \n\t\t\t\t\tstyle=''><div class='evocard_main_image_hold' data-t='Loading Image..'><div class='evocard_main_image evo_img_triglb evobr15 evobgsc evobgpc evodfx evofx_jc_c evofx_ai_c evofz48 minmized' style='height:300px; background-image:url();' data-f=\"https:\/\/latemarium.com\/wp-content\/uploads\/2019\/06\/Weigler_Schupf_Kaiserschmarren_2.jpg\" data-h=\"3840\" data-w=\"5695\" data-ratio=\"0.67427568042142\" data-event_id=\"2682\" data-ri=\"3\"  data-t='Loading Image..'><span style='height:300px; background-image:url(https:\/\/latemarium.com\/wp-content\/uploads\/2019\/06\/Weigler_Schupf_Kaiserschmarren_2.jpg)'><\/span><\/div><\/div><\/div><\/div><div class='evocard_row'><div id='event_eventdetails' class='evocard_box eventdetails' data-c='' \n\t\t\t\t\tstyle=''><div class='evo_metarow_details evorow evcal_evdata_row evcal_event_details'>\n\t\t<div class=\"event_excerpt\" style=\"display:none\"><h3 class=\"padb5 evo_h3\">Dettagli dell&#039;evento<\/h3><p>Ospiti del Rifugio Monte Agnello prepariamo, cuciniamo e gustiamo specialit\u00e0 montane reinventate da noi. Il laboratorio \u00e8 per i pi\u00f9 piccoli, ma mamma e pap\u00e0 saranno pronti, con penna per<\/p><\/div><span class='evcal_evdata_icons'><i class='fa fa-align-justify'><\/i><\/span>\n\t\t\n\t\t<div class='evcal_evdata_cell '>\n\t\t\t<div class='eventon_full_description'>\n\t\t\t\t<h3 class='padb5 evo_h3'><span class='evcal_evdata_icons'><i class='fa fa-align-justify'><\/i><\/span>Dettagli dell&#039;evento<\/h3>\n\t\t\t\t<div class='eventon_desc_in' itemprop='description'>\n\t\t\t\t<p>Ospiti del Rifugio Monte Agnello prepariamo, cuciniamo e gustiamo specialit\u00e0 montane reinventate da noi. Il laboratorio \u00e8 per i pi\u00f9 piccoli, ma mamma e pap\u00e0 saranno pronti, con penna per gli appunti e forchetta per gli assaggi!<\/p>\n<p><strong>Attivit\u00e0 gratuita<\/strong>, a numero chiuso, dai 5 ai 12 anni.<\/p>\n<p><strong>Info e prenotazioni<\/strong>: T. 0462 813265<\/p>\n<\/div><div class='clear'><\/div>\n\t\t\t<\/div>\n\t\t<\/div>\n\t<\/div><\/div><\/div><div class='evocard_row bx2 bx'><div id='event_time' class='evocard_box time' data-c='' \n\t\t\t\t\tstyle=''><div class='evo_metarow_time evorow evcal_evdata_row evcal_evrow_sm '>\n\t\t<span class='evcal_evdata_icons'><i class='fa fa-clock'><\/i><\/span>\n\t\t<div class='evcal_evdata_cell'>\t\t\t\t\t\t\t\n\t\t\t<h3 class='evo_h3'><span class='evcal_evdata_icons'><i class='fa fa-clock'><\/i><\/span>Orario<\/h3><p><span class='evo_eventcard_time_t'>28 luglio 2026 15:00 - 16:30<\/span><span class='evo_tz marr5'>(GMT+02:00)<\/span><\/p>\n\t\t<\/div>\n\t<\/div><\/div><div id='event_location' class='evocard_box location' data-c='' \n\t\t\t\t\tstyle=''><div class='evcal_evdata_row evo_metarow_time_location evorow '>\n\t\t\n\t\t\t<span class='evcal_evdata_icons'><i class='fa fa-map-marker'><\/i><\/span>\n\t\t\t<div class='evcal_evdata_cell' data-loc_tax_id='24'><h3 class='evo_h3 evodfx'><span class='evcal_evdata_icons'><i class='fa fa-map-marker'><\/i><\/span><a target=\"_blank\" href=\"https:\/\/www.facebook.com\/profile.php?id=100064742944609\">Luogo<\/a><\/h3><p class='evo_location_name'><a target=\"_blank\" href=\"https:\/\/www.facebook.com\/profile.php?id=100064742944609\">Rifugio Agnello<\/a><\/p><p class='evo_location_address evodfxi evogap10'><a target=\"_blank\" href=\"https:\/\/www.facebook.com\/profile.php?id=100064742944609\">Loc. Pampeago, 9, 38038 Tesero TN<\/a><\/p><div class='padt10'><span class='evo_btn_arr evolb_trigger' data-lbvals=\"{&quot;lbc&quot;:&quot;evo_location_lb_24&quot;,&quot;lbac&quot;:&quot;lb_max&quot;,&quot;t&quot;:&quot;Rifugio Agnello&quot;,&quot;ajax&quot;:&quot;yes&quot;,&quot;ajax_type&quot;:&quot;endpoint&quot;,&quot;ajax_action&quot;:&quot;eventon_get_tax_card_content&quot;,&quot;end&quot;:&quot;client&quot;,&quot;d&quot;:{&quot;lang&quot;:&quot;L1&quot;,&quot;term_id&quot;:24,&quot;tax&quot;:&quot;event_location&quot;,&quot;load_lbcontent&quot;:true},&quot;uid&quot;:&quot;eventon_get_tax_card_content&quot;}\" >Other Events<i class='fa fa-chevron-right'><\/i><\/span><\/div><\/div>\n\t\t\n\t<\/div><\/div><\/div><div class='evocard_row'><div id='event_addtocal' class='evocard_box addtocal' data-c='' \n\t\t\t\t\tstyle=''><div class='evo_metarow_ICS evorow evcal_evdata_row'>\n\t\t\t<span class='evcal_evdata_icons'><i class='fa fa-calendar-o'><\/i><\/span>\n\t\t\t<div class='evcal_evdata_cell'>\n\t\t\t\t<p><a href='https:\/\/latemarium.com\/it\/export-events\/2682_3\/?nonce=a3263097f9' class='evo_ics_nCal' title='Aggiungi al tuo calendario'>Calendario<\/a><a href='https:\/\/www.google.com\/calendar\/event?action=TEMPLATE&text=Piccole+bont%C3%A0+montane%2C+laboratorio+di+cucina.&dates=20260728T130000Z%2F20260728T143000Z&ctz=Europe%2FRome&details=Piccole bont\u00e0 montane, laboratorio di cucina.&location=Rifugio+Agnello+Loc.+Pampeago%2C+9%2C+38038+Tesero+TN' target='_blank' class='evo_ics_gCal' title='Aggiungi al calendario di Google'>GoogleCal<\/a><\/p>\t\n\t\t\t<\/div>\n\t\t<\/div><\/div><\/div><div class='evocard_row'><div id='event_getdirection' class='evocard_box getdirection' data-c='' \n\t\t\t\t\tstyle=''><div class='evo_metarow_getDr evorow evcal_evdata_row evcal_evrow_sm getdirections'>\n\t\t<form action='https:\/\/maps.google.com\/maps' method='get' target='_blank'>\n\t\t\t<input type='hidden' name='daddr' value=\"46.333809095680266,11.547693182509184\"\/> \n\t\t\t<div class='evo_get_direction_content evo_fx_dr_r evogap10'>\n\t\t\t\t<span class='evogetdir_header evodfx evofx_dr_r evofx_ai_c marr10'>\n\t\t\t\t\t<i class='mainicon fa fa-road'><\/i> \n\t\t\t\t\t<h3 class='evo_h3' style='padding-bottom:5px;'>Ottieni indicazioni stradali<\/h3>\n\t\t\t\t<\/span>\n\t\t\t\t<span class='evogetdir_field evodfx evofx_1_1 evo_fx_dr_c evow100p'>\t\t\t\t\t\n\t\t\t\t\t<input class='evoInput evotac' type='text' name='saddr' placeholder='Digitare l&#039;indirizzo per ottenere le indicazioni stradali' value='' style='margin:10px 0;'\/>\n\t\t\t\t<\/span>\n\t\t\t\t<button type='submit' class='evo_get_direction_button evo_btn_arr_circ dfx fx_ai_c' title='Fare clic qui per ottenere indicazioni'><i class='fa fa-chevron-right'><\/i> <\/button>\n\t\t\t<\/div>\n\t\t<\/form>\n\t<\/div><\/div><\/div><div class='evo_card_row_end evcal_close' title='Testo del pulsante Chiudi evento'><\/div><\/div><div class='clear end'><\/div><\/div><div id=\"event_2079_6\" class=\"eventon_list_event evo_eventtop scheduled  event clrW no_et event_2079_6\" data-event_id=\"2079\" data-ri=\"6r\" data-time=\"1785246300-1785275940\" data-colr=\"#facd05\" itemscope itemtype='http:\/\/schema.org\/Event'><div class=\"evo_event_schema\" style=\"display:none\" ><a itemprop='url'  href='https:\/\/latemarium.com\/it\/events\/mindful-latemar\/var\/ri-6.l-L1'><\/a><meta itemprop='image' content=\"https:\/\/latemarium.com\/wp-content\/uploads\/2023\/06\/\u00a9Obereggen_LatemarAG.SpA_Mindful.Latemar_Ph.Guenther.Pichler_06.jpg\" \/><meta itemprop='startDate' content=\"2026-7-28T15:45+0:00\" \/><meta itemprop='endDate' content=\"2026-7-28T23:59+0:00\" \/><meta itemprop='eventStatus' content=\"https:\/\/schema.org\/EventScheduled\" \/><meta itemprop='eventAttendanceMode'   itemscope itemtype=\"https:\/\/schema.org\/OfflineEventAttendanceMode\"\/><div style=\"display:none\" itemprop=\"location\" itemscope itemtype=\"http:\/\/schema.org\/Place\"><span itemprop=\"name\">Stazione a valle Obereggen<\/span><span itemprop=\"address\" itemscope itemtype=\"http:\/\/schema.org\/PostalAddress\"><item itemprop=\"streetAddress\">Via Obereggen, 16, 39050 Nova Ponente BZ<\/item><\/span><\/div><script type=\"application\/ld+json\">{\"@context\": \"http:\/\/schema.org\",\"@type\": \"Event\",\n\t\t\t\t\"@id\": \"event_2079_6\",\n\t\t\t\t\"eventAttendanceMode\":\"https:\/\/schema.org\/OfflineEventAttendanceMode\",\n\t\t\t\t\"eventStatus\":\"https:\/\/schema.org\/EventScheduled\",\n\t\t\t\t\"name\": \"Mindful.Latemar\",\n\t\t\t\t\"url\": \"https:\/\/latemarium.com\/it\/events\/mindful-latemar\/var\/ri-6.l-L1\",\n\t\t\t\t\"startDate\": \"2026-7-28T15:45+0:00\",\n\t\t\t\t\"endDate\": \"2026-7-28T23:59+0:00\",\n\t\t\t\t\"image\":\"https:\/\/latemarium.com\/wp-content\/uploads\/2023\/06\/\u00a9Obereggen_LatemarAG.SpA_Mindful.Latemar_Ph.Guenther.Pichler_06.jpg\", \n\t\t\t\t\"description\":\"<p>Mindful.Latemar si trova a Obereggen lungo il <strong>sentiero circolare sul monte Golfrion<\/strong>, nel cuore delle Dolomiti a 1872 metri di altitudine.<\/p> <p>Il percorso prevede <strong>18 esercizi di Mindfulness<\/strong> in un luogo speciale che vuole rappresentare un esempio di rinascita e resilienza dopo che \u00e8 stato colpito dalla tempesta Vaia nel novembre 2018.<\/p> <h3 class='wysiwyg__subline'>Il Dott. Bernagozzi ti accompagna ogni marted\u00ec:<\/h3> <div class='wysiwyg__description'> <p>dalle ore 13.30 alle ore 15.30 (in tedesco)<br \/> dalle ore 15.45 alle ore 17.45 (in italiano)<\/p> <\/div> <ul> <li>Punto di ritrovo: stazione a valle cabinovia &#8220;Obereggen-Ochsenweide&#8221;<\/li> <li>Prezzo: 30,00 \u20ac a persona inclusa l&#8217;andata e il ritorno con la\u00a0cabinovia<\/li> <li>Prenotazione online al seguente link:\u00a0<u><strong><a href='https:\/\/eggental.com\/it\/ajax-events#11946' target='_blank' rel='noopener'>Val d&#8217;Ega Turismo<\/a><\/strong><\/u>\u00a0(max. 10 persone)<\/li> <\/ul> \",\"location\":[{\"@type\":\"Place\",\"name\":\"Stazione a valle Obereggen\",\"address\":{\"@type\": \"PostalAddress\",\"streetAddress\":\"Via Obereggen, 16, 39050 Nova Ponente BZ\"}}]}<\/script><\/div>\r\n\t\t\t\t<p class=\"desc_trig_outter\" style=\"\"><a data-gmtrig=\"1\" data-exlk=\"0\" style=\"background-color: #facd05;\" id=\"evc_17852463002079\" class=\"hasFtIMG event_repeat desc_trig sin_val evcal_list_a\" data-ux_val=\"3\" data-ux_val_mob=\"-\"  ><span class='evoet_c1 evoet_cx '><span class='ev_ftImg' data-img='https:\/\/latemarium.com\/wp-content\/uploads\/2023\/06\/\u00a9Obereggen_LatemarAG.SpA_Mindful.Latemar_Ph.Guenther.Pichler_06.jpg' data-thumb='https:\/\/latemarium.com\/wp-content\/uploads\/2023\/06\/\u00a9Obereggen_LatemarAG.SpA_Mindful.Latemar_Ph.Guenther.Pichler_06-300x169.jpg' style='background-image:url(\"https:\/\/latemarium.com\/wp-content\/uploads\/2023\/06\/\u00a9Obereggen_LatemarAG.SpA_Mindful.Latemar_Ph.Guenther.Pichler_06-300x169.jpg\")' ><\/span><\/span><span class='evoet_c2 evoet_cx '><span class='evoet_dayblock evcal_cblock ' data-bgcolor='#facd05' data-smon='luglio' data-syr='2026' data-bub=''><span class='evo_start '><em class='date'>28<\/em><em class='month'>lug<\/em><em class='time'>15:45<\/em><\/span><\/span><\/span><span class='evoet_c3 evoet_cx evcal_desc hide_eventtopdata '><span class='evoet_title evcal_desc2 evcal_event_title ' itemprop='name'>Mindful.Latemar<\/span><span class='event_location_attrs'  data-location_address=\"Via Obereggen, 16, 39050 Nova Ponente BZ\" data-location_type=\"lonlat\" data-location_name=\"Stazione a valle Obereggen\" data-location_url=\"https:\/\/latemarium.com\/it\/event-location\/stazione-a-valle-obereggen\/\" data-location_status=\"true\" data-latlng=\"46.3835808246333,11.52667595881786\"><\/span><span class='evoet_subtitle evo_below_title' ><span class='evcal_event_subtitle ' >Passeggiata Mindfulness con Psicologo del Benessere e Istruttore di Mindfulness Dott. Thomas Bernagozzi. <\/span><\/span><span class='evoet_time_expand level_3'><em class='evcal_time evo_tz_time'><i class='fa fa-clock-o'><\/i>15:45<span class='evo_tz marl5'>(GMT+02:00)<\/span><\/em> <\/span><span class='evoet_location level_3'><em class=\"evcal_location\"  data-latlng=\"46.3835808246333,11.52667595881786\" data-add_str=\"Via Obereggen, 16, 39050 Nova Ponente BZ\" data-n=\"Stazione a valle Obereggen\"><i class=\"fa fa-location-pin\"><\/i><em class=\"event_location_name\">Stazione a valle Obereggen<\/em>, Via Obereggen, 16, 39050 Nova Ponente BZ<\/em><\/span><\/span><span class='evoet_data' data-d=\"{&quot;loc.n&quot;:&quot;Stazione a valle Obereggen&quot;,&quot;orgs&quot;:[],&quot;tags&quot;:{&quot;repeating&quot;:&quot;Repeating Event&quot;}}\" data-bgc=\"#facd05\" data-bggrad=\"\" ><\/span><\/a><\/p><div class='event_description evcal_eventcard ' style=\"display:none\"><div class='evocard_row'><div id='event_ftimage' class='evocard_box ftimage' data-c='' \n\t\t\t\t\tstyle=''><div class='evocard_main_image_hold' data-t='Loading Image..'><div class='evocard_main_image evo_img_triglb evobr15 evobgsc evobgpc evodfx evofx_jc_c evofx_ai_c evofz48 minmized' style='height:300px; background-image:url();' data-f=\"https:\/\/latemarium.com\/wp-content\/uploads\/2023\/06\/\u00a9Obereggen_LatemarAG.SpA_Mindful.Latemar_Ph.Guenther.Pichler_06.jpg\" data-h=\"812\" data-w=\"1445\" data-ratio=\"0.56193771626298\" data-event_id=\"2079\" data-ri=\"6\"  data-t='Loading Image..'><span style='height:300px; background-image:url(https:\/\/latemarium.com\/wp-content\/uploads\/2023\/06\/\u00a9Obereggen_LatemarAG.SpA_Mindful.Latemar_Ph.Guenther.Pichler_06.jpg)'><\/span><\/div><\/div><\/div><\/div><div class='evocard_row'><div id='event_eventdetails' class='evocard_box eventdetails' data-c='' \n\t\t\t\t\tstyle=''><div class='evo_metarow_details evorow evcal_evdata_row evcal_event_details'>\n\t\t<div class=\"event_excerpt\" style=\"display:none\"><h3 class=\"padb5 evo_h3\">Dettagli dell&#039;evento<\/h3><p>Mindful.Latemar si trova a Obereggen lungo il sentiero circolare sul monte Golfrion, nel cuore delle Dolomiti a 1872 metri di altitudine.\nIl percorso prevede 18 esercizi di Mindfulness in un luogo<\/p><\/div><span class='evcal_evdata_icons'><i class='fa fa-align-justify'><\/i><\/span>\n\t\t\n\t\t<div class='evcal_evdata_cell shorter_desc'>\n\t\t\t<div class='eventon_full_description'>\n\t\t\t\t<h3 class='padb5 evo_h3'><span class='evcal_evdata_icons'><i class='fa fa-align-justify'><\/i><\/span>Dettagli dell&#039;evento<\/h3>\n\t\t\t\t<div class='eventon_desc_in' itemprop='description'>\n\t\t\t\t<p>Mindful.Latemar si trova a Obereggen lungo il <strong>sentiero circolare sul monte Golfrion<\/strong>, nel cuore delle Dolomiti a 1872 metri di altitudine.<\/p>\n<p>Il percorso prevede <strong>18 esercizi di Mindfulness<\/strong> in un luogo speciale che vuole rappresentare un esempio di rinascita e resilienza dopo che \u00e8 stato colpito dalla tempesta Vaia nel novembre 2018.<\/p>\n<h3 class=\"wysiwyg__subline\">Il Dott. Bernagozzi ti accompagna ogni marted\u00ec:<\/h3>\n<div class=\"wysiwyg__description\">\n<p>dalle ore 13.30 alle ore 15.30 (in tedesco)<br \/>\ndalle ore 15.45 alle ore 17.45 (in italiano)<\/p>\n<\/div>\n<ul>\n<li>Punto di ritrovo: stazione a valle cabinovia &#8220;Obereggen-Ochsenweide&#8221;<\/li>\n<li>Prezzo: 30,00 \u20ac a persona inclusa l&#8217;andata e il ritorno con la\u00a0cabinovia<\/li>\n<li>Prenotazione online al seguente link:\u00a0<u><strong><a href=\"https:\/\/eggental.com\/it\/ajax-events#11946\" target=\"_blank\" rel=\"noopener\">Val d&#8217;Ega Turismo<\/a><\/strong><\/u>\u00a0(max. 10 persone)<\/li>\n<\/ul>\n<\/div><p class='eventon_shad_p' style='padding:5px 0 0; margin:0'>\n\t\t\t<span class='evcal_btn evo_btn_secondary evobtn_details_show_more' content='less'>\n\t\t\t\t<span class='ev_more_text' data-txt='Meno'>Pi\u00f9<\/span><span class='ev_more_arrow ard'><\/span>\n\t\t\t<\/span>\n\t\t<\/p><div class='clear'><\/div>\n\t\t\t<\/div>\n\t\t<\/div>\n\t<\/div><\/div><\/div><div class='evocard_row bx2 bx'><div id='event_time' class='evocard_box time' data-c='' \n\t\t\t\t\tstyle=''><div class='evo_metarow_time evorow evcal_evdata_row evcal_evrow_sm '>\n\t\t<span class='evcal_evdata_icons'><i class='fa fa-clock'><\/i><\/span>\n\t\t<div class='evcal_evdata_cell'>\t\t\t\t\t\t\t\n\t\t\t<h3 class='evo_h3'><span class='evcal_evdata_icons'><i class='fa fa-clock'><\/i><\/span>Orario<\/h3><p><span class='evo_eventcard_time_t'>28 luglio 2026 15:45<\/span><span class='evo_tz marr5'>(GMT+02:00)<\/span><\/p>\n\t\t<\/div>\n\t<\/div><\/div><div id='event_location' class='evocard_box location' data-c='' \n\t\t\t\t\tstyle=''><div class='evcal_evdata_row evo_metarow_time_location evorow '>\n\t\t\n\t\t\t<span class='evcal_evdata_icons'><i class='fa fa-map-marker'><\/i><\/span>\n\t\t\t<div class='evcal_evdata_cell' data-loc_tax_id='22'><h3 class='evo_h3 evodfx'><span class='evcal_evdata_icons'><i class='fa fa-map-marker'><\/i><\/span>Luogo<\/h3><p class='evo_location_name'>Stazione a valle Obereggen<\/p><p class='evo_location_address evodfxi evogap10'>Via Obereggen, 16, 39050 Nova Ponente BZ<\/p><div class='padt10'><span class='evo_btn_arr evolb_trigger' data-lbvals=\"{&quot;lbc&quot;:&quot;evo_location_lb_22&quot;,&quot;lbac&quot;:&quot;lb_max&quot;,&quot;t&quot;:&quot;Stazione a valle Obereggen&quot;,&quot;ajax&quot;:&quot;yes&quot;,&quot;ajax_type&quot;:&quot;endpoint&quot;,&quot;ajax_action&quot;:&quot;eventon_get_tax_card_content&quot;,&quot;end&quot;:&quot;client&quot;,&quot;d&quot;:{&quot;lang&quot;:&quot;L1&quot;,&quot;term_id&quot;:22,&quot;tax&quot;:&quot;event_location&quot;,&quot;load_lbcontent&quot;:true},&quot;uid&quot;:&quot;eventon_get_tax_card_content&quot;}\" >Other Events<i class='fa fa-chevron-right'><\/i><\/span><\/div><\/div>\n\t\t\n\t<\/div><\/div><\/div><div class='evocard_row bx2 bx'><div id='event_learnmore' class='evocard_box learnmore' data-c='' \n\t\t\t\t\tstyle=''><div class='evo_metarow_learnM evo_metarow_learnmore evorow'>\n\t\t\t\t\t\t\t<a class='evcal_evdata_row evo_clik_row ' href='https:\/\/obereggen.com\/it\/mindfullatemar' target=\"_blank\">\n\t\t\t\t\t\t\t\t<span class='evcal_evdata_icons'><i class='fa fa-link'><\/i><\/span>\n\t\t\t\t\t\t\t\t<h3 class='evo_h3'>Scopri di pi\u00f9<\/h3>\n\t\t\t\t\t\t\t<\/a>\n\t\t\t\t\t\t\t<\/div><\/div><div id='event_addtocal' class='evocard_box addtocal' data-c='' \n\t\t\t\t\tstyle=''><div class='evo_metarow_ICS evorow evcal_evdata_row'>\n\t\t\t<span class='evcal_evdata_icons'><i class='fa fa-calendar-o'><\/i><\/span>\n\t\t\t<div class='evcal_evdata_cell'>\n\t\t\t\t<p><a href='https:\/\/latemarium.com\/it\/export-events\/2079_6\/?nonce=a3263097f9' class='evo_ics_nCal' title='Aggiungi al tuo calendario'>Calendario<\/a><a href='https:\/\/www.google.com\/calendar\/event?action=TEMPLATE&text=Mindful.Latemar&dates=20260728T134500Z%2F20260728T215900Z&ctz=Europe%2FRome&details=Mindful.Latemar&location=Stazione+a+valle+Obereggen+Via+Obereggen%2C+16%2C+39050+Nova+Ponente+BZ' target='_blank' class='evo_ics_gCal' title='Aggiungi al calendario di Google'>GoogleCal<\/a><\/p>\t\n\t\t\t<\/div>\n\t\t<\/div><\/div><\/div><div class='evocard_row'><div id='event_getdirection' class='evocard_box getdirection' data-c='' \n\t\t\t\t\tstyle=''><div class='evo_metarow_getDr evorow evcal_evdata_row evcal_evrow_sm getdirections'>\n\t\t<form action='https:\/\/maps.google.com\/maps' method='get' target='_blank'>\n\t\t\t<input type='hidden' name='daddr' value=\"46.3835808246333,11.52667595881786\"\/> \n\t\t\t<div class='evo_get_direction_content evo_fx_dr_r evogap10'>\n\t\t\t\t<span class='evogetdir_header evodfx evofx_dr_r evofx_ai_c marr10'>\n\t\t\t\t\t<i class='mainicon fa fa-road'><\/i> \n\t\t\t\t\t<h3 class='evo_h3' style='padding-bottom:5px;'>Ottieni indicazioni stradali<\/h3>\n\t\t\t\t<\/span>\n\t\t\t\t<span class='evogetdir_field evodfx evofx_1_1 evo_fx_dr_c evow100p'>\t\t\t\t\t\n\t\t\t\t\t<input class='evoInput evotac' type='text' name='saddr' placeholder='Digitare l&#039;indirizzo per ottenere le indicazioni stradali' value='' style='margin:10px 0;'\/>\n\t\t\t\t<\/span>\n\t\t\t\t<button type='submit' class='evo_get_direction_button evo_btn_arr_circ dfx fx_ai_c' title='Fare clic qui per ottenere indicazioni'><i class='fa fa-chevron-right'><\/i> <\/button>\n\t\t\t<\/div>\n\t\t<\/form>\n\t<\/div><\/div><\/div><div class='evo_card_row_end evcal_close' title='Testo del pulsante Chiudi evento'><\/div><\/div><div class='clear end'><\/div><\/div><div id=\"event_2181_4\" class=\"eventon_list_event evo_eventtop scheduled  event clrD no_et event_2181_4\" data-event_id=\"2181\" data-ri=\"4r\" data-time=\"1785310200-1785362340\" data-colr=\"#ba181d\" itemscope itemtype='http:\/\/schema.org\/Event'><div class=\"evo_event_schema\" style=\"display:none\" ><a itemprop='url'  href='https:\/\/latemarium.com\/it\/events\/geotrekking-torre-di-pisa\/var\/ri-4.l-L1'><\/a><meta itemprop='image' content=\"https:\/\/latemarium.com\/wp-content\/uploads\/2020\/06\/latemar-torre-di-pisa-estate-2019_ph.alice-russolo-90-scaled.jpg\" \/><meta itemprop='startDate' content=\"2026-7-29T09:30+0:00\" \/><meta itemprop='endDate' content=\"2026-7-29T23:59+0:00\" \/><meta itemprop='eventStatus' content=\"https:\/\/schema.org\/EventScheduled\" \/><meta itemprop='eventAttendanceMode'   itemscope itemtype=\"https:\/\/schema.org\/OfflineEventAttendanceMode\"\/><script type=\"application\/ld+json\">{\"@context\": \"http:\/\/schema.org\",\"@type\": \"Event\",\n\t\t\t\t\"@id\": \"event_2181_4\",\n\t\t\t\t\"eventAttendanceMode\":\"https:\/\/schema.org\/OfflineEventAttendanceMode\",\n\t\t\t\t\"eventStatus\":\"https:\/\/schema.org\/EventScheduled\",\n\t\t\t\t\"name\": \"GEOTREKKING TORRE DI PISA\",\n\t\t\t\t\"url\": \"https:\/\/latemarium.com\/it\/events\/geotrekking-torre-di-pisa\/var\/ri-4.l-L1\",\n\t\t\t\t\"startDate\": \"2026-7-29T09:30+0:00\",\n\t\t\t\t\"endDate\": \"2026-7-29T23:59+0:00\",\n\t\t\t\t\"image\":\"https:\/\/latemarium.com\/wp-content\/uploads\/2020\/06\/latemar-torre-di-pisa-estate-2019_ph.alice-russolo-90-scaled.jpg\", \n\t\t\t\t\"description\":\"<p><strong>Emozionante escursione geologica in quota<\/strong>, alla scoperta dell\u2019atollo del Latemar, perla dell\u2019arcipelago fossile delle Dolomiti Patrimonio UNESCO. Un suggestivo percorso ad anello guidati da un esperto Geologo e Accompagnatore di Media Montagna. Da passo Feudo si sale al rifugio Torre di Pisa per proseguire in quota fino alla forcella dei Camosci, da cui si scende rituffandosi nella profondit\u00e0 del mare tropicale fino al punto di partenza. Pranzo al sacco. Et\u00e0 minima 12 anni.<\/p> <p>Il percorso \u00e8 media difficolt\u00e0, con sentieri ben percorribili e brevi tratti leggermente esposti, dislivello 780 metri circa.<\/p> <p>Prenotazione obbligatoria entro le ore 18.30 del giorno precedente al numero:\u00a00462 241111<\/p> \"}<\/script><\/div>\r\n\t\t\t\t<p class=\"desc_trig_outter\" style=\"\"><a data-gmap_status=\"null\" data-exlk=\"0\" style=\"background-color: #ba181d;\" id=\"evc_17853102002181\" class=\"hasFtIMG event_repeat desc_trig sin_val evcal_list_a\" data-ux_val=\"3\" data-ux_val_mob=\"-\"  ><span class='evoet_c1 evoet_cx '><span class='ev_ftImg' data-img='https:\/\/latemarium.com\/wp-content\/uploads\/2020\/06\/latemar-torre-di-pisa-estate-2019_ph.alice-russolo-90-scaled.jpg' data-thumb='https:\/\/latemarium.com\/wp-content\/uploads\/2020\/06\/latemar-torre-di-pisa-estate-2019_ph.alice-russolo-90-300x200.jpg' style='background-image:url(\"https:\/\/latemarium.com\/wp-content\/uploads\/2020\/06\/latemar-torre-di-pisa-estate-2019_ph.alice-russolo-90-300x200.jpg\")' ><\/span><\/span><span class='evoet_c2 evoet_cx '><span class='evoet_dayblock evcal_cblock ' data-bgcolor='#ba181d' data-smon='luglio' data-syr='2026' data-bub=''><span class='evo_start '><em class='date'>29<\/em><em class='month'>lug<\/em><em class='time'>09:30<\/em><\/span><\/span><\/span><span class='evoet_c3 evoet_cx evcal_desc hide_eventtopdata '><span class='evoet_title evcal_desc2 evcal_event_title ' itemprop='name'>GEOTREKKING TORRE DI PISA<\/span><span class='event_location_attrs' data-location_type=\"lonlat\" data-location_name=\"A monte della seggiovia Gardon\u00e8-Passo Feudo\" data-location_url=\"https:\/\/latemarium.com\/it\/event-location\/a-monte-della-seggiovia-gardone-passo-feudo\/\" data-location_status=\"true\" data-latlng=\"46.32878794406342,11.600176728690842\"><\/span><span class='evoet_subtitle evo_below_title' ><span class='evcal_event_subtitle ' >GEOTREKKING TORRE DI PISA<\/span><\/span><span class='evoet_time_expand level_3'><em class='evcal_time evo_tz_time'><i class='fa fa-clock-o'><\/i>09:30<span class='evo_tz marl5'>(GMT+02:00)<\/span><\/em> <\/span><span class='evoet_location level_3'><em class=\"evcal_location\"  data-latlng=\"46.32878794406342,11.600176728690842\" data-add_str=\"\" data-n=\"A monte della seggiovia Gardon\u00e8-Passo Feudo\"><i class=\"fa fa-location-pin\"><\/i><em class=\"event_location_name\">A monte della seggiovia Gardon\u00e8-Passo Feudo<\/em><\/em><\/span><\/span><span class='evoet_data' data-d=\"{&quot;loc.n&quot;:&quot;A monte della seggiovia Gardon\\u00e8-Passo Feudo&quot;,&quot;orgs&quot;:[],&quot;tags&quot;:{&quot;repeating&quot;:&quot;Repeating Event&quot;}}\" data-bgc=\"#ba181d\" data-bggrad=\"\" ><\/span><\/a><\/p><div class='event_description evcal_eventcard ' style=\"display:none\"><div class='evocard_row'><div id='event_ftimage' class='evocard_box ftimage' data-c='' \n\t\t\t\t\tstyle=''><div class='evocard_main_image_hold' data-t='Loading Image..'><div class='evocard_main_image evo_img_triglb evobr15 evobgsc evobgpc evodfx evofx_jc_c evofx_ai_c evofz48 minmized' style='height:300px; background-image:url();' data-f=\"https:\/\/latemarium.com\/wp-content\/uploads\/2020\/06\/latemar-torre-di-pisa-estate-2019_ph.alice-russolo-90-scaled.jpg\" data-h=\"1707\" data-w=\"2560\" data-ratio=\"0.666796875\" data-event_id=\"2181\" data-ri=\"4\"  data-t='Loading Image..'><span style='height:300px; background-image:url(https:\/\/latemarium.com\/wp-content\/uploads\/2020\/06\/latemar-torre-di-pisa-estate-2019_ph.alice-russolo-90-scaled.jpg)'><\/span><\/div><\/div><\/div><\/div><div class='evocard_row'><div id='event_eventdetails' class='evocard_box eventdetails' data-c='' \n\t\t\t\t\tstyle=''><div class='evo_metarow_details evorow evcal_evdata_row evcal_event_details'>\n\t\t<div class=\"event_excerpt\" style=\"display:none\"><h3 class=\"padb5 evo_h3\">Dettagli dell&#039;evento<\/h3><p>Emozionante escursione geologica in quota, alla scoperta dell\u2019atollo del Latemar, perla dell\u2019arcipelago fossile delle Dolomiti Patrimonio UNESCO. Un suggestivo percorso ad anello guidati da un esperto Geologo e Accompagnatore di<\/p><\/div><span class='evcal_evdata_icons'><i class='fa fa-align-justify'><\/i><\/span>\n\t\t\n\t\t<div class='evcal_evdata_cell shorter_desc'>\n\t\t\t<div class='eventon_full_description'>\n\t\t\t\t<h3 class='padb5 evo_h3'><span class='evcal_evdata_icons'><i class='fa fa-align-justify'><\/i><\/span>Dettagli dell&#039;evento<\/h3>\n\t\t\t\t<div class='eventon_desc_in' itemprop='description'>\n\t\t\t\t<p><strong>Emozionante escursione geologica in quota<\/strong>, alla scoperta dell\u2019atollo del Latemar, perla dell\u2019arcipelago fossile delle Dolomiti Patrimonio UNESCO. Un suggestivo percorso ad anello guidati da un esperto Geologo e Accompagnatore di Media Montagna. Da passo Feudo si sale al rifugio Torre di Pisa per proseguire in quota fino alla forcella dei Camosci, da cui si scende rituffandosi nella profondit\u00e0 del mare tropicale fino al punto di partenza. Pranzo al sacco. Et\u00e0 minima 12 anni.<\/p>\n<p>Il percorso \u00e8 media difficolt\u00e0, con sentieri ben percorribili e brevi tratti leggermente esposti, dislivello 780 metri circa.<\/p>\n<p>Prenotazione obbligatoria entro le ore 18.30 del giorno precedente al numero:\u00a00462 241111<\/p>\n<\/div><p class='eventon_shad_p' style='padding:5px 0 0; margin:0'>\n\t\t\t<span class='evcal_btn evo_btn_secondary evobtn_details_show_more' content='less'>\n\t\t\t\t<span class='ev_more_text' data-txt='Meno'>Pi\u00f9<\/span><span class='ev_more_arrow ard'><\/span>\n\t\t\t<\/span>\n\t\t<\/p><div class='clear'><\/div>\n\t\t\t<\/div>\n\t\t<\/div>\n\t<\/div><\/div><\/div><div class='evocard_row bx2 bx'><div id='event_time' class='evocard_box time' data-c='' \n\t\t\t\t\tstyle=''><div class='evo_metarow_time evorow evcal_evdata_row evcal_evrow_sm '>\n\t\t<span class='evcal_evdata_icons'><i class='fa fa-clock'><\/i><\/span>\n\t\t<div class='evcal_evdata_cell'>\t\t\t\t\t\t\t\n\t\t\t<h3 class='evo_h3'><span class='evcal_evdata_icons'><i class='fa fa-clock'><\/i><\/span>Orario<\/h3><p><span class='evo_eventcard_time_t'>29 luglio 2026 09:30<\/span><span class='evo_tz marr5'>(GMT+02:00)<\/span><\/p>\n\t\t<\/div>\n\t<\/div><\/div><div id='event_location' class='evocard_box location' data-c='' \n\t\t\t\t\tstyle=''><div class='evcal_evdata_row evo_metarow_time_location evorow '>\n\t\t\n\t\t\t<span class='evcal_evdata_icons'><i class='fa fa-map-marker'><\/i><\/span>\n\t\t\t<div class='evcal_evdata_cell' data-loc_tax_id='37'><h3 class='evo_h3 evodfx'><span class='evcal_evdata_icons'><i class='fa fa-map-marker'><\/i><\/span>Luogo<\/h3><p class='evo_location_name'>A monte della seggiovia Gardon\u00e8-Passo Feudo<\/p><div class='padt10'><span class='evo_btn_arr evolb_trigger' data-lbvals=\"{&quot;lbc&quot;:&quot;evo_location_lb_37&quot;,&quot;lbac&quot;:&quot;lb_max&quot;,&quot;t&quot;:&quot;A monte della seggiovia Gardon\\u00e8-Passo Feudo&quot;,&quot;ajax&quot;:&quot;yes&quot;,&quot;ajax_type&quot;:&quot;endpoint&quot;,&quot;ajax_action&quot;:&quot;eventon_get_tax_card_content&quot;,&quot;end&quot;:&quot;client&quot;,&quot;d&quot;:{&quot;lang&quot;:&quot;L1&quot;,&quot;term_id&quot;:37,&quot;tax&quot;:&quot;event_location&quot;,&quot;load_lbcontent&quot;:true},&quot;uid&quot;:&quot;eventon_get_tax_card_content&quot;}\" >Other Events<i class='fa fa-chevron-right'><\/i><\/span><\/div><\/div>\n\t\t\n\t<\/div><\/div><\/div><div class='evocard_row bx2 bx'><div id='event_learnmore' class='evocard_box learnmore' data-c='' \n\t\t\t\t\tstyle=''><div class='evo_metarow_learnM evo_metarow_learnmore evorow'>\n\t\t\t\t\t\t\t<a class='evcal_evdata_row evo_clik_row ' href='https:\/\/www.latemar.it\/estate\/geotrekking\/' target=\"_blank\">\n\t\t\t\t\t\t\t\t<span class='evcal_evdata_icons'><i class='fa fa-link'><\/i><\/span>\n\t\t\t\t\t\t\t\t<h3 class='evo_h3'>Scopri di pi\u00f9<\/h3>\n\t\t\t\t\t\t\t<\/a>\n\t\t\t\t\t\t\t<\/div><\/div><div id='event_addtocal' class='evocard_box addtocal' data-c='' \n\t\t\t\t\tstyle=''><div class='evo_metarow_ICS evorow evcal_evdata_row'>\n\t\t\t<span class='evcal_evdata_icons'><i class='fa fa-calendar-o'><\/i><\/span>\n\t\t\t<div class='evcal_evdata_cell'>\n\t\t\t\t<p><a href='https:\/\/latemarium.com\/it\/export-events\/2181_4\/?nonce=a3263097f9' class='evo_ics_nCal' title='Aggiungi al tuo calendario'>Calendario<\/a><a href='https:\/\/www.google.com\/calendar\/event?action=TEMPLATE&text=GEOTREKKING+TORRE+DI+PISA&dates=20260729T073000Z%2F20260729T215900Z&ctz=Europe%2FRome&details=GEOTREKKING TORRE DI PISA&location=A+monte+della+seggiovia+Gardon%C3%A8-Passo+Feudo' target='_blank' class='evo_ics_gCal' title='Aggiungi al calendario di Google'>GoogleCal<\/a><\/p>\t\n\t\t\t<\/div>\n\t\t<\/div><\/div><\/div><div class='evocard_row'><div id='event_getdirection' class='evocard_box getdirection' data-c='' \n\t\t\t\t\tstyle=''><div class='evo_metarow_getDr evorow evcal_evdata_row evcal_evrow_sm getdirections'>\n\t\t<form action='https:\/\/maps.google.com\/maps' method='get' target='_blank'>\n\t\t\t<input type='hidden' name='daddr' value=\"46.32878794406342,11.600176728690842\"\/> \n\t\t\t<div class='evo_get_direction_content evo_fx_dr_r evogap10'>\n\t\t\t\t<span class='evogetdir_header evodfx evofx_dr_r evofx_ai_c marr10'>\n\t\t\t\t\t<i class='mainicon fa fa-road'><\/i> \n\t\t\t\t\t<h3 class='evo_h3' style='padding-bottom:5px;'>Ottieni indicazioni stradali<\/h3>\n\t\t\t\t<\/span>\n\t\t\t\t<span class='evogetdir_field evodfx evofx_1_1 evo_fx_dr_c evow100p'>\t\t\t\t\t\n\t\t\t\t\t<input class='evoInput evotac' type='text' name='saddr' placeholder='Digitare l&#039;indirizzo per ottenere le indicazioni stradali' value='' style='margin:10px 0;'\/>\n\t\t\t\t<\/span>\n\t\t\t\t<button type='submit' class='evo_get_direction_button evo_btn_arr_circ dfx fx_ai_c' title='Fare clic qui per ottenere indicazioni'><i class='fa fa-chevron-right'><\/i> <\/button>\n\t\t\t<\/div>\n\t\t<\/form>\n\t<\/div><\/div><\/div><div class='evo_card_row_end evcal_close' title='Testo del pulsante Chiudi evento'><\/div><\/div><div class='clear end'><\/div><\/div><div id=\"event_2169_3\" class=\"eventon_list_event evo_eventtop scheduled  event clrW no_et event_2169_3\" data-event_id=\"2169\" data-ri=\"3r\" data-time=\"1785313800-1785362340\" data-colr=\"#a69dcd\" itemscope itemtype='http:\/\/schema.org\/Event'><div class=\"evo_event_schema\" style=\"display:none\" ><a itemprop='url'  href='https:\/\/latemarium.com\/it\/events\/gea-alla-conquista-della-cima\/var\/ri-3.l-L1'><\/a><meta itemprop='image' content=\"https:\/\/latemarium.com\/wp-content\/uploads\/2023\/06\/geotrail-1200x800-alice-russolo-rocce-barca-2.jpg\" \/><meta itemprop='startDate' content=\"2026-7-29T10:30+0:00\" \/><meta itemprop='endDate' content=\"2026-7-29T23:59+0:00\" \/><meta itemprop='eventStatus' content=\"https:\/\/schema.org\/EventScheduled\" \/><meta itemprop='eventAttendanceMode'   itemscope itemtype=\"https:\/\/schema.org\/OfflineEventAttendanceMode\"\/><script type=\"application\/ld+json\">{\"@context\": \"http:\/\/schema.org\",\"@type\": \"Event\",\n\t\t\t\t\"@id\": \"event_2169_3\",\n\t\t\t\t\"eventAttendanceMode\":\"https:\/\/schema.org\/OfflineEventAttendanceMode\",\n\t\t\t\t\"eventStatus\":\"https:\/\/schema.org\/EventScheduled\",\n\t\t\t\t\"name\": \"Gea alla conquista della cima\",\n\t\t\t\t\"url\": \"https:\/\/latemarium.com\/it\/events\/gea-alla-conquista-della-cima\/var\/ri-3.l-L1\",\n\t\t\t\t\"startDate\": \"2026-7-29T10:30+0:00\",\n\t\t\t\t\"endDate\": \"2026-7-29T23:59+0:00\",\n\t\t\t\t\"image\":\"https:\/\/latemarium.com\/wp-content\/uploads\/2023\/06\/geotrail-1200x800-alice-russolo-rocce-barca-2.jpg\", \n\t\t\t\t\"description\":\"<p>La nostra Gea, libera e entusiasta compie una nuova impresa con due esperti accompagnatori e insieme conquisteranno la cima!<\/p> <p>mercoled\u00ec: dall&#8217;8 luglio al 19 agosto 2026<br \/> a monte della seggiovia Gardon\u00e8-Passo Feudo<br \/> ore 10.30<br \/> adatto a famiglie e bambini dai 5 anni in su\u00a0(durata 1h30\u2019)<\/p> \"}<\/script><\/div>\r\n\t\t\t\t<p class=\"desc_trig_outter\" style=\"\"><a data-gmap_status=\"null\" data-exlk=\"0\" style=\"background-color: #a69dcd;\" id=\"evc_17853138002169\" class=\"hasFtIMG event_repeat desc_trig sin_val evcal_list_a\" data-ux_val=\"3\" data-ux_val_mob=\"-\"  ><span class='evoet_c1 evoet_cx '><span class='ev_ftImg' data-img='https:\/\/latemarium.com\/wp-content\/uploads\/2023\/06\/geotrail-1200x800-alice-russolo-rocce-barca-2.jpg' data-thumb='https:\/\/latemarium.com\/wp-content\/uploads\/2023\/06\/geotrail-1200x800-alice-russolo-rocce-barca-2-300x200.jpg' style='background-image:url(\"https:\/\/latemarium.com\/wp-content\/uploads\/2023\/06\/geotrail-1200x800-alice-russolo-rocce-barca-2-300x200.jpg\")' ><\/span><\/span><span class='evoet_c2 evoet_cx '><span class='evoet_dayblock evcal_cblock ' data-bgcolor='#a69dcd' data-smon='luglio' data-syr='2026' data-bub=''><span class='evo_start '><em class='date'>29<\/em><em class='month'>lug<\/em><em class='time'>10:30<\/em><\/span><\/span><\/span><span class='evoet_c3 evoet_cx evcal_desc hide_eventtopdata '><span class='evoet_title evcal_desc2 evcal_event_title ' itemprop='name'>Gea alla conquista della cima<\/span><span class='event_location_attrs' data-location_type=\"lonlat\" data-location_name=\"A monte della seggiovia Gardon\u00e8-Passo Feudo\" data-location_url=\"https:\/\/latemarium.com\/it\/event-location\/a-monte-della-seggiovia-gardone-passo-feudo\/\" data-location_status=\"true\" data-latlng=\"46.32878794406342,11.600176728690842\"><\/span><span class='evoet_subtitle evo_below_title' ><span class='evcal_event_subtitle ' >Spettacolo itinerante sul Geotrail Dos Cap\u00e8l<\/span><\/span><span class='evoet_time_expand level_3'><em class='evcal_time evo_tz_time'><i class='fa fa-clock-o'><\/i>10:30<span class='evo_tz marl5'>(GMT+02:00)<\/span><\/em> <\/span><span class='evoet_location level_3'><em class=\"evcal_location\"  data-latlng=\"46.32878794406342,11.600176728690842\" data-add_str=\"\" data-n=\"A monte della seggiovia Gardon\u00e8-Passo Feudo\"><i class=\"fa fa-location-pin\"><\/i><em class=\"event_location_name\">A monte della seggiovia Gardon\u00e8-Passo Feudo<\/em><\/em><\/span><\/span><span class='evoet_data' data-d=\"{&quot;loc.n&quot;:&quot;A monte della seggiovia Gardon\\u00e8-Passo Feudo&quot;,&quot;orgs&quot;:[],&quot;tags&quot;:{&quot;repeating&quot;:&quot;Repeating Event&quot;}}\" data-bgc=\"#a69dcd\" data-bggrad=\"\" ><\/span><\/a><\/p><div class='event_description evcal_eventcard ' style=\"display:none\"><div class='evocard_row'><div id='event_ftimage' class='evocard_box ftimage' data-c='' \n\t\t\t\t\tstyle=''><div class='evocard_main_image_hold' data-t='Loading Image..'><div class='evocard_main_image evo_img_triglb evobr15 evobgsc evobgpc evodfx evofx_jc_c evofx_ai_c evofz48 minmized' style='height:300px; background-image:url();' data-f=\"https:\/\/latemarium.com\/wp-content\/uploads\/2023\/06\/geotrail-1200x800-alice-russolo-rocce-barca-2.jpg\" data-h=\"800\" data-w=\"1200\" data-ratio=\"0.66666666666667\" data-event_id=\"2169\" data-ri=\"3\"  data-t='Loading Image..'><span style='height:300px; background-image:url(https:\/\/latemarium.com\/wp-content\/uploads\/2023\/06\/geotrail-1200x800-alice-russolo-rocce-barca-2.jpg)'><\/span><\/div><\/div><\/div><\/div><div class='evocard_row'><div id='event_eventdetails' class='evocard_box eventdetails' data-c='' \n\t\t\t\t\tstyle=''><div class='evo_metarow_details evorow evcal_evdata_row evcal_event_details'>\n\t\t<div class=\"event_excerpt\" style=\"display:none\"><h3 class=\"padb5 evo_h3\">Dettagli dell&#039;evento<\/h3><p>La nostra Gea, libera e entusiasta compie una nuova impresa con due esperti accompagnatori e insieme conquisteranno la cima!\nmercoled\u00ec: dall&#8217;8 luglio al 19 agosto 2026\na monte della seggiovia Gardon\u00e8-Passo<\/p><\/div><span class='evcal_evdata_icons'><i class='fa fa-align-justify'><\/i><\/span>\n\t\t\n\t\t<div class='evcal_evdata_cell '>\n\t\t\t<div class='eventon_full_description'>\n\t\t\t\t<h3 class='padb5 evo_h3'><span class='evcal_evdata_icons'><i class='fa fa-align-justify'><\/i><\/span>Dettagli dell&#039;evento<\/h3>\n\t\t\t\t<div class='eventon_desc_in' itemprop='description'>\n\t\t\t\t<p>La nostra Gea, libera e entusiasta compie una nuova impresa con due esperti accompagnatori e insieme conquisteranno la cima!<\/p>\n<p>mercoled\u00ec: dall&#8217;8 luglio al 19 agosto 2026<br \/>\na monte della seggiovia Gardon\u00e8-Passo Feudo<br \/>\nore 10.30<br \/>\nadatto a famiglie e bambini dai 5 anni in su\u00a0(durata 1h30\u2019)<\/p>\n<\/div><div class='clear'><\/div>\n\t\t\t<\/div>\n\t\t<\/div>\n\t<\/div><\/div><\/div><div class='evocard_row bx2 bx'><div id='event_time' class='evocard_box time' data-c='' \n\t\t\t\t\tstyle=''><div class='evo_metarow_time evorow evcal_evdata_row evcal_evrow_sm '>\n\t\t<span class='evcal_evdata_icons'><i class='fa fa-clock'><\/i><\/span>\n\t\t<div class='evcal_evdata_cell'>\t\t\t\t\t\t\t\n\t\t\t<h3 class='evo_h3'><span class='evcal_evdata_icons'><i class='fa fa-clock'><\/i><\/span>Orario<\/h3><p><span class='evo_eventcard_time_t'>29 luglio 2026 10:30<\/span><span class='evo_tz marr5'>(GMT+02:00)<\/span><\/p>\n\t\t<\/div>\n\t<\/div><\/div><div id='event_location' class='evocard_box location' data-c='' \n\t\t\t\t\tstyle=''><div class='evcal_evdata_row evo_metarow_time_location evorow '>\n\t\t\n\t\t\t<span class='evcal_evdata_icons'><i class='fa fa-map-marker'><\/i><\/span>\n\t\t\t<div class='evcal_evdata_cell' data-loc_tax_id='37'><h3 class='evo_h3 evodfx'><span class='evcal_evdata_icons'><i class='fa fa-map-marker'><\/i><\/span>Luogo<\/h3><p class='evo_location_name'>A monte della seggiovia Gardon\u00e8-Passo Feudo<\/p><div class='padt10'><span class='evo_btn_arr evolb_trigger' data-lbvals=\"{&quot;lbc&quot;:&quot;evo_location_lb_37&quot;,&quot;lbac&quot;:&quot;lb_max&quot;,&quot;t&quot;:&quot;A monte della seggiovia Gardon\\u00e8-Passo Feudo&quot;,&quot;ajax&quot;:&quot;yes&quot;,&quot;ajax_type&quot;:&quot;endpoint&quot;,&quot;ajax_action&quot;:&quot;eventon_get_tax_card_content&quot;,&quot;end&quot;:&quot;client&quot;,&quot;d&quot;:{&quot;lang&quot;:&quot;L1&quot;,&quot;term_id&quot;:37,&quot;tax&quot;:&quot;event_location&quot;,&quot;load_lbcontent&quot;:true},&quot;uid&quot;:&quot;eventon_get_tax_card_content&quot;}\" >Other Events<i class='fa fa-chevron-right'><\/i><\/span><\/div><\/div>\n\t\t\n\t<\/div><\/div><\/div><div class='evocard_row bx2 bx'><div id='event_learnmore' class='evocard_box learnmore' data-c='' \n\t\t\t\t\tstyle=''><div class='evo_metarow_learnM evo_metarow_learnmore evorow'>\n\t\t\t\t\t\t\t<a class='evcal_evdata_row evo_clik_row ' href='https:\/\/www.montagnanimata.it\/spettacoli\/' target=\"_blank\">\n\t\t\t\t\t\t\t\t<span class='evcal_evdata_icons'><i class='fa fa-link'><\/i><\/span>\n\t\t\t\t\t\t\t\t<h3 class='evo_h3'>Scopri di pi\u00f9<\/h3>\n\t\t\t\t\t\t\t<\/a>\n\t\t\t\t\t\t\t<\/div><\/div><div id='event_addtocal' class='evocard_box addtocal' data-c='' \n\t\t\t\t\tstyle=''><div class='evo_metarow_ICS evorow evcal_evdata_row'>\n\t\t\t<span class='evcal_evdata_icons'><i class='fa fa-calendar-o'><\/i><\/span>\n\t\t\t<div class='evcal_evdata_cell'>\n\t\t\t\t<p><a href='https:\/\/latemarium.com\/it\/export-events\/2169_3\/?nonce=a3263097f9' class='evo_ics_nCal' title='Aggiungi al tuo calendario'>Calendario<\/a><a href='https:\/\/www.google.com\/calendar\/event?action=TEMPLATE&text=Gea+alla+conquista+della+cima&dates=20260729T083000Z%2F20260729T215900Z&ctz=Europe%2FRome&details=Gea alla conquista della cima&location=A+monte+della+seggiovia+Gardon%C3%A8-Passo+Feudo' target='_blank' class='evo_ics_gCal' title='Aggiungi al calendario di Google'>GoogleCal<\/a><\/p>\t\n\t\t\t<\/div>\n\t\t<\/div><\/div><\/div><div class='evocard_row'><div id='event_getdirection' class='evocard_box getdirection' data-c='' \n\t\t\t\t\tstyle=''><div class='evo_metarow_getDr evorow evcal_evdata_row evcal_evrow_sm getdirections'>\n\t\t<form action='https:\/\/maps.google.com\/maps' method='get' target='_blank'>\n\t\t\t<input type='hidden' name='daddr' value=\"46.32878794406342,11.600176728690842\"\/> \n\t\t\t<div class='evo_get_direction_content evo_fx_dr_r evogap10'>\n\t\t\t\t<span class='evogetdir_header evodfx evofx_dr_r evofx_ai_c marr10'>\n\t\t\t\t\t<i class='mainicon fa fa-road'><\/i> \n\t\t\t\t\t<h3 class='evo_h3' style='padding-bottom:5px;'>Ottieni indicazioni stradali<\/h3>\n\t\t\t\t<\/span>\n\t\t\t\t<span class='evogetdir_field evodfx evofx_1_1 evo_fx_dr_c evow100p'>\t\t\t\t\t\n\t\t\t\t\t<input class='evoInput evotac' type='text' name='saddr' placeholder='Digitare l&#039;indirizzo per ottenere le indicazioni stradali' value='' style='margin:10px 0;'\/>\n\t\t\t\t<\/span>\n\t\t\t\t<button type='submit' class='evo_get_direction_button evo_btn_arr_circ dfx fx_ai_c' title='Fare clic qui per ottenere indicazioni'><i class='fa fa-chevron-right'><\/i> <\/button>\n\t\t\t<\/div>\n\t\t<\/form>\n\t<\/div><\/div><\/div><div class='evo_card_row_end evcal_close' title='Testo del pulsante Chiudi evento'><\/div><\/div><div class='clear end'><\/div><\/div><div id=\"event_2933_5\" class=\"eventon_list_event evo_eventtop scheduled  event clrD event_2933_5\" data-event_id=\"2933\" data-ri=\"5r\" data-time=\"1785326400-1785335400\" data-colr=\"#38823b\" itemscope itemtype='http:\/\/schema.org\/Event'><div class=\"evo_event_schema\" style=\"display:none\" ><a itemprop='url'  href='https:\/\/latemarium.com\/it\/events\/in-cammino-con-i-pony\/var\/ri-5.l-L1'><\/a><meta itemprop='image' content=\"https:\/\/latemarium.com\/wp-content\/uploads\/2026\/04\/pony.jpg\" \/><meta itemprop='startDate' content=\"2026-7-29T14:00+0:00\" \/><meta itemprop='endDate' content=\"2026-7-29T16:30+0:00\" \/><meta itemprop='eventStatus' content=\"https:\/\/schema.org\/EventScheduled\" \/><meta itemprop='eventAttendanceMode'   itemscope itemtype=\"https:\/\/schema.org\/OfflineEventAttendanceMode\"\/><div style=\"display:none\" itemprop=\"location\" itemscope itemtype=\"http:\/\/schema.org\/Place\"><span itemprop=\"name\">Pampeago<\/span><span itemprop=\"address\" itemscope itemtype=\"http:\/\/schema.org\/PostalAddress\"><item itemprop=\"streetAddress\">Localit\u00e0 Pampeago, 8, 38038 Tesero TN<\/item><\/span><\/div><script type=\"application\/ld+json\">{\"@context\": \"http:\/\/schema.org\",\"@type\": \"Event\",\n\t\t\t\t\"@id\": \"event_2933_5\",\n\t\t\t\t\"eventAttendanceMode\":\"https:\/\/schema.org\/OfflineEventAttendanceMode\",\n\t\t\t\t\"eventStatus\":\"https:\/\/schema.org\/EventScheduled\",\n\t\t\t\t\"name\": \"In cammino con i pony\",\n\t\t\t\t\"url\": \"https:\/\/latemarium.com\/it\/events\/in-cammino-con-i-pony\/var\/ri-5.l-L1\",\n\t\t\t\t\"startDate\": \"2026-7-29T14:00+0:00\",\n\t\t\t\t\"endDate\": \"2026-7-29T16:30+0:00\",\n\t\t\t\t\"image\":\"https:\/\/latemarium.com\/wp-content\/uploads\/2026\/04\/pony.jpg\", \n\t\t\t\t\"description\":\"<p>Una piacevole passeggiata alla scoperta dei paesaggi di Pampeago, accompagnati da simpatici pony che guideranno bambini e famiglie lungo il percorso in totale sicurezza.<\/p> <p>Un\u2019esperienza rilassante e divertente, perfetta per vivere la montagna a ritmo lento e creare un contatto speciale con questi dolci animali.<\/p> <p><strong>INFO UTILI:<\/strong><br \/> Quando &#8211; Tutti i mercoled\u00ec dal 24\/06 al 09\/09<br \/> Orario &#8211; dalle 14.00 alle 16.30 (in base alle disponibilit\u00e0)<br \/> Ritrovo &#8211;\u00a0 parcheggio seggiovia Tresca (accesso consentito SOLO a chi prenota l\u2019attivit\u00e0)<\/p> <p>Attivit\u00e0 adatta a famiglie e bambini<\/p> <p>Prenotazione obbligatoria, clicca <a href='https:\/\/www.visitfiemme.it\/it\/eventi\/fiemme-cembra-guest-card\/esperienze\/esperienze-in-estate' target='_blank' rel='noopener'>QUI<\/a> per prenotare<\/p> \",\"location\":[{\"@type\":\"Place\",\"name\":\"Pampeago\",\"address\":{\"@type\": \"PostalAddress\",\"streetAddress\":\"Localit\u00e0 Pampeago, 8, 38038 Tesero TN\"}}]}<\/script><\/div>\r\n\t\t\t\t<p class=\"desc_trig_outter\" style=\"\"><a data-gmap_status=\"null\" data-exlk=\"0\" style=\"background-color: #38823b;\" id=\"evc_17853264002933\" class=\"hasFtIMG event_repeat desc_trig sin_val evcal_list_a\" data-ux_val=\"3\" data-ux_val_mob=\"-\"  ><span class='evoet_c1 evoet_cx '><span class='ev_ftImg' data-img='https:\/\/latemarium.com\/wp-content\/uploads\/2026\/04\/pony.jpg' data-thumb='https:\/\/latemarium.com\/wp-content\/uploads\/2026\/04\/pony-300x110.jpg' style='background-image:url(\"https:\/\/latemarium.com\/wp-content\/uploads\/2026\/04\/pony-300x110.jpg\")' ><\/span><\/span><span class='evoet_c2 evoet_cx '><span class='evoet_dayblock evcal_cblock ' data-bgcolor='#38823b' data-smon='luglio' data-syr='2026' data-bub=''><span class='evo_start '><em class='date'>29<\/em><em class='month'>lug<\/em><em class='time'>14:00<\/em><\/span><span class='evo_end only_time'><em class='time'>16:30<\/em><\/span><\/span><\/span><span class='evoet_c3 evoet_cx evcal_desc hide_eventtopdata '><span class='evoet_title evcal_desc2 evcal_event_title ' itemprop='name'>In cammino con i pony<\/span><span class='event_location_attrs'  data-location_address=\"Localit\u00e0 Pampeago, 8, 38038 Tesero TN\" data-location_type=\"lonlat\" data-location_name=\"Pampeago\" data-location_url=\"https:\/\/latemarium.com\/it\/event-location\/pampeago\/\" data-location_status=\"true\" data-latlng=\"46.34343697644898,11.540997527961546\"><\/span><span class='evoet_subtitle evo_below_title' ><span class='evcal_event_subtitle ' >passeggiata per famiglie<\/span><\/span><span class='evoet_time_expand level_3'><em class='evcal_time evo_tz_time'><i class='fa fa-clock-o'><\/i>14:00 - 16:30<span class='evo_tz marl5'>(GMT+02:00)<\/span><\/em> <\/span><span class='evoet_location level_3'><em class=\"evcal_location\"  data-latlng=\"46.34343697644898,11.540997527961546\" data-add_str=\"Localit\u00e0 Pampeago, 8, 38038 Tesero TN\" data-n=\"Pampeago\"><i class=\"fa fa-location-pin\"><\/i><em class=\"event_location_name\">Pampeago<\/em>, Localit\u00e0 Pampeago, 8, 38038 Tesero TN<\/em><\/span><\/span><span class='evoet_data' data-d=\"{&quot;loc.n&quot;:&quot;Pampeago&quot;,&quot;orgs&quot;:[],&quot;tags&quot;:{&quot;repeating&quot;:&quot;Repeating Event&quot;}}\" data-bgc=\"#38823b\" data-bggrad=\"\" ><\/span><\/a><\/p><div class='event_description evcal_eventcard ' style=\"display:none\"><div class='evocard_row'><div id='event_ftimage' class='evocard_box ftimage' data-c='' \n\t\t\t\t\tstyle=''><div class='evocard_main_image_hold' data-t='Loading Image..'><div class='evocard_main_image evo_img_triglb evobr15 evobgsc evobgpc evodfx evofx_jc_c evofx_ai_c evofz48 minmized' style='height:300px; background-image:url();' data-f=\"https:\/\/latemarium.com\/wp-content\/uploads\/2026\/04\/pony.jpg\" data-h=\"368\" data-w=\"1000\" data-ratio=\"0.368\" data-event_id=\"2933\" data-ri=\"5\"  data-t='Loading Image..'><span style='height:300px; background-image:url(https:\/\/latemarium.com\/wp-content\/uploads\/2026\/04\/pony.jpg)'><\/span><\/div><\/div><\/div><\/div><div class='evocard_row'><div id='event_eventdetails' class='evocard_box eventdetails' data-c='' \n\t\t\t\t\tstyle=''><div class='evo_metarow_details evorow evcal_evdata_row evcal_event_details'>\n\t\t<div class=\"event_excerpt\" style=\"display:none\"><h3 class=\"padb5 evo_h3\">Dettagli dell&#039;evento<\/h3><p>Una piacevole passeggiata alla scoperta dei paesaggi di Pampeago, accompagnati da simpatici pony che guideranno bambini e famiglie lungo il percorso in totale sicurezza.\nUn\u2019esperienza rilassante e divertente, perfetta per vivere<\/p><\/div><span class='evcal_evdata_icons'><i class='fa fa-align-justify'><\/i><\/span>\n\t\t\n\t\t<div class='evcal_evdata_cell shorter_desc'>\n\t\t\t<div class='eventon_full_description'>\n\t\t\t\t<h3 class='padb5 evo_h3'><span class='evcal_evdata_icons'><i class='fa fa-align-justify'><\/i><\/span>Dettagli dell&#039;evento<\/h3>\n\t\t\t\t<div class='eventon_desc_in' itemprop='description'>\n\t\t\t\t<p>Una piacevole passeggiata alla scoperta dei paesaggi di Pampeago, accompagnati da simpatici pony che guideranno bambini e famiglie lungo il percorso in totale sicurezza.<\/p>\n<p>Un\u2019esperienza rilassante e divertente, perfetta per vivere la montagna a ritmo lento e creare un contatto speciale con questi dolci animali.<\/p>\n<p><strong>INFO UTILI:<\/strong><br \/>\nQuando &#8211; Tutti i mercoled\u00ec dal 24\/06 al 09\/09<br \/>\nOrario &#8211; dalle 14.00 alle 16.30 (in base alle disponibilit\u00e0)<br \/>\nRitrovo &#8211;\u00a0 parcheggio seggiovia Tresca (accesso consentito SOLO a chi prenota l\u2019attivit\u00e0)<\/p>\n<p>Attivit\u00e0 adatta a famiglie e bambini<\/p>\n<p>Prenotazione obbligatoria, clicca <a href=\"https:\/\/www.visitfiemme.it\/it\/eventi\/fiemme-cembra-guest-card\/esperienze\/esperienze-in-estate\" target=\"_blank\" rel=\"noopener\">QUI<\/a> per prenotare<\/p>\n<\/div><p class='eventon_shad_p' style='padding:5px 0 0; margin:0'>\n\t\t\t<span class='evcal_btn evo_btn_secondary evobtn_details_show_more' content='less'>\n\t\t\t\t<span class='ev_more_text' data-txt='Meno'>Pi\u00f9<\/span><span class='ev_more_arrow ard'><\/span>\n\t\t\t<\/span>\n\t\t<\/p><div class='clear'><\/div>\n\t\t\t<\/div>\n\t\t<\/div>\n\t<\/div><\/div><\/div><div class='evocard_row bx2 bx'><div id='event_time' class='evocard_box time' data-c='' \n\t\t\t\t\tstyle=''><div class='evo_metarow_time evorow evcal_evdata_row evcal_evrow_sm '>\n\t\t<span class='evcal_evdata_icons'><i class='fa fa-clock'><\/i><\/span>\n\t\t<div class='evcal_evdata_cell'>\t\t\t\t\t\t\t\n\t\t\t<h3 class='evo_h3'><span class='evcal_evdata_icons'><i class='fa fa-clock'><\/i><\/span>Orario<\/h3><p><span class='evo_eventcard_time_t'>29 luglio 2026 14:00 - 16:30<\/span><span class='evo_tz marr5'>(GMT+02:00)<\/span><\/p>\n\t\t<\/div>\n\t<\/div><\/div><div id='event_location' class='evocard_box location' data-c='' \n\t\t\t\t\tstyle=''><div class='evcal_evdata_row evo_metarow_time_location evorow '>\n\t\t\n\t\t\t<span class='evcal_evdata_icons'><i class='fa fa-map-marker'><\/i><\/span>\n\t\t\t<div class='evcal_evdata_cell' data-loc_tax_id='30'><h3 class='evo_h3 evodfx'><span class='evcal_evdata_icons'><i class='fa fa-map-marker'><\/i><\/span>Luogo<\/h3><p class='evo_location_name'>Pampeago<\/p><p class='evo_location_address evodfxi evogap10'>Localit\u00e0 Pampeago, 8, 38038 Tesero TN<\/p><div class='padt10'><span class='evo_btn_arr evolb_trigger' data-lbvals=\"{&quot;lbc&quot;:&quot;evo_location_lb_30&quot;,&quot;lbac&quot;:&quot;lb_max&quot;,&quot;t&quot;:&quot;Pampeago&quot;,&quot;ajax&quot;:&quot;yes&quot;,&quot;ajax_type&quot;:&quot;endpoint&quot;,&quot;ajax_action&quot;:&quot;eventon_get_tax_card_content&quot;,&quot;end&quot;:&quot;client&quot;,&quot;d&quot;:{&quot;lang&quot;:&quot;L1&quot;,&quot;term_id&quot;:30,&quot;tax&quot;:&quot;event_location&quot;,&quot;load_lbcontent&quot;:true},&quot;uid&quot;:&quot;eventon_get_tax_card_content&quot;}\" >Other Events<i class='fa fa-chevron-right'><\/i><\/span><\/div><\/div>\n\t\t\n\t<\/div><\/div><\/div><div class='evocard_row'><div id='event_addtocal' class='evocard_box addtocal' data-c='' \n\t\t\t\t\tstyle=''><div class='evo_metarow_ICS evorow evcal_evdata_row'>\n\t\t\t<span class='evcal_evdata_icons'><i class='fa fa-calendar-o'><\/i><\/span>\n\t\t\t<div class='evcal_evdata_cell'>\n\t\t\t\t<p><a href='https:\/\/latemarium.com\/it\/export-events\/2933_5\/?nonce=a3263097f9' class='evo_ics_nCal' title='Aggiungi al tuo calendario'>Calendario<\/a><a href='https:\/\/www.google.com\/calendar\/event?action=TEMPLATE&text=In+cammino+con+i+pony&dates=20260729T120000Z%2F20260729T143000Z&ctz=Europe%2FRome&details=In cammino con i pony&location=Pampeago+Localit%C3%A0+Pampeago%2C+8%2C+38038+Tesero+TN' target='_blank' class='evo_ics_gCal' title='Aggiungi al calendario di Google'>GoogleCal<\/a><\/p>\t\n\t\t\t<\/div>\n\t\t<\/div><\/div><\/div><div class='evocard_row'><div id='event_getdirection' class='evocard_box getdirection' data-c='' \n\t\t\t\t\tstyle=''><div class='evo_metarow_getDr evorow evcal_evdata_row evcal_evrow_sm getdirections'>\n\t\t<form action='https:\/\/maps.google.com\/maps' method='get' target='_blank'>\n\t\t\t<input type='hidden' name='daddr' value=\"46.34343697644898,11.540997527961546\"\/> \n\t\t\t<div class='evo_get_direction_content evo_fx_dr_r evogap10'>\n\t\t\t\t<span class='evogetdir_header evodfx evofx_dr_r evofx_ai_c marr10'>\n\t\t\t\t\t<i class='mainicon fa fa-road'><\/i> \n\t\t\t\t\t<h3 class='evo_h3' style='padding-bottom:5px;'>Ottieni indicazioni stradali<\/h3>\n\t\t\t\t<\/span>\n\t\t\t\t<span class='evogetdir_field evodfx evofx_1_1 evo_fx_dr_c evow100p'>\t\t\t\t\t\n\t\t\t\t\t<input class='evoInput evotac' type='text' name='saddr' placeholder='Digitare l&#039;indirizzo per ottenere le indicazioni stradali' value='' style='margin:10px 0;'\/>\n\t\t\t\t<\/span>\n\t\t\t\t<button type='submit' class='evo_get_direction_button evo_btn_arr_circ dfx fx_ai_c' title='Fare clic qui per ottenere indicazioni'><i class='fa fa-chevron-right'><\/i> <\/button>\n\t\t\t<\/div>\n\t\t<\/form>\n\t<\/div><\/div><\/div><div class='evo_card_row_end evcal_close' title='Testo del pulsante Chiudi evento'><\/div><\/div><div class='clear end'><\/div><\/div><div id=\"event_2848_1\" class=\"eventon_list_event evo_eventtop scheduled  event clrD event_2848_1\" data-event_id=\"2848\" data-ri=\"1r\" data-time=\"1785348000-1785358800\" data-colr=\"#006290\" itemscope itemtype='http:\/\/schema.org\/Event'><div class=\"evo_event_schema\" style=\"display:none\" ><a itemprop='url'  href='https:\/\/latemarium.com\/it\/events\/le-notti-di-luna-piena\/var\/ri-1.l-L1'><\/a><meta itemprop='image' content=\"https:\/\/latemarium.com\/wp-content\/uploads\/2025\/05\/notti-di-luna-piena-obereggen.jpg\" \/><meta itemprop='startDate' content=\"2026-7-29T20:00+0:00\" \/><meta itemprop='endDate' content=\"2026-7-29T23:00+0:00\" \/><meta itemprop='eventStatus' content=\"https:\/\/schema.org\/EventScheduled\" \/><meta itemprop='eventAttendanceMode'   itemscope itemtype=\"https:\/\/schema.org\/OfflineEventAttendanceMode\"\/><div style=\"display:none\" itemprop=\"location\" itemscope itemtype=\"http:\/\/schema.org\/Place\"><span itemprop=\"name\">Stazione a valle Obereggen<\/span><span itemprop=\"address\" itemscope itemtype=\"http:\/\/schema.org\/PostalAddress\"><item itemprop=\"streetAddress\">Via Obereggen, 16, 39050 Nova Ponente BZ<\/item><\/span><\/div><script type=\"application\/ld+json\">{\"@context\": \"http:\/\/schema.org\",\"@type\": \"Event\",\n\t\t\t\t\"@id\": \"event_2848_1\",\n\t\t\t\t\"eventAttendanceMode\":\"https:\/\/schema.org\/OfflineEventAttendanceMode\",\n\t\t\t\t\"eventStatus\":\"https:\/\/schema.org\/EventScheduled\",\n\t\t\t\t\"name\": \"Le notti di luna piena\",\n\t\t\t\t\"url\": \"https:\/\/latemarium.com\/it\/events\/le-notti-di-luna-piena\/var\/ri-1.l-L1\",\n\t\t\t\t\"startDate\": \"2026-7-29T20:00+0:00\",\n\t\t\t\t\"endDate\": \"2026-7-29T23:00+0:00\",\n\t\t\t\t\"image\":\"https:\/\/latemarium.com\/wp-content\/uploads\/2025\/05\/notti-di-luna-piena-obereggen.jpg\", \n\t\t\t\t\"description\":\"<p>Con luce frontale, buone scarpe, abbigliamento adeguato e motivazione l\u2019escursione porta attraverso i prati e boschi di Obereggen fino al maso biologico Oberwerkstatt dove ci viene servito uno spuntino tipico mentre ammiriamo il cielo stellato.<\/p> <p>Ritrovo: ore 20.00, ufficio turistico di Obereggen<br \/> Ritorno: circa ore 23.00<br \/> Costo a persona 10,00 \u20ac ad adulto, 5,00 \u20ac a bambino<br \/> Prenotazione obbligatoria entro le ore 12.00 del giorno stesso online su eggental.com\/events o Tel. +39 0471 619 500 negli uffici turistici della Val d&#8217;Ega<\/p> \",\"location\":[{\"@type\":\"Place\",\"name\":\"Stazione a valle Obereggen\",\"address\":{\"@type\": \"PostalAddress\",\"streetAddress\":\"Via Obereggen, 16, 39050 Nova Ponente BZ\"}}]}<\/script><\/div>\r\n\t\t\t\t<p class=\"desc_trig_outter\" style=\"\"><a data-gmtrig=\"1\" data-exlk=\"0\" style=\"background-color: #006290;\" id=\"evc_17853480002848\" class=\"hasFtIMG event_repeat desc_trig sin_val evcal_list_a\" data-ux_val=\"3\" data-ux_val_mob=\"-\"  ><span class='evoet_c1 evoet_cx '><span class='ev_ftImg' data-img='https:\/\/latemarium.com\/wp-content\/uploads\/2025\/05\/notti-di-luna-piena-obereggen.jpg' data-thumb='https:\/\/latemarium.com\/wp-content\/uploads\/2025\/05\/notti-di-luna-piena-obereggen-300x182.jpg' style='background-image:url(\"https:\/\/latemarium.com\/wp-content\/uploads\/2025\/05\/notti-di-luna-piena-obereggen-300x182.jpg\")' ><\/span><\/span><span class='evoet_c2 evoet_cx '><span class='evoet_dayblock evcal_cblock ' data-bgcolor='#006290' data-smon='luglio' data-syr='2026' data-bub=''><span class='evo_start '><em class='date'>29<\/em><em class='month'>lug<\/em><em class='time'>20:00<\/em><\/span><span class='evo_end only_time'><em class='time'>23:00<\/em><\/span><\/span><\/span><span class='evoet_c3 evoet_cx evcal_desc hide_eventtopdata '><span class='evoet_title evcal_desc2 evcal_event_title ' itemprop='name'>Le notti di luna piena<\/span><span class='event_location_attrs'  data-location_address=\"Via Obereggen, 16, 39050 Nova Ponente BZ\" data-location_type=\"lonlat\" data-location_name=\"Stazione a valle Obereggen\" data-location_url=\"https:\/\/latemarium.com\/it\/event-location\/stazione-a-valle-obereggen\/\" data-location_status=\"true\" data-latlng=\"46.3835808246333,11.52667595881786\"><\/span><span class='evoet_subtitle evo_below_title' ><span class='evcal_event_subtitle ' >non solo per gli amanti delle stelle!<\/span><\/span><span class='evoet_time_expand level_3'><em class='evcal_time evo_tz_time'><i class='fa fa-clock-o'><\/i>20:00 - 23:00<span class='evo_tz marl5'>(GMT+02:00)<\/span><\/em> <\/span><span class='evoet_location level_3'><em class=\"evcal_location\"  data-latlng=\"46.3835808246333,11.52667595881786\" data-add_str=\"Via Obereggen, 16, 39050 Nova Ponente BZ\" data-n=\"Stazione a valle Obereggen\"><i class=\"fa fa-location-pin\"><\/i><em class=\"event_location_name\">Stazione a valle Obereggen<\/em>, Via Obereggen, 16, 39050 Nova Ponente BZ<\/em><\/span><\/span><span class='evoet_data' data-d=\"{&quot;loc.n&quot;:&quot;Stazione a valle Obereggen&quot;,&quot;orgs&quot;:[],&quot;tags&quot;:{&quot;repeating&quot;:&quot;Repeating Event&quot;}}\" data-bgc=\"#006290\" data-bggrad=\"\" ><\/span><\/a><\/p><div class='event_description evcal_eventcard ' style=\"display:none\"><div class='evocard_row'><div id='event_ftimage' class='evocard_box ftimage' data-c='' \n\t\t\t\t\tstyle=''><div class='evocard_main_image_hold' data-t='Loading Image..'><div class='evocard_main_image evo_img_triglb evobr15 evobgsc evobgpc evodfx evofx_jc_c evofx_ai_c evofz48 minmized' style='height:300px; background-image:url();' data-f=\"https:\/\/latemarium.com\/wp-content\/uploads\/2025\/05\/notti-di-luna-piena-obereggen.jpg\" data-h=\"755\" data-w=\"1245\" data-ratio=\"0.60642570281124\" data-event_id=\"2848\" data-ri=\"1\"  data-t='Loading Image..'><span style='height:300px; background-image:url(https:\/\/latemarium.com\/wp-content\/uploads\/2025\/05\/notti-di-luna-piena-obereggen.jpg)'><\/span><\/div><\/div><\/div><\/div><div class='evocard_row'><div id='event_eventdetails' class='evocard_box eventdetails' data-c='' \n\t\t\t\t\tstyle=''><div class='evo_metarow_details evorow evcal_evdata_row evcal_event_details'>\n\t\t<div class=\"event_excerpt\" style=\"display:none\"><h3 class=\"padb5 evo_h3\">Dettagli dell&#039;evento<\/h3><p>Con luce frontale, buone scarpe, abbigliamento adeguato e motivazione l\u2019escursione porta attraverso i prati e boschi di Obereggen fino al maso biologico Oberwerkstatt dove ci viene servito uno spuntino tipico<\/p><\/div><span class='evcal_evdata_icons'><i class='fa fa-align-justify'><\/i><\/span>\n\t\t\n\t\t<div class='evcal_evdata_cell '>\n\t\t\t<div class='eventon_full_description'>\n\t\t\t\t<h3 class='padb5 evo_h3'><span class='evcal_evdata_icons'><i class='fa fa-align-justify'><\/i><\/span>Dettagli dell&#039;evento<\/h3>\n\t\t\t\t<div class='eventon_desc_in' itemprop='description'>\n\t\t\t\t<p>Con luce frontale, buone scarpe, abbigliamento adeguato e motivazione l\u2019escursione porta attraverso i prati e boschi di Obereggen fino al maso biologico Oberwerkstatt dove ci viene servito uno spuntino tipico mentre ammiriamo il cielo stellato.<\/p>\n<p>Ritrovo: ore 20.00, ufficio turistico di Obereggen<br \/>\nRitorno: circa ore 23.00<br \/>\nCosto a persona 10,00 \u20ac ad adulto, 5,00 \u20ac a bambino<br \/>\nPrenotazione obbligatoria entro le ore 12.00 del giorno stesso online su eggental.com\/events o Tel. +39 0471 619 500 negli uffici turistici della Val d&#8217;Ega<\/p>\n<\/div><div class='clear'><\/div>\n\t\t\t<\/div>\n\t\t<\/div>\n\t<\/div><\/div><\/div><div class='evocard_row bx2 bx'><div id='event_time' class='evocard_box time' data-c='' \n\t\t\t\t\tstyle=''><div class='evo_metarow_time evorow evcal_evdata_row evcal_evrow_sm '>\n\t\t<span class='evcal_evdata_icons'><i class='fa fa-clock'><\/i><\/span>\n\t\t<div class='evcal_evdata_cell'>\t\t\t\t\t\t\t\n\t\t\t<h3 class='evo_h3'><span class='evcal_evdata_icons'><i class='fa fa-clock'><\/i><\/span>Orario<\/h3><p><span class='evo_eventcard_time_t'>29 luglio 2026 20:00 - 23:00<\/span><span class='evo_tz marr5'>(GMT+02:00)<\/span><\/p>\n\t\t<\/div>\n\t<\/div><\/div><div id='event_location' class='evocard_box location' data-c='' \n\t\t\t\t\tstyle=''><div class='evcal_evdata_row evo_metarow_time_location evorow '>\n\t\t\n\t\t\t<span class='evcal_evdata_icons'><i class='fa fa-map-marker'><\/i><\/span>\n\t\t\t<div class='evcal_evdata_cell' data-loc_tax_id='22'><h3 class='evo_h3 evodfx'><span class='evcal_evdata_icons'><i class='fa fa-map-marker'><\/i><\/span>Luogo<\/h3><p class='evo_location_name'>Stazione a valle Obereggen<\/p><p class='evo_location_address evodfxi evogap10'>Via Obereggen, 16, 39050 Nova Ponente BZ<\/p><div class='padt10'><span class='evo_btn_arr evolb_trigger' data-lbvals=\"{&quot;lbc&quot;:&quot;evo_location_lb_22&quot;,&quot;lbac&quot;:&quot;lb_max&quot;,&quot;t&quot;:&quot;Stazione a valle Obereggen&quot;,&quot;ajax&quot;:&quot;yes&quot;,&quot;ajax_type&quot;:&quot;endpoint&quot;,&quot;ajax_action&quot;:&quot;eventon_get_tax_card_content&quot;,&quot;end&quot;:&quot;client&quot;,&quot;d&quot;:{&quot;lang&quot;:&quot;L1&quot;,&quot;term_id&quot;:22,&quot;tax&quot;:&quot;event_location&quot;,&quot;load_lbcontent&quot;:true},&quot;uid&quot;:&quot;eventon_get_tax_card_content&quot;}\" >Other Events<i class='fa fa-chevron-right'><\/i><\/span><\/div><\/div>\n\t\t\n\t<\/div><\/div><\/div><div class='evocard_row bx2 bx'><div id='event_learnmore' class='evocard_box learnmore' data-c='' \n\t\t\t\t\tstyle=''><div class='evo_metarow_learnM evo_metarow_learnmore evorow'>\n\t\t\t\t\t\t\t<a class='evcal_evdata_row evo_clik_row ' href='https:\/\/eggental.com\/it\/eventi\/le-notti-di-luna-piena-non-solo-per-gli-amanti-delle-stelle_11858' target=\"_blank\">\n\t\t\t\t\t\t\t\t<span class='evcal_evdata_icons'><i class='fa fa-link'><\/i><\/span>\n\t\t\t\t\t\t\t\t<h3 class='evo_h3'>Scopri di pi\u00f9<\/h3>\n\t\t\t\t\t\t\t<\/a>\n\t\t\t\t\t\t\t<\/div><\/div><div id='event_addtocal' class='evocard_box addtocal' data-c='' \n\t\t\t\t\tstyle=''><div class='evo_metarow_ICS evorow evcal_evdata_row'>\n\t\t\t<span class='evcal_evdata_icons'><i class='fa fa-calendar-o'><\/i><\/span>\n\t\t\t<div class='evcal_evdata_cell'>\n\t\t\t\t<p><a href='https:\/\/latemarium.com\/it\/export-events\/2848_1\/?nonce=a3263097f9' class='evo_ics_nCal' title='Aggiungi al tuo calendario'>Calendario<\/a><a href='https:\/\/www.google.com\/calendar\/event?action=TEMPLATE&text=Le+notti+di+luna+piena&dates=20260729T180000Z%2F20260729T210000Z&ctz=Europe%2FRome&details=Le notti di luna piena&location=Stazione+a+valle+Obereggen+Via+Obereggen%2C+16%2C+39050+Nova+Ponente+BZ' target='_blank' class='evo_ics_gCal' title='Aggiungi al calendario di Google'>GoogleCal<\/a><\/p>\t\n\t\t\t<\/div>\n\t\t<\/div><\/div><\/div><div class='evocard_row'><div id='event_getdirection' class='evocard_box getdirection' data-c='' \n\t\t\t\t\tstyle=''><div class='evo_metarow_getDr evorow evcal_evdata_row evcal_evrow_sm getdirections'>\n\t\t<form action='https:\/\/maps.google.com\/maps' method='get' target='_blank'>\n\t\t\t<input type='hidden' name='daddr' value=\"46.3835808246333,11.52667595881786\"\/> \n\t\t\t<div class='evo_get_direction_content evo_fx_dr_r evogap10'>\n\t\t\t\t<span class='evogetdir_header evodfx evofx_dr_r evofx_ai_c marr10'>\n\t\t\t\t\t<i class='mainicon fa fa-road'><\/i> \n\t\t\t\t\t<h3 class='evo_h3' style='padding-bottom:5px;'>Ottieni indicazioni stradali<\/h3>\n\t\t\t\t<\/span>\n\t\t\t\t<span class='evogetdir_field evodfx evofx_1_1 evo_fx_dr_c evow100p'>\t\t\t\t\t\n\t\t\t\t\t<input class='evoInput evotac' type='text' name='saddr' placeholder='Digitare l&#039;indirizzo per ottenere le indicazioni stradali' value='' style='margin:10px 0;'\/>\n\t\t\t\t<\/span>\n\t\t\t\t<button type='submit' class='evo_get_direction_button evo_btn_arr_circ dfx fx_ai_c' title='Fare clic qui per ottenere indicazioni'><i class='fa fa-chevron-right'><\/i> <\/button>\n\t\t\t<\/div>\n\t\t<\/form>\n\t<\/div><\/div><\/div><div class='evo_card_row_end evcal_close' title='Testo del pulsante Chiudi evento'><\/div><\/div><div class='clear end'><\/div><\/div><div id=\"event_2840_4\" class=\"eventon_list_event evo_eventtop scheduled  event clrD no_et event_2840_4\" data-event_id=\"2840\" data-ri=\"4r\" data-time=\"1785394800-1785448740\" data-colr=\"#38823b\" itemscope itemtype='http:\/\/schema.org\/Event'><div class=\"evo_event_schema\" style=\"display:none\" ><a itemprop='url'  href='https:\/\/latemarium.com\/it\/events\/escursione-in-montagna-al-rifugio-torre-di-pisa\/var\/ri-4.l-L1'><\/a><meta itemprop='image' content=\"https:\/\/latemarium.com\/wp-content\/uploads\/2025\/05\/escursione-torre-di-pisa-obereggen.jpg\" \/><meta itemprop='startDate' content=\"2026-7-30T09:00+0:00\" \/><meta itemprop='endDate' content=\"2026-7-30T23:59+0:00\" \/><meta itemprop='eventStatus' content=\"https:\/\/schema.org\/EventScheduled\" \/><meta itemprop='eventAttendanceMode'   itemscope itemtype=\"https:\/\/schema.org\/OfflineEventAttendanceMode\"\/><div style=\"display:none\" itemprop=\"location\" itemscope itemtype=\"http:\/\/schema.org\/Place\"><span itemprop=\"name\">Stazione a valle Obereggen<\/span><span itemprop=\"address\" itemscope itemtype=\"http:\/\/schema.org\/PostalAddress\"><item itemprop=\"streetAddress\">Via Obereggen, 16, 39050 Nova Ponente BZ<\/item><\/span><\/div><script type=\"application\/ld+json\">{\"@context\": \"http:\/\/schema.org\",\"@type\": \"Event\",\n\t\t\t\t\"@id\": \"event_2840_4\",\n\t\t\t\t\"eventAttendanceMode\":\"https:\/\/schema.org\/OfflineEventAttendanceMode\",\n\t\t\t\t\"eventStatus\":\"https:\/\/schema.org\/EventScheduled\",\n\t\t\t\t\"name\": \"Escursione in montagna al rifugio Torre di Pisa\",\n\t\t\t\t\"url\": \"https:\/\/latemarium.com\/it\/events\/escursione-in-montagna-al-rifugio-torre-di-pisa\/var\/ri-4.l-L1\",\n\t\t\t\t\"startDate\": \"2026-7-30T09:00+0:00\",\n\t\t\t\t\"endDate\": \"2026-7-30T23:59+0:00\",\n\t\t\t\t\"image\":\"https:\/\/latemarium.com\/wp-content\/uploads\/2025\/05\/escursione-torre-di-pisa-obereggen.jpg\", \n\t\t\t\t\"description\":\"<p>Escursione di media difficolt\u00e0 ma impegnativa ad alte altitudini attraverso le rocce delle fantastiche Torri del Latemar.<\/p> <p>Itinerario: Salita con la seggiovia Oberholz (1550-2100 m) \u2013 sentiero n. 18 &#8211; Forcella dei Camosci (2560 m) \u2013 sentiero n. 516 \u2013 rifugio Torre di Pisa (2671 m). Sosta. Discesa sul sentiero n. 516 e n. 22 \u2013 stazione a monte della seggiovia Oberholz \u2013 discesa.<\/p> <p>Partenza: ore 09.00 a Obereggen<br \/> Ritorno: ore 16.00<br \/> Durata: 7 h | Tempo di cammino: 6 h<br \/> Dislivello: 750 m<br \/> Difficolt\u00e0: difficile<br \/> Requisiti necessari: sicurezza nel muoversi in ambiente montano, nessun problema di vertigini | con ristoro<br \/> Seggiovia: 21,50 \u20ac\/adulto, 17,50 \u20ac\/junior fino a 16<\/p> \",\"location\":[{\"@type\":\"Place\",\"name\":\"Stazione a valle Obereggen\",\"address\":{\"@type\": \"PostalAddress\",\"streetAddress\":\"Via Obereggen, 16, 39050 Nova Ponente BZ\"}}]}<\/script><\/div>\r\n\t\t\t\t<p class=\"desc_trig_outter\" style=\"\"><a data-gmtrig=\"1\" data-exlk=\"0\" style=\"background-color: #38823b;\" id=\"evc_17853948002840\" class=\"hasFtIMG event_repeat desc_trig sin_val evcal_list_a\" data-ux_val=\"3\" data-ux_val_mob=\"-\"  ><span class='evoet_c1 evoet_cx '><span class='ev_ftImg' data-img='https:\/\/latemarium.com\/wp-content\/uploads\/2025\/05\/escursione-torre-di-pisa-obereggen.jpg' data-thumb='https:\/\/latemarium.com\/wp-content\/uploads\/2025\/05\/escursione-torre-di-pisa-obereggen-300x182.jpg' style='background-image:url(\"https:\/\/latemarium.com\/wp-content\/uploads\/2025\/05\/escursione-torre-di-pisa-obereggen-300x182.jpg\")' ><\/span><\/span><span class='evoet_c2 evoet_cx '><span class='evoet_dayblock evcal_cblock ' data-bgcolor='#38823b' data-smon='luglio' data-syr='2026' data-bub=''><span class='evo_start '><em class='date'>30<\/em><em class='month'>lug<\/em><em class='time'>09:00<\/em><\/span><\/span><\/span><span class='evoet_c3 evoet_cx evcal_desc hide_eventtopdata '><span class='evoet_title evcal_desc2 evcal_event_title ' itemprop='name'>Escursione in montagna al rifugio Torre di Pisa<\/span><span class='event_location_attrs'  data-location_address=\"Via Obereggen, 16, 39050 Nova Ponente BZ\" data-location_type=\"lonlat\" data-location_name=\"Stazione a valle Obereggen\" data-location_url=\"https:\/\/latemarium.com\/it\/event-location\/stazione-a-valle-obereggen\/\" data-location_status=\"true\" data-latlng=\"46.3835808246333,11.52667595881786\"><\/span><span class='evoet_subtitle evo_below_title' ><span class='evcal_event_subtitle ' >escursione guidata<\/span><\/span><span class='evoet_time_expand level_3'><em class='evcal_time evo_tz_time'><i class='fa fa-clock-o'><\/i>09:00<span class='evo_tz marl5'>(GMT+02:00)<\/span><\/em> <\/span><span class='evoet_location level_3'><em class=\"evcal_location\"  data-latlng=\"46.3835808246333,11.52667595881786\" data-add_str=\"Via Obereggen, 16, 39050 Nova Ponente BZ\" data-n=\"Stazione a valle Obereggen\"><i class=\"fa fa-location-pin\"><\/i><em class=\"event_location_name\">Stazione a valle Obereggen<\/em>, Via Obereggen, 16, 39050 Nova Ponente BZ<\/em><\/span><\/span><span class='evoet_data' data-d=\"{&quot;loc.n&quot;:&quot;Stazione a valle Obereggen&quot;,&quot;orgs&quot;:[],&quot;tags&quot;:{&quot;repeating&quot;:&quot;Repeating Event&quot;}}\" data-bgc=\"#38823b\" data-bggrad=\"\" ><\/span><\/a><\/p><div class='event_description evcal_eventcard ' style=\"display:none\"><div class='evocard_row'><div id='event_ftimage' class='evocard_box ftimage' data-c='' \n\t\t\t\t\tstyle=''><div class='evocard_main_image_hold' data-t='Loading Image..'><div class='evocard_main_image evo_img_triglb evobr15 evobgsc evobgpc evodfx evofx_jc_c evofx_ai_c evofz48 minmized' style='height:300px; background-image:url();' data-f=\"https:\/\/latemarium.com\/wp-content\/uploads\/2025\/05\/escursione-torre-di-pisa-obereggen.jpg\" data-h=\"755\" data-w=\"1245\" data-ratio=\"0.60642570281124\" data-event_id=\"2840\" data-ri=\"4\"  data-t='Loading Image..'><span style='height:300px; background-image:url(https:\/\/latemarium.com\/wp-content\/uploads\/2025\/05\/escursione-torre-di-pisa-obereggen.jpg)'><\/span><\/div><\/div><\/div><\/div><div class='evocard_row'><div id='event_eventdetails' class='evocard_box eventdetails' data-c='' \n\t\t\t\t\tstyle=''><div class='evo_metarow_details evorow evcal_evdata_row evcal_event_details'>\n\t\t<div class=\"event_excerpt\" style=\"display:none\"><h3 class=\"padb5 evo_h3\">Dettagli dell&#039;evento<\/h3><p>Escursione di media difficolt\u00e0 ma impegnativa ad alte altitudini attraverso le rocce delle fantastiche Torri del Latemar.\nItinerario: Salita con la seggiovia Oberholz (1550-2100 m) \u2013 sentiero n. 18 &#8211; Forcella<\/p><\/div><span class='evcal_evdata_icons'><i class='fa fa-align-justify'><\/i><\/span>\n\t\t\n\t\t<div class='evcal_evdata_cell shorter_desc'>\n\t\t\t<div class='eventon_full_description'>\n\t\t\t\t<h3 class='padb5 evo_h3'><span class='evcal_evdata_icons'><i class='fa fa-align-justify'><\/i><\/span>Dettagli dell&#039;evento<\/h3>\n\t\t\t\t<div class='eventon_desc_in' itemprop='description'>\n\t\t\t\t<p>Escursione di media difficolt\u00e0 ma impegnativa ad alte altitudini attraverso le rocce delle fantastiche Torri del Latemar.<\/p>\n<p>Itinerario: Salita con la seggiovia Oberholz (1550-2100 m) \u2013 sentiero n. 18 &#8211; Forcella dei Camosci (2560 m) \u2013 sentiero n. 516 \u2013 rifugio Torre di Pisa (2671 m). Sosta. Discesa sul sentiero n. 516 e n. 22 \u2013 stazione a monte della seggiovia Oberholz \u2013 discesa.<\/p>\n<p>Partenza: ore 09.00 a Obereggen<br \/>\nRitorno: ore 16.00<br \/>\nDurata: 7 h | Tempo di cammino: 6 h<br \/>\nDislivello: 750 m<br \/>\nDifficolt\u00e0: difficile<br \/>\nRequisiti necessari: sicurezza nel muoversi in ambiente montano, nessun problema di vertigini | con ristoro<br \/>\nSeggiovia: 21,50 \u20ac\/adulto, 17,50 \u20ac\/junior fino a 16<\/p>\n<\/div><p class='eventon_shad_p' style='padding:5px 0 0; margin:0'>\n\t\t\t<span class='evcal_btn evo_btn_secondary evobtn_details_show_more' content='less'>\n\t\t\t\t<span class='ev_more_text' data-txt='Meno'>Pi\u00f9<\/span><span class='ev_more_arrow ard'><\/span>\n\t\t\t<\/span>\n\t\t<\/p><div class='clear'><\/div>\n\t\t\t<\/div>\n\t\t<\/div>\n\t<\/div><\/div><\/div><div class='evocard_row bx2 bx'><div id='event_time' class='evocard_box time' data-c='' \n\t\t\t\t\tstyle=''><div class='evo_metarow_time evorow evcal_evdata_row evcal_evrow_sm '>\n\t\t<span class='evcal_evdata_icons'><i class='fa fa-clock'><\/i><\/span>\n\t\t<div class='evcal_evdata_cell'>\t\t\t\t\t\t\t\n\t\t\t<h3 class='evo_h3'><span class='evcal_evdata_icons'><i class='fa fa-clock'><\/i><\/span>Orario<\/h3><p><span class='evo_eventcard_time_t'>30 luglio 2026 09:00<\/span><span class='evo_tz marr5'>(GMT+02:00)<\/span><\/p>\n\t\t<\/div>\n\t<\/div><\/div><div id='event_location' class='evocard_box location' data-c='' \n\t\t\t\t\tstyle=''><div class='evcal_evdata_row evo_metarow_time_location evorow '>\n\t\t\n\t\t\t<span class='evcal_evdata_icons'><i class='fa fa-map-marker'><\/i><\/span>\n\t\t\t<div class='evcal_evdata_cell' data-loc_tax_id='22'><h3 class='evo_h3 evodfx'><span class='evcal_evdata_icons'><i class='fa fa-map-marker'><\/i><\/span>Luogo<\/h3><p class='evo_location_name'>Stazione a valle Obereggen<\/p><p class='evo_location_address evodfxi evogap10'>Via Obereggen, 16, 39050 Nova Ponente BZ<\/p><div class='padt10'><span class='evo_btn_arr evolb_trigger' data-lbvals=\"{&quot;lbc&quot;:&quot;evo_location_lb_22&quot;,&quot;lbac&quot;:&quot;lb_max&quot;,&quot;t&quot;:&quot;Stazione a valle Obereggen&quot;,&quot;ajax&quot;:&quot;yes&quot;,&quot;ajax_type&quot;:&quot;endpoint&quot;,&quot;ajax_action&quot;:&quot;eventon_get_tax_card_content&quot;,&quot;end&quot;:&quot;client&quot;,&quot;d&quot;:{&quot;lang&quot;:&quot;L1&quot;,&quot;term_id&quot;:22,&quot;tax&quot;:&quot;event_location&quot;,&quot;load_lbcontent&quot;:true},&quot;uid&quot;:&quot;eventon_get_tax_card_content&quot;}\" >Other Events<i class='fa fa-chevron-right'><\/i><\/span><\/div><\/div>\n\t\t\n\t<\/div><\/div><\/div><div class='evocard_row bx2 bx'><div id='event_learnmore' class='evocard_box learnmore' data-c='' \n\t\t\t\t\tstyle=''><div class='evo_metarow_learnM evo_metarow_learnmore evorow'>\n\t\t\t\t\t\t\t<a class='evcal_evdata_row evo_clik_row ' href='https:\/\/eggental.com\/it\/eventi\/escursione-in-montagna-al-rifugio-torre-di-pisa_11602' target=\"_blank\">\n\t\t\t\t\t\t\t\t<span class='evcal_evdata_icons'><i class='fa fa-link'><\/i><\/span>\n\t\t\t\t\t\t\t\t<h3 class='evo_h3'>Scopri di pi\u00f9<\/h3>\n\t\t\t\t\t\t\t<\/a>\n\t\t\t\t\t\t\t<\/div><\/div><div id='event_addtocal' class='evocard_box addtocal' data-c='' \n\t\t\t\t\tstyle=''><div class='evo_metarow_ICS evorow evcal_evdata_row'>\n\t\t\t<span class='evcal_evdata_icons'><i class='fa fa-calendar-o'><\/i><\/span>\n\t\t\t<div class='evcal_evdata_cell'>\n\t\t\t\t<p><a href='https:\/\/latemarium.com\/it\/export-events\/2840_4\/?nonce=a3263097f9' class='evo_ics_nCal' title='Aggiungi al tuo calendario'>Calendario<\/a><a href='https:\/\/www.google.com\/calendar\/event?action=TEMPLATE&text=Escursione+in+montagna+al+rifugio+Torre+di+Pisa&dates=20260730T070000Z%2F20260730T215900Z&ctz=Europe%2FRome&details=Escursione in montagna al rifugio Torre di Pisa&location=Stazione+a+valle+Obereggen+Via+Obereggen%2C+16%2C+39050+Nova+Ponente+BZ' target='_blank' class='evo_ics_gCal' title='Aggiungi al calendario di Google'>GoogleCal<\/a><\/p>\t\n\t\t\t<\/div>\n\t\t<\/div><\/div><\/div><div class='evocard_row'><div id='event_getdirection' class='evocard_box getdirection' data-c='' \n\t\t\t\t\tstyle=''><div class='evo_metarow_getDr evorow evcal_evdata_row evcal_evrow_sm getdirections'>\n\t\t<form action='https:\/\/maps.google.com\/maps' method='get' target='_blank'>\n\t\t\t<input type='hidden' name='daddr' value=\"46.3835808246333,11.52667595881786\"\/> \n\t\t\t<div class='evo_get_direction_content evo_fx_dr_r evogap10'>\n\t\t\t\t<span class='evogetdir_header evodfx evofx_dr_r evofx_ai_c marr10'>\n\t\t\t\t\t<i class='mainicon fa fa-road'><\/i> \n\t\t\t\t\t<h3 class='evo_h3' style='padding-bottom:5px;'>Ottieni indicazioni stradali<\/h3>\n\t\t\t\t<\/span>\n\t\t\t\t<span class='evogetdir_field evodfx evofx_1_1 evo_fx_dr_c evow100p'>\t\t\t\t\t\n\t\t\t\t\t<input class='evoInput evotac' type='text' name='saddr' placeholder='Digitare l&#039;indirizzo per ottenere le indicazioni stradali' value='' style='margin:10px 0;'\/>\n\t\t\t\t<\/span>\n\t\t\t\t<button type='submit' class='evo_get_direction_button evo_btn_arr_circ dfx fx_ai_c' title='Fare clic qui per ottenere indicazioni'><i class='fa fa-chevron-right'><\/i> <\/button>\n\t\t\t<\/div>\n\t\t<\/form>\n\t<\/div><\/div><\/div><div class='evo_card_row_end evcal_close' title='Testo del pulsante Chiudi evento'><\/div><\/div><div class='clear end'><\/div><\/div><div id=\"event_2231_0\" class=\"eventon_list_event evo_eventtop scheduled  event clrW no_et event_2231_0\" data-event_id=\"2231\" data-ri=\"0r\" data-time=\"1785402000-1785448740\" data-colr=\"#a69dcd\" itemscope itemtype='http:\/\/schema.org\/Event'><div class=\"evo_event_schema\" style=\"display:none\" ><a itemprop='url'  href='https:\/\/latemarium.com\/it\/events\/otto-il-bassotto\/'><\/a><meta itemprop='image' content=\"https:\/\/latemarium.com\/wp-content\/uploads\/2023\/06\/otto-bassotto.jpg\" \/><meta itemprop='startDate' content=\"2026-7-30T11:00+0:00\" \/><meta itemprop='endDate' content=\"2026-7-30T23:59+0:00\" \/><meta itemprop='eventStatus' content=\"https:\/\/schema.org\/EventScheduled\" \/><meta itemprop='eventAttendanceMode'   itemscope itemtype=\"https:\/\/schema.org\/OfflineEventAttendanceMode\"\/><script type=\"application\/ld+json\">{\"@context\": \"http:\/\/schema.org\",\"@type\": \"Event\",\n\t\t\t\t\"@id\": \"event_2231_0\",\n\t\t\t\t\"eventAttendanceMode\":\"https:\/\/schema.org\/OfflineEventAttendanceMode\",\n\t\t\t\t\"eventStatus\":\"https:\/\/schema.org\/EventScheduled\",\n\t\t\t\t\"name\": \"OTTO IL BASSOTTO\",\n\t\t\t\t\"url\": \"https:\/\/latemarium.com\/it\/events\/otto-il-bassotto\/\",\n\t\t\t\t\"startDate\": \"2026-7-30T11:00+0:00\",\n\t\t\t\t\"endDate\": \"2026-7-30T23:59+0:00\",\n\t\t\t\t\"image\":\"https:\/\/latemarium.com\/wp-content\/uploads\/2023\/06\/otto-bassotto.jpg\", \n\t\t\t\t\"description\":\"<p>Otto il Bassotto ha viaggiato ovunque con il suo numero strabiliante: piazze, strade, teatri. In meno di 10 minuti scompare in un pallone gigante e comincia a ballare. Si muove leggero, nel suo bagaglio ha solo caucci\u00f9!<\/p> <p>I suoi palloni giganti sono speciali: fatti a mano e stesi al sole, si asciugano come sfoglie di pasta all\u2019uovo.<\/p> <p>gioved\u00ec: 30 luglio e 20 agosto 2026<br \/> anfiteatro all\u2019aperto a Gardon\u00e8<br \/> ore 11.00 e ore 14.30<\/p> <p>Con Paolo Sperduti.<\/p> \"}<\/script><\/div>\r\n\t\t\t\t<p class=\"desc_trig_outter\" style=\"\"><a data-gmap_status=\"null\" data-exlk=\"0\" style=\"background-color: #a69dcd;\" id=\"evc_17854020002231\" class=\"hasFtIMG event_repeat desc_trig sin_val evcal_list_a\" data-ux_val=\"3\" data-ux_val_mob=\"-\"  ><span class='evoet_c1 evoet_cx '><span class='ev_ftImg' data-img='https:\/\/latemarium.com\/wp-content\/uploads\/2023\/06\/otto-bassotto.jpg' data-thumb='https:\/\/latemarium.com\/wp-content\/uploads\/2023\/06\/otto-bassotto-300x194.jpg' style='background-image:url(\"https:\/\/latemarium.com\/wp-content\/uploads\/2023\/06\/otto-bassotto-300x194.jpg\")' ><\/span><\/span><span class='evoet_c2 evoet_cx '><span class='evoet_dayblock evcal_cblock ' data-bgcolor='#a69dcd' data-smon='luglio' data-syr='2026' data-bub=''><span class='evo_start '><em class='date'>30<\/em><em class='month'>lug<\/em><em class='time'>11:00<\/em><\/span><\/span><\/span><span class='evoet_c3 evoet_cx evcal_desc hide_eventtopdata '><span class='evoet_title evcal_desc2 evcal_event_title ' itemprop='name'>OTTO IL BASSOTTO<\/span><span class='event_location_attrs' data-location_type=\"lonlat\" data-location_name=\"Anfiteatro Gardon\u00e8\" data-location_url=\"https:\/\/latemarium.com\/it\/event-location\/anfiteatro-gardone\/\" data-location_status=\"true\" data-latlng=\"46.32878794406342,11.600176728690842\"><\/span><span class='evoet_subtitle evo_below_title' ><span class='evcal_event_subtitle ' >ANFITEATRO DI GARDON\u00c8<\/span><\/span><span class='evoet_time_expand level_3'><em class='evcal_time evo_tz_time'><i class='fa fa-clock-o'><\/i>11:00<span class='evo_tz marl5'>(GMT+02:00)<\/span><\/em> <\/span><span class='evoet_location level_3'><em class=\"evcal_location\"  data-latlng=\"46.32878794406342,11.600176728690842\" data-add_str=\"\" data-n=\"Anfiteatro Gardon\u00e8\"><i class=\"fa fa-location-pin\"><\/i><em class=\"event_location_name\">Anfiteatro Gardon\u00e8<\/em><\/em><\/span><\/span><span class='evoet_data' data-d=\"{&quot;loc.n&quot;:&quot;Anfiteatro Gardon\\u00e8&quot;,&quot;orgs&quot;:[],&quot;tags&quot;:{&quot;repeating&quot;:&quot;Repeating Event&quot;}}\" data-bgc=\"#a69dcd\" data-bggrad=\"\" ><\/span><\/a><\/p><div class='event_description evcal_eventcard ' style=\"display:none\"><div class='evocard_row'><div id='event_ftimage' class='evocard_box ftimage' data-c='' \n\t\t\t\t\tstyle=''><div class='evocard_main_image_hold' data-t='Loading Image..'><div class='evocard_main_image evo_img_triglb evobr15 evobgsc evobgpc evodfx evofx_jc_c evofx_ai_c evofz48 minmized' style='height:300px; background-image:url();' data-f=\"https:\/\/latemarium.com\/wp-content\/uploads\/2023\/06\/otto-bassotto.jpg\" data-h=\"584\" data-w=\"905\" data-ratio=\"0.64530386740331\" data-event_id=\"2231\" data-ri=\"0\"  data-t='Loading Image..'><span style='height:300px; background-image:url(https:\/\/latemarium.com\/wp-content\/uploads\/2023\/06\/otto-bassotto.jpg)'><\/span><\/div><\/div><\/div><\/div><div class='evocard_row'><div id='event_eventdetails' class='evocard_box eventdetails' data-c='' \n\t\t\t\t\tstyle=''><div class='evo_metarow_details evorow evcal_evdata_row evcal_event_details'>\n\t\t<div class=\"event_excerpt\" style=\"display:none\"><h3 class=\"padb5 evo_h3\">Dettagli dell&#039;evento<\/h3><p>Otto il Bassotto ha viaggiato ovunque con il suo numero strabiliante: piazze, strade, teatri. In meno di 10 minuti scompare in un pallone gigante e comincia a ballare. Si muove<\/p><\/div><span class='evcal_evdata_icons'><i class='fa fa-align-justify'><\/i><\/span>\n\t\t\n\t\t<div class='evcal_evdata_cell '>\n\t\t\t<div class='eventon_full_description'>\n\t\t\t\t<h3 class='padb5 evo_h3'><span class='evcal_evdata_icons'><i class='fa fa-align-justify'><\/i><\/span>Dettagli dell&#039;evento<\/h3>\n\t\t\t\t<div class='eventon_desc_in' itemprop='description'>\n\t\t\t\t<p>Otto il Bassotto ha viaggiato ovunque con il suo numero strabiliante: piazze, strade, teatri. In meno di 10 minuti scompare in un pallone gigante e comincia a ballare. Si muove leggero, nel suo bagaglio ha solo caucci\u00f9!<\/p>\n<p>I suoi palloni giganti sono speciali: fatti a mano e stesi al sole, si asciugano come sfoglie di pasta all\u2019uovo.<\/p>\n<p>gioved\u00ec: 30 luglio e 20 agosto 2026<br \/>\nanfiteatro all\u2019aperto a Gardon\u00e8<br \/>\nore 11.00 e ore 14.30<\/p>\n<p>Con Paolo Sperduti.<\/p>\n<\/div><div class='clear'><\/div>\n\t\t\t<\/div>\n\t\t<\/div>\n\t<\/div><\/div><\/div><div class='evocard_row bx2 bx'><div id='event_time' class='evocard_box time' data-c='' \n\t\t\t\t\tstyle=''><div class='evo_metarow_time evorow evcal_evdata_row evcal_evrow_sm '>\n\t\t<span class='evcal_evdata_icons'><i class='fa fa-clock'><\/i><\/span>\n\t\t<div class='evcal_evdata_cell'>\t\t\t\t\t\t\t\n\t\t\t<h3 class='evo_h3'><span class='evcal_evdata_icons'><i class='fa fa-clock'><\/i><\/span>Orario<\/h3><p><span class='evo_eventcard_time_t'>30 luglio 2026 11:00<\/span><span class='evo_tz marr5'>(GMT+02:00)<\/span><\/p>\n\t\t<\/div>\n\t<\/div><\/div><div id='event_location' class='evocard_box location' data-c='' \n\t\t\t\t\tstyle=''><div class='evcal_evdata_row evo_metarow_time_location evorow '>\n\t\t\n\t\t\t<span class='evcal_evdata_icons'><i class='fa fa-map-marker'><\/i><\/span>\n\t\t\t<div class='evcal_evdata_cell' data-loc_tax_id='46'><h3 class='evo_h3 evodfx'><span class='evcal_evdata_icons'><i class='fa fa-map-marker'><\/i><\/span>Luogo<\/h3><p class='evo_location_name'>Anfiteatro Gardon\u00e8<\/p><div class='padt10'><span class='evo_btn_arr evolb_trigger' data-lbvals=\"{&quot;lbc&quot;:&quot;evo_location_lb_46&quot;,&quot;lbac&quot;:&quot;lb_max&quot;,&quot;t&quot;:&quot;Anfiteatro Gardon\\u00e8&quot;,&quot;ajax&quot;:&quot;yes&quot;,&quot;ajax_type&quot;:&quot;endpoint&quot;,&quot;ajax_action&quot;:&quot;eventon_get_tax_card_content&quot;,&quot;end&quot;:&quot;client&quot;,&quot;d&quot;:{&quot;lang&quot;:&quot;L1&quot;,&quot;term_id&quot;:46,&quot;tax&quot;:&quot;event_location&quot;,&quot;load_lbcontent&quot;:true},&quot;uid&quot;:&quot;eventon_get_tax_card_content&quot;}\" >Other Events<i class='fa fa-chevron-right'><\/i><\/span><\/div><\/div>\n\t\t\n\t<\/div><\/div><\/div><div class='evocard_row bx2 bx'><div id='event_learnmore' class='evocard_box learnmore' data-c='' \n\t\t\t\t\tstyle=''><div class='evo_metarow_learnM evo_metarow_learnmore evorow'>\n\t\t\t\t\t\t\t<a class='evcal_evdata_row evo_clik_row ' href='https:\/\/www.montagnanimata.it\/spettacoli\/' target=\"_blank\">\n\t\t\t\t\t\t\t\t<span class='evcal_evdata_icons'><i class='fa fa-link'><\/i><\/span>\n\t\t\t\t\t\t\t\t<h3 class='evo_h3'>Scopri di pi\u00f9<\/h3>\n\t\t\t\t\t\t\t<\/a>\n\t\t\t\t\t\t\t<\/div><\/div><div id='event_addtocal' class='evocard_box addtocal' data-c='' \n\t\t\t\t\tstyle=''><div class='evo_metarow_ICS evorow evcal_evdata_row'>\n\t\t\t<span class='evcal_evdata_icons'><i class='fa fa-calendar-o'><\/i><\/span>\n\t\t\t<div class='evcal_evdata_cell'>\n\t\t\t\t<p><a href='https:\/\/latemarium.com\/it\/export-events\/2231_0\/?nonce=a3263097f9' class='evo_ics_nCal' title='Aggiungi al tuo calendario'>Calendario<\/a><a href='https:\/\/www.google.com\/calendar\/event?action=TEMPLATE&text=OTTO+IL+BASSOTTO&dates=20260730T090000Z%2F20260730T215900Z&ctz=Europe%2FRome&details=OTTO IL BASSOTTO&location=Anfiteatro+Gardon%C3%A8' target='_blank' class='evo_ics_gCal' title='Aggiungi al calendario di Google'>GoogleCal<\/a><\/p>\t\n\t\t\t<\/div>\n\t\t<\/div><\/div><\/div><div class='evocard_row'><div id='event_getdirection' class='evocard_box getdirection' data-c='' \n\t\t\t\t\tstyle=''><div class='evo_metarow_getDr evorow evcal_evdata_row evcal_evrow_sm getdirections'>\n\t\t<form action='https:\/\/maps.google.com\/maps' method='get' target='_blank'>\n\t\t\t<input type='hidden' name='daddr' value=\"46.32878794406342,11.600176728690842\"\/> \n\t\t\t<div class='evo_get_direction_content evo_fx_dr_r evogap10'>\n\t\t\t\t<span class='evogetdir_header evodfx evofx_dr_r evofx_ai_c marr10'>\n\t\t\t\t\t<i class='mainicon fa fa-road'><\/i> \n\t\t\t\t\t<h3 class='evo_h3' style='padding-bottom:5px;'>Ottieni indicazioni stradali<\/h3>\n\t\t\t\t<\/span>\n\t\t\t\t<span class='evogetdir_field evodfx evofx_1_1 evo_fx_dr_c evow100p'>\t\t\t\t\t\n\t\t\t\t\t<input class='evoInput evotac' type='text' name='saddr' placeholder='Digitare l&#039;indirizzo per ottenere le indicazioni stradali' value='' style='margin:10px 0;'\/>\n\t\t\t\t<\/span>\n\t\t\t\t<button type='submit' class='evo_get_direction_button evo_btn_arr_circ dfx fx_ai_c' title='Fare clic qui per ottenere indicazioni'><i class='fa fa-chevron-right'><\/i> <\/button>\n\t\t\t<\/div>\n\t\t<\/form>\n\t<\/div><\/div><\/div><div class='evo_card_row_end evcal_close' title='Testo del pulsante Chiudi evento'><\/div><\/div><div class='clear end'><\/div><\/div><div id=\"event_2196_5\" class=\"eventon_list_event evo_eventtop scheduled  event clrW event_2196_5\" data-event_id=\"2196\" data-ri=\"5r\" data-time=\"1785423600-1785431700\" data-colr=\"#f78234\" itemscope itemtype='http:\/\/schema.org\/Event'><div class=\"evo_event_schema\" style=\"display:none\" ><a itemprop='url'  href='https:\/\/latemarium.com\/it\/events\/pilyoga\/var\/ri-5.l-L1'><\/a><meta itemprop='image' content=\"https:\/\/latemarium.com\/wp-content\/uploads\/2023\/06\/pilyoga.jpg\" \/><meta itemprop='startDate' content=\"2026-7-30T17:00+0:00\" \/><meta itemprop='endDate' content=\"2026-7-30T19:15+0:00\" \/><meta itemprop='eventStatus' content=\"https:\/\/schema.org\/EventScheduled\" \/><meta itemprop='eventAttendanceMode'   itemscope itemtype=\"https:\/\/schema.org\/OfflineEventAttendanceMode\"\/><div style=\"display:none\" itemprop=\"location\" itemscope itemtype=\"http:\/\/schema.org\/Place\"><span itemprop=\"name\">Pampeago<\/span><span itemprop=\"address\" itemscope itemtype=\"http:\/\/schema.org\/PostalAddress\"><item itemprop=\"streetAddress\">Localit\u00e0 Pampeago, 8, 38038 Tesero TN<\/item><\/span><\/div><script type=\"application\/ld+json\">{\"@context\": \"http:\/\/schema.org\",\"@type\": \"Event\",\n\t\t\t\t\"@id\": \"event_2196_5\",\n\t\t\t\t\"eventAttendanceMode\":\"https:\/\/schema.org\/OfflineEventAttendanceMode\",\n\t\t\t\t\"eventStatus\":\"https:\/\/schema.org\/EventScheduled\",\n\t\t\t\t\"name\": \"PilYoga\",\n\t\t\t\t\"url\": \"https:\/\/latemarium.com\/it\/events\/pilyoga\/var\/ri-5.l-L1\",\n\t\t\t\t\"startDate\": \"2026-7-30T17:00+0:00\",\n\t\t\t\t\"endDate\": \"2026-7-30T19:15+0:00\",\n\t\t\t\t\"image\":\"https:\/\/latemarium.com\/wp-content\/uploads\/2023\/06\/pilyoga.jpg\", \n\t\t\t\t\"description\":\"<p><strong>Ogni gioved\u00ec dal 25 giugno al 3 settembre 2026<\/strong><\/p> <p>Ritrovo e partenza alle 17.00 con l&#8217;insegnate Elisa (presso biglietteria impianti)<br \/> Durata: dalle 17.00 alle 19.15, attivit\u00e0 rivolta ai &gt; 14 anni.<\/p> <p>Raggiungerete il luogo della lezione con la seggiovia Agnello e dopo una breve passeggiata vi potrete rilassare e liberare la mente a diretto contatto con la natura. La pratica del PilYoga in quota permette la piena armonia con l\u2019ambiente circostante, lontano da tutti i rumori della vita quotidiana. Appena finirete la lezione, vi attender\u00e0 un piccolo aperitivo allo Chalet Caserina per poi riscendere a piedi con una breve passeggiata.<\/p> <p>Da portare con s\u00e9 un tappetino o stuoia o asciugamano.<br \/> <em>Attivit\u00e0 NON prevista in caso di pioggia.<\/em><\/p> <p>Prenotazione obbligatoria. Clicca <a href='https:\/\/www.visitfiemme.it\/it\/eventi\/fiemme-cembra-guest-card\/esperienze\/esperienze-in-estate' target='_blank' rel='noopener'>qui<\/a>\u00a0per prenotare.<\/p> \",\"location\":[{\"@type\":\"Place\",\"name\":\"Pampeago\",\"address\":{\"@type\": \"PostalAddress\",\"streetAddress\":\"Localit\u00e0 Pampeago, 8, 38038 Tesero TN\"}}]}<\/script><\/div>\r\n\t\t\t\t<p class=\"desc_trig_outter\" style=\"\"><a data-gmtrig=\"1\" data-exlk=\"0\" style=\"background-color: #f78234;\" id=\"evc_17854236002196\" class=\"hasFtIMG event_repeat desc_trig sin_val evcal_list_a\" data-ux_val=\"3\" data-ux_val_mob=\"-\"  ><span class='evoet_c1 evoet_cx '><span class='ev_ftImg' data-img='https:\/\/latemarium.com\/wp-content\/uploads\/2023\/06\/pilyoga.jpg' data-thumb='https:\/\/latemarium.com\/wp-content\/uploads\/2023\/06\/pilyoga-300x169.jpg' style='background-image:url(\"https:\/\/latemarium.com\/wp-content\/uploads\/2023\/06\/pilyoga-300x169.jpg\")' ><\/span><\/span><span class='evoet_c2 evoet_cx '><span class='evoet_dayblock evcal_cblock ' data-bgcolor='#f78234' data-smon='luglio' data-syr='2026' data-bub=''><span class='evo_start '><em class='date'>30<\/em><em class='month'>lug<\/em><em class='time'>17:00<\/em><\/span><span class='evo_end only_time'><em class='time'>19:15<\/em><\/span><\/span><\/span><span class='evoet_c3 evoet_cx evcal_desc hide_eventtopdata '><span class='evoet_title evcal_desc2 evcal_event_title ' itemprop='name'>PilYoga<\/span><span class='event_location_attrs'  data-location_address=\"Localit\u00e0 Pampeago, 8, 38038 Tesero TN\" data-location_type=\"lonlat\" data-location_name=\"Pampeago\" data-location_url=\"https:\/\/latemarium.com\/it\/event-location\/pampeago\/\" data-location_status=\"true\" data-latlng=\"46.34343697644898,11.540997527961546\"><\/span><span class='evoet_subtitle evo_below_title' ><span class='evcal_event_subtitle ' >Pilyoga tra le opere di Respirart<\/span><\/span><span class='evoet_time_expand level_3'><em class='evcal_time evo_tz_time'><i class='fa fa-clock-o'><\/i>17:00 - 19:15<span class='evo_tz marl5'>(GMT+02:00)<\/span><\/em> <\/span><span class='evoet_location level_3'><em class=\"evcal_location\"  data-latlng=\"46.34343697644898,11.540997527961546\" data-add_str=\"Localit\u00e0 Pampeago, 8, 38038 Tesero TN\" data-n=\"Pampeago\"><i class=\"fa fa-location-pin\"><\/i><em class=\"event_location_name\">Pampeago<\/em>, Localit\u00e0 Pampeago, 8, 38038 Tesero TN<\/em><\/span><\/span><span class='evoet_data' data-d=\"{&quot;loc.n&quot;:&quot;Pampeago&quot;,&quot;orgs&quot;:[],&quot;tags&quot;:{&quot;repeating&quot;:&quot;Repeating Event&quot;}}\" data-bgc=\"#f78234\" data-bggrad=\"\" ><\/span><\/a><\/p><div class='event_description evcal_eventcard ' style=\"display:none\"><div class='evocard_row'><div id='event_ftimage' class='evocard_box ftimage' data-c='' \n\t\t\t\t\tstyle=''><div class='evocard_main_image_hold' data-t='Loading Image..'><div class='evocard_main_image evo_img_triglb evobr15 evobgsc evobgpc evodfx evofx_jc_c evofx_ai_c evofz48 minmized' style='height:300px; background-image:url();' data-f=\"https:\/\/latemarium.com\/wp-content\/uploads\/2023\/06\/pilyoga.jpg\" data-h=\"675\" data-w=\"1200\" data-ratio=\"0.5625\" data-event_id=\"2196\" data-ri=\"5\"  data-t='Loading Image..'><span style='height:300px; background-image:url(https:\/\/latemarium.com\/wp-content\/uploads\/2023\/06\/pilyoga.jpg)'><\/span><\/div><\/div><\/div><\/div><div class='evocard_row'><div id='event_eventdetails' class='evocard_box eventdetails' data-c='' \n\t\t\t\t\tstyle=''><div class='evo_metarow_details evorow evcal_evdata_row evcal_event_details'>\n\t\t<div class=\"event_excerpt\" style=\"display:none\"><h3 class=\"padb5 evo_h3\">Dettagli dell&#039;evento<\/h3><p>Ogni gioved\u00ec dal 25 giugno al 3 settembre 2026\nRitrovo e partenza alle 17.00 con l&#8217;insegnate Elisa (presso biglietteria impianti)\nDurata: dalle 17.00 alle 19.15, attivit\u00e0 rivolta ai &gt; 14 anni.\nRaggiungerete<\/p><\/div><span class='evcal_evdata_icons'><i class='fa fa-align-justify'><\/i><\/span>\n\t\t\n\t\t<div class='evcal_evdata_cell shorter_desc'>\n\t\t\t<div class='eventon_full_description'>\n\t\t\t\t<h3 class='padb5 evo_h3'><span class='evcal_evdata_icons'><i class='fa fa-align-justify'><\/i><\/span>Dettagli dell&#039;evento<\/h3>\n\t\t\t\t<div class='eventon_desc_in' itemprop='description'>\n\t\t\t\t<p><strong>Ogni gioved\u00ec dal 25 giugno al 3 settembre 2026<\/strong><\/p>\n<p>Ritrovo e partenza alle 17.00 con l&#8217;insegnate Elisa (presso biglietteria impianti)<br \/>\nDurata: dalle 17.00 alle 19.15, attivit\u00e0 rivolta ai &gt; 14 anni.<\/p>\n<p>Raggiungerete il luogo della lezione con la seggiovia Agnello e dopo una breve passeggiata vi potrete rilassare e liberare la mente a diretto contatto con la natura. La pratica del PilYoga in quota permette la piena armonia con l\u2019ambiente circostante, lontano da tutti i rumori della vita quotidiana. Appena finirete la lezione, vi attender\u00e0 un piccolo aperitivo allo Chalet Caserina per poi riscendere a piedi con una breve passeggiata.<\/p>\n<p>Da portare con s\u00e9 un tappetino o stuoia o asciugamano.<br \/>\n<em>Attivit\u00e0 NON prevista in caso di pioggia.<\/em><\/p>\n<p>Prenotazione obbligatoria. Clicca <a href=\"https:\/\/www.visitfiemme.it\/it\/eventi\/fiemme-cembra-guest-card\/esperienze\/esperienze-in-estate\" target=\"_blank\" rel=\"noopener\">qui<\/a>\u00a0per prenotare.<\/p>\n<\/div><p class='eventon_shad_p' style='padding:5px 0 0; margin:0'>\n\t\t\t<span class='evcal_btn evo_btn_secondary evobtn_details_show_more' content='less'>\n\t\t\t\t<span class='ev_more_text' data-txt='Meno'>Pi\u00f9<\/span><span class='ev_more_arrow ard'><\/span>\n\t\t\t<\/span>\n\t\t<\/p><div class='clear'><\/div>\n\t\t\t<\/div>\n\t\t<\/div>\n\t<\/div><\/div><\/div><div class='evocard_row bx2 bx'><div id='event_time' class='evocard_box time' data-c='' \n\t\t\t\t\tstyle=''><div class='evo_metarow_time evorow evcal_evdata_row evcal_evrow_sm '>\n\t\t<span class='evcal_evdata_icons'><i class='fa fa-clock'><\/i><\/span>\n\t\t<div class='evcal_evdata_cell'>\t\t\t\t\t\t\t\n\t\t\t<h3 class='evo_h3'><span class='evcal_evdata_icons'><i class='fa fa-clock'><\/i><\/span>Orario<\/h3><p><span class='evo_eventcard_time_t'>30 luglio 2026 17:00 - 19:15<\/span><span class='evo_tz marr5'>(GMT+02:00)<\/span><\/p>\n\t\t<\/div>\n\t<\/div><\/div><div id='event_location' class='evocard_box location' data-c='' \n\t\t\t\t\tstyle=''><div class='evcal_evdata_row evo_metarow_time_location evorow '>\n\t\t\n\t\t\t<span class='evcal_evdata_icons'><i class='fa fa-map-marker'><\/i><\/span>\n\t\t\t<div class='evcal_evdata_cell' data-loc_tax_id='30'><h3 class='evo_h3 evodfx'><span class='evcal_evdata_icons'><i class='fa fa-map-marker'><\/i><\/span>Luogo<\/h3><p class='evo_location_name'>Pampeago<\/p><p class='evo_location_address evodfxi evogap10'>Localit\u00e0 Pampeago, 8, 38038 Tesero TN<\/p><div class='padt10'><span class='evo_btn_arr evolb_trigger' data-lbvals=\"{&quot;lbc&quot;:&quot;evo_location_lb_30&quot;,&quot;lbac&quot;:&quot;lb_max&quot;,&quot;t&quot;:&quot;Pampeago&quot;,&quot;ajax&quot;:&quot;yes&quot;,&quot;ajax_type&quot;:&quot;endpoint&quot;,&quot;ajax_action&quot;:&quot;eventon_get_tax_card_content&quot;,&quot;end&quot;:&quot;client&quot;,&quot;d&quot;:{&quot;lang&quot;:&quot;L1&quot;,&quot;term_id&quot;:30,&quot;tax&quot;:&quot;event_location&quot;,&quot;load_lbcontent&quot;:true},&quot;uid&quot;:&quot;eventon_get_tax_card_content&quot;}\" >Other Events<i class='fa fa-chevron-right'><\/i><\/span><\/div><\/div>\n\t\t\n\t<\/div><\/div><\/div><div class='evocard_row'><div id='event_addtocal' class='evocard_box addtocal' data-c='' \n\t\t\t\t\tstyle=''><div class='evo_metarow_ICS evorow evcal_evdata_row'>\n\t\t\t<span class='evcal_evdata_icons'><i class='fa fa-calendar-o'><\/i><\/span>\n\t\t\t<div class='evcal_evdata_cell'>\n\t\t\t\t<p><a href='https:\/\/latemarium.com\/it\/export-events\/2196_5\/?nonce=a3263097f9' class='evo_ics_nCal' title='Aggiungi al tuo calendario'>Calendario<\/a><a href='https:\/\/www.google.com\/calendar\/event?action=TEMPLATE&text=PilYoga&dates=20260730T150000Z%2F20260730T171500Z&ctz=Europe%2FRome&details=PilYoga&location=Pampeago+Localit%C3%A0+Pampeago%2C+8%2C+38038+Tesero+TN' target='_blank' class='evo_ics_gCal' title='Aggiungi al calendario di Google'>GoogleCal<\/a><\/p>\t\n\t\t\t<\/div>\n\t\t<\/div><\/div><\/div><div class='evocard_row'><div id='event_getdirection' class='evocard_box getdirection' data-c='' \n\t\t\t\t\tstyle=''><div class='evo_metarow_getDr evorow evcal_evdata_row evcal_evrow_sm getdirections'>\n\t\t<form action='https:\/\/maps.google.com\/maps' method='get' target='_blank'>\n\t\t\t<input type='hidden' name='daddr' value=\"46.34343697644898,11.540997527961546\"\/> \n\t\t\t<div class='evo_get_direction_content evo_fx_dr_r evogap10'>\n\t\t\t\t<span class='evogetdir_header evodfx evofx_dr_r evofx_ai_c marr10'>\n\t\t\t\t\t<i class='mainicon fa fa-road'><\/i> \n\t\t\t\t\t<h3 class='evo_h3' style='padding-bottom:5px;'>Ottieni indicazioni stradali<\/h3>\n\t\t\t\t<\/span>\n\t\t\t\t<span class='evogetdir_field evodfx evofx_1_1 evo_fx_dr_c evow100p'>\t\t\t\t\t\n\t\t\t\t\t<input class='evoInput evotac' type='text' name='saddr' placeholder='Digitare l&#039;indirizzo per ottenere le indicazioni stradali' value='' style='margin:10px 0;'\/>\n\t\t\t\t<\/span>\n\t\t\t\t<button type='submit' class='evo_get_direction_button evo_btn_arr_circ dfx fx_ai_c' title='Fare clic qui per ottenere indicazioni'><i class='fa fa-chevron-right'><\/i> <\/button>\n\t\t\t<\/div>\n\t\t<\/form>\n\t<\/div><\/div><\/div><div class='evo_card_row_end evcal_close' title='Testo del pulsante Chiudi evento'><\/div><\/div><div class='clear end'><\/div><\/div><div id=\"event_2201_5\" class=\"eventon_list_event evo_eventtop scheduled  event clrD no_et event_2201_5\" data-event_id=\"2201\" data-ri=\"5r\" data-time=\"1785424500-1785448740\" data-colr=\"#ba181d\" itemscope itemtype='http:\/\/schema.org\/Event'><div class=\"evo_event_schema\" style=\"display:none\" ><a itemprop='url'  href='https:\/\/latemarium.com\/it\/events\/e-bike-tour-ai-piedi-del-latemar\/var\/ri-5.l-L1'><\/a><meta itemprop='image' content=\"https:\/\/latemarium.com\/wp-content\/uploads\/2023\/06\/e-bike-tour.jpg\" \/><meta itemprop='startDate' content=\"2026-7-30T17:15+0:00\" \/><meta itemprop='endDate' content=\"2026-7-30T23:59+0:00\" \/><meta itemprop='eventStatus' content=\"https:\/\/schema.org\/EventScheduled\" \/><meta itemprop='eventAttendanceMode'   itemscope itemtype=\"https:\/\/schema.org\/OfflineEventAttendanceMode\"\/><div style=\"display:none\" itemprop=\"location\" itemscope itemtype=\"http:\/\/schema.org\/Place\"><span itemprop=\"name\">Pampeago<\/span><span itemprop=\"address\" itemscope itemtype=\"http:\/\/schema.org\/PostalAddress\"><item itemprop=\"streetAddress\">Localit\u00e0 Pampeago, 8, 38038 Tesero TN<\/item><\/span><\/div><script type=\"application\/ld+json\">{\"@context\": \"http:\/\/schema.org\",\"@type\": \"Event\",\n\t\t\t\t\"@id\": \"event_2201_5\",\n\t\t\t\t\"eventAttendanceMode\":\"https:\/\/schema.org\/OfflineEventAttendanceMode\",\n\t\t\t\t\"eventStatus\":\"https:\/\/schema.org\/EventScheduled\",\n\t\t\t\t\"name\": \"E-Bike Tour ai piedi del Latemar\",\n\t\t\t\t\"url\": \"https:\/\/latemarium.com\/it\/events\/e-bike-tour-ai-piedi-del-latemar\/var\/ri-5.l-L1\",\n\t\t\t\t\"startDate\": \"2026-7-30T17:15+0:00\",\n\t\t\t\t\"endDate\": \"2026-7-30T23:59+0:00\",\n\t\t\t\t\"image\":\"https:\/\/latemarium.com\/wp-content\/uploads\/2023\/06\/e-bike-tour.jpg\", \n\t\t\t\t\"description\":\"<p><strong>Ogni gioved\u00ec dal 25 giugno al 3 settembre 2026<\/strong><\/p> <p>Ritrovo con la guida Andrea alle 17.15 a Pampeago (presso biglietteria impianti)<br \/> Durata:\u00a0dalle 17.15 alle 19.15<br \/> Max 8 persone. +16 anni.<\/p> <p class='p1'><span class='s1'>Per gli appassionati di e-bike, con un livello intermedio, abbiamo pensato ad un tour alla scoperta del Latemar con vista mozzafiato sulle aree circostanti. Sar\u00e0 un itinerario piacevole e grazie alla pedalata assistita potrete affrontare con facilit\u00e0 il dislivello che vi porter\u00e0 in localit\u00e0 Tresca. \u00c8 il momento della giornata perfetto: la montagna si svuota, potrete apprezzare il silenzio della natura e godere dei colori della \u201cgolden hour\u201d. Terminato il giro vi attender\u00e0 un piccolo aperitivo allo Chalet Caserina.<br \/> Potrete noleggiare la e-bike in loco, al negozio Sport Ventura di Pampeago.<br \/> <\/span><\/p> <p class='p1'><em><span class='s1'>Attivit\u00e0 non prevista in caso di pioggia.<\/span><\/em><\/p> <p>Prenotazione obbligatoria. Clicca\u00a0<a href='https:\/\/www.visitfiemme.it\/it\/eventi\/fiemme-cembra-guest-card\/esperienze\/esperienze-in-estate?re-product-id=251796' target='_blank' rel='noopener'>qui<\/a>.<\/p> \",\"location\":[{\"@type\":\"Place\",\"name\":\"Pampeago\",\"address\":{\"@type\": \"PostalAddress\",\"streetAddress\":\"Localit\u00e0 Pampeago, 8, 38038 Tesero TN\"}}]}<\/script><\/div>\r\n\t\t\t\t<p class=\"desc_trig_outter\" style=\"\"><a data-gmtrig=\"1\" data-exlk=\"0\" style=\"background-color: #ba181d;\" id=\"evc_17854245002201\" class=\"hasFtIMG event_repeat desc_trig sin_val evcal_list_a\" data-ux_val=\"3\" data-ux_val_mob=\"-\"  ><span class='evoet_c1 evoet_cx '><span class='ev_ftImg' data-img='https:\/\/latemarium.com\/wp-content\/uploads\/2023\/06\/e-bike-tour.jpg' data-thumb='https:\/\/latemarium.com\/wp-content\/uploads\/2023\/06\/e-bike-tour-300x169.jpg' style='background-image:url(\"https:\/\/latemarium.com\/wp-content\/uploads\/2023\/06\/e-bike-tour-300x169.jpg\")' ><\/span><\/span><span class='evoet_c2 evoet_cx '><span class='evoet_dayblock evcal_cblock ' data-bgcolor='#ba181d' data-smon='luglio' data-syr='2026' data-bub=''><span class='evo_start '><em class='date'>30<\/em><em class='month'>lug<\/em><em class='time'>17:15<\/em><\/span><\/span><\/span><span class='evoet_c3 evoet_cx evcal_desc hide_eventtopdata '><span class='evoet_title evcal_desc2 evcal_event_title ' itemprop='name'>E-Bike Tour ai piedi del Latemar<\/span><span class='event_location_attrs'  data-location_address=\"Localit\u00e0 Pampeago, 8, 38038 Tesero TN\" data-location_type=\"lonlat\" data-location_name=\"Pampeago\" data-location_url=\"https:\/\/latemarium.com\/it\/event-location\/pampeago\/\" data-location_status=\"true\" data-latlng=\"46.34343697644898,11.540997527961546\"><\/span><span class='evoet_subtitle evo_below_title' ><span class='evcal_event_subtitle ' >Per gli appassionati di e-bike<\/span><\/span><span class='evoet_time_expand level_3'><em class='evcal_time evo_tz_time'><i class='fa fa-clock-o'><\/i>17:15<span class='evo_tz marl5'>(GMT+02:00)<\/span><\/em> <\/span><span class='evoet_location level_3'><em class=\"evcal_location\"  data-latlng=\"46.34343697644898,11.540997527961546\" data-add_str=\"Localit\u00e0 Pampeago, 8, 38038 Tesero TN\" data-n=\"Pampeago\"><i class=\"fa fa-location-pin\"><\/i><em class=\"event_location_name\">Pampeago<\/em>, Localit\u00e0 Pampeago, 8, 38038 Tesero TN<\/em><\/span><\/span><span class='evoet_data' data-d=\"{&quot;loc.n&quot;:&quot;Pampeago&quot;,&quot;orgs&quot;:[],&quot;tags&quot;:{&quot;repeating&quot;:&quot;Repeating Event&quot;}}\" data-bgc=\"#ba181d\" data-bggrad=\"\" ><\/span><\/a><\/p><div class='event_description evcal_eventcard ' style=\"display:none\"><div class='evocard_row'><div id='event_ftimage' class='evocard_box ftimage' data-c='' \n\t\t\t\t\tstyle=''><div class='evocard_main_image_hold' data-t='Loading Image..'><div class='evocard_main_image evo_img_triglb evobr15 evobgsc evobgpc evodfx evofx_jc_c evofx_ai_c evofz48 minmized' style='height:300px; background-image:url();' data-f=\"https:\/\/latemarium.com\/wp-content\/uploads\/2023\/06\/e-bike-tour.jpg\" data-h=\"675\" data-w=\"1200\" data-ratio=\"0.5625\" data-event_id=\"2201\" data-ri=\"5\"  data-t='Loading Image..'><span style='height:300px; background-image:url(https:\/\/latemarium.com\/wp-content\/uploads\/2023\/06\/e-bike-tour.jpg)'><\/span><\/div><\/div><\/div><\/div><div class='evocard_row'><div id='event_eventdetails' class='evocard_box eventdetails' data-c='' \n\t\t\t\t\tstyle=''><div class='evo_metarow_details evorow evcal_evdata_row evcal_event_details'>\n\t\t<div class=\"event_excerpt\" style=\"display:none\"><h3 class=\"padb5 evo_h3\">Dettagli dell&#039;evento<\/h3><p>Ogni gioved\u00ec dal 25 giugno al 3 settembre 2026\nRitrovo con la guida Andrea alle 17.15 a Pampeago (presso biglietteria impianti)\nDurata:\u00a0dalle 17.15 alle 19.15\nMax 8 persone. +16 anni.<\/p><\/div><span class='evcal_evdata_icons'><i class='fa fa-align-justify'><\/i><\/span>\n\t\t\n\t\t<div class='evcal_evdata_cell shorter_desc'>\n\t\t\t<div class='eventon_full_description'>\n\t\t\t\t<h3 class='padb5 evo_h3'><span class='evcal_evdata_icons'><i class='fa fa-align-justify'><\/i><\/span>Dettagli dell&#039;evento<\/h3>\n\t\t\t\t<div class='eventon_desc_in' itemprop='description'>\n\t\t\t\t<p><strong>Ogni gioved\u00ec dal 25 giugno al 3 settembre 2026<\/strong><\/p>\n<p>Ritrovo con la guida Andrea alle 17.15 a Pampeago (presso biglietteria impianti)<br \/>\nDurata:\u00a0dalle 17.15 alle 19.15<br \/>\nMax 8 persone. +16 anni.<\/p>\n<p class=\"p1\"><span class=\"s1\">Per gli appassionati di e-bike, con un livello intermedio, abbiamo pensato ad un tour alla scoperta del Latemar con vista mozzafiato sulle aree circostanti. Sar\u00e0 un itinerario piacevole e grazie alla pedalata assistita potrete affrontare con facilit\u00e0 il dislivello che vi porter\u00e0 in localit\u00e0 Tresca. \u00c8 il momento della giornata perfetto: la montagna si svuota, potrete apprezzare il silenzio della natura e godere dei colori della \u201cgolden hour\u201d. Terminato il giro vi attender\u00e0 un piccolo aperitivo allo Chalet Caserina.<br \/>\nPotrete noleggiare la e-bike in loco, al negozio Sport Ventura di Pampeago.<br \/>\n<\/span><\/p>\n<p class=\"p1\"><em><span class=\"s1\">Attivit\u00e0 non prevista in caso di pioggia.<\/span><\/em><\/p>\n<p>Prenotazione obbligatoria. Clicca\u00a0<a href=\"https:\/\/www.visitfiemme.it\/it\/eventi\/fiemme-cembra-guest-card\/esperienze\/esperienze-in-estate?re-product-id=251796\" target=\"_blank\" rel=\"noopener\">qui<\/a>.<\/p>\n<\/div><p class='eventon_shad_p' style='padding:5px 0 0; margin:0'>\n\t\t\t<span class='evcal_btn evo_btn_secondary evobtn_details_show_more' content='less'>\n\t\t\t\t<span class='ev_more_text' data-txt='Meno'>Pi\u00f9<\/span><span class='ev_more_arrow ard'><\/span>\n\t\t\t<\/span>\n\t\t<\/p><div class='clear'><\/div>\n\t\t\t<\/div>\n\t\t<\/div>\n\t<\/div><\/div><\/div><div class='evocard_row bx2 bx'><div id='event_time' class='evocard_box time' data-c='' \n\t\t\t\t\tstyle=''><div class='evo_metarow_time evorow evcal_evdata_row evcal_evrow_sm '>\n\t\t<span class='evcal_evdata_icons'><i class='fa fa-clock'><\/i><\/span>\n\t\t<div class='evcal_evdata_cell'>\t\t\t\t\t\t\t\n\t\t\t<h3 class='evo_h3'><span class='evcal_evdata_icons'><i class='fa fa-clock'><\/i><\/span>Orario<\/h3><p><span class='evo_eventcard_time_t'>30 luglio 2026 17:15<\/span><span class='evo_tz marr5'>(GMT+02:00)<\/span><\/p>\n\t\t<\/div>\n\t<\/div><\/div><div id='event_location' class='evocard_box location' data-c='' \n\t\t\t\t\tstyle=''><div class='evcal_evdata_row evo_metarow_time_location evorow '>\n\t\t\n\t\t\t<span class='evcal_evdata_icons'><i class='fa fa-map-marker'><\/i><\/span>\n\t\t\t<div class='evcal_evdata_cell' data-loc_tax_id='30'><h3 class='evo_h3 evodfx'><span class='evcal_evdata_icons'><i class='fa fa-map-marker'><\/i><\/span>Luogo<\/h3><p class='evo_location_name'>Pampeago<\/p><p class='evo_location_address evodfxi evogap10'>Localit\u00e0 Pampeago, 8, 38038 Tesero TN<\/p><div class='padt10'><span class='evo_btn_arr evolb_trigger' data-lbvals=\"{&quot;lbc&quot;:&quot;evo_location_lb_30&quot;,&quot;lbac&quot;:&quot;lb_max&quot;,&quot;t&quot;:&quot;Pampeago&quot;,&quot;ajax&quot;:&quot;yes&quot;,&quot;ajax_type&quot;:&quot;endpoint&quot;,&quot;ajax_action&quot;:&quot;eventon_get_tax_card_content&quot;,&quot;end&quot;:&quot;client&quot;,&quot;d&quot;:{&quot;lang&quot;:&quot;L1&quot;,&quot;term_id&quot;:30,&quot;tax&quot;:&quot;event_location&quot;,&quot;load_lbcontent&quot;:true},&quot;uid&quot;:&quot;eventon_get_tax_card_content&quot;}\" >Other Events<i class='fa fa-chevron-right'><\/i><\/span><\/div><\/div>\n\t\t\n\t<\/div><\/div><\/div><div class='evocard_row'><div id='event_addtocal' class='evocard_box addtocal' data-c='' \n\t\t\t\t\tstyle=''><div class='evo_metarow_ICS evorow evcal_evdata_row'>\n\t\t\t<span class='evcal_evdata_icons'><i class='fa fa-calendar-o'><\/i><\/span>\n\t\t\t<div class='evcal_evdata_cell'>\n\t\t\t\t<p><a href='https:\/\/latemarium.com\/it\/export-events\/2201_5\/?nonce=a3263097f9' class='evo_ics_nCal' title='Aggiungi al tuo calendario'>Calendario<\/a><a href='https:\/\/www.google.com\/calendar\/event?action=TEMPLATE&text=E-Bike+Tour+ai+piedi+del+Latemar&dates=20260730T151500Z%2F20260730T215900Z&ctz=Europe%2FRome&details=E-Bike Tour ai piedi del Latemar&location=Pampeago+Localit%C3%A0+Pampeago%2C+8%2C+38038+Tesero+TN' target='_blank' class='evo_ics_gCal' title='Aggiungi al calendario di Google'>GoogleCal<\/a><\/p>\t\n\t\t\t<\/div>\n\t\t<\/div><\/div><\/div><div class='evocard_row'><div id='event_getdirection' class='evocard_box getdirection' data-c='' \n\t\t\t\t\tstyle=''><div class='evo_metarow_getDr evorow evcal_evdata_row evcal_evrow_sm getdirections'>\n\t\t<form action='https:\/\/maps.google.com\/maps' method='get' target='_blank'>\n\t\t\t<input type='hidden' name='daddr' value=\"46.34343697644898,11.540997527961546\"\/> \n\t\t\t<div class='evo_get_direction_content evo_fx_dr_r evogap10'>\n\t\t\t\t<span class='evogetdir_header evodfx evofx_dr_r evofx_ai_c marr10'>\n\t\t\t\t\t<i class='mainicon fa fa-road'><\/i> \n\t\t\t\t\t<h3 class='evo_h3' style='padding-bottom:5px;'>Ottieni indicazioni stradali<\/h3>\n\t\t\t\t<\/span>\n\t\t\t\t<span class='evogetdir_field evodfx evofx_1_1 evo_fx_dr_c evow100p'>\t\t\t\t\t\n\t\t\t\t\t<input class='evoInput evotac' type='text' name='saddr' placeholder='Digitare l&#039;indirizzo per ottenere le indicazioni stradali' value='' style='margin:10px 0;'\/>\n\t\t\t\t<\/span>\n\t\t\t\t<button type='submit' class='evo_get_direction_button evo_btn_arr_circ dfx fx_ai_c' title='Fare clic qui per ottenere indicazioni'><i class='fa fa-chevron-right'><\/i> <\/button>\n\t\t\t<\/div>\n\t\t<\/form>\n\t<\/div><\/div><\/div><div class='evo_card_row_end evcal_close' title='Testo del pulsante Chiudi evento'><\/div><\/div><div class='clear end'><\/div><\/div><div id=\"event_2493_5\" class=\"eventon_list_event evo_eventtop scheduled  event clrW no_et event_2493_5\" data-event_id=\"2493\" data-ri=\"5r\" data-time=\"1785483000-1785535140\" data-colr=\"#6baeff\" itemscope itemtype='http:\/\/schema.org\/Event'><div class=\"evo_event_schema\" style=\"display:none\" ><a itemprop='url'  href='https:\/\/latemarium.com\/it\/events\/respirart-piccoli-artisti-in-natura\/var\/ri-5.l-L1'><\/a><meta itemprop='image' content=\"https:\/\/latemarium.com\/wp-content\/uploads\/2021\/05\/respirart-vita-e-bellezza.jpg\" \/><meta itemprop='startDate' content=\"2026-7-31T09:30+0:00\" \/><meta itemprop='endDate' content=\"2026-7-31T23:59+0:00\" \/><meta itemprop='eventStatus' content=\"https:\/\/schema.org\/EventScheduled\" \/><meta itemprop='eventAttendanceMode'   itemscope itemtype=\"https:\/\/schema.org\/OfflineEventAttendanceMode\"\/><div style=\"display:none\" itemprop=\"location\" itemscope itemtype=\"http:\/\/schema.org\/Place\"><span itemprop=\"name\">Pampeago<\/span><span itemprop=\"address\" itemscope itemtype=\"http:\/\/schema.org\/PostalAddress\"><item itemprop=\"streetAddress\">Localit\u00e0 Pampeago, 8, 38038 Tesero TN<\/item><\/span><\/div><script type=\"application\/ld+json\">{\"@context\": \"http:\/\/schema.org\",\"@type\": \"Event\",\n\t\t\t\t\"@id\": \"event_2493_5\",\n\t\t\t\t\"eventAttendanceMode\":\"https:\/\/schema.org\/OfflineEventAttendanceMode\",\n\t\t\t\t\"eventStatus\":\"https:\/\/schema.org\/EventScheduled\",\n\t\t\t\t\"name\": \"Respirart: piccoli artisti in natura\",\n\t\t\t\t\"url\": \"https:\/\/latemarium.com\/it\/events\/respirart-piccoli-artisti-in-natura\/var\/ri-5.l-L1\",\n\t\t\t\t\"startDate\": \"2026-7-31T09:30+0:00\",\n\t\t\t\t\"endDate\": \"2026-7-31T23:59+0:00\",\n\t\t\t\t\"image\":\"https:\/\/latemarium.com\/wp-content\/uploads\/2021\/05\/respirart-vita-e-bellezza.jpg\", \n\t\t\t\t\"description\":\"<p><strong>Ogni venerd\u00ec dal 26 giugno all&#8217;11 settembre 2026<\/strong><\/p> <p>Laboratorio ambientale e artistico RespirArt, rivolto a tutti, grandi e piccini. Andremo alla scoperta delle opere d&#8217;arte in modo divertente.<br \/> Appuntamento alle 9.30 alla partenza della Seggiovia-Seminovia Agnello di Pampeago con la guida artistica, che vi consegner\u00e0 i semi per sorvolare il parco RespirArt. Partecipando al laboratorio artistico i bambini costruiranno piccole opere di land art utilizzando materiali naturali.<\/p> <p><strong>Prenotazione obbligatoria.<\/strong><\/p> <p>Clicca <a href='https:\/\/www.visitfiemme.it\/it\/eventi\/fiemme-cembra-guest-card\/esperienze\/esperienze-in-estate?re-product-id=211712' target='_blank' rel='noopener'>qui<\/a> per prenotare.<\/p> \",\"location\":[{\"@type\":\"Place\",\"name\":\"Pampeago\",\"address\":{\"@type\": \"PostalAddress\",\"streetAddress\":\"Localit\u00e0 Pampeago, 8, 38038 Tesero TN\"}}]}<\/script><\/div>\r\n\t\t\t\t<p class=\"desc_trig_outter\" style=\"\"><a data-gmtrig=\"1\" data-exlk=\"0\" style=\"background-color: #6baeff;\" id=\"evc_17854830002493\" class=\"hasFtIMG event_repeat desc_trig sin_val evcal_list_a\" data-ux_val=\"3\" data-ux_val_mob=\"-\"  ><span class='evoet_c1 evoet_cx '><span class='ev_ftImg' data-img='https:\/\/latemarium.com\/wp-content\/uploads\/2021\/05\/respirart-vita-e-bellezza.jpg' data-thumb='https:\/\/latemarium.com\/wp-content\/uploads\/2021\/05\/respirart-vita-e-bellezza-300x201.jpg' style='background-image:url(\"https:\/\/latemarium.com\/wp-content\/uploads\/2021\/05\/respirart-vita-e-bellezza-300x201.jpg\")' ><\/span><\/span><span class='evoet_c2 evoet_cx '><span class='evoet_dayblock evcal_cblock ' data-bgcolor='#6baeff' data-smon='luglio' data-syr='2026' data-bub=''><span class='evo_start '><em class='date'>31<\/em><em class='month'>lug<\/em><em class='time'>09:30<\/em><\/span><\/span><\/span><span class='evoet_c3 evoet_cx evcal_desc hide_eventtopdata '><span class='evoet_title evcal_desc2 evcal_event_title ' itemprop='name'>Respirart: piccoli artisti in natura<\/span><span class='event_location_attrs'  data-location_address=\"Localit\u00e0 Pampeago, 8, 38038 Tesero TN\" data-location_type=\"lonlat\" data-location_name=\"Pampeago\" data-location_url=\"https:\/\/latemarium.com\/it\/event-location\/pampeago\/\" data-location_status=\"true\" data-latlng=\"46.34343697644898,11.540997527961546\"><\/span><span class='evoet_subtitle evo_below_title' ><span class='evcal_event_subtitle ' >laboratorio artistico<\/span><\/span><span class='evoet_time_expand level_3'><em class='evcal_time evo_tz_time'><i class='fa fa-clock-o'><\/i>09:30<span class='evo_tz marl5'>(GMT+02:00)<\/span><\/em> <\/span><span class='evoet_location level_3'><em class=\"evcal_location\"  data-latlng=\"46.34343697644898,11.540997527961546\" data-add_str=\"Localit\u00e0 Pampeago, 8, 38038 Tesero TN\" data-n=\"Pampeago\"><i class=\"fa fa-location-pin\"><\/i><em class=\"event_location_name\">Pampeago<\/em>, Localit\u00e0 Pampeago, 8, 38038 Tesero TN<\/em><\/span><\/span><span class='evoet_data' data-d=\"{&quot;loc.n&quot;:&quot;Pampeago&quot;,&quot;orgs&quot;:[],&quot;tags&quot;:{&quot;repeating&quot;:&quot;Repeating Event&quot;}}\" data-bgc=\"#6baeff\" data-bggrad=\"\" ><\/span><\/a><\/p><div class='event_description evcal_eventcard ' style=\"display:none\"><div class='evocard_row'><div id='event_ftimage' class='evocard_box ftimage' data-c='' \n\t\t\t\t\tstyle=''><div class='evocard_main_image_hold' data-t='Loading Image..'><div class='evocard_main_image evo_img_triglb evobr15 evobgsc evobgpc evodfx evofx_jc_c evofx_ai_c evofz48 minmized' style='height:300px; background-image:url();' data-f=\"https:\/\/latemarium.com\/wp-content\/uploads\/2021\/05\/respirart-vita-e-bellezza.jpg\" data-h=\"602\" data-w=\"899\" data-ratio=\"0.66963292547275\" data-event_id=\"2493\" data-ri=\"5\"  data-t='Loading Image..'><span style='height:300px; background-image:url(https:\/\/latemarium.com\/wp-content\/uploads\/2021\/05\/respirart-vita-e-bellezza.jpg)'><\/span><\/div><\/div><\/div><\/div><div class='evocard_row'><div id='event_eventdetails' class='evocard_box eventdetails' data-c='' \n\t\t\t\t\tstyle=''><div class='evo_metarow_details evorow evcal_evdata_row evcal_event_details'>\n\t\t<div class=\"event_excerpt\" style=\"display:none\"><h3 class=\"padb5 evo_h3\">Dettagli dell&#039;evento<\/h3><p>Ogni venerd\u00ec dal 26 giugno all&#8217;11 settembre 2026\nLaboratorio ambientale e artistico RespirArt, rivolto a tutti, grandi e piccini. Andremo alla scoperta delle opere d&#8217;arte in modo divertente.\nAppuntamento alle 9.30<\/p><\/div><span class='evcal_evdata_icons'><i class='fa fa-align-justify'><\/i><\/span>\n\t\t\n\t\t<div class='evcal_evdata_cell shorter_desc'>\n\t\t\t<div class='eventon_full_description'>\n\t\t\t\t<h3 class='padb5 evo_h3'><span class='evcal_evdata_icons'><i class='fa fa-align-justify'><\/i><\/span>Dettagli dell&#039;evento<\/h3>\n\t\t\t\t<div class='eventon_desc_in' itemprop='description'>\n\t\t\t\t<p><strong>Ogni venerd\u00ec dal 26 giugno all&#8217;11 settembre 2026<\/strong><\/p>\n<p>Laboratorio ambientale e artistico RespirArt, rivolto a tutti, grandi e piccini. Andremo alla scoperta delle opere d&#8217;arte in modo divertente.<br \/>\nAppuntamento alle 9.30 alla partenza della Seggiovia-Seminovia Agnello di Pampeago con la guida artistica, che vi consegner\u00e0 i semi per sorvolare il parco RespirArt. Partecipando al laboratorio artistico i bambini costruiranno piccole opere di land art utilizzando materiali naturali.<\/p>\n<p><strong>Prenotazione obbligatoria.<\/strong><\/p>\n<p>Clicca <a href=\"https:\/\/www.visitfiemme.it\/it\/eventi\/fiemme-cembra-guest-card\/esperienze\/esperienze-in-estate?re-product-id=211712\" target=\"_blank\" rel=\"noopener\">qui<\/a> per prenotare.<\/p>\n<\/div><p class='eventon_shad_p' style='padding:5px 0 0; margin:0'>\n\t\t\t<span class='evcal_btn evo_btn_secondary evobtn_details_show_more' content='less'>\n\t\t\t\t<span class='ev_more_text' data-txt='Meno'>Pi\u00f9<\/span><span class='ev_more_arrow ard'><\/span>\n\t\t\t<\/span>\n\t\t<\/p><div class='clear'><\/div>\n\t\t\t<\/div>\n\t\t<\/div>\n\t<\/div><\/div><\/div><div class='evocard_row bx2 bx'><div id='event_time' class='evocard_box time' data-c='' \n\t\t\t\t\tstyle=''><div class='evo_metarow_time evorow evcal_evdata_row evcal_evrow_sm '>\n\t\t<span class='evcal_evdata_icons'><i class='fa fa-clock'><\/i><\/span>\n\t\t<div class='evcal_evdata_cell'>\t\t\t\t\t\t\t\n\t\t\t<h3 class='evo_h3'><span class='evcal_evdata_icons'><i class='fa fa-clock'><\/i><\/span>Orario<\/h3><p><span class='evo_eventcard_time_t'>31 luglio 2026 09:30<\/span><span class='evo_tz marr5'>(GMT+02:00)<\/span><\/p>\n\t\t<\/div>\n\t<\/div><\/div><div id='event_location' class='evocard_box location' data-c='' \n\t\t\t\t\tstyle=''><div class='evcal_evdata_row evo_metarow_time_location evorow '>\n\t\t\n\t\t\t<span class='evcal_evdata_icons'><i class='fa fa-map-marker'><\/i><\/span>\n\t\t\t<div class='evcal_evdata_cell' data-loc_tax_id='30'><h3 class='evo_h3 evodfx'><span class='evcal_evdata_icons'><i class='fa fa-map-marker'><\/i><\/span>Luogo<\/h3><p class='evo_location_name'>Pampeago<\/p><p class='evo_location_address evodfxi evogap10'>Localit\u00e0 Pampeago, 8, 38038 Tesero TN<\/p><div class='padt10'><span class='evo_btn_arr evolb_trigger' data-lbvals=\"{&quot;lbc&quot;:&quot;evo_location_lb_30&quot;,&quot;lbac&quot;:&quot;lb_max&quot;,&quot;t&quot;:&quot;Pampeago&quot;,&quot;ajax&quot;:&quot;yes&quot;,&quot;ajax_type&quot;:&quot;endpoint&quot;,&quot;ajax_action&quot;:&quot;eventon_get_tax_card_content&quot;,&quot;end&quot;:&quot;client&quot;,&quot;d&quot;:{&quot;lang&quot;:&quot;L1&quot;,&quot;term_id&quot;:30,&quot;tax&quot;:&quot;event_location&quot;,&quot;load_lbcontent&quot;:true},&quot;uid&quot;:&quot;eventon_get_tax_card_content&quot;}\" >Other Events<i class='fa fa-chevron-right'><\/i><\/span><\/div><\/div>\n\t\t\n\t<\/div><\/div><\/div><div class='evocard_row bx2 bx'><div id='event_learnmore' class='evocard_box learnmore' data-c='' \n\t\t\t\t\tstyle=''><div class='evo_metarow_learnM evo_metarow_learnmore evorow'>\n\t\t\t\t\t\t\t<a class='evcal_evdata_row evo_clik_row ' href='http:\/\/www.respirart.com\/' target=\"_blank\">\n\t\t\t\t\t\t\t\t<span class='evcal_evdata_icons'><i class='fa fa-link'><\/i><\/span>\n\t\t\t\t\t\t\t\t<h3 class='evo_h3'>Scopri di pi\u00f9<\/h3>\n\t\t\t\t\t\t\t<\/a>\n\t\t\t\t\t\t\t<\/div><\/div><div id='event_addtocal' class='evocard_box addtocal' data-c='' \n\t\t\t\t\tstyle=''><div class='evo_metarow_ICS evorow evcal_evdata_row'>\n\t\t\t<span class='evcal_evdata_icons'><i class='fa fa-calendar-o'><\/i><\/span>\n\t\t\t<div class='evcal_evdata_cell'>\n\t\t\t\t<p><a href='https:\/\/latemarium.com\/it\/export-events\/2493_5\/?nonce=a3263097f9' class='evo_ics_nCal' title='Aggiungi al tuo calendario'>Calendario<\/a><a href='https:\/\/www.google.com\/calendar\/event?action=TEMPLATE&text=Respirart%3A+piccoli+artisti+in+natura&dates=20260731T073000Z%2F20260731T215900Z&ctz=Europe%2FRome&details=Respirart: piccoli artisti in natura&location=Pampeago+Localit%C3%A0+Pampeago%2C+8%2C+38038+Tesero+TN' target='_blank' class='evo_ics_gCal' title='Aggiungi al calendario di Google'>GoogleCal<\/a><\/p>\t\n\t\t\t<\/div>\n\t\t<\/div><\/div><\/div><div class='evocard_row'><div id='event_repeats' class='evocard_box repeats' data-c='' \n\t\t\t\t\tstyle=''><div class='evo_metarow_repeats evorow evcal_evdata_row evcal_evrow_sm '>\n\t\t<span class='evcal_evdata_icons'><i class='fa fa-repeat'><\/i><\/span>\n\t\t<div class='evcal_evdata_cell'>\t\t\t\t\t\t\t\n\t\t\t<h3 class='evo_h3'>Orari degli eventi futuri in questa serie di eventi ripetuti<\/h3><div class='evo_elm_HCS evo_repeat_series' style=''><span class='evo_elmHCS_nav HCSnavL evo_repeat_series content_slide_trig'><i class='fa fa-chevron-left'><\/i><\/span><span class='evo_elmHCS_nav HCSnavR evo_repeat_series content_slide_trig'><i class='fa fa-chevron-right'><\/i><\/span><div class='evo_elm_HCS_in'><div class='evo_repeat_series_dates clickable evodfx evofx_dr_r evogap10' data-click='1' data-event_url='https:\/\/latemarium.com\/it\/events\/respirart-piccoli-artisti-in-natura\/var\/ri-5.l-L1'><span class='evo_repeat_series_date evodfx evofx_dr_r evofx_ai_c evogap5 evobr15 evobrdB1 evocl1 evopad15 evottu evofz14 evocurp evo_trans_sc1_03 evoHbgcw' data-ux=\"def\" data-l=\"https:\/\/latemarium.com\/it\/events\/respirart-piccoli-artisti-in-natura\/var\/ri-6.l-L1\" ><span class='evodfx evofx_dr_c evotac evofx_jc_c'><b class='j evofz16'>7<\/b><b class='fy'>agosto <\/b><em class='t evofsn'>09:30 - 23:59<\/em><\/span><\/span><span class='evo_repeat_series_date evodfx evofx_dr_r evofx_ai_c evogap5 evobr15 evobrdB1 evocl1 evopad15 evottu evofz14 evocurp evo_trans_sc1_03 evoHbgcw' data-ux=\"def\" data-l=\"https:\/\/latemarium.com\/it\/events\/respirart-piccoli-artisti-in-natura\/var\/ri-7.l-L1\" ><span class='evodfx evofx_dr_c evotac evofx_jc_c'><b class='j evofz16'>14<\/b><b class='fy'>agosto <\/b><em class='t evofsn'>09:30 - 23:59<\/em><\/span><\/span><span class='evo_repeat_series_date evodfx evofx_dr_r evofx_ai_c evogap5 evobr15 evobrdB1 evocl1 evopad15 evottu evofz14 evocurp evo_trans_sc1_03 evoHbgcw' data-ux=\"def\" data-l=\"https:\/\/latemarium.com\/it\/events\/respirart-piccoli-artisti-in-natura\/var\/ri-8.l-L1\" ><span class='evodfx evofx_dr_c evotac evofx_jc_c'><b class='j evofz16'>21<\/b><b class='fy'>agosto <\/b><em class='t evofsn'>09:30 - 23:59<\/em><\/span><\/span><span class='evo_repeat_series_date evodfx evofx_dr_r evofx_ai_c evogap5 evobr15 evobrdB1 evocl1 evopad15 evottu evofz14 evocurp evo_trans_sc1_03 evoHbgcw' data-ux=\"def\" data-l=\"https:\/\/latemarium.com\/it\/events\/respirart-piccoli-artisti-in-natura\/var\/ri-9.l-L1\" ><span class='evodfx evofx_dr_c evotac evofx_jc_c'><b class='j evofz16'>28<\/b><b class='fy'>agosto <\/b><em class='t evofsn'>09:30 - 23:59<\/em><\/span><\/span><span class='evo_repeat_series_date evodfx evofx_dr_r evofx_ai_c evogap5 evobr15 evobrdB1 evocl1 evopad15 evottu evofz14 evocurp evo_trans_sc1_03 evoHbgcw' data-ux=\"def\" data-l=\"https:\/\/latemarium.com\/it\/events\/respirart-piccoli-artisti-in-natura\/var\/ri-10.l-L1\" ><span class='evodfx evofx_dr_c evotac evofx_jc_c'><b class='j evofz16'>4<\/b><b class='fy'>settembre <\/b><em class='t evofsn'>09:30 - 23:59<\/em><\/span><\/span><span class='evo_repeat_series_date evodfx evofx_dr_r evofx_ai_c evogap5 evobr15 evobrdB1 evocl1 evopad15 evottu evofz14 evocurp evo_trans_sc1_03 evoHbgcw' data-ux=\"def\" data-l=\"https:\/\/latemarium.com\/it\/events\/respirart-piccoli-artisti-in-natura\/var\/ri-11.l-L1\" ><span class='evodfx evofx_dr_c evotac evofx_jc_c'><b class='j evofz16'>11<\/b><b class='fy'>settembre <\/b><em class='t evofsn'>09:30 - 23:59<\/em><\/span><\/span><\/div><\/div><\/div><\/div><\/div><\/div><\/div><div class='evocard_row'><div id='event_getdirection' class='evocard_box getdirection' data-c='' \n\t\t\t\t\tstyle=''><div class='evo_metarow_getDr evorow evcal_evdata_row evcal_evrow_sm getdirections'>\n\t\t<form action='https:\/\/maps.google.com\/maps' method='get' target='_blank'>\n\t\t\t<input type='hidden' name='daddr' value=\"46.34343697644898,11.540997527961546\"\/> \n\t\t\t<div class='evo_get_direction_content evo_fx_dr_r evogap10'>\n\t\t\t\t<span class='evogetdir_header evodfx evofx_dr_r evofx_ai_c marr10'>\n\t\t\t\t\t<i class='mainicon fa fa-road'><\/i> \n\t\t\t\t\t<h3 class='evo_h3' style='padding-bottom:5px;'>Ottieni indicazioni stradali<\/h3>\n\t\t\t\t<\/span>\n\t\t\t\t<span class='evogetdir_field evodfx evofx_1_1 evo_fx_dr_c evow100p'>\t\t\t\t\t\n\t\t\t\t\t<input class='evoInput evotac' type='text' name='saddr' placeholder='Digitare l&#039;indirizzo per ottenere le indicazioni stradali' value='' style='margin:10px 0;'\/>\n\t\t\t\t<\/span>\n\t\t\t\t<button type='submit' class='evo_get_direction_button evo_btn_arr_circ dfx fx_ai_c' title='Fare clic qui per ottenere indicazioni'><i class='fa fa-chevron-right'><\/i> <\/button>\n\t\t\t<\/div>\n\t\t<\/form>\n\t<\/div><\/div><\/div><div class='evo_card_row_end evcal_close' title='Testo del pulsante Chiudi evento'><\/div><\/div><div class='clear end'><\/div><\/div><\/div><div class='evcal_month_line' data-d='eml_8_2026' data-su='1785535200'><p>agosto<\/p><\/div><div class='sep_month_events ' data-d='eml_8_2026'><div id=\"event_2259_0\" class=\"eventon_list_event evo_eventtop scheduled  event clrW no_et event_2259_0\" data-event_id=\"2259\" data-ri=\"0r\" data-time=\"1785641400-1785707940\" data-colr=\"#f0d173\" itemscope itemtype='http:\/\/schema.org\/Event'><div class=\"evo_event_schema\" style=\"display:none\" ><a itemprop='url'  href='https:\/\/latemarium.com\/it\/events\/voci-nel-mattino-coro-genzianella\/'><\/a><meta itemprop='image' content=\"https:\/\/latemarium.com\/wp-content\/uploads\/2020\/07\/coro-genzianella-voci-nel-mattina.jpeg\" \/><meta itemprop='startDate' content=\"2026-8-2T05:30+0:00\" \/><meta itemprop='endDate' content=\"2026-8-2T23:59+0:00\" \/><meta itemprop='eventStatus' content=\"https:\/\/schema.org\/EventScheduled\" \/><meta itemprop='eventAttendanceMode'   itemscope itemtype=\"https:\/\/schema.org\/OfflineEventAttendanceMode\"\/><div style=\"display:none\" itemprop=\"location\" itemscope itemtype=\"http:\/\/schema.org\/Place\"><span itemprop=\"name\">Pampeago<\/span><span itemprop=\"address\" itemscope itemtype=\"http:\/\/schema.org\/PostalAddress\"><item itemprop=\"streetAddress\">Localit\u00e0 Pampeago, 8, 38038 Tesero TN<\/item><\/span><\/div><script type=\"application\/ld+json\">{\"@context\": \"http:\/\/schema.org\",\"@type\": \"Event\",\n\t\t\t\t\"@id\": \"event_2259_0\",\n\t\t\t\t\"eventAttendanceMode\":\"https:\/\/schema.org\/OfflineEventAttendanceMode\",\n\t\t\t\t\"eventStatus\":\"https:\/\/schema.org\/EventScheduled\",\n\t\t\t\t\"name\": \"Voci Nel Mattino - Coro Genzianella\",\n\t\t\t\t\"url\": \"https:\/\/latemarium.com\/it\/events\/voci-nel-mattino-coro-genzianella\/\",\n\t\t\t\t\"startDate\": \"2026-8-2T05:30+0:00\",\n\t\t\t\t\"endDate\": \"2026-8-2T23:59+0:00\",\n\t\t\t\t\"image\":\"https:\/\/latemarium.com\/wp-content\/uploads\/2020\/07\/coro-genzianella-voci-nel-mattina.jpeg\", \n\t\t\t\t\"description\":\"<p>Al cospetto delle Dolomiti, rassegna di canti popolari e di montagna con il Coro Genzianella di Tesero.<\/p> \",\"location\":[{\"@type\":\"Place\",\"name\":\"Pampeago\",\"address\":{\"@type\": \"PostalAddress\",\"streetAddress\":\"Localit\u00e0 Pampeago, 8, 38038 Tesero TN\"}}]}<\/script><\/div>\r\n\t\t\t\t<p class=\"desc_trig_outter\" style=\"\"><a data-gmtrig=\"1\" data-exlk=\"0\" style=\"background-color: #f0d173;\" id=\"evc_17856414002259\" class=\"hasFtIMG desc_trig sin_val evcal_list_a\" data-ux_val=\"3\" data-ux_val_mob=\"-\"  ><span class='evoet_c1 evoet_cx '><span class='ev_ftImg' data-img='https:\/\/latemarium.com\/wp-content\/uploads\/2020\/07\/coro-genzianella-voci-nel-mattina.jpeg' data-thumb='https:\/\/latemarium.com\/wp-content\/uploads\/2020\/07\/coro-genzianella-voci-nel-mattina-300x166.jpeg' style='background-image:url(\"https:\/\/latemarium.com\/wp-content\/uploads\/2020\/07\/coro-genzianella-voci-nel-mattina-300x166.jpeg\")' ><\/span><\/span><span class='evoet_c2 evoet_cx '><span class='evoet_dayblock evcal_cblock ' data-bgcolor='#f0d173' data-smon='agosto' data-syr='2026' data-bub=''><span class='evo_start '><em class='date'>02<\/em><em class='month'>ago<\/em><em class='time'>05:30<\/em><\/span><\/span><\/span><span class='evoet_c3 evoet_cx evcal_desc hide_eventtopdata '><span class='evoet_title evcal_desc2 evcal_event_title ' itemprop='name'>Voci Nel Mattino - Coro Genzianella<\/span><span class='event_location_attrs'  data-location_address=\"Localit\u00e0 Pampeago, 8, 38038 Tesero TN\" data-location_type=\"lonlat\" data-location_name=\"Pampeago\" data-location_url=\"https:\/\/latemarium.com\/it\/event-location\/pampeago\/\" data-location_status=\"true\" data-latlng=\"46.34343697644898,11.540997527961546\"><\/span><span class='evoet_subtitle evo_below_title' ><span class='evcal_event_subtitle ' >Pampeago - loc. Buse de Tresca<\/span><\/span><span class='evoet_time_expand level_3'><em class='evcal_time evo_tz_time'><i class='fa fa-clock-o'><\/i>05:30<span class='evo_tz marl5'>(GMT+02:00)<\/span><\/em> <\/span><span class='evoet_location level_3'><em class=\"evcal_location\"  data-latlng=\"46.34343697644898,11.540997527961546\" data-add_str=\"Localit\u00e0 Pampeago, 8, 38038 Tesero TN\" data-n=\"Pampeago\"><i class=\"fa fa-location-pin\"><\/i><em class=\"event_location_name\">Pampeago<\/em>, Localit\u00e0 Pampeago, 8, 38038 Tesero TN<\/em><\/span><\/span><span class='evoet_data' data-d=\"{&quot;loc.n&quot;:&quot;Pampeago&quot;,&quot;orgs&quot;:[],&quot;tags&quot;:[]}\" data-bgc=\"#f0d173\" data-bggrad=\"\" ><\/span><\/a><\/p><div class='event_description evcal_eventcard ' style=\"display:none\"><div class='evocard_row'><div id='event_ftimage' class='evocard_box ftimage' data-c='' \n\t\t\t\t\tstyle=''><div class='evocard_main_image_hold' data-t='Loading Image..'><div class='evocard_main_image evo_img_triglb evobr15 evobgsc evobgpc evodfx evofx_jc_c evofx_ai_c evofz48 minmized' style='height:300px; background-image:url();' data-f=\"https:\/\/latemarium.com\/wp-content\/uploads\/2020\/07\/coro-genzianella-voci-nel-mattina.jpeg\" data-h=\"1060\" data-w=\"1920\" data-ratio=\"0.55208333333333\" data-event_id=\"2259\" data-ri=\"0\"  data-t='Loading Image..'><span style='height:300px; background-image:url(https:\/\/latemarium.com\/wp-content\/uploads\/2020\/07\/coro-genzianella-voci-nel-mattina.jpeg)'><\/span><\/div><\/div><\/div><\/div><div class='evocard_row'><div id='event_eventdetails' class='evocard_box eventdetails' data-c='' \n\t\t\t\t\tstyle=''><div class='evo_metarow_details evorow evcal_evdata_row evcal_event_details'>\n\t\t<div class=\"event_excerpt\" style=\"display:none\"><h3 class=\"padb5 evo_h3\">Dettagli dell&#039;evento<\/h3><p>Al cospetto delle Dolomiti, rassegna di canti popolari e di montagna con il Coro Genzianella di Tesero.<\/p><\/div><span class='evcal_evdata_icons'><i class='fa fa-align-justify'><\/i><\/span>\n\t\t\n\t\t<div class='evcal_evdata_cell '>\n\t\t\t<div class='eventon_full_description'>\n\t\t\t\t<h3 class='padb5 evo_h3'><span class='evcal_evdata_icons'><i class='fa fa-align-justify'><\/i><\/span>Dettagli dell&#039;evento<\/h3>\n\t\t\t\t<div class='eventon_desc_in' itemprop='description'>\n\t\t\t\t<p>Al cospetto delle Dolomiti, rassegna di canti popolari e di montagna con il Coro Genzianella di Tesero.<\/p>\n<\/div><div class='clear'><\/div>\n\t\t\t<\/div>\n\t\t<\/div>\n\t<\/div><\/div><\/div><div class='evocard_row bx2 bx'><div id='event_time' class='evocard_box time' data-c='' \n\t\t\t\t\tstyle=''><div class='evo_metarow_time evorow evcal_evdata_row evcal_evrow_sm '>\n\t\t<span class='evcal_evdata_icons'><i class='fa fa-clock'><\/i><\/span>\n\t\t<div class='evcal_evdata_cell'>\t\t\t\t\t\t\t\n\t\t\t<h3 class='evo_h3'><span class='evcal_evdata_icons'><i class='fa fa-clock'><\/i><\/span>Orario<\/h3><p><span class='evo_eventcard_time_t'>2 agosto 2026 05:30<\/span><span class='evo_tz marr5'>(GMT+02:00)<\/span><\/p>\n\t\t<\/div>\n\t<\/div><\/div><div id='event_location' class='evocard_box location' data-c='' \n\t\t\t\t\tstyle=''><div class='evcal_evdata_row evo_metarow_time_location evorow '>\n\t\t\n\t\t\t<span class='evcal_evdata_icons'><i class='fa fa-map-marker'><\/i><\/span>\n\t\t\t<div class='evcal_evdata_cell' data-loc_tax_id='30'><h3 class='evo_h3 evodfx'><span class='evcal_evdata_icons'><i class='fa fa-map-marker'><\/i><\/span>Luogo<\/h3><p class='evo_location_name'>Pampeago<\/p><p class='evo_location_address evodfxi evogap10'>Localit\u00e0 Pampeago, 8, 38038 Tesero TN<\/p><div class='padt10'><span class='evo_btn_arr evolb_trigger' data-lbvals=\"{&quot;lbc&quot;:&quot;evo_location_lb_30&quot;,&quot;lbac&quot;:&quot;lb_max&quot;,&quot;t&quot;:&quot;Pampeago&quot;,&quot;ajax&quot;:&quot;yes&quot;,&quot;ajax_type&quot;:&quot;endpoint&quot;,&quot;ajax_action&quot;:&quot;eventon_get_tax_card_content&quot;,&quot;end&quot;:&quot;client&quot;,&quot;d&quot;:{&quot;lang&quot;:&quot;L1&quot;,&quot;term_id&quot;:30,&quot;tax&quot;:&quot;event_location&quot;,&quot;load_lbcontent&quot;:true},&quot;uid&quot;:&quot;eventon_get_tax_card_content&quot;}\" >Other Events<i class='fa fa-chevron-right'><\/i><\/span><\/div><\/div>\n\t\t\n\t<\/div><\/div><\/div><div class='evocard_row'><div id='event_addtocal' class='evocard_box addtocal' data-c='' \n\t\t\t\t\tstyle=''><div class='evo_metarow_ICS evorow evcal_evdata_row'>\n\t\t\t<span class='evcal_evdata_icons'><i class='fa fa-calendar-o'><\/i><\/span>\n\t\t\t<div class='evcal_evdata_cell'>\n\t\t\t\t<p><a href='https:\/\/latemarium.com\/it\/export-events\/2259_0\/?nonce=a3263097f9' class='evo_ics_nCal' title='Aggiungi al tuo calendario'>Calendario<\/a><a href='https:\/\/www.google.com\/calendar\/event?action=TEMPLATE&text=Voci+Nel+Mattino+-+Coro+Genzianella&dates=20260802T033000Z%2F20260802T215900Z&ctz=Europe%2FRome&details=Voci Nel Mattino - Coro Genzianella&location=Pampeago+Localit%C3%A0+Pampeago%2C+8%2C+38038+Tesero+TN' target='_blank' class='evo_ics_gCal' title='Aggiungi al calendario di Google'>GoogleCal<\/a><\/p>\t\n\t\t\t<\/div>\n\t\t<\/div><\/div><\/div><div class='evocard_row'><div id='event_getdirection' class='evocard_box getdirection' data-c='' \n\t\t\t\t\tstyle=''><div class='evo_metarow_getDr evorow evcal_evdata_row evcal_evrow_sm getdirections'>\n\t\t<form action='https:\/\/maps.google.com\/maps' method='get' target='_blank'>\n\t\t\t<input type='hidden' name='daddr' value=\"46.34343697644898,11.540997527961546\"\/> \n\t\t\t<div class='evo_get_direction_content evo_fx_dr_r evogap10'>\n\t\t\t\t<span class='evogetdir_header evodfx evofx_dr_r evofx_ai_c marr10'>\n\t\t\t\t\t<i class='mainicon fa fa-road'><\/i> \n\t\t\t\t\t<h3 class='evo_h3' style='padding-bottom:5px;'>Ottieni indicazioni stradali<\/h3>\n\t\t\t\t<\/span>\n\t\t\t\t<span class='evogetdir_field evodfx evofx_1_1 evo_fx_dr_c evow100p'>\t\t\t\t\t\n\t\t\t\t\t<input class='evoInput evotac' type='text' name='saddr' placeholder='Digitare l&#039;indirizzo per ottenere le indicazioni stradali' value='' style='margin:10px 0;'\/>\n\t\t\t\t<\/span>\n\t\t\t\t<button type='submit' class='evo_get_direction_button evo_btn_arr_circ dfx fx_ai_c' title='Fare clic qui per ottenere indicazioni'><i class='fa fa-chevron-right'><\/i> <\/button>\n\t\t\t<\/div>\n\t\t<\/form>\n\t<\/div><\/div><\/div><div class='evo_card_row_end evcal_close' title='Testo del pulsante Chiudi evento'><\/div><\/div><div class='clear end'><\/div><\/div><div id=\"event_2120_8\" class=\"eventon_list_event evo_eventtop scheduled  event clrD no_et event_2120_8\" data-event_id=\"2120\" data-ri=\"8r\" data-time=\"1785661200-1785707940\" data-colr=\"#006290\" itemscope itemtype='http:\/\/schema.org\/Event'><div class=\"evo_event_schema\" style=\"display:none\" ><a itemprop='url'  href='https:\/\/latemarium.com\/it\/events\/parola-di-nikolaus-drache\/var\/ri-8.l-L1'><\/a><meta itemprop='image' content=\"https:\/\/latemarium.com\/wp-content\/uploads\/2023\/06\/foresta-dei-draghi-6.jpg\" \/><meta itemprop='startDate' content=\"2026-8-2T11:00+0:00\" \/><meta itemprop='endDate' content=\"2026-8-2T23:59+0:00\" \/><meta itemprop='eventStatus' content=\"https:\/\/schema.org\/EventScheduled\" \/><meta itemprop='eventAttendanceMode'   itemscope itemtype=\"https:\/\/schema.org\/OfflineEventAttendanceMode\"\/><script type=\"application\/ld+json\">{\"@context\": \"http:\/\/schema.org\",\"@type\": \"Event\",\n\t\t\t\t\"@id\": \"event_2120_8\",\n\t\t\t\t\"eventAttendanceMode\":\"https:\/\/schema.org\/OfflineEventAttendanceMode\",\n\t\t\t\t\"eventStatus\":\"https:\/\/schema.org\/EventScheduled\",\n\t\t\t\t\"name\": \"Parola di Nikolaus Drache\",\n\t\t\t\t\"url\": \"https:\/\/latemarium.com\/it\/events\/parola-di-nikolaus-drache\/var\/ri-8.l-L1\",\n\t\t\t\t\"startDate\": \"2026-8-2T11:00+0:00\",\n\t\t\t\t\"endDate\": \"2026-8-2T23:59+0:00\",\n\t\t\t\t\"image\":\"https:\/\/latemarium.com\/wp-content\/uploads\/2023\/06\/foresta-dei-draghi-6.jpg\", \n\t\t\t\t\"description\":\"<p>Saltano, corrono, strisciano, volano! Eppure\u2026 non \u00e8 facile vederli!<br \/> Sanno nascondersi bene\u2026 gli squamosi furbacchioni! Chi sono? Ma i draghi del Latemar! Incontrarne uno, anche uno solo, sar\u00e0 un\u2019esperienza meravigliosa! Parola di Nikolaus Drache.<\/p> <p>domenica e luned\u00ec: dal 5 luglio al 24 agosto 2026<br \/> a monte della telecabina Predazzo-Gardon\u00e8<br \/> ore 11.00 e ore 14.30<br \/> spettacoli itineranti sul sentiero della Foresta dei Draghi<br \/> adatto a famiglie e bambini dai 2 anni in su\u00a0(durata 1h30\u2019)<\/p> \"}<\/script><\/div>\r\n\t\t\t\t<p class=\"desc_trig_outter\" style=\"\"><a data-gmap_status=\"null\" data-exlk=\"0\" style=\"background-color: #006290;\" id=\"evc_17856612002120\" class=\"hasFtIMG event_repeat desc_trig sin_val evcal_list_a\" data-ux_val=\"3\" data-ux_val_mob=\"-\"  ><span class='evoet_c1 evoet_cx '><span class='ev_ftImg' data-img='https:\/\/latemarium.com\/wp-content\/uploads\/2023\/06\/foresta-dei-draghi-6.jpg' data-thumb='https:\/\/latemarium.com\/wp-content\/uploads\/2023\/06\/foresta-dei-draghi-6-300x200.jpg' style='background-image:url(\"https:\/\/latemarium.com\/wp-content\/uploads\/2023\/06\/foresta-dei-draghi-6-300x200.jpg\")' ><\/span><\/span><span class='evoet_c2 evoet_cx '><span class='evoet_dayblock evcal_cblock ' data-bgcolor='#006290' data-smon='agosto' data-syr='2026' data-bub=''><span class='evo_start '><em class='date'>02<\/em><em class='month'>ago<\/em><em class='time'>11:00<\/em><\/span><\/span><\/span><span class='evoet_c3 evoet_cx evcal_desc hide_eventtopdata '><span class='evoet_title evcal_desc2 evcal_event_title ' itemprop='name'>Parola di Nikolaus Drache<\/span><span class='event_location_attrs' data-location_type=\"lonlat\" data-location_name=\"A monte della telecabina Predazzo-Gardon\u00e8\" data-location_url=\"https:\/\/latemarium.com\/it\/event-location\/a-monte-della-telecabina-predazzo-gardone\/\" data-location_status=\"true\" data-latlng=\"46.32878794406342,11.600176728690842\"><\/span><span class='evoet_subtitle evo_below_title' ><span class='evcal_event_subtitle ' >Spettacolo itinerante sul sentiero della Foresta dei Draghi<\/span><\/span><span class='evoet_time_expand level_3'><em class='evcal_time evo_tz_time'><i class='fa fa-clock-o'><\/i>11:00<span class='evo_tz marl5'>(GMT+02:00)<\/span><\/em> <\/span><span class='evoet_location level_3'><em class=\"evcal_location\"  data-latlng=\"46.32878794406342,11.600176728690842\" data-add_str=\"\" data-n=\"A monte della telecabina Predazzo-Gardon\u00e8\"><i class=\"fa fa-location-pin\"><\/i><em class=\"event_location_name\">A monte della telecabina Predazzo-Gardon\u00e8<\/em><\/em><\/span><\/span><span class='evoet_data' data-d=\"{&quot;loc.n&quot;:&quot;A monte della telecabina Predazzo-Gardon\\u00e8&quot;,&quot;orgs&quot;:[],&quot;tags&quot;:{&quot;repeating&quot;:&quot;Repeating Event&quot;}}\" data-bgc=\"#006290\" data-bggrad=\"\" ><\/span><\/a><\/p><div class='event_description evcal_eventcard ' style=\"display:none\"><div class='evocard_row'><div id='event_ftimage' class='evocard_box ftimage' data-c='' \n\t\t\t\t\tstyle=''><div class='evocard_main_image_hold' data-t='Loading Image..'><div class='evocard_main_image evo_img_triglb evobr15 evobgsc evobgpc evodfx evofx_jc_c evofx_ai_c evofz48 minmized' style='height:300px; background-image:url();' data-f=\"https:\/\/latemarium.com\/wp-content\/uploads\/2023\/06\/foresta-dei-draghi-6.jpg\" data-h=\"800\" data-w=\"1200\" data-ratio=\"0.66666666666667\" data-event_id=\"2120\" data-ri=\"8\"  data-t='Loading Image..'><span style='height:300px; background-image:url(https:\/\/latemarium.com\/wp-content\/uploads\/2023\/06\/foresta-dei-draghi-6.jpg)'><\/span><\/div><\/div><\/div><\/div><div class='evocard_row'><div id='event_eventdetails' class='evocard_box eventdetails' data-c='' \n\t\t\t\t\tstyle=''><div class='evo_metarow_details evorow evcal_evdata_row evcal_event_details'>\n\t\t<div class=\"event_excerpt\" style=\"display:none\"><h3 class=\"padb5 evo_h3\">Dettagli dell&#039;evento<\/h3><p>Saltano, corrono, strisciano, volano! Eppure\u2026 non \u00e8 facile vederli!\nSanno nascondersi bene\u2026 gli squamosi furbacchioni! Chi sono? Ma i draghi del Latemar! Incontrarne uno, anche uno solo, sar\u00e0 un\u2019esperienza meravigliosa!<\/p><\/div><span class='evcal_evdata_icons'><i class='fa fa-align-justify'><\/i><\/span>\n\t\t\n\t\t<div class='evcal_evdata_cell '>\n\t\t\t<div class='eventon_full_description'>\n\t\t\t\t<h3 class='padb5 evo_h3'><span class='evcal_evdata_icons'><i class='fa fa-align-justify'><\/i><\/span>Dettagli dell&#039;evento<\/h3>\n\t\t\t\t<div class='eventon_desc_in' itemprop='description'>\n\t\t\t\t<p>Saltano, corrono, strisciano, volano! Eppure\u2026 non \u00e8 facile vederli!<br \/>\nSanno nascondersi bene\u2026 gli squamosi furbacchioni! Chi sono? Ma i draghi del Latemar! Incontrarne uno, anche uno solo, sar\u00e0 un\u2019esperienza meravigliosa! Parola di Nikolaus Drache.<\/p>\n<p>domenica e luned\u00ec: dal 5 luglio al 24 agosto 2026<br \/>\na monte della telecabina Predazzo-Gardon\u00e8<br \/>\nore 11.00 e ore 14.30<br \/>\nspettacoli itineranti sul sentiero della Foresta dei Draghi<br \/>\nadatto a famiglie e bambini dai 2 anni in su\u00a0(durata 1h30\u2019)<\/p>\n<\/div><div class='clear'><\/div>\n\t\t\t<\/div>\n\t\t<\/div>\n\t<\/div><\/div><\/div><div class='evocard_row bx2 bx'><div id='event_time' class='evocard_box time' data-c='' \n\t\t\t\t\tstyle=''><div class='evo_metarow_time evorow evcal_evdata_row evcal_evrow_sm '>\n\t\t<span class='evcal_evdata_icons'><i class='fa fa-clock'><\/i><\/span>\n\t\t<div class='evcal_evdata_cell'>\t\t\t\t\t\t\t\n\t\t\t<h3 class='evo_h3'><span class='evcal_evdata_icons'><i class='fa fa-clock'><\/i><\/span>Orario<\/h3><p><span class='evo_eventcard_time_t'>2 agosto 2026 11:00<\/span><span class='evo_tz marr5'>(GMT+02:00)<\/span><\/p>\n\t\t<\/div>\n\t<\/div><\/div><div id='event_location' class='evocard_box location' data-c='' \n\t\t\t\t\tstyle=''><div class='evcal_evdata_row evo_metarow_time_location evorow '>\n\t\t\n\t\t\t<span class='evcal_evdata_icons'><i class='fa fa-map-marker'><\/i><\/span>\n\t\t\t<div class='evcal_evdata_cell' data-loc_tax_id='34'><h3 class='evo_h3 evodfx'><span class='evcal_evdata_icons'><i class='fa fa-map-marker'><\/i><\/span>Luogo<\/h3><p class='evo_location_name'>A monte della telecabina Predazzo-Gardon\u00e8<\/p><div class='padt10'><span class='evo_btn_arr evolb_trigger' data-lbvals=\"{&quot;lbc&quot;:&quot;evo_location_lb_34&quot;,&quot;lbac&quot;:&quot;lb_max&quot;,&quot;t&quot;:&quot;A monte della telecabina Predazzo-Gardon\\u00e8&quot;,&quot;ajax&quot;:&quot;yes&quot;,&quot;ajax_type&quot;:&quot;endpoint&quot;,&quot;ajax_action&quot;:&quot;eventon_get_tax_card_content&quot;,&quot;end&quot;:&quot;client&quot;,&quot;d&quot;:{&quot;lang&quot;:&quot;L1&quot;,&quot;term_id&quot;:34,&quot;tax&quot;:&quot;event_location&quot;,&quot;load_lbcontent&quot;:true},&quot;uid&quot;:&quot;eventon_get_tax_card_content&quot;}\" >Other Events<i class='fa fa-chevron-right'><\/i><\/span><\/div><\/div>\n\t\t\n\t<\/div><\/div><\/div><div class='evocard_row bx2 bx'><div id='event_learnmore' class='evocard_box learnmore' data-c='' \n\t\t\t\t\tstyle=''><div class='evo_metarow_learnM evo_metarow_learnmore evorow'>\n\t\t\t\t\t\t\t<a class='evcal_evdata_row evo_clik_row ' href='https:\/\/www.montagnanimata.it\/spettacoli\/' target=\"_blank\">\n\t\t\t\t\t\t\t\t<span class='evcal_evdata_icons'><i class='fa fa-link'><\/i><\/span>\n\t\t\t\t\t\t\t\t<h3 class='evo_h3'>Scopri di pi\u00f9<\/h3>\n\t\t\t\t\t\t\t<\/a>\n\t\t\t\t\t\t\t<\/div><\/div><div id='event_addtocal' class='evocard_box addtocal' data-c='' \n\t\t\t\t\tstyle=''><div class='evo_metarow_ICS evorow evcal_evdata_row'>\n\t\t\t<span class='evcal_evdata_icons'><i class='fa fa-calendar-o'><\/i><\/span>\n\t\t\t<div class='evcal_evdata_cell'>\n\t\t\t\t<p><a href='https:\/\/latemarium.com\/it\/export-events\/2120_8\/?nonce=a3263097f9' class='evo_ics_nCal' title='Aggiungi al tuo calendario'>Calendario<\/a><a href='https:\/\/www.google.com\/calendar\/event?action=TEMPLATE&text=Parola+di+Nikolaus+Drache&dates=20260802T090000Z%2F20260802T215900Z&ctz=Europe%2FRome&details=Parola di Nikolaus Drache&location=A+monte+della+telecabina+Predazzo-Gardon%C3%A8' target='_blank' class='evo_ics_gCal' title='Aggiungi al calendario di Google'>GoogleCal<\/a><\/p>\t\n\t\t\t<\/div>\n\t\t<\/div><\/div><\/div><div class='evocard_row'><div id='event_getdirection' class='evocard_box getdirection' data-c='' \n\t\t\t\t\tstyle=''><div class='evo_metarow_getDr evorow evcal_evdata_row evcal_evrow_sm getdirections'>\n\t\t<form action='https:\/\/maps.google.com\/maps' method='get' target='_blank'>\n\t\t\t<input type='hidden' name='daddr' value=\"46.32878794406342,11.600176728690842\"\/> \n\t\t\t<div class='evo_get_direction_content evo_fx_dr_r evogap10'>\n\t\t\t\t<span class='evogetdir_header evodfx evofx_dr_r evofx_ai_c marr10'>\n\t\t\t\t\t<i class='mainicon fa fa-road'><\/i> \n\t\t\t\t\t<h3 class='evo_h3' style='padding-bottom:5px;'>Ottieni indicazioni stradali<\/h3>\n\t\t\t\t<\/span>\n\t\t\t\t<span class='evogetdir_field evodfx evofx_1_1 evo_fx_dr_c evow100p'>\t\t\t\t\t\n\t\t\t\t\t<input class='evoInput evotac' type='text' name='saddr' placeholder='Digitare l&#039;indirizzo per ottenere le indicazioni stradali' value='' style='margin:10px 0;'\/>\n\t\t\t\t<\/span>\n\t\t\t\t<button type='submit' class='evo_get_direction_button evo_btn_arr_circ dfx fx_ai_c' title='Fare clic qui per ottenere indicazioni'><i class='fa fa-chevron-right'><\/i> <\/button>\n\t\t\t<\/div>\n\t\t<\/form>\n\t<\/div><\/div><\/div><div class='evo_card_row_end evcal_close' title='Testo del pulsante Chiudi evento'><\/div><\/div><div class='clear end'><\/div><\/div><div id=\"event_2149_11\" class=\"eventon_list_event evo_eventtop scheduled  event clrW no_et event_2149_11\" data-event_id=\"2149\" data-ri=\"11r\" data-time=\"1785676800-1785707940\" data-colr=\"#b8d989\" itemscope itemtype='http:\/\/schema.org\/Event'><div class=\"evo_event_schema\" style=\"display:none\" ><a itemprop='url'  href='https:\/\/latemarium.com\/it\/events\/i-suoni-e-la-vita-della-malga\/var\/ri-11.l-L1'><\/a><meta itemprop='image' content=\"https:\/\/latemarium.com\/wp-content\/uploads\/2023\/06\/suoni-vita-malga.jpg\" \/><meta itemprop='startDate' content=\"2026-8-2T15:20+0:00\" \/><meta itemprop='endDate' content=\"2026-8-2T23:59+0:00\" \/><meta itemprop='eventStatus' content=\"https:\/\/schema.org\/EventScheduled\" \/><meta itemprop='eventAttendanceMode'   itemscope itemtype=\"https:\/\/schema.org\/OfflineEventAttendanceMode\"\/><div style=\"display:none\" itemprop=\"location\" itemscope itemtype=\"http:\/\/schema.org\/Place\"><span itemprop=\"name\">Pampeago<\/span><span itemprop=\"address\" itemscope itemtype=\"http:\/\/schema.org\/PostalAddress\"><item itemprop=\"streetAddress\">Localit\u00e0 Pampeago, 8, 38038 Tesero TN<\/item><\/span><\/div><script type=\"application\/ld+json\">{\"@context\": \"http:\/\/schema.org\",\"@type\": \"Event\",\n\t\t\t\t\"@id\": \"event_2149_11\",\n\t\t\t\t\"eventAttendanceMode\":\"https:\/\/schema.org\/OfflineEventAttendanceMode\",\n\t\t\t\t\"eventStatus\":\"https:\/\/schema.org\/EventScheduled\",\n\t\t\t\t\"name\": \"I suoni e la vita della malga\",\n\t\t\t\t\"url\": \"https:\/\/latemarium.com\/it\/events\/i-suoni-e-la-vita-della-malga\/var\/ri-11.l-L1\",\n\t\t\t\t\"startDate\": \"2026-8-2T15:20+0:00\",\n\t\t\t\t\"endDate\": \"2026-8-2T23:59+0:00\",\n\t\t\t\t\"image\":\"https:\/\/latemarium.com\/wp-content\/uploads\/2023\/06\/suoni-vita-malga.jpg\", \n\t\t\t\t\"description\":\"<p>Ritrovo presso parcheggio seggiovia Tresca (raggiungibile in auto da Pampeago \u2013 SOLO per chi prenota l&#8217;attivit\u00e0).<\/p> <p>Dopo una breve passeggiata fino a Malga Pampeago, bambini e genitori scoprono la vita e i suoni quotidiani che scandiscono la vita dei malgari, fra mucche, vitellini, asinelli e maiali.<\/p> <p>A fine attivit\u00e0 ci sar\u00e0 una piccola merenda che i bambini potranno gustarsi o portarsi a casa.<\/p> <p>Attivit\u00e0 possibile anche con passeggino country.<\/p> <p>Prenotazione obbligatoria.<\/p> <p>Prenotazione obbligatoria. Clicca <a href='https:\/\/www.visitfiemme.it\/it\/eventi\/fiemme-cembra-guest-card\/esperienze\/esperienze-in-estate?re-product-id=211655' target='_blank' rel='noopener'>qui<\/a>\u00a0per prenotare.<\/p> \",\"location\":[{\"@type\":\"Place\",\"name\":\"Pampeago\",\"address\":{\"@type\": \"PostalAddress\",\"streetAddress\":\"Localit\u00e0 Pampeago, 8, 38038 Tesero TN\"}}]}<\/script><\/div>\r\n\t\t\t\t<p class=\"desc_trig_outter\" style=\"\"><a data-gmtrig=\"1\" data-exlk=\"0\" style=\"background-color: #b8d989;\" id=\"evc_17856768002149\" class=\"hasFtIMG event_repeat desc_trig sin_val evcal_list_a\" data-ux_val=\"3\" data-ux_val_mob=\"-\"  ><span class='evoet_c1 evoet_cx '><span class='ev_ftImg' data-img='https:\/\/latemarium.com\/wp-content\/uploads\/2023\/06\/suoni-vita-malga.jpg' data-thumb='https:\/\/latemarium.com\/wp-content\/uploads\/2023\/06\/suoni-vita-malga-300x225.jpg' style='background-image:url(\"https:\/\/latemarium.com\/wp-content\/uploads\/2023\/06\/suoni-vita-malga-300x225.jpg\")' ><\/span><\/span><span class='evoet_c2 evoet_cx '><span class='evoet_dayblock evcal_cblock ' data-bgcolor='#b8d989' data-smon='agosto' data-syr='2026' data-bub=''><span class='evo_start '><em class='date'>02<\/em><em class='month'>ago<\/em><em class='time'>15:20<\/em><\/span><\/span><\/span><span class='evoet_c3 evoet_cx evcal_desc hide_eventtopdata '><span class='evoet_title evcal_desc2 evcal_event_title ' itemprop='name'>I suoni e la vita della malga<\/span><span class='event_location_attrs'  data-location_address=\"Localit\u00e0 Pampeago, 8, 38038 Tesero TN\" data-location_type=\"lonlat\" data-location_name=\"Pampeago\" data-location_url=\"https:\/\/latemarium.com\/it\/event-location\/pampeago\/\" data-location_status=\"true\" data-latlng=\"46.34343697644898,11.540997527961546\"><\/span><span class='evoet_subtitle evo_below_title' ><span class='evcal_event_subtitle ' >Alla scoperta della vita dei malgari<\/span><\/span><span class='evoet_time_expand level_3'><em class='evcal_time evo_tz_time'><i class='fa fa-clock-o'><\/i>15:20<span class='evo_tz marl5'>(GMT+02:00)<\/span><\/em> <\/span><span class='evoet_location level_3'><em class=\"evcal_location\"  data-latlng=\"46.34343697644898,11.540997527961546\" data-add_str=\"Localit\u00e0 Pampeago, 8, 38038 Tesero TN\" data-n=\"Pampeago\"><i class=\"fa fa-location-pin\"><\/i><em class=\"event_location_name\">Pampeago<\/em>, Localit\u00e0 Pampeago, 8, 38038 Tesero TN<\/em><\/span><\/span><span class='evoet_data' data-d=\"{&quot;loc.n&quot;:&quot;Pampeago&quot;,&quot;orgs&quot;:[],&quot;tags&quot;:{&quot;repeating&quot;:&quot;Repeating Event&quot;}}\" data-bgc=\"#b8d989\" data-bggrad=\"\" ><\/span><\/a><\/p><div class='event_description evcal_eventcard ' style=\"display:none\"><div class='evocard_row'><div id='event_ftimage' class='evocard_box ftimage' data-c='' \n\t\t\t\t\tstyle=''><div class='evocard_main_image_hold' data-t='Loading Image..'><div class='evocard_main_image evo_img_triglb evobr15 evobgsc evobgpc evodfx evofx_jc_c evofx_ai_c evofz48 minmized' style='height:300px; background-image:url();' data-f=\"https:\/\/latemarium.com\/wp-content\/uploads\/2023\/06\/suoni-vita-malga.jpg\" data-h=\"796\" data-w=\"1062\" data-ratio=\"0.74952919020716\" data-event_id=\"2149\" data-ri=\"11\"  data-t='Loading Image..'><span style='height:300px; background-image:url(https:\/\/latemarium.com\/wp-content\/uploads\/2023\/06\/suoni-vita-malga.jpg)'><\/span><\/div><\/div><\/div><\/div><div class='evocard_row'><div id='event_eventdetails' class='evocard_box eventdetails' data-c='' \n\t\t\t\t\tstyle=''><div class='evo_metarow_details evorow evcal_evdata_row evcal_event_details'>\n\t\t<div class=\"event_excerpt\" style=\"display:none\"><h3 class=\"padb5 evo_h3\">Dettagli dell&#039;evento<\/h3><p>Ritrovo presso parcheggio seggiovia Tresca (raggiungibile in auto da Pampeago \u2013 SOLO per chi prenota l&#8217;attivit\u00e0).\nDopo una breve passeggiata fino a Malga Pampeago, bambini e genitori scoprono la vita e<\/p><\/div><span class='evcal_evdata_icons'><i class='fa fa-align-justify'><\/i><\/span>\n\t\t\n\t\t<div class='evcal_evdata_cell shorter_desc'>\n\t\t\t<div class='eventon_full_description'>\n\t\t\t\t<h3 class='padb5 evo_h3'><span class='evcal_evdata_icons'><i class='fa fa-align-justify'><\/i><\/span>Dettagli dell&#039;evento<\/h3>\n\t\t\t\t<div class='eventon_desc_in' itemprop='description'>\n\t\t\t\t<p>Ritrovo presso parcheggio seggiovia Tresca (raggiungibile in auto da Pampeago \u2013 SOLO per chi prenota l&#8217;attivit\u00e0).<\/p>\n<p>Dopo una breve passeggiata fino a Malga Pampeago, bambini e genitori scoprono la vita e i suoni quotidiani che scandiscono la vita dei malgari, fra mucche, vitellini, asinelli e maiali.<\/p>\n<p>A fine attivit\u00e0 ci sar\u00e0 una piccola merenda che i bambini potranno gustarsi o portarsi a casa.<\/p>\n<p>Attivit\u00e0 possibile anche con passeggino country.<\/p>\n<p>Prenotazione obbligatoria.<\/p>\n<p>Prenotazione obbligatoria. Clicca <a href=\"https:\/\/www.visitfiemme.it\/it\/eventi\/fiemme-cembra-guest-card\/esperienze\/esperienze-in-estate?re-product-id=211655\" target=\"_blank\" rel=\"noopener\">qui<\/a>\u00a0per prenotare.<\/p>\n<\/div><p class='eventon_shad_p' style='padding:5px 0 0; margin:0'>\n\t\t\t<span class='evcal_btn evo_btn_secondary evobtn_details_show_more' content='less'>\n\t\t\t\t<span class='ev_more_text' data-txt='Meno'>Pi\u00f9<\/span><span class='ev_more_arrow ard'><\/span>\n\t\t\t<\/span>\n\t\t<\/p><div class='clear'><\/div>\n\t\t\t<\/div>\n\t\t<\/div>\n\t<\/div><\/div><\/div><div class='evocard_row bx2 bx'><div id='event_time' class='evocard_box time' data-c='' \n\t\t\t\t\tstyle=''><div class='evo_metarow_time evorow evcal_evdata_row evcal_evrow_sm '>\n\t\t<span class='evcal_evdata_icons'><i class='fa fa-clock'><\/i><\/span>\n\t\t<div class='evcal_evdata_cell'>\t\t\t\t\t\t\t\n\t\t\t<h3 class='evo_h3'><span class='evcal_evdata_icons'><i class='fa fa-clock'><\/i><\/span>Orario<\/h3><p><span class='evo_eventcard_time_t'>2 agosto 2026 15:20<\/span><span class='evo_tz marr5'>(GMT+02:00)<\/span><\/p>\n\t\t<\/div>\n\t<\/div><\/div><div id='event_location' class='evocard_box location' data-c='' \n\t\t\t\t\tstyle=''><div class='evcal_evdata_row evo_metarow_time_location evorow '>\n\t\t\n\t\t\t<span class='evcal_evdata_icons'><i class='fa fa-map-marker'><\/i><\/span>\n\t\t\t<div class='evcal_evdata_cell' data-loc_tax_id='30'><h3 class='evo_h3 evodfx'><span class='evcal_evdata_icons'><i class='fa fa-map-marker'><\/i><\/span>Luogo<\/h3><p class='evo_location_name'>Pampeago<\/p><p class='evo_location_address evodfxi evogap10'>Localit\u00e0 Pampeago, 8, 38038 Tesero TN<\/p><div class='padt10'><span class='evo_btn_arr evolb_trigger' data-lbvals=\"{&quot;lbc&quot;:&quot;evo_location_lb_30&quot;,&quot;lbac&quot;:&quot;lb_max&quot;,&quot;t&quot;:&quot;Pampeago&quot;,&quot;ajax&quot;:&quot;yes&quot;,&quot;ajax_type&quot;:&quot;endpoint&quot;,&quot;ajax_action&quot;:&quot;eventon_get_tax_card_content&quot;,&quot;end&quot;:&quot;client&quot;,&quot;d&quot;:{&quot;lang&quot;:&quot;L1&quot;,&quot;term_id&quot;:30,&quot;tax&quot;:&quot;event_location&quot;,&quot;load_lbcontent&quot;:true},&quot;uid&quot;:&quot;eventon_get_tax_card_content&quot;}\" >Other Events<i class='fa fa-chevron-right'><\/i><\/span><\/div><\/div>\n\t\t\n\t<\/div><\/div><\/div><div class='evocard_row'><div id='event_addtocal' class='evocard_box addtocal' data-c='' \n\t\t\t\t\tstyle=''><div class='evo_metarow_ICS evorow evcal_evdata_row'>\n\t\t\t<span class='evcal_evdata_icons'><i class='fa fa-calendar-o'><\/i><\/span>\n\t\t\t<div class='evcal_evdata_cell'>\n\t\t\t\t<p><a href='https:\/\/latemarium.com\/it\/export-events\/2149_11\/?nonce=a3263097f9' class='evo_ics_nCal' title='Aggiungi al tuo calendario'>Calendario<\/a><a href='https:\/\/www.google.com\/calendar\/event?action=TEMPLATE&text=I+suoni+e+la+vita+della+malga&dates=20260802T132000Z%2F20260802T215900Z&ctz=Europe%2FRome&details=I suoni e la vita della malga&location=Pampeago+Localit%C3%A0+Pampeago%2C+8%2C+38038+Tesero+TN' target='_blank' class='evo_ics_gCal' title='Aggiungi al calendario di Google'>GoogleCal<\/a><\/p>\t\n\t\t\t<\/div>\n\t\t<\/div><\/div><\/div><div class='evocard_row'><div id='event_getdirection' class='evocard_box getdirection' data-c='' \n\t\t\t\t\tstyle=''><div class='evo_metarow_getDr evorow evcal_evdata_row evcal_evrow_sm getdirections'>\n\t\t<form action='https:\/\/maps.google.com\/maps' method='get' target='_blank'>\n\t\t\t<input type='hidden' name='daddr' value=\"46.34343697644898,11.540997527961546\"\/> \n\t\t\t<div class='evo_get_direction_content evo_fx_dr_r evogap10'>\n\t\t\t\t<span class='evogetdir_header evodfx evofx_dr_r evofx_ai_c marr10'>\n\t\t\t\t\t<i class='mainicon fa fa-road'><\/i> \n\t\t\t\t\t<h3 class='evo_h3' style='padding-bottom:5px;'>Ottieni indicazioni stradali<\/h3>\n\t\t\t\t<\/span>\n\t\t\t\t<span class='evogetdir_field evodfx evofx_1_1 evo_fx_dr_c evow100p'>\t\t\t\t\t\n\t\t\t\t\t<input class='evoInput evotac' type='text' name='saddr' placeholder='Digitare l&#039;indirizzo per ottenere le indicazioni stradali' value='' style='margin:10px 0;'\/>\n\t\t\t\t<\/span>\n\t\t\t\t<button type='submit' class='evo_get_direction_button evo_btn_arr_circ dfx fx_ai_c' title='Fare clic qui per ottenere indicazioni'><i class='fa fa-chevron-right'><\/i> <\/button>\n\t\t\t<\/div>\n\t\t<\/form>\n\t<\/div><\/div><\/div><div class='evo_card_row_end evcal_close' title='Testo del pulsante Chiudi evento'><\/div><\/div><div class='clear end'><\/div><\/div><div id=\"event_2114_5\" class=\"eventon_list_event evo_eventtop scheduled  event clrW no_et event_2114_5\" data-event_id=\"2114\" data-ri=\"5r\" data-time=\"1785742200-1785794340\" data-colr=\"#ffa024\" itemscope itemtype='http:\/\/schema.org\/Event'><div class=\"evo_event_schema\" style=\"display:none\" ><a itemprop='url'  href='https:\/\/latemarium.com\/it\/events\/geotrekking-monte-agnello\/var\/ri-5.l-L1'><\/a><meta itemprop='image' content=\"https:\/\/latemarium.com\/wp-content\/uploads\/2023\/06\/geotrail-monte-agnello.jpg\" \/><meta itemprop='startDate' content=\"2026-8-3T09:30+0:00\" \/><meta itemprop='endDate' content=\"2026-8-3T23:59+0:00\" \/><meta itemprop='eventStatus' content=\"https:\/\/schema.org\/EventScheduled\" \/><meta itemprop='eventAttendanceMode'   itemscope itemtype=\"https:\/\/schema.org\/OfflineEventAttendanceMode\"\/><div style=\"display:none\" itemprop=\"location\" itemscope itemtype=\"http:\/\/schema.org\/Place\"><span itemprop=\"name\">Rifugio Agnello<\/span><span itemprop=\"address\" itemscope itemtype=\"http:\/\/schema.org\/PostalAddress\"><item itemprop=\"streetAddress\">Loc. Pampeago, 9, 38038 Tesero TN<\/item><\/span><\/div><script type=\"application\/ld+json\">{\"@context\": \"http:\/\/schema.org\",\"@type\": \"Event\",\n\t\t\t\t\"@id\": \"event_2114_5\",\n\t\t\t\t\"eventAttendanceMode\":\"https:\/\/schema.org\/OfflineEventAttendanceMode\",\n\t\t\t\t\"eventStatus\":\"https:\/\/schema.org\/EventScheduled\",\n\t\t\t\t\"name\": \"Geotrekking Monte Agnello\",\n\t\t\t\t\"url\": \"https:\/\/latemarium.com\/it\/events\/geotrekking-monte-agnello\/var\/ri-5.l-L1\",\n\t\t\t\t\"startDate\": \"2026-8-3T09:30+0:00\",\n\t\t\t\t\"endDate\": \"2026-8-3T23:59+0:00\",\n\t\t\t\t\"image\":\"https:\/\/latemarium.com\/wp-content\/uploads\/2023\/06\/geotrail-monte-agnello.jpg\", \n\t\t\t\t\"description\":\"<p><strong>Scenografico itinerario geologico<\/strong> ad anello alla scoperta dell\u2019antico vulcano di Predazzo, guidati da un esperto Geologo e Accompagnatore di Media Montagna.<\/p> <p>Una camminata sulle tracce della Pompei del Triassico del Monte Agnello, dove lave, ceneri e lapilli hanno seppellito un antico atollo tropicale.<\/p> <p>Il percorso \u00e8 semplice, con sentieri ben percorribili, dislivello 350 metri circa.<\/p> <p><strong>Prenotazione obbligatoria<\/strong>.<\/p> <p>Attivit\u00e0 gratuita.<\/p> <p>Clicca <a href='https:\/\/www.visitfiemme.it\/it\/eventi\/fiemme-cembra-guest-card\/esperienze\/esperienze-in-estate?re-product-id=211508' target='_blank' rel='noopener'>qui<\/a>\u00a0per prenotare.<\/p> \",\"location\":[{\"@type\":\"Place\",\"name\":\"Rifugio Agnello\",\"address\":{\"@type\": \"PostalAddress\",\"streetAddress\":\"Loc. Pampeago, 9, 38038 Tesero TN\"}}]}<\/script><\/div>\r\n\t\t\t\t<p class=\"desc_trig_outter\" style=\"\"><a data-gmtrig=\"1\" data-exlk=\"0\" style=\"background-color: #ffa024;\" id=\"evc_17857422002114\" class=\"hasFtIMG event_repeat desc_trig sin_val evcal_list_a\" data-ux_val=\"3\" data-ux_val_mob=\"-\"  ><span class='evoet_c1 evoet_cx '><span class='ev_ftImg' data-img='https:\/\/latemarium.com\/wp-content\/uploads\/2023\/06\/geotrail-monte-agnello.jpg' data-thumb='https:\/\/latemarium.com\/wp-content\/uploads\/2023\/06\/geotrail-monte-agnello-300x240.jpg' style='background-image:url(\"https:\/\/latemarium.com\/wp-content\/uploads\/2023\/06\/geotrail-monte-agnello-300x240.jpg\")' ><\/span><\/span><span class='evoet_c2 evoet_cx '><span class='evoet_dayblock evcal_cblock ' data-bgcolor='#ffa024' data-smon='agosto' data-syr='2026' data-bub=''><span class='evo_start '><em class='date'>03<\/em><em class='month'>ago<\/em><em class='time'>09:30<\/em><\/span><\/span><\/span><span class='evoet_c3 evoet_cx evcal_desc hide_eventtopdata '><span class='evoet_title evcal_desc2 evcal_event_title ' itemprop='name'>Geotrekking Monte Agnello<\/span><span class='event_location_attrs'  data-location_address=\"Loc. Pampeago, 9, 38038 Tesero TN\" data-location_type=\"lonlat\" data-location_name=\"Rifugio Agnello\" data-location_url=\"https:\/\/latemarium.com\/it\/event-location\/rifugio-agnello\/\" data-location_status=\"true\" data-latlng=\"46.333809095680266,11.547693182509184\"><\/span><span class='evoet_subtitle evo_below_title' ><span class='evcal_event_subtitle ' >itinerario geologico ad anello alla scoperta dell\u2019antico vulcano di Predazzo<\/span><\/span><span class='evoet_time_expand level_3'><em class='evcal_time evo_tz_time'><i class='fa fa-clock-o'><\/i>09:30<span class='evo_tz marl5'>(GMT+02:00)<\/span><\/em> <\/span><span class='evoet_location level_3'><em class=\"evcal_location\"  data-latlng=\"46.333809095680266,11.547693182509184\" data-add_str=\"Loc. Pampeago, 9, 38038 Tesero TN\" data-n=\"Rifugio Agnello\"><i class=\"fa fa-location-pin\"><\/i><em class=\"event_location_name\">Rifugio Agnello<\/em>, Loc. Pampeago, 9, 38038 Tesero TN<\/em><\/span><\/span><span class='evoet_data' data-d=\"{&quot;loc.n&quot;:&quot;Rifugio Agnello&quot;,&quot;orgs&quot;:[],&quot;tags&quot;:{&quot;repeating&quot;:&quot;Repeating Event&quot;}}\" data-bgc=\"#ffa024\" data-bggrad=\"\" ><\/span><\/a><\/p><div class='event_description evcal_eventcard ' style=\"display:none\"><div class='evocard_row'><div id='event_ftimage' class='evocard_box ftimage' data-c='' \n\t\t\t\t\tstyle=''><div class='evocard_main_image_hold' data-t='Loading Image..'><div class='evocard_main_image evo_img_triglb evobr15 evobgsc evobgpc evodfx evofx_jc_c evofx_ai_c evofz48 minmized' style='height:300px; background-image:url();' data-f=\"https:\/\/latemarium.com\/wp-content\/uploads\/2023\/06\/geotrail-monte-agnello.jpg\" data-h=\"528\" data-w=\"661\" data-ratio=\"0.79878971255673\" data-event_id=\"2114\" data-ri=\"5\"  data-t='Loading Image..'><span style='height:300px; background-image:url(https:\/\/latemarium.com\/wp-content\/uploads\/2023\/06\/geotrail-monte-agnello.jpg)'><\/span><\/div><\/div><\/div><\/div><div class='evocard_row'><div id='event_eventdetails' class='evocard_box eventdetails' data-c='' \n\t\t\t\t\tstyle=''><div class='evo_metarow_details evorow evcal_evdata_row evcal_event_details'>\n\t\t<div class=\"event_excerpt\" style=\"display:none\"><h3 class=\"padb5 evo_h3\">Dettagli dell&#039;evento<\/h3><p>Scenografico itinerario geologico ad anello alla scoperta dell\u2019antico vulcano di Predazzo, guidati da un esperto Geologo e Accompagnatore di Media Montagna.\nUna camminata sulle tracce della Pompei del Triassico del Monte<\/p><\/div><span class='evcal_evdata_icons'><i class='fa fa-align-justify'><\/i><\/span>\n\t\t\n\t\t<div class='evcal_evdata_cell shorter_desc'>\n\t\t\t<div class='eventon_full_description'>\n\t\t\t\t<h3 class='padb5 evo_h3'><span class='evcal_evdata_icons'><i class='fa fa-align-justify'><\/i><\/span>Dettagli dell&#039;evento<\/h3>\n\t\t\t\t<div class='eventon_desc_in' itemprop='description'>\n\t\t\t\t<p><strong>Scenografico itinerario geologico<\/strong> ad anello alla scoperta dell\u2019antico vulcano di Predazzo, guidati da un esperto Geologo e Accompagnatore di Media Montagna.<\/p>\n<p>Una camminata sulle tracce della Pompei del Triassico del Monte Agnello, dove lave, ceneri e lapilli hanno seppellito un antico atollo tropicale.<\/p>\n<p>Il percorso \u00e8 semplice, con sentieri ben percorribili, dislivello 350 metri circa.<\/p>\n<p><strong>Prenotazione obbligatoria<\/strong>.<\/p>\n<p>Attivit\u00e0 gratuita.<\/p>\n<p>Clicca <a href=\"https:\/\/www.visitfiemme.it\/it\/eventi\/fiemme-cembra-guest-card\/esperienze\/esperienze-in-estate?re-product-id=211508\" target=\"_blank\" rel=\"noopener\">qui<\/a>\u00a0per prenotare.<\/p>\n<\/div><p class='eventon_shad_p' style='padding:5px 0 0; margin:0'>\n\t\t\t<span class='evcal_btn evo_btn_secondary evobtn_details_show_more' content='less'>\n\t\t\t\t<span class='ev_more_text' data-txt='Meno'>Pi\u00f9<\/span><span class='ev_more_arrow ard'><\/span>\n\t\t\t<\/span>\n\t\t<\/p><div class='clear'><\/div>\n\t\t\t<\/div>\n\t\t<\/div>\n\t<\/div><\/div><\/div><div class='evocard_row bx2 bx'><div id='event_time' class='evocard_box time' data-c='' \n\t\t\t\t\tstyle=''><div class='evo_metarow_time evorow evcal_evdata_row evcal_evrow_sm '>\n\t\t<span class='evcal_evdata_icons'><i class='fa fa-clock'><\/i><\/span>\n\t\t<div class='evcal_evdata_cell'>\t\t\t\t\t\t\t\n\t\t\t<h3 class='evo_h3'><span class='evcal_evdata_icons'><i class='fa fa-clock'><\/i><\/span>Orario<\/h3><p><span class='evo_eventcard_time_t'>3 agosto 2026 09:30<\/span><span class='evo_tz marr5'>(GMT+02:00)<\/span><\/p>\n\t\t<\/div>\n\t<\/div><\/div><div id='event_location' class='evocard_box location' data-c='' \n\t\t\t\t\tstyle=''><div class='evcal_evdata_row evo_metarow_time_location evorow '>\n\t\t\n\t\t\t<span class='evcal_evdata_icons'><i class='fa fa-map-marker'><\/i><\/span>\n\t\t\t<div class='evcal_evdata_cell' data-loc_tax_id='24'><h3 class='evo_h3 evodfx'><span class='evcal_evdata_icons'><i class='fa fa-map-marker'><\/i><\/span><a target=\"_blank\" href=\"https:\/\/www.facebook.com\/profile.php?id=100064742944609\">Luogo<\/a><\/h3><p class='evo_location_name'><a target=\"_blank\" href=\"https:\/\/www.facebook.com\/profile.php?id=100064742944609\">Rifugio Agnello<\/a><\/p><p class='evo_location_address evodfxi evogap10'><a target=\"_blank\" href=\"https:\/\/www.facebook.com\/profile.php?id=100064742944609\">Loc. Pampeago, 9, 38038 Tesero TN<\/a><\/p><div class='padt10'><span class='evo_btn_arr evolb_trigger' data-lbvals=\"{&quot;lbc&quot;:&quot;evo_location_lb_24&quot;,&quot;lbac&quot;:&quot;lb_max&quot;,&quot;t&quot;:&quot;Rifugio Agnello&quot;,&quot;ajax&quot;:&quot;yes&quot;,&quot;ajax_type&quot;:&quot;endpoint&quot;,&quot;ajax_action&quot;:&quot;eventon_get_tax_card_content&quot;,&quot;end&quot;:&quot;client&quot;,&quot;d&quot;:{&quot;lang&quot;:&quot;L1&quot;,&quot;term_id&quot;:24,&quot;tax&quot;:&quot;event_location&quot;,&quot;load_lbcontent&quot;:true},&quot;uid&quot;:&quot;eventon_get_tax_card_content&quot;}\" >Other Events<i class='fa fa-chevron-right'><\/i><\/span><\/div><\/div>\n\t\t\n\t<\/div><\/div><\/div><div class='evocard_row bx2 bx'><div id='event_learnmore' class='evocard_box learnmore' data-c='' \n\t\t\t\t\tstyle=''><div class='evo_metarow_learnM evo_metarow_learnmore evorow'>\n\t\t\t\t\t\t\t<a class='evcal_evdata_row evo_clik_row ' href='https:\/\/latemarium.com\/it\/excursions\/detail\/geotrail-monte-agnello\/' target=\"_blank\">\n\t\t\t\t\t\t\t\t<span class='evcal_evdata_icons'><i class='fa fa-link'><\/i><\/span>\n\t\t\t\t\t\t\t\t<h3 class='evo_h3'>Scopri di pi\u00f9<\/h3>\n\t\t\t\t\t\t\t<\/a>\n\t\t\t\t\t\t\t<\/div><\/div><div id='event_addtocal' class='evocard_box addtocal' data-c='' \n\t\t\t\t\tstyle=''><div class='evo_metarow_ICS evorow evcal_evdata_row'>\n\t\t\t<span class='evcal_evdata_icons'><i class='fa fa-calendar-o'><\/i><\/span>\n\t\t\t<div class='evcal_evdata_cell'>\n\t\t\t\t<p><a href='https:\/\/latemarium.com\/it\/export-events\/2114_5\/?nonce=a3263097f9' class='evo_ics_nCal' title='Aggiungi al tuo calendario'>Calendario<\/a><a href='https:\/\/www.google.com\/calendar\/event?action=TEMPLATE&text=Geotrekking+Monte+Agnello&dates=20260803T073000Z%2F20260803T215900Z&ctz=Europe%2FRome&details=Geotrekking Monte Agnello&location=Rifugio+Agnello+Loc.+Pampeago%2C+9%2C+38038+Tesero+TN' target='_blank' class='evo_ics_gCal' title='Aggiungi al calendario di Google'>GoogleCal<\/a><\/p>\t\n\t\t\t<\/div>\n\t\t<\/div><\/div><\/div><div class='evocard_row'><div id='event_getdirection' class='evocard_box getdirection' data-c='' \n\t\t\t\t\tstyle=''><div class='evo_metarow_getDr evorow evcal_evdata_row evcal_evrow_sm getdirections'>\n\t\t<form action='https:\/\/maps.google.com\/maps' method='get' target='_blank'>\n\t\t\t<input type='hidden' name='daddr' value=\"46.333809095680266,11.547693182509184\"\/> \n\t\t\t<div class='evo_get_direction_content evo_fx_dr_r evogap10'>\n\t\t\t\t<span class='evogetdir_header evodfx evofx_dr_r evofx_ai_c marr10'>\n\t\t\t\t\t<i class='mainicon fa fa-road'><\/i> \n\t\t\t\t\t<h3 class='evo_h3' style='padding-bottom:5px;'>Ottieni indicazioni stradali<\/h3>\n\t\t\t\t<\/span>\n\t\t\t\t<span class='evogetdir_field evodfx evofx_1_1 evo_fx_dr_c evow100p'>\t\t\t\t\t\n\t\t\t\t\t<input class='evoInput evotac' type='text' name='saddr' placeholder='Digitare l&#039;indirizzo per ottenere le indicazioni stradali' value='' style='margin:10px 0;'\/>\n\t\t\t\t<\/span>\n\t\t\t\t<button type='submit' class='evo_get_direction_button evo_btn_arr_circ dfx fx_ai_c' title='Fare clic qui per ottenere indicazioni'><i class='fa fa-chevron-right'><\/i> <\/button>\n\t\t\t<\/div>\n\t\t<\/form>\n\t<\/div><\/div><\/div><div class='evo_card_row_end evcal_close' title='Testo del pulsante Chiudi evento'><\/div><\/div><div class='clear end'><\/div><\/div><div id=\"event_2120_9\" class=\"eventon_list_event evo_eventtop scheduled  event clrD no_et event_2120_9\" data-event_id=\"2120\" data-ri=\"9r\" data-time=\"1785747600-1785794340\" data-colr=\"#006290\" itemscope itemtype='http:\/\/schema.org\/Event'><div class=\"evo_event_schema\" style=\"display:none\" ><a itemprop='url'  href='https:\/\/latemarium.com\/it\/events\/parola-di-nikolaus-drache\/var\/ri-9.l-L1'><\/a><meta itemprop='image' content=\"https:\/\/latemarium.com\/wp-content\/uploads\/2023\/06\/foresta-dei-draghi-6.jpg\" \/><meta itemprop='startDate' content=\"2026-8-3T11:00+0:00\" \/><meta itemprop='endDate' content=\"2026-8-3T23:59+0:00\" \/><meta itemprop='eventStatus' content=\"https:\/\/schema.org\/EventScheduled\" \/><meta itemprop='eventAttendanceMode'   itemscope itemtype=\"https:\/\/schema.org\/OfflineEventAttendanceMode\"\/><script type=\"application\/ld+json\">{\"@context\": \"http:\/\/schema.org\",\"@type\": \"Event\",\n\t\t\t\t\"@id\": \"event_2120_9\",\n\t\t\t\t\"eventAttendanceMode\":\"https:\/\/schema.org\/OfflineEventAttendanceMode\",\n\t\t\t\t\"eventStatus\":\"https:\/\/schema.org\/EventScheduled\",\n\t\t\t\t\"name\": \"Parola di Nikolaus Drache\",\n\t\t\t\t\"url\": \"https:\/\/latemarium.com\/it\/events\/parola-di-nikolaus-drache\/var\/ri-9.l-L1\",\n\t\t\t\t\"startDate\": \"2026-8-3T11:00+0:00\",\n\t\t\t\t\"endDate\": \"2026-8-3T23:59+0:00\",\n\t\t\t\t\"image\":\"https:\/\/latemarium.com\/wp-content\/uploads\/2023\/06\/foresta-dei-draghi-6.jpg\", \n\t\t\t\t\"description\":\"<p>Saltano, corrono, strisciano, volano! Eppure\u2026 non \u00e8 facile vederli!<br \/> Sanno nascondersi bene\u2026 gli squamosi furbacchioni! Chi sono? Ma i draghi del Latemar! Incontrarne uno, anche uno solo, sar\u00e0 un\u2019esperienza meravigliosa! Parola di Nikolaus Drache.<\/p> <p>domenica e luned\u00ec: dal 5 luglio al 24 agosto 2026<br \/> a monte della telecabina Predazzo-Gardon\u00e8<br \/> ore 11.00 e ore 14.30<br \/> spettacoli itineranti sul sentiero della Foresta dei Draghi<br \/> adatto a famiglie e bambini dai 2 anni in su\u00a0(durata 1h30\u2019)<\/p> \"}<\/script><\/div>\r\n\t\t\t\t<p class=\"desc_trig_outter\" style=\"\"><a data-gmap_status=\"null\" data-exlk=\"0\" style=\"background-color: #006290;\" id=\"evc_17857476002120\" class=\"hasFtIMG event_repeat desc_trig sin_val evcal_list_a\" data-ux_val=\"3\" data-ux_val_mob=\"-\"  ><span class='evoet_c1 evoet_cx '><span class='ev_ftImg' data-img='https:\/\/latemarium.com\/wp-content\/uploads\/2023\/06\/foresta-dei-draghi-6.jpg' data-thumb='https:\/\/latemarium.com\/wp-content\/uploads\/2023\/06\/foresta-dei-draghi-6-300x200.jpg' style='background-image:url(\"https:\/\/latemarium.com\/wp-content\/uploads\/2023\/06\/foresta-dei-draghi-6-300x200.jpg\")' ><\/span><\/span><span class='evoet_c2 evoet_cx '><span class='evoet_dayblock evcal_cblock ' data-bgcolor='#006290' data-smon='agosto' data-syr='2026' data-bub=''><span class='evo_start '><em class='date'>03<\/em><em class='month'>ago<\/em><em class='time'>11:00<\/em><\/span><\/span><\/span><span class='evoet_c3 evoet_cx evcal_desc hide_eventtopdata '><span class='evoet_title evcal_desc2 evcal_event_title ' itemprop='name'>Parola di Nikolaus Drache<\/span><span class='event_location_attrs' data-location_type=\"lonlat\" data-location_name=\"A monte della telecabina Predazzo-Gardon\u00e8\" data-location_url=\"https:\/\/latemarium.com\/it\/event-location\/a-monte-della-telecabina-predazzo-gardone\/\" data-location_status=\"true\" data-latlng=\"46.32878794406342,11.600176728690842\"><\/span><span class='evoet_subtitle evo_below_title' ><span class='evcal_event_subtitle ' >Spettacolo itinerante sul sentiero della Foresta dei Draghi<\/span><\/span><span class='evoet_time_expand level_3'><em class='evcal_time evo_tz_time'><i class='fa fa-clock-o'><\/i>11:00<span class='evo_tz marl5'>(GMT+02:00)<\/span><\/em> <\/span><span class='evoet_location level_3'><em class=\"evcal_location\"  data-latlng=\"46.32878794406342,11.600176728690842\" data-add_str=\"\" data-n=\"A monte della telecabina Predazzo-Gardon\u00e8\"><i class=\"fa fa-location-pin\"><\/i><em class=\"event_location_name\">A monte della telecabina Predazzo-Gardon\u00e8<\/em><\/em><\/span><\/span><span class='evoet_data' data-d=\"{&quot;loc.n&quot;:&quot;A monte della telecabina Predazzo-Gardon\\u00e8&quot;,&quot;orgs&quot;:[],&quot;tags&quot;:{&quot;repeating&quot;:&quot;Repeating Event&quot;}}\" data-bgc=\"#006290\" data-bggrad=\"\" ><\/span><\/a><\/p><div class='event_description evcal_eventcard ' style=\"display:none\"><div class='evocard_row'><div id='event_ftimage' class='evocard_box ftimage' data-c='' \n\t\t\t\t\tstyle=''><div class='evocard_main_image_hold' data-t='Loading Image..'><div class='evocard_main_image evo_img_triglb evobr15 evobgsc evobgpc evodfx evofx_jc_c evofx_ai_c evofz48 minmized' style='height:300px; background-image:url();' data-f=\"https:\/\/latemarium.com\/wp-content\/uploads\/2023\/06\/foresta-dei-draghi-6.jpg\" data-h=\"800\" data-w=\"1200\" data-ratio=\"0.66666666666667\" data-event_id=\"2120\" data-ri=\"9\"  data-t='Loading Image..'><span style='height:300px; background-image:url(https:\/\/latemarium.com\/wp-content\/uploads\/2023\/06\/foresta-dei-draghi-6.jpg)'><\/span><\/div><\/div><\/div><\/div><div class='evocard_row'><div id='event_eventdetails' class='evocard_box eventdetails' data-c='' \n\t\t\t\t\tstyle=''><div class='evo_metarow_details evorow evcal_evdata_row evcal_event_details'>\n\t\t<div class=\"event_excerpt\" style=\"display:none\"><h3 class=\"padb5 evo_h3\">Dettagli dell&#039;evento<\/h3><p>Saltano, corrono, strisciano, volano! Eppure\u2026 non \u00e8 facile vederli!\nSanno nascondersi bene\u2026 gli squamosi furbacchioni! Chi sono? Ma i draghi del Latemar! Incontrarne uno, anche uno solo, sar\u00e0 un\u2019esperienza meravigliosa!<\/p><\/div><span class='evcal_evdata_icons'><i class='fa fa-align-justify'><\/i><\/span>\n\t\t\n\t\t<div class='evcal_evdata_cell '>\n\t\t\t<div class='eventon_full_description'>\n\t\t\t\t<h3 class='padb5 evo_h3'><span class='evcal_evdata_icons'><i class='fa fa-align-justify'><\/i><\/span>Dettagli dell&#039;evento<\/h3>\n\t\t\t\t<div class='eventon_desc_in' itemprop='description'>\n\t\t\t\t<p>Saltano, corrono, strisciano, volano! Eppure\u2026 non \u00e8 facile vederli!<br \/>\nSanno nascondersi bene\u2026 gli squamosi furbacchioni! Chi sono? Ma i draghi del Latemar! Incontrarne uno, anche uno solo, sar\u00e0 un\u2019esperienza meravigliosa! Parola di Nikolaus Drache.<\/p>\n<p>domenica e luned\u00ec: dal 5 luglio al 24 agosto 2026<br \/>\na monte della telecabina Predazzo-Gardon\u00e8<br \/>\nore 11.00 e ore 14.30<br \/>\nspettacoli itineranti sul sentiero della Foresta dei Draghi<br \/>\nadatto a famiglie e bambini dai 2 anni in su\u00a0(durata 1h30\u2019)<\/p>\n<\/div><div class='clear'><\/div>\n\t\t\t<\/div>\n\t\t<\/div>\n\t<\/div><\/div><\/div><div class='evocard_row bx2 bx'><div id='event_time' class='evocard_box time' data-c='' \n\t\t\t\t\tstyle=''><div class='evo_metarow_time evorow evcal_evdata_row evcal_evrow_sm '>\n\t\t<span class='evcal_evdata_icons'><i class='fa fa-clock'><\/i><\/span>\n\t\t<div class='evcal_evdata_cell'>\t\t\t\t\t\t\t\n\t\t\t<h3 class='evo_h3'><span class='evcal_evdata_icons'><i class='fa fa-clock'><\/i><\/span>Orario<\/h3><p><span class='evo_eventcard_time_t'>3 agosto 2026 11:00<\/span><span class='evo_tz marr5'>(GMT+02:00)<\/span><\/p>\n\t\t<\/div>\n\t<\/div><\/div><div id='event_location' class='evocard_box location' data-c='' \n\t\t\t\t\tstyle=''><div class='evcal_evdata_row evo_metarow_time_location evorow '>\n\t\t\n\t\t\t<span class='evcal_evdata_icons'><i class='fa fa-map-marker'><\/i><\/span>\n\t\t\t<div class='evcal_evdata_cell' data-loc_tax_id='34'><h3 class='evo_h3 evodfx'><span class='evcal_evdata_icons'><i class='fa fa-map-marker'><\/i><\/span>Luogo<\/h3><p class='evo_location_name'>A monte della telecabina Predazzo-Gardon\u00e8<\/p><div class='padt10'><span class='evo_btn_arr evolb_trigger' data-lbvals=\"{&quot;lbc&quot;:&quot;evo_location_lb_34&quot;,&quot;lbac&quot;:&quot;lb_max&quot;,&quot;t&quot;:&quot;A monte della telecabina Predazzo-Gardon\\u00e8&quot;,&quot;ajax&quot;:&quot;yes&quot;,&quot;ajax_type&quot;:&quot;endpoint&quot;,&quot;ajax_action&quot;:&quot;eventon_get_tax_card_content&quot;,&quot;end&quot;:&quot;client&quot;,&quot;d&quot;:{&quot;lang&quot;:&quot;L1&quot;,&quot;term_id&quot;:34,&quot;tax&quot;:&quot;event_location&quot;,&quot;load_lbcontent&quot;:true},&quot;uid&quot;:&quot;eventon_get_tax_card_content&quot;}\" >Other Events<i class='fa fa-chevron-right'><\/i><\/span><\/div><\/div>\n\t\t\n\t<\/div><\/div><\/div><div class='evocard_row bx2 bx'><div id='event_learnmore' class='evocard_box learnmore' data-c='' \n\t\t\t\t\tstyle=''><div class='evo_metarow_learnM evo_metarow_learnmore evorow'>\n\t\t\t\t\t\t\t<a class='evcal_evdata_row evo_clik_row ' href='https:\/\/www.montagnanimata.it\/spettacoli\/' target=\"_blank\">\n\t\t\t\t\t\t\t\t<span class='evcal_evdata_icons'><i class='fa fa-link'><\/i><\/span>\n\t\t\t\t\t\t\t\t<h3 class='evo_h3'>Scopri di pi\u00f9<\/h3>\n\t\t\t\t\t\t\t<\/a>\n\t\t\t\t\t\t\t<\/div><\/div><div id='event_addtocal' class='evocard_box addtocal' data-c='' \n\t\t\t\t\tstyle=''><div class='evo_metarow_ICS evorow evcal_evdata_row'>\n\t\t\t<span class='evcal_evdata_icons'><i class='fa fa-calendar-o'><\/i><\/span>\n\t\t\t<div class='evcal_evdata_cell'>\n\t\t\t\t<p><a href='https:\/\/latemarium.com\/it\/export-events\/2120_9\/?nonce=a3263097f9' class='evo_ics_nCal' title='Aggiungi al tuo calendario'>Calendario<\/a><a href='https:\/\/www.google.com\/calendar\/event?action=TEMPLATE&text=Parola+di+Nikolaus+Drache&dates=20260803T090000Z%2F20260803T215900Z&ctz=Europe%2FRome&details=Parola di Nikolaus Drache&location=A+monte+della+telecabina+Predazzo-Gardon%C3%A8' target='_blank' class='evo_ics_gCal' title='Aggiungi al calendario di Google'>GoogleCal<\/a><\/p>\t\n\t\t\t<\/div>\n\t\t<\/div><\/div><\/div><div class='evocard_row'><div id='event_getdirection' class='evocard_box getdirection' data-c='' \n\t\t\t\t\tstyle=''><div class='evo_metarow_getDr evorow evcal_evdata_row evcal_evrow_sm getdirections'>\n\t\t<form action='https:\/\/maps.google.com\/maps' method='get' target='_blank'>\n\t\t\t<input type='hidden' name='daddr' value=\"46.32878794406342,11.600176728690842\"\/> \n\t\t\t<div class='evo_get_direction_content evo_fx_dr_r evogap10'>\n\t\t\t\t<span class='evogetdir_header evodfx evofx_dr_r evofx_ai_c marr10'>\n\t\t\t\t\t<i class='mainicon fa fa-road'><\/i> \n\t\t\t\t\t<h3 class='evo_h3' style='padding-bottom:5px;'>Ottieni indicazioni stradali<\/h3>\n\t\t\t\t<\/span>\n\t\t\t\t<span class='evogetdir_field evodfx evofx_1_1 evo_fx_dr_c evow100p'>\t\t\t\t\t\n\t\t\t\t\t<input class='evoInput evotac' type='text' name='saddr' placeholder='Digitare l&#039;indirizzo per ottenere le indicazioni stradali' value='' style='margin:10px 0;'\/>\n\t\t\t\t<\/span>\n\t\t\t\t<button type='submit' class='evo_get_direction_button evo_btn_arr_circ dfx fx_ai_c' title='Fare clic qui per ottenere indicazioni'><i class='fa fa-chevron-right'><\/i> <\/button>\n\t\t\t<\/div>\n\t\t<\/form>\n\t<\/div><\/div><\/div><div class='evo_card_row_end evcal_close' title='Testo del pulsante Chiudi evento'><\/div><\/div><div class='clear end'><\/div><\/div><div id=\"event_2149_12\" class=\"eventon_list_event evo_eventtop scheduled  event clrW no_et event_2149_12\" data-event_id=\"2149\" data-ri=\"12r\" data-time=\"1785763200-1785794340\" data-colr=\"#b8d989\" itemscope itemtype='http:\/\/schema.org\/Event'><div class=\"evo_event_schema\" style=\"display:none\" ><a itemprop='url'  href='https:\/\/latemarium.com\/it\/events\/i-suoni-e-la-vita-della-malga\/var\/ri-12.l-L1'><\/a><meta itemprop='image' content=\"https:\/\/latemarium.com\/wp-content\/uploads\/2023\/06\/suoni-vita-malga.jpg\" \/><meta itemprop='startDate' content=\"2026-8-3T15:20+0:00\" \/><meta itemprop='endDate' content=\"2026-8-3T23:59+0:00\" \/><meta itemprop='eventStatus' content=\"https:\/\/schema.org\/EventScheduled\" \/><meta itemprop='eventAttendanceMode'   itemscope itemtype=\"https:\/\/schema.org\/OfflineEventAttendanceMode\"\/><div style=\"display:none\" itemprop=\"location\" itemscope itemtype=\"http:\/\/schema.org\/Place\"><span itemprop=\"name\">Pampeago<\/span><span itemprop=\"address\" itemscope itemtype=\"http:\/\/schema.org\/PostalAddress\"><item itemprop=\"streetAddress\">Localit\u00e0 Pampeago, 8, 38038 Tesero TN<\/item><\/span><\/div><script type=\"application\/ld+json\">{\"@context\": \"http:\/\/schema.org\",\"@type\": \"Event\",\n\t\t\t\t\"@id\": \"event_2149_12\",\n\t\t\t\t\"eventAttendanceMode\":\"https:\/\/schema.org\/OfflineEventAttendanceMode\",\n\t\t\t\t\"eventStatus\":\"https:\/\/schema.org\/EventScheduled\",\n\t\t\t\t\"name\": \"I suoni e la vita della malga\",\n\t\t\t\t\"url\": \"https:\/\/latemarium.com\/it\/events\/i-suoni-e-la-vita-della-malga\/var\/ri-12.l-L1\",\n\t\t\t\t\"startDate\": \"2026-8-3T15:20+0:00\",\n\t\t\t\t\"endDate\": \"2026-8-3T23:59+0:00\",\n\t\t\t\t\"image\":\"https:\/\/latemarium.com\/wp-content\/uploads\/2023\/06\/suoni-vita-malga.jpg\", \n\t\t\t\t\"description\":\"<p>Ritrovo presso parcheggio seggiovia Tresca (raggiungibile in auto da Pampeago \u2013 SOLO per chi prenota l&#8217;attivit\u00e0).<\/p> <p>Dopo una breve passeggiata fino a Malga Pampeago, bambini e genitori scoprono la vita e i suoni quotidiani che scandiscono la vita dei malgari, fra mucche, vitellini, asinelli e maiali.<\/p> <p>A fine attivit\u00e0 ci sar\u00e0 una piccola merenda che i bambini potranno gustarsi o portarsi a casa.<\/p> <p>Attivit\u00e0 possibile anche con passeggino country.<\/p> <p>Prenotazione obbligatoria.<\/p> <p>Prenotazione obbligatoria. Clicca <a href='https:\/\/www.visitfiemme.it\/it\/eventi\/fiemme-cembra-guest-card\/esperienze\/esperienze-in-estate?re-product-id=211655' target='_blank' rel='noopener'>qui<\/a>\u00a0per prenotare.<\/p> \",\"location\":[{\"@type\":\"Place\",\"name\":\"Pampeago\",\"address\":{\"@type\": \"PostalAddress\",\"streetAddress\":\"Localit\u00e0 Pampeago, 8, 38038 Tesero TN\"}}]}<\/script><\/div>\r\n\t\t\t\t<p class=\"desc_trig_outter\" style=\"\"><a data-gmtrig=\"1\" data-exlk=\"0\" style=\"background-color: #b8d989;\" id=\"evc_17857632002149\" class=\"hasFtIMG event_repeat desc_trig sin_val evcal_list_a\" data-ux_val=\"3\" data-ux_val_mob=\"-\"  ><span class='evoet_c1 evoet_cx '><span class='ev_ftImg' data-img='https:\/\/latemarium.com\/wp-content\/uploads\/2023\/06\/suoni-vita-malga.jpg' data-thumb='https:\/\/latemarium.com\/wp-content\/uploads\/2023\/06\/suoni-vita-malga-300x225.jpg' style='background-image:url(\"https:\/\/latemarium.com\/wp-content\/uploads\/2023\/06\/suoni-vita-malga-300x225.jpg\")' ><\/span><\/span><span class='evoet_c2 evoet_cx '><span class='evoet_dayblock evcal_cblock ' data-bgcolor='#b8d989' data-smon='agosto' data-syr='2026' data-bub=''><span class='evo_start '><em class='date'>03<\/em><em class='month'>ago<\/em><em class='time'>15:20<\/em><\/span><\/span><\/span><span class='evoet_c3 evoet_cx evcal_desc hide_eventtopdata '><span class='evoet_title evcal_desc2 evcal_event_title ' itemprop='name'>I suoni e la vita della malga<\/span><span class='event_location_attrs'  data-location_address=\"Localit\u00e0 Pampeago, 8, 38038 Tesero TN\" data-location_type=\"lonlat\" data-location_name=\"Pampeago\" data-location_url=\"https:\/\/latemarium.com\/it\/event-location\/pampeago\/\" data-location_status=\"true\" data-latlng=\"46.34343697644898,11.540997527961546\"><\/span><span class='evoet_subtitle evo_below_title' ><span class='evcal_event_subtitle ' >Alla scoperta della vita dei malgari<\/span><\/span><span class='evoet_time_expand level_3'><em class='evcal_time evo_tz_time'><i class='fa fa-clock-o'><\/i>15:20<span class='evo_tz marl5'>(GMT+02:00)<\/span><\/em> <\/span><span class='evoet_location level_3'><em class=\"evcal_location\"  data-latlng=\"46.34343697644898,11.540997527961546\" data-add_str=\"Localit\u00e0 Pampeago, 8, 38038 Tesero TN\" data-n=\"Pampeago\"><i class=\"fa fa-location-pin\"><\/i><em class=\"event_location_name\">Pampeago<\/em>, Localit\u00e0 Pampeago, 8, 38038 Tesero TN<\/em><\/span><\/span><span class='evoet_data' data-d=\"{&quot;loc.n&quot;:&quot;Pampeago&quot;,&quot;orgs&quot;:[],&quot;tags&quot;:{&quot;repeating&quot;:&quot;Repeating Event&quot;}}\" data-bgc=\"#b8d989\" data-bggrad=\"\" ><\/span><\/a><\/p><div class='event_description evcal_eventcard ' style=\"display:none\"><div class='evocard_row'><div id='event_ftimage' class='evocard_box ftimage' data-c='' \n\t\t\t\t\tstyle=''><div class='evocard_main_image_hold' data-t='Loading Image..'><div class='evocard_main_image evo_img_triglb evobr15 evobgsc evobgpc evodfx evofx_jc_c evofx_ai_c evofz48 minmized' style='height:300px; background-image:url();' data-f=\"https:\/\/latemarium.com\/wp-content\/uploads\/2023\/06\/suoni-vita-malga.jpg\" data-h=\"796\" data-w=\"1062\" data-ratio=\"0.74952919020716\" data-event_id=\"2149\" data-ri=\"12\"  data-t='Loading Image..'><span style='height:300px; background-image:url(https:\/\/latemarium.com\/wp-content\/uploads\/2023\/06\/suoni-vita-malga.jpg)'><\/span><\/div><\/div><\/div><\/div><div class='evocard_row'><div id='event_eventdetails' class='evocard_box eventdetails' data-c='' \n\t\t\t\t\tstyle=''><div class='evo_metarow_details evorow evcal_evdata_row evcal_event_details'>\n\t\t<div class=\"event_excerpt\" style=\"display:none\"><h3 class=\"padb5 evo_h3\">Dettagli dell&#039;evento<\/h3><p>Ritrovo presso parcheggio seggiovia Tresca (raggiungibile in auto da Pampeago \u2013 SOLO per chi prenota l&#8217;attivit\u00e0).\nDopo una breve passeggiata fino a Malga Pampeago, bambini e genitori scoprono la vita e<\/p><\/div><span class='evcal_evdata_icons'><i class='fa fa-align-justify'><\/i><\/span>\n\t\t\n\t\t<div class='evcal_evdata_cell shorter_desc'>\n\t\t\t<div class='eventon_full_description'>\n\t\t\t\t<h3 class='padb5 evo_h3'><span class='evcal_evdata_icons'><i class='fa fa-align-justify'><\/i><\/span>Dettagli dell&#039;evento<\/h3>\n\t\t\t\t<div class='eventon_desc_in' itemprop='description'>\n\t\t\t\t<p>Ritrovo presso parcheggio seggiovia Tresca (raggiungibile in auto da Pampeago \u2013 SOLO per chi prenota l&#8217;attivit\u00e0).<\/p>\n<p>Dopo una breve passeggiata fino a Malga Pampeago, bambini e genitori scoprono la vita e i suoni quotidiani che scandiscono la vita dei malgari, fra mucche, vitellini, asinelli e maiali.<\/p>\n<p>A fine attivit\u00e0 ci sar\u00e0 una piccola merenda che i bambini potranno gustarsi o portarsi a casa.<\/p>\n<p>Attivit\u00e0 possibile anche con passeggino country.<\/p>\n<p>Prenotazione obbligatoria.<\/p>\n<p>Prenotazione obbligatoria. Clicca <a href=\"https:\/\/www.visitfiemme.it\/it\/eventi\/fiemme-cembra-guest-card\/esperienze\/esperienze-in-estate?re-product-id=211655\" target=\"_blank\" rel=\"noopener\">qui<\/a>\u00a0per prenotare.<\/p>\n<\/div><p class='eventon_shad_p' style='padding:5px 0 0; margin:0'>\n\t\t\t<span class='evcal_btn evo_btn_secondary evobtn_details_show_more' content='less'>\n\t\t\t\t<span class='ev_more_text' data-txt='Meno'>Pi\u00f9<\/span><span class='ev_more_arrow ard'><\/span>\n\t\t\t<\/span>\n\t\t<\/p><div class='clear'><\/div>\n\t\t\t<\/div>\n\t\t<\/div>\n\t<\/div><\/div><\/div><div class='evocard_row bx2 bx'><div id='event_time' class='evocard_box time' data-c='' \n\t\t\t\t\tstyle=''><div class='evo_metarow_time evorow evcal_evdata_row evcal_evrow_sm '>\n\t\t<span class='evcal_evdata_icons'><i class='fa fa-clock'><\/i><\/span>\n\t\t<div class='evcal_evdata_cell'>\t\t\t\t\t\t\t\n\t\t\t<h3 class='evo_h3'><span class='evcal_evdata_icons'><i class='fa fa-clock'><\/i><\/span>Orario<\/h3><p><span class='evo_eventcard_time_t'>3 agosto 2026 15:20<\/span><span class='evo_tz marr5'>(GMT+02:00)<\/span><\/p>\n\t\t<\/div>\n\t<\/div><\/div><div id='event_location' class='evocard_box location' data-c='' \n\t\t\t\t\tstyle=''><div class='evcal_evdata_row evo_metarow_time_location evorow '>\n\t\t\n\t\t\t<span class='evcal_evdata_icons'><i class='fa fa-map-marker'><\/i><\/span>\n\t\t\t<div class='evcal_evdata_cell' data-loc_tax_id='30'><h3 class='evo_h3 evodfx'><span class='evcal_evdata_icons'><i class='fa fa-map-marker'><\/i><\/span>Luogo<\/h3><p class='evo_location_name'>Pampeago<\/p><p class='evo_location_address evodfxi evogap10'>Localit\u00e0 Pampeago, 8, 38038 Tesero TN<\/p><div class='padt10'><span class='evo_btn_arr evolb_trigger' data-lbvals=\"{&quot;lbc&quot;:&quot;evo_location_lb_30&quot;,&quot;lbac&quot;:&quot;lb_max&quot;,&quot;t&quot;:&quot;Pampeago&quot;,&quot;ajax&quot;:&quot;yes&quot;,&quot;ajax_type&quot;:&quot;endpoint&quot;,&quot;ajax_action&quot;:&quot;eventon_get_tax_card_content&quot;,&quot;end&quot;:&quot;client&quot;,&quot;d&quot;:{&quot;lang&quot;:&quot;L1&quot;,&quot;term_id&quot;:30,&quot;tax&quot;:&quot;event_location&quot;,&quot;load_lbcontent&quot;:true},&quot;uid&quot;:&quot;eventon_get_tax_card_content&quot;}\" >Other Events<i class='fa fa-chevron-right'><\/i><\/span><\/div><\/div>\n\t\t\n\t<\/div><\/div><\/div><div class='evocard_row'><div id='event_addtocal' class='evocard_box addtocal' data-c='' \n\t\t\t\t\tstyle=''><div class='evo_metarow_ICS evorow evcal_evdata_row'>\n\t\t\t<span class='evcal_evdata_icons'><i class='fa fa-calendar-o'><\/i><\/span>\n\t\t\t<div class='evcal_evdata_cell'>\n\t\t\t\t<p><a href='https:\/\/latemarium.com\/it\/export-events\/2149_12\/?nonce=a3263097f9' class='evo_ics_nCal' title='Aggiungi al tuo calendario'>Calendario<\/a><a href='https:\/\/www.google.com\/calendar\/event?action=TEMPLATE&text=I+suoni+e+la+vita+della+malga&dates=20260803T132000Z%2F20260803T215900Z&ctz=Europe%2FRome&details=I suoni e la vita della malga&location=Pampeago+Localit%C3%A0+Pampeago%2C+8%2C+38038+Tesero+TN' target='_blank' class='evo_ics_gCal' title='Aggiungi al calendario di Google'>GoogleCal<\/a><\/p>\t\n\t\t\t<\/div>\n\t\t<\/div><\/div><\/div><div class='evocard_row'><div id='event_getdirection' class='evocard_box getdirection' data-c='' \n\t\t\t\t\tstyle=''><div class='evo_metarow_getDr evorow evcal_evdata_row evcal_evrow_sm getdirections'>\n\t\t<form action='https:\/\/maps.google.com\/maps' method='get' target='_blank'>\n\t\t\t<input type='hidden' name='daddr' value=\"46.34343697644898,11.540997527961546\"\/> \n\t\t\t<div class='evo_get_direction_content evo_fx_dr_r evogap10'>\n\t\t\t\t<span class='evogetdir_header evodfx evofx_dr_r evofx_ai_c marr10'>\n\t\t\t\t\t<i class='mainicon fa fa-road'><\/i> \n\t\t\t\t\t<h3 class='evo_h3' style='padding-bottom:5px;'>Ottieni indicazioni stradali<\/h3>\n\t\t\t\t<\/span>\n\t\t\t\t<span class='evogetdir_field evodfx evofx_1_1 evo_fx_dr_c evow100p'>\t\t\t\t\t\n\t\t\t\t\t<input class='evoInput evotac' type='text' name='saddr' placeholder='Digitare l&#039;indirizzo per ottenere le indicazioni stradali' value='' style='margin:10px 0;'\/>\n\t\t\t\t<\/span>\n\t\t\t\t<button type='submit' class='evo_get_direction_button evo_btn_arr_circ dfx fx_ai_c' title='Fare clic qui per ottenere indicazioni'><i class='fa fa-chevron-right'><\/i> <\/button>\n\t\t\t<\/div>\n\t\t<\/form>\n\t<\/div><\/div><\/div><div class='evo_card_row_end evcal_close' title='Testo del pulsante Chiudi evento'><\/div><\/div><div class='clear end'><\/div><\/div><div id=\"event_2484_6\" class=\"eventon_list_event evo_eventtop scheduled  event clrD no_et event_2484_6\" data-event_id=\"2484\" data-ri=\"6r\" data-time=\"1785828600-1785880740\" data-colr=\"#38823b\" itemscope itemtype='http:\/\/schema.org\/Event'><div class=\"evo_event_schema\" style=\"display:none\" ><a itemprop='url'  href='https:\/\/latemarium.com\/it\/events\/respirart-arte-in-quota\/var\/ri-6.l-L1'><\/a><meta itemprop='image' content=\"https:\/\/latemarium.com\/wp-content\/uploads\/2023\/06\/respirart-respiro-arte-natura.jpg\" \/><meta itemprop='startDate' content=\"2026-8-4T09:30+0:00\" \/><meta itemprop='endDate' content=\"2026-8-4T23:59+0:00\" \/><meta itemprop='eventStatus' content=\"https:\/\/schema.org\/EventScheduled\" \/><meta itemprop='eventAttendanceMode'   itemscope itemtype=\"https:\/\/schema.org\/OfflineEventAttendanceMode\"\/><div style=\"display:none\" itemprop=\"location\" itemscope itemtype=\"http:\/\/schema.org\/Place\"><span itemprop=\"name\">Pampeago<\/span><span itemprop=\"address\" itemscope itemtype=\"http:\/\/schema.org\/PostalAddress\"><item itemprop=\"streetAddress\">Localit\u00e0 Pampeago, 8, 38038 Tesero TN<\/item><\/span><\/div><script type=\"application\/ld+json\">{\"@context\": \"http:\/\/schema.org\",\"@type\": \"Event\",\n\t\t\t\t\"@id\": \"event_2484_6\",\n\t\t\t\t\"eventAttendanceMode\":\"https:\/\/schema.org\/OfflineEventAttendanceMode\",\n\t\t\t\t\"eventStatus\":\"https:\/\/schema.org\/EventScheduled\",\n\t\t\t\t\"name\": \"Respirart: arte in quota\",\n\t\t\t\t\"url\": \"https:\/\/latemarium.com\/it\/events\/respirart-arte-in-quota\/var\/ri-6.l-L1\",\n\t\t\t\t\"startDate\": \"2026-8-4T09:30+0:00\",\n\t\t\t\t\"endDate\": \"2026-8-4T23:59+0:00\",\n\t\t\t\t\"image\":\"https:\/\/latemarium.com\/wp-content\/uploads\/2023\/06\/respirart-respiro-arte-natura.jpg\", \n\t\t\t\t\"description\":\"<h2>Arte in quota: alla scoperta di Respirart tra natura e installazioni<\/h2> <p>Si parte alle 9.30, davanti alla Seggiovia-Seminovia Agnello, dove incontrerai la guida artistica che ti consegner\u00e0 i semi e ti accompagner\u00e0 a seminare fiorume dall\u2019alto, per generare fiori e quindi nutrire la terra, le api, le capre e le mucche.<\/p> <p>Poi, la guida ti porter\u00e0 a scoprire le opere d\u2019arte del parco. Lungo il giro ad anello di 3 km scoprirai le ispirazioni degli artisti che hanno creato gesti d\u2019arte al cospetto del Latemar.<\/p> <p>Attivit\u00e0 adatta agli adulti.<\/p> <p>Prenotazione obbligatoria, clicca <a href='https:\/\/www.visitfiemme.it\/it\/eventi\/fiemme-cembra-guest-card\/esperienze\/esperienze-in-estate' target='_blank' rel='noopener'>qui<\/a>.<\/p> \",\"location\":[{\"@type\":\"Place\",\"name\":\"Pampeago\",\"address\":{\"@type\": \"PostalAddress\",\"streetAddress\":\"Localit\u00e0 Pampeago, 8, 38038 Tesero TN\"}}]}<\/script><\/div>\r\n\t\t\t\t<p class=\"desc_trig_outter\" style=\"\"><a data-gmtrig=\"1\" data-exlk=\"0\" style=\"background-color: #38823b;\" id=\"evc_17858286002484\" class=\"hasFtIMG event_repeat desc_trig sin_val evcal_list_a\" data-ux_val=\"3\" data-ux_val_mob=\"-\"  ><span class='evoet_c1 evoet_cx '><span class='ev_ftImg' data-img='https:\/\/latemarium.com\/wp-content\/uploads\/2023\/06\/respirart-respiro-arte-natura.jpg' data-thumb='https:\/\/latemarium.com\/wp-content\/uploads\/2023\/06\/respirart-respiro-arte-natura-300x201.jpg' style='background-image:url(\"https:\/\/latemarium.com\/wp-content\/uploads\/2023\/06\/respirart-respiro-arte-natura-300x201.jpg\")' ><\/span><\/span><span class='evoet_c2 evoet_cx '><span class='evoet_dayblock evcal_cblock ' data-bgcolor='#38823b' data-smon='agosto' data-syr='2026' data-bub=''><span class='evo_start '><em class='date'>04<\/em><em class='month'>ago<\/em><em class='time'>09:30<\/em><\/span><\/span><\/span><span class='evoet_c3 evoet_cx evcal_desc hide_eventtopdata '><span class='evoet_title evcal_desc2 evcal_event_title ' itemprop='name'>Respirart: arte in quota<\/span><span class='event_location_attrs'  data-location_address=\"Localit\u00e0 Pampeago, 8, 38038 Tesero TN\" data-location_type=\"lonlat\" data-location_name=\"Pampeago\" data-location_url=\"https:\/\/latemarium.com\/it\/event-location\/pampeago\/\" data-location_status=\"true\" data-latlng=\"46.34343697644898,11.540997527961546\"><\/span><span class='evoet_subtitle evo_below_title' ><span class='evcal_event_subtitle ' >Alla scoperta del parco d'arte Respirart<\/span><\/span><span class='evoet_time_expand level_3'><em class='evcal_time evo_tz_time'><i class='fa fa-clock-o'><\/i>09:30<span class='evo_tz marl5'>(GMT+02:00)<\/span><\/em> <\/span><span class='evoet_location level_3'><em class=\"evcal_location\"  data-latlng=\"46.34343697644898,11.540997527961546\" data-add_str=\"Localit\u00e0 Pampeago, 8, 38038 Tesero TN\" data-n=\"Pampeago\"><i class=\"fa fa-location-pin\"><\/i><em class=\"event_location_name\">Pampeago<\/em>, Localit\u00e0 Pampeago, 8, 38038 Tesero TN<\/em><\/span><\/span><span class='evoet_data' data-d=\"{&quot;loc.n&quot;:&quot;Pampeago&quot;,&quot;orgs&quot;:[],&quot;tags&quot;:{&quot;repeating&quot;:&quot;Repeating Event&quot;}}\" data-bgc=\"#38823b\" data-bggrad=\"\" ><\/span><\/a><\/p><div class='event_description evcal_eventcard ' style=\"display:none\"><div class='evocard_row'><div id='event_ftimage' class='evocard_box ftimage' data-c='' \n\t\t\t\t\tstyle=''><div class='evocard_main_image_hold' data-t='Loading Image..'><div class='evocard_main_image evo_img_triglb evobr15 evobgsc evobgpc evodfx evofx_jc_c evofx_ai_c evofz48 minmized' style='height:300px; background-image:url();' data-f=\"https:\/\/latemarium.com\/wp-content\/uploads\/2023\/06\/respirart-respiro-arte-natura.jpg\" data-h=\"602\" data-w=\"899\" data-ratio=\"0.66963292547275\" data-event_id=\"2484\" data-ri=\"6\"  data-t='Loading Image..'><span style='height:300px; background-image:url(https:\/\/latemarium.com\/wp-content\/uploads\/2023\/06\/respirart-respiro-arte-natura.jpg)'><\/span><\/div><\/div><\/div><\/div><div class='evocard_row'><div id='event_eventdetails' class='evocard_box eventdetails' data-c='' \n\t\t\t\t\tstyle=''><div class='evo_metarow_details evorow evcal_evdata_row evcal_event_details'>\n\t\t<div class=\"event_excerpt\" style=\"display:none\"><h3 class=\"padb5 evo_h3\">Dettagli dell&#039;evento<\/h3><p>Arte in quota: alla scoperta di Respirart tra natura e installazioni\nSi parte alle 9.30, davanti alla Seggiovia-Seminovia Agnello, dove incontrerai la guida artistica che ti consegner\u00e0 i semi e ti<\/p><\/div><span class='evcal_evdata_icons'><i class='fa fa-align-justify'><\/i><\/span>\n\t\t\n\t\t<div class='evcal_evdata_cell shorter_desc'>\n\t\t\t<div class='eventon_full_description'>\n\t\t\t\t<h3 class='padb5 evo_h3'><span class='evcal_evdata_icons'><i class='fa fa-align-justify'><\/i><\/span>Dettagli dell&#039;evento<\/h3>\n\t\t\t\t<div class='eventon_desc_in' itemprop='description'>\n\t\t\t\t<h2>Arte in quota: alla scoperta di Respirart tra natura e installazioni<\/h2>\n<p>Si parte alle 9.30, davanti alla Seggiovia-Seminovia Agnello, dove incontrerai la guida artistica che ti consegner\u00e0 i semi e ti accompagner\u00e0 a seminare fiorume dall\u2019alto, per generare fiori e quindi nutrire la terra, le api, le capre e le mucche.<\/p>\n<p>Poi, la guida ti porter\u00e0 a scoprire le opere d\u2019arte del parco. Lungo il giro ad anello di 3 km scoprirai le ispirazioni degli artisti che hanno creato gesti d\u2019arte al cospetto del Latemar.<\/p>\n<p>Attivit\u00e0 adatta agli adulti.<\/p>\n<p>Prenotazione obbligatoria, clicca <a href=\"https:\/\/www.visitfiemme.it\/it\/eventi\/fiemme-cembra-guest-card\/esperienze\/esperienze-in-estate\" target=\"_blank\" rel=\"noopener\">qui<\/a>.<\/p>\n<\/div><p class='eventon_shad_p' style='padding:5px 0 0; margin:0'>\n\t\t\t<span class='evcal_btn evo_btn_secondary evobtn_details_show_more' content='less'>\n\t\t\t\t<span class='ev_more_text' data-txt='Meno'>Pi\u00f9<\/span><span class='ev_more_arrow ard'><\/span>\n\t\t\t<\/span>\n\t\t<\/p><div class='clear'><\/div>\n\t\t\t<\/div>\n\t\t<\/div>\n\t<\/div><\/div><\/div><div class='evocard_row bx2 bx'><div id='event_time' class='evocard_box time' data-c='' \n\t\t\t\t\tstyle=''><div class='evo_metarow_time evorow evcal_evdata_row evcal_evrow_sm '>\n\t\t<span class='evcal_evdata_icons'><i class='fa fa-clock'><\/i><\/span>\n\t\t<div class='evcal_evdata_cell'>\t\t\t\t\t\t\t\n\t\t\t<h3 class='evo_h3'><span class='evcal_evdata_icons'><i class='fa fa-clock'><\/i><\/span>Orario<\/h3><p><span class='evo_eventcard_time_t'>4 agosto 2026 09:30<\/span><span class='evo_tz marr5'>(GMT+02:00)<\/span><\/p>\n\t\t<\/div>\n\t<\/div><\/div><div id='event_location' class='evocard_box location' data-c='' \n\t\t\t\t\tstyle=''><div class='evcal_evdata_row evo_metarow_time_location evorow '>\n\t\t\n\t\t\t<span class='evcal_evdata_icons'><i class='fa fa-map-marker'><\/i><\/span>\n\t\t\t<div class='evcal_evdata_cell' data-loc_tax_id='30'><h3 class='evo_h3 evodfx'><span class='evcal_evdata_icons'><i class='fa fa-map-marker'><\/i><\/span>Luogo<\/h3><p class='evo_location_name'>Pampeago<\/p><p class='evo_location_address evodfxi evogap10'>Localit\u00e0 Pampeago, 8, 38038 Tesero TN<\/p><div class='padt10'><span class='evo_btn_arr evolb_trigger' data-lbvals=\"{&quot;lbc&quot;:&quot;evo_location_lb_30&quot;,&quot;lbac&quot;:&quot;lb_max&quot;,&quot;t&quot;:&quot;Pampeago&quot;,&quot;ajax&quot;:&quot;yes&quot;,&quot;ajax_type&quot;:&quot;endpoint&quot;,&quot;ajax_action&quot;:&quot;eventon_get_tax_card_content&quot;,&quot;end&quot;:&quot;client&quot;,&quot;d&quot;:{&quot;lang&quot;:&quot;L1&quot;,&quot;term_id&quot;:30,&quot;tax&quot;:&quot;event_location&quot;,&quot;load_lbcontent&quot;:true},&quot;uid&quot;:&quot;eventon_get_tax_card_content&quot;}\" >Other Events<i class='fa fa-chevron-right'><\/i><\/span><\/div><\/div>\n\t\t\n\t<\/div><\/div><\/div><div class='evocard_row bx2 bx'><div id='event_learnmore' class='evocard_box learnmore' data-c='' \n\t\t\t\t\tstyle=''><div class='evo_metarow_learnM evo_metarow_learnmore evorow'>\n\t\t\t\t\t\t\t<a class='evcal_evdata_row evo_clik_row ' href='http:\/\/www.respirart.com\/' target=\"_blank\">\n\t\t\t\t\t\t\t\t<span class='evcal_evdata_icons'><i class='fa fa-link'><\/i><\/span>\n\t\t\t\t\t\t\t\t<h3 class='evo_h3'>Scopri di pi\u00f9<\/h3>\n\t\t\t\t\t\t\t<\/a>\n\t\t\t\t\t\t\t<\/div><\/div><div id='event_addtocal' class='evocard_box addtocal' data-c='' \n\t\t\t\t\tstyle=''><div class='evo_metarow_ICS evorow evcal_evdata_row'>\n\t\t\t<span class='evcal_evdata_icons'><i class='fa fa-calendar-o'><\/i><\/span>\n\t\t\t<div class='evcal_evdata_cell'>\n\t\t\t\t<p><a href='https:\/\/latemarium.com\/it\/export-events\/2484_6\/?nonce=a3263097f9' class='evo_ics_nCal' title='Aggiungi al tuo calendario'>Calendario<\/a><a href='https:\/\/www.google.com\/calendar\/event?action=TEMPLATE&text=Respirart%3A+arte+in+quota&dates=20260804T073000Z%2F20260804T215900Z&ctz=Europe%2FRome&details=Respirart: arte in quota&location=Pampeago+Localit%C3%A0+Pampeago%2C+8%2C+38038+Tesero+TN' target='_blank' class='evo_ics_gCal' title='Aggiungi al calendario di Google'>GoogleCal<\/a><\/p>\t\n\t\t\t<\/div>\n\t\t<\/div><\/div><\/div><div class='evocard_row'><div id='event_repeats' class='evocard_box repeats' data-c='' \n\t\t\t\t\tstyle=''><div class='evo_metarow_repeats evorow evcal_evdata_row evcal_evrow_sm '>\n\t\t<span class='evcal_evdata_icons'><i class='fa fa-repeat'><\/i><\/span>\n\t\t<div class='evcal_evdata_cell'>\t\t\t\t\t\t\t\n\t\t\t<h3 class='evo_h3'>Orari degli eventi futuri in questa serie di eventi ripetuti<\/h3><div class='evo_elm_HCS evo_repeat_series' style=''><span class='evo_elmHCS_nav HCSnavL evo_repeat_series content_slide_trig'><i class='fa fa-chevron-left'><\/i><\/span><span class='evo_elmHCS_nav HCSnavR evo_repeat_series content_slide_trig'><i class='fa fa-chevron-right'><\/i><\/span><div class='evo_elm_HCS_in'><div class='evo_repeat_series_dates clickable evodfx evofx_dr_r evogap10' data-click='1' data-event_url='https:\/\/latemarium.com\/it\/events\/respirart-arte-in-quota\/var\/ri-6.l-L1'><span class='evo_repeat_series_date evodfx evofx_dr_r evofx_ai_c evogap5 evobr15 evobrdB1 evocl1 evopad15 evottu evofz14 evocurp evo_trans_sc1_03 evoHbgcw' data-ux=\"def\" data-l=\"https:\/\/latemarium.com\/it\/events\/respirart-arte-in-quota\/var\/ri-7.l-L1\" ><span class='evodfx evofx_dr_c evotac evofx_jc_c'><b class='j evofz16'>11<\/b><b class='fy'>agosto <\/b><em class='t evofsn'>09:30 - 23:59<\/em><\/span><\/span><span class='evo_repeat_series_date evodfx evofx_dr_r evofx_ai_c evogap5 evobr15 evobrdB1 evocl1 evopad15 evottu evofz14 evocurp evo_trans_sc1_03 evoHbgcw' data-ux=\"def\" data-l=\"https:\/\/latemarium.com\/it\/events\/respirart-arte-in-quota\/var\/ri-8.l-L1\" ><span class='evodfx evofx_dr_c evotac evofx_jc_c'><b class='j evofz16'>18<\/b><b class='fy'>agosto <\/b><em class='t evofsn'>09:30 - 23:59<\/em><\/span><\/span><span class='evo_repeat_series_date evodfx evofx_dr_r evofx_ai_c evogap5 evobr15 evobrdB1 evocl1 evopad15 evottu evofz14 evocurp evo_trans_sc1_03 evoHbgcw' data-ux=\"def\" data-l=\"https:\/\/latemarium.com\/it\/events\/respirart-arte-in-quota\/var\/ri-9.l-L1\" ><span class='evodfx evofx_dr_c evotac evofx_jc_c'><b class='j evofz16'>25<\/b><b class='fy'>agosto <\/b><em class='t evofsn'>09:30 - 23:59<\/em><\/span><\/span><span class='evo_repeat_series_date evodfx evofx_dr_r evofx_ai_c evogap5 evobr15 evobrdB1 evocl1 evopad15 evottu evofz14 evocurp evo_trans_sc1_03 evoHbgcw' data-ux=\"def\" data-l=\"https:\/\/latemarium.com\/it\/events\/respirart-arte-in-quota\/var\/ri-10.l-L1\" ><span class='evodfx evofx_dr_c evotac evofx_jc_c'><b class='j evofz16'>1<\/b><b class='fy'>settembre <\/b><em class='t evofsn'>09:30 - 23:59<\/em><\/span><\/span><span class='evo_repeat_series_date evodfx evofx_dr_r evofx_ai_c evogap5 evobr15 evobrdB1 evocl1 evopad15 evottu evofz14 evocurp evo_trans_sc1_03 evoHbgcw' data-ux=\"def\" data-l=\"https:\/\/latemarium.com\/it\/events\/respirart-arte-in-quota\/var\/ri-11.l-L1\" ><span class='evodfx evofx_dr_c evotac evofx_jc_c'><b class='j evofz16'>8<\/b><b class='fy'>settembre <\/b><em class='t evofsn'>09:30 - 23:59<\/em><\/span><\/span><\/div><\/div><\/div><\/div><\/div><\/div><\/div><div class='evocard_row'><div id='event_getdirection' class='evocard_box getdirection' data-c='' \n\t\t\t\t\tstyle=''><div class='evo_metarow_getDr evorow evcal_evdata_row evcal_evrow_sm getdirections'>\n\t\t<form action='https:\/\/maps.google.com\/maps' method='get' target='_blank'>\n\t\t\t<input type='hidden' name='daddr' value=\"46.34343697644898,11.540997527961546\"\/> \n\t\t\t<div class='evo_get_direction_content evo_fx_dr_r evogap10'>\n\t\t\t\t<span class='evogetdir_header evodfx evofx_dr_r evofx_ai_c marr10'>\n\t\t\t\t\t<i class='mainicon fa fa-road'><\/i> \n\t\t\t\t\t<h3 class='evo_h3' style='padding-bottom:5px;'>Ottieni indicazioni stradali<\/h3>\n\t\t\t\t<\/span>\n\t\t\t\t<span class='evogetdir_field evodfx evofx_1_1 evo_fx_dr_c evow100p'>\t\t\t\t\t\n\t\t\t\t\t<input class='evoInput evotac' type='text' name='saddr' placeholder='Digitare l&#039;indirizzo per ottenere le indicazioni stradali' value='' style='margin:10px 0;'\/>\n\t\t\t\t<\/span>\n\t\t\t\t<button type='submit' class='evo_get_direction_button evo_btn_arr_circ dfx fx_ai_c' title='Fare clic qui per ottenere indicazioni'><i class='fa fa-chevron-right'><\/i> <\/button>\n\t\t\t<\/div>\n\t\t<\/form>\n\t<\/div><\/div><\/div><div class='evo_card_row_end evcal_close' title='Testo del pulsante Chiudi evento'><\/div><\/div><div class='clear end'><\/div><\/div><div id=\"event_2159_4\" class=\"eventon_list_event evo_eventtop scheduled  event clrW no_et event_2159_4\" data-event_id=\"2159\" data-ri=\"4r\" data-time=\"1785834000-1785880740\" data-colr=\"#a69dcd\" itemscope itemtype='http:\/\/schema.org\/Event'><div class=\"evo_event_schema\" style=\"display:none\" ><a itemprop='url'  href='https:\/\/latemarium.com\/it\/events\/il-dritto-dahu-ci-aspetta-lassu\/var\/ri-4.l-L1'><\/a><meta itemprop='image' content=\"https:\/\/latemarium.com\/wp-content\/uploads\/2023\/06\/forse-dahu-sa.jpg\" \/><meta itemprop='startDate' content=\"2026-8-4T11:00+0:00\" \/><meta itemprop='endDate' content=\"2026-8-4T23:59+0:00\" \/><meta itemprop='eventStatus' content=\"https:\/\/schema.org\/EventScheduled\" \/><meta itemprop='eventAttendanceMode'   itemscope itemtype=\"https:\/\/schema.org\/OfflineEventAttendanceMode\"\/><script type=\"application\/ld+json\">{\"@context\": \"http:\/\/schema.org\",\"@type\": \"Event\",\n\t\t\t\t\"@id\": \"event_2159_4\",\n\t\t\t\t\"eventAttendanceMode\":\"https:\/\/schema.org\/OfflineEventAttendanceMode\",\n\t\t\t\t\"eventStatus\":\"https:\/\/schema.org\/EventScheduled\",\n\t\t\t\t\"name\": \"IL DRITTO DAH\u00d9 CI ASPETTA LASS\u00d9\",\n\t\t\t\t\"url\": \"https:\/\/latemarium.com\/it\/events\/il-dritto-dahu-ci-aspetta-lassu\/var\/ri-4.l-L1\",\n\t\t\t\t\"startDate\": \"2026-8-4T11:00+0:00\",\n\t\t\t\t\"endDate\": \"2026-8-4T23:59+0:00\",\n\t\t\t\t\"image\":\"https:\/\/latemarium.com\/wp-content\/uploads\/2023\/06\/forse-dahu-sa.jpg\", \n\t\t\t\t\"description\":\"<p>L&#8217;inspiegabile equilibrio del Dah\u00f9 porta ricercatrici e ricercatori ad una grande evoluzione, con continui cambi di prospettiva.<\/p> <p>Andiamo di su, di gi\u00f9, di qua, di l\u00e0. Esperti si diventa ri-cercando insieme. Alla partenza verranno distribuiti gli incarichi: la ricerca procede se c\u2019\u00e8 lavoro di squadra. Siete pronti?<\/p> <p>marted\u00ec: dal 7 luglio al 25 agosto 2026<br \/> a monte della telecabina Predazzo-Gardon\u00e8<br \/> ore 11.00<br \/> adatto a famiglie\u00a0(durata 1h30\u2019)<\/p> \"}<\/script><\/div>\r\n\t\t\t\t<p class=\"desc_trig_outter\" style=\"\"><a data-gmap_status=\"null\" data-exlk=\"0\" style=\"background-color: #a69dcd;\" id=\"evc_17858340002159\" class=\"hasFtIMG event_repeat desc_trig sin_val evcal_list_a\" data-ux_val=\"3\" data-ux_val_mob=\"-\"  ><span class='evoet_c1 evoet_cx '><span class='ev_ftImg' data-img='https:\/\/latemarium.com\/wp-content\/uploads\/2023\/06\/forse-dahu-sa.jpg' data-thumb='https:\/\/latemarium.com\/wp-content\/uploads\/2023\/06\/forse-dahu-sa-300x204.jpg' style='background-image:url(\"https:\/\/latemarium.com\/wp-content\/uploads\/2023\/06\/forse-dahu-sa-300x204.jpg\")' ><\/span><\/span><span class='evoet_c2 evoet_cx '><span class='evoet_dayblock evcal_cblock ' data-bgcolor='#a69dcd' data-smon='agosto' data-syr='2026' data-bub=''><span class='evo_start '><em class='date'>04<\/em><em class='month'>ago<\/em><em class='time'>11:00<\/em><\/span><\/span><\/span><span class='evoet_c3 evoet_cx evcal_desc hide_eventtopdata '><span class='evoet_title evcal_desc2 evcal_event_title ' itemprop='name'>IL DRITTO DAH\u00d9 CI ASPETTA LASS\u00d9<\/span><span class='event_location_attrs' data-location_type=\"lonlat\" data-location_name=\"A monte della telecabina Predazzo-Gardon\u00e8\" data-location_url=\"https:\/\/latemarium.com\/it\/event-location\/a-monte-della-telecabina-predazzo-gardone\/\" data-location_status=\"true\" data-latlng=\"46.32878794406342,11.600176728690842\"><\/span><span class='evoet_subtitle evo_below_title' ><span class='evcal_event_subtitle ' >Sentiero Pastore Distratto<\/span><\/span><span class='evoet_time_expand level_3'><em class='evcal_time evo_tz_time'><i class='fa fa-clock-o'><\/i>11:00<span class='evo_tz marl5'>(GMT+02:00)<\/span><\/em> <\/span><span class='evoet_location level_3'><em class=\"evcal_location\"  data-latlng=\"46.32878794406342,11.600176728690842\" data-add_str=\"\" data-n=\"A monte della telecabina Predazzo-Gardon\u00e8\"><i class=\"fa fa-location-pin\"><\/i><em class=\"event_location_name\">A monte della telecabina Predazzo-Gardon\u00e8<\/em><\/em><\/span><\/span><span class='evoet_data' data-d=\"{&quot;loc.n&quot;:&quot;A monte della telecabina Predazzo-Gardon\\u00e8&quot;,&quot;orgs&quot;:[],&quot;tags&quot;:{&quot;repeating&quot;:&quot;Repeating Event&quot;}}\" data-bgc=\"#a69dcd\" data-bggrad=\"\" ><\/span><\/a><\/p><div class='event_description evcal_eventcard ' style=\"display:none\"><div class='evocard_row'><div id='event_ftimage' class='evocard_box ftimage' data-c='' \n\t\t\t\t\tstyle=''><div class='evocard_main_image_hold' data-t='Loading Image..'><div class='evocard_main_image evo_img_triglb evobr15 evobgsc evobgpc evodfx evofx_jc_c evofx_ai_c evofz48 minmized' style='height:300px; background-image:url();' data-f=\"https:\/\/latemarium.com\/wp-content\/uploads\/2023\/06\/forse-dahu-sa.jpg\" data-h=\"587\" data-w=\"862\" data-ratio=\"0.68097447795824\" data-event_id=\"2159\" data-ri=\"4\"  data-t='Loading Image..'><span style='height:300px; background-image:url(https:\/\/latemarium.com\/wp-content\/uploads\/2023\/06\/forse-dahu-sa.jpg)'><\/span><\/div><\/div><\/div><\/div><div class='evocard_row'><div id='event_eventdetails' class='evocard_box eventdetails' data-c='' \n\t\t\t\t\tstyle=''><div class='evo_metarow_details evorow evcal_evdata_row evcal_event_details'>\n\t\t<div class=\"event_excerpt\" style=\"display:none\"><h3 class=\"padb5 evo_h3\">Dettagli dell&#039;evento<\/h3><p>L&#8217;inspiegabile equilibrio del Dah\u00f9 porta ricercatrici e ricercatori ad una grande evoluzione, con continui cambi di prospettiva.\nAndiamo di su, di gi\u00f9, di qua, di l\u00e0. Esperti si diventa ri-cercando insieme.<\/p><\/div><span class='evcal_evdata_icons'><i class='fa fa-align-justify'><\/i><\/span>\n\t\t\n\t\t<div class='evcal_evdata_cell '>\n\t\t\t<div class='eventon_full_description'>\n\t\t\t\t<h3 class='padb5 evo_h3'><span class='evcal_evdata_icons'><i class='fa fa-align-justify'><\/i><\/span>Dettagli dell&#039;evento<\/h3>\n\t\t\t\t<div class='eventon_desc_in' itemprop='description'>\n\t\t\t\t<p>L&#8217;inspiegabile equilibrio del Dah\u00f9 porta ricercatrici e ricercatori ad una grande evoluzione, con continui cambi di prospettiva.<\/p>\n<p>Andiamo di su, di gi\u00f9, di qua, di l\u00e0. Esperti si diventa ri-cercando insieme. Alla partenza verranno distribuiti gli incarichi: la ricerca procede se c\u2019\u00e8 lavoro di squadra. Siete pronti?<\/p>\n<p>marted\u00ec: dal 7 luglio al 25 agosto 2026<br \/>\na monte della telecabina Predazzo-Gardon\u00e8<br \/>\nore 11.00<br \/>\nadatto a famiglie\u00a0(durata 1h30\u2019)<\/p>\n<\/div><div class='clear'><\/div>\n\t\t\t<\/div>\n\t\t<\/div>\n\t<\/div><\/div><\/div><div class='evocard_row bx2 bx'><div id='event_time' class='evocard_box time' data-c='' \n\t\t\t\t\tstyle=''><div class='evo_metarow_time evorow evcal_evdata_row evcal_evrow_sm '>\n\t\t<span class='evcal_evdata_icons'><i class='fa fa-clock'><\/i><\/span>\n\t\t<div class='evcal_evdata_cell'>\t\t\t\t\t\t\t\n\t\t\t<h3 class='evo_h3'><span class='evcal_evdata_icons'><i class='fa fa-clock'><\/i><\/span>Orario<\/h3><p><span class='evo_eventcard_time_t'>4 agosto 2026 11:00<\/span><span class='evo_tz marr5'>(GMT+02:00)<\/span><\/p>\n\t\t<\/div>\n\t<\/div><\/div><div id='event_location' class='evocard_box location' data-c='' \n\t\t\t\t\tstyle=''><div class='evcal_evdata_row evo_metarow_time_location evorow '>\n\t\t\n\t\t\t<span class='evcal_evdata_icons'><i class='fa fa-map-marker'><\/i><\/span>\n\t\t\t<div class='evcal_evdata_cell' data-loc_tax_id='34'><h3 class='evo_h3 evodfx'><span class='evcal_evdata_icons'><i class='fa fa-map-marker'><\/i><\/span>Luogo<\/h3><p class='evo_location_name'>A monte della telecabina Predazzo-Gardon\u00e8<\/p><div class='padt10'><span class='evo_btn_arr evolb_trigger' data-lbvals=\"{&quot;lbc&quot;:&quot;evo_location_lb_34&quot;,&quot;lbac&quot;:&quot;lb_max&quot;,&quot;t&quot;:&quot;A monte della telecabina Predazzo-Gardon\\u00e8&quot;,&quot;ajax&quot;:&quot;yes&quot;,&quot;ajax_type&quot;:&quot;endpoint&quot;,&quot;ajax_action&quot;:&quot;eventon_get_tax_card_content&quot;,&quot;end&quot;:&quot;client&quot;,&quot;d&quot;:{&quot;lang&quot;:&quot;L1&quot;,&quot;term_id&quot;:34,&quot;tax&quot;:&quot;event_location&quot;,&quot;load_lbcontent&quot;:true},&quot;uid&quot;:&quot;eventon_get_tax_card_content&quot;}\" >Other Events<i class='fa fa-chevron-right'><\/i><\/span><\/div><\/div>\n\t\t\n\t<\/div><\/div><\/div><div class='evocard_row bx2 bx'><div id='event_learnmore' class='evocard_box learnmore' data-c='' \n\t\t\t\t\tstyle=''><div class='evo_metarow_learnM evo_metarow_learnmore evorow'>\n\t\t\t\t\t\t\t<a class='evcal_evdata_row evo_clik_row ' href='https:\/\/www.montagnanimata.it\/spettacoli\/' target=\"_blank\">\n\t\t\t\t\t\t\t\t<span class='evcal_evdata_icons'><i class='fa fa-link'><\/i><\/span>\n\t\t\t\t\t\t\t\t<h3 class='evo_h3'>Scopri di pi\u00f9<\/h3>\n\t\t\t\t\t\t\t<\/a>\n\t\t\t\t\t\t\t<\/div><\/div><div id='event_addtocal' class='evocard_box addtocal' data-c='' \n\t\t\t\t\tstyle=''><div class='evo_metarow_ICS evorow evcal_evdata_row'>\n\t\t\t<span class='evcal_evdata_icons'><i class='fa fa-calendar-o'><\/i><\/span>\n\t\t\t<div class='evcal_evdata_cell'>\n\t\t\t\t<p><a href='https:\/\/latemarium.com\/it\/export-events\/2159_4\/?nonce=a3263097f9' class='evo_ics_nCal' title='Aggiungi al tuo calendario'>Calendario<\/a><a href='https:\/\/www.google.com\/calendar\/event?action=TEMPLATE&text=IL+DRITTO+DAH%C3%99+CI+ASPETTA+LASS%C3%99&dates=20260804T090000Z%2F20260804T215900Z&ctz=Europe%2FRome&details=IL DRITTO DAH\u00d9 CI ASPETTA LASS\u00d9&location=A+monte+della+telecabina+Predazzo-Gardon%C3%A8' target='_blank' class='evo_ics_gCal' title='Aggiungi al calendario di Google'>GoogleCal<\/a><\/p>\t\n\t\t\t<\/div>\n\t\t<\/div><\/div><\/div><div class='evocard_row'><div id='event_getdirection' class='evocard_box getdirection' data-c='' \n\t\t\t\t\tstyle=''><div class='evo_metarow_getDr evorow evcal_evdata_row evcal_evrow_sm getdirections'>\n\t\t<form action='https:\/\/maps.google.com\/maps' method='get' target='_blank'>\n\t\t\t<input type='hidden' name='daddr' value=\"46.32878794406342,11.600176728690842\"\/> \n\t\t\t<div class='evo_get_direction_content evo_fx_dr_r evogap10'>\n\t\t\t\t<span class='evogetdir_header evodfx evofx_dr_r evofx_ai_c marr10'>\n\t\t\t\t\t<i class='mainicon fa fa-road'><\/i> \n\t\t\t\t\t<h3 class='evo_h3' style='padding-bottom:5px;'>Ottieni indicazioni stradali<\/h3>\n\t\t\t\t<\/span>\n\t\t\t\t<span class='evogetdir_field evodfx evofx_1_1 evo_fx_dr_c evow100p'>\t\t\t\t\t\n\t\t\t\t\t<input class='evoInput evotac' type='text' name='saddr' placeholder='Digitare l&#039;indirizzo per ottenere le indicazioni stradali' value='' style='margin:10px 0;'\/>\n\t\t\t\t<\/span>\n\t\t\t\t<button type='submit' class='evo_get_direction_button evo_btn_arr_circ dfx fx_ai_c' title='Fare clic qui per ottenere indicazioni'><i class='fa fa-chevron-right'><\/i> <\/button>\n\t\t\t<\/div>\n\t\t<\/form>\n\t<\/div><\/div><\/div><div class='evo_card_row_end evcal_close' title='Testo del pulsante Chiudi evento'><\/div><\/div><div class='clear end'><\/div><\/div><div id=\"event_2682_4\" class=\"eventon_list_event evo_eventtop scheduled  event clrD event_2682_4\" data-event_id=\"2682\" data-ri=\"4r\" data-time=\"1785848400-1785853800\" data-colr=\"#ba181d\" itemscope itemtype='http:\/\/schema.org\/Event'><div class=\"evo_event_schema\" style=\"display:none\" ><a itemprop='url'  href='https:\/\/latemarium.com\/it\/events\/respirart-piccole-bonta-montane-laboratorio-di-cucina\/var\/ri-4.l-L1'><\/a><meta itemprop='image' content=\"https:\/\/latemarium.com\/wp-content\/uploads\/2019\/06\/Weigler_Schupf_Kaiserschmarren_2.jpg\" \/><meta itemprop='startDate' content=\"2026-8-4T15:00+0:00\" \/><meta itemprop='endDate' content=\"2026-8-4T16:30+0:00\" \/><meta itemprop='eventStatus' content=\"https:\/\/schema.org\/EventScheduled\" \/><meta itemprop='eventAttendanceMode'   itemscope itemtype=\"https:\/\/schema.org\/OfflineEventAttendanceMode\"\/><div style=\"display:none\" itemprop=\"location\" itemscope itemtype=\"http:\/\/schema.org\/Place\"><span itemprop=\"name\">Rifugio Agnello<\/span><span itemprop=\"address\" itemscope itemtype=\"http:\/\/schema.org\/PostalAddress\"><item itemprop=\"streetAddress\">Loc. Pampeago, 9, 38038 Tesero TN<\/item><\/span><\/div><script type=\"application\/ld+json\">{\"@context\": \"http:\/\/schema.org\",\"@type\": \"Event\",\n\t\t\t\t\"@id\": \"event_2682_4\",\n\t\t\t\t\"eventAttendanceMode\":\"https:\/\/schema.org\/OfflineEventAttendanceMode\",\n\t\t\t\t\"eventStatus\":\"https:\/\/schema.org\/EventScheduled\",\n\t\t\t\t\"name\": \"Piccole bont\u00e0 montane, laboratorio di cucina.\",\n\t\t\t\t\"url\": \"https:\/\/latemarium.com\/it\/events\/respirart-piccole-bonta-montane-laboratorio-di-cucina\/var\/ri-4.l-L1\",\n\t\t\t\t\"startDate\": \"2026-8-4T15:00+0:00\",\n\t\t\t\t\"endDate\": \"2026-8-4T16:30+0:00\",\n\t\t\t\t\"image\":\"https:\/\/latemarium.com\/wp-content\/uploads\/2019\/06\/Weigler_Schupf_Kaiserschmarren_2.jpg\", \n\t\t\t\t\"description\":\"<p>Ospiti del Rifugio Monte Agnello prepariamo, cuciniamo e gustiamo specialit\u00e0 montane reinventate da noi. Il laboratorio \u00e8 per i pi\u00f9 piccoli, ma mamma e pap\u00e0 saranno pronti, con penna per gli appunti e forchetta per gli assaggi!<\/p> <p><strong>Attivit\u00e0 gratuita<\/strong>, a numero chiuso, dai 5 ai 12 anni.<\/p> <p><strong>Info e prenotazioni<\/strong>: T. 0462 813265<\/p> \",\"location\":[{\"@type\":\"Place\",\"name\":\"Rifugio Agnello\",\"address\":{\"@type\": \"PostalAddress\",\"streetAddress\":\"Loc. Pampeago, 9, 38038 Tesero TN\"}}]}<\/script><\/div>\r\n\t\t\t\t<p class=\"desc_trig_outter\" style=\"\"><a data-gmtrig=\"1\" data-exlk=\"0\" style=\"background-color: #ba181d;\" id=\"evc_17858484002682\" class=\"hasFtIMG event_repeat desc_trig sin_val evcal_list_a\" data-ux_val=\"3\" data-ux_val_mob=\"-\"  ><span class='evoet_c1 evoet_cx '><span class='ev_ftImg' data-img='https:\/\/latemarium.com\/wp-content\/uploads\/2019\/06\/Weigler_Schupf_Kaiserschmarren_2.jpg' data-thumb='https:\/\/latemarium.com\/wp-content\/uploads\/2019\/06\/Weigler_Schupf_Kaiserschmarren_2-300x202.jpg' style='background-image:url(\"https:\/\/latemarium.com\/wp-content\/uploads\/2019\/06\/Weigler_Schupf_Kaiserschmarren_2-300x202.jpg\")' ><\/span><\/span><span class='evoet_c2 evoet_cx '><span class='evoet_dayblock evcal_cblock ' data-bgcolor='#ba181d' data-smon='agosto' data-syr='2026' data-bub=''><span class='evo_start '><em class='date'>04<\/em><em class='month'>ago<\/em><em class='time'>15:00<\/em><\/span><span class='evo_end only_time'><em class='time'>16:30<\/em><\/span><\/span><\/span><span class='evoet_c3 evoet_cx evcal_desc hide_eventtopdata '><span class='evoet_title evcal_desc2 evcal_event_title ' itemprop='name'>Piccole bont\u00e0 montane, laboratorio di cucina.<\/span><span class='event_location_attrs'  data-location_address=\"Loc. Pampeago, 9, 38038 Tesero TN\" data-location_type=\"lonlat\" data-location_name=\"Rifugio Agnello\" data-location_url=\"https:\/\/latemarium.com\/it\/event-location\/rifugio-agnello\/\" data-location_status=\"true\" data-latlng=\"46.333809095680266,11.547693182509184\"><\/span><span class='evoet_subtitle evo_below_title' ><span class='evcal_event_subtitle ' >RIFUGIO MONTE AGNELLO<\/span><\/span><span class='evoet_time_expand level_3'><em class='evcal_time evo_tz_time'><i class='fa fa-clock-o'><\/i>15:00 - 16:30<span class='evo_tz marl5'>(GMT+02:00)<\/span><\/em> <\/span><span class='evoet_location level_3'><em class=\"evcal_location\"  data-latlng=\"46.333809095680266,11.547693182509184\" data-add_str=\"Loc. Pampeago, 9, 38038 Tesero TN\" data-n=\"Rifugio Agnello\"><i class=\"fa fa-location-pin\"><\/i><em class=\"event_location_name\">Rifugio Agnello<\/em>, Loc. Pampeago, 9, 38038 Tesero TN<\/em><\/span><\/span><span class='evoet_data' data-d=\"{&quot;loc.n&quot;:&quot;Rifugio Agnello&quot;,&quot;orgs&quot;:[],&quot;tags&quot;:{&quot;repeating&quot;:&quot;Repeating Event&quot;}}\" data-bgc=\"#ba181d\" data-bggrad=\"\" ><\/span><\/a><\/p><div class='event_description evcal_eventcard ' style=\"display:none\"><div class='evocard_row'><div id='event_ftimage' class='evocard_box ftimage' data-c='' \n\t\t\t\t\tstyle=''><div class='evocard_main_image_hold' data-t='Loading Image..'><div class='evocard_main_image evo_img_triglb evobr15 evobgsc evobgpc evodfx evofx_jc_c evofx_ai_c evofz48 minmized' style='height:300px; background-image:url();' data-f=\"https:\/\/latemarium.com\/wp-content\/uploads\/2019\/06\/Weigler_Schupf_Kaiserschmarren_2.jpg\" data-h=\"3840\" data-w=\"5695\" data-ratio=\"0.67427568042142\" data-event_id=\"2682\" data-ri=\"4\"  data-t='Loading Image..'><span style='height:300px; background-image:url(https:\/\/latemarium.com\/wp-content\/uploads\/2019\/06\/Weigler_Schupf_Kaiserschmarren_2.jpg)'><\/span><\/div><\/div><\/div><\/div><div class='evocard_row'><div id='event_eventdetails' class='evocard_box eventdetails' data-c='' \n\t\t\t\t\tstyle=''><div class='evo_metarow_details evorow evcal_evdata_row evcal_event_details'>\n\t\t<div class=\"event_excerpt\" style=\"display:none\"><h3 class=\"padb5 evo_h3\">Dettagli dell&#039;evento<\/h3><p>Ospiti del Rifugio Monte Agnello prepariamo, cuciniamo e gustiamo specialit\u00e0 montane reinventate da noi. Il laboratorio \u00e8 per i pi\u00f9 piccoli, ma mamma e pap\u00e0 saranno pronti, con penna per<\/p><\/div><span class='evcal_evdata_icons'><i class='fa fa-align-justify'><\/i><\/span>\n\t\t\n\t\t<div class='evcal_evdata_cell '>\n\t\t\t<div class='eventon_full_description'>\n\t\t\t\t<h3 class='padb5 evo_h3'><span class='evcal_evdata_icons'><i class='fa fa-align-justify'><\/i><\/span>Dettagli dell&#039;evento<\/h3>\n\t\t\t\t<div class='eventon_desc_in' itemprop='description'>\n\t\t\t\t<p>Ospiti del Rifugio Monte Agnello prepariamo, cuciniamo e gustiamo specialit\u00e0 montane reinventate da noi. Il laboratorio \u00e8 per i pi\u00f9 piccoli, ma mamma e pap\u00e0 saranno pronti, con penna per gli appunti e forchetta per gli assaggi!<\/p>\n<p><strong>Attivit\u00e0 gratuita<\/strong>, a numero chiuso, dai 5 ai 12 anni.<\/p>\n<p><strong>Info e prenotazioni<\/strong>: T. 0462 813265<\/p>\n<\/div><div class='clear'><\/div>\n\t\t\t<\/div>\n\t\t<\/div>\n\t<\/div><\/div><\/div><div class='evocard_row bx2 bx'><div id='event_time' class='evocard_box time' data-c='' \n\t\t\t\t\tstyle=''><div class='evo_metarow_time evorow evcal_evdata_row evcal_evrow_sm '>\n\t\t<span class='evcal_evdata_icons'><i class='fa fa-clock'><\/i><\/span>\n\t\t<div class='evcal_evdata_cell'>\t\t\t\t\t\t\t\n\t\t\t<h3 class='evo_h3'><span class='evcal_evdata_icons'><i class='fa fa-clock'><\/i><\/span>Orario<\/h3><p><span class='evo_eventcard_time_t'>4 agosto 2026 15:00 - 16:30<\/span><span class='evo_tz marr5'>(GMT+02:00)<\/span><\/p>\n\t\t<\/div>\n\t<\/div><\/div><div id='event_location' class='evocard_box location' data-c='' \n\t\t\t\t\tstyle=''><div class='evcal_evdata_row evo_metarow_time_location evorow '>\n\t\t\n\t\t\t<span class='evcal_evdata_icons'><i class='fa fa-map-marker'><\/i><\/span>\n\t\t\t<div class='evcal_evdata_cell' data-loc_tax_id='24'><h3 class='evo_h3 evodfx'><span class='evcal_evdata_icons'><i class='fa fa-map-marker'><\/i><\/span><a target=\"_blank\" href=\"https:\/\/www.facebook.com\/profile.php?id=100064742944609\">Luogo<\/a><\/h3><p class='evo_location_name'><a target=\"_blank\" href=\"https:\/\/www.facebook.com\/profile.php?id=100064742944609\">Rifugio Agnello<\/a><\/p><p class='evo_location_address evodfxi evogap10'><a target=\"_blank\" href=\"https:\/\/www.facebook.com\/profile.php?id=100064742944609\">Loc. Pampeago, 9, 38038 Tesero TN<\/a><\/p><div class='padt10'><span class='evo_btn_arr evolb_trigger' data-lbvals=\"{&quot;lbc&quot;:&quot;evo_location_lb_24&quot;,&quot;lbac&quot;:&quot;lb_max&quot;,&quot;t&quot;:&quot;Rifugio Agnello&quot;,&quot;ajax&quot;:&quot;yes&quot;,&quot;ajax_type&quot;:&quot;endpoint&quot;,&quot;ajax_action&quot;:&quot;eventon_get_tax_card_content&quot;,&quot;end&quot;:&quot;client&quot;,&quot;d&quot;:{&quot;lang&quot;:&quot;L1&quot;,&quot;term_id&quot;:24,&quot;tax&quot;:&quot;event_location&quot;,&quot;load_lbcontent&quot;:true},&quot;uid&quot;:&quot;eventon_get_tax_card_content&quot;}\" >Other Events<i class='fa fa-chevron-right'><\/i><\/span><\/div><\/div>\n\t\t\n\t<\/div><\/div><\/div><div class='evocard_row'><div id='event_addtocal' class='evocard_box addtocal' data-c='' \n\t\t\t\t\tstyle=''><div class='evo_metarow_ICS evorow evcal_evdata_row'>\n\t\t\t<span class='evcal_evdata_icons'><i class='fa fa-calendar-o'><\/i><\/span>\n\t\t\t<div class='evcal_evdata_cell'>\n\t\t\t\t<p><a href='https:\/\/latemarium.com\/it\/export-events\/2682_4\/?nonce=a3263097f9' class='evo_ics_nCal' title='Aggiungi al tuo calendario'>Calendario<\/a><a href='https:\/\/www.google.com\/calendar\/event?action=TEMPLATE&text=Piccole+bont%C3%A0+montane%2C+laboratorio+di+cucina.&dates=20260804T130000Z%2F20260804T143000Z&ctz=Europe%2FRome&details=Piccole bont\u00e0 montane, laboratorio di cucina.&location=Rifugio+Agnello+Loc.+Pampeago%2C+9%2C+38038+Tesero+TN' target='_blank' class='evo_ics_gCal' title='Aggiungi al calendario di Google'>GoogleCal<\/a><\/p>\t\n\t\t\t<\/div>\n\t\t<\/div><\/div><\/div><div class='evocard_row'><div id='event_getdirection' class='evocard_box getdirection' data-c='' \n\t\t\t\t\tstyle=''><div class='evo_metarow_getDr evorow evcal_evdata_row evcal_evrow_sm getdirections'>\n\t\t<form action='https:\/\/maps.google.com\/maps' method='get' target='_blank'>\n\t\t\t<input type='hidden' name='daddr' value=\"46.333809095680266,11.547693182509184\"\/> \n\t\t\t<div class='evo_get_direction_content evo_fx_dr_r evogap10'>\n\t\t\t\t<span class='evogetdir_header evodfx evofx_dr_r evofx_ai_c marr10'>\n\t\t\t\t\t<i class='mainicon fa fa-road'><\/i> \n\t\t\t\t\t<h3 class='evo_h3' style='padding-bottom:5px;'>Ottieni indicazioni stradali<\/h3>\n\t\t\t\t<\/span>\n\t\t\t\t<span class='evogetdir_field evodfx evofx_1_1 evo_fx_dr_c evow100p'>\t\t\t\t\t\n\t\t\t\t\t<input class='evoInput evotac' type='text' name='saddr' placeholder='Digitare l&#039;indirizzo per ottenere le indicazioni stradali' value='' style='margin:10px 0;'\/>\n\t\t\t\t<\/span>\n\t\t\t\t<button type='submit' class='evo_get_direction_button evo_btn_arr_circ dfx fx_ai_c' title='Fare clic qui per ottenere indicazioni'><i class='fa fa-chevron-right'><\/i> <\/button>\n\t\t\t<\/div>\n\t\t<\/form>\n\t<\/div><\/div><\/div><div class='evo_card_row_end evcal_close' title='Testo del pulsante Chiudi evento'><\/div><\/div><div class='clear end'><\/div><\/div><div id=\"event_2079_7\" class=\"eventon_list_event evo_eventtop scheduled  event clrW no_et event_2079_7\" data-event_id=\"2079\" data-ri=\"7r\" data-time=\"1785851100-1785880740\" data-colr=\"#facd05\" itemscope itemtype='http:\/\/schema.org\/Event'><div class=\"evo_event_schema\" style=\"display:none\" ><a itemprop='url'  href='https:\/\/latemarium.com\/it\/events\/mindful-latemar\/var\/ri-7.l-L1'><\/a><meta itemprop='image' content=\"https:\/\/latemarium.com\/wp-content\/uploads\/2023\/06\/\u00a9Obereggen_LatemarAG.SpA_Mindful.Latemar_Ph.Guenther.Pichler_06.jpg\" \/><meta itemprop='startDate' content=\"2026-8-4T15:45+0:00\" \/><meta itemprop='endDate' content=\"2026-8-4T23:59+0:00\" \/><meta itemprop='eventStatus' content=\"https:\/\/schema.org\/EventScheduled\" \/><meta itemprop='eventAttendanceMode'   itemscope itemtype=\"https:\/\/schema.org\/OfflineEventAttendanceMode\"\/><div style=\"display:none\" itemprop=\"location\" itemscope itemtype=\"http:\/\/schema.org\/Place\"><span itemprop=\"name\">Stazione a valle Obereggen<\/span><span itemprop=\"address\" itemscope itemtype=\"http:\/\/schema.org\/PostalAddress\"><item itemprop=\"streetAddress\">Via Obereggen, 16, 39050 Nova Ponente BZ<\/item><\/span><\/div><script type=\"application\/ld+json\">{\"@context\": \"http:\/\/schema.org\",\"@type\": \"Event\",\n\t\t\t\t\"@id\": \"event_2079_7\",\n\t\t\t\t\"eventAttendanceMode\":\"https:\/\/schema.org\/OfflineEventAttendanceMode\",\n\t\t\t\t\"eventStatus\":\"https:\/\/schema.org\/EventScheduled\",\n\t\t\t\t\"name\": \"Mindful.Latemar\",\n\t\t\t\t\"url\": \"https:\/\/latemarium.com\/it\/events\/mindful-latemar\/var\/ri-7.l-L1\",\n\t\t\t\t\"startDate\": \"2026-8-4T15:45+0:00\",\n\t\t\t\t\"endDate\": \"2026-8-4T23:59+0:00\",\n\t\t\t\t\"image\":\"https:\/\/latemarium.com\/wp-content\/uploads\/2023\/06\/\u00a9Obereggen_LatemarAG.SpA_Mindful.Latemar_Ph.Guenther.Pichler_06.jpg\", \n\t\t\t\t\"description\":\"<p>Mindful.Latemar si trova a Obereggen lungo il <strong>sentiero circolare sul monte Golfrion<\/strong>, nel cuore delle Dolomiti a 1872 metri di altitudine.<\/p> <p>Il percorso prevede <strong>18 esercizi di Mindfulness<\/strong> in un luogo speciale che vuole rappresentare un esempio di rinascita e resilienza dopo che \u00e8 stato colpito dalla tempesta Vaia nel novembre 2018.<\/p> <h3 class='wysiwyg__subline'>Il Dott. Bernagozzi ti accompagna ogni marted\u00ec:<\/h3> <div class='wysiwyg__description'> <p>dalle ore 13.30 alle ore 15.30 (in tedesco)<br \/> dalle ore 15.45 alle ore 17.45 (in italiano)<\/p> <\/div> <ul> <li>Punto di ritrovo: stazione a valle cabinovia &#8220;Obereggen-Ochsenweide&#8221;<\/li> <li>Prezzo: 30,00 \u20ac a persona inclusa l&#8217;andata e il ritorno con la\u00a0cabinovia<\/li> <li>Prenotazione online al seguente link:\u00a0<u><strong><a href='https:\/\/eggental.com\/it\/ajax-events#11946' target='_blank' rel='noopener'>Val d&#8217;Ega Turismo<\/a><\/strong><\/u>\u00a0(max. 10 persone)<\/li> <\/ul> \",\"location\":[{\"@type\":\"Place\",\"name\":\"Stazione a valle Obereggen\",\"address\":{\"@type\": \"PostalAddress\",\"streetAddress\":\"Via Obereggen, 16, 39050 Nova Ponente BZ\"}}]}<\/script><\/div>\r\n\t\t\t\t<p class=\"desc_trig_outter\" style=\"\"><a data-gmtrig=\"1\" data-exlk=\"0\" style=\"background-color: #facd05;\" id=\"evc_17858511002079\" class=\"hasFtIMG event_repeat desc_trig sin_val evcal_list_a\" data-ux_val=\"3\" data-ux_val_mob=\"-\"  ><span class='evoet_c1 evoet_cx '><span class='ev_ftImg' data-img='https:\/\/latemarium.com\/wp-content\/uploads\/2023\/06\/\u00a9Obereggen_LatemarAG.SpA_Mindful.Latemar_Ph.Guenther.Pichler_06.jpg' data-thumb='https:\/\/latemarium.com\/wp-content\/uploads\/2023\/06\/\u00a9Obereggen_LatemarAG.SpA_Mindful.Latemar_Ph.Guenther.Pichler_06-300x169.jpg' style='background-image:url(\"https:\/\/latemarium.com\/wp-content\/uploads\/2023\/06\/\u00a9Obereggen_LatemarAG.SpA_Mindful.Latemar_Ph.Guenther.Pichler_06-300x169.jpg\")' ><\/span><\/span><span class='evoet_c2 evoet_cx '><span class='evoet_dayblock evcal_cblock ' data-bgcolor='#facd05' data-smon='agosto' data-syr='2026' data-bub=''><span class='evo_start '><em class='date'>04<\/em><em class='month'>ago<\/em><em class='time'>15:45<\/em><\/span><\/span><\/span><span class='evoet_c3 evoet_cx evcal_desc hide_eventtopdata '><span class='evoet_title evcal_desc2 evcal_event_title ' itemprop='name'>Mindful.Latemar<\/span><span class='event_location_attrs'  data-location_address=\"Via Obereggen, 16, 39050 Nova Ponente BZ\" data-location_type=\"lonlat\" data-location_name=\"Stazione a valle Obereggen\" data-location_url=\"https:\/\/latemarium.com\/it\/event-location\/stazione-a-valle-obereggen\/\" data-location_status=\"true\" data-latlng=\"46.3835808246333,11.52667595881786\"><\/span><span class='evoet_subtitle evo_below_title' ><span class='evcal_event_subtitle ' >Passeggiata Mindfulness con Psicologo del Benessere e Istruttore di Mindfulness Dott. Thomas Bernagozzi. <\/span><\/span><span class='evoet_time_expand level_3'><em class='evcal_time evo_tz_time'><i class='fa fa-clock-o'><\/i>15:45<span class='evo_tz marl5'>(GMT+02:00)<\/span><\/em> <\/span><span class='evoet_location level_3'><em class=\"evcal_location\"  data-latlng=\"46.3835808246333,11.52667595881786\" data-add_str=\"Via Obereggen, 16, 39050 Nova Ponente BZ\" data-n=\"Stazione a valle Obereggen\"><i class=\"fa fa-location-pin\"><\/i><em class=\"event_location_name\">Stazione a valle Obereggen<\/em>, Via Obereggen, 16, 39050 Nova Ponente BZ<\/em><\/span><\/span><span class='evoet_data' data-d=\"{&quot;loc.n&quot;:&quot;Stazione a valle Obereggen&quot;,&quot;orgs&quot;:[],&quot;tags&quot;:{&quot;repeating&quot;:&quot;Repeating Event&quot;}}\" data-bgc=\"#facd05\" data-bggrad=\"\" ><\/span><\/a><\/p><div class='event_description evcal_eventcard ' style=\"display:none\"><div class='evocard_row'><div id='event_ftimage' class='evocard_box ftimage' data-c='' \n\t\t\t\t\tstyle=''><div class='evocard_main_image_hold' data-t='Loading Image..'><div class='evocard_main_image evo_img_triglb evobr15 evobgsc evobgpc evodfx evofx_jc_c evofx_ai_c evofz48 minmized' style='height:300px; background-image:url();' data-f=\"https:\/\/latemarium.com\/wp-content\/uploads\/2023\/06\/\u00a9Obereggen_LatemarAG.SpA_Mindful.Latemar_Ph.Guenther.Pichler_06.jpg\" data-h=\"812\" data-w=\"1445\" data-ratio=\"0.56193771626298\" data-event_id=\"2079\" data-ri=\"7\"  data-t='Loading Image..'><span style='height:300px; background-image:url(https:\/\/latemarium.com\/wp-content\/uploads\/2023\/06\/\u00a9Obereggen_LatemarAG.SpA_Mindful.Latemar_Ph.Guenther.Pichler_06.jpg)'><\/span><\/div><\/div><\/div><\/div><div class='evocard_row'><div id='event_eventdetails' class='evocard_box eventdetails' data-c='' \n\t\t\t\t\tstyle=''><div class='evo_metarow_details evorow evcal_evdata_row evcal_event_details'>\n\t\t<div class=\"event_excerpt\" style=\"display:none\"><h3 class=\"padb5 evo_h3\">Dettagli dell&#039;evento<\/h3><p>Mindful.Latemar si trova a Obereggen lungo il sentiero circolare sul monte Golfrion, nel cuore delle Dolomiti a 1872 metri di altitudine.\nIl percorso prevede 18 esercizi di Mindfulness in un luogo<\/p><\/div><span class='evcal_evdata_icons'><i class='fa fa-align-justify'><\/i><\/span>\n\t\t\n\t\t<div class='evcal_evdata_cell shorter_desc'>\n\t\t\t<div class='eventon_full_description'>\n\t\t\t\t<h3 class='padb5 evo_h3'><span class='evcal_evdata_icons'><i class='fa fa-align-justify'><\/i><\/span>Dettagli dell&#039;evento<\/h3>\n\t\t\t\t<div class='eventon_desc_in' itemprop='description'>\n\t\t\t\t<p>Mindful.Latemar si trova a Obereggen lungo il <strong>sentiero circolare sul monte Golfrion<\/strong>, nel cuore delle Dolomiti a 1872 metri di altitudine.<\/p>\n<p>Il percorso prevede <strong>18 esercizi di Mindfulness<\/strong> in un luogo speciale che vuole rappresentare un esempio di rinascita e resilienza dopo che \u00e8 stato colpito dalla tempesta Vaia nel novembre 2018.<\/p>\n<h3 class=\"wysiwyg__subline\">Il Dott. Bernagozzi ti accompagna ogni marted\u00ec:<\/h3>\n<div class=\"wysiwyg__description\">\n<p>dalle ore 13.30 alle ore 15.30 (in tedesco)<br \/>\ndalle ore 15.45 alle ore 17.45 (in italiano)<\/p>\n<\/div>\n<ul>\n<li>Punto di ritrovo: stazione a valle cabinovia &#8220;Obereggen-Ochsenweide&#8221;<\/li>\n<li>Prezzo: 30,00 \u20ac a persona inclusa l&#8217;andata e il ritorno con la\u00a0cabinovia<\/li>\n<li>Prenotazione online al seguente link:\u00a0<u><strong><a href=\"https:\/\/eggental.com\/it\/ajax-events#11946\" target=\"_blank\" rel=\"noopener\">Val d&#8217;Ega Turismo<\/a><\/strong><\/u>\u00a0(max. 10 persone)<\/li>\n<\/ul>\n<\/div><p class='eventon_shad_p' style='padding:5px 0 0; margin:0'>\n\t\t\t<span class='evcal_btn evo_btn_secondary evobtn_details_show_more' content='less'>\n\t\t\t\t<span class='ev_more_text' data-txt='Meno'>Pi\u00f9<\/span><span class='ev_more_arrow ard'><\/span>\n\t\t\t<\/span>\n\t\t<\/p><div class='clear'><\/div>\n\t\t\t<\/div>\n\t\t<\/div>\n\t<\/div><\/div><\/div><div class='evocard_row bx2 bx'><div id='event_time' class='evocard_box time' data-c='' \n\t\t\t\t\tstyle=''><div class='evo_metarow_time evorow evcal_evdata_row evcal_evrow_sm '>\n\t\t<span class='evcal_evdata_icons'><i class='fa fa-clock'><\/i><\/span>\n\t\t<div class='evcal_evdata_cell'>\t\t\t\t\t\t\t\n\t\t\t<h3 class='evo_h3'><span class='evcal_evdata_icons'><i class='fa fa-clock'><\/i><\/span>Orario<\/h3><p><span class='evo_eventcard_time_t'>4 agosto 2026 15:45<\/span><span class='evo_tz marr5'>(GMT+02:00)<\/span><\/p>\n\t\t<\/div>\n\t<\/div><\/div><div id='event_location' class='evocard_box location' data-c='' \n\t\t\t\t\tstyle=''><div class='evcal_evdata_row evo_metarow_time_location evorow '>\n\t\t\n\t\t\t<span class='evcal_evdata_icons'><i class='fa fa-map-marker'><\/i><\/span>\n\t\t\t<div class='evcal_evdata_cell' data-loc_tax_id='22'><h3 class='evo_h3 evodfx'><span class='evcal_evdata_icons'><i class='fa fa-map-marker'><\/i><\/span>Luogo<\/h3><p class='evo_location_name'>Stazione a valle Obereggen<\/p><p class='evo_location_address evodfxi evogap10'>Via Obereggen, 16, 39050 Nova Ponente BZ<\/p><div class='padt10'><span class='evo_btn_arr evolb_trigger' data-lbvals=\"{&quot;lbc&quot;:&quot;evo_location_lb_22&quot;,&quot;lbac&quot;:&quot;lb_max&quot;,&quot;t&quot;:&quot;Stazione a valle Obereggen&quot;,&quot;ajax&quot;:&quot;yes&quot;,&quot;ajax_type&quot;:&quot;endpoint&quot;,&quot;ajax_action&quot;:&quot;eventon_get_tax_card_content&quot;,&quot;end&quot;:&quot;client&quot;,&quot;d&quot;:{&quot;lang&quot;:&quot;L1&quot;,&quot;term_id&quot;:22,&quot;tax&quot;:&quot;event_location&quot;,&quot;load_lbcontent&quot;:true},&quot;uid&quot;:&quot;eventon_get_tax_card_content&quot;}\" >Other Events<i class='fa fa-chevron-right'><\/i><\/span><\/div><\/div>\n\t\t\n\t<\/div><\/div><\/div><div class='evocard_row bx2 bx'><div id='event_learnmore' class='evocard_box learnmore' data-c='' \n\t\t\t\t\tstyle=''><div class='evo_metarow_learnM evo_metarow_learnmore evorow'>\n\t\t\t\t\t\t\t<a class='evcal_evdata_row evo_clik_row ' href='https:\/\/obereggen.com\/it\/mindfullatemar' target=\"_blank\">\n\t\t\t\t\t\t\t\t<span class='evcal_evdata_icons'><i class='fa fa-link'><\/i><\/span>\n\t\t\t\t\t\t\t\t<h3 class='evo_h3'>Scopri di pi\u00f9<\/h3>\n\t\t\t\t\t\t\t<\/a>\n\t\t\t\t\t\t\t<\/div><\/div><div id='event_addtocal' class='evocard_box addtocal' data-c='' \n\t\t\t\t\tstyle=''><div class='evo_metarow_ICS evorow evcal_evdata_row'>\n\t\t\t<span class='evcal_evdata_icons'><i class='fa fa-calendar-o'><\/i><\/span>\n\t\t\t<div class='evcal_evdata_cell'>\n\t\t\t\t<p><a href='https:\/\/latemarium.com\/it\/export-events\/2079_7\/?nonce=a3263097f9' class='evo_ics_nCal' title='Aggiungi al tuo calendario'>Calendario<\/a><a href='https:\/\/www.google.com\/calendar\/event?action=TEMPLATE&text=Mindful.Latemar&dates=20260804T134500Z%2F20260804T215900Z&ctz=Europe%2FRome&details=Mindful.Latemar&location=Stazione+a+valle+Obereggen+Via+Obereggen%2C+16%2C+39050+Nova+Ponente+BZ' target='_blank' class='evo_ics_gCal' title='Aggiungi al calendario di Google'>GoogleCal<\/a><\/p>\t\n\t\t\t<\/div>\n\t\t<\/div><\/div><\/div><div class='evocard_row'><div id='event_getdirection' class='evocard_box getdirection' data-c='' \n\t\t\t\t\tstyle=''><div class='evo_metarow_getDr evorow evcal_evdata_row evcal_evrow_sm getdirections'>\n\t\t<form action='https:\/\/maps.google.com\/maps' method='get' target='_blank'>\n\t\t\t<input type='hidden' name='daddr' value=\"46.3835808246333,11.52667595881786\"\/> \n\t\t\t<div class='evo_get_direction_content evo_fx_dr_r evogap10'>\n\t\t\t\t<span class='evogetdir_header evodfx evofx_dr_r evofx_ai_c marr10'>\n\t\t\t\t\t<i class='mainicon fa fa-road'><\/i> \n\t\t\t\t\t<h3 class='evo_h3' style='padding-bottom:5px;'>Ottieni indicazioni stradali<\/h3>\n\t\t\t\t<\/span>\n\t\t\t\t<span class='evogetdir_field evodfx evofx_1_1 evo_fx_dr_c evow100p'>\t\t\t\t\t\n\t\t\t\t\t<input class='evoInput evotac' type='text' name='saddr' placeholder='Digitare l&#039;indirizzo per ottenere le indicazioni stradali' value='' style='margin:10px 0;'\/>\n\t\t\t\t<\/span>\n\t\t\t\t<button type='submit' class='evo_get_direction_button evo_btn_arr_circ dfx fx_ai_c' title='Fare clic qui per ottenere indicazioni'><i class='fa fa-chevron-right'><\/i> <\/button>\n\t\t\t<\/div>\n\t\t<\/form>\n\t<\/div><\/div><\/div><div class='evo_card_row_end evcal_close' title='Testo del pulsante Chiudi evento'><\/div><\/div><div class='clear end'><\/div><\/div><div id=\"event_2181_5\" class=\"eventon_list_event evo_eventtop scheduled  event clrD no_et event_2181_5\" data-event_id=\"2181\" data-ri=\"5r\" data-time=\"1785915000-1785967140\" data-colr=\"#ba181d\" itemscope itemtype='http:\/\/schema.org\/Event'><div class=\"evo_event_schema\" style=\"display:none\" ><a itemprop='url'  href='https:\/\/latemarium.com\/it\/events\/geotrekking-torre-di-pisa\/var\/ri-5.l-L1'><\/a><meta itemprop='image' content=\"https:\/\/latemarium.com\/wp-content\/uploads\/2020\/06\/latemar-torre-di-pisa-estate-2019_ph.alice-russolo-90-scaled.jpg\" \/><meta itemprop='startDate' content=\"2026-8-5T09:30+0:00\" \/><meta itemprop='endDate' content=\"2026-8-5T23:59+0:00\" \/><meta itemprop='eventStatus' content=\"https:\/\/schema.org\/EventScheduled\" \/><meta itemprop='eventAttendanceMode'   itemscope itemtype=\"https:\/\/schema.org\/OfflineEventAttendanceMode\"\/><script type=\"application\/ld+json\">{\"@context\": \"http:\/\/schema.org\",\"@type\": \"Event\",\n\t\t\t\t\"@id\": \"event_2181_5\",\n\t\t\t\t\"eventAttendanceMode\":\"https:\/\/schema.org\/OfflineEventAttendanceMode\",\n\t\t\t\t\"eventStatus\":\"https:\/\/schema.org\/EventScheduled\",\n\t\t\t\t\"name\": \"GEOTREKKING TORRE DI PISA\",\n\t\t\t\t\"url\": \"https:\/\/latemarium.com\/it\/events\/geotrekking-torre-di-pisa\/var\/ri-5.l-L1\",\n\t\t\t\t\"startDate\": \"2026-8-5T09:30+0:00\",\n\t\t\t\t\"endDate\": \"2026-8-5T23:59+0:00\",\n\t\t\t\t\"image\":\"https:\/\/latemarium.com\/wp-content\/uploads\/2020\/06\/latemar-torre-di-pisa-estate-2019_ph.alice-russolo-90-scaled.jpg\", \n\t\t\t\t\"description\":\"<p><strong>Emozionante escursione geologica in quota<\/strong>, alla scoperta dell\u2019atollo del Latemar, perla dell\u2019arcipelago fossile delle Dolomiti Patrimonio UNESCO. Un suggestivo percorso ad anello guidati da un esperto Geologo e Accompagnatore di Media Montagna. Da passo Feudo si sale al rifugio Torre di Pisa per proseguire in quota fino alla forcella dei Camosci, da cui si scende rituffandosi nella profondit\u00e0 del mare tropicale fino al punto di partenza. Pranzo al sacco. Et\u00e0 minima 12 anni.<\/p> <p>Il percorso \u00e8 media difficolt\u00e0, con sentieri ben percorribili e brevi tratti leggermente esposti, dislivello 780 metri circa.<\/p> <p>Prenotazione obbligatoria entro le ore 18.30 del giorno precedente al numero:\u00a00462 241111<\/p> \"}<\/script><\/div>\r\n\t\t\t\t<p class=\"desc_trig_outter\" style=\"\"><a data-gmap_status=\"null\" data-exlk=\"0\" style=\"background-color: #ba181d;\" id=\"evc_17859150002181\" class=\"hasFtIMG event_repeat desc_trig sin_val evcal_list_a\" data-ux_val=\"3\" data-ux_val_mob=\"-\"  ><span class='evoet_c1 evoet_cx '><span class='ev_ftImg' data-img='https:\/\/latemarium.com\/wp-content\/uploads\/2020\/06\/latemar-torre-di-pisa-estate-2019_ph.alice-russolo-90-scaled.jpg' data-thumb='https:\/\/latemarium.com\/wp-content\/uploads\/2020\/06\/latemar-torre-di-pisa-estate-2019_ph.alice-russolo-90-300x200.jpg' style='background-image:url(\"https:\/\/latemarium.com\/wp-content\/uploads\/2020\/06\/latemar-torre-di-pisa-estate-2019_ph.alice-russolo-90-300x200.jpg\")' ><\/span><\/span><span class='evoet_c2 evoet_cx '><span class='evoet_dayblock evcal_cblock ' data-bgcolor='#ba181d' data-smon='agosto' data-syr='2026' data-bub=''><span class='evo_start '><em class='date'>05<\/em><em class='month'>ago<\/em><em class='time'>09:30<\/em><\/span><\/span><\/span><span class='evoet_c3 evoet_cx evcal_desc hide_eventtopdata '><span class='evoet_title evcal_desc2 evcal_event_title ' itemprop='name'>GEOTREKKING TORRE DI PISA<\/span><span class='event_location_attrs' data-location_type=\"lonlat\" data-location_name=\"A monte della seggiovia Gardon\u00e8-Passo Feudo\" data-location_url=\"https:\/\/latemarium.com\/it\/event-location\/a-monte-della-seggiovia-gardone-passo-feudo\/\" data-location_status=\"true\" data-latlng=\"46.32878794406342,11.600176728690842\"><\/span><span class='evoet_subtitle evo_below_title' ><span class='evcal_event_subtitle ' >GEOTREKKING TORRE DI PISA<\/span><\/span><span class='evoet_time_expand level_3'><em class='evcal_time evo_tz_time'><i class='fa fa-clock-o'><\/i>09:30<span class='evo_tz marl5'>(GMT+02:00)<\/span><\/em> <\/span><span class='evoet_location level_3'><em class=\"evcal_location\"  data-latlng=\"46.32878794406342,11.600176728690842\" data-add_str=\"\" data-n=\"A monte della seggiovia Gardon\u00e8-Passo Feudo\"><i class=\"fa fa-location-pin\"><\/i><em class=\"event_location_name\">A monte della seggiovia Gardon\u00e8-Passo Feudo<\/em><\/em><\/span><\/span><span class='evoet_data' data-d=\"{&quot;loc.n&quot;:&quot;A monte della seggiovia Gardon\\u00e8-Passo Feudo&quot;,&quot;orgs&quot;:[],&quot;tags&quot;:{&quot;repeating&quot;:&quot;Repeating Event&quot;}}\" data-bgc=\"#ba181d\" data-bggrad=\"\" ><\/span><\/a><\/p><div class='event_description evcal_eventcard ' style=\"display:none\"><div class='evocard_row'><div id='event_ftimage' class='evocard_box ftimage' data-c='' \n\t\t\t\t\tstyle=''><div class='evocard_main_image_hold' data-t='Loading Image..'><div class='evocard_main_image evo_img_triglb evobr15 evobgsc evobgpc evodfx evofx_jc_c evofx_ai_c evofz48 minmized' style='height:300px; background-image:url();' data-f=\"https:\/\/latemarium.com\/wp-content\/uploads\/2020\/06\/latemar-torre-di-pisa-estate-2019_ph.alice-russolo-90-scaled.jpg\" data-h=\"1707\" data-w=\"2560\" data-ratio=\"0.666796875\" data-event_id=\"2181\" data-ri=\"5\"  data-t='Loading Image..'><span style='height:300px; background-image:url(https:\/\/latemarium.com\/wp-content\/uploads\/2020\/06\/latemar-torre-di-pisa-estate-2019_ph.alice-russolo-90-scaled.jpg)'><\/span><\/div><\/div><\/div><\/div><div class='evocard_row'><div id='event_eventdetails' class='evocard_box eventdetails' data-c='' \n\t\t\t\t\tstyle=''><div class='evo_metarow_details evorow evcal_evdata_row evcal_event_details'>\n\t\t<div class=\"event_excerpt\" style=\"display:none\"><h3 class=\"padb5 evo_h3\">Dettagli dell&#039;evento<\/h3><p>Emozionante escursione geologica in quota, alla scoperta dell\u2019atollo del Latemar, perla dell\u2019arcipelago fossile delle Dolomiti Patrimonio UNESCO. Un suggestivo percorso ad anello guidati da un esperto Geologo e Accompagnatore di<\/p><\/div><span class='evcal_evdata_icons'><i class='fa fa-align-justify'><\/i><\/span>\n\t\t\n\t\t<div class='evcal_evdata_cell shorter_desc'>\n\t\t\t<div class='eventon_full_description'>\n\t\t\t\t<h3 class='padb5 evo_h3'><span class='evcal_evdata_icons'><i class='fa fa-align-justify'><\/i><\/span>Dettagli dell&#039;evento<\/h3>\n\t\t\t\t<div class='eventon_desc_in' itemprop='description'>\n\t\t\t\t<p><strong>Emozionante escursione geologica in quota<\/strong>, alla scoperta dell\u2019atollo del Latemar, perla dell\u2019arcipelago fossile delle Dolomiti Patrimonio UNESCO. Un suggestivo percorso ad anello guidati da un esperto Geologo e Accompagnatore di Media Montagna. Da passo Feudo si sale al rifugio Torre di Pisa per proseguire in quota fino alla forcella dei Camosci, da cui si scende rituffandosi nella profondit\u00e0 del mare tropicale fino al punto di partenza. Pranzo al sacco. Et\u00e0 minima 12 anni.<\/p>\n<p>Il percorso \u00e8 media difficolt\u00e0, con sentieri ben percorribili e brevi tratti leggermente esposti, dislivello 780 metri circa.<\/p>\n<p>Prenotazione obbligatoria entro le ore 18.30 del giorno precedente al numero:\u00a00462 241111<\/p>\n<\/div><p class='eventon_shad_p' style='padding:5px 0 0; margin:0'>\n\t\t\t<span class='evcal_btn evo_btn_secondary evobtn_details_show_more' content='less'>\n\t\t\t\t<span class='ev_more_text' data-txt='Meno'>Pi\u00f9<\/span><span class='ev_more_arrow ard'><\/span>\n\t\t\t<\/span>\n\t\t<\/p><div class='clear'><\/div>\n\t\t\t<\/div>\n\t\t<\/div>\n\t<\/div><\/div><\/div><div class='evocard_row bx2 bx'><div id='event_time' class='evocard_box time' data-c='' \n\t\t\t\t\tstyle=''><div class='evo_metarow_time evorow evcal_evdata_row evcal_evrow_sm '>\n\t\t<span class='evcal_evdata_icons'><i class='fa fa-clock'><\/i><\/span>\n\t\t<div class='evcal_evdata_cell'>\t\t\t\t\t\t\t\n\t\t\t<h3 class='evo_h3'><span class='evcal_evdata_icons'><i class='fa fa-clock'><\/i><\/span>Orario<\/h3><p><span class='evo_eventcard_time_t'>5 agosto 2026 09:30<\/span><span class='evo_tz marr5'>(GMT+02:00)<\/span><\/p>\n\t\t<\/div>\n\t<\/div><\/div><div id='event_location' class='evocard_box location' data-c='' \n\t\t\t\t\tstyle=''><div class='evcal_evdata_row evo_metarow_time_location evorow '>\n\t\t\n\t\t\t<span class='evcal_evdata_icons'><i class='fa fa-map-marker'><\/i><\/span>\n\t\t\t<div class='evcal_evdata_cell' data-loc_tax_id='37'><h3 class='evo_h3 evodfx'><span class='evcal_evdata_icons'><i class='fa fa-map-marker'><\/i><\/span>Luogo<\/h3><p class='evo_location_name'>A monte della seggiovia Gardon\u00e8-Passo Feudo<\/p><div class='padt10'><span class='evo_btn_arr evolb_trigger' data-lbvals=\"{&quot;lbc&quot;:&quot;evo_location_lb_37&quot;,&quot;lbac&quot;:&quot;lb_max&quot;,&quot;t&quot;:&quot;A monte della seggiovia Gardon\\u00e8-Passo Feudo&quot;,&quot;ajax&quot;:&quot;yes&quot;,&quot;ajax_type&quot;:&quot;endpoint&quot;,&quot;ajax_action&quot;:&quot;eventon_get_tax_card_content&quot;,&quot;end&quot;:&quot;client&quot;,&quot;d&quot;:{&quot;lang&quot;:&quot;L1&quot;,&quot;term_id&quot;:37,&quot;tax&quot;:&quot;event_location&quot;,&quot;load_lbcontent&quot;:true},&quot;uid&quot;:&quot;eventon_get_tax_card_content&quot;}\" >Other Events<i class='fa fa-chevron-right'><\/i><\/span><\/div><\/div>\n\t\t\n\t<\/div><\/div><\/div><div class='evocard_row bx2 bx'><div id='event_learnmore' class='evocard_box learnmore' data-c='' \n\t\t\t\t\tstyle=''><div class='evo_metarow_learnM evo_metarow_learnmore evorow'>\n\t\t\t\t\t\t\t<a class='evcal_evdata_row evo_clik_row ' href='https:\/\/www.latemar.it\/estate\/geotrekking\/' target=\"_blank\">\n\t\t\t\t\t\t\t\t<span class='evcal_evdata_icons'><i class='fa fa-link'><\/i><\/span>\n\t\t\t\t\t\t\t\t<h3 class='evo_h3'>Scopri di pi\u00f9<\/h3>\n\t\t\t\t\t\t\t<\/a>\n\t\t\t\t\t\t\t<\/div><\/div><div id='event_addtocal' class='evocard_box addtocal' data-c='' \n\t\t\t\t\tstyle=''><div class='evo_metarow_ICS evorow evcal_evdata_row'>\n\t\t\t<span class='evcal_evdata_icons'><i class='fa fa-calendar-o'><\/i><\/span>\n\t\t\t<div class='evcal_evdata_cell'>\n\t\t\t\t<p><a href='https:\/\/latemarium.com\/it\/export-events\/2181_5\/?nonce=a3263097f9' class='evo_ics_nCal' title='Aggiungi al tuo calendario'>Calendario<\/a><a href='https:\/\/www.google.com\/calendar\/event?action=TEMPLATE&text=GEOTREKKING+TORRE+DI+PISA&dates=20260805T073000Z%2F20260805T215900Z&ctz=Europe%2FRome&details=GEOTREKKING TORRE DI PISA&location=A+monte+della+seggiovia+Gardon%C3%A8-Passo+Feudo' target='_blank' class='evo_ics_gCal' title='Aggiungi al calendario di Google'>GoogleCal<\/a><\/p>\t\n\t\t\t<\/div>\n\t\t<\/div><\/div><\/div><div class='evocard_row'><div id='event_getdirection' class='evocard_box getdirection' data-c='' \n\t\t\t\t\tstyle=''><div class='evo_metarow_getDr evorow evcal_evdata_row evcal_evrow_sm getdirections'>\n\t\t<form action='https:\/\/maps.google.com\/maps' method='get' target='_blank'>\n\t\t\t<input type='hidden' name='daddr' value=\"46.32878794406342,11.600176728690842\"\/> \n\t\t\t<div class='evo_get_direction_content evo_fx_dr_r evogap10'>\n\t\t\t\t<span class='evogetdir_header evodfx evofx_dr_r evofx_ai_c marr10'>\n\t\t\t\t\t<i class='mainicon fa fa-road'><\/i> \n\t\t\t\t\t<h3 class='evo_h3' style='padding-bottom:5px;'>Ottieni indicazioni stradali<\/h3>\n\t\t\t\t<\/span>\n\t\t\t\t<span class='evogetdir_field evodfx evofx_1_1 evo_fx_dr_c evow100p'>\t\t\t\t\t\n\t\t\t\t\t<input class='evoInput evotac' type='text' name='saddr' placeholder='Digitare l&#039;indirizzo per ottenere le indicazioni stradali' value='' style='margin:10px 0;'\/>\n\t\t\t\t<\/span>\n\t\t\t\t<button type='submit' class='evo_get_direction_button evo_btn_arr_circ dfx fx_ai_c' title='Fare clic qui per ottenere indicazioni'><i class='fa fa-chevron-right'><\/i> <\/button>\n\t\t\t<\/div>\n\t\t<\/form>\n\t<\/div><\/div><\/div><div class='evo_card_row_end evcal_close' title='Testo del pulsante Chiudi evento'><\/div><\/div><div class='clear end'><\/div><\/div><div id=\"event_2169_4\" class=\"eventon_list_event evo_eventtop scheduled  event clrW no_et event_2169_4\" data-event_id=\"2169\" data-ri=\"4r\" data-time=\"1785918600-1785967140\" data-colr=\"#a69dcd\" itemscope itemtype='http:\/\/schema.org\/Event'><div class=\"evo_event_schema\" style=\"display:none\" ><a itemprop='url'  href='https:\/\/latemarium.com\/it\/events\/gea-alla-conquista-della-cima\/var\/ri-4.l-L1'><\/a><meta itemprop='image' content=\"https:\/\/latemarium.com\/wp-content\/uploads\/2023\/06\/geotrail-1200x800-alice-russolo-rocce-barca-2.jpg\" \/><meta itemprop='startDate' content=\"2026-8-5T10:30+0:00\" \/><meta itemprop='endDate' content=\"2026-8-5T23:59+0:00\" \/><meta itemprop='eventStatus' content=\"https:\/\/schema.org\/EventScheduled\" \/><meta itemprop='eventAttendanceMode'   itemscope itemtype=\"https:\/\/schema.org\/OfflineEventAttendanceMode\"\/><script type=\"application\/ld+json\">{\"@context\": \"http:\/\/schema.org\",\"@type\": \"Event\",\n\t\t\t\t\"@id\": \"event_2169_4\",\n\t\t\t\t\"eventAttendanceMode\":\"https:\/\/schema.org\/OfflineEventAttendanceMode\",\n\t\t\t\t\"eventStatus\":\"https:\/\/schema.org\/EventScheduled\",\n\t\t\t\t\"name\": \"Gea alla conquista della cima\",\n\t\t\t\t\"url\": \"https:\/\/latemarium.com\/it\/events\/gea-alla-conquista-della-cima\/var\/ri-4.l-L1\",\n\t\t\t\t\"startDate\": \"2026-8-5T10:30+0:00\",\n\t\t\t\t\"endDate\": \"2026-8-5T23:59+0:00\",\n\t\t\t\t\"image\":\"https:\/\/latemarium.com\/wp-content\/uploads\/2023\/06\/geotrail-1200x800-alice-russolo-rocce-barca-2.jpg\", \n\t\t\t\t\"description\":\"<p>La nostra Gea, libera e entusiasta compie una nuova impresa con due esperti accompagnatori e insieme conquisteranno la cima!<\/p> <p>mercoled\u00ec: dall&#8217;8 luglio al 19 agosto 2026<br \/> a monte della seggiovia Gardon\u00e8-Passo Feudo<br \/> ore 10.30<br \/> adatto a famiglie e bambini dai 5 anni in su\u00a0(durata 1h30\u2019)<\/p> \"}<\/script><\/div>\r\n\t\t\t\t<p class=\"desc_trig_outter\" style=\"\"><a data-gmap_status=\"null\" data-exlk=\"0\" style=\"background-color: #a69dcd;\" id=\"evc_17859186002169\" class=\"hasFtIMG event_repeat desc_trig sin_val evcal_list_a\" data-ux_val=\"3\" data-ux_val_mob=\"-\"  ><span class='evoet_c1 evoet_cx '><span class='ev_ftImg' data-img='https:\/\/latemarium.com\/wp-content\/uploads\/2023\/06\/geotrail-1200x800-alice-russolo-rocce-barca-2.jpg' data-thumb='https:\/\/latemarium.com\/wp-content\/uploads\/2023\/06\/geotrail-1200x800-alice-russolo-rocce-barca-2-300x200.jpg' style='background-image:url(\"https:\/\/latemarium.com\/wp-content\/uploads\/2023\/06\/geotrail-1200x800-alice-russolo-rocce-barca-2-300x200.jpg\")' ><\/span><\/span><span class='evoet_c2 evoet_cx '><span class='evoet_dayblock evcal_cblock ' data-bgcolor='#a69dcd' data-smon='agosto' data-syr='2026' data-bub=''><span class='evo_start '><em class='date'>05<\/em><em class='month'>ago<\/em><em class='time'>10:30<\/em><\/span><\/span><\/span><span class='evoet_c3 evoet_cx evcal_desc hide_eventtopdata '><span class='evoet_title evcal_desc2 evcal_event_title ' itemprop='name'>Gea alla conquista della cima<\/span><span class='event_location_attrs' data-location_type=\"lonlat\" data-location_name=\"A monte della seggiovia Gardon\u00e8-Passo Feudo\" data-location_url=\"https:\/\/latemarium.com\/it\/event-location\/a-monte-della-seggiovia-gardone-passo-feudo\/\" data-location_status=\"true\" data-latlng=\"46.32878794406342,11.600176728690842\"><\/span><span class='evoet_subtitle evo_below_title' ><span class='evcal_event_subtitle ' >Spettacolo itinerante sul Geotrail Dos Cap\u00e8l<\/span><\/span><span class='evoet_time_expand level_3'><em class='evcal_time evo_tz_time'><i class='fa fa-clock-o'><\/i>10:30<span class='evo_tz marl5'>(GMT+02:00)<\/span><\/em> <\/span><span class='evoet_location level_3'><em class=\"evcal_location\"  data-latlng=\"46.32878794406342,11.600176728690842\" data-add_str=\"\" data-n=\"A monte della seggiovia Gardon\u00e8-Passo Feudo\"><i class=\"fa fa-location-pin\"><\/i><em class=\"event_location_name\">A monte della seggiovia Gardon\u00e8-Passo Feudo<\/em><\/em><\/span><\/span><span class='evoet_data' data-d=\"{&quot;loc.n&quot;:&quot;A monte della seggiovia Gardon\\u00e8-Passo Feudo&quot;,&quot;orgs&quot;:[],&quot;tags&quot;:{&quot;repeating&quot;:&quot;Repeating Event&quot;}}\" data-bgc=\"#a69dcd\" data-bggrad=\"\" ><\/span><\/a><\/p><div class='event_description evcal_eventcard ' style=\"display:none\"><div class='evocard_row'><div id='event_ftimage' class='evocard_box ftimage' data-c='' \n\t\t\t\t\tstyle=''><div class='evocard_main_image_hold' data-t='Loading Image..'><div class='evocard_main_image evo_img_triglb evobr15 evobgsc evobgpc evodfx evofx_jc_c evofx_ai_c evofz48 minmized' style='height:300px; background-image:url();' data-f=\"https:\/\/latemarium.com\/wp-content\/uploads\/2023\/06\/geotrail-1200x800-alice-russolo-rocce-barca-2.jpg\" data-h=\"800\" data-w=\"1200\" data-ratio=\"0.66666666666667\" data-event_id=\"2169\" data-ri=\"4\"  data-t='Loading Image..'><span style='height:300px; background-image:url(https:\/\/latemarium.com\/wp-content\/uploads\/2023\/06\/geotrail-1200x800-alice-russolo-rocce-barca-2.jpg)'><\/span><\/div><\/div><\/div><\/div><div class='evocard_row'><div id='event_eventdetails' class='evocard_box eventdetails' data-c='' \n\t\t\t\t\tstyle=''><div class='evo_metarow_details evorow evcal_evdata_row evcal_event_details'>\n\t\t<div class=\"event_excerpt\" style=\"display:none\"><h3 class=\"padb5 evo_h3\">Dettagli dell&#039;evento<\/h3><p>La nostra Gea, libera e entusiasta compie una nuova impresa con due esperti accompagnatori e insieme conquisteranno la cima!\nmercoled\u00ec: dall&#8217;8 luglio al 19 agosto 2026\na monte della seggiovia Gardon\u00e8-Passo<\/p><\/div><span class='evcal_evdata_icons'><i class='fa fa-align-justify'><\/i><\/span>\n\t\t\n\t\t<div class='evcal_evdata_cell '>\n\t\t\t<div class='eventon_full_description'>\n\t\t\t\t<h3 class='padb5 evo_h3'><span class='evcal_evdata_icons'><i class='fa fa-align-justify'><\/i><\/span>Dettagli dell&#039;evento<\/h3>\n\t\t\t\t<div class='eventon_desc_in' itemprop='description'>\n\t\t\t\t<p>La nostra Gea, libera e entusiasta compie una nuova impresa con due esperti accompagnatori e insieme conquisteranno la cima!<\/p>\n<p>mercoled\u00ec: dall&#8217;8 luglio al 19 agosto 2026<br \/>\na monte della seggiovia Gardon\u00e8-Passo Feudo<br \/>\nore 10.30<br \/>\nadatto a famiglie e bambini dai 5 anni in su\u00a0(durata 1h30\u2019)<\/p>\n<\/div><div class='clear'><\/div>\n\t\t\t<\/div>\n\t\t<\/div>\n\t<\/div><\/div><\/div><div class='evocard_row bx2 bx'><div id='event_time' class='evocard_box time' data-c='' \n\t\t\t\t\tstyle=''><div class='evo_metarow_time evorow evcal_evdata_row evcal_evrow_sm '>\n\t\t<span class='evcal_evdata_icons'><i class='fa fa-clock'><\/i><\/span>\n\t\t<div class='evcal_evdata_cell'>\t\t\t\t\t\t\t\n\t\t\t<h3 class='evo_h3'><span class='evcal_evdata_icons'><i class='fa fa-clock'><\/i><\/span>Orario<\/h3><p><span class='evo_eventcard_time_t'>5 agosto 2026 10:30<\/span><span class='evo_tz marr5'>(GMT+02:00)<\/span><\/p>\n\t\t<\/div>\n\t<\/div><\/div><div id='event_location' class='evocard_box location' data-c='' \n\t\t\t\t\tstyle=''><div class='evcal_evdata_row evo_metarow_time_location evorow '>\n\t\t\n\t\t\t<span class='evcal_evdata_icons'><i class='fa fa-map-marker'><\/i><\/span>\n\t\t\t<div class='evcal_evdata_cell' data-loc_tax_id='37'><h3 class='evo_h3 evodfx'><span class='evcal_evdata_icons'><i class='fa fa-map-marker'><\/i><\/span>Luogo<\/h3><p class='evo_location_name'>A monte della seggiovia Gardon\u00e8-Passo Feudo<\/p><div class='padt10'><span class='evo_btn_arr evolb_trigger' data-lbvals=\"{&quot;lbc&quot;:&quot;evo_location_lb_37&quot;,&quot;lbac&quot;:&quot;lb_max&quot;,&quot;t&quot;:&quot;A monte della seggiovia Gardon\\u00e8-Passo Feudo&quot;,&quot;ajax&quot;:&quot;yes&quot;,&quot;ajax_type&quot;:&quot;endpoint&quot;,&quot;ajax_action&quot;:&quot;eventon_get_tax_card_content&quot;,&quot;end&quot;:&quot;client&quot;,&quot;d&quot;:{&quot;lang&quot;:&quot;L1&quot;,&quot;term_id&quot;:37,&quot;tax&quot;:&quot;event_location&quot;,&quot;load_lbcontent&quot;:true},&quot;uid&quot;:&quot;eventon_get_tax_card_content&quot;}\" >Other Events<i class='fa fa-chevron-right'><\/i><\/span><\/div><\/div>\n\t\t\n\t<\/div><\/div><\/div><div class='evocard_row bx2 bx'><div id='event_learnmore' class='evocard_box learnmore' data-c='' \n\t\t\t\t\tstyle=''><div class='evo_metarow_learnM evo_metarow_learnmore evorow'>\n\t\t\t\t\t\t\t<a class='evcal_evdata_row evo_clik_row ' href='https:\/\/www.montagnanimata.it\/spettacoli\/' target=\"_blank\">\n\t\t\t\t\t\t\t\t<span class='evcal_evdata_icons'><i class='fa fa-link'><\/i><\/span>\n\t\t\t\t\t\t\t\t<h3 class='evo_h3'>Scopri di pi\u00f9<\/h3>\n\t\t\t\t\t\t\t<\/a>\n\t\t\t\t\t\t\t<\/div><\/div><div id='event_addtocal' class='evocard_box addtocal' data-c='' \n\t\t\t\t\tstyle=''><div class='evo_metarow_ICS evorow evcal_evdata_row'>\n\t\t\t<span class='evcal_evdata_icons'><i class='fa fa-calendar-o'><\/i><\/span>\n\t\t\t<div class='evcal_evdata_cell'>\n\t\t\t\t<p><a href='https:\/\/latemarium.com\/it\/export-events\/2169_4\/?nonce=a3263097f9' class='evo_ics_nCal' title='Aggiungi al tuo calendario'>Calendario<\/a><a href='https:\/\/www.google.com\/calendar\/event?action=TEMPLATE&text=Gea+alla+conquista+della+cima&dates=20260805T083000Z%2F20260805T215900Z&ctz=Europe%2FRome&details=Gea alla conquista della cima&location=A+monte+della+seggiovia+Gardon%C3%A8-Passo+Feudo' target='_blank' class='evo_ics_gCal' title='Aggiungi al calendario di Google'>GoogleCal<\/a><\/p>\t\n\t\t\t<\/div>\n\t\t<\/div><\/div><\/div><div class='evocard_row'><div id='event_getdirection' class='evocard_box getdirection' data-c='' \n\t\t\t\t\tstyle=''><div class='evo_metarow_getDr evorow evcal_evdata_row evcal_evrow_sm getdirections'>\n\t\t<form action='https:\/\/maps.google.com\/maps' method='get' target='_blank'>\n\t\t\t<input type='hidden' name='daddr' value=\"46.32878794406342,11.600176728690842\"\/> \n\t\t\t<div class='evo_get_direction_content evo_fx_dr_r evogap10'>\n\t\t\t\t<span class='evogetdir_header evodfx evofx_dr_r evofx_ai_c marr10'>\n\t\t\t\t\t<i class='mainicon fa fa-road'><\/i> \n\t\t\t\t\t<h3 class='evo_h3' style='padding-bottom:5px;'>Ottieni indicazioni stradali<\/h3>\n\t\t\t\t<\/span>\n\t\t\t\t<span class='evogetdir_field evodfx evofx_1_1 evo_fx_dr_c evow100p'>\t\t\t\t\t\n\t\t\t\t\t<input class='evoInput evotac' type='text' name='saddr' placeholder='Digitare l&#039;indirizzo per ottenere le indicazioni stradali' value='' style='margin:10px 0;'\/>\n\t\t\t\t<\/span>\n\t\t\t\t<button type='submit' class='evo_get_direction_button evo_btn_arr_circ dfx fx_ai_c' title='Fare clic qui per ottenere indicazioni'><i class='fa fa-chevron-right'><\/i> <\/button>\n\t\t\t<\/div>\n\t\t<\/form>\n\t<\/div><\/div><\/div><div class='evo_card_row_end evcal_close' title='Testo del pulsante Chiudi evento'><\/div><\/div><div class='clear end'><\/div><\/div><div id=\"event_2933_6\" class=\"eventon_list_event evo_eventtop scheduled  event clrD event_2933_6\" data-event_id=\"2933\" data-ri=\"6r\" data-time=\"1785931200-1785940200\" data-colr=\"#38823b\" itemscope itemtype='http:\/\/schema.org\/Event'><div class=\"evo_event_schema\" style=\"display:none\" ><a itemprop='url'  href='https:\/\/latemarium.com\/it\/events\/in-cammino-con-i-pony\/var\/ri-6.l-L1'><\/a><meta itemprop='image' content=\"https:\/\/latemarium.com\/wp-content\/uploads\/2026\/04\/pony.jpg\" \/><meta itemprop='startDate' content=\"2026-8-5T14:00+0:00\" \/><meta itemprop='endDate' content=\"2026-8-5T16:30+0:00\" \/><meta itemprop='eventStatus' content=\"https:\/\/schema.org\/EventScheduled\" \/><meta itemprop='eventAttendanceMode'   itemscope itemtype=\"https:\/\/schema.org\/OfflineEventAttendanceMode\"\/><div style=\"display:none\" itemprop=\"location\" itemscope itemtype=\"http:\/\/schema.org\/Place\"><span itemprop=\"name\">Pampeago<\/span><span itemprop=\"address\" itemscope itemtype=\"http:\/\/schema.org\/PostalAddress\"><item itemprop=\"streetAddress\">Localit\u00e0 Pampeago, 8, 38038 Tesero TN<\/item><\/span><\/div><script type=\"application\/ld+json\">{\"@context\": \"http:\/\/schema.org\",\"@type\": \"Event\",\n\t\t\t\t\"@id\": \"event_2933_6\",\n\t\t\t\t\"eventAttendanceMode\":\"https:\/\/schema.org\/OfflineEventAttendanceMode\",\n\t\t\t\t\"eventStatus\":\"https:\/\/schema.org\/EventScheduled\",\n\t\t\t\t\"name\": \"In cammino con i pony\",\n\t\t\t\t\"url\": \"https:\/\/latemarium.com\/it\/events\/in-cammino-con-i-pony\/var\/ri-6.l-L1\",\n\t\t\t\t\"startDate\": \"2026-8-5T14:00+0:00\",\n\t\t\t\t\"endDate\": \"2026-8-5T16:30+0:00\",\n\t\t\t\t\"image\":\"https:\/\/latemarium.com\/wp-content\/uploads\/2026\/04\/pony.jpg\", \n\t\t\t\t\"description\":\"<p>Una piacevole passeggiata alla scoperta dei paesaggi di Pampeago, accompagnati da simpatici pony che guideranno bambini e famiglie lungo il percorso in totale sicurezza.<\/p> <p>Un\u2019esperienza rilassante e divertente, perfetta per vivere la montagna a ritmo lento e creare un contatto speciale con questi dolci animali.<\/p> <p><strong>INFO UTILI:<\/strong><br \/> Quando &#8211; Tutti i mercoled\u00ec dal 24\/06 al 09\/09<br \/> Orario &#8211; dalle 14.00 alle 16.30 (in base alle disponibilit\u00e0)<br \/> Ritrovo &#8211;\u00a0 parcheggio seggiovia Tresca (accesso consentito SOLO a chi prenota l\u2019attivit\u00e0)<\/p> <p>Attivit\u00e0 adatta a famiglie e bambini<\/p> <p>Prenotazione obbligatoria, clicca <a href='https:\/\/www.visitfiemme.it\/it\/eventi\/fiemme-cembra-guest-card\/esperienze\/esperienze-in-estate' target='_blank' rel='noopener'>QUI<\/a> per prenotare<\/p> \",\"location\":[{\"@type\":\"Place\",\"name\":\"Pampeago\",\"address\":{\"@type\": \"PostalAddress\",\"streetAddress\":\"Localit\u00e0 Pampeago, 8, 38038 Tesero TN\"}}]}<\/script><\/div>\r\n\t\t\t\t<p class=\"desc_trig_outter\" style=\"\"><a data-gmap_status=\"null\" data-exlk=\"0\" style=\"background-color: #38823b;\" id=\"evc_17859312002933\" class=\"hasFtIMG event_repeat desc_trig sin_val evcal_list_a\" data-ux_val=\"3\" data-ux_val_mob=\"-\"  ><span class='evoet_c1 evoet_cx '><span class='ev_ftImg' data-img='https:\/\/latemarium.com\/wp-content\/uploads\/2026\/04\/pony.jpg' data-thumb='https:\/\/latemarium.com\/wp-content\/uploads\/2026\/04\/pony-300x110.jpg' style='background-image:url(\"https:\/\/latemarium.com\/wp-content\/uploads\/2026\/04\/pony-300x110.jpg\")' ><\/span><\/span><span class='evoet_c2 evoet_cx '><span class='evoet_dayblock evcal_cblock ' data-bgcolor='#38823b' data-smon='agosto' data-syr='2026' data-bub=''><span class='evo_start '><em class='date'>05<\/em><em class='month'>ago<\/em><em class='time'>14:00<\/em><\/span><span class='evo_end only_time'><em class='time'>16:30<\/em><\/span><\/span><\/span><span class='evoet_c3 evoet_cx evcal_desc hide_eventtopdata '><span class='evoet_title evcal_desc2 evcal_event_title ' itemprop='name'>In cammino con i pony<\/span><span class='event_location_attrs'  data-location_address=\"Localit\u00e0 Pampeago, 8, 38038 Tesero TN\" data-location_type=\"lonlat\" data-location_name=\"Pampeago\" data-location_url=\"https:\/\/latemarium.com\/it\/event-location\/pampeago\/\" data-location_status=\"true\" data-latlng=\"46.34343697644898,11.540997527961546\"><\/span><span class='evoet_subtitle evo_below_title' ><span class='evcal_event_subtitle ' >passeggiata per famiglie<\/span><\/span><span class='evoet_time_expand level_3'><em class='evcal_time evo_tz_time'><i class='fa fa-clock-o'><\/i>14:00 - 16:30<span class='evo_tz marl5'>(GMT+02:00)<\/span><\/em> <\/span><span class='evoet_location level_3'><em class=\"evcal_location\"  data-latlng=\"46.34343697644898,11.540997527961546\" data-add_str=\"Localit\u00e0 Pampeago, 8, 38038 Tesero TN\" data-n=\"Pampeago\"><i class=\"fa fa-location-pin\"><\/i><em class=\"event_location_name\">Pampeago<\/em>, Localit\u00e0 Pampeago, 8, 38038 Tesero TN<\/em><\/span><\/span><span class='evoet_data' data-d=\"{&quot;loc.n&quot;:&quot;Pampeago&quot;,&quot;orgs&quot;:[],&quot;tags&quot;:{&quot;repeating&quot;:&quot;Repeating Event&quot;}}\" data-bgc=\"#38823b\" data-bggrad=\"\" ><\/span><\/a><\/p><div class='event_description evcal_eventcard ' style=\"display:none\"><div class='evocard_row'><div id='event_ftimage' class='evocard_box ftimage' data-c='' \n\t\t\t\t\tstyle=''><div class='evocard_main_image_hold' data-t='Loading Image..'><div class='evocard_main_image evo_img_triglb evobr15 evobgsc evobgpc evodfx evofx_jc_c evofx_ai_c evofz48 minmized' style='height:300px; background-image:url();' data-f=\"https:\/\/latemarium.com\/wp-content\/uploads\/2026\/04\/pony.jpg\" data-h=\"368\" data-w=\"1000\" data-ratio=\"0.368\" data-event_id=\"2933\" data-ri=\"6\"  data-t='Loading Image..'><span style='height:300px; background-image:url(https:\/\/latemarium.com\/wp-content\/uploads\/2026\/04\/pony.jpg)'><\/span><\/div><\/div><\/div><\/div><div class='evocard_row'><div id='event_eventdetails' class='evocard_box eventdetails' data-c='' \n\t\t\t\t\tstyle=''><div class='evo_metarow_details evorow evcal_evdata_row evcal_event_details'>\n\t\t<div class=\"event_excerpt\" style=\"display:none\"><h3 class=\"padb5 evo_h3\">Dettagli dell&#039;evento<\/h3><p>Una piacevole passeggiata alla scoperta dei paesaggi di Pampeago, accompagnati da simpatici pony che guideranno bambini e famiglie lungo il percorso in totale sicurezza.\nUn\u2019esperienza rilassante e divertente, perfetta per vivere<\/p><\/div><span class='evcal_evdata_icons'><i class='fa fa-align-justify'><\/i><\/span>\n\t\t\n\t\t<div class='evcal_evdata_cell shorter_desc'>\n\t\t\t<div class='eventon_full_description'>\n\t\t\t\t<h3 class='padb5 evo_h3'><span class='evcal_evdata_icons'><i class='fa fa-align-justify'><\/i><\/span>Dettagli dell&#039;evento<\/h3>\n\t\t\t\t<div class='eventon_desc_in' itemprop='description'>\n\t\t\t\t<p>Una piacevole passeggiata alla scoperta dei paesaggi di Pampeago, accompagnati da simpatici pony che guideranno bambini e famiglie lungo il percorso in totale sicurezza.<\/p>\n<p>Un\u2019esperienza rilassante e divertente, perfetta per vivere la montagna a ritmo lento e creare un contatto speciale con questi dolci animali.<\/p>\n<p><strong>INFO UTILI:<\/strong><br \/>\nQuando &#8211; Tutti i mercoled\u00ec dal 24\/06 al 09\/09<br \/>\nOrario &#8211; dalle 14.00 alle 16.30 (in base alle disponibilit\u00e0)<br \/>\nRitrovo &#8211;\u00a0 parcheggio seggiovia Tresca (accesso consentito SOLO a chi prenota l\u2019attivit\u00e0)<\/p>\n<p>Attivit\u00e0 adatta a famiglie e bambini<\/p>\n<p>Prenotazione obbligatoria, clicca <a href=\"https:\/\/www.visitfiemme.it\/it\/eventi\/fiemme-cembra-guest-card\/esperienze\/esperienze-in-estate\" target=\"_blank\" rel=\"noopener\">QUI<\/a> per prenotare<\/p>\n<\/div><p class='eventon_shad_p' style='padding:5px 0 0; margin:0'>\n\t\t\t<span class='evcal_btn evo_btn_secondary evobtn_details_show_more' content='less'>\n\t\t\t\t<span class='ev_more_text' data-txt='Meno'>Pi\u00f9<\/span><span class='ev_more_arrow ard'><\/span>\n\t\t\t<\/span>\n\t\t<\/p><div class='clear'><\/div>\n\t\t\t<\/div>\n\t\t<\/div>\n\t<\/div><\/div><\/div><div class='evocard_row bx2 bx'><div id='event_time' class='evocard_box time' data-c='' \n\t\t\t\t\tstyle=''><div class='evo_metarow_time evorow evcal_evdata_row evcal_evrow_sm '>\n\t\t<span class='evcal_evdata_icons'><i class='fa fa-clock'><\/i><\/span>\n\t\t<div class='evcal_evdata_cell'>\t\t\t\t\t\t\t\n\t\t\t<h3 class='evo_h3'><span class='evcal_evdata_icons'><i class='fa fa-clock'><\/i><\/span>Orario<\/h3><p><span class='evo_eventcard_time_t'>5 agosto 2026 14:00 - 16:30<\/span><span class='evo_tz marr5'>(GMT+02:00)<\/span><\/p>\n\t\t<\/div>\n\t<\/div><\/div><div id='event_location' class='evocard_box location' data-c='' \n\t\t\t\t\tstyle=''><div class='evcal_evdata_row evo_metarow_time_location evorow '>\n\t\t\n\t\t\t<span class='evcal_evdata_icons'><i class='fa fa-map-marker'><\/i><\/span>\n\t\t\t<div class='evcal_evdata_cell' data-loc_tax_id='30'><h3 class='evo_h3 evodfx'><span class='evcal_evdata_icons'><i class='fa fa-map-marker'><\/i><\/span>Luogo<\/h3><p class='evo_location_name'>Pampeago<\/p><p class='evo_location_address evodfxi evogap10'>Localit\u00e0 Pampeago, 8, 38038 Tesero TN<\/p><div class='padt10'><span class='evo_btn_arr evolb_trigger' data-lbvals=\"{&quot;lbc&quot;:&quot;evo_location_lb_30&quot;,&quot;lbac&quot;:&quot;lb_max&quot;,&quot;t&quot;:&quot;Pampeago&quot;,&quot;ajax&quot;:&quot;yes&quot;,&quot;ajax_type&quot;:&quot;endpoint&quot;,&quot;ajax_action&quot;:&quot;eventon_get_tax_card_content&quot;,&quot;end&quot;:&quot;client&quot;,&quot;d&quot;:{&quot;lang&quot;:&quot;L1&quot;,&quot;term_id&quot;:30,&quot;tax&quot;:&quot;event_location&quot;,&quot;load_lbcontent&quot;:true},&quot;uid&quot;:&quot;eventon_get_tax_card_content&quot;}\" >Other Events<i class='fa fa-chevron-right'><\/i><\/span><\/div><\/div>\n\t\t\n\t<\/div><\/div><\/div><div class='evocard_row'><div id='event_addtocal' class='evocard_box addtocal' data-c='' \n\t\t\t\t\tstyle=''><div class='evo_metarow_ICS evorow evcal_evdata_row'>\n\t\t\t<span class='evcal_evdata_icons'><i class='fa fa-calendar-o'><\/i><\/span>\n\t\t\t<div class='evcal_evdata_cell'>\n\t\t\t\t<p><a href='https:\/\/latemarium.com\/it\/export-events\/2933_6\/?nonce=a3263097f9' class='evo_ics_nCal' title='Aggiungi al tuo calendario'>Calendario<\/a><a href='https:\/\/www.google.com\/calendar\/event?action=TEMPLATE&text=In+cammino+con+i+pony&dates=20260805T120000Z%2F20260805T143000Z&ctz=Europe%2FRome&details=In cammino con i pony&location=Pampeago+Localit%C3%A0+Pampeago%2C+8%2C+38038+Tesero+TN' target='_blank' class='evo_ics_gCal' title='Aggiungi al calendario di Google'>GoogleCal<\/a><\/p>\t\n\t\t\t<\/div>\n\t\t<\/div><\/div><\/div><div class='evocard_row'><div id='event_getdirection' class='evocard_box getdirection' data-c='' \n\t\t\t\t\tstyle=''><div class='evo_metarow_getDr evorow evcal_evdata_row evcal_evrow_sm getdirections'>\n\t\t<form action='https:\/\/maps.google.com\/maps' method='get' target='_blank'>\n\t\t\t<input type='hidden' name='daddr' value=\"46.34343697644898,11.540997527961546\"\/> \n\t\t\t<div class='evo_get_direction_content evo_fx_dr_r evogap10'>\n\t\t\t\t<span class='evogetdir_header evodfx evofx_dr_r evofx_ai_c marr10'>\n\t\t\t\t\t<i class='mainicon fa fa-road'><\/i> \n\t\t\t\t\t<h3 class='evo_h3' style='padding-bottom:5px;'>Ottieni indicazioni stradali<\/h3>\n\t\t\t\t<\/span>\n\t\t\t\t<span class='evogetdir_field evodfx evofx_1_1 evo_fx_dr_c evow100p'>\t\t\t\t\t\n\t\t\t\t\t<input class='evoInput evotac' type='text' name='saddr' placeholder='Digitare l&#039;indirizzo per ottenere le indicazioni stradali' value='' style='margin:10px 0;'\/>\n\t\t\t\t<\/span>\n\t\t\t\t<button type='submit' class='evo_get_direction_button evo_btn_arr_circ dfx fx_ai_c' title='Fare clic qui per ottenere indicazioni'><i class='fa fa-chevron-right'><\/i> <\/button>\n\t\t\t<\/div>\n\t\t<\/form>\n\t<\/div><\/div><\/div><div class='evo_card_row_end evcal_close' title='Testo del pulsante Chiudi evento'><\/div><\/div><div class='clear end'><\/div><\/div><div id=\"event_2840_5\" class=\"eventon_list_event evo_eventtop scheduled  event clrD no_et event_2840_5\" data-event_id=\"2840\" data-ri=\"5r\" data-time=\"1785999600-1786053540\" data-colr=\"#38823b\" itemscope itemtype='http:\/\/schema.org\/Event'><div class=\"evo_event_schema\" style=\"display:none\" ><a itemprop='url'  href='https:\/\/latemarium.com\/it\/events\/escursione-in-montagna-al-rifugio-torre-di-pisa\/var\/ri-5.l-L1'><\/a><meta itemprop='image' content=\"https:\/\/latemarium.com\/wp-content\/uploads\/2025\/05\/escursione-torre-di-pisa-obereggen.jpg\" \/><meta itemprop='startDate' content=\"2026-8-6T09:00+0:00\" \/><meta itemprop='endDate' content=\"2026-8-6T23:59+0:00\" \/><meta itemprop='eventStatus' content=\"https:\/\/schema.org\/EventScheduled\" \/><meta itemprop='eventAttendanceMode'   itemscope itemtype=\"https:\/\/schema.org\/OfflineEventAttendanceMode\"\/><div style=\"display:none\" itemprop=\"location\" itemscope itemtype=\"http:\/\/schema.org\/Place\"><span itemprop=\"name\">Stazione a valle Obereggen<\/span><span itemprop=\"address\" itemscope itemtype=\"http:\/\/schema.org\/PostalAddress\"><item itemprop=\"streetAddress\">Via Obereggen, 16, 39050 Nova Ponente BZ<\/item><\/span><\/div><script type=\"application\/ld+json\">{\"@context\": \"http:\/\/schema.org\",\"@type\": \"Event\",\n\t\t\t\t\"@id\": \"event_2840_5\",\n\t\t\t\t\"eventAttendanceMode\":\"https:\/\/schema.org\/OfflineEventAttendanceMode\",\n\t\t\t\t\"eventStatus\":\"https:\/\/schema.org\/EventScheduled\",\n\t\t\t\t\"name\": \"Escursione in montagna al rifugio Torre di Pisa\",\n\t\t\t\t\"url\": \"https:\/\/latemarium.com\/it\/events\/escursione-in-montagna-al-rifugio-torre-di-pisa\/var\/ri-5.l-L1\",\n\t\t\t\t\"startDate\": \"2026-8-6T09:00+0:00\",\n\t\t\t\t\"endDate\": \"2026-8-6T23:59+0:00\",\n\t\t\t\t\"image\":\"https:\/\/latemarium.com\/wp-content\/uploads\/2025\/05\/escursione-torre-di-pisa-obereggen.jpg\", \n\t\t\t\t\"description\":\"<p>Escursione di media difficolt\u00e0 ma impegnativa ad alte altitudini attraverso le rocce delle fantastiche Torri del Latemar.<\/p> <p>Itinerario: Salita con la seggiovia Oberholz (1550-2100 m) \u2013 sentiero n. 18 &#8211; Forcella dei Camosci (2560 m) \u2013 sentiero n. 516 \u2013 rifugio Torre di Pisa (2671 m). Sosta. Discesa sul sentiero n. 516 e n. 22 \u2013 stazione a monte della seggiovia Oberholz \u2013 discesa.<\/p> <p>Partenza: ore 09.00 a Obereggen<br \/> Ritorno: ore 16.00<br \/> Durata: 7 h | Tempo di cammino: 6 h<br \/> Dislivello: 750 m<br \/> Difficolt\u00e0: difficile<br \/> Requisiti necessari: sicurezza nel muoversi in ambiente montano, nessun problema di vertigini | con ristoro<br \/> Seggiovia: 21,50 \u20ac\/adulto, 17,50 \u20ac\/junior fino a 16<\/p> \",\"location\":[{\"@type\":\"Place\",\"name\":\"Stazione a valle Obereggen\",\"address\":{\"@type\": \"PostalAddress\",\"streetAddress\":\"Via Obereggen, 16, 39050 Nova Ponente BZ\"}}]}<\/script><\/div>\r\n\t\t\t\t<p class=\"desc_trig_outter\" style=\"\"><a data-gmtrig=\"1\" data-exlk=\"0\" style=\"background-color: #38823b;\" id=\"evc_17859996002840\" class=\"hasFtIMG event_repeat desc_trig sin_val evcal_list_a\" data-ux_val=\"3\" data-ux_val_mob=\"-\"  ><span class='evoet_c1 evoet_cx '><span class='ev_ftImg' data-img='https:\/\/latemarium.com\/wp-content\/uploads\/2025\/05\/escursione-torre-di-pisa-obereggen.jpg' data-thumb='https:\/\/latemarium.com\/wp-content\/uploads\/2025\/05\/escursione-torre-di-pisa-obereggen-300x182.jpg' style='background-image:url(\"https:\/\/latemarium.com\/wp-content\/uploads\/2025\/05\/escursione-torre-di-pisa-obereggen-300x182.jpg\")' ><\/span><\/span><span class='evoet_c2 evoet_cx '><span class='evoet_dayblock evcal_cblock ' data-bgcolor='#38823b' data-smon='agosto' data-syr='2026' data-bub=''><span class='evo_start '><em class='date'>06<\/em><em class='month'>ago<\/em><em class='time'>09:00<\/em><\/span><\/span><\/span><span class='evoet_c3 evoet_cx evcal_desc hide_eventtopdata '><span class='evoet_title evcal_desc2 evcal_event_title ' itemprop='name'>Escursione in montagna al rifugio Torre di Pisa<\/span><span class='event_location_attrs'  data-location_address=\"Via Obereggen, 16, 39050 Nova Ponente BZ\" data-location_type=\"lonlat\" data-location_name=\"Stazione a valle Obereggen\" data-location_url=\"https:\/\/latemarium.com\/it\/event-location\/stazione-a-valle-obereggen\/\" data-location_status=\"true\" data-latlng=\"46.3835808246333,11.52667595881786\"><\/span><span class='evoet_subtitle evo_below_title' ><span class='evcal_event_subtitle ' >escursione guidata<\/span><\/span><span class='evoet_time_expand level_3'><em class='evcal_time evo_tz_time'><i class='fa fa-clock-o'><\/i>09:00<span class='evo_tz marl5'>(GMT+02:00)<\/span><\/em> <\/span><span class='evoet_location level_3'><em class=\"evcal_location\"  data-latlng=\"46.3835808246333,11.52667595881786\" data-add_str=\"Via Obereggen, 16, 39050 Nova Ponente BZ\" data-n=\"Stazione a valle Obereggen\"><i class=\"fa fa-location-pin\"><\/i><em class=\"event_location_name\">Stazione a valle Obereggen<\/em>, Via Obereggen, 16, 39050 Nova Ponente BZ<\/em><\/span><\/span><span class='evoet_data' data-d=\"{&quot;loc.n&quot;:&quot;Stazione a valle Obereggen&quot;,&quot;orgs&quot;:[],&quot;tags&quot;:{&quot;repeating&quot;:&quot;Repeating Event&quot;}}\" data-bgc=\"#38823b\" data-bggrad=\"\" ><\/span><\/a><\/p><div class='event_description evcal_eventcard ' style=\"display:none\"><div class='evocard_row'><div id='event_ftimage' class='evocard_box ftimage' data-c='' \n\t\t\t\t\tstyle=''><div class='evocard_main_image_hold' data-t='Loading Image..'><div class='evocard_main_image evo_img_triglb evobr15 evobgsc evobgpc evodfx evofx_jc_c evofx_ai_c evofz48 minmized' style='height:300px; background-image:url();' data-f=\"https:\/\/latemarium.com\/wp-content\/uploads\/2025\/05\/escursione-torre-di-pisa-obereggen.jpg\" data-h=\"755\" data-w=\"1245\" data-ratio=\"0.60642570281124\" data-event_id=\"2840\" data-ri=\"5\"  data-t='Loading Image..'><span style='height:300px; background-image:url(https:\/\/latemarium.com\/wp-content\/uploads\/2025\/05\/escursione-torre-di-pisa-obereggen.jpg)'><\/span><\/div><\/div><\/div><\/div><div class='evocard_row'><div id='event_eventdetails' class='evocard_box eventdetails' data-c='' \n\t\t\t\t\tstyle=''><div class='evo_metarow_details evorow evcal_evdata_row evcal_event_details'>\n\t\t<div class=\"event_excerpt\" style=\"display:none\"><h3 class=\"padb5 evo_h3\">Dettagli dell&#039;evento<\/h3><p>Escursione di media difficolt\u00e0 ma impegnativa ad alte altitudini attraverso le rocce delle fantastiche Torri del Latemar.\nItinerario: Salita con la seggiovia Oberholz (1550-2100 m) \u2013 sentiero n. 18 &#8211; Forcella<\/p><\/div><span class='evcal_evdata_icons'><i class='fa fa-align-justify'><\/i><\/span>\n\t\t\n\t\t<div class='evcal_evdata_cell shorter_desc'>\n\t\t\t<div class='eventon_full_description'>\n\t\t\t\t<h3 class='padb5 evo_h3'><span class='evcal_evdata_icons'><i class='fa fa-align-justify'><\/i><\/span>Dettagli dell&#039;evento<\/h3>\n\t\t\t\t<div class='eventon_desc_in' itemprop='description'>\n\t\t\t\t<p>Escursione di media difficolt\u00e0 ma impegnativa ad alte altitudini attraverso le rocce delle fantastiche Torri del Latemar.<\/p>\n<p>Itinerario: Salita con la seggiovia Oberholz (1550-2100 m) \u2013 sentiero n. 18 &#8211; Forcella dei Camosci (2560 m) \u2013 sentiero n. 516 \u2013 rifugio Torre di Pisa (2671 m). Sosta. Discesa sul sentiero n. 516 e n. 22 \u2013 stazione a monte della seggiovia Oberholz \u2013 discesa.<\/p>\n<p>Partenza: ore 09.00 a Obereggen<br \/>\nRitorno: ore 16.00<br \/>\nDurata: 7 h | Tempo di cammino: 6 h<br \/>\nDislivello: 750 m<br \/>\nDifficolt\u00e0: difficile<br \/>\nRequisiti necessari: sicurezza nel muoversi in ambiente montano, nessun problema di vertigini | con ristoro<br \/>\nSeggiovia: 21,50 \u20ac\/adulto, 17,50 \u20ac\/junior fino a 16<\/p>\n<\/div><p class='eventon_shad_p' style='padding:5px 0 0; margin:0'>\n\t\t\t<span class='evcal_btn evo_btn_secondary evobtn_details_show_more' content='less'>\n\t\t\t\t<span class='ev_more_text' data-txt='Meno'>Pi\u00f9<\/span><span class='ev_more_arrow ard'><\/span>\n\t\t\t<\/span>\n\t\t<\/p><div class='clear'><\/div>\n\t\t\t<\/div>\n\t\t<\/div>\n\t<\/div><\/div><\/div><div class='evocard_row bx2 bx'><div id='event_time' class='evocard_box time' data-c='' \n\t\t\t\t\tstyle=''><div class='evo_metarow_time evorow evcal_evdata_row evcal_evrow_sm '>\n\t\t<span class='evcal_evdata_icons'><i class='fa fa-clock'><\/i><\/span>\n\t\t<div class='evcal_evdata_cell'>\t\t\t\t\t\t\t\n\t\t\t<h3 class='evo_h3'><span class='evcal_evdata_icons'><i class='fa fa-clock'><\/i><\/span>Orario<\/h3><p><span class='evo_eventcard_time_t'>6 agosto 2026 09:00<\/span><span class='evo_tz marr5'>(GMT+02:00)<\/span><\/p>\n\t\t<\/div>\n\t<\/div><\/div><div id='event_location' class='evocard_box location' data-c='' \n\t\t\t\t\tstyle=''><div class='evcal_evdata_row evo_metarow_time_location evorow '>\n\t\t\n\t\t\t<span class='evcal_evdata_icons'><i class='fa fa-map-marker'><\/i><\/span>\n\t\t\t<div class='evcal_evdata_cell' data-loc_tax_id='22'><h3 class='evo_h3 evodfx'><span class='evcal_evdata_icons'><i class='fa fa-map-marker'><\/i><\/span>Luogo<\/h3><p class='evo_location_name'>Stazione a valle Obereggen<\/p><p class='evo_location_address evodfxi evogap10'>Via Obereggen, 16, 39050 Nova Ponente BZ<\/p><div class='padt10'><span class='evo_btn_arr evolb_trigger' data-lbvals=\"{&quot;lbc&quot;:&quot;evo_location_lb_22&quot;,&quot;lbac&quot;:&quot;lb_max&quot;,&quot;t&quot;:&quot;Stazione a valle Obereggen&quot;,&quot;ajax&quot;:&quot;yes&quot;,&quot;ajax_type&quot;:&quot;endpoint&quot;,&quot;ajax_action&quot;:&quot;eventon_get_tax_card_content&quot;,&quot;end&quot;:&quot;client&quot;,&quot;d&quot;:{&quot;lang&quot;:&quot;L1&quot;,&quot;term_id&quot;:22,&quot;tax&quot;:&quot;event_location&quot;,&quot;load_lbcontent&quot;:true},&quot;uid&quot;:&quot;eventon_get_tax_card_content&quot;}\" >Other Events<i class='fa fa-chevron-right'><\/i><\/span><\/div><\/div>\n\t\t\n\t<\/div><\/div><\/div><div class='evocard_row bx2 bx'><div id='event_learnmore' class='evocard_box learnmore' data-c='' \n\t\t\t\t\tstyle=''><div class='evo_metarow_learnM evo_metarow_learnmore evorow'>\n\t\t\t\t\t\t\t<a class='evcal_evdata_row evo_clik_row ' href='https:\/\/eggental.com\/it\/eventi\/escursione-in-montagna-al-rifugio-torre-di-pisa_11602' target=\"_blank\">\n\t\t\t\t\t\t\t\t<span class='evcal_evdata_icons'><i class='fa fa-link'><\/i><\/span>\n\t\t\t\t\t\t\t\t<h3 class='evo_h3'>Scopri di pi\u00f9<\/h3>\n\t\t\t\t\t\t\t<\/a>\n\t\t\t\t\t\t\t<\/div><\/div><div id='event_addtocal' class='evocard_box addtocal' data-c='' \n\t\t\t\t\tstyle=''><div class='evo_metarow_ICS evorow evcal_evdata_row'>\n\t\t\t<span class='evcal_evdata_icons'><i class='fa fa-calendar-o'><\/i><\/span>\n\t\t\t<div class='evcal_evdata_cell'>\n\t\t\t\t<p><a href='https:\/\/latemarium.com\/it\/export-events\/2840_5\/?nonce=a3263097f9' class='evo_ics_nCal' title='Aggiungi al tuo calendario'>Calendario<\/a><a href='https:\/\/www.google.com\/calendar\/event?action=TEMPLATE&text=Escursione+in+montagna+al+rifugio+Torre+di+Pisa&dates=20260806T070000Z%2F20260806T215900Z&ctz=Europe%2FRome&details=Escursione in montagna al rifugio Torre di Pisa&location=Stazione+a+valle+Obereggen+Via+Obereggen%2C+16%2C+39050+Nova+Ponente+BZ' target='_blank' class='evo_ics_gCal' title='Aggiungi al calendario di Google'>GoogleCal<\/a><\/p>\t\n\t\t\t<\/div>\n\t\t<\/div><\/div><\/div><div class='evocard_row'><div id='event_getdirection' class='evocard_box getdirection' data-c='' \n\t\t\t\t\tstyle=''><div class='evo_metarow_getDr evorow evcal_evdata_row evcal_evrow_sm getdirections'>\n\t\t<form action='https:\/\/maps.google.com\/maps' method='get' target='_blank'>\n\t\t\t<input type='hidden' name='daddr' value=\"46.3835808246333,11.52667595881786\"\/> \n\t\t\t<div class='evo_get_direction_content evo_fx_dr_r evogap10'>\n\t\t\t\t<span class='evogetdir_header evodfx evofx_dr_r evofx_ai_c marr10'>\n\t\t\t\t\t<i class='mainicon fa fa-road'><\/i> \n\t\t\t\t\t<h3 class='evo_h3' style='padding-bottom:5px;'>Ottieni indicazioni stradali<\/h3>\n\t\t\t\t<\/span>\n\t\t\t\t<span class='evogetdir_field evodfx evofx_1_1 evo_fx_dr_c evow100p'>\t\t\t\t\t\n\t\t\t\t\t<input class='evoInput evotac' type='text' name='saddr' placeholder='Digitare l&#039;indirizzo per ottenere le indicazioni stradali' value='' style='margin:10px 0;'\/>\n\t\t\t\t<\/span>\n\t\t\t\t<button type='submit' class='evo_get_direction_button evo_btn_arr_circ dfx fx_ai_c' title='Fare clic qui per ottenere indicazioni'><i class='fa fa-chevron-right'><\/i> <\/button>\n\t\t\t<\/div>\n\t\t<\/form>\n\t<\/div><\/div><\/div><div class='evo_card_row_end evcal_close' title='Testo del pulsante Chiudi evento'><\/div><\/div><div class='clear end'><\/div><\/div><div id=\"event_2872_0\" class=\"eventon_list_event evo_eventtop scheduled  event clrW no_et event_2872_0\" data-event_id=\"2872\" data-ri=\"0r\" data-time=\"1786006800-1786053540\" data-colr=\"#a69dcd\" itemscope itemtype='http:\/\/schema.org\/Event'><div class=\"evo_event_schema\" style=\"display:none\" ><a itemprop='url'  href='https:\/\/latemarium.com\/it\/events\/malabarista\/'><\/a><meta itemprop='image' content=\"https:\/\/latemarium.com\/wp-content\/uploads\/2025\/05\/malabarista-predazzo.jpg\" \/><meta itemprop='startDate' content=\"2026-8-6T11:00+0:00\" \/><meta itemprop='endDate' content=\"2026-8-6T23:59+0:00\" \/><meta itemprop='eventStatus' content=\"https:\/\/schema.org\/EventScheduled\" \/><meta itemprop='eventAttendanceMode'   itemscope itemtype=\"https:\/\/schema.org\/OfflineEventAttendanceMode\"\/><script type=\"application\/ld+json\">{\"@context\": \"http:\/\/schema.org\",\"@type\": \"Event\",\n\t\t\t\t\"@id\": \"event_2872_0\",\n\t\t\t\t\"eventAttendanceMode\":\"https:\/\/schema.org\/OfflineEventAttendanceMode\",\n\t\t\t\t\"eventStatus\":\"https:\/\/schema.org\/EventScheduled\",\n\t\t\t\t\"name\": \"Malabarista\",\n\t\t\t\t\"url\": \"https:\/\/latemarium.com\/it\/events\/malabarista\/\",\n\t\t\t\t\"startDate\": \"2026-8-6T11:00+0:00\",\n\t\t\t\t\"endDate\": \"2026-8-6T23:59+0:00\",\n\t\t\t\t\"image\":\"https:\/\/latemarium.com\/wp-content\/uploads\/2025\/05\/malabarista-predazzo.jpg\", \n\t\t\t\t\"description\":\"<p>Giocoliere, fantasista, equilibrista. Mette in scena uno spettacolo colorato che fa divertire famiglie e bambini.\u00a0Ama il pericolo, come i migliori giocolieri. Stupisce tutti con equilibrismi improbabili in dialogo con il pubblico, dall\u2019alto del suo monociclo gigante.<\/p> <p>gioved\u00ec: 6 e 13 agosto 2026<br \/> anfiteatro all\u2019aperto a Gardon\u00e8<br \/> ore 11.00 e ore 14.30<\/p> <p>con\u00a0Cristiano Marin<\/p> \"}<\/script><\/div>\r\n\t\t\t\t<p class=\"desc_trig_outter\" style=\"\"><a data-gmap_status=\"null\" data-exlk=\"0\" style=\"background-color: #a69dcd;\" id=\"evc_17860068002872\" class=\"hasFtIMG event_repeat desc_trig sin_val evcal_list_a\" data-ux_val=\"3\" data-ux_val_mob=\"-\"  ><span class='evoet_c1 evoet_cx '><span class='ev_ftImg' data-img='https:\/\/latemarium.com\/wp-content\/uploads\/2025\/05\/malabarista-predazzo.jpg' data-thumb='https:\/\/latemarium.com\/wp-content\/uploads\/2025\/05\/malabarista-predazzo-300x199.jpg' style='background-image:url(\"https:\/\/latemarium.com\/wp-content\/uploads\/2025\/05\/malabarista-predazzo-300x199.jpg\")' ><\/span><\/span><span class='evoet_c2 evoet_cx '><span class='evoet_dayblock evcal_cblock ' data-bgcolor='#a69dcd' data-smon='agosto' data-syr='2026' data-bub=''><span class='evo_start '><em class='date'>06<\/em><em class='month'>ago<\/em><em class='time'>11:00<\/em><\/span><\/span><\/span><span class='evoet_c3 evoet_cx evcal_desc hide_eventtopdata '><span class='evoet_title evcal_desc2 evcal_event_title ' itemprop='name'>Malabarista<\/span><span class='event_location_attrs' data-location_type=\"lonlat\" data-location_name=\"Anfiteatro Gardon\u00e8\" data-location_url=\"https:\/\/latemarium.com\/it\/event-location\/anfiteatro-gardone\/\" data-location_status=\"true\" data-latlng=\"46.32878794406342,11.600176728690842\"><\/span><span class='evoet_subtitle evo_below_title' ><span class='evcal_event_subtitle ' >anfiteatro a Gardon\u00e8<\/span><\/span><span class='evoet_time_expand level_3'><em class='evcal_time evo_tz_time'><i class='fa fa-clock-o'><\/i>11:00<span class='evo_tz marl5'>(GMT+02:00)<\/span><\/em> <\/span><span class='evoet_location level_3'><em class=\"evcal_location\"  data-latlng=\"46.32878794406342,11.600176728690842\" data-add_str=\"\" data-n=\"Anfiteatro Gardon\u00e8\"><i class=\"fa fa-location-pin\"><\/i><em class=\"event_location_name\">Anfiteatro Gardon\u00e8<\/em><\/em><\/span><\/span><span class='evoet_data' data-d=\"{&quot;loc.n&quot;:&quot;Anfiteatro Gardon\\u00e8&quot;,&quot;orgs&quot;:[],&quot;tags&quot;:{&quot;repeating&quot;:&quot;Repeating Event&quot;}}\" data-bgc=\"#a69dcd\" data-bggrad=\"\" ><\/span><\/a><\/p><div class='event_description evcal_eventcard ' style=\"display:none\"><div class='evocard_row'><div id='event_ftimage' class='evocard_box ftimage' data-c='' \n\t\t\t\t\tstyle=''><div class='evocard_main_image_hold' data-t='Loading Image..'><div class='evocard_main_image evo_img_triglb evobr15 evobgsc evobgpc evodfx evofx_jc_c evofx_ai_c evofz48 minmized' style='height:300px; background-image:url();' data-f=\"https:\/\/latemarium.com\/wp-content\/uploads\/2025\/05\/malabarista-predazzo.jpg\" data-h=\"509\" data-w=\"768\" data-ratio=\"0.66276041666667\" data-event_id=\"2872\" data-ri=\"0\"  data-t='Loading Image..'><span style='height:300px; background-image:url(https:\/\/latemarium.com\/wp-content\/uploads\/2025\/05\/malabarista-predazzo.jpg)'><\/span><\/div><\/div><\/div><\/div><div class='evocard_row'><div id='event_eventdetails' class='evocard_box eventdetails' data-c='' \n\t\t\t\t\tstyle=''><div class='evo_metarow_details evorow evcal_evdata_row evcal_event_details'>\n\t\t<div class=\"event_excerpt\" style=\"display:none\"><h3 class=\"padb5 evo_h3\">Dettagli dell&#039;evento<\/h3><p>Giocoliere, fantasista, equilibrista. Mette in scena uno spettacolo colorato che fa divertire famiglie e bambini.\u00a0Ama il pericolo, come i migliori giocolieri. Stupisce tutti con equilibrismi improbabili in dialogo con il<\/p><\/div><span class='evcal_evdata_icons'><i class='fa fa-align-justify'><\/i><\/span>\n\t\t\n\t\t<div class='evcal_evdata_cell '>\n\t\t\t<div class='eventon_full_description'>\n\t\t\t\t<h3 class='padb5 evo_h3'><span class='evcal_evdata_icons'><i class='fa fa-align-justify'><\/i><\/span>Dettagli dell&#039;evento<\/h3>\n\t\t\t\t<div class='eventon_desc_in' itemprop='description'>\n\t\t\t\t<p>Giocoliere, fantasista, equilibrista. Mette in scena uno spettacolo colorato che fa divertire famiglie e bambini.\u00a0Ama il pericolo, come i migliori giocolieri. Stupisce tutti con equilibrismi improbabili in dialogo con il pubblico, dall\u2019alto del suo monociclo gigante.<\/p>\n<p>gioved\u00ec: 6 e 13 agosto 2026<br \/>\nanfiteatro all\u2019aperto a Gardon\u00e8<br \/>\nore 11.00 e ore 14.30<\/p>\n<p>con\u00a0Cristiano Marin<\/p>\n<\/div><div class='clear'><\/div>\n\t\t\t<\/div>\n\t\t<\/div>\n\t<\/div><\/div><\/div><div class='evocard_row bx2 bx'><div id='event_time' class='evocard_box time' data-c='' \n\t\t\t\t\tstyle=''><div class='evo_metarow_time evorow evcal_evdata_row evcal_evrow_sm '>\n\t\t<span class='evcal_evdata_icons'><i class='fa fa-clock'><\/i><\/span>\n\t\t<div class='evcal_evdata_cell'>\t\t\t\t\t\t\t\n\t\t\t<h3 class='evo_h3'><span class='evcal_evdata_icons'><i class='fa fa-clock'><\/i><\/span>Orario<\/h3><p><span class='evo_eventcard_time_t'>6 agosto 2026 11:00<\/span><span class='evo_tz marr5'>(GMT+02:00)<\/span><\/p>\n\t\t<\/div>\n\t<\/div><\/div><div id='event_location' class='evocard_box location' data-c='' \n\t\t\t\t\tstyle=''><div class='evcal_evdata_row evo_metarow_time_location evorow '>\n\t\t\n\t\t\t<span class='evcal_evdata_icons'><i class='fa fa-map-marker'><\/i><\/span>\n\t\t\t<div class='evcal_evdata_cell' data-loc_tax_id='46'><h3 class='evo_h3 evodfx'><span class='evcal_evdata_icons'><i class='fa fa-map-marker'><\/i><\/span>Luogo<\/h3><p class='evo_location_name'>Anfiteatro Gardon\u00e8<\/p><div class='padt10'><span class='evo_btn_arr evolb_trigger' data-lbvals=\"{&quot;lbc&quot;:&quot;evo_location_lb_46&quot;,&quot;lbac&quot;:&quot;lb_max&quot;,&quot;t&quot;:&quot;Anfiteatro Gardon\\u00e8&quot;,&quot;ajax&quot;:&quot;yes&quot;,&quot;ajax_type&quot;:&quot;endpoint&quot;,&quot;ajax_action&quot;:&quot;eventon_get_tax_card_content&quot;,&quot;end&quot;:&quot;client&quot;,&quot;d&quot;:{&quot;lang&quot;:&quot;L1&quot;,&quot;term_id&quot;:46,&quot;tax&quot;:&quot;event_location&quot;,&quot;load_lbcontent&quot;:true},&quot;uid&quot;:&quot;eventon_get_tax_card_content&quot;}\" >Other Events<i class='fa fa-chevron-right'><\/i><\/span><\/div><\/div>\n\t\t\n\t<\/div><\/div><\/div><div class='evocard_row bx2 bx'><div id='event_learnmore' class='evocard_box learnmore' data-c='' \n\t\t\t\t\tstyle=''><div class='evo_metarow_learnM evo_metarow_learnmore evorow'>\n\t\t\t\t\t\t\t<a class='evcal_evdata_row evo_clik_row ' href='https:\/\/www.montagnanimata.it\/spettacoli\/' target=\"_blank\">\n\t\t\t\t\t\t\t\t<span class='evcal_evdata_icons'><i class='fa fa-link'><\/i><\/span>\n\t\t\t\t\t\t\t\t<h3 class='evo_h3'>Scopri di pi\u00f9<\/h3>\n\t\t\t\t\t\t\t<\/a>\n\t\t\t\t\t\t\t<\/div><\/div><div id='event_addtocal' class='evocard_box addtocal' data-c='' \n\t\t\t\t\tstyle=''><div class='evo_metarow_ICS evorow evcal_evdata_row'>\n\t\t\t<span class='evcal_evdata_icons'><i class='fa fa-calendar-o'><\/i><\/span>\n\t\t\t<div class='evcal_evdata_cell'>\n\t\t\t\t<p><a href='https:\/\/latemarium.com\/it\/export-events\/2872_0\/?nonce=a3263097f9' class='evo_ics_nCal' title='Aggiungi al tuo calendario'>Calendario<\/a><a href='https:\/\/www.google.com\/calendar\/event?action=TEMPLATE&text=Malabarista&dates=20260806T090000Z%2F20260806T215900Z&ctz=Europe%2FRome&details=Malabarista&location=Anfiteatro+Gardon%C3%A8' target='_blank' class='evo_ics_gCal' title='Aggiungi al calendario di Google'>GoogleCal<\/a><\/p>\t\n\t\t\t<\/div>\n\t\t<\/div><\/div><\/div><div class='evocard_row'><div id='event_getdirection' class='evocard_box getdirection' data-c='' \n\t\t\t\t\tstyle=''><div class='evo_metarow_getDr evorow evcal_evdata_row evcal_evrow_sm getdirections'>\n\t\t<form action='https:\/\/maps.google.com\/maps' method='get' target='_blank'>\n\t\t\t<input type='hidden' name='daddr' value=\"46.32878794406342,11.600176728690842\"\/> \n\t\t\t<div class='evo_get_direction_content evo_fx_dr_r evogap10'>\n\t\t\t\t<span class='evogetdir_header evodfx evofx_dr_r evofx_ai_c marr10'>\n\t\t\t\t\t<i class='mainicon fa fa-road'><\/i> \n\t\t\t\t\t<h3 class='evo_h3' style='padding-bottom:5px;'>Ottieni indicazioni stradali<\/h3>\n\t\t\t\t<\/span>\n\t\t\t\t<span class='evogetdir_field evodfx evofx_1_1 evo_fx_dr_c evow100p'>\t\t\t\t\t\n\t\t\t\t\t<input class='evoInput evotac' type='text' name='saddr' placeholder='Digitare l&#039;indirizzo per ottenere le indicazioni stradali' value='' style='margin:10px 0;'\/>\n\t\t\t\t<\/span>\n\t\t\t\t<button type='submit' class='evo_get_direction_button evo_btn_arr_circ dfx fx_ai_c' title='Fare clic qui per ottenere indicazioni'><i class='fa fa-chevron-right'><\/i> <\/button>\n\t\t\t<\/div>\n\t\t<\/form>\n\t<\/div><\/div><\/div><div class='evo_card_row_end evcal_close' title='Testo del pulsante Chiudi evento'><\/div><\/div><div class='clear end'><\/div><\/div><div id=\"event_2196_6\" class=\"eventon_list_event evo_eventtop scheduled  event clrW event_2196_6\" data-event_id=\"2196\" data-ri=\"6r\" data-time=\"1786028400-1786036500\" data-colr=\"#f78234\" itemscope itemtype='http:\/\/schema.org\/Event'><div class=\"evo_event_schema\" style=\"display:none\" ><a itemprop='url'  href='https:\/\/latemarium.com\/it\/events\/pilyoga\/var\/ri-6.l-L1'><\/a><meta itemprop='image' content=\"https:\/\/latemarium.com\/wp-content\/uploads\/2023\/06\/pilyoga.jpg\" \/><meta itemprop='startDate' content=\"2026-8-6T17:00+0:00\" \/><meta itemprop='endDate' content=\"2026-8-6T19:15+0:00\" \/><meta itemprop='eventStatus' content=\"https:\/\/schema.org\/EventScheduled\" \/><meta itemprop='eventAttendanceMode'   itemscope itemtype=\"https:\/\/schema.org\/OfflineEventAttendanceMode\"\/><div style=\"display:none\" itemprop=\"location\" itemscope itemtype=\"http:\/\/schema.org\/Place\"><span itemprop=\"name\">Pampeago<\/span><span itemprop=\"address\" itemscope itemtype=\"http:\/\/schema.org\/PostalAddress\"><item itemprop=\"streetAddress\">Localit\u00e0 Pampeago, 8, 38038 Tesero TN<\/item><\/span><\/div><script type=\"application\/ld+json\">{\"@context\": \"http:\/\/schema.org\",\"@type\": \"Event\",\n\t\t\t\t\"@id\": \"event_2196_6\",\n\t\t\t\t\"eventAttendanceMode\":\"https:\/\/schema.org\/OfflineEventAttendanceMode\",\n\t\t\t\t\"eventStatus\":\"https:\/\/schema.org\/EventScheduled\",\n\t\t\t\t\"name\": \"PilYoga\",\n\t\t\t\t\"url\": \"https:\/\/latemarium.com\/it\/events\/pilyoga\/var\/ri-6.l-L1\",\n\t\t\t\t\"startDate\": \"2026-8-6T17:00+0:00\",\n\t\t\t\t\"endDate\": \"2026-8-6T19:15+0:00\",\n\t\t\t\t\"image\":\"https:\/\/latemarium.com\/wp-content\/uploads\/2023\/06\/pilyoga.jpg\", \n\t\t\t\t\"description\":\"<p><strong>Ogni gioved\u00ec dal 25 giugno al 3 settembre 2026<\/strong><\/p> <p>Ritrovo e partenza alle 17.00 con l&#8217;insegnate Elisa (presso biglietteria impianti)<br \/> Durata: dalle 17.00 alle 19.15, attivit\u00e0 rivolta ai &gt; 14 anni.<\/p> <p>Raggiungerete il luogo della lezione con la seggiovia Agnello e dopo una breve passeggiata vi potrete rilassare e liberare la mente a diretto contatto con la natura. La pratica del PilYoga in quota permette la piena armonia con l\u2019ambiente circostante, lontano da tutti i rumori della vita quotidiana. Appena finirete la lezione, vi attender\u00e0 un piccolo aperitivo allo Chalet Caserina per poi riscendere a piedi con una breve passeggiata.<\/p> <p>Da portare con s\u00e9 un tappetino o stuoia o asciugamano.<br \/> <em>Attivit\u00e0 NON prevista in caso di pioggia.<\/em><\/p> <p>Prenotazione obbligatoria. Clicca <a href='https:\/\/www.visitfiemme.it\/it\/eventi\/fiemme-cembra-guest-card\/esperienze\/esperienze-in-estate' target='_blank' rel='noopener'>qui<\/a>\u00a0per prenotare.<\/p> \",\"location\":[{\"@type\":\"Place\",\"name\":\"Pampeago\",\"address\":{\"@type\": \"PostalAddress\",\"streetAddress\":\"Localit\u00e0 Pampeago, 8, 38038 Tesero TN\"}}]}<\/script><\/div>\r\n\t\t\t\t<p class=\"desc_trig_outter\" style=\"\"><a data-gmtrig=\"1\" data-exlk=\"0\" style=\"background-color: #f78234;\" id=\"evc_17860284002196\" class=\"hasFtIMG event_repeat desc_trig sin_val evcal_list_a\" data-ux_val=\"3\" data-ux_val_mob=\"-\"  ><span class='evoet_c1 evoet_cx '><span class='ev_ftImg' data-img='https:\/\/latemarium.com\/wp-content\/uploads\/2023\/06\/pilyoga.jpg' data-thumb='https:\/\/latemarium.com\/wp-content\/uploads\/2023\/06\/pilyoga-300x169.jpg' style='background-image:url(\"https:\/\/latemarium.com\/wp-content\/uploads\/2023\/06\/pilyoga-300x169.jpg\")' ><\/span><\/span><span class='evoet_c2 evoet_cx '><span class='evoet_dayblock evcal_cblock ' data-bgcolor='#f78234' data-smon='agosto' data-syr='2026' data-bub=''><span class='evo_start '><em class='date'>06<\/em><em class='month'>ago<\/em><em class='time'>17:00<\/em><\/span><span class='evo_end only_time'><em class='time'>19:15<\/em><\/span><\/span><\/span><span class='evoet_c3 evoet_cx evcal_desc hide_eventtopdata '><span class='evoet_title evcal_desc2 evcal_event_title ' itemprop='name'>PilYoga<\/span><span class='event_location_attrs'  data-location_address=\"Localit\u00e0 Pampeago, 8, 38038 Tesero TN\" data-location_type=\"lonlat\" data-location_name=\"Pampeago\" data-location_url=\"https:\/\/latemarium.com\/it\/event-location\/pampeago\/\" data-location_status=\"true\" data-latlng=\"46.34343697644898,11.540997527961546\"><\/span><span class='evoet_subtitle evo_below_title' ><span class='evcal_event_subtitle ' >Pilyoga tra le opere di Respirart<\/span><\/span><span class='evoet_time_expand level_3'><em class='evcal_time evo_tz_time'><i class='fa fa-clock-o'><\/i>17:00 - 19:15<span class='evo_tz marl5'>(GMT+02:00)<\/span><\/em> <\/span><span class='evoet_location level_3'><em class=\"evcal_location\"  data-latlng=\"46.34343697644898,11.540997527961546\" data-add_str=\"Localit\u00e0 Pampeago, 8, 38038 Tesero TN\" data-n=\"Pampeago\"><i class=\"fa fa-location-pin\"><\/i><em class=\"event_location_name\">Pampeago<\/em>, Localit\u00e0 Pampeago, 8, 38038 Tesero TN<\/em><\/span><\/span><span class='evoet_data' data-d=\"{&quot;loc.n&quot;:&quot;Pampeago&quot;,&quot;orgs&quot;:[],&quot;tags&quot;:{&quot;repeating&quot;:&quot;Repeating Event&quot;}}\" data-bgc=\"#f78234\" data-bggrad=\"\" ><\/span><\/a><\/p><div class='event_description evcal_eventcard ' style=\"display:none\"><div class='evocard_row'><div id='event_ftimage' class='evocard_box ftimage' data-c='' \n\t\t\t\t\tstyle=''><div class='evocard_main_image_hold' data-t='Loading Image..'><div class='evocard_main_image evo_img_triglb evobr15 evobgsc evobgpc evodfx evofx_jc_c evofx_ai_c evofz48 minmized' style='height:300px; background-image:url();' data-f=\"https:\/\/latemarium.com\/wp-content\/uploads\/2023\/06\/pilyoga.jpg\" data-h=\"675\" data-w=\"1200\" data-ratio=\"0.5625\" data-event_id=\"2196\" data-ri=\"6\"  data-t='Loading Image..'><span style='height:300px; background-image:url(https:\/\/latemarium.com\/wp-content\/uploads\/2023\/06\/pilyoga.jpg)'><\/span><\/div><\/div><\/div><\/div><div class='evocard_row'><div id='event_eventdetails' class='evocard_box eventdetails' data-c='' \n\t\t\t\t\tstyle=''><div class='evo_metarow_details evorow evcal_evdata_row evcal_event_details'>\n\t\t<div class=\"event_excerpt\" style=\"display:none\"><h3 class=\"padb5 evo_h3\">Dettagli dell&#039;evento<\/h3><p>Ogni gioved\u00ec dal 25 giugno al 3 settembre 2026\nRitrovo e partenza alle 17.00 con l&#8217;insegnate Elisa (presso biglietteria impianti)\nDurata: dalle 17.00 alle 19.15, attivit\u00e0 rivolta ai &gt; 14 anni.\nRaggiungerete<\/p><\/div><span class='evcal_evdata_icons'><i class='fa fa-align-justify'><\/i><\/span>\n\t\t\n\t\t<div class='evcal_evdata_cell shorter_desc'>\n\t\t\t<div class='eventon_full_description'>\n\t\t\t\t<h3 class='padb5 evo_h3'><span class='evcal_evdata_icons'><i class='fa fa-align-justify'><\/i><\/span>Dettagli dell&#039;evento<\/h3>\n\t\t\t\t<div class='eventon_desc_in' itemprop='description'>\n\t\t\t\t<p><strong>Ogni gioved\u00ec dal 25 giugno al 3 settembre 2026<\/strong><\/p>\n<p>Ritrovo e partenza alle 17.00 con l&#8217;insegnate Elisa (presso biglietteria impianti)<br \/>\nDurata: dalle 17.00 alle 19.15, attivit\u00e0 rivolta ai &gt; 14 anni.<\/p>\n<p>Raggiungerete il luogo della lezione con la seggiovia Agnello e dopo una breve passeggiata vi potrete rilassare e liberare la mente a diretto contatto con la natura. La pratica del PilYoga in quota permette la piena armonia con l\u2019ambiente circostante, lontano da tutti i rumori della vita quotidiana. Appena finirete la lezione, vi attender\u00e0 un piccolo aperitivo allo Chalet Caserina per poi riscendere a piedi con una breve passeggiata.<\/p>\n<p>Da portare con s\u00e9 un tappetino o stuoia o asciugamano.<br \/>\n<em>Attivit\u00e0 NON prevista in caso di pioggia.<\/em><\/p>\n<p>Prenotazione obbligatoria. Clicca <a href=\"https:\/\/www.visitfiemme.it\/it\/eventi\/fiemme-cembra-guest-card\/esperienze\/esperienze-in-estate\" target=\"_blank\" rel=\"noopener\">qui<\/a>\u00a0per prenotare.<\/p>\n<\/div><p class='eventon_shad_p' style='padding:5px 0 0; margin:0'>\n\t\t\t<span class='evcal_btn evo_btn_secondary evobtn_details_show_more' content='less'>\n\t\t\t\t<span class='ev_more_text' data-txt='Meno'>Pi\u00f9<\/span><span class='ev_more_arrow ard'><\/span>\n\t\t\t<\/span>\n\t\t<\/p><div class='clear'><\/div>\n\t\t\t<\/div>\n\t\t<\/div>\n\t<\/div><\/div><\/div><div class='evocard_row bx2 bx'><div id='event_time' class='evocard_box time' data-c='' \n\t\t\t\t\tstyle=''><div class='evo_metarow_time evorow evcal_evdata_row evcal_evrow_sm '>\n\t\t<span class='evcal_evdata_icons'><i class='fa fa-clock'><\/i><\/span>\n\t\t<div class='evcal_evdata_cell'>\t\t\t\t\t\t\t\n\t\t\t<h3 class='evo_h3'><span class='evcal_evdata_icons'><i class='fa fa-clock'><\/i><\/span>Orario<\/h3><p><span class='evo_eventcard_time_t'>6 agosto 2026 17:00 - 19:15<\/span><span class='evo_tz marr5'>(GMT+02:00)<\/span><\/p>\n\t\t<\/div>\n\t<\/div><\/div><div id='event_location' class='evocard_box location' data-c='' \n\t\t\t\t\tstyle=''><div class='evcal_evdata_row evo_metarow_time_location evorow '>\n\t\t\n\t\t\t<span class='evcal_evdata_icons'><i class='fa fa-map-marker'><\/i><\/span>\n\t\t\t<div class='evcal_evdata_cell' data-loc_tax_id='30'><h3 class='evo_h3 evodfx'><span class='evcal_evdata_icons'><i class='fa fa-map-marker'><\/i><\/span>Luogo<\/h3><p class='evo_location_name'>Pampeago<\/p><p class='evo_location_address evodfxi evogap10'>Localit\u00e0 Pampeago, 8, 38038 Tesero TN<\/p><div class='padt10'><span class='evo_btn_arr evolb_trigger' data-lbvals=\"{&quot;lbc&quot;:&quot;evo_location_lb_30&quot;,&quot;lbac&quot;:&quot;lb_max&quot;,&quot;t&quot;:&quot;Pampeago&quot;,&quot;ajax&quot;:&quot;yes&quot;,&quot;ajax_type&quot;:&quot;endpoint&quot;,&quot;ajax_action&quot;:&quot;eventon_get_tax_card_content&quot;,&quot;end&quot;:&quot;client&quot;,&quot;d&quot;:{&quot;lang&quot;:&quot;L1&quot;,&quot;term_id&quot;:30,&quot;tax&quot;:&quot;event_location&quot;,&quot;load_lbcontent&quot;:true},&quot;uid&quot;:&quot;eventon_get_tax_card_content&quot;}\" >Other Events<i class='fa fa-chevron-right'><\/i><\/span><\/div><\/div>\n\t\t\n\t<\/div><\/div><\/div><div class='evocard_row'><div id='event_addtocal' class='evocard_box addtocal' data-c='' \n\t\t\t\t\tstyle=''><div class='evo_metarow_ICS evorow evcal_evdata_row'>\n\t\t\t<span class='evcal_evdata_icons'><i class='fa fa-calendar-o'><\/i><\/span>\n\t\t\t<div class='evcal_evdata_cell'>\n\t\t\t\t<p><a href='https:\/\/latemarium.com\/it\/export-events\/2196_6\/?nonce=a3263097f9' class='evo_ics_nCal' title='Aggiungi al tuo calendario'>Calendario<\/a><a href='https:\/\/www.google.com\/calendar\/event?action=TEMPLATE&text=PilYoga&dates=20260806T150000Z%2F20260806T171500Z&ctz=Europe%2FRome&details=PilYoga&location=Pampeago+Localit%C3%A0+Pampeago%2C+8%2C+38038+Tesero+TN' target='_blank' class='evo_ics_gCal' title='Aggiungi al calendario di Google'>GoogleCal<\/a><\/p>\t\n\t\t\t<\/div>\n\t\t<\/div><\/div><\/div><div class='evocard_row'><div id='event_getdirection' class='evocard_box getdirection' data-c='' \n\t\t\t\t\tstyle=''><div class='evo_metarow_getDr evorow evcal_evdata_row evcal_evrow_sm getdirections'>\n\t\t<form action='https:\/\/maps.google.com\/maps' method='get' target='_blank'>\n\t\t\t<input type='hidden' name='daddr' value=\"46.34343697644898,11.540997527961546\"\/> \n\t\t\t<div class='evo_get_direction_content evo_fx_dr_r evogap10'>\n\t\t\t\t<span class='evogetdir_header evodfx evofx_dr_r evofx_ai_c marr10'>\n\t\t\t\t\t<i class='mainicon fa fa-road'><\/i> \n\t\t\t\t\t<h3 class='evo_h3' style='padding-bottom:5px;'>Ottieni indicazioni stradali<\/h3>\n\t\t\t\t<\/span>\n\t\t\t\t<span class='evogetdir_field evodfx evofx_1_1 evo_fx_dr_c evow100p'>\t\t\t\t\t\n\t\t\t\t\t<input class='evoInput evotac' type='text' name='saddr' placeholder='Digitare l&#039;indirizzo per ottenere le indicazioni stradali' value='' style='margin:10px 0;'\/>\n\t\t\t\t<\/span>\n\t\t\t\t<button type='submit' class='evo_get_direction_button evo_btn_arr_circ dfx fx_ai_c' title='Fare clic qui per ottenere indicazioni'><i class='fa fa-chevron-right'><\/i> <\/button>\n\t\t\t<\/div>\n\t\t<\/form>\n\t<\/div><\/div><\/div><div class='evo_card_row_end evcal_close' title='Testo del pulsante Chiudi evento'><\/div><\/div><div class='clear end'><\/div><\/div><div id=\"event_2201_6\" class=\"eventon_list_event evo_eventtop scheduled  event clrD no_et event_2201_6\" data-event_id=\"2201\" data-ri=\"6r\" data-time=\"1786029300-1786053540\" data-colr=\"#ba181d\" itemscope itemtype='http:\/\/schema.org\/Event'><div class=\"evo_event_schema\" style=\"display:none\" ><a itemprop='url'  href='https:\/\/latemarium.com\/it\/events\/e-bike-tour-ai-piedi-del-latemar\/var\/ri-6.l-L1'><\/a><meta itemprop='image' content=\"https:\/\/latemarium.com\/wp-content\/uploads\/2023\/06\/e-bike-tour.jpg\" \/><meta itemprop='startDate' content=\"2026-8-6T17:15+0:00\" \/><meta itemprop='endDate' content=\"2026-8-6T23:59+0:00\" \/><meta itemprop='eventStatus' content=\"https:\/\/schema.org\/EventScheduled\" \/><meta itemprop='eventAttendanceMode'   itemscope itemtype=\"https:\/\/schema.org\/OfflineEventAttendanceMode\"\/><div style=\"display:none\" itemprop=\"location\" itemscope itemtype=\"http:\/\/schema.org\/Place\"><span itemprop=\"name\">Pampeago<\/span><span itemprop=\"address\" itemscope itemtype=\"http:\/\/schema.org\/PostalAddress\"><item itemprop=\"streetAddress\">Localit\u00e0 Pampeago, 8, 38038 Tesero TN<\/item><\/span><\/div><script type=\"application\/ld+json\">{\"@context\": \"http:\/\/schema.org\",\"@type\": \"Event\",\n\t\t\t\t\"@id\": \"event_2201_6\",\n\t\t\t\t\"eventAttendanceMode\":\"https:\/\/schema.org\/OfflineEventAttendanceMode\",\n\t\t\t\t\"eventStatus\":\"https:\/\/schema.org\/EventScheduled\",\n\t\t\t\t\"name\": \"E-Bike Tour ai piedi del Latemar\",\n\t\t\t\t\"url\": \"https:\/\/latemarium.com\/it\/events\/e-bike-tour-ai-piedi-del-latemar\/var\/ri-6.l-L1\",\n\t\t\t\t\"startDate\": \"2026-8-6T17:15+0:00\",\n\t\t\t\t\"endDate\": \"2026-8-6T23:59+0:00\",\n\t\t\t\t\"image\":\"https:\/\/latemarium.com\/wp-content\/uploads\/2023\/06\/e-bike-tour.jpg\", \n\t\t\t\t\"description\":\"<p><strong>Ogni gioved\u00ec dal 25 giugno al 3 settembre 2026<\/strong><\/p> <p>Ritrovo con la guida Andrea alle 17.15 a Pampeago (presso biglietteria impianti)<br \/> Durata:\u00a0dalle 17.15 alle 19.15<br \/> Max 8 persone. +16 anni.<\/p> <p class='p1'><span class='s1'>Per gli appassionati di e-bike, con un livello intermedio, abbiamo pensato ad un tour alla scoperta del Latemar con vista mozzafiato sulle aree circostanti. Sar\u00e0 un itinerario piacevole e grazie alla pedalata assistita potrete affrontare con facilit\u00e0 il dislivello che vi porter\u00e0 in localit\u00e0 Tresca. \u00c8 il momento della giornata perfetto: la montagna si svuota, potrete apprezzare il silenzio della natura e godere dei colori della \u201cgolden hour\u201d. Terminato il giro vi attender\u00e0 un piccolo aperitivo allo Chalet Caserina.<br \/> Potrete noleggiare la e-bike in loco, al negozio Sport Ventura di Pampeago.<br \/> <\/span><\/p> <p class='p1'><em><span class='s1'>Attivit\u00e0 non prevista in caso di pioggia.<\/span><\/em><\/p> <p>Prenotazione obbligatoria. Clicca\u00a0<a href='https:\/\/www.visitfiemme.it\/it\/eventi\/fiemme-cembra-guest-card\/esperienze\/esperienze-in-estate?re-product-id=251796' target='_blank' rel='noopener'>qui<\/a>.<\/p> \",\"location\":[{\"@type\":\"Place\",\"name\":\"Pampeago\",\"address\":{\"@type\": \"PostalAddress\",\"streetAddress\":\"Localit\u00e0 Pampeago, 8, 38038 Tesero TN\"}}]}<\/script><\/div>\r\n\t\t\t\t<p class=\"desc_trig_outter\" style=\"\"><a data-gmtrig=\"1\" data-exlk=\"0\" style=\"background-color: #ba181d;\" id=\"evc_17860293002201\" class=\"hasFtIMG event_repeat desc_trig sin_val evcal_list_a\" data-ux_val=\"3\" data-ux_val_mob=\"-\"  ><span class='evoet_c1 evoet_cx '><span class='ev_ftImg' data-img='https:\/\/latemarium.com\/wp-content\/uploads\/2023\/06\/e-bike-tour.jpg' data-thumb='https:\/\/latemarium.com\/wp-content\/uploads\/2023\/06\/e-bike-tour-300x169.jpg' style='background-image:url(\"https:\/\/latemarium.com\/wp-content\/uploads\/2023\/06\/e-bike-tour-300x169.jpg\")' ><\/span><\/span><span class='evoet_c2 evoet_cx '><span class='evoet_dayblock evcal_cblock ' data-bgcolor='#ba181d' data-smon='agosto' data-syr='2026' data-bub=''><span class='evo_start '><em class='date'>06<\/em><em class='month'>ago<\/em><em class='time'>17:15<\/em><\/span><\/span><\/span><span class='evoet_c3 evoet_cx evcal_desc hide_eventtopdata '><span class='evoet_title evcal_desc2 evcal_event_title ' itemprop='name'>E-Bike Tour ai piedi del Latemar<\/span><span class='event_location_attrs'  data-location_address=\"Localit\u00e0 Pampeago, 8, 38038 Tesero TN\" data-location_type=\"lonlat\" data-location_name=\"Pampeago\" data-location_url=\"https:\/\/latemarium.com\/it\/event-location\/pampeago\/\" data-location_status=\"true\" data-latlng=\"46.34343697644898,11.540997527961546\"><\/span><span class='evoet_subtitle evo_below_title' ><span class='evcal_event_subtitle ' >Per gli appassionati di e-bike<\/span><\/span><span class='evoet_time_expand level_3'><em class='evcal_time evo_tz_time'><i class='fa fa-clock-o'><\/i>17:15<span class='evo_tz marl5'>(GMT+02:00)<\/span><\/em> <\/span><span class='evoet_location level_3'><em class=\"evcal_location\"  data-latlng=\"46.34343697644898,11.540997527961546\" data-add_str=\"Localit\u00e0 Pampeago, 8, 38038 Tesero TN\" data-n=\"Pampeago\"><i class=\"fa fa-location-pin\"><\/i><em class=\"event_location_name\">Pampeago<\/em>, Localit\u00e0 Pampeago, 8, 38038 Tesero TN<\/em><\/span><\/span><span class='evoet_data' data-d=\"{&quot;loc.n&quot;:&quot;Pampeago&quot;,&quot;orgs&quot;:[],&quot;tags&quot;:{&quot;repeating&quot;:&quot;Repeating Event&quot;}}\" data-bgc=\"#ba181d\" data-bggrad=\"\" ><\/span><\/a><\/p><div class='event_description evcal_eventcard ' style=\"display:none\"><div class='evocard_row'><div id='event_ftimage' class='evocard_box ftimage' data-c='' \n\t\t\t\t\tstyle=''><div class='evocard_main_image_hold' data-t='Loading Image..'><div class='evocard_main_image evo_img_triglb evobr15 evobgsc evobgpc evodfx evofx_jc_c evofx_ai_c evofz48 minmized' style='height:300px; background-image:url();' data-f=\"https:\/\/latemarium.com\/wp-content\/uploads\/2023\/06\/e-bike-tour.jpg\" data-h=\"675\" data-w=\"1200\" data-ratio=\"0.5625\" data-event_id=\"2201\" data-ri=\"6\"  data-t='Loading Image..'><span style='height:300px; background-image:url(https:\/\/latemarium.com\/wp-content\/uploads\/2023\/06\/e-bike-tour.jpg)'><\/span><\/div><\/div><\/div><\/div><div class='evocard_row'><div id='event_eventdetails' class='evocard_box eventdetails' data-c='' \n\t\t\t\t\tstyle=''><div class='evo_metarow_details evorow evcal_evdata_row evcal_event_details'>\n\t\t<div class=\"event_excerpt\" style=\"display:none\"><h3 class=\"padb5 evo_h3\">Dettagli dell&#039;evento<\/h3><p>Ogni gioved\u00ec dal 25 giugno al 3 settembre 2026\nRitrovo con la guida Andrea alle 17.15 a Pampeago (presso biglietteria impianti)\nDurata:\u00a0dalle 17.15 alle 19.15\nMax 8 persone. +16 anni.<\/p><\/div><span class='evcal_evdata_icons'><i class='fa fa-align-justify'><\/i><\/span>\n\t\t\n\t\t<div class='evcal_evdata_cell shorter_desc'>\n\t\t\t<div class='eventon_full_description'>\n\t\t\t\t<h3 class='padb5 evo_h3'><span class='evcal_evdata_icons'><i class='fa fa-align-justify'><\/i><\/span>Dettagli dell&#039;evento<\/h3>\n\t\t\t\t<div class='eventon_desc_in' itemprop='description'>\n\t\t\t\t<p><strong>Ogni gioved\u00ec dal 25 giugno al 3 settembre 2026<\/strong><\/p>\n<p>Ritrovo con la guida Andrea alle 17.15 a Pampeago (presso biglietteria impianti)<br \/>\nDurata:\u00a0dalle 17.15 alle 19.15<br \/>\nMax 8 persone. +16 anni.<\/p>\n<p class=\"p1\"><span class=\"s1\">Per gli appassionati di e-bike, con un livello intermedio, abbiamo pensato ad un tour alla scoperta del Latemar con vista mozzafiato sulle aree circostanti. Sar\u00e0 un itinerario piacevole e grazie alla pedalata assistita potrete affrontare con facilit\u00e0 il dislivello che vi porter\u00e0 in localit\u00e0 Tresca. \u00c8 il momento della giornata perfetto: la montagna si svuota, potrete apprezzare il silenzio della natura e godere dei colori della \u201cgolden hour\u201d. Terminato il giro vi attender\u00e0 un piccolo aperitivo allo Chalet Caserina.<br \/>\nPotrete noleggiare la e-bike in loco, al negozio Sport Ventura di Pampeago.<br \/>\n<\/span><\/p>\n<p class=\"p1\"><em><span class=\"s1\">Attivit\u00e0 non prevista in caso di pioggia.<\/span><\/em><\/p>\n<p>Prenotazione obbligatoria. Clicca\u00a0<a href=\"https:\/\/www.visitfiemme.it\/it\/eventi\/fiemme-cembra-guest-card\/esperienze\/esperienze-in-estate?re-product-id=251796\" target=\"_blank\" rel=\"noopener\">qui<\/a>.<\/p>\n<\/div><p class='eventon_shad_p' style='padding:5px 0 0; margin:0'>\n\t\t\t<span class='evcal_btn evo_btn_secondary evobtn_details_show_more' content='less'>\n\t\t\t\t<span class='ev_more_text' data-txt='Meno'>Pi\u00f9<\/span><span class='ev_more_arrow ard'><\/span>\n\t\t\t<\/span>\n\t\t<\/p><div class='clear'><\/div>\n\t\t\t<\/div>\n\t\t<\/div>\n\t<\/div><\/div><\/div><div class='evocard_row bx2 bx'><div id='event_time' class='evocard_box time' data-c='' \n\t\t\t\t\tstyle=''><div class='evo_metarow_time evorow evcal_evdata_row evcal_evrow_sm '>\n\t\t<span class='evcal_evdata_icons'><i class='fa fa-clock'><\/i><\/span>\n\t\t<div class='evcal_evdata_cell'>\t\t\t\t\t\t\t\n\t\t\t<h3 class='evo_h3'><span class='evcal_evdata_icons'><i class='fa fa-clock'><\/i><\/span>Orario<\/h3><p><span class='evo_eventcard_time_t'>6 agosto 2026 17:15<\/span><span class='evo_tz marr5'>(GMT+02:00)<\/span><\/p>\n\t\t<\/div>\n\t<\/div><\/div><div id='event_location' class='evocard_box location' data-c='' \n\t\t\t\t\tstyle=''><div class='evcal_evdata_row evo_metarow_time_location evorow '>\n\t\t\n\t\t\t<span class='evcal_evdata_icons'><i class='fa fa-map-marker'><\/i><\/span>\n\t\t\t<div class='evcal_evdata_cell' data-loc_tax_id='30'><h3 class='evo_h3 evodfx'><span class='evcal_evdata_icons'><i class='fa fa-map-marker'><\/i><\/span>Luogo<\/h3><p class='evo_location_name'>Pampeago<\/p><p class='evo_location_address evodfxi evogap10'>Localit\u00e0 Pampeago, 8, 38038 Tesero TN<\/p><div class='padt10'><span class='evo_btn_arr evolb_trigger' data-lbvals=\"{&quot;lbc&quot;:&quot;evo_location_lb_30&quot;,&quot;lbac&quot;:&quot;lb_max&quot;,&quot;t&quot;:&quot;Pampeago&quot;,&quot;ajax&quot;:&quot;yes&quot;,&quot;ajax_type&quot;:&quot;endpoint&quot;,&quot;ajax_action&quot;:&quot;eventon_get_tax_card_content&quot;,&quot;end&quot;:&quot;client&quot;,&quot;d&quot;:{&quot;lang&quot;:&quot;L1&quot;,&quot;term_id&quot;:30,&quot;tax&quot;:&quot;event_location&quot;,&quot;load_lbcontent&quot;:true},&quot;uid&quot;:&quot;eventon_get_tax_card_content&quot;}\" >Other Events<i class='fa fa-chevron-right'><\/i><\/span><\/div><\/div>\n\t\t\n\t<\/div><\/div><\/div><div class='evocard_row'><div id='event_addtocal' class='evocard_box addtocal' data-c='' \n\t\t\t\t\tstyle=''><div class='evo_metarow_ICS evorow evcal_evdata_row'>\n\t\t\t<span class='evcal_evdata_icons'><i class='fa fa-calendar-o'><\/i><\/span>\n\t\t\t<div class='evcal_evdata_cell'>\n\t\t\t\t<p><a href='https:\/\/latemarium.com\/it\/export-events\/2201_6\/?nonce=a3263097f9' class='evo_ics_nCal' title='Aggiungi al tuo calendario'>Calendario<\/a><a href='https:\/\/www.google.com\/calendar\/event?action=TEMPLATE&text=E-Bike+Tour+ai+piedi+del+Latemar&dates=20260806T151500Z%2F20260806T215900Z&ctz=Europe%2FRome&details=E-Bike Tour ai piedi del Latemar&location=Pampeago+Localit%C3%A0+Pampeago%2C+8%2C+38038+Tesero+TN' target='_blank' class='evo_ics_gCal' title='Aggiungi al calendario di Google'>GoogleCal<\/a><\/p>\t\n\t\t\t<\/div>\n\t\t<\/div><\/div><\/div><div class='evocard_row'><div id='event_getdirection' class='evocard_box getdirection' data-c='' \n\t\t\t\t\tstyle=''><div class='evo_metarow_getDr evorow evcal_evdata_row evcal_evrow_sm getdirections'>\n\t\t<form action='https:\/\/maps.google.com\/maps' method='get' target='_blank'>\n\t\t\t<input type='hidden' name='daddr' value=\"46.34343697644898,11.540997527961546\"\/> \n\t\t\t<div class='evo_get_direction_content evo_fx_dr_r evogap10'>\n\t\t\t\t<span class='evogetdir_header evodfx evofx_dr_r evofx_ai_c marr10'>\n\t\t\t\t\t<i class='mainicon fa fa-road'><\/i> \n\t\t\t\t\t<h3 class='evo_h3' style='padding-bottom:5px;'>Ottieni indicazioni stradali<\/h3>\n\t\t\t\t<\/span>\n\t\t\t\t<span class='evogetdir_field evodfx evofx_1_1 evo_fx_dr_c evow100p'>\t\t\t\t\t\n\t\t\t\t\t<input class='evoInput evotac' type='text' name='saddr' placeholder='Digitare l&#039;indirizzo per ottenere le indicazioni stradali' value='' style='margin:10px 0;'\/>\n\t\t\t\t<\/span>\n\t\t\t\t<button type='submit' class='evo_get_direction_button evo_btn_arr_circ dfx fx_ai_c' title='Fare clic qui per ottenere indicazioni'><i class='fa fa-chevron-right'><\/i> <\/button>\n\t\t\t<\/div>\n\t\t<\/form>\n\t<\/div><\/div><\/div><div class='evo_card_row_end evcal_close' title='Testo del pulsante Chiudi evento'><\/div><\/div><div class='clear end'><\/div><\/div><div id=\"event_2493_6\" class=\"eventon_list_event evo_eventtop scheduled  event clrW no_et event_2493_6\" data-event_id=\"2493\" data-ri=\"6r\" data-time=\"1786087800-1786139940\" data-colr=\"#6baeff\" itemscope itemtype='http:\/\/schema.org\/Event'><div class=\"evo_event_schema\" style=\"display:none\" ><a itemprop='url'  href='https:\/\/latemarium.com\/it\/events\/respirart-piccoli-artisti-in-natura\/var\/ri-6.l-L1'><\/a><meta itemprop='image' content=\"https:\/\/latemarium.com\/wp-content\/uploads\/2021\/05\/respirart-vita-e-bellezza.jpg\" \/><meta itemprop='startDate' content=\"2026-8-7T09:30+0:00\" \/><meta itemprop='endDate' content=\"2026-8-7T23:59+0:00\" \/><meta itemprop='eventStatus' content=\"https:\/\/schema.org\/EventScheduled\" \/><meta itemprop='eventAttendanceMode'   itemscope itemtype=\"https:\/\/schema.org\/OfflineEventAttendanceMode\"\/><div style=\"display:none\" itemprop=\"location\" itemscope itemtype=\"http:\/\/schema.org\/Place\"><span itemprop=\"name\">Pampeago<\/span><span itemprop=\"address\" itemscope itemtype=\"http:\/\/schema.org\/PostalAddress\"><item itemprop=\"streetAddress\">Localit\u00e0 Pampeago, 8, 38038 Tesero TN<\/item><\/span><\/div><script type=\"application\/ld+json\">{\"@context\": \"http:\/\/schema.org\",\"@type\": \"Event\",\n\t\t\t\t\"@id\": \"event_2493_6\",\n\t\t\t\t\"eventAttendanceMode\":\"https:\/\/schema.org\/OfflineEventAttendanceMode\",\n\t\t\t\t\"eventStatus\":\"https:\/\/schema.org\/EventScheduled\",\n\t\t\t\t\"name\": \"Respirart: piccoli artisti in natura\",\n\t\t\t\t\"url\": \"https:\/\/latemarium.com\/it\/events\/respirart-piccoli-artisti-in-natura\/var\/ri-6.l-L1\",\n\t\t\t\t\"startDate\": \"2026-8-7T09:30+0:00\",\n\t\t\t\t\"endDate\": \"2026-8-7T23:59+0:00\",\n\t\t\t\t\"image\":\"https:\/\/latemarium.com\/wp-content\/uploads\/2021\/05\/respirart-vita-e-bellezza.jpg\", \n\t\t\t\t\"description\":\"<p><strong>Ogni venerd\u00ec dal 26 giugno all&#8217;11 settembre 2026<\/strong><\/p> <p>Laboratorio ambientale e artistico RespirArt, rivolto a tutti, grandi e piccini. Andremo alla scoperta delle opere d&#8217;arte in modo divertente.<br \/> Appuntamento alle 9.30 alla partenza della Seggiovia-Seminovia Agnello di Pampeago con la guida artistica, che vi consegner\u00e0 i semi per sorvolare il parco RespirArt. Partecipando al laboratorio artistico i bambini costruiranno piccole opere di land art utilizzando materiali naturali.<\/p> <p><strong>Prenotazione obbligatoria.<\/strong><\/p> <p>Clicca <a href='https:\/\/www.visitfiemme.it\/it\/eventi\/fiemme-cembra-guest-card\/esperienze\/esperienze-in-estate?re-product-id=211712' target='_blank' rel='noopener'>qui<\/a> per prenotare.<\/p> \",\"location\":[{\"@type\":\"Place\",\"name\":\"Pampeago\",\"address\":{\"@type\": \"PostalAddress\",\"streetAddress\":\"Localit\u00e0 Pampeago, 8, 38038 Tesero TN\"}}]}<\/script><\/div>\r\n\t\t\t\t<p class=\"desc_trig_outter\" style=\"\"><a data-gmtrig=\"1\" data-exlk=\"0\" style=\"background-color: #6baeff;\" id=\"evc_17860878002493\" class=\"hasFtIMG event_repeat desc_trig sin_val evcal_list_a\" data-ux_val=\"3\" data-ux_val_mob=\"-\"  ><span class='evoet_c1 evoet_cx '><span class='ev_ftImg' data-img='https:\/\/latemarium.com\/wp-content\/uploads\/2021\/05\/respirart-vita-e-bellezza.jpg' data-thumb='https:\/\/latemarium.com\/wp-content\/uploads\/2021\/05\/respirart-vita-e-bellezza-300x201.jpg' style='background-image:url(\"https:\/\/latemarium.com\/wp-content\/uploads\/2021\/05\/respirart-vita-e-bellezza-300x201.jpg\")' ><\/span><\/span><span class='evoet_c2 evoet_cx '><span class='evoet_dayblock evcal_cblock ' data-bgcolor='#6baeff' data-smon='agosto' data-syr='2026' data-bub=''><span class='evo_start '><em class='date'>07<\/em><em class='month'>ago<\/em><em class='time'>09:30<\/em><\/span><\/span><\/span><span class='evoet_c3 evoet_cx evcal_desc hide_eventtopdata '><span class='evoet_title evcal_desc2 evcal_event_title ' itemprop='name'>Respirart: piccoli artisti in natura<\/span><span class='event_location_attrs'  data-location_address=\"Localit\u00e0 Pampeago, 8, 38038 Tesero TN\" data-location_type=\"lonlat\" data-location_name=\"Pampeago\" data-location_url=\"https:\/\/latemarium.com\/it\/event-location\/pampeago\/\" data-location_status=\"true\" data-latlng=\"46.34343697644898,11.540997527961546\"><\/span><span class='evoet_subtitle evo_below_title' ><span class='evcal_event_subtitle ' >laboratorio artistico<\/span><\/span><span class='evoet_time_expand level_3'><em class='evcal_time evo_tz_time'><i class='fa fa-clock-o'><\/i>09:30<span class='evo_tz marl5'>(GMT+02:00)<\/span><\/em> <\/span><span class='evoet_location level_3'><em class=\"evcal_location\"  data-latlng=\"46.34343697644898,11.540997527961546\" data-add_str=\"Localit\u00e0 Pampeago, 8, 38038 Tesero TN\" data-n=\"Pampeago\"><i class=\"fa fa-location-pin\"><\/i><em class=\"event_location_name\">Pampeago<\/em>, Localit\u00e0 Pampeago, 8, 38038 Tesero TN<\/em><\/span><\/span><span class='evoet_data' data-d=\"{&quot;loc.n&quot;:&quot;Pampeago&quot;,&quot;orgs&quot;:[],&quot;tags&quot;:{&quot;repeating&quot;:&quot;Repeating Event&quot;}}\" data-bgc=\"#6baeff\" data-bggrad=\"\" ><\/span><\/a><\/p><div class='event_description evcal_eventcard ' style=\"display:none\"><div class='evocard_row'><div id='event_ftimage' class='evocard_box ftimage' data-c='' \n\t\t\t\t\tstyle=''><div class='evocard_main_image_hold' data-t='Loading Image..'><div class='evocard_main_image evo_img_triglb evobr15 evobgsc evobgpc evodfx evofx_jc_c evofx_ai_c evofz48 minmized' style='height:300px; background-image:url();' data-f=\"https:\/\/latemarium.com\/wp-content\/uploads\/2021\/05\/respirart-vita-e-bellezza.jpg\" data-h=\"602\" data-w=\"899\" data-ratio=\"0.66963292547275\" data-event_id=\"2493\" data-ri=\"6\"  data-t='Loading Image..'><span style='height:300px; background-image:url(https:\/\/latemarium.com\/wp-content\/uploads\/2021\/05\/respirart-vita-e-bellezza.jpg)'><\/span><\/div><\/div><\/div><\/div><div class='evocard_row'><div id='event_eventdetails' class='evocard_box eventdetails' data-c='' \n\t\t\t\t\tstyle=''><div class='evo_metarow_details evorow evcal_evdata_row evcal_event_details'>\n\t\t<div class=\"event_excerpt\" style=\"display:none\"><h3 class=\"padb5 evo_h3\">Dettagli dell&#039;evento<\/h3><p>Ogni venerd\u00ec dal 26 giugno all&#8217;11 settembre 2026\nLaboratorio ambientale e artistico RespirArt, rivolto a tutti, grandi e piccini. Andremo alla scoperta delle opere d&#8217;arte in modo divertente.\nAppuntamento alle 9.30<\/p><\/div><span class='evcal_evdata_icons'><i class='fa fa-align-justify'><\/i><\/span>\n\t\t\n\t\t<div class='evcal_evdata_cell shorter_desc'>\n\t\t\t<div class='eventon_full_description'>\n\t\t\t\t<h3 class='padb5 evo_h3'><span class='evcal_evdata_icons'><i class='fa fa-align-justify'><\/i><\/span>Dettagli dell&#039;evento<\/h3>\n\t\t\t\t<div class='eventon_desc_in' itemprop='description'>\n\t\t\t\t<p><strong>Ogni venerd\u00ec dal 26 giugno all&#8217;11 settembre 2026<\/strong><\/p>\n<p>Laboratorio ambientale e artistico RespirArt, rivolto a tutti, grandi e piccini. Andremo alla scoperta delle opere d&#8217;arte in modo divertente.<br \/>\nAppuntamento alle 9.30 alla partenza della Seggiovia-Seminovia Agnello di Pampeago con la guida artistica, che vi consegner\u00e0 i semi per sorvolare il parco RespirArt. Partecipando al laboratorio artistico i bambini costruiranno piccole opere di land art utilizzando materiali naturali.<\/p>\n<p><strong>Prenotazione obbligatoria.<\/strong><\/p>\n<p>Clicca <a href=\"https:\/\/www.visitfiemme.it\/it\/eventi\/fiemme-cembra-guest-card\/esperienze\/esperienze-in-estate?re-product-id=211712\" target=\"_blank\" rel=\"noopener\">qui<\/a> per prenotare.<\/p>\n<\/div><p class='eventon_shad_p' style='padding:5px 0 0; margin:0'>\n\t\t\t<span class='evcal_btn evo_btn_secondary evobtn_details_show_more' content='less'>\n\t\t\t\t<span class='ev_more_text' data-txt='Meno'>Pi\u00f9<\/span><span class='ev_more_arrow ard'><\/span>\n\t\t\t<\/span>\n\t\t<\/p><div class='clear'><\/div>\n\t\t\t<\/div>\n\t\t<\/div>\n\t<\/div><\/div><\/div><div class='evocard_row bx2 bx'><div id='event_time' class='evocard_box time' data-c='' \n\t\t\t\t\tstyle=''><div class='evo_metarow_time evorow evcal_evdata_row evcal_evrow_sm '>\n\t\t<span class='evcal_evdata_icons'><i class='fa fa-clock'><\/i><\/span>\n\t\t<div class='evcal_evdata_cell'>\t\t\t\t\t\t\t\n\t\t\t<h3 class='evo_h3'><span class='evcal_evdata_icons'><i class='fa fa-clock'><\/i><\/span>Orario<\/h3><p><span class='evo_eventcard_time_t'>7 agosto 2026 09:30<\/span><span class='evo_tz marr5'>(GMT+02:00)<\/span><\/p>\n\t\t<\/div>\n\t<\/div><\/div><div id='event_location' class='evocard_box location' data-c='' \n\t\t\t\t\tstyle=''><div class='evcal_evdata_row evo_metarow_time_location evorow '>\n\t\t\n\t\t\t<span class='evcal_evdata_icons'><i class='fa fa-map-marker'><\/i><\/span>\n\t\t\t<div class='evcal_evdata_cell' data-loc_tax_id='30'><h3 class='evo_h3 evodfx'><span class='evcal_evdata_icons'><i class='fa fa-map-marker'><\/i><\/span>Luogo<\/h3><p class='evo_location_name'>Pampeago<\/p><p class='evo_location_address evodfxi evogap10'>Localit\u00e0 Pampeago, 8, 38038 Tesero TN<\/p><div class='padt10'><span class='evo_btn_arr evolb_trigger' data-lbvals=\"{&quot;lbc&quot;:&quot;evo_location_lb_30&quot;,&quot;lbac&quot;:&quot;lb_max&quot;,&quot;t&quot;:&quot;Pampeago&quot;,&quot;ajax&quot;:&quot;yes&quot;,&quot;ajax_type&quot;:&quot;endpoint&quot;,&quot;ajax_action&quot;:&quot;eventon_get_tax_card_content&quot;,&quot;end&quot;:&quot;client&quot;,&quot;d&quot;:{&quot;lang&quot;:&quot;L1&quot;,&quot;term_id&quot;:30,&quot;tax&quot;:&quot;event_location&quot;,&quot;load_lbcontent&quot;:true},&quot;uid&quot;:&quot;eventon_get_tax_card_content&quot;}\" >Other Events<i class='fa fa-chevron-right'><\/i><\/span><\/div><\/div>\n\t\t\n\t<\/div><\/div><\/div><div class='evocard_row bx2 bx'><div id='event_learnmore' class='evocard_box learnmore' data-c='' \n\t\t\t\t\tstyle=''><div class='evo_metarow_learnM evo_metarow_learnmore evorow'>\n\t\t\t\t\t\t\t<a class='evcal_evdata_row evo_clik_row ' href='http:\/\/www.respirart.com\/' target=\"_blank\">\n\t\t\t\t\t\t\t\t<span class='evcal_evdata_icons'><i class='fa fa-link'><\/i><\/span>\n\t\t\t\t\t\t\t\t<h3 class='evo_h3'>Scopri di pi\u00f9<\/h3>\n\t\t\t\t\t\t\t<\/a>\n\t\t\t\t\t\t\t<\/div><\/div><div id='event_addtocal' class='evocard_box addtocal' data-c='' \n\t\t\t\t\tstyle=''><div class='evo_metarow_ICS evorow evcal_evdata_row'>\n\t\t\t<span class='evcal_evdata_icons'><i class='fa fa-calendar-o'><\/i><\/span>\n\t\t\t<div class='evcal_evdata_cell'>\n\t\t\t\t<p><a href='https:\/\/latemarium.com\/it\/export-events\/2493_6\/?nonce=a3263097f9' class='evo_ics_nCal' title='Aggiungi al tuo calendario'>Calendario<\/a><a href='https:\/\/www.google.com\/calendar\/event?action=TEMPLATE&text=Respirart%3A+piccoli+artisti+in+natura&dates=20260807T073000Z%2F20260807T215900Z&ctz=Europe%2FRome&details=Respirart: piccoli artisti in natura&location=Pampeago+Localit%C3%A0+Pampeago%2C+8%2C+38038+Tesero+TN' target='_blank' class='evo_ics_gCal' title='Aggiungi al calendario di Google'>GoogleCal<\/a><\/p>\t\n\t\t\t<\/div>\n\t\t<\/div><\/div><\/div><div class='evocard_row'><div id='event_repeats' class='evocard_box repeats' data-c='' \n\t\t\t\t\tstyle=''><div class='evo_metarow_repeats evorow evcal_evdata_row evcal_evrow_sm '>\n\t\t<span class='evcal_evdata_icons'><i class='fa fa-repeat'><\/i><\/span>\n\t\t<div class='evcal_evdata_cell'>\t\t\t\t\t\t\t\n\t\t\t<h3 class='evo_h3'>Orari degli eventi futuri in questa serie di eventi ripetuti<\/h3><div class='evo_elm_HCS evo_repeat_series' style=''><span class='evo_elmHCS_nav HCSnavL evo_repeat_series content_slide_trig'><i class='fa fa-chevron-left'><\/i><\/span><span class='evo_elmHCS_nav HCSnavR evo_repeat_series content_slide_trig'><i class='fa fa-chevron-right'><\/i><\/span><div class='evo_elm_HCS_in'><div class='evo_repeat_series_dates clickable evodfx evofx_dr_r evogap10' data-click='1' data-event_url='https:\/\/latemarium.com\/it\/events\/respirart-piccoli-artisti-in-natura\/var\/ri-6.l-L1'><span class='evo_repeat_series_date evodfx evofx_dr_r evofx_ai_c evogap5 evobr15 evobrdB1 evocl1 evopad15 evottu evofz14 evocurp evo_trans_sc1_03 evoHbgcw' data-ux=\"def\" data-l=\"https:\/\/latemarium.com\/it\/events\/respirart-piccoli-artisti-in-natura\/var\/ri-7.l-L1\" ><span class='evodfx evofx_dr_c evotac evofx_jc_c'><b class='j evofz16'>14<\/b><b class='fy'>agosto <\/b><em class='t evofsn'>09:30 - 23:59<\/em><\/span><\/span><span class='evo_repeat_series_date evodfx evofx_dr_r evofx_ai_c evogap5 evobr15 evobrdB1 evocl1 evopad15 evottu evofz14 evocurp evo_trans_sc1_03 evoHbgcw' data-ux=\"def\" data-l=\"https:\/\/latemarium.com\/it\/events\/respirart-piccoli-artisti-in-natura\/var\/ri-8.l-L1\" ><span class='evodfx evofx_dr_c evotac evofx_jc_c'><b class='j evofz16'>21<\/b><b class='fy'>agosto <\/b><em class='t evofsn'>09:30 - 23:59<\/em><\/span><\/span><span class='evo_repeat_series_date evodfx evofx_dr_r evofx_ai_c evogap5 evobr15 evobrdB1 evocl1 evopad15 evottu evofz14 evocurp evo_trans_sc1_03 evoHbgcw' data-ux=\"def\" data-l=\"https:\/\/latemarium.com\/it\/events\/respirart-piccoli-artisti-in-natura\/var\/ri-9.l-L1\" ><span class='evodfx evofx_dr_c evotac evofx_jc_c'><b class='j evofz16'>28<\/b><b class='fy'>agosto <\/b><em class='t evofsn'>09:30 - 23:59<\/em><\/span><\/span><span class='evo_repeat_series_date evodfx evofx_dr_r evofx_ai_c evogap5 evobr15 evobrdB1 evocl1 evopad15 evottu evofz14 evocurp evo_trans_sc1_03 evoHbgcw' data-ux=\"def\" data-l=\"https:\/\/latemarium.com\/it\/events\/respirart-piccoli-artisti-in-natura\/var\/ri-10.l-L1\" ><span class='evodfx evofx_dr_c evotac evofx_jc_c'><b class='j evofz16'>4<\/b><b class='fy'>settembre <\/b><em class='t evofsn'>09:30 - 23:59<\/em><\/span><\/span><span class='evo_repeat_series_date evodfx evofx_dr_r evofx_ai_c evogap5 evobr15 evobrdB1 evocl1 evopad15 evottu evofz14 evocurp evo_trans_sc1_03 evoHbgcw' data-ux=\"def\" data-l=\"https:\/\/latemarium.com\/it\/events\/respirart-piccoli-artisti-in-natura\/var\/ri-11.l-L1\" ><span class='evodfx evofx_dr_c evotac evofx_jc_c'><b class='j evofz16'>11<\/b><b class='fy'>settembre <\/b><em class='t evofsn'>09:30 - 23:59<\/em><\/span><\/span><\/div><\/div><\/div><\/div><\/div><\/div><\/div><div class='evocard_row'><div id='event_getdirection' class='evocard_box getdirection' data-c='' \n\t\t\t\t\tstyle=''><div class='evo_metarow_getDr evorow evcal_evdata_row evcal_evrow_sm getdirections'>\n\t\t<form action='https:\/\/maps.google.com\/maps' method='get' target='_blank'>\n\t\t\t<input type='hidden' name='daddr' value=\"46.34343697644898,11.540997527961546\"\/> \n\t\t\t<div class='evo_get_direction_content evo_fx_dr_r evogap10'>\n\t\t\t\t<span class='evogetdir_header evodfx evofx_dr_r evofx_ai_c marr10'>\n\t\t\t\t\t<i class='mainicon fa fa-road'><\/i> \n\t\t\t\t\t<h3 class='evo_h3' style='padding-bottom:5px;'>Ottieni indicazioni stradali<\/h3>\n\t\t\t\t<\/span>\n\t\t\t\t<span class='evogetdir_field evodfx evofx_1_1 evo_fx_dr_c evow100p'>\t\t\t\t\t\n\t\t\t\t\t<input class='evoInput evotac' type='text' name='saddr' placeholder='Digitare l&#039;indirizzo per ottenere le indicazioni stradali' value='' style='margin:10px 0;'\/>\n\t\t\t\t<\/span>\n\t\t\t\t<button type='submit' class='evo_get_direction_button evo_btn_arr_circ dfx fx_ai_c' title='Fare clic qui per ottenere indicazioni'><i class='fa fa-chevron-right'><\/i> <\/button>\n\t\t\t<\/div>\n\t\t<\/form>\n\t<\/div><\/div><\/div><div class='evo_card_row_end evcal_close' title='Testo del pulsante Chiudi evento'><\/div><\/div><div class='clear end'><\/div><\/div><div id=\"event_2120_10\" class=\"eventon_list_event evo_eventtop scheduled  event clrD no_et event_2120_10\" data-event_id=\"2120\" data-ri=\"10r\" data-time=\"1786266000-1786312740\" data-colr=\"#006290\" itemscope itemtype='http:\/\/schema.org\/Event'><div class=\"evo_event_schema\" style=\"display:none\" ><a itemprop='url'  href='https:\/\/latemarium.com\/it\/events\/parola-di-nikolaus-drache\/var\/ri-10.l-L1'><\/a><meta itemprop='image' content=\"https:\/\/latemarium.com\/wp-content\/uploads\/2023\/06\/foresta-dei-draghi-6.jpg\" \/><meta itemprop='startDate' content=\"2026-8-9T11:00+0:00\" \/><meta itemprop='endDate' content=\"2026-8-9T23:59+0:00\" \/><meta itemprop='eventStatus' content=\"https:\/\/schema.org\/EventScheduled\" \/><meta itemprop='eventAttendanceMode'   itemscope itemtype=\"https:\/\/schema.org\/OfflineEventAttendanceMode\"\/><script type=\"application\/ld+json\">{\"@context\": \"http:\/\/schema.org\",\"@type\": \"Event\",\n\t\t\t\t\"@id\": \"event_2120_10\",\n\t\t\t\t\"eventAttendanceMode\":\"https:\/\/schema.org\/OfflineEventAttendanceMode\",\n\t\t\t\t\"eventStatus\":\"https:\/\/schema.org\/EventScheduled\",\n\t\t\t\t\"name\": \"Parola di Nikolaus Drache\",\n\t\t\t\t\"url\": \"https:\/\/latemarium.com\/it\/events\/parola-di-nikolaus-drache\/var\/ri-10.l-L1\",\n\t\t\t\t\"startDate\": \"2026-8-9T11:00+0:00\",\n\t\t\t\t\"endDate\": \"2026-8-9T23:59+0:00\",\n\t\t\t\t\"image\":\"https:\/\/latemarium.com\/wp-content\/uploads\/2023\/06\/foresta-dei-draghi-6.jpg\", \n\t\t\t\t\"description\":\"<p>Saltano, corrono, strisciano, volano! Eppure\u2026 non \u00e8 facile vederli!<br \/> Sanno nascondersi bene\u2026 gli squamosi furbacchioni! Chi sono? Ma i draghi del Latemar! Incontrarne uno, anche uno solo, sar\u00e0 un\u2019esperienza meravigliosa! Parola di Nikolaus Drache.<\/p> <p>domenica e luned\u00ec: dal 5 luglio al 24 agosto 2026<br \/> a monte della telecabina Predazzo-Gardon\u00e8<br \/> ore 11.00 e ore 14.30<br \/> spettacoli itineranti sul sentiero della Foresta dei Draghi<br \/> adatto a famiglie e bambini dai 2 anni in su\u00a0(durata 1h30\u2019)<\/p> \"}<\/script><\/div>\r\n\t\t\t\t<p class=\"desc_trig_outter\" style=\"\"><a data-gmap_status=\"null\" data-exlk=\"0\" style=\"background-color: #006290;\" id=\"evc_17862660002120\" class=\"hasFtIMG event_repeat desc_trig sin_val evcal_list_a\" data-ux_val=\"3\" data-ux_val_mob=\"-\"  ><span class='evoet_c1 evoet_cx '><span class='ev_ftImg' data-img='https:\/\/latemarium.com\/wp-content\/uploads\/2023\/06\/foresta-dei-draghi-6.jpg' data-thumb='https:\/\/latemarium.com\/wp-content\/uploads\/2023\/06\/foresta-dei-draghi-6-300x200.jpg' style='background-image:url(\"https:\/\/latemarium.com\/wp-content\/uploads\/2023\/06\/foresta-dei-draghi-6-300x200.jpg\")' ><\/span><\/span><span class='evoet_c2 evoet_cx '><span class='evoet_dayblock evcal_cblock ' data-bgcolor='#006290' data-smon='agosto' data-syr='2026' data-bub=''><span class='evo_start '><em class='date'>09<\/em><em class='month'>ago<\/em><em class='time'>11:00<\/em><\/span><\/span><\/span><span class='evoet_c3 evoet_cx evcal_desc hide_eventtopdata '><span class='evoet_title evcal_desc2 evcal_event_title ' itemprop='name'>Parola di Nikolaus Drache<\/span><span class='event_location_attrs' data-location_type=\"lonlat\" data-location_name=\"A monte della telecabina Predazzo-Gardon\u00e8\" data-location_url=\"https:\/\/latemarium.com\/it\/event-location\/a-monte-della-telecabina-predazzo-gardone\/\" data-location_status=\"true\" data-latlng=\"46.32878794406342,11.600176728690842\"><\/span><span class='evoet_subtitle evo_below_title' ><span class='evcal_event_subtitle ' >Spettacolo itinerante sul sentiero della Foresta dei Draghi<\/span><\/span><span class='evoet_time_expand level_3'><em class='evcal_time evo_tz_time'><i class='fa fa-clock-o'><\/i>11:00<span class='evo_tz marl5'>(GMT+02:00)<\/span><\/em> <\/span><span class='evoet_location level_3'><em class=\"evcal_location\"  data-latlng=\"46.32878794406342,11.600176728690842\" data-add_str=\"\" data-n=\"A monte della telecabina Predazzo-Gardon\u00e8\"><i class=\"fa fa-location-pin\"><\/i><em class=\"event_location_name\">A monte della telecabina Predazzo-Gardon\u00e8<\/em><\/em><\/span><\/span><span class='evoet_data' data-d=\"{&quot;loc.n&quot;:&quot;A monte della telecabina Predazzo-Gardon\\u00e8&quot;,&quot;orgs&quot;:[],&quot;tags&quot;:{&quot;repeating&quot;:&quot;Repeating Event&quot;}}\" data-bgc=\"#006290\" data-bggrad=\"\" ><\/span><\/a><\/p><div class='event_description evcal_eventcard ' style=\"display:none\"><div class='evocard_row'><div id='event_ftimage' class='evocard_box ftimage' data-c='' \n\t\t\t\t\tstyle=''><div class='evocard_main_image_hold' data-t='Loading Image..'><div class='evocard_main_image evo_img_triglb evobr15 evobgsc evobgpc evodfx evofx_jc_c evofx_ai_c evofz48 minmized' style='height:300px; background-image:url();' data-f=\"https:\/\/latemarium.com\/wp-content\/uploads\/2023\/06\/foresta-dei-draghi-6.jpg\" data-h=\"800\" data-w=\"1200\" data-ratio=\"0.66666666666667\" data-event_id=\"2120\" data-ri=\"10\"  data-t='Loading Image..'><span style='height:300px; background-image:url(https:\/\/latemarium.com\/wp-content\/uploads\/2023\/06\/foresta-dei-draghi-6.jpg)'><\/span><\/div><\/div><\/div><\/div><div class='evocard_row'><div id='event_eventdetails' class='evocard_box eventdetails' data-c='' \n\t\t\t\t\tstyle=''><div class='evo_metarow_details evorow evcal_evdata_row evcal_event_details'>\n\t\t<div class=\"event_excerpt\" style=\"display:none\"><h3 class=\"padb5 evo_h3\">Dettagli dell&#039;evento<\/h3><p>Saltano, corrono, strisciano, volano! Eppure\u2026 non \u00e8 facile vederli!\nSanno nascondersi bene\u2026 gli squamosi furbacchioni! Chi sono? Ma i draghi del Latemar! Incontrarne uno, anche uno solo, sar\u00e0 un\u2019esperienza meravigliosa!<\/p><\/div><span class='evcal_evdata_icons'><i class='fa fa-align-justify'><\/i><\/span>\n\t\t\n\t\t<div class='evcal_evdata_cell '>\n\t\t\t<div class='eventon_full_description'>\n\t\t\t\t<h3 class='padb5 evo_h3'><span class='evcal_evdata_icons'><i class='fa fa-align-justify'><\/i><\/span>Dettagli dell&#039;evento<\/h3>\n\t\t\t\t<div class='eventon_desc_in' itemprop='description'>\n\t\t\t\t<p>Saltano, corrono, strisciano, volano! Eppure\u2026 non \u00e8 facile vederli!<br \/>\nSanno nascondersi bene\u2026 gli squamosi furbacchioni! Chi sono? Ma i draghi del Latemar! Incontrarne uno, anche uno solo, sar\u00e0 un\u2019esperienza meravigliosa! Parola di Nikolaus Drache.<\/p>\n<p>domenica e luned\u00ec: dal 5 luglio al 24 agosto 2026<br \/>\na monte della telecabina Predazzo-Gardon\u00e8<br \/>\nore 11.00 e ore 14.30<br \/>\nspettacoli itineranti sul sentiero della Foresta dei Draghi<br \/>\nadatto a famiglie e bambini dai 2 anni in su\u00a0(durata 1h30\u2019)<\/p>\n<\/div><div class='clear'><\/div>\n\t\t\t<\/div>\n\t\t<\/div>\n\t<\/div><\/div><\/div><div class='evocard_row bx2 bx'><div id='event_time' class='evocard_box time' data-c='' \n\t\t\t\t\tstyle=''><div class='evo_metarow_time evorow evcal_evdata_row evcal_evrow_sm '>\n\t\t<span class='evcal_evdata_icons'><i class='fa fa-clock'><\/i><\/span>\n\t\t<div class='evcal_evdata_cell'>\t\t\t\t\t\t\t\n\t\t\t<h3 class='evo_h3'><span class='evcal_evdata_icons'><i class='fa fa-clock'><\/i><\/span>Orario<\/h3><p><span class='evo_eventcard_time_t'>9 agosto 2026 11:00<\/span><span class='evo_tz marr5'>(GMT+02:00)<\/span><\/p>\n\t\t<\/div>\n\t<\/div><\/div><div id='event_location' class='evocard_box location' data-c='' \n\t\t\t\t\tstyle=''><div class='evcal_evdata_row evo_metarow_time_location evorow '>\n\t\t\n\t\t\t<span class='evcal_evdata_icons'><i class='fa fa-map-marker'><\/i><\/span>\n\t\t\t<div class='evcal_evdata_cell' data-loc_tax_id='34'><h3 class='evo_h3 evodfx'><span class='evcal_evdata_icons'><i class='fa fa-map-marker'><\/i><\/span>Luogo<\/h3><p class='evo_location_name'>A monte della telecabina Predazzo-Gardon\u00e8<\/p><div class='padt10'><span class='evo_btn_arr evolb_trigger' data-lbvals=\"{&quot;lbc&quot;:&quot;evo_location_lb_34&quot;,&quot;lbac&quot;:&quot;lb_max&quot;,&quot;t&quot;:&quot;A monte della telecabina Predazzo-Gardon\\u00e8&quot;,&quot;ajax&quot;:&quot;yes&quot;,&quot;ajax_type&quot;:&quot;endpoint&quot;,&quot;ajax_action&quot;:&quot;eventon_get_tax_card_content&quot;,&quot;end&quot;:&quot;client&quot;,&quot;d&quot;:{&quot;lang&quot;:&quot;L1&quot;,&quot;term_id&quot;:34,&quot;tax&quot;:&quot;event_location&quot;,&quot;load_lbcontent&quot;:true},&quot;uid&quot;:&quot;eventon_get_tax_card_content&quot;}\" >Other Events<i class='fa fa-chevron-right'><\/i><\/span><\/div><\/div>\n\t\t\n\t<\/div><\/div><\/div><div class='evocard_row bx2 bx'><div id='event_learnmore' class='evocard_box learnmore' data-c='' \n\t\t\t\t\tstyle=''><div class='evo_metarow_learnM evo_metarow_learnmore evorow'>\n\t\t\t\t\t\t\t<a class='evcal_evdata_row evo_clik_row ' href='https:\/\/www.montagnanimata.it\/spettacoli\/' target=\"_blank\">\n\t\t\t\t\t\t\t\t<span class='evcal_evdata_icons'><i class='fa fa-link'><\/i><\/span>\n\t\t\t\t\t\t\t\t<h3 class='evo_h3'>Scopri di pi\u00f9<\/h3>\n\t\t\t\t\t\t\t<\/a>\n\t\t\t\t\t\t\t<\/div><\/div><div id='event_addtocal' class='evocard_box addtocal' data-c='' \n\t\t\t\t\tstyle=''><div class='evo_metarow_ICS evorow evcal_evdata_row'>\n\t\t\t<span class='evcal_evdata_icons'><i class='fa fa-calendar-o'><\/i><\/span>\n\t\t\t<div class='evcal_evdata_cell'>\n\t\t\t\t<p><a href='https:\/\/latemarium.com\/it\/export-events\/2120_10\/?nonce=a3263097f9' class='evo_ics_nCal' title='Aggiungi al tuo calendario'>Calendario<\/a><a href='https:\/\/www.google.com\/calendar\/event?action=TEMPLATE&text=Parola+di+Nikolaus+Drache&dates=20260809T090000Z%2F20260809T215900Z&ctz=Europe%2FRome&details=Parola di Nikolaus Drache&location=A+monte+della+telecabina+Predazzo-Gardon%C3%A8' target='_blank' class='evo_ics_gCal' title='Aggiungi al calendario di Google'>GoogleCal<\/a><\/p>\t\n\t\t\t<\/div>\n\t\t<\/div><\/div><\/div><div class='evocard_row'><div id='event_getdirection' class='evocard_box getdirection' data-c='' \n\t\t\t\t\tstyle=''><div class='evo_metarow_getDr evorow evcal_evdata_row evcal_evrow_sm getdirections'>\n\t\t<form action='https:\/\/maps.google.com\/maps' method='get' target='_blank'>\n\t\t\t<input type='hidden' name='daddr' value=\"46.32878794406342,11.600176728690842\"\/> \n\t\t\t<div class='evo_get_direction_content evo_fx_dr_r evogap10'>\n\t\t\t\t<span class='evogetdir_header evodfx evofx_dr_r evofx_ai_c marr10'>\n\t\t\t\t\t<i class='mainicon fa fa-road'><\/i> \n\t\t\t\t\t<h3 class='evo_h3' style='padding-bottom:5px;'>Ottieni indicazioni stradali<\/h3>\n\t\t\t\t<\/span>\n\t\t\t\t<span class='evogetdir_field evodfx evofx_1_1 evo_fx_dr_c evow100p'>\t\t\t\t\t\n\t\t\t\t\t<input class='evoInput evotac' type='text' name='saddr' placeholder='Digitare l&#039;indirizzo per ottenere le indicazioni stradali' value='' style='margin:10px 0;'\/>\n\t\t\t\t<\/span>\n\t\t\t\t<button type='submit' class='evo_get_direction_button evo_btn_arr_circ dfx fx_ai_c' title='Fare clic qui per ottenere indicazioni'><i class='fa fa-chevron-right'><\/i> <\/button>\n\t\t\t<\/div>\n\t\t<\/form>\n\t<\/div><\/div><\/div><div class='evo_card_row_end evcal_close' title='Testo del pulsante Chiudi evento'><\/div><\/div><div class='clear end'><\/div><\/div><div id=\"event_2149_13\" class=\"eventon_list_event evo_eventtop scheduled  event clrW no_et event_2149_13\" data-event_id=\"2149\" data-ri=\"13r\" data-time=\"1786281600-1786312740\" data-colr=\"#b8d989\" itemscope itemtype='http:\/\/schema.org\/Event'><div class=\"evo_event_schema\" style=\"display:none\" ><a itemprop='url'  href='https:\/\/latemarium.com\/it\/events\/i-suoni-e-la-vita-della-malga\/var\/ri-13.l-L1'><\/a><meta itemprop='image' content=\"https:\/\/latemarium.com\/wp-content\/uploads\/2023\/06\/suoni-vita-malga.jpg\" \/><meta itemprop='startDate' content=\"2026-8-9T15:20+0:00\" \/><meta itemprop='endDate' content=\"2026-8-9T23:59+0:00\" \/><meta itemprop='eventStatus' content=\"https:\/\/schema.org\/EventScheduled\" \/><meta itemprop='eventAttendanceMode'   itemscope itemtype=\"https:\/\/schema.org\/OfflineEventAttendanceMode\"\/><div style=\"display:none\" itemprop=\"location\" itemscope itemtype=\"http:\/\/schema.org\/Place\"><span itemprop=\"name\">Pampeago<\/span><span itemprop=\"address\" itemscope itemtype=\"http:\/\/schema.org\/PostalAddress\"><item itemprop=\"streetAddress\">Localit\u00e0 Pampeago, 8, 38038 Tesero TN<\/item><\/span><\/div><script type=\"application\/ld+json\">{\"@context\": \"http:\/\/schema.org\",\"@type\": \"Event\",\n\t\t\t\t\"@id\": \"event_2149_13\",\n\t\t\t\t\"eventAttendanceMode\":\"https:\/\/schema.org\/OfflineEventAttendanceMode\",\n\t\t\t\t\"eventStatus\":\"https:\/\/schema.org\/EventScheduled\",\n\t\t\t\t\"name\": \"I suoni e la vita della malga\",\n\t\t\t\t\"url\": \"https:\/\/latemarium.com\/it\/events\/i-suoni-e-la-vita-della-malga\/var\/ri-13.l-L1\",\n\t\t\t\t\"startDate\": \"2026-8-9T15:20+0:00\",\n\t\t\t\t\"endDate\": \"2026-8-9T23:59+0:00\",\n\t\t\t\t\"image\":\"https:\/\/latemarium.com\/wp-content\/uploads\/2023\/06\/suoni-vita-malga.jpg\", \n\t\t\t\t\"description\":\"<p>Ritrovo presso parcheggio seggiovia Tresca (raggiungibile in auto da Pampeago \u2013 SOLO per chi prenota l&#8217;attivit\u00e0).<\/p> <p>Dopo una breve passeggiata fino a Malga Pampeago, bambini e genitori scoprono la vita e i suoni quotidiani che scandiscono la vita dei malgari, fra mucche, vitellini, asinelli e maiali.<\/p> <p>A fine attivit\u00e0 ci sar\u00e0 una piccola merenda che i bambini potranno gustarsi o portarsi a casa.<\/p> <p>Attivit\u00e0 possibile anche con passeggino country.<\/p> <p>Prenotazione obbligatoria.<\/p> <p>Prenotazione obbligatoria. Clicca <a href='https:\/\/www.visitfiemme.it\/it\/eventi\/fiemme-cembra-guest-card\/esperienze\/esperienze-in-estate?re-product-id=211655' target='_blank' rel='noopener'>qui<\/a>\u00a0per prenotare.<\/p> \",\"location\":[{\"@type\":\"Place\",\"name\":\"Pampeago\",\"address\":{\"@type\": \"PostalAddress\",\"streetAddress\":\"Localit\u00e0 Pampeago, 8, 38038 Tesero TN\"}}]}<\/script><\/div>\r\n\t\t\t\t<p class=\"desc_trig_outter\" style=\"\"><a data-gmtrig=\"1\" data-exlk=\"0\" style=\"background-color: #b8d989;\" id=\"evc_17862816002149\" class=\"hasFtIMG event_repeat desc_trig sin_val evcal_list_a\" data-ux_val=\"3\" data-ux_val_mob=\"-\"  ><span class='evoet_c1 evoet_cx '><span class='ev_ftImg' data-img='https:\/\/latemarium.com\/wp-content\/uploads\/2023\/06\/suoni-vita-malga.jpg' data-thumb='https:\/\/latemarium.com\/wp-content\/uploads\/2023\/06\/suoni-vita-malga-300x225.jpg' style='background-image:url(\"https:\/\/latemarium.com\/wp-content\/uploads\/2023\/06\/suoni-vita-malga-300x225.jpg\")' ><\/span><\/span><span class='evoet_c2 evoet_cx '><span class='evoet_dayblock evcal_cblock ' data-bgcolor='#b8d989' data-smon='agosto' data-syr='2026' data-bub=''><span class='evo_start '><em class='date'>09<\/em><em class='month'>ago<\/em><em class='time'>15:20<\/em><\/span><\/span><\/span><span class='evoet_c3 evoet_cx evcal_desc hide_eventtopdata '><span class='evoet_title evcal_desc2 evcal_event_title ' itemprop='name'>I suoni e la vita della malga<\/span><span class='event_location_attrs'  data-location_address=\"Localit\u00e0 Pampeago, 8, 38038 Tesero TN\" data-location_type=\"lonlat\" data-location_name=\"Pampeago\" data-location_url=\"https:\/\/latemarium.com\/it\/event-location\/pampeago\/\" data-location_status=\"true\" data-latlng=\"46.34343697644898,11.540997527961546\"><\/span><span class='evoet_subtitle evo_below_title' ><span class='evcal_event_subtitle ' >Alla scoperta della vita dei malgari<\/span><\/span><span class='evoet_time_expand level_3'><em class='evcal_time evo_tz_time'><i class='fa fa-clock-o'><\/i>15:20<span class='evo_tz marl5'>(GMT+02:00)<\/span><\/em> <\/span><span class='evoet_location level_3'><em class=\"evcal_location\"  data-latlng=\"46.34343697644898,11.540997527961546\" data-add_str=\"Localit\u00e0 Pampeago, 8, 38038 Tesero TN\" data-n=\"Pampeago\"><i class=\"fa fa-location-pin\"><\/i><em class=\"event_location_name\">Pampeago<\/em>, Localit\u00e0 Pampeago, 8, 38038 Tesero TN<\/em><\/span><\/span><span class='evoet_data' data-d=\"{&quot;loc.n&quot;:&quot;Pampeago&quot;,&quot;orgs&quot;:[],&quot;tags&quot;:{&quot;repeating&quot;:&quot;Repeating Event&quot;}}\" data-bgc=\"#b8d989\" data-bggrad=\"\" ><\/span><\/a><\/p><div class='event_description evcal_eventcard ' style=\"display:none\"><div class='evocard_row'><div id='event_ftimage' class='evocard_box ftimage' data-c='' \n\t\t\t\t\tstyle=''><div class='evocard_main_image_hold' data-t='Loading Image..'><div class='evocard_main_image evo_img_triglb evobr15 evobgsc evobgpc evodfx evofx_jc_c evofx_ai_c evofz48 minmized' style='height:300px; background-image:url();' data-f=\"https:\/\/latemarium.com\/wp-content\/uploads\/2023\/06\/suoni-vita-malga.jpg\" data-h=\"796\" data-w=\"1062\" data-ratio=\"0.74952919020716\" data-event_id=\"2149\" data-ri=\"13\"  data-t='Loading Image..'><span style='height:300px; background-image:url(https:\/\/latemarium.com\/wp-content\/uploads\/2023\/06\/suoni-vita-malga.jpg)'><\/span><\/div><\/div><\/div><\/div><div class='evocard_row'><div id='event_eventdetails' class='evocard_box eventdetails' data-c='' \n\t\t\t\t\tstyle=''><div class='evo_metarow_details evorow evcal_evdata_row evcal_event_details'>\n\t\t<div class=\"event_excerpt\" style=\"display:none\"><h3 class=\"padb5 evo_h3\">Dettagli dell&#039;evento<\/h3><p>Ritrovo presso parcheggio seggiovia Tresca (raggiungibile in auto da Pampeago \u2013 SOLO per chi prenota l&#8217;attivit\u00e0).\nDopo una breve passeggiata fino a Malga Pampeago, bambini e genitori scoprono la vita e<\/p><\/div><span class='evcal_evdata_icons'><i class='fa fa-align-justify'><\/i><\/span>\n\t\t\n\t\t<div class='evcal_evdata_cell shorter_desc'>\n\t\t\t<div class='eventon_full_description'>\n\t\t\t\t<h3 class='padb5 evo_h3'><span class='evcal_evdata_icons'><i class='fa fa-align-justify'><\/i><\/span>Dettagli dell&#039;evento<\/h3>\n\t\t\t\t<div class='eventon_desc_in' itemprop='description'>\n\t\t\t\t<p>Ritrovo presso parcheggio seggiovia Tresca (raggiungibile in auto da Pampeago \u2013 SOLO per chi prenota l&#8217;attivit\u00e0).<\/p>\n<p>Dopo una breve passeggiata fino a Malga Pampeago, bambini e genitori scoprono la vita e i suoni quotidiani che scandiscono la vita dei malgari, fra mucche, vitellini, asinelli e maiali.<\/p>\n<p>A fine attivit\u00e0 ci sar\u00e0 una piccola merenda che i bambini potranno gustarsi o portarsi a casa.<\/p>\n<p>Attivit\u00e0 possibile anche con passeggino country.<\/p>\n<p>Prenotazione obbligatoria.<\/p>\n<p>Prenotazione obbligatoria. Clicca <a href=\"https:\/\/www.visitfiemme.it\/it\/eventi\/fiemme-cembra-guest-card\/esperienze\/esperienze-in-estate?re-product-id=211655\" target=\"_blank\" rel=\"noopener\">qui<\/a>\u00a0per prenotare.<\/p>\n<\/div><p class='eventon_shad_p' style='padding:5px 0 0; margin:0'>\n\t\t\t<span class='evcal_btn evo_btn_secondary evobtn_details_show_more' content='less'>\n\t\t\t\t<span class='ev_more_text' data-txt='Meno'>Pi\u00f9<\/span><span class='ev_more_arrow ard'><\/span>\n\t\t\t<\/span>\n\t\t<\/p><div class='clear'><\/div>\n\t\t\t<\/div>\n\t\t<\/div>\n\t<\/div><\/div><\/div><div class='evocard_row bx2 bx'><div id='event_time' class='evocard_box time' data-c='' \n\t\t\t\t\tstyle=''><div class='evo_metarow_time evorow evcal_evdata_row evcal_evrow_sm '>\n\t\t<span class='evcal_evdata_icons'><i class='fa fa-clock'><\/i><\/span>\n\t\t<div class='evcal_evdata_cell'>\t\t\t\t\t\t\t\n\t\t\t<h3 class='evo_h3'><span class='evcal_evdata_icons'><i class='fa fa-clock'><\/i><\/span>Orario<\/h3><p><span class='evo_eventcard_time_t'>9 agosto 2026 15:20<\/span><span class='evo_tz marr5'>(GMT+02:00)<\/span><\/p>\n\t\t<\/div>\n\t<\/div><\/div><div id='event_location' class='evocard_box location' data-c='' \n\t\t\t\t\tstyle=''><div class='evcal_evdata_row evo_metarow_time_location evorow '>\n\t\t\n\t\t\t<span class='evcal_evdata_icons'><i class='fa fa-map-marker'><\/i><\/span>\n\t\t\t<div class='evcal_evdata_cell' data-loc_tax_id='30'><h3 class='evo_h3 evodfx'><span class='evcal_evdata_icons'><i class='fa fa-map-marker'><\/i><\/span>Luogo<\/h3><p class='evo_location_name'>Pampeago<\/p><p class='evo_location_address evodfxi evogap10'>Localit\u00e0 Pampeago, 8, 38038 Tesero TN<\/p><div class='padt10'><span class='evo_btn_arr evolb_trigger' data-lbvals=\"{&quot;lbc&quot;:&quot;evo_location_lb_30&quot;,&quot;lbac&quot;:&quot;lb_max&quot;,&quot;t&quot;:&quot;Pampeago&quot;,&quot;ajax&quot;:&quot;yes&quot;,&quot;ajax_type&quot;:&quot;endpoint&quot;,&quot;ajax_action&quot;:&quot;eventon_get_tax_card_content&quot;,&quot;end&quot;:&quot;client&quot;,&quot;d&quot;:{&quot;lang&quot;:&quot;L1&quot;,&quot;term_id&quot;:30,&quot;tax&quot;:&quot;event_location&quot;,&quot;load_lbcontent&quot;:true},&quot;uid&quot;:&quot;eventon_get_tax_card_content&quot;}\" >Other Events<i class='fa fa-chevron-right'><\/i><\/span><\/div><\/div>\n\t\t\n\t<\/div><\/div><\/div><div class='evocard_row'><div id='event_addtocal' class='evocard_box addtocal' data-c='' \n\t\t\t\t\tstyle=''><div class='evo_metarow_ICS evorow evcal_evdata_row'>\n\t\t\t<span class='evcal_evdata_icons'><i class='fa fa-calendar-o'><\/i><\/span>\n\t\t\t<div class='evcal_evdata_cell'>\n\t\t\t\t<p><a href='https:\/\/latemarium.com\/it\/export-events\/2149_13\/?nonce=a3263097f9' class='evo_ics_nCal' title='Aggiungi al tuo calendario'>Calendario<\/a><a href='https:\/\/www.google.com\/calendar\/event?action=TEMPLATE&text=I+suoni+e+la+vita+della+malga&dates=20260809T132000Z%2F20260809T215900Z&ctz=Europe%2FRome&details=I suoni e la vita della malga&location=Pampeago+Localit%C3%A0+Pampeago%2C+8%2C+38038+Tesero+TN' target='_blank' class='evo_ics_gCal' title='Aggiungi al calendario di Google'>GoogleCal<\/a><\/p>\t\n\t\t\t<\/div>\n\t\t<\/div><\/div><\/div><div class='evocard_row'><div id='event_getdirection' class='evocard_box getdirection' data-c='' \n\t\t\t\t\tstyle=''><div class='evo_metarow_getDr evorow evcal_evdata_row evcal_evrow_sm getdirections'>\n\t\t<form action='https:\/\/maps.google.com\/maps' method='get' target='_blank'>\n\t\t\t<input type='hidden' name='daddr' value=\"46.34343697644898,11.540997527961546\"\/> \n\t\t\t<div class='evo_get_direction_content evo_fx_dr_r evogap10'>\n\t\t\t\t<span class='evogetdir_header evodfx evofx_dr_r evofx_ai_c marr10'>\n\t\t\t\t\t<i class='mainicon fa fa-road'><\/i> \n\t\t\t\t\t<h3 class='evo_h3' style='padding-bottom:5px;'>Ottieni indicazioni stradali<\/h3>\n\t\t\t\t<\/span>\n\t\t\t\t<span class='evogetdir_field evodfx evofx_1_1 evo_fx_dr_c evow100p'>\t\t\t\t\t\n\t\t\t\t\t<input class='evoInput evotac' type='text' name='saddr' placeholder='Digitare l&#039;indirizzo per ottenere le indicazioni stradali' value='' style='margin:10px 0;'\/>\n\t\t\t\t<\/span>\n\t\t\t\t<button type='submit' class='evo_get_direction_button evo_btn_arr_circ dfx fx_ai_c' title='Fare clic qui per ottenere indicazioni'><i class='fa fa-chevron-right'><\/i> <\/button>\n\t\t\t<\/div>\n\t\t<\/form>\n\t<\/div><\/div><\/div><div class='evo_card_row_end evcal_close' title='Testo del pulsante Chiudi evento'><\/div><\/div><div class='clear end'><\/div><\/div><div id=\"event_2114_6\" class=\"eventon_list_event evo_eventtop scheduled  event clrW no_et event_2114_6\" data-event_id=\"2114\" data-ri=\"6r\" data-time=\"1786347000-1786399140\" data-colr=\"#ffa024\" itemscope itemtype='http:\/\/schema.org\/Event'><div class=\"evo_event_schema\" style=\"display:none\" ><a itemprop='url'  href='https:\/\/latemarium.com\/it\/events\/geotrekking-monte-agnello\/var\/ri-6.l-L1'><\/a><meta itemprop='image' content=\"https:\/\/latemarium.com\/wp-content\/uploads\/2023\/06\/geotrail-monte-agnello.jpg\" \/><meta itemprop='startDate' content=\"2026-8-10T09:30+0:00\" \/><meta itemprop='endDate' content=\"2026-8-10T23:59+0:00\" \/><meta itemprop='eventStatus' content=\"https:\/\/schema.org\/EventScheduled\" \/><meta itemprop='eventAttendanceMode'   itemscope itemtype=\"https:\/\/schema.org\/OfflineEventAttendanceMode\"\/><div style=\"display:none\" itemprop=\"location\" itemscope itemtype=\"http:\/\/schema.org\/Place\"><span itemprop=\"name\">Rifugio Agnello<\/span><span itemprop=\"address\" itemscope itemtype=\"http:\/\/schema.org\/PostalAddress\"><item itemprop=\"streetAddress\">Loc. Pampeago, 9, 38038 Tesero TN<\/item><\/span><\/div><script type=\"application\/ld+json\">{\"@context\": \"http:\/\/schema.org\",\"@type\": \"Event\",\n\t\t\t\t\"@id\": \"event_2114_6\",\n\t\t\t\t\"eventAttendanceMode\":\"https:\/\/schema.org\/OfflineEventAttendanceMode\",\n\t\t\t\t\"eventStatus\":\"https:\/\/schema.org\/EventScheduled\",\n\t\t\t\t\"name\": \"Geotrekking Monte Agnello\",\n\t\t\t\t\"url\": \"https:\/\/latemarium.com\/it\/events\/geotrekking-monte-agnello\/var\/ri-6.l-L1\",\n\t\t\t\t\"startDate\": \"2026-8-10T09:30+0:00\",\n\t\t\t\t\"endDate\": \"2026-8-10T23:59+0:00\",\n\t\t\t\t\"image\":\"https:\/\/latemarium.com\/wp-content\/uploads\/2023\/06\/geotrail-monte-agnello.jpg\", \n\t\t\t\t\"description\":\"<p><strong>Scenografico itinerario geologico<\/strong> ad anello alla scoperta dell\u2019antico vulcano di Predazzo, guidati da un esperto Geologo e Accompagnatore di Media Montagna.<\/p> <p>Una camminata sulle tracce della Pompei del Triassico del Monte Agnello, dove lave, ceneri e lapilli hanno seppellito un antico atollo tropicale.<\/p> <p>Il percorso \u00e8 semplice, con sentieri ben percorribili, dislivello 350 metri circa.<\/p> <p><strong>Prenotazione obbligatoria<\/strong>.<\/p> <p>Attivit\u00e0 gratuita.<\/p> <p>Clicca <a href='https:\/\/www.visitfiemme.it\/it\/eventi\/fiemme-cembra-guest-card\/esperienze\/esperienze-in-estate?re-product-id=211508' target='_blank' rel='noopener'>qui<\/a>\u00a0per prenotare.<\/p> \",\"location\":[{\"@type\":\"Place\",\"name\":\"Rifugio Agnello\",\"address\":{\"@type\": \"PostalAddress\",\"streetAddress\":\"Loc. Pampeago, 9, 38038 Tesero TN\"}}]}<\/script><\/div>\r\n\t\t\t\t<p class=\"desc_trig_outter\" style=\"\"><a data-gmtrig=\"1\" data-exlk=\"0\" style=\"background-color: #ffa024;\" id=\"evc_17863470002114\" class=\"hasFtIMG event_repeat desc_trig sin_val evcal_list_a\" data-ux_val=\"3\" data-ux_val_mob=\"-\"  ><span class='evoet_c1 evoet_cx '><span class='ev_ftImg' data-img='https:\/\/latemarium.com\/wp-content\/uploads\/2023\/06\/geotrail-monte-agnello.jpg' data-thumb='https:\/\/latemarium.com\/wp-content\/uploads\/2023\/06\/geotrail-monte-agnello-300x240.jpg' style='background-image:url(\"https:\/\/latemarium.com\/wp-content\/uploads\/2023\/06\/geotrail-monte-agnello-300x240.jpg\")' ><\/span><\/span><span class='evoet_c2 evoet_cx '><span class='evoet_dayblock evcal_cblock ' data-bgcolor='#ffa024' data-smon='agosto' data-syr='2026' data-bub=''><span class='evo_start '><em class='date'>10<\/em><em class='month'>ago<\/em><em class='time'>09:30<\/em><\/span><\/span><\/span><span class='evoet_c3 evoet_cx evcal_desc hide_eventtopdata '><span class='evoet_title evcal_desc2 evcal_event_title ' itemprop='name'>Geotrekking Monte Agnello<\/span><span class='event_location_attrs'  data-location_address=\"Loc. Pampeago, 9, 38038 Tesero TN\" data-location_type=\"lonlat\" data-location_name=\"Rifugio Agnello\" data-location_url=\"https:\/\/latemarium.com\/it\/event-location\/rifugio-agnello\/\" data-location_status=\"true\" data-latlng=\"46.333809095680266,11.547693182509184\"><\/span><span class='evoet_subtitle evo_below_title' ><span class='evcal_event_subtitle ' >itinerario geologico ad anello alla scoperta dell\u2019antico vulcano di Predazzo<\/span><\/span><span class='evoet_time_expand level_3'><em class='evcal_time evo_tz_time'><i class='fa fa-clock-o'><\/i>09:30<span class='evo_tz marl5'>(GMT+02:00)<\/span><\/em> <\/span><span class='evoet_location level_3'><em class=\"evcal_location\"  data-latlng=\"46.333809095680266,11.547693182509184\" data-add_str=\"Loc. Pampeago, 9, 38038 Tesero TN\" data-n=\"Rifugio Agnello\"><i class=\"fa fa-location-pin\"><\/i><em class=\"event_location_name\">Rifugio Agnello<\/em>, Loc. Pampeago, 9, 38038 Tesero TN<\/em><\/span><\/span><span class='evoet_data' data-d=\"{&quot;loc.n&quot;:&quot;Rifugio Agnello&quot;,&quot;orgs&quot;:[],&quot;tags&quot;:{&quot;repeating&quot;:&quot;Repeating Event&quot;}}\" data-bgc=\"#ffa024\" data-bggrad=\"\" ><\/span><\/a><\/p><div class='event_description evcal_eventcard ' style=\"display:none\"><div class='evocard_row'><div id='event_ftimage' class='evocard_box ftimage' data-c='' \n\t\t\t\t\tstyle=''><div class='evocard_main_image_hold' data-t='Loading Image..'><div class='evocard_main_image evo_img_triglb evobr15 evobgsc evobgpc evodfx evofx_jc_c evofx_ai_c evofz48 minmized' style='height:300px; background-image:url();' data-f=\"https:\/\/latemarium.com\/wp-content\/uploads\/2023\/06\/geotrail-monte-agnello.jpg\" data-h=\"528\" data-w=\"661\" data-ratio=\"0.79878971255673\" data-event_id=\"2114\" data-ri=\"6\"  data-t='Loading Image..'><span style='height:300px; background-image:url(https:\/\/latemarium.com\/wp-content\/uploads\/2023\/06\/geotrail-monte-agnello.jpg)'><\/span><\/div><\/div><\/div><\/div><div class='evocard_row'><div id='event_eventdetails' class='evocard_box eventdetails' data-c='' \n\t\t\t\t\tstyle=''><div class='evo_metarow_details evorow evcal_evdata_row evcal_event_details'>\n\t\t<div class=\"event_excerpt\" style=\"display:none\"><h3 class=\"padb5 evo_h3\">Dettagli dell&#039;evento<\/h3><p>Scenografico itinerario geologico ad anello alla scoperta dell\u2019antico vulcano di Predazzo, guidati da un esperto Geologo e Accompagnatore di Media Montagna.\nUna camminata sulle tracce della Pompei del Triassico del Monte<\/p><\/div><span class='evcal_evdata_icons'><i class='fa fa-align-justify'><\/i><\/span>\n\t\t\n\t\t<div class='evcal_evdata_cell shorter_desc'>\n\t\t\t<div class='eventon_full_description'>\n\t\t\t\t<h3 class='padb5 evo_h3'><span class='evcal_evdata_icons'><i class='fa fa-align-justify'><\/i><\/span>Dettagli dell&#039;evento<\/h3>\n\t\t\t\t<div class='eventon_desc_in' itemprop='description'>\n\t\t\t\t<p><strong>Scenografico itinerario geologico<\/strong> ad anello alla scoperta dell\u2019antico vulcano di Predazzo, guidati da un esperto Geologo e Accompagnatore di Media Montagna.<\/p>\n<p>Una camminata sulle tracce della Pompei del Triassico del Monte Agnello, dove lave, ceneri e lapilli hanno seppellito un antico atollo tropicale.<\/p>\n<p>Il percorso \u00e8 semplice, con sentieri ben percorribili, dislivello 350 metri circa.<\/p>\n<p><strong>Prenotazione obbligatoria<\/strong>.<\/p>\n<p>Attivit\u00e0 gratuita.<\/p>\n<p>Clicca <a href=\"https:\/\/www.visitfiemme.it\/it\/eventi\/fiemme-cembra-guest-card\/esperienze\/esperienze-in-estate?re-product-id=211508\" target=\"_blank\" rel=\"noopener\">qui<\/a>\u00a0per prenotare.<\/p>\n<\/div><p class='eventon_shad_p' style='padding:5px 0 0; margin:0'>\n\t\t\t<span class='evcal_btn evo_btn_secondary evobtn_details_show_more' content='less'>\n\t\t\t\t<span class='ev_more_text' data-txt='Meno'>Pi\u00f9<\/span><span class='ev_more_arrow ard'><\/span>\n\t\t\t<\/span>\n\t\t<\/p><div class='clear'><\/div>\n\t\t\t<\/div>\n\t\t<\/div>\n\t<\/div><\/div><\/div><div class='evocard_row bx2 bx'><div id='event_time' class='evocard_box time' data-c='' \n\t\t\t\t\tstyle=''><div class='evo_metarow_time evorow evcal_evdata_row evcal_evrow_sm '>\n\t\t<span class='evcal_evdata_icons'><i class='fa fa-clock'><\/i><\/span>\n\t\t<div class='evcal_evdata_cell'>\t\t\t\t\t\t\t\n\t\t\t<h3 class='evo_h3'><span class='evcal_evdata_icons'><i class='fa fa-clock'><\/i><\/span>Orario<\/h3><p><span class='evo_eventcard_time_t'>10 agosto 2026 09:30<\/span><span class='evo_tz marr5'>(GMT+02:00)<\/span><\/p>\n\t\t<\/div>\n\t<\/div><\/div><div id='event_location' class='evocard_box location' data-c='' \n\t\t\t\t\tstyle=''><div class='evcal_evdata_row evo_metarow_time_location evorow '>\n\t\t\n\t\t\t<span class='evcal_evdata_icons'><i class='fa fa-map-marker'><\/i><\/span>\n\t\t\t<div class='evcal_evdata_cell' data-loc_tax_id='24'><h3 class='evo_h3 evodfx'><span class='evcal_evdata_icons'><i class='fa fa-map-marker'><\/i><\/span><a target=\"_blank\" href=\"https:\/\/www.facebook.com\/profile.php?id=100064742944609\">Luogo<\/a><\/h3><p class='evo_location_name'><a target=\"_blank\" href=\"https:\/\/www.facebook.com\/profile.php?id=100064742944609\">Rifugio Agnello<\/a><\/p><p class='evo_location_address evodfxi evogap10'><a target=\"_blank\" href=\"https:\/\/www.facebook.com\/profile.php?id=100064742944609\">Loc. Pampeago, 9, 38038 Tesero TN<\/a><\/p><div class='padt10'><span class='evo_btn_arr evolb_trigger' data-lbvals=\"{&quot;lbc&quot;:&quot;evo_location_lb_24&quot;,&quot;lbac&quot;:&quot;lb_max&quot;,&quot;t&quot;:&quot;Rifugio Agnello&quot;,&quot;ajax&quot;:&quot;yes&quot;,&quot;ajax_type&quot;:&quot;endpoint&quot;,&quot;ajax_action&quot;:&quot;eventon_get_tax_card_content&quot;,&quot;end&quot;:&quot;client&quot;,&quot;d&quot;:{&quot;lang&quot;:&quot;L1&quot;,&quot;term_id&quot;:24,&quot;tax&quot;:&quot;event_location&quot;,&quot;load_lbcontent&quot;:true},&quot;uid&quot;:&quot;eventon_get_tax_card_content&quot;}\" >Other Events<i class='fa fa-chevron-right'><\/i><\/span><\/div><\/div>\n\t\t\n\t<\/div><\/div><\/div><div class='evocard_row bx2 bx'><div id='event_learnmore' class='evocard_box learnmore' data-c='' \n\t\t\t\t\tstyle=''><div class='evo_metarow_learnM evo_metarow_learnmore evorow'>\n\t\t\t\t\t\t\t<a class='evcal_evdata_row evo_clik_row ' href='https:\/\/latemarium.com\/it\/excursions\/detail\/geotrail-monte-agnello\/' target=\"_blank\">\n\t\t\t\t\t\t\t\t<span class='evcal_evdata_icons'><i class='fa fa-link'><\/i><\/span>\n\t\t\t\t\t\t\t\t<h3 class='evo_h3'>Scopri di pi\u00f9<\/h3>\n\t\t\t\t\t\t\t<\/a>\n\t\t\t\t\t\t\t<\/div><\/div><div id='event_addtocal' class='evocard_box addtocal' data-c='' \n\t\t\t\t\tstyle=''><div class='evo_metarow_ICS evorow evcal_evdata_row'>\n\t\t\t<span class='evcal_evdata_icons'><i class='fa fa-calendar-o'><\/i><\/span>\n\t\t\t<div class='evcal_evdata_cell'>\n\t\t\t\t<p><a href='https:\/\/latemarium.com\/it\/export-events\/2114_6\/?nonce=a3263097f9' class='evo_ics_nCal' title='Aggiungi al tuo calendario'>Calendario<\/a><a href='https:\/\/www.google.com\/calendar\/event?action=TEMPLATE&text=Geotrekking+Monte+Agnello&dates=20260810T073000Z%2F20260810T215900Z&ctz=Europe%2FRome&details=Geotrekking Monte Agnello&location=Rifugio+Agnello+Loc.+Pampeago%2C+9%2C+38038+Tesero+TN' target='_blank' class='evo_ics_gCal' title='Aggiungi al calendario di Google'>GoogleCal<\/a><\/p>\t\n\t\t\t<\/div>\n\t\t<\/div><\/div><\/div><div class='evocard_row'><div id='event_getdirection' class='evocard_box getdirection' data-c='' \n\t\t\t\t\tstyle=''><div class='evo_metarow_getDr evorow evcal_evdata_row evcal_evrow_sm getdirections'>\n\t\t<form action='https:\/\/maps.google.com\/maps' method='get' target='_blank'>\n\t\t\t<input type='hidden' name='daddr' value=\"46.333809095680266,11.547693182509184\"\/> \n\t\t\t<div class='evo_get_direction_content evo_fx_dr_r evogap10'>\n\t\t\t\t<span class='evogetdir_header evodfx evofx_dr_r evofx_ai_c marr10'>\n\t\t\t\t\t<i class='mainicon fa fa-road'><\/i> \n\t\t\t\t\t<h3 class='evo_h3' style='padding-bottom:5px;'>Ottieni indicazioni stradali<\/h3>\n\t\t\t\t<\/span>\n\t\t\t\t<span class='evogetdir_field evodfx evofx_1_1 evo_fx_dr_c evow100p'>\t\t\t\t\t\n\t\t\t\t\t<input class='evoInput evotac' type='text' name='saddr' placeholder='Digitare l&#039;indirizzo per ottenere le indicazioni stradali' value='' style='margin:10px 0;'\/>\n\t\t\t\t<\/span>\n\t\t\t\t<button type='submit' class='evo_get_direction_button evo_btn_arr_circ dfx fx_ai_c' title='Fare clic qui per ottenere indicazioni'><i class='fa fa-chevron-right'><\/i> <\/button>\n\t\t\t<\/div>\n\t\t<\/form>\n\t<\/div><\/div><\/div><div class='evo_card_row_end evcal_close' title='Testo del pulsante Chiudi evento'><\/div><\/div><div class='clear end'><\/div><\/div><div id=\"event_2120_11\" class=\"eventon_list_event evo_eventtop scheduled  event clrD no_et event_2120_11\" data-event_id=\"2120\" data-ri=\"11r\" data-time=\"1786352400-1786399140\" data-colr=\"#006290\" itemscope itemtype='http:\/\/schema.org\/Event'><div class=\"evo_event_schema\" style=\"display:none\" ><a itemprop='url'  href='https:\/\/latemarium.com\/it\/events\/parola-di-nikolaus-drache\/var\/ri-11.l-L1'><\/a><meta itemprop='image' content=\"https:\/\/latemarium.com\/wp-content\/uploads\/2023\/06\/foresta-dei-draghi-6.jpg\" \/><meta itemprop='startDate' content=\"2026-8-10T11:00+0:00\" \/><meta itemprop='endDate' content=\"2026-8-10T23:59+0:00\" \/><meta itemprop='eventStatus' content=\"https:\/\/schema.org\/EventScheduled\" \/><meta itemprop='eventAttendanceMode'   itemscope itemtype=\"https:\/\/schema.org\/OfflineEventAttendanceMode\"\/><script type=\"application\/ld+json\">{\"@context\": \"http:\/\/schema.org\",\"@type\": \"Event\",\n\t\t\t\t\"@id\": \"event_2120_11\",\n\t\t\t\t\"eventAttendanceMode\":\"https:\/\/schema.org\/OfflineEventAttendanceMode\",\n\t\t\t\t\"eventStatus\":\"https:\/\/schema.org\/EventScheduled\",\n\t\t\t\t\"name\": \"Parola di Nikolaus Drache\",\n\t\t\t\t\"url\": \"https:\/\/latemarium.com\/it\/events\/parola-di-nikolaus-drache\/var\/ri-11.l-L1\",\n\t\t\t\t\"startDate\": \"2026-8-10T11:00+0:00\",\n\t\t\t\t\"endDate\": \"2026-8-10T23:59+0:00\",\n\t\t\t\t\"image\":\"https:\/\/latemarium.com\/wp-content\/uploads\/2023\/06\/foresta-dei-draghi-6.jpg\", \n\t\t\t\t\"description\":\"<p>Saltano, corrono, strisciano, volano! Eppure\u2026 non \u00e8 facile vederli!<br \/> Sanno nascondersi bene\u2026 gli squamosi furbacchioni! Chi sono? Ma i draghi del Latemar! Incontrarne uno, anche uno solo, sar\u00e0 un\u2019esperienza meravigliosa! Parola di Nikolaus Drache.<\/p> <p>domenica e luned\u00ec: dal 5 luglio al 24 agosto 2026<br \/> a monte della telecabina Predazzo-Gardon\u00e8<br \/> ore 11.00 e ore 14.30<br \/> spettacoli itineranti sul sentiero della Foresta dei Draghi<br \/> adatto a famiglie e bambini dai 2 anni in su\u00a0(durata 1h30\u2019)<\/p> \"}<\/script><\/div>\r\n\t\t\t\t<p class=\"desc_trig_outter\" style=\"\"><a data-gmap_status=\"null\" data-exlk=\"0\" style=\"background-color: #006290;\" id=\"evc_17863524002120\" class=\"hasFtIMG event_repeat desc_trig sin_val evcal_list_a\" data-ux_val=\"3\" data-ux_val_mob=\"-\"  ><span class='evoet_c1 evoet_cx '><span class='ev_ftImg' data-img='https:\/\/latemarium.com\/wp-content\/uploads\/2023\/06\/foresta-dei-draghi-6.jpg' data-thumb='https:\/\/latemarium.com\/wp-content\/uploads\/2023\/06\/foresta-dei-draghi-6-300x200.jpg' style='background-image:url(\"https:\/\/latemarium.com\/wp-content\/uploads\/2023\/06\/foresta-dei-draghi-6-300x200.jpg\")' ><\/span><\/span><span class='evoet_c2 evoet_cx '><span class='evoet_dayblock evcal_cblock ' data-bgcolor='#006290' data-smon='agosto' data-syr='2026' data-bub=''><span class='evo_start '><em class='date'>10<\/em><em class='month'>ago<\/em><em class='time'>11:00<\/em><\/span><\/span><\/span><span class='evoet_c3 evoet_cx evcal_desc hide_eventtopdata '><span class='evoet_title evcal_desc2 evcal_event_title ' itemprop='name'>Parola di Nikolaus Drache<\/span><span class='event_location_attrs' data-location_type=\"lonlat\" data-location_name=\"A monte della telecabina Predazzo-Gardon\u00e8\" data-location_url=\"https:\/\/latemarium.com\/it\/event-location\/a-monte-della-telecabina-predazzo-gardone\/\" data-location_status=\"true\" data-latlng=\"46.32878794406342,11.600176728690842\"><\/span><span class='evoet_subtitle evo_below_title' ><span class='evcal_event_subtitle ' >Spettacolo itinerante sul sentiero della Foresta dei Draghi<\/span><\/span><span class='evoet_time_expand level_3'><em class='evcal_time evo_tz_time'><i class='fa fa-clock-o'><\/i>11:00<span class='evo_tz marl5'>(GMT+02:00)<\/span><\/em> <\/span><span class='evoet_location level_3'><em class=\"evcal_location\"  data-latlng=\"46.32878794406342,11.600176728690842\" data-add_str=\"\" data-n=\"A monte della telecabina Predazzo-Gardon\u00e8\"><i class=\"fa fa-location-pin\"><\/i><em class=\"event_location_name\">A monte della telecabina Predazzo-Gardon\u00e8<\/em><\/em><\/span><\/span><span class='evoet_data' data-d=\"{&quot;loc.n&quot;:&quot;A monte della telecabina Predazzo-Gardon\\u00e8&quot;,&quot;orgs&quot;:[],&quot;tags&quot;:{&quot;repeating&quot;:&quot;Repeating Event&quot;}}\" data-bgc=\"#006290\" data-bggrad=\"\" ><\/span><\/a><\/p><div class='event_description evcal_eventcard ' style=\"display:none\"><div class='evocard_row'><div id='event_ftimage' class='evocard_box ftimage' data-c='' \n\t\t\t\t\tstyle=''><div class='evocard_main_image_hold' data-t='Loading Image..'><div class='evocard_main_image evo_img_triglb evobr15 evobgsc evobgpc evodfx evofx_jc_c evofx_ai_c evofz48 minmized' style='height:300px; background-image:url();' data-f=\"https:\/\/latemarium.com\/wp-content\/uploads\/2023\/06\/foresta-dei-draghi-6.jpg\" data-h=\"800\" data-w=\"1200\" data-ratio=\"0.66666666666667\" data-event_id=\"2120\" data-ri=\"11\"  data-t='Loading Image..'><span style='height:300px; background-image:url(https:\/\/latemarium.com\/wp-content\/uploads\/2023\/06\/foresta-dei-draghi-6.jpg)'><\/span><\/div><\/div><\/div><\/div><div class='evocard_row'><div id='event_eventdetails' class='evocard_box eventdetails' data-c='' \n\t\t\t\t\tstyle=''><div class='evo_metarow_details evorow evcal_evdata_row evcal_event_details'>\n\t\t<div class=\"event_excerpt\" style=\"display:none\"><h3 class=\"padb5 evo_h3\">Dettagli dell&#039;evento<\/h3><p>Saltano, corrono, strisciano, volano! Eppure\u2026 non \u00e8 facile vederli!\nSanno nascondersi bene\u2026 gli squamosi furbacchioni! Chi sono? Ma i draghi del Latemar! Incontrarne uno, anche uno solo, sar\u00e0 un\u2019esperienza meravigliosa!<\/p><\/div><span class='evcal_evdata_icons'><i class='fa fa-align-justify'><\/i><\/span>\n\t\t\n\t\t<div class='evcal_evdata_cell '>\n\t\t\t<div class='eventon_full_description'>\n\t\t\t\t<h3 class='padb5 evo_h3'><span class='evcal_evdata_icons'><i class='fa fa-align-justify'><\/i><\/span>Dettagli dell&#039;evento<\/h3>\n\t\t\t\t<div class='eventon_desc_in' itemprop='description'>\n\t\t\t\t<p>Saltano, corrono, strisciano, volano! Eppure\u2026 non \u00e8 facile vederli!<br \/>\nSanno nascondersi bene\u2026 gli squamosi furbacchioni! Chi sono? Ma i draghi del Latemar! Incontrarne uno, anche uno solo, sar\u00e0 un\u2019esperienza meravigliosa! Parola di Nikolaus Drache.<\/p>\n<p>domenica e luned\u00ec: dal 5 luglio al 24 agosto 2026<br \/>\na monte della telecabina Predazzo-Gardon\u00e8<br \/>\nore 11.00 e ore 14.30<br \/>\nspettacoli itineranti sul sentiero della Foresta dei Draghi<br \/>\nadatto a famiglie e bambini dai 2 anni in su\u00a0(durata 1h30\u2019)<\/p>\n<\/div><div class='clear'><\/div>\n\t\t\t<\/div>\n\t\t<\/div>\n\t<\/div><\/div><\/div><div class='evocard_row bx2 bx'><div id='event_time' class='evocard_box time' data-c='' \n\t\t\t\t\tstyle=''><div class='evo_metarow_time evorow evcal_evdata_row evcal_evrow_sm '>\n\t\t<span class='evcal_evdata_icons'><i class='fa fa-clock'><\/i><\/span>\n\t\t<div class='evcal_evdata_cell'>\t\t\t\t\t\t\t\n\t\t\t<h3 class='evo_h3'><span class='evcal_evdata_icons'><i class='fa fa-clock'><\/i><\/span>Orario<\/h3><p><span class='evo_eventcard_time_t'>10 agosto 2026 11:00<\/span><span class='evo_tz marr5'>(GMT+02:00)<\/span><\/p>\n\t\t<\/div>\n\t<\/div><\/div><div id='event_location' class='evocard_box location' data-c='' \n\t\t\t\t\tstyle=''><div class='evcal_evdata_row evo_metarow_time_location evorow '>\n\t\t\n\t\t\t<span class='evcal_evdata_icons'><i class='fa fa-map-marker'><\/i><\/span>\n\t\t\t<div class='evcal_evdata_cell' data-loc_tax_id='34'><h3 class='evo_h3 evodfx'><span class='evcal_evdata_icons'><i class='fa fa-map-marker'><\/i><\/span>Luogo<\/h3><p class='evo_location_name'>A monte della telecabina Predazzo-Gardon\u00e8<\/p><div class='padt10'><span class='evo_btn_arr evolb_trigger' data-lbvals=\"{&quot;lbc&quot;:&quot;evo_location_lb_34&quot;,&quot;lbac&quot;:&quot;lb_max&quot;,&quot;t&quot;:&quot;A monte della telecabina Predazzo-Gardon\\u00e8&quot;,&quot;ajax&quot;:&quot;yes&quot;,&quot;ajax_type&quot;:&quot;endpoint&quot;,&quot;ajax_action&quot;:&quot;eventon_get_tax_card_content&quot;,&quot;end&quot;:&quot;client&quot;,&quot;d&quot;:{&quot;lang&quot;:&quot;L1&quot;,&quot;term_id&quot;:34,&quot;tax&quot;:&quot;event_location&quot;,&quot;load_lbcontent&quot;:true},&quot;uid&quot;:&quot;eventon_get_tax_card_content&quot;}\" >Other Events<i class='fa fa-chevron-right'><\/i><\/span><\/div><\/div>\n\t\t\n\t<\/div><\/div><\/div><div class='evocard_row bx2 bx'><div id='event_learnmore' class='evocard_box learnmore' data-c='' \n\t\t\t\t\tstyle=''><div class='evo_metarow_learnM evo_metarow_learnmore evorow'>\n\t\t\t\t\t\t\t<a class='evcal_evdata_row evo_clik_row ' href='https:\/\/www.montagnanimata.it\/spettacoli\/' target=\"_blank\">\n\t\t\t\t\t\t\t\t<span class='evcal_evdata_icons'><i class='fa fa-link'><\/i><\/span>\n\t\t\t\t\t\t\t\t<h3 class='evo_h3'>Scopri di pi\u00f9<\/h3>\n\t\t\t\t\t\t\t<\/a>\n\t\t\t\t\t\t\t<\/div><\/div><div id='event_addtocal' class='evocard_box addtocal' data-c='' \n\t\t\t\t\tstyle=''><div class='evo_metarow_ICS evorow evcal_evdata_row'>\n\t\t\t<span class='evcal_evdata_icons'><i class='fa fa-calendar-o'><\/i><\/span>\n\t\t\t<div class='evcal_evdata_cell'>\n\t\t\t\t<p><a href='https:\/\/latemarium.com\/it\/export-events\/2120_11\/?nonce=a3263097f9' class='evo_ics_nCal' title='Aggiungi al tuo calendario'>Calendario<\/a><a href='https:\/\/www.google.com\/calendar\/event?action=TEMPLATE&text=Parola+di+Nikolaus+Drache&dates=20260810T090000Z%2F20260810T215900Z&ctz=Europe%2FRome&details=Parola di Nikolaus Drache&location=A+monte+della+telecabina+Predazzo-Gardon%C3%A8' target='_blank' class='evo_ics_gCal' title='Aggiungi al calendario di Google'>GoogleCal<\/a><\/p>\t\n\t\t\t<\/div>\n\t\t<\/div><\/div><\/div><div class='evocard_row'><div id='event_getdirection' class='evocard_box getdirection' data-c='' \n\t\t\t\t\tstyle=''><div class='evo_metarow_getDr evorow evcal_evdata_row evcal_evrow_sm getdirections'>\n\t\t<form action='https:\/\/maps.google.com\/maps' method='get' target='_blank'>\n\t\t\t<input type='hidden' name='daddr' value=\"46.32878794406342,11.600176728690842\"\/> \n\t\t\t<div class='evo_get_direction_content evo_fx_dr_r evogap10'>\n\t\t\t\t<span class='evogetdir_header evodfx evofx_dr_r evofx_ai_c marr10'>\n\t\t\t\t\t<i class='mainicon fa fa-road'><\/i> \n\t\t\t\t\t<h3 class='evo_h3' style='padding-bottom:5px;'>Ottieni indicazioni stradali<\/h3>\n\t\t\t\t<\/span>\n\t\t\t\t<span class='evogetdir_field evodfx evofx_1_1 evo_fx_dr_c evow100p'>\t\t\t\t\t\n\t\t\t\t\t<input class='evoInput evotac' type='text' name='saddr' placeholder='Digitare l&#039;indirizzo per ottenere le indicazioni stradali' value='' style='margin:10px 0;'\/>\n\t\t\t\t<\/span>\n\t\t\t\t<button type='submit' class='evo_get_direction_button evo_btn_arr_circ dfx fx_ai_c' title='Fare clic qui per ottenere indicazioni'><i class='fa fa-chevron-right'><\/i> <\/button>\n\t\t\t<\/div>\n\t\t<\/form>\n\t<\/div><\/div><\/div><div class='evo_card_row_end evcal_close' title='Testo del pulsante Chiudi evento'><\/div><\/div><div class='clear end'><\/div><\/div><div id=\"event_2149_14\" class=\"eventon_list_event evo_eventtop scheduled  event clrW no_et event_2149_14\" data-event_id=\"2149\" data-ri=\"14r\" data-time=\"1786368000-1786399140\" data-colr=\"#b8d989\" itemscope itemtype='http:\/\/schema.org\/Event'><div class=\"evo_event_schema\" style=\"display:none\" ><a itemprop='url'  href='https:\/\/latemarium.com\/it\/events\/i-suoni-e-la-vita-della-malga\/var\/ri-14.l-L1'><\/a><meta itemprop='image' content=\"https:\/\/latemarium.com\/wp-content\/uploads\/2023\/06\/suoni-vita-malga.jpg\" \/><meta itemprop='startDate' content=\"2026-8-10T15:20+0:00\" \/><meta itemprop='endDate' content=\"2026-8-10T23:59+0:00\" \/><meta itemprop='eventStatus' content=\"https:\/\/schema.org\/EventScheduled\" \/><meta itemprop='eventAttendanceMode'   itemscope itemtype=\"https:\/\/schema.org\/OfflineEventAttendanceMode\"\/><div style=\"display:none\" itemprop=\"location\" itemscope itemtype=\"http:\/\/schema.org\/Place\"><span itemprop=\"name\">Pampeago<\/span><span itemprop=\"address\" itemscope itemtype=\"http:\/\/schema.org\/PostalAddress\"><item itemprop=\"streetAddress\">Localit\u00e0 Pampeago, 8, 38038 Tesero TN<\/item><\/span><\/div><script type=\"application\/ld+json\">{\"@context\": \"http:\/\/schema.org\",\"@type\": \"Event\",\n\t\t\t\t\"@id\": \"event_2149_14\",\n\t\t\t\t\"eventAttendanceMode\":\"https:\/\/schema.org\/OfflineEventAttendanceMode\",\n\t\t\t\t\"eventStatus\":\"https:\/\/schema.org\/EventScheduled\",\n\t\t\t\t\"name\": \"I suoni e la vita della malga\",\n\t\t\t\t\"url\": \"https:\/\/latemarium.com\/it\/events\/i-suoni-e-la-vita-della-malga\/var\/ri-14.l-L1\",\n\t\t\t\t\"startDate\": \"2026-8-10T15:20+0:00\",\n\t\t\t\t\"endDate\": \"2026-8-10T23:59+0:00\",\n\t\t\t\t\"image\":\"https:\/\/latemarium.com\/wp-content\/uploads\/2023\/06\/suoni-vita-malga.jpg\", \n\t\t\t\t\"description\":\"<p>Ritrovo presso parcheggio seggiovia Tresca (raggiungibile in auto da Pampeago \u2013 SOLO per chi prenota l&#8217;attivit\u00e0).<\/p> <p>Dopo una breve passeggiata fino a Malga Pampeago, bambini e genitori scoprono la vita e i suoni quotidiani che scandiscono la vita dei malgari, fra mucche, vitellini, asinelli e maiali.<\/p> <p>A fine attivit\u00e0 ci sar\u00e0 una piccola merenda che i bambini potranno gustarsi o portarsi a casa.<\/p> <p>Attivit\u00e0 possibile anche con passeggino country.<\/p> <p>Prenotazione obbligatoria.<\/p> <p>Prenotazione obbligatoria. Clicca <a href='https:\/\/www.visitfiemme.it\/it\/eventi\/fiemme-cembra-guest-card\/esperienze\/esperienze-in-estate?re-product-id=211655' target='_blank' rel='noopener'>qui<\/a>\u00a0per prenotare.<\/p> \",\"location\":[{\"@type\":\"Place\",\"name\":\"Pampeago\",\"address\":{\"@type\": \"PostalAddress\",\"streetAddress\":\"Localit\u00e0 Pampeago, 8, 38038 Tesero TN\"}}]}<\/script><\/div>\r\n\t\t\t\t<p class=\"desc_trig_outter\" style=\"\"><a data-gmtrig=\"1\" data-exlk=\"0\" style=\"background-color: #b8d989;\" id=\"evc_17863680002149\" class=\"hasFtIMG event_repeat desc_trig sin_val evcal_list_a\" data-ux_val=\"3\" data-ux_val_mob=\"-\"  ><span class='evoet_c1 evoet_cx '><span class='ev_ftImg' data-img='https:\/\/latemarium.com\/wp-content\/uploads\/2023\/06\/suoni-vita-malga.jpg' data-thumb='https:\/\/latemarium.com\/wp-content\/uploads\/2023\/06\/suoni-vita-malga-300x225.jpg' style='background-image:url(\"https:\/\/latemarium.com\/wp-content\/uploads\/2023\/06\/suoni-vita-malga-300x225.jpg\")' ><\/span><\/span><span class='evoet_c2 evoet_cx '><span class='evoet_dayblock evcal_cblock ' data-bgcolor='#b8d989' data-smon='agosto' data-syr='2026' data-bub=''><span class='evo_start '><em class='date'>10<\/em><em class='month'>ago<\/em><em class='time'>15:20<\/em><\/span><\/span><\/span><span class='evoet_c3 evoet_cx evcal_desc hide_eventtopdata '><span class='evoet_title evcal_desc2 evcal_event_title ' itemprop='name'>I suoni e la vita della malga<\/span><span class='event_location_attrs'  data-location_address=\"Localit\u00e0 Pampeago, 8, 38038 Tesero TN\" data-location_type=\"lonlat\" data-location_name=\"Pampeago\" data-location_url=\"https:\/\/latemarium.com\/it\/event-location\/pampeago\/\" data-location_status=\"true\" data-latlng=\"46.34343697644898,11.540997527961546\"><\/span><span class='evoet_subtitle evo_below_title' ><span class='evcal_event_subtitle ' >Alla scoperta della vita dei malgari<\/span><\/span><span class='evoet_time_expand level_3'><em class='evcal_time evo_tz_time'><i class='fa fa-clock-o'><\/i>15:20<span class='evo_tz marl5'>(GMT+02:00)<\/span><\/em> <\/span><span class='evoet_location level_3'><em class=\"evcal_location\"  data-latlng=\"46.34343697644898,11.540997527961546\" data-add_str=\"Localit\u00e0 Pampeago, 8, 38038 Tesero TN\" data-n=\"Pampeago\"><i class=\"fa fa-location-pin\"><\/i><em class=\"event_location_name\">Pampeago<\/em>, Localit\u00e0 Pampeago, 8, 38038 Tesero TN<\/em><\/span><\/span><span class='evoet_data' data-d=\"{&quot;loc.n&quot;:&quot;Pampeago&quot;,&quot;orgs&quot;:[],&quot;tags&quot;:{&quot;repeating&quot;:&quot;Repeating Event&quot;}}\" data-bgc=\"#b8d989\" data-bggrad=\"\" ><\/span><\/a><\/p><div class='event_description evcal_eventcard ' style=\"display:none\"><div class='evocard_row'><div id='event_ftimage' class='evocard_box ftimage' data-c='' \n\t\t\t\t\tstyle=''><div class='evocard_main_image_hold' data-t='Loading Image..'><div class='evocard_main_image evo_img_triglb evobr15 evobgsc evobgpc evodfx evofx_jc_c evofx_ai_c evofz48 minmized' style='height:300px; background-image:url();' data-f=\"https:\/\/latemarium.com\/wp-content\/uploads\/2023\/06\/suoni-vita-malga.jpg\" data-h=\"796\" data-w=\"1062\" data-ratio=\"0.74952919020716\" data-event_id=\"2149\" data-ri=\"14\"  data-t='Loading Image..'><span style='height:300px; background-image:url(https:\/\/latemarium.com\/wp-content\/uploads\/2023\/06\/suoni-vita-malga.jpg)'><\/span><\/div><\/div><\/div><\/div><div class='evocard_row'><div id='event_eventdetails' class='evocard_box eventdetails' data-c='' \n\t\t\t\t\tstyle=''><div class='evo_metarow_details evorow evcal_evdata_row evcal_event_details'>\n\t\t<div class=\"event_excerpt\" style=\"display:none\"><h3 class=\"padb5 evo_h3\">Dettagli dell&#039;evento<\/h3><p>Ritrovo presso parcheggio seggiovia Tresca (raggiungibile in auto da Pampeago \u2013 SOLO per chi prenota l&#8217;attivit\u00e0).\nDopo una breve passeggiata fino a Malga Pampeago, bambini e genitori scoprono la vita e<\/p><\/div><span class='evcal_evdata_icons'><i class='fa fa-align-justify'><\/i><\/span>\n\t\t\n\t\t<div class='evcal_evdata_cell shorter_desc'>\n\t\t\t<div class='eventon_full_description'>\n\t\t\t\t<h3 class='padb5 evo_h3'><span class='evcal_evdata_icons'><i class='fa fa-align-justify'><\/i><\/span>Dettagli dell&#039;evento<\/h3>\n\t\t\t\t<div class='eventon_desc_in' itemprop='description'>\n\t\t\t\t<p>Ritrovo presso parcheggio seggiovia Tresca (raggiungibile in auto da Pampeago \u2013 SOLO per chi prenota l&#8217;attivit\u00e0).<\/p>\n<p>Dopo una breve passeggiata fino a Malga Pampeago, bambini e genitori scoprono la vita e i suoni quotidiani che scandiscono la vita dei malgari, fra mucche, vitellini, asinelli e maiali.<\/p>\n<p>A fine attivit\u00e0 ci sar\u00e0 una piccola merenda che i bambini potranno gustarsi o portarsi a casa.<\/p>\n<p>Attivit\u00e0 possibile anche con passeggino country.<\/p>\n<p>Prenotazione obbligatoria.<\/p>\n<p>Prenotazione obbligatoria. Clicca <a href=\"https:\/\/www.visitfiemme.it\/it\/eventi\/fiemme-cembra-guest-card\/esperienze\/esperienze-in-estate?re-product-id=211655\" target=\"_blank\" rel=\"noopener\">qui<\/a>\u00a0per prenotare.<\/p>\n<\/div><p class='eventon_shad_p' style='padding:5px 0 0; margin:0'>\n\t\t\t<span class='evcal_btn evo_btn_secondary evobtn_details_show_more' content='less'>\n\t\t\t\t<span class='ev_more_text' data-txt='Meno'>Pi\u00f9<\/span><span class='ev_more_arrow ard'><\/span>\n\t\t\t<\/span>\n\t\t<\/p><div class='clear'><\/div>\n\t\t\t<\/div>\n\t\t<\/div>\n\t<\/div><\/div><\/div><div class='evocard_row bx2 bx'><div id='event_time' class='evocard_box time' data-c='' \n\t\t\t\t\tstyle=''><div class='evo_metarow_time evorow evcal_evdata_row evcal_evrow_sm '>\n\t\t<span class='evcal_evdata_icons'><i class='fa fa-clock'><\/i><\/span>\n\t\t<div class='evcal_evdata_cell'>\t\t\t\t\t\t\t\n\t\t\t<h3 class='evo_h3'><span class='evcal_evdata_icons'><i class='fa fa-clock'><\/i><\/span>Orario<\/h3><p><span class='evo_eventcard_time_t'>10 agosto 2026 15:20<\/span><span class='evo_tz marr5'>(GMT+02:00)<\/span><\/p>\n\t\t<\/div>\n\t<\/div><\/div><div id='event_location' class='evocard_box location' data-c='' \n\t\t\t\t\tstyle=''><div class='evcal_evdata_row evo_metarow_time_location evorow '>\n\t\t\n\t\t\t<span class='evcal_evdata_icons'><i class='fa fa-map-marker'><\/i><\/span>\n\t\t\t<div class='evcal_evdata_cell' data-loc_tax_id='30'><h3 class='evo_h3 evodfx'><span class='evcal_evdata_icons'><i class='fa fa-map-marker'><\/i><\/span>Luogo<\/h3><p class='evo_location_name'>Pampeago<\/p><p class='evo_location_address evodfxi evogap10'>Localit\u00e0 Pampeago, 8, 38038 Tesero TN<\/p><div class='padt10'><span class='evo_btn_arr evolb_trigger' data-lbvals=\"{&quot;lbc&quot;:&quot;evo_location_lb_30&quot;,&quot;lbac&quot;:&quot;lb_max&quot;,&quot;t&quot;:&quot;Pampeago&quot;,&quot;ajax&quot;:&quot;yes&quot;,&quot;ajax_type&quot;:&quot;endpoint&quot;,&quot;ajax_action&quot;:&quot;eventon_get_tax_card_content&quot;,&quot;end&quot;:&quot;client&quot;,&quot;d&quot;:{&quot;lang&quot;:&quot;L1&quot;,&quot;term_id&quot;:30,&quot;tax&quot;:&quot;event_location&quot;,&quot;load_lbcontent&quot;:true},&quot;uid&quot;:&quot;eventon_get_tax_card_content&quot;}\" >Other Events<i class='fa fa-chevron-right'><\/i><\/span><\/div><\/div>\n\t\t\n\t<\/div><\/div><\/div><div class='evocard_row'><div id='event_addtocal' class='evocard_box addtocal' data-c='' \n\t\t\t\t\tstyle=''><div class='evo_metarow_ICS evorow evcal_evdata_row'>\n\t\t\t<span class='evcal_evdata_icons'><i class='fa fa-calendar-o'><\/i><\/span>\n\t\t\t<div class='evcal_evdata_cell'>\n\t\t\t\t<p><a href='https:\/\/latemarium.com\/it\/export-events\/2149_14\/?nonce=a3263097f9' class='evo_ics_nCal' title='Aggiungi al tuo calendario'>Calendario<\/a><a href='https:\/\/www.google.com\/calendar\/event?action=TEMPLATE&text=I+suoni+e+la+vita+della+malga&dates=20260810T132000Z%2F20260810T215900Z&ctz=Europe%2FRome&details=I suoni e la vita della malga&location=Pampeago+Localit%C3%A0+Pampeago%2C+8%2C+38038+Tesero+TN' target='_blank' class='evo_ics_gCal' title='Aggiungi al calendario di Google'>GoogleCal<\/a><\/p>\t\n\t\t\t<\/div>\n\t\t<\/div><\/div><\/div><div class='evocard_row'><div id='event_getdirection' class='evocard_box getdirection' data-c='' \n\t\t\t\t\tstyle=''><div class='evo_metarow_getDr evorow evcal_evdata_row evcal_evrow_sm getdirections'>\n\t\t<form action='https:\/\/maps.google.com\/maps' method='get' target='_blank'>\n\t\t\t<input type='hidden' name='daddr' value=\"46.34343697644898,11.540997527961546\"\/> \n\t\t\t<div class='evo_get_direction_content evo_fx_dr_r evogap10'>\n\t\t\t\t<span class='evogetdir_header evodfx evofx_dr_r evofx_ai_c marr10'>\n\t\t\t\t\t<i class='mainicon fa fa-road'><\/i> \n\t\t\t\t\t<h3 class='evo_h3' style='padding-bottom:5px;'>Ottieni indicazioni stradali<\/h3>\n\t\t\t\t<\/span>\n\t\t\t\t<span class='evogetdir_field evodfx evofx_1_1 evo_fx_dr_c evow100p'>\t\t\t\t\t\n\t\t\t\t\t<input class='evoInput evotac' type='text' name='saddr' placeholder='Digitare l&#039;indirizzo per ottenere le indicazioni stradali' value='' style='margin:10px 0;'\/>\n\t\t\t\t<\/span>\n\t\t\t\t<button type='submit' class='evo_get_direction_button evo_btn_arr_circ dfx fx_ai_c' title='Fare clic qui per ottenere indicazioni'><i class='fa fa-chevron-right'><\/i> <\/button>\n\t\t\t<\/div>\n\t\t<\/form>\n\t<\/div><\/div><\/div><div class='evo_card_row_end evcal_close' title='Testo del pulsante Chiudi evento'><\/div><\/div><div class='clear end'><\/div><\/div><div id=\"event_2484_7\" class=\"eventon_list_event evo_eventtop scheduled  event clrD no_et event_2484_7\" data-event_id=\"2484\" data-ri=\"7r\" data-time=\"1786433400-1786485540\" data-colr=\"#38823b\" itemscope itemtype='http:\/\/schema.org\/Event'><div class=\"evo_event_schema\" style=\"display:none\" ><a itemprop='url'  href='https:\/\/latemarium.com\/it\/events\/respirart-arte-in-quota\/var\/ri-7.l-L1'><\/a><meta itemprop='image' content=\"https:\/\/latemarium.com\/wp-content\/uploads\/2023\/06\/respirart-respiro-arte-natura.jpg\" \/><meta itemprop='startDate' content=\"2026-8-11T09:30+0:00\" \/><meta itemprop='endDate' content=\"2026-8-11T23:59+0:00\" \/><meta itemprop='eventStatus' content=\"https:\/\/schema.org\/EventScheduled\" \/><meta itemprop='eventAttendanceMode'   itemscope itemtype=\"https:\/\/schema.org\/OfflineEventAttendanceMode\"\/><div style=\"display:none\" itemprop=\"location\" itemscope itemtype=\"http:\/\/schema.org\/Place\"><span itemprop=\"name\">Pampeago<\/span><span itemprop=\"address\" itemscope itemtype=\"http:\/\/schema.org\/PostalAddress\"><item itemprop=\"streetAddress\">Localit\u00e0 Pampeago, 8, 38038 Tesero TN<\/item><\/span><\/div><script type=\"application\/ld+json\">{\"@context\": \"http:\/\/schema.org\",\"@type\": \"Event\",\n\t\t\t\t\"@id\": \"event_2484_7\",\n\t\t\t\t\"eventAttendanceMode\":\"https:\/\/schema.org\/OfflineEventAttendanceMode\",\n\t\t\t\t\"eventStatus\":\"https:\/\/schema.org\/EventScheduled\",\n\t\t\t\t\"name\": \"Respirart: arte in quota\",\n\t\t\t\t\"url\": \"https:\/\/latemarium.com\/it\/events\/respirart-arte-in-quota\/var\/ri-7.l-L1\",\n\t\t\t\t\"startDate\": \"2026-8-11T09:30+0:00\",\n\t\t\t\t\"endDate\": \"2026-8-11T23:59+0:00\",\n\t\t\t\t\"image\":\"https:\/\/latemarium.com\/wp-content\/uploads\/2023\/06\/respirart-respiro-arte-natura.jpg\", \n\t\t\t\t\"description\":\"<h2>Arte in quota: alla scoperta di Respirart tra natura e installazioni<\/h2> <p>Si parte alle 9.30, davanti alla Seggiovia-Seminovia Agnello, dove incontrerai la guida artistica che ti consegner\u00e0 i semi e ti accompagner\u00e0 a seminare fiorume dall\u2019alto, per generare fiori e quindi nutrire la terra, le api, le capre e le mucche.<\/p> <p>Poi, la guida ti porter\u00e0 a scoprire le opere d\u2019arte del parco. Lungo il giro ad anello di 3 km scoprirai le ispirazioni degli artisti che hanno creato gesti d\u2019arte al cospetto del Latemar.<\/p> <p>Attivit\u00e0 adatta agli adulti.<\/p> <p>Prenotazione obbligatoria, clicca <a href='https:\/\/www.visitfiemme.it\/it\/eventi\/fiemme-cembra-guest-card\/esperienze\/esperienze-in-estate' target='_blank' rel='noopener'>qui<\/a>.<\/p> \",\"location\":[{\"@type\":\"Place\",\"name\":\"Pampeago\",\"address\":{\"@type\": \"PostalAddress\",\"streetAddress\":\"Localit\u00e0 Pampeago, 8, 38038 Tesero TN\"}}]}<\/script><\/div>\r\n\t\t\t\t<p class=\"desc_trig_outter\" style=\"\"><a data-gmtrig=\"1\" data-exlk=\"0\" style=\"background-color: #38823b;\" id=\"evc_17864334002484\" class=\"hasFtIMG event_repeat desc_trig sin_val evcal_list_a\" data-ux_val=\"3\" data-ux_val_mob=\"-\"  ><span class='evoet_c1 evoet_cx '><span class='ev_ftImg' data-img='https:\/\/latemarium.com\/wp-content\/uploads\/2023\/06\/respirart-respiro-arte-natura.jpg' data-thumb='https:\/\/latemarium.com\/wp-content\/uploads\/2023\/06\/respirart-respiro-arte-natura-300x201.jpg' style='background-image:url(\"https:\/\/latemarium.com\/wp-content\/uploads\/2023\/06\/respirart-respiro-arte-natura-300x201.jpg\")' ><\/span><\/span><span class='evoet_c2 evoet_cx '><span class='evoet_dayblock evcal_cblock ' data-bgcolor='#38823b' data-smon='agosto' data-syr='2026' data-bub=''><span class='evo_start '><em class='date'>11<\/em><em class='month'>ago<\/em><em class='time'>09:30<\/em><\/span><\/span><\/span><span class='evoet_c3 evoet_cx evcal_desc hide_eventtopdata '><span class='evoet_title evcal_desc2 evcal_event_title ' itemprop='name'>Respirart: arte in quota<\/span><span class='event_location_attrs'  data-location_address=\"Localit\u00e0 Pampeago, 8, 38038 Tesero TN\" data-location_type=\"lonlat\" data-location_name=\"Pampeago\" data-location_url=\"https:\/\/latemarium.com\/it\/event-location\/pampeago\/\" data-location_status=\"true\" data-latlng=\"46.34343697644898,11.540997527961546\"><\/span><span class='evoet_subtitle evo_below_title' ><span class='evcal_event_subtitle ' >Alla scoperta del parco d'arte Respirart<\/span><\/span><span class='evoet_time_expand level_3'><em class='evcal_time evo_tz_time'><i class='fa fa-clock-o'><\/i>09:30<span class='evo_tz marl5'>(GMT+02:00)<\/span><\/em> <\/span><span class='evoet_location level_3'><em class=\"evcal_location\"  data-latlng=\"46.34343697644898,11.540997527961546\" data-add_str=\"Localit\u00e0 Pampeago, 8, 38038 Tesero TN\" data-n=\"Pampeago\"><i class=\"fa fa-location-pin\"><\/i><em class=\"event_location_name\">Pampeago<\/em>, Localit\u00e0 Pampeago, 8, 38038 Tesero TN<\/em><\/span><\/span><span class='evoet_data' data-d=\"{&quot;loc.n&quot;:&quot;Pampeago&quot;,&quot;orgs&quot;:[],&quot;tags&quot;:{&quot;repeating&quot;:&quot;Repeating Event&quot;}}\" data-bgc=\"#38823b\" data-bggrad=\"\" ><\/span><\/a><\/p><div class='event_description evcal_eventcard ' style=\"display:none\"><div class='evocard_row'><div id='event_ftimage' class='evocard_box ftimage' data-c='' \n\t\t\t\t\tstyle=''><div class='evocard_main_image_hold' data-t='Loading Image..'><div class='evocard_main_image evo_img_triglb evobr15 evobgsc evobgpc evodfx evofx_jc_c evofx_ai_c evofz48 minmized' style='height:300px; background-image:url();' data-f=\"https:\/\/latemarium.com\/wp-content\/uploads\/2023\/06\/respirart-respiro-arte-natura.jpg\" data-h=\"602\" data-w=\"899\" data-ratio=\"0.66963292547275\" data-event_id=\"2484\" data-ri=\"7\"  data-t='Loading Image..'><span style='height:300px; background-image:url(https:\/\/latemarium.com\/wp-content\/uploads\/2023\/06\/respirart-respiro-arte-natura.jpg)'><\/span><\/div><\/div><\/div><\/div><div class='evocard_row'><div id='event_eventdetails' class='evocard_box eventdetails' data-c='' \n\t\t\t\t\tstyle=''><div class='evo_metarow_details evorow evcal_evdata_row evcal_event_details'>\n\t\t<div class=\"event_excerpt\" style=\"display:none\"><h3 class=\"padb5 evo_h3\">Dettagli dell&#039;evento<\/h3><p>Arte in quota: alla scoperta di Respirart tra natura e installazioni\nSi parte alle 9.30, davanti alla Seggiovia-Seminovia Agnello, dove incontrerai la guida artistica che ti consegner\u00e0 i semi e ti<\/p><\/div><span class='evcal_evdata_icons'><i class='fa fa-align-justify'><\/i><\/span>\n\t\t\n\t\t<div class='evcal_evdata_cell shorter_desc'>\n\t\t\t<div class='eventon_full_description'>\n\t\t\t\t<h3 class='padb5 evo_h3'><span class='evcal_evdata_icons'><i class='fa fa-align-justify'><\/i><\/span>Dettagli dell&#039;evento<\/h3>\n\t\t\t\t<div class='eventon_desc_in' itemprop='description'>\n\t\t\t\t<h2>Arte in quota: alla scoperta di Respirart tra natura e installazioni<\/h2>\n<p>Si parte alle 9.30, davanti alla Seggiovia-Seminovia Agnello, dove incontrerai la guida artistica che ti consegner\u00e0 i semi e ti accompagner\u00e0 a seminare fiorume dall\u2019alto, per generare fiori e quindi nutrire la terra, le api, le capre e le mucche.<\/p>\n<p>Poi, la guida ti porter\u00e0 a scoprire le opere d\u2019arte del parco. Lungo il giro ad anello di 3 km scoprirai le ispirazioni degli artisti che hanno creato gesti d\u2019arte al cospetto del Latemar.<\/p>\n<p>Attivit\u00e0 adatta agli adulti.<\/p>\n<p>Prenotazione obbligatoria, clicca <a href=\"https:\/\/www.visitfiemme.it\/it\/eventi\/fiemme-cembra-guest-card\/esperienze\/esperienze-in-estate\" target=\"_blank\" rel=\"noopener\">qui<\/a>.<\/p>\n<\/div><p class='eventon_shad_p' style='padding:5px 0 0; margin:0'>\n\t\t\t<span class='evcal_btn evo_btn_secondary evobtn_details_show_more' content='less'>\n\t\t\t\t<span class='ev_more_text' data-txt='Meno'>Pi\u00f9<\/span><span class='ev_more_arrow ard'><\/span>\n\t\t\t<\/span>\n\t\t<\/p><div class='clear'><\/div>\n\t\t\t<\/div>\n\t\t<\/div>\n\t<\/div><\/div><\/div><div class='evocard_row bx2 bx'><div id='event_time' class='evocard_box time' data-c='' \n\t\t\t\t\tstyle=''><div class='evo_metarow_time evorow evcal_evdata_row evcal_evrow_sm '>\n\t\t<span class='evcal_evdata_icons'><i class='fa fa-clock'><\/i><\/span>\n\t\t<div class='evcal_evdata_cell'>\t\t\t\t\t\t\t\n\t\t\t<h3 class='evo_h3'><span class='evcal_evdata_icons'><i class='fa fa-clock'><\/i><\/span>Orario<\/h3><p><span class='evo_eventcard_time_t'>11 agosto 2026 09:30<\/span><span class='evo_tz marr5'>(GMT+02:00)<\/span><\/p>\n\t\t<\/div>\n\t<\/div><\/div><div id='event_location' class='evocard_box location' data-c='' \n\t\t\t\t\tstyle=''><div class='evcal_evdata_row evo_metarow_time_location evorow '>\n\t\t\n\t\t\t<span class='evcal_evdata_icons'><i class='fa fa-map-marker'><\/i><\/span>\n\t\t\t<div class='evcal_evdata_cell' data-loc_tax_id='30'><h3 class='evo_h3 evodfx'><span class='evcal_evdata_icons'><i class='fa fa-map-marker'><\/i><\/span>Luogo<\/h3><p class='evo_location_name'>Pampeago<\/p><p class='evo_location_address evodfxi evogap10'>Localit\u00e0 Pampeago, 8, 38038 Tesero TN<\/p><div class='padt10'><span class='evo_btn_arr evolb_trigger' data-lbvals=\"{&quot;lbc&quot;:&quot;evo_location_lb_30&quot;,&quot;lbac&quot;:&quot;lb_max&quot;,&quot;t&quot;:&quot;Pampeago&quot;,&quot;ajax&quot;:&quot;yes&quot;,&quot;ajax_type&quot;:&quot;endpoint&quot;,&quot;ajax_action&quot;:&quot;eventon_get_tax_card_content&quot;,&quot;end&quot;:&quot;client&quot;,&quot;d&quot;:{&quot;lang&quot;:&quot;L1&quot;,&quot;term_id&quot;:30,&quot;tax&quot;:&quot;event_location&quot;,&quot;load_lbcontent&quot;:true},&quot;uid&quot;:&quot;eventon_get_tax_card_content&quot;}\" >Other Events<i class='fa fa-chevron-right'><\/i><\/span><\/div><\/div>\n\t\t\n\t<\/div><\/div><\/div><div class='evocard_row bx2 bx'><div id='event_learnmore' class='evocard_box learnmore' data-c='' \n\t\t\t\t\tstyle=''><div class='evo_metarow_learnM evo_metarow_learnmore evorow'>\n\t\t\t\t\t\t\t<a class='evcal_evdata_row evo_clik_row ' href='http:\/\/www.respirart.com\/' target=\"_blank\">\n\t\t\t\t\t\t\t\t<span class='evcal_evdata_icons'><i class='fa fa-link'><\/i><\/span>\n\t\t\t\t\t\t\t\t<h3 class='evo_h3'>Scopri di pi\u00f9<\/h3>\n\t\t\t\t\t\t\t<\/a>\n\t\t\t\t\t\t\t<\/div><\/div><div id='event_addtocal' class='evocard_box addtocal' data-c='' \n\t\t\t\t\tstyle=''><div class='evo_metarow_ICS evorow evcal_evdata_row'>\n\t\t\t<span class='evcal_evdata_icons'><i class='fa fa-calendar-o'><\/i><\/span>\n\t\t\t<div class='evcal_evdata_cell'>\n\t\t\t\t<p><a href='https:\/\/latemarium.com\/it\/export-events\/2484_7\/?nonce=a3263097f9' class='evo_ics_nCal' title='Aggiungi al tuo calendario'>Calendario<\/a><a href='https:\/\/www.google.com\/calendar\/event?action=TEMPLATE&text=Respirart%3A+arte+in+quota&dates=20260811T073000Z%2F20260811T215900Z&ctz=Europe%2FRome&details=Respirart: arte in quota&location=Pampeago+Localit%C3%A0+Pampeago%2C+8%2C+38038+Tesero+TN' target='_blank' class='evo_ics_gCal' title='Aggiungi al calendario di Google'>GoogleCal<\/a><\/p>\t\n\t\t\t<\/div>\n\t\t<\/div><\/div><\/div><div class='evocard_row'><div id='event_repeats' class='evocard_box repeats' data-c='' \n\t\t\t\t\tstyle=''><div class='evo_metarow_repeats evorow evcal_evdata_row evcal_evrow_sm '>\n\t\t<span class='evcal_evdata_icons'><i class='fa fa-repeat'><\/i><\/span>\n\t\t<div class='evcal_evdata_cell'>\t\t\t\t\t\t\t\n\t\t\t<h3 class='evo_h3'>Orari degli eventi futuri in questa serie di eventi ripetuti<\/h3><div class='evo_elm_HCS evo_repeat_series' style=''><span class='evo_elmHCS_nav HCSnavL evo_repeat_series content_slide_trig'><i class='fa fa-chevron-left'><\/i><\/span><span class='evo_elmHCS_nav HCSnavR evo_repeat_series content_slide_trig'><i class='fa fa-chevron-right'><\/i><\/span><div class='evo_elm_HCS_in'><div class='evo_repeat_series_dates clickable evodfx evofx_dr_r evogap10' data-click='1' data-event_url='https:\/\/latemarium.com\/it\/events\/respirart-arte-in-quota\/var\/ri-7.l-L1'><span class='evo_repeat_series_date evodfx evofx_dr_r evofx_ai_c evogap5 evobr15 evobrdB1 evocl1 evopad15 evottu evofz14 evocurp evo_trans_sc1_03 evoHbgcw' data-ux=\"def\" data-l=\"https:\/\/latemarium.com\/it\/events\/respirart-arte-in-quota\/var\/ri-8.l-L1\" ><span class='evodfx evofx_dr_c evotac evofx_jc_c'><b class='j evofz16'>18<\/b><b class='fy'>agosto <\/b><em class='t evofsn'>09:30 - 23:59<\/em><\/span><\/span><span class='evo_repeat_series_date evodfx evofx_dr_r evofx_ai_c evogap5 evobr15 evobrdB1 evocl1 evopad15 evottu evofz14 evocurp evo_trans_sc1_03 evoHbgcw' data-ux=\"def\" data-l=\"https:\/\/latemarium.com\/it\/events\/respirart-arte-in-quota\/var\/ri-9.l-L1\" ><span class='evodfx evofx_dr_c evotac evofx_jc_c'><b class='j evofz16'>25<\/b><b class='fy'>agosto <\/b><em class='t evofsn'>09:30 - 23:59<\/em><\/span><\/span><span class='evo_repeat_series_date evodfx evofx_dr_r evofx_ai_c evogap5 evobr15 evobrdB1 evocl1 evopad15 evottu evofz14 evocurp evo_trans_sc1_03 evoHbgcw' data-ux=\"def\" data-l=\"https:\/\/latemarium.com\/it\/events\/respirart-arte-in-quota\/var\/ri-10.l-L1\" ><span class='evodfx evofx_dr_c evotac evofx_jc_c'><b class='j evofz16'>1<\/b><b class='fy'>settembre <\/b><em class='t evofsn'>09:30 - 23:59<\/em><\/span><\/span><span class='evo_repeat_series_date evodfx evofx_dr_r evofx_ai_c evogap5 evobr15 evobrdB1 evocl1 evopad15 evottu evofz14 evocurp evo_trans_sc1_03 evoHbgcw' data-ux=\"def\" data-l=\"https:\/\/latemarium.com\/it\/events\/respirart-arte-in-quota\/var\/ri-11.l-L1\" ><span class='evodfx evofx_dr_c evotac evofx_jc_c'><b class='j evofz16'>8<\/b><b class='fy'>settembre <\/b><em class='t evofsn'>09:30 - 23:59<\/em><\/span><\/span><\/div><\/div><\/div><\/div><\/div><\/div><\/div><div class='evocard_row'><div id='event_getdirection' class='evocard_box getdirection' data-c='' \n\t\t\t\t\tstyle=''><div class='evo_metarow_getDr evorow evcal_evdata_row evcal_evrow_sm getdirections'>\n\t\t<form action='https:\/\/maps.google.com\/maps' method='get' target='_blank'>\n\t\t\t<input type='hidden' name='daddr' value=\"46.34343697644898,11.540997527961546\"\/> \n\t\t\t<div class='evo_get_direction_content evo_fx_dr_r evogap10'>\n\t\t\t\t<span class='evogetdir_header evodfx evofx_dr_r evofx_ai_c marr10'>\n\t\t\t\t\t<i class='mainicon fa fa-road'><\/i> \n\t\t\t\t\t<h3 class='evo_h3' style='padding-bottom:5px;'>Ottieni indicazioni stradali<\/h3>\n\t\t\t\t<\/span>\n\t\t\t\t<span class='evogetdir_field evodfx evofx_1_1 evo_fx_dr_c evow100p'>\t\t\t\t\t\n\t\t\t\t\t<input class='evoInput evotac' type='text' name='saddr' placeholder='Digitare l&#039;indirizzo per ottenere le indicazioni stradali' value='' style='margin:10px 0;'\/>\n\t\t\t\t<\/span>\n\t\t\t\t<button type='submit' class='evo_get_direction_button evo_btn_arr_circ dfx fx_ai_c' title='Fare clic qui per ottenere indicazioni'><i class='fa fa-chevron-right'><\/i> <\/button>\n\t\t\t<\/div>\n\t\t<\/form>\n\t<\/div><\/div><\/div><div class='evo_card_row_end evcal_close' title='Testo del pulsante Chiudi evento'><\/div><\/div><div class='clear end'><\/div><\/div><div id=\"event_2159_5\" class=\"eventon_list_event evo_eventtop scheduled  event clrW no_et event_2159_5\" data-event_id=\"2159\" data-ri=\"5r\" data-time=\"1786438800-1786485540\" data-colr=\"#a69dcd\" itemscope itemtype='http:\/\/schema.org\/Event'><div class=\"evo_event_schema\" style=\"display:none\" ><a itemprop='url'  href='https:\/\/latemarium.com\/it\/events\/il-dritto-dahu-ci-aspetta-lassu\/var\/ri-5.l-L1'><\/a><meta itemprop='image' content=\"https:\/\/latemarium.com\/wp-content\/uploads\/2023\/06\/forse-dahu-sa.jpg\" \/><meta itemprop='startDate' content=\"2026-8-11T11:00+0:00\" \/><meta itemprop='endDate' content=\"2026-8-11T23:59+0:00\" \/><meta itemprop='eventStatus' content=\"https:\/\/schema.org\/EventScheduled\" \/><meta itemprop='eventAttendanceMode'   itemscope itemtype=\"https:\/\/schema.org\/OfflineEventAttendanceMode\"\/><script type=\"application\/ld+json\">{\"@context\": \"http:\/\/schema.org\",\"@type\": \"Event\",\n\t\t\t\t\"@id\": \"event_2159_5\",\n\t\t\t\t\"eventAttendanceMode\":\"https:\/\/schema.org\/OfflineEventAttendanceMode\",\n\t\t\t\t\"eventStatus\":\"https:\/\/schema.org\/EventScheduled\",\n\t\t\t\t\"name\": \"IL DRITTO DAH\u00d9 CI ASPETTA LASS\u00d9\",\n\t\t\t\t\"url\": \"https:\/\/latemarium.com\/it\/events\/il-dritto-dahu-ci-aspetta-lassu\/var\/ri-5.l-L1\",\n\t\t\t\t\"startDate\": \"2026-8-11T11:00+0:00\",\n\t\t\t\t\"endDate\": \"2026-8-11T23:59+0:00\",\n\t\t\t\t\"image\":\"https:\/\/latemarium.com\/wp-content\/uploads\/2023\/06\/forse-dahu-sa.jpg\", \n\t\t\t\t\"description\":\"<p>L&#8217;inspiegabile equilibrio del Dah\u00f9 porta ricercatrici e ricercatori ad una grande evoluzione, con continui cambi di prospettiva.<\/p> <p>Andiamo di su, di gi\u00f9, di qua, di l\u00e0. Esperti si diventa ri-cercando insieme. Alla partenza verranno distribuiti gli incarichi: la ricerca procede se c\u2019\u00e8 lavoro di squadra. Siete pronti?<\/p> <p>marted\u00ec: dal 7 luglio al 25 agosto 2026<br \/> a monte della telecabina Predazzo-Gardon\u00e8<br \/> ore 11.00<br \/> adatto a famiglie\u00a0(durata 1h30\u2019)<\/p> \"}<\/script><\/div>\r\n\t\t\t\t<p class=\"desc_trig_outter\" style=\"\"><a data-gmap_status=\"null\" data-exlk=\"0\" style=\"background-color: #a69dcd;\" id=\"evc_17864388002159\" class=\"hasFtIMG event_repeat desc_trig sin_val evcal_list_a\" data-ux_val=\"3\" data-ux_val_mob=\"-\"  ><span class='evoet_c1 evoet_cx '><span class='ev_ftImg' data-img='https:\/\/latemarium.com\/wp-content\/uploads\/2023\/06\/forse-dahu-sa.jpg' data-thumb='https:\/\/latemarium.com\/wp-content\/uploads\/2023\/06\/forse-dahu-sa-300x204.jpg' style='background-image:url(\"https:\/\/latemarium.com\/wp-content\/uploads\/2023\/06\/forse-dahu-sa-300x204.jpg\")' ><\/span><\/span><span class='evoet_c2 evoet_cx '><span class='evoet_dayblock evcal_cblock ' data-bgcolor='#a69dcd' data-smon='agosto' data-syr='2026' data-bub=''><span class='evo_start '><em class='date'>11<\/em><em class='month'>ago<\/em><em class='time'>11:00<\/em><\/span><\/span><\/span><span class='evoet_c3 evoet_cx evcal_desc hide_eventtopdata '><span class='evoet_title evcal_desc2 evcal_event_title ' itemprop='name'>IL DRITTO DAH\u00d9 CI ASPETTA LASS\u00d9<\/span><span class='event_location_attrs' data-location_type=\"lonlat\" data-location_name=\"A monte della telecabina Predazzo-Gardon\u00e8\" data-location_url=\"https:\/\/latemarium.com\/it\/event-location\/a-monte-della-telecabina-predazzo-gardone\/\" data-location_status=\"true\" data-latlng=\"46.32878794406342,11.600176728690842\"><\/span><span class='evoet_subtitle evo_below_title' ><span class='evcal_event_subtitle ' >Sentiero Pastore Distratto<\/span><\/span><span class='evoet_time_expand level_3'><em class='evcal_time evo_tz_time'><i class='fa fa-clock-o'><\/i>11:00<span class='evo_tz marl5'>(GMT+02:00)<\/span><\/em> <\/span><span class='evoet_location level_3'><em class=\"evcal_location\"  data-latlng=\"46.32878794406342,11.600176728690842\" data-add_str=\"\" data-n=\"A monte della telecabina Predazzo-Gardon\u00e8\"><i class=\"fa fa-location-pin\"><\/i><em class=\"event_location_name\">A monte della telecabina Predazzo-Gardon\u00e8<\/em><\/em><\/span><\/span><span class='evoet_data' data-d=\"{&quot;loc.n&quot;:&quot;A monte della telecabina Predazzo-Gardon\\u00e8&quot;,&quot;orgs&quot;:[],&quot;tags&quot;:{&quot;repeating&quot;:&quot;Repeating Event&quot;}}\" data-bgc=\"#a69dcd\" data-bggrad=\"\" ><\/span><\/a><\/p><div class='event_description evcal_eventcard ' style=\"display:none\"><div class='evocard_row'><div id='event_ftimage' class='evocard_box ftimage' data-c='' \n\t\t\t\t\tstyle=''><div class='evocard_main_image_hold' data-t='Loading Image..'><div class='evocard_main_image evo_img_triglb evobr15 evobgsc evobgpc evodfx evofx_jc_c evofx_ai_c evofz48 minmized' style='height:300px; background-image:url();' data-f=\"https:\/\/latemarium.com\/wp-content\/uploads\/2023\/06\/forse-dahu-sa.jpg\" data-h=\"587\" data-w=\"862\" data-ratio=\"0.68097447795824\" data-event_id=\"2159\" data-ri=\"5\"  data-t='Loading Image..'><span style='height:300px; background-image:url(https:\/\/latemarium.com\/wp-content\/uploads\/2023\/06\/forse-dahu-sa.jpg)'><\/span><\/div><\/div><\/div><\/div><div class='evocard_row'><div id='event_eventdetails' class='evocard_box eventdetails' data-c='' \n\t\t\t\t\tstyle=''><div class='evo_metarow_details evorow evcal_evdata_row evcal_event_details'>\n\t\t<div class=\"event_excerpt\" style=\"display:none\"><h3 class=\"padb5 evo_h3\">Dettagli dell&#039;evento<\/h3><p>L&#8217;inspiegabile equilibrio del Dah\u00f9 porta ricercatrici e ricercatori ad una grande evoluzione, con continui cambi di prospettiva.\nAndiamo di su, di gi\u00f9, di qua, di l\u00e0. Esperti si diventa ri-cercando insieme.<\/p><\/div><span class='evcal_evdata_icons'><i class='fa fa-align-justify'><\/i><\/span>\n\t\t\n\t\t<div class='evcal_evdata_cell '>\n\t\t\t<div class='eventon_full_description'>\n\t\t\t\t<h3 class='padb5 evo_h3'><span class='evcal_evdata_icons'><i class='fa fa-align-justify'><\/i><\/span>Dettagli dell&#039;evento<\/h3>\n\t\t\t\t<div class='eventon_desc_in' itemprop='description'>\n\t\t\t\t<p>L&#8217;inspiegabile equilibrio del Dah\u00f9 porta ricercatrici e ricercatori ad una grande evoluzione, con continui cambi di prospettiva.<\/p>\n<p>Andiamo di su, di gi\u00f9, di qua, di l\u00e0. Esperti si diventa ri-cercando insieme. Alla partenza verranno distribuiti gli incarichi: la ricerca procede se c\u2019\u00e8 lavoro di squadra. Siete pronti?<\/p>\n<p>marted\u00ec: dal 7 luglio al 25 agosto 2026<br \/>\na monte della telecabina Predazzo-Gardon\u00e8<br \/>\nore 11.00<br \/>\nadatto a famiglie\u00a0(durata 1h30\u2019)<\/p>\n<\/div><div class='clear'><\/div>\n\t\t\t<\/div>\n\t\t<\/div>\n\t<\/div><\/div><\/div><div class='evocard_row bx2 bx'><div id='event_time' class='evocard_box time' data-c='' \n\t\t\t\t\tstyle=''><div class='evo_metarow_time evorow evcal_evdata_row evcal_evrow_sm '>\n\t\t<span class='evcal_evdata_icons'><i class='fa fa-clock'><\/i><\/span>\n\t\t<div class='evcal_evdata_cell'>\t\t\t\t\t\t\t\n\t\t\t<h3 class='evo_h3'><span class='evcal_evdata_icons'><i class='fa fa-clock'><\/i><\/span>Orario<\/h3><p><span class='evo_eventcard_time_t'>11 agosto 2026 11:00<\/span><span class='evo_tz marr5'>(GMT+02:00)<\/span><\/p>\n\t\t<\/div>\n\t<\/div><\/div><div id='event_location' class='evocard_box location' data-c='' \n\t\t\t\t\tstyle=''><div class='evcal_evdata_row evo_metarow_time_location evorow '>\n\t\t\n\t\t\t<span class='evcal_evdata_icons'><i class='fa fa-map-marker'><\/i><\/span>\n\t\t\t<div class='evcal_evdata_cell' data-loc_tax_id='34'><h3 class='evo_h3 evodfx'><span class='evcal_evdata_icons'><i class='fa fa-map-marker'><\/i><\/span>Luogo<\/h3><p class='evo_location_name'>A monte della telecabina Predazzo-Gardon\u00e8<\/p><div class='padt10'><span class='evo_btn_arr evolb_trigger' data-lbvals=\"{&quot;lbc&quot;:&quot;evo_location_lb_34&quot;,&quot;lbac&quot;:&quot;lb_max&quot;,&quot;t&quot;:&quot;A monte della telecabina Predazzo-Gardon\\u00e8&quot;,&quot;ajax&quot;:&quot;yes&quot;,&quot;ajax_type&quot;:&quot;endpoint&quot;,&quot;ajax_action&quot;:&quot;eventon_get_tax_card_content&quot;,&quot;end&quot;:&quot;client&quot;,&quot;d&quot;:{&quot;lang&quot;:&quot;L1&quot;,&quot;term_id&quot;:34,&quot;tax&quot;:&quot;event_location&quot;,&quot;load_lbcontent&quot;:true},&quot;uid&quot;:&quot;eventon_get_tax_card_content&quot;}\" >Other Events<i class='fa fa-chevron-right'><\/i><\/span><\/div><\/div>\n\t\t\n\t<\/div><\/div><\/div><div class='evocard_row bx2 bx'><div id='event_learnmore' class='evocard_box learnmore' data-c='' \n\t\t\t\t\tstyle=''><div class='evo_metarow_learnM evo_metarow_learnmore evorow'>\n\t\t\t\t\t\t\t<a class='evcal_evdata_row evo_clik_row ' href='https:\/\/www.montagnanimata.it\/spettacoli\/' target=\"_blank\">\n\t\t\t\t\t\t\t\t<span class='evcal_evdata_icons'><i class='fa fa-link'><\/i><\/span>\n\t\t\t\t\t\t\t\t<h3 class='evo_h3'>Scopri di pi\u00f9<\/h3>\n\t\t\t\t\t\t\t<\/a>\n\t\t\t\t\t\t\t<\/div><\/div><div id='event_addtocal' class='evocard_box addtocal' data-c='' \n\t\t\t\t\tstyle=''><div class='evo_metarow_ICS evorow evcal_evdata_row'>\n\t\t\t<span class='evcal_evdata_icons'><i class='fa fa-calendar-o'><\/i><\/span>\n\t\t\t<div class='evcal_evdata_cell'>\n\t\t\t\t<p><a href='https:\/\/latemarium.com\/it\/export-events\/2159_5\/?nonce=a3263097f9' class='evo_ics_nCal' title='Aggiungi al tuo calendario'>Calendario<\/a><a href='https:\/\/www.google.com\/calendar\/event?action=TEMPLATE&text=IL+DRITTO+DAH%C3%99+CI+ASPETTA+LASS%C3%99&dates=20260811T090000Z%2F20260811T215900Z&ctz=Europe%2FRome&details=IL DRITTO DAH\u00d9 CI ASPETTA LASS\u00d9&location=A+monte+della+telecabina+Predazzo-Gardon%C3%A8' target='_blank' class='evo_ics_gCal' title='Aggiungi al calendario di Google'>GoogleCal<\/a><\/p>\t\n\t\t\t<\/div>\n\t\t<\/div><\/div><\/div><div class='evocard_row'><div id='event_getdirection' class='evocard_box getdirection' data-c='' \n\t\t\t\t\tstyle=''><div class='evo_metarow_getDr evorow evcal_evdata_row evcal_evrow_sm getdirections'>\n\t\t<form action='https:\/\/maps.google.com\/maps' method='get' target='_blank'>\n\t\t\t<input type='hidden' name='daddr' value=\"46.32878794406342,11.600176728690842\"\/> \n\t\t\t<div class='evo_get_direction_content evo_fx_dr_r evogap10'>\n\t\t\t\t<span class='evogetdir_header evodfx evofx_dr_r evofx_ai_c marr10'>\n\t\t\t\t\t<i class='mainicon fa fa-road'><\/i> \n\t\t\t\t\t<h3 class='evo_h3' style='padding-bottom:5px;'>Ottieni indicazioni stradali<\/h3>\n\t\t\t\t<\/span>\n\t\t\t\t<span class='evogetdir_field evodfx evofx_1_1 evo_fx_dr_c evow100p'>\t\t\t\t\t\n\t\t\t\t\t<input class='evoInput evotac' type='text' name='saddr' placeholder='Digitare l&#039;indirizzo per ottenere le indicazioni stradali' value='' style='margin:10px 0;'\/>\n\t\t\t\t<\/span>\n\t\t\t\t<button type='submit' class='evo_get_direction_button evo_btn_arr_circ dfx fx_ai_c' title='Fare clic qui per ottenere indicazioni'><i class='fa fa-chevron-right'><\/i> <\/button>\n\t\t\t<\/div>\n\t\t<\/form>\n\t<\/div><\/div><\/div><div class='evo_card_row_end evcal_close' title='Testo del pulsante Chiudi evento'><\/div><\/div><div class='clear end'><\/div><\/div><div id=\"event_2079_8\" class=\"eventon_list_event evo_eventtop scheduled  event clrW no_et event_2079_8\" data-event_id=\"2079\" data-ri=\"8r\" data-time=\"1786455900-1786485540\" data-colr=\"#facd05\" itemscope itemtype='http:\/\/schema.org\/Event'><div class=\"evo_event_schema\" style=\"display:none\" ><a itemprop='url'  href='https:\/\/latemarium.com\/it\/events\/mindful-latemar\/var\/ri-8.l-L1'><\/a><meta itemprop='image' content=\"https:\/\/latemarium.com\/wp-content\/uploads\/2023\/06\/\u00a9Obereggen_LatemarAG.SpA_Mindful.Latemar_Ph.Guenther.Pichler_06.jpg\" \/><meta itemprop='startDate' content=\"2026-8-11T15:45+0:00\" \/><meta itemprop='endDate' content=\"2026-8-11T23:59+0:00\" \/><meta itemprop='eventStatus' content=\"https:\/\/schema.org\/EventScheduled\" \/><meta itemprop='eventAttendanceMode'   itemscope itemtype=\"https:\/\/schema.org\/OfflineEventAttendanceMode\"\/><div style=\"display:none\" itemprop=\"location\" itemscope itemtype=\"http:\/\/schema.org\/Place\"><span itemprop=\"name\">Stazione a valle Obereggen<\/span><span itemprop=\"address\" itemscope itemtype=\"http:\/\/schema.org\/PostalAddress\"><item itemprop=\"streetAddress\">Via Obereggen, 16, 39050 Nova Ponente BZ<\/item><\/span><\/div><script type=\"application\/ld+json\">{\"@context\": \"http:\/\/schema.org\",\"@type\": \"Event\",\n\t\t\t\t\"@id\": \"event_2079_8\",\n\t\t\t\t\"eventAttendanceMode\":\"https:\/\/schema.org\/OfflineEventAttendanceMode\",\n\t\t\t\t\"eventStatus\":\"https:\/\/schema.org\/EventScheduled\",\n\t\t\t\t\"name\": \"Mindful.Latemar\",\n\t\t\t\t\"url\": \"https:\/\/latemarium.com\/it\/events\/mindful-latemar\/var\/ri-8.l-L1\",\n\t\t\t\t\"startDate\": \"2026-8-11T15:45+0:00\",\n\t\t\t\t\"endDate\": \"2026-8-11T23:59+0:00\",\n\t\t\t\t\"image\":\"https:\/\/latemarium.com\/wp-content\/uploads\/2023\/06\/\u00a9Obereggen_LatemarAG.SpA_Mindful.Latemar_Ph.Guenther.Pichler_06.jpg\", \n\t\t\t\t\"description\":\"<p>Mindful.Latemar si trova a Obereggen lungo il <strong>sentiero circolare sul monte Golfrion<\/strong>, nel cuore delle Dolomiti a 1872 metri di altitudine.<\/p> <p>Il percorso prevede <strong>18 esercizi di Mindfulness<\/strong> in un luogo speciale che vuole rappresentare un esempio di rinascita e resilienza dopo che \u00e8 stato colpito dalla tempesta Vaia nel novembre 2018.<\/p> <h3 class='wysiwyg__subline'>Il Dott. Bernagozzi ti accompagna ogni marted\u00ec:<\/h3> <div class='wysiwyg__description'> <p>dalle ore 13.30 alle ore 15.30 (in tedesco)<br \/> dalle ore 15.45 alle ore 17.45 (in italiano)<\/p> <\/div> <ul> <li>Punto di ritrovo: stazione a valle cabinovia &#8220;Obereggen-Ochsenweide&#8221;<\/li> <li>Prezzo: 30,00 \u20ac a persona inclusa l&#8217;andata e il ritorno con la\u00a0cabinovia<\/li> <li>Prenotazione online al seguente link:\u00a0<u><strong><a href='https:\/\/eggental.com\/it\/ajax-events#11946' target='_blank' rel='noopener'>Val d&#8217;Ega Turismo<\/a><\/strong><\/u>\u00a0(max. 10 persone)<\/li> <\/ul> \",\"location\":[{\"@type\":\"Place\",\"name\":\"Stazione a valle Obereggen\",\"address\":{\"@type\": \"PostalAddress\",\"streetAddress\":\"Via Obereggen, 16, 39050 Nova Ponente BZ\"}}]}<\/script><\/div>\r\n\t\t\t\t<p class=\"desc_trig_outter\" style=\"\"><a data-gmtrig=\"1\" data-exlk=\"0\" style=\"background-color: #facd05;\" id=\"evc_17864559002079\" class=\"hasFtIMG event_repeat desc_trig sin_val evcal_list_a\" data-ux_val=\"3\" data-ux_val_mob=\"-\"  ><span class='evoet_c1 evoet_cx '><span class='ev_ftImg' data-img='https:\/\/latemarium.com\/wp-content\/uploads\/2023\/06\/\u00a9Obereggen_LatemarAG.SpA_Mindful.Latemar_Ph.Guenther.Pichler_06.jpg' data-thumb='https:\/\/latemarium.com\/wp-content\/uploads\/2023\/06\/\u00a9Obereggen_LatemarAG.SpA_Mindful.Latemar_Ph.Guenther.Pichler_06-300x169.jpg' style='background-image:url(\"https:\/\/latemarium.com\/wp-content\/uploads\/2023\/06\/\u00a9Obereggen_LatemarAG.SpA_Mindful.Latemar_Ph.Guenther.Pichler_06-300x169.jpg\")' ><\/span><\/span><span class='evoet_c2 evoet_cx '><span class='evoet_dayblock evcal_cblock ' data-bgcolor='#facd05' data-smon='agosto' data-syr='2026' data-bub=''><span class='evo_start '><em class='date'>11<\/em><em class='month'>ago<\/em><em class='time'>15:45<\/em><\/span><\/span><\/span><span class='evoet_c3 evoet_cx evcal_desc hide_eventtopdata '><span class='evoet_title evcal_desc2 evcal_event_title ' itemprop='name'>Mindful.Latemar<\/span><span class='event_location_attrs'  data-location_address=\"Via Obereggen, 16, 39050 Nova Ponente BZ\" data-location_type=\"lonlat\" data-location_name=\"Stazione a valle Obereggen\" data-location_url=\"https:\/\/latemarium.com\/it\/event-location\/stazione-a-valle-obereggen\/\" data-location_status=\"true\" data-latlng=\"46.3835808246333,11.52667595881786\"><\/span><span class='evoet_subtitle evo_below_title' ><span class='evcal_event_subtitle ' >Passeggiata Mindfulness con Psicologo del Benessere e Istruttore di Mindfulness Dott. Thomas Bernagozzi. <\/span><\/span><span class='evoet_time_expand level_3'><em class='evcal_time evo_tz_time'><i class='fa fa-clock-o'><\/i>15:45<span class='evo_tz marl5'>(GMT+02:00)<\/span><\/em> <\/span><span class='evoet_location level_3'><em class=\"evcal_location\"  data-latlng=\"46.3835808246333,11.52667595881786\" data-add_str=\"Via Obereggen, 16, 39050 Nova Ponente BZ\" data-n=\"Stazione a valle Obereggen\"><i class=\"fa fa-location-pin\"><\/i><em class=\"event_location_name\">Stazione a valle Obereggen<\/em>, Via Obereggen, 16, 39050 Nova Ponente BZ<\/em><\/span><\/span><span class='evoet_data' data-d=\"{&quot;loc.n&quot;:&quot;Stazione a valle Obereggen&quot;,&quot;orgs&quot;:[],&quot;tags&quot;:{&quot;repeating&quot;:&quot;Repeating Event&quot;}}\" data-bgc=\"#facd05\" data-bggrad=\"\" ><\/span><\/a><\/p><div class='event_description evcal_eventcard ' style=\"display:none\"><div class='evocard_row'><div id='event_ftimage' class='evocard_box ftimage' data-c='' \n\t\t\t\t\tstyle=''><div class='evocard_main_image_hold' data-t='Loading Image..'><div class='evocard_main_image evo_img_triglb evobr15 evobgsc evobgpc evodfx evofx_jc_c evofx_ai_c evofz48 minmized' style='height:300px; background-image:url();' data-f=\"https:\/\/latemarium.com\/wp-content\/uploads\/2023\/06\/\u00a9Obereggen_LatemarAG.SpA_Mindful.Latemar_Ph.Guenther.Pichler_06.jpg\" data-h=\"812\" data-w=\"1445\" data-ratio=\"0.56193771626298\" data-event_id=\"2079\" data-ri=\"8\"  data-t='Loading Image..'><span style='height:300px; background-image:url(https:\/\/latemarium.com\/wp-content\/uploads\/2023\/06\/\u00a9Obereggen_LatemarAG.SpA_Mindful.Latemar_Ph.Guenther.Pichler_06.jpg)'><\/span><\/div><\/div><\/div><\/div><div class='evocard_row'><div id='event_eventdetails' class='evocard_box eventdetails' data-c='' \n\t\t\t\t\tstyle=''><div class='evo_metarow_details evorow evcal_evdata_row evcal_event_details'>\n\t\t<div class=\"event_excerpt\" style=\"display:none\"><h3 class=\"padb5 evo_h3\">Dettagli dell&#039;evento<\/h3><p>Mindful.Latemar si trova a Obereggen lungo il sentiero circolare sul monte Golfrion, nel cuore delle Dolomiti a 1872 metri di altitudine.\nIl percorso prevede 18 esercizi di Mindfulness in un luogo<\/p><\/div><span class='evcal_evdata_icons'><i class='fa fa-align-justify'><\/i><\/span>\n\t\t\n\t\t<div class='evcal_evdata_cell shorter_desc'>\n\t\t\t<div class='eventon_full_description'>\n\t\t\t\t<h3 class='padb5 evo_h3'><span class='evcal_evdata_icons'><i class='fa fa-align-justify'><\/i><\/span>Dettagli dell&#039;evento<\/h3>\n\t\t\t\t<div class='eventon_desc_in' itemprop='description'>\n\t\t\t\t<p>Mindful.Latemar si trova a Obereggen lungo il <strong>sentiero circolare sul monte Golfrion<\/strong>, nel cuore delle Dolomiti a 1872 metri di altitudine.<\/p>\n<p>Il percorso prevede <strong>18 esercizi di Mindfulness<\/strong> in un luogo speciale che vuole rappresentare un esempio di rinascita e resilienza dopo che \u00e8 stato colpito dalla tempesta Vaia nel novembre 2018.<\/p>\n<h3 class=\"wysiwyg__subline\">Il Dott. Bernagozzi ti accompagna ogni marted\u00ec:<\/h3>\n<div class=\"wysiwyg__description\">\n<p>dalle ore 13.30 alle ore 15.30 (in tedesco)<br \/>\ndalle ore 15.45 alle ore 17.45 (in italiano)<\/p>\n<\/div>\n<ul>\n<li>Punto di ritrovo: stazione a valle cabinovia &#8220;Obereggen-Ochsenweide&#8221;<\/li>\n<li>Prezzo: 30,00 \u20ac a persona inclusa l&#8217;andata e il ritorno con la\u00a0cabinovia<\/li>\n<li>Prenotazione online al seguente link:\u00a0<u><strong><a href=\"https:\/\/eggental.com\/it\/ajax-events#11946\" target=\"_blank\" rel=\"noopener\">Val d&#8217;Ega Turismo<\/a><\/strong><\/u>\u00a0(max. 10 persone)<\/li>\n<\/ul>\n<\/div><p class='eventon_shad_p' style='padding:5px 0 0; margin:0'>\n\t\t\t<span class='evcal_btn evo_btn_secondary evobtn_details_show_more' content='less'>\n\t\t\t\t<span class='ev_more_text' data-txt='Meno'>Pi\u00f9<\/span><span class='ev_more_arrow ard'><\/span>\n\t\t\t<\/span>\n\t\t<\/p><div class='clear'><\/div>\n\t\t\t<\/div>\n\t\t<\/div>\n\t<\/div><\/div><\/div><div class='evocard_row bx2 bx'><div id='event_time' class='evocard_box time' data-c='' \n\t\t\t\t\tstyle=''><div class='evo_metarow_time evorow evcal_evdata_row evcal_evrow_sm '>\n\t\t<span class='evcal_evdata_icons'><i class='fa fa-clock'><\/i><\/span>\n\t\t<div class='evcal_evdata_cell'>\t\t\t\t\t\t\t\n\t\t\t<h3 class='evo_h3'><span class='evcal_evdata_icons'><i class='fa fa-clock'><\/i><\/span>Orario<\/h3><p><span class='evo_eventcard_time_t'>11 agosto 2026 15:45<\/span><span class='evo_tz marr5'>(GMT+02:00)<\/span><\/p>\n\t\t<\/div>\n\t<\/div><\/div><div id='event_location' class='evocard_box location' data-c='' \n\t\t\t\t\tstyle=''><div class='evcal_evdata_row evo_metarow_time_location evorow '>\n\t\t\n\t\t\t<span class='evcal_evdata_icons'><i class='fa fa-map-marker'><\/i><\/span>\n\t\t\t<div class='evcal_evdata_cell' data-loc_tax_id='22'><h3 class='evo_h3 evodfx'><span class='evcal_evdata_icons'><i class='fa fa-map-marker'><\/i><\/span>Luogo<\/h3><p class='evo_location_name'>Stazione a valle Obereggen<\/p><p class='evo_location_address evodfxi evogap10'>Via Obereggen, 16, 39050 Nova Ponente BZ<\/p><div class='padt10'><span class='evo_btn_arr evolb_trigger' data-lbvals=\"{&quot;lbc&quot;:&quot;evo_location_lb_22&quot;,&quot;lbac&quot;:&quot;lb_max&quot;,&quot;t&quot;:&quot;Stazione a valle Obereggen&quot;,&quot;ajax&quot;:&quot;yes&quot;,&quot;ajax_type&quot;:&quot;endpoint&quot;,&quot;ajax_action&quot;:&quot;eventon_get_tax_card_content&quot;,&quot;end&quot;:&quot;client&quot;,&quot;d&quot;:{&quot;lang&quot;:&quot;L1&quot;,&quot;term_id&quot;:22,&quot;tax&quot;:&quot;event_location&quot;,&quot;load_lbcontent&quot;:true},&quot;uid&quot;:&quot;eventon_get_tax_card_content&quot;}\" >Other Events<i class='fa fa-chevron-right'><\/i><\/span><\/div><\/div>\n\t\t\n\t<\/div><\/div><\/div><div class='evocard_row bx2 bx'><div id='event_learnmore' class='evocard_box learnmore' data-c='' \n\t\t\t\t\tstyle=''><div class='evo_metarow_learnM evo_metarow_learnmore evorow'>\n\t\t\t\t\t\t\t<a class='evcal_evdata_row evo_clik_row ' href='https:\/\/obereggen.com\/it\/mindfullatemar' target=\"_blank\">\n\t\t\t\t\t\t\t\t<span class='evcal_evdata_icons'><i class='fa fa-link'><\/i><\/span>\n\t\t\t\t\t\t\t\t<h3 class='evo_h3'>Scopri di pi\u00f9<\/h3>\n\t\t\t\t\t\t\t<\/a>\n\t\t\t\t\t\t\t<\/div><\/div><div id='event_addtocal' class='evocard_box addtocal' data-c='' \n\t\t\t\t\tstyle=''><div class='evo_metarow_ICS evorow evcal_evdata_row'>\n\t\t\t<span class='evcal_evdata_icons'><i class='fa fa-calendar-o'><\/i><\/span>\n\t\t\t<div class='evcal_evdata_cell'>\n\t\t\t\t<p><a href='https:\/\/latemarium.com\/it\/export-events\/2079_8\/?nonce=a3263097f9' class='evo_ics_nCal' title='Aggiungi al tuo calendario'>Calendario<\/a><a href='https:\/\/www.google.com\/calendar\/event?action=TEMPLATE&text=Mindful.Latemar&dates=20260811T134500Z%2F20260811T215900Z&ctz=Europe%2FRome&details=Mindful.Latemar&location=Stazione+a+valle+Obereggen+Via+Obereggen%2C+16%2C+39050+Nova+Ponente+BZ' target='_blank' class='evo_ics_gCal' title='Aggiungi al calendario di Google'>GoogleCal<\/a><\/p>\t\n\t\t\t<\/div>\n\t\t<\/div><\/div><\/div><div class='evocard_row'><div id='event_getdirection' class='evocard_box getdirection' data-c='' \n\t\t\t\t\tstyle=''><div class='evo_metarow_getDr evorow evcal_evdata_row evcal_evrow_sm getdirections'>\n\t\t<form action='https:\/\/maps.google.com\/maps' method='get' target='_blank'>\n\t\t\t<input type='hidden' name='daddr' value=\"46.3835808246333,11.52667595881786\"\/> \n\t\t\t<div class='evo_get_direction_content evo_fx_dr_r evogap10'>\n\t\t\t\t<span class='evogetdir_header evodfx evofx_dr_r evofx_ai_c marr10'>\n\t\t\t\t\t<i class='mainicon fa fa-road'><\/i> \n\t\t\t\t\t<h3 class='evo_h3' style='padding-bottom:5px;'>Ottieni indicazioni stradali<\/h3>\n\t\t\t\t<\/span>\n\t\t\t\t<span class='evogetdir_field evodfx evofx_1_1 evo_fx_dr_c evow100p'>\t\t\t\t\t\n\t\t\t\t\t<input class='evoInput evotac' type='text' name='saddr' placeholder='Digitare l&#039;indirizzo per ottenere le indicazioni stradali' value='' style='margin:10px 0;'\/>\n\t\t\t\t<\/span>\n\t\t\t\t<button type='submit' class='evo_get_direction_button evo_btn_arr_circ dfx fx_ai_c' title='Fare clic qui per ottenere indicazioni'><i class='fa fa-chevron-right'><\/i> <\/button>\n\t\t\t<\/div>\n\t\t<\/form>\n\t<\/div><\/div><\/div><div class='evo_card_row_end evcal_close' title='Testo del pulsante Chiudi evento'><\/div><\/div><div class='clear end'><\/div><\/div><div id=\"event_2181_6\" class=\"eventon_list_event evo_eventtop scheduled  event clrD no_et event_2181_6\" data-event_id=\"2181\" data-ri=\"6r\" data-time=\"1786519800-1786571940\" data-colr=\"#ba181d\" itemscope itemtype='http:\/\/schema.org\/Event'><div class=\"evo_event_schema\" style=\"display:none\" ><a itemprop='url'  href='https:\/\/latemarium.com\/it\/events\/geotrekking-torre-di-pisa\/var\/ri-6.l-L1'><\/a><meta itemprop='image' content=\"https:\/\/latemarium.com\/wp-content\/uploads\/2020\/06\/latemar-torre-di-pisa-estate-2019_ph.alice-russolo-90-scaled.jpg\" \/><meta itemprop='startDate' content=\"2026-8-12T09:30+0:00\" \/><meta itemprop='endDate' content=\"2026-8-12T23:59+0:00\" \/><meta itemprop='eventStatus' content=\"https:\/\/schema.org\/EventScheduled\" \/><meta itemprop='eventAttendanceMode'   itemscope itemtype=\"https:\/\/schema.org\/OfflineEventAttendanceMode\"\/><script type=\"application\/ld+json\">{\"@context\": \"http:\/\/schema.org\",\"@type\": \"Event\",\n\t\t\t\t\"@id\": \"event_2181_6\",\n\t\t\t\t\"eventAttendanceMode\":\"https:\/\/schema.org\/OfflineEventAttendanceMode\",\n\t\t\t\t\"eventStatus\":\"https:\/\/schema.org\/EventScheduled\",\n\t\t\t\t\"name\": \"GEOTREKKING TORRE DI PISA\",\n\t\t\t\t\"url\": \"https:\/\/latemarium.com\/it\/events\/geotrekking-torre-di-pisa\/var\/ri-6.l-L1\",\n\t\t\t\t\"startDate\": \"2026-8-12T09:30+0:00\",\n\t\t\t\t\"endDate\": \"2026-8-12T23:59+0:00\",\n\t\t\t\t\"image\":\"https:\/\/latemarium.com\/wp-content\/uploads\/2020\/06\/latemar-torre-di-pisa-estate-2019_ph.alice-russolo-90-scaled.jpg\", \n\t\t\t\t\"description\":\"<p><strong>Emozionante escursione geologica in quota<\/strong>, alla scoperta dell\u2019atollo del Latemar, perla dell\u2019arcipelago fossile delle Dolomiti Patrimonio UNESCO. Un suggestivo percorso ad anello guidati da un esperto Geologo e Accompagnatore di Media Montagna. Da passo Feudo si sale al rifugio Torre di Pisa per proseguire in quota fino alla forcella dei Camosci, da cui si scende rituffandosi nella profondit\u00e0 del mare tropicale fino al punto di partenza. Pranzo al sacco. Et\u00e0 minima 12 anni.<\/p> <p>Il percorso \u00e8 media difficolt\u00e0, con sentieri ben percorribili e brevi tratti leggermente esposti, dislivello 780 metri circa.<\/p> <p>Prenotazione obbligatoria entro le ore 18.30 del giorno precedente al numero:\u00a00462 241111<\/p> \"}<\/script><\/div>\r\n\t\t\t\t<p class=\"desc_trig_outter\" style=\"\"><a data-gmap_status=\"null\" data-exlk=\"0\" style=\"background-color: #ba181d;\" id=\"evc_17865198002181\" class=\"hasFtIMG event_repeat desc_trig sin_val evcal_list_a\" data-ux_val=\"3\" data-ux_val_mob=\"-\"  ><span class='evoet_c1 evoet_cx '><span class='ev_ftImg' data-img='https:\/\/latemarium.com\/wp-content\/uploads\/2020\/06\/latemar-torre-di-pisa-estate-2019_ph.alice-russolo-90-scaled.jpg' data-thumb='https:\/\/latemarium.com\/wp-content\/uploads\/2020\/06\/latemar-torre-di-pisa-estate-2019_ph.alice-russolo-90-300x200.jpg' style='background-image:url(\"https:\/\/latemarium.com\/wp-content\/uploads\/2020\/06\/latemar-torre-di-pisa-estate-2019_ph.alice-russolo-90-300x200.jpg\")' ><\/span><\/span><span class='evoet_c2 evoet_cx '><span class='evoet_dayblock evcal_cblock ' data-bgcolor='#ba181d' data-smon='agosto' data-syr='2026' data-bub=''><span class='evo_start '><em class='date'>12<\/em><em class='month'>ago<\/em><em class='time'>09:30<\/em><\/span><\/span><\/span><span class='evoet_c3 evoet_cx evcal_desc hide_eventtopdata '><span class='evoet_title evcal_desc2 evcal_event_title ' itemprop='name'>GEOTREKKING TORRE DI PISA<\/span><span class='event_location_attrs' data-location_type=\"lonlat\" data-location_name=\"A monte della seggiovia Gardon\u00e8-Passo Feudo\" data-location_url=\"https:\/\/latemarium.com\/it\/event-location\/a-monte-della-seggiovia-gardone-passo-feudo\/\" data-location_status=\"true\" data-latlng=\"46.32878794406342,11.600176728690842\"><\/span><span class='evoet_subtitle evo_below_title' ><span class='evcal_event_subtitle ' >GEOTREKKING TORRE DI PISA<\/span><\/span><span class='evoet_time_expand level_3'><em class='evcal_time evo_tz_time'><i class='fa fa-clock-o'><\/i>09:30<span class='evo_tz marl5'>(GMT+02:00)<\/span><\/em> <\/span><span class='evoet_location level_3'><em class=\"evcal_location\"  data-latlng=\"46.32878794406342,11.600176728690842\" data-add_str=\"\" data-n=\"A monte della seggiovia Gardon\u00e8-Passo Feudo\"><i class=\"fa fa-location-pin\"><\/i><em class=\"event_location_name\">A monte della seggiovia Gardon\u00e8-Passo Feudo<\/em><\/em><\/span><\/span><span class='evoet_data' data-d=\"{&quot;loc.n&quot;:&quot;A monte della seggiovia Gardon\\u00e8-Passo Feudo&quot;,&quot;orgs&quot;:[],&quot;tags&quot;:{&quot;repeating&quot;:&quot;Repeating Event&quot;}}\" data-bgc=\"#ba181d\" data-bggrad=\"\" ><\/span><\/a><\/p><div class='event_description evcal_eventcard ' style=\"display:none\"><div class='evocard_row'><div id='event_ftimage' class='evocard_box ftimage' data-c='' \n\t\t\t\t\tstyle=''><div class='evocard_main_image_hold' data-t='Loading Image..'><div class='evocard_main_image evo_img_triglb evobr15 evobgsc evobgpc evodfx evofx_jc_c evofx_ai_c evofz48 minmized' style='height:300px; background-image:url();' data-f=\"https:\/\/latemarium.com\/wp-content\/uploads\/2020\/06\/latemar-torre-di-pisa-estate-2019_ph.alice-russolo-90-scaled.jpg\" data-h=\"1707\" data-w=\"2560\" data-ratio=\"0.666796875\" data-event_id=\"2181\" data-ri=\"6\"  data-t='Loading Image..'><span style='height:300px; background-image:url(https:\/\/latemarium.com\/wp-content\/uploads\/2020\/06\/latemar-torre-di-pisa-estate-2019_ph.alice-russolo-90-scaled.jpg)'><\/span><\/div><\/div><\/div><\/div><div class='evocard_row'><div id='event_eventdetails' class='evocard_box eventdetails' data-c='' \n\t\t\t\t\tstyle=''><div class='evo_metarow_details evorow evcal_evdata_row evcal_event_details'>\n\t\t<div class=\"event_excerpt\" style=\"display:none\"><h3 class=\"padb5 evo_h3\">Dettagli dell&#039;evento<\/h3><p>Emozionante escursione geologica in quota, alla scoperta dell\u2019atollo del Latemar, perla dell\u2019arcipelago fossile delle Dolomiti Patrimonio UNESCO. Un suggestivo percorso ad anello guidati da un esperto Geologo e Accompagnatore di<\/p><\/div><span class='evcal_evdata_icons'><i class='fa fa-align-justify'><\/i><\/span>\n\t\t\n\t\t<div class='evcal_evdata_cell shorter_desc'>\n\t\t\t<div class='eventon_full_description'>\n\t\t\t\t<h3 class='padb5 evo_h3'><span class='evcal_evdata_icons'><i class='fa fa-align-justify'><\/i><\/span>Dettagli dell&#039;evento<\/h3>\n\t\t\t\t<div class='eventon_desc_in' itemprop='description'>\n\t\t\t\t<p><strong>Emozionante escursione geologica in quota<\/strong>, alla scoperta dell\u2019atollo del Latemar, perla dell\u2019arcipelago fossile delle Dolomiti Patrimonio UNESCO. Un suggestivo percorso ad anello guidati da un esperto Geologo e Accompagnatore di Media Montagna. Da passo Feudo si sale al rifugio Torre di Pisa per proseguire in quota fino alla forcella dei Camosci, da cui si scende rituffandosi nella profondit\u00e0 del mare tropicale fino al punto di partenza. Pranzo al sacco. Et\u00e0 minima 12 anni.<\/p>\n<p>Il percorso \u00e8 media difficolt\u00e0, con sentieri ben percorribili e brevi tratti leggermente esposti, dislivello 780 metri circa.<\/p>\n<p>Prenotazione obbligatoria entro le ore 18.30 del giorno precedente al numero:\u00a00462 241111<\/p>\n<\/div><p class='eventon_shad_p' style='padding:5px 0 0; margin:0'>\n\t\t\t<span class='evcal_btn evo_btn_secondary evobtn_details_show_more' content='less'>\n\t\t\t\t<span class='ev_more_text' data-txt='Meno'>Pi\u00f9<\/span><span class='ev_more_arrow ard'><\/span>\n\t\t\t<\/span>\n\t\t<\/p><div class='clear'><\/div>\n\t\t\t<\/div>\n\t\t<\/div>\n\t<\/div><\/div><\/div><div class='evocard_row bx2 bx'><div id='event_time' class='evocard_box time' data-c='' \n\t\t\t\t\tstyle=''><div class='evo_metarow_time evorow evcal_evdata_row evcal_evrow_sm '>\n\t\t<span class='evcal_evdata_icons'><i class='fa fa-clock'><\/i><\/span>\n\t\t<div class='evcal_evdata_cell'>\t\t\t\t\t\t\t\n\t\t\t<h3 class='evo_h3'><span class='evcal_evdata_icons'><i class='fa fa-clock'><\/i><\/span>Orario<\/h3><p><span class='evo_eventcard_time_t'>12 agosto 2026 09:30<\/span><span class='evo_tz marr5'>(GMT+02:00)<\/span><\/p>\n\t\t<\/div>\n\t<\/div><\/div><div id='event_location' class='evocard_box location' data-c='' \n\t\t\t\t\tstyle=''><div class='evcal_evdata_row evo_metarow_time_location evorow '>\n\t\t\n\t\t\t<span class='evcal_evdata_icons'><i class='fa fa-map-marker'><\/i><\/span>\n\t\t\t<div class='evcal_evdata_cell' data-loc_tax_id='37'><h3 class='evo_h3 evodfx'><span class='evcal_evdata_icons'><i class='fa fa-map-marker'><\/i><\/span>Luogo<\/h3><p class='evo_location_name'>A monte della seggiovia Gardon\u00e8-Passo Feudo<\/p><div class='padt10'><span class='evo_btn_arr evolb_trigger' data-lbvals=\"{&quot;lbc&quot;:&quot;evo_location_lb_37&quot;,&quot;lbac&quot;:&quot;lb_max&quot;,&quot;t&quot;:&quot;A monte della seggiovia Gardon\\u00e8-Passo Feudo&quot;,&quot;ajax&quot;:&quot;yes&quot;,&quot;ajax_type&quot;:&quot;endpoint&quot;,&quot;ajax_action&quot;:&quot;eventon_get_tax_card_content&quot;,&quot;end&quot;:&quot;client&quot;,&quot;d&quot;:{&quot;lang&quot;:&quot;L1&quot;,&quot;term_id&quot;:37,&quot;tax&quot;:&quot;event_location&quot;,&quot;load_lbcontent&quot;:true},&quot;uid&quot;:&quot;eventon_get_tax_card_content&quot;}\" >Other Events<i class='fa fa-chevron-right'><\/i><\/span><\/div><\/div>\n\t\t\n\t<\/div><\/div><\/div><div class='evocard_row bx2 bx'><div id='event_learnmore' class='evocard_box learnmore' data-c='' \n\t\t\t\t\tstyle=''><div class='evo_metarow_learnM evo_metarow_learnmore evorow'>\n\t\t\t\t\t\t\t<a class='evcal_evdata_row evo_clik_row ' href='https:\/\/www.latemar.it\/estate\/geotrekking\/' target=\"_blank\">\n\t\t\t\t\t\t\t\t<span class='evcal_evdata_icons'><i class='fa fa-link'><\/i><\/span>\n\t\t\t\t\t\t\t\t<h3 class='evo_h3'>Scopri di pi\u00f9<\/h3>\n\t\t\t\t\t\t\t<\/a>\n\t\t\t\t\t\t\t<\/div><\/div><div id='event_addtocal' class='evocard_box addtocal' data-c='' \n\t\t\t\t\tstyle=''><div class='evo_metarow_ICS evorow evcal_evdata_row'>\n\t\t\t<span class='evcal_evdata_icons'><i class='fa fa-calendar-o'><\/i><\/span>\n\t\t\t<div class='evcal_evdata_cell'>\n\t\t\t\t<p><a href='https:\/\/latemarium.com\/it\/export-events\/2181_6\/?nonce=a3263097f9' class='evo_ics_nCal' title='Aggiungi al tuo calendario'>Calendario<\/a><a href='https:\/\/www.google.com\/calendar\/event?action=TEMPLATE&text=GEOTREKKING+TORRE+DI+PISA&dates=20260812T073000Z%2F20260812T215900Z&ctz=Europe%2FRome&details=GEOTREKKING TORRE DI PISA&location=A+monte+della+seggiovia+Gardon%C3%A8-Passo+Feudo' target='_blank' class='evo_ics_gCal' title='Aggiungi al calendario di Google'>GoogleCal<\/a><\/p>\t\n\t\t\t<\/div>\n\t\t<\/div><\/div><\/div><div class='evocard_row'><div id='event_getdirection' class='evocard_box getdirection' data-c='' \n\t\t\t\t\tstyle=''><div class='evo_metarow_getDr evorow evcal_evdata_row evcal_evrow_sm getdirections'>\n\t\t<form action='https:\/\/maps.google.com\/maps' method='get' target='_blank'>\n\t\t\t<input type='hidden' name='daddr' value=\"46.32878794406342,11.600176728690842\"\/> \n\t\t\t<div class='evo_get_direction_content evo_fx_dr_r evogap10'>\n\t\t\t\t<span class='evogetdir_header evodfx evofx_dr_r evofx_ai_c marr10'>\n\t\t\t\t\t<i class='mainicon fa fa-road'><\/i> \n\t\t\t\t\t<h3 class='evo_h3' style='padding-bottom:5px;'>Ottieni indicazioni stradali<\/h3>\n\t\t\t\t<\/span>\n\t\t\t\t<span class='evogetdir_field evodfx evofx_1_1 evo_fx_dr_c evow100p'>\t\t\t\t\t\n\t\t\t\t\t<input class='evoInput evotac' type='text' name='saddr' placeholder='Digitare l&#039;indirizzo per ottenere le indicazioni stradali' value='' style='margin:10px 0;'\/>\n\t\t\t\t<\/span>\n\t\t\t\t<button type='submit' class='evo_get_direction_button evo_btn_arr_circ dfx fx_ai_c' title='Fare clic qui per ottenere indicazioni'><i class='fa fa-chevron-right'><\/i> <\/button>\n\t\t\t<\/div>\n\t\t<\/form>\n\t<\/div><\/div><\/div><div class='evo_card_row_end evcal_close' title='Testo del pulsante Chiudi evento'><\/div><\/div><div class='clear end'><\/div><\/div><div id=\"event_2169_5\" class=\"eventon_list_event evo_eventtop scheduled  event clrW no_et event_2169_5\" data-event_id=\"2169\" data-ri=\"5r\" data-time=\"1786523400-1786571940\" data-colr=\"#a69dcd\" itemscope itemtype='http:\/\/schema.org\/Event'><div class=\"evo_event_schema\" style=\"display:none\" ><a itemprop='url'  href='https:\/\/latemarium.com\/it\/events\/gea-alla-conquista-della-cima\/var\/ri-5.l-L1'><\/a><meta itemprop='image' content=\"https:\/\/latemarium.com\/wp-content\/uploads\/2023\/06\/geotrail-1200x800-alice-russolo-rocce-barca-2.jpg\" \/><meta itemprop='startDate' content=\"2026-8-12T10:30+0:00\" \/><meta itemprop='endDate' content=\"2026-8-12T23:59+0:00\" \/><meta itemprop='eventStatus' content=\"https:\/\/schema.org\/EventScheduled\" \/><meta itemprop='eventAttendanceMode'   itemscope itemtype=\"https:\/\/schema.org\/OfflineEventAttendanceMode\"\/><script type=\"application\/ld+json\">{\"@context\": \"http:\/\/schema.org\",\"@type\": \"Event\",\n\t\t\t\t\"@id\": \"event_2169_5\",\n\t\t\t\t\"eventAttendanceMode\":\"https:\/\/schema.org\/OfflineEventAttendanceMode\",\n\t\t\t\t\"eventStatus\":\"https:\/\/schema.org\/EventScheduled\",\n\t\t\t\t\"name\": \"Gea alla conquista della cima\",\n\t\t\t\t\"url\": \"https:\/\/latemarium.com\/it\/events\/gea-alla-conquista-della-cima\/var\/ri-5.l-L1\",\n\t\t\t\t\"startDate\": \"2026-8-12T10:30+0:00\",\n\t\t\t\t\"endDate\": \"2026-8-12T23:59+0:00\",\n\t\t\t\t\"image\":\"https:\/\/latemarium.com\/wp-content\/uploads\/2023\/06\/geotrail-1200x800-alice-russolo-rocce-barca-2.jpg\", \n\t\t\t\t\"description\":\"<p>La nostra Gea, libera e entusiasta compie una nuova impresa con due esperti accompagnatori e insieme conquisteranno la cima!<\/p> <p>mercoled\u00ec: dall&#8217;8 luglio al 19 agosto 2026<br \/> a monte della seggiovia Gardon\u00e8-Passo Feudo<br \/> ore 10.30<br \/> adatto a famiglie e bambini dai 5 anni in su\u00a0(durata 1h30\u2019)<\/p> \"}<\/script><\/div>\r\n\t\t\t\t<p class=\"desc_trig_outter\" style=\"\"><a data-gmap_status=\"null\" data-exlk=\"0\" style=\"background-color: #a69dcd;\" id=\"evc_17865234002169\" class=\"hasFtIMG event_repeat desc_trig sin_val evcal_list_a\" data-ux_val=\"3\" data-ux_val_mob=\"-\"  ><span class='evoet_c1 evoet_cx '><span class='ev_ftImg' data-img='https:\/\/latemarium.com\/wp-content\/uploads\/2023\/06\/geotrail-1200x800-alice-russolo-rocce-barca-2.jpg' data-thumb='https:\/\/latemarium.com\/wp-content\/uploads\/2023\/06\/geotrail-1200x800-alice-russolo-rocce-barca-2-300x200.jpg' style='background-image:url(\"https:\/\/latemarium.com\/wp-content\/uploads\/2023\/06\/geotrail-1200x800-alice-russolo-rocce-barca-2-300x200.jpg\")' ><\/span><\/span><span class='evoet_c2 evoet_cx '><span class='evoet_dayblock evcal_cblock ' data-bgcolor='#a69dcd' data-smon='agosto' data-syr='2026' data-bub=''><span class='evo_start '><em class='date'>12<\/em><em class='month'>ago<\/em><em class='time'>10:30<\/em><\/span><\/span><\/span><span class='evoet_c3 evoet_cx evcal_desc hide_eventtopdata '><span class='evoet_title evcal_desc2 evcal_event_title ' itemprop='name'>Gea alla conquista della cima<\/span><span class='event_location_attrs' data-location_type=\"lonlat\" data-location_name=\"A monte della seggiovia Gardon\u00e8-Passo Feudo\" data-location_url=\"https:\/\/latemarium.com\/it\/event-location\/a-monte-della-seggiovia-gardone-passo-feudo\/\" data-location_status=\"true\" data-latlng=\"46.32878794406342,11.600176728690842\"><\/span><span class='evoet_subtitle evo_below_title' ><span class='evcal_event_subtitle ' >Spettacolo itinerante sul Geotrail Dos Cap\u00e8l<\/span><\/span><span class='evoet_time_expand level_3'><em class='evcal_time evo_tz_time'><i class='fa fa-clock-o'><\/i>10:30<span class='evo_tz marl5'>(GMT+02:00)<\/span><\/em> <\/span><span class='evoet_location level_3'><em class=\"evcal_location\"  data-latlng=\"46.32878794406342,11.600176728690842\" data-add_str=\"\" data-n=\"A monte della seggiovia Gardon\u00e8-Passo Feudo\"><i class=\"fa fa-location-pin\"><\/i><em class=\"event_location_name\">A monte della seggiovia Gardon\u00e8-Passo Feudo<\/em><\/em><\/span><\/span><span class='evoet_data' data-d=\"{&quot;loc.n&quot;:&quot;A monte della seggiovia Gardon\\u00e8-Passo Feudo&quot;,&quot;orgs&quot;:[],&quot;tags&quot;:{&quot;repeating&quot;:&quot;Repeating Event&quot;}}\" data-bgc=\"#a69dcd\" data-bggrad=\"\" ><\/span><\/a><\/p><div class='event_description evcal_eventcard ' style=\"display:none\"><div class='evocard_row'><div id='event_ftimage' class='evocard_box ftimage' data-c='' \n\t\t\t\t\tstyle=''><div class='evocard_main_image_hold' data-t='Loading Image..'><div class='evocard_main_image evo_img_triglb evobr15 evobgsc evobgpc evodfx evofx_jc_c evofx_ai_c evofz48 minmized' style='height:300px; background-image:url();' data-f=\"https:\/\/latemarium.com\/wp-content\/uploads\/2023\/06\/geotrail-1200x800-alice-russolo-rocce-barca-2.jpg\" data-h=\"800\" data-w=\"1200\" data-ratio=\"0.66666666666667\" data-event_id=\"2169\" data-ri=\"5\"  data-t='Loading Image..'><span style='height:300px; background-image:url(https:\/\/latemarium.com\/wp-content\/uploads\/2023\/06\/geotrail-1200x800-alice-russolo-rocce-barca-2.jpg)'><\/span><\/div><\/div><\/div><\/div><div class='evocard_row'><div id='event_eventdetails' class='evocard_box eventdetails' data-c='' \n\t\t\t\t\tstyle=''><div class='evo_metarow_details evorow evcal_evdata_row evcal_event_details'>\n\t\t<div class=\"event_excerpt\" style=\"display:none\"><h3 class=\"padb5 evo_h3\">Dettagli dell&#039;evento<\/h3><p>La nostra Gea, libera e entusiasta compie una nuova impresa con due esperti accompagnatori e insieme conquisteranno la cima!\nmercoled\u00ec: dall&#8217;8 luglio al 19 agosto 2026\na monte della seggiovia Gardon\u00e8-Passo<\/p><\/div><span class='evcal_evdata_icons'><i class='fa fa-align-justify'><\/i><\/span>\n\t\t\n\t\t<div class='evcal_evdata_cell '>\n\t\t\t<div class='eventon_full_description'>\n\t\t\t\t<h3 class='padb5 evo_h3'><span class='evcal_evdata_icons'><i class='fa fa-align-justify'><\/i><\/span>Dettagli dell&#039;evento<\/h3>\n\t\t\t\t<div class='eventon_desc_in' itemprop='description'>\n\t\t\t\t<p>La nostra Gea, libera e entusiasta compie una nuova impresa con due esperti accompagnatori e insieme conquisteranno la cima!<\/p>\n<p>mercoled\u00ec: dall&#8217;8 luglio al 19 agosto 2026<br \/>\na monte della seggiovia Gardon\u00e8-Passo Feudo<br \/>\nore 10.30<br \/>\nadatto a famiglie e bambini dai 5 anni in su\u00a0(durata 1h30\u2019)<\/p>\n<\/div><div class='clear'><\/div>\n\t\t\t<\/div>\n\t\t<\/div>\n\t<\/div><\/div><\/div><div class='evocard_row bx2 bx'><div id='event_time' class='evocard_box time' data-c='' \n\t\t\t\t\tstyle=''><div class='evo_metarow_time evorow evcal_evdata_row evcal_evrow_sm '>\n\t\t<span class='evcal_evdata_icons'><i class='fa fa-clock'><\/i><\/span>\n\t\t<div class='evcal_evdata_cell'>\t\t\t\t\t\t\t\n\t\t\t<h3 class='evo_h3'><span class='evcal_evdata_icons'><i class='fa fa-clock'><\/i><\/span>Orario<\/h3><p><span class='evo_eventcard_time_t'>12 agosto 2026 10:30<\/span><span class='evo_tz marr5'>(GMT+02:00)<\/span><\/p>\n\t\t<\/div>\n\t<\/div><\/div><div id='event_location' class='evocard_box location' data-c='' \n\t\t\t\t\tstyle=''><div class='evcal_evdata_row evo_metarow_time_location evorow '>\n\t\t\n\t\t\t<span class='evcal_evdata_icons'><i class='fa fa-map-marker'><\/i><\/span>\n\t\t\t<div class='evcal_evdata_cell' data-loc_tax_id='37'><h3 class='evo_h3 evodfx'><span class='evcal_evdata_icons'><i class='fa fa-map-marker'><\/i><\/span>Luogo<\/h3><p class='evo_location_name'>A monte della seggiovia Gardon\u00e8-Passo Feudo<\/p><div class='padt10'><span class='evo_btn_arr evolb_trigger' data-lbvals=\"{&quot;lbc&quot;:&quot;evo_location_lb_37&quot;,&quot;lbac&quot;:&quot;lb_max&quot;,&quot;t&quot;:&quot;A monte della seggiovia Gardon\\u00e8-Passo Feudo&quot;,&quot;ajax&quot;:&quot;yes&quot;,&quot;ajax_type&quot;:&quot;endpoint&quot;,&quot;ajax_action&quot;:&quot;eventon_get_tax_card_content&quot;,&quot;end&quot;:&quot;client&quot;,&quot;d&quot;:{&quot;lang&quot;:&quot;L1&quot;,&quot;term_id&quot;:37,&quot;tax&quot;:&quot;event_location&quot;,&quot;load_lbcontent&quot;:true},&quot;uid&quot;:&quot;eventon_get_tax_card_content&quot;}\" >Other Events<i class='fa fa-chevron-right'><\/i><\/span><\/div><\/div>\n\t\t\n\t<\/div><\/div><\/div><div class='evocard_row bx2 bx'><div id='event_learnmore' class='evocard_box learnmore' data-c='' \n\t\t\t\t\tstyle=''><div class='evo_metarow_learnM evo_metarow_learnmore evorow'>\n\t\t\t\t\t\t\t<a class='evcal_evdata_row evo_clik_row ' href='https:\/\/www.montagnanimata.it\/spettacoli\/' target=\"_blank\">\n\t\t\t\t\t\t\t\t<span class='evcal_evdata_icons'><i class='fa fa-link'><\/i><\/span>\n\t\t\t\t\t\t\t\t<h3 class='evo_h3'>Scopri di pi\u00f9<\/h3>\n\t\t\t\t\t\t\t<\/a>\n\t\t\t\t\t\t\t<\/div><\/div><div id='event_addtocal' class='evocard_box addtocal' data-c='' \n\t\t\t\t\tstyle=''><div class='evo_metarow_ICS evorow evcal_evdata_row'>\n\t\t\t<span class='evcal_evdata_icons'><i class='fa fa-calendar-o'><\/i><\/span>\n\t\t\t<div class='evcal_evdata_cell'>\n\t\t\t\t<p><a href='https:\/\/latemarium.com\/it\/export-events\/2169_5\/?nonce=a3263097f9' class='evo_ics_nCal' title='Aggiungi al tuo calendario'>Calendario<\/a><a href='https:\/\/www.google.com\/calendar\/event?action=TEMPLATE&text=Gea+alla+conquista+della+cima&dates=20260812T083000Z%2F20260812T215900Z&ctz=Europe%2FRome&details=Gea alla conquista della cima&location=A+monte+della+seggiovia+Gardon%C3%A8-Passo+Feudo' target='_blank' class='evo_ics_gCal' title='Aggiungi al calendario di Google'>GoogleCal<\/a><\/p>\t\n\t\t\t<\/div>\n\t\t<\/div><\/div><\/div><div class='evocard_row'><div id='event_getdirection' class='evocard_box getdirection' data-c='' \n\t\t\t\t\tstyle=''><div class='evo_metarow_getDr evorow evcal_evdata_row evcal_evrow_sm getdirections'>\n\t\t<form action='https:\/\/maps.google.com\/maps' method='get' target='_blank'>\n\t\t\t<input type='hidden' name='daddr' value=\"46.32878794406342,11.600176728690842\"\/> \n\t\t\t<div class='evo_get_direction_content evo_fx_dr_r evogap10'>\n\t\t\t\t<span class='evogetdir_header evodfx evofx_dr_r evofx_ai_c marr10'>\n\t\t\t\t\t<i class='mainicon fa fa-road'><\/i> \n\t\t\t\t\t<h3 class='evo_h3' style='padding-bottom:5px;'>Ottieni indicazioni stradali<\/h3>\n\t\t\t\t<\/span>\n\t\t\t\t<span class='evogetdir_field evodfx evofx_1_1 evo_fx_dr_c evow100p'>\t\t\t\t\t\n\t\t\t\t\t<input class='evoInput evotac' type='text' name='saddr' placeholder='Digitare l&#039;indirizzo per ottenere le indicazioni stradali' value='' style='margin:10px 0;'\/>\n\t\t\t\t<\/span>\n\t\t\t\t<button type='submit' class='evo_get_direction_button evo_btn_arr_circ dfx fx_ai_c' title='Fare clic qui per ottenere indicazioni'><i class='fa fa-chevron-right'><\/i> <\/button>\n\t\t\t<\/div>\n\t\t<\/form>\n\t<\/div><\/div><\/div><div class='evo_card_row_end evcal_close' title='Testo del pulsante Chiudi evento'><\/div><\/div><div class='clear end'><\/div><\/div><div id=\"event_2933_7\" class=\"eventon_list_event evo_eventtop scheduled  event clrD event_2933_7\" data-event_id=\"2933\" data-ri=\"7r\" data-time=\"1786536000-1786545000\" data-colr=\"#38823b\" itemscope itemtype='http:\/\/schema.org\/Event'><div class=\"evo_event_schema\" style=\"display:none\" ><a itemprop='url'  href='https:\/\/latemarium.com\/it\/events\/in-cammino-con-i-pony\/var\/ri-7.l-L1'><\/a><meta itemprop='image' content=\"https:\/\/latemarium.com\/wp-content\/uploads\/2026\/04\/pony.jpg\" \/><meta itemprop='startDate' content=\"2026-8-12T14:00+0:00\" \/><meta itemprop='endDate' content=\"2026-8-12T16:30+0:00\" \/><meta itemprop='eventStatus' content=\"https:\/\/schema.org\/EventScheduled\" \/><meta itemprop='eventAttendanceMode'   itemscope itemtype=\"https:\/\/schema.org\/OfflineEventAttendanceMode\"\/><div style=\"display:none\" itemprop=\"location\" itemscope itemtype=\"http:\/\/schema.org\/Place\"><span itemprop=\"name\">Pampeago<\/span><span itemprop=\"address\" itemscope itemtype=\"http:\/\/schema.org\/PostalAddress\"><item itemprop=\"streetAddress\">Localit\u00e0 Pampeago, 8, 38038 Tesero TN<\/item><\/span><\/div><script type=\"application\/ld+json\">{\"@context\": \"http:\/\/schema.org\",\"@type\": \"Event\",\n\t\t\t\t\"@id\": \"event_2933_7\",\n\t\t\t\t\"eventAttendanceMode\":\"https:\/\/schema.org\/OfflineEventAttendanceMode\",\n\t\t\t\t\"eventStatus\":\"https:\/\/schema.org\/EventScheduled\",\n\t\t\t\t\"name\": \"In cammino con i pony\",\n\t\t\t\t\"url\": \"https:\/\/latemarium.com\/it\/events\/in-cammino-con-i-pony\/var\/ri-7.l-L1\",\n\t\t\t\t\"startDate\": \"2026-8-12T14:00+0:00\",\n\t\t\t\t\"endDate\": \"2026-8-12T16:30+0:00\",\n\t\t\t\t\"image\":\"https:\/\/latemarium.com\/wp-content\/uploads\/2026\/04\/pony.jpg\", \n\t\t\t\t\"description\":\"<p>Una piacevole passeggiata alla scoperta dei paesaggi di Pampeago, accompagnati da simpatici pony che guideranno bambini e famiglie lungo il percorso in totale sicurezza.<\/p> <p>Un\u2019esperienza rilassante e divertente, perfetta per vivere la montagna a ritmo lento e creare un contatto speciale con questi dolci animali.<\/p> <p><strong>INFO UTILI:<\/strong><br \/> Quando &#8211; Tutti i mercoled\u00ec dal 24\/06 al 09\/09<br \/> Orario &#8211; dalle 14.00 alle 16.30 (in base alle disponibilit\u00e0)<br \/> Ritrovo &#8211;\u00a0 parcheggio seggiovia Tresca (accesso consentito SOLO a chi prenota l\u2019attivit\u00e0)<\/p> <p>Attivit\u00e0 adatta a famiglie e bambini<\/p> <p>Prenotazione obbligatoria, clicca <a href='https:\/\/www.visitfiemme.it\/it\/eventi\/fiemme-cembra-guest-card\/esperienze\/esperienze-in-estate' target='_blank' rel='noopener'>QUI<\/a> per prenotare<\/p> \",\"location\":[{\"@type\":\"Place\",\"name\":\"Pampeago\",\"address\":{\"@type\": \"PostalAddress\",\"streetAddress\":\"Localit\u00e0 Pampeago, 8, 38038 Tesero TN\"}}]}<\/script><\/div>\r\n\t\t\t\t<p class=\"desc_trig_outter\" style=\"\"><a data-gmap_status=\"null\" data-exlk=\"0\" style=\"background-color: #38823b;\" id=\"evc_17865360002933\" class=\"hasFtIMG event_repeat desc_trig sin_val evcal_list_a\" data-ux_val=\"3\" data-ux_val_mob=\"-\"  ><span class='evoet_c1 evoet_cx '><span class='ev_ftImg' data-img='https:\/\/latemarium.com\/wp-content\/uploads\/2026\/04\/pony.jpg' data-thumb='https:\/\/latemarium.com\/wp-content\/uploads\/2026\/04\/pony-300x110.jpg' style='background-image:url(\"https:\/\/latemarium.com\/wp-content\/uploads\/2026\/04\/pony-300x110.jpg\")' ><\/span><\/span><span class='evoet_c2 evoet_cx '><span class='evoet_dayblock evcal_cblock ' data-bgcolor='#38823b' data-smon='agosto' data-syr='2026' data-bub=''><span class='evo_start '><em class='date'>12<\/em><em class='month'>ago<\/em><em class='time'>14:00<\/em><\/span><span class='evo_end only_time'><em class='time'>16:30<\/em><\/span><\/span><\/span><span class='evoet_c3 evoet_cx evcal_desc hide_eventtopdata '><span class='evoet_title evcal_desc2 evcal_event_title ' itemprop='name'>In cammino con i pony<\/span><span class='event_location_attrs'  data-location_address=\"Localit\u00e0 Pampeago, 8, 38038 Tesero TN\" data-location_type=\"lonlat\" data-location_name=\"Pampeago\" data-location_url=\"https:\/\/latemarium.com\/it\/event-location\/pampeago\/\" data-location_status=\"true\" data-latlng=\"46.34343697644898,11.540997527961546\"><\/span><span class='evoet_subtitle evo_below_title' ><span class='evcal_event_subtitle ' >passeggiata per famiglie<\/span><\/span><span class='evoet_time_expand level_3'><em class='evcal_time evo_tz_time'><i class='fa fa-clock-o'><\/i>14:00 - 16:30<span class='evo_tz marl5'>(GMT+02:00)<\/span><\/em> <\/span><span class='evoet_location level_3'><em class=\"evcal_location\"  data-latlng=\"46.34343697644898,11.540997527961546\" data-add_str=\"Localit\u00e0 Pampeago, 8, 38038 Tesero TN\" data-n=\"Pampeago\"><i class=\"fa fa-location-pin\"><\/i><em class=\"event_location_name\">Pampeago<\/em>, Localit\u00e0 Pampeago, 8, 38038 Tesero TN<\/em><\/span><\/span><span class='evoet_data' data-d=\"{&quot;loc.n&quot;:&quot;Pampeago&quot;,&quot;orgs&quot;:[],&quot;tags&quot;:{&quot;repeating&quot;:&quot;Repeating Event&quot;}}\" data-bgc=\"#38823b\" data-bggrad=\"\" ><\/span><\/a><\/p><div class='event_description evcal_eventcard ' style=\"display:none\"><div class='evocard_row'><div id='event_ftimage' class='evocard_box ftimage' data-c='' \n\t\t\t\t\tstyle=''><div class='evocard_main_image_hold' data-t='Loading Image..'><div class='evocard_main_image evo_img_triglb evobr15 evobgsc evobgpc evodfx evofx_jc_c evofx_ai_c evofz48 minmized' style='height:300px; background-image:url();' data-f=\"https:\/\/latemarium.com\/wp-content\/uploads\/2026\/04\/pony.jpg\" data-h=\"368\" data-w=\"1000\" data-ratio=\"0.368\" data-event_id=\"2933\" data-ri=\"7\"  data-t='Loading Image..'><span style='height:300px; background-image:url(https:\/\/latemarium.com\/wp-content\/uploads\/2026\/04\/pony.jpg)'><\/span><\/div><\/div><\/div><\/div><div class='evocard_row'><div id='event_eventdetails' class='evocard_box eventdetails' data-c='' \n\t\t\t\t\tstyle=''><div class='evo_metarow_details evorow evcal_evdata_row evcal_event_details'>\n\t\t<div class=\"event_excerpt\" style=\"display:none\"><h3 class=\"padb5 evo_h3\">Dettagli dell&#039;evento<\/h3><p>Una piacevole passeggiata alla scoperta dei paesaggi di Pampeago, accompagnati da simpatici pony che guideranno bambini e famiglie lungo il percorso in totale sicurezza.\nUn\u2019esperienza rilassante e divertente, perfetta per vivere<\/p><\/div><span class='evcal_evdata_icons'><i class='fa fa-align-justify'><\/i><\/span>\n\t\t\n\t\t<div class='evcal_evdata_cell shorter_desc'>\n\t\t\t<div class='eventon_full_description'>\n\t\t\t\t<h3 class='padb5 evo_h3'><span class='evcal_evdata_icons'><i class='fa fa-align-justify'><\/i><\/span>Dettagli dell&#039;evento<\/h3>\n\t\t\t\t<div class='eventon_desc_in' itemprop='description'>\n\t\t\t\t<p>Una piacevole passeggiata alla scoperta dei paesaggi di Pampeago, accompagnati da simpatici pony che guideranno bambini e famiglie lungo il percorso in totale sicurezza.<\/p>\n<p>Un\u2019esperienza rilassante e divertente, perfetta per vivere la montagna a ritmo lento e creare un contatto speciale con questi dolci animali.<\/p>\n<p><strong>INFO UTILI:<\/strong><br \/>\nQuando &#8211; Tutti i mercoled\u00ec dal 24\/06 al 09\/09<br \/>\nOrario &#8211; dalle 14.00 alle 16.30 (in base alle disponibilit\u00e0)<br \/>\nRitrovo &#8211;\u00a0 parcheggio seggiovia Tresca (accesso consentito SOLO a chi prenota l\u2019attivit\u00e0)<\/p>\n<p>Attivit\u00e0 adatta a famiglie e bambini<\/p>\n<p>Prenotazione obbligatoria, clicca <a href=\"https:\/\/www.visitfiemme.it\/it\/eventi\/fiemme-cembra-guest-card\/esperienze\/esperienze-in-estate\" target=\"_blank\" rel=\"noopener\">QUI<\/a> per prenotare<\/p>\n<\/div><p class='eventon_shad_p' style='padding:5px 0 0; margin:0'>\n\t\t\t<span class='evcal_btn evo_btn_secondary evobtn_details_show_more' content='less'>\n\t\t\t\t<span class='ev_more_text' data-txt='Meno'>Pi\u00f9<\/span><span class='ev_more_arrow ard'><\/span>\n\t\t\t<\/span>\n\t\t<\/p><div class='clear'><\/div>\n\t\t\t<\/div>\n\t\t<\/div>\n\t<\/div><\/div><\/div><div class='evocard_row bx2 bx'><div id='event_time' class='evocard_box time' data-c='' \n\t\t\t\t\tstyle=''><div class='evo_metarow_time evorow evcal_evdata_row evcal_evrow_sm '>\n\t\t<span class='evcal_evdata_icons'><i class='fa fa-clock'><\/i><\/span>\n\t\t<div class='evcal_evdata_cell'>\t\t\t\t\t\t\t\n\t\t\t<h3 class='evo_h3'><span class='evcal_evdata_icons'><i class='fa fa-clock'><\/i><\/span>Orario<\/h3><p><span class='evo_eventcard_time_t'>12 agosto 2026 14:00 - 16:30<\/span><span class='evo_tz marr5'>(GMT+02:00)<\/span><\/p>\n\t\t<\/div>\n\t<\/div><\/div><div id='event_location' class='evocard_box location' data-c='' \n\t\t\t\t\tstyle=''><div class='evcal_evdata_row evo_metarow_time_location evorow '>\n\t\t\n\t\t\t<span class='evcal_evdata_icons'><i class='fa fa-map-marker'><\/i><\/span>\n\t\t\t<div class='evcal_evdata_cell' data-loc_tax_id='30'><h3 class='evo_h3 evodfx'><span class='evcal_evdata_icons'><i class='fa fa-map-marker'><\/i><\/span>Luogo<\/h3><p class='evo_location_name'>Pampeago<\/p><p class='evo_location_address evodfxi evogap10'>Localit\u00e0 Pampeago, 8, 38038 Tesero TN<\/p><div class='padt10'><span class='evo_btn_arr evolb_trigger' data-lbvals=\"{&quot;lbc&quot;:&quot;evo_location_lb_30&quot;,&quot;lbac&quot;:&quot;lb_max&quot;,&quot;t&quot;:&quot;Pampeago&quot;,&quot;ajax&quot;:&quot;yes&quot;,&quot;ajax_type&quot;:&quot;endpoint&quot;,&quot;ajax_action&quot;:&quot;eventon_get_tax_card_content&quot;,&quot;end&quot;:&quot;client&quot;,&quot;d&quot;:{&quot;lang&quot;:&quot;L1&quot;,&quot;term_id&quot;:30,&quot;tax&quot;:&quot;event_location&quot;,&quot;load_lbcontent&quot;:true},&quot;uid&quot;:&quot;eventon_get_tax_card_content&quot;}\" >Other Events<i class='fa fa-chevron-right'><\/i><\/span><\/div><\/div>\n\t\t\n\t<\/div><\/div><\/div><div class='evocard_row'><div id='event_addtocal' class='evocard_box addtocal' data-c='' \n\t\t\t\t\tstyle=''><div class='evo_metarow_ICS evorow evcal_evdata_row'>\n\t\t\t<span class='evcal_evdata_icons'><i class='fa fa-calendar-o'><\/i><\/span>\n\t\t\t<div class='evcal_evdata_cell'>\n\t\t\t\t<p><a href='https:\/\/latemarium.com\/it\/export-events\/2933_7\/?nonce=a3263097f9' class='evo_ics_nCal' title='Aggiungi al tuo calendario'>Calendario<\/a><a href='https:\/\/www.google.com\/calendar\/event?action=TEMPLATE&text=In+cammino+con+i+pony&dates=20260812T120000Z%2F20260812T143000Z&ctz=Europe%2FRome&details=In cammino con i pony&location=Pampeago+Localit%C3%A0+Pampeago%2C+8%2C+38038+Tesero+TN' target='_blank' class='evo_ics_gCal' title='Aggiungi al calendario di Google'>GoogleCal<\/a><\/p>\t\n\t\t\t<\/div>\n\t\t<\/div><\/div><\/div><div class='evocard_row'><div id='event_getdirection' class='evocard_box getdirection' data-c='' \n\t\t\t\t\tstyle=''><div class='evo_metarow_getDr evorow evcal_evdata_row evcal_evrow_sm getdirections'>\n\t\t<form action='https:\/\/maps.google.com\/maps' method='get' target='_blank'>\n\t\t\t<input type='hidden' name='daddr' value=\"46.34343697644898,11.540997527961546\"\/> \n\t\t\t<div class='evo_get_direction_content evo_fx_dr_r evogap10'>\n\t\t\t\t<span class='evogetdir_header evodfx evofx_dr_r evofx_ai_c marr10'>\n\t\t\t\t\t<i class='mainicon fa fa-road'><\/i> \n\t\t\t\t\t<h3 class='evo_h3' style='padding-bottom:5px;'>Ottieni indicazioni stradali<\/h3>\n\t\t\t\t<\/span>\n\t\t\t\t<span class='evogetdir_field evodfx evofx_1_1 evo_fx_dr_c evow100p'>\t\t\t\t\t\n\t\t\t\t\t<input class='evoInput evotac' type='text' name='saddr' placeholder='Digitare l&#039;indirizzo per ottenere le indicazioni stradali' value='' style='margin:10px 0;'\/>\n\t\t\t\t<\/span>\n\t\t\t\t<button type='submit' class='evo_get_direction_button evo_btn_arr_circ dfx fx_ai_c' title='Fare clic qui per ottenere indicazioni'><i class='fa fa-chevron-right'><\/i> <\/button>\n\t\t\t<\/div>\n\t\t<\/form>\n\t<\/div><\/div><\/div><div class='evo_card_row_end evcal_close' title='Testo del pulsante Chiudi evento'><\/div><\/div><div class='clear end'><\/div><\/div><div id=\"event_2840_6\" class=\"eventon_list_event evo_eventtop scheduled  event clrD no_et event_2840_6\" data-event_id=\"2840\" data-ri=\"6r\" data-time=\"1786604400-1786658340\" data-colr=\"#38823b\" itemscope itemtype='http:\/\/schema.org\/Event'><div class=\"evo_event_schema\" style=\"display:none\" ><a itemprop='url'  href='https:\/\/latemarium.com\/it\/events\/escursione-in-montagna-al-rifugio-torre-di-pisa\/var\/ri-6.l-L1'><\/a><meta itemprop='image' content=\"https:\/\/latemarium.com\/wp-content\/uploads\/2025\/05\/escursione-torre-di-pisa-obereggen.jpg\" \/><meta itemprop='startDate' content=\"2026-8-13T09:00+0:00\" \/><meta itemprop='endDate' content=\"2026-8-13T23:59+0:00\" \/><meta itemprop='eventStatus' content=\"https:\/\/schema.org\/EventScheduled\" \/><meta itemprop='eventAttendanceMode'   itemscope itemtype=\"https:\/\/schema.org\/OfflineEventAttendanceMode\"\/><div style=\"display:none\" itemprop=\"location\" itemscope itemtype=\"http:\/\/schema.org\/Place\"><span itemprop=\"name\">Stazione a valle Obereggen<\/span><span itemprop=\"address\" itemscope itemtype=\"http:\/\/schema.org\/PostalAddress\"><item itemprop=\"streetAddress\">Via Obereggen, 16, 39050 Nova Ponente BZ<\/item><\/span><\/div><script type=\"application\/ld+json\">{\"@context\": \"http:\/\/schema.org\",\"@type\": \"Event\",\n\t\t\t\t\"@id\": \"event_2840_6\",\n\t\t\t\t\"eventAttendanceMode\":\"https:\/\/schema.org\/OfflineEventAttendanceMode\",\n\t\t\t\t\"eventStatus\":\"https:\/\/schema.org\/EventScheduled\",\n\t\t\t\t\"name\": \"Escursione in montagna al rifugio Torre di Pisa\",\n\t\t\t\t\"url\": \"https:\/\/latemarium.com\/it\/events\/escursione-in-montagna-al-rifugio-torre-di-pisa\/var\/ri-6.l-L1\",\n\t\t\t\t\"startDate\": \"2026-8-13T09:00+0:00\",\n\t\t\t\t\"endDate\": \"2026-8-13T23:59+0:00\",\n\t\t\t\t\"image\":\"https:\/\/latemarium.com\/wp-content\/uploads\/2025\/05\/escursione-torre-di-pisa-obereggen.jpg\", \n\t\t\t\t\"description\":\"<p>Escursione di media difficolt\u00e0 ma impegnativa ad alte altitudini attraverso le rocce delle fantastiche Torri del Latemar.<\/p> <p>Itinerario: Salita con la seggiovia Oberholz (1550-2100 m) \u2013 sentiero n. 18 &#8211; Forcella dei Camosci (2560 m) \u2013 sentiero n. 516 \u2013 rifugio Torre di Pisa (2671 m). Sosta. Discesa sul sentiero n. 516 e n. 22 \u2013 stazione a monte della seggiovia Oberholz \u2013 discesa.<\/p> <p>Partenza: ore 09.00 a Obereggen<br \/> Ritorno: ore 16.00<br \/> Durata: 7 h | Tempo di cammino: 6 h<br \/> Dislivello: 750 m<br \/> Difficolt\u00e0: difficile<br \/> Requisiti necessari: sicurezza nel muoversi in ambiente montano, nessun problema di vertigini | con ristoro<br \/> Seggiovia: 21,50 \u20ac\/adulto, 17,50 \u20ac\/junior fino a 16<\/p> \",\"location\":[{\"@type\":\"Place\",\"name\":\"Stazione a valle Obereggen\",\"address\":{\"@type\": \"PostalAddress\",\"streetAddress\":\"Via Obereggen, 16, 39050 Nova Ponente BZ\"}}]}<\/script><\/div>\r\n\t\t\t\t<p class=\"desc_trig_outter\" style=\"\"><a data-gmtrig=\"1\" data-exlk=\"0\" style=\"background-color: #38823b;\" id=\"evc_17866044002840\" class=\"hasFtIMG event_repeat desc_trig sin_val evcal_list_a\" data-ux_val=\"3\" data-ux_val_mob=\"-\"  ><span class='evoet_c1 evoet_cx '><span class='ev_ftImg' data-img='https:\/\/latemarium.com\/wp-content\/uploads\/2025\/05\/escursione-torre-di-pisa-obereggen.jpg' data-thumb='https:\/\/latemarium.com\/wp-content\/uploads\/2025\/05\/escursione-torre-di-pisa-obereggen-300x182.jpg' style='background-image:url(\"https:\/\/latemarium.com\/wp-content\/uploads\/2025\/05\/escursione-torre-di-pisa-obereggen-300x182.jpg\")' ><\/span><\/span><span class='evoet_c2 evoet_cx '><span class='evoet_dayblock evcal_cblock ' data-bgcolor='#38823b' data-smon='agosto' data-syr='2026' data-bub=''><span class='evo_start '><em class='date'>13<\/em><em class='month'>ago<\/em><em class='time'>09:00<\/em><\/span><\/span><\/span><span class='evoet_c3 evoet_cx evcal_desc hide_eventtopdata '><span class='evoet_title evcal_desc2 evcal_event_title ' itemprop='name'>Escursione in montagna al rifugio Torre di Pisa<\/span><span class='event_location_attrs'  data-location_address=\"Via Obereggen, 16, 39050 Nova Ponente BZ\" data-location_type=\"lonlat\" data-location_name=\"Stazione a valle Obereggen\" data-location_url=\"https:\/\/latemarium.com\/it\/event-location\/stazione-a-valle-obereggen\/\" data-location_status=\"true\" data-latlng=\"46.3835808246333,11.52667595881786\"><\/span><span class='evoet_subtitle evo_below_title' ><span class='evcal_event_subtitle ' >escursione guidata<\/span><\/span><span class='evoet_time_expand level_3'><em class='evcal_time evo_tz_time'><i class='fa fa-clock-o'><\/i>09:00<span class='evo_tz marl5'>(GMT+02:00)<\/span><\/em> <\/span><span class='evoet_location level_3'><em class=\"evcal_location\"  data-latlng=\"46.3835808246333,11.52667595881786\" data-add_str=\"Via Obereggen, 16, 39050 Nova Ponente BZ\" data-n=\"Stazione a valle Obereggen\"><i class=\"fa fa-location-pin\"><\/i><em class=\"event_location_name\">Stazione a valle Obereggen<\/em>, Via Obereggen, 16, 39050 Nova Ponente BZ<\/em><\/span><\/span><span class='evoet_data' data-d=\"{&quot;loc.n&quot;:&quot;Stazione a valle Obereggen&quot;,&quot;orgs&quot;:[],&quot;tags&quot;:{&quot;repeating&quot;:&quot;Repeating Event&quot;}}\" data-bgc=\"#38823b\" data-bggrad=\"\" ><\/span><\/a><\/p><div class='event_description evcal_eventcard ' style=\"display:none\"><div class='evocard_row'><div id='event_ftimage' class='evocard_box ftimage' data-c='' \n\t\t\t\t\tstyle=''><div class='evocard_main_image_hold' data-t='Loading Image..'><div class='evocard_main_image evo_img_triglb evobr15 evobgsc evobgpc evodfx evofx_jc_c evofx_ai_c evofz48 minmized' style='height:300px; background-image:url();' data-f=\"https:\/\/latemarium.com\/wp-content\/uploads\/2025\/05\/escursione-torre-di-pisa-obereggen.jpg\" data-h=\"755\" data-w=\"1245\" data-ratio=\"0.60642570281124\" data-event_id=\"2840\" data-ri=\"6\"  data-t='Loading Image..'><span style='height:300px; background-image:url(https:\/\/latemarium.com\/wp-content\/uploads\/2025\/05\/escursione-torre-di-pisa-obereggen.jpg)'><\/span><\/div><\/div><\/div><\/div><div class='evocard_row'><div id='event_eventdetails' class='evocard_box eventdetails' data-c='' \n\t\t\t\t\tstyle=''><div class='evo_metarow_details evorow evcal_evdata_row evcal_event_details'>\n\t\t<div class=\"event_excerpt\" style=\"display:none\"><h3 class=\"padb5 evo_h3\">Dettagli dell&#039;evento<\/h3><p>Escursione di media difficolt\u00e0 ma impegnativa ad alte altitudini attraverso le rocce delle fantastiche Torri del Latemar.\nItinerario: Salita con la seggiovia Oberholz (1550-2100 m) \u2013 sentiero n. 18 &#8211; Forcella<\/p><\/div><span class='evcal_evdata_icons'><i class='fa fa-align-justify'><\/i><\/span>\n\t\t\n\t\t<div class='evcal_evdata_cell shorter_desc'>\n\t\t\t<div class='eventon_full_description'>\n\t\t\t\t<h3 class='padb5 evo_h3'><span class='evcal_evdata_icons'><i class='fa fa-align-justify'><\/i><\/span>Dettagli dell&#039;evento<\/h3>\n\t\t\t\t<div class='eventon_desc_in' itemprop='description'>\n\t\t\t\t<p>Escursione di media difficolt\u00e0 ma impegnativa ad alte altitudini attraverso le rocce delle fantastiche Torri del Latemar.<\/p>\n<p>Itinerario: Salita con la seggiovia Oberholz (1550-2100 m) \u2013 sentiero n. 18 &#8211; Forcella dei Camosci (2560 m) \u2013 sentiero n. 516 \u2013 rifugio Torre di Pisa (2671 m). Sosta. Discesa sul sentiero n. 516 e n. 22 \u2013 stazione a monte della seggiovia Oberholz \u2013 discesa.<\/p>\n<p>Partenza: ore 09.00 a Obereggen<br \/>\nRitorno: ore 16.00<br \/>\nDurata: 7 h | Tempo di cammino: 6 h<br \/>\nDislivello: 750 m<br \/>\nDifficolt\u00e0: difficile<br \/>\nRequisiti necessari: sicurezza nel muoversi in ambiente montano, nessun problema di vertigini | con ristoro<br \/>\nSeggiovia: 21,50 \u20ac\/adulto, 17,50 \u20ac\/junior fino a 16<\/p>\n<\/div><p class='eventon_shad_p' style='padding:5px 0 0; margin:0'>\n\t\t\t<span class='evcal_btn evo_btn_secondary evobtn_details_show_more' content='less'>\n\t\t\t\t<span class='ev_more_text' data-txt='Meno'>Pi\u00f9<\/span><span class='ev_more_arrow ard'><\/span>\n\t\t\t<\/span>\n\t\t<\/p><div class='clear'><\/div>\n\t\t\t<\/div>\n\t\t<\/div>\n\t<\/div><\/div><\/div><div class='evocard_row bx2 bx'><div id='event_time' class='evocard_box time' data-c='' \n\t\t\t\t\tstyle=''><div class='evo_metarow_time evorow evcal_evdata_row evcal_evrow_sm '>\n\t\t<span class='evcal_evdata_icons'><i class='fa fa-clock'><\/i><\/span>\n\t\t<div class='evcal_evdata_cell'>\t\t\t\t\t\t\t\n\t\t\t<h3 class='evo_h3'><span class='evcal_evdata_icons'><i class='fa fa-clock'><\/i><\/span>Orario<\/h3><p><span class='evo_eventcard_time_t'>13 agosto 2026 09:00<\/span><span class='evo_tz marr5'>(GMT+02:00)<\/span><\/p>\n\t\t<\/div>\n\t<\/div><\/div><div id='event_location' class='evocard_box location' data-c='' \n\t\t\t\t\tstyle=''><div class='evcal_evdata_row evo_metarow_time_location evorow '>\n\t\t\n\t\t\t<span class='evcal_evdata_icons'><i class='fa fa-map-marker'><\/i><\/span>\n\t\t\t<div class='evcal_evdata_cell' data-loc_tax_id='22'><h3 class='evo_h3 evodfx'><span class='evcal_evdata_icons'><i class='fa fa-map-marker'><\/i><\/span>Luogo<\/h3><p class='evo_location_name'>Stazione a valle Obereggen<\/p><p class='evo_location_address evodfxi evogap10'>Via Obereggen, 16, 39050 Nova Ponente BZ<\/p><div class='padt10'><span class='evo_btn_arr evolb_trigger' data-lbvals=\"{&quot;lbc&quot;:&quot;evo_location_lb_22&quot;,&quot;lbac&quot;:&quot;lb_max&quot;,&quot;t&quot;:&quot;Stazione a valle Obereggen&quot;,&quot;ajax&quot;:&quot;yes&quot;,&quot;ajax_type&quot;:&quot;endpoint&quot;,&quot;ajax_action&quot;:&quot;eventon_get_tax_card_content&quot;,&quot;end&quot;:&quot;client&quot;,&quot;d&quot;:{&quot;lang&quot;:&quot;L1&quot;,&quot;term_id&quot;:22,&quot;tax&quot;:&quot;event_location&quot;,&quot;load_lbcontent&quot;:true},&quot;uid&quot;:&quot;eventon_get_tax_card_content&quot;}\" >Other Events<i class='fa fa-chevron-right'><\/i><\/span><\/div><\/div>\n\t\t\n\t<\/div><\/div><\/div><div class='evocard_row bx2 bx'><div id='event_learnmore' class='evocard_box learnmore' data-c='' \n\t\t\t\t\tstyle=''><div class='evo_metarow_learnM evo_metarow_learnmore evorow'>\n\t\t\t\t\t\t\t<a class='evcal_evdata_row evo_clik_row ' href='https:\/\/eggental.com\/it\/eventi\/escursione-in-montagna-al-rifugio-torre-di-pisa_11602' target=\"_blank\">\n\t\t\t\t\t\t\t\t<span class='evcal_evdata_icons'><i class='fa fa-link'><\/i><\/span>\n\t\t\t\t\t\t\t\t<h3 class='evo_h3'>Scopri di pi\u00f9<\/h3>\n\t\t\t\t\t\t\t<\/a>\n\t\t\t\t\t\t\t<\/div><\/div><div id='event_addtocal' class='evocard_box addtocal' data-c='' \n\t\t\t\t\tstyle=''><div class='evo_metarow_ICS evorow evcal_evdata_row'>\n\t\t\t<span class='evcal_evdata_icons'><i class='fa fa-calendar-o'><\/i><\/span>\n\t\t\t<div class='evcal_evdata_cell'>\n\t\t\t\t<p><a href='https:\/\/latemarium.com\/it\/export-events\/2840_6\/?nonce=a3263097f9' class='evo_ics_nCal' title='Aggiungi al tuo calendario'>Calendario<\/a><a href='https:\/\/www.google.com\/calendar\/event?action=TEMPLATE&text=Escursione+in+montagna+al+rifugio+Torre+di+Pisa&dates=20260813T070000Z%2F20260813T215900Z&ctz=Europe%2FRome&details=Escursione in montagna al rifugio Torre di Pisa&location=Stazione+a+valle+Obereggen+Via+Obereggen%2C+16%2C+39050+Nova+Ponente+BZ' target='_blank' class='evo_ics_gCal' title='Aggiungi al calendario di Google'>GoogleCal<\/a><\/p>\t\n\t\t\t<\/div>\n\t\t<\/div><\/div><\/div><div class='evocard_row'><div id='event_getdirection' class='evocard_box getdirection' data-c='' \n\t\t\t\t\tstyle=''><div class='evo_metarow_getDr evorow evcal_evdata_row evcal_evrow_sm getdirections'>\n\t\t<form action='https:\/\/maps.google.com\/maps' method='get' target='_blank'>\n\t\t\t<input type='hidden' name='daddr' value=\"46.3835808246333,11.52667595881786\"\/> \n\t\t\t<div class='evo_get_direction_content evo_fx_dr_r evogap10'>\n\t\t\t\t<span class='evogetdir_header evodfx evofx_dr_r evofx_ai_c marr10'>\n\t\t\t\t\t<i class='mainicon fa fa-road'><\/i> \n\t\t\t\t\t<h3 class='evo_h3' style='padding-bottom:5px;'>Ottieni indicazioni stradali<\/h3>\n\t\t\t\t<\/span>\n\t\t\t\t<span class='evogetdir_field evodfx evofx_1_1 evo_fx_dr_c evow100p'>\t\t\t\t\t\n\t\t\t\t\t<input class='evoInput evotac' type='text' name='saddr' placeholder='Digitare l&#039;indirizzo per ottenere le indicazioni stradali' value='' style='margin:10px 0;'\/>\n\t\t\t\t<\/span>\n\t\t\t\t<button type='submit' class='evo_get_direction_button evo_btn_arr_circ dfx fx_ai_c' title='Fare clic qui per ottenere indicazioni'><i class='fa fa-chevron-right'><\/i> <\/button>\n\t\t\t<\/div>\n\t\t<\/form>\n\t<\/div><\/div><\/div><div class='evo_card_row_end evcal_close' title='Testo del pulsante Chiudi evento'><\/div><\/div><div class='clear end'><\/div><\/div><div id=\"event_2872_1\" class=\"eventon_list_event evo_eventtop scheduled  event clrW no_et event_2872_1\" data-event_id=\"2872\" data-ri=\"1r\" data-time=\"1786611600-1786658340\" data-colr=\"#a69dcd\" itemscope itemtype='http:\/\/schema.org\/Event'><div class=\"evo_event_schema\" style=\"display:none\" ><a itemprop='url'  href='https:\/\/latemarium.com\/it\/events\/malabarista\/var\/ri-1.l-L1'><\/a><meta itemprop='image' content=\"https:\/\/latemarium.com\/wp-content\/uploads\/2025\/05\/malabarista-predazzo.jpg\" \/><meta itemprop='startDate' content=\"2026-8-13T11:00+0:00\" \/><meta itemprop='endDate' content=\"2026-8-13T23:59+0:00\" \/><meta itemprop='eventStatus' content=\"https:\/\/schema.org\/EventScheduled\" \/><meta itemprop='eventAttendanceMode'   itemscope itemtype=\"https:\/\/schema.org\/OfflineEventAttendanceMode\"\/><script type=\"application\/ld+json\">{\"@context\": \"http:\/\/schema.org\",\"@type\": \"Event\",\n\t\t\t\t\"@id\": \"event_2872_1\",\n\t\t\t\t\"eventAttendanceMode\":\"https:\/\/schema.org\/OfflineEventAttendanceMode\",\n\t\t\t\t\"eventStatus\":\"https:\/\/schema.org\/EventScheduled\",\n\t\t\t\t\"name\": \"Malabarista\",\n\t\t\t\t\"url\": \"https:\/\/latemarium.com\/it\/events\/malabarista\/var\/ri-1.l-L1\",\n\t\t\t\t\"startDate\": \"2026-8-13T11:00+0:00\",\n\t\t\t\t\"endDate\": \"2026-8-13T23:59+0:00\",\n\t\t\t\t\"image\":\"https:\/\/latemarium.com\/wp-content\/uploads\/2025\/05\/malabarista-predazzo.jpg\", \n\t\t\t\t\"description\":\"<p>Giocoliere, fantasista, equilibrista. Mette in scena uno spettacolo colorato che fa divertire famiglie e bambini.\u00a0Ama il pericolo, come i migliori giocolieri. Stupisce tutti con equilibrismi improbabili in dialogo con il pubblico, dall\u2019alto del suo monociclo gigante.<\/p> <p>gioved\u00ec: 6 e 13 agosto 2026<br \/> anfiteatro all\u2019aperto a Gardon\u00e8<br \/> ore 11.00 e ore 14.30<\/p> <p>con\u00a0Cristiano Marin<\/p> \"}<\/script><\/div>\r\n\t\t\t\t<p class=\"desc_trig_outter\" style=\"\"><a data-gmap_status=\"null\" data-exlk=\"0\" style=\"background-color: #a69dcd;\" id=\"evc_17866116002872\" class=\"hasFtIMG event_repeat desc_trig sin_val evcal_list_a\" data-ux_val=\"3\" data-ux_val_mob=\"-\"  ><span class='evoet_c1 evoet_cx '><span class='ev_ftImg' data-img='https:\/\/latemarium.com\/wp-content\/uploads\/2025\/05\/malabarista-predazzo.jpg' data-thumb='https:\/\/latemarium.com\/wp-content\/uploads\/2025\/05\/malabarista-predazzo-300x199.jpg' style='background-image:url(\"https:\/\/latemarium.com\/wp-content\/uploads\/2025\/05\/malabarista-predazzo-300x199.jpg\")' ><\/span><\/span><span class='evoet_c2 evoet_cx '><span class='evoet_dayblock evcal_cblock ' data-bgcolor='#a69dcd' data-smon='agosto' data-syr='2026' data-bub=''><span class='evo_start '><em class='date'>13<\/em><em class='month'>ago<\/em><em class='time'>11:00<\/em><\/span><\/span><\/span><span class='evoet_c3 evoet_cx evcal_desc hide_eventtopdata '><span class='evoet_title evcal_desc2 evcal_event_title ' itemprop='name'>Malabarista<\/span><span class='event_location_attrs' data-location_type=\"lonlat\" data-location_name=\"Anfiteatro Gardon\u00e8\" data-location_url=\"https:\/\/latemarium.com\/it\/event-location\/anfiteatro-gardone\/\" data-location_status=\"true\" data-latlng=\"46.32878794406342,11.600176728690842\"><\/span><span class='evoet_subtitle evo_below_title' ><span class='evcal_event_subtitle ' >anfiteatro a Gardon\u00e8<\/span><\/span><span class='evoet_time_expand level_3'><em class='evcal_time evo_tz_time'><i class='fa fa-clock-o'><\/i>11:00<span class='evo_tz marl5'>(GMT+02:00)<\/span><\/em> <\/span><span class='evoet_location level_3'><em class=\"evcal_location\"  data-latlng=\"46.32878794406342,11.600176728690842\" data-add_str=\"\" data-n=\"Anfiteatro Gardon\u00e8\"><i class=\"fa fa-location-pin\"><\/i><em class=\"event_location_name\">Anfiteatro Gardon\u00e8<\/em><\/em><\/span><\/span><span class='evoet_data' data-d=\"{&quot;loc.n&quot;:&quot;Anfiteatro Gardon\\u00e8&quot;,&quot;orgs&quot;:[],&quot;tags&quot;:{&quot;repeating&quot;:&quot;Repeating Event&quot;}}\" data-bgc=\"#a69dcd\" data-bggrad=\"\" ><\/span><\/a><\/p><div class='event_description evcal_eventcard ' style=\"display:none\"><div class='evocard_row'><div id='event_ftimage' class='evocard_box ftimage' data-c='' \n\t\t\t\t\tstyle=''><div class='evocard_main_image_hold' data-t='Loading Image..'><div class='evocard_main_image evo_img_triglb evobr15 evobgsc evobgpc evodfx evofx_jc_c evofx_ai_c evofz48 minmized' style='height:300px; background-image:url();' data-f=\"https:\/\/latemarium.com\/wp-content\/uploads\/2025\/05\/malabarista-predazzo.jpg\" data-h=\"509\" data-w=\"768\" data-ratio=\"0.66276041666667\" data-event_id=\"2872\" data-ri=\"1\"  data-t='Loading Image..'><span style='height:300px; background-image:url(https:\/\/latemarium.com\/wp-content\/uploads\/2025\/05\/malabarista-predazzo.jpg)'><\/span><\/div><\/div><\/div><\/div><div class='evocard_row'><div id='event_eventdetails' class='evocard_box eventdetails' data-c='' \n\t\t\t\t\tstyle=''><div class='evo_metarow_details evorow evcal_evdata_row evcal_event_details'>\n\t\t<div class=\"event_excerpt\" style=\"display:none\"><h3 class=\"padb5 evo_h3\">Dettagli dell&#039;evento<\/h3><p>Giocoliere, fantasista, equilibrista. Mette in scena uno spettacolo colorato che fa divertire famiglie e bambini.\u00a0Ama il pericolo, come i migliori giocolieri. Stupisce tutti con equilibrismi improbabili in dialogo con il<\/p><\/div><span class='evcal_evdata_icons'><i class='fa fa-align-justify'><\/i><\/span>\n\t\t\n\t\t<div class='evcal_evdata_cell '>\n\t\t\t<div class='eventon_full_description'>\n\t\t\t\t<h3 class='padb5 evo_h3'><span class='evcal_evdata_icons'><i class='fa fa-align-justify'><\/i><\/span>Dettagli dell&#039;evento<\/h3>\n\t\t\t\t<div class='eventon_desc_in' itemprop='description'>\n\t\t\t\t<p>Giocoliere, fantasista, equilibrista. Mette in scena uno spettacolo colorato che fa divertire famiglie e bambini.\u00a0Ama il pericolo, come i migliori giocolieri. Stupisce tutti con equilibrismi improbabili in dialogo con il pubblico, dall\u2019alto del suo monociclo gigante.<\/p>\n<p>gioved\u00ec: 6 e 13 agosto 2026<br \/>\nanfiteatro all\u2019aperto a Gardon\u00e8<br \/>\nore 11.00 e ore 14.30<\/p>\n<p>con\u00a0Cristiano Marin<\/p>\n<\/div><div class='clear'><\/div>\n\t\t\t<\/div>\n\t\t<\/div>\n\t<\/div><\/div><\/div><div class='evocard_row bx2 bx'><div id='event_time' class='evocard_box time' data-c='' \n\t\t\t\t\tstyle=''><div class='evo_metarow_time evorow evcal_evdata_row evcal_evrow_sm '>\n\t\t<span class='evcal_evdata_icons'><i class='fa fa-clock'><\/i><\/span>\n\t\t<div class='evcal_evdata_cell'>\t\t\t\t\t\t\t\n\t\t\t<h3 class='evo_h3'><span class='evcal_evdata_icons'><i class='fa fa-clock'><\/i><\/span>Orario<\/h3><p><span class='evo_eventcard_time_t'>13 agosto 2026 11:00<\/span><span class='evo_tz marr5'>(GMT+02:00)<\/span><\/p>\n\t\t<\/div>\n\t<\/div><\/div><div id='event_location' class='evocard_box location' data-c='' \n\t\t\t\t\tstyle=''><div class='evcal_evdata_row evo_metarow_time_location evorow '>\n\t\t\n\t\t\t<span class='evcal_evdata_icons'><i class='fa fa-map-marker'><\/i><\/span>\n\t\t\t<div class='evcal_evdata_cell' data-loc_tax_id='46'><h3 class='evo_h3 evodfx'><span class='evcal_evdata_icons'><i class='fa fa-map-marker'><\/i><\/span>Luogo<\/h3><p class='evo_location_name'>Anfiteatro Gardon\u00e8<\/p><div class='padt10'><span class='evo_btn_arr evolb_trigger' data-lbvals=\"{&quot;lbc&quot;:&quot;evo_location_lb_46&quot;,&quot;lbac&quot;:&quot;lb_max&quot;,&quot;t&quot;:&quot;Anfiteatro Gardon\\u00e8&quot;,&quot;ajax&quot;:&quot;yes&quot;,&quot;ajax_type&quot;:&quot;endpoint&quot;,&quot;ajax_action&quot;:&quot;eventon_get_tax_card_content&quot;,&quot;end&quot;:&quot;client&quot;,&quot;d&quot;:{&quot;lang&quot;:&quot;L1&quot;,&quot;term_id&quot;:46,&quot;tax&quot;:&quot;event_location&quot;,&quot;load_lbcontent&quot;:true},&quot;uid&quot;:&quot;eventon_get_tax_card_content&quot;}\" >Other Events<i class='fa fa-chevron-right'><\/i><\/span><\/div><\/div>\n\t\t\n\t<\/div><\/div><\/div><div class='evocard_row bx2 bx'><div id='event_learnmore' class='evocard_box learnmore' data-c='' \n\t\t\t\t\tstyle=''><div class='evo_metarow_learnM evo_metarow_learnmore evorow'>\n\t\t\t\t\t\t\t<a class='evcal_evdata_row evo_clik_row ' href='https:\/\/www.montagnanimata.it\/spettacoli\/' target=\"_blank\">\n\t\t\t\t\t\t\t\t<span class='evcal_evdata_icons'><i class='fa fa-link'><\/i><\/span>\n\t\t\t\t\t\t\t\t<h3 class='evo_h3'>Scopri di pi\u00f9<\/h3>\n\t\t\t\t\t\t\t<\/a>\n\t\t\t\t\t\t\t<\/div><\/div><div id='event_addtocal' class='evocard_box addtocal' data-c='' \n\t\t\t\t\tstyle=''><div class='evo_metarow_ICS evorow evcal_evdata_row'>\n\t\t\t<span class='evcal_evdata_icons'><i class='fa fa-calendar-o'><\/i><\/span>\n\t\t\t<div class='evcal_evdata_cell'>\n\t\t\t\t<p><a href='https:\/\/latemarium.com\/it\/export-events\/2872_1\/?nonce=a3263097f9' class='evo_ics_nCal' title='Aggiungi al tuo calendario'>Calendario<\/a><a href='https:\/\/www.google.com\/calendar\/event?action=TEMPLATE&text=Malabarista&dates=20260813T090000Z%2F20260813T215900Z&ctz=Europe%2FRome&details=Malabarista&location=Anfiteatro+Gardon%C3%A8' target='_blank' class='evo_ics_gCal' title='Aggiungi al calendario di Google'>GoogleCal<\/a><\/p>\t\n\t\t\t<\/div>\n\t\t<\/div><\/div><\/div><div class='evocard_row'><div id='event_getdirection' class='evocard_box getdirection' data-c='' \n\t\t\t\t\tstyle=''><div class='evo_metarow_getDr evorow evcal_evdata_row evcal_evrow_sm getdirections'>\n\t\t<form action='https:\/\/maps.google.com\/maps' method='get' target='_blank'>\n\t\t\t<input type='hidden' name='daddr' value=\"46.32878794406342,11.600176728690842\"\/> \n\t\t\t<div class='evo_get_direction_content evo_fx_dr_r evogap10'>\n\t\t\t\t<span class='evogetdir_header evodfx evofx_dr_r evofx_ai_c marr10'>\n\t\t\t\t\t<i class='mainicon fa fa-road'><\/i> \n\t\t\t\t\t<h3 class='evo_h3' style='padding-bottom:5px;'>Ottieni indicazioni stradali<\/h3>\n\t\t\t\t<\/span>\n\t\t\t\t<span class='evogetdir_field evodfx evofx_1_1 evo_fx_dr_c evow100p'>\t\t\t\t\t\n\t\t\t\t\t<input class='evoInput evotac' type='text' name='saddr' placeholder='Digitare l&#039;indirizzo per ottenere le indicazioni stradali' value='' style='margin:10px 0;'\/>\n\t\t\t\t<\/span>\n\t\t\t\t<button type='submit' class='evo_get_direction_button evo_btn_arr_circ dfx fx_ai_c' title='Fare clic qui per ottenere indicazioni'><i class='fa fa-chevron-right'><\/i> <\/button>\n\t\t\t<\/div>\n\t\t<\/form>\n\t<\/div><\/div><\/div><div class='evo_card_row_end evcal_close' title='Testo del pulsante Chiudi evento'><\/div><\/div><div class='clear end'><\/div><\/div><div id=\"event_2196_7\" class=\"eventon_list_event evo_eventtop scheduled  event clrW event_2196_7\" data-event_id=\"2196\" data-ri=\"7r\" data-time=\"1786633200-1786641300\" data-colr=\"#f78234\" itemscope itemtype='http:\/\/schema.org\/Event'><div class=\"evo_event_schema\" style=\"display:none\" ><a itemprop='url'  href='https:\/\/latemarium.com\/it\/events\/pilyoga\/var\/ri-7.l-L1'><\/a><meta itemprop='image' content=\"https:\/\/latemarium.com\/wp-content\/uploads\/2023\/06\/pilyoga.jpg\" \/><meta itemprop='startDate' content=\"2026-8-13T17:00+0:00\" \/><meta itemprop='endDate' content=\"2026-8-13T19:15+0:00\" \/><meta itemprop='eventStatus' content=\"https:\/\/schema.org\/EventScheduled\" \/><meta itemprop='eventAttendanceMode'   itemscope itemtype=\"https:\/\/schema.org\/OfflineEventAttendanceMode\"\/><div style=\"display:none\" itemprop=\"location\" itemscope itemtype=\"http:\/\/schema.org\/Place\"><span itemprop=\"name\">Pampeago<\/span><span itemprop=\"address\" itemscope itemtype=\"http:\/\/schema.org\/PostalAddress\"><item itemprop=\"streetAddress\">Localit\u00e0 Pampeago, 8, 38038 Tesero TN<\/item><\/span><\/div><script type=\"application\/ld+json\">{\"@context\": \"http:\/\/schema.org\",\"@type\": \"Event\",\n\t\t\t\t\"@id\": \"event_2196_7\",\n\t\t\t\t\"eventAttendanceMode\":\"https:\/\/schema.org\/OfflineEventAttendanceMode\",\n\t\t\t\t\"eventStatus\":\"https:\/\/schema.org\/EventScheduled\",\n\t\t\t\t\"name\": \"PilYoga\",\n\t\t\t\t\"url\": \"https:\/\/latemarium.com\/it\/events\/pilyoga\/var\/ri-7.l-L1\",\n\t\t\t\t\"startDate\": \"2026-8-13T17:00+0:00\",\n\t\t\t\t\"endDate\": \"2026-8-13T19:15+0:00\",\n\t\t\t\t\"image\":\"https:\/\/latemarium.com\/wp-content\/uploads\/2023\/06\/pilyoga.jpg\", \n\t\t\t\t\"description\":\"<p><strong>Ogni gioved\u00ec dal 25 giugno al 3 settembre 2026<\/strong><\/p> <p>Ritrovo e partenza alle 17.00 con l&#8217;insegnate Elisa (presso biglietteria impianti)<br \/> Durata: dalle 17.00 alle 19.15, attivit\u00e0 rivolta ai &gt; 14 anni.<\/p> <p>Raggiungerete il luogo della lezione con la seggiovia Agnello e dopo una breve passeggiata vi potrete rilassare e liberare la mente a diretto contatto con la natura. La pratica del PilYoga in quota permette la piena armonia con l\u2019ambiente circostante, lontano da tutti i rumori della vita quotidiana. Appena finirete la lezione, vi attender\u00e0 un piccolo aperitivo allo Chalet Caserina per poi riscendere a piedi con una breve passeggiata.<\/p> <p>Da portare con s\u00e9 un tappetino o stuoia o asciugamano.<br \/> <em>Attivit\u00e0 NON prevista in caso di pioggia.<\/em><\/p> <p>Prenotazione obbligatoria. Clicca <a href='https:\/\/www.visitfiemme.it\/it\/eventi\/fiemme-cembra-guest-card\/esperienze\/esperienze-in-estate' target='_blank' rel='noopener'>qui<\/a>\u00a0per prenotare.<\/p> \",\"location\":[{\"@type\":\"Place\",\"name\":\"Pampeago\",\"address\":{\"@type\": \"PostalAddress\",\"streetAddress\":\"Localit\u00e0 Pampeago, 8, 38038 Tesero TN\"}}]}<\/script><\/div>\r\n\t\t\t\t<p class=\"desc_trig_outter\" style=\"\"><a data-gmtrig=\"1\" data-exlk=\"0\" style=\"background-color: #f78234;\" id=\"evc_17866332002196\" class=\"hasFtIMG event_repeat desc_trig sin_val evcal_list_a\" data-ux_val=\"3\" data-ux_val_mob=\"-\"  ><span class='evoet_c1 evoet_cx '><span class='ev_ftImg' data-img='https:\/\/latemarium.com\/wp-content\/uploads\/2023\/06\/pilyoga.jpg' data-thumb='https:\/\/latemarium.com\/wp-content\/uploads\/2023\/06\/pilyoga-300x169.jpg' style='background-image:url(\"https:\/\/latemarium.com\/wp-content\/uploads\/2023\/06\/pilyoga-300x169.jpg\")' ><\/span><\/span><span class='evoet_c2 evoet_cx '><span class='evoet_dayblock evcal_cblock ' data-bgcolor='#f78234' data-smon='agosto' data-syr='2026' data-bub=''><span class='evo_start '><em class='date'>13<\/em><em class='month'>ago<\/em><em class='time'>17:00<\/em><\/span><span class='evo_end only_time'><em class='time'>19:15<\/em><\/span><\/span><\/span><span class='evoet_c3 evoet_cx evcal_desc hide_eventtopdata '><span class='evoet_title evcal_desc2 evcal_event_title ' itemprop='name'>PilYoga<\/span><span class='event_location_attrs'  data-location_address=\"Localit\u00e0 Pampeago, 8, 38038 Tesero TN\" data-location_type=\"lonlat\" data-location_name=\"Pampeago\" data-location_url=\"https:\/\/latemarium.com\/it\/event-location\/pampeago\/\" data-location_status=\"true\" data-latlng=\"46.34343697644898,11.540997527961546\"><\/span><span class='evoet_subtitle evo_below_title' ><span class='evcal_event_subtitle ' >Pilyoga tra le opere di Respirart<\/span><\/span><span class='evoet_time_expand level_3'><em class='evcal_time evo_tz_time'><i class='fa fa-clock-o'><\/i>17:00 - 19:15<span class='evo_tz marl5'>(GMT+02:00)<\/span><\/em> <\/span><span class='evoet_location level_3'><em class=\"evcal_location\"  data-latlng=\"46.34343697644898,11.540997527961546\" data-add_str=\"Localit\u00e0 Pampeago, 8, 38038 Tesero TN\" data-n=\"Pampeago\"><i class=\"fa fa-location-pin\"><\/i><em class=\"event_location_name\">Pampeago<\/em>, Localit\u00e0 Pampeago, 8, 38038 Tesero TN<\/em><\/span><\/span><span class='evoet_data' data-d=\"{&quot;loc.n&quot;:&quot;Pampeago&quot;,&quot;orgs&quot;:[],&quot;tags&quot;:{&quot;repeating&quot;:&quot;Repeating Event&quot;}}\" data-bgc=\"#f78234\" data-bggrad=\"\" ><\/span><\/a><\/p><div class='event_description evcal_eventcard ' style=\"display:none\"><div class='evocard_row'><div id='event_ftimage' class='evocard_box ftimage' data-c='' \n\t\t\t\t\tstyle=''><div class='evocard_main_image_hold' data-t='Loading Image..'><div class='evocard_main_image evo_img_triglb evobr15 evobgsc evobgpc evodfx evofx_jc_c evofx_ai_c evofz48 minmized' style='height:300px; background-image:url();' data-f=\"https:\/\/latemarium.com\/wp-content\/uploads\/2023\/06\/pilyoga.jpg\" data-h=\"675\" data-w=\"1200\" data-ratio=\"0.5625\" data-event_id=\"2196\" data-ri=\"7\"  data-t='Loading Image..'><span style='height:300px; background-image:url(https:\/\/latemarium.com\/wp-content\/uploads\/2023\/06\/pilyoga.jpg)'><\/span><\/div><\/div><\/div><\/div><div class='evocard_row'><div id='event_eventdetails' class='evocard_box eventdetails' data-c='' \n\t\t\t\t\tstyle=''><div class='evo_metarow_details evorow evcal_evdata_row evcal_event_details'>\n\t\t<div class=\"event_excerpt\" style=\"display:none\"><h3 class=\"padb5 evo_h3\">Dettagli dell&#039;evento<\/h3><p>Ogni gioved\u00ec dal 25 giugno al 3 settembre 2026\nRitrovo e partenza alle 17.00 con l&#8217;insegnate Elisa (presso biglietteria impianti)\nDurata: dalle 17.00 alle 19.15, attivit\u00e0 rivolta ai &gt; 14 anni.\nRaggiungerete<\/p><\/div><span class='evcal_evdata_icons'><i class='fa fa-align-justify'><\/i><\/span>\n\t\t\n\t\t<div class='evcal_evdata_cell shorter_desc'>\n\t\t\t<div class='eventon_full_description'>\n\t\t\t\t<h3 class='padb5 evo_h3'><span class='evcal_evdata_icons'><i class='fa fa-align-justify'><\/i><\/span>Dettagli dell&#039;evento<\/h3>\n\t\t\t\t<div class='eventon_desc_in' itemprop='description'>\n\t\t\t\t<p><strong>Ogni gioved\u00ec dal 25 giugno al 3 settembre 2026<\/strong><\/p>\n<p>Ritrovo e partenza alle 17.00 con l&#8217;insegnate Elisa (presso biglietteria impianti)<br \/>\nDurata: dalle 17.00 alle 19.15, attivit\u00e0 rivolta ai &gt; 14 anni.<\/p>\n<p>Raggiungerete il luogo della lezione con la seggiovia Agnello e dopo una breve passeggiata vi potrete rilassare e liberare la mente a diretto contatto con la natura. La pratica del PilYoga in quota permette la piena armonia con l\u2019ambiente circostante, lontano da tutti i rumori della vita quotidiana. Appena finirete la lezione, vi attender\u00e0 un piccolo aperitivo allo Chalet Caserina per poi riscendere a piedi con una breve passeggiata.<\/p>\n<p>Da portare con s\u00e9 un tappetino o stuoia o asciugamano.<br \/>\n<em>Attivit\u00e0 NON prevista in caso di pioggia.<\/em><\/p>\n<p>Prenotazione obbligatoria. Clicca <a href=\"https:\/\/www.visitfiemme.it\/it\/eventi\/fiemme-cembra-guest-card\/esperienze\/esperienze-in-estate\" target=\"_blank\" rel=\"noopener\">qui<\/a>\u00a0per prenotare.<\/p>\n<\/div><p class='eventon_shad_p' style='padding:5px 0 0; margin:0'>\n\t\t\t<span class='evcal_btn evo_btn_secondary evobtn_details_show_more' content='less'>\n\t\t\t\t<span class='ev_more_text' data-txt='Meno'>Pi\u00f9<\/span><span class='ev_more_arrow ard'><\/span>\n\t\t\t<\/span>\n\t\t<\/p><div class='clear'><\/div>\n\t\t\t<\/div>\n\t\t<\/div>\n\t<\/div><\/div><\/div><div class='evocard_row bx2 bx'><div id='event_time' class='evocard_box time' data-c='' \n\t\t\t\t\tstyle=''><div class='evo_metarow_time evorow evcal_evdata_row evcal_evrow_sm '>\n\t\t<span class='evcal_evdata_icons'><i class='fa fa-clock'><\/i><\/span>\n\t\t<div class='evcal_evdata_cell'>\t\t\t\t\t\t\t\n\t\t\t<h3 class='evo_h3'><span class='evcal_evdata_icons'><i class='fa fa-clock'><\/i><\/span>Orario<\/h3><p><span class='evo_eventcard_time_t'>13 agosto 2026 17:00 - 19:15<\/span><span class='evo_tz marr5'>(GMT+02:00)<\/span><\/p>\n\t\t<\/div>\n\t<\/div><\/div><div id='event_location' class='evocard_box location' data-c='' \n\t\t\t\t\tstyle=''><div class='evcal_evdata_row evo_metarow_time_location evorow '>\n\t\t\n\t\t\t<span class='evcal_evdata_icons'><i class='fa fa-map-marker'><\/i><\/span>\n\t\t\t<div class='evcal_evdata_cell' data-loc_tax_id='30'><h3 class='evo_h3 evodfx'><span class='evcal_evdata_icons'><i class='fa fa-map-marker'><\/i><\/span>Luogo<\/h3><p class='evo_location_name'>Pampeago<\/p><p class='evo_location_address evodfxi evogap10'>Localit\u00e0 Pampeago, 8, 38038 Tesero TN<\/p><div class='padt10'><span class='evo_btn_arr evolb_trigger' data-lbvals=\"{&quot;lbc&quot;:&quot;evo_location_lb_30&quot;,&quot;lbac&quot;:&quot;lb_max&quot;,&quot;t&quot;:&quot;Pampeago&quot;,&quot;ajax&quot;:&quot;yes&quot;,&quot;ajax_type&quot;:&quot;endpoint&quot;,&quot;ajax_action&quot;:&quot;eventon_get_tax_card_content&quot;,&quot;end&quot;:&quot;client&quot;,&quot;d&quot;:{&quot;lang&quot;:&quot;L1&quot;,&quot;term_id&quot;:30,&quot;tax&quot;:&quot;event_location&quot;,&quot;load_lbcontent&quot;:true},&quot;uid&quot;:&quot;eventon_get_tax_card_content&quot;}\" >Other Events<i class='fa fa-chevron-right'><\/i><\/span><\/div><\/div>\n\t\t\n\t<\/div><\/div><\/div><div class='evocard_row'><div id='event_addtocal' class='evocard_box addtocal' data-c='' \n\t\t\t\t\tstyle=''><div class='evo_metarow_ICS evorow evcal_evdata_row'>\n\t\t\t<span class='evcal_evdata_icons'><i class='fa fa-calendar-o'><\/i><\/span>\n\t\t\t<div class='evcal_evdata_cell'>\n\t\t\t\t<p><a href='https:\/\/latemarium.com\/it\/export-events\/2196_7\/?nonce=a3263097f9' class='evo_ics_nCal' title='Aggiungi al tuo calendario'>Calendario<\/a><a href='https:\/\/www.google.com\/calendar\/event?action=TEMPLATE&text=PilYoga&dates=20260813T150000Z%2F20260813T171500Z&ctz=Europe%2FRome&details=PilYoga&location=Pampeago+Localit%C3%A0+Pampeago%2C+8%2C+38038+Tesero+TN' target='_blank' class='evo_ics_gCal' title='Aggiungi al calendario di Google'>GoogleCal<\/a><\/p>\t\n\t\t\t<\/div>\n\t\t<\/div><\/div><\/div><div class='evocard_row'><div id='event_getdirection' class='evocard_box getdirection' data-c='' \n\t\t\t\t\tstyle=''><div class='evo_metarow_getDr evorow evcal_evdata_row evcal_evrow_sm getdirections'>\n\t\t<form action='https:\/\/maps.google.com\/maps' method='get' target='_blank'>\n\t\t\t<input type='hidden' name='daddr' value=\"46.34343697644898,11.540997527961546\"\/> \n\t\t\t<div class='evo_get_direction_content evo_fx_dr_r evogap10'>\n\t\t\t\t<span class='evogetdir_header evodfx evofx_dr_r evofx_ai_c marr10'>\n\t\t\t\t\t<i class='mainicon fa fa-road'><\/i> \n\t\t\t\t\t<h3 class='evo_h3' style='padding-bottom:5px;'>Ottieni indicazioni stradali<\/h3>\n\t\t\t\t<\/span>\n\t\t\t\t<span class='evogetdir_field evodfx evofx_1_1 evo_fx_dr_c evow100p'>\t\t\t\t\t\n\t\t\t\t\t<input class='evoInput evotac' type='text' name='saddr' placeholder='Digitare l&#039;indirizzo per ottenere le indicazioni stradali' value='' style='margin:10px 0;'\/>\n\t\t\t\t<\/span>\n\t\t\t\t<button type='submit' class='evo_get_direction_button evo_btn_arr_circ dfx fx_ai_c' title='Fare clic qui per ottenere indicazioni'><i class='fa fa-chevron-right'><\/i> <\/button>\n\t\t\t<\/div>\n\t\t<\/form>\n\t<\/div><\/div><\/div><div class='evo_card_row_end evcal_close' title='Testo del pulsante Chiudi evento'><\/div><\/div><div class='clear end'><\/div><\/div><div id=\"event_2201_7\" class=\"eventon_list_event evo_eventtop scheduled  event clrD no_et event_2201_7\" data-event_id=\"2201\" data-ri=\"7r\" data-time=\"1786634100-1786658340\" data-colr=\"#ba181d\" itemscope itemtype='http:\/\/schema.org\/Event'><div class=\"evo_event_schema\" style=\"display:none\" ><a itemprop='url'  href='https:\/\/latemarium.com\/it\/events\/e-bike-tour-ai-piedi-del-latemar\/var\/ri-7.l-L1'><\/a><meta itemprop='image' content=\"https:\/\/latemarium.com\/wp-content\/uploads\/2023\/06\/e-bike-tour.jpg\" \/><meta itemprop='startDate' content=\"2026-8-13T17:15+0:00\" \/><meta itemprop='endDate' content=\"2026-8-13T23:59+0:00\" \/><meta itemprop='eventStatus' content=\"https:\/\/schema.org\/EventScheduled\" \/><meta itemprop='eventAttendanceMode'   itemscope itemtype=\"https:\/\/schema.org\/OfflineEventAttendanceMode\"\/><div style=\"display:none\" itemprop=\"location\" itemscope itemtype=\"http:\/\/schema.org\/Place\"><span itemprop=\"name\">Pampeago<\/span><span itemprop=\"address\" itemscope itemtype=\"http:\/\/schema.org\/PostalAddress\"><item itemprop=\"streetAddress\">Localit\u00e0 Pampeago, 8, 38038 Tesero TN<\/item><\/span><\/div><script type=\"application\/ld+json\">{\"@context\": \"http:\/\/schema.org\",\"@type\": \"Event\",\n\t\t\t\t\"@id\": \"event_2201_7\",\n\t\t\t\t\"eventAttendanceMode\":\"https:\/\/schema.org\/OfflineEventAttendanceMode\",\n\t\t\t\t\"eventStatus\":\"https:\/\/schema.org\/EventScheduled\",\n\t\t\t\t\"name\": \"E-Bike Tour ai piedi del Latemar\",\n\t\t\t\t\"url\": \"https:\/\/latemarium.com\/it\/events\/e-bike-tour-ai-piedi-del-latemar\/var\/ri-7.l-L1\",\n\t\t\t\t\"startDate\": \"2026-8-13T17:15+0:00\",\n\t\t\t\t\"endDate\": \"2026-8-13T23:59+0:00\",\n\t\t\t\t\"image\":\"https:\/\/latemarium.com\/wp-content\/uploads\/2023\/06\/e-bike-tour.jpg\", \n\t\t\t\t\"description\":\"<p><strong>Ogni gioved\u00ec dal 25 giugno al 3 settembre 2026<\/strong><\/p> <p>Ritrovo con la guida Andrea alle 17.15 a Pampeago (presso biglietteria impianti)<br \/> Durata:\u00a0dalle 17.15 alle 19.15<br \/> Max 8 persone. +16 anni.<\/p> <p class='p1'><span class='s1'>Per gli appassionati di e-bike, con un livello intermedio, abbiamo pensato ad un tour alla scoperta del Latemar con vista mozzafiato sulle aree circostanti. Sar\u00e0 un itinerario piacevole e grazie alla pedalata assistita potrete affrontare con facilit\u00e0 il dislivello che vi porter\u00e0 in localit\u00e0 Tresca. \u00c8 il momento della giornata perfetto: la montagna si svuota, potrete apprezzare il silenzio della natura e godere dei colori della \u201cgolden hour\u201d. Terminato il giro vi attender\u00e0 un piccolo aperitivo allo Chalet Caserina.<br \/> Potrete noleggiare la e-bike in loco, al negozio Sport Ventura di Pampeago.<br \/> <\/span><\/p> <p class='p1'><em><span class='s1'>Attivit\u00e0 non prevista in caso di pioggia.<\/span><\/em><\/p> <p>Prenotazione obbligatoria. Clicca\u00a0<a href='https:\/\/www.visitfiemme.it\/it\/eventi\/fiemme-cembra-guest-card\/esperienze\/esperienze-in-estate?re-product-id=251796' target='_blank' rel='noopener'>qui<\/a>.<\/p> \",\"location\":[{\"@type\":\"Place\",\"name\":\"Pampeago\",\"address\":{\"@type\": \"PostalAddress\",\"streetAddress\":\"Localit\u00e0 Pampeago, 8, 38038 Tesero TN\"}}]}<\/script><\/div>\r\n\t\t\t\t<p class=\"desc_trig_outter\" style=\"\"><a data-gmtrig=\"1\" data-exlk=\"0\" style=\"background-color: #ba181d;\" id=\"evc_17866341002201\" class=\"hasFtIMG event_repeat desc_trig sin_val evcal_list_a\" data-ux_val=\"3\" data-ux_val_mob=\"-\"  ><span class='evoet_c1 evoet_cx '><span class='ev_ftImg' data-img='https:\/\/latemarium.com\/wp-content\/uploads\/2023\/06\/e-bike-tour.jpg' data-thumb='https:\/\/latemarium.com\/wp-content\/uploads\/2023\/06\/e-bike-tour-300x169.jpg' style='background-image:url(\"https:\/\/latemarium.com\/wp-content\/uploads\/2023\/06\/e-bike-tour-300x169.jpg\")' ><\/span><\/span><span class='evoet_c2 evoet_cx '><span class='evoet_dayblock evcal_cblock ' data-bgcolor='#ba181d' data-smon='agosto' data-syr='2026' data-bub=''><span class='evo_start '><em class='date'>13<\/em><em class='month'>ago<\/em><em class='time'>17:15<\/em><\/span><\/span><\/span><span class='evoet_c3 evoet_cx evcal_desc hide_eventtopdata '><span class='evoet_title evcal_desc2 evcal_event_title ' itemprop='name'>E-Bike Tour ai piedi del Latemar<\/span><span class='event_location_attrs'  data-location_address=\"Localit\u00e0 Pampeago, 8, 38038 Tesero TN\" data-location_type=\"lonlat\" data-location_name=\"Pampeago\" data-location_url=\"https:\/\/latemarium.com\/it\/event-location\/pampeago\/\" data-location_status=\"true\" data-latlng=\"46.34343697644898,11.540997527961546\"><\/span><span class='evoet_subtitle evo_below_title' ><span class='evcal_event_subtitle ' >Per gli appassionati di e-bike<\/span><\/span><span class='evoet_time_expand level_3'><em class='evcal_time evo_tz_time'><i class='fa fa-clock-o'><\/i>17:15<span class='evo_tz marl5'>(GMT+02:00)<\/span><\/em> <\/span><span class='evoet_location level_3'><em class=\"evcal_location\"  data-latlng=\"46.34343697644898,11.540997527961546\" data-add_str=\"Localit\u00e0 Pampeago, 8, 38038 Tesero TN\" data-n=\"Pampeago\"><i class=\"fa fa-location-pin\"><\/i><em class=\"event_location_name\">Pampeago<\/em>, Localit\u00e0 Pampeago, 8, 38038 Tesero TN<\/em><\/span><\/span><span class='evoet_data' data-d=\"{&quot;loc.n&quot;:&quot;Pampeago&quot;,&quot;orgs&quot;:[],&quot;tags&quot;:{&quot;repeating&quot;:&quot;Repeating Event&quot;}}\" data-bgc=\"#ba181d\" data-bggrad=\"\" ><\/span><\/a><\/p><div class='event_description evcal_eventcard ' style=\"display:none\"><div class='evocard_row'><div id='event_ftimage' class='evocard_box ftimage' data-c='' \n\t\t\t\t\tstyle=''><div class='evocard_main_image_hold' data-t='Loading Image..'><div class='evocard_main_image evo_img_triglb evobr15 evobgsc evobgpc evodfx evofx_jc_c evofx_ai_c evofz48 minmized' style='height:300px; background-image:url();' data-f=\"https:\/\/latemarium.com\/wp-content\/uploads\/2023\/06\/e-bike-tour.jpg\" data-h=\"675\" data-w=\"1200\" data-ratio=\"0.5625\" data-event_id=\"2201\" data-ri=\"7\"  data-t='Loading Image..'><span style='height:300px; background-image:url(https:\/\/latemarium.com\/wp-content\/uploads\/2023\/06\/e-bike-tour.jpg)'><\/span><\/div><\/div><\/div><\/div><div class='evocard_row'><div id='event_eventdetails' class='evocard_box eventdetails' data-c='' \n\t\t\t\t\tstyle=''><div class='evo_metarow_details evorow evcal_evdata_row evcal_event_details'>\n\t\t<div class=\"event_excerpt\" style=\"display:none\"><h3 class=\"padb5 evo_h3\">Dettagli dell&#039;evento<\/h3><p>Ogni gioved\u00ec dal 25 giugno al 3 settembre 2026\nRitrovo con la guida Andrea alle 17.15 a Pampeago (presso biglietteria impianti)\nDurata:\u00a0dalle 17.15 alle 19.15\nMax 8 persone. +16 anni.<\/p><\/div><span class='evcal_evdata_icons'><i class='fa fa-align-justify'><\/i><\/span>\n\t\t\n\t\t<div class='evcal_evdata_cell shorter_desc'>\n\t\t\t<div class='eventon_full_description'>\n\t\t\t\t<h3 class='padb5 evo_h3'><span class='evcal_evdata_icons'><i class='fa fa-align-justify'><\/i><\/span>Dettagli dell&#039;evento<\/h3>\n\t\t\t\t<div class='eventon_desc_in' itemprop='description'>\n\t\t\t\t<p><strong>Ogni gioved\u00ec dal 25 giugno al 3 settembre 2026<\/strong><\/p>\n<p>Ritrovo con la guida Andrea alle 17.15 a Pampeago (presso biglietteria impianti)<br \/>\nDurata:\u00a0dalle 17.15 alle 19.15<br \/>\nMax 8 persone. +16 anni.<\/p>\n<p class=\"p1\"><span class=\"s1\">Per gli appassionati di e-bike, con un livello intermedio, abbiamo pensato ad un tour alla scoperta del Latemar con vista mozzafiato sulle aree circostanti. Sar\u00e0 un itinerario piacevole e grazie alla pedalata assistita potrete affrontare con facilit\u00e0 il dislivello che vi porter\u00e0 in localit\u00e0 Tresca. \u00c8 il momento della giornata perfetto: la montagna si svuota, potrete apprezzare il silenzio della natura e godere dei colori della \u201cgolden hour\u201d. Terminato il giro vi attender\u00e0 un piccolo aperitivo allo Chalet Caserina.<br \/>\nPotrete noleggiare la e-bike in loco, al negozio Sport Ventura di Pampeago.<br \/>\n<\/span><\/p>\n<p class=\"p1\"><em><span class=\"s1\">Attivit\u00e0 non prevista in caso di pioggia.<\/span><\/em><\/p>\n<p>Prenotazione obbligatoria. Clicca\u00a0<a href=\"https:\/\/www.visitfiemme.it\/it\/eventi\/fiemme-cembra-guest-card\/esperienze\/esperienze-in-estate?re-product-id=251796\" target=\"_blank\" rel=\"noopener\">qui<\/a>.<\/p>\n<\/div><p class='eventon_shad_p' style='padding:5px 0 0; margin:0'>\n\t\t\t<span class='evcal_btn evo_btn_secondary evobtn_details_show_more' content='less'>\n\t\t\t\t<span class='ev_more_text' data-txt='Meno'>Pi\u00f9<\/span><span class='ev_more_arrow ard'><\/span>\n\t\t\t<\/span>\n\t\t<\/p><div class='clear'><\/div>\n\t\t\t<\/div>\n\t\t<\/div>\n\t<\/div><\/div><\/div><div class='evocard_row bx2 bx'><div id='event_time' class='evocard_box time' data-c='' \n\t\t\t\t\tstyle=''><div class='evo_metarow_time evorow evcal_evdata_row evcal_evrow_sm '>\n\t\t<span class='evcal_evdata_icons'><i class='fa fa-clock'><\/i><\/span>\n\t\t<div class='evcal_evdata_cell'>\t\t\t\t\t\t\t\n\t\t\t<h3 class='evo_h3'><span class='evcal_evdata_icons'><i class='fa fa-clock'><\/i><\/span>Orario<\/h3><p><span class='evo_eventcard_time_t'>13 agosto 2026 17:15<\/span><span class='evo_tz marr5'>(GMT+02:00)<\/span><\/p>\n\t\t<\/div>\n\t<\/div><\/div><div id='event_location' class='evocard_box location' data-c='' \n\t\t\t\t\tstyle=''><div class='evcal_evdata_row evo_metarow_time_location evorow '>\n\t\t\n\t\t\t<span class='evcal_evdata_icons'><i class='fa fa-map-marker'><\/i><\/span>\n\t\t\t<div class='evcal_evdata_cell' data-loc_tax_id='30'><h3 class='evo_h3 evodfx'><span class='evcal_evdata_icons'><i class='fa fa-map-marker'><\/i><\/span>Luogo<\/h3><p class='evo_location_name'>Pampeago<\/p><p class='evo_location_address evodfxi evogap10'>Localit\u00e0 Pampeago, 8, 38038 Tesero TN<\/p><div class='padt10'><span class='evo_btn_arr evolb_trigger' data-lbvals=\"{&quot;lbc&quot;:&quot;evo_location_lb_30&quot;,&quot;lbac&quot;:&quot;lb_max&quot;,&quot;t&quot;:&quot;Pampeago&quot;,&quot;ajax&quot;:&quot;yes&quot;,&quot;ajax_type&quot;:&quot;endpoint&quot;,&quot;ajax_action&quot;:&quot;eventon_get_tax_card_content&quot;,&quot;end&quot;:&quot;client&quot;,&quot;d&quot;:{&quot;lang&quot;:&quot;L1&quot;,&quot;term_id&quot;:30,&quot;tax&quot;:&quot;event_location&quot;,&quot;load_lbcontent&quot;:true},&quot;uid&quot;:&quot;eventon_get_tax_card_content&quot;}\" >Other Events<i class='fa fa-chevron-right'><\/i><\/span><\/div><\/div>\n\t\t\n\t<\/div><\/div><\/div><div class='evocard_row'><div id='event_addtocal' class='evocard_box addtocal' data-c='' \n\t\t\t\t\tstyle=''><div class='evo_metarow_ICS evorow evcal_evdata_row'>\n\t\t\t<span class='evcal_evdata_icons'><i class='fa fa-calendar-o'><\/i><\/span>\n\t\t\t<div class='evcal_evdata_cell'>\n\t\t\t\t<p><a href='https:\/\/latemarium.com\/it\/export-events\/2201_7\/?nonce=a3263097f9' class='evo_ics_nCal' title='Aggiungi al tuo calendario'>Calendario<\/a><a href='https:\/\/www.google.com\/calendar\/event?action=TEMPLATE&text=E-Bike+Tour+ai+piedi+del+Latemar&dates=20260813T151500Z%2F20260813T215900Z&ctz=Europe%2FRome&details=E-Bike Tour ai piedi del Latemar&location=Pampeago+Localit%C3%A0+Pampeago%2C+8%2C+38038+Tesero+TN' target='_blank' class='evo_ics_gCal' title='Aggiungi al calendario di Google'>GoogleCal<\/a><\/p>\t\n\t\t\t<\/div>\n\t\t<\/div><\/div><\/div><div class='evocard_row'><div id='event_getdirection' class='evocard_box getdirection' data-c='' \n\t\t\t\t\tstyle=''><div class='evo_metarow_getDr evorow evcal_evdata_row evcal_evrow_sm getdirections'>\n\t\t<form action='https:\/\/maps.google.com\/maps' method='get' target='_blank'>\n\t\t\t<input type='hidden' name='daddr' value=\"46.34343697644898,11.540997527961546\"\/> \n\t\t\t<div class='evo_get_direction_content evo_fx_dr_r evogap10'>\n\t\t\t\t<span class='evogetdir_header evodfx evofx_dr_r evofx_ai_c marr10'>\n\t\t\t\t\t<i class='mainicon fa fa-road'><\/i> \n\t\t\t\t\t<h3 class='evo_h3' style='padding-bottom:5px;'>Ottieni indicazioni stradali<\/h3>\n\t\t\t\t<\/span>\n\t\t\t\t<span class='evogetdir_field evodfx evofx_1_1 evo_fx_dr_c evow100p'>\t\t\t\t\t\n\t\t\t\t\t<input class='evoInput evotac' type='text' name='saddr' placeholder='Digitare l&#039;indirizzo per ottenere le indicazioni stradali' value='' style='margin:10px 0;'\/>\n\t\t\t\t<\/span>\n\t\t\t\t<button type='submit' class='evo_get_direction_button evo_btn_arr_circ dfx fx_ai_c' title='Fare clic qui per ottenere indicazioni'><i class='fa fa-chevron-right'><\/i> <\/button>\n\t\t\t<\/div>\n\t\t<\/form>\n\t<\/div><\/div><\/div><div class='evo_card_row_end evcal_close' title='Testo del pulsante Chiudi evento'><\/div><\/div><div class='clear end'><\/div><\/div><div id=\"event_2493_7\" class=\"eventon_list_event evo_eventtop scheduled  event clrW no_et event_2493_7\" data-event_id=\"2493\" data-ri=\"7r\" data-time=\"1786692600-1786744740\" data-colr=\"#6baeff\" itemscope itemtype='http:\/\/schema.org\/Event'><div class=\"evo_event_schema\" style=\"display:none\" ><a itemprop='url'  href='https:\/\/latemarium.com\/it\/events\/respirart-piccoli-artisti-in-natura\/var\/ri-7.l-L1'><\/a><meta itemprop='image' content=\"https:\/\/latemarium.com\/wp-content\/uploads\/2021\/05\/respirart-vita-e-bellezza.jpg\" \/><meta itemprop='startDate' content=\"2026-8-14T09:30+0:00\" \/><meta itemprop='endDate' content=\"2026-8-14T23:59+0:00\" \/><meta itemprop='eventStatus' content=\"https:\/\/schema.org\/EventScheduled\" \/><meta itemprop='eventAttendanceMode'   itemscope itemtype=\"https:\/\/schema.org\/OfflineEventAttendanceMode\"\/><div style=\"display:none\" itemprop=\"location\" itemscope itemtype=\"http:\/\/schema.org\/Place\"><span itemprop=\"name\">Pampeago<\/span><span itemprop=\"address\" itemscope itemtype=\"http:\/\/schema.org\/PostalAddress\"><item itemprop=\"streetAddress\">Localit\u00e0 Pampeago, 8, 38038 Tesero TN<\/item><\/span><\/div><script type=\"application\/ld+json\">{\"@context\": \"http:\/\/schema.org\",\"@type\": \"Event\",\n\t\t\t\t\"@id\": \"event_2493_7\",\n\t\t\t\t\"eventAttendanceMode\":\"https:\/\/schema.org\/OfflineEventAttendanceMode\",\n\t\t\t\t\"eventStatus\":\"https:\/\/schema.org\/EventScheduled\",\n\t\t\t\t\"name\": \"Respirart: piccoli artisti in natura\",\n\t\t\t\t\"url\": \"https:\/\/latemarium.com\/it\/events\/respirart-piccoli-artisti-in-natura\/var\/ri-7.l-L1\",\n\t\t\t\t\"startDate\": \"2026-8-14T09:30+0:00\",\n\t\t\t\t\"endDate\": \"2026-8-14T23:59+0:00\",\n\t\t\t\t\"image\":\"https:\/\/latemarium.com\/wp-content\/uploads\/2021\/05\/respirart-vita-e-bellezza.jpg\", \n\t\t\t\t\"description\":\"<p><strong>Ogni venerd\u00ec dal 26 giugno all&#8217;11 settembre 2026<\/strong><\/p> <p>Laboratorio ambientale e artistico RespirArt, rivolto a tutti, grandi e piccini. Andremo alla scoperta delle opere d&#8217;arte in modo divertente.<br \/> Appuntamento alle 9.30 alla partenza della Seggiovia-Seminovia Agnello di Pampeago con la guida artistica, che vi consegner\u00e0 i semi per sorvolare il parco RespirArt. Partecipando al laboratorio artistico i bambini costruiranno piccole opere di land art utilizzando materiali naturali.<\/p> <p><strong>Prenotazione obbligatoria.<\/strong><\/p> <p>Clicca <a href='https:\/\/www.visitfiemme.it\/it\/eventi\/fiemme-cembra-guest-card\/esperienze\/esperienze-in-estate?re-product-id=211712' target='_blank' rel='noopener'>qui<\/a> per prenotare.<\/p> \",\"location\":[{\"@type\":\"Place\",\"name\":\"Pampeago\",\"address\":{\"@type\": \"PostalAddress\",\"streetAddress\":\"Localit\u00e0 Pampeago, 8, 38038 Tesero TN\"}}]}<\/script><\/div>\r\n\t\t\t\t<p class=\"desc_trig_outter\" style=\"\"><a data-gmtrig=\"1\" data-exlk=\"0\" style=\"background-color: #6baeff;\" id=\"evc_17866926002493\" class=\"hasFtIMG event_repeat desc_trig sin_val evcal_list_a\" data-ux_val=\"3\" data-ux_val_mob=\"-\"  ><span class='evoet_c1 evoet_cx '><span class='ev_ftImg' data-img='https:\/\/latemarium.com\/wp-content\/uploads\/2021\/05\/respirart-vita-e-bellezza.jpg' data-thumb='https:\/\/latemarium.com\/wp-content\/uploads\/2021\/05\/respirart-vita-e-bellezza-300x201.jpg' style='background-image:url(\"https:\/\/latemarium.com\/wp-content\/uploads\/2021\/05\/respirart-vita-e-bellezza-300x201.jpg\")' ><\/span><\/span><span class='evoet_c2 evoet_cx '><span class='evoet_dayblock evcal_cblock ' data-bgcolor='#6baeff' data-smon='agosto' data-syr='2026' data-bub=''><span class='evo_start '><em class='date'>14<\/em><em class='month'>ago<\/em><em class='time'>09:30<\/em><\/span><\/span><\/span><span class='evoet_c3 evoet_cx evcal_desc hide_eventtopdata '><span class='evoet_title evcal_desc2 evcal_event_title ' itemprop='name'>Respirart: piccoli artisti in natura<\/span><span class='event_location_attrs'  data-location_address=\"Localit\u00e0 Pampeago, 8, 38038 Tesero TN\" data-location_type=\"lonlat\" data-location_name=\"Pampeago\" data-location_url=\"https:\/\/latemarium.com\/it\/event-location\/pampeago\/\" data-location_status=\"true\" data-latlng=\"46.34343697644898,11.540997527961546\"><\/span><span class='evoet_subtitle evo_below_title' ><span class='evcal_event_subtitle ' >laboratorio artistico<\/span><\/span><span class='evoet_time_expand level_3'><em class='evcal_time evo_tz_time'><i class='fa fa-clock-o'><\/i>09:30<span class='evo_tz marl5'>(GMT+02:00)<\/span><\/em> <\/span><span class='evoet_location level_3'><em class=\"evcal_location\"  data-latlng=\"46.34343697644898,11.540997527961546\" data-add_str=\"Localit\u00e0 Pampeago, 8, 38038 Tesero TN\" data-n=\"Pampeago\"><i class=\"fa fa-location-pin\"><\/i><em class=\"event_location_name\">Pampeago<\/em>, Localit\u00e0 Pampeago, 8, 38038 Tesero TN<\/em><\/span><\/span><span class='evoet_data' data-d=\"{&quot;loc.n&quot;:&quot;Pampeago&quot;,&quot;orgs&quot;:[],&quot;tags&quot;:{&quot;repeating&quot;:&quot;Repeating Event&quot;}}\" data-bgc=\"#6baeff\" data-bggrad=\"\" ><\/span><\/a><\/p><div class='event_description evcal_eventcard ' style=\"display:none\"><div class='evocard_row'><div id='event_ftimage' class='evocard_box ftimage' data-c='' \n\t\t\t\t\tstyle=''><div class='evocard_main_image_hold' data-t='Loading Image..'><div class='evocard_main_image evo_img_triglb evobr15 evobgsc evobgpc evodfx evofx_jc_c evofx_ai_c evofz48 minmized' style='height:300px; background-image:url();' data-f=\"https:\/\/latemarium.com\/wp-content\/uploads\/2021\/05\/respirart-vita-e-bellezza.jpg\" data-h=\"602\" data-w=\"899\" data-ratio=\"0.66963292547275\" data-event_id=\"2493\" data-ri=\"7\"  data-t='Loading Image..'><span style='height:300px; background-image:url(https:\/\/latemarium.com\/wp-content\/uploads\/2021\/05\/respirart-vita-e-bellezza.jpg)'><\/span><\/div><\/div><\/div><\/div><div class='evocard_row'><div id='event_eventdetails' class='evocard_box eventdetails' data-c='' \n\t\t\t\t\tstyle=''><div class='evo_metarow_details evorow evcal_evdata_row evcal_event_details'>\n\t\t<div class=\"event_excerpt\" style=\"display:none\"><h3 class=\"padb5 evo_h3\">Dettagli dell&#039;evento<\/h3><p>Ogni venerd\u00ec dal 26 giugno all&#8217;11 settembre 2026\nLaboratorio ambientale e artistico RespirArt, rivolto a tutti, grandi e piccini. Andremo alla scoperta delle opere d&#8217;arte in modo divertente.\nAppuntamento alle 9.30<\/p><\/div><span class='evcal_evdata_icons'><i class='fa fa-align-justify'><\/i><\/span>\n\t\t\n\t\t<div class='evcal_evdata_cell shorter_desc'>\n\t\t\t<div class='eventon_full_description'>\n\t\t\t\t<h3 class='padb5 evo_h3'><span class='evcal_evdata_icons'><i class='fa fa-align-justify'><\/i><\/span>Dettagli dell&#039;evento<\/h3>\n\t\t\t\t<div class='eventon_desc_in' itemprop='description'>\n\t\t\t\t<p><strong>Ogni venerd\u00ec dal 26 giugno all&#8217;11 settembre 2026<\/strong><\/p>\n<p>Laboratorio ambientale e artistico RespirArt, rivolto a tutti, grandi e piccini. Andremo alla scoperta delle opere d&#8217;arte in modo divertente.<br \/>\nAppuntamento alle 9.30 alla partenza della Seggiovia-Seminovia Agnello di Pampeago con la guida artistica, che vi consegner\u00e0 i semi per sorvolare il parco RespirArt. Partecipando al laboratorio artistico i bambini costruiranno piccole opere di land art utilizzando materiali naturali.<\/p>\n<p><strong>Prenotazione obbligatoria.<\/strong><\/p>\n<p>Clicca <a href=\"https:\/\/www.visitfiemme.it\/it\/eventi\/fiemme-cembra-guest-card\/esperienze\/esperienze-in-estate?re-product-id=211712\" target=\"_blank\" rel=\"noopener\">qui<\/a> per prenotare.<\/p>\n<\/div><p class='eventon_shad_p' style='padding:5px 0 0; margin:0'>\n\t\t\t<span class='evcal_btn evo_btn_secondary evobtn_details_show_more' content='less'>\n\t\t\t\t<span class='ev_more_text' data-txt='Meno'>Pi\u00f9<\/span><span class='ev_more_arrow ard'><\/span>\n\t\t\t<\/span>\n\t\t<\/p><div class='clear'><\/div>\n\t\t\t<\/div>\n\t\t<\/div>\n\t<\/div><\/div><\/div><div class='evocard_row bx2 bx'><div id='event_time' class='evocard_box time' data-c='' \n\t\t\t\t\tstyle=''><div class='evo_metarow_time evorow evcal_evdata_row evcal_evrow_sm '>\n\t\t<span class='evcal_evdata_icons'><i class='fa fa-clock'><\/i><\/span>\n\t\t<div class='evcal_evdata_cell'>\t\t\t\t\t\t\t\n\t\t\t<h3 class='evo_h3'><span class='evcal_evdata_icons'><i class='fa fa-clock'><\/i><\/span>Orario<\/h3><p><span class='evo_eventcard_time_t'>14 agosto 2026 09:30<\/span><span class='evo_tz marr5'>(GMT+02:00)<\/span><\/p>\n\t\t<\/div>\n\t<\/div><\/div><div id='event_location' class='evocard_box location' data-c='' \n\t\t\t\t\tstyle=''><div class='evcal_evdata_row evo_metarow_time_location evorow '>\n\t\t\n\t\t\t<span class='evcal_evdata_icons'><i class='fa fa-map-marker'><\/i><\/span>\n\t\t\t<div class='evcal_evdata_cell' data-loc_tax_id='30'><h3 class='evo_h3 evodfx'><span class='evcal_evdata_icons'><i class='fa fa-map-marker'><\/i><\/span>Luogo<\/h3><p class='evo_location_name'>Pampeago<\/p><p class='evo_location_address evodfxi evogap10'>Localit\u00e0 Pampeago, 8, 38038 Tesero TN<\/p><div class='padt10'><span class='evo_btn_arr evolb_trigger' data-lbvals=\"{&quot;lbc&quot;:&quot;evo_location_lb_30&quot;,&quot;lbac&quot;:&quot;lb_max&quot;,&quot;t&quot;:&quot;Pampeago&quot;,&quot;ajax&quot;:&quot;yes&quot;,&quot;ajax_type&quot;:&quot;endpoint&quot;,&quot;ajax_action&quot;:&quot;eventon_get_tax_card_content&quot;,&quot;end&quot;:&quot;client&quot;,&quot;d&quot;:{&quot;lang&quot;:&quot;L1&quot;,&quot;term_id&quot;:30,&quot;tax&quot;:&quot;event_location&quot;,&quot;load_lbcontent&quot;:true},&quot;uid&quot;:&quot;eventon_get_tax_card_content&quot;}\" >Other Events<i class='fa fa-chevron-right'><\/i><\/span><\/div><\/div>\n\t\t\n\t<\/div><\/div><\/div><div class='evocard_row bx2 bx'><div id='event_learnmore' class='evocard_box learnmore' data-c='' \n\t\t\t\t\tstyle=''><div class='evo_metarow_learnM evo_metarow_learnmore evorow'>\n\t\t\t\t\t\t\t<a class='evcal_evdata_row evo_clik_row ' href='http:\/\/www.respirart.com\/' target=\"_blank\">\n\t\t\t\t\t\t\t\t<span class='evcal_evdata_icons'><i class='fa fa-link'><\/i><\/span>\n\t\t\t\t\t\t\t\t<h3 class='evo_h3'>Scopri di pi\u00f9<\/h3>\n\t\t\t\t\t\t\t<\/a>\n\t\t\t\t\t\t\t<\/div><\/div><div id='event_addtocal' class='evocard_box addtocal' data-c='' \n\t\t\t\t\tstyle=''><div class='evo_metarow_ICS evorow evcal_evdata_row'>\n\t\t\t<span class='evcal_evdata_icons'><i class='fa fa-calendar-o'><\/i><\/span>\n\t\t\t<div class='evcal_evdata_cell'>\n\t\t\t\t<p><a href='https:\/\/latemarium.com\/it\/export-events\/2493_7\/?nonce=a3263097f9' class='evo_ics_nCal' title='Aggiungi al tuo calendario'>Calendario<\/a><a href='https:\/\/www.google.com\/calendar\/event?action=TEMPLATE&text=Respirart%3A+piccoli+artisti+in+natura&dates=20260814T073000Z%2F20260814T215900Z&ctz=Europe%2FRome&details=Respirart: piccoli artisti in natura&location=Pampeago+Localit%C3%A0+Pampeago%2C+8%2C+38038+Tesero+TN' target='_blank' class='evo_ics_gCal' title='Aggiungi al calendario di Google'>GoogleCal<\/a><\/p>\t\n\t\t\t<\/div>\n\t\t<\/div><\/div><\/div><div class='evocard_row'><div id='event_repeats' class='evocard_box repeats' data-c='' \n\t\t\t\t\tstyle=''><div class='evo_metarow_repeats evorow evcal_evdata_row evcal_evrow_sm '>\n\t\t<span class='evcal_evdata_icons'><i class='fa fa-repeat'><\/i><\/span>\n\t\t<div class='evcal_evdata_cell'>\t\t\t\t\t\t\t\n\t\t\t<h3 class='evo_h3'>Orari degli eventi futuri in questa serie di eventi ripetuti<\/h3><div class='evo_elm_HCS evo_repeat_series' style=''><span class='evo_elmHCS_nav HCSnavL evo_repeat_series content_slide_trig'><i class='fa fa-chevron-left'><\/i><\/span><span class='evo_elmHCS_nav HCSnavR evo_repeat_series content_slide_trig'><i class='fa fa-chevron-right'><\/i><\/span><div class='evo_elm_HCS_in'><div class='evo_repeat_series_dates clickable evodfx evofx_dr_r evogap10' data-click='1' data-event_url='https:\/\/latemarium.com\/it\/events\/respirart-piccoli-artisti-in-natura\/var\/ri-7.l-L1'><span class='evo_repeat_series_date evodfx evofx_dr_r evofx_ai_c evogap5 evobr15 evobrdB1 evocl1 evopad15 evottu evofz14 evocurp evo_trans_sc1_03 evoHbgcw' data-ux=\"def\" data-l=\"https:\/\/latemarium.com\/it\/events\/respirart-piccoli-artisti-in-natura\/var\/ri-8.l-L1\" ><span class='evodfx evofx_dr_c evotac evofx_jc_c'><b class='j evofz16'>21<\/b><b class='fy'>agosto <\/b><em class='t evofsn'>09:30 - 23:59<\/em><\/span><\/span><span class='evo_repeat_series_date evodfx evofx_dr_r evofx_ai_c evogap5 evobr15 evobrdB1 evocl1 evopad15 evottu evofz14 evocurp evo_trans_sc1_03 evoHbgcw' data-ux=\"def\" data-l=\"https:\/\/latemarium.com\/it\/events\/respirart-piccoli-artisti-in-natura\/var\/ri-9.l-L1\" ><span class='evodfx evofx_dr_c evotac evofx_jc_c'><b class='j evofz16'>28<\/b><b class='fy'>agosto <\/b><em class='t evofsn'>09:30 - 23:59<\/em><\/span><\/span><span class='evo_repeat_series_date evodfx evofx_dr_r evofx_ai_c evogap5 evobr15 evobrdB1 evocl1 evopad15 evottu evofz14 evocurp evo_trans_sc1_03 evoHbgcw' data-ux=\"def\" data-l=\"https:\/\/latemarium.com\/it\/events\/respirart-piccoli-artisti-in-natura\/var\/ri-10.l-L1\" ><span class='evodfx evofx_dr_c evotac evofx_jc_c'><b class='j evofz16'>4<\/b><b class='fy'>settembre <\/b><em class='t evofsn'>09:30 - 23:59<\/em><\/span><\/span><span class='evo_repeat_series_date evodfx evofx_dr_r evofx_ai_c evogap5 evobr15 evobrdB1 evocl1 evopad15 evottu evofz14 evocurp evo_trans_sc1_03 evoHbgcw' data-ux=\"def\" data-l=\"https:\/\/latemarium.com\/it\/events\/respirart-piccoli-artisti-in-natura\/var\/ri-11.l-L1\" ><span class='evodfx evofx_dr_c evotac evofx_jc_c'><b class='j evofz16'>11<\/b><b class='fy'>settembre <\/b><em class='t evofsn'>09:30 - 23:59<\/em><\/span><\/span><\/div><\/div><\/div><\/div><\/div><\/div><\/div><div class='evocard_row'><div id='event_getdirection' class='evocard_box getdirection' data-c='' \n\t\t\t\t\tstyle=''><div class='evo_metarow_getDr evorow evcal_evdata_row evcal_evrow_sm getdirections'>\n\t\t<form action='https:\/\/maps.google.com\/maps' method='get' target='_blank'>\n\t\t\t<input type='hidden' name='daddr' value=\"46.34343697644898,11.540997527961546\"\/> \n\t\t\t<div class='evo_get_direction_content evo_fx_dr_r evogap10'>\n\t\t\t\t<span class='evogetdir_header evodfx evofx_dr_r evofx_ai_c marr10'>\n\t\t\t\t\t<i class='mainicon fa fa-road'><\/i> \n\t\t\t\t\t<h3 class='evo_h3' style='padding-bottom:5px;'>Ottieni indicazioni stradali<\/h3>\n\t\t\t\t<\/span>\n\t\t\t\t<span class='evogetdir_field evodfx evofx_1_1 evo_fx_dr_c evow100p'>\t\t\t\t\t\n\t\t\t\t\t<input class='evoInput evotac' type='text' name='saddr' placeholder='Digitare l&#039;indirizzo per ottenere le indicazioni stradali' value='' style='margin:10px 0;'\/>\n\t\t\t\t<\/span>\n\t\t\t\t<button type='submit' class='evo_get_direction_button evo_btn_arr_circ dfx fx_ai_c' title='Fare clic qui per ottenere indicazioni'><i class='fa fa-chevron-right'><\/i> <\/button>\n\t\t\t<\/div>\n\t\t<\/form>\n\t<\/div><\/div><\/div><div class='evo_card_row_end evcal_close' title='Testo del pulsante Chiudi evento'><\/div><\/div><div class='clear end'><\/div><\/div><div id=\"event_2120_12\" class=\"eventon_list_event evo_eventtop scheduled  event clrD no_et event_2120_12\" data-event_id=\"2120\" data-ri=\"12r\" data-time=\"1786870800-1786917540\" data-colr=\"#006290\" itemscope itemtype='http:\/\/schema.org\/Event'><div class=\"evo_event_schema\" style=\"display:none\" ><a itemprop='url'  href='https:\/\/latemarium.com\/it\/events\/parola-di-nikolaus-drache\/var\/ri-12.l-L1'><\/a><meta itemprop='image' content=\"https:\/\/latemarium.com\/wp-content\/uploads\/2023\/06\/foresta-dei-draghi-6.jpg\" \/><meta itemprop='startDate' content=\"2026-8-16T11:00+0:00\" \/><meta itemprop='endDate' content=\"2026-8-16T23:59+0:00\" \/><meta itemprop='eventStatus' content=\"https:\/\/schema.org\/EventScheduled\" \/><meta itemprop='eventAttendanceMode'   itemscope itemtype=\"https:\/\/schema.org\/OfflineEventAttendanceMode\"\/><script type=\"application\/ld+json\">{\"@context\": \"http:\/\/schema.org\",\"@type\": \"Event\",\n\t\t\t\t\"@id\": \"event_2120_12\",\n\t\t\t\t\"eventAttendanceMode\":\"https:\/\/schema.org\/OfflineEventAttendanceMode\",\n\t\t\t\t\"eventStatus\":\"https:\/\/schema.org\/EventScheduled\",\n\t\t\t\t\"name\": \"Parola di Nikolaus Drache\",\n\t\t\t\t\"url\": \"https:\/\/latemarium.com\/it\/events\/parola-di-nikolaus-drache\/var\/ri-12.l-L1\",\n\t\t\t\t\"startDate\": \"2026-8-16T11:00+0:00\",\n\t\t\t\t\"endDate\": \"2026-8-16T23:59+0:00\",\n\t\t\t\t\"image\":\"https:\/\/latemarium.com\/wp-content\/uploads\/2023\/06\/foresta-dei-draghi-6.jpg\", \n\t\t\t\t\"description\":\"<p>Saltano, corrono, strisciano, volano! Eppure\u2026 non \u00e8 facile vederli!<br \/> Sanno nascondersi bene\u2026 gli squamosi furbacchioni! Chi sono? Ma i draghi del Latemar! Incontrarne uno, anche uno solo, sar\u00e0 un\u2019esperienza meravigliosa! Parola di Nikolaus Drache.<\/p> <p>domenica e luned\u00ec: dal 5 luglio al 24 agosto 2026<br \/> a monte della telecabina Predazzo-Gardon\u00e8<br \/> ore 11.00 e ore 14.30<br \/> spettacoli itineranti sul sentiero della Foresta dei Draghi<br \/> adatto a famiglie e bambini dai 2 anni in su\u00a0(durata 1h30\u2019)<\/p> \"}<\/script><\/div>\r\n\t\t\t\t<p class=\"desc_trig_outter\" style=\"\"><a data-gmap_status=\"null\" data-exlk=\"0\" style=\"background-color: #006290;\" id=\"evc_17868708002120\" class=\"hasFtIMG event_repeat desc_trig sin_val evcal_list_a\" data-ux_val=\"3\" data-ux_val_mob=\"-\"  ><span class='evoet_c1 evoet_cx '><span class='ev_ftImg' data-img='https:\/\/latemarium.com\/wp-content\/uploads\/2023\/06\/foresta-dei-draghi-6.jpg' data-thumb='https:\/\/latemarium.com\/wp-content\/uploads\/2023\/06\/foresta-dei-draghi-6-300x200.jpg' style='background-image:url(\"https:\/\/latemarium.com\/wp-content\/uploads\/2023\/06\/foresta-dei-draghi-6-300x200.jpg\")' ><\/span><\/span><span class='evoet_c2 evoet_cx '><span class='evoet_dayblock evcal_cblock ' data-bgcolor='#006290' data-smon='agosto' data-syr='2026' data-bub=''><span class='evo_start '><em class='date'>16<\/em><em class='month'>ago<\/em><em class='time'>11:00<\/em><\/span><\/span><\/span><span class='evoet_c3 evoet_cx evcal_desc hide_eventtopdata '><span class='evoet_title evcal_desc2 evcal_event_title ' itemprop='name'>Parola di Nikolaus Drache<\/span><span class='event_location_attrs' data-location_type=\"lonlat\" data-location_name=\"A monte della telecabina Predazzo-Gardon\u00e8\" data-location_url=\"https:\/\/latemarium.com\/it\/event-location\/a-monte-della-telecabina-predazzo-gardone\/\" data-location_status=\"true\" data-latlng=\"46.32878794406342,11.600176728690842\"><\/span><span class='evoet_subtitle evo_below_title' ><span class='evcal_event_subtitle ' >Spettacolo itinerante sul sentiero della Foresta dei Draghi<\/span><\/span><span class='evoet_time_expand level_3'><em class='evcal_time evo_tz_time'><i class='fa fa-clock-o'><\/i>11:00<span class='evo_tz marl5'>(GMT+02:00)<\/span><\/em> <\/span><span class='evoet_location level_3'><em class=\"evcal_location\"  data-latlng=\"46.32878794406342,11.600176728690842\" data-add_str=\"\" data-n=\"A monte della telecabina Predazzo-Gardon\u00e8\"><i class=\"fa fa-location-pin\"><\/i><em class=\"event_location_name\">A monte della telecabina Predazzo-Gardon\u00e8<\/em><\/em><\/span><\/span><span class='evoet_data' data-d=\"{&quot;loc.n&quot;:&quot;A monte della telecabina Predazzo-Gardon\\u00e8&quot;,&quot;orgs&quot;:[],&quot;tags&quot;:{&quot;repeating&quot;:&quot;Repeating Event&quot;}}\" data-bgc=\"#006290\" data-bggrad=\"\" ><\/span><\/a><\/p><div class='event_description evcal_eventcard ' style=\"display:none\"><div class='evocard_row'><div id='event_ftimage' class='evocard_box ftimage' data-c='' \n\t\t\t\t\tstyle=''><div class='evocard_main_image_hold' data-t='Loading Image..'><div class='evocard_main_image evo_img_triglb evobr15 evobgsc evobgpc evodfx evofx_jc_c evofx_ai_c evofz48 minmized' style='height:300px; background-image:url();' data-f=\"https:\/\/latemarium.com\/wp-content\/uploads\/2023\/06\/foresta-dei-draghi-6.jpg\" data-h=\"800\" data-w=\"1200\" data-ratio=\"0.66666666666667\" data-event_id=\"2120\" data-ri=\"12\"  data-t='Loading Image..'><span style='height:300px; background-image:url(https:\/\/latemarium.com\/wp-content\/uploads\/2023\/06\/foresta-dei-draghi-6.jpg)'><\/span><\/div><\/div><\/div><\/div><div class='evocard_row'><div id='event_eventdetails' class='evocard_box eventdetails' data-c='' \n\t\t\t\t\tstyle=''><div class='evo_metarow_details evorow evcal_evdata_row evcal_event_details'>\n\t\t<div class=\"event_excerpt\" style=\"display:none\"><h3 class=\"padb5 evo_h3\">Dettagli dell&#039;evento<\/h3><p>Saltano, corrono, strisciano, volano! Eppure\u2026 non \u00e8 facile vederli!\nSanno nascondersi bene\u2026 gli squamosi furbacchioni! Chi sono? Ma i draghi del Latemar! Incontrarne uno, anche uno solo, sar\u00e0 un\u2019esperienza meravigliosa!<\/p><\/div><span class='evcal_evdata_icons'><i class='fa fa-align-justify'><\/i><\/span>\n\t\t\n\t\t<div class='evcal_evdata_cell '>\n\t\t\t<div class='eventon_full_description'>\n\t\t\t\t<h3 class='padb5 evo_h3'><span class='evcal_evdata_icons'><i class='fa fa-align-justify'><\/i><\/span>Dettagli dell&#039;evento<\/h3>\n\t\t\t\t<div class='eventon_desc_in' itemprop='description'>\n\t\t\t\t<p>Saltano, corrono, strisciano, volano! Eppure\u2026 non \u00e8 facile vederli!<br \/>\nSanno nascondersi bene\u2026 gli squamosi furbacchioni! Chi sono? Ma i draghi del Latemar! Incontrarne uno, anche uno solo, sar\u00e0 un\u2019esperienza meravigliosa! Parola di Nikolaus Drache.<\/p>\n<p>domenica e luned\u00ec: dal 5 luglio al 24 agosto 2026<br \/>\na monte della telecabina Predazzo-Gardon\u00e8<br \/>\nore 11.00 e ore 14.30<br \/>\nspettacoli itineranti sul sentiero della Foresta dei Draghi<br \/>\nadatto a famiglie e bambini dai 2 anni in su\u00a0(durata 1h30\u2019)<\/p>\n<\/div><div class='clear'><\/div>\n\t\t\t<\/div>\n\t\t<\/div>\n\t<\/div><\/div><\/div><div class='evocard_row bx2 bx'><div id='event_time' class='evocard_box time' data-c='' \n\t\t\t\t\tstyle=''><div class='evo_metarow_time evorow evcal_evdata_row evcal_evrow_sm '>\n\t\t<span class='evcal_evdata_icons'><i class='fa fa-clock'><\/i><\/span>\n\t\t<div class='evcal_evdata_cell'>\t\t\t\t\t\t\t\n\t\t\t<h3 class='evo_h3'><span class='evcal_evdata_icons'><i class='fa fa-clock'><\/i><\/span>Orario<\/h3><p><span class='evo_eventcard_time_t'>16 agosto 2026 11:00<\/span><span class='evo_tz marr5'>(GMT+02:00)<\/span><\/p>\n\t\t<\/div>\n\t<\/div><\/div><div id='event_location' class='evocard_box location' data-c='' \n\t\t\t\t\tstyle=''><div class='evcal_evdata_row evo_metarow_time_location evorow '>\n\t\t\n\t\t\t<span class='evcal_evdata_icons'><i class='fa fa-map-marker'><\/i><\/span>\n\t\t\t<div class='evcal_evdata_cell' data-loc_tax_id='34'><h3 class='evo_h3 evodfx'><span class='evcal_evdata_icons'><i class='fa fa-map-marker'><\/i><\/span>Luogo<\/h3><p class='evo_location_name'>A monte della telecabina Predazzo-Gardon\u00e8<\/p><div class='padt10'><span class='evo_btn_arr evolb_trigger' data-lbvals=\"{&quot;lbc&quot;:&quot;evo_location_lb_34&quot;,&quot;lbac&quot;:&quot;lb_max&quot;,&quot;t&quot;:&quot;A monte della telecabina Predazzo-Gardon\\u00e8&quot;,&quot;ajax&quot;:&quot;yes&quot;,&quot;ajax_type&quot;:&quot;endpoint&quot;,&quot;ajax_action&quot;:&quot;eventon_get_tax_card_content&quot;,&quot;end&quot;:&quot;client&quot;,&quot;d&quot;:{&quot;lang&quot;:&quot;L1&quot;,&quot;term_id&quot;:34,&quot;tax&quot;:&quot;event_location&quot;,&quot;load_lbcontent&quot;:true},&quot;uid&quot;:&quot;eventon_get_tax_card_content&quot;}\" >Other Events<i class='fa fa-chevron-right'><\/i><\/span><\/div><\/div>\n\t\t\n\t<\/div><\/div><\/div><div class='evocard_row bx2 bx'><div id='event_learnmore' class='evocard_box learnmore' data-c='' \n\t\t\t\t\tstyle=''><div class='evo_metarow_learnM evo_metarow_learnmore evorow'>\n\t\t\t\t\t\t\t<a class='evcal_evdata_row evo_clik_row ' href='https:\/\/www.montagnanimata.it\/spettacoli\/' target=\"_blank\">\n\t\t\t\t\t\t\t\t<span class='evcal_evdata_icons'><i class='fa fa-link'><\/i><\/span>\n\t\t\t\t\t\t\t\t<h3 class='evo_h3'>Scopri di pi\u00f9<\/h3>\n\t\t\t\t\t\t\t<\/a>\n\t\t\t\t\t\t\t<\/div><\/div><div id='event_addtocal' class='evocard_box addtocal' data-c='' \n\t\t\t\t\tstyle=''><div class='evo_metarow_ICS evorow evcal_evdata_row'>\n\t\t\t<span class='evcal_evdata_icons'><i class='fa fa-calendar-o'><\/i><\/span>\n\t\t\t<div class='evcal_evdata_cell'>\n\t\t\t\t<p><a href='https:\/\/latemarium.com\/it\/export-events\/2120_12\/?nonce=a3263097f9' class='evo_ics_nCal' title='Aggiungi al tuo calendario'>Calendario<\/a><a href='https:\/\/www.google.com\/calendar\/event?action=TEMPLATE&text=Parola+di+Nikolaus+Drache&dates=20260816T090000Z%2F20260816T215900Z&ctz=Europe%2FRome&details=Parola di Nikolaus Drache&location=A+monte+della+telecabina+Predazzo-Gardon%C3%A8' target='_blank' class='evo_ics_gCal' title='Aggiungi al calendario di Google'>GoogleCal<\/a><\/p>\t\n\t\t\t<\/div>\n\t\t<\/div><\/div><\/div><div class='evocard_row'><div id='event_getdirection' class='evocard_box getdirection' data-c='' \n\t\t\t\t\tstyle=''><div class='evo_metarow_getDr evorow evcal_evdata_row evcal_evrow_sm getdirections'>\n\t\t<form action='https:\/\/maps.google.com\/maps' method='get' target='_blank'>\n\t\t\t<input type='hidden' name='daddr' value=\"46.32878794406342,11.600176728690842\"\/> \n\t\t\t<div class='evo_get_direction_content evo_fx_dr_r evogap10'>\n\t\t\t\t<span class='evogetdir_header evodfx evofx_dr_r evofx_ai_c marr10'>\n\t\t\t\t\t<i class='mainicon fa fa-road'><\/i> \n\t\t\t\t\t<h3 class='evo_h3' style='padding-bottom:5px;'>Ottieni indicazioni stradali<\/h3>\n\t\t\t\t<\/span>\n\t\t\t\t<span class='evogetdir_field evodfx evofx_1_1 evo_fx_dr_c evow100p'>\t\t\t\t\t\n\t\t\t\t\t<input class='evoInput evotac' type='text' name='saddr' placeholder='Digitare l&#039;indirizzo per ottenere le indicazioni stradali' value='' style='margin:10px 0;'\/>\n\t\t\t\t<\/span>\n\t\t\t\t<button type='submit' class='evo_get_direction_button evo_btn_arr_circ dfx fx_ai_c' title='Fare clic qui per ottenere indicazioni'><i class='fa fa-chevron-right'><\/i> <\/button>\n\t\t\t<\/div>\n\t\t<\/form>\n\t<\/div><\/div><\/div><div class='evo_card_row_end evcal_close' title='Testo del pulsante Chiudi evento'><\/div><\/div><div class='clear end'><\/div><\/div><div id=\"event_2832_0\" class=\"eventon_list_event evo_eventtop scheduled  event clrD no_et event_2832_0\" data-event_id=\"2832\" data-ri=\"0r\" data-time=\"1786876200-1786917540\" data-colr=\"#ba181d\" itemscope itemtype='http:\/\/schema.org\/Event'><div class=\"evo_event_schema\" style=\"display:none\" ><a itemprop='url'  href='https:\/\/latemarium.com\/it\/events\/concerto-della-banda-musicale-di-ega-sulla-malga-mayrl\/'><\/a><meta itemprop='image' content=\"https:\/\/latemarium.com\/wp-content\/uploads\/2025\/05\/concerto-banda-ega.jpg\" \/><meta itemprop='startDate' content=\"2026-8-16T12:30+0:00\" \/><meta itemprop='endDate' content=\"2026-8-16T23:59+0:00\" \/><meta itemprop='eventStatus' content=\"https:\/\/schema.org\/EventScheduled\" \/><meta itemprop='eventAttendanceMode'   itemscope itemtype=\"https:\/\/schema.org\/OfflineEventAttendanceMode\"\/><script type=\"application\/ld+json\">{\"@context\": \"http:\/\/schema.org\",\"@type\": \"Event\",\n\t\t\t\t\"@id\": \"event_2832_0\",\n\t\t\t\t\"eventAttendanceMode\":\"https:\/\/schema.org\/OfflineEventAttendanceMode\",\n\t\t\t\t\"eventStatus\":\"https:\/\/schema.org\/EventScheduled\",\n\t\t\t\t\"name\": \"Concerto della banda musicale di Ega sulla Malga Mayrl\",\n\t\t\t\t\"url\": \"https:\/\/latemarium.com\/it\/events\/concerto-della-banda-musicale-di-ega-sulla-malga-mayrl\/\",\n\t\t\t\t\"startDate\": \"2026-8-16T12:30+0:00\",\n\t\t\t\t\"endDate\": \"2026-8-16T23:59+0:00\",\n\t\t\t\t\"image\":\"https:\/\/latemarium.com\/wp-content\/uploads\/2025\/05\/concerto-banda-ega.jpg\", \n\t\t\t\t\"description\":\"<p>Concerto estivo della banda musicale die Ega presso la malga Mayrl..<\/p> <p>Il programma della banda musicale \u00e8 un mix variopinto, da brani moderni a marce tradizionali. Vi aspetta un pomeriggio musicale sulla malga.<\/p> <p>INFO<br \/> Ritrovo: Malga Mayrl Obereggen<br \/> TEL +390471619500<\/p> \"}<\/script><\/div>\r\n\t\t\t\t<p class=\"desc_trig_outter\" style=\"\"><a data-gmap_status=\"null\" data-exlk=\"0\" style=\"background-color: #ba181d;\" id=\"evc_17868762002832\" class=\"hasFtIMG desc_trig sin_val evcal_list_a\" data-ux_val=\"3\" data-ux_val_mob=\"-\"  ><span class='evoet_c1 evoet_cx '><span class='ev_ftImg' data-img='https:\/\/latemarium.com\/wp-content\/uploads\/2025\/05\/concerto-banda-ega.jpg' data-thumb='https:\/\/latemarium.com\/wp-content\/uploads\/2025\/05\/concerto-banda-ega-300x182.jpg' style='background-image:url(\"https:\/\/latemarium.com\/wp-content\/uploads\/2025\/05\/concerto-banda-ega-300x182.jpg\")' ><\/span><\/span><span class='evoet_c2 evoet_cx '><span class='evoet_dayblock evcal_cblock ' data-bgcolor='#ba181d' data-smon='agosto' data-syr='2026' data-bub=''><span class='evo_start '><em class='date'>16<\/em><em class='month'>ago<\/em><em class='time'>12:30<\/em><\/span><\/span><\/span><span class='evoet_c3 evoet_cx evcal_desc hide_eventtopdata '><span class='evoet_title evcal_desc2 evcal_event_title ' itemprop='name'>Concerto della banda musicale di Ega sulla Malga Mayrl<\/span><span class='evoet_subtitle evo_below_title' ><span class='evcal_event_subtitle ' >CONCERTO<\/span><\/span><span class='evoet_time_expand level_3'><em class='evcal_time evo_tz_time'><i class='fa fa-clock-o'><\/i>12:30<span class='evo_tz marl5'>(GMT+02:00)<\/span><\/em> <\/span><span class='evoet_location level_3'><em class=\"evcal_location\"  data-add_str=\"\" data-n=\"Obereggen\"><i class=\"fa fa-location-pin\"><\/i><em class=\"event_location_name\">Obereggen<\/em><\/em><\/span><\/span><span class='evoet_data' data-d=\"{&quot;loc.n&quot;:&quot;Obereggen&quot;,&quot;orgs&quot;:[],&quot;tags&quot;:[]}\" data-bgc=\"#ba181d\" data-bggrad=\"\" ><\/span><\/a><\/p><div class='event_description evcal_eventcard ' style=\"display:none\"><div class='evocard_row'><div id='event_ftimage' class='evocard_box ftimage' data-c='' \n\t\t\t\t\tstyle=''><div class='evocard_main_image_hold' data-t='Loading Image..'><div class='evocard_main_image evo_img_triglb evobr15 evobgsc evobgpc evodfx evofx_jc_c evofx_ai_c evofz48 minmized' style='height:300px; background-image:url();' data-f=\"https:\/\/latemarium.com\/wp-content\/uploads\/2025\/05\/concerto-banda-ega.jpg\" data-h=\"755\" data-w=\"1245\" data-ratio=\"0.60642570281124\" data-event_id=\"2832\" data-ri=\"0\"  data-t='Loading Image..'><span style='height:300px; background-image:url(https:\/\/latemarium.com\/wp-content\/uploads\/2025\/05\/concerto-banda-ega.jpg)'><\/span><\/div><\/div><\/div><\/div><div class='evocard_row'><div id='event_eventdetails' class='evocard_box eventdetails' data-c='' \n\t\t\t\t\tstyle=''><div class='evo_metarow_details evorow evcal_evdata_row evcal_event_details'>\n\t\t<div class=\"event_excerpt\" style=\"display:none\"><h3 class=\"padb5 evo_h3\">Dettagli dell&#039;evento<\/h3><p>Concerto estivo della banda musicale die Ega presso la malga Mayrl..\nIl programma della banda musicale \u00e8 un mix variopinto, da brani moderni a marce tradizionali. Vi aspetta un pomeriggio musicale<\/p><\/div><span class='evcal_evdata_icons'><i class='fa fa-align-justify'><\/i><\/span>\n\t\t\n\t\t<div class='evcal_evdata_cell '>\n\t\t\t<div class='eventon_full_description'>\n\t\t\t\t<h3 class='padb5 evo_h3'><span class='evcal_evdata_icons'><i class='fa fa-align-justify'><\/i><\/span>Dettagli dell&#039;evento<\/h3>\n\t\t\t\t<div class='eventon_desc_in' itemprop='description'>\n\t\t\t\t<p>Concerto estivo della banda musicale die Ega presso la malga Mayrl..<\/p>\n<p>Il programma della banda musicale \u00e8 un mix variopinto, da brani moderni a marce tradizionali. Vi aspetta un pomeriggio musicale sulla malga.<\/p>\n<p>INFO<br \/>\nRitrovo: Malga Mayrl Obereggen<br \/>\nTEL +390471619500<\/p>\n<\/div><div class='clear'><\/div>\n\t\t\t<\/div>\n\t\t<\/div>\n\t<\/div><\/div><\/div><div class='evocard_row bx2 bx'><div id='event_time' class='evocard_box time' data-c='' \n\t\t\t\t\tstyle=''><div class='evo_metarow_time evorow evcal_evdata_row evcal_evrow_sm '>\n\t\t<span class='evcal_evdata_icons'><i class='fa fa-clock'><\/i><\/span>\n\t\t<div class='evcal_evdata_cell'>\t\t\t\t\t\t\t\n\t\t\t<h3 class='evo_h3'><span class='evcal_evdata_icons'><i class='fa fa-clock'><\/i><\/span>Orario<\/h3><p><span class='evo_eventcard_time_t'>16 agosto 2026 12:30<\/span><span class='evo_tz marr5'>(GMT+02:00)<\/span><\/p>\n\t\t<\/div>\n\t<\/div><\/div><div id='event_location' class='evocard_box location' data-c='' \n\t\t\t\t\tstyle=''><div class='evcal_evdata_row evo_metarow_time_location evorow '>\n\t\t\n\t\t\t<span class='evcal_evdata_icons'><i class='fa fa-map-marker'><\/i><\/span>\n\t\t\t<div class='evcal_evdata_cell' data-loc_tax_id='61'><h3 class='evo_h3 evodfx'><span class='evcal_evdata_icons'><i class='fa fa-map-marker'><\/i><\/span>Luogo<\/h3><p class='evo_location_name'>Obereggen<\/p><div class='padt10'><span class='evo_btn_arr evolb_trigger' data-lbvals=\"{&quot;lbc&quot;:&quot;evo_location_lb_61&quot;,&quot;lbac&quot;:&quot;lb_max&quot;,&quot;t&quot;:&quot;Obereggen&quot;,&quot;ajax&quot;:&quot;yes&quot;,&quot;ajax_type&quot;:&quot;endpoint&quot;,&quot;ajax_action&quot;:&quot;eventon_get_tax_card_content&quot;,&quot;end&quot;:&quot;client&quot;,&quot;d&quot;:{&quot;lang&quot;:&quot;L1&quot;,&quot;term_id&quot;:61,&quot;tax&quot;:&quot;event_location&quot;,&quot;load_lbcontent&quot;:true},&quot;uid&quot;:&quot;eventon_get_tax_card_content&quot;}\" >Other Events<i class='fa fa-chevron-right'><\/i><\/span><\/div><\/div>\n\t\t\n\t<\/div><\/div><\/div><div class='evocard_row bx2 bx'><div id='event_learnmore' class='evocard_box learnmore' data-c='' \n\t\t\t\t\tstyle=''><div class='evo_metarow_learnM evo_metarow_learnmore evorow'>\n\t\t\t\t\t\t\t<a class='evcal_evdata_row evo_clik_row ' href='https:\/\/eggental.com\/it\/eventi\/concerto-della-banda-musicale-di-ega-sulla-malga-mayrl_13116' target=\"_blank\">\n\t\t\t\t\t\t\t\t<span class='evcal_evdata_icons'><i class='fa fa-link'><\/i><\/span>\n\t\t\t\t\t\t\t\t<h3 class='evo_h3'>Scopri di pi\u00f9<\/h3>\n\t\t\t\t\t\t\t<\/a>\n\t\t\t\t\t\t\t<\/div><\/div><div id='event_addtocal' class='evocard_box addtocal' data-c='' \n\t\t\t\t\tstyle=''><div class='evo_metarow_ICS evorow evcal_evdata_row'>\n\t\t\t<span class='evcal_evdata_icons'><i class='fa fa-calendar-o'><\/i><\/span>\n\t\t\t<div class='evcal_evdata_cell'>\n\t\t\t\t<p><a href='https:\/\/latemarium.com\/it\/export-events\/2832_0\/?nonce=a3263097f9' class='evo_ics_nCal' title='Aggiungi al tuo calendario'>Calendario<\/a><a href='https:\/\/www.google.com\/calendar\/event?action=TEMPLATE&text=Concerto+della+banda+musicale+di+Ega+sulla+Malga+Mayrl&dates=20260816T103000Z%2F20260816T215900Z&ctz=Europe%2FRome&details=Concerto della banda musicale di Ega sulla Malga Mayrl&location=Obereggen' target='_blank' class='evo_ics_gCal' title='Aggiungi al calendario di Google'>GoogleCal<\/a><\/p>\t\n\t\t\t<\/div>\n\t\t<\/div><\/div><\/div><div class='evo_card_row_end evcal_close' title='Testo del pulsante Chiudi evento'><\/div><\/div><div class='clear end'><\/div><\/div><div id=\"event_2149_15\" class=\"eventon_list_event evo_eventtop scheduled  event clrW no_et event_2149_15\" data-event_id=\"2149\" data-ri=\"15r\" data-time=\"1786886400-1786917540\" data-colr=\"#b8d989\" itemscope itemtype='http:\/\/schema.org\/Event'><div class=\"evo_event_schema\" style=\"display:none\" ><a itemprop='url'  href='https:\/\/latemarium.com\/it\/events\/i-suoni-e-la-vita-della-malga\/var\/ri-15.l-L1'><\/a><meta itemprop='image' content=\"https:\/\/latemarium.com\/wp-content\/uploads\/2023\/06\/suoni-vita-malga.jpg\" \/><meta itemprop='startDate' content=\"2026-8-16T15:20+0:00\" \/><meta itemprop='endDate' content=\"2026-8-16T23:59+0:00\" \/><meta itemprop='eventStatus' content=\"https:\/\/schema.org\/EventScheduled\" \/><meta itemprop='eventAttendanceMode'   itemscope itemtype=\"https:\/\/schema.org\/OfflineEventAttendanceMode\"\/><div style=\"display:none\" itemprop=\"location\" itemscope itemtype=\"http:\/\/schema.org\/Place\"><span itemprop=\"name\">Pampeago<\/span><span itemprop=\"address\" itemscope itemtype=\"http:\/\/schema.org\/PostalAddress\"><item itemprop=\"streetAddress\">Localit\u00e0 Pampeago, 8, 38038 Tesero TN<\/item><\/span><\/div><script type=\"application\/ld+json\">{\"@context\": \"http:\/\/schema.org\",\"@type\": \"Event\",\n\t\t\t\t\"@id\": \"event_2149_15\",\n\t\t\t\t\"eventAttendanceMode\":\"https:\/\/schema.org\/OfflineEventAttendanceMode\",\n\t\t\t\t\"eventStatus\":\"https:\/\/schema.org\/EventScheduled\",\n\t\t\t\t\"name\": \"I suoni e la vita della malga\",\n\t\t\t\t\"url\": \"https:\/\/latemarium.com\/it\/events\/i-suoni-e-la-vita-della-malga\/var\/ri-15.l-L1\",\n\t\t\t\t\"startDate\": \"2026-8-16T15:20+0:00\",\n\t\t\t\t\"endDate\": \"2026-8-16T23:59+0:00\",\n\t\t\t\t\"image\":\"https:\/\/latemarium.com\/wp-content\/uploads\/2023\/06\/suoni-vita-malga.jpg\", \n\t\t\t\t\"description\":\"<p>Ritrovo presso parcheggio seggiovia Tresca (raggiungibile in auto da Pampeago \u2013 SOLO per chi prenota l&#8217;attivit\u00e0).<\/p> <p>Dopo una breve passeggiata fino a Malga Pampeago, bambini e genitori scoprono la vita e i suoni quotidiani che scandiscono la vita dei malgari, fra mucche, vitellini, asinelli e maiali.<\/p> <p>A fine attivit\u00e0 ci sar\u00e0 una piccola merenda che i bambini potranno gustarsi o portarsi a casa.<\/p> <p>Attivit\u00e0 possibile anche con passeggino country.<\/p> <p>Prenotazione obbligatoria.<\/p> <p>Prenotazione obbligatoria. Clicca <a href='https:\/\/www.visitfiemme.it\/it\/eventi\/fiemme-cembra-guest-card\/esperienze\/esperienze-in-estate?re-product-id=211655' target='_blank' rel='noopener'>qui<\/a>\u00a0per prenotare.<\/p> \",\"location\":[{\"@type\":\"Place\",\"name\":\"Pampeago\",\"address\":{\"@type\": \"PostalAddress\",\"streetAddress\":\"Localit\u00e0 Pampeago, 8, 38038 Tesero TN\"}}]}<\/script><\/div>\r\n\t\t\t\t<p class=\"desc_trig_outter\" style=\"\"><a data-gmtrig=\"1\" data-exlk=\"0\" style=\"background-color: #b8d989;\" id=\"evc_17868864002149\" class=\"hasFtIMG event_repeat desc_trig sin_val evcal_list_a\" data-ux_val=\"3\" data-ux_val_mob=\"-\"  ><span class='evoet_c1 evoet_cx '><span class='ev_ftImg' data-img='https:\/\/latemarium.com\/wp-content\/uploads\/2023\/06\/suoni-vita-malga.jpg' data-thumb='https:\/\/latemarium.com\/wp-content\/uploads\/2023\/06\/suoni-vita-malga-300x225.jpg' style='background-image:url(\"https:\/\/latemarium.com\/wp-content\/uploads\/2023\/06\/suoni-vita-malga-300x225.jpg\")' ><\/span><\/span><span class='evoet_c2 evoet_cx '><span class='evoet_dayblock evcal_cblock ' data-bgcolor='#b8d989' data-smon='agosto' data-syr='2026' data-bub=''><span class='evo_start '><em class='date'>16<\/em><em class='month'>ago<\/em><em class='time'>15:20<\/em><\/span><\/span><\/span><span class='evoet_c3 evoet_cx evcal_desc hide_eventtopdata '><span class='evoet_title evcal_desc2 evcal_event_title ' itemprop='name'>I suoni e la vita della malga<\/span><span class='event_location_attrs'  data-location_address=\"Localit\u00e0 Pampeago, 8, 38038 Tesero TN\" data-location_type=\"lonlat\" data-location_name=\"Pampeago\" data-location_url=\"https:\/\/latemarium.com\/it\/event-location\/pampeago\/\" data-location_status=\"true\" data-latlng=\"46.34343697644898,11.540997527961546\"><\/span><span class='evoet_subtitle evo_below_title' ><span class='evcal_event_subtitle ' >Alla scoperta della vita dei malgari<\/span><\/span><span class='evoet_time_expand level_3'><em class='evcal_time evo_tz_time'><i class='fa fa-clock-o'><\/i>15:20<span class='evo_tz marl5'>(GMT+02:00)<\/span><\/em> <\/span><span class='evoet_location level_3'><em class=\"evcal_location\"  data-latlng=\"46.34343697644898,11.540997527961546\" data-add_str=\"Localit\u00e0 Pampeago, 8, 38038 Tesero TN\" data-n=\"Pampeago\"><i class=\"fa fa-location-pin\"><\/i><em class=\"event_location_name\">Pampeago<\/em>, Localit\u00e0 Pampeago, 8, 38038 Tesero TN<\/em><\/span><\/span><span class='evoet_data' data-d=\"{&quot;loc.n&quot;:&quot;Pampeago&quot;,&quot;orgs&quot;:[],&quot;tags&quot;:{&quot;repeating&quot;:&quot;Repeating Event&quot;}}\" data-bgc=\"#b8d989\" data-bggrad=\"\" ><\/span><\/a><\/p><div class='event_description evcal_eventcard ' style=\"display:none\"><div class='evocard_row'><div id='event_ftimage' class='evocard_box ftimage' data-c='' \n\t\t\t\t\tstyle=''><div class='evocard_main_image_hold' data-t='Loading Image..'><div class='evocard_main_image evo_img_triglb evobr15 evobgsc evobgpc evodfx evofx_jc_c evofx_ai_c evofz48 minmized' style='height:300px; background-image:url();' data-f=\"https:\/\/latemarium.com\/wp-content\/uploads\/2023\/06\/suoni-vita-malga.jpg\" data-h=\"796\" data-w=\"1062\" data-ratio=\"0.74952919020716\" data-event_id=\"2149\" data-ri=\"15\"  data-t='Loading Image..'><span style='height:300px; background-image:url(https:\/\/latemarium.com\/wp-content\/uploads\/2023\/06\/suoni-vita-malga.jpg)'><\/span><\/div><\/div><\/div><\/div><div class='evocard_row'><div id='event_eventdetails' class='evocard_box eventdetails' data-c='' \n\t\t\t\t\tstyle=''><div class='evo_metarow_details evorow evcal_evdata_row evcal_event_details'>\n\t\t<div class=\"event_excerpt\" style=\"display:none\"><h3 class=\"padb5 evo_h3\">Dettagli dell&#039;evento<\/h3><p>Ritrovo presso parcheggio seggiovia Tresca (raggiungibile in auto da Pampeago \u2013 SOLO per chi prenota l&#8217;attivit\u00e0).\nDopo una breve passeggiata fino a Malga Pampeago, bambini e genitori scoprono la vita e<\/p><\/div><span class='evcal_evdata_icons'><i class='fa fa-align-justify'><\/i><\/span>\n\t\t\n\t\t<div class='evcal_evdata_cell shorter_desc'>\n\t\t\t<div class='eventon_full_description'>\n\t\t\t\t<h3 class='padb5 evo_h3'><span class='evcal_evdata_icons'><i class='fa fa-align-justify'><\/i><\/span>Dettagli dell&#039;evento<\/h3>\n\t\t\t\t<div class='eventon_desc_in' itemprop='description'>\n\t\t\t\t<p>Ritrovo presso parcheggio seggiovia Tresca (raggiungibile in auto da Pampeago \u2013 SOLO per chi prenota l&#8217;attivit\u00e0).<\/p>\n<p>Dopo una breve passeggiata fino a Malga Pampeago, bambini e genitori scoprono la vita e i suoni quotidiani che scandiscono la vita dei malgari, fra mucche, vitellini, asinelli e maiali.<\/p>\n<p>A fine attivit\u00e0 ci sar\u00e0 una piccola merenda che i bambini potranno gustarsi o portarsi a casa.<\/p>\n<p>Attivit\u00e0 possibile anche con passeggino country.<\/p>\n<p>Prenotazione obbligatoria.<\/p>\n<p>Prenotazione obbligatoria. Clicca <a href=\"https:\/\/www.visitfiemme.it\/it\/eventi\/fiemme-cembra-guest-card\/esperienze\/esperienze-in-estate?re-product-id=211655\" target=\"_blank\" rel=\"noopener\">qui<\/a>\u00a0per prenotare.<\/p>\n<\/div><p class='eventon_shad_p' style='padding:5px 0 0; margin:0'>\n\t\t\t<span class='evcal_btn evo_btn_secondary evobtn_details_show_more' content='less'>\n\t\t\t\t<span class='ev_more_text' data-txt='Meno'>Pi\u00f9<\/span><span class='ev_more_arrow ard'><\/span>\n\t\t\t<\/span>\n\t\t<\/p><div class='clear'><\/div>\n\t\t\t<\/div>\n\t\t<\/div>\n\t<\/div><\/div><\/div><div class='evocard_row bx2 bx'><div id='event_time' class='evocard_box time' data-c='' \n\t\t\t\t\tstyle=''><div class='evo_metarow_time evorow evcal_evdata_row evcal_evrow_sm '>\n\t\t<span class='evcal_evdata_icons'><i class='fa fa-clock'><\/i><\/span>\n\t\t<div class='evcal_evdata_cell'>\t\t\t\t\t\t\t\n\t\t\t<h3 class='evo_h3'><span class='evcal_evdata_icons'><i class='fa fa-clock'><\/i><\/span>Orario<\/h3><p><span class='evo_eventcard_time_t'>16 agosto 2026 15:20<\/span><span class='evo_tz marr5'>(GMT+02:00)<\/span><\/p>\n\t\t<\/div>\n\t<\/div><\/div><div id='event_location' class='evocard_box location' data-c='' \n\t\t\t\t\tstyle=''><div class='evcal_evdata_row evo_metarow_time_location evorow '>\n\t\t\n\t\t\t<span class='evcal_evdata_icons'><i class='fa fa-map-marker'><\/i><\/span>\n\t\t\t<div class='evcal_evdata_cell' data-loc_tax_id='30'><h3 class='evo_h3 evodfx'><span class='evcal_evdata_icons'><i class='fa fa-map-marker'><\/i><\/span>Luogo<\/h3><p class='evo_location_name'>Pampeago<\/p><p class='evo_location_address evodfxi evogap10'>Localit\u00e0 Pampeago, 8, 38038 Tesero TN<\/p><div class='padt10'><span class='evo_btn_arr evolb_trigger' data-lbvals=\"{&quot;lbc&quot;:&quot;evo_location_lb_30&quot;,&quot;lbac&quot;:&quot;lb_max&quot;,&quot;t&quot;:&quot;Pampeago&quot;,&quot;ajax&quot;:&quot;yes&quot;,&quot;ajax_type&quot;:&quot;endpoint&quot;,&quot;ajax_action&quot;:&quot;eventon_get_tax_card_content&quot;,&quot;end&quot;:&quot;client&quot;,&quot;d&quot;:{&quot;lang&quot;:&quot;L1&quot;,&quot;term_id&quot;:30,&quot;tax&quot;:&quot;event_location&quot;,&quot;load_lbcontent&quot;:true},&quot;uid&quot;:&quot;eventon_get_tax_card_content&quot;}\" >Other Events<i class='fa fa-chevron-right'><\/i><\/span><\/div><\/div>\n\t\t\n\t<\/div><\/div><\/div><div class='evocard_row'><div id='event_addtocal' class='evocard_box addtocal' data-c='' \n\t\t\t\t\tstyle=''><div class='evo_metarow_ICS evorow evcal_evdata_row'>\n\t\t\t<span class='evcal_evdata_icons'><i class='fa fa-calendar-o'><\/i><\/span>\n\t\t\t<div class='evcal_evdata_cell'>\n\t\t\t\t<p><a href='https:\/\/latemarium.com\/it\/export-events\/2149_15\/?nonce=a3263097f9' class='evo_ics_nCal' title='Aggiungi al tuo calendario'>Calendario<\/a><a href='https:\/\/www.google.com\/calendar\/event?action=TEMPLATE&text=I+suoni+e+la+vita+della+malga&dates=20260816T132000Z%2F20260816T215900Z&ctz=Europe%2FRome&details=I suoni e la vita della malga&location=Pampeago+Localit%C3%A0+Pampeago%2C+8%2C+38038+Tesero+TN' target='_blank' class='evo_ics_gCal' title='Aggiungi al calendario di Google'>GoogleCal<\/a><\/p>\t\n\t\t\t<\/div>\n\t\t<\/div><\/div><\/div><div class='evocard_row'><div id='event_getdirection' class='evocard_box getdirection' data-c='' \n\t\t\t\t\tstyle=''><div class='evo_metarow_getDr evorow evcal_evdata_row evcal_evrow_sm getdirections'>\n\t\t<form action='https:\/\/maps.google.com\/maps' method='get' target='_blank'>\n\t\t\t<input type='hidden' name='daddr' value=\"46.34343697644898,11.540997527961546\"\/> \n\t\t\t<div class='evo_get_direction_content evo_fx_dr_r evogap10'>\n\t\t\t\t<span class='evogetdir_header evodfx evofx_dr_r evofx_ai_c marr10'>\n\t\t\t\t\t<i class='mainicon fa fa-road'><\/i> \n\t\t\t\t\t<h3 class='evo_h3' style='padding-bottom:5px;'>Ottieni indicazioni stradali<\/h3>\n\t\t\t\t<\/span>\n\t\t\t\t<span class='evogetdir_field evodfx evofx_1_1 evo_fx_dr_c evow100p'>\t\t\t\t\t\n\t\t\t\t\t<input class='evoInput evotac' type='text' name='saddr' placeholder='Digitare l&#039;indirizzo per ottenere le indicazioni stradali' value='' style='margin:10px 0;'\/>\n\t\t\t\t<\/span>\n\t\t\t\t<button type='submit' class='evo_get_direction_button evo_btn_arr_circ dfx fx_ai_c' title='Fare clic qui per ottenere indicazioni'><i class='fa fa-chevron-right'><\/i> <\/button>\n\t\t\t<\/div>\n\t\t<\/form>\n\t<\/div><\/div><\/div><div class='evo_card_row_end evcal_close' title='Testo del pulsante Chiudi evento'><\/div><\/div><div class='clear end'><\/div><\/div><div id=\"event_2114_7\" class=\"eventon_list_event evo_eventtop scheduled  event clrW no_et event_2114_7\" data-event_id=\"2114\" data-ri=\"7r\" data-time=\"1786951800-1787003940\" data-colr=\"#ffa024\" itemscope itemtype='http:\/\/schema.org\/Event'><div class=\"evo_event_schema\" style=\"display:none\" ><a itemprop='url'  href='https:\/\/latemarium.com\/it\/events\/geotrekking-monte-agnello\/var\/ri-7.l-L1'><\/a><meta itemprop='image' content=\"https:\/\/latemarium.com\/wp-content\/uploads\/2023\/06\/geotrail-monte-agnello.jpg\" \/><meta itemprop='startDate' content=\"2026-8-17T09:30+0:00\" \/><meta itemprop='endDate' content=\"2026-8-17T23:59+0:00\" \/><meta itemprop='eventStatus' content=\"https:\/\/schema.org\/EventScheduled\" \/><meta itemprop='eventAttendanceMode'   itemscope itemtype=\"https:\/\/schema.org\/OfflineEventAttendanceMode\"\/><div style=\"display:none\" itemprop=\"location\" itemscope itemtype=\"http:\/\/schema.org\/Place\"><span itemprop=\"name\">Rifugio Agnello<\/span><span itemprop=\"address\" itemscope itemtype=\"http:\/\/schema.org\/PostalAddress\"><item itemprop=\"streetAddress\">Loc. Pampeago, 9, 38038 Tesero TN<\/item><\/span><\/div><script type=\"application\/ld+json\">{\"@context\": \"http:\/\/schema.org\",\"@type\": \"Event\",\n\t\t\t\t\"@id\": \"event_2114_7\",\n\t\t\t\t\"eventAttendanceMode\":\"https:\/\/schema.org\/OfflineEventAttendanceMode\",\n\t\t\t\t\"eventStatus\":\"https:\/\/schema.org\/EventScheduled\",\n\t\t\t\t\"name\": \"Geotrekking Monte Agnello\",\n\t\t\t\t\"url\": \"https:\/\/latemarium.com\/it\/events\/geotrekking-monte-agnello\/var\/ri-7.l-L1\",\n\t\t\t\t\"startDate\": \"2026-8-17T09:30+0:00\",\n\t\t\t\t\"endDate\": \"2026-8-17T23:59+0:00\",\n\t\t\t\t\"image\":\"https:\/\/latemarium.com\/wp-content\/uploads\/2023\/06\/geotrail-monte-agnello.jpg\", \n\t\t\t\t\"description\":\"<p><strong>Scenografico itinerario geologico<\/strong> ad anello alla scoperta dell\u2019antico vulcano di Predazzo, guidati da un esperto Geologo e Accompagnatore di Media Montagna.<\/p> <p>Una camminata sulle tracce della Pompei del Triassico del Monte Agnello, dove lave, ceneri e lapilli hanno seppellito un antico atollo tropicale.<\/p> <p>Il percorso \u00e8 semplice, con sentieri ben percorribili, dislivello 350 metri circa.<\/p> <p><strong>Prenotazione obbligatoria<\/strong>.<\/p> <p>Attivit\u00e0 gratuita.<\/p> <p>Clicca <a href='https:\/\/www.visitfiemme.it\/it\/eventi\/fiemme-cembra-guest-card\/esperienze\/esperienze-in-estate?re-product-id=211508' target='_blank' rel='noopener'>qui<\/a>\u00a0per prenotare.<\/p> \",\"location\":[{\"@type\":\"Place\",\"name\":\"Rifugio Agnello\",\"address\":{\"@type\": \"PostalAddress\",\"streetAddress\":\"Loc. Pampeago, 9, 38038 Tesero TN\"}}]}<\/script><\/div>\r\n\t\t\t\t<p class=\"desc_trig_outter\" style=\"\"><a data-gmtrig=\"1\" data-exlk=\"0\" style=\"background-color: #ffa024;\" id=\"evc_17869518002114\" class=\"hasFtIMG event_repeat desc_trig sin_val evcal_list_a\" data-ux_val=\"3\" data-ux_val_mob=\"-\"  ><span class='evoet_c1 evoet_cx '><span class='ev_ftImg' data-img='https:\/\/latemarium.com\/wp-content\/uploads\/2023\/06\/geotrail-monte-agnello.jpg' data-thumb='https:\/\/latemarium.com\/wp-content\/uploads\/2023\/06\/geotrail-monte-agnello-300x240.jpg' style='background-image:url(\"https:\/\/latemarium.com\/wp-content\/uploads\/2023\/06\/geotrail-monte-agnello-300x240.jpg\")' ><\/span><\/span><span class='evoet_c2 evoet_cx '><span class='evoet_dayblock evcal_cblock ' data-bgcolor='#ffa024' data-smon='agosto' data-syr='2026' data-bub=''><span class='evo_start '><em class='date'>17<\/em><em class='month'>ago<\/em><em class='time'>09:30<\/em><\/span><\/span><\/span><span class='evoet_c3 evoet_cx evcal_desc hide_eventtopdata '><span class='evoet_title evcal_desc2 evcal_event_title ' itemprop='name'>Geotrekking Monte Agnello<\/span><span class='event_location_attrs'  data-location_address=\"Loc. Pampeago, 9, 38038 Tesero TN\" data-location_type=\"lonlat\" data-location_name=\"Rifugio Agnello\" data-location_url=\"https:\/\/latemarium.com\/it\/event-location\/rifugio-agnello\/\" data-location_status=\"true\" data-latlng=\"46.333809095680266,11.547693182509184\"><\/span><span class='evoet_subtitle evo_below_title' ><span class='evcal_event_subtitle ' >itinerario geologico ad anello alla scoperta dell\u2019antico vulcano di Predazzo<\/span><\/span><span class='evoet_time_expand level_3'><em class='evcal_time evo_tz_time'><i class='fa fa-clock-o'><\/i>09:30<span class='evo_tz marl5'>(GMT+02:00)<\/span><\/em> <\/span><span class='evoet_location level_3'><em class=\"evcal_location\"  data-latlng=\"46.333809095680266,11.547693182509184\" data-add_str=\"Loc. Pampeago, 9, 38038 Tesero TN\" data-n=\"Rifugio Agnello\"><i class=\"fa fa-location-pin\"><\/i><em class=\"event_location_name\">Rifugio Agnello<\/em>, Loc. Pampeago, 9, 38038 Tesero TN<\/em><\/span><\/span><span class='evoet_data' data-d=\"{&quot;loc.n&quot;:&quot;Rifugio Agnello&quot;,&quot;orgs&quot;:[],&quot;tags&quot;:{&quot;repeating&quot;:&quot;Repeating Event&quot;}}\" data-bgc=\"#ffa024\" data-bggrad=\"\" ><\/span><\/a><\/p><div class='event_description evcal_eventcard ' style=\"display:none\"><div class='evocard_row'><div id='event_ftimage' class='evocard_box ftimage' data-c='' \n\t\t\t\t\tstyle=''><div class='evocard_main_image_hold' data-t='Loading Image..'><div class='evocard_main_image evo_img_triglb evobr15 evobgsc evobgpc evodfx evofx_jc_c evofx_ai_c evofz48 minmized' style='height:300px; background-image:url();' data-f=\"https:\/\/latemarium.com\/wp-content\/uploads\/2023\/06\/geotrail-monte-agnello.jpg\" data-h=\"528\" data-w=\"661\" data-ratio=\"0.79878971255673\" data-event_id=\"2114\" data-ri=\"7\"  data-t='Loading Image..'><span style='height:300px; background-image:url(https:\/\/latemarium.com\/wp-content\/uploads\/2023\/06\/geotrail-monte-agnello.jpg)'><\/span><\/div><\/div><\/div><\/div><div class='evocard_row'><div id='event_eventdetails' class='evocard_box eventdetails' data-c='' \n\t\t\t\t\tstyle=''><div class='evo_metarow_details evorow evcal_evdata_row evcal_event_details'>\n\t\t<div class=\"event_excerpt\" style=\"display:none\"><h3 class=\"padb5 evo_h3\">Dettagli dell&#039;evento<\/h3><p>Scenografico itinerario geologico ad anello alla scoperta dell\u2019antico vulcano di Predazzo, guidati da un esperto Geologo e Accompagnatore di Media Montagna.\nUna camminata sulle tracce della Pompei del Triassico del Monte<\/p><\/div><span class='evcal_evdata_icons'><i class='fa fa-align-justify'><\/i><\/span>\n\t\t\n\t\t<div class='evcal_evdata_cell shorter_desc'>\n\t\t\t<div class='eventon_full_description'>\n\t\t\t\t<h3 class='padb5 evo_h3'><span class='evcal_evdata_icons'><i class='fa fa-align-justify'><\/i><\/span>Dettagli dell&#039;evento<\/h3>\n\t\t\t\t<div class='eventon_desc_in' itemprop='description'>\n\t\t\t\t<p><strong>Scenografico itinerario geologico<\/strong> ad anello alla scoperta dell\u2019antico vulcano di Predazzo, guidati da un esperto Geologo e Accompagnatore di Media Montagna.<\/p>\n<p>Una camminata sulle tracce della Pompei del Triassico del Monte Agnello, dove lave, ceneri e lapilli hanno seppellito un antico atollo tropicale.<\/p>\n<p>Il percorso \u00e8 semplice, con sentieri ben percorribili, dislivello 350 metri circa.<\/p>\n<p><strong>Prenotazione obbligatoria<\/strong>.<\/p>\n<p>Attivit\u00e0 gratuita.<\/p>\n<p>Clicca <a href=\"https:\/\/www.visitfiemme.it\/it\/eventi\/fiemme-cembra-guest-card\/esperienze\/esperienze-in-estate?re-product-id=211508\" target=\"_blank\" rel=\"noopener\">qui<\/a>\u00a0per prenotare.<\/p>\n<\/div><p class='eventon_shad_p' style='padding:5px 0 0; margin:0'>\n\t\t\t<span class='evcal_btn evo_btn_secondary evobtn_details_show_more' content='less'>\n\t\t\t\t<span class='ev_more_text' data-txt='Meno'>Pi\u00f9<\/span><span class='ev_more_arrow ard'><\/span>\n\t\t\t<\/span>\n\t\t<\/p><div class='clear'><\/div>\n\t\t\t<\/div>\n\t\t<\/div>\n\t<\/div><\/div><\/div><div class='evocard_row bx2 bx'><div id='event_time' class='evocard_box time' data-c='' \n\t\t\t\t\tstyle=''><div class='evo_metarow_time evorow evcal_evdata_row evcal_evrow_sm '>\n\t\t<span class='evcal_evdata_icons'><i class='fa fa-clock'><\/i><\/span>\n\t\t<div class='evcal_evdata_cell'>\t\t\t\t\t\t\t\n\t\t\t<h3 class='evo_h3'><span class='evcal_evdata_icons'><i class='fa fa-clock'><\/i><\/span>Orario<\/h3><p><span class='evo_eventcard_time_t'>17 agosto 2026 09:30<\/span><span class='evo_tz marr5'>(GMT+02:00)<\/span><\/p>\n\t\t<\/div>\n\t<\/div><\/div><div id='event_location' class='evocard_box location' data-c='' \n\t\t\t\t\tstyle=''><div class='evcal_evdata_row evo_metarow_time_location evorow '>\n\t\t\n\t\t\t<span class='evcal_evdata_icons'><i class='fa fa-map-marker'><\/i><\/span>\n\t\t\t<div class='evcal_evdata_cell' data-loc_tax_id='24'><h3 class='evo_h3 evodfx'><span class='evcal_evdata_icons'><i class='fa fa-map-marker'><\/i><\/span><a target=\"_blank\" href=\"https:\/\/www.facebook.com\/profile.php?id=100064742944609\">Luogo<\/a><\/h3><p class='evo_location_name'><a target=\"_blank\" href=\"https:\/\/www.facebook.com\/profile.php?id=100064742944609\">Rifugio Agnello<\/a><\/p><p class='evo_location_address evodfxi evogap10'><a target=\"_blank\" href=\"https:\/\/www.facebook.com\/profile.php?id=100064742944609\">Loc. Pampeago, 9, 38038 Tesero TN<\/a><\/p><div class='padt10'><span class='evo_btn_arr evolb_trigger' data-lbvals=\"{&quot;lbc&quot;:&quot;evo_location_lb_24&quot;,&quot;lbac&quot;:&quot;lb_max&quot;,&quot;t&quot;:&quot;Rifugio Agnello&quot;,&quot;ajax&quot;:&quot;yes&quot;,&quot;ajax_type&quot;:&quot;endpoint&quot;,&quot;ajax_action&quot;:&quot;eventon_get_tax_card_content&quot;,&quot;end&quot;:&quot;client&quot;,&quot;d&quot;:{&quot;lang&quot;:&quot;L1&quot;,&quot;term_id&quot;:24,&quot;tax&quot;:&quot;event_location&quot;,&quot;load_lbcontent&quot;:true},&quot;uid&quot;:&quot;eventon_get_tax_card_content&quot;}\" >Other Events<i class='fa fa-chevron-right'><\/i><\/span><\/div><\/div>\n\t\t\n\t<\/div><\/div><\/div><div class='evocard_row bx2 bx'><div id='event_learnmore' class='evocard_box learnmore' data-c='' \n\t\t\t\t\tstyle=''><div class='evo_metarow_learnM evo_metarow_learnmore evorow'>\n\t\t\t\t\t\t\t<a class='evcal_evdata_row evo_clik_row ' href='https:\/\/latemarium.com\/it\/excursions\/detail\/geotrail-monte-agnello\/' target=\"_blank\">\n\t\t\t\t\t\t\t\t<span class='evcal_evdata_icons'><i class='fa fa-link'><\/i><\/span>\n\t\t\t\t\t\t\t\t<h3 class='evo_h3'>Scopri di pi\u00f9<\/h3>\n\t\t\t\t\t\t\t<\/a>\n\t\t\t\t\t\t\t<\/div><\/div><div id='event_addtocal' class='evocard_box addtocal' data-c='' \n\t\t\t\t\tstyle=''><div class='evo_metarow_ICS evorow evcal_evdata_row'>\n\t\t\t<span class='evcal_evdata_icons'><i class='fa fa-calendar-o'><\/i><\/span>\n\t\t\t<div class='evcal_evdata_cell'>\n\t\t\t\t<p><a href='https:\/\/latemarium.com\/it\/export-events\/2114_7\/?nonce=a3263097f9' class='evo_ics_nCal' title='Aggiungi al tuo calendario'>Calendario<\/a><a href='https:\/\/www.google.com\/calendar\/event?action=TEMPLATE&text=Geotrekking+Monte+Agnello&dates=20260817T073000Z%2F20260817T215900Z&ctz=Europe%2FRome&details=Geotrekking Monte Agnello&location=Rifugio+Agnello+Loc.+Pampeago%2C+9%2C+38038+Tesero+TN' target='_blank' class='evo_ics_gCal' title='Aggiungi al calendario di Google'>GoogleCal<\/a><\/p>\t\n\t\t\t<\/div>\n\t\t<\/div><\/div><\/div><div class='evocard_row'><div id='event_getdirection' class='evocard_box getdirection' data-c='' \n\t\t\t\t\tstyle=''><div class='evo_metarow_getDr evorow evcal_evdata_row evcal_evrow_sm getdirections'>\n\t\t<form action='https:\/\/maps.google.com\/maps' method='get' target='_blank'>\n\t\t\t<input type='hidden' name='daddr' value=\"46.333809095680266,11.547693182509184\"\/> \n\t\t\t<div class='evo_get_direction_content evo_fx_dr_r evogap10'>\n\t\t\t\t<span class='evogetdir_header evodfx evofx_dr_r evofx_ai_c marr10'>\n\t\t\t\t\t<i class='mainicon fa fa-road'><\/i> \n\t\t\t\t\t<h3 class='evo_h3' style='padding-bottom:5px;'>Ottieni indicazioni stradali<\/h3>\n\t\t\t\t<\/span>\n\t\t\t\t<span class='evogetdir_field evodfx evofx_1_1 evo_fx_dr_c evow100p'>\t\t\t\t\t\n\t\t\t\t\t<input class='evoInput evotac' type='text' name='saddr' placeholder='Digitare l&#039;indirizzo per ottenere le indicazioni stradali' value='' style='margin:10px 0;'\/>\n\t\t\t\t<\/span>\n\t\t\t\t<button type='submit' class='evo_get_direction_button evo_btn_arr_circ dfx fx_ai_c' title='Fare clic qui per ottenere indicazioni'><i class='fa fa-chevron-right'><\/i> <\/button>\n\t\t\t<\/div>\n\t\t<\/form>\n\t<\/div><\/div><\/div><div class='evo_card_row_end evcal_close' title='Testo del pulsante Chiudi evento'><\/div><\/div><div class='clear end'><\/div><\/div><div id=\"event_2120_13\" class=\"eventon_list_event evo_eventtop scheduled  event clrD no_et event_2120_13\" data-event_id=\"2120\" data-ri=\"13r\" data-time=\"1786957200-1787003940\" data-colr=\"#006290\" itemscope itemtype='http:\/\/schema.org\/Event'><div class=\"evo_event_schema\" style=\"display:none\" ><a itemprop='url'  href='https:\/\/latemarium.com\/it\/events\/parola-di-nikolaus-drache\/var\/ri-13.l-L1'><\/a><meta itemprop='image' content=\"https:\/\/latemarium.com\/wp-content\/uploads\/2023\/06\/foresta-dei-draghi-6.jpg\" \/><meta itemprop='startDate' content=\"2026-8-17T11:00+0:00\" \/><meta itemprop='endDate' content=\"2026-8-17T23:59+0:00\" \/><meta itemprop='eventStatus' content=\"https:\/\/schema.org\/EventScheduled\" \/><meta itemprop='eventAttendanceMode'   itemscope itemtype=\"https:\/\/schema.org\/OfflineEventAttendanceMode\"\/><script type=\"application\/ld+json\">{\"@context\": \"http:\/\/schema.org\",\"@type\": \"Event\",\n\t\t\t\t\"@id\": \"event_2120_13\",\n\t\t\t\t\"eventAttendanceMode\":\"https:\/\/schema.org\/OfflineEventAttendanceMode\",\n\t\t\t\t\"eventStatus\":\"https:\/\/schema.org\/EventScheduled\",\n\t\t\t\t\"name\": \"Parola di Nikolaus Drache\",\n\t\t\t\t\"url\": \"https:\/\/latemarium.com\/it\/events\/parola-di-nikolaus-drache\/var\/ri-13.l-L1\",\n\t\t\t\t\"startDate\": \"2026-8-17T11:00+0:00\",\n\t\t\t\t\"endDate\": \"2026-8-17T23:59+0:00\",\n\t\t\t\t\"image\":\"https:\/\/latemarium.com\/wp-content\/uploads\/2023\/06\/foresta-dei-draghi-6.jpg\", \n\t\t\t\t\"description\":\"<p>Saltano, corrono, strisciano, volano! Eppure\u2026 non \u00e8 facile vederli!<br \/> Sanno nascondersi bene\u2026 gli squamosi furbacchioni! Chi sono? Ma i draghi del Latemar! Incontrarne uno, anche uno solo, sar\u00e0 un\u2019esperienza meravigliosa! Parola di Nikolaus Drache.<\/p> <p>domenica e luned\u00ec: dal 5 luglio al 24 agosto 2026<br \/> a monte della telecabina Predazzo-Gardon\u00e8<br \/> ore 11.00 e ore 14.30<br \/> spettacoli itineranti sul sentiero della Foresta dei Draghi<br \/> adatto a famiglie e bambini dai 2 anni in su\u00a0(durata 1h30\u2019)<\/p> \"}<\/script><\/div>\r\n\t\t\t\t<p class=\"desc_trig_outter\" style=\"\"><a data-gmap_status=\"null\" data-exlk=\"0\" style=\"background-color: #006290;\" id=\"evc_17869572002120\" class=\"hasFtIMG event_repeat desc_trig sin_val evcal_list_a\" data-ux_val=\"3\" data-ux_val_mob=\"-\"  ><span class='evoet_c1 evoet_cx '><span class='ev_ftImg' data-img='https:\/\/latemarium.com\/wp-content\/uploads\/2023\/06\/foresta-dei-draghi-6.jpg' data-thumb='https:\/\/latemarium.com\/wp-content\/uploads\/2023\/06\/foresta-dei-draghi-6-300x200.jpg' style='background-image:url(\"https:\/\/latemarium.com\/wp-content\/uploads\/2023\/06\/foresta-dei-draghi-6-300x200.jpg\")' ><\/span><\/span><span class='evoet_c2 evoet_cx '><span class='evoet_dayblock evcal_cblock ' data-bgcolor='#006290' data-smon='agosto' data-syr='2026' data-bub=''><span class='evo_start '><em class='date'>17<\/em><em class='month'>ago<\/em><em class='time'>11:00<\/em><\/span><\/span><\/span><span class='evoet_c3 evoet_cx evcal_desc hide_eventtopdata '><span class='evoet_title evcal_desc2 evcal_event_title ' itemprop='name'>Parola di Nikolaus Drache<\/span><span class='event_location_attrs' data-location_type=\"lonlat\" data-location_name=\"A monte della telecabina Predazzo-Gardon\u00e8\" data-location_url=\"https:\/\/latemarium.com\/it\/event-location\/a-monte-della-telecabina-predazzo-gardone\/\" data-location_status=\"true\" data-latlng=\"46.32878794406342,11.600176728690842\"><\/span><span class='evoet_subtitle evo_below_title' ><span class='evcal_event_subtitle ' >Spettacolo itinerante sul sentiero della Foresta dei Draghi<\/span><\/span><span class='evoet_time_expand level_3'><em class='evcal_time evo_tz_time'><i class='fa fa-clock-o'><\/i>11:00<span class='evo_tz marl5'>(GMT+02:00)<\/span><\/em> <\/span><span class='evoet_location level_3'><em class=\"evcal_location\"  data-latlng=\"46.32878794406342,11.600176728690842\" data-add_str=\"\" data-n=\"A monte della telecabina Predazzo-Gardon\u00e8\"><i class=\"fa fa-location-pin\"><\/i><em class=\"event_location_name\">A monte della telecabina Predazzo-Gardon\u00e8<\/em><\/em><\/span><\/span><span class='evoet_data' data-d=\"{&quot;loc.n&quot;:&quot;A monte della telecabina Predazzo-Gardon\\u00e8&quot;,&quot;orgs&quot;:[],&quot;tags&quot;:{&quot;repeating&quot;:&quot;Repeating Event&quot;}}\" data-bgc=\"#006290\" data-bggrad=\"\" ><\/span><\/a><\/p><div class='event_description evcal_eventcard ' style=\"display:none\"><div class='evocard_row'><div id='event_ftimage' class='evocard_box ftimage' data-c='' \n\t\t\t\t\tstyle=''><div class='evocard_main_image_hold' data-t='Loading Image..'><div class='evocard_main_image evo_img_triglb evobr15 evobgsc evobgpc evodfx evofx_jc_c evofx_ai_c evofz48 minmized' style='height:300px; background-image:url();' data-f=\"https:\/\/latemarium.com\/wp-content\/uploads\/2023\/06\/foresta-dei-draghi-6.jpg\" data-h=\"800\" data-w=\"1200\" data-ratio=\"0.66666666666667\" data-event_id=\"2120\" data-ri=\"13\"  data-t='Loading Image..'><span style='height:300px; background-image:url(https:\/\/latemarium.com\/wp-content\/uploads\/2023\/06\/foresta-dei-draghi-6.jpg)'><\/span><\/div><\/div><\/div><\/div><div class='evocard_row'><div id='event_eventdetails' class='evocard_box eventdetails' data-c='' \n\t\t\t\t\tstyle=''><div class='evo_metarow_details evorow evcal_evdata_row evcal_event_details'>\n\t\t<div class=\"event_excerpt\" style=\"display:none\"><h3 class=\"padb5 evo_h3\">Dettagli dell&#039;evento<\/h3><p>Saltano, corrono, strisciano, volano! Eppure\u2026 non \u00e8 facile vederli!\nSanno nascondersi bene\u2026 gli squamosi furbacchioni! Chi sono? Ma i draghi del Latemar! Incontrarne uno, anche uno solo, sar\u00e0 un\u2019esperienza meravigliosa!<\/p><\/div><span class='evcal_evdata_icons'><i class='fa fa-align-justify'><\/i><\/span>\n\t\t\n\t\t<div class='evcal_evdata_cell '>\n\t\t\t<div class='eventon_full_description'>\n\t\t\t\t<h3 class='padb5 evo_h3'><span class='evcal_evdata_icons'><i class='fa fa-align-justify'><\/i><\/span>Dettagli dell&#039;evento<\/h3>\n\t\t\t\t<div class='eventon_desc_in' itemprop='description'>\n\t\t\t\t<p>Saltano, corrono, strisciano, volano! Eppure\u2026 non \u00e8 facile vederli!<br \/>\nSanno nascondersi bene\u2026 gli squamosi furbacchioni! Chi sono? Ma i draghi del Latemar! Incontrarne uno, anche uno solo, sar\u00e0 un\u2019esperienza meravigliosa! Parola di Nikolaus Drache.<\/p>\n<p>domenica e luned\u00ec: dal 5 luglio al 24 agosto 2026<br \/>\na monte della telecabina Predazzo-Gardon\u00e8<br \/>\nore 11.00 e ore 14.30<br \/>\nspettacoli itineranti sul sentiero della Foresta dei Draghi<br \/>\nadatto a famiglie e bambini dai 2 anni in su\u00a0(durata 1h30\u2019)<\/p>\n<\/div><div class='clear'><\/div>\n\t\t\t<\/div>\n\t\t<\/div>\n\t<\/div><\/div><\/div><div class='evocard_row bx2 bx'><div id='event_time' class='evocard_box time' data-c='' \n\t\t\t\t\tstyle=''><div class='evo_metarow_time evorow evcal_evdata_row evcal_evrow_sm '>\n\t\t<span class='evcal_evdata_icons'><i class='fa fa-clock'><\/i><\/span>\n\t\t<div class='evcal_evdata_cell'>\t\t\t\t\t\t\t\n\t\t\t<h3 class='evo_h3'><span class='evcal_evdata_icons'><i class='fa fa-clock'><\/i><\/span>Orario<\/h3><p><span class='evo_eventcard_time_t'>17 agosto 2026 11:00<\/span><span class='evo_tz marr5'>(GMT+02:00)<\/span><\/p>\n\t\t<\/div>\n\t<\/div><\/div><div id='event_location' class='evocard_box location' data-c='' \n\t\t\t\t\tstyle=''><div class='evcal_evdata_row evo_metarow_time_location evorow '>\n\t\t\n\t\t\t<span class='evcal_evdata_icons'><i class='fa fa-map-marker'><\/i><\/span>\n\t\t\t<div class='evcal_evdata_cell' data-loc_tax_id='34'><h3 class='evo_h3 evodfx'><span class='evcal_evdata_icons'><i class='fa fa-map-marker'><\/i><\/span>Luogo<\/h3><p class='evo_location_name'>A monte della telecabina Predazzo-Gardon\u00e8<\/p><div class='padt10'><span class='evo_btn_arr evolb_trigger' data-lbvals=\"{&quot;lbc&quot;:&quot;evo_location_lb_34&quot;,&quot;lbac&quot;:&quot;lb_max&quot;,&quot;t&quot;:&quot;A monte della telecabina Predazzo-Gardon\\u00e8&quot;,&quot;ajax&quot;:&quot;yes&quot;,&quot;ajax_type&quot;:&quot;endpoint&quot;,&quot;ajax_action&quot;:&quot;eventon_get_tax_card_content&quot;,&quot;end&quot;:&quot;client&quot;,&quot;d&quot;:{&quot;lang&quot;:&quot;L1&quot;,&quot;term_id&quot;:34,&quot;tax&quot;:&quot;event_location&quot;,&quot;load_lbcontent&quot;:true},&quot;uid&quot;:&quot;eventon_get_tax_card_content&quot;}\" >Other Events<i class='fa fa-chevron-right'><\/i><\/span><\/div><\/div>\n\t\t\n\t<\/div><\/div><\/div><div class='evocard_row bx2 bx'><div id='event_learnmore' class='evocard_box learnmore' data-c='' \n\t\t\t\t\tstyle=''><div class='evo_metarow_learnM evo_metarow_learnmore evorow'>\n\t\t\t\t\t\t\t<a class='evcal_evdata_row evo_clik_row ' href='https:\/\/www.montagnanimata.it\/spettacoli\/' target=\"_blank\">\n\t\t\t\t\t\t\t\t<span class='evcal_evdata_icons'><i class='fa fa-link'><\/i><\/span>\n\t\t\t\t\t\t\t\t<h3 class='evo_h3'>Scopri di pi\u00f9<\/h3>\n\t\t\t\t\t\t\t<\/a>\n\t\t\t\t\t\t\t<\/div><\/div><div id='event_addtocal' class='evocard_box addtocal' data-c='' \n\t\t\t\t\tstyle=''><div class='evo_metarow_ICS evorow evcal_evdata_row'>\n\t\t\t<span class='evcal_evdata_icons'><i class='fa fa-calendar-o'><\/i><\/span>\n\t\t\t<div class='evcal_evdata_cell'>\n\t\t\t\t<p><a href='https:\/\/latemarium.com\/it\/export-events\/2120_13\/?nonce=a3263097f9' class='evo_ics_nCal' title='Aggiungi al tuo calendario'>Calendario<\/a><a href='https:\/\/www.google.com\/calendar\/event?action=TEMPLATE&text=Parola+di+Nikolaus+Drache&dates=20260817T090000Z%2F20260817T215900Z&ctz=Europe%2FRome&details=Parola di Nikolaus Drache&location=A+monte+della+telecabina+Predazzo-Gardon%C3%A8' target='_blank' class='evo_ics_gCal' title='Aggiungi al calendario di Google'>GoogleCal<\/a><\/p>\t\n\t\t\t<\/div>\n\t\t<\/div><\/div><\/div><div class='evocard_row'><div id='event_getdirection' class='evocard_box getdirection' data-c='' \n\t\t\t\t\tstyle=''><div class='evo_metarow_getDr evorow evcal_evdata_row evcal_evrow_sm getdirections'>\n\t\t<form action='https:\/\/maps.google.com\/maps' method='get' target='_blank'>\n\t\t\t<input type='hidden' name='daddr' value=\"46.32878794406342,11.600176728690842\"\/> \n\t\t\t<div class='evo_get_direction_content evo_fx_dr_r evogap10'>\n\t\t\t\t<span class='evogetdir_header evodfx evofx_dr_r evofx_ai_c marr10'>\n\t\t\t\t\t<i class='mainicon fa fa-road'><\/i> \n\t\t\t\t\t<h3 class='evo_h3' style='padding-bottom:5px;'>Ottieni indicazioni stradali<\/h3>\n\t\t\t\t<\/span>\n\t\t\t\t<span class='evogetdir_field evodfx evofx_1_1 evo_fx_dr_c evow100p'>\t\t\t\t\t\n\t\t\t\t\t<input class='evoInput evotac' type='text' name='saddr' placeholder='Digitare l&#039;indirizzo per ottenere le indicazioni stradali' value='' style='margin:10px 0;'\/>\n\t\t\t\t<\/span>\n\t\t\t\t<button type='submit' class='evo_get_direction_button evo_btn_arr_circ dfx fx_ai_c' title='Fare clic qui per ottenere indicazioni'><i class='fa fa-chevron-right'><\/i> <\/button>\n\t\t\t<\/div>\n\t\t<\/form>\n\t<\/div><\/div><\/div><div class='evo_card_row_end evcal_close' title='Testo del pulsante Chiudi evento'><\/div><\/div><div class='clear end'><\/div><\/div><div id=\"event_2149_16\" class=\"eventon_list_event evo_eventtop scheduled  event clrW no_et event_2149_16\" data-event_id=\"2149\" data-ri=\"16r\" data-time=\"1786972800-1787003940\" data-colr=\"#b8d989\" itemscope itemtype='http:\/\/schema.org\/Event'><div class=\"evo_event_schema\" style=\"display:none\" ><a itemprop='url'  href='https:\/\/latemarium.com\/it\/events\/i-suoni-e-la-vita-della-malga\/var\/ri-16.l-L1'><\/a><meta itemprop='image' content=\"https:\/\/latemarium.com\/wp-content\/uploads\/2023\/06\/suoni-vita-malga.jpg\" \/><meta itemprop='startDate' content=\"2026-8-17T15:20+0:00\" \/><meta itemprop='endDate' content=\"2026-8-17T23:59+0:00\" \/><meta itemprop='eventStatus' content=\"https:\/\/schema.org\/EventScheduled\" \/><meta itemprop='eventAttendanceMode'   itemscope itemtype=\"https:\/\/schema.org\/OfflineEventAttendanceMode\"\/><div style=\"display:none\" itemprop=\"location\" itemscope itemtype=\"http:\/\/schema.org\/Place\"><span itemprop=\"name\">Pampeago<\/span><span itemprop=\"address\" itemscope itemtype=\"http:\/\/schema.org\/PostalAddress\"><item itemprop=\"streetAddress\">Localit\u00e0 Pampeago, 8, 38038 Tesero TN<\/item><\/span><\/div><script type=\"application\/ld+json\">{\"@context\": \"http:\/\/schema.org\",\"@type\": \"Event\",\n\t\t\t\t\"@id\": \"event_2149_16\",\n\t\t\t\t\"eventAttendanceMode\":\"https:\/\/schema.org\/OfflineEventAttendanceMode\",\n\t\t\t\t\"eventStatus\":\"https:\/\/schema.org\/EventScheduled\",\n\t\t\t\t\"name\": \"I suoni e la vita della malga\",\n\t\t\t\t\"url\": \"https:\/\/latemarium.com\/it\/events\/i-suoni-e-la-vita-della-malga\/var\/ri-16.l-L1\",\n\t\t\t\t\"startDate\": \"2026-8-17T15:20+0:00\",\n\t\t\t\t\"endDate\": \"2026-8-17T23:59+0:00\",\n\t\t\t\t\"image\":\"https:\/\/latemarium.com\/wp-content\/uploads\/2023\/06\/suoni-vita-malga.jpg\", \n\t\t\t\t\"description\":\"<p>Ritrovo presso parcheggio seggiovia Tresca (raggiungibile in auto da Pampeago \u2013 SOLO per chi prenota l&#8217;attivit\u00e0).<\/p> <p>Dopo una breve passeggiata fino a Malga Pampeago, bambini e genitori scoprono la vita e i suoni quotidiani che scandiscono la vita dei malgari, fra mucche, vitellini, asinelli e maiali.<\/p> <p>A fine attivit\u00e0 ci sar\u00e0 una piccola merenda che i bambini potranno gustarsi o portarsi a casa.<\/p> <p>Attivit\u00e0 possibile anche con passeggino country.<\/p> <p>Prenotazione obbligatoria.<\/p> <p>Prenotazione obbligatoria. Clicca <a href='https:\/\/www.visitfiemme.it\/it\/eventi\/fiemme-cembra-guest-card\/esperienze\/esperienze-in-estate?re-product-id=211655' target='_blank' rel='noopener'>qui<\/a>\u00a0per prenotare.<\/p> \",\"location\":[{\"@type\":\"Place\",\"name\":\"Pampeago\",\"address\":{\"@type\": \"PostalAddress\",\"streetAddress\":\"Localit\u00e0 Pampeago, 8, 38038 Tesero TN\"}}]}<\/script><\/div>\r\n\t\t\t\t<p class=\"desc_trig_outter\" style=\"\"><a data-gmtrig=\"1\" data-exlk=\"0\" style=\"background-color: #b8d989;\" id=\"evc_17869728002149\" class=\"hasFtIMG event_repeat desc_trig sin_val evcal_list_a\" data-ux_val=\"3\" data-ux_val_mob=\"-\"  ><span class='evoet_c1 evoet_cx '><span class='ev_ftImg' data-img='https:\/\/latemarium.com\/wp-content\/uploads\/2023\/06\/suoni-vita-malga.jpg' data-thumb='https:\/\/latemarium.com\/wp-content\/uploads\/2023\/06\/suoni-vita-malga-300x225.jpg' style='background-image:url(\"https:\/\/latemarium.com\/wp-content\/uploads\/2023\/06\/suoni-vita-malga-300x225.jpg\")' ><\/span><\/span><span class='evoet_c2 evoet_cx '><span class='evoet_dayblock evcal_cblock ' data-bgcolor='#b8d989' data-smon='agosto' data-syr='2026' data-bub=''><span class='evo_start '><em class='date'>17<\/em><em class='month'>ago<\/em><em class='time'>15:20<\/em><\/span><\/span><\/span><span class='evoet_c3 evoet_cx evcal_desc hide_eventtopdata '><span class='evoet_title evcal_desc2 evcal_event_title ' itemprop='name'>I suoni e la vita della malga<\/span><span class='event_location_attrs'  data-location_address=\"Localit\u00e0 Pampeago, 8, 38038 Tesero TN\" data-location_type=\"lonlat\" data-location_name=\"Pampeago\" data-location_url=\"https:\/\/latemarium.com\/it\/event-location\/pampeago\/\" data-location_status=\"true\" data-latlng=\"46.34343697644898,11.540997527961546\"><\/span><span class='evoet_subtitle evo_below_title' ><span class='evcal_event_subtitle ' >Alla scoperta della vita dei malgari<\/span><\/span><span class='evoet_time_expand level_3'><em class='evcal_time evo_tz_time'><i class='fa fa-clock-o'><\/i>15:20<span class='evo_tz marl5'>(GMT+02:00)<\/span><\/em> <\/span><span class='evoet_location level_3'><em class=\"evcal_location\"  data-latlng=\"46.34343697644898,11.540997527961546\" data-add_str=\"Localit\u00e0 Pampeago, 8, 38038 Tesero TN\" data-n=\"Pampeago\"><i class=\"fa fa-location-pin\"><\/i><em class=\"event_location_name\">Pampeago<\/em>, Localit\u00e0 Pampeago, 8, 38038 Tesero TN<\/em><\/span><\/span><span class='evoet_data' data-d=\"{&quot;loc.n&quot;:&quot;Pampeago&quot;,&quot;orgs&quot;:[],&quot;tags&quot;:{&quot;repeating&quot;:&quot;Repeating Event&quot;}}\" data-bgc=\"#b8d989\" data-bggrad=\"\" ><\/span><\/a><\/p><div class='event_description evcal_eventcard ' style=\"display:none\"><div class='evocard_row'><div id='event_ftimage' class='evocard_box ftimage' data-c='' \n\t\t\t\t\tstyle=''><div class='evocard_main_image_hold' data-t='Loading Image..'><div class='evocard_main_image evo_img_triglb evobr15 evobgsc evobgpc evodfx evofx_jc_c evofx_ai_c evofz48 minmized' style='height:300px; background-image:url();' data-f=\"https:\/\/latemarium.com\/wp-content\/uploads\/2023\/06\/suoni-vita-malga.jpg\" data-h=\"796\" data-w=\"1062\" data-ratio=\"0.74952919020716\" data-event_id=\"2149\" data-ri=\"16\"  data-t='Loading Image..'><span style='height:300px; background-image:url(https:\/\/latemarium.com\/wp-content\/uploads\/2023\/06\/suoni-vita-malga.jpg)'><\/span><\/div><\/div><\/div><\/div><div class='evocard_row'><div id='event_eventdetails' class='evocard_box eventdetails' data-c='' \n\t\t\t\t\tstyle=''><div class='evo_metarow_details evorow evcal_evdata_row evcal_event_details'>\n\t\t<div class=\"event_excerpt\" style=\"display:none\"><h3 class=\"padb5 evo_h3\">Dettagli dell&#039;evento<\/h3><p>Ritrovo presso parcheggio seggiovia Tresca (raggiungibile in auto da Pampeago \u2013 SOLO per chi prenota l&#8217;attivit\u00e0).\nDopo una breve passeggiata fino a Malga Pampeago, bambini e genitori scoprono la vita e<\/p><\/div><span class='evcal_evdata_icons'><i class='fa fa-align-justify'><\/i><\/span>\n\t\t\n\t\t<div class='evcal_evdata_cell shorter_desc'>\n\t\t\t<div class='eventon_full_description'>\n\t\t\t\t<h3 class='padb5 evo_h3'><span class='evcal_evdata_icons'><i class='fa fa-align-justify'><\/i><\/span>Dettagli dell&#039;evento<\/h3>\n\t\t\t\t<div class='eventon_desc_in' itemprop='description'>\n\t\t\t\t<p>Ritrovo presso parcheggio seggiovia Tresca (raggiungibile in auto da Pampeago \u2013 SOLO per chi prenota l&#8217;attivit\u00e0).<\/p>\n<p>Dopo una breve passeggiata fino a Malga Pampeago, bambini e genitori scoprono la vita e i suoni quotidiani che scandiscono la vita dei malgari, fra mucche, vitellini, asinelli e maiali.<\/p>\n<p>A fine attivit\u00e0 ci sar\u00e0 una piccola merenda che i bambini potranno gustarsi o portarsi a casa.<\/p>\n<p>Attivit\u00e0 possibile anche con passeggino country.<\/p>\n<p>Prenotazione obbligatoria.<\/p>\n<p>Prenotazione obbligatoria. Clicca <a href=\"https:\/\/www.visitfiemme.it\/it\/eventi\/fiemme-cembra-guest-card\/esperienze\/esperienze-in-estate?re-product-id=211655\" target=\"_blank\" rel=\"noopener\">qui<\/a>\u00a0per prenotare.<\/p>\n<\/div><p class='eventon_shad_p' style='padding:5px 0 0; margin:0'>\n\t\t\t<span class='evcal_btn evo_btn_secondary evobtn_details_show_more' content='less'>\n\t\t\t\t<span class='ev_more_text' data-txt='Meno'>Pi\u00f9<\/span><span class='ev_more_arrow ard'><\/span>\n\t\t\t<\/span>\n\t\t<\/p><div class='clear'><\/div>\n\t\t\t<\/div>\n\t\t<\/div>\n\t<\/div><\/div><\/div><div class='evocard_row bx2 bx'><div id='event_time' class='evocard_box time' data-c='' \n\t\t\t\t\tstyle=''><div class='evo_metarow_time evorow evcal_evdata_row evcal_evrow_sm '>\n\t\t<span class='evcal_evdata_icons'><i class='fa fa-clock'><\/i><\/span>\n\t\t<div class='evcal_evdata_cell'>\t\t\t\t\t\t\t\n\t\t\t<h3 class='evo_h3'><span class='evcal_evdata_icons'><i class='fa fa-clock'><\/i><\/span>Orario<\/h3><p><span class='evo_eventcard_time_t'>17 agosto 2026 15:20<\/span><span class='evo_tz marr5'>(GMT+02:00)<\/span><\/p>\n\t\t<\/div>\n\t<\/div><\/div><div id='event_location' class='evocard_box location' data-c='' \n\t\t\t\t\tstyle=''><div class='evcal_evdata_row evo_metarow_time_location evorow '>\n\t\t\n\t\t\t<span class='evcal_evdata_icons'><i class='fa fa-map-marker'><\/i><\/span>\n\t\t\t<div class='evcal_evdata_cell' data-loc_tax_id='30'><h3 class='evo_h3 evodfx'><span class='evcal_evdata_icons'><i class='fa fa-map-marker'><\/i><\/span>Luogo<\/h3><p class='evo_location_name'>Pampeago<\/p><p class='evo_location_address evodfxi evogap10'>Localit\u00e0 Pampeago, 8, 38038 Tesero TN<\/p><div class='padt10'><span class='evo_btn_arr evolb_trigger' data-lbvals=\"{&quot;lbc&quot;:&quot;evo_location_lb_30&quot;,&quot;lbac&quot;:&quot;lb_max&quot;,&quot;t&quot;:&quot;Pampeago&quot;,&quot;ajax&quot;:&quot;yes&quot;,&quot;ajax_type&quot;:&quot;endpoint&quot;,&quot;ajax_action&quot;:&quot;eventon_get_tax_card_content&quot;,&quot;end&quot;:&quot;client&quot;,&quot;d&quot;:{&quot;lang&quot;:&quot;L1&quot;,&quot;term_id&quot;:30,&quot;tax&quot;:&quot;event_location&quot;,&quot;load_lbcontent&quot;:true},&quot;uid&quot;:&quot;eventon_get_tax_card_content&quot;}\" >Other Events<i class='fa fa-chevron-right'><\/i><\/span><\/div><\/div>\n\t\t\n\t<\/div><\/div><\/div><div class='evocard_row'><div id='event_addtocal' class='evocard_box addtocal' data-c='' \n\t\t\t\t\tstyle=''><div class='evo_metarow_ICS evorow evcal_evdata_row'>\n\t\t\t<span class='evcal_evdata_icons'><i class='fa fa-calendar-o'><\/i><\/span>\n\t\t\t<div class='evcal_evdata_cell'>\n\t\t\t\t<p><a href='https:\/\/latemarium.com\/it\/export-events\/2149_16\/?nonce=a3263097f9' class='evo_ics_nCal' title='Aggiungi al tuo calendario'>Calendario<\/a><a href='https:\/\/www.google.com\/calendar\/event?action=TEMPLATE&text=I+suoni+e+la+vita+della+malga&dates=20260817T132000Z%2F20260817T215900Z&ctz=Europe%2FRome&details=I suoni e la vita della malga&location=Pampeago+Localit%C3%A0+Pampeago%2C+8%2C+38038+Tesero+TN' target='_blank' class='evo_ics_gCal' title='Aggiungi al calendario di Google'>GoogleCal<\/a><\/p>\t\n\t\t\t<\/div>\n\t\t<\/div><\/div><\/div><div class='evocard_row'><div id='event_getdirection' class='evocard_box getdirection' data-c='' \n\t\t\t\t\tstyle=''><div class='evo_metarow_getDr evorow evcal_evdata_row evcal_evrow_sm getdirections'>\n\t\t<form action='https:\/\/maps.google.com\/maps' method='get' target='_blank'>\n\t\t\t<input type='hidden' name='daddr' value=\"46.34343697644898,11.540997527961546\"\/> \n\t\t\t<div class='evo_get_direction_content evo_fx_dr_r evogap10'>\n\t\t\t\t<span class='evogetdir_header evodfx evofx_dr_r evofx_ai_c marr10'>\n\t\t\t\t\t<i class='mainicon fa fa-road'><\/i> \n\t\t\t\t\t<h3 class='evo_h3' style='padding-bottom:5px;'>Ottieni indicazioni stradali<\/h3>\n\t\t\t\t<\/span>\n\t\t\t\t<span class='evogetdir_field evodfx evofx_1_1 evo_fx_dr_c evow100p'>\t\t\t\t\t\n\t\t\t\t\t<input class='evoInput evotac' type='text' name='saddr' placeholder='Digitare l&#039;indirizzo per ottenere le indicazioni stradali' value='' style='margin:10px 0;'\/>\n\t\t\t\t<\/span>\n\t\t\t\t<button type='submit' class='evo_get_direction_button evo_btn_arr_circ dfx fx_ai_c' title='Fare clic qui per ottenere indicazioni'><i class='fa fa-chevron-right'><\/i> <\/button>\n\t\t\t<\/div>\n\t\t<\/form>\n\t<\/div><\/div><\/div><div class='evo_card_row_end evcal_close' title='Testo del pulsante Chiudi evento'><\/div><\/div><div class='clear end'><\/div><\/div><div id=\"event_2484_8\" class=\"eventon_list_event evo_eventtop scheduled  event clrD no_et event_2484_8\" data-event_id=\"2484\" data-ri=\"8r\" data-time=\"1787038200-1787090340\" data-colr=\"#38823b\" itemscope itemtype='http:\/\/schema.org\/Event'><div class=\"evo_event_schema\" style=\"display:none\" ><a itemprop='url'  href='https:\/\/latemarium.com\/it\/events\/respirart-arte-in-quota\/var\/ri-8.l-L1'><\/a><meta itemprop='image' content=\"https:\/\/latemarium.com\/wp-content\/uploads\/2023\/06\/respirart-respiro-arte-natura.jpg\" \/><meta itemprop='startDate' content=\"2026-8-18T09:30+0:00\" \/><meta itemprop='endDate' content=\"2026-8-18T23:59+0:00\" \/><meta itemprop='eventStatus' content=\"https:\/\/schema.org\/EventScheduled\" \/><meta itemprop='eventAttendanceMode'   itemscope itemtype=\"https:\/\/schema.org\/OfflineEventAttendanceMode\"\/><div style=\"display:none\" itemprop=\"location\" itemscope itemtype=\"http:\/\/schema.org\/Place\"><span itemprop=\"name\">Pampeago<\/span><span itemprop=\"address\" itemscope itemtype=\"http:\/\/schema.org\/PostalAddress\"><item itemprop=\"streetAddress\">Localit\u00e0 Pampeago, 8, 38038 Tesero TN<\/item><\/span><\/div><script type=\"application\/ld+json\">{\"@context\": \"http:\/\/schema.org\",\"@type\": \"Event\",\n\t\t\t\t\"@id\": \"event_2484_8\",\n\t\t\t\t\"eventAttendanceMode\":\"https:\/\/schema.org\/OfflineEventAttendanceMode\",\n\t\t\t\t\"eventStatus\":\"https:\/\/schema.org\/EventScheduled\",\n\t\t\t\t\"name\": \"Respirart: arte in quota\",\n\t\t\t\t\"url\": \"https:\/\/latemarium.com\/it\/events\/respirart-arte-in-quota\/var\/ri-8.l-L1\",\n\t\t\t\t\"startDate\": \"2026-8-18T09:30+0:00\",\n\t\t\t\t\"endDate\": \"2026-8-18T23:59+0:00\",\n\t\t\t\t\"image\":\"https:\/\/latemarium.com\/wp-content\/uploads\/2023\/06\/respirart-respiro-arte-natura.jpg\", \n\t\t\t\t\"description\":\"<h2>Arte in quota: alla scoperta di Respirart tra natura e installazioni<\/h2> <p>Si parte alle 9.30, davanti alla Seggiovia-Seminovia Agnello, dove incontrerai la guida artistica che ti consegner\u00e0 i semi e ti accompagner\u00e0 a seminare fiorume dall\u2019alto, per generare fiori e quindi nutrire la terra, le api, le capre e le mucche.<\/p> <p>Poi, la guida ti porter\u00e0 a scoprire le opere d\u2019arte del parco. Lungo il giro ad anello di 3 km scoprirai le ispirazioni degli artisti che hanno creato gesti d\u2019arte al cospetto del Latemar.<\/p> <p>Attivit\u00e0 adatta agli adulti.<\/p> <p>Prenotazione obbligatoria, clicca <a href='https:\/\/www.visitfiemme.it\/it\/eventi\/fiemme-cembra-guest-card\/esperienze\/esperienze-in-estate' target='_blank' rel='noopener'>qui<\/a>.<\/p> \",\"location\":[{\"@type\":\"Place\",\"name\":\"Pampeago\",\"address\":{\"@type\": \"PostalAddress\",\"streetAddress\":\"Localit\u00e0 Pampeago, 8, 38038 Tesero TN\"}}]}<\/script><\/div>\r\n\t\t\t\t<p class=\"desc_trig_outter\" style=\"\"><a data-gmtrig=\"1\" data-exlk=\"0\" style=\"background-color: #38823b;\" id=\"evc_17870382002484\" class=\"hasFtIMG event_repeat desc_trig sin_val evcal_list_a\" data-ux_val=\"3\" data-ux_val_mob=\"-\"  ><span class='evoet_c1 evoet_cx '><span class='ev_ftImg' data-img='https:\/\/latemarium.com\/wp-content\/uploads\/2023\/06\/respirart-respiro-arte-natura.jpg' data-thumb='https:\/\/latemarium.com\/wp-content\/uploads\/2023\/06\/respirart-respiro-arte-natura-300x201.jpg' style='background-image:url(\"https:\/\/latemarium.com\/wp-content\/uploads\/2023\/06\/respirart-respiro-arte-natura-300x201.jpg\")' ><\/span><\/span><span class='evoet_c2 evoet_cx '><span class='evoet_dayblock evcal_cblock ' data-bgcolor='#38823b' data-smon='agosto' data-syr='2026' data-bub=''><span class='evo_start '><em class='date'>18<\/em><em class='month'>ago<\/em><em class='time'>09:30<\/em><\/span><\/span><\/span><span class='evoet_c3 evoet_cx evcal_desc hide_eventtopdata '><span class='evoet_title evcal_desc2 evcal_event_title ' itemprop='name'>Respirart: arte in quota<\/span><span class='event_location_attrs'  data-location_address=\"Localit\u00e0 Pampeago, 8, 38038 Tesero TN\" data-location_type=\"lonlat\" data-location_name=\"Pampeago\" data-location_url=\"https:\/\/latemarium.com\/it\/event-location\/pampeago\/\" data-location_status=\"true\" data-latlng=\"46.34343697644898,11.540997527961546\"><\/span><span class='evoet_subtitle evo_below_title' ><span class='evcal_event_subtitle ' >Alla scoperta del parco d'arte Respirart<\/span><\/span><span class='evoet_time_expand level_3'><em class='evcal_time evo_tz_time'><i class='fa fa-clock-o'><\/i>09:30<span class='evo_tz marl5'>(GMT+02:00)<\/span><\/em> <\/span><span class='evoet_location level_3'><em class=\"evcal_location\"  data-latlng=\"46.34343697644898,11.540997527961546\" data-add_str=\"Localit\u00e0 Pampeago, 8, 38038 Tesero TN\" data-n=\"Pampeago\"><i class=\"fa fa-location-pin\"><\/i><em class=\"event_location_name\">Pampeago<\/em>, Localit\u00e0 Pampeago, 8, 38038 Tesero TN<\/em><\/span><\/span><span class='evoet_data' data-d=\"{&quot;loc.n&quot;:&quot;Pampeago&quot;,&quot;orgs&quot;:[],&quot;tags&quot;:{&quot;repeating&quot;:&quot;Repeating Event&quot;}}\" data-bgc=\"#38823b\" data-bggrad=\"\" ><\/span><\/a><\/p><div class='event_description evcal_eventcard ' style=\"display:none\"><div class='evocard_row'><div id='event_ftimage' class='evocard_box ftimage' data-c='' \n\t\t\t\t\tstyle=''><div class='evocard_main_image_hold' data-t='Loading Image..'><div class='evocard_main_image evo_img_triglb evobr15 evobgsc evobgpc evodfx evofx_jc_c evofx_ai_c evofz48 minmized' style='height:300px; background-image:url();' data-f=\"https:\/\/latemarium.com\/wp-content\/uploads\/2023\/06\/respirart-respiro-arte-natura.jpg\" data-h=\"602\" data-w=\"899\" data-ratio=\"0.66963292547275\" data-event_id=\"2484\" data-ri=\"8\"  data-t='Loading Image..'><span style='height:300px; background-image:url(https:\/\/latemarium.com\/wp-content\/uploads\/2023\/06\/respirart-respiro-arte-natura.jpg)'><\/span><\/div><\/div><\/div><\/div><div class='evocard_row'><div id='event_eventdetails' class='evocard_box eventdetails' data-c='' \n\t\t\t\t\tstyle=''><div class='evo_metarow_details evorow evcal_evdata_row evcal_event_details'>\n\t\t<div class=\"event_excerpt\" style=\"display:none\"><h3 class=\"padb5 evo_h3\">Dettagli dell&#039;evento<\/h3><p>Arte in quota: alla scoperta di Respirart tra natura e installazioni\nSi parte alle 9.30, davanti alla Seggiovia-Seminovia Agnello, dove incontrerai la guida artistica che ti consegner\u00e0 i semi e ti<\/p><\/div><span class='evcal_evdata_icons'><i class='fa fa-align-justify'><\/i><\/span>\n\t\t\n\t\t<div class='evcal_evdata_cell shorter_desc'>\n\t\t\t<div class='eventon_full_description'>\n\t\t\t\t<h3 class='padb5 evo_h3'><span class='evcal_evdata_icons'><i class='fa fa-align-justify'><\/i><\/span>Dettagli dell&#039;evento<\/h3>\n\t\t\t\t<div class='eventon_desc_in' itemprop='description'>\n\t\t\t\t<h2>Arte in quota: alla scoperta di Respirart tra natura e installazioni<\/h2>\n<p>Si parte alle 9.30, davanti alla Seggiovia-Seminovia Agnello, dove incontrerai la guida artistica che ti consegner\u00e0 i semi e ti accompagner\u00e0 a seminare fiorume dall\u2019alto, per generare fiori e quindi nutrire la terra, le api, le capre e le mucche.<\/p>\n<p>Poi, la guida ti porter\u00e0 a scoprire le opere d\u2019arte del parco. Lungo il giro ad anello di 3 km scoprirai le ispirazioni degli artisti che hanno creato gesti d\u2019arte al cospetto del Latemar.<\/p>\n<p>Attivit\u00e0 adatta agli adulti.<\/p>\n<p>Prenotazione obbligatoria, clicca <a href=\"https:\/\/www.visitfiemme.it\/it\/eventi\/fiemme-cembra-guest-card\/esperienze\/esperienze-in-estate\" target=\"_blank\" rel=\"noopener\">qui<\/a>.<\/p>\n<\/div><p class='eventon_shad_p' style='padding:5px 0 0; margin:0'>\n\t\t\t<span class='evcal_btn evo_btn_secondary evobtn_details_show_more' content='less'>\n\t\t\t\t<span class='ev_more_text' data-txt='Meno'>Pi\u00f9<\/span><span class='ev_more_arrow ard'><\/span>\n\t\t\t<\/span>\n\t\t<\/p><div class='clear'><\/div>\n\t\t\t<\/div>\n\t\t<\/div>\n\t<\/div><\/div><\/div><div class='evocard_row bx2 bx'><div id='event_time' class='evocard_box time' data-c='' \n\t\t\t\t\tstyle=''><div class='evo_metarow_time evorow evcal_evdata_row evcal_evrow_sm '>\n\t\t<span class='evcal_evdata_icons'><i class='fa fa-clock'><\/i><\/span>\n\t\t<div class='evcal_evdata_cell'>\t\t\t\t\t\t\t\n\t\t\t<h3 class='evo_h3'><span class='evcal_evdata_icons'><i class='fa fa-clock'><\/i><\/span>Orario<\/h3><p><span class='evo_eventcard_time_t'>18 agosto 2026 09:30<\/span><span class='evo_tz marr5'>(GMT+02:00)<\/span><\/p>\n\t\t<\/div>\n\t<\/div><\/div><div id='event_location' class='evocard_box location' data-c='' \n\t\t\t\t\tstyle=''><div class='evcal_evdata_row evo_metarow_time_location evorow '>\n\t\t\n\t\t\t<span class='evcal_evdata_icons'><i class='fa fa-map-marker'><\/i><\/span>\n\t\t\t<div class='evcal_evdata_cell' data-loc_tax_id='30'><h3 class='evo_h3 evodfx'><span class='evcal_evdata_icons'><i class='fa fa-map-marker'><\/i><\/span>Luogo<\/h3><p class='evo_location_name'>Pampeago<\/p><p class='evo_location_address evodfxi evogap10'>Localit\u00e0 Pampeago, 8, 38038 Tesero TN<\/p><div class='padt10'><span class='evo_btn_arr evolb_trigger' data-lbvals=\"{&quot;lbc&quot;:&quot;evo_location_lb_30&quot;,&quot;lbac&quot;:&quot;lb_max&quot;,&quot;t&quot;:&quot;Pampeago&quot;,&quot;ajax&quot;:&quot;yes&quot;,&quot;ajax_type&quot;:&quot;endpoint&quot;,&quot;ajax_action&quot;:&quot;eventon_get_tax_card_content&quot;,&quot;end&quot;:&quot;client&quot;,&quot;d&quot;:{&quot;lang&quot;:&quot;L1&quot;,&quot;term_id&quot;:30,&quot;tax&quot;:&quot;event_location&quot;,&quot;load_lbcontent&quot;:true},&quot;uid&quot;:&quot;eventon_get_tax_card_content&quot;}\" >Other Events<i class='fa fa-chevron-right'><\/i><\/span><\/div><\/div>\n\t\t\n\t<\/div><\/div><\/div><div class='evocard_row bx2 bx'><div id='event_learnmore' class='evocard_box learnmore' data-c='' \n\t\t\t\t\tstyle=''><div class='evo_metarow_learnM evo_metarow_learnmore evorow'>\n\t\t\t\t\t\t\t<a class='evcal_evdata_row evo_clik_row ' href='http:\/\/www.respirart.com\/' target=\"_blank\">\n\t\t\t\t\t\t\t\t<span class='evcal_evdata_icons'><i class='fa fa-link'><\/i><\/span>\n\t\t\t\t\t\t\t\t<h3 class='evo_h3'>Scopri di pi\u00f9<\/h3>\n\t\t\t\t\t\t\t<\/a>\n\t\t\t\t\t\t\t<\/div><\/div><div id='event_addtocal' class='evocard_box addtocal' data-c='' \n\t\t\t\t\tstyle=''><div class='evo_metarow_ICS evorow evcal_evdata_row'>\n\t\t\t<span class='evcal_evdata_icons'><i class='fa fa-calendar-o'><\/i><\/span>\n\t\t\t<div class='evcal_evdata_cell'>\n\t\t\t\t<p><a href='https:\/\/latemarium.com\/it\/export-events\/2484_8\/?nonce=a3263097f9' class='evo_ics_nCal' title='Aggiungi al tuo calendario'>Calendario<\/a><a href='https:\/\/www.google.com\/calendar\/event?action=TEMPLATE&text=Respirart%3A+arte+in+quota&dates=20260818T073000Z%2F20260818T215900Z&ctz=Europe%2FRome&details=Respirart: arte in quota&location=Pampeago+Localit%C3%A0+Pampeago%2C+8%2C+38038+Tesero+TN' target='_blank' class='evo_ics_gCal' title='Aggiungi al calendario di Google'>GoogleCal<\/a><\/p>\t\n\t\t\t<\/div>\n\t\t<\/div><\/div><\/div><div class='evocard_row'><div id='event_repeats' class='evocard_box repeats' data-c='' \n\t\t\t\t\tstyle=''><div class='evo_metarow_repeats evorow evcal_evdata_row evcal_evrow_sm '>\n\t\t<span class='evcal_evdata_icons'><i class='fa fa-repeat'><\/i><\/span>\n\t\t<div class='evcal_evdata_cell'>\t\t\t\t\t\t\t\n\t\t\t<h3 class='evo_h3'>Orari degli eventi futuri in questa serie di eventi ripetuti<\/h3><div class='evo_elm_HCS evo_repeat_series' style=''><span class='evo_elmHCS_nav HCSnavL evo_repeat_series content_slide_trig'><i class='fa fa-chevron-left'><\/i><\/span><span class='evo_elmHCS_nav HCSnavR evo_repeat_series content_slide_trig'><i class='fa fa-chevron-right'><\/i><\/span><div class='evo_elm_HCS_in'><div class='evo_repeat_series_dates clickable evodfx evofx_dr_r evogap10' data-click='1' data-event_url='https:\/\/latemarium.com\/it\/events\/respirart-arte-in-quota\/var\/ri-8.l-L1'><span class='evo_repeat_series_date evodfx evofx_dr_r evofx_ai_c evogap5 evobr15 evobrdB1 evocl1 evopad15 evottu evofz14 evocurp evo_trans_sc1_03 evoHbgcw' data-ux=\"def\" data-l=\"https:\/\/latemarium.com\/it\/events\/respirart-arte-in-quota\/var\/ri-9.l-L1\" ><span class='evodfx evofx_dr_c evotac evofx_jc_c'><b class='j evofz16'>25<\/b><b class='fy'>agosto <\/b><em class='t evofsn'>09:30 - 23:59<\/em><\/span><\/span><span class='evo_repeat_series_date evodfx evofx_dr_r evofx_ai_c evogap5 evobr15 evobrdB1 evocl1 evopad15 evottu evofz14 evocurp evo_trans_sc1_03 evoHbgcw' data-ux=\"def\" data-l=\"https:\/\/latemarium.com\/it\/events\/respirart-arte-in-quota\/var\/ri-10.l-L1\" ><span class='evodfx evofx_dr_c evotac evofx_jc_c'><b class='j evofz16'>1<\/b><b class='fy'>settembre <\/b><em class='t evofsn'>09:30 - 23:59<\/em><\/span><\/span><span class='evo_repeat_series_date evodfx evofx_dr_r evofx_ai_c evogap5 evobr15 evobrdB1 evocl1 evopad15 evottu evofz14 evocurp evo_trans_sc1_03 evoHbgcw' data-ux=\"def\" data-l=\"https:\/\/latemarium.com\/it\/events\/respirart-arte-in-quota\/var\/ri-11.l-L1\" ><span class='evodfx evofx_dr_c evotac evofx_jc_c'><b class='j evofz16'>8<\/b><b class='fy'>settembre <\/b><em class='t evofsn'>09:30 - 23:59<\/em><\/span><\/span><\/div><\/div><\/div><\/div><\/div><\/div><\/div><div class='evocard_row'><div id='event_getdirection' class='evocard_box getdirection' data-c='' \n\t\t\t\t\tstyle=''><div class='evo_metarow_getDr evorow evcal_evdata_row evcal_evrow_sm getdirections'>\n\t\t<form action='https:\/\/maps.google.com\/maps' method='get' target='_blank'>\n\t\t\t<input type='hidden' name='daddr' value=\"46.34343697644898,11.540997527961546\"\/> \n\t\t\t<div class='evo_get_direction_content evo_fx_dr_r evogap10'>\n\t\t\t\t<span class='evogetdir_header evodfx evofx_dr_r evofx_ai_c marr10'>\n\t\t\t\t\t<i class='mainicon fa fa-road'><\/i> \n\t\t\t\t\t<h3 class='evo_h3' style='padding-bottom:5px;'>Ottieni indicazioni stradali<\/h3>\n\t\t\t\t<\/span>\n\t\t\t\t<span class='evogetdir_field evodfx evofx_1_1 evo_fx_dr_c evow100p'>\t\t\t\t\t\n\t\t\t\t\t<input class='evoInput evotac' type='text' name='saddr' placeholder='Digitare l&#039;indirizzo per ottenere le indicazioni stradali' value='' style='margin:10px 0;'\/>\n\t\t\t\t<\/span>\n\t\t\t\t<button type='submit' class='evo_get_direction_button evo_btn_arr_circ dfx fx_ai_c' title='Fare clic qui per ottenere indicazioni'><i class='fa fa-chevron-right'><\/i> <\/button>\n\t\t\t<\/div>\n\t\t<\/form>\n\t<\/div><\/div><\/div><div class='evo_card_row_end evcal_close' title='Testo del pulsante Chiudi evento'><\/div><\/div><div class='clear end'><\/div><\/div><div id=\"event_2159_6\" class=\"eventon_list_event evo_eventtop scheduled  event clrW no_et event_2159_6\" data-event_id=\"2159\" data-ri=\"6r\" data-time=\"1787043600-1787090340\" data-colr=\"#a69dcd\" itemscope itemtype='http:\/\/schema.org\/Event'><div class=\"evo_event_schema\" style=\"display:none\" ><a itemprop='url'  href='https:\/\/latemarium.com\/it\/events\/il-dritto-dahu-ci-aspetta-lassu\/var\/ri-6.l-L1'><\/a><meta itemprop='image' content=\"https:\/\/latemarium.com\/wp-content\/uploads\/2023\/06\/forse-dahu-sa.jpg\" \/><meta itemprop='startDate' content=\"2026-8-18T11:00+0:00\" \/><meta itemprop='endDate' content=\"2026-8-18T23:59+0:00\" \/><meta itemprop='eventStatus' content=\"https:\/\/schema.org\/EventScheduled\" \/><meta itemprop='eventAttendanceMode'   itemscope itemtype=\"https:\/\/schema.org\/OfflineEventAttendanceMode\"\/><script type=\"application\/ld+json\">{\"@context\": \"http:\/\/schema.org\",\"@type\": \"Event\",\n\t\t\t\t\"@id\": \"event_2159_6\",\n\t\t\t\t\"eventAttendanceMode\":\"https:\/\/schema.org\/OfflineEventAttendanceMode\",\n\t\t\t\t\"eventStatus\":\"https:\/\/schema.org\/EventScheduled\",\n\t\t\t\t\"name\": \"IL DRITTO DAH\u00d9 CI ASPETTA LASS\u00d9\",\n\t\t\t\t\"url\": \"https:\/\/latemarium.com\/it\/events\/il-dritto-dahu-ci-aspetta-lassu\/var\/ri-6.l-L1\",\n\t\t\t\t\"startDate\": \"2026-8-18T11:00+0:00\",\n\t\t\t\t\"endDate\": \"2026-8-18T23:59+0:00\",\n\t\t\t\t\"image\":\"https:\/\/latemarium.com\/wp-content\/uploads\/2023\/06\/forse-dahu-sa.jpg\", \n\t\t\t\t\"description\":\"<p>L&#8217;inspiegabile equilibrio del Dah\u00f9 porta ricercatrici e ricercatori ad una grande evoluzione, con continui cambi di prospettiva.<\/p> <p>Andiamo di su, di gi\u00f9, di qua, di l\u00e0. Esperti si diventa ri-cercando insieme. Alla partenza verranno distribuiti gli incarichi: la ricerca procede se c\u2019\u00e8 lavoro di squadra. Siete pronti?<\/p> <p>marted\u00ec: dal 7 luglio al 25 agosto 2026<br \/> a monte della telecabina Predazzo-Gardon\u00e8<br \/> ore 11.00<br \/> adatto a famiglie\u00a0(durata 1h30\u2019)<\/p> \"}<\/script><\/div>\r\n\t\t\t\t<p class=\"desc_trig_outter\" style=\"\"><a data-gmap_status=\"null\" data-exlk=\"0\" style=\"background-color: #a69dcd;\" id=\"evc_17870436002159\" class=\"hasFtIMG event_repeat desc_trig sin_val evcal_list_a\" data-ux_val=\"3\" data-ux_val_mob=\"-\"  ><span class='evoet_c1 evoet_cx '><span class='ev_ftImg' data-img='https:\/\/latemarium.com\/wp-content\/uploads\/2023\/06\/forse-dahu-sa.jpg' data-thumb='https:\/\/latemarium.com\/wp-content\/uploads\/2023\/06\/forse-dahu-sa-300x204.jpg' style='background-image:url(\"https:\/\/latemarium.com\/wp-content\/uploads\/2023\/06\/forse-dahu-sa-300x204.jpg\")' ><\/span><\/span><span class='evoet_c2 evoet_cx '><span class='evoet_dayblock evcal_cblock ' data-bgcolor='#a69dcd' data-smon='agosto' data-syr='2026' data-bub=''><span class='evo_start '><em class='date'>18<\/em><em class='month'>ago<\/em><em class='time'>11:00<\/em><\/span><\/span><\/span><span class='evoet_c3 evoet_cx evcal_desc hide_eventtopdata '><span class='evoet_title evcal_desc2 evcal_event_title ' itemprop='name'>IL DRITTO DAH\u00d9 CI ASPETTA LASS\u00d9<\/span><span class='event_location_attrs' data-location_type=\"lonlat\" data-location_name=\"A monte della telecabina Predazzo-Gardon\u00e8\" data-location_url=\"https:\/\/latemarium.com\/it\/event-location\/a-monte-della-telecabina-predazzo-gardone\/\" data-location_status=\"true\" data-latlng=\"46.32878794406342,11.600176728690842\"><\/span><span class='evoet_subtitle evo_below_title' ><span class='evcal_event_subtitle ' >Sentiero Pastore Distratto<\/span><\/span><span class='evoet_time_expand level_3'><em class='evcal_time evo_tz_time'><i class='fa fa-clock-o'><\/i>11:00<span class='evo_tz marl5'>(GMT+02:00)<\/span><\/em> <\/span><span class='evoet_location level_3'><em class=\"evcal_location\"  data-latlng=\"46.32878794406342,11.600176728690842\" data-add_str=\"\" data-n=\"A monte della telecabina Predazzo-Gardon\u00e8\"><i class=\"fa fa-location-pin\"><\/i><em class=\"event_location_name\">A monte della telecabina Predazzo-Gardon\u00e8<\/em><\/em><\/span><\/span><span class='evoet_data' data-d=\"{&quot;loc.n&quot;:&quot;A monte della telecabina Predazzo-Gardon\\u00e8&quot;,&quot;orgs&quot;:[],&quot;tags&quot;:{&quot;repeating&quot;:&quot;Repeating Event&quot;}}\" data-bgc=\"#a69dcd\" data-bggrad=\"\" ><\/span><\/a><\/p><div class='event_description evcal_eventcard ' style=\"display:none\"><div class='evocard_row'><div id='event_ftimage' class='evocard_box ftimage' data-c='' \n\t\t\t\t\tstyle=''><div class='evocard_main_image_hold' data-t='Loading Image..'><div class='evocard_main_image evo_img_triglb evobr15 evobgsc evobgpc evodfx evofx_jc_c evofx_ai_c evofz48 minmized' style='height:300px; background-image:url();' data-f=\"https:\/\/latemarium.com\/wp-content\/uploads\/2023\/06\/forse-dahu-sa.jpg\" data-h=\"587\" data-w=\"862\" data-ratio=\"0.68097447795824\" data-event_id=\"2159\" data-ri=\"6\"  data-t='Loading Image..'><span style='height:300px; background-image:url(https:\/\/latemarium.com\/wp-content\/uploads\/2023\/06\/forse-dahu-sa.jpg)'><\/span><\/div><\/div><\/div><\/div><div class='evocard_row'><div id='event_eventdetails' class='evocard_box eventdetails' data-c='' \n\t\t\t\t\tstyle=''><div class='evo_metarow_details evorow evcal_evdata_row evcal_event_details'>\n\t\t<div class=\"event_excerpt\" style=\"display:none\"><h3 class=\"padb5 evo_h3\">Dettagli dell&#039;evento<\/h3><p>L&#8217;inspiegabile equilibrio del Dah\u00f9 porta ricercatrici e ricercatori ad una grande evoluzione, con continui cambi di prospettiva.\nAndiamo di su, di gi\u00f9, di qua, di l\u00e0. Esperti si diventa ri-cercando insieme.<\/p><\/div><span class='evcal_evdata_icons'><i class='fa fa-align-justify'><\/i><\/span>\n\t\t\n\t\t<div class='evcal_evdata_cell '>\n\t\t\t<div class='eventon_full_description'>\n\t\t\t\t<h3 class='padb5 evo_h3'><span class='evcal_evdata_icons'><i class='fa fa-align-justify'><\/i><\/span>Dettagli dell&#039;evento<\/h3>\n\t\t\t\t<div class='eventon_desc_in' itemprop='description'>\n\t\t\t\t<p>L&#8217;inspiegabile equilibrio del Dah\u00f9 porta ricercatrici e ricercatori ad una grande evoluzione, con continui cambi di prospettiva.<\/p>\n<p>Andiamo di su, di gi\u00f9, di qua, di l\u00e0. Esperti si diventa ri-cercando insieme. Alla partenza verranno distribuiti gli incarichi: la ricerca procede se c\u2019\u00e8 lavoro di squadra. Siete pronti?<\/p>\n<p>marted\u00ec: dal 7 luglio al 25 agosto 2026<br \/>\na monte della telecabina Predazzo-Gardon\u00e8<br \/>\nore 11.00<br \/>\nadatto a famiglie\u00a0(durata 1h30\u2019)<\/p>\n<\/div><div class='clear'><\/div>\n\t\t\t<\/div>\n\t\t<\/div>\n\t<\/div><\/div><\/div><div class='evocard_row bx2 bx'><div id='event_time' class='evocard_box time' data-c='' \n\t\t\t\t\tstyle=''><div class='evo_metarow_time evorow evcal_evdata_row evcal_evrow_sm '>\n\t\t<span class='evcal_evdata_icons'><i class='fa fa-clock'><\/i><\/span>\n\t\t<div class='evcal_evdata_cell'>\t\t\t\t\t\t\t\n\t\t\t<h3 class='evo_h3'><span class='evcal_evdata_icons'><i class='fa fa-clock'><\/i><\/span>Orario<\/h3><p><span class='evo_eventcard_time_t'>18 agosto 2026 11:00<\/span><span class='evo_tz marr5'>(GMT+02:00)<\/span><\/p>\n\t\t<\/div>\n\t<\/div><\/div><div id='event_location' class='evocard_box location' data-c='' \n\t\t\t\t\tstyle=''><div class='evcal_evdata_row evo_metarow_time_location evorow '>\n\t\t\n\t\t\t<span class='evcal_evdata_icons'><i class='fa fa-map-marker'><\/i><\/span>\n\t\t\t<div class='evcal_evdata_cell' data-loc_tax_id='34'><h3 class='evo_h3 evodfx'><span class='evcal_evdata_icons'><i class='fa fa-map-marker'><\/i><\/span>Luogo<\/h3><p class='evo_location_name'>A monte della telecabina Predazzo-Gardon\u00e8<\/p><div class='padt10'><span class='evo_btn_arr evolb_trigger' data-lbvals=\"{&quot;lbc&quot;:&quot;evo_location_lb_34&quot;,&quot;lbac&quot;:&quot;lb_max&quot;,&quot;t&quot;:&quot;A monte della telecabina Predazzo-Gardon\\u00e8&quot;,&quot;ajax&quot;:&quot;yes&quot;,&quot;ajax_type&quot;:&quot;endpoint&quot;,&quot;ajax_action&quot;:&quot;eventon_get_tax_card_content&quot;,&quot;end&quot;:&quot;client&quot;,&quot;d&quot;:{&quot;lang&quot;:&quot;L1&quot;,&quot;term_id&quot;:34,&quot;tax&quot;:&quot;event_location&quot;,&quot;load_lbcontent&quot;:true},&quot;uid&quot;:&quot;eventon_get_tax_card_content&quot;}\" >Other Events<i class='fa fa-chevron-right'><\/i><\/span><\/div><\/div>\n\t\t\n\t<\/div><\/div><\/div><div class='evocard_row bx2 bx'><div id='event_learnmore' class='evocard_box learnmore' data-c='' \n\t\t\t\t\tstyle=''><div class='evo_metarow_learnM evo_metarow_learnmore evorow'>\n\t\t\t\t\t\t\t<a class='evcal_evdata_row evo_clik_row ' href='https:\/\/www.montagnanimata.it\/spettacoli\/' target=\"_blank\">\n\t\t\t\t\t\t\t\t<span class='evcal_evdata_icons'><i class='fa fa-link'><\/i><\/span>\n\t\t\t\t\t\t\t\t<h3 class='evo_h3'>Scopri di pi\u00f9<\/h3>\n\t\t\t\t\t\t\t<\/a>\n\t\t\t\t\t\t\t<\/div><\/div><div id='event_addtocal' class='evocard_box addtocal' data-c='' \n\t\t\t\t\tstyle=''><div class='evo_metarow_ICS evorow evcal_evdata_row'>\n\t\t\t<span class='evcal_evdata_icons'><i class='fa fa-calendar-o'><\/i><\/span>\n\t\t\t<div class='evcal_evdata_cell'>\n\t\t\t\t<p><a href='https:\/\/latemarium.com\/it\/export-events\/2159_6\/?nonce=a3263097f9' class='evo_ics_nCal' title='Aggiungi al tuo calendario'>Calendario<\/a><a href='https:\/\/www.google.com\/calendar\/event?action=TEMPLATE&text=IL+DRITTO+DAH%C3%99+CI+ASPETTA+LASS%C3%99&dates=20260818T090000Z%2F20260818T215900Z&ctz=Europe%2FRome&details=IL DRITTO DAH\u00d9 CI ASPETTA LASS\u00d9&location=A+monte+della+telecabina+Predazzo-Gardon%C3%A8' target='_blank' class='evo_ics_gCal' title='Aggiungi al calendario di Google'>GoogleCal<\/a><\/p>\t\n\t\t\t<\/div>\n\t\t<\/div><\/div><\/div><div class='evocard_row'><div id='event_getdirection' class='evocard_box getdirection' data-c='' \n\t\t\t\t\tstyle=''><div class='evo_metarow_getDr evorow evcal_evdata_row evcal_evrow_sm getdirections'>\n\t\t<form action='https:\/\/maps.google.com\/maps' method='get' target='_blank'>\n\t\t\t<input type='hidden' name='daddr' value=\"46.32878794406342,11.600176728690842\"\/> \n\t\t\t<div class='evo_get_direction_content evo_fx_dr_r evogap10'>\n\t\t\t\t<span class='evogetdir_header evodfx evofx_dr_r evofx_ai_c marr10'>\n\t\t\t\t\t<i class='mainicon fa fa-road'><\/i> \n\t\t\t\t\t<h3 class='evo_h3' style='padding-bottom:5px;'>Ottieni indicazioni stradali<\/h3>\n\t\t\t\t<\/span>\n\t\t\t\t<span class='evogetdir_field evodfx evofx_1_1 evo_fx_dr_c evow100p'>\t\t\t\t\t\n\t\t\t\t\t<input class='evoInput evotac' type='text' name='saddr' placeholder='Digitare l&#039;indirizzo per ottenere le indicazioni stradali' value='' style='margin:10px 0;'\/>\n\t\t\t\t<\/span>\n\t\t\t\t<button type='submit' class='evo_get_direction_button evo_btn_arr_circ dfx fx_ai_c' title='Fare clic qui per ottenere indicazioni'><i class='fa fa-chevron-right'><\/i> <\/button>\n\t\t\t<\/div>\n\t\t<\/form>\n\t<\/div><\/div><\/div><div class='evo_card_row_end evcal_close' title='Testo del pulsante Chiudi evento'><\/div><\/div><div class='clear end'><\/div><\/div><div id=\"event_2079_9\" class=\"eventon_list_event evo_eventtop scheduled  event clrW no_et event_2079_9\" data-event_id=\"2079\" data-ri=\"9r\" data-time=\"1787060700-1787090340\" data-colr=\"#facd05\" itemscope itemtype='http:\/\/schema.org\/Event'><div class=\"evo_event_schema\" style=\"display:none\" ><a itemprop='url'  href='https:\/\/latemarium.com\/it\/events\/mindful-latemar\/var\/ri-9.l-L1'><\/a><meta itemprop='image' content=\"https:\/\/latemarium.com\/wp-content\/uploads\/2023\/06\/\u00a9Obereggen_LatemarAG.SpA_Mindful.Latemar_Ph.Guenther.Pichler_06.jpg\" \/><meta itemprop='startDate' content=\"2026-8-18T15:45+0:00\" \/><meta itemprop='endDate' content=\"2026-8-18T23:59+0:00\" \/><meta itemprop='eventStatus' content=\"https:\/\/schema.org\/EventScheduled\" \/><meta itemprop='eventAttendanceMode'   itemscope itemtype=\"https:\/\/schema.org\/OfflineEventAttendanceMode\"\/><div style=\"display:none\" itemprop=\"location\" itemscope itemtype=\"http:\/\/schema.org\/Place\"><span itemprop=\"name\">Stazione a valle Obereggen<\/span><span itemprop=\"address\" itemscope itemtype=\"http:\/\/schema.org\/PostalAddress\"><item itemprop=\"streetAddress\">Via Obereggen, 16, 39050 Nova Ponente BZ<\/item><\/span><\/div><script type=\"application\/ld+json\">{\"@context\": \"http:\/\/schema.org\",\"@type\": \"Event\",\n\t\t\t\t\"@id\": \"event_2079_9\",\n\t\t\t\t\"eventAttendanceMode\":\"https:\/\/schema.org\/OfflineEventAttendanceMode\",\n\t\t\t\t\"eventStatus\":\"https:\/\/schema.org\/EventScheduled\",\n\t\t\t\t\"name\": \"Mindful.Latemar\",\n\t\t\t\t\"url\": \"https:\/\/latemarium.com\/it\/events\/mindful-latemar\/var\/ri-9.l-L1\",\n\t\t\t\t\"startDate\": \"2026-8-18T15:45+0:00\",\n\t\t\t\t\"endDate\": \"2026-8-18T23:59+0:00\",\n\t\t\t\t\"image\":\"https:\/\/latemarium.com\/wp-content\/uploads\/2023\/06\/\u00a9Obereggen_LatemarAG.SpA_Mindful.Latemar_Ph.Guenther.Pichler_06.jpg\", \n\t\t\t\t\"description\":\"<p>Mindful.Latemar si trova a Obereggen lungo il <strong>sentiero circolare sul monte Golfrion<\/strong>, nel cuore delle Dolomiti a 1872 metri di altitudine.<\/p> <p>Il percorso prevede <strong>18 esercizi di Mindfulness<\/strong> in un luogo speciale che vuole rappresentare un esempio di rinascita e resilienza dopo che \u00e8 stato colpito dalla tempesta Vaia nel novembre 2018.<\/p> <h3 class='wysiwyg__subline'>Il Dott. Bernagozzi ti accompagna ogni marted\u00ec:<\/h3> <div class='wysiwyg__description'> <p>dalle ore 13.30 alle ore 15.30 (in tedesco)<br \/> dalle ore 15.45 alle ore 17.45 (in italiano)<\/p> <\/div> <ul> <li>Punto di ritrovo: stazione a valle cabinovia &#8220;Obereggen-Ochsenweide&#8221;<\/li> <li>Prezzo: 30,00 \u20ac a persona inclusa l&#8217;andata e il ritorno con la\u00a0cabinovia<\/li> <li>Prenotazione online al seguente link:\u00a0<u><strong><a href='https:\/\/eggental.com\/it\/ajax-events#11946' target='_blank' rel='noopener'>Val d&#8217;Ega Turismo<\/a><\/strong><\/u>\u00a0(max. 10 persone)<\/li> <\/ul> \",\"location\":[{\"@type\":\"Place\",\"name\":\"Stazione a valle Obereggen\",\"address\":{\"@type\": \"PostalAddress\",\"streetAddress\":\"Via Obereggen, 16, 39050 Nova Ponente BZ\"}}]}<\/script><\/div>\r\n\t\t\t\t<p class=\"desc_trig_outter\" style=\"\"><a data-gmtrig=\"1\" data-exlk=\"0\" style=\"background-color: #facd05;\" id=\"evc_17870607002079\" class=\"hasFtIMG event_repeat desc_trig sin_val evcal_list_a\" data-ux_val=\"3\" data-ux_val_mob=\"-\"  ><span class='evoet_c1 evoet_cx '><span class='ev_ftImg' data-img='https:\/\/latemarium.com\/wp-content\/uploads\/2023\/06\/\u00a9Obereggen_LatemarAG.SpA_Mindful.Latemar_Ph.Guenther.Pichler_06.jpg' data-thumb='https:\/\/latemarium.com\/wp-content\/uploads\/2023\/06\/\u00a9Obereggen_LatemarAG.SpA_Mindful.Latemar_Ph.Guenther.Pichler_06-300x169.jpg' style='background-image:url(\"https:\/\/latemarium.com\/wp-content\/uploads\/2023\/06\/\u00a9Obereggen_LatemarAG.SpA_Mindful.Latemar_Ph.Guenther.Pichler_06-300x169.jpg\")' ><\/span><\/span><span class='evoet_c2 evoet_cx '><span class='evoet_dayblock evcal_cblock ' data-bgcolor='#facd05' data-smon='agosto' data-syr='2026' data-bub=''><span class='evo_start '><em class='date'>18<\/em><em class='month'>ago<\/em><em class='time'>15:45<\/em><\/span><\/span><\/span><span class='evoet_c3 evoet_cx evcal_desc hide_eventtopdata '><span class='evoet_title evcal_desc2 evcal_event_title ' itemprop='name'>Mindful.Latemar<\/span><span class='event_location_attrs'  data-location_address=\"Via Obereggen, 16, 39050 Nova Ponente BZ\" data-location_type=\"lonlat\" data-location_name=\"Stazione a valle Obereggen\" data-location_url=\"https:\/\/latemarium.com\/it\/event-location\/stazione-a-valle-obereggen\/\" data-location_status=\"true\" data-latlng=\"46.3835808246333,11.52667595881786\"><\/span><span class='evoet_subtitle evo_below_title' ><span class='evcal_event_subtitle ' >Passeggiata Mindfulness con Psicologo del Benessere e Istruttore di Mindfulness Dott. Thomas Bernagozzi. <\/span><\/span><span class='evoet_time_expand level_3'><em class='evcal_time evo_tz_time'><i class='fa fa-clock-o'><\/i>15:45<span class='evo_tz marl5'>(GMT+02:00)<\/span><\/em> <\/span><span class='evoet_location level_3'><em class=\"evcal_location\"  data-latlng=\"46.3835808246333,11.52667595881786\" data-add_str=\"Via Obereggen, 16, 39050 Nova Ponente BZ\" data-n=\"Stazione a valle Obereggen\"><i class=\"fa fa-location-pin\"><\/i><em class=\"event_location_name\">Stazione a valle Obereggen<\/em>, Via Obereggen, 16, 39050 Nova Ponente BZ<\/em><\/span><\/span><span class='evoet_data' data-d=\"{&quot;loc.n&quot;:&quot;Stazione a valle Obereggen&quot;,&quot;orgs&quot;:[],&quot;tags&quot;:{&quot;repeating&quot;:&quot;Repeating Event&quot;}}\" data-bgc=\"#facd05\" data-bggrad=\"\" ><\/span><\/a><\/p><div class='event_description evcal_eventcard ' style=\"display:none\"><div class='evocard_row'><div id='event_ftimage' class='evocard_box ftimage' data-c='' \n\t\t\t\t\tstyle=''><div class='evocard_main_image_hold' data-t='Loading Image..'><div class='evocard_main_image evo_img_triglb evobr15 evobgsc evobgpc evodfx evofx_jc_c evofx_ai_c evofz48 minmized' style='height:300px; background-image:url();' data-f=\"https:\/\/latemarium.com\/wp-content\/uploads\/2023\/06\/\u00a9Obereggen_LatemarAG.SpA_Mindful.Latemar_Ph.Guenther.Pichler_06.jpg\" data-h=\"812\" data-w=\"1445\" data-ratio=\"0.56193771626298\" data-event_id=\"2079\" data-ri=\"9\"  data-t='Loading Image..'><span style='height:300px; background-image:url(https:\/\/latemarium.com\/wp-content\/uploads\/2023\/06\/\u00a9Obereggen_LatemarAG.SpA_Mindful.Latemar_Ph.Guenther.Pichler_06.jpg)'><\/span><\/div><\/div><\/div><\/div><div class='evocard_row'><div id='event_eventdetails' class='evocard_box eventdetails' data-c='' \n\t\t\t\t\tstyle=''><div class='evo_metarow_details evorow evcal_evdata_row evcal_event_details'>\n\t\t<div class=\"event_excerpt\" style=\"display:none\"><h3 class=\"padb5 evo_h3\">Dettagli dell&#039;evento<\/h3><p>Mindful.Latemar si trova a Obereggen lungo il sentiero circolare sul monte Golfrion, nel cuore delle Dolomiti a 1872 metri di altitudine.\nIl percorso prevede 18 esercizi di Mindfulness in un luogo<\/p><\/div><span class='evcal_evdata_icons'><i class='fa fa-align-justify'><\/i><\/span>\n\t\t\n\t\t<div class='evcal_evdata_cell shorter_desc'>\n\t\t\t<div class='eventon_full_description'>\n\t\t\t\t<h3 class='padb5 evo_h3'><span class='evcal_evdata_icons'><i class='fa fa-align-justify'><\/i><\/span>Dettagli dell&#039;evento<\/h3>\n\t\t\t\t<div class='eventon_desc_in' itemprop='description'>\n\t\t\t\t<p>Mindful.Latemar si trova a Obereggen lungo il <strong>sentiero circolare sul monte Golfrion<\/strong>, nel cuore delle Dolomiti a 1872 metri di altitudine.<\/p>\n<p>Il percorso prevede <strong>18 esercizi di Mindfulness<\/strong> in un luogo speciale che vuole rappresentare un esempio di rinascita e resilienza dopo che \u00e8 stato colpito dalla tempesta Vaia nel novembre 2018.<\/p>\n<h3 class=\"wysiwyg__subline\">Il Dott. Bernagozzi ti accompagna ogni marted\u00ec:<\/h3>\n<div class=\"wysiwyg__description\">\n<p>dalle ore 13.30 alle ore 15.30 (in tedesco)<br \/>\ndalle ore 15.45 alle ore 17.45 (in italiano)<\/p>\n<\/div>\n<ul>\n<li>Punto di ritrovo: stazione a valle cabinovia &#8220;Obereggen-Ochsenweide&#8221;<\/li>\n<li>Prezzo: 30,00 \u20ac a persona inclusa l&#8217;andata e il ritorno con la\u00a0cabinovia<\/li>\n<li>Prenotazione online al seguente link:\u00a0<u><strong><a href=\"https:\/\/eggental.com\/it\/ajax-events#11946\" target=\"_blank\" rel=\"noopener\">Val d&#8217;Ega Turismo<\/a><\/strong><\/u>\u00a0(max. 10 persone)<\/li>\n<\/ul>\n<\/div><p class='eventon_shad_p' style='padding:5px 0 0; margin:0'>\n\t\t\t<span class='evcal_btn evo_btn_secondary evobtn_details_show_more' content='less'>\n\t\t\t\t<span class='ev_more_text' data-txt='Meno'>Pi\u00f9<\/span><span class='ev_more_arrow ard'><\/span>\n\t\t\t<\/span>\n\t\t<\/p><div class='clear'><\/div>\n\t\t\t<\/div>\n\t\t<\/div>\n\t<\/div><\/div><\/div><div class='evocard_row bx2 bx'><div id='event_time' class='evocard_box time' data-c='' \n\t\t\t\t\tstyle=''><div class='evo_metarow_time evorow evcal_evdata_row evcal_evrow_sm '>\n\t\t<span class='evcal_evdata_icons'><i class='fa fa-clock'><\/i><\/span>\n\t\t<div class='evcal_evdata_cell'>\t\t\t\t\t\t\t\n\t\t\t<h3 class='evo_h3'><span class='evcal_evdata_icons'><i class='fa fa-clock'><\/i><\/span>Orario<\/h3><p><span class='evo_eventcard_time_t'>18 agosto 2026 15:45<\/span><span class='evo_tz marr5'>(GMT+02:00)<\/span><\/p>\n\t\t<\/div>\n\t<\/div><\/div><div id='event_location' class='evocard_box location' data-c='' \n\t\t\t\t\tstyle=''><div class='evcal_evdata_row evo_metarow_time_location evorow '>\n\t\t\n\t\t\t<span class='evcal_evdata_icons'><i class='fa fa-map-marker'><\/i><\/span>\n\t\t\t<div class='evcal_evdata_cell' data-loc_tax_id='22'><h3 class='evo_h3 evodfx'><span class='evcal_evdata_icons'><i class='fa fa-map-marker'><\/i><\/span>Luogo<\/h3><p class='evo_location_name'>Stazione a valle Obereggen<\/p><p class='evo_location_address evodfxi evogap10'>Via Obereggen, 16, 39050 Nova Ponente BZ<\/p><div class='padt10'><span class='evo_btn_arr evolb_trigger' data-lbvals=\"{&quot;lbc&quot;:&quot;evo_location_lb_22&quot;,&quot;lbac&quot;:&quot;lb_max&quot;,&quot;t&quot;:&quot;Stazione a valle Obereggen&quot;,&quot;ajax&quot;:&quot;yes&quot;,&quot;ajax_type&quot;:&quot;endpoint&quot;,&quot;ajax_action&quot;:&quot;eventon_get_tax_card_content&quot;,&quot;end&quot;:&quot;client&quot;,&quot;d&quot;:{&quot;lang&quot;:&quot;L1&quot;,&quot;term_id&quot;:22,&quot;tax&quot;:&quot;event_location&quot;,&quot;load_lbcontent&quot;:true},&quot;uid&quot;:&quot;eventon_get_tax_card_content&quot;}\" >Other Events<i class='fa fa-chevron-right'><\/i><\/span><\/div><\/div>\n\t\t\n\t<\/div><\/div><\/div><div class='evocard_row bx2 bx'><div id='event_learnmore' class='evocard_box learnmore' data-c='' \n\t\t\t\t\tstyle=''><div class='evo_metarow_learnM evo_metarow_learnmore evorow'>\n\t\t\t\t\t\t\t<a class='evcal_evdata_row evo_clik_row ' href='https:\/\/obereggen.com\/it\/mindfullatemar' target=\"_blank\">\n\t\t\t\t\t\t\t\t<span class='evcal_evdata_icons'><i class='fa fa-link'><\/i><\/span>\n\t\t\t\t\t\t\t\t<h3 class='evo_h3'>Scopri di pi\u00f9<\/h3>\n\t\t\t\t\t\t\t<\/a>\n\t\t\t\t\t\t\t<\/div><\/div><div id='event_addtocal' class='evocard_box addtocal' data-c='' \n\t\t\t\t\tstyle=''><div class='evo_metarow_ICS evorow evcal_evdata_row'>\n\t\t\t<span class='evcal_evdata_icons'><i class='fa fa-calendar-o'><\/i><\/span>\n\t\t\t<div class='evcal_evdata_cell'>\n\t\t\t\t<p><a href='https:\/\/latemarium.com\/it\/export-events\/2079_9\/?nonce=a3263097f9' class='evo_ics_nCal' title='Aggiungi al tuo calendario'>Calendario<\/a><a href='https:\/\/www.google.com\/calendar\/event?action=TEMPLATE&text=Mindful.Latemar&dates=20260818T134500Z%2F20260818T215900Z&ctz=Europe%2FRome&details=Mindful.Latemar&location=Stazione+a+valle+Obereggen+Via+Obereggen%2C+16%2C+39050+Nova+Ponente+BZ' target='_blank' class='evo_ics_gCal' title='Aggiungi al calendario di Google'>GoogleCal<\/a><\/p>\t\n\t\t\t<\/div>\n\t\t<\/div><\/div><\/div><div class='evocard_row'><div id='event_getdirection' class='evocard_box getdirection' data-c='' \n\t\t\t\t\tstyle=''><div class='evo_metarow_getDr evorow evcal_evdata_row evcal_evrow_sm getdirections'>\n\t\t<form action='https:\/\/maps.google.com\/maps' method='get' target='_blank'>\n\t\t\t<input type='hidden' name='daddr' value=\"46.3835808246333,11.52667595881786\"\/> \n\t\t\t<div class='evo_get_direction_content evo_fx_dr_r evogap10'>\n\t\t\t\t<span class='evogetdir_header evodfx evofx_dr_r evofx_ai_c marr10'>\n\t\t\t\t\t<i class='mainicon fa fa-road'><\/i> \n\t\t\t\t\t<h3 class='evo_h3' style='padding-bottom:5px;'>Ottieni indicazioni stradali<\/h3>\n\t\t\t\t<\/span>\n\t\t\t\t<span class='evogetdir_field evodfx evofx_1_1 evo_fx_dr_c evow100p'>\t\t\t\t\t\n\t\t\t\t\t<input class='evoInput evotac' type='text' name='saddr' placeholder='Digitare l&#039;indirizzo per ottenere le indicazioni stradali' value='' style='margin:10px 0;'\/>\n\t\t\t\t<\/span>\n\t\t\t\t<button type='submit' class='evo_get_direction_button evo_btn_arr_circ dfx fx_ai_c' title='Fare clic qui per ottenere indicazioni'><i class='fa fa-chevron-right'><\/i> <\/button>\n\t\t\t<\/div>\n\t\t<\/form>\n\t<\/div><\/div><\/div><div class='evo_card_row_end evcal_close' title='Testo del pulsante Chiudi evento'><\/div><\/div><div class='clear end'><\/div><\/div><div id=\"event_2181_7\" class=\"eventon_list_event evo_eventtop scheduled  event clrD no_et event_2181_7\" data-event_id=\"2181\" data-ri=\"7r\" data-time=\"1787124600-1787176740\" data-colr=\"#ba181d\" itemscope itemtype='http:\/\/schema.org\/Event'><div class=\"evo_event_schema\" style=\"display:none\" ><a itemprop='url'  href='https:\/\/latemarium.com\/it\/events\/geotrekking-torre-di-pisa\/var\/ri-7.l-L1'><\/a><meta itemprop='image' content=\"https:\/\/latemarium.com\/wp-content\/uploads\/2020\/06\/latemar-torre-di-pisa-estate-2019_ph.alice-russolo-90-scaled.jpg\" \/><meta itemprop='startDate' content=\"2026-8-19T09:30+0:00\" \/><meta itemprop='endDate' content=\"2026-8-19T23:59+0:00\" \/><meta itemprop='eventStatus' content=\"https:\/\/schema.org\/EventScheduled\" \/><meta itemprop='eventAttendanceMode'   itemscope itemtype=\"https:\/\/schema.org\/OfflineEventAttendanceMode\"\/><script type=\"application\/ld+json\">{\"@context\": \"http:\/\/schema.org\",\"@type\": \"Event\",\n\t\t\t\t\"@id\": \"event_2181_7\",\n\t\t\t\t\"eventAttendanceMode\":\"https:\/\/schema.org\/OfflineEventAttendanceMode\",\n\t\t\t\t\"eventStatus\":\"https:\/\/schema.org\/EventScheduled\",\n\t\t\t\t\"name\": \"GEOTREKKING TORRE DI PISA\",\n\t\t\t\t\"url\": \"https:\/\/latemarium.com\/it\/events\/geotrekking-torre-di-pisa\/var\/ri-7.l-L1\",\n\t\t\t\t\"startDate\": \"2026-8-19T09:30+0:00\",\n\t\t\t\t\"endDate\": \"2026-8-19T23:59+0:00\",\n\t\t\t\t\"image\":\"https:\/\/latemarium.com\/wp-content\/uploads\/2020\/06\/latemar-torre-di-pisa-estate-2019_ph.alice-russolo-90-scaled.jpg\", \n\t\t\t\t\"description\":\"<p><strong>Emozionante escursione geologica in quota<\/strong>, alla scoperta dell\u2019atollo del Latemar, perla dell\u2019arcipelago fossile delle Dolomiti Patrimonio UNESCO. Un suggestivo percorso ad anello guidati da un esperto Geologo e Accompagnatore di Media Montagna. Da passo Feudo si sale al rifugio Torre di Pisa per proseguire in quota fino alla forcella dei Camosci, da cui si scende rituffandosi nella profondit\u00e0 del mare tropicale fino al punto di partenza. Pranzo al sacco. Et\u00e0 minima 12 anni.<\/p> <p>Il percorso \u00e8 media difficolt\u00e0, con sentieri ben percorribili e brevi tratti leggermente esposti, dislivello 780 metri circa.<\/p> <p>Prenotazione obbligatoria entro le ore 18.30 del giorno precedente al numero:\u00a00462 241111<\/p> \"}<\/script><\/div>\r\n\t\t\t\t<p class=\"desc_trig_outter\" style=\"\"><a data-gmap_status=\"null\" data-exlk=\"0\" style=\"background-color: #ba181d;\" id=\"evc_17871246002181\" class=\"hasFtIMG event_repeat desc_trig sin_val evcal_list_a\" data-ux_val=\"3\" data-ux_val_mob=\"-\"  ><span class='evoet_c1 evoet_cx '><span class='ev_ftImg' data-img='https:\/\/latemarium.com\/wp-content\/uploads\/2020\/06\/latemar-torre-di-pisa-estate-2019_ph.alice-russolo-90-scaled.jpg' data-thumb='https:\/\/latemarium.com\/wp-content\/uploads\/2020\/06\/latemar-torre-di-pisa-estate-2019_ph.alice-russolo-90-300x200.jpg' style='background-image:url(\"https:\/\/latemarium.com\/wp-content\/uploads\/2020\/06\/latemar-torre-di-pisa-estate-2019_ph.alice-russolo-90-300x200.jpg\")' ><\/span><\/span><span class='evoet_c2 evoet_cx '><span class='evoet_dayblock evcal_cblock ' data-bgcolor='#ba181d' data-smon='agosto' data-syr='2026' data-bub=''><span class='evo_start '><em class='date'>19<\/em><em class='month'>ago<\/em><em class='time'>09:30<\/em><\/span><\/span><\/span><span class='evoet_c3 evoet_cx evcal_desc hide_eventtopdata '><span class='evoet_title evcal_desc2 evcal_event_title ' itemprop='name'>GEOTREKKING TORRE DI PISA<\/span><span class='event_location_attrs' data-location_type=\"lonlat\" data-location_name=\"A monte della seggiovia Gardon\u00e8-Passo Feudo\" data-location_url=\"https:\/\/latemarium.com\/it\/event-location\/a-monte-della-seggiovia-gardone-passo-feudo\/\" data-location_status=\"true\" data-latlng=\"46.32878794406342,11.600176728690842\"><\/span><span class='evoet_subtitle evo_below_title' ><span class='evcal_event_subtitle ' >GEOTREKKING TORRE DI PISA<\/span><\/span><span class='evoet_time_expand level_3'><em class='evcal_time evo_tz_time'><i class='fa fa-clock-o'><\/i>09:30<span class='evo_tz marl5'>(GMT+02:00)<\/span><\/em> <\/span><span class='evoet_location level_3'><em class=\"evcal_location\"  data-latlng=\"46.32878794406342,11.600176728690842\" data-add_str=\"\" data-n=\"A monte della seggiovia Gardon\u00e8-Passo Feudo\"><i class=\"fa fa-location-pin\"><\/i><em class=\"event_location_name\">A monte della seggiovia Gardon\u00e8-Passo Feudo<\/em><\/em><\/span><\/span><span class='evoet_data' data-d=\"{&quot;loc.n&quot;:&quot;A monte della seggiovia Gardon\\u00e8-Passo Feudo&quot;,&quot;orgs&quot;:[],&quot;tags&quot;:{&quot;repeating&quot;:&quot;Repeating Event&quot;}}\" data-bgc=\"#ba181d\" data-bggrad=\"\" ><\/span><\/a><\/p><div class='event_description evcal_eventcard ' style=\"display:none\"><div class='evocard_row'><div id='event_ftimage' class='evocard_box ftimage' data-c='' \n\t\t\t\t\tstyle=''><div class='evocard_main_image_hold' data-t='Loading Image..'><div class='evocard_main_image evo_img_triglb evobr15 evobgsc evobgpc evodfx evofx_jc_c evofx_ai_c evofz48 minmized' style='height:300px; background-image:url();' data-f=\"https:\/\/latemarium.com\/wp-content\/uploads\/2020\/06\/latemar-torre-di-pisa-estate-2019_ph.alice-russolo-90-scaled.jpg\" data-h=\"1707\" data-w=\"2560\" data-ratio=\"0.666796875\" data-event_id=\"2181\" data-ri=\"7\"  data-t='Loading Image..'><span style='height:300px; background-image:url(https:\/\/latemarium.com\/wp-content\/uploads\/2020\/06\/latemar-torre-di-pisa-estate-2019_ph.alice-russolo-90-scaled.jpg)'><\/span><\/div><\/div><\/div><\/div><div class='evocard_row'><div id='event_eventdetails' class='evocard_box eventdetails' data-c='' \n\t\t\t\t\tstyle=''><div class='evo_metarow_details evorow evcal_evdata_row evcal_event_details'>\n\t\t<div class=\"event_excerpt\" style=\"display:none\"><h3 class=\"padb5 evo_h3\">Dettagli dell&#039;evento<\/h3><p>Emozionante escursione geologica in quota, alla scoperta dell\u2019atollo del Latemar, perla dell\u2019arcipelago fossile delle Dolomiti Patrimonio UNESCO. Un suggestivo percorso ad anello guidati da un esperto Geologo e Accompagnatore di<\/p><\/div><span class='evcal_evdata_icons'><i class='fa fa-align-justify'><\/i><\/span>\n\t\t\n\t\t<div class='evcal_evdata_cell shorter_desc'>\n\t\t\t<div class='eventon_full_description'>\n\t\t\t\t<h3 class='padb5 evo_h3'><span class='evcal_evdata_icons'><i class='fa fa-align-justify'><\/i><\/span>Dettagli dell&#039;evento<\/h3>\n\t\t\t\t<div class='eventon_desc_in' itemprop='description'>\n\t\t\t\t<p><strong>Emozionante escursione geologica in quota<\/strong>, alla scoperta dell\u2019atollo del Latemar, perla dell\u2019arcipelago fossile delle Dolomiti Patrimonio UNESCO. Un suggestivo percorso ad anello guidati da un esperto Geologo e Accompagnatore di Media Montagna. Da passo Feudo si sale al rifugio Torre di Pisa per proseguire in quota fino alla forcella dei Camosci, da cui si scende rituffandosi nella profondit\u00e0 del mare tropicale fino al punto di partenza. Pranzo al sacco. Et\u00e0 minima 12 anni.<\/p>\n<p>Il percorso \u00e8 media difficolt\u00e0, con sentieri ben percorribili e brevi tratti leggermente esposti, dislivello 780 metri circa.<\/p>\n<p>Prenotazione obbligatoria entro le ore 18.30 del giorno precedente al numero:\u00a00462 241111<\/p>\n<\/div><p class='eventon_shad_p' style='padding:5px 0 0; margin:0'>\n\t\t\t<span class='evcal_btn evo_btn_secondary evobtn_details_show_more' content='less'>\n\t\t\t\t<span class='ev_more_text' data-txt='Meno'>Pi\u00f9<\/span><span class='ev_more_arrow ard'><\/span>\n\t\t\t<\/span>\n\t\t<\/p><div class='clear'><\/div>\n\t\t\t<\/div>\n\t\t<\/div>\n\t<\/div><\/div><\/div><div class='evocard_row bx2 bx'><div id='event_time' class='evocard_box time' data-c='' \n\t\t\t\t\tstyle=''><div class='evo_metarow_time evorow evcal_evdata_row evcal_evrow_sm '>\n\t\t<span class='evcal_evdata_icons'><i class='fa fa-clock'><\/i><\/span>\n\t\t<div class='evcal_evdata_cell'>\t\t\t\t\t\t\t\n\t\t\t<h3 class='evo_h3'><span class='evcal_evdata_icons'><i class='fa fa-clock'><\/i><\/span>Orario<\/h3><p><span class='evo_eventcard_time_t'>19 agosto 2026 09:30<\/span><span class='evo_tz marr5'>(GMT+02:00)<\/span><\/p>\n\t\t<\/div>\n\t<\/div><\/div><div id='event_location' class='evocard_box location' data-c='' \n\t\t\t\t\tstyle=''><div class='evcal_evdata_row evo_metarow_time_location evorow '>\n\t\t\n\t\t\t<span class='evcal_evdata_icons'><i class='fa fa-map-marker'><\/i><\/span>\n\t\t\t<div class='evcal_evdata_cell' data-loc_tax_id='37'><h3 class='evo_h3 evodfx'><span class='evcal_evdata_icons'><i class='fa fa-map-marker'><\/i><\/span>Luogo<\/h3><p class='evo_location_name'>A monte della seggiovia Gardon\u00e8-Passo Feudo<\/p><div class='padt10'><span class='evo_btn_arr evolb_trigger' data-lbvals=\"{&quot;lbc&quot;:&quot;evo_location_lb_37&quot;,&quot;lbac&quot;:&quot;lb_max&quot;,&quot;t&quot;:&quot;A monte della seggiovia Gardon\\u00e8-Passo Feudo&quot;,&quot;ajax&quot;:&quot;yes&quot;,&quot;ajax_type&quot;:&quot;endpoint&quot;,&quot;ajax_action&quot;:&quot;eventon_get_tax_card_content&quot;,&quot;end&quot;:&quot;client&quot;,&quot;d&quot;:{&quot;lang&quot;:&quot;L1&quot;,&quot;term_id&quot;:37,&quot;tax&quot;:&quot;event_location&quot;,&quot;load_lbcontent&quot;:true},&quot;uid&quot;:&quot;eventon_get_tax_card_content&quot;}\" >Other Events<i class='fa fa-chevron-right'><\/i><\/span><\/div><\/div>\n\t\t\n\t<\/div><\/div><\/div><div class='evocard_row bx2 bx'><div id='event_learnmore' class='evocard_box learnmore' data-c='' \n\t\t\t\t\tstyle=''><div class='evo_metarow_learnM evo_metarow_learnmore evorow'>\n\t\t\t\t\t\t\t<a class='evcal_evdata_row evo_clik_row ' href='https:\/\/www.latemar.it\/estate\/geotrekking\/' target=\"_blank\">\n\t\t\t\t\t\t\t\t<span class='evcal_evdata_icons'><i class='fa fa-link'><\/i><\/span>\n\t\t\t\t\t\t\t\t<h3 class='evo_h3'>Scopri di pi\u00f9<\/h3>\n\t\t\t\t\t\t\t<\/a>\n\t\t\t\t\t\t\t<\/div><\/div><div id='event_addtocal' class='evocard_box addtocal' data-c='' \n\t\t\t\t\tstyle=''><div class='evo_metarow_ICS evorow evcal_evdata_row'>\n\t\t\t<span class='evcal_evdata_icons'><i class='fa fa-calendar-o'><\/i><\/span>\n\t\t\t<div class='evcal_evdata_cell'>\n\t\t\t\t<p><a href='https:\/\/latemarium.com\/it\/export-events\/2181_7\/?nonce=a3263097f9' class='evo_ics_nCal' title='Aggiungi al tuo calendario'>Calendario<\/a><a href='https:\/\/www.google.com\/calendar\/event?action=TEMPLATE&text=GEOTREKKING+TORRE+DI+PISA&dates=20260819T073000Z%2F20260819T215900Z&ctz=Europe%2FRome&details=GEOTREKKING TORRE DI PISA&location=A+monte+della+seggiovia+Gardon%C3%A8-Passo+Feudo' target='_blank' class='evo_ics_gCal' title='Aggiungi al calendario di Google'>GoogleCal<\/a><\/p>\t\n\t\t\t<\/div>\n\t\t<\/div><\/div><\/div><div class='evocard_row'><div id='event_getdirection' class='evocard_box getdirection' data-c='' \n\t\t\t\t\tstyle=''><div class='evo_metarow_getDr evorow evcal_evdata_row evcal_evrow_sm getdirections'>\n\t\t<form action='https:\/\/maps.google.com\/maps' method='get' target='_blank'>\n\t\t\t<input type='hidden' name='daddr' value=\"46.32878794406342,11.600176728690842\"\/> \n\t\t\t<div class='evo_get_direction_content evo_fx_dr_r evogap10'>\n\t\t\t\t<span class='evogetdir_header evodfx evofx_dr_r evofx_ai_c marr10'>\n\t\t\t\t\t<i class='mainicon fa fa-road'><\/i> \n\t\t\t\t\t<h3 class='evo_h3' style='padding-bottom:5px;'>Ottieni indicazioni stradali<\/h3>\n\t\t\t\t<\/span>\n\t\t\t\t<span class='evogetdir_field evodfx evofx_1_1 evo_fx_dr_c evow100p'>\t\t\t\t\t\n\t\t\t\t\t<input class='evoInput evotac' type='text' name='saddr' placeholder='Digitare l&#039;indirizzo per ottenere le indicazioni stradali' value='' style='margin:10px 0;'\/>\n\t\t\t\t<\/span>\n\t\t\t\t<button type='submit' class='evo_get_direction_button evo_btn_arr_circ dfx fx_ai_c' title='Fare clic qui per ottenere indicazioni'><i class='fa fa-chevron-right'><\/i> <\/button>\n\t\t\t<\/div>\n\t\t<\/form>\n\t<\/div><\/div><\/div><div class='evo_card_row_end evcal_close' title='Testo del pulsante Chiudi evento'><\/div><\/div><div class='clear end'><\/div><\/div><div id=\"event_2169_6\" class=\"eventon_list_event evo_eventtop scheduled  event clrW no_et event_2169_6\" data-event_id=\"2169\" data-ri=\"6r\" data-time=\"1787128200-1787176740\" data-colr=\"#a69dcd\" itemscope itemtype='http:\/\/schema.org\/Event'><div class=\"evo_event_schema\" style=\"display:none\" ><a itemprop='url'  href='https:\/\/latemarium.com\/it\/events\/gea-alla-conquista-della-cima\/var\/ri-6.l-L1'><\/a><meta itemprop='image' content=\"https:\/\/latemarium.com\/wp-content\/uploads\/2023\/06\/geotrail-1200x800-alice-russolo-rocce-barca-2.jpg\" \/><meta itemprop='startDate' content=\"2026-8-19T10:30+0:00\" \/><meta itemprop='endDate' content=\"2026-8-19T23:59+0:00\" \/><meta itemprop='eventStatus' content=\"https:\/\/schema.org\/EventScheduled\" \/><meta itemprop='eventAttendanceMode'   itemscope itemtype=\"https:\/\/schema.org\/OfflineEventAttendanceMode\"\/><script type=\"application\/ld+json\">{\"@context\": \"http:\/\/schema.org\",\"@type\": \"Event\",\n\t\t\t\t\"@id\": \"event_2169_6\",\n\t\t\t\t\"eventAttendanceMode\":\"https:\/\/schema.org\/OfflineEventAttendanceMode\",\n\t\t\t\t\"eventStatus\":\"https:\/\/schema.org\/EventScheduled\",\n\t\t\t\t\"name\": \"Gea alla conquista della cima\",\n\t\t\t\t\"url\": \"https:\/\/latemarium.com\/it\/events\/gea-alla-conquista-della-cima\/var\/ri-6.l-L1\",\n\t\t\t\t\"startDate\": \"2026-8-19T10:30+0:00\",\n\t\t\t\t\"endDate\": \"2026-8-19T23:59+0:00\",\n\t\t\t\t\"image\":\"https:\/\/latemarium.com\/wp-content\/uploads\/2023\/06\/geotrail-1200x800-alice-russolo-rocce-barca-2.jpg\", \n\t\t\t\t\"description\":\"<p>La nostra Gea, libera e entusiasta compie una nuova impresa con due esperti accompagnatori e insieme conquisteranno la cima!<\/p> <p>mercoled\u00ec: dall&#8217;8 luglio al 19 agosto 2026<br \/> a monte della seggiovia Gardon\u00e8-Passo Feudo<br \/> ore 10.30<br \/> adatto a famiglie e bambini dai 5 anni in su\u00a0(durata 1h30\u2019)<\/p> \"}<\/script><\/div>\r\n\t\t\t\t<p class=\"desc_trig_outter\" style=\"\"><a data-gmap_status=\"null\" data-exlk=\"0\" style=\"background-color: #a69dcd;\" id=\"evc_17871282002169\" class=\"hasFtIMG event_repeat desc_trig sin_val evcal_list_a\" data-ux_val=\"3\" data-ux_val_mob=\"-\"  ><span class='evoet_c1 evoet_cx '><span class='ev_ftImg' data-img='https:\/\/latemarium.com\/wp-content\/uploads\/2023\/06\/geotrail-1200x800-alice-russolo-rocce-barca-2.jpg' data-thumb='https:\/\/latemarium.com\/wp-content\/uploads\/2023\/06\/geotrail-1200x800-alice-russolo-rocce-barca-2-300x200.jpg' style='background-image:url(\"https:\/\/latemarium.com\/wp-content\/uploads\/2023\/06\/geotrail-1200x800-alice-russolo-rocce-barca-2-300x200.jpg\")' ><\/span><\/span><span class='evoet_c2 evoet_cx '><span class='evoet_dayblock evcal_cblock ' data-bgcolor='#a69dcd' data-smon='agosto' data-syr='2026' data-bub=''><span class='evo_start '><em class='date'>19<\/em><em class='month'>ago<\/em><em class='time'>10:30<\/em><\/span><\/span><\/span><span class='evoet_c3 evoet_cx evcal_desc hide_eventtopdata '><span class='evoet_title evcal_desc2 evcal_event_title ' itemprop='name'>Gea alla conquista della cima<\/span><span class='event_location_attrs' data-location_type=\"lonlat\" data-location_name=\"A monte della seggiovia Gardon\u00e8-Passo Feudo\" data-location_url=\"https:\/\/latemarium.com\/it\/event-location\/a-monte-della-seggiovia-gardone-passo-feudo\/\" data-location_status=\"true\" data-latlng=\"46.32878794406342,11.600176728690842\"><\/span><span class='evoet_subtitle evo_below_title' ><span class='evcal_event_subtitle ' >Spettacolo itinerante sul Geotrail Dos Cap\u00e8l<\/span><\/span><span class='evoet_time_expand level_3'><em class='evcal_time evo_tz_time'><i class='fa fa-clock-o'><\/i>10:30<span class='evo_tz marl5'>(GMT+02:00)<\/span><\/em> <\/span><span class='evoet_location level_3'><em class=\"evcal_location\"  data-latlng=\"46.32878794406342,11.600176728690842\" data-add_str=\"\" data-n=\"A monte della seggiovia Gardon\u00e8-Passo Feudo\"><i class=\"fa fa-location-pin\"><\/i><em class=\"event_location_name\">A monte della seggiovia Gardon\u00e8-Passo Feudo<\/em><\/em><\/span><\/span><span class='evoet_data' data-d=\"{&quot;loc.n&quot;:&quot;A monte della seggiovia Gardon\\u00e8-Passo Feudo&quot;,&quot;orgs&quot;:[],&quot;tags&quot;:{&quot;repeating&quot;:&quot;Repeating Event&quot;}}\" data-bgc=\"#a69dcd\" data-bggrad=\"\" ><\/span><\/a><\/p><div class='event_description evcal_eventcard ' style=\"display:none\"><div class='evocard_row'><div id='event_ftimage' class='evocard_box ftimage' data-c='' \n\t\t\t\t\tstyle=''><div class='evocard_main_image_hold' data-t='Loading Image..'><div class='evocard_main_image evo_img_triglb evobr15 evobgsc evobgpc evodfx evofx_jc_c evofx_ai_c evofz48 minmized' style='height:300px; background-image:url();' data-f=\"https:\/\/latemarium.com\/wp-content\/uploads\/2023\/06\/geotrail-1200x800-alice-russolo-rocce-barca-2.jpg\" data-h=\"800\" data-w=\"1200\" data-ratio=\"0.66666666666667\" data-event_id=\"2169\" data-ri=\"6\"  data-t='Loading Image..'><span style='height:300px; background-image:url(https:\/\/latemarium.com\/wp-content\/uploads\/2023\/06\/geotrail-1200x800-alice-russolo-rocce-barca-2.jpg)'><\/span><\/div><\/div><\/div><\/div><div class='evocard_row'><div id='event_eventdetails' class='evocard_box eventdetails' data-c='' \n\t\t\t\t\tstyle=''><div class='evo_metarow_details evorow evcal_evdata_row evcal_event_details'>\n\t\t<div class=\"event_excerpt\" style=\"display:none\"><h3 class=\"padb5 evo_h3\">Dettagli dell&#039;evento<\/h3><p>La nostra Gea, libera e entusiasta compie una nuova impresa con due esperti accompagnatori e insieme conquisteranno la cima!\nmercoled\u00ec: dall&#8217;8 luglio al 19 agosto 2026\na monte della seggiovia Gardon\u00e8-Passo<\/p><\/div><span class='evcal_evdata_icons'><i class='fa fa-align-justify'><\/i><\/span>\n\t\t\n\t\t<div class='evcal_evdata_cell '>\n\t\t\t<div class='eventon_full_description'>\n\t\t\t\t<h3 class='padb5 evo_h3'><span class='evcal_evdata_icons'><i class='fa fa-align-justify'><\/i><\/span>Dettagli dell&#039;evento<\/h3>\n\t\t\t\t<div class='eventon_desc_in' itemprop='description'>\n\t\t\t\t<p>La nostra Gea, libera e entusiasta compie una nuova impresa con due esperti accompagnatori e insieme conquisteranno la cima!<\/p>\n<p>mercoled\u00ec: dall&#8217;8 luglio al 19 agosto 2026<br \/>\na monte della seggiovia Gardon\u00e8-Passo Feudo<br \/>\nore 10.30<br \/>\nadatto a famiglie e bambini dai 5 anni in su\u00a0(durata 1h30\u2019)<\/p>\n<\/div><div class='clear'><\/div>\n\t\t\t<\/div>\n\t\t<\/div>\n\t<\/div><\/div><\/div><div class='evocard_row bx2 bx'><div id='event_time' class='evocard_box time' data-c='' \n\t\t\t\t\tstyle=''><div class='evo_metarow_time evorow evcal_evdata_row evcal_evrow_sm '>\n\t\t<span class='evcal_evdata_icons'><i class='fa fa-clock'><\/i><\/span>\n\t\t<div class='evcal_evdata_cell'>\t\t\t\t\t\t\t\n\t\t\t<h3 class='evo_h3'><span class='evcal_evdata_icons'><i class='fa fa-clock'><\/i><\/span>Orario<\/h3><p><span class='evo_eventcard_time_t'>19 agosto 2026 10:30<\/span><span class='evo_tz marr5'>(GMT+02:00)<\/span><\/p>\n\t\t<\/div>\n\t<\/div><\/div><div id='event_location' class='evocard_box location' data-c='' \n\t\t\t\t\tstyle=''><div class='evcal_evdata_row evo_metarow_time_location evorow '>\n\t\t\n\t\t\t<span class='evcal_evdata_icons'><i class='fa fa-map-marker'><\/i><\/span>\n\t\t\t<div class='evcal_evdata_cell' data-loc_tax_id='37'><h3 class='evo_h3 evodfx'><span class='evcal_evdata_icons'><i class='fa fa-map-marker'><\/i><\/span>Luogo<\/h3><p class='evo_location_name'>A monte della seggiovia Gardon\u00e8-Passo Feudo<\/p><div class='padt10'><span class='evo_btn_arr evolb_trigger' data-lbvals=\"{&quot;lbc&quot;:&quot;evo_location_lb_37&quot;,&quot;lbac&quot;:&quot;lb_max&quot;,&quot;t&quot;:&quot;A monte della seggiovia Gardon\\u00e8-Passo Feudo&quot;,&quot;ajax&quot;:&quot;yes&quot;,&quot;ajax_type&quot;:&quot;endpoint&quot;,&quot;ajax_action&quot;:&quot;eventon_get_tax_card_content&quot;,&quot;end&quot;:&quot;client&quot;,&quot;d&quot;:{&quot;lang&quot;:&quot;L1&quot;,&quot;term_id&quot;:37,&quot;tax&quot;:&quot;event_location&quot;,&quot;load_lbcontent&quot;:true},&quot;uid&quot;:&quot;eventon_get_tax_card_content&quot;}\" >Other Events<i class='fa fa-chevron-right'><\/i><\/span><\/div><\/div>\n\t\t\n\t<\/div><\/div><\/div><div class='evocard_row bx2 bx'><div id='event_learnmore' class='evocard_box learnmore' data-c='' \n\t\t\t\t\tstyle=''><div class='evo_metarow_learnM evo_metarow_learnmore evorow'>\n\t\t\t\t\t\t\t<a class='evcal_evdata_row evo_clik_row ' href='https:\/\/www.montagnanimata.it\/spettacoli\/' target=\"_blank\">\n\t\t\t\t\t\t\t\t<span class='evcal_evdata_icons'><i class='fa fa-link'><\/i><\/span>\n\t\t\t\t\t\t\t\t<h3 class='evo_h3'>Scopri di pi\u00f9<\/h3>\n\t\t\t\t\t\t\t<\/a>\n\t\t\t\t\t\t\t<\/div><\/div><div id='event_addtocal' class='evocard_box addtocal' data-c='' \n\t\t\t\t\tstyle=''><div class='evo_metarow_ICS evorow evcal_evdata_row'>\n\t\t\t<span class='evcal_evdata_icons'><i class='fa fa-calendar-o'><\/i><\/span>\n\t\t\t<div class='evcal_evdata_cell'>\n\t\t\t\t<p><a href='https:\/\/latemarium.com\/it\/export-events\/2169_6\/?nonce=a3263097f9' class='evo_ics_nCal' title='Aggiungi al tuo calendario'>Calendario<\/a><a href='https:\/\/www.google.com\/calendar\/event?action=TEMPLATE&text=Gea+alla+conquista+della+cima&dates=20260819T083000Z%2F20260819T215900Z&ctz=Europe%2FRome&details=Gea alla conquista della cima&location=A+monte+della+seggiovia+Gardon%C3%A8-Passo+Feudo' target='_blank' class='evo_ics_gCal' title='Aggiungi al calendario di Google'>GoogleCal<\/a><\/p>\t\n\t\t\t<\/div>\n\t\t<\/div><\/div><\/div><div class='evocard_row'><div id='event_getdirection' class='evocard_box getdirection' data-c='' \n\t\t\t\t\tstyle=''><div class='evo_metarow_getDr evorow evcal_evdata_row evcal_evrow_sm getdirections'>\n\t\t<form action='https:\/\/maps.google.com\/maps' method='get' target='_blank'>\n\t\t\t<input type='hidden' name='daddr' value=\"46.32878794406342,11.600176728690842\"\/> \n\t\t\t<div class='evo_get_direction_content evo_fx_dr_r evogap10'>\n\t\t\t\t<span class='evogetdir_header evodfx evofx_dr_r evofx_ai_c marr10'>\n\t\t\t\t\t<i class='mainicon fa fa-road'><\/i> \n\t\t\t\t\t<h3 class='evo_h3' style='padding-bottom:5px;'>Ottieni indicazioni stradali<\/h3>\n\t\t\t\t<\/span>\n\t\t\t\t<span class='evogetdir_field evodfx evofx_1_1 evo_fx_dr_c evow100p'>\t\t\t\t\t\n\t\t\t\t\t<input class='evoInput evotac' type='text' name='saddr' placeholder='Digitare l&#039;indirizzo per ottenere le indicazioni stradali' value='' style='margin:10px 0;'\/>\n\t\t\t\t<\/span>\n\t\t\t\t<button type='submit' class='evo_get_direction_button evo_btn_arr_circ dfx fx_ai_c' title='Fare clic qui per ottenere indicazioni'><i class='fa fa-chevron-right'><\/i> <\/button>\n\t\t\t<\/div>\n\t\t<\/form>\n\t<\/div><\/div><\/div><div class='evo_card_row_end evcal_close' title='Testo del pulsante Chiudi evento'><\/div><\/div><div class='clear end'><\/div><\/div><div id=\"event_2933_8\" class=\"eventon_list_event evo_eventtop scheduled  event clrD event_2933_8\" data-event_id=\"2933\" data-ri=\"8r\" data-time=\"1787140800-1787149800\" data-colr=\"#38823b\" itemscope itemtype='http:\/\/schema.org\/Event'><div class=\"evo_event_schema\" style=\"display:none\" ><a itemprop='url'  href='https:\/\/latemarium.com\/it\/events\/in-cammino-con-i-pony\/var\/ri-8.l-L1'><\/a><meta itemprop='image' content=\"https:\/\/latemarium.com\/wp-content\/uploads\/2026\/04\/pony.jpg\" \/><meta itemprop='startDate' content=\"2026-8-19T14:00+0:00\" \/><meta itemprop='endDate' content=\"2026-8-19T16:30+0:00\" \/><meta itemprop='eventStatus' content=\"https:\/\/schema.org\/EventScheduled\" \/><meta itemprop='eventAttendanceMode'   itemscope itemtype=\"https:\/\/schema.org\/OfflineEventAttendanceMode\"\/><div style=\"display:none\" itemprop=\"location\" itemscope itemtype=\"http:\/\/schema.org\/Place\"><span itemprop=\"name\">Pampeago<\/span><span itemprop=\"address\" itemscope itemtype=\"http:\/\/schema.org\/PostalAddress\"><item itemprop=\"streetAddress\">Localit\u00e0 Pampeago, 8, 38038 Tesero TN<\/item><\/span><\/div><script type=\"application\/ld+json\">{\"@context\": \"http:\/\/schema.org\",\"@type\": \"Event\",\n\t\t\t\t\"@id\": \"event_2933_8\",\n\t\t\t\t\"eventAttendanceMode\":\"https:\/\/schema.org\/OfflineEventAttendanceMode\",\n\t\t\t\t\"eventStatus\":\"https:\/\/schema.org\/EventScheduled\",\n\t\t\t\t\"name\": \"In cammino con i pony\",\n\t\t\t\t\"url\": \"https:\/\/latemarium.com\/it\/events\/in-cammino-con-i-pony\/var\/ri-8.l-L1\",\n\t\t\t\t\"startDate\": \"2026-8-19T14:00+0:00\",\n\t\t\t\t\"endDate\": \"2026-8-19T16:30+0:00\",\n\t\t\t\t\"image\":\"https:\/\/latemarium.com\/wp-content\/uploads\/2026\/04\/pony.jpg\", \n\t\t\t\t\"description\":\"<p>Una piacevole passeggiata alla scoperta dei paesaggi di Pampeago, accompagnati da simpatici pony che guideranno bambini e famiglie lungo il percorso in totale sicurezza.<\/p> <p>Un\u2019esperienza rilassante e divertente, perfetta per vivere la montagna a ritmo lento e creare un contatto speciale con questi dolci animali.<\/p> <p><strong>INFO UTILI:<\/strong><br \/> Quando &#8211; Tutti i mercoled\u00ec dal 24\/06 al 09\/09<br \/> Orario &#8211; dalle 14.00 alle 16.30 (in base alle disponibilit\u00e0)<br \/> Ritrovo &#8211;\u00a0 parcheggio seggiovia Tresca (accesso consentito SOLO a chi prenota l\u2019attivit\u00e0)<\/p> <p>Attivit\u00e0 adatta a famiglie e bambini<\/p> <p>Prenotazione obbligatoria, clicca <a href='https:\/\/www.visitfiemme.it\/it\/eventi\/fiemme-cembra-guest-card\/esperienze\/esperienze-in-estate' target='_blank' rel='noopener'>QUI<\/a> per prenotare<\/p> \",\"location\":[{\"@type\":\"Place\",\"name\":\"Pampeago\",\"address\":{\"@type\": \"PostalAddress\",\"streetAddress\":\"Localit\u00e0 Pampeago, 8, 38038 Tesero TN\"}}]}<\/script><\/div>\r\n\t\t\t\t<p class=\"desc_trig_outter\" style=\"\"><a data-gmap_status=\"null\" data-exlk=\"0\" style=\"background-color: #38823b;\" id=\"evc_17871408002933\" class=\"hasFtIMG event_repeat desc_trig sin_val evcal_list_a\" data-ux_val=\"3\" data-ux_val_mob=\"-\"  ><span class='evoet_c1 evoet_cx '><span class='ev_ftImg' data-img='https:\/\/latemarium.com\/wp-content\/uploads\/2026\/04\/pony.jpg' data-thumb='https:\/\/latemarium.com\/wp-content\/uploads\/2026\/04\/pony-300x110.jpg' style='background-image:url(\"https:\/\/latemarium.com\/wp-content\/uploads\/2026\/04\/pony-300x110.jpg\")' ><\/span><\/span><span class='evoet_c2 evoet_cx '><span class='evoet_dayblock evcal_cblock ' data-bgcolor='#38823b' data-smon='agosto' data-syr='2026' data-bub=''><span class='evo_start '><em class='date'>19<\/em><em class='month'>ago<\/em><em class='time'>14:00<\/em><\/span><span class='evo_end only_time'><em class='time'>16:30<\/em><\/span><\/span><\/span><span class='evoet_c3 evoet_cx evcal_desc hide_eventtopdata '><span class='evoet_title evcal_desc2 evcal_event_title ' itemprop='name'>In cammino con i pony<\/span><span class='event_location_attrs'  data-location_address=\"Localit\u00e0 Pampeago, 8, 38038 Tesero TN\" data-location_type=\"lonlat\" data-location_name=\"Pampeago\" data-location_url=\"https:\/\/latemarium.com\/it\/event-location\/pampeago\/\" data-location_status=\"true\" data-latlng=\"46.34343697644898,11.540997527961546\"><\/span><span class='evoet_subtitle evo_below_title' ><span class='evcal_event_subtitle ' >passeggiata per famiglie<\/span><\/span><span class='evoet_time_expand level_3'><em class='evcal_time evo_tz_time'><i class='fa fa-clock-o'><\/i>14:00 - 16:30<span class='evo_tz marl5'>(GMT+02:00)<\/span><\/em> <\/span><span class='evoet_location level_3'><em class=\"evcal_location\"  data-latlng=\"46.34343697644898,11.540997527961546\" data-add_str=\"Localit\u00e0 Pampeago, 8, 38038 Tesero TN\" data-n=\"Pampeago\"><i class=\"fa fa-location-pin\"><\/i><em class=\"event_location_name\">Pampeago<\/em>, Localit\u00e0 Pampeago, 8, 38038 Tesero TN<\/em><\/span><\/span><span class='evoet_data' data-d=\"{&quot;loc.n&quot;:&quot;Pampeago&quot;,&quot;orgs&quot;:[],&quot;tags&quot;:{&quot;repeating&quot;:&quot;Repeating Event&quot;}}\" data-bgc=\"#38823b\" data-bggrad=\"\" ><\/span><\/a><\/p><div class='event_description evcal_eventcard ' style=\"display:none\"><div class='evocard_row'><div id='event_ftimage' class='evocard_box ftimage' data-c='' \n\t\t\t\t\tstyle=''><div class='evocard_main_image_hold' data-t='Loading Image..'><div class='evocard_main_image evo_img_triglb evobr15 evobgsc evobgpc evodfx evofx_jc_c evofx_ai_c evofz48 minmized' style='height:300px; background-image:url();' data-f=\"https:\/\/latemarium.com\/wp-content\/uploads\/2026\/04\/pony.jpg\" data-h=\"368\" data-w=\"1000\" data-ratio=\"0.368\" data-event_id=\"2933\" data-ri=\"8\"  data-t='Loading Image..'><span style='height:300px; background-image:url(https:\/\/latemarium.com\/wp-content\/uploads\/2026\/04\/pony.jpg)'><\/span><\/div><\/div><\/div><\/div><div class='evocard_row'><div id='event_eventdetails' class='evocard_box eventdetails' data-c='' \n\t\t\t\t\tstyle=''><div class='evo_metarow_details evorow evcal_evdata_row evcal_event_details'>\n\t\t<div class=\"event_excerpt\" style=\"display:none\"><h3 class=\"padb5 evo_h3\">Dettagli dell&#039;evento<\/h3><p>Una piacevole passeggiata alla scoperta dei paesaggi di Pampeago, accompagnati da simpatici pony che guideranno bambini e famiglie lungo il percorso in totale sicurezza.\nUn\u2019esperienza rilassante e divertente, perfetta per vivere<\/p><\/div><span class='evcal_evdata_icons'><i class='fa fa-align-justify'><\/i><\/span>\n\t\t\n\t\t<div class='evcal_evdata_cell shorter_desc'>\n\t\t\t<div class='eventon_full_description'>\n\t\t\t\t<h3 class='padb5 evo_h3'><span class='evcal_evdata_icons'><i class='fa fa-align-justify'><\/i><\/span>Dettagli dell&#039;evento<\/h3>\n\t\t\t\t<div class='eventon_desc_in' itemprop='description'>\n\t\t\t\t<p>Una piacevole passeggiata alla scoperta dei paesaggi di Pampeago, accompagnati da simpatici pony che guideranno bambini e famiglie lungo il percorso in totale sicurezza.<\/p>\n<p>Un\u2019esperienza rilassante e divertente, perfetta per vivere la montagna a ritmo lento e creare un contatto speciale con questi dolci animali.<\/p>\n<p><strong>INFO UTILI:<\/strong><br \/>\nQuando &#8211; Tutti i mercoled\u00ec dal 24\/06 al 09\/09<br \/>\nOrario &#8211; dalle 14.00 alle 16.30 (in base alle disponibilit\u00e0)<br \/>\nRitrovo &#8211;\u00a0 parcheggio seggiovia Tresca (accesso consentito SOLO a chi prenota l\u2019attivit\u00e0)<\/p>\n<p>Attivit\u00e0 adatta a famiglie e bambini<\/p>\n<p>Prenotazione obbligatoria, clicca <a href=\"https:\/\/www.visitfiemme.it\/it\/eventi\/fiemme-cembra-guest-card\/esperienze\/esperienze-in-estate\" target=\"_blank\" rel=\"noopener\">QUI<\/a> per prenotare<\/p>\n<\/div><p class='eventon_shad_p' style='padding:5px 0 0; margin:0'>\n\t\t\t<span class='evcal_btn evo_btn_secondary evobtn_details_show_more' content='less'>\n\t\t\t\t<span class='ev_more_text' data-txt='Meno'>Pi\u00f9<\/span><span class='ev_more_arrow ard'><\/span>\n\t\t\t<\/span>\n\t\t<\/p><div class='clear'><\/div>\n\t\t\t<\/div>\n\t\t<\/div>\n\t<\/div><\/div><\/div><div class='evocard_row bx2 bx'><div id='event_time' class='evocard_box time' data-c='' \n\t\t\t\t\tstyle=''><div class='evo_metarow_time evorow evcal_evdata_row evcal_evrow_sm '>\n\t\t<span class='evcal_evdata_icons'><i class='fa fa-clock'><\/i><\/span>\n\t\t<div class='evcal_evdata_cell'>\t\t\t\t\t\t\t\n\t\t\t<h3 class='evo_h3'><span class='evcal_evdata_icons'><i class='fa fa-clock'><\/i><\/span>Orario<\/h3><p><span class='evo_eventcard_time_t'>19 agosto 2026 14:00 - 16:30<\/span><span class='evo_tz marr5'>(GMT+02:00)<\/span><\/p>\n\t\t<\/div>\n\t<\/div><\/div><div id='event_location' class='evocard_box location' data-c='' \n\t\t\t\t\tstyle=''><div class='evcal_evdata_row evo_metarow_time_location evorow '>\n\t\t\n\t\t\t<span class='evcal_evdata_icons'><i class='fa fa-map-marker'><\/i><\/span>\n\t\t\t<div class='evcal_evdata_cell' data-loc_tax_id='30'><h3 class='evo_h3 evodfx'><span class='evcal_evdata_icons'><i class='fa fa-map-marker'><\/i><\/span>Luogo<\/h3><p class='evo_location_name'>Pampeago<\/p><p class='evo_location_address evodfxi evogap10'>Localit\u00e0 Pampeago, 8, 38038 Tesero TN<\/p><div class='padt10'><span class='evo_btn_arr evolb_trigger' data-lbvals=\"{&quot;lbc&quot;:&quot;evo_location_lb_30&quot;,&quot;lbac&quot;:&quot;lb_max&quot;,&quot;t&quot;:&quot;Pampeago&quot;,&quot;ajax&quot;:&quot;yes&quot;,&quot;ajax_type&quot;:&quot;endpoint&quot;,&quot;ajax_action&quot;:&quot;eventon_get_tax_card_content&quot;,&quot;end&quot;:&quot;client&quot;,&quot;d&quot;:{&quot;lang&quot;:&quot;L1&quot;,&quot;term_id&quot;:30,&quot;tax&quot;:&quot;event_location&quot;,&quot;load_lbcontent&quot;:true},&quot;uid&quot;:&quot;eventon_get_tax_card_content&quot;}\" >Other Events<i class='fa fa-chevron-right'><\/i><\/span><\/div><\/div>\n\t\t\n\t<\/div><\/div><\/div><div class='evocard_row'><div id='event_addtocal' class='evocard_box addtocal' data-c='' \n\t\t\t\t\tstyle=''><div class='evo_metarow_ICS evorow evcal_evdata_row'>\n\t\t\t<span class='evcal_evdata_icons'><i class='fa fa-calendar-o'><\/i><\/span>\n\t\t\t<div class='evcal_evdata_cell'>\n\t\t\t\t<p><a href='https:\/\/latemarium.com\/it\/export-events\/2933_8\/?nonce=a3263097f9' class='evo_ics_nCal' title='Aggiungi al tuo calendario'>Calendario<\/a><a href='https:\/\/www.google.com\/calendar\/event?action=TEMPLATE&text=In+cammino+con+i+pony&dates=20260819T120000Z%2F20260819T143000Z&ctz=Europe%2FRome&details=In cammino con i pony&location=Pampeago+Localit%C3%A0+Pampeago%2C+8%2C+38038+Tesero+TN' target='_blank' class='evo_ics_gCal' title='Aggiungi al calendario di Google'>GoogleCal<\/a><\/p>\t\n\t\t\t<\/div>\n\t\t<\/div><\/div><\/div><div class='evocard_row'><div id='event_getdirection' class='evocard_box getdirection' data-c='' \n\t\t\t\t\tstyle=''><div class='evo_metarow_getDr evorow evcal_evdata_row evcal_evrow_sm getdirections'>\n\t\t<form action='https:\/\/maps.google.com\/maps' method='get' target='_blank'>\n\t\t\t<input type='hidden' name='daddr' value=\"46.34343697644898,11.540997527961546\"\/> \n\t\t\t<div class='evo_get_direction_content evo_fx_dr_r evogap10'>\n\t\t\t\t<span class='evogetdir_header evodfx evofx_dr_r evofx_ai_c marr10'>\n\t\t\t\t\t<i class='mainicon fa fa-road'><\/i> \n\t\t\t\t\t<h3 class='evo_h3' style='padding-bottom:5px;'>Ottieni indicazioni stradali<\/h3>\n\t\t\t\t<\/span>\n\t\t\t\t<span class='evogetdir_field evodfx evofx_1_1 evo_fx_dr_c evow100p'>\t\t\t\t\t\n\t\t\t\t\t<input class='evoInput evotac' type='text' name='saddr' placeholder='Digitare l&#039;indirizzo per ottenere le indicazioni stradali' value='' style='margin:10px 0;'\/>\n\t\t\t\t<\/span>\n\t\t\t\t<button type='submit' class='evo_get_direction_button evo_btn_arr_circ dfx fx_ai_c' title='Fare clic qui per ottenere indicazioni'><i class='fa fa-chevron-right'><\/i> <\/button>\n\t\t\t<\/div>\n\t\t<\/form>\n\t<\/div><\/div><\/div><div class='evo_card_row_end evcal_close' title='Testo del pulsante Chiudi evento'><\/div><\/div><div class='clear end'><\/div><\/div><div id=\"event_2840_7\" class=\"eventon_list_event evo_eventtop scheduled  event clrD no_et event_2840_7\" data-event_id=\"2840\" data-ri=\"7r\" data-time=\"1787209200-1787263140\" data-colr=\"#38823b\" itemscope itemtype='http:\/\/schema.org\/Event'><div class=\"evo_event_schema\" style=\"display:none\" ><a itemprop='url'  href='https:\/\/latemarium.com\/it\/events\/escursione-in-montagna-al-rifugio-torre-di-pisa\/var\/ri-7.l-L1'><\/a><meta itemprop='image' content=\"https:\/\/latemarium.com\/wp-content\/uploads\/2025\/05\/escursione-torre-di-pisa-obereggen.jpg\" \/><meta itemprop='startDate' content=\"2026-8-20T09:00+0:00\" \/><meta itemprop='endDate' content=\"2026-8-20T23:59+0:00\" \/><meta itemprop='eventStatus' content=\"https:\/\/schema.org\/EventScheduled\" \/><meta itemprop='eventAttendanceMode'   itemscope itemtype=\"https:\/\/schema.org\/OfflineEventAttendanceMode\"\/><div style=\"display:none\" itemprop=\"location\" itemscope itemtype=\"http:\/\/schema.org\/Place\"><span itemprop=\"name\">Stazione a valle Obereggen<\/span><span itemprop=\"address\" itemscope itemtype=\"http:\/\/schema.org\/PostalAddress\"><item itemprop=\"streetAddress\">Via Obereggen, 16, 39050 Nova Ponente BZ<\/item><\/span><\/div><script type=\"application\/ld+json\">{\"@context\": \"http:\/\/schema.org\",\"@type\": \"Event\",\n\t\t\t\t\"@id\": \"event_2840_7\",\n\t\t\t\t\"eventAttendanceMode\":\"https:\/\/schema.org\/OfflineEventAttendanceMode\",\n\t\t\t\t\"eventStatus\":\"https:\/\/schema.org\/EventScheduled\",\n\t\t\t\t\"name\": \"Escursione in montagna al rifugio Torre di Pisa\",\n\t\t\t\t\"url\": \"https:\/\/latemarium.com\/it\/events\/escursione-in-montagna-al-rifugio-torre-di-pisa\/var\/ri-7.l-L1\",\n\t\t\t\t\"startDate\": \"2026-8-20T09:00+0:00\",\n\t\t\t\t\"endDate\": \"2026-8-20T23:59+0:00\",\n\t\t\t\t\"image\":\"https:\/\/latemarium.com\/wp-content\/uploads\/2025\/05\/escursione-torre-di-pisa-obereggen.jpg\", \n\t\t\t\t\"description\":\"<p>Escursione di media difficolt\u00e0 ma impegnativa ad alte altitudini attraverso le rocce delle fantastiche Torri del Latemar.<\/p> <p>Itinerario: Salita con la seggiovia Oberholz (1550-2100 m) \u2013 sentiero n. 18 &#8211; Forcella dei Camosci (2560 m) \u2013 sentiero n. 516 \u2013 rifugio Torre di Pisa (2671 m). Sosta. Discesa sul sentiero n. 516 e n. 22 \u2013 stazione a monte della seggiovia Oberholz \u2013 discesa.<\/p> <p>Partenza: ore 09.00 a Obereggen<br \/> Ritorno: ore 16.00<br \/> Durata: 7 h | Tempo di cammino: 6 h<br \/> Dislivello: 750 m<br \/> Difficolt\u00e0: difficile<br \/> Requisiti necessari: sicurezza nel muoversi in ambiente montano, nessun problema di vertigini | con ristoro<br \/> Seggiovia: 21,50 \u20ac\/adulto, 17,50 \u20ac\/junior fino a 16<\/p> \",\"location\":[{\"@type\":\"Place\",\"name\":\"Stazione a valle Obereggen\",\"address\":{\"@type\": \"PostalAddress\",\"streetAddress\":\"Via Obereggen, 16, 39050 Nova Ponente BZ\"}}]}<\/script><\/div>\r\n\t\t\t\t<p class=\"desc_trig_outter\" style=\"\"><a data-gmtrig=\"1\" data-exlk=\"0\" style=\"background-color: #38823b;\" id=\"evc_17872092002840\" class=\"hasFtIMG event_repeat desc_trig sin_val evcal_list_a\" data-ux_val=\"3\" data-ux_val_mob=\"-\"  ><span class='evoet_c1 evoet_cx '><span class='ev_ftImg' data-img='https:\/\/latemarium.com\/wp-content\/uploads\/2025\/05\/escursione-torre-di-pisa-obereggen.jpg' data-thumb='https:\/\/latemarium.com\/wp-content\/uploads\/2025\/05\/escursione-torre-di-pisa-obereggen-300x182.jpg' style='background-image:url(\"https:\/\/latemarium.com\/wp-content\/uploads\/2025\/05\/escursione-torre-di-pisa-obereggen-300x182.jpg\")' ><\/span><\/span><span class='evoet_c2 evoet_cx '><span class='evoet_dayblock evcal_cblock ' data-bgcolor='#38823b' data-smon='agosto' data-syr='2026' data-bub=''><span class='evo_start '><em class='date'>20<\/em><em class='month'>ago<\/em><em class='time'>09:00<\/em><\/span><\/span><\/span><span class='evoet_c3 evoet_cx evcal_desc hide_eventtopdata '><span class='evoet_title evcal_desc2 evcal_event_title ' itemprop='name'>Escursione in montagna al rifugio Torre di Pisa<\/span><span class='event_location_attrs'  data-location_address=\"Via Obereggen, 16, 39050 Nova Ponente BZ\" data-location_type=\"lonlat\" data-location_name=\"Stazione a valle Obereggen\" data-location_url=\"https:\/\/latemarium.com\/it\/event-location\/stazione-a-valle-obereggen\/\" data-location_status=\"true\" data-latlng=\"46.3835808246333,11.52667595881786\"><\/span><span class='evoet_subtitle evo_below_title' ><span class='evcal_event_subtitle ' >escursione guidata<\/span><\/span><span class='evoet_time_expand level_3'><em class='evcal_time evo_tz_time'><i class='fa fa-clock-o'><\/i>09:00<span class='evo_tz marl5'>(GMT+02:00)<\/span><\/em> <\/span><span class='evoet_location level_3'><em class=\"evcal_location\"  data-latlng=\"46.3835808246333,11.52667595881786\" data-add_str=\"Via Obereggen, 16, 39050 Nova Ponente BZ\" data-n=\"Stazione a valle Obereggen\"><i class=\"fa fa-location-pin\"><\/i><em class=\"event_location_name\">Stazione a valle Obereggen<\/em>, Via Obereggen, 16, 39050 Nova Ponente BZ<\/em><\/span><\/span><span class='evoet_data' data-d=\"{&quot;loc.n&quot;:&quot;Stazione a valle Obereggen&quot;,&quot;orgs&quot;:[],&quot;tags&quot;:{&quot;repeating&quot;:&quot;Repeating Event&quot;}}\" data-bgc=\"#38823b\" data-bggrad=\"\" ><\/span><\/a><\/p><div class='event_description evcal_eventcard ' style=\"display:none\"><div class='evocard_row'><div id='event_ftimage' class='evocard_box ftimage' data-c='' \n\t\t\t\t\tstyle=''><div class='evocard_main_image_hold' data-t='Loading Image..'><div class='evocard_main_image evo_img_triglb evobr15 evobgsc evobgpc evodfx evofx_jc_c evofx_ai_c evofz48 minmized' style='height:300px; background-image:url();' data-f=\"https:\/\/latemarium.com\/wp-content\/uploads\/2025\/05\/escursione-torre-di-pisa-obereggen.jpg\" data-h=\"755\" data-w=\"1245\" data-ratio=\"0.60642570281124\" data-event_id=\"2840\" data-ri=\"7\"  data-t='Loading Image..'><span style='height:300px; background-image:url(https:\/\/latemarium.com\/wp-content\/uploads\/2025\/05\/escursione-torre-di-pisa-obereggen.jpg)'><\/span><\/div><\/div><\/div><\/div><div class='evocard_row'><div id='event_eventdetails' class='evocard_box eventdetails' data-c='' \n\t\t\t\t\tstyle=''><div class='evo_metarow_details evorow evcal_evdata_row evcal_event_details'>\n\t\t<div class=\"event_excerpt\" style=\"display:none\"><h3 class=\"padb5 evo_h3\">Dettagli dell&#039;evento<\/h3><p>Escursione di media difficolt\u00e0 ma impegnativa ad alte altitudini attraverso le rocce delle fantastiche Torri del Latemar.\nItinerario: Salita con la seggiovia Oberholz (1550-2100 m) \u2013 sentiero n. 18 &#8211; Forcella<\/p><\/div><span class='evcal_evdata_icons'><i class='fa fa-align-justify'><\/i><\/span>\n\t\t\n\t\t<div class='evcal_evdata_cell shorter_desc'>\n\t\t\t<div class='eventon_full_description'>\n\t\t\t\t<h3 class='padb5 evo_h3'><span class='evcal_evdata_icons'><i class='fa fa-align-justify'><\/i><\/span>Dettagli dell&#039;evento<\/h3>\n\t\t\t\t<div class='eventon_desc_in' itemprop='description'>\n\t\t\t\t<p>Escursione di media difficolt\u00e0 ma impegnativa ad alte altitudini attraverso le rocce delle fantastiche Torri del Latemar.<\/p>\n<p>Itinerario: Salita con la seggiovia Oberholz (1550-2100 m) \u2013 sentiero n. 18 &#8211; Forcella dei Camosci (2560 m) \u2013 sentiero n. 516 \u2013 rifugio Torre di Pisa (2671 m). Sosta. Discesa sul sentiero n. 516 e n. 22 \u2013 stazione a monte della seggiovia Oberholz \u2013 discesa.<\/p>\n<p>Partenza: ore 09.00 a Obereggen<br \/>\nRitorno: ore 16.00<br \/>\nDurata: 7 h | Tempo di cammino: 6 h<br \/>\nDislivello: 750 m<br \/>\nDifficolt\u00e0: difficile<br \/>\nRequisiti necessari: sicurezza nel muoversi in ambiente montano, nessun problema di vertigini | con ristoro<br \/>\nSeggiovia: 21,50 \u20ac\/adulto, 17,50 \u20ac\/junior fino a 16<\/p>\n<\/div><p class='eventon_shad_p' style='padding:5px 0 0; margin:0'>\n\t\t\t<span class='evcal_btn evo_btn_secondary evobtn_details_show_more' content='less'>\n\t\t\t\t<span class='ev_more_text' data-txt='Meno'>Pi\u00f9<\/span><span class='ev_more_arrow ard'><\/span>\n\t\t\t<\/span>\n\t\t<\/p><div class='clear'><\/div>\n\t\t\t<\/div>\n\t\t<\/div>\n\t<\/div><\/div><\/div><div class='evocard_row bx2 bx'><div id='event_time' class='evocard_box time' data-c='' \n\t\t\t\t\tstyle=''><div class='evo_metarow_time evorow evcal_evdata_row evcal_evrow_sm '>\n\t\t<span class='evcal_evdata_icons'><i class='fa fa-clock'><\/i><\/span>\n\t\t<div class='evcal_evdata_cell'>\t\t\t\t\t\t\t\n\t\t\t<h3 class='evo_h3'><span class='evcal_evdata_icons'><i class='fa fa-clock'><\/i><\/span>Orario<\/h3><p><span class='evo_eventcard_time_t'>20 agosto 2026 09:00<\/span><span class='evo_tz marr5'>(GMT+02:00)<\/span><\/p>\n\t\t<\/div>\n\t<\/div><\/div><div id='event_location' class='evocard_box location' data-c='' \n\t\t\t\t\tstyle=''><div class='evcal_evdata_row evo_metarow_time_location evorow '>\n\t\t\n\t\t\t<span class='evcal_evdata_icons'><i class='fa fa-map-marker'><\/i><\/span>\n\t\t\t<div class='evcal_evdata_cell' data-loc_tax_id='22'><h3 class='evo_h3 evodfx'><span class='evcal_evdata_icons'><i class='fa fa-map-marker'><\/i><\/span>Luogo<\/h3><p class='evo_location_name'>Stazione a valle Obereggen<\/p><p class='evo_location_address evodfxi evogap10'>Via Obereggen, 16, 39050 Nova Ponente BZ<\/p><div class='padt10'><span class='evo_btn_arr evolb_trigger' data-lbvals=\"{&quot;lbc&quot;:&quot;evo_location_lb_22&quot;,&quot;lbac&quot;:&quot;lb_max&quot;,&quot;t&quot;:&quot;Stazione a valle Obereggen&quot;,&quot;ajax&quot;:&quot;yes&quot;,&quot;ajax_type&quot;:&quot;endpoint&quot;,&quot;ajax_action&quot;:&quot;eventon_get_tax_card_content&quot;,&quot;end&quot;:&quot;client&quot;,&quot;d&quot;:{&quot;lang&quot;:&quot;L1&quot;,&quot;term_id&quot;:22,&quot;tax&quot;:&quot;event_location&quot;,&quot;load_lbcontent&quot;:true},&quot;uid&quot;:&quot;eventon_get_tax_card_content&quot;}\" >Other Events<i class='fa fa-chevron-right'><\/i><\/span><\/div><\/div>\n\t\t\n\t<\/div><\/div><\/div><div class='evocard_row bx2 bx'><div id='event_learnmore' class='evocard_box learnmore' data-c='' \n\t\t\t\t\tstyle=''><div class='evo_metarow_learnM evo_metarow_learnmore evorow'>\n\t\t\t\t\t\t\t<a class='evcal_evdata_row evo_clik_row ' href='https:\/\/eggental.com\/it\/eventi\/escursione-in-montagna-al-rifugio-torre-di-pisa_11602' target=\"_blank\">\n\t\t\t\t\t\t\t\t<span class='evcal_evdata_icons'><i class='fa fa-link'><\/i><\/span>\n\t\t\t\t\t\t\t\t<h3 class='evo_h3'>Scopri di pi\u00f9<\/h3>\n\t\t\t\t\t\t\t<\/a>\n\t\t\t\t\t\t\t<\/div><\/div><div id='event_addtocal' class='evocard_box addtocal' data-c='' \n\t\t\t\t\tstyle=''><div class='evo_metarow_ICS evorow evcal_evdata_row'>\n\t\t\t<span class='evcal_evdata_icons'><i class='fa fa-calendar-o'><\/i><\/span>\n\t\t\t<div class='evcal_evdata_cell'>\n\t\t\t\t<p><a href='https:\/\/latemarium.com\/it\/export-events\/2840_7\/?nonce=a3263097f9' class='evo_ics_nCal' title='Aggiungi al tuo calendario'>Calendario<\/a><a href='https:\/\/www.google.com\/calendar\/event?action=TEMPLATE&text=Escursione+in+montagna+al+rifugio+Torre+di+Pisa&dates=20260820T070000Z%2F20260820T215900Z&ctz=Europe%2FRome&details=Escursione in montagna al rifugio Torre di Pisa&location=Stazione+a+valle+Obereggen+Via+Obereggen%2C+16%2C+39050+Nova+Ponente+BZ' target='_blank' class='evo_ics_gCal' title='Aggiungi al calendario di Google'>GoogleCal<\/a><\/p>\t\n\t\t\t<\/div>\n\t\t<\/div><\/div><\/div><div class='evocard_row'><div id='event_getdirection' class='evocard_box getdirection' data-c='' \n\t\t\t\t\tstyle=''><div class='evo_metarow_getDr evorow evcal_evdata_row evcal_evrow_sm getdirections'>\n\t\t<form action='https:\/\/maps.google.com\/maps' method='get' target='_blank'>\n\t\t\t<input type='hidden' name='daddr' value=\"46.3835808246333,11.52667595881786\"\/> \n\t\t\t<div class='evo_get_direction_content evo_fx_dr_r evogap10'>\n\t\t\t\t<span class='evogetdir_header evodfx evofx_dr_r evofx_ai_c marr10'>\n\t\t\t\t\t<i class='mainicon fa fa-road'><\/i> \n\t\t\t\t\t<h3 class='evo_h3' style='padding-bottom:5px;'>Ottieni indicazioni stradali<\/h3>\n\t\t\t\t<\/span>\n\t\t\t\t<span class='evogetdir_field evodfx evofx_1_1 evo_fx_dr_c evow100p'>\t\t\t\t\t\n\t\t\t\t\t<input class='evoInput evotac' type='text' name='saddr' placeholder='Digitare l&#039;indirizzo per ottenere le indicazioni stradali' value='' style='margin:10px 0;'\/>\n\t\t\t\t<\/span>\n\t\t\t\t<button type='submit' class='evo_get_direction_button evo_btn_arr_circ dfx fx_ai_c' title='Fare clic qui per ottenere indicazioni'><i class='fa fa-chevron-right'><\/i> <\/button>\n\t\t\t<\/div>\n\t\t<\/form>\n\t<\/div><\/div><\/div><div class='evo_card_row_end evcal_close' title='Testo del pulsante Chiudi evento'><\/div><\/div><div class='clear end'><\/div><\/div><div id=\"event_2231_1\" class=\"eventon_list_event evo_eventtop scheduled  event clrW no_et event_2231_1\" data-event_id=\"2231\" data-ri=\"1r\" data-time=\"1787216400-1787259600\" data-colr=\"#a69dcd\" itemscope itemtype='http:\/\/schema.org\/Event'><div class=\"evo_event_schema\" style=\"display:none\" ><a itemprop='url'  href='https:\/\/latemarium.com\/it\/events\/otto-il-bassotto\/var\/ri-1.l-L1'><\/a><meta itemprop='image' content=\"https:\/\/latemarium.com\/wp-content\/uploads\/2023\/06\/otto-bassotto.jpg\" \/><meta itemprop='startDate' content=\"2026-8-20T11:00+0:00\" \/><meta itemprop='endDate' content=\"2026-8-20T23:00+0:00\" \/><meta itemprop='eventStatus' content=\"https:\/\/schema.org\/EventScheduled\" \/><meta itemprop='eventAttendanceMode'   itemscope itemtype=\"https:\/\/schema.org\/OfflineEventAttendanceMode\"\/><script type=\"application\/ld+json\">{\"@context\": \"http:\/\/schema.org\",\"@type\": \"Event\",\n\t\t\t\t\"@id\": \"event_2231_1\",\n\t\t\t\t\"eventAttendanceMode\":\"https:\/\/schema.org\/OfflineEventAttendanceMode\",\n\t\t\t\t\"eventStatus\":\"https:\/\/schema.org\/EventScheduled\",\n\t\t\t\t\"name\": \"OTTO IL BASSOTTO\",\n\t\t\t\t\"url\": \"https:\/\/latemarium.com\/it\/events\/otto-il-bassotto\/var\/ri-1.l-L1\",\n\t\t\t\t\"startDate\": \"2026-8-20T11:00+0:00\",\n\t\t\t\t\"endDate\": \"2026-8-20T23:00+0:00\",\n\t\t\t\t\"image\":\"https:\/\/latemarium.com\/wp-content\/uploads\/2023\/06\/otto-bassotto.jpg\", \n\t\t\t\t\"description\":\"<p>Otto il Bassotto ha viaggiato ovunque con il suo numero strabiliante: piazze, strade, teatri. In meno di 10 minuti scompare in un pallone gigante e comincia a ballare. Si muove leggero, nel suo bagaglio ha solo caucci\u00f9!<\/p> <p>I suoi palloni giganti sono speciali: fatti a mano e stesi al sole, si asciugano come sfoglie di pasta all\u2019uovo.<\/p> <p>gioved\u00ec: 30 luglio e 20 agosto 2026<br \/> anfiteatro all\u2019aperto a Gardon\u00e8<br \/> ore 11.00 e ore 14.30<\/p> <p>Con Paolo Sperduti.<\/p> \"}<\/script><\/div>\r\n\t\t\t\t<p class=\"desc_trig_outter\" style=\"\"><a data-gmap_status=\"null\" data-exlk=\"0\" style=\"background-color: #a69dcd;\" id=\"evc_17872164002231\" class=\"hasFtIMG event_repeat desc_trig sin_val evcal_list_a\" data-ux_val=\"3\" data-ux_val_mob=\"-\"  ><span class='evoet_c1 evoet_cx '><span class='ev_ftImg' data-img='https:\/\/latemarium.com\/wp-content\/uploads\/2023\/06\/otto-bassotto.jpg' data-thumb='https:\/\/latemarium.com\/wp-content\/uploads\/2023\/06\/otto-bassotto-300x194.jpg' style='background-image:url(\"https:\/\/latemarium.com\/wp-content\/uploads\/2023\/06\/otto-bassotto-300x194.jpg\")' ><\/span><\/span><span class='evoet_c2 evoet_cx '><span class='evoet_dayblock evcal_cblock ' data-bgcolor='#a69dcd' data-smon='agosto' data-syr='2026' data-bub=''><span class='evo_start '><em class='date'>20<\/em><em class='month'>ago<\/em><em class='time'>11:00<\/em><\/span><\/span><\/span><span class='evoet_c3 evoet_cx evcal_desc hide_eventtopdata '><span class='evoet_title evcal_desc2 evcal_event_title ' itemprop='name'>OTTO IL BASSOTTO<\/span><span class='event_location_attrs' data-location_type=\"lonlat\" data-location_name=\"Anfiteatro Gardon\u00e8\" data-location_url=\"https:\/\/latemarium.com\/it\/event-location\/anfiteatro-gardone\/\" data-location_status=\"true\" data-latlng=\"46.32878794406342,11.600176728690842\"><\/span><span class='evoet_subtitle evo_below_title' ><span class='evcal_event_subtitle ' >ANFITEATRO DI GARDON\u00c8<\/span><\/span><span class='evoet_time_expand level_3'><em class='evcal_time evo_tz_time'><i class='fa fa-clock-o'><\/i>11:00<span class='evo_tz marl5'>(GMT+02:00)<\/span><\/em> <\/span><span class='evoet_location level_3'><em class=\"evcal_location\"  data-latlng=\"46.32878794406342,11.600176728690842\" data-add_str=\"\" data-n=\"Anfiteatro Gardon\u00e8\"><i class=\"fa fa-location-pin\"><\/i><em class=\"event_location_name\">Anfiteatro Gardon\u00e8<\/em><\/em><\/span><\/span><span class='evoet_data' data-d=\"{&quot;loc.n&quot;:&quot;Anfiteatro Gardon\\u00e8&quot;,&quot;orgs&quot;:[],&quot;tags&quot;:{&quot;repeating&quot;:&quot;Repeating Event&quot;}}\" data-bgc=\"#a69dcd\" data-bggrad=\"\" ><\/span><\/a><\/p><div class='event_description evcal_eventcard ' style=\"display:none\"><div class='evocard_row'><div id='event_ftimage' class='evocard_box ftimage' data-c='' \n\t\t\t\t\tstyle=''><div class='evocard_main_image_hold' data-t='Loading Image..'><div class='evocard_main_image evo_img_triglb evobr15 evobgsc evobgpc evodfx evofx_jc_c evofx_ai_c evofz48 minmized' style='height:300px; background-image:url();' data-f=\"https:\/\/latemarium.com\/wp-content\/uploads\/2023\/06\/otto-bassotto.jpg\" data-h=\"584\" data-w=\"905\" data-ratio=\"0.64530386740331\" data-event_id=\"2231\" data-ri=\"1\"  data-t='Loading Image..'><span style='height:300px; background-image:url(https:\/\/latemarium.com\/wp-content\/uploads\/2023\/06\/otto-bassotto.jpg)'><\/span><\/div><\/div><\/div><\/div><div class='evocard_row'><div id='event_eventdetails' class='evocard_box eventdetails' data-c='' \n\t\t\t\t\tstyle=''><div class='evo_metarow_details evorow evcal_evdata_row evcal_event_details'>\n\t\t<div class=\"event_excerpt\" style=\"display:none\"><h3 class=\"padb5 evo_h3\">Dettagli dell&#039;evento<\/h3><p>Otto il Bassotto ha viaggiato ovunque con il suo numero strabiliante: piazze, strade, teatri. In meno di 10 minuti scompare in un pallone gigante e comincia a ballare. Si muove<\/p><\/div><span class='evcal_evdata_icons'><i class='fa fa-align-justify'><\/i><\/span>\n\t\t\n\t\t<div class='evcal_evdata_cell '>\n\t\t\t<div class='eventon_full_description'>\n\t\t\t\t<h3 class='padb5 evo_h3'><span class='evcal_evdata_icons'><i class='fa fa-align-justify'><\/i><\/span>Dettagli dell&#039;evento<\/h3>\n\t\t\t\t<div class='eventon_desc_in' itemprop='description'>\n\t\t\t\t<p>Otto il Bassotto ha viaggiato ovunque con il suo numero strabiliante: piazze, strade, teatri. In meno di 10 minuti scompare in un pallone gigante e comincia a ballare. Si muove leggero, nel suo bagaglio ha solo caucci\u00f9!<\/p>\n<p>I suoi palloni giganti sono speciali: fatti a mano e stesi al sole, si asciugano come sfoglie di pasta all\u2019uovo.<\/p>\n<p>gioved\u00ec: 30 luglio e 20 agosto 2026<br \/>\nanfiteatro all\u2019aperto a Gardon\u00e8<br \/>\nore 11.00 e ore 14.30<\/p>\n<p>Con Paolo Sperduti.<\/p>\n<\/div><div class='clear'><\/div>\n\t\t\t<\/div>\n\t\t<\/div>\n\t<\/div><\/div><\/div><div class='evocard_row bx2 bx'><div id='event_time' class='evocard_box time' data-c='' \n\t\t\t\t\tstyle=''><div class='evo_metarow_time evorow evcal_evdata_row evcal_evrow_sm '>\n\t\t<span class='evcal_evdata_icons'><i class='fa fa-clock'><\/i><\/span>\n\t\t<div class='evcal_evdata_cell'>\t\t\t\t\t\t\t\n\t\t\t<h3 class='evo_h3'><span class='evcal_evdata_icons'><i class='fa fa-clock'><\/i><\/span>Orario<\/h3><p><span class='evo_eventcard_time_t'>20 agosto 2026 11:00<\/span><span class='evo_tz marr5'>(GMT+02:00)<\/span><\/p>\n\t\t<\/div>\n\t<\/div><\/div><div id='event_location' class='evocard_box location' data-c='' \n\t\t\t\t\tstyle=''><div class='evcal_evdata_row evo_metarow_time_location evorow '>\n\t\t\n\t\t\t<span class='evcal_evdata_icons'><i class='fa fa-map-marker'><\/i><\/span>\n\t\t\t<div class='evcal_evdata_cell' data-loc_tax_id='46'><h3 class='evo_h3 evodfx'><span class='evcal_evdata_icons'><i class='fa fa-map-marker'><\/i><\/span>Luogo<\/h3><p class='evo_location_name'>Anfiteatro Gardon\u00e8<\/p><div class='padt10'><span class='evo_btn_arr evolb_trigger' data-lbvals=\"{&quot;lbc&quot;:&quot;evo_location_lb_46&quot;,&quot;lbac&quot;:&quot;lb_max&quot;,&quot;t&quot;:&quot;Anfiteatro Gardon\\u00e8&quot;,&quot;ajax&quot;:&quot;yes&quot;,&quot;ajax_type&quot;:&quot;endpoint&quot;,&quot;ajax_action&quot;:&quot;eventon_get_tax_card_content&quot;,&quot;end&quot;:&quot;client&quot;,&quot;d&quot;:{&quot;lang&quot;:&quot;L1&quot;,&quot;term_id&quot;:46,&quot;tax&quot;:&quot;event_location&quot;,&quot;load_lbcontent&quot;:true},&quot;uid&quot;:&quot;eventon_get_tax_card_content&quot;}\" >Other Events<i class='fa fa-chevron-right'><\/i><\/span><\/div><\/div>\n\t\t\n\t<\/div><\/div><\/div><div class='evocard_row bx2 bx'><div id='event_learnmore' class='evocard_box learnmore' data-c='' \n\t\t\t\t\tstyle=''><div class='evo_metarow_learnM evo_metarow_learnmore evorow'>\n\t\t\t\t\t\t\t<a class='evcal_evdata_row evo_clik_row ' href='https:\/\/www.montagnanimata.it\/spettacoli\/' target=\"_blank\">\n\t\t\t\t\t\t\t\t<span class='evcal_evdata_icons'><i class='fa fa-link'><\/i><\/span>\n\t\t\t\t\t\t\t\t<h3 class='evo_h3'>Scopri di pi\u00f9<\/h3>\n\t\t\t\t\t\t\t<\/a>\n\t\t\t\t\t\t\t<\/div><\/div><div id='event_addtocal' class='evocard_box addtocal' data-c='' \n\t\t\t\t\tstyle=''><div class='evo_metarow_ICS evorow evcal_evdata_row'>\n\t\t\t<span class='evcal_evdata_icons'><i class='fa fa-calendar-o'><\/i><\/span>\n\t\t\t<div class='evcal_evdata_cell'>\n\t\t\t\t<p><a href='https:\/\/latemarium.com\/it\/export-events\/2231_1\/?nonce=a3263097f9' class='evo_ics_nCal' title='Aggiungi al tuo calendario'>Calendario<\/a><a href='https:\/\/www.google.com\/calendar\/event?action=TEMPLATE&text=OTTO+IL+BASSOTTO&dates=20260820T090000Z%2F20260820T210000Z&ctz=Europe%2FRome&details=OTTO IL BASSOTTO&location=Anfiteatro+Gardon%C3%A8' target='_blank' class='evo_ics_gCal' title='Aggiungi al calendario di Google'>GoogleCal<\/a><\/p>\t\n\t\t\t<\/div>\n\t\t<\/div><\/div><\/div><div class='evocard_row'><div id='event_getdirection' class='evocard_box getdirection' data-c='' \n\t\t\t\t\tstyle=''><div class='evo_metarow_getDr evorow evcal_evdata_row evcal_evrow_sm getdirections'>\n\t\t<form action='https:\/\/maps.google.com\/maps' method='get' target='_blank'>\n\t\t\t<input type='hidden' name='daddr' value=\"46.32878794406342,11.600176728690842\"\/> \n\t\t\t<div class='evo_get_direction_content evo_fx_dr_r evogap10'>\n\t\t\t\t<span class='evogetdir_header evodfx evofx_dr_r evofx_ai_c marr10'>\n\t\t\t\t\t<i class='mainicon fa fa-road'><\/i> \n\t\t\t\t\t<h3 class='evo_h3' style='padding-bottom:5px;'>Ottieni indicazioni stradali<\/h3>\n\t\t\t\t<\/span>\n\t\t\t\t<span class='evogetdir_field evodfx evofx_1_1 evo_fx_dr_c evow100p'>\t\t\t\t\t\n\t\t\t\t\t<input class='evoInput evotac' type='text' name='saddr' placeholder='Digitare l&#039;indirizzo per ottenere le indicazioni stradali' value='' style='margin:10px 0;'\/>\n\t\t\t\t<\/span>\n\t\t\t\t<button type='submit' class='evo_get_direction_button evo_btn_arr_circ dfx fx_ai_c' title='Fare clic qui per ottenere indicazioni'><i class='fa fa-chevron-right'><\/i> <\/button>\n\t\t\t<\/div>\n\t\t<\/form>\n\t<\/div><\/div><\/div><div class='evo_card_row_end evcal_close' title='Testo del pulsante Chiudi evento'><\/div><\/div><div class='clear end'><\/div><\/div><div id=\"event_2196_8\" class=\"eventon_list_event evo_eventtop scheduled  event clrW event_2196_8\" data-event_id=\"2196\" data-ri=\"8r\" data-time=\"1787238000-1787246100\" data-colr=\"#f78234\" itemscope itemtype='http:\/\/schema.org\/Event'><div class=\"evo_event_schema\" style=\"display:none\" ><a itemprop='url'  href='https:\/\/latemarium.com\/it\/events\/pilyoga\/var\/ri-8.l-L1'><\/a><meta itemprop='image' content=\"https:\/\/latemarium.com\/wp-content\/uploads\/2023\/06\/pilyoga.jpg\" \/><meta itemprop='startDate' content=\"2026-8-20T17:00+0:00\" \/><meta itemprop='endDate' content=\"2026-8-20T19:15+0:00\" \/><meta itemprop='eventStatus' content=\"https:\/\/schema.org\/EventScheduled\" \/><meta itemprop='eventAttendanceMode'   itemscope itemtype=\"https:\/\/schema.org\/OfflineEventAttendanceMode\"\/><div style=\"display:none\" itemprop=\"location\" itemscope itemtype=\"http:\/\/schema.org\/Place\"><span itemprop=\"name\">Pampeago<\/span><span itemprop=\"address\" itemscope itemtype=\"http:\/\/schema.org\/PostalAddress\"><item itemprop=\"streetAddress\">Localit\u00e0 Pampeago, 8, 38038 Tesero TN<\/item><\/span><\/div><script type=\"application\/ld+json\">{\"@context\": \"http:\/\/schema.org\",\"@type\": \"Event\",\n\t\t\t\t\"@id\": \"event_2196_8\",\n\t\t\t\t\"eventAttendanceMode\":\"https:\/\/schema.org\/OfflineEventAttendanceMode\",\n\t\t\t\t\"eventStatus\":\"https:\/\/schema.org\/EventScheduled\",\n\t\t\t\t\"name\": \"PilYoga\",\n\t\t\t\t\"url\": \"https:\/\/latemarium.com\/it\/events\/pilyoga\/var\/ri-8.l-L1\",\n\t\t\t\t\"startDate\": \"2026-8-20T17:00+0:00\",\n\t\t\t\t\"endDate\": \"2026-8-20T19:15+0:00\",\n\t\t\t\t\"image\":\"https:\/\/latemarium.com\/wp-content\/uploads\/2023\/06\/pilyoga.jpg\", \n\t\t\t\t\"description\":\"<p><strong>Ogni gioved\u00ec dal 25 giugno al 3 settembre 2026<\/strong><\/p> <p>Ritrovo e partenza alle 17.00 con l&#8217;insegnate Elisa (presso biglietteria impianti)<br \/> Durata: dalle 17.00 alle 19.15, attivit\u00e0 rivolta ai &gt; 14 anni.<\/p> <p>Raggiungerete il luogo della lezione con la seggiovia Agnello e dopo una breve passeggiata vi potrete rilassare e liberare la mente a diretto contatto con la natura. La pratica del PilYoga in quota permette la piena armonia con l\u2019ambiente circostante, lontano da tutti i rumori della vita quotidiana. Appena finirete la lezione, vi attender\u00e0 un piccolo aperitivo allo Chalet Caserina per poi riscendere a piedi con una breve passeggiata.<\/p> <p>Da portare con s\u00e9 un tappetino o stuoia o asciugamano.<br \/> <em>Attivit\u00e0 NON prevista in caso di pioggia.<\/em><\/p> <p>Prenotazione obbligatoria. Clicca <a href='https:\/\/www.visitfiemme.it\/it\/eventi\/fiemme-cembra-guest-card\/esperienze\/esperienze-in-estate' target='_blank' rel='noopener'>qui<\/a>\u00a0per prenotare.<\/p> \",\"location\":[{\"@type\":\"Place\",\"name\":\"Pampeago\",\"address\":{\"@type\": \"PostalAddress\",\"streetAddress\":\"Localit\u00e0 Pampeago, 8, 38038 Tesero TN\"}}]}<\/script><\/div>\r\n\t\t\t\t<p class=\"desc_trig_outter\" style=\"\"><a data-gmtrig=\"1\" data-exlk=\"0\" style=\"background-color: #f78234;\" id=\"evc_17872380002196\" class=\"hasFtIMG event_repeat desc_trig sin_val evcal_list_a\" data-ux_val=\"3\" data-ux_val_mob=\"-\"  ><span class='evoet_c1 evoet_cx '><span class='ev_ftImg' data-img='https:\/\/latemarium.com\/wp-content\/uploads\/2023\/06\/pilyoga.jpg' data-thumb='https:\/\/latemarium.com\/wp-content\/uploads\/2023\/06\/pilyoga-300x169.jpg' style='background-image:url(\"https:\/\/latemarium.com\/wp-content\/uploads\/2023\/06\/pilyoga-300x169.jpg\")' ><\/span><\/span><span class='evoet_c2 evoet_cx '><span class='evoet_dayblock evcal_cblock ' data-bgcolor='#f78234' data-smon='agosto' data-syr='2026' data-bub=''><span class='evo_start '><em class='date'>20<\/em><em class='month'>ago<\/em><em class='time'>17:00<\/em><\/span><span class='evo_end only_time'><em class='time'>19:15<\/em><\/span><\/span><\/span><span class='evoet_c3 evoet_cx evcal_desc hide_eventtopdata '><span class='evoet_title evcal_desc2 evcal_event_title ' itemprop='name'>PilYoga<\/span><span class='event_location_attrs'  data-location_address=\"Localit\u00e0 Pampeago, 8, 38038 Tesero TN\" data-location_type=\"lonlat\" data-location_name=\"Pampeago\" data-location_url=\"https:\/\/latemarium.com\/it\/event-location\/pampeago\/\" data-location_status=\"true\" data-latlng=\"46.34343697644898,11.540997527961546\"><\/span><span class='evoet_subtitle evo_below_title' ><span class='evcal_event_subtitle ' >Pilyoga tra le opere di Respirart<\/span><\/span><span class='evoet_time_expand level_3'><em class='evcal_time evo_tz_time'><i class='fa fa-clock-o'><\/i>17:00 - 19:15<span class='evo_tz marl5'>(GMT+02:00)<\/span><\/em> <\/span><span class='evoet_location level_3'><em class=\"evcal_location\"  data-latlng=\"46.34343697644898,11.540997527961546\" data-add_str=\"Localit\u00e0 Pampeago, 8, 38038 Tesero TN\" data-n=\"Pampeago\"><i class=\"fa fa-location-pin\"><\/i><em class=\"event_location_name\">Pampeago<\/em>, Localit\u00e0 Pampeago, 8, 38038 Tesero TN<\/em><\/span><\/span><span class='evoet_data' data-d=\"{&quot;loc.n&quot;:&quot;Pampeago&quot;,&quot;orgs&quot;:[],&quot;tags&quot;:{&quot;repeating&quot;:&quot;Repeating Event&quot;}}\" data-bgc=\"#f78234\" data-bggrad=\"\" ><\/span><\/a><\/p><div class='event_description evcal_eventcard ' style=\"display:none\"><div class='evocard_row'><div id='event_ftimage' class='evocard_box ftimage' data-c='' \n\t\t\t\t\tstyle=''><div class='evocard_main_image_hold' data-t='Loading Image..'><div class='evocard_main_image evo_img_triglb evobr15 evobgsc evobgpc evodfx evofx_jc_c evofx_ai_c evofz48 minmized' style='height:300px; background-image:url();' data-f=\"https:\/\/latemarium.com\/wp-content\/uploads\/2023\/06\/pilyoga.jpg\" data-h=\"675\" data-w=\"1200\" data-ratio=\"0.5625\" data-event_id=\"2196\" data-ri=\"8\"  data-t='Loading Image..'><span style='height:300px; background-image:url(https:\/\/latemarium.com\/wp-content\/uploads\/2023\/06\/pilyoga.jpg)'><\/span><\/div><\/div><\/div><\/div><div class='evocard_row'><div id='event_eventdetails' class='evocard_box eventdetails' data-c='' \n\t\t\t\t\tstyle=''><div class='evo_metarow_details evorow evcal_evdata_row evcal_event_details'>\n\t\t<div class=\"event_excerpt\" style=\"display:none\"><h3 class=\"padb5 evo_h3\">Dettagli dell&#039;evento<\/h3><p>Ogni gioved\u00ec dal 25 giugno al 3 settembre 2026\nRitrovo e partenza alle 17.00 con l&#8217;insegnate Elisa (presso biglietteria impianti)\nDurata: dalle 17.00 alle 19.15, attivit\u00e0 rivolta ai &gt; 14 anni.\nRaggiungerete<\/p><\/div><span class='evcal_evdata_icons'><i class='fa fa-align-justify'><\/i><\/span>\n\t\t\n\t\t<div class='evcal_evdata_cell shorter_desc'>\n\t\t\t<div class='eventon_full_description'>\n\t\t\t\t<h3 class='padb5 evo_h3'><span class='evcal_evdata_icons'><i class='fa fa-align-justify'><\/i><\/span>Dettagli dell&#039;evento<\/h3>\n\t\t\t\t<div class='eventon_desc_in' itemprop='description'>\n\t\t\t\t<p><strong>Ogni gioved\u00ec dal 25 giugno al 3 settembre 2026<\/strong><\/p>\n<p>Ritrovo e partenza alle 17.00 con l&#8217;insegnate Elisa (presso biglietteria impianti)<br \/>\nDurata: dalle 17.00 alle 19.15, attivit\u00e0 rivolta ai &gt; 14 anni.<\/p>\n<p>Raggiungerete il luogo della lezione con la seggiovia Agnello e dopo una breve passeggiata vi potrete rilassare e liberare la mente a diretto contatto con la natura. La pratica del PilYoga in quota permette la piena armonia con l\u2019ambiente circostante, lontano da tutti i rumori della vita quotidiana. Appena finirete la lezione, vi attender\u00e0 un piccolo aperitivo allo Chalet Caserina per poi riscendere a piedi con una breve passeggiata.<\/p>\n<p>Da portare con s\u00e9 un tappetino o stuoia o asciugamano.<br \/>\n<em>Attivit\u00e0 NON prevista in caso di pioggia.<\/em><\/p>\n<p>Prenotazione obbligatoria. Clicca <a href=\"https:\/\/www.visitfiemme.it\/it\/eventi\/fiemme-cembra-guest-card\/esperienze\/esperienze-in-estate\" target=\"_blank\" rel=\"noopener\">qui<\/a>\u00a0per prenotare.<\/p>\n<\/div><p class='eventon_shad_p' style='padding:5px 0 0; margin:0'>\n\t\t\t<span class='evcal_btn evo_btn_secondary evobtn_details_show_more' content='less'>\n\t\t\t\t<span class='ev_more_text' data-txt='Meno'>Pi\u00f9<\/span><span class='ev_more_arrow ard'><\/span>\n\t\t\t<\/span>\n\t\t<\/p><div class='clear'><\/div>\n\t\t\t<\/div>\n\t\t<\/div>\n\t<\/div><\/div><\/div><div class='evocard_row bx2 bx'><div id='event_time' class='evocard_box time' data-c='' \n\t\t\t\t\tstyle=''><div class='evo_metarow_time evorow evcal_evdata_row evcal_evrow_sm '>\n\t\t<span class='evcal_evdata_icons'><i class='fa fa-clock'><\/i><\/span>\n\t\t<div class='evcal_evdata_cell'>\t\t\t\t\t\t\t\n\t\t\t<h3 class='evo_h3'><span class='evcal_evdata_icons'><i class='fa fa-clock'><\/i><\/span>Orario<\/h3><p><span class='evo_eventcard_time_t'>20 agosto 2026 17:00 - 19:15<\/span><span class='evo_tz marr5'>(GMT+02:00)<\/span><\/p>\n\t\t<\/div>\n\t<\/div><\/div><div id='event_location' class='evocard_box location' data-c='' \n\t\t\t\t\tstyle=''><div class='evcal_evdata_row evo_metarow_time_location evorow '>\n\t\t\n\t\t\t<span class='evcal_evdata_icons'><i class='fa fa-map-marker'><\/i><\/span>\n\t\t\t<div class='evcal_evdata_cell' data-loc_tax_id='30'><h3 class='evo_h3 evodfx'><span class='evcal_evdata_icons'><i class='fa fa-map-marker'><\/i><\/span>Luogo<\/h3><p class='evo_location_name'>Pampeago<\/p><p class='evo_location_address evodfxi evogap10'>Localit\u00e0 Pampeago, 8, 38038 Tesero TN<\/p><div class='padt10'><span class='evo_btn_arr evolb_trigger' data-lbvals=\"{&quot;lbc&quot;:&quot;evo_location_lb_30&quot;,&quot;lbac&quot;:&quot;lb_max&quot;,&quot;t&quot;:&quot;Pampeago&quot;,&quot;ajax&quot;:&quot;yes&quot;,&quot;ajax_type&quot;:&quot;endpoint&quot;,&quot;ajax_action&quot;:&quot;eventon_get_tax_card_content&quot;,&quot;end&quot;:&quot;client&quot;,&quot;d&quot;:{&quot;lang&quot;:&quot;L1&quot;,&quot;term_id&quot;:30,&quot;tax&quot;:&quot;event_location&quot;,&quot;load_lbcontent&quot;:true},&quot;uid&quot;:&quot;eventon_get_tax_card_content&quot;}\" >Other Events<i class='fa fa-chevron-right'><\/i><\/span><\/div><\/div>\n\t\t\n\t<\/div><\/div><\/div><div class='evocard_row'><div id='event_addtocal' class='evocard_box addtocal' data-c='' \n\t\t\t\t\tstyle=''><div class='evo_metarow_ICS evorow evcal_evdata_row'>\n\t\t\t<span class='evcal_evdata_icons'><i class='fa fa-calendar-o'><\/i><\/span>\n\t\t\t<div class='evcal_evdata_cell'>\n\t\t\t\t<p><a href='https:\/\/latemarium.com\/it\/export-events\/2196_8\/?nonce=a3263097f9' class='evo_ics_nCal' title='Aggiungi al tuo calendario'>Calendario<\/a><a href='https:\/\/www.google.com\/calendar\/event?action=TEMPLATE&text=PilYoga&dates=20260820T150000Z%2F20260820T171500Z&ctz=Europe%2FRome&details=PilYoga&location=Pampeago+Localit%C3%A0+Pampeago%2C+8%2C+38038+Tesero+TN' target='_blank' class='evo_ics_gCal' title='Aggiungi al calendario di Google'>GoogleCal<\/a><\/p>\t\n\t\t\t<\/div>\n\t\t<\/div><\/div><\/div><div class='evocard_row'><div id='event_getdirection' class='evocard_box getdirection' data-c='' \n\t\t\t\t\tstyle=''><div class='evo_metarow_getDr evorow evcal_evdata_row evcal_evrow_sm getdirections'>\n\t\t<form action='https:\/\/maps.google.com\/maps' method='get' target='_blank'>\n\t\t\t<input type='hidden' name='daddr' value=\"46.34343697644898,11.540997527961546\"\/> \n\t\t\t<div class='evo_get_direction_content evo_fx_dr_r evogap10'>\n\t\t\t\t<span class='evogetdir_header evodfx evofx_dr_r evofx_ai_c marr10'>\n\t\t\t\t\t<i class='mainicon fa fa-road'><\/i> \n\t\t\t\t\t<h3 class='evo_h3' style='padding-bottom:5px;'>Ottieni indicazioni stradali<\/h3>\n\t\t\t\t<\/span>\n\t\t\t\t<span class='evogetdir_field evodfx evofx_1_1 evo_fx_dr_c evow100p'>\t\t\t\t\t\n\t\t\t\t\t<input class='evoInput evotac' type='text' name='saddr' placeholder='Digitare l&#039;indirizzo per ottenere le indicazioni stradali' value='' style='margin:10px 0;'\/>\n\t\t\t\t<\/span>\n\t\t\t\t<button type='submit' class='evo_get_direction_button evo_btn_arr_circ dfx fx_ai_c' title='Fare clic qui per ottenere indicazioni'><i class='fa fa-chevron-right'><\/i> <\/button>\n\t\t\t<\/div>\n\t\t<\/form>\n\t<\/div><\/div><\/div><div class='evo_card_row_end evcal_close' title='Testo del pulsante Chiudi evento'><\/div><\/div><div class='clear end'><\/div><\/div><div id=\"event_2201_8\" class=\"eventon_list_event evo_eventtop scheduled  event clrD no_et event_2201_8\" data-event_id=\"2201\" data-ri=\"8r\" data-time=\"1787238900-1787263140\" data-colr=\"#ba181d\" itemscope itemtype='http:\/\/schema.org\/Event'><div class=\"evo_event_schema\" style=\"display:none\" ><a itemprop='url'  href='https:\/\/latemarium.com\/it\/events\/e-bike-tour-ai-piedi-del-latemar\/var\/ri-8.l-L1'><\/a><meta itemprop='image' content=\"https:\/\/latemarium.com\/wp-content\/uploads\/2023\/06\/e-bike-tour.jpg\" \/><meta itemprop='startDate' content=\"2026-8-20T17:15+0:00\" \/><meta itemprop='endDate' content=\"2026-8-20T23:59+0:00\" \/><meta itemprop='eventStatus' content=\"https:\/\/schema.org\/EventScheduled\" \/><meta itemprop='eventAttendanceMode'   itemscope itemtype=\"https:\/\/schema.org\/OfflineEventAttendanceMode\"\/><div style=\"display:none\" itemprop=\"location\" itemscope itemtype=\"http:\/\/schema.org\/Place\"><span itemprop=\"name\">Pampeago<\/span><span itemprop=\"address\" itemscope itemtype=\"http:\/\/schema.org\/PostalAddress\"><item itemprop=\"streetAddress\">Localit\u00e0 Pampeago, 8, 38038 Tesero TN<\/item><\/span><\/div><script type=\"application\/ld+json\">{\"@context\": \"http:\/\/schema.org\",\"@type\": \"Event\",\n\t\t\t\t\"@id\": \"event_2201_8\",\n\t\t\t\t\"eventAttendanceMode\":\"https:\/\/schema.org\/OfflineEventAttendanceMode\",\n\t\t\t\t\"eventStatus\":\"https:\/\/schema.org\/EventScheduled\",\n\t\t\t\t\"name\": \"E-Bike Tour ai piedi del Latemar\",\n\t\t\t\t\"url\": \"https:\/\/latemarium.com\/it\/events\/e-bike-tour-ai-piedi-del-latemar\/var\/ri-8.l-L1\",\n\t\t\t\t\"startDate\": \"2026-8-20T17:15+0:00\",\n\t\t\t\t\"endDate\": \"2026-8-20T23:59+0:00\",\n\t\t\t\t\"image\":\"https:\/\/latemarium.com\/wp-content\/uploads\/2023\/06\/e-bike-tour.jpg\", \n\t\t\t\t\"description\":\"<p><strong>Ogni gioved\u00ec dal 25 giugno al 3 settembre 2026<\/strong><\/p> <p>Ritrovo con la guida Andrea alle 17.15 a Pampeago (presso biglietteria impianti)<br \/> Durata:\u00a0dalle 17.15 alle 19.15<br \/> Max 8 persone. +16 anni.<\/p> <p class='p1'><span class='s1'>Per gli appassionati di e-bike, con un livello intermedio, abbiamo pensato ad un tour alla scoperta del Latemar con vista mozzafiato sulle aree circostanti. Sar\u00e0 un itinerario piacevole e grazie alla pedalata assistita potrete affrontare con facilit\u00e0 il dislivello che vi porter\u00e0 in localit\u00e0 Tresca. \u00c8 il momento della giornata perfetto: la montagna si svuota, potrete apprezzare il silenzio della natura e godere dei colori della \u201cgolden hour\u201d. Terminato il giro vi attender\u00e0 un piccolo aperitivo allo Chalet Caserina.<br \/> Potrete noleggiare la e-bike in loco, al negozio Sport Ventura di Pampeago.<br \/> <\/span><\/p> <p class='p1'><em><span class='s1'>Attivit\u00e0 non prevista in caso di pioggia.<\/span><\/em><\/p> <p>Prenotazione obbligatoria. Clicca\u00a0<a href='https:\/\/www.visitfiemme.it\/it\/eventi\/fiemme-cembra-guest-card\/esperienze\/esperienze-in-estate?re-product-id=251796' target='_blank' rel='noopener'>qui<\/a>.<\/p> \",\"location\":[{\"@type\":\"Place\",\"name\":\"Pampeago\",\"address\":{\"@type\": \"PostalAddress\",\"streetAddress\":\"Localit\u00e0 Pampeago, 8, 38038 Tesero TN\"}}]}<\/script><\/div>\r\n\t\t\t\t<p class=\"desc_trig_outter\" style=\"\"><a data-gmtrig=\"1\" data-exlk=\"0\" style=\"background-color: #ba181d;\" id=\"evc_17872389002201\" class=\"hasFtIMG event_repeat desc_trig sin_val evcal_list_a\" data-ux_val=\"3\" data-ux_val_mob=\"-\"  ><span class='evoet_c1 evoet_cx '><span class='ev_ftImg' data-img='https:\/\/latemarium.com\/wp-content\/uploads\/2023\/06\/e-bike-tour.jpg' data-thumb='https:\/\/latemarium.com\/wp-content\/uploads\/2023\/06\/e-bike-tour-300x169.jpg' style='background-image:url(\"https:\/\/latemarium.com\/wp-content\/uploads\/2023\/06\/e-bike-tour-300x169.jpg\")' ><\/span><\/span><span class='evoet_c2 evoet_cx '><span class='evoet_dayblock evcal_cblock ' data-bgcolor='#ba181d' data-smon='agosto' data-syr='2026' data-bub=''><span class='evo_start '><em class='date'>20<\/em><em class='month'>ago<\/em><em class='time'>17:15<\/em><\/span><\/span><\/span><span class='evoet_c3 evoet_cx evcal_desc hide_eventtopdata '><span class='evoet_title evcal_desc2 evcal_event_title ' itemprop='name'>E-Bike Tour ai piedi del Latemar<\/span><span class='event_location_attrs'  data-location_address=\"Localit\u00e0 Pampeago, 8, 38038 Tesero TN\" data-location_type=\"lonlat\" data-location_name=\"Pampeago\" data-location_url=\"https:\/\/latemarium.com\/it\/event-location\/pampeago\/\" data-location_status=\"true\" data-latlng=\"46.34343697644898,11.540997527961546\"><\/span><span class='evoet_subtitle evo_below_title' ><span class='evcal_event_subtitle ' >Per gli appassionati di e-bike<\/span><\/span><span class='evoet_time_expand level_3'><em class='evcal_time evo_tz_time'><i class='fa fa-clock-o'><\/i>17:15<span class='evo_tz marl5'>(GMT+02:00)<\/span><\/em> <\/span><span class='evoet_location level_3'><em class=\"evcal_location\"  data-latlng=\"46.34343697644898,11.540997527961546\" data-add_str=\"Localit\u00e0 Pampeago, 8, 38038 Tesero TN\" data-n=\"Pampeago\"><i class=\"fa fa-location-pin\"><\/i><em class=\"event_location_name\">Pampeago<\/em>, Localit\u00e0 Pampeago, 8, 38038 Tesero TN<\/em><\/span><\/span><span class='evoet_data' data-d=\"{&quot;loc.n&quot;:&quot;Pampeago&quot;,&quot;orgs&quot;:[],&quot;tags&quot;:{&quot;repeating&quot;:&quot;Repeating Event&quot;}}\" data-bgc=\"#ba181d\" data-bggrad=\"\" ><\/span><\/a><\/p><div class='event_description evcal_eventcard ' style=\"display:none\"><div class='evocard_row'><div id='event_ftimage' class='evocard_box ftimage' data-c='' \n\t\t\t\t\tstyle=''><div class='evocard_main_image_hold' data-t='Loading Image..'><div class='evocard_main_image evo_img_triglb evobr15 evobgsc evobgpc evodfx evofx_jc_c evofx_ai_c evofz48 minmized' style='height:300px; background-image:url();' data-f=\"https:\/\/latemarium.com\/wp-content\/uploads\/2023\/06\/e-bike-tour.jpg\" data-h=\"675\" data-w=\"1200\" data-ratio=\"0.5625\" data-event_id=\"2201\" data-ri=\"8\"  data-t='Loading Image..'><span style='height:300px; background-image:url(https:\/\/latemarium.com\/wp-content\/uploads\/2023\/06\/e-bike-tour.jpg)'><\/span><\/div><\/div><\/div><\/div><div class='evocard_row'><div id='event_eventdetails' class='evocard_box eventdetails' data-c='' \n\t\t\t\t\tstyle=''><div class='evo_metarow_details evorow evcal_evdata_row evcal_event_details'>\n\t\t<div class=\"event_excerpt\" style=\"display:none\"><h3 class=\"padb5 evo_h3\">Dettagli dell&#039;evento<\/h3><p>Ogni gioved\u00ec dal 25 giugno al 3 settembre 2026\nRitrovo con la guida Andrea alle 17.15 a Pampeago (presso biglietteria impianti)\nDurata:\u00a0dalle 17.15 alle 19.15\nMax 8 persone. +16 anni.<\/p><\/div><span class='evcal_evdata_icons'><i class='fa fa-align-justify'><\/i><\/span>\n\t\t\n\t\t<div class='evcal_evdata_cell shorter_desc'>\n\t\t\t<div class='eventon_full_description'>\n\t\t\t\t<h3 class='padb5 evo_h3'><span class='evcal_evdata_icons'><i class='fa fa-align-justify'><\/i><\/span>Dettagli dell&#039;evento<\/h3>\n\t\t\t\t<div class='eventon_desc_in' itemprop='description'>\n\t\t\t\t<p><strong>Ogni gioved\u00ec dal 25 giugno al 3 settembre 2026<\/strong><\/p>\n<p>Ritrovo con la guida Andrea alle 17.15 a Pampeago (presso biglietteria impianti)<br \/>\nDurata:\u00a0dalle 17.15 alle 19.15<br \/>\nMax 8 persone. +16 anni.<\/p>\n<p class=\"p1\"><span class=\"s1\">Per gli appassionati di e-bike, con un livello intermedio, abbiamo pensato ad un tour alla scoperta del Latemar con vista mozzafiato sulle aree circostanti. Sar\u00e0 un itinerario piacevole e grazie alla pedalata assistita potrete affrontare con facilit\u00e0 il dislivello che vi porter\u00e0 in localit\u00e0 Tresca. \u00c8 il momento della giornata perfetto: la montagna si svuota, potrete apprezzare il silenzio della natura e godere dei colori della \u201cgolden hour\u201d. Terminato il giro vi attender\u00e0 un piccolo aperitivo allo Chalet Caserina.<br \/>\nPotrete noleggiare la e-bike in loco, al negozio Sport Ventura di Pampeago.<br \/>\n<\/span><\/p>\n<p class=\"p1\"><em><span class=\"s1\">Attivit\u00e0 non prevista in caso di pioggia.<\/span><\/em><\/p>\n<p>Prenotazione obbligatoria. Clicca\u00a0<a href=\"https:\/\/www.visitfiemme.it\/it\/eventi\/fiemme-cembra-guest-card\/esperienze\/esperienze-in-estate?re-product-id=251796\" target=\"_blank\" rel=\"noopener\">qui<\/a>.<\/p>\n<\/div><p class='eventon_shad_p' style='padding:5px 0 0; margin:0'>\n\t\t\t<span class='evcal_btn evo_btn_secondary evobtn_details_show_more' content='less'>\n\t\t\t\t<span class='ev_more_text' data-txt='Meno'>Pi\u00f9<\/span><span class='ev_more_arrow ard'><\/span>\n\t\t\t<\/span>\n\t\t<\/p><div class='clear'><\/div>\n\t\t\t<\/div>\n\t\t<\/div>\n\t<\/div><\/div><\/div><div class='evocard_row bx2 bx'><div id='event_time' class='evocard_box time' data-c='' \n\t\t\t\t\tstyle=''><div class='evo_metarow_time evorow evcal_evdata_row evcal_evrow_sm '>\n\t\t<span class='evcal_evdata_icons'><i class='fa fa-clock'><\/i><\/span>\n\t\t<div class='evcal_evdata_cell'>\t\t\t\t\t\t\t\n\t\t\t<h3 class='evo_h3'><span class='evcal_evdata_icons'><i class='fa fa-clock'><\/i><\/span>Orario<\/h3><p><span class='evo_eventcard_time_t'>20 agosto 2026 17:15<\/span><span class='evo_tz marr5'>(GMT+02:00)<\/span><\/p>\n\t\t<\/div>\n\t<\/div><\/div><div id='event_location' class='evocard_box location' data-c='' \n\t\t\t\t\tstyle=''><div class='evcal_evdata_row evo_metarow_time_location evorow '>\n\t\t\n\t\t\t<span class='evcal_evdata_icons'><i class='fa fa-map-marker'><\/i><\/span>\n\t\t\t<div class='evcal_evdata_cell' data-loc_tax_id='30'><h3 class='evo_h3 evodfx'><span class='evcal_evdata_icons'><i class='fa fa-map-marker'><\/i><\/span>Luogo<\/h3><p class='evo_location_name'>Pampeago<\/p><p class='evo_location_address evodfxi evogap10'>Localit\u00e0 Pampeago, 8, 38038 Tesero TN<\/p><div class='padt10'><span class='evo_btn_arr evolb_trigger' data-lbvals=\"{&quot;lbc&quot;:&quot;evo_location_lb_30&quot;,&quot;lbac&quot;:&quot;lb_max&quot;,&quot;t&quot;:&quot;Pampeago&quot;,&quot;ajax&quot;:&quot;yes&quot;,&quot;ajax_type&quot;:&quot;endpoint&quot;,&quot;ajax_action&quot;:&quot;eventon_get_tax_card_content&quot;,&quot;end&quot;:&quot;client&quot;,&quot;d&quot;:{&quot;lang&quot;:&quot;L1&quot;,&quot;term_id&quot;:30,&quot;tax&quot;:&quot;event_location&quot;,&quot;load_lbcontent&quot;:true},&quot;uid&quot;:&quot;eventon_get_tax_card_content&quot;}\" >Other Events<i class='fa fa-chevron-right'><\/i><\/span><\/div><\/div>\n\t\t\n\t<\/div><\/div><\/div><div class='evocard_row'><div id='event_addtocal' class='evocard_box addtocal' data-c='' \n\t\t\t\t\tstyle=''><div class='evo_metarow_ICS evorow evcal_evdata_row'>\n\t\t\t<span class='evcal_evdata_icons'><i class='fa fa-calendar-o'><\/i><\/span>\n\t\t\t<div class='evcal_evdata_cell'>\n\t\t\t\t<p><a href='https:\/\/latemarium.com\/it\/export-events\/2201_8\/?nonce=a3263097f9' class='evo_ics_nCal' title='Aggiungi al tuo calendario'>Calendario<\/a><a href='https:\/\/www.google.com\/calendar\/event?action=TEMPLATE&text=E-Bike+Tour+ai+piedi+del+Latemar&dates=20260820T151500Z%2F20260820T215900Z&ctz=Europe%2FRome&details=E-Bike Tour ai piedi del Latemar&location=Pampeago+Localit%C3%A0+Pampeago%2C+8%2C+38038+Tesero+TN' target='_blank' class='evo_ics_gCal' title='Aggiungi al calendario di Google'>GoogleCal<\/a><\/p>\t\n\t\t\t<\/div>\n\t\t<\/div><\/div><\/div><div class='evocard_row'><div id='event_getdirection' class='evocard_box getdirection' data-c='' \n\t\t\t\t\tstyle=''><div class='evo_metarow_getDr evorow evcal_evdata_row evcal_evrow_sm getdirections'>\n\t\t<form action='https:\/\/maps.google.com\/maps' method='get' target='_blank'>\n\t\t\t<input type='hidden' name='daddr' value=\"46.34343697644898,11.540997527961546\"\/> \n\t\t\t<div class='evo_get_direction_content evo_fx_dr_r evogap10'>\n\t\t\t\t<span class='evogetdir_header evodfx evofx_dr_r evofx_ai_c marr10'>\n\t\t\t\t\t<i class='mainicon fa fa-road'><\/i> \n\t\t\t\t\t<h3 class='evo_h3' style='padding-bottom:5px;'>Ottieni indicazioni stradali<\/h3>\n\t\t\t\t<\/span>\n\t\t\t\t<span class='evogetdir_field evodfx evofx_1_1 evo_fx_dr_c evow100p'>\t\t\t\t\t\n\t\t\t\t\t<input class='evoInput evotac' type='text' name='saddr' placeholder='Digitare l&#039;indirizzo per ottenere le indicazioni stradali' value='' style='margin:10px 0;'\/>\n\t\t\t\t<\/span>\n\t\t\t\t<button type='submit' class='evo_get_direction_button evo_btn_arr_circ dfx fx_ai_c' title='Fare clic qui per ottenere indicazioni'><i class='fa fa-chevron-right'><\/i> <\/button>\n\t\t\t<\/div>\n\t\t<\/form>\n\t<\/div><\/div><\/div><div class='evo_card_row_end evcal_close' title='Testo del pulsante Chiudi evento'><\/div><\/div><div class='clear end'><\/div><\/div><div id=\"event_2493_8\" class=\"eventon_list_event evo_eventtop scheduled  event clrW no_et event_2493_8\" data-event_id=\"2493\" data-ri=\"8r\" data-time=\"1787297400-1787349540\" data-colr=\"#6baeff\" itemscope itemtype='http:\/\/schema.org\/Event'><div class=\"evo_event_schema\" style=\"display:none\" ><a itemprop='url'  href='https:\/\/latemarium.com\/it\/events\/respirart-piccoli-artisti-in-natura\/var\/ri-8.l-L1'><\/a><meta itemprop='image' content=\"https:\/\/latemarium.com\/wp-content\/uploads\/2021\/05\/respirart-vita-e-bellezza.jpg\" \/><meta itemprop='startDate' content=\"2026-8-21T09:30+0:00\" \/><meta itemprop='endDate' content=\"2026-8-21T23:59+0:00\" \/><meta itemprop='eventStatus' content=\"https:\/\/schema.org\/EventScheduled\" \/><meta itemprop='eventAttendanceMode'   itemscope itemtype=\"https:\/\/schema.org\/OfflineEventAttendanceMode\"\/><div style=\"display:none\" itemprop=\"location\" itemscope itemtype=\"http:\/\/schema.org\/Place\"><span itemprop=\"name\">Pampeago<\/span><span itemprop=\"address\" itemscope itemtype=\"http:\/\/schema.org\/PostalAddress\"><item itemprop=\"streetAddress\">Localit\u00e0 Pampeago, 8, 38038 Tesero TN<\/item><\/span><\/div><script type=\"application\/ld+json\">{\"@context\": \"http:\/\/schema.org\",\"@type\": \"Event\",\n\t\t\t\t\"@id\": \"event_2493_8\",\n\t\t\t\t\"eventAttendanceMode\":\"https:\/\/schema.org\/OfflineEventAttendanceMode\",\n\t\t\t\t\"eventStatus\":\"https:\/\/schema.org\/EventScheduled\",\n\t\t\t\t\"name\": \"Respirart: piccoli artisti in natura\",\n\t\t\t\t\"url\": \"https:\/\/latemarium.com\/it\/events\/respirart-piccoli-artisti-in-natura\/var\/ri-8.l-L1\",\n\t\t\t\t\"startDate\": \"2026-8-21T09:30+0:00\",\n\t\t\t\t\"endDate\": \"2026-8-21T23:59+0:00\",\n\t\t\t\t\"image\":\"https:\/\/latemarium.com\/wp-content\/uploads\/2021\/05\/respirart-vita-e-bellezza.jpg\", \n\t\t\t\t\"description\":\"<p><strong>Ogni venerd\u00ec dal 26 giugno all&#8217;11 settembre 2026<\/strong><\/p> <p>Laboratorio ambientale e artistico RespirArt, rivolto a tutti, grandi e piccini. Andremo alla scoperta delle opere d&#8217;arte in modo divertente.<br \/> Appuntamento alle 9.30 alla partenza della Seggiovia-Seminovia Agnello di Pampeago con la guida artistica, che vi consegner\u00e0 i semi per sorvolare il parco RespirArt. Partecipando al laboratorio artistico i bambini costruiranno piccole opere di land art utilizzando materiali naturali.<\/p> <p><strong>Prenotazione obbligatoria.<\/strong><\/p> <p>Clicca <a href='https:\/\/www.visitfiemme.it\/it\/eventi\/fiemme-cembra-guest-card\/esperienze\/esperienze-in-estate?re-product-id=211712' target='_blank' rel='noopener'>qui<\/a> per prenotare.<\/p> \",\"location\":[{\"@type\":\"Place\",\"name\":\"Pampeago\",\"address\":{\"@type\": \"PostalAddress\",\"streetAddress\":\"Localit\u00e0 Pampeago, 8, 38038 Tesero TN\"}}]}<\/script><\/div>\r\n\t\t\t\t<p class=\"desc_trig_outter\" style=\"\"><a data-gmtrig=\"1\" data-exlk=\"0\" style=\"background-color: #6baeff;\" id=\"evc_17872974002493\" class=\"hasFtIMG event_repeat desc_trig sin_val evcal_list_a\" data-ux_val=\"3\" data-ux_val_mob=\"-\"  ><span class='evoet_c1 evoet_cx '><span class='ev_ftImg' data-img='https:\/\/latemarium.com\/wp-content\/uploads\/2021\/05\/respirart-vita-e-bellezza.jpg' data-thumb='https:\/\/latemarium.com\/wp-content\/uploads\/2021\/05\/respirart-vita-e-bellezza-300x201.jpg' style='background-image:url(\"https:\/\/latemarium.com\/wp-content\/uploads\/2021\/05\/respirart-vita-e-bellezza-300x201.jpg\")' ><\/span><\/span><span class='evoet_c2 evoet_cx '><span class='evoet_dayblock evcal_cblock ' data-bgcolor='#6baeff' data-smon='agosto' data-syr='2026' data-bub=''><span class='evo_start '><em class='date'>21<\/em><em class='month'>ago<\/em><em class='time'>09:30<\/em><\/span><\/span><\/span><span class='evoet_c3 evoet_cx evcal_desc hide_eventtopdata '><span class='evoet_title evcal_desc2 evcal_event_title ' itemprop='name'>Respirart: piccoli artisti in natura<\/span><span class='event_location_attrs'  data-location_address=\"Localit\u00e0 Pampeago, 8, 38038 Tesero TN\" data-location_type=\"lonlat\" data-location_name=\"Pampeago\" data-location_url=\"https:\/\/latemarium.com\/it\/event-location\/pampeago\/\" data-location_status=\"true\" data-latlng=\"46.34343697644898,11.540997527961546\"><\/span><span class='evoet_subtitle evo_below_title' ><span class='evcal_event_subtitle ' >laboratorio artistico<\/span><\/span><span class='evoet_time_expand level_3'><em class='evcal_time evo_tz_time'><i class='fa fa-clock-o'><\/i>09:30<span class='evo_tz marl5'>(GMT+02:00)<\/span><\/em> <\/span><span class='evoet_location level_3'><em class=\"evcal_location\"  data-latlng=\"46.34343697644898,11.540997527961546\" data-add_str=\"Localit\u00e0 Pampeago, 8, 38038 Tesero TN\" data-n=\"Pampeago\"><i class=\"fa fa-location-pin\"><\/i><em class=\"event_location_name\">Pampeago<\/em>, Localit\u00e0 Pampeago, 8, 38038 Tesero TN<\/em><\/span><\/span><span class='evoet_data' data-d=\"{&quot;loc.n&quot;:&quot;Pampeago&quot;,&quot;orgs&quot;:[],&quot;tags&quot;:{&quot;repeating&quot;:&quot;Repeating Event&quot;}}\" data-bgc=\"#6baeff\" data-bggrad=\"\" ><\/span><\/a><\/p><div class='event_description evcal_eventcard ' style=\"display:none\"><div class='evocard_row'><div id='event_ftimage' class='evocard_box ftimage' data-c='' \n\t\t\t\t\tstyle=''><div class='evocard_main_image_hold' data-t='Loading Image..'><div class='evocard_main_image evo_img_triglb evobr15 evobgsc evobgpc evodfx evofx_jc_c evofx_ai_c evofz48 minmized' style='height:300px; background-image:url();' data-f=\"https:\/\/latemarium.com\/wp-content\/uploads\/2021\/05\/respirart-vita-e-bellezza.jpg\" data-h=\"602\" data-w=\"899\" data-ratio=\"0.66963292547275\" data-event_id=\"2493\" data-ri=\"8\"  data-t='Loading Image..'><span style='height:300px; background-image:url(https:\/\/latemarium.com\/wp-content\/uploads\/2021\/05\/respirart-vita-e-bellezza.jpg)'><\/span><\/div><\/div><\/div><\/div><div class='evocard_row'><div id='event_eventdetails' class='evocard_box eventdetails' data-c='' \n\t\t\t\t\tstyle=''><div class='evo_metarow_details evorow evcal_evdata_row evcal_event_details'>\n\t\t<div class=\"event_excerpt\" style=\"display:none\"><h3 class=\"padb5 evo_h3\">Dettagli dell&#039;evento<\/h3><p>Ogni venerd\u00ec dal 26 giugno all&#8217;11 settembre 2026\nLaboratorio ambientale e artistico RespirArt, rivolto a tutti, grandi e piccini. Andremo alla scoperta delle opere d&#8217;arte in modo divertente.\nAppuntamento alle 9.30<\/p><\/div><span class='evcal_evdata_icons'><i class='fa fa-align-justify'><\/i><\/span>\n\t\t\n\t\t<div class='evcal_evdata_cell shorter_desc'>\n\t\t\t<div class='eventon_full_description'>\n\t\t\t\t<h3 class='padb5 evo_h3'><span class='evcal_evdata_icons'><i class='fa fa-align-justify'><\/i><\/span>Dettagli dell&#039;evento<\/h3>\n\t\t\t\t<div class='eventon_desc_in' itemprop='description'>\n\t\t\t\t<p><strong>Ogni venerd\u00ec dal 26 giugno all&#8217;11 settembre 2026<\/strong><\/p>\n<p>Laboratorio ambientale e artistico RespirArt, rivolto a tutti, grandi e piccini. Andremo alla scoperta delle opere d&#8217;arte in modo divertente.<br \/>\nAppuntamento alle 9.30 alla partenza della Seggiovia-Seminovia Agnello di Pampeago con la guida artistica, che vi consegner\u00e0 i semi per sorvolare il parco RespirArt. Partecipando al laboratorio artistico i bambini costruiranno piccole opere di land art utilizzando materiali naturali.<\/p>\n<p><strong>Prenotazione obbligatoria.<\/strong><\/p>\n<p>Clicca <a href=\"https:\/\/www.visitfiemme.it\/it\/eventi\/fiemme-cembra-guest-card\/esperienze\/esperienze-in-estate?re-product-id=211712\" target=\"_blank\" rel=\"noopener\">qui<\/a> per prenotare.<\/p>\n<\/div><p class='eventon_shad_p' style='padding:5px 0 0; margin:0'>\n\t\t\t<span class='evcal_btn evo_btn_secondary evobtn_details_show_more' content='less'>\n\t\t\t\t<span class='ev_more_text' data-txt='Meno'>Pi\u00f9<\/span><span class='ev_more_arrow ard'><\/span>\n\t\t\t<\/span>\n\t\t<\/p><div class='clear'><\/div>\n\t\t\t<\/div>\n\t\t<\/div>\n\t<\/div><\/div><\/div><div class='evocard_row bx2 bx'><div id='event_time' class='evocard_box time' data-c='' \n\t\t\t\t\tstyle=''><div class='evo_metarow_time evorow evcal_evdata_row evcal_evrow_sm '>\n\t\t<span class='evcal_evdata_icons'><i class='fa fa-clock'><\/i><\/span>\n\t\t<div class='evcal_evdata_cell'>\t\t\t\t\t\t\t\n\t\t\t<h3 class='evo_h3'><span class='evcal_evdata_icons'><i class='fa fa-clock'><\/i><\/span>Orario<\/h3><p><span class='evo_eventcard_time_t'>21 agosto 2026 09:30<\/span><span class='evo_tz marr5'>(GMT+02:00)<\/span><\/p>\n\t\t<\/div>\n\t<\/div><\/div><div id='event_location' class='evocard_box location' data-c='' \n\t\t\t\t\tstyle=''><div class='evcal_evdata_row evo_metarow_time_location evorow '>\n\t\t\n\t\t\t<span class='evcal_evdata_icons'><i class='fa fa-map-marker'><\/i><\/span>\n\t\t\t<div class='evcal_evdata_cell' data-loc_tax_id='30'><h3 class='evo_h3 evodfx'><span class='evcal_evdata_icons'><i class='fa fa-map-marker'><\/i><\/span>Luogo<\/h3><p class='evo_location_name'>Pampeago<\/p><p class='evo_location_address evodfxi evogap10'>Localit\u00e0 Pampeago, 8, 38038 Tesero TN<\/p><div class='padt10'><span class='evo_btn_arr evolb_trigger' data-lbvals=\"{&quot;lbc&quot;:&quot;evo_location_lb_30&quot;,&quot;lbac&quot;:&quot;lb_max&quot;,&quot;t&quot;:&quot;Pampeago&quot;,&quot;ajax&quot;:&quot;yes&quot;,&quot;ajax_type&quot;:&quot;endpoint&quot;,&quot;ajax_action&quot;:&quot;eventon_get_tax_card_content&quot;,&quot;end&quot;:&quot;client&quot;,&quot;d&quot;:{&quot;lang&quot;:&quot;L1&quot;,&quot;term_id&quot;:30,&quot;tax&quot;:&quot;event_location&quot;,&quot;load_lbcontent&quot;:true},&quot;uid&quot;:&quot;eventon_get_tax_card_content&quot;}\" >Other Events<i class='fa fa-chevron-right'><\/i><\/span><\/div><\/div>\n\t\t\n\t<\/div><\/div><\/div><div class='evocard_row bx2 bx'><div id='event_learnmore' class='evocard_box learnmore' data-c='' \n\t\t\t\t\tstyle=''><div class='evo_metarow_learnM evo_metarow_learnmore evorow'>\n\t\t\t\t\t\t\t<a class='evcal_evdata_row evo_clik_row ' href='http:\/\/www.respirart.com\/' target=\"_blank\">\n\t\t\t\t\t\t\t\t<span class='evcal_evdata_icons'><i class='fa fa-link'><\/i><\/span>\n\t\t\t\t\t\t\t\t<h3 class='evo_h3'>Scopri di pi\u00f9<\/h3>\n\t\t\t\t\t\t\t<\/a>\n\t\t\t\t\t\t\t<\/div><\/div><div id='event_addtocal' class='evocard_box addtocal' data-c='' \n\t\t\t\t\tstyle=''><div class='evo_metarow_ICS evorow evcal_evdata_row'>\n\t\t\t<span class='evcal_evdata_icons'><i class='fa fa-calendar-o'><\/i><\/span>\n\t\t\t<div class='evcal_evdata_cell'>\n\t\t\t\t<p><a href='https:\/\/latemarium.com\/it\/export-events\/2493_8\/?nonce=a3263097f9' class='evo_ics_nCal' title='Aggiungi al tuo calendario'>Calendario<\/a><a href='https:\/\/www.google.com\/calendar\/event?action=TEMPLATE&text=Respirart%3A+piccoli+artisti+in+natura&dates=20260821T073000Z%2F20260821T215900Z&ctz=Europe%2FRome&details=Respirart: piccoli artisti in natura&location=Pampeago+Localit%C3%A0+Pampeago%2C+8%2C+38038+Tesero+TN' target='_blank' class='evo_ics_gCal' title='Aggiungi al calendario di Google'>GoogleCal<\/a><\/p>\t\n\t\t\t<\/div>\n\t\t<\/div><\/div><\/div><div class='evocard_row'><div id='event_repeats' class='evocard_box repeats' data-c='' \n\t\t\t\t\tstyle=''><div class='evo_metarow_repeats evorow evcal_evdata_row evcal_evrow_sm '>\n\t\t<span class='evcal_evdata_icons'><i class='fa fa-repeat'><\/i><\/span>\n\t\t<div class='evcal_evdata_cell'>\t\t\t\t\t\t\t\n\t\t\t<h3 class='evo_h3'>Orari degli eventi futuri in questa serie di eventi ripetuti<\/h3><div class='evo_elm_HCS evo_repeat_series' style=''><span class='evo_elmHCS_nav HCSnavL evo_repeat_series content_slide_trig'><i class='fa fa-chevron-left'><\/i><\/span><span class='evo_elmHCS_nav HCSnavR evo_repeat_series content_slide_trig'><i class='fa fa-chevron-right'><\/i><\/span><div class='evo_elm_HCS_in'><div class='evo_repeat_series_dates clickable evodfx evofx_dr_r evogap10' data-click='1' data-event_url='https:\/\/latemarium.com\/it\/events\/respirart-piccoli-artisti-in-natura\/var\/ri-8.l-L1'><span class='evo_repeat_series_date evodfx evofx_dr_r evofx_ai_c evogap5 evobr15 evobrdB1 evocl1 evopad15 evottu evofz14 evocurp evo_trans_sc1_03 evoHbgcw' data-ux=\"def\" data-l=\"https:\/\/latemarium.com\/it\/events\/respirart-piccoli-artisti-in-natura\/var\/ri-9.l-L1\" ><span class='evodfx evofx_dr_c evotac evofx_jc_c'><b class='j evofz16'>28<\/b><b class='fy'>agosto <\/b><em class='t evofsn'>09:30 - 23:59<\/em><\/span><\/span><span class='evo_repeat_series_date evodfx evofx_dr_r evofx_ai_c evogap5 evobr15 evobrdB1 evocl1 evopad15 evottu evofz14 evocurp evo_trans_sc1_03 evoHbgcw' data-ux=\"def\" data-l=\"https:\/\/latemarium.com\/it\/events\/respirart-piccoli-artisti-in-natura\/var\/ri-10.l-L1\" ><span class='evodfx evofx_dr_c evotac evofx_jc_c'><b class='j evofz16'>4<\/b><b class='fy'>settembre <\/b><em class='t evofsn'>09:30 - 23:59<\/em><\/span><\/span><span class='evo_repeat_series_date evodfx evofx_dr_r evofx_ai_c evogap5 evobr15 evobrdB1 evocl1 evopad15 evottu evofz14 evocurp evo_trans_sc1_03 evoHbgcw' data-ux=\"def\" data-l=\"https:\/\/latemarium.com\/it\/events\/respirart-piccoli-artisti-in-natura\/var\/ri-11.l-L1\" ><span class='evodfx evofx_dr_c evotac evofx_jc_c'><b class='j evofz16'>11<\/b><b class='fy'>settembre <\/b><em class='t evofsn'>09:30 - 23:59<\/em><\/span><\/span><\/div><\/div><\/div><\/div><\/div><\/div><\/div><div class='evocard_row'><div id='event_getdirection' class='evocard_box getdirection' data-c='' \n\t\t\t\t\tstyle=''><div class='evo_metarow_getDr evorow evcal_evdata_row evcal_evrow_sm getdirections'>\n\t\t<form action='https:\/\/maps.google.com\/maps' method='get' target='_blank'>\n\t\t\t<input type='hidden' name='daddr' value=\"46.34343697644898,11.540997527961546\"\/> \n\t\t\t<div class='evo_get_direction_content evo_fx_dr_r evogap10'>\n\t\t\t\t<span class='evogetdir_header evodfx evofx_dr_r evofx_ai_c marr10'>\n\t\t\t\t\t<i class='mainicon fa fa-road'><\/i> \n\t\t\t\t\t<h3 class='evo_h3' style='padding-bottom:5px;'>Ottieni indicazioni stradali<\/h3>\n\t\t\t\t<\/span>\n\t\t\t\t<span class='evogetdir_field evodfx evofx_1_1 evo_fx_dr_c evow100p'>\t\t\t\t\t\n\t\t\t\t\t<input class='evoInput evotac' type='text' name='saddr' placeholder='Digitare l&#039;indirizzo per ottenere le indicazioni stradali' value='' style='margin:10px 0;'\/>\n\t\t\t\t<\/span>\n\t\t\t\t<button type='submit' class='evo_get_direction_button evo_btn_arr_circ dfx fx_ai_c' title='Fare clic qui per ottenere indicazioni'><i class='fa fa-chevron-right'><\/i> <\/button>\n\t\t\t<\/div>\n\t\t<\/form>\n\t<\/div><\/div><\/div><div class='evo_card_row_end evcal_close' title='Testo del pulsante Chiudi evento'><\/div><\/div><div class='clear end'><\/div><\/div><div id=\"event_2291_0\" class=\"eventon_list_event evo_eventtop scheduled  event clrD no_et event_2291_0\" data-event_id=\"2291\" data-ri=\"0r\" data-time=\"1787436000-1787522340\" data-colr=\"#ba181d\" itemscope itemtype='http:\/\/schema.org\/Event'><div class=\"evo_event_schema\" style=\"display:none\" ><a itemprop='url'  href='https:\/\/latemarium.com\/it\/events\/sagra-di-s-bartolomeo\/'><\/a><meta itemprop='image' content=\"https:\/\/latemarium.com\/wp-content\/uploads\/2023\/06\/sagra-san-bartolomeo.jpg\" \/><meta itemprop='startDate' content=\"2026-8-23\" \/><meta itemprop='endDate' content=\"2026-8-23\" \/><meta itemprop='eventStatus' content=\"https:\/\/schema.org\/EventScheduled\" \/><meta itemprop='eventAttendanceMode'   itemscope itemtype=\"https:\/\/schema.org\/OfflineEventAttendanceMode\"\/><div style=\"display:none\" itemprop=\"location\" itemscope itemtype=\"http:\/\/schema.org\/Place\"><span itemprop=\"name\">Pampeago<\/span><span itemprop=\"address\" itemscope itemtype=\"http:\/\/schema.org\/PostalAddress\"><item itemprop=\"streetAddress\">Localit\u00e0 Pampeago, 8, 38038 Tesero TN<\/item><\/span><\/div><script type=\"application\/ld+json\">{\"@context\": \"http:\/\/schema.org\",\"@type\": \"Event\",\n\t\t\t\t\"@id\": \"event_2291_0\",\n\t\t\t\t\"eventAttendanceMode\":\"https:\/\/schema.org\/OfflineEventAttendanceMode\",\n\t\t\t\t\"eventStatus\":\"https:\/\/schema.org\/EventScheduled\",\n\t\t\t\t\"name\": \"Sagra di S.Bartolomeo\",\n\t\t\t\t\"url\": \"https:\/\/latemarium.com\/it\/events\/sagra-di-s-bartolomeo\/\",\n\t\t\t\t\"startDate\": \"2026-8-23\",\n\t\t\t\t\"endDate\": \"2026-8-23\",\n\t\t\t\t\"image\":\"https:\/\/latemarium.com\/wp-content\/uploads\/2023\/06\/sagra-san-bartolomeo.jpg\", \n\t\t\t\t\"description\":\"<p>A Pampeago. Grande festa sotto il tendone per celebrare S.Bartolomeo: messa, pranzo alpino, musica e ballo.<br \/> Dalle 10.00 per tutto il giorno.<\/p> \",\"location\":[{\"@type\":\"Place\",\"name\":\"Pampeago\",\"address\":{\"@type\": \"PostalAddress\",\"streetAddress\":\"Localit\u00e0 Pampeago, 8, 38038 Tesero TN\"}}]}<\/script><\/div>\r\n\t\t\t\t<p class=\"desc_trig_outter\" style=\"\"><a data-gmtrig=\"1\" data-exlk=\"0\" style=\"background-color: #ba181d;\" id=\"evc_17874360002291\" class=\"hasFtIMG desc_trig sin_val evcal_list_a allday\" data-ux_val=\"3\" data-ux_val_mob=\"-\"  ><span class='evoet_c1 evoet_cx '><span class='ev_ftImg' data-img='https:\/\/latemarium.com\/wp-content\/uploads\/2023\/06\/sagra-san-bartolomeo.jpg' data-thumb='https:\/\/latemarium.com\/wp-content\/uploads\/2023\/06\/sagra-san-bartolomeo-300x200.jpg' style='background-image:url(\"https:\/\/latemarium.com\/wp-content\/uploads\/2023\/06\/sagra-san-bartolomeo-300x200.jpg\")' ><\/span><\/span><span class='evoet_c2 evoet_cx '><span class='evoet_dayblock evcal_cblock ' data-bgcolor='#ba181d' data-smon='agosto' data-syr='2026' data-bub=''><span class='evo_start '><em class='date'>23<\/em><em class='month'>ago<\/em><em class='time'>Tutto il giorno<\/em><\/span><\/span><\/span><span class='evoet_c3 evoet_cx evcal_desc hide_eventtopdata '><span class='evoet_title evcal_desc2 evcal_event_title ' itemprop='name'>Sagra di S.Bartolomeo<\/span><span class='event_location_attrs'  data-location_address=\"Localit\u00e0 Pampeago, 8, 38038 Tesero TN\" data-location_type=\"lonlat\" data-location_name=\"Pampeago\" data-location_url=\"https:\/\/latemarium.com\/it\/event-location\/pampeago\/\" data-location_status=\"true\" data-latlng=\"46.34343697644898,11.540997527961546\"><\/span><span class='evoet_subtitle evo_below_title' ><span class='evcal_event_subtitle ' >SAGRA DI S.BARTOLOMEO<\/span><\/span><span class='evoet_time_expand level_3'><em class='evcal_time evo_tz_time'><i class='fa fa-clock-o'><\/i><em class='evcal_alldayevent_text'>(Tutto il giorno: domenica)<\/em><span class='evo_tz marl5'>(GMT+02:00)<\/span><\/em> <\/span><span class='evoet_location level_3'><em class=\"evcal_location\"  data-latlng=\"46.34343697644898,11.540997527961546\" data-add_str=\"Localit\u00e0 Pampeago, 8, 38038 Tesero TN\" data-n=\"Pampeago\"><i class=\"fa fa-location-pin\"><\/i><em class=\"event_location_name\">Pampeago<\/em>, Localit\u00e0 Pampeago, 8, 38038 Tesero TN<\/em><\/span><\/span><span class='evoet_data' data-d=\"{&quot;loc.n&quot;:&quot;Pampeago&quot;,&quot;orgs&quot;:[],&quot;tags&quot;:[]}\" data-bgc=\"#ba181d\" data-bggrad=\"\" ><\/span><\/a><\/p><div class='event_description evcal_eventcard ' style=\"display:none\"><div class='evocard_row'><div id='event_ftimage' class='evocard_box ftimage' data-c='' \n\t\t\t\t\tstyle=''><div class='evocard_main_image_hold' data-t='Loading Image..'><div class='evocard_main_image evo_img_triglb evobr15 evobgsc evobgpc evodfx evofx_jc_c evofx_ai_c evofz48 minmized' style='height:300px; background-image:url();' data-f=\"https:\/\/latemarium.com\/wp-content\/uploads\/2023\/06\/sagra-san-bartolomeo.jpg\" data-h=\"534\" data-w=\"800\" data-ratio=\"0.6675\" data-event_id=\"2291\" data-ri=\"0\"  data-t='Loading Image..'><span style='height:300px; background-image:url(https:\/\/latemarium.com\/wp-content\/uploads\/2023\/06\/sagra-san-bartolomeo.jpg)'><\/span><\/div><\/div><\/div><\/div><div class='evocard_row'><div id='event_eventdetails' class='evocard_box eventdetails' data-c='' \n\t\t\t\t\tstyle=''><div class='evo_metarow_details evorow evcal_evdata_row evcal_event_details'>\n\t\t<div class=\"event_excerpt\" style=\"display:none\"><h3 class=\"padb5 evo_h3\">Dettagli dell&#039;evento<\/h3><p>A Pampeago. Grande festa sotto il tendone per celebrare S.Bartolomeo: messa, pranzo alpino, musica e ballo.\nDalle 10.00 per tutto il giorno.<\/p><\/div><span class='evcal_evdata_icons'><i class='fa fa-align-justify'><\/i><\/span>\n\t\t\n\t\t<div class='evcal_evdata_cell '>\n\t\t\t<div class='eventon_full_description'>\n\t\t\t\t<h3 class='padb5 evo_h3'><span class='evcal_evdata_icons'><i class='fa fa-align-justify'><\/i><\/span>Dettagli dell&#039;evento<\/h3>\n\t\t\t\t<div class='eventon_desc_in' itemprop='description'>\n\t\t\t\t<p>A Pampeago. Grande festa sotto il tendone per celebrare S.Bartolomeo: messa, pranzo alpino, musica e ballo.<br \/>\nDalle 10.00 per tutto il giorno.<\/p>\n<\/div><div class='clear'><\/div>\n\t\t\t<\/div>\n\t\t<\/div>\n\t<\/div><\/div><\/div><div class='evocard_row bx2 bx'><div id='event_time' class='evocard_box time' data-c='' \n\t\t\t\t\tstyle=''><div class='evo_metarow_time evorow evcal_evdata_row evcal_evrow_sm '>\n\t\t<span class='evcal_evdata_icons'><i class='fa fa-clock'><\/i><\/span>\n\t\t<div class='evcal_evdata_cell'>\t\t\t\t\t\t\t\n\t\t\t<h3 class='evo_h3'><span class='evcal_evdata_icons'><i class='fa fa-clock'><\/i><\/span>Orario<\/h3><p><span class='evo_eventcard_time_t'>23 agosto 2026 Tutto il giorno<\/span><span class='evo_tz marr5'>(GMT+02:00)<\/span><\/p>\n\t\t<\/div>\n\t<\/div><\/div><div id='event_location' class='evocard_box location' data-c='' \n\t\t\t\t\tstyle=''><div class='evcal_evdata_row evo_metarow_time_location evorow '>\n\t\t\n\t\t\t<span class='evcal_evdata_icons'><i class='fa fa-map-marker'><\/i><\/span>\n\t\t\t<div class='evcal_evdata_cell' data-loc_tax_id='30'><h3 class='evo_h3 evodfx'><span class='evcal_evdata_icons'><i class='fa fa-map-marker'><\/i><\/span>Luogo<\/h3><p class='evo_location_name'>Pampeago<\/p><p class='evo_location_address evodfxi evogap10'>Localit\u00e0 Pampeago, 8, 38038 Tesero TN<\/p><div class='padt10'><span class='evo_btn_arr evolb_trigger' data-lbvals=\"{&quot;lbc&quot;:&quot;evo_location_lb_30&quot;,&quot;lbac&quot;:&quot;lb_max&quot;,&quot;t&quot;:&quot;Pampeago&quot;,&quot;ajax&quot;:&quot;yes&quot;,&quot;ajax_type&quot;:&quot;endpoint&quot;,&quot;ajax_action&quot;:&quot;eventon_get_tax_card_content&quot;,&quot;end&quot;:&quot;client&quot;,&quot;d&quot;:{&quot;lang&quot;:&quot;L1&quot;,&quot;term_id&quot;:30,&quot;tax&quot;:&quot;event_location&quot;,&quot;load_lbcontent&quot;:true},&quot;uid&quot;:&quot;eventon_get_tax_card_content&quot;}\" >Other Events<i class='fa fa-chevron-right'><\/i><\/span><\/div><\/div>\n\t\t\n\t<\/div><\/div><\/div><div class='evocard_row'><div id='event_addtocal' class='evocard_box addtocal' data-c='' \n\t\t\t\t\tstyle=''><div class='evo_metarow_ICS evorow evcal_evdata_row'>\n\t\t\t<span class='evcal_evdata_icons'><i class='fa fa-calendar-o'><\/i><\/span>\n\t\t\t<div class='evcal_evdata_cell'>\n\t\t\t\t<p><a href='https:\/\/latemarium.com\/it\/export-events\/2291_0\/?nonce=a3263097f9' class='evo_ics_nCal' title='Aggiungi al tuo calendario'>Calendario<\/a><a href='https:\/\/www.google.com\/calendar\/event?action=TEMPLATE&text=Sagra+di+S.Bartolomeo&dates=20260822T220000Z%2F20260823T215900Z&ctz=Europe%2FRome&details=Sagra di S.Bartolomeo&location=Pampeago+Localit%C3%A0+Pampeago%2C+8%2C+38038+Tesero+TN' target='_blank' class='evo_ics_gCal' title='Aggiungi al calendario di Google'>GoogleCal<\/a><\/p>\t\n\t\t\t<\/div>\n\t\t<\/div><\/div><\/div><div class='evocard_row'><div id='event_getdirection' class='evocard_box getdirection' data-c='' \n\t\t\t\t\tstyle=''><div class='evo_metarow_getDr evorow evcal_evdata_row evcal_evrow_sm getdirections'>\n\t\t<form action='https:\/\/maps.google.com\/maps' method='get' target='_blank'>\n\t\t\t<input type='hidden' name='daddr' value=\"46.34343697644898,11.540997527961546\"\/> \n\t\t\t<div class='evo_get_direction_content evo_fx_dr_r evogap10'>\n\t\t\t\t<span class='evogetdir_header evodfx evofx_dr_r evofx_ai_c marr10'>\n\t\t\t\t\t<i class='mainicon fa fa-road'><\/i> \n\t\t\t\t\t<h3 class='evo_h3' style='padding-bottom:5px;'>Ottieni indicazioni stradali<\/h3>\n\t\t\t\t<\/span>\n\t\t\t\t<span class='evogetdir_field evodfx evofx_1_1 evo_fx_dr_c evow100p'>\t\t\t\t\t\n\t\t\t\t\t<input class='evoInput evotac' type='text' name='saddr' placeholder='Digitare l&#039;indirizzo per ottenere le indicazioni stradali' value='' style='margin:10px 0;'\/>\n\t\t\t\t<\/span>\n\t\t\t\t<button type='submit' class='evo_get_direction_button evo_btn_arr_circ dfx fx_ai_c' title='Fare clic qui per ottenere indicazioni'><i class='fa fa-chevron-right'><\/i> <\/button>\n\t\t\t<\/div>\n\t\t<\/form>\n\t<\/div><\/div><\/div><div class='evo_card_row_end evcal_close' title='Testo del pulsante Chiudi evento'><\/div><\/div><div class='clear end'><\/div><\/div><div id=\"event_2120_14\" class=\"eventon_list_event evo_eventtop scheduled  event clrD no_et event_2120_14\" data-event_id=\"2120\" data-ri=\"14r\" data-time=\"1787475600-1787522340\" data-colr=\"#006290\" itemscope itemtype='http:\/\/schema.org\/Event'><div class=\"evo_event_schema\" style=\"display:none\" ><a itemprop='url'  href='https:\/\/latemarium.com\/it\/events\/parola-di-nikolaus-drache\/var\/ri-14.l-L1'><\/a><meta itemprop='image' content=\"https:\/\/latemarium.com\/wp-content\/uploads\/2023\/06\/foresta-dei-draghi-6.jpg\" \/><meta itemprop='startDate' content=\"2026-8-23T11:00+0:00\" \/><meta itemprop='endDate' content=\"2026-8-23T23:59+0:00\" \/><meta itemprop='eventStatus' content=\"https:\/\/schema.org\/EventScheduled\" \/><meta itemprop='eventAttendanceMode'   itemscope itemtype=\"https:\/\/schema.org\/OfflineEventAttendanceMode\"\/><script type=\"application\/ld+json\">{\"@context\": \"http:\/\/schema.org\",\"@type\": \"Event\",\n\t\t\t\t\"@id\": \"event_2120_14\",\n\t\t\t\t\"eventAttendanceMode\":\"https:\/\/schema.org\/OfflineEventAttendanceMode\",\n\t\t\t\t\"eventStatus\":\"https:\/\/schema.org\/EventScheduled\",\n\t\t\t\t\"name\": \"Parola di Nikolaus Drache\",\n\t\t\t\t\"url\": \"https:\/\/latemarium.com\/it\/events\/parola-di-nikolaus-drache\/var\/ri-14.l-L1\",\n\t\t\t\t\"startDate\": \"2026-8-23T11:00+0:00\",\n\t\t\t\t\"endDate\": \"2026-8-23T23:59+0:00\",\n\t\t\t\t\"image\":\"https:\/\/latemarium.com\/wp-content\/uploads\/2023\/06\/foresta-dei-draghi-6.jpg\", \n\t\t\t\t\"description\":\"<p>Saltano, corrono, strisciano, volano! Eppure\u2026 non \u00e8 facile vederli!<br \/> Sanno nascondersi bene\u2026 gli squamosi furbacchioni! Chi sono? Ma i draghi del Latemar! Incontrarne uno, anche uno solo, sar\u00e0 un\u2019esperienza meravigliosa! Parola di Nikolaus Drache.<\/p> <p>domenica e luned\u00ec: dal 5 luglio al 24 agosto 2026<br \/> a monte della telecabina Predazzo-Gardon\u00e8<br \/> ore 11.00 e ore 14.30<br \/> spettacoli itineranti sul sentiero della Foresta dei Draghi<br \/> adatto a famiglie e bambini dai 2 anni in su\u00a0(durata 1h30\u2019)<\/p> \"}<\/script><\/div>\r\n\t\t\t\t<p class=\"desc_trig_outter\" style=\"\"><a data-gmap_status=\"null\" data-exlk=\"0\" style=\"background-color: #006290;\" id=\"evc_17874756002120\" class=\"hasFtIMG event_repeat desc_trig sin_val evcal_list_a\" data-ux_val=\"3\" data-ux_val_mob=\"-\"  ><span class='evoet_c1 evoet_cx '><span class='ev_ftImg' data-img='https:\/\/latemarium.com\/wp-content\/uploads\/2023\/06\/foresta-dei-draghi-6.jpg' data-thumb='https:\/\/latemarium.com\/wp-content\/uploads\/2023\/06\/foresta-dei-draghi-6-300x200.jpg' style='background-image:url(\"https:\/\/latemarium.com\/wp-content\/uploads\/2023\/06\/foresta-dei-draghi-6-300x200.jpg\")' ><\/span><\/span><span class='evoet_c2 evoet_cx '><span class='evoet_dayblock evcal_cblock ' data-bgcolor='#006290' data-smon='agosto' data-syr='2026' data-bub=''><span class='evo_start '><em class='date'>23<\/em><em class='month'>ago<\/em><em class='time'>11:00<\/em><\/span><\/span><\/span><span class='evoet_c3 evoet_cx evcal_desc hide_eventtopdata '><span class='evoet_title evcal_desc2 evcal_event_title ' itemprop='name'>Parola di Nikolaus Drache<\/span><span class='event_location_attrs' data-location_type=\"lonlat\" data-location_name=\"A monte della telecabina Predazzo-Gardon\u00e8\" data-location_url=\"https:\/\/latemarium.com\/it\/event-location\/a-monte-della-telecabina-predazzo-gardone\/\" data-location_status=\"true\" data-latlng=\"46.32878794406342,11.600176728690842\"><\/span><span class='evoet_subtitle evo_below_title' ><span class='evcal_event_subtitle ' >Spettacolo itinerante sul sentiero della Foresta dei Draghi<\/span><\/span><span class='evoet_time_expand level_3'><em class='evcal_time evo_tz_time'><i class='fa fa-clock-o'><\/i>11:00<span class='evo_tz marl5'>(GMT+02:00)<\/span><\/em> <\/span><span class='evoet_location level_3'><em class=\"evcal_location\"  data-latlng=\"46.32878794406342,11.600176728690842\" data-add_str=\"\" data-n=\"A monte della telecabina Predazzo-Gardon\u00e8\"><i class=\"fa fa-location-pin\"><\/i><em class=\"event_location_name\">A monte della telecabina Predazzo-Gardon\u00e8<\/em><\/em><\/span><\/span><span class='evoet_data' data-d=\"{&quot;loc.n&quot;:&quot;A monte della telecabina Predazzo-Gardon\\u00e8&quot;,&quot;orgs&quot;:[],&quot;tags&quot;:{&quot;repeating&quot;:&quot;Repeating Event&quot;}}\" data-bgc=\"#006290\" data-bggrad=\"\" ><\/span><\/a><\/p><div class='event_description evcal_eventcard ' style=\"display:none\"><div class='evocard_row'><div id='event_ftimage' class='evocard_box ftimage' data-c='' \n\t\t\t\t\tstyle=''><div class='evocard_main_image_hold' data-t='Loading Image..'><div class='evocard_main_image evo_img_triglb evobr15 evobgsc evobgpc evodfx evofx_jc_c evofx_ai_c evofz48 minmized' style='height:300px; background-image:url();' data-f=\"https:\/\/latemarium.com\/wp-content\/uploads\/2023\/06\/foresta-dei-draghi-6.jpg\" data-h=\"800\" data-w=\"1200\" data-ratio=\"0.66666666666667\" data-event_id=\"2120\" data-ri=\"14\"  data-t='Loading Image..'><span style='height:300px; background-image:url(https:\/\/latemarium.com\/wp-content\/uploads\/2023\/06\/foresta-dei-draghi-6.jpg)'><\/span><\/div><\/div><\/div><\/div><div class='evocard_row'><div id='event_eventdetails' class='evocard_box eventdetails' data-c='' \n\t\t\t\t\tstyle=''><div class='evo_metarow_details evorow evcal_evdata_row evcal_event_details'>\n\t\t<div class=\"event_excerpt\" style=\"display:none\"><h3 class=\"padb5 evo_h3\">Dettagli dell&#039;evento<\/h3><p>Saltano, corrono, strisciano, volano! Eppure\u2026 non \u00e8 facile vederli!\nSanno nascondersi bene\u2026 gli squamosi furbacchioni! Chi sono? Ma i draghi del Latemar! Incontrarne uno, anche uno solo, sar\u00e0 un\u2019esperienza meravigliosa!<\/p><\/div><span class='evcal_evdata_icons'><i class='fa fa-align-justify'><\/i><\/span>\n\t\t\n\t\t<div class='evcal_evdata_cell '>\n\t\t\t<div class='eventon_full_description'>\n\t\t\t\t<h3 class='padb5 evo_h3'><span class='evcal_evdata_icons'><i class='fa fa-align-justify'><\/i><\/span>Dettagli dell&#039;evento<\/h3>\n\t\t\t\t<div class='eventon_desc_in' itemprop='description'>\n\t\t\t\t<p>Saltano, corrono, strisciano, volano! Eppure\u2026 non \u00e8 facile vederli!<br \/>\nSanno nascondersi bene\u2026 gli squamosi furbacchioni! Chi sono? Ma i draghi del Latemar! Incontrarne uno, anche uno solo, sar\u00e0 un\u2019esperienza meravigliosa! Parola di Nikolaus Drache.<\/p>\n<p>domenica e luned\u00ec: dal 5 luglio al 24 agosto 2026<br \/>\na monte della telecabina Predazzo-Gardon\u00e8<br \/>\nore 11.00 e ore 14.30<br \/>\nspettacoli itineranti sul sentiero della Foresta dei Draghi<br \/>\nadatto a famiglie e bambini dai 2 anni in su\u00a0(durata 1h30\u2019)<\/p>\n<\/div><div class='clear'><\/div>\n\t\t\t<\/div>\n\t\t<\/div>\n\t<\/div><\/div><\/div><div class='evocard_row bx2 bx'><div id='event_time' class='evocard_box time' data-c='' \n\t\t\t\t\tstyle=''><div class='evo_metarow_time evorow evcal_evdata_row evcal_evrow_sm '>\n\t\t<span class='evcal_evdata_icons'><i class='fa fa-clock'><\/i><\/span>\n\t\t<div class='evcal_evdata_cell'>\t\t\t\t\t\t\t\n\t\t\t<h3 class='evo_h3'><span class='evcal_evdata_icons'><i class='fa fa-clock'><\/i><\/span>Orario<\/h3><p><span class='evo_eventcard_time_t'>23 agosto 2026 11:00<\/span><span class='evo_tz marr5'>(GMT+02:00)<\/span><\/p>\n\t\t<\/div>\n\t<\/div><\/div><div id='event_location' class='evocard_box location' data-c='' \n\t\t\t\t\tstyle=''><div class='evcal_evdata_row evo_metarow_time_location evorow '>\n\t\t\n\t\t\t<span class='evcal_evdata_icons'><i class='fa fa-map-marker'><\/i><\/span>\n\t\t\t<div class='evcal_evdata_cell' data-loc_tax_id='34'><h3 class='evo_h3 evodfx'><span class='evcal_evdata_icons'><i class='fa fa-map-marker'><\/i><\/span>Luogo<\/h3><p class='evo_location_name'>A monte della telecabina Predazzo-Gardon\u00e8<\/p><div class='padt10'><span class='evo_btn_arr evolb_trigger' data-lbvals=\"{&quot;lbc&quot;:&quot;evo_location_lb_34&quot;,&quot;lbac&quot;:&quot;lb_max&quot;,&quot;t&quot;:&quot;A monte della telecabina Predazzo-Gardon\\u00e8&quot;,&quot;ajax&quot;:&quot;yes&quot;,&quot;ajax_type&quot;:&quot;endpoint&quot;,&quot;ajax_action&quot;:&quot;eventon_get_tax_card_content&quot;,&quot;end&quot;:&quot;client&quot;,&quot;d&quot;:{&quot;lang&quot;:&quot;L1&quot;,&quot;term_id&quot;:34,&quot;tax&quot;:&quot;event_location&quot;,&quot;load_lbcontent&quot;:true},&quot;uid&quot;:&quot;eventon_get_tax_card_content&quot;}\" >Other Events<i class='fa fa-chevron-right'><\/i><\/span><\/div><\/div>\n\t\t\n\t<\/div><\/div><\/div><div class='evocard_row bx2 bx'><div id='event_learnmore' class='evocard_box learnmore' data-c='' \n\t\t\t\t\tstyle=''><div class='evo_metarow_learnM evo_metarow_learnmore evorow'>\n\t\t\t\t\t\t\t<a class='evcal_evdata_row evo_clik_row ' href='https:\/\/www.montagnanimata.it\/spettacoli\/' target=\"_blank\">\n\t\t\t\t\t\t\t\t<span class='evcal_evdata_icons'><i class='fa fa-link'><\/i><\/span>\n\t\t\t\t\t\t\t\t<h3 class='evo_h3'>Scopri di pi\u00f9<\/h3>\n\t\t\t\t\t\t\t<\/a>\n\t\t\t\t\t\t\t<\/div><\/div><div id='event_addtocal' class='evocard_box addtocal' data-c='' \n\t\t\t\t\tstyle=''><div class='evo_metarow_ICS evorow evcal_evdata_row'>\n\t\t\t<span class='evcal_evdata_icons'><i class='fa fa-calendar-o'><\/i><\/span>\n\t\t\t<div class='evcal_evdata_cell'>\n\t\t\t\t<p><a href='https:\/\/latemarium.com\/it\/export-events\/2120_14\/?nonce=a3263097f9' class='evo_ics_nCal' title='Aggiungi al tuo calendario'>Calendario<\/a><a href='https:\/\/www.google.com\/calendar\/event?action=TEMPLATE&text=Parola+di+Nikolaus+Drache&dates=20260823T090000Z%2F20260823T215900Z&ctz=Europe%2FRome&details=Parola di Nikolaus Drache&location=A+monte+della+telecabina+Predazzo-Gardon%C3%A8' target='_blank' class='evo_ics_gCal' title='Aggiungi al calendario di Google'>GoogleCal<\/a><\/p>\t\n\t\t\t<\/div>\n\t\t<\/div><\/div><\/div><div class='evocard_row'><div id='event_getdirection' class='evocard_box getdirection' data-c='' \n\t\t\t\t\tstyle=''><div class='evo_metarow_getDr evorow evcal_evdata_row evcal_evrow_sm getdirections'>\n\t\t<form action='https:\/\/maps.google.com\/maps' method='get' target='_blank'>\n\t\t\t<input type='hidden' name='daddr' value=\"46.32878794406342,11.600176728690842\"\/> \n\t\t\t<div class='evo_get_direction_content evo_fx_dr_r evogap10'>\n\t\t\t\t<span class='evogetdir_header evodfx evofx_dr_r evofx_ai_c marr10'>\n\t\t\t\t\t<i class='mainicon fa fa-road'><\/i> \n\t\t\t\t\t<h3 class='evo_h3' style='padding-bottom:5px;'>Ottieni indicazioni stradali<\/h3>\n\t\t\t\t<\/span>\n\t\t\t\t<span class='evogetdir_field evodfx evofx_1_1 evo_fx_dr_c evow100p'>\t\t\t\t\t\n\t\t\t\t\t<input class='evoInput evotac' type='text' name='saddr' placeholder='Digitare l&#039;indirizzo per ottenere le indicazioni stradali' value='' style='margin:10px 0;'\/>\n\t\t\t\t<\/span>\n\t\t\t\t<button type='submit' class='evo_get_direction_button evo_btn_arr_circ dfx fx_ai_c' title='Fare clic qui per ottenere indicazioni'><i class='fa fa-chevron-right'><\/i> <\/button>\n\t\t\t<\/div>\n\t\t<\/form>\n\t<\/div><\/div><\/div><div class='evo_card_row_end evcal_close' title='Testo del pulsante Chiudi evento'><\/div><\/div><div class='clear end'><\/div><\/div><div id=\"event_2149_17\" class=\"eventon_list_event evo_eventtop scheduled  event clrW no_et event_2149_17\" data-event_id=\"2149\" data-ri=\"17r\" data-time=\"1787491200-1787522340\" data-colr=\"#b8d989\" itemscope itemtype='http:\/\/schema.org\/Event'><div class=\"evo_event_schema\" style=\"display:none\" ><a itemprop='url'  href='https:\/\/latemarium.com\/it\/events\/i-suoni-e-la-vita-della-malga\/var\/ri-17.l-L1'><\/a><meta itemprop='image' content=\"https:\/\/latemarium.com\/wp-content\/uploads\/2023\/06\/suoni-vita-malga.jpg\" \/><meta itemprop='startDate' content=\"2026-8-23T15:20+0:00\" \/><meta itemprop='endDate' content=\"2026-8-23T23:59+0:00\" \/><meta itemprop='eventStatus' content=\"https:\/\/schema.org\/EventScheduled\" \/><meta itemprop='eventAttendanceMode'   itemscope itemtype=\"https:\/\/schema.org\/OfflineEventAttendanceMode\"\/><div style=\"display:none\" itemprop=\"location\" itemscope itemtype=\"http:\/\/schema.org\/Place\"><span itemprop=\"name\">Pampeago<\/span><span itemprop=\"address\" itemscope itemtype=\"http:\/\/schema.org\/PostalAddress\"><item itemprop=\"streetAddress\">Localit\u00e0 Pampeago, 8, 38038 Tesero TN<\/item><\/span><\/div><script type=\"application\/ld+json\">{\"@context\": \"http:\/\/schema.org\",\"@type\": \"Event\",\n\t\t\t\t\"@id\": \"event_2149_17\",\n\t\t\t\t\"eventAttendanceMode\":\"https:\/\/schema.org\/OfflineEventAttendanceMode\",\n\t\t\t\t\"eventStatus\":\"https:\/\/schema.org\/EventScheduled\",\n\t\t\t\t\"name\": \"I suoni e la vita della malga\",\n\t\t\t\t\"url\": \"https:\/\/latemarium.com\/it\/events\/i-suoni-e-la-vita-della-malga\/var\/ri-17.l-L1\",\n\t\t\t\t\"startDate\": \"2026-8-23T15:20+0:00\",\n\t\t\t\t\"endDate\": \"2026-8-23T23:59+0:00\",\n\t\t\t\t\"image\":\"https:\/\/latemarium.com\/wp-content\/uploads\/2023\/06\/suoni-vita-malga.jpg\", \n\t\t\t\t\"description\":\"<p>Ritrovo presso parcheggio seggiovia Tresca (raggiungibile in auto da Pampeago \u2013 SOLO per chi prenota l&#8217;attivit\u00e0).<\/p> <p>Dopo una breve passeggiata fino a Malga Pampeago, bambini e genitori scoprono la vita e i suoni quotidiani che scandiscono la vita dei malgari, fra mucche, vitellini, asinelli e maiali.<\/p> <p>A fine attivit\u00e0 ci sar\u00e0 una piccola merenda che i bambini potranno gustarsi o portarsi a casa.<\/p> <p>Attivit\u00e0 possibile anche con passeggino country.<\/p> <p>Prenotazione obbligatoria.<\/p> <p>Prenotazione obbligatoria. Clicca <a href='https:\/\/www.visitfiemme.it\/it\/eventi\/fiemme-cembra-guest-card\/esperienze\/esperienze-in-estate?re-product-id=211655' target='_blank' rel='noopener'>qui<\/a>\u00a0per prenotare.<\/p> \",\"location\":[{\"@type\":\"Place\",\"name\":\"Pampeago\",\"address\":{\"@type\": \"PostalAddress\",\"streetAddress\":\"Localit\u00e0 Pampeago, 8, 38038 Tesero TN\"}}]}<\/script><\/div>\r\n\t\t\t\t<p class=\"desc_trig_outter\" style=\"\"><a data-gmtrig=\"1\" data-exlk=\"0\" style=\"background-color: #b8d989;\" id=\"evc_17874912002149\" class=\"hasFtIMG event_repeat desc_trig sin_val evcal_list_a\" data-ux_val=\"3\" data-ux_val_mob=\"-\"  ><span class='evoet_c1 evoet_cx '><span class='ev_ftImg' data-img='https:\/\/latemarium.com\/wp-content\/uploads\/2023\/06\/suoni-vita-malga.jpg' data-thumb='https:\/\/latemarium.com\/wp-content\/uploads\/2023\/06\/suoni-vita-malga-300x225.jpg' style='background-image:url(\"https:\/\/latemarium.com\/wp-content\/uploads\/2023\/06\/suoni-vita-malga-300x225.jpg\")' ><\/span><\/span><span class='evoet_c2 evoet_cx '><span class='evoet_dayblock evcal_cblock ' data-bgcolor='#b8d989' data-smon='agosto' data-syr='2026' data-bub=''><span class='evo_start '><em class='date'>23<\/em><em class='month'>ago<\/em><em class='time'>15:20<\/em><\/span><\/span><\/span><span class='evoet_c3 evoet_cx evcal_desc hide_eventtopdata '><span class='evoet_title evcal_desc2 evcal_event_title ' itemprop='name'>I suoni e la vita della malga<\/span><span class='event_location_attrs'  data-location_address=\"Localit\u00e0 Pampeago, 8, 38038 Tesero TN\" data-location_type=\"lonlat\" data-location_name=\"Pampeago\" data-location_url=\"https:\/\/latemarium.com\/it\/event-location\/pampeago\/\" data-location_status=\"true\" data-latlng=\"46.34343697644898,11.540997527961546\"><\/span><span class='evoet_subtitle evo_below_title' ><span class='evcal_event_subtitle ' >Alla scoperta della vita dei malgari<\/span><\/span><span class='evoet_time_expand level_3'><em class='evcal_time evo_tz_time'><i class='fa fa-clock-o'><\/i>15:20<span class='evo_tz marl5'>(GMT+02:00)<\/span><\/em> <\/span><span class='evoet_location level_3'><em class=\"evcal_location\"  data-latlng=\"46.34343697644898,11.540997527961546\" data-add_str=\"Localit\u00e0 Pampeago, 8, 38038 Tesero TN\" data-n=\"Pampeago\"><i class=\"fa fa-location-pin\"><\/i><em class=\"event_location_name\">Pampeago<\/em>, Localit\u00e0 Pampeago, 8, 38038 Tesero TN<\/em><\/span><\/span><span class='evoet_data' data-d=\"{&quot;loc.n&quot;:&quot;Pampeago&quot;,&quot;orgs&quot;:[],&quot;tags&quot;:{&quot;repeating&quot;:&quot;Repeating Event&quot;}}\" data-bgc=\"#b8d989\" data-bggrad=\"\" ><\/span><\/a><\/p><div class='event_description evcal_eventcard ' style=\"display:none\"><div class='evocard_row'><div id='event_ftimage' class='evocard_box ftimage' data-c='' \n\t\t\t\t\tstyle=''><div class='evocard_main_image_hold' data-t='Loading Image..'><div class='evocard_main_image evo_img_triglb evobr15 evobgsc evobgpc evodfx evofx_jc_c evofx_ai_c evofz48 minmized' style='height:300px; background-image:url();' data-f=\"https:\/\/latemarium.com\/wp-content\/uploads\/2023\/06\/suoni-vita-malga.jpg\" data-h=\"796\" data-w=\"1062\" data-ratio=\"0.74952919020716\" data-event_id=\"2149\" data-ri=\"17\"  data-t='Loading Image..'><span style='height:300px; background-image:url(https:\/\/latemarium.com\/wp-content\/uploads\/2023\/06\/suoni-vita-malga.jpg)'><\/span><\/div><\/div><\/div><\/div><div class='evocard_row'><div id='event_eventdetails' class='evocard_box eventdetails' data-c='' \n\t\t\t\t\tstyle=''><div class='evo_metarow_details evorow evcal_evdata_row evcal_event_details'>\n\t\t<div class=\"event_excerpt\" style=\"display:none\"><h3 class=\"padb5 evo_h3\">Dettagli dell&#039;evento<\/h3><p>Ritrovo presso parcheggio seggiovia Tresca (raggiungibile in auto da Pampeago \u2013 SOLO per chi prenota l&#8217;attivit\u00e0).\nDopo una breve passeggiata fino a Malga Pampeago, bambini e genitori scoprono la vita e<\/p><\/div><span class='evcal_evdata_icons'><i class='fa fa-align-justify'><\/i><\/span>\n\t\t\n\t\t<div class='evcal_evdata_cell shorter_desc'>\n\t\t\t<div class='eventon_full_description'>\n\t\t\t\t<h3 class='padb5 evo_h3'><span class='evcal_evdata_icons'><i class='fa fa-align-justify'><\/i><\/span>Dettagli dell&#039;evento<\/h3>\n\t\t\t\t<div class='eventon_desc_in' itemprop='description'>\n\t\t\t\t<p>Ritrovo presso parcheggio seggiovia Tresca (raggiungibile in auto da Pampeago \u2013 SOLO per chi prenota l&#8217;attivit\u00e0).<\/p>\n<p>Dopo una breve passeggiata fino a Malga Pampeago, bambini e genitori scoprono la vita e i suoni quotidiani che scandiscono la vita dei malgari, fra mucche, vitellini, asinelli e maiali.<\/p>\n<p>A fine attivit\u00e0 ci sar\u00e0 una piccola merenda che i bambini potranno gustarsi o portarsi a casa.<\/p>\n<p>Attivit\u00e0 possibile anche con passeggino country.<\/p>\n<p>Prenotazione obbligatoria.<\/p>\n<p>Prenotazione obbligatoria. Clicca <a href=\"https:\/\/www.visitfiemme.it\/it\/eventi\/fiemme-cembra-guest-card\/esperienze\/esperienze-in-estate?re-product-id=211655\" target=\"_blank\" rel=\"noopener\">qui<\/a>\u00a0per prenotare.<\/p>\n<\/div><p class='eventon_shad_p' style='padding:5px 0 0; margin:0'>\n\t\t\t<span class='evcal_btn evo_btn_secondary evobtn_details_show_more' content='less'>\n\t\t\t\t<span class='ev_more_text' data-txt='Meno'>Pi\u00f9<\/span><span class='ev_more_arrow ard'><\/span>\n\t\t\t<\/span>\n\t\t<\/p><div class='clear'><\/div>\n\t\t\t<\/div>\n\t\t<\/div>\n\t<\/div><\/div><\/div><div class='evocard_row bx2 bx'><div id='event_time' class='evocard_box time' data-c='' \n\t\t\t\t\tstyle=''><div class='evo_metarow_time evorow evcal_evdata_row evcal_evrow_sm '>\n\t\t<span class='evcal_evdata_icons'><i class='fa fa-clock'><\/i><\/span>\n\t\t<div class='evcal_evdata_cell'>\t\t\t\t\t\t\t\n\t\t\t<h3 class='evo_h3'><span class='evcal_evdata_icons'><i class='fa fa-clock'><\/i><\/span>Orario<\/h3><p><span class='evo_eventcard_time_t'>23 agosto 2026 15:20<\/span><span class='evo_tz marr5'>(GMT+02:00)<\/span><\/p>\n\t\t<\/div>\n\t<\/div><\/div><div id='event_location' class='evocard_box location' data-c='' \n\t\t\t\t\tstyle=''><div class='evcal_evdata_row evo_metarow_time_location evorow '>\n\t\t\n\t\t\t<span class='evcal_evdata_icons'><i class='fa fa-map-marker'><\/i><\/span>\n\t\t\t<div class='evcal_evdata_cell' data-loc_tax_id='30'><h3 class='evo_h3 evodfx'><span class='evcal_evdata_icons'><i class='fa fa-map-marker'><\/i><\/span>Luogo<\/h3><p class='evo_location_name'>Pampeago<\/p><p class='evo_location_address evodfxi evogap10'>Localit\u00e0 Pampeago, 8, 38038 Tesero TN<\/p><div class='padt10'><span class='evo_btn_arr evolb_trigger' data-lbvals=\"{&quot;lbc&quot;:&quot;evo_location_lb_30&quot;,&quot;lbac&quot;:&quot;lb_max&quot;,&quot;t&quot;:&quot;Pampeago&quot;,&quot;ajax&quot;:&quot;yes&quot;,&quot;ajax_type&quot;:&quot;endpoint&quot;,&quot;ajax_action&quot;:&quot;eventon_get_tax_card_content&quot;,&quot;end&quot;:&quot;client&quot;,&quot;d&quot;:{&quot;lang&quot;:&quot;L1&quot;,&quot;term_id&quot;:30,&quot;tax&quot;:&quot;event_location&quot;,&quot;load_lbcontent&quot;:true},&quot;uid&quot;:&quot;eventon_get_tax_card_content&quot;}\" >Other Events<i class='fa fa-chevron-right'><\/i><\/span><\/div><\/div>\n\t\t\n\t<\/div><\/div><\/div><div class='evocard_row'><div id='event_addtocal' class='evocard_box addtocal' data-c='' \n\t\t\t\t\tstyle=''><div class='evo_metarow_ICS evorow evcal_evdata_row'>\n\t\t\t<span class='evcal_evdata_icons'><i class='fa fa-calendar-o'><\/i><\/span>\n\t\t\t<div class='evcal_evdata_cell'>\n\t\t\t\t<p><a href='https:\/\/latemarium.com\/it\/export-events\/2149_17\/?nonce=a3263097f9' class='evo_ics_nCal' title='Aggiungi al tuo calendario'>Calendario<\/a><a href='https:\/\/www.google.com\/calendar\/event?action=TEMPLATE&text=I+suoni+e+la+vita+della+malga&dates=20260823T132000Z%2F20260823T215900Z&ctz=Europe%2FRome&details=I suoni e la vita della malga&location=Pampeago+Localit%C3%A0+Pampeago%2C+8%2C+38038+Tesero+TN' target='_blank' class='evo_ics_gCal' title='Aggiungi al calendario di Google'>GoogleCal<\/a><\/p>\t\n\t\t\t<\/div>\n\t\t<\/div><\/div><\/div><div class='evocard_row'><div id='event_getdirection' class='evocard_box getdirection' data-c='' \n\t\t\t\t\tstyle=''><div class='evo_metarow_getDr evorow evcal_evdata_row evcal_evrow_sm getdirections'>\n\t\t<form action='https:\/\/maps.google.com\/maps' method='get' target='_blank'>\n\t\t\t<input type='hidden' name='daddr' value=\"46.34343697644898,11.540997527961546\"\/> \n\t\t\t<div class='evo_get_direction_content evo_fx_dr_r evogap10'>\n\t\t\t\t<span class='evogetdir_header evodfx evofx_dr_r evofx_ai_c marr10'>\n\t\t\t\t\t<i class='mainicon fa fa-road'><\/i> \n\t\t\t\t\t<h3 class='evo_h3' style='padding-bottom:5px;'>Ottieni indicazioni stradali<\/h3>\n\t\t\t\t<\/span>\n\t\t\t\t<span class='evogetdir_field evodfx evofx_1_1 evo_fx_dr_c evow100p'>\t\t\t\t\t\n\t\t\t\t\t<input class='evoInput evotac' type='text' name='saddr' placeholder='Digitare l&#039;indirizzo per ottenere le indicazioni stradali' value='' style='margin:10px 0;'\/>\n\t\t\t\t<\/span>\n\t\t\t\t<button type='submit' class='evo_get_direction_button evo_btn_arr_circ dfx fx_ai_c' title='Fare clic qui per ottenere indicazioni'><i class='fa fa-chevron-right'><\/i> <\/button>\n\t\t\t<\/div>\n\t\t<\/form>\n\t<\/div><\/div><\/div><div class='evo_card_row_end evcal_close' title='Testo del pulsante Chiudi evento'><\/div><\/div><div class='clear end'><\/div><\/div><div id=\"event_2114_8\" class=\"eventon_list_event evo_eventtop scheduled  event clrW no_et event_2114_8\" data-event_id=\"2114\" data-ri=\"8r\" data-time=\"1787556600-1787608740\" data-colr=\"#ffa024\" itemscope itemtype='http:\/\/schema.org\/Event'><div class=\"evo_event_schema\" style=\"display:none\" ><a itemprop='url'  href='https:\/\/latemarium.com\/it\/events\/geotrekking-monte-agnello\/var\/ri-8.l-L1'><\/a><meta itemprop='image' content=\"https:\/\/latemarium.com\/wp-content\/uploads\/2023\/06\/geotrail-monte-agnello.jpg\" \/><meta itemprop='startDate' content=\"2026-8-24T09:30+0:00\" \/><meta itemprop='endDate' content=\"2026-8-24T23:59+0:00\" \/><meta itemprop='eventStatus' content=\"https:\/\/schema.org\/EventScheduled\" \/><meta itemprop='eventAttendanceMode'   itemscope itemtype=\"https:\/\/schema.org\/OfflineEventAttendanceMode\"\/><div style=\"display:none\" itemprop=\"location\" itemscope itemtype=\"http:\/\/schema.org\/Place\"><span itemprop=\"name\">Rifugio Agnello<\/span><span itemprop=\"address\" itemscope itemtype=\"http:\/\/schema.org\/PostalAddress\"><item itemprop=\"streetAddress\">Loc. Pampeago, 9, 38038 Tesero TN<\/item><\/span><\/div><script type=\"application\/ld+json\">{\"@context\": \"http:\/\/schema.org\",\"@type\": \"Event\",\n\t\t\t\t\"@id\": \"event_2114_8\",\n\t\t\t\t\"eventAttendanceMode\":\"https:\/\/schema.org\/OfflineEventAttendanceMode\",\n\t\t\t\t\"eventStatus\":\"https:\/\/schema.org\/EventScheduled\",\n\t\t\t\t\"name\": \"Geotrekking Monte Agnello\",\n\t\t\t\t\"url\": \"https:\/\/latemarium.com\/it\/events\/geotrekking-monte-agnello\/var\/ri-8.l-L1\",\n\t\t\t\t\"startDate\": \"2026-8-24T09:30+0:00\",\n\t\t\t\t\"endDate\": \"2026-8-24T23:59+0:00\",\n\t\t\t\t\"image\":\"https:\/\/latemarium.com\/wp-content\/uploads\/2023\/06\/geotrail-monte-agnello.jpg\", \n\t\t\t\t\"description\":\"<p><strong>Scenografico itinerario geologico<\/strong> ad anello alla scoperta dell\u2019antico vulcano di Predazzo, guidati da un esperto Geologo e Accompagnatore di Media Montagna.<\/p> <p>Una camminata sulle tracce della Pompei del Triassico del Monte Agnello, dove lave, ceneri e lapilli hanno seppellito un antico atollo tropicale.<\/p> <p>Il percorso \u00e8 semplice, con sentieri ben percorribili, dislivello 350 metri circa.<\/p> <p><strong>Prenotazione obbligatoria<\/strong>.<\/p> <p>Attivit\u00e0 gratuita.<\/p> <p>Clicca <a href='https:\/\/www.visitfiemme.it\/it\/eventi\/fiemme-cembra-guest-card\/esperienze\/esperienze-in-estate?re-product-id=211508' target='_blank' rel='noopener'>qui<\/a>\u00a0per prenotare.<\/p> \",\"location\":[{\"@type\":\"Place\",\"name\":\"Rifugio Agnello\",\"address\":{\"@type\": \"PostalAddress\",\"streetAddress\":\"Loc. Pampeago, 9, 38038 Tesero TN\"}}]}<\/script><\/div>\r\n\t\t\t\t<p class=\"desc_trig_outter\" style=\"\"><a data-gmtrig=\"1\" data-exlk=\"0\" style=\"background-color: #ffa024;\" id=\"evc_17875566002114\" class=\"hasFtIMG event_repeat desc_trig sin_val evcal_list_a\" data-ux_val=\"3\" data-ux_val_mob=\"-\"  ><span class='evoet_c1 evoet_cx '><span class='ev_ftImg' data-img='https:\/\/latemarium.com\/wp-content\/uploads\/2023\/06\/geotrail-monte-agnello.jpg' data-thumb='https:\/\/latemarium.com\/wp-content\/uploads\/2023\/06\/geotrail-monte-agnello-300x240.jpg' style='background-image:url(\"https:\/\/latemarium.com\/wp-content\/uploads\/2023\/06\/geotrail-monte-agnello-300x240.jpg\")' ><\/span><\/span><span class='evoet_c2 evoet_cx '><span class='evoet_dayblock evcal_cblock ' data-bgcolor='#ffa024' data-smon='agosto' data-syr='2026' data-bub=''><span class='evo_start '><em class='date'>24<\/em><em class='month'>ago<\/em><em class='time'>09:30<\/em><\/span><\/span><\/span><span class='evoet_c3 evoet_cx evcal_desc hide_eventtopdata '><span class='evoet_title evcal_desc2 evcal_event_title ' itemprop='name'>Geotrekking Monte Agnello<\/span><span class='event_location_attrs'  data-location_address=\"Loc. Pampeago, 9, 38038 Tesero TN\" data-location_type=\"lonlat\" data-location_name=\"Rifugio Agnello\" data-location_url=\"https:\/\/latemarium.com\/it\/event-location\/rifugio-agnello\/\" data-location_status=\"true\" data-latlng=\"46.333809095680266,11.547693182509184\"><\/span><span class='evoet_subtitle evo_below_title' ><span class='evcal_event_subtitle ' >itinerario geologico ad anello alla scoperta dell\u2019antico vulcano di Predazzo<\/span><\/span><span class='evoet_time_expand level_3'><em class='evcal_time evo_tz_time'><i class='fa fa-clock-o'><\/i>09:30<span class='evo_tz marl5'>(GMT+02:00)<\/span><\/em> <\/span><span class='evoet_location level_3'><em class=\"evcal_location\"  data-latlng=\"46.333809095680266,11.547693182509184\" data-add_str=\"Loc. Pampeago, 9, 38038 Tesero TN\" data-n=\"Rifugio Agnello\"><i class=\"fa fa-location-pin\"><\/i><em class=\"event_location_name\">Rifugio Agnello<\/em>, Loc. Pampeago, 9, 38038 Tesero TN<\/em><\/span><\/span><span class='evoet_data' data-d=\"{&quot;loc.n&quot;:&quot;Rifugio Agnello&quot;,&quot;orgs&quot;:[],&quot;tags&quot;:{&quot;repeating&quot;:&quot;Repeating Event&quot;}}\" data-bgc=\"#ffa024\" data-bggrad=\"\" ><\/span><\/a><\/p><div class='event_description evcal_eventcard ' style=\"display:none\"><div class='evocard_row'><div id='event_ftimage' class='evocard_box ftimage' data-c='' \n\t\t\t\t\tstyle=''><div class='evocard_main_image_hold' data-t='Loading Image..'><div class='evocard_main_image evo_img_triglb evobr15 evobgsc evobgpc evodfx evofx_jc_c evofx_ai_c evofz48 minmized' style='height:300px; background-image:url();' data-f=\"https:\/\/latemarium.com\/wp-content\/uploads\/2023\/06\/geotrail-monte-agnello.jpg\" data-h=\"528\" data-w=\"661\" data-ratio=\"0.79878971255673\" data-event_id=\"2114\" data-ri=\"8\"  data-t='Loading Image..'><span style='height:300px; background-image:url(https:\/\/latemarium.com\/wp-content\/uploads\/2023\/06\/geotrail-monte-agnello.jpg)'><\/span><\/div><\/div><\/div><\/div><div class='evocard_row'><div id='event_eventdetails' class='evocard_box eventdetails' data-c='' \n\t\t\t\t\tstyle=''><div class='evo_metarow_details evorow evcal_evdata_row evcal_event_details'>\n\t\t<div class=\"event_excerpt\" style=\"display:none\"><h3 class=\"padb5 evo_h3\">Dettagli dell&#039;evento<\/h3><p>Scenografico itinerario geologico ad anello alla scoperta dell\u2019antico vulcano di Predazzo, guidati da un esperto Geologo e Accompagnatore di Media Montagna.\nUna camminata sulle tracce della Pompei del Triassico del Monte<\/p><\/div><span class='evcal_evdata_icons'><i class='fa fa-align-justify'><\/i><\/span>\n\t\t\n\t\t<div class='evcal_evdata_cell shorter_desc'>\n\t\t\t<div class='eventon_full_description'>\n\t\t\t\t<h3 class='padb5 evo_h3'><span class='evcal_evdata_icons'><i class='fa fa-align-justify'><\/i><\/span>Dettagli dell&#039;evento<\/h3>\n\t\t\t\t<div class='eventon_desc_in' itemprop='description'>\n\t\t\t\t<p><strong>Scenografico itinerario geologico<\/strong> ad anello alla scoperta dell\u2019antico vulcano di Predazzo, guidati da un esperto Geologo e Accompagnatore di Media Montagna.<\/p>\n<p>Una camminata sulle tracce della Pompei del Triassico del Monte Agnello, dove lave, ceneri e lapilli hanno seppellito un antico atollo tropicale.<\/p>\n<p>Il percorso \u00e8 semplice, con sentieri ben percorribili, dislivello 350 metri circa.<\/p>\n<p><strong>Prenotazione obbligatoria<\/strong>.<\/p>\n<p>Attivit\u00e0 gratuita.<\/p>\n<p>Clicca <a href=\"https:\/\/www.visitfiemme.it\/it\/eventi\/fiemme-cembra-guest-card\/esperienze\/esperienze-in-estate?re-product-id=211508\" target=\"_blank\" rel=\"noopener\">qui<\/a>\u00a0per prenotare.<\/p>\n<\/div><p class='eventon_shad_p' style='padding:5px 0 0; margin:0'>\n\t\t\t<span class='evcal_btn evo_btn_secondary evobtn_details_show_more' content='less'>\n\t\t\t\t<span class='ev_more_text' data-txt='Meno'>Pi\u00f9<\/span><span class='ev_more_arrow ard'><\/span>\n\t\t\t<\/span>\n\t\t<\/p><div class='clear'><\/div>\n\t\t\t<\/div>\n\t\t<\/div>\n\t<\/div><\/div><\/div><div class='evocard_row bx2 bx'><div id='event_time' class='evocard_box time' data-c='' \n\t\t\t\t\tstyle=''><div class='evo_metarow_time evorow evcal_evdata_row evcal_evrow_sm '>\n\t\t<span class='evcal_evdata_icons'><i class='fa fa-clock'><\/i><\/span>\n\t\t<div class='evcal_evdata_cell'>\t\t\t\t\t\t\t\n\t\t\t<h3 class='evo_h3'><span class='evcal_evdata_icons'><i class='fa fa-clock'><\/i><\/span>Orario<\/h3><p><span class='evo_eventcard_time_t'>24 agosto 2026 09:30<\/span><span class='evo_tz marr5'>(GMT+02:00)<\/span><\/p>\n\t\t<\/div>\n\t<\/div><\/div><div id='event_location' class='evocard_box location' data-c='' \n\t\t\t\t\tstyle=''><div class='evcal_evdata_row evo_metarow_time_location evorow '>\n\t\t\n\t\t\t<span class='evcal_evdata_icons'><i class='fa fa-map-marker'><\/i><\/span>\n\t\t\t<div class='evcal_evdata_cell' data-loc_tax_id='24'><h3 class='evo_h3 evodfx'><span class='evcal_evdata_icons'><i class='fa fa-map-marker'><\/i><\/span><a target=\"_blank\" href=\"https:\/\/www.facebook.com\/profile.php?id=100064742944609\">Luogo<\/a><\/h3><p class='evo_location_name'><a target=\"_blank\" href=\"https:\/\/www.facebook.com\/profile.php?id=100064742944609\">Rifugio Agnello<\/a><\/p><p class='evo_location_address evodfxi evogap10'><a target=\"_blank\" href=\"https:\/\/www.facebook.com\/profile.php?id=100064742944609\">Loc. Pampeago, 9, 38038 Tesero TN<\/a><\/p><div class='padt10'><span class='evo_btn_arr evolb_trigger' data-lbvals=\"{&quot;lbc&quot;:&quot;evo_location_lb_24&quot;,&quot;lbac&quot;:&quot;lb_max&quot;,&quot;t&quot;:&quot;Rifugio Agnello&quot;,&quot;ajax&quot;:&quot;yes&quot;,&quot;ajax_type&quot;:&quot;endpoint&quot;,&quot;ajax_action&quot;:&quot;eventon_get_tax_card_content&quot;,&quot;end&quot;:&quot;client&quot;,&quot;d&quot;:{&quot;lang&quot;:&quot;L1&quot;,&quot;term_id&quot;:24,&quot;tax&quot;:&quot;event_location&quot;,&quot;load_lbcontent&quot;:true},&quot;uid&quot;:&quot;eventon_get_tax_card_content&quot;}\" >Other Events<i class='fa fa-chevron-right'><\/i><\/span><\/div><\/div>\n\t\t\n\t<\/div><\/div><\/div><div class='evocard_row bx2 bx'><div id='event_learnmore' class='evocard_box learnmore' data-c='' \n\t\t\t\t\tstyle=''><div class='evo_metarow_learnM evo_metarow_learnmore evorow'>\n\t\t\t\t\t\t\t<a class='evcal_evdata_row evo_clik_row ' href='https:\/\/latemarium.com\/it\/excursions\/detail\/geotrail-monte-agnello\/' target=\"_blank\">\n\t\t\t\t\t\t\t\t<span class='evcal_evdata_icons'><i class='fa fa-link'><\/i><\/span>\n\t\t\t\t\t\t\t\t<h3 class='evo_h3'>Scopri di pi\u00f9<\/h3>\n\t\t\t\t\t\t\t<\/a>\n\t\t\t\t\t\t\t<\/div><\/div><div id='event_addtocal' class='evocard_box addtocal' data-c='' \n\t\t\t\t\tstyle=''><div class='evo_metarow_ICS evorow evcal_evdata_row'>\n\t\t\t<span class='evcal_evdata_icons'><i class='fa fa-calendar-o'><\/i><\/span>\n\t\t\t<div class='evcal_evdata_cell'>\n\t\t\t\t<p><a href='https:\/\/latemarium.com\/it\/export-events\/2114_8\/?nonce=a3263097f9' class='evo_ics_nCal' title='Aggiungi al tuo calendario'>Calendario<\/a><a href='https:\/\/www.google.com\/calendar\/event?action=TEMPLATE&text=Geotrekking+Monte+Agnello&dates=20260824T073000Z%2F20260824T215900Z&ctz=Europe%2FRome&details=Geotrekking Monte Agnello&location=Rifugio+Agnello+Loc.+Pampeago%2C+9%2C+38038+Tesero+TN' target='_blank' class='evo_ics_gCal' title='Aggiungi al calendario di Google'>GoogleCal<\/a><\/p>\t\n\t\t\t<\/div>\n\t\t<\/div><\/div><\/div><div class='evocard_row'><div id='event_getdirection' class='evocard_box getdirection' data-c='' \n\t\t\t\t\tstyle=''><div class='evo_metarow_getDr evorow evcal_evdata_row evcal_evrow_sm getdirections'>\n\t\t<form action='https:\/\/maps.google.com\/maps' method='get' target='_blank'>\n\t\t\t<input type='hidden' name='daddr' value=\"46.333809095680266,11.547693182509184\"\/> \n\t\t\t<div class='evo_get_direction_content evo_fx_dr_r evogap10'>\n\t\t\t\t<span class='evogetdir_header evodfx evofx_dr_r evofx_ai_c marr10'>\n\t\t\t\t\t<i class='mainicon fa fa-road'><\/i> \n\t\t\t\t\t<h3 class='evo_h3' style='padding-bottom:5px;'>Ottieni indicazioni stradali<\/h3>\n\t\t\t\t<\/span>\n\t\t\t\t<span class='evogetdir_field evodfx evofx_1_1 evo_fx_dr_c evow100p'>\t\t\t\t\t\n\t\t\t\t\t<input class='evoInput evotac' type='text' name='saddr' placeholder='Digitare l&#039;indirizzo per ottenere le indicazioni stradali' value='' style='margin:10px 0;'\/>\n\t\t\t\t<\/span>\n\t\t\t\t<button type='submit' class='evo_get_direction_button evo_btn_arr_circ dfx fx_ai_c' title='Fare clic qui per ottenere indicazioni'><i class='fa fa-chevron-right'><\/i> <\/button>\n\t\t\t<\/div>\n\t\t<\/form>\n\t<\/div><\/div><\/div><div class='evo_card_row_end evcal_close' title='Testo del pulsante Chiudi evento'><\/div><\/div><div class='clear end'><\/div><\/div><div id=\"event_2120_15\" class=\"eventon_list_event evo_eventtop scheduled  event clrD no_et event_2120_15\" data-event_id=\"2120\" data-ri=\"15r\" data-time=\"1787562000-1787605200\" data-colr=\"#006290\" itemscope itemtype='http:\/\/schema.org\/Event'><div class=\"evo_event_schema\" style=\"display:none\" ><a itemprop='url'  href='https:\/\/latemarium.com\/it\/events\/parola-di-nikolaus-drache\/var\/ri-15.l-L1'><\/a><meta itemprop='image' content=\"https:\/\/latemarium.com\/wp-content\/uploads\/2023\/06\/foresta-dei-draghi-6.jpg\" \/><meta itemprop='startDate' content=\"2026-8-24T11:00+0:00\" \/><meta itemprop='endDate' content=\"2026-8-24T23:00+0:00\" \/><meta itemprop='eventStatus' content=\"https:\/\/schema.org\/EventScheduled\" \/><meta itemprop='eventAttendanceMode'   itemscope itemtype=\"https:\/\/schema.org\/OfflineEventAttendanceMode\"\/><script type=\"application\/ld+json\">{\"@context\": \"http:\/\/schema.org\",\"@type\": \"Event\",\n\t\t\t\t\"@id\": \"event_2120_15\",\n\t\t\t\t\"eventAttendanceMode\":\"https:\/\/schema.org\/OfflineEventAttendanceMode\",\n\t\t\t\t\"eventStatus\":\"https:\/\/schema.org\/EventScheduled\",\n\t\t\t\t\"name\": \"Parola di Nikolaus Drache\",\n\t\t\t\t\"url\": \"https:\/\/latemarium.com\/it\/events\/parola-di-nikolaus-drache\/var\/ri-15.l-L1\",\n\t\t\t\t\"startDate\": \"2026-8-24T11:00+0:00\",\n\t\t\t\t\"endDate\": \"2026-8-24T23:00+0:00\",\n\t\t\t\t\"image\":\"https:\/\/latemarium.com\/wp-content\/uploads\/2023\/06\/foresta-dei-draghi-6.jpg\", \n\t\t\t\t\"description\":\"<p>Saltano, corrono, strisciano, volano! Eppure\u2026 non \u00e8 facile vederli!<br \/> Sanno nascondersi bene\u2026 gli squamosi furbacchioni! Chi sono? Ma i draghi del Latemar! Incontrarne uno, anche uno solo, sar\u00e0 un\u2019esperienza meravigliosa! Parola di Nikolaus Drache.<\/p> <p>domenica e luned\u00ec: dal 5 luglio al 24 agosto 2026<br \/> a monte della telecabina Predazzo-Gardon\u00e8<br \/> ore 11.00 e ore 14.30<br \/> spettacoli itineranti sul sentiero della Foresta dei Draghi<br \/> adatto a famiglie e bambini dai 2 anni in su\u00a0(durata 1h30\u2019)<\/p> \"}<\/script><\/div>\r\n\t\t\t\t<p class=\"desc_trig_outter\" style=\"\"><a data-gmap_status=\"null\" data-exlk=\"0\" style=\"background-color: #006290;\" id=\"evc_17875620002120\" class=\"hasFtIMG event_repeat desc_trig sin_val evcal_list_a\" data-ux_val=\"3\" data-ux_val_mob=\"-\"  ><span class='evoet_c1 evoet_cx '><span class='ev_ftImg' data-img='https:\/\/latemarium.com\/wp-content\/uploads\/2023\/06\/foresta-dei-draghi-6.jpg' data-thumb='https:\/\/latemarium.com\/wp-content\/uploads\/2023\/06\/foresta-dei-draghi-6-300x200.jpg' style='background-image:url(\"https:\/\/latemarium.com\/wp-content\/uploads\/2023\/06\/foresta-dei-draghi-6-300x200.jpg\")' ><\/span><\/span><span class='evoet_c2 evoet_cx '><span class='evoet_dayblock evcal_cblock ' data-bgcolor='#006290' data-smon='agosto' data-syr='2026' data-bub=''><span class='evo_start '><em class='date'>24<\/em><em class='month'>ago<\/em><em class='time'>11:00<\/em><\/span><\/span><\/span><span class='evoet_c3 evoet_cx evcal_desc hide_eventtopdata '><span class='evoet_title evcal_desc2 evcal_event_title ' itemprop='name'>Parola di Nikolaus Drache<\/span><span class='event_location_attrs' data-location_type=\"lonlat\" data-location_name=\"A monte della telecabina Predazzo-Gardon\u00e8\" data-location_url=\"https:\/\/latemarium.com\/it\/event-location\/a-monte-della-telecabina-predazzo-gardone\/\" data-location_status=\"true\" data-latlng=\"46.32878794406342,11.600176728690842\"><\/span><span class='evoet_subtitle evo_below_title' ><span class='evcal_event_subtitle ' >Spettacolo itinerante sul sentiero della Foresta dei Draghi<\/span><\/span><span class='evoet_time_expand level_3'><em class='evcal_time evo_tz_time'><i class='fa fa-clock-o'><\/i>11:00<span class='evo_tz marl5'>(GMT+02:00)<\/span><\/em> <\/span><span class='evoet_location level_3'><em class=\"evcal_location\"  data-latlng=\"46.32878794406342,11.600176728690842\" data-add_str=\"\" data-n=\"A monte della telecabina Predazzo-Gardon\u00e8\"><i class=\"fa fa-location-pin\"><\/i><em class=\"event_location_name\">A monte della telecabina Predazzo-Gardon\u00e8<\/em><\/em><\/span><\/span><span class='evoet_data' data-d=\"{&quot;loc.n&quot;:&quot;A monte della telecabina Predazzo-Gardon\\u00e8&quot;,&quot;orgs&quot;:[],&quot;tags&quot;:{&quot;repeating&quot;:&quot;Repeating Event&quot;}}\" data-bgc=\"#006290\" data-bggrad=\"\" ><\/span><\/a><\/p><div class='event_description evcal_eventcard ' style=\"display:none\"><div class='evocard_row'><div id='event_ftimage' class='evocard_box ftimage' data-c='' \n\t\t\t\t\tstyle=''><div class='evocard_main_image_hold' data-t='Loading Image..'><div class='evocard_main_image evo_img_triglb evobr15 evobgsc evobgpc evodfx evofx_jc_c evofx_ai_c evofz48 minmized' style='height:300px; background-image:url();' data-f=\"https:\/\/latemarium.com\/wp-content\/uploads\/2023\/06\/foresta-dei-draghi-6.jpg\" data-h=\"800\" data-w=\"1200\" data-ratio=\"0.66666666666667\" data-event_id=\"2120\" data-ri=\"15\"  data-t='Loading Image..'><span style='height:300px; background-image:url(https:\/\/latemarium.com\/wp-content\/uploads\/2023\/06\/foresta-dei-draghi-6.jpg)'><\/span><\/div><\/div><\/div><\/div><div class='evocard_row'><div id='event_eventdetails' class='evocard_box eventdetails' data-c='' \n\t\t\t\t\tstyle=''><div class='evo_metarow_details evorow evcal_evdata_row evcal_event_details'>\n\t\t<div class=\"event_excerpt\" style=\"display:none\"><h3 class=\"padb5 evo_h3\">Dettagli dell&#039;evento<\/h3><p>Saltano, corrono, strisciano, volano! Eppure\u2026 non \u00e8 facile vederli!\nSanno nascondersi bene\u2026 gli squamosi furbacchioni! Chi sono? Ma i draghi del Latemar! Incontrarne uno, anche uno solo, sar\u00e0 un\u2019esperienza meravigliosa!<\/p><\/div><span class='evcal_evdata_icons'><i class='fa fa-align-justify'><\/i><\/span>\n\t\t\n\t\t<div class='evcal_evdata_cell '>\n\t\t\t<div class='eventon_full_description'>\n\t\t\t\t<h3 class='padb5 evo_h3'><span class='evcal_evdata_icons'><i class='fa fa-align-justify'><\/i><\/span>Dettagli dell&#039;evento<\/h3>\n\t\t\t\t<div class='eventon_desc_in' itemprop='description'>\n\t\t\t\t<p>Saltano, corrono, strisciano, volano! Eppure\u2026 non \u00e8 facile vederli!<br \/>\nSanno nascondersi bene\u2026 gli squamosi furbacchioni! Chi sono? Ma i draghi del Latemar! Incontrarne uno, anche uno solo, sar\u00e0 un\u2019esperienza meravigliosa! Parola di Nikolaus Drache.<\/p>\n<p>domenica e luned\u00ec: dal 5 luglio al 24 agosto 2026<br \/>\na monte della telecabina Predazzo-Gardon\u00e8<br \/>\nore 11.00 e ore 14.30<br \/>\nspettacoli itineranti sul sentiero della Foresta dei Draghi<br \/>\nadatto a famiglie e bambini dai 2 anni in su\u00a0(durata 1h30\u2019)<\/p>\n<\/div><div class='clear'><\/div>\n\t\t\t<\/div>\n\t\t<\/div>\n\t<\/div><\/div><\/div><div class='evocard_row bx2 bx'><div id='event_time' class='evocard_box time' data-c='' \n\t\t\t\t\tstyle=''><div class='evo_metarow_time evorow evcal_evdata_row evcal_evrow_sm '>\n\t\t<span class='evcal_evdata_icons'><i class='fa fa-clock'><\/i><\/span>\n\t\t<div class='evcal_evdata_cell'>\t\t\t\t\t\t\t\n\t\t\t<h3 class='evo_h3'><span class='evcal_evdata_icons'><i class='fa fa-clock'><\/i><\/span>Orario<\/h3><p><span class='evo_eventcard_time_t'>24 agosto 2026 11:00<\/span><span class='evo_tz marr5'>(GMT+02:00)<\/span><\/p>\n\t\t<\/div>\n\t<\/div><\/div><div id='event_location' class='evocard_box location' data-c='' \n\t\t\t\t\tstyle=''><div class='evcal_evdata_row evo_metarow_time_location evorow '>\n\t\t\n\t\t\t<span class='evcal_evdata_icons'><i class='fa fa-map-marker'><\/i><\/span>\n\t\t\t<div class='evcal_evdata_cell' data-loc_tax_id='34'><h3 class='evo_h3 evodfx'><span class='evcal_evdata_icons'><i class='fa fa-map-marker'><\/i><\/span>Luogo<\/h3><p class='evo_location_name'>A monte della telecabina Predazzo-Gardon\u00e8<\/p><div class='padt10'><span class='evo_btn_arr evolb_trigger' data-lbvals=\"{&quot;lbc&quot;:&quot;evo_location_lb_34&quot;,&quot;lbac&quot;:&quot;lb_max&quot;,&quot;t&quot;:&quot;A monte della telecabina Predazzo-Gardon\\u00e8&quot;,&quot;ajax&quot;:&quot;yes&quot;,&quot;ajax_type&quot;:&quot;endpoint&quot;,&quot;ajax_action&quot;:&quot;eventon_get_tax_card_content&quot;,&quot;end&quot;:&quot;client&quot;,&quot;d&quot;:{&quot;lang&quot;:&quot;L1&quot;,&quot;term_id&quot;:34,&quot;tax&quot;:&quot;event_location&quot;,&quot;load_lbcontent&quot;:true},&quot;uid&quot;:&quot;eventon_get_tax_card_content&quot;}\" >Other Events<i class='fa fa-chevron-right'><\/i><\/span><\/div><\/div>\n\t\t\n\t<\/div><\/div><\/div><div class='evocard_row bx2 bx'><div id='event_learnmore' class='evocard_box learnmore' data-c='' \n\t\t\t\t\tstyle=''><div class='evo_metarow_learnM evo_metarow_learnmore evorow'>\n\t\t\t\t\t\t\t<a class='evcal_evdata_row evo_clik_row ' href='https:\/\/www.montagnanimata.it\/spettacoli\/' target=\"_blank\">\n\t\t\t\t\t\t\t\t<span class='evcal_evdata_icons'><i class='fa fa-link'><\/i><\/span>\n\t\t\t\t\t\t\t\t<h3 class='evo_h3'>Scopri di pi\u00f9<\/h3>\n\t\t\t\t\t\t\t<\/a>\n\t\t\t\t\t\t\t<\/div><\/div><div id='event_addtocal' class='evocard_box addtocal' data-c='' \n\t\t\t\t\tstyle=''><div class='evo_metarow_ICS evorow evcal_evdata_row'>\n\t\t\t<span class='evcal_evdata_icons'><i class='fa fa-calendar-o'><\/i><\/span>\n\t\t\t<div class='evcal_evdata_cell'>\n\t\t\t\t<p><a href='https:\/\/latemarium.com\/it\/export-events\/2120_15\/?nonce=a3263097f9' class='evo_ics_nCal' title='Aggiungi al tuo calendario'>Calendario<\/a><a href='https:\/\/www.google.com\/calendar\/event?action=TEMPLATE&text=Parola+di+Nikolaus+Drache&dates=20260824T090000Z%2F20260824T210000Z&ctz=Europe%2FRome&details=Parola di Nikolaus Drache&location=A+monte+della+telecabina+Predazzo-Gardon%C3%A8' target='_blank' class='evo_ics_gCal' title='Aggiungi al calendario di Google'>GoogleCal<\/a><\/p>\t\n\t\t\t<\/div>\n\t\t<\/div><\/div><\/div><div class='evocard_row'><div id='event_getdirection' class='evocard_box getdirection' data-c='' \n\t\t\t\t\tstyle=''><div class='evo_metarow_getDr evorow evcal_evdata_row evcal_evrow_sm getdirections'>\n\t\t<form action='https:\/\/maps.google.com\/maps' method='get' target='_blank'>\n\t\t\t<input type='hidden' name='daddr' value=\"46.32878794406342,11.600176728690842\"\/> \n\t\t\t<div class='evo_get_direction_content evo_fx_dr_r evogap10'>\n\t\t\t\t<span class='evogetdir_header evodfx evofx_dr_r evofx_ai_c marr10'>\n\t\t\t\t\t<i class='mainicon fa fa-road'><\/i> \n\t\t\t\t\t<h3 class='evo_h3' style='padding-bottom:5px;'>Ottieni indicazioni stradali<\/h3>\n\t\t\t\t<\/span>\n\t\t\t\t<span class='evogetdir_field evodfx evofx_1_1 evo_fx_dr_c evow100p'>\t\t\t\t\t\n\t\t\t\t\t<input class='evoInput evotac' type='text' name='saddr' placeholder='Digitare l&#039;indirizzo per ottenere le indicazioni stradali' value='' style='margin:10px 0;'\/>\n\t\t\t\t<\/span>\n\t\t\t\t<button type='submit' class='evo_get_direction_button evo_btn_arr_circ dfx fx_ai_c' title='Fare clic qui per ottenere indicazioni'><i class='fa fa-chevron-right'><\/i> <\/button>\n\t\t\t<\/div>\n\t\t<\/form>\n\t<\/div><\/div><\/div><div class='evo_card_row_end evcal_close' title='Testo del pulsante Chiudi evento'><\/div><\/div><div class='clear end'><\/div><\/div><div id=\"event_2149_18\" class=\"eventon_list_event evo_eventtop scheduled  event clrW no_et event_2149_18\" data-event_id=\"2149\" data-ri=\"18r\" data-time=\"1787577600-1787608740\" data-colr=\"#b8d989\" itemscope itemtype='http:\/\/schema.org\/Event'><div class=\"evo_event_schema\" style=\"display:none\" ><a itemprop='url'  href='https:\/\/latemarium.com\/it\/events\/i-suoni-e-la-vita-della-malga\/var\/ri-18.l-L1'><\/a><meta itemprop='image' content=\"https:\/\/latemarium.com\/wp-content\/uploads\/2023\/06\/suoni-vita-malga.jpg\" \/><meta itemprop='startDate' content=\"2026-8-24T15:20+0:00\" \/><meta itemprop='endDate' content=\"2026-8-24T23:59+0:00\" \/><meta itemprop='eventStatus' content=\"https:\/\/schema.org\/EventScheduled\" \/><meta itemprop='eventAttendanceMode'   itemscope itemtype=\"https:\/\/schema.org\/OfflineEventAttendanceMode\"\/><div style=\"display:none\" itemprop=\"location\" itemscope itemtype=\"http:\/\/schema.org\/Place\"><span itemprop=\"name\">Pampeago<\/span><span itemprop=\"address\" itemscope itemtype=\"http:\/\/schema.org\/PostalAddress\"><item itemprop=\"streetAddress\">Localit\u00e0 Pampeago, 8, 38038 Tesero TN<\/item><\/span><\/div><script type=\"application\/ld+json\">{\"@context\": \"http:\/\/schema.org\",\"@type\": \"Event\",\n\t\t\t\t\"@id\": \"event_2149_18\",\n\t\t\t\t\"eventAttendanceMode\":\"https:\/\/schema.org\/OfflineEventAttendanceMode\",\n\t\t\t\t\"eventStatus\":\"https:\/\/schema.org\/EventScheduled\",\n\t\t\t\t\"name\": \"I suoni e la vita della malga\",\n\t\t\t\t\"url\": \"https:\/\/latemarium.com\/it\/events\/i-suoni-e-la-vita-della-malga\/var\/ri-18.l-L1\",\n\t\t\t\t\"startDate\": \"2026-8-24T15:20+0:00\",\n\t\t\t\t\"endDate\": \"2026-8-24T23:59+0:00\",\n\t\t\t\t\"image\":\"https:\/\/latemarium.com\/wp-content\/uploads\/2023\/06\/suoni-vita-malga.jpg\", \n\t\t\t\t\"description\":\"<p>Ritrovo presso parcheggio seggiovia Tresca (raggiungibile in auto da Pampeago \u2013 SOLO per chi prenota l&#8217;attivit\u00e0).<\/p> <p>Dopo una breve passeggiata fino a Malga Pampeago, bambini e genitori scoprono la vita e i suoni quotidiani che scandiscono la vita dei malgari, fra mucche, vitellini, asinelli e maiali.<\/p> <p>A fine attivit\u00e0 ci sar\u00e0 una piccola merenda che i bambini potranno gustarsi o portarsi a casa.<\/p> <p>Attivit\u00e0 possibile anche con passeggino country.<\/p> <p>Prenotazione obbligatoria.<\/p> <p>Prenotazione obbligatoria. Clicca <a href='https:\/\/www.visitfiemme.it\/it\/eventi\/fiemme-cembra-guest-card\/esperienze\/esperienze-in-estate?re-product-id=211655' target='_blank' rel='noopener'>qui<\/a>\u00a0per prenotare.<\/p> \",\"location\":[{\"@type\":\"Place\",\"name\":\"Pampeago\",\"address\":{\"@type\": \"PostalAddress\",\"streetAddress\":\"Localit\u00e0 Pampeago, 8, 38038 Tesero TN\"}}]}<\/script><\/div>\r\n\t\t\t\t<p class=\"desc_trig_outter\" style=\"\"><a data-gmtrig=\"1\" data-exlk=\"0\" style=\"background-color: #b8d989;\" id=\"evc_17875776002149\" class=\"hasFtIMG event_repeat desc_trig sin_val evcal_list_a\" data-ux_val=\"3\" data-ux_val_mob=\"-\"  ><span class='evoet_c1 evoet_cx '><span class='ev_ftImg' data-img='https:\/\/latemarium.com\/wp-content\/uploads\/2023\/06\/suoni-vita-malga.jpg' data-thumb='https:\/\/latemarium.com\/wp-content\/uploads\/2023\/06\/suoni-vita-malga-300x225.jpg' style='background-image:url(\"https:\/\/latemarium.com\/wp-content\/uploads\/2023\/06\/suoni-vita-malga-300x225.jpg\")' ><\/span><\/span><span class='evoet_c2 evoet_cx '><span class='evoet_dayblock evcal_cblock ' data-bgcolor='#b8d989' data-smon='agosto' data-syr='2026' data-bub=''><span class='evo_start '><em class='date'>24<\/em><em class='month'>ago<\/em><em class='time'>15:20<\/em><\/span><\/span><\/span><span class='evoet_c3 evoet_cx evcal_desc hide_eventtopdata '><span class='evoet_title evcal_desc2 evcal_event_title ' itemprop='name'>I suoni e la vita della malga<\/span><span class='event_location_attrs'  data-location_address=\"Localit\u00e0 Pampeago, 8, 38038 Tesero TN\" data-location_type=\"lonlat\" data-location_name=\"Pampeago\" data-location_url=\"https:\/\/latemarium.com\/it\/event-location\/pampeago\/\" data-location_status=\"true\" data-latlng=\"46.34343697644898,11.540997527961546\"><\/span><span class='evoet_subtitle evo_below_title' ><span class='evcal_event_subtitle ' >Alla scoperta della vita dei malgari<\/span><\/span><span class='evoet_time_expand level_3'><em class='evcal_time evo_tz_time'><i class='fa fa-clock-o'><\/i>15:20<span class='evo_tz marl5'>(GMT+02:00)<\/span><\/em> <\/span><span class='evoet_location level_3'><em class=\"evcal_location\"  data-latlng=\"46.34343697644898,11.540997527961546\" data-add_str=\"Localit\u00e0 Pampeago, 8, 38038 Tesero TN\" data-n=\"Pampeago\"><i class=\"fa fa-location-pin\"><\/i><em class=\"event_location_name\">Pampeago<\/em>, Localit\u00e0 Pampeago, 8, 38038 Tesero TN<\/em><\/span><\/span><span class='evoet_data' data-d=\"{&quot;loc.n&quot;:&quot;Pampeago&quot;,&quot;orgs&quot;:[],&quot;tags&quot;:{&quot;repeating&quot;:&quot;Repeating Event&quot;}}\" data-bgc=\"#b8d989\" data-bggrad=\"\" ><\/span><\/a><\/p><div class='event_description evcal_eventcard ' style=\"display:none\"><div class='evocard_row'><div id='event_ftimage' class='evocard_box ftimage' data-c='' \n\t\t\t\t\tstyle=''><div class='evocard_main_image_hold' data-t='Loading Image..'><div class='evocard_main_image evo_img_triglb evobr15 evobgsc evobgpc evodfx evofx_jc_c evofx_ai_c evofz48 minmized' style='height:300px; background-image:url();' data-f=\"https:\/\/latemarium.com\/wp-content\/uploads\/2023\/06\/suoni-vita-malga.jpg\" data-h=\"796\" data-w=\"1062\" data-ratio=\"0.74952919020716\" data-event_id=\"2149\" data-ri=\"18\"  data-t='Loading Image..'><span style='height:300px; background-image:url(https:\/\/latemarium.com\/wp-content\/uploads\/2023\/06\/suoni-vita-malga.jpg)'><\/span><\/div><\/div><\/div><\/div><div class='evocard_row'><div id='event_eventdetails' class='evocard_box eventdetails' data-c='' \n\t\t\t\t\tstyle=''><div class='evo_metarow_details evorow evcal_evdata_row evcal_event_details'>\n\t\t<div class=\"event_excerpt\" style=\"display:none\"><h3 class=\"padb5 evo_h3\">Dettagli dell&#039;evento<\/h3><p>Ritrovo presso parcheggio seggiovia Tresca (raggiungibile in auto da Pampeago \u2013 SOLO per chi prenota l&#8217;attivit\u00e0).\nDopo una breve passeggiata fino a Malga Pampeago, bambini e genitori scoprono la vita e<\/p><\/div><span class='evcal_evdata_icons'><i class='fa fa-align-justify'><\/i><\/span>\n\t\t\n\t\t<div class='evcal_evdata_cell shorter_desc'>\n\t\t\t<div class='eventon_full_description'>\n\t\t\t\t<h3 class='padb5 evo_h3'><span class='evcal_evdata_icons'><i class='fa fa-align-justify'><\/i><\/span>Dettagli dell&#039;evento<\/h3>\n\t\t\t\t<div class='eventon_desc_in' itemprop='description'>\n\t\t\t\t<p>Ritrovo presso parcheggio seggiovia Tresca (raggiungibile in auto da Pampeago \u2013 SOLO per chi prenota l&#8217;attivit\u00e0).<\/p>\n<p>Dopo una breve passeggiata fino a Malga Pampeago, bambini e genitori scoprono la vita e i suoni quotidiani che scandiscono la vita dei malgari, fra mucche, vitellini, asinelli e maiali.<\/p>\n<p>A fine attivit\u00e0 ci sar\u00e0 una piccola merenda che i bambini potranno gustarsi o portarsi a casa.<\/p>\n<p>Attivit\u00e0 possibile anche con passeggino country.<\/p>\n<p>Prenotazione obbligatoria.<\/p>\n<p>Prenotazione obbligatoria. Clicca <a href=\"https:\/\/www.visitfiemme.it\/it\/eventi\/fiemme-cembra-guest-card\/esperienze\/esperienze-in-estate?re-product-id=211655\" target=\"_blank\" rel=\"noopener\">qui<\/a>\u00a0per prenotare.<\/p>\n<\/div><p class='eventon_shad_p' style='padding:5px 0 0; margin:0'>\n\t\t\t<span class='evcal_btn evo_btn_secondary evobtn_details_show_more' content='less'>\n\t\t\t\t<span class='ev_more_text' data-txt='Meno'>Pi\u00f9<\/span><span class='ev_more_arrow ard'><\/span>\n\t\t\t<\/span>\n\t\t<\/p><div class='clear'><\/div>\n\t\t\t<\/div>\n\t\t<\/div>\n\t<\/div><\/div><\/div><div class='evocard_row bx2 bx'><div id='event_time' class='evocard_box time' data-c='' \n\t\t\t\t\tstyle=''><div class='evo_metarow_time evorow evcal_evdata_row evcal_evrow_sm '>\n\t\t<span class='evcal_evdata_icons'><i class='fa fa-clock'><\/i><\/span>\n\t\t<div class='evcal_evdata_cell'>\t\t\t\t\t\t\t\n\t\t\t<h3 class='evo_h3'><span class='evcal_evdata_icons'><i class='fa fa-clock'><\/i><\/span>Orario<\/h3><p><span class='evo_eventcard_time_t'>24 agosto 2026 15:20<\/span><span class='evo_tz marr5'>(GMT+02:00)<\/span><\/p>\n\t\t<\/div>\n\t<\/div><\/div><div id='event_location' class='evocard_box location' data-c='' \n\t\t\t\t\tstyle=''><div class='evcal_evdata_row evo_metarow_time_location evorow '>\n\t\t\n\t\t\t<span class='evcal_evdata_icons'><i class='fa fa-map-marker'><\/i><\/span>\n\t\t\t<div class='evcal_evdata_cell' data-loc_tax_id='30'><h3 class='evo_h3 evodfx'><span class='evcal_evdata_icons'><i class='fa fa-map-marker'><\/i><\/span>Luogo<\/h3><p class='evo_location_name'>Pampeago<\/p><p class='evo_location_address evodfxi evogap10'>Localit\u00e0 Pampeago, 8, 38038 Tesero TN<\/p><div class='padt10'><span class='evo_btn_arr evolb_trigger' data-lbvals=\"{&quot;lbc&quot;:&quot;evo_location_lb_30&quot;,&quot;lbac&quot;:&quot;lb_max&quot;,&quot;t&quot;:&quot;Pampeago&quot;,&quot;ajax&quot;:&quot;yes&quot;,&quot;ajax_type&quot;:&quot;endpoint&quot;,&quot;ajax_action&quot;:&quot;eventon_get_tax_card_content&quot;,&quot;end&quot;:&quot;client&quot;,&quot;d&quot;:{&quot;lang&quot;:&quot;L1&quot;,&quot;term_id&quot;:30,&quot;tax&quot;:&quot;event_location&quot;,&quot;load_lbcontent&quot;:true},&quot;uid&quot;:&quot;eventon_get_tax_card_content&quot;}\" >Other Events<i class='fa fa-chevron-right'><\/i><\/span><\/div><\/div>\n\t\t\n\t<\/div><\/div><\/div><div class='evocard_row'><div id='event_addtocal' class='evocard_box addtocal' data-c='' \n\t\t\t\t\tstyle=''><div class='evo_metarow_ICS evorow evcal_evdata_row'>\n\t\t\t<span class='evcal_evdata_icons'><i class='fa fa-calendar-o'><\/i><\/span>\n\t\t\t<div class='evcal_evdata_cell'>\n\t\t\t\t<p><a href='https:\/\/latemarium.com\/it\/export-events\/2149_18\/?nonce=a3263097f9' class='evo_ics_nCal' title='Aggiungi al tuo calendario'>Calendario<\/a><a href='https:\/\/www.google.com\/calendar\/event?action=TEMPLATE&text=I+suoni+e+la+vita+della+malga&dates=20260824T132000Z%2F20260824T215900Z&ctz=Europe%2FRome&details=I suoni e la vita della malga&location=Pampeago+Localit%C3%A0+Pampeago%2C+8%2C+38038+Tesero+TN' target='_blank' class='evo_ics_gCal' title='Aggiungi al calendario di Google'>GoogleCal<\/a><\/p>\t\n\t\t\t<\/div>\n\t\t<\/div><\/div><\/div><div class='evocard_row'><div id='event_getdirection' class='evocard_box getdirection' data-c='' \n\t\t\t\t\tstyle=''><div class='evo_metarow_getDr evorow evcal_evdata_row evcal_evrow_sm getdirections'>\n\t\t<form action='https:\/\/maps.google.com\/maps' method='get' target='_blank'>\n\t\t\t<input type='hidden' name='daddr' value=\"46.34343697644898,11.540997527961546\"\/> \n\t\t\t<div class='evo_get_direction_content evo_fx_dr_r evogap10'>\n\t\t\t\t<span class='evogetdir_header evodfx evofx_dr_r evofx_ai_c marr10'>\n\t\t\t\t\t<i class='mainicon fa fa-road'><\/i> \n\t\t\t\t\t<h3 class='evo_h3' style='padding-bottom:5px;'>Ottieni indicazioni stradali<\/h3>\n\t\t\t\t<\/span>\n\t\t\t\t<span class='evogetdir_field evodfx evofx_1_1 evo_fx_dr_c evow100p'>\t\t\t\t\t\n\t\t\t\t\t<input class='evoInput evotac' type='text' name='saddr' placeholder='Digitare l&#039;indirizzo per ottenere le indicazioni stradali' value='' style='margin:10px 0;'\/>\n\t\t\t\t<\/span>\n\t\t\t\t<button type='submit' class='evo_get_direction_button evo_btn_arr_circ dfx fx_ai_c' title='Fare clic qui per ottenere indicazioni'><i class='fa fa-chevron-right'><\/i> <\/button>\n\t\t\t<\/div>\n\t\t<\/form>\n\t<\/div><\/div><\/div><div class='evo_card_row_end evcal_close' title='Testo del pulsante Chiudi evento'><\/div><\/div><div class='clear end'><\/div><\/div><div id=\"event_2484_9\" class=\"eventon_list_event evo_eventtop scheduled  event clrD no_et event_2484_9\" data-event_id=\"2484\" data-ri=\"9r\" data-time=\"1787643000-1787695140\" data-colr=\"#38823b\" itemscope itemtype='http:\/\/schema.org\/Event'><div class=\"evo_event_schema\" style=\"display:none\" ><a itemprop='url'  href='https:\/\/latemarium.com\/it\/events\/respirart-arte-in-quota\/var\/ri-9.l-L1'><\/a><meta itemprop='image' content=\"https:\/\/latemarium.com\/wp-content\/uploads\/2023\/06\/respirart-respiro-arte-natura.jpg\" \/><meta itemprop='startDate' content=\"2026-8-25T09:30+0:00\" \/><meta itemprop='endDate' content=\"2026-8-25T23:59+0:00\" \/><meta itemprop='eventStatus' content=\"https:\/\/schema.org\/EventScheduled\" \/><meta itemprop='eventAttendanceMode'   itemscope itemtype=\"https:\/\/schema.org\/OfflineEventAttendanceMode\"\/><div style=\"display:none\" itemprop=\"location\" itemscope itemtype=\"http:\/\/schema.org\/Place\"><span itemprop=\"name\">Pampeago<\/span><span itemprop=\"address\" itemscope itemtype=\"http:\/\/schema.org\/PostalAddress\"><item itemprop=\"streetAddress\">Localit\u00e0 Pampeago, 8, 38038 Tesero TN<\/item><\/span><\/div><script type=\"application\/ld+json\">{\"@context\": \"http:\/\/schema.org\",\"@type\": \"Event\",\n\t\t\t\t\"@id\": \"event_2484_9\",\n\t\t\t\t\"eventAttendanceMode\":\"https:\/\/schema.org\/OfflineEventAttendanceMode\",\n\t\t\t\t\"eventStatus\":\"https:\/\/schema.org\/EventScheduled\",\n\t\t\t\t\"name\": \"Respirart: arte in quota\",\n\t\t\t\t\"url\": \"https:\/\/latemarium.com\/it\/events\/respirart-arte-in-quota\/var\/ri-9.l-L1\",\n\t\t\t\t\"startDate\": \"2026-8-25T09:30+0:00\",\n\t\t\t\t\"endDate\": \"2026-8-25T23:59+0:00\",\n\t\t\t\t\"image\":\"https:\/\/latemarium.com\/wp-content\/uploads\/2023\/06\/respirart-respiro-arte-natura.jpg\", \n\t\t\t\t\"description\":\"<h2>Arte in quota: alla scoperta di Respirart tra natura e installazioni<\/h2> <p>Si parte alle 9.30, davanti alla Seggiovia-Seminovia Agnello, dove incontrerai la guida artistica che ti consegner\u00e0 i semi e ti accompagner\u00e0 a seminare fiorume dall\u2019alto, per generare fiori e quindi nutrire la terra, le api, le capre e le mucche.<\/p> <p>Poi, la guida ti porter\u00e0 a scoprire le opere d\u2019arte del parco. Lungo il giro ad anello di 3 km scoprirai le ispirazioni degli artisti che hanno creato gesti d\u2019arte al cospetto del Latemar.<\/p> <p>Attivit\u00e0 adatta agli adulti.<\/p> <p>Prenotazione obbligatoria, clicca <a href='https:\/\/www.visitfiemme.it\/it\/eventi\/fiemme-cembra-guest-card\/esperienze\/esperienze-in-estate' target='_blank' rel='noopener'>qui<\/a>.<\/p> \",\"location\":[{\"@type\":\"Place\",\"name\":\"Pampeago\",\"address\":{\"@type\": \"PostalAddress\",\"streetAddress\":\"Localit\u00e0 Pampeago, 8, 38038 Tesero TN\"}}]}<\/script><\/div>\r\n\t\t\t\t<p class=\"desc_trig_outter\" style=\"\"><a data-gmtrig=\"1\" data-exlk=\"0\" style=\"background-color: #38823b;\" id=\"evc_17876430002484\" class=\"hasFtIMG event_repeat desc_trig sin_val evcal_list_a\" data-ux_val=\"3\" data-ux_val_mob=\"-\"  ><span class='evoet_c1 evoet_cx '><span class='ev_ftImg' data-img='https:\/\/latemarium.com\/wp-content\/uploads\/2023\/06\/respirart-respiro-arte-natura.jpg' data-thumb='https:\/\/latemarium.com\/wp-content\/uploads\/2023\/06\/respirart-respiro-arte-natura-300x201.jpg' style='background-image:url(\"https:\/\/latemarium.com\/wp-content\/uploads\/2023\/06\/respirart-respiro-arte-natura-300x201.jpg\")' ><\/span><\/span><span class='evoet_c2 evoet_cx '><span class='evoet_dayblock evcal_cblock ' data-bgcolor='#38823b' data-smon='agosto' data-syr='2026' data-bub=''><span class='evo_start '><em class='date'>25<\/em><em class='month'>ago<\/em><em class='time'>09:30<\/em><\/span><\/span><\/span><span class='evoet_c3 evoet_cx evcal_desc hide_eventtopdata '><span class='evoet_title evcal_desc2 evcal_event_title ' itemprop='name'>Respirart: arte in quota<\/span><span class='event_location_attrs'  data-location_address=\"Localit\u00e0 Pampeago, 8, 38038 Tesero TN\" data-location_type=\"lonlat\" data-location_name=\"Pampeago\" data-location_url=\"https:\/\/latemarium.com\/it\/event-location\/pampeago\/\" data-location_status=\"true\" data-latlng=\"46.34343697644898,11.540997527961546\"><\/span><span class='evoet_subtitle evo_below_title' ><span class='evcal_event_subtitle ' >Alla scoperta del parco d'arte Respirart<\/span><\/span><span class='evoet_time_expand level_3'><em class='evcal_time evo_tz_time'><i class='fa fa-clock-o'><\/i>09:30<span class='evo_tz marl5'>(GMT+02:00)<\/span><\/em> <\/span><span class='evoet_location level_3'><em class=\"evcal_location\"  data-latlng=\"46.34343697644898,11.540997527961546\" data-add_str=\"Localit\u00e0 Pampeago, 8, 38038 Tesero TN\" data-n=\"Pampeago\"><i class=\"fa fa-location-pin\"><\/i><em class=\"event_location_name\">Pampeago<\/em>, Localit\u00e0 Pampeago, 8, 38038 Tesero TN<\/em><\/span><\/span><span class='evoet_data' data-d=\"{&quot;loc.n&quot;:&quot;Pampeago&quot;,&quot;orgs&quot;:[],&quot;tags&quot;:{&quot;repeating&quot;:&quot;Repeating Event&quot;}}\" data-bgc=\"#38823b\" data-bggrad=\"\" ><\/span><\/a><\/p><div class='event_description evcal_eventcard ' style=\"display:none\"><div class='evocard_row'><div id='event_ftimage' class='evocard_box ftimage' data-c='' \n\t\t\t\t\tstyle=''><div class='evocard_main_image_hold' data-t='Loading Image..'><div class='evocard_main_image evo_img_triglb evobr15 evobgsc evobgpc evodfx evofx_jc_c evofx_ai_c evofz48 minmized' style='height:300px; background-image:url();' data-f=\"https:\/\/latemarium.com\/wp-content\/uploads\/2023\/06\/respirart-respiro-arte-natura.jpg\" data-h=\"602\" data-w=\"899\" data-ratio=\"0.66963292547275\" data-event_id=\"2484\" data-ri=\"9\"  data-t='Loading Image..'><span style='height:300px; background-image:url(https:\/\/latemarium.com\/wp-content\/uploads\/2023\/06\/respirart-respiro-arte-natura.jpg)'><\/span><\/div><\/div><\/div><\/div><div class='evocard_row'><div id='event_eventdetails' class='evocard_box eventdetails' data-c='' \n\t\t\t\t\tstyle=''><div class='evo_metarow_details evorow evcal_evdata_row evcal_event_details'>\n\t\t<div class=\"event_excerpt\" style=\"display:none\"><h3 class=\"padb5 evo_h3\">Dettagli dell&#039;evento<\/h3><p>Arte in quota: alla scoperta di Respirart tra natura e installazioni\nSi parte alle 9.30, davanti alla Seggiovia-Seminovia Agnello, dove incontrerai la guida artistica che ti consegner\u00e0 i semi e ti<\/p><\/div><span class='evcal_evdata_icons'><i class='fa fa-align-justify'><\/i><\/span>\n\t\t\n\t\t<div class='evcal_evdata_cell shorter_desc'>\n\t\t\t<div class='eventon_full_description'>\n\t\t\t\t<h3 class='padb5 evo_h3'><span class='evcal_evdata_icons'><i class='fa fa-align-justify'><\/i><\/span>Dettagli dell&#039;evento<\/h3>\n\t\t\t\t<div class='eventon_desc_in' itemprop='description'>\n\t\t\t\t<h2>Arte in quota: alla scoperta di Respirart tra natura e installazioni<\/h2>\n<p>Si parte alle 9.30, davanti alla Seggiovia-Seminovia Agnello, dove incontrerai la guida artistica che ti consegner\u00e0 i semi e ti accompagner\u00e0 a seminare fiorume dall\u2019alto, per generare fiori e quindi nutrire la terra, le api, le capre e le mucche.<\/p>\n<p>Poi, la guida ti porter\u00e0 a scoprire le opere d\u2019arte del parco. Lungo il giro ad anello di 3 km scoprirai le ispirazioni degli artisti che hanno creato gesti d\u2019arte al cospetto del Latemar.<\/p>\n<p>Attivit\u00e0 adatta agli adulti.<\/p>\n<p>Prenotazione obbligatoria, clicca <a href=\"https:\/\/www.visitfiemme.it\/it\/eventi\/fiemme-cembra-guest-card\/esperienze\/esperienze-in-estate\" target=\"_blank\" rel=\"noopener\">qui<\/a>.<\/p>\n<\/div><p class='eventon_shad_p' style='padding:5px 0 0; margin:0'>\n\t\t\t<span class='evcal_btn evo_btn_secondary evobtn_details_show_more' content='less'>\n\t\t\t\t<span class='ev_more_text' data-txt='Meno'>Pi\u00f9<\/span><span class='ev_more_arrow ard'><\/span>\n\t\t\t<\/span>\n\t\t<\/p><div class='clear'><\/div>\n\t\t\t<\/div>\n\t\t<\/div>\n\t<\/div><\/div><\/div><div class='evocard_row bx2 bx'><div id='event_time' class='evocard_box time' data-c='' \n\t\t\t\t\tstyle=''><div class='evo_metarow_time evorow evcal_evdata_row evcal_evrow_sm '>\n\t\t<span class='evcal_evdata_icons'><i class='fa fa-clock'><\/i><\/span>\n\t\t<div class='evcal_evdata_cell'>\t\t\t\t\t\t\t\n\t\t\t<h3 class='evo_h3'><span class='evcal_evdata_icons'><i class='fa fa-clock'><\/i><\/span>Orario<\/h3><p><span class='evo_eventcard_time_t'>25 agosto 2026 09:30<\/span><span class='evo_tz marr5'>(GMT+02:00)<\/span><\/p>\n\t\t<\/div>\n\t<\/div><\/div><div id='event_location' class='evocard_box location' data-c='' \n\t\t\t\t\tstyle=''><div class='evcal_evdata_row evo_metarow_time_location evorow '>\n\t\t\n\t\t\t<span class='evcal_evdata_icons'><i class='fa fa-map-marker'><\/i><\/span>\n\t\t\t<div class='evcal_evdata_cell' data-loc_tax_id='30'><h3 class='evo_h3 evodfx'><span class='evcal_evdata_icons'><i class='fa fa-map-marker'><\/i><\/span>Luogo<\/h3><p class='evo_location_name'>Pampeago<\/p><p class='evo_location_address evodfxi evogap10'>Localit\u00e0 Pampeago, 8, 38038 Tesero TN<\/p><div class='padt10'><span class='evo_btn_arr evolb_trigger' data-lbvals=\"{&quot;lbc&quot;:&quot;evo_location_lb_30&quot;,&quot;lbac&quot;:&quot;lb_max&quot;,&quot;t&quot;:&quot;Pampeago&quot;,&quot;ajax&quot;:&quot;yes&quot;,&quot;ajax_type&quot;:&quot;endpoint&quot;,&quot;ajax_action&quot;:&quot;eventon_get_tax_card_content&quot;,&quot;end&quot;:&quot;client&quot;,&quot;d&quot;:{&quot;lang&quot;:&quot;L1&quot;,&quot;term_id&quot;:30,&quot;tax&quot;:&quot;event_location&quot;,&quot;load_lbcontent&quot;:true},&quot;uid&quot;:&quot;eventon_get_tax_card_content&quot;}\" >Other Events<i class='fa fa-chevron-right'><\/i><\/span><\/div><\/div>\n\t\t\n\t<\/div><\/div><\/div><div class='evocard_row bx2 bx'><div id='event_learnmore' class='evocard_box learnmore' data-c='' \n\t\t\t\t\tstyle=''><div class='evo_metarow_learnM evo_metarow_learnmore evorow'>\n\t\t\t\t\t\t\t<a class='evcal_evdata_row evo_clik_row ' href='http:\/\/www.respirart.com\/' target=\"_blank\">\n\t\t\t\t\t\t\t\t<span class='evcal_evdata_icons'><i class='fa fa-link'><\/i><\/span>\n\t\t\t\t\t\t\t\t<h3 class='evo_h3'>Scopri di pi\u00f9<\/h3>\n\t\t\t\t\t\t\t<\/a>\n\t\t\t\t\t\t\t<\/div><\/div><div id='event_addtocal' class='evocard_box addtocal' data-c='' \n\t\t\t\t\tstyle=''><div class='evo_metarow_ICS evorow evcal_evdata_row'>\n\t\t\t<span class='evcal_evdata_icons'><i class='fa fa-calendar-o'><\/i><\/span>\n\t\t\t<div class='evcal_evdata_cell'>\n\t\t\t\t<p><a href='https:\/\/latemarium.com\/it\/export-events\/2484_9\/?nonce=a3263097f9' class='evo_ics_nCal' title='Aggiungi al tuo calendario'>Calendario<\/a><a href='https:\/\/www.google.com\/calendar\/event?action=TEMPLATE&text=Respirart%3A+arte+in+quota&dates=20260825T073000Z%2F20260825T215900Z&ctz=Europe%2FRome&details=Respirart: arte in quota&location=Pampeago+Localit%C3%A0+Pampeago%2C+8%2C+38038+Tesero+TN' target='_blank' class='evo_ics_gCal' title='Aggiungi al calendario di Google'>GoogleCal<\/a><\/p>\t\n\t\t\t<\/div>\n\t\t<\/div><\/div><\/div><div class='evocard_row'><div id='event_repeats' class='evocard_box repeats' data-c='' \n\t\t\t\t\tstyle=''><div class='evo_metarow_repeats evorow evcal_evdata_row evcal_evrow_sm '>\n\t\t<span class='evcal_evdata_icons'><i class='fa fa-repeat'><\/i><\/span>\n\t\t<div class='evcal_evdata_cell'>\t\t\t\t\t\t\t\n\t\t\t<h3 class='evo_h3'>Orari degli eventi futuri in questa serie di eventi ripetuti<\/h3><div class='evo_elm_HCS evo_repeat_series' style=''><span class='evo_elmHCS_nav HCSnavL evo_repeat_series content_slide_trig'><i class='fa fa-chevron-left'><\/i><\/span><span class='evo_elmHCS_nav HCSnavR evo_repeat_series content_slide_trig'><i class='fa fa-chevron-right'><\/i><\/span><div class='evo_elm_HCS_in'><div class='evo_repeat_series_dates clickable evodfx evofx_dr_r evogap10' data-click='1' data-event_url='https:\/\/latemarium.com\/it\/events\/respirart-arte-in-quota\/var\/ri-9.l-L1'><span class='evo_repeat_series_date evodfx evofx_dr_r evofx_ai_c evogap5 evobr15 evobrdB1 evocl1 evopad15 evottu evofz14 evocurp evo_trans_sc1_03 evoHbgcw' data-ux=\"def\" data-l=\"https:\/\/latemarium.com\/it\/events\/respirart-arte-in-quota\/var\/ri-10.l-L1\" ><span class='evodfx evofx_dr_c evotac evofx_jc_c'><b class='j evofz16'>1<\/b><b class='fy'>settembre <\/b><em class='t evofsn'>09:30 - 23:59<\/em><\/span><\/span><span class='evo_repeat_series_date evodfx evofx_dr_r evofx_ai_c evogap5 evobr15 evobrdB1 evocl1 evopad15 evottu evofz14 evocurp evo_trans_sc1_03 evoHbgcw' data-ux=\"def\" data-l=\"https:\/\/latemarium.com\/it\/events\/respirart-arte-in-quota\/var\/ri-11.l-L1\" ><span class='evodfx evofx_dr_c evotac evofx_jc_c'><b class='j evofz16'>8<\/b><b class='fy'>settembre <\/b><em class='t evofsn'>09:30 - 23:59<\/em><\/span><\/span><\/div><\/div><\/div><\/div><\/div><\/div><\/div><div class='evocard_row'><div id='event_getdirection' class='evocard_box getdirection' data-c='' \n\t\t\t\t\tstyle=''><div class='evo_metarow_getDr evorow evcal_evdata_row evcal_evrow_sm getdirections'>\n\t\t<form action='https:\/\/maps.google.com\/maps' method='get' target='_blank'>\n\t\t\t<input type='hidden' name='daddr' value=\"46.34343697644898,11.540997527961546\"\/> \n\t\t\t<div class='evo_get_direction_content evo_fx_dr_r evogap10'>\n\t\t\t\t<span class='evogetdir_header evodfx evofx_dr_r evofx_ai_c marr10'>\n\t\t\t\t\t<i class='mainicon fa fa-road'><\/i> \n\t\t\t\t\t<h3 class='evo_h3' style='padding-bottom:5px;'>Ottieni indicazioni stradali<\/h3>\n\t\t\t\t<\/span>\n\t\t\t\t<span class='evogetdir_field evodfx evofx_1_1 evo_fx_dr_c evow100p'>\t\t\t\t\t\n\t\t\t\t\t<input class='evoInput evotac' type='text' name='saddr' placeholder='Digitare l&#039;indirizzo per ottenere le indicazioni stradali' value='' style='margin:10px 0;'\/>\n\t\t\t\t<\/span>\n\t\t\t\t<button type='submit' class='evo_get_direction_button evo_btn_arr_circ dfx fx_ai_c' title='Fare clic qui per ottenere indicazioni'><i class='fa fa-chevron-right'><\/i> <\/button>\n\t\t\t<\/div>\n\t\t<\/form>\n\t<\/div><\/div><\/div><div class='evo_card_row_end evcal_close' title='Testo del pulsante Chiudi evento'><\/div><\/div><div class='clear end'><\/div><\/div><div id=\"event_2159_7\" class=\"eventon_list_event evo_eventtop scheduled  event clrW no_et event_2159_7\" data-event_id=\"2159\" data-ri=\"7r\" data-time=\"1787648400-1787695140\" data-colr=\"#a69dcd\" itemscope itemtype='http:\/\/schema.org\/Event'><div class=\"evo_event_schema\" style=\"display:none\" ><a itemprop='url'  href='https:\/\/latemarium.com\/it\/events\/il-dritto-dahu-ci-aspetta-lassu\/var\/ri-7.l-L1'><\/a><meta itemprop='image' content=\"https:\/\/latemarium.com\/wp-content\/uploads\/2023\/06\/forse-dahu-sa.jpg\" \/><meta itemprop='startDate' content=\"2026-8-25T11:00+0:00\" \/><meta itemprop='endDate' content=\"2026-8-25T23:59+0:00\" \/><meta itemprop='eventStatus' content=\"https:\/\/schema.org\/EventScheduled\" \/><meta itemprop='eventAttendanceMode'   itemscope itemtype=\"https:\/\/schema.org\/OfflineEventAttendanceMode\"\/><script type=\"application\/ld+json\">{\"@context\": \"http:\/\/schema.org\",\"@type\": \"Event\",\n\t\t\t\t\"@id\": \"event_2159_7\",\n\t\t\t\t\"eventAttendanceMode\":\"https:\/\/schema.org\/OfflineEventAttendanceMode\",\n\t\t\t\t\"eventStatus\":\"https:\/\/schema.org\/EventScheduled\",\n\t\t\t\t\"name\": \"IL DRITTO DAH\u00d9 CI ASPETTA LASS\u00d9\",\n\t\t\t\t\"url\": \"https:\/\/latemarium.com\/it\/events\/il-dritto-dahu-ci-aspetta-lassu\/var\/ri-7.l-L1\",\n\t\t\t\t\"startDate\": \"2026-8-25T11:00+0:00\",\n\t\t\t\t\"endDate\": \"2026-8-25T23:59+0:00\",\n\t\t\t\t\"image\":\"https:\/\/latemarium.com\/wp-content\/uploads\/2023\/06\/forse-dahu-sa.jpg\", \n\t\t\t\t\"description\":\"<p>L&#8217;inspiegabile equilibrio del Dah\u00f9 porta ricercatrici e ricercatori ad una grande evoluzione, con continui cambi di prospettiva.<\/p> <p>Andiamo di su, di gi\u00f9, di qua, di l\u00e0. Esperti si diventa ri-cercando insieme. Alla partenza verranno distribuiti gli incarichi: la ricerca procede se c\u2019\u00e8 lavoro di squadra. Siete pronti?<\/p> <p>marted\u00ec: dal 7 luglio al 25 agosto 2026<br \/> a monte della telecabina Predazzo-Gardon\u00e8<br \/> ore 11.00<br \/> adatto a famiglie\u00a0(durata 1h30\u2019)<\/p> \"}<\/script><\/div>\r\n\t\t\t\t<p class=\"desc_trig_outter\" style=\"\"><a data-gmap_status=\"null\" data-exlk=\"0\" style=\"background-color: #a69dcd;\" id=\"evc_17876484002159\" class=\"hasFtIMG event_repeat desc_trig sin_val evcal_list_a\" data-ux_val=\"3\" data-ux_val_mob=\"-\"  ><span class='evoet_c1 evoet_cx '><span class='ev_ftImg' data-img='https:\/\/latemarium.com\/wp-content\/uploads\/2023\/06\/forse-dahu-sa.jpg' data-thumb='https:\/\/latemarium.com\/wp-content\/uploads\/2023\/06\/forse-dahu-sa-300x204.jpg' style='background-image:url(\"https:\/\/latemarium.com\/wp-content\/uploads\/2023\/06\/forse-dahu-sa-300x204.jpg\")' ><\/span><\/span><span class='evoet_c2 evoet_cx '><span class='evoet_dayblock evcal_cblock ' data-bgcolor='#a69dcd' data-smon='agosto' data-syr='2026' data-bub=''><span class='evo_start '><em class='date'>25<\/em><em class='month'>ago<\/em><em class='time'>11:00<\/em><\/span><\/span><\/span><span class='evoet_c3 evoet_cx evcal_desc hide_eventtopdata '><span class='evoet_title evcal_desc2 evcal_event_title ' itemprop='name'>IL DRITTO DAH\u00d9 CI ASPETTA LASS\u00d9<\/span><span class='event_location_attrs' data-location_type=\"lonlat\" data-location_name=\"A monte della telecabina Predazzo-Gardon\u00e8\" data-location_url=\"https:\/\/latemarium.com\/it\/event-location\/a-monte-della-telecabina-predazzo-gardone\/\" data-location_status=\"true\" data-latlng=\"46.32878794406342,11.600176728690842\"><\/span><span class='evoet_subtitle evo_below_title' ><span class='evcal_event_subtitle ' >Sentiero Pastore Distratto<\/span><\/span><span class='evoet_time_expand level_3'><em class='evcal_time evo_tz_time'><i class='fa fa-clock-o'><\/i>11:00<span class='evo_tz marl5'>(GMT+02:00)<\/span><\/em> <\/span><span class='evoet_location level_3'><em class=\"evcal_location\"  data-latlng=\"46.32878794406342,11.600176728690842\" data-add_str=\"\" data-n=\"A monte della telecabina Predazzo-Gardon\u00e8\"><i class=\"fa fa-location-pin\"><\/i><em class=\"event_location_name\">A monte della telecabina Predazzo-Gardon\u00e8<\/em><\/em><\/span><\/span><span class='evoet_data' data-d=\"{&quot;loc.n&quot;:&quot;A monte della telecabina Predazzo-Gardon\\u00e8&quot;,&quot;orgs&quot;:[],&quot;tags&quot;:{&quot;repeating&quot;:&quot;Repeating Event&quot;}}\" data-bgc=\"#a69dcd\" data-bggrad=\"\" ><\/span><\/a><\/p><div class='event_description evcal_eventcard ' style=\"display:none\"><div class='evocard_row'><div id='event_ftimage' class='evocard_box ftimage' data-c='' \n\t\t\t\t\tstyle=''><div class='evocard_main_image_hold' data-t='Loading Image..'><div class='evocard_main_image evo_img_triglb evobr15 evobgsc evobgpc evodfx evofx_jc_c evofx_ai_c evofz48 minmized' style='height:300px; background-image:url();' data-f=\"https:\/\/latemarium.com\/wp-content\/uploads\/2023\/06\/forse-dahu-sa.jpg\" data-h=\"587\" data-w=\"862\" data-ratio=\"0.68097447795824\" data-event_id=\"2159\" data-ri=\"7\"  data-t='Loading Image..'><span style='height:300px; background-image:url(https:\/\/latemarium.com\/wp-content\/uploads\/2023\/06\/forse-dahu-sa.jpg)'><\/span><\/div><\/div><\/div><\/div><div class='evocard_row'><div id='event_eventdetails' class='evocard_box eventdetails' data-c='' \n\t\t\t\t\tstyle=''><div class='evo_metarow_details evorow evcal_evdata_row evcal_event_details'>\n\t\t<div class=\"event_excerpt\" style=\"display:none\"><h3 class=\"padb5 evo_h3\">Dettagli dell&#039;evento<\/h3><p>L&#8217;inspiegabile equilibrio del Dah\u00f9 porta ricercatrici e ricercatori ad una grande evoluzione, con continui cambi di prospettiva.\nAndiamo di su, di gi\u00f9, di qua, di l\u00e0. Esperti si diventa ri-cercando insieme.<\/p><\/div><span class='evcal_evdata_icons'><i class='fa fa-align-justify'><\/i><\/span>\n\t\t\n\t\t<div class='evcal_evdata_cell '>\n\t\t\t<div class='eventon_full_description'>\n\t\t\t\t<h3 class='padb5 evo_h3'><span class='evcal_evdata_icons'><i class='fa fa-align-justify'><\/i><\/span>Dettagli dell&#039;evento<\/h3>\n\t\t\t\t<div class='eventon_desc_in' itemprop='description'>\n\t\t\t\t<p>L&#8217;inspiegabile equilibrio del Dah\u00f9 porta ricercatrici e ricercatori ad una grande evoluzione, con continui cambi di prospettiva.<\/p>\n<p>Andiamo di su, di gi\u00f9, di qua, di l\u00e0. Esperti si diventa ri-cercando insieme. Alla partenza verranno distribuiti gli incarichi: la ricerca procede se c\u2019\u00e8 lavoro di squadra. Siete pronti?<\/p>\n<p>marted\u00ec: dal 7 luglio al 25 agosto 2026<br \/>\na monte della telecabina Predazzo-Gardon\u00e8<br \/>\nore 11.00<br \/>\nadatto a famiglie\u00a0(durata 1h30\u2019)<\/p>\n<\/div><div class='clear'><\/div>\n\t\t\t<\/div>\n\t\t<\/div>\n\t<\/div><\/div><\/div><div class='evocard_row bx2 bx'><div id='event_time' class='evocard_box time' data-c='' \n\t\t\t\t\tstyle=''><div class='evo_metarow_time evorow evcal_evdata_row evcal_evrow_sm '>\n\t\t<span class='evcal_evdata_icons'><i class='fa fa-clock'><\/i><\/span>\n\t\t<div class='evcal_evdata_cell'>\t\t\t\t\t\t\t\n\t\t\t<h3 class='evo_h3'><span class='evcal_evdata_icons'><i class='fa fa-clock'><\/i><\/span>Orario<\/h3><p><span class='evo_eventcard_time_t'>25 agosto 2026 11:00<\/span><span class='evo_tz marr5'>(GMT+02:00)<\/span><\/p>\n\t\t<\/div>\n\t<\/div><\/div><div id='event_location' class='evocard_box location' data-c='' \n\t\t\t\t\tstyle=''><div class='evcal_evdata_row evo_metarow_time_location evorow '>\n\t\t\n\t\t\t<span class='evcal_evdata_icons'><i class='fa fa-map-marker'><\/i><\/span>\n\t\t\t<div class='evcal_evdata_cell' data-loc_tax_id='34'><h3 class='evo_h3 evodfx'><span class='evcal_evdata_icons'><i class='fa fa-map-marker'><\/i><\/span>Luogo<\/h3><p class='evo_location_name'>A monte della telecabina Predazzo-Gardon\u00e8<\/p><div class='padt10'><span class='evo_btn_arr evolb_trigger' data-lbvals=\"{&quot;lbc&quot;:&quot;evo_location_lb_34&quot;,&quot;lbac&quot;:&quot;lb_max&quot;,&quot;t&quot;:&quot;A monte della telecabina Predazzo-Gardon\\u00e8&quot;,&quot;ajax&quot;:&quot;yes&quot;,&quot;ajax_type&quot;:&quot;endpoint&quot;,&quot;ajax_action&quot;:&quot;eventon_get_tax_card_content&quot;,&quot;end&quot;:&quot;client&quot;,&quot;d&quot;:{&quot;lang&quot;:&quot;L1&quot;,&quot;term_id&quot;:34,&quot;tax&quot;:&quot;event_location&quot;,&quot;load_lbcontent&quot;:true},&quot;uid&quot;:&quot;eventon_get_tax_card_content&quot;}\" >Other Events<i class='fa fa-chevron-right'><\/i><\/span><\/div><\/div>\n\t\t\n\t<\/div><\/div><\/div><div class='evocard_row bx2 bx'><div id='event_learnmore' class='evocard_box learnmore' data-c='' \n\t\t\t\t\tstyle=''><div class='evo_metarow_learnM evo_metarow_learnmore evorow'>\n\t\t\t\t\t\t\t<a class='evcal_evdata_row evo_clik_row ' href='https:\/\/www.montagnanimata.it\/spettacoli\/' target=\"_blank\">\n\t\t\t\t\t\t\t\t<span class='evcal_evdata_icons'><i class='fa fa-link'><\/i><\/span>\n\t\t\t\t\t\t\t\t<h3 class='evo_h3'>Scopri di pi\u00f9<\/h3>\n\t\t\t\t\t\t\t<\/a>\n\t\t\t\t\t\t\t<\/div><\/div><div id='event_addtocal' class='evocard_box addtocal' data-c='' \n\t\t\t\t\tstyle=''><div class='evo_metarow_ICS evorow evcal_evdata_row'>\n\t\t\t<span class='evcal_evdata_icons'><i class='fa fa-calendar-o'><\/i><\/span>\n\t\t\t<div class='evcal_evdata_cell'>\n\t\t\t\t<p><a href='https:\/\/latemarium.com\/it\/export-events\/2159_7\/?nonce=a3263097f9' class='evo_ics_nCal' title='Aggiungi al tuo calendario'>Calendario<\/a><a href='https:\/\/www.google.com\/calendar\/event?action=TEMPLATE&text=IL+DRITTO+DAH%C3%99+CI+ASPETTA+LASS%C3%99&dates=20260825T090000Z%2F20260825T215900Z&ctz=Europe%2FRome&details=IL DRITTO DAH\u00d9 CI ASPETTA LASS\u00d9&location=A+monte+della+telecabina+Predazzo-Gardon%C3%A8' target='_blank' class='evo_ics_gCal' title='Aggiungi al calendario di Google'>GoogleCal<\/a><\/p>\t\n\t\t\t<\/div>\n\t\t<\/div><\/div><\/div><div class='evocard_row'><div id='event_getdirection' class='evocard_box getdirection' data-c='' \n\t\t\t\t\tstyle=''><div class='evo_metarow_getDr evorow evcal_evdata_row evcal_evrow_sm getdirections'>\n\t\t<form action='https:\/\/maps.google.com\/maps' method='get' target='_blank'>\n\t\t\t<input type='hidden' name='daddr' value=\"46.32878794406342,11.600176728690842\"\/> \n\t\t\t<div class='evo_get_direction_content evo_fx_dr_r evogap10'>\n\t\t\t\t<span class='evogetdir_header evodfx evofx_dr_r evofx_ai_c marr10'>\n\t\t\t\t\t<i class='mainicon fa fa-road'><\/i> \n\t\t\t\t\t<h3 class='evo_h3' style='padding-bottom:5px;'>Ottieni indicazioni stradali<\/h3>\n\t\t\t\t<\/span>\n\t\t\t\t<span class='evogetdir_field evodfx evofx_1_1 evo_fx_dr_c evow100p'>\t\t\t\t\t\n\t\t\t\t\t<input class='evoInput evotac' type='text' name='saddr' placeholder='Digitare l&#039;indirizzo per ottenere le indicazioni stradali' value='' style='margin:10px 0;'\/>\n\t\t\t\t<\/span>\n\t\t\t\t<button type='submit' class='evo_get_direction_button evo_btn_arr_circ dfx fx_ai_c' title='Fare clic qui per ottenere indicazioni'><i class='fa fa-chevron-right'><\/i> <\/button>\n\t\t\t<\/div>\n\t\t<\/form>\n\t<\/div><\/div><\/div><div class='evo_card_row_end evcal_close' title='Testo del pulsante Chiudi evento'><\/div><\/div><div class='clear end'><\/div><\/div><div id=\"event_2682_5\" class=\"eventon_list_event evo_eventtop scheduled  event clrD event_2682_5\" data-event_id=\"2682\" data-ri=\"5r\" data-time=\"1787662800-1787668200\" data-colr=\"#ba181d\" itemscope itemtype='http:\/\/schema.org\/Event'><div class=\"evo_event_schema\" style=\"display:none\" ><a itemprop='url'  href='https:\/\/latemarium.com\/it\/events\/respirart-piccole-bonta-montane-laboratorio-di-cucina\/var\/ri-5.l-L1'><\/a><meta itemprop='image' content=\"https:\/\/latemarium.com\/wp-content\/uploads\/2019\/06\/Weigler_Schupf_Kaiserschmarren_2.jpg\" \/><meta itemprop='startDate' content=\"2026-8-25T15:00+0:00\" \/><meta itemprop='endDate' content=\"2026-8-25T16:30+0:00\" \/><meta itemprop='eventStatus' content=\"https:\/\/schema.org\/EventScheduled\" \/><meta itemprop='eventAttendanceMode'   itemscope itemtype=\"https:\/\/schema.org\/OfflineEventAttendanceMode\"\/><div style=\"display:none\" itemprop=\"location\" itemscope itemtype=\"http:\/\/schema.org\/Place\"><span itemprop=\"name\">Rifugio Agnello<\/span><span itemprop=\"address\" itemscope itemtype=\"http:\/\/schema.org\/PostalAddress\"><item itemprop=\"streetAddress\">Loc. Pampeago, 9, 38038 Tesero TN<\/item><\/span><\/div><script type=\"application\/ld+json\">{\"@context\": \"http:\/\/schema.org\",\"@type\": \"Event\",\n\t\t\t\t\"@id\": \"event_2682_5\",\n\t\t\t\t\"eventAttendanceMode\":\"https:\/\/schema.org\/OfflineEventAttendanceMode\",\n\t\t\t\t\"eventStatus\":\"https:\/\/schema.org\/EventScheduled\",\n\t\t\t\t\"name\": \"Piccole bont\u00e0 montane, laboratorio di cucina.\",\n\t\t\t\t\"url\": \"https:\/\/latemarium.com\/it\/events\/respirart-piccole-bonta-montane-laboratorio-di-cucina\/var\/ri-5.l-L1\",\n\t\t\t\t\"startDate\": \"2026-8-25T15:00+0:00\",\n\t\t\t\t\"endDate\": \"2026-8-25T16:30+0:00\",\n\t\t\t\t\"image\":\"https:\/\/latemarium.com\/wp-content\/uploads\/2019\/06\/Weigler_Schupf_Kaiserschmarren_2.jpg\", \n\t\t\t\t\"description\":\"<p>Ospiti del Rifugio Monte Agnello prepariamo, cuciniamo e gustiamo specialit\u00e0 montane reinventate da noi. Il laboratorio \u00e8 per i pi\u00f9 piccoli, ma mamma e pap\u00e0 saranno pronti, con penna per gli appunti e forchetta per gli assaggi!<\/p> <p><strong>Attivit\u00e0 gratuita<\/strong>, a numero chiuso, dai 5 ai 12 anni.<\/p> <p><strong>Info e prenotazioni<\/strong>: T. 0462 813265<\/p> \",\"location\":[{\"@type\":\"Place\",\"name\":\"Rifugio Agnello\",\"address\":{\"@type\": \"PostalAddress\",\"streetAddress\":\"Loc. Pampeago, 9, 38038 Tesero TN\"}}]}<\/script><\/div>\r\n\t\t\t\t<p class=\"desc_trig_outter\" style=\"\"><a data-gmtrig=\"1\" data-exlk=\"0\" style=\"background-color: #ba181d;\" id=\"evc_17876628002682\" class=\"hasFtIMG event_repeat desc_trig sin_val evcal_list_a\" data-ux_val=\"3\" data-ux_val_mob=\"-\"  ><span class='evoet_c1 evoet_cx '><span class='ev_ftImg' data-img='https:\/\/latemarium.com\/wp-content\/uploads\/2019\/06\/Weigler_Schupf_Kaiserschmarren_2.jpg' data-thumb='https:\/\/latemarium.com\/wp-content\/uploads\/2019\/06\/Weigler_Schupf_Kaiserschmarren_2-300x202.jpg' style='background-image:url(\"https:\/\/latemarium.com\/wp-content\/uploads\/2019\/06\/Weigler_Schupf_Kaiserschmarren_2-300x202.jpg\")' ><\/span><\/span><span class='evoet_c2 evoet_cx '><span class='evoet_dayblock evcal_cblock ' data-bgcolor='#ba181d' data-smon='agosto' data-syr='2026' data-bub=''><span class='evo_start '><em class='date'>25<\/em><em class='month'>ago<\/em><em class='time'>15:00<\/em><\/span><span class='evo_end only_time'><em class='time'>16:30<\/em><\/span><\/span><\/span><span class='evoet_c3 evoet_cx evcal_desc hide_eventtopdata '><span class='evoet_title evcal_desc2 evcal_event_title ' itemprop='name'>Piccole bont\u00e0 montane, laboratorio di cucina.<\/span><span class='event_location_attrs'  data-location_address=\"Loc. Pampeago, 9, 38038 Tesero TN\" data-location_type=\"lonlat\" data-location_name=\"Rifugio Agnello\" data-location_url=\"https:\/\/latemarium.com\/it\/event-location\/rifugio-agnello\/\" data-location_status=\"true\" data-latlng=\"46.333809095680266,11.547693182509184\"><\/span><span class='evoet_subtitle evo_below_title' ><span class='evcal_event_subtitle ' >RIFUGIO MONTE AGNELLO<\/span><\/span><span class='evoet_time_expand level_3'><em class='evcal_time evo_tz_time'><i class='fa fa-clock-o'><\/i>15:00 - 16:30<span class='evo_tz marl5'>(GMT+02:00)<\/span><\/em> <\/span><span class='evoet_location level_3'><em class=\"evcal_location\"  data-latlng=\"46.333809095680266,11.547693182509184\" data-add_str=\"Loc. Pampeago, 9, 38038 Tesero TN\" data-n=\"Rifugio Agnello\"><i class=\"fa fa-location-pin\"><\/i><em class=\"event_location_name\">Rifugio Agnello<\/em>, Loc. Pampeago, 9, 38038 Tesero TN<\/em><\/span><\/span><span class='evoet_data' data-d=\"{&quot;loc.n&quot;:&quot;Rifugio Agnello&quot;,&quot;orgs&quot;:[],&quot;tags&quot;:{&quot;repeating&quot;:&quot;Repeating Event&quot;}}\" data-bgc=\"#ba181d\" data-bggrad=\"\" ><\/span><\/a><\/p><div class='event_description evcal_eventcard ' style=\"display:none\"><div class='evocard_row'><div id='event_ftimage' class='evocard_box ftimage' data-c='' \n\t\t\t\t\tstyle=''><div class='evocard_main_image_hold' data-t='Loading Image..'><div class='evocard_main_image evo_img_triglb evobr15 evobgsc evobgpc evodfx evofx_jc_c evofx_ai_c evofz48 minmized' style='height:300px; background-image:url();' data-f=\"https:\/\/latemarium.com\/wp-content\/uploads\/2019\/06\/Weigler_Schupf_Kaiserschmarren_2.jpg\" data-h=\"3840\" data-w=\"5695\" data-ratio=\"0.67427568042142\" data-event_id=\"2682\" data-ri=\"5\"  data-t='Loading Image..'><span style='height:300px; background-image:url(https:\/\/latemarium.com\/wp-content\/uploads\/2019\/06\/Weigler_Schupf_Kaiserschmarren_2.jpg)'><\/span><\/div><\/div><\/div><\/div><div class='evocard_row'><div id='event_eventdetails' class='evocard_box eventdetails' data-c='' \n\t\t\t\t\tstyle=''><div class='evo_metarow_details evorow evcal_evdata_row evcal_event_details'>\n\t\t<div class=\"event_excerpt\" style=\"display:none\"><h3 class=\"padb5 evo_h3\">Dettagli dell&#039;evento<\/h3><p>Ospiti del Rifugio Monte Agnello prepariamo, cuciniamo e gustiamo specialit\u00e0 montane reinventate da noi. Il laboratorio \u00e8 per i pi\u00f9 piccoli, ma mamma e pap\u00e0 saranno pronti, con penna per<\/p><\/div><span class='evcal_evdata_icons'><i class='fa fa-align-justify'><\/i><\/span>\n\t\t\n\t\t<div class='evcal_evdata_cell '>\n\t\t\t<div class='eventon_full_description'>\n\t\t\t\t<h3 class='padb5 evo_h3'><span class='evcal_evdata_icons'><i class='fa fa-align-justify'><\/i><\/span>Dettagli dell&#039;evento<\/h3>\n\t\t\t\t<div class='eventon_desc_in' itemprop='description'>\n\t\t\t\t<p>Ospiti del Rifugio Monte Agnello prepariamo, cuciniamo e gustiamo specialit\u00e0 montane reinventate da noi. Il laboratorio \u00e8 per i pi\u00f9 piccoli, ma mamma e pap\u00e0 saranno pronti, con penna per gli appunti e forchetta per gli assaggi!<\/p>\n<p><strong>Attivit\u00e0 gratuita<\/strong>, a numero chiuso, dai 5 ai 12 anni.<\/p>\n<p><strong>Info e prenotazioni<\/strong>: T. 0462 813265<\/p>\n<\/div><div class='clear'><\/div>\n\t\t\t<\/div>\n\t\t<\/div>\n\t<\/div><\/div><\/div><div class='evocard_row bx2 bx'><div id='event_time' class='evocard_box time' data-c='' \n\t\t\t\t\tstyle=''><div class='evo_metarow_time evorow evcal_evdata_row evcal_evrow_sm '>\n\t\t<span class='evcal_evdata_icons'><i class='fa fa-clock'><\/i><\/span>\n\t\t<div class='evcal_evdata_cell'>\t\t\t\t\t\t\t\n\t\t\t<h3 class='evo_h3'><span class='evcal_evdata_icons'><i class='fa fa-clock'><\/i><\/span>Orario<\/h3><p><span class='evo_eventcard_time_t'>25 agosto 2026 15:00 - 16:30<\/span><span class='evo_tz marr5'>(GMT+02:00)<\/span><\/p>\n\t\t<\/div>\n\t<\/div><\/div><div id='event_location' class='evocard_box location' data-c='' \n\t\t\t\t\tstyle=''><div class='evcal_evdata_row evo_metarow_time_location evorow '>\n\t\t\n\t\t\t<span class='evcal_evdata_icons'><i class='fa fa-map-marker'><\/i><\/span>\n\t\t\t<div class='evcal_evdata_cell' data-loc_tax_id='24'><h3 class='evo_h3 evodfx'><span class='evcal_evdata_icons'><i class='fa fa-map-marker'><\/i><\/span><a target=\"_blank\" href=\"https:\/\/www.facebook.com\/profile.php?id=100064742944609\">Luogo<\/a><\/h3><p class='evo_location_name'><a target=\"_blank\" href=\"https:\/\/www.facebook.com\/profile.php?id=100064742944609\">Rifugio Agnello<\/a><\/p><p class='evo_location_address evodfxi evogap10'><a target=\"_blank\" href=\"https:\/\/www.facebook.com\/profile.php?id=100064742944609\">Loc. Pampeago, 9, 38038 Tesero TN<\/a><\/p><div class='padt10'><span class='evo_btn_arr evolb_trigger' data-lbvals=\"{&quot;lbc&quot;:&quot;evo_location_lb_24&quot;,&quot;lbac&quot;:&quot;lb_max&quot;,&quot;t&quot;:&quot;Rifugio Agnello&quot;,&quot;ajax&quot;:&quot;yes&quot;,&quot;ajax_type&quot;:&quot;endpoint&quot;,&quot;ajax_action&quot;:&quot;eventon_get_tax_card_content&quot;,&quot;end&quot;:&quot;client&quot;,&quot;d&quot;:{&quot;lang&quot;:&quot;L1&quot;,&quot;term_id&quot;:24,&quot;tax&quot;:&quot;event_location&quot;,&quot;load_lbcontent&quot;:true},&quot;uid&quot;:&quot;eventon_get_tax_card_content&quot;}\" >Other Events<i class='fa fa-chevron-right'><\/i><\/span><\/div><\/div>\n\t\t\n\t<\/div><\/div><\/div><div class='evocard_row'><div id='event_addtocal' class='evocard_box addtocal' data-c='' \n\t\t\t\t\tstyle=''><div class='evo_metarow_ICS evorow evcal_evdata_row'>\n\t\t\t<span class='evcal_evdata_icons'><i class='fa fa-calendar-o'><\/i><\/span>\n\t\t\t<div class='evcal_evdata_cell'>\n\t\t\t\t<p><a href='https:\/\/latemarium.com\/it\/export-events\/2682_5\/?nonce=a3263097f9' class='evo_ics_nCal' title='Aggiungi al tuo calendario'>Calendario<\/a><a href='https:\/\/www.google.com\/calendar\/event?action=TEMPLATE&text=Piccole+bont%C3%A0+montane%2C+laboratorio+di+cucina.&dates=20260825T130000Z%2F20260825T143000Z&ctz=Europe%2FRome&details=Piccole bont\u00e0 montane, laboratorio di cucina.&location=Rifugio+Agnello+Loc.+Pampeago%2C+9%2C+38038+Tesero+TN' target='_blank' class='evo_ics_gCal' title='Aggiungi al calendario di Google'>GoogleCal<\/a><\/p>\t\n\t\t\t<\/div>\n\t\t<\/div><\/div><\/div><div class='evocard_row'><div id='event_getdirection' class='evocard_box getdirection' data-c='' \n\t\t\t\t\tstyle=''><div class='evo_metarow_getDr evorow evcal_evdata_row evcal_evrow_sm getdirections'>\n\t\t<form action='https:\/\/maps.google.com\/maps' method='get' target='_blank'>\n\t\t\t<input type='hidden' name='daddr' value=\"46.333809095680266,11.547693182509184\"\/> \n\t\t\t<div class='evo_get_direction_content evo_fx_dr_r evogap10'>\n\t\t\t\t<span class='evogetdir_header evodfx evofx_dr_r evofx_ai_c marr10'>\n\t\t\t\t\t<i class='mainicon fa fa-road'><\/i> \n\t\t\t\t\t<h3 class='evo_h3' style='padding-bottom:5px;'>Ottieni indicazioni stradali<\/h3>\n\t\t\t\t<\/span>\n\t\t\t\t<span class='evogetdir_field evodfx evofx_1_1 evo_fx_dr_c evow100p'>\t\t\t\t\t\n\t\t\t\t\t<input class='evoInput evotac' type='text' name='saddr' placeholder='Digitare l&#039;indirizzo per ottenere le indicazioni stradali' value='' style='margin:10px 0;'\/>\n\t\t\t\t<\/span>\n\t\t\t\t<button type='submit' class='evo_get_direction_button evo_btn_arr_circ dfx fx_ai_c' title='Fare clic qui per ottenere indicazioni'><i class='fa fa-chevron-right'><\/i> <\/button>\n\t\t\t<\/div>\n\t\t<\/form>\n\t<\/div><\/div><\/div><div class='evo_card_row_end evcal_close' title='Testo del pulsante Chiudi evento'><\/div><\/div><div class='clear end'><\/div><\/div><div id=\"event_2079_10\" class=\"eventon_list_event evo_eventtop scheduled  event clrW no_et event_2079_10\" data-event_id=\"2079\" data-ri=\"10r\" data-time=\"1787665500-1787695140\" data-colr=\"#facd05\" itemscope itemtype='http:\/\/schema.org\/Event'><div class=\"evo_event_schema\" style=\"display:none\" ><a itemprop='url'  href='https:\/\/latemarium.com\/it\/events\/mindful-latemar\/var\/ri-10.l-L1'><\/a><meta itemprop='image' content=\"https:\/\/latemarium.com\/wp-content\/uploads\/2023\/06\/\u00a9Obereggen_LatemarAG.SpA_Mindful.Latemar_Ph.Guenther.Pichler_06.jpg\" \/><meta itemprop='startDate' content=\"2026-8-25T15:45+0:00\" \/><meta itemprop='endDate' content=\"2026-8-25T23:59+0:00\" \/><meta itemprop='eventStatus' content=\"https:\/\/schema.org\/EventScheduled\" \/><meta itemprop='eventAttendanceMode'   itemscope itemtype=\"https:\/\/schema.org\/OfflineEventAttendanceMode\"\/><div style=\"display:none\" itemprop=\"location\" itemscope itemtype=\"http:\/\/schema.org\/Place\"><span itemprop=\"name\">Stazione a valle Obereggen<\/span><span itemprop=\"address\" itemscope itemtype=\"http:\/\/schema.org\/PostalAddress\"><item itemprop=\"streetAddress\">Via Obereggen, 16, 39050 Nova Ponente BZ<\/item><\/span><\/div><script type=\"application\/ld+json\">{\"@context\": \"http:\/\/schema.org\",\"@type\": \"Event\",\n\t\t\t\t\"@id\": \"event_2079_10\",\n\t\t\t\t\"eventAttendanceMode\":\"https:\/\/schema.org\/OfflineEventAttendanceMode\",\n\t\t\t\t\"eventStatus\":\"https:\/\/schema.org\/EventScheduled\",\n\t\t\t\t\"name\": \"Mindful.Latemar\",\n\t\t\t\t\"url\": \"https:\/\/latemarium.com\/it\/events\/mindful-latemar\/var\/ri-10.l-L1\",\n\t\t\t\t\"startDate\": \"2026-8-25T15:45+0:00\",\n\t\t\t\t\"endDate\": \"2026-8-25T23:59+0:00\",\n\t\t\t\t\"image\":\"https:\/\/latemarium.com\/wp-content\/uploads\/2023\/06\/\u00a9Obereggen_LatemarAG.SpA_Mindful.Latemar_Ph.Guenther.Pichler_06.jpg\", \n\t\t\t\t\"description\":\"<p>Mindful.Latemar si trova a Obereggen lungo il <strong>sentiero circolare sul monte Golfrion<\/strong>, nel cuore delle Dolomiti a 1872 metri di altitudine.<\/p> <p>Il percorso prevede <strong>18 esercizi di Mindfulness<\/strong> in un luogo speciale che vuole rappresentare un esempio di rinascita e resilienza dopo che \u00e8 stato colpito dalla tempesta Vaia nel novembre 2018.<\/p> <h3 class='wysiwyg__subline'>Il Dott. Bernagozzi ti accompagna ogni marted\u00ec:<\/h3> <div class='wysiwyg__description'> <p>dalle ore 13.30 alle ore 15.30 (in tedesco)<br \/> dalle ore 15.45 alle ore 17.45 (in italiano)<\/p> <\/div> <ul> <li>Punto di ritrovo: stazione a valle cabinovia &#8220;Obereggen-Ochsenweide&#8221;<\/li> <li>Prezzo: 30,00 \u20ac a persona inclusa l&#8217;andata e il ritorno con la\u00a0cabinovia<\/li> <li>Prenotazione online al seguente link:\u00a0<u><strong><a href='https:\/\/eggental.com\/it\/ajax-events#11946' target='_blank' rel='noopener'>Val d&#8217;Ega Turismo<\/a><\/strong><\/u>\u00a0(max. 10 persone)<\/li> <\/ul> \",\"location\":[{\"@type\":\"Place\",\"name\":\"Stazione a valle Obereggen\",\"address\":{\"@type\": \"PostalAddress\",\"streetAddress\":\"Via Obereggen, 16, 39050 Nova Ponente BZ\"}}]}<\/script><\/div>\r\n\t\t\t\t<p class=\"desc_trig_outter\" style=\"\"><a data-gmtrig=\"1\" data-exlk=\"0\" style=\"background-color: #facd05;\" id=\"evc_17876655002079\" class=\"hasFtIMG event_repeat desc_trig sin_val evcal_list_a\" data-ux_val=\"3\" data-ux_val_mob=\"-\"  ><span class='evoet_c1 evoet_cx '><span class='ev_ftImg' data-img='https:\/\/latemarium.com\/wp-content\/uploads\/2023\/06\/\u00a9Obereggen_LatemarAG.SpA_Mindful.Latemar_Ph.Guenther.Pichler_06.jpg' data-thumb='https:\/\/latemarium.com\/wp-content\/uploads\/2023\/06\/\u00a9Obereggen_LatemarAG.SpA_Mindful.Latemar_Ph.Guenther.Pichler_06-300x169.jpg' style='background-image:url(\"https:\/\/latemarium.com\/wp-content\/uploads\/2023\/06\/\u00a9Obereggen_LatemarAG.SpA_Mindful.Latemar_Ph.Guenther.Pichler_06-300x169.jpg\")' ><\/span><\/span><span class='evoet_c2 evoet_cx '><span class='evoet_dayblock evcal_cblock ' data-bgcolor='#facd05' data-smon='agosto' data-syr='2026' data-bub=''><span class='evo_start '><em class='date'>25<\/em><em class='month'>ago<\/em><em class='time'>15:45<\/em><\/span><\/span><\/span><span class='evoet_c3 evoet_cx evcal_desc hide_eventtopdata '><span class='evoet_title evcal_desc2 evcal_event_title ' itemprop='name'>Mindful.Latemar<\/span><span class='event_location_attrs'  data-location_address=\"Via Obereggen, 16, 39050 Nova Ponente BZ\" data-location_type=\"lonlat\" data-location_name=\"Stazione a valle Obereggen\" data-location_url=\"https:\/\/latemarium.com\/it\/event-location\/stazione-a-valle-obereggen\/\" data-location_status=\"true\" data-latlng=\"46.3835808246333,11.52667595881786\"><\/span><span class='evoet_subtitle evo_below_title' ><span class='evcal_event_subtitle ' >Passeggiata Mindfulness con Psicologo del Benessere e Istruttore di Mindfulness Dott. Thomas Bernagozzi. <\/span><\/span><span class='evoet_time_expand level_3'><em class='evcal_time evo_tz_time'><i class='fa fa-clock-o'><\/i>15:45<span class='evo_tz marl5'>(GMT+02:00)<\/span><\/em> <\/span><span class='evoet_location level_3'><em class=\"evcal_location\"  data-latlng=\"46.3835808246333,11.52667595881786\" data-add_str=\"Via Obereggen, 16, 39050 Nova Ponente BZ\" data-n=\"Stazione a valle Obereggen\"><i class=\"fa fa-location-pin\"><\/i><em class=\"event_location_name\">Stazione a valle Obereggen<\/em>, Via Obereggen, 16, 39050 Nova Ponente BZ<\/em><\/span><\/span><span class='evoet_data' data-d=\"{&quot;loc.n&quot;:&quot;Stazione a valle Obereggen&quot;,&quot;orgs&quot;:[],&quot;tags&quot;:{&quot;repeating&quot;:&quot;Repeating Event&quot;}}\" data-bgc=\"#facd05\" data-bggrad=\"\" ><\/span><\/a><\/p><div class='event_description evcal_eventcard ' style=\"display:none\"><div class='evocard_row'><div id='event_ftimage' class='evocard_box ftimage' data-c='' \n\t\t\t\t\tstyle=''><div class='evocard_main_image_hold' data-t='Loading Image..'><div class='evocard_main_image evo_img_triglb evobr15 evobgsc evobgpc evodfx evofx_jc_c evofx_ai_c evofz48 minmized' style='height:300px; background-image:url();' data-f=\"https:\/\/latemarium.com\/wp-content\/uploads\/2023\/06\/\u00a9Obereggen_LatemarAG.SpA_Mindful.Latemar_Ph.Guenther.Pichler_06.jpg\" data-h=\"812\" data-w=\"1445\" data-ratio=\"0.56193771626298\" data-event_id=\"2079\" data-ri=\"10\"  data-t='Loading Image..'><span style='height:300px; background-image:url(https:\/\/latemarium.com\/wp-content\/uploads\/2023\/06\/\u00a9Obereggen_LatemarAG.SpA_Mindful.Latemar_Ph.Guenther.Pichler_06.jpg)'><\/span><\/div><\/div><\/div><\/div><div class='evocard_row'><div id='event_eventdetails' class='evocard_box eventdetails' data-c='' \n\t\t\t\t\tstyle=''><div class='evo_metarow_details evorow evcal_evdata_row evcal_event_details'>\n\t\t<div class=\"event_excerpt\" style=\"display:none\"><h3 class=\"padb5 evo_h3\">Dettagli dell&#039;evento<\/h3><p>Mindful.Latemar si trova a Obereggen lungo il sentiero circolare sul monte Golfrion, nel cuore delle Dolomiti a 1872 metri di altitudine.\nIl percorso prevede 18 esercizi di Mindfulness in un luogo<\/p><\/div><span class='evcal_evdata_icons'><i class='fa fa-align-justify'><\/i><\/span>\n\t\t\n\t\t<div class='evcal_evdata_cell shorter_desc'>\n\t\t\t<div class='eventon_full_description'>\n\t\t\t\t<h3 class='padb5 evo_h3'><span class='evcal_evdata_icons'><i class='fa fa-align-justify'><\/i><\/span>Dettagli dell&#039;evento<\/h3>\n\t\t\t\t<div class='eventon_desc_in' itemprop='description'>\n\t\t\t\t<p>Mindful.Latemar si trova a Obereggen lungo il <strong>sentiero circolare sul monte Golfrion<\/strong>, nel cuore delle Dolomiti a 1872 metri di altitudine.<\/p>\n<p>Il percorso prevede <strong>18 esercizi di Mindfulness<\/strong> in un luogo speciale che vuole rappresentare un esempio di rinascita e resilienza dopo che \u00e8 stato colpito dalla tempesta Vaia nel novembre 2018.<\/p>\n<h3 class=\"wysiwyg__subline\">Il Dott. Bernagozzi ti accompagna ogni marted\u00ec:<\/h3>\n<div class=\"wysiwyg__description\">\n<p>dalle ore 13.30 alle ore 15.30 (in tedesco)<br \/>\ndalle ore 15.45 alle ore 17.45 (in italiano)<\/p>\n<\/div>\n<ul>\n<li>Punto di ritrovo: stazione a valle cabinovia &#8220;Obereggen-Ochsenweide&#8221;<\/li>\n<li>Prezzo: 30,00 \u20ac a persona inclusa l&#8217;andata e il ritorno con la\u00a0cabinovia<\/li>\n<li>Prenotazione online al seguente link:\u00a0<u><strong><a href=\"https:\/\/eggental.com\/it\/ajax-events#11946\" target=\"_blank\" rel=\"noopener\">Val d&#8217;Ega Turismo<\/a><\/strong><\/u>\u00a0(max. 10 persone)<\/li>\n<\/ul>\n<\/div><p class='eventon_shad_p' style='padding:5px 0 0; margin:0'>\n\t\t\t<span class='evcal_btn evo_btn_secondary evobtn_details_show_more' content='less'>\n\t\t\t\t<span class='ev_more_text' data-txt='Meno'>Pi\u00f9<\/span><span class='ev_more_arrow ard'><\/span>\n\t\t\t<\/span>\n\t\t<\/p><div class='clear'><\/div>\n\t\t\t<\/div>\n\t\t<\/div>\n\t<\/div><\/div><\/div><div class='evocard_row bx2 bx'><div id='event_time' class='evocard_box time' data-c='' \n\t\t\t\t\tstyle=''><div class='evo_metarow_time evorow evcal_evdata_row evcal_evrow_sm '>\n\t\t<span class='evcal_evdata_icons'><i class='fa fa-clock'><\/i><\/span>\n\t\t<div class='evcal_evdata_cell'>\t\t\t\t\t\t\t\n\t\t\t<h3 class='evo_h3'><span class='evcal_evdata_icons'><i class='fa fa-clock'><\/i><\/span>Orario<\/h3><p><span class='evo_eventcard_time_t'>25 agosto 2026 15:45<\/span><span class='evo_tz marr5'>(GMT+02:00)<\/span><\/p>\n\t\t<\/div>\n\t<\/div><\/div><div id='event_location' class='evocard_box location' data-c='' \n\t\t\t\t\tstyle=''><div class='evcal_evdata_row evo_metarow_time_location evorow '>\n\t\t\n\t\t\t<span class='evcal_evdata_icons'><i class='fa fa-map-marker'><\/i><\/span>\n\t\t\t<div class='evcal_evdata_cell' data-loc_tax_id='22'><h3 class='evo_h3 evodfx'><span class='evcal_evdata_icons'><i class='fa fa-map-marker'><\/i><\/span>Luogo<\/h3><p class='evo_location_name'>Stazione a valle Obereggen<\/p><p class='evo_location_address evodfxi evogap10'>Via Obereggen, 16, 39050 Nova Ponente BZ<\/p><div class='padt10'><span class='evo_btn_arr evolb_trigger' data-lbvals=\"{&quot;lbc&quot;:&quot;evo_location_lb_22&quot;,&quot;lbac&quot;:&quot;lb_max&quot;,&quot;t&quot;:&quot;Stazione a valle Obereggen&quot;,&quot;ajax&quot;:&quot;yes&quot;,&quot;ajax_type&quot;:&quot;endpoint&quot;,&quot;ajax_action&quot;:&quot;eventon_get_tax_card_content&quot;,&quot;end&quot;:&quot;client&quot;,&quot;d&quot;:{&quot;lang&quot;:&quot;L1&quot;,&quot;term_id&quot;:22,&quot;tax&quot;:&quot;event_location&quot;,&quot;load_lbcontent&quot;:true},&quot;uid&quot;:&quot;eventon_get_tax_card_content&quot;}\" >Other Events<i class='fa fa-chevron-right'><\/i><\/span><\/div><\/div>\n\t\t\n\t<\/div><\/div><\/div><div class='evocard_row bx2 bx'><div id='event_learnmore' class='evocard_box learnmore' data-c='' \n\t\t\t\t\tstyle=''><div class='evo_metarow_learnM evo_metarow_learnmore evorow'>\n\t\t\t\t\t\t\t<a class='evcal_evdata_row evo_clik_row ' href='https:\/\/obereggen.com\/it\/mindfullatemar' target=\"_blank\">\n\t\t\t\t\t\t\t\t<span class='evcal_evdata_icons'><i class='fa fa-link'><\/i><\/span>\n\t\t\t\t\t\t\t\t<h3 class='evo_h3'>Scopri di pi\u00f9<\/h3>\n\t\t\t\t\t\t\t<\/a>\n\t\t\t\t\t\t\t<\/div><\/div><div id='event_addtocal' class='evocard_box addtocal' data-c='' \n\t\t\t\t\tstyle=''><div class='evo_metarow_ICS evorow evcal_evdata_row'>\n\t\t\t<span class='evcal_evdata_icons'><i class='fa fa-calendar-o'><\/i><\/span>\n\t\t\t<div class='evcal_evdata_cell'>\n\t\t\t\t<p><a href='https:\/\/latemarium.com\/it\/export-events\/2079_10\/?nonce=a3263097f9' class='evo_ics_nCal' title='Aggiungi al tuo calendario'>Calendario<\/a><a href='https:\/\/www.google.com\/calendar\/event?action=TEMPLATE&text=Mindful.Latemar&dates=20260825T134500Z%2F20260825T215900Z&ctz=Europe%2FRome&details=Mindful.Latemar&location=Stazione+a+valle+Obereggen+Via+Obereggen%2C+16%2C+39050+Nova+Ponente+BZ' target='_blank' class='evo_ics_gCal' title='Aggiungi al calendario di Google'>GoogleCal<\/a><\/p>\t\n\t\t\t<\/div>\n\t\t<\/div><\/div><\/div><div class='evocard_row'><div id='event_getdirection' class='evocard_box getdirection' data-c='' \n\t\t\t\t\tstyle=''><div class='evo_metarow_getDr evorow evcal_evdata_row evcal_evrow_sm getdirections'>\n\t\t<form action='https:\/\/maps.google.com\/maps' method='get' target='_blank'>\n\t\t\t<input type='hidden' name='daddr' value=\"46.3835808246333,11.52667595881786\"\/> \n\t\t\t<div class='evo_get_direction_content evo_fx_dr_r evogap10'>\n\t\t\t\t<span class='evogetdir_header evodfx evofx_dr_r evofx_ai_c marr10'>\n\t\t\t\t\t<i class='mainicon fa fa-road'><\/i> \n\t\t\t\t\t<h3 class='evo_h3' style='padding-bottom:5px;'>Ottieni indicazioni stradali<\/h3>\n\t\t\t\t<\/span>\n\t\t\t\t<span class='evogetdir_field evodfx evofx_1_1 evo_fx_dr_c evow100p'>\t\t\t\t\t\n\t\t\t\t\t<input class='evoInput evotac' type='text' name='saddr' placeholder='Digitare l&#039;indirizzo per ottenere le indicazioni stradali' value='' style='margin:10px 0;'\/>\n\t\t\t\t<\/span>\n\t\t\t\t<button type='submit' class='evo_get_direction_button evo_btn_arr_circ dfx fx_ai_c' title='Fare clic qui per ottenere indicazioni'><i class='fa fa-chevron-right'><\/i> <\/button>\n\t\t\t<\/div>\n\t\t<\/form>\n\t<\/div><\/div><\/div><div class='evo_card_row_end evcal_close' title='Testo del pulsante Chiudi evento'><\/div><\/div><div class='clear end'><\/div><\/div><div id=\"event_2181_8\" class=\"eventon_list_event evo_eventtop scheduled  event clrD no_et event_2181_8\" data-event_id=\"2181\" data-ri=\"8r\" data-time=\"1787729400-1787781540\" data-colr=\"#ba181d\" itemscope itemtype='http:\/\/schema.org\/Event'><div class=\"evo_event_schema\" style=\"display:none\" ><a itemprop='url'  href='https:\/\/latemarium.com\/it\/events\/geotrekking-torre-di-pisa\/var\/ri-8.l-L1'><\/a><meta itemprop='image' content=\"https:\/\/latemarium.com\/wp-content\/uploads\/2020\/06\/latemar-torre-di-pisa-estate-2019_ph.alice-russolo-90-scaled.jpg\" \/><meta itemprop='startDate' content=\"2026-8-26T09:30+0:00\" \/><meta itemprop='endDate' content=\"2026-8-26T23:59+0:00\" \/><meta itemprop='eventStatus' content=\"https:\/\/schema.org\/EventScheduled\" \/><meta itemprop='eventAttendanceMode'   itemscope itemtype=\"https:\/\/schema.org\/OfflineEventAttendanceMode\"\/><script type=\"application\/ld+json\">{\"@context\": \"http:\/\/schema.org\",\"@type\": \"Event\",\n\t\t\t\t\"@id\": \"event_2181_8\",\n\t\t\t\t\"eventAttendanceMode\":\"https:\/\/schema.org\/OfflineEventAttendanceMode\",\n\t\t\t\t\"eventStatus\":\"https:\/\/schema.org\/EventScheduled\",\n\t\t\t\t\"name\": \"GEOTREKKING TORRE DI PISA\",\n\t\t\t\t\"url\": \"https:\/\/latemarium.com\/it\/events\/geotrekking-torre-di-pisa\/var\/ri-8.l-L1\",\n\t\t\t\t\"startDate\": \"2026-8-26T09:30+0:00\",\n\t\t\t\t\"endDate\": \"2026-8-26T23:59+0:00\",\n\t\t\t\t\"image\":\"https:\/\/latemarium.com\/wp-content\/uploads\/2020\/06\/latemar-torre-di-pisa-estate-2019_ph.alice-russolo-90-scaled.jpg\", \n\t\t\t\t\"description\":\"<p><strong>Emozionante escursione geologica in quota<\/strong>, alla scoperta dell\u2019atollo del Latemar, perla dell\u2019arcipelago fossile delle Dolomiti Patrimonio UNESCO. Un suggestivo percorso ad anello guidati da un esperto Geologo e Accompagnatore di Media Montagna. Da passo Feudo si sale al rifugio Torre di Pisa per proseguire in quota fino alla forcella dei Camosci, da cui si scende rituffandosi nella profondit\u00e0 del mare tropicale fino al punto di partenza. Pranzo al sacco. Et\u00e0 minima 12 anni.<\/p> <p>Il percorso \u00e8 media difficolt\u00e0, con sentieri ben percorribili e brevi tratti leggermente esposti, dislivello 780 metri circa.<\/p> <p>Prenotazione obbligatoria entro le ore 18.30 del giorno precedente al numero:\u00a00462 241111<\/p> \"}<\/script><\/div>\r\n\t\t\t\t<p class=\"desc_trig_outter\" style=\"\"><a data-gmap_status=\"null\" data-exlk=\"0\" style=\"background-color: #ba181d;\" id=\"evc_17877294002181\" class=\"hasFtIMG event_repeat desc_trig sin_val evcal_list_a\" data-ux_val=\"3\" data-ux_val_mob=\"-\"  ><span class='evoet_c1 evoet_cx '><span class='ev_ftImg' data-img='https:\/\/latemarium.com\/wp-content\/uploads\/2020\/06\/latemar-torre-di-pisa-estate-2019_ph.alice-russolo-90-scaled.jpg' data-thumb='https:\/\/latemarium.com\/wp-content\/uploads\/2020\/06\/latemar-torre-di-pisa-estate-2019_ph.alice-russolo-90-300x200.jpg' style='background-image:url(\"https:\/\/latemarium.com\/wp-content\/uploads\/2020\/06\/latemar-torre-di-pisa-estate-2019_ph.alice-russolo-90-300x200.jpg\")' ><\/span><\/span><span class='evoet_c2 evoet_cx '><span class='evoet_dayblock evcal_cblock ' data-bgcolor='#ba181d' data-smon='agosto' data-syr='2026' data-bub=''><span class='evo_start '><em class='date'>26<\/em><em class='month'>ago<\/em><em class='time'>09:30<\/em><\/span><\/span><\/span><span class='evoet_c3 evoet_cx evcal_desc hide_eventtopdata '><span class='evoet_title evcal_desc2 evcal_event_title ' itemprop='name'>GEOTREKKING TORRE DI PISA<\/span><span class='event_location_attrs' data-location_type=\"lonlat\" data-location_name=\"A monte della seggiovia Gardon\u00e8-Passo Feudo\" data-location_url=\"https:\/\/latemarium.com\/it\/event-location\/a-monte-della-seggiovia-gardone-passo-feudo\/\" data-location_status=\"true\" data-latlng=\"46.32878794406342,11.600176728690842\"><\/span><span class='evoet_subtitle evo_below_title' ><span class='evcal_event_subtitle ' >GEOTREKKING TORRE DI PISA<\/span><\/span><span class='evoet_time_expand level_3'><em class='evcal_time evo_tz_time'><i class='fa fa-clock-o'><\/i>09:30<span class='evo_tz marl5'>(GMT+02:00)<\/span><\/em> <\/span><span class='evoet_location level_3'><em class=\"evcal_location\"  data-latlng=\"46.32878794406342,11.600176728690842\" data-add_str=\"\" data-n=\"A monte della seggiovia Gardon\u00e8-Passo Feudo\"><i class=\"fa fa-location-pin\"><\/i><em class=\"event_location_name\">A monte della seggiovia Gardon\u00e8-Passo Feudo<\/em><\/em><\/span><\/span><span class='evoet_data' data-d=\"{&quot;loc.n&quot;:&quot;A monte della seggiovia Gardon\\u00e8-Passo Feudo&quot;,&quot;orgs&quot;:[],&quot;tags&quot;:{&quot;repeating&quot;:&quot;Repeating Event&quot;}}\" data-bgc=\"#ba181d\" data-bggrad=\"\" ><\/span><\/a><\/p><div class='event_description evcal_eventcard ' style=\"display:none\"><div class='evocard_row'><div id='event_ftimage' class='evocard_box ftimage' data-c='' \n\t\t\t\t\tstyle=''><div class='evocard_main_image_hold' data-t='Loading Image..'><div class='evocard_main_image evo_img_triglb evobr15 evobgsc evobgpc evodfx evofx_jc_c evofx_ai_c evofz48 minmized' style='height:300px; background-image:url();' data-f=\"https:\/\/latemarium.com\/wp-content\/uploads\/2020\/06\/latemar-torre-di-pisa-estate-2019_ph.alice-russolo-90-scaled.jpg\" data-h=\"1707\" data-w=\"2560\" data-ratio=\"0.666796875\" data-event_id=\"2181\" data-ri=\"8\"  data-t='Loading Image..'><span style='height:300px; background-image:url(https:\/\/latemarium.com\/wp-content\/uploads\/2020\/06\/latemar-torre-di-pisa-estate-2019_ph.alice-russolo-90-scaled.jpg)'><\/span><\/div><\/div><\/div><\/div><div class='evocard_row'><div id='event_eventdetails' class='evocard_box eventdetails' data-c='' \n\t\t\t\t\tstyle=''><div class='evo_metarow_details evorow evcal_evdata_row evcal_event_details'>\n\t\t<div class=\"event_excerpt\" style=\"display:none\"><h3 class=\"padb5 evo_h3\">Dettagli dell&#039;evento<\/h3><p>Emozionante escursione geologica in quota, alla scoperta dell\u2019atollo del Latemar, perla dell\u2019arcipelago fossile delle Dolomiti Patrimonio UNESCO. Un suggestivo percorso ad anello guidati da un esperto Geologo e Accompagnatore di<\/p><\/div><span class='evcal_evdata_icons'><i class='fa fa-align-justify'><\/i><\/span>\n\t\t\n\t\t<div class='evcal_evdata_cell shorter_desc'>\n\t\t\t<div class='eventon_full_description'>\n\t\t\t\t<h3 class='padb5 evo_h3'><span class='evcal_evdata_icons'><i class='fa fa-align-justify'><\/i><\/span>Dettagli dell&#039;evento<\/h3>\n\t\t\t\t<div class='eventon_desc_in' itemprop='description'>\n\t\t\t\t<p><strong>Emozionante escursione geologica in quota<\/strong>, alla scoperta dell\u2019atollo del Latemar, perla dell\u2019arcipelago fossile delle Dolomiti Patrimonio UNESCO. Un suggestivo percorso ad anello guidati da un esperto Geologo e Accompagnatore di Media Montagna. Da passo Feudo si sale al rifugio Torre di Pisa per proseguire in quota fino alla forcella dei Camosci, da cui si scende rituffandosi nella profondit\u00e0 del mare tropicale fino al punto di partenza. Pranzo al sacco. Et\u00e0 minima 12 anni.<\/p>\n<p>Il percorso \u00e8 media difficolt\u00e0, con sentieri ben percorribili e brevi tratti leggermente esposti, dislivello 780 metri circa.<\/p>\n<p>Prenotazione obbligatoria entro le ore 18.30 del giorno precedente al numero:\u00a00462 241111<\/p>\n<\/div><p class='eventon_shad_p' style='padding:5px 0 0; margin:0'>\n\t\t\t<span class='evcal_btn evo_btn_secondary evobtn_details_show_more' content='less'>\n\t\t\t\t<span class='ev_more_text' data-txt='Meno'>Pi\u00f9<\/span><span class='ev_more_arrow ard'><\/span>\n\t\t\t<\/span>\n\t\t<\/p><div class='clear'><\/div>\n\t\t\t<\/div>\n\t\t<\/div>\n\t<\/div><\/div><\/div><div class='evocard_row bx2 bx'><div id='event_time' class='evocard_box time' data-c='' \n\t\t\t\t\tstyle=''><div class='evo_metarow_time evorow evcal_evdata_row evcal_evrow_sm '>\n\t\t<span class='evcal_evdata_icons'><i class='fa fa-clock'><\/i><\/span>\n\t\t<div class='evcal_evdata_cell'>\t\t\t\t\t\t\t\n\t\t\t<h3 class='evo_h3'><span class='evcal_evdata_icons'><i class='fa fa-clock'><\/i><\/span>Orario<\/h3><p><span class='evo_eventcard_time_t'>26 agosto 2026 09:30<\/span><span class='evo_tz marr5'>(GMT+02:00)<\/span><\/p>\n\t\t<\/div>\n\t<\/div><\/div><div id='event_location' class='evocard_box location' data-c='' \n\t\t\t\t\tstyle=''><div class='evcal_evdata_row evo_metarow_time_location evorow '>\n\t\t\n\t\t\t<span class='evcal_evdata_icons'><i class='fa fa-map-marker'><\/i><\/span>\n\t\t\t<div class='evcal_evdata_cell' data-loc_tax_id='37'><h3 class='evo_h3 evodfx'><span class='evcal_evdata_icons'><i class='fa fa-map-marker'><\/i><\/span>Luogo<\/h3><p class='evo_location_name'>A monte della seggiovia Gardon\u00e8-Passo Feudo<\/p><div class='padt10'><span class='evo_btn_arr evolb_trigger' data-lbvals=\"{&quot;lbc&quot;:&quot;evo_location_lb_37&quot;,&quot;lbac&quot;:&quot;lb_max&quot;,&quot;t&quot;:&quot;A monte della seggiovia Gardon\\u00e8-Passo Feudo&quot;,&quot;ajax&quot;:&quot;yes&quot;,&quot;ajax_type&quot;:&quot;endpoint&quot;,&quot;ajax_action&quot;:&quot;eventon_get_tax_card_content&quot;,&quot;end&quot;:&quot;client&quot;,&quot;d&quot;:{&quot;lang&quot;:&quot;L1&quot;,&quot;term_id&quot;:37,&quot;tax&quot;:&quot;event_location&quot;,&quot;load_lbcontent&quot;:true},&quot;uid&quot;:&quot;eventon_get_tax_card_content&quot;}\" >Other Events<i class='fa fa-chevron-right'><\/i><\/span><\/div><\/div>\n\t\t\n\t<\/div><\/div><\/div><div class='evocard_row bx2 bx'><div id='event_learnmore' class='evocard_box learnmore' data-c='' \n\t\t\t\t\tstyle=''><div class='evo_metarow_learnM evo_metarow_learnmore evorow'>\n\t\t\t\t\t\t\t<a class='evcal_evdata_row evo_clik_row ' href='https:\/\/www.latemar.it\/estate\/geotrekking\/' target=\"_blank\">\n\t\t\t\t\t\t\t\t<span class='evcal_evdata_icons'><i class='fa fa-link'><\/i><\/span>\n\t\t\t\t\t\t\t\t<h3 class='evo_h3'>Scopri di pi\u00f9<\/h3>\n\t\t\t\t\t\t\t<\/a>\n\t\t\t\t\t\t\t<\/div><\/div><div id='event_addtocal' class='evocard_box addtocal' data-c='' \n\t\t\t\t\tstyle=''><div class='evo_metarow_ICS evorow evcal_evdata_row'>\n\t\t\t<span class='evcal_evdata_icons'><i class='fa fa-calendar-o'><\/i><\/span>\n\t\t\t<div class='evcal_evdata_cell'>\n\t\t\t\t<p><a href='https:\/\/latemarium.com\/it\/export-events\/2181_8\/?nonce=a3263097f9' class='evo_ics_nCal' title='Aggiungi al tuo calendario'>Calendario<\/a><a href='https:\/\/www.google.com\/calendar\/event?action=TEMPLATE&text=GEOTREKKING+TORRE+DI+PISA&dates=20260826T073000Z%2F20260826T215900Z&ctz=Europe%2FRome&details=GEOTREKKING TORRE DI PISA&location=A+monte+della+seggiovia+Gardon%C3%A8-Passo+Feudo' target='_blank' class='evo_ics_gCal' title='Aggiungi al calendario di Google'>GoogleCal<\/a><\/p>\t\n\t\t\t<\/div>\n\t\t<\/div><\/div><\/div><div class='evocard_row'><div id='event_getdirection' class='evocard_box getdirection' data-c='' \n\t\t\t\t\tstyle=''><div class='evo_metarow_getDr evorow evcal_evdata_row evcal_evrow_sm getdirections'>\n\t\t<form action='https:\/\/maps.google.com\/maps' method='get' target='_blank'>\n\t\t\t<input type='hidden' name='daddr' value=\"46.32878794406342,11.600176728690842\"\/> \n\t\t\t<div class='evo_get_direction_content evo_fx_dr_r evogap10'>\n\t\t\t\t<span class='evogetdir_header evodfx evofx_dr_r evofx_ai_c marr10'>\n\t\t\t\t\t<i class='mainicon fa fa-road'><\/i> \n\t\t\t\t\t<h3 class='evo_h3' style='padding-bottom:5px;'>Ottieni indicazioni stradali<\/h3>\n\t\t\t\t<\/span>\n\t\t\t\t<span class='evogetdir_field evodfx evofx_1_1 evo_fx_dr_c evow100p'>\t\t\t\t\t\n\t\t\t\t\t<input class='evoInput evotac' type='text' name='saddr' placeholder='Digitare l&#039;indirizzo per ottenere le indicazioni stradali' value='' style='margin:10px 0;'\/>\n\t\t\t\t<\/span>\n\t\t\t\t<button type='submit' class='evo_get_direction_button evo_btn_arr_circ dfx fx_ai_c' title='Fare clic qui per ottenere indicazioni'><i class='fa fa-chevron-right'><\/i> <\/button>\n\t\t\t<\/div>\n\t\t<\/form>\n\t<\/div><\/div><\/div><div class='evo_card_row_end evcal_close' title='Testo del pulsante Chiudi evento'><\/div><\/div><div class='clear end'><\/div><\/div><div id=\"event_2933_9\" class=\"eventon_list_event evo_eventtop scheduled  event clrD event_2933_9\" data-event_id=\"2933\" data-ri=\"9r\" data-time=\"1787745600-1787754600\" data-colr=\"#38823b\" itemscope itemtype='http:\/\/schema.org\/Event'><div class=\"evo_event_schema\" style=\"display:none\" ><a itemprop='url'  href='https:\/\/latemarium.com\/it\/events\/in-cammino-con-i-pony\/var\/ri-9.l-L1'><\/a><meta itemprop='image' content=\"https:\/\/latemarium.com\/wp-content\/uploads\/2026\/04\/pony.jpg\" \/><meta itemprop='startDate' content=\"2026-8-26T14:00+0:00\" \/><meta itemprop='endDate' content=\"2026-8-26T16:30+0:00\" \/><meta itemprop='eventStatus' content=\"https:\/\/schema.org\/EventScheduled\" \/><meta itemprop='eventAttendanceMode'   itemscope itemtype=\"https:\/\/schema.org\/OfflineEventAttendanceMode\"\/><div style=\"display:none\" itemprop=\"location\" itemscope itemtype=\"http:\/\/schema.org\/Place\"><span itemprop=\"name\">Pampeago<\/span><span itemprop=\"address\" itemscope itemtype=\"http:\/\/schema.org\/PostalAddress\"><item itemprop=\"streetAddress\">Localit\u00e0 Pampeago, 8, 38038 Tesero TN<\/item><\/span><\/div><script type=\"application\/ld+json\">{\"@context\": \"http:\/\/schema.org\",\"@type\": \"Event\",\n\t\t\t\t\"@id\": \"event_2933_9\",\n\t\t\t\t\"eventAttendanceMode\":\"https:\/\/schema.org\/OfflineEventAttendanceMode\",\n\t\t\t\t\"eventStatus\":\"https:\/\/schema.org\/EventScheduled\",\n\t\t\t\t\"name\": \"In cammino con i pony\",\n\t\t\t\t\"url\": \"https:\/\/latemarium.com\/it\/events\/in-cammino-con-i-pony\/var\/ri-9.l-L1\",\n\t\t\t\t\"startDate\": \"2026-8-26T14:00+0:00\",\n\t\t\t\t\"endDate\": \"2026-8-26T16:30+0:00\",\n\t\t\t\t\"image\":\"https:\/\/latemarium.com\/wp-content\/uploads\/2026\/04\/pony.jpg\", \n\t\t\t\t\"description\":\"<p>Una piacevole passeggiata alla scoperta dei paesaggi di Pampeago, accompagnati da simpatici pony che guideranno bambini e famiglie lungo il percorso in totale sicurezza.<\/p> <p>Un\u2019esperienza rilassante e divertente, perfetta per vivere la montagna a ritmo lento e creare un contatto speciale con questi dolci animali.<\/p> <p><strong>INFO UTILI:<\/strong><br \/> Quando &#8211; Tutti i mercoled\u00ec dal 24\/06 al 09\/09<br \/> Orario &#8211; dalle 14.00 alle 16.30 (in base alle disponibilit\u00e0)<br \/> Ritrovo &#8211;\u00a0 parcheggio seggiovia Tresca (accesso consentito SOLO a chi prenota l\u2019attivit\u00e0)<\/p> <p>Attivit\u00e0 adatta a famiglie e bambini<\/p> <p>Prenotazione obbligatoria, clicca <a href='https:\/\/www.visitfiemme.it\/it\/eventi\/fiemme-cembra-guest-card\/esperienze\/esperienze-in-estate' target='_blank' rel='noopener'>QUI<\/a> per prenotare<\/p> \",\"location\":[{\"@type\":\"Place\",\"name\":\"Pampeago\",\"address\":{\"@type\": \"PostalAddress\",\"streetAddress\":\"Localit\u00e0 Pampeago, 8, 38038 Tesero TN\"}}]}<\/script><\/div>\r\n\t\t\t\t<p class=\"desc_trig_outter\" style=\"\"><a data-gmap_status=\"null\" data-exlk=\"0\" style=\"background-color: #38823b;\" id=\"evc_17877456002933\" class=\"hasFtIMG event_repeat desc_trig sin_val evcal_list_a\" data-ux_val=\"3\" data-ux_val_mob=\"-\"  ><span class='evoet_c1 evoet_cx '><span class='ev_ftImg' data-img='https:\/\/latemarium.com\/wp-content\/uploads\/2026\/04\/pony.jpg' data-thumb='https:\/\/latemarium.com\/wp-content\/uploads\/2026\/04\/pony-300x110.jpg' style='background-image:url(\"https:\/\/latemarium.com\/wp-content\/uploads\/2026\/04\/pony-300x110.jpg\")' ><\/span><\/span><span class='evoet_c2 evoet_cx '><span class='evoet_dayblock evcal_cblock ' data-bgcolor='#38823b' data-smon='agosto' data-syr='2026' data-bub=''><span class='evo_start '><em class='date'>26<\/em><em class='month'>ago<\/em><em class='time'>14:00<\/em><\/span><span class='evo_end only_time'><em class='time'>16:30<\/em><\/span><\/span><\/span><span class='evoet_c3 evoet_cx evcal_desc hide_eventtopdata '><span class='evoet_title evcal_desc2 evcal_event_title ' itemprop='name'>In cammino con i pony<\/span><span class='event_location_attrs'  data-location_address=\"Localit\u00e0 Pampeago, 8, 38038 Tesero TN\" data-location_type=\"lonlat\" data-location_name=\"Pampeago\" data-location_url=\"https:\/\/latemarium.com\/it\/event-location\/pampeago\/\" data-location_status=\"true\" data-latlng=\"46.34343697644898,11.540997527961546\"><\/span><span class='evoet_subtitle evo_below_title' ><span class='evcal_event_subtitle ' >passeggiata per famiglie<\/span><\/span><span class='evoet_time_expand level_3'><em class='evcal_time evo_tz_time'><i class='fa fa-clock-o'><\/i>14:00 - 16:30<span class='evo_tz marl5'>(GMT+02:00)<\/span><\/em> <\/span><span class='evoet_location level_3'><em class=\"evcal_location\"  data-latlng=\"46.34343697644898,11.540997527961546\" data-add_str=\"Localit\u00e0 Pampeago, 8, 38038 Tesero TN\" data-n=\"Pampeago\"><i class=\"fa fa-location-pin\"><\/i><em class=\"event_location_name\">Pampeago<\/em>, Localit\u00e0 Pampeago, 8, 38038 Tesero TN<\/em><\/span><\/span><span class='evoet_data' data-d=\"{&quot;loc.n&quot;:&quot;Pampeago&quot;,&quot;orgs&quot;:[],&quot;tags&quot;:{&quot;repeating&quot;:&quot;Repeating Event&quot;}}\" data-bgc=\"#38823b\" data-bggrad=\"\" ><\/span><\/a><\/p><div class='event_description evcal_eventcard ' style=\"display:none\"><div class='evocard_row'><div id='event_ftimage' class='evocard_box ftimage' data-c='' \n\t\t\t\t\tstyle=''><div class='evocard_main_image_hold' data-t='Loading Image..'><div class='evocard_main_image evo_img_triglb evobr15 evobgsc evobgpc evodfx evofx_jc_c evofx_ai_c evofz48 minmized' style='height:300px; background-image:url();' data-f=\"https:\/\/latemarium.com\/wp-content\/uploads\/2026\/04\/pony.jpg\" data-h=\"368\" data-w=\"1000\" data-ratio=\"0.368\" data-event_id=\"2933\" data-ri=\"9\"  data-t='Loading Image..'><span style='height:300px; background-image:url(https:\/\/latemarium.com\/wp-content\/uploads\/2026\/04\/pony.jpg)'><\/span><\/div><\/div><\/div><\/div><div class='evocard_row'><div id='event_eventdetails' class='evocard_box eventdetails' data-c='' \n\t\t\t\t\tstyle=''><div class='evo_metarow_details evorow evcal_evdata_row evcal_event_details'>\n\t\t<div class=\"event_excerpt\" style=\"display:none\"><h3 class=\"padb5 evo_h3\">Dettagli dell&#039;evento<\/h3><p>Una piacevole passeggiata alla scoperta dei paesaggi di Pampeago, accompagnati da simpatici pony che guideranno bambini e famiglie lungo il percorso in totale sicurezza.\nUn\u2019esperienza rilassante e divertente, perfetta per vivere<\/p><\/div><span class='evcal_evdata_icons'><i class='fa fa-align-justify'><\/i><\/span>\n\t\t\n\t\t<div class='evcal_evdata_cell shorter_desc'>\n\t\t\t<div class='eventon_full_description'>\n\t\t\t\t<h3 class='padb5 evo_h3'><span class='evcal_evdata_icons'><i class='fa fa-align-justify'><\/i><\/span>Dettagli dell&#039;evento<\/h3>\n\t\t\t\t<div class='eventon_desc_in' itemprop='description'>\n\t\t\t\t<p>Una piacevole passeggiata alla scoperta dei paesaggi di Pampeago, accompagnati da simpatici pony che guideranno bambini e famiglie lungo il percorso in totale sicurezza.<\/p>\n<p>Un\u2019esperienza rilassante e divertente, perfetta per vivere la montagna a ritmo lento e creare un contatto speciale con questi dolci animali.<\/p>\n<p><strong>INFO UTILI:<\/strong><br \/>\nQuando &#8211; Tutti i mercoled\u00ec dal 24\/06 al 09\/09<br \/>\nOrario &#8211; dalle 14.00 alle 16.30 (in base alle disponibilit\u00e0)<br \/>\nRitrovo &#8211;\u00a0 parcheggio seggiovia Tresca (accesso consentito SOLO a chi prenota l\u2019attivit\u00e0)<\/p>\n<p>Attivit\u00e0 adatta a famiglie e bambini<\/p>\n<p>Prenotazione obbligatoria, clicca <a href=\"https:\/\/www.visitfiemme.it\/it\/eventi\/fiemme-cembra-guest-card\/esperienze\/esperienze-in-estate\" target=\"_blank\" rel=\"noopener\">QUI<\/a> per prenotare<\/p>\n<\/div><p class='eventon_shad_p' style='padding:5px 0 0; margin:0'>\n\t\t\t<span class='evcal_btn evo_btn_secondary evobtn_details_show_more' content='less'>\n\t\t\t\t<span class='ev_more_text' data-txt='Meno'>Pi\u00f9<\/span><span class='ev_more_arrow ard'><\/span>\n\t\t\t<\/span>\n\t\t<\/p><div class='clear'><\/div>\n\t\t\t<\/div>\n\t\t<\/div>\n\t<\/div><\/div><\/div><div class='evocard_row bx2 bx'><div id='event_time' class='evocard_box time' data-c='' \n\t\t\t\t\tstyle=''><div class='evo_metarow_time evorow evcal_evdata_row evcal_evrow_sm '>\n\t\t<span class='evcal_evdata_icons'><i class='fa fa-clock'><\/i><\/span>\n\t\t<div class='evcal_evdata_cell'>\t\t\t\t\t\t\t\n\t\t\t<h3 class='evo_h3'><span class='evcal_evdata_icons'><i class='fa fa-clock'><\/i><\/span>Orario<\/h3><p><span class='evo_eventcard_time_t'>26 agosto 2026 14:00 - 16:30<\/span><span class='evo_tz marr5'>(GMT+02:00)<\/span><\/p>\n\t\t<\/div>\n\t<\/div><\/div><div id='event_location' class='evocard_box location' data-c='' \n\t\t\t\t\tstyle=''><div class='evcal_evdata_row evo_metarow_time_location evorow '>\n\t\t\n\t\t\t<span class='evcal_evdata_icons'><i class='fa fa-map-marker'><\/i><\/span>\n\t\t\t<div class='evcal_evdata_cell' data-loc_tax_id='30'><h3 class='evo_h3 evodfx'><span class='evcal_evdata_icons'><i class='fa fa-map-marker'><\/i><\/span>Luogo<\/h3><p class='evo_location_name'>Pampeago<\/p><p class='evo_location_address evodfxi evogap10'>Localit\u00e0 Pampeago, 8, 38038 Tesero TN<\/p><div class='padt10'><span class='evo_btn_arr evolb_trigger' data-lbvals=\"{&quot;lbc&quot;:&quot;evo_location_lb_30&quot;,&quot;lbac&quot;:&quot;lb_max&quot;,&quot;t&quot;:&quot;Pampeago&quot;,&quot;ajax&quot;:&quot;yes&quot;,&quot;ajax_type&quot;:&quot;endpoint&quot;,&quot;ajax_action&quot;:&quot;eventon_get_tax_card_content&quot;,&quot;end&quot;:&quot;client&quot;,&quot;d&quot;:{&quot;lang&quot;:&quot;L1&quot;,&quot;term_id&quot;:30,&quot;tax&quot;:&quot;event_location&quot;,&quot;load_lbcontent&quot;:true},&quot;uid&quot;:&quot;eventon_get_tax_card_content&quot;}\" >Other Events<i class='fa fa-chevron-right'><\/i><\/span><\/div><\/div>\n\t\t\n\t<\/div><\/div><\/div><div class='evocard_row'><div id='event_addtocal' class='evocard_box addtocal' data-c='' \n\t\t\t\t\tstyle=''><div class='evo_metarow_ICS evorow evcal_evdata_row'>\n\t\t\t<span class='evcal_evdata_icons'><i class='fa fa-calendar-o'><\/i><\/span>\n\t\t\t<div class='evcal_evdata_cell'>\n\t\t\t\t<p><a href='https:\/\/latemarium.com\/it\/export-events\/2933_9\/?nonce=a3263097f9' class='evo_ics_nCal' title='Aggiungi al tuo calendario'>Calendario<\/a><a href='https:\/\/www.google.com\/calendar\/event?action=TEMPLATE&text=In+cammino+con+i+pony&dates=20260826T120000Z%2F20260826T143000Z&ctz=Europe%2FRome&details=In cammino con i pony&location=Pampeago+Localit%C3%A0+Pampeago%2C+8%2C+38038+Tesero+TN' target='_blank' class='evo_ics_gCal' title='Aggiungi al calendario di Google'>GoogleCal<\/a><\/p>\t\n\t\t\t<\/div>\n\t\t<\/div><\/div><\/div><div class='evocard_row'><div id='event_getdirection' class='evocard_box getdirection' data-c='' \n\t\t\t\t\tstyle=''><div class='evo_metarow_getDr evorow evcal_evdata_row evcal_evrow_sm getdirections'>\n\t\t<form action='https:\/\/maps.google.com\/maps' method='get' target='_blank'>\n\t\t\t<input type='hidden' name='daddr' value=\"46.34343697644898,11.540997527961546\"\/> \n\t\t\t<div class='evo_get_direction_content evo_fx_dr_r evogap10'>\n\t\t\t\t<span class='evogetdir_header evodfx evofx_dr_r evofx_ai_c marr10'>\n\t\t\t\t\t<i class='mainicon fa fa-road'><\/i> \n\t\t\t\t\t<h3 class='evo_h3' style='padding-bottom:5px;'>Ottieni indicazioni stradali<\/h3>\n\t\t\t\t<\/span>\n\t\t\t\t<span class='evogetdir_field evodfx evofx_1_1 evo_fx_dr_c evow100p'>\t\t\t\t\t\n\t\t\t\t\t<input class='evoInput evotac' type='text' name='saddr' placeholder='Digitare l&#039;indirizzo per ottenere le indicazioni stradali' value='' style='margin:10px 0;'\/>\n\t\t\t\t<\/span>\n\t\t\t\t<button type='submit' class='evo_get_direction_button evo_btn_arr_circ dfx fx_ai_c' title='Fare clic qui per ottenere indicazioni'><i class='fa fa-chevron-right'><\/i> <\/button>\n\t\t\t<\/div>\n\t\t<\/form>\n\t<\/div><\/div><\/div><div class='evo_card_row_end evcal_close' title='Testo del pulsante Chiudi evento'><\/div><\/div><div class='clear end'><\/div><\/div><div id=\"event_2840_8\" class=\"eventon_list_event evo_eventtop scheduled  event clrD no_et event_2840_8\" data-event_id=\"2840\" data-ri=\"8r\" data-time=\"1787814000-1787867940\" data-colr=\"#38823b\" itemscope itemtype='http:\/\/schema.org\/Event'><div class=\"evo_event_schema\" style=\"display:none\" ><a itemprop='url'  href='https:\/\/latemarium.com\/it\/events\/escursione-in-montagna-al-rifugio-torre-di-pisa\/var\/ri-8.l-L1'><\/a><meta itemprop='image' content=\"https:\/\/latemarium.com\/wp-content\/uploads\/2025\/05\/escursione-torre-di-pisa-obereggen.jpg\" \/><meta itemprop='startDate' content=\"2026-8-27T09:00+0:00\" \/><meta itemprop='endDate' content=\"2026-8-27T23:59+0:00\" \/><meta itemprop='eventStatus' content=\"https:\/\/schema.org\/EventScheduled\" \/><meta itemprop='eventAttendanceMode'   itemscope itemtype=\"https:\/\/schema.org\/OfflineEventAttendanceMode\"\/><div style=\"display:none\" itemprop=\"location\" itemscope itemtype=\"http:\/\/schema.org\/Place\"><span itemprop=\"name\">Stazione a valle Obereggen<\/span><span itemprop=\"address\" itemscope itemtype=\"http:\/\/schema.org\/PostalAddress\"><item itemprop=\"streetAddress\">Via Obereggen, 16, 39050 Nova Ponente BZ<\/item><\/span><\/div><script type=\"application\/ld+json\">{\"@context\": \"http:\/\/schema.org\",\"@type\": \"Event\",\n\t\t\t\t\"@id\": \"event_2840_8\",\n\t\t\t\t\"eventAttendanceMode\":\"https:\/\/schema.org\/OfflineEventAttendanceMode\",\n\t\t\t\t\"eventStatus\":\"https:\/\/schema.org\/EventScheduled\",\n\t\t\t\t\"name\": \"Escursione in montagna al rifugio Torre di Pisa\",\n\t\t\t\t\"url\": \"https:\/\/latemarium.com\/it\/events\/escursione-in-montagna-al-rifugio-torre-di-pisa\/var\/ri-8.l-L1\",\n\t\t\t\t\"startDate\": \"2026-8-27T09:00+0:00\",\n\t\t\t\t\"endDate\": \"2026-8-27T23:59+0:00\",\n\t\t\t\t\"image\":\"https:\/\/latemarium.com\/wp-content\/uploads\/2025\/05\/escursione-torre-di-pisa-obereggen.jpg\", \n\t\t\t\t\"description\":\"<p>Escursione di media difficolt\u00e0 ma impegnativa ad alte altitudini attraverso le rocce delle fantastiche Torri del Latemar.<\/p> <p>Itinerario: Salita con la seggiovia Oberholz (1550-2100 m) \u2013 sentiero n. 18 &#8211; Forcella dei Camosci (2560 m) \u2013 sentiero n. 516 \u2013 rifugio Torre di Pisa (2671 m). Sosta. Discesa sul sentiero n. 516 e n. 22 \u2013 stazione a monte della seggiovia Oberholz \u2013 discesa.<\/p> <p>Partenza: ore 09.00 a Obereggen<br \/> Ritorno: ore 16.00<br \/> Durata: 7 h | Tempo di cammino: 6 h<br \/> Dislivello: 750 m<br \/> Difficolt\u00e0: difficile<br \/> Requisiti necessari: sicurezza nel muoversi in ambiente montano, nessun problema di vertigini | con ristoro<br \/> Seggiovia: 21,50 \u20ac\/adulto, 17,50 \u20ac\/junior fino a 16<\/p> \",\"location\":[{\"@type\":\"Place\",\"name\":\"Stazione a valle Obereggen\",\"address\":{\"@type\": \"PostalAddress\",\"streetAddress\":\"Via Obereggen, 16, 39050 Nova Ponente BZ\"}}]}<\/script><\/div>\r\n\t\t\t\t<p class=\"desc_trig_outter\" style=\"\"><a data-gmtrig=\"1\" data-exlk=\"0\" style=\"background-color: #38823b;\" id=\"evc_17878140002840\" class=\"hasFtIMG event_repeat desc_trig sin_val evcal_list_a\" data-ux_val=\"3\" data-ux_val_mob=\"-\"  ><span class='evoet_c1 evoet_cx '><span class='ev_ftImg' data-img='https:\/\/latemarium.com\/wp-content\/uploads\/2025\/05\/escursione-torre-di-pisa-obereggen.jpg' data-thumb='https:\/\/latemarium.com\/wp-content\/uploads\/2025\/05\/escursione-torre-di-pisa-obereggen-300x182.jpg' style='background-image:url(\"https:\/\/latemarium.com\/wp-content\/uploads\/2025\/05\/escursione-torre-di-pisa-obereggen-300x182.jpg\")' ><\/span><\/span><span class='evoet_c2 evoet_cx '><span class='evoet_dayblock evcal_cblock ' data-bgcolor='#38823b' data-smon='agosto' data-syr='2026' data-bub=''><span class='evo_start '><em class='date'>27<\/em><em class='month'>ago<\/em><em class='time'>09:00<\/em><\/span><\/span><\/span><span class='evoet_c3 evoet_cx evcal_desc hide_eventtopdata '><span class='evoet_title evcal_desc2 evcal_event_title ' itemprop='name'>Escursione in montagna al rifugio Torre di Pisa<\/span><span class='event_location_attrs'  data-location_address=\"Via Obereggen, 16, 39050 Nova Ponente BZ\" data-location_type=\"lonlat\" data-location_name=\"Stazione a valle Obereggen\" data-location_url=\"https:\/\/latemarium.com\/it\/event-location\/stazione-a-valle-obereggen\/\" data-location_status=\"true\" data-latlng=\"46.3835808246333,11.52667595881786\"><\/span><span class='evoet_subtitle evo_below_title' ><span class='evcal_event_subtitle ' >escursione guidata<\/span><\/span><span class='evoet_time_expand level_3'><em class='evcal_time evo_tz_time'><i class='fa fa-clock-o'><\/i>09:00<span class='evo_tz marl5'>(GMT+02:00)<\/span><\/em> <\/span><span class='evoet_location level_3'><em class=\"evcal_location\"  data-latlng=\"46.3835808246333,11.52667595881786\" data-add_str=\"Via Obereggen, 16, 39050 Nova Ponente BZ\" data-n=\"Stazione a valle Obereggen\"><i class=\"fa fa-location-pin\"><\/i><em class=\"event_location_name\">Stazione a valle Obereggen<\/em>, Via Obereggen, 16, 39050 Nova Ponente BZ<\/em><\/span><\/span><span class='evoet_data' data-d=\"{&quot;loc.n&quot;:&quot;Stazione a valle Obereggen&quot;,&quot;orgs&quot;:[],&quot;tags&quot;:{&quot;repeating&quot;:&quot;Repeating Event&quot;}}\" data-bgc=\"#38823b\" data-bggrad=\"\" ><\/span><\/a><\/p><div class='event_description evcal_eventcard ' style=\"display:none\"><div class='evocard_row'><div id='event_ftimage' class='evocard_box ftimage' data-c='' \n\t\t\t\t\tstyle=''><div class='evocard_main_image_hold' data-t='Loading Image..'><div class='evocard_main_image evo_img_triglb evobr15 evobgsc evobgpc evodfx evofx_jc_c evofx_ai_c evofz48 minmized' style='height:300px; background-image:url();' data-f=\"https:\/\/latemarium.com\/wp-content\/uploads\/2025\/05\/escursione-torre-di-pisa-obereggen.jpg\" data-h=\"755\" data-w=\"1245\" data-ratio=\"0.60642570281124\" data-event_id=\"2840\" data-ri=\"8\"  data-t='Loading Image..'><span style='height:300px; background-image:url(https:\/\/latemarium.com\/wp-content\/uploads\/2025\/05\/escursione-torre-di-pisa-obereggen.jpg)'><\/span><\/div><\/div><\/div><\/div><div class='evocard_row'><div id='event_eventdetails' class='evocard_box eventdetails' data-c='' \n\t\t\t\t\tstyle=''><div class='evo_metarow_details evorow evcal_evdata_row evcal_event_details'>\n\t\t<div class=\"event_excerpt\" style=\"display:none\"><h3 class=\"padb5 evo_h3\">Dettagli dell&#039;evento<\/h3><p>Escursione di media difficolt\u00e0 ma impegnativa ad alte altitudini attraverso le rocce delle fantastiche Torri del Latemar.\nItinerario: Salita con la seggiovia Oberholz (1550-2100 m) \u2013 sentiero n. 18 &#8211; Forcella<\/p><\/div><span class='evcal_evdata_icons'><i class='fa fa-align-justify'><\/i><\/span>\n\t\t\n\t\t<div class='evcal_evdata_cell shorter_desc'>\n\t\t\t<div class='eventon_full_description'>\n\t\t\t\t<h3 class='padb5 evo_h3'><span class='evcal_evdata_icons'><i class='fa fa-align-justify'><\/i><\/span>Dettagli dell&#039;evento<\/h3>\n\t\t\t\t<div class='eventon_desc_in' itemprop='description'>\n\t\t\t\t<p>Escursione di media difficolt\u00e0 ma impegnativa ad alte altitudini attraverso le rocce delle fantastiche Torri del Latemar.<\/p>\n<p>Itinerario: Salita con la seggiovia Oberholz (1550-2100 m) \u2013 sentiero n. 18 &#8211; Forcella dei Camosci (2560 m) \u2013 sentiero n. 516 \u2013 rifugio Torre di Pisa (2671 m). Sosta. Discesa sul sentiero n. 516 e n. 22 \u2013 stazione a monte della seggiovia Oberholz \u2013 discesa.<\/p>\n<p>Partenza: ore 09.00 a Obereggen<br \/>\nRitorno: ore 16.00<br \/>\nDurata: 7 h | Tempo di cammino: 6 h<br \/>\nDislivello: 750 m<br \/>\nDifficolt\u00e0: difficile<br \/>\nRequisiti necessari: sicurezza nel muoversi in ambiente montano, nessun problema di vertigini | con ristoro<br \/>\nSeggiovia: 21,50 \u20ac\/adulto, 17,50 \u20ac\/junior fino a 16<\/p>\n<\/div><p class='eventon_shad_p' style='padding:5px 0 0; margin:0'>\n\t\t\t<span class='evcal_btn evo_btn_secondary evobtn_details_show_more' content='less'>\n\t\t\t\t<span class='ev_more_text' data-txt='Meno'>Pi\u00f9<\/span><span class='ev_more_arrow ard'><\/span>\n\t\t\t<\/span>\n\t\t<\/p><div class='clear'><\/div>\n\t\t\t<\/div>\n\t\t<\/div>\n\t<\/div><\/div><\/div><div class='evocard_row bx2 bx'><div id='event_time' class='evocard_box time' data-c='' \n\t\t\t\t\tstyle=''><div class='evo_metarow_time evorow evcal_evdata_row evcal_evrow_sm '>\n\t\t<span class='evcal_evdata_icons'><i class='fa fa-clock'><\/i><\/span>\n\t\t<div class='evcal_evdata_cell'>\t\t\t\t\t\t\t\n\t\t\t<h3 class='evo_h3'><span class='evcal_evdata_icons'><i class='fa fa-clock'><\/i><\/span>Orario<\/h3><p><span class='evo_eventcard_time_t'>27 agosto 2026 09:00<\/span><span class='evo_tz marr5'>(GMT+02:00)<\/span><\/p>\n\t\t<\/div>\n\t<\/div><\/div><div id='event_location' class='evocard_box location' data-c='' \n\t\t\t\t\tstyle=''><div class='evcal_evdata_row evo_metarow_time_location evorow '>\n\t\t\n\t\t\t<span class='evcal_evdata_icons'><i class='fa fa-map-marker'><\/i><\/span>\n\t\t\t<div class='evcal_evdata_cell' data-loc_tax_id='22'><h3 class='evo_h3 evodfx'><span class='evcal_evdata_icons'><i class='fa fa-map-marker'><\/i><\/span>Luogo<\/h3><p class='evo_location_name'>Stazione a valle Obereggen<\/p><p class='evo_location_address evodfxi evogap10'>Via Obereggen, 16, 39050 Nova Ponente BZ<\/p><div class='padt10'><span class='evo_btn_arr evolb_trigger' data-lbvals=\"{&quot;lbc&quot;:&quot;evo_location_lb_22&quot;,&quot;lbac&quot;:&quot;lb_max&quot;,&quot;t&quot;:&quot;Stazione a valle Obereggen&quot;,&quot;ajax&quot;:&quot;yes&quot;,&quot;ajax_type&quot;:&quot;endpoint&quot;,&quot;ajax_action&quot;:&quot;eventon_get_tax_card_content&quot;,&quot;end&quot;:&quot;client&quot;,&quot;d&quot;:{&quot;lang&quot;:&quot;L1&quot;,&quot;term_id&quot;:22,&quot;tax&quot;:&quot;event_location&quot;,&quot;load_lbcontent&quot;:true},&quot;uid&quot;:&quot;eventon_get_tax_card_content&quot;}\" >Other Events<i class='fa fa-chevron-right'><\/i><\/span><\/div><\/div>\n\t\t\n\t<\/div><\/div><\/div><div class='evocard_row bx2 bx'><div id='event_learnmore' class='evocard_box learnmore' data-c='' \n\t\t\t\t\tstyle=''><div class='evo_metarow_learnM evo_metarow_learnmore evorow'>\n\t\t\t\t\t\t\t<a class='evcal_evdata_row evo_clik_row ' href='https:\/\/eggental.com\/it\/eventi\/escursione-in-montagna-al-rifugio-torre-di-pisa_11602' target=\"_blank\">\n\t\t\t\t\t\t\t\t<span class='evcal_evdata_icons'><i class='fa fa-link'><\/i><\/span>\n\t\t\t\t\t\t\t\t<h3 class='evo_h3'>Scopri di pi\u00f9<\/h3>\n\t\t\t\t\t\t\t<\/a>\n\t\t\t\t\t\t\t<\/div><\/div><div id='event_addtocal' class='evocard_box addtocal' data-c='' \n\t\t\t\t\tstyle=''><div class='evo_metarow_ICS evorow evcal_evdata_row'>\n\t\t\t<span class='evcal_evdata_icons'><i class='fa fa-calendar-o'><\/i><\/span>\n\t\t\t<div class='evcal_evdata_cell'>\n\t\t\t\t<p><a href='https:\/\/latemarium.com\/it\/export-events\/2840_8\/?nonce=a3263097f9' class='evo_ics_nCal' title='Aggiungi al tuo calendario'>Calendario<\/a><a href='https:\/\/www.google.com\/calendar\/event?action=TEMPLATE&text=Escursione+in+montagna+al+rifugio+Torre+di+Pisa&dates=20260827T070000Z%2F20260827T215900Z&ctz=Europe%2FRome&details=Escursione in montagna al rifugio Torre di Pisa&location=Stazione+a+valle+Obereggen+Via+Obereggen%2C+16%2C+39050+Nova+Ponente+BZ' target='_blank' class='evo_ics_gCal' title='Aggiungi al calendario di Google'>GoogleCal<\/a><\/p>\t\n\t\t\t<\/div>\n\t\t<\/div><\/div><\/div><div class='evocard_row'><div id='event_getdirection' class='evocard_box getdirection' data-c='' \n\t\t\t\t\tstyle=''><div class='evo_metarow_getDr evorow evcal_evdata_row evcal_evrow_sm getdirections'>\n\t\t<form action='https:\/\/maps.google.com\/maps' method='get' target='_blank'>\n\t\t\t<input type='hidden' name='daddr' value=\"46.3835808246333,11.52667595881786\"\/> \n\t\t\t<div class='evo_get_direction_content evo_fx_dr_r evogap10'>\n\t\t\t\t<span class='evogetdir_header evodfx evofx_dr_r evofx_ai_c marr10'>\n\t\t\t\t\t<i class='mainicon fa fa-road'><\/i> \n\t\t\t\t\t<h3 class='evo_h3' style='padding-bottom:5px;'>Ottieni indicazioni stradali<\/h3>\n\t\t\t\t<\/span>\n\t\t\t\t<span class='evogetdir_field evodfx evofx_1_1 evo_fx_dr_c evow100p'>\t\t\t\t\t\n\t\t\t\t\t<input class='evoInput evotac' type='text' name='saddr' placeholder='Digitare l&#039;indirizzo per ottenere le indicazioni stradali' value='' style='margin:10px 0;'\/>\n\t\t\t\t<\/span>\n\t\t\t\t<button type='submit' class='evo_get_direction_button evo_btn_arr_circ dfx fx_ai_c' title='Fare clic qui per ottenere indicazioni'><i class='fa fa-chevron-right'><\/i> <\/button>\n\t\t\t<\/div>\n\t\t<\/form>\n\t<\/div><\/div><\/div><div class='evo_card_row_end evcal_close' title='Testo del pulsante Chiudi evento'><\/div><\/div><div class='clear end'><\/div><\/div><div id=\"event_2196_9\" class=\"eventon_list_event evo_eventtop scheduled  event clrW event_2196_9\" data-event_id=\"2196\" data-ri=\"9r\" data-time=\"1787842800-1787850900\" data-colr=\"#f78234\" itemscope itemtype='http:\/\/schema.org\/Event'><div class=\"evo_event_schema\" style=\"display:none\" ><a itemprop='url'  href='https:\/\/latemarium.com\/it\/events\/pilyoga\/var\/ri-9.l-L1'><\/a><meta itemprop='image' content=\"https:\/\/latemarium.com\/wp-content\/uploads\/2023\/06\/pilyoga.jpg\" \/><meta itemprop='startDate' content=\"2026-8-27T17:00+0:00\" \/><meta itemprop='endDate' content=\"2026-8-27T19:15+0:00\" \/><meta itemprop='eventStatus' content=\"https:\/\/schema.org\/EventScheduled\" \/><meta itemprop='eventAttendanceMode'   itemscope itemtype=\"https:\/\/schema.org\/OfflineEventAttendanceMode\"\/><div style=\"display:none\" itemprop=\"location\" itemscope itemtype=\"http:\/\/schema.org\/Place\"><span itemprop=\"name\">Pampeago<\/span><span itemprop=\"address\" itemscope itemtype=\"http:\/\/schema.org\/PostalAddress\"><item itemprop=\"streetAddress\">Localit\u00e0 Pampeago, 8, 38038 Tesero TN<\/item><\/span><\/div><script type=\"application\/ld+json\">{\"@context\": \"http:\/\/schema.org\",\"@type\": \"Event\",\n\t\t\t\t\"@id\": \"event_2196_9\",\n\t\t\t\t\"eventAttendanceMode\":\"https:\/\/schema.org\/OfflineEventAttendanceMode\",\n\t\t\t\t\"eventStatus\":\"https:\/\/schema.org\/EventScheduled\",\n\t\t\t\t\"name\": \"PilYoga\",\n\t\t\t\t\"url\": \"https:\/\/latemarium.com\/it\/events\/pilyoga\/var\/ri-9.l-L1\",\n\t\t\t\t\"startDate\": \"2026-8-27T17:00+0:00\",\n\t\t\t\t\"endDate\": \"2026-8-27T19:15+0:00\",\n\t\t\t\t\"image\":\"https:\/\/latemarium.com\/wp-content\/uploads\/2023\/06\/pilyoga.jpg\", \n\t\t\t\t\"description\":\"<p><strong>Ogni gioved\u00ec dal 25 giugno al 3 settembre 2026<\/strong><\/p> <p>Ritrovo e partenza alle 17.00 con l&#8217;insegnate Elisa (presso biglietteria impianti)<br \/> Durata: dalle 17.00 alle 19.15, attivit\u00e0 rivolta ai &gt; 14 anni.<\/p> <p>Raggiungerete il luogo della lezione con la seggiovia Agnello e dopo una breve passeggiata vi potrete rilassare e liberare la mente a diretto contatto con la natura. La pratica del PilYoga in quota permette la piena armonia con l\u2019ambiente circostante, lontano da tutti i rumori della vita quotidiana. Appena finirete la lezione, vi attender\u00e0 un piccolo aperitivo allo Chalet Caserina per poi riscendere a piedi con una breve passeggiata.<\/p> <p>Da portare con s\u00e9 un tappetino o stuoia o asciugamano.<br \/> <em>Attivit\u00e0 NON prevista in caso di pioggia.<\/em><\/p> <p>Prenotazione obbligatoria. Clicca <a href='https:\/\/www.visitfiemme.it\/it\/eventi\/fiemme-cembra-guest-card\/esperienze\/esperienze-in-estate' target='_blank' rel='noopener'>qui<\/a>\u00a0per prenotare.<\/p> \",\"location\":[{\"@type\":\"Place\",\"name\":\"Pampeago\",\"address\":{\"@type\": \"PostalAddress\",\"streetAddress\":\"Localit\u00e0 Pampeago, 8, 38038 Tesero TN\"}}]}<\/script><\/div>\r\n\t\t\t\t<p class=\"desc_trig_outter\" style=\"\"><a data-gmtrig=\"1\" data-exlk=\"0\" style=\"background-color: #f78234;\" id=\"evc_17878428002196\" class=\"hasFtIMG event_repeat desc_trig sin_val evcal_list_a\" data-ux_val=\"3\" data-ux_val_mob=\"-\"  ><span class='evoet_c1 evoet_cx '><span class='ev_ftImg' data-img='https:\/\/latemarium.com\/wp-content\/uploads\/2023\/06\/pilyoga.jpg' data-thumb='https:\/\/latemarium.com\/wp-content\/uploads\/2023\/06\/pilyoga-300x169.jpg' style='background-image:url(\"https:\/\/latemarium.com\/wp-content\/uploads\/2023\/06\/pilyoga-300x169.jpg\")' ><\/span><\/span><span class='evoet_c2 evoet_cx '><span class='evoet_dayblock evcal_cblock ' data-bgcolor='#f78234' data-smon='agosto' data-syr='2026' data-bub=''><span class='evo_start '><em class='date'>27<\/em><em class='month'>ago<\/em><em class='time'>17:00<\/em><\/span><span class='evo_end only_time'><em class='time'>19:15<\/em><\/span><\/span><\/span><span class='evoet_c3 evoet_cx evcal_desc hide_eventtopdata '><span class='evoet_title evcal_desc2 evcal_event_title ' itemprop='name'>PilYoga<\/span><span class='event_location_attrs'  data-location_address=\"Localit\u00e0 Pampeago, 8, 38038 Tesero TN\" data-location_type=\"lonlat\" data-location_name=\"Pampeago\" data-location_url=\"https:\/\/latemarium.com\/it\/event-location\/pampeago\/\" data-location_status=\"true\" data-latlng=\"46.34343697644898,11.540997527961546\"><\/span><span class='evoet_subtitle evo_below_title' ><span class='evcal_event_subtitle ' >Pilyoga tra le opere di Respirart<\/span><\/span><span class='evoet_time_expand level_3'><em class='evcal_time evo_tz_time'><i class='fa fa-clock-o'><\/i>17:00 - 19:15<span class='evo_tz marl5'>(GMT+02:00)<\/span><\/em> <\/span><span class='evoet_location level_3'><em class=\"evcal_location\"  data-latlng=\"46.34343697644898,11.540997527961546\" data-add_str=\"Localit\u00e0 Pampeago, 8, 38038 Tesero TN\" data-n=\"Pampeago\"><i class=\"fa fa-location-pin\"><\/i><em class=\"event_location_name\">Pampeago<\/em>, Localit\u00e0 Pampeago, 8, 38038 Tesero TN<\/em><\/span><\/span><span class='evoet_data' data-d=\"{&quot;loc.n&quot;:&quot;Pampeago&quot;,&quot;orgs&quot;:[],&quot;tags&quot;:{&quot;repeating&quot;:&quot;Repeating Event&quot;}}\" data-bgc=\"#f78234\" data-bggrad=\"\" ><\/span><\/a><\/p><div class='event_description evcal_eventcard ' style=\"display:none\"><div class='evocard_row'><div id='event_ftimage' class='evocard_box ftimage' data-c='' \n\t\t\t\t\tstyle=''><div class='evocard_main_image_hold' data-t='Loading Image..'><div class='evocard_main_image evo_img_triglb evobr15 evobgsc evobgpc evodfx evofx_jc_c evofx_ai_c evofz48 minmized' style='height:300px; background-image:url();' data-f=\"https:\/\/latemarium.com\/wp-content\/uploads\/2023\/06\/pilyoga.jpg\" data-h=\"675\" data-w=\"1200\" data-ratio=\"0.5625\" data-event_id=\"2196\" data-ri=\"9\"  data-t='Loading Image..'><span style='height:300px; background-image:url(https:\/\/latemarium.com\/wp-content\/uploads\/2023\/06\/pilyoga.jpg)'><\/span><\/div><\/div><\/div><\/div><div class='evocard_row'><div id='event_eventdetails' class='evocard_box eventdetails' data-c='' \n\t\t\t\t\tstyle=''><div class='evo_metarow_details evorow evcal_evdata_row evcal_event_details'>\n\t\t<div class=\"event_excerpt\" style=\"display:none\"><h3 class=\"padb5 evo_h3\">Dettagli dell&#039;evento<\/h3><p>Ogni gioved\u00ec dal 25 giugno al 3 settembre 2026\nRitrovo e partenza alle 17.00 con l&#8217;insegnate Elisa (presso biglietteria impianti)\nDurata: dalle 17.00 alle 19.15, attivit\u00e0 rivolta ai &gt; 14 anni.\nRaggiungerete<\/p><\/div><span class='evcal_evdata_icons'><i class='fa fa-align-justify'><\/i><\/span>\n\t\t\n\t\t<div class='evcal_evdata_cell shorter_desc'>\n\t\t\t<div class='eventon_full_description'>\n\t\t\t\t<h3 class='padb5 evo_h3'><span class='evcal_evdata_icons'><i class='fa fa-align-justify'><\/i><\/span>Dettagli dell&#039;evento<\/h3>\n\t\t\t\t<div class='eventon_desc_in' itemprop='description'>\n\t\t\t\t<p><strong>Ogni gioved\u00ec dal 25 giugno al 3 settembre 2026<\/strong><\/p>\n<p>Ritrovo e partenza alle 17.00 con l&#8217;insegnate Elisa (presso biglietteria impianti)<br \/>\nDurata: dalle 17.00 alle 19.15, attivit\u00e0 rivolta ai &gt; 14 anni.<\/p>\n<p>Raggiungerete il luogo della lezione con la seggiovia Agnello e dopo una breve passeggiata vi potrete rilassare e liberare la mente a diretto contatto con la natura. La pratica del PilYoga in quota permette la piena armonia con l\u2019ambiente circostante, lontano da tutti i rumori della vita quotidiana. Appena finirete la lezione, vi attender\u00e0 un piccolo aperitivo allo Chalet Caserina per poi riscendere a piedi con una breve passeggiata.<\/p>\n<p>Da portare con s\u00e9 un tappetino o stuoia o asciugamano.<br \/>\n<em>Attivit\u00e0 NON prevista in caso di pioggia.<\/em><\/p>\n<p>Prenotazione obbligatoria. Clicca <a href=\"https:\/\/www.visitfiemme.it\/it\/eventi\/fiemme-cembra-guest-card\/esperienze\/esperienze-in-estate\" target=\"_blank\" rel=\"noopener\">qui<\/a>\u00a0per prenotare.<\/p>\n<\/div><p class='eventon_shad_p' style='padding:5px 0 0; margin:0'>\n\t\t\t<span class='evcal_btn evo_btn_secondary evobtn_details_show_more' content='less'>\n\t\t\t\t<span class='ev_more_text' data-txt='Meno'>Pi\u00f9<\/span><span class='ev_more_arrow ard'><\/span>\n\t\t\t<\/span>\n\t\t<\/p><div class='clear'><\/div>\n\t\t\t<\/div>\n\t\t<\/div>\n\t<\/div><\/div><\/div><div class='evocard_row bx2 bx'><div id='event_time' class='evocard_box time' data-c='' \n\t\t\t\t\tstyle=''><div class='evo_metarow_time evorow evcal_evdata_row evcal_evrow_sm '>\n\t\t<span class='evcal_evdata_icons'><i class='fa fa-clock'><\/i><\/span>\n\t\t<div class='evcal_evdata_cell'>\t\t\t\t\t\t\t\n\t\t\t<h3 class='evo_h3'><span class='evcal_evdata_icons'><i class='fa fa-clock'><\/i><\/span>Orario<\/h3><p><span class='evo_eventcard_time_t'>27 agosto 2026 17:00 - 19:15<\/span><span class='evo_tz marr5'>(GMT+02:00)<\/span><\/p>\n\t\t<\/div>\n\t<\/div><\/div><div id='event_location' class='evocard_box location' data-c='' \n\t\t\t\t\tstyle=''><div class='evcal_evdata_row evo_metarow_time_location evorow '>\n\t\t\n\t\t\t<span class='evcal_evdata_icons'><i class='fa fa-map-marker'><\/i><\/span>\n\t\t\t<div class='evcal_evdata_cell' data-loc_tax_id='30'><h3 class='evo_h3 evodfx'><span class='evcal_evdata_icons'><i class='fa fa-map-marker'><\/i><\/span>Luogo<\/h3><p class='evo_location_name'>Pampeago<\/p><p class='evo_location_address evodfxi evogap10'>Localit\u00e0 Pampeago, 8, 38038 Tesero TN<\/p><div class='padt10'><span class='evo_btn_arr evolb_trigger' data-lbvals=\"{&quot;lbc&quot;:&quot;evo_location_lb_30&quot;,&quot;lbac&quot;:&quot;lb_max&quot;,&quot;t&quot;:&quot;Pampeago&quot;,&quot;ajax&quot;:&quot;yes&quot;,&quot;ajax_type&quot;:&quot;endpoint&quot;,&quot;ajax_action&quot;:&quot;eventon_get_tax_card_content&quot;,&quot;end&quot;:&quot;client&quot;,&quot;d&quot;:{&quot;lang&quot;:&quot;L1&quot;,&quot;term_id&quot;:30,&quot;tax&quot;:&quot;event_location&quot;,&quot;load_lbcontent&quot;:true},&quot;uid&quot;:&quot;eventon_get_tax_card_content&quot;}\" >Other Events<i class='fa fa-chevron-right'><\/i><\/span><\/div><\/div>\n\t\t\n\t<\/div><\/div><\/div><div class='evocard_row'><div id='event_addtocal' class='evocard_box addtocal' data-c='' \n\t\t\t\t\tstyle=''><div class='evo_metarow_ICS evorow evcal_evdata_row'>\n\t\t\t<span class='evcal_evdata_icons'><i class='fa fa-calendar-o'><\/i><\/span>\n\t\t\t<div class='evcal_evdata_cell'>\n\t\t\t\t<p><a href='https:\/\/latemarium.com\/it\/export-events\/2196_9\/?nonce=a3263097f9' class='evo_ics_nCal' title='Aggiungi al tuo calendario'>Calendario<\/a><a href='https:\/\/www.google.com\/calendar\/event?action=TEMPLATE&text=PilYoga&dates=20260827T150000Z%2F20260827T171500Z&ctz=Europe%2FRome&details=PilYoga&location=Pampeago+Localit%C3%A0+Pampeago%2C+8%2C+38038+Tesero+TN' target='_blank' class='evo_ics_gCal' title='Aggiungi al calendario di Google'>GoogleCal<\/a><\/p>\t\n\t\t\t<\/div>\n\t\t<\/div><\/div><\/div><div class='evocard_row'><div id='event_getdirection' class='evocard_box getdirection' data-c='' \n\t\t\t\t\tstyle=''><div class='evo_metarow_getDr evorow evcal_evdata_row evcal_evrow_sm getdirections'>\n\t\t<form action='https:\/\/maps.google.com\/maps' method='get' target='_blank'>\n\t\t\t<input type='hidden' name='daddr' value=\"46.34343697644898,11.540997527961546\"\/> \n\t\t\t<div class='evo_get_direction_content evo_fx_dr_r evogap10'>\n\t\t\t\t<span class='evogetdir_header evodfx evofx_dr_r evofx_ai_c marr10'>\n\t\t\t\t\t<i class='mainicon fa fa-road'><\/i> \n\t\t\t\t\t<h3 class='evo_h3' style='padding-bottom:5px;'>Ottieni indicazioni stradali<\/h3>\n\t\t\t\t<\/span>\n\t\t\t\t<span class='evogetdir_field evodfx evofx_1_1 evo_fx_dr_c evow100p'>\t\t\t\t\t\n\t\t\t\t\t<input class='evoInput evotac' type='text' name='saddr' placeholder='Digitare l&#039;indirizzo per ottenere le indicazioni stradali' value='' style='margin:10px 0;'\/>\n\t\t\t\t<\/span>\n\t\t\t\t<button type='submit' class='evo_get_direction_button evo_btn_arr_circ dfx fx_ai_c' title='Fare clic qui per ottenere indicazioni'><i class='fa fa-chevron-right'><\/i> <\/button>\n\t\t\t<\/div>\n\t\t<\/form>\n\t<\/div><\/div><\/div><div class='evo_card_row_end evcal_close' title='Testo del pulsante Chiudi evento'><\/div><\/div><div class='clear end'><\/div><\/div><div id=\"event_2201_9\" class=\"eventon_list_event evo_eventtop scheduled  event clrD no_et event_2201_9\" data-event_id=\"2201\" data-ri=\"9r\" data-time=\"1787843700-1787867940\" data-colr=\"#ba181d\" itemscope itemtype='http:\/\/schema.org\/Event'><div class=\"evo_event_schema\" style=\"display:none\" ><a itemprop='url'  href='https:\/\/latemarium.com\/it\/events\/e-bike-tour-ai-piedi-del-latemar\/var\/ri-9.l-L1'><\/a><meta itemprop='image' content=\"https:\/\/latemarium.com\/wp-content\/uploads\/2023\/06\/e-bike-tour.jpg\" \/><meta itemprop='startDate' content=\"2026-8-27T17:15+0:00\" \/><meta itemprop='endDate' content=\"2026-8-27T23:59+0:00\" \/><meta itemprop='eventStatus' content=\"https:\/\/schema.org\/EventScheduled\" \/><meta itemprop='eventAttendanceMode'   itemscope itemtype=\"https:\/\/schema.org\/OfflineEventAttendanceMode\"\/><div style=\"display:none\" itemprop=\"location\" itemscope itemtype=\"http:\/\/schema.org\/Place\"><span itemprop=\"name\">Pampeago<\/span><span itemprop=\"address\" itemscope itemtype=\"http:\/\/schema.org\/PostalAddress\"><item itemprop=\"streetAddress\">Localit\u00e0 Pampeago, 8, 38038 Tesero TN<\/item><\/span><\/div><script type=\"application\/ld+json\">{\"@context\": \"http:\/\/schema.org\",\"@type\": \"Event\",\n\t\t\t\t\"@id\": \"event_2201_9\",\n\t\t\t\t\"eventAttendanceMode\":\"https:\/\/schema.org\/OfflineEventAttendanceMode\",\n\t\t\t\t\"eventStatus\":\"https:\/\/schema.org\/EventScheduled\",\n\t\t\t\t\"name\": \"E-Bike Tour ai piedi del Latemar\",\n\t\t\t\t\"url\": \"https:\/\/latemarium.com\/it\/events\/e-bike-tour-ai-piedi-del-latemar\/var\/ri-9.l-L1\",\n\t\t\t\t\"startDate\": \"2026-8-27T17:15+0:00\",\n\t\t\t\t\"endDate\": \"2026-8-27T23:59+0:00\",\n\t\t\t\t\"image\":\"https:\/\/latemarium.com\/wp-content\/uploads\/2023\/06\/e-bike-tour.jpg\", \n\t\t\t\t\"description\":\"<p><strong>Ogni gioved\u00ec dal 25 giugno al 3 settembre 2026<\/strong><\/p> <p>Ritrovo con la guida Andrea alle 17.15 a Pampeago (presso biglietteria impianti)<br \/> Durata:\u00a0dalle 17.15 alle 19.15<br \/> Max 8 persone. +16 anni.<\/p> <p class='p1'><span class='s1'>Per gli appassionati di e-bike, con un livello intermedio, abbiamo pensato ad un tour alla scoperta del Latemar con vista mozzafiato sulle aree circostanti. Sar\u00e0 un itinerario piacevole e grazie alla pedalata assistita potrete affrontare con facilit\u00e0 il dislivello che vi porter\u00e0 in localit\u00e0 Tresca. \u00c8 il momento della giornata perfetto: la montagna si svuota, potrete apprezzare il silenzio della natura e godere dei colori della \u201cgolden hour\u201d. Terminato il giro vi attender\u00e0 un piccolo aperitivo allo Chalet Caserina.<br \/> Potrete noleggiare la e-bike in loco, al negozio Sport Ventura di Pampeago.<br \/> <\/span><\/p> <p class='p1'><em><span class='s1'>Attivit\u00e0 non prevista in caso di pioggia.<\/span><\/em><\/p> <p>Prenotazione obbligatoria. Clicca\u00a0<a href='https:\/\/www.visitfiemme.it\/it\/eventi\/fiemme-cembra-guest-card\/esperienze\/esperienze-in-estate?re-product-id=251796' target='_blank' rel='noopener'>qui<\/a>.<\/p> \",\"location\":[{\"@type\":\"Place\",\"name\":\"Pampeago\",\"address\":{\"@type\": \"PostalAddress\",\"streetAddress\":\"Localit\u00e0 Pampeago, 8, 38038 Tesero TN\"}}]}<\/script><\/div>\r\n\t\t\t\t<p class=\"desc_trig_outter\" style=\"\"><a data-gmtrig=\"1\" data-exlk=\"0\" style=\"background-color: #ba181d;\" id=\"evc_17878437002201\" class=\"hasFtIMG event_repeat desc_trig sin_val evcal_list_a\" data-ux_val=\"3\" data-ux_val_mob=\"-\"  ><span class='evoet_c1 evoet_cx '><span class='ev_ftImg' data-img='https:\/\/latemarium.com\/wp-content\/uploads\/2023\/06\/e-bike-tour.jpg' data-thumb='https:\/\/latemarium.com\/wp-content\/uploads\/2023\/06\/e-bike-tour-300x169.jpg' style='background-image:url(\"https:\/\/latemarium.com\/wp-content\/uploads\/2023\/06\/e-bike-tour-300x169.jpg\")' ><\/span><\/span><span class='evoet_c2 evoet_cx '><span class='evoet_dayblock evcal_cblock ' data-bgcolor='#ba181d' data-smon='agosto' data-syr='2026' data-bub=''><span class='evo_start '><em class='date'>27<\/em><em class='month'>ago<\/em><em class='time'>17:15<\/em><\/span><\/span><\/span><span class='evoet_c3 evoet_cx evcal_desc hide_eventtopdata '><span class='evoet_title evcal_desc2 evcal_event_title ' itemprop='name'>E-Bike Tour ai piedi del Latemar<\/span><span class='event_location_attrs'  data-location_address=\"Localit\u00e0 Pampeago, 8, 38038 Tesero TN\" data-location_type=\"lonlat\" data-location_name=\"Pampeago\" data-location_url=\"https:\/\/latemarium.com\/it\/event-location\/pampeago\/\" data-location_status=\"true\" data-latlng=\"46.34343697644898,11.540997527961546\"><\/span><span class='evoet_subtitle evo_below_title' ><span class='evcal_event_subtitle ' >Per gli appassionati di e-bike<\/span><\/span><span class='evoet_time_expand level_3'><em class='evcal_time evo_tz_time'><i class='fa fa-clock-o'><\/i>17:15<span class='evo_tz marl5'>(GMT+02:00)<\/span><\/em> <\/span><span class='evoet_location level_3'><em class=\"evcal_location\"  data-latlng=\"46.34343697644898,11.540997527961546\" data-add_str=\"Localit\u00e0 Pampeago, 8, 38038 Tesero TN\" data-n=\"Pampeago\"><i class=\"fa fa-location-pin\"><\/i><em class=\"event_location_name\">Pampeago<\/em>, Localit\u00e0 Pampeago, 8, 38038 Tesero TN<\/em><\/span><\/span><span class='evoet_data' data-d=\"{&quot;loc.n&quot;:&quot;Pampeago&quot;,&quot;orgs&quot;:[],&quot;tags&quot;:{&quot;repeating&quot;:&quot;Repeating Event&quot;}}\" data-bgc=\"#ba181d\" data-bggrad=\"\" ><\/span><\/a><\/p><div class='event_description evcal_eventcard ' style=\"display:none\"><div class='evocard_row'><div id='event_ftimage' class='evocard_box ftimage' data-c='' \n\t\t\t\t\tstyle=''><div class='evocard_main_image_hold' data-t='Loading Image..'><div class='evocard_main_image evo_img_triglb evobr15 evobgsc evobgpc evodfx evofx_jc_c evofx_ai_c evofz48 minmized' style='height:300px; background-image:url();' data-f=\"https:\/\/latemarium.com\/wp-content\/uploads\/2023\/06\/e-bike-tour.jpg\" data-h=\"675\" data-w=\"1200\" data-ratio=\"0.5625\" data-event_id=\"2201\" data-ri=\"9\"  data-t='Loading Image..'><span style='height:300px; background-image:url(https:\/\/latemarium.com\/wp-content\/uploads\/2023\/06\/e-bike-tour.jpg)'><\/span><\/div><\/div><\/div><\/div><div class='evocard_row'><div id='event_eventdetails' class='evocard_box eventdetails' data-c='' \n\t\t\t\t\tstyle=''><div class='evo_metarow_details evorow evcal_evdata_row evcal_event_details'>\n\t\t<div class=\"event_excerpt\" style=\"display:none\"><h3 class=\"padb5 evo_h3\">Dettagli dell&#039;evento<\/h3><p>Ogni gioved\u00ec dal 25 giugno al 3 settembre 2026\nRitrovo con la guida Andrea alle 17.15 a Pampeago (presso biglietteria impianti)\nDurata:\u00a0dalle 17.15 alle 19.15\nMax 8 persone. +16 anni.<\/p><\/div><span class='evcal_evdata_icons'><i class='fa fa-align-justify'><\/i><\/span>\n\t\t\n\t\t<div class='evcal_evdata_cell shorter_desc'>\n\t\t\t<div class='eventon_full_description'>\n\t\t\t\t<h3 class='padb5 evo_h3'><span class='evcal_evdata_icons'><i class='fa fa-align-justify'><\/i><\/span>Dettagli dell&#039;evento<\/h3>\n\t\t\t\t<div class='eventon_desc_in' itemprop='description'>\n\t\t\t\t<p><strong>Ogni gioved\u00ec dal 25 giugno al 3 settembre 2026<\/strong><\/p>\n<p>Ritrovo con la guida Andrea alle 17.15 a Pampeago (presso biglietteria impianti)<br \/>\nDurata:\u00a0dalle 17.15 alle 19.15<br \/>\nMax 8 persone. +16 anni.<\/p>\n<p class=\"p1\"><span class=\"s1\">Per gli appassionati di e-bike, con un livello intermedio, abbiamo pensato ad un tour alla scoperta del Latemar con vista mozzafiato sulle aree circostanti. Sar\u00e0 un itinerario piacevole e grazie alla pedalata assistita potrete affrontare con facilit\u00e0 il dislivello che vi porter\u00e0 in localit\u00e0 Tresca. \u00c8 il momento della giornata perfetto: la montagna si svuota, potrete apprezzare il silenzio della natura e godere dei colori della \u201cgolden hour\u201d. Terminato il giro vi attender\u00e0 un piccolo aperitivo allo Chalet Caserina.<br \/>\nPotrete noleggiare la e-bike in loco, al negozio Sport Ventura di Pampeago.<br \/>\n<\/span><\/p>\n<p class=\"p1\"><em><span class=\"s1\">Attivit\u00e0 non prevista in caso di pioggia.<\/span><\/em><\/p>\n<p>Prenotazione obbligatoria. Clicca\u00a0<a href=\"https:\/\/www.visitfiemme.it\/it\/eventi\/fiemme-cembra-guest-card\/esperienze\/esperienze-in-estate?re-product-id=251796\" target=\"_blank\" rel=\"noopener\">qui<\/a>.<\/p>\n<\/div><p class='eventon_shad_p' style='padding:5px 0 0; margin:0'>\n\t\t\t<span class='evcal_btn evo_btn_secondary evobtn_details_show_more' content='less'>\n\t\t\t\t<span class='ev_more_text' data-txt='Meno'>Pi\u00f9<\/span><span class='ev_more_arrow ard'><\/span>\n\t\t\t<\/span>\n\t\t<\/p><div class='clear'><\/div>\n\t\t\t<\/div>\n\t\t<\/div>\n\t<\/div><\/div><\/div><div class='evocard_row bx2 bx'><div id='event_time' class='evocard_box time' data-c='' \n\t\t\t\t\tstyle=''><div class='evo_metarow_time evorow evcal_evdata_row evcal_evrow_sm '>\n\t\t<span class='evcal_evdata_icons'><i class='fa fa-clock'><\/i><\/span>\n\t\t<div class='evcal_evdata_cell'>\t\t\t\t\t\t\t\n\t\t\t<h3 class='evo_h3'><span class='evcal_evdata_icons'><i class='fa fa-clock'><\/i><\/span>Orario<\/h3><p><span class='evo_eventcard_time_t'>27 agosto 2026 17:15<\/span><span class='evo_tz marr5'>(GMT+02:00)<\/span><\/p>\n\t\t<\/div>\n\t<\/div><\/div><div id='event_location' class='evocard_box location' data-c='' \n\t\t\t\t\tstyle=''><div class='evcal_evdata_row evo_metarow_time_location evorow '>\n\t\t\n\t\t\t<span class='evcal_evdata_icons'><i class='fa fa-map-marker'><\/i><\/span>\n\t\t\t<div class='evcal_evdata_cell' data-loc_tax_id='30'><h3 class='evo_h3 evodfx'><span class='evcal_evdata_icons'><i class='fa fa-map-marker'><\/i><\/span>Luogo<\/h3><p class='evo_location_name'>Pampeago<\/p><p class='evo_location_address evodfxi evogap10'>Localit\u00e0 Pampeago, 8, 38038 Tesero TN<\/p><div class='padt10'><span class='evo_btn_arr evolb_trigger' data-lbvals=\"{&quot;lbc&quot;:&quot;evo_location_lb_30&quot;,&quot;lbac&quot;:&quot;lb_max&quot;,&quot;t&quot;:&quot;Pampeago&quot;,&quot;ajax&quot;:&quot;yes&quot;,&quot;ajax_type&quot;:&quot;endpoint&quot;,&quot;ajax_action&quot;:&quot;eventon_get_tax_card_content&quot;,&quot;end&quot;:&quot;client&quot;,&quot;d&quot;:{&quot;lang&quot;:&quot;L1&quot;,&quot;term_id&quot;:30,&quot;tax&quot;:&quot;event_location&quot;,&quot;load_lbcontent&quot;:true},&quot;uid&quot;:&quot;eventon_get_tax_card_content&quot;}\" >Other Events<i class='fa fa-chevron-right'><\/i><\/span><\/div><\/div>\n\t\t\n\t<\/div><\/div><\/div><div class='evocard_row'><div id='event_addtocal' class='evocard_box addtocal' data-c='' \n\t\t\t\t\tstyle=''><div class='evo_metarow_ICS evorow evcal_evdata_row'>\n\t\t\t<span class='evcal_evdata_icons'><i class='fa fa-calendar-o'><\/i><\/span>\n\t\t\t<div class='evcal_evdata_cell'>\n\t\t\t\t<p><a href='https:\/\/latemarium.com\/it\/export-events\/2201_9\/?nonce=a3263097f9' class='evo_ics_nCal' title='Aggiungi al tuo calendario'>Calendario<\/a><a href='https:\/\/www.google.com\/calendar\/event?action=TEMPLATE&text=E-Bike+Tour+ai+piedi+del+Latemar&dates=20260827T151500Z%2F20260827T215900Z&ctz=Europe%2FRome&details=E-Bike Tour ai piedi del Latemar&location=Pampeago+Localit%C3%A0+Pampeago%2C+8%2C+38038+Tesero+TN' target='_blank' class='evo_ics_gCal' title='Aggiungi al calendario di Google'>GoogleCal<\/a><\/p>\t\n\t\t\t<\/div>\n\t\t<\/div><\/div><\/div><div class='evocard_row'><div id='event_getdirection' class='evocard_box getdirection' data-c='' \n\t\t\t\t\tstyle=''><div class='evo_metarow_getDr evorow evcal_evdata_row evcal_evrow_sm getdirections'>\n\t\t<form action='https:\/\/maps.google.com\/maps' method='get' target='_blank'>\n\t\t\t<input type='hidden' name='daddr' value=\"46.34343697644898,11.540997527961546\"\/> \n\t\t\t<div class='evo_get_direction_content evo_fx_dr_r evogap10'>\n\t\t\t\t<span class='evogetdir_header evodfx evofx_dr_r evofx_ai_c marr10'>\n\t\t\t\t\t<i class='mainicon fa fa-road'><\/i> \n\t\t\t\t\t<h3 class='evo_h3' style='padding-bottom:5px;'>Ottieni indicazioni stradali<\/h3>\n\t\t\t\t<\/span>\n\t\t\t\t<span class='evogetdir_field evodfx evofx_1_1 evo_fx_dr_c evow100p'>\t\t\t\t\t\n\t\t\t\t\t<input class='evoInput evotac' type='text' name='saddr' placeholder='Digitare l&#039;indirizzo per ottenere le indicazioni stradali' value='' style='margin:10px 0;'\/>\n\t\t\t\t<\/span>\n\t\t\t\t<button type='submit' class='evo_get_direction_button evo_btn_arr_circ dfx fx_ai_c' title='Fare clic qui per ottenere indicazioni'><i class='fa fa-chevron-right'><\/i> <\/button>\n\t\t\t<\/div>\n\t\t<\/form>\n\t<\/div><\/div><\/div><div class='evo_card_row_end evcal_close' title='Testo del pulsante Chiudi evento'><\/div><\/div><div class='clear end'><\/div><\/div><div id=\"event_2493_9\" class=\"eventon_list_event evo_eventtop scheduled  event clrW no_et event_2493_9\" data-event_id=\"2493\" data-ri=\"9r\" data-time=\"1787902200-1787954340\" data-colr=\"#6baeff\" itemscope itemtype='http:\/\/schema.org\/Event'><div class=\"evo_event_schema\" style=\"display:none\" ><a itemprop='url'  href='https:\/\/latemarium.com\/it\/events\/respirart-piccoli-artisti-in-natura\/var\/ri-9.l-L1'><\/a><meta itemprop='image' content=\"https:\/\/latemarium.com\/wp-content\/uploads\/2021\/05\/respirart-vita-e-bellezza.jpg\" \/><meta itemprop='startDate' content=\"2026-8-28T09:30+0:00\" \/><meta itemprop='endDate' content=\"2026-8-28T23:59+0:00\" \/><meta itemprop='eventStatus' content=\"https:\/\/schema.org\/EventScheduled\" \/><meta itemprop='eventAttendanceMode'   itemscope itemtype=\"https:\/\/schema.org\/OfflineEventAttendanceMode\"\/><div style=\"display:none\" itemprop=\"location\" itemscope itemtype=\"http:\/\/schema.org\/Place\"><span itemprop=\"name\">Pampeago<\/span><span itemprop=\"address\" itemscope itemtype=\"http:\/\/schema.org\/PostalAddress\"><item itemprop=\"streetAddress\">Localit\u00e0 Pampeago, 8, 38038 Tesero TN<\/item><\/span><\/div><script type=\"application\/ld+json\">{\"@context\": \"http:\/\/schema.org\",\"@type\": \"Event\",\n\t\t\t\t\"@id\": \"event_2493_9\",\n\t\t\t\t\"eventAttendanceMode\":\"https:\/\/schema.org\/OfflineEventAttendanceMode\",\n\t\t\t\t\"eventStatus\":\"https:\/\/schema.org\/EventScheduled\",\n\t\t\t\t\"name\": \"Respirart: piccoli artisti in natura\",\n\t\t\t\t\"url\": \"https:\/\/latemarium.com\/it\/events\/respirart-piccoli-artisti-in-natura\/var\/ri-9.l-L1\",\n\t\t\t\t\"startDate\": \"2026-8-28T09:30+0:00\",\n\t\t\t\t\"endDate\": \"2026-8-28T23:59+0:00\",\n\t\t\t\t\"image\":\"https:\/\/latemarium.com\/wp-content\/uploads\/2021\/05\/respirart-vita-e-bellezza.jpg\", \n\t\t\t\t\"description\":\"<p><strong>Ogni venerd\u00ec dal 26 giugno all&#8217;11 settembre 2026<\/strong><\/p> <p>Laboratorio ambientale e artistico RespirArt, rivolto a tutti, grandi e piccini. Andremo alla scoperta delle opere d&#8217;arte in modo divertente.<br \/> Appuntamento alle 9.30 alla partenza della Seggiovia-Seminovia Agnello di Pampeago con la guida artistica, che vi consegner\u00e0 i semi per sorvolare il parco RespirArt. Partecipando al laboratorio artistico i bambini costruiranno piccole opere di land art utilizzando materiali naturali.<\/p> <p><strong>Prenotazione obbligatoria.<\/strong><\/p> <p>Clicca <a href='https:\/\/www.visitfiemme.it\/it\/eventi\/fiemme-cembra-guest-card\/esperienze\/esperienze-in-estate?re-product-id=211712' target='_blank' rel='noopener'>qui<\/a> per prenotare.<\/p> \",\"location\":[{\"@type\":\"Place\",\"name\":\"Pampeago\",\"address\":{\"@type\": \"PostalAddress\",\"streetAddress\":\"Localit\u00e0 Pampeago, 8, 38038 Tesero TN\"}}]}<\/script><\/div>\r\n\t\t\t\t<p class=\"desc_trig_outter\" style=\"\"><a data-gmtrig=\"1\" data-exlk=\"0\" style=\"background-color: #6baeff;\" id=\"evc_17879022002493\" class=\"hasFtIMG event_repeat desc_trig sin_val evcal_list_a\" data-ux_val=\"3\" data-ux_val_mob=\"-\"  ><span class='evoet_c1 evoet_cx '><span class='ev_ftImg' data-img='https:\/\/latemarium.com\/wp-content\/uploads\/2021\/05\/respirart-vita-e-bellezza.jpg' data-thumb='https:\/\/latemarium.com\/wp-content\/uploads\/2021\/05\/respirart-vita-e-bellezza-300x201.jpg' style='background-image:url(\"https:\/\/latemarium.com\/wp-content\/uploads\/2021\/05\/respirart-vita-e-bellezza-300x201.jpg\")' ><\/span><\/span><span class='evoet_c2 evoet_cx '><span class='evoet_dayblock evcal_cblock ' data-bgcolor='#6baeff' data-smon='agosto' data-syr='2026' data-bub=''><span class='evo_start '><em class='date'>28<\/em><em class='month'>ago<\/em><em class='time'>09:30<\/em><\/span><\/span><\/span><span class='evoet_c3 evoet_cx evcal_desc hide_eventtopdata '><span class='evoet_title evcal_desc2 evcal_event_title ' itemprop='name'>Respirart: piccoli artisti in natura<\/span><span class='event_location_attrs'  data-location_address=\"Localit\u00e0 Pampeago, 8, 38038 Tesero TN\" data-location_type=\"lonlat\" data-location_name=\"Pampeago\" data-location_url=\"https:\/\/latemarium.com\/it\/event-location\/pampeago\/\" data-location_status=\"true\" data-latlng=\"46.34343697644898,11.540997527961546\"><\/span><span class='evoet_subtitle evo_below_title' ><span class='evcal_event_subtitle ' >laboratorio artistico<\/span><\/span><span class='evoet_time_expand level_3'><em class='evcal_time evo_tz_time'><i class='fa fa-clock-o'><\/i>09:30<span class='evo_tz marl5'>(GMT+02:00)<\/span><\/em> <\/span><span class='evoet_location level_3'><em class=\"evcal_location\"  data-latlng=\"46.34343697644898,11.540997527961546\" data-add_str=\"Localit\u00e0 Pampeago, 8, 38038 Tesero TN\" data-n=\"Pampeago\"><i class=\"fa fa-location-pin\"><\/i><em class=\"event_location_name\">Pampeago<\/em>, Localit\u00e0 Pampeago, 8, 38038 Tesero TN<\/em><\/span><\/span><span class='evoet_data' data-d=\"{&quot;loc.n&quot;:&quot;Pampeago&quot;,&quot;orgs&quot;:[],&quot;tags&quot;:{&quot;repeating&quot;:&quot;Repeating Event&quot;}}\" data-bgc=\"#6baeff\" data-bggrad=\"\" ><\/span><\/a><\/p><div class='event_description evcal_eventcard ' style=\"display:none\"><div class='evocard_row'><div id='event_ftimage' class='evocard_box ftimage' data-c='' \n\t\t\t\t\tstyle=''><div class='evocard_main_image_hold' data-t='Loading Image..'><div class='evocard_main_image evo_img_triglb evobr15 evobgsc evobgpc evodfx evofx_jc_c evofx_ai_c evofz48 minmized' style='height:300px; background-image:url();' data-f=\"https:\/\/latemarium.com\/wp-content\/uploads\/2021\/05\/respirart-vita-e-bellezza.jpg\" data-h=\"602\" data-w=\"899\" data-ratio=\"0.66963292547275\" data-event_id=\"2493\" data-ri=\"9\"  data-t='Loading Image..'><span style='height:300px; background-image:url(https:\/\/latemarium.com\/wp-content\/uploads\/2021\/05\/respirart-vita-e-bellezza.jpg)'><\/span><\/div><\/div><\/div><\/div><div class='evocard_row'><div id='event_eventdetails' class='evocard_box eventdetails' data-c='' \n\t\t\t\t\tstyle=''><div class='evo_metarow_details evorow evcal_evdata_row evcal_event_details'>\n\t\t<div class=\"event_excerpt\" style=\"display:none\"><h3 class=\"padb5 evo_h3\">Dettagli dell&#039;evento<\/h3><p>Ogni venerd\u00ec dal 26 giugno all&#8217;11 settembre 2026\nLaboratorio ambientale e artistico RespirArt, rivolto a tutti, grandi e piccini. Andremo alla scoperta delle opere d&#8217;arte in modo divertente.\nAppuntamento alle 9.30<\/p><\/div><span class='evcal_evdata_icons'><i class='fa fa-align-justify'><\/i><\/span>\n\t\t\n\t\t<div class='evcal_evdata_cell shorter_desc'>\n\t\t\t<div class='eventon_full_description'>\n\t\t\t\t<h3 class='padb5 evo_h3'><span class='evcal_evdata_icons'><i class='fa fa-align-justify'><\/i><\/span>Dettagli dell&#039;evento<\/h3>\n\t\t\t\t<div class='eventon_desc_in' itemprop='description'>\n\t\t\t\t<p><strong>Ogni venerd\u00ec dal 26 giugno all&#8217;11 settembre 2026<\/strong><\/p>\n<p>Laboratorio ambientale e artistico RespirArt, rivolto a tutti, grandi e piccini. Andremo alla scoperta delle opere d&#8217;arte in modo divertente.<br \/>\nAppuntamento alle 9.30 alla partenza della Seggiovia-Seminovia Agnello di Pampeago con la guida artistica, che vi consegner\u00e0 i semi per sorvolare il parco RespirArt. Partecipando al laboratorio artistico i bambini costruiranno piccole opere di land art utilizzando materiali naturali.<\/p>\n<p><strong>Prenotazione obbligatoria.<\/strong><\/p>\n<p>Clicca <a href=\"https:\/\/www.visitfiemme.it\/it\/eventi\/fiemme-cembra-guest-card\/esperienze\/esperienze-in-estate?re-product-id=211712\" target=\"_blank\" rel=\"noopener\">qui<\/a> per prenotare.<\/p>\n<\/div><p class='eventon_shad_p' style='padding:5px 0 0; margin:0'>\n\t\t\t<span class='evcal_btn evo_btn_secondary evobtn_details_show_more' content='less'>\n\t\t\t\t<span class='ev_more_text' data-txt='Meno'>Pi\u00f9<\/span><span class='ev_more_arrow ard'><\/span>\n\t\t\t<\/span>\n\t\t<\/p><div class='clear'><\/div>\n\t\t\t<\/div>\n\t\t<\/div>\n\t<\/div><\/div><\/div><div class='evocard_row bx2 bx'><div id='event_time' class='evocard_box time' data-c='' \n\t\t\t\t\tstyle=''><div class='evo_metarow_time evorow evcal_evdata_row evcal_evrow_sm '>\n\t\t<span class='evcal_evdata_icons'><i class='fa fa-clock'><\/i><\/span>\n\t\t<div class='evcal_evdata_cell'>\t\t\t\t\t\t\t\n\t\t\t<h3 class='evo_h3'><span class='evcal_evdata_icons'><i class='fa fa-clock'><\/i><\/span>Orario<\/h3><p><span class='evo_eventcard_time_t'>28 agosto 2026 09:30<\/span><span class='evo_tz marr5'>(GMT+02:00)<\/span><\/p>\n\t\t<\/div>\n\t<\/div><\/div><div id='event_location' class='evocard_box location' data-c='' \n\t\t\t\t\tstyle=''><div class='evcal_evdata_row evo_metarow_time_location evorow '>\n\t\t\n\t\t\t<span class='evcal_evdata_icons'><i class='fa fa-map-marker'><\/i><\/span>\n\t\t\t<div class='evcal_evdata_cell' data-loc_tax_id='30'><h3 class='evo_h3 evodfx'><span class='evcal_evdata_icons'><i class='fa fa-map-marker'><\/i><\/span>Luogo<\/h3><p class='evo_location_name'>Pampeago<\/p><p class='evo_location_address evodfxi evogap10'>Localit\u00e0 Pampeago, 8, 38038 Tesero TN<\/p><div class='padt10'><span class='evo_btn_arr evolb_trigger' data-lbvals=\"{&quot;lbc&quot;:&quot;evo_location_lb_30&quot;,&quot;lbac&quot;:&quot;lb_max&quot;,&quot;t&quot;:&quot;Pampeago&quot;,&quot;ajax&quot;:&quot;yes&quot;,&quot;ajax_type&quot;:&quot;endpoint&quot;,&quot;ajax_action&quot;:&quot;eventon_get_tax_card_content&quot;,&quot;end&quot;:&quot;client&quot;,&quot;d&quot;:{&quot;lang&quot;:&quot;L1&quot;,&quot;term_id&quot;:30,&quot;tax&quot;:&quot;event_location&quot;,&quot;load_lbcontent&quot;:true},&quot;uid&quot;:&quot;eventon_get_tax_card_content&quot;}\" >Other Events<i class='fa fa-chevron-right'><\/i><\/span><\/div><\/div>\n\t\t\n\t<\/div><\/div><\/div><div class='evocard_row bx2 bx'><div id='event_learnmore' class='evocard_box learnmore' data-c='' \n\t\t\t\t\tstyle=''><div class='evo_metarow_learnM evo_metarow_learnmore evorow'>\n\t\t\t\t\t\t\t<a class='evcal_evdata_row evo_clik_row ' href='http:\/\/www.respirart.com\/' target=\"_blank\">\n\t\t\t\t\t\t\t\t<span class='evcal_evdata_icons'><i class='fa fa-link'><\/i><\/span>\n\t\t\t\t\t\t\t\t<h3 class='evo_h3'>Scopri di pi\u00f9<\/h3>\n\t\t\t\t\t\t\t<\/a>\n\t\t\t\t\t\t\t<\/div><\/div><div id='event_addtocal' class='evocard_box addtocal' data-c='' \n\t\t\t\t\tstyle=''><div class='evo_metarow_ICS evorow evcal_evdata_row'>\n\t\t\t<span class='evcal_evdata_icons'><i class='fa fa-calendar-o'><\/i><\/span>\n\t\t\t<div class='evcal_evdata_cell'>\n\t\t\t\t<p><a href='https:\/\/latemarium.com\/it\/export-events\/2493_9\/?nonce=a3263097f9' class='evo_ics_nCal' title='Aggiungi al tuo calendario'>Calendario<\/a><a href='https:\/\/www.google.com\/calendar\/event?action=TEMPLATE&text=Respirart%3A+piccoli+artisti+in+natura&dates=20260828T073000Z%2F20260828T215900Z&ctz=Europe%2FRome&details=Respirart: piccoli artisti in natura&location=Pampeago+Localit%C3%A0+Pampeago%2C+8%2C+38038+Tesero+TN' target='_blank' class='evo_ics_gCal' title='Aggiungi al calendario di Google'>GoogleCal<\/a><\/p>\t\n\t\t\t<\/div>\n\t\t<\/div><\/div><\/div><div class='evocard_row'><div id='event_repeats' class='evocard_box repeats' data-c='' \n\t\t\t\t\tstyle=''><div class='evo_metarow_repeats evorow evcal_evdata_row evcal_evrow_sm '>\n\t\t<span class='evcal_evdata_icons'><i class='fa fa-repeat'><\/i><\/span>\n\t\t<div class='evcal_evdata_cell'>\t\t\t\t\t\t\t\n\t\t\t<h3 class='evo_h3'>Orari degli eventi futuri in questa serie di eventi ripetuti<\/h3><div class='evo_elm_HCS evo_repeat_series' style=''><span class='evo_elmHCS_nav HCSnavL evo_repeat_series content_slide_trig'><i class='fa fa-chevron-left'><\/i><\/span><span class='evo_elmHCS_nav HCSnavR evo_repeat_series content_slide_trig'><i class='fa fa-chevron-right'><\/i><\/span><div class='evo_elm_HCS_in'><div class='evo_repeat_series_dates clickable evodfx evofx_dr_r evogap10' data-click='1' data-event_url='https:\/\/latemarium.com\/it\/events\/respirart-piccoli-artisti-in-natura\/var\/ri-9.l-L1'><span class='evo_repeat_series_date evodfx evofx_dr_r evofx_ai_c evogap5 evobr15 evobrdB1 evocl1 evopad15 evottu evofz14 evocurp evo_trans_sc1_03 evoHbgcw' data-ux=\"def\" data-l=\"https:\/\/latemarium.com\/it\/events\/respirart-piccoli-artisti-in-natura\/var\/ri-10.l-L1\" ><span class='evodfx evofx_dr_c evotac evofx_jc_c'><b class='j evofz16'>4<\/b><b class='fy'>settembre <\/b><em class='t evofsn'>09:30 - 23:59<\/em><\/span><\/span><span class='evo_repeat_series_date evodfx evofx_dr_r evofx_ai_c evogap5 evobr15 evobrdB1 evocl1 evopad15 evottu evofz14 evocurp evo_trans_sc1_03 evoHbgcw' data-ux=\"def\" data-l=\"https:\/\/latemarium.com\/it\/events\/respirart-piccoli-artisti-in-natura\/var\/ri-11.l-L1\" ><span class='evodfx evofx_dr_c evotac evofx_jc_c'><b class='j evofz16'>11<\/b><b class='fy'>settembre <\/b><em class='t evofsn'>09:30 - 23:59<\/em><\/span><\/span><\/div><\/div><\/div><\/div><\/div><\/div><\/div><div class='evocard_row'><div id='event_getdirection' class='evocard_box getdirection' data-c='' \n\t\t\t\t\tstyle=''><div class='evo_metarow_getDr evorow evcal_evdata_row evcal_evrow_sm getdirections'>\n\t\t<form action='https:\/\/maps.google.com\/maps' method='get' target='_blank'>\n\t\t\t<input type='hidden' name='daddr' value=\"46.34343697644898,11.540997527961546\"\/> \n\t\t\t<div class='evo_get_direction_content evo_fx_dr_r evogap10'>\n\t\t\t\t<span class='evogetdir_header evodfx evofx_dr_r evofx_ai_c marr10'>\n\t\t\t\t\t<i class='mainicon fa fa-road'><\/i> \n\t\t\t\t\t<h3 class='evo_h3' style='padding-bottom:5px;'>Ottieni indicazioni stradali<\/h3>\n\t\t\t\t<\/span>\n\t\t\t\t<span class='evogetdir_field evodfx evofx_1_1 evo_fx_dr_c evow100p'>\t\t\t\t\t\n\t\t\t\t\t<input class='evoInput evotac' type='text' name='saddr' placeholder='Digitare l&#039;indirizzo per ottenere le indicazioni stradali' value='' style='margin:10px 0;'\/>\n\t\t\t\t<\/span>\n\t\t\t\t<button type='submit' class='evo_get_direction_button evo_btn_arr_circ dfx fx_ai_c' title='Fare clic qui per ottenere indicazioni'><i class='fa fa-chevron-right'><\/i> <\/button>\n\t\t\t<\/div>\n\t\t<\/form>\n\t<\/div><\/div><\/div><div class='evo_card_row_end evcal_close' title='Testo del pulsante Chiudi evento'><\/div><\/div><div class='clear end'><\/div><\/div><div id=\"event_2848_2\" class=\"eventon_list_event evo_eventtop scheduled  event clrD event_2848_2\" data-event_id=\"2848\" data-ri=\"2r\" data-time=\"1787940000-1787950800\" data-colr=\"#006290\" itemscope itemtype='http:\/\/schema.org\/Event'><div class=\"evo_event_schema\" style=\"display:none\" ><a itemprop='url'  href='https:\/\/latemarium.com\/it\/events\/le-notti-di-luna-piena\/var\/ri-2.l-L1'><\/a><meta itemprop='image' content=\"https:\/\/latemarium.com\/wp-content\/uploads\/2025\/05\/notti-di-luna-piena-obereggen.jpg\" \/><meta itemprop='startDate' content=\"2026-8-28T20:00+0:00\" \/><meta itemprop='endDate' content=\"2026-8-28T23:00+0:00\" \/><meta itemprop='eventStatus' content=\"https:\/\/schema.org\/EventScheduled\" \/><meta itemprop='eventAttendanceMode'   itemscope itemtype=\"https:\/\/schema.org\/OfflineEventAttendanceMode\"\/><div style=\"display:none\" itemprop=\"location\" itemscope itemtype=\"http:\/\/schema.org\/Place\"><span itemprop=\"name\">Stazione a valle Obereggen<\/span><span itemprop=\"address\" itemscope itemtype=\"http:\/\/schema.org\/PostalAddress\"><item itemprop=\"streetAddress\">Via Obereggen, 16, 39050 Nova Ponente BZ<\/item><\/span><\/div><script type=\"application\/ld+json\">{\"@context\": \"http:\/\/schema.org\",\"@type\": \"Event\",\n\t\t\t\t\"@id\": \"event_2848_2\",\n\t\t\t\t\"eventAttendanceMode\":\"https:\/\/schema.org\/OfflineEventAttendanceMode\",\n\t\t\t\t\"eventStatus\":\"https:\/\/schema.org\/EventScheduled\",\n\t\t\t\t\"name\": \"Le notti di luna piena\",\n\t\t\t\t\"url\": \"https:\/\/latemarium.com\/it\/events\/le-notti-di-luna-piena\/var\/ri-2.l-L1\",\n\t\t\t\t\"startDate\": \"2026-8-28T20:00+0:00\",\n\t\t\t\t\"endDate\": \"2026-8-28T23:00+0:00\",\n\t\t\t\t\"image\":\"https:\/\/latemarium.com\/wp-content\/uploads\/2025\/05\/notti-di-luna-piena-obereggen.jpg\", \n\t\t\t\t\"description\":\"<p>Con luce frontale, buone scarpe, abbigliamento adeguato e motivazione l\u2019escursione porta attraverso i prati e boschi di Obereggen fino al maso biologico Oberwerkstatt dove ci viene servito uno spuntino tipico mentre ammiriamo il cielo stellato.<\/p> <p>Ritrovo: ore 20.00, ufficio turistico di Obereggen<br \/> Ritorno: circa ore 23.00<br \/> Costo a persona 10,00 \u20ac ad adulto, 5,00 \u20ac a bambino<br \/> Prenotazione obbligatoria entro le ore 12.00 del giorno stesso online su eggental.com\/events o Tel. +39 0471 619 500 negli uffici turistici della Val d&#8217;Ega<\/p> \",\"location\":[{\"@type\":\"Place\",\"name\":\"Stazione a valle Obereggen\",\"address\":{\"@type\": \"PostalAddress\",\"streetAddress\":\"Via Obereggen, 16, 39050 Nova Ponente BZ\"}}]}<\/script><\/div>\r\n\t\t\t\t<p class=\"desc_trig_outter\" style=\"\"><a data-gmtrig=\"1\" data-exlk=\"0\" style=\"background-color: #006290;\" id=\"evc_17879400002848\" class=\"hasFtIMG event_repeat desc_trig sin_val evcal_list_a\" data-ux_val=\"3\" data-ux_val_mob=\"-\"  ><span class='evoet_c1 evoet_cx '><span class='ev_ftImg' data-img='https:\/\/latemarium.com\/wp-content\/uploads\/2025\/05\/notti-di-luna-piena-obereggen.jpg' data-thumb='https:\/\/latemarium.com\/wp-content\/uploads\/2025\/05\/notti-di-luna-piena-obereggen-300x182.jpg' style='background-image:url(\"https:\/\/latemarium.com\/wp-content\/uploads\/2025\/05\/notti-di-luna-piena-obereggen-300x182.jpg\")' ><\/span><\/span><span class='evoet_c2 evoet_cx '><span class='evoet_dayblock evcal_cblock ' data-bgcolor='#006290' data-smon='agosto' data-syr='2026' data-bub=''><span class='evo_start '><em class='date'>28<\/em><em class='month'>ago<\/em><em class='time'>20:00<\/em><\/span><span class='evo_end only_time'><em class='time'>23:00<\/em><\/span><\/span><\/span><span class='evoet_c3 evoet_cx evcal_desc hide_eventtopdata '><span class='evoet_title evcal_desc2 evcal_event_title ' itemprop='name'>Le notti di luna piena<\/span><span class='event_location_attrs'  data-location_address=\"Via Obereggen, 16, 39050 Nova Ponente BZ\" data-location_type=\"lonlat\" data-location_name=\"Stazione a valle Obereggen\" data-location_url=\"https:\/\/latemarium.com\/it\/event-location\/stazione-a-valle-obereggen\/\" data-location_status=\"true\" data-latlng=\"46.3835808246333,11.52667595881786\"><\/span><span class='evoet_subtitle evo_below_title' ><span class='evcal_event_subtitle ' >non solo per gli amanti delle stelle!<\/span><\/span><span class='evoet_time_expand level_3'><em class='evcal_time evo_tz_time'><i class='fa fa-clock-o'><\/i>20:00 - 23:00<span class='evo_tz marl5'>(GMT+02:00)<\/span><\/em> <\/span><span class='evoet_location level_3'><em class=\"evcal_location\"  data-latlng=\"46.3835808246333,11.52667595881786\" data-add_str=\"Via Obereggen, 16, 39050 Nova Ponente BZ\" data-n=\"Stazione a valle Obereggen\"><i class=\"fa fa-location-pin\"><\/i><em class=\"event_location_name\">Stazione a valle Obereggen<\/em>, Via Obereggen, 16, 39050 Nova Ponente BZ<\/em><\/span><\/span><span class='evoet_data' data-d=\"{&quot;loc.n&quot;:&quot;Stazione a valle Obereggen&quot;,&quot;orgs&quot;:[],&quot;tags&quot;:{&quot;repeating&quot;:&quot;Repeating Event&quot;}}\" data-bgc=\"#006290\" data-bggrad=\"\" ><\/span><\/a><\/p><div class='event_description evcal_eventcard ' style=\"display:none\"><div class='evocard_row'><div id='event_ftimage' class='evocard_box ftimage' data-c='' \n\t\t\t\t\tstyle=''><div class='evocard_main_image_hold' data-t='Loading Image..'><div class='evocard_main_image evo_img_triglb evobr15 evobgsc evobgpc evodfx evofx_jc_c evofx_ai_c evofz48 minmized' style='height:300px; background-image:url();' data-f=\"https:\/\/latemarium.com\/wp-content\/uploads\/2025\/05\/notti-di-luna-piena-obereggen.jpg\" data-h=\"755\" data-w=\"1245\" data-ratio=\"0.60642570281124\" data-event_id=\"2848\" data-ri=\"2\"  data-t='Loading Image..'><span style='height:300px; background-image:url(https:\/\/latemarium.com\/wp-content\/uploads\/2025\/05\/notti-di-luna-piena-obereggen.jpg)'><\/span><\/div><\/div><\/div><\/div><div class='evocard_row'><div id='event_eventdetails' class='evocard_box eventdetails' data-c='' \n\t\t\t\t\tstyle=''><div class='evo_metarow_details evorow evcal_evdata_row evcal_event_details'>\n\t\t<div class=\"event_excerpt\" style=\"display:none\"><h3 class=\"padb5 evo_h3\">Dettagli dell&#039;evento<\/h3><p>Con luce frontale, buone scarpe, abbigliamento adeguato e motivazione l\u2019escursione porta attraverso i prati e boschi di Obereggen fino al maso biologico Oberwerkstatt dove ci viene servito uno spuntino tipico<\/p><\/div><span class='evcal_evdata_icons'><i class='fa fa-align-justify'><\/i><\/span>\n\t\t\n\t\t<div class='evcal_evdata_cell '>\n\t\t\t<div class='eventon_full_description'>\n\t\t\t\t<h3 class='padb5 evo_h3'><span class='evcal_evdata_icons'><i class='fa fa-align-justify'><\/i><\/span>Dettagli dell&#039;evento<\/h3>\n\t\t\t\t<div class='eventon_desc_in' itemprop='description'>\n\t\t\t\t<p>Con luce frontale, buone scarpe, abbigliamento adeguato e motivazione l\u2019escursione porta attraverso i prati e boschi di Obereggen fino al maso biologico Oberwerkstatt dove ci viene servito uno spuntino tipico mentre ammiriamo il cielo stellato.<\/p>\n<p>Ritrovo: ore 20.00, ufficio turistico di Obereggen<br \/>\nRitorno: circa ore 23.00<br \/>\nCosto a persona 10,00 \u20ac ad adulto, 5,00 \u20ac a bambino<br \/>\nPrenotazione obbligatoria entro le ore 12.00 del giorno stesso online su eggental.com\/events o Tel. +39 0471 619 500 negli uffici turistici della Val d&#8217;Ega<\/p>\n<\/div><div class='clear'><\/div>\n\t\t\t<\/div>\n\t\t<\/div>\n\t<\/div><\/div><\/div><div class='evocard_row bx2 bx'><div id='event_time' class='evocard_box time' data-c='' \n\t\t\t\t\tstyle=''><div class='evo_metarow_time evorow evcal_evdata_row evcal_evrow_sm '>\n\t\t<span class='evcal_evdata_icons'><i class='fa fa-clock'><\/i><\/span>\n\t\t<div class='evcal_evdata_cell'>\t\t\t\t\t\t\t\n\t\t\t<h3 class='evo_h3'><span class='evcal_evdata_icons'><i class='fa fa-clock'><\/i><\/span>Orario<\/h3><p><span class='evo_eventcard_time_t'>28 agosto 2026 20:00 - 23:00<\/span><span class='evo_tz marr5'>(GMT+02:00)<\/span><\/p>\n\t\t<\/div>\n\t<\/div><\/div><div id='event_location' class='evocard_box location' data-c='' \n\t\t\t\t\tstyle=''><div class='evcal_evdata_row evo_metarow_time_location evorow '>\n\t\t\n\t\t\t<span class='evcal_evdata_icons'><i class='fa fa-map-marker'><\/i><\/span>\n\t\t\t<div class='evcal_evdata_cell' data-loc_tax_id='22'><h3 class='evo_h3 evodfx'><span class='evcal_evdata_icons'><i class='fa fa-map-marker'><\/i><\/span>Luogo<\/h3><p class='evo_location_name'>Stazione a valle Obereggen<\/p><p class='evo_location_address evodfxi evogap10'>Via Obereggen, 16, 39050 Nova Ponente BZ<\/p><div class='padt10'><span class='evo_btn_arr evolb_trigger' data-lbvals=\"{&quot;lbc&quot;:&quot;evo_location_lb_22&quot;,&quot;lbac&quot;:&quot;lb_max&quot;,&quot;t&quot;:&quot;Stazione a valle Obereggen&quot;,&quot;ajax&quot;:&quot;yes&quot;,&quot;ajax_type&quot;:&quot;endpoint&quot;,&quot;ajax_action&quot;:&quot;eventon_get_tax_card_content&quot;,&quot;end&quot;:&quot;client&quot;,&quot;d&quot;:{&quot;lang&quot;:&quot;L1&quot;,&quot;term_id&quot;:22,&quot;tax&quot;:&quot;event_location&quot;,&quot;load_lbcontent&quot;:true},&quot;uid&quot;:&quot;eventon_get_tax_card_content&quot;}\" >Other Events<i class='fa fa-chevron-right'><\/i><\/span><\/div><\/div>\n\t\t\n\t<\/div><\/div><\/div><div class='evocard_row bx2 bx'><div id='event_learnmore' class='evocard_box learnmore' data-c='' \n\t\t\t\t\tstyle=''><div class='evo_metarow_learnM evo_metarow_learnmore evorow'>\n\t\t\t\t\t\t\t<a class='evcal_evdata_row evo_clik_row ' href='https:\/\/eggental.com\/it\/eventi\/le-notti-di-luna-piena-non-solo-per-gli-amanti-delle-stelle_11858' target=\"_blank\">\n\t\t\t\t\t\t\t\t<span class='evcal_evdata_icons'><i class='fa fa-link'><\/i><\/span>\n\t\t\t\t\t\t\t\t<h3 class='evo_h3'>Scopri di pi\u00f9<\/h3>\n\t\t\t\t\t\t\t<\/a>\n\t\t\t\t\t\t\t<\/div><\/div><div id='event_addtocal' class='evocard_box addtocal' data-c='' \n\t\t\t\t\tstyle=''><div class='evo_metarow_ICS evorow evcal_evdata_row'>\n\t\t\t<span class='evcal_evdata_icons'><i class='fa fa-calendar-o'><\/i><\/span>\n\t\t\t<div class='evcal_evdata_cell'>\n\t\t\t\t<p><a href='https:\/\/latemarium.com\/it\/export-events\/2848_2\/?nonce=a3263097f9' class='evo_ics_nCal' title='Aggiungi al tuo calendario'>Calendario<\/a><a href='https:\/\/www.google.com\/calendar\/event?action=TEMPLATE&text=Le+notti+di+luna+piena&dates=20260828T180000Z%2F20260828T210000Z&ctz=Europe%2FRome&details=Le notti di luna piena&location=Stazione+a+valle+Obereggen+Via+Obereggen%2C+16%2C+39050+Nova+Ponente+BZ' target='_blank' class='evo_ics_gCal' title='Aggiungi al calendario di Google'>GoogleCal<\/a><\/p>\t\n\t\t\t<\/div>\n\t\t<\/div><\/div><\/div><div class='evocard_row'><div id='event_getdirection' class='evocard_box getdirection' data-c='' \n\t\t\t\t\tstyle=''><div class='evo_metarow_getDr evorow evcal_evdata_row evcal_evrow_sm getdirections'>\n\t\t<form action='https:\/\/maps.google.com\/maps' method='get' target='_blank'>\n\t\t\t<input type='hidden' name='daddr' value=\"46.3835808246333,11.52667595881786\"\/> \n\t\t\t<div class='evo_get_direction_content evo_fx_dr_r evogap10'>\n\t\t\t\t<span class='evogetdir_header evodfx evofx_dr_r evofx_ai_c marr10'>\n\t\t\t\t\t<i class='mainicon fa fa-road'><\/i> \n\t\t\t\t\t<h3 class='evo_h3' style='padding-bottom:5px;'>Ottieni indicazioni stradali<\/h3>\n\t\t\t\t<\/span>\n\t\t\t\t<span class='evogetdir_field evodfx evofx_1_1 evo_fx_dr_c evow100p'>\t\t\t\t\t\n\t\t\t\t\t<input class='evoInput evotac' type='text' name='saddr' placeholder='Digitare l&#039;indirizzo per ottenere le indicazioni stradali' value='' style='margin:10px 0;'\/>\n\t\t\t\t<\/span>\n\t\t\t\t<button type='submit' class='evo_get_direction_button evo_btn_arr_circ dfx fx_ai_c' title='Fare clic qui per ottenere indicazioni'><i class='fa fa-chevron-right'><\/i> <\/button>\n\t\t\t<\/div>\n\t\t<\/form>\n\t<\/div><\/div><\/div><div class='evo_card_row_end evcal_close' title='Testo del pulsante Chiudi evento'><\/div><\/div><div class='clear end'><\/div><\/div><div id=\"event_2925_1\" class=\"eventon_list_event evo_eventtop scheduled  event clrW no_et event_2925_1\" data-event_id=\"2925\" data-ri=\"1r\" data-time=\"1787990400-1787990400\" data-colr=\"#a69dcd\" itemscope itemtype='http:\/\/schema.org\/Event'><div class=\"evo_event_schema\" style=\"display:none\" ><a itemprop='url'  href='https:\/\/latemarium.com\/it\/events\/forest-bathing\/var\/ri-1.l-L1'><\/a><meta itemprop='image' content=\"https:\/\/latemarium.com\/wp-content\/uploads\/2026\/04\/forest-bathing.jpg\" \/><meta itemprop='startDate' content=\"2026-8-29T10:00+0:00\" \/><meta itemprop='endDate' content=\"2026-8-29T10:00+0:00\" \/><meta itemprop='eventStatus' content=\"https:\/\/schema.org\/EventScheduled\" \/><meta itemprop='eventAttendanceMode'   itemscope itemtype=\"https:\/\/schema.org\/OfflineEventAttendanceMode\"\/><div style=\"display:none\" itemprop=\"location\" itemscope itemtype=\"http:\/\/schema.org\/Place\"><span itemprop=\"name\">Pampeago<\/span><span itemprop=\"address\" itemscope itemtype=\"http:\/\/schema.org\/PostalAddress\"><item itemprop=\"streetAddress\">Localit\u00e0 Pampeago, 8, 38038 Tesero TN<\/item><\/span><\/div><script type=\"application\/ld+json\">{\"@context\": \"http:\/\/schema.org\",\"@type\": \"Event\",\n\t\t\t\t\"@id\": \"event_2925_1\",\n\t\t\t\t\"eventAttendanceMode\":\"https:\/\/schema.org\/OfflineEventAttendanceMode\",\n\t\t\t\t\"eventStatus\":\"https:\/\/schema.org\/EventScheduled\",\n\t\t\t\t\"name\": \"Forest bathing\",\n\t\t\t\t\"url\": \"https:\/\/latemarium.com\/it\/events\/forest-bathing\/var\/ri-1.l-L1\",\n\t\t\t\t\"startDate\": \"2026-8-29T10:00+0:00\",\n\t\t\t\t\"endDate\": \"2026-8-29T10:00+0:00\",\n\t\t\t\t\"image\":\"https:\/\/latemarium.com\/wp-content\/uploads\/2026\/04\/forest-bathing.jpg\", \n\t\t\t\t\"description\":\"<p>Scopri l&#8217;antica pratica giapponese che invita a rallentare e riconnettersi con la natura attraverso i cinque sensi, riscoprendo il piacere del camminare consapevole.<\/p> <p>Ritrovo: Pampeago, il 25\/07 e il 29\/08<br \/> Orario:\u00a010.00 \u2013 12.00<\/p> <p>Prenotazione obbligatoria, clicca <a href='https:\/\/www.visitfiemme.it\/it\/eventi\/fiemme-cembra-guest-card\/esperienze\/esperienze-in-estate' target='_blank' rel='noopener'>QUI<\/a> per prenotare<\/p> \",\"location\":[{\"@type\":\"Place\",\"name\":\"Pampeago\",\"address\":{\"@type\": \"PostalAddress\",\"streetAddress\":\"Localit\u00e0 Pampeago, 8, 38038 Tesero TN\"}}]}<\/script><\/div>\r\n\t\t\t\t<p class=\"desc_trig_outter\" style=\"\"><a data-gmap_status=\"null\" data-exlk=\"0\" style=\"background-color: #a69dcd;\" id=\"evc_17879904002925\" class=\"hasFtIMG event_repeat desc_trig sin_val evcal_list_a\" data-ux_val=\"3\" data-ux_val_mob=\"-\"  ><span class='evoet_c1 evoet_cx '><span class='ev_ftImg' data-img='https:\/\/latemarium.com\/wp-content\/uploads\/2026\/04\/forest-bathing.jpg' data-thumb='https:\/\/latemarium.com\/wp-content\/uploads\/2026\/04\/forest-bathing-200x300.jpg' style='background-image:url(\"https:\/\/latemarium.com\/wp-content\/uploads\/2026\/04\/forest-bathing-200x300.jpg\")' ><\/span><\/span><span class='evoet_c2 evoet_cx '><span class='evoet_dayblock evcal_cblock ' data-bgcolor='#a69dcd' data-smon='agosto' data-syr='2026' data-bub=''><span class='evo_start '><em class='date'>29<\/em><em class='month'>ago<\/em><em class='time'>10:00<\/em><\/span><\/span><\/span><span class='evoet_c3 evoet_cx evcal_desc hide_eventtopdata '><span class='evoet_title evcal_desc2 evcal_event_title ' itemprop='name'>Forest bathing<\/span><span class='event_location_attrs'  data-location_address=\"Localit\u00e0 Pampeago, 8, 38038 Tesero TN\" data-location_type=\"lonlat\" data-location_name=\"Pampeago\" data-location_url=\"https:\/\/latemarium.com\/it\/event-location\/pampeago\/\" data-location_status=\"true\" data-latlng=\"46.34343697644898,11.540997527961546\"><\/span><span class='evoet_subtitle evo_below_title' ><span class='evcal_event_subtitle ' >riscopri il piacere del camminare consapevole<\/span><\/span><span class='evoet_time_expand level_3'><em class='evcal_time evo_tz_time'><i class='fa fa-clock-o'><\/i>10:00<span class='evo_tz marl5'>(GMT+02:00)<\/span><\/em> <\/span><span class='evoet_location level_3'><em class=\"evcal_location\"  data-latlng=\"46.34343697644898,11.540997527961546\" data-add_str=\"Localit\u00e0 Pampeago, 8, 38038 Tesero TN\" data-n=\"Pampeago\"><i class=\"fa fa-location-pin\"><\/i><em class=\"event_location_name\">Pampeago<\/em>, Localit\u00e0 Pampeago, 8, 38038 Tesero TN<\/em><\/span><\/span><span class='evoet_data' data-d=\"{&quot;loc.n&quot;:&quot;Pampeago&quot;,&quot;orgs&quot;:[],&quot;tags&quot;:{&quot;repeating&quot;:&quot;Repeating Event&quot;}}\" data-bgc=\"#a69dcd\" data-bggrad=\"\" ><\/span><\/a><\/p><div class='event_description evcal_eventcard ' style=\"display:none\"><div class='evocard_row'><div id='event_ftimage' class='evocard_box ftimage' data-c='' \n\t\t\t\t\tstyle=''><div class='evocard_main_image_hold' data-t='Loading Image..'><div class='evocard_main_image evo_img_triglb evobr15 evobgsc evobgpc evodfx evofx_jc_c evofx_ai_c evofz48 minmized' style='height:300px; background-image:url();' data-f=\"https:\/\/latemarium.com\/wp-content\/uploads\/2026\/04\/forest-bathing.jpg\" data-h=\"1600\" data-w=\"1066\" data-ratio=\"1.5009380863039\" data-event_id=\"2925\" data-ri=\"1\"  data-t='Loading Image..'><span style='height:300px; background-image:url(https:\/\/latemarium.com\/wp-content\/uploads\/2026\/04\/forest-bathing.jpg)'><\/span><\/div><\/div><\/div><\/div><div class='evocard_row'><div id='event_eventdetails' class='evocard_box eventdetails' data-c='' \n\t\t\t\t\tstyle=''><div class='evo_metarow_details evorow evcal_evdata_row evcal_event_details'>\n\t\t<div class=\"event_excerpt\" style=\"display:none\"><h3 class=\"padb5 evo_h3\">Dettagli dell&#039;evento<\/h3><p>Scopri l&#8217;antica pratica giapponese che invita a rallentare e riconnettersi con la natura attraverso i cinque sensi, riscoprendo il piacere del camminare consapevole.\nRitrovo: Pampeago, il 25\/07 e il 29\/08\nOrario:\u00a010.00<\/p><\/div><span class='evcal_evdata_icons'><i class='fa fa-align-justify'><\/i><\/span>\n\t\t\n\t\t<div class='evcal_evdata_cell '>\n\t\t\t<div class='eventon_full_description'>\n\t\t\t\t<h3 class='padb5 evo_h3'><span class='evcal_evdata_icons'><i class='fa fa-align-justify'><\/i><\/span>Dettagli dell&#039;evento<\/h3>\n\t\t\t\t<div class='eventon_desc_in' itemprop='description'>\n\t\t\t\t<p>Scopri l&#8217;antica pratica giapponese che invita a rallentare e riconnettersi con la natura attraverso i cinque sensi, riscoprendo il piacere del camminare consapevole.<\/p>\n<p>Ritrovo: Pampeago, il 25\/07 e il 29\/08<br \/>\nOrario:\u00a010.00 \u2013 12.00<\/p>\n<p>Prenotazione obbligatoria, clicca <a href=\"https:\/\/www.visitfiemme.it\/it\/eventi\/fiemme-cembra-guest-card\/esperienze\/esperienze-in-estate\" target=\"_blank\" rel=\"noopener\">QUI<\/a> per prenotare<\/p>\n<\/div><div class='clear'><\/div>\n\t\t\t<\/div>\n\t\t<\/div>\n\t<\/div><\/div><\/div><div class='evocard_row bx2 bx'><div id='event_time' class='evocard_box time' data-c='' \n\t\t\t\t\tstyle=''><div class='evo_metarow_time evorow evcal_evdata_row evcal_evrow_sm '>\n\t\t<span class='evcal_evdata_icons'><i class='fa fa-clock'><\/i><\/span>\n\t\t<div class='evcal_evdata_cell'>\t\t\t\t\t\t\t\n\t\t\t<h3 class='evo_h3'><span class='evcal_evdata_icons'><i class='fa fa-clock'><\/i><\/span>Orario<\/h3><p><span class='evo_eventcard_time_t'>29 agosto 2026 10:00<\/span><span class='evo_tz marr5'>(GMT+02:00)<\/span><\/p>\n\t\t<\/div>\n\t<\/div><\/div><div id='event_location' class='evocard_box location' data-c='' \n\t\t\t\t\tstyle=''><div class='evcal_evdata_row evo_metarow_time_location evorow '>\n\t\t\n\t\t\t<span class='evcal_evdata_icons'><i class='fa fa-map-marker'><\/i><\/span>\n\t\t\t<div class='evcal_evdata_cell' data-loc_tax_id='30'><h3 class='evo_h3 evodfx'><span class='evcal_evdata_icons'><i class='fa fa-map-marker'><\/i><\/span>Luogo<\/h3><p class='evo_location_name'>Pampeago<\/p><p class='evo_location_address evodfxi evogap10'>Localit\u00e0 Pampeago, 8, 38038 Tesero TN<\/p><div class='padt10'><span class='evo_btn_arr evolb_trigger' data-lbvals=\"{&quot;lbc&quot;:&quot;evo_location_lb_30&quot;,&quot;lbac&quot;:&quot;lb_max&quot;,&quot;t&quot;:&quot;Pampeago&quot;,&quot;ajax&quot;:&quot;yes&quot;,&quot;ajax_type&quot;:&quot;endpoint&quot;,&quot;ajax_action&quot;:&quot;eventon_get_tax_card_content&quot;,&quot;end&quot;:&quot;client&quot;,&quot;d&quot;:{&quot;lang&quot;:&quot;L1&quot;,&quot;term_id&quot;:30,&quot;tax&quot;:&quot;event_location&quot;,&quot;load_lbcontent&quot;:true},&quot;uid&quot;:&quot;eventon_get_tax_card_content&quot;}\" >Other Events<i class='fa fa-chevron-right'><\/i><\/span><\/div><\/div>\n\t\t\n\t<\/div><\/div><\/div><div class='evocard_row'><div id='event_addtocal' class='evocard_box addtocal' data-c='' \n\t\t\t\t\tstyle=''><div class='evo_metarow_ICS evorow evcal_evdata_row'>\n\t\t\t<span class='evcal_evdata_icons'><i class='fa fa-calendar-o'><\/i><\/span>\n\t\t\t<div class='evcal_evdata_cell'>\n\t\t\t\t<p><a href='https:\/\/latemarium.com\/it\/export-events\/2925_1\/?nonce=a3263097f9' class='evo_ics_nCal' title='Aggiungi al tuo calendario'>Calendario<\/a><a href='https:\/\/www.google.com\/calendar\/event?action=TEMPLATE&text=Forest+bathing&dates=20260829T080000Z%2F20260829T080000Z&ctz=Europe%2FRome&details=Forest bathing&location=Pampeago+Localit%C3%A0+Pampeago%2C+8%2C+38038+Tesero+TN' target='_blank' class='evo_ics_gCal' title='Aggiungi al calendario di Google'>GoogleCal<\/a><\/p>\t\n\t\t\t<\/div>\n\t\t<\/div><\/div><\/div><div class='evocard_row'><div id='event_getdirection' class='evocard_box getdirection' data-c='' \n\t\t\t\t\tstyle=''><div class='evo_metarow_getDr evorow evcal_evdata_row evcal_evrow_sm getdirections'>\n\t\t<form action='https:\/\/maps.google.com\/maps' method='get' target='_blank'>\n\t\t\t<input type='hidden' name='daddr' value=\"46.34343697644898,11.540997527961546\"\/> \n\t\t\t<div class='evo_get_direction_content evo_fx_dr_r evogap10'>\n\t\t\t\t<span class='evogetdir_header evodfx evofx_dr_r evofx_ai_c marr10'>\n\t\t\t\t\t<i class='mainicon fa fa-road'><\/i> \n\t\t\t\t\t<h3 class='evo_h3' style='padding-bottom:5px;'>Ottieni indicazioni stradali<\/h3>\n\t\t\t\t<\/span>\n\t\t\t\t<span class='evogetdir_field evodfx evofx_1_1 evo_fx_dr_c evow100p'>\t\t\t\t\t\n\t\t\t\t\t<input class='evoInput evotac' type='text' name='saddr' placeholder='Digitare l&#039;indirizzo per ottenere le indicazioni stradali' value='' style='margin:10px 0;'\/>\n\t\t\t\t<\/span>\n\t\t\t\t<button type='submit' class='evo_get_direction_button evo_btn_arr_circ dfx fx_ai_c' title='Fare clic qui per ottenere indicazioni'><i class='fa fa-chevron-right'><\/i> <\/button>\n\t\t\t<\/div>\n\t\t<\/form>\n\t<\/div><\/div><\/div><div class='evo_card_row_end evcal_close' title='Testo del pulsante Chiudi evento'><\/div><\/div><div class='clear end'><\/div><\/div><div id=\"event_2149_19\" class=\"eventon_list_event evo_eventtop scheduled  event clrW no_et event_2149_19\" data-event_id=\"2149\" data-ri=\"19r\" data-time=\"1788096000-1788127140\" data-colr=\"#b8d989\" itemscope itemtype='http:\/\/schema.org\/Event'><div class=\"evo_event_schema\" style=\"display:none\" ><a itemprop='url'  href='https:\/\/latemarium.com\/it\/events\/i-suoni-e-la-vita-della-malga\/var\/ri-19.l-L1'><\/a><meta itemprop='image' content=\"https:\/\/latemarium.com\/wp-content\/uploads\/2023\/06\/suoni-vita-malga.jpg\" \/><meta itemprop='startDate' content=\"2026-8-30T15:20+0:00\" \/><meta itemprop='endDate' content=\"2026-8-30T23:59+0:00\" \/><meta itemprop='eventStatus' content=\"https:\/\/schema.org\/EventScheduled\" \/><meta itemprop='eventAttendanceMode'   itemscope itemtype=\"https:\/\/schema.org\/OfflineEventAttendanceMode\"\/><div style=\"display:none\" itemprop=\"location\" itemscope itemtype=\"http:\/\/schema.org\/Place\"><span itemprop=\"name\">Pampeago<\/span><span itemprop=\"address\" itemscope itemtype=\"http:\/\/schema.org\/PostalAddress\"><item itemprop=\"streetAddress\">Localit\u00e0 Pampeago, 8, 38038 Tesero TN<\/item><\/span><\/div><script type=\"application\/ld+json\">{\"@context\": \"http:\/\/schema.org\",\"@type\": \"Event\",\n\t\t\t\t\"@id\": \"event_2149_19\",\n\t\t\t\t\"eventAttendanceMode\":\"https:\/\/schema.org\/OfflineEventAttendanceMode\",\n\t\t\t\t\"eventStatus\":\"https:\/\/schema.org\/EventScheduled\",\n\t\t\t\t\"name\": \"I suoni e la vita della malga\",\n\t\t\t\t\"url\": \"https:\/\/latemarium.com\/it\/events\/i-suoni-e-la-vita-della-malga\/var\/ri-19.l-L1\",\n\t\t\t\t\"startDate\": \"2026-8-30T15:20+0:00\",\n\t\t\t\t\"endDate\": \"2026-8-30T23:59+0:00\",\n\t\t\t\t\"image\":\"https:\/\/latemarium.com\/wp-content\/uploads\/2023\/06\/suoni-vita-malga.jpg\", \n\t\t\t\t\"description\":\"<p>Ritrovo presso parcheggio seggiovia Tresca (raggiungibile in auto da Pampeago \u2013 SOLO per chi prenota l&#8217;attivit\u00e0).<\/p> <p>Dopo una breve passeggiata fino a Malga Pampeago, bambini e genitori scoprono la vita e i suoni quotidiani che scandiscono la vita dei malgari, fra mucche, vitellini, asinelli e maiali.<\/p> <p>A fine attivit\u00e0 ci sar\u00e0 una piccola merenda che i bambini potranno gustarsi o portarsi a casa.<\/p> <p>Attivit\u00e0 possibile anche con passeggino country.<\/p> <p>Prenotazione obbligatoria.<\/p> <p>Prenotazione obbligatoria. Clicca <a href='https:\/\/www.visitfiemme.it\/it\/eventi\/fiemme-cembra-guest-card\/esperienze\/esperienze-in-estate?re-product-id=211655' target='_blank' rel='noopener'>qui<\/a>\u00a0per prenotare.<\/p> \",\"location\":[{\"@type\":\"Place\",\"name\":\"Pampeago\",\"address\":{\"@type\": \"PostalAddress\",\"streetAddress\":\"Localit\u00e0 Pampeago, 8, 38038 Tesero TN\"}}]}<\/script><\/div>\r\n\t\t\t\t<p class=\"desc_trig_outter\" style=\"\"><a data-gmtrig=\"1\" data-exlk=\"0\" style=\"background-color: #b8d989;\" id=\"evc_17880960002149\" class=\"hasFtIMG event_repeat desc_trig sin_val evcal_list_a\" data-ux_val=\"3\" data-ux_val_mob=\"-\"  ><span class='evoet_c1 evoet_cx '><span class='ev_ftImg' data-img='https:\/\/latemarium.com\/wp-content\/uploads\/2023\/06\/suoni-vita-malga.jpg' data-thumb='https:\/\/latemarium.com\/wp-content\/uploads\/2023\/06\/suoni-vita-malga-300x225.jpg' style='background-image:url(\"https:\/\/latemarium.com\/wp-content\/uploads\/2023\/06\/suoni-vita-malga-300x225.jpg\")' ><\/span><\/span><span class='evoet_c2 evoet_cx '><span class='evoet_dayblock evcal_cblock ' data-bgcolor='#b8d989' data-smon='agosto' data-syr='2026' data-bub=''><span class='evo_start '><em class='date'>30<\/em><em class='month'>ago<\/em><em class='time'>15:20<\/em><\/span><\/span><\/span><span class='evoet_c3 evoet_cx evcal_desc hide_eventtopdata '><span class='evoet_title evcal_desc2 evcal_event_title ' itemprop='name'>I suoni e la vita della malga<\/span><span class='event_location_attrs'  data-location_address=\"Localit\u00e0 Pampeago, 8, 38038 Tesero TN\" data-location_type=\"lonlat\" data-location_name=\"Pampeago\" data-location_url=\"https:\/\/latemarium.com\/it\/event-location\/pampeago\/\" data-location_status=\"true\" data-latlng=\"46.34343697644898,11.540997527961546\"><\/span><span class='evoet_subtitle evo_below_title' ><span class='evcal_event_subtitle ' >Alla scoperta della vita dei malgari<\/span><\/span><span class='evoet_time_expand level_3'><em class='evcal_time evo_tz_time'><i class='fa fa-clock-o'><\/i>15:20<span class='evo_tz marl5'>(GMT+02:00)<\/span><\/em> <\/span><span class='evoet_location level_3'><em class=\"evcal_location\"  data-latlng=\"46.34343697644898,11.540997527961546\" data-add_str=\"Localit\u00e0 Pampeago, 8, 38038 Tesero TN\" data-n=\"Pampeago\"><i class=\"fa fa-location-pin\"><\/i><em class=\"event_location_name\">Pampeago<\/em>, Localit\u00e0 Pampeago, 8, 38038 Tesero TN<\/em><\/span><\/span><span class='evoet_data' data-d=\"{&quot;loc.n&quot;:&quot;Pampeago&quot;,&quot;orgs&quot;:[],&quot;tags&quot;:{&quot;repeating&quot;:&quot;Repeating Event&quot;}}\" data-bgc=\"#b8d989\" data-bggrad=\"\" ><\/span><\/a><\/p><div class='event_description evcal_eventcard ' style=\"display:none\"><div class='evocard_row'><div id='event_ftimage' class='evocard_box ftimage' data-c='' \n\t\t\t\t\tstyle=''><div class='evocard_main_image_hold' data-t='Loading Image..'><div class='evocard_main_image evo_img_triglb evobr15 evobgsc evobgpc evodfx evofx_jc_c evofx_ai_c evofz48 minmized' style='height:300px; background-image:url();' data-f=\"https:\/\/latemarium.com\/wp-content\/uploads\/2023\/06\/suoni-vita-malga.jpg\" data-h=\"796\" data-w=\"1062\" data-ratio=\"0.74952919020716\" data-event_id=\"2149\" data-ri=\"19\"  data-t='Loading Image..'><span style='height:300px; background-image:url(https:\/\/latemarium.com\/wp-content\/uploads\/2023\/06\/suoni-vita-malga.jpg)'><\/span><\/div><\/div><\/div><\/div><div class='evocard_row'><div id='event_eventdetails' class='evocard_box eventdetails' data-c='' \n\t\t\t\t\tstyle=''><div class='evo_metarow_details evorow evcal_evdata_row evcal_event_details'>\n\t\t<div class=\"event_excerpt\" style=\"display:none\"><h3 class=\"padb5 evo_h3\">Dettagli dell&#039;evento<\/h3><p>Ritrovo presso parcheggio seggiovia Tresca (raggiungibile in auto da Pampeago \u2013 SOLO per chi prenota l&#8217;attivit\u00e0).\nDopo una breve passeggiata fino a Malga Pampeago, bambini e genitori scoprono la vita e<\/p><\/div><span class='evcal_evdata_icons'><i class='fa fa-align-justify'><\/i><\/span>\n\t\t\n\t\t<div class='evcal_evdata_cell shorter_desc'>\n\t\t\t<div class='eventon_full_description'>\n\t\t\t\t<h3 class='padb5 evo_h3'><span class='evcal_evdata_icons'><i class='fa fa-align-justify'><\/i><\/span>Dettagli dell&#039;evento<\/h3>\n\t\t\t\t<div class='eventon_desc_in' itemprop='description'>\n\t\t\t\t<p>Ritrovo presso parcheggio seggiovia Tresca (raggiungibile in auto da Pampeago \u2013 SOLO per chi prenota l&#8217;attivit\u00e0).<\/p>\n<p>Dopo una breve passeggiata fino a Malga Pampeago, bambini e genitori scoprono la vita e i suoni quotidiani che scandiscono la vita dei malgari, fra mucche, vitellini, asinelli e maiali.<\/p>\n<p>A fine attivit\u00e0 ci sar\u00e0 una piccola merenda che i bambini potranno gustarsi o portarsi a casa.<\/p>\n<p>Attivit\u00e0 possibile anche con passeggino country.<\/p>\n<p>Prenotazione obbligatoria.<\/p>\n<p>Prenotazione obbligatoria. Clicca <a href=\"https:\/\/www.visitfiemme.it\/it\/eventi\/fiemme-cembra-guest-card\/esperienze\/esperienze-in-estate?re-product-id=211655\" target=\"_blank\" rel=\"noopener\">qui<\/a>\u00a0per prenotare.<\/p>\n<\/div><p class='eventon_shad_p' style='padding:5px 0 0; margin:0'>\n\t\t\t<span class='evcal_btn evo_btn_secondary evobtn_details_show_more' content='less'>\n\t\t\t\t<span class='ev_more_text' data-txt='Meno'>Pi\u00f9<\/span><span class='ev_more_arrow ard'><\/span>\n\t\t\t<\/span>\n\t\t<\/p><div class='clear'><\/div>\n\t\t\t<\/div>\n\t\t<\/div>\n\t<\/div><\/div><\/div><div class='evocard_row bx2 bx'><div id='event_time' class='evocard_box time' data-c='' \n\t\t\t\t\tstyle=''><div class='evo_metarow_time evorow evcal_evdata_row evcal_evrow_sm '>\n\t\t<span class='evcal_evdata_icons'><i class='fa fa-clock'><\/i><\/span>\n\t\t<div class='evcal_evdata_cell'>\t\t\t\t\t\t\t\n\t\t\t<h3 class='evo_h3'><span class='evcal_evdata_icons'><i class='fa fa-clock'><\/i><\/span>Orario<\/h3><p><span class='evo_eventcard_time_t'>30 agosto 2026 15:20<\/span><span class='evo_tz marr5'>(GMT+02:00)<\/span><\/p>\n\t\t<\/div>\n\t<\/div><\/div><div id='event_location' class='evocard_box location' data-c='' \n\t\t\t\t\tstyle=''><div class='evcal_evdata_row evo_metarow_time_location evorow '>\n\t\t\n\t\t\t<span class='evcal_evdata_icons'><i class='fa fa-map-marker'><\/i><\/span>\n\t\t\t<div class='evcal_evdata_cell' data-loc_tax_id='30'><h3 class='evo_h3 evodfx'><span class='evcal_evdata_icons'><i class='fa fa-map-marker'><\/i><\/span>Luogo<\/h3><p class='evo_location_name'>Pampeago<\/p><p class='evo_location_address evodfxi evogap10'>Localit\u00e0 Pampeago, 8, 38038 Tesero TN<\/p><div class='padt10'><span class='evo_btn_arr evolb_trigger' data-lbvals=\"{&quot;lbc&quot;:&quot;evo_location_lb_30&quot;,&quot;lbac&quot;:&quot;lb_max&quot;,&quot;t&quot;:&quot;Pampeago&quot;,&quot;ajax&quot;:&quot;yes&quot;,&quot;ajax_type&quot;:&quot;endpoint&quot;,&quot;ajax_action&quot;:&quot;eventon_get_tax_card_content&quot;,&quot;end&quot;:&quot;client&quot;,&quot;d&quot;:{&quot;lang&quot;:&quot;L1&quot;,&quot;term_id&quot;:30,&quot;tax&quot;:&quot;event_location&quot;,&quot;load_lbcontent&quot;:true},&quot;uid&quot;:&quot;eventon_get_tax_card_content&quot;}\" >Other Events<i class='fa fa-chevron-right'><\/i><\/span><\/div><\/div>\n\t\t\n\t<\/div><\/div><\/div><div class='evocard_row'><div id='event_addtocal' class='evocard_box addtocal' data-c='' \n\t\t\t\t\tstyle=''><div class='evo_metarow_ICS evorow evcal_evdata_row'>\n\t\t\t<span class='evcal_evdata_icons'><i class='fa fa-calendar-o'><\/i><\/span>\n\t\t\t<div class='evcal_evdata_cell'>\n\t\t\t\t<p><a href='https:\/\/latemarium.com\/it\/export-events\/2149_19\/?nonce=a3263097f9' class='evo_ics_nCal' title='Aggiungi al tuo calendario'>Calendario<\/a><a href='https:\/\/www.google.com\/calendar\/event?action=TEMPLATE&text=I+suoni+e+la+vita+della+malga&dates=20260830T132000Z%2F20260830T215900Z&ctz=Europe%2FRome&details=I suoni e la vita della malga&location=Pampeago+Localit%C3%A0+Pampeago%2C+8%2C+38038+Tesero+TN' target='_blank' class='evo_ics_gCal' title='Aggiungi al calendario di Google'>GoogleCal<\/a><\/p>\t\n\t\t\t<\/div>\n\t\t<\/div><\/div><\/div><div class='evocard_row'><div id='event_getdirection' class='evocard_box getdirection' data-c='' \n\t\t\t\t\tstyle=''><div class='evo_metarow_getDr evorow evcal_evdata_row evcal_evrow_sm getdirections'>\n\t\t<form action='https:\/\/maps.google.com\/maps' method='get' target='_blank'>\n\t\t\t<input type='hidden' name='daddr' value=\"46.34343697644898,11.540997527961546\"\/> \n\t\t\t<div class='evo_get_direction_content evo_fx_dr_r evogap10'>\n\t\t\t\t<span class='evogetdir_header evodfx evofx_dr_r evofx_ai_c marr10'>\n\t\t\t\t\t<i class='mainicon fa fa-road'><\/i> \n\t\t\t\t\t<h3 class='evo_h3' style='padding-bottom:5px;'>Ottieni indicazioni stradali<\/h3>\n\t\t\t\t<\/span>\n\t\t\t\t<span class='evogetdir_field evodfx evofx_1_1 evo_fx_dr_c evow100p'>\t\t\t\t\t\n\t\t\t\t\t<input class='evoInput evotac' type='text' name='saddr' placeholder='Digitare l&#039;indirizzo per ottenere le indicazioni stradali' value='' style='margin:10px 0;'\/>\n\t\t\t\t<\/span>\n\t\t\t\t<button type='submit' class='evo_get_direction_button evo_btn_arr_circ dfx fx_ai_c' title='Fare clic qui per ottenere indicazioni'><i class='fa fa-chevron-right'><\/i> <\/button>\n\t\t\t<\/div>\n\t\t<\/form>\n\t<\/div><\/div><\/div><div class='evo_card_row_end evcal_close' title='Testo del pulsante Chiudi evento'><\/div><\/div><div class='clear end'><\/div><\/div><div id=\"event_2114_9\" class=\"eventon_list_event evo_eventtop scheduled  event clrW no_et event_2114_9\" data-event_id=\"2114\" data-ri=\"9r\" data-time=\"1788161400-1788213540\" data-colr=\"#ffa024\" itemscope itemtype='http:\/\/schema.org\/Event'><div class=\"evo_event_schema\" style=\"display:none\" ><a itemprop='url'  href='https:\/\/latemarium.com\/it\/events\/geotrekking-monte-agnello\/var\/ri-9.l-L1'><\/a><meta itemprop='image' content=\"https:\/\/latemarium.com\/wp-content\/uploads\/2023\/06\/geotrail-monte-agnello.jpg\" \/><meta itemprop='startDate' content=\"2026-8-31T09:30+0:00\" \/><meta itemprop='endDate' content=\"2026-8-31T23:59+0:00\" \/><meta itemprop='eventStatus' content=\"https:\/\/schema.org\/EventScheduled\" \/><meta itemprop='eventAttendanceMode'   itemscope itemtype=\"https:\/\/schema.org\/OfflineEventAttendanceMode\"\/><div style=\"display:none\" itemprop=\"location\" itemscope itemtype=\"http:\/\/schema.org\/Place\"><span itemprop=\"name\">Rifugio Agnello<\/span><span itemprop=\"address\" itemscope itemtype=\"http:\/\/schema.org\/PostalAddress\"><item itemprop=\"streetAddress\">Loc. Pampeago, 9, 38038 Tesero TN<\/item><\/span><\/div><script type=\"application\/ld+json\">{\"@context\": \"http:\/\/schema.org\",\"@type\": \"Event\",\n\t\t\t\t\"@id\": \"event_2114_9\",\n\t\t\t\t\"eventAttendanceMode\":\"https:\/\/schema.org\/OfflineEventAttendanceMode\",\n\t\t\t\t\"eventStatus\":\"https:\/\/schema.org\/EventScheduled\",\n\t\t\t\t\"name\": \"Geotrekking Monte Agnello\",\n\t\t\t\t\"url\": \"https:\/\/latemarium.com\/it\/events\/geotrekking-monte-agnello\/var\/ri-9.l-L1\",\n\t\t\t\t\"startDate\": \"2026-8-31T09:30+0:00\",\n\t\t\t\t\"endDate\": \"2026-8-31T23:59+0:00\",\n\t\t\t\t\"image\":\"https:\/\/latemarium.com\/wp-content\/uploads\/2023\/06\/geotrail-monte-agnello.jpg\", \n\t\t\t\t\"description\":\"<p><strong>Scenografico itinerario geologico<\/strong> ad anello alla scoperta dell\u2019antico vulcano di Predazzo, guidati da un esperto Geologo e Accompagnatore di Media Montagna.<\/p> <p>Una camminata sulle tracce della Pompei del Triassico del Monte Agnello, dove lave, ceneri e lapilli hanno seppellito un antico atollo tropicale.<\/p> <p>Il percorso \u00e8 semplice, con sentieri ben percorribili, dislivello 350 metri circa.<\/p> <p><strong>Prenotazione obbligatoria<\/strong>.<\/p> <p>Attivit\u00e0 gratuita.<\/p> <p>Clicca <a href='https:\/\/www.visitfiemme.it\/it\/eventi\/fiemme-cembra-guest-card\/esperienze\/esperienze-in-estate?re-product-id=211508' target='_blank' rel='noopener'>qui<\/a>\u00a0per prenotare.<\/p> \",\"location\":[{\"@type\":\"Place\",\"name\":\"Rifugio Agnello\",\"address\":{\"@type\": \"PostalAddress\",\"streetAddress\":\"Loc. Pampeago, 9, 38038 Tesero TN\"}}]}<\/script><\/div>\r\n\t\t\t\t<p class=\"desc_trig_outter\" style=\"\"><a data-gmtrig=\"1\" data-exlk=\"0\" style=\"background-color: #ffa024;\" id=\"evc_17881614002114\" class=\"hasFtIMG event_repeat desc_trig sin_val evcal_list_a\" data-ux_val=\"3\" data-ux_val_mob=\"-\"  ><span class='evoet_c1 evoet_cx '><span class='ev_ftImg' data-img='https:\/\/latemarium.com\/wp-content\/uploads\/2023\/06\/geotrail-monte-agnello.jpg' data-thumb='https:\/\/latemarium.com\/wp-content\/uploads\/2023\/06\/geotrail-monte-agnello-300x240.jpg' style='background-image:url(\"https:\/\/latemarium.com\/wp-content\/uploads\/2023\/06\/geotrail-monte-agnello-300x240.jpg\")' ><\/span><\/span><span class='evoet_c2 evoet_cx '><span class='evoet_dayblock evcal_cblock ' data-bgcolor='#ffa024' data-smon='agosto' data-syr='2026' data-bub=''><span class='evo_start '><em class='date'>31<\/em><em class='month'>ago<\/em><em class='time'>09:30<\/em><\/span><\/span><\/span><span class='evoet_c3 evoet_cx evcal_desc hide_eventtopdata '><span class='evoet_title evcal_desc2 evcal_event_title ' itemprop='name'>Geotrekking Monte Agnello<\/span><span class='event_location_attrs'  data-location_address=\"Loc. Pampeago, 9, 38038 Tesero TN\" data-location_type=\"lonlat\" data-location_name=\"Rifugio Agnello\" data-location_url=\"https:\/\/latemarium.com\/it\/event-location\/rifugio-agnello\/\" data-location_status=\"true\" data-latlng=\"46.333809095680266,11.547693182509184\"><\/span><span class='evoet_subtitle evo_below_title' ><span class='evcal_event_subtitle ' >itinerario geologico ad anello alla scoperta dell\u2019antico vulcano di Predazzo<\/span><\/span><span class='evoet_time_expand level_3'><em class='evcal_time evo_tz_time'><i class='fa fa-clock-o'><\/i>09:30<span class='evo_tz marl5'>(GMT+02:00)<\/span><\/em> <\/span><span class='evoet_location level_3'><em class=\"evcal_location\"  data-latlng=\"46.333809095680266,11.547693182509184\" data-add_str=\"Loc. Pampeago, 9, 38038 Tesero TN\" data-n=\"Rifugio Agnello\"><i class=\"fa fa-location-pin\"><\/i><em class=\"event_location_name\">Rifugio Agnello<\/em>, Loc. Pampeago, 9, 38038 Tesero TN<\/em><\/span><\/span><span class='evoet_data' data-d=\"{&quot;loc.n&quot;:&quot;Rifugio Agnello&quot;,&quot;orgs&quot;:[],&quot;tags&quot;:{&quot;repeating&quot;:&quot;Repeating Event&quot;}}\" data-bgc=\"#ffa024\" data-bggrad=\"\" ><\/span><\/a><\/p><div class='event_description evcal_eventcard ' style=\"display:none\"><div class='evocard_row'><div id='event_ftimage' class='evocard_box ftimage' data-c='' \n\t\t\t\t\tstyle=''><div class='evocard_main_image_hold' data-t='Loading Image..'><div class='evocard_main_image evo_img_triglb evobr15 evobgsc evobgpc evodfx evofx_jc_c evofx_ai_c evofz48 minmized' style='height:300px; background-image:url();' data-f=\"https:\/\/latemarium.com\/wp-content\/uploads\/2023\/06\/geotrail-monte-agnello.jpg\" data-h=\"528\" data-w=\"661\" data-ratio=\"0.79878971255673\" data-event_id=\"2114\" data-ri=\"9\"  data-t='Loading Image..'><span style='height:300px; background-image:url(https:\/\/latemarium.com\/wp-content\/uploads\/2023\/06\/geotrail-monte-agnello.jpg)'><\/span><\/div><\/div><\/div><\/div><div class='evocard_row'><div id='event_eventdetails' class='evocard_box eventdetails' data-c='' \n\t\t\t\t\tstyle=''><div class='evo_metarow_details evorow evcal_evdata_row evcal_event_details'>\n\t\t<div class=\"event_excerpt\" style=\"display:none\"><h3 class=\"padb5 evo_h3\">Dettagli dell&#039;evento<\/h3><p>Scenografico itinerario geologico ad anello alla scoperta dell\u2019antico vulcano di Predazzo, guidati da un esperto Geologo e Accompagnatore di Media Montagna.\nUna camminata sulle tracce della Pompei del Triassico del Monte<\/p><\/div><span class='evcal_evdata_icons'><i class='fa fa-align-justify'><\/i><\/span>\n\t\t\n\t\t<div class='evcal_evdata_cell shorter_desc'>\n\t\t\t<div class='eventon_full_description'>\n\t\t\t\t<h3 class='padb5 evo_h3'><span class='evcal_evdata_icons'><i class='fa fa-align-justify'><\/i><\/span>Dettagli dell&#039;evento<\/h3>\n\t\t\t\t<div class='eventon_desc_in' itemprop='description'>\n\t\t\t\t<p><strong>Scenografico itinerario geologico<\/strong> ad anello alla scoperta dell\u2019antico vulcano di Predazzo, guidati da un esperto Geologo e Accompagnatore di Media Montagna.<\/p>\n<p>Una camminata sulle tracce della Pompei del Triassico del Monte Agnello, dove lave, ceneri e lapilli hanno seppellito un antico atollo tropicale.<\/p>\n<p>Il percorso \u00e8 semplice, con sentieri ben percorribili, dislivello 350 metri circa.<\/p>\n<p><strong>Prenotazione obbligatoria<\/strong>.<\/p>\n<p>Attivit\u00e0 gratuita.<\/p>\n<p>Clicca <a href=\"https:\/\/www.visitfiemme.it\/it\/eventi\/fiemme-cembra-guest-card\/esperienze\/esperienze-in-estate?re-product-id=211508\" target=\"_blank\" rel=\"noopener\">qui<\/a>\u00a0per prenotare.<\/p>\n<\/div><p class='eventon_shad_p' style='padding:5px 0 0; margin:0'>\n\t\t\t<span class='evcal_btn evo_btn_secondary evobtn_details_show_more' content='less'>\n\t\t\t\t<span class='ev_more_text' data-txt='Meno'>Pi\u00f9<\/span><span class='ev_more_arrow ard'><\/span>\n\t\t\t<\/span>\n\t\t<\/p><div class='clear'><\/div>\n\t\t\t<\/div>\n\t\t<\/div>\n\t<\/div><\/div><\/div><div class='evocard_row bx2 bx'><div id='event_time' class='evocard_box time' data-c='' \n\t\t\t\t\tstyle=''><div class='evo_metarow_time evorow evcal_evdata_row evcal_evrow_sm '>\n\t\t<span class='evcal_evdata_icons'><i class='fa fa-clock'><\/i><\/span>\n\t\t<div class='evcal_evdata_cell'>\t\t\t\t\t\t\t\n\t\t\t<h3 class='evo_h3'><span class='evcal_evdata_icons'><i class='fa fa-clock'><\/i><\/span>Orario<\/h3><p><span class='evo_eventcard_time_t'>31 agosto 2026 09:30<\/span><span class='evo_tz marr5'>(GMT+02:00)<\/span><\/p>\n\t\t<\/div>\n\t<\/div><\/div><div id='event_location' class='evocard_box location' data-c='' \n\t\t\t\t\tstyle=''><div class='evcal_evdata_row evo_metarow_time_location evorow '>\n\t\t\n\t\t\t<span class='evcal_evdata_icons'><i class='fa fa-map-marker'><\/i><\/span>\n\t\t\t<div class='evcal_evdata_cell' data-loc_tax_id='24'><h3 class='evo_h3 evodfx'><span class='evcal_evdata_icons'><i class='fa fa-map-marker'><\/i><\/span><a target=\"_blank\" href=\"https:\/\/www.facebook.com\/profile.php?id=100064742944609\">Luogo<\/a><\/h3><p class='evo_location_name'><a target=\"_blank\" href=\"https:\/\/www.facebook.com\/profile.php?id=100064742944609\">Rifugio Agnello<\/a><\/p><p class='evo_location_address evodfxi evogap10'><a target=\"_blank\" href=\"https:\/\/www.facebook.com\/profile.php?id=100064742944609\">Loc. Pampeago, 9, 38038 Tesero TN<\/a><\/p><div class='padt10'><span class='evo_btn_arr evolb_trigger' data-lbvals=\"{&quot;lbc&quot;:&quot;evo_location_lb_24&quot;,&quot;lbac&quot;:&quot;lb_max&quot;,&quot;t&quot;:&quot;Rifugio Agnello&quot;,&quot;ajax&quot;:&quot;yes&quot;,&quot;ajax_type&quot;:&quot;endpoint&quot;,&quot;ajax_action&quot;:&quot;eventon_get_tax_card_content&quot;,&quot;end&quot;:&quot;client&quot;,&quot;d&quot;:{&quot;lang&quot;:&quot;L1&quot;,&quot;term_id&quot;:24,&quot;tax&quot;:&quot;event_location&quot;,&quot;load_lbcontent&quot;:true},&quot;uid&quot;:&quot;eventon_get_tax_card_content&quot;}\" >Other Events<i class='fa fa-chevron-right'><\/i><\/span><\/div><\/div>\n\t\t\n\t<\/div><\/div><\/div><div class='evocard_row bx2 bx'><div id='event_learnmore' class='evocard_box learnmore' data-c='' \n\t\t\t\t\tstyle=''><div class='evo_metarow_learnM evo_metarow_learnmore evorow'>\n\t\t\t\t\t\t\t<a class='evcal_evdata_row evo_clik_row ' href='https:\/\/latemarium.com\/it\/excursions\/detail\/geotrail-monte-agnello\/' target=\"_blank\">\n\t\t\t\t\t\t\t\t<span class='evcal_evdata_icons'><i class='fa fa-link'><\/i><\/span>\n\t\t\t\t\t\t\t\t<h3 class='evo_h3'>Scopri di pi\u00f9<\/h3>\n\t\t\t\t\t\t\t<\/a>\n\t\t\t\t\t\t\t<\/div><\/div><div id='event_addtocal' class='evocard_box addtocal' data-c='' \n\t\t\t\t\tstyle=''><div class='evo_metarow_ICS evorow evcal_evdata_row'>\n\t\t\t<span class='evcal_evdata_icons'><i class='fa fa-calendar-o'><\/i><\/span>\n\t\t\t<div class='evcal_evdata_cell'>\n\t\t\t\t<p><a href='https:\/\/latemarium.com\/it\/export-events\/2114_9\/?nonce=a3263097f9' class='evo_ics_nCal' title='Aggiungi al tuo calendario'>Calendario<\/a><a href='https:\/\/www.google.com\/calendar\/event?action=TEMPLATE&text=Geotrekking+Monte+Agnello&dates=20260831T073000Z%2F20260831T215900Z&ctz=Europe%2FRome&details=Geotrekking Monte Agnello&location=Rifugio+Agnello+Loc.+Pampeago%2C+9%2C+38038+Tesero+TN' target='_blank' class='evo_ics_gCal' title='Aggiungi al calendario di Google'>GoogleCal<\/a><\/p>\t\n\t\t\t<\/div>\n\t\t<\/div><\/div><\/div><div class='evocard_row'><div id='event_getdirection' class='evocard_box getdirection' data-c='' \n\t\t\t\t\tstyle=''><div class='evo_metarow_getDr evorow evcal_evdata_row evcal_evrow_sm getdirections'>\n\t\t<form action='https:\/\/maps.google.com\/maps' method='get' target='_blank'>\n\t\t\t<input type='hidden' name='daddr' value=\"46.333809095680266,11.547693182509184\"\/> \n\t\t\t<div class='evo_get_direction_content evo_fx_dr_r evogap10'>\n\t\t\t\t<span class='evogetdir_header evodfx evofx_dr_r evofx_ai_c marr10'>\n\t\t\t\t\t<i class='mainicon fa fa-road'><\/i> \n\t\t\t\t\t<h3 class='evo_h3' style='padding-bottom:5px;'>Ottieni indicazioni stradali<\/h3>\n\t\t\t\t<\/span>\n\t\t\t\t<span class='evogetdir_field evodfx evofx_1_1 evo_fx_dr_c evow100p'>\t\t\t\t\t\n\t\t\t\t\t<input class='evoInput evotac' type='text' name='saddr' placeholder='Digitare l&#039;indirizzo per ottenere le indicazioni stradali' value='' style='margin:10px 0;'\/>\n\t\t\t\t<\/span>\n\t\t\t\t<button type='submit' class='evo_get_direction_button evo_btn_arr_circ dfx fx_ai_c' title='Fare clic qui per ottenere indicazioni'><i class='fa fa-chevron-right'><\/i> <\/button>\n\t\t\t<\/div>\n\t\t<\/form>\n\t<\/div><\/div><\/div><div class='evo_card_row_end evcal_close' title='Testo del pulsante Chiudi evento'><\/div><\/div><div class='clear end'><\/div><\/div><div id=\"event_2149_20\" class=\"eventon_list_event evo_eventtop scheduled  event clrW no_et event_2149_20\" data-event_id=\"2149\" data-ri=\"20r\" data-time=\"1788182400-1788213540\" data-colr=\"#b8d989\" itemscope itemtype='http:\/\/schema.org\/Event'><div class=\"evo_event_schema\" style=\"display:none\" ><a itemprop='url'  href='https:\/\/latemarium.com\/it\/events\/i-suoni-e-la-vita-della-malga\/var\/ri-20.l-L1'><\/a><meta itemprop='image' content=\"https:\/\/latemarium.com\/wp-content\/uploads\/2023\/06\/suoni-vita-malga.jpg\" \/><meta itemprop='startDate' content=\"2026-8-31T15:20+0:00\" \/><meta itemprop='endDate' content=\"2026-8-31T23:59+0:00\" \/><meta itemprop='eventStatus' content=\"https:\/\/schema.org\/EventScheduled\" \/><meta itemprop='eventAttendanceMode'   itemscope itemtype=\"https:\/\/schema.org\/OfflineEventAttendanceMode\"\/><div style=\"display:none\" itemprop=\"location\" itemscope itemtype=\"http:\/\/schema.org\/Place\"><span itemprop=\"name\">Pampeago<\/span><span itemprop=\"address\" itemscope itemtype=\"http:\/\/schema.org\/PostalAddress\"><item itemprop=\"streetAddress\">Localit\u00e0 Pampeago, 8, 38038 Tesero TN<\/item><\/span><\/div><script type=\"application\/ld+json\">{\"@context\": \"http:\/\/schema.org\",\"@type\": \"Event\",\n\t\t\t\t\"@id\": \"event_2149_20\",\n\t\t\t\t\"eventAttendanceMode\":\"https:\/\/schema.org\/OfflineEventAttendanceMode\",\n\t\t\t\t\"eventStatus\":\"https:\/\/schema.org\/EventScheduled\",\n\t\t\t\t\"name\": \"I suoni e la vita della malga\",\n\t\t\t\t\"url\": \"https:\/\/latemarium.com\/it\/events\/i-suoni-e-la-vita-della-malga\/var\/ri-20.l-L1\",\n\t\t\t\t\"startDate\": \"2026-8-31T15:20+0:00\",\n\t\t\t\t\"endDate\": \"2026-8-31T23:59+0:00\",\n\t\t\t\t\"image\":\"https:\/\/latemarium.com\/wp-content\/uploads\/2023\/06\/suoni-vita-malga.jpg\", \n\t\t\t\t\"description\":\"<p>Ritrovo presso parcheggio seggiovia Tresca (raggiungibile in auto da Pampeago \u2013 SOLO per chi prenota l&#8217;attivit\u00e0).<\/p> <p>Dopo una breve passeggiata fino a Malga Pampeago, bambini e genitori scoprono la vita e i suoni quotidiani che scandiscono la vita dei malgari, fra mucche, vitellini, asinelli e maiali.<\/p> <p>A fine attivit\u00e0 ci sar\u00e0 una piccola merenda che i bambini potranno gustarsi o portarsi a casa.<\/p> <p>Attivit\u00e0 possibile anche con passeggino country.<\/p> <p>Prenotazione obbligatoria.<\/p> <p>Prenotazione obbligatoria. Clicca <a href='https:\/\/www.visitfiemme.it\/it\/eventi\/fiemme-cembra-guest-card\/esperienze\/esperienze-in-estate?re-product-id=211655' target='_blank' rel='noopener'>qui<\/a>\u00a0per prenotare.<\/p> \",\"location\":[{\"@type\":\"Place\",\"name\":\"Pampeago\",\"address\":{\"@type\": \"PostalAddress\",\"streetAddress\":\"Localit\u00e0 Pampeago, 8, 38038 Tesero TN\"}}]}<\/script><\/div>\r\n\t\t\t\t<p class=\"desc_trig_outter\" style=\"\"><a data-gmtrig=\"1\" data-exlk=\"0\" style=\"background-color: #b8d989;\" id=\"evc_17881824002149\" class=\"hasFtIMG event_repeat desc_trig sin_val evcal_list_a\" data-ux_val=\"3\" data-ux_val_mob=\"-\"  ><span class='evoet_c1 evoet_cx '><span class='ev_ftImg' data-img='https:\/\/latemarium.com\/wp-content\/uploads\/2023\/06\/suoni-vita-malga.jpg' data-thumb='https:\/\/latemarium.com\/wp-content\/uploads\/2023\/06\/suoni-vita-malga-300x225.jpg' style='background-image:url(\"https:\/\/latemarium.com\/wp-content\/uploads\/2023\/06\/suoni-vita-malga-300x225.jpg\")' ><\/span><\/span><span class='evoet_c2 evoet_cx '><span class='evoet_dayblock evcal_cblock ' data-bgcolor='#b8d989' data-smon='agosto' data-syr='2026' data-bub=''><span class='evo_start '><em class='date'>31<\/em><em class='month'>ago<\/em><em class='time'>15:20<\/em><\/span><\/span><\/span><span class='evoet_c3 evoet_cx evcal_desc hide_eventtopdata '><span class='evoet_title evcal_desc2 evcal_event_title ' itemprop='name'>I suoni e la vita della malga<\/span><span class='event_location_attrs'  data-location_address=\"Localit\u00e0 Pampeago, 8, 38038 Tesero TN\" data-location_type=\"lonlat\" data-location_name=\"Pampeago\" data-location_url=\"https:\/\/latemarium.com\/it\/event-location\/pampeago\/\" data-location_status=\"true\" data-latlng=\"46.34343697644898,11.540997527961546\"><\/span><span class='evoet_subtitle evo_below_title' ><span class='evcal_event_subtitle ' >Alla scoperta della vita dei malgari<\/span><\/span><span class='evoet_time_expand level_3'><em class='evcal_time evo_tz_time'><i class='fa fa-clock-o'><\/i>15:20<span class='evo_tz marl5'>(GMT+02:00)<\/span><\/em> <\/span><span class='evoet_location level_3'><em class=\"evcal_location\"  data-latlng=\"46.34343697644898,11.540997527961546\" data-add_str=\"Localit\u00e0 Pampeago, 8, 38038 Tesero TN\" data-n=\"Pampeago\"><i class=\"fa fa-location-pin\"><\/i><em class=\"event_location_name\">Pampeago<\/em>, Localit\u00e0 Pampeago, 8, 38038 Tesero TN<\/em><\/span><\/span><span class='evoet_data' data-d=\"{&quot;loc.n&quot;:&quot;Pampeago&quot;,&quot;orgs&quot;:[],&quot;tags&quot;:{&quot;repeating&quot;:&quot;Repeating Event&quot;}}\" data-bgc=\"#b8d989\" data-bggrad=\"\" ><\/span><\/a><\/p><div class='event_description evcal_eventcard ' style=\"display:none\"><div class='evocard_row'><div id='event_ftimage' class='evocard_box ftimage' data-c='' \n\t\t\t\t\tstyle=''><div class='evocard_main_image_hold' data-t='Loading Image..'><div class='evocard_main_image evo_img_triglb evobr15 evobgsc evobgpc evodfx evofx_jc_c evofx_ai_c evofz48 minmized' style='height:300px; background-image:url();' data-f=\"https:\/\/latemarium.com\/wp-content\/uploads\/2023\/06\/suoni-vita-malga.jpg\" data-h=\"796\" data-w=\"1062\" data-ratio=\"0.74952919020716\" data-event_id=\"2149\" data-ri=\"20\"  data-t='Loading Image..'><span style='height:300px; background-image:url(https:\/\/latemarium.com\/wp-content\/uploads\/2023\/06\/suoni-vita-malga.jpg)'><\/span><\/div><\/div><\/div><\/div><div class='evocard_row'><div id='event_eventdetails' class='evocard_box eventdetails' data-c='' \n\t\t\t\t\tstyle=''><div class='evo_metarow_details evorow evcal_evdata_row evcal_event_details'>\n\t\t<div class=\"event_excerpt\" style=\"display:none\"><h3 class=\"padb5 evo_h3\">Dettagli dell&#039;evento<\/h3><p>Ritrovo presso parcheggio seggiovia Tresca (raggiungibile in auto da Pampeago \u2013 SOLO per chi prenota l&#8217;attivit\u00e0).\nDopo una breve passeggiata fino a Malga Pampeago, bambini e genitori scoprono la vita e<\/p><\/div><span class='evcal_evdata_icons'><i class='fa fa-align-justify'><\/i><\/span>\n\t\t\n\t\t<div class='evcal_evdata_cell shorter_desc'>\n\t\t\t<div class='eventon_full_description'>\n\t\t\t\t<h3 class='padb5 evo_h3'><span class='evcal_evdata_icons'><i class='fa fa-align-justify'><\/i><\/span>Dettagli dell&#039;evento<\/h3>\n\t\t\t\t<div class='eventon_desc_in' itemprop='description'>\n\t\t\t\t<p>Ritrovo presso parcheggio seggiovia Tresca (raggiungibile in auto da Pampeago \u2013 SOLO per chi prenota l&#8217;attivit\u00e0).<\/p>\n<p>Dopo una breve passeggiata fino a Malga Pampeago, bambini e genitori scoprono la vita e i suoni quotidiani che scandiscono la vita dei malgari, fra mucche, vitellini, asinelli e maiali.<\/p>\n<p>A fine attivit\u00e0 ci sar\u00e0 una piccola merenda che i bambini potranno gustarsi o portarsi a casa.<\/p>\n<p>Attivit\u00e0 possibile anche con passeggino country.<\/p>\n<p>Prenotazione obbligatoria.<\/p>\n<p>Prenotazione obbligatoria. Clicca <a href=\"https:\/\/www.visitfiemme.it\/it\/eventi\/fiemme-cembra-guest-card\/esperienze\/esperienze-in-estate?re-product-id=211655\" target=\"_blank\" rel=\"noopener\">qui<\/a>\u00a0per prenotare.<\/p>\n<\/div><p class='eventon_shad_p' style='padding:5px 0 0; margin:0'>\n\t\t\t<span class='evcal_btn evo_btn_secondary evobtn_details_show_more' content='less'>\n\t\t\t\t<span class='ev_more_text' data-txt='Meno'>Pi\u00f9<\/span><span class='ev_more_arrow ard'><\/span>\n\t\t\t<\/span>\n\t\t<\/p><div class='clear'><\/div>\n\t\t\t<\/div>\n\t\t<\/div>\n\t<\/div><\/div><\/div><div class='evocard_row bx2 bx'><div id='event_time' class='evocard_box time' data-c='' \n\t\t\t\t\tstyle=''><div class='evo_metarow_time evorow evcal_evdata_row evcal_evrow_sm '>\n\t\t<span class='evcal_evdata_icons'><i class='fa fa-clock'><\/i><\/span>\n\t\t<div class='evcal_evdata_cell'>\t\t\t\t\t\t\t\n\t\t\t<h3 class='evo_h3'><span class='evcal_evdata_icons'><i class='fa fa-clock'><\/i><\/span>Orario<\/h3><p><span class='evo_eventcard_time_t'>31 agosto 2026 15:20<\/span><span class='evo_tz marr5'>(GMT+02:00)<\/span><\/p>\n\t\t<\/div>\n\t<\/div><\/div><div id='event_location' class='evocard_box location' data-c='' \n\t\t\t\t\tstyle=''><div class='evcal_evdata_row evo_metarow_time_location evorow '>\n\t\t\n\t\t\t<span class='evcal_evdata_icons'><i class='fa fa-map-marker'><\/i><\/span>\n\t\t\t<div class='evcal_evdata_cell' data-loc_tax_id='30'><h3 class='evo_h3 evodfx'><span class='evcal_evdata_icons'><i class='fa fa-map-marker'><\/i><\/span>Luogo<\/h3><p class='evo_location_name'>Pampeago<\/p><p class='evo_location_address evodfxi evogap10'>Localit\u00e0 Pampeago, 8, 38038 Tesero TN<\/p><div class='padt10'><span class='evo_btn_arr evolb_trigger' data-lbvals=\"{&quot;lbc&quot;:&quot;evo_location_lb_30&quot;,&quot;lbac&quot;:&quot;lb_max&quot;,&quot;t&quot;:&quot;Pampeago&quot;,&quot;ajax&quot;:&quot;yes&quot;,&quot;ajax_type&quot;:&quot;endpoint&quot;,&quot;ajax_action&quot;:&quot;eventon_get_tax_card_content&quot;,&quot;end&quot;:&quot;client&quot;,&quot;d&quot;:{&quot;lang&quot;:&quot;L1&quot;,&quot;term_id&quot;:30,&quot;tax&quot;:&quot;event_location&quot;,&quot;load_lbcontent&quot;:true},&quot;uid&quot;:&quot;eventon_get_tax_card_content&quot;}\" >Other Events<i class='fa fa-chevron-right'><\/i><\/span><\/div><\/div>\n\t\t\n\t<\/div><\/div><\/div><div class='evocard_row'><div id='event_addtocal' class='evocard_box addtocal' data-c='' \n\t\t\t\t\tstyle=''><div class='evo_metarow_ICS evorow evcal_evdata_row'>\n\t\t\t<span class='evcal_evdata_icons'><i class='fa fa-calendar-o'><\/i><\/span>\n\t\t\t<div class='evcal_evdata_cell'>\n\t\t\t\t<p><a href='https:\/\/latemarium.com\/it\/export-events\/2149_20\/?nonce=a3263097f9' class='evo_ics_nCal' title='Aggiungi al tuo calendario'>Calendario<\/a><a href='https:\/\/www.google.com\/calendar\/event?action=TEMPLATE&text=I+suoni+e+la+vita+della+malga&dates=20260831T132000Z%2F20260831T215900Z&ctz=Europe%2FRome&details=I suoni e la vita della malga&location=Pampeago+Localit%C3%A0+Pampeago%2C+8%2C+38038+Tesero+TN' target='_blank' class='evo_ics_gCal' title='Aggiungi al calendario di Google'>GoogleCal<\/a><\/p>\t\n\t\t\t<\/div>\n\t\t<\/div><\/div><\/div><div class='evocard_row'><div id='event_getdirection' class='evocard_box getdirection' data-c='' \n\t\t\t\t\tstyle=''><div class='evo_metarow_getDr evorow evcal_evdata_row evcal_evrow_sm getdirections'>\n\t\t<form action='https:\/\/maps.google.com\/maps' method='get' target='_blank'>\n\t\t\t<input type='hidden' name='daddr' value=\"46.34343697644898,11.540997527961546\"\/> \n\t\t\t<div class='evo_get_direction_content evo_fx_dr_r evogap10'>\n\t\t\t\t<span class='evogetdir_header evodfx evofx_dr_r evofx_ai_c marr10'>\n\t\t\t\t\t<i class='mainicon fa fa-road'><\/i> \n\t\t\t\t\t<h3 class='evo_h3' style='padding-bottom:5px;'>Ottieni indicazioni stradali<\/h3>\n\t\t\t\t<\/span>\n\t\t\t\t<span class='evogetdir_field evodfx evofx_1_1 evo_fx_dr_c evow100p'>\t\t\t\t\t\n\t\t\t\t\t<input class='evoInput evotac' type='text' name='saddr' placeholder='Digitare l&#039;indirizzo per ottenere le indicazioni stradali' value='' style='margin:10px 0;'\/>\n\t\t\t\t<\/span>\n\t\t\t\t<button type='submit' class='evo_get_direction_button evo_btn_arr_circ dfx fx_ai_c' title='Fare clic qui per ottenere indicazioni'><i class='fa fa-chevron-right'><\/i> <\/button>\n\t\t\t<\/div>\n\t\t<\/form>\n\t<\/div><\/div><\/div><div class='evo_card_row_end evcal_close' title='Testo del pulsante Chiudi evento'><\/div><\/div><div class='clear end'><\/div><\/div><\/div>\t\t\t<\/div>\r\n\t\t\t<\/div><!-- evo_events_list_box -->\t\r\n\t\t\t<div class='clear'><\/div>\r\n\t\t\t\t\t \t<div id='evcal_footer' class='evo_bottom' style='display:none'>\r\n\t\t \t\t<div class='evo_cal_data' data-sc=\"{&quot;accord&quot;:&quot;no&quot;,&quot;bottom_nav&quot;:&quot;no&quot;,&quot;cal_id&quot;:&quot;&quot;,&quot;cal_init_nonajax&quot;:&quot;no&quot;,&quot;calendar_type&quot;:&quot;list&quot;,&quot;day_incre&quot;:0,&quot;ep_fields&quot;:&quot;&quot;,&quot;etc_override&quot;:&quot;no&quot;,&quot;evc_open&quot;:&quot;no&quot;,&quot;event_count&quot;:0,&quot;event_location&quot;:&quot;all&quot;,&quot;event_order&quot;:&quot;ASC&quot;,&quot;event_organizer&quot;:&quot;all&quot;,&quot;event_parts&quot;:&quot;no&quot;,&quot;event_past_future&quot;:&quot;all&quot;,&quot;event_status&quot;:&quot;all&quot;,&quot;event_tag&quot;:&quot;all&quot;,&quot;event_type&quot;:&quot;all&quot;,&quot;event_type_2&quot;:&quot;all&quot;,&quot;event_type_3&quot;:&quot;all&quot;,&quot;event_type_4&quot;:&quot;all&quot;,&quot;event_type_5&quot;:&quot;all&quot;,&quot;event_virtual&quot;:&quot;all&quot;,&quot;eventtop_date_style&quot;:0,&quot;eventtop_style&quot;:&quot;2&quot;,&quot;exp_jumper&quot;:&quot;no&quot;,&quot;exp_so&quot;:&quot;no&quot;,&quot;filter_relationship&quot;:&quot;AND&quot;,&quot;filter_show_set_only&quot;:&quot;no&quot;,&quot;filter_style&quot;:&quot;default&quot;,&quot;filter_type&quot;:&quot;default&quot;,&quot;filters&quot;:&quot;yes&quot;,&quot;fixed_day&quot;:&quot;3&quot;,&quot;fixed_month&quot;:&quot;5&quot;,&quot;fixed_year&quot;:&quot;2026&quot;,&quot;focus_end_date_range&quot;:&quot;1788213599&quot;,&quot;focus_start_date_range&quot;:&quot;1777586400&quot;,&quot;ft_event_priority&quot;:&quot;no&quot;,&quot;grid_ux&quot;:0,&quot;heat&quot;:&quot;no&quot;,&quot;hide_arrows&quot;:&quot;no&quot;,&quot;hide_cancels&quot;:&quot;no&quot;,&quot;hide_empty_months&quot;:&quot;no&quot;,&quot;hide_end_time&quot;:&quot;no&quot;,&quot;hide_et_dn&quot;:&quot;no&quot;,&quot;hide_et_extra&quot;:&quot;no&quot;,&quot;hide_et_tags&quot;:&quot;no&quot;,&quot;hide_et_tl&quot;:&quot;no&quot;,&quot;hide_ft&quot;:&quot;no&quot;,&quot;hide_ft_img&quot;:&quot;no&quot;,&quot;hide_month_headers&quot;:&quot;no&quot;,&quot;hide_mult_occur&quot;:&quot;no&quot;,&quot;hide_past&quot;:&quot;no&quot;,&quot;hide_past_by&quot;:&quot;ee&quot;,&quot;hide_so&quot;:&quot;no&quot;,&quot;hide_sort_options&quot;:&quot;no&quot;,&quot;hover&quot;:&quot;number&quot;,&quot;ics&quot;:&quot;no&quot;,&quot;jumper&quot;:&quot;no&quot;,&quot;jumper_count&quot;:5,&quot;jumper_offset&quot;:&quot;0&quot;,&quot;lang&quot;:&quot;L1&quot;,&quot;layout_changer&quot;:&quot;no&quot;,&quot;livenow_bar&quot;:&quot;yes&quot;,&quot;load_fullmonth&quot;:&quot;no&quot;,&quot;mapformat&quot;:&quot;roadmap&quot;,&quot;mapiconurl&quot;:&quot;&quot;,&quot;maps_load&quot;:&quot;yes&quot;,&quot;mapscroll&quot;:&quot;true&quot;,&quot;mapzoom&quot;:&quot;18&quot;,&quot;members_only&quot;:&quot;no&quot;,&quot;ml_priority&quot;:&quot;no&quot;,&quot;ml_toend&quot;:&quot;no&quot;,&quot;mo1st&quot;:&quot;&quot;,&quot;month_incre&quot;:0,&quot;nexttogrid&quot;:&quot;no&quot;,&quot;number_of_months&quot;:&quot;4&quot;,&quot;only_ft&quot;:&quot;no&quot;,&quot;pec&quot;:&quot;&quot;,&quot;s&quot;:&quot;&quot;,&quot;search&quot;:&quot;&quot;,&quot;search_all&quot;:&quot;no&quot;,&quot;sep_month&quot;:&quot;yes&quot;,&quot;show_et_ft_img&quot;:&quot;yes&quot;,&quot;show_limit&quot;:&quot;no&quot;,&quot;show_limit_ajax&quot;:&quot;no&quot;,&quot;show_limit_paged&quot;:1,&quot;show_limit_redir&quot;:&quot;&quot;,&quot;show_repeats&quot;:&quot;no&quot;,&quot;show_search&quot;:&quot;no&quot;,&quot;show_upcoming&quot;:0,&quot;show_year&quot;:&quot;no&quot;,&quot;social_share&quot;:&quot;no&quot;,&quot;sort_by&quot;:&quot;sort_date&quot;,&quot;style&quot;:&quot;&quot;,&quot;tile_bg&quot;:0,&quot;tile_bg_size&quot;:&quot;full&quot;,&quot;tile_count&quot;:2,&quot;tile_height&quot;:0,&quot;tile_style&quot;:0,&quot;tiles&quot;:&quot;no&quot;,&quot;ux_val&quot;:&quot;0&quot;,&quot;view_switcher&quot;:&quot;no&quot;,&quot;wpml_l1&quot;:&quot;&quot;,&quot;wpml_l2&quot;:&quot;&quot;,&quot;wpml_l3&quot;:&quot;&quot;,&quot;yl_priority&quot;:&quot;no&quot;,&quot;yl_toend&quot;:&quot;no&quot;,&quot;_cver&quot;:&quot;4.8.1&quot;}\" data-filter_data=\"{&quot;event_location&quot;:{&quot;__name&quot;:&quot;Luogo dell&amp;#039;evento&quot;,&quot;__tax&quot;:&quot;event_location&quot;,&quot;__filter_type&quot;:&quot;tax&quot;,&quot;__def_val&quot;:[&quot;all&quot;],&quot;__invals&quot;:[&quot;all&quot;],&quot;__notvals&quot;:[],&quot;__list&quot;:{&quot;all&quot;:[&quot;all&quot;,&quot;Tutti&quot;],&quot;a-monte-della-seggiovia-gardone-passo-feudo&quot;:[37,&quot;A monte della seggiovia Gardon\\u00e8-Passo Feudo&quot;,false,&quot;y&quot;],&quot;a-monte-della-telecabina-predazzo-gardone&quot;:[34,&quot;A monte della telecabina Predazzo-Gardon\\u00e8&quot;,false,&quot;y&quot;],&quot;anfiteatro-gardone&quot;:[46,&quot;Anfiteatro Gardon\\u00e8&quot;,false,&quot;y&quot;],&quot;obereggen&quot;:[61,&quot;Obereggen&quot;,false,&quot;y&quot;],&quot;pampeago&quot;:[30,&quot;Pampeago&quot;,false,&quot;y&quot;],&quot;predazzo-impianti-latemar&quot;:[27,&quot;Predazzo-Impianti Latemar&quot;,false,&quot;y&quot;],&quot;rifugio-agnello&quot;:[24,&quot;Rifugio Agnello&quot;,false,&quot;y&quot;],&quot;rifugio-oberholz&quot;:[58,&quot;Rifugio Oberholz&quot;,false,&quot;y&quot;],&quot;stazione-a-valle-obereggen&quot;:[22,&quot;Stazione a valle Obereggen&quot;,false,&quot;y&quot;],&quot;teatro-del-latemar&quot;:[40,&quot;Teatro del Latemar&quot;,false,&quot;y&quot;]},&quot;nterms&quot;:[&quot;all&quot;],&quot;tterms&quot;:[&quot;all&quot;],&quot;terms&quot;:[&quot;all&quot;]}}\" data-nav_data=\"{&quot;month_title&quot;:&quot;&lt;p id=&#039;evcal_cur&#039; class=&#039;evo_month_title padr10&#039;&gt; mag, 2026&lt;\\\/p&gt;&quot;,&quot;arrows&quot;:&quot;&lt;p class=&#039;evo_arrows&#039;&gt;\\r\\n\\t\\t\\t\\t\\t&lt;span id=&#039;evcal_prev&#039; class=&#039;evcal_arrows evcal_btn_prev evodfx evofx_jc_c evofx_ai_c&#039; &gt;&lt;i class=&#039;fa fa-chevron-left&#039;&gt;&lt;\\\/i&gt;&lt;\\\/span&gt;\\r\\n\\t\\t\\t\\t\\t&lt;span id=&#039;evcal_next&#039; class=&#039;evcal_arrows evo_arrow_next evcal_btn_next evodfx evofx_jc_c evofx_ai_c&#039; &gt;&lt;i class=&#039;fa fa-chevron-right&#039;&gt;&lt;\\\/i&gt;&lt;\\\/span&gt;\\r\\n\\t\\t\\t\\t\\t&lt;\\\/p&gt;&quot;}\" data-od=\"{&quot;lang_no_events&quot;:&quot;No Events&quot;,&quot;cal_tz_offset&quot;:120,&quot;cal_tz&quot;:&quot;Europe\\\/Rome&quot;}\" ><\/div>\r\n\t\t \t\t<div class='evo_cal_events' data-events=\"\"><\/div>\r\n\t\t \t<\/div>\r\n\t\t\t\t\r\n\t\t\t\r\n\t\t\t\t\t\t<\/div><!-- EventON End -->\r\n\t\t\t\n<p>&nbsp;<\/p>\n","protected":false},"excerpt":{"rendered":"<p>Tutti gli eventi in programma per l&#8217;estate 2023. &nbsp;<\/p>\n","protected":false},"author":1,"featured_media":2055,"parent":0,"menu_order":0,"comment_status":"closed","ping_status":"closed","template":"","meta":{"footnotes":""},"class_list":["post-2076","page","type-page","status-publish","has-post-thumbnail","hentry"],"yoast_head":"<!-- This site is optimized with the Yoast SEO plugin v24.3 - https:\/\/yoast.com\/wordpress\/plugins\/seo\/ -->\n<title>Lista eventi ed attivit\u00e0 - Latemarium<\/title>\n<meta name=\"robots\" content=\"index, follow, max-snippet:-1, max-image-preview:large, max-video-preview:-1\" \/>\n<link rel=\"canonical\" href=\"https:\/\/latemarium.com\/it\/lista-eventi-ed-attivita\/\" \/>\n<meta property=\"og:locale\" content=\"it_IT\" \/>\n<meta property=\"og:type\" content=\"article\" \/>\n<meta property=\"og:title\" content=\"Lista eventi ed attivit\u00e0 - Latemarium\" \/>\n<meta property=\"og:description\" content=\"Tutti gli eventi in programma per l&#8217;estate 2023. &nbsp;\" \/>\n<meta property=\"og:url\" content=\"https:\/\/latemarium.com\/it\/lista-eventi-ed-attivita\/\" \/>\n<meta property=\"og:site_name\" content=\"Latemarium\" \/>\n<meta property=\"article:modified_time\" content=\"2023-06-08T07:54:11+00:00\" \/>\n<meta property=\"og:image\" content=\"https:\/\/latemarium.com\/wp-content\/uploads\/2023\/06\/1405_Obereggen_Latemar.ium_Ph.Erich_.Niedermair.jpg\" \/>\n\t<meta property=\"og:image:width\" content=\"2000\" \/>\n\t<meta property=\"og:image:height\" content=\"1500\" \/>\n\t<meta property=\"og:image:type\" content=\"image\/jpeg\" \/>\n<meta name=\"twitter:card\" content=\"summary_large_image\" \/>\n<meta name=\"twitter:label1\" content=\"Tempo di lettura stimato\" \/>\n\t<meta name=\"twitter:data1\" content=\"1 minuto\" \/>\n<script type=\"application\/ld+json\" class=\"yoast-schema-graph\">{\"@context\":\"https:\/\/schema.org\",\"@graph\":[{\"@type\":\"WebPage\",\"@id\":\"https:\/\/latemarium.com\/it\/lista-eventi-ed-attivita\/\",\"url\":\"https:\/\/latemarium.com\/it\/lista-eventi-ed-attivita\/\",\"name\":\"Lista eventi ed attivit\u00e0 - Latemarium\",\"isPartOf\":{\"@id\":\"https:\/\/latemarium.com\/it\/#website\"},\"primaryImageOfPage\":{\"@id\":\"https:\/\/latemarium.com\/it\/lista-eventi-ed-attivita\/#primaryimage\"},\"image\":{\"@id\":\"https:\/\/latemarium.com\/it\/lista-eventi-ed-attivita\/#primaryimage\"},\"thumbnailUrl\":\"https:\/\/latemarium.com\/wp-content\/uploads\/2023\/06\/1405_Obereggen_Latemar.ium_Ph.Erich_.Niedermair.jpg\",\"datePublished\":\"2023-06-06T16:23:46+00:00\",\"dateModified\":\"2023-06-08T07:54:11+00:00\",\"breadcrumb\":{\"@id\":\"https:\/\/latemarium.com\/it\/lista-eventi-ed-attivita\/#breadcrumb\"},\"inLanguage\":\"it-IT\",\"potentialAction\":[{\"@type\":\"ReadAction\",\"target\":[\"https:\/\/latemarium.com\/it\/lista-eventi-ed-attivita\/\"]}]},{\"@type\":\"ImageObject\",\"inLanguage\":\"it-IT\",\"@id\":\"https:\/\/latemarium.com\/it\/lista-eventi-ed-attivita\/#primaryimage\",\"url\":\"https:\/\/latemarium.com\/wp-content\/uploads\/2023\/06\/1405_Obereggen_Latemar.ium_Ph.Erich_.Niedermair.jpg\",\"contentUrl\":\"https:\/\/latemarium.com\/wp-content\/uploads\/2023\/06\/1405_Obereggen_Latemar.ium_Ph.Erich_.Niedermair.jpg\",\"width\":2000,\"height\":1500},{\"@type\":\"BreadcrumbList\",\"@id\":\"https:\/\/latemarium.com\/it\/lista-eventi-ed-attivita\/#breadcrumb\",\"itemListElement\":[{\"@type\":\"ListItem\",\"position\":1,\"name\":\"Home\",\"item\":\"https:\/\/latemarium.com\/it\/\"},{\"@type\":\"ListItem\",\"position\":2,\"name\":\"Lista eventi ed attivit\u00e0\"}]},{\"@type\":\"WebSite\",\"@id\":\"https:\/\/latemarium.com\/it\/#website\",\"url\":\"https:\/\/latemarium.com\/it\/\",\"name\":\"Latemarium\",\"description\":\"Un regno di emozioni\",\"potentialAction\":[{\"@type\":\"SearchAction\",\"target\":{\"@type\":\"EntryPoint\",\"urlTemplate\":\"https:\/\/latemarium.com\/it\/?s={search_term_string}\"},\"query-input\":{\"@type\":\"PropertyValueSpecification\",\"valueRequired\":true,\"valueName\":\"search_term_string\"}}],\"inLanguage\":\"it-IT\"}]}<\/script>\n<!-- \/ Yoast SEO plugin. -->","yoast_head_json":{"title":"Lista eventi ed attivit\u00e0 - Latemarium","robots":{"index":"index","follow":"follow","max-snippet":"max-snippet:-1","max-image-preview":"max-image-preview:large","max-video-preview":"max-video-preview:-1"},"canonical":"https:\/\/latemarium.com\/it\/lista-eventi-ed-attivita\/","og_locale":"it_IT","og_type":"article","og_title":"Lista eventi ed attivit\u00e0 - Latemarium","og_description":"Tutti gli eventi in programma per l&#8217;estate 2023. &nbsp;","og_url":"https:\/\/latemarium.com\/it\/lista-eventi-ed-attivita\/","og_site_name":"Latemarium","article_modified_time":"2023-06-08T07:54:11+00:00","og_image":[{"width":2000,"height":1500,"url":"https:\/\/latemarium.com\/wp-content\/uploads\/2023\/06\/1405_Obereggen_Latemar.ium_Ph.Erich_.Niedermair.jpg","type":"image\/jpeg"}],"twitter_card":"summary_large_image","twitter_misc":{"Tempo di lettura stimato":"1 minuto"},"schema":{"@context":"https:\/\/schema.org","@graph":[{"@type":"WebPage","@id":"https:\/\/latemarium.com\/it\/lista-eventi-ed-attivita\/","url":"https:\/\/latemarium.com\/it\/lista-eventi-ed-attivita\/","name":"Lista eventi ed attivit\u00e0 - Latemarium","isPartOf":{"@id":"https:\/\/latemarium.com\/it\/#website"},"primaryImageOfPage":{"@id":"https:\/\/latemarium.com\/it\/lista-eventi-ed-attivita\/#primaryimage"},"image":{"@id":"https:\/\/latemarium.com\/it\/lista-eventi-ed-attivita\/#primaryimage"},"thumbnailUrl":"https:\/\/latemarium.com\/wp-content\/uploads\/2023\/06\/1405_Obereggen_Latemar.ium_Ph.Erich_.Niedermair.jpg","datePublished":"2023-06-06T16:23:46+00:00","dateModified":"2023-06-08T07:54:11+00:00","breadcrumb":{"@id":"https:\/\/latemarium.com\/it\/lista-eventi-ed-attivita\/#breadcrumb"},"inLanguage":"it-IT","potentialAction":[{"@type":"ReadAction","target":["https:\/\/latemarium.com\/it\/lista-eventi-ed-attivita\/"]}]},{"@type":"ImageObject","inLanguage":"it-IT","@id":"https:\/\/latemarium.com\/it\/lista-eventi-ed-attivita\/#primaryimage","url":"https:\/\/latemarium.com\/wp-content\/uploads\/2023\/06\/1405_Obereggen_Latemar.ium_Ph.Erich_.Niedermair.jpg","contentUrl":"https:\/\/latemarium.com\/wp-content\/uploads\/2023\/06\/1405_Obereggen_Latemar.ium_Ph.Erich_.Niedermair.jpg","width":2000,"height":1500},{"@type":"BreadcrumbList","@id":"https:\/\/latemarium.com\/it\/lista-eventi-ed-attivita\/#breadcrumb","itemListElement":[{"@type":"ListItem","position":1,"name":"Home","item":"https:\/\/latemarium.com\/it\/"},{"@type":"ListItem","position":2,"name":"Lista eventi ed attivit\u00e0"}]},{"@type":"WebSite","@id":"https:\/\/latemarium.com\/it\/#website","url":"https:\/\/latemarium.com\/it\/","name":"Latemarium","description":"Un regno di emozioni","potentialAction":[{"@type":"SearchAction","target":{"@type":"EntryPoint","urlTemplate":"https:\/\/latemarium.com\/it\/?s={search_term_string}"},"query-input":{"@type":"PropertyValueSpecification","valueRequired":true,"valueName":"search_term_string"}}],"inLanguage":"it-IT"}]}},"_links":{"self":[{"href":"https:\/\/latemarium.com\/it\/wp-json\/wp\/v2\/pages\/2076","targetHints":{"allow":["GET"]}}],"collection":[{"href":"https:\/\/latemarium.com\/it\/wp-json\/wp\/v2\/pages"}],"about":[{"href":"https:\/\/latemarium.com\/it\/wp-json\/wp\/v2\/types\/page"}],"author":[{"embeddable":true,"href":"https:\/\/latemarium.com\/it\/wp-json\/wp\/v2\/users\/1"}],"replies":[{"embeddable":true,"href":"https:\/\/latemarium.com\/it\/wp-json\/wp\/v2\/comments?post=2076"}],"version-history":[{"count":18,"href":"https:\/\/latemarium.com\/it\/wp-json\/wp\/v2\/pages\/2076\/revisions"}],"predecessor-version":[{"id":2431,"href":"https:\/\/latemarium.com\/it\/wp-json\/wp\/v2\/pages\/2076\/revisions\/2431"}],"wp:featuredmedia":[{"embeddable":true,"href":"https:\/\/latemarium.com\/it\/wp-json\/wp\/v2\/media\/2055"}],"wp:attachment":[{"href":"https:\/\/latemarium.com\/it\/wp-json\/wp\/v2\/media?parent=2076"}],"curies":[{"name":"wp","href":"https:\/\/api.w.org\/{rel}","templated":true}]}}