{"id":2102,"date":"2023-06-06T16:23:46","date_gmt":"2023-06-06T16:23:46","guid":{"rendered":"https:\/\/latemarium.com\/calendario-eventi\/"},"modified":"2023-06-08T07:55:12","modified_gmt":"2023-06-08T07:55:12","slug":"liste-der-veranstaltungen-und-aktivitaeten","status":"publish","type":"page","link":"https:\/\/latemarium.com\/de\/liste-der-veranstaltungen-und-aktivitaeten\/","title":{"rendered":"Liste der Veranstaltungen und Aktivit\u00e4ten"},"content":{"rendered":"<p>Alle Veranstaltungen sind f\u00fcr den Sommer 2023 geplant.<\/p>\n<!-- EventON Calendar --><div id='evcal_calendar_645' class='list_cal ajde_evcal_calendar sev cev color esty_2 ul etttc_custom ' data-cal=''><div id='evcal_head' class='calendar_header ' ><div class='evo_cal_above evodfx evofx_dr_r marb5 evofx_ww'><button class='cal_head_btn evo-search' aria-label='Search'><\/button><button class='cal_head_btn evo-filter-btn' aria-label='Filter'><em><\/em><\/button><button class='cal_head_btn evo-gototoday-btn' style='' data-mo='9' data-yr='2026' data-dy='' aria-label='Go to today'>Aktueller Monat<\/button><\/div><div class='evo_cal_above_content'><\/div><div class='evo_header_title '><\/div><div class='evo_cal_header_end_content'>\t\t\t\t\t\r\n\t\t\t\t<div class='evo_search_bar evo_hidden'>\r\n\t\t\t\t\t<div class='evo_search_bar_in' >\r\n\t\t\t\t\t\t<label for='saddr-input' class='sr-only'>Suche nach Veranstaltungen<\/label>\t\t\r\n\t\t\t\t\t\t<input id='evo_search_bar_in_645' class='evo_search_bar_in_field evoh100p' type=\"text\" placeholder='Suche nach Veranstaltungen' data-role=\"none\"\/>\r\n\t\t\t\t\t\t<a class=\"evosr_search_clear_btn\"><i class=\"fa fa-close\"><\/i><\/a>\r\n\t\t\t\t\t\t<a class=\"evosr_search_btn\"><i class=\"fa fa-search\"><\/i><\/a>\r\n\t\t\t\t\t<\/div>\r\n\t\t\t\t<\/div>\r\n\r\n\t\t\t<\/div><\/div><div class='evo_filter_bar evo_main_filter_bar eventon_sorting_section '><div class='evo_filter_container evodfx evo_fx_ai_c'><div class='evo_filter_container_in'><div class='eventon_filter_line' ><div class='evo_loading_bar_holder h100 loading_filters swipe' style='min-height:30px;'><div class='nesthold r g10'><div class='evo_loading_bar wid_100% hi_30px' style='width:100%; height:30px; margin-bottom:1px;'><\/div><div class='evo_loading_bar wid_100% hi_30px' style='width:100%; height:30px; margin-bottom:1px;'><\/div><div class='evo_loading_bar wid_100% hi_30px' style='width:100%; height:30px; margin-bottom:1px;'><\/div><div class='evo_loading_bar wid_100% hi_30px' style='width:100%; height:30px; margin-bottom:1px;'><\/div><div class='evo_loading_bar wid_100% hi_30px' style='width:100%; height:30px; margin-bottom:1px;'><\/div><\/div><\/div><\/div><\/div><div class='evo_filter_nav evo_filter_l'><i class='fa fa-chevron-left'><\/i><\/div><div class='evo_filter_nav evo_filter_r'><i class='fa fa-chevron-right'><\/i><\/div><\/div><div class='evo_filter_aply_btns'><\/div><div class='evo_filter_menu'><\/div><\/div><div id='eventon_loadbar_section'><div id='eventon_loadbar'><\/div><\/div><!-- Events List --><div class='evo_events_list_box'><div id='evcal_list' class='eventon_events_list sep_months evcal_list_month'><div class='evcal_month_line' data-d='eml_9_2026' data-su='1788213600'><p>September<\/p><\/div><div class='sep_month_events ' data-d='eml_9_2026' data-range='1788213600_1790805599'><div id=\"event_2489_10\" class=\"eventon_list_event evo_eventtop scheduled past_event event clrD no_et event_2489_10\" data-event_id=\"2489\" data-ri=\"10r\" data-time=\"1788247800-1788299940\" data-colr=\"#38823b\" itemscope itemtype='http:\/\/schema.org\/Event'><div class=\"evo_event_schema\" style=\"display:none\" ><a itemprop='url'  href='https:\/\/latemarium.com\/de\/events\/respirart-kunst-und-natur\/var\/ri-10.l-L2'><\/a><meta itemprop='image' content=\"https:\/\/latemarium.com\/wp-content\/uploads\/2023\/06\/respirart-respiro-arte-natura.jpg\" \/><meta itemprop='startDate' content=\"2026-9-1T09:30+0:00\" \/><meta itemprop='endDate' content=\"2026-9-1T23:59+0:00\" \/><meta itemprop='eventStatus' content=\"https:\/\/schema.org\/EventScheduled\" \/><meta itemprop='eventAttendanceMode'   itemscope itemtype=\"https:\/\/schema.org\/OfflineEventAttendanceMode\"\/><div style=\"display:none\" itemprop=\"location\" itemscope itemtype=\"http:\/\/schema.org\/Place\"><span itemprop=\"name\">Pampeago<\/span><span itemprop=\"address\" itemscope itemtype=\"http:\/\/schema.org\/PostalAddress\"><item itemprop=\"streetAddress\">Localit\u00e0 Pampeago, 8, 38038 Tesero TN<\/item><\/span><\/div><script type=\"application\/ld+json\">{\"@context\": \"http:\/\/schema.org\",\"@type\": \"Event\",\n\t\t\t\t\"@id\": \"event_2489_10\",\n\t\t\t\t\"eventAttendanceMode\":\"https:\/\/schema.org\/OfflineEventAttendanceMode\",\n\t\t\t\t\"eventStatus\":\"https:\/\/schema.org\/EventScheduled\",\n\t\t\t\t\"name\": \"Respirart: Kunst und Natur\",\n\t\t\t\t\"url\": \"https:\/\/latemarium.com\/de\/events\/respirart-kunst-und-natur\/var\/ri-10.l-L2\",\n\t\t\t\t\"startDate\": \"2026-9-1T09:30+0:00\",\n\t\t\t\t\"endDate\": \"2026-9-1T23:59+0:00\",\n\t\t\t\t\"image\":\"https:\/\/latemarium.com\/wp-content\/uploads\/2023\/06\/respirart-respiro-arte-natura.jpg\", \n\t\t\t\t\"description\":\"<h2>Kunst in der H\u00f6he: Entdeckungsreise durch RespirArt zwischen Natur und Installationen<\/h2> <p><span data-sheets-value='{&quot;1&quot;:2,&quot;2&quot;:&quot;Es beginnt um 9.30 Uhr vor dem Agnello-Sessellift-Seminovia, wo Sie den k\u00fcnstlerischen F\u00fchrer treffen, der Ihnen die Samen liefert und Sie bei der Aussaat von Blumen von oben begleitet, um Blumen zu erzeugen und so die Erde, die Bienen, die Ziegen und die K\u00fche Anschlie\u00dfend f\u00fchrt Sie der F\u00fchrer zu den Kunstwerken im Park. Auf dem 3 km langen Rundgang entdecken Sie die Inspirationen der K\u00fcnstler, die in Anwesenheit des Latemar k\u00fcnstlerische Gesten schufen.\\r\\nAktivit\u00e4t f\u00fcr Erwachsene geeignet\\r\\nKostenlose Aktivit\u00e4t (ohne Liftticket)\\r\\n&quot;}' data-sheets-userformat='{&quot;2&quot;:15235,&quot;3&quot;:{&quot;1&quot;:0},&quot;4&quot;:{&quot;1&quot;:2,&quot;2&quot;:15987699},&quot;10&quot;:1,&quot;11&quot;:1,&quot;12&quot;:0,&quot;14&quot;:{&quot;1&quot;:2,&quot;2&quot;:5592405},&quot;15&quot;:&quot;Roboto&quot;,&quot;16&quot;:10}'>Es beginnt um 9.30 Uhr vor dem Agnello-Sessellift-&#8220;Seminovia&#8221;, wo Sie den k\u00fcnstlerischen F\u00fchrer treffen, der Ihnen die Samen liefert und Sie bei der Aussaat von Blumen von oben begleitet, um Blumen zu erzeugen und so die Erde, die Bienen, die Ziegen und die K\u00fche. <\/span><\/p> <p><span data-sheets-value='{&quot;1&quot;:2,&quot;2&quot;:&quot;Es beginnt um 9.30 Uhr vor dem Agnello-Sessellift-Seminovia, wo Sie den k\u00fcnstlerischen F\u00fchrer treffen, der Ihnen die Samen liefert und Sie bei der Aussaat von Blumen von oben begleitet, um Blumen zu erzeugen und so die Erde, die Bienen, die Ziegen und die K\u00fche Anschlie\u00dfend f\u00fchrt Sie der F\u00fchrer zu den Kunstwerken im Park. Auf dem 3 km langen Rundgang entdecken Sie die Inspirationen der K\u00fcnstler, die in Anwesenheit des Latemar k\u00fcnstlerische Gesten schufen.\\r\\nAktivit\u00e4t f\u00fcr Erwachsene geeignet\\r\\nKostenlose Aktivit\u00e4t (ohne Liftticket)\\r\\n&quot;}' data-sheets-userformat='{&quot;2&quot;:15235,&quot;3&quot;:{&quot;1&quot;:0},&quot;4&quot;:{&quot;1&quot;:2,&quot;2&quot;:15987699},&quot;10&quot;:1,&quot;11&quot;:1,&quot;12&quot;:0,&quot;14&quot;:{&quot;1&quot;:2,&quot;2&quot;:5592405},&quot;15&quot;:&quot;Roboto&quot;,&quot;16&quot;:10}'>Anschlie\u00dfend f\u00fchrt Sie der F\u00fchrer zu den Kunstwerken im Park. Auf dem 3 km langen Rundgang entdecken Sie die Inspirationen der K\u00fcnstler, die in Anwesenheit des Latemar k\u00fcnstlerische Gesten schufen. <\/span><\/p> <p><span data-sheets-value='{&quot;1&quot;:2,&quot;2&quot;:&quot;Es beginnt um 9.30 Uhr vor dem Agnello-Sessellift-Seminovia, wo Sie den k\u00fcnstlerischen F\u00fchrer treffen, der Ihnen die Samen liefert und Sie bei der Aussaat von Blumen von oben begleitet, um Blumen zu erzeugen und so die Erde, die Bienen, die Ziegen und die K\u00fche Anschlie\u00dfend f\u00fchrt Sie der F\u00fchrer zu den Kunstwerken im Park. Auf dem 3 km langen Rundgang entdecken Sie die Inspirationen der K\u00fcnstler, die in Anwesenheit des Latemar k\u00fcnstlerische Gesten schufen.\\r\\nAktivit\u00e4t f\u00fcr Erwachsene geeignet\\r\\nKostenlose Aktivit\u00e4t (ohne Liftticket)\\r\\n&quot;}' data-sheets-userformat='{&quot;2&quot;:15235,&quot;3&quot;:{&quot;1&quot;:0},&quot;4&quot;:{&quot;1&quot;:2,&quot;2&quot;:15987699},&quot;10&quot;:1,&quot;11&quot;:1,&quot;12&quot;:0,&quot;14&quot;:{&quot;1&quot;:2,&quot;2&quot;:5592405},&quot;15&quot;:&quot;Roboto&quot;,&quot;16&quot;:10}'>Aktivit\u00e4t f\u00fcr Erwachsene.<\/span><\/p> <p><a href='https:\/\/www.visitfiemme.it\/de\/veranstaltungen\/fiemme-cembra-guest-card\/erlebnisse\/erlebnisse-sommer' target='_blank' rel='noopener'>Reservierung erforderlich<\/a>.<\/p> \",\"location\":[{\"@type\":\"Place\",\"name\":\"Pampeago\",\"address\":{\"@type\": \"PostalAddress\",\"streetAddress\":\"Localit\u00e0 Pampeago, 8, 38038 Tesero TN\"}}]}<\/script><\/div>\r\n\t\t\t\t<p class=\"desc_trig_outter\" style=\"\"><a data-gmtrig=\"1\" data-exlk=\"0\" style=\"background-color: #38823b;\" id=\"evc_17882478002489\" href=\"#\" class=\"hasFtIMG event_repeat desc_trig sin_val evcal_list_a\" data-ux_val=\"3\" data-ux_val_mob=\"-\"  ><span class='evoet_in'><span class='evoet_c1 evoet_cx '><span class='evoet_cy ev_ftImg evotrans imgFxdef' data-img='https:\/\/latemarium.com\/wp-content\/uploads\/2023\/06\/respirart-respiro-arte-natura.jpg' data-thumb='https:\/\/latemarium.com\/wp-content\/uploads\/2023\/06\/respirart-respiro-arte-natura-300x201.jpg' style='background-image:url(\"https:\/\/latemarium.com\/wp-content\/uploads\/2023\/06\/respirart-respiro-arte-natura-300x201.jpg\")' ><\/span><\/span><span class='evoet_c2 evoet_cx '><span class='evoet_dayblock evcal_cblock ' data-bgcolor='#38823b' data-smon='September' data-syr='2026' data-bub=''><span class='evo_start  evofxdrc'><em class='date'>01<\/em><em class='month'>Sep<\/em><em class='time'>09:30<\/em><\/span><\/span><\/span><span class='evoet_c3 evoet_cx evcal_desc hide_eventtopdata '><span class='evoet_title evcal_desc2 evcal_event_title ' itemprop='name'>Respirart: Kunst und Natur<\/span><span class='event_location_attrs evodni'  data-location_address=\"Localit\u00e0 Pampeago, 8, 38038 Tesero TN\" data-location_type=\"lonlat\" data-location_name=\"Pampeago\" data-location_url=\"https:\/\/latemarium.com\/de\/event-location\/pampeago-de\/\" data-location_status=\"true\" data-locid=\"32\" data-latlng=\"46.34343697644898,11.540997527961546\"><\/span><span class='evoet_cy evoet_subtitle evo_below_title' ><span class='evcal_event_subtitle ' >ENTDECKUNG DER KUNSTPARKS: RESPIRART<\/span><\/span><span class='evoet_cy evoet_time_expand level_3'><em class='evcal_time evo_tz_time'><i class='fa fa-clock-o'><\/i>09:30<span class='evo_tz marl5'>(GMT+02:00)<\/span><\/em> <\/span><span class='evoet_location level_3'><em class=\"evcal_location\"  data-latlng=\"46.34343697644898,11.540997527961546\" data-add_str=\"Localit\u00e0 Pampeago, 8, 38038 Tesero TN\" data-n=\"Pampeago\"><i class=\"fa fa-location-pin\"><\/i><em class=\"event_location_name\">Pampeago<\/em>, Localit\u00e0 Pampeago, 8, 38038 Tesero TN<\/em><\/span><\/span><\/span><span class='evoet_data' style='display:none' data-d=\"{&quot;loc.n&quot;:&quot;Pampeago&quot;,&quot;orgs&quot;:[],&quot;tags&quot;:{&quot;repeating&quot;:&quot;Repeating Event&quot;}}\" data-bgc=\"#38823b\" data-bggrad=\"\" ><\/span><\/a><\/p><div class='event_description evcal_eventcard ' style=\"display:none\"><div class='evocard_row'><div id='event_ftimage' class='evocard_box ftimage' data-c='' \n\t\t\t\t\tstyle=''><div class='evocard_main_image_hold' data-t='Loading Image..'><div class='evocard_main_image evo_img_triglb evocd_img_minmized evobr15 evobgsc evobgpc evodfx evofx_jc_c evofx_ai_c evofz48 minmized' style='height:300px; background-image:url();' data-f=\"https:\/\/latemarium.com\/wp-content\/uploads\/2023\/06\/respirart-respiro-arte-natura.jpg\" data-h=\"602\" data-w=\"899\" data-ratio=\"0.66963292547275\" data-event_id=\"2489\" data-ri=\"10\"  data-t='Loading Image..'><span style='height:300px; background-image:url(https:\/\/latemarium.com\/wp-content\/uploads\/2023\/06\/respirart-respiro-arte-natura.jpg)'><\/span><\/div><\/div><\/div><\/div><!-- row close --><div class='evocard_row'><div id='event_eventdetails' class='evocard_box eventdetails' data-c='' \n\t\t\t\t\tstyle=''><div class=\"evo_metarow_details evorow evcal_evdata_row evcal_event_details\">\n    <div class=\"event_excerpt\" style=\"display:none\"><h3 class=\"padb5 evo_h3\">Details zur Veranstaltung<\/h3><p>Kunst in der H\u00f6he: Entdeckungsreise durch RespirArt zwischen Natur und Installationen<\/p><\/div><span class='evcal_evdata_icons'><i class='fa fa-align-justify'><\/i><\/span>    <div class=\"evcal_evdata_cell shorter_desc\">\n        <div class=\"eventon_full_description\">\n            <h3 class=\"padb5 evo_h3\"><span class='evcal_evdata_icons'><i class='fa fa-align-justify'><\/i><\/span>Details zur Veranstaltung<\/h3>\n            <div class=\"eventon_desc_in\" itemprop=\"description\">\n                <h2>Kunst in der H\u00f6he: Entdeckungsreise durch RespirArt zwischen Natur und Installationen<\/h2>\n<p><span data-sheets-value=\"{&quot;1&quot;:2,&quot;2&quot;:&quot;Es beginnt um 9.30 Uhr vor dem Agnello-Sessellift-Seminovia, wo Sie den k\u00fcnstlerischen F\u00fchrer treffen, der Ihnen die Samen liefert und Sie bei der Aussaat von Blumen von oben begleitet, um Blumen zu erzeugen und so die Erde, die Bienen, die Ziegen und die K\u00fche Anschlie\u00dfend f\u00fchrt Sie der F\u00fchrer zu den Kunstwerken im Park. Auf dem 3 km langen Rundgang entdecken Sie die Inspirationen der K\u00fcnstler, die in Anwesenheit des Latemar k\u00fcnstlerische Gesten schufen.rnAktivit\u00e4t f\u00fcr Erwachsene geeignetrnKostenlose Aktivit\u00e4t (ohne Liftticket)rn&quot;}\" data-sheets-userformat=\"{&quot;2&quot;:15235,&quot;3&quot;:{&quot;1&quot;:0},&quot;4&quot;:{&quot;1&quot;:2,&quot;2&quot;:15987699},&quot;10&quot;:1,&quot;11&quot;:1,&quot;12&quot;:0,&quot;14&quot;:{&quot;1&quot;:2,&quot;2&quot;:5592405},&quot;15&quot;:&quot;Roboto&quot;,&quot;16&quot;:10}\">Es beginnt um 9.30 Uhr vor dem Agnello-Sessellift-&#8220;Seminovia&#8221;, wo Sie den k\u00fcnstlerischen F\u00fchrer treffen, der Ihnen die Samen liefert und Sie bei der Aussaat von Blumen von oben begleitet, um Blumen zu erzeugen und so die Erde, die Bienen, die Ziegen und die K\u00fche. <\/span><\/p>\n<p><span data-sheets-value=\"{&quot;1&quot;:2,&quot;2&quot;:&quot;Es beginnt um 9.30 Uhr vor dem Agnello-Sessellift-Seminovia, wo Sie den k\u00fcnstlerischen F\u00fchrer treffen, der Ihnen die Samen liefert und Sie bei der Aussaat von Blumen von oben begleitet, um Blumen zu erzeugen und so die Erde, die Bienen, die Ziegen und die K\u00fche Anschlie\u00dfend f\u00fchrt Sie der F\u00fchrer zu den Kunstwerken im Park. Auf dem 3 km langen Rundgang entdecken Sie die Inspirationen der K\u00fcnstler, die in Anwesenheit des Latemar k\u00fcnstlerische Gesten schufen.rnAktivit\u00e4t f\u00fcr Erwachsene geeignetrnKostenlose Aktivit\u00e4t (ohne Liftticket)rn&quot;}\" data-sheets-userformat=\"{&quot;2&quot;:15235,&quot;3&quot;:{&quot;1&quot;:0},&quot;4&quot;:{&quot;1&quot;:2,&quot;2&quot;:15987699},&quot;10&quot;:1,&quot;11&quot;:1,&quot;12&quot;:0,&quot;14&quot;:{&quot;1&quot;:2,&quot;2&quot;:5592405},&quot;15&quot;:&quot;Roboto&quot;,&quot;16&quot;:10}\">Anschlie\u00dfend f\u00fchrt Sie der F\u00fchrer zu den Kunstwerken im Park. Auf dem 3 km langen Rundgang entdecken Sie die Inspirationen der K\u00fcnstler, die in Anwesenheit des Latemar k\u00fcnstlerische Gesten schufen. <\/span><\/p>\n<p><span data-sheets-value=\"{&quot;1&quot;:2,&quot;2&quot;:&quot;Es beginnt um 9.30 Uhr vor dem Agnello-Sessellift-Seminovia, wo Sie den k\u00fcnstlerischen F\u00fchrer treffen, der Ihnen die Samen liefert und Sie bei der Aussaat von Blumen von oben begleitet, um Blumen zu erzeugen und so die Erde, die Bienen, die Ziegen und die K\u00fche Anschlie\u00dfend f\u00fchrt Sie der F\u00fchrer zu den Kunstwerken im Park. Auf dem 3 km langen Rundgang entdecken Sie die Inspirationen der K\u00fcnstler, die in Anwesenheit des Latemar k\u00fcnstlerische Gesten schufen.rnAktivit\u00e4t f\u00fcr Erwachsene geeignetrnKostenlose Aktivit\u00e4t (ohne Liftticket)rn&quot;}\" data-sheets-userformat=\"{&quot;2&quot;:15235,&quot;3&quot;:{&quot;1&quot;:0},&quot;4&quot;:{&quot;1&quot;:2,&quot;2&quot;:15987699},&quot;10&quot;:1,&quot;11&quot;:1,&quot;12&quot;:0,&quot;14&quot;:{&quot;1&quot;:2,&quot;2&quot;:5592405},&quot;15&quot;:&quot;Roboto&quot;,&quot;16&quot;:10}\">Aktivit\u00e4t f\u00fcr Erwachsene.<\/span><\/p>\n<p><a href=\"https:\/\/www.visitfiemme.it\/de\/veranstaltungen\/fiemme-cembra-guest-card\/erlebnisse\/erlebnisse-sommer\" target=\"_blank\" rel=\"noopener\">Reservierung erforderlich<\/a>.<\/p>\n            <\/div>\n            <p class='eventon_shad_p' style='padding:5px 0 0; margin:0'><button class='evcal_btn evo_btn_secondary evobtn_details_show_more' content='less' aria-label='Mehr' aria-expanded='false'><span class='ev_more_text' data-txt='Weniger'>Mehr<\/span><span class='ev_more_arrow ard'><\/span><\/button><\/p><div class='clear'><\/div>        <\/div>\n    <\/div>\n<\/div><\/div><\/div><!-- row close --><div class='evocard_row bx2 bx'><div id='event_time' class='evocard_box time' data-c='' \n\t\t\t\t\tstyle=''><div class='evo_metarow_time evorow evcal_evdata_row evcal_evrow_sm '>\n\t\t<span class='evcal_evdata_icons'><i class='fa fa-clock'><\/i><\/span>\n\t\t<div class='evcal_evdata_cell'>\t\t\t\t\t\t\t\n\t\t\t<h3 class='evo_h3'><span class='evcal_evdata_icons'><i class='fa fa-clock'><\/i><\/span>Zeitplan<\/h3><div><span class='evo_eventcard_time_t evogap5 evofxww'><span class=\"start\">1 September 2026<\/span> <span class=\"stime\">09:30<\/span><\/span><span class='evo_tz marr5'>(GMT+02:00)<\/span><\/div>\n\t\t<\/div>\n\t<\/div><\/div><div id='event_location' class='evocard_box location' data-c='' \n\t\t\t\t\tstyle=''><div class='evcal_evdata_row evo_metarow_time_location evorow '>\n\t\t\n\t\t\t<span class='evcal_evdata_icons'><i class='fa fa-map-marker'><\/i><\/span>\n\t\t\t<div class='evcal_evdata_cell' data-loc_tax_id='32'><h3 class='evo_h3 evodfx'><span class='evcal_evdata_icons'><i class='fa fa-map-marker'><\/i><\/span>Ort<\/h3><p class='evo_location_name'>Pampeago<\/p><p class='evo_location_address evodfxi evogap10'>Localit\u00e0 Pampeago, 8, 38038 Tesero TN<\/p><div class='padt10'><span class='evo_btn_arr evolb_trigger' data-lbvals=\"{&quot;lbdata&quot;:{&quot;class&quot;:&quot;evo_location_lb_32&quot;,&quot;additional_class&quot;:&quot;lb_max&quot;,&quot;title&quot;:&quot;Pampeago&quot;},&quot;adata&quot;:{&quot;a&quot;:&quot;eventon_get_tax_card_content&quot;,&quot;end&quot;:&quot;client&quot;,&quot;data&quot;:{&quot;lang&quot;:&quot;L2&quot;,&quot;term_id&quot;:32,&quot;tax&quot;:&quot;event_location&quot;,&quot;load_lbcontent&quot;:true}},&quot;uid&quot;:&quot;eventon_get_tax_card_content&quot;}\" >Other Events<i class='fa fa-chevron-right' aria-hidden='true'><\/i><\/span><\/div><\/div>\n\t\t\n\t<\/div><\/div><\/div><!-- row close --><div class='evocard_row'><div id='event_addtocal' class='evocard_box addtocal' data-c='' \n\t\t\t\t\tstyle=''><div class='evo_metarow_ICS evorow evcal_evdata_row'>\n\t\t\t<span class='evcal_evdata_icons'><i class='fa fa-calendar-o'><\/i><\/span>\n\t\t\t<div class='evcal_evdata_cell'>\n\t\t\t\t<p><a href='https:\/\/latemarium.com\/de\/export-events\/2489_10\/?key=f55e99e6ee' rel='nofollow' class='evo_ics_nCal' title='Zu Ihrem Kalender hinzuf\u00fcgen'>Kalender<\/a><a href='https:\/\/www.google.com\/calendar\/event?action=TEMPLATE&text=Respirart%3A%20Kunst%20und%20Natur&dates=20260901T073000Z\/20260901T215900Z&ctz=Europe%2FRome&details=Respirart%3A%20Kunst%20und%20Natur&location=Pampeago%20Localit%C3%A0%20Pampeago%2C%208%2C%2038038%20Tesero%20TN' target='_blank' rel='nofollow' class='evo_ics_gCal' title='Zu Google Kalender hinzuf\u00fcgen'>GoogleCal<\/a><\/p>\t\n\t\t\t<\/div>\n\t\t<\/div><\/div><\/div><!-- row close --><div class='evocard_row'><div id='event_repeats' class='evocard_box repeats' data-c='' \n\t\t\t\t\tstyle=''><div class='evo_metarow_repeats evorow evcal_evdata_row evcal_evrow_sm '>\n\t\t<span class='evcal_evdata_icons'><i class='fa fa-repeat'><\/i><\/span>\n\t\t<div class='evcal_evdata_cell'>\t\t\t\t\t\t\t\n\t\t\t<h3 class='evo_h3'>Zeitplan f\u00fcr k\u00fcnftige Veranstaltungen dieser Veranstaltungsreihe<\/h3><div class='evo_elm_HCS evo_repeat_series' style=''><span class='evo_elmHCS_nav HCSnavL evo_repeat_series content_slide_trig'><i class='fa fa-chevron-left'><\/i><\/span><span class='evo_elmHCS_nav HCSnavR evo_repeat_series content_slide_trig'><i class='fa fa-chevron-right'><\/i><\/span><div class='evo_elm_HCS_in'><div class='evo_repeat_series_dates clickable evodfx evofx_dr_r evogap10' data-click='1' data-event_url='https:\/\/latemarium.com\/de\/events\/respirart-kunst-und-natur\/var\/ri-10.l-L2'><span class='evo_repeat_series_date evodfx evofx_dr_r evofx_ai_c evogap5 evobr15 evobrdB1 evocl1 evopad15 evottu evofz14 evocurp evo_trans_sc1_03 evoHbgcw' data-ux=\"def\" data-l=\"https:\/\/latemarium.com\/de\/events\/respirart-kunst-und-natur\/var\/ri-11.l-L2\" ><span class='evodfx evofx_dr_c evotac evofx_jc_c'><b class='j evofz16'>8<\/b><b class='fy'>September <\/b><em class='t evofsn'>09:30<\/em><\/span><\/span><\/div><\/div><\/div><\/div><\/div><\/div><\/div><!-- row close --><div class='evocard_row'><div id='event_getdirection' class='evocard_box getdirection' data-c='' \n\t\t\t\t\tstyle=''><div class='evo_metarow_getDr evorow evcal_evdata_row evcal_evrow_sm getdirections'>\n\t\t<form action='https:\/\/maps.google.com\/maps' method='get' target='_blank'>\n\t\t\t<input type='hidden' name='daddr' value=\"Localit\u00e0 Pampeago, 8, 38038 Tesero TN\"\/> \n\t\t\t<div class='evo_get_direction_content evo_fx_dr_r evogap10'>\n\t\t\t\t<span class='evogetdir_header evodfx evofxdrr evofxaic evogap10'>\n\t\t\t\t\t<i class='mainicon fa fa-road evofz24i'><\/i> \n\t\t\t\t\t<h3 class='evo_h3 evopad0i' style='padding-bottom:5px;'>Wegbeschreibung abrufen<\/h3>\n\t\t\t\t<\/span>\n\t\t\t\t<span class='evogetdir_field evodfx evofx_1_1 evow100p'>\t\n\t\t\t\t\t<label for='6a9c46be4b170' class='evo_aria_ready sr-only'>Address - Respirart: Kunst und Natur []<\/label>\t\t\t\t\n\t\t\t\t\t<input id='6a9c46be4b170' class='evo_aria_ready_match evoInput2 evobr10 evow100p evopad10 evoff_2 evofz14i evobrdB1 evoboxbb' type='text' name='saddr' placeholder='&quot;Geben Sie die Adresse ein' value='' style='' aria-label='Address - Respirart: Kunst und Natur []' \/>\n\t\t\t\t<\/span>\n\t\t\t\t<div class='evodfx evofxdrr evofxaic evogap10'>\n\t\t\t\t\t<i class='fa fa-location-dot'><\/i>\n\t\t\t\t\t<div class='evoposr evofx_1 evoh100p'><label for='6a9c46be4b170' class='evo_aria_ready sr-only'>Destination Address - Respirart: Kunst und Natur []<\/label>\t\t\n\t\t\t\t\t\t<input id='6a9c46be4b170' class='evo_aria_ready_match evoInput2 evobr10 evow100p evopad5-10 evoff_2 evofz14i evobrdB1 evoop5 evoboxbb evoh100p' type='text' style='' readonly value='Localit\u00e0 Pampeago, 8, 38038 Tesero TN' aria-label='Destination Address - Respirart: Kunst und Natur []'\/><button class='evo_copy_address evobuttonA evocurp evohoop7 evoposa evopad5' style='right: 3px; top: 4px; background-color: #fff;' data-txt='Localit\u00e0 Pampeago, 8, 38038 Tesero TN' data-t='Address copied to clipboard!'><i class='far fa-copy evofz16i' title='Copy Destination Address!'><\/i><\/button>\n\t\t\t\t\t<\/div>\n\t\t\t\t\t<button type='submit' class='evo_get_direction_button evcal_btn dfx evofxaic evocurp evohoop7' title='&quot;Klicken Sie hier' style='    padding: 10px 15px !important;'><i class='fa fa-chevron-right'><\/i> <\/button>\n\t\t\t\t<\/div>\n\t\t\t<\/div>\n\t\t<\/form>\n\t<\/div><\/div><\/div><!-- row close --><button class='evo_card_row_end evcal_close' title='Schlie\u00dfen'><\/button><\/div><div class='clear end'><\/div><\/div><div id=\"event_2107_10\" class=\"eventon_list_event evo_eventtop scheduled past_event event clrW no_et event_2107_10\" data-event_id=\"2107\" data-ri=\"10r\" data-time=\"1788262200-1788299940\" data-colr=\"#facd05\" itemscope itemtype='http:\/\/schema.org\/Event'><div class=\"evo_event_schema\" style=\"display:none\" ><a itemprop='url'  href='https:\/\/latemarium.com\/de\/events\/mindful-latemar\/var\/ri-10.l-L2'><\/a><meta itemprop='image' content=\"https:\/\/latemarium.com\/wp-content\/uploads\/2023\/06\/\u00a9Obereggen_LatemarAG.SpA_Mindful.Latemar_Ph.Guenther.Pichler_06.jpg\" \/><meta itemprop='startDate' content=\"2026-9-1T13:30+0:00\" \/><meta itemprop='endDate' content=\"2026-9-1T23:59+0:00\" \/><meta itemprop='eventStatus' content=\"https:\/\/schema.org\/EventScheduled\" \/><meta itemprop='eventAttendanceMode'   itemscope itemtype=\"https:\/\/schema.org\/OfflineEventAttendanceMode\"\/><div style=\"display:none\" itemprop=\"location\" itemscope itemtype=\"http:\/\/schema.org\/Place\"><span itemprop=\"name\">Talstation Obereggen<\/span><span itemprop=\"address\" itemscope itemtype=\"http:\/\/schema.org\/PostalAddress\"><item itemprop=\"streetAddress\">Obereggen 16 I-39050 Deutschnofen (BZ)<\/item><\/span><\/div><script type=\"application\/ld+json\">{\"@context\": \"http:\/\/schema.org\",\"@type\": \"Event\",\n\t\t\t\t\"@id\": \"event_2107_10\",\n\t\t\t\t\"eventAttendanceMode\":\"https:\/\/schema.org\/OfflineEventAttendanceMode\",\n\t\t\t\t\"eventStatus\":\"https:\/\/schema.org\/EventScheduled\",\n\t\t\t\t\"name\": \"Mindful.Latemar\",\n\t\t\t\t\"url\": \"https:\/\/latemarium.com\/de\/events\/mindful-latemar\/var\/ri-10.l-L2\",\n\t\t\t\t\"startDate\": \"2026-9-1T13:30+0:00\",\n\t\t\t\t\"endDate\": \"2026-9-1T23:59+0:00\",\n\t\t\t\t\"image\":\"https:\/\/latemarium.com\/wp-content\/uploads\/2023\/06\/\u00a9Obereggen_LatemarAG.SpA_Mindful.Latemar_Ph.Guenther.Pichler_06.jpg\", \n\t\t\t\t\"description\":\"<p>Mindful.Latemar befindet sich in Obereggen entlang des <strong>Rundweges auf dem Golfrion<\/strong>, am Fu\u00dfe der Dolomiten auf 1872 Metern Meeresh\u00f6he.<\/p> <p>Der Weg beinhaltet <strong>18 verschiedene Mindfulness-\u00dcbungen<\/strong> an einem besonderen Ort, der nach dem Sturm Vaia im November 2018 ein Beispiel f\u00fcr Best\u00e4ndigkeit und Resilienz wurde.<\/p> <h3 class='wysiwyg__subline'>Dr. Thomas Bernagozzi begleitet dich immer dienstags:<\/h3> <div class='wysiwyg__description'> <p>von 13.30 bis 15.30 Uhr (auf Deutsch )<br \/> von 15.45 bis 17.45 Uhr (auf Italienisch)<\/p> <ul> <li>Treffpunkt: Talstation der Kabinenbahn &#8220;Obereggen-Ochsenweide&#8221;<\/li> <li>Kosten: 30 Euro inklusive der Berg- und Talfahrt<\/li> <li>Anmeldung online:\u00a0<a href='https:\/\/eggental.com\/de\/ajax-events#11944' target='_blank' rel='noopener'><strong><u>Eggental Tourismus<\/u><\/strong><\/a>\u00a0(max. 10 Personen)<\/li> <\/ul> <\/div> \",\"location\":[{\"@type\":\"Place\",\"name\":\"Talstation Obereggen\",\"address\":{\"@type\": \"PostalAddress\",\"streetAddress\":\"Obereggen 16 I-39050 Deutschnofen (BZ)\"}}]}<\/script><\/div>\r\n\t\t\t\t<p class=\"desc_trig_outter\" style=\"\"><a data-gmtrig=\"1\" data-exlk=\"0\" style=\"background-color: #facd05;\" id=\"evc_17882622002107\" href=\"#\" class=\"hasFtIMG event_repeat desc_trig sin_val evcal_list_a\" data-ux_val=\"3\" data-ux_val_mob=\"-\"  ><span class='evoet_in'><span class='evoet_c1 evoet_cx '><span class='evoet_cy ev_ftImg evotrans imgFxdef' data-img='https:\/\/latemarium.com\/wp-content\/uploads\/2023\/06\/\u00a9Obereggen_LatemarAG.SpA_Mindful.Latemar_Ph.Guenther.Pichler_06.jpg' data-thumb='https:\/\/latemarium.com\/wp-content\/uploads\/2023\/06\/\u00a9Obereggen_LatemarAG.SpA_Mindful.Latemar_Ph.Guenther.Pichler_06-300x169.jpg' style='background-image:url(\"https:\/\/latemarium.com\/wp-content\/uploads\/2023\/06\/\u00a9Obereggen_LatemarAG.SpA_Mindful.Latemar_Ph.Guenther.Pichler_06-300x169.jpg\")' ><\/span><\/span><span class='evoet_c2 evoet_cx '><span class='evoet_dayblock evcal_cblock ' data-bgcolor='#facd05' data-smon='September' data-syr='2026' data-bub=''><span class='evo_start  evofxdrc'><em class='date'>01<\/em><em class='month'>Sep<\/em><em class='time'>13:30<\/em><\/span><\/span><\/span><span class='evoet_c3 evoet_cx evcal_desc hide_eventtopdata '><span class='evoet_title evcal_desc2 evcal_event_title ' itemprop='name'>Mindful.Latemar<\/span><span class='event_location_attrs evodni'  data-location_address=\"Obereggen 16 I-39050 Deutschnofen (BZ)\" data-location_type=\"lonlat\" data-location_name=\"Talstation Obereggen\" data-location_url=\"https:\/\/latemarium.com\/de\/event-location\/talstation-obereggen\/\" data-location_status=\"true\" data-locid=\"23\" data-latlng=\"46.3835808246333,11.52667595881786\"><\/span><span class='evoet_cy evoet_subtitle evo_below_title' ><span class='evcal_event_subtitle ' >Mindful.Latemar ist der erste immersive Achtsamkeitspfad in den Alpen.<\/span><\/span><span class='evoet_cy evoet_time_expand level_3'><em class='evcal_time evo_tz_time'><i class='fa fa-clock-o'><\/i>13:30<span class='evo_tz marl5'>(GMT+02:00)<\/span><\/em> <\/span><span class='evoet_location level_3'><em class=\"evcal_location\"  data-latlng=\"46.3835808246333,11.52667595881786\" data-add_str=\"Obereggen 16 I-39050 Deutschnofen (BZ)\" data-n=\"Talstation Obereggen\"><i class=\"fa fa-location-pin\"><\/i><em class=\"event_location_name\">Talstation Obereggen<\/em>, Obereggen 16 I-39050 Deutschnofen (BZ)<\/em><\/span><\/span><\/span><span class='evoet_data' style='display:none' data-d=\"{&quot;loc.n&quot;:&quot;Talstation Obereggen&quot;,&quot;orgs&quot;:[],&quot;tags&quot;:{&quot;repeating&quot;:&quot;Repeating Event&quot;}}\" data-bgc=\"#facd05\" data-bggrad=\"\" ><\/span><\/a><\/p><div class='event_description evcal_eventcard ' style=\"display:none\"><div class='evocard_row'><div id='event_ftimage' class='evocard_box ftimage' data-c='' \n\t\t\t\t\tstyle=''><div class='evocard_main_image_hold' data-t='Loading Image..'><div class='evocard_main_image evo_img_triglb evocd_img_minmized evobr15 evobgsc evobgpc evodfx evofx_jc_c evofx_ai_c evofz48 minmized' style='height:300px; background-image:url();' data-f=\"https:\/\/latemarium.com\/wp-content\/uploads\/2023\/06\/\u00a9Obereggen_LatemarAG.SpA_Mindful.Latemar_Ph.Guenther.Pichler_06.jpg\" data-h=\"812\" data-w=\"1445\" data-ratio=\"0.56193771626298\" data-event_id=\"2107\" data-ri=\"10\"  data-t='Loading Image..'><span style='height:300px; background-image:url(https:\/\/latemarium.com\/wp-content\/uploads\/2023\/06\/\u00a9Obereggen_LatemarAG.SpA_Mindful.Latemar_Ph.Guenther.Pichler_06.jpg)'><\/span><\/div><\/div><\/div><\/div><!-- row close --><div class='evocard_row'><div id='event_eventdetails' class='evocard_box eventdetails' data-c='' \n\t\t\t\t\tstyle=''><div class=\"evo_metarow_details evorow evcal_evdata_row evcal_event_details\">\n    <div class=\"event_excerpt\" style=\"display:none\"><h3 class=\"padb5 evo_h3\">Details zur Veranstaltung<\/h3><p>Mindful.Latemar befindet sich in Obereggen entlang des Rundweges auf dem Golfrion, am Fu\u00dfe der Dolomiten auf 1872 Metern Meeresh\u00f6he.\nDer Weg beinhaltet 18 verschiedene Mindfulness-\u00dcbungen an einem besonderen Ort, der nach<\/p><\/div><span class='evcal_evdata_icons'><i class='fa fa-align-justify'><\/i><\/span>    <div class=\"evcal_evdata_cell shorter_desc\">\n        <div class=\"eventon_full_description\">\n            <h3 class=\"padb5 evo_h3\"><span class='evcal_evdata_icons'><i class='fa fa-align-justify'><\/i><\/span>Details zur Veranstaltung<\/h3>\n            <div class=\"eventon_desc_in\" itemprop=\"description\">\n                <p>Mindful.Latemar befindet sich in Obereggen entlang des <strong>Rundweges auf dem Golfrion<\/strong>, am Fu\u00dfe der Dolomiten auf 1872 Metern Meeresh\u00f6he.<\/p>\n<p>Der Weg beinhaltet <strong>18 verschiedene Mindfulness-\u00dcbungen<\/strong> an einem besonderen Ort, der nach dem Sturm Vaia im November 2018 ein Beispiel f\u00fcr Best\u00e4ndigkeit und Resilienz wurde.<\/p>\n<h3 class=\"wysiwyg__subline\">Dr. Thomas Bernagozzi begleitet dich immer dienstags:<\/h3>\n<div class=\"wysiwyg__description\">\n<p>von 13.30 bis 15.30 Uhr (auf Deutsch )<br \/>\nvon 15.45 bis 17.45 Uhr (auf Italienisch)<\/p>\n<ul>\n<li>Treffpunkt: Talstation der Kabinenbahn &#8220;Obereggen-Ochsenweide&#8221;<\/li>\n<li>Kosten: 30 Euro inklusive der Berg- und Talfahrt<\/li>\n<li>Anmeldung online:\u00a0<a href=\"https:\/\/eggental.com\/de\/ajax-events#11944\" target=\"_blank\" rel=\"noopener\"><strong><u>Eggental Tourismus<\/u><\/strong><\/a>\u00a0(max. 10 Personen)<\/li>\n<\/ul>\n<\/div>\n            <\/div>\n            <p class='eventon_shad_p' style='padding:5px 0 0; margin:0'><button class='evcal_btn evo_btn_secondary evobtn_details_show_more' content='less' aria-label='Mehr' aria-expanded='false'><span class='ev_more_text' data-txt='Weniger'>Mehr<\/span><span class='ev_more_arrow ard'><\/span><\/button><\/p><div class='clear'><\/div>        <\/div>\n    <\/div>\n<\/div><\/div><\/div><!-- row close --><div class='evocard_row bx2 bx'><div id='event_time' class='evocard_box time' data-c='' \n\t\t\t\t\tstyle=''><div class='evo_metarow_time evorow evcal_evdata_row evcal_evrow_sm '>\n\t\t<span class='evcal_evdata_icons'><i class='fa fa-clock'><\/i><\/span>\n\t\t<div class='evcal_evdata_cell'>\t\t\t\t\t\t\t\n\t\t\t<h3 class='evo_h3'><span class='evcal_evdata_icons'><i class='fa fa-clock'><\/i><\/span>Zeitplan<\/h3><div><span class='evo_eventcard_time_t evogap5 evofxww'><span class=\"start\">1 September 2026<\/span> <span class=\"stime\">13:30<\/span><\/span><span class='evo_tz marr5'>(GMT+02:00)<\/span><\/div>\n\t\t<\/div>\n\t<\/div><\/div><div id='event_location' class='evocard_box location' data-c='' \n\t\t\t\t\tstyle=''><div class='evcal_evdata_row evo_metarow_time_location evorow '>\n\t\t\n\t\t\t<span class='evcal_evdata_icons'><i class='fa fa-map-marker'><\/i><\/span>\n\t\t\t<div class='evcal_evdata_cell' data-loc_tax_id='23'><h3 class='evo_h3 evodfx'><span class='evcal_evdata_icons'><i class='fa fa-map-marker'><\/i><\/span>Ort<\/h3><p class='evo_location_name'>Talstation Obereggen<\/p><p class='evo_location_address evodfxi evogap10'>Obereggen 16 I-39050 Deutschnofen (BZ)<\/p><div class='padt10'><span class='evo_btn_arr evolb_trigger' data-lbvals=\"{&quot;lbdata&quot;:{&quot;class&quot;:&quot;evo_location_lb_23&quot;,&quot;additional_class&quot;:&quot;lb_max&quot;,&quot;title&quot;:&quot;Talstation Obereggen&quot;},&quot;adata&quot;:{&quot;a&quot;:&quot;eventon_get_tax_card_content&quot;,&quot;end&quot;:&quot;client&quot;,&quot;data&quot;:{&quot;lang&quot;:&quot;L2&quot;,&quot;term_id&quot;:23,&quot;tax&quot;:&quot;event_location&quot;,&quot;load_lbcontent&quot;:true}},&quot;uid&quot;:&quot;eventon_get_tax_card_content&quot;}\" >Other Events<i class='fa fa-chevron-right' aria-hidden='true'><\/i><\/span><\/div><\/div>\n\t\t\n\t<\/div><\/div><\/div><!-- row close --><div class='evocard_row bx2 bx'><div id='event_learnmore' class='evocard_box learnmore' data-c='' \n\t\t\t\t\tstyle=''><div class='evo_metarow_learnM evo_metarow_learnmore evorow'>\n\t\t\t\t\t\t\t<a class='evcal_evdata_row evo_clik_row ' href='https:\/\/obereggen.com\/de\/mindfullatemar' target=\"_blank\">\n\t\t\t\t\t\t\t\t<span class='evcal_evdata_icons'><i class='fa fa-link'><\/i><\/span>\n\t\t\t\t\t\t\t\t<h3 class='evo_h3'>Entdecke mehr<\/h3>\n\t\t\t\t\t\t\t<\/a>\n\t\t\t\t\t\t\t<\/div><\/div><div id='event_addtocal' class='evocard_box addtocal' data-c='' \n\t\t\t\t\tstyle=''><div class='evo_metarow_ICS evorow evcal_evdata_row'>\n\t\t\t<span class='evcal_evdata_icons'><i class='fa fa-calendar-o'><\/i><\/span>\n\t\t\t<div class='evcal_evdata_cell'>\n\t\t\t\t<p><a href='https:\/\/latemarium.com\/de\/export-events\/2107_10\/?key=f55e99e6ee' rel='nofollow' class='evo_ics_nCal' title='Zu Ihrem Kalender hinzuf\u00fcgen'>Kalender<\/a><a href='https:\/\/www.google.com\/calendar\/event?action=TEMPLATE&text=Mindful.Latemar&dates=20260901T113000Z\/20260901T215900Z&ctz=Europe%2FRome&details=Mindful.Latemar&location=Talstation%20Obereggen%20Obereggen%2016%20I-39050%20Deutschnofen%20%28BZ%29' target='_blank' rel='nofollow' class='evo_ics_gCal' title='Zu Google Kalender hinzuf\u00fcgen'>GoogleCal<\/a><\/p>\t\n\t\t\t<\/div>\n\t\t<\/div><\/div><\/div><!-- row close --><div class='evocard_row'><div id='event_getdirection' class='evocard_box getdirection' data-c='' \n\t\t\t\t\tstyle=''><div class='evo_metarow_getDr evorow evcal_evdata_row evcal_evrow_sm getdirections'>\n\t\t<form action='https:\/\/maps.google.com\/maps' method='get' target='_blank'>\n\t\t\t<input type='hidden' name='daddr' value=\"46.3835808246333,11.52667595881786\"\/> \n\t\t\t<div class='evo_get_direction_content evo_fx_dr_r evogap10'>\n\t\t\t\t<span class='evogetdir_header evodfx evofxdrr evofxaic evogap10'>\n\t\t\t\t\t<i class='mainicon fa fa-road evofz24i'><\/i> \n\t\t\t\t\t<h3 class='evo_h3 evopad0i' style='padding-bottom:5px;'>Wegbeschreibung abrufen<\/h3>\n\t\t\t\t<\/span>\n\t\t\t\t<span class='evogetdir_field evodfx evofx_1_1 evow100p'>\t\n\t\t\t\t\t<label for='6a9c46be4be5c' class='evo_aria_ready sr-only'>Address - Mindful.Latemar []<\/label>\t\t\t\t\n\t\t\t\t\t<input id='6a9c46be4be5c' class='evo_aria_ready_match evoInput2 evobr10 evow100p evopad10 evoff_2 evofz14i evobrdB1 evoboxbb' type='text' name='saddr' placeholder='&quot;Geben Sie die Adresse ein' value='' style='' aria-label='Address - Mindful.Latemar []' \/>\n\t\t\t\t<\/span>\n\t\t\t\t<div class='evodfx evofxdrr evofxaic evogap10'>\n\t\t\t\t\t<i class='fa fa-location-dot'><\/i>\n\t\t\t\t\t<div class='evoposr evofx_1 evoh100p'><label for='6a9c46be4be5c' class='evo_aria_ready sr-only'>Destination Address - Mindful.Latemar []<\/label>\t\t\n\t\t\t\t\t\t<input id='6a9c46be4be5c' class='evo_aria_ready_match evoInput2 evobr10 evow100p evopad5-10 evoff_2 evofz14i evobrdB1 evoop5 evoboxbb evoh100p' type='text' style='' readonly value='Obereggen 16 I-39050 Deutschnofen (BZ)' aria-label='Destination Address - Mindful.Latemar []'\/><button class='evo_copy_address evobuttonA evocurp evohoop7 evoposa evopad5' style='right: 3px; top: 4px; background-color: #fff;' data-txt='46.3835808246333,11.52667595881786' data-t='Address copied to clipboard!'><i class='far fa-copy evofz16i' title='Copy Destination Address!'><\/i><\/button>\n\t\t\t\t\t<\/div>\n\t\t\t\t\t<button type='submit' class='evo_get_direction_button evcal_btn dfx evofxaic evocurp evohoop7' title='&quot;Klicken Sie hier' style='    padding: 10px 15px !important;'><i class='fa fa-chevron-right'><\/i> <\/button>\n\t\t\t\t<\/div>\n\t\t\t<\/div>\n\t\t<\/form>\n\t<\/div><\/div><\/div><!-- row close --><button class='evo_card_row_end evcal_close' title='Schlie\u00dfen'><\/button><\/div><div class='clear end'><\/div><\/div><div id=\"event_2184_9\" class=\"eventon_list_event evo_eventtop scheduled past_event event clrD no_et event_2184_9\" data-event_id=\"2184\" data-ri=\"9r\" data-time=\"1788334200-1788386340\" data-colr=\"#ba181d\" itemscope itemtype='http:\/\/schema.org\/Event'><div class=\"evo_event_schema\" style=\"display:none\" ><a itemprop='url'  href='https:\/\/latemarium.com\/de\/events\/geotrekking-torre-di-pisa\/var\/ri-9.l-L2'><\/a><meta itemprop='image' content=\"https:\/\/latemarium.com\/wp-content\/uploads\/2020\/06\/latemar-torre-di-pisa-estate-2019_ph.alice-russolo-90-scaled.jpg\" \/><meta itemprop='startDate' content=\"2026-9-2T09:30+0:00\" \/><meta itemprop='endDate' content=\"2026-9-2T23:59+0:00\" \/><meta itemprop='eventStatus' content=\"https:\/\/schema.org\/EventScheduled\" \/><meta itemprop='eventAttendanceMode'   itemscope itemtype=\"https:\/\/schema.org\/OfflineEventAttendanceMode\"\/><script type=\"application\/ld+json\">{\"@context\": \"http:\/\/schema.org\",\"@type\": \"Event\",\n\t\t\t\t\"@id\": \"event_2184_9\",\n\t\t\t\t\"eventAttendanceMode\":\"https:\/\/schema.org\/OfflineEventAttendanceMode\",\n\t\t\t\t\"eventStatus\":\"https:\/\/schema.org\/EventScheduled\",\n\t\t\t\t\"name\": \"Geotrekking Torre di Pisa\",\n\t\t\t\t\"url\": \"https:\/\/latemarium.com\/de\/events\/geotrekking-torre-di-pisa\/var\/ri-9.l-L2\",\n\t\t\t\t\"startDate\": \"2026-9-2T09:30+0:00\",\n\t\t\t\t\"endDate\": \"2026-9-2T23:59+0:00\",\n\t\t\t\t\"image\":\"https:\/\/latemarium.com\/wp-content\/uploads\/2020\/06\/latemar-torre-di-pisa-estate-2019_ph.alice-russolo-90-scaled.jpg\", \n\t\t\t\t\"description\":\"<p><strong>Spannender geologischer Ausflug in gro\u00dfer H\u00f6he<\/strong>, um das Latemar-Atoll zu entdecken, die Perle des fossilen Archipels der Dolomiten, ein UNESCO-Weltkulturerbe. Ein eindrucksvoller Rundweg, der von einem erfahrenen Geologen und Medienbergf\u00fchrer gef\u00fchrt wird. Vom Passo Feudo steigen Sie zur Schutzh\u00fctte Torre di Pisa auf, um dann in gro\u00dfer H\u00f6he bis zur Forcella dei Camosci weiterzugehen, von wo aus Sie wieder in die Tiefen des tropischen Meeres bis zum Ausgangspunkt abtauchen. Brotzeit. Mindestalter 12 Jahre.<\/p> <p>Die Route ist mittelschwer, mit gut begehbaren Wegen und kurzen, leicht ausgesetzten Abschnitten, mit einem H\u00f6henunterschied von ca. 780 Metern.<\/p> \"}<\/script><\/div>\r\n\t\t\t\t<p class=\"desc_trig_outter\" style=\"\"><a data-gmap_status=\"null\" data-exlk=\"0\" style=\"background-color: #ba181d;\" id=\"evc_17883342002184\" href=\"#\" class=\"hasFtIMG event_repeat desc_trig sin_val evcal_list_a\" data-ux_val=\"3\" data-ux_val_mob=\"-\"  ><span class='evoet_in'><span class='evoet_c1 evoet_cx '><span class='evoet_cy ev_ftImg evotrans imgFxdef' data-img='https:\/\/latemarium.com\/wp-content\/uploads\/2020\/06\/latemar-torre-di-pisa-estate-2019_ph.alice-russolo-90-scaled.jpg' data-thumb='https:\/\/latemarium.com\/wp-content\/uploads\/2020\/06\/latemar-torre-di-pisa-estate-2019_ph.alice-russolo-90-300x200.jpg' style='background-image:url(\"https:\/\/latemarium.com\/wp-content\/uploads\/2020\/06\/latemar-torre-di-pisa-estate-2019_ph.alice-russolo-90-300x200.jpg\")' ><\/span><\/span><span class='evoet_c2 evoet_cx '><span class='evoet_dayblock evcal_cblock ' data-bgcolor='#ba181d' data-smon='September' data-syr='2026' data-bub=''><span class='evo_start  evofxdrc'><em class='date'>02<\/em><em class='month'>Sep<\/em><em class='time'>09:30<\/em><\/span><\/span><\/span><span class='evoet_c3 evoet_cx evcal_desc hide_eventtopdata '><span class='evoet_title evcal_desc2 evcal_event_title ' itemprop='name'>Geotrekking Torre di Pisa<\/span><span class='event_location_attrs evodni' data-location_type=\"lonlat\" data-location_name=\"A monte della seggiovia Gardon\u00e8-Passo Feudo\" data-location_url=\"https:\/\/latemarium.com\/de\/event-location\/a-monte-della-seggiovia-gardone-passo-feudo\/\" data-location_status=\"true\" data-locid=\"37\" data-latlng=\"46.32878794406342,11.600176728690842\"><\/span><span class='evoet_cy evoet_subtitle evo_below_title' ><span class='evcal_event_subtitle ' >Geotrekking Torre di Pisa<\/span><\/span><span class='evoet_cy evoet_time_expand level_3'><em class='evcal_time evo_tz_time'><i class='fa fa-clock-o'><\/i>09:30<span class='evo_tz marl5'>(GMT+02:00)<\/span><\/em> <\/span><span class='evoet_location level_3'><em class=\"evcal_location\"  data-latlng=\"46.32878794406342,11.600176728690842\" data-add_str=\"\" data-n=\"A monte della seggiovia Gardon\u00e8-Passo Feudo\"><i class=\"fa fa-location-pin\"><\/i><em class=\"event_location_name\">A monte della seggiovia Gardon\u00e8-Passo Feudo<\/em><\/em><\/span><\/span><\/span><span class='evoet_data' style='display:none' data-d=\"{&quot;loc.n&quot;:&quot;A monte della seggiovia Gardon\\u00e8-Passo Feudo&quot;,&quot;orgs&quot;:[],&quot;tags&quot;:{&quot;repeating&quot;:&quot;Repeating Event&quot;}}\" data-bgc=\"#ba181d\" data-bggrad=\"\" ><\/span><\/a><\/p><div class='event_description evcal_eventcard ' style=\"display:none\"><div class='evocard_row'><div id='event_ftimage' class='evocard_box ftimage' data-c='' \n\t\t\t\t\tstyle=''><div class='evocard_main_image_hold' data-t='Loading Image..'><div class='evocard_main_image evo_img_triglb evocd_img_minmized evobr15 evobgsc evobgpc evodfx evofx_jc_c evofx_ai_c evofz48 minmized' style='height:300px; background-image:url();' data-f=\"https:\/\/latemarium.com\/wp-content\/uploads\/2020\/06\/latemar-torre-di-pisa-estate-2019_ph.alice-russolo-90-scaled.jpg\" data-h=\"1707\" data-w=\"2560\" data-ratio=\"0.666796875\" data-event_id=\"2184\" data-ri=\"9\"  data-t='Loading Image..'><span style='height:300px; background-image:url(https:\/\/latemarium.com\/wp-content\/uploads\/2020\/06\/latemar-torre-di-pisa-estate-2019_ph.alice-russolo-90-scaled.jpg)'><\/span><\/div><\/div><\/div><\/div><!-- row close --><div class='evocard_row'><div id='event_eventdetails' class='evocard_box eventdetails' data-c='' \n\t\t\t\t\tstyle=''><div class=\"evo_metarow_details evorow evcal_evdata_row evcal_event_details\">\n    <div class=\"event_excerpt\" style=\"display:none\"><h3 class=\"padb5 evo_h3\">Details zur Veranstaltung<\/h3><p>Spannender geologischer Ausflug in gro\u00dfer H\u00f6he, um das Latemar-Atoll zu entdecken, die Perle des fossilen Archipels der Dolomiten, ein UNESCO-Weltkulturerbe. Ein eindrucksvoller Rundweg, der von einem erfahrenen Geologen und Medienbergf\u00fchrer<\/p><\/div><span class='evcal_evdata_icons'><i class='fa fa-align-justify'><\/i><\/span>    <div class=\"evcal_evdata_cell shorter_desc\">\n        <div class=\"eventon_full_description\">\n            <h3 class=\"padb5 evo_h3\"><span class='evcal_evdata_icons'><i class='fa fa-align-justify'><\/i><\/span>Details zur Veranstaltung<\/h3>\n            <div class=\"eventon_desc_in\" itemprop=\"description\">\n                <p><strong>Spannender geologischer Ausflug in gro\u00dfer H\u00f6he<\/strong>, um das Latemar-Atoll zu entdecken, die Perle des fossilen Archipels der Dolomiten, ein UNESCO-Weltkulturerbe. Ein eindrucksvoller Rundweg, der von einem erfahrenen Geologen und Medienbergf\u00fchrer gef\u00fchrt wird. Vom Passo Feudo steigen Sie zur Schutzh\u00fctte Torre di Pisa auf, um dann in gro\u00dfer H\u00f6he bis zur Forcella dei Camosci weiterzugehen, von wo aus Sie wieder in die Tiefen des tropischen Meeres bis zum Ausgangspunkt abtauchen. Brotzeit. Mindestalter 12 Jahre.<\/p>\n<p>Die Route ist mittelschwer, mit gut begehbaren Wegen und kurzen, leicht ausgesetzten Abschnitten, mit einem H\u00f6henunterschied von ca. 780 Metern.<\/p>\n            <\/div>\n            <p class='eventon_shad_p' style='padding:5px 0 0; margin:0'><button class='evcal_btn evo_btn_secondary evobtn_details_show_more' content='less' aria-label='Mehr' aria-expanded='false'><span class='ev_more_text' data-txt='Weniger'>Mehr<\/span><span class='ev_more_arrow ard'><\/span><\/button><\/p><div class='clear'><\/div>        <\/div>\n    <\/div>\n<\/div><\/div><\/div><!-- row close --><div class='evocard_row bx2 bx'><div id='event_time' class='evocard_box time' data-c='' \n\t\t\t\t\tstyle=''><div class='evo_metarow_time evorow evcal_evdata_row evcal_evrow_sm '>\n\t\t<span class='evcal_evdata_icons'><i class='fa fa-clock'><\/i><\/span>\n\t\t<div class='evcal_evdata_cell'>\t\t\t\t\t\t\t\n\t\t\t<h3 class='evo_h3'><span class='evcal_evdata_icons'><i class='fa fa-clock'><\/i><\/span>Zeitplan<\/h3><div><span class='evo_eventcard_time_t evogap5 evofxww'><span class=\"start\">2 September 2026<\/span> <span class=\"stime\">09:30<\/span><\/span><span class='evo_tz marr5'>(GMT+02:00)<\/span><\/div>\n\t\t<\/div>\n\t<\/div><\/div><div id='event_location' class='evocard_box location' data-c='' \n\t\t\t\t\tstyle=''><div class='evcal_evdata_row evo_metarow_time_location evorow '>\n\t\t\n\t\t\t<span class='evcal_evdata_icons'><i class='fa fa-map-marker'><\/i><\/span>\n\t\t\t<div class='evcal_evdata_cell' data-loc_tax_id='37'><h3 class='evo_h3 evodfx'><span class='evcal_evdata_icons'><i class='fa fa-map-marker'><\/i><\/span>Ort<\/h3><p class='evo_location_name'>A monte della seggiovia Gardon\u00e8-Passo Feudo<\/p><div class='padt10'><span class='evo_btn_arr evolb_trigger' data-lbvals=\"{&quot;lbdata&quot;:{&quot;class&quot;:&quot;evo_location_lb_37&quot;,&quot;additional_class&quot;:&quot;lb_max&quot;,&quot;title&quot;:&quot;A monte della seggiovia Gardon\\u00e8-Passo Feudo&quot;},&quot;adata&quot;:{&quot;a&quot;:&quot;eventon_get_tax_card_content&quot;,&quot;end&quot;:&quot;client&quot;,&quot;data&quot;:{&quot;lang&quot;:&quot;L2&quot;,&quot;term_id&quot;:37,&quot;tax&quot;:&quot;event_location&quot;,&quot;load_lbcontent&quot;:true}},&quot;uid&quot;:&quot;eventon_get_tax_card_content&quot;}\" >Other Events<i class='fa fa-chevron-right' aria-hidden='true'><\/i><\/span><\/div><\/div>\n\t\t\n\t<\/div><\/div><\/div><!-- row close --><div class='evocard_row bx2 bx'><div id='event_learnmore' class='evocard_box learnmore' data-c='' \n\t\t\t\t\tstyle=''><div class='evo_metarow_learnM evo_metarow_learnmore evorow'>\n\t\t\t\t\t\t\t<a class='evcal_evdata_row evo_clik_row ' href='https:\/\/www.latemar.it\/de\/sommer\/geotrekking\/' target=\"_blank\">\n\t\t\t\t\t\t\t\t<span class='evcal_evdata_icons'><i class='fa fa-link'><\/i><\/span>\n\t\t\t\t\t\t\t\t<h3 class='evo_h3'>Entdecke mehr<\/h3>\n\t\t\t\t\t\t\t<\/a>\n\t\t\t\t\t\t\t<\/div><\/div><div id='event_addtocal' class='evocard_box addtocal' data-c='' \n\t\t\t\t\tstyle=''><div class='evo_metarow_ICS evorow evcal_evdata_row'>\n\t\t\t<span class='evcal_evdata_icons'><i class='fa fa-calendar-o'><\/i><\/span>\n\t\t\t<div class='evcal_evdata_cell'>\n\t\t\t\t<p><a href='https:\/\/latemarium.com\/de\/export-events\/2184_9\/?key=f55e99e6ee' rel='nofollow' class='evo_ics_nCal' title='Zu Ihrem Kalender hinzuf\u00fcgen'>Kalender<\/a><a href='https:\/\/www.google.com\/calendar\/event?action=TEMPLATE&text=Geotrekking%20Torre%20di%20Pisa&dates=20260902T073000Z\/20260902T215900Z&ctz=Europe%2FRome&details=Geotrekking%20Torre%20di%20Pisa&location=A%20monte%20della%20seggiovia%20Gardon%C3%A8-Passo%20Feudo' target='_blank' rel='nofollow' class='evo_ics_gCal' title='Zu Google Kalender hinzuf\u00fcgen'>GoogleCal<\/a><\/p>\t\n\t\t\t<\/div>\n\t\t<\/div><\/div><\/div><!-- row close --><div class='evocard_row'><div id='event_getdirection' class='evocard_box getdirection' data-c='' \n\t\t\t\t\tstyle=''><div class='evo_metarow_getDr evorow evcal_evdata_row evcal_evrow_sm getdirections'>\n\t\t<form action='https:\/\/maps.google.com\/maps' method='get' target='_blank'>\n\t\t\t<input type='hidden' name='daddr' value=\"46.32878794406342,11.600176728690842\"\/> \n\t\t\t<div class='evo_get_direction_content evo_fx_dr_r evogap10'>\n\t\t\t\t<span class='evogetdir_header evodfx evofxdrr evofxaic evogap10'>\n\t\t\t\t\t<i class='mainicon fa fa-road evofz24i'><\/i> \n\t\t\t\t\t<h3 class='evo_h3 evopad0i' style='padding-bottom:5px;'>Wegbeschreibung abrufen<\/h3>\n\t\t\t\t<\/span>\n\t\t\t\t<span class='evogetdir_field evodfx evofx_1_1 evow100p'>\t\n\t\t\t\t\t<label for='6a9c46be4cae4' class='evo_aria_ready sr-only'>Address - Geotrekking Torre di Pisa []<\/label>\t\t\t\t\n\t\t\t\t\t<input id='6a9c46be4cae4' class='evo_aria_ready_match evoInput2 evobr10 evow100p evopad10 evoff_2 evofz14i evobrdB1 evoboxbb' type='text' name='saddr' placeholder='&quot;Geben Sie die Adresse ein' value='' style='' aria-label='Address - Geotrekking Torre di Pisa []' \/>\n\t\t\t\t<\/span>\n\t\t\t\t<div class='evodfx evofxdrr evofxaic evogap10'>\n\t\t\t\t\t<i class='fa fa-location-dot'><\/i>\n\t\t\t\t\t<div class='evoposr evofx_1 evoh100p'><button class='evo_copy_address evobuttonA evocurp evohoop7 evoposa evopad5' style='right: 3px; top: 4px; background-color: #fff;' data-txt='46.32878794406342,11.600176728690842' data-t='Address copied to clipboard!'><i class='far fa-copy evofz16i' title='Copy Destination Address!'><\/i><\/button>\n\t\t\t\t\t<\/div>\n\t\t\t\t\t<button type='submit' class='evo_get_direction_button evcal_btn dfx evofxaic evocurp evohoop7' title='&quot;Klicken Sie hier' style='    padding: 10px 15px !important;'><i class='fa fa-chevron-right'><\/i> <\/button>\n\t\t\t\t<\/div>\n\t\t\t<\/div>\n\t\t<\/form>\n\t<\/div><\/div><\/div><!-- row close --><button class='evo_card_row_end evcal_close' title='Schlie\u00dfen'><\/button><\/div><div class='clear end'><\/div><\/div><div id=\"event_2938_10\" class=\"eventon_list_event evo_eventtop scheduled past_event event clrD event_2938_10\" data-event_id=\"2938\" data-ri=\"10r\" data-time=\"1788350400-1788359400\" data-colr=\"#38823b\" itemscope itemtype='http:\/\/schema.org\/Event'><div class=\"evo_event_schema\" style=\"display:none\" ><a itemprop='url'  href='https:\/\/latemarium.com\/de\/events\/unterwegs-mit-ponys\/var\/ri-10.l-L2'><\/a><meta itemprop='image' content=\"https:\/\/latemarium.com\/wp-content\/uploads\/2026\/04\/pony.jpg\" \/><meta itemprop='startDate' content=\"2026-9-2T14:00+0:00\" \/><meta itemprop='endDate' content=\"2026-9-2T16:30+0:00\" \/><meta itemprop='eventStatus' content=\"https:\/\/schema.org\/EventScheduled\" \/><meta itemprop='eventAttendanceMode'   itemscope itemtype=\"https:\/\/schema.org\/OfflineEventAttendanceMode\"\/><div style=\"display:none\" itemprop=\"location\" itemscope itemtype=\"http:\/\/schema.org\/Place\"><span itemprop=\"name\">Pampeago<\/span><span itemprop=\"address\" itemscope itemtype=\"http:\/\/schema.org\/PostalAddress\"><item itemprop=\"streetAddress\">Localit\u00e0 Pampeago, 8, 38038 Tesero TN<\/item><\/span><\/div><script type=\"application\/ld+json\">{\"@context\": \"http:\/\/schema.org\",\"@type\": \"Event\",\n\t\t\t\t\"@id\": \"event_2938_10\",\n\t\t\t\t\"eventAttendanceMode\":\"https:\/\/schema.org\/OfflineEventAttendanceMode\",\n\t\t\t\t\"eventStatus\":\"https:\/\/schema.org\/EventScheduled\",\n\t\t\t\t\"name\": \"Unterwegs mit Ponys\",\n\t\t\t\t\"url\": \"https:\/\/latemarium.com\/de\/events\/unterwegs-mit-ponys\/var\/ri-10.l-L2\",\n\t\t\t\t\"startDate\": \"2026-9-2T14:00+0:00\",\n\t\t\t\t\"endDate\": \"2026-9-2T16:30+0:00\",\n\t\t\t\t\"image\":\"https:\/\/latemarium.com\/wp-content\/uploads\/2026\/04\/pony.jpg\", \n\t\t\t\t\"description\":\"<p>Ein angenehmer Spaziergang zur Entdeckung der Landschaften von Pampeago, begleitet von freundlichen Ponys, die Kinder und Familien sicher entlang der Route f\u00fchren.<\/p> <p>Ein entspannendes und unterhaltsames Erlebnis \u2013 ideal, um die Bergwelt in gem\u00e4chlichem Tempo zu genie\u00dfen und eine besondere Verbindung zu diesen sanften Tieren aufzubauen.<\/p> <p><strong>INFORMATIONEN:<\/strong><br \/> Wann \u2013 Jeden Mittwoch vom 24.06. bis 09.09.<br \/> Uhrzeit \u2013 Von 14:00 bis 16:30 Uhr (je nach Verf\u00fcgbarkeit)<br \/> Treffpunkt \u2013 Parkplatz der Tresca-Sesselbahn (Zutritt NUR f\u00fcr Teilnehmende mit Reservierung)<\/p> <p>Aktivit\u00e4t geeignet f\u00fcr Familien und Kinder.<\/p> <p>Reservierung erforderlich \u2013 klicken Sie <a href='https:\/\/www.visitfiemme.it\/de\/veranstaltungen\/fiemme-cembra-guest-card\/erlebnisse\/erlebnisse-sommer' target='_blank' rel='noopener'>HIER<\/a>, um zu buchen<\/p> \",\"location\":[{\"@type\":\"Place\",\"name\":\"Pampeago\",\"address\":{\"@type\": \"PostalAddress\",\"streetAddress\":\"Localit\u00e0 Pampeago, 8, 38038 Tesero TN\"}}]}<\/script><\/div>\r\n\t\t\t\t<p class=\"desc_trig_outter\" style=\"\"><a data-gmap_status=\"null\" data-exlk=\"0\" style=\"background-color: #38823b;\" id=\"evc_17883504002938\" href=\"#\" class=\"hasFtIMG event_repeat desc_trig sin_val evcal_list_a\" data-ux_val=\"3\" data-ux_val_mob=\"-\"  ><span class='evoet_in'><span class='evoet_c1 evoet_cx '><span class='evoet_cy ev_ftImg evotrans imgFxdef' data-img='https:\/\/latemarium.com\/wp-content\/uploads\/2026\/04\/pony.jpg' data-thumb='https:\/\/latemarium.com\/wp-content\/uploads\/2026\/04\/pony-300x110.jpg' style='background-image:url(\"https:\/\/latemarium.com\/wp-content\/uploads\/2026\/04\/pony-300x110.jpg\")' ><\/span><\/span><span class='evoet_c2 evoet_cx '><span class='evoet_dayblock evcal_cblock ' data-bgcolor='#38823b' data-smon='September' data-syr='2026' data-bub=''><span class='evo_start  evofxdrc'><em class='date'>02<\/em><em class='month'>Sep<\/em><em class='time'>14:00<\/em><\/span><span class='evo_end only_time evofxdrc'><em class='time'>16:30<\/em><\/span><\/span><\/span><span class='evoet_c3 evoet_cx evcal_desc hide_eventtopdata '><span class='evoet_title evcal_desc2 evcal_event_title ' itemprop='name'>Unterwegs mit Ponys<\/span><span class='event_location_attrs evodni'  data-location_address=\"Localit\u00e0 Pampeago, 8, 38038 Tesero TN\" data-location_type=\"lonlat\" data-location_name=\"Pampeago\" data-location_url=\"https:\/\/latemarium.com\/de\/event-location\/pampeago-de\/\" data-location_status=\"true\" data-locid=\"32\" data-latlng=\"46.34343697644898,11.540997527961546\"><\/span><span class='evoet_cy evoet_subtitle evo_below_title' ><span class='evcal_event_subtitle ' >Familienwanderung<\/span><\/span><span class='evoet_cy evoet_time_expand level_3'><em class='evcal_time evo_tz_time'><i class='fa fa-clock-o'><\/i>14:00 - 16:30<span class='evo_tz marl5'>(GMT+02:00)<\/span><\/em> <\/span><span class='evoet_location level_3'><em class=\"evcal_location\"  data-latlng=\"46.34343697644898,11.540997527961546\" data-add_str=\"Localit\u00e0 Pampeago, 8, 38038 Tesero TN\" data-n=\"Pampeago\"><i class=\"fa fa-location-pin\"><\/i><em class=\"event_location_name\">Pampeago<\/em>, Localit\u00e0 Pampeago, 8, 38038 Tesero TN<\/em><\/span><\/span><\/span><span class='evoet_data' style='display:none' data-d=\"{&quot;loc.n&quot;:&quot;Pampeago&quot;,&quot;orgs&quot;:[],&quot;tags&quot;:{&quot;repeating&quot;:&quot;Repeating Event&quot;}}\" data-bgc=\"#38823b\" data-bggrad=\"\" ><\/span><\/a><\/p><div class='event_description evcal_eventcard ' style=\"display:none\"><div class='evocard_row'><div id='event_ftimage' class='evocard_box ftimage' data-c='' \n\t\t\t\t\tstyle=''><div class='evocard_main_image_hold' data-t='Loading Image..'><div class='evocard_main_image evo_img_triglb evocd_img_minmized evobr15 evobgsc evobgpc evodfx evofx_jc_c evofx_ai_c evofz48 minmized' style='height:300px; background-image:url();' data-f=\"https:\/\/latemarium.com\/wp-content\/uploads\/2026\/04\/pony.jpg\" data-h=\"368\" data-w=\"1000\" data-ratio=\"0.368\" data-event_id=\"2938\" data-ri=\"10\"  data-t='Loading Image..'><span style='height:300px; background-image:url(https:\/\/latemarium.com\/wp-content\/uploads\/2026\/04\/pony.jpg)'><\/span><\/div><\/div><\/div><\/div><!-- row close --><div class='evocard_row'><div id='event_eventdetails' class='evocard_box eventdetails' data-c='' \n\t\t\t\t\tstyle=''><div class=\"evo_metarow_details evorow evcal_evdata_row evcal_event_details\">\n    <div class=\"event_excerpt\" style=\"display:none\"><h3 class=\"padb5 evo_h3\">Details zur Veranstaltung<\/h3><p>Ein angenehmer Spaziergang zur Entdeckung der Landschaften von Pampeago, begleitet von freundlichen Ponys, die Kinder und Familien sicher entlang der Route f\u00fchren.\nEin entspannendes und unterhaltsames Erlebnis \u2013 ideal, um die<\/p><\/div><span class='evcal_evdata_icons'><i class='fa fa-align-justify'><\/i><\/span>    <div class=\"evcal_evdata_cell shorter_desc\">\n        <div class=\"eventon_full_description\">\n            <h3 class=\"padb5 evo_h3\"><span class='evcal_evdata_icons'><i class='fa fa-align-justify'><\/i><\/span>Details zur Veranstaltung<\/h3>\n            <div class=\"eventon_desc_in\" itemprop=\"description\">\n                <p>Ein angenehmer Spaziergang zur Entdeckung der Landschaften von Pampeago, begleitet von freundlichen Ponys, die Kinder und Familien sicher entlang der Route f\u00fchren.<\/p>\n<p>Ein entspannendes und unterhaltsames Erlebnis \u2013 ideal, um die Bergwelt in gem\u00e4chlichem Tempo zu genie\u00dfen und eine besondere Verbindung zu diesen sanften Tieren aufzubauen.<\/p>\n<p><strong>INFORMATIONEN:<\/strong><br \/>\nWann \u2013 Jeden Mittwoch vom 24.06. bis 09.09.<br \/>\nUhrzeit \u2013 Von 14:00 bis 16:30 Uhr (je nach Verf\u00fcgbarkeit)<br \/>\nTreffpunkt \u2013 Parkplatz der Tresca-Sesselbahn (Zutritt NUR f\u00fcr Teilnehmende mit Reservierung)<\/p>\n<p>Aktivit\u00e4t geeignet f\u00fcr Familien und Kinder.<\/p>\n<p>Reservierung erforderlich \u2013 klicken Sie <a href=\"https:\/\/www.visitfiemme.it\/de\/veranstaltungen\/fiemme-cembra-guest-card\/erlebnisse\/erlebnisse-sommer\" target=\"_blank\" rel=\"noopener\">HIER<\/a>, um zu buchen<\/p>\n            <\/div>\n            <p class='eventon_shad_p' style='padding:5px 0 0; margin:0'><button class='evcal_btn evo_btn_secondary evobtn_details_show_more' content='less' aria-label='Mehr' aria-expanded='false'><span class='ev_more_text' data-txt='Weniger'>Mehr<\/span><span class='ev_more_arrow ard'><\/span><\/button><\/p><div class='clear'><\/div>        <\/div>\n    <\/div>\n<\/div><\/div><\/div><!-- row close --><div class='evocard_row bx2 bx'><div id='event_time' class='evocard_box time' data-c='' \n\t\t\t\t\tstyle=''><div class='evo_metarow_time evorow evcal_evdata_row evcal_evrow_sm '>\n\t\t<span class='evcal_evdata_icons'><i class='fa fa-clock'><\/i><\/span>\n\t\t<div class='evcal_evdata_cell'>\t\t\t\t\t\t\t\n\t\t\t<h3 class='evo_h3'><span class='evcal_evdata_icons'><i class='fa fa-clock'><\/i><\/span>Zeitplan<\/h3><div><span class='evo_eventcard_time_t evogap5 evofxww'><span class=\"start\">2 September 2026<\/span> <span class=\"stime\">14:00<\/span> - <span class=\"etime\">16:30<\/span><\/span><span class='evo_tz marr5'>(GMT+02:00)<\/span><\/div>\n\t\t<\/div>\n\t<\/div><\/div><div id='event_location' class='evocard_box location' data-c='' \n\t\t\t\t\tstyle=''><div class='evcal_evdata_row evo_metarow_time_location evorow '>\n\t\t\n\t\t\t<span class='evcal_evdata_icons'><i class='fa fa-map-marker'><\/i><\/span>\n\t\t\t<div class='evcal_evdata_cell' data-loc_tax_id='32'><h3 class='evo_h3 evodfx'><span class='evcal_evdata_icons'><i class='fa fa-map-marker'><\/i><\/span>Ort<\/h3><p class='evo_location_name'>Pampeago<\/p><p class='evo_location_address evodfxi evogap10'>Localit\u00e0 Pampeago, 8, 38038 Tesero TN<\/p><div class='padt10'><span class='evo_btn_arr evolb_trigger' data-lbvals=\"{&quot;lbdata&quot;:{&quot;class&quot;:&quot;evo_location_lb_32&quot;,&quot;additional_class&quot;:&quot;lb_max&quot;,&quot;title&quot;:&quot;Pampeago&quot;},&quot;adata&quot;:{&quot;a&quot;:&quot;eventon_get_tax_card_content&quot;,&quot;end&quot;:&quot;client&quot;,&quot;data&quot;:{&quot;lang&quot;:&quot;L2&quot;,&quot;term_id&quot;:32,&quot;tax&quot;:&quot;event_location&quot;,&quot;load_lbcontent&quot;:true}},&quot;uid&quot;:&quot;eventon_get_tax_card_content&quot;}\" >Other Events<i class='fa fa-chevron-right' aria-hidden='true'><\/i><\/span><\/div><\/div>\n\t\t\n\t<\/div><\/div><\/div><!-- row close --><div class='evocard_row'><div id='event_addtocal' class='evocard_box addtocal' data-c='' \n\t\t\t\t\tstyle=''><div class='evo_metarow_ICS evorow evcal_evdata_row'>\n\t\t\t<span class='evcal_evdata_icons'><i class='fa fa-calendar-o'><\/i><\/span>\n\t\t\t<div class='evcal_evdata_cell'>\n\t\t\t\t<p><a href='https:\/\/latemarium.com\/de\/export-events\/2938_10\/?key=f55e99e6ee' rel='nofollow' class='evo_ics_nCal' title='Zu Ihrem Kalender hinzuf\u00fcgen'>Kalender<\/a><a href='https:\/\/www.google.com\/calendar\/event?action=TEMPLATE&text=Unterwegs%20mit%20Ponys&dates=20260902T120000Z\/20260902T143000Z&ctz=Europe%2FRome&details=Unterwegs%20mit%20Ponys&location=Pampeago%20Localit%C3%A0%20Pampeago%2C%208%2C%2038038%20Tesero%20TN' target='_blank' rel='nofollow' class='evo_ics_gCal' title='Zu Google Kalender hinzuf\u00fcgen'>GoogleCal<\/a><\/p>\t\n\t\t\t<\/div>\n\t\t<\/div><\/div><\/div><!-- row close --><div class='evocard_row'><div id='event_getdirection' class='evocard_box getdirection' data-c='' \n\t\t\t\t\tstyle=''><div class='evo_metarow_getDr evorow evcal_evdata_row evcal_evrow_sm getdirections'>\n\t\t<form action='https:\/\/maps.google.com\/maps' method='get' target='_blank'>\n\t\t\t<input type='hidden' name='daddr' value=\"Localit\u00e0 Pampeago, 8, 38038 Tesero TN\"\/> \n\t\t\t<div class='evo_get_direction_content evo_fx_dr_r evogap10'>\n\t\t\t\t<span class='evogetdir_header evodfx evofxdrr evofxaic evogap10'>\n\t\t\t\t\t<i class='mainicon fa fa-road evofz24i'><\/i> \n\t\t\t\t\t<h3 class='evo_h3 evopad0i' style='padding-bottom:5px;'>Wegbeschreibung abrufen<\/h3>\n\t\t\t\t<\/span>\n\t\t\t\t<span class='evogetdir_field evodfx evofx_1_1 evow100p'>\t\n\t\t\t\t\t<label for='6a9c46be4d6fd' class='evo_aria_ready sr-only'>Address - Unterwegs mit Ponys []<\/label>\t\t\t\t\n\t\t\t\t\t<input id='6a9c46be4d6fd' class='evo_aria_ready_match evoInput2 evobr10 evow100p evopad10 evoff_2 evofz14i evobrdB1 evoboxbb' type='text' name='saddr' placeholder='&quot;Geben Sie die Adresse ein' value='' style='' aria-label='Address - Unterwegs mit Ponys []' \/>\n\t\t\t\t<\/span>\n\t\t\t\t<div class='evodfx evofxdrr evofxaic evogap10'>\n\t\t\t\t\t<i class='fa fa-location-dot'><\/i>\n\t\t\t\t\t<div class='evoposr evofx_1 evoh100p'><label for='6a9c46be4d6fd' class='evo_aria_ready sr-only'>Destination Address - Unterwegs mit Ponys []<\/label>\t\t\n\t\t\t\t\t\t<input id='6a9c46be4d6fd' class='evo_aria_ready_match evoInput2 evobr10 evow100p evopad5-10 evoff_2 evofz14i evobrdB1 evoop5 evoboxbb evoh100p' type='text' style='' readonly value='Localit\u00e0 Pampeago, 8, 38038 Tesero TN' aria-label='Destination Address - Unterwegs mit Ponys []'\/><button class='evo_copy_address evobuttonA evocurp evohoop7 evoposa evopad5' style='right: 3px; top: 4px; background-color: #fff;' data-txt='Localit\u00e0 Pampeago, 8, 38038 Tesero TN' data-t='Address copied to clipboard!'><i class='far fa-copy evofz16i' title='Copy Destination Address!'><\/i><\/button>\n\t\t\t\t\t<\/div>\n\t\t\t\t\t<button type='submit' class='evo_get_direction_button evcal_btn dfx evofxaic evocurp evohoop7' title='&quot;Klicken Sie hier' style='    padding: 10px 15px !important;'><i class='fa fa-chevron-right'><\/i> <\/button>\n\t\t\t\t<\/div>\n\t\t\t<\/div>\n\t\t<\/form>\n\t<\/div><\/div><\/div><!-- row close --><button class='evo_card_row_end evcal_close' title='Schlie\u00dfen'><\/button><\/div><div class='clear end'><\/div><\/div><div id=\"event_2784_24\" class=\"eventon_list_event evo_eventtop scheduled past_event event clrD event_2784_24\" data-event_id=\"2784\" data-ri=\"24r\" data-time=\"1788417000-1788422400\" data-colr=\"#006290\" itemscope itemtype='http:\/\/schema.org\/Event'><div class=\"evo_event_schema\" style=\"display:none\" ><a itemprop='url'  href='https:\/\/latemarium.com\/de\/events\/oberholz-fruehstueck\/var\/ri-24.l-L2'><\/a><meta itemprop='image' content=\"https:\/\/latemarium.com\/wp-content\/uploads\/2025\/05\/colazione-al-rifugio-oberholz.jpg\" \/><meta itemprop='startDate' content=\"2026-9-3T08:30+0:00\" \/><meta itemprop='endDate' content=\"2026-9-3T10:00+0:00\" \/><meta itemprop='eventStatus' content=\"https:\/\/schema.org\/EventScheduled\" \/><meta itemprop='eventAttendanceMode'   itemscope itemtype=\"https:\/\/schema.org\/OfflineEventAttendanceMode\"\/><script type=\"application\/ld+json\">{\"@context\": \"http:\/\/schema.org\",\"@type\": \"Event\",\n\t\t\t\t\"@id\": \"event_2784_24\",\n\t\t\t\t\"eventAttendanceMode\":\"https:\/\/schema.org\/OfflineEventAttendanceMode\",\n\t\t\t\t\"eventStatus\":\"https:\/\/schema.org\/EventScheduled\",\n\t\t\t\t\"name\": \"Oberholz Fr\u00fchst\u00fcck\",\n\t\t\t\t\"url\": \"https:\/\/latemarium.com\/de\/events\/oberholz-fruehstueck\/var\/ri-24.l-L2\",\n\t\t\t\t\"startDate\": \"2026-9-3T08:30+0:00\",\n\t\t\t\t\"endDate\": \"2026-9-3T10:00+0:00\",\n\t\t\t\t\"image\":\"https:\/\/latemarium.com\/wp-content\/uploads\/2025\/05\/colazione-al-rifugio-oberholz.jpg\", \n\t\t\t\t\"description\":\"<p>Fr\u00fchst\u00fcck auf der Bergh\u00fctte Oberholz auf 2.096 m<br \/> Jeden Donnerstag und Samstag<\/p> <p>Das w\u00f6chentliche Highlight unterm Latemar findet jeden Donnerstag und Samstag von 8:30 bis 10:00 Uhr statt. Das umfangreiche Genusserlebnis \u201eFr\u00fchst\u00fcck auf der Oberholz\u201c inklusive der Berg- und Talfahrt kostet f\u00fcr Erwachsene 34 Euro, Jugendliche unter 12 Jahren bezahlen 27 Euro, Kinder unter 6 sind kostenlos.<\/p> <p>Zur Bergh\u00fctte und zur\u00fcck ins Tal geht es mit dem Panorama-Sessellift Obereggen-Oberholz (Auffahrt ab 08:30, letzte R\u00fcckfahrt 18.00 Uhr).<br \/> Eine Reservierung ist erforderlich: oberholz@latemar.it\u00a00471 618299<\/p> \"}<\/script><\/div>\r\n\t\t\t\t<p class=\"desc_trig_outter\" style=\"\"><a data-gmap_status=\"null\" data-exlk=\"0\" style=\"background-color: #006290;\" id=\"evc_17884170002784\" href=\"#\" class=\"hasFtIMG event_repeat desc_trig sin_val evcal_list_a\" data-ux_val=\"3\" data-ux_val_mob=\"-\"  ><span class='evoet_in'><span class='evoet_c1 evoet_cx '><span class='evoet_cy ev_ftImg evotrans imgFxdef' data-img='https:\/\/latemarium.com\/wp-content\/uploads\/2025\/05\/colazione-al-rifugio-oberholz.jpg' data-thumb='https:\/\/latemarium.com\/wp-content\/uploads\/2025\/05\/colazione-al-rifugio-oberholz-300x200.jpg' style='background-image:url(\"https:\/\/latemarium.com\/wp-content\/uploads\/2025\/05\/colazione-al-rifugio-oberholz-300x200.jpg\")' ><\/span><\/span><span class='evoet_c2 evoet_cx '><span class='evoet_dayblock evcal_cblock ' data-bgcolor='#006290' data-smon='September' data-syr='2026' data-bub=''><span class='evo_start  evofxdrc'><em class='date'>03<\/em><em class='month'>Sep<\/em><em class='time'>08:30<\/em><\/span><span class='evo_end only_time evofxdrc'><em class='time'>10:00<\/em><\/span><\/span><\/span><span class='evoet_c3 evoet_cx evcal_desc hide_eventtopdata '><span class='evoet_title evcal_desc2 evcal_event_title ' itemprop='name'>Oberholz Fr\u00fchst\u00fcck<\/span><span class='evoet_cy evoet_subtitle evo_below_title' ><span class='evcal_event_subtitle ' >Oberholz Fr\u00fchst\u00fcck<\/span><\/span><span class='evoet_cy evoet_time_expand level_3'><em class='evcal_time evo_tz_time'><i class='fa fa-clock-o'><\/i>08:30 - 10:00<span class='evo_tz marl5'>(GMT+02:00)<\/span><\/em> <\/span><span class='evoet_location level_3'><em class=\"evcal_location\"  data-add_str=\"\" data-n=\"Rifugio Oberholz\"><i class=\"fa fa-location-pin\"><\/i><em class=\"event_location_name\">Rifugio Oberholz<\/em><\/em><\/span><\/span><\/span><span class='evoet_data' style='display:none' data-d=\"{&quot;loc.n&quot;:&quot;Rifugio Oberholz&quot;,&quot;orgs&quot;:[],&quot;tags&quot;:{&quot;repeating&quot;:&quot;Repeating Event&quot;}}\" data-bgc=\"#006290\" data-bggrad=\"\" ><\/span><\/a><\/p><div class='event_description evcal_eventcard ' style=\"display:none\"><div class='evocard_row'><div id='event_ftimage' class='evocard_box ftimage' data-c='' \n\t\t\t\t\tstyle=''><div class='evocard_main_image_hold' data-t='Loading Image..'><div class='evocard_main_image evo_img_triglb evocd_img_minmized evobr15 evobgsc evobgpc evodfx evofx_jc_c evofx_ai_c evofz48 minmized' style='height:300px; background-image:url();' data-f=\"https:\/\/latemarium.com\/wp-content\/uploads\/2025\/05\/colazione-al-rifugio-oberholz.jpg\" data-h=\"1575\" data-w=\"2360\" data-ratio=\"0.66737288135593\" data-event_id=\"2784\" data-ri=\"24\"  data-t='Loading Image..'><span style='height:300px; background-image:url(https:\/\/latemarium.com\/wp-content\/uploads\/2025\/05\/colazione-al-rifugio-oberholz.jpg)'><\/span><\/div><\/div><\/div><\/div><!-- row close --><div class='evocard_row'><div id='event_eventdetails' class='evocard_box eventdetails' data-c='' \n\t\t\t\t\tstyle=''><div class=\"evo_metarow_details evorow evcal_evdata_row evcal_event_details\">\n    <div class=\"event_excerpt\" style=\"display:none\"><h3 class=\"padb5 evo_h3\">Details zur Veranstaltung<\/h3><p>Fr\u00fchst\u00fcck auf der Bergh\u00fctte Oberholz auf 2.096 m\nJeden Donnerstag und Samstag\nDas w\u00f6chentliche Highlight unterm Latemar findet jeden Donnerstag und Samstag von 8:30 bis 10:00 Uhr statt. Das umfangreiche Genusserlebnis<\/p><\/div><span class='evcal_evdata_icons'><i class='fa fa-align-justify'><\/i><\/span>    <div class=\"evcal_evdata_cell shorter_desc\">\n        <div class=\"eventon_full_description\">\n            <h3 class=\"padb5 evo_h3\"><span class='evcal_evdata_icons'><i class='fa fa-align-justify'><\/i><\/span>Details zur Veranstaltung<\/h3>\n            <div class=\"eventon_desc_in\" itemprop=\"description\">\n                <p>Fr\u00fchst\u00fcck auf der Bergh\u00fctte Oberholz auf 2.096 m<br \/>\nJeden Donnerstag und Samstag<\/p>\n<p>Das w\u00f6chentliche Highlight unterm Latemar findet jeden Donnerstag und Samstag von 8:30 bis 10:00 Uhr statt. Das umfangreiche Genusserlebnis \u201eFr\u00fchst\u00fcck auf der Oberholz\u201c inklusive der Berg- und Talfahrt kostet f\u00fcr Erwachsene 34 Euro, Jugendliche unter 12 Jahren bezahlen 27 Euro, Kinder unter 6 sind kostenlos.<\/p>\n<p>Zur Bergh\u00fctte und zur\u00fcck ins Tal geht es mit dem Panorama-Sessellift Obereggen-Oberholz (Auffahrt ab 08:30, letzte R\u00fcckfahrt 18.00 Uhr).<br \/>\nEine Reservierung ist erforderlich: oberholz@latemar.it\u00a00471 618299<\/p>\n            <\/div>\n            <p class='eventon_shad_p' style='padding:5px 0 0; margin:0'><button class='evcal_btn evo_btn_secondary evobtn_details_show_more' content='less' aria-label='Mehr' aria-expanded='false'><span class='ev_more_text' data-txt='Weniger'>Mehr<\/span><span class='ev_more_arrow ard'><\/span><\/button><\/p><div class='clear'><\/div>        <\/div>\n    <\/div>\n<\/div><\/div><\/div><!-- row close --><div class='evocard_row bx2 bx'><div id='event_time' class='evocard_box time' data-c='' \n\t\t\t\t\tstyle=''><div class='evo_metarow_time evorow evcal_evdata_row evcal_evrow_sm '>\n\t\t<span class='evcal_evdata_icons'><i class='fa fa-clock'><\/i><\/span>\n\t\t<div class='evcal_evdata_cell'>\t\t\t\t\t\t\t\n\t\t\t<h3 class='evo_h3'><span class='evcal_evdata_icons'><i class='fa fa-clock'><\/i><\/span>Zeitplan<\/h3><div><span class='evo_eventcard_time_t evogap5 evofxww'><span class=\"start\">3 September 2026<\/span> <span class=\"stime\">08:30<\/span> - <span class=\"etime\">10:00<\/span><\/span><span class='evo_tz marr5'>(GMT+02:00)<\/span><\/div>\n\t\t<\/div>\n\t<\/div><\/div><div id='event_location' class='evocard_box location' data-c='' \n\t\t\t\t\tstyle=''><div class='evcal_evdata_row evo_metarow_time_location evorow '>\n\t\t\n\t\t\t<span class='evcal_evdata_icons'><i class='fa fa-map-marker'><\/i><\/span>\n\t\t\t<div class='evcal_evdata_cell' data-loc_tax_id='60'><h3 class='evo_h3 evodfx'><span class='evcal_evdata_icons'><i class='fa fa-map-marker'><\/i><\/span>Ort<\/h3><p class='evo_location_name'>Rifugio Oberholz<\/p><div class='padt10'><span class='evo_btn_arr evolb_trigger' data-lbvals=\"{&quot;lbdata&quot;:{&quot;class&quot;:&quot;evo_location_lb_60&quot;,&quot;additional_class&quot;:&quot;lb_max&quot;,&quot;title&quot;:&quot;Rifugio Oberholz&quot;},&quot;adata&quot;:{&quot;a&quot;:&quot;eventon_get_tax_card_content&quot;,&quot;end&quot;:&quot;client&quot;,&quot;data&quot;:{&quot;lang&quot;:&quot;L2&quot;,&quot;term_id&quot;:60,&quot;tax&quot;:&quot;event_location&quot;,&quot;load_lbcontent&quot;:true}},&quot;uid&quot;:&quot;eventon_get_tax_card_content&quot;}\" >Other Events<i class='fa fa-chevron-right' aria-hidden='true'><\/i><\/span><\/div><\/div>\n\t\t\n\t<\/div><\/div><\/div><!-- row close --><div class='evocard_row bx2 bx'><div id='event_learnmore' class='evocard_box learnmore' data-c='' \n\t\t\t\t\tstyle=''><div class='evo_metarow_learnM evo_metarow_learnmore evorow'>\n\t\t\t\t\t\t\t<a class='evcal_evdata_row evo_clik_row ' href='https:\/\/oberholz.com\/events\/' target=\"_blank\">\n\t\t\t\t\t\t\t\t<span class='evcal_evdata_icons'><i class='fa fa-link'><\/i><\/span>\n\t\t\t\t\t\t\t\t<h3 class='evo_h3'>Entdecke mehr<\/h3>\n\t\t\t\t\t\t\t<\/a>\n\t\t\t\t\t\t\t<\/div><\/div><div id='event_addtocal' class='evocard_box addtocal' data-c='' \n\t\t\t\t\tstyle=''><div class='evo_metarow_ICS evorow evcal_evdata_row'>\n\t\t\t<span class='evcal_evdata_icons'><i class='fa fa-calendar-o'><\/i><\/span>\n\t\t\t<div class='evcal_evdata_cell'>\n\t\t\t\t<p><a href='https:\/\/latemarium.com\/de\/export-events\/2784_24\/?key=f55e99e6ee' rel='nofollow' class='evo_ics_nCal' title='Zu Ihrem Kalender hinzuf\u00fcgen'>Kalender<\/a><a href='https:\/\/www.google.com\/calendar\/event?action=TEMPLATE&text=Oberholz%20Fr%C3%BChst%C3%BCck&dates=20260903T063000Z\/20260903T080000Z&ctz=Europe%2FRome&details=Oberholz%20Fr%C3%BChst%C3%BCck&location=Rifugio%20Oberholz' target='_blank' rel='nofollow' class='evo_ics_gCal' title='Zu Google Kalender hinzuf\u00fcgen'>GoogleCal<\/a><\/p>\t\n\t\t\t<\/div>\n\t\t<\/div><\/div><\/div><!-- row close --><button class='evo_card_row_end evcal_close' title='Schlie\u00dfen'><\/button><\/div><div class='clear end'><\/div><\/div><div id=\"event_2845_9\" class=\"eventon_list_event evo_eventtop scheduled past_event event clrD no_et event_2845_9\" data-event_id=\"2845\" data-ri=\"9r\" data-time=\"1788418800-1788472740\" data-colr=\"#38823b\" itemscope itemtype='http:\/\/schema.org\/Event'><div class=\"evo_event_schema\" style=\"display:none\" ><a itemprop='url'  href='https:\/\/latemarium.com\/de\/events\/escursione-in-montagna-al-rifugio-torre-di-pisa\/var\/ri-9.l-L2'><\/a><meta itemprop='image' content=\"https:\/\/latemarium.com\/wp-content\/uploads\/2025\/05\/escursione-torre-di-pisa-obereggen.jpg\" \/><meta itemprop='startDate' content=\"2026-9-3T09:00+0:00\" \/><meta itemprop='endDate' content=\"2026-9-3T23:59+0:00\" \/><meta itemprop='eventStatus' content=\"https:\/\/schema.org\/EventScheduled\" \/><meta itemprop='eventAttendanceMode'   itemscope itemtype=\"https:\/\/schema.org\/OfflineEventAttendanceMode\"\/><div style=\"display:none\" itemprop=\"location\" itemscope itemtype=\"http:\/\/schema.org\/Place\"><span itemprop=\"name\">Talstation Obereggen<\/span><span itemprop=\"address\" itemscope itemtype=\"http:\/\/schema.org\/PostalAddress\"><item itemprop=\"streetAddress\">Obereggen 16 I-39050 Deutschnofen (BZ)<\/item><\/span><\/div><script type=\"application\/ld+json\">{\"@context\": \"http:\/\/schema.org\",\"@type\": \"Event\",\n\t\t\t\t\"@id\": \"event_2845_9\",\n\t\t\t\t\"eventAttendanceMode\":\"https:\/\/schema.org\/OfflineEventAttendanceMode\",\n\t\t\t\t\"eventStatus\":\"https:\/\/schema.org\/EventScheduled\",\n\t\t\t\t\"name\": \"Gipfelwanderung zur Latemarh\u00fctte\",\n\t\t\t\t\"url\": \"https:\/\/latemarium.com\/de\/events\/escursione-in-montagna-al-rifugio-torre-di-pisa\/var\/ri-9.l-L2\",\n\t\t\t\t\"startDate\": \"2026-9-3T09:00+0:00\",\n\t\t\t\t\"endDate\": \"2026-9-3T23:59+0:00\",\n\t\t\t\t\"image\":\"https:\/\/latemarium.com\/wp-content\/uploads\/2025\/05\/escursione-torre-di-pisa-obereggen.jpg\", \n\t\t\t\t\"description\":\"<p>Mittelschwere bis schwere, anspruchsvolle Bergwanderung im hochalpinen Gel\u00e4nde im s\u00fcdlichen Latemar- Massiv. Beeindruckende Rundsicht auf die umliegende Bergwelt.<\/p> <p>Route: Auffahrt mit dem Oberholz-Sessellift (1550\u20132100 m) \u2013 Aufstieg auf Weg 18 \u2013 Aussichtsplattform \u2013 Gamsstallscharte (2560 m) \u2013 Weg 516 \u2013 Pisah\u00fctte\/Latemarh\u00fctte (2671 m). Einkehr. Abstieg Weg 516 und Weg 22 \u2013 Bergstation Sessellift Oberholz \u2013 R\u00fcckfahrt.<\/p> <p>Start: 09.00 Uhr in Obereggen<br \/> R\u00fcckkehr: 16.00 Uhr<br \/> Dauer: 7 h | Gehzeit: 6 h<br \/> H\u00f6henunterschied: 750 m<br \/> Schwierigkeit: schwer, anspruchsvoll | Anforderungen: Ausdauer, Trittsicherheit und Schwindelfreiheit |mit Einkehr | die Mitnahme von geeignetem Tourenproviant wird empfohlen<br \/> Sessellift Oberholz: 21,50 \u20ac\/Erwachsene \u2013 17,50 \u20ac\/Junior<\/p> \",\"location\":[{\"@type\":\"Place\",\"name\":\"Talstation Obereggen\",\"address\":{\"@type\": \"PostalAddress\",\"streetAddress\":\"Obereggen 16 I-39050 Deutschnofen (BZ)\"}}]}<\/script><\/div>\r\n\t\t\t\t<p class=\"desc_trig_outter\" style=\"\"><a data-gmtrig=\"1\" data-exlk=\"0\" style=\"background-color: #38823b;\" id=\"evc_17884188002845\" href=\"#\" class=\"hasFtIMG event_repeat desc_trig sin_val evcal_list_a\" data-ux_val=\"3\" data-ux_val_mob=\"-\"  ><span class='evoet_in'><span class='evoet_c1 evoet_cx '><span class='evoet_cy ev_ftImg evotrans imgFxdef' data-img='https:\/\/latemarium.com\/wp-content\/uploads\/2025\/05\/escursione-torre-di-pisa-obereggen.jpg' data-thumb='https:\/\/latemarium.com\/wp-content\/uploads\/2025\/05\/escursione-torre-di-pisa-obereggen-300x182.jpg' style='background-image:url(\"https:\/\/latemarium.com\/wp-content\/uploads\/2025\/05\/escursione-torre-di-pisa-obereggen-300x182.jpg\")' ><\/span><\/span><span class='evoet_c2 evoet_cx '><span class='evoet_dayblock evcal_cblock ' data-bgcolor='#38823b' data-smon='September' data-syr='2026' data-bub=''><span class='evo_start  evofxdrc'><em class='date'>03<\/em><em class='month'>Sep<\/em><em class='time'>09:00<\/em><\/span><\/span><\/span><span class='evoet_c3 evoet_cx evcal_desc hide_eventtopdata '><span class='evoet_title evcal_desc2 evcal_event_title ' itemprop='name'>Gipfelwanderung zur Latemarh\u00fctte<\/span><span class='event_location_attrs evodni'  data-location_address=\"Obereggen 16 I-39050 Deutschnofen (BZ)\" data-location_type=\"lonlat\" data-location_name=\"Talstation Obereggen\" data-location_url=\"https:\/\/latemarium.com\/de\/event-location\/talstation-obereggen\/\" data-location_status=\"true\" data-locid=\"23\" data-latlng=\"46.3835808246333,11.52667595881786\"><\/span><span class='evoet_cy evoet_subtitle evo_below_title' ><span class='evcal_event_subtitle ' >Gipfelwanderung <\/span><\/span><span class='evoet_cy evoet_time_expand level_3'><em class='evcal_time evo_tz_time'><i class='fa fa-clock-o'><\/i>09:00<span class='evo_tz marl5'>(GMT+02:00)<\/span><\/em> <\/span><span class='evoet_location level_3'><em class=\"evcal_location\"  data-latlng=\"46.3835808246333,11.52667595881786\" data-add_str=\"Obereggen 16 I-39050 Deutschnofen (BZ)\" data-n=\"Talstation Obereggen\"><i class=\"fa fa-location-pin\"><\/i><em class=\"event_location_name\">Talstation Obereggen<\/em>, Obereggen 16 I-39050 Deutschnofen (BZ)<\/em><\/span><\/span><\/span><span class='evoet_data' style='display:none' data-d=\"{&quot;loc.n&quot;:&quot;Talstation Obereggen&quot;,&quot;orgs&quot;:[],&quot;tags&quot;:{&quot;repeating&quot;:&quot;Repeating Event&quot;}}\" data-bgc=\"#38823b\" data-bggrad=\"\" ><\/span><\/a><\/p><div class='event_description evcal_eventcard ' style=\"display:none\"><div class='evocard_row'><div id='event_ftimage' class='evocard_box ftimage' data-c='' \n\t\t\t\t\tstyle=''><div class='evocard_main_image_hold' data-t='Loading Image..'><div class='evocard_main_image evo_img_triglb evocd_img_minmized evobr15 evobgsc evobgpc evodfx evofx_jc_c evofx_ai_c evofz48 minmized' style='height:300px; background-image:url();' data-f=\"https:\/\/latemarium.com\/wp-content\/uploads\/2025\/05\/escursione-torre-di-pisa-obereggen.jpg\" data-h=\"755\" data-w=\"1245\" data-ratio=\"0.60642570281124\" data-event_id=\"2845\" data-ri=\"9\"  data-t='Loading Image..'><span style='height:300px; background-image:url(https:\/\/latemarium.com\/wp-content\/uploads\/2025\/05\/escursione-torre-di-pisa-obereggen.jpg)'><\/span><\/div><\/div><\/div><\/div><!-- row close --><div class='evocard_row'><div id='event_eventdetails' class='evocard_box eventdetails' data-c='' \n\t\t\t\t\tstyle=''><div class=\"evo_metarow_details evorow evcal_evdata_row evcal_event_details\">\n    <div class=\"event_excerpt\" style=\"display:none\"><h3 class=\"padb5 evo_h3\">Details zur Veranstaltung<\/h3><p>Mittelschwere bis schwere, anspruchsvolle Bergwanderung im hochalpinen Gel\u00e4nde im s\u00fcdlichen Latemar- Massiv. Beeindruckende Rundsicht auf die umliegende Bergwelt.\nRoute: Auffahrt mit dem Oberholz-Sessellift (1550\u20132100 m) \u2013 Aufstieg auf Weg 18 \u2013<\/p><\/div><span class='evcal_evdata_icons'><i class='fa fa-align-justify'><\/i><\/span>    <div class=\"evcal_evdata_cell shorter_desc\">\n        <div class=\"eventon_full_description\">\n            <h3 class=\"padb5 evo_h3\"><span class='evcal_evdata_icons'><i class='fa fa-align-justify'><\/i><\/span>Details zur Veranstaltung<\/h3>\n            <div class=\"eventon_desc_in\" itemprop=\"description\">\n                <p>Mittelschwere bis schwere, anspruchsvolle Bergwanderung im hochalpinen Gel\u00e4nde im s\u00fcdlichen Latemar- Massiv. Beeindruckende Rundsicht auf die umliegende Bergwelt.<\/p>\n<p>Route: Auffahrt mit dem Oberholz-Sessellift (1550\u20132100 m) \u2013 Aufstieg auf Weg 18 \u2013 Aussichtsplattform \u2013 Gamsstallscharte (2560 m) \u2013 Weg 516 \u2013 Pisah\u00fctte\/Latemarh\u00fctte (2671 m). Einkehr. Abstieg Weg 516 und Weg 22 \u2013 Bergstation Sessellift Oberholz \u2013 R\u00fcckfahrt.<\/p>\n<p>Start: 09.00 Uhr in Obereggen<br \/>\nR\u00fcckkehr: 16.00 Uhr<br \/>\nDauer: 7 h | Gehzeit: 6 h<br \/>\nH\u00f6henunterschied: 750 m<br \/>\nSchwierigkeit: schwer, anspruchsvoll | Anforderungen: Ausdauer, Trittsicherheit und Schwindelfreiheit |mit Einkehr | die Mitnahme von geeignetem Tourenproviant wird empfohlen<br \/>\nSessellift Oberholz: 21,50 \u20ac\/Erwachsene \u2013 17,50 \u20ac\/Junior<\/p>\n            <\/div>\n            <p class='eventon_shad_p' style='padding:5px 0 0; margin:0'><button class='evcal_btn evo_btn_secondary evobtn_details_show_more' content='less' aria-label='Mehr' aria-expanded='false'><span class='ev_more_text' data-txt='Weniger'>Mehr<\/span><span class='ev_more_arrow ard'><\/span><\/button><\/p><div class='clear'><\/div>        <\/div>\n    <\/div>\n<\/div><\/div><\/div><!-- row close --><div class='evocard_row bx2 bx'><div id='event_time' class='evocard_box time' data-c='' \n\t\t\t\t\tstyle=''><div class='evo_metarow_time evorow evcal_evdata_row evcal_evrow_sm '>\n\t\t<span class='evcal_evdata_icons'><i class='fa fa-clock'><\/i><\/span>\n\t\t<div class='evcal_evdata_cell'>\t\t\t\t\t\t\t\n\t\t\t<h3 class='evo_h3'><span class='evcal_evdata_icons'><i class='fa fa-clock'><\/i><\/span>Zeitplan<\/h3><div><span class='evo_eventcard_time_t evogap5 evofxww'><span class=\"start\">3 September 2026<\/span> <span class=\"stime\">09:00<\/span><\/span><span class='evo_tz marr5'>(GMT+02:00)<\/span><\/div>\n\t\t<\/div>\n\t<\/div><\/div><div id='event_location' class='evocard_box location' data-c='' \n\t\t\t\t\tstyle=''><div class='evcal_evdata_row evo_metarow_time_location evorow '>\n\t\t\n\t\t\t<span class='evcal_evdata_icons'><i class='fa fa-map-marker'><\/i><\/span>\n\t\t\t<div class='evcal_evdata_cell' data-loc_tax_id='23'><h3 class='evo_h3 evodfx'><span class='evcal_evdata_icons'><i class='fa fa-map-marker'><\/i><\/span>Ort<\/h3><p class='evo_location_name'>Talstation Obereggen<\/p><p class='evo_location_address evodfxi evogap10'>Obereggen 16 I-39050 Deutschnofen (BZ)<\/p><div class='padt10'><span class='evo_btn_arr evolb_trigger' data-lbvals=\"{&quot;lbdata&quot;:{&quot;class&quot;:&quot;evo_location_lb_23&quot;,&quot;additional_class&quot;:&quot;lb_max&quot;,&quot;title&quot;:&quot;Talstation Obereggen&quot;},&quot;adata&quot;:{&quot;a&quot;:&quot;eventon_get_tax_card_content&quot;,&quot;end&quot;:&quot;client&quot;,&quot;data&quot;:{&quot;lang&quot;:&quot;L2&quot;,&quot;term_id&quot;:23,&quot;tax&quot;:&quot;event_location&quot;,&quot;load_lbcontent&quot;:true}},&quot;uid&quot;:&quot;eventon_get_tax_card_content&quot;}\" >Other Events<i class='fa fa-chevron-right' aria-hidden='true'><\/i><\/span><\/div><\/div>\n\t\t\n\t<\/div><\/div><\/div><!-- row close --><div class='evocard_row bx2 bx'><div id='event_learnmore' class='evocard_box learnmore' data-c='' \n\t\t\t\t\tstyle=''><div class='evo_metarow_learnM evo_metarow_learnmore evorow'>\n\t\t\t\t\t\t\t<a class='evcal_evdata_row evo_clik_row ' href='https:\/\/eggental.com\/de\/event\/gipfelwanderung-zur-latemarhtte_11602' target=\"_blank\">\n\t\t\t\t\t\t\t\t<span class='evcal_evdata_icons'><i class='fa fa-link'><\/i><\/span>\n\t\t\t\t\t\t\t\t<h3 class='evo_h3'>Entdecke mehr<\/h3>\n\t\t\t\t\t\t\t<\/a>\n\t\t\t\t\t\t\t<\/div><\/div><div id='event_addtocal' class='evocard_box addtocal' data-c='' \n\t\t\t\t\tstyle=''><div class='evo_metarow_ICS evorow evcal_evdata_row'>\n\t\t\t<span class='evcal_evdata_icons'><i class='fa fa-calendar-o'><\/i><\/span>\n\t\t\t<div class='evcal_evdata_cell'>\n\t\t\t\t<p><a href='https:\/\/latemarium.com\/de\/export-events\/2845_9\/?key=f55e99e6ee' rel='nofollow' class='evo_ics_nCal' title='Zu Ihrem Kalender hinzuf\u00fcgen'>Kalender<\/a><a href='https:\/\/www.google.com\/calendar\/event?action=TEMPLATE&text=Gipfelwanderung%20zur%20Latemarh%C3%BCtte&dates=20260903T070000Z\/20260903T215900Z&ctz=Europe%2FRome&details=Gipfelwanderung%20zur%20Latemarh%C3%BCtte&location=Talstation%20Obereggen%20Obereggen%2016%20I-39050%20Deutschnofen%20%28BZ%29' target='_blank' rel='nofollow' class='evo_ics_gCal' title='Zu Google Kalender hinzuf\u00fcgen'>GoogleCal<\/a><\/p>\t\n\t\t\t<\/div>\n\t\t<\/div><\/div><\/div><!-- row close --><div class='evocard_row'><div id='event_getdirection' class='evocard_box getdirection' data-c='' \n\t\t\t\t\tstyle=''><div class='evo_metarow_getDr evorow evcal_evdata_row evcal_evrow_sm getdirections'>\n\t\t<form action='https:\/\/maps.google.com\/maps' method='get' target='_blank'>\n\t\t\t<input type='hidden' name='daddr' value=\"46.3835808246333,11.52667595881786\"\/> \n\t\t\t<div class='evo_get_direction_content evo_fx_dr_r evogap10'>\n\t\t\t\t<span class='evogetdir_header evodfx evofxdrr evofxaic evogap10'>\n\t\t\t\t\t<i class='mainicon fa fa-road evofz24i'><\/i> \n\t\t\t\t\t<h3 class='evo_h3 evopad0i' style='padding-bottom:5px;'>Wegbeschreibung abrufen<\/h3>\n\t\t\t\t<\/span>\n\t\t\t\t<span class='evogetdir_field evodfx evofx_1_1 evow100p'>\t\n\t\t\t\t\t<label for='6a9c46be4f02d' class='evo_aria_ready sr-only'>Address - Gipfelwanderung zur Latemarh\u00fctte []<\/label>\t\t\t\t\n\t\t\t\t\t<input id='6a9c46be4f02d' class='evo_aria_ready_match evoInput2 evobr10 evow100p evopad10 evoff_2 evofz14i evobrdB1 evoboxbb' type='text' name='saddr' placeholder='&quot;Geben Sie die Adresse ein' value='' style='' aria-label='Address - Gipfelwanderung zur Latemarh\u00fctte []' \/>\n\t\t\t\t<\/span>\n\t\t\t\t<div class='evodfx evofxdrr evofxaic evogap10'>\n\t\t\t\t\t<i class='fa fa-location-dot'><\/i>\n\t\t\t\t\t<div class='evoposr evofx_1 evoh100p'><label for='6a9c46be4f02d' class='evo_aria_ready sr-only'>Destination Address - Gipfelwanderung zur Latemarh\u00fctte []<\/label>\t\t\n\t\t\t\t\t\t<input id='6a9c46be4f02d' class='evo_aria_ready_match evoInput2 evobr10 evow100p evopad5-10 evoff_2 evofz14i evobrdB1 evoop5 evoboxbb evoh100p' type='text' style='' readonly value='Obereggen 16 I-39050 Deutschnofen (BZ)' aria-label='Destination Address - Gipfelwanderung zur Latemarh\u00fctte []'\/><button class='evo_copy_address evobuttonA evocurp evohoop7 evoposa evopad5' style='right: 3px; top: 4px; background-color: #fff;' data-txt='46.3835808246333,11.52667595881786' data-t='Address copied to clipboard!'><i class='far fa-copy evofz16i' title='Copy Destination Address!'><\/i><\/button>\n\t\t\t\t\t<\/div>\n\t\t\t\t\t<button type='submit' class='evo_get_direction_button evcal_btn dfx evofxaic evocurp evohoop7' title='&quot;Klicken Sie hier' style='    padding: 10px 15px !important;'><i class='fa fa-chevron-right'><\/i> <\/button>\n\t\t\t\t<\/div>\n\t\t\t<\/div>\n\t\t<\/form>\n\t<\/div><\/div><\/div><!-- row close --><button class='evo_card_row_end evcal_close' title='Schlie\u00dfen'><\/button><\/div><div class='clear end'><\/div><\/div><div id=\"event_2198_10\" class=\"eventon_list_event evo_eventtop scheduled past_event event clrW event_2198_10\" data-event_id=\"2198\" data-ri=\"10r\" data-time=\"1788447600-1788455700\" data-colr=\"#f78234\" itemscope itemtype='http:\/\/schema.org\/Event'><div class=\"evo_event_schema\" style=\"display:none\" ><a itemprop='url'  href='https:\/\/latemarium.com\/de\/events\/pilyoga\/var\/ri-10.l-L2'><\/a><meta itemprop='image' content=\"https:\/\/latemarium.com\/wp-content\/uploads\/2023\/06\/pilyoga.jpg\" \/><meta itemprop='startDate' content=\"2026-9-3T17:00+0:00\" \/><meta itemprop='endDate' content=\"2026-9-3T19:15+0:00\" \/><meta itemprop='eventStatus' content=\"https:\/\/schema.org\/EventScheduled\" \/><meta itemprop='eventAttendanceMode'   itemscope itemtype=\"https:\/\/schema.org\/OfflineEventAttendanceMode\"\/><div style=\"display:none\" itemprop=\"location\" itemscope itemtype=\"http:\/\/schema.org\/Place\"><span itemprop=\"name\">Pampeago<\/span><span itemprop=\"address\" itemscope itemtype=\"http:\/\/schema.org\/PostalAddress\"><item itemprop=\"streetAddress\">Localit\u00e0 Pampeago, 8, 38038 Tesero TN<\/item><\/span><\/div><script type=\"application\/ld+json\">{\"@context\": \"http:\/\/schema.org\",\"@type\": \"Event\",\n\t\t\t\t\"@id\": \"event_2198_10\",\n\t\t\t\t\"eventAttendanceMode\":\"https:\/\/schema.org\/OfflineEventAttendanceMode\",\n\t\t\t\t\"eventStatus\":\"https:\/\/schema.org\/EventScheduled\",\n\t\t\t\t\"name\": \"PilYoga\",\n\t\t\t\t\"url\": \"https:\/\/latemarium.com\/de\/events\/pilyoga\/var\/ri-10.l-L2\",\n\t\t\t\t\"startDate\": \"2026-9-3T17:00+0:00\",\n\t\t\t\t\"endDate\": \"2026-9-3T19:15+0:00\",\n\t\t\t\t\"image\":\"https:\/\/latemarium.com\/wp-content\/uploads\/2023\/06\/pilyoga.jpg\", \n\t\t\t\t\"description\":\"<p><strong>Jeden Donnerstag vom 25. Juni bis 3. September 2026<\/strong><\/p> <p>Treffen und Abfahrt um 17.00 Uhr mit Lehrerin Elisa (an der Liftkasse)<br \/> Dauer: von 17:00 bis 19:15 Uhr. Aktivit\u00e4t empfohlen f\u00fcr Personen ab 14 Jahren<\/p> <p>Mit der Agnello-Sesselbahn erreichen Sie den Unterrichtsort und k\u00f6nnen nach einem kurzen Spaziergang im direkten Kontakt mit der Natur entspannen und den Kopf frei bekommen. Die Praxis von PilYoga in gro\u00dfer H\u00f6he erm\u00f6glicht eine vollst\u00e4ndige Harmonie mit der Umgebung, weit weg von allen Ger\u00e4uschen des t\u00e4glichen Lebens.<br \/> Sobald Sie die Lektion beendet haben, erwartet Sie im Chalet Caserina ein kleiner Aperitif, um dann mit einem kurzen Spaziergang zu Fu\u00df wieder hinunterzugehen.<br \/> <em>Bei schlechtem Wetter KEINE Aktivit\u00e4t geplant<\/em><\/p> <p>Klicken Sie <a href='https:\/\/www.visitfiemme.it\/de\/veranstaltungen\/fiemme-cembra-guest-card\/erlebnisse\/erlebnisse-sommer' target='_blank' rel='noopener'>hier<\/a> zum Buchen<\/p> \",\"location\":[{\"@type\":\"Place\",\"name\":\"Pampeago\",\"address\":{\"@type\": \"PostalAddress\",\"streetAddress\":\"Localit\u00e0 Pampeago, 8, 38038 Tesero TN\"}}]}<\/script><\/div>\r\n\t\t\t\t<p class=\"desc_trig_outter\" style=\"\"><a data-gmtrig=\"1\" data-exlk=\"0\" style=\"background-color: #f78234;\" id=\"evc_17884476002198\" href=\"#\" class=\"hasFtIMG event_repeat desc_trig sin_val evcal_list_a\" data-ux_val=\"3\" data-ux_val_mob=\"-\"  ><span class='evoet_in'><span class='evoet_c1 evoet_cx '><span class='evoet_cy ev_ftImg evotrans imgFxdef' data-img='https:\/\/latemarium.com\/wp-content\/uploads\/2023\/06\/pilyoga.jpg' data-thumb='https:\/\/latemarium.com\/wp-content\/uploads\/2023\/06\/pilyoga-300x169.jpg' style='background-image:url(\"https:\/\/latemarium.com\/wp-content\/uploads\/2023\/06\/pilyoga-300x169.jpg\")' ><\/span><\/span><span class='evoet_c2 evoet_cx '><span class='evoet_dayblock evcal_cblock ' data-bgcolor='#f78234' data-smon='September' data-syr='2026' data-bub=''><span class='evo_start  evofxdrc'><em class='date'>03<\/em><em class='month'>Sep<\/em><em class='time'>17:00<\/em><\/span><span class='evo_end only_time evofxdrc'><em class='time'>19:15<\/em><\/span><\/span><\/span><span class='evoet_c3 evoet_cx evcal_desc hide_eventtopdata '><span class='evoet_title evcal_desc2 evcal_event_title ' itemprop='name'>PilYoga<\/span><span class='event_location_attrs evodni'  data-location_address=\"Localit\u00e0 Pampeago, 8, 38038 Tesero TN\" data-location_type=\"lonlat\" data-location_name=\"Pampeago\" data-location_url=\"https:\/\/latemarium.com\/de\/event-location\/pampeago-de\/\" data-location_status=\"true\" data-locid=\"32\" data-latlng=\"46.34343697644898,11.540997527961546\"><\/span><span class='evoet_cy evoet_subtitle evo_below_title' ><span class='evcal_event_subtitle ' >Pilyoga umgeben von den Werken von Respirat<\/span><\/span><span class='evoet_cy evoet_time_expand level_3'><em class='evcal_time evo_tz_time'><i class='fa fa-clock-o'><\/i>17:00 - 19:15<span class='evo_tz marl5'>(GMT+02:00)<\/span><\/em> <\/span><span class='evoet_location level_3'><em class=\"evcal_location\"  data-latlng=\"46.34343697644898,11.540997527961546\" data-add_str=\"Localit\u00e0 Pampeago, 8, 38038 Tesero TN\" data-n=\"Pampeago\"><i class=\"fa fa-location-pin\"><\/i><em class=\"event_location_name\">Pampeago<\/em>, Localit\u00e0 Pampeago, 8, 38038 Tesero TN<\/em><\/span><\/span><\/span><span class='evoet_data' style='display:none' data-d=\"{&quot;loc.n&quot;:&quot;Pampeago&quot;,&quot;orgs&quot;:[],&quot;tags&quot;:{&quot;repeating&quot;:&quot;Repeating Event&quot;}}\" data-bgc=\"#f78234\" data-bggrad=\"\" ><\/span><\/a><\/p><div class='event_description evcal_eventcard ' style=\"display:none\"><div class='evocard_row'><div id='event_ftimage' class='evocard_box ftimage' data-c='' \n\t\t\t\t\tstyle=''><div class='evocard_main_image_hold' data-t='Loading Image..'><div class='evocard_main_image evo_img_triglb evocd_img_minmized evobr15 evobgsc evobgpc evodfx evofx_jc_c evofx_ai_c evofz48 minmized' style='height:300px; background-image:url();' data-f=\"https:\/\/latemarium.com\/wp-content\/uploads\/2023\/06\/pilyoga.jpg\" data-h=\"675\" data-w=\"1200\" data-ratio=\"0.5625\" data-event_id=\"2198\" data-ri=\"10\"  data-t='Loading Image..'><span style='height:300px; background-image:url(https:\/\/latemarium.com\/wp-content\/uploads\/2023\/06\/pilyoga.jpg)'><\/span><\/div><\/div><\/div><\/div><!-- row close --><div class='evocard_row'><div id='event_eventdetails' class='evocard_box eventdetails' data-c='' \n\t\t\t\t\tstyle=''><div class=\"evo_metarow_details evorow evcal_evdata_row evcal_event_details\">\n    <div class=\"event_excerpt\" style=\"display:none\"><h3 class=\"padb5 evo_h3\">Details zur Veranstaltung<\/h3><p>Jeden Donnerstag vom 25. Juni bis 3. September 2026\nTreffen und Abfahrt um 17.00 Uhr mit Lehrerin Elisa (an der Liftkasse)\nDauer: von 17:00 bis 19:15 Uhr. Aktivit\u00e4t empfohlen f\u00fcr Personen<\/p><\/div><span class='evcal_evdata_icons'><i class='fa fa-align-justify'><\/i><\/span>    <div class=\"evcal_evdata_cell shorter_desc\">\n        <div class=\"eventon_full_description\">\n            <h3 class=\"padb5 evo_h3\"><span class='evcal_evdata_icons'><i class='fa fa-align-justify'><\/i><\/span>Details zur Veranstaltung<\/h3>\n            <div class=\"eventon_desc_in\" itemprop=\"description\">\n                <p><strong>Jeden Donnerstag vom 25. Juni bis 3. September 2026<\/strong><\/p>\n<p>Treffen und Abfahrt um 17.00 Uhr mit Lehrerin Elisa (an der Liftkasse)<br \/>\nDauer: von 17:00 bis 19:15 Uhr. Aktivit\u00e4t empfohlen f\u00fcr Personen ab 14 Jahren<\/p>\n<p>Mit der Agnello-Sesselbahn erreichen Sie den Unterrichtsort und k\u00f6nnen nach einem kurzen Spaziergang im direkten Kontakt mit der Natur entspannen und den Kopf frei bekommen. Die Praxis von PilYoga in gro\u00dfer H\u00f6he erm\u00f6glicht eine vollst\u00e4ndige Harmonie mit der Umgebung, weit weg von allen Ger\u00e4uschen des t\u00e4glichen Lebens.<br \/>\nSobald Sie die Lektion beendet haben, erwartet Sie im Chalet Caserina ein kleiner Aperitif, um dann mit einem kurzen Spaziergang zu Fu\u00df wieder hinunterzugehen.<br \/>\n<em>Bei schlechtem Wetter KEINE Aktivit\u00e4t geplant<\/em><\/p>\n<p>Klicken Sie <a href=\"https:\/\/www.visitfiemme.it\/de\/veranstaltungen\/fiemme-cembra-guest-card\/erlebnisse\/erlebnisse-sommer\" target=\"_blank\" rel=\"noopener\">hier<\/a> zum Buchen<\/p>\n            <\/div>\n            <p class='eventon_shad_p' style='padding:5px 0 0; margin:0'><button class='evcal_btn evo_btn_secondary evobtn_details_show_more' content='less' aria-label='Mehr' aria-expanded='false'><span class='ev_more_text' data-txt='Weniger'>Mehr<\/span><span class='ev_more_arrow ard'><\/span><\/button><\/p><div class='clear'><\/div>        <\/div>\n    <\/div>\n<\/div><\/div><\/div><!-- row close --><div class='evocard_row bx2 bx'><div id='event_time' class='evocard_box time' data-c='' \n\t\t\t\t\tstyle=''><div class='evo_metarow_time evorow evcal_evdata_row evcal_evrow_sm '>\n\t\t<span class='evcal_evdata_icons'><i class='fa fa-clock'><\/i><\/span>\n\t\t<div class='evcal_evdata_cell'>\t\t\t\t\t\t\t\n\t\t\t<h3 class='evo_h3'><span class='evcal_evdata_icons'><i class='fa fa-clock'><\/i><\/span>Zeitplan<\/h3><div><span class='evo_eventcard_time_t evogap5 evofxww'><span class=\"start\">3 September 2026<\/span> <span class=\"stime\">17:00<\/span> - <span class=\"etime\">19:15<\/span><\/span><span class='evo_tz marr5'>(GMT+02:00)<\/span><\/div>\n\t\t<\/div>\n\t<\/div><\/div><div id='event_location' class='evocard_box location' data-c='' \n\t\t\t\t\tstyle=''><div class='evcal_evdata_row evo_metarow_time_location evorow '>\n\t\t\n\t\t\t<span class='evcal_evdata_icons'><i class='fa fa-map-marker'><\/i><\/span>\n\t\t\t<div class='evcal_evdata_cell' data-loc_tax_id='32'><h3 class='evo_h3 evodfx'><span class='evcal_evdata_icons'><i class='fa fa-map-marker'><\/i><\/span>Ort<\/h3><p class='evo_location_name'>Pampeago<\/p><p class='evo_location_address evodfxi evogap10'>Localit\u00e0 Pampeago, 8, 38038 Tesero TN<\/p><div class='padt10'><span class='evo_btn_arr evolb_trigger' data-lbvals=\"{&quot;lbdata&quot;:{&quot;class&quot;:&quot;evo_location_lb_32&quot;,&quot;additional_class&quot;:&quot;lb_max&quot;,&quot;title&quot;:&quot;Pampeago&quot;},&quot;adata&quot;:{&quot;a&quot;:&quot;eventon_get_tax_card_content&quot;,&quot;end&quot;:&quot;client&quot;,&quot;data&quot;:{&quot;lang&quot;:&quot;L2&quot;,&quot;term_id&quot;:32,&quot;tax&quot;:&quot;event_location&quot;,&quot;load_lbcontent&quot;:true}},&quot;uid&quot;:&quot;eventon_get_tax_card_content&quot;}\" >Other Events<i class='fa fa-chevron-right' aria-hidden='true'><\/i><\/span><\/div><\/div>\n\t\t\n\t<\/div><\/div><\/div><!-- row close --><div class='evocard_row'><div id='event_addtocal' class='evocard_box addtocal' data-c='' \n\t\t\t\t\tstyle=''><div class='evo_metarow_ICS evorow evcal_evdata_row'>\n\t\t\t<span class='evcal_evdata_icons'><i class='fa fa-calendar-o'><\/i><\/span>\n\t\t\t<div class='evcal_evdata_cell'>\n\t\t\t\t<p><a href='https:\/\/latemarium.com\/de\/export-events\/2198_10\/?key=f55e99e6ee' rel='nofollow' class='evo_ics_nCal' title='Zu Ihrem Kalender hinzuf\u00fcgen'>Kalender<\/a><a href='https:\/\/www.google.com\/calendar\/event?action=TEMPLATE&text=PilYoga&dates=20260903T150000Z\/20260903T171500Z&ctz=Europe%2FRome&details=PilYoga&location=Pampeago%20Localit%C3%A0%20Pampeago%2C%208%2C%2038038%20Tesero%20TN' target='_blank' rel='nofollow' class='evo_ics_gCal' title='Zu Google Kalender hinzuf\u00fcgen'>GoogleCal<\/a><\/p>\t\n\t\t\t<\/div>\n\t\t<\/div><\/div><\/div><!-- row close --><div class='evocard_row'><div id='event_getdirection' class='evocard_box getdirection' data-c='' \n\t\t\t\t\tstyle=''><div class='evo_metarow_getDr evorow evcal_evdata_row evcal_evrow_sm getdirections'>\n\t\t<form action='https:\/\/maps.google.com\/maps' method='get' target='_blank'>\n\t\t\t<input type='hidden' name='daddr' value=\"Localit\u00e0 Pampeago, 8, 38038 Tesero TN\"\/> \n\t\t\t<div class='evo_get_direction_content evo_fx_dr_r evogap10'>\n\t\t\t\t<span class='evogetdir_header evodfx evofxdrr evofxaic evogap10'>\n\t\t\t\t\t<i class='mainicon fa fa-road evofz24i'><\/i> \n\t\t\t\t\t<h3 class='evo_h3 evopad0i' style='padding-bottom:5px;'>Wegbeschreibung abrufen<\/h3>\n\t\t\t\t<\/span>\n\t\t\t\t<span class='evogetdir_field evodfx evofx_1_1 evow100p'>\t\n\t\t\t\t\t<label for='6a9c46be4fb33' class='evo_aria_ready sr-only'>Address - PilYoga []<\/label>\t\t\t\t\n\t\t\t\t\t<input id='6a9c46be4fb33' class='evo_aria_ready_match evoInput2 evobr10 evow100p evopad10 evoff_2 evofz14i evobrdB1 evoboxbb' type='text' name='saddr' placeholder='&quot;Geben Sie die Adresse ein' value='' style='' aria-label='Address - PilYoga []' \/>\n\t\t\t\t<\/span>\n\t\t\t\t<div class='evodfx evofxdrr evofxaic evogap10'>\n\t\t\t\t\t<i class='fa fa-location-dot'><\/i>\n\t\t\t\t\t<div class='evoposr evofx_1 evoh100p'><label for='6a9c46be4fb33' class='evo_aria_ready sr-only'>Destination Address - PilYoga []<\/label>\t\t\n\t\t\t\t\t\t<input id='6a9c46be4fb33' class='evo_aria_ready_match evoInput2 evobr10 evow100p evopad5-10 evoff_2 evofz14i evobrdB1 evoop5 evoboxbb evoh100p' type='text' style='' readonly value='Localit\u00e0 Pampeago, 8, 38038 Tesero TN' aria-label='Destination Address - PilYoga []'\/><button class='evo_copy_address evobuttonA evocurp evohoop7 evoposa evopad5' style='right: 3px; top: 4px; background-color: #fff;' data-txt='Localit\u00e0 Pampeago, 8, 38038 Tesero TN' data-t='Address copied to clipboard!'><i class='far fa-copy evofz16i' title='Copy Destination Address!'><\/i><\/button>\n\t\t\t\t\t<\/div>\n\t\t\t\t\t<button type='submit' class='evo_get_direction_button evcal_btn dfx evofxaic evocurp evohoop7' title='&quot;Klicken Sie hier' style='    padding: 10px 15px !important;'><i class='fa fa-chevron-right'><\/i> <\/button>\n\t\t\t\t<\/div>\n\t\t\t<\/div>\n\t\t<\/form>\n\t<\/div><\/div><\/div><!-- row close --><button class='evo_card_row_end evcal_close' title='Schlie\u00dfen'><\/button><\/div><div class='clear end'><\/div><\/div><div id=\"event_2203_10\" class=\"eventon_list_event evo_eventtop scheduled past_event event clrD event_2203_10\" data-event_id=\"2203\" data-ri=\"10r\" data-time=\"1788448500-1788455700\" data-colr=\"#ba181d\" itemscope itemtype='http:\/\/schema.org\/Event'><div class=\"evo_event_schema\" style=\"display:none\" ><a itemprop='url'  href='https:\/\/latemarium.com\/de\/events\/e-bike-latemar-tour\/var\/ri-10.l-L2'><\/a><meta itemprop='image' content=\"https:\/\/latemarium.com\/wp-content\/uploads\/2023\/06\/e-bike-tour.jpg\" \/><meta itemprop='startDate' content=\"2026-9-3T17:15+0:00\" \/><meta itemprop='endDate' content=\"2026-9-3T19:15+0:00\" \/><meta itemprop='eventStatus' content=\"https:\/\/schema.org\/EventScheduled\" \/><meta itemprop='eventAttendanceMode'   itemscope itemtype=\"https:\/\/schema.org\/OfflineEventAttendanceMode\"\/><div style=\"display:none\" itemprop=\"location\" itemscope itemtype=\"http:\/\/schema.org\/Place\"><span itemprop=\"name\">Pampeago<\/span><span itemprop=\"address\" itemscope itemtype=\"http:\/\/schema.org\/PostalAddress\"><item itemprop=\"streetAddress\">Localit\u00e0 Pampeago, 8, 38038 Tesero TN<\/item><\/span><\/div><script type=\"application\/ld+json\">{\"@context\": \"http:\/\/schema.org\",\"@type\": \"Event\",\n\t\t\t\t\"@id\": \"event_2203_10\",\n\t\t\t\t\"eventAttendanceMode\":\"https:\/\/schema.org\/OfflineEventAttendanceMode\",\n\t\t\t\t\"eventStatus\":\"https:\/\/schema.org\/EventScheduled\",\n\t\t\t\t\"name\": \"E-Bike Latemar Tour\",\n\t\t\t\t\"url\": \"https:\/\/latemarium.com\/de\/events\/e-bike-latemar-tour\/var\/ri-10.l-L2\",\n\t\t\t\t\"startDate\": \"2026-9-3T17:15+0:00\",\n\t\t\t\t\"endDate\": \"2026-9-3T19:15+0:00\",\n\t\t\t\t\"image\":\"https:\/\/latemarium.com\/wp-content\/uploads\/2023\/06\/e-bike-tour.jpg\", \n\t\t\t\t\"description\":\"<p><strong>Jeden Donnerstag vom 25. Juni bis 3. September 2026<\/strong><\/p> <p>Treffpunkt mit Reisef\u00fchrer Andrea um 17.15 Uhr in Pampeago (an der Liftkasse)<br \/> Dauer: von 17.15 bis 19.15 Uhr<br \/> <em>Maximal 8 Personen.\u00a0<\/em>+16 Jahre<\/p> <p class='p1'>F\u00fcr E-Bike-Begeisterte mit mittlerem Niveau haben wir uns eine Tour zur Entdeckung des Latemars mit atemberaubender Aussicht auf die Umgebung \u00fcberlegt. Es wird eine angenehme Route sein und dank der Tretunterst\u00fctzung k\u00f6nnen Sie den H\u00f6henunterschied bew\u00e4ltigen, der Sie zum Gipfel im Treska-Gebiet f\u00fchrt. Es ist der perfekte Moment des Tages: Der Berg ist leer, Sie k\u00f6nnen die Stille der Natur genie\u00dfen und die Farben der \u201egoldenen Stunde\u201c genie\u00dfen.<br \/> Am Ende Ihrer Tour erwartet Sie im Chalet Caserina ein kleiner \u201eAperitivo\u201c.<br \/> Sie k\u00f6nnen das Fahrrad direkt im Shop von Sport Ventura, direkt unterhalb Ihres Startpunkts, ausleihen.<\/p> <p class='p1'><em>Bei Regen ist keine Aktivit\u00e4t vorgesehen.<\/em><\/p> <p>Klicken Sie <a href='https:\/\/www.visitfiemme.it\/de\/veranstaltungen\/fiemme-cembra-guest-card\/erlebnisse\/erlebnisse-sommer' target='_blank' rel='noopener'>hier<\/a> zum Buchen<\/p> \",\"location\":[{\"@type\":\"Place\",\"name\":\"Pampeago\",\"address\":{\"@type\": \"PostalAddress\",\"streetAddress\":\"Localit\u00e0 Pampeago, 8, 38038 Tesero TN\"}}]}<\/script><\/div>\r\n\t\t\t\t<p class=\"desc_trig_outter\" style=\"\"><a data-gmtrig=\"1\" data-exlk=\"0\" style=\"background-color: #ba181d;\" id=\"evc_17884485002203\" href=\"#\" class=\"hasFtIMG event_repeat desc_trig sin_val evcal_list_a\" data-ux_val=\"3\" data-ux_val_mob=\"-\"  ><span class='evoet_in'><span class='evoet_c1 evoet_cx '><span class='evoet_cy ev_ftImg evotrans imgFxdef' data-img='https:\/\/latemarium.com\/wp-content\/uploads\/2023\/06\/e-bike-tour.jpg' data-thumb='https:\/\/latemarium.com\/wp-content\/uploads\/2023\/06\/e-bike-tour-300x169.jpg' style='background-image:url(\"https:\/\/latemarium.com\/wp-content\/uploads\/2023\/06\/e-bike-tour-300x169.jpg\")' ><\/span><\/span><span class='evoet_c2 evoet_cx '><span class='evoet_dayblock evcal_cblock ' data-bgcolor='#ba181d' data-smon='September' data-syr='2026' data-bub=''><span class='evo_start  evofxdrc'><em class='date'>03<\/em><em class='month'>Sep<\/em><em class='time'>17:15<\/em><\/span><span class='evo_end only_time evofxdrc'><em class='time'>19:15<\/em><\/span><\/span><\/span><span class='evoet_c3 evoet_cx evcal_desc hide_eventtopdata '><span class='evoet_title evcal_desc2 evcal_event_title ' itemprop='name'>E-Bike Latemar Tour<\/span><span class='event_location_attrs evodni'  data-location_address=\"Localit\u00e0 Pampeago, 8, 38038 Tesero TN\" data-location_type=\"lonlat\" data-location_name=\"Pampeago\" data-location_url=\"https:\/\/latemarium.com\/de\/event-location\/pampeago-de\/\" data-location_status=\"true\" data-locid=\"32\" data-latlng=\"46.34343697644898,11.540997527961546\"><\/span><span class='evoet_cy evoet_subtitle evo_below_title' ><span class='evcal_event_subtitle ' >F\u00fcr E-Bike-Begeisterte<\/span><\/span><span class='evoet_cy evoet_time_expand level_3'><em class='evcal_time evo_tz_time'><i class='fa fa-clock-o'><\/i>17:15 - 19:15<span class='evo_tz marl5'>(GMT+02:00)<\/span><\/em> <\/span><span class='evoet_location level_3'><em class=\"evcal_location\"  data-latlng=\"46.34343697644898,11.540997527961546\" data-add_str=\"Localit\u00e0 Pampeago, 8, 38038 Tesero TN\" data-n=\"Pampeago\"><i class=\"fa fa-location-pin\"><\/i><em class=\"event_location_name\">Pampeago<\/em>, Localit\u00e0 Pampeago, 8, 38038 Tesero TN<\/em><\/span><\/span><\/span><span class='evoet_data' style='display:none' data-d=\"{&quot;loc.n&quot;:&quot;Pampeago&quot;,&quot;orgs&quot;:[],&quot;tags&quot;:{&quot;repeating&quot;:&quot;Repeating Event&quot;}}\" data-bgc=\"#ba181d\" data-bggrad=\"\" ><\/span><\/a><\/p><div class='event_description evcal_eventcard ' style=\"display:none\"><div class='evocard_row'><div id='event_ftimage' class='evocard_box ftimage' data-c='' \n\t\t\t\t\tstyle=''><div class='evocard_main_image_hold' data-t='Loading Image..'><div class='evocard_main_image evo_img_triglb evocd_img_minmized evobr15 evobgsc evobgpc evodfx evofx_jc_c evofx_ai_c evofz48 minmized' style='height:300px; background-image:url();' data-f=\"https:\/\/latemarium.com\/wp-content\/uploads\/2023\/06\/e-bike-tour.jpg\" data-h=\"675\" data-w=\"1200\" data-ratio=\"0.5625\" data-event_id=\"2203\" data-ri=\"10\"  data-t='Loading Image..'><span style='height:300px; background-image:url(https:\/\/latemarium.com\/wp-content\/uploads\/2023\/06\/e-bike-tour.jpg)'><\/span><\/div><\/div><\/div><\/div><!-- row close --><div class='evocard_row'><div id='event_eventdetails' class='evocard_box eventdetails' data-c='' \n\t\t\t\t\tstyle=''><div class=\"evo_metarow_details evorow evcal_evdata_row evcal_event_details\">\n    <div class=\"event_excerpt\" style=\"display:none\"><h3 class=\"padb5 evo_h3\">Details zur Veranstaltung<\/h3><p>Jeden Donnerstag vom 25. Juni bis 3. September 2026\nTreffpunkt mit Reisef\u00fchrer Andrea um 17.15 Uhr in Pampeago (an der Liftkasse)\nDauer: von 17.15 bis 19.15 Uhr\nMaximal 8 Personen.\u00a0+16 Jahre<\/p><\/div><span class='evcal_evdata_icons'><i class='fa fa-align-justify'><\/i><\/span>    <div class=\"evcal_evdata_cell shorter_desc\">\n        <div class=\"eventon_full_description\">\n            <h3 class=\"padb5 evo_h3\"><span class='evcal_evdata_icons'><i class='fa fa-align-justify'><\/i><\/span>Details zur Veranstaltung<\/h3>\n            <div class=\"eventon_desc_in\" itemprop=\"description\">\n                <p><strong>Jeden Donnerstag vom 25. Juni bis 3. September 2026<\/strong><\/p>\n<p>Treffpunkt mit Reisef\u00fchrer Andrea um 17.15 Uhr in Pampeago (an der Liftkasse)<br \/>\nDauer: von 17.15 bis 19.15 Uhr<br \/>\n<em>Maximal 8 Personen.\u00a0<\/em>+16 Jahre<\/p>\n<p class=\"p1\">F\u00fcr E-Bike-Begeisterte mit mittlerem Niveau haben wir uns eine Tour zur Entdeckung des Latemars mit atemberaubender Aussicht auf die Umgebung \u00fcberlegt. Es wird eine angenehme Route sein und dank der Tretunterst\u00fctzung k\u00f6nnen Sie den H\u00f6henunterschied bew\u00e4ltigen, der Sie zum Gipfel im Treska-Gebiet f\u00fchrt. Es ist der perfekte Moment des Tages: Der Berg ist leer, Sie k\u00f6nnen die Stille der Natur genie\u00dfen und die Farben der \u201egoldenen Stunde\u201c genie\u00dfen.<br \/>\nAm Ende Ihrer Tour erwartet Sie im Chalet Caserina ein kleiner \u201eAperitivo\u201c.<br \/>\nSie k\u00f6nnen das Fahrrad direkt im Shop von Sport Ventura, direkt unterhalb Ihres Startpunkts, ausleihen.<\/p>\n<p class=\"p1\"><em>Bei Regen ist keine Aktivit\u00e4t vorgesehen.<\/em><\/p>\n<p>Klicken Sie <a href=\"https:\/\/www.visitfiemme.it\/de\/veranstaltungen\/fiemme-cembra-guest-card\/erlebnisse\/erlebnisse-sommer\" target=\"_blank\" rel=\"noopener\">hier<\/a> zum Buchen<\/p>\n            <\/div>\n            <p class='eventon_shad_p' style='padding:5px 0 0; margin:0'><button class='evcal_btn evo_btn_secondary evobtn_details_show_more' content='less' aria-label='Mehr' aria-expanded='false'><span class='ev_more_text' data-txt='Weniger'>Mehr<\/span><span class='ev_more_arrow ard'><\/span><\/button><\/p><div class='clear'><\/div>        <\/div>\n    <\/div>\n<\/div><\/div><\/div><!-- row close --><div class='evocard_row bx2 bx'><div id='event_time' class='evocard_box time' data-c='' \n\t\t\t\t\tstyle=''><div class='evo_metarow_time evorow evcal_evdata_row evcal_evrow_sm '>\n\t\t<span class='evcal_evdata_icons'><i class='fa fa-clock'><\/i><\/span>\n\t\t<div class='evcal_evdata_cell'>\t\t\t\t\t\t\t\n\t\t\t<h3 class='evo_h3'><span class='evcal_evdata_icons'><i class='fa fa-clock'><\/i><\/span>Zeitplan<\/h3><div><span class='evo_eventcard_time_t evogap5 evofxww'><span class=\"start\">3 September 2026<\/span> <span class=\"stime\">17:15<\/span> - <span class=\"etime\">19:15<\/span><\/span><span class='evo_tz marr5'>(GMT+02:00)<\/span><\/div>\n\t\t<\/div>\n\t<\/div><\/div><div id='event_location' class='evocard_box location' data-c='' \n\t\t\t\t\tstyle=''><div class='evcal_evdata_row evo_metarow_time_location evorow '>\n\t\t\n\t\t\t<span class='evcal_evdata_icons'><i class='fa fa-map-marker'><\/i><\/span>\n\t\t\t<div class='evcal_evdata_cell' data-loc_tax_id='32'><h3 class='evo_h3 evodfx'><span class='evcal_evdata_icons'><i class='fa fa-map-marker'><\/i><\/span>Ort<\/h3><p class='evo_location_name'>Pampeago<\/p><p class='evo_location_address evodfxi evogap10'>Localit\u00e0 Pampeago, 8, 38038 Tesero TN<\/p><div class='padt10'><span class='evo_btn_arr evolb_trigger' data-lbvals=\"{&quot;lbdata&quot;:{&quot;class&quot;:&quot;evo_location_lb_32&quot;,&quot;additional_class&quot;:&quot;lb_max&quot;,&quot;title&quot;:&quot;Pampeago&quot;},&quot;adata&quot;:{&quot;a&quot;:&quot;eventon_get_tax_card_content&quot;,&quot;end&quot;:&quot;client&quot;,&quot;data&quot;:{&quot;lang&quot;:&quot;L2&quot;,&quot;term_id&quot;:32,&quot;tax&quot;:&quot;event_location&quot;,&quot;load_lbcontent&quot;:true}},&quot;uid&quot;:&quot;eventon_get_tax_card_content&quot;}\" >Other Events<i class='fa fa-chevron-right' aria-hidden='true'><\/i><\/span><\/div><\/div>\n\t\t\n\t<\/div><\/div><\/div><!-- row close --><div class='evocard_row'><div id='event_addtocal' class='evocard_box addtocal' data-c='' \n\t\t\t\t\tstyle=''><div class='evo_metarow_ICS evorow evcal_evdata_row'>\n\t\t\t<span class='evcal_evdata_icons'><i class='fa fa-calendar-o'><\/i><\/span>\n\t\t\t<div class='evcal_evdata_cell'>\n\t\t\t\t<p><a href='https:\/\/latemarium.com\/de\/export-events\/2203_10\/?key=f55e99e6ee' rel='nofollow' class='evo_ics_nCal' title='Zu Ihrem Kalender hinzuf\u00fcgen'>Kalender<\/a><a href='https:\/\/www.google.com\/calendar\/event?action=TEMPLATE&text=E-Bike%20Latemar%20Tour&dates=20260903T151500Z\/20260903T171500Z&ctz=Europe%2FRome&details=E-Bike%20Latemar%20Tour&location=Pampeago%20Localit%C3%A0%20Pampeago%2C%208%2C%2038038%20Tesero%20TN' target='_blank' rel='nofollow' class='evo_ics_gCal' title='Zu Google Kalender hinzuf\u00fcgen'>GoogleCal<\/a><\/p>\t\n\t\t\t<\/div>\n\t\t<\/div><\/div><\/div><!-- row close --><div class='evocard_row'><div id='event_getdirection' class='evocard_box getdirection' data-c='' \n\t\t\t\t\tstyle=''><div class='evo_metarow_getDr evorow evcal_evdata_row evcal_evrow_sm getdirections'>\n\t\t<form action='https:\/\/maps.google.com\/maps' method='get' target='_blank'>\n\t\t\t<input type='hidden' name='daddr' value=\"Localit\u00e0 Pampeago, 8, 38038 Tesero TN\"\/> \n\t\t\t<div class='evo_get_direction_content evo_fx_dr_r evogap10'>\n\t\t\t\t<span class='evogetdir_header evodfx evofxdrr evofxaic evogap10'>\n\t\t\t\t\t<i class='mainicon fa fa-road evofz24i'><\/i> \n\t\t\t\t\t<h3 class='evo_h3 evopad0i' style='padding-bottom:5px;'>Wegbeschreibung abrufen<\/h3>\n\t\t\t\t<\/span>\n\t\t\t\t<span class='evogetdir_field evodfx evofx_1_1 evow100p'>\t\n\t\t\t\t\t<label for='6a9c46be5060f' class='evo_aria_ready sr-only'>Address - E-Bike Latemar Tour []<\/label>\t\t\t\t\n\t\t\t\t\t<input id='6a9c46be5060f' class='evo_aria_ready_match evoInput2 evobr10 evow100p evopad10 evoff_2 evofz14i evobrdB1 evoboxbb' type='text' name='saddr' placeholder='&quot;Geben Sie die Adresse ein' value='' style='' aria-label='Address - E-Bike Latemar Tour []' \/>\n\t\t\t\t<\/span>\n\t\t\t\t<div class='evodfx evofxdrr evofxaic evogap10'>\n\t\t\t\t\t<i class='fa fa-location-dot'><\/i>\n\t\t\t\t\t<div class='evoposr evofx_1 evoh100p'><label for='6a9c46be5060f' class='evo_aria_ready sr-only'>Destination Address - E-Bike Latemar Tour []<\/label>\t\t\n\t\t\t\t\t\t<input id='6a9c46be5060f' class='evo_aria_ready_match evoInput2 evobr10 evow100p evopad5-10 evoff_2 evofz14i evobrdB1 evoop5 evoboxbb evoh100p' type='text' style='' readonly value='Localit\u00e0 Pampeago, 8, 38038 Tesero TN' aria-label='Destination Address - E-Bike Latemar Tour []'\/><button class='evo_copy_address evobuttonA evocurp evohoop7 evoposa evopad5' style='right: 3px; top: 4px; background-color: #fff;' data-txt='Localit\u00e0 Pampeago, 8, 38038 Tesero TN' data-t='Address copied to clipboard!'><i class='far fa-copy evofz16i' title='Copy Destination Address!'><\/i><\/button>\n\t\t\t\t\t<\/div>\n\t\t\t\t\t<button type='submit' class='evo_get_direction_button evcal_btn dfx evofxaic evocurp evohoop7' title='&quot;Klicken Sie hier' style='    padding: 10px 15px !important;'><i class='fa fa-chevron-right'><\/i> <\/button>\n\t\t\t\t<\/div>\n\t\t\t<\/div>\n\t\t<\/form>\n\t<\/div><\/div><\/div><!-- row close --><button class='evo_card_row_end evcal_close' title='Schlie\u00dfen'><\/button><\/div><div class='clear end'><\/div><\/div><div id=\"event_2498_10\" class=\"eventon_list_event evo_eventtop scheduled past_event event clrW no_et event_2498_10\" data-event_id=\"2498\" data-ri=\"10r\" data-time=\"1788507000-1788559140\" data-colr=\"#6baeff\" itemscope itemtype='http:\/\/schema.org\/Event'><div class=\"evo_event_schema\" style=\"display:none\" ><a itemprop='url'  href='https:\/\/latemarium.com\/de\/events\/respirart-kunst-und-schoenheit-schaffen\/var\/ri-10.l-L2'><\/a><meta itemprop='image' content=\"https:\/\/latemarium.com\/wp-content\/uploads\/2021\/05\/respirart-vita-e-bellezza.jpg\" \/><meta itemprop='startDate' content=\"2026-9-4T09:30+0:00\" \/><meta itemprop='endDate' content=\"2026-9-4T23:59+0:00\" \/><meta itemprop='eventStatus' content=\"https:\/\/schema.org\/EventScheduled\" \/><meta itemprop='eventAttendanceMode'   itemscope itemtype=\"https:\/\/schema.org\/OfflineEventAttendanceMode\"\/><div style=\"display:none\" itemprop=\"location\" itemscope itemtype=\"http:\/\/schema.org\/Place\"><span itemprop=\"name\">Pampeago<\/span><span itemprop=\"address\" itemscope itemtype=\"http:\/\/schema.org\/PostalAddress\"><item itemprop=\"streetAddress\">Localit\u00e0 Pampeago, 8, 38038 Tesero TN<\/item><\/span><\/div><script type=\"application\/ld+json\">{\"@context\": \"http:\/\/schema.org\",\"@type\": \"Event\",\n\t\t\t\t\"@id\": \"event_2498_10\",\n\t\t\t\t\"eventAttendanceMode\":\"https:\/\/schema.org\/OfflineEventAttendanceMode\",\n\t\t\t\t\"eventStatus\":\"https:\/\/schema.org\/EventScheduled\",\n\t\t\t\t\"name\": \"Respirart: Kunst und Sch\u00f6nheit schaffen\",\n\t\t\t\t\"url\": \"https:\/\/latemarium.com\/de\/events\/respirart-kunst-und-schoenheit-schaffen\/var\/ri-10.l-L2\",\n\t\t\t\t\"startDate\": \"2026-9-4T09:30+0:00\",\n\t\t\t\t\"endDate\": \"2026-9-4T23:59+0:00\",\n\t\t\t\t\"image\":\"https:\/\/latemarium.com\/wp-content\/uploads\/2021\/05\/respirart-vita-e-bellezza.jpg\", \n\t\t\t\t\"description\":\"<p><strong>Jeden Freitag vom 26. Juni bis 11. September 2026<\/strong><\/p> <p>RespirArt ist ein Umwelt- und Kunstworkshop f\u00fcr alle, ob jung oder alt. Wir werden Kunstwerke auf spielerische Art und Weise entdecken.<br \/> Treffen Sie sich um 9.30 Uhr am Start des Sessellifts Pampeago-Agnello mit dem Kunstf\u00fchrer, der Ihnen die Samen zum \u00dcberfliegen des RespirArt-Parks gibt. Im Rahmen des Kunst-Workshops werden die Kinder mit nat\u00fcrlichen Materialien kleine Kunstwerke an Land schaffen.<\/p> <p>Reservierung erforderlich.<\/p> <p>Klicken Sie <a href='https:\/\/www.visitfiemme.it\/de\/veranstaltungen\/fiemme-cembra-guest-card\/erlebnisse\/erlebnisse-sommer' target='_blank' rel='noopener'>hier<\/a>, zum Buchen.<\/p> \",\"location\":[{\"@type\":\"Place\",\"name\":\"Pampeago\",\"address\":{\"@type\": \"PostalAddress\",\"streetAddress\":\"Localit\u00e0 Pampeago, 8, 38038 Tesero TN\"}}]}<\/script><\/div>\r\n\t\t\t\t<p class=\"desc_trig_outter\" style=\"\"><a data-gmtrig=\"1\" data-exlk=\"0\" style=\"background-color: #6baeff;\" id=\"evc_17885070002498\" href=\"#\" class=\"hasFtIMG event_repeat desc_trig sin_val evcal_list_a\" data-ux_val=\"3\" data-ux_val_mob=\"-\"  ><span class='evoet_in'><span class='evoet_c1 evoet_cx '><span class='evoet_cy ev_ftImg evotrans imgFxdef' data-img='https:\/\/latemarium.com\/wp-content\/uploads\/2021\/05\/respirart-vita-e-bellezza.jpg' data-thumb='https:\/\/latemarium.com\/wp-content\/uploads\/2021\/05\/respirart-vita-e-bellezza-300x201.jpg' style='background-image:url(\"https:\/\/latemarium.com\/wp-content\/uploads\/2021\/05\/respirart-vita-e-bellezza-300x201.jpg\")' ><\/span><\/span><span class='evoet_c2 evoet_cx '><span class='evoet_dayblock evcal_cblock ' data-bgcolor='#6baeff' data-smon='September' data-syr='2026' data-bub=''><span class='evo_start  evofxdrc'><em class='date'>04<\/em><em class='month'>Sep<\/em><em class='time'>09:30<\/em><\/span><\/span><\/span><span class='evoet_c3 evoet_cx evcal_desc hide_eventtopdata '><span class='evoet_title evcal_desc2 evcal_event_title ' itemprop='name'>Respirart: Kunst und Sch\u00f6nheit schaffen<\/span><span class='event_location_attrs evodni'  data-location_address=\"Localit\u00e0 Pampeago, 8, 38038 Tesero TN\" data-location_type=\"lonlat\" data-location_name=\"Pampeago\" data-location_url=\"https:\/\/latemarium.com\/de\/event-location\/pampeago-de\/\" data-location_status=\"true\" data-locid=\"32\" data-latlng=\"46.34343697644898,11.540997527961546\"><\/span><span class='evoet_cy evoet_subtitle evo_below_title' ><span class='evcal_event_subtitle ' >Kunst-Workshop<\/span><\/span><span class='evoet_cy evoet_time_expand level_3'><em class='evcal_time evo_tz_time'><i class='fa fa-clock-o'><\/i>09:30<span class='evo_tz marl5'>(GMT+02:00)<\/span><\/em> <\/span><span class='evoet_location level_3'><em class=\"evcal_location\"  data-latlng=\"46.34343697644898,11.540997527961546\" data-add_str=\"Localit\u00e0 Pampeago, 8, 38038 Tesero TN\" data-n=\"Pampeago\"><i class=\"fa fa-location-pin\"><\/i><em class=\"event_location_name\">Pampeago<\/em>, Localit\u00e0 Pampeago, 8, 38038 Tesero TN<\/em><\/span><\/span><\/span><span class='evoet_data' style='display:none' data-d=\"{&quot;loc.n&quot;:&quot;Pampeago&quot;,&quot;orgs&quot;:[],&quot;tags&quot;:{&quot;repeating&quot;:&quot;Repeating Event&quot;}}\" data-bgc=\"#6baeff\" data-bggrad=\"\" ><\/span><\/a><\/p><div class='event_description evcal_eventcard ' style=\"display:none\"><div class='evocard_row'><div id='event_ftimage' class='evocard_box ftimage' data-c='' \n\t\t\t\t\tstyle=''><div class='evocard_main_image_hold' data-t='Loading Image..'><div class='evocard_main_image evo_img_triglb evocd_img_minmized evobr15 evobgsc evobgpc evodfx evofx_jc_c evofx_ai_c evofz48 minmized' style='height:300px; background-image:url();' data-f=\"https:\/\/latemarium.com\/wp-content\/uploads\/2021\/05\/respirart-vita-e-bellezza.jpg\" data-h=\"602\" data-w=\"899\" data-ratio=\"0.66963292547275\" data-event_id=\"2498\" data-ri=\"10\"  data-t='Loading Image..'><span style='height:300px; background-image:url(https:\/\/latemarium.com\/wp-content\/uploads\/2021\/05\/respirart-vita-e-bellezza.jpg)'><\/span><\/div><\/div><\/div><\/div><!-- row close --><div class='evocard_row'><div id='event_eventdetails' class='evocard_box eventdetails' data-c='' \n\t\t\t\t\tstyle=''><div class=\"evo_metarow_details evorow evcal_evdata_row evcal_event_details\">\n    <div class=\"event_excerpt\" style=\"display:none\"><h3 class=\"padb5 evo_h3\">Details zur Veranstaltung<\/h3><p>Jeden Freitag vom 26. Juni bis 11. September 2026\nRespirArt ist ein Umwelt- und Kunstworkshop f\u00fcr alle, ob jung oder alt. Wir werden Kunstwerke auf spielerische Art und Weise entdecken.\nTreffen<\/p><\/div><span class='evcal_evdata_icons'><i class='fa fa-align-justify'><\/i><\/span>    <div class=\"evcal_evdata_cell shorter_desc\">\n        <div class=\"eventon_full_description\">\n            <h3 class=\"padb5 evo_h3\"><span class='evcal_evdata_icons'><i class='fa fa-align-justify'><\/i><\/span>Details zur Veranstaltung<\/h3>\n            <div class=\"eventon_desc_in\" itemprop=\"description\">\n                <p><strong>Jeden Freitag vom 26. Juni bis 11. September 2026<\/strong><\/p>\n<p>RespirArt ist ein Umwelt- und Kunstworkshop f\u00fcr alle, ob jung oder alt. Wir werden Kunstwerke auf spielerische Art und Weise entdecken.<br \/>\nTreffen Sie sich um 9.30 Uhr am Start des Sessellifts Pampeago-Agnello mit dem Kunstf\u00fchrer, der Ihnen die Samen zum \u00dcberfliegen des RespirArt-Parks gibt. Im Rahmen des Kunst-Workshops werden die Kinder mit nat\u00fcrlichen Materialien kleine Kunstwerke an Land schaffen.<\/p>\n<p>Reservierung erforderlich.<\/p>\n<p>Klicken Sie <a href=\"https:\/\/www.visitfiemme.it\/de\/veranstaltungen\/fiemme-cembra-guest-card\/erlebnisse\/erlebnisse-sommer\" target=\"_blank\" rel=\"noopener\">hier<\/a>, zum Buchen.<\/p>\n            <\/div>\n            <p class='eventon_shad_p' style='padding:5px 0 0; margin:0'><button class='evcal_btn evo_btn_secondary evobtn_details_show_more' content='less' aria-label='Mehr' aria-expanded='false'><span class='ev_more_text' data-txt='Weniger'>Mehr<\/span><span class='ev_more_arrow ard'><\/span><\/button><\/p><div class='clear'><\/div>        <\/div>\n    <\/div>\n<\/div><\/div><\/div><!-- row close --><div class='evocard_row bx2 bx'><div id='event_time' class='evocard_box time' data-c='' \n\t\t\t\t\tstyle=''><div class='evo_metarow_time evorow evcal_evdata_row evcal_evrow_sm '>\n\t\t<span class='evcal_evdata_icons'><i class='fa fa-clock'><\/i><\/span>\n\t\t<div class='evcal_evdata_cell'>\t\t\t\t\t\t\t\n\t\t\t<h3 class='evo_h3'><span class='evcal_evdata_icons'><i class='fa fa-clock'><\/i><\/span>Zeitplan<\/h3><div><span class='evo_eventcard_time_t evogap5 evofxww'><span class=\"start\">4 September 2026<\/span> <span class=\"stime\">09:30<\/span><\/span><span class='evo_tz marr5'>(GMT+02:00)<\/span><\/div>\n\t\t<\/div>\n\t<\/div><\/div><div id='event_location' class='evocard_box location' data-c='' \n\t\t\t\t\tstyle=''><div class='evcal_evdata_row evo_metarow_time_location evorow '>\n\t\t\n\t\t\t<span class='evcal_evdata_icons'><i class='fa fa-map-marker'><\/i><\/span>\n\t\t\t<div class='evcal_evdata_cell' data-loc_tax_id='32'><h3 class='evo_h3 evodfx'><span class='evcal_evdata_icons'><i class='fa fa-map-marker'><\/i><\/span>Ort<\/h3><p class='evo_location_name'>Pampeago<\/p><p class='evo_location_address evodfxi evogap10'>Localit\u00e0 Pampeago, 8, 38038 Tesero TN<\/p><div class='padt10'><span class='evo_btn_arr evolb_trigger' data-lbvals=\"{&quot;lbdata&quot;:{&quot;class&quot;:&quot;evo_location_lb_32&quot;,&quot;additional_class&quot;:&quot;lb_max&quot;,&quot;title&quot;:&quot;Pampeago&quot;},&quot;adata&quot;:{&quot;a&quot;:&quot;eventon_get_tax_card_content&quot;,&quot;end&quot;:&quot;client&quot;,&quot;data&quot;:{&quot;lang&quot;:&quot;L2&quot;,&quot;term_id&quot;:32,&quot;tax&quot;:&quot;event_location&quot;,&quot;load_lbcontent&quot;:true}},&quot;uid&quot;:&quot;eventon_get_tax_card_content&quot;}\" >Other Events<i class='fa fa-chevron-right' aria-hidden='true'><\/i><\/span><\/div><\/div>\n\t\t\n\t<\/div><\/div><\/div><!-- row close --><div class='evocard_row'><div id='event_addtocal' class='evocard_box addtocal' data-c='' \n\t\t\t\t\tstyle=''><div class='evo_metarow_ICS evorow evcal_evdata_row'>\n\t\t\t<span class='evcal_evdata_icons'><i class='fa fa-calendar-o'><\/i><\/span>\n\t\t\t<div class='evcal_evdata_cell'>\n\t\t\t\t<p><a href='https:\/\/latemarium.com\/de\/export-events\/2498_10\/?key=f55e99e6ee' rel='nofollow' class='evo_ics_nCal' title='Zu Ihrem Kalender hinzuf\u00fcgen'>Kalender<\/a><a href='https:\/\/www.google.com\/calendar\/event?action=TEMPLATE&text=Respirart%3A%20Kunst%20und%20Sch%C3%B6nheit%20schaffen&dates=20260904T073000Z\/20260904T215900Z&ctz=Europe%2FRome&details=Respirart%3A%20Kunst%20und%20Sch%C3%B6nheit%20schaffen&location=Pampeago%20Localit%C3%A0%20Pampeago%2C%208%2C%2038038%20Tesero%20TN' target='_blank' rel='nofollow' class='evo_ics_gCal' title='Zu Google Kalender hinzuf\u00fcgen'>GoogleCal<\/a><\/p>\t\n\t\t\t<\/div>\n\t\t<\/div><\/div><\/div><!-- row close --><div class='evocard_row'><div id='event_getdirection' class='evocard_box getdirection' data-c='' \n\t\t\t\t\tstyle=''><div class='evo_metarow_getDr evorow evcal_evdata_row evcal_evrow_sm getdirections'>\n\t\t<form action='https:\/\/maps.google.com\/maps' method='get' target='_blank'>\n\t\t\t<input type='hidden' name='daddr' value=\"Localit\u00e0 Pampeago, 8, 38038 Tesero TN\"\/> \n\t\t\t<div class='evo_get_direction_content evo_fx_dr_r evogap10'>\n\t\t\t\t<span class='evogetdir_header evodfx evofxdrr evofxaic evogap10'>\n\t\t\t\t\t<i class='mainicon fa fa-road evofz24i'><\/i> \n\t\t\t\t\t<h3 class='evo_h3 evopad0i' style='padding-bottom:5px;'>Wegbeschreibung abrufen<\/h3>\n\t\t\t\t<\/span>\n\t\t\t\t<span class='evogetdir_field evodfx evofx_1_1 evow100p'>\t\n\t\t\t\t\t<label for='6a9c46be512b8' class='evo_aria_ready sr-only'>Address - Respirart: Kunst und Sch\u00f6nheit schaffen []<\/label>\t\t\t\t\n\t\t\t\t\t<input id='6a9c46be512b8' class='evo_aria_ready_match evoInput2 evobr10 evow100p evopad10 evoff_2 evofz14i evobrdB1 evoboxbb' type='text' name='saddr' placeholder='&quot;Geben Sie die Adresse ein' value='' style='' aria-label='Address - Respirart: Kunst und Sch\u00f6nheit schaffen []' \/>\n\t\t\t\t<\/span>\n\t\t\t\t<div class='evodfx evofxdrr evofxaic evogap10'>\n\t\t\t\t\t<i class='fa fa-location-dot'><\/i>\n\t\t\t\t\t<div class='evoposr evofx_1 evoh100p'><label for='6a9c46be512b8' class='evo_aria_ready sr-only'>Destination Address - Respirart: Kunst und Sch\u00f6nheit schaffen []<\/label>\t\t\n\t\t\t\t\t\t<input id='6a9c46be512b8' class='evo_aria_ready_match evoInput2 evobr10 evow100p evopad5-10 evoff_2 evofz14i evobrdB1 evoop5 evoboxbb evoh100p' type='text' style='' readonly value='Localit\u00e0 Pampeago, 8, 38038 Tesero TN' aria-label='Destination Address - Respirart: Kunst und Sch\u00f6nheit schaffen []'\/><button class='evo_copy_address evobuttonA evocurp evohoop7 evoposa evopad5' style='right: 3px; top: 4px; background-color: #fff;' data-txt='Localit\u00e0 Pampeago, 8, 38038 Tesero TN' data-t='Address copied to clipboard!'><i class='far fa-copy evofz16i' title='Copy Destination Address!'><\/i><\/button>\n\t\t\t\t\t<\/div>\n\t\t\t\t\t<button type='submit' class='evo_get_direction_button evcal_btn dfx evofxaic evocurp evohoop7' title='&quot;Klicken Sie hier' style='    padding: 10px 15px !important;'><i class='fa fa-chevron-right'><\/i> <\/button>\n\t\t\t\t<\/div>\n\t\t\t<\/div>\n\t\t<\/form>\n\t<\/div><\/div><\/div><!-- row close --><button class='evo_card_row_end evcal_close' title='Schlie\u00dfen'><\/button><\/div><div class='clear end'><\/div><\/div><div id=\"event_2784_25\" class=\"eventon_list_event evo_eventtop scheduled past_event event clrD event_2784_25\" data-event_id=\"2784\" data-ri=\"25r\" data-time=\"1788589800-1788595200\" data-colr=\"#006290\" itemscope itemtype='http:\/\/schema.org\/Event'><div class=\"evo_event_schema\" style=\"display:none\" ><a itemprop='url'  href='https:\/\/latemarium.com\/de\/events\/oberholz-fruehstueck\/var\/ri-25.l-L2'><\/a><meta itemprop='image' content=\"https:\/\/latemarium.com\/wp-content\/uploads\/2025\/05\/colazione-al-rifugio-oberholz.jpg\" \/><meta itemprop='startDate' content=\"2026-9-5T08:30+0:00\" \/><meta itemprop='endDate' content=\"2026-9-5T10:00+0:00\" \/><meta itemprop='eventStatus' content=\"https:\/\/schema.org\/EventScheduled\" \/><meta itemprop='eventAttendanceMode'   itemscope itemtype=\"https:\/\/schema.org\/OfflineEventAttendanceMode\"\/><script type=\"application\/ld+json\">{\"@context\": \"http:\/\/schema.org\",\"@type\": \"Event\",\n\t\t\t\t\"@id\": \"event_2784_25\",\n\t\t\t\t\"eventAttendanceMode\":\"https:\/\/schema.org\/OfflineEventAttendanceMode\",\n\t\t\t\t\"eventStatus\":\"https:\/\/schema.org\/EventScheduled\",\n\t\t\t\t\"name\": \"Oberholz Fr\u00fchst\u00fcck\",\n\t\t\t\t\"url\": \"https:\/\/latemarium.com\/de\/events\/oberholz-fruehstueck\/var\/ri-25.l-L2\",\n\t\t\t\t\"startDate\": \"2026-9-5T08:30+0:00\",\n\t\t\t\t\"endDate\": \"2026-9-5T10:00+0:00\",\n\t\t\t\t\"image\":\"https:\/\/latemarium.com\/wp-content\/uploads\/2025\/05\/colazione-al-rifugio-oberholz.jpg\", \n\t\t\t\t\"description\":\"<p>Fr\u00fchst\u00fcck auf der Bergh\u00fctte Oberholz auf 2.096 m<br \/> Jeden Donnerstag und Samstag<\/p> <p>Das w\u00f6chentliche Highlight unterm Latemar findet jeden Donnerstag und Samstag von 8:30 bis 10:00 Uhr statt. Das umfangreiche Genusserlebnis \u201eFr\u00fchst\u00fcck auf der Oberholz\u201c inklusive der Berg- und Talfahrt kostet f\u00fcr Erwachsene 34 Euro, Jugendliche unter 12 Jahren bezahlen 27 Euro, Kinder unter 6 sind kostenlos.<\/p> <p>Zur Bergh\u00fctte und zur\u00fcck ins Tal geht es mit dem Panorama-Sessellift Obereggen-Oberholz (Auffahrt ab 08:30, letzte R\u00fcckfahrt 18.00 Uhr).<br \/> Eine Reservierung ist erforderlich: oberholz@latemar.it\u00a00471 618299<\/p> \"}<\/script><\/div>\r\n\t\t\t\t<p class=\"desc_trig_outter\" style=\"\"><a data-gmap_status=\"null\" data-exlk=\"0\" style=\"background-color: #006290;\" id=\"evc_17885898002784\" href=\"#\" class=\"hasFtIMG event_repeat desc_trig sin_val evcal_list_a\" data-ux_val=\"3\" data-ux_val_mob=\"-\"  ><span class='evoet_in'><span class='evoet_c1 evoet_cx '><span class='evoet_cy ev_ftImg evotrans imgFxdef' data-img='https:\/\/latemarium.com\/wp-content\/uploads\/2025\/05\/colazione-al-rifugio-oberholz.jpg' data-thumb='https:\/\/latemarium.com\/wp-content\/uploads\/2025\/05\/colazione-al-rifugio-oberholz-300x200.jpg' style='background-image:url(\"https:\/\/latemarium.com\/wp-content\/uploads\/2025\/05\/colazione-al-rifugio-oberholz-300x200.jpg\")' ><\/span><\/span><span class='evoet_c2 evoet_cx '><span class='evoet_dayblock evcal_cblock ' data-bgcolor='#006290' data-smon='September' data-syr='2026' data-bub=''><span class='evo_start  evofxdrc'><em class='date'>05<\/em><em class='month'>Sep<\/em><em class='time'>08:30<\/em><\/span><span class='evo_end only_time evofxdrc'><em class='time'>10:00<\/em><\/span><\/span><\/span><span class='evoet_c3 evoet_cx evcal_desc hide_eventtopdata '><span class='evoet_title evcal_desc2 evcal_event_title ' itemprop='name'>Oberholz Fr\u00fchst\u00fcck<\/span><span class='evoet_cy evoet_subtitle evo_below_title' ><span class='evcal_event_subtitle ' >Oberholz Fr\u00fchst\u00fcck<\/span><\/span><span class='evoet_cy evoet_time_expand level_3'><em class='evcal_time evo_tz_time'><i class='fa fa-clock-o'><\/i>08:30 - 10:00<span class='evo_tz marl5'>(GMT+02:00)<\/span><\/em> <\/span><span class='evoet_location level_3'><em class=\"evcal_location\"  data-add_str=\"\" data-n=\"Rifugio Oberholz\"><i class=\"fa fa-location-pin\"><\/i><em class=\"event_location_name\">Rifugio Oberholz<\/em><\/em><\/span><\/span><\/span><span class='evoet_data' style='display:none' data-d=\"{&quot;loc.n&quot;:&quot;Rifugio Oberholz&quot;,&quot;orgs&quot;:[],&quot;tags&quot;:{&quot;repeating&quot;:&quot;Repeating Event&quot;}}\" data-bgc=\"#006290\" data-bggrad=\"\" ><\/span><\/a><\/p><div class='event_description evcal_eventcard ' style=\"display:none\"><div class='evocard_row'><div id='event_ftimage' class='evocard_box ftimage' data-c='' \n\t\t\t\t\tstyle=''><div class='evocard_main_image_hold' data-t='Loading Image..'><div class='evocard_main_image evo_img_triglb evocd_img_minmized evobr15 evobgsc evobgpc evodfx evofx_jc_c evofx_ai_c evofz48 minmized' style='height:300px; background-image:url();' data-f=\"https:\/\/latemarium.com\/wp-content\/uploads\/2025\/05\/colazione-al-rifugio-oberholz.jpg\" data-h=\"1575\" data-w=\"2360\" data-ratio=\"0.66737288135593\" data-event_id=\"2784\" data-ri=\"25\"  data-t='Loading Image..'><span style='height:300px; background-image:url(https:\/\/latemarium.com\/wp-content\/uploads\/2025\/05\/colazione-al-rifugio-oberholz.jpg)'><\/span><\/div><\/div><\/div><\/div><!-- row close --><div class='evocard_row'><div id='event_eventdetails' class='evocard_box eventdetails' data-c='' \n\t\t\t\t\tstyle=''><div class=\"evo_metarow_details evorow evcal_evdata_row evcal_event_details\">\n    <div class=\"event_excerpt\" style=\"display:none\"><h3 class=\"padb5 evo_h3\">Details zur Veranstaltung<\/h3><p>Fr\u00fchst\u00fcck auf der Bergh\u00fctte Oberholz auf 2.096 m\nJeden Donnerstag und Samstag\nDas w\u00f6chentliche Highlight unterm Latemar findet jeden Donnerstag und Samstag von 8:30 bis 10:00 Uhr statt. Das umfangreiche Genusserlebnis<\/p><\/div><span class='evcal_evdata_icons'><i class='fa fa-align-justify'><\/i><\/span>    <div class=\"evcal_evdata_cell shorter_desc\">\n        <div class=\"eventon_full_description\">\n            <h3 class=\"padb5 evo_h3\"><span class='evcal_evdata_icons'><i class='fa fa-align-justify'><\/i><\/span>Details zur Veranstaltung<\/h3>\n            <div class=\"eventon_desc_in\" itemprop=\"description\">\n                <p>Fr\u00fchst\u00fcck auf der Bergh\u00fctte Oberholz auf 2.096 m<br \/>\nJeden Donnerstag und Samstag<\/p>\n<p>Das w\u00f6chentliche Highlight unterm Latemar findet jeden Donnerstag und Samstag von 8:30 bis 10:00 Uhr statt. Das umfangreiche Genusserlebnis \u201eFr\u00fchst\u00fcck auf der Oberholz\u201c inklusive der Berg- und Talfahrt kostet f\u00fcr Erwachsene 34 Euro, Jugendliche unter 12 Jahren bezahlen 27 Euro, Kinder unter 6 sind kostenlos.<\/p>\n<p>Zur Bergh\u00fctte und zur\u00fcck ins Tal geht es mit dem Panorama-Sessellift Obereggen-Oberholz (Auffahrt ab 08:30, letzte R\u00fcckfahrt 18.00 Uhr).<br \/>\nEine Reservierung ist erforderlich: oberholz@latemar.it\u00a00471 618299<\/p>\n            <\/div>\n            <p class='eventon_shad_p' style='padding:5px 0 0; margin:0'><button class='evcal_btn evo_btn_secondary evobtn_details_show_more' content='less' aria-label='Mehr' aria-expanded='false'><span class='ev_more_text' data-txt='Weniger'>Mehr<\/span><span class='ev_more_arrow ard'><\/span><\/button><\/p><div class='clear'><\/div>        <\/div>\n    <\/div>\n<\/div><\/div><\/div><!-- row close --><div class='evocard_row bx2 bx'><div id='event_time' class='evocard_box time' data-c='' \n\t\t\t\t\tstyle=''><div class='evo_metarow_time evorow evcal_evdata_row evcal_evrow_sm '>\n\t\t<span class='evcal_evdata_icons'><i class='fa fa-clock'><\/i><\/span>\n\t\t<div class='evcal_evdata_cell'>\t\t\t\t\t\t\t\n\t\t\t<h3 class='evo_h3'><span class='evcal_evdata_icons'><i class='fa fa-clock'><\/i><\/span>Zeitplan<\/h3><div><span class='evo_eventcard_time_t evogap5 evofxww'><span class=\"start\">5 September 2026<\/span> <span class=\"stime\">08:30<\/span> - <span class=\"etime\">10:00<\/span><\/span><span class='evo_tz marr5'>(GMT+02:00)<\/span><\/div>\n\t\t<\/div>\n\t<\/div><\/div><div id='event_location' class='evocard_box location' data-c='' \n\t\t\t\t\tstyle=''><div class='evcal_evdata_row evo_metarow_time_location evorow '>\n\t\t\n\t\t\t<span class='evcal_evdata_icons'><i class='fa fa-map-marker'><\/i><\/span>\n\t\t\t<div class='evcal_evdata_cell' data-loc_tax_id='60'><h3 class='evo_h3 evodfx'><span class='evcal_evdata_icons'><i class='fa fa-map-marker'><\/i><\/span>Ort<\/h3><p class='evo_location_name'>Rifugio Oberholz<\/p><div class='padt10'><span class='evo_btn_arr evolb_trigger' data-lbvals=\"{&quot;lbdata&quot;:{&quot;class&quot;:&quot;evo_location_lb_60&quot;,&quot;additional_class&quot;:&quot;lb_max&quot;,&quot;title&quot;:&quot;Rifugio Oberholz&quot;},&quot;adata&quot;:{&quot;a&quot;:&quot;eventon_get_tax_card_content&quot;,&quot;end&quot;:&quot;client&quot;,&quot;data&quot;:{&quot;lang&quot;:&quot;L2&quot;,&quot;term_id&quot;:60,&quot;tax&quot;:&quot;event_location&quot;,&quot;load_lbcontent&quot;:true}},&quot;uid&quot;:&quot;eventon_get_tax_card_content&quot;}\" >Other Events<i class='fa fa-chevron-right' aria-hidden='true'><\/i><\/span><\/div><\/div>\n\t\t\n\t<\/div><\/div><\/div><!-- row close --><div class='evocard_row bx2 bx'><div id='event_learnmore' class='evocard_box learnmore' data-c='' \n\t\t\t\t\tstyle=''><div class='evo_metarow_learnM evo_metarow_learnmore evorow'>\n\t\t\t\t\t\t\t<a class='evcal_evdata_row evo_clik_row ' href='https:\/\/oberholz.com\/events\/' target=\"_blank\">\n\t\t\t\t\t\t\t\t<span class='evcal_evdata_icons'><i class='fa fa-link'><\/i><\/span>\n\t\t\t\t\t\t\t\t<h3 class='evo_h3'>Entdecke mehr<\/h3>\n\t\t\t\t\t\t\t<\/a>\n\t\t\t\t\t\t\t<\/div><\/div><div id='event_addtocal' class='evocard_box addtocal' data-c='' \n\t\t\t\t\tstyle=''><div class='evo_metarow_ICS evorow evcal_evdata_row'>\n\t\t\t<span class='evcal_evdata_icons'><i class='fa fa-calendar-o'><\/i><\/span>\n\t\t\t<div class='evcal_evdata_cell'>\n\t\t\t\t<p><a href='https:\/\/latemarium.com\/de\/export-events\/2784_25\/?key=f55e99e6ee' rel='nofollow' class='evo_ics_nCal' title='Zu Ihrem Kalender hinzuf\u00fcgen'>Kalender<\/a><a href='https:\/\/www.google.com\/calendar\/event?action=TEMPLATE&text=Oberholz%20Fr%C3%BChst%C3%BCck&dates=20260905T063000Z\/20260905T080000Z&ctz=Europe%2FRome&details=Oberholz%20Fr%C3%BChst%C3%BCck&location=Rifugio%20Oberholz' target='_blank' rel='nofollow' class='evo_ics_gCal' title='Zu Google Kalender hinzuf\u00fcgen'>GoogleCal<\/a><\/p>\t\n\t\t\t<\/div>\n\t\t<\/div><\/div><\/div><!-- row close --><button class='evo_card_row_end evcal_close' title='Schlie\u00dfen'><\/button><\/div><div class='clear end'><\/div><\/div><div id=\"event_2154_21\" class=\"eventon_list_event evo_eventtop scheduled  event clrW no_et event_2154_21\" data-event_id=\"2154\" data-ri=\"21r\" data-time=\"1788700800-1788731940\" data-colr=\"#b8d989\" itemscope itemtype='http:\/\/schema.org\/Event'><div class=\"evo_event_schema\" style=\"display:none\" ><a itemprop='url'  href='https:\/\/latemarium.com\/de\/events\/die-geraeusche-und-das-leben-der-malga\/var\/ri-21.l-L2'><\/a><meta itemprop='image' content=\"https:\/\/latemarium.com\/wp-content\/uploads\/2023\/06\/suoni-vita-malga.jpg\" \/><meta itemprop='startDate' content=\"2026-9-6T15:20+0:00\" \/><meta itemprop='endDate' content=\"2026-9-6T23:59+0:00\" \/><meta itemprop='eventStatus' content=\"https:\/\/schema.org\/EventScheduled\" \/><meta itemprop='eventAttendanceMode'   itemscope itemtype=\"https:\/\/schema.org\/OfflineEventAttendanceMode\"\/><div style=\"display:none\" itemprop=\"location\" itemscope itemtype=\"http:\/\/schema.org\/Place\"><span itemprop=\"name\">Pampeago<\/span><span itemprop=\"address\" itemscope itemtype=\"http:\/\/schema.org\/PostalAddress\"><item itemprop=\"streetAddress\">Localit\u00e0 Pampeago, 8, 38038 Tesero TN<\/item><\/span><\/div><script type=\"application\/ld+json\">{\"@context\": \"http:\/\/schema.org\",\"@type\": \"Event\",\n\t\t\t\t\"@id\": \"event_2154_21\",\n\t\t\t\t\"eventAttendanceMode\":\"https:\/\/schema.org\/OfflineEventAttendanceMode\",\n\t\t\t\t\"eventStatus\":\"https:\/\/schema.org\/EventScheduled\",\n\t\t\t\t\"name\": \"Die Ger\u00e4usche und das Leben der Malga\",\n\t\t\t\t\"url\": \"https:\/\/latemarium.com\/de\/events\/die-geraeusche-und-das-leben-der-malga\/var\/ri-21.l-L2\",\n\t\t\t\t\"startDate\": \"2026-9-6T15:20+0:00\",\n\t\t\t\t\"endDate\": \"2026-9-6T23:59+0:00\",\n\t\t\t\t\"image\":\"https:\/\/latemarium.com\/wp-content\/uploads\/2023\/06\/suoni-vita-malga.jpg\", \n\t\t\t\t\"description\":\"<p>Treffpunkt am Parkplatz des Tresca-Sessellifts (mit dem Auto von Pampeago erreichbar &#8211; NUR f\u00fcr diejenigen, die die Aktivit\u00e4t buchen).<\/p> <p>Nach einem kurzen Spaziergang zur Malga Pampeago entdecken Kinder und Eltern zwischen K\u00fchen, K\u00e4lbern, Eseln und Schweinen den Alltag und die Ger\u00e4usche, die das Leben der Hirten pr\u00e4gen.<\/p> <p>Am Ende der Aktivit\u00e4t gibt es einen kleinen Snack, den die Kinder genie\u00dfen oder mit nach Hause nehmen k\u00f6nnen.<\/p> <p>Aktivit\u00e4t auch mit Kinderwagen m\u00f6glich. <a href='https:\/\/www.visitfiemme.it\/de\/veranstaltungen\/fiemme-cembra-guest-card\/erlebnisse\/erlebnisse-sommer' target='_blank' rel='noopener'>Reservierung erforderlich<\/a>.<\/p> \",\"location\":[{\"@type\":\"Place\",\"name\":\"Pampeago\",\"address\":{\"@type\": \"PostalAddress\",\"streetAddress\":\"Localit\u00e0 Pampeago, 8, 38038 Tesero TN\"}}]}<\/script><\/div>\r\n\t\t\t\t<p class=\"desc_trig_outter\" style=\"\"><a data-gmap_status=\"null\" data-exlk=\"0\" style=\"background-color: #b8d989;\" id=\"evc_17887008002154\" href=\"#\" class=\"hasFtIMG event_repeat desc_trig sin_val evcal_list_a\" data-ux_val=\"3\" data-ux_val_mob=\"-\"  ><span class='evoet_in'><span class='evoet_c1 evoet_cx '><span class='evoet_cy ev_ftImg evotrans imgFxdef' data-img='https:\/\/latemarium.com\/wp-content\/uploads\/2023\/06\/suoni-vita-malga.jpg' data-thumb='https:\/\/latemarium.com\/wp-content\/uploads\/2023\/06\/suoni-vita-malga-300x225.jpg' style='background-image:url(\"https:\/\/latemarium.com\/wp-content\/uploads\/2023\/06\/suoni-vita-malga-300x225.jpg\")' ><\/span><\/span><span class='evoet_c2 evoet_cx '><span class='evoet_dayblock evcal_cblock ' data-bgcolor='#b8d989' data-smon='September' data-syr='2026' data-bub=''><span class='evo_start  evofxdrc'><em class='date'>06<\/em><em class='month'>Sep<\/em><em class='time'>15:20<\/em><\/span><\/span><\/span><span class='evoet_c3 evoet_cx evcal_desc hide_eventtopdata '><span class='evoet_title evcal_desc2 evcal_event_title ' itemprop='name'>Die Ger\u00e4usche und das Leben der Malga<\/span><span class='event_location_attrs evodni'  data-location_address=\"Localit\u00e0 Pampeago, 8, 38038 Tesero TN\" data-location_type=\"lonlat\" data-location_name=\"Pampeago\" data-location_url=\"https:\/\/latemarium.com\/de\/event-location\/pampeago-de\/\" data-location_status=\"true\" data-locid=\"32\" data-latlng=\"46.34343697644898,11.540997527961546\"><\/span><span class='evoet_cy evoet_time_expand level_3'><em class='evcal_time evo_tz_time'><i class='fa fa-clock-o'><\/i>15:20<span class='evo_tz marl5'>(GMT+02:00)<\/span><\/em> <\/span><span class='evoet_location level_3'><em class=\"evcal_location\"  data-latlng=\"46.34343697644898,11.540997527961546\" data-add_str=\"Localit\u00e0 Pampeago, 8, 38038 Tesero TN\" data-n=\"Pampeago\"><i class=\"fa fa-location-pin\"><\/i><em class=\"event_location_name\">Pampeago<\/em>, Localit\u00e0 Pampeago, 8, 38038 Tesero TN<\/em><\/span><\/span><\/span><span class='evoet_data' style='display:none' data-d=\"{&quot;loc.n&quot;:&quot;Pampeago&quot;,&quot;orgs&quot;:[],&quot;tags&quot;:{&quot;repeating&quot;:&quot;Repeating Event&quot;}}\" data-bgc=\"#b8d989\" data-bggrad=\"\" ><\/span><\/a><\/p><div class='event_description evcal_eventcard ' style=\"display:none\"><div class='evocard_row'><div id='event_ftimage' class='evocard_box ftimage' data-c='' \n\t\t\t\t\tstyle=''><div class='evocard_main_image_hold' data-t='Loading Image..'><div class='evocard_main_image evo_img_triglb evocd_img_minmized evobr15 evobgsc evobgpc evodfx evofx_jc_c evofx_ai_c evofz48 minmized' style='height:300px; background-image:url();' data-f=\"https:\/\/latemarium.com\/wp-content\/uploads\/2023\/06\/suoni-vita-malga.jpg\" data-h=\"796\" data-w=\"1062\" data-ratio=\"0.74952919020716\" data-event_id=\"2154\" data-ri=\"21\"  data-t='Loading Image..'><span style='height:300px; background-image:url(https:\/\/latemarium.com\/wp-content\/uploads\/2023\/06\/suoni-vita-malga.jpg)'><\/span><\/div><\/div><\/div><\/div><!-- row close --><div class='evocard_row'><div id='event_eventdetails' class='evocard_box eventdetails' data-c='' \n\t\t\t\t\tstyle=''><div class=\"evo_metarow_details evorow evcal_evdata_row evcal_event_details\">\n    <div class=\"event_excerpt\" style=\"display:none\"><h3 class=\"padb5 evo_h3\">Details zur Veranstaltung<\/h3><p>Treffpunkt am Parkplatz des Tresca-Sessellifts (mit dem Auto von Pampeago erreichbar &#8211; NUR f\u00fcr diejenigen, die die Aktivit\u00e4t buchen).\nNach einem kurzen Spaziergang zur Malga Pampeago entdecken Kinder und Eltern zwischen<\/p><\/div><span class='evcal_evdata_icons'><i class='fa fa-align-justify'><\/i><\/span>    <div class=\"evcal_evdata_cell shorter_desc\">\n        <div class=\"eventon_full_description\">\n            <h3 class=\"padb5 evo_h3\"><span class='evcal_evdata_icons'><i class='fa fa-align-justify'><\/i><\/span>Details zur Veranstaltung<\/h3>\n            <div class=\"eventon_desc_in\" itemprop=\"description\">\n                <p>Treffpunkt am Parkplatz des Tresca-Sessellifts (mit dem Auto von Pampeago erreichbar &#8211; NUR f\u00fcr diejenigen, die die Aktivit\u00e4t buchen).<\/p>\n<p>Nach einem kurzen Spaziergang zur Malga Pampeago entdecken Kinder und Eltern zwischen K\u00fchen, K\u00e4lbern, Eseln und Schweinen den Alltag und die Ger\u00e4usche, die das Leben der Hirten pr\u00e4gen.<\/p>\n<p>Am Ende der Aktivit\u00e4t gibt es einen kleinen Snack, den die Kinder genie\u00dfen oder mit nach Hause nehmen k\u00f6nnen.<\/p>\n<p>Aktivit\u00e4t auch mit Kinderwagen m\u00f6glich. <a href=\"https:\/\/www.visitfiemme.it\/de\/veranstaltungen\/fiemme-cembra-guest-card\/erlebnisse\/erlebnisse-sommer\" target=\"_blank\" rel=\"noopener\">Reservierung erforderlich<\/a>.<\/p>\n            <\/div>\n            <p class='eventon_shad_p' style='padding:5px 0 0; margin:0'><button class='evcal_btn evo_btn_secondary evobtn_details_show_more' content='less' aria-label='Mehr' aria-expanded='false'><span class='ev_more_text' data-txt='Weniger'>Mehr<\/span><span class='ev_more_arrow ard'><\/span><\/button><\/p><div class='clear'><\/div>        <\/div>\n    <\/div>\n<\/div><\/div><\/div><!-- row close --><div class='evocard_row bx2 bx'><div id='event_time' class='evocard_box time' data-c='' \n\t\t\t\t\tstyle=''><div class='evo_metarow_time evorow evcal_evdata_row evcal_evrow_sm '>\n\t\t<span class='evcal_evdata_icons'><i class='fa fa-clock'><\/i><\/span>\n\t\t<div class='evcal_evdata_cell'>\t\t\t\t\t\t\t\n\t\t\t<h3 class='evo_h3'><span class='evcal_evdata_icons'><i class='fa fa-clock'><\/i><\/span>Zeitplan<\/h3><div><span class='evo_eventcard_time_t evogap5 evofxww'><span class=\"start\">6 September 2026<\/span> <span class=\"stime\">15:20<\/span><\/span><span class='evo_tz marr5'>(GMT+02:00)<\/span><\/div>\n\t\t<\/div>\n\t<\/div><\/div><div id='event_location' class='evocard_box location' data-c='' \n\t\t\t\t\tstyle=''><div class='evcal_evdata_row evo_metarow_time_location evorow '>\n\t\t\n\t\t\t<span class='evcal_evdata_icons'><i class='fa fa-map-marker'><\/i><\/span>\n\t\t\t<div class='evcal_evdata_cell' data-loc_tax_id='32'><h3 class='evo_h3 evodfx'><span class='evcal_evdata_icons'><i class='fa fa-map-marker'><\/i><\/span>Ort<\/h3><p class='evo_location_name'>Pampeago<\/p><p class='evo_location_address evodfxi evogap10'>Localit\u00e0 Pampeago, 8, 38038 Tesero TN<\/p><div class='padt10'><span class='evo_btn_arr evolb_trigger' data-lbvals=\"{&quot;lbdata&quot;:{&quot;class&quot;:&quot;evo_location_lb_32&quot;,&quot;additional_class&quot;:&quot;lb_max&quot;,&quot;title&quot;:&quot;Pampeago&quot;},&quot;adata&quot;:{&quot;a&quot;:&quot;eventon_get_tax_card_content&quot;,&quot;end&quot;:&quot;client&quot;,&quot;data&quot;:{&quot;lang&quot;:&quot;L2&quot;,&quot;term_id&quot;:32,&quot;tax&quot;:&quot;event_location&quot;,&quot;load_lbcontent&quot;:true}},&quot;uid&quot;:&quot;eventon_get_tax_card_content&quot;}\" >Other Events<i class='fa fa-chevron-right' aria-hidden='true'><\/i><\/span><\/div><\/div>\n\t\t\n\t<\/div><\/div><\/div><!-- row close --><div class='evocard_row'><div id='event_addtocal' class='evocard_box addtocal' data-c='' \n\t\t\t\t\tstyle=''><div class='evo_metarow_ICS evorow evcal_evdata_row'>\n\t\t\t<span class='evcal_evdata_icons'><i class='fa fa-calendar-o'><\/i><\/span>\n\t\t\t<div class='evcal_evdata_cell'>\n\t\t\t\t<p><a href='https:\/\/latemarium.com\/de\/export-events\/2154_21\/?key=f55e99e6ee' rel='nofollow' class='evo_ics_nCal' title='Zu Ihrem Kalender hinzuf\u00fcgen'>Kalender<\/a><a href='https:\/\/www.google.com\/calendar\/event?action=TEMPLATE&text=Die%20Ger%C3%A4usche%20und%20das%20Leben%20der%20Malga&dates=20260906T132000Z\/20260906T215900Z&ctz=Europe%2FRome&details=Die%20Ger%C3%A4usche%20und%20das%20Leben%20der%20Malga&location=Pampeago%20Localit%C3%A0%20Pampeago%2C%208%2C%2038038%20Tesero%20TN' target='_blank' rel='nofollow' class='evo_ics_gCal' title='Zu Google Kalender hinzuf\u00fcgen'>GoogleCal<\/a><\/p>\t\n\t\t\t<\/div>\n\t\t<\/div><\/div><\/div><!-- row close --><div class='evocard_row'><div id='event_getdirection' class='evocard_box getdirection' data-c='' \n\t\t\t\t\tstyle=''><div class='evo_metarow_getDr evorow evcal_evdata_row evcal_evrow_sm getdirections'>\n\t\t<form action='https:\/\/maps.google.com\/maps' method='get' target='_blank'>\n\t\t\t<input type='hidden' name='daddr' value=\"Localit\u00e0 Pampeago, 8, 38038 Tesero TN\"\/> \n\t\t\t<div class='evo_get_direction_content evo_fx_dr_r evogap10'>\n\t\t\t\t<span class='evogetdir_header evodfx evofxdrr evofxaic evogap10'>\n\t\t\t\t\t<i class='mainicon fa fa-road evofz24i'><\/i> \n\t\t\t\t\t<h3 class='evo_h3 evopad0i' style='padding-bottom:5px;'>Wegbeschreibung abrufen<\/h3>\n\t\t\t\t<\/span>\n\t\t\t\t<span class='evogetdir_field evodfx evofx_1_1 evow100p'>\t\n\t\t\t\t\t<label for='6a9c46be52717' class='evo_aria_ready sr-only'>Address - Die Ger\u00e4usche und das Leben der Malga []<\/label>\t\t\t\t\n\t\t\t\t\t<input id='6a9c46be52717' class='evo_aria_ready_match evoInput2 evobr10 evow100p evopad10 evoff_2 evofz14i evobrdB1 evoboxbb' type='text' name='saddr' placeholder='&quot;Geben Sie die Adresse ein' value='' style='' aria-label='Address - Die Ger\u00e4usche und das Leben der Malga []' \/>\n\t\t\t\t<\/span>\n\t\t\t\t<div class='evodfx evofxdrr evofxaic evogap10'>\n\t\t\t\t\t<i class='fa fa-location-dot'><\/i>\n\t\t\t\t\t<div class='evoposr evofx_1 evoh100p'><label for='6a9c46be52717' class='evo_aria_ready sr-only'>Destination Address - Die Ger\u00e4usche und das Leben der Malga []<\/label>\t\t\n\t\t\t\t\t\t<input id='6a9c46be52717' class='evo_aria_ready_match evoInput2 evobr10 evow100p evopad5-10 evoff_2 evofz14i evobrdB1 evoop5 evoboxbb evoh100p' type='text' style='' readonly value='Localit\u00e0 Pampeago, 8, 38038 Tesero TN' aria-label='Destination Address - Die Ger\u00e4usche und das Leben der Malga []'\/><button class='evo_copy_address evobuttonA evocurp evohoop7 evoposa evopad5' style='right: 3px; top: 4px; background-color: #fff;' data-txt='Localit\u00e0 Pampeago, 8, 38038 Tesero TN' data-t='Address copied to clipboard!'><i class='far fa-copy evofz16i' title='Copy Destination Address!'><\/i><\/button>\n\t\t\t\t\t<\/div>\n\t\t\t\t\t<button type='submit' class='evo_get_direction_button evcal_btn dfx evofxaic evocurp evohoop7' title='&quot;Klicken Sie hier' style='    padding: 10px 15px !important;'><i class='fa fa-chevron-right'><\/i> <\/button>\n\t\t\t\t<\/div>\n\t\t\t<\/div>\n\t\t<\/form>\n\t<\/div><\/div><\/div><!-- row close --><button class='evo_card_row_end evcal_close' title='Schlie\u00dfen'><\/button><\/div><div class='clear end'><\/div><\/div><div id=\"event_2116_10\" class=\"eventon_list_event evo_eventtop scheduled  event clrW no_et event_2116_10\" data-event_id=\"2116\" data-ri=\"10r\" data-time=\"1788766200-1788818340\" data-colr=\"#ffa024\" itemscope itemtype='http:\/\/schema.org\/Event'><div class=\"evo_event_schema\" style=\"display:none\" ><a itemprop='url'  href='https:\/\/latemarium.com\/de\/events\/geotrekking-monte-agnello\/var\/ri-10.l-L2'><\/a><meta itemprop='image' content=\"https:\/\/latemarium.com\/wp-content\/uploads\/2023\/06\/geotrail-monte-agnello.jpg\" \/><meta itemprop='startDate' content=\"2026-9-7T09:30+0:00\" \/><meta itemprop='endDate' content=\"2026-9-7T23:59+0:00\" \/><meta itemprop='eventStatus' content=\"https:\/\/schema.org\/EventScheduled\" \/><meta itemprop='eventAttendanceMode'   itemscope itemtype=\"https:\/\/schema.org\/OfflineEventAttendanceMode\"\/><div style=\"display:none\" itemprop=\"location\" itemscope itemtype=\"http:\/\/schema.org\/Place\"><span itemprop=\"name\">Bergh\u00fctte Monte Agnello<\/span><span itemprop=\"address\" itemscope itemtype=\"http:\/\/schema.org\/PostalAddress\"><item itemprop=\"streetAddress\">Loc. Pampeago, 9, 38038 Tesero TN<\/item><\/span><\/div><script type=\"application\/ld+json\">{\"@context\": \"http:\/\/schema.org\",\"@type\": \"Event\",\n\t\t\t\t\"@id\": \"event_2116_10\",\n\t\t\t\t\"eventAttendanceMode\":\"https:\/\/schema.org\/OfflineEventAttendanceMode\",\n\t\t\t\t\"eventStatus\":\"https:\/\/schema.org\/EventScheduled\",\n\t\t\t\t\"name\": \"Geotrekking Monte Agnello\",\n\t\t\t\t\"url\": \"https:\/\/latemarium.com\/de\/events\/geotrekking-monte-agnello\/var\/ri-10.l-L2\",\n\t\t\t\t\"startDate\": \"2026-9-7T09:30+0:00\",\n\t\t\t\t\"endDate\": \"2026-9-7T23:59+0:00\",\n\t\t\t\t\"image\":\"https:\/\/latemarium.com\/wp-content\/uploads\/2023\/06\/geotrail-monte-agnello.jpg\", \n\t\t\t\t\"description\":\"<p>Malerische geologische Route zur Entdeckung des antiken Vulkans Predazzo, gef\u00fchrt von einem erfahrenen Geologen und Medienbergf\u00fchrer.<\/p> <p>Ein Spaziergang auf den Spuren des Trias-Pompeji von Monte Agnello, wo Lava, Asche und Lapilli ein altes tropisches Atoll begruben.<\/p> <p>Die Route ist einfach, mit gut begehbaren Wegen, H\u00f6henunterschied ca. 350 Meter. Kostenlose Aktivit\u00e4t.<\/p> \",\"location\":[{\"@type\":\"Place\",\"name\":\"Bergh\u00fctte Monte Agnello\",\"address\":{\"@type\": \"PostalAddress\",\"streetAddress\":\"Loc. Pampeago, 9, 38038 Tesero TN\"}}]}<\/script><\/div>\r\n\t\t\t\t<p class=\"desc_trig_outter\" style=\"\"><a data-gmap_status=\"null\" data-exlk=\"0\" style=\"background-color: #ffa024;\" id=\"evc_17887662002116\" href=\"#\" class=\"hasFtIMG event_repeat desc_trig sin_val evcal_list_a\" data-ux_val=\"3\" data-ux_val_mob=\"-\"  ><span class='evoet_in'><span class='evoet_c1 evoet_cx '><span class='evoet_cy ev_ftImg evotrans imgFxdef' data-img='https:\/\/latemarium.com\/wp-content\/uploads\/2023\/06\/geotrail-monte-agnello.jpg' data-thumb='https:\/\/latemarium.com\/wp-content\/uploads\/2023\/06\/geotrail-monte-agnello-300x240.jpg' style='background-image:url(\"https:\/\/latemarium.com\/wp-content\/uploads\/2023\/06\/geotrail-monte-agnello-300x240.jpg\")' ><\/span><\/span><span class='evoet_c2 evoet_cx '><span class='evoet_dayblock evcal_cblock ' data-bgcolor='#ffa024' data-smon='September' data-syr='2026' data-bub=''><span class='evo_start  evofxdrc'><em class='date'>07<\/em><em class='month'>Sep<\/em><em class='time'>09:30<\/em><\/span><\/span><\/span><span class='evoet_c3 evoet_cx evcal_desc hide_eventtopdata '><span class='evoet_title evcal_desc2 evcal_event_title ' itemprop='name'>Geotrekking Monte Agnello<\/span><span class='event_location_attrs evodni'  data-location_address=\"Loc. Pampeago, 9, 38038 Tesero TN\" data-location_type=\"lonlat\" data-location_name=\"Bergh\u00fctte Monte Agnello\" data-location_url=\"https:\/\/latemarium.com\/de\/event-location\/berghuette-monte-agnello\/\" data-location_status=\"true\" data-locid=\"25\" data-latlng=\"46.333809095680266,11.547693182509184\"><\/span><span class='evoet_cy evoet_subtitle evo_below_title' ><span class='evcal_event_subtitle ' >Geologische Route zur Entdeckung des antiken Vulkans Predazzo<\/span><\/span><span class='evoet_cy evoet_time_expand level_3'><em class='evcal_time evo_tz_time'><i class='fa fa-clock-o'><\/i>09:30<span class='evo_tz marl5'>(GMT+02:00)<\/span><\/em> <\/span><span class='evoet_location level_3'><em class=\"evcal_location\"  data-latlng=\"46.333809095680266,11.547693182509184\" data-add_str=\"Loc. Pampeago, 9, 38038 Tesero TN\" data-n=\"Bergh\u00fctte Monte Agnello\"><i class=\"fa fa-location-pin\"><\/i><em class=\"event_location_name\">Bergh\u00fctte Monte Agnello<\/em>, Loc. Pampeago, 9, 38038 Tesero TN<\/em><\/span><\/span><\/span><span class='evoet_data' style='display:none' data-d=\"{&quot;loc.n&quot;:&quot;Bergh\\u00fctte Monte Agnello&quot;,&quot;orgs&quot;:[],&quot;tags&quot;:{&quot;repeating&quot;:&quot;Repeating Event&quot;}}\" data-bgc=\"#ffa024\" data-bggrad=\"\" ><\/span><\/a><\/p><div class='event_description evcal_eventcard ' style=\"display:none\"><div class='evocard_row'><div id='event_ftimage' class='evocard_box ftimage' data-c='' \n\t\t\t\t\tstyle=''><div class='evocard_main_image_hold' data-t='Loading Image..'><div class='evocard_main_image evo_img_triglb evocd_img_minmized evobr15 evobgsc evobgpc evodfx evofx_jc_c evofx_ai_c evofz48 minmized' style='height:300px; background-image:url();' data-f=\"https:\/\/latemarium.com\/wp-content\/uploads\/2023\/06\/geotrail-monte-agnello.jpg\" data-h=\"528\" data-w=\"661\" data-ratio=\"0.79878971255673\" data-event_id=\"2116\" data-ri=\"10\"  data-t='Loading Image..'><span style='height:300px; background-image:url(https:\/\/latemarium.com\/wp-content\/uploads\/2023\/06\/geotrail-monte-agnello.jpg)'><\/span><\/div><\/div><\/div><\/div><!-- row close --><div class='evocard_row'><div id='event_eventdetails' class='evocard_box eventdetails' data-c='' \n\t\t\t\t\tstyle=''><div class=\"evo_metarow_details evorow evcal_evdata_row evcal_event_details\">\n    <div class=\"event_excerpt\" style=\"display:none\"><h3 class=\"padb5 evo_h3\">Details zur Veranstaltung<\/h3><p>Malerische geologische Route zur Entdeckung des antiken Vulkans Predazzo, gef\u00fchrt von einem erfahrenen Geologen und Medienbergf\u00fchrer.\nEin Spaziergang auf den Spuren des Trias-Pompeji von Monte Agnello, wo Lava, Asche und Lapilli<\/p><\/div><span class='evcal_evdata_icons'><i class='fa fa-align-justify'><\/i><\/span>    <div class=\"evcal_evdata_cell \">\n        <div class=\"eventon_full_description\">\n            <h3 class=\"padb5 evo_h3\"><span class='evcal_evdata_icons'><i class='fa fa-align-justify'><\/i><\/span>Details zur Veranstaltung<\/h3>\n            <div class=\"eventon_desc_in\" itemprop=\"description\">\n                <p>Malerische geologische Route zur Entdeckung des antiken Vulkans Predazzo, gef\u00fchrt von einem erfahrenen Geologen und Medienbergf\u00fchrer.<\/p>\n<p>Ein Spaziergang auf den Spuren des Trias-Pompeji von Monte Agnello, wo Lava, Asche und Lapilli ein altes tropisches Atoll begruben.<\/p>\n<p>Die Route ist einfach, mit gut begehbaren Wegen, H\u00f6henunterschied ca. 350 Meter. Kostenlose Aktivit\u00e4t.<\/p>\n            <\/div>\n            <div class='clear'><\/div>        <\/div>\n    <\/div>\n<\/div><\/div><\/div><!-- row close --><div class='evocard_row bx2 bx'><div id='event_time' class='evocard_box time' data-c='' \n\t\t\t\t\tstyle=''><div class='evo_metarow_time evorow evcal_evdata_row evcal_evrow_sm '>\n\t\t<span class='evcal_evdata_icons'><i class='fa fa-clock'><\/i><\/span>\n\t\t<div class='evcal_evdata_cell'>\t\t\t\t\t\t\t\n\t\t\t<h3 class='evo_h3'><span class='evcal_evdata_icons'><i class='fa fa-clock'><\/i><\/span>Zeitplan<\/h3><div><span class='evo_eventcard_time_t evogap5 evofxww'><span class=\"start\">7 September 2026<\/span> <span class=\"stime\">09:30<\/span><\/span><span class='evo_tz marr5'>(GMT+02:00)<\/span><\/div>\n\t\t<\/div>\n\t<\/div><\/div><div id='event_location' class='evocard_box location' data-c='' \n\t\t\t\t\tstyle=''><div class='evcal_evdata_row evo_metarow_time_location evorow '>\n\t\t\n\t\t\t<span class='evcal_evdata_icons'><i class='fa fa-map-marker'><\/i><\/span>\n\t\t\t<div class='evcal_evdata_cell' data-loc_tax_id='25'><h3 class='evo_h3 evodfx'><span class='evcal_evdata_icons'><i class='fa fa-map-marker'><\/i><\/span><a target=\"_blank\" href=\"https:\/\/www.facebook.com\/profile.php?id=100064742944609\">Ort<\/a><\/h3><p class='evo_location_name'><a target=\"_blank\" href=\"https:\/\/www.facebook.com\/profile.php?id=100064742944609\">Bergh\u00fctte Monte Agnello<\/a><\/p><p class='evo_location_address evodfxi evogap10'><a target=\"_blank\" href=\"https:\/\/www.facebook.com\/profile.php?id=100064742944609\">Loc. Pampeago, 9, 38038 Tesero TN<\/a><\/p><div class='padt10'><span class='evo_btn_arr evolb_trigger' data-lbvals=\"{&quot;lbdata&quot;:{&quot;class&quot;:&quot;evo_location_lb_25&quot;,&quot;additional_class&quot;:&quot;lb_max&quot;,&quot;title&quot;:&quot;Bergh\\u00fctte Monte Agnello&quot;},&quot;adata&quot;:{&quot;a&quot;:&quot;eventon_get_tax_card_content&quot;,&quot;end&quot;:&quot;client&quot;,&quot;data&quot;:{&quot;lang&quot;:&quot;L2&quot;,&quot;term_id&quot;:25,&quot;tax&quot;:&quot;event_location&quot;,&quot;load_lbcontent&quot;:true}},&quot;uid&quot;:&quot;eventon_get_tax_card_content&quot;}\" >Other Events<i class='fa fa-chevron-right' aria-hidden='true'><\/i><\/span><\/div><\/div>\n\t\t\n\t<\/div><\/div><\/div><!-- row close --><div class='evocard_row bx2 bx'><div id='event_learnmore' class='evocard_box learnmore' data-c='' \n\t\t\t\t\tstyle=''><div class='evo_metarow_learnM evo_metarow_learnmore evorow'>\n\t\t\t\t\t\t\t<a class='evcal_evdata_row evo_clik_row ' href='https:\/\/latemarium.com\/de\/excursions\/detail\/geotrail-monte-agnello\/' target=\"_blank\">\n\t\t\t\t\t\t\t\t<span class='evcal_evdata_icons'><i class='fa fa-link'><\/i><\/span>\n\t\t\t\t\t\t\t\t<h3 class='evo_h3'>Entdecke mehr<\/h3>\n\t\t\t\t\t\t\t<\/a>\n\t\t\t\t\t\t\t<\/div><\/div><div id='event_addtocal' class='evocard_box addtocal' data-c='' \n\t\t\t\t\tstyle=''><div class='evo_metarow_ICS evorow evcal_evdata_row'>\n\t\t\t<span class='evcal_evdata_icons'><i class='fa fa-calendar-o'><\/i><\/span>\n\t\t\t<div class='evcal_evdata_cell'>\n\t\t\t\t<p><a href='https:\/\/latemarium.com\/de\/export-events\/2116_10\/?key=f55e99e6ee' rel='nofollow' class='evo_ics_nCal' title='Zu Ihrem Kalender hinzuf\u00fcgen'>Kalender<\/a><a href='https:\/\/www.google.com\/calendar\/event?action=TEMPLATE&text=Geotrekking%20Monte%20Agnello&dates=20260907T073000Z\/20260907T215900Z&ctz=Europe%2FRome&details=Geotrekking%20Monte%20Agnello&location=Bergh%C3%BCtte%20Monte%20Agnello%20Loc.%20Pampeago%2C%209%2C%2038038%20Tesero%20TN' target='_blank' rel='nofollow' class='evo_ics_gCal' title='Zu Google Kalender hinzuf\u00fcgen'>GoogleCal<\/a><\/p>\t\n\t\t\t<\/div>\n\t\t<\/div><\/div><\/div><!-- row close --><div class='evocard_row'><div id='event_getdirection' class='evocard_box getdirection' data-c='' \n\t\t\t\t\tstyle=''><div class='evo_metarow_getDr evorow evcal_evdata_row evcal_evrow_sm getdirections'>\n\t\t<form action='https:\/\/maps.google.com\/maps' method='get' target='_blank'>\n\t\t\t<input type='hidden' name='daddr' value=\"46.333809095680266,11.547693182509184\"\/> \n\t\t\t<div class='evo_get_direction_content evo_fx_dr_r evogap10'>\n\t\t\t\t<span class='evogetdir_header evodfx evofxdrr evofxaic evogap10'>\n\t\t\t\t\t<i class='mainicon fa fa-road evofz24i'><\/i> \n\t\t\t\t\t<h3 class='evo_h3 evopad0i' style='padding-bottom:5px;'>Wegbeschreibung abrufen<\/h3>\n\t\t\t\t<\/span>\n\t\t\t\t<span class='evogetdir_field evodfx evofx_1_1 evow100p'>\t\n\t\t\t\t\t<label for='6a9c46be5346f' class='evo_aria_ready sr-only'>Address - Geotrekking Monte Agnello []<\/label>\t\t\t\t\n\t\t\t\t\t<input id='6a9c46be5346f' class='evo_aria_ready_match evoInput2 evobr10 evow100p evopad10 evoff_2 evofz14i evobrdB1 evoboxbb' type='text' name='saddr' placeholder='&quot;Geben Sie die Adresse ein' value='' style='' aria-label='Address - Geotrekking Monte Agnello []' \/>\n\t\t\t\t<\/span>\n\t\t\t\t<div class='evodfx evofxdrr evofxaic evogap10'>\n\t\t\t\t\t<i class='fa fa-location-dot'><\/i>\n\t\t\t\t\t<div class='evoposr evofx_1 evoh100p'><label for='6a9c46be5346f' class='evo_aria_ready sr-only'>Destination Address - Geotrekking Monte Agnello []<\/label>\t\t\n\t\t\t\t\t\t<input id='6a9c46be5346f' class='evo_aria_ready_match evoInput2 evobr10 evow100p evopad5-10 evoff_2 evofz14i evobrdB1 evoop5 evoboxbb evoh100p' type='text' style='' readonly value='Loc. Pampeago, 9, 38038 Tesero TN' aria-label='Destination Address - Geotrekking Monte Agnello []'\/><button class='evo_copy_address evobuttonA evocurp evohoop7 evoposa evopad5' style='right: 3px; top: 4px; background-color: #fff;' data-txt='46.333809095680266,11.547693182509184' data-t='Address copied to clipboard!'><i class='far fa-copy evofz16i' title='Copy Destination Address!'><\/i><\/button>\n\t\t\t\t\t<\/div>\n\t\t\t\t\t<button type='submit' class='evo_get_direction_button evcal_btn dfx evofxaic evocurp evohoop7' title='&quot;Klicken Sie hier' style='    padding: 10px 15px !important;'><i class='fa fa-chevron-right'><\/i> <\/button>\n\t\t\t\t<\/div>\n\t\t\t<\/div>\n\t\t<\/form>\n\t<\/div><\/div><\/div><!-- row close --><button class='evo_card_row_end evcal_close' title='Schlie\u00dfen'><\/button><\/div><div class='clear end'><\/div><\/div><div id=\"event_2154_22\" class=\"eventon_list_event evo_eventtop scheduled  event clrW no_et event_2154_22\" data-event_id=\"2154\" data-ri=\"22r\" data-time=\"1788787200-1788818340\" data-colr=\"#b8d989\" itemscope itemtype='http:\/\/schema.org\/Event'><div class=\"evo_event_schema\" style=\"display:none\" ><a itemprop='url'  href='https:\/\/latemarium.com\/de\/events\/die-geraeusche-und-das-leben-der-malga\/var\/ri-22.l-L2'><\/a><meta itemprop='image' content=\"https:\/\/latemarium.com\/wp-content\/uploads\/2023\/06\/suoni-vita-malga.jpg\" \/><meta itemprop='startDate' content=\"2026-9-7T15:20+0:00\" \/><meta itemprop='endDate' content=\"2026-9-7T23:59+0:00\" \/><meta itemprop='eventStatus' content=\"https:\/\/schema.org\/EventScheduled\" \/><meta itemprop='eventAttendanceMode'   itemscope itemtype=\"https:\/\/schema.org\/OfflineEventAttendanceMode\"\/><div style=\"display:none\" itemprop=\"location\" itemscope itemtype=\"http:\/\/schema.org\/Place\"><span itemprop=\"name\">Pampeago<\/span><span itemprop=\"address\" itemscope itemtype=\"http:\/\/schema.org\/PostalAddress\"><item itemprop=\"streetAddress\">Localit\u00e0 Pampeago, 8, 38038 Tesero TN<\/item><\/span><\/div><script type=\"application\/ld+json\">{\"@context\": \"http:\/\/schema.org\",\"@type\": \"Event\",\n\t\t\t\t\"@id\": \"event_2154_22\",\n\t\t\t\t\"eventAttendanceMode\":\"https:\/\/schema.org\/OfflineEventAttendanceMode\",\n\t\t\t\t\"eventStatus\":\"https:\/\/schema.org\/EventScheduled\",\n\t\t\t\t\"name\": \"Die Ger\u00e4usche und das Leben der Malga\",\n\t\t\t\t\"url\": \"https:\/\/latemarium.com\/de\/events\/die-geraeusche-und-das-leben-der-malga\/var\/ri-22.l-L2\",\n\t\t\t\t\"startDate\": \"2026-9-7T15:20+0:00\",\n\t\t\t\t\"endDate\": \"2026-9-7T23:59+0:00\",\n\t\t\t\t\"image\":\"https:\/\/latemarium.com\/wp-content\/uploads\/2023\/06\/suoni-vita-malga.jpg\", \n\t\t\t\t\"description\":\"<p>Treffpunkt am Parkplatz des Tresca-Sessellifts (mit dem Auto von Pampeago erreichbar &#8211; NUR f\u00fcr diejenigen, die die Aktivit\u00e4t buchen).<\/p> <p>Nach einem kurzen Spaziergang zur Malga Pampeago entdecken Kinder und Eltern zwischen K\u00fchen, K\u00e4lbern, Eseln und Schweinen den Alltag und die Ger\u00e4usche, die das Leben der Hirten pr\u00e4gen.<\/p> <p>Am Ende der Aktivit\u00e4t gibt es einen kleinen Snack, den die Kinder genie\u00dfen oder mit nach Hause nehmen k\u00f6nnen.<\/p> <p>Aktivit\u00e4t auch mit Kinderwagen m\u00f6glich. <a href='https:\/\/www.visitfiemme.it\/de\/veranstaltungen\/fiemme-cembra-guest-card\/erlebnisse\/erlebnisse-sommer' target='_blank' rel='noopener'>Reservierung erforderlich<\/a>.<\/p> \",\"location\":[{\"@type\":\"Place\",\"name\":\"Pampeago\",\"address\":{\"@type\": \"PostalAddress\",\"streetAddress\":\"Localit\u00e0 Pampeago, 8, 38038 Tesero TN\"}}]}<\/script><\/div>\r\n\t\t\t\t<p class=\"desc_trig_outter\" style=\"\"><a data-gmap_status=\"null\" data-exlk=\"0\" style=\"background-color: #b8d989;\" id=\"evc_17887872002154\" href=\"#\" class=\"hasFtIMG event_repeat desc_trig sin_val evcal_list_a\" data-ux_val=\"3\" data-ux_val_mob=\"-\"  ><span class='evoet_in'><span class='evoet_c1 evoet_cx '><span class='evoet_cy ev_ftImg evotrans imgFxdef' data-img='https:\/\/latemarium.com\/wp-content\/uploads\/2023\/06\/suoni-vita-malga.jpg' data-thumb='https:\/\/latemarium.com\/wp-content\/uploads\/2023\/06\/suoni-vita-malga-300x225.jpg' style='background-image:url(\"https:\/\/latemarium.com\/wp-content\/uploads\/2023\/06\/suoni-vita-malga-300x225.jpg\")' ><\/span><\/span><span class='evoet_c2 evoet_cx '><span class='evoet_dayblock evcal_cblock ' data-bgcolor='#b8d989' data-smon='September' data-syr='2026' data-bub=''><span class='evo_start  evofxdrc'><em class='date'>07<\/em><em class='month'>Sep<\/em><em class='time'>15:20<\/em><\/span><\/span><\/span><span class='evoet_c3 evoet_cx evcal_desc hide_eventtopdata '><span class='evoet_title evcal_desc2 evcal_event_title ' itemprop='name'>Die Ger\u00e4usche und das Leben der Malga<\/span><span class='event_location_attrs evodni'  data-location_address=\"Localit\u00e0 Pampeago, 8, 38038 Tesero TN\" data-location_type=\"lonlat\" data-location_name=\"Pampeago\" data-location_url=\"https:\/\/latemarium.com\/de\/event-location\/pampeago-de\/\" data-location_status=\"true\" data-locid=\"32\" data-latlng=\"46.34343697644898,11.540997527961546\"><\/span><span class='evoet_cy evoet_time_expand level_3'><em class='evcal_time evo_tz_time'><i class='fa fa-clock-o'><\/i>15:20<span class='evo_tz marl5'>(GMT+02:00)<\/span><\/em> <\/span><span class='evoet_location level_3'><em class=\"evcal_location\"  data-latlng=\"46.34343697644898,11.540997527961546\" data-add_str=\"Localit\u00e0 Pampeago, 8, 38038 Tesero TN\" data-n=\"Pampeago\"><i class=\"fa fa-location-pin\"><\/i><em class=\"event_location_name\">Pampeago<\/em>, Localit\u00e0 Pampeago, 8, 38038 Tesero TN<\/em><\/span><\/span><\/span><span class='evoet_data' style='display:none' data-d=\"{&quot;loc.n&quot;:&quot;Pampeago&quot;,&quot;orgs&quot;:[],&quot;tags&quot;:{&quot;repeating&quot;:&quot;Repeating Event&quot;}}\" data-bgc=\"#b8d989\" data-bggrad=\"\" ><\/span><\/a><\/p><div class='event_description evcal_eventcard ' style=\"display:none\"><div class='evocard_row'><div id='event_ftimage' class='evocard_box ftimage' data-c='' \n\t\t\t\t\tstyle=''><div class='evocard_main_image_hold' data-t='Loading Image..'><div class='evocard_main_image evo_img_triglb evocd_img_minmized evobr15 evobgsc evobgpc evodfx evofx_jc_c evofx_ai_c evofz48 minmized' style='height:300px; background-image:url();' data-f=\"https:\/\/latemarium.com\/wp-content\/uploads\/2023\/06\/suoni-vita-malga.jpg\" data-h=\"796\" data-w=\"1062\" data-ratio=\"0.74952919020716\" data-event_id=\"2154\" data-ri=\"22\"  data-t='Loading Image..'><span style='height:300px; background-image:url(https:\/\/latemarium.com\/wp-content\/uploads\/2023\/06\/suoni-vita-malga.jpg)'><\/span><\/div><\/div><\/div><\/div><!-- row close --><div class='evocard_row'><div id='event_eventdetails' class='evocard_box eventdetails' data-c='' \n\t\t\t\t\tstyle=''><div class=\"evo_metarow_details evorow evcal_evdata_row evcal_event_details\">\n    <div class=\"event_excerpt\" style=\"display:none\"><h3 class=\"padb5 evo_h3\">Details zur Veranstaltung<\/h3><p>Treffpunkt am Parkplatz des Tresca-Sessellifts (mit dem Auto von Pampeago erreichbar &#8211; NUR f\u00fcr diejenigen, die die Aktivit\u00e4t buchen).\nNach einem kurzen Spaziergang zur Malga Pampeago entdecken Kinder und Eltern zwischen<\/p><\/div><span class='evcal_evdata_icons'><i class='fa fa-align-justify'><\/i><\/span>    <div class=\"evcal_evdata_cell shorter_desc\">\n        <div class=\"eventon_full_description\">\n            <h3 class=\"padb5 evo_h3\"><span class='evcal_evdata_icons'><i class='fa fa-align-justify'><\/i><\/span>Details zur Veranstaltung<\/h3>\n            <div class=\"eventon_desc_in\" itemprop=\"description\">\n                <p>Treffpunkt am Parkplatz des Tresca-Sessellifts (mit dem Auto von Pampeago erreichbar &#8211; NUR f\u00fcr diejenigen, die die Aktivit\u00e4t buchen).<\/p>\n<p>Nach einem kurzen Spaziergang zur Malga Pampeago entdecken Kinder und Eltern zwischen K\u00fchen, K\u00e4lbern, Eseln und Schweinen den Alltag und die Ger\u00e4usche, die das Leben der Hirten pr\u00e4gen.<\/p>\n<p>Am Ende der Aktivit\u00e4t gibt es einen kleinen Snack, den die Kinder genie\u00dfen oder mit nach Hause nehmen k\u00f6nnen.<\/p>\n<p>Aktivit\u00e4t auch mit Kinderwagen m\u00f6glich. <a href=\"https:\/\/www.visitfiemme.it\/de\/veranstaltungen\/fiemme-cembra-guest-card\/erlebnisse\/erlebnisse-sommer\" target=\"_blank\" rel=\"noopener\">Reservierung erforderlich<\/a>.<\/p>\n            <\/div>\n            <p class='eventon_shad_p' style='padding:5px 0 0; margin:0'><button class='evcal_btn evo_btn_secondary evobtn_details_show_more' content='less' aria-label='Mehr' aria-expanded='false'><span class='ev_more_text' data-txt='Weniger'>Mehr<\/span><span class='ev_more_arrow ard'><\/span><\/button><\/p><div class='clear'><\/div>        <\/div>\n    <\/div>\n<\/div><\/div><\/div><!-- row close --><div class='evocard_row bx2 bx'><div id='event_time' class='evocard_box time' data-c='' \n\t\t\t\t\tstyle=''><div class='evo_metarow_time evorow evcal_evdata_row evcal_evrow_sm '>\n\t\t<span class='evcal_evdata_icons'><i class='fa fa-clock'><\/i><\/span>\n\t\t<div class='evcal_evdata_cell'>\t\t\t\t\t\t\t\n\t\t\t<h3 class='evo_h3'><span class='evcal_evdata_icons'><i class='fa fa-clock'><\/i><\/span>Zeitplan<\/h3><div><span class='evo_eventcard_time_t evogap5 evofxww'><span class=\"start\">7 September 2026<\/span> <span class=\"stime\">15:20<\/span><\/span><span class='evo_tz marr5'>(GMT+02:00)<\/span><\/div>\n\t\t<\/div>\n\t<\/div><\/div><div id='event_location' class='evocard_box location' data-c='' \n\t\t\t\t\tstyle=''><div class='evcal_evdata_row evo_metarow_time_location evorow '>\n\t\t\n\t\t\t<span class='evcal_evdata_icons'><i class='fa fa-map-marker'><\/i><\/span>\n\t\t\t<div class='evcal_evdata_cell' data-loc_tax_id='32'><h3 class='evo_h3 evodfx'><span class='evcal_evdata_icons'><i class='fa fa-map-marker'><\/i><\/span>Ort<\/h3><p class='evo_location_name'>Pampeago<\/p><p class='evo_location_address evodfxi evogap10'>Localit\u00e0 Pampeago, 8, 38038 Tesero TN<\/p><div class='padt10'><span class='evo_btn_arr evolb_trigger' data-lbvals=\"{&quot;lbdata&quot;:{&quot;class&quot;:&quot;evo_location_lb_32&quot;,&quot;additional_class&quot;:&quot;lb_max&quot;,&quot;title&quot;:&quot;Pampeago&quot;},&quot;adata&quot;:{&quot;a&quot;:&quot;eventon_get_tax_card_content&quot;,&quot;end&quot;:&quot;client&quot;,&quot;data&quot;:{&quot;lang&quot;:&quot;L2&quot;,&quot;term_id&quot;:32,&quot;tax&quot;:&quot;event_location&quot;,&quot;load_lbcontent&quot;:true}},&quot;uid&quot;:&quot;eventon_get_tax_card_content&quot;}\" >Other Events<i class='fa fa-chevron-right' aria-hidden='true'><\/i><\/span><\/div><\/div>\n\t\t\n\t<\/div><\/div><\/div><!-- row close --><div class='evocard_row'><div id='event_addtocal' class='evocard_box addtocal' data-c='' \n\t\t\t\t\tstyle=''><div class='evo_metarow_ICS evorow evcal_evdata_row'>\n\t\t\t<span class='evcal_evdata_icons'><i class='fa fa-calendar-o'><\/i><\/span>\n\t\t\t<div class='evcal_evdata_cell'>\n\t\t\t\t<p><a href='https:\/\/latemarium.com\/de\/export-events\/2154_22\/?key=f55e99e6ee' rel='nofollow' class='evo_ics_nCal' title='Zu Ihrem Kalender hinzuf\u00fcgen'>Kalender<\/a><a href='https:\/\/www.google.com\/calendar\/event?action=TEMPLATE&text=Die%20Ger%C3%A4usche%20und%20das%20Leben%20der%20Malga&dates=20260907T132000Z\/20260907T215900Z&ctz=Europe%2FRome&details=Die%20Ger%C3%A4usche%20und%20das%20Leben%20der%20Malga&location=Pampeago%20Localit%C3%A0%20Pampeago%2C%208%2C%2038038%20Tesero%20TN' target='_blank' rel='nofollow' class='evo_ics_gCal' title='Zu Google Kalender hinzuf\u00fcgen'>GoogleCal<\/a><\/p>\t\n\t\t\t<\/div>\n\t\t<\/div><\/div><\/div><!-- row close --><div class='evocard_row'><div id='event_getdirection' class='evocard_box getdirection' data-c='' \n\t\t\t\t\tstyle=''><div class='evo_metarow_getDr evorow evcal_evdata_row evcal_evrow_sm getdirections'>\n\t\t<form action='https:\/\/maps.google.com\/maps' method='get' target='_blank'>\n\t\t\t<input type='hidden' name='daddr' value=\"Localit\u00e0 Pampeago, 8, 38038 Tesero TN\"\/> \n\t\t\t<div class='evo_get_direction_content evo_fx_dr_r evogap10'>\n\t\t\t\t<span class='evogetdir_header evodfx evofxdrr evofxaic evogap10'>\n\t\t\t\t\t<i class='mainicon fa fa-road evofz24i'><\/i> \n\t\t\t\t\t<h3 class='evo_h3 evopad0i' style='padding-bottom:5px;'>Wegbeschreibung abrufen<\/h3>\n\t\t\t\t<\/span>\n\t\t\t\t<span class='evogetdir_field evodfx evofx_1_1 evow100p'>\t\n\t\t\t\t\t<label for='6a9c46be53b70' class='evo_aria_ready sr-only'>Address - Die Ger\u00e4usche und das Leben der Malga []<\/label>\t\t\t\t\n\t\t\t\t\t<input id='6a9c46be53b70' class='evo_aria_ready_match evoInput2 evobr10 evow100p evopad10 evoff_2 evofz14i evobrdB1 evoboxbb' type='text' name='saddr' placeholder='&quot;Geben Sie die Adresse ein' value='' style='' aria-label='Address - Die Ger\u00e4usche und das Leben der Malga []' \/>\n\t\t\t\t<\/span>\n\t\t\t\t<div class='evodfx evofxdrr evofxaic evogap10'>\n\t\t\t\t\t<i class='fa fa-location-dot'><\/i>\n\t\t\t\t\t<div class='evoposr evofx_1 evoh100p'><label for='6a9c46be53b70' class='evo_aria_ready sr-only'>Destination Address - Die Ger\u00e4usche und das Leben der Malga []<\/label>\t\t\n\t\t\t\t\t\t<input id='6a9c46be53b70' class='evo_aria_ready_match evoInput2 evobr10 evow100p evopad5-10 evoff_2 evofz14i evobrdB1 evoop5 evoboxbb evoh100p' type='text' style='' readonly value='Localit\u00e0 Pampeago, 8, 38038 Tesero TN' aria-label='Destination Address - Die Ger\u00e4usche und das Leben der Malga []'\/><button class='evo_copy_address evobuttonA evocurp evohoop7 evoposa evopad5' style='right: 3px; top: 4px; background-color: #fff;' data-txt='Localit\u00e0 Pampeago, 8, 38038 Tesero TN' data-t='Address copied to clipboard!'><i class='far fa-copy evofz16i' title='Copy Destination Address!'><\/i><\/button>\n\t\t\t\t\t<\/div>\n\t\t\t\t\t<button type='submit' class='evo_get_direction_button evcal_btn dfx evofxaic evocurp evohoop7' title='&quot;Klicken Sie hier' style='    padding: 10px 15px !important;'><i class='fa fa-chevron-right'><\/i> <\/button>\n\t\t\t\t<\/div>\n\t\t\t<\/div>\n\t\t<\/form>\n\t<\/div><\/div><\/div><!-- row close --><button class='evo_card_row_end evcal_close' title='Schlie\u00dfen'><\/button><\/div><div class='clear end'><\/div><\/div><div id=\"event_2489_11\" class=\"eventon_list_event evo_eventtop scheduled  event clrD no_et event_2489_11\" data-event_id=\"2489\" data-ri=\"11r\" data-time=\"1788852600-1788904740\" data-colr=\"#38823b\" itemscope itemtype='http:\/\/schema.org\/Event'><div class=\"evo_event_schema\" style=\"display:none\" ><a itemprop='url'  href='https:\/\/latemarium.com\/de\/events\/respirart-kunst-und-natur\/var\/ri-11.l-L2'><\/a><meta itemprop='image' content=\"https:\/\/latemarium.com\/wp-content\/uploads\/2023\/06\/respirart-respiro-arte-natura.jpg\" \/><meta itemprop='startDate' content=\"2026-9-8T09:30+0:00\" \/><meta itemprop='endDate' content=\"2026-9-8T23:59+0:00\" \/><meta itemprop='eventStatus' content=\"https:\/\/schema.org\/EventScheduled\" \/><meta itemprop='eventAttendanceMode'   itemscope itemtype=\"https:\/\/schema.org\/OfflineEventAttendanceMode\"\/><div style=\"display:none\" itemprop=\"location\" itemscope itemtype=\"http:\/\/schema.org\/Place\"><span itemprop=\"name\">Pampeago<\/span><span itemprop=\"address\" itemscope itemtype=\"http:\/\/schema.org\/PostalAddress\"><item itemprop=\"streetAddress\">Localit\u00e0 Pampeago, 8, 38038 Tesero TN<\/item><\/span><\/div><script type=\"application\/ld+json\">{\"@context\": \"http:\/\/schema.org\",\"@type\": \"Event\",\n\t\t\t\t\"@id\": \"event_2489_11\",\n\t\t\t\t\"eventAttendanceMode\":\"https:\/\/schema.org\/OfflineEventAttendanceMode\",\n\t\t\t\t\"eventStatus\":\"https:\/\/schema.org\/EventScheduled\",\n\t\t\t\t\"name\": \"Respirart: Kunst und Natur\",\n\t\t\t\t\"url\": \"https:\/\/latemarium.com\/de\/events\/respirart-kunst-und-natur\/var\/ri-11.l-L2\",\n\t\t\t\t\"startDate\": \"2026-9-8T09:30+0:00\",\n\t\t\t\t\"endDate\": \"2026-9-8T23:59+0:00\",\n\t\t\t\t\"image\":\"https:\/\/latemarium.com\/wp-content\/uploads\/2023\/06\/respirart-respiro-arte-natura.jpg\", \n\t\t\t\t\"description\":\"<h2>Kunst in der H\u00f6he: Entdeckungsreise durch RespirArt zwischen Natur und Installationen<\/h2> <p><span data-sheets-value='{&quot;1&quot;:2,&quot;2&quot;:&quot;Es beginnt um 9.30 Uhr vor dem Agnello-Sessellift-Seminovia, wo Sie den k\u00fcnstlerischen F\u00fchrer treffen, der Ihnen die Samen liefert und Sie bei der Aussaat von Blumen von oben begleitet, um Blumen zu erzeugen und so die Erde, die Bienen, die Ziegen und die K\u00fche Anschlie\u00dfend f\u00fchrt Sie der F\u00fchrer zu den Kunstwerken im Park. Auf dem 3 km langen Rundgang entdecken Sie die Inspirationen der K\u00fcnstler, die in Anwesenheit des Latemar k\u00fcnstlerische Gesten schufen.\\r\\nAktivit\u00e4t f\u00fcr Erwachsene geeignet\\r\\nKostenlose Aktivit\u00e4t (ohne Liftticket)\\r\\n&quot;}' data-sheets-userformat='{&quot;2&quot;:15235,&quot;3&quot;:{&quot;1&quot;:0},&quot;4&quot;:{&quot;1&quot;:2,&quot;2&quot;:15987699},&quot;10&quot;:1,&quot;11&quot;:1,&quot;12&quot;:0,&quot;14&quot;:{&quot;1&quot;:2,&quot;2&quot;:5592405},&quot;15&quot;:&quot;Roboto&quot;,&quot;16&quot;:10}'>Es beginnt um 9.30 Uhr vor dem Agnello-Sessellift-&#8220;Seminovia&#8221;, wo Sie den k\u00fcnstlerischen F\u00fchrer treffen, der Ihnen die Samen liefert und Sie bei der Aussaat von Blumen von oben begleitet, um Blumen zu erzeugen und so die Erde, die Bienen, die Ziegen und die K\u00fche. <\/span><\/p> <p><span data-sheets-value='{&quot;1&quot;:2,&quot;2&quot;:&quot;Es beginnt um 9.30 Uhr vor dem Agnello-Sessellift-Seminovia, wo Sie den k\u00fcnstlerischen F\u00fchrer treffen, der Ihnen die Samen liefert und Sie bei der Aussaat von Blumen von oben begleitet, um Blumen zu erzeugen und so die Erde, die Bienen, die Ziegen und die K\u00fche Anschlie\u00dfend f\u00fchrt Sie der F\u00fchrer zu den Kunstwerken im Park. Auf dem 3 km langen Rundgang entdecken Sie die Inspirationen der K\u00fcnstler, die in Anwesenheit des Latemar k\u00fcnstlerische Gesten schufen.\\r\\nAktivit\u00e4t f\u00fcr Erwachsene geeignet\\r\\nKostenlose Aktivit\u00e4t (ohne Liftticket)\\r\\n&quot;}' data-sheets-userformat='{&quot;2&quot;:15235,&quot;3&quot;:{&quot;1&quot;:0},&quot;4&quot;:{&quot;1&quot;:2,&quot;2&quot;:15987699},&quot;10&quot;:1,&quot;11&quot;:1,&quot;12&quot;:0,&quot;14&quot;:{&quot;1&quot;:2,&quot;2&quot;:5592405},&quot;15&quot;:&quot;Roboto&quot;,&quot;16&quot;:10}'>Anschlie\u00dfend f\u00fchrt Sie der F\u00fchrer zu den Kunstwerken im Park. Auf dem 3 km langen Rundgang entdecken Sie die Inspirationen der K\u00fcnstler, die in Anwesenheit des Latemar k\u00fcnstlerische Gesten schufen. <\/span><\/p> <p><span data-sheets-value='{&quot;1&quot;:2,&quot;2&quot;:&quot;Es beginnt um 9.30 Uhr vor dem Agnello-Sessellift-Seminovia, wo Sie den k\u00fcnstlerischen F\u00fchrer treffen, der Ihnen die Samen liefert und Sie bei der Aussaat von Blumen von oben begleitet, um Blumen zu erzeugen und so die Erde, die Bienen, die Ziegen und die K\u00fche Anschlie\u00dfend f\u00fchrt Sie der F\u00fchrer zu den Kunstwerken im Park. Auf dem 3 km langen Rundgang entdecken Sie die Inspirationen der K\u00fcnstler, die in Anwesenheit des Latemar k\u00fcnstlerische Gesten schufen.\\r\\nAktivit\u00e4t f\u00fcr Erwachsene geeignet\\r\\nKostenlose Aktivit\u00e4t (ohne Liftticket)\\r\\n&quot;}' data-sheets-userformat='{&quot;2&quot;:15235,&quot;3&quot;:{&quot;1&quot;:0},&quot;4&quot;:{&quot;1&quot;:2,&quot;2&quot;:15987699},&quot;10&quot;:1,&quot;11&quot;:1,&quot;12&quot;:0,&quot;14&quot;:{&quot;1&quot;:2,&quot;2&quot;:5592405},&quot;15&quot;:&quot;Roboto&quot;,&quot;16&quot;:10}'>Aktivit\u00e4t f\u00fcr Erwachsene.<\/span><\/p> <p><a href='https:\/\/www.visitfiemme.it\/de\/veranstaltungen\/fiemme-cembra-guest-card\/erlebnisse\/erlebnisse-sommer' target='_blank' rel='noopener'>Reservierung erforderlich<\/a>.<\/p> \",\"location\":[{\"@type\":\"Place\",\"name\":\"Pampeago\",\"address\":{\"@type\": \"PostalAddress\",\"streetAddress\":\"Localit\u00e0 Pampeago, 8, 38038 Tesero TN\"}}]}<\/script><\/div>\r\n\t\t\t\t<p class=\"desc_trig_outter\" style=\"\"><a data-gmtrig=\"1\" data-exlk=\"0\" style=\"background-color: #38823b;\" id=\"evc_17888526002489\" href=\"#\" class=\"hasFtIMG event_repeat desc_trig sin_val evcal_list_a\" data-ux_val=\"3\" data-ux_val_mob=\"-\"  ><span class='evoet_in'><span class='evoet_c1 evoet_cx '><span class='evoet_cy ev_ftImg evotrans imgFxdef' data-img='https:\/\/latemarium.com\/wp-content\/uploads\/2023\/06\/respirart-respiro-arte-natura.jpg' data-thumb='https:\/\/latemarium.com\/wp-content\/uploads\/2023\/06\/respirart-respiro-arte-natura-300x201.jpg' style='background-image:url(\"https:\/\/latemarium.com\/wp-content\/uploads\/2023\/06\/respirart-respiro-arte-natura-300x201.jpg\")' ><\/span><\/span><span class='evoet_c2 evoet_cx '><span class='evoet_dayblock evcal_cblock ' data-bgcolor='#38823b' data-smon='September' data-syr='2026' data-bub=''><span class='evo_start  evofxdrc'><em class='date'>08<\/em><em class='month'>Sep<\/em><em class='time'>09:30<\/em><\/span><\/span><\/span><span class='evoet_c3 evoet_cx evcal_desc hide_eventtopdata '><span class='evoet_title evcal_desc2 evcal_event_title ' itemprop='name'>Respirart: Kunst und Natur<\/span><span class='event_location_attrs evodni'  data-location_address=\"Localit\u00e0 Pampeago, 8, 38038 Tesero TN\" data-location_type=\"lonlat\" data-location_name=\"Pampeago\" data-location_url=\"https:\/\/latemarium.com\/de\/event-location\/pampeago-de\/\" data-location_status=\"true\" data-locid=\"32\" data-latlng=\"46.34343697644898,11.540997527961546\"><\/span><span class='evoet_cy evoet_subtitle evo_below_title' ><span class='evcal_event_subtitle ' >ENTDECKUNG DER KUNSTPARKS: RESPIRART<\/span><\/span><span class='evoet_cy evoet_time_expand level_3'><em class='evcal_time evo_tz_time'><i class='fa fa-clock-o'><\/i>09:30<span class='evo_tz marl5'>(GMT+02:00)<\/span><\/em> <\/span><span class='evoet_location level_3'><em class=\"evcal_location\"  data-latlng=\"46.34343697644898,11.540997527961546\" data-add_str=\"Localit\u00e0 Pampeago, 8, 38038 Tesero TN\" data-n=\"Pampeago\"><i class=\"fa fa-location-pin\"><\/i><em class=\"event_location_name\">Pampeago<\/em>, Localit\u00e0 Pampeago, 8, 38038 Tesero TN<\/em><\/span><\/span><\/span><span class='evoet_data' style='display:none' data-d=\"{&quot;loc.n&quot;:&quot;Pampeago&quot;,&quot;orgs&quot;:[],&quot;tags&quot;:{&quot;repeating&quot;:&quot;Repeating Event&quot;}}\" data-bgc=\"#38823b\" data-bggrad=\"\" ><\/span><\/a><\/p><div class='event_description evcal_eventcard ' style=\"display:none\"><div class='evocard_row'><div id='event_ftimage' class='evocard_box ftimage' data-c='' \n\t\t\t\t\tstyle=''><div class='evocard_main_image_hold' data-t='Loading Image..'><div class='evocard_main_image evo_img_triglb evocd_img_minmized evobr15 evobgsc evobgpc evodfx evofx_jc_c evofx_ai_c evofz48 minmized' style='height:300px; background-image:url();' data-f=\"https:\/\/latemarium.com\/wp-content\/uploads\/2023\/06\/respirart-respiro-arte-natura.jpg\" data-h=\"602\" data-w=\"899\" data-ratio=\"0.66963292547275\" data-event_id=\"2489\" data-ri=\"11\"  data-t='Loading Image..'><span style='height:300px; background-image:url(https:\/\/latemarium.com\/wp-content\/uploads\/2023\/06\/respirart-respiro-arte-natura.jpg)'><\/span><\/div><\/div><\/div><\/div><!-- row close --><div class='evocard_row'><div id='event_eventdetails' class='evocard_box eventdetails' data-c='' \n\t\t\t\t\tstyle=''><div class=\"evo_metarow_details evorow evcal_evdata_row evcal_event_details\">\n    <div class=\"event_excerpt\" style=\"display:none\"><h3 class=\"padb5 evo_h3\">Details zur Veranstaltung<\/h3><p>Kunst in der H\u00f6he: Entdeckungsreise durch RespirArt zwischen Natur und Installationen<\/p><\/div><span class='evcal_evdata_icons'><i class='fa fa-align-justify'><\/i><\/span>    <div class=\"evcal_evdata_cell shorter_desc\">\n        <div class=\"eventon_full_description\">\n            <h3 class=\"padb5 evo_h3\"><span class='evcal_evdata_icons'><i class='fa fa-align-justify'><\/i><\/span>Details zur Veranstaltung<\/h3>\n            <div class=\"eventon_desc_in\" itemprop=\"description\">\n                <h2>Kunst in der H\u00f6he: Entdeckungsreise durch RespirArt zwischen Natur und Installationen<\/h2>\n<p><span data-sheets-value=\"{&quot;1&quot;:2,&quot;2&quot;:&quot;Es beginnt um 9.30 Uhr vor dem Agnello-Sessellift-Seminovia, wo Sie den k\u00fcnstlerischen F\u00fchrer treffen, der Ihnen die Samen liefert und Sie bei der Aussaat von Blumen von oben begleitet, um Blumen zu erzeugen und so die Erde, die Bienen, die Ziegen und die K\u00fche Anschlie\u00dfend f\u00fchrt Sie der F\u00fchrer zu den Kunstwerken im Park. Auf dem 3 km langen Rundgang entdecken Sie die Inspirationen der K\u00fcnstler, die in Anwesenheit des Latemar k\u00fcnstlerische Gesten schufen.rnAktivit\u00e4t f\u00fcr Erwachsene geeignetrnKostenlose Aktivit\u00e4t (ohne Liftticket)rn&quot;}\" data-sheets-userformat=\"{&quot;2&quot;:15235,&quot;3&quot;:{&quot;1&quot;:0},&quot;4&quot;:{&quot;1&quot;:2,&quot;2&quot;:15987699},&quot;10&quot;:1,&quot;11&quot;:1,&quot;12&quot;:0,&quot;14&quot;:{&quot;1&quot;:2,&quot;2&quot;:5592405},&quot;15&quot;:&quot;Roboto&quot;,&quot;16&quot;:10}\">Es beginnt um 9.30 Uhr vor dem Agnello-Sessellift-&#8220;Seminovia&#8221;, wo Sie den k\u00fcnstlerischen F\u00fchrer treffen, der Ihnen die Samen liefert und Sie bei der Aussaat von Blumen von oben begleitet, um Blumen zu erzeugen und so die Erde, die Bienen, die Ziegen und die K\u00fche. <\/span><\/p>\n<p><span data-sheets-value=\"{&quot;1&quot;:2,&quot;2&quot;:&quot;Es beginnt um 9.30 Uhr vor dem Agnello-Sessellift-Seminovia, wo Sie den k\u00fcnstlerischen F\u00fchrer treffen, der Ihnen die Samen liefert und Sie bei der Aussaat von Blumen von oben begleitet, um Blumen zu erzeugen und so die Erde, die Bienen, die Ziegen und die K\u00fche Anschlie\u00dfend f\u00fchrt Sie der F\u00fchrer zu den Kunstwerken im Park. Auf dem 3 km langen Rundgang entdecken Sie die Inspirationen der K\u00fcnstler, die in Anwesenheit des Latemar k\u00fcnstlerische Gesten schufen.rnAktivit\u00e4t f\u00fcr Erwachsene geeignetrnKostenlose Aktivit\u00e4t (ohne Liftticket)rn&quot;}\" data-sheets-userformat=\"{&quot;2&quot;:15235,&quot;3&quot;:{&quot;1&quot;:0},&quot;4&quot;:{&quot;1&quot;:2,&quot;2&quot;:15987699},&quot;10&quot;:1,&quot;11&quot;:1,&quot;12&quot;:0,&quot;14&quot;:{&quot;1&quot;:2,&quot;2&quot;:5592405},&quot;15&quot;:&quot;Roboto&quot;,&quot;16&quot;:10}\">Anschlie\u00dfend f\u00fchrt Sie der F\u00fchrer zu den Kunstwerken im Park. Auf dem 3 km langen Rundgang entdecken Sie die Inspirationen der K\u00fcnstler, die in Anwesenheit des Latemar k\u00fcnstlerische Gesten schufen. <\/span><\/p>\n<p><span data-sheets-value=\"{&quot;1&quot;:2,&quot;2&quot;:&quot;Es beginnt um 9.30 Uhr vor dem Agnello-Sessellift-Seminovia, wo Sie den k\u00fcnstlerischen F\u00fchrer treffen, der Ihnen die Samen liefert und Sie bei der Aussaat von Blumen von oben begleitet, um Blumen zu erzeugen und so die Erde, die Bienen, die Ziegen und die K\u00fche Anschlie\u00dfend f\u00fchrt Sie der F\u00fchrer zu den Kunstwerken im Park. Auf dem 3 km langen Rundgang entdecken Sie die Inspirationen der K\u00fcnstler, die in Anwesenheit des Latemar k\u00fcnstlerische Gesten schufen.rnAktivit\u00e4t f\u00fcr Erwachsene geeignetrnKostenlose Aktivit\u00e4t (ohne Liftticket)rn&quot;}\" data-sheets-userformat=\"{&quot;2&quot;:15235,&quot;3&quot;:{&quot;1&quot;:0},&quot;4&quot;:{&quot;1&quot;:2,&quot;2&quot;:15987699},&quot;10&quot;:1,&quot;11&quot;:1,&quot;12&quot;:0,&quot;14&quot;:{&quot;1&quot;:2,&quot;2&quot;:5592405},&quot;15&quot;:&quot;Roboto&quot;,&quot;16&quot;:10}\">Aktivit\u00e4t f\u00fcr Erwachsene.<\/span><\/p>\n<p><a href=\"https:\/\/www.visitfiemme.it\/de\/veranstaltungen\/fiemme-cembra-guest-card\/erlebnisse\/erlebnisse-sommer\" target=\"_blank\" rel=\"noopener\">Reservierung erforderlich<\/a>.<\/p>\n            <\/div>\n            <p class='eventon_shad_p' style='padding:5px 0 0; margin:0'><button class='evcal_btn evo_btn_secondary evobtn_details_show_more' content='less' aria-label='Mehr' aria-expanded='false'><span class='ev_more_text' data-txt='Weniger'>Mehr<\/span><span class='ev_more_arrow ard'><\/span><\/button><\/p><div class='clear'><\/div>        <\/div>\n    <\/div>\n<\/div><\/div><\/div><!-- row close --><div class='evocard_row bx2 bx'><div id='event_time' class='evocard_box time' data-c='' \n\t\t\t\t\tstyle=''><div class='evo_metarow_time evorow evcal_evdata_row evcal_evrow_sm '>\n\t\t<span class='evcal_evdata_icons'><i class='fa fa-clock'><\/i><\/span>\n\t\t<div class='evcal_evdata_cell'>\t\t\t\t\t\t\t\n\t\t\t<h3 class='evo_h3'><span class='evcal_evdata_icons'><i class='fa fa-clock'><\/i><\/span>Zeitplan<\/h3><div><span class='evo_eventcard_time_t evogap5 evofxww'><span class=\"start\">8 September 2026<\/span> <span class=\"stime\">09:30<\/span><\/span><span class='evo_tz marr5'>(GMT+02:00)<\/span><\/div>\n\t\t<\/div>\n\t<\/div><\/div><div id='event_location' class='evocard_box location' data-c='' \n\t\t\t\t\tstyle=''><div class='evcal_evdata_row evo_metarow_time_location evorow '>\n\t\t\n\t\t\t<span class='evcal_evdata_icons'><i class='fa fa-map-marker'><\/i><\/span>\n\t\t\t<div class='evcal_evdata_cell' data-loc_tax_id='32'><h3 class='evo_h3 evodfx'><span class='evcal_evdata_icons'><i class='fa fa-map-marker'><\/i><\/span>Ort<\/h3><p class='evo_location_name'>Pampeago<\/p><p class='evo_location_address evodfxi evogap10'>Localit\u00e0 Pampeago, 8, 38038 Tesero TN<\/p><div class='padt10'><span class='evo_btn_arr evolb_trigger' data-lbvals=\"{&quot;lbdata&quot;:{&quot;class&quot;:&quot;evo_location_lb_32&quot;,&quot;additional_class&quot;:&quot;lb_max&quot;,&quot;title&quot;:&quot;Pampeago&quot;},&quot;adata&quot;:{&quot;a&quot;:&quot;eventon_get_tax_card_content&quot;,&quot;end&quot;:&quot;client&quot;,&quot;data&quot;:{&quot;lang&quot;:&quot;L2&quot;,&quot;term_id&quot;:32,&quot;tax&quot;:&quot;event_location&quot;,&quot;load_lbcontent&quot;:true}},&quot;uid&quot;:&quot;eventon_get_tax_card_content&quot;}\" >Other Events<i class='fa fa-chevron-right' aria-hidden='true'><\/i><\/span><\/div><\/div>\n\t\t\n\t<\/div><\/div><\/div><!-- row close --><div class='evocard_row'><div id='event_addtocal' class='evocard_box addtocal' data-c='' \n\t\t\t\t\tstyle=''><div class='evo_metarow_ICS evorow evcal_evdata_row'>\n\t\t\t<span class='evcal_evdata_icons'><i class='fa fa-calendar-o'><\/i><\/span>\n\t\t\t<div class='evcal_evdata_cell'>\n\t\t\t\t<p><a href='https:\/\/latemarium.com\/de\/export-events\/2489_11\/?key=f55e99e6ee' rel='nofollow' class='evo_ics_nCal' title='Zu Ihrem Kalender hinzuf\u00fcgen'>Kalender<\/a><a href='https:\/\/www.google.com\/calendar\/event?action=TEMPLATE&text=Respirart%3A%20Kunst%20und%20Natur&dates=20260908T073000Z\/20260908T215900Z&ctz=Europe%2FRome&details=Respirart%3A%20Kunst%20und%20Natur&location=Pampeago%20Localit%C3%A0%20Pampeago%2C%208%2C%2038038%20Tesero%20TN' target='_blank' rel='nofollow' class='evo_ics_gCal' title='Zu Google Kalender hinzuf\u00fcgen'>GoogleCal<\/a><\/p>\t\n\t\t\t<\/div>\n\t\t<\/div><\/div><\/div><!-- row close --><div class='evocard_row'><div id='event_getdirection' class='evocard_box getdirection' data-c='' \n\t\t\t\t\tstyle=''><div class='evo_metarow_getDr evorow evcal_evdata_row evcal_evrow_sm getdirections'>\n\t\t<form action='https:\/\/maps.google.com\/maps' method='get' target='_blank'>\n\t\t\t<input type='hidden' name='daddr' value=\"Localit\u00e0 Pampeago, 8, 38038 Tesero TN\"\/> \n\t\t\t<div class='evo_get_direction_content evo_fx_dr_r evogap10'>\n\t\t\t\t<span class='evogetdir_header evodfx evofxdrr evofxaic evogap10'>\n\t\t\t\t\t<i class='mainicon fa fa-road evofz24i'><\/i> \n\t\t\t\t\t<h3 class='evo_h3 evopad0i' style='padding-bottom:5px;'>Wegbeschreibung abrufen<\/h3>\n\t\t\t\t<\/span>\n\t\t\t\t<span class='evogetdir_field evodfx evofx_1_1 evow100p'>\t\n\t\t\t\t\t<label for='6a9c46be543a3' class='evo_aria_ready sr-only'>Address - Respirart: Kunst und Natur []<\/label>\t\t\t\t\n\t\t\t\t\t<input id='6a9c46be543a3' class='evo_aria_ready_match evoInput2 evobr10 evow100p evopad10 evoff_2 evofz14i evobrdB1 evoboxbb' type='text' name='saddr' placeholder='&quot;Geben Sie die Adresse ein' value='' style='' aria-label='Address - Respirart: Kunst und Natur []' \/>\n\t\t\t\t<\/span>\n\t\t\t\t<div class='evodfx evofxdrr evofxaic evogap10'>\n\t\t\t\t\t<i class='fa fa-location-dot'><\/i>\n\t\t\t\t\t<div class='evoposr evofx_1 evoh100p'><label for='6a9c46be543a3' class='evo_aria_ready sr-only'>Destination Address - Respirart: Kunst und Natur []<\/label>\t\t\n\t\t\t\t\t\t<input id='6a9c46be543a3' class='evo_aria_ready_match evoInput2 evobr10 evow100p evopad5-10 evoff_2 evofz14i evobrdB1 evoop5 evoboxbb evoh100p' type='text' style='' readonly value='Localit\u00e0 Pampeago, 8, 38038 Tesero TN' aria-label='Destination Address - Respirart: Kunst und Natur []'\/><button class='evo_copy_address evobuttonA evocurp evohoop7 evoposa evopad5' style='right: 3px; top: 4px; background-color: #fff;' data-txt='Localit\u00e0 Pampeago, 8, 38038 Tesero TN' data-t='Address copied to clipboard!'><i class='far fa-copy evofz16i' title='Copy Destination Address!'><\/i><\/button>\n\t\t\t\t\t<\/div>\n\t\t\t\t\t<button type='submit' class='evo_get_direction_button evcal_btn dfx evofxaic evocurp evohoop7' title='&quot;Klicken Sie hier' style='    padding: 10px 15px !important;'><i class='fa fa-chevron-right'><\/i> <\/button>\n\t\t\t\t<\/div>\n\t\t\t<\/div>\n\t\t<\/form>\n\t<\/div><\/div><\/div><!-- row close --><button class='evo_card_row_end evcal_close' title='Schlie\u00dfen'><\/button><\/div><div class='clear end'><\/div><\/div><div id=\"event_2107_11\" class=\"eventon_list_event evo_eventtop scheduled  event clrW no_et event_2107_11\" data-event_id=\"2107\" data-ri=\"11r\" data-time=\"1788867000-1788904740\" data-colr=\"#facd05\" itemscope itemtype='http:\/\/schema.org\/Event'><div class=\"evo_event_schema\" style=\"display:none\" ><a itemprop='url'  href='https:\/\/latemarium.com\/de\/events\/mindful-latemar\/var\/ri-11.l-L2'><\/a><meta itemprop='image' content=\"https:\/\/latemarium.com\/wp-content\/uploads\/2023\/06\/\u00a9Obereggen_LatemarAG.SpA_Mindful.Latemar_Ph.Guenther.Pichler_06.jpg\" \/><meta itemprop='startDate' content=\"2026-9-8T13:30+0:00\" \/><meta itemprop='endDate' content=\"2026-9-8T23:59+0:00\" \/><meta itemprop='eventStatus' content=\"https:\/\/schema.org\/EventScheduled\" \/><meta itemprop='eventAttendanceMode'   itemscope itemtype=\"https:\/\/schema.org\/OfflineEventAttendanceMode\"\/><div style=\"display:none\" itemprop=\"location\" itemscope itemtype=\"http:\/\/schema.org\/Place\"><span itemprop=\"name\">Talstation Obereggen<\/span><span itemprop=\"address\" itemscope itemtype=\"http:\/\/schema.org\/PostalAddress\"><item itemprop=\"streetAddress\">Obereggen 16 I-39050 Deutschnofen (BZ)<\/item><\/span><\/div><script type=\"application\/ld+json\">{\"@context\": \"http:\/\/schema.org\",\"@type\": \"Event\",\n\t\t\t\t\"@id\": \"event_2107_11\",\n\t\t\t\t\"eventAttendanceMode\":\"https:\/\/schema.org\/OfflineEventAttendanceMode\",\n\t\t\t\t\"eventStatus\":\"https:\/\/schema.org\/EventScheduled\",\n\t\t\t\t\"name\": \"Mindful.Latemar\",\n\t\t\t\t\"url\": \"https:\/\/latemarium.com\/de\/events\/mindful-latemar\/var\/ri-11.l-L2\",\n\t\t\t\t\"startDate\": \"2026-9-8T13:30+0:00\",\n\t\t\t\t\"endDate\": \"2026-9-8T23:59+0:00\",\n\t\t\t\t\"image\":\"https:\/\/latemarium.com\/wp-content\/uploads\/2023\/06\/\u00a9Obereggen_LatemarAG.SpA_Mindful.Latemar_Ph.Guenther.Pichler_06.jpg\", \n\t\t\t\t\"description\":\"<p>Mindful.Latemar befindet sich in Obereggen entlang des <strong>Rundweges auf dem Golfrion<\/strong>, am Fu\u00dfe der Dolomiten auf 1872 Metern Meeresh\u00f6he.<\/p> <p>Der Weg beinhaltet <strong>18 verschiedene Mindfulness-\u00dcbungen<\/strong> an einem besonderen Ort, der nach dem Sturm Vaia im November 2018 ein Beispiel f\u00fcr Best\u00e4ndigkeit und Resilienz wurde.<\/p> <h3 class='wysiwyg__subline'>Dr. Thomas Bernagozzi begleitet dich immer dienstags:<\/h3> <div class='wysiwyg__description'> <p>von 13.30 bis 15.30 Uhr (auf Deutsch )<br \/> von 15.45 bis 17.45 Uhr (auf Italienisch)<\/p> <ul> <li>Treffpunkt: Talstation der Kabinenbahn &#8220;Obereggen-Ochsenweide&#8221;<\/li> <li>Kosten: 30 Euro inklusive der Berg- und Talfahrt<\/li> <li>Anmeldung online:\u00a0<a href='https:\/\/eggental.com\/de\/ajax-events#11944' target='_blank' rel='noopener'><strong><u>Eggental Tourismus<\/u><\/strong><\/a>\u00a0(max. 10 Personen)<\/li> <\/ul> <\/div> \",\"location\":[{\"@type\":\"Place\",\"name\":\"Talstation Obereggen\",\"address\":{\"@type\": \"PostalAddress\",\"streetAddress\":\"Obereggen 16 I-39050 Deutschnofen (BZ)\"}}]}<\/script><\/div>\r\n\t\t\t\t<p class=\"desc_trig_outter\" style=\"\"><a data-gmtrig=\"1\" data-exlk=\"0\" style=\"background-color: #facd05;\" id=\"evc_17888670002107\" href=\"#\" class=\"hasFtIMG event_repeat desc_trig sin_val evcal_list_a\" data-ux_val=\"3\" data-ux_val_mob=\"-\"  ><span class='evoet_in'><span class='evoet_c1 evoet_cx '><span class='evoet_cy ev_ftImg evotrans imgFxdef' data-img='https:\/\/latemarium.com\/wp-content\/uploads\/2023\/06\/\u00a9Obereggen_LatemarAG.SpA_Mindful.Latemar_Ph.Guenther.Pichler_06.jpg' data-thumb='https:\/\/latemarium.com\/wp-content\/uploads\/2023\/06\/\u00a9Obereggen_LatemarAG.SpA_Mindful.Latemar_Ph.Guenther.Pichler_06-300x169.jpg' style='background-image:url(\"https:\/\/latemarium.com\/wp-content\/uploads\/2023\/06\/\u00a9Obereggen_LatemarAG.SpA_Mindful.Latemar_Ph.Guenther.Pichler_06-300x169.jpg\")' ><\/span><\/span><span class='evoet_c2 evoet_cx '><span class='evoet_dayblock evcal_cblock ' data-bgcolor='#facd05' data-smon='September' data-syr='2026' data-bub=''><span class='evo_start  evofxdrc'><em class='date'>08<\/em><em class='month'>Sep<\/em><em class='time'>13:30<\/em><\/span><\/span><\/span><span class='evoet_c3 evoet_cx evcal_desc hide_eventtopdata '><span class='evoet_title evcal_desc2 evcal_event_title ' itemprop='name'>Mindful.Latemar<\/span><span class='event_location_attrs evodni'  data-location_address=\"Obereggen 16 I-39050 Deutschnofen (BZ)\" data-location_type=\"lonlat\" data-location_name=\"Talstation Obereggen\" data-location_url=\"https:\/\/latemarium.com\/de\/event-location\/talstation-obereggen\/\" data-location_status=\"true\" data-locid=\"23\" data-latlng=\"46.3835808246333,11.52667595881786\"><\/span><span class='evoet_cy evoet_subtitle evo_below_title' ><span class='evcal_event_subtitle ' >Mindful.Latemar ist der erste immersive Achtsamkeitspfad in den Alpen.<\/span><\/span><span class='evoet_cy evoet_time_expand level_3'><em class='evcal_time evo_tz_time'><i class='fa fa-clock-o'><\/i>13:30<span class='evo_tz marl5'>(GMT+02:00)<\/span><\/em> <\/span><span class='evoet_location level_3'><em class=\"evcal_location\"  data-latlng=\"46.3835808246333,11.52667595881786\" data-add_str=\"Obereggen 16 I-39050 Deutschnofen (BZ)\" data-n=\"Talstation Obereggen\"><i class=\"fa fa-location-pin\"><\/i><em class=\"event_location_name\">Talstation Obereggen<\/em>, Obereggen 16 I-39050 Deutschnofen (BZ)<\/em><\/span><\/span><\/span><span class='evoet_data' style='display:none' data-d=\"{&quot;loc.n&quot;:&quot;Talstation Obereggen&quot;,&quot;orgs&quot;:[],&quot;tags&quot;:{&quot;repeating&quot;:&quot;Repeating Event&quot;}}\" data-bgc=\"#facd05\" data-bggrad=\"\" ><\/span><\/a><\/p><div class='event_description evcal_eventcard ' style=\"display:none\"><div class='evocard_row'><div id='event_ftimage' class='evocard_box ftimage' data-c='' \n\t\t\t\t\tstyle=''><div class='evocard_main_image_hold' data-t='Loading Image..'><div class='evocard_main_image evo_img_triglb evocd_img_minmized evobr15 evobgsc evobgpc evodfx evofx_jc_c evofx_ai_c evofz48 minmized' style='height:300px; background-image:url();' data-f=\"https:\/\/latemarium.com\/wp-content\/uploads\/2023\/06\/\u00a9Obereggen_LatemarAG.SpA_Mindful.Latemar_Ph.Guenther.Pichler_06.jpg\" data-h=\"812\" data-w=\"1445\" data-ratio=\"0.56193771626298\" data-event_id=\"2107\" data-ri=\"11\"  data-t='Loading Image..'><span style='height:300px; background-image:url(https:\/\/latemarium.com\/wp-content\/uploads\/2023\/06\/\u00a9Obereggen_LatemarAG.SpA_Mindful.Latemar_Ph.Guenther.Pichler_06.jpg)'><\/span><\/div><\/div><\/div><\/div><!-- row close --><div class='evocard_row'><div id='event_eventdetails' class='evocard_box eventdetails' data-c='' \n\t\t\t\t\tstyle=''><div class=\"evo_metarow_details evorow evcal_evdata_row evcal_event_details\">\n    <div class=\"event_excerpt\" style=\"display:none\"><h3 class=\"padb5 evo_h3\">Details zur Veranstaltung<\/h3><p>Mindful.Latemar befindet sich in Obereggen entlang des Rundweges auf dem Golfrion, am Fu\u00dfe der Dolomiten auf 1872 Metern Meeresh\u00f6he.\nDer Weg beinhaltet 18 verschiedene Mindfulness-\u00dcbungen an einem besonderen Ort, der nach<\/p><\/div><span class='evcal_evdata_icons'><i class='fa fa-align-justify'><\/i><\/span>    <div class=\"evcal_evdata_cell shorter_desc\">\n        <div class=\"eventon_full_description\">\n            <h3 class=\"padb5 evo_h3\"><span class='evcal_evdata_icons'><i class='fa fa-align-justify'><\/i><\/span>Details zur Veranstaltung<\/h3>\n            <div class=\"eventon_desc_in\" itemprop=\"description\">\n                <p>Mindful.Latemar befindet sich in Obereggen entlang des <strong>Rundweges auf dem Golfrion<\/strong>, am Fu\u00dfe der Dolomiten auf 1872 Metern Meeresh\u00f6he.<\/p>\n<p>Der Weg beinhaltet <strong>18 verschiedene Mindfulness-\u00dcbungen<\/strong> an einem besonderen Ort, der nach dem Sturm Vaia im November 2018 ein Beispiel f\u00fcr Best\u00e4ndigkeit und Resilienz wurde.<\/p>\n<h3 class=\"wysiwyg__subline\">Dr. Thomas Bernagozzi begleitet dich immer dienstags:<\/h3>\n<div class=\"wysiwyg__description\">\n<p>von 13.30 bis 15.30 Uhr (auf Deutsch )<br \/>\nvon 15.45 bis 17.45 Uhr (auf Italienisch)<\/p>\n<ul>\n<li>Treffpunkt: Talstation der Kabinenbahn &#8220;Obereggen-Ochsenweide&#8221;<\/li>\n<li>Kosten: 30 Euro inklusive der Berg- und Talfahrt<\/li>\n<li>Anmeldung online:\u00a0<a href=\"https:\/\/eggental.com\/de\/ajax-events#11944\" target=\"_blank\" rel=\"noopener\"><strong><u>Eggental Tourismus<\/u><\/strong><\/a>\u00a0(max. 10 Personen)<\/li>\n<\/ul>\n<\/div>\n            <\/div>\n            <p class='eventon_shad_p' style='padding:5px 0 0; margin:0'><button class='evcal_btn evo_btn_secondary evobtn_details_show_more' content='less' aria-label='Mehr' aria-expanded='false'><span class='ev_more_text' data-txt='Weniger'>Mehr<\/span><span class='ev_more_arrow ard'><\/span><\/button><\/p><div class='clear'><\/div>        <\/div>\n    <\/div>\n<\/div><\/div><\/div><!-- row close --><div class='evocard_row bx2 bx'><div id='event_time' class='evocard_box time' data-c='' \n\t\t\t\t\tstyle=''><div class='evo_metarow_time evorow evcal_evdata_row evcal_evrow_sm '>\n\t\t<span class='evcal_evdata_icons'><i class='fa fa-clock'><\/i><\/span>\n\t\t<div class='evcal_evdata_cell'>\t\t\t\t\t\t\t\n\t\t\t<h3 class='evo_h3'><span class='evcal_evdata_icons'><i class='fa fa-clock'><\/i><\/span>Zeitplan<\/h3><div><span class='evo_eventcard_time_t evogap5 evofxww'><span class=\"start\">8 September 2026<\/span> <span class=\"stime\">13:30<\/span><\/span><span class='evo_tz marr5'>(GMT+02:00)<\/span><\/div>\n\t\t<\/div>\n\t<\/div><\/div><div id='event_location' class='evocard_box location' data-c='' \n\t\t\t\t\tstyle=''><div class='evcal_evdata_row evo_metarow_time_location evorow '>\n\t\t\n\t\t\t<span class='evcal_evdata_icons'><i class='fa fa-map-marker'><\/i><\/span>\n\t\t\t<div class='evcal_evdata_cell' data-loc_tax_id='23'><h3 class='evo_h3 evodfx'><span class='evcal_evdata_icons'><i class='fa fa-map-marker'><\/i><\/span>Ort<\/h3><p class='evo_location_name'>Talstation Obereggen<\/p><p class='evo_location_address evodfxi evogap10'>Obereggen 16 I-39050 Deutschnofen (BZ)<\/p><div class='padt10'><span class='evo_btn_arr evolb_trigger' data-lbvals=\"{&quot;lbdata&quot;:{&quot;class&quot;:&quot;evo_location_lb_23&quot;,&quot;additional_class&quot;:&quot;lb_max&quot;,&quot;title&quot;:&quot;Talstation Obereggen&quot;},&quot;adata&quot;:{&quot;a&quot;:&quot;eventon_get_tax_card_content&quot;,&quot;end&quot;:&quot;client&quot;,&quot;data&quot;:{&quot;lang&quot;:&quot;L2&quot;,&quot;term_id&quot;:23,&quot;tax&quot;:&quot;event_location&quot;,&quot;load_lbcontent&quot;:true}},&quot;uid&quot;:&quot;eventon_get_tax_card_content&quot;}\" >Other Events<i class='fa fa-chevron-right' aria-hidden='true'><\/i><\/span><\/div><\/div>\n\t\t\n\t<\/div><\/div><\/div><!-- row close --><div class='evocard_row bx2 bx'><div id='event_learnmore' class='evocard_box learnmore' data-c='' \n\t\t\t\t\tstyle=''><div class='evo_metarow_learnM evo_metarow_learnmore evorow'>\n\t\t\t\t\t\t\t<a class='evcal_evdata_row evo_clik_row ' href='https:\/\/obereggen.com\/de\/mindfullatemar' target=\"_blank\">\n\t\t\t\t\t\t\t\t<span class='evcal_evdata_icons'><i class='fa fa-link'><\/i><\/span>\n\t\t\t\t\t\t\t\t<h3 class='evo_h3'>Entdecke mehr<\/h3>\n\t\t\t\t\t\t\t<\/a>\n\t\t\t\t\t\t\t<\/div><\/div><div id='event_addtocal' class='evocard_box addtocal' data-c='' \n\t\t\t\t\tstyle=''><div class='evo_metarow_ICS evorow evcal_evdata_row'>\n\t\t\t<span class='evcal_evdata_icons'><i class='fa fa-calendar-o'><\/i><\/span>\n\t\t\t<div class='evcal_evdata_cell'>\n\t\t\t\t<p><a href='https:\/\/latemarium.com\/de\/export-events\/2107_11\/?key=f55e99e6ee' rel='nofollow' class='evo_ics_nCal' title='Zu Ihrem Kalender hinzuf\u00fcgen'>Kalender<\/a><a href='https:\/\/www.google.com\/calendar\/event?action=TEMPLATE&text=Mindful.Latemar&dates=20260908T113000Z\/20260908T215900Z&ctz=Europe%2FRome&details=Mindful.Latemar&location=Talstation%20Obereggen%20Obereggen%2016%20I-39050%20Deutschnofen%20%28BZ%29' target='_blank' rel='nofollow' class='evo_ics_gCal' title='Zu Google Kalender hinzuf\u00fcgen'>GoogleCal<\/a><\/p>\t\n\t\t\t<\/div>\n\t\t<\/div><\/div><\/div><!-- row close --><div class='evocard_row'><div id='event_getdirection' class='evocard_box getdirection' data-c='' \n\t\t\t\t\tstyle=''><div class='evo_metarow_getDr evorow evcal_evdata_row evcal_evrow_sm getdirections'>\n\t\t<form action='https:\/\/maps.google.com\/maps' method='get' target='_blank'>\n\t\t\t<input type='hidden' name='daddr' value=\"46.3835808246333,11.52667595881786\"\/> \n\t\t\t<div class='evo_get_direction_content evo_fx_dr_r evogap10'>\n\t\t\t\t<span class='evogetdir_header evodfx evofxdrr evofxaic evogap10'>\n\t\t\t\t\t<i class='mainicon fa fa-road evofz24i'><\/i> \n\t\t\t\t\t<h3 class='evo_h3 evopad0i' style='padding-bottom:5px;'>Wegbeschreibung abrufen<\/h3>\n\t\t\t\t<\/span>\n\t\t\t\t<span class='evogetdir_field evodfx evofx_1_1 evow100p'>\t\n\t\t\t\t\t<label for='6a9c46be54be0' class='evo_aria_ready sr-only'>Address - Mindful.Latemar []<\/label>\t\t\t\t\n\t\t\t\t\t<input id='6a9c46be54be0' class='evo_aria_ready_match evoInput2 evobr10 evow100p evopad10 evoff_2 evofz14i evobrdB1 evoboxbb' type='text' name='saddr' placeholder='&quot;Geben Sie die Adresse ein' value='' style='' aria-label='Address - Mindful.Latemar []' \/>\n\t\t\t\t<\/span>\n\t\t\t\t<div class='evodfx evofxdrr evofxaic evogap10'>\n\t\t\t\t\t<i class='fa fa-location-dot'><\/i>\n\t\t\t\t\t<div class='evoposr evofx_1 evoh100p'><label for='6a9c46be54be0' class='evo_aria_ready sr-only'>Destination Address - Mindful.Latemar []<\/label>\t\t\n\t\t\t\t\t\t<input id='6a9c46be54be0' class='evo_aria_ready_match evoInput2 evobr10 evow100p evopad5-10 evoff_2 evofz14i evobrdB1 evoop5 evoboxbb evoh100p' type='text' style='' readonly value='Obereggen 16 I-39050 Deutschnofen (BZ)' aria-label='Destination Address - Mindful.Latemar []'\/><button class='evo_copy_address evobuttonA evocurp evohoop7 evoposa evopad5' style='right: 3px; top: 4px; background-color: #fff;' data-txt='46.3835808246333,11.52667595881786' data-t='Address copied to clipboard!'><i class='far fa-copy evofz16i' title='Copy Destination Address!'><\/i><\/button>\n\t\t\t\t\t<\/div>\n\t\t\t\t\t<button type='submit' class='evo_get_direction_button evcal_btn dfx evofxaic evocurp evohoop7' title='&quot;Klicken Sie hier' style='    padding: 10px 15px !important;'><i class='fa fa-chevron-right'><\/i> <\/button>\n\t\t\t\t<\/div>\n\t\t\t<\/div>\n\t\t<\/form>\n\t<\/div><\/div><\/div><!-- row close --><button class='evo_card_row_end evcal_close' title='Schlie\u00dfen'><\/button><\/div><div class='clear end'><\/div><\/div><div id=\"event_2184_10\" class=\"eventon_list_event evo_eventtop scheduled  event clrD no_et event_2184_10\" data-event_id=\"2184\" data-ri=\"10r\" data-time=\"1788939000-1788991140\" data-colr=\"#ba181d\" itemscope itemtype='http:\/\/schema.org\/Event'><div class=\"evo_event_schema\" style=\"display:none\" ><a itemprop='url'  href='https:\/\/latemarium.com\/de\/events\/geotrekking-torre-di-pisa\/var\/ri-10.l-L2'><\/a><meta itemprop='image' content=\"https:\/\/latemarium.com\/wp-content\/uploads\/2020\/06\/latemar-torre-di-pisa-estate-2019_ph.alice-russolo-90-scaled.jpg\" \/><meta itemprop='startDate' content=\"2026-9-9T09:30+0:00\" \/><meta itemprop='endDate' content=\"2026-9-9T23:59+0:00\" \/><meta itemprop='eventStatus' content=\"https:\/\/schema.org\/EventScheduled\" \/><meta itemprop='eventAttendanceMode'   itemscope itemtype=\"https:\/\/schema.org\/OfflineEventAttendanceMode\"\/><script type=\"application\/ld+json\">{\"@context\": \"http:\/\/schema.org\",\"@type\": \"Event\",\n\t\t\t\t\"@id\": \"event_2184_10\",\n\t\t\t\t\"eventAttendanceMode\":\"https:\/\/schema.org\/OfflineEventAttendanceMode\",\n\t\t\t\t\"eventStatus\":\"https:\/\/schema.org\/EventScheduled\",\n\t\t\t\t\"name\": \"Geotrekking Torre di Pisa\",\n\t\t\t\t\"url\": \"https:\/\/latemarium.com\/de\/events\/geotrekking-torre-di-pisa\/var\/ri-10.l-L2\",\n\t\t\t\t\"startDate\": \"2026-9-9T09:30+0:00\",\n\t\t\t\t\"endDate\": \"2026-9-9T23:59+0:00\",\n\t\t\t\t\"image\":\"https:\/\/latemarium.com\/wp-content\/uploads\/2020\/06\/latemar-torre-di-pisa-estate-2019_ph.alice-russolo-90-scaled.jpg\", \n\t\t\t\t\"description\":\"<p><strong>Spannender geologischer Ausflug in gro\u00dfer H\u00f6he<\/strong>, um das Latemar-Atoll zu entdecken, die Perle des fossilen Archipels der Dolomiten, ein UNESCO-Weltkulturerbe. Ein eindrucksvoller Rundweg, der von einem erfahrenen Geologen und Medienbergf\u00fchrer gef\u00fchrt wird. Vom Passo Feudo steigen Sie zur Schutzh\u00fctte Torre di Pisa auf, um dann in gro\u00dfer H\u00f6he bis zur Forcella dei Camosci weiterzugehen, von wo aus Sie wieder in die Tiefen des tropischen Meeres bis zum Ausgangspunkt abtauchen. Brotzeit. Mindestalter 12 Jahre.<\/p> <p>Die Route ist mittelschwer, mit gut begehbaren Wegen und kurzen, leicht ausgesetzten Abschnitten, mit einem H\u00f6henunterschied von ca. 780 Metern.<\/p> \"}<\/script><\/div>\r\n\t\t\t\t<p class=\"desc_trig_outter\" style=\"\"><a data-gmap_status=\"null\" data-exlk=\"0\" style=\"background-color: #ba181d;\" id=\"evc_17889390002184\" href=\"#\" class=\"hasFtIMG event_repeat desc_trig sin_val evcal_list_a\" data-ux_val=\"3\" data-ux_val_mob=\"-\"  ><span class='evoet_in'><span class='evoet_c1 evoet_cx '><span class='evoet_cy ev_ftImg evotrans imgFxdef' data-img='https:\/\/latemarium.com\/wp-content\/uploads\/2020\/06\/latemar-torre-di-pisa-estate-2019_ph.alice-russolo-90-scaled.jpg' data-thumb='https:\/\/latemarium.com\/wp-content\/uploads\/2020\/06\/latemar-torre-di-pisa-estate-2019_ph.alice-russolo-90-300x200.jpg' style='background-image:url(\"https:\/\/latemarium.com\/wp-content\/uploads\/2020\/06\/latemar-torre-di-pisa-estate-2019_ph.alice-russolo-90-300x200.jpg\")' ><\/span><\/span><span class='evoet_c2 evoet_cx '><span class='evoet_dayblock evcal_cblock ' data-bgcolor='#ba181d' data-smon='September' data-syr='2026' data-bub=''><span class='evo_start  evofxdrc'><em class='date'>09<\/em><em class='month'>Sep<\/em><em class='time'>09:30<\/em><\/span><\/span><\/span><span class='evoet_c3 evoet_cx evcal_desc hide_eventtopdata '><span class='evoet_title evcal_desc2 evcal_event_title ' itemprop='name'>Geotrekking Torre di Pisa<\/span><span class='event_location_attrs evodni' data-location_type=\"lonlat\" data-location_name=\"A monte della seggiovia Gardon\u00e8-Passo Feudo\" data-location_url=\"https:\/\/latemarium.com\/de\/event-location\/a-monte-della-seggiovia-gardone-passo-feudo\/\" data-location_status=\"true\" data-locid=\"37\" data-latlng=\"46.32878794406342,11.600176728690842\"><\/span><span class='evoet_cy evoet_subtitle evo_below_title' ><span class='evcal_event_subtitle ' >Geotrekking Torre di Pisa<\/span><\/span><span class='evoet_cy evoet_time_expand level_3'><em class='evcal_time evo_tz_time'><i class='fa fa-clock-o'><\/i>09:30<span class='evo_tz marl5'>(GMT+02:00)<\/span><\/em> <\/span><span class='evoet_location level_3'><em class=\"evcal_location\"  data-latlng=\"46.32878794406342,11.600176728690842\" data-add_str=\"\" data-n=\"A monte della seggiovia Gardon\u00e8-Passo Feudo\"><i class=\"fa fa-location-pin\"><\/i><em class=\"event_location_name\">A monte della seggiovia Gardon\u00e8-Passo Feudo<\/em><\/em><\/span><\/span><\/span><span class='evoet_data' style='display:none' data-d=\"{&quot;loc.n&quot;:&quot;A monte della seggiovia Gardon\\u00e8-Passo Feudo&quot;,&quot;orgs&quot;:[],&quot;tags&quot;:{&quot;repeating&quot;:&quot;Repeating Event&quot;}}\" data-bgc=\"#ba181d\" data-bggrad=\"\" ><\/span><\/a><\/p><div class='event_description evcal_eventcard ' style=\"display:none\"><div class='evocard_row'><div id='event_ftimage' class='evocard_box ftimage' data-c='' \n\t\t\t\t\tstyle=''><div class='evocard_main_image_hold' data-t='Loading Image..'><div class='evocard_main_image evo_img_triglb evocd_img_minmized evobr15 evobgsc evobgpc evodfx evofx_jc_c evofx_ai_c evofz48 minmized' style='height:300px; background-image:url();' data-f=\"https:\/\/latemarium.com\/wp-content\/uploads\/2020\/06\/latemar-torre-di-pisa-estate-2019_ph.alice-russolo-90-scaled.jpg\" data-h=\"1707\" data-w=\"2560\" data-ratio=\"0.666796875\" data-event_id=\"2184\" data-ri=\"10\"  data-t='Loading Image..'><span style='height:300px; background-image:url(https:\/\/latemarium.com\/wp-content\/uploads\/2020\/06\/latemar-torre-di-pisa-estate-2019_ph.alice-russolo-90-scaled.jpg)'><\/span><\/div><\/div><\/div><\/div><!-- row close --><div class='evocard_row'><div id='event_eventdetails' class='evocard_box eventdetails' data-c='' \n\t\t\t\t\tstyle=''><div class=\"evo_metarow_details evorow evcal_evdata_row evcal_event_details\">\n    <div class=\"event_excerpt\" style=\"display:none\"><h3 class=\"padb5 evo_h3\">Details zur Veranstaltung<\/h3><p>Spannender geologischer Ausflug in gro\u00dfer H\u00f6he, um das Latemar-Atoll zu entdecken, die Perle des fossilen Archipels der Dolomiten, ein UNESCO-Weltkulturerbe. Ein eindrucksvoller Rundweg, der von einem erfahrenen Geologen und Medienbergf\u00fchrer<\/p><\/div><span class='evcal_evdata_icons'><i class='fa fa-align-justify'><\/i><\/span>    <div class=\"evcal_evdata_cell shorter_desc\">\n        <div class=\"eventon_full_description\">\n            <h3 class=\"padb5 evo_h3\"><span class='evcal_evdata_icons'><i class='fa fa-align-justify'><\/i><\/span>Details zur Veranstaltung<\/h3>\n            <div class=\"eventon_desc_in\" itemprop=\"description\">\n                <p><strong>Spannender geologischer Ausflug in gro\u00dfer H\u00f6he<\/strong>, um das Latemar-Atoll zu entdecken, die Perle des fossilen Archipels der Dolomiten, ein UNESCO-Weltkulturerbe. Ein eindrucksvoller Rundweg, der von einem erfahrenen Geologen und Medienbergf\u00fchrer gef\u00fchrt wird. Vom Passo Feudo steigen Sie zur Schutzh\u00fctte Torre di Pisa auf, um dann in gro\u00dfer H\u00f6he bis zur Forcella dei Camosci weiterzugehen, von wo aus Sie wieder in die Tiefen des tropischen Meeres bis zum Ausgangspunkt abtauchen. Brotzeit. Mindestalter 12 Jahre.<\/p>\n<p>Die Route ist mittelschwer, mit gut begehbaren Wegen und kurzen, leicht ausgesetzten Abschnitten, mit einem H\u00f6henunterschied von ca. 780 Metern.<\/p>\n            <\/div>\n            <p class='eventon_shad_p' style='padding:5px 0 0; margin:0'><button class='evcal_btn evo_btn_secondary evobtn_details_show_more' content='less' aria-label='Mehr' aria-expanded='false'><span class='ev_more_text' data-txt='Weniger'>Mehr<\/span><span class='ev_more_arrow ard'><\/span><\/button><\/p><div class='clear'><\/div>        <\/div>\n    <\/div>\n<\/div><\/div><\/div><!-- row close --><div class='evocard_row bx2 bx'><div id='event_time' class='evocard_box time' data-c='' \n\t\t\t\t\tstyle=''><div class='evo_metarow_time evorow evcal_evdata_row evcal_evrow_sm '>\n\t\t<span class='evcal_evdata_icons'><i class='fa fa-clock'><\/i><\/span>\n\t\t<div class='evcal_evdata_cell'>\t\t\t\t\t\t\t\n\t\t\t<h3 class='evo_h3'><span class='evcal_evdata_icons'><i class='fa fa-clock'><\/i><\/span>Zeitplan<\/h3><div><span class='evo_eventcard_time_t evogap5 evofxww'><span class=\"start\">9 September 2026<\/span> <span class=\"stime\">09:30<\/span><\/span><span class='evo_tz marr5'>(GMT+02:00)<\/span><\/div>\n\t\t<\/div>\n\t<\/div><\/div><div id='event_location' class='evocard_box location' data-c='' \n\t\t\t\t\tstyle=''><div class='evcal_evdata_row evo_metarow_time_location evorow '>\n\t\t\n\t\t\t<span class='evcal_evdata_icons'><i class='fa fa-map-marker'><\/i><\/span>\n\t\t\t<div class='evcal_evdata_cell' data-loc_tax_id='37'><h3 class='evo_h3 evodfx'><span class='evcal_evdata_icons'><i class='fa fa-map-marker'><\/i><\/span>Ort<\/h3><p class='evo_location_name'>A monte della seggiovia Gardon\u00e8-Passo Feudo<\/p><div class='padt10'><span class='evo_btn_arr evolb_trigger' data-lbvals=\"{&quot;lbdata&quot;:{&quot;class&quot;:&quot;evo_location_lb_37&quot;,&quot;additional_class&quot;:&quot;lb_max&quot;,&quot;title&quot;:&quot;A monte della seggiovia Gardon\\u00e8-Passo Feudo&quot;},&quot;adata&quot;:{&quot;a&quot;:&quot;eventon_get_tax_card_content&quot;,&quot;end&quot;:&quot;client&quot;,&quot;data&quot;:{&quot;lang&quot;:&quot;L2&quot;,&quot;term_id&quot;:37,&quot;tax&quot;:&quot;event_location&quot;,&quot;load_lbcontent&quot;:true}},&quot;uid&quot;:&quot;eventon_get_tax_card_content&quot;}\" >Other Events<i class='fa fa-chevron-right' aria-hidden='true'><\/i><\/span><\/div><\/div>\n\t\t\n\t<\/div><\/div><\/div><!-- row close --><div class='evocard_row bx2 bx'><div id='event_learnmore' class='evocard_box learnmore' data-c='' \n\t\t\t\t\tstyle=''><div class='evo_metarow_learnM evo_metarow_learnmore evorow'>\n\t\t\t\t\t\t\t<a class='evcal_evdata_row evo_clik_row ' href='https:\/\/www.latemar.it\/de\/sommer\/geotrekking\/' target=\"_blank\">\n\t\t\t\t\t\t\t\t<span class='evcal_evdata_icons'><i class='fa fa-link'><\/i><\/span>\n\t\t\t\t\t\t\t\t<h3 class='evo_h3'>Entdecke mehr<\/h3>\n\t\t\t\t\t\t\t<\/a>\n\t\t\t\t\t\t\t<\/div><\/div><div id='event_addtocal' class='evocard_box addtocal' data-c='' \n\t\t\t\t\tstyle=''><div class='evo_metarow_ICS evorow evcal_evdata_row'>\n\t\t\t<span class='evcal_evdata_icons'><i class='fa fa-calendar-o'><\/i><\/span>\n\t\t\t<div class='evcal_evdata_cell'>\n\t\t\t\t<p><a href='https:\/\/latemarium.com\/de\/export-events\/2184_10\/?key=f55e99e6ee' rel='nofollow' class='evo_ics_nCal' title='Zu Ihrem Kalender hinzuf\u00fcgen'>Kalender<\/a><a href='https:\/\/www.google.com\/calendar\/event?action=TEMPLATE&text=Geotrekking%20Torre%20di%20Pisa&dates=20260909T073000Z\/20260909T215900Z&ctz=Europe%2FRome&details=Geotrekking%20Torre%20di%20Pisa&location=A%20monte%20della%20seggiovia%20Gardon%C3%A8-Passo%20Feudo' target='_blank' rel='nofollow' class='evo_ics_gCal' title='Zu Google Kalender hinzuf\u00fcgen'>GoogleCal<\/a><\/p>\t\n\t\t\t<\/div>\n\t\t<\/div><\/div><\/div><!-- row close --><div class='evocard_row'><div id='event_getdirection' class='evocard_box getdirection' data-c='' \n\t\t\t\t\tstyle=''><div class='evo_metarow_getDr evorow evcal_evdata_row evcal_evrow_sm getdirections'>\n\t\t<form action='https:\/\/maps.google.com\/maps' method='get' target='_blank'>\n\t\t\t<input type='hidden' name='daddr' value=\"46.32878794406342,11.600176728690842\"\/> \n\t\t\t<div class='evo_get_direction_content evo_fx_dr_r evogap10'>\n\t\t\t\t<span class='evogetdir_header evodfx evofxdrr evofxaic evogap10'>\n\t\t\t\t\t<i class='mainicon fa fa-road evofz24i'><\/i> \n\t\t\t\t\t<h3 class='evo_h3 evopad0i' style='padding-bottom:5px;'>Wegbeschreibung abrufen<\/h3>\n\t\t\t\t<\/span>\n\t\t\t\t<span class='evogetdir_field evodfx evofx_1_1 evow100p'>\t\n\t\t\t\t\t<label for='6a9c46be552db' class='evo_aria_ready sr-only'>Address - Geotrekking Torre di Pisa []<\/label>\t\t\t\t\n\t\t\t\t\t<input id='6a9c46be552db' class='evo_aria_ready_match evoInput2 evobr10 evow100p evopad10 evoff_2 evofz14i evobrdB1 evoboxbb' type='text' name='saddr' placeholder='&quot;Geben Sie die Adresse ein' value='' style='' aria-label='Address - Geotrekking Torre di Pisa []' \/>\n\t\t\t\t<\/span>\n\t\t\t\t<div class='evodfx evofxdrr evofxaic evogap10'>\n\t\t\t\t\t<i class='fa fa-location-dot'><\/i>\n\t\t\t\t\t<div class='evoposr evofx_1 evoh100p'><button class='evo_copy_address evobuttonA evocurp evohoop7 evoposa evopad5' style='right: 3px; top: 4px; background-color: #fff;' data-txt='46.32878794406342,11.600176728690842' data-t='Address copied to clipboard!'><i class='far fa-copy evofz16i' title='Copy Destination Address!'><\/i><\/button>\n\t\t\t\t\t<\/div>\n\t\t\t\t\t<button type='submit' class='evo_get_direction_button evcal_btn dfx evofxaic evocurp evohoop7' title='&quot;Klicken Sie hier' style='    padding: 10px 15px !important;'><i class='fa fa-chevron-right'><\/i> <\/button>\n\t\t\t\t<\/div>\n\t\t\t<\/div>\n\t\t<\/form>\n\t<\/div><\/div><\/div><!-- row close --><button class='evo_card_row_end evcal_close' title='Schlie\u00dfen'><\/button><\/div><div class='clear end'><\/div><\/div><div id=\"event_2938_11\" class=\"eventon_list_event evo_eventtop scheduled  event clrD event_2938_11\" data-event_id=\"2938\" data-ri=\"11r\" data-time=\"1788955200-1788964200\" data-colr=\"#38823b\" itemscope itemtype='http:\/\/schema.org\/Event'><div class=\"evo_event_schema\" style=\"display:none\" ><a itemprop='url'  href='https:\/\/latemarium.com\/de\/events\/unterwegs-mit-ponys\/var\/ri-11.l-L2'><\/a><meta itemprop='image' content=\"https:\/\/latemarium.com\/wp-content\/uploads\/2026\/04\/pony.jpg\" \/><meta itemprop='startDate' content=\"2026-9-9T14:00+0:00\" \/><meta itemprop='endDate' content=\"2026-9-9T16:30+0:00\" \/><meta itemprop='eventStatus' content=\"https:\/\/schema.org\/EventScheduled\" \/><meta itemprop='eventAttendanceMode'   itemscope itemtype=\"https:\/\/schema.org\/OfflineEventAttendanceMode\"\/><div style=\"display:none\" itemprop=\"location\" itemscope itemtype=\"http:\/\/schema.org\/Place\"><span itemprop=\"name\">Pampeago<\/span><span itemprop=\"address\" itemscope itemtype=\"http:\/\/schema.org\/PostalAddress\"><item itemprop=\"streetAddress\">Localit\u00e0 Pampeago, 8, 38038 Tesero TN<\/item><\/span><\/div><script type=\"application\/ld+json\">{\"@context\": \"http:\/\/schema.org\",\"@type\": \"Event\",\n\t\t\t\t\"@id\": \"event_2938_11\",\n\t\t\t\t\"eventAttendanceMode\":\"https:\/\/schema.org\/OfflineEventAttendanceMode\",\n\t\t\t\t\"eventStatus\":\"https:\/\/schema.org\/EventScheduled\",\n\t\t\t\t\"name\": \"Unterwegs mit Ponys\",\n\t\t\t\t\"url\": \"https:\/\/latemarium.com\/de\/events\/unterwegs-mit-ponys\/var\/ri-11.l-L2\",\n\t\t\t\t\"startDate\": \"2026-9-9T14:00+0:00\",\n\t\t\t\t\"endDate\": \"2026-9-9T16:30+0:00\",\n\t\t\t\t\"image\":\"https:\/\/latemarium.com\/wp-content\/uploads\/2026\/04\/pony.jpg\", \n\t\t\t\t\"description\":\"<p>Ein angenehmer Spaziergang zur Entdeckung der Landschaften von Pampeago, begleitet von freundlichen Ponys, die Kinder und Familien sicher entlang der Route f\u00fchren.<\/p> <p>Ein entspannendes und unterhaltsames Erlebnis \u2013 ideal, um die Bergwelt in gem\u00e4chlichem Tempo zu genie\u00dfen und eine besondere Verbindung zu diesen sanften Tieren aufzubauen.<\/p> <p><strong>INFORMATIONEN:<\/strong><br \/> Wann \u2013 Jeden Mittwoch vom 24.06. bis 09.09.<br \/> Uhrzeit \u2013 Von 14:00 bis 16:30 Uhr (je nach Verf\u00fcgbarkeit)<br \/> Treffpunkt \u2013 Parkplatz der Tresca-Sesselbahn (Zutritt NUR f\u00fcr Teilnehmende mit Reservierung)<\/p> <p>Aktivit\u00e4t geeignet f\u00fcr Familien und Kinder.<\/p> <p>Reservierung erforderlich \u2013 klicken Sie <a href='https:\/\/www.visitfiemme.it\/de\/veranstaltungen\/fiemme-cembra-guest-card\/erlebnisse\/erlebnisse-sommer' target='_blank' rel='noopener'>HIER<\/a>, um zu buchen<\/p> \",\"location\":[{\"@type\":\"Place\",\"name\":\"Pampeago\",\"address\":{\"@type\": \"PostalAddress\",\"streetAddress\":\"Localit\u00e0 Pampeago, 8, 38038 Tesero TN\"}}]}<\/script><\/div>\r\n\t\t\t\t<p class=\"desc_trig_outter\" style=\"\"><a data-gmap_status=\"null\" data-exlk=\"0\" style=\"background-color: #38823b;\" id=\"evc_17889552002938\" href=\"#\" class=\"hasFtIMG event_repeat desc_trig sin_val evcal_list_a\" data-ux_val=\"3\" data-ux_val_mob=\"-\"  ><span class='evoet_in'><span class='evoet_c1 evoet_cx '><span class='evoet_cy ev_ftImg evotrans imgFxdef' data-img='https:\/\/latemarium.com\/wp-content\/uploads\/2026\/04\/pony.jpg' data-thumb='https:\/\/latemarium.com\/wp-content\/uploads\/2026\/04\/pony-300x110.jpg' style='background-image:url(\"https:\/\/latemarium.com\/wp-content\/uploads\/2026\/04\/pony-300x110.jpg\")' ><\/span><\/span><span class='evoet_c2 evoet_cx '><span class='evoet_dayblock evcal_cblock ' data-bgcolor='#38823b' data-smon='September' data-syr='2026' data-bub=''><span class='evo_start  evofxdrc'><em class='date'>09<\/em><em class='month'>Sep<\/em><em class='time'>14:00<\/em><\/span><span class='evo_end only_time evofxdrc'><em class='time'>16:30<\/em><\/span><\/span><\/span><span class='evoet_c3 evoet_cx evcal_desc hide_eventtopdata '><span class='evoet_title evcal_desc2 evcal_event_title ' itemprop='name'>Unterwegs mit Ponys<\/span><span class='event_location_attrs evodni'  data-location_address=\"Localit\u00e0 Pampeago, 8, 38038 Tesero TN\" data-location_type=\"lonlat\" data-location_name=\"Pampeago\" data-location_url=\"https:\/\/latemarium.com\/de\/event-location\/pampeago-de\/\" data-location_status=\"true\" data-locid=\"32\" data-latlng=\"46.34343697644898,11.540997527961546\"><\/span><span class='evoet_cy evoet_subtitle evo_below_title' ><span class='evcal_event_subtitle ' >Familienwanderung<\/span><\/span><span class='evoet_cy evoet_time_expand level_3'><em class='evcal_time evo_tz_time'><i class='fa fa-clock-o'><\/i>14:00 - 16:30<span class='evo_tz marl5'>(GMT+02:00)<\/span><\/em> <\/span><span class='evoet_location level_3'><em class=\"evcal_location\"  data-latlng=\"46.34343697644898,11.540997527961546\" data-add_str=\"Localit\u00e0 Pampeago, 8, 38038 Tesero TN\" data-n=\"Pampeago\"><i class=\"fa fa-location-pin\"><\/i><em class=\"event_location_name\">Pampeago<\/em>, Localit\u00e0 Pampeago, 8, 38038 Tesero TN<\/em><\/span><\/span><\/span><span class='evoet_data' style='display:none' data-d=\"{&quot;loc.n&quot;:&quot;Pampeago&quot;,&quot;orgs&quot;:[],&quot;tags&quot;:{&quot;repeating&quot;:&quot;Repeating Event&quot;}}\" data-bgc=\"#38823b\" data-bggrad=\"\" ><\/span><\/a><\/p><div class='event_description evcal_eventcard ' style=\"display:none\"><div class='evocard_row'><div id='event_ftimage' class='evocard_box ftimage' data-c='' \n\t\t\t\t\tstyle=''><div class='evocard_main_image_hold' data-t='Loading Image..'><div class='evocard_main_image evo_img_triglb evocd_img_minmized evobr15 evobgsc evobgpc evodfx evofx_jc_c evofx_ai_c evofz48 minmized' style='height:300px; background-image:url();' data-f=\"https:\/\/latemarium.com\/wp-content\/uploads\/2026\/04\/pony.jpg\" data-h=\"368\" data-w=\"1000\" data-ratio=\"0.368\" data-event_id=\"2938\" data-ri=\"11\"  data-t='Loading Image..'><span style='height:300px; background-image:url(https:\/\/latemarium.com\/wp-content\/uploads\/2026\/04\/pony.jpg)'><\/span><\/div><\/div><\/div><\/div><!-- row close --><div class='evocard_row'><div id='event_eventdetails' class='evocard_box eventdetails' data-c='' \n\t\t\t\t\tstyle=''><div class=\"evo_metarow_details evorow evcal_evdata_row evcal_event_details\">\n    <div class=\"event_excerpt\" style=\"display:none\"><h3 class=\"padb5 evo_h3\">Details zur Veranstaltung<\/h3><p>Ein angenehmer Spaziergang zur Entdeckung der Landschaften von Pampeago, begleitet von freundlichen Ponys, die Kinder und Familien sicher entlang der Route f\u00fchren.\nEin entspannendes und unterhaltsames Erlebnis \u2013 ideal, um die<\/p><\/div><span class='evcal_evdata_icons'><i class='fa fa-align-justify'><\/i><\/span>    <div class=\"evcal_evdata_cell shorter_desc\">\n        <div class=\"eventon_full_description\">\n            <h3 class=\"padb5 evo_h3\"><span class='evcal_evdata_icons'><i class='fa fa-align-justify'><\/i><\/span>Details zur Veranstaltung<\/h3>\n            <div class=\"eventon_desc_in\" itemprop=\"description\">\n                <p>Ein angenehmer Spaziergang zur Entdeckung der Landschaften von Pampeago, begleitet von freundlichen Ponys, die Kinder und Familien sicher entlang der Route f\u00fchren.<\/p>\n<p>Ein entspannendes und unterhaltsames Erlebnis \u2013 ideal, um die Bergwelt in gem\u00e4chlichem Tempo zu genie\u00dfen und eine besondere Verbindung zu diesen sanften Tieren aufzubauen.<\/p>\n<p><strong>INFORMATIONEN:<\/strong><br \/>\nWann \u2013 Jeden Mittwoch vom 24.06. bis 09.09.<br \/>\nUhrzeit \u2013 Von 14:00 bis 16:30 Uhr (je nach Verf\u00fcgbarkeit)<br \/>\nTreffpunkt \u2013 Parkplatz der Tresca-Sesselbahn (Zutritt NUR f\u00fcr Teilnehmende mit Reservierung)<\/p>\n<p>Aktivit\u00e4t geeignet f\u00fcr Familien und Kinder.<\/p>\n<p>Reservierung erforderlich \u2013 klicken Sie <a href=\"https:\/\/www.visitfiemme.it\/de\/veranstaltungen\/fiemme-cembra-guest-card\/erlebnisse\/erlebnisse-sommer\" target=\"_blank\" rel=\"noopener\">HIER<\/a>, um zu buchen<\/p>\n            <\/div>\n            <p class='eventon_shad_p' style='padding:5px 0 0; margin:0'><button class='evcal_btn evo_btn_secondary evobtn_details_show_more' content='less' aria-label='Mehr' aria-expanded='false'><span class='ev_more_text' data-txt='Weniger'>Mehr<\/span><span class='ev_more_arrow ard'><\/span><\/button><\/p><div class='clear'><\/div>        <\/div>\n    <\/div>\n<\/div><\/div><\/div><!-- row close --><div class='evocard_row bx2 bx'><div id='event_time' class='evocard_box time' data-c='' \n\t\t\t\t\tstyle=''><div class='evo_metarow_time evorow evcal_evdata_row evcal_evrow_sm '>\n\t\t<span class='evcal_evdata_icons'><i class='fa fa-clock'><\/i><\/span>\n\t\t<div class='evcal_evdata_cell'>\t\t\t\t\t\t\t\n\t\t\t<h3 class='evo_h3'><span class='evcal_evdata_icons'><i class='fa fa-clock'><\/i><\/span>Zeitplan<\/h3><div><span class='evo_eventcard_time_t evogap5 evofxww'><span class=\"start\">9 September 2026<\/span> <span class=\"stime\">14:00<\/span> - <span class=\"etime\">16:30<\/span><\/span><span class='evo_tz marr5'>(GMT+02:00)<\/span><\/div>\n\t\t<\/div>\n\t<\/div><\/div><div id='event_location' class='evocard_box location' data-c='' \n\t\t\t\t\tstyle=''><div class='evcal_evdata_row evo_metarow_time_location evorow '>\n\t\t\n\t\t\t<span class='evcal_evdata_icons'><i class='fa fa-map-marker'><\/i><\/span>\n\t\t\t<div class='evcal_evdata_cell' data-loc_tax_id='32'><h3 class='evo_h3 evodfx'><span class='evcal_evdata_icons'><i class='fa fa-map-marker'><\/i><\/span>Ort<\/h3><p class='evo_location_name'>Pampeago<\/p><p class='evo_location_address evodfxi evogap10'>Localit\u00e0 Pampeago, 8, 38038 Tesero TN<\/p><div class='padt10'><span class='evo_btn_arr evolb_trigger' data-lbvals=\"{&quot;lbdata&quot;:{&quot;class&quot;:&quot;evo_location_lb_32&quot;,&quot;additional_class&quot;:&quot;lb_max&quot;,&quot;title&quot;:&quot;Pampeago&quot;},&quot;adata&quot;:{&quot;a&quot;:&quot;eventon_get_tax_card_content&quot;,&quot;end&quot;:&quot;client&quot;,&quot;data&quot;:{&quot;lang&quot;:&quot;L2&quot;,&quot;term_id&quot;:32,&quot;tax&quot;:&quot;event_location&quot;,&quot;load_lbcontent&quot;:true}},&quot;uid&quot;:&quot;eventon_get_tax_card_content&quot;}\" >Other Events<i class='fa fa-chevron-right' aria-hidden='true'><\/i><\/span><\/div><\/div>\n\t\t\n\t<\/div><\/div><\/div><!-- row close --><div class='evocard_row'><div id='event_addtocal' class='evocard_box addtocal' data-c='' \n\t\t\t\t\tstyle=''><div class='evo_metarow_ICS evorow evcal_evdata_row'>\n\t\t\t<span class='evcal_evdata_icons'><i class='fa fa-calendar-o'><\/i><\/span>\n\t\t\t<div class='evcal_evdata_cell'>\n\t\t\t\t<p><a href='https:\/\/latemarium.com\/de\/export-events\/2938_11\/?key=f55e99e6ee' rel='nofollow' class='evo_ics_nCal' title='Zu Ihrem Kalender hinzuf\u00fcgen'>Kalender<\/a><a href='https:\/\/www.google.com\/calendar\/event?action=TEMPLATE&text=Unterwegs%20mit%20Ponys&dates=20260909T120000Z\/20260909T143000Z&ctz=Europe%2FRome&details=Unterwegs%20mit%20Ponys&location=Pampeago%20Localit%C3%A0%20Pampeago%2C%208%2C%2038038%20Tesero%20TN' target='_blank' rel='nofollow' class='evo_ics_gCal' title='Zu Google Kalender hinzuf\u00fcgen'>GoogleCal<\/a><\/p>\t\n\t\t\t<\/div>\n\t\t<\/div><\/div><\/div><!-- row close --><div class='evocard_row'><div id='event_getdirection' class='evocard_box getdirection' data-c='' \n\t\t\t\t\tstyle=''><div class='evo_metarow_getDr evorow evcal_evdata_row evcal_evrow_sm getdirections'>\n\t\t<form action='https:\/\/maps.google.com\/maps' method='get' target='_blank'>\n\t\t\t<input type='hidden' name='daddr' value=\"Localit\u00e0 Pampeago, 8, 38038 Tesero TN\"\/> \n\t\t\t<div class='evo_get_direction_content evo_fx_dr_r evogap10'>\n\t\t\t\t<span class='evogetdir_header evodfx evofxdrr evofxaic evogap10'>\n\t\t\t\t\t<i class='mainicon fa fa-road evofz24i'><\/i> \n\t\t\t\t\t<h3 class='evo_h3 evopad0i' style='padding-bottom:5px;'>Wegbeschreibung abrufen<\/h3>\n\t\t\t\t<\/span>\n\t\t\t\t<span class='evogetdir_field evodfx evofx_1_1 evow100p'>\t\n\t\t\t\t\t<label for='6a9c46be559f7' class='evo_aria_ready sr-only'>Address - Unterwegs mit Ponys []<\/label>\t\t\t\t\n\t\t\t\t\t<input id='6a9c46be559f7' class='evo_aria_ready_match evoInput2 evobr10 evow100p evopad10 evoff_2 evofz14i evobrdB1 evoboxbb' type='text' name='saddr' placeholder='&quot;Geben Sie die Adresse ein' value='' style='' aria-label='Address - Unterwegs mit Ponys []' \/>\n\t\t\t\t<\/span>\n\t\t\t\t<div class='evodfx evofxdrr evofxaic evogap10'>\n\t\t\t\t\t<i class='fa fa-location-dot'><\/i>\n\t\t\t\t\t<div class='evoposr evofx_1 evoh100p'><label for='6a9c46be559f7' class='evo_aria_ready sr-only'>Destination Address - Unterwegs mit Ponys []<\/label>\t\t\n\t\t\t\t\t\t<input id='6a9c46be559f7' class='evo_aria_ready_match evoInput2 evobr10 evow100p evopad5-10 evoff_2 evofz14i evobrdB1 evoop5 evoboxbb evoh100p' type='text' style='' readonly value='Localit\u00e0 Pampeago, 8, 38038 Tesero TN' aria-label='Destination Address - Unterwegs mit Ponys []'\/><button class='evo_copy_address evobuttonA evocurp evohoop7 evoposa evopad5' style='right: 3px; top: 4px; background-color: #fff;' data-txt='Localit\u00e0 Pampeago, 8, 38038 Tesero TN' data-t='Address copied to clipboard!'><i class='far fa-copy evofz16i' title='Copy Destination Address!'><\/i><\/button>\n\t\t\t\t\t<\/div>\n\t\t\t\t\t<button type='submit' class='evo_get_direction_button evcal_btn dfx evofxaic evocurp evohoop7' title='&quot;Klicken Sie hier' style='    padding: 10px 15px !important;'><i class='fa fa-chevron-right'><\/i> <\/button>\n\t\t\t\t<\/div>\n\t\t\t<\/div>\n\t\t<\/form>\n\t<\/div><\/div><\/div><!-- row close --><button class='evo_card_row_end evcal_close' title='Schlie\u00dfen'><\/button><\/div><div class='clear end'><\/div><\/div><div id=\"event_2784_26\" class=\"eventon_list_event evo_eventtop scheduled  event clrD event_2784_26\" data-event_id=\"2784\" data-ri=\"26r\" data-time=\"1789021800-1789027200\" data-colr=\"#006290\" itemscope itemtype='http:\/\/schema.org\/Event'><div class=\"evo_event_schema\" style=\"display:none\" ><a itemprop='url'  href='https:\/\/latemarium.com\/de\/events\/oberholz-fruehstueck\/var\/ri-26.l-L2'><\/a><meta itemprop='image' content=\"https:\/\/latemarium.com\/wp-content\/uploads\/2025\/05\/colazione-al-rifugio-oberholz.jpg\" \/><meta itemprop='startDate' content=\"2026-9-10T08:30+0:00\" \/><meta itemprop='endDate' content=\"2026-9-10T10:00+0:00\" \/><meta itemprop='eventStatus' content=\"https:\/\/schema.org\/EventScheduled\" \/><meta itemprop='eventAttendanceMode'   itemscope itemtype=\"https:\/\/schema.org\/OfflineEventAttendanceMode\"\/><script type=\"application\/ld+json\">{\"@context\": \"http:\/\/schema.org\",\"@type\": \"Event\",\n\t\t\t\t\"@id\": \"event_2784_26\",\n\t\t\t\t\"eventAttendanceMode\":\"https:\/\/schema.org\/OfflineEventAttendanceMode\",\n\t\t\t\t\"eventStatus\":\"https:\/\/schema.org\/EventScheduled\",\n\t\t\t\t\"name\": \"Oberholz Fr\u00fchst\u00fcck\",\n\t\t\t\t\"url\": \"https:\/\/latemarium.com\/de\/events\/oberholz-fruehstueck\/var\/ri-26.l-L2\",\n\t\t\t\t\"startDate\": \"2026-9-10T08:30+0:00\",\n\t\t\t\t\"endDate\": \"2026-9-10T10:00+0:00\",\n\t\t\t\t\"image\":\"https:\/\/latemarium.com\/wp-content\/uploads\/2025\/05\/colazione-al-rifugio-oberholz.jpg\", \n\t\t\t\t\"description\":\"<p>Fr\u00fchst\u00fcck auf der Bergh\u00fctte Oberholz auf 2.096 m<br \/> Jeden Donnerstag und Samstag<\/p> <p>Das w\u00f6chentliche Highlight unterm Latemar findet jeden Donnerstag und Samstag von 8:30 bis 10:00 Uhr statt. Das umfangreiche Genusserlebnis \u201eFr\u00fchst\u00fcck auf der Oberholz\u201c inklusive der Berg- und Talfahrt kostet f\u00fcr Erwachsene 34 Euro, Jugendliche unter 12 Jahren bezahlen 27 Euro, Kinder unter 6 sind kostenlos.<\/p> <p>Zur Bergh\u00fctte und zur\u00fcck ins Tal geht es mit dem Panorama-Sessellift Obereggen-Oberholz (Auffahrt ab 08:30, letzte R\u00fcckfahrt 18.00 Uhr).<br \/> Eine Reservierung ist erforderlich: oberholz@latemar.it\u00a00471 618299<\/p> \"}<\/script><\/div>\r\n\t\t\t\t<p class=\"desc_trig_outter\" style=\"\"><a data-gmap_status=\"null\" data-exlk=\"0\" style=\"background-color: #006290;\" id=\"evc_17890218002784\" href=\"#\" class=\"hasFtIMG event_repeat desc_trig sin_val evcal_list_a\" data-ux_val=\"3\" data-ux_val_mob=\"-\"  ><span class='evoet_in'><span class='evoet_c1 evoet_cx '><span class='evoet_cy ev_ftImg evotrans imgFxdef' data-img='https:\/\/latemarium.com\/wp-content\/uploads\/2025\/05\/colazione-al-rifugio-oberholz.jpg' data-thumb='https:\/\/latemarium.com\/wp-content\/uploads\/2025\/05\/colazione-al-rifugio-oberholz-300x200.jpg' style='background-image:url(\"https:\/\/latemarium.com\/wp-content\/uploads\/2025\/05\/colazione-al-rifugio-oberholz-300x200.jpg\")' ><\/span><\/span><span class='evoet_c2 evoet_cx '><span class='evoet_dayblock evcal_cblock ' data-bgcolor='#006290' data-smon='September' data-syr='2026' data-bub=''><span class='evo_start  evofxdrc'><em class='date'>10<\/em><em class='month'>Sep<\/em><em class='time'>08:30<\/em><\/span><span class='evo_end only_time evofxdrc'><em class='time'>10:00<\/em><\/span><\/span><\/span><span class='evoet_c3 evoet_cx evcal_desc hide_eventtopdata '><span class='evoet_title evcal_desc2 evcal_event_title ' itemprop='name'>Oberholz Fr\u00fchst\u00fcck<\/span><span class='evoet_cy evoet_subtitle evo_below_title' ><span class='evcal_event_subtitle ' >Oberholz Fr\u00fchst\u00fcck<\/span><\/span><span class='evoet_cy evoet_time_expand level_3'><em class='evcal_time evo_tz_time'><i class='fa fa-clock-o'><\/i>08:30 - 10:00<span class='evo_tz marl5'>(GMT+02:00)<\/span><\/em> <\/span><span class='evoet_location level_3'><em class=\"evcal_location\"  data-add_str=\"\" data-n=\"Rifugio Oberholz\"><i class=\"fa fa-location-pin\"><\/i><em class=\"event_location_name\">Rifugio Oberholz<\/em><\/em><\/span><\/span><\/span><span class='evoet_data' style='display:none' data-d=\"{&quot;loc.n&quot;:&quot;Rifugio Oberholz&quot;,&quot;orgs&quot;:[],&quot;tags&quot;:{&quot;repeating&quot;:&quot;Repeating Event&quot;}}\" data-bgc=\"#006290\" data-bggrad=\"\" ><\/span><\/a><\/p><div class='event_description evcal_eventcard ' style=\"display:none\"><div class='evocard_row'><div id='event_ftimage' class='evocard_box ftimage' data-c='' \n\t\t\t\t\tstyle=''><div class='evocard_main_image_hold' data-t='Loading Image..'><div class='evocard_main_image evo_img_triglb evocd_img_minmized evobr15 evobgsc evobgpc evodfx evofx_jc_c evofx_ai_c evofz48 minmized' style='height:300px; background-image:url();' data-f=\"https:\/\/latemarium.com\/wp-content\/uploads\/2025\/05\/colazione-al-rifugio-oberholz.jpg\" data-h=\"1575\" data-w=\"2360\" data-ratio=\"0.66737288135593\" data-event_id=\"2784\" data-ri=\"26\"  data-t='Loading Image..'><span style='height:300px; background-image:url(https:\/\/latemarium.com\/wp-content\/uploads\/2025\/05\/colazione-al-rifugio-oberholz.jpg)'><\/span><\/div><\/div><\/div><\/div><!-- row close --><div class='evocard_row'><div id='event_eventdetails' class='evocard_box eventdetails' data-c='' \n\t\t\t\t\tstyle=''><div class=\"evo_metarow_details evorow evcal_evdata_row evcal_event_details\">\n    <div class=\"event_excerpt\" style=\"display:none\"><h3 class=\"padb5 evo_h3\">Details zur Veranstaltung<\/h3><p>Fr\u00fchst\u00fcck auf der Bergh\u00fctte Oberholz auf 2.096 m\nJeden Donnerstag und Samstag\nDas w\u00f6chentliche Highlight unterm Latemar findet jeden Donnerstag und Samstag von 8:30 bis 10:00 Uhr statt. Das umfangreiche Genusserlebnis<\/p><\/div><span class='evcal_evdata_icons'><i class='fa fa-align-justify'><\/i><\/span>    <div class=\"evcal_evdata_cell shorter_desc\">\n        <div class=\"eventon_full_description\">\n            <h3 class=\"padb5 evo_h3\"><span class='evcal_evdata_icons'><i class='fa fa-align-justify'><\/i><\/span>Details zur Veranstaltung<\/h3>\n            <div class=\"eventon_desc_in\" itemprop=\"description\">\n                <p>Fr\u00fchst\u00fcck auf der Bergh\u00fctte Oberholz auf 2.096 m<br \/>\nJeden Donnerstag und Samstag<\/p>\n<p>Das w\u00f6chentliche Highlight unterm Latemar findet jeden Donnerstag und Samstag von 8:30 bis 10:00 Uhr statt. Das umfangreiche Genusserlebnis \u201eFr\u00fchst\u00fcck auf der Oberholz\u201c inklusive der Berg- und Talfahrt kostet f\u00fcr Erwachsene 34 Euro, Jugendliche unter 12 Jahren bezahlen 27 Euro, Kinder unter 6 sind kostenlos.<\/p>\n<p>Zur Bergh\u00fctte und zur\u00fcck ins Tal geht es mit dem Panorama-Sessellift Obereggen-Oberholz (Auffahrt ab 08:30, letzte R\u00fcckfahrt 18.00 Uhr).<br \/>\nEine Reservierung ist erforderlich: oberholz@latemar.it\u00a00471 618299<\/p>\n            <\/div>\n            <p class='eventon_shad_p' style='padding:5px 0 0; margin:0'><button class='evcal_btn evo_btn_secondary evobtn_details_show_more' content='less' aria-label='Mehr' aria-expanded='false'><span class='ev_more_text' data-txt='Weniger'>Mehr<\/span><span class='ev_more_arrow ard'><\/span><\/button><\/p><div class='clear'><\/div>        <\/div>\n    <\/div>\n<\/div><\/div><\/div><!-- row close --><div class='evocard_row bx2 bx'><div id='event_time' class='evocard_box time' data-c='' \n\t\t\t\t\tstyle=''><div class='evo_metarow_time evorow evcal_evdata_row evcal_evrow_sm '>\n\t\t<span class='evcal_evdata_icons'><i class='fa fa-clock'><\/i><\/span>\n\t\t<div class='evcal_evdata_cell'>\t\t\t\t\t\t\t\n\t\t\t<h3 class='evo_h3'><span class='evcal_evdata_icons'><i class='fa fa-clock'><\/i><\/span>Zeitplan<\/h3><div><span class='evo_eventcard_time_t evogap5 evofxww'><span class=\"start\">10 September 2026<\/span> <span class=\"stime\">08:30<\/span> - <span class=\"etime\">10:00<\/span><\/span><span class='evo_tz marr5'>(GMT+02:00)<\/span><\/div>\n\t\t<\/div>\n\t<\/div><\/div><div id='event_location' class='evocard_box location' data-c='' \n\t\t\t\t\tstyle=''><div class='evcal_evdata_row evo_metarow_time_location evorow '>\n\t\t\n\t\t\t<span class='evcal_evdata_icons'><i class='fa fa-map-marker'><\/i><\/span>\n\t\t\t<div class='evcal_evdata_cell' data-loc_tax_id='60'><h3 class='evo_h3 evodfx'><span class='evcal_evdata_icons'><i class='fa fa-map-marker'><\/i><\/span>Ort<\/h3><p class='evo_location_name'>Rifugio Oberholz<\/p><div class='padt10'><span class='evo_btn_arr evolb_trigger' data-lbvals=\"{&quot;lbdata&quot;:{&quot;class&quot;:&quot;evo_location_lb_60&quot;,&quot;additional_class&quot;:&quot;lb_max&quot;,&quot;title&quot;:&quot;Rifugio Oberholz&quot;},&quot;adata&quot;:{&quot;a&quot;:&quot;eventon_get_tax_card_content&quot;,&quot;end&quot;:&quot;client&quot;,&quot;data&quot;:{&quot;lang&quot;:&quot;L2&quot;,&quot;term_id&quot;:60,&quot;tax&quot;:&quot;event_location&quot;,&quot;load_lbcontent&quot;:true}},&quot;uid&quot;:&quot;eventon_get_tax_card_content&quot;}\" >Other Events<i class='fa fa-chevron-right' aria-hidden='true'><\/i><\/span><\/div><\/div>\n\t\t\n\t<\/div><\/div><\/div><!-- row close --><div class='evocard_row bx2 bx'><div id='event_learnmore' class='evocard_box learnmore' data-c='' \n\t\t\t\t\tstyle=''><div class='evo_metarow_learnM evo_metarow_learnmore evorow'>\n\t\t\t\t\t\t\t<a class='evcal_evdata_row evo_clik_row ' href='https:\/\/oberholz.com\/events\/' target=\"_blank\">\n\t\t\t\t\t\t\t\t<span class='evcal_evdata_icons'><i class='fa fa-link'><\/i><\/span>\n\t\t\t\t\t\t\t\t<h3 class='evo_h3'>Entdecke mehr<\/h3>\n\t\t\t\t\t\t\t<\/a>\n\t\t\t\t\t\t\t<\/div><\/div><div id='event_addtocal' class='evocard_box addtocal' data-c='' \n\t\t\t\t\tstyle=''><div class='evo_metarow_ICS evorow evcal_evdata_row'>\n\t\t\t<span class='evcal_evdata_icons'><i class='fa fa-calendar-o'><\/i><\/span>\n\t\t\t<div class='evcal_evdata_cell'>\n\t\t\t\t<p><a href='https:\/\/latemarium.com\/de\/export-events\/2784_26\/?key=f55e99e6ee' rel='nofollow' class='evo_ics_nCal' title='Zu Ihrem Kalender hinzuf\u00fcgen'>Kalender<\/a><a href='https:\/\/www.google.com\/calendar\/event?action=TEMPLATE&text=Oberholz%20Fr%C3%BChst%C3%BCck&dates=20260910T063000Z\/20260910T080000Z&ctz=Europe%2FRome&details=Oberholz%20Fr%C3%BChst%C3%BCck&location=Rifugio%20Oberholz' target='_blank' rel='nofollow' class='evo_ics_gCal' title='Zu Google Kalender hinzuf\u00fcgen'>GoogleCal<\/a><\/p>\t\n\t\t\t<\/div>\n\t\t<\/div><\/div><\/div><!-- row close --><button class='evo_card_row_end evcal_close' title='Schlie\u00dfen'><\/button><\/div><div class='clear end'><\/div><\/div><div id=\"event_2845_10\" class=\"eventon_list_event evo_eventtop scheduled  event clrD no_et event_2845_10\" data-event_id=\"2845\" data-ri=\"10r\" data-time=\"1789023600-1789077540\" data-colr=\"#38823b\" itemscope itemtype='http:\/\/schema.org\/Event'><div class=\"evo_event_schema\" style=\"display:none\" ><a itemprop='url'  href='https:\/\/latemarium.com\/de\/events\/escursione-in-montagna-al-rifugio-torre-di-pisa\/var\/ri-10.l-L2'><\/a><meta itemprop='image' content=\"https:\/\/latemarium.com\/wp-content\/uploads\/2025\/05\/escursione-torre-di-pisa-obereggen.jpg\" \/><meta itemprop='startDate' content=\"2026-9-10T09:00+0:00\" \/><meta itemprop='endDate' content=\"2026-9-10T23:59+0:00\" \/><meta itemprop='eventStatus' content=\"https:\/\/schema.org\/EventScheduled\" \/><meta itemprop='eventAttendanceMode'   itemscope itemtype=\"https:\/\/schema.org\/OfflineEventAttendanceMode\"\/><div style=\"display:none\" itemprop=\"location\" itemscope itemtype=\"http:\/\/schema.org\/Place\"><span itemprop=\"name\">Talstation Obereggen<\/span><span itemprop=\"address\" itemscope itemtype=\"http:\/\/schema.org\/PostalAddress\"><item itemprop=\"streetAddress\">Obereggen 16 I-39050 Deutschnofen (BZ)<\/item><\/span><\/div><script type=\"application\/ld+json\">{\"@context\": \"http:\/\/schema.org\",\"@type\": \"Event\",\n\t\t\t\t\"@id\": \"event_2845_10\",\n\t\t\t\t\"eventAttendanceMode\":\"https:\/\/schema.org\/OfflineEventAttendanceMode\",\n\t\t\t\t\"eventStatus\":\"https:\/\/schema.org\/EventScheduled\",\n\t\t\t\t\"name\": \"Gipfelwanderung zur Latemarh\u00fctte\",\n\t\t\t\t\"url\": \"https:\/\/latemarium.com\/de\/events\/escursione-in-montagna-al-rifugio-torre-di-pisa\/var\/ri-10.l-L2\",\n\t\t\t\t\"startDate\": \"2026-9-10T09:00+0:00\",\n\t\t\t\t\"endDate\": \"2026-9-10T23:59+0:00\",\n\t\t\t\t\"image\":\"https:\/\/latemarium.com\/wp-content\/uploads\/2025\/05\/escursione-torre-di-pisa-obereggen.jpg\", \n\t\t\t\t\"description\":\"<p>Mittelschwere bis schwere, anspruchsvolle Bergwanderung im hochalpinen Gel\u00e4nde im s\u00fcdlichen Latemar- Massiv. Beeindruckende Rundsicht auf die umliegende Bergwelt.<\/p> <p>Route: Auffahrt mit dem Oberholz-Sessellift (1550\u20132100 m) \u2013 Aufstieg auf Weg 18 \u2013 Aussichtsplattform \u2013 Gamsstallscharte (2560 m) \u2013 Weg 516 \u2013 Pisah\u00fctte\/Latemarh\u00fctte (2671 m). Einkehr. Abstieg Weg 516 und Weg 22 \u2013 Bergstation Sessellift Oberholz \u2013 R\u00fcckfahrt.<\/p> <p>Start: 09.00 Uhr in Obereggen<br \/> R\u00fcckkehr: 16.00 Uhr<br \/> Dauer: 7 h | Gehzeit: 6 h<br \/> H\u00f6henunterschied: 750 m<br \/> Schwierigkeit: schwer, anspruchsvoll | Anforderungen: Ausdauer, Trittsicherheit und Schwindelfreiheit |mit Einkehr | die Mitnahme von geeignetem Tourenproviant wird empfohlen<br \/> Sessellift Oberholz: 21,50 \u20ac\/Erwachsene \u2013 17,50 \u20ac\/Junior<\/p> \",\"location\":[{\"@type\":\"Place\",\"name\":\"Talstation Obereggen\",\"address\":{\"@type\": \"PostalAddress\",\"streetAddress\":\"Obereggen 16 I-39050 Deutschnofen (BZ)\"}}]}<\/script><\/div>\r\n\t\t\t\t<p class=\"desc_trig_outter\" style=\"\"><a data-gmtrig=\"1\" data-exlk=\"0\" style=\"background-color: #38823b;\" id=\"evc_17890236002845\" href=\"#\" class=\"hasFtIMG event_repeat desc_trig sin_val evcal_list_a\" data-ux_val=\"3\" data-ux_val_mob=\"-\"  ><span class='evoet_in'><span class='evoet_c1 evoet_cx '><span class='evoet_cy ev_ftImg evotrans imgFxdef' data-img='https:\/\/latemarium.com\/wp-content\/uploads\/2025\/05\/escursione-torre-di-pisa-obereggen.jpg' data-thumb='https:\/\/latemarium.com\/wp-content\/uploads\/2025\/05\/escursione-torre-di-pisa-obereggen-300x182.jpg' style='background-image:url(\"https:\/\/latemarium.com\/wp-content\/uploads\/2025\/05\/escursione-torre-di-pisa-obereggen-300x182.jpg\")' ><\/span><\/span><span class='evoet_c2 evoet_cx '><span class='evoet_dayblock evcal_cblock ' data-bgcolor='#38823b' data-smon='September' data-syr='2026' data-bub=''><span class='evo_start  evofxdrc'><em class='date'>10<\/em><em class='month'>Sep<\/em><em class='time'>09:00<\/em><\/span><\/span><\/span><span class='evoet_c3 evoet_cx evcal_desc hide_eventtopdata '><span class='evoet_title evcal_desc2 evcal_event_title ' itemprop='name'>Gipfelwanderung zur Latemarh\u00fctte<\/span><span class='event_location_attrs evodni'  data-location_address=\"Obereggen 16 I-39050 Deutschnofen (BZ)\" data-location_type=\"lonlat\" data-location_name=\"Talstation Obereggen\" data-location_url=\"https:\/\/latemarium.com\/de\/event-location\/talstation-obereggen\/\" data-location_status=\"true\" data-locid=\"23\" data-latlng=\"46.3835808246333,11.52667595881786\"><\/span><span class='evoet_cy evoet_subtitle evo_below_title' ><span class='evcal_event_subtitle ' >Gipfelwanderung <\/span><\/span><span class='evoet_cy evoet_time_expand level_3'><em class='evcal_time evo_tz_time'><i class='fa fa-clock-o'><\/i>09:00<span class='evo_tz marl5'>(GMT+02:00)<\/span><\/em> <\/span><span class='evoet_location level_3'><em class=\"evcal_location\"  data-latlng=\"46.3835808246333,11.52667595881786\" data-add_str=\"Obereggen 16 I-39050 Deutschnofen (BZ)\" data-n=\"Talstation Obereggen\"><i class=\"fa fa-location-pin\"><\/i><em class=\"event_location_name\">Talstation Obereggen<\/em>, Obereggen 16 I-39050 Deutschnofen (BZ)<\/em><\/span><\/span><\/span><span class='evoet_data' style='display:none' data-d=\"{&quot;loc.n&quot;:&quot;Talstation Obereggen&quot;,&quot;orgs&quot;:[],&quot;tags&quot;:{&quot;repeating&quot;:&quot;Repeating Event&quot;}}\" data-bgc=\"#38823b\" data-bggrad=\"\" ><\/span><\/a><\/p><div class='event_description evcal_eventcard ' style=\"display:none\"><div class='evocard_row'><div id='event_ftimage' class='evocard_box ftimage' data-c='' \n\t\t\t\t\tstyle=''><div class='evocard_main_image_hold' data-t='Loading Image..'><div class='evocard_main_image evo_img_triglb evocd_img_minmized evobr15 evobgsc evobgpc evodfx evofx_jc_c evofx_ai_c evofz48 minmized' style='height:300px; background-image:url();' data-f=\"https:\/\/latemarium.com\/wp-content\/uploads\/2025\/05\/escursione-torre-di-pisa-obereggen.jpg\" data-h=\"755\" data-w=\"1245\" data-ratio=\"0.60642570281124\" data-event_id=\"2845\" data-ri=\"10\"  data-t='Loading Image..'><span style='height:300px; background-image:url(https:\/\/latemarium.com\/wp-content\/uploads\/2025\/05\/escursione-torre-di-pisa-obereggen.jpg)'><\/span><\/div><\/div><\/div><\/div><!-- row close --><div class='evocard_row'><div id='event_eventdetails' class='evocard_box eventdetails' data-c='' \n\t\t\t\t\tstyle=''><div class=\"evo_metarow_details evorow evcal_evdata_row evcal_event_details\">\n    <div class=\"event_excerpt\" style=\"display:none\"><h3 class=\"padb5 evo_h3\">Details zur Veranstaltung<\/h3><p>Mittelschwere bis schwere, anspruchsvolle Bergwanderung im hochalpinen Gel\u00e4nde im s\u00fcdlichen Latemar- Massiv. Beeindruckende Rundsicht auf die umliegende Bergwelt.\nRoute: Auffahrt mit dem Oberholz-Sessellift (1550\u20132100 m) \u2013 Aufstieg auf Weg 18 \u2013<\/p><\/div><span class='evcal_evdata_icons'><i class='fa fa-align-justify'><\/i><\/span>    <div class=\"evcal_evdata_cell shorter_desc\">\n        <div class=\"eventon_full_description\">\n            <h3 class=\"padb5 evo_h3\"><span class='evcal_evdata_icons'><i class='fa fa-align-justify'><\/i><\/span>Details zur Veranstaltung<\/h3>\n            <div class=\"eventon_desc_in\" itemprop=\"description\">\n                <p>Mittelschwere bis schwere, anspruchsvolle Bergwanderung im hochalpinen Gel\u00e4nde im s\u00fcdlichen Latemar- Massiv. Beeindruckende Rundsicht auf die umliegende Bergwelt.<\/p>\n<p>Route: Auffahrt mit dem Oberholz-Sessellift (1550\u20132100 m) \u2013 Aufstieg auf Weg 18 \u2013 Aussichtsplattform \u2013 Gamsstallscharte (2560 m) \u2013 Weg 516 \u2013 Pisah\u00fctte\/Latemarh\u00fctte (2671 m). Einkehr. Abstieg Weg 516 und Weg 22 \u2013 Bergstation Sessellift Oberholz \u2013 R\u00fcckfahrt.<\/p>\n<p>Start: 09.00 Uhr in Obereggen<br \/>\nR\u00fcckkehr: 16.00 Uhr<br \/>\nDauer: 7 h | Gehzeit: 6 h<br \/>\nH\u00f6henunterschied: 750 m<br \/>\nSchwierigkeit: schwer, anspruchsvoll | Anforderungen: Ausdauer, Trittsicherheit und Schwindelfreiheit |mit Einkehr | die Mitnahme von geeignetem Tourenproviant wird empfohlen<br \/>\nSessellift Oberholz: 21,50 \u20ac\/Erwachsene \u2013 17,50 \u20ac\/Junior<\/p>\n            <\/div>\n            <p class='eventon_shad_p' style='padding:5px 0 0; margin:0'><button class='evcal_btn evo_btn_secondary evobtn_details_show_more' content='less' aria-label='Mehr' aria-expanded='false'><span class='ev_more_text' data-txt='Weniger'>Mehr<\/span><span class='ev_more_arrow ard'><\/span><\/button><\/p><div class='clear'><\/div>        <\/div>\n    <\/div>\n<\/div><\/div><\/div><!-- row close --><div class='evocard_row bx2 bx'><div id='event_time' class='evocard_box time' data-c='' \n\t\t\t\t\tstyle=''><div class='evo_metarow_time evorow evcal_evdata_row evcal_evrow_sm '>\n\t\t<span class='evcal_evdata_icons'><i class='fa fa-clock'><\/i><\/span>\n\t\t<div class='evcal_evdata_cell'>\t\t\t\t\t\t\t\n\t\t\t<h3 class='evo_h3'><span class='evcal_evdata_icons'><i class='fa fa-clock'><\/i><\/span>Zeitplan<\/h3><div><span class='evo_eventcard_time_t evogap5 evofxww'><span class=\"start\">10 September 2026<\/span> <span class=\"stime\">09:00<\/span><\/span><span class='evo_tz marr5'>(GMT+02:00)<\/span><\/div>\n\t\t<\/div>\n\t<\/div><\/div><div id='event_location' class='evocard_box location' data-c='' \n\t\t\t\t\tstyle=''><div class='evcal_evdata_row evo_metarow_time_location evorow '>\n\t\t\n\t\t\t<span class='evcal_evdata_icons'><i class='fa fa-map-marker'><\/i><\/span>\n\t\t\t<div class='evcal_evdata_cell' data-loc_tax_id='23'><h3 class='evo_h3 evodfx'><span class='evcal_evdata_icons'><i class='fa fa-map-marker'><\/i><\/span>Ort<\/h3><p class='evo_location_name'>Talstation Obereggen<\/p><p class='evo_location_address evodfxi evogap10'>Obereggen 16 I-39050 Deutschnofen (BZ)<\/p><div class='padt10'><span class='evo_btn_arr evolb_trigger' data-lbvals=\"{&quot;lbdata&quot;:{&quot;class&quot;:&quot;evo_location_lb_23&quot;,&quot;additional_class&quot;:&quot;lb_max&quot;,&quot;title&quot;:&quot;Talstation Obereggen&quot;},&quot;adata&quot;:{&quot;a&quot;:&quot;eventon_get_tax_card_content&quot;,&quot;end&quot;:&quot;client&quot;,&quot;data&quot;:{&quot;lang&quot;:&quot;L2&quot;,&quot;term_id&quot;:23,&quot;tax&quot;:&quot;event_location&quot;,&quot;load_lbcontent&quot;:true}},&quot;uid&quot;:&quot;eventon_get_tax_card_content&quot;}\" >Other Events<i class='fa fa-chevron-right' aria-hidden='true'><\/i><\/span><\/div><\/div>\n\t\t\n\t<\/div><\/div><\/div><!-- row close --><div class='evocard_row bx2 bx'><div id='event_learnmore' class='evocard_box learnmore' data-c='' \n\t\t\t\t\tstyle=''><div class='evo_metarow_learnM evo_metarow_learnmore evorow'>\n\t\t\t\t\t\t\t<a class='evcal_evdata_row evo_clik_row ' href='https:\/\/eggental.com\/de\/event\/gipfelwanderung-zur-latemarhtte_11602' target=\"_blank\">\n\t\t\t\t\t\t\t\t<span class='evcal_evdata_icons'><i class='fa fa-link'><\/i><\/span>\n\t\t\t\t\t\t\t\t<h3 class='evo_h3'>Entdecke mehr<\/h3>\n\t\t\t\t\t\t\t<\/a>\n\t\t\t\t\t\t\t<\/div><\/div><div id='event_addtocal' class='evocard_box addtocal' data-c='' \n\t\t\t\t\tstyle=''><div class='evo_metarow_ICS evorow evcal_evdata_row'>\n\t\t\t<span class='evcal_evdata_icons'><i class='fa fa-calendar-o'><\/i><\/span>\n\t\t\t<div class='evcal_evdata_cell'>\n\t\t\t\t<p><a href='https:\/\/latemarium.com\/de\/export-events\/2845_10\/?key=f55e99e6ee' rel='nofollow' class='evo_ics_nCal' title='Zu Ihrem Kalender hinzuf\u00fcgen'>Kalender<\/a><a href='https:\/\/www.google.com\/calendar\/event?action=TEMPLATE&text=Gipfelwanderung%20zur%20Latemarh%C3%BCtte&dates=20260910T070000Z\/20260910T215900Z&ctz=Europe%2FRome&details=Gipfelwanderung%20zur%20Latemarh%C3%BCtte&location=Talstation%20Obereggen%20Obereggen%2016%20I-39050%20Deutschnofen%20%28BZ%29' target='_blank' rel='nofollow' class='evo_ics_gCal' title='Zu Google Kalender hinzuf\u00fcgen'>GoogleCal<\/a><\/p>\t\n\t\t\t<\/div>\n\t\t<\/div><\/div><\/div><!-- row close --><div class='evocard_row'><div id='event_getdirection' class='evocard_box getdirection' data-c='' \n\t\t\t\t\tstyle=''><div class='evo_metarow_getDr evorow evcal_evdata_row evcal_evrow_sm getdirections'>\n\t\t<form action='https:\/\/maps.google.com\/maps' method='get' target='_blank'>\n\t\t\t<input type='hidden' name='daddr' value=\"46.3835808246333,11.52667595881786\"\/> \n\t\t\t<div class='evo_get_direction_content evo_fx_dr_r evogap10'>\n\t\t\t\t<span class='evogetdir_header evodfx evofxdrr evofxaic evogap10'>\n\t\t\t\t\t<i class='mainicon fa fa-road evofz24i'><\/i> \n\t\t\t\t\t<h3 class='evo_h3 evopad0i' style='padding-bottom:5px;'>Wegbeschreibung abrufen<\/h3>\n\t\t\t\t<\/span>\n\t\t\t\t<span class='evogetdir_field evodfx evofx_1_1 evow100p'>\t\n\t\t\t\t\t<label for='6a9c46be5687f' class='evo_aria_ready sr-only'>Address - Gipfelwanderung zur Latemarh\u00fctte []<\/label>\t\t\t\t\n\t\t\t\t\t<input id='6a9c46be5687f' class='evo_aria_ready_match evoInput2 evobr10 evow100p evopad10 evoff_2 evofz14i evobrdB1 evoboxbb' type='text' name='saddr' placeholder='&quot;Geben Sie die Adresse ein' value='' style='' aria-label='Address - Gipfelwanderung zur Latemarh\u00fctte []' \/>\n\t\t\t\t<\/span>\n\t\t\t\t<div class='evodfx evofxdrr evofxaic evogap10'>\n\t\t\t\t\t<i class='fa fa-location-dot'><\/i>\n\t\t\t\t\t<div class='evoposr evofx_1 evoh100p'><label for='6a9c46be5687f' class='evo_aria_ready sr-only'>Destination Address - Gipfelwanderung zur Latemarh\u00fctte []<\/label>\t\t\n\t\t\t\t\t\t<input id='6a9c46be5687f' class='evo_aria_ready_match evoInput2 evobr10 evow100p evopad5-10 evoff_2 evofz14i evobrdB1 evoop5 evoboxbb evoh100p' type='text' style='' readonly value='Obereggen 16 I-39050 Deutschnofen (BZ)' aria-label='Destination Address - Gipfelwanderung zur Latemarh\u00fctte []'\/><button class='evo_copy_address evobuttonA evocurp evohoop7 evoposa evopad5' style='right: 3px; top: 4px; background-color: #fff;' data-txt='46.3835808246333,11.52667595881786' data-t='Address copied to clipboard!'><i class='far fa-copy evofz16i' title='Copy Destination Address!'><\/i><\/button>\n\t\t\t\t\t<\/div>\n\t\t\t\t\t<button type='submit' class='evo_get_direction_button evcal_btn dfx evofxaic evocurp evohoop7' title='&quot;Klicken Sie hier' style='    padding: 10px 15px !important;'><i class='fa fa-chevron-right'><\/i> <\/button>\n\t\t\t\t<\/div>\n\t\t\t<\/div>\n\t\t<\/form>\n\t<\/div><\/div><\/div><!-- row close --><button class='evo_card_row_end evcal_close' title='Schlie\u00dfen'><\/button><\/div><div class='clear end'><\/div><\/div><div id=\"event_2712_0\" class=\"eventon_list_event evo_eventtop scheduled  event clrD no_et event_2712_0\" data-event_id=\"2712\" data-ri=\"0r\" data-time=\"1789034400-1789077540\" data-colr=\"#38823b\" itemscope itemtype='http:\/\/schema.org\/Event'><div class=\"evo_event_schema\" style=\"display:none\" ><a itemprop='url'  href='https:\/\/latemarium.com\/de\/events\/klaenge-der-dolomiten-2\/var\/ri-0.l-L2'><\/a><meta itemprop='image' content=\"https:\/\/latemarium.com\/wp-content\/uploads\/2024\/05\/i-suoni-delle-dolomiti-ed.2026-baba-yaga.webp\" \/><meta itemprop='startDate' content=\"2026-9-10T12:00+0:00\" \/><meta itemprop='endDate' content=\"2026-9-10T23:59+0:00\" \/><meta itemprop='eventStatus' content=\"https:\/\/schema.org\/EventScheduled\" \/><meta itemprop='eventAttendanceMode'   itemscope itemtype=\"https:\/\/schema.org\/OfflineEventAttendanceMode\"\/><div style=\"display:none\" itemprop=\"location\" itemscope itemtype=\"http:\/\/schema.org\/Place\"><span itemprop=\"name\">Pampeago<\/span><span itemprop=\"address\" itemscope itemtype=\"http:\/\/schema.org\/PostalAddress\"><item itemprop=\"streetAddress\">Localit\u00e0 Pampeago, 8, 38038 Tesero TN<\/item><\/span><\/div><script type=\"application\/ld+json\">{\"@context\": \"http:\/\/schema.org\",\"@type\": \"Event\",\n\t\t\t\t\"@id\": \"event_2712_0\",\n\t\t\t\t\"eventAttendanceMode\":\"https:\/\/schema.org\/OfflineEventAttendanceMode\",\n\t\t\t\t\"eventStatus\":\"https:\/\/schema.org\/EventScheduled\",\n\t\t\t\t\"name\": \"Kl\u00e4nge der Dolomiten\",\n\t\t\t\t\"url\": \"https:\/\/latemarium.com\/de\/events\/klaenge-der-dolomiten-2\/var\/ri-0.l-L2\",\n\t\t\t\t\"startDate\": \"2026-9-10T12:00+0:00\",\n\t\t\t\t\"endDate\": \"2026-9-10T23:59+0:00\",\n\t\t\t\t\"image\":\"https:\/\/latemarium.com\/wp-content\/uploads\/2024\/05\/i-suoni-delle-dolomiti-ed.2026-baba-yaga.webp\", \n\t\t\t\t\"description\":\"<p>Doppeltermin mit Kl\u00e4nge der Dolomiten 2026<\/p> <ul> <li>10. September, 12 Uhr, Treffpunkt &#8220;Buse de Tresca&#8221; Monte Agnello &#8211; Baba Yaga<\/li> <li>20. September, 12 Uhr, Treffpunkt &#8220;Buse de Tresca&#8221; Monte Agnello &#8211; IALONI Georgian traditional polyphony<\/li> <\/ul> <p>Anfahrt: von Pampeago mit dem Sessellift Agnello und dann zu Fu\u00df auf dem Weg Nr. 509, 20 Minuten Fu\u00dfweg, H\u00f6henunterschied 50 m, Schwierigkeit E.<\/p> \",\"location\":[{\"@type\":\"Place\",\"name\":\"Pampeago\",\"address\":{\"@type\": \"PostalAddress\",\"streetAddress\":\"Localit\u00e0 Pampeago, 8, 38038 Tesero TN\"}}]}<\/script><\/div>\r\n\t\t\t\t<p class=\"desc_trig_outter\" style=\"\"><a data-gmtrig=\"1\" data-exlk=\"0\" style=\"background-color: #38823b;\" id=\"evc_17890344002712\" href=\"#\" class=\"hasFtIMG desc_trig sin_val evcal_list_a\" data-ux_val=\"3\" data-ux_val_mob=\"-\"  ><span class='evoet_in'><span class='evoet_c1 evoet_cx '><span class='evoet_cy ev_ftImg evotrans imgFxdef' data-img='https:\/\/latemarium.com\/wp-content\/uploads\/2024\/05\/i-suoni-delle-dolomiti-ed.2026-baba-yaga.webp' data-thumb='https:\/\/latemarium.com\/wp-content\/uploads\/2024\/05\/i-suoni-delle-dolomiti-ed.2026-baba-yaga-300x219.webp' style='background-image:url(\"https:\/\/latemarium.com\/wp-content\/uploads\/2024\/05\/i-suoni-delle-dolomiti-ed.2026-baba-yaga-300x219.webp\")' ><\/span><\/span><span class='evoet_c2 evoet_cx '><span class='evoet_dayblock evcal_cblock ' data-bgcolor='#38823b' data-smon='September' data-syr='2026' data-bub=''><span class='evo_start  evofxdrc'><em class='date'>10<\/em><em class='month'>Sep<\/em><em class='time'>12:00<\/em><\/span><\/span><\/span><span class='evoet_c3 evoet_cx evcal_desc hide_eventtopdata '><span class='evoet_title evcal_desc2 evcal_event_title ' itemprop='name'>Kl\u00e4nge der Dolomiten<\/span><span class='event_location_attrs evodni'  data-location_address=\"Localit\u00e0 Pampeago, 8, 38038 Tesero TN\" data-location_type=\"lonlat\" data-location_name=\"Pampeago\" data-location_url=\"https:\/\/latemarium.com\/de\/event-location\/pampeago-de\/\" data-location_status=\"true\" data-locid=\"32\" data-latlng=\"46.34343697644898,11.540997527961546\"><\/span><span class='evoet_cy evoet_subtitle evo_below_title' ><span class='evcal_event_subtitle ' >KONZERT<\/span><\/span><span class='evoet_cy evoet_time_expand level_3'><em class='evcal_time evo_tz_time'><i class='fa fa-clock-o'><\/i>12:00<span class='evo_tz marl5'>(GMT+02:00)<\/span><\/em> <\/span><span class='evoet_location level_3'><em class=\"evcal_location\"  data-latlng=\"46.34343697644898,11.540997527961546\" data-add_str=\"Localit\u00e0 Pampeago, 8, 38038 Tesero TN\" data-n=\"Pampeago\"><i class=\"fa fa-location-pin\"><\/i><em class=\"event_location_name\">Pampeago<\/em>, Localit\u00e0 Pampeago, 8, 38038 Tesero TN<\/em><\/span><\/span><\/span><span class='evoet_data' style='display:none' data-d=\"{&quot;loc.n&quot;:&quot;Pampeago&quot;,&quot;orgs&quot;:[],&quot;tags&quot;:[]}\" data-bgc=\"#38823b\" data-bggrad=\"\" ><\/span><\/a><\/p><div class='event_description evcal_eventcard ' style=\"display:none\"><div class='evocard_row'><div id='event_ftimage' class='evocard_box ftimage' data-c='' \n\t\t\t\t\tstyle=''><div class='evocard_main_image_hold' data-t='Loading Image..'><div class='evocard_main_image evo_img_triglb evocd_img_minmized evobr15 evobgsc evobgpc evodfx evofx_jc_c evofx_ai_c evofz48 minmized' style='height:300px; background-image:url();' data-f=\"https:\/\/latemarium.com\/wp-content\/uploads\/2024\/05\/i-suoni-delle-dolomiti-ed.2026-baba-yaga.webp\" data-h=\"1460\" data-w=\"2000\" data-ratio=\"0.73\" data-event_id=\"2712\" data-ri=\"0\"  data-t='Loading Image..'><span style='height:300px; background-image:url(https:\/\/latemarium.com\/wp-content\/uploads\/2024\/05\/i-suoni-delle-dolomiti-ed.2026-baba-yaga.webp)'><\/span><\/div><\/div><\/div><\/div><!-- row close --><div class='evocard_row'><div id='event_eventdetails' class='evocard_box eventdetails' data-c='' \n\t\t\t\t\tstyle=''><div class=\"evo_metarow_details evorow evcal_evdata_row evcal_event_details\">\n    <div class=\"event_excerpt\" style=\"display:none\"><h3 class=\"padb5 evo_h3\">Details zur Veranstaltung<\/h3><p>Doppeltermin mit Kl\u00e4nge der Dolomiten 2026\n\n10. September, 12 Uhr, Treffpunkt &#8220;Buse de Tresca&#8221; Monte Agnello &#8211; Baba Yaga\n20. September, 12 Uhr, Treffpunkt &#8220;Buse de Tresca&#8221; Monte Agnello &#8211; IALONI Georgian<\/p><\/div><span class='evcal_evdata_icons'><i class='fa fa-align-justify'><\/i><\/span>    <div class=\"evcal_evdata_cell \">\n        <div class=\"eventon_full_description\">\n            <h3 class=\"padb5 evo_h3\"><span class='evcal_evdata_icons'><i class='fa fa-align-justify'><\/i><\/span>Details zur Veranstaltung<\/h3>\n            <div class=\"eventon_desc_in\" itemprop=\"description\">\n                <p>Doppeltermin mit Kl\u00e4nge der Dolomiten 2026<\/p>\n<ul>\n<li>10. September, 12 Uhr, Treffpunkt &#8220;Buse de Tresca&#8221; Monte Agnello &#8211; Baba Yaga<\/li>\n<li>20. September, 12 Uhr, Treffpunkt &#8220;Buse de Tresca&#8221; Monte Agnello &#8211; IALONI Georgian traditional polyphony<\/li>\n<\/ul>\n<p>Anfahrt: von Pampeago mit dem Sessellift Agnello und dann zu Fu\u00df auf dem Weg Nr. 509, 20 Minuten Fu\u00dfweg, H\u00f6henunterschied 50 m, Schwierigkeit E.<\/p>\n            <\/div>\n            <div class='clear'><\/div>        <\/div>\n    <\/div>\n<\/div><\/div><\/div><!-- row close --><div class='evocard_row bx2 bx'><div id='event_time' class='evocard_box time' data-c='' \n\t\t\t\t\tstyle=''><div class='evo_metarow_time evorow evcal_evdata_row evcal_evrow_sm '>\n\t\t<span class='evcal_evdata_icons'><i class='fa fa-clock'><\/i><\/span>\n\t\t<div class='evcal_evdata_cell'>\t\t\t\t\t\t\t\n\t\t\t<h3 class='evo_h3'><span class='evcal_evdata_icons'><i class='fa fa-clock'><\/i><\/span>Zeitplan<\/h3><div><span class='evo_eventcard_time_t evogap5 evofxww'><span class=\"start\">10 September 2026<\/span> <span class=\"stime\">12:00<\/span><\/span><span class='evo_tz marr5'>(GMT+02:00)<\/span><\/div>\n\t\t<\/div>\n\t<\/div><\/div><div id='event_location' class='evocard_box location' data-c='' \n\t\t\t\t\tstyle=''><div class='evcal_evdata_row evo_metarow_time_location evorow '>\n\t\t\n\t\t\t<span class='evcal_evdata_icons'><i class='fa fa-map-marker'><\/i><\/span>\n\t\t\t<div class='evcal_evdata_cell' data-loc_tax_id='32'><h3 class='evo_h3 evodfx'><span class='evcal_evdata_icons'><i class='fa fa-map-marker'><\/i><\/span>Ort<\/h3><p class='evo_location_name'>Pampeago<\/p><p class='evo_location_address evodfxi evogap10'>Localit\u00e0 Pampeago, 8, 38038 Tesero TN<\/p><div class='padt10'><span class='evo_btn_arr evolb_trigger' data-lbvals=\"{&quot;lbdata&quot;:{&quot;class&quot;:&quot;evo_location_lb_32&quot;,&quot;additional_class&quot;:&quot;lb_max&quot;,&quot;title&quot;:&quot;Pampeago&quot;},&quot;adata&quot;:{&quot;a&quot;:&quot;eventon_get_tax_card_content&quot;,&quot;end&quot;:&quot;client&quot;,&quot;data&quot;:{&quot;lang&quot;:&quot;L2&quot;,&quot;term_id&quot;:32,&quot;tax&quot;:&quot;event_location&quot;,&quot;load_lbcontent&quot;:true}},&quot;uid&quot;:&quot;eventon_get_tax_card_content&quot;}\" >Other Events<i class='fa fa-chevron-right' aria-hidden='true'><\/i><\/span><\/div><\/div>\n\t\t\n\t<\/div><\/div><\/div><!-- row close --><div class='evocard_row bx2 bx'><div id='event_learnmore' class='evocard_box learnmore' data-c='' \n\t\t\t\t\tstyle=''><div class='evo_metarow_learnM evo_metarow_learnmore evorow'>\n\t\t\t\t\t\t\t<a class='evcal_evdata_row evo_clik_row ' href='https:\/\/www.isuonidelledolomiti.it\/en\/events\/baba-yaga' target=\"_blank\">\n\t\t\t\t\t\t\t\t<span class='evcal_evdata_icons'><i class='fa fa-link'><\/i><\/span>\n\t\t\t\t\t\t\t\t<h3 class='evo_h3'>Entdecke mehr<\/h3>\n\t\t\t\t\t\t\t<\/a>\n\t\t\t\t\t\t\t<\/div><\/div><div id='event_addtocal' class='evocard_box addtocal' data-c='' \n\t\t\t\t\tstyle=''><div class='evo_metarow_ICS evorow evcal_evdata_row'>\n\t\t\t<span class='evcal_evdata_icons'><i class='fa fa-calendar-o'><\/i><\/span>\n\t\t\t<div class='evcal_evdata_cell'>\n\t\t\t\t<p><a href='https:\/\/latemarium.com\/de\/export-events\/2712_0\/?key=f55e99e6ee' rel='nofollow' class='evo_ics_nCal' title='Zu Ihrem Kalender hinzuf\u00fcgen'>Kalender<\/a><a href='https:\/\/www.google.com\/calendar\/event?action=TEMPLATE&text=Kl%C3%A4nge%20der%20Dolomiten&dates=20260910T100000Z\/20260910T215900Z&ctz=Europe%2FRome&details=Kl%C3%A4nge%20der%20Dolomiten&location=Pampeago%20Localit%C3%A0%20Pampeago%2C%208%2C%2038038%20Tesero%20TN' target='_blank' rel='nofollow' class='evo_ics_gCal' title='Zu Google Kalender hinzuf\u00fcgen'>GoogleCal<\/a><\/p>\t\n\t\t\t<\/div>\n\t\t<\/div><\/div><\/div><!-- row close --><div class='evocard_row'><div id='event_getdirection' class='evocard_box getdirection' data-c='' \n\t\t\t\t\tstyle=''><div class='evo_metarow_getDr evorow evcal_evdata_row evcal_evrow_sm getdirections'>\n\t\t<form action='https:\/\/maps.google.com\/maps' method='get' target='_blank'>\n\t\t\t<input type='hidden' name='daddr' value=\"Localit\u00e0 Pampeago, 8, 38038 Tesero TN\"\/> \n\t\t\t<div class='evo_get_direction_content evo_fx_dr_r evogap10'>\n\t\t\t\t<span class='evogetdir_header evodfx evofxdrr evofxaic evogap10'>\n\t\t\t\t\t<i class='mainicon fa fa-road evofz24i'><\/i> \n\t\t\t\t\t<h3 class='evo_h3 evopad0i' style='padding-bottom:5px;'>Wegbeschreibung abrufen<\/h3>\n\t\t\t\t<\/span>\n\t\t\t\t<span class='evogetdir_field evodfx evofx_1_1 evow100p'>\t\n\t\t\t\t\t<label for='6a9c46be57436' class='evo_aria_ready sr-only'>Address - Kl\u00e4nge der Dolomiten []<\/label>\t\t\t\t\n\t\t\t\t\t<input id='6a9c46be57436' class='evo_aria_ready_match evoInput2 evobr10 evow100p evopad10 evoff_2 evofz14i evobrdB1 evoboxbb' type='text' name='saddr' placeholder='&quot;Geben Sie die Adresse ein' value='' style='' aria-label='Address - Kl\u00e4nge der Dolomiten []' \/>\n\t\t\t\t<\/span>\n\t\t\t\t<div class='evodfx evofxdrr evofxaic evogap10'>\n\t\t\t\t\t<i class='fa fa-location-dot'><\/i>\n\t\t\t\t\t<div class='evoposr evofx_1 evoh100p'><label for='6a9c46be57436' class='evo_aria_ready sr-only'>Destination Address - Kl\u00e4nge der Dolomiten []<\/label>\t\t\n\t\t\t\t\t\t<input id='6a9c46be57436' class='evo_aria_ready_match evoInput2 evobr10 evow100p evopad5-10 evoff_2 evofz14i evobrdB1 evoop5 evoboxbb evoh100p' type='text' style='' readonly value='Localit\u00e0 Pampeago, 8, 38038 Tesero TN' aria-label='Destination Address - Kl\u00e4nge der Dolomiten []'\/><button class='evo_copy_address evobuttonA evocurp evohoop7 evoposa evopad5' style='right: 3px; top: 4px; background-color: #fff;' data-txt='Localit\u00e0 Pampeago, 8, 38038 Tesero TN' data-t='Address copied to clipboard!'><i class='far fa-copy evofz16i' title='Copy Destination Address!'><\/i><\/button>\n\t\t\t\t\t<\/div>\n\t\t\t\t\t<button type='submit' class='evo_get_direction_button evcal_btn dfx evofxaic evocurp evohoop7' title='&quot;Klicken Sie hier' style='    padding: 10px 15px !important;'><i class='fa fa-chevron-right'><\/i> <\/button>\n\t\t\t\t<\/div>\n\t\t\t<\/div>\n\t\t<\/form>\n\t<\/div><\/div><\/div><!-- row close --><button class='evo_card_row_end evcal_close' title='Schlie\u00dfen'><\/button><\/div><div class='clear end'><\/div><\/div><div id=\"event_2498_11\" class=\"eventon_list_event evo_eventtop scheduled  event clrW no_et event_2498_11\" data-event_id=\"2498\" data-ri=\"11r\" data-time=\"1789111800-1789163940\" data-colr=\"#6baeff\" itemscope itemtype='http:\/\/schema.org\/Event'><div class=\"evo_event_schema\" style=\"display:none\" ><a itemprop='url'  href='https:\/\/latemarium.com\/de\/events\/respirart-kunst-und-schoenheit-schaffen\/var\/ri-11.l-L2'><\/a><meta itemprop='image' content=\"https:\/\/latemarium.com\/wp-content\/uploads\/2021\/05\/respirart-vita-e-bellezza.jpg\" \/><meta itemprop='startDate' content=\"2026-9-11T09:30+0:00\" \/><meta itemprop='endDate' content=\"2026-9-11T23:59+0:00\" \/><meta itemprop='eventStatus' content=\"https:\/\/schema.org\/EventScheduled\" \/><meta itemprop='eventAttendanceMode'   itemscope itemtype=\"https:\/\/schema.org\/OfflineEventAttendanceMode\"\/><div style=\"display:none\" itemprop=\"location\" itemscope itemtype=\"http:\/\/schema.org\/Place\"><span itemprop=\"name\">Pampeago<\/span><span itemprop=\"address\" itemscope itemtype=\"http:\/\/schema.org\/PostalAddress\"><item itemprop=\"streetAddress\">Localit\u00e0 Pampeago, 8, 38038 Tesero TN<\/item><\/span><\/div><script type=\"application\/ld+json\">{\"@context\": \"http:\/\/schema.org\",\"@type\": \"Event\",\n\t\t\t\t\"@id\": \"event_2498_11\",\n\t\t\t\t\"eventAttendanceMode\":\"https:\/\/schema.org\/OfflineEventAttendanceMode\",\n\t\t\t\t\"eventStatus\":\"https:\/\/schema.org\/EventScheduled\",\n\t\t\t\t\"name\": \"Respirart: Kunst und Sch\u00f6nheit schaffen\",\n\t\t\t\t\"url\": \"https:\/\/latemarium.com\/de\/events\/respirart-kunst-und-schoenheit-schaffen\/var\/ri-11.l-L2\",\n\t\t\t\t\"startDate\": \"2026-9-11T09:30+0:00\",\n\t\t\t\t\"endDate\": \"2026-9-11T23:59+0:00\",\n\t\t\t\t\"image\":\"https:\/\/latemarium.com\/wp-content\/uploads\/2021\/05\/respirart-vita-e-bellezza.jpg\", \n\t\t\t\t\"description\":\"<p><strong>Jeden Freitag vom 26. Juni bis 11. September 2026<\/strong><\/p> <p>RespirArt ist ein Umwelt- und Kunstworkshop f\u00fcr alle, ob jung oder alt. Wir werden Kunstwerke auf spielerische Art und Weise entdecken.<br \/> Treffen Sie sich um 9.30 Uhr am Start des Sessellifts Pampeago-Agnello mit dem Kunstf\u00fchrer, der Ihnen die Samen zum \u00dcberfliegen des RespirArt-Parks gibt. Im Rahmen des Kunst-Workshops werden die Kinder mit nat\u00fcrlichen Materialien kleine Kunstwerke an Land schaffen.<\/p> <p>Reservierung erforderlich.<\/p> <p>Klicken Sie <a href='https:\/\/www.visitfiemme.it\/de\/veranstaltungen\/fiemme-cembra-guest-card\/erlebnisse\/erlebnisse-sommer' target='_blank' rel='noopener'>hier<\/a>, zum Buchen.<\/p> \",\"location\":[{\"@type\":\"Place\",\"name\":\"Pampeago\",\"address\":{\"@type\": \"PostalAddress\",\"streetAddress\":\"Localit\u00e0 Pampeago, 8, 38038 Tesero TN\"}}]}<\/script><\/div>\r\n\t\t\t\t<p class=\"desc_trig_outter\" style=\"\"><a data-gmtrig=\"1\" data-exlk=\"0\" style=\"background-color: #6baeff;\" id=\"evc_17891118002498\" href=\"#\" class=\"hasFtIMG event_repeat desc_trig sin_val evcal_list_a\" data-ux_val=\"3\" data-ux_val_mob=\"-\"  ><span class='evoet_in'><span class='evoet_c1 evoet_cx '><span class='evoet_cy ev_ftImg evotrans imgFxdef' data-img='https:\/\/latemarium.com\/wp-content\/uploads\/2021\/05\/respirart-vita-e-bellezza.jpg' data-thumb='https:\/\/latemarium.com\/wp-content\/uploads\/2021\/05\/respirart-vita-e-bellezza-300x201.jpg' style='background-image:url(\"https:\/\/latemarium.com\/wp-content\/uploads\/2021\/05\/respirart-vita-e-bellezza-300x201.jpg\")' ><\/span><\/span><span class='evoet_c2 evoet_cx '><span class='evoet_dayblock evcal_cblock ' data-bgcolor='#6baeff' data-smon='September' data-syr='2026' data-bub=''><span class='evo_start  evofxdrc'><em class='date'>11<\/em><em class='month'>Sep<\/em><em class='time'>09:30<\/em><\/span><\/span><\/span><span class='evoet_c3 evoet_cx evcal_desc hide_eventtopdata '><span class='evoet_title evcal_desc2 evcal_event_title ' itemprop='name'>Respirart: Kunst und Sch\u00f6nheit schaffen<\/span><span class='event_location_attrs evodni'  data-location_address=\"Localit\u00e0 Pampeago, 8, 38038 Tesero TN\" data-location_type=\"lonlat\" data-location_name=\"Pampeago\" data-location_url=\"https:\/\/latemarium.com\/de\/event-location\/pampeago-de\/\" data-location_status=\"true\" data-locid=\"32\" data-latlng=\"46.34343697644898,11.540997527961546\"><\/span><span class='evoet_cy evoet_subtitle evo_below_title' ><span class='evcal_event_subtitle ' >Kunst-Workshop<\/span><\/span><span class='evoet_cy evoet_time_expand level_3'><em class='evcal_time evo_tz_time'><i class='fa fa-clock-o'><\/i>09:30<span class='evo_tz marl5'>(GMT+02:00)<\/span><\/em> <\/span><span class='evoet_location level_3'><em class=\"evcal_location\"  data-latlng=\"46.34343697644898,11.540997527961546\" data-add_str=\"Localit\u00e0 Pampeago, 8, 38038 Tesero TN\" data-n=\"Pampeago\"><i class=\"fa fa-location-pin\"><\/i><em class=\"event_location_name\">Pampeago<\/em>, Localit\u00e0 Pampeago, 8, 38038 Tesero TN<\/em><\/span><\/span><\/span><span class='evoet_data' style='display:none' data-d=\"{&quot;loc.n&quot;:&quot;Pampeago&quot;,&quot;orgs&quot;:[],&quot;tags&quot;:{&quot;repeating&quot;:&quot;Repeating Event&quot;}}\" data-bgc=\"#6baeff\" data-bggrad=\"\" ><\/span><\/a><\/p><div class='event_description evcal_eventcard ' style=\"display:none\"><div class='evocard_row'><div id='event_ftimage' class='evocard_box ftimage' data-c='' \n\t\t\t\t\tstyle=''><div class='evocard_main_image_hold' data-t='Loading Image..'><div class='evocard_main_image evo_img_triglb evocd_img_minmized evobr15 evobgsc evobgpc evodfx evofx_jc_c evofx_ai_c evofz48 minmized' style='height:300px; background-image:url();' data-f=\"https:\/\/latemarium.com\/wp-content\/uploads\/2021\/05\/respirart-vita-e-bellezza.jpg\" data-h=\"602\" data-w=\"899\" data-ratio=\"0.66963292547275\" data-event_id=\"2498\" data-ri=\"11\"  data-t='Loading Image..'><span style='height:300px; background-image:url(https:\/\/latemarium.com\/wp-content\/uploads\/2021\/05\/respirart-vita-e-bellezza.jpg)'><\/span><\/div><\/div><\/div><\/div><!-- row close --><div class='evocard_row'><div id='event_eventdetails' class='evocard_box eventdetails' data-c='' \n\t\t\t\t\tstyle=''><div class=\"evo_metarow_details evorow evcal_evdata_row evcal_event_details\">\n    <div class=\"event_excerpt\" style=\"display:none\"><h3 class=\"padb5 evo_h3\">Details zur Veranstaltung<\/h3><p>Jeden Freitag vom 26. Juni bis 11. September 2026\nRespirArt ist ein Umwelt- und Kunstworkshop f\u00fcr alle, ob jung oder alt. Wir werden Kunstwerke auf spielerische Art und Weise entdecken.\nTreffen<\/p><\/div><span class='evcal_evdata_icons'><i class='fa fa-align-justify'><\/i><\/span>    <div class=\"evcal_evdata_cell shorter_desc\">\n        <div class=\"eventon_full_description\">\n            <h3 class=\"padb5 evo_h3\"><span class='evcal_evdata_icons'><i class='fa fa-align-justify'><\/i><\/span>Details zur Veranstaltung<\/h3>\n            <div class=\"eventon_desc_in\" itemprop=\"description\">\n                <p><strong>Jeden Freitag vom 26. Juni bis 11. September 2026<\/strong><\/p>\n<p>RespirArt ist ein Umwelt- und Kunstworkshop f\u00fcr alle, ob jung oder alt. Wir werden Kunstwerke auf spielerische Art und Weise entdecken.<br \/>\nTreffen Sie sich um 9.30 Uhr am Start des Sessellifts Pampeago-Agnello mit dem Kunstf\u00fchrer, der Ihnen die Samen zum \u00dcberfliegen des RespirArt-Parks gibt. Im Rahmen des Kunst-Workshops werden die Kinder mit nat\u00fcrlichen Materialien kleine Kunstwerke an Land schaffen.<\/p>\n<p>Reservierung erforderlich.<\/p>\n<p>Klicken Sie <a href=\"https:\/\/www.visitfiemme.it\/de\/veranstaltungen\/fiemme-cembra-guest-card\/erlebnisse\/erlebnisse-sommer\" target=\"_blank\" rel=\"noopener\">hier<\/a>, zum Buchen.<\/p>\n            <\/div>\n            <p class='eventon_shad_p' style='padding:5px 0 0; margin:0'><button class='evcal_btn evo_btn_secondary evobtn_details_show_more' content='less' aria-label='Mehr' aria-expanded='false'><span class='ev_more_text' data-txt='Weniger'>Mehr<\/span><span class='ev_more_arrow ard'><\/span><\/button><\/p><div class='clear'><\/div>        <\/div>\n    <\/div>\n<\/div><\/div><\/div><!-- row close --><div class='evocard_row bx2 bx'><div id='event_time' class='evocard_box time' data-c='' \n\t\t\t\t\tstyle=''><div class='evo_metarow_time evorow evcal_evdata_row evcal_evrow_sm '>\n\t\t<span class='evcal_evdata_icons'><i class='fa fa-clock'><\/i><\/span>\n\t\t<div class='evcal_evdata_cell'>\t\t\t\t\t\t\t\n\t\t\t<h3 class='evo_h3'><span class='evcal_evdata_icons'><i class='fa fa-clock'><\/i><\/span>Zeitplan<\/h3><div><span class='evo_eventcard_time_t evogap5 evofxww'><span class=\"start\">11 September 2026<\/span> <span class=\"stime\">09:30<\/span><\/span><span class='evo_tz marr5'>(GMT+02:00)<\/span><\/div>\n\t\t<\/div>\n\t<\/div><\/div><div id='event_location' class='evocard_box location' data-c='' \n\t\t\t\t\tstyle=''><div class='evcal_evdata_row evo_metarow_time_location evorow '>\n\t\t\n\t\t\t<span class='evcal_evdata_icons'><i class='fa fa-map-marker'><\/i><\/span>\n\t\t\t<div class='evcal_evdata_cell' data-loc_tax_id='32'><h3 class='evo_h3 evodfx'><span class='evcal_evdata_icons'><i class='fa fa-map-marker'><\/i><\/span>Ort<\/h3><p class='evo_location_name'>Pampeago<\/p><p class='evo_location_address evodfxi evogap10'>Localit\u00e0 Pampeago, 8, 38038 Tesero TN<\/p><div class='padt10'><span class='evo_btn_arr evolb_trigger' data-lbvals=\"{&quot;lbdata&quot;:{&quot;class&quot;:&quot;evo_location_lb_32&quot;,&quot;additional_class&quot;:&quot;lb_max&quot;,&quot;title&quot;:&quot;Pampeago&quot;},&quot;adata&quot;:{&quot;a&quot;:&quot;eventon_get_tax_card_content&quot;,&quot;end&quot;:&quot;client&quot;,&quot;data&quot;:{&quot;lang&quot;:&quot;L2&quot;,&quot;term_id&quot;:32,&quot;tax&quot;:&quot;event_location&quot;,&quot;load_lbcontent&quot;:true}},&quot;uid&quot;:&quot;eventon_get_tax_card_content&quot;}\" >Other Events<i class='fa fa-chevron-right' aria-hidden='true'><\/i><\/span><\/div><\/div>\n\t\t\n\t<\/div><\/div><\/div><!-- row close --><div class='evocard_row'><div id='event_addtocal' class='evocard_box addtocal' data-c='' \n\t\t\t\t\tstyle=''><div class='evo_metarow_ICS evorow evcal_evdata_row'>\n\t\t\t<span class='evcal_evdata_icons'><i class='fa fa-calendar-o'><\/i><\/span>\n\t\t\t<div class='evcal_evdata_cell'>\n\t\t\t\t<p><a href='https:\/\/latemarium.com\/de\/export-events\/2498_11\/?key=f55e99e6ee' rel='nofollow' class='evo_ics_nCal' title='Zu Ihrem Kalender hinzuf\u00fcgen'>Kalender<\/a><a href='https:\/\/www.google.com\/calendar\/event?action=TEMPLATE&text=Respirart%3A%20Kunst%20und%20Sch%C3%B6nheit%20schaffen&dates=20260911T073000Z\/20260911T215900Z&ctz=Europe%2FRome&details=Respirart%3A%20Kunst%20und%20Sch%C3%B6nheit%20schaffen&location=Pampeago%20Localit%C3%A0%20Pampeago%2C%208%2C%2038038%20Tesero%20TN' target='_blank' rel='nofollow' class='evo_ics_gCal' title='Zu Google Kalender hinzuf\u00fcgen'>GoogleCal<\/a><\/p>\t\n\t\t\t<\/div>\n\t\t<\/div><\/div><\/div><!-- row close --><div class='evocard_row'><div id='event_getdirection' class='evocard_box getdirection' data-c='' \n\t\t\t\t\tstyle=''><div class='evo_metarow_getDr evorow evcal_evdata_row evcal_evrow_sm getdirections'>\n\t\t<form action='https:\/\/maps.google.com\/maps' method='get' target='_blank'>\n\t\t\t<input type='hidden' name='daddr' value=\"Localit\u00e0 Pampeago, 8, 38038 Tesero TN\"\/> \n\t\t\t<div class='evo_get_direction_content evo_fx_dr_r evogap10'>\n\t\t\t\t<span class='evogetdir_header evodfx evofxdrr evofxaic evogap10'>\n\t\t\t\t\t<i class='mainicon fa fa-road evofz24i'><\/i> \n\t\t\t\t\t<h3 class='evo_h3 evopad0i' style='padding-bottom:5px;'>Wegbeschreibung abrufen<\/h3>\n\t\t\t\t<\/span>\n\t\t\t\t<span class='evogetdir_field evodfx evofx_1_1 evow100p'>\t\n\t\t\t\t\t<label for='6a9c46be57c19' class='evo_aria_ready sr-only'>Address - Respirart: Kunst und Sch\u00f6nheit schaffen []<\/label>\t\t\t\t\n\t\t\t\t\t<input id='6a9c46be57c19' class='evo_aria_ready_match evoInput2 evobr10 evow100p evopad10 evoff_2 evofz14i evobrdB1 evoboxbb' type='text' name='saddr' placeholder='&quot;Geben Sie die Adresse ein' value='' style='' aria-label='Address - Respirart: Kunst und Sch\u00f6nheit schaffen []' \/>\n\t\t\t\t<\/span>\n\t\t\t\t<div class='evodfx evofxdrr evofxaic evogap10'>\n\t\t\t\t\t<i class='fa fa-location-dot'><\/i>\n\t\t\t\t\t<div class='evoposr evofx_1 evoh100p'><label for='6a9c46be57c19' class='evo_aria_ready sr-only'>Destination Address - Respirart: Kunst und Sch\u00f6nheit schaffen []<\/label>\t\t\n\t\t\t\t\t\t<input id='6a9c46be57c19' class='evo_aria_ready_match evoInput2 evobr10 evow100p evopad5-10 evoff_2 evofz14i evobrdB1 evoop5 evoboxbb evoh100p' type='text' style='' readonly value='Localit\u00e0 Pampeago, 8, 38038 Tesero TN' aria-label='Destination Address - Respirart: Kunst und Sch\u00f6nheit schaffen []'\/><button class='evo_copy_address evobuttonA evocurp evohoop7 evoposa evopad5' style='right: 3px; top: 4px; background-color: #fff;' data-txt='Localit\u00e0 Pampeago, 8, 38038 Tesero TN' data-t='Address copied to clipboard!'><i class='far fa-copy evofz16i' title='Copy Destination Address!'><\/i><\/button>\n\t\t\t\t\t<\/div>\n\t\t\t\t\t<button type='submit' class='evo_get_direction_button evcal_btn dfx evofxaic evocurp evohoop7' title='&quot;Klicken Sie hier' style='    padding: 10px 15px !important;'><i class='fa fa-chevron-right'><\/i> <\/button>\n\t\t\t\t<\/div>\n\t\t\t<\/div>\n\t\t<\/form>\n\t<\/div><\/div><\/div><!-- row close --><button class='evo_card_row_end evcal_close' title='Schlie\u00dfen'><\/button><\/div><div class='clear end'><\/div><\/div><div id=\"event_3002_0\" class=\"eventon_list_event evo_eventtop scheduled  event clrD no_et event_3002_0\" data-event_id=\"3002\" data-ri=\"0r\" data-time=\"1789153200-1789163940\" data-colr=\"#38823b\" itemscope itemtype='http:\/\/schema.org\/Event'><div class=\"evo_event_schema\" style=\"display:none\" ><a itemprop='url'  href='https:\/\/latemarium.com\/de\/events\/timeless-sounds-of-eggental-experience-trio-classic-crossover\/var\/ri-0.l-L2'><\/a><meta itemprop='image'  \/><meta itemprop='startDate' content=\"2026-9-11T21:00+0:00\" \/><meta itemprop='endDate' content=\"2026-9-11T23:59+0:00\" \/><meta itemprop='eventStatus' content=\"https:\/\/schema.org\/EventScheduled\" \/><meta itemprop='eventAttendanceMode'   itemscope itemtype=\"https:\/\/schema.org\/OfflineEventAttendanceMode\"\/><div style=\"display:none\" itemprop=\"location\" itemscope itemtype=\"http:\/\/schema.org\/Place\"><span itemprop=\"name\">Talstation Obereggen<\/span><span itemprop=\"address\" itemscope itemtype=\"http:\/\/schema.org\/PostalAddress\"><item itemprop=\"streetAddress\">Obereggen 16 I-39050 Deutschnofen (BZ)<\/item><\/span><\/div><script type=\"application\/ld+json\">{\"@context\": \"http:\/\/schema.org\",\"@type\": \"Event\",\n\t\t\t\t\"@id\": \"event_3002_0\",\n\t\t\t\t\"eventAttendanceMode\":\"https:\/\/schema.org\/OfflineEventAttendanceMode\",\n\t\t\t\t\"eventStatus\":\"https:\/\/schema.org\/EventScheduled\",\n\t\t\t\t\"name\": \"Timeless Sounds of Eggental - Experience Trio \u2013 Classic Crossover\",\n\t\t\t\t\"url\": \"https:\/\/latemarium.com\/de\/events\/timeless-sounds-of-eggental-experience-trio-classic-crossover\/var\/ri-0.l-L2\",\n\t\t\t\t\"startDate\": \"2026-9-11T21:00+0:00\",\n\t\t\t\t\"endDate\": \"2026-9-11T23:59+0:00\",\n\t\t\t\t\"image\":\"\", \n\t\t\t\t\"description\":\"<h2>Timeless Sounds of Eggental &#8211; Experience Trio \u2013 Classic Crossover<\/h2> <p>Das Experience Trio pr\u00e4sentiert ein originelles Crossover\u2011Konzert zwischen klassischer Musik und modernen Kl\u00e4ngen. Drei vielseitige Musiker verbinden unterschiedliche musikalische Welten und schaffen ein Programm voller Kontraste und Emotionen.<\/p> <p>Das Repertoire reicht vom Barock Antonio Vivaldis \u00fcber die Musik der Queen bis hin zu den mitrei\u00dfenden Tangos von Astor Piazzolla. Zum Programm geh\u00f6ren au\u00dferdem Originalkompositionen von Josu\u00e8 Esa\u00f9 Iovane.<\/p> <p>So entsteht ein dynamisches Musikerlebnis, das Tradition und zeitgen\u00f6ssische Ausdrucksformen miteinander vereint.<\/p> <p>Treffpunkt: 21:00 Uhr \u2013 Fernw\u00e4rmezentrale Obereggen<br \/> Dauer: ca. 2 Stunden<br \/> Freier Eintritt<\/p> \",\"location\":[{\"@type\":\"Place\",\"name\":\"Talstation Obereggen\",\"address\":{\"@type\": \"PostalAddress\",\"streetAddress\":\"Obereggen 16 I-39050 Deutschnofen (BZ)\"}}]}<\/script><\/div>\r\n\t\t\t\t<p class=\"desc_trig_outter\" style=\"\"><a data-gmap_status=\"null\" data-exlk=\"0\" style=\"background-color: #38823b;\" id=\"evc_17891532003002\" href=\"#\" class=\"desc_trig sin_val evcal_list_a\" data-ux_val=\"3\" data-ux_val_mob=\"-\"  ><span class='evoet_in'><span class='evoet_c2 evoet_cx '><span class='evoet_dayblock evcal_cblock ' data-bgcolor='#38823b' data-smon='September' data-syr='2026' data-bub=''><span class='evo_start  evofxdrc'><em class='date'>11<\/em><em class='month'>Sep<\/em><em class='time'>21:00<\/em><\/span><\/span><\/span><span class='evoet_c3 evoet_cx evcal_desc hide_eventtopdata '><span class='evoet_title evcal_desc2 evcal_event_title ' itemprop='name'>Timeless Sounds of Eggental - Experience Trio \u2013 Classic Crossover<\/span><span class='event_location_attrs evodni'  data-location_address=\"Obereggen 16 I-39050 Deutschnofen (BZ)\" data-location_type=\"lonlat\" data-location_name=\"Talstation Obereggen\" data-location_url=\"https:\/\/latemarium.com\/de\/event-location\/talstation-obereggen\/\" data-location_status=\"true\" data-locid=\"23\" data-latlng=\"46.3835808246333,11.52667595881786\"><\/span><span class='evoet_cy evoet_subtitle evo_below_title' ><span class='evcal_event_subtitle ' >KONZERT<\/span><\/span><span class='evoet_cy evoet_time_expand level_3'><em class='evcal_time evo_tz_time'><i class='fa fa-clock-o'><\/i>21:00<span class='evo_tz marl5'>(GMT+02:00)<\/span><\/em> <\/span><span class='evoet_location level_3'><em class=\"evcal_location\"  data-latlng=\"46.3835808246333,11.52667595881786\" data-add_str=\"Obereggen 16 I-39050 Deutschnofen (BZ)\" data-n=\"Talstation Obereggen\"><i class=\"fa fa-location-pin\"><\/i><em class=\"event_location_name\">Talstation Obereggen<\/em>, Obereggen 16 I-39050 Deutschnofen (BZ)<\/em><\/span><\/span><\/span><span class='evoet_data' style='display:none' data-d=\"{&quot;loc.n&quot;:&quot;Talstation Obereggen&quot;,&quot;orgs&quot;:[],&quot;tags&quot;:[]}\" data-bgc=\"#38823b\" data-bggrad=\"\" ><\/span><\/a><\/p><div class='event_description evcal_eventcard ' style=\"display:none\"><div class='evocard_row'><div id='event_eventdetails' class='evocard_box eventdetails' data-c='' \n\t\t\t\t\tstyle=''><div class=\"evo_metarow_details evorow evcal_evdata_row evcal_event_details\">\n    <div class=\"event_excerpt\" style=\"display:none\"><h3 class=\"padb5 evo_h3\">Details zur Veranstaltung<\/h3><p>Timeless Sounds of Eggental &#8211; Experience Trio \u2013 Classic Crossover\nDas Experience Trio pr\u00e4sentiert ein originelles Crossover\u2011Konzert zwischen klassischer Musik und modernen Kl\u00e4ngen. Drei vielseitige Musiker verbinden unterschiedliche musikalische Welten und<\/p><\/div><span class='evcal_evdata_icons'><i class='fa fa-align-justify'><\/i><\/span>    <div class=\"evcal_evdata_cell shorter_desc\">\n        <div class=\"eventon_full_description\">\n            <h3 class=\"padb5 evo_h3\"><span class='evcal_evdata_icons'><i class='fa fa-align-justify'><\/i><\/span>Details zur Veranstaltung<\/h3>\n            <div class=\"eventon_desc_in\" itemprop=\"description\">\n                <h2>Timeless Sounds of Eggental &#8211; Experience Trio \u2013 Classic Crossover<\/h2>\n<p>Das Experience Trio pr\u00e4sentiert ein originelles Crossover\u2011Konzert zwischen klassischer Musik und modernen Kl\u00e4ngen. Drei vielseitige Musiker verbinden unterschiedliche musikalische Welten und schaffen ein Programm voller Kontraste und Emotionen.<\/p>\n<p>Das Repertoire reicht vom Barock Antonio Vivaldis \u00fcber die Musik der Queen bis hin zu den mitrei\u00dfenden Tangos von Astor Piazzolla. Zum Programm geh\u00f6ren au\u00dferdem Originalkompositionen von Josu\u00e8 Esa\u00f9 Iovane.<\/p>\n<p>So entsteht ein dynamisches Musikerlebnis, das Tradition und zeitgen\u00f6ssische Ausdrucksformen miteinander vereint.<\/p>\n<p>Treffpunkt: 21:00 Uhr \u2013 Fernw\u00e4rmezentrale Obereggen<br \/>\nDauer: ca. 2 Stunden<br \/>\nFreier Eintritt<\/p>\n            <\/div>\n            <p class='eventon_shad_p' style='padding:5px 0 0; margin:0'><button class='evcal_btn evo_btn_secondary evobtn_details_show_more' content='less' aria-label='Mehr' aria-expanded='false'><span class='ev_more_text' data-txt='Weniger'>Mehr<\/span><span class='ev_more_arrow ard'><\/span><\/button><\/p><div class='clear'><\/div>        <\/div>\n    <\/div>\n<\/div><\/div><\/div><!-- row close --><div class='evocard_row bx2 bx'><div id='event_time' class='evocard_box time' data-c='' \n\t\t\t\t\tstyle=''><div class='evo_metarow_time evorow evcal_evdata_row evcal_evrow_sm '>\n\t\t<span class='evcal_evdata_icons'><i class='fa fa-clock'><\/i><\/span>\n\t\t<div class='evcal_evdata_cell'>\t\t\t\t\t\t\t\n\t\t\t<h3 class='evo_h3'><span class='evcal_evdata_icons'><i class='fa fa-clock'><\/i><\/span>Zeitplan<\/h3><div><span class='evo_eventcard_time_t evogap5 evofxww'><span class=\"start\">11 September 2026<\/span> <span class=\"stime\">21:00<\/span><\/span><span class='evo_tz marr5'>(GMT+02:00)<\/span><\/div>\n\t\t<\/div>\n\t<\/div><\/div><div id='event_location' class='evocard_box location' data-c='' \n\t\t\t\t\tstyle=''><div class='evcal_evdata_row evo_metarow_time_location evorow '>\n\t\t\n\t\t\t<span class='evcal_evdata_icons'><i class='fa fa-map-marker'><\/i><\/span>\n\t\t\t<div class='evcal_evdata_cell' data-loc_tax_id='23'><h3 class='evo_h3 evodfx'><span class='evcal_evdata_icons'><i class='fa fa-map-marker'><\/i><\/span>Ort<\/h3><p class='evo_location_name'>Talstation Obereggen<\/p><p class='evo_location_address evodfxi evogap10'>Obereggen 16 I-39050 Deutschnofen (BZ)<\/p><div class='padt10'><span class='evo_btn_arr evolb_trigger' data-lbvals=\"{&quot;lbdata&quot;:{&quot;class&quot;:&quot;evo_location_lb_23&quot;,&quot;additional_class&quot;:&quot;lb_max&quot;,&quot;title&quot;:&quot;Talstation Obereggen&quot;},&quot;adata&quot;:{&quot;a&quot;:&quot;eventon_get_tax_card_content&quot;,&quot;end&quot;:&quot;client&quot;,&quot;data&quot;:{&quot;lang&quot;:&quot;L2&quot;,&quot;term_id&quot;:23,&quot;tax&quot;:&quot;event_location&quot;,&quot;load_lbcontent&quot;:true}},&quot;uid&quot;:&quot;eventon_get_tax_card_content&quot;}\" >Other Events<i class='fa fa-chevron-right' aria-hidden='true'><\/i><\/span><\/div><\/div>\n\t\t\n\t<\/div><\/div><\/div><!-- row close --><div class='evocard_row bx2 bx'><div id='event_learnmore' class='evocard_box learnmore' data-c='' \n\t\t\t\t\tstyle=''><div class='evo_metarow_learnM evo_metarow_learnmore evorow'>\n\t\t\t\t\t\t\t<a class='evcal_evdata_row evo_clik_row ' href='https:\/\/eggental.com\/de\/event\/timeless-sounds-of-eggental-experience-trio-classic-crossover_47428' target=\"_blank\">\n\t\t\t\t\t\t\t\t<span class='evcal_evdata_icons'><i class='fa fa-link'><\/i><\/span>\n\t\t\t\t\t\t\t\t<h3 class='evo_h3'>Entdecke mehr<\/h3>\n\t\t\t\t\t\t\t<\/a>\n\t\t\t\t\t\t\t<\/div><\/div><div id='event_addtocal' class='evocard_box addtocal' data-c='' \n\t\t\t\t\tstyle=''><div class='evo_metarow_ICS evorow evcal_evdata_row'>\n\t\t\t<span class='evcal_evdata_icons'><i class='fa fa-calendar-o'><\/i><\/span>\n\t\t\t<div class='evcal_evdata_cell'>\n\t\t\t\t<p><a href='https:\/\/latemarium.com\/de\/export-events\/3002_0\/?key=f55e99e6ee' rel='nofollow' class='evo_ics_nCal' title='Zu Ihrem Kalender hinzuf\u00fcgen'>Kalender<\/a><a href='https:\/\/www.google.com\/calendar\/event?action=TEMPLATE&text=Timeless%20Sounds%20of%20Eggental%20-%20Experience%20Trio%20%E2%80%93%20Classic%20Crossover&dates=20260911T190000Z\/20260911T215900Z&ctz=Europe%2FRome&details=Timeless%20Sounds%20of%20Eggental%20-%20Experience%20Trio%20%E2%80%93%20Classic%20Crossover&location=Talstation%20Obereggen%20Obereggen%2016%20I-39050%20Deutschnofen%20%28BZ%29' target='_blank' rel='nofollow' class='evo_ics_gCal' title='Zu Google Kalender hinzuf\u00fcgen'>GoogleCal<\/a><\/p>\t\n\t\t\t<\/div>\n\t\t<\/div><\/div><\/div><!-- row close --><div class='evocard_row'><div id='event_getdirection' class='evocard_box getdirection' data-c='' \n\t\t\t\t\tstyle=''><div class='evo_metarow_getDr evorow evcal_evdata_row evcal_evrow_sm getdirections'>\n\t\t<form action='https:\/\/maps.google.com\/maps' method='get' target='_blank'>\n\t\t\t<input type='hidden' name='daddr' value=\"46.3835808246333,11.52667595881786\"\/> \n\t\t\t<div class='evo_get_direction_content evo_fx_dr_r evogap10'>\n\t\t\t\t<span class='evogetdir_header evodfx evofxdrr evofxaic evogap10'>\n\t\t\t\t\t<i class='mainicon fa fa-road evofz24i'><\/i> \n\t\t\t\t\t<h3 class='evo_h3 evopad0i' style='padding-bottom:5px;'>Wegbeschreibung abrufen<\/h3>\n\t\t\t\t<\/span>\n\t\t\t\t<span class='evogetdir_field evodfx evofx_1_1 evow100p'>\t\n\t\t\t\t\t<label for='6a9c46be58776' class='evo_aria_ready sr-only'>Address - Timeless Sounds of Eggental - Experience Trio \u2013 Classic Crossover []<\/label>\t\t\t\t\n\t\t\t\t\t<input id='6a9c46be58776' class='evo_aria_ready_match evoInput2 evobr10 evow100p evopad10 evoff_2 evofz14i evobrdB1 evoboxbb' type='text' name='saddr' placeholder='&quot;Geben Sie die Adresse ein' value='' style='' aria-label='Address - Timeless Sounds of Eggental - Experience Trio \u2013 Classic Crossover []' \/>\n\t\t\t\t<\/span>\n\t\t\t\t<div class='evodfx evofxdrr evofxaic evogap10'>\n\t\t\t\t\t<i class='fa fa-location-dot'><\/i>\n\t\t\t\t\t<div class='evoposr evofx_1 evoh100p'><label for='6a9c46be58776' class='evo_aria_ready sr-only'>Destination Address - Timeless Sounds of Eggental - Experience Trio \u2013 Classic Crossover []<\/label>\t\t\n\t\t\t\t\t\t<input id='6a9c46be58776' class='evo_aria_ready_match evoInput2 evobr10 evow100p evopad5-10 evoff_2 evofz14i evobrdB1 evoop5 evoboxbb evoh100p' type='text' style='' readonly value='Obereggen 16 I-39050 Deutschnofen (BZ)' aria-label='Destination Address - Timeless Sounds of Eggental - Experience Trio \u2013 Classic Crossover []'\/><button class='evo_copy_address evobuttonA evocurp evohoop7 evoposa evopad5' style='right: 3px; top: 4px; background-color: #fff;' data-txt='46.3835808246333,11.52667595881786' data-t='Address copied to clipboard!'><i class='far fa-copy evofz16i' title='Copy Destination Address!'><\/i><\/button>\n\t\t\t\t\t<\/div>\n\t\t\t\t\t<button type='submit' class='evo_get_direction_button evcal_btn dfx evofxaic evocurp evohoop7' title='&quot;Klicken Sie hier' style='    padding: 10px 15px !important;'><i class='fa fa-chevron-right'><\/i> <\/button>\n\t\t\t\t<\/div>\n\t\t\t<\/div>\n\t\t<\/form>\n\t<\/div><\/div><\/div><!-- row close --><button class='evo_card_row_end evcal_close' title='Schlie\u00dfen'><\/button><\/div><div class='clear end'><\/div><\/div><div id=\"event_2784_27\" class=\"eventon_list_event evo_eventtop scheduled  event clrD event_2784_27\" data-event_id=\"2784\" data-ri=\"27r\" data-time=\"1789194600-1789200000\" data-colr=\"#006290\" itemscope itemtype='http:\/\/schema.org\/Event'><div class=\"evo_event_schema\" style=\"display:none\" ><a itemprop='url'  href='https:\/\/latemarium.com\/de\/events\/oberholz-fruehstueck\/var\/ri-27.l-L2'><\/a><meta itemprop='image' content=\"https:\/\/latemarium.com\/wp-content\/uploads\/2025\/05\/colazione-al-rifugio-oberholz.jpg\" \/><meta itemprop='startDate' content=\"2026-9-12T08:30+0:00\" \/><meta itemprop='endDate' content=\"2026-9-12T10:00+0:00\" \/><meta itemprop='eventStatus' content=\"https:\/\/schema.org\/EventScheduled\" \/><meta itemprop='eventAttendanceMode'   itemscope itemtype=\"https:\/\/schema.org\/OfflineEventAttendanceMode\"\/><script type=\"application\/ld+json\">{\"@context\": \"http:\/\/schema.org\",\"@type\": \"Event\",\n\t\t\t\t\"@id\": \"event_2784_27\",\n\t\t\t\t\"eventAttendanceMode\":\"https:\/\/schema.org\/OfflineEventAttendanceMode\",\n\t\t\t\t\"eventStatus\":\"https:\/\/schema.org\/EventScheduled\",\n\t\t\t\t\"name\": \"Oberholz Fr\u00fchst\u00fcck\",\n\t\t\t\t\"url\": \"https:\/\/latemarium.com\/de\/events\/oberholz-fruehstueck\/var\/ri-27.l-L2\",\n\t\t\t\t\"startDate\": \"2026-9-12T08:30+0:00\",\n\t\t\t\t\"endDate\": \"2026-9-12T10:00+0:00\",\n\t\t\t\t\"image\":\"https:\/\/latemarium.com\/wp-content\/uploads\/2025\/05\/colazione-al-rifugio-oberholz.jpg\", \n\t\t\t\t\"description\":\"<p>Fr\u00fchst\u00fcck auf der Bergh\u00fctte Oberholz auf 2.096 m<br \/> Jeden Donnerstag und Samstag<\/p> <p>Das w\u00f6chentliche Highlight unterm Latemar findet jeden Donnerstag und Samstag von 8:30 bis 10:00 Uhr statt. Das umfangreiche Genusserlebnis \u201eFr\u00fchst\u00fcck auf der Oberholz\u201c inklusive der Berg- und Talfahrt kostet f\u00fcr Erwachsene 34 Euro, Jugendliche unter 12 Jahren bezahlen 27 Euro, Kinder unter 6 sind kostenlos.<\/p> <p>Zur Bergh\u00fctte und zur\u00fcck ins Tal geht es mit dem Panorama-Sessellift Obereggen-Oberholz (Auffahrt ab 08:30, letzte R\u00fcckfahrt 18.00 Uhr).<br \/> Eine Reservierung ist erforderlich: oberholz@latemar.it\u00a00471 618299<\/p> \"}<\/script><\/div>\r\n\t\t\t\t<p class=\"desc_trig_outter\" style=\"\"><a data-gmap_status=\"null\" data-exlk=\"0\" style=\"background-color: #006290;\" id=\"evc_17891946002784\" href=\"#\" class=\"hasFtIMG event_repeat desc_trig sin_val evcal_list_a\" data-ux_val=\"3\" data-ux_val_mob=\"-\"  ><span class='evoet_in'><span class='evoet_c1 evoet_cx '><span class='evoet_cy ev_ftImg evotrans imgFxdef' data-img='https:\/\/latemarium.com\/wp-content\/uploads\/2025\/05\/colazione-al-rifugio-oberholz.jpg' data-thumb='https:\/\/latemarium.com\/wp-content\/uploads\/2025\/05\/colazione-al-rifugio-oberholz-300x200.jpg' style='background-image:url(\"https:\/\/latemarium.com\/wp-content\/uploads\/2025\/05\/colazione-al-rifugio-oberholz-300x200.jpg\")' ><\/span><\/span><span class='evoet_c2 evoet_cx '><span class='evoet_dayblock evcal_cblock ' data-bgcolor='#006290' data-smon='September' data-syr='2026' data-bub=''><span class='evo_start  evofxdrc'><em class='date'>12<\/em><em class='month'>Sep<\/em><em class='time'>08:30<\/em><\/span><span class='evo_end only_time evofxdrc'><em class='time'>10:00<\/em><\/span><\/span><\/span><span class='evoet_c3 evoet_cx evcal_desc hide_eventtopdata '><span class='evoet_title evcal_desc2 evcal_event_title ' itemprop='name'>Oberholz Fr\u00fchst\u00fcck<\/span><span class='evoet_cy evoet_subtitle evo_below_title' ><span class='evcal_event_subtitle ' >Oberholz Fr\u00fchst\u00fcck<\/span><\/span><span class='evoet_cy evoet_time_expand level_3'><em class='evcal_time evo_tz_time'><i class='fa fa-clock-o'><\/i>08:30 - 10:00<span class='evo_tz marl5'>(GMT+02:00)<\/span><\/em> <\/span><span class='evoet_location level_3'><em class=\"evcal_location\"  data-add_str=\"\" data-n=\"Rifugio Oberholz\"><i class=\"fa fa-location-pin\"><\/i><em class=\"event_location_name\">Rifugio Oberholz<\/em><\/em><\/span><\/span><\/span><span class='evoet_data' style='display:none' data-d=\"{&quot;loc.n&quot;:&quot;Rifugio Oberholz&quot;,&quot;orgs&quot;:[],&quot;tags&quot;:{&quot;repeating&quot;:&quot;Repeating Event&quot;}}\" data-bgc=\"#006290\" data-bggrad=\"\" ><\/span><\/a><\/p><div class='event_description evcal_eventcard ' style=\"display:none\"><div class='evocard_row'><div id='event_ftimage' class='evocard_box ftimage' data-c='' \n\t\t\t\t\tstyle=''><div class='evocard_main_image_hold' data-t='Loading Image..'><div class='evocard_main_image evo_img_triglb evocd_img_minmized evobr15 evobgsc evobgpc evodfx evofx_jc_c evofx_ai_c evofz48 minmized' style='height:300px; background-image:url();' data-f=\"https:\/\/latemarium.com\/wp-content\/uploads\/2025\/05\/colazione-al-rifugio-oberholz.jpg\" data-h=\"1575\" data-w=\"2360\" data-ratio=\"0.66737288135593\" data-event_id=\"2784\" data-ri=\"27\"  data-t='Loading Image..'><span style='height:300px; background-image:url(https:\/\/latemarium.com\/wp-content\/uploads\/2025\/05\/colazione-al-rifugio-oberholz.jpg)'><\/span><\/div><\/div><\/div><\/div><!-- row close --><div class='evocard_row'><div id='event_eventdetails' class='evocard_box eventdetails' data-c='' \n\t\t\t\t\tstyle=''><div class=\"evo_metarow_details evorow evcal_evdata_row evcal_event_details\">\n    <div class=\"event_excerpt\" style=\"display:none\"><h3 class=\"padb5 evo_h3\">Details zur Veranstaltung<\/h3><p>Fr\u00fchst\u00fcck auf der Bergh\u00fctte Oberholz auf 2.096 m\nJeden Donnerstag und Samstag\nDas w\u00f6chentliche Highlight unterm Latemar findet jeden Donnerstag und Samstag von 8:30 bis 10:00 Uhr statt. Das umfangreiche Genusserlebnis<\/p><\/div><span class='evcal_evdata_icons'><i class='fa fa-align-justify'><\/i><\/span>    <div class=\"evcal_evdata_cell shorter_desc\">\n        <div class=\"eventon_full_description\">\n            <h3 class=\"padb5 evo_h3\"><span class='evcal_evdata_icons'><i class='fa fa-align-justify'><\/i><\/span>Details zur Veranstaltung<\/h3>\n            <div class=\"eventon_desc_in\" itemprop=\"description\">\n                <p>Fr\u00fchst\u00fcck auf der Bergh\u00fctte Oberholz auf 2.096 m<br \/>\nJeden Donnerstag und Samstag<\/p>\n<p>Das w\u00f6chentliche Highlight unterm Latemar findet jeden Donnerstag und Samstag von 8:30 bis 10:00 Uhr statt. Das umfangreiche Genusserlebnis \u201eFr\u00fchst\u00fcck auf der Oberholz\u201c inklusive der Berg- und Talfahrt kostet f\u00fcr Erwachsene 34 Euro, Jugendliche unter 12 Jahren bezahlen 27 Euro, Kinder unter 6 sind kostenlos.<\/p>\n<p>Zur Bergh\u00fctte und zur\u00fcck ins Tal geht es mit dem Panorama-Sessellift Obereggen-Oberholz (Auffahrt ab 08:30, letzte R\u00fcckfahrt 18.00 Uhr).<br \/>\nEine Reservierung ist erforderlich: oberholz@latemar.it\u00a00471 618299<\/p>\n            <\/div>\n            <p class='eventon_shad_p' style='padding:5px 0 0; margin:0'><button class='evcal_btn evo_btn_secondary evobtn_details_show_more' content='less' aria-label='Mehr' aria-expanded='false'><span class='ev_more_text' data-txt='Weniger'>Mehr<\/span><span class='ev_more_arrow ard'><\/span><\/button><\/p><div class='clear'><\/div>        <\/div>\n    <\/div>\n<\/div><\/div><\/div><!-- row close --><div class='evocard_row bx2 bx'><div id='event_time' class='evocard_box time' data-c='' \n\t\t\t\t\tstyle=''><div class='evo_metarow_time evorow evcal_evdata_row evcal_evrow_sm '>\n\t\t<span class='evcal_evdata_icons'><i class='fa fa-clock'><\/i><\/span>\n\t\t<div class='evcal_evdata_cell'>\t\t\t\t\t\t\t\n\t\t\t<h3 class='evo_h3'><span class='evcal_evdata_icons'><i class='fa fa-clock'><\/i><\/span>Zeitplan<\/h3><div><span class='evo_eventcard_time_t evogap5 evofxww'><span class=\"start\">12 September 2026<\/span> <span class=\"stime\">08:30<\/span> - <span class=\"etime\">10:00<\/span><\/span><span class='evo_tz marr5'>(GMT+02:00)<\/span><\/div>\n\t\t<\/div>\n\t<\/div><\/div><div id='event_location' class='evocard_box location' data-c='' \n\t\t\t\t\tstyle=''><div class='evcal_evdata_row evo_metarow_time_location evorow '>\n\t\t\n\t\t\t<span class='evcal_evdata_icons'><i class='fa fa-map-marker'><\/i><\/span>\n\t\t\t<div class='evcal_evdata_cell' data-loc_tax_id='60'><h3 class='evo_h3 evodfx'><span class='evcal_evdata_icons'><i class='fa fa-map-marker'><\/i><\/span>Ort<\/h3><p class='evo_location_name'>Rifugio Oberholz<\/p><div class='padt10'><span class='evo_btn_arr evolb_trigger' data-lbvals=\"{&quot;lbdata&quot;:{&quot;class&quot;:&quot;evo_location_lb_60&quot;,&quot;additional_class&quot;:&quot;lb_max&quot;,&quot;title&quot;:&quot;Rifugio Oberholz&quot;},&quot;adata&quot;:{&quot;a&quot;:&quot;eventon_get_tax_card_content&quot;,&quot;end&quot;:&quot;client&quot;,&quot;data&quot;:{&quot;lang&quot;:&quot;L2&quot;,&quot;term_id&quot;:60,&quot;tax&quot;:&quot;event_location&quot;,&quot;load_lbcontent&quot;:true}},&quot;uid&quot;:&quot;eventon_get_tax_card_content&quot;}\" >Other Events<i class='fa fa-chevron-right' aria-hidden='true'><\/i><\/span><\/div><\/div>\n\t\t\n\t<\/div><\/div><\/div><!-- row close --><div class='evocard_row bx2 bx'><div id='event_learnmore' class='evocard_box learnmore' data-c='' \n\t\t\t\t\tstyle=''><div class='evo_metarow_learnM evo_metarow_learnmore evorow'>\n\t\t\t\t\t\t\t<a class='evcal_evdata_row evo_clik_row ' href='https:\/\/oberholz.com\/events\/' target=\"_blank\">\n\t\t\t\t\t\t\t\t<span class='evcal_evdata_icons'><i class='fa fa-link'><\/i><\/span>\n\t\t\t\t\t\t\t\t<h3 class='evo_h3'>Entdecke mehr<\/h3>\n\t\t\t\t\t\t\t<\/a>\n\t\t\t\t\t\t\t<\/div><\/div><div id='event_addtocal' class='evocard_box addtocal' data-c='' \n\t\t\t\t\tstyle=''><div class='evo_metarow_ICS evorow evcal_evdata_row'>\n\t\t\t<span class='evcal_evdata_icons'><i class='fa fa-calendar-o'><\/i><\/span>\n\t\t\t<div class='evcal_evdata_cell'>\n\t\t\t\t<p><a href='https:\/\/latemarium.com\/de\/export-events\/2784_27\/?key=f55e99e6ee' rel='nofollow' class='evo_ics_nCal' title='Zu Ihrem Kalender hinzuf\u00fcgen'>Kalender<\/a><a href='https:\/\/www.google.com\/calendar\/event?action=TEMPLATE&text=Oberholz%20Fr%C3%BChst%C3%BCck&dates=20260912T063000Z\/20260912T080000Z&ctz=Europe%2FRome&details=Oberholz%20Fr%C3%BChst%C3%BCck&location=Rifugio%20Oberholz' target='_blank' rel='nofollow' class='evo_ics_gCal' title='Zu Google Kalender hinzuf\u00fcgen'>GoogleCal<\/a><\/p>\t\n\t\t\t<\/div>\n\t\t<\/div><\/div><\/div><!-- row close --><button class='evo_card_row_end evcal_close' title='Schlie\u00dfen'><\/button><\/div><div class='clear end'><\/div><\/div><div id=\"event_2318_0\" class=\"eventon_list_event evo_eventtop scheduled  event clrD no_et event_2318_0\" data-event_id=\"2318\" data-ri=\"0r\" data-time=\"1789282800-1789336740\" data-colr=\"#e60c1a\" itemscope itemtype='http:\/\/schema.org\/Event'><div class=\"evo_event_schema\" style=\"display:none\" ><a itemprop='url'  href='https:\/\/latemarium.com\/de\/events\/latemar-mountain-race\/var\/ri-0.l-L2'><\/a><meta itemprop='image' content=\"https:\/\/latemarium.com\/wp-content\/uploads\/2023\/06\/latemar-mountain-race.jpg\" \/><meta itemprop='startDate' content=\"2026-9-13T09:00+0:00\" \/><meta itemprop='endDate' content=\"2026-9-13T23:59+0:00\" \/><meta itemprop='eventStatus' content=\"https:\/\/schema.org\/EventScheduled\" \/><meta itemprop='eventAttendanceMode'   itemscope itemtype=\"https:\/\/schema.org\/OfflineEventAttendanceMode\"\/><div style=\"display:none\" itemprop=\"location\" itemscope itemtype=\"http:\/\/schema.org\/Place\"><span itemprop=\"name\">Pampeago<\/span><span itemprop=\"address\" itemscope itemtype=\"http:\/\/schema.org\/PostalAddress\"><item itemprop=\"streetAddress\">Localit\u00e0 Pampeago, 8, 38038 Tesero TN<\/item><\/span><\/div><script type=\"application\/ld+json\">{\"@context\": \"http:\/\/schema.org\",\"@type\": \"Event\",\n\t\t\t\t\"@id\": \"event_2318_0\",\n\t\t\t\t\"eventAttendanceMode\":\"https:\/\/schema.org\/OfflineEventAttendanceMode\",\n\t\t\t\t\"eventStatus\":\"https:\/\/schema.org\/EventScheduled\",\n\t\t\t\t\"name\": \"Latemar Mountain Race\",\n\t\t\t\t\"url\": \"https:\/\/latemarium.com\/de\/events\/latemar-mountain-race\/var\/ri-0.l-L2\",\n\t\t\t\t\"startDate\": \"2026-9-13T09:00+0:00\",\n\t\t\t\t\"endDate\": \"2026-9-13T23:59+0:00\",\n\t\t\t\t\"image\":\"https:\/\/latemarium.com\/wp-content\/uploads\/2023\/06\/latemar-mountain-race.jpg\", \n\t\t\t\t\"description\":\"<p>Am 13. September organisiert die &#8220;U.S. Cornacci Tesero&#8221; den Latemar Mountain Race, einen H\u00f6henlauf inmitten der Sch\u00f6nheit der Dolomiten in Anwesenheit der Latemar-Gruppe.<\/p> <p>Der Lauf umfasst zwei Strecken:<\/p> <p>25 km mit 1680 m H\u00f6henunterschied.<\/p> <p>15 km mit 730 m H\u00f6henunterschied.<\/p> \",\"location\":[{\"@type\":\"Place\",\"name\":\"Pampeago\",\"address\":{\"@type\": \"PostalAddress\",\"streetAddress\":\"Localit\u00e0 Pampeago, 8, 38038 Tesero TN\"}}]}<\/script><\/div>\r\n\t\t\t\t<p class=\"desc_trig_outter\" style=\"\"><a data-gmtrig=\"1\" data-exlk=\"0\" style=\"background-color: #e60c1a;\" id=\"evc_17892828002318\" href=\"#\" class=\"hasFtIMG desc_trig sin_val evcal_list_a\" data-ux_val=\"3\" data-ux_val_mob=\"-\"  ><span class='evoet_in'><span class='evoet_c1 evoet_cx '><span class='evoet_cy ev_ftImg evotrans imgFxdef' data-img='https:\/\/latemarium.com\/wp-content\/uploads\/2023\/06\/latemar-mountain-race.jpg' data-thumb='https:\/\/latemarium.com\/wp-content\/uploads\/2023\/06\/latemar-mountain-race-300x218.jpg' style='background-image:url(\"https:\/\/latemarium.com\/wp-content\/uploads\/2023\/06\/latemar-mountain-race-300x218.jpg\")' ><\/span><\/span><span class='evoet_c2 evoet_cx '><span class='evoet_dayblock evcal_cblock ' data-bgcolor='#e60c1a' data-smon='September' data-syr='2026' data-bub=''><span class='evo_start  evofxdrc'><em class='date'>13<\/em><em class='month'>Sep<\/em><em class='time'>09:00<\/em><\/span><\/span><\/span><span class='evoet_c3 evoet_cx evcal_desc hide_eventtopdata '><span class='evoet_title evcal_desc2 evcal_event_title ' itemprop='name'>Latemar Mountain Race<\/span><span class='event_location_attrs evodni'  data-location_address=\"Localit\u00e0 Pampeago, 8, 38038 Tesero TN\" data-location_type=\"lonlat\" data-location_name=\"Pampeago\" data-location_url=\"https:\/\/latemarium.com\/de\/event-location\/pampeago-de\/\" data-location_status=\"true\" data-locid=\"32\" data-latlng=\"46.34343697644898,11.540997527961546\"><\/span><span class='evoet_cy evoet_subtitle evo_below_title' ><span class='evcal_event_subtitle ' >Berglauf<\/span><\/span><span class='evoet_cy evoet_time_expand level_3'><em class='evcal_time evo_tz_time'><i class='fa fa-clock-o'><\/i>09:00<span class='evo_tz marl5'>(GMT+02:00)<\/span><\/em> <\/span><span class='evoet_location level_3'><em class=\"evcal_location\"  data-latlng=\"46.34343697644898,11.540997527961546\" data-add_str=\"Localit\u00e0 Pampeago, 8, 38038 Tesero TN\" data-n=\"Pampeago\"><i class=\"fa fa-location-pin\"><\/i><em class=\"event_location_name\">Pampeago<\/em>, Localit\u00e0 Pampeago, 8, 38038 Tesero TN<\/em><\/span><\/span><\/span><span class='evoet_data' style='display:none' data-d=\"{&quot;loc.n&quot;:&quot;Pampeago&quot;,&quot;orgs&quot;:[],&quot;tags&quot;:[]}\" data-bgc=\"#e60c1a\" data-bggrad=\"\" ><\/span><\/a><\/p><div class='event_description evcal_eventcard ' style=\"display:none\"><div class='evocard_row'><div id='event_ftimage' class='evocard_box ftimage' data-c='' \n\t\t\t\t\tstyle=''><div class='evocard_main_image_hold' data-t='Loading Image..'><div class='evocard_main_image evo_img_triglb evocd_img_minmized evobr15 evobgsc evobgpc evodfx evofx_jc_c evofx_ai_c evofz48 minmized' style='height:300px; background-image:url();' data-f=\"https:\/\/latemarium.com\/wp-content\/uploads\/2023\/06\/latemar-mountain-race.jpg\" data-h=\"582\" data-w=\"800\" data-ratio=\"0.7275\" data-event_id=\"2318\" data-ri=\"0\"  data-t='Loading Image..'><span style='height:300px; background-image:url(https:\/\/latemarium.com\/wp-content\/uploads\/2023\/06\/latemar-mountain-race.jpg)'><\/span><\/div><\/div><\/div><\/div><!-- row close --><div class='evocard_row'><div id='event_eventdetails' class='evocard_box eventdetails' data-c='' \n\t\t\t\t\tstyle=''><div class=\"evo_metarow_details evorow evcal_evdata_row evcal_event_details\">\n    <div class=\"event_excerpt\" style=\"display:none\"><h3 class=\"padb5 evo_h3\">Details zur Veranstaltung<\/h3><p>Am 13. September organisiert die &#8220;U.S. Cornacci Tesero&#8221; den Latemar Mountain Race, einen H\u00f6henlauf inmitten der Sch\u00f6nheit der Dolomiten in Anwesenheit der Latemar-Gruppe.\nDer Lauf umfasst zwei Strecken:\n25 km mit 1680<\/p><\/div><span class='evcal_evdata_icons'><i class='fa fa-align-justify'><\/i><\/span>    <div class=\"evcal_evdata_cell \">\n        <div class=\"eventon_full_description\">\n            <h3 class=\"padb5 evo_h3\"><span class='evcal_evdata_icons'><i class='fa fa-align-justify'><\/i><\/span>Details zur Veranstaltung<\/h3>\n            <div class=\"eventon_desc_in\" itemprop=\"description\">\n                <p>Am 13. September organisiert die &#8220;U.S. Cornacci Tesero&#8221; den Latemar Mountain Race, einen H\u00f6henlauf inmitten der Sch\u00f6nheit der Dolomiten in Anwesenheit der Latemar-Gruppe.<\/p>\n<p>Der Lauf umfasst zwei Strecken:<\/p>\n<p>25 km mit 1680 m H\u00f6henunterschied.<\/p>\n<p>15 km mit 730 m H\u00f6henunterschied.<\/p>\n            <\/div>\n            <div class='clear'><\/div>        <\/div>\n    <\/div>\n<\/div><\/div><\/div><!-- row close --><div class='evocard_row bx2 bx'><div id='event_time' class='evocard_box time' data-c='' \n\t\t\t\t\tstyle=''><div class='evo_metarow_time evorow evcal_evdata_row evcal_evrow_sm '>\n\t\t<span class='evcal_evdata_icons'><i class='fa fa-clock'><\/i><\/span>\n\t\t<div class='evcal_evdata_cell'>\t\t\t\t\t\t\t\n\t\t\t<h3 class='evo_h3'><span class='evcal_evdata_icons'><i class='fa fa-clock'><\/i><\/span>Zeitplan<\/h3><div><span class='evo_eventcard_time_t evogap5 evofxww'><span class=\"start\">13 September 2026<\/span> <span class=\"stime\">09:00<\/span><\/span><span class='evo_tz marr5'>(GMT+02:00)<\/span><\/div>\n\t\t<\/div>\n\t<\/div><\/div><div id='event_location' class='evocard_box location' data-c='' \n\t\t\t\t\tstyle=''><div class='evcal_evdata_row evo_metarow_time_location evorow '>\n\t\t\n\t\t\t<span class='evcal_evdata_icons'><i class='fa fa-map-marker'><\/i><\/span>\n\t\t\t<div class='evcal_evdata_cell' data-loc_tax_id='32'><h3 class='evo_h3 evodfx'><span class='evcal_evdata_icons'><i class='fa fa-map-marker'><\/i><\/span>Ort<\/h3><p class='evo_location_name'>Pampeago<\/p><p class='evo_location_address evodfxi evogap10'>Localit\u00e0 Pampeago, 8, 38038 Tesero TN<\/p><div class='padt10'><span class='evo_btn_arr evolb_trigger' data-lbvals=\"{&quot;lbdata&quot;:{&quot;class&quot;:&quot;evo_location_lb_32&quot;,&quot;additional_class&quot;:&quot;lb_max&quot;,&quot;title&quot;:&quot;Pampeago&quot;},&quot;adata&quot;:{&quot;a&quot;:&quot;eventon_get_tax_card_content&quot;,&quot;end&quot;:&quot;client&quot;,&quot;data&quot;:{&quot;lang&quot;:&quot;L2&quot;,&quot;term_id&quot;:32,&quot;tax&quot;:&quot;event_location&quot;,&quot;load_lbcontent&quot;:true}},&quot;uid&quot;:&quot;eventon_get_tax_card_content&quot;}\" >Other Events<i class='fa fa-chevron-right' aria-hidden='true'><\/i><\/span><\/div><\/div>\n\t\t\n\t<\/div><\/div><\/div><!-- row close --><div class='evocard_row'><div id='event_addtocal' class='evocard_box addtocal' data-c='' \n\t\t\t\t\tstyle=''><div class='evo_metarow_ICS evorow evcal_evdata_row'>\n\t\t\t<span class='evcal_evdata_icons'><i class='fa fa-calendar-o'><\/i><\/span>\n\t\t\t<div class='evcal_evdata_cell'>\n\t\t\t\t<p><a href='https:\/\/latemarium.com\/de\/export-events\/2318_0\/?key=f55e99e6ee' rel='nofollow' class='evo_ics_nCal' title='Zu Ihrem Kalender hinzuf\u00fcgen'>Kalender<\/a><a href='https:\/\/www.google.com\/calendar\/event?action=TEMPLATE&text=Latemar%20Mountain%20Race&dates=20260913T070000Z\/20260913T215900Z&ctz=Europe%2FRome&details=Latemar%20Mountain%20Race&location=Pampeago%20Localit%C3%A0%20Pampeago%2C%208%2C%2038038%20Tesero%20TN' target='_blank' rel='nofollow' class='evo_ics_gCal' title='Zu Google Kalender hinzuf\u00fcgen'>GoogleCal<\/a><\/p>\t\n\t\t\t<\/div>\n\t\t<\/div><\/div><\/div><!-- row close --><div class='evocard_row'><div id='event_getdirection' class='evocard_box getdirection' data-c='' \n\t\t\t\t\tstyle=''><div class='evo_metarow_getDr evorow evcal_evdata_row evcal_evrow_sm getdirections'>\n\t\t<form action='https:\/\/maps.google.com\/maps' method='get' target='_blank'>\n\t\t\t<input type='hidden' name='daddr' value=\"Localit\u00e0 Pampeago, 8, 38038 Tesero TN\"\/> \n\t\t\t<div class='evo_get_direction_content evo_fx_dr_r evogap10'>\n\t\t\t\t<span class='evogetdir_header evodfx evofxdrr evofxaic evogap10'>\n\t\t\t\t\t<i class='mainicon fa fa-road evofz24i'><\/i> \n\t\t\t\t\t<h3 class='evo_h3 evopad0i' style='padding-bottom:5px;'>Wegbeschreibung abrufen<\/h3>\n\t\t\t\t<\/span>\n\t\t\t\t<span class='evogetdir_field evodfx evofx_1_1 evow100p'>\t\n\t\t\t\t\t<label for='6a9c46be5a01b' class='evo_aria_ready sr-only'>Address - Latemar Mountain Race []<\/label>\t\t\t\t\n\t\t\t\t\t<input id='6a9c46be5a01b' class='evo_aria_ready_match evoInput2 evobr10 evow100p evopad10 evoff_2 evofz14i evobrdB1 evoboxbb' type='text' name='saddr' placeholder='&quot;Geben Sie die Adresse ein' value='' style='' aria-label='Address - Latemar Mountain Race []' \/>\n\t\t\t\t<\/span>\n\t\t\t\t<div class='evodfx evofxdrr evofxaic evogap10'>\n\t\t\t\t\t<i class='fa fa-location-dot'><\/i>\n\t\t\t\t\t<div class='evoposr evofx_1 evoh100p'><label for='6a9c46be5a01b' class='evo_aria_ready sr-only'>Destination Address - Latemar Mountain Race []<\/label>\t\t\n\t\t\t\t\t\t<input id='6a9c46be5a01b' class='evo_aria_ready_match evoInput2 evobr10 evow100p evopad5-10 evoff_2 evofz14i evobrdB1 evoop5 evoboxbb evoh100p' type='text' style='' readonly value='Localit\u00e0 Pampeago, 8, 38038 Tesero TN' aria-label='Destination Address - Latemar Mountain Race []'\/><button class='evo_copy_address evobuttonA evocurp evohoop7 evoposa evopad5' style='right: 3px; top: 4px; background-color: #fff;' data-txt='Localit\u00e0 Pampeago, 8, 38038 Tesero TN' data-t='Address copied to clipboard!'><i class='far fa-copy evofz16i' title='Copy Destination Address!'><\/i><\/button>\n\t\t\t\t\t<\/div>\n\t\t\t\t\t<button type='submit' class='evo_get_direction_button evcal_btn dfx evofxaic evocurp evohoop7' title='&quot;Klicken Sie hier' style='    padding: 10px 15px !important;'><i class='fa fa-chevron-right'><\/i> <\/button>\n\t\t\t\t<\/div>\n\t\t\t<\/div>\n\t\t<\/form>\n\t<\/div><\/div><\/div><!-- row close --><button class='evo_card_row_end evcal_close' title='Schlie\u00dfen'><\/button><\/div><div class='clear end'><\/div><\/div><div id=\"event_2154_23\" class=\"eventon_list_event evo_eventtop scheduled  event clrW no_et event_2154_23\" data-event_id=\"2154\" data-ri=\"23r\" data-time=\"1789305600-1789336740\" data-colr=\"#b8d989\" itemscope itemtype='http:\/\/schema.org\/Event'><div class=\"evo_event_schema\" style=\"display:none\" ><a itemprop='url'  href='https:\/\/latemarium.com\/de\/events\/die-geraeusche-und-das-leben-der-malga\/var\/ri-23.l-L2'><\/a><meta itemprop='image' content=\"https:\/\/latemarium.com\/wp-content\/uploads\/2023\/06\/suoni-vita-malga.jpg\" \/><meta itemprop='startDate' content=\"2026-9-13T15:20+0:00\" \/><meta itemprop='endDate' content=\"2026-9-13T23:59+0:00\" \/><meta itemprop='eventStatus' content=\"https:\/\/schema.org\/EventScheduled\" \/><meta itemprop='eventAttendanceMode'   itemscope itemtype=\"https:\/\/schema.org\/OfflineEventAttendanceMode\"\/><div style=\"display:none\" itemprop=\"location\" itemscope itemtype=\"http:\/\/schema.org\/Place\"><span itemprop=\"name\">Pampeago<\/span><span itemprop=\"address\" itemscope itemtype=\"http:\/\/schema.org\/PostalAddress\"><item itemprop=\"streetAddress\">Localit\u00e0 Pampeago, 8, 38038 Tesero TN<\/item><\/span><\/div><script type=\"application\/ld+json\">{\"@context\": \"http:\/\/schema.org\",\"@type\": \"Event\",\n\t\t\t\t\"@id\": \"event_2154_23\",\n\t\t\t\t\"eventAttendanceMode\":\"https:\/\/schema.org\/OfflineEventAttendanceMode\",\n\t\t\t\t\"eventStatus\":\"https:\/\/schema.org\/EventScheduled\",\n\t\t\t\t\"name\": \"Die Ger\u00e4usche und das Leben der Malga\",\n\t\t\t\t\"url\": \"https:\/\/latemarium.com\/de\/events\/die-geraeusche-und-das-leben-der-malga\/var\/ri-23.l-L2\",\n\t\t\t\t\"startDate\": \"2026-9-13T15:20+0:00\",\n\t\t\t\t\"endDate\": \"2026-9-13T23:59+0:00\",\n\t\t\t\t\"image\":\"https:\/\/latemarium.com\/wp-content\/uploads\/2023\/06\/suoni-vita-malga.jpg\", \n\t\t\t\t\"description\":\"<p>Treffpunkt am Parkplatz des Tresca-Sessellifts (mit dem Auto von Pampeago erreichbar &#8211; NUR f\u00fcr diejenigen, die die Aktivit\u00e4t buchen).<\/p> <p>Nach einem kurzen Spaziergang zur Malga Pampeago entdecken Kinder und Eltern zwischen K\u00fchen, K\u00e4lbern, Eseln und Schweinen den Alltag und die Ger\u00e4usche, die das Leben der Hirten pr\u00e4gen.<\/p> <p>Am Ende der Aktivit\u00e4t gibt es einen kleinen Snack, den die Kinder genie\u00dfen oder mit nach Hause nehmen k\u00f6nnen.<\/p> <p>Aktivit\u00e4t auch mit Kinderwagen m\u00f6glich. <a href='https:\/\/www.visitfiemme.it\/de\/veranstaltungen\/fiemme-cembra-guest-card\/erlebnisse\/erlebnisse-sommer' target='_blank' rel='noopener'>Reservierung erforderlich<\/a>.<\/p> \",\"location\":[{\"@type\":\"Place\",\"name\":\"Pampeago\",\"address\":{\"@type\": \"PostalAddress\",\"streetAddress\":\"Localit\u00e0 Pampeago, 8, 38038 Tesero TN\"}}]}<\/script><\/div>\r\n\t\t\t\t<p class=\"desc_trig_outter\" style=\"\"><a data-gmap_status=\"null\" data-exlk=\"0\" style=\"background-color: #b8d989;\" id=\"evc_17893056002154\" href=\"#\" class=\"hasFtIMG event_repeat desc_trig sin_val evcal_list_a\" data-ux_val=\"3\" data-ux_val_mob=\"-\"  ><span class='evoet_in'><span class='evoet_c1 evoet_cx '><span class='evoet_cy ev_ftImg evotrans imgFxdef' data-img='https:\/\/latemarium.com\/wp-content\/uploads\/2023\/06\/suoni-vita-malga.jpg' data-thumb='https:\/\/latemarium.com\/wp-content\/uploads\/2023\/06\/suoni-vita-malga-300x225.jpg' style='background-image:url(\"https:\/\/latemarium.com\/wp-content\/uploads\/2023\/06\/suoni-vita-malga-300x225.jpg\")' ><\/span><\/span><span class='evoet_c2 evoet_cx '><span class='evoet_dayblock evcal_cblock ' data-bgcolor='#b8d989' data-smon='September' data-syr='2026' data-bub=''><span class='evo_start  evofxdrc'><em class='date'>13<\/em><em class='month'>Sep<\/em><em class='time'>15:20<\/em><\/span><\/span><\/span><span class='evoet_c3 evoet_cx evcal_desc hide_eventtopdata '><span class='evoet_title evcal_desc2 evcal_event_title ' itemprop='name'>Die Ger\u00e4usche und das Leben der Malga<\/span><span class='event_location_attrs evodni'  data-location_address=\"Localit\u00e0 Pampeago, 8, 38038 Tesero TN\" data-location_type=\"lonlat\" data-location_name=\"Pampeago\" data-location_url=\"https:\/\/latemarium.com\/de\/event-location\/pampeago-de\/\" data-location_status=\"true\" data-locid=\"32\" data-latlng=\"46.34343697644898,11.540997527961546\"><\/span><span class='evoet_cy evoet_time_expand level_3'><em class='evcal_time evo_tz_time'><i class='fa fa-clock-o'><\/i>15:20<span class='evo_tz marl5'>(GMT+02:00)<\/span><\/em> <\/span><span class='evoet_location level_3'><em class=\"evcal_location\"  data-latlng=\"46.34343697644898,11.540997527961546\" data-add_str=\"Localit\u00e0 Pampeago, 8, 38038 Tesero TN\" data-n=\"Pampeago\"><i class=\"fa fa-location-pin\"><\/i><em class=\"event_location_name\">Pampeago<\/em>, Localit\u00e0 Pampeago, 8, 38038 Tesero TN<\/em><\/span><\/span><\/span><span class='evoet_data' style='display:none' data-d=\"{&quot;loc.n&quot;:&quot;Pampeago&quot;,&quot;orgs&quot;:[],&quot;tags&quot;:{&quot;repeating&quot;:&quot;Repeating Event&quot;}}\" data-bgc=\"#b8d989\" data-bggrad=\"\" ><\/span><\/a><\/p><div class='event_description evcal_eventcard ' style=\"display:none\"><div class='evocard_row'><div id='event_ftimage' class='evocard_box ftimage' data-c='' \n\t\t\t\t\tstyle=''><div class='evocard_main_image_hold' data-t='Loading Image..'><div class='evocard_main_image evo_img_triglb evocd_img_minmized evobr15 evobgsc evobgpc evodfx evofx_jc_c evofx_ai_c evofz48 minmized' style='height:300px; background-image:url();' data-f=\"https:\/\/latemarium.com\/wp-content\/uploads\/2023\/06\/suoni-vita-malga.jpg\" data-h=\"796\" data-w=\"1062\" data-ratio=\"0.74952919020716\" data-event_id=\"2154\" data-ri=\"23\"  data-t='Loading Image..'><span style='height:300px; background-image:url(https:\/\/latemarium.com\/wp-content\/uploads\/2023\/06\/suoni-vita-malga.jpg)'><\/span><\/div><\/div><\/div><\/div><!-- row close --><div class='evocard_row'><div id='event_eventdetails' class='evocard_box eventdetails' data-c='' \n\t\t\t\t\tstyle=''><div class=\"evo_metarow_details evorow evcal_evdata_row evcal_event_details\">\n    <div class=\"event_excerpt\" style=\"display:none\"><h3 class=\"padb5 evo_h3\">Details zur Veranstaltung<\/h3><p>Treffpunkt am Parkplatz des Tresca-Sessellifts (mit dem Auto von Pampeago erreichbar &#8211; NUR f\u00fcr diejenigen, die die Aktivit\u00e4t buchen).\nNach einem kurzen Spaziergang zur Malga Pampeago entdecken Kinder und Eltern zwischen<\/p><\/div><span class='evcal_evdata_icons'><i class='fa fa-align-justify'><\/i><\/span>    <div class=\"evcal_evdata_cell shorter_desc\">\n        <div class=\"eventon_full_description\">\n            <h3 class=\"padb5 evo_h3\"><span class='evcal_evdata_icons'><i class='fa fa-align-justify'><\/i><\/span>Details zur Veranstaltung<\/h3>\n            <div class=\"eventon_desc_in\" itemprop=\"description\">\n                <p>Treffpunkt am Parkplatz des Tresca-Sessellifts (mit dem Auto von Pampeago erreichbar &#8211; NUR f\u00fcr diejenigen, die die Aktivit\u00e4t buchen).<\/p>\n<p>Nach einem kurzen Spaziergang zur Malga Pampeago entdecken Kinder und Eltern zwischen K\u00fchen, K\u00e4lbern, Eseln und Schweinen den Alltag und die Ger\u00e4usche, die das Leben der Hirten pr\u00e4gen.<\/p>\n<p>Am Ende der Aktivit\u00e4t gibt es einen kleinen Snack, den die Kinder genie\u00dfen oder mit nach Hause nehmen k\u00f6nnen.<\/p>\n<p>Aktivit\u00e4t auch mit Kinderwagen m\u00f6glich. <a href=\"https:\/\/www.visitfiemme.it\/de\/veranstaltungen\/fiemme-cembra-guest-card\/erlebnisse\/erlebnisse-sommer\" target=\"_blank\" rel=\"noopener\">Reservierung erforderlich<\/a>.<\/p>\n            <\/div>\n            <p class='eventon_shad_p' style='padding:5px 0 0; margin:0'><button class='evcal_btn evo_btn_secondary evobtn_details_show_more' content='less' aria-label='Mehr' aria-expanded='false'><span class='ev_more_text' data-txt='Weniger'>Mehr<\/span><span class='ev_more_arrow ard'><\/span><\/button><\/p><div class='clear'><\/div>        <\/div>\n    <\/div>\n<\/div><\/div><\/div><!-- row close --><div class='evocard_row bx2 bx'><div id='event_time' class='evocard_box time' data-c='' \n\t\t\t\t\tstyle=''><div class='evo_metarow_time evorow evcal_evdata_row evcal_evrow_sm '>\n\t\t<span class='evcal_evdata_icons'><i class='fa fa-clock'><\/i><\/span>\n\t\t<div class='evcal_evdata_cell'>\t\t\t\t\t\t\t\n\t\t\t<h3 class='evo_h3'><span class='evcal_evdata_icons'><i class='fa fa-clock'><\/i><\/span>Zeitplan<\/h3><div><span class='evo_eventcard_time_t evogap5 evofxww'><span class=\"start\">13 September 2026<\/span> <span class=\"stime\">15:20<\/span><\/span><span class='evo_tz marr5'>(GMT+02:00)<\/span><\/div>\n\t\t<\/div>\n\t<\/div><\/div><div id='event_location' class='evocard_box location' data-c='' \n\t\t\t\t\tstyle=''><div class='evcal_evdata_row evo_metarow_time_location evorow '>\n\t\t\n\t\t\t<span class='evcal_evdata_icons'><i class='fa fa-map-marker'><\/i><\/span>\n\t\t\t<div class='evcal_evdata_cell' data-loc_tax_id='32'><h3 class='evo_h3 evodfx'><span class='evcal_evdata_icons'><i class='fa fa-map-marker'><\/i><\/span>Ort<\/h3><p class='evo_location_name'>Pampeago<\/p><p class='evo_location_address evodfxi evogap10'>Localit\u00e0 Pampeago, 8, 38038 Tesero TN<\/p><div class='padt10'><span class='evo_btn_arr evolb_trigger' data-lbvals=\"{&quot;lbdata&quot;:{&quot;class&quot;:&quot;evo_location_lb_32&quot;,&quot;additional_class&quot;:&quot;lb_max&quot;,&quot;title&quot;:&quot;Pampeago&quot;},&quot;adata&quot;:{&quot;a&quot;:&quot;eventon_get_tax_card_content&quot;,&quot;end&quot;:&quot;client&quot;,&quot;data&quot;:{&quot;lang&quot;:&quot;L2&quot;,&quot;term_id&quot;:32,&quot;tax&quot;:&quot;event_location&quot;,&quot;load_lbcontent&quot;:true}},&quot;uid&quot;:&quot;eventon_get_tax_card_content&quot;}\" >Other Events<i class='fa fa-chevron-right' aria-hidden='true'><\/i><\/span><\/div><\/div>\n\t\t\n\t<\/div><\/div><\/div><!-- row close --><div class='evocard_row'><div id='event_addtocal' class='evocard_box addtocal' data-c='' \n\t\t\t\t\tstyle=''><div class='evo_metarow_ICS evorow evcal_evdata_row'>\n\t\t\t<span class='evcal_evdata_icons'><i class='fa fa-calendar-o'><\/i><\/span>\n\t\t\t<div class='evcal_evdata_cell'>\n\t\t\t\t<p><a href='https:\/\/latemarium.com\/de\/export-events\/2154_23\/?key=f55e99e6ee' rel='nofollow' class='evo_ics_nCal' title='Zu Ihrem Kalender hinzuf\u00fcgen'>Kalender<\/a><a href='https:\/\/www.google.com\/calendar\/event?action=TEMPLATE&text=Die%20Ger%C3%A4usche%20und%20das%20Leben%20der%20Malga&dates=20260913T132000Z\/20260913T215900Z&ctz=Europe%2FRome&details=Die%20Ger%C3%A4usche%20und%20das%20Leben%20der%20Malga&location=Pampeago%20Localit%C3%A0%20Pampeago%2C%208%2C%2038038%20Tesero%20TN' target='_blank' rel='nofollow' class='evo_ics_gCal' title='Zu Google Kalender hinzuf\u00fcgen'>GoogleCal<\/a><\/p>\t\n\t\t\t<\/div>\n\t\t<\/div><\/div><\/div><!-- row close --><div class='evocard_row'><div id='event_getdirection' class='evocard_box getdirection' data-c='' \n\t\t\t\t\tstyle=''><div class='evo_metarow_getDr evorow evcal_evdata_row evcal_evrow_sm getdirections'>\n\t\t<form action='https:\/\/maps.google.com\/maps' method='get' target='_blank'>\n\t\t\t<input type='hidden' name='daddr' value=\"Localit\u00e0 Pampeago, 8, 38038 Tesero TN\"\/> \n\t\t\t<div class='evo_get_direction_content evo_fx_dr_r evogap10'>\n\t\t\t\t<span class='evogetdir_header evodfx evofxdrr evofxaic evogap10'>\n\t\t\t\t\t<i class='mainicon fa fa-road evofz24i'><\/i> \n\t\t\t\t\t<h3 class='evo_h3 evopad0i' style='padding-bottom:5px;'>Wegbeschreibung abrufen<\/h3>\n\t\t\t\t<\/span>\n\t\t\t\t<span class='evogetdir_field evodfx evofx_1_1 evow100p'>\t\n\t\t\t\t\t<label for='6a9c46be5a9cc' class='evo_aria_ready sr-only'>Address - Die Ger\u00e4usche und das Leben der Malga []<\/label>\t\t\t\t\n\t\t\t\t\t<input id='6a9c46be5a9cc' class='evo_aria_ready_match evoInput2 evobr10 evow100p evopad10 evoff_2 evofz14i evobrdB1 evoboxbb' type='text' name='saddr' placeholder='&quot;Geben Sie die Adresse ein' value='' style='' aria-label='Address - Die Ger\u00e4usche und das Leben der Malga []' \/>\n\t\t\t\t<\/span>\n\t\t\t\t<div class='evodfx evofxdrr evofxaic evogap10'>\n\t\t\t\t\t<i class='fa fa-location-dot'><\/i>\n\t\t\t\t\t<div class='evoposr evofx_1 evoh100p'><label for='6a9c46be5a9cc' class='evo_aria_ready sr-only'>Destination Address - Die Ger\u00e4usche und das Leben der Malga []<\/label>\t\t\n\t\t\t\t\t\t<input id='6a9c46be5a9cc' class='evo_aria_ready_match evoInput2 evobr10 evow100p evopad5-10 evoff_2 evofz14i evobrdB1 evoop5 evoboxbb evoh100p' type='text' style='' readonly value='Localit\u00e0 Pampeago, 8, 38038 Tesero TN' aria-label='Destination Address - Die Ger\u00e4usche und das Leben der Malga []'\/><button class='evo_copy_address evobuttonA evocurp evohoop7 evoposa evopad5' style='right: 3px; top: 4px; background-color: #fff;' data-txt='Localit\u00e0 Pampeago, 8, 38038 Tesero TN' data-t='Address copied to clipboard!'><i class='far fa-copy evofz16i' title='Copy Destination Address!'><\/i><\/button>\n\t\t\t\t\t<\/div>\n\t\t\t\t\t<button type='submit' class='evo_get_direction_button evcal_btn dfx evofxaic evocurp evohoop7' title='&quot;Klicken Sie hier' style='    padding: 10px 15px !important;'><i class='fa fa-chevron-right'><\/i> <\/button>\n\t\t\t\t<\/div>\n\t\t\t<\/div>\n\t\t<\/form>\n\t<\/div><\/div><\/div><!-- row close --><button class='evo_card_row_end evcal_close' title='Schlie\u00dfen'><\/button><\/div><div class='clear end'><\/div><\/div><div id=\"event_2107_12\" class=\"eventon_list_event evo_eventtop scheduled  event clrW no_et event_2107_12\" data-event_id=\"2107\" data-ri=\"12r\" data-time=\"1789471800-1789509540\" data-colr=\"#facd05\" itemscope itemtype='http:\/\/schema.org\/Event'><div class=\"evo_event_schema\" style=\"display:none\" ><a itemprop='url'  href='https:\/\/latemarium.com\/de\/events\/mindful-latemar\/var\/ri-12.l-L2'><\/a><meta itemprop='image' content=\"https:\/\/latemarium.com\/wp-content\/uploads\/2023\/06\/\u00a9Obereggen_LatemarAG.SpA_Mindful.Latemar_Ph.Guenther.Pichler_06.jpg\" \/><meta itemprop='startDate' content=\"2026-9-15T13:30+0:00\" \/><meta itemprop='endDate' content=\"2026-9-15T23:59+0:00\" \/><meta itemprop='eventStatus' content=\"https:\/\/schema.org\/EventScheduled\" \/><meta itemprop='eventAttendanceMode'   itemscope itemtype=\"https:\/\/schema.org\/OfflineEventAttendanceMode\"\/><div style=\"display:none\" itemprop=\"location\" itemscope itemtype=\"http:\/\/schema.org\/Place\"><span itemprop=\"name\">Talstation Obereggen<\/span><span itemprop=\"address\" itemscope itemtype=\"http:\/\/schema.org\/PostalAddress\"><item itemprop=\"streetAddress\">Obereggen 16 I-39050 Deutschnofen (BZ)<\/item><\/span><\/div><script type=\"application\/ld+json\">{\"@context\": \"http:\/\/schema.org\",\"@type\": \"Event\",\n\t\t\t\t\"@id\": \"event_2107_12\",\n\t\t\t\t\"eventAttendanceMode\":\"https:\/\/schema.org\/OfflineEventAttendanceMode\",\n\t\t\t\t\"eventStatus\":\"https:\/\/schema.org\/EventScheduled\",\n\t\t\t\t\"name\": \"Mindful.Latemar\",\n\t\t\t\t\"url\": \"https:\/\/latemarium.com\/de\/events\/mindful-latemar\/var\/ri-12.l-L2\",\n\t\t\t\t\"startDate\": \"2026-9-15T13:30+0:00\",\n\t\t\t\t\"endDate\": \"2026-9-15T23:59+0:00\",\n\t\t\t\t\"image\":\"https:\/\/latemarium.com\/wp-content\/uploads\/2023\/06\/\u00a9Obereggen_LatemarAG.SpA_Mindful.Latemar_Ph.Guenther.Pichler_06.jpg\", \n\t\t\t\t\"description\":\"<p>Mindful.Latemar befindet sich in Obereggen entlang des <strong>Rundweges auf dem Golfrion<\/strong>, am Fu\u00dfe der Dolomiten auf 1872 Metern Meeresh\u00f6he.<\/p> <p>Der Weg beinhaltet <strong>18 verschiedene Mindfulness-\u00dcbungen<\/strong> an einem besonderen Ort, der nach dem Sturm Vaia im November 2018 ein Beispiel f\u00fcr Best\u00e4ndigkeit und Resilienz wurde.<\/p> <h3 class='wysiwyg__subline'>Dr. Thomas Bernagozzi begleitet dich immer dienstags:<\/h3> <div class='wysiwyg__description'> <p>von 13.30 bis 15.30 Uhr (auf Deutsch )<br \/> von 15.45 bis 17.45 Uhr (auf Italienisch)<\/p> <ul> <li>Treffpunkt: Talstation der Kabinenbahn &#8220;Obereggen-Ochsenweide&#8221;<\/li> <li>Kosten: 30 Euro inklusive der Berg- und Talfahrt<\/li> <li>Anmeldung online:\u00a0<a href='https:\/\/eggental.com\/de\/ajax-events#11944' target='_blank' rel='noopener'><strong><u>Eggental Tourismus<\/u><\/strong><\/a>\u00a0(max. 10 Personen)<\/li> <\/ul> <\/div> \",\"location\":[{\"@type\":\"Place\",\"name\":\"Talstation Obereggen\",\"address\":{\"@type\": \"PostalAddress\",\"streetAddress\":\"Obereggen 16 I-39050 Deutschnofen (BZ)\"}}]}<\/script><\/div>\r\n\t\t\t\t<p class=\"desc_trig_outter\" style=\"\"><a data-gmtrig=\"1\" data-exlk=\"0\" style=\"background-color: #facd05;\" id=\"evc_17894718002107\" href=\"#\" class=\"hasFtIMG event_repeat desc_trig sin_val evcal_list_a\" data-ux_val=\"3\" data-ux_val_mob=\"-\"  ><span class='evoet_in'><span class='evoet_c1 evoet_cx '><span class='evoet_cy ev_ftImg evotrans imgFxdef' data-img='https:\/\/latemarium.com\/wp-content\/uploads\/2023\/06\/\u00a9Obereggen_LatemarAG.SpA_Mindful.Latemar_Ph.Guenther.Pichler_06.jpg' data-thumb='https:\/\/latemarium.com\/wp-content\/uploads\/2023\/06\/\u00a9Obereggen_LatemarAG.SpA_Mindful.Latemar_Ph.Guenther.Pichler_06-300x169.jpg' style='background-image:url(\"https:\/\/latemarium.com\/wp-content\/uploads\/2023\/06\/\u00a9Obereggen_LatemarAG.SpA_Mindful.Latemar_Ph.Guenther.Pichler_06-300x169.jpg\")' ><\/span><\/span><span class='evoet_c2 evoet_cx '><span class='evoet_dayblock evcal_cblock ' data-bgcolor='#facd05' data-smon='September' data-syr='2026' data-bub=''><span class='evo_start  evofxdrc'><em class='date'>15<\/em><em class='month'>Sep<\/em><em class='time'>13:30<\/em><\/span><\/span><\/span><span class='evoet_c3 evoet_cx evcal_desc hide_eventtopdata '><span class='evoet_title evcal_desc2 evcal_event_title ' itemprop='name'>Mindful.Latemar<\/span><span class='event_location_attrs evodni'  data-location_address=\"Obereggen 16 I-39050 Deutschnofen (BZ)\" data-location_type=\"lonlat\" data-location_name=\"Talstation Obereggen\" data-location_url=\"https:\/\/latemarium.com\/de\/event-location\/talstation-obereggen\/\" data-location_status=\"true\" data-locid=\"23\" data-latlng=\"46.3835808246333,11.52667595881786\"><\/span><span class='evoet_cy evoet_subtitle evo_below_title' ><span class='evcal_event_subtitle ' >Mindful.Latemar ist der erste immersive Achtsamkeitspfad in den Alpen.<\/span><\/span><span class='evoet_cy evoet_time_expand level_3'><em class='evcal_time evo_tz_time'><i class='fa fa-clock-o'><\/i>13:30<span class='evo_tz marl5'>(GMT+02:00)<\/span><\/em> <\/span><span class='evoet_location level_3'><em class=\"evcal_location\"  data-latlng=\"46.3835808246333,11.52667595881786\" data-add_str=\"Obereggen 16 I-39050 Deutschnofen (BZ)\" data-n=\"Talstation Obereggen\"><i class=\"fa fa-location-pin\"><\/i><em class=\"event_location_name\">Talstation Obereggen<\/em>, Obereggen 16 I-39050 Deutschnofen (BZ)<\/em><\/span><\/span><\/span><span class='evoet_data' style='display:none' data-d=\"{&quot;loc.n&quot;:&quot;Talstation Obereggen&quot;,&quot;orgs&quot;:[],&quot;tags&quot;:{&quot;repeating&quot;:&quot;Repeating Event&quot;}}\" data-bgc=\"#facd05\" data-bggrad=\"\" ><\/span><\/a><\/p><div class='event_description evcal_eventcard ' style=\"display:none\"><div class='evocard_row'><div id='event_ftimage' class='evocard_box ftimage' data-c='' \n\t\t\t\t\tstyle=''><div class='evocard_main_image_hold' data-t='Loading Image..'><div class='evocard_main_image evo_img_triglb evocd_img_minmized evobr15 evobgsc evobgpc evodfx evofx_jc_c evofx_ai_c evofz48 minmized' style='height:300px; background-image:url();' data-f=\"https:\/\/latemarium.com\/wp-content\/uploads\/2023\/06\/\u00a9Obereggen_LatemarAG.SpA_Mindful.Latemar_Ph.Guenther.Pichler_06.jpg\" data-h=\"812\" data-w=\"1445\" data-ratio=\"0.56193771626298\" data-event_id=\"2107\" data-ri=\"12\"  data-t='Loading Image..'><span style='height:300px; background-image:url(https:\/\/latemarium.com\/wp-content\/uploads\/2023\/06\/\u00a9Obereggen_LatemarAG.SpA_Mindful.Latemar_Ph.Guenther.Pichler_06.jpg)'><\/span><\/div><\/div><\/div><\/div><!-- row close --><div class='evocard_row'><div id='event_eventdetails' class='evocard_box eventdetails' data-c='' \n\t\t\t\t\tstyle=''><div class=\"evo_metarow_details evorow evcal_evdata_row evcal_event_details\">\n    <div class=\"event_excerpt\" style=\"display:none\"><h3 class=\"padb5 evo_h3\">Details zur Veranstaltung<\/h3><p>Mindful.Latemar befindet sich in Obereggen entlang des Rundweges auf dem Golfrion, am Fu\u00dfe der Dolomiten auf 1872 Metern Meeresh\u00f6he.\nDer Weg beinhaltet 18 verschiedene Mindfulness-\u00dcbungen an einem besonderen Ort, der nach<\/p><\/div><span class='evcal_evdata_icons'><i class='fa fa-align-justify'><\/i><\/span>    <div class=\"evcal_evdata_cell shorter_desc\">\n        <div class=\"eventon_full_description\">\n            <h3 class=\"padb5 evo_h3\"><span class='evcal_evdata_icons'><i class='fa fa-align-justify'><\/i><\/span>Details zur Veranstaltung<\/h3>\n            <div class=\"eventon_desc_in\" itemprop=\"description\">\n                <p>Mindful.Latemar befindet sich in Obereggen entlang des <strong>Rundweges auf dem Golfrion<\/strong>, am Fu\u00dfe der Dolomiten auf 1872 Metern Meeresh\u00f6he.<\/p>\n<p>Der Weg beinhaltet <strong>18 verschiedene Mindfulness-\u00dcbungen<\/strong> an einem besonderen Ort, der nach dem Sturm Vaia im November 2018 ein Beispiel f\u00fcr Best\u00e4ndigkeit und Resilienz wurde.<\/p>\n<h3 class=\"wysiwyg__subline\">Dr. Thomas Bernagozzi begleitet dich immer dienstags:<\/h3>\n<div class=\"wysiwyg__description\">\n<p>von 13.30 bis 15.30 Uhr (auf Deutsch )<br \/>\nvon 15.45 bis 17.45 Uhr (auf Italienisch)<\/p>\n<ul>\n<li>Treffpunkt: Talstation der Kabinenbahn &#8220;Obereggen-Ochsenweide&#8221;<\/li>\n<li>Kosten: 30 Euro inklusive der Berg- und Talfahrt<\/li>\n<li>Anmeldung online:\u00a0<a href=\"https:\/\/eggental.com\/de\/ajax-events#11944\" target=\"_blank\" rel=\"noopener\"><strong><u>Eggental Tourismus<\/u><\/strong><\/a>\u00a0(max. 10 Personen)<\/li>\n<\/ul>\n<\/div>\n            <\/div>\n            <p class='eventon_shad_p' style='padding:5px 0 0; margin:0'><button class='evcal_btn evo_btn_secondary evobtn_details_show_more' content='less' aria-label='Mehr' aria-expanded='false'><span class='ev_more_text' data-txt='Weniger'>Mehr<\/span><span class='ev_more_arrow ard'><\/span><\/button><\/p><div class='clear'><\/div>        <\/div>\n    <\/div>\n<\/div><\/div><\/div><!-- row close --><div class='evocard_row bx2 bx'><div id='event_time' class='evocard_box time' data-c='' \n\t\t\t\t\tstyle=''><div class='evo_metarow_time evorow evcal_evdata_row evcal_evrow_sm '>\n\t\t<span class='evcal_evdata_icons'><i class='fa fa-clock'><\/i><\/span>\n\t\t<div class='evcal_evdata_cell'>\t\t\t\t\t\t\t\n\t\t\t<h3 class='evo_h3'><span class='evcal_evdata_icons'><i class='fa fa-clock'><\/i><\/span>Zeitplan<\/h3><div><span class='evo_eventcard_time_t evogap5 evofxww'><span class=\"start\">15 September 2026<\/span> <span class=\"stime\">13:30<\/span><\/span><span class='evo_tz marr5'>(GMT+02:00)<\/span><\/div>\n\t\t<\/div>\n\t<\/div><\/div><div id='event_location' class='evocard_box location' data-c='' \n\t\t\t\t\tstyle=''><div class='evcal_evdata_row evo_metarow_time_location evorow '>\n\t\t\n\t\t\t<span class='evcal_evdata_icons'><i class='fa fa-map-marker'><\/i><\/span>\n\t\t\t<div class='evcal_evdata_cell' data-loc_tax_id='23'><h3 class='evo_h3 evodfx'><span class='evcal_evdata_icons'><i class='fa fa-map-marker'><\/i><\/span>Ort<\/h3><p class='evo_location_name'>Talstation Obereggen<\/p><p class='evo_location_address evodfxi evogap10'>Obereggen 16 I-39050 Deutschnofen (BZ)<\/p><div class='padt10'><span class='evo_btn_arr evolb_trigger' data-lbvals=\"{&quot;lbdata&quot;:{&quot;class&quot;:&quot;evo_location_lb_23&quot;,&quot;additional_class&quot;:&quot;lb_max&quot;,&quot;title&quot;:&quot;Talstation Obereggen&quot;},&quot;adata&quot;:{&quot;a&quot;:&quot;eventon_get_tax_card_content&quot;,&quot;end&quot;:&quot;client&quot;,&quot;data&quot;:{&quot;lang&quot;:&quot;L2&quot;,&quot;term_id&quot;:23,&quot;tax&quot;:&quot;event_location&quot;,&quot;load_lbcontent&quot;:true}},&quot;uid&quot;:&quot;eventon_get_tax_card_content&quot;}\" >Other Events<i class='fa fa-chevron-right' aria-hidden='true'><\/i><\/span><\/div><\/div>\n\t\t\n\t<\/div><\/div><\/div><!-- row close --><div class='evocard_row bx2 bx'><div id='event_learnmore' class='evocard_box learnmore' data-c='' \n\t\t\t\t\tstyle=''><div class='evo_metarow_learnM evo_metarow_learnmore evorow'>\n\t\t\t\t\t\t\t<a class='evcal_evdata_row evo_clik_row ' href='https:\/\/obereggen.com\/de\/mindfullatemar' target=\"_blank\">\n\t\t\t\t\t\t\t\t<span class='evcal_evdata_icons'><i class='fa fa-link'><\/i><\/span>\n\t\t\t\t\t\t\t\t<h3 class='evo_h3'>Entdecke mehr<\/h3>\n\t\t\t\t\t\t\t<\/a>\n\t\t\t\t\t\t\t<\/div><\/div><div id='event_addtocal' class='evocard_box addtocal' data-c='' \n\t\t\t\t\tstyle=''><div class='evo_metarow_ICS evorow evcal_evdata_row'>\n\t\t\t<span class='evcal_evdata_icons'><i class='fa fa-calendar-o'><\/i><\/span>\n\t\t\t<div class='evcal_evdata_cell'>\n\t\t\t\t<p><a href='https:\/\/latemarium.com\/de\/export-events\/2107_12\/?key=f55e99e6ee' rel='nofollow' class='evo_ics_nCal' title='Zu Ihrem Kalender hinzuf\u00fcgen'>Kalender<\/a><a href='https:\/\/www.google.com\/calendar\/event?action=TEMPLATE&text=Mindful.Latemar&dates=20260915T113000Z\/20260915T215900Z&ctz=Europe%2FRome&details=Mindful.Latemar&location=Talstation%20Obereggen%20Obereggen%2016%20I-39050%20Deutschnofen%20%28BZ%29' target='_blank' rel='nofollow' class='evo_ics_gCal' title='Zu Google Kalender hinzuf\u00fcgen'>GoogleCal<\/a><\/p>\t\n\t\t\t<\/div>\n\t\t<\/div><\/div><\/div><!-- row close --><div class='evocard_row'><div id='event_getdirection' class='evocard_box getdirection' data-c='' \n\t\t\t\t\tstyle=''><div class='evo_metarow_getDr evorow evcal_evdata_row evcal_evrow_sm getdirections'>\n\t\t<form action='https:\/\/maps.google.com\/maps' method='get' target='_blank'>\n\t\t\t<input type='hidden' name='daddr' value=\"46.3835808246333,11.52667595881786\"\/> \n\t\t\t<div class='evo_get_direction_content evo_fx_dr_r evogap10'>\n\t\t\t\t<span class='evogetdir_header evodfx evofxdrr evofxaic evogap10'>\n\t\t\t\t\t<i class='mainicon fa fa-road evofz24i'><\/i> \n\t\t\t\t\t<h3 class='evo_h3 evopad0i' style='padding-bottom:5px;'>Wegbeschreibung abrufen<\/h3>\n\t\t\t\t<\/span>\n\t\t\t\t<span class='evogetdir_field evodfx evofx_1_1 evow100p'>\t\n\t\t\t\t\t<label for='6a9c46be5b4cb' class='evo_aria_ready sr-only'>Address - Mindful.Latemar []<\/label>\t\t\t\t\n\t\t\t\t\t<input id='6a9c46be5b4cb' class='evo_aria_ready_match evoInput2 evobr10 evow100p evopad10 evoff_2 evofz14i evobrdB1 evoboxbb' type='text' name='saddr' placeholder='&quot;Geben Sie die Adresse ein' value='' style='' aria-label='Address - Mindful.Latemar []' \/>\n\t\t\t\t<\/span>\n\t\t\t\t<div class='evodfx evofxdrr evofxaic evogap10'>\n\t\t\t\t\t<i class='fa fa-location-dot'><\/i>\n\t\t\t\t\t<div class='evoposr evofx_1 evoh100p'><label for='6a9c46be5b4cb' class='evo_aria_ready sr-only'>Destination Address - Mindful.Latemar []<\/label>\t\t\n\t\t\t\t\t\t<input id='6a9c46be5b4cb' class='evo_aria_ready_match evoInput2 evobr10 evow100p evopad5-10 evoff_2 evofz14i evobrdB1 evoop5 evoboxbb evoh100p' type='text' style='' readonly value='Obereggen 16 I-39050 Deutschnofen (BZ)' aria-label='Destination Address - Mindful.Latemar []'\/><button class='evo_copy_address evobuttonA evocurp evohoop7 evoposa evopad5' style='right: 3px; top: 4px; background-color: #fff;' data-txt='46.3835808246333,11.52667595881786' data-t='Address copied to clipboard!'><i class='far fa-copy evofz16i' title='Copy Destination Address!'><\/i><\/button>\n\t\t\t\t\t<\/div>\n\t\t\t\t\t<button type='submit' class='evo_get_direction_button evcal_btn dfx evofxaic evocurp evohoop7' title='&quot;Klicken Sie hier' style='    padding: 10px 15px !important;'><i class='fa fa-chevron-right'><\/i> <\/button>\n\t\t\t\t<\/div>\n\t\t\t<\/div>\n\t\t<\/form>\n\t<\/div><\/div><\/div><!-- row close --><button class='evo_card_row_end evcal_close' title='Schlie\u00dfen'><\/button><\/div><div class='clear end'><\/div><\/div><div id=\"event_2784_28\" class=\"eventon_list_event evo_eventtop scheduled  event clrD event_2784_28\" data-event_id=\"2784\" data-ri=\"28r\" data-time=\"1789626600-1789632000\" data-colr=\"#006290\" itemscope itemtype='http:\/\/schema.org\/Event'><div class=\"evo_event_schema\" style=\"display:none\" ><a itemprop='url'  href='https:\/\/latemarium.com\/de\/events\/oberholz-fruehstueck\/var\/ri-28.l-L2'><\/a><meta itemprop='image' content=\"https:\/\/latemarium.com\/wp-content\/uploads\/2025\/05\/colazione-al-rifugio-oberholz.jpg\" \/><meta itemprop='startDate' content=\"2026-9-17T08:30+0:00\" \/><meta itemprop='endDate' content=\"2026-9-17T10:00+0:00\" \/><meta itemprop='eventStatus' content=\"https:\/\/schema.org\/EventScheduled\" \/><meta itemprop='eventAttendanceMode'   itemscope itemtype=\"https:\/\/schema.org\/OfflineEventAttendanceMode\"\/><script type=\"application\/ld+json\">{\"@context\": \"http:\/\/schema.org\",\"@type\": \"Event\",\n\t\t\t\t\"@id\": \"event_2784_28\",\n\t\t\t\t\"eventAttendanceMode\":\"https:\/\/schema.org\/OfflineEventAttendanceMode\",\n\t\t\t\t\"eventStatus\":\"https:\/\/schema.org\/EventScheduled\",\n\t\t\t\t\"name\": \"Oberholz Fr\u00fchst\u00fcck\",\n\t\t\t\t\"url\": \"https:\/\/latemarium.com\/de\/events\/oberholz-fruehstueck\/var\/ri-28.l-L2\",\n\t\t\t\t\"startDate\": \"2026-9-17T08:30+0:00\",\n\t\t\t\t\"endDate\": \"2026-9-17T10:00+0:00\",\n\t\t\t\t\"image\":\"https:\/\/latemarium.com\/wp-content\/uploads\/2025\/05\/colazione-al-rifugio-oberholz.jpg\", \n\t\t\t\t\"description\":\"<p>Fr\u00fchst\u00fcck auf der Bergh\u00fctte Oberholz auf 2.096 m<br \/> Jeden Donnerstag und Samstag<\/p> <p>Das w\u00f6chentliche Highlight unterm Latemar findet jeden Donnerstag und Samstag von 8:30 bis 10:00 Uhr statt. Das umfangreiche Genusserlebnis \u201eFr\u00fchst\u00fcck auf der Oberholz\u201c inklusive der Berg- und Talfahrt kostet f\u00fcr Erwachsene 34 Euro, Jugendliche unter 12 Jahren bezahlen 27 Euro, Kinder unter 6 sind kostenlos.<\/p> <p>Zur Bergh\u00fctte und zur\u00fcck ins Tal geht es mit dem Panorama-Sessellift Obereggen-Oberholz (Auffahrt ab 08:30, letzte R\u00fcckfahrt 18.00 Uhr).<br \/> Eine Reservierung ist erforderlich: oberholz@latemar.it\u00a00471 618299<\/p> \"}<\/script><\/div>\r\n\t\t\t\t<p class=\"desc_trig_outter\" style=\"\"><a data-gmap_status=\"null\" data-exlk=\"0\" style=\"background-color: #006290;\" id=\"evc_17896266002784\" href=\"#\" class=\"hasFtIMG event_repeat desc_trig sin_val evcal_list_a\" data-ux_val=\"3\" data-ux_val_mob=\"-\"  ><span class='evoet_in'><span class='evoet_c1 evoet_cx '><span class='evoet_cy ev_ftImg evotrans imgFxdef' data-img='https:\/\/latemarium.com\/wp-content\/uploads\/2025\/05\/colazione-al-rifugio-oberholz.jpg' data-thumb='https:\/\/latemarium.com\/wp-content\/uploads\/2025\/05\/colazione-al-rifugio-oberholz-300x200.jpg' style='background-image:url(\"https:\/\/latemarium.com\/wp-content\/uploads\/2025\/05\/colazione-al-rifugio-oberholz-300x200.jpg\")' ><\/span><\/span><span class='evoet_c2 evoet_cx '><span class='evoet_dayblock evcal_cblock ' data-bgcolor='#006290' data-smon='September' data-syr='2026' data-bub=''><span class='evo_start  evofxdrc'><em class='date'>17<\/em><em class='month'>Sep<\/em><em class='time'>08:30<\/em><\/span><span class='evo_end only_time evofxdrc'><em class='time'>10:00<\/em><\/span><\/span><\/span><span class='evoet_c3 evoet_cx evcal_desc hide_eventtopdata '><span class='evoet_title evcal_desc2 evcal_event_title ' itemprop='name'>Oberholz Fr\u00fchst\u00fcck<\/span><span class='evoet_cy evoet_subtitle evo_below_title' ><span class='evcal_event_subtitle ' >Oberholz Fr\u00fchst\u00fcck<\/span><\/span><span class='evoet_cy evoet_time_expand level_3'><em class='evcal_time evo_tz_time'><i class='fa fa-clock-o'><\/i>08:30 - 10:00<span class='evo_tz marl5'>(GMT+02:00)<\/span><\/em> <\/span><span class='evoet_location level_3'><em class=\"evcal_location\"  data-add_str=\"\" data-n=\"Rifugio Oberholz\"><i class=\"fa fa-location-pin\"><\/i><em class=\"event_location_name\">Rifugio Oberholz<\/em><\/em><\/span><\/span><\/span><span class='evoet_data' style='display:none' data-d=\"{&quot;loc.n&quot;:&quot;Rifugio Oberholz&quot;,&quot;orgs&quot;:[],&quot;tags&quot;:{&quot;repeating&quot;:&quot;Repeating Event&quot;}}\" data-bgc=\"#006290\" data-bggrad=\"\" ><\/span><\/a><\/p><div class='event_description evcal_eventcard ' style=\"display:none\"><div class='evocard_row'><div id='event_ftimage' class='evocard_box ftimage' data-c='' \n\t\t\t\t\tstyle=''><div class='evocard_main_image_hold' data-t='Loading Image..'><div class='evocard_main_image evo_img_triglb evocd_img_minmized evobr15 evobgsc evobgpc evodfx evofx_jc_c evofx_ai_c evofz48 minmized' style='height:300px; background-image:url();' data-f=\"https:\/\/latemarium.com\/wp-content\/uploads\/2025\/05\/colazione-al-rifugio-oberholz.jpg\" data-h=\"1575\" data-w=\"2360\" data-ratio=\"0.66737288135593\" data-event_id=\"2784\" data-ri=\"28\"  data-t='Loading Image..'><span style='height:300px; background-image:url(https:\/\/latemarium.com\/wp-content\/uploads\/2025\/05\/colazione-al-rifugio-oberholz.jpg)'><\/span><\/div><\/div><\/div><\/div><!-- row close --><div class='evocard_row'><div id='event_eventdetails' class='evocard_box eventdetails' data-c='' \n\t\t\t\t\tstyle=''><div class=\"evo_metarow_details evorow evcal_evdata_row evcal_event_details\">\n    <div class=\"event_excerpt\" style=\"display:none\"><h3 class=\"padb5 evo_h3\">Details zur Veranstaltung<\/h3><p>Fr\u00fchst\u00fcck auf der Bergh\u00fctte Oberholz auf 2.096 m\nJeden Donnerstag und Samstag\nDas w\u00f6chentliche Highlight unterm Latemar findet jeden Donnerstag und Samstag von 8:30 bis 10:00 Uhr statt. Das umfangreiche Genusserlebnis<\/p><\/div><span class='evcal_evdata_icons'><i class='fa fa-align-justify'><\/i><\/span>    <div class=\"evcal_evdata_cell shorter_desc\">\n        <div class=\"eventon_full_description\">\n            <h3 class=\"padb5 evo_h3\"><span class='evcal_evdata_icons'><i class='fa fa-align-justify'><\/i><\/span>Details zur Veranstaltung<\/h3>\n            <div class=\"eventon_desc_in\" itemprop=\"description\">\n                <p>Fr\u00fchst\u00fcck auf der Bergh\u00fctte Oberholz auf 2.096 m<br \/>\nJeden Donnerstag und Samstag<\/p>\n<p>Das w\u00f6chentliche Highlight unterm Latemar findet jeden Donnerstag und Samstag von 8:30 bis 10:00 Uhr statt. Das umfangreiche Genusserlebnis \u201eFr\u00fchst\u00fcck auf der Oberholz\u201c inklusive der Berg- und Talfahrt kostet f\u00fcr Erwachsene 34 Euro, Jugendliche unter 12 Jahren bezahlen 27 Euro, Kinder unter 6 sind kostenlos.<\/p>\n<p>Zur Bergh\u00fctte und zur\u00fcck ins Tal geht es mit dem Panorama-Sessellift Obereggen-Oberholz (Auffahrt ab 08:30, letzte R\u00fcckfahrt 18.00 Uhr).<br \/>\nEine Reservierung ist erforderlich: oberholz@latemar.it\u00a00471 618299<\/p>\n            <\/div>\n            <p class='eventon_shad_p' style='padding:5px 0 0; margin:0'><button class='evcal_btn evo_btn_secondary evobtn_details_show_more' content='less' aria-label='Mehr' aria-expanded='false'><span class='ev_more_text' data-txt='Weniger'>Mehr<\/span><span class='ev_more_arrow ard'><\/span><\/button><\/p><div class='clear'><\/div>        <\/div>\n    <\/div>\n<\/div><\/div><\/div><!-- row close --><div class='evocard_row bx2 bx'><div id='event_time' class='evocard_box time' data-c='' \n\t\t\t\t\tstyle=''><div class='evo_metarow_time evorow evcal_evdata_row evcal_evrow_sm '>\n\t\t<span class='evcal_evdata_icons'><i class='fa fa-clock'><\/i><\/span>\n\t\t<div class='evcal_evdata_cell'>\t\t\t\t\t\t\t\n\t\t\t<h3 class='evo_h3'><span class='evcal_evdata_icons'><i class='fa fa-clock'><\/i><\/span>Zeitplan<\/h3><div><span class='evo_eventcard_time_t evogap5 evofxww'><span class=\"start\">17 September 2026<\/span> <span class=\"stime\">08:30<\/span> - <span class=\"etime\">10:00<\/span><\/span><span class='evo_tz marr5'>(GMT+02:00)<\/span><\/div>\n\t\t<\/div>\n\t<\/div><\/div><div id='event_location' class='evocard_box location' data-c='' \n\t\t\t\t\tstyle=''><div class='evcal_evdata_row evo_metarow_time_location evorow '>\n\t\t\n\t\t\t<span class='evcal_evdata_icons'><i class='fa fa-map-marker'><\/i><\/span>\n\t\t\t<div class='evcal_evdata_cell' data-loc_tax_id='60'><h3 class='evo_h3 evodfx'><span class='evcal_evdata_icons'><i class='fa fa-map-marker'><\/i><\/span>Ort<\/h3><p class='evo_location_name'>Rifugio Oberholz<\/p><div class='padt10'><span class='evo_btn_arr evolb_trigger' data-lbvals=\"{&quot;lbdata&quot;:{&quot;class&quot;:&quot;evo_location_lb_60&quot;,&quot;additional_class&quot;:&quot;lb_max&quot;,&quot;title&quot;:&quot;Rifugio Oberholz&quot;},&quot;adata&quot;:{&quot;a&quot;:&quot;eventon_get_tax_card_content&quot;,&quot;end&quot;:&quot;client&quot;,&quot;data&quot;:{&quot;lang&quot;:&quot;L2&quot;,&quot;term_id&quot;:60,&quot;tax&quot;:&quot;event_location&quot;,&quot;load_lbcontent&quot;:true}},&quot;uid&quot;:&quot;eventon_get_tax_card_content&quot;}\" >Other Events<i class='fa fa-chevron-right' aria-hidden='true'><\/i><\/span><\/div><\/div>\n\t\t\n\t<\/div><\/div><\/div><!-- row close --><div class='evocard_row bx2 bx'><div id='event_learnmore' class='evocard_box learnmore' data-c='' \n\t\t\t\t\tstyle=''><div class='evo_metarow_learnM evo_metarow_learnmore evorow'>\n\t\t\t\t\t\t\t<a class='evcal_evdata_row evo_clik_row ' href='https:\/\/oberholz.com\/events\/' target=\"_blank\">\n\t\t\t\t\t\t\t\t<span class='evcal_evdata_icons'><i class='fa fa-link'><\/i><\/span>\n\t\t\t\t\t\t\t\t<h3 class='evo_h3'>Entdecke mehr<\/h3>\n\t\t\t\t\t\t\t<\/a>\n\t\t\t\t\t\t\t<\/div><\/div><div id='event_addtocal' class='evocard_box addtocal' data-c='' \n\t\t\t\t\tstyle=''><div class='evo_metarow_ICS evorow evcal_evdata_row'>\n\t\t\t<span class='evcal_evdata_icons'><i class='fa fa-calendar-o'><\/i><\/span>\n\t\t\t<div class='evcal_evdata_cell'>\n\t\t\t\t<p><a href='https:\/\/latemarium.com\/de\/export-events\/2784_28\/?key=f55e99e6ee' rel='nofollow' class='evo_ics_nCal' title='Zu Ihrem Kalender hinzuf\u00fcgen'>Kalender<\/a><a href='https:\/\/www.google.com\/calendar\/event?action=TEMPLATE&text=Oberholz%20Fr%C3%BChst%C3%BCck&dates=20260917T063000Z\/20260917T080000Z&ctz=Europe%2FRome&details=Oberholz%20Fr%C3%BChst%C3%BCck&location=Rifugio%20Oberholz' target='_blank' rel='nofollow' class='evo_ics_gCal' title='Zu Google Kalender hinzuf\u00fcgen'>GoogleCal<\/a><\/p>\t\n\t\t\t<\/div>\n\t\t<\/div><\/div><\/div><!-- row close --><button class='evo_card_row_end evcal_close' title='Schlie\u00dfen'><\/button><\/div><div class='clear end'><\/div><\/div><div id=\"event_2845_11\" class=\"eventon_list_event evo_eventtop scheduled  event clrD no_et event_2845_11\" data-event_id=\"2845\" data-ri=\"11r\" data-time=\"1789628400-1789682340\" data-colr=\"#38823b\" itemscope itemtype='http:\/\/schema.org\/Event'><div class=\"evo_event_schema\" style=\"display:none\" ><a itemprop='url'  href='https:\/\/latemarium.com\/de\/events\/escursione-in-montagna-al-rifugio-torre-di-pisa\/var\/ri-11.l-L2'><\/a><meta itemprop='image' content=\"https:\/\/latemarium.com\/wp-content\/uploads\/2025\/05\/escursione-torre-di-pisa-obereggen.jpg\" \/><meta itemprop='startDate' content=\"2026-9-17T09:00+0:00\" \/><meta itemprop='endDate' content=\"2026-9-17T23:59+0:00\" \/><meta itemprop='eventStatus' content=\"https:\/\/schema.org\/EventScheduled\" \/><meta itemprop='eventAttendanceMode'   itemscope itemtype=\"https:\/\/schema.org\/OfflineEventAttendanceMode\"\/><div style=\"display:none\" itemprop=\"location\" itemscope itemtype=\"http:\/\/schema.org\/Place\"><span itemprop=\"name\">Talstation Obereggen<\/span><span itemprop=\"address\" itemscope itemtype=\"http:\/\/schema.org\/PostalAddress\"><item itemprop=\"streetAddress\">Obereggen 16 I-39050 Deutschnofen (BZ)<\/item><\/span><\/div><script type=\"application\/ld+json\">{\"@context\": \"http:\/\/schema.org\",\"@type\": \"Event\",\n\t\t\t\t\"@id\": \"event_2845_11\",\n\t\t\t\t\"eventAttendanceMode\":\"https:\/\/schema.org\/OfflineEventAttendanceMode\",\n\t\t\t\t\"eventStatus\":\"https:\/\/schema.org\/EventScheduled\",\n\t\t\t\t\"name\": \"Gipfelwanderung zur Latemarh\u00fctte\",\n\t\t\t\t\"url\": \"https:\/\/latemarium.com\/de\/events\/escursione-in-montagna-al-rifugio-torre-di-pisa\/var\/ri-11.l-L2\",\n\t\t\t\t\"startDate\": \"2026-9-17T09:00+0:00\",\n\t\t\t\t\"endDate\": \"2026-9-17T23:59+0:00\",\n\t\t\t\t\"image\":\"https:\/\/latemarium.com\/wp-content\/uploads\/2025\/05\/escursione-torre-di-pisa-obereggen.jpg\", \n\t\t\t\t\"description\":\"<p>Mittelschwere bis schwere, anspruchsvolle Bergwanderung im hochalpinen Gel\u00e4nde im s\u00fcdlichen Latemar- Massiv. Beeindruckende Rundsicht auf die umliegende Bergwelt.<\/p> <p>Route: Auffahrt mit dem Oberholz-Sessellift (1550\u20132100 m) \u2013 Aufstieg auf Weg 18 \u2013 Aussichtsplattform \u2013 Gamsstallscharte (2560 m) \u2013 Weg 516 \u2013 Pisah\u00fctte\/Latemarh\u00fctte (2671 m). Einkehr. Abstieg Weg 516 und Weg 22 \u2013 Bergstation Sessellift Oberholz \u2013 R\u00fcckfahrt.<\/p> <p>Start: 09.00 Uhr in Obereggen<br \/> R\u00fcckkehr: 16.00 Uhr<br \/> Dauer: 7 h | Gehzeit: 6 h<br \/> H\u00f6henunterschied: 750 m<br \/> Schwierigkeit: schwer, anspruchsvoll | Anforderungen: Ausdauer, Trittsicherheit und Schwindelfreiheit |mit Einkehr | die Mitnahme von geeignetem Tourenproviant wird empfohlen<br \/> Sessellift Oberholz: 21,50 \u20ac\/Erwachsene \u2013 17,50 \u20ac\/Junior<\/p> \",\"location\":[{\"@type\":\"Place\",\"name\":\"Talstation Obereggen\",\"address\":{\"@type\": \"PostalAddress\",\"streetAddress\":\"Obereggen 16 I-39050 Deutschnofen (BZ)\"}}]}<\/script><\/div>\r\n\t\t\t\t<p class=\"desc_trig_outter\" style=\"\"><a data-gmtrig=\"1\" data-exlk=\"0\" style=\"background-color: #38823b;\" id=\"evc_17896284002845\" href=\"#\" class=\"hasFtIMG event_repeat desc_trig sin_val evcal_list_a\" data-ux_val=\"3\" data-ux_val_mob=\"-\"  ><span class='evoet_in'><span class='evoet_c1 evoet_cx '><span class='evoet_cy ev_ftImg evotrans imgFxdef' data-img='https:\/\/latemarium.com\/wp-content\/uploads\/2025\/05\/escursione-torre-di-pisa-obereggen.jpg' data-thumb='https:\/\/latemarium.com\/wp-content\/uploads\/2025\/05\/escursione-torre-di-pisa-obereggen-300x182.jpg' style='background-image:url(\"https:\/\/latemarium.com\/wp-content\/uploads\/2025\/05\/escursione-torre-di-pisa-obereggen-300x182.jpg\")' ><\/span><\/span><span class='evoet_c2 evoet_cx '><span class='evoet_dayblock evcal_cblock ' data-bgcolor='#38823b' data-smon='September' data-syr='2026' data-bub=''><span class='evo_start  evofxdrc'><em class='date'>17<\/em><em class='month'>Sep<\/em><em class='time'>09:00<\/em><\/span><\/span><\/span><span class='evoet_c3 evoet_cx evcal_desc hide_eventtopdata '><span class='evoet_title evcal_desc2 evcal_event_title ' itemprop='name'>Gipfelwanderung zur Latemarh\u00fctte<\/span><span class='event_location_attrs evodni'  data-location_address=\"Obereggen 16 I-39050 Deutschnofen (BZ)\" data-location_type=\"lonlat\" data-location_name=\"Talstation Obereggen\" data-location_url=\"https:\/\/latemarium.com\/de\/event-location\/talstation-obereggen\/\" data-location_status=\"true\" data-locid=\"23\" data-latlng=\"46.3835808246333,11.52667595881786\"><\/span><span class='evoet_cy evoet_subtitle evo_below_title' ><span class='evcal_event_subtitle ' >Gipfelwanderung <\/span><\/span><span class='evoet_cy evoet_time_expand level_3'><em class='evcal_time evo_tz_time'><i class='fa fa-clock-o'><\/i>09:00<span class='evo_tz marl5'>(GMT+02:00)<\/span><\/em> <\/span><span class='evoet_location level_3'><em class=\"evcal_location\"  data-latlng=\"46.3835808246333,11.52667595881786\" data-add_str=\"Obereggen 16 I-39050 Deutschnofen (BZ)\" data-n=\"Talstation Obereggen\"><i class=\"fa fa-location-pin\"><\/i><em class=\"event_location_name\">Talstation Obereggen<\/em>, Obereggen 16 I-39050 Deutschnofen (BZ)<\/em><\/span><\/span><\/span><span class='evoet_data' style='display:none' data-d=\"{&quot;loc.n&quot;:&quot;Talstation Obereggen&quot;,&quot;orgs&quot;:[],&quot;tags&quot;:{&quot;repeating&quot;:&quot;Repeating Event&quot;}}\" data-bgc=\"#38823b\" data-bggrad=\"\" ><\/span><\/a><\/p><div class='event_description evcal_eventcard ' style=\"display:none\"><div class='evocard_row'><div id='event_ftimage' class='evocard_box ftimage' data-c='' \n\t\t\t\t\tstyle=''><div class='evocard_main_image_hold' data-t='Loading Image..'><div class='evocard_main_image evo_img_triglb evocd_img_minmized evobr15 evobgsc evobgpc evodfx evofx_jc_c evofx_ai_c evofz48 minmized' style='height:300px; background-image:url();' data-f=\"https:\/\/latemarium.com\/wp-content\/uploads\/2025\/05\/escursione-torre-di-pisa-obereggen.jpg\" data-h=\"755\" data-w=\"1245\" data-ratio=\"0.60642570281124\" data-event_id=\"2845\" data-ri=\"11\"  data-t='Loading Image..'><span style='height:300px; background-image:url(https:\/\/latemarium.com\/wp-content\/uploads\/2025\/05\/escursione-torre-di-pisa-obereggen.jpg)'><\/span><\/div><\/div><\/div><\/div><!-- row close --><div class='evocard_row'><div id='event_eventdetails' class='evocard_box eventdetails' data-c='' \n\t\t\t\t\tstyle=''><div class=\"evo_metarow_details evorow evcal_evdata_row evcal_event_details\">\n    <div class=\"event_excerpt\" style=\"display:none\"><h3 class=\"padb5 evo_h3\">Details zur Veranstaltung<\/h3><p>Mittelschwere bis schwere, anspruchsvolle Bergwanderung im hochalpinen Gel\u00e4nde im s\u00fcdlichen Latemar- Massiv. Beeindruckende Rundsicht auf die umliegende Bergwelt.\nRoute: Auffahrt mit dem Oberholz-Sessellift (1550\u20132100 m) \u2013 Aufstieg auf Weg 18 \u2013<\/p><\/div><span class='evcal_evdata_icons'><i class='fa fa-align-justify'><\/i><\/span>    <div class=\"evcal_evdata_cell shorter_desc\">\n        <div class=\"eventon_full_description\">\n            <h3 class=\"padb5 evo_h3\"><span class='evcal_evdata_icons'><i class='fa fa-align-justify'><\/i><\/span>Details zur Veranstaltung<\/h3>\n            <div class=\"eventon_desc_in\" itemprop=\"description\">\n                <p>Mittelschwere bis schwere, anspruchsvolle Bergwanderung im hochalpinen Gel\u00e4nde im s\u00fcdlichen Latemar- Massiv. Beeindruckende Rundsicht auf die umliegende Bergwelt.<\/p>\n<p>Route: Auffahrt mit dem Oberholz-Sessellift (1550\u20132100 m) \u2013 Aufstieg auf Weg 18 \u2013 Aussichtsplattform \u2013 Gamsstallscharte (2560 m) \u2013 Weg 516 \u2013 Pisah\u00fctte\/Latemarh\u00fctte (2671 m). Einkehr. Abstieg Weg 516 und Weg 22 \u2013 Bergstation Sessellift Oberholz \u2013 R\u00fcckfahrt.<\/p>\n<p>Start: 09.00 Uhr in Obereggen<br \/>\nR\u00fcckkehr: 16.00 Uhr<br \/>\nDauer: 7 h | Gehzeit: 6 h<br \/>\nH\u00f6henunterschied: 750 m<br \/>\nSchwierigkeit: schwer, anspruchsvoll | Anforderungen: Ausdauer, Trittsicherheit und Schwindelfreiheit |mit Einkehr | die Mitnahme von geeignetem Tourenproviant wird empfohlen<br \/>\nSessellift Oberholz: 21,50 \u20ac\/Erwachsene \u2013 17,50 \u20ac\/Junior<\/p>\n            <\/div>\n            <p class='eventon_shad_p' style='padding:5px 0 0; margin:0'><button class='evcal_btn evo_btn_secondary evobtn_details_show_more' content='less' aria-label='Mehr' aria-expanded='false'><span class='ev_more_text' data-txt='Weniger'>Mehr<\/span><span class='ev_more_arrow ard'><\/span><\/button><\/p><div class='clear'><\/div>        <\/div>\n    <\/div>\n<\/div><\/div><\/div><!-- row close --><div class='evocard_row bx2 bx'><div id='event_time' class='evocard_box time' data-c='' \n\t\t\t\t\tstyle=''><div class='evo_metarow_time evorow evcal_evdata_row evcal_evrow_sm '>\n\t\t<span class='evcal_evdata_icons'><i class='fa fa-clock'><\/i><\/span>\n\t\t<div class='evcal_evdata_cell'>\t\t\t\t\t\t\t\n\t\t\t<h3 class='evo_h3'><span class='evcal_evdata_icons'><i class='fa fa-clock'><\/i><\/span>Zeitplan<\/h3><div><span class='evo_eventcard_time_t evogap5 evofxww'><span class=\"start\">17 September 2026<\/span> <span class=\"stime\">09:00<\/span><\/span><span class='evo_tz marr5'>(GMT+02:00)<\/span><\/div>\n\t\t<\/div>\n\t<\/div><\/div><div id='event_location' class='evocard_box location' data-c='' \n\t\t\t\t\tstyle=''><div class='evcal_evdata_row evo_metarow_time_location evorow '>\n\t\t\n\t\t\t<span class='evcal_evdata_icons'><i class='fa fa-map-marker'><\/i><\/span>\n\t\t\t<div class='evcal_evdata_cell' data-loc_tax_id='23'><h3 class='evo_h3 evodfx'><span class='evcal_evdata_icons'><i class='fa fa-map-marker'><\/i><\/span>Ort<\/h3><p class='evo_location_name'>Talstation Obereggen<\/p><p class='evo_location_address evodfxi evogap10'>Obereggen 16 I-39050 Deutschnofen (BZ)<\/p><div class='padt10'><span class='evo_btn_arr evolb_trigger' data-lbvals=\"{&quot;lbdata&quot;:{&quot;class&quot;:&quot;evo_location_lb_23&quot;,&quot;additional_class&quot;:&quot;lb_max&quot;,&quot;title&quot;:&quot;Talstation Obereggen&quot;},&quot;adata&quot;:{&quot;a&quot;:&quot;eventon_get_tax_card_content&quot;,&quot;end&quot;:&quot;client&quot;,&quot;data&quot;:{&quot;lang&quot;:&quot;L2&quot;,&quot;term_id&quot;:23,&quot;tax&quot;:&quot;event_location&quot;,&quot;load_lbcontent&quot;:true}},&quot;uid&quot;:&quot;eventon_get_tax_card_content&quot;}\" >Other Events<i class='fa fa-chevron-right' aria-hidden='true'><\/i><\/span><\/div><\/div>\n\t\t\n\t<\/div><\/div><\/div><!-- row close --><div class='evocard_row bx2 bx'><div id='event_learnmore' class='evocard_box learnmore' data-c='' \n\t\t\t\t\tstyle=''><div class='evo_metarow_learnM evo_metarow_learnmore evorow'>\n\t\t\t\t\t\t\t<a class='evcal_evdata_row evo_clik_row ' href='https:\/\/eggental.com\/de\/event\/gipfelwanderung-zur-latemarhtte_11602' target=\"_blank\">\n\t\t\t\t\t\t\t\t<span class='evcal_evdata_icons'><i class='fa fa-link'><\/i><\/span>\n\t\t\t\t\t\t\t\t<h3 class='evo_h3'>Entdecke mehr<\/h3>\n\t\t\t\t\t\t\t<\/a>\n\t\t\t\t\t\t\t<\/div><\/div><div id='event_addtocal' class='evocard_box addtocal' data-c='' \n\t\t\t\t\tstyle=''><div class='evo_metarow_ICS evorow evcal_evdata_row'>\n\t\t\t<span class='evcal_evdata_icons'><i class='fa fa-calendar-o'><\/i><\/span>\n\t\t\t<div class='evcal_evdata_cell'>\n\t\t\t\t<p><a href='https:\/\/latemarium.com\/de\/export-events\/2845_11\/?key=f55e99e6ee' rel='nofollow' class='evo_ics_nCal' title='Zu Ihrem Kalender hinzuf\u00fcgen'>Kalender<\/a><a href='https:\/\/www.google.com\/calendar\/event?action=TEMPLATE&text=Gipfelwanderung%20zur%20Latemarh%C3%BCtte&dates=20260917T070000Z\/20260917T215900Z&ctz=Europe%2FRome&details=Gipfelwanderung%20zur%20Latemarh%C3%BCtte&location=Talstation%20Obereggen%20Obereggen%2016%20I-39050%20Deutschnofen%20%28BZ%29' target='_blank' rel='nofollow' class='evo_ics_gCal' title='Zu Google Kalender hinzuf\u00fcgen'>GoogleCal<\/a><\/p>\t\n\t\t\t<\/div>\n\t\t<\/div><\/div><\/div><!-- row close --><div class='evocard_row'><div id='event_getdirection' class='evocard_box getdirection' data-c='' \n\t\t\t\t\tstyle=''><div class='evo_metarow_getDr evorow evcal_evdata_row evcal_evrow_sm getdirections'>\n\t\t<form action='https:\/\/maps.google.com\/maps' method='get' target='_blank'>\n\t\t\t<input type='hidden' name='daddr' value=\"46.3835808246333,11.52667595881786\"\/> \n\t\t\t<div class='evo_get_direction_content evo_fx_dr_r evogap10'>\n\t\t\t\t<span class='evogetdir_header evodfx evofxdrr evofxaic evogap10'>\n\t\t\t\t\t<i class='mainicon fa fa-road evofz24i'><\/i> \n\t\t\t\t\t<h3 class='evo_h3 evopad0i' style='padding-bottom:5px;'>Wegbeschreibung abrufen<\/h3>\n\t\t\t\t<\/span>\n\t\t\t\t<span class='evogetdir_field evodfx evofx_1_1 evow100p'>\t\n\t\t\t\t\t<label for='6a9c46be5c757' class='evo_aria_ready sr-only'>Address - Gipfelwanderung zur Latemarh\u00fctte []<\/label>\t\t\t\t\n\t\t\t\t\t<input id='6a9c46be5c757' class='evo_aria_ready_match evoInput2 evobr10 evow100p evopad10 evoff_2 evofz14i evobrdB1 evoboxbb' type='text' name='saddr' placeholder='&quot;Geben Sie die Adresse ein' value='' style='' aria-label='Address - Gipfelwanderung zur Latemarh\u00fctte []' \/>\n\t\t\t\t<\/span>\n\t\t\t\t<div class='evodfx evofxdrr evofxaic evogap10'>\n\t\t\t\t\t<i class='fa fa-location-dot'><\/i>\n\t\t\t\t\t<div class='evoposr evofx_1 evoh100p'><label for='6a9c46be5c757' class='evo_aria_ready sr-only'>Destination Address - Gipfelwanderung zur Latemarh\u00fctte []<\/label>\t\t\n\t\t\t\t\t\t<input id='6a9c46be5c757' class='evo_aria_ready_match evoInput2 evobr10 evow100p evopad5-10 evoff_2 evofz14i evobrdB1 evoop5 evoboxbb evoh100p' type='text' style='' readonly value='Obereggen 16 I-39050 Deutschnofen (BZ)' aria-label='Destination Address - Gipfelwanderung zur Latemarh\u00fctte []'\/><button class='evo_copy_address evobuttonA evocurp evohoop7 evoposa evopad5' style='right: 3px; top: 4px; background-color: #fff;' data-txt='46.3835808246333,11.52667595881786' data-t='Address copied to clipboard!'><i class='far fa-copy evofz16i' title='Copy Destination Address!'><\/i><\/button>\n\t\t\t\t\t<\/div>\n\t\t\t\t\t<button type='submit' class='evo_get_direction_button evcal_btn dfx evofxaic evocurp evohoop7' title='&quot;Klicken Sie hier' style='    padding: 10px 15px !important;'><i class='fa fa-chevron-right'><\/i> <\/button>\n\t\t\t\t<\/div>\n\t\t\t<\/div>\n\t\t<\/form>\n\t<\/div><\/div><\/div><!-- row close --><button class='evo_card_row_end evcal_close' title='Schlie\u00dfen'><\/button><\/div><div class='clear end'><\/div><\/div><div id=\"event_3011_0\" class=\"eventon_list_event evo_eventtop scheduled  event clrD event_3011_0\" data-event_id=\"3011\" data-ri=\"0r\" data-time=\"1789797600-1791147600\" data-colr=\"#ba181d\" itemscope itemtype='http:\/\/schema.org\/Event'><div class=\"evo_event_schema\" style=\"display:none\" ><a itemprop='url'  href='https:\/\/latemarium.com\/de\/events\/genusswochen-wild-pilze-im-eggental\/var\/ri-0.l-L2'><\/a><meta itemprop='image'  \/><meta itemprop='startDate' content=\"2026-9-19T08:00+0:00\" \/><meta itemprop='endDate' content=\"2026-10-4T23:00+0:00\" \/><meta itemprop='eventStatus' content=\"https:\/\/schema.org\/EventScheduled\" \/><meta itemprop='eventAttendanceMode'   itemscope itemtype=\"https:\/\/schema.org\/OfflineEventAttendanceMode\"\/><script type=\"application\/ld+json\">{\"@context\": \"http:\/\/schema.org\",\"@type\": \"Event\",\n\t\t\t\t\"@id\": \"event_3011_0\",\n\t\t\t\t\"eventAttendanceMode\":\"https:\/\/schema.org\/OfflineEventAttendanceMode\",\n\t\t\t\t\"eventStatus\":\"https:\/\/schema.org\/EventScheduled\",\n\t\t\t\t\"name\": \"Genusswochen: Wild &amp; Pilze im Eggental\",\n\t\t\t\t\"url\": \"https:\/\/latemarium.com\/de\/events\/genusswochen-wild-pilze-im-eggental\/var\/ri-0.l-L2\",\n\t\t\t\t\"startDate\": \"2026-9-19T08:00+0:00\",\n\t\t\t\t\"endDate\": \"2026-10-4T23:00+0:00\",\n\t\t\t\t\"image\":\"\", \n\t\t\t\t\"description\":\"<h2>Genusswochen: Wild &amp; Pilze im Eggental<\/h2> <p>Entdecken Sie die kulinarische Vielfalt der Genusswochen: Wild &amp; Pilze und lassen Sie sich auf eine Reise der Aromen entf\u00fchren. Ausgew\u00e4hlte Restaurants, Almh\u00fctten und Bergh\u00fctten verwandeln die Sch\u00e4tze des Eggentals in k\u00f6stliche Gerichte.<\/p> <p>Genie\u00dfen Sie eine innovative und zugleich authentische K\u00fcche, zubereitet mit regionalen und saisonalen Zutaten wie reifen Fr\u00fcchten, Beeren, Kr\u00e4utern, Pilzen und heimischem Wild.<\/p> \"}<\/script><\/div>\r\n\t\t\t\t<p class=\"desc_trig_outter\" style=\"\"><a data-gmap_status=\"null\" data-exlk=\"0\" style=\"background-color: #ba181d;\" id=\"evc_17897976003011\" href=\"#\" class=\"desc_trig mul_val evcal_list_a\" data-ux_val=\"3\" data-ux_val_mob=\"-\"  ><span class='evoet_in'><span class='evoet_c2 evoet_cx '><span class='evoet_dayblock evcal_cblock ' data-bgcolor='#ba181d' data-smon='September' data-syr='2026' data-bub=''><span class='evo_start  evofxdrc'><em class='date'>19<\/em><em class='month'>Sep<\/em><em class='time'><i t=\"y\">(Sep 19)<\/i>08:00<\/em><\/span><span class='evo_end  evofxdrc'><em class='date'>04<\/em><em class='month'>Okt<\/em><em class='time'><i t=\"y\">(Okt 4)<\/i>23:00<\/em><\/span><\/span><\/span><span class='evoet_c3 evoet_cx evcal_desc hide_eventtopdata '><span class='evoet_title evcal_desc2 evcal_event_title ' itemprop='name'>Genusswochen: Wild & Pilze im Eggental<\/span><span class='evoet_cy evoet_subtitle evo_below_title' ><span class='evcal_event_subtitle ' >Genuss &amp; Tradition<\/span><\/span><span class='evoet_cy evoet_time_expand level_3'><em class='evcal_time evo_tz_time'><i class='fa fa-clock-o'><\/i>08:00 - (Oktober 4) 23:00<span class='evo_tz marl5'>(GMT+02:00)<\/span><\/em> <\/span><span class='evoet_location level_3'><em class=\"evcal_location\"  data-add_str=\"\" data-n=\"Obereggen\"><i class=\"fa fa-location-pin\"><\/i><em class=\"event_location_name\">Obereggen<\/em><\/em><\/span><\/span><\/span><span class='evoet_data' style='display:none' data-d=\"{&quot;loc.n&quot;:&quot;Obereggen&quot;,&quot;orgs&quot;:[],&quot;tags&quot;:[]}\" data-bgc=\"#ba181d\" data-bggrad=\"\" ><\/span><\/a><\/p><div class='event_description evcal_eventcard ' style=\"display:none\"><div class='evocard_row'><div id='event_eventdetails' class='evocard_box eventdetails' data-c='' \n\t\t\t\t\tstyle=''><div class=\"evo_metarow_details evorow evcal_evdata_row evcal_event_details\">\n    <div class=\"event_excerpt\" style=\"display:none\"><h3 class=\"padb5 evo_h3\">Details zur Veranstaltung<\/h3><p>Genusswochen: Wild &amp; Pilze im Eggental\nEntdecken Sie die kulinarische Vielfalt der Genusswochen: Wild &amp; Pilze und lassen Sie sich auf eine Reise der Aromen entf\u00fchren. Ausgew\u00e4hlte Restaurants, Almh\u00fctten und Bergh\u00fctten<\/p><\/div><span class='evcal_evdata_icons'><i class='fa fa-align-justify'><\/i><\/span>    <div class=\"evcal_evdata_cell \">\n        <div class=\"eventon_full_description\">\n            <h3 class=\"padb5 evo_h3\"><span class='evcal_evdata_icons'><i class='fa fa-align-justify'><\/i><\/span>Details zur Veranstaltung<\/h3>\n            <div class=\"eventon_desc_in\" itemprop=\"description\">\n                <h2>Genusswochen: Wild &amp; Pilze im Eggental<\/h2>\n<p>Entdecken Sie die kulinarische Vielfalt der Genusswochen: Wild &amp; Pilze und lassen Sie sich auf eine Reise der Aromen entf\u00fchren. Ausgew\u00e4hlte Restaurants, Almh\u00fctten und Bergh\u00fctten verwandeln die Sch\u00e4tze des Eggentals in k\u00f6stliche Gerichte.<\/p>\n<p>Genie\u00dfen Sie eine innovative und zugleich authentische K\u00fcche, zubereitet mit regionalen und saisonalen Zutaten wie reifen Fr\u00fcchten, Beeren, Kr\u00e4utern, Pilzen und heimischem Wild.<\/p>\n            <\/div>\n            <div class='clear'><\/div>        <\/div>\n    <\/div>\n<\/div><\/div><\/div><!-- row close --><div class='evocard_row bx2 bx'><div id='event_time' class='evocard_box time' data-c='' \n\t\t\t\t\tstyle=''><div class='evo_metarow_time evorow evcal_evdata_row evcal_evrow_sm '>\n\t\t<span class='evcal_evdata_icons'><i class='fa fa-clock'><\/i><\/span>\n\t\t<div class='evcal_evdata_cell'>\t\t\t\t\t\t\t\n\t\t\t<h3 class='evo_h3'><span class='evcal_evdata_icons'><i class='fa fa-clock'><\/i><\/span>Zeitplan<\/h3><div><span class='evo_eventcard_time_t evogap5 evofxww'><span class='start'>19 September 2026<\/span> <span class='stime'>08:00<\/span> - <span class='end'>4 Oktober 2026<\/span> <span class='etime'>23:00<\/span><\/span><span class='evo_tz marr5'>(GMT+02:00)<\/span><\/div>\n\t\t<\/div>\n\t<\/div><\/div><div id='event_location' class='evocard_box location' data-c='' \n\t\t\t\t\tstyle=''><div class='evcal_evdata_row evo_metarow_time_location evorow '>\n\t\t\n\t\t\t<span class='evcal_evdata_icons'><i class='fa fa-map-marker'><\/i><\/span>\n\t\t\t<div class='evcal_evdata_cell' data-loc_tax_id='63'><h3 class='evo_h3 evodfx'><span class='evcal_evdata_icons'><i class='fa fa-map-marker'><\/i><\/span>Ort<\/h3><p class='evo_location_name'>Obereggen<\/p><div class='padt10'><span class='evo_btn_arr evolb_trigger' data-lbvals=\"{&quot;lbdata&quot;:{&quot;class&quot;:&quot;evo_location_lb_63&quot;,&quot;additional_class&quot;:&quot;lb_max&quot;,&quot;title&quot;:&quot;Obereggen&quot;},&quot;adata&quot;:{&quot;a&quot;:&quot;eventon_get_tax_card_content&quot;,&quot;end&quot;:&quot;client&quot;,&quot;data&quot;:{&quot;lang&quot;:&quot;L2&quot;,&quot;term_id&quot;:63,&quot;tax&quot;:&quot;event_location&quot;,&quot;load_lbcontent&quot;:true}},&quot;uid&quot;:&quot;eventon_get_tax_card_content&quot;}\" >Other Events<i class='fa fa-chevron-right' aria-hidden='true'><\/i><\/span><\/div><\/div>\n\t\t\n\t<\/div><\/div><\/div><!-- row close --><div class='evocard_row bx2 bx'><div id='event_learnmore' class='evocard_box learnmore' data-c='' \n\t\t\t\t\tstyle=''><div class='evo_metarow_learnM evo_metarow_learnmore evorow'>\n\t\t\t\t\t\t\t<a class='evcal_evdata_row evo_clik_row ' href='https:\/\/eggental.com\/de\/genuss_erlebnisse\/kulinarik-und-kultur\/wild-und-wald' target=\"_blank\">\n\t\t\t\t\t\t\t\t<span class='evcal_evdata_icons'><i class='fa fa-link'><\/i><\/span>\n\t\t\t\t\t\t\t\t<h3 class='evo_h3'>Entdecke mehr<\/h3>\n\t\t\t\t\t\t\t<\/a>\n\t\t\t\t\t\t\t<\/div><\/div><div id='event_addtocal' class='evocard_box addtocal' data-c='' \n\t\t\t\t\tstyle=''><div class='evo_metarow_ICS evorow evcal_evdata_row'>\n\t\t\t<span class='evcal_evdata_icons'><i class='fa fa-calendar-o'><\/i><\/span>\n\t\t\t<div class='evcal_evdata_cell'>\n\t\t\t\t<p><a href='https:\/\/latemarium.com\/de\/export-events\/3011_0\/?key=f55e99e6ee' rel='nofollow' class='evo_ics_nCal' title='Zu Ihrem Kalender hinzuf\u00fcgen'>Kalender<\/a><a href='https:\/\/www.google.com\/calendar\/event?action=TEMPLATE&text=Genusswochen%3A%20Wild%20%26%20Pilze%20im%20Eggental&dates=20260919T060000Z\/20261004T210000Z&ctz=Europe%2FRome&details=Genusswochen%3A%20Wild%20%26%20Pilze%20im%20Eggental&location=Obereggen' target='_blank' rel='nofollow' class='evo_ics_gCal' title='Zu Google Kalender hinzuf\u00fcgen'>GoogleCal<\/a><\/p>\t\n\t\t\t<\/div>\n\t\t<\/div><\/div><\/div><!-- row close --><button class='evo_card_row_end evcal_close' title='Schlie\u00dfen'><\/button><\/div><div class='clear end'><\/div><\/div><div id=\"event_2784_29\" class=\"eventon_list_event evo_eventtop scheduled  event clrD event_2784_29\" data-event_id=\"2784\" data-ri=\"29r\" data-time=\"1789799400-1789804800\" data-colr=\"#006290\" itemscope itemtype='http:\/\/schema.org\/Event'><div class=\"evo_event_schema\" style=\"display:none\" ><a itemprop='url'  href='https:\/\/latemarium.com\/de\/events\/oberholz-fruehstueck\/var\/ri-29.l-L2'><\/a><meta itemprop='image' content=\"https:\/\/latemarium.com\/wp-content\/uploads\/2025\/05\/colazione-al-rifugio-oberholz.jpg\" \/><meta itemprop='startDate' content=\"2026-9-19T08:30+0:00\" \/><meta itemprop='endDate' content=\"2026-9-19T10:00+0:00\" \/><meta itemprop='eventStatus' content=\"https:\/\/schema.org\/EventScheduled\" \/><meta itemprop='eventAttendanceMode'   itemscope itemtype=\"https:\/\/schema.org\/OfflineEventAttendanceMode\"\/><script type=\"application\/ld+json\">{\"@context\": \"http:\/\/schema.org\",\"@type\": \"Event\",\n\t\t\t\t\"@id\": \"event_2784_29\",\n\t\t\t\t\"eventAttendanceMode\":\"https:\/\/schema.org\/OfflineEventAttendanceMode\",\n\t\t\t\t\"eventStatus\":\"https:\/\/schema.org\/EventScheduled\",\n\t\t\t\t\"name\": \"Oberholz Fr\u00fchst\u00fcck\",\n\t\t\t\t\"url\": \"https:\/\/latemarium.com\/de\/events\/oberholz-fruehstueck\/var\/ri-29.l-L2\",\n\t\t\t\t\"startDate\": \"2026-9-19T08:30+0:00\",\n\t\t\t\t\"endDate\": \"2026-9-19T10:00+0:00\",\n\t\t\t\t\"image\":\"https:\/\/latemarium.com\/wp-content\/uploads\/2025\/05\/colazione-al-rifugio-oberholz.jpg\", \n\t\t\t\t\"description\":\"<p>Fr\u00fchst\u00fcck auf der Bergh\u00fctte Oberholz auf 2.096 m<br \/> Jeden Donnerstag und Samstag<\/p> <p>Das w\u00f6chentliche Highlight unterm Latemar findet jeden Donnerstag und Samstag von 8:30 bis 10:00 Uhr statt. Das umfangreiche Genusserlebnis \u201eFr\u00fchst\u00fcck auf der Oberholz\u201c inklusive der Berg- und Talfahrt kostet f\u00fcr Erwachsene 34 Euro, Jugendliche unter 12 Jahren bezahlen 27 Euro, Kinder unter 6 sind kostenlos.<\/p> <p>Zur Bergh\u00fctte und zur\u00fcck ins Tal geht es mit dem Panorama-Sessellift Obereggen-Oberholz (Auffahrt ab 08:30, letzte R\u00fcckfahrt 18.00 Uhr).<br \/> Eine Reservierung ist erforderlich: oberholz@latemar.it\u00a00471 618299<\/p> \"}<\/script><\/div>\r\n\t\t\t\t<p class=\"desc_trig_outter\" style=\"\"><a data-gmap_status=\"null\" data-exlk=\"0\" style=\"background-color: #006290;\" id=\"evc_17897994002784\" href=\"#\" class=\"hasFtIMG event_repeat desc_trig sin_val evcal_list_a\" data-ux_val=\"3\" data-ux_val_mob=\"-\"  ><span class='evoet_in'><span class='evoet_c1 evoet_cx '><span class='evoet_cy ev_ftImg evotrans imgFxdef' data-img='https:\/\/latemarium.com\/wp-content\/uploads\/2025\/05\/colazione-al-rifugio-oberholz.jpg' data-thumb='https:\/\/latemarium.com\/wp-content\/uploads\/2025\/05\/colazione-al-rifugio-oberholz-300x200.jpg' style='background-image:url(\"https:\/\/latemarium.com\/wp-content\/uploads\/2025\/05\/colazione-al-rifugio-oberholz-300x200.jpg\")' ><\/span><\/span><span class='evoet_c2 evoet_cx '><span class='evoet_dayblock evcal_cblock ' data-bgcolor='#006290' data-smon='September' data-syr='2026' data-bub=''><span class='evo_start  evofxdrc'><em class='date'>19<\/em><em class='month'>Sep<\/em><em class='time'>08:30<\/em><\/span><span class='evo_end only_time evofxdrc'><em class='time'>10:00<\/em><\/span><\/span><\/span><span class='evoet_c3 evoet_cx evcal_desc hide_eventtopdata '><span class='evoet_title evcal_desc2 evcal_event_title ' itemprop='name'>Oberholz Fr\u00fchst\u00fcck<\/span><span class='evoet_cy evoet_subtitle evo_below_title' ><span class='evcal_event_subtitle ' >Oberholz Fr\u00fchst\u00fcck<\/span><\/span><span class='evoet_cy evoet_time_expand level_3'><em class='evcal_time evo_tz_time'><i class='fa fa-clock-o'><\/i>08:30 - 10:00<span class='evo_tz marl5'>(GMT+02:00)<\/span><\/em> <\/span><span class='evoet_location level_3'><em class=\"evcal_location\"  data-add_str=\"\" data-n=\"Rifugio Oberholz\"><i class=\"fa fa-location-pin\"><\/i><em class=\"event_location_name\">Rifugio Oberholz<\/em><\/em><\/span><\/span><\/span><span class='evoet_data' style='display:none' data-d=\"{&quot;loc.n&quot;:&quot;Rifugio Oberholz&quot;,&quot;orgs&quot;:[],&quot;tags&quot;:{&quot;repeating&quot;:&quot;Repeating Event&quot;}}\" data-bgc=\"#006290\" data-bggrad=\"\" ><\/span><\/a><\/p><div class='event_description evcal_eventcard ' style=\"display:none\"><div class='evocard_row'><div id='event_ftimage' class='evocard_box ftimage' data-c='' \n\t\t\t\t\tstyle=''><div class='evocard_main_image_hold' data-t='Loading Image..'><div class='evocard_main_image evo_img_triglb evocd_img_minmized evobr15 evobgsc evobgpc evodfx evofx_jc_c evofx_ai_c evofz48 minmized' style='height:300px; background-image:url();' data-f=\"https:\/\/latemarium.com\/wp-content\/uploads\/2025\/05\/colazione-al-rifugio-oberholz.jpg\" data-h=\"1575\" data-w=\"2360\" data-ratio=\"0.66737288135593\" data-event_id=\"2784\" data-ri=\"29\"  data-t='Loading Image..'><span style='height:300px; background-image:url(https:\/\/latemarium.com\/wp-content\/uploads\/2025\/05\/colazione-al-rifugio-oberholz.jpg)'><\/span><\/div><\/div><\/div><\/div><!-- row close --><div class='evocard_row'><div id='event_eventdetails' class='evocard_box eventdetails' data-c='' \n\t\t\t\t\tstyle=''><div class=\"evo_metarow_details evorow evcal_evdata_row evcal_event_details\">\n    <div class=\"event_excerpt\" style=\"display:none\"><h3 class=\"padb5 evo_h3\">Details zur Veranstaltung<\/h3><p>Fr\u00fchst\u00fcck auf der Bergh\u00fctte Oberholz auf 2.096 m\nJeden Donnerstag und Samstag\nDas w\u00f6chentliche Highlight unterm Latemar findet jeden Donnerstag und Samstag von 8:30 bis 10:00 Uhr statt. Das umfangreiche Genusserlebnis<\/p><\/div><span class='evcal_evdata_icons'><i class='fa fa-align-justify'><\/i><\/span>    <div class=\"evcal_evdata_cell shorter_desc\">\n        <div class=\"eventon_full_description\">\n            <h3 class=\"padb5 evo_h3\"><span class='evcal_evdata_icons'><i class='fa fa-align-justify'><\/i><\/span>Details zur Veranstaltung<\/h3>\n            <div class=\"eventon_desc_in\" itemprop=\"description\">\n                <p>Fr\u00fchst\u00fcck auf der Bergh\u00fctte Oberholz auf 2.096 m<br \/>\nJeden Donnerstag und Samstag<\/p>\n<p>Das w\u00f6chentliche Highlight unterm Latemar findet jeden Donnerstag und Samstag von 8:30 bis 10:00 Uhr statt. Das umfangreiche Genusserlebnis \u201eFr\u00fchst\u00fcck auf der Oberholz\u201c inklusive der Berg- und Talfahrt kostet f\u00fcr Erwachsene 34 Euro, Jugendliche unter 12 Jahren bezahlen 27 Euro, Kinder unter 6 sind kostenlos.<\/p>\n<p>Zur Bergh\u00fctte und zur\u00fcck ins Tal geht es mit dem Panorama-Sessellift Obereggen-Oberholz (Auffahrt ab 08:30, letzte R\u00fcckfahrt 18.00 Uhr).<br \/>\nEine Reservierung ist erforderlich: oberholz@latemar.it\u00a00471 618299<\/p>\n            <\/div>\n            <p class='eventon_shad_p' style='padding:5px 0 0; margin:0'><button class='evcal_btn evo_btn_secondary evobtn_details_show_more' content='less' aria-label='Mehr' aria-expanded='false'><span class='ev_more_text' data-txt='Weniger'>Mehr<\/span><span class='ev_more_arrow ard'><\/span><\/button><\/p><div class='clear'><\/div>        <\/div>\n    <\/div>\n<\/div><\/div><\/div><!-- row close --><div class='evocard_row bx2 bx'><div id='event_time' class='evocard_box time' data-c='' \n\t\t\t\t\tstyle=''><div class='evo_metarow_time evorow evcal_evdata_row evcal_evrow_sm '>\n\t\t<span class='evcal_evdata_icons'><i class='fa fa-clock'><\/i><\/span>\n\t\t<div class='evcal_evdata_cell'>\t\t\t\t\t\t\t\n\t\t\t<h3 class='evo_h3'><span class='evcal_evdata_icons'><i class='fa fa-clock'><\/i><\/span>Zeitplan<\/h3><div><span class='evo_eventcard_time_t evogap5 evofxww'><span class=\"start\">19 September 2026<\/span> <span class=\"stime\">08:30<\/span> - <span class=\"etime\">10:00<\/span><\/span><span class='evo_tz marr5'>(GMT+02:00)<\/span><\/div>\n\t\t<\/div>\n\t<\/div><\/div><div id='event_location' class='evocard_box location' data-c='' \n\t\t\t\t\tstyle=''><div class='evcal_evdata_row evo_metarow_time_location evorow '>\n\t\t\n\t\t\t<span class='evcal_evdata_icons'><i class='fa fa-map-marker'><\/i><\/span>\n\t\t\t<div class='evcal_evdata_cell' data-loc_tax_id='60'><h3 class='evo_h3 evodfx'><span class='evcal_evdata_icons'><i class='fa fa-map-marker'><\/i><\/span>Ort<\/h3><p class='evo_location_name'>Rifugio Oberholz<\/p><div class='padt10'><span class='evo_btn_arr evolb_trigger' data-lbvals=\"{&quot;lbdata&quot;:{&quot;class&quot;:&quot;evo_location_lb_60&quot;,&quot;additional_class&quot;:&quot;lb_max&quot;,&quot;title&quot;:&quot;Rifugio Oberholz&quot;},&quot;adata&quot;:{&quot;a&quot;:&quot;eventon_get_tax_card_content&quot;,&quot;end&quot;:&quot;client&quot;,&quot;data&quot;:{&quot;lang&quot;:&quot;L2&quot;,&quot;term_id&quot;:60,&quot;tax&quot;:&quot;event_location&quot;,&quot;load_lbcontent&quot;:true}},&quot;uid&quot;:&quot;eventon_get_tax_card_content&quot;}\" >Other Events<i class='fa fa-chevron-right' aria-hidden='true'><\/i><\/span><\/div><\/div>\n\t\t\n\t<\/div><\/div><\/div><!-- row close --><div class='evocard_row bx2 bx'><div id='event_learnmore' class='evocard_box learnmore' data-c='' \n\t\t\t\t\tstyle=''><div class='evo_metarow_learnM evo_metarow_learnmore evorow'>\n\t\t\t\t\t\t\t<a class='evcal_evdata_row evo_clik_row ' href='https:\/\/oberholz.com\/events\/' target=\"_blank\">\n\t\t\t\t\t\t\t\t<span class='evcal_evdata_icons'><i class='fa fa-link'><\/i><\/span>\n\t\t\t\t\t\t\t\t<h3 class='evo_h3'>Entdecke mehr<\/h3>\n\t\t\t\t\t\t\t<\/a>\n\t\t\t\t\t\t\t<\/div><\/div><div id='event_addtocal' class='evocard_box addtocal' data-c='' \n\t\t\t\t\tstyle=''><div class='evo_metarow_ICS evorow evcal_evdata_row'>\n\t\t\t<span class='evcal_evdata_icons'><i class='fa fa-calendar-o'><\/i><\/span>\n\t\t\t<div class='evcal_evdata_cell'>\n\t\t\t\t<p><a href='https:\/\/latemarium.com\/de\/export-events\/2784_29\/?key=f55e99e6ee' rel='nofollow' class='evo_ics_nCal' title='Zu Ihrem Kalender hinzuf\u00fcgen'>Kalender<\/a><a href='https:\/\/www.google.com\/calendar\/event?action=TEMPLATE&text=Oberholz%20Fr%C3%BChst%C3%BCck&dates=20260919T063000Z\/20260919T080000Z&ctz=Europe%2FRome&details=Oberholz%20Fr%C3%BChst%C3%BCck&location=Rifugio%20Oberholz' target='_blank' rel='nofollow' class='evo_ics_gCal' title='Zu Google Kalender hinzuf\u00fcgen'>GoogleCal<\/a><\/p>\t\n\t\t\t<\/div>\n\t\t<\/div><\/div><\/div><!-- row close --><button class='evo_card_row_end evcal_close' title='Schlie\u00dfen'><\/button><\/div><div class='clear end'><\/div><\/div><div id=\"event_2784_30\" class=\"eventon_list_event evo_eventtop scheduled  event clrD event_2784_30\" data-event_id=\"2784\" data-ri=\"30r\" data-time=\"1790231400-1790236800\" data-colr=\"#006290\" itemscope itemtype='http:\/\/schema.org\/Event'><div class=\"evo_event_schema\" style=\"display:none\" ><a itemprop='url'  href='https:\/\/latemarium.com\/de\/events\/oberholz-fruehstueck\/var\/ri-30.l-L2'><\/a><meta itemprop='image' content=\"https:\/\/latemarium.com\/wp-content\/uploads\/2025\/05\/colazione-al-rifugio-oberholz.jpg\" \/><meta itemprop='startDate' content=\"2026-9-24T08:30+0:00\" \/><meta itemprop='endDate' content=\"2026-9-24T10:00+0:00\" \/><meta itemprop='eventStatus' content=\"https:\/\/schema.org\/EventScheduled\" \/><meta itemprop='eventAttendanceMode'   itemscope itemtype=\"https:\/\/schema.org\/OfflineEventAttendanceMode\"\/><script type=\"application\/ld+json\">{\"@context\": \"http:\/\/schema.org\",\"@type\": \"Event\",\n\t\t\t\t\"@id\": \"event_2784_30\",\n\t\t\t\t\"eventAttendanceMode\":\"https:\/\/schema.org\/OfflineEventAttendanceMode\",\n\t\t\t\t\"eventStatus\":\"https:\/\/schema.org\/EventScheduled\",\n\t\t\t\t\"name\": \"Oberholz Fr\u00fchst\u00fcck\",\n\t\t\t\t\"url\": \"https:\/\/latemarium.com\/de\/events\/oberholz-fruehstueck\/var\/ri-30.l-L2\",\n\t\t\t\t\"startDate\": \"2026-9-24T08:30+0:00\",\n\t\t\t\t\"endDate\": \"2026-9-24T10:00+0:00\",\n\t\t\t\t\"image\":\"https:\/\/latemarium.com\/wp-content\/uploads\/2025\/05\/colazione-al-rifugio-oberholz.jpg\", \n\t\t\t\t\"description\":\"<p>Fr\u00fchst\u00fcck auf der Bergh\u00fctte Oberholz auf 2.096 m<br \/> Jeden Donnerstag und Samstag<\/p> <p>Das w\u00f6chentliche Highlight unterm Latemar findet jeden Donnerstag und Samstag von 8:30 bis 10:00 Uhr statt. Das umfangreiche Genusserlebnis \u201eFr\u00fchst\u00fcck auf der Oberholz\u201c inklusive der Berg- und Talfahrt kostet f\u00fcr Erwachsene 34 Euro, Jugendliche unter 12 Jahren bezahlen 27 Euro, Kinder unter 6 sind kostenlos.<\/p> <p>Zur Bergh\u00fctte und zur\u00fcck ins Tal geht es mit dem Panorama-Sessellift Obereggen-Oberholz (Auffahrt ab 08:30, letzte R\u00fcckfahrt 18.00 Uhr).<br \/> Eine Reservierung ist erforderlich: oberholz@latemar.it\u00a00471 618299<\/p> \"}<\/script><\/div>\r\n\t\t\t\t<p class=\"desc_trig_outter\" style=\"\"><a data-gmap_status=\"null\" data-exlk=\"0\" style=\"background-color: #006290;\" id=\"evc_17902314002784\" href=\"#\" class=\"hasFtIMG event_repeat desc_trig sin_val evcal_list_a\" data-ux_val=\"3\" data-ux_val_mob=\"-\"  ><span class='evoet_in'><span class='evoet_c1 evoet_cx '><span class='evoet_cy ev_ftImg evotrans imgFxdef' data-img='https:\/\/latemarium.com\/wp-content\/uploads\/2025\/05\/colazione-al-rifugio-oberholz.jpg' data-thumb='https:\/\/latemarium.com\/wp-content\/uploads\/2025\/05\/colazione-al-rifugio-oberholz-300x200.jpg' style='background-image:url(\"https:\/\/latemarium.com\/wp-content\/uploads\/2025\/05\/colazione-al-rifugio-oberholz-300x200.jpg\")' ><\/span><\/span><span class='evoet_c2 evoet_cx '><span class='evoet_dayblock evcal_cblock ' data-bgcolor='#006290' data-smon='September' data-syr='2026' data-bub=''><span class='evo_start  evofxdrc'><em class='date'>24<\/em><em class='month'>Sep<\/em><em class='time'>08:30<\/em><\/span><span class='evo_end only_time evofxdrc'><em class='time'>10:00<\/em><\/span><\/span><\/span><span class='evoet_c3 evoet_cx evcal_desc hide_eventtopdata '><span class='evoet_title evcal_desc2 evcal_event_title ' itemprop='name'>Oberholz Fr\u00fchst\u00fcck<\/span><span class='evoet_cy evoet_subtitle evo_below_title' ><span class='evcal_event_subtitle ' >Oberholz Fr\u00fchst\u00fcck<\/span><\/span><span class='evoet_cy evoet_time_expand level_3'><em class='evcal_time evo_tz_time'><i class='fa fa-clock-o'><\/i>08:30 - 10:00<span class='evo_tz marl5'>(GMT+02:00)<\/span><\/em> <\/span><span class='evoet_location level_3'><em class=\"evcal_location\"  data-add_str=\"\" data-n=\"Rifugio Oberholz\"><i class=\"fa fa-location-pin\"><\/i><em class=\"event_location_name\">Rifugio Oberholz<\/em><\/em><\/span><\/span><\/span><span class='evoet_data' style='display:none' data-d=\"{&quot;loc.n&quot;:&quot;Rifugio Oberholz&quot;,&quot;orgs&quot;:[],&quot;tags&quot;:{&quot;repeating&quot;:&quot;Repeating Event&quot;}}\" data-bgc=\"#006290\" data-bggrad=\"\" ><\/span><\/a><\/p><div class='event_description evcal_eventcard ' style=\"display:none\"><div class='evocard_row'><div id='event_ftimage' class='evocard_box ftimage' data-c='' \n\t\t\t\t\tstyle=''><div class='evocard_main_image_hold' data-t='Loading Image..'><div class='evocard_main_image evo_img_triglb evocd_img_minmized evobr15 evobgsc evobgpc evodfx evofx_jc_c evofx_ai_c evofz48 minmized' style='height:300px; background-image:url();' data-f=\"https:\/\/latemarium.com\/wp-content\/uploads\/2025\/05\/colazione-al-rifugio-oberholz.jpg\" data-h=\"1575\" data-w=\"2360\" data-ratio=\"0.66737288135593\" data-event_id=\"2784\" data-ri=\"30\"  data-t='Loading Image..'><span style='height:300px; background-image:url(https:\/\/latemarium.com\/wp-content\/uploads\/2025\/05\/colazione-al-rifugio-oberholz.jpg)'><\/span><\/div><\/div><\/div><\/div><!-- row close --><div class='evocard_row'><div id='event_eventdetails' class='evocard_box eventdetails' data-c='' \n\t\t\t\t\tstyle=''><div class=\"evo_metarow_details evorow evcal_evdata_row evcal_event_details\">\n    <div class=\"event_excerpt\" style=\"display:none\"><h3 class=\"padb5 evo_h3\">Details zur Veranstaltung<\/h3><p>Fr\u00fchst\u00fcck auf der Bergh\u00fctte Oberholz auf 2.096 m\nJeden Donnerstag und Samstag\nDas w\u00f6chentliche Highlight unterm Latemar findet jeden Donnerstag und Samstag von 8:30 bis 10:00 Uhr statt. Das umfangreiche Genusserlebnis<\/p><\/div><span class='evcal_evdata_icons'><i class='fa fa-align-justify'><\/i><\/span>    <div class=\"evcal_evdata_cell shorter_desc\">\n        <div class=\"eventon_full_description\">\n            <h3 class=\"padb5 evo_h3\"><span class='evcal_evdata_icons'><i class='fa fa-align-justify'><\/i><\/span>Details zur Veranstaltung<\/h3>\n            <div class=\"eventon_desc_in\" itemprop=\"description\">\n                <p>Fr\u00fchst\u00fcck auf der Bergh\u00fctte Oberholz auf 2.096 m<br \/>\nJeden Donnerstag und Samstag<\/p>\n<p>Das w\u00f6chentliche Highlight unterm Latemar findet jeden Donnerstag und Samstag von 8:30 bis 10:00 Uhr statt. Das umfangreiche Genusserlebnis \u201eFr\u00fchst\u00fcck auf der Oberholz\u201c inklusive der Berg- und Talfahrt kostet f\u00fcr Erwachsene 34 Euro, Jugendliche unter 12 Jahren bezahlen 27 Euro, Kinder unter 6 sind kostenlos.<\/p>\n<p>Zur Bergh\u00fctte und zur\u00fcck ins Tal geht es mit dem Panorama-Sessellift Obereggen-Oberholz (Auffahrt ab 08:30, letzte R\u00fcckfahrt 18.00 Uhr).<br \/>\nEine Reservierung ist erforderlich: oberholz@latemar.it\u00a00471 618299<\/p>\n            <\/div>\n            <p class='eventon_shad_p' style='padding:5px 0 0; margin:0'><button class='evcal_btn evo_btn_secondary evobtn_details_show_more' content='less' aria-label='Mehr' aria-expanded='false'><span class='ev_more_text' data-txt='Weniger'>Mehr<\/span><span class='ev_more_arrow ard'><\/span><\/button><\/p><div class='clear'><\/div>        <\/div>\n    <\/div>\n<\/div><\/div><\/div><!-- row close --><div class='evocard_row bx2 bx'><div id='event_time' class='evocard_box time' data-c='' \n\t\t\t\t\tstyle=''><div class='evo_metarow_time evorow evcal_evdata_row evcal_evrow_sm '>\n\t\t<span class='evcal_evdata_icons'><i class='fa fa-clock'><\/i><\/span>\n\t\t<div class='evcal_evdata_cell'>\t\t\t\t\t\t\t\n\t\t\t<h3 class='evo_h3'><span class='evcal_evdata_icons'><i class='fa fa-clock'><\/i><\/span>Zeitplan<\/h3><div><span class='evo_eventcard_time_t evogap5 evofxww'><span class=\"start\">24 September 2026<\/span> <span class=\"stime\">08:30<\/span> - <span class=\"etime\">10:00<\/span><\/span><span class='evo_tz marr5'>(GMT+02:00)<\/span><\/div>\n\t\t<\/div>\n\t<\/div><\/div><div id='event_location' class='evocard_box location' data-c='' \n\t\t\t\t\tstyle=''><div class='evcal_evdata_row evo_metarow_time_location evorow '>\n\t\t\n\t\t\t<span class='evcal_evdata_icons'><i class='fa fa-map-marker'><\/i><\/span>\n\t\t\t<div class='evcal_evdata_cell' data-loc_tax_id='60'><h3 class='evo_h3 evodfx'><span class='evcal_evdata_icons'><i class='fa fa-map-marker'><\/i><\/span>Ort<\/h3><p class='evo_location_name'>Rifugio Oberholz<\/p><div class='padt10'><span class='evo_btn_arr evolb_trigger' data-lbvals=\"{&quot;lbdata&quot;:{&quot;class&quot;:&quot;evo_location_lb_60&quot;,&quot;additional_class&quot;:&quot;lb_max&quot;,&quot;title&quot;:&quot;Rifugio Oberholz&quot;},&quot;adata&quot;:{&quot;a&quot;:&quot;eventon_get_tax_card_content&quot;,&quot;end&quot;:&quot;client&quot;,&quot;data&quot;:{&quot;lang&quot;:&quot;L2&quot;,&quot;term_id&quot;:60,&quot;tax&quot;:&quot;event_location&quot;,&quot;load_lbcontent&quot;:true}},&quot;uid&quot;:&quot;eventon_get_tax_card_content&quot;}\" >Other Events<i class='fa fa-chevron-right' aria-hidden='true'><\/i><\/span><\/div><\/div>\n\t\t\n\t<\/div><\/div><\/div><!-- row close --><div class='evocard_row bx2 bx'><div id='event_learnmore' class='evocard_box learnmore' data-c='' \n\t\t\t\t\tstyle=''><div class='evo_metarow_learnM evo_metarow_learnmore evorow'>\n\t\t\t\t\t\t\t<a class='evcal_evdata_row evo_clik_row ' href='https:\/\/oberholz.com\/events\/' target=\"_blank\">\n\t\t\t\t\t\t\t\t<span class='evcal_evdata_icons'><i class='fa fa-link'><\/i><\/span>\n\t\t\t\t\t\t\t\t<h3 class='evo_h3'>Entdecke mehr<\/h3>\n\t\t\t\t\t\t\t<\/a>\n\t\t\t\t\t\t\t<\/div><\/div><div id='event_addtocal' class='evocard_box addtocal' data-c='' \n\t\t\t\t\tstyle=''><div class='evo_metarow_ICS evorow evcal_evdata_row'>\n\t\t\t<span class='evcal_evdata_icons'><i class='fa fa-calendar-o'><\/i><\/span>\n\t\t\t<div class='evcal_evdata_cell'>\n\t\t\t\t<p><a href='https:\/\/latemarium.com\/de\/export-events\/2784_30\/?key=f55e99e6ee' rel='nofollow' class='evo_ics_nCal' title='Zu Ihrem Kalender hinzuf\u00fcgen'>Kalender<\/a><a href='https:\/\/www.google.com\/calendar\/event?action=TEMPLATE&text=Oberholz%20Fr%C3%BChst%C3%BCck&dates=20260924T063000Z\/20260924T080000Z&ctz=Europe%2FRome&details=Oberholz%20Fr%C3%BChst%C3%BCck&location=Rifugio%20Oberholz' target='_blank' rel='nofollow' class='evo_ics_gCal' title='Zu Google Kalender hinzuf\u00fcgen'>GoogleCal<\/a><\/p>\t\n\t\t\t<\/div>\n\t\t<\/div><\/div><\/div><!-- row close --><button class='evo_card_row_end evcal_close' title='Schlie\u00dfen'><\/button><\/div><div class='clear end'><\/div><\/div><div id=\"event_2845_12\" class=\"eventon_list_event evo_eventtop scheduled  event clrD no_et event_2845_12\" data-event_id=\"2845\" data-ri=\"12r\" data-time=\"1790233200-1790287140\" data-colr=\"#38823b\" itemscope itemtype='http:\/\/schema.org\/Event'><div class=\"evo_event_schema\" style=\"display:none\" ><a itemprop='url'  href='https:\/\/latemarium.com\/de\/events\/escursione-in-montagna-al-rifugio-torre-di-pisa\/var\/ri-12.l-L2'><\/a><meta itemprop='image' content=\"https:\/\/latemarium.com\/wp-content\/uploads\/2025\/05\/escursione-torre-di-pisa-obereggen.jpg\" \/><meta itemprop='startDate' content=\"2026-9-24T09:00+0:00\" \/><meta itemprop='endDate' content=\"2026-9-24T23:59+0:00\" \/><meta itemprop='eventStatus' content=\"https:\/\/schema.org\/EventScheduled\" \/><meta itemprop='eventAttendanceMode'   itemscope itemtype=\"https:\/\/schema.org\/OfflineEventAttendanceMode\"\/><div style=\"display:none\" itemprop=\"location\" itemscope itemtype=\"http:\/\/schema.org\/Place\"><span itemprop=\"name\">Talstation Obereggen<\/span><span itemprop=\"address\" itemscope itemtype=\"http:\/\/schema.org\/PostalAddress\"><item itemprop=\"streetAddress\">Obereggen 16 I-39050 Deutschnofen (BZ)<\/item><\/span><\/div><script type=\"application\/ld+json\">{\"@context\": \"http:\/\/schema.org\",\"@type\": \"Event\",\n\t\t\t\t\"@id\": \"event_2845_12\",\n\t\t\t\t\"eventAttendanceMode\":\"https:\/\/schema.org\/OfflineEventAttendanceMode\",\n\t\t\t\t\"eventStatus\":\"https:\/\/schema.org\/EventScheduled\",\n\t\t\t\t\"name\": \"Gipfelwanderung zur Latemarh\u00fctte\",\n\t\t\t\t\"url\": \"https:\/\/latemarium.com\/de\/events\/escursione-in-montagna-al-rifugio-torre-di-pisa\/var\/ri-12.l-L2\",\n\t\t\t\t\"startDate\": \"2026-9-24T09:00+0:00\",\n\t\t\t\t\"endDate\": \"2026-9-24T23:59+0:00\",\n\t\t\t\t\"image\":\"https:\/\/latemarium.com\/wp-content\/uploads\/2025\/05\/escursione-torre-di-pisa-obereggen.jpg\", \n\t\t\t\t\"description\":\"<p>Mittelschwere bis schwere, anspruchsvolle Bergwanderung im hochalpinen Gel\u00e4nde im s\u00fcdlichen Latemar- Massiv. Beeindruckende Rundsicht auf die umliegende Bergwelt.<\/p> <p>Route: Auffahrt mit dem Oberholz-Sessellift (1550\u20132100 m) \u2013 Aufstieg auf Weg 18 \u2013 Aussichtsplattform \u2013 Gamsstallscharte (2560 m) \u2013 Weg 516 \u2013 Pisah\u00fctte\/Latemarh\u00fctte (2671 m). Einkehr. Abstieg Weg 516 und Weg 22 \u2013 Bergstation Sessellift Oberholz \u2013 R\u00fcckfahrt.<\/p> <p>Start: 09.00 Uhr in Obereggen<br \/> R\u00fcckkehr: 16.00 Uhr<br \/> Dauer: 7 h | Gehzeit: 6 h<br \/> H\u00f6henunterschied: 750 m<br \/> Schwierigkeit: schwer, anspruchsvoll | Anforderungen: Ausdauer, Trittsicherheit und Schwindelfreiheit |mit Einkehr | die Mitnahme von geeignetem Tourenproviant wird empfohlen<br \/> Sessellift Oberholz: 21,50 \u20ac\/Erwachsene \u2013 17,50 \u20ac\/Junior<\/p> \",\"location\":[{\"@type\":\"Place\",\"name\":\"Talstation Obereggen\",\"address\":{\"@type\": \"PostalAddress\",\"streetAddress\":\"Obereggen 16 I-39050 Deutschnofen (BZ)\"}}]}<\/script><\/div>\r\n\t\t\t\t<p class=\"desc_trig_outter\" style=\"\"><a data-gmtrig=\"1\" data-exlk=\"0\" style=\"background-color: #38823b;\" id=\"evc_17902332002845\" href=\"#\" class=\"hasFtIMG event_repeat desc_trig sin_val evcal_list_a\" data-ux_val=\"3\" data-ux_val_mob=\"-\"  ><span class='evoet_in'><span class='evoet_c1 evoet_cx '><span class='evoet_cy ev_ftImg evotrans imgFxdef' data-img='https:\/\/latemarium.com\/wp-content\/uploads\/2025\/05\/escursione-torre-di-pisa-obereggen.jpg' data-thumb='https:\/\/latemarium.com\/wp-content\/uploads\/2025\/05\/escursione-torre-di-pisa-obereggen-300x182.jpg' style='background-image:url(\"https:\/\/latemarium.com\/wp-content\/uploads\/2025\/05\/escursione-torre-di-pisa-obereggen-300x182.jpg\")' ><\/span><\/span><span class='evoet_c2 evoet_cx '><span class='evoet_dayblock evcal_cblock ' data-bgcolor='#38823b' data-smon='September' data-syr='2026' data-bub=''><span class='evo_start  evofxdrc'><em class='date'>24<\/em><em class='month'>Sep<\/em><em class='time'>09:00<\/em><\/span><\/span><\/span><span class='evoet_c3 evoet_cx evcal_desc hide_eventtopdata '><span class='evoet_title evcal_desc2 evcal_event_title ' itemprop='name'>Gipfelwanderung zur Latemarh\u00fctte<\/span><span class='event_location_attrs evodni'  data-location_address=\"Obereggen 16 I-39050 Deutschnofen (BZ)\" data-location_type=\"lonlat\" data-location_name=\"Talstation Obereggen\" data-location_url=\"https:\/\/latemarium.com\/de\/event-location\/talstation-obereggen\/\" data-location_status=\"true\" data-locid=\"23\" data-latlng=\"46.3835808246333,11.52667595881786\"><\/span><span class='evoet_cy evoet_subtitle evo_below_title' ><span class='evcal_event_subtitle ' >Gipfelwanderung <\/span><\/span><span class='evoet_cy evoet_time_expand level_3'><em class='evcal_time evo_tz_time'><i class='fa fa-clock-o'><\/i>09:00<span class='evo_tz marl5'>(GMT+02:00)<\/span><\/em> <\/span><span class='evoet_location level_3'><em class=\"evcal_location\"  data-latlng=\"46.3835808246333,11.52667595881786\" data-add_str=\"Obereggen 16 I-39050 Deutschnofen (BZ)\" data-n=\"Talstation Obereggen\"><i class=\"fa fa-location-pin\"><\/i><em class=\"event_location_name\">Talstation Obereggen<\/em>, Obereggen 16 I-39050 Deutschnofen (BZ)<\/em><\/span><\/span><\/span><span class='evoet_data' style='display:none' data-d=\"{&quot;loc.n&quot;:&quot;Talstation Obereggen&quot;,&quot;orgs&quot;:[],&quot;tags&quot;:{&quot;repeating&quot;:&quot;Repeating Event&quot;}}\" data-bgc=\"#38823b\" data-bggrad=\"\" ><\/span><\/a><\/p><div class='event_description evcal_eventcard ' style=\"display:none\"><div class='evocard_row'><div id='event_ftimage' class='evocard_box ftimage' data-c='' \n\t\t\t\t\tstyle=''><div class='evocard_main_image_hold' data-t='Loading Image..'><div class='evocard_main_image evo_img_triglb evocd_img_minmized evobr15 evobgsc evobgpc evodfx evofx_jc_c evofx_ai_c evofz48 minmized' style='height:300px; background-image:url();' data-f=\"https:\/\/latemarium.com\/wp-content\/uploads\/2025\/05\/escursione-torre-di-pisa-obereggen.jpg\" data-h=\"755\" data-w=\"1245\" data-ratio=\"0.60642570281124\" data-event_id=\"2845\" data-ri=\"12\"  data-t='Loading Image..'><span style='height:300px; background-image:url(https:\/\/latemarium.com\/wp-content\/uploads\/2025\/05\/escursione-torre-di-pisa-obereggen.jpg)'><\/span><\/div><\/div><\/div><\/div><!-- row close --><div class='evocard_row'><div id='event_eventdetails' class='evocard_box eventdetails' data-c='' \n\t\t\t\t\tstyle=''><div class=\"evo_metarow_details evorow evcal_evdata_row evcal_event_details\">\n    <div class=\"event_excerpt\" style=\"display:none\"><h3 class=\"padb5 evo_h3\">Details zur Veranstaltung<\/h3><p>Mittelschwere bis schwere, anspruchsvolle Bergwanderung im hochalpinen Gel\u00e4nde im s\u00fcdlichen Latemar- Massiv. Beeindruckende Rundsicht auf die umliegende Bergwelt.\nRoute: Auffahrt mit dem Oberholz-Sessellift (1550\u20132100 m) \u2013 Aufstieg auf Weg 18 \u2013<\/p><\/div><span class='evcal_evdata_icons'><i class='fa fa-align-justify'><\/i><\/span>    <div class=\"evcal_evdata_cell shorter_desc\">\n        <div class=\"eventon_full_description\">\n            <h3 class=\"padb5 evo_h3\"><span class='evcal_evdata_icons'><i class='fa fa-align-justify'><\/i><\/span>Details zur Veranstaltung<\/h3>\n            <div class=\"eventon_desc_in\" itemprop=\"description\">\n                <p>Mittelschwere bis schwere, anspruchsvolle Bergwanderung im hochalpinen Gel\u00e4nde im s\u00fcdlichen Latemar- Massiv. Beeindruckende Rundsicht auf die umliegende Bergwelt.<\/p>\n<p>Route: Auffahrt mit dem Oberholz-Sessellift (1550\u20132100 m) \u2013 Aufstieg auf Weg 18 \u2013 Aussichtsplattform \u2013 Gamsstallscharte (2560 m) \u2013 Weg 516 \u2013 Pisah\u00fctte\/Latemarh\u00fctte (2671 m). Einkehr. Abstieg Weg 516 und Weg 22 \u2013 Bergstation Sessellift Oberholz \u2013 R\u00fcckfahrt.<\/p>\n<p>Start: 09.00 Uhr in Obereggen<br \/>\nR\u00fcckkehr: 16.00 Uhr<br \/>\nDauer: 7 h | Gehzeit: 6 h<br \/>\nH\u00f6henunterschied: 750 m<br \/>\nSchwierigkeit: schwer, anspruchsvoll | Anforderungen: Ausdauer, Trittsicherheit und Schwindelfreiheit |mit Einkehr | die Mitnahme von geeignetem Tourenproviant wird empfohlen<br \/>\nSessellift Oberholz: 21,50 \u20ac\/Erwachsene \u2013 17,50 \u20ac\/Junior<\/p>\n            <\/div>\n            <p class='eventon_shad_p' style='padding:5px 0 0; margin:0'><button class='evcal_btn evo_btn_secondary evobtn_details_show_more' content='less' aria-label='Mehr' aria-expanded='false'><span class='ev_more_text' data-txt='Weniger'>Mehr<\/span><span class='ev_more_arrow ard'><\/span><\/button><\/p><div class='clear'><\/div>        <\/div>\n    <\/div>\n<\/div><\/div><\/div><!-- row close --><div class='evocard_row bx2 bx'><div id='event_time' class='evocard_box time' data-c='' \n\t\t\t\t\tstyle=''><div class='evo_metarow_time evorow evcal_evdata_row evcal_evrow_sm '>\n\t\t<span class='evcal_evdata_icons'><i class='fa fa-clock'><\/i><\/span>\n\t\t<div class='evcal_evdata_cell'>\t\t\t\t\t\t\t\n\t\t\t<h3 class='evo_h3'><span class='evcal_evdata_icons'><i class='fa fa-clock'><\/i><\/span>Zeitplan<\/h3><div><span class='evo_eventcard_time_t evogap5 evofxww'><span class=\"start\">24 September 2026<\/span> <span class=\"stime\">09:00<\/span><\/span><span class='evo_tz marr5'>(GMT+02:00)<\/span><\/div>\n\t\t<\/div>\n\t<\/div><\/div><div id='event_location' class='evocard_box location' data-c='' \n\t\t\t\t\tstyle=''><div class='evcal_evdata_row evo_metarow_time_location evorow '>\n\t\t\n\t\t\t<span class='evcal_evdata_icons'><i class='fa fa-map-marker'><\/i><\/span>\n\t\t\t<div class='evcal_evdata_cell' data-loc_tax_id='23'><h3 class='evo_h3 evodfx'><span class='evcal_evdata_icons'><i class='fa fa-map-marker'><\/i><\/span>Ort<\/h3><p class='evo_location_name'>Talstation Obereggen<\/p><p class='evo_location_address evodfxi evogap10'>Obereggen 16 I-39050 Deutschnofen (BZ)<\/p><div class='padt10'><span class='evo_btn_arr evolb_trigger' data-lbvals=\"{&quot;lbdata&quot;:{&quot;class&quot;:&quot;evo_location_lb_23&quot;,&quot;additional_class&quot;:&quot;lb_max&quot;,&quot;title&quot;:&quot;Talstation Obereggen&quot;},&quot;adata&quot;:{&quot;a&quot;:&quot;eventon_get_tax_card_content&quot;,&quot;end&quot;:&quot;client&quot;,&quot;data&quot;:{&quot;lang&quot;:&quot;L2&quot;,&quot;term_id&quot;:23,&quot;tax&quot;:&quot;event_location&quot;,&quot;load_lbcontent&quot;:true}},&quot;uid&quot;:&quot;eventon_get_tax_card_content&quot;}\" >Other Events<i class='fa fa-chevron-right' aria-hidden='true'><\/i><\/span><\/div><\/div>\n\t\t\n\t<\/div><\/div><\/div><!-- row close --><div class='evocard_row bx2 bx'><div id='event_learnmore' class='evocard_box learnmore' data-c='' \n\t\t\t\t\tstyle=''><div class='evo_metarow_learnM evo_metarow_learnmore evorow'>\n\t\t\t\t\t\t\t<a class='evcal_evdata_row evo_clik_row ' href='https:\/\/eggental.com\/de\/event\/gipfelwanderung-zur-latemarhtte_11602' target=\"_blank\">\n\t\t\t\t\t\t\t\t<span class='evcal_evdata_icons'><i class='fa fa-link'><\/i><\/span>\n\t\t\t\t\t\t\t\t<h3 class='evo_h3'>Entdecke mehr<\/h3>\n\t\t\t\t\t\t\t<\/a>\n\t\t\t\t\t\t\t<\/div><\/div><div id='event_addtocal' class='evocard_box addtocal' data-c='' \n\t\t\t\t\tstyle=''><div class='evo_metarow_ICS evorow evcal_evdata_row'>\n\t\t\t<span class='evcal_evdata_icons'><i class='fa fa-calendar-o'><\/i><\/span>\n\t\t\t<div class='evcal_evdata_cell'>\n\t\t\t\t<p><a href='https:\/\/latemarium.com\/de\/export-events\/2845_12\/?key=f55e99e6ee' rel='nofollow' class='evo_ics_nCal' title='Zu Ihrem Kalender hinzuf\u00fcgen'>Kalender<\/a><a href='https:\/\/www.google.com\/calendar\/event?action=TEMPLATE&text=Gipfelwanderung%20zur%20Latemarh%C3%BCtte&dates=20260924T070000Z\/20260924T215900Z&ctz=Europe%2FRome&details=Gipfelwanderung%20zur%20Latemarh%C3%BCtte&location=Talstation%20Obereggen%20Obereggen%2016%20I-39050%20Deutschnofen%20%28BZ%29' target='_blank' rel='nofollow' class='evo_ics_gCal' title='Zu Google Kalender hinzuf\u00fcgen'>GoogleCal<\/a><\/p>\t\n\t\t\t<\/div>\n\t\t<\/div><\/div><\/div><!-- row close --><div class='evocard_row'><div id='event_getdirection' class='evocard_box getdirection' data-c='' \n\t\t\t\t\tstyle=''><div class='evo_metarow_getDr evorow evcal_evdata_row evcal_evrow_sm getdirections'>\n\t\t<form action='https:\/\/maps.google.com\/maps' method='get' target='_blank'>\n\t\t\t<input type='hidden' name='daddr' value=\"46.3835808246333,11.52667595881786\"\/> \n\t\t\t<div class='evo_get_direction_content evo_fx_dr_r evogap10'>\n\t\t\t\t<span class='evogetdir_header evodfx evofxdrr evofxaic evogap10'>\n\t\t\t\t\t<i class='mainicon fa fa-road evofz24i'><\/i> \n\t\t\t\t\t<h3 class='evo_h3 evopad0i' style='padding-bottom:5px;'>Wegbeschreibung abrufen<\/h3>\n\t\t\t\t<\/span>\n\t\t\t\t<span class='evogetdir_field evodfx evofx_1_1 evow100p'>\t\n\t\t\t\t\t<label for='6a9c46be5f033' class='evo_aria_ready sr-only'>Address - Gipfelwanderung zur Latemarh\u00fctte []<\/label>\t\t\t\t\n\t\t\t\t\t<input id='6a9c46be5f033' class='evo_aria_ready_match evoInput2 evobr10 evow100p evopad10 evoff_2 evofz14i evobrdB1 evoboxbb' type='text' name='saddr' placeholder='&quot;Geben Sie die Adresse ein' value='' style='' aria-label='Address - Gipfelwanderung zur Latemarh\u00fctte []' \/>\n\t\t\t\t<\/span>\n\t\t\t\t<div class='evodfx evofxdrr evofxaic evogap10'>\n\t\t\t\t\t<i class='fa fa-location-dot'><\/i>\n\t\t\t\t\t<div class='evoposr evofx_1 evoh100p'><label for='6a9c46be5f033' class='evo_aria_ready sr-only'>Destination Address - Gipfelwanderung zur Latemarh\u00fctte []<\/label>\t\t\n\t\t\t\t\t\t<input id='6a9c46be5f033' class='evo_aria_ready_match evoInput2 evobr10 evow100p evopad5-10 evoff_2 evofz14i evobrdB1 evoop5 evoboxbb evoh100p' type='text' style='' readonly value='Obereggen 16 I-39050 Deutschnofen (BZ)' aria-label='Destination Address - Gipfelwanderung zur Latemarh\u00fctte []'\/><button class='evo_copy_address evobuttonA evocurp evohoop7 evoposa evopad5' style='right: 3px; top: 4px; background-color: #fff;' data-txt='46.3835808246333,11.52667595881786' data-t='Address copied to clipboard!'><i class='far fa-copy evofz16i' title='Copy Destination Address!'><\/i><\/button>\n\t\t\t\t\t<\/div>\n\t\t\t\t\t<button type='submit' class='evo_get_direction_button evcal_btn dfx evofxaic evocurp evohoop7' title='&quot;Klicken Sie hier' style='    padding: 10px 15px !important;'><i class='fa fa-chevron-right'><\/i> <\/button>\n\t\t\t\t<\/div>\n\t\t\t<\/div>\n\t\t<\/form>\n\t<\/div><\/div><\/div><!-- row close --><button class='evo_card_row_end evcal_close' title='Schlie\u00dfen'><\/button><\/div><div class='clear end'><\/div><\/div><div id=\"event_2853_3\" class=\"eventon_list_event evo_eventtop scheduled  event clrD event_2853_3\" data-event_id=\"2853\" data-ri=\"3r\" data-time=\"1790359200-1790370000\" data-colr=\"#006290\" itemscope itemtype='http:\/\/schema.org\/Event'><div class=\"evo_event_schema\" style=\"display:none\" ><a itemprop='url'  href='https:\/\/latemarium.com\/de\/events\/le-notti-di-luna-piena\/var\/ri-3.l-L2'><\/a><meta itemprop='image' content=\"https:\/\/latemarium.com\/wp-content\/uploads\/2025\/05\/notti-di-luna-piena-obereggen.jpg\" \/><meta itemprop='startDate' content=\"2026-9-25T20:00+0:00\" \/><meta itemprop='endDate' content=\"2026-9-25T23:00+0:00\" \/><meta itemprop='eventStatus' content=\"https:\/\/schema.org\/EventScheduled\" \/><meta itemprop='eventAttendanceMode'   itemscope itemtype=\"https:\/\/schema.org\/OfflineEventAttendanceMode\"\/><div style=\"display:none\" itemprop=\"location\" itemscope itemtype=\"http:\/\/schema.org\/Place\"><span itemprop=\"name\">Talstation Obereggen<\/span><span itemprop=\"address\" itemscope itemtype=\"http:\/\/schema.org\/PostalAddress\"><item itemprop=\"streetAddress\">Obereggen 16 I-39050 Deutschnofen (BZ)<\/item><\/span><\/div><script type=\"application\/ld+json\">{\"@context\": \"http:\/\/schema.org\",\"@type\": \"Event\",\n\t\t\t\t\"@id\": \"event_2853_3\",\n\t\t\t\t\"eventAttendanceMode\":\"https:\/\/schema.org\/OfflineEventAttendanceMode\",\n\t\t\t\t\"eventStatus\":\"https:\/\/schema.org\/EventScheduled\",\n\t\t\t\t\"name\": \"Vollmondabende\",\n\t\t\t\t\"url\": \"https:\/\/latemarium.com\/de\/events\/le-notti-di-luna-piena\/var\/ri-3.l-L2\",\n\t\t\t\t\"startDate\": \"2026-9-25T20:00+0:00\",\n\t\t\t\t\"endDate\": \"2026-9-25T23:00+0:00\",\n\t\t\t\t\"image\":\"https:\/\/latemarium.com\/wp-content\/uploads\/2025\/05\/notti-di-luna-piena-obereggen.jpg\", \n\t\t\t\t\"description\":\"<p>Man muss an Vollmondabenden nicht immer in die Sterne schauen \u2013 Full-Moon-Walking ist angesagt! Mit Stirnlampen, gutem Schuhwerk, angepasster Kleidung und eurer Motivation durch die Wiesen und W\u00e4lder von Obereggen Laufen oder Walken? Lasst euch von unseren Guides \u201eerleuchten\u201c \/ begleiten und teilt eure Erfahrung bei anschlie\u00dfender STERNE Einkehr im BIO-Bauernhof Oberwerkstatthof mit Getr\u00e4nk und kleinem H\u00e4ppchen. Es bleibt sicher auch die Zeit zum Sterne plaudern.<\/p> <p>Treffpunkt: 20.00 Uhr, Tourismusb\u00fcro Obereggen<br \/> R\u00fcckkehr: ca. 23.00 Uhr<br \/> Kosten: 10,00 \u20ac pro Erwachsener, 5,00 \u20ac pro Kind<br \/> Anmelden: bis 12.00 Uhr desselben Tages online auf eggental.com\/events oder Tel. +39 0471 619 500 in den Tourismusb\u00fcros<\/p> \",\"location\":[{\"@type\":\"Place\",\"name\":\"Talstation Obereggen\",\"address\":{\"@type\": \"PostalAddress\",\"streetAddress\":\"Obereggen 16 I-39050 Deutschnofen (BZ)\"}}]}<\/script><\/div>\r\n\t\t\t\t<p class=\"desc_trig_outter\" style=\"\"><a data-gmtrig=\"1\" data-exlk=\"0\" style=\"background-color: #006290;\" id=\"evc_17903592002853\" href=\"#\" class=\"hasFtIMG event_repeat desc_trig sin_val evcal_list_a\" data-ux_val=\"3\" data-ux_val_mob=\"-\"  ><span class='evoet_in'><span class='evoet_c1 evoet_cx '><span class='evoet_cy ev_ftImg evotrans imgFxdef' data-img='https:\/\/latemarium.com\/wp-content\/uploads\/2025\/05\/notti-di-luna-piena-obereggen.jpg' data-thumb='https:\/\/latemarium.com\/wp-content\/uploads\/2025\/05\/notti-di-luna-piena-obereggen-300x182.jpg' style='background-image:url(\"https:\/\/latemarium.com\/wp-content\/uploads\/2025\/05\/notti-di-luna-piena-obereggen-300x182.jpg\")' ><\/span><\/span><span class='evoet_c2 evoet_cx '><span class='evoet_dayblock evcal_cblock ' data-bgcolor='#006290' data-smon='September' data-syr='2026' data-bub=''><span class='evo_start  evofxdrc'><em class='date'>25<\/em><em class='month'>Sep<\/em><em class='time'>20:00<\/em><\/span><span class='evo_end only_time evofxdrc'><em class='time'>23:00<\/em><\/span><\/span><\/span><span class='evoet_c3 evoet_cx evcal_desc hide_eventtopdata '><span class='evoet_title evcal_desc2 evcal_event_title ' itemprop='name'>Vollmondabende<\/span><span class='event_location_attrs evodni'  data-location_address=\"Obereggen 16 I-39050 Deutschnofen (BZ)\" data-location_type=\"lonlat\" data-location_name=\"Talstation Obereggen\" data-location_url=\"https:\/\/latemarium.com\/de\/event-location\/talstation-obereggen\/\" data-location_status=\"true\" data-locid=\"23\" data-latlng=\"46.3835808246333,11.52667595881786\"><\/span><span class='evoet_cy evoet_subtitle evo_below_title' ><span class='evcal_event_subtitle ' >mehr als nur Sterne beobachten!<\/span><\/span><span class='evoet_cy evoet_time_expand level_3'><em class='evcal_time evo_tz_time'><i class='fa fa-clock-o'><\/i>20:00 - 23:00<span class='evo_tz marl5'>(GMT+02:00)<\/span><\/em> <\/span><span class='evoet_location level_3'><em class=\"evcal_location\"  data-latlng=\"46.3835808246333,11.52667595881786\" data-add_str=\"Obereggen 16 I-39050 Deutschnofen (BZ)\" data-n=\"Talstation Obereggen\"><i class=\"fa fa-location-pin\"><\/i><em class=\"event_location_name\">Talstation Obereggen<\/em>, Obereggen 16 I-39050 Deutschnofen (BZ)<\/em><\/span><\/span><\/span><span class='evoet_data' style='display:none' data-d=\"{&quot;loc.n&quot;:&quot;Talstation Obereggen&quot;,&quot;orgs&quot;:[],&quot;tags&quot;:{&quot;repeating&quot;:&quot;Repeating Event&quot;}}\" data-bgc=\"#006290\" data-bggrad=\"\" ><\/span><\/a><\/p><div class='event_description evcal_eventcard ' style=\"display:none\"><div class='evocard_row'><div id='event_ftimage' class='evocard_box ftimage' data-c='' \n\t\t\t\t\tstyle=''><div class='evocard_main_image_hold' data-t='Loading Image..'><div class='evocard_main_image evo_img_triglb evocd_img_minmized evobr15 evobgsc evobgpc evodfx evofx_jc_c evofx_ai_c evofz48 minmized' style='height:300px; background-image:url();' data-f=\"https:\/\/latemarium.com\/wp-content\/uploads\/2025\/05\/notti-di-luna-piena-obereggen.jpg\" data-h=\"755\" data-w=\"1245\" data-ratio=\"0.60642570281124\" data-event_id=\"2853\" data-ri=\"3\"  data-t='Loading Image..'><span style='height:300px; background-image:url(https:\/\/latemarium.com\/wp-content\/uploads\/2025\/05\/notti-di-luna-piena-obereggen.jpg)'><\/span><\/div><\/div><\/div><\/div><!-- row close --><div class='evocard_row'><div id='event_eventdetails' class='evocard_box eventdetails' data-c='' \n\t\t\t\t\tstyle=''><div class=\"evo_metarow_details evorow evcal_evdata_row evcal_event_details\">\n    <div class=\"event_excerpt\" style=\"display:none\"><h3 class=\"padb5 evo_h3\">Details zur Veranstaltung<\/h3><p>Man muss an Vollmondabenden nicht immer in die Sterne schauen \u2013 Full-Moon-Walking ist angesagt! Mit Stirnlampen, gutem Schuhwerk, angepasster Kleidung und eurer Motivation durch die Wiesen und W\u00e4lder von Obereggen<\/p><\/div><span class='evcal_evdata_icons'><i class='fa fa-align-justify'><\/i><\/span>    <div class=\"evcal_evdata_cell shorter_desc\">\n        <div class=\"eventon_full_description\">\n            <h3 class=\"padb5 evo_h3\"><span class='evcal_evdata_icons'><i class='fa fa-align-justify'><\/i><\/span>Details zur Veranstaltung<\/h3>\n            <div class=\"eventon_desc_in\" itemprop=\"description\">\n                <p>Man muss an Vollmondabenden nicht immer in die Sterne schauen \u2013 Full-Moon-Walking ist angesagt! Mit Stirnlampen, gutem Schuhwerk, angepasster Kleidung und eurer Motivation durch die Wiesen und W\u00e4lder von Obereggen Laufen oder Walken? Lasst euch von unseren Guides \u201eerleuchten\u201c \/ begleiten und teilt eure Erfahrung bei anschlie\u00dfender STERNE Einkehr im BIO-Bauernhof Oberwerkstatthof mit Getr\u00e4nk und kleinem H\u00e4ppchen. Es bleibt sicher auch die Zeit zum Sterne plaudern.<\/p>\n<p>Treffpunkt: 20.00 Uhr, Tourismusb\u00fcro Obereggen<br \/>\nR\u00fcckkehr: ca. 23.00 Uhr<br \/>\nKosten: 10,00 \u20ac pro Erwachsener, 5,00 \u20ac pro Kind<br \/>\nAnmelden: bis 12.00 Uhr desselben Tages online auf eggental.com\/events oder Tel. +39 0471 619 500 in den Tourismusb\u00fcros<\/p>\n            <\/div>\n            <p class='eventon_shad_p' style='padding:5px 0 0; margin:0'><button class='evcal_btn evo_btn_secondary evobtn_details_show_more' content='less' aria-label='Mehr' aria-expanded='false'><span class='ev_more_text' data-txt='Weniger'>Mehr<\/span><span class='ev_more_arrow ard'><\/span><\/button><\/p><div class='clear'><\/div>        <\/div>\n    <\/div>\n<\/div><\/div><\/div><!-- row close --><div class='evocard_row bx2 bx'><div id='event_time' class='evocard_box time' data-c='' \n\t\t\t\t\tstyle=''><div class='evo_metarow_time evorow evcal_evdata_row evcal_evrow_sm '>\n\t\t<span class='evcal_evdata_icons'><i class='fa fa-clock'><\/i><\/span>\n\t\t<div class='evcal_evdata_cell'>\t\t\t\t\t\t\t\n\t\t\t<h3 class='evo_h3'><span class='evcal_evdata_icons'><i class='fa fa-clock'><\/i><\/span>Zeitplan<\/h3><div><span class='evo_eventcard_time_t evogap5 evofxww'><span class=\"start\">25 September 2026<\/span> <span class=\"stime\">20:00<\/span> - <span class=\"etime\">23:00<\/span><\/span><span class='evo_tz marr5'>(GMT+02:00)<\/span><\/div>\n\t\t<\/div>\n\t<\/div><\/div><div id='event_location' class='evocard_box location' data-c='' \n\t\t\t\t\tstyle=''><div class='evcal_evdata_row evo_metarow_time_location evorow '>\n\t\t\n\t\t\t<span class='evcal_evdata_icons'><i class='fa fa-map-marker'><\/i><\/span>\n\t\t\t<div class='evcal_evdata_cell' data-loc_tax_id='23'><h3 class='evo_h3 evodfx'><span class='evcal_evdata_icons'><i class='fa fa-map-marker'><\/i><\/span>Ort<\/h3><p class='evo_location_name'>Talstation Obereggen<\/p><p class='evo_location_address evodfxi evogap10'>Obereggen 16 I-39050 Deutschnofen (BZ)<\/p><div class='padt10'><span class='evo_btn_arr evolb_trigger' data-lbvals=\"{&quot;lbdata&quot;:{&quot;class&quot;:&quot;evo_location_lb_23&quot;,&quot;additional_class&quot;:&quot;lb_max&quot;,&quot;title&quot;:&quot;Talstation Obereggen&quot;},&quot;adata&quot;:{&quot;a&quot;:&quot;eventon_get_tax_card_content&quot;,&quot;end&quot;:&quot;client&quot;,&quot;data&quot;:{&quot;lang&quot;:&quot;L2&quot;,&quot;term_id&quot;:23,&quot;tax&quot;:&quot;event_location&quot;,&quot;load_lbcontent&quot;:true}},&quot;uid&quot;:&quot;eventon_get_tax_card_content&quot;}\" >Other Events<i class='fa fa-chevron-right' aria-hidden='true'><\/i><\/span><\/div><\/div>\n\t\t\n\t<\/div><\/div><\/div><!-- row close --><div class='evocard_row bx2 bx'><div id='event_learnmore' class='evocard_box learnmore' data-c='' \n\t\t\t\t\tstyle=''><div class='evo_metarow_learnM evo_metarow_learnmore evorow'>\n\t\t\t\t\t\t\t<a class='evcal_evdata_row evo_clik_row ' href='https:\/\/eggental.com\/de\/event\/vollmondabende-mehr-als-nur-sterne-beobachten_11858' target=\"_blank\">\n\t\t\t\t\t\t\t\t<span class='evcal_evdata_icons'><i class='fa fa-link'><\/i><\/span>\n\t\t\t\t\t\t\t\t<h3 class='evo_h3'>Entdecke mehr<\/h3>\n\t\t\t\t\t\t\t<\/a>\n\t\t\t\t\t\t\t<\/div><\/div><div id='event_addtocal' class='evocard_box addtocal' data-c='' \n\t\t\t\t\tstyle=''><div class='evo_metarow_ICS evorow evcal_evdata_row'>\n\t\t\t<span class='evcal_evdata_icons'><i class='fa fa-calendar-o'><\/i><\/span>\n\t\t\t<div class='evcal_evdata_cell'>\n\t\t\t\t<p><a href='https:\/\/latemarium.com\/de\/export-events\/2853_3\/?key=f55e99e6ee' rel='nofollow' class='evo_ics_nCal' title='Zu Ihrem Kalender hinzuf\u00fcgen'>Kalender<\/a><a href='https:\/\/www.google.com\/calendar\/event?action=TEMPLATE&text=Vollmondabende&dates=20260925T180000Z\/20260925T210000Z&ctz=Europe%2FRome&details=Vollmondabende&location=Talstation%20Obereggen%20Obereggen%2016%20I-39050%20Deutschnofen%20%28BZ%29' target='_blank' rel='nofollow' class='evo_ics_gCal' title='Zu Google Kalender hinzuf\u00fcgen'>GoogleCal<\/a><\/p>\t\n\t\t\t<\/div>\n\t\t<\/div><\/div><\/div><!-- row close --><div class='evocard_row'><div id='event_getdirection' class='evocard_box getdirection' data-c='' \n\t\t\t\t\tstyle=''><div class='evo_metarow_getDr evorow evcal_evdata_row evcal_evrow_sm getdirections'>\n\t\t<form action='https:\/\/maps.google.com\/maps' method='get' target='_blank'>\n\t\t\t<input type='hidden' name='daddr' value=\"46.3835808246333,11.52667595881786\"\/> \n\t\t\t<div class='evo_get_direction_content evo_fx_dr_r evogap10'>\n\t\t\t\t<span class='evogetdir_header evodfx evofxdrr evofxaic evogap10'>\n\t\t\t\t\t<i class='mainicon fa fa-road evofz24i'><\/i> \n\t\t\t\t\t<h3 class='evo_h3 evopad0i' style='padding-bottom:5px;'>Wegbeschreibung abrufen<\/h3>\n\t\t\t\t<\/span>\n\t\t\t\t<span class='evogetdir_field evodfx evofx_1_1 evow100p'>\t\n\t\t\t\t\t<label for='6a9c46be5fe88' class='evo_aria_ready sr-only'>Address - Vollmondabende []<\/label>\t\t\t\t\n\t\t\t\t\t<input id='6a9c46be5fe88' class='evo_aria_ready_match evoInput2 evobr10 evow100p evopad10 evoff_2 evofz14i evobrdB1 evoboxbb' type='text' name='saddr' placeholder='&quot;Geben Sie die Adresse ein' value='' style='' aria-label='Address - Vollmondabende []' \/>\n\t\t\t\t<\/span>\n\t\t\t\t<div class='evodfx evofxdrr evofxaic evogap10'>\n\t\t\t\t\t<i class='fa fa-location-dot'><\/i>\n\t\t\t\t\t<div class='evoposr evofx_1 evoh100p'><label for='6a9c46be5fe88' class='evo_aria_ready sr-only'>Destination Address - Vollmondabende []<\/label>\t\t\n\t\t\t\t\t\t<input id='6a9c46be5fe88' class='evo_aria_ready_match evoInput2 evobr10 evow100p evopad5-10 evoff_2 evofz14i evobrdB1 evoop5 evoboxbb evoh100p' type='text' style='' readonly value='Obereggen 16 I-39050 Deutschnofen (BZ)' aria-label='Destination Address - Vollmondabende []'\/><button class='evo_copy_address evobuttonA evocurp evohoop7 evoposa evopad5' style='right: 3px; top: 4px; background-color: #fff;' data-txt='46.3835808246333,11.52667595881786' data-t='Address copied to clipboard!'><i class='far fa-copy evofz16i' title='Copy Destination Address!'><\/i><\/button>\n\t\t\t\t\t<\/div>\n\t\t\t\t\t<button type='submit' class='evo_get_direction_button evcal_btn dfx evofxaic evocurp evohoop7' title='&quot;Klicken Sie hier' style='    padding: 10px 15px !important;'><i class='fa fa-chevron-right'><\/i> <\/button>\n\t\t\t\t<\/div>\n\t\t\t<\/div>\n\t\t<\/form>\n\t<\/div><\/div><\/div><!-- row close --><button class='evo_card_row_end evcal_close' title='Schlie\u00dfen'><\/button><\/div><div class='clear end'><\/div><\/div><div id=\"event_2784_31\" class=\"eventon_list_event evo_eventtop scheduled  event clrD event_2784_31\" data-event_id=\"2784\" data-ri=\"31r\" data-time=\"1790404200-1790409600\" data-colr=\"#006290\" itemscope itemtype='http:\/\/schema.org\/Event'><div class=\"evo_event_schema\" style=\"display:none\" ><a itemprop='url'  href='https:\/\/latemarium.com\/de\/events\/oberholz-fruehstueck\/var\/ri-31.l-L2'><\/a><meta itemprop='image' content=\"https:\/\/latemarium.com\/wp-content\/uploads\/2025\/05\/colazione-al-rifugio-oberholz.jpg\" \/><meta itemprop='startDate' content=\"2026-9-26T08:30+0:00\" \/><meta itemprop='endDate' content=\"2026-9-26T10:00+0:00\" \/><meta itemprop='eventStatus' content=\"https:\/\/schema.org\/EventScheduled\" \/><meta itemprop='eventAttendanceMode'   itemscope itemtype=\"https:\/\/schema.org\/OfflineEventAttendanceMode\"\/><script type=\"application\/ld+json\">{\"@context\": \"http:\/\/schema.org\",\"@type\": \"Event\",\n\t\t\t\t\"@id\": \"event_2784_31\",\n\t\t\t\t\"eventAttendanceMode\":\"https:\/\/schema.org\/OfflineEventAttendanceMode\",\n\t\t\t\t\"eventStatus\":\"https:\/\/schema.org\/EventScheduled\",\n\t\t\t\t\"name\": \"Oberholz Fr\u00fchst\u00fcck\",\n\t\t\t\t\"url\": \"https:\/\/latemarium.com\/de\/events\/oberholz-fruehstueck\/var\/ri-31.l-L2\",\n\t\t\t\t\"startDate\": \"2026-9-26T08:30+0:00\",\n\t\t\t\t\"endDate\": \"2026-9-26T10:00+0:00\",\n\t\t\t\t\"image\":\"https:\/\/latemarium.com\/wp-content\/uploads\/2025\/05\/colazione-al-rifugio-oberholz.jpg\", \n\t\t\t\t\"description\":\"<p>Fr\u00fchst\u00fcck auf der Bergh\u00fctte Oberholz auf 2.096 m<br \/> Jeden Donnerstag und Samstag<\/p> <p>Das w\u00f6chentliche Highlight unterm Latemar findet jeden Donnerstag und Samstag von 8:30 bis 10:00 Uhr statt. Das umfangreiche Genusserlebnis \u201eFr\u00fchst\u00fcck auf der Oberholz\u201c inklusive der Berg- und Talfahrt kostet f\u00fcr Erwachsene 34 Euro, Jugendliche unter 12 Jahren bezahlen 27 Euro, Kinder unter 6 sind kostenlos.<\/p> <p>Zur Bergh\u00fctte und zur\u00fcck ins Tal geht es mit dem Panorama-Sessellift Obereggen-Oberholz (Auffahrt ab 08:30, letzte R\u00fcckfahrt 18.00 Uhr).<br \/> Eine Reservierung ist erforderlich: oberholz@latemar.it\u00a00471 618299<\/p> \"}<\/script><\/div>\r\n\t\t\t\t<p class=\"desc_trig_outter\" style=\"\"><a data-gmap_status=\"null\" data-exlk=\"0\" style=\"background-color: #006290;\" id=\"evc_17904042002784\" href=\"#\" class=\"hasFtIMG event_repeat desc_trig sin_val evcal_list_a\" data-ux_val=\"3\" data-ux_val_mob=\"-\"  ><span class='evoet_in'><span class='evoet_c1 evoet_cx '><span class='evoet_cy ev_ftImg evotrans imgFxdef' data-img='https:\/\/latemarium.com\/wp-content\/uploads\/2025\/05\/colazione-al-rifugio-oberholz.jpg' data-thumb='https:\/\/latemarium.com\/wp-content\/uploads\/2025\/05\/colazione-al-rifugio-oberholz-300x200.jpg' style='background-image:url(\"https:\/\/latemarium.com\/wp-content\/uploads\/2025\/05\/colazione-al-rifugio-oberholz-300x200.jpg\")' ><\/span><\/span><span class='evoet_c2 evoet_cx '><span class='evoet_dayblock evcal_cblock ' data-bgcolor='#006290' data-smon='September' data-syr='2026' data-bub=''><span class='evo_start  evofxdrc'><em class='date'>26<\/em><em class='month'>Sep<\/em><em class='time'>08:30<\/em><\/span><span class='evo_end only_time evofxdrc'><em class='time'>10:00<\/em><\/span><\/span><\/span><span class='evoet_c3 evoet_cx evcal_desc hide_eventtopdata '><span class='evoet_title evcal_desc2 evcal_event_title ' itemprop='name'>Oberholz Fr\u00fchst\u00fcck<\/span><span class='evoet_cy evoet_subtitle evo_below_title' ><span class='evcal_event_subtitle ' >Oberholz Fr\u00fchst\u00fcck<\/span><\/span><span class='evoet_cy evoet_time_expand level_3'><em class='evcal_time evo_tz_time'><i class='fa fa-clock-o'><\/i>08:30 - 10:00<span class='evo_tz marl5'>(GMT+02:00)<\/span><\/em> <\/span><span class='evoet_location level_3'><em class=\"evcal_location\"  data-add_str=\"\" data-n=\"Rifugio Oberholz\"><i class=\"fa fa-location-pin\"><\/i><em class=\"event_location_name\">Rifugio Oberholz<\/em><\/em><\/span><\/span><\/span><span class='evoet_data' style='display:none' data-d=\"{&quot;loc.n&quot;:&quot;Rifugio Oberholz&quot;,&quot;orgs&quot;:[],&quot;tags&quot;:{&quot;repeating&quot;:&quot;Repeating Event&quot;}}\" data-bgc=\"#006290\" data-bggrad=\"\" ><\/span><\/a><\/p><div class='event_description evcal_eventcard ' style=\"display:none\"><div class='evocard_row'><div id='event_ftimage' class='evocard_box ftimage' data-c='' \n\t\t\t\t\tstyle=''><div class='evocard_main_image_hold' data-t='Loading Image..'><div class='evocard_main_image evo_img_triglb evocd_img_minmized evobr15 evobgsc evobgpc evodfx evofx_jc_c evofx_ai_c evofz48 minmized' style='height:300px; background-image:url();' data-f=\"https:\/\/latemarium.com\/wp-content\/uploads\/2025\/05\/colazione-al-rifugio-oberholz.jpg\" data-h=\"1575\" data-w=\"2360\" data-ratio=\"0.66737288135593\" data-event_id=\"2784\" data-ri=\"31\"  data-t='Loading Image..'><span style='height:300px; background-image:url(https:\/\/latemarium.com\/wp-content\/uploads\/2025\/05\/colazione-al-rifugio-oberholz.jpg)'><\/span><\/div><\/div><\/div><\/div><!-- row close --><div class='evocard_row'><div id='event_eventdetails' class='evocard_box eventdetails' data-c='' \n\t\t\t\t\tstyle=''><div class=\"evo_metarow_details evorow evcal_evdata_row evcal_event_details\">\n    <div class=\"event_excerpt\" style=\"display:none\"><h3 class=\"padb5 evo_h3\">Details zur Veranstaltung<\/h3><p>Fr\u00fchst\u00fcck auf der Bergh\u00fctte Oberholz auf 2.096 m\nJeden Donnerstag und Samstag\nDas w\u00f6chentliche Highlight unterm Latemar findet jeden Donnerstag und Samstag von 8:30 bis 10:00 Uhr statt. Das umfangreiche Genusserlebnis<\/p><\/div><span class='evcal_evdata_icons'><i class='fa fa-align-justify'><\/i><\/span>    <div class=\"evcal_evdata_cell shorter_desc\">\n        <div class=\"eventon_full_description\">\n            <h3 class=\"padb5 evo_h3\"><span class='evcal_evdata_icons'><i class='fa fa-align-justify'><\/i><\/span>Details zur Veranstaltung<\/h3>\n            <div class=\"eventon_desc_in\" itemprop=\"description\">\n                <p>Fr\u00fchst\u00fcck auf der Bergh\u00fctte Oberholz auf 2.096 m<br \/>\nJeden Donnerstag und Samstag<\/p>\n<p>Das w\u00f6chentliche Highlight unterm Latemar findet jeden Donnerstag und Samstag von 8:30 bis 10:00 Uhr statt. Das umfangreiche Genusserlebnis \u201eFr\u00fchst\u00fcck auf der Oberholz\u201c inklusive der Berg- und Talfahrt kostet f\u00fcr Erwachsene 34 Euro, Jugendliche unter 12 Jahren bezahlen 27 Euro, Kinder unter 6 sind kostenlos.<\/p>\n<p>Zur Bergh\u00fctte und zur\u00fcck ins Tal geht es mit dem Panorama-Sessellift Obereggen-Oberholz (Auffahrt ab 08:30, letzte R\u00fcckfahrt 18.00 Uhr).<br \/>\nEine Reservierung ist erforderlich: oberholz@latemar.it\u00a00471 618299<\/p>\n            <\/div>\n            <p class='eventon_shad_p' style='padding:5px 0 0; margin:0'><button class='evcal_btn evo_btn_secondary evobtn_details_show_more' content='less' aria-label='Mehr' aria-expanded='false'><span class='ev_more_text' data-txt='Weniger'>Mehr<\/span><span class='ev_more_arrow ard'><\/span><\/button><\/p><div class='clear'><\/div>        <\/div>\n    <\/div>\n<\/div><\/div><\/div><!-- row close --><div class='evocard_row bx2 bx'><div id='event_time' class='evocard_box time' data-c='' \n\t\t\t\t\tstyle=''><div class='evo_metarow_time evorow evcal_evdata_row evcal_evrow_sm '>\n\t\t<span class='evcal_evdata_icons'><i class='fa fa-clock'><\/i><\/span>\n\t\t<div class='evcal_evdata_cell'>\t\t\t\t\t\t\t\n\t\t\t<h3 class='evo_h3'><span class='evcal_evdata_icons'><i class='fa fa-clock'><\/i><\/span>Zeitplan<\/h3><div><span class='evo_eventcard_time_t evogap5 evofxww'><span class=\"start\">26 September 2026<\/span> <span class=\"stime\">08:30<\/span> - <span class=\"etime\">10:00<\/span><\/span><span class='evo_tz marr5'>(GMT+02:00)<\/span><\/div>\n\t\t<\/div>\n\t<\/div><\/div><div id='event_location' class='evocard_box location' data-c='' \n\t\t\t\t\tstyle=''><div class='evcal_evdata_row evo_metarow_time_location evorow '>\n\t\t\n\t\t\t<span class='evcal_evdata_icons'><i class='fa fa-map-marker'><\/i><\/span>\n\t\t\t<div class='evcal_evdata_cell' data-loc_tax_id='60'><h3 class='evo_h3 evodfx'><span class='evcal_evdata_icons'><i class='fa fa-map-marker'><\/i><\/span>Ort<\/h3><p class='evo_location_name'>Rifugio Oberholz<\/p><div class='padt10'><span class='evo_btn_arr evolb_trigger' data-lbvals=\"{&quot;lbdata&quot;:{&quot;class&quot;:&quot;evo_location_lb_60&quot;,&quot;additional_class&quot;:&quot;lb_max&quot;,&quot;title&quot;:&quot;Rifugio Oberholz&quot;},&quot;adata&quot;:{&quot;a&quot;:&quot;eventon_get_tax_card_content&quot;,&quot;end&quot;:&quot;client&quot;,&quot;data&quot;:{&quot;lang&quot;:&quot;L2&quot;,&quot;term_id&quot;:60,&quot;tax&quot;:&quot;event_location&quot;,&quot;load_lbcontent&quot;:true}},&quot;uid&quot;:&quot;eventon_get_tax_card_content&quot;}\" >Other Events<i class='fa fa-chevron-right' aria-hidden='true'><\/i><\/span><\/div><\/div>\n\t\t\n\t<\/div><\/div><\/div><!-- row close --><div class='evocard_row bx2 bx'><div id='event_learnmore' class='evocard_box learnmore' data-c='' \n\t\t\t\t\tstyle=''><div class='evo_metarow_learnM evo_metarow_learnmore evorow'>\n\t\t\t\t\t\t\t<a class='evcal_evdata_row evo_clik_row ' href='https:\/\/oberholz.com\/events\/' target=\"_blank\">\n\t\t\t\t\t\t\t\t<span class='evcal_evdata_icons'><i class='fa fa-link'><\/i><\/span>\n\t\t\t\t\t\t\t\t<h3 class='evo_h3'>Entdecke mehr<\/h3>\n\t\t\t\t\t\t\t<\/a>\n\t\t\t\t\t\t\t<\/div><\/div><div id='event_addtocal' class='evocard_box addtocal' data-c='' \n\t\t\t\t\tstyle=''><div class='evo_metarow_ICS evorow evcal_evdata_row'>\n\t\t\t<span class='evcal_evdata_icons'><i class='fa fa-calendar-o'><\/i><\/span>\n\t\t\t<div class='evcal_evdata_cell'>\n\t\t\t\t<p><a href='https:\/\/latemarium.com\/de\/export-events\/2784_31\/?key=f55e99e6ee' rel='nofollow' class='evo_ics_nCal' title='Zu Ihrem Kalender hinzuf\u00fcgen'>Kalender<\/a><a href='https:\/\/www.google.com\/calendar\/event?action=TEMPLATE&text=Oberholz%20Fr%C3%BChst%C3%BCck&dates=20260926T063000Z\/20260926T080000Z&ctz=Europe%2FRome&details=Oberholz%20Fr%C3%BChst%C3%BCck&location=Rifugio%20Oberholz' target='_blank' rel='nofollow' class='evo_ics_gCal' title='Zu Google Kalender hinzuf\u00fcgen'>GoogleCal<\/a><\/p>\t\n\t\t\t<\/div>\n\t\t<\/div><\/div><\/div><!-- row close --><button class='evo_card_row_end evcal_close' title='Schlie\u00dfen'><\/button><\/div><div class='clear end'><\/div><\/div><div id=\"event_2326_0\" class=\"eventon_list_event evo_eventtop scheduled  event clrD no_et event_2326_0\" data-event_id=\"2326\" data-ri=\"0r\" data-time=\"1790416800-1790459940\" data-colr=\"#38823b\" itemscope itemtype='http:\/\/schema.org\/Event'><div class=\"evo_event_schema\" style=\"display:none\" ><a itemprop='url'  href='https:\/\/latemarium.com\/de\/events\/klaenge-der-dolomiten\/var\/ri-0.l-L2'><\/a><meta itemprop='image' content=\"https:\/\/latemarium.com\/wp-content\/uploads\/2023\/06\/suoni-delle-dolomiti-IALONI-1-scaled.jpg\" \/><meta itemprop='startDate' content=\"2026-9-26T12:00+0:00\" \/><meta itemprop='endDate' content=\"2026-9-26T23:59+0:00\" \/><meta itemprop='eventStatus' content=\"https:\/\/schema.org\/EventScheduled\" \/><meta itemprop='eventAttendanceMode'   itemscope itemtype=\"https:\/\/schema.org\/OfflineEventAttendanceMode\"\/><div style=\"display:none\" itemprop=\"location\" itemscope itemtype=\"http:\/\/schema.org\/Place\"><span itemprop=\"name\">Pampeago<\/span><span itemprop=\"address\" itemscope itemtype=\"http:\/\/schema.org\/PostalAddress\"><item itemprop=\"streetAddress\">Localit\u00e0 Pampeago, 8, 38038 Tesero TN<\/item><\/span><\/div><script type=\"application\/ld+json\">{\"@context\": \"http:\/\/schema.org\",\"@type\": \"Event\",\n\t\t\t\t\"@id\": \"event_2326_0\",\n\t\t\t\t\"eventAttendanceMode\":\"https:\/\/schema.org\/OfflineEventAttendanceMode\",\n\t\t\t\t\"eventStatus\":\"https:\/\/schema.org\/EventScheduled\",\n\t\t\t\t\"name\": \"Kl\u00e4nge der Dolomiten\",\n\t\t\t\t\"url\": \"https:\/\/latemarium.com\/de\/events\/klaenge-der-dolomiten\/var\/ri-0.l-L2\",\n\t\t\t\t\"startDate\": \"2026-9-26T12:00+0:00\",\n\t\t\t\t\"endDate\": \"2026-9-26T23:59+0:00\",\n\t\t\t\t\"image\":\"https:\/\/latemarium.com\/wp-content\/uploads\/2023\/06\/suoni-delle-dolomiti-IALONI-1-scaled.jpg\", \n\t\t\t\t\"description\":\"<p>Doppeltermin mit Kl\u00e4nge der Dolomiten 2026<\/p> <ul> <li>10. September, 12 Uhr, Treffpunkt: &#8220;Tresca&#8221;, Cornacci-Gruppe &#8211; Monte Agnello &#8211; Baba Yaga<\/li> <li>26. September, 12 Uhr, Treffpunkt: &#8220;Tresca&#8221;, Cornacci-Gruppe &#8211; Monte Agnello &#8211; IALONI Georgian traditional polyphony<\/li> <\/ul> <p>Anfahrt: von Pampeago mit dem Sessellift Agnello und dann zu Fu\u00df \u00fcber die Wege 509, 20 Minuten Gehzeit, H\u00f6henunterschied 50 m, Schwierigkeit E.<\/p> \",\"location\":[{\"@type\":\"Place\",\"name\":\"Pampeago\",\"address\":{\"@type\": \"PostalAddress\",\"streetAddress\":\"Localit\u00e0 Pampeago, 8, 38038 Tesero TN\"}}]}<\/script><\/div>\r\n\t\t\t\t<p class=\"desc_trig_outter\" style=\"\"><a data-gmtrig=\"1\" data-exlk=\"0\" style=\"background-color: #38823b;\" id=\"evc_17904168002326\" href=\"#\" class=\"hasFtIMG desc_trig sin_val evcal_list_a\" data-ux_val=\"3\" data-ux_val_mob=\"-\"  ><span class='evoet_in'><span class='evoet_c1 evoet_cx '><span class='evoet_cy ev_ftImg evotrans imgFxdef' data-img='https:\/\/latemarium.com\/wp-content\/uploads\/2023\/06\/suoni-delle-dolomiti-IALONI-1-scaled.jpg' data-thumb='https:\/\/latemarium.com\/wp-content\/uploads\/2023\/06\/suoni-delle-dolomiti-IALONI-1-300x225.jpg' style='background-image:url(\"https:\/\/latemarium.com\/wp-content\/uploads\/2023\/06\/suoni-delle-dolomiti-IALONI-1-300x225.jpg\")' ><\/span><\/span><span class='evoet_c2 evoet_cx '><span class='evoet_dayblock evcal_cblock ' data-bgcolor='#38823b' data-smon='September' data-syr='2026' data-bub=''><span class='evo_start  evofxdrc'><em class='date'>26<\/em><em class='month'>Sep<\/em><em class='time'>12:00<\/em><\/span><\/span><\/span><span class='evoet_c3 evoet_cx evcal_desc hide_eventtopdata '><span class='evoet_title evcal_desc2 evcal_event_title ' itemprop='name'>Kl\u00e4nge der Dolomiten<\/span><span class='event_location_attrs evodni'  data-location_address=\"Localit\u00e0 Pampeago, 8, 38038 Tesero TN\" data-location_type=\"lonlat\" data-location_name=\"Pampeago\" data-location_url=\"https:\/\/latemarium.com\/de\/event-location\/pampeago\/\" data-location_status=\"true\" data-locid=\"30\" data-latlng=\"46.34343697644898,11.540997527961546\"><\/span><span class='evoet_cy evoet_subtitle evo_below_title' ><span class='evcal_event_subtitle ' >KONZERT<\/span><\/span><span class='evoet_cy evoet_time_expand level_3'><em class='evcal_time evo_tz_time'><i class='fa fa-clock-o'><\/i>12:00<span class='evo_tz marl5'>(GMT+02:00)<\/span><\/em> <\/span><span class='evoet_location level_3'><em class=\"evcal_location\"  data-latlng=\"46.34343697644898,11.540997527961546\" data-add_str=\"Localit\u00e0 Pampeago, 8, 38038 Tesero TN\" data-n=\"Pampeago\"><i class=\"fa fa-location-pin\"><\/i><em class=\"event_location_name\">Pampeago<\/em>, Localit\u00e0 Pampeago, 8, 38038 Tesero TN<\/em><\/span><\/span><\/span><span class='evoet_data' style='display:none' data-d=\"{&quot;loc.n&quot;:&quot;Pampeago&quot;,&quot;orgs&quot;:[],&quot;tags&quot;:[]}\" data-bgc=\"#38823b\" data-bggrad=\"\" ><\/span><\/a><\/p><div class='event_description evcal_eventcard ' style=\"display:none\"><div class='evocard_row'><div id='event_ftimage' class='evocard_box ftimage' data-c='' \n\t\t\t\t\tstyle=''><div class='evocard_main_image_hold' data-t='Loading Image..'><div class='evocard_main_image evo_img_triglb evocd_img_minmized evobr15 evobgsc evobgpc evodfx evofx_jc_c evofx_ai_c evofz48 minmized' style='height:300px; background-image:url();' data-f=\"https:\/\/latemarium.com\/wp-content\/uploads\/2023\/06\/suoni-delle-dolomiti-IALONI-1-scaled.jpg\" data-h=\"1920\" data-w=\"2560\" data-ratio=\"0.75\" data-event_id=\"2326\" data-ri=\"0\"  data-t='Loading Image..'><span style='height:300px; background-image:url(https:\/\/latemarium.com\/wp-content\/uploads\/2023\/06\/suoni-delle-dolomiti-IALONI-1-scaled.jpg)'><\/span><\/div><\/div><\/div><\/div><!-- row close --><div class='evocard_row'><div id='event_eventdetails' class='evocard_box eventdetails' data-c='' \n\t\t\t\t\tstyle=''><div class=\"evo_metarow_details evorow evcal_evdata_row evcal_event_details\">\n    <div class=\"event_excerpt\" style=\"display:none\"><h3 class=\"padb5 evo_h3\">Details zur Veranstaltung<\/h3><p>Doppeltermin mit Kl\u00e4nge der Dolomiten 2026\n\n10. September, 12 Uhr, Treffpunkt: &#8220;Tresca&#8221;, Cornacci-Gruppe &#8211; Monte Agnello &#8211; Baba Yaga\n26. September, 12 Uhr, Treffpunkt: &#8220;Tresca&#8221;, Cornacci-Gruppe &#8211; Monte Agnello &#8211; IALONI Georgian<\/p><\/div><span class='evcal_evdata_icons'><i class='fa fa-align-justify'><\/i><\/span>    <div class=\"evcal_evdata_cell \">\n        <div class=\"eventon_full_description\">\n            <h3 class=\"padb5 evo_h3\"><span class='evcal_evdata_icons'><i class='fa fa-align-justify'><\/i><\/span>Details zur Veranstaltung<\/h3>\n            <div class=\"eventon_desc_in\" itemprop=\"description\">\n                <p>Doppeltermin mit Kl\u00e4nge der Dolomiten 2026<\/p>\n<ul>\n<li>10. September, 12 Uhr, Treffpunkt: &#8220;Tresca&#8221;, Cornacci-Gruppe &#8211; Monte Agnello &#8211; Baba Yaga<\/li>\n<li>26. September, 12 Uhr, Treffpunkt: &#8220;Tresca&#8221;, Cornacci-Gruppe &#8211; Monte Agnello &#8211; IALONI Georgian traditional polyphony<\/li>\n<\/ul>\n<p>Anfahrt: von Pampeago mit dem Sessellift Agnello und dann zu Fu\u00df \u00fcber die Wege 509, 20 Minuten Gehzeit, H\u00f6henunterschied 50 m, Schwierigkeit E.<\/p>\n            <\/div>\n            <div class='clear'><\/div>        <\/div>\n    <\/div>\n<\/div><\/div><\/div><!-- row close --><div class='evocard_row bx2 bx'><div id='event_time' class='evocard_box time' data-c='' \n\t\t\t\t\tstyle=''><div class='evo_metarow_time evorow evcal_evdata_row evcal_evrow_sm '>\n\t\t<span class='evcal_evdata_icons'><i class='fa fa-clock'><\/i><\/span>\n\t\t<div class='evcal_evdata_cell'>\t\t\t\t\t\t\t\n\t\t\t<h3 class='evo_h3'><span class='evcal_evdata_icons'><i class='fa fa-clock'><\/i><\/span>Zeitplan<\/h3><div><span class='evo_eventcard_time_t evogap5 evofxww'><span class=\"start\">26 September 2026<\/span> <span class=\"stime\">12:00<\/span><\/span><span class='evo_tz marr5'>(GMT+02:00)<\/span><\/div>\n\t\t<\/div>\n\t<\/div><\/div><div id='event_location' class='evocard_box location' data-c='' \n\t\t\t\t\tstyle=''><div class='evcal_evdata_row evo_metarow_time_location evorow '>\n\t\t\n\t\t\t<span class='evcal_evdata_icons'><i class='fa fa-map-marker'><\/i><\/span>\n\t\t\t<div class='evcal_evdata_cell' data-loc_tax_id='30'><h3 class='evo_h3 evodfx'><span class='evcal_evdata_icons'><i class='fa fa-map-marker'><\/i><\/span>Ort<\/h3><p class='evo_location_name'>Pampeago<\/p><p class='evo_location_address evodfxi evogap10'>Localit\u00e0 Pampeago, 8, 38038 Tesero TN<\/p><div class='padt10'><span class='evo_btn_arr evolb_trigger' data-lbvals=\"{&quot;lbdata&quot;:{&quot;class&quot;:&quot;evo_location_lb_30&quot;,&quot;additional_class&quot;:&quot;lb_max&quot;,&quot;title&quot;:&quot;Pampeago&quot;},&quot;adata&quot;:{&quot;a&quot;:&quot;eventon_get_tax_card_content&quot;,&quot;end&quot;:&quot;client&quot;,&quot;data&quot;:{&quot;lang&quot;:&quot;L2&quot;,&quot;term_id&quot;:30,&quot;tax&quot;:&quot;event_location&quot;,&quot;load_lbcontent&quot;:true}},&quot;uid&quot;:&quot;eventon_get_tax_card_content&quot;}\" >Other Events<i class='fa fa-chevron-right' aria-hidden='true'><\/i><\/span><\/div><\/div>\n\t\t\n\t<\/div><\/div><\/div><!-- row close --><div class='evocard_row bx2 bx'><div id='event_learnmore' class='evocard_box learnmore' data-c='' \n\t\t\t\t\tstyle=''><div class='evo_metarow_learnM evo_metarow_learnmore evorow'>\n\t\t\t\t\t\t\t<a class='evcal_evdata_row evo_clik_row ' href='https:\/\/www.isuonidelledolomiti.it\/en\/events\/alash-ensemble' target=\"_blank\">\n\t\t\t\t\t\t\t\t<span class='evcal_evdata_icons'><i class='fa fa-link'><\/i><\/span>\n\t\t\t\t\t\t\t\t<h3 class='evo_h3'>Entdecke mehr<\/h3>\n\t\t\t\t\t\t\t<\/a>\n\t\t\t\t\t\t\t<\/div><\/div><div id='event_addtocal' class='evocard_box addtocal' data-c='' \n\t\t\t\t\tstyle=''><div class='evo_metarow_ICS evorow evcal_evdata_row'>\n\t\t\t<span class='evcal_evdata_icons'><i class='fa fa-calendar-o'><\/i><\/span>\n\t\t\t<div class='evcal_evdata_cell'>\n\t\t\t\t<p><a href='https:\/\/latemarium.com\/de\/export-events\/2326_0\/?key=f55e99e6ee' rel='nofollow' class='evo_ics_nCal' title='Zu Ihrem Kalender hinzuf\u00fcgen'>Kalender<\/a><a href='https:\/\/www.google.com\/calendar\/event?action=TEMPLATE&text=Kl%C3%A4nge%20der%20Dolomiten&dates=20260926T100000Z\/20260926T215900Z&ctz=Europe%2FRome&details=Kl%C3%A4nge%20der%20Dolomiten&location=Pampeago%20Localit%C3%A0%20Pampeago%2C%208%2C%2038038%20Tesero%20TN' target='_blank' rel='nofollow' class='evo_ics_gCal' title='Zu Google Kalender hinzuf\u00fcgen'>GoogleCal<\/a><\/p>\t\n\t\t\t<\/div>\n\t\t<\/div><\/div><\/div><!-- row close --><div class='evocard_row'><div id='event_getdirection' class='evocard_box getdirection' data-c='' \n\t\t\t\t\tstyle=''><div class='evo_metarow_getDr evorow evcal_evdata_row evcal_evrow_sm getdirections'>\n\t\t<form action='https:\/\/maps.google.com\/maps' method='get' target='_blank'>\n\t\t\t<input type='hidden' name='daddr' value=\"46.34343697644898,11.540997527961546\"\/> \n\t\t\t<div class='evo_get_direction_content evo_fx_dr_r evogap10'>\n\t\t\t\t<span class='evogetdir_header evodfx evofxdrr evofxaic evogap10'>\n\t\t\t\t\t<i class='mainicon fa fa-road evofz24i'><\/i> \n\t\t\t\t\t<h3 class='evo_h3 evopad0i' style='padding-bottom:5px;'>Wegbeschreibung abrufen<\/h3>\n\t\t\t\t<\/span>\n\t\t\t\t<span class='evogetdir_field evodfx evofx_1_1 evow100p'>\t\n\t\t\t\t\t<label for='6a9c46be6177f' class='evo_aria_ready sr-only'>Address - Kl\u00e4nge der Dolomiten []<\/label>\t\t\t\t\n\t\t\t\t\t<input id='6a9c46be6177f' class='evo_aria_ready_match evoInput2 evobr10 evow100p evopad10 evoff_2 evofz14i evobrdB1 evoboxbb' type='text' name='saddr' placeholder='&quot;Geben Sie die Adresse ein' value='' style='' aria-label='Address - Kl\u00e4nge der Dolomiten []' \/>\n\t\t\t\t<\/span>\n\t\t\t\t<div class='evodfx evofxdrr evofxaic evogap10'>\n\t\t\t\t\t<i class='fa fa-location-dot'><\/i>\n\t\t\t\t\t<div class='evoposr evofx_1 evoh100p'><label for='6a9c46be6177f' class='evo_aria_ready sr-only'>Destination Address - Kl\u00e4nge der Dolomiten []<\/label>\t\t\n\t\t\t\t\t\t<input id='6a9c46be6177f' class='evo_aria_ready_match evoInput2 evobr10 evow100p evopad5-10 evoff_2 evofz14i evobrdB1 evoop5 evoboxbb evoh100p' type='text' style='' readonly value='Localit\u00e0 Pampeago, 8, 38038 Tesero TN' aria-label='Destination Address - Kl\u00e4nge der Dolomiten []'\/><button class='evo_copy_address evobuttonA evocurp evohoop7 evoposa evopad5' style='right: 3px; top: 4px; background-color: #fff;' data-txt='46.34343697644898,11.540997527961546' data-t='Address copied to clipboard!'><i class='far fa-copy evofz16i' title='Copy Destination Address!'><\/i><\/button>\n\t\t\t\t\t<\/div>\n\t\t\t\t\t<button type='submit' class='evo_get_direction_button evcal_btn dfx evofxaic evocurp evohoop7' title='&quot;Klicken Sie hier' style='    padding: 10px 15px !important;'><i class='fa fa-chevron-right'><\/i> <\/button>\n\t\t\t\t<\/div>\n\t\t\t<\/div>\n\t\t<\/form>\n\t<\/div><\/div><\/div><!-- row close --><button class='evo_card_row_end evcal_close' title='Schlie\u00dfen'><\/button><\/div><div class='clear end'><\/div><\/div><\/div><div class='evcal_month_line' data-d='eml_10_2026' data-su='1790805600'><p>Oktober<\/p><\/div><div class='sep_month_events ' data-d='eml_10_2026' data-range='1790805600_1793487599'><div id=\"event_3011_0\" class=\"eventon_list_event evo_eventtop scheduled  event clrD event_3011_0\" data-event_id=\"3011\" data-ri=\"0r\" data-time=\"1789797600-1791147600\" data-colr=\"#ba181d\" itemscope itemtype='http:\/\/schema.org\/Event'><div class=\"evo_event_schema\" style=\"display:none\" ><a itemprop='url'  href='https:\/\/latemarium.com\/de\/events\/genusswochen-wild-pilze-im-eggental\/var\/ri-0.l-L2'><\/a><meta itemprop='image'  \/><meta itemprop='startDate' content=\"2026-9-19T08:00+0:00\" \/><meta itemprop='endDate' content=\"2026-10-4T23:00+0:00\" \/><meta itemprop='eventStatus' content=\"https:\/\/schema.org\/EventScheduled\" \/><meta itemprop='eventAttendanceMode'   itemscope itemtype=\"https:\/\/schema.org\/OfflineEventAttendanceMode\"\/><script type=\"application\/ld+json\">{\"@context\": \"http:\/\/schema.org\",\"@type\": \"Event\",\n\t\t\t\t\"@id\": \"event_3011_0\",\n\t\t\t\t\"eventAttendanceMode\":\"https:\/\/schema.org\/OfflineEventAttendanceMode\",\n\t\t\t\t\"eventStatus\":\"https:\/\/schema.org\/EventScheduled\",\n\t\t\t\t\"name\": \"Genusswochen: Wild &amp; Pilze im Eggental\",\n\t\t\t\t\"url\": \"https:\/\/latemarium.com\/de\/events\/genusswochen-wild-pilze-im-eggental\/var\/ri-0.l-L2\",\n\t\t\t\t\"startDate\": \"2026-9-19T08:00+0:00\",\n\t\t\t\t\"endDate\": \"2026-10-4T23:00+0:00\",\n\t\t\t\t\"image\":\"\", \n\t\t\t\t\"description\":\"<h2>Genusswochen: Wild &amp; Pilze im Eggental<\/h2> <p>Entdecken Sie die kulinarische Vielfalt der Genusswochen: Wild &amp; Pilze und lassen Sie sich auf eine Reise der Aromen entf\u00fchren. Ausgew\u00e4hlte Restaurants, Almh\u00fctten und Bergh\u00fctten verwandeln die Sch\u00e4tze des Eggentals in k\u00f6stliche Gerichte.<\/p> <p>Genie\u00dfen Sie eine innovative und zugleich authentische K\u00fcche, zubereitet mit regionalen und saisonalen Zutaten wie reifen Fr\u00fcchten, Beeren, Kr\u00e4utern, Pilzen und heimischem Wild.<\/p> \"}<\/script><\/div>\r\n\t\t\t\t<p class=\"desc_trig_outter\" style=\"\"><a data-gmap_status=\"null\" data-exlk=\"0\" style=\"background-color: #ba181d;\" id=\"evc_17897976003011\" href=\"#\" class=\"desc_trig mul_val evcal_list_a\" data-ux_val=\"3\" data-ux_val_mob=\"-\"  ><span class='evoet_in'><span class='evoet_c2 evoet_cx '><span class='evoet_dayblock evcal_cblock ' data-bgcolor='#ba181d' data-smon='September' data-syr='2026' data-bub=''><span class='evo_start  evofxdrc'><em class='date'>19<\/em><em class='month'>Sep<\/em><em class='time'><i t=\"y\">(Sep 19)<\/i>08:00<\/em><\/span><span class='evo_end  evofxdrc'><em class='date'>04<\/em><em class='month'>Okt<\/em><em class='time'><i t=\"y\">(Okt 4)<\/i>23:00<\/em><\/span><\/span><\/span><span class='evoet_c3 evoet_cx evcal_desc hide_eventtopdata '><span class='evoet_title evcal_desc2 evcal_event_title ' itemprop='name'>Genusswochen: Wild & Pilze im Eggental<\/span><span class='evoet_cy evoet_subtitle evo_below_title' ><span class='evcal_event_subtitle ' >Genuss &amp; Tradition<\/span><\/span><span class='evoet_cy evoet_time_expand level_3'><em class='evcal_time evo_tz_time'><i class='fa fa-clock-o'><\/i>08:00 - (Oktober 4) 23:00<span class='evo_tz marl5'>(GMT+02:00)<\/span><\/em> <\/span><span class='evoet_location level_3'><em class=\"evcal_location\"  data-add_str=\"\" data-n=\"Obereggen\"><i class=\"fa fa-location-pin\"><\/i><em class=\"event_location_name\">Obereggen<\/em><\/em><\/span><\/span><\/span><span class='evoet_data' style='display:none' data-d=\"{&quot;loc.n&quot;:&quot;Obereggen&quot;,&quot;orgs&quot;:[],&quot;tags&quot;:[]}\" data-bgc=\"#ba181d\" data-bggrad=\"\" ><\/span><\/a><\/p><div class='event_description evcal_eventcard ' style=\"display:none\"><div class='evocard_row'><div id='event_eventdetails' class='evocard_box eventdetails' data-c='' \n\t\t\t\t\tstyle=''><div class=\"evo_metarow_details evorow evcal_evdata_row evcal_event_details\">\n    <div class=\"event_excerpt\" style=\"display:none\"><h3 class=\"padb5 evo_h3\">Details zur Veranstaltung<\/h3><p>Genusswochen: Wild &amp; Pilze im Eggental\nEntdecken Sie die kulinarische Vielfalt der Genusswochen: Wild &amp; Pilze und lassen Sie sich auf eine Reise der Aromen entf\u00fchren. Ausgew\u00e4hlte Restaurants, Almh\u00fctten und Bergh\u00fctten<\/p><\/div><span class='evcal_evdata_icons'><i class='fa fa-align-justify'><\/i><\/span>    <div class=\"evcal_evdata_cell \">\n        <div class=\"eventon_full_description\">\n            <h3 class=\"padb5 evo_h3\"><span class='evcal_evdata_icons'><i class='fa fa-align-justify'><\/i><\/span>Details zur Veranstaltung<\/h3>\n            <div class=\"eventon_desc_in\" itemprop=\"description\">\n                <h2>Genusswochen: Wild &amp; Pilze im Eggental<\/h2>\n<p>Entdecken Sie die kulinarische Vielfalt der Genusswochen: Wild &amp; Pilze und lassen Sie sich auf eine Reise der Aromen entf\u00fchren. Ausgew\u00e4hlte Restaurants, Almh\u00fctten und Bergh\u00fctten verwandeln die Sch\u00e4tze des Eggentals in k\u00f6stliche Gerichte.<\/p>\n<p>Genie\u00dfen Sie eine innovative und zugleich authentische K\u00fcche, zubereitet mit regionalen und saisonalen Zutaten wie reifen Fr\u00fcchten, Beeren, Kr\u00e4utern, Pilzen und heimischem Wild.<\/p>\n            <\/div>\n            <div class='clear'><\/div>        <\/div>\n    <\/div>\n<\/div><\/div><\/div><!-- row close --><div class='evocard_row bx2 bx'><div id='event_time' class='evocard_box time' data-c='' \n\t\t\t\t\tstyle=''><div class='evo_metarow_time evorow evcal_evdata_row evcal_evrow_sm '>\n\t\t<span class='evcal_evdata_icons'><i class='fa fa-clock'><\/i><\/span>\n\t\t<div class='evcal_evdata_cell'>\t\t\t\t\t\t\t\n\t\t\t<h3 class='evo_h3'><span class='evcal_evdata_icons'><i class='fa fa-clock'><\/i><\/span>Zeitplan<\/h3><div><span class='evo_eventcard_time_t evogap5 evofxww'><span class='start'>19 September 2026<\/span> <span class='stime'>08:00<\/span> - <span class='end'>4 Oktober 2026<\/span> <span class='etime'>23:00<\/span><\/span><span class='evo_tz marr5'>(GMT+02:00)<\/span><\/div>\n\t\t<\/div>\n\t<\/div><\/div><div id='event_location' class='evocard_box location' data-c='' \n\t\t\t\t\tstyle=''><div class='evcal_evdata_row evo_metarow_time_location evorow '>\n\t\t\n\t\t\t<span class='evcal_evdata_icons'><i class='fa fa-map-marker'><\/i><\/span>\n\t\t\t<div class='evcal_evdata_cell' data-loc_tax_id='63'><h3 class='evo_h3 evodfx'><span class='evcal_evdata_icons'><i class='fa fa-map-marker'><\/i><\/span>Ort<\/h3><p class='evo_location_name'>Obereggen<\/p><div class='padt10'><span class='evo_btn_arr evolb_trigger' data-lbvals=\"{&quot;lbdata&quot;:{&quot;class&quot;:&quot;evo_location_lb_63&quot;,&quot;additional_class&quot;:&quot;lb_max&quot;,&quot;title&quot;:&quot;Obereggen&quot;},&quot;adata&quot;:{&quot;a&quot;:&quot;eventon_get_tax_card_content&quot;,&quot;end&quot;:&quot;client&quot;,&quot;data&quot;:{&quot;lang&quot;:&quot;L2&quot;,&quot;term_id&quot;:63,&quot;tax&quot;:&quot;event_location&quot;,&quot;load_lbcontent&quot;:true}},&quot;uid&quot;:&quot;eventon_get_tax_card_content&quot;}\" >Other Events<i class='fa fa-chevron-right' aria-hidden='true'><\/i><\/span><\/div><\/div>\n\t\t\n\t<\/div><\/div><\/div><!-- row close --><div class='evocard_row bx2 bx'><div id='event_learnmore' class='evocard_box learnmore' data-c='' \n\t\t\t\t\tstyle=''><div class='evo_metarow_learnM evo_metarow_learnmore evorow'>\n\t\t\t\t\t\t\t<a class='evcal_evdata_row evo_clik_row ' href='https:\/\/eggental.com\/de\/genuss_erlebnisse\/kulinarik-und-kultur\/wild-und-wald' target=\"_blank\">\n\t\t\t\t\t\t\t\t<span class='evcal_evdata_icons'><i class='fa fa-link'><\/i><\/span>\n\t\t\t\t\t\t\t\t<h3 class='evo_h3'>Entdecke mehr<\/h3>\n\t\t\t\t\t\t\t<\/a>\n\t\t\t\t\t\t\t<\/div><\/div><div id='event_addtocal' class='evocard_box addtocal' data-c='' \n\t\t\t\t\tstyle=''><div class='evo_metarow_ICS evorow evcal_evdata_row'>\n\t\t\t<span class='evcal_evdata_icons'><i class='fa fa-calendar-o'><\/i><\/span>\n\t\t\t<div class='evcal_evdata_cell'>\n\t\t\t\t<p><a href='https:\/\/latemarium.com\/de\/export-events\/3011_0\/?key=f55e99e6ee' rel='nofollow' class='evo_ics_nCal' title='Zu Ihrem Kalender hinzuf\u00fcgen'>Kalender<\/a><a href='https:\/\/www.google.com\/calendar\/event?action=TEMPLATE&text=Genusswochen%3A%20Wild%20%26%20Pilze%20im%20Eggental&dates=20260919T060000Z\/20261004T210000Z&ctz=Europe%2FRome&details=Genusswochen%3A%20Wild%20%26%20Pilze%20im%20Eggental&location=Obereggen' target='_blank' rel='nofollow' class='evo_ics_gCal' title='Zu Google Kalender hinzuf\u00fcgen'>GoogleCal<\/a><\/p>\t\n\t\t\t<\/div>\n\t\t<\/div><\/div><\/div><!-- row close --><button class='evo_card_row_end evcal_close' title='Schlie\u00dfen'><\/button><\/div><div class='clear end'><\/div><\/div><div id=\"event_2784_32\" class=\"eventon_list_event evo_eventtop scheduled  event clrD event_2784_32\" data-event_id=\"2784\" data-ri=\"32r\" data-time=\"1790836200-1790841600\" data-colr=\"#006290\" itemscope itemtype='http:\/\/schema.org\/Event'><div class=\"evo_event_schema\" style=\"display:none\" ><a itemprop='url'  href='https:\/\/latemarium.com\/de\/events\/oberholz-fruehstueck\/var\/ri-32.l-L2'><\/a><meta itemprop='image' content=\"https:\/\/latemarium.com\/wp-content\/uploads\/2025\/05\/colazione-al-rifugio-oberholz.jpg\" \/><meta itemprop='startDate' content=\"2026-10-1T08:30+0:00\" \/><meta itemprop='endDate' content=\"2026-10-1T10:00+0:00\" \/><meta itemprop='eventStatus' content=\"https:\/\/schema.org\/EventScheduled\" \/><meta itemprop='eventAttendanceMode'   itemscope itemtype=\"https:\/\/schema.org\/OfflineEventAttendanceMode\"\/><script type=\"application\/ld+json\">{\"@context\": \"http:\/\/schema.org\",\"@type\": \"Event\",\n\t\t\t\t\"@id\": \"event_2784_32\",\n\t\t\t\t\"eventAttendanceMode\":\"https:\/\/schema.org\/OfflineEventAttendanceMode\",\n\t\t\t\t\"eventStatus\":\"https:\/\/schema.org\/EventScheduled\",\n\t\t\t\t\"name\": \"Oberholz Fr\u00fchst\u00fcck\",\n\t\t\t\t\"url\": \"https:\/\/latemarium.com\/de\/events\/oberholz-fruehstueck\/var\/ri-32.l-L2\",\n\t\t\t\t\"startDate\": \"2026-10-1T08:30+0:00\",\n\t\t\t\t\"endDate\": \"2026-10-1T10:00+0:00\",\n\t\t\t\t\"image\":\"https:\/\/latemarium.com\/wp-content\/uploads\/2025\/05\/colazione-al-rifugio-oberholz.jpg\", \n\t\t\t\t\"description\":\"<p>Fr\u00fchst\u00fcck auf der Bergh\u00fctte Oberholz auf 2.096 m<br \/> Jeden Donnerstag und Samstag<\/p> <p>Das w\u00f6chentliche Highlight unterm Latemar findet jeden Donnerstag und Samstag von 8:30 bis 10:00 Uhr statt. Das umfangreiche Genusserlebnis \u201eFr\u00fchst\u00fcck auf der Oberholz\u201c inklusive der Berg- und Talfahrt kostet f\u00fcr Erwachsene 34 Euro, Jugendliche unter 12 Jahren bezahlen 27 Euro, Kinder unter 6 sind kostenlos.<\/p> <p>Zur Bergh\u00fctte und zur\u00fcck ins Tal geht es mit dem Panorama-Sessellift Obereggen-Oberholz (Auffahrt ab 08:30, letzte R\u00fcckfahrt 18.00 Uhr).<br \/> Eine Reservierung ist erforderlich: oberholz@latemar.it\u00a00471 618299<\/p> \"}<\/script><\/div>\r\n\t\t\t\t<p class=\"desc_trig_outter\" style=\"\"><a data-gmap_status=\"null\" data-exlk=\"0\" style=\"background-color: #006290;\" id=\"evc_17908362002784\" href=\"#\" class=\"hasFtIMG event_repeat desc_trig sin_val evcal_list_a\" data-ux_val=\"3\" data-ux_val_mob=\"-\"  ><span class='evoet_in'><span class='evoet_c1 evoet_cx '><span class='evoet_cy ev_ftImg evotrans imgFxdef' data-img='https:\/\/latemarium.com\/wp-content\/uploads\/2025\/05\/colazione-al-rifugio-oberholz.jpg' data-thumb='https:\/\/latemarium.com\/wp-content\/uploads\/2025\/05\/colazione-al-rifugio-oberholz-300x200.jpg' style='background-image:url(\"https:\/\/latemarium.com\/wp-content\/uploads\/2025\/05\/colazione-al-rifugio-oberholz-300x200.jpg\")' ><\/span><\/span><span class='evoet_c2 evoet_cx '><span class='evoet_dayblock evcal_cblock ' data-bgcolor='#006290' data-smon='Oktober' data-syr='2026' data-bub=''><span class='evo_start  evofxdrc'><em class='date'>01<\/em><em class='month'>Okt<\/em><em class='time'>08:30<\/em><\/span><span class='evo_end only_time evofxdrc'><em class='time'>10:00<\/em><\/span><\/span><\/span><span class='evoet_c3 evoet_cx evcal_desc hide_eventtopdata '><span class='evoet_title evcal_desc2 evcal_event_title ' itemprop='name'>Oberholz Fr\u00fchst\u00fcck<\/span><span class='evoet_cy evoet_subtitle evo_below_title' ><span class='evcal_event_subtitle ' >Oberholz Fr\u00fchst\u00fcck<\/span><\/span><span class='evoet_cy evoet_time_expand level_3'><em class='evcal_time evo_tz_time'><i class='fa fa-clock-o'><\/i>08:30 - 10:00<span class='evo_tz marl5'>(GMT+02:00)<\/span><\/em> <\/span><span class='evoet_location level_3'><em class=\"evcal_location\"  data-add_str=\"\" data-n=\"Rifugio Oberholz\"><i class=\"fa fa-location-pin\"><\/i><em class=\"event_location_name\">Rifugio Oberholz<\/em><\/em><\/span><\/span><\/span><span class='evoet_data' style='display:none' data-d=\"{&quot;loc.n&quot;:&quot;Rifugio Oberholz&quot;,&quot;orgs&quot;:[],&quot;tags&quot;:{&quot;repeating&quot;:&quot;Repeating Event&quot;}}\" data-bgc=\"#006290\" data-bggrad=\"\" ><\/span><\/a><\/p><div class='event_description evcal_eventcard ' style=\"display:none\"><div class='evocard_row'><div id='event_ftimage' class='evocard_box ftimage' data-c='' \n\t\t\t\t\tstyle=''><div class='evocard_main_image_hold' data-t='Loading Image..'><div class='evocard_main_image evo_img_triglb evocd_img_minmized evobr15 evobgsc evobgpc evodfx evofx_jc_c evofx_ai_c evofz48 minmized' style='height:300px; background-image:url();' data-f=\"https:\/\/latemarium.com\/wp-content\/uploads\/2025\/05\/colazione-al-rifugio-oberholz.jpg\" data-h=\"1575\" data-w=\"2360\" data-ratio=\"0.66737288135593\" data-event_id=\"2784\" data-ri=\"32\"  data-t='Loading Image..'><span style='height:300px; background-image:url(https:\/\/latemarium.com\/wp-content\/uploads\/2025\/05\/colazione-al-rifugio-oberholz.jpg)'><\/span><\/div><\/div><\/div><\/div><!-- row close --><div class='evocard_row'><div id='event_eventdetails' class='evocard_box eventdetails' data-c='' \n\t\t\t\t\tstyle=''><div class=\"evo_metarow_details evorow evcal_evdata_row evcal_event_details\">\n    <div class=\"event_excerpt\" style=\"display:none\"><h3 class=\"padb5 evo_h3\">Details zur Veranstaltung<\/h3><p>Fr\u00fchst\u00fcck auf der Bergh\u00fctte Oberholz auf 2.096 m\nJeden Donnerstag und Samstag\nDas w\u00f6chentliche Highlight unterm Latemar findet jeden Donnerstag und Samstag von 8:30 bis 10:00 Uhr statt. Das umfangreiche Genusserlebnis<\/p><\/div><span class='evcal_evdata_icons'><i class='fa fa-align-justify'><\/i><\/span>    <div class=\"evcal_evdata_cell shorter_desc\">\n        <div class=\"eventon_full_description\">\n            <h3 class=\"padb5 evo_h3\"><span class='evcal_evdata_icons'><i class='fa fa-align-justify'><\/i><\/span>Details zur Veranstaltung<\/h3>\n            <div class=\"eventon_desc_in\" itemprop=\"description\">\n                <p>Fr\u00fchst\u00fcck auf der Bergh\u00fctte Oberholz auf 2.096 m<br \/>\nJeden Donnerstag und Samstag<\/p>\n<p>Das w\u00f6chentliche Highlight unterm Latemar findet jeden Donnerstag und Samstag von 8:30 bis 10:00 Uhr statt. Das umfangreiche Genusserlebnis \u201eFr\u00fchst\u00fcck auf der Oberholz\u201c inklusive der Berg- und Talfahrt kostet f\u00fcr Erwachsene 34 Euro, Jugendliche unter 12 Jahren bezahlen 27 Euro, Kinder unter 6 sind kostenlos.<\/p>\n<p>Zur Bergh\u00fctte und zur\u00fcck ins Tal geht es mit dem Panorama-Sessellift Obereggen-Oberholz (Auffahrt ab 08:30, letzte R\u00fcckfahrt 18.00 Uhr).<br \/>\nEine Reservierung ist erforderlich: oberholz@latemar.it\u00a00471 618299<\/p>\n            <\/div>\n            <p class='eventon_shad_p' style='padding:5px 0 0; margin:0'><button class='evcal_btn evo_btn_secondary evobtn_details_show_more' content='less' aria-label='Mehr' aria-expanded='false'><span class='ev_more_text' data-txt='Weniger'>Mehr<\/span><span class='ev_more_arrow ard'><\/span><\/button><\/p><div class='clear'><\/div>        <\/div>\n    <\/div>\n<\/div><\/div><\/div><!-- row close --><div class='evocard_row bx2 bx'><div id='event_time' class='evocard_box time' data-c='' \n\t\t\t\t\tstyle=''><div class='evo_metarow_time evorow evcal_evdata_row evcal_evrow_sm '>\n\t\t<span class='evcal_evdata_icons'><i class='fa fa-clock'><\/i><\/span>\n\t\t<div class='evcal_evdata_cell'>\t\t\t\t\t\t\t\n\t\t\t<h3 class='evo_h3'><span class='evcal_evdata_icons'><i class='fa fa-clock'><\/i><\/span>Zeitplan<\/h3><div><span class='evo_eventcard_time_t evogap5 evofxww'><span class=\"start\">1 Oktober 2026<\/span> <span class=\"stime\">08:30<\/span> - <span class=\"etime\">10:00<\/span><\/span><span class='evo_tz marr5'>(GMT+02:00)<\/span><\/div>\n\t\t<\/div>\n\t<\/div><\/div><div id='event_location' class='evocard_box location' data-c='' \n\t\t\t\t\tstyle=''><div class='evcal_evdata_row evo_metarow_time_location evorow '>\n\t\t\n\t\t\t<span class='evcal_evdata_icons'><i class='fa fa-map-marker'><\/i><\/span>\n\t\t\t<div class='evcal_evdata_cell' data-loc_tax_id='60'><h3 class='evo_h3 evodfx'><span class='evcal_evdata_icons'><i class='fa fa-map-marker'><\/i><\/span>Ort<\/h3><p class='evo_location_name'>Rifugio Oberholz<\/p><div class='padt10'><span class='evo_btn_arr evolb_trigger' data-lbvals=\"{&quot;lbdata&quot;:{&quot;class&quot;:&quot;evo_location_lb_60&quot;,&quot;additional_class&quot;:&quot;lb_max&quot;,&quot;title&quot;:&quot;Rifugio Oberholz&quot;},&quot;adata&quot;:{&quot;a&quot;:&quot;eventon_get_tax_card_content&quot;,&quot;end&quot;:&quot;client&quot;,&quot;data&quot;:{&quot;lang&quot;:&quot;L2&quot;,&quot;term_id&quot;:60,&quot;tax&quot;:&quot;event_location&quot;,&quot;load_lbcontent&quot;:true}},&quot;uid&quot;:&quot;eventon_get_tax_card_content&quot;}\" >Other Events<i class='fa fa-chevron-right' aria-hidden='true'><\/i><\/span><\/div><\/div>\n\t\t\n\t<\/div><\/div><\/div><!-- row close --><div class='evocard_row bx2 bx'><div id='event_learnmore' class='evocard_box learnmore' data-c='' \n\t\t\t\t\tstyle=''><div class='evo_metarow_learnM evo_metarow_learnmore evorow'>\n\t\t\t\t\t\t\t<a class='evcal_evdata_row evo_clik_row ' href='https:\/\/oberholz.com\/events\/' target=\"_blank\">\n\t\t\t\t\t\t\t\t<span class='evcal_evdata_icons'><i class='fa fa-link'><\/i><\/span>\n\t\t\t\t\t\t\t\t<h3 class='evo_h3'>Entdecke mehr<\/h3>\n\t\t\t\t\t\t\t<\/a>\n\t\t\t\t\t\t\t<\/div><\/div><div id='event_addtocal' class='evocard_box addtocal' data-c='' \n\t\t\t\t\tstyle=''><div class='evo_metarow_ICS evorow evcal_evdata_row'>\n\t\t\t<span class='evcal_evdata_icons'><i class='fa fa-calendar-o'><\/i><\/span>\n\t\t\t<div class='evcal_evdata_cell'>\n\t\t\t\t<p><a href='https:\/\/latemarium.com\/de\/export-events\/2784_32\/?key=f55e99e6ee' rel='nofollow' class='evo_ics_nCal' title='Zu Ihrem Kalender hinzuf\u00fcgen'>Kalender<\/a><a href='https:\/\/www.google.com\/calendar\/event?action=TEMPLATE&text=Oberholz%20Fr%C3%BChst%C3%BCck&dates=20261001T063000Z\/20261001T080000Z&ctz=Europe%2FRome&details=Oberholz%20Fr%C3%BChst%C3%BCck&location=Rifugio%20Oberholz' target='_blank' rel='nofollow' class='evo_ics_gCal' title='Zu Google Kalender hinzuf\u00fcgen'>GoogleCal<\/a><\/p>\t\n\t\t\t<\/div>\n\t\t<\/div><\/div><\/div><!-- row close --><button class='evo_card_row_end evcal_close' title='Schlie\u00dfen'><\/button><\/div><div class='clear end'><\/div><\/div><div id=\"event_2845_13\" class=\"eventon_list_event evo_eventtop scheduled  event clrD no_et event_2845_13\" data-event_id=\"2845\" data-ri=\"13r\" data-time=\"1790838000-1790891940\" data-colr=\"#38823b\" itemscope itemtype='http:\/\/schema.org\/Event'><div class=\"evo_event_schema\" style=\"display:none\" ><a itemprop='url'  href='https:\/\/latemarium.com\/de\/events\/escursione-in-montagna-al-rifugio-torre-di-pisa\/var\/ri-13.l-L2'><\/a><meta itemprop='image' content=\"https:\/\/latemarium.com\/wp-content\/uploads\/2025\/05\/escursione-torre-di-pisa-obereggen.jpg\" \/><meta itemprop='startDate' content=\"2026-10-1T09:00+0:00\" \/><meta itemprop='endDate' content=\"2026-10-1T23:59+0:00\" \/><meta itemprop='eventStatus' content=\"https:\/\/schema.org\/EventScheduled\" \/><meta itemprop='eventAttendanceMode'   itemscope itemtype=\"https:\/\/schema.org\/OfflineEventAttendanceMode\"\/><div style=\"display:none\" itemprop=\"location\" itemscope itemtype=\"http:\/\/schema.org\/Place\"><span itemprop=\"name\">Talstation Obereggen<\/span><span itemprop=\"address\" itemscope itemtype=\"http:\/\/schema.org\/PostalAddress\"><item itemprop=\"streetAddress\">Obereggen 16 I-39050 Deutschnofen (BZ)<\/item><\/span><\/div><script type=\"application\/ld+json\">{\"@context\": \"http:\/\/schema.org\",\"@type\": \"Event\",\n\t\t\t\t\"@id\": \"event_2845_13\",\n\t\t\t\t\"eventAttendanceMode\":\"https:\/\/schema.org\/OfflineEventAttendanceMode\",\n\t\t\t\t\"eventStatus\":\"https:\/\/schema.org\/EventScheduled\",\n\t\t\t\t\"name\": \"Gipfelwanderung zur Latemarh\u00fctte\",\n\t\t\t\t\"url\": \"https:\/\/latemarium.com\/de\/events\/escursione-in-montagna-al-rifugio-torre-di-pisa\/var\/ri-13.l-L2\",\n\t\t\t\t\"startDate\": \"2026-10-1T09:00+0:00\",\n\t\t\t\t\"endDate\": \"2026-10-1T23:59+0:00\",\n\t\t\t\t\"image\":\"https:\/\/latemarium.com\/wp-content\/uploads\/2025\/05\/escursione-torre-di-pisa-obereggen.jpg\", \n\t\t\t\t\"description\":\"<p>Mittelschwere bis schwere, anspruchsvolle Bergwanderung im hochalpinen Gel\u00e4nde im s\u00fcdlichen Latemar- Massiv. Beeindruckende Rundsicht auf die umliegende Bergwelt.<\/p> <p>Route: Auffahrt mit dem Oberholz-Sessellift (1550\u20132100 m) \u2013 Aufstieg auf Weg 18 \u2013 Aussichtsplattform \u2013 Gamsstallscharte (2560 m) \u2013 Weg 516 \u2013 Pisah\u00fctte\/Latemarh\u00fctte (2671 m). Einkehr. Abstieg Weg 516 und Weg 22 \u2013 Bergstation Sessellift Oberholz \u2013 R\u00fcckfahrt.<\/p> <p>Start: 09.00 Uhr in Obereggen<br \/> R\u00fcckkehr: 16.00 Uhr<br \/> Dauer: 7 h | Gehzeit: 6 h<br \/> H\u00f6henunterschied: 750 m<br \/> Schwierigkeit: schwer, anspruchsvoll | Anforderungen: Ausdauer, Trittsicherheit und Schwindelfreiheit |mit Einkehr | die Mitnahme von geeignetem Tourenproviant wird empfohlen<br \/> Sessellift Oberholz: 21,50 \u20ac\/Erwachsene \u2013 17,50 \u20ac\/Junior<\/p> \",\"location\":[{\"@type\":\"Place\",\"name\":\"Talstation Obereggen\",\"address\":{\"@type\": \"PostalAddress\",\"streetAddress\":\"Obereggen 16 I-39050 Deutschnofen (BZ)\"}}]}<\/script><\/div>\r\n\t\t\t\t<p class=\"desc_trig_outter\" style=\"\"><a data-gmtrig=\"1\" data-exlk=\"0\" style=\"background-color: #38823b;\" id=\"evc_17908380002845\" href=\"#\" class=\"hasFtIMG event_repeat desc_trig sin_val evcal_list_a\" data-ux_val=\"3\" data-ux_val_mob=\"-\"  ><span class='evoet_in'><span class='evoet_c1 evoet_cx '><span class='evoet_cy ev_ftImg evotrans imgFxdef' data-img='https:\/\/latemarium.com\/wp-content\/uploads\/2025\/05\/escursione-torre-di-pisa-obereggen.jpg' data-thumb='https:\/\/latemarium.com\/wp-content\/uploads\/2025\/05\/escursione-torre-di-pisa-obereggen-300x182.jpg' style='background-image:url(\"https:\/\/latemarium.com\/wp-content\/uploads\/2025\/05\/escursione-torre-di-pisa-obereggen-300x182.jpg\")' ><\/span><\/span><span class='evoet_c2 evoet_cx '><span class='evoet_dayblock evcal_cblock ' data-bgcolor='#38823b' data-smon='Oktober' data-syr='2026' data-bub=''><span class='evo_start  evofxdrc'><em class='date'>01<\/em><em class='month'>Okt<\/em><em class='time'>09:00<\/em><\/span><\/span><\/span><span class='evoet_c3 evoet_cx evcal_desc hide_eventtopdata '><span class='evoet_title evcal_desc2 evcal_event_title ' itemprop='name'>Gipfelwanderung zur Latemarh\u00fctte<\/span><span class='event_location_attrs evodni'  data-location_address=\"Obereggen 16 I-39050 Deutschnofen (BZ)\" data-location_type=\"lonlat\" data-location_name=\"Talstation Obereggen\" data-location_url=\"https:\/\/latemarium.com\/de\/event-location\/talstation-obereggen\/\" data-location_status=\"true\" data-locid=\"23\" data-latlng=\"46.3835808246333,11.52667595881786\"><\/span><span class='evoet_cy evoet_subtitle evo_below_title' ><span class='evcal_event_subtitle ' >Gipfelwanderung <\/span><\/span><span class='evoet_cy evoet_time_expand level_3'><em class='evcal_time evo_tz_time'><i class='fa fa-clock-o'><\/i>09:00<span class='evo_tz marl5'>(GMT+02:00)<\/span><\/em> <\/span><span class='evoet_location level_3'><em class=\"evcal_location\"  data-latlng=\"46.3835808246333,11.52667595881786\" data-add_str=\"Obereggen 16 I-39050 Deutschnofen (BZ)\" data-n=\"Talstation Obereggen\"><i class=\"fa fa-location-pin\"><\/i><em class=\"event_location_name\">Talstation Obereggen<\/em>, Obereggen 16 I-39050 Deutschnofen (BZ)<\/em><\/span><\/span><\/span><span class='evoet_data' style='display:none' data-d=\"{&quot;loc.n&quot;:&quot;Talstation Obereggen&quot;,&quot;orgs&quot;:[],&quot;tags&quot;:{&quot;repeating&quot;:&quot;Repeating Event&quot;}}\" data-bgc=\"#38823b\" data-bggrad=\"\" ><\/span><\/a><\/p><div class='event_description evcal_eventcard ' style=\"display:none\"><div class='evocard_row'><div id='event_ftimage' class='evocard_box ftimage' data-c='' \n\t\t\t\t\tstyle=''><div class='evocard_main_image_hold' data-t='Loading Image..'><div class='evocard_main_image evo_img_triglb evocd_img_minmized evobr15 evobgsc evobgpc evodfx evofx_jc_c evofx_ai_c evofz48 minmized' style='height:300px; background-image:url();' data-f=\"https:\/\/latemarium.com\/wp-content\/uploads\/2025\/05\/escursione-torre-di-pisa-obereggen.jpg\" data-h=\"755\" data-w=\"1245\" data-ratio=\"0.60642570281124\" data-event_id=\"2845\" data-ri=\"13\"  data-t='Loading Image..'><span style='height:300px; background-image:url(https:\/\/latemarium.com\/wp-content\/uploads\/2025\/05\/escursione-torre-di-pisa-obereggen.jpg)'><\/span><\/div><\/div><\/div><\/div><!-- row close --><div class='evocard_row'><div id='event_eventdetails' class='evocard_box eventdetails' data-c='' \n\t\t\t\t\tstyle=''><div class=\"evo_metarow_details evorow evcal_evdata_row evcal_event_details\">\n    <div class=\"event_excerpt\" style=\"display:none\"><h3 class=\"padb5 evo_h3\">Details zur Veranstaltung<\/h3><p>Mittelschwere bis schwere, anspruchsvolle Bergwanderung im hochalpinen Gel\u00e4nde im s\u00fcdlichen Latemar- Massiv. Beeindruckende Rundsicht auf die umliegende Bergwelt.\nRoute: Auffahrt mit dem Oberholz-Sessellift (1550\u20132100 m) \u2013 Aufstieg auf Weg 18 \u2013<\/p><\/div><span class='evcal_evdata_icons'><i class='fa fa-align-justify'><\/i><\/span>    <div class=\"evcal_evdata_cell shorter_desc\">\n        <div class=\"eventon_full_description\">\n            <h3 class=\"padb5 evo_h3\"><span class='evcal_evdata_icons'><i class='fa fa-align-justify'><\/i><\/span>Details zur Veranstaltung<\/h3>\n            <div class=\"eventon_desc_in\" itemprop=\"description\">\n                <p>Mittelschwere bis schwere, anspruchsvolle Bergwanderung im hochalpinen Gel\u00e4nde im s\u00fcdlichen Latemar- Massiv. Beeindruckende Rundsicht auf die umliegende Bergwelt.<\/p>\n<p>Route: Auffahrt mit dem Oberholz-Sessellift (1550\u20132100 m) \u2013 Aufstieg auf Weg 18 \u2013 Aussichtsplattform \u2013 Gamsstallscharte (2560 m) \u2013 Weg 516 \u2013 Pisah\u00fctte\/Latemarh\u00fctte (2671 m). Einkehr. Abstieg Weg 516 und Weg 22 \u2013 Bergstation Sessellift Oberholz \u2013 R\u00fcckfahrt.<\/p>\n<p>Start: 09.00 Uhr in Obereggen<br \/>\nR\u00fcckkehr: 16.00 Uhr<br \/>\nDauer: 7 h | Gehzeit: 6 h<br \/>\nH\u00f6henunterschied: 750 m<br \/>\nSchwierigkeit: schwer, anspruchsvoll | Anforderungen: Ausdauer, Trittsicherheit und Schwindelfreiheit |mit Einkehr | die Mitnahme von geeignetem Tourenproviant wird empfohlen<br \/>\nSessellift Oberholz: 21,50 \u20ac\/Erwachsene \u2013 17,50 \u20ac\/Junior<\/p>\n            <\/div>\n            <p class='eventon_shad_p' style='padding:5px 0 0; margin:0'><button class='evcal_btn evo_btn_secondary evobtn_details_show_more' content='less' aria-label='Mehr' aria-expanded='false'><span class='ev_more_text' data-txt='Weniger'>Mehr<\/span><span class='ev_more_arrow ard'><\/span><\/button><\/p><div class='clear'><\/div>        <\/div>\n    <\/div>\n<\/div><\/div><\/div><!-- row close --><div class='evocard_row bx2 bx'><div id='event_time' class='evocard_box time' data-c='' \n\t\t\t\t\tstyle=''><div class='evo_metarow_time evorow evcal_evdata_row evcal_evrow_sm '>\n\t\t<span class='evcal_evdata_icons'><i class='fa fa-clock'><\/i><\/span>\n\t\t<div class='evcal_evdata_cell'>\t\t\t\t\t\t\t\n\t\t\t<h3 class='evo_h3'><span class='evcal_evdata_icons'><i class='fa fa-clock'><\/i><\/span>Zeitplan<\/h3><div><span class='evo_eventcard_time_t evogap5 evofxww'><span class=\"start\">1 Oktober 2026<\/span> <span class=\"stime\">09:00<\/span><\/span><span class='evo_tz marr5'>(GMT+02:00)<\/span><\/div>\n\t\t<\/div>\n\t<\/div><\/div><div id='event_location' class='evocard_box location' data-c='' \n\t\t\t\t\tstyle=''><div class='evcal_evdata_row evo_metarow_time_location evorow '>\n\t\t\n\t\t\t<span class='evcal_evdata_icons'><i class='fa fa-map-marker'><\/i><\/span>\n\t\t\t<div class='evcal_evdata_cell' data-loc_tax_id='23'><h3 class='evo_h3 evodfx'><span class='evcal_evdata_icons'><i class='fa fa-map-marker'><\/i><\/span>Ort<\/h3><p class='evo_location_name'>Talstation Obereggen<\/p><p class='evo_location_address evodfxi evogap10'>Obereggen 16 I-39050 Deutschnofen (BZ)<\/p><div class='padt10'><span class='evo_btn_arr evolb_trigger' data-lbvals=\"{&quot;lbdata&quot;:{&quot;class&quot;:&quot;evo_location_lb_23&quot;,&quot;additional_class&quot;:&quot;lb_max&quot;,&quot;title&quot;:&quot;Talstation Obereggen&quot;},&quot;adata&quot;:{&quot;a&quot;:&quot;eventon_get_tax_card_content&quot;,&quot;end&quot;:&quot;client&quot;,&quot;data&quot;:{&quot;lang&quot;:&quot;L2&quot;,&quot;term_id&quot;:23,&quot;tax&quot;:&quot;event_location&quot;,&quot;load_lbcontent&quot;:true}},&quot;uid&quot;:&quot;eventon_get_tax_card_content&quot;}\" >Other Events<i class='fa fa-chevron-right' aria-hidden='true'><\/i><\/span><\/div><\/div>\n\t\t\n\t<\/div><\/div><\/div><!-- row close --><div class='evocard_row bx2 bx'><div id='event_learnmore' class='evocard_box learnmore' data-c='' \n\t\t\t\t\tstyle=''><div class='evo_metarow_learnM evo_metarow_learnmore evorow'>\n\t\t\t\t\t\t\t<a class='evcal_evdata_row evo_clik_row ' href='https:\/\/eggental.com\/de\/event\/gipfelwanderung-zur-latemarhtte_11602' target=\"_blank\">\n\t\t\t\t\t\t\t\t<span class='evcal_evdata_icons'><i class='fa fa-link'><\/i><\/span>\n\t\t\t\t\t\t\t\t<h3 class='evo_h3'>Entdecke mehr<\/h3>\n\t\t\t\t\t\t\t<\/a>\n\t\t\t\t\t\t\t<\/div><\/div><div id='event_addtocal' class='evocard_box addtocal' data-c='' \n\t\t\t\t\tstyle=''><div class='evo_metarow_ICS evorow evcal_evdata_row'>\n\t\t\t<span class='evcal_evdata_icons'><i class='fa fa-calendar-o'><\/i><\/span>\n\t\t\t<div class='evcal_evdata_cell'>\n\t\t\t\t<p><a href='https:\/\/latemarium.com\/de\/export-events\/2845_13\/?key=f55e99e6ee' rel='nofollow' class='evo_ics_nCal' title='Zu Ihrem Kalender hinzuf\u00fcgen'>Kalender<\/a><a href='https:\/\/www.google.com\/calendar\/event?action=TEMPLATE&text=Gipfelwanderung%20zur%20Latemarh%C3%BCtte&dates=20261001T070000Z\/20261001T215900Z&ctz=Europe%2FRome&details=Gipfelwanderung%20zur%20Latemarh%C3%BCtte&location=Talstation%20Obereggen%20Obereggen%2016%20I-39050%20Deutschnofen%20%28BZ%29' target='_blank' rel='nofollow' class='evo_ics_gCal' title='Zu Google Kalender hinzuf\u00fcgen'>GoogleCal<\/a><\/p>\t\n\t\t\t<\/div>\n\t\t<\/div><\/div><\/div><!-- row close --><div class='evocard_row'><div id='event_getdirection' class='evocard_box getdirection' data-c='' \n\t\t\t\t\tstyle=''><div class='evo_metarow_getDr evorow evcal_evdata_row evcal_evrow_sm getdirections'>\n\t\t<form action='https:\/\/maps.google.com\/maps' method='get' target='_blank'>\n\t\t\t<input type='hidden' name='daddr' value=\"46.3835808246333,11.52667595881786\"\/> \n\t\t\t<div class='evo_get_direction_content evo_fx_dr_r evogap10'>\n\t\t\t\t<span class='evogetdir_header evodfx evofxdrr evofxaic evogap10'>\n\t\t\t\t\t<i class='mainicon fa fa-road evofz24i'><\/i> \n\t\t\t\t\t<h3 class='evo_h3 evopad0i' style='padding-bottom:5px;'>Wegbeschreibung abrufen<\/h3>\n\t\t\t\t<\/span>\n\t\t\t\t<span class='evogetdir_field evodfx evofx_1_1 evow100p'>\t\n\t\t\t\t\t<label for='6a9c46be635c5' class='evo_aria_ready sr-only'>Address - Gipfelwanderung zur Latemarh\u00fctte []<\/label>\t\t\t\t\n\t\t\t\t\t<input id='6a9c46be635c5' class='evo_aria_ready_match evoInput2 evobr10 evow100p evopad10 evoff_2 evofz14i evobrdB1 evoboxbb' type='text' name='saddr' placeholder='&quot;Geben Sie die Adresse ein' value='' style='' aria-label='Address - Gipfelwanderung zur Latemarh\u00fctte []' \/>\n\t\t\t\t<\/span>\n\t\t\t\t<div class='evodfx evofxdrr evofxaic evogap10'>\n\t\t\t\t\t<i class='fa fa-location-dot'><\/i>\n\t\t\t\t\t<div class='evoposr evofx_1 evoh100p'><label for='6a9c46be635c5' class='evo_aria_ready sr-only'>Destination Address - Gipfelwanderung zur Latemarh\u00fctte []<\/label>\t\t\n\t\t\t\t\t\t<input id='6a9c46be635c5' class='evo_aria_ready_match evoInput2 evobr10 evow100p evopad5-10 evoff_2 evofz14i evobrdB1 evoop5 evoboxbb evoh100p' type='text' style='' readonly value='Obereggen 16 I-39050 Deutschnofen (BZ)' aria-label='Destination Address - Gipfelwanderung zur Latemarh\u00fctte []'\/><button class='evo_copy_address evobuttonA evocurp evohoop7 evoposa evopad5' style='right: 3px; top: 4px; background-color: #fff;' data-txt='46.3835808246333,11.52667595881786' data-t='Address copied to clipboard!'><i class='far fa-copy evofz16i' title='Copy Destination Address!'><\/i><\/button>\n\t\t\t\t\t<\/div>\n\t\t\t\t\t<button type='submit' class='evo_get_direction_button evcal_btn dfx evofxaic evocurp evohoop7' title='&quot;Klicken Sie hier' style='    padding: 10px 15px !important;'><i class='fa fa-chevron-right'><\/i> <\/button>\n\t\t\t\t<\/div>\n\t\t\t<\/div>\n\t\t<\/form>\n\t<\/div><\/div><\/div><!-- row close --><button class='evo_card_row_end evcal_close' title='Schlie\u00dfen'><\/button><\/div><div class='clear end'><\/div><\/div><div id=\"event_2784_33\" class=\"eventon_list_event evo_eventtop scheduled  event clrD event_2784_33\" data-event_id=\"2784\" data-ri=\"33r\" data-time=\"1791009000-1791014400\" data-colr=\"#006290\" itemscope itemtype='http:\/\/schema.org\/Event'><div class=\"evo_event_schema\" style=\"display:none\" ><a itemprop='url'  href='https:\/\/latemarium.com\/de\/events\/oberholz-fruehstueck\/var\/ri-33.l-L2'><\/a><meta itemprop='image' content=\"https:\/\/latemarium.com\/wp-content\/uploads\/2025\/05\/colazione-al-rifugio-oberholz.jpg\" \/><meta itemprop='startDate' content=\"2026-10-3T08:30+0:00\" \/><meta itemprop='endDate' content=\"2026-10-3T10:00+0:00\" \/><meta itemprop='eventStatus' content=\"https:\/\/schema.org\/EventScheduled\" \/><meta itemprop='eventAttendanceMode'   itemscope itemtype=\"https:\/\/schema.org\/OfflineEventAttendanceMode\"\/><script type=\"application\/ld+json\">{\"@context\": \"http:\/\/schema.org\",\"@type\": \"Event\",\n\t\t\t\t\"@id\": \"event_2784_33\",\n\t\t\t\t\"eventAttendanceMode\":\"https:\/\/schema.org\/OfflineEventAttendanceMode\",\n\t\t\t\t\"eventStatus\":\"https:\/\/schema.org\/EventScheduled\",\n\t\t\t\t\"name\": \"Oberholz Fr\u00fchst\u00fcck\",\n\t\t\t\t\"url\": \"https:\/\/latemarium.com\/de\/events\/oberholz-fruehstueck\/var\/ri-33.l-L2\",\n\t\t\t\t\"startDate\": \"2026-10-3T08:30+0:00\",\n\t\t\t\t\"endDate\": \"2026-10-3T10:00+0:00\",\n\t\t\t\t\"image\":\"https:\/\/latemarium.com\/wp-content\/uploads\/2025\/05\/colazione-al-rifugio-oberholz.jpg\", \n\t\t\t\t\"description\":\"<p>Fr\u00fchst\u00fcck auf der Bergh\u00fctte Oberholz auf 2.096 m<br \/> Jeden Donnerstag und Samstag<\/p> <p>Das w\u00f6chentliche Highlight unterm Latemar findet jeden Donnerstag und Samstag von 8:30 bis 10:00 Uhr statt. Das umfangreiche Genusserlebnis \u201eFr\u00fchst\u00fcck auf der Oberholz\u201c inklusive der Berg- und Talfahrt kostet f\u00fcr Erwachsene 34 Euro, Jugendliche unter 12 Jahren bezahlen 27 Euro, Kinder unter 6 sind kostenlos.<\/p> <p>Zur Bergh\u00fctte und zur\u00fcck ins Tal geht es mit dem Panorama-Sessellift Obereggen-Oberholz (Auffahrt ab 08:30, letzte R\u00fcckfahrt 18.00 Uhr).<br \/> Eine Reservierung ist erforderlich: oberholz@latemar.it\u00a00471 618299<\/p> \"}<\/script><\/div>\r\n\t\t\t\t<p class=\"desc_trig_outter\" style=\"\"><a data-gmap_status=\"null\" data-exlk=\"0\" style=\"background-color: #006290;\" id=\"evc_17910090002784\" href=\"#\" class=\"hasFtIMG event_repeat desc_trig sin_val evcal_list_a\" data-ux_val=\"3\" data-ux_val_mob=\"-\"  ><span class='evoet_in'><span class='evoet_c1 evoet_cx '><span class='evoet_cy ev_ftImg evotrans imgFxdef' data-img='https:\/\/latemarium.com\/wp-content\/uploads\/2025\/05\/colazione-al-rifugio-oberholz.jpg' data-thumb='https:\/\/latemarium.com\/wp-content\/uploads\/2025\/05\/colazione-al-rifugio-oberholz-300x200.jpg' style='background-image:url(\"https:\/\/latemarium.com\/wp-content\/uploads\/2025\/05\/colazione-al-rifugio-oberholz-300x200.jpg\")' ><\/span><\/span><span class='evoet_c2 evoet_cx '><span class='evoet_dayblock evcal_cblock ' data-bgcolor='#006290' data-smon='Oktober' data-syr='2026' data-bub=''><span class='evo_start  evofxdrc'><em class='date'>03<\/em><em class='month'>Okt<\/em><em class='time'>08:30<\/em><\/span><span class='evo_end only_time evofxdrc'><em class='time'>10:00<\/em><\/span><\/span><\/span><span class='evoet_c3 evoet_cx evcal_desc hide_eventtopdata '><span class='evoet_title evcal_desc2 evcal_event_title ' itemprop='name'>Oberholz Fr\u00fchst\u00fcck<\/span><span class='evoet_cy evoet_subtitle evo_below_title' ><span class='evcal_event_subtitle ' >Oberholz Fr\u00fchst\u00fcck<\/span><\/span><span class='evoet_cy evoet_time_expand level_3'><em class='evcal_time evo_tz_time'><i class='fa fa-clock-o'><\/i>08:30 - 10:00<span class='evo_tz marl5'>(GMT+02:00)<\/span><\/em> <\/span><span class='evoet_location level_3'><em class=\"evcal_location\"  data-add_str=\"\" data-n=\"Rifugio Oberholz\"><i class=\"fa fa-location-pin\"><\/i><em class=\"event_location_name\">Rifugio Oberholz<\/em><\/em><\/span><\/span><\/span><span class='evoet_data' style='display:none' data-d=\"{&quot;loc.n&quot;:&quot;Rifugio Oberholz&quot;,&quot;orgs&quot;:[],&quot;tags&quot;:{&quot;repeating&quot;:&quot;Repeating Event&quot;}}\" data-bgc=\"#006290\" data-bggrad=\"\" ><\/span><\/a><\/p><div class='event_description evcal_eventcard ' style=\"display:none\"><div class='evocard_row'><div id='event_ftimage' class='evocard_box ftimage' data-c='' \n\t\t\t\t\tstyle=''><div class='evocard_main_image_hold' data-t='Loading Image..'><div class='evocard_main_image evo_img_triglb evocd_img_minmized evobr15 evobgsc evobgpc evodfx evofx_jc_c evofx_ai_c evofz48 minmized' style='height:300px; background-image:url();' data-f=\"https:\/\/latemarium.com\/wp-content\/uploads\/2025\/05\/colazione-al-rifugio-oberholz.jpg\" data-h=\"1575\" data-w=\"2360\" data-ratio=\"0.66737288135593\" data-event_id=\"2784\" data-ri=\"33\"  data-t='Loading Image..'><span style='height:300px; background-image:url(https:\/\/latemarium.com\/wp-content\/uploads\/2025\/05\/colazione-al-rifugio-oberholz.jpg)'><\/span><\/div><\/div><\/div><\/div><!-- row close --><div class='evocard_row'><div id='event_eventdetails' class='evocard_box eventdetails' data-c='' \n\t\t\t\t\tstyle=''><div class=\"evo_metarow_details evorow evcal_evdata_row evcal_event_details\">\n    <div class=\"event_excerpt\" style=\"display:none\"><h3 class=\"padb5 evo_h3\">Details zur Veranstaltung<\/h3><p>Fr\u00fchst\u00fcck auf der Bergh\u00fctte Oberholz auf 2.096 m\nJeden Donnerstag und Samstag\nDas w\u00f6chentliche Highlight unterm Latemar findet jeden Donnerstag und Samstag von 8:30 bis 10:00 Uhr statt. Das umfangreiche Genusserlebnis<\/p><\/div><span class='evcal_evdata_icons'><i class='fa fa-align-justify'><\/i><\/span>    <div class=\"evcal_evdata_cell shorter_desc\">\n        <div class=\"eventon_full_description\">\n            <h3 class=\"padb5 evo_h3\"><span class='evcal_evdata_icons'><i class='fa fa-align-justify'><\/i><\/span>Details zur Veranstaltung<\/h3>\n            <div class=\"eventon_desc_in\" itemprop=\"description\">\n                <p>Fr\u00fchst\u00fcck auf der Bergh\u00fctte Oberholz auf 2.096 m<br \/>\nJeden Donnerstag und Samstag<\/p>\n<p>Das w\u00f6chentliche Highlight unterm Latemar findet jeden Donnerstag und Samstag von 8:30 bis 10:00 Uhr statt. Das umfangreiche Genusserlebnis \u201eFr\u00fchst\u00fcck auf der Oberholz\u201c inklusive der Berg- und Talfahrt kostet f\u00fcr Erwachsene 34 Euro, Jugendliche unter 12 Jahren bezahlen 27 Euro, Kinder unter 6 sind kostenlos.<\/p>\n<p>Zur Bergh\u00fctte und zur\u00fcck ins Tal geht es mit dem Panorama-Sessellift Obereggen-Oberholz (Auffahrt ab 08:30, letzte R\u00fcckfahrt 18.00 Uhr).<br \/>\nEine Reservierung ist erforderlich: oberholz@latemar.it\u00a00471 618299<\/p>\n            <\/div>\n            <p class='eventon_shad_p' style='padding:5px 0 0; margin:0'><button class='evcal_btn evo_btn_secondary evobtn_details_show_more' content='less' aria-label='Mehr' aria-expanded='false'><span class='ev_more_text' data-txt='Weniger'>Mehr<\/span><span class='ev_more_arrow ard'><\/span><\/button><\/p><div class='clear'><\/div>        <\/div>\n    <\/div>\n<\/div><\/div><\/div><!-- row close --><div class='evocard_row bx2 bx'><div id='event_time' class='evocard_box time' data-c='' \n\t\t\t\t\tstyle=''><div class='evo_metarow_time evorow evcal_evdata_row evcal_evrow_sm '>\n\t\t<span class='evcal_evdata_icons'><i class='fa fa-clock'><\/i><\/span>\n\t\t<div class='evcal_evdata_cell'>\t\t\t\t\t\t\t\n\t\t\t<h3 class='evo_h3'><span class='evcal_evdata_icons'><i class='fa fa-clock'><\/i><\/span>Zeitplan<\/h3><div><span class='evo_eventcard_time_t evogap5 evofxww'><span class=\"start\">3 Oktober 2026<\/span> <span class=\"stime\">08:30<\/span> - <span class=\"etime\">10:00<\/span><\/span><span class='evo_tz marr5'>(GMT+02:00)<\/span><\/div>\n\t\t<\/div>\n\t<\/div><\/div><div id='event_location' class='evocard_box location' data-c='' \n\t\t\t\t\tstyle=''><div class='evcal_evdata_row evo_metarow_time_location evorow '>\n\t\t\n\t\t\t<span class='evcal_evdata_icons'><i class='fa fa-map-marker'><\/i><\/span>\n\t\t\t<div class='evcal_evdata_cell' data-loc_tax_id='60'><h3 class='evo_h3 evodfx'><span class='evcal_evdata_icons'><i class='fa fa-map-marker'><\/i><\/span>Ort<\/h3><p class='evo_location_name'>Rifugio Oberholz<\/p><div class='padt10'><span class='evo_btn_arr evolb_trigger' data-lbvals=\"{&quot;lbdata&quot;:{&quot;class&quot;:&quot;evo_location_lb_60&quot;,&quot;additional_class&quot;:&quot;lb_max&quot;,&quot;title&quot;:&quot;Rifugio Oberholz&quot;},&quot;adata&quot;:{&quot;a&quot;:&quot;eventon_get_tax_card_content&quot;,&quot;end&quot;:&quot;client&quot;,&quot;data&quot;:{&quot;lang&quot;:&quot;L2&quot;,&quot;term_id&quot;:60,&quot;tax&quot;:&quot;event_location&quot;,&quot;load_lbcontent&quot;:true}},&quot;uid&quot;:&quot;eventon_get_tax_card_content&quot;}\" >Other Events<i class='fa fa-chevron-right' aria-hidden='true'><\/i><\/span><\/div><\/div>\n\t\t\n\t<\/div><\/div><\/div><!-- row close --><div class='evocard_row bx2 bx'><div id='event_learnmore' class='evocard_box learnmore' data-c='' \n\t\t\t\t\tstyle=''><div class='evo_metarow_learnM evo_metarow_learnmore evorow'>\n\t\t\t\t\t\t\t<a class='evcal_evdata_row evo_clik_row ' href='https:\/\/oberholz.com\/events\/' target=\"_blank\">\n\t\t\t\t\t\t\t\t<span class='evcal_evdata_icons'><i class='fa fa-link'><\/i><\/span>\n\t\t\t\t\t\t\t\t<h3 class='evo_h3'>Entdecke mehr<\/h3>\n\t\t\t\t\t\t\t<\/a>\n\t\t\t\t\t\t\t<\/div><\/div><div id='event_addtocal' class='evocard_box addtocal' data-c='' \n\t\t\t\t\tstyle=''><div class='evo_metarow_ICS evorow evcal_evdata_row'>\n\t\t\t<span class='evcal_evdata_icons'><i class='fa fa-calendar-o'><\/i><\/span>\n\t\t\t<div class='evcal_evdata_cell'>\n\t\t\t\t<p><a href='https:\/\/latemarium.com\/de\/export-events\/2784_33\/?key=f55e99e6ee' rel='nofollow' class='evo_ics_nCal' title='Zu Ihrem Kalender hinzuf\u00fcgen'>Kalender<\/a><a href='https:\/\/www.google.com\/calendar\/event?action=TEMPLATE&text=Oberholz%20Fr%C3%BChst%C3%BCck&dates=20261003T063000Z\/20261003T080000Z&ctz=Europe%2FRome&details=Oberholz%20Fr%C3%BChst%C3%BCck&location=Rifugio%20Oberholz' target='_blank' rel='nofollow' class='evo_ics_gCal' title='Zu Google Kalender hinzuf\u00fcgen'>GoogleCal<\/a><\/p>\t\n\t\t\t<\/div>\n\t\t<\/div><\/div><\/div><!-- row close --><button class='evo_card_row_end evcal_close' title='Schlie\u00dfen'><\/button><\/div><div class='clear end'><\/div><\/div><\/div><div class='evcal_month_line' data-d='eml_11_2026' data-su='1793487600'><p>November<\/p><\/div><div class='sep_month_events no_event' data-d='eml_11_2026' data-range='1793487600_1796079599'><div class='eventon_list_event no_events'><p class='no_events' >No Events<\/p><\/div><\/div><div class='evcal_month_line' data-d='eml_12_2026' data-su='1796079600'><p>Dezember<\/p><\/div><div class='sep_month_events no_event' data-d='eml_12_2026' data-range='1796079600_1798757999'><div class='eventon_list_event no_events'><p class='no_events' >No Events<\/p><\/div><\/div>\t\t\t<\/div>\r\n\t\t\t<\/div><!-- evo_events_list_box -->\t\r\n\t\t\t<div class='clear'><\/div>\r\n\t\t\t\t\t \t<div id='evcal_footer' class='evo_bottom' style='display:none'>\r\n\t\t \t\t<div class='evo_cal_data' data-sc=\"{&quot;accord&quot;:&quot;no&quot;,&quot;bottom_nav&quot;:&quot;no&quot;,&quot;cal_id&quot;:&quot;&quot;,&quot;cal_init_nonajax&quot;:&quot;no&quot;,&quot;calendar_type&quot;:&quot;list&quot;,&quot;day_incre&quot;:0,&quot;ep_fields&quot;:&quot;&quot;,&quot;etc_override&quot;:&quot;no&quot;,&quot;evc_open&quot;:&quot;no&quot;,&quot;event_count&quot;:0,&quot;event_location&quot;:&quot;all&quot;,&quot;event_order&quot;:&quot;ASC&quot;,&quot;event_organizer&quot;:&quot;all&quot;,&quot;event_parts&quot;:&quot;no&quot;,&quot;event_past_future&quot;:&quot;all&quot;,&quot;event_status&quot;:&quot;all&quot;,&quot;event_tag&quot;:&quot;all&quot;,&quot;event_type&quot;:&quot;all&quot;,&quot;event_type_2&quot;:&quot;all&quot;,&quot;event_virtual&quot;:&quot;all&quot;,&quot;eventtop_date_style&quot;:0,&quot;eventtop_style&quot;:&quot;2&quot;,&quot;exp_jumper&quot;:&quot;no&quot;,&quot;exp_so&quot;:&quot;no&quot;,&quot;filter_relationship&quot;:&quot;AND&quot;,&quot;filter_show_set_only&quot;:&quot;no&quot;,&quot;filter_style&quot;:&quot;default&quot;,&quot;filter_type&quot;:&quot;default&quot;,&quot;filters&quot;:&quot;yes&quot;,&quot;fixed_day&quot;:&quot;5&quot;,&quot;fixed_month&quot;:&quot;9&quot;,&quot;fixed_year&quot;:&quot;2026&quot;,&quot;focus_end_date_range&quot;:&quot;1798757999&quot;,&quot;focus_start_date_range&quot;:&quot;1788213600&quot;,&quot;ft_event_priority&quot;:&quot;no&quot;,&quot;grid_ux&quot;:0,&quot;heat&quot;:&quot;no&quot;,&quot;hide_arrows&quot;:&quot;no&quot;,&quot;hide_cancels&quot;:&quot;no&quot;,&quot;hide_empty_months&quot;:&quot;no&quot;,&quot;hide_end_time&quot;:&quot;no&quot;,&quot;hide_et_dn&quot;:&quot;no&quot;,&quot;hide_et_extra&quot;:&quot;no&quot;,&quot;hide_et_tags&quot;:&quot;no&quot;,&quot;hide_et_tl&quot;:&quot;no&quot;,&quot;hide_ft&quot;:&quot;no&quot;,&quot;hide_ft_img&quot;:&quot;no&quot;,&quot;hide_month_headers&quot;:&quot;no&quot;,&quot;hide_mult_occur&quot;:&quot;no&quot;,&quot;hide_past&quot;:&quot;no&quot;,&quot;hide_past_by&quot;:&quot;ee&quot;,&quot;hide_so&quot;:&quot;no&quot;,&quot;hide_sort_options&quot;:&quot;no&quot;,&quot;hover&quot;:&quot;number&quot;,&quot;ics&quot;:&quot;no&quot;,&quot;jumper&quot;:&quot;no&quot;,&quot;jumper_count&quot;:5,&quot;jumper_offset&quot;:&quot;0&quot;,&quot;lang&quot;:&quot;L2&quot;,&quot;layout_changer&quot;:&quot;no&quot;,&quot;livenow_bar&quot;:&quot;yes&quot;,&quot;load_fullmonth&quot;:&quot;no&quot;,&quot;mapformat&quot;:&quot;roadmap&quot;,&quot;mapiconurl&quot;:&quot;&quot;,&quot;maps_load&quot;:&quot;yes&quot;,&quot;mapscroll&quot;:&quot;true&quot;,&quot;mapzoom&quot;:&quot;18&quot;,&quot;members_only&quot;:&quot;no&quot;,&quot;ml_priority&quot;:&quot;no&quot;,&quot;ml_toend&quot;:&quot;no&quot;,&quot;mo1st&quot;:&quot;&quot;,&quot;month_incre&quot;:0,&quot;nexttogrid&quot;:&quot;no&quot;,&quot;number_of_months&quot;:&quot;4&quot;,&quot;only_ft&quot;:&quot;no&quot;,&quot;pec&quot;:&quot;&quot;,&quot;s&quot;:&quot;&quot;,&quot;search&quot;:&quot;&quot;,&quot;search_all&quot;:&quot;no&quot;,&quot;sep_month&quot;:&quot;yes&quot;,&quot;show_et_ft_img&quot;:&quot;yes&quot;,&quot;show_limit&quot;:&quot;no&quot;,&quot;show_limit_ajax&quot;:&quot;no&quot;,&quot;show_limit_paged&quot;:1,&quot;show_limit_redir&quot;:&quot;&quot;,&quot;show_repeats&quot;:&quot;no&quot;,&quot;show_search&quot;:&quot;no&quot;,&quot;show_upcoming&quot;:0,&quot;show_year&quot;:&quot;no&quot;,&quot;social_share&quot;:&quot;no&quot;,&quot;sort_by&quot;:&quot;sort_date&quot;,&quot;style&quot;:&quot;&quot;,&quot;tile_bg&quot;:0,&quot;tile_bg_size&quot;:&quot;full&quot;,&quot;tile_count&quot;:2,&quot;tile_height&quot;:0,&quot;tile_style&quot;:0,&quot;tiles&quot;:&quot;no&quot;,&quot;ux_val&quot;:&quot;0&quot;,&quot;view_switcher&quot;:&quot;no&quot;,&quot;wpml_l1&quot;:&quot;&quot;,&quot;wpml_l2&quot;:&quot;&quot;,&quot;wpml_l3&quot;:&quot;&quot;,&quot;x_ids&quot;:&quot;&quot;,&quot;yl_priority&quot;:&quot;no&quot;,&quot;yl_toend&quot;:&quot;no&quot;,&quot;_cver&quot;:&quot;5.0.10&quot;}\" data-filter_data=\"{&quot;event_location&quot;:{&quot;__name&quot;:&quot;Ort der Veranstaltung&quot;,&quot;__tax&quot;:&quot;event_location&quot;,&quot;__filter_type&quot;:&quot;tax&quot;,&quot;__def_val&quot;:[&quot;all&quot;],&quot;__invals&quot;:[&quot;all&quot;],&quot;__notvals&quot;:[],&quot;__list&quot;:{&quot;all&quot;:[&quot;all&quot;,&quot;Alle&quot;],&quot;anfiteatro-gardone-de&quot;:[47,&quot;Anfiteatro Gardon\\u00e8&quot;,false,&quot;y&quot;,&quot;&quot;],&quot;berghuette-monte-agnello&quot;:[25,&quot;Bergh\\u00fctte Monte Agnello&quot;,false,&quot;y&quot;,&quot;&quot;],&quot;obereggen-de&quot;:[63,&quot;Obereggen&quot;,false,&quot;y&quot;,&quot;&quot;],&quot;pampeago-de&quot;:[32,&quot;Pampeago&quot;,false,&quot;y&quot;,&quot;&quot;],&quot;predazzo-impianti-latemar-de&quot;:[29,&quot;Predazzo-Impianti Latemar&quot;,false,&quot;y&quot;,&quot;&quot;],&quot;rifugio-oberholz-de&quot;:[60,&quot;Rifugio Oberholz&quot;,false,&quot;y&quot;,&quot;&quot;],&quot;seilbahn-ankunft-predazzo-gardone&quot;:[36,&quot;Seilbahn Ankunft Predazzo-Gardon\\u00e8&quot;,false,&quot;y&quot;,&quot;&quot;],&quot;sessellift-ankunft-gardone-passo-feudo&quot;:[39,&quot;Sessellift Ankunft Gardon\\u00e8-Passo Feudo&quot;,false,&quot;y&quot;,&quot;&quot;],&quot;talstation-obereggen&quot;:[23,&quot;Talstation Obereggen&quot;,false,&quot;y&quot;,&quot;&quot;],&quot;teatro-del-latemar-de&quot;:[41,&quot;Teatro del Latemar&quot;,false,&quot;y&quot;,&quot;&quot;]},&quot;nterms&quot;:[&quot;all&quot;],&quot;tterms&quot;:[&quot;all&quot;],&quot;terms&quot;:[&quot;all&quot;]}}\" data-nav_data=\"{&quot;month_title&quot;:&quot;&lt;p id=&#039;evcal_cur&#039; class=&#039;evo_month_title padr10&#039;&gt; September, 2026&lt;\\\/p&gt;&quot;,&quot;arrows&quot;:&quot;&lt;p class=&#039;evo_arrows&#039;&gt;\\r\\n\\t\\t\\t\\t\\t&lt;button id=&#039;evcal_prev&#039; class=&#039;evcal_arrows evcal_btn_prev evodfx evofx_jc_c evofx_ai_c&#039; aria-label=&#039;Previous Month&#039;&gt;&lt;i class=&#039;fa fa-chevron-left&#039; aria-hidden=&#039;true&#039;&gt;&lt;\\\/i&gt;&lt;\\\/button&gt;\\r\\n\\t\\t\\t\\t\\t&lt;button id=&#039;evcal_next&#039; class=&#039;evcal_arrows evo_arrow_next evcal_btn_next evodfx evofx_jc_c evofx_ai_c&#039; aria-label=&#039;Next Month&#039;&gt;&lt;i class=&#039;fa fa-chevron-right&#039; aria-hidden=&#039;true&#039;&gt;&lt;\\\/i&gt;&lt;\\\/button&gt;\\r\\n\\t\\t\\t\\t\\t&lt;\\\/p&gt;&quot;}\" data-od=\"{&quot;lang_no_events&quot;:&quot;No Events&quot;,&quot;cal_tz_offset&quot;:120,&quot;cal_tz&quot;:&quot;Europe\\\/Rome&quot;}\" ><\/div>\r\n\t\t \t\t<div class='evo_cal_events' data-events=\"\"><\/div>\r\n\t\t \t<\/div>\r\n\t\t\t\t\r\n\t\t\t\r\n\t\t\t\t\t\t<\/div><!-- EventON End -->\r\n\t\t\t\n","protected":false},"excerpt":{"rendered":"<p>Alle Veranstaltungen sind f\u00fcr den Sommer 2023 geplant.<\/p>\n","protected":false},"author":1,"featured_media":2055,"parent":0,"menu_order":0,"comment_status":"closed","ping_status":"closed","template":"","meta":{"footnotes":""},"class_list":["post-2102","page","type-page","status-publish","has-post-thumbnail","hentry"],"yoast_head":"<!-- This site is optimized with the Yoast SEO plugin v27.6 - https:\/\/yoast.com\/product\/yoast-seo-wordpress\/ -->\n<title>Liste der Veranstaltungen und Aktivit\u00e4ten - Latemarium<\/title>\n<meta name=\"robots\" content=\"index, follow, max-snippet:-1, max-image-preview:large, max-video-preview:-1\" \/>\n<link rel=\"canonical\" href=\"https:\/\/latemarium.com\/de\/liste-der-veranstaltungen-und-aktivitaeten\/\" \/>\n<meta property=\"og:locale\" content=\"de_DE\" \/>\n<meta property=\"og:type\" content=\"article\" \/>\n<meta property=\"og:title\" content=\"Liste der Veranstaltungen und Aktivit\u00e4ten - Latemarium\" \/>\n<meta property=\"og:description\" content=\"Alle Veranstaltungen sind f\u00fcr den Sommer 2023 geplant.\" \/>\n<meta property=\"og:url\" content=\"https:\/\/latemarium.com\/de\/liste-der-veranstaltungen-und-aktivitaeten\/\" \/>\n<meta property=\"og:site_name\" content=\"Latemarium\" \/>\n<meta property=\"article:modified_time\" content=\"2023-06-08T07:55:12+00:00\" \/>\n<meta property=\"og:image\" content=\"https:\/\/latemarium.com\/wp-content\/uploads\/2023\/06\/1405_Obereggen_Latemar.ium_Ph.Erich_.Niedermair.jpg\" \/>\n\t<meta property=\"og:image:width\" content=\"2000\" \/>\n\t<meta property=\"og:image:height\" content=\"1500\" \/>\n\t<meta property=\"og:image:type\" content=\"image\/jpeg\" \/>\n<meta name=\"twitter:card\" content=\"summary_large_image\" \/>\n<meta name=\"twitter:label1\" content=\"Est. reading time\" \/>\n\t<meta name=\"twitter:data1\" content=\"1 minute\" \/>\n<script type=\"application\/ld+json\" class=\"yoast-schema-graph\">{\"@context\":\"https:\\\/\\\/schema.org\",\"@graph\":[{\"@type\":\"WebPage\",\"@id\":\"https:\\\/\\\/latemarium.com\\\/de\\\/liste-der-veranstaltungen-und-aktivitaeten\\\/\",\"url\":\"https:\\\/\\\/latemarium.com\\\/de\\\/liste-der-veranstaltungen-und-aktivitaeten\\\/\",\"name\":\"Liste der Veranstaltungen und Aktivit\u00e4ten - Latemarium\",\"isPartOf\":{\"@id\":\"https:\\\/\\\/latemarium.com\\\/it\\\/#website\"},\"primaryImageOfPage\":{\"@id\":\"https:\\\/\\\/latemarium.com\\\/de\\\/liste-der-veranstaltungen-und-aktivitaeten\\\/#primaryimage\"},\"image\":{\"@id\":\"https:\\\/\\\/latemarium.com\\\/de\\\/liste-der-veranstaltungen-und-aktivitaeten\\\/#primaryimage\"},\"thumbnailUrl\":\"https:\\\/\\\/latemarium.com\\\/wp-content\\\/uploads\\\/2023\\\/06\\\/1405_Obereggen_Latemar.ium_Ph.Erich_.Niedermair.jpg\",\"datePublished\":\"2023-06-06T16:23:46+00:00\",\"dateModified\":\"2023-06-08T07:55:12+00:00\",\"breadcrumb\":{\"@id\":\"https:\\\/\\\/latemarium.com\\\/de\\\/liste-der-veranstaltungen-und-aktivitaeten\\\/#breadcrumb\"},\"inLanguage\":\"de-DE\",\"potentialAction\":[{\"@type\":\"ReadAction\",\"target\":[\"https:\\\/\\\/latemarium.com\\\/de\\\/liste-der-veranstaltungen-und-aktivitaeten\\\/\"]}]},{\"@type\":\"ImageObject\",\"inLanguage\":\"de-DE\",\"@id\":\"https:\\\/\\\/latemarium.com\\\/de\\\/liste-der-veranstaltungen-und-aktivitaeten\\\/#primaryimage\",\"url\":\"https:\\\/\\\/latemarium.com\\\/wp-content\\\/uploads\\\/2023\\\/06\\\/1405_Obereggen_Latemar.ium_Ph.Erich_.Niedermair.jpg\",\"contentUrl\":\"https:\\\/\\\/latemarium.com\\\/wp-content\\\/uploads\\\/2023\\\/06\\\/1405_Obereggen_Latemar.ium_Ph.Erich_.Niedermair.jpg\",\"width\":2000,\"height\":1500},{\"@type\":\"BreadcrumbList\",\"@id\":\"https:\\\/\\\/latemarium.com\\\/de\\\/liste-der-veranstaltungen-und-aktivitaeten\\\/#breadcrumb\",\"itemListElement\":[{\"@type\":\"ListItem\",\"position\":1,\"name\":\"Home\",\"item\":\"https:\\\/\\\/latemarium.com\\\/de\\\/\"},{\"@type\":\"ListItem\",\"position\":2,\"name\":\"Liste der Veranstaltungen und Aktivit\u00e4ten\"}]},{\"@type\":\"WebSite\",\"@id\":\"https:\\\/\\\/latemarium.com\\\/it\\\/#website\",\"url\":\"https:\\\/\\\/latemarium.com\\\/it\\\/\",\"name\":\"Latemarium\",\"description\":\"Un regno di emozioni\",\"potentialAction\":[{\"@type\":\"SearchAction\",\"target\":{\"@type\":\"EntryPoint\",\"urlTemplate\":\"https:\\\/\\\/latemarium.com\\\/it\\\/?s={search_term_string}\"},\"query-input\":{\"@type\":\"PropertyValueSpecification\",\"valueRequired\":true,\"valueName\":\"search_term_string\"}}],\"inLanguage\":\"de-DE\"}]}<\/script>\n<!-- \/ Yoast SEO plugin. -->","yoast_head_json":{"title":"Liste der Veranstaltungen und Aktivit\u00e4ten - Latemarium","robots":{"index":"index","follow":"follow","max-snippet":"max-snippet:-1","max-image-preview":"max-image-preview:large","max-video-preview":"max-video-preview:-1"},"canonical":"https:\/\/latemarium.com\/de\/liste-der-veranstaltungen-und-aktivitaeten\/","og_locale":"de_DE","og_type":"article","og_title":"Liste der Veranstaltungen und Aktivit\u00e4ten - Latemarium","og_description":"Alle Veranstaltungen sind f\u00fcr den Sommer 2023 geplant.","og_url":"https:\/\/latemarium.com\/de\/liste-der-veranstaltungen-und-aktivitaeten\/","og_site_name":"Latemarium","article_modified_time":"2023-06-08T07:55:12+00:00","og_image":[{"width":2000,"height":1500,"url":"https:\/\/latemarium.com\/wp-content\/uploads\/2023\/06\/1405_Obereggen_Latemar.ium_Ph.Erich_.Niedermair.jpg","type":"image\/jpeg"}],"twitter_card":"summary_large_image","twitter_misc":{"Est. reading time":"1 minute"},"schema":{"@context":"https:\/\/schema.org","@graph":[{"@type":"WebPage","@id":"https:\/\/latemarium.com\/de\/liste-der-veranstaltungen-und-aktivitaeten\/","url":"https:\/\/latemarium.com\/de\/liste-der-veranstaltungen-und-aktivitaeten\/","name":"Liste der Veranstaltungen und Aktivit\u00e4ten - Latemarium","isPartOf":{"@id":"https:\/\/latemarium.com\/it\/#website"},"primaryImageOfPage":{"@id":"https:\/\/latemarium.com\/de\/liste-der-veranstaltungen-und-aktivitaeten\/#primaryimage"},"image":{"@id":"https:\/\/latemarium.com\/de\/liste-der-veranstaltungen-und-aktivitaeten\/#primaryimage"},"thumbnailUrl":"https:\/\/latemarium.com\/wp-content\/uploads\/2023\/06\/1405_Obereggen_Latemar.ium_Ph.Erich_.Niedermair.jpg","datePublished":"2023-06-06T16:23:46+00:00","dateModified":"2023-06-08T07:55:12+00:00","breadcrumb":{"@id":"https:\/\/latemarium.com\/de\/liste-der-veranstaltungen-und-aktivitaeten\/#breadcrumb"},"inLanguage":"de-DE","potentialAction":[{"@type":"ReadAction","target":["https:\/\/latemarium.com\/de\/liste-der-veranstaltungen-und-aktivitaeten\/"]}]},{"@type":"ImageObject","inLanguage":"de-DE","@id":"https:\/\/latemarium.com\/de\/liste-der-veranstaltungen-und-aktivitaeten\/#primaryimage","url":"https:\/\/latemarium.com\/wp-content\/uploads\/2023\/06\/1405_Obereggen_Latemar.ium_Ph.Erich_.Niedermair.jpg","contentUrl":"https:\/\/latemarium.com\/wp-content\/uploads\/2023\/06\/1405_Obereggen_Latemar.ium_Ph.Erich_.Niedermair.jpg","width":2000,"height":1500},{"@type":"BreadcrumbList","@id":"https:\/\/latemarium.com\/de\/liste-der-veranstaltungen-und-aktivitaeten\/#breadcrumb","itemListElement":[{"@type":"ListItem","position":1,"name":"Home","item":"https:\/\/latemarium.com\/de\/"},{"@type":"ListItem","position":2,"name":"Liste der Veranstaltungen und Aktivit\u00e4ten"}]},{"@type":"WebSite","@id":"https:\/\/latemarium.com\/it\/#website","url":"https:\/\/latemarium.com\/it\/","name":"Latemarium","description":"Un regno di emozioni","potentialAction":[{"@type":"SearchAction","target":{"@type":"EntryPoint","urlTemplate":"https:\/\/latemarium.com\/it\/?s={search_term_string}"},"query-input":{"@type":"PropertyValueSpecification","valueRequired":true,"valueName":"search_term_string"}}],"inLanguage":"de-DE"}]}},"_links":{"self":[{"href":"https:\/\/latemarium.com\/de\/wp-json\/wp\/v2\/pages\/2102","targetHints":{"allow":["GET"]}}],"collection":[{"href":"https:\/\/latemarium.com\/de\/wp-json\/wp\/v2\/pages"}],"about":[{"href":"https:\/\/latemarium.com\/de\/wp-json\/wp\/v2\/types\/page"}],"author":[{"embeddable":true,"href":"https:\/\/latemarium.com\/de\/wp-json\/wp\/v2\/users\/1"}],"replies":[{"embeddable":true,"href":"https:\/\/latemarium.com\/de\/wp-json\/wp\/v2\/comments?post=2102"}],"version-history":[{"count":12,"href":"https:\/\/latemarium.com\/de\/wp-json\/wp\/v2\/pages\/2102\/revisions"}],"predecessor-version":[{"id":2433,"href":"https:\/\/latemarium.com\/de\/wp-json\/wp\/v2\/pages\/2102\/revisions\/2433"}],"wp:featuredmedia":[{"embeddable":true,"href":"https:\/\/latemarium.com\/de\/wp-json\/wp\/v2\/media\/2055"}],"wp:attachment":[{"href":"https:\/\/latemarium.com\/de\/wp-json\/wp\/v2\/media?parent=2102"}],"curies":[{"name":"wp","href":"https:\/\/api.w.org\/{rel}","templated":true}]}}