{"id":2102,"date":"2023-06-06T16:23:46","date_gmt":"2023-06-06T16:23:46","guid":{"rendered":"https:\/\/latemarium.com\/calendario-eventi\/"},"modified":"2023-06-08T07:55:12","modified_gmt":"2023-06-08T07:55:12","slug":"liste-der-veranstaltungen-und-aktivitaeten","status":"publish","type":"page","link":"https:\/\/latemarium.com\/de\/liste-der-veranstaltungen-und-aktivitaeten\/","title":{"rendered":"Liste der Veranstaltungen und Aktivit\u00e4ten"},"content":{"rendered":"<p>Alle Veranstaltungen sind f\u00fcr den Sommer 2023 geplant.<\/p>\n<!-- EventON Calendar --><div id='evcal_calendar_823' class='list_cal ajde_evcal_calendar sev cev color esty_2 ul etttc_custom ' data-cal=''><div id='evcal_head' class='calendar_header ' ><div class='evo_cal_above evodfx evofx_dr_r marb5 evofx_ww'><span class='cal_head_btn evo-search'><\/span><span class='cal_head_btn evo-filter-btn'><em><\/em><\/span><span class='cal_head_btn evo-gototoday-btn' style='' data-mo='5' data-yr='2026' data-dy=''>Aktueller Monat<\/span><\/div><div class='evo_cal_above_content'><\/div><div class='evo_header_title '><\/div><div class='evo_cal_header_end_content'>\t\t\t\t\t\r\n\t\t\t\t<div class='evo_search_bar evo_hidden'>\r\n\t\t\t\t\t<div class='evo_search_bar_in' >\r\n\t\t\t\t\t\t<input id='evo_search_bar_in_823' type=\"text\" placeholder='Suche nach Veranstaltungen' data-role=\"none\"\/>\r\n\t\t\t\t\t\t<a class=\"evosr_search_clear_btn\"><i class=\"fa fa-close\"><\/i><\/a>\r\n\t\t\t\t\t\t<a class=\"evosr_search_btn\"><i class=\"fa fa-search\"><\/i><\/a>\r\n\t\t\t\t\t<\/div>\r\n\t\t\t\t<\/div>\r\n\r\n\t\t\t<\/div><\/div><div class='evo_filter_bar evo_main_filter_bar eventon_sorting_section '><div class='evo_filter_container evodfx evo_fx_ai_c'><div class='evo_filter_container_in'><div class='eventon_filter_line' ><div class='evo_loading_bar_holder h100 loading_filters swipe' style='min-height:30px;'><div class='nesthold r g10'><div class='evo_loading_bar wid_100% hi_30px' style='width:100%; height:30px; margin-bottom:1px;'><\/div><div class='evo_loading_bar wid_100% hi_30px' style='width:100%; height:30px; margin-bottom:1px;'><\/div><div class='evo_loading_bar wid_100% hi_30px' style='width:100%; height:30px; margin-bottom:1px;'><\/div><div class='evo_loading_bar wid_100% hi_30px' style='width:100%; height:30px; margin-bottom:1px;'><\/div><div class='evo_loading_bar wid_100% hi_30px' style='width:100%; height:30px; margin-bottom:1px;'><\/div><\/div><\/div><\/div><\/div><div class='evo_filter_nav evo_filter_l'><i class='fa fa-chevron-left'><\/i><\/div><div class='evo_filter_nav evo_filter_r'><i class='fa fa-chevron-right'><\/i><\/div><\/div><div class='evo_filter_aply_btns'><\/div><div class='evo_filter_menu'><\/div><\/div><div id='eventon_loadbar_section'><div id='eventon_loadbar'><\/div><\/div><!-- Events List --><div class='evo_events_list_box'><div id='evcal_list' class='eventon_events_list sep_months evcal_list_month'><div class='evcal_month_line' data-d='eml_5_2026' data-su='1777586400'><p>Mai<\/p><\/div><div class='sep_month_events no_event' data-d='eml_5_2026'><div class='eventon_list_event no_events'><p class='no_events' >No Events<\/p><\/div><\/div><div class='evcal_month_line' data-d='eml_6_2026' data-su='1780264800'><p>Juni<\/p><\/div><div class='sep_month_events ' data-d='eml_6_2026'><div id=\"event_2805_0\" class=\"eventon_list_event evo_eventtop scheduled  event clrD event_2805_0\" data-event_id=\"2805\" data-ri=\"0r\" data-time=\"1781071200-1781449200\" data-colr=\"#ba181d\" itemscope itemtype='http:\/\/schema.org\/Event'><div class=\"evo_event_schema\" style=\"display:none\" ><a itemprop='url'  href='https:\/\/latemarium.com\/de\/events\/rosadira-bike-days\/var\/ri-0.l-L2'><\/a><meta itemprop='image' content=\"https:\/\/latemarium.com\/wp-content\/uploads\/2025\/05\/2023-cKirsten-J.-Sorries-Carezza-Dolomites_Rosadira-Bike_1734-scaled.jpg\" \/><meta itemprop='startDate' content=\"2026-6-10T08:00+0:00\" \/><meta itemprop='endDate' content=\"2026-6-14T17:00+0:00\" \/><meta itemprop='eventStatus' content=\"https:\/\/schema.org\/EventScheduled\" \/><meta itemprop='eventAttendanceMode'   itemscope itemtype=\"https:\/\/schema.org\/OfflineEventAttendanceMode\"\/><script type=\"application\/ld+json\">{\"@context\": \"http:\/\/schema.org\",\"@type\": \"Event\",\n\t\t\t\t\"@id\": \"event_2805_0\",\n\t\t\t\t\"eventAttendanceMode\":\"https:\/\/schema.org\/OfflineEventAttendanceMode\",\n\t\t\t\t\"eventStatus\":\"https:\/\/schema.org\/EventScheduled\",\n\t\t\t\t\"name\": \"Rosadira Bike Days\",\n\t\t\t\t\"url\": \"https:\/\/latemarium.com\/de\/events\/rosadira-bike-days\/var\/ri-0.l-L2\",\n\t\t\t\t\"startDate\": \"2026-6-10T08:00+0:00\",\n\t\t\t\t\"endDate\": \"2026-6-14T17:00+0:00\",\n\t\t\t\t\"image\":\"https:\/\/latemarium.com\/wp-content\/uploads\/2025\/05\/2023-cKirsten-J.-Sorries-Carezza-Dolomites_Rosadira-Bike_1734-scaled.jpg\", \n\t\t\t\t\"description\":\"<p>ROSADIRA BIKE DAYS<br \/> 10. \u2013 14.06.2026<\/p> <p>5 Tage Dolomitengl\u00fchen auf 2 R\u00e4dern!<br \/> Erlebe unvergessliche Tage voller Abenteuer, Action und Natur pur inmitten der atemberaubenden Kulisse des\u00a0UNESCO-Welterbes Dolomiten.<\/p> <p>Egal, ob du deine Fahrtechnik verbessern, neue Routen entdecken oder einfach das Naturerlebnis auf zwei R\u00e4dern in vollen Z\u00fcgen genie\u00dfen m\u00f6chtest \u2013 bei den Rosadira Bike Days kommt jeder auf seine Kosten! Abgerundet wird das Programm durch kulinarische Highlights und gem\u00fctliches Beisammensein.<\/p> <p>Sei dabei und erlebe Bike-Spa\u00df in seiner reinsten Form \u2013 vom Flow auf den Trails bis hin zu entspannten Dolomiten-Panoramatouren!<\/p> <p><strong>Das erwartet dich:<\/strong><\/p> <ul> <li>Gef\u00fchrte Mountainbike-Touren:\u00a0Erkunde die besten Trails der Dolomiten unter der Leitung erfahrener Guides. Von entspannten Routen bis hin zu anspruchsvollen MTB-Strecken \u2013 f\u00fcr jedes Level ist etwas dabei.<\/li> <li>Technik-Workshops:\u00a0Verbessere deine Fahrtechnik und lerne von den Profis, wie du die Trails noch sicherer und mit mehr Flow meisterst.<\/li> <li>Bike-Tests und Beratung:\u00a0Nutze die Gelegenheit, die neuesten Mountainbike-Modelle von verschiedenen Ausstellern zu testen und von Experten beraten zu werden.<\/li> <li>Kulinarische Highlights:\u00a0Erlebe die einzigartige S\u00fcdtiroler K\u00fcche und lass dich nach einem anstrengenden Tag auf dem Bike kulinarisch verw\u00f6hnen.<\/li> <li>Chill-Out Sessions:\u00a0Tausche dich nach deiner Bike-Tour\u00a0mit anderen Bikern aus und genie\u00dfe Livemusik bei dem gem\u00fctlichen Get-Together.<\/li> <li>Abwechslungsreiches Kinderprogramm f\u00fcr den Bike-Nachwuchs.<\/li> <\/ul> \"}<\/script><\/div>\r\n\t\t\t\t<p class=\"desc_trig_outter\" style=\"\"><a data-gmap_status=\"null\" data-exlk=\"0\" style=\"background-color: #ba181d;\" id=\"evc_17810712002805\" class=\"hasFtIMG desc_trig mul_val evcal_list_a\" data-ux_val=\"3\" data-ux_val_mob=\"-\"  ><span class='evoet_c1 evoet_cx '><span class='ev_ftImg' data-img='https:\/\/latemarium.com\/wp-content\/uploads\/2025\/05\/2023-cKirsten-J.-Sorries-Carezza-Dolomites_Rosadira-Bike_1734-scaled.jpg' data-thumb='https:\/\/latemarium.com\/wp-content\/uploads\/2025\/05\/2023-cKirsten-J.-Sorries-Carezza-Dolomites_Rosadira-Bike_1734-300x200.jpg' style='background-image:url(\"https:\/\/latemarium.com\/wp-content\/uploads\/2025\/05\/2023-cKirsten-J.-Sorries-Carezza-Dolomites_Rosadira-Bike_1734-300x200.jpg\")' ><\/span><\/span><span class='evoet_c2 evoet_cx '><span class='evoet_dayblock evcal_cblock ' data-bgcolor='#ba181d' data-smon='Juni' data-syr='2026' data-bub=''><span class='evo_start '><em class='date'>10<\/em><em class='month'>Jun<\/em><em class='time'><i t=\"y\">(Jun 10)<\/i>08:00<\/em><\/span><span class='evo_end '><em class='date'>14<\/em><em class='time'><i t=\"y\">(Jun 14)<\/i>17:00<\/em><\/span><\/span><\/span><span class='evoet_c3 evoet_cx evcal_desc hide_eventtopdata '><span class='evoet_title evcal_desc2 evcal_event_title ' itemprop='name'>Rosadira Bike Days<\/span><span class='evoet_subtitle evo_below_title' ><span class='evcal_event_subtitle ' >5 Tage Dolomitengl\u00fchen auf 2 R\u00e4dern!<\/span><\/span><span class='evoet_time_expand level_3'><em class='evcal_time evo_tz_time'><i class='fa fa-clock-o'><\/i>08:00 - 17:00 <em class=\"evo_endday evomarl5\">(14)<\/em><span class='evo_tz marl5'>(GMT+02:00)<\/span><\/em> <\/span><\/span><span class='evoet_data' data-d=\"{&quot;loc.n&quot;:&quot;&quot;,&quot;orgs&quot;:[],&quot;tags&quot;:[]}\" data-bgc=\"#ba181d\" data-bggrad=\"\" ><\/span><\/a><\/p><div class='event_description evcal_eventcard ' style=\"display:none\"><div class='evocard_row'><div id='event_ftimage' class='evocard_box ftimage' data-c='' \n\t\t\t\t\tstyle=''><div class='evocard_main_image_hold' data-t='Loading Image..'><div class='evocard_main_image evo_img_triglb evobr15 evobgsc evobgpc evodfx evofx_jc_c evofx_ai_c evofz48 minmized' style='height:300px; background-image:url();' data-f=\"https:\/\/latemarium.com\/wp-content\/uploads\/2025\/05\/2023-cKirsten-J.-Sorries-Carezza-Dolomites_Rosadira-Bike_1734-scaled.jpg\" data-h=\"1707\" data-w=\"2560\" data-ratio=\"0.666796875\" data-event_id=\"2805\" data-ri=\"0\"  data-t='Loading Image..'><span style='height:300px; background-image:url(https:\/\/latemarium.com\/wp-content\/uploads\/2025\/05\/2023-cKirsten-J.-Sorries-Carezza-Dolomites_Rosadira-Bike_1734-scaled.jpg)'><\/span><\/div><\/div><\/div><\/div><div class='evocard_row'><div id='event_eventdetails' class='evocard_box eventdetails' data-c='' \n\t\t\t\t\tstyle=''><div class='evo_metarow_details evorow evcal_evdata_row evcal_event_details'>\n\t\t<div class=\"event_excerpt\" style=\"display:none\"><h3 class=\"padb5 evo_h3\">Details zur Veranstaltung<\/h3><p>ROSADIRA BIKE DAYS\n10. \u2013 14.06.2026\n5 Tage Dolomitengl\u00fchen auf 2 R\u00e4dern!\nErlebe unvergessliche Tage voller Abenteuer, Action und Natur pur inmitten der atemberaubenden Kulisse des\u00a0UNESCO-Welterbes Dolomiten.\nEgal, ob du deine Fahrtechnik<\/p><\/div><span class='evcal_evdata_icons'><i class='fa fa-align-justify'><\/i><\/span>\n\t\t\n\t\t<div class='evcal_evdata_cell shorter_desc'>\n\t\t\t<div class='eventon_full_description'>\n\t\t\t\t<h3 class='padb5 evo_h3'><span class='evcal_evdata_icons'><i class='fa fa-align-justify'><\/i><\/span>Details zur Veranstaltung<\/h3>\n\t\t\t\t<div class='eventon_desc_in' itemprop='description'>\n\t\t\t\t<p>ROSADIRA BIKE DAYS<br \/>\n10. \u2013 14.06.2026<\/p>\n<p>5 Tage Dolomitengl\u00fchen auf 2 R\u00e4dern!<br \/>\nErlebe unvergessliche Tage voller Abenteuer, Action und Natur pur inmitten der atemberaubenden Kulisse des\u00a0UNESCO-Welterbes Dolomiten.<\/p>\n<p>Egal, ob du deine Fahrtechnik verbessern, neue Routen entdecken oder einfach das Naturerlebnis auf zwei R\u00e4dern in vollen Z\u00fcgen genie\u00dfen m\u00f6chtest \u2013 bei den Rosadira Bike Days kommt jeder auf seine Kosten! Abgerundet wird das Programm durch kulinarische Highlights und gem\u00fctliches Beisammensein.<\/p>\n<p>Sei dabei und erlebe Bike-Spa\u00df in seiner reinsten Form \u2013 vom Flow auf den Trails bis hin zu entspannten Dolomiten-Panoramatouren!<\/p>\n<p><strong>Das erwartet dich:<\/strong><\/p>\n<ul>\n<li>Gef\u00fchrte Mountainbike-Touren:\u00a0Erkunde die besten Trails der Dolomiten unter der Leitung erfahrener Guides. Von entspannten Routen bis hin zu anspruchsvollen MTB-Strecken \u2013 f\u00fcr jedes Level ist etwas dabei.<\/li>\n<li>Technik-Workshops:\u00a0Verbessere deine Fahrtechnik und lerne von den Profis, wie du die Trails noch sicherer und mit mehr Flow meisterst.<\/li>\n<li>Bike-Tests und Beratung:\u00a0Nutze die Gelegenheit, die neuesten Mountainbike-Modelle von verschiedenen Ausstellern zu testen und von Experten beraten zu werden.<\/li>\n<li>Kulinarische Highlights:\u00a0Erlebe die einzigartige S\u00fcdtiroler K\u00fcche und lass dich nach einem anstrengenden Tag auf dem Bike kulinarisch verw\u00f6hnen.<\/li>\n<li>Chill-Out Sessions:\u00a0Tausche dich nach deiner Bike-Tour\u00a0mit anderen Bikern aus und genie\u00dfe Livemusik bei dem gem\u00fctlichen Get-Together.<\/li>\n<li>Abwechslungsreiches Kinderprogramm f\u00fcr den Bike-Nachwuchs.<\/li>\n<\/ul>\n<\/div><p class='eventon_shad_p' style='padding:5px 0 0; margin:0'>\n\t\t\t<span class='evcal_btn evo_btn_secondary evobtn_details_show_more' content='less'>\n\t\t\t\t<span class='ev_more_text' data-txt='Weniger'>Mehr<\/span><span class='ev_more_arrow ard'><\/span>\n\t\t\t<\/span>\n\t\t<\/p><div class='clear'><\/div>\n\t\t\t<\/div>\n\t\t<\/div>\n\t<\/div><\/div><\/div><div class='evocard_row'><div id='event_time' class='evocard_box time' data-c='' \n\t\t\t\t\tstyle=''><div class='evo_metarow_time evorow evcal_evdata_row evcal_evrow_sm '>\n\t\t<span class='evcal_evdata_icons'><i class='fa fa-clock'><\/i><\/span>\n\t\t<div class='evcal_evdata_cell'>\t\t\t\t\t\t\t\n\t\t\t<h3 class='evo_h3'><span class='evcal_evdata_icons'><i class='fa fa-clock'><\/i><\/span>Zeitplan<\/h3><p><span class='evo_eventcard_time_t'>10 Juni 2026 08:00 - 14 Juni 2026 17:00<\/span><span class='evo_tz marr5'>(GMT+02:00)<\/span><\/p>\n\t\t<\/div>\n\t<\/div><\/div><\/div><div class='evocard_row bx2 bx'><div id='event_learnmore' class='evocard_box learnmore' data-c='' \n\t\t\t\t\tstyle=''><div class='evo_metarow_learnM evo_metarow_learnmore evorow'>\n\t\t\t\t\t\t\t<a class='evcal_evdata_row evo_clik_row ' href='https:\/\/eggental.com\/rosadira' target=\"_blank\">\n\t\t\t\t\t\t\t\t<span class='evcal_evdata_icons'><i class='fa fa-link'><\/i><\/span>\n\t\t\t\t\t\t\t\t<h3 class='evo_h3'>Entdecke mehr<\/h3>\n\t\t\t\t\t\t\t<\/a>\n\t\t\t\t\t\t\t<\/div><\/div><div id='event_addtocal' class='evocard_box addtocal' data-c='' \n\t\t\t\t\tstyle=''><div class='evo_metarow_ICS evorow evcal_evdata_row'>\n\t\t\t<span class='evcal_evdata_icons'><i class='fa fa-calendar-o'><\/i><\/span>\n\t\t\t<div class='evcal_evdata_cell'>\n\t\t\t\t<p><a href='https:\/\/latemarium.com\/de\/export-events\/2805_0\/?nonce=7b34e59f7d' class='evo_ics_nCal' title='Zu Ihrem Kalender hinzuf\u00fcgen'>Kalender<\/a><a href='https:\/\/www.google.com\/calendar\/event?action=TEMPLATE&text=Rosadira+Bike+Days&dates=20260610T060000Z%2F20260614T150000Z&ctz=Europe%2FRome&details=Rosadira Bike Days&location=' target='_blank' class='evo_ics_gCal' title='Zu Google Kalender hinzuf\u00fcgen'>GoogleCal<\/a><\/p>\t\n\t\t\t<\/div>\n\t\t<\/div><\/div><\/div><div class='evo_card_row_end evcal_close' title='Schlie\u00dfen'><\/div><\/div><div class='clear end'><\/div><\/div><div id=\"event_2154_0\" class=\"eventon_list_event evo_eventtop scheduled  event clrW no_et event_2154_0\" data-event_id=\"2154\" data-ri=\"0r\" data-time=\"1782134400-1782165540\" data-colr=\"#b8d989\" itemscope itemtype='http:\/\/schema.org\/Event'><div class=\"evo_event_schema\" style=\"display:none\" ><a itemprop='url'  href='https:\/\/latemarium.com\/de\/events\/die-geraeusche-und-das-leben-der-malga\/var\/ri-0.l-L2'><\/a><meta itemprop='image' content=\"https:\/\/latemarium.com\/wp-content\/uploads\/2023\/06\/suoni-vita-malga.jpg\" \/><meta itemprop='startDate' content=\"2026-6-22T15:20+0:00\" \/><meta itemprop='endDate' content=\"2026-6-22T23:59+0:00\" \/><meta itemprop='eventStatus' content=\"https:\/\/schema.org\/EventScheduled\" \/><meta itemprop='eventAttendanceMode'   itemscope itemtype=\"https:\/\/schema.org\/OfflineEventAttendanceMode\"\/><div style=\"display:none\" itemprop=\"location\" itemscope itemtype=\"http:\/\/schema.org\/Place\"><span itemprop=\"name\">Pampeago<\/span><span itemprop=\"address\" itemscope itemtype=\"http:\/\/schema.org\/PostalAddress\"><item itemprop=\"streetAddress\">Localit\u00e0 Pampeago, 8, 38038 Tesero TN<\/item><\/span><\/div><script type=\"application\/ld+json\">{\"@context\": \"http:\/\/schema.org\",\"@type\": \"Event\",\n\t\t\t\t\"@id\": \"event_2154_0\",\n\t\t\t\t\"eventAttendanceMode\":\"https:\/\/schema.org\/OfflineEventAttendanceMode\",\n\t\t\t\t\"eventStatus\":\"https:\/\/schema.org\/EventScheduled\",\n\t\t\t\t\"name\": \"Die Ger\u00e4usche und das Leben der Malga\",\n\t\t\t\t\"url\": \"https:\/\/latemarium.com\/de\/events\/die-geraeusche-und-das-leben-der-malga\/var\/ri-0.l-L2\",\n\t\t\t\t\"startDate\": \"2026-6-22T15:20+0:00\",\n\t\t\t\t\"endDate\": \"2026-6-22T23:59+0:00\",\n\t\t\t\t\"image\":\"https:\/\/latemarium.com\/wp-content\/uploads\/2023\/06\/suoni-vita-malga.jpg\", \n\t\t\t\t\"description\":\"<p>Treffpunkt am Parkplatz des Tresca-Sessellifts (mit dem Auto von Pampeago erreichbar &#8211; NUR f\u00fcr diejenigen, die die Aktivit\u00e4t buchen).<\/p> <p>Nach einem kurzen Spaziergang zur Malga Pampeago entdecken Kinder und Eltern zwischen K\u00fchen, K\u00e4lbern, Eseln und Schweinen den Alltag und die Ger\u00e4usche, die das Leben der Hirten pr\u00e4gen.<\/p> <p>Am Ende der Aktivit\u00e4t gibt es einen kleinen Snack, den die Kinder genie\u00dfen oder mit nach Hause nehmen k\u00f6nnen.<\/p> <p>Aktivit\u00e4t auch mit Kinderwagen m\u00f6glich. <a href='https:\/\/www.visitfiemme.it\/de\/veranstaltungen\/fiemme-cembra-guest-card\/erlebnisse\/erlebnisse-sommer' target='_blank' rel='noopener'>Reservierung erforderlich<\/a>.<\/p> \",\"location\":[{\"@type\":\"Place\",\"name\":\"Pampeago\",\"address\":{\"@type\": \"PostalAddress\",\"streetAddress\":\"Localit\u00e0 Pampeago, 8, 38038 Tesero TN\"}}]}<\/script><\/div>\r\n\t\t\t\t<p class=\"desc_trig_outter\" style=\"\"><a data-gmap_status=\"null\" data-exlk=\"0\" style=\"background-color: #b8d989;\" id=\"evc_17821344002154\" class=\"hasFtIMG event_repeat desc_trig sin_val evcal_list_a\" data-ux_val=\"3\" data-ux_val_mob=\"-\"  ><span class='evoet_c1 evoet_cx '><span class='ev_ftImg' data-img='https:\/\/latemarium.com\/wp-content\/uploads\/2023\/06\/suoni-vita-malga.jpg' data-thumb='https:\/\/latemarium.com\/wp-content\/uploads\/2023\/06\/suoni-vita-malga-300x225.jpg' style='background-image:url(\"https:\/\/latemarium.com\/wp-content\/uploads\/2023\/06\/suoni-vita-malga-300x225.jpg\")' ><\/span><\/span><span class='evoet_c2 evoet_cx '><span class='evoet_dayblock evcal_cblock ' data-bgcolor='#b8d989' data-smon='Juni' data-syr='2026' data-bub=''><span class='evo_start '><em class='date'>22<\/em><em class='month'>Jun<\/em><em class='time'>15:20<\/em><\/span><\/span><\/span><span class='evoet_c3 evoet_cx evcal_desc hide_eventtopdata '><span class='evoet_title evcal_desc2 evcal_event_title ' itemprop='name'>Die Ger\u00e4usche und das Leben der Malga<\/span><span class='event_location_attrs'  data-location_address=\"Localit\u00e0 Pampeago, 8, 38038 Tesero TN\" data-location_type=\"lonlat\" data-location_name=\"Pampeago\" data-location_url=\"https:\/\/latemarium.com\/de\/event-location\/pampeago-de\/\" data-location_status=\"true\" data-latlng=\"46.34343697644898,11.540997527961546\"><\/span><span class='evoet_subtitle evo_below_title' ><\/span><span class='evoet_time_expand level_3'><em class='evcal_time evo_tz_time'><i class='fa fa-clock-o'><\/i>15:20<span class='evo_tz marl5'>(GMT+02:00)<\/span><\/em> <\/span><span class='evoet_location level_3'><em class=\"evcal_location\"  data-latlng=\"46.34343697644898,11.540997527961546\" data-add_str=\"Localit\u00e0 Pampeago, 8, 38038 Tesero TN\" data-n=\"Pampeago\"><i class=\"fa fa-location-pin\"><\/i><em class=\"event_location_name\">Pampeago<\/em>, Localit\u00e0 Pampeago, 8, 38038 Tesero TN<\/em><\/span><\/span><span class='evoet_data' data-d=\"{&quot;loc.n&quot;:&quot;Pampeago&quot;,&quot;orgs&quot;:[],&quot;tags&quot;:{&quot;repeating&quot;:&quot;Repeating Event&quot;}}\" data-bgc=\"#b8d989\" data-bggrad=\"\" ><\/span><\/a><\/p><div class='event_description evcal_eventcard ' style=\"display:none\"><div class='evocard_row'><div id='event_ftimage' class='evocard_box ftimage' data-c='' \n\t\t\t\t\tstyle=''><div class='evocard_main_image_hold' data-t='Loading Image..'><div class='evocard_main_image evo_img_triglb evobr15 evobgsc evobgpc evodfx evofx_jc_c evofx_ai_c evofz48 minmized' style='height:300px; background-image:url();' data-f=\"https:\/\/latemarium.com\/wp-content\/uploads\/2023\/06\/suoni-vita-malga.jpg\" data-h=\"796\" data-w=\"1062\" data-ratio=\"0.74952919020716\" data-event_id=\"2154\" data-ri=\"0\"  data-t='Loading Image..'><span style='height:300px; background-image:url(https:\/\/latemarium.com\/wp-content\/uploads\/2023\/06\/suoni-vita-malga.jpg)'><\/span><\/div><\/div><\/div><\/div><div class='evocard_row'><div id='event_eventdetails' class='evocard_box eventdetails' data-c='' \n\t\t\t\t\tstyle=''><div class='evo_metarow_details evorow evcal_evdata_row evcal_event_details'>\n\t\t<div class=\"event_excerpt\" style=\"display:none\"><h3 class=\"padb5 evo_h3\">Details zur Veranstaltung<\/h3><p>Treffpunkt am Parkplatz des Tresca-Sessellifts (mit dem Auto von Pampeago erreichbar &#8211; NUR f\u00fcr diejenigen, die die Aktivit\u00e4t buchen).\nNach einem kurzen Spaziergang zur Malga Pampeago entdecken Kinder und Eltern zwischen<\/p><\/div><span class='evcal_evdata_icons'><i class='fa fa-align-justify'><\/i><\/span>\n\t\t\n\t\t<div class='evcal_evdata_cell shorter_desc'>\n\t\t\t<div class='eventon_full_description'>\n\t\t\t\t<h3 class='padb5 evo_h3'><span class='evcal_evdata_icons'><i class='fa fa-align-justify'><\/i><\/span>Details zur Veranstaltung<\/h3>\n\t\t\t\t<div class='eventon_desc_in' itemprop='description'>\n\t\t\t\t<p>Treffpunkt am Parkplatz des Tresca-Sessellifts (mit dem Auto von Pampeago erreichbar &#8211; NUR f\u00fcr diejenigen, die die Aktivit\u00e4t buchen).<\/p>\n<p>Nach einem kurzen Spaziergang zur Malga Pampeago entdecken Kinder und Eltern zwischen K\u00fchen, K\u00e4lbern, Eseln und Schweinen den Alltag und die Ger\u00e4usche, die das Leben der Hirten pr\u00e4gen.<\/p>\n<p>Am Ende der Aktivit\u00e4t gibt es einen kleinen Snack, den die Kinder genie\u00dfen oder mit nach Hause nehmen k\u00f6nnen.<\/p>\n<p>Aktivit\u00e4t auch mit Kinderwagen m\u00f6glich. <a href=\"https:\/\/www.visitfiemme.it\/de\/veranstaltungen\/fiemme-cembra-guest-card\/erlebnisse\/erlebnisse-sommer\" target=\"_blank\" rel=\"noopener\">Reservierung erforderlich<\/a>.<\/p>\n<\/div><p class='eventon_shad_p' style='padding:5px 0 0; margin:0'>\n\t\t\t<span class='evcal_btn evo_btn_secondary evobtn_details_show_more' content='less'>\n\t\t\t\t<span class='ev_more_text' data-txt='Weniger'>Mehr<\/span><span class='ev_more_arrow ard'><\/span>\n\t\t\t<\/span>\n\t\t<\/p><div class='clear'><\/div>\n\t\t\t<\/div>\n\t\t<\/div>\n\t<\/div><\/div><\/div><div class='evocard_row bx2 bx'><div id='event_time' class='evocard_box time' data-c='' \n\t\t\t\t\tstyle=''><div class='evo_metarow_time evorow evcal_evdata_row evcal_evrow_sm '>\n\t\t<span class='evcal_evdata_icons'><i class='fa fa-clock'><\/i><\/span>\n\t\t<div class='evcal_evdata_cell'>\t\t\t\t\t\t\t\n\t\t\t<h3 class='evo_h3'><span class='evcal_evdata_icons'><i class='fa fa-clock'><\/i><\/span>Zeitplan<\/h3><p><span class='evo_eventcard_time_t'>22 Juni 2026 15:20<\/span><span class='evo_tz marr5'>(GMT+02:00)<\/span><\/p>\n\t\t<\/div>\n\t<\/div><\/div><div id='event_location' class='evocard_box location' data-c='' \n\t\t\t\t\tstyle=''><div class='evcal_evdata_row evo_metarow_time_location evorow '>\n\t\t\n\t\t\t<span class='evcal_evdata_icons'><i class='fa fa-map-marker'><\/i><\/span>\n\t\t\t<div class='evcal_evdata_cell' data-loc_tax_id='32'><h3 class='evo_h3 evodfx'><span class='evcal_evdata_icons'><i class='fa fa-map-marker'><\/i><\/span>Ort<\/h3><p class='evo_location_name'>Pampeago<\/p><p class='evo_location_address evodfxi evogap10'>Localit\u00e0 Pampeago, 8, 38038 Tesero TN<\/p><div class='padt10'><span class='evo_btn_arr evolb_trigger' data-lbvals=\"{&quot;lbc&quot;:&quot;evo_location_lb_32&quot;,&quot;lbac&quot;:&quot;lb_max&quot;,&quot;t&quot;:&quot;Pampeago&quot;,&quot;ajax&quot;:&quot;yes&quot;,&quot;ajax_type&quot;:&quot;endpoint&quot;,&quot;ajax_action&quot;:&quot;eventon_get_tax_card_content&quot;,&quot;end&quot;:&quot;client&quot;,&quot;d&quot;:{&quot;lang&quot;:&quot;L2&quot;,&quot;term_id&quot;:32,&quot;tax&quot;:&quot;event_location&quot;,&quot;load_lbcontent&quot;:true},&quot;uid&quot;:&quot;eventon_get_tax_card_content&quot;}\" >Other Events<i class='fa fa-chevron-right'><\/i><\/span><\/div><\/div>\n\t\t\n\t<\/div><\/div><\/div><div class='evocard_row'><div id='event_addtocal' class='evocard_box addtocal' data-c='' \n\t\t\t\t\tstyle=''><div class='evo_metarow_ICS evorow evcal_evdata_row'>\n\t\t\t<span class='evcal_evdata_icons'><i class='fa fa-calendar-o'><\/i><\/span>\n\t\t\t<div class='evcal_evdata_cell'>\n\t\t\t\t<p><a href='https:\/\/latemarium.com\/de\/export-events\/2154_0\/?nonce=7b34e59f7d' class='evo_ics_nCal' title='Zu Ihrem Kalender hinzuf\u00fcgen'>Kalender<\/a><a href='https:\/\/www.google.com\/calendar\/event?action=TEMPLATE&text=Die+Ger%C3%A4usche+und+das+Leben+der+Malga&dates=20260622T132000Z%2F20260622T215900Z&ctz=Europe%2FRome&details=Die Ger\u00e4usche und das Leben der Malga&location=Pampeago+Localit%C3%A0+Pampeago%2C+8%2C+38038+Tesero+TN' target='_blank' class='evo_ics_gCal' title='Zu Google Kalender hinzuf\u00fcgen'>GoogleCal<\/a><\/p>\t\n\t\t\t<\/div>\n\t\t<\/div><\/div><\/div><div class='evocard_row'><div id='event_getdirection' class='evocard_box getdirection' data-c='' \n\t\t\t\t\tstyle=''><div class='evo_metarow_getDr evorow evcal_evdata_row evcal_evrow_sm getdirections'>\n\t\t<form action='https:\/\/maps.google.com\/maps' method='get' target='_blank'>\n\t\t\t<input type='hidden' name='daddr' value=\"Localit\u00e0 Pampeago, 8, 38038 Tesero TN\"\/> \n\t\t\t<div class='evo_get_direction_content evo_fx_dr_r evogap10'>\n\t\t\t\t<span class='evogetdir_header evodfx evofx_dr_r evofx_ai_c marr10'>\n\t\t\t\t\t<i class='mainicon fa fa-road'><\/i> \n\t\t\t\t\t<h3 class='evo_h3' style='padding-bottom:5px;'>Wegbeschreibung abrufen<\/h3>\n\t\t\t\t<\/span>\n\t\t\t\t<span class='evogetdir_field evodfx evofx_1_1 evo_fx_dr_c evow100p'>\t\t\t\t\t\n\t\t\t\t\t<input class='evoInput evotac' type='text' name='saddr' placeholder='&quot;Geben Sie die Adresse ein' value='' style='margin:10px 0;'\/>\n\t\t\t\t<\/span>\n\t\t\t\t<button type='submit' class='evo_get_direction_button evo_btn_arr_circ dfx fx_ai_c' title='&quot;Klicken Sie hier'><i class='fa fa-chevron-right'><\/i> <\/button>\n\t\t\t<\/div>\n\t\t<\/form>\n\t<\/div><\/div><\/div><div class='evo_card_row_end evcal_close' title='Schlie\u00dfen'><\/div><\/div><div class='clear end'><\/div><\/div><div id=\"event_2489_0\" class=\"eventon_list_event evo_eventtop scheduled  event clrD no_et event_2489_0\" data-event_id=\"2489\" data-ri=\"0r\" data-time=\"1782199800-1782251940\" data-colr=\"#38823b\" itemscope itemtype='http:\/\/schema.org\/Event'><div class=\"evo_event_schema\" style=\"display:none\" ><a itemprop='url'  href='https:\/\/latemarium.com\/de\/events\/respirart-kunst-und-natur\/var\/ri-0.l-L2'><\/a><meta itemprop='image' content=\"https:\/\/latemarium.com\/wp-content\/uploads\/2023\/06\/respirart-respiro-arte-natura.jpg\" \/><meta itemprop='startDate' content=\"2026-6-23T09:30+0:00\" \/><meta itemprop='endDate' content=\"2026-6-23T23:59+0:00\" \/><meta itemprop='eventStatus' content=\"https:\/\/schema.org\/EventScheduled\" \/><meta itemprop='eventAttendanceMode'   itemscope itemtype=\"https:\/\/schema.org\/OfflineEventAttendanceMode\"\/><div style=\"display:none\" itemprop=\"location\" itemscope itemtype=\"http:\/\/schema.org\/Place\"><span itemprop=\"name\">Pampeago<\/span><span itemprop=\"address\" itemscope itemtype=\"http:\/\/schema.org\/PostalAddress\"><item itemprop=\"streetAddress\">Localit\u00e0 Pampeago, 8, 38038 Tesero TN<\/item><\/span><\/div><script type=\"application\/ld+json\">{\"@context\": \"http:\/\/schema.org\",\"@type\": \"Event\",\n\t\t\t\t\"@id\": \"event_2489_0\",\n\t\t\t\t\"eventAttendanceMode\":\"https:\/\/schema.org\/OfflineEventAttendanceMode\",\n\t\t\t\t\"eventStatus\":\"https:\/\/schema.org\/EventScheduled\",\n\t\t\t\t\"name\": \"Respirart: Kunst und Natur\",\n\t\t\t\t\"url\": \"https:\/\/latemarium.com\/de\/events\/respirart-kunst-und-natur\/var\/ri-0.l-L2\",\n\t\t\t\t\"startDate\": \"2026-6-23T09:30+0:00\",\n\t\t\t\t\"endDate\": \"2026-6-23T23:59+0:00\",\n\t\t\t\t\"image\":\"https:\/\/latemarium.com\/wp-content\/uploads\/2023\/06\/respirart-respiro-arte-natura.jpg\", \n\t\t\t\t\"description\":\"<h2>Kunst in der H\u00f6he: Entdeckungsreise durch RespirArt zwischen Natur und Installationen<\/h2> <p><span data-sheets-value='{&quot;1&quot;:2,&quot;2&quot;:&quot;Es beginnt um 9.30 Uhr vor dem Agnello-Sessellift-Seminovia, wo Sie den k\u00fcnstlerischen F\u00fchrer treffen, der Ihnen die Samen liefert und Sie bei der Aussaat von Blumen von oben begleitet, um Blumen zu erzeugen und so die Erde, die Bienen, die Ziegen und die K\u00fche Anschlie\u00dfend f\u00fchrt Sie der F\u00fchrer zu den Kunstwerken im Park. Auf dem 3 km langen Rundgang entdecken Sie die Inspirationen der K\u00fcnstler, die in Anwesenheit des Latemar k\u00fcnstlerische Gesten schufen.\\r\\nAktivit\u00e4t f\u00fcr Erwachsene geeignet\\r\\nKostenlose Aktivit\u00e4t (ohne Liftticket)\\r\\n&quot;}' data-sheets-userformat='{&quot;2&quot;:15235,&quot;3&quot;:{&quot;1&quot;:0},&quot;4&quot;:{&quot;1&quot;:2,&quot;2&quot;:15987699},&quot;10&quot;:1,&quot;11&quot;:1,&quot;12&quot;:0,&quot;14&quot;:{&quot;1&quot;:2,&quot;2&quot;:5592405},&quot;15&quot;:&quot;Roboto&quot;,&quot;16&quot;:10}'>Es beginnt um 9.30 Uhr vor dem Agnello-Sessellift-&#8220;Seminovia&#8221;, wo Sie den k\u00fcnstlerischen F\u00fchrer treffen, der Ihnen die Samen liefert und Sie bei der Aussaat von Blumen von oben begleitet, um Blumen zu erzeugen und so die Erde, die Bienen, die Ziegen und die K\u00fche. <\/span><\/p> <p><span data-sheets-value='{&quot;1&quot;:2,&quot;2&quot;:&quot;Es beginnt um 9.30 Uhr vor dem Agnello-Sessellift-Seminovia, wo Sie den k\u00fcnstlerischen F\u00fchrer treffen, der Ihnen die Samen liefert und Sie bei der Aussaat von Blumen von oben begleitet, um Blumen zu erzeugen und so die Erde, die Bienen, die Ziegen und die K\u00fche Anschlie\u00dfend f\u00fchrt Sie der F\u00fchrer zu den Kunstwerken im Park. Auf dem 3 km langen Rundgang entdecken Sie die Inspirationen der K\u00fcnstler, die in Anwesenheit des Latemar k\u00fcnstlerische Gesten schufen.\\r\\nAktivit\u00e4t f\u00fcr Erwachsene geeignet\\r\\nKostenlose Aktivit\u00e4t (ohne Liftticket)\\r\\n&quot;}' data-sheets-userformat='{&quot;2&quot;:15235,&quot;3&quot;:{&quot;1&quot;:0},&quot;4&quot;:{&quot;1&quot;:2,&quot;2&quot;:15987699},&quot;10&quot;:1,&quot;11&quot;:1,&quot;12&quot;:0,&quot;14&quot;:{&quot;1&quot;:2,&quot;2&quot;:5592405},&quot;15&quot;:&quot;Roboto&quot;,&quot;16&quot;:10}'>Anschlie\u00dfend f\u00fchrt Sie der F\u00fchrer zu den Kunstwerken im Park. Auf dem 3 km langen Rundgang entdecken Sie die Inspirationen der K\u00fcnstler, die in Anwesenheit des Latemar k\u00fcnstlerische Gesten schufen. <\/span><\/p> <p><span data-sheets-value='{&quot;1&quot;:2,&quot;2&quot;:&quot;Es beginnt um 9.30 Uhr vor dem Agnello-Sessellift-Seminovia, wo Sie den k\u00fcnstlerischen F\u00fchrer treffen, der Ihnen die Samen liefert und Sie bei der Aussaat von Blumen von oben begleitet, um Blumen zu erzeugen und so die Erde, die Bienen, die Ziegen und die K\u00fche Anschlie\u00dfend f\u00fchrt Sie der F\u00fchrer zu den Kunstwerken im Park. Auf dem 3 km langen Rundgang entdecken Sie die Inspirationen der K\u00fcnstler, die in Anwesenheit des Latemar k\u00fcnstlerische Gesten schufen.\\r\\nAktivit\u00e4t f\u00fcr Erwachsene geeignet\\r\\nKostenlose Aktivit\u00e4t (ohne Liftticket)\\r\\n&quot;}' data-sheets-userformat='{&quot;2&quot;:15235,&quot;3&quot;:{&quot;1&quot;:0},&quot;4&quot;:{&quot;1&quot;:2,&quot;2&quot;:15987699},&quot;10&quot;:1,&quot;11&quot;:1,&quot;12&quot;:0,&quot;14&quot;:{&quot;1&quot;:2,&quot;2&quot;:5592405},&quot;15&quot;:&quot;Roboto&quot;,&quot;16&quot;:10}'>Aktivit\u00e4t f\u00fcr Erwachsene.<\/span><\/p> <p><a href='https:\/\/www.visitfiemme.it\/de\/veranstaltungen\/fiemme-cembra-guest-card\/erlebnisse\/erlebnisse-sommer' target='_blank' rel='noopener'>Reservierung erforderlich<\/a>.<\/p> \",\"location\":[{\"@type\":\"Place\",\"name\":\"Pampeago\",\"address\":{\"@type\": \"PostalAddress\",\"streetAddress\":\"Localit\u00e0 Pampeago, 8, 38038 Tesero TN\"}}]}<\/script><\/div>\r\n\t\t\t\t<p class=\"desc_trig_outter\" style=\"\"><a data-gmtrig=\"1\" data-exlk=\"0\" style=\"background-color: #38823b;\" id=\"evc_17821998002489\" class=\"hasFtIMG event_repeat desc_trig sin_val evcal_list_a\" data-ux_val=\"3\" data-ux_val_mob=\"-\"  ><span class='evoet_c1 evoet_cx '><span class='ev_ftImg' data-img='https:\/\/latemarium.com\/wp-content\/uploads\/2023\/06\/respirart-respiro-arte-natura.jpg' data-thumb='https:\/\/latemarium.com\/wp-content\/uploads\/2023\/06\/respirart-respiro-arte-natura-300x201.jpg' style='background-image:url(\"https:\/\/latemarium.com\/wp-content\/uploads\/2023\/06\/respirart-respiro-arte-natura-300x201.jpg\")' ><\/span><\/span><span class='evoet_c2 evoet_cx '><span class='evoet_dayblock evcal_cblock ' data-bgcolor='#38823b' data-smon='Juni' data-syr='2026' data-bub=''><span class='evo_start '><em class='date'>23<\/em><em class='month'>Jun<\/em><em class='time'>09:30<\/em><\/span><\/span><\/span><span class='evoet_c3 evoet_cx evcal_desc hide_eventtopdata '><span class='evoet_title evcal_desc2 evcal_event_title ' itemprop='name'>Respirart: Kunst und Natur<\/span><span class='event_location_attrs'  data-location_address=\"Localit\u00e0 Pampeago, 8, 38038 Tesero TN\" data-location_type=\"lonlat\" data-location_name=\"Pampeago\" data-location_url=\"https:\/\/latemarium.com\/de\/event-location\/pampeago-de\/\" data-location_status=\"true\" data-latlng=\"46.34343697644898,11.540997527961546\"><\/span><span class='evoet_subtitle evo_below_title' ><span class='evcal_event_subtitle ' >ENTDECKUNG DER KUNSTPARKS: RESPIRART<\/span><\/span><span class='evoet_time_expand level_3'><em class='evcal_time evo_tz_time'><i class='fa fa-clock-o'><\/i>09:30<span class='evo_tz marl5'>(GMT+02:00)<\/span><\/em> <\/span><span class='evoet_location level_3'><em class=\"evcal_location\"  data-latlng=\"46.34343697644898,11.540997527961546\" data-add_str=\"Localit\u00e0 Pampeago, 8, 38038 Tesero TN\" data-n=\"Pampeago\"><i class=\"fa fa-location-pin\"><\/i><em class=\"event_location_name\">Pampeago<\/em>, Localit\u00e0 Pampeago, 8, 38038 Tesero TN<\/em><\/span><\/span><span class='evoet_data' data-d=\"{&quot;loc.n&quot;:&quot;Pampeago&quot;,&quot;orgs&quot;:[],&quot;tags&quot;:{&quot;repeating&quot;:&quot;Repeating Event&quot;}}\" data-bgc=\"#38823b\" data-bggrad=\"\" ><\/span><\/a><\/p><div class='event_description evcal_eventcard ' style=\"display:none\"><div class='evocard_row'><div id='event_ftimage' class='evocard_box ftimage' data-c='' \n\t\t\t\t\tstyle=''><div class='evocard_main_image_hold' data-t='Loading Image..'><div class='evocard_main_image evo_img_triglb evobr15 evobgsc evobgpc evodfx evofx_jc_c evofx_ai_c evofz48 minmized' style='height:300px; background-image:url();' data-f=\"https:\/\/latemarium.com\/wp-content\/uploads\/2023\/06\/respirart-respiro-arte-natura.jpg\" data-h=\"602\" data-w=\"899\" data-ratio=\"0.66963292547275\" data-event_id=\"2489\" data-ri=\"0\"  data-t='Loading Image..'><span style='height:300px; background-image:url(https:\/\/latemarium.com\/wp-content\/uploads\/2023\/06\/respirart-respiro-arte-natura.jpg)'><\/span><\/div><\/div><\/div><\/div><div class='evocard_row'><div id='event_eventdetails' class='evocard_box eventdetails' data-c='' \n\t\t\t\t\tstyle=''><div class='evo_metarow_details evorow evcal_evdata_row evcal_event_details'>\n\t\t<div class=\"event_excerpt\" style=\"display:none\"><h3 class=\"padb5 evo_h3\">Details zur Veranstaltung<\/h3><p>Kunst in der H\u00f6he: Entdeckungsreise durch RespirArt zwischen Natur und Installationen<\/p><\/div><span class='evcal_evdata_icons'><i class='fa fa-align-justify'><\/i><\/span>\n\t\t\n\t\t<div class='evcal_evdata_cell shorter_desc'>\n\t\t\t<div class='eventon_full_description'>\n\t\t\t\t<h3 class='padb5 evo_h3'><span class='evcal_evdata_icons'><i class='fa fa-align-justify'><\/i><\/span>Details zur Veranstaltung<\/h3>\n\t\t\t\t<div class='eventon_desc_in' itemprop='description'>\n\t\t\t\t<h2>Kunst in der H\u00f6he: Entdeckungsreise durch RespirArt zwischen Natur und Installationen<\/h2>\n<p><span data-sheets-value=\"{&quot;1&quot;:2,&quot;2&quot;:&quot;Es beginnt um 9.30 Uhr vor dem Agnello-Sessellift-Seminovia, wo Sie den k\u00fcnstlerischen F\u00fchrer treffen, der Ihnen die Samen liefert und Sie bei der Aussaat von Blumen von oben begleitet, um Blumen zu erzeugen und so die Erde, die Bienen, die Ziegen und die K\u00fche Anschlie\u00dfend f\u00fchrt Sie der F\u00fchrer zu den Kunstwerken im Park. Auf dem 3 km langen Rundgang entdecken Sie die Inspirationen der K\u00fcnstler, die in Anwesenheit des Latemar k\u00fcnstlerische Gesten schufen.rnAktivit\u00e4t f\u00fcr Erwachsene geeignetrnKostenlose Aktivit\u00e4t (ohne Liftticket)rn&quot;}\" data-sheets-userformat=\"{&quot;2&quot;:15235,&quot;3&quot;:{&quot;1&quot;:0},&quot;4&quot;:{&quot;1&quot;:2,&quot;2&quot;:15987699},&quot;10&quot;:1,&quot;11&quot;:1,&quot;12&quot;:0,&quot;14&quot;:{&quot;1&quot;:2,&quot;2&quot;:5592405},&quot;15&quot;:&quot;Roboto&quot;,&quot;16&quot;:10}\">Es beginnt um 9.30 Uhr vor dem Agnello-Sessellift-&#8220;Seminovia&#8221;, wo Sie den k\u00fcnstlerischen F\u00fchrer treffen, der Ihnen die Samen liefert und Sie bei der Aussaat von Blumen von oben begleitet, um Blumen zu erzeugen und so die Erde, die Bienen, die Ziegen und die K\u00fche. <\/span><\/p>\n<p><span data-sheets-value=\"{&quot;1&quot;:2,&quot;2&quot;:&quot;Es beginnt um 9.30 Uhr vor dem Agnello-Sessellift-Seminovia, wo Sie den k\u00fcnstlerischen F\u00fchrer treffen, der Ihnen die Samen liefert und Sie bei der Aussaat von Blumen von oben begleitet, um Blumen zu erzeugen und so die Erde, die Bienen, die Ziegen und die K\u00fche Anschlie\u00dfend f\u00fchrt Sie der F\u00fchrer zu den Kunstwerken im Park. Auf dem 3 km langen Rundgang entdecken Sie die Inspirationen der K\u00fcnstler, die in Anwesenheit des Latemar k\u00fcnstlerische Gesten schufen.rnAktivit\u00e4t f\u00fcr Erwachsene geeignetrnKostenlose Aktivit\u00e4t (ohne Liftticket)rn&quot;}\" data-sheets-userformat=\"{&quot;2&quot;:15235,&quot;3&quot;:{&quot;1&quot;:0},&quot;4&quot;:{&quot;1&quot;:2,&quot;2&quot;:15987699},&quot;10&quot;:1,&quot;11&quot;:1,&quot;12&quot;:0,&quot;14&quot;:{&quot;1&quot;:2,&quot;2&quot;:5592405},&quot;15&quot;:&quot;Roboto&quot;,&quot;16&quot;:10}\">Anschlie\u00dfend f\u00fchrt Sie der F\u00fchrer zu den Kunstwerken im Park. Auf dem 3 km langen Rundgang entdecken Sie die Inspirationen der K\u00fcnstler, die in Anwesenheit des Latemar k\u00fcnstlerische Gesten schufen. <\/span><\/p>\n<p><span data-sheets-value=\"{&quot;1&quot;:2,&quot;2&quot;:&quot;Es beginnt um 9.30 Uhr vor dem Agnello-Sessellift-Seminovia, wo Sie den k\u00fcnstlerischen F\u00fchrer treffen, der Ihnen die Samen liefert und Sie bei der Aussaat von Blumen von oben begleitet, um Blumen zu erzeugen und so die Erde, die Bienen, die Ziegen und die K\u00fche Anschlie\u00dfend f\u00fchrt Sie der F\u00fchrer zu den Kunstwerken im Park. Auf dem 3 km langen Rundgang entdecken Sie die Inspirationen der K\u00fcnstler, die in Anwesenheit des Latemar k\u00fcnstlerische Gesten schufen.rnAktivit\u00e4t f\u00fcr Erwachsene geeignetrnKostenlose Aktivit\u00e4t (ohne Liftticket)rn&quot;}\" data-sheets-userformat=\"{&quot;2&quot;:15235,&quot;3&quot;:{&quot;1&quot;:0},&quot;4&quot;:{&quot;1&quot;:2,&quot;2&quot;:15987699},&quot;10&quot;:1,&quot;11&quot;:1,&quot;12&quot;:0,&quot;14&quot;:{&quot;1&quot;:2,&quot;2&quot;:5592405},&quot;15&quot;:&quot;Roboto&quot;,&quot;16&quot;:10}\">Aktivit\u00e4t f\u00fcr Erwachsene.<\/span><\/p>\n<p><a href=\"https:\/\/www.visitfiemme.it\/de\/veranstaltungen\/fiemme-cembra-guest-card\/erlebnisse\/erlebnisse-sommer\" target=\"_blank\" rel=\"noopener\">Reservierung erforderlich<\/a>.<\/p>\n<\/div><p class='eventon_shad_p' style='padding:5px 0 0; margin:0'>\n\t\t\t<span class='evcal_btn evo_btn_secondary evobtn_details_show_more' content='less'>\n\t\t\t\t<span class='ev_more_text' data-txt='Weniger'>Mehr<\/span><span class='ev_more_arrow ard'><\/span>\n\t\t\t<\/span>\n\t\t<\/p><div class='clear'><\/div>\n\t\t\t<\/div>\n\t\t<\/div>\n\t<\/div><\/div><\/div><div class='evocard_row bx2 bx'><div id='event_time' class='evocard_box time' data-c='' \n\t\t\t\t\tstyle=''><div class='evo_metarow_time evorow evcal_evdata_row evcal_evrow_sm '>\n\t\t<span class='evcal_evdata_icons'><i class='fa fa-clock'><\/i><\/span>\n\t\t<div class='evcal_evdata_cell'>\t\t\t\t\t\t\t\n\t\t\t<h3 class='evo_h3'><span class='evcal_evdata_icons'><i class='fa fa-clock'><\/i><\/span>Zeitplan<\/h3><p><span class='evo_eventcard_time_t'>23 Juni 2026 09:30<\/span><span class='evo_tz marr5'>(GMT+02:00)<\/span><\/p>\n\t\t<\/div>\n\t<\/div><\/div><div id='event_location' class='evocard_box location' data-c='' \n\t\t\t\t\tstyle=''><div class='evcal_evdata_row evo_metarow_time_location evorow '>\n\t\t\n\t\t\t<span class='evcal_evdata_icons'><i class='fa fa-map-marker'><\/i><\/span>\n\t\t\t<div class='evcal_evdata_cell' data-loc_tax_id='32'><h3 class='evo_h3 evodfx'><span class='evcal_evdata_icons'><i class='fa fa-map-marker'><\/i><\/span>Ort<\/h3><p class='evo_location_name'>Pampeago<\/p><p class='evo_location_address evodfxi evogap10'>Localit\u00e0 Pampeago, 8, 38038 Tesero TN<\/p><div class='padt10'><span class='evo_btn_arr evolb_trigger' data-lbvals=\"{&quot;lbc&quot;:&quot;evo_location_lb_32&quot;,&quot;lbac&quot;:&quot;lb_max&quot;,&quot;t&quot;:&quot;Pampeago&quot;,&quot;ajax&quot;:&quot;yes&quot;,&quot;ajax_type&quot;:&quot;endpoint&quot;,&quot;ajax_action&quot;:&quot;eventon_get_tax_card_content&quot;,&quot;end&quot;:&quot;client&quot;,&quot;d&quot;:{&quot;lang&quot;:&quot;L2&quot;,&quot;term_id&quot;:32,&quot;tax&quot;:&quot;event_location&quot;,&quot;load_lbcontent&quot;:true},&quot;uid&quot;:&quot;eventon_get_tax_card_content&quot;}\" >Other Events<i class='fa fa-chevron-right'><\/i><\/span><\/div><\/div>\n\t\t\n\t<\/div><\/div><\/div><div class='evocard_row'><div id='event_addtocal' class='evocard_box addtocal' data-c='' \n\t\t\t\t\tstyle=''><div class='evo_metarow_ICS evorow evcal_evdata_row'>\n\t\t\t<span class='evcal_evdata_icons'><i class='fa fa-calendar-o'><\/i><\/span>\n\t\t\t<div class='evcal_evdata_cell'>\n\t\t\t\t<p><a href='https:\/\/latemarium.com\/de\/export-events\/2489_0\/?nonce=7b34e59f7d' class='evo_ics_nCal' title='Zu Ihrem Kalender hinzuf\u00fcgen'>Kalender<\/a><a href='https:\/\/www.google.com\/calendar\/event?action=TEMPLATE&text=Respirart%3A+Kunst+und+Natur&dates=20260623T073000Z%2F20260623T215900Z&ctz=Europe%2FRome&details=Respirart: Kunst und Natur&location=Pampeago+Localit%C3%A0+Pampeago%2C+8%2C+38038+Tesero+TN' target='_blank' class='evo_ics_gCal' title='Zu Google Kalender hinzuf\u00fcgen'>GoogleCal<\/a><\/p>\t\n\t\t\t<\/div>\n\t\t<\/div><\/div><\/div><div class='evocard_row'><div id='event_repeats' class='evocard_box repeats' data-c='' \n\t\t\t\t\tstyle=''><div class='evo_metarow_repeats evorow evcal_evdata_row evcal_evrow_sm '>\n\t\t<span class='evcal_evdata_icons'><i class='fa fa-repeat'><\/i><\/span>\n\t\t<div class='evcal_evdata_cell'>\t\t\t\t\t\t\t\n\t\t\t<h3 class='evo_h3'>Zeitplan f\u00fcr k\u00fcnftige Veranstaltungen dieser Veranstaltungsreihe<\/h3><div class='evo_elm_HCS evo_repeat_series' style=''><span class='evo_elmHCS_nav HCSnavL evo_repeat_series content_slide_trig'><i class='fa fa-chevron-left'><\/i><\/span><span class='evo_elmHCS_nav HCSnavR evo_repeat_series content_slide_trig'><i class='fa fa-chevron-right'><\/i><\/span><div class='evo_elm_HCS_in'><div class='evo_repeat_series_dates clickable evodfx evofx_dr_r evogap10' data-click='1' data-event_url='https:\/\/latemarium.com\/de\/events\/respirart-kunst-und-natur\/var\/ri-0.l-L2'><span class='evo_repeat_series_date evodfx evofx_dr_r evofx_ai_c evogap5 evobr15 evobrdB1 evocl1 evopad15 evottu evofz14 evocurp evo_trans_sc1_03 evoHbgcw' data-ux=\"def\" data-l=\"https:\/\/latemarium.com\/de\/events\/respirart-kunst-und-natur\/var\/ri-1.l-L2\" ><span class='evodfx evofx_dr_c evotac evofx_jc_c'><b class='j evofz16'>30<\/b><b class='fy'>Juni <\/b><em class='t evofsn'>09:30<\/em><\/span><\/span><span class='evo_repeat_series_date evodfx evofx_dr_r evofx_ai_c evogap5 evobr15 evobrdB1 evocl1 evopad15 evottu evofz14 evocurp evo_trans_sc1_03 evoHbgcw' data-ux=\"def\" data-l=\"https:\/\/latemarium.com\/de\/events\/respirart-kunst-und-natur\/var\/ri-2.l-L2\" ><span class='evodfx evofx_dr_c evotac evofx_jc_c'><b class='j evofz16'>7<\/b><b class='fy'>Juli <\/b><em class='t evofsn'>09:30<\/em><\/span><\/span><span class='evo_repeat_series_date evodfx evofx_dr_r evofx_ai_c evogap5 evobr15 evobrdB1 evocl1 evopad15 evottu evofz14 evocurp evo_trans_sc1_03 evoHbgcw' data-ux=\"def\" data-l=\"https:\/\/latemarium.com\/de\/events\/respirart-kunst-und-natur\/var\/ri-3.l-L2\" ><span class='evodfx evofx_dr_c evotac evofx_jc_c'><b class='j evofz16'>14<\/b><b class='fy'>Juli <\/b><em class='t evofsn'>09:30<\/em><\/span><\/span><span class='evo_repeat_series_date evodfx evofx_dr_r evofx_ai_c evogap5 evobr15 evobrdB1 evocl1 evopad15 evottu evofz14 evocurp evo_trans_sc1_03 evoHbgcw' data-ux=\"def\" data-l=\"https:\/\/latemarium.com\/de\/events\/respirart-kunst-und-natur\/var\/ri-4.l-L2\" ><span class='evodfx evofx_dr_c evotac evofx_jc_c'><b class='j evofz16'>21<\/b><b class='fy'>Juli <\/b><em class='t evofsn'>09:30<\/em><\/span><\/span><span class='evo_repeat_series_date evodfx evofx_dr_r evofx_ai_c evogap5 evobr15 evobrdB1 evocl1 evopad15 evottu evofz14 evocurp evo_trans_sc1_03 evoHbgcw' data-ux=\"def\" data-l=\"https:\/\/latemarium.com\/de\/events\/respirart-kunst-und-natur\/var\/ri-5.l-L2\" ><span class='evodfx evofx_dr_c evotac evofx_jc_c'><b class='j evofz16'>28<\/b><b class='fy'>Juli <\/b><em class='t evofsn'>09:30<\/em><\/span><\/span><span class='evo_repeat_series_date evodfx evofx_dr_r evofx_ai_c evogap5 evobr15 evobrdB1 evocl1 evopad15 evottu evofz14 evocurp evo_trans_sc1_03 evoHbgcw' data-ux=\"def\" data-l=\"https:\/\/latemarium.com\/de\/events\/respirart-kunst-und-natur\/var\/ri-6.l-L2\" ><span class='evodfx evofx_dr_c evotac evofx_jc_c'><b class='j evofz16'>4<\/b><b class='fy'>August <\/b><em class='t evofsn'>09:30<\/em><\/span><\/span><span class='evo_repeat_series_date evodfx evofx_dr_r evofx_ai_c evogap5 evobr15 evobrdB1 evocl1 evopad15 evottu evofz14 evocurp evo_trans_sc1_03 evoHbgcw' data-ux=\"def\" data-l=\"https:\/\/latemarium.com\/de\/events\/respirart-kunst-und-natur\/var\/ri-7.l-L2\" ><span class='evodfx evofx_dr_c evotac evofx_jc_c'><b class='j evofz16'>11<\/b><b class='fy'>August <\/b><em class='t evofsn'>09:30<\/em><\/span><\/span><span class='evo_repeat_series_date evodfx evofx_dr_r evofx_ai_c evogap5 evobr15 evobrdB1 evocl1 evopad15 evottu evofz14 evocurp evo_trans_sc1_03 evoHbgcw' data-ux=\"def\" data-l=\"https:\/\/latemarium.com\/de\/events\/respirart-kunst-und-natur\/var\/ri-8.l-L2\" ><span class='evodfx evofx_dr_c evotac evofx_jc_c'><b class='j evofz16'>18<\/b><b class='fy'>August <\/b><em class='t evofsn'>09:30<\/em><\/span><\/span><span class='evo_repeat_series_date evodfx evofx_dr_r evofx_ai_c evogap5 evobr15 evobrdB1 evocl1 evopad15 evottu evofz14 evocurp evo_trans_sc1_03 evoHbgcw' data-ux=\"def\" data-l=\"https:\/\/latemarium.com\/de\/events\/respirart-kunst-und-natur\/var\/ri-9.l-L2\" ><span class='evodfx evofx_dr_c evotac evofx_jc_c'><b class='j evofz16'>25<\/b><b class='fy'>August <\/b><em class='t evofsn'>09:30<\/em><\/span><\/span><span class='evo_repeat_series_date evodfx evofx_dr_r evofx_ai_c evogap5 evobr15 evobrdB1 evocl1 evopad15 evottu evofz14 evocurp evo_trans_sc1_03 evoHbgcw' data-ux=\"def\" data-l=\"https:\/\/latemarium.com\/de\/events\/respirart-kunst-und-natur\/var\/ri-10.l-L2\" ><span class='evodfx evofx_dr_c evotac evofx_jc_c'><b class='j evofz16'>1<\/b><b class='fy'>September <\/b><em class='t evofsn'>09:30<\/em><\/span><\/span><span class='evo_repeat_series_date evodfx evofx_dr_r evofx_ai_c evogap5 evobr15 evobrdB1 evocl1 evopad15 evottu evofz14 evocurp evo_trans_sc1_03 evoHbgcw' data-ux=\"def\" data-l=\"https:\/\/latemarium.com\/de\/events\/respirart-kunst-und-natur\/var\/ri-11.l-L2\" ><span class='evodfx evofx_dr_c evotac evofx_jc_c'><b class='j evofz16'>8<\/b><b class='fy'>September <\/b><em class='t evofsn'>09:30<\/em><\/span><\/span><\/div><\/div><\/div><\/div><\/div><\/div><\/div><div class='evocard_row'><div id='event_getdirection' class='evocard_box getdirection' data-c='' \n\t\t\t\t\tstyle=''><div class='evo_metarow_getDr evorow evcal_evdata_row evcal_evrow_sm getdirections'>\n\t\t<form action='https:\/\/maps.google.com\/maps' method='get' target='_blank'>\n\t\t\t<input type='hidden' name='daddr' value=\"Localit\u00e0 Pampeago, 8, 38038 Tesero TN\"\/> \n\t\t\t<div class='evo_get_direction_content evo_fx_dr_r evogap10'>\n\t\t\t\t<span class='evogetdir_header evodfx evofx_dr_r evofx_ai_c marr10'>\n\t\t\t\t\t<i class='mainicon fa fa-road'><\/i> \n\t\t\t\t\t<h3 class='evo_h3' style='padding-bottom:5px;'>Wegbeschreibung abrufen<\/h3>\n\t\t\t\t<\/span>\n\t\t\t\t<span class='evogetdir_field evodfx evofx_1_1 evo_fx_dr_c evow100p'>\t\t\t\t\t\n\t\t\t\t\t<input class='evoInput evotac' type='text' name='saddr' placeholder='&quot;Geben Sie die Adresse ein' value='' style='margin:10px 0;'\/>\n\t\t\t\t<\/span>\n\t\t\t\t<button type='submit' class='evo_get_direction_button evo_btn_arr_circ dfx fx_ai_c' title='&quot;Klicken Sie hier'><i class='fa fa-chevron-right'><\/i> <\/button>\n\t\t\t<\/div>\n\t\t<\/form>\n\t<\/div><\/div><\/div><div class='evo_card_row_end evcal_close' title='Schlie\u00dfen'><\/div><\/div><div class='clear end'><\/div><\/div><div id=\"event_2107_0\" class=\"eventon_list_event evo_eventtop scheduled  event clrW no_et event_2107_0\" data-event_id=\"2107\" data-ri=\"0r\" data-time=\"1782214200-1782251940\" data-colr=\"#facd05\" itemscope itemtype='http:\/\/schema.org\/Event'><div class=\"evo_event_schema\" style=\"display:none\" ><a itemprop='url'  href='https:\/\/latemarium.com\/de\/events\/mindful-latemar\/var\/ri-0.l-L2'><\/a><meta itemprop='image' content=\"https:\/\/latemarium.com\/wp-content\/uploads\/2023\/06\/\u00a9Obereggen_LatemarAG.SpA_Mindful.Latemar_Ph.Guenther.Pichler_06.jpg\" \/><meta itemprop='startDate' content=\"2026-6-23T13:30+0:00\" \/><meta itemprop='endDate' content=\"2026-6-23T23:59+0:00\" \/><meta itemprop='eventStatus' content=\"https:\/\/schema.org\/EventScheduled\" \/><meta itemprop='eventAttendanceMode'   itemscope itemtype=\"https:\/\/schema.org\/OfflineEventAttendanceMode\"\/><div style=\"display:none\" itemprop=\"location\" itemscope itemtype=\"http:\/\/schema.org\/Place\"><span itemprop=\"name\">Talstation Obereggen<\/span><span itemprop=\"address\" itemscope itemtype=\"http:\/\/schema.org\/PostalAddress\"><item itemprop=\"streetAddress\">Obereggen 16 I-39050 Deutschnofen (BZ)<\/item><\/span><\/div><script type=\"application\/ld+json\">{\"@context\": \"http:\/\/schema.org\",\"@type\": \"Event\",\n\t\t\t\t\"@id\": \"event_2107_0\",\n\t\t\t\t\"eventAttendanceMode\":\"https:\/\/schema.org\/OfflineEventAttendanceMode\",\n\t\t\t\t\"eventStatus\":\"https:\/\/schema.org\/EventScheduled\",\n\t\t\t\t\"name\": \"Mindful.Latemar\",\n\t\t\t\t\"url\": \"https:\/\/latemarium.com\/de\/events\/mindful-latemar\/var\/ri-0.l-L2\",\n\t\t\t\t\"startDate\": \"2026-6-23T13:30+0:00\",\n\t\t\t\t\"endDate\": \"2026-6-23T23:59+0:00\",\n\t\t\t\t\"image\":\"https:\/\/latemarium.com\/wp-content\/uploads\/2023\/06\/\u00a9Obereggen_LatemarAG.SpA_Mindful.Latemar_Ph.Guenther.Pichler_06.jpg\", \n\t\t\t\t\"description\":\"<p>Mindful.Latemar befindet sich in Obereggen entlang des <strong>Rundweges auf dem Golfrion<\/strong>, am Fu\u00dfe der Dolomiten auf 1872 Metern Meeresh\u00f6he.<\/p> <p>Der Weg beinhaltet <strong>18 verschiedene Mindfulness-\u00dcbungen<\/strong> an einem besonderen Ort, der nach dem Sturm Vaia im November 2018 ein Beispiel f\u00fcr Best\u00e4ndigkeit und Resilienz wurde.<\/p> <h3 class='wysiwyg__subline'>Dr. Thomas Bernagozzi begleitet dich immer dienstags:<\/h3> <div class='wysiwyg__description'> <p>von 13.30 bis 15.30 Uhr (auf Deutsch )<br \/> von 15.45 bis 17.45 Uhr (auf Italienisch)<\/p> <ul> <li>Treffpunkt: Talstation der Kabinenbahn &#8220;Obereggen-Ochsenweide&#8221;<\/li> <li>Kosten: 30 Euro inklusive der Berg- und Talfahrt<\/li> <li>Anmeldung online:\u00a0<a href='https:\/\/eggental.com\/de\/ajax-events#11944' target='_blank' rel='noopener'><strong><u>Eggental Tourismus<\/u><\/strong><\/a>\u00a0(max. 10 Personen)<\/li> <\/ul> <\/div> \",\"location\":[{\"@type\":\"Place\",\"name\":\"Talstation Obereggen\",\"address\":{\"@type\": \"PostalAddress\",\"streetAddress\":\"Obereggen 16 I-39050 Deutschnofen (BZ)\"}}]}<\/script><\/div>\r\n\t\t\t\t<p class=\"desc_trig_outter\" style=\"\"><a data-gmtrig=\"1\" data-exlk=\"0\" style=\"background-color: #facd05;\" id=\"evc_17822142002107\" class=\"hasFtIMG event_repeat desc_trig sin_val evcal_list_a\" data-ux_val=\"3\" data-ux_val_mob=\"-\"  ><span class='evoet_c1 evoet_cx '><span class='ev_ftImg' data-img='https:\/\/latemarium.com\/wp-content\/uploads\/2023\/06\/\u00a9Obereggen_LatemarAG.SpA_Mindful.Latemar_Ph.Guenther.Pichler_06.jpg' data-thumb='https:\/\/latemarium.com\/wp-content\/uploads\/2023\/06\/\u00a9Obereggen_LatemarAG.SpA_Mindful.Latemar_Ph.Guenther.Pichler_06-300x169.jpg' style='background-image:url(\"https:\/\/latemarium.com\/wp-content\/uploads\/2023\/06\/\u00a9Obereggen_LatemarAG.SpA_Mindful.Latemar_Ph.Guenther.Pichler_06-300x169.jpg\")' ><\/span><\/span><span class='evoet_c2 evoet_cx '><span class='evoet_dayblock evcal_cblock ' data-bgcolor='#facd05' data-smon='Juni' data-syr='2026' data-bub=''><span class='evo_start '><em class='date'>23<\/em><em class='month'>Jun<\/em><em class='time'>13:30<\/em><\/span><\/span><\/span><span class='evoet_c3 evoet_cx evcal_desc hide_eventtopdata '><span class='evoet_title evcal_desc2 evcal_event_title ' itemprop='name'>Mindful.Latemar<\/span><span class='event_location_attrs'  data-location_address=\"Obereggen 16 I-39050 Deutschnofen (BZ)\" data-location_type=\"lonlat\" data-location_name=\"Talstation Obereggen\" data-location_url=\"https:\/\/latemarium.com\/de\/event-location\/talstation-obereggen\/\" data-location_status=\"true\" data-latlng=\"46.3835808246333,11.52667595881786\"><\/span><span class='evoet_subtitle evo_below_title' ><span class='evcal_event_subtitle ' >Mindful.Latemar ist der erste immersive Achtsamkeitspfad in den Alpen.<\/span><\/span><span class='evoet_time_expand level_3'><em class='evcal_time evo_tz_time'><i class='fa fa-clock-o'><\/i>13:30<span class='evo_tz marl5'>(GMT+02:00)<\/span><\/em> <\/span><span class='evoet_location level_3'><em class=\"evcal_location\"  data-latlng=\"46.3835808246333,11.52667595881786\" data-add_str=\"Obereggen 16 I-39050 Deutschnofen (BZ)\" data-n=\"Talstation Obereggen\"><i class=\"fa fa-location-pin\"><\/i><em class=\"event_location_name\">Talstation Obereggen<\/em>, Obereggen 16 I-39050 Deutschnofen (BZ)<\/em><\/span><\/span><span class='evoet_data' data-d=\"{&quot;loc.n&quot;:&quot;Talstation Obereggen&quot;,&quot;orgs&quot;:[],&quot;tags&quot;:{&quot;repeating&quot;:&quot;Repeating Event&quot;}}\" data-bgc=\"#facd05\" data-bggrad=\"\" ><\/span><\/a><\/p><div class='event_description evcal_eventcard ' style=\"display:none\"><div class='evocard_row'><div id='event_ftimage' class='evocard_box ftimage' data-c='' \n\t\t\t\t\tstyle=''><div class='evocard_main_image_hold' data-t='Loading Image..'><div class='evocard_main_image evo_img_triglb evobr15 evobgsc evobgpc evodfx evofx_jc_c evofx_ai_c evofz48 minmized' style='height:300px; background-image:url();' data-f=\"https:\/\/latemarium.com\/wp-content\/uploads\/2023\/06\/\u00a9Obereggen_LatemarAG.SpA_Mindful.Latemar_Ph.Guenther.Pichler_06.jpg\" data-h=\"812\" data-w=\"1445\" data-ratio=\"0.56193771626298\" data-event_id=\"2107\" data-ri=\"0\"  data-t='Loading Image..'><span style='height:300px; background-image:url(https:\/\/latemarium.com\/wp-content\/uploads\/2023\/06\/\u00a9Obereggen_LatemarAG.SpA_Mindful.Latemar_Ph.Guenther.Pichler_06.jpg)'><\/span><\/div><\/div><\/div><\/div><div class='evocard_row'><div id='event_eventdetails' class='evocard_box eventdetails' data-c='' \n\t\t\t\t\tstyle=''><div class='evo_metarow_details evorow evcal_evdata_row evcal_event_details'>\n\t\t<div class=\"event_excerpt\" style=\"display:none\"><h3 class=\"padb5 evo_h3\">Details zur Veranstaltung<\/h3><p>Mindful.Latemar befindet sich in Obereggen entlang des Rundweges auf dem Golfrion, am Fu\u00dfe der Dolomiten auf 1872 Metern Meeresh\u00f6he.\nDer Weg beinhaltet 18 verschiedene Mindfulness-\u00dcbungen an einem besonderen Ort, der nach<\/p><\/div><span class='evcal_evdata_icons'><i class='fa fa-align-justify'><\/i><\/span>\n\t\t\n\t\t<div class='evcal_evdata_cell shorter_desc'>\n\t\t\t<div class='eventon_full_description'>\n\t\t\t\t<h3 class='padb5 evo_h3'><span class='evcal_evdata_icons'><i class='fa fa-align-justify'><\/i><\/span>Details zur Veranstaltung<\/h3>\n\t\t\t\t<div class='eventon_desc_in' itemprop='description'>\n\t\t\t\t<p>Mindful.Latemar befindet sich in Obereggen entlang des <strong>Rundweges auf dem Golfrion<\/strong>, am Fu\u00dfe der Dolomiten auf 1872 Metern Meeresh\u00f6he.<\/p>\n<p>Der Weg beinhaltet <strong>18 verschiedene Mindfulness-\u00dcbungen<\/strong> an einem besonderen Ort, der nach dem Sturm Vaia im November 2018 ein Beispiel f\u00fcr Best\u00e4ndigkeit und Resilienz wurde.<\/p>\n<h3 class=\"wysiwyg__subline\">Dr. Thomas Bernagozzi begleitet dich immer dienstags:<\/h3>\n<div class=\"wysiwyg__description\">\n<p>von 13.30 bis 15.30 Uhr (auf Deutsch )<br \/>\nvon 15.45 bis 17.45 Uhr (auf Italienisch)<\/p>\n<ul>\n<li>Treffpunkt: Talstation der Kabinenbahn &#8220;Obereggen-Ochsenweide&#8221;<\/li>\n<li>Kosten: 30 Euro inklusive der Berg- und Talfahrt<\/li>\n<li>Anmeldung online:\u00a0<a href=\"https:\/\/eggental.com\/de\/ajax-events#11944\" target=\"_blank\" rel=\"noopener\"><strong><u>Eggental Tourismus<\/u><\/strong><\/a>\u00a0(max. 10 Personen)<\/li>\n<\/ul>\n<\/div>\n<\/div><p class='eventon_shad_p' style='padding:5px 0 0; margin:0'>\n\t\t\t<span class='evcal_btn evo_btn_secondary evobtn_details_show_more' content='less'>\n\t\t\t\t<span class='ev_more_text' data-txt='Weniger'>Mehr<\/span><span class='ev_more_arrow ard'><\/span>\n\t\t\t<\/span>\n\t\t<\/p><div class='clear'><\/div>\n\t\t\t<\/div>\n\t\t<\/div>\n\t<\/div><\/div><\/div><div class='evocard_row bx2 bx'><div id='event_time' class='evocard_box time' data-c='' \n\t\t\t\t\tstyle=''><div class='evo_metarow_time evorow evcal_evdata_row evcal_evrow_sm '>\n\t\t<span class='evcal_evdata_icons'><i class='fa fa-clock'><\/i><\/span>\n\t\t<div class='evcal_evdata_cell'>\t\t\t\t\t\t\t\n\t\t\t<h3 class='evo_h3'><span class='evcal_evdata_icons'><i class='fa fa-clock'><\/i><\/span>Zeitplan<\/h3><p><span class='evo_eventcard_time_t'>23 Juni 2026 13:30<\/span><span class='evo_tz marr5'>(GMT+02:00)<\/span><\/p>\n\t\t<\/div>\n\t<\/div><\/div><div id='event_location' class='evocard_box location' data-c='' \n\t\t\t\t\tstyle=''><div class='evcal_evdata_row evo_metarow_time_location evorow '>\n\t\t\n\t\t\t<span class='evcal_evdata_icons'><i class='fa fa-map-marker'><\/i><\/span>\n\t\t\t<div class='evcal_evdata_cell' data-loc_tax_id='23'><h3 class='evo_h3 evodfx'><span class='evcal_evdata_icons'><i class='fa fa-map-marker'><\/i><\/span>Ort<\/h3><p class='evo_location_name'>Talstation Obereggen<\/p><p class='evo_location_address evodfxi evogap10'>Obereggen 16 I-39050 Deutschnofen (BZ)<\/p><div class='padt10'><span class='evo_btn_arr evolb_trigger' data-lbvals=\"{&quot;lbc&quot;:&quot;evo_location_lb_23&quot;,&quot;lbac&quot;:&quot;lb_max&quot;,&quot;t&quot;:&quot;Talstation Obereggen&quot;,&quot;ajax&quot;:&quot;yes&quot;,&quot;ajax_type&quot;:&quot;endpoint&quot;,&quot;ajax_action&quot;:&quot;eventon_get_tax_card_content&quot;,&quot;end&quot;:&quot;client&quot;,&quot;d&quot;:{&quot;lang&quot;:&quot;L2&quot;,&quot;term_id&quot;:23,&quot;tax&quot;:&quot;event_location&quot;,&quot;load_lbcontent&quot;:true},&quot;uid&quot;:&quot;eventon_get_tax_card_content&quot;}\" >Other Events<i class='fa fa-chevron-right'><\/i><\/span><\/div><\/div>\n\t\t\n\t<\/div><\/div><\/div><div class='evocard_row bx2 bx'><div id='event_learnmore' class='evocard_box learnmore' data-c='' \n\t\t\t\t\tstyle=''><div class='evo_metarow_learnM evo_metarow_learnmore evorow'>\n\t\t\t\t\t\t\t<a class='evcal_evdata_row evo_clik_row ' href='https:\/\/obereggen.com\/de\/mindfullatemar' target=\"_blank\">\n\t\t\t\t\t\t\t\t<span class='evcal_evdata_icons'><i class='fa fa-link'><\/i><\/span>\n\t\t\t\t\t\t\t\t<h3 class='evo_h3'>Entdecke mehr<\/h3>\n\t\t\t\t\t\t\t<\/a>\n\t\t\t\t\t\t\t<\/div><\/div><div id='event_addtocal' class='evocard_box addtocal' data-c='' \n\t\t\t\t\tstyle=''><div class='evo_metarow_ICS evorow evcal_evdata_row'>\n\t\t\t<span class='evcal_evdata_icons'><i class='fa fa-calendar-o'><\/i><\/span>\n\t\t\t<div class='evcal_evdata_cell'>\n\t\t\t\t<p><a href='https:\/\/latemarium.com\/de\/export-events\/2107_0\/?nonce=7b34e59f7d' class='evo_ics_nCal' title='Zu Ihrem Kalender hinzuf\u00fcgen'>Kalender<\/a><a href='https:\/\/www.google.com\/calendar\/event?action=TEMPLATE&text=Mindful.Latemar&dates=20260623T113000Z%2F20260623T215900Z&ctz=Europe%2FRome&details=Mindful.Latemar&location=Talstation+Obereggen+Obereggen+16+I-39050+Deutschnofen+%28BZ%29' target='_blank' class='evo_ics_gCal' title='Zu Google Kalender hinzuf\u00fcgen'>GoogleCal<\/a><\/p>\t\n\t\t\t<\/div>\n\t\t<\/div><\/div><\/div><div class='evocard_row'><div id='event_getdirection' class='evocard_box getdirection' data-c='' \n\t\t\t\t\tstyle=''><div class='evo_metarow_getDr evorow evcal_evdata_row evcal_evrow_sm getdirections'>\n\t\t<form action='https:\/\/maps.google.com\/maps' method='get' target='_blank'>\n\t\t\t<input type='hidden' name='daddr' value=\"46.3835808246333,11.52667595881786\"\/> \n\t\t\t<div class='evo_get_direction_content evo_fx_dr_r evogap10'>\n\t\t\t\t<span class='evogetdir_header evodfx evofx_dr_r evofx_ai_c marr10'>\n\t\t\t\t\t<i class='mainicon fa fa-road'><\/i> \n\t\t\t\t\t<h3 class='evo_h3' style='padding-bottom:5px;'>Wegbeschreibung abrufen<\/h3>\n\t\t\t\t<\/span>\n\t\t\t\t<span class='evogetdir_field evodfx evofx_1_1 evo_fx_dr_c evow100p'>\t\t\t\t\t\n\t\t\t\t\t<input class='evoInput evotac' type='text' name='saddr' placeholder='&quot;Geben Sie die Adresse ein' value='' style='margin:10px 0;'\/>\n\t\t\t\t<\/span>\n\t\t\t\t<button type='submit' class='evo_get_direction_button evo_btn_arr_circ dfx fx_ai_c' title='&quot;Klicken Sie hier'><i class='fa fa-chevron-right'><\/i> <\/button>\n\t\t\t<\/div>\n\t\t<\/form>\n\t<\/div><\/div><\/div><div class='evo_card_row_end evcal_close' title='Schlie\u00dfen'><\/div><\/div><div class='clear end'><\/div><\/div><div id=\"event_2938_0\" class=\"eventon_list_event evo_eventtop scheduled  event clrD event_2938_0\" data-event_id=\"2938\" data-ri=\"0r\" data-time=\"1782302400-1782311400\" data-colr=\"#38823b\" itemscope itemtype='http:\/\/schema.org\/Event'><div class=\"evo_event_schema\" style=\"display:none\" ><a itemprop='url'  href='https:\/\/latemarium.com\/de\/events\/unterwegs-mit-ponys\/var\/ri-0.l-L2'><\/a><meta itemprop='image' content=\"https:\/\/latemarium.com\/wp-content\/uploads\/2026\/04\/pony.jpg\" \/><meta itemprop='startDate' content=\"2026-6-24T14:00+0:00\" \/><meta itemprop='endDate' content=\"2026-6-24T16:30+0:00\" \/><meta itemprop='eventStatus' content=\"https:\/\/schema.org\/EventScheduled\" \/><meta itemprop='eventAttendanceMode'   itemscope itemtype=\"https:\/\/schema.org\/OfflineEventAttendanceMode\"\/><div style=\"display:none\" itemprop=\"location\" itemscope itemtype=\"http:\/\/schema.org\/Place\"><span itemprop=\"name\">Pampeago<\/span><span itemprop=\"address\" itemscope itemtype=\"http:\/\/schema.org\/PostalAddress\"><item itemprop=\"streetAddress\">Localit\u00e0 Pampeago, 8, 38038 Tesero TN<\/item><\/span><\/div><script type=\"application\/ld+json\">{\"@context\": \"http:\/\/schema.org\",\"@type\": \"Event\",\n\t\t\t\t\"@id\": \"event_2938_0\",\n\t\t\t\t\"eventAttendanceMode\":\"https:\/\/schema.org\/OfflineEventAttendanceMode\",\n\t\t\t\t\"eventStatus\":\"https:\/\/schema.org\/EventScheduled\",\n\t\t\t\t\"name\": \"Unterwegs mit Ponys\",\n\t\t\t\t\"url\": \"https:\/\/latemarium.com\/de\/events\/unterwegs-mit-ponys\/var\/ri-0.l-L2\",\n\t\t\t\t\"startDate\": \"2026-6-24T14:00+0:00\",\n\t\t\t\t\"endDate\": \"2026-6-24T16:30+0:00\",\n\t\t\t\t\"image\":\"https:\/\/latemarium.com\/wp-content\/uploads\/2026\/04\/pony.jpg\", \n\t\t\t\t\"description\":\"<p>Ein angenehmer Spaziergang zur Entdeckung der Landschaften von Pampeago, begleitet von freundlichen Ponys, die Kinder und Familien sicher entlang der Route f\u00fchren.<\/p> <p>Ein entspannendes und unterhaltsames Erlebnis \u2013 ideal, um die Bergwelt in gem\u00e4chlichem Tempo zu genie\u00dfen und eine besondere Verbindung zu diesen sanften Tieren aufzubauen.<\/p> <p><strong>INFORMATIONEN:<\/strong><br \/> Wann \u2013 Jeden Mittwoch vom 24.06. bis 09.09.<br \/> Uhrzeit \u2013 Von 14:00 bis 16:30 Uhr (je nach Verf\u00fcgbarkeit)<br \/> Treffpunkt \u2013 Parkplatz der Tresca-Sesselbahn (Zutritt NUR f\u00fcr Teilnehmende mit Reservierung)<\/p> <p>Aktivit\u00e4t geeignet f\u00fcr Familien und Kinder.<\/p> <p>Reservierung erforderlich \u2013 klicken Sie <a href='https:\/\/www.visitfiemme.it\/de\/veranstaltungen\/fiemme-cembra-guest-card\/erlebnisse\/erlebnisse-sommer' target='_blank' rel='noopener'>HIER<\/a>, um zu buchen<\/p> \",\"location\":[{\"@type\":\"Place\",\"name\":\"Pampeago\",\"address\":{\"@type\": \"PostalAddress\",\"streetAddress\":\"Localit\u00e0 Pampeago, 8, 38038 Tesero TN\"}}]}<\/script><\/div>\r\n\t\t\t\t<p class=\"desc_trig_outter\" style=\"\"><a data-gmap_status=\"null\" data-exlk=\"0\" style=\"background-color: #38823b;\" id=\"evc_17823024002938\" class=\"hasFtIMG event_repeat desc_trig sin_val evcal_list_a\" data-ux_val=\"3\" data-ux_val_mob=\"-\"  ><span class='evoet_c1 evoet_cx '><span class='ev_ftImg' data-img='https:\/\/latemarium.com\/wp-content\/uploads\/2026\/04\/pony.jpg' data-thumb='https:\/\/latemarium.com\/wp-content\/uploads\/2026\/04\/pony-300x110.jpg' style='background-image:url(\"https:\/\/latemarium.com\/wp-content\/uploads\/2026\/04\/pony-300x110.jpg\")' ><\/span><\/span><span class='evoet_c2 evoet_cx '><span class='evoet_dayblock evcal_cblock ' data-bgcolor='#38823b' data-smon='Juni' data-syr='2026' data-bub=''><span class='evo_start '><em class='date'>24<\/em><em class='month'>Jun<\/em><em class='time'>14:00<\/em><\/span><span class='evo_end only_time'><em class='time'>16:30<\/em><\/span><\/span><\/span><span class='evoet_c3 evoet_cx evcal_desc hide_eventtopdata '><span class='evoet_title evcal_desc2 evcal_event_title ' itemprop='name'>Unterwegs mit Ponys<\/span><span class='event_location_attrs'  data-location_address=\"Localit\u00e0 Pampeago, 8, 38038 Tesero TN\" data-location_type=\"lonlat\" data-location_name=\"Pampeago\" data-location_url=\"https:\/\/latemarium.com\/de\/event-location\/pampeago-de\/\" data-location_status=\"true\" data-latlng=\"46.34343697644898,11.540997527961546\"><\/span><span class='evoet_subtitle evo_below_title' ><span class='evcal_event_subtitle ' >Familienwanderung<\/span><\/span><span class='evoet_time_expand level_3'><em class='evcal_time evo_tz_time'><i class='fa fa-clock-o'><\/i>14:00 - 16:30<span class='evo_tz marl5'>(GMT+02:00)<\/span><\/em> <\/span><span class='evoet_location level_3'><em class=\"evcal_location\"  data-latlng=\"46.34343697644898,11.540997527961546\" data-add_str=\"Localit\u00e0 Pampeago, 8, 38038 Tesero TN\" data-n=\"Pampeago\"><i class=\"fa fa-location-pin\"><\/i><em class=\"event_location_name\">Pampeago<\/em>, Localit\u00e0 Pampeago, 8, 38038 Tesero TN<\/em><\/span><\/span><span class='evoet_data' data-d=\"{&quot;loc.n&quot;:&quot;Pampeago&quot;,&quot;orgs&quot;:[],&quot;tags&quot;:{&quot;repeating&quot;:&quot;Repeating Event&quot;}}\" data-bgc=\"#38823b\" data-bggrad=\"\" ><\/span><\/a><\/p><div class='event_description evcal_eventcard ' style=\"display:none\"><div class='evocard_row'><div id='event_ftimage' class='evocard_box ftimage' data-c='' \n\t\t\t\t\tstyle=''><div class='evocard_main_image_hold' data-t='Loading Image..'><div class='evocard_main_image evo_img_triglb evobr15 evobgsc evobgpc evodfx evofx_jc_c evofx_ai_c evofz48 minmized' style='height:300px; background-image:url();' data-f=\"https:\/\/latemarium.com\/wp-content\/uploads\/2026\/04\/pony.jpg\" data-h=\"368\" data-w=\"1000\" data-ratio=\"0.368\" data-event_id=\"2938\" data-ri=\"0\"  data-t='Loading Image..'><span style='height:300px; background-image:url(https:\/\/latemarium.com\/wp-content\/uploads\/2026\/04\/pony.jpg)'><\/span><\/div><\/div><\/div><\/div><div class='evocard_row'><div id='event_eventdetails' class='evocard_box eventdetails' data-c='' \n\t\t\t\t\tstyle=''><div class='evo_metarow_details evorow evcal_evdata_row evcal_event_details'>\n\t\t<div class=\"event_excerpt\" style=\"display:none\"><h3 class=\"padb5 evo_h3\">Details zur Veranstaltung<\/h3><p>Ein angenehmer Spaziergang zur Entdeckung der Landschaften von Pampeago, begleitet von freundlichen Ponys, die Kinder und Familien sicher entlang der Route f\u00fchren.\nEin entspannendes und unterhaltsames Erlebnis \u2013 ideal, um die<\/p><\/div><span class='evcal_evdata_icons'><i class='fa fa-align-justify'><\/i><\/span>\n\t\t\n\t\t<div class='evcal_evdata_cell shorter_desc'>\n\t\t\t<div class='eventon_full_description'>\n\t\t\t\t<h3 class='padb5 evo_h3'><span class='evcal_evdata_icons'><i class='fa fa-align-justify'><\/i><\/span>Details zur Veranstaltung<\/h3>\n\t\t\t\t<div class='eventon_desc_in' itemprop='description'>\n\t\t\t\t<p>Ein angenehmer Spaziergang zur Entdeckung der Landschaften von Pampeago, begleitet von freundlichen Ponys, die Kinder und Familien sicher entlang der Route f\u00fchren.<\/p>\n<p>Ein entspannendes und unterhaltsames Erlebnis \u2013 ideal, um die Bergwelt in gem\u00e4chlichem Tempo zu genie\u00dfen und eine besondere Verbindung zu diesen sanften Tieren aufzubauen.<\/p>\n<p><strong>INFORMATIONEN:<\/strong><br \/>\nWann \u2013 Jeden Mittwoch vom 24.06. bis 09.09.<br \/>\nUhrzeit \u2013 Von 14:00 bis 16:30 Uhr (je nach Verf\u00fcgbarkeit)<br \/>\nTreffpunkt \u2013 Parkplatz der Tresca-Sesselbahn (Zutritt NUR f\u00fcr Teilnehmende mit Reservierung)<\/p>\n<p>Aktivit\u00e4t geeignet f\u00fcr Familien und Kinder.<\/p>\n<p>Reservierung erforderlich \u2013 klicken Sie <a href=\"https:\/\/www.visitfiemme.it\/de\/veranstaltungen\/fiemme-cembra-guest-card\/erlebnisse\/erlebnisse-sommer\" target=\"_blank\" rel=\"noopener\">HIER<\/a>, um zu buchen<\/p>\n<\/div><p class='eventon_shad_p' style='padding:5px 0 0; margin:0'>\n\t\t\t<span class='evcal_btn evo_btn_secondary evobtn_details_show_more' content='less'>\n\t\t\t\t<span class='ev_more_text' data-txt='Weniger'>Mehr<\/span><span class='ev_more_arrow ard'><\/span>\n\t\t\t<\/span>\n\t\t<\/p><div class='clear'><\/div>\n\t\t\t<\/div>\n\t\t<\/div>\n\t<\/div><\/div><\/div><div class='evocard_row bx2 bx'><div id='event_time' class='evocard_box time' data-c='' \n\t\t\t\t\tstyle=''><div class='evo_metarow_time evorow evcal_evdata_row evcal_evrow_sm '>\n\t\t<span class='evcal_evdata_icons'><i class='fa fa-clock'><\/i><\/span>\n\t\t<div class='evcal_evdata_cell'>\t\t\t\t\t\t\t\n\t\t\t<h3 class='evo_h3'><span class='evcal_evdata_icons'><i class='fa fa-clock'><\/i><\/span>Zeitplan<\/h3><p><span class='evo_eventcard_time_t'>24 Juni 2026 14:00 - 16:30<\/span><span class='evo_tz marr5'>(GMT+02:00)<\/span><\/p>\n\t\t<\/div>\n\t<\/div><\/div><div id='event_location' class='evocard_box location' data-c='' \n\t\t\t\t\tstyle=''><div class='evcal_evdata_row evo_metarow_time_location evorow '>\n\t\t\n\t\t\t<span class='evcal_evdata_icons'><i class='fa fa-map-marker'><\/i><\/span>\n\t\t\t<div class='evcal_evdata_cell' data-loc_tax_id='32'><h3 class='evo_h3 evodfx'><span class='evcal_evdata_icons'><i class='fa fa-map-marker'><\/i><\/span>Ort<\/h3><p class='evo_location_name'>Pampeago<\/p><p class='evo_location_address evodfxi evogap10'>Localit\u00e0 Pampeago, 8, 38038 Tesero TN<\/p><div class='padt10'><span class='evo_btn_arr evolb_trigger' data-lbvals=\"{&quot;lbc&quot;:&quot;evo_location_lb_32&quot;,&quot;lbac&quot;:&quot;lb_max&quot;,&quot;t&quot;:&quot;Pampeago&quot;,&quot;ajax&quot;:&quot;yes&quot;,&quot;ajax_type&quot;:&quot;endpoint&quot;,&quot;ajax_action&quot;:&quot;eventon_get_tax_card_content&quot;,&quot;end&quot;:&quot;client&quot;,&quot;d&quot;:{&quot;lang&quot;:&quot;L2&quot;,&quot;term_id&quot;:32,&quot;tax&quot;:&quot;event_location&quot;,&quot;load_lbcontent&quot;:true},&quot;uid&quot;:&quot;eventon_get_tax_card_content&quot;}\" >Other Events<i class='fa fa-chevron-right'><\/i><\/span><\/div><\/div>\n\t\t\n\t<\/div><\/div><\/div><div class='evocard_row'><div id='event_addtocal' class='evocard_box addtocal' data-c='' \n\t\t\t\t\tstyle=''><div class='evo_metarow_ICS evorow evcal_evdata_row'>\n\t\t\t<span class='evcal_evdata_icons'><i class='fa fa-calendar-o'><\/i><\/span>\n\t\t\t<div class='evcal_evdata_cell'>\n\t\t\t\t<p><a href='https:\/\/latemarium.com\/de\/export-events\/2938_0\/?nonce=7b34e59f7d' class='evo_ics_nCal' title='Zu Ihrem Kalender hinzuf\u00fcgen'>Kalender<\/a><a href='https:\/\/www.google.com\/calendar\/event?action=TEMPLATE&text=Unterwegs+mit+Ponys&dates=20260624T120000Z%2F20260624T143000Z&ctz=Europe%2FRome&details=Unterwegs mit Ponys&location=Pampeago+Localit%C3%A0+Pampeago%2C+8%2C+38038+Tesero+TN' target='_blank' class='evo_ics_gCal' title='Zu Google Kalender hinzuf\u00fcgen'>GoogleCal<\/a><\/p>\t\n\t\t\t<\/div>\n\t\t<\/div><\/div><\/div><div class='evocard_row'><div id='event_getdirection' class='evocard_box getdirection' data-c='' \n\t\t\t\t\tstyle=''><div class='evo_metarow_getDr evorow evcal_evdata_row evcal_evrow_sm getdirections'>\n\t\t<form action='https:\/\/maps.google.com\/maps' method='get' target='_blank'>\n\t\t\t<input type='hidden' name='daddr' value=\"Localit\u00e0 Pampeago, 8, 38038 Tesero TN\"\/> \n\t\t\t<div class='evo_get_direction_content evo_fx_dr_r evogap10'>\n\t\t\t\t<span class='evogetdir_header evodfx evofx_dr_r evofx_ai_c marr10'>\n\t\t\t\t\t<i class='mainicon fa fa-road'><\/i> \n\t\t\t\t\t<h3 class='evo_h3' style='padding-bottom:5px;'>Wegbeschreibung abrufen<\/h3>\n\t\t\t\t<\/span>\n\t\t\t\t<span class='evogetdir_field evodfx evofx_1_1 evo_fx_dr_c evow100p'>\t\t\t\t\t\n\t\t\t\t\t<input class='evoInput evotac' type='text' name='saddr' placeholder='&quot;Geben Sie die Adresse ein' value='' style='margin:10px 0;'\/>\n\t\t\t\t<\/span>\n\t\t\t\t<button type='submit' class='evo_get_direction_button evo_btn_arr_circ dfx fx_ai_c' title='&quot;Klicken Sie hier'><i class='fa fa-chevron-right'><\/i> <\/button>\n\t\t\t<\/div>\n\t\t<\/form>\n\t<\/div><\/div><\/div><div class='evo_card_row_end evcal_close' title='Schlie\u00dfen'><\/div><\/div><div class='clear end'><\/div><\/div><div id=\"event_2198_0\" class=\"eventon_list_event evo_eventtop scheduled  event clrW event_2198_0\" data-event_id=\"2198\" data-ri=\"0r\" data-time=\"1782399600-1782407700\" data-colr=\"#f78234\" itemscope itemtype='http:\/\/schema.org\/Event'><div class=\"evo_event_schema\" style=\"display:none\" ><a itemprop='url'  href='https:\/\/latemarium.com\/de\/events\/pilyoga\/var\/ri-0.l-L2'><\/a><meta itemprop='image' content=\"https:\/\/latemarium.com\/wp-content\/uploads\/2023\/06\/pilyoga.jpg\" \/><meta itemprop='startDate' content=\"2026-6-25T17:00+0:00\" \/><meta itemprop='endDate' content=\"2026-6-25T19:15+0:00\" \/><meta itemprop='eventStatus' content=\"https:\/\/schema.org\/EventScheduled\" \/><meta itemprop='eventAttendanceMode'   itemscope itemtype=\"https:\/\/schema.org\/OfflineEventAttendanceMode\"\/><div style=\"display:none\" itemprop=\"location\" itemscope itemtype=\"http:\/\/schema.org\/Place\"><span itemprop=\"name\">Pampeago<\/span><span itemprop=\"address\" itemscope itemtype=\"http:\/\/schema.org\/PostalAddress\"><item itemprop=\"streetAddress\">Localit\u00e0 Pampeago, 8, 38038 Tesero TN<\/item><\/span><\/div><script type=\"application\/ld+json\">{\"@context\": \"http:\/\/schema.org\",\"@type\": \"Event\",\n\t\t\t\t\"@id\": \"event_2198_0\",\n\t\t\t\t\"eventAttendanceMode\":\"https:\/\/schema.org\/OfflineEventAttendanceMode\",\n\t\t\t\t\"eventStatus\":\"https:\/\/schema.org\/EventScheduled\",\n\t\t\t\t\"name\": \"PilYoga\",\n\t\t\t\t\"url\": \"https:\/\/latemarium.com\/de\/events\/pilyoga\/var\/ri-0.l-L2\",\n\t\t\t\t\"startDate\": \"2026-6-25T17:00+0:00\",\n\t\t\t\t\"endDate\": \"2026-6-25T19:15+0:00\",\n\t\t\t\t\"image\":\"https:\/\/latemarium.com\/wp-content\/uploads\/2023\/06\/pilyoga.jpg\", \n\t\t\t\t\"description\":\"<p><strong>Jeden Donnerstag vom 25. Juni bis 3. September 2026<\/strong><\/p> <p>Treffen und Abfahrt um 17.00 Uhr mit Lehrerin Elisa (an der Liftkasse)<br \/> Dauer: von 17:00 bis 19:15 Uhr. Aktivit\u00e4t empfohlen f\u00fcr Personen ab 14 Jahren<\/p> <p>Mit der Agnello-Sesselbahn erreichen Sie den Unterrichtsort und k\u00f6nnen nach einem kurzen Spaziergang im direkten Kontakt mit der Natur entspannen und den Kopf frei bekommen. Die Praxis von PilYoga in gro\u00dfer H\u00f6he erm\u00f6glicht eine vollst\u00e4ndige Harmonie mit der Umgebung, weit weg von allen Ger\u00e4uschen des t\u00e4glichen Lebens.<br \/> Sobald Sie die Lektion beendet haben, erwartet Sie im Chalet Caserina ein kleiner Aperitif, um dann mit einem kurzen Spaziergang zu Fu\u00df wieder hinunterzugehen.<br \/> <em>Bei schlechtem Wetter KEINE Aktivit\u00e4t geplant<\/em><\/p> <p>Klicken Sie <a href='https:\/\/www.visitfiemme.it\/de\/veranstaltungen\/fiemme-cembra-guest-card\/erlebnisse\/erlebnisse-sommer' target='_blank' rel='noopener'>hier<\/a> zum Buchen<\/p> \",\"location\":[{\"@type\":\"Place\",\"name\":\"Pampeago\",\"address\":{\"@type\": \"PostalAddress\",\"streetAddress\":\"Localit\u00e0 Pampeago, 8, 38038 Tesero TN\"}}]}<\/script><\/div>\r\n\t\t\t\t<p class=\"desc_trig_outter\" style=\"\"><a data-gmtrig=\"1\" data-exlk=\"0\" style=\"background-color: #f78234;\" id=\"evc_17823996002198\" class=\"hasFtIMG event_repeat desc_trig sin_val evcal_list_a\" data-ux_val=\"3\" data-ux_val_mob=\"-\"  ><span class='evoet_c1 evoet_cx '><span class='ev_ftImg' data-img='https:\/\/latemarium.com\/wp-content\/uploads\/2023\/06\/pilyoga.jpg' data-thumb='https:\/\/latemarium.com\/wp-content\/uploads\/2023\/06\/pilyoga-300x169.jpg' style='background-image:url(\"https:\/\/latemarium.com\/wp-content\/uploads\/2023\/06\/pilyoga-300x169.jpg\")' ><\/span><\/span><span class='evoet_c2 evoet_cx '><span class='evoet_dayblock evcal_cblock ' data-bgcolor='#f78234' data-smon='Juni' data-syr='2026' data-bub=''><span class='evo_start '><em class='date'>25<\/em><em class='month'>Jun<\/em><em class='time'>17:00<\/em><\/span><span class='evo_end only_time'><em class='time'>19:15<\/em><\/span><\/span><\/span><span class='evoet_c3 evoet_cx evcal_desc hide_eventtopdata '><span class='evoet_title evcal_desc2 evcal_event_title ' itemprop='name'>PilYoga<\/span><span class='event_location_attrs'  data-location_address=\"Localit\u00e0 Pampeago, 8, 38038 Tesero TN\" data-location_type=\"lonlat\" data-location_name=\"Pampeago\" data-location_url=\"https:\/\/latemarium.com\/de\/event-location\/pampeago-de\/\" data-location_status=\"true\" data-latlng=\"46.34343697644898,11.540997527961546\"><\/span><span class='evoet_subtitle evo_below_title' ><span class='evcal_event_subtitle ' >Pilyoga umgeben von den Werken von Respirat<\/span><\/span><span class='evoet_time_expand level_3'><em class='evcal_time evo_tz_time'><i class='fa fa-clock-o'><\/i>17:00 - 19:15<span class='evo_tz marl5'>(GMT+02:00)<\/span><\/em> <\/span><span class='evoet_location level_3'><em class=\"evcal_location\"  data-latlng=\"46.34343697644898,11.540997527961546\" data-add_str=\"Localit\u00e0 Pampeago, 8, 38038 Tesero TN\" data-n=\"Pampeago\"><i class=\"fa fa-location-pin\"><\/i><em class=\"event_location_name\">Pampeago<\/em>, Localit\u00e0 Pampeago, 8, 38038 Tesero TN<\/em><\/span><\/span><span class='evoet_data' data-d=\"{&quot;loc.n&quot;:&quot;Pampeago&quot;,&quot;orgs&quot;:[],&quot;tags&quot;:{&quot;repeating&quot;:&quot;Repeating Event&quot;}}\" data-bgc=\"#f78234\" data-bggrad=\"\" ><\/span><\/a><\/p><div class='event_description evcal_eventcard ' style=\"display:none\"><div class='evocard_row'><div id='event_ftimage' class='evocard_box ftimage' data-c='' \n\t\t\t\t\tstyle=''><div class='evocard_main_image_hold' data-t='Loading Image..'><div class='evocard_main_image evo_img_triglb evobr15 evobgsc evobgpc evodfx evofx_jc_c evofx_ai_c evofz48 minmized' style='height:300px; background-image:url();' data-f=\"https:\/\/latemarium.com\/wp-content\/uploads\/2023\/06\/pilyoga.jpg\" data-h=\"675\" data-w=\"1200\" data-ratio=\"0.5625\" data-event_id=\"2198\" data-ri=\"0\"  data-t='Loading Image..'><span style='height:300px; background-image:url(https:\/\/latemarium.com\/wp-content\/uploads\/2023\/06\/pilyoga.jpg)'><\/span><\/div><\/div><\/div><\/div><div class='evocard_row'><div id='event_eventdetails' class='evocard_box eventdetails' data-c='' \n\t\t\t\t\tstyle=''><div class='evo_metarow_details evorow evcal_evdata_row evcal_event_details'>\n\t\t<div class=\"event_excerpt\" style=\"display:none\"><h3 class=\"padb5 evo_h3\">Details zur Veranstaltung<\/h3><p>Jeden Donnerstag vom 25. Juni bis 3. September 2026\nTreffen und Abfahrt um 17.00 Uhr mit Lehrerin Elisa (an der Liftkasse)\nDauer: von 17:00 bis 19:15 Uhr. Aktivit\u00e4t empfohlen f\u00fcr Personen<\/p><\/div><span class='evcal_evdata_icons'><i class='fa fa-align-justify'><\/i><\/span>\n\t\t\n\t\t<div class='evcal_evdata_cell shorter_desc'>\n\t\t\t<div class='eventon_full_description'>\n\t\t\t\t<h3 class='padb5 evo_h3'><span class='evcal_evdata_icons'><i class='fa fa-align-justify'><\/i><\/span>Details zur Veranstaltung<\/h3>\n\t\t\t\t<div class='eventon_desc_in' itemprop='description'>\n\t\t\t\t<p><strong>Jeden Donnerstag vom 25. Juni bis 3. September 2026<\/strong><\/p>\n<p>Treffen und Abfahrt um 17.00 Uhr mit Lehrerin Elisa (an der Liftkasse)<br \/>\nDauer: von 17:00 bis 19:15 Uhr. Aktivit\u00e4t empfohlen f\u00fcr Personen ab 14 Jahren<\/p>\n<p>Mit der Agnello-Sesselbahn erreichen Sie den Unterrichtsort und k\u00f6nnen nach einem kurzen Spaziergang im direkten Kontakt mit der Natur entspannen und den Kopf frei bekommen. Die Praxis von PilYoga in gro\u00dfer H\u00f6he erm\u00f6glicht eine vollst\u00e4ndige Harmonie mit der Umgebung, weit weg von allen Ger\u00e4uschen des t\u00e4glichen Lebens.<br \/>\nSobald Sie die Lektion beendet haben, erwartet Sie im Chalet Caserina ein kleiner Aperitif, um dann mit einem kurzen Spaziergang zu Fu\u00df wieder hinunterzugehen.<br \/>\n<em>Bei schlechtem Wetter KEINE Aktivit\u00e4t geplant<\/em><\/p>\n<p>Klicken Sie <a href=\"https:\/\/www.visitfiemme.it\/de\/veranstaltungen\/fiemme-cembra-guest-card\/erlebnisse\/erlebnisse-sommer\" target=\"_blank\" rel=\"noopener\">hier<\/a> zum Buchen<\/p>\n<\/div><p class='eventon_shad_p' style='padding:5px 0 0; margin:0'>\n\t\t\t<span class='evcal_btn evo_btn_secondary evobtn_details_show_more' content='less'>\n\t\t\t\t<span class='ev_more_text' data-txt='Weniger'>Mehr<\/span><span class='ev_more_arrow ard'><\/span>\n\t\t\t<\/span>\n\t\t<\/p><div class='clear'><\/div>\n\t\t\t<\/div>\n\t\t<\/div>\n\t<\/div><\/div><\/div><div class='evocard_row bx2 bx'><div id='event_time' class='evocard_box time' data-c='' \n\t\t\t\t\tstyle=''><div class='evo_metarow_time evorow evcal_evdata_row evcal_evrow_sm '>\n\t\t<span class='evcal_evdata_icons'><i class='fa fa-clock'><\/i><\/span>\n\t\t<div class='evcal_evdata_cell'>\t\t\t\t\t\t\t\n\t\t\t<h3 class='evo_h3'><span class='evcal_evdata_icons'><i class='fa fa-clock'><\/i><\/span>Zeitplan<\/h3><p><span class='evo_eventcard_time_t'>25 Juni 2026 17:00 - 19:15<\/span><span class='evo_tz marr5'>(GMT+02:00)<\/span><\/p>\n\t\t<\/div>\n\t<\/div><\/div><div id='event_location' class='evocard_box location' data-c='' \n\t\t\t\t\tstyle=''><div class='evcal_evdata_row evo_metarow_time_location evorow '>\n\t\t\n\t\t\t<span class='evcal_evdata_icons'><i class='fa fa-map-marker'><\/i><\/span>\n\t\t\t<div class='evcal_evdata_cell' data-loc_tax_id='32'><h3 class='evo_h3 evodfx'><span class='evcal_evdata_icons'><i class='fa fa-map-marker'><\/i><\/span>Ort<\/h3><p class='evo_location_name'>Pampeago<\/p><p class='evo_location_address evodfxi evogap10'>Localit\u00e0 Pampeago, 8, 38038 Tesero TN<\/p><div class='padt10'><span class='evo_btn_arr evolb_trigger' data-lbvals=\"{&quot;lbc&quot;:&quot;evo_location_lb_32&quot;,&quot;lbac&quot;:&quot;lb_max&quot;,&quot;t&quot;:&quot;Pampeago&quot;,&quot;ajax&quot;:&quot;yes&quot;,&quot;ajax_type&quot;:&quot;endpoint&quot;,&quot;ajax_action&quot;:&quot;eventon_get_tax_card_content&quot;,&quot;end&quot;:&quot;client&quot;,&quot;d&quot;:{&quot;lang&quot;:&quot;L2&quot;,&quot;term_id&quot;:32,&quot;tax&quot;:&quot;event_location&quot;,&quot;load_lbcontent&quot;:true},&quot;uid&quot;:&quot;eventon_get_tax_card_content&quot;}\" >Other Events<i class='fa fa-chevron-right'><\/i><\/span><\/div><\/div>\n\t\t\n\t<\/div><\/div><\/div><div class='evocard_row'><div id='event_addtocal' class='evocard_box addtocal' data-c='' \n\t\t\t\t\tstyle=''><div class='evo_metarow_ICS evorow evcal_evdata_row'>\n\t\t\t<span class='evcal_evdata_icons'><i class='fa fa-calendar-o'><\/i><\/span>\n\t\t\t<div class='evcal_evdata_cell'>\n\t\t\t\t<p><a href='https:\/\/latemarium.com\/de\/export-events\/2198_0\/?nonce=7b34e59f7d' class='evo_ics_nCal' title='Zu Ihrem Kalender hinzuf\u00fcgen'>Kalender<\/a><a href='https:\/\/www.google.com\/calendar\/event?action=TEMPLATE&text=PilYoga&dates=20260625T150000Z%2F20260625T171500Z&ctz=Europe%2FRome&details=PilYoga&location=Pampeago+Localit%C3%A0+Pampeago%2C+8%2C+38038+Tesero+TN' target='_blank' class='evo_ics_gCal' title='Zu Google Kalender hinzuf\u00fcgen'>GoogleCal<\/a><\/p>\t\n\t\t\t<\/div>\n\t\t<\/div><\/div><\/div><div class='evocard_row'><div id='event_getdirection' class='evocard_box getdirection' data-c='' \n\t\t\t\t\tstyle=''><div class='evo_metarow_getDr evorow evcal_evdata_row evcal_evrow_sm getdirections'>\n\t\t<form action='https:\/\/maps.google.com\/maps' method='get' target='_blank'>\n\t\t\t<input type='hidden' name='daddr' value=\"Localit\u00e0 Pampeago, 8, 38038 Tesero TN\"\/> \n\t\t\t<div class='evo_get_direction_content evo_fx_dr_r evogap10'>\n\t\t\t\t<span class='evogetdir_header evodfx evofx_dr_r evofx_ai_c marr10'>\n\t\t\t\t\t<i class='mainicon fa fa-road'><\/i> \n\t\t\t\t\t<h3 class='evo_h3' style='padding-bottom:5px;'>Wegbeschreibung abrufen<\/h3>\n\t\t\t\t<\/span>\n\t\t\t\t<span class='evogetdir_field evodfx evofx_1_1 evo_fx_dr_c evow100p'>\t\t\t\t\t\n\t\t\t\t\t<input class='evoInput evotac' type='text' name='saddr' placeholder='&quot;Geben Sie die Adresse ein' value='' style='margin:10px 0;'\/>\n\t\t\t\t<\/span>\n\t\t\t\t<button type='submit' class='evo_get_direction_button evo_btn_arr_circ dfx fx_ai_c' title='&quot;Klicken Sie hier'><i class='fa fa-chevron-right'><\/i> <\/button>\n\t\t\t<\/div>\n\t\t<\/form>\n\t<\/div><\/div><\/div><div class='evo_card_row_end evcal_close' title='Schlie\u00dfen'><\/div><\/div><div class='clear end'><\/div><\/div><div id=\"event_2203_0\" class=\"eventon_list_event evo_eventtop scheduled  event clrD event_2203_0\" data-event_id=\"2203\" data-ri=\"0r\" data-time=\"1782400500-1782407700\" data-colr=\"#ba181d\" itemscope itemtype='http:\/\/schema.org\/Event'><div class=\"evo_event_schema\" style=\"display:none\" ><a itemprop='url'  href='https:\/\/latemarium.com\/de\/events\/e-bike-latemar-tour\/var\/ri-0.l-L2'><\/a><meta itemprop='image' content=\"https:\/\/latemarium.com\/wp-content\/uploads\/2023\/06\/e-bike-tour.jpg\" \/><meta itemprop='startDate' content=\"2026-6-25T17:15+0:00\" \/><meta itemprop='endDate' content=\"2026-6-25T19:15+0:00\" \/><meta itemprop='eventStatus' content=\"https:\/\/schema.org\/EventScheduled\" \/><meta itemprop='eventAttendanceMode'   itemscope itemtype=\"https:\/\/schema.org\/OfflineEventAttendanceMode\"\/><div style=\"display:none\" itemprop=\"location\" itemscope itemtype=\"http:\/\/schema.org\/Place\"><span itemprop=\"name\">Pampeago<\/span><span itemprop=\"address\" itemscope itemtype=\"http:\/\/schema.org\/PostalAddress\"><item itemprop=\"streetAddress\">Localit\u00e0 Pampeago, 8, 38038 Tesero TN<\/item><\/span><\/div><script type=\"application\/ld+json\">{\"@context\": \"http:\/\/schema.org\",\"@type\": \"Event\",\n\t\t\t\t\"@id\": \"event_2203_0\",\n\t\t\t\t\"eventAttendanceMode\":\"https:\/\/schema.org\/OfflineEventAttendanceMode\",\n\t\t\t\t\"eventStatus\":\"https:\/\/schema.org\/EventScheduled\",\n\t\t\t\t\"name\": \"E-Bike Latemar Tour\",\n\t\t\t\t\"url\": \"https:\/\/latemarium.com\/de\/events\/e-bike-latemar-tour\/var\/ri-0.l-L2\",\n\t\t\t\t\"startDate\": \"2026-6-25T17:15+0:00\",\n\t\t\t\t\"endDate\": \"2026-6-25T19:15+0:00\",\n\t\t\t\t\"image\":\"https:\/\/latemarium.com\/wp-content\/uploads\/2023\/06\/e-bike-tour.jpg\", \n\t\t\t\t\"description\":\"<p><strong>Jeden Donnerstag vom 25. Juni bis 3. September 2026<\/strong><\/p> <p>Treffpunkt mit Reisef\u00fchrer Andrea um 17.15 Uhr in Pampeago (an der Liftkasse)<br \/> Dauer: von 17.15 bis 19.15 Uhr<br \/> <em>Maximal 8 Personen.\u00a0<\/em>+16 Jahre<\/p> <p class='p1'>F\u00fcr E-Bike-Begeisterte mit mittlerem Niveau haben wir uns eine Tour zur Entdeckung des Latemars mit atemberaubender Aussicht auf die Umgebung \u00fcberlegt. Es wird eine angenehme Route sein und dank der Tretunterst\u00fctzung k\u00f6nnen Sie den H\u00f6henunterschied bew\u00e4ltigen, der Sie zum Gipfel im Treska-Gebiet f\u00fchrt. Es ist der perfekte Moment des Tages: Der Berg ist leer, Sie k\u00f6nnen die Stille der Natur genie\u00dfen und die Farben der \u201egoldenen Stunde\u201c genie\u00dfen.<br \/> Am Ende Ihrer Tour erwartet Sie im Chalet Caserina ein kleiner \u201eAperitivo\u201c.<br \/> Sie k\u00f6nnen das Fahrrad direkt im Shop von Sport Ventura, direkt unterhalb Ihres Startpunkts, ausleihen.<\/p> <p class='p1'><em>Bei Regen ist keine Aktivit\u00e4t vorgesehen.<\/em><\/p> <p>Klicken Sie <a href='https:\/\/www.visitfiemme.it\/de\/veranstaltungen\/fiemme-cembra-guest-card\/erlebnisse\/erlebnisse-sommer' target='_blank' rel='noopener'>hier<\/a> zum Buchen<\/p> \",\"location\":[{\"@type\":\"Place\",\"name\":\"Pampeago\",\"address\":{\"@type\": \"PostalAddress\",\"streetAddress\":\"Localit\u00e0 Pampeago, 8, 38038 Tesero TN\"}}]}<\/script><\/div>\r\n\t\t\t\t<p class=\"desc_trig_outter\" style=\"\"><a data-gmtrig=\"1\" data-exlk=\"0\" style=\"background-color: #ba181d;\" id=\"evc_17824005002203\" class=\"hasFtIMG event_repeat desc_trig sin_val evcal_list_a\" data-ux_val=\"3\" data-ux_val_mob=\"-\"  ><span class='evoet_c1 evoet_cx '><span class='ev_ftImg' data-img='https:\/\/latemarium.com\/wp-content\/uploads\/2023\/06\/e-bike-tour.jpg' data-thumb='https:\/\/latemarium.com\/wp-content\/uploads\/2023\/06\/e-bike-tour-300x169.jpg' style='background-image:url(\"https:\/\/latemarium.com\/wp-content\/uploads\/2023\/06\/e-bike-tour-300x169.jpg\")' ><\/span><\/span><span class='evoet_c2 evoet_cx '><span class='evoet_dayblock evcal_cblock ' data-bgcolor='#ba181d' data-smon='Juni' data-syr='2026' data-bub=''><span class='evo_start '><em class='date'>25<\/em><em class='month'>Jun<\/em><em class='time'>17:15<\/em><\/span><span class='evo_end only_time'><em class='time'>19:15<\/em><\/span><\/span><\/span><span class='evoet_c3 evoet_cx evcal_desc hide_eventtopdata '><span class='evoet_title evcal_desc2 evcal_event_title ' itemprop='name'>E-Bike Latemar Tour<\/span><span class='event_location_attrs'  data-location_address=\"Localit\u00e0 Pampeago, 8, 38038 Tesero TN\" data-location_type=\"lonlat\" data-location_name=\"Pampeago\" data-location_url=\"https:\/\/latemarium.com\/de\/event-location\/pampeago-de\/\" data-location_status=\"true\" data-latlng=\"46.34343697644898,11.540997527961546\"><\/span><span class='evoet_subtitle evo_below_title' ><span class='evcal_event_subtitle ' >F\u00fcr E-Bike-Begeisterte<\/span><\/span><span class='evoet_time_expand level_3'><em class='evcal_time evo_tz_time'><i class='fa fa-clock-o'><\/i>17:15 - 19:15<span class='evo_tz marl5'>(GMT+02:00)<\/span><\/em> <\/span><span class='evoet_location level_3'><em class=\"evcal_location\"  data-latlng=\"46.34343697644898,11.540997527961546\" data-add_str=\"Localit\u00e0 Pampeago, 8, 38038 Tesero TN\" data-n=\"Pampeago\"><i class=\"fa fa-location-pin\"><\/i><em class=\"event_location_name\">Pampeago<\/em>, Localit\u00e0 Pampeago, 8, 38038 Tesero TN<\/em><\/span><\/span><span class='evoet_data' data-d=\"{&quot;loc.n&quot;:&quot;Pampeago&quot;,&quot;orgs&quot;:[],&quot;tags&quot;:{&quot;repeating&quot;:&quot;Repeating Event&quot;}}\" data-bgc=\"#ba181d\" data-bggrad=\"\" ><\/span><\/a><\/p><div class='event_description evcal_eventcard ' style=\"display:none\"><div class='evocard_row'><div id='event_ftimage' class='evocard_box ftimage' data-c='' \n\t\t\t\t\tstyle=''><div class='evocard_main_image_hold' data-t='Loading Image..'><div class='evocard_main_image evo_img_triglb evobr15 evobgsc evobgpc evodfx evofx_jc_c evofx_ai_c evofz48 minmized' style='height:300px; background-image:url();' data-f=\"https:\/\/latemarium.com\/wp-content\/uploads\/2023\/06\/e-bike-tour.jpg\" data-h=\"675\" data-w=\"1200\" data-ratio=\"0.5625\" data-event_id=\"2203\" data-ri=\"0\"  data-t='Loading Image..'><span style='height:300px; background-image:url(https:\/\/latemarium.com\/wp-content\/uploads\/2023\/06\/e-bike-tour.jpg)'><\/span><\/div><\/div><\/div><\/div><div class='evocard_row'><div id='event_eventdetails' class='evocard_box eventdetails' data-c='' \n\t\t\t\t\tstyle=''><div class='evo_metarow_details evorow evcal_evdata_row evcal_event_details'>\n\t\t<div class=\"event_excerpt\" style=\"display:none\"><h3 class=\"padb5 evo_h3\">Details zur Veranstaltung<\/h3><p>Jeden Donnerstag vom 25. Juni bis 3. September 2026\nTreffpunkt mit Reisef\u00fchrer Andrea um 17.15 Uhr in Pampeago (an der Liftkasse)\nDauer: von 17.15 bis 19.15 Uhr\nMaximal 8 Personen.\u00a0+16 Jahre<\/p><\/div><span class='evcal_evdata_icons'><i class='fa fa-align-justify'><\/i><\/span>\n\t\t\n\t\t<div class='evcal_evdata_cell shorter_desc'>\n\t\t\t<div class='eventon_full_description'>\n\t\t\t\t<h3 class='padb5 evo_h3'><span class='evcal_evdata_icons'><i class='fa fa-align-justify'><\/i><\/span>Details zur Veranstaltung<\/h3>\n\t\t\t\t<div class='eventon_desc_in' itemprop='description'>\n\t\t\t\t<p><strong>Jeden Donnerstag vom 25. Juni bis 3. September 2026<\/strong><\/p>\n<p>Treffpunkt mit Reisef\u00fchrer Andrea um 17.15 Uhr in Pampeago (an der Liftkasse)<br \/>\nDauer: von 17.15 bis 19.15 Uhr<br \/>\n<em>Maximal 8 Personen.\u00a0<\/em>+16 Jahre<\/p>\n<p class=\"p1\">F\u00fcr E-Bike-Begeisterte mit mittlerem Niveau haben wir uns eine Tour zur Entdeckung des Latemars mit atemberaubender Aussicht auf die Umgebung \u00fcberlegt. Es wird eine angenehme Route sein und dank der Tretunterst\u00fctzung k\u00f6nnen Sie den H\u00f6henunterschied bew\u00e4ltigen, der Sie zum Gipfel im Treska-Gebiet f\u00fchrt. Es ist der perfekte Moment des Tages: Der Berg ist leer, Sie k\u00f6nnen die Stille der Natur genie\u00dfen und die Farben der \u201egoldenen Stunde\u201c genie\u00dfen.<br \/>\nAm Ende Ihrer Tour erwartet Sie im Chalet Caserina ein kleiner \u201eAperitivo\u201c.<br \/>\nSie k\u00f6nnen das Fahrrad direkt im Shop von Sport Ventura, direkt unterhalb Ihres Startpunkts, ausleihen.<\/p>\n<p class=\"p1\"><em>Bei Regen ist keine Aktivit\u00e4t vorgesehen.<\/em><\/p>\n<p>Klicken Sie <a href=\"https:\/\/www.visitfiemme.it\/de\/veranstaltungen\/fiemme-cembra-guest-card\/erlebnisse\/erlebnisse-sommer\" target=\"_blank\" rel=\"noopener\">hier<\/a> zum Buchen<\/p>\n<\/div><p class='eventon_shad_p' style='padding:5px 0 0; margin:0'>\n\t\t\t<span class='evcal_btn evo_btn_secondary evobtn_details_show_more' content='less'>\n\t\t\t\t<span class='ev_more_text' data-txt='Weniger'>Mehr<\/span><span class='ev_more_arrow ard'><\/span>\n\t\t\t<\/span>\n\t\t<\/p><div class='clear'><\/div>\n\t\t\t<\/div>\n\t\t<\/div>\n\t<\/div><\/div><\/div><div class='evocard_row bx2 bx'><div id='event_time' class='evocard_box time' data-c='' \n\t\t\t\t\tstyle=''><div class='evo_metarow_time evorow evcal_evdata_row evcal_evrow_sm '>\n\t\t<span class='evcal_evdata_icons'><i class='fa fa-clock'><\/i><\/span>\n\t\t<div class='evcal_evdata_cell'>\t\t\t\t\t\t\t\n\t\t\t<h3 class='evo_h3'><span class='evcal_evdata_icons'><i class='fa fa-clock'><\/i><\/span>Zeitplan<\/h3><p><span class='evo_eventcard_time_t'>25 Juni 2026 17:15 - 19:15<\/span><span class='evo_tz marr5'>(GMT+02:00)<\/span><\/p>\n\t\t<\/div>\n\t<\/div><\/div><div id='event_location' class='evocard_box location' data-c='' \n\t\t\t\t\tstyle=''><div class='evcal_evdata_row evo_metarow_time_location evorow '>\n\t\t\n\t\t\t<span class='evcal_evdata_icons'><i class='fa fa-map-marker'><\/i><\/span>\n\t\t\t<div class='evcal_evdata_cell' data-loc_tax_id='32'><h3 class='evo_h3 evodfx'><span class='evcal_evdata_icons'><i class='fa fa-map-marker'><\/i><\/span>Ort<\/h3><p class='evo_location_name'>Pampeago<\/p><p class='evo_location_address evodfxi evogap10'>Localit\u00e0 Pampeago, 8, 38038 Tesero TN<\/p><div class='padt10'><span class='evo_btn_arr evolb_trigger' data-lbvals=\"{&quot;lbc&quot;:&quot;evo_location_lb_32&quot;,&quot;lbac&quot;:&quot;lb_max&quot;,&quot;t&quot;:&quot;Pampeago&quot;,&quot;ajax&quot;:&quot;yes&quot;,&quot;ajax_type&quot;:&quot;endpoint&quot;,&quot;ajax_action&quot;:&quot;eventon_get_tax_card_content&quot;,&quot;end&quot;:&quot;client&quot;,&quot;d&quot;:{&quot;lang&quot;:&quot;L2&quot;,&quot;term_id&quot;:32,&quot;tax&quot;:&quot;event_location&quot;,&quot;load_lbcontent&quot;:true},&quot;uid&quot;:&quot;eventon_get_tax_card_content&quot;}\" >Other Events<i class='fa fa-chevron-right'><\/i><\/span><\/div><\/div>\n\t\t\n\t<\/div><\/div><\/div><div class='evocard_row'><div id='event_addtocal' class='evocard_box addtocal' data-c='' \n\t\t\t\t\tstyle=''><div class='evo_metarow_ICS evorow evcal_evdata_row'>\n\t\t\t<span class='evcal_evdata_icons'><i class='fa fa-calendar-o'><\/i><\/span>\n\t\t\t<div class='evcal_evdata_cell'>\n\t\t\t\t<p><a href='https:\/\/latemarium.com\/de\/export-events\/2203_0\/?nonce=7b34e59f7d' class='evo_ics_nCal' title='Zu Ihrem Kalender hinzuf\u00fcgen'>Kalender<\/a><a href='https:\/\/www.google.com\/calendar\/event?action=TEMPLATE&text=E-Bike+Latemar+Tour&dates=20260625T151500Z%2F20260625T171500Z&ctz=Europe%2FRome&details=E-Bike Latemar Tour&location=Pampeago+Localit%C3%A0+Pampeago%2C+8%2C+38038+Tesero+TN' target='_blank' class='evo_ics_gCal' title='Zu Google Kalender hinzuf\u00fcgen'>GoogleCal<\/a><\/p>\t\n\t\t\t<\/div>\n\t\t<\/div><\/div><\/div><div class='evocard_row'><div id='event_getdirection' class='evocard_box getdirection' data-c='' \n\t\t\t\t\tstyle=''><div class='evo_metarow_getDr evorow evcal_evdata_row evcal_evrow_sm getdirections'>\n\t\t<form action='https:\/\/maps.google.com\/maps' method='get' target='_blank'>\n\t\t\t<input type='hidden' name='daddr' value=\"Localit\u00e0 Pampeago, 8, 38038 Tesero TN\"\/> \n\t\t\t<div class='evo_get_direction_content evo_fx_dr_r evogap10'>\n\t\t\t\t<span class='evogetdir_header evodfx evofx_dr_r evofx_ai_c marr10'>\n\t\t\t\t\t<i class='mainicon fa fa-road'><\/i> \n\t\t\t\t\t<h3 class='evo_h3' style='padding-bottom:5px;'>Wegbeschreibung abrufen<\/h3>\n\t\t\t\t<\/span>\n\t\t\t\t<span class='evogetdir_field evodfx evofx_1_1 evo_fx_dr_c evow100p'>\t\t\t\t\t\n\t\t\t\t\t<input class='evoInput evotac' type='text' name='saddr' placeholder='&quot;Geben Sie die Adresse ein' value='' style='margin:10px 0;'\/>\n\t\t\t\t<\/span>\n\t\t\t\t<button type='submit' class='evo_get_direction_button evo_btn_arr_circ dfx fx_ai_c' title='&quot;Klicken Sie hier'><i class='fa fa-chevron-right'><\/i> <\/button>\n\t\t\t<\/div>\n\t\t<\/form>\n\t<\/div><\/div><\/div><div class='evo_card_row_end evcal_close' title='Schlie\u00dfen'><\/div><\/div><div class='clear end'><\/div><\/div><div id=\"event_2498_0\" class=\"eventon_list_event evo_eventtop scheduled  event clrW no_et event_2498_0\" data-event_id=\"2498\" data-ri=\"0r\" data-time=\"1782459000-1782511140\" data-colr=\"#6baeff\" itemscope itemtype='http:\/\/schema.org\/Event'><div class=\"evo_event_schema\" style=\"display:none\" ><a itemprop='url'  href='https:\/\/latemarium.com\/de\/events\/respirart-kunst-und-schoenheit-schaffen\/var\/ri-0.l-L2'><\/a><meta itemprop='image' content=\"https:\/\/latemarium.com\/wp-content\/uploads\/2021\/05\/respirart-vita-e-bellezza.jpg\" \/><meta itemprop='startDate' content=\"2026-6-26T09:30+0:00\" \/><meta itemprop='endDate' content=\"2026-6-26T23:59+0:00\" \/><meta itemprop='eventStatus' content=\"https:\/\/schema.org\/EventScheduled\" \/><meta itemprop='eventAttendanceMode'   itemscope itemtype=\"https:\/\/schema.org\/OfflineEventAttendanceMode\"\/><div style=\"display:none\" itemprop=\"location\" itemscope itemtype=\"http:\/\/schema.org\/Place\"><span itemprop=\"name\">Pampeago<\/span><span itemprop=\"address\" itemscope itemtype=\"http:\/\/schema.org\/PostalAddress\"><item itemprop=\"streetAddress\">Localit\u00e0 Pampeago, 8, 38038 Tesero TN<\/item><\/span><\/div><script type=\"application\/ld+json\">{\"@context\": \"http:\/\/schema.org\",\"@type\": \"Event\",\n\t\t\t\t\"@id\": \"event_2498_0\",\n\t\t\t\t\"eventAttendanceMode\":\"https:\/\/schema.org\/OfflineEventAttendanceMode\",\n\t\t\t\t\"eventStatus\":\"https:\/\/schema.org\/EventScheduled\",\n\t\t\t\t\"name\": \"Respirart: Kunst und Sch\u00f6nheit schaffen\",\n\t\t\t\t\"url\": \"https:\/\/latemarium.com\/de\/events\/respirart-kunst-und-schoenheit-schaffen\/var\/ri-0.l-L2\",\n\t\t\t\t\"startDate\": \"2026-6-26T09:30+0:00\",\n\t\t\t\t\"endDate\": \"2026-6-26T23:59+0:00\",\n\t\t\t\t\"image\":\"https:\/\/latemarium.com\/wp-content\/uploads\/2021\/05\/respirart-vita-e-bellezza.jpg\", \n\t\t\t\t\"description\":\"<p><strong>Jeden Freitag vom 26. Juni bis 11. September 2026<\/strong><\/p> <p>RespirArt ist ein Umwelt- und Kunstworkshop f\u00fcr alle, ob jung oder alt. Wir werden Kunstwerke auf spielerische Art und Weise entdecken.<br \/> Treffen Sie sich um 9.30 Uhr am Start des Sessellifts Pampeago-Agnello mit dem Kunstf\u00fchrer, der Ihnen die Samen zum \u00dcberfliegen des RespirArt-Parks gibt. Im Rahmen des Kunst-Workshops werden die Kinder mit nat\u00fcrlichen Materialien kleine Kunstwerke an Land schaffen.<\/p> <p>Reservierung erforderlich.<\/p> <p>Klicken Sie <a href='https:\/\/www.visitfiemme.it\/de\/veranstaltungen\/fiemme-cembra-guest-card\/erlebnisse\/erlebnisse-sommer' target='_blank' rel='noopener'>hier<\/a>, zum Buchen.<\/p> \",\"location\":[{\"@type\":\"Place\",\"name\":\"Pampeago\",\"address\":{\"@type\": \"PostalAddress\",\"streetAddress\":\"Localit\u00e0 Pampeago, 8, 38038 Tesero TN\"}}]}<\/script><\/div>\r\n\t\t\t\t<p class=\"desc_trig_outter\" style=\"\"><a data-gmtrig=\"1\" data-exlk=\"0\" style=\"background-color: #6baeff;\" id=\"evc_17824590002498\" class=\"hasFtIMG event_repeat desc_trig sin_val evcal_list_a\" data-ux_val=\"3\" data-ux_val_mob=\"-\"  ><span class='evoet_c1 evoet_cx '><span class='ev_ftImg' data-img='https:\/\/latemarium.com\/wp-content\/uploads\/2021\/05\/respirart-vita-e-bellezza.jpg' data-thumb='https:\/\/latemarium.com\/wp-content\/uploads\/2021\/05\/respirart-vita-e-bellezza-300x201.jpg' style='background-image:url(\"https:\/\/latemarium.com\/wp-content\/uploads\/2021\/05\/respirart-vita-e-bellezza-300x201.jpg\")' ><\/span><\/span><span class='evoet_c2 evoet_cx '><span class='evoet_dayblock evcal_cblock ' data-bgcolor='#6baeff' data-smon='Juni' data-syr='2026' data-bub=''><span class='evo_start '><em class='date'>26<\/em><em class='month'>Jun<\/em><em class='time'>09:30<\/em><\/span><\/span><\/span><span class='evoet_c3 evoet_cx evcal_desc hide_eventtopdata '><span class='evoet_title evcal_desc2 evcal_event_title ' itemprop='name'>Respirart: Kunst und Sch\u00f6nheit schaffen<\/span><span class='event_location_attrs'  data-location_address=\"Localit\u00e0 Pampeago, 8, 38038 Tesero TN\" data-location_type=\"lonlat\" data-location_name=\"Pampeago\" data-location_url=\"https:\/\/latemarium.com\/de\/event-location\/pampeago-de\/\" data-location_status=\"true\" data-latlng=\"46.34343697644898,11.540997527961546\"><\/span><span class='evoet_subtitle evo_below_title' ><span class='evcal_event_subtitle ' >Kunst-Workshop<\/span><\/span><span class='evoet_time_expand level_3'><em class='evcal_time evo_tz_time'><i class='fa fa-clock-o'><\/i>09:30<span class='evo_tz marl5'>(GMT+02:00)<\/span><\/em> <\/span><span class='evoet_location level_3'><em class=\"evcal_location\"  data-latlng=\"46.34343697644898,11.540997527961546\" data-add_str=\"Localit\u00e0 Pampeago, 8, 38038 Tesero TN\" data-n=\"Pampeago\"><i class=\"fa fa-location-pin\"><\/i><em class=\"event_location_name\">Pampeago<\/em>, Localit\u00e0 Pampeago, 8, 38038 Tesero TN<\/em><\/span><\/span><span class='evoet_data' data-d=\"{&quot;loc.n&quot;:&quot;Pampeago&quot;,&quot;orgs&quot;:[],&quot;tags&quot;:{&quot;repeating&quot;:&quot;Repeating Event&quot;}}\" data-bgc=\"#6baeff\" data-bggrad=\"\" ><\/span><\/a><\/p><div class='event_description evcal_eventcard ' style=\"display:none\"><div class='evocard_row'><div id='event_ftimage' class='evocard_box ftimage' data-c='' \n\t\t\t\t\tstyle=''><div class='evocard_main_image_hold' data-t='Loading Image..'><div class='evocard_main_image evo_img_triglb evobr15 evobgsc evobgpc evodfx evofx_jc_c evofx_ai_c evofz48 minmized' style='height:300px; background-image:url();' data-f=\"https:\/\/latemarium.com\/wp-content\/uploads\/2021\/05\/respirart-vita-e-bellezza.jpg\" data-h=\"602\" data-w=\"899\" data-ratio=\"0.66963292547275\" data-event_id=\"2498\" data-ri=\"0\"  data-t='Loading Image..'><span style='height:300px; background-image:url(https:\/\/latemarium.com\/wp-content\/uploads\/2021\/05\/respirart-vita-e-bellezza.jpg)'><\/span><\/div><\/div><\/div><\/div><div class='evocard_row'><div id='event_eventdetails' class='evocard_box eventdetails' data-c='' \n\t\t\t\t\tstyle=''><div class='evo_metarow_details evorow evcal_evdata_row evcal_event_details'>\n\t\t<div class=\"event_excerpt\" style=\"display:none\"><h3 class=\"padb5 evo_h3\">Details zur Veranstaltung<\/h3><p>Jeden Freitag vom 26. Juni bis 11. September 2026\nRespirArt ist ein Umwelt- und Kunstworkshop f\u00fcr alle, ob jung oder alt. Wir werden Kunstwerke auf spielerische Art und Weise entdecken.\nTreffen<\/p><\/div><span class='evcal_evdata_icons'><i class='fa fa-align-justify'><\/i><\/span>\n\t\t\n\t\t<div class='evcal_evdata_cell shorter_desc'>\n\t\t\t<div class='eventon_full_description'>\n\t\t\t\t<h3 class='padb5 evo_h3'><span class='evcal_evdata_icons'><i class='fa fa-align-justify'><\/i><\/span>Details zur Veranstaltung<\/h3>\n\t\t\t\t<div class='eventon_desc_in' itemprop='description'>\n\t\t\t\t<p><strong>Jeden Freitag vom 26. Juni bis 11. September 2026<\/strong><\/p>\n<p>RespirArt ist ein Umwelt- und Kunstworkshop f\u00fcr alle, ob jung oder alt. Wir werden Kunstwerke auf spielerische Art und Weise entdecken.<br \/>\nTreffen Sie sich um 9.30 Uhr am Start des Sessellifts Pampeago-Agnello mit dem Kunstf\u00fchrer, der Ihnen die Samen zum \u00dcberfliegen des RespirArt-Parks gibt. Im Rahmen des Kunst-Workshops werden die Kinder mit nat\u00fcrlichen Materialien kleine Kunstwerke an Land schaffen.<\/p>\n<p>Reservierung erforderlich.<\/p>\n<p>Klicken Sie <a href=\"https:\/\/www.visitfiemme.it\/de\/veranstaltungen\/fiemme-cembra-guest-card\/erlebnisse\/erlebnisse-sommer\" target=\"_blank\" rel=\"noopener\">hier<\/a>, zum Buchen.<\/p>\n<\/div><p class='eventon_shad_p' style='padding:5px 0 0; margin:0'>\n\t\t\t<span class='evcal_btn evo_btn_secondary evobtn_details_show_more' content='less'>\n\t\t\t\t<span class='ev_more_text' data-txt='Weniger'>Mehr<\/span><span class='ev_more_arrow ard'><\/span>\n\t\t\t<\/span>\n\t\t<\/p><div class='clear'><\/div>\n\t\t\t<\/div>\n\t\t<\/div>\n\t<\/div><\/div><\/div><div class='evocard_row bx2 bx'><div id='event_time' class='evocard_box time' data-c='' \n\t\t\t\t\tstyle=''><div class='evo_metarow_time evorow evcal_evdata_row evcal_evrow_sm '>\n\t\t<span class='evcal_evdata_icons'><i class='fa fa-clock'><\/i><\/span>\n\t\t<div class='evcal_evdata_cell'>\t\t\t\t\t\t\t\n\t\t\t<h3 class='evo_h3'><span class='evcal_evdata_icons'><i class='fa fa-clock'><\/i><\/span>Zeitplan<\/h3><p><span class='evo_eventcard_time_t'>26 Juni 2026 09:30<\/span><span class='evo_tz marr5'>(GMT+02:00)<\/span><\/p>\n\t\t<\/div>\n\t<\/div><\/div><div id='event_location' class='evocard_box location' data-c='' \n\t\t\t\t\tstyle=''><div class='evcal_evdata_row evo_metarow_time_location evorow '>\n\t\t\n\t\t\t<span class='evcal_evdata_icons'><i class='fa fa-map-marker'><\/i><\/span>\n\t\t\t<div class='evcal_evdata_cell' data-loc_tax_id='32'><h3 class='evo_h3 evodfx'><span class='evcal_evdata_icons'><i class='fa fa-map-marker'><\/i><\/span>Ort<\/h3><p class='evo_location_name'>Pampeago<\/p><p class='evo_location_address evodfxi evogap10'>Localit\u00e0 Pampeago, 8, 38038 Tesero TN<\/p><div class='padt10'><span class='evo_btn_arr evolb_trigger' data-lbvals=\"{&quot;lbc&quot;:&quot;evo_location_lb_32&quot;,&quot;lbac&quot;:&quot;lb_max&quot;,&quot;t&quot;:&quot;Pampeago&quot;,&quot;ajax&quot;:&quot;yes&quot;,&quot;ajax_type&quot;:&quot;endpoint&quot;,&quot;ajax_action&quot;:&quot;eventon_get_tax_card_content&quot;,&quot;end&quot;:&quot;client&quot;,&quot;d&quot;:{&quot;lang&quot;:&quot;L2&quot;,&quot;term_id&quot;:32,&quot;tax&quot;:&quot;event_location&quot;,&quot;load_lbcontent&quot;:true},&quot;uid&quot;:&quot;eventon_get_tax_card_content&quot;}\" >Other Events<i class='fa fa-chevron-right'><\/i><\/span><\/div><\/div>\n\t\t\n\t<\/div><\/div><\/div><div class='evocard_row'><div id='event_addtocal' class='evocard_box addtocal' data-c='' \n\t\t\t\t\tstyle=''><div class='evo_metarow_ICS evorow evcal_evdata_row'>\n\t\t\t<span class='evcal_evdata_icons'><i class='fa fa-calendar-o'><\/i><\/span>\n\t\t\t<div class='evcal_evdata_cell'>\n\t\t\t\t<p><a href='https:\/\/latemarium.com\/de\/export-events\/2498_0\/?nonce=7b34e59f7d' class='evo_ics_nCal' title='Zu Ihrem Kalender hinzuf\u00fcgen'>Kalender<\/a><a href='https:\/\/www.google.com\/calendar\/event?action=TEMPLATE&text=Respirart%3A+Kunst+und+Sch%C3%B6nheit+schaffen&dates=20260626T073000Z%2F20260626T215900Z&ctz=Europe%2FRome&details=Respirart: Kunst und Sch\u00f6nheit schaffen&location=Pampeago+Localit%C3%A0+Pampeago%2C+8%2C+38038+Tesero+TN' target='_blank' class='evo_ics_gCal' title='Zu Google Kalender hinzuf\u00fcgen'>GoogleCal<\/a><\/p>\t\n\t\t\t<\/div>\n\t\t<\/div><\/div><\/div><div class='evocard_row'><div id='event_getdirection' class='evocard_box getdirection' data-c='' \n\t\t\t\t\tstyle=''><div class='evo_metarow_getDr evorow evcal_evdata_row evcal_evrow_sm getdirections'>\n\t\t<form action='https:\/\/maps.google.com\/maps' method='get' target='_blank'>\n\t\t\t<input type='hidden' name='daddr' value=\"Localit\u00e0 Pampeago, 8, 38038 Tesero TN\"\/> \n\t\t\t<div class='evo_get_direction_content evo_fx_dr_r evogap10'>\n\t\t\t\t<span class='evogetdir_header evodfx evofx_dr_r evofx_ai_c marr10'>\n\t\t\t\t\t<i class='mainicon fa fa-road'><\/i> \n\t\t\t\t\t<h3 class='evo_h3' style='padding-bottom:5px;'>Wegbeschreibung abrufen<\/h3>\n\t\t\t\t<\/span>\n\t\t\t\t<span class='evogetdir_field evodfx evofx_1_1 evo_fx_dr_c evow100p'>\t\t\t\t\t\n\t\t\t\t\t<input class='evoInput evotac' type='text' name='saddr' placeholder='&quot;Geben Sie die Adresse ein' value='' style='margin:10px 0;'\/>\n\t\t\t\t<\/span>\n\t\t\t\t<button type='submit' class='evo_get_direction_button evo_btn_arr_circ dfx fx_ai_c' title='&quot;Klicken Sie hier'><i class='fa fa-chevron-right'><\/i> <\/button>\n\t\t\t<\/div>\n\t\t<\/form>\n\t<\/div><\/div><\/div><div class='evo_card_row_end evcal_close' title='Schlie\u00dfen'><\/div><\/div><div class='clear end'><\/div><\/div><div id=\"event_2256_0\" class=\"eventon_list_event evo_eventtop scheduled  event clrD no_et event_2256_0\" data-event_id=\"2256\" data-ri=\"0r\" data-time=\"1782545400-1782597540\" data-colr=\"#03584e\" itemscope itemtype='http:\/\/schema.org\/Event'><div class=\"evo_event_schema\" style=\"display:none\" ><a itemprop='url'  href='https:\/\/latemarium.com\/de\/events\/respirart-day\/var\/ri-0.l-L2'><\/a><meta itemprop='image' content=\"https:\/\/latemarium.com\/wp-content\/uploads\/2023\/06\/Respirart-day.jpeg\" \/><meta itemprop='startDate' content=\"2026-6-27T09:30+0:00\" \/><meta itemprop='endDate' content=\"2026-6-27T23:59+0:00\" \/><meta itemprop='eventStatus' content=\"https:\/\/schema.org\/EventScheduled\" \/><meta itemprop='eventAttendanceMode'   itemscope itemtype=\"https:\/\/schema.org\/OfflineEventAttendanceMode\"\/><div style=\"display:none\" itemprop=\"location\" itemscope itemtype=\"http:\/\/schema.org\/Place\"><span itemprop=\"name\">Pampeago<\/span><span itemprop=\"address\" itemscope itemtype=\"http:\/\/schema.org\/PostalAddress\"><item itemprop=\"streetAddress\">Localit\u00e0 Pampeago, 8, 38038 Tesero TN<\/item><\/span><\/div><script type=\"application\/ld+json\">{\"@context\": \"http:\/\/schema.org\",\"@type\": \"Event\",\n\t\t\t\t\"@id\": \"event_2256_0\",\n\t\t\t\t\"eventAttendanceMode\":\"https:\/\/schema.org\/OfflineEventAttendanceMode\",\n\t\t\t\t\"eventStatus\":\"https:\/\/schema.org\/EventScheduled\",\n\t\t\t\t\"name\": \"RespirArt Day\",\n\t\t\t\t\"url\": \"https:\/\/latemarium.com\/de\/events\/respirart-day\/var\/ri-0.l-L2\",\n\t\t\t\t\"startDate\": \"2026-6-27T09:30+0:00\",\n\t\t\t\t\"endDate\": \"2026-6-27T23:59+0:00\",\n\t\t\t\t\"image\":\"https:\/\/latemarium.com\/wp-content\/uploads\/2023\/06\/Respirart-day.jpeg\", \n\t\t\t\t\"description\":\"<p>Im RespirArt Park werden im Monat Juni zwei neue Installationen in den Kunstparcours aufgenommen und bereichern den Dialog zwischen zeitgen\u00f6ssischer Kreativit\u00e4t und der Landschaft des Latemar weiter.<\/p> <p>Die Werke werden <strong>am Samstag, den 27. Juli<\/strong>, von Maria Concetta Mattei, Nachrichtenmoderatorin des Tg2 und leidenschaftliche F\u00f6rderin von Kunst in der Natur, er\u00f6ffnet.<\/p> <p>Der Treffpunkt ist um 9.30 Uhr an der Talstation des Sessellifts Agnello in Pampeago. Von dort startet eine gef\u00fchrte Wanderung zur Entdeckung einiger Kunstwerke des Parks, mit besonderem Fokus auf die neuen Installationen.<\/p> <p>Eine besondere Veranstaltung, die den Auftakt der Sommersaison 2026 von RespirArt markiert.<\/p> \",\"location\":[{\"@type\":\"Place\",\"name\":\"Pampeago\",\"address\":{\"@type\": \"PostalAddress\",\"streetAddress\":\"Localit\u00e0 Pampeago, 8, 38038 Tesero TN\"}}]}<\/script><\/div>\r\n\t\t\t\t<p class=\"desc_trig_outter\" style=\"\"><a data-gmtrig=\"1\" data-exlk=\"0\" style=\"background-color: #03584e;\" id=\"evc_17825454002256\" class=\"hasFtIMG desc_trig sin_val evcal_list_a\" data-ux_val=\"3\" data-ux_val_mob=\"-\"  ><span class='evoet_c1 evoet_cx '><span class='ev_ftImg' data-img='https:\/\/latemarium.com\/wp-content\/uploads\/2023\/06\/Respirart-day.jpeg' data-thumb='https:\/\/latemarium.com\/wp-content\/uploads\/2023\/06\/Respirart-day-300x223.jpeg' style='background-image:url(\"https:\/\/latemarium.com\/wp-content\/uploads\/2023\/06\/Respirart-day-300x223.jpeg\")' ><\/span><\/span><span class='evoet_c2 evoet_cx '><span class='evoet_dayblock evcal_cblock ' data-bgcolor='#03584e' data-smon='Juni' data-syr='2026' data-bub=''><span class='evo_start '><em class='date'>27<\/em><em class='month'>Jun<\/em><em class='time'>09:30<\/em><\/span><\/span><\/span><span class='evoet_c3 evoet_cx evcal_desc hide_eventtopdata '><span class='evoet_title evcal_desc2 evcal_event_title ' itemprop='name'>RespirArt Day<\/span><span class='event_location_attrs'  data-location_address=\"Localit\u00e0 Pampeago, 8, 38038 Tesero TN\" data-location_type=\"lonlat\" data-location_name=\"Pampeago\" data-location_url=\"https:\/\/latemarium.com\/de\/event-location\/pampeago-de\/\" data-location_status=\"true\" data-latlng=\"46.34343697644898,11.540997527961546\"><\/span><span class='evoet_subtitle evo_below_title' ><span class='evcal_event_subtitle ' >RespirArt Day<\/span><\/span><span class='evoet_time_expand level_3'><em class='evcal_time evo_tz_time'><i class='fa fa-clock-o'><\/i>09:30<span class='evo_tz marl5'>(GMT+02:00)<\/span><\/em> <\/span><span class='evoet_location level_3'><em class=\"evcal_location\"  data-latlng=\"46.34343697644898,11.540997527961546\" data-add_str=\"Localit\u00e0 Pampeago, 8, 38038 Tesero TN\" data-n=\"Pampeago\"><i class=\"fa fa-location-pin\"><\/i><em class=\"event_location_name\">Pampeago<\/em>, Localit\u00e0 Pampeago, 8, 38038 Tesero TN<\/em><\/span><\/span><span class='evoet_data' data-d=\"{&quot;loc.n&quot;:&quot;Pampeago&quot;,&quot;orgs&quot;:[],&quot;tags&quot;:[]}\" data-bgc=\"#03584e\" data-bggrad=\"\" ><\/span><\/a><\/p><div class='event_description evcal_eventcard ' style=\"display:none\"><div class='evocard_row'><div id='event_ftimage' class='evocard_box ftimage' data-c='' \n\t\t\t\t\tstyle=''><div class='evocard_main_image_hold' data-t='Loading Image..'><div class='evocard_main_image evo_img_triglb evobr15 evobgsc evobgpc evodfx evofx_jc_c evofx_ai_c evofz48 minmized' style='height:300px; background-image:url();' data-f=\"https:\/\/latemarium.com\/wp-content\/uploads\/2023\/06\/Respirart-day.jpeg\" data-h=\"658\" data-w=\"884\" data-ratio=\"0.74434389140271\" data-event_id=\"2256\" data-ri=\"0\"  data-t='Loading Image..'><span style='height:300px; background-image:url(https:\/\/latemarium.com\/wp-content\/uploads\/2023\/06\/Respirart-day.jpeg)'><\/span><\/div><\/div><\/div><\/div><div class='evocard_row'><div id='event_eventdetails' class='evocard_box eventdetails' data-c='' \n\t\t\t\t\tstyle=''><div class='evo_metarow_details evorow evcal_evdata_row evcal_event_details'>\n\t\t<div class=\"event_excerpt\" style=\"display:none\"><h3 class=\"padb5 evo_h3\">Details zur Veranstaltung<\/h3><p>Im RespirArt Park werden im Monat Juni zwei neue Installationen in den Kunstparcours aufgenommen und bereichern den Dialog zwischen zeitgen\u00f6ssischer Kreativit\u00e4t und der Landschaft des Latemar weiter.\nDie Werke werden am<\/p><\/div><span class='evcal_evdata_icons'><i class='fa fa-align-justify'><\/i><\/span>\n\t\t\n\t\t<div class='evcal_evdata_cell shorter_desc'>\n\t\t\t<div class='eventon_full_description'>\n\t\t\t\t<h3 class='padb5 evo_h3'><span class='evcal_evdata_icons'><i class='fa fa-align-justify'><\/i><\/span>Details zur Veranstaltung<\/h3>\n\t\t\t\t<div class='eventon_desc_in' itemprop='description'>\n\t\t\t\t<p>Im RespirArt Park werden im Monat Juni zwei neue Installationen in den Kunstparcours aufgenommen und bereichern den Dialog zwischen zeitgen\u00f6ssischer Kreativit\u00e4t und der Landschaft des Latemar weiter.<\/p>\n<p>Die Werke werden <strong>am Samstag, den 27. Juli<\/strong>, von Maria Concetta Mattei, Nachrichtenmoderatorin des Tg2 und leidenschaftliche F\u00f6rderin von Kunst in der Natur, er\u00f6ffnet.<\/p>\n<p>Der Treffpunkt ist um 9.30 Uhr an der Talstation des Sessellifts Agnello in Pampeago. Von dort startet eine gef\u00fchrte Wanderung zur Entdeckung einiger Kunstwerke des Parks, mit besonderem Fokus auf die neuen Installationen.<\/p>\n<p>Eine besondere Veranstaltung, die den Auftakt der Sommersaison 2026 von RespirArt markiert.<\/p>\n<\/div><p class='eventon_shad_p' style='padding:5px 0 0; margin:0'>\n\t\t\t<span class='evcal_btn evo_btn_secondary evobtn_details_show_more' content='less'>\n\t\t\t\t<span class='ev_more_text' data-txt='Weniger'>Mehr<\/span><span class='ev_more_arrow ard'><\/span>\n\t\t\t<\/span>\n\t\t<\/p><div class='clear'><\/div>\n\t\t\t<\/div>\n\t\t<\/div>\n\t<\/div><\/div><\/div><div class='evocard_row bx2 bx'><div id='event_time' class='evocard_box time' data-c='' \n\t\t\t\t\tstyle=''><div class='evo_metarow_time evorow evcal_evdata_row evcal_evrow_sm '>\n\t\t<span class='evcal_evdata_icons'><i class='fa fa-clock'><\/i><\/span>\n\t\t<div class='evcal_evdata_cell'>\t\t\t\t\t\t\t\n\t\t\t<h3 class='evo_h3'><span class='evcal_evdata_icons'><i class='fa fa-clock'><\/i><\/span>Zeitplan<\/h3><p><span class='evo_eventcard_time_t'>27 Juni 2026 09:30<\/span><span class='evo_tz marr5'>(GMT+02:00)<\/span><\/p>\n\t\t<\/div>\n\t<\/div><\/div><div id='event_location' class='evocard_box location' data-c='' \n\t\t\t\t\tstyle=''><div class='evcal_evdata_row evo_metarow_time_location evorow '>\n\t\t\n\t\t\t<span class='evcal_evdata_icons'><i class='fa fa-map-marker'><\/i><\/span>\n\t\t\t<div class='evcal_evdata_cell' data-loc_tax_id='32'><h3 class='evo_h3 evodfx'><span class='evcal_evdata_icons'><i class='fa fa-map-marker'><\/i><\/span>Ort<\/h3><p class='evo_location_name'>Pampeago<\/p><p class='evo_location_address evodfxi evogap10'>Localit\u00e0 Pampeago, 8, 38038 Tesero TN<\/p><div class='padt10'><span class='evo_btn_arr evolb_trigger' data-lbvals=\"{&quot;lbc&quot;:&quot;evo_location_lb_32&quot;,&quot;lbac&quot;:&quot;lb_max&quot;,&quot;t&quot;:&quot;Pampeago&quot;,&quot;ajax&quot;:&quot;yes&quot;,&quot;ajax_type&quot;:&quot;endpoint&quot;,&quot;ajax_action&quot;:&quot;eventon_get_tax_card_content&quot;,&quot;end&quot;:&quot;client&quot;,&quot;d&quot;:{&quot;lang&quot;:&quot;L2&quot;,&quot;term_id&quot;:32,&quot;tax&quot;:&quot;event_location&quot;,&quot;load_lbcontent&quot;:true},&quot;uid&quot;:&quot;eventon_get_tax_card_content&quot;}\" >Other Events<i class='fa fa-chevron-right'><\/i><\/span><\/div><\/div>\n\t\t\n\t<\/div><\/div><\/div><div class='evocard_row bx2 bx'><div id='event_learnmore' class='evocard_box learnmore' data-c='' \n\t\t\t\t\tstyle=''><div class='evo_metarow_learnM evo_metarow_learnmore evorow'>\n\t\t\t\t\t\t\t<a class='evcal_evdata_row evo_clik_row ' href='https:\/\/respirart.com\/en' target=\"_blank\">\n\t\t\t\t\t\t\t\t<span class='evcal_evdata_icons'><i class='fa fa-link'><\/i><\/span>\n\t\t\t\t\t\t\t\t<h3 class='evo_h3'>Entdecke mehr<\/h3>\n\t\t\t\t\t\t\t<\/a>\n\t\t\t\t\t\t\t<\/div><\/div><div id='event_addtocal' class='evocard_box addtocal' data-c='' \n\t\t\t\t\tstyle=''><div class='evo_metarow_ICS evorow evcal_evdata_row'>\n\t\t\t<span class='evcal_evdata_icons'><i class='fa fa-calendar-o'><\/i><\/span>\n\t\t\t<div class='evcal_evdata_cell'>\n\t\t\t\t<p><a href='https:\/\/latemarium.com\/de\/export-events\/2256_0\/?nonce=7b34e59f7d' class='evo_ics_nCal' title='Zu Ihrem Kalender hinzuf\u00fcgen'>Kalender<\/a><a href='https:\/\/www.google.com\/calendar\/event?action=TEMPLATE&text=RespirArt+Day&dates=20260627T073000Z%2F20260627T215900Z&ctz=Europe%2FRome&details=RespirArt Day&location=Pampeago+Localit%C3%A0+Pampeago%2C+8%2C+38038+Tesero+TN' target='_blank' class='evo_ics_gCal' title='Zu Google Kalender hinzuf\u00fcgen'>GoogleCal<\/a><\/p>\t\n\t\t\t<\/div>\n\t\t<\/div><\/div><\/div><div class='evocard_row'><div id='event_getdirection' class='evocard_box getdirection' data-c='' \n\t\t\t\t\tstyle=''><div class='evo_metarow_getDr evorow evcal_evdata_row evcal_evrow_sm getdirections'>\n\t\t<form action='https:\/\/maps.google.com\/maps' method='get' target='_blank'>\n\t\t\t<input type='hidden' name='daddr' value=\"Localit\u00e0 Pampeago, 8, 38038 Tesero TN\"\/> \n\t\t\t<div class='evo_get_direction_content evo_fx_dr_r evogap10'>\n\t\t\t\t<span class='evogetdir_header evodfx evofx_dr_r evofx_ai_c marr10'>\n\t\t\t\t\t<i class='mainicon fa fa-road'><\/i> \n\t\t\t\t\t<h3 class='evo_h3' style='padding-bottom:5px;'>Wegbeschreibung abrufen<\/h3>\n\t\t\t\t<\/span>\n\t\t\t\t<span class='evogetdir_field evodfx evofx_1_1 evo_fx_dr_c evow100p'>\t\t\t\t\t\n\t\t\t\t\t<input class='evoInput evotac' type='text' name='saddr' placeholder='&quot;Geben Sie die Adresse ein' value='' style='margin:10px 0;'\/>\n\t\t\t\t<\/span>\n\t\t\t\t<button type='submit' class='evo_get_direction_button evo_btn_arr_circ dfx fx_ai_c' title='&quot;Klicken Sie hier'><i class='fa fa-chevron-right'><\/i> <\/button>\n\t\t\t<\/div>\n\t\t<\/form>\n\t<\/div><\/div><\/div><div class='evo_card_row_end evcal_close' title='Schlie\u00dfen'><\/div><\/div><div class='clear end'><\/div><\/div><div id=\"event_2154_1\" class=\"eventon_list_event evo_eventtop scheduled  event clrW no_et event_2154_1\" data-event_id=\"2154\" data-ri=\"1r\" data-time=\"1782652800-1782683940\" data-colr=\"#b8d989\" itemscope itemtype='http:\/\/schema.org\/Event'><div class=\"evo_event_schema\" style=\"display:none\" ><a itemprop='url'  href='https:\/\/latemarium.com\/de\/events\/die-geraeusche-und-das-leben-der-malga\/var\/ri-1.l-L2'><\/a><meta itemprop='image' content=\"https:\/\/latemarium.com\/wp-content\/uploads\/2023\/06\/suoni-vita-malga.jpg\" \/><meta itemprop='startDate' content=\"2026-6-28T15:20+0:00\" \/><meta itemprop='endDate' content=\"2026-6-28T23:59+0:00\" \/><meta itemprop='eventStatus' content=\"https:\/\/schema.org\/EventScheduled\" \/><meta itemprop='eventAttendanceMode'   itemscope itemtype=\"https:\/\/schema.org\/OfflineEventAttendanceMode\"\/><div style=\"display:none\" itemprop=\"location\" itemscope itemtype=\"http:\/\/schema.org\/Place\"><span itemprop=\"name\">Pampeago<\/span><span itemprop=\"address\" itemscope itemtype=\"http:\/\/schema.org\/PostalAddress\"><item itemprop=\"streetAddress\">Localit\u00e0 Pampeago, 8, 38038 Tesero TN<\/item><\/span><\/div><script type=\"application\/ld+json\">{\"@context\": \"http:\/\/schema.org\",\"@type\": \"Event\",\n\t\t\t\t\"@id\": \"event_2154_1\",\n\t\t\t\t\"eventAttendanceMode\":\"https:\/\/schema.org\/OfflineEventAttendanceMode\",\n\t\t\t\t\"eventStatus\":\"https:\/\/schema.org\/EventScheduled\",\n\t\t\t\t\"name\": \"Die Ger\u00e4usche und das Leben der Malga\",\n\t\t\t\t\"url\": \"https:\/\/latemarium.com\/de\/events\/die-geraeusche-und-das-leben-der-malga\/var\/ri-1.l-L2\",\n\t\t\t\t\"startDate\": \"2026-6-28T15:20+0:00\",\n\t\t\t\t\"endDate\": \"2026-6-28T23:59+0:00\",\n\t\t\t\t\"image\":\"https:\/\/latemarium.com\/wp-content\/uploads\/2023\/06\/suoni-vita-malga.jpg\", \n\t\t\t\t\"description\":\"<p>Treffpunkt am Parkplatz des Tresca-Sessellifts (mit dem Auto von Pampeago erreichbar &#8211; NUR f\u00fcr diejenigen, die die Aktivit\u00e4t buchen).<\/p> <p>Nach einem kurzen Spaziergang zur Malga Pampeago entdecken Kinder und Eltern zwischen K\u00fchen, K\u00e4lbern, Eseln und Schweinen den Alltag und die Ger\u00e4usche, die das Leben der Hirten pr\u00e4gen.<\/p> <p>Am Ende der Aktivit\u00e4t gibt es einen kleinen Snack, den die Kinder genie\u00dfen oder mit nach Hause nehmen k\u00f6nnen.<\/p> <p>Aktivit\u00e4t auch mit Kinderwagen m\u00f6glich. <a href='https:\/\/www.visitfiemme.it\/de\/veranstaltungen\/fiemme-cembra-guest-card\/erlebnisse\/erlebnisse-sommer' target='_blank' rel='noopener'>Reservierung erforderlich<\/a>.<\/p> \",\"location\":[{\"@type\":\"Place\",\"name\":\"Pampeago\",\"address\":{\"@type\": \"PostalAddress\",\"streetAddress\":\"Localit\u00e0 Pampeago, 8, 38038 Tesero TN\"}}]}<\/script><\/div>\r\n\t\t\t\t<p class=\"desc_trig_outter\" style=\"\"><a data-gmap_status=\"null\" data-exlk=\"0\" style=\"background-color: #b8d989;\" id=\"evc_17826528002154\" class=\"hasFtIMG event_repeat desc_trig sin_val evcal_list_a\" data-ux_val=\"3\" data-ux_val_mob=\"-\"  ><span class='evoet_c1 evoet_cx '><span class='ev_ftImg' data-img='https:\/\/latemarium.com\/wp-content\/uploads\/2023\/06\/suoni-vita-malga.jpg' data-thumb='https:\/\/latemarium.com\/wp-content\/uploads\/2023\/06\/suoni-vita-malga-300x225.jpg' style='background-image:url(\"https:\/\/latemarium.com\/wp-content\/uploads\/2023\/06\/suoni-vita-malga-300x225.jpg\")' ><\/span><\/span><span class='evoet_c2 evoet_cx '><span class='evoet_dayblock evcal_cblock ' data-bgcolor='#b8d989' data-smon='Juni' data-syr='2026' data-bub=''><span class='evo_start '><em class='date'>28<\/em><em class='month'>Jun<\/em><em class='time'>15:20<\/em><\/span><\/span><\/span><span class='evoet_c3 evoet_cx evcal_desc hide_eventtopdata '><span class='evoet_title evcal_desc2 evcal_event_title ' itemprop='name'>Die Ger\u00e4usche und das Leben der Malga<\/span><span class='event_location_attrs'  data-location_address=\"Localit\u00e0 Pampeago, 8, 38038 Tesero TN\" data-location_type=\"lonlat\" data-location_name=\"Pampeago\" data-location_url=\"https:\/\/latemarium.com\/de\/event-location\/pampeago-de\/\" data-location_status=\"true\" data-latlng=\"46.34343697644898,11.540997527961546\"><\/span><span class='evoet_subtitle evo_below_title' ><\/span><span class='evoet_time_expand level_3'><em class='evcal_time evo_tz_time'><i class='fa fa-clock-o'><\/i>15:20<span class='evo_tz marl5'>(GMT+02:00)<\/span><\/em> <\/span><span class='evoet_location level_3'><em class=\"evcal_location\"  data-latlng=\"46.34343697644898,11.540997527961546\" data-add_str=\"Localit\u00e0 Pampeago, 8, 38038 Tesero TN\" data-n=\"Pampeago\"><i class=\"fa fa-location-pin\"><\/i><em class=\"event_location_name\">Pampeago<\/em>, Localit\u00e0 Pampeago, 8, 38038 Tesero TN<\/em><\/span><\/span><span class='evoet_data' data-d=\"{&quot;loc.n&quot;:&quot;Pampeago&quot;,&quot;orgs&quot;:[],&quot;tags&quot;:{&quot;repeating&quot;:&quot;Repeating Event&quot;}}\" data-bgc=\"#b8d989\" data-bggrad=\"\" ><\/span><\/a><\/p><div class='event_description evcal_eventcard ' style=\"display:none\"><div class='evocard_row'><div id='event_ftimage' class='evocard_box ftimage' data-c='' \n\t\t\t\t\tstyle=''><div class='evocard_main_image_hold' data-t='Loading Image..'><div class='evocard_main_image evo_img_triglb evobr15 evobgsc evobgpc evodfx evofx_jc_c evofx_ai_c evofz48 minmized' style='height:300px; background-image:url();' data-f=\"https:\/\/latemarium.com\/wp-content\/uploads\/2023\/06\/suoni-vita-malga.jpg\" data-h=\"796\" data-w=\"1062\" data-ratio=\"0.74952919020716\" data-event_id=\"2154\" data-ri=\"1\"  data-t='Loading Image..'><span style='height:300px; background-image:url(https:\/\/latemarium.com\/wp-content\/uploads\/2023\/06\/suoni-vita-malga.jpg)'><\/span><\/div><\/div><\/div><\/div><div class='evocard_row'><div id='event_eventdetails' class='evocard_box eventdetails' data-c='' \n\t\t\t\t\tstyle=''><div class='evo_metarow_details evorow evcal_evdata_row evcal_event_details'>\n\t\t<div class=\"event_excerpt\" style=\"display:none\"><h3 class=\"padb5 evo_h3\">Details zur Veranstaltung<\/h3><p>Treffpunkt am Parkplatz des Tresca-Sessellifts (mit dem Auto von Pampeago erreichbar &#8211; NUR f\u00fcr diejenigen, die die Aktivit\u00e4t buchen).\nNach einem kurzen Spaziergang zur Malga Pampeago entdecken Kinder und Eltern zwischen<\/p><\/div><span class='evcal_evdata_icons'><i class='fa fa-align-justify'><\/i><\/span>\n\t\t\n\t\t<div class='evcal_evdata_cell shorter_desc'>\n\t\t\t<div class='eventon_full_description'>\n\t\t\t\t<h3 class='padb5 evo_h3'><span class='evcal_evdata_icons'><i class='fa fa-align-justify'><\/i><\/span>Details zur Veranstaltung<\/h3>\n\t\t\t\t<div class='eventon_desc_in' itemprop='description'>\n\t\t\t\t<p>Treffpunkt am Parkplatz des Tresca-Sessellifts (mit dem Auto von Pampeago erreichbar &#8211; NUR f\u00fcr diejenigen, die die Aktivit\u00e4t buchen).<\/p>\n<p>Nach einem kurzen Spaziergang zur Malga Pampeago entdecken Kinder und Eltern zwischen K\u00fchen, K\u00e4lbern, Eseln und Schweinen den Alltag und die Ger\u00e4usche, die das Leben der Hirten pr\u00e4gen.<\/p>\n<p>Am Ende der Aktivit\u00e4t gibt es einen kleinen Snack, den die Kinder genie\u00dfen oder mit nach Hause nehmen k\u00f6nnen.<\/p>\n<p>Aktivit\u00e4t auch mit Kinderwagen m\u00f6glich. <a href=\"https:\/\/www.visitfiemme.it\/de\/veranstaltungen\/fiemme-cembra-guest-card\/erlebnisse\/erlebnisse-sommer\" target=\"_blank\" rel=\"noopener\">Reservierung erforderlich<\/a>.<\/p>\n<\/div><p class='eventon_shad_p' style='padding:5px 0 0; margin:0'>\n\t\t\t<span class='evcal_btn evo_btn_secondary evobtn_details_show_more' content='less'>\n\t\t\t\t<span class='ev_more_text' data-txt='Weniger'>Mehr<\/span><span class='ev_more_arrow ard'><\/span>\n\t\t\t<\/span>\n\t\t<\/p><div class='clear'><\/div>\n\t\t\t<\/div>\n\t\t<\/div>\n\t<\/div><\/div><\/div><div class='evocard_row bx2 bx'><div id='event_time' class='evocard_box time' data-c='' \n\t\t\t\t\tstyle=''><div class='evo_metarow_time evorow evcal_evdata_row evcal_evrow_sm '>\n\t\t<span class='evcal_evdata_icons'><i class='fa fa-clock'><\/i><\/span>\n\t\t<div class='evcal_evdata_cell'>\t\t\t\t\t\t\t\n\t\t\t<h3 class='evo_h3'><span class='evcal_evdata_icons'><i class='fa fa-clock'><\/i><\/span>Zeitplan<\/h3><p><span class='evo_eventcard_time_t'>28 Juni 2026 15:20<\/span><span class='evo_tz marr5'>(GMT+02:00)<\/span><\/p>\n\t\t<\/div>\n\t<\/div><\/div><div id='event_location' class='evocard_box location' data-c='' \n\t\t\t\t\tstyle=''><div class='evcal_evdata_row evo_metarow_time_location evorow '>\n\t\t\n\t\t\t<span class='evcal_evdata_icons'><i class='fa fa-map-marker'><\/i><\/span>\n\t\t\t<div class='evcal_evdata_cell' data-loc_tax_id='32'><h3 class='evo_h3 evodfx'><span class='evcal_evdata_icons'><i class='fa fa-map-marker'><\/i><\/span>Ort<\/h3><p class='evo_location_name'>Pampeago<\/p><p class='evo_location_address evodfxi evogap10'>Localit\u00e0 Pampeago, 8, 38038 Tesero TN<\/p><div class='padt10'><span class='evo_btn_arr evolb_trigger' data-lbvals=\"{&quot;lbc&quot;:&quot;evo_location_lb_32&quot;,&quot;lbac&quot;:&quot;lb_max&quot;,&quot;t&quot;:&quot;Pampeago&quot;,&quot;ajax&quot;:&quot;yes&quot;,&quot;ajax_type&quot;:&quot;endpoint&quot;,&quot;ajax_action&quot;:&quot;eventon_get_tax_card_content&quot;,&quot;end&quot;:&quot;client&quot;,&quot;d&quot;:{&quot;lang&quot;:&quot;L2&quot;,&quot;term_id&quot;:32,&quot;tax&quot;:&quot;event_location&quot;,&quot;load_lbcontent&quot;:true},&quot;uid&quot;:&quot;eventon_get_tax_card_content&quot;}\" >Other Events<i class='fa fa-chevron-right'><\/i><\/span><\/div><\/div>\n\t\t\n\t<\/div><\/div><\/div><div class='evocard_row'><div id='event_addtocal' class='evocard_box addtocal' data-c='' \n\t\t\t\t\tstyle=''><div class='evo_metarow_ICS evorow evcal_evdata_row'>\n\t\t\t<span class='evcal_evdata_icons'><i class='fa fa-calendar-o'><\/i><\/span>\n\t\t\t<div class='evcal_evdata_cell'>\n\t\t\t\t<p><a href='https:\/\/latemarium.com\/de\/export-events\/2154_1\/?nonce=7b34e59f7d' class='evo_ics_nCal' title='Zu Ihrem Kalender hinzuf\u00fcgen'>Kalender<\/a><a href='https:\/\/www.google.com\/calendar\/event?action=TEMPLATE&text=Die+Ger%C3%A4usche+und+das+Leben+der+Malga&dates=20260628T132000Z%2F20260628T215900Z&ctz=Europe%2FRome&details=Die Ger\u00e4usche und das Leben der Malga&location=Pampeago+Localit%C3%A0+Pampeago%2C+8%2C+38038+Tesero+TN' target='_blank' class='evo_ics_gCal' title='Zu Google Kalender hinzuf\u00fcgen'>GoogleCal<\/a><\/p>\t\n\t\t\t<\/div>\n\t\t<\/div><\/div><\/div><div class='evocard_row'><div id='event_getdirection' class='evocard_box getdirection' data-c='' \n\t\t\t\t\tstyle=''><div class='evo_metarow_getDr evorow evcal_evdata_row evcal_evrow_sm getdirections'>\n\t\t<form action='https:\/\/maps.google.com\/maps' method='get' target='_blank'>\n\t\t\t<input type='hidden' name='daddr' value=\"Localit\u00e0 Pampeago, 8, 38038 Tesero TN\"\/> \n\t\t\t<div class='evo_get_direction_content evo_fx_dr_r evogap10'>\n\t\t\t\t<span class='evogetdir_header evodfx evofx_dr_r evofx_ai_c marr10'>\n\t\t\t\t\t<i class='mainicon fa fa-road'><\/i> \n\t\t\t\t\t<h3 class='evo_h3' style='padding-bottom:5px;'>Wegbeschreibung abrufen<\/h3>\n\t\t\t\t<\/span>\n\t\t\t\t<span class='evogetdir_field evodfx evofx_1_1 evo_fx_dr_c evow100p'>\t\t\t\t\t\n\t\t\t\t\t<input class='evoInput evotac' type='text' name='saddr' placeholder='&quot;Geben Sie die Adresse ein' value='' style='margin:10px 0;'\/>\n\t\t\t\t<\/span>\n\t\t\t\t<button type='submit' class='evo_get_direction_button evo_btn_arr_circ dfx fx_ai_c' title='&quot;Klicken Sie hier'><i class='fa fa-chevron-right'><\/i> <\/button>\n\t\t\t<\/div>\n\t\t<\/form>\n\t<\/div><\/div><\/div><div class='evo_card_row_end evcal_close' title='Schlie\u00dfen'><\/div><\/div><div class='clear end'><\/div><\/div><div id=\"event_2116_0\" class=\"eventon_list_event evo_eventtop scheduled  event clrW no_et event_2116_0\" data-event_id=\"2116\" data-ri=\"0r\" data-time=\"1782718200-1782770340\" data-colr=\"#ffa024\" itemscope itemtype='http:\/\/schema.org\/Event'><div class=\"evo_event_schema\" style=\"display:none\" ><a itemprop='url'  href='https:\/\/latemarium.com\/de\/events\/geotrekking-monte-agnello\/var\/ri-0.l-L2'><\/a><meta itemprop='image' content=\"https:\/\/latemarium.com\/wp-content\/uploads\/2023\/06\/geotrail-monte-agnello.jpg\" \/><meta itemprop='startDate' content=\"2026-6-29T09:30+0:00\" \/><meta itemprop='endDate' content=\"2026-6-29T23:59+0:00\" \/><meta itemprop='eventStatus' content=\"https:\/\/schema.org\/EventScheduled\" \/><meta itemprop='eventAttendanceMode'   itemscope itemtype=\"https:\/\/schema.org\/OfflineEventAttendanceMode\"\/><div style=\"display:none\" itemprop=\"location\" itemscope itemtype=\"http:\/\/schema.org\/Place\"><span itemprop=\"name\">Bergh\u00fctte Monte Agnello<\/span><span itemprop=\"address\" itemscope itemtype=\"http:\/\/schema.org\/PostalAddress\"><item itemprop=\"streetAddress\">Loc. Pampeago, 9, 38038 Tesero TN<\/item><\/span><\/div><script type=\"application\/ld+json\">{\"@context\": \"http:\/\/schema.org\",\"@type\": \"Event\",\n\t\t\t\t\"@id\": \"event_2116_0\",\n\t\t\t\t\"eventAttendanceMode\":\"https:\/\/schema.org\/OfflineEventAttendanceMode\",\n\t\t\t\t\"eventStatus\":\"https:\/\/schema.org\/EventScheduled\",\n\t\t\t\t\"name\": \"Geotrekking Monte Agnello\",\n\t\t\t\t\"url\": \"https:\/\/latemarium.com\/de\/events\/geotrekking-monte-agnello\/var\/ri-0.l-L2\",\n\t\t\t\t\"startDate\": \"2026-6-29T09:30+0:00\",\n\t\t\t\t\"endDate\": \"2026-6-29T23:59+0:00\",\n\t\t\t\t\"image\":\"https:\/\/latemarium.com\/wp-content\/uploads\/2023\/06\/geotrail-monte-agnello.jpg\", \n\t\t\t\t\"description\":\"<p>Malerische geologische Route zur Entdeckung des antiken Vulkans Predazzo, gef\u00fchrt von einem erfahrenen Geologen und Medienbergf\u00fchrer.<\/p> <p>Ein Spaziergang auf den Spuren des Trias-Pompeji von Monte Agnello, wo Lava, Asche und Lapilli ein altes tropisches Atoll begruben.<\/p> <p>Die Route ist einfach, mit gut begehbaren Wegen, H\u00f6henunterschied ca. 350 Meter. Kostenlose Aktivit\u00e4t.<\/p> \",\"location\":[{\"@type\":\"Place\",\"name\":\"Bergh\u00fctte Monte Agnello\",\"address\":{\"@type\": \"PostalAddress\",\"streetAddress\":\"Loc. Pampeago, 9, 38038 Tesero TN\"}}]}<\/script><\/div>\r\n\t\t\t\t<p class=\"desc_trig_outter\" style=\"\"><a data-gmap_status=\"null\" data-exlk=\"0\" style=\"background-color: #ffa024;\" id=\"evc_17827182002116\" class=\"hasFtIMG event_repeat desc_trig sin_val evcal_list_a\" data-ux_val=\"3\" data-ux_val_mob=\"-\"  ><span class='evoet_c1 evoet_cx '><span class='ev_ftImg' data-img='https:\/\/latemarium.com\/wp-content\/uploads\/2023\/06\/geotrail-monte-agnello.jpg' data-thumb='https:\/\/latemarium.com\/wp-content\/uploads\/2023\/06\/geotrail-monte-agnello-300x240.jpg' style='background-image:url(\"https:\/\/latemarium.com\/wp-content\/uploads\/2023\/06\/geotrail-monte-agnello-300x240.jpg\")' ><\/span><\/span><span class='evoet_c2 evoet_cx '><span class='evoet_dayblock evcal_cblock ' data-bgcolor='#ffa024' data-smon='Juni' data-syr='2026' data-bub=''><span class='evo_start '><em class='date'>29<\/em><em class='month'>Jun<\/em><em class='time'>09:30<\/em><\/span><\/span><\/span><span class='evoet_c3 evoet_cx evcal_desc hide_eventtopdata '><span class='evoet_title evcal_desc2 evcal_event_title ' itemprop='name'>Geotrekking Monte Agnello<\/span><span class='event_location_attrs'  data-location_address=\"Loc. Pampeago, 9, 38038 Tesero TN\" data-location_type=\"lonlat\" data-location_name=\"Bergh\u00fctte Monte Agnello\" data-location_url=\"https:\/\/latemarium.com\/de\/event-location\/berghuette-monte-agnello\/\" data-location_status=\"true\" data-latlng=\"46.333809095680266,11.547693182509184\"><\/span><span class='evoet_subtitle evo_below_title' ><span class='evcal_event_subtitle ' >Geologische Route zur Entdeckung des antiken Vulkans Predazzo<\/span><\/span><span class='evoet_time_expand level_3'><em class='evcal_time evo_tz_time'><i class='fa fa-clock-o'><\/i>09:30<span class='evo_tz marl5'>(GMT+02:00)<\/span><\/em> <\/span><span class='evoet_location level_3'><em class=\"evcal_location\"  data-latlng=\"46.333809095680266,11.547693182509184\" data-add_str=\"Loc. Pampeago, 9, 38038 Tesero TN\" data-n=\"Bergh\u00fctte Monte Agnello\"><i class=\"fa fa-location-pin\"><\/i><em class=\"event_location_name\">Bergh\u00fctte Monte Agnello<\/em>, Loc. Pampeago, 9, 38038 Tesero TN<\/em><\/span><\/span><span class='evoet_data' data-d=\"{&quot;loc.n&quot;:&quot;Bergh\\u00fctte Monte Agnello&quot;,&quot;orgs&quot;:[],&quot;tags&quot;:{&quot;repeating&quot;:&quot;Repeating Event&quot;}}\" data-bgc=\"#ffa024\" data-bggrad=\"\" ><\/span><\/a><\/p><div class='event_description evcal_eventcard ' style=\"display:none\"><div class='evocard_row'><div id='event_ftimage' class='evocard_box ftimage' data-c='' \n\t\t\t\t\tstyle=''><div class='evocard_main_image_hold' data-t='Loading Image..'><div class='evocard_main_image evo_img_triglb evobr15 evobgsc evobgpc evodfx evofx_jc_c evofx_ai_c evofz48 minmized' style='height:300px; background-image:url();' data-f=\"https:\/\/latemarium.com\/wp-content\/uploads\/2023\/06\/geotrail-monte-agnello.jpg\" data-h=\"528\" data-w=\"661\" data-ratio=\"0.79878971255673\" data-event_id=\"2116\" data-ri=\"0\"  data-t='Loading Image..'><span style='height:300px; background-image:url(https:\/\/latemarium.com\/wp-content\/uploads\/2023\/06\/geotrail-monte-agnello.jpg)'><\/span><\/div><\/div><\/div><\/div><div class='evocard_row'><div id='event_eventdetails' class='evocard_box eventdetails' data-c='' \n\t\t\t\t\tstyle=''><div class='evo_metarow_details evorow evcal_evdata_row evcal_event_details'>\n\t\t<div class=\"event_excerpt\" style=\"display:none\"><h3 class=\"padb5 evo_h3\">Details zur Veranstaltung<\/h3><p>Malerische geologische Route zur Entdeckung des antiken Vulkans Predazzo, gef\u00fchrt von einem erfahrenen Geologen und Medienbergf\u00fchrer.\nEin Spaziergang auf den Spuren des Trias-Pompeji von Monte Agnello, wo Lava, Asche und Lapilli<\/p><\/div><span class='evcal_evdata_icons'><i class='fa fa-align-justify'><\/i><\/span>\n\t\t\n\t\t<div class='evcal_evdata_cell '>\n\t\t\t<div class='eventon_full_description'>\n\t\t\t\t<h3 class='padb5 evo_h3'><span class='evcal_evdata_icons'><i class='fa fa-align-justify'><\/i><\/span>Details zur Veranstaltung<\/h3>\n\t\t\t\t<div class='eventon_desc_in' itemprop='description'>\n\t\t\t\t<p>Malerische geologische Route zur Entdeckung des antiken Vulkans Predazzo, gef\u00fchrt von einem erfahrenen Geologen und Medienbergf\u00fchrer.<\/p>\n<p>Ein Spaziergang auf den Spuren des Trias-Pompeji von Monte Agnello, wo Lava, Asche und Lapilli ein altes tropisches Atoll begruben.<\/p>\n<p>Die Route ist einfach, mit gut begehbaren Wegen, H\u00f6henunterschied ca. 350 Meter. Kostenlose Aktivit\u00e4t.<\/p>\n<\/div><div class='clear'><\/div>\n\t\t\t<\/div>\n\t\t<\/div>\n\t<\/div><\/div><\/div><div class='evocard_row bx2 bx'><div id='event_time' class='evocard_box time' data-c='' \n\t\t\t\t\tstyle=''><div class='evo_metarow_time evorow evcal_evdata_row evcal_evrow_sm '>\n\t\t<span class='evcal_evdata_icons'><i class='fa fa-clock'><\/i><\/span>\n\t\t<div class='evcal_evdata_cell'>\t\t\t\t\t\t\t\n\t\t\t<h3 class='evo_h3'><span class='evcal_evdata_icons'><i class='fa fa-clock'><\/i><\/span>Zeitplan<\/h3><p><span class='evo_eventcard_time_t'>29 Juni 2026 09:30<\/span><span class='evo_tz marr5'>(GMT+02:00)<\/span><\/p>\n\t\t<\/div>\n\t<\/div><\/div><div id='event_location' class='evocard_box location' data-c='' \n\t\t\t\t\tstyle=''><div class='evcal_evdata_row evo_metarow_time_location evorow '>\n\t\t\n\t\t\t<span class='evcal_evdata_icons'><i class='fa fa-map-marker'><\/i><\/span>\n\t\t\t<div class='evcal_evdata_cell' data-loc_tax_id='25'><h3 class='evo_h3 evodfx'><span class='evcal_evdata_icons'><i class='fa fa-map-marker'><\/i><\/span><a target=\"_blank\" href=\"https:\/\/www.facebook.com\/profile.php?id=100064742944609\">Ort<\/a><\/h3><p class='evo_location_name'><a target=\"_blank\" href=\"https:\/\/www.facebook.com\/profile.php?id=100064742944609\">Bergh\u00fctte Monte Agnello<\/a><\/p><p class='evo_location_address evodfxi evogap10'><a target=\"_blank\" href=\"https:\/\/www.facebook.com\/profile.php?id=100064742944609\">Loc. Pampeago, 9, 38038 Tesero TN<\/a><\/p><div class='padt10'><span class='evo_btn_arr evolb_trigger' data-lbvals=\"{&quot;lbc&quot;:&quot;evo_location_lb_25&quot;,&quot;lbac&quot;:&quot;lb_max&quot;,&quot;t&quot;:&quot;Bergh\\u00fctte Monte Agnello&quot;,&quot;ajax&quot;:&quot;yes&quot;,&quot;ajax_type&quot;:&quot;endpoint&quot;,&quot;ajax_action&quot;:&quot;eventon_get_tax_card_content&quot;,&quot;end&quot;:&quot;client&quot;,&quot;d&quot;:{&quot;lang&quot;:&quot;L2&quot;,&quot;term_id&quot;:25,&quot;tax&quot;:&quot;event_location&quot;,&quot;load_lbcontent&quot;:true},&quot;uid&quot;:&quot;eventon_get_tax_card_content&quot;}\" >Other Events<i class='fa fa-chevron-right'><\/i><\/span><\/div><\/div>\n\t\t\n\t<\/div><\/div><\/div><div class='evocard_row bx2 bx'><div id='event_learnmore' class='evocard_box learnmore' data-c='' \n\t\t\t\t\tstyle=''><div class='evo_metarow_learnM evo_metarow_learnmore evorow'>\n\t\t\t\t\t\t\t<a class='evcal_evdata_row evo_clik_row ' href='https:\/\/latemarium.com\/de\/excursions\/detail\/geotrail-monte-agnello\/' target=\"_blank\">\n\t\t\t\t\t\t\t\t<span class='evcal_evdata_icons'><i class='fa fa-link'><\/i><\/span>\n\t\t\t\t\t\t\t\t<h3 class='evo_h3'>Entdecke mehr<\/h3>\n\t\t\t\t\t\t\t<\/a>\n\t\t\t\t\t\t\t<\/div><\/div><div id='event_addtocal' class='evocard_box addtocal' data-c='' \n\t\t\t\t\tstyle=''><div class='evo_metarow_ICS evorow evcal_evdata_row'>\n\t\t\t<span class='evcal_evdata_icons'><i class='fa fa-calendar-o'><\/i><\/span>\n\t\t\t<div class='evcal_evdata_cell'>\n\t\t\t\t<p><a href='https:\/\/latemarium.com\/de\/export-events\/2116_0\/?nonce=7b34e59f7d' class='evo_ics_nCal' title='Zu Ihrem Kalender hinzuf\u00fcgen'>Kalender<\/a><a href='https:\/\/www.google.com\/calendar\/event?action=TEMPLATE&text=Geotrekking+Monte+Agnello&dates=20260629T073000Z%2F20260629T215900Z&ctz=Europe%2FRome&details=Geotrekking Monte Agnello&location=Bergh%C3%BCtte+Monte+Agnello+Loc.+Pampeago%2C+9%2C+38038+Tesero+TN' target='_blank' class='evo_ics_gCal' title='Zu Google Kalender hinzuf\u00fcgen'>GoogleCal<\/a><\/p>\t\n\t\t\t<\/div>\n\t\t<\/div><\/div><\/div><div class='evocard_row'><div id='event_getdirection' class='evocard_box getdirection' data-c='' \n\t\t\t\t\tstyle=''><div class='evo_metarow_getDr evorow evcal_evdata_row evcal_evrow_sm getdirections'>\n\t\t<form action='https:\/\/maps.google.com\/maps' method='get' target='_blank'>\n\t\t\t<input type='hidden' name='daddr' value=\"46.333809095680266,11.547693182509184\"\/> \n\t\t\t<div class='evo_get_direction_content evo_fx_dr_r evogap10'>\n\t\t\t\t<span class='evogetdir_header evodfx evofx_dr_r evofx_ai_c marr10'>\n\t\t\t\t\t<i class='mainicon fa fa-road'><\/i> \n\t\t\t\t\t<h3 class='evo_h3' style='padding-bottom:5px;'>Wegbeschreibung abrufen<\/h3>\n\t\t\t\t<\/span>\n\t\t\t\t<span class='evogetdir_field evodfx evofx_1_1 evo_fx_dr_c evow100p'>\t\t\t\t\t\n\t\t\t\t\t<input class='evoInput evotac' type='text' name='saddr' placeholder='&quot;Geben Sie die Adresse ein' value='' style='margin:10px 0;'\/>\n\t\t\t\t<\/span>\n\t\t\t\t<button type='submit' class='evo_get_direction_button evo_btn_arr_circ dfx fx_ai_c' title='&quot;Klicken Sie hier'><i class='fa fa-chevron-right'><\/i> <\/button>\n\t\t\t<\/div>\n\t\t<\/form>\n\t<\/div><\/div><\/div><div class='evo_card_row_end evcal_close' title='Schlie\u00dfen'><\/div><\/div><div class='clear end'><\/div><\/div><div id=\"event_2154_2\" class=\"eventon_list_event evo_eventtop scheduled  event clrW no_et event_2154_2\" data-event_id=\"2154\" data-ri=\"2r\" data-time=\"1782739200-1782770340\" data-colr=\"#b8d989\" itemscope itemtype='http:\/\/schema.org\/Event'><div class=\"evo_event_schema\" style=\"display:none\" ><a itemprop='url'  href='https:\/\/latemarium.com\/de\/events\/die-geraeusche-und-das-leben-der-malga\/var\/ri-2.l-L2'><\/a><meta itemprop='image' content=\"https:\/\/latemarium.com\/wp-content\/uploads\/2023\/06\/suoni-vita-malga.jpg\" \/><meta itemprop='startDate' content=\"2026-6-29T15:20+0:00\" \/><meta itemprop='endDate' content=\"2026-6-29T23:59+0:00\" \/><meta itemprop='eventStatus' content=\"https:\/\/schema.org\/EventScheduled\" \/><meta itemprop='eventAttendanceMode'   itemscope itemtype=\"https:\/\/schema.org\/OfflineEventAttendanceMode\"\/><div style=\"display:none\" itemprop=\"location\" itemscope itemtype=\"http:\/\/schema.org\/Place\"><span itemprop=\"name\">Pampeago<\/span><span itemprop=\"address\" itemscope itemtype=\"http:\/\/schema.org\/PostalAddress\"><item itemprop=\"streetAddress\">Localit\u00e0 Pampeago, 8, 38038 Tesero TN<\/item><\/span><\/div><script type=\"application\/ld+json\">{\"@context\": \"http:\/\/schema.org\",\"@type\": \"Event\",\n\t\t\t\t\"@id\": \"event_2154_2\",\n\t\t\t\t\"eventAttendanceMode\":\"https:\/\/schema.org\/OfflineEventAttendanceMode\",\n\t\t\t\t\"eventStatus\":\"https:\/\/schema.org\/EventScheduled\",\n\t\t\t\t\"name\": \"Die Ger\u00e4usche und das Leben der Malga\",\n\t\t\t\t\"url\": \"https:\/\/latemarium.com\/de\/events\/die-geraeusche-und-das-leben-der-malga\/var\/ri-2.l-L2\",\n\t\t\t\t\"startDate\": \"2026-6-29T15:20+0:00\",\n\t\t\t\t\"endDate\": \"2026-6-29T23:59+0:00\",\n\t\t\t\t\"image\":\"https:\/\/latemarium.com\/wp-content\/uploads\/2023\/06\/suoni-vita-malga.jpg\", \n\t\t\t\t\"description\":\"<p>Treffpunkt am Parkplatz des Tresca-Sessellifts (mit dem Auto von Pampeago erreichbar &#8211; NUR f\u00fcr diejenigen, die die Aktivit\u00e4t buchen).<\/p> <p>Nach einem kurzen Spaziergang zur Malga Pampeago entdecken Kinder und Eltern zwischen K\u00fchen, K\u00e4lbern, Eseln und Schweinen den Alltag und die Ger\u00e4usche, die das Leben der Hirten pr\u00e4gen.<\/p> <p>Am Ende der Aktivit\u00e4t gibt es einen kleinen Snack, den die Kinder genie\u00dfen oder mit nach Hause nehmen k\u00f6nnen.<\/p> <p>Aktivit\u00e4t auch mit Kinderwagen m\u00f6glich. <a href='https:\/\/www.visitfiemme.it\/de\/veranstaltungen\/fiemme-cembra-guest-card\/erlebnisse\/erlebnisse-sommer' target='_blank' rel='noopener'>Reservierung erforderlich<\/a>.<\/p> \",\"location\":[{\"@type\":\"Place\",\"name\":\"Pampeago\",\"address\":{\"@type\": \"PostalAddress\",\"streetAddress\":\"Localit\u00e0 Pampeago, 8, 38038 Tesero TN\"}}]}<\/script><\/div>\r\n\t\t\t\t<p class=\"desc_trig_outter\" style=\"\"><a data-gmap_status=\"null\" data-exlk=\"0\" style=\"background-color: #b8d989;\" id=\"evc_17827392002154\" class=\"hasFtIMG event_repeat desc_trig sin_val evcal_list_a\" data-ux_val=\"3\" data-ux_val_mob=\"-\"  ><span class='evoet_c1 evoet_cx '><span class='ev_ftImg' data-img='https:\/\/latemarium.com\/wp-content\/uploads\/2023\/06\/suoni-vita-malga.jpg' data-thumb='https:\/\/latemarium.com\/wp-content\/uploads\/2023\/06\/suoni-vita-malga-300x225.jpg' style='background-image:url(\"https:\/\/latemarium.com\/wp-content\/uploads\/2023\/06\/suoni-vita-malga-300x225.jpg\")' ><\/span><\/span><span class='evoet_c2 evoet_cx '><span class='evoet_dayblock evcal_cblock ' data-bgcolor='#b8d989' data-smon='Juni' data-syr='2026' data-bub=''><span class='evo_start '><em class='date'>29<\/em><em class='month'>Jun<\/em><em class='time'>15:20<\/em><\/span><\/span><\/span><span class='evoet_c3 evoet_cx evcal_desc hide_eventtopdata '><span class='evoet_title evcal_desc2 evcal_event_title ' itemprop='name'>Die Ger\u00e4usche und das Leben der Malga<\/span><span class='event_location_attrs'  data-location_address=\"Localit\u00e0 Pampeago, 8, 38038 Tesero TN\" data-location_type=\"lonlat\" data-location_name=\"Pampeago\" data-location_url=\"https:\/\/latemarium.com\/de\/event-location\/pampeago-de\/\" data-location_status=\"true\" data-latlng=\"46.34343697644898,11.540997527961546\"><\/span><span class='evoet_subtitle evo_below_title' ><\/span><span class='evoet_time_expand level_3'><em class='evcal_time evo_tz_time'><i class='fa fa-clock-o'><\/i>15:20<span class='evo_tz marl5'>(GMT+02:00)<\/span><\/em> <\/span><span class='evoet_location level_3'><em class=\"evcal_location\"  data-latlng=\"46.34343697644898,11.540997527961546\" data-add_str=\"Localit\u00e0 Pampeago, 8, 38038 Tesero TN\" data-n=\"Pampeago\"><i class=\"fa fa-location-pin\"><\/i><em class=\"event_location_name\">Pampeago<\/em>, Localit\u00e0 Pampeago, 8, 38038 Tesero TN<\/em><\/span><\/span><span class='evoet_data' data-d=\"{&quot;loc.n&quot;:&quot;Pampeago&quot;,&quot;orgs&quot;:[],&quot;tags&quot;:{&quot;repeating&quot;:&quot;Repeating Event&quot;}}\" data-bgc=\"#b8d989\" data-bggrad=\"\" ><\/span><\/a><\/p><div class='event_description evcal_eventcard ' style=\"display:none\"><div class='evocard_row'><div id='event_ftimage' class='evocard_box ftimage' data-c='' \n\t\t\t\t\tstyle=''><div class='evocard_main_image_hold' data-t='Loading Image..'><div class='evocard_main_image evo_img_triglb evobr15 evobgsc evobgpc evodfx evofx_jc_c evofx_ai_c evofz48 minmized' style='height:300px; background-image:url();' data-f=\"https:\/\/latemarium.com\/wp-content\/uploads\/2023\/06\/suoni-vita-malga.jpg\" data-h=\"796\" data-w=\"1062\" data-ratio=\"0.74952919020716\" data-event_id=\"2154\" data-ri=\"2\"  data-t='Loading Image..'><span style='height:300px; background-image:url(https:\/\/latemarium.com\/wp-content\/uploads\/2023\/06\/suoni-vita-malga.jpg)'><\/span><\/div><\/div><\/div><\/div><div class='evocard_row'><div id='event_eventdetails' class='evocard_box eventdetails' data-c='' \n\t\t\t\t\tstyle=''><div class='evo_metarow_details evorow evcal_evdata_row evcal_event_details'>\n\t\t<div class=\"event_excerpt\" style=\"display:none\"><h3 class=\"padb5 evo_h3\">Details zur Veranstaltung<\/h3><p>Treffpunkt am Parkplatz des Tresca-Sessellifts (mit dem Auto von Pampeago erreichbar &#8211; NUR f\u00fcr diejenigen, die die Aktivit\u00e4t buchen).\nNach einem kurzen Spaziergang zur Malga Pampeago entdecken Kinder und Eltern zwischen<\/p><\/div><span class='evcal_evdata_icons'><i class='fa fa-align-justify'><\/i><\/span>\n\t\t\n\t\t<div class='evcal_evdata_cell shorter_desc'>\n\t\t\t<div class='eventon_full_description'>\n\t\t\t\t<h3 class='padb5 evo_h3'><span class='evcal_evdata_icons'><i class='fa fa-align-justify'><\/i><\/span>Details zur Veranstaltung<\/h3>\n\t\t\t\t<div class='eventon_desc_in' itemprop='description'>\n\t\t\t\t<p>Treffpunkt am Parkplatz des Tresca-Sessellifts (mit dem Auto von Pampeago erreichbar &#8211; NUR f\u00fcr diejenigen, die die Aktivit\u00e4t buchen).<\/p>\n<p>Nach einem kurzen Spaziergang zur Malga Pampeago entdecken Kinder und Eltern zwischen K\u00fchen, K\u00e4lbern, Eseln und Schweinen den Alltag und die Ger\u00e4usche, die das Leben der Hirten pr\u00e4gen.<\/p>\n<p>Am Ende der Aktivit\u00e4t gibt es einen kleinen Snack, den die Kinder genie\u00dfen oder mit nach Hause nehmen k\u00f6nnen.<\/p>\n<p>Aktivit\u00e4t auch mit Kinderwagen m\u00f6glich. <a href=\"https:\/\/www.visitfiemme.it\/de\/veranstaltungen\/fiemme-cembra-guest-card\/erlebnisse\/erlebnisse-sommer\" target=\"_blank\" rel=\"noopener\">Reservierung erforderlich<\/a>.<\/p>\n<\/div><p class='eventon_shad_p' style='padding:5px 0 0; margin:0'>\n\t\t\t<span class='evcal_btn evo_btn_secondary evobtn_details_show_more' content='less'>\n\t\t\t\t<span class='ev_more_text' data-txt='Weniger'>Mehr<\/span><span class='ev_more_arrow ard'><\/span>\n\t\t\t<\/span>\n\t\t<\/p><div class='clear'><\/div>\n\t\t\t<\/div>\n\t\t<\/div>\n\t<\/div><\/div><\/div><div class='evocard_row bx2 bx'><div id='event_time' class='evocard_box time' data-c='' \n\t\t\t\t\tstyle=''><div class='evo_metarow_time evorow evcal_evdata_row evcal_evrow_sm '>\n\t\t<span class='evcal_evdata_icons'><i class='fa fa-clock'><\/i><\/span>\n\t\t<div class='evcal_evdata_cell'>\t\t\t\t\t\t\t\n\t\t\t<h3 class='evo_h3'><span class='evcal_evdata_icons'><i class='fa fa-clock'><\/i><\/span>Zeitplan<\/h3><p><span class='evo_eventcard_time_t'>29 Juni 2026 15:20<\/span><span class='evo_tz marr5'>(GMT+02:00)<\/span><\/p>\n\t\t<\/div>\n\t<\/div><\/div><div id='event_location' class='evocard_box location' data-c='' \n\t\t\t\t\tstyle=''><div class='evcal_evdata_row evo_metarow_time_location evorow '>\n\t\t\n\t\t\t<span class='evcal_evdata_icons'><i class='fa fa-map-marker'><\/i><\/span>\n\t\t\t<div class='evcal_evdata_cell' data-loc_tax_id='32'><h3 class='evo_h3 evodfx'><span class='evcal_evdata_icons'><i class='fa fa-map-marker'><\/i><\/span>Ort<\/h3><p class='evo_location_name'>Pampeago<\/p><p class='evo_location_address evodfxi evogap10'>Localit\u00e0 Pampeago, 8, 38038 Tesero TN<\/p><div class='padt10'><span class='evo_btn_arr evolb_trigger' data-lbvals=\"{&quot;lbc&quot;:&quot;evo_location_lb_32&quot;,&quot;lbac&quot;:&quot;lb_max&quot;,&quot;t&quot;:&quot;Pampeago&quot;,&quot;ajax&quot;:&quot;yes&quot;,&quot;ajax_type&quot;:&quot;endpoint&quot;,&quot;ajax_action&quot;:&quot;eventon_get_tax_card_content&quot;,&quot;end&quot;:&quot;client&quot;,&quot;d&quot;:{&quot;lang&quot;:&quot;L2&quot;,&quot;term_id&quot;:32,&quot;tax&quot;:&quot;event_location&quot;,&quot;load_lbcontent&quot;:true},&quot;uid&quot;:&quot;eventon_get_tax_card_content&quot;}\" >Other Events<i class='fa fa-chevron-right'><\/i><\/span><\/div><\/div>\n\t\t\n\t<\/div><\/div><\/div><div class='evocard_row'><div id='event_addtocal' class='evocard_box addtocal' data-c='' \n\t\t\t\t\tstyle=''><div class='evo_metarow_ICS evorow evcal_evdata_row'>\n\t\t\t<span class='evcal_evdata_icons'><i class='fa fa-calendar-o'><\/i><\/span>\n\t\t\t<div class='evcal_evdata_cell'>\n\t\t\t\t<p><a href='https:\/\/latemarium.com\/de\/export-events\/2154_2\/?nonce=7b34e59f7d' class='evo_ics_nCal' title='Zu Ihrem Kalender hinzuf\u00fcgen'>Kalender<\/a><a href='https:\/\/www.google.com\/calendar\/event?action=TEMPLATE&text=Die+Ger%C3%A4usche+und+das+Leben+der+Malga&dates=20260629T132000Z%2F20260629T215900Z&ctz=Europe%2FRome&details=Die Ger\u00e4usche und das Leben der Malga&location=Pampeago+Localit%C3%A0+Pampeago%2C+8%2C+38038+Tesero+TN' target='_blank' class='evo_ics_gCal' title='Zu Google Kalender hinzuf\u00fcgen'>GoogleCal<\/a><\/p>\t\n\t\t\t<\/div>\n\t\t<\/div><\/div><\/div><div class='evocard_row'><div id='event_getdirection' class='evocard_box getdirection' data-c='' \n\t\t\t\t\tstyle=''><div class='evo_metarow_getDr evorow evcal_evdata_row evcal_evrow_sm getdirections'>\n\t\t<form action='https:\/\/maps.google.com\/maps' method='get' target='_blank'>\n\t\t\t<input type='hidden' name='daddr' value=\"Localit\u00e0 Pampeago, 8, 38038 Tesero TN\"\/> \n\t\t\t<div class='evo_get_direction_content evo_fx_dr_r evogap10'>\n\t\t\t\t<span class='evogetdir_header evodfx evofx_dr_r evofx_ai_c marr10'>\n\t\t\t\t\t<i class='mainicon fa fa-road'><\/i> \n\t\t\t\t\t<h3 class='evo_h3' style='padding-bottom:5px;'>Wegbeschreibung abrufen<\/h3>\n\t\t\t\t<\/span>\n\t\t\t\t<span class='evogetdir_field evodfx evofx_1_1 evo_fx_dr_c evow100p'>\t\t\t\t\t\n\t\t\t\t\t<input class='evoInput evotac' type='text' name='saddr' placeholder='&quot;Geben Sie die Adresse ein' value='' style='margin:10px 0;'\/>\n\t\t\t\t<\/span>\n\t\t\t\t<button type='submit' class='evo_get_direction_button evo_btn_arr_circ dfx fx_ai_c' title='&quot;Klicken Sie hier'><i class='fa fa-chevron-right'><\/i> <\/button>\n\t\t\t<\/div>\n\t\t<\/form>\n\t<\/div><\/div><\/div><div class='evo_card_row_end evcal_close' title='Schlie\u00dfen'><\/div><\/div><div class='clear end'><\/div><\/div><div id=\"event_2489_1\" class=\"eventon_list_event evo_eventtop scheduled  event clrD no_et event_2489_1\" data-event_id=\"2489\" data-ri=\"1r\" data-time=\"1782804600-1782856740\" data-colr=\"#38823b\" itemscope itemtype='http:\/\/schema.org\/Event'><div class=\"evo_event_schema\" style=\"display:none\" ><a itemprop='url'  href='https:\/\/latemarium.com\/de\/events\/respirart-kunst-und-natur\/var\/ri-1.l-L2'><\/a><meta itemprop='image' content=\"https:\/\/latemarium.com\/wp-content\/uploads\/2023\/06\/respirart-respiro-arte-natura.jpg\" \/><meta itemprop='startDate' content=\"2026-6-30T09:30+0:00\" \/><meta itemprop='endDate' content=\"2026-6-30T23:59+0:00\" \/><meta itemprop='eventStatus' content=\"https:\/\/schema.org\/EventScheduled\" \/><meta itemprop='eventAttendanceMode'   itemscope itemtype=\"https:\/\/schema.org\/OfflineEventAttendanceMode\"\/><div style=\"display:none\" itemprop=\"location\" itemscope itemtype=\"http:\/\/schema.org\/Place\"><span itemprop=\"name\">Pampeago<\/span><span itemprop=\"address\" itemscope itemtype=\"http:\/\/schema.org\/PostalAddress\"><item itemprop=\"streetAddress\">Localit\u00e0 Pampeago, 8, 38038 Tesero TN<\/item><\/span><\/div><script type=\"application\/ld+json\">{\"@context\": \"http:\/\/schema.org\",\"@type\": \"Event\",\n\t\t\t\t\"@id\": \"event_2489_1\",\n\t\t\t\t\"eventAttendanceMode\":\"https:\/\/schema.org\/OfflineEventAttendanceMode\",\n\t\t\t\t\"eventStatus\":\"https:\/\/schema.org\/EventScheduled\",\n\t\t\t\t\"name\": \"Respirart: Kunst und Natur\",\n\t\t\t\t\"url\": \"https:\/\/latemarium.com\/de\/events\/respirart-kunst-und-natur\/var\/ri-1.l-L2\",\n\t\t\t\t\"startDate\": \"2026-6-30T09:30+0:00\",\n\t\t\t\t\"endDate\": \"2026-6-30T23:59+0:00\",\n\t\t\t\t\"image\":\"https:\/\/latemarium.com\/wp-content\/uploads\/2023\/06\/respirart-respiro-arte-natura.jpg\", \n\t\t\t\t\"description\":\"<h2>Kunst in der H\u00f6he: Entdeckungsreise durch RespirArt zwischen Natur und Installationen<\/h2> <p><span data-sheets-value='{&quot;1&quot;:2,&quot;2&quot;:&quot;Es beginnt um 9.30 Uhr vor dem Agnello-Sessellift-Seminovia, wo Sie den k\u00fcnstlerischen F\u00fchrer treffen, der Ihnen die Samen liefert und Sie bei der Aussaat von Blumen von oben begleitet, um Blumen zu erzeugen und so die Erde, die Bienen, die Ziegen und die K\u00fche Anschlie\u00dfend f\u00fchrt Sie der F\u00fchrer zu den Kunstwerken im Park. Auf dem 3 km langen Rundgang entdecken Sie die Inspirationen der K\u00fcnstler, die in Anwesenheit des Latemar k\u00fcnstlerische Gesten schufen.\\r\\nAktivit\u00e4t f\u00fcr Erwachsene geeignet\\r\\nKostenlose Aktivit\u00e4t (ohne Liftticket)\\r\\n&quot;}' data-sheets-userformat='{&quot;2&quot;:15235,&quot;3&quot;:{&quot;1&quot;:0},&quot;4&quot;:{&quot;1&quot;:2,&quot;2&quot;:15987699},&quot;10&quot;:1,&quot;11&quot;:1,&quot;12&quot;:0,&quot;14&quot;:{&quot;1&quot;:2,&quot;2&quot;:5592405},&quot;15&quot;:&quot;Roboto&quot;,&quot;16&quot;:10}'>Es beginnt um 9.30 Uhr vor dem Agnello-Sessellift-&#8220;Seminovia&#8221;, wo Sie den k\u00fcnstlerischen F\u00fchrer treffen, der Ihnen die Samen liefert und Sie bei der Aussaat von Blumen von oben begleitet, um Blumen zu erzeugen und so die Erde, die Bienen, die Ziegen und die K\u00fche. <\/span><\/p> <p><span data-sheets-value='{&quot;1&quot;:2,&quot;2&quot;:&quot;Es beginnt um 9.30 Uhr vor dem Agnello-Sessellift-Seminovia, wo Sie den k\u00fcnstlerischen F\u00fchrer treffen, der Ihnen die Samen liefert und Sie bei der Aussaat von Blumen von oben begleitet, um Blumen zu erzeugen und so die Erde, die Bienen, die Ziegen und die K\u00fche Anschlie\u00dfend f\u00fchrt Sie der F\u00fchrer zu den Kunstwerken im Park. Auf dem 3 km langen Rundgang entdecken Sie die Inspirationen der K\u00fcnstler, die in Anwesenheit des Latemar k\u00fcnstlerische Gesten schufen.\\r\\nAktivit\u00e4t f\u00fcr Erwachsene geeignet\\r\\nKostenlose Aktivit\u00e4t (ohne Liftticket)\\r\\n&quot;}' data-sheets-userformat='{&quot;2&quot;:15235,&quot;3&quot;:{&quot;1&quot;:0},&quot;4&quot;:{&quot;1&quot;:2,&quot;2&quot;:15987699},&quot;10&quot;:1,&quot;11&quot;:1,&quot;12&quot;:0,&quot;14&quot;:{&quot;1&quot;:2,&quot;2&quot;:5592405},&quot;15&quot;:&quot;Roboto&quot;,&quot;16&quot;:10}'>Anschlie\u00dfend f\u00fchrt Sie der F\u00fchrer zu den Kunstwerken im Park. Auf dem 3 km langen Rundgang entdecken Sie die Inspirationen der K\u00fcnstler, die in Anwesenheit des Latemar k\u00fcnstlerische Gesten schufen. <\/span><\/p> <p><span data-sheets-value='{&quot;1&quot;:2,&quot;2&quot;:&quot;Es beginnt um 9.30 Uhr vor dem Agnello-Sessellift-Seminovia, wo Sie den k\u00fcnstlerischen F\u00fchrer treffen, der Ihnen die Samen liefert und Sie bei der Aussaat von Blumen von oben begleitet, um Blumen zu erzeugen und so die Erde, die Bienen, die Ziegen und die K\u00fche Anschlie\u00dfend f\u00fchrt Sie der F\u00fchrer zu den Kunstwerken im Park. Auf dem 3 km langen Rundgang entdecken Sie die Inspirationen der K\u00fcnstler, die in Anwesenheit des Latemar k\u00fcnstlerische Gesten schufen.\\r\\nAktivit\u00e4t f\u00fcr Erwachsene geeignet\\r\\nKostenlose Aktivit\u00e4t (ohne Liftticket)\\r\\n&quot;}' data-sheets-userformat='{&quot;2&quot;:15235,&quot;3&quot;:{&quot;1&quot;:0},&quot;4&quot;:{&quot;1&quot;:2,&quot;2&quot;:15987699},&quot;10&quot;:1,&quot;11&quot;:1,&quot;12&quot;:0,&quot;14&quot;:{&quot;1&quot;:2,&quot;2&quot;:5592405},&quot;15&quot;:&quot;Roboto&quot;,&quot;16&quot;:10}'>Aktivit\u00e4t f\u00fcr Erwachsene.<\/span><\/p> <p><a href='https:\/\/www.visitfiemme.it\/de\/veranstaltungen\/fiemme-cembra-guest-card\/erlebnisse\/erlebnisse-sommer' target='_blank' rel='noopener'>Reservierung erforderlich<\/a>.<\/p> \",\"location\":[{\"@type\":\"Place\",\"name\":\"Pampeago\",\"address\":{\"@type\": \"PostalAddress\",\"streetAddress\":\"Localit\u00e0 Pampeago, 8, 38038 Tesero TN\"}}]}<\/script><\/div>\r\n\t\t\t\t<p class=\"desc_trig_outter\" style=\"\"><a data-gmtrig=\"1\" data-exlk=\"0\" style=\"background-color: #38823b;\" id=\"evc_17828046002489\" class=\"hasFtIMG event_repeat desc_trig sin_val evcal_list_a\" data-ux_val=\"3\" data-ux_val_mob=\"-\"  ><span class='evoet_c1 evoet_cx '><span class='ev_ftImg' data-img='https:\/\/latemarium.com\/wp-content\/uploads\/2023\/06\/respirart-respiro-arte-natura.jpg' data-thumb='https:\/\/latemarium.com\/wp-content\/uploads\/2023\/06\/respirart-respiro-arte-natura-300x201.jpg' style='background-image:url(\"https:\/\/latemarium.com\/wp-content\/uploads\/2023\/06\/respirart-respiro-arte-natura-300x201.jpg\")' ><\/span><\/span><span class='evoet_c2 evoet_cx '><span class='evoet_dayblock evcal_cblock ' data-bgcolor='#38823b' data-smon='Juni' data-syr='2026' data-bub=''><span class='evo_start '><em class='date'>30<\/em><em class='month'>Jun<\/em><em class='time'>09:30<\/em><\/span><\/span><\/span><span class='evoet_c3 evoet_cx evcal_desc hide_eventtopdata '><span class='evoet_title evcal_desc2 evcal_event_title ' itemprop='name'>Respirart: Kunst und Natur<\/span><span class='event_location_attrs'  data-location_address=\"Localit\u00e0 Pampeago, 8, 38038 Tesero TN\" data-location_type=\"lonlat\" data-location_name=\"Pampeago\" data-location_url=\"https:\/\/latemarium.com\/de\/event-location\/pampeago-de\/\" data-location_status=\"true\" data-latlng=\"46.34343697644898,11.540997527961546\"><\/span><span class='evoet_subtitle evo_below_title' ><span class='evcal_event_subtitle ' >ENTDECKUNG DER KUNSTPARKS: RESPIRART<\/span><\/span><span class='evoet_time_expand level_3'><em class='evcal_time evo_tz_time'><i class='fa fa-clock-o'><\/i>09:30<span class='evo_tz marl5'>(GMT+02:00)<\/span><\/em> <\/span><span class='evoet_location level_3'><em class=\"evcal_location\"  data-latlng=\"46.34343697644898,11.540997527961546\" data-add_str=\"Localit\u00e0 Pampeago, 8, 38038 Tesero TN\" data-n=\"Pampeago\"><i class=\"fa fa-location-pin\"><\/i><em class=\"event_location_name\">Pampeago<\/em>, Localit\u00e0 Pampeago, 8, 38038 Tesero TN<\/em><\/span><\/span><span class='evoet_data' data-d=\"{&quot;loc.n&quot;:&quot;Pampeago&quot;,&quot;orgs&quot;:[],&quot;tags&quot;:{&quot;repeating&quot;:&quot;Repeating Event&quot;}}\" data-bgc=\"#38823b\" data-bggrad=\"\" ><\/span><\/a><\/p><div class='event_description evcal_eventcard ' style=\"display:none\"><div class='evocard_row'><div id='event_ftimage' class='evocard_box ftimage' data-c='' \n\t\t\t\t\tstyle=''><div class='evocard_main_image_hold' data-t='Loading Image..'><div class='evocard_main_image evo_img_triglb evobr15 evobgsc evobgpc evodfx evofx_jc_c evofx_ai_c evofz48 minmized' style='height:300px; background-image:url();' data-f=\"https:\/\/latemarium.com\/wp-content\/uploads\/2023\/06\/respirart-respiro-arte-natura.jpg\" data-h=\"602\" data-w=\"899\" data-ratio=\"0.66963292547275\" data-event_id=\"2489\" data-ri=\"1\"  data-t='Loading Image..'><span style='height:300px; background-image:url(https:\/\/latemarium.com\/wp-content\/uploads\/2023\/06\/respirart-respiro-arte-natura.jpg)'><\/span><\/div><\/div><\/div><\/div><div class='evocard_row'><div id='event_eventdetails' class='evocard_box eventdetails' data-c='' \n\t\t\t\t\tstyle=''><div class='evo_metarow_details evorow evcal_evdata_row evcal_event_details'>\n\t\t<div class=\"event_excerpt\" style=\"display:none\"><h3 class=\"padb5 evo_h3\">Details zur Veranstaltung<\/h3><p>Kunst in der H\u00f6he: Entdeckungsreise durch RespirArt zwischen Natur und Installationen<\/p><\/div><span class='evcal_evdata_icons'><i class='fa fa-align-justify'><\/i><\/span>\n\t\t\n\t\t<div class='evcal_evdata_cell shorter_desc'>\n\t\t\t<div class='eventon_full_description'>\n\t\t\t\t<h3 class='padb5 evo_h3'><span class='evcal_evdata_icons'><i class='fa fa-align-justify'><\/i><\/span>Details zur Veranstaltung<\/h3>\n\t\t\t\t<div class='eventon_desc_in' itemprop='description'>\n\t\t\t\t<h2>Kunst in der H\u00f6he: Entdeckungsreise durch RespirArt zwischen Natur und Installationen<\/h2>\n<p><span data-sheets-value=\"{&quot;1&quot;:2,&quot;2&quot;:&quot;Es beginnt um 9.30 Uhr vor dem Agnello-Sessellift-Seminovia, wo Sie den k\u00fcnstlerischen F\u00fchrer treffen, der Ihnen die Samen liefert und Sie bei der Aussaat von Blumen von oben begleitet, um Blumen zu erzeugen und so die Erde, die Bienen, die Ziegen und die K\u00fche Anschlie\u00dfend f\u00fchrt Sie der F\u00fchrer zu den Kunstwerken im Park. Auf dem 3 km langen Rundgang entdecken Sie die Inspirationen der K\u00fcnstler, die in Anwesenheit des Latemar k\u00fcnstlerische Gesten schufen.rnAktivit\u00e4t f\u00fcr Erwachsene geeignetrnKostenlose Aktivit\u00e4t (ohne Liftticket)rn&quot;}\" data-sheets-userformat=\"{&quot;2&quot;:15235,&quot;3&quot;:{&quot;1&quot;:0},&quot;4&quot;:{&quot;1&quot;:2,&quot;2&quot;:15987699},&quot;10&quot;:1,&quot;11&quot;:1,&quot;12&quot;:0,&quot;14&quot;:{&quot;1&quot;:2,&quot;2&quot;:5592405},&quot;15&quot;:&quot;Roboto&quot;,&quot;16&quot;:10}\">Es beginnt um 9.30 Uhr vor dem Agnello-Sessellift-&#8220;Seminovia&#8221;, wo Sie den k\u00fcnstlerischen F\u00fchrer treffen, der Ihnen die Samen liefert und Sie bei der Aussaat von Blumen von oben begleitet, um Blumen zu erzeugen und so die Erde, die Bienen, die Ziegen und die K\u00fche. <\/span><\/p>\n<p><span data-sheets-value=\"{&quot;1&quot;:2,&quot;2&quot;:&quot;Es beginnt um 9.30 Uhr vor dem Agnello-Sessellift-Seminovia, wo Sie den k\u00fcnstlerischen F\u00fchrer treffen, der Ihnen die Samen liefert und Sie bei der Aussaat von Blumen von oben begleitet, um Blumen zu erzeugen und so die Erde, die Bienen, die Ziegen und die K\u00fche Anschlie\u00dfend f\u00fchrt Sie der F\u00fchrer zu den Kunstwerken im Park. Auf dem 3 km langen Rundgang entdecken Sie die Inspirationen der K\u00fcnstler, die in Anwesenheit des Latemar k\u00fcnstlerische Gesten schufen.rnAktivit\u00e4t f\u00fcr Erwachsene geeignetrnKostenlose Aktivit\u00e4t (ohne Liftticket)rn&quot;}\" data-sheets-userformat=\"{&quot;2&quot;:15235,&quot;3&quot;:{&quot;1&quot;:0},&quot;4&quot;:{&quot;1&quot;:2,&quot;2&quot;:15987699},&quot;10&quot;:1,&quot;11&quot;:1,&quot;12&quot;:0,&quot;14&quot;:{&quot;1&quot;:2,&quot;2&quot;:5592405},&quot;15&quot;:&quot;Roboto&quot;,&quot;16&quot;:10}\">Anschlie\u00dfend f\u00fchrt Sie der F\u00fchrer zu den Kunstwerken im Park. Auf dem 3 km langen Rundgang entdecken Sie die Inspirationen der K\u00fcnstler, die in Anwesenheit des Latemar k\u00fcnstlerische Gesten schufen. <\/span><\/p>\n<p><span data-sheets-value=\"{&quot;1&quot;:2,&quot;2&quot;:&quot;Es beginnt um 9.30 Uhr vor dem Agnello-Sessellift-Seminovia, wo Sie den k\u00fcnstlerischen F\u00fchrer treffen, der Ihnen die Samen liefert und Sie bei der Aussaat von Blumen von oben begleitet, um Blumen zu erzeugen und so die Erde, die Bienen, die Ziegen und die K\u00fche Anschlie\u00dfend f\u00fchrt Sie der F\u00fchrer zu den Kunstwerken im Park. Auf dem 3 km langen Rundgang entdecken Sie die Inspirationen der K\u00fcnstler, die in Anwesenheit des Latemar k\u00fcnstlerische Gesten schufen.rnAktivit\u00e4t f\u00fcr Erwachsene geeignetrnKostenlose Aktivit\u00e4t (ohne Liftticket)rn&quot;}\" data-sheets-userformat=\"{&quot;2&quot;:15235,&quot;3&quot;:{&quot;1&quot;:0},&quot;4&quot;:{&quot;1&quot;:2,&quot;2&quot;:15987699},&quot;10&quot;:1,&quot;11&quot;:1,&quot;12&quot;:0,&quot;14&quot;:{&quot;1&quot;:2,&quot;2&quot;:5592405},&quot;15&quot;:&quot;Roboto&quot;,&quot;16&quot;:10}\">Aktivit\u00e4t f\u00fcr Erwachsene.<\/span><\/p>\n<p><a href=\"https:\/\/www.visitfiemme.it\/de\/veranstaltungen\/fiemme-cembra-guest-card\/erlebnisse\/erlebnisse-sommer\" target=\"_blank\" rel=\"noopener\">Reservierung erforderlich<\/a>.<\/p>\n<\/div><p class='eventon_shad_p' style='padding:5px 0 0; margin:0'>\n\t\t\t<span class='evcal_btn evo_btn_secondary evobtn_details_show_more' content='less'>\n\t\t\t\t<span class='ev_more_text' data-txt='Weniger'>Mehr<\/span><span class='ev_more_arrow ard'><\/span>\n\t\t\t<\/span>\n\t\t<\/p><div class='clear'><\/div>\n\t\t\t<\/div>\n\t\t<\/div>\n\t<\/div><\/div><\/div><div class='evocard_row bx2 bx'><div id='event_time' class='evocard_box time' data-c='' \n\t\t\t\t\tstyle=''><div class='evo_metarow_time evorow evcal_evdata_row evcal_evrow_sm '>\n\t\t<span class='evcal_evdata_icons'><i class='fa fa-clock'><\/i><\/span>\n\t\t<div class='evcal_evdata_cell'>\t\t\t\t\t\t\t\n\t\t\t<h3 class='evo_h3'><span class='evcal_evdata_icons'><i class='fa fa-clock'><\/i><\/span>Zeitplan<\/h3><p><span class='evo_eventcard_time_t'>30 Juni 2026 09:30<\/span><span class='evo_tz marr5'>(GMT+02:00)<\/span><\/p>\n\t\t<\/div>\n\t<\/div><\/div><div id='event_location' class='evocard_box location' data-c='' \n\t\t\t\t\tstyle=''><div class='evcal_evdata_row evo_metarow_time_location evorow '>\n\t\t\n\t\t\t<span class='evcal_evdata_icons'><i class='fa fa-map-marker'><\/i><\/span>\n\t\t\t<div class='evcal_evdata_cell' data-loc_tax_id='32'><h3 class='evo_h3 evodfx'><span class='evcal_evdata_icons'><i class='fa fa-map-marker'><\/i><\/span>Ort<\/h3><p class='evo_location_name'>Pampeago<\/p><p class='evo_location_address evodfxi evogap10'>Localit\u00e0 Pampeago, 8, 38038 Tesero TN<\/p><div class='padt10'><span class='evo_btn_arr evolb_trigger' data-lbvals=\"{&quot;lbc&quot;:&quot;evo_location_lb_32&quot;,&quot;lbac&quot;:&quot;lb_max&quot;,&quot;t&quot;:&quot;Pampeago&quot;,&quot;ajax&quot;:&quot;yes&quot;,&quot;ajax_type&quot;:&quot;endpoint&quot;,&quot;ajax_action&quot;:&quot;eventon_get_tax_card_content&quot;,&quot;end&quot;:&quot;client&quot;,&quot;d&quot;:{&quot;lang&quot;:&quot;L2&quot;,&quot;term_id&quot;:32,&quot;tax&quot;:&quot;event_location&quot;,&quot;load_lbcontent&quot;:true},&quot;uid&quot;:&quot;eventon_get_tax_card_content&quot;}\" >Other Events<i class='fa fa-chevron-right'><\/i><\/span><\/div><\/div>\n\t\t\n\t<\/div><\/div><\/div><div class='evocard_row'><div id='event_addtocal' class='evocard_box addtocal' data-c='' \n\t\t\t\t\tstyle=''><div class='evo_metarow_ICS evorow evcal_evdata_row'>\n\t\t\t<span class='evcal_evdata_icons'><i class='fa fa-calendar-o'><\/i><\/span>\n\t\t\t<div class='evcal_evdata_cell'>\n\t\t\t\t<p><a href='https:\/\/latemarium.com\/de\/export-events\/2489_1\/?nonce=7b34e59f7d' class='evo_ics_nCal' title='Zu Ihrem Kalender hinzuf\u00fcgen'>Kalender<\/a><a href='https:\/\/www.google.com\/calendar\/event?action=TEMPLATE&text=Respirart%3A+Kunst+und+Natur&dates=20260630T073000Z%2F20260630T215900Z&ctz=Europe%2FRome&details=Respirart: Kunst und Natur&location=Pampeago+Localit%C3%A0+Pampeago%2C+8%2C+38038+Tesero+TN' target='_blank' class='evo_ics_gCal' title='Zu Google Kalender hinzuf\u00fcgen'>GoogleCal<\/a><\/p>\t\n\t\t\t<\/div>\n\t\t<\/div><\/div><\/div><div class='evocard_row'><div id='event_repeats' class='evocard_box repeats' data-c='' \n\t\t\t\t\tstyle=''><div class='evo_metarow_repeats evorow evcal_evdata_row evcal_evrow_sm '>\n\t\t<span class='evcal_evdata_icons'><i class='fa fa-repeat'><\/i><\/span>\n\t\t<div class='evcal_evdata_cell'>\t\t\t\t\t\t\t\n\t\t\t<h3 class='evo_h3'>Zeitplan f\u00fcr k\u00fcnftige Veranstaltungen dieser Veranstaltungsreihe<\/h3><div class='evo_elm_HCS evo_repeat_series' style=''><span class='evo_elmHCS_nav HCSnavL evo_repeat_series content_slide_trig'><i class='fa fa-chevron-left'><\/i><\/span><span class='evo_elmHCS_nav HCSnavR evo_repeat_series content_slide_trig'><i class='fa fa-chevron-right'><\/i><\/span><div class='evo_elm_HCS_in'><div class='evo_repeat_series_dates clickable evodfx evofx_dr_r evogap10' data-click='1' data-event_url='https:\/\/latemarium.com\/de\/events\/respirart-kunst-und-natur\/var\/ri-1.l-L2'><span class='evo_repeat_series_date evodfx evofx_dr_r evofx_ai_c evogap5 evobr15 evobrdB1 evocl1 evopad15 evottu evofz14 evocurp evo_trans_sc1_03 evoHbgcw' data-ux=\"def\" data-l=\"https:\/\/latemarium.com\/de\/events\/respirart-kunst-und-natur\/var\/ri-2.l-L2\" ><span class='evodfx evofx_dr_c evotac evofx_jc_c'><b class='j evofz16'>7<\/b><b class='fy'>Juli <\/b><em class='t evofsn'>09:30<\/em><\/span><\/span><span class='evo_repeat_series_date evodfx evofx_dr_r evofx_ai_c evogap5 evobr15 evobrdB1 evocl1 evopad15 evottu evofz14 evocurp evo_trans_sc1_03 evoHbgcw' data-ux=\"def\" data-l=\"https:\/\/latemarium.com\/de\/events\/respirart-kunst-und-natur\/var\/ri-3.l-L2\" ><span class='evodfx evofx_dr_c evotac evofx_jc_c'><b class='j evofz16'>14<\/b><b class='fy'>Juli <\/b><em class='t evofsn'>09:30<\/em><\/span><\/span><span class='evo_repeat_series_date evodfx evofx_dr_r evofx_ai_c evogap5 evobr15 evobrdB1 evocl1 evopad15 evottu evofz14 evocurp evo_trans_sc1_03 evoHbgcw' data-ux=\"def\" data-l=\"https:\/\/latemarium.com\/de\/events\/respirart-kunst-und-natur\/var\/ri-4.l-L2\" ><span class='evodfx evofx_dr_c evotac evofx_jc_c'><b class='j evofz16'>21<\/b><b class='fy'>Juli <\/b><em class='t evofsn'>09:30<\/em><\/span><\/span><span class='evo_repeat_series_date evodfx evofx_dr_r evofx_ai_c evogap5 evobr15 evobrdB1 evocl1 evopad15 evottu evofz14 evocurp evo_trans_sc1_03 evoHbgcw' data-ux=\"def\" data-l=\"https:\/\/latemarium.com\/de\/events\/respirart-kunst-und-natur\/var\/ri-5.l-L2\" ><span class='evodfx evofx_dr_c evotac evofx_jc_c'><b class='j evofz16'>28<\/b><b class='fy'>Juli <\/b><em class='t evofsn'>09:30<\/em><\/span><\/span><span class='evo_repeat_series_date evodfx evofx_dr_r evofx_ai_c evogap5 evobr15 evobrdB1 evocl1 evopad15 evottu evofz14 evocurp evo_trans_sc1_03 evoHbgcw' data-ux=\"def\" data-l=\"https:\/\/latemarium.com\/de\/events\/respirart-kunst-und-natur\/var\/ri-6.l-L2\" ><span class='evodfx evofx_dr_c evotac evofx_jc_c'><b class='j evofz16'>4<\/b><b class='fy'>August <\/b><em class='t evofsn'>09:30<\/em><\/span><\/span><span class='evo_repeat_series_date evodfx evofx_dr_r evofx_ai_c evogap5 evobr15 evobrdB1 evocl1 evopad15 evottu evofz14 evocurp evo_trans_sc1_03 evoHbgcw' data-ux=\"def\" data-l=\"https:\/\/latemarium.com\/de\/events\/respirart-kunst-und-natur\/var\/ri-7.l-L2\" ><span class='evodfx evofx_dr_c evotac evofx_jc_c'><b class='j evofz16'>11<\/b><b class='fy'>August <\/b><em class='t evofsn'>09:30<\/em><\/span><\/span><span class='evo_repeat_series_date evodfx evofx_dr_r evofx_ai_c evogap5 evobr15 evobrdB1 evocl1 evopad15 evottu evofz14 evocurp evo_trans_sc1_03 evoHbgcw' data-ux=\"def\" data-l=\"https:\/\/latemarium.com\/de\/events\/respirart-kunst-und-natur\/var\/ri-8.l-L2\" ><span class='evodfx evofx_dr_c evotac evofx_jc_c'><b class='j evofz16'>18<\/b><b class='fy'>August <\/b><em class='t evofsn'>09:30<\/em><\/span><\/span><span class='evo_repeat_series_date evodfx evofx_dr_r evofx_ai_c evogap5 evobr15 evobrdB1 evocl1 evopad15 evottu evofz14 evocurp evo_trans_sc1_03 evoHbgcw' data-ux=\"def\" data-l=\"https:\/\/latemarium.com\/de\/events\/respirart-kunst-und-natur\/var\/ri-9.l-L2\" ><span class='evodfx evofx_dr_c evotac evofx_jc_c'><b class='j evofz16'>25<\/b><b class='fy'>August <\/b><em class='t evofsn'>09:30<\/em><\/span><\/span><span class='evo_repeat_series_date evodfx evofx_dr_r evofx_ai_c evogap5 evobr15 evobrdB1 evocl1 evopad15 evottu evofz14 evocurp evo_trans_sc1_03 evoHbgcw' data-ux=\"def\" data-l=\"https:\/\/latemarium.com\/de\/events\/respirart-kunst-und-natur\/var\/ri-10.l-L2\" ><span class='evodfx evofx_dr_c evotac evofx_jc_c'><b class='j evofz16'>1<\/b><b class='fy'>September <\/b><em class='t evofsn'>09:30<\/em><\/span><\/span><span class='evo_repeat_series_date evodfx evofx_dr_r evofx_ai_c evogap5 evobr15 evobrdB1 evocl1 evopad15 evottu evofz14 evocurp evo_trans_sc1_03 evoHbgcw' data-ux=\"def\" data-l=\"https:\/\/latemarium.com\/de\/events\/respirart-kunst-und-natur\/var\/ri-11.l-L2\" ><span class='evodfx evofx_dr_c evotac evofx_jc_c'><b class='j evofz16'>8<\/b><b class='fy'>September <\/b><em class='t evofsn'>09:30<\/em><\/span><\/span><\/div><\/div><\/div><\/div><\/div><\/div><\/div><div class='evocard_row'><div id='event_getdirection' class='evocard_box getdirection' data-c='' \n\t\t\t\t\tstyle=''><div class='evo_metarow_getDr evorow evcal_evdata_row evcal_evrow_sm getdirections'>\n\t\t<form action='https:\/\/maps.google.com\/maps' method='get' target='_blank'>\n\t\t\t<input type='hidden' name='daddr' value=\"Localit\u00e0 Pampeago, 8, 38038 Tesero TN\"\/> \n\t\t\t<div class='evo_get_direction_content evo_fx_dr_r evogap10'>\n\t\t\t\t<span class='evogetdir_header evodfx evofx_dr_r evofx_ai_c marr10'>\n\t\t\t\t\t<i class='mainicon fa fa-road'><\/i> \n\t\t\t\t\t<h3 class='evo_h3' style='padding-bottom:5px;'>Wegbeschreibung abrufen<\/h3>\n\t\t\t\t<\/span>\n\t\t\t\t<span class='evogetdir_field evodfx evofx_1_1 evo_fx_dr_c evow100p'>\t\t\t\t\t\n\t\t\t\t\t<input class='evoInput evotac' type='text' name='saddr' placeholder='&quot;Geben Sie die Adresse ein' value='' style='margin:10px 0;'\/>\n\t\t\t\t<\/span>\n\t\t\t\t<button type='submit' class='evo_get_direction_button evo_btn_arr_circ dfx fx_ai_c' title='&quot;Klicken Sie hier'><i class='fa fa-chevron-right'><\/i> <\/button>\n\t\t\t<\/div>\n\t\t<\/form>\n\t<\/div><\/div><\/div><div class='evo_card_row_end evcal_close' title='Schlie\u00dfen'><\/div><\/div><div class='clear end'><\/div><\/div><div id=\"event_2107_1\" class=\"eventon_list_event evo_eventtop scheduled  event clrW no_et event_2107_1\" data-event_id=\"2107\" data-ri=\"1r\" data-time=\"1782819000-1782856740\" data-colr=\"#facd05\" itemscope itemtype='http:\/\/schema.org\/Event'><div class=\"evo_event_schema\" style=\"display:none\" ><a itemprop='url'  href='https:\/\/latemarium.com\/de\/events\/mindful-latemar\/var\/ri-1.l-L2'><\/a><meta itemprop='image' content=\"https:\/\/latemarium.com\/wp-content\/uploads\/2023\/06\/\u00a9Obereggen_LatemarAG.SpA_Mindful.Latemar_Ph.Guenther.Pichler_06.jpg\" \/><meta itemprop='startDate' content=\"2026-6-30T13:30+0:00\" \/><meta itemprop='endDate' content=\"2026-6-30T23:59+0:00\" \/><meta itemprop='eventStatus' content=\"https:\/\/schema.org\/EventScheduled\" \/><meta itemprop='eventAttendanceMode'   itemscope itemtype=\"https:\/\/schema.org\/OfflineEventAttendanceMode\"\/><div style=\"display:none\" itemprop=\"location\" itemscope itemtype=\"http:\/\/schema.org\/Place\"><span itemprop=\"name\">Talstation Obereggen<\/span><span itemprop=\"address\" itemscope itemtype=\"http:\/\/schema.org\/PostalAddress\"><item itemprop=\"streetAddress\">Obereggen 16 I-39050 Deutschnofen (BZ)<\/item><\/span><\/div><script type=\"application\/ld+json\">{\"@context\": \"http:\/\/schema.org\",\"@type\": \"Event\",\n\t\t\t\t\"@id\": \"event_2107_1\",\n\t\t\t\t\"eventAttendanceMode\":\"https:\/\/schema.org\/OfflineEventAttendanceMode\",\n\t\t\t\t\"eventStatus\":\"https:\/\/schema.org\/EventScheduled\",\n\t\t\t\t\"name\": \"Mindful.Latemar\",\n\t\t\t\t\"url\": \"https:\/\/latemarium.com\/de\/events\/mindful-latemar\/var\/ri-1.l-L2\",\n\t\t\t\t\"startDate\": \"2026-6-30T13:30+0:00\",\n\t\t\t\t\"endDate\": \"2026-6-30T23:59+0:00\",\n\t\t\t\t\"image\":\"https:\/\/latemarium.com\/wp-content\/uploads\/2023\/06\/\u00a9Obereggen_LatemarAG.SpA_Mindful.Latemar_Ph.Guenther.Pichler_06.jpg\", \n\t\t\t\t\"description\":\"<p>Mindful.Latemar befindet sich in Obereggen entlang des <strong>Rundweges auf dem Golfrion<\/strong>, am Fu\u00dfe der Dolomiten auf 1872 Metern Meeresh\u00f6he.<\/p> <p>Der Weg beinhaltet <strong>18 verschiedene Mindfulness-\u00dcbungen<\/strong> an einem besonderen Ort, der nach dem Sturm Vaia im November 2018 ein Beispiel f\u00fcr Best\u00e4ndigkeit und Resilienz wurde.<\/p> <h3 class='wysiwyg__subline'>Dr. Thomas Bernagozzi begleitet dich immer dienstags:<\/h3> <div class='wysiwyg__description'> <p>von 13.30 bis 15.30 Uhr (auf Deutsch )<br \/> von 15.45 bis 17.45 Uhr (auf Italienisch)<\/p> <ul> <li>Treffpunkt: Talstation der Kabinenbahn &#8220;Obereggen-Ochsenweide&#8221;<\/li> <li>Kosten: 30 Euro inklusive der Berg- und Talfahrt<\/li> <li>Anmeldung online:\u00a0<a href='https:\/\/eggental.com\/de\/ajax-events#11944' target='_blank' rel='noopener'><strong><u>Eggental Tourismus<\/u><\/strong><\/a>\u00a0(max. 10 Personen)<\/li> <\/ul> <\/div> \",\"location\":[{\"@type\":\"Place\",\"name\":\"Talstation Obereggen\",\"address\":{\"@type\": \"PostalAddress\",\"streetAddress\":\"Obereggen 16 I-39050 Deutschnofen (BZ)\"}}]}<\/script><\/div>\r\n\t\t\t\t<p class=\"desc_trig_outter\" style=\"\"><a data-gmtrig=\"1\" data-exlk=\"0\" style=\"background-color: #facd05;\" id=\"evc_17828190002107\" class=\"hasFtIMG event_repeat desc_trig sin_val evcal_list_a\" data-ux_val=\"3\" data-ux_val_mob=\"-\"  ><span class='evoet_c1 evoet_cx '><span class='ev_ftImg' data-img='https:\/\/latemarium.com\/wp-content\/uploads\/2023\/06\/\u00a9Obereggen_LatemarAG.SpA_Mindful.Latemar_Ph.Guenther.Pichler_06.jpg' data-thumb='https:\/\/latemarium.com\/wp-content\/uploads\/2023\/06\/\u00a9Obereggen_LatemarAG.SpA_Mindful.Latemar_Ph.Guenther.Pichler_06-300x169.jpg' style='background-image:url(\"https:\/\/latemarium.com\/wp-content\/uploads\/2023\/06\/\u00a9Obereggen_LatemarAG.SpA_Mindful.Latemar_Ph.Guenther.Pichler_06-300x169.jpg\")' ><\/span><\/span><span class='evoet_c2 evoet_cx '><span class='evoet_dayblock evcal_cblock ' data-bgcolor='#facd05' data-smon='Juni' data-syr='2026' data-bub=''><span class='evo_start '><em class='date'>30<\/em><em class='month'>Jun<\/em><em class='time'>13:30<\/em><\/span><\/span><\/span><span class='evoet_c3 evoet_cx evcal_desc hide_eventtopdata '><span class='evoet_title evcal_desc2 evcal_event_title ' itemprop='name'>Mindful.Latemar<\/span><span class='event_location_attrs'  data-location_address=\"Obereggen 16 I-39050 Deutschnofen (BZ)\" data-location_type=\"lonlat\" data-location_name=\"Talstation Obereggen\" data-location_url=\"https:\/\/latemarium.com\/de\/event-location\/talstation-obereggen\/\" data-location_status=\"true\" data-latlng=\"46.3835808246333,11.52667595881786\"><\/span><span class='evoet_subtitle evo_below_title' ><span class='evcal_event_subtitle ' >Mindful.Latemar ist der erste immersive Achtsamkeitspfad in den Alpen.<\/span><\/span><span class='evoet_time_expand level_3'><em class='evcal_time evo_tz_time'><i class='fa fa-clock-o'><\/i>13:30<span class='evo_tz marl5'>(GMT+02:00)<\/span><\/em> <\/span><span class='evoet_location level_3'><em class=\"evcal_location\"  data-latlng=\"46.3835808246333,11.52667595881786\" data-add_str=\"Obereggen 16 I-39050 Deutschnofen (BZ)\" data-n=\"Talstation Obereggen\"><i class=\"fa fa-location-pin\"><\/i><em class=\"event_location_name\">Talstation Obereggen<\/em>, Obereggen 16 I-39050 Deutschnofen (BZ)<\/em><\/span><\/span><span class='evoet_data' data-d=\"{&quot;loc.n&quot;:&quot;Talstation Obereggen&quot;,&quot;orgs&quot;:[],&quot;tags&quot;:{&quot;repeating&quot;:&quot;Repeating Event&quot;}}\" data-bgc=\"#facd05\" data-bggrad=\"\" ><\/span><\/a><\/p><div class='event_description evcal_eventcard ' style=\"display:none\"><div class='evocard_row'><div id='event_ftimage' class='evocard_box ftimage' data-c='' \n\t\t\t\t\tstyle=''><div class='evocard_main_image_hold' data-t='Loading Image..'><div class='evocard_main_image evo_img_triglb evobr15 evobgsc evobgpc evodfx evofx_jc_c evofx_ai_c evofz48 minmized' style='height:300px; background-image:url();' data-f=\"https:\/\/latemarium.com\/wp-content\/uploads\/2023\/06\/\u00a9Obereggen_LatemarAG.SpA_Mindful.Latemar_Ph.Guenther.Pichler_06.jpg\" data-h=\"812\" data-w=\"1445\" data-ratio=\"0.56193771626298\" data-event_id=\"2107\" data-ri=\"1\"  data-t='Loading Image..'><span style='height:300px; background-image:url(https:\/\/latemarium.com\/wp-content\/uploads\/2023\/06\/\u00a9Obereggen_LatemarAG.SpA_Mindful.Latemar_Ph.Guenther.Pichler_06.jpg)'><\/span><\/div><\/div><\/div><\/div><div class='evocard_row'><div id='event_eventdetails' class='evocard_box eventdetails' data-c='' \n\t\t\t\t\tstyle=''><div class='evo_metarow_details evorow evcal_evdata_row evcal_event_details'>\n\t\t<div class=\"event_excerpt\" style=\"display:none\"><h3 class=\"padb5 evo_h3\">Details zur Veranstaltung<\/h3><p>Mindful.Latemar befindet sich in Obereggen entlang des Rundweges auf dem Golfrion, am Fu\u00dfe der Dolomiten auf 1872 Metern Meeresh\u00f6he.\nDer Weg beinhaltet 18 verschiedene Mindfulness-\u00dcbungen an einem besonderen Ort, der nach<\/p><\/div><span class='evcal_evdata_icons'><i class='fa fa-align-justify'><\/i><\/span>\n\t\t\n\t\t<div class='evcal_evdata_cell shorter_desc'>\n\t\t\t<div class='eventon_full_description'>\n\t\t\t\t<h3 class='padb5 evo_h3'><span class='evcal_evdata_icons'><i class='fa fa-align-justify'><\/i><\/span>Details zur Veranstaltung<\/h3>\n\t\t\t\t<div class='eventon_desc_in' itemprop='description'>\n\t\t\t\t<p>Mindful.Latemar befindet sich in Obereggen entlang des <strong>Rundweges auf dem Golfrion<\/strong>, am Fu\u00dfe der Dolomiten auf 1872 Metern Meeresh\u00f6he.<\/p>\n<p>Der Weg beinhaltet <strong>18 verschiedene Mindfulness-\u00dcbungen<\/strong> an einem besonderen Ort, der nach dem Sturm Vaia im November 2018 ein Beispiel f\u00fcr Best\u00e4ndigkeit und Resilienz wurde.<\/p>\n<h3 class=\"wysiwyg__subline\">Dr. Thomas Bernagozzi begleitet dich immer dienstags:<\/h3>\n<div class=\"wysiwyg__description\">\n<p>von 13.30 bis 15.30 Uhr (auf Deutsch )<br \/>\nvon 15.45 bis 17.45 Uhr (auf Italienisch)<\/p>\n<ul>\n<li>Treffpunkt: Talstation der Kabinenbahn &#8220;Obereggen-Ochsenweide&#8221;<\/li>\n<li>Kosten: 30 Euro inklusive der Berg- und Talfahrt<\/li>\n<li>Anmeldung online:\u00a0<a href=\"https:\/\/eggental.com\/de\/ajax-events#11944\" target=\"_blank\" rel=\"noopener\"><strong><u>Eggental Tourismus<\/u><\/strong><\/a>\u00a0(max. 10 Personen)<\/li>\n<\/ul>\n<\/div>\n<\/div><p class='eventon_shad_p' style='padding:5px 0 0; margin:0'>\n\t\t\t<span class='evcal_btn evo_btn_secondary evobtn_details_show_more' content='less'>\n\t\t\t\t<span class='ev_more_text' data-txt='Weniger'>Mehr<\/span><span class='ev_more_arrow ard'><\/span>\n\t\t\t<\/span>\n\t\t<\/p><div class='clear'><\/div>\n\t\t\t<\/div>\n\t\t<\/div>\n\t<\/div><\/div><\/div><div class='evocard_row bx2 bx'><div id='event_time' class='evocard_box time' data-c='' \n\t\t\t\t\tstyle=''><div class='evo_metarow_time evorow evcal_evdata_row evcal_evrow_sm '>\n\t\t<span class='evcal_evdata_icons'><i class='fa fa-clock'><\/i><\/span>\n\t\t<div class='evcal_evdata_cell'>\t\t\t\t\t\t\t\n\t\t\t<h3 class='evo_h3'><span class='evcal_evdata_icons'><i class='fa fa-clock'><\/i><\/span>Zeitplan<\/h3><p><span class='evo_eventcard_time_t'>30 Juni 2026 13:30<\/span><span class='evo_tz marr5'>(GMT+02:00)<\/span><\/p>\n\t\t<\/div>\n\t<\/div><\/div><div id='event_location' class='evocard_box location' data-c='' \n\t\t\t\t\tstyle=''><div class='evcal_evdata_row evo_metarow_time_location evorow '>\n\t\t\n\t\t\t<span class='evcal_evdata_icons'><i class='fa fa-map-marker'><\/i><\/span>\n\t\t\t<div class='evcal_evdata_cell' data-loc_tax_id='23'><h3 class='evo_h3 evodfx'><span class='evcal_evdata_icons'><i class='fa fa-map-marker'><\/i><\/span>Ort<\/h3><p class='evo_location_name'>Talstation Obereggen<\/p><p class='evo_location_address evodfxi evogap10'>Obereggen 16 I-39050 Deutschnofen (BZ)<\/p><div class='padt10'><span class='evo_btn_arr evolb_trigger' data-lbvals=\"{&quot;lbc&quot;:&quot;evo_location_lb_23&quot;,&quot;lbac&quot;:&quot;lb_max&quot;,&quot;t&quot;:&quot;Talstation Obereggen&quot;,&quot;ajax&quot;:&quot;yes&quot;,&quot;ajax_type&quot;:&quot;endpoint&quot;,&quot;ajax_action&quot;:&quot;eventon_get_tax_card_content&quot;,&quot;end&quot;:&quot;client&quot;,&quot;d&quot;:{&quot;lang&quot;:&quot;L2&quot;,&quot;term_id&quot;:23,&quot;tax&quot;:&quot;event_location&quot;,&quot;load_lbcontent&quot;:true},&quot;uid&quot;:&quot;eventon_get_tax_card_content&quot;}\" >Other Events<i class='fa fa-chevron-right'><\/i><\/span><\/div><\/div>\n\t\t\n\t<\/div><\/div><\/div><div class='evocard_row bx2 bx'><div id='event_learnmore' class='evocard_box learnmore' data-c='' \n\t\t\t\t\tstyle=''><div class='evo_metarow_learnM evo_metarow_learnmore evorow'>\n\t\t\t\t\t\t\t<a class='evcal_evdata_row evo_clik_row ' href='https:\/\/obereggen.com\/de\/mindfullatemar' target=\"_blank\">\n\t\t\t\t\t\t\t\t<span class='evcal_evdata_icons'><i class='fa fa-link'><\/i><\/span>\n\t\t\t\t\t\t\t\t<h3 class='evo_h3'>Entdecke mehr<\/h3>\n\t\t\t\t\t\t\t<\/a>\n\t\t\t\t\t\t\t<\/div><\/div><div id='event_addtocal' class='evocard_box addtocal' data-c='' \n\t\t\t\t\tstyle=''><div class='evo_metarow_ICS evorow evcal_evdata_row'>\n\t\t\t<span class='evcal_evdata_icons'><i class='fa fa-calendar-o'><\/i><\/span>\n\t\t\t<div class='evcal_evdata_cell'>\n\t\t\t\t<p><a href='https:\/\/latemarium.com\/de\/export-events\/2107_1\/?nonce=7b34e59f7d' class='evo_ics_nCal' title='Zu Ihrem Kalender hinzuf\u00fcgen'>Kalender<\/a><a href='https:\/\/www.google.com\/calendar\/event?action=TEMPLATE&text=Mindful.Latemar&dates=20260630T113000Z%2F20260630T215900Z&ctz=Europe%2FRome&details=Mindful.Latemar&location=Talstation+Obereggen+Obereggen+16+I-39050+Deutschnofen+%28BZ%29' target='_blank' class='evo_ics_gCal' title='Zu Google Kalender hinzuf\u00fcgen'>GoogleCal<\/a><\/p>\t\n\t\t\t<\/div>\n\t\t<\/div><\/div><\/div><div class='evocard_row'><div id='event_getdirection' class='evocard_box getdirection' data-c='' \n\t\t\t\t\tstyle=''><div class='evo_metarow_getDr evorow evcal_evdata_row evcal_evrow_sm getdirections'>\n\t\t<form action='https:\/\/maps.google.com\/maps' method='get' target='_blank'>\n\t\t\t<input type='hidden' name='daddr' value=\"46.3835808246333,11.52667595881786\"\/> \n\t\t\t<div class='evo_get_direction_content evo_fx_dr_r evogap10'>\n\t\t\t\t<span class='evogetdir_header evodfx evofx_dr_r evofx_ai_c marr10'>\n\t\t\t\t\t<i class='mainicon fa fa-road'><\/i> \n\t\t\t\t\t<h3 class='evo_h3' style='padding-bottom:5px;'>Wegbeschreibung abrufen<\/h3>\n\t\t\t\t<\/span>\n\t\t\t\t<span class='evogetdir_field evodfx evofx_1_1 evo_fx_dr_c evow100p'>\t\t\t\t\t\n\t\t\t\t\t<input class='evoInput evotac' type='text' name='saddr' placeholder='&quot;Geben Sie die Adresse ein' value='' style='margin:10px 0;'\/>\n\t\t\t\t<\/span>\n\t\t\t\t<button type='submit' class='evo_get_direction_button evo_btn_arr_circ dfx fx_ai_c' title='&quot;Klicken Sie hier'><i class='fa fa-chevron-right'><\/i> <\/button>\n\t\t\t<\/div>\n\t\t<\/form>\n\t<\/div><\/div><\/div><div class='evo_card_row_end evcal_close' title='Schlie\u00dfen'><\/div><\/div><div class='clear end'><\/div><\/div><div id=\"event_2853_0\" class=\"eventon_list_event evo_eventtop scheduled  event clrD event_2853_0\" data-event_id=\"2853\" data-ri=\"0r\" data-time=\"1782842400-1782853200\" data-colr=\"#006290\" itemscope itemtype='http:\/\/schema.org\/Event'><div class=\"evo_event_schema\" style=\"display:none\" ><a itemprop='url'  href='https:\/\/latemarium.com\/de\/events\/le-notti-di-luna-piena\/var\/ri-0.l-L2'><\/a><meta itemprop='image' content=\"https:\/\/latemarium.com\/wp-content\/uploads\/2025\/05\/notti-di-luna-piena-obereggen.jpg\" \/><meta itemprop='startDate' content=\"2026-6-30T20:00+0:00\" \/><meta itemprop='endDate' content=\"2026-6-30T23:00+0:00\" \/><meta itemprop='eventStatus' content=\"https:\/\/schema.org\/EventScheduled\" \/><meta itemprop='eventAttendanceMode'   itemscope itemtype=\"https:\/\/schema.org\/OfflineEventAttendanceMode\"\/><div style=\"display:none\" itemprop=\"location\" itemscope itemtype=\"http:\/\/schema.org\/Place\"><span itemprop=\"name\">Talstation Obereggen<\/span><span itemprop=\"address\" itemscope itemtype=\"http:\/\/schema.org\/PostalAddress\"><item itemprop=\"streetAddress\">Obereggen 16 I-39050 Deutschnofen (BZ)<\/item><\/span><\/div><script type=\"application\/ld+json\">{\"@context\": \"http:\/\/schema.org\",\"@type\": \"Event\",\n\t\t\t\t\"@id\": \"event_2853_0\",\n\t\t\t\t\"eventAttendanceMode\":\"https:\/\/schema.org\/OfflineEventAttendanceMode\",\n\t\t\t\t\"eventStatus\":\"https:\/\/schema.org\/EventScheduled\",\n\t\t\t\t\"name\": \"Vollmondabende\",\n\t\t\t\t\"url\": \"https:\/\/latemarium.com\/de\/events\/le-notti-di-luna-piena\/var\/ri-0.l-L2\",\n\t\t\t\t\"startDate\": \"2026-6-30T20:00+0:00\",\n\t\t\t\t\"endDate\": \"2026-6-30T23:00+0:00\",\n\t\t\t\t\"image\":\"https:\/\/latemarium.com\/wp-content\/uploads\/2025\/05\/notti-di-luna-piena-obereggen.jpg\", \n\t\t\t\t\"description\":\"<p>Man muss an Vollmondabenden nicht immer in die Sterne schauen \u2013 Full-Moon-Walking ist angesagt! Mit Stirnlampen, gutem Schuhwerk, angepasster Kleidung und eurer Motivation durch die Wiesen und W\u00e4lder von Obereggen Laufen oder Walken? Lasst euch von unseren Guides \u201eerleuchten\u201c \/ begleiten und teilt eure Erfahrung bei anschlie\u00dfender STERNE Einkehr im BIO-Bauernhof Oberwerkstatthof mit Getr\u00e4nk und kleinem H\u00e4ppchen. Es bleibt sicher auch die Zeit zum Sterne plaudern.<\/p> <p>Treffpunkt: 20.00 Uhr, Tourismusb\u00fcro Obereggen<br \/> R\u00fcckkehr: ca. 23.00 Uhr<br \/> Kosten: 10,00 \u20ac pro Erwachsener, 5,00 \u20ac pro Kind<br \/> Anmelden: bis 12.00 Uhr desselben Tages online auf eggental.com\/events oder Tel. +39 0471 619 500 in den Tourismusb\u00fcros<\/p> \",\"location\":[{\"@type\":\"Place\",\"name\":\"Talstation Obereggen\",\"address\":{\"@type\": \"PostalAddress\",\"streetAddress\":\"Obereggen 16 I-39050 Deutschnofen (BZ)\"}}]}<\/script><\/div>\r\n\t\t\t\t<p class=\"desc_trig_outter\" style=\"\"><a data-gmtrig=\"1\" data-exlk=\"0\" style=\"background-color: #006290;\" id=\"evc_17828424002853\" class=\"hasFtIMG event_repeat desc_trig sin_val evcal_list_a\" data-ux_val=\"3\" data-ux_val_mob=\"-\"  ><span class='evoet_c1 evoet_cx '><span class='ev_ftImg' data-img='https:\/\/latemarium.com\/wp-content\/uploads\/2025\/05\/notti-di-luna-piena-obereggen.jpg' data-thumb='https:\/\/latemarium.com\/wp-content\/uploads\/2025\/05\/notti-di-luna-piena-obereggen-300x182.jpg' style='background-image:url(\"https:\/\/latemarium.com\/wp-content\/uploads\/2025\/05\/notti-di-luna-piena-obereggen-300x182.jpg\")' ><\/span><\/span><span class='evoet_c2 evoet_cx '><span class='evoet_dayblock evcal_cblock ' data-bgcolor='#006290' data-smon='Juni' data-syr='2026' data-bub=''><span class='evo_start '><em class='date'>30<\/em><em class='month'>Jun<\/em><em class='time'>20:00<\/em><\/span><span class='evo_end only_time'><em class='time'>23:00<\/em><\/span><\/span><\/span><span class='evoet_c3 evoet_cx evcal_desc hide_eventtopdata '><span class='evoet_title evcal_desc2 evcal_event_title ' itemprop='name'>Vollmondabende<\/span><span class='event_location_attrs'  data-location_address=\"Obereggen 16 I-39050 Deutschnofen (BZ)\" data-location_type=\"lonlat\" data-location_name=\"Talstation Obereggen\" data-location_url=\"https:\/\/latemarium.com\/de\/event-location\/talstation-obereggen\/\" data-location_status=\"true\" data-latlng=\"46.3835808246333,11.52667595881786\"><\/span><span class='evoet_subtitle evo_below_title' ><span class='evcal_event_subtitle ' >mehr als nur Sterne beobachten!<\/span><\/span><span class='evoet_time_expand level_3'><em class='evcal_time evo_tz_time'><i class='fa fa-clock-o'><\/i>20:00 - 23:00<span class='evo_tz marl5'>(GMT+02:00)<\/span><\/em> <\/span><span class='evoet_location level_3'><em class=\"evcal_location\"  data-latlng=\"46.3835808246333,11.52667595881786\" data-add_str=\"Obereggen 16 I-39050 Deutschnofen (BZ)\" data-n=\"Talstation Obereggen\"><i class=\"fa fa-location-pin\"><\/i><em class=\"event_location_name\">Talstation Obereggen<\/em>, Obereggen 16 I-39050 Deutschnofen (BZ)<\/em><\/span><\/span><span class='evoet_data' data-d=\"{&quot;loc.n&quot;:&quot;Talstation Obereggen&quot;,&quot;orgs&quot;:[],&quot;tags&quot;:{&quot;repeating&quot;:&quot;Repeating Event&quot;}}\" data-bgc=\"#006290\" data-bggrad=\"\" ><\/span><\/a><\/p><div class='event_description evcal_eventcard ' style=\"display:none\"><div class='evocard_row'><div id='event_ftimage' class='evocard_box ftimage' data-c='' \n\t\t\t\t\tstyle=''><div class='evocard_main_image_hold' data-t='Loading Image..'><div class='evocard_main_image evo_img_triglb evobr15 evobgsc evobgpc evodfx evofx_jc_c evofx_ai_c evofz48 minmized' style='height:300px; background-image:url();' data-f=\"https:\/\/latemarium.com\/wp-content\/uploads\/2025\/05\/notti-di-luna-piena-obereggen.jpg\" data-h=\"755\" data-w=\"1245\" data-ratio=\"0.60642570281124\" data-event_id=\"2853\" data-ri=\"0\"  data-t='Loading Image..'><span style='height:300px; background-image:url(https:\/\/latemarium.com\/wp-content\/uploads\/2025\/05\/notti-di-luna-piena-obereggen.jpg)'><\/span><\/div><\/div><\/div><\/div><div class='evocard_row'><div id='event_eventdetails' class='evocard_box eventdetails' data-c='' \n\t\t\t\t\tstyle=''><div class='evo_metarow_details evorow evcal_evdata_row evcal_event_details'>\n\t\t<div class=\"event_excerpt\" style=\"display:none\"><h3 class=\"padb5 evo_h3\">Details zur Veranstaltung<\/h3><p>Man muss an Vollmondabenden nicht immer in die Sterne schauen \u2013 Full-Moon-Walking ist angesagt! Mit Stirnlampen, gutem Schuhwerk, angepasster Kleidung und eurer Motivation durch die Wiesen und W\u00e4lder von Obereggen<\/p><\/div><span class='evcal_evdata_icons'><i class='fa fa-align-justify'><\/i><\/span>\n\t\t\n\t\t<div class='evcal_evdata_cell shorter_desc'>\n\t\t\t<div class='eventon_full_description'>\n\t\t\t\t<h3 class='padb5 evo_h3'><span class='evcal_evdata_icons'><i class='fa fa-align-justify'><\/i><\/span>Details zur Veranstaltung<\/h3>\n\t\t\t\t<div class='eventon_desc_in' itemprop='description'>\n\t\t\t\t<p>Man muss an Vollmondabenden nicht immer in die Sterne schauen \u2013 Full-Moon-Walking ist angesagt! Mit Stirnlampen, gutem Schuhwerk, angepasster Kleidung und eurer Motivation durch die Wiesen und W\u00e4lder von Obereggen Laufen oder Walken? Lasst euch von unseren Guides \u201eerleuchten\u201c \/ begleiten und teilt eure Erfahrung bei anschlie\u00dfender STERNE Einkehr im BIO-Bauernhof Oberwerkstatthof mit Getr\u00e4nk und kleinem H\u00e4ppchen. Es bleibt sicher auch die Zeit zum Sterne plaudern.<\/p>\n<p>Treffpunkt: 20.00 Uhr, Tourismusb\u00fcro Obereggen<br \/>\nR\u00fcckkehr: ca. 23.00 Uhr<br \/>\nKosten: 10,00 \u20ac pro Erwachsener, 5,00 \u20ac pro Kind<br \/>\nAnmelden: bis 12.00 Uhr desselben Tages online auf eggental.com\/events oder Tel. +39 0471 619 500 in den Tourismusb\u00fcros<\/p>\n<\/div><p class='eventon_shad_p' style='padding:5px 0 0; margin:0'>\n\t\t\t<span class='evcal_btn evo_btn_secondary evobtn_details_show_more' content='less'>\n\t\t\t\t<span class='ev_more_text' data-txt='Weniger'>Mehr<\/span><span class='ev_more_arrow ard'><\/span>\n\t\t\t<\/span>\n\t\t<\/p><div class='clear'><\/div>\n\t\t\t<\/div>\n\t\t<\/div>\n\t<\/div><\/div><\/div><div class='evocard_row bx2 bx'><div id='event_time' class='evocard_box time' data-c='' \n\t\t\t\t\tstyle=''><div class='evo_metarow_time evorow evcal_evdata_row evcal_evrow_sm '>\n\t\t<span class='evcal_evdata_icons'><i class='fa fa-clock'><\/i><\/span>\n\t\t<div class='evcal_evdata_cell'>\t\t\t\t\t\t\t\n\t\t\t<h3 class='evo_h3'><span class='evcal_evdata_icons'><i class='fa fa-clock'><\/i><\/span>Zeitplan<\/h3><p><span class='evo_eventcard_time_t'>30 Juni 2026 20:00 - 23:00<\/span><span class='evo_tz marr5'>(GMT+02:00)<\/span><\/p>\n\t\t<\/div>\n\t<\/div><\/div><div id='event_location' class='evocard_box location' data-c='' \n\t\t\t\t\tstyle=''><div class='evcal_evdata_row evo_metarow_time_location evorow '>\n\t\t\n\t\t\t<span class='evcal_evdata_icons'><i class='fa fa-map-marker'><\/i><\/span>\n\t\t\t<div class='evcal_evdata_cell' data-loc_tax_id='23'><h3 class='evo_h3 evodfx'><span class='evcal_evdata_icons'><i class='fa fa-map-marker'><\/i><\/span>Ort<\/h3><p class='evo_location_name'>Talstation Obereggen<\/p><p class='evo_location_address evodfxi evogap10'>Obereggen 16 I-39050 Deutschnofen (BZ)<\/p><div class='padt10'><span class='evo_btn_arr evolb_trigger' data-lbvals=\"{&quot;lbc&quot;:&quot;evo_location_lb_23&quot;,&quot;lbac&quot;:&quot;lb_max&quot;,&quot;t&quot;:&quot;Talstation Obereggen&quot;,&quot;ajax&quot;:&quot;yes&quot;,&quot;ajax_type&quot;:&quot;endpoint&quot;,&quot;ajax_action&quot;:&quot;eventon_get_tax_card_content&quot;,&quot;end&quot;:&quot;client&quot;,&quot;d&quot;:{&quot;lang&quot;:&quot;L2&quot;,&quot;term_id&quot;:23,&quot;tax&quot;:&quot;event_location&quot;,&quot;load_lbcontent&quot;:true},&quot;uid&quot;:&quot;eventon_get_tax_card_content&quot;}\" >Other Events<i class='fa fa-chevron-right'><\/i><\/span><\/div><\/div>\n\t\t\n\t<\/div><\/div><\/div><div class='evocard_row bx2 bx'><div id='event_learnmore' class='evocard_box learnmore' data-c='' \n\t\t\t\t\tstyle=''><div class='evo_metarow_learnM evo_metarow_learnmore evorow'>\n\t\t\t\t\t\t\t<a class='evcal_evdata_row evo_clik_row ' href='https:\/\/eggental.com\/de\/event\/vollmondabende-mehr-als-nur-sterne-beobachten_11858' target=\"_blank\">\n\t\t\t\t\t\t\t\t<span class='evcal_evdata_icons'><i class='fa fa-link'><\/i><\/span>\n\t\t\t\t\t\t\t\t<h3 class='evo_h3'>Entdecke mehr<\/h3>\n\t\t\t\t\t\t\t<\/a>\n\t\t\t\t\t\t\t<\/div><\/div><div id='event_addtocal' class='evocard_box addtocal' data-c='' \n\t\t\t\t\tstyle=''><div class='evo_metarow_ICS evorow evcal_evdata_row'>\n\t\t\t<span class='evcal_evdata_icons'><i class='fa fa-calendar-o'><\/i><\/span>\n\t\t\t<div class='evcal_evdata_cell'>\n\t\t\t\t<p><a href='https:\/\/latemarium.com\/de\/export-events\/2853_0\/?nonce=7b34e59f7d' class='evo_ics_nCal' title='Zu Ihrem Kalender hinzuf\u00fcgen'>Kalender<\/a><a href='https:\/\/www.google.com\/calendar\/event?action=TEMPLATE&text=Vollmondabende&dates=20260630T180000Z%2F20260630T210000Z&ctz=Europe%2FRome&details=Vollmondabende&location=Talstation+Obereggen+Obereggen+16+I-39050+Deutschnofen+%28BZ%29' target='_blank' class='evo_ics_gCal' title='Zu Google Kalender hinzuf\u00fcgen'>GoogleCal<\/a><\/p>\t\n\t\t\t<\/div>\n\t\t<\/div><\/div><\/div><div class='evocard_row'><div id='event_getdirection' class='evocard_box getdirection' data-c='' \n\t\t\t\t\tstyle=''><div class='evo_metarow_getDr evorow evcal_evdata_row evcal_evrow_sm getdirections'>\n\t\t<form action='https:\/\/maps.google.com\/maps' method='get' target='_blank'>\n\t\t\t<input type='hidden' name='daddr' value=\"46.3835808246333,11.52667595881786\"\/> \n\t\t\t<div class='evo_get_direction_content evo_fx_dr_r evogap10'>\n\t\t\t\t<span class='evogetdir_header evodfx evofx_dr_r evofx_ai_c marr10'>\n\t\t\t\t\t<i class='mainicon fa fa-road'><\/i> \n\t\t\t\t\t<h3 class='evo_h3' style='padding-bottom:5px;'>Wegbeschreibung abrufen<\/h3>\n\t\t\t\t<\/span>\n\t\t\t\t<span class='evogetdir_field evodfx evofx_1_1 evo_fx_dr_c evow100p'>\t\t\t\t\t\n\t\t\t\t\t<input class='evoInput evotac' type='text' name='saddr' placeholder='&quot;Geben Sie die Adresse ein' value='' style='margin:10px 0;'\/>\n\t\t\t\t<\/span>\n\t\t\t\t<button type='submit' class='evo_get_direction_button evo_btn_arr_circ dfx fx_ai_c' title='&quot;Klicken Sie hier'><i class='fa fa-chevron-right'><\/i> <\/button>\n\t\t\t<\/div>\n\t\t<\/form>\n\t<\/div><\/div><\/div><div class='evo_card_row_end evcal_close' title='Schlie\u00dfen'><\/div><\/div><div class='clear end'><\/div><\/div><\/div><div class='evcal_month_line' data-d='eml_7_2026' data-su='1782856800'><p>Juli<\/p><\/div><div class='sep_month_events ' data-d='eml_7_2026'><div id=\"event_2184_0\" class=\"eventon_list_event evo_eventtop scheduled  event clrD no_et event_2184_0\" data-event_id=\"2184\" data-ri=\"0r\" data-time=\"1782891000-1782943140\" data-colr=\"#ba181d\" itemscope itemtype='http:\/\/schema.org\/Event'><div class=\"evo_event_schema\" style=\"display:none\" ><a itemprop='url'  href='https:\/\/latemarium.com\/de\/events\/geotrekking-torre-di-pisa\/var\/ri-0.l-L2'><\/a><meta itemprop='image' content=\"https:\/\/latemarium.com\/wp-content\/uploads\/2020\/06\/latemar-torre-di-pisa-estate-2019_ph.alice-russolo-90-scaled.jpg\" \/><meta itemprop='startDate' content=\"2026-7-1T09:30+0:00\" \/><meta itemprop='endDate' content=\"2026-7-1T23:59+0:00\" \/><meta itemprop='eventStatus' content=\"https:\/\/schema.org\/EventScheduled\" \/><meta itemprop='eventAttendanceMode'   itemscope itemtype=\"https:\/\/schema.org\/OfflineEventAttendanceMode\"\/><script type=\"application\/ld+json\">{\"@context\": \"http:\/\/schema.org\",\"@type\": \"Event\",\n\t\t\t\t\"@id\": \"event_2184_0\",\n\t\t\t\t\"eventAttendanceMode\":\"https:\/\/schema.org\/OfflineEventAttendanceMode\",\n\t\t\t\t\"eventStatus\":\"https:\/\/schema.org\/EventScheduled\",\n\t\t\t\t\"name\": \"Geotrekking Torre di Pisa\",\n\t\t\t\t\"url\": \"https:\/\/latemarium.com\/de\/events\/geotrekking-torre-di-pisa\/var\/ri-0.l-L2\",\n\t\t\t\t\"startDate\": \"2026-7-1T09:30+0:00\",\n\t\t\t\t\"endDate\": \"2026-7-1T23:59+0:00\",\n\t\t\t\t\"image\":\"https:\/\/latemarium.com\/wp-content\/uploads\/2020\/06\/latemar-torre-di-pisa-estate-2019_ph.alice-russolo-90-scaled.jpg\", \n\t\t\t\t\"description\":\"<p><strong>Spannender geologischer Ausflug in gro\u00dfer H\u00f6he<\/strong>, um das Latemar-Atoll zu entdecken, die Perle des fossilen Archipels der Dolomiten, ein UNESCO-Weltkulturerbe. Ein eindrucksvoller Rundweg, der von einem erfahrenen Geologen und Medienbergf\u00fchrer gef\u00fchrt wird. Vom Passo Feudo steigen Sie zur Schutzh\u00fctte Torre di Pisa auf, um dann in gro\u00dfer H\u00f6he bis zur Forcella dei Camosci weiterzugehen, von wo aus Sie wieder in die Tiefen des tropischen Meeres bis zum Ausgangspunkt abtauchen. Brotzeit. Mindestalter 12 Jahre.<\/p> <p>Die Route ist mittelschwer, mit gut begehbaren Wegen und kurzen, leicht ausgesetzten Abschnitten, mit einem H\u00f6henunterschied von ca. 780 Metern.<\/p> \"}<\/script><\/div>\r\n\t\t\t\t<p class=\"desc_trig_outter\" style=\"\"><a data-gmap_status=\"null\" data-exlk=\"0\" style=\"background-color: #ba181d;\" id=\"evc_17828910002184\" class=\"hasFtIMG event_repeat desc_trig sin_val evcal_list_a\" data-ux_val=\"3\" data-ux_val_mob=\"-\"  ><span class='evoet_c1 evoet_cx '><span class='ev_ftImg' data-img='https:\/\/latemarium.com\/wp-content\/uploads\/2020\/06\/latemar-torre-di-pisa-estate-2019_ph.alice-russolo-90-scaled.jpg' data-thumb='https:\/\/latemarium.com\/wp-content\/uploads\/2020\/06\/latemar-torre-di-pisa-estate-2019_ph.alice-russolo-90-300x200.jpg' style='background-image:url(\"https:\/\/latemarium.com\/wp-content\/uploads\/2020\/06\/latemar-torre-di-pisa-estate-2019_ph.alice-russolo-90-300x200.jpg\")' ><\/span><\/span><span class='evoet_c2 evoet_cx '><span class='evoet_dayblock evcal_cblock ' data-bgcolor='#ba181d' data-smon='Juli' data-syr='2026' data-bub=''><span class='evo_start '><em class='date'>01<\/em><em class='month'>Jul<\/em><em class='time'>09:30<\/em><\/span><\/span><\/span><span class='evoet_c3 evoet_cx evcal_desc hide_eventtopdata '><span class='evoet_title evcal_desc2 evcal_event_title ' itemprop='name'>Geotrekking Torre di Pisa<\/span><span class='event_location_attrs' data-location_type=\"lonlat\" data-location_name=\"A monte della seggiovia Gardon\u00e8-Passo Feudo\" data-location_url=\"https:\/\/latemarium.com\/de\/event-location\/a-monte-della-seggiovia-gardone-passo-feudo\/\" data-location_status=\"true\" data-latlng=\"46.32878794406342,11.600176728690842\"><\/span><span class='evoet_subtitle evo_below_title' ><span class='evcal_event_subtitle ' >Geotrekking Torre di Pisa<\/span><\/span><span class='evoet_time_expand level_3'><em class='evcal_time evo_tz_time'><i class='fa fa-clock-o'><\/i>09:30<span class='evo_tz marl5'>(GMT+02:00)<\/span><\/em> <\/span><span class='evoet_location level_3'><em class=\"evcal_location\"  data-latlng=\"46.32878794406342,11.600176728690842\" data-add_str=\"\" data-n=\"A monte della seggiovia Gardon\u00e8-Passo Feudo\"><i class=\"fa fa-location-pin\"><\/i><em class=\"event_location_name\">A monte della seggiovia Gardon\u00e8-Passo Feudo<\/em><\/em><\/span><\/span><span class='evoet_data' data-d=\"{&quot;loc.n&quot;:&quot;A monte della seggiovia Gardon\\u00e8-Passo Feudo&quot;,&quot;orgs&quot;:[],&quot;tags&quot;:{&quot;repeating&quot;:&quot;Repeating Event&quot;}}\" data-bgc=\"#ba181d\" data-bggrad=\"\" ><\/span><\/a><\/p><div class='event_description evcal_eventcard ' style=\"display:none\"><div class='evocard_row'><div id='event_ftimage' class='evocard_box ftimage' data-c='' \n\t\t\t\t\tstyle=''><div class='evocard_main_image_hold' data-t='Loading Image..'><div class='evocard_main_image evo_img_triglb evobr15 evobgsc evobgpc evodfx evofx_jc_c evofx_ai_c evofz48 minmized' style='height:300px; background-image:url();' data-f=\"https:\/\/latemarium.com\/wp-content\/uploads\/2020\/06\/latemar-torre-di-pisa-estate-2019_ph.alice-russolo-90-scaled.jpg\" data-h=\"1707\" data-w=\"2560\" data-ratio=\"0.666796875\" data-event_id=\"2184\" data-ri=\"0\"  data-t='Loading Image..'><span style='height:300px; background-image:url(https:\/\/latemarium.com\/wp-content\/uploads\/2020\/06\/latemar-torre-di-pisa-estate-2019_ph.alice-russolo-90-scaled.jpg)'><\/span><\/div><\/div><\/div><\/div><div class='evocard_row'><div id='event_eventdetails' class='evocard_box eventdetails' data-c='' \n\t\t\t\t\tstyle=''><div class='evo_metarow_details evorow evcal_evdata_row evcal_event_details'>\n\t\t<div class=\"event_excerpt\" style=\"display:none\"><h3 class=\"padb5 evo_h3\">Details zur Veranstaltung<\/h3><p>Spannender geologischer Ausflug in gro\u00dfer H\u00f6he, um das Latemar-Atoll zu entdecken, die Perle des fossilen Archipels der Dolomiten, ein UNESCO-Weltkulturerbe. Ein eindrucksvoller Rundweg, der von einem erfahrenen Geologen und Medienbergf\u00fchrer<\/p><\/div><span class='evcal_evdata_icons'><i class='fa fa-align-justify'><\/i><\/span>\n\t\t\n\t\t<div class='evcal_evdata_cell shorter_desc'>\n\t\t\t<div class='eventon_full_description'>\n\t\t\t\t<h3 class='padb5 evo_h3'><span class='evcal_evdata_icons'><i class='fa fa-align-justify'><\/i><\/span>Details zur Veranstaltung<\/h3>\n\t\t\t\t<div class='eventon_desc_in' itemprop='description'>\n\t\t\t\t<p><strong>Spannender geologischer Ausflug in gro\u00dfer H\u00f6he<\/strong>, um das Latemar-Atoll zu entdecken, die Perle des fossilen Archipels der Dolomiten, ein UNESCO-Weltkulturerbe. Ein eindrucksvoller Rundweg, der von einem erfahrenen Geologen und Medienbergf\u00fchrer gef\u00fchrt wird. Vom Passo Feudo steigen Sie zur Schutzh\u00fctte Torre di Pisa auf, um dann in gro\u00dfer H\u00f6he bis zur Forcella dei Camosci weiterzugehen, von wo aus Sie wieder in die Tiefen des tropischen Meeres bis zum Ausgangspunkt abtauchen. Brotzeit. Mindestalter 12 Jahre.<\/p>\n<p>Die Route ist mittelschwer, mit gut begehbaren Wegen und kurzen, leicht ausgesetzten Abschnitten, mit einem H\u00f6henunterschied von ca. 780 Metern.<\/p>\n<\/div><p class='eventon_shad_p' style='padding:5px 0 0; margin:0'>\n\t\t\t<span class='evcal_btn evo_btn_secondary evobtn_details_show_more' content='less'>\n\t\t\t\t<span class='ev_more_text' data-txt='Weniger'>Mehr<\/span><span class='ev_more_arrow ard'><\/span>\n\t\t\t<\/span>\n\t\t<\/p><div class='clear'><\/div>\n\t\t\t<\/div>\n\t\t<\/div>\n\t<\/div><\/div><\/div><div class='evocard_row bx2 bx'><div id='event_time' class='evocard_box time' data-c='' \n\t\t\t\t\tstyle=''><div class='evo_metarow_time evorow evcal_evdata_row evcal_evrow_sm '>\n\t\t<span class='evcal_evdata_icons'><i class='fa fa-clock'><\/i><\/span>\n\t\t<div class='evcal_evdata_cell'>\t\t\t\t\t\t\t\n\t\t\t<h3 class='evo_h3'><span class='evcal_evdata_icons'><i class='fa fa-clock'><\/i><\/span>Zeitplan<\/h3><p><span class='evo_eventcard_time_t'>1 Juli 2026 09:30<\/span><span class='evo_tz marr5'>(GMT+02:00)<\/span><\/p>\n\t\t<\/div>\n\t<\/div><\/div><div id='event_location' class='evocard_box location' data-c='' \n\t\t\t\t\tstyle=''><div class='evcal_evdata_row evo_metarow_time_location evorow '>\n\t\t\n\t\t\t<span class='evcal_evdata_icons'><i class='fa fa-map-marker'><\/i><\/span>\n\t\t\t<div class='evcal_evdata_cell' data-loc_tax_id='37'><h3 class='evo_h3 evodfx'><span class='evcal_evdata_icons'><i class='fa fa-map-marker'><\/i><\/span>Ort<\/h3><p class='evo_location_name'>A monte della seggiovia Gardon\u00e8-Passo Feudo<\/p><div class='padt10'><span class='evo_btn_arr evolb_trigger' data-lbvals=\"{&quot;lbc&quot;:&quot;evo_location_lb_37&quot;,&quot;lbac&quot;:&quot;lb_max&quot;,&quot;t&quot;:&quot;A monte della seggiovia Gardon\\u00e8-Passo Feudo&quot;,&quot;ajax&quot;:&quot;yes&quot;,&quot;ajax_type&quot;:&quot;endpoint&quot;,&quot;ajax_action&quot;:&quot;eventon_get_tax_card_content&quot;,&quot;end&quot;:&quot;client&quot;,&quot;d&quot;:{&quot;lang&quot;:&quot;L2&quot;,&quot;term_id&quot;:37,&quot;tax&quot;:&quot;event_location&quot;,&quot;load_lbcontent&quot;:true},&quot;uid&quot;:&quot;eventon_get_tax_card_content&quot;}\" >Other Events<i class='fa fa-chevron-right'><\/i><\/span><\/div><\/div>\n\t\t\n\t<\/div><\/div><\/div><div class='evocard_row bx2 bx'><div id='event_learnmore' class='evocard_box learnmore' data-c='' \n\t\t\t\t\tstyle=''><div class='evo_metarow_learnM evo_metarow_learnmore evorow'>\n\t\t\t\t\t\t\t<a class='evcal_evdata_row evo_clik_row ' href='https:\/\/www.latemar.it\/de\/sommer\/geotrekking\/' target=\"_blank\">\n\t\t\t\t\t\t\t\t<span class='evcal_evdata_icons'><i class='fa fa-link'><\/i><\/span>\n\t\t\t\t\t\t\t\t<h3 class='evo_h3'>Entdecke mehr<\/h3>\n\t\t\t\t\t\t\t<\/a>\n\t\t\t\t\t\t\t<\/div><\/div><div id='event_addtocal' class='evocard_box addtocal' data-c='' \n\t\t\t\t\tstyle=''><div class='evo_metarow_ICS evorow evcal_evdata_row'>\n\t\t\t<span class='evcal_evdata_icons'><i class='fa fa-calendar-o'><\/i><\/span>\n\t\t\t<div class='evcal_evdata_cell'>\n\t\t\t\t<p><a href='https:\/\/latemarium.com\/de\/export-events\/2184_0\/?nonce=7b34e59f7d' class='evo_ics_nCal' title='Zu Ihrem Kalender hinzuf\u00fcgen'>Kalender<\/a><a href='https:\/\/www.google.com\/calendar\/event?action=TEMPLATE&text=Geotrekking+Torre+di+Pisa&dates=20260701T073000Z%2F20260701T215900Z&ctz=Europe%2FRome&details=Geotrekking Torre di Pisa&location=A+monte+della+seggiovia+Gardon%C3%A8-Passo+Feudo' target='_blank' class='evo_ics_gCal' title='Zu Google Kalender hinzuf\u00fcgen'>GoogleCal<\/a><\/p>\t\n\t\t\t<\/div>\n\t\t<\/div><\/div><\/div><div class='evocard_row'><div id='event_getdirection' class='evocard_box getdirection' data-c='' \n\t\t\t\t\tstyle=''><div class='evo_metarow_getDr evorow evcal_evdata_row evcal_evrow_sm getdirections'>\n\t\t<form action='https:\/\/maps.google.com\/maps' method='get' target='_blank'>\n\t\t\t<input type='hidden' name='daddr' value=\"46.32878794406342,11.600176728690842\"\/> \n\t\t\t<div class='evo_get_direction_content evo_fx_dr_r evogap10'>\n\t\t\t\t<span class='evogetdir_header evodfx evofx_dr_r evofx_ai_c marr10'>\n\t\t\t\t\t<i class='mainicon fa fa-road'><\/i> \n\t\t\t\t\t<h3 class='evo_h3' style='padding-bottom:5px;'>Wegbeschreibung abrufen<\/h3>\n\t\t\t\t<\/span>\n\t\t\t\t<span class='evogetdir_field evodfx evofx_1_1 evo_fx_dr_c evow100p'>\t\t\t\t\t\n\t\t\t\t\t<input class='evoInput evotac' type='text' name='saddr' placeholder='&quot;Geben Sie die Adresse ein' value='' style='margin:10px 0;'\/>\n\t\t\t\t<\/span>\n\t\t\t\t<button type='submit' class='evo_get_direction_button evo_btn_arr_circ dfx fx_ai_c' title='&quot;Klicken Sie hier'><i class='fa fa-chevron-right'><\/i> <\/button>\n\t\t\t<\/div>\n\t\t<\/form>\n\t<\/div><\/div><\/div><div class='evo_card_row_end evcal_close' title='Schlie\u00dfen'><\/div><\/div><div class='clear end'><\/div><\/div><div id=\"event_2938_1\" class=\"eventon_list_event evo_eventtop scheduled  event clrD event_2938_1\" data-event_id=\"2938\" data-ri=\"1r\" data-time=\"1782907200-1782916200\" data-colr=\"#38823b\" itemscope itemtype='http:\/\/schema.org\/Event'><div class=\"evo_event_schema\" style=\"display:none\" ><a itemprop='url'  href='https:\/\/latemarium.com\/de\/events\/unterwegs-mit-ponys\/var\/ri-1.l-L2'><\/a><meta itemprop='image' content=\"https:\/\/latemarium.com\/wp-content\/uploads\/2026\/04\/pony.jpg\" \/><meta itemprop='startDate' content=\"2026-7-1T14:00+0:00\" \/><meta itemprop='endDate' content=\"2026-7-1T16:30+0:00\" \/><meta itemprop='eventStatus' content=\"https:\/\/schema.org\/EventScheduled\" \/><meta itemprop='eventAttendanceMode'   itemscope itemtype=\"https:\/\/schema.org\/OfflineEventAttendanceMode\"\/><div style=\"display:none\" itemprop=\"location\" itemscope itemtype=\"http:\/\/schema.org\/Place\"><span itemprop=\"name\">Pampeago<\/span><span itemprop=\"address\" itemscope itemtype=\"http:\/\/schema.org\/PostalAddress\"><item itemprop=\"streetAddress\">Localit\u00e0 Pampeago, 8, 38038 Tesero TN<\/item><\/span><\/div><script type=\"application\/ld+json\">{\"@context\": \"http:\/\/schema.org\",\"@type\": \"Event\",\n\t\t\t\t\"@id\": \"event_2938_1\",\n\t\t\t\t\"eventAttendanceMode\":\"https:\/\/schema.org\/OfflineEventAttendanceMode\",\n\t\t\t\t\"eventStatus\":\"https:\/\/schema.org\/EventScheduled\",\n\t\t\t\t\"name\": \"Unterwegs mit Ponys\",\n\t\t\t\t\"url\": \"https:\/\/latemarium.com\/de\/events\/unterwegs-mit-ponys\/var\/ri-1.l-L2\",\n\t\t\t\t\"startDate\": \"2026-7-1T14:00+0:00\",\n\t\t\t\t\"endDate\": \"2026-7-1T16:30+0:00\",\n\t\t\t\t\"image\":\"https:\/\/latemarium.com\/wp-content\/uploads\/2026\/04\/pony.jpg\", \n\t\t\t\t\"description\":\"<p>Ein angenehmer Spaziergang zur Entdeckung der Landschaften von Pampeago, begleitet von freundlichen Ponys, die Kinder und Familien sicher entlang der Route f\u00fchren.<\/p> <p>Ein entspannendes und unterhaltsames Erlebnis \u2013 ideal, um die Bergwelt in gem\u00e4chlichem Tempo zu genie\u00dfen und eine besondere Verbindung zu diesen sanften Tieren aufzubauen.<\/p> <p><strong>INFORMATIONEN:<\/strong><br \/> Wann \u2013 Jeden Mittwoch vom 24.06. bis 09.09.<br \/> Uhrzeit \u2013 Von 14:00 bis 16:30 Uhr (je nach Verf\u00fcgbarkeit)<br \/> Treffpunkt \u2013 Parkplatz der Tresca-Sesselbahn (Zutritt NUR f\u00fcr Teilnehmende mit Reservierung)<\/p> <p>Aktivit\u00e4t geeignet f\u00fcr Familien und Kinder.<\/p> <p>Reservierung erforderlich \u2013 klicken Sie <a href='https:\/\/www.visitfiemme.it\/de\/veranstaltungen\/fiemme-cembra-guest-card\/erlebnisse\/erlebnisse-sommer' target='_blank' rel='noopener'>HIER<\/a>, um zu buchen<\/p> \",\"location\":[{\"@type\":\"Place\",\"name\":\"Pampeago\",\"address\":{\"@type\": \"PostalAddress\",\"streetAddress\":\"Localit\u00e0 Pampeago, 8, 38038 Tesero TN\"}}]}<\/script><\/div>\r\n\t\t\t\t<p class=\"desc_trig_outter\" style=\"\"><a data-gmap_status=\"null\" data-exlk=\"0\" style=\"background-color: #38823b;\" id=\"evc_17829072002938\" class=\"hasFtIMG event_repeat desc_trig sin_val evcal_list_a\" data-ux_val=\"3\" data-ux_val_mob=\"-\"  ><span class='evoet_c1 evoet_cx '><span class='ev_ftImg' data-img='https:\/\/latemarium.com\/wp-content\/uploads\/2026\/04\/pony.jpg' data-thumb='https:\/\/latemarium.com\/wp-content\/uploads\/2026\/04\/pony-300x110.jpg' style='background-image:url(\"https:\/\/latemarium.com\/wp-content\/uploads\/2026\/04\/pony-300x110.jpg\")' ><\/span><\/span><span class='evoet_c2 evoet_cx '><span class='evoet_dayblock evcal_cblock ' data-bgcolor='#38823b' data-smon='Juli' data-syr='2026' data-bub=''><span class='evo_start '><em class='date'>01<\/em><em class='month'>Jul<\/em><em class='time'>14:00<\/em><\/span><span class='evo_end only_time'><em class='time'>16:30<\/em><\/span><\/span><\/span><span class='evoet_c3 evoet_cx evcal_desc hide_eventtopdata '><span class='evoet_title evcal_desc2 evcal_event_title ' itemprop='name'>Unterwegs mit Ponys<\/span><span class='event_location_attrs'  data-location_address=\"Localit\u00e0 Pampeago, 8, 38038 Tesero TN\" data-location_type=\"lonlat\" data-location_name=\"Pampeago\" data-location_url=\"https:\/\/latemarium.com\/de\/event-location\/pampeago-de\/\" data-location_status=\"true\" data-latlng=\"46.34343697644898,11.540997527961546\"><\/span><span class='evoet_subtitle evo_below_title' ><span class='evcal_event_subtitle ' >Familienwanderung<\/span><\/span><span class='evoet_time_expand level_3'><em class='evcal_time evo_tz_time'><i class='fa fa-clock-o'><\/i>14:00 - 16:30<span class='evo_tz marl5'>(GMT+02:00)<\/span><\/em> <\/span><span class='evoet_location level_3'><em class=\"evcal_location\"  data-latlng=\"46.34343697644898,11.540997527961546\" data-add_str=\"Localit\u00e0 Pampeago, 8, 38038 Tesero TN\" data-n=\"Pampeago\"><i class=\"fa fa-location-pin\"><\/i><em class=\"event_location_name\">Pampeago<\/em>, Localit\u00e0 Pampeago, 8, 38038 Tesero TN<\/em><\/span><\/span><span class='evoet_data' data-d=\"{&quot;loc.n&quot;:&quot;Pampeago&quot;,&quot;orgs&quot;:[],&quot;tags&quot;:{&quot;repeating&quot;:&quot;Repeating Event&quot;}}\" data-bgc=\"#38823b\" data-bggrad=\"\" ><\/span><\/a><\/p><div class='event_description evcal_eventcard ' style=\"display:none\"><div class='evocard_row'><div id='event_ftimage' class='evocard_box ftimage' data-c='' \n\t\t\t\t\tstyle=''><div class='evocard_main_image_hold' data-t='Loading Image..'><div class='evocard_main_image evo_img_triglb evobr15 evobgsc evobgpc evodfx evofx_jc_c evofx_ai_c evofz48 minmized' style='height:300px; background-image:url();' data-f=\"https:\/\/latemarium.com\/wp-content\/uploads\/2026\/04\/pony.jpg\" data-h=\"368\" data-w=\"1000\" data-ratio=\"0.368\" data-event_id=\"2938\" data-ri=\"1\"  data-t='Loading Image..'><span style='height:300px; background-image:url(https:\/\/latemarium.com\/wp-content\/uploads\/2026\/04\/pony.jpg)'><\/span><\/div><\/div><\/div><\/div><div class='evocard_row'><div id='event_eventdetails' class='evocard_box eventdetails' data-c='' \n\t\t\t\t\tstyle=''><div class='evo_metarow_details evorow evcal_evdata_row evcal_event_details'>\n\t\t<div class=\"event_excerpt\" style=\"display:none\"><h3 class=\"padb5 evo_h3\">Details zur Veranstaltung<\/h3><p>Ein angenehmer Spaziergang zur Entdeckung der Landschaften von Pampeago, begleitet von freundlichen Ponys, die Kinder und Familien sicher entlang der Route f\u00fchren.\nEin entspannendes und unterhaltsames Erlebnis \u2013 ideal, um die<\/p><\/div><span class='evcal_evdata_icons'><i class='fa fa-align-justify'><\/i><\/span>\n\t\t\n\t\t<div class='evcal_evdata_cell shorter_desc'>\n\t\t\t<div class='eventon_full_description'>\n\t\t\t\t<h3 class='padb5 evo_h3'><span class='evcal_evdata_icons'><i class='fa fa-align-justify'><\/i><\/span>Details zur Veranstaltung<\/h3>\n\t\t\t\t<div class='eventon_desc_in' itemprop='description'>\n\t\t\t\t<p>Ein angenehmer Spaziergang zur Entdeckung der Landschaften von Pampeago, begleitet von freundlichen Ponys, die Kinder und Familien sicher entlang der Route f\u00fchren.<\/p>\n<p>Ein entspannendes und unterhaltsames Erlebnis \u2013 ideal, um die Bergwelt in gem\u00e4chlichem Tempo zu genie\u00dfen und eine besondere Verbindung zu diesen sanften Tieren aufzubauen.<\/p>\n<p><strong>INFORMATIONEN:<\/strong><br \/>\nWann \u2013 Jeden Mittwoch vom 24.06. bis 09.09.<br \/>\nUhrzeit \u2013 Von 14:00 bis 16:30 Uhr (je nach Verf\u00fcgbarkeit)<br \/>\nTreffpunkt \u2013 Parkplatz der Tresca-Sesselbahn (Zutritt NUR f\u00fcr Teilnehmende mit Reservierung)<\/p>\n<p>Aktivit\u00e4t geeignet f\u00fcr Familien und Kinder.<\/p>\n<p>Reservierung erforderlich \u2013 klicken Sie <a href=\"https:\/\/www.visitfiemme.it\/de\/veranstaltungen\/fiemme-cembra-guest-card\/erlebnisse\/erlebnisse-sommer\" target=\"_blank\" rel=\"noopener\">HIER<\/a>, um zu buchen<\/p>\n<\/div><p class='eventon_shad_p' style='padding:5px 0 0; margin:0'>\n\t\t\t<span class='evcal_btn evo_btn_secondary evobtn_details_show_more' content='less'>\n\t\t\t\t<span class='ev_more_text' data-txt='Weniger'>Mehr<\/span><span class='ev_more_arrow ard'><\/span>\n\t\t\t<\/span>\n\t\t<\/p><div class='clear'><\/div>\n\t\t\t<\/div>\n\t\t<\/div>\n\t<\/div><\/div><\/div><div class='evocard_row bx2 bx'><div id='event_time' class='evocard_box time' data-c='' \n\t\t\t\t\tstyle=''><div class='evo_metarow_time evorow evcal_evdata_row evcal_evrow_sm '>\n\t\t<span class='evcal_evdata_icons'><i class='fa fa-clock'><\/i><\/span>\n\t\t<div class='evcal_evdata_cell'>\t\t\t\t\t\t\t\n\t\t\t<h3 class='evo_h3'><span class='evcal_evdata_icons'><i class='fa fa-clock'><\/i><\/span>Zeitplan<\/h3><p><span class='evo_eventcard_time_t'>1 Juli 2026 14:00 - 16:30<\/span><span class='evo_tz marr5'>(GMT+02:00)<\/span><\/p>\n\t\t<\/div>\n\t<\/div><\/div><div id='event_location' class='evocard_box location' data-c='' \n\t\t\t\t\tstyle=''><div class='evcal_evdata_row evo_metarow_time_location evorow '>\n\t\t\n\t\t\t<span class='evcal_evdata_icons'><i class='fa fa-map-marker'><\/i><\/span>\n\t\t\t<div class='evcal_evdata_cell' data-loc_tax_id='32'><h3 class='evo_h3 evodfx'><span class='evcal_evdata_icons'><i class='fa fa-map-marker'><\/i><\/span>Ort<\/h3><p class='evo_location_name'>Pampeago<\/p><p class='evo_location_address evodfxi evogap10'>Localit\u00e0 Pampeago, 8, 38038 Tesero TN<\/p><div class='padt10'><span class='evo_btn_arr evolb_trigger' data-lbvals=\"{&quot;lbc&quot;:&quot;evo_location_lb_32&quot;,&quot;lbac&quot;:&quot;lb_max&quot;,&quot;t&quot;:&quot;Pampeago&quot;,&quot;ajax&quot;:&quot;yes&quot;,&quot;ajax_type&quot;:&quot;endpoint&quot;,&quot;ajax_action&quot;:&quot;eventon_get_tax_card_content&quot;,&quot;end&quot;:&quot;client&quot;,&quot;d&quot;:{&quot;lang&quot;:&quot;L2&quot;,&quot;term_id&quot;:32,&quot;tax&quot;:&quot;event_location&quot;,&quot;load_lbcontent&quot;:true},&quot;uid&quot;:&quot;eventon_get_tax_card_content&quot;}\" >Other Events<i class='fa fa-chevron-right'><\/i><\/span><\/div><\/div>\n\t\t\n\t<\/div><\/div><\/div><div class='evocard_row'><div id='event_addtocal' class='evocard_box addtocal' data-c='' \n\t\t\t\t\tstyle=''><div class='evo_metarow_ICS evorow evcal_evdata_row'>\n\t\t\t<span class='evcal_evdata_icons'><i class='fa fa-calendar-o'><\/i><\/span>\n\t\t\t<div class='evcal_evdata_cell'>\n\t\t\t\t<p><a href='https:\/\/latemarium.com\/de\/export-events\/2938_1\/?nonce=7b34e59f7d' class='evo_ics_nCal' title='Zu Ihrem Kalender hinzuf\u00fcgen'>Kalender<\/a><a href='https:\/\/www.google.com\/calendar\/event?action=TEMPLATE&text=Unterwegs+mit+Ponys&dates=20260701T120000Z%2F20260701T143000Z&ctz=Europe%2FRome&details=Unterwegs mit Ponys&location=Pampeago+Localit%C3%A0+Pampeago%2C+8%2C+38038+Tesero+TN' target='_blank' class='evo_ics_gCal' title='Zu Google Kalender hinzuf\u00fcgen'>GoogleCal<\/a><\/p>\t\n\t\t\t<\/div>\n\t\t<\/div><\/div><\/div><div class='evocard_row'><div id='event_getdirection' class='evocard_box getdirection' data-c='' \n\t\t\t\t\tstyle=''><div class='evo_metarow_getDr evorow evcal_evdata_row evcal_evrow_sm getdirections'>\n\t\t<form action='https:\/\/maps.google.com\/maps' method='get' target='_blank'>\n\t\t\t<input type='hidden' name='daddr' value=\"Localit\u00e0 Pampeago, 8, 38038 Tesero TN\"\/> \n\t\t\t<div class='evo_get_direction_content evo_fx_dr_r evogap10'>\n\t\t\t\t<span class='evogetdir_header evodfx evofx_dr_r evofx_ai_c marr10'>\n\t\t\t\t\t<i class='mainicon fa fa-road'><\/i> \n\t\t\t\t\t<h3 class='evo_h3' style='padding-bottom:5px;'>Wegbeschreibung abrufen<\/h3>\n\t\t\t\t<\/span>\n\t\t\t\t<span class='evogetdir_field evodfx evofx_1_1 evo_fx_dr_c evow100p'>\t\t\t\t\t\n\t\t\t\t\t<input class='evoInput evotac' type='text' name='saddr' placeholder='&quot;Geben Sie die Adresse ein' value='' style='margin:10px 0;'\/>\n\t\t\t\t<\/span>\n\t\t\t\t<button type='submit' class='evo_get_direction_button evo_btn_arr_circ dfx fx_ai_c' title='&quot;Klicken Sie hier'><i class='fa fa-chevron-right'><\/i> <\/button>\n\t\t\t<\/div>\n\t\t<\/form>\n\t<\/div><\/div><\/div><div class='evo_card_row_end evcal_close' title='Schlie\u00dfen'><\/div><\/div><div class='clear end'><\/div><\/div><div id=\"event_2845_0\" class=\"eventon_list_event evo_eventtop scheduled  event clrD no_et event_2845_0\" data-event_id=\"2845\" data-ri=\"0r\" data-time=\"1782975600-1783029540\" data-colr=\"#38823b\" itemscope itemtype='http:\/\/schema.org\/Event'><div class=\"evo_event_schema\" style=\"display:none\" ><a itemprop='url'  href='https:\/\/latemarium.com\/de\/events\/escursione-in-montagna-al-rifugio-torre-di-pisa\/var\/ri-0.l-L2'><\/a><meta itemprop='image' content=\"https:\/\/latemarium.com\/wp-content\/uploads\/2025\/05\/escursione-torre-di-pisa-obereggen.jpg\" \/><meta itemprop='startDate' content=\"2026-7-2T09:00+0:00\" \/><meta itemprop='endDate' content=\"2026-7-2T23:59+0:00\" \/><meta itemprop='eventStatus' content=\"https:\/\/schema.org\/EventScheduled\" \/><meta itemprop='eventAttendanceMode'   itemscope itemtype=\"https:\/\/schema.org\/OfflineEventAttendanceMode\"\/><div style=\"display:none\" itemprop=\"location\" itemscope itemtype=\"http:\/\/schema.org\/Place\"><span itemprop=\"name\">Talstation Obereggen<\/span><span itemprop=\"address\" itemscope itemtype=\"http:\/\/schema.org\/PostalAddress\"><item itemprop=\"streetAddress\">Obereggen 16 I-39050 Deutschnofen (BZ)<\/item><\/span><\/div><script type=\"application\/ld+json\">{\"@context\": \"http:\/\/schema.org\",\"@type\": \"Event\",\n\t\t\t\t\"@id\": \"event_2845_0\",\n\t\t\t\t\"eventAttendanceMode\":\"https:\/\/schema.org\/OfflineEventAttendanceMode\",\n\t\t\t\t\"eventStatus\":\"https:\/\/schema.org\/EventScheduled\",\n\t\t\t\t\"name\": \"Gipfelwanderung zur Latemarh\u00fctte\",\n\t\t\t\t\"url\": \"https:\/\/latemarium.com\/de\/events\/escursione-in-montagna-al-rifugio-torre-di-pisa\/var\/ri-0.l-L2\",\n\t\t\t\t\"startDate\": \"2026-7-2T09:00+0:00\",\n\t\t\t\t\"endDate\": \"2026-7-2T23:59+0:00\",\n\t\t\t\t\"image\":\"https:\/\/latemarium.com\/wp-content\/uploads\/2025\/05\/escursione-torre-di-pisa-obereggen.jpg\", \n\t\t\t\t\"description\":\"<p>Mittelschwere bis schwere, anspruchsvolle Bergwanderung im hochalpinen Gel\u00e4nde im s\u00fcdlichen Latemar- Massiv. Beeindruckende Rundsicht auf die umliegende Bergwelt.<\/p> <p>Route: Auffahrt mit dem Oberholz-Sessellift (1550\u20132100 m) \u2013 Aufstieg auf Weg 18 \u2013 Aussichtsplattform \u2013 Gamsstallscharte (2560 m) \u2013 Weg 516 \u2013 Pisah\u00fctte\/Latemarh\u00fctte (2671 m). Einkehr. Abstieg Weg 516 und Weg 22 \u2013 Bergstation Sessellift Oberholz \u2013 R\u00fcckfahrt.<\/p> <p>Start: 09.00 Uhr in Obereggen<br \/> R\u00fcckkehr: 16.00 Uhr<br \/> Dauer: 7 h | Gehzeit: 6 h<br \/> H\u00f6henunterschied: 750 m<br \/> Schwierigkeit: schwer, anspruchsvoll | Anforderungen: Ausdauer, Trittsicherheit und Schwindelfreiheit |mit Einkehr | die Mitnahme von geeignetem Tourenproviant wird empfohlen<br \/> Sessellift Oberholz: 21,50 \u20ac\/Erwachsene \u2013 17,50 \u20ac\/Junior<\/p> \",\"location\":[{\"@type\":\"Place\",\"name\":\"Talstation Obereggen\",\"address\":{\"@type\": \"PostalAddress\",\"streetAddress\":\"Obereggen 16 I-39050 Deutschnofen (BZ)\"}}]}<\/script><\/div>\r\n\t\t\t\t<p class=\"desc_trig_outter\" style=\"\"><a data-gmtrig=\"1\" data-exlk=\"0\" style=\"background-color: #38823b;\" id=\"evc_17829756002845\" class=\"hasFtIMG event_repeat desc_trig sin_val evcal_list_a\" data-ux_val=\"3\" data-ux_val_mob=\"-\"  ><span class='evoet_c1 evoet_cx '><span class='ev_ftImg' data-img='https:\/\/latemarium.com\/wp-content\/uploads\/2025\/05\/escursione-torre-di-pisa-obereggen.jpg' data-thumb='https:\/\/latemarium.com\/wp-content\/uploads\/2025\/05\/escursione-torre-di-pisa-obereggen-300x182.jpg' style='background-image:url(\"https:\/\/latemarium.com\/wp-content\/uploads\/2025\/05\/escursione-torre-di-pisa-obereggen-300x182.jpg\")' ><\/span><\/span><span class='evoet_c2 evoet_cx '><span class='evoet_dayblock evcal_cblock ' data-bgcolor='#38823b' data-smon='Juli' data-syr='2026' data-bub=''><span class='evo_start '><em class='date'>02<\/em><em class='month'>Jul<\/em><em class='time'>09:00<\/em><\/span><\/span><\/span><span class='evoet_c3 evoet_cx evcal_desc hide_eventtopdata '><span class='evoet_title evcal_desc2 evcal_event_title ' itemprop='name'>Gipfelwanderung zur Latemarh\u00fctte<\/span><span class='event_location_attrs'  data-location_address=\"Obereggen 16 I-39050 Deutschnofen (BZ)\" data-location_type=\"lonlat\" data-location_name=\"Talstation Obereggen\" data-location_url=\"https:\/\/latemarium.com\/de\/event-location\/talstation-obereggen\/\" data-location_status=\"true\" data-latlng=\"46.3835808246333,11.52667595881786\"><\/span><span class='evoet_subtitle evo_below_title' ><span class='evcal_event_subtitle ' >Gipfelwanderung <\/span><\/span><span class='evoet_time_expand level_3'><em class='evcal_time evo_tz_time'><i class='fa fa-clock-o'><\/i>09:00<span class='evo_tz marl5'>(GMT+02:00)<\/span><\/em> <\/span><span class='evoet_location level_3'><em class=\"evcal_location\"  data-latlng=\"46.3835808246333,11.52667595881786\" data-add_str=\"Obereggen 16 I-39050 Deutschnofen (BZ)\" data-n=\"Talstation Obereggen\"><i class=\"fa fa-location-pin\"><\/i><em class=\"event_location_name\">Talstation Obereggen<\/em>, Obereggen 16 I-39050 Deutschnofen (BZ)<\/em><\/span><\/span><span class='evoet_data' data-d=\"{&quot;loc.n&quot;:&quot;Talstation Obereggen&quot;,&quot;orgs&quot;:[],&quot;tags&quot;:{&quot;repeating&quot;:&quot;Repeating Event&quot;}}\" data-bgc=\"#38823b\" data-bggrad=\"\" ><\/span><\/a><\/p><div class='event_description evcal_eventcard ' style=\"display:none\"><div class='evocard_row'><div id='event_ftimage' class='evocard_box ftimage' data-c='' \n\t\t\t\t\tstyle=''><div class='evocard_main_image_hold' data-t='Loading Image..'><div class='evocard_main_image evo_img_triglb evobr15 evobgsc evobgpc evodfx evofx_jc_c evofx_ai_c evofz48 minmized' style='height:300px; background-image:url();' data-f=\"https:\/\/latemarium.com\/wp-content\/uploads\/2025\/05\/escursione-torre-di-pisa-obereggen.jpg\" data-h=\"755\" data-w=\"1245\" data-ratio=\"0.60642570281124\" data-event_id=\"2845\" data-ri=\"0\"  data-t='Loading Image..'><span style='height:300px; background-image:url(https:\/\/latemarium.com\/wp-content\/uploads\/2025\/05\/escursione-torre-di-pisa-obereggen.jpg)'><\/span><\/div><\/div><\/div><\/div><div class='evocard_row'><div id='event_eventdetails' class='evocard_box eventdetails' data-c='' \n\t\t\t\t\tstyle=''><div class='evo_metarow_details evorow evcal_evdata_row evcal_event_details'>\n\t\t<div class=\"event_excerpt\" style=\"display:none\"><h3 class=\"padb5 evo_h3\">Details zur Veranstaltung<\/h3><p>Mittelschwere bis schwere, anspruchsvolle Bergwanderung im hochalpinen Gel\u00e4nde im s\u00fcdlichen Latemar- Massiv. Beeindruckende Rundsicht auf die umliegende Bergwelt.\nRoute: Auffahrt mit dem Oberholz-Sessellift (1550\u20132100 m) \u2013 Aufstieg auf Weg 18 \u2013<\/p><\/div><span class='evcal_evdata_icons'><i class='fa fa-align-justify'><\/i><\/span>\n\t\t\n\t\t<div class='evcal_evdata_cell shorter_desc'>\n\t\t\t<div class='eventon_full_description'>\n\t\t\t\t<h3 class='padb5 evo_h3'><span class='evcal_evdata_icons'><i class='fa fa-align-justify'><\/i><\/span>Details zur Veranstaltung<\/h3>\n\t\t\t\t<div class='eventon_desc_in' itemprop='description'>\n\t\t\t\t<p>Mittelschwere bis schwere, anspruchsvolle Bergwanderung im hochalpinen Gel\u00e4nde im s\u00fcdlichen Latemar- Massiv. Beeindruckende Rundsicht auf die umliegende Bergwelt.<\/p>\n<p>Route: Auffahrt mit dem Oberholz-Sessellift (1550\u20132100 m) \u2013 Aufstieg auf Weg 18 \u2013 Aussichtsplattform \u2013 Gamsstallscharte (2560 m) \u2013 Weg 516 \u2013 Pisah\u00fctte\/Latemarh\u00fctte (2671 m). Einkehr. Abstieg Weg 516 und Weg 22 \u2013 Bergstation Sessellift Oberholz \u2013 R\u00fcckfahrt.<\/p>\n<p>Start: 09.00 Uhr in Obereggen<br \/>\nR\u00fcckkehr: 16.00 Uhr<br \/>\nDauer: 7 h | Gehzeit: 6 h<br \/>\nH\u00f6henunterschied: 750 m<br \/>\nSchwierigkeit: schwer, anspruchsvoll | Anforderungen: Ausdauer, Trittsicherheit und Schwindelfreiheit |mit Einkehr | die Mitnahme von geeignetem Tourenproviant wird empfohlen<br \/>\nSessellift Oberholz: 21,50 \u20ac\/Erwachsene \u2013 17,50 \u20ac\/Junior<\/p>\n<\/div><p class='eventon_shad_p' style='padding:5px 0 0; margin:0'>\n\t\t\t<span class='evcal_btn evo_btn_secondary evobtn_details_show_more' content='less'>\n\t\t\t\t<span class='ev_more_text' data-txt='Weniger'>Mehr<\/span><span class='ev_more_arrow ard'><\/span>\n\t\t\t<\/span>\n\t\t<\/p><div class='clear'><\/div>\n\t\t\t<\/div>\n\t\t<\/div>\n\t<\/div><\/div><\/div><div class='evocard_row bx2 bx'><div id='event_time' class='evocard_box time' data-c='' \n\t\t\t\t\tstyle=''><div class='evo_metarow_time evorow evcal_evdata_row evcal_evrow_sm '>\n\t\t<span class='evcal_evdata_icons'><i class='fa fa-clock'><\/i><\/span>\n\t\t<div class='evcal_evdata_cell'>\t\t\t\t\t\t\t\n\t\t\t<h3 class='evo_h3'><span class='evcal_evdata_icons'><i class='fa fa-clock'><\/i><\/span>Zeitplan<\/h3><p><span class='evo_eventcard_time_t'>2 Juli 2026 09:00<\/span><span class='evo_tz marr5'>(GMT+02:00)<\/span><\/p>\n\t\t<\/div>\n\t<\/div><\/div><div id='event_location' class='evocard_box location' data-c='' \n\t\t\t\t\tstyle=''><div class='evcal_evdata_row evo_metarow_time_location evorow '>\n\t\t\n\t\t\t<span class='evcal_evdata_icons'><i class='fa fa-map-marker'><\/i><\/span>\n\t\t\t<div class='evcal_evdata_cell' data-loc_tax_id='23'><h3 class='evo_h3 evodfx'><span class='evcal_evdata_icons'><i class='fa fa-map-marker'><\/i><\/span>Ort<\/h3><p class='evo_location_name'>Talstation Obereggen<\/p><p class='evo_location_address evodfxi evogap10'>Obereggen 16 I-39050 Deutschnofen (BZ)<\/p><div class='padt10'><span class='evo_btn_arr evolb_trigger' data-lbvals=\"{&quot;lbc&quot;:&quot;evo_location_lb_23&quot;,&quot;lbac&quot;:&quot;lb_max&quot;,&quot;t&quot;:&quot;Talstation Obereggen&quot;,&quot;ajax&quot;:&quot;yes&quot;,&quot;ajax_type&quot;:&quot;endpoint&quot;,&quot;ajax_action&quot;:&quot;eventon_get_tax_card_content&quot;,&quot;end&quot;:&quot;client&quot;,&quot;d&quot;:{&quot;lang&quot;:&quot;L2&quot;,&quot;term_id&quot;:23,&quot;tax&quot;:&quot;event_location&quot;,&quot;load_lbcontent&quot;:true},&quot;uid&quot;:&quot;eventon_get_tax_card_content&quot;}\" >Other Events<i class='fa fa-chevron-right'><\/i><\/span><\/div><\/div>\n\t\t\n\t<\/div><\/div><\/div><div class='evocard_row bx2 bx'><div id='event_learnmore' class='evocard_box learnmore' data-c='' \n\t\t\t\t\tstyle=''><div class='evo_metarow_learnM evo_metarow_learnmore evorow'>\n\t\t\t\t\t\t\t<a class='evcal_evdata_row evo_clik_row ' href='https:\/\/eggental.com\/de\/event\/gipfelwanderung-zur-latemarhtte_11602' target=\"_blank\">\n\t\t\t\t\t\t\t\t<span class='evcal_evdata_icons'><i class='fa fa-link'><\/i><\/span>\n\t\t\t\t\t\t\t\t<h3 class='evo_h3'>Entdecke mehr<\/h3>\n\t\t\t\t\t\t\t<\/a>\n\t\t\t\t\t\t\t<\/div><\/div><div id='event_addtocal' class='evocard_box addtocal' data-c='' \n\t\t\t\t\tstyle=''><div class='evo_metarow_ICS evorow evcal_evdata_row'>\n\t\t\t<span class='evcal_evdata_icons'><i class='fa fa-calendar-o'><\/i><\/span>\n\t\t\t<div class='evcal_evdata_cell'>\n\t\t\t\t<p><a href='https:\/\/latemarium.com\/de\/export-events\/2845_0\/?nonce=7b34e59f7d' class='evo_ics_nCal' title='Zu Ihrem Kalender hinzuf\u00fcgen'>Kalender<\/a><a href='https:\/\/www.google.com\/calendar\/event?action=TEMPLATE&text=Gipfelwanderung+zur+Latemarh%C3%BCtte&dates=20260702T070000Z%2F20260702T215900Z&ctz=Europe%2FRome&details=Gipfelwanderung zur Latemarh\u00fctte&location=Talstation+Obereggen+Obereggen+16+I-39050+Deutschnofen+%28BZ%29' target='_blank' class='evo_ics_gCal' title='Zu Google Kalender hinzuf\u00fcgen'>GoogleCal<\/a><\/p>\t\n\t\t\t<\/div>\n\t\t<\/div><\/div><\/div><div class='evocard_row'><div id='event_getdirection' class='evocard_box getdirection' data-c='' \n\t\t\t\t\tstyle=''><div class='evo_metarow_getDr evorow evcal_evdata_row evcal_evrow_sm getdirections'>\n\t\t<form action='https:\/\/maps.google.com\/maps' method='get' target='_blank'>\n\t\t\t<input type='hidden' name='daddr' value=\"46.3835808246333,11.52667595881786\"\/> \n\t\t\t<div class='evo_get_direction_content evo_fx_dr_r evogap10'>\n\t\t\t\t<span class='evogetdir_header evodfx evofx_dr_r evofx_ai_c marr10'>\n\t\t\t\t\t<i class='mainicon fa fa-road'><\/i> \n\t\t\t\t\t<h3 class='evo_h3' style='padding-bottom:5px;'>Wegbeschreibung abrufen<\/h3>\n\t\t\t\t<\/span>\n\t\t\t\t<span class='evogetdir_field evodfx evofx_1_1 evo_fx_dr_c evow100p'>\t\t\t\t\t\n\t\t\t\t\t<input class='evoInput evotac' type='text' name='saddr' placeholder='&quot;Geben Sie die Adresse ein' value='' style='margin:10px 0;'\/>\n\t\t\t\t<\/span>\n\t\t\t\t<button type='submit' class='evo_get_direction_button evo_btn_arr_circ dfx fx_ai_c' title='&quot;Klicken Sie hier'><i class='fa fa-chevron-right'><\/i> <\/button>\n\t\t\t<\/div>\n\t\t<\/form>\n\t<\/div><\/div><\/div><div class='evo_card_row_end evcal_close' title='Schlie\u00dfen'><\/div><\/div><div class='clear end'><\/div><\/div><div id=\"event_2198_1\" class=\"eventon_list_event evo_eventtop scheduled  event clrW event_2198_1\" data-event_id=\"2198\" data-ri=\"1r\" data-time=\"1783004400-1783012500\" data-colr=\"#f78234\" itemscope itemtype='http:\/\/schema.org\/Event'><div class=\"evo_event_schema\" style=\"display:none\" ><a itemprop='url'  href='https:\/\/latemarium.com\/de\/events\/pilyoga\/var\/ri-1.l-L2'><\/a><meta itemprop='image' content=\"https:\/\/latemarium.com\/wp-content\/uploads\/2023\/06\/pilyoga.jpg\" \/><meta itemprop='startDate' content=\"2026-7-2T17:00+0:00\" \/><meta itemprop='endDate' content=\"2026-7-2T19:15+0:00\" \/><meta itemprop='eventStatus' content=\"https:\/\/schema.org\/EventScheduled\" \/><meta itemprop='eventAttendanceMode'   itemscope itemtype=\"https:\/\/schema.org\/OfflineEventAttendanceMode\"\/><div style=\"display:none\" itemprop=\"location\" itemscope itemtype=\"http:\/\/schema.org\/Place\"><span itemprop=\"name\">Pampeago<\/span><span itemprop=\"address\" itemscope itemtype=\"http:\/\/schema.org\/PostalAddress\"><item itemprop=\"streetAddress\">Localit\u00e0 Pampeago, 8, 38038 Tesero TN<\/item><\/span><\/div><script type=\"application\/ld+json\">{\"@context\": \"http:\/\/schema.org\",\"@type\": \"Event\",\n\t\t\t\t\"@id\": \"event_2198_1\",\n\t\t\t\t\"eventAttendanceMode\":\"https:\/\/schema.org\/OfflineEventAttendanceMode\",\n\t\t\t\t\"eventStatus\":\"https:\/\/schema.org\/EventScheduled\",\n\t\t\t\t\"name\": \"PilYoga\",\n\t\t\t\t\"url\": \"https:\/\/latemarium.com\/de\/events\/pilyoga\/var\/ri-1.l-L2\",\n\t\t\t\t\"startDate\": \"2026-7-2T17:00+0:00\",\n\t\t\t\t\"endDate\": \"2026-7-2T19:15+0:00\",\n\t\t\t\t\"image\":\"https:\/\/latemarium.com\/wp-content\/uploads\/2023\/06\/pilyoga.jpg\", \n\t\t\t\t\"description\":\"<p><strong>Jeden Donnerstag vom 25. Juni bis 3. September 2026<\/strong><\/p> <p>Treffen und Abfahrt um 17.00 Uhr mit Lehrerin Elisa (an der Liftkasse)<br \/> Dauer: von 17:00 bis 19:15 Uhr. Aktivit\u00e4t empfohlen f\u00fcr Personen ab 14 Jahren<\/p> <p>Mit der Agnello-Sesselbahn erreichen Sie den Unterrichtsort und k\u00f6nnen nach einem kurzen Spaziergang im direkten Kontakt mit der Natur entspannen und den Kopf frei bekommen. Die Praxis von PilYoga in gro\u00dfer H\u00f6he erm\u00f6glicht eine vollst\u00e4ndige Harmonie mit der Umgebung, weit weg von allen Ger\u00e4uschen des t\u00e4glichen Lebens.<br \/> Sobald Sie die Lektion beendet haben, erwartet Sie im Chalet Caserina ein kleiner Aperitif, um dann mit einem kurzen Spaziergang zu Fu\u00df wieder hinunterzugehen.<br \/> <em>Bei schlechtem Wetter KEINE Aktivit\u00e4t geplant<\/em><\/p> <p>Klicken Sie <a href='https:\/\/www.visitfiemme.it\/de\/veranstaltungen\/fiemme-cembra-guest-card\/erlebnisse\/erlebnisse-sommer' target='_blank' rel='noopener'>hier<\/a> zum Buchen<\/p> \",\"location\":[{\"@type\":\"Place\",\"name\":\"Pampeago\",\"address\":{\"@type\": \"PostalAddress\",\"streetAddress\":\"Localit\u00e0 Pampeago, 8, 38038 Tesero TN\"}}]}<\/script><\/div>\r\n\t\t\t\t<p class=\"desc_trig_outter\" style=\"\"><a data-gmtrig=\"1\" data-exlk=\"0\" style=\"background-color: #f78234;\" id=\"evc_17830044002198\" class=\"hasFtIMG event_repeat desc_trig sin_val evcal_list_a\" data-ux_val=\"3\" data-ux_val_mob=\"-\"  ><span class='evoet_c1 evoet_cx '><span class='ev_ftImg' data-img='https:\/\/latemarium.com\/wp-content\/uploads\/2023\/06\/pilyoga.jpg' data-thumb='https:\/\/latemarium.com\/wp-content\/uploads\/2023\/06\/pilyoga-300x169.jpg' style='background-image:url(\"https:\/\/latemarium.com\/wp-content\/uploads\/2023\/06\/pilyoga-300x169.jpg\")' ><\/span><\/span><span class='evoet_c2 evoet_cx '><span class='evoet_dayblock evcal_cblock ' data-bgcolor='#f78234' data-smon='Juli' data-syr='2026' data-bub=''><span class='evo_start '><em class='date'>02<\/em><em class='month'>Jul<\/em><em class='time'>17:00<\/em><\/span><span class='evo_end only_time'><em class='time'>19:15<\/em><\/span><\/span><\/span><span class='evoet_c3 evoet_cx evcal_desc hide_eventtopdata '><span class='evoet_title evcal_desc2 evcal_event_title ' itemprop='name'>PilYoga<\/span><span class='event_location_attrs'  data-location_address=\"Localit\u00e0 Pampeago, 8, 38038 Tesero TN\" data-location_type=\"lonlat\" data-location_name=\"Pampeago\" data-location_url=\"https:\/\/latemarium.com\/de\/event-location\/pampeago-de\/\" data-location_status=\"true\" data-latlng=\"46.34343697644898,11.540997527961546\"><\/span><span class='evoet_subtitle evo_below_title' ><span class='evcal_event_subtitle ' >Pilyoga umgeben von den Werken von Respirat<\/span><\/span><span class='evoet_time_expand level_3'><em class='evcal_time evo_tz_time'><i class='fa fa-clock-o'><\/i>17:00 - 19:15<span class='evo_tz marl5'>(GMT+02:00)<\/span><\/em> <\/span><span class='evoet_location level_3'><em class=\"evcal_location\"  data-latlng=\"46.34343697644898,11.540997527961546\" data-add_str=\"Localit\u00e0 Pampeago, 8, 38038 Tesero TN\" data-n=\"Pampeago\"><i class=\"fa fa-location-pin\"><\/i><em class=\"event_location_name\">Pampeago<\/em>, Localit\u00e0 Pampeago, 8, 38038 Tesero TN<\/em><\/span><\/span><span class='evoet_data' data-d=\"{&quot;loc.n&quot;:&quot;Pampeago&quot;,&quot;orgs&quot;:[],&quot;tags&quot;:{&quot;repeating&quot;:&quot;Repeating Event&quot;}}\" data-bgc=\"#f78234\" data-bggrad=\"\" ><\/span><\/a><\/p><div class='event_description evcal_eventcard ' style=\"display:none\"><div class='evocard_row'><div id='event_ftimage' class='evocard_box ftimage' data-c='' \n\t\t\t\t\tstyle=''><div class='evocard_main_image_hold' data-t='Loading Image..'><div class='evocard_main_image evo_img_triglb evobr15 evobgsc evobgpc evodfx evofx_jc_c evofx_ai_c evofz48 minmized' style='height:300px; background-image:url();' data-f=\"https:\/\/latemarium.com\/wp-content\/uploads\/2023\/06\/pilyoga.jpg\" data-h=\"675\" data-w=\"1200\" data-ratio=\"0.5625\" data-event_id=\"2198\" data-ri=\"1\"  data-t='Loading Image..'><span style='height:300px; background-image:url(https:\/\/latemarium.com\/wp-content\/uploads\/2023\/06\/pilyoga.jpg)'><\/span><\/div><\/div><\/div><\/div><div class='evocard_row'><div id='event_eventdetails' class='evocard_box eventdetails' data-c='' \n\t\t\t\t\tstyle=''><div class='evo_metarow_details evorow evcal_evdata_row evcal_event_details'>\n\t\t<div class=\"event_excerpt\" style=\"display:none\"><h3 class=\"padb5 evo_h3\">Details zur Veranstaltung<\/h3><p>Jeden Donnerstag vom 25. Juni bis 3. September 2026\nTreffen und Abfahrt um 17.00 Uhr mit Lehrerin Elisa (an der Liftkasse)\nDauer: von 17:00 bis 19:15 Uhr. Aktivit\u00e4t empfohlen f\u00fcr Personen<\/p><\/div><span class='evcal_evdata_icons'><i class='fa fa-align-justify'><\/i><\/span>\n\t\t\n\t\t<div class='evcal_evdata_cell shorter_desc'>\n\t\t\t<div class='eventon_full_description'>\n\t\t\t\t<h3 class='padb5 evo_h3'><span class='evcal_evdata_icons'><i class='fa fa-align-justify'><\/i><\/span>Details zur Veranstaltung<\/h3>\n\t\t\t\t<div class='eventon_desc_in' itemprop='description'>\n\t\t\t\t<p><strong>Jeden Donnerstag vom 25. Juni bis 3. September 2026<\/strong><\/p>\n<p>Treffen und Abfahrt um 17.00 Uhr mit Lehrerin Elisa (an der Liftkasse)<br \/>\nDauer: von 17:00 bis 19:15 Uhr. Aktivit\u00e4t empfohlen f\u00fcr Personen ab 14 Jahren<\/p>\n<p>Mit der Agnello-Sesselbahn erreichen Sie den Unterrichtsort und k\u00f6nnen nach einem kurzen Spaziergang im direkten Kontakt mit der Natur entspannen und den Kopf frei bekommen. Die Praxis von PilYoga in gro\u00dfer H\u00f6he erm\u00f6glicht eine vollst\u00e4ndige Harmonie mit der Umgebung, weit weg von allen Ger\u00e4uschen des t\u00e4glichen Lebens.<br \/>\nSobald Sie die Lektion beendet haben, erwartet Sie im Chalet Caserina ein kleiner Aperitif, um dann mit einem kurzen Spaziergang zu Fu\u00df wieder hinunterzugehen.<br \/>\n<em>Bei schlechtem Wetter KEINE Aktivit\u00e4t geplant<\/em><\/p>\n<p>Klicken Sie <a href=\"https:\/\/www.visitfiemme.it\/de\/veranstaltungen\/fiemme-cembra-guest-card\/erlebnisse\/erlebnisse-sommer\" target=\"_blank\" rel=\"noopener\">hier<\/a> zum Buchen<\/p>\n<\/div><p class='eventon_shad_p' style='padding:5px 0 0; margin:0'>\n\t\t\t<span class='evcal_btn evo_btn_secondary evobtn_details_show_more' content='less'>\n\t\t\t\t<span class='ev_more_text' data-txt='Weniger'>Mehr<\/span><span class='ev_more_arrow ard'><\/span>\n\t\t\t<\/span>\n\t\t<\/p><div class='clear'><\/div>\n\t\t\t<\/div>\n\t\t<\/div>\n\t<\/div><\/div><\/div><div class='evocard_row bx2 bx'><div id='event_time' class='evocard_box time' data-c='' \n\t\t\t\t\tstyle=''><div class='evo_metarow_time evorow evcal_evdata_row evcal_evrow_sm '>\n\t\t<span class='evcal_evdata_icons'><i class='fa fa-clock'><\/i><\/span>\n\t\t<div class='evcal_evdata_cell'>\t\t\t\t\t\t\t\n\t\t\t<h3 class='evo_h3'><span class='evcal_evdata_icons'><i class='fa fa-clock'><\/i><\/span>Zeitplan<\/h3><p><span class='evo_eventcard_time_t'>2 Juli 2026 17:00 - 19:15<\/span><span class='evo_tz marr5'>(GMT+02:00)<\/span><\/p>\n\t\t<\/div>\n\t<\/div><\/div><div id='event_location' class='evocard_box location' data-c='' \n\t\t\t\t\tstyle=''><div class='evcal_evdata_row evo_metarow_time_location evorow '>\n\t\t\n\t\t\t<span class='evcal_evdata_icons'><i class='fa fa-map-marker'><\/i><\/span>\n\t\t\t<div class='evcal_evdata_cell' data-loc_tax_id='32'><h3 class='evo_h3 evodfx'><span class='evcal_evdata_icons'><i class='fa fa-map-marker'><\/i><\/span>Ort<\/h3><p class='evo_location_name'>Pampeago<\/p><p class='evo_location_address evodfxi evogap10'>Localit\u00e0 Pampeago, 8, 38038 Tesero TN<\/p><div class='padt10'><span class='evo_btn_arr evolb_trigger' data-lbvals=\"{&quot;lbc&quot;:&quot;evo_location_lb_32&quot;,&quot;lbac&quot;:&quot;lb_max&quot;,&quot;t&quot;:&quot;Pampeago&quot;,&quot;ajax&quot;:&quot;yes&quot;,&quot;ajax_type&quot;:&quot;endpoint&quot;,&quot;ajax_action&quot;:&quot;eventon_get_tax_card_content&quot;,&quot;end&quot;:&quot;client&quot;,&quot;d&quot;:{&quot;lang&quot;:&quot;L2&quot;,&quot;term_id&quot;:32,&quot;tax&quot;:&quot;event_location&quot;,&quot;load_lbcontent&quot;:true},&quot;uid&quot;:&quot;eventon_get_tax_card_content&quot;}\" >Other Events<i class='fa fa-chevron-right'><\/i><\/span><\/div><\/div>\n\t\t\n\t<\/div><\/div><\/div><div class='evocard_row'><div id='event_addtocal' class='evocard_box addtocal' data-c='' \n\t\t\t\t\tstyle=''><div class='evo_metarow_ICS evorow evcal_evdata_row'>\n\t\t\t<span class='evcal_evdata_icons'><i class='fa fa-calendar-o'><\/i><\/span>\n\t\t\t<div class='evcal_evdata_cell'>\n\t\t\t\t<p><a href='https:\/\/latemarium.com\/de\/export-events\/2198_1\/?nonce=7b34e59f7d' class='evo_ics_nCal' title='Zu Ihrem Kalender hinzuf\u00fcgen'>Kalender<\/a><a href='https:\/\/www.google.com\/calendar\/event?action=TEMPLATE&text=PilYoga&dates=20260702T150000Z%2F20260702T171500Z&ctz=Europe%2FRome&details=PilYoga&location=Pampeago+Localit%C3%A0+Pampeago%2C+8%2C+38038+Tesero+TN' target='_blank' class='evo_ics_gCal' title='Zu Google Kalender hinzuf\u00fcgen'>GoogleCal<\/a><\/p>\t\n\t\t\t<\/div>\n\t\t<\/div><\/div><\/div><div class='evocard_row'><div id='event_getdirection' class='evocard_box getdirection' data-c='' \n\t\t\t\t\tstyle=''><div class='evo_metarow_getDr evorow evcal_evdata_row evcal_evrow_sm getdirections'>\n\t\t<form action='https:\/\/maps.google.com\/maps' method='get' target='_blank'>\n\t\t\t<input type='hidden' name='daddr' value=\"Localit\u00e0 Pampeago, 8, 38038 Tesero TN\"\/> \n\t\t\t<div class='evo_get_direction_content evo_fx_dr_r evogap10'>\n\t\t\t\t<span class='evogetdir_header evodfx evofx_dr_r evofx_ai_c marr10'>\n\t\t\t\t\t<i class='mainicon fa fa-road'><\/i> \n\t\t\t\t\t<h3 class='evo_h3' style='padding-bottom:5px;'>Wegbeschreibung abrufen<\/h3>\n\t\t\t\t<\/span>\n\t\t\t\t<span class='evogetdir_field evodfx evofx_1_1 evo_fx_dr_c evow100p'>\t\t\t\t\t\n\t\t\t\t\t<input class='evoInput evotac' type='text' name='saddr' placeholder='&quot;Geben Sie die Adresse ein' value='' style='margin:10px 0;'\/>\n\t\t\t\t<\/span>\n\t\t\t\t<button type='submit' class='evo_get_direction_button evo_btn_arr_circ dfx fx_ai_c' title='&quot;Klicken Sie hier'><i class='fa fa-chevron-right'><\/i> <\/button>\n\t\t\t<\/div>\n\t\t<\/form>\n\t<\/div><\/div><\/div><div class='evo_card_row_end evcal_close' title='Schlie\u00dfen'><\/div><\/div><div class='clear end'><\/div><\/div><div id=\"event_2203_1\" class=\"eventon_list_event evo_eventtop scheduled  event clrD event_2203_1\" data-event_id=\"2203\" data-ri=\"1r\" data-time=\"1783005300-1783012500\" data-colr=\"#ba181d\" itemscope itemtype='http:\/\/schema.org\/Event'><div class=\"evo_event_schema\" style=\"display:none\" ><a itemprop='url'  href='https:\/\/latemarium.com\/de\/events\/e-bike-latemar-tour\/var\/ri-1.l-L2'><\/a><meta itemprop='image' content=\"https:\/\/latemarium.com\/wp-content\/uploads\/2023\/06\/e-bike-tour.jpg\" \/><meta itemprop='startDate' content=\"2026-7-2T17:15+0:00\" \/><meta itemprop='endDate' content=\"2026-7-2T19:15+0:00\" \/><meta itemprop='eventStatus' content=\"https:\/\/schema.org\/EventScheduled\" \/><meta itemprop='eventAttendanceMode'   itemscope itemtype=\"https:\/\/schema.org\/OfflineEventAttendanceMode\"\/><div style=\"display:none\" itemprop=\"location\" itemscope itemtype=\"http:\/\/schema.org\/Place\"><span itemprop=\"name\">Pampeago<\/span><span itemprop=\"address\" itemscope itemtype=\"http:\/\/schema.org\/PostalAddress\"><item itemprop=\"streetAddress\">Localit\u00e0 Pampeago, 8, 38038 Tesero TN<\/item><\/span><\/div><script type=\"application\/ld+json\">{\"@context\": \"http:\/\/schema.org\",\"@type\": \"Event\",\n\t\t\t\t\"@id\": \"event_2203_1\",\n\t\t\t\t\"eventAttendanceMode\":\"https:\/\/schema.org\/OfflineEventAttendanceMode\",\n\t\t\t\t\"eventStatus\":\"https:\/\/schema.org\/EventScheduled\",\n\t\t\t\t\"name\": \"E-Bike Latemar Tour\",\n\t\t\t\t\"url\": \"https:\/\/latemarium.com\/de\/events\/e-bike-latemar-tour\/var\/ri-1.l-L2\",\n\t\t\t\t\"startDate\": \"2026-7-2T17:15+0:00\",\n\t\t\t\t\"endDate\": \"2026-7-2T19:15+0:00\",\n\t\t\t\t\"image\":\"https:\/\/latemarium.com\/wp-content\/uploads\/2023\/06\/e-bike-tour.jpg\", \n\t\t\t\t\"description\":\"<p><strong>Jeden Donnerstag vom 25. Juni bis 3. September 2026<\/strong><\/p> <p>Treffpunkt mit Reisef\u00fchrer Andrea um 17.15 Uhr in Pampeago (an der Liftkasse)<br \/> Dauer: von 17.15 bis 19.15 Uhr<br \/> <em>Maximal 8 Personen.\u00a0<\/em>+16 Jahre<\/p> <p class='p1'>F\u00fcr E-Bike-Begeisterte mit mittlerem Niveau haben wir uns eine Tour zur Entdeckung des Latemars mit atemberaubender Aussicht auf die Umgebung \u00fcberlegt. Es wird eine angenehme Route sein und dank der Tretunterst\u00fctzung k\u00f6nnen Sie den H\u00f6henunterschied bew\u00e4ltigen, der Sie zum Gipfel im Treska-Gebiet f\u00fchrt. Es ist der perfekte Moment des Tages: Der Berg ist leer, Sie k\u00f6nnen die Stille der Natur genie\u00dfen und die Farben der \u201egoldenen Stunde\u201c genie\u00dfen.<br \/> Am Ende Ihrer Tour erwartet Sie im Chalet Caserina ein kleiner \u201eAperitivo\u201c.<br \/> Sie k\u00f6nnen das Fahrrad direkt im Shop von Sport Ventura, direkt unterhalb Ihres Startpunkts, ausleihen.<\/p> <p class='p1'><em>Bei Regen ist keine Aktivit\u00e4t vorgesehen.<\/em><\/p> <p>Klicken Sie <a href='https:\/\/www.visitfiemme.it\/de\/veranstaltungen\/fiemme-cembra-guest-card\/erlebnisse\/erlebnisse-sommer' target='_blank' rel='noopener'>hier<\/a> zum Buchen<\/p> \",\"location\":[{\"@type\":\"Place\",\"name\":\"Pampeago\",\"address\":{\"@type\": \"PostalAddress\",\"streetAddress\":\"Localit\u00e0 Pampeago, 8, 38038 Tesero TN\"}}]}<\/script><\/div>\r\n\t\t\t\t<p class=\"desc_trig_outter\" style=\"\"><a data-gmtrig=\"1\" data-exlk=\"0\" style=\"background-color: #ba181d;\" id=\"evc_17830053002203\" class=\"hasFtIMG event_repeat desc_trig sin_val evcal_list_a\" data-ux_val=\"3\" data-ux_val_mob=\"-\"  ><span class='evoet_c1 evoet_cx '><span class='ev_ftImg' data-img='https:\/\/latemarium.com\/wp-content\/uploads\/2023\/06\/e-bike-tour.jpg' data-thumb='https:\/\/latemarium.com\/wp-content\/uploads\/2023\/06\/e-bike-tour-300x169.jpg' style='background-image:url(\"https:\/\/latemarium.com\/wp-content\/uploads\/2023\/06\/e-bike-tour-300x169.jpg\")' ><\/span><\/span><span class='evoet_c2 evoet_cx '><span class='evoet_dayblock evcal_cblock ' data-bgcolor='#ba181d' data-smon='Juli' data-syr='2026' data-bub=''><span class='evo_start '><em class='date'>02<\/em><em class='month'>Jul<\/em><em class='time'>17:15<\/em><\/span><span class='evo_end only_time'><em class='time'>19:15<\/em><\/span><\/span><\/span><span class='evoet_c3 evoet_cx evcal_desc hide_eventtopdata '><span class='evoet_title evcal_desc2 evcal_event_title ' itemprop='name'>E-Bike Latemar Tour<\/span><span class='event_location_attrs'  data-location_address=\"Localit\u00e0 Pampeago, 8, 38038 Tesero TN\" data-location_type=\"lonlat\" data-location_name=\"Pampeago\" data-location_url=\"https:\/\/latemarium.com\/de\/event-location\/pampeago-de\/\" data-location_status=\"true\" data-latlng=\"46.34343697644898,11.540997527961546\"><\/span><span class='evoet_subtitle evo_below_title' ><span class='evcal_event_subtitle ' >F\u00fcr E-Bike-Begeisterte<\/span><\/span><span class='evoet_time_expand level_3'><em class='evcal_time evo_tz_time'><i class='fa fa-clock-o'><\/i>17:15 - 19:15<span class='evo_tz marl5'>(GMT+02:00)<\/span><\/em> <\/span><span class='evoet_location level_3'><em class=\"evcal_location\"  data-latlng=\"46.34343697644898,11.540997527961546\" data-add_str=\"Localit\u00e0 Pampeago, 8, 38038 Tesero TN\" data-n=\"Pampeago\"><i class=\"fa fa-location-pin\"><\/i><em class=\"event_location_name\">Pampeago<\/em>, Localit\u00e0 Pampeago, 8, 38038 Tesero TN<\/em><\/span><\/span><span class='evoet_data' data-d=\"{&quot;loc.n&quot;:&quot;Pampeago&quot;,&quot;orgs&quot;:[],&quot;tags&quot;:{&quot;repeating&quot;:&quot;Repeating Event&quot;}}\" data-bgc=\"#ba181d\" data-bggrad=\"\" ><\/span><\/a><\/p><div class='event_description evcal_eventcard ' style=\"display:none\"><div class='evocard_row'><div id='event_ftimage' class='evocard_box ftimage' data-c='' \n\t\t\t\t\tstyle=''><div class='evocard_main_image_hold' data-t='Loading Image..'><div class='evocard_main_image evo_img_triglb evobr15 evobgsc evobgpc evodfx evofx_jc_c evofx_ai_c evofz48 minmized' style='height:300px; background-image:url();' data-f=\"https:\/\/latemarium.com\/wp-content\/uploads\/2023\/06\/e-bike-tour.jpg\" data-h=\"675\" data-w=\"1200\" data-ratio=\"0.5625\" data-event_id=\"2203\" data-ri=\"1\"  data-t='Loading Image..'><span style='height:300px; background-image:url(https:\/\/latemarium.com\/wp-content\/uploads\/2023\/06\/e-bike-tour.jpg)'><\/span><\/div><\/div><\/div><\/div><div class='evocard_row'><div id='event_eventdetails' class='evocard_box eventdetails' data-c='' \n\t\t\t\t\tstyle=''><div class='evo_metarow_details evorow evcal_evdata_row evcal_event_details'>\n\t\t<div class=\"event_excerpt\" style=\"display:none\"><h3 class=\"padb5 evo_h3\">Details zur Veranstaltung<\/h3><p>Jeden Donnerstag vom 25. Juni bis 3. September 2026\nTreffpunkt mit Reisef\u00fchrer Andrea um 17.15 Uhr in Pampeago (an der Liftkasse)\nDauer: von 17.15 bis 19.15 Uhr\nMaximal 8 Personen.\u00a0+16 Jahre<\/p><\/div><span class='evcal_evdata_icons'><i class='fa fa-align-justify'><\/i><\/span>\n\t\t\n\t\t<div class='evcal_evdata_cell shorter_desc'>\n\t\t\t<div class='eventon_full_description'>\n\t\t\t\t<h3 class='padb5 evo_h3'><span class='evcal_evdata_icons'><i class='fa fa-align-justify'><\/i><\/span>Details zur Veranstaltung<\/h3>\n\t\t\t\t<div class='eventon_desc_in' itemprop='description'>\n\t\t\t\t<p><strong>Jeden Donnerstag vom 25. Juni bis 3. September 2026<\/strong><\/p>\n<p>Treffpunkt mit Reisef\u00fchrer Andrea um 17.15 Uhr in Pampeago (an der Liftkasse)<br \/>\nDauer: von 17.15 bis 19.15 Uhr<br \/>\n<em>Maximal 8 Personen.\u00a0<\/em>+16 Jahre<\/p>\n<p class=\"p1\">F\u00fcr E-Bike-Begeisterte mit mittlerem Niveau haben wir uns eine Tour zur Entdeckung des Latemars mit atemberaubender Aussicht auf die Umgebung \u00fcberlegt. Es wird eine angenehme Route sein und dank der Tretunterst\u00fctzung k\u00f6nnen Sie den H\u00f6henunterschied bew\u00e4ltigen, der Sie zum Gipfel im Treska-Gebiet f\u00fchrt. Es ist der perfekte Moment des Tages: Der Berg ist leer, Sie k\u00f6nnen die Stille der Natur genie\u00dfen und die Farben der \u201egoldenen Stunde\u201c genie\u00dfen.<br \/>\nAm Ende Ihrer Tour erwartet Sie im Chalet Caserina ein kleiner \u201eAperitivo\u201c.<br \/>\nSie k\u00f6nnen das Fahrrad direkt im Shop von Sport Ventura, direkt unterhalb Ihres Startpunkts, ausleihen.<\/p>\n<p class=\"p1\"><em>Bei Regen ist keine Aktivit\u00e4t vorgesehen.<\/em><\/p>\n<p>Klicken Sie <a href=\"https:\/\/www.visitfiemme.it\/de\/veranstaltungen\/fiemme-cembra-guest-card\/erlebnisse\/erlebnisse-sommer\" target=\"_blank\" rel=\"noopener\">hier<\/a> zum Buchen<\/p>\n<\/div><p class='eventon_shad_p' style='padding:5px 0 0; margin:0'>\n\t\t\t<span class='evcal_btn evo_btn_secondary evobtn_details_show_more' content='less'>\n\t\t\t\t<span class='ev_more_text' data-txt='Weniger'>Mehr<\/span><span class='ev_more_arrow ard'><\/span>\n\t\t\t<\/span>\n\t\t<\/p><div class='clear'><\/div>\n\t\t\t<\/div>\n\t\t<\/div>\n\t<\/div><\/div><\/div><div class='evocard_row bx2 bx'><div id='event_time' class='evocard_box time' data-c='' \n\t\t\t\t\tstyle=''><div class='evo_metarow_time evorow evcal_evdata_row evcal_evrow_sm '>\n\t\t<span class='evcal_evdata_icons'><i class='fa fa-clock'><\/i><\/span>\n\t\t<div class='evcal_evdata_cell'>\t\t\t\t\t\t\t\n\t\t\t<h3 class='evo_h3'><span class='evcal_evdata_icons'><i class='fa fa-clock'><\/i><\/span>Zeitplan<\/h3><p><span class='evo_eventcard_time_t'>2 Juli 2026 17:15 - 19:15<\/span><span class='evo_tz marr5'>(GMT+02:00)<\/span><\/p>\n\t\t<\/div>\n\t<\/div><\/div><div id='event_location' class='evocard_box location' data-c='' \n\t\t\t\t\tstyle=''><div class='evcal_evdata_row evo_metarow_time_location evorow '>\n\t\t\n\t\t\t<span class='evcal_evdata_icons'><i class='fa fa-map-marker'><\/i><\/span>\n\t\t\t<div class='evcal_evdata_cell' data-loc_tax_id='32'><h3 class='evo_h3 evodfx'><span class='evcal_evdata_icons'><i class='fa fa-map-marker'><\/i><\/span>Ort<\/h3><p class='evo_location_name'>Pampeago<\/p><p class='evo_location_address evodfxi evogap10'>Localit\u00e0 Pampeago, 8, 38038 Tesero TN<\/p><div class='padt10'><span class='evo_btn_arr evolb_trigger' data-lbvals=\"{&quot;lbc&quot;:&quot;evo_location_lb_32&quot;,&quot;lbac&quot;:&quot;lb_max&quot;,&quot;t&quot;:&quot;Pampeago&quot;,&quot;ajax&quot;:&quot;yes&quot;,&quot;ajax_type&quot;:&quot;endpoint&quot;,&quot;ajax_action&quot;:&quot;eventon_get_tax_card_content&quot;,&quot;end&quot;:&quot;client&quot;,&quot;d&quot;:{&quot;lang&quot;:&quot;L2&quot;,&quot;term_id&quot;:32,&quot;tax&quot;:&quot;event_location&quot;,&quot;load_lbcontent&quot;:true},&quot;uid&quot;:&quot;eventon_get_tax_card_content&quot;}\" >Other Events<i class='fa fa-chevron-right'><\/i><\/span><\/div><\/div>\n\t\t\n\t<\/div><\/div><\/div><div class='evocard_row'><div id='event_addtocal' class='evocard_box addtocal' data-c='' \n\t\t\t\t\tstyle=''><div class='evo_metarow_ICS evorow evcal_evdata_row'>\n\t\t\t<span class='evcal_evdata_icons'><i class='fa fa-calendar-o'><\/i><\/span>\n\t\t\t<div class='evcal_evdata_cell'>\n\t\t\t\t<p><a href='https:\/\/latemarium.com\/de\/export-events\/2203_1\/?nonce=7b34e59f7d' class='evo_ics_nCal' title='Zu Ihrem Kalender hinzuf\u00fcgen'>Kalender<\/a><a href='https:\/\/www.google.com\/calendar\/event?action=TEMPLATE&text=E-Bike+Latemar+Tour&dates=20260702T151500Z%2F20260702T171500Z&ctz=Europe%2FRome&details=E-Bike Latemar Tour&location=Pampeago+Localit%C3%A0+Pampeago%2C+8%2C+38038+Tesero+TN' target='_blank' class='evo_ics_gCal' title='Zu Google Kalender hinzuf\u00fcgen'>GoogleCal<\/a><\/p>\t\n\t\t\t<\/div>\n\t\t<\/div><\/div><\/div><div class='evocard_row'><div id='event_getdirection' class='evocard_box getdirection' data-c='' \n\t\t\t\t\tstyle=''><div class='evo_metarow_getDr evorow evcal_evdata_row evcal_evrow_sm getdirections'>\n\t\t<form action='https:\/\/maps.google.com\/maps' method='get' target='_blank'>\n\t\t\t<input type='hidden' name='daddr' value=\"Localit\u00e0 Pampeago, 8, 38038 Tesero TN\"\/> \n\t\t\t<div class='evo_get_direction_content evo_fx_dr_r evogap10'>\n\t\t\t\t<span class='evogetdir_header evodfx evofx_dr_r evofx_ai_c marr10'>\n\t\t\t\t\t<i class='mainicon fa fa-road'><\/i> \n\t\t\t\t\t<h3 class='evo_h3' style='padding-bottom:5px;'>Wegbeschreibung abrufen<\/h3>\n\t\t\t\t<\/span>\n\t\t\t\t<span class='evogetdir_field evodfx evofx_1_1 evo_fx_dr_c evow100p'>\t\t\t\t\t\n\t\t\t\t\t<input class='evoInput evotac' type='text' name='saddr' placeholder='&quot;Geben Sie die Adresse ein' value='' style='margin:10px 0;'\/>\n\t\t\t\t<\/span>\n\t\t\t\t<button type='submit' class='evo_get_direction_button evo_btn_arr_circ dfx fx_ai_c' title='&quot;Klicken Sie hier'><i class='fa fa-chevron-right'><\/i> <\/button>\n\t\t\t<\/div>\n\t\t<\/form>\n\t<\/div><\/div><\/div><div class='evo_card_row_end evcal_close' title='Schlie\u00dfen'><\/div><\/div><div class='clear end'><\/div><\/div><div id=\"event_2498_1\" class=\"eventon_list_event evo_eventtop scheduled  event clrW no_et event_2498_1\" data-event_id=\"2498\" data-ri=\"1r\" data-time=\"1783063800-1783115940\" data-colr=\"#6baeff\" itemscope itemtype='http:\/\/schema.org\/Event'><div class=\"evo_event_schema\" style=\"display:none\" ><a itemprop='url'  href='https:\/\/latemarium.com\/de\/events\/respirart-kunst-und-schoenheit-schaffen\/var\/ri-1.l-L2'><\/a><meta itemprop='image' content=\"https:\/\/latemarium.com\/wp-content\/uploads\/2021\/05\/respirart-vita-e-bellezza.jpg\" \/><meta itemprop='startDate' content=\"2026-7-3T09:30+0:00\" \/><meta itemprop='endDate' content=\"2026-7-3T23:59+0:00\" \/><meta itemprop='eventStatus' content=\"https:\/\/schema.org\/EventScheduled\" \/><meta itemprop='eventAttendanceMode'   itemscope itemtype=\"https:\/\/schema.org\/OfflineEventAttendanceMode\"\/><div style=\"display:none\" itemprop=\"location\" itemscope itemtype=\"http:\/\/schema.org\/Place\"><span itemprop=\"name\">Pampeago<\/span><span itemprop=\"address\" itemscope itemtype=\"http:\/\/schema.org\/PostalAddress\"><item itemprop=\"streetAddress\">Localit\u00e0 Pampeago, 8, 38038 Tesero TN<\/item><\/span><\/div><script type=\"application\/ld+json\">{\"@context\": \"http:\/\/schema.org\",\"@type\": \"Event\",\n\t\t\t\t\"@id\": \"event_2498_1\",\n\t\t\t\t\"eventAttendanceMode\":\"https:\/\/schema.org\/OfflineEventAttendanceMode\",\n\t\t\t\t\"eventStatus\":\"https:\/\/schema.org\/EventScheduled\",\n\t\t\t\t\"name\": \"Respirart: Kunst und Sch\u00f6nheit schaffen\",\n\t\t\t\t\"url\": \"https:\/\/latemarium.com\/de\/events\/respirart-kunst-und-schoenheit-schaffen\/var\/ri-1.l-L2\",\n\t\t\t\t\"startDate\": \"2026-7-3T09:30+0:00\",\n\t\t\t\t\"endDate\": \"2026-7-3T23:59+0:00\",\n\t\t\t\t\"image\":\"https:\/\/latemarium.com\/wp-content\/uploads\/2021\/05\/respirart-vita-e-bellezza.jpg\", \n\t\t\t\t\"description\":\"<p><strong>Jeden Freitag vom 26. Juni bis 11. September 2026<\/strong><\/p> <p>RespirArt ist ein Umwelt- und Kunstworkshop f\u00fcr alle, ob jung oder alt. Wir werden Kunstwerke auf spielerische Art und Weise entdecken.<br \/> Treffen Sie sich um 9.30 Uhr am Start des Sessellifts Pampeago-Agnello mit dem Kunstf\u00fchrer, der Ihnen die Samen zum \u00dcberfliegen des RespirArt-Parks gibt. Im Rahmen des Kunst-Workshops werden die Kinder mit nat\u00fcrlichen Materialien kleine Kunstwerke an Land schaffen.<\/p> <p>Reservierung erforderlich.<\/p> <p>Klicken Sie <a href='https:\/\/www.visitfiemme.it\/de\/veranstaltungen\/fiemme-cembra-guest-card\/erlebnisse\/erlebnisse-sommer' target='_blank' rel='noopener'>hier<\/a>, zum Buchen.<\/p> \",\"location\":[{\"@type\":\"Place\",\"name\":\"Pampeago\",\"address\":{\"@type\": \"PostalAddress\",\"streetAddress\":\"Localit\u00e0 Pampeago, 8, 38038 Tesero TN\"}}]}<\/script><\/div>\r\n\t\t\t\t<p class=\"desc_trig_outter\" style=\"\"><a data-gmtrig=\"1\" data-exlk=\"0\" style=\"background-color: #6baeff;\" id=\"evc_17830638002498\" class=\"hasFtIMG event_repeat desc_trig sin_val evcal_list_a\" data-ux_val=\"3\" data-ux_val_mob=\"-\"  ><span class='evoet_c1 evoet_cx '><span class='ev_ftImg' data-img='https:\/\/latemarium.com\/wp-content\/uploads\/2021\/05\/respirart-vita-e-bellezza.jpg' data-thumb='https:\/\/latemarium.com\/wp-content\/uploads\/2021\/05\/respirart-vita-e-bellezza-300x201.jpg' style='background-image:url(\"https:\/\/latemarium.com\/wp-content\/uploads\/2021\/05\/respirart-vita-e-bellezza-300x201.jpg\")' ><\/span><\/span><span class='evoet_c2 evoet_cx '><span class='evoet_dayblock evcal_cblock ' data-bgcolor='#6baeff' data-smon='Juli' data-syr='2026' data-bub=''><span class='evo_start '><em class='date'>03<\/em><em class='month'>Jul<\/em><em class='time'>09:30<\/em><\/span><\/span><\/span><span class='evoet_c3 evoet_cx evcal_desc hide_eventtopdata '><span class='evoet_title evcal_desc2 evcal_event_title ' itemprop='name'>Respirart: Kunst und Sch\u00f6nheit schaffen<\/span><span class='event_location_attrs'  data-location_address=\"Localit\u00e0 Pampeago, 8, 38038 Tesero TN\" data-location_type=\"lonlat\" data-location_name=\"Pampeago\" data-location_url=\"https:\/\/latemarium.com\/de\/event-location\/pampeago-de\/\" data-location_status=\"true\" data-latlng=\"46.34343697644898,11.540997527961546\"><\/span><span class='evoet_subtitle evo_below_title' ><span class='evcal_event_subtitle ' >Kunst-Workshop<\/span><\/span><span class='evoet_time_expand level_3'><em class='evcal_time evo_tz_time'><i class='fa fa-clock-o'><\/i>09:30<span class='evo_tz marl5'>(GMT+02:00)<\/span><\/em> <\/span><span class='evoet_location level_3'><em class=\"evcal_location\"  data-latlng=\"46.34343697644898,11.540997527961546\" data-add_str=\"Localit\u00e0 Pampeago, 8, 38038 Tesero TN\" data-n=\"Pampeago\"><i class=\"fa fa-location-pin\"><\/i><em class=\"event_location_name\">Pampeago<\/em>, Localit\u00e0 Pampeago, 8, 38038 Tesero TN<\/em><\/span><\/span><span class='evoet_data' data-d=\"{&quot;loc.n&quot;:&quot;Pampeago&quot;,&quot;orgs&quot;:[],&quot;tags&quot;:{&quot;repeating&quot;:&quot;Repeating Event&quot;}}\" data-bgc=\"#6baeff\" data-bggrad=\"\" ><\/span><\/a><\/p><div class='event_description evcal_eventcard ' style=\"display:none\"><div class='evocard_row'><div id='event_ftimage' class='evocard_box ftimage' data-c='' \n\t\t\t\t\tstyle=''><div class='evocard_main_image_hold' data-t='Loading Image..'><div class='evocard_main_image evo_img_triglb evobr15 evobgsc evobgpc evodfx evofx_jc_c evofx_ai_c evofz48 minmized' style='height:300px; background-image:url();' data-f=\"https:\/\/latemarium.com\/wp-content\/uploads\/2021\/05\/respirart-vita-e-bellezza.jpg\" data-h=\"602\" data-w=\"899\" data-ratio=\"0.66963292547275\" data-event_id=\"2498\" data-ri=\"1\"  data-t='Loading Image..'><span style='height:300px; background-image:url(https:\/\/latemarium.com\/wp-content\/uploads\/2021\/05\/respirart-vita-e-bellezza.jpg)'><\/span><\/div><\/div><\/div><\/div><div class='evocard_row'><div id='event_eventdetails' class='evocard_box eventdetails' data-c='' \n\t\t\t\t\tstyle=''><div class='evo_metarow_details evorow evcal_evdata_row evcal_event_details'>\n\t\t<div class=\"event_excerpt\" style=\"display:none\"><h3 class=\"padb5 evo_h3\">Details zur Veranstaltung<\/h3><p>Jeden Freitag vom 26. Juni bis 11. September 2026\nRespirArt ist ein Umwelt- und Kunstworkshop f\u00fcr alle, ob jung oder alt. Wir werden Kunstwerke auf spielerische Art und Weise entdecken.\nTreffen<\/p><\/div><span class='evcal_evdata_icons'><i class='fa fa-align-justify'><\/i><\/span>\n\t\t\n\t\t<div class='evcal_evdata_cell shorter_desc'>\n\t\t\t<div class='eventon_full_description'>\n\t\t\t\t<h3 class='padb5 evo_h3'><span class='evcal_evdata_icons'><i class='fa fa-align-justify'><\/i><\/span>Details zur Veranstaltung<\/h3>\n\t\t\t\t<div class='eventon_desc_in' itemprop='description'>\n\t\t\t\t<p><strong>Jeden Freitag vom 26. Juni bis 11. September 2026<\/strong><\/p>\n<p>RespirArt ist ein Umwelt- und Kunstworkshop f\u00fcr alle, ob jung oder alt. Wir werden Kunstwerke auf spielerische Art und Weise entdecken.<br \/>\nTreffen Sie sich um 9.30 Uhr am Start des Sessellifts Pampeago-Agnello mit dem Kunstf\u00fchrer, der Ihnen die Samen zum \u00dcberfliegen des RespirArt-Parks gibt. Im Rahmen des Kunst-Workshops werden die Kinder mit nat\u00fcrlichen Materialien kleine Kunstwerke an Land schaffen.<\/p>\n<p>Reservierung erforderlich.<\/p>\n<p>Klicken Sie <a href=\"https:\/\/www.visitfiemme.it\/de\/veranstaltungen\/fiemme-cembra-guest-card\/erlebnisse\/erlebnisse-sommer\" target=\"_blank\" rel=\"noopener\">hier<\/a>, zum Buchen.<\/p>\n<\/div><p class='eventon_shad_p' style='padding:5px 0 0; margin:0'>\n\t\t\t<span class='evcal_btn evo_btn_secondary evobtn_details_show_more' content='less'>\n\t\t\t\t<span class='ev_more_text' data-txt='Weniger'>Mehr<\/span><span class='ev_more_arrow ard'><\/span>\n\t\t\t<\/span>\n\t\t<\/p><div class='clear'><\/div>\n\t\t\t<\/div>\n\t\t<\/div>\n\t<\/div><\/div><\/div><div class='evocard_row bx2 bx'><div id='event_time' class='evocard_box time' data-c='' \n\t\t\t\t\tstyle=''><div class='evo_metarow_time evorow evcal_evdata_row evcal_evrow_sm '>\n\t\t<span class='evcal_evdata_icons'><i class='fa fa-clock'><\/i><\/span>\n\t\t<div class='evcal_evdata_cell'>\t\t\t\t\t\t\t\n\t\t\t<h3 class='evo_h3'><span class='evcal_evdata_icons'><i class='fa fa-clock'><\/i><\/span>Zeitplan<\/h3><p><span class='evo_eventcard_time_t'>3 Juli 2026 09:30<\/span><span class='evo_tz marr5'>(GMT+02:00)<\/span><\/p>\n\t\t<\/div>\n\t<\/div><\/div><div id='event_location' class='evocard_box location' data-c='' \n\t\t\t\t\tstyle=''><div class='evcal_evdata_row evo_metarow_time_location evorow '>\n\t\t\n\t\t\t<span class='evcal_evdata_icons'><i class='fa fa-map-marker'><\/i><\/span>\n\t\t\t<div class='evcal_evdata_cell' data-loc_tax_id='32'><h3 class='evo_h3 evodfx'><span class='evcal_evdata_icons'><i class='fa fa-map-marker'><\/i><\/span>Ort<\/h3><p class='evo_location_name'>Pampeago<\/p><p class='evo_location_address evodfxi evogap10'>Localit\u00e0 Pampeago, 8, 38038 Tesero TN<\/p><div class='padt10'><span class='evo_btn_arr evolb_trigger' data-lbvals=\"{&quot;lbc&quot;:&quot;evo_location_lb_32&quot;,&quot;lbac&quot;:&quot;lb_max&quot;,&quot;t&quot;:&quot;Pampeago&quot;,&quot;ajax&quot;:&quot;yes&quot;,&quot;ajax_type&quot;:&quot;endpoint&quot;,&quot;ajax_action&quot;:&quot;eventon_get_tax_card_content&quot;,&quot;end&quot;:&quot;client&quot;,&quot;d&quot;:{&quot;lang&quot;:&quot;L2&quot;,&quot;term_id&quot;:32,&quot;tax&quot;:&quot;event_location&quot;,&quot;load_lbcontent&quot;:true},&quot;uid&quot;:&quot;eventon_get_tax_card_content&quot;}\" >Other Events<i class='fa fa-chevron-right'><\/i><\/span><\/div><\/div>\n\t\t\n\t<\/div><\/div><\/div><div class='evocard_row'><div id='event_addtocal' class='evocard_box addtocal' data-c='' \n\t\t\t\t\tstyle=''><div class='evo_metarow_ICS evorow evcal_evdata_row'>\n\t\t\t<span class='evcal_evdata_icons'><i class='fa fa-calendar-o'><\/i><\/span>\n\t\t\t<div class='evcal_evdata_cell'>\n\t\t\t\t<p><a href='https:\/\/latemarium.com\/de\/export-events\/2498_1\/?nonce=7b34e59f7d' class='evo_ics_nCal' title='Zu Ihrem Kalender hinzuf\u00fcgen'>Kalender<\/a><a href='https:\/\/www.google.com\/calendar\/event?action=TEMPLATE&text=Respirart%3A+Kunst+und+Sch%C3%B6nheit+schaffen&dates=20260703T073000Z%2F20260703T215900Z&ctz=Europe%2FRome&details=Respirart: Kunst und Sch\u00f6nheit schaffen&location=Pampeago+Localit%C3%A0+Pampeago%2C+8%2C+38038+Tesero+TN' target='_blank' class='evo_ics_gCal' title='Zu Google Kalender hinzuf\u00fcgen'>GoogleCal<\/a><\/p>\t\n\t\t\t<\/div>\n\t\t<\/div><\/div><\/div><div class='evocard_row'><div id='event_getdirection' class='evocard_box getdirection' data-c='' \n\t\t\t\t\tstyle=''><div class='evo_metarow_getDr evorow evcal_evdata_row evcal_evrow_sm getdirections'>\n\t\t<form action='https:\/\/maps.google.com\/maps' method='get' target='_blank'>\n\t\t\t<input type='hidden' name='daddr' value=\"Localit\u00e0 Pampeago, 8, 38038 Tesero TN\"\/> \n\t\t\t<div class='evo_get_direction_content evo_fx_dr_r evogap10'>\n\t\t\t\t<span class='evogetdir_header evodfx evofx_dr_r evofx_ai_c marr10'>\n\t\t\t\t\t<i class='mainicon fa fa-road'><\/i> \n\t\t\t\t\t<h3 class='evo_h3' style='padding-bottom:5px;'>Wegbeschreibung abrufen<\/h3>\n\t\t\t\t<\/span>\n\t\t\t\t<span class='evogetdir_field evodfx evofx_1_1 evo_fx_dr_c evow100p'>\t\t\t\t\t\n\t\t\t\t\t<input class='evoInput evotac' type='text' name='saddr' placeholder='&quot;Geben Sie die Adresse ein' value='' style='margin:10px 0;'\/>\n\t\t\t\t<\/span>\n\t\t\t\t<button type='submit' class='evo_get_direction_button evo_btn_arr_circ dfx fx_ai_c' title='&quot;Klicken Sie hier'><i class='fa fa-chevron-right'><\/i> <\/button>\n\t\t\t<\/div>\n\t\t<\/form>\n\t<\/div><\/div><\/div><div class='evo_card_row_end evcal_close' title='Schlie\u00dfen'><\/div><\/div><div class='clear end'><\/div><\/div><div id=\"event_2140_0\" class=\"eventon_list_event evo_eventtop scheduled  event clrD no_et event_2140_0\" data-event_id=\"2140\" data-ri=\"0r\" data-time=\"1783242000-1783288740\" data-colr=\"#006290\" itemscope itemtype='http:\/\/schema.org\/Event'><div class=\"evo_event_schema\" style=\"display:none\" ><a itemprop='url'  href='https:\/\/latemarium.com\/de\/events\/wort-von-nikolaus-drache\/var\/ri-0.l-L2'><\/a><meta itemprop='image' content=\"https:\/\/latemarium.com\/wp-content\/uploads\/2023\/06\/foresta-dei-draghi-6.jpg\" \/><meta itemprop='startDate' content=\"2026-7-5T11:00+0:00\" \/><meta itemprop='endDate' content=\"2026-7-5T23:59+0:00\" \/><meta itemprop='eventStatus' content=\"https:\/\/schema.org\/EventScheduled\" \/><meta itemprop='eventAttendanceMode'   itemscope itemtype=\"https:\/\/schema.org\/OfflineEventAttendanceMode\"\/><script type=\"application\/ld+json\">{\"@context\": \"http:\/\/schema.org\",\"@type\": \"Event\",\n\t\t\t\t\"@id\": \"event_2140_0\",\n\t\t\t\t\"eventAttendanceMode\":\"https:\/\/schema.org\/OfflineEventAttendanceMode\",\n\t\t\t\t\"eventStatus\":\"https:\/\/schema.org\/EventScheduled\",\n\t\t\t\t\"name\": \"Wort von Nikolaus Drache\",\n\t\t\t\t\"url\": \"https:\/\/latemarium.com\/de\/events\/wort-von-nikolaus-drache\/var\/ri-0.l-L2\",\n\t\t\t\t\"startDate\": \"2026-7-5T11:00+0:00\",\n\t\t\t\t\"endDate\": \"2026-7-5T23:59+0:00\",\n\t\t\t\t\"image\":\"https:\/\/latemarium.com\/wp-content\/uploads\/2023\/06\/foresta-dei-draghi-6.jpg\", \n\t\t\t\t\"description\":\"<p>Sie springen, sie rennen, sie krabbeln, sie fliegen! Doch\u2026 sie sind nicht leicht zu sehen! Sie wissen sich gut zu verstecken \u2026 die schuppigen Schleicher! Wer sind sie? Aber die Drachen von Latemar! Einen zu treffen, und sei es nur einer, wird ein wunderbares Erlebnis sein! Ein Wort von Nikolaus Drache.<\/p> <p>Immer sonntags umd montags, vom 5. Juli bis zum 24. August 2026<br \/> bei der Bergstation der Gondelbahn Predazzo \u2013 Gardon\u00e8<br \/> um 11.00 und um 14.45 Uhr<br \/> F\u00fcr Familien mit Kindern ab 2 Jahren geeignet (Dauer: 1h30\u2018)<br \/> Vorstellung auf Italienisch<\/p> <p>&nbsp;<\/p> \"}<\/script><\/div>\r\n\t\t\t\t<p class=\"desc_trig_outter\" style=\"\"><a data-gmap_status=\"null\" data-exlk=\"0\" style=\"background-color: #006290;\" id=\"evc_17832420002140\" class=\"hasFtIMG event_repeat desc_trig sin_val evcal_list_a\" data-ux_val=\"3\" data-ux_val_mob=\"-\"  ><span class='evoet_c1 evoet_cx '><span class='ev_ftImg' data-img='https:\/\/latemarium.com\/wp-content\/uploads\/2023\/06\/foresta-dei-draghi-6.jpg' data-thumb='https:\/\/latemarium.com\/wp-content\/uploads\/2023\/06\/foresta-dei-draghi-6-300x200.jpg' style='background-image:url(\"https:\/\/latemarium.com\/wp-content\/uploads\/2023\/06\/foresta-dei-draghi-6-300x200.jpg\")' ><\/span><\/span><span class='evoet_c2 evoet_cx '><span class='evoet_dayblock evcal_cblock ' data-bgcolor='#006290' data-smon='Juli' data-syr='2026' data-bub=''><span class='evo_start '><em class='date'>05<\/em><em class='month'>Jul<\/em><em class='time'>11:00<\/em><\/span><\/span><\/span><span class='evoet_c3 evoet_cx evcal_desc hide_eventtopdata '><span class='evoet_title evcal_desc2 evcal_event_title ' itemprop='name'>Wort von Nikolaus Drache<\/span><span class='event_location_attrs' data-location_type=\"lonlat\" data-location_name=\"Seilbahn Ankunft Predazzo-Gardon\u00e8\" data-location_url=\"https:\/\/latemarium.com\/de\/event-location\/seilbahn-ankunft-predazzo-gardone\/\" data-location_status=\"true\" data-latlng=\"46.32878794406342,11.600176728690842\"><\/span><span class='evoet_subtitle evo_below_title' ><span class='evcal_event_subtitle ' >DER DRACHENWALD<\/span><\/span><span class='evoet_time_expand level_3'><em class='evcal_time evo_tz_time'><i class='fa fa-clock-o'><\/i>11:00<span class='evo_tz marl5'>(GMT+02:00)<\/span><\/em> <\/span><span class='evoet_location level_3'><em class=\"evcal_location\"  data-latlng=\"46.32878794406342,11.600176728690842\" data-add_str=\"\" data-n=\"Seilbahn Ankunft Predazzo-Gardon\u00e8\"><i class=\"fa fa-location-pin\"><\/i><em class=\"event_location_name\">Seilbahn Ankunft Predazzo-Gardon\u00e8<\/em><\/em><\/span><\/span><span class='evoet_data' data-d=\"{&quot;loc.n&quot;:&quot;Seilbahn Ankunft Predazzo-Gardon\\u00e8&quot;,&quot;orgs&quot;:[],&quot;tags&quot;:{&quot;repeating&quot;:&quot;Repeating Event&quot;}}\" data-bgc=\"#006290\" data-bggrad=\"\" ><\/span><\/a><\/p><div class='event_description evcal_eventcard ' style=\"display:none\"><div class='evocard_row'><div id='event_ftimage' class='evocard_box ftimage' data-c='' \n\t\t\t\t\tstyle=''><div class='evocard_main_image_hold' data-t='Loading Image..'><div class='evocard_main_image evo_img_triglb evobr15 evobgsc evobgpc evodfx evofx_jc_c evofx_ai_c evofz48 minmized' style='height:300px; background-image:url();' data-f=\"https:\/\/latemarium.com\/wp-content\/uploads\/2023\/06\/foresta-dei-draghi-6.jpg\" data-h=\"800\" data-w=\"1200\" data-ratio=\"0.66666666666667\" data-event_id=\"2140\" data-ri=\"0\"  data-t='Loading Image..'><span style='height:300px; background-image:url(https:\/\/latemarium.com\/wp-content\/uploads\/2023\/06\/foresta-dei-draghi-6.jpg)'><\/span><\/div><\/div><\/div><\/div><div class='evocard_row'><div id='event_eventdetails' class='evocard_box eventdetails' data-c='' \n\t\t\t\t\tstyle=''><div class='evo_metarow_details evorow evcal_evdata_row evcal_event_details'>\n\t\t<div class=\"event_excerpt\" style=\"display:none\"><h3 class=\"padb5 evo_h3\">Details zur Veranstaltung<\/h3><p>Sie springen, sie rennen, sie krabbeln, sie fliegen! Doch\u2026 sie sind nicht leicht zu sehen! Sie wissen sich gut zu verstecken \u2026 die schuppigen Schleicher! Wer sind sie? Aber die<\/p><\/div><span class='evcal_evdata_icons'><i class='fa fa-align-justify'><\/i><\/span>\n\t\t\n\t\t<div class='evcal_evdata_cell '>\n\t\t\t<div class='eventon_full_description'>\n\t\t\t\t<h3 class='padb5 evo_h3'><span class='evcal_evdata_icons'><i class='fa fa-align-justify'><\/i><\/span>Details zur Veranstaltung<\/h3>\n\t\t\t\t<div class='eventon_desc_in' itemprop='description'>\n\t\t\t\t<p>Sie springen, sie rennen, sie krabbeln, sie fliegen! Doch\u2026 sie sind nicht leicht zu sehen! Sie wissen sich gut zu verstecken \u2026 die schuppigen Schleicher! Wer sind sie? Aber die Drachen von Latemar! Einen zu treffen, und sei es nur einer, wird ein wunderbares Erlebnis sein! Ein Wort von Nikolaus Drache.<\/p>\n<p>Immer sonntags umd montags, vom 5. Juli bis zum 24. August 2026<br \/>\nbei der Bergstation der Gondelbahn Predazzo \u2013 Gardon\u00e8<br \/>\num 11.00 und um 14.45 Uhr<br \/>\nF\u00fcr Familien mit Kindern ab 2 Jahren geeignet (Dauer: 1h30\u2018)<br \/>\nVorstellung auf Italienisch<\/p>\n<p>&nbsp;<\/p>\n<\/div><div class='clear'><\/div>\n\t\t\t<\/div>\n\t\t<\/div>\n\t<\/div><\/div><\/div><div class='evocard_row bx2 bx'><div id='event_time' class='evocard_box time' data-c='' \n\t\t\t\t\tstyle=''><div class='evo_metarow_time evorow evcal_evdata_row evcal_evrow_sm '>\n\t\t<span class='evcal_evdata_icons'><i class='fa fa-clock'><\/i><\/span>\n\t\t<div class='evcal_evdata_cell'>\t\t\t\t\t\t\t\n\t\t\t<h3 class='evo_h3'><span class='evcal_evdata_icons'><i class='fa fa-clock'><\/i><\/span>Zeitplan<\/h3><p><span class='evo_eventcard_time_t'>5 Juli 2026 11:00<\/span><span class='evo_tz marr5'>(GMT+02:00)<\/span><\/p>\n\t\t<\/div>\n\t<\/div><\/div><div id='event_location' class='evocard_box location' data-c='' \n\t\t\t\t\tstyle=''><div class='evcal_evdata_row evo_metarow_time_location evorow '>\n\t\t\n\t\t\t<span class='evcal_evdata_icons'><i class='fa fa-map-marker'><\/i><\/span>\n\t\t\t<div class='evcal_evdata_cell' data-loc_tax_id='36'><h3 class='evo_h3 evodfx'><span class='evcal_evdata_icons'><i class='fa fa-map-marker'><\/i><\/span>Ort<\/h3><p class='evo_location_name'>Seilbahn Ankunft Predazzo-Gardon\u00e8<\/p><div class='padt10'><span class='evo_btn_arr evolb_trigger' data-lbvals=\"{&quot;lbc&quot;:&quot;evo_location_lb_36&quot;,&quot;lbac&quot;:&quot;lb_max&quot;,&quot;t&quot;:&quot;Seilbahn Ankunft Predazzo-Gardon\\u00e8&quot;,&quot;ajax&quot;:&quot;yes&quot;,&quot;ajax_type&quot;:&quot;endpoint&quot;,&quot;ajax_action&quot;:&quot;eventon_get_tax_card_content&quot;,&quot;end&quot;:&quot;client&quot;,&quot;d&quot;:{&quot;lang&quot;:&quot;L2&quot;,&quot;term_id&quot;:36,&quot;tax&quot;:&quot;event_location&quot;,&quot;load_lbcontent&quot;:true},&quot;uid&quot;:&quot;eventon_get_tax_card_content&quot;}\" >Other Events<i class='fa fa-chevron-right'><\/i><\/span><\/div><\/div>\n\t\t\n\t<\/div><\/div><\/div><div class='evocard_row bx2 bx'><div id='event_learnmore' class='evocard_box learnmore' data-c='' \n\t\t\t\t\tstyle=''><div class='evo_metarow_learnM evo_metarow_learnmore evorow'>\n\t\t\t\t\t\t\t<a class='evcal_evdata_row evo_clik_row ' href='https:\/\/www.montagnanimata.it\/de\/spektakel\/' target=\"_blank\">\n\t\t\t\t\t\t\t\t<span class='evcal_evdata_icons'><i class='fa fa-link'><\/i><\/span>\n\t\t\t\t\t\t\t\t<h3 class='evo_h3'>Entdecke mehr<\/h3>\n\t\t\t\t\t\t\t<\/a>\n\t\t\t\t\t\t\t<\/div><\/div><div id='event_addtocal' class='evocard_box addtocal' data-c='' \n\t\t\t\t\tstyle=''><div class='evo_metarow_ICS evorow evcal_evdata_row'>\n\t\t\t<span class='evcal_evdata_icons'><i class='fa fa-calendar-o'><\/i><\/span>\n\t\t\t<div class='evcal_evdata_cell'>\n\t\t\t\t<p><a href='https:\/\/latemarium.com\/de\/export-events\/2140_0\/?nonce=7b34e59f7d' class='evo_ics_nCal' title='Zu Ihrem Kalender hinzuf\u00fcgen'>Kalender<\/a><a href='https:\/\/www.google.com\/calendar\/event?action=TEMPLATE&text=Wort+von+Nikolaus+Drache&dates=20260705T090000Z%2F20260705T215900Z&ctz=Europe%2FRome&details=Wort von Nikolaus Drache&location=Seilbahn+Ankunft+Predazzo-Gardon%C3%A8' target='_blank' class='evo_ics_gCal' title='Zu Google Kalender hinzuf\u00fcgen'>GoogleCal<\/a><\/p>\t\n\t\t\t<\/div>\n\t\t<\/div><\/div><\/div><div class='evocard_row'><div id='event_getdirection' class='evocard_box getdirection' data-c='' \n\t\t\t\t\tstyle=''><div class='evo_metarow_getDr evorow evcal_evdata_row evcal_evrow_sm getdirections'>\n\t\t<form action='https:\/\/maps.google.com\/maps' method='get' target='_blank'>\n\t\t\t<input type='hidden' name='daddr' value=\"46.32878794406342,11.600176728690842\"\/> \n\t\t\t<div class='evo_get_direction_content evo_fx_dr_r evogap10'>\n\t\t\t\t<span class='evogetdir_header evodfx evofx_dr_r evofx_ai_c marr10'>\n\t\t\t\t\t<i class='mainicon fa fa-road'><\/i> \n\t\t\t\t\t<h3 class='evo_h3' style='padding-bottom:5px;'>Wegbeschreibung abrufen<\/h3>\n\t\t\t\t<\/span>\n\t\t\t\t<span class='evogetdir_field evodfx evofx_1_1 evo_fx_dr_c evow100p'>\t\t\t\t\t\n\t\t\t\t\t<input class='evoInput evotac' type='text' name='saddr' placeholder='&quot;Geben Sie die Adresse ein' value='' style='margin:10px 0;'\/>\n\t\t\t\t<\/span>\n\t\t\t\t<button type='submit' class='evo_get_direction_button evo_btn_arr_circ dfx fx_ai_c' title='&quot;Klicken Sie hier'><i class='fa fa-chevron-right'><\/i> <\/button>\n\t\t\t<\/div>\n\t\t<\/form>\n\t<\/div><\/div><\/div><div class='evo_card_row_end evcal_close' title='Schlie\u00dfen'><\/div><\/div><div class='clear end'><\/div><\/div><div id=\"event_2154_3\" class=\"eventon_list_event evo_eventtop scheduled  event clrW no_et event_2154_3\" data-event_id=\"2154\" data-ri=\"3r\" data-time=\"1783257600-1783288740\" data-colr=\"#b8d989\" itemscope itemtype='http:\/\/schema.org\/Event'><div class=\"evo_event_schema\" style=\"display:none\" ><a itemprop='url'  href='https:\/\/latemarium.com\/de\/events\/die-geraeusche-und-das-leben-der-malga\/var\/ri-3.l-L2'><\/a><meta itemprop='image' content=\"https:\/\/latemarium.com\/wp-content\/uploads\/2023\/06\/suoni-vita-malga.jpg\" \/><meta itemprop='startDate' content=\"2026-7-5T15:20+0:00\" \/><meta itemprop='endDate' content=\"2026-7-5T23:59+0:00\" \/><meta itemprop='eventStatus' content=\"https:\/\/schema.org\/EventScheduled\" \/><meta itemprop='eventAttendanceMode'   itemscope itemtype=\"https:\/\/schema.org\/OfflineEventAttendanceMode\"\/><div style=\"display:none\" itemprop=\"location\" itemscope itemtype=\"http:\/\/schema.org\/Place\"><span itemprop=\"name\">Pampeago<\/span><span itemprop=\"address\" itemscope itemtype=\"http:\/\/schema.org\/PostalAddress\"><item itemprop=\"streetAddress\">Localit\u00e0 Pampeago, 8, 38038 Tesero TN<\/item><\/span><\/div><script type=\"application\/ld+json\">{\"@context\": \"http:\/\/schema.org\",\"@type\": \"Event\",\n\t\t\t\t\"@id\": \"event_2154_3\",\n\t\t\t\t\"eventAttendanceMode\":\"https:\/\/schema.org\/OfflineEventAttendanceMode\",\n\t\t\t\t\"eventStatus\":\"https:\/\/schema.org\/EventScheduled\",\n\t\t\t\t\"name\": \"Die Ger\u00e4usche und das Leben der Malga\",\n\t\t\t\t\"url\": \"https:\/\/latemarium.com\/de\/events\/die-geraeusche-und-das-leben-der-malga\/var\/ri-3.l-L2\",\n\t\t\t\t\"startDate\": \"2026-7-5T15:20+0:00\",\n\t\t\t\t\"endDate\": \"2026-7-5T23:59+0:00\",\n\t\t\t\t\"image\":\"https:\/\/latemarium.com\/wp-content\/uploads\/2023\/06\/suoni-vita-malga.jpg\", \n\t\t\t\t\"description\":\"<p>Treffpunkt am Parkplatz des Tresca-Sessellifts (mit dem Auto von Pampeago erreichbar &#8211; NUR f\u00fcr diejenigen, die die Aktivit\u00e4t buchen).<\/p> <p>Nach einem kurzen Spaziergang zur Malga Pampeago entdecken Kinder und Eltern zwischen K\u00fchen, K\u00e4lbern, Eseln und Schweinen den Alltag und die Ger\u00e4usche, die das Leben der Hirten pr\u00e4gen.<\/p> <p>Am Ende der Aktivit\u00e4t gibt es einen kleinen Snack, den die Kinder genie\u00dfen oder mit nach Hause nehmen k\u00f6nnen.<\/p> <p>Aktivit\u00e4t auch mit Kinderwagen m\u00f6glich. <a href='https:\/\/www.visitfiemme.it\/de\/veranstaltungen\/fiemme-cembra-guest-card\/erlebnisse\/erlebnisse-sommer' target='_blank' rel='noopener'>Reservierung erforderlich<\/a>.<\/p> \",\"location\":[{\"@type\":\"Place\",\"name\":\"Pampeago\",\"address\":{\"@type\": \"PostalAddress\",\"streetAddress\":\"Localit\u00e0 Pampeago, 8, 38038 Tesero TN\"}}]}<\/script><\/div>\r\n\t\t\t\t<p class=\"desc_trig_outter\" style=\"\"><a data-gmap_status=\"null\" data-exlk=\"0\" style=\"background-color: #b8d989;\" id=\"evc_17832576002154\" class=\"hasFtIMG event_repeat desc_trig sin_val evcal_list_a\" data-ux_val=\"3\" data-ux_val_mob=\"-\"  ><span class='evoet_c1 evoet_cx '><span class='ev_ftImg' data-img='https:\/\/latemarium.com\/wp-content\/uploads\/2023\/06\/suoni-vita-malga.jpg' data-thumb='https:\/\/latemarium.com\/wp-content\/uploads\/2023\/06\/suoni-vita-malga-300x225.jpg' style='background-image:url(\"https:\/\/latemarium.com\/wp-content\/uploads\/2023\/06\/suoni-vita-malga-300x225.jpg\")' ><\/span><\/span><span class='evoet_c2 evoet_cx '><span class='evoet_dayblock evcal_cblock ' data-bgcolor='#b8d989' data-smon='Juli' data-syr='2026' data-bub=''><span class='evo_start '><em class='date'>05<\/em><em class='month'>Jul<\/em><em class='time'>15:20<\/em><\/span><\/span><\/span><span class='evoet_c3 evoet_cx evcal_desc hide_eventtopdata '><span class='evoet_title evcal_desc2 evcal_event_title ' itemprop='name'>Die Ger\u00e4usche und das Leben der Malga<\/span><span class='event_location_attrs'  data-location_address=\"Localit\u00e0 Pampeago, 8, 38038 Tesero TN\" data-location_type=\"lonlat\" data-location_name=\"Pampeago\" data-location_url=\"https:\/\/latemarium.com\/de\/event-location\/pampeago-de\/\" data-location_status=\"true\" data-latlng=\"46.34343697644898,11.540997527961546\"><\/span><span class='evoet_subtitle evo_below_title' ><\/span><span class='evoet_time_expand level_3'><em class='evcal_time evo_tz_time'><i class='fa fa-clock-o'><\/i>15:20<span class='evo_tz marl5'>(GMT+02:00)<\/span><\/em> <\/span><span class='evoet_location level_3'><em class=\"evcal_location\"  data-latlng=\"46.34343697644898,11.540997527961546\" data-add_str=\"Localit\u00e0 Pampeago, 8, 38038 Tesero TN\" data-n=\"Pampeago\"><i class=\"fa fa-location-pin\"><\/i><em class=\"event_location_name\">Pampeago<\/em>, Localit\u00e0 Pampeago, 8, 38038 Tesero TN<\/em><\/span><\/span><span class='evoet_data' data-d=\"{&quot;loc.n&quot;:&quot;Pampeago&quot;,&quot;orgs&quot;:[],&quot;tags&quot;:{&quot;repeating&quot;:&quot;Repeating Event&quot;}}\" data-bgc=\"#b8d989\" data-bggrad=\"\" ><\/span><\/a><\/p><div class='event_description evcal_eventcard ' style=\"display:none\"><div class='evocard_row'><div id='event_ftimage' class='evocard_box ftimage' data-c='' \n\t\t\t\t\tstyle=''><div class='evocard_main_image_hold' data-t='Loading Image..'><div class='evocard_main_image evo_img_triglb evobr15 evobgsc evobgpc evodfx evofx_jc_c evofx_ai_c evofz48 minmized' style='height:300px; background-image:url();' data-f=\"https:\/\/latemarium.com\/wp-content\/uploads\/2023\/06\/suoni-vita-malga.jpg\" data-h=\"796\" data-w=\"1062\" data-ratio=\"0.74952919020716\" data-event_id=\"2154\" data-ri=\"3\"  data-t='Loading Image..'><span style='height:300px; background-image:url(https:\/\/latemarium.com\/wp-content\/uploads\/2023\/06\/suoni-vita-malga.jpg)'><\/span><\/div><\/div><\/div><\/div><div class='evocard_row'><div id='event_eventdetails' class='evocard_box eventdetails' data-c='' \n\t\t\t\t\tstyle=''><div class='evo_metarow_details evorow evcal_evdata_row evcal_event_details'>\n\t\t<div class=\"event_excerpt\" style=\"display:none\"><h3 class=\"padb5 evo_h3\">Details zur Veranstaltung<\/h3><p>Treffpunkt am Parkplatz des Tresca-Sessellifts (mit dem Auto von Pampeago erreichbar &#8211; NUR f\u00fcr diejenigen, die die Aktivit\u00e4t buchen).\nNach einem kurzen Spaziergang zur Malga Pampeago entdecken Kinder und Eltern zwischen<\/p><\/div><span class='evcal_evdata_icons'><i class='fa fa-align-justify'><\/i><\/span>\n\t\t\n\t\t<div class='evcal_evdata_cell shorter_desc'>\n\t\t\t<div class='eventon_full_description'>\n\t\t\t\t<h3 class='padb5 evo_h3'><span class='evcal_evdata_icons'><i class='fa fa-align-justify'><\/i><\/span>Details zur Veranstaltung<\/h3>\n\t\t\t\t<div class='eventon_desc_in' itemprop='description'>\n\t\t\t\t<p>Treffpunkt am Parkplatz des Tresca-Sessellifts (mit dem Auto von Pampeago erreichbar &#8211; NUR f\u00fcr diejenigen, die die Aktivit\u00e4t buchen).<\/p>\n<p>Nach einem kurzen Spaziergang zur Malga Pampeago entdecken Kinder und Eltern zwischen K\u00fchen, K\u00e4lbern, Eseln und Schweinen den Alltag und die Ger\u00e4usche, die das Leben der Hirten pr\u00e4gen.<\/p>\n<p>Am Ende der Aktivit\u00e4t gibt es einen kleinen Snack, den die Kinder genie\u00dfen oder mit nach Hause nehmen k\u00f6nnen.<\/p>\n<p>Aktivit\u00e4t auch mit Kinderwagen m\u00f6glich. <a href=\"https:\/\/www.visitfiemme.it\/de\/veranstaltungen\/fiemme-cembra-guest-card\/erlebnisse\/erlebnisse-sommer\" target=\"_blank\" rel=\"noopener\">Reservierung erforderlich<\/a>.<\/p>\n<\/div><p class='eventon_shad_p' style='padding:5px 0 0; margin:0'>\n\t\t\t<span class='evcal_btn evo_btn_secondary evobtn_details_show_more' content='less'>\n\t\t\t\t<span class='ev_more_text' data-txt='Weniger'>Mehr<\/span><span class='ev_more_arrow ard'><\/span>\n\t\t\t<\/span>\n\t\t<\/p><div class='clear'><\/div>\n\t\t\t<\/div>\n\t\t<\/div>\n\t<\/div><\/div><\/div><div class='evocard_row bx2 bx'><div id='event_time' class='evocard_box time' data-c='' \n\t\t\t\t\tstyle=''><div class='evo_metarow_time evorow evcal_evdata_row evcal_evrow_sm '>\n\t\t<span class='evcal_evdata_icons'><i class='fa fa-clock'><\/i><\/span>\n\t\t<div class='evcal_evdata_cell'>\t\t\t\t\t\t\t\n\t\t\t<h3 class='evo_h3'><span class='evcal_evdata_icons'><i class='fa fa-clock'><\/i><\/span>Zeitplan<\/h3><p><span class='evo_eventcard_time_t'>5 Juli 2026 15:20<\/span><span class='evo_tz marr5'>(GMT+02:00)<\/span><\/p>\n\t\t<\/div>\n\t<\/div><\/div><div id='event_location' class='evocard_box location' data-c='' \n\t\t\t\t\tstyle=''><div class='evcal_evdata_row evo_metarow_time_location evorow '>\n\t\t\n\t\t\t<span class='evcal_evdata_icons'><i class='fa fa-map-marker'><\/i><\/span>\n\t\t\t<div class='evcal_evdata_cell' data-loc_tax_id='32'><h3 class='evo_h3 evodfx'><span class='evcal_evdata_icons'><i class='fa fa-map-marker'><\/i><\/span>Ort<\/h3><p class='evo_location_name'>Pampeago<\/p><p class='evo_location_address evodfxi evogap10'>Localit\u00e0 Pampeago, 8, 38038 Tesero TN<\/p><div class='padt10'><span class='evo_btn_arr evolb_trigger' data-lbvals=\"{&quot;lbc&quot;:&quot;evo_location_lb_32&quot;,&quot;lbac&quot;:&quot;lb_max&quot;,&quot;t&quot;:&quot;Pampeago&quot;,&quot;ajax&quot;:&quot;yes&quot;,&quot;ajax_type&quot;:&quot;endpoint&quot;,&quot;ajax_action&quot;:&quot;eventon_get_tax_card_content&quot;,&quot;end&quot;:&quot;client&quot;,&quot;d&quot;:{&quot;lang&quot;:&quot;L2&quot;,&quot;term_id&quot;:32,&quot;tax&quot;:&quot;event_location&quot;,&quot;load_lbcontent&quot;:true},&quot;uid&quot;:&quot;eventon_get_tax_card_content&quot;}\" >Other Events<i class='fa fa-chevron-right'><\/i><\/span><\/div><\/div>\n\t\t\n\t<\/div><\/div><\/div><div class='evocard_row'><div id='event_addtocal' class='evocard_box addtocal' data-c='' \n\t\t\t\t\tstyle=''><div class='evo_metarow_ICS evorow evcal_evdata_row'>\n\t\t\t<span class='evcal_evdata_icons'><i class='fa fa-calendar-o'><\/i><\/span>\n\t\t\t<div class='evcal_evdata_cell'>\n\t\t\t\t<p><a href='https:\/\/latemarium.com\/de\/export-events\/2154_3\/?nonce=7b34e59f7d' class='evo_ics_nCal' title='Zu Ihrem Kalender hinzuf\u00fcgen'>Kalender<\/a><a href='https:\/\/www.google.com\/calendar\/event?action=TEMPLATE&text=Die+Ger%C3%A4usche+und+das+Leben+der+Malga&dates=20260705T132000Z%2F20260705T215900Z&ctz=Europe%2FRome&details=Die Ger\u00e4usche und das Leben der Malga&location=Pampeago+Localit%C3%A0+Pampeago%2C+8%2C+38038+Tesero+TN' target='_blank' class='evo_ics_gCal' title='Zu Google Kalender hinzuf\u00fcgen'>GoogleCal<\/a><\/p>\t\n\t\t\t<\/div>\n\t\t<\/div><\/div><\/div><div class='evocard_row'><div id='event_getdirection' class='evocard_box getdirection' data-c='' \n\t\t\t\t\tstyle=''><div class='evo_metarow_getDr evorow evcal_evdata_row evcal_evrow_sm getdirections'>\n\t\t<form action='https:\/\/maps.google.com\/maps' method='get' target='_blank'>\n\t\t\t<input type='hidden' name='daddr' value=\"Localit\u00e0 Pampeago, 8, 38038 Tesero TN\"\/> \n\t\t\t<div class='evo_get_direction_content evo_fx_dr_r evogap10'>\n\t\t\t\t<span class='evogetdir_header evodfx evofx_dr_r evofx_ai_c marr10'>\n\t\t\t\t\t<i class='mainicon fa fa-road'><\/i> \n\t\t\t\t\t<h3 class='evo_h3' style='padding-bottom:5px;'>Wegbeschreibung abrufen<\/h3>\n\t\t\t\t<\/span>\n\t\t\t\t<span class='evogetdir_field evodfx evofx_1_1 evo_fx_dr_c evow100p'>\t\t\t\t\t\n\t\t\t\t\t<input class='evoInput evotac' type='text' name='saddr' placeholder='&quot;Geben Sie die Adresse ein' value='' style='margin:10px 0;'\/>\n\t\t\t\t<\/span>\n\t\t\t\t<button type='submit' class='evo_get_direction_button evo_btn_arr_circ dfx fx_ai_c' title='&quot;Klicken Sie hier'><i class='fa fa-chevron-right'><\/i> <\/button>\n\t\t\t<\/div>\n\t\t<\/form>\n\t<\/div><\/div><\/div><div class='evo_card_row_end evcal_close' title='Schlie\u00dfen'><\/div><\/div><div class='clear end'><\/div><\/div><div id=\"event_2116_1\" class=\"eventon_list_event evo_eventtop scheduled  event clrW no_et event_2116_1\" data-event_id=\"2116\" data-ri=\"1r\" data-time=\"1783323000-1783375140\" data-colr=\"#ffa024\" itemscope itemtype='http:\/\/schema.org\/Event'><div class=\"evo_event_schema\" style=\"display:none\" ><a itemprop='url'  href='https:\/\/latemarium.com\/de\/events\/geotrekking-monte-agnello\/var\/ri-1.l-L2'><\/a><meta itemprop='image' content=\"https:\/\/latemarium.com\/wp-content\/uploads\/2023\/06\/geotrail-monte-agnello.jpg\" \/><meta itemprop='startDate' content=\"2026-7-6T09:30+0:00\" \/><meta itemprop='endDate' content=\"2026-7-6T23:59+0:00\" \/><meta itemprop='eventStatus' content=\"https:\/\/schema.org\/EventScheduled\" \/><meta itemprop='eventAttendanceMode'   itemscope itemtype=\"https:\/\/schema.org\/OfflineEventAttendanceMode\"\/><div style=\"display:none\" itemprop=\"location\" itemscope itemtype=\"http:\/\/schema.org\/Place\"><span itemprop=\"name\">Bergh\u00fctte Monte Agnello<\/span><span itemprop=\"address\" itemscope itemtype=\"http:\/\/schema.org\/PostalAddress\"><item itemprop=\"streetAddress\">Loc. Pampeago, 9, 38038 Tesero TN<\/item><\/span><\/div><script type=\"application\/ld+json\">{\"@context\": \"http:\/\/schema.org\",\"@type\": \"Event\",\n\t\t\t\t\"@id\": \"event_2116_1\",\n\t\t\t\t\"eventAttendanceMode\":\"https:\/\/schema.org\/OfflineEventAttendanceMode\",\n\t\t\t\t\"eventStatus\":\"https:\/\/schema.org\/EventScheduled\",\n\t\t\t\t\"name\": \"Geotrekking Monte Agnello\",\n\t\t\t\t\"url\": \"https:\/\/latemarium.com\/de\/events\/geotrekking-monte-agnello\/var\/ri-1.l-L2\",\n\t\t\t\t\"startDate\": \"2026-7-6T09:30+0:00\",\n\t\t\t\t\"endDate\": \"2026-7-6T23:59+0:00\",\n\t\t\t\t\"image\":\"https:\/\/latemarium.com\/wp-content\/uploads\/2023\/06\/geotrail-monte-agnello.jpg\", \n\t\t\t\t\"description\":\"<p>Malerische geologische Route zur Entdeckung des antiken Vulkans Predazzo, gef\u00fchrt von einem erfahrenen Geologen und Medienbergf\u00fchrer.<\/p> <p>Ein Spaziergang auf den Spuren des Trias-Pompeji von Monte Agnello, wo Lava, Asche und Lapilli ein altes tropisches Atoll begruben.<\/p> <p>Die Route ist einfach, mit gut begehbaren Wegen, H\u00f6henunterschied ca. 350 Meter. Kostenlose Aktivit\u00e4t.<\/p> \",\"location\":[{\"@type\":\"Place\",\"name\":\"Bergh\u00fctte Monte Agnello\",\"address\":{\"@type\": \"PostalAddress\",\"streetAddress\":\"Loc. Pampeago, 9, 38038 Tesero TN\"}}]}<\/script><\/div>\r\n\t\t\t\t<p class=\"desc_trig_outter\" style=\"\"><a data-gmap_status=\"null\" data-exlk=\"0\" style=\"background-color: #ffa024;\" id=\"evc_17833230002116\" class=\"hasFtIMG event_repeat desc_trig sin_val evcal_list_a\" data-ux_val=\"3\" data-ux_val_mob=\"-\"  ><span class='evoet_c1 evoet_cx '><span class='ev_ftImg' data-img='https:\/\/latemarium.com\/wp-content\/uploads\/2023\/06\/geotrail-monte-agnello.jpg' data-thumb='https:\/\/latemarium.com\/wp-content\/uploads\/2023\/06\/geotrail-monte-agnello-300x240.jpg' style='background-image:url(\"https:\/\/latemarium.com\/wp-content\/uploads\/2023\/06\/geotrail-monte-agnello-300x240.jpg\")' ><\/span><\/span><span class='evoet_c2 evoet_cx '><span class='evoet_dayblock evcal_cblock ' data-bgcolor='#ffa024' data-smon='Juli' data-syr='2026' data-bub=''><span class='evo_start '><em class='date'>06<\/em><em class='month'>Jul<\/em><em class='time'>09:30<\/em><\/span><\/span><\/span><span class='evoet_c3 evoet_cx evcal_desc hide_eventtopdata '><span class='evoet_title evcal_desc2 evcal_event_title ' itemprop='name'>Geotrekking Monte Agnello<\/span><span class='event_location_attrs'  data-location_address=\"Loc. Pampeago, 9, 38038 Tesero TN\" data-location_type=\"lonlat\" data-location_name=\"Bergh\u00fctte Monte Agnello\" data-location_url=\"https:\/\/latemarium.com\/de\/event-location\/berghuette-monte-agnello\/\" data-location_status=\"true\" data-latlng=\"46.333809095680266,11.547693182509184\"><\/span><span class='evoet_subtitle evo_below_title' ><span class='evcal_event_subtitle ' >Geologische Route zur Entdeckung des antiken Vulkans Predazzo<\/span><\/span><span class='evoet_time_expand level_3'><em class='evcal_time evo_tz_time'><i class='fa fa-clock-o'><\/i>09:30<span class='evo_tz marl5'>(GMT+02:00)<\/span><\/em> <\/span><span class='evoet_location level_3'><em class=\"evcal_location\"  data-latlng=\"46.333809095680266,11.547693182509184\" data-add_str=\"Loc. Pampeago, 9, 38038 Tesero TN\" data-n=\"Bergh\u00fctte Monte Agnello\"><i class=\"fa fa-location-pin\"><\/i><em class=\"event_location_name\">Bergh\u00fctte Monte Agnello<\/em>, Loc. Pampeago, 9, 38038 Tesero TN<\/em><\/span><\/span><span class='evoet_data' data-d=\"{&quot;loc.n&quot;:&quot;Bergh\\u00fctte Monte Agnello&quot;,&quot;orgs&quot;:[],&quot;tags&quot;:{&quot;repeating&quot;:&quot;Repeating Event&quot;}}\" data-bgc=\"#ffa024\" data-bggrad=\"\" ><\/span><\/a><\/p><div class='event_description evcal_eventcard ' style=\"display:none\"><div class='evocard_row'><div id='event_ftimage' class='evocard_box ftimage' data-c='' \n\t\t\t\t\tstyle=''><div class='evocard_main_image_hold' data-t='Loading Image..'><div class='evocard_main_image evo_img_triglb evobr15 evobgsc evobgpc evodfx evofx_jc_c evofx_ai_c evofz48 minmized' style='height:300px; background-image:url();' data-f=\"https:\/\/latemarium.com\/wp-content\/uploads\/2023\/06\/geotrail-monte-agnello.jpg\" data-h=\"528\" data-w=\"661\" data-ratio=\"0.79878971255673\" data-event_id=\"2116\" data-ri=\"1\"  data-t='Loading Image..'><span style='height:300px; background-image:url(https:\/\/latemarium.com\/wp-content\/uploads\/2023\/06\/geotrail-monte-agnello.jpg)'><\/span><\/div><\/div><\/div><\/div><div class='evocard_row'><div id='event_eventdetails' class='evocard_box eventdetails' data-c='' \n\t\t\t\t\tstyle=''><div class='evo_metarow_details evorow evcal_evdata_row evcal_event_details'>\n\t\t<div class=\"event_excerpt\" style=\"display:none\"><h3 class=\"padb5 evo_h3\">Details zur Veranstaltung<\/h3><p>Malerische geologische Route zur Entdeckung des antiken Vulkans Predazzo, gef\u00fchrt von einem erfahrenen Geologen und Medienbergf\u00fchrer.\nEin Spaziergang auf den Spuren des Trias-Pompeji von Monte Agnello, wo Lava, Asche und Lapilli<\/p><\/div><span class='evcal_evdata_icons'><i class='fa fa-align-justify'><\/i><\/span>\n\t\t\n\t\t<div class='evcal_evdata_cell '>\n\t\t\t<div class='eventon_full_description'>\n\t\t\t\t<h3 class='padb5 evo_h3'><span class='evcal_evdata_icons'><i class='fa fa-align-justify'><\/i><\/span>Details zur Veranstaltung<\/h3>\n\t\t\t\t<div class='eventon_desc_in' itemprop='description'>\n\t\t\t\t<p>Malerische geologische Route zur Entdeckung des antiken Vulkans Predazzo, gef\u00fchrt von einem erfahrenen Geologen und Medienbergf\u00fchrer.<\/p>\n<p>Ein Spaziergang auf den Spuren des Trias-Pompeji von Monte Agnello, wo Lava, Asche und Lapilli ein altes tropisches Atoll begruben.<\/p>\n<p>Die Route ist einfach, mit gut begehbaren Wegen, H\u00f6henunterschied ca. 350 Meter. Kostenlose Aktivit\u00e4t.<\/p>\n<\/div><div class='clear'><\/div>\n\t\t\t<\/div>\n\t\t<\/div>\n\t<\/div><\/div><\/div><div class='evocard_row bx2 bx'><div id='event_time' class='evocard_box time' data-c='' \n\t\t\t\t\tstyle=''><div class='evo_metarow_time evorow evcal_evdata_row evcal_evrow_sm '>\n\t\t<span class='evcal_evdata_icons'><i class='fa fa-clock'><\/i><\/span>\n\t\t<div class='evcal_evdata_cell'>\t\t\t\t\t\t\t\n\t\t\t<h3 class='evo_h3'><span class='evcal_evdata_icons'><i class='fa fa-clock'><\/i><\/span>Zeitplan<\/h3><p><span class='evo_eventcard_time_t'>6 Juli 2026 09:30<\/span><span class='evo_tz marr5'>(GMT+02:00)<\/span><\/p>\n\t\t<\/div>\n\t<\/div><\/div><div id='event_location' class='evocard_box location' data-c='' \n\t\t\t\t\tstyle=''><div class='evcal_evdata_row evo_metarow_time_location evorow '>\n\t\t\n\t\t\t<span class='evcal_evdata_icons'><i class='fa fa-map-marker'><\/i><\/span>\n\t\t\t<div class='evcal_evdata_cell' data-loc_tax_id='25'><h3 class='evo_h3 evodfx'><span class='evcal_evdata_icons'><i class='fa fa-map-marker'><\/i><\/span><a target=\"_blank\" href=\"https:\/\/www.facebook.com\/profile.php?id=100064742944609\">Ort<\/a><\/h3><p class='evo_location_name'><a target=\"_blank\" href=\"https:\/\/www.facebook.com\/profile.php?id=100064742944609\">Bergh\u00fctte Monte Agnello<\/a><\/p><p class='evo_location_address evodfxi evogap10'><a target=\"_blank\" href=\"https:\/\/www.facebook.com\/profile.php?id=100064742944609\">Loc. Pampeago, 9, 38038 Tesero TN<\/a><\/p><div class='padt10'><span class='evo_btn_arr evolb_trigger' data-lbvals=\"{&quot;lbc&quot;:&quot;evo_location_lb_25&quot;,&quot;lbac&quot;:&quot;lb_max&quot;,&quot;t&quot;:&quot;Bergh\\u00fctte Monte Agnello&quot;,&quot;ajax&quot;:&quot;yes&quot;,&quot;ajax_type&quot;:&quot;endpoint&quot;,&quot;ajax_action&quot;:&quot;eventon_get_tax_card_content&quot;,&quot;end&quot;:&quot;client&quot;,&quot;d&quot;:{&quot;lang&quot;:&quot;L2&quot;,&quot;term_id&quot;:25,&quot;tax&quot;:&quot;event_location&quot;,&quot;load_lbcontent&quot;:true},&quot;uid&quot;:&quot;eventon_get_tax_card_content&quot;}\" >Other Events<i class='fa fa-chevron-right'><\/i><\/span><\/div><\/div>\n\t\t\n\t<\/div><\/div><\/div><div class='evocard_row bx2 bx'><div id='event_learnmore' class='evocard_box learnmore' data-c='' \n\t\t\t\t\tstyle=''><div class='evo_metarow_learnM evo_metarow_learnmore evorow'>\n\t\t\t\t\t\t\t<a class='evcal_evdata_row evo_clik_row ' href='https:\/\/latemarium.com\/de\/excursions\/detail\/geotrail-monte-agnello\/' target=\"_blank\">\n\t\t\t\t\t\t\t\t<span class='evcal_evdata_icons'><i class='fa fa-link'><\/i><\/span>\n\t\t\t\t\t\t\t\t<h3 class='evo_h3'>Entdecke mehr<\/h3>\n\t\t\t\t\t\t\t<\/a>\n\t\t\t\t\t\t\t<\/div><\/div><div id='event_addtocal' class='evocard_box addtocal' data-c='' \n\t\t\t\t\tstyle=''><div class='evo_metarow_ICS evorow evcal_evdata_row'>\n\t\t\t<span class='evcal_evdata_icons'><i class='fa fa-calendar-o'><\/i><\/span>\n\t\t\t<div class='evcal_evdata_cell'>\n\t\t\t\t<p><a href='https:\/\/latemarium.com\/de\/export-events\/2116_1\/?nonce=7b34e59f7d' class='evo_ics_nCal' title='Zu Ihrem Kalender hinzuf\u00fcgen'>Kalender<\/a><a href='https:\/\/www.google.com\/calendar\/event?action=TEMPLATE&text=Geotrekking+Monte+Agnello&dates=20260706T073000Z%2F20260706T215900Z&ctz=Europe%2FRome&details=Geotrekking Monte Agnello&location=Bergh%C3%BCtte+Monte+Agnello+Loc.+Pampeago%2C+9%2C+38038+Tesero+TN' target='_blank' class='evo_ics_gCal' title='Zu Google Kalender hinzuf\u00fcgen'>GoogleCal<\/a><\/p>\t\n\t\t\t<\/div>\n\t\t<\/div><\/div><\/div><div class='evocard_row'><div id='event_getdirection' class='evocard_box getdirection' data-c='' \n\t\t\t\t\tstyle=''><div class='evo_metarow_getDr evorow evcal_evdata_row evcal_evrow_sm getdirections'>\n\t\t<form action='https:\/\/maps.google.com\/maps' method='get' target='_blank'>\n\t\t\t<input type='hidden' name='daddr' value=\"46.333809095680266,11.547693182509184\"\/> \n\t\t\t<div class='evo_get_direction_content evo_fx_dr_r evogap10'>\n\t\t\t\t<span class='evogetdir_header evodfx evofx_dr_r evofx_ai_c marr10'>\n\t\t\t\t\t<i class='mainicon fa fa-road'><\/i> \n\t\t\t\t\t<h3 class='evo_h3' style='padding-bottom:5px;'>Wegbeschreibung abrufen<\/h3>\n\t\t\t\t<\/span>\n\t\t\t\t<span class='evogetdir_field evodfx evofx_1_1 evo_fx_dr_c evow100p'>\t\t\t\t\t\n\t\t\t\t\t<input class='evoInput evotac' type='text' name='saddr' placeholder='&quot;Geben Sie die Adresse ein' value='' style='margin:10px 0;'\/>\n\t\t\t\t<\/span>\n\t\t\t\t<button type='submit' class='evo_get_direction_button evo_btn_arr_circ dfx fx_ai_c' title='&quot;Klicken Sie hier'><i class='fa fa-chevron-right'><\/i> <\/button>\n\t\t\t<\/div>\n\t\t<\/form>\n\t<\/div><\/div><\/div><div class='evo_card_row_end evcal_close' title='Schlie\u00dfen'><\/div><\/div><div class='clear end'><\/div><\/div><div id=\"event_2140_1\" class=\"eventon_list_event evo_eventtop scheduled  event clrD no_et event_2140_1\" data-event_id=\"2140\" data-ri=\"1r\" data-time=\"1783328400-1783375140\" data-colr=\"#006290\" itemscope itemtype='http:\/\/schema.org\/Event'><div class=\"evo_event_schema\" style=\"display:none\" ><a itemprop='url'  href='https:\/\/latemarium.com\/de\/events\/wort-von-nikolaus-drache\/var\/ri-1.l-L2'><\/a><meta itemprop='image' content=\"https:\/\/latemarium.com\/wp-content\/uploads\/2023\/06\/foresta-dei-draghi-6.jpg\" \/><meta itemprop='startDate' content=\"2026-7-6T11:00+0:00\" \/><meta itemprop='endDate' content=\"2026-7-6T23:59+0:00\" \/><meta itemprop='eventStatus' content=\"https:\/\/schema.org\/EventScheduled\" \/><meta itemprop='eventAttendanceMode'   itemscope itemtype=\"https:\/\/schema.org\/OfflineEventAttendanceMode\"\/><script type=\"application\/ld+json\">{\"@context\": \"http:\/\/schema.org\",\"@type\": \"Event\",\n\t\t\t\t\"@id\": \"event_2140_1\",\n\t\t\t\t\"eventAttendanceMode\":\"https:\/\/schema.org\/OfflineEventAttendanceMode\",\n\t\t\t\t\"eventStatus\":\"https:\/\/schema.org\/EventScheduled\",\n\t\t\t\t\"name\": \"Wort von Nikolaus Drache\",\n\t\t\t\t\"url\": \"https:\/\/latemarium.com\/de\/events\/wort-von-nikolaus-drache\/var\/ri-1.l-L2\",\n\t\t\t\t\"startDate\": \"2026-7-6T11:00+0:00\",\n\t\t\t\t\"endDate\": \"2026-7-6T23:59+0:00\",\n\t\t\t\t\"image\":\"https:\/\/latemarium.com\/wp-content\/uploads\/2023\/06\/foresta-dei-draghi-6.jpg\", \n\t\t\t\t\"description\":\"<p>Sie springen, sie rennen, sie krabbeln, sie fliegen! Doch\u2026 sie sind nicht leicht zu sehen! Sie wissen sich gut zu verstecken \u2026 die schuppigen Schleicher! Wer sind sie? Aber die Drachen von Latemar! Einen zu treffen, und sei es nur einer, wird ein wunderbares Erlebnis sein! Ein Wort von Nikolaus Drache.<\/p> <p>Immer sonntags umd montags, vom 5. Juli bis zum 24. August 2026<br \/> bei der Bergstation der Gondelbahn Predazzo \u2013 Gardon\u00e8<br \/> um 11.00 und um 14.45 Uhr<br \/> F\u00fcr Familien mit Kindern ab 2 Jahren geeignet (Dauer: 1h30\u2018)<br \/> Vorstellung auf Italienisch<\/p> <p>&nbsp;<\/p> \"}<\/script><\/div>\r\n\t\t\t\t<p class=\"desc_trig_outter\" style=\"\"><a data-gmap_status=\"null\" data-exlk=\"0\" style=\"background-color: #006290;\" id=\"evc_17833284002140\" class=\"hasFtIMG event_repeat desc_trig sin_val evcal_list_a\" data-ux_val=\"3\" data-ux_val_mob=\"-\"  ><span class='evoet_c1 evoet_cx '><span class='ev_ftImg' data-img='https:\/\/latemarium.com\/wp-content\/uploads\/2023\/06\/foresta-dei-draghi-6.jpg' data-thumb='https:\/\/latemarium.com\/wp-content\/uploads\/2023\/06\/foresta-dei-draghi-6-300x200.jpg' style='background-image:url(\"https:\/\/latemarium.com\/wp-content\/uploads\/2023\/06\/foresta-dei-draghi-6-300x200.jpg\")' ><\/span><\/span><span class='evoet_c2 evoet_cx '><span class='evoet_dayblock evcal_cblock ' data-bgcolor='#006290' data-smon='Juli' data-syr='2026' data-bub=''><span class='evo_start '><em class='date'>06<\/em><em class='month'>Jul<\/em><em class='time'>11:00<\/em><\/span><\/span><\/span><span class='evoet_c3 evoet_cx evcal_desc hide_eventtopdata '><span class='evoet_title evcal_desc2 evcal_event_title ' itemprop='name'>Wort von Nikolaus Drache<\/span><span class='event_location_attrs' data-location_type=\"lonlat\" data-location_name=\"Seilbahn Ankunft Predazzo-Gardon\u00e8\" data-location_url=\"https:\/\/latemarium.com\/de\/event-location\/seilbahn-ankunft-predazzo-gardone\/\" data-location_status=\"true\" data-latlng=\"46.32878794406342,11.600176728690842\"><\/span><span class='evoet_subtitle evo_below_title' ><span class='evcal_event_subtitle ' >DER DRACHENWALD<\/span><\/span><span class='evoet_time_expand level_3'><em class='evcal_time evo_tz_time'><i class='fa fa-clock-o'><\/i>11:00<span class='evo_tz marl5'>(GMT+02:00)<\/span><\/em> <\/span><span class='evoet_location level_3'><em class=\"evcal_location\"  data-latlng=\"46.32878794406342,11.600176728690842\" data-add_str=\"\" data-n=\"Seilbahn Ankunft Predazzo-Gardon\u00e8\"><i class=\"fa fa-location-pin\"><\/i><em class=\"event_location_name\">Seilbahn Ankunft Predazzo-Gardon\u00e8<\/em><\/em><\/span><\/span><span class='evoet_data' data-d=\"{&quot;loc.n&quot;:&quot;Seilbahn Ankunft Predazzo-Gardon\\u00e8&quot;,&quot;orgs&quot;:[],&quot;tags&quot;:{&quot;repeating&quot;:&quot;Repeating Event&quot;}}\" data-bgc=\"#006290\" data-bggrad=\"\" ><\/span><\/a><\/p><div class='event_description evcal_eventcard ' style=\"display:none\"><div class='evocard_row'><div id='event_ftimage' class='evocard_box ftimage' data-c='' \n\t\t\t\t\tstyle=''><div class='evocard_main_image_hold' data-t='Loading Image..'><div class='evocard_main_image evo_img_triglb evobr15 evobgsc evobgpc evodfx evofx_jc_c evofx_ai_c evofz48 minmized' style='height:300px; background-image:url();' data-f=\"https:\/\/latemarium.com\/wp-content\/uploads\/2023\/06\/foresta-dei-draghi-6.jpg\" data-h=\"800\" data-w=\"1200\" data-ratio=\"0.66666666666667\" data-event_id=\"2140\" data-ri=\"1\"  data-t='Loading Image..'><span style='height:300px; background-image:url(https:\/\/latemarium.com\/wp-content\/uploads\/2023\/06\/foresta-dei-draghi-6.jpg)'><\/span><\/div><\/div><\/div><\/div><div class='evocard_row'><div id='event_eventdetails' class='evocard_box eventdetails' data-c='' \n\t\t\t\t\tstyle=''><div class='evo_metarow_details evorow evcal_evdata_row evcal_event_details'>\n\t\t<div class=\"event_excerpt\" style=\"display:none\"><h3 class=\"padb5 evo_h3\">Details zur Veranstaltung<\/h3><p>Sie springen, sie rennen, sie krabbeln, sie fliegen! Doch\u2026 sie sind nicht leicht zu sehen! Sie wissen sich gut zu verstecken \u2026 die schuppigen Schleicher! Wer sind sie? Aber die<\/p><\/div><span class='evcal_evdata_icons'><i class='fa fa-align-justify'><\/i><\/span>\n\t\t\n\t\t<div class='evcal_evdata_cell '>\n\t\t\t<div class='eventon_full_description'>\n\t\t\t\t<h3 class='padb5 evo_h3'><span class='evcal_evdata_icons'><i class='fa fa-align-justify'><\/i><\/span>Details zur Veranstaltung<\/h3>\n\t\t\t\t<div class='eventon_desc_in' itemprop='description'>\n\t\t\t\t<p>Sie springen, sie rennen, sie krabbeln, sie fliegen! Doch\u2026 sie sind nicht leicht zu sehen! Sie wissen sich gut zu verstecken \u2026 die schuppigen Schleicher! Wer sind sie? Aber die Drachen von Latemar! Einen zu treffen, und sei es nur einer, wird ein wunderbares Erlebnis sein! Ein Wort von Nikolaus Drache.<\/p>\n<p>Immer sonntags umd montags, vom 5. Juli bis zum 24. August 2026<br \/>\nbei der Bergstation der Gondelbahn Predazzo \u2013 Gardon\u00e8<br \/>\num 11.00 und um 14.45 Uhr<br \/>\nF\u00fcr Familien mit Kindern ab 2 Jahren geeignet (Dauer: 1h30\u2018)<br \/>\nVorstellung auf Italienisch<\/p>\n<p>&nbsp;<\/p>\n<\/div><div class='clear'><\/div>\n\t\t\t<\/div>\n\t\t<\/div>\n\t<\/div><\/div><\/div><div class='evocard_row bx2 bx'><div id='event_time' class='evocard_box time' data-c='' \n\t\t\t\t\tstyle=''><div class='evo_metarow_time evorow evcal_evdata_row evcal_evrow_sm '>\n\t\t<span class='evcal_evdata_icons'><i class='fa fa-clock'><\/i><\/span>\n\t\t<div class='evcal_evdata_cell'>\t\t\t\t\t\t\t\n\t\t\t<h3 class='evo_h3'><span class='evcal_evdata_icons'><i class='fa fa-clock'><\/i><\/span>Zeitplan<\/h3><p><span class='evo_eventcard_time_t'>6 Juli 2026 11:00<\/span><span class='evo_tz marr5'>(GMT+02:00)<\/span><\/p>\n\t\t<\/div>\n\t<\/div><\/div><div id='event_location' class='evocard_box location' data-c='' \n\t\t\t\t\tstyle=''><div class='evcal_evdata_row evo_metarow_time_location evorow '>\n\t\t\n\t\t\t<span class='evcal_evdata_icons'><i class='fa fa-map-marker'><\/i><\/span>\n\t\t\t<div class='evcal_evdata_cell' data-loc_tax_id='36'><h3 class='evo_h3 evodfx'><span class='evcal_evdata_icons'><i class='fa fa-map-marker'><\/i><\/span>Ort<\/h3><p class='evo_location_name'>Seilbahn Ankunft Predazzo-Gardon\u00e8<\/p><div class='padt10'><span class='evo_btn_arr evolb_trigger' data-lbvals=\"{&quot;lbc&quot;:&quot;evo_location_lb_36&quot;,&quot;lbac&quot;:&quot;lb_max&quot;,&quot;t&quot;:&quot;Seilbahn Ankunft Predazzo-Gardon\\u00e8&quot;,&quot;ajax&quot;:&quot;yes&quot;,&quot;ajax_type&quot;:&quot;endpoint&quot;,&quot;ajax_action&quot;:&quot;eventon_get_tax_card_content&quot;,&quot;end&quot;:&quot;client&quot;,&quot;d&quot;:{&quot;lang&quot;:&quot;L2&quot;,&quot;term_id&quot;:36,&quot;tax&quot;:&quot;event_location&quot;,&quot;load_lbcontent&quot;:true},&quot;uid&quot;:&quot;eventon_get_tax_card_content&quot;}\" >Other Events<i class='fa fa-chevron-right'><\/i><\/span><\/div><\/div>\n\t\t\n\t<\/div><\/div><\/div><div class='evocard_row bx2 bx'><div id='event_learnmore' class='evocard_box learnmore' data-c='' \n\t\t\t\t\tstyle=''><div class='evo_metarow_learnM evo_metarow_learnmore evorow'>\n\t\t\t\t\t\t\t<a class='evcal_evdata_row evo_clik_row ' href='https:\/\/www.montagnanimata.it\/de\/spektakel\/' target=\"_blank\">\n\t\t\t\t\t\t\t\t<span class='evcal_evdata_icons'><i class='fa fa-link'><\/i><\/span>\n\t\t\t\t\t\t\t\t<h3 class='evo_h3'>Entdecke mehr<\/h3>\n\t\t\t\t\t\t\t<\/a>\n\t\t\t\t\t\t\t<\/div><\/div><div id='event_addtocal' class='evocard_box addtocal' data-c='' \n\t\t\t\t\tstyle=''><div class='evo_metarow_ICS evorow evcal_evdata_row'>\n\t\t\t<span class='evcal_evdata_icons'><i class='fa fa-calendar-o'><\/i><\/span>\n\t\t\t<div class='evcal_evdata_cell'>\n\t\t\t\t<p><a href='https:\/\/latemarium.com\/de\/export-events\/2140_1\/?nonce=7b34e59f7d' class='evo_ics_nCal' title='Zu Ihrem Kalender hinzuf\u00fcgen'>Kalender<\/a><a href='https:\/\/www.google.com\/calendar\/event?action=TEMPLATE&text=Wort+von+Nikolaus+Drache&dates=20260706T090000Z%2F20260706T215900Z&ctz=Europe%2FRome&details=Wort von Nikolaus Drache&location=Seilbahn+Ankunft+Predazzo-Gardon%C3%A8' target='_blank' class='evo_ics_gCal' title='Zu Google Kalender hinzuf\u00fcgen'>GoogleCal<\/a><\/p>\t\n\t\t\t<\/div>\n\t\t<\/div><\/div><\/div><div class='evocard_row'><div id='event_getdirection' class='evocard_box getdirection' data-c='' \n\t\t\t\t\tstyle=''><div class='evo_metarow_getDr evorow evcal_evdata_row evcal_evrow_sm getdirections'>\n\t\t<form action='https:\/\/maps.google.com\/maps' method='get' target='_blank'>\n\t\t\t<input type='hidden' name='daddr' value=\"46.32878794406342,11.600176728690842\"\/> \n\t\t\t<div class='evo_get_direction_content evo_fx_dr_r evogap10'>\n\t\t\t\t<span class='evogetdir_header evodfx evofx_dr_r evofx_ai_c marr10'>\n\t\t\t\t\t<i class='mainicon fa fa-road'><\/i> \n\t\t\t\t\t<h3 class='evo_h3' style='padding-bottom:5px;'>Wegbeschreibung abrufen<\/h3>\n\t\t\t\t<\/span>\n\t\t\t\t<span class='evogetdir_field evodfx evofx_1_1 evo_fx_dr_c evow100p'>\t\t\t\t\t\n\t\t\t\t\t<input class='evoInput evotac' type='text' name='saddr' placeholder='&quot;Geben Sie die Adresse ein' value='' style='margin:10px 0;'\/>\n\t\t\t\t<\/span>\n\t\t\t\t<button type='submit' class='evo_get_direction_button evo_btn_arr_circ dfx fx_ai_c' title='&quot;Klicken Sie hier'><i class='fa fa-chevron-right'><\/i> <\/button>\n\t\t\t<\/div>\n\t\t<\/form>\n\t<\/div><\/div><\/div><div class='evo_card_row_end evcal_close' title='Schlie\u00dfen'><\/div><\/div><div class='clear end'><\/div><\/div><div id=\"event_2154_4\" class=\"eventon_list_event evo_eventtop scheduled  event clrW no_et event_2154_4\" data-event_id=\"2154\" data-ri=\"4r\" data-time=\"1783344000-1783375140\" data-colr=\"#b8d989\" itemscope itemtype='http:\/\/schema.org\/Event'><div class=\"evo_event_schema\" style=\"display:none\" ><a itemprop='url'  href='https:\/\/latemarium.com\/de\/events\/die-geraeusche-und-das-leben-der-malga\/var\/ri-4.l-L2'><\/a><meta itemprop='image' content=\"https:\/\/latemarium.com\/wp-content\/uploads\/2023\/06\/suoni-vita-malga.jpg\" \/><meta itemprop='startDate' content=\"2026-7-6T15:20+0:00\" \/><meta itemprop='endDate' content=\"2026-7-6T23:59+0:00\" \/><meta itemprop='eventStatus' content=\"https:\/\/schema.org\/EventScheduled\" \/><meta itemprop='eventAttendanceMode'   itemscope itemtype=\"https:\/\/schema.org\/OfflineEventAttendanceMode\"\/><div style=\"display:none\" itemprop=\"location\" itemscope itemtype=\"http:\/\/schema.org\/Place\"><span itemprop=\"name\">Pampeago<\/span><span itemprop=\"address\" itemscope itemtype=\"http:\/\/schema.org\/PostalAddress\"><item itemprop=\"streetAddress\">Localit\u00e0 Pampeago, 8, 38038 Tesero TN<\/item><\/span><\/div><script type=\"application\/ld+json\">{\"@context\": \"http:\/\/schema.org\",\"@type\": \"Event\",\n\t\t\t\t\"@id\": \"event_2154_4\",\n\t\t\t\t\"eventAttendanceMode\":\"https:\/\/schema.org\/OfflineEventAttendanceMode\",\n\t\t\t\t\"eventStatus\":\"https:\/\/schema.org\/EventScheduled\",\n\t\t\t\t\"name\": \"Die Ger\u00e4usche und das Leben der Malga\",\n\t\t\t\t\"url\": \"https:\/\/latemarium.com\/de\/events\/die-geraeusche-und-das-leben-der-malga\/var\/ri-4.l-L2\",\n\t\t\t\t\"startDate\": \"2026-7-6T15:20+0:00\",\n\t\t\t\t\"endDate\": \"2026-7-6T23:59+0:00\",\n\t\t\t\t\"image\":\"https:\/\/latemarium.com\/wp-content\/uploads\/2023\/06\/suoni-vita-malga.jpg\", \n\t\t\t\t\"description\":\"<p>Treffpunkt am Parkplatz des Tresca-Sessellifts (mit dem Auto von Pampeago erreichbar &#8211; NUR f\u00fcr diejenigen, die die Aktivit\u00e4t buchen).<\/p> <p>Nach einem kurzen Spaziergang zur Malga Pampeago entdecken Kinder und Eltern zwischen K\u00fchen, K\u00e4lbern, Eseln und Schweinen den Alltag und die Ger\u00e4usche, die das Leben der Hirten pr\u00e4gen.<\/p> <p>Am Ende der Aktivit\u00e4t gibt es einen kleinen Snack, den die Kinder genie\u00dfen oder mit nach Hause nehmen k\u00f6nnen.<\/p> <p>Aktivit\u00e4t auch mit Kinderwagen m\u00f6glich. <a href='https:\/\/www.visitfiemme.it\/de\/veranstaltungen\/fiemme-cembra-guest-card\/erlebnisse\/erlebnisse-sommer' target='_blank' rel='noopener'>Reservierung erforderlich<\/a>.<\/p> \",\"location\":[{\"@type\":\"Place\",\"name\":\"Pampeago\",\"address\":{\"@type\": \"PostalAddress\",\"streetAddress\":\"Localit\u00e0 Pampeago, 8, 38038 Tesero TN\"}}]}<\/script><\/div>\r\n\t\t\t\t<p class=\"desc_trig_outter\" style=\"\"><a data-gmap_status=\"null\" data-exlk=\"0\" style=\"background-color: #b8d989;\" id=\"evc_17833440002154\" class=\"hasFtIMG event_repeat desc_trig sin_val evcal_list_a\" data-ux_val=\"3\" data-ux_val_mob=\"-\"  ><span class='evoet_c1 evoet_cx '><span class='ev_ftImg' data-img='https:\/\/latemarium.com\/wp-content\/uploads\/2023\/06\/suoni-vita-malga.jpg' data-thumb='https:\/\/latemarium.com\/wp-content\/uploads\/2023\/06\/suoni-vita-malga-300x225.jpg' style='background-image:url(\"https:\/\/latemarium.com\/wp-content\/uploads\/2023\/06\/suoni-vita-malga-300x225.jpg\")' ><\/span><\/span><span class='evoet_c2 evoet_cx '><span class='evoet_dayblock evcal_cblock ' data-bgcolor='#b8d989' data-smon='Juli' data-syr='2026' data-bub=''><span class='evo_start '><em class='date'>06<\/em><em class='month'>Jul<\/em><em class='time'>15:20<\/em><\/span><\/span><\/span><span class='evoet_c3 evoet_cx evcal_desc hide_eventtopdata '><span class='evoet_title evcal_desc2 evcal_event_title ' itemprop='name'>Die Ger\u00e4usche und das Leben der Malga<\/span><span class='event_location_attrs'  data-location_address=\"Localit\u00e0 Pampeago, 8, 38038 Tesero TN\" data-location_type=\"lonlat\" data-location_name=\"Pampeago\" data-location_url=\"https:\/\/latemarium.com\/de\/event-location\/pampeago-de\/\" data-location_status=\"true\" data-latlng=\"46.34343697644898,11.540997527961546\"><\/span><span class='evoet_subtitle evo_below_title' ><\/span><span class='evoet_time_expand level_3'><em class='evcal_time evo_tz_time'><i class='fa fa-clock-o'><\/i>15:20<span class='evo_tz marl5'>(GMT+02:00)<\/span><\/em> <\/span><span class='evoet_location level_3'><em class=\"evcal_location\"  data-latlng=\"46.34343697644898,11.540997527961546\" data-add_str=\"Localit\u00e0 Pampeago, 8, 38038 Tesero TN\" data-n=\"Pampeago\"><i class=\"fa fa-location-pin\"><\/i><em class=\"event_location_name\">Pampeago<\/em>, Localit\u00e0 Pampeago, 8, 38038 Tesero TN<\/em><\/span><\/span><span class='evoet_data' data-d=\"{&quot;loc.n&quot;:&quot;Pampeago&quot;,&quot;orgs&quot;:[],&quot;tags&quot;:{&quot;repeating&quot;:&quot;Repeating Event&quot;}}\" data-bgc=\"#b8d989\" data-bggrad=\"\" ><\/span><\/a><\/p><div class='event_description evcal_eventcard ' style=\"display:none\"><div class='evocard_row'><div id='event_ftimage' class='evocard_box ftimage' data-c='' \n\t\t\t\t\tstyle=''><div class='evocard_main_image_hold' data-t='Loading Image..'><div class='evocard_main_image evo_img_triglb evobr15 evobgsc evobgpc evodfx evofx_jc_c evofx_ai_c evofz48 minmized' style='height:300px; background-image:url();' data-f=\"https:\/\/latemarium.com\/wp-content\/uploads\/2023\/06\/suoni-vita-malga.jpg\" data-h=\"796\" data-w=\"1062\" data-ratio=\"0.74952919020716\" data-event_id=\"2154\" data-ri=\"4\"  data-t='Loading Image..'><span style='height:300px; background-image:url(https:\/\/latemarium.com\/wp-content\/uploads\/2023\/06\/suoni-vita-malga.jpg)'><\/span><\/div><\/div><\/div><\/div><div class='evocard_row'><div id='event_eventdetails' class='evocard_box eventdetails' data-c='' \n\t\t\t\t\tstyle=''><div class='evo_metarow_details evorow evcal_evdata_row evcal_event_details'>\n\t\t<div class=\"event_excerpt\" style=\"display:none\"><h3 class=\"padb5 evo_h3\">Details zur Veranstaltung<\/h3><p>Treffpunkt am Parkplatz des Tresca-Sessellifts (mit dem Auto von Pampeago erreichbar &#8211; NUR f\u00fcr diejenigen, die die Aktivit\u00e4t buchen).\nNach einem kurzen Spaziergang zur Malga Pampeago entdecken Kinder und Eltern zwischen<\/p><\/div><span class='evcal_evdata_icons'><i class='fa fa-align-justify'><\/i><\/span>\n\t\t\n\t\t<div class='evcal_evdata_cell shorter_desc'>\n\t\t\t<div class='eventon_full_description'>\n\t\t\t\t<h3 class='padb5 evo_h3'><span class='evcal_evdata_icons'><i class='fa fa-align-justify'><\/i><\/span>Details zur Veranstaltung<\/h3>\n\t\t\t\t<div class='eventon_desc_in' itemprop='description'>\n\t\t\t\t<p>Treffpunkt am Parkplatz des Tresca-Sessellifts (mit dem Auto von Pampeago erreichbar &#8211; NUR f\u00fcr diejenigen, die die Aktivit\u00e4t buchen).<\/p>\n<p>Nach einem kurzen Spaziergang zur Malga Pampeago entdecken Kinder und Eltern zwischen K\u00fchen, K\u00e4lbern, Eseln und Schweinen den Alltag und die Ger\u00e4usche, die das Leben der Hirten pr\u00e4gen.<\/p>\n<p>Am Ende der Aktivit\u00e4t gibt es einen kleinen Snack, den die Kinder genie\u00dfen oder mit nach Hause nehmen k\u00f6nnen.<\/p>\n<p>Aktivit\u00e4t auch mit Kinderwagen m\u00f6glich. <a href=\"https:\/\/www.visitfiemme.it\/de\/veranstaltungen\/fiemme-cembra-guest-card\/erlebnisse\/erlebnisse-sommer\" target=\"_blank\" rel=\"noopener\">Reservierung erforderlich<\/a>.<\/p>\n<\/div><p class='eventon_shad_p' style='padding:5px 0 0; margin:0'>\n\t\t\t<span class='evcal_btn evo_btn_secondary evobtn_details_show_more' content='less'>\n\t\t\t\t<span class='ev_more_text' data-txt='Weniger'>Mehr<\/span><span class='ev_more_arrow ard'><\/span>\n\t\t\t<\/span>\n\t\t<\/p><div class='clear'><\/div>\n\t\t\t<\/div>\n\t\t<\/div>\n\t<\/div><\/div><\/div><div class='evocard_row bx2 bx'><div id='event_time' class='evocard_box time' data-c='' \n\t\t\t\t\tstyle=''><div class='evo_metarow_time evorow evcal_evdata_row evcal_evrow_sm '>\n\t\t<span class='evcal_evdata_icons'><i class='fa fa-clock'><\/i><\/span>\n\t\t<div class='evcal_evdata_cell'>\t\t\t\t\t\t\t\n\t\t\t<h3 class='evo_h3'><span class='evcal_evdata_icons'><i class='fa fa-clock'><\/i><\/span>Zeitplan<\/h3><p><span class='evo_eventcard_time_t'>6 Juli 2026 15:20<\/span><span class='evo_tz marr5'>(GMT+02:00)<\/span><\/p>\n\t\t<\/div>\n\t<\/div><\/div><div id='event_location' class='evocard_box location' data-c='' \n\t\t\t\t\tstyle=''><div class='evcal_evdata_row evo_metarow_time_location evorow '>\n\t\t\n\t\t\t<span class='evcal_evdata_icons'><i class='fa fa-map-marker'><\/i><\/span>\n\t\t\t<div class='evcal_evdata_cell' data-loc_tax_id='32'><h3 class='evo_h3 evodfx'><span class='evcal_evdata_icons'><i class='fa fa-map-marker'><\/i><\/span>Ort<\/h3><p class='evo_location_name'>Pampeago<\/p><p class='evo_location_address evodfxi evogap10'>Localit\u00e0 Pampeago, 8, 38038 Tesero TN<\/p><div class='padt10'><span class='evo_btn_arr evolb_trigger' data-lbvals=\"{&quot;lbc&quot;:&quot;evo_location_lb_32&quot;,&quot;lbac&quot;:&quot;lb_max&quot;,&quot;t&quot;:&quot;Pampeago&quot;,&quot;ajax&quot;:&quot;yes&quot;,&quot;ajax_type&quot;:&quot;endpoint&quot;,&quot;ajax_action&quot;:&quot;eventon_get_tax_card_content&quot;,&quot;end&quot;:&quot;client&quot;,&quot;d&quot;:{&quot;lang&quot;:&quot;L2&quot;,&quot;term_id&quot;:32,&quot;tax&quot;:&quot;event_location&quot;,&quot;load_lbcontent&quot;:true},&quot;uid&quot;:&quot;eventon_get_tax_card_content&quot;}\" >Other Events<i class='fa fa-chevron-right'><\/i><\/span><\/div><\/div>\n\t\t\n\t<\/div><\/div><\/div><div class='evocard_row'><div id='event_addtocal' class='evocard_box addtocal' data-c='' \n\t\t\t\t\tstyle=''><div class='evo_metarow_ICS evorow evcal_evdata_row'>\n\t\t\t<span class='evcal_evdata_icons'><i class='fa fa-calendar-o'><\/i><\/span>\n\t\t\t<div class='evcal_evdata_cell'>\n\t\t\t\t<p><a href='https:\/\/latemarium.com\/de\/export-events\/2154_4\/?nonce=7b34e59f7d' class='evo_ics_nCal' title='Zu Ihrem Kalender hinzuf\u00fcgen'>Kalender<\/a><a href='https:\/\/www.google.com\/calendar\/event?action=TEMPLATE&text=Die+Ger%C3%A4usche+und+das+Leben+der+Malga&dates=20260706T132000Z%2F20260706T215900Z&ctz=Europe%2FRome&details=Die Ger\u00e4usche und das Leben der Malga&location=Pampeago+Localit%C3%A0+Pampeago%2C+8%2C+38038+Tesero+TN' target='_blank' class='evo_ics_gCal' title='Zu Google Kalender hinzuf\u00fcgen'>GoogleCal<\/a><\/p>\t\n\t\t\t<\/div>\n\t\t<\/div><\/div><\/div><div class='evocard_row'><div id='event_getdirection' class='evocard_box getdirection' data-c='' \n\t\t\t\t\tstyle=''><div class='evo_metarow_getDr evorow evcal_evdata_row evcal_evrow_sm getdirections'>\n\t\t<form action='https:\/\/maps.google.com\/maps' method='get' target='_blank'>\n\t\t\t<input type='hidden' name='daddr' value=\"Localit\u00e0 Pampeago, 8, 38038 Tesero TN\"\/> \n\t\t\t<div class='evo_get_direction_content evo_fx_dr_r evogap10'>\n\t\t\t\t<span class='evogetdir_header evodfx evofx_dr_r evofx_ai_c marr10'>\n\t\t\t\t\t<i class='mainicon fa fa-road'><\/i> \n\t\t\t\t\t<h3 class='evo_h3' style='padding-bottom:5px;'>Wegbeschreibung abrufen<\/h3>\n\t\t\t\t<\/span>\n\t\t\t\t<span class='evogetdir_field evodfx evofx_1_1 evo_fx_dr_c evow100p'>\t\t\t\t\t\n\t\t\t\t\t<input class='evoInput evotac' type='text' name='saddr' placeholder='&quot;Geben Sie die Adresse ein' value='' style='margin:10px 0;'\/>\n\t\t\t\t<\/span>\n\t\t\t\t<button type='submit' class='evo_get_direction_button evo_btn_arr_circ dfx fx_ai_c' title='&quot;Klicken Sie hier'><i class='fa fa-chevron-right'><\/i> <\/button>\n\t\t\t<\/div>\n\t\t<\/form>\n\t<\/div><\/div><\/div><div class='evo_card_row_end evcal_close' title='Schlie\u00dfen'><\/div><\/div><div class='clear end'><\/div><\/div><div id=\"event_2489_2\" class=\"eventon_list_event evo_eventtop scheduled  event clrD no_et event_2489_2\" data-event_id=\"2489\" data-ri=\"2r\" data-time=\"1783409400-1783461540\" data-colr=\"#38823b\" itemscope itemtype='http:\/\/schema.org\/Event'><div class=\"evo_event_schema\" style=\"display:none\" ><a itemprop='url'  href='https:\/\/latemarium.com\/de\/events\/respirart-kunst-und-natur\/var\/ri-2.l-L2'><\/a><meta itemprop='image' content=\"https:\/\/latemarium.com\/wp-content\/uploads\/2023\/06\/respirart-respiro-arte-natura.jpg\" \/><meta itemprop='startDate' content=\"2026-7-7T09:30+0:00\" \/><meta itemprop='endDate' content=\"2026-7-7T23:59+0:00\" \/><meta itemprop='eventStatus' content=\"https:\/\/schema.org\/EventScheduled\" \/><meta itemprop='eventAttendanceMode'   itemscope itemtype=\"https:\/\/schema.org\/OfflineEventAttendanceMode\"\/><div style=\"display:none\" itemprop=\"location\" itemscope itemtype=\"http:\/\/schema.org\/Place\"><span itemprop=\"name\">Pampeago<\/span><span itemprop=\"address\" itemscope itemtype=\"http:\/\/schema.org\/PostalAddress\"><item itemprop=\"streetAddress\">Localit\u00e0 Pampeago, 8, 38038 Tesero TN<\/item><\/span><\/div><script type=\"application\/ld+json\">{\"@context\": \"http:\/\/schema.org\",\"@type\": \"Event\",\n\t\t\t\t\"@id\": \"event_2489_2\",\n\t\t\t\t\"eventAttendanceMode\":\"https:\/\/schema.org\/OfflineEventAttendanceMode\",\n\t\t\t\t\"eventStatus\":\"https:\/\/schema.org\/EventScheduled\",\n\t\t\t\t\"name\": \"Respirart: Kunst und Natur\",\n\t\t\t\t\"url\": \"https:\/\/latemarium.com\/de\/events\/respirart-kunst-und-natur\/var\/ri-2.l-L2\",\n\t\t\t\t\"startDate\": \"2026-7-7T09:30+0:00\",\n\t\t\t\t\"endDate\": \"2026-7-7T23:59+0:00\",\n\t\t\t\t\"image\":\"https:\/\/latemarium.com\/wp-content\/uploads\/2023\/06\/respirart-respiro-arte-natura.jpg\", \n\t\t\t\t\"description\":\"<h2>Kunst in der H\u00f6he: Entdeckungsreise durch RespirArt zwischen Natur und Installationen<\/h2> <p><span data-sheets-value='{&quot;1&quot;:2,&quot;2&quot;:&quot;Es beginnt um 9.30 Uhr vor dem Agnello-Sessellift-Seminovia, wo Sie den k\u00fcnstlerischen F\u00fchrer treffen, der Ihnen die Samen liefert und Sie bei der Aussaat von Blumen von oben begleitet, um Blumen zu erzeugen und so die Erde, die Bienen, die Ziegen und die K\u00fche Anschlie\u00dfend f\u00fchrt Sie der F\u00fchrer zu den Kunstwerken im Park. Auf dem 3 km langen Rundgang entdecken Sie die Inspirationen der K\u00fcnstler, die in Anwesenheit des Latemar k\u00fcnstlerische Gesten schufen.\\r\\nAktivit\u00e4t f\u00fcr Erwachsene geeignet\\r\\nKostenlose Aktivit\u00e4t (ohne Liftticket)\\r\\n&quot;}' data-sheets-userformat='{&quot;2&quot;:15235,&quot;3&quot;:{&quot;1&quot;:0},&quot;4&quot;:{&quot;1&quot;:2,&quot;2&quot;:15987699},&quot;10&quot;:1,&quot;11&quot;:1,&quot;12&quot;:0,&quot;14&quot;:{&quot;1&quot;:2,&quot;2&quot;:5592405},&quot;15&quot;:&quot;Roboto&quot;,&quot;16&quot;:10}'>Es beginnt um 9.30 Uhr vor dem Agnello-Sessellift-&#8220;Seminovia&#8221;, wo Sie den k\u00fcnstlerischen F\u00fchrer treffen, der Ihnen die Samen liefert und Sie bei der Aussaat von Blumen von oben begleitet, um Blumen zu erzeugen und so die Erde, die Bienen, die Ziegen und die K\u00fche. <\/span><\/p> <p><span data-sheets-value='{&quot;1&quot;:2,&quot;2&quot;:&quot;Es beginnt um 9.30 Uhr vor dem Agnello-Sessellift-Seminovia, wo Sie den k\u00fcnstlerischen F\u00fchrer treffen, der Ihnen die Samen liefert und Sie bei der Aussaat von Blumen von oben begleitet, um Blumen zu erzeugen und so die Erde, die Bienen, die Ziegen und die K\u00fche Anschlie\u00dfend f\u00fchrt Sie der F\u00fchrer zu den Kunstwerken im Park. Auf dem 3 km langen Rundgang entdecken Sie die Inspirationen der K\u00fcnstler, die in Anwesenheit des Latemar k\u00fcnstlerische Gesten schufen.\\r\\nAktivit\u00e4t f\u00fcr Erwachsene geeignet\\r\\nKostenlose Aktivit\u00e4t (ohne Liftticket)\\r\\n&quot;}' data-sheets-userformat='{&quot;2&quot;:15235,&quot;3&quot;:{&quot;1&quot;:0},&quot;4&quot;:{&quot;1&quot;:2,&quot;2&quot;:15987699},&quot;10&quot;:1,&quot;11&quot;:1,&quot;12&quot;:0,&quot;14&quot;:{&quot;1&quot;:2,&quot;2&quot;:5592405},&quot;15&quot;:&quot;Roboto&quot;,&quot;16&quot;:10}'>Anschlie\u00dfend f\u00fchrt Sie der F\u00fchrer zu den Kunstwerken im Park. Auf dem 3 km langen Rundgang entdecken Sie die Inspirationen der K\u00fcnstler, die in Anwesenheit des Latemar k\u00fcnstlerische Gesten schufen. <\/span><\/p> <p><span data-sheets-value='{&quot;1&quot;:2,&quot;2&quot;:&quot;Es beginnt um 9.30 Uhr vor dem Agnello-Sessellift-Seminovia, wo Sie den k\u00fcnstlerischen F\u00fchrer treffen, der Ihnen die Samen liefert und Sie bei der Aussaat von Blumen von oben begleitet, um Blumen zu erzeugen und so die Erde, die Bienen, die Ziegen und die K\u00fche Anschlie\u00dfend f\u00fchrt Sie der F\u00fchrer zu den Kunstwerken im Park. Auf dem 3 km langen Rundgang entdecken Sie die Inspirationen der K\u00fcnstler, die in Anwesenheit des Latemar k\u00fcnstlerische Gesten schufen.\\r\\nAktivit\u00e4t f\u00fcr Erwachsene geeignet\\r\\nKostenlose Aktivit\u00e4t (ohne Liftticket)\\r\\n&quot;}' data-sheets-userformat='{&quot;2&quot;:15235,&quot;3&quot;:{&quot;1&quot;:0},&quot;4&quot;:{&quot;1&quot;:2,&quot;2&quot;:15987699},&quot;10&quot;:1,&quot;11&quot;:1,&quot;12&quot;:0,&quot;14&quot;:{&quot;1&quot;:2,&quot;2&quot;:5592405},&quot;15&quot;:&quot;Roboto&quot;,&quot;16&quot;:10}'>Aktivit\u00e4t f\u00fcr Erwachsene.<\/span><\/p> <p><a href='https:\/\/www.visitfiemme.it\/de\/veranstaltungen\/fiemme-cembra-guest-card\/erlebnisse\/erlebnisse-sommer' target='_blank' rel='noopener'>Reservierung erforderlich<\/a>.<\/p> \",\"location\":[{\"@type\":\"Place\",\"name\":\"Pampeago\",\"address\":{\"@type\": \"PostalAddress\",\"streetAddress\":\"Localit\u00e0 Pampeago, 8, 38038 Tesero TN\"}}]}<\/script><\/div>\r\n\t\t\t\t<p class=\"desc_trig_outter\" style=\"\"><a data-gmtrig=\"1\" data-exlk=\"0\" style=\"background-color: #38823b;\" id=\"evc_17834094002489\" class=\"hasFtIMG event_repeat desc_trig sin_val evcal_list_a\" data-ux_val=\"3\" data-ux_val_mob=\"-\"  ><span class='evoet_c1 evoet_cx '><span class='ev_ftImg' data-img='https:\/\/latemarium.com\/wp-content\/uploads\/2023\/06\/respirart-respiro-arte-natura.jpg' data-thumb='https:\/\/latemarium.com\/wp-content\/uploads\/2023\/06\/respirart-respiro-arte-natura-300x201.jpg' style='background-image:url(\"https:\/\/latemarium.com\/wp-content\/uploads\/2023\/06\/respirart-respiro-arte-natura-300x201.jpg\")' ><\/span><\/span><span class='evoet_c2 evoet_cx '><span class='evoet_dayblock evcal_cblock ' data-bgcolor='#38823b' data-smon='Juli' data-syr='2026' data-bub=''><span class='evo_start '><em class='date'>07<\/em><em class='month'>Jul<\/em><em class='time'>09:30<\/em><\/span><\/span><\/span><span class='evoet_c3 evoet_cx evcal_desc hide_eventtopdata '><span class='evoet_title evcal_desc2 evcal_event_title ' itemprop='name'>Respirart: Kunst und Natur<\/span><span class='event_location_attrs'  data-location_address=\"Localit\u00e0 Pampeago, 8, 38038 Tesero TN\" data-location_type=\"lonlat\" data-location_name=\"Pampeago\" data-location_url=\"https:\/\/latemarium.com\/de\/event-location\/pampeago-de\/\" data-location_status=\"true\" data-latlng=\"46.34343697644898,11.540997527961546\"><\/span><span class='evoet_subtitle evo_below_title' ><span class='evcal_event_subtitle ' >ENTDECKUNG DER KUNSTPARKS: RESPIRART<\/span><\/span><span class='evoet_time_expand level_3'><em class='evcal_time evo_tz_time'><i class='fa fa-clock-o'><\/i>09:30<span class='evo_tz marl5'>(GMT+02:00)<\/span><\/em> <\/span><span class='evoet_location level_3'><em class=\"evcal_location\"  data-latlng=\"46.34343697644898,11.540997527961546\" data-add_str=\"Localit\u00e0 Pampeago, 8, 38038 Tesero TN\" data-n=\"Pampeago\"><i class=\"fa fa-location-pin\"><\/i><em class=\"event_location_name\">Pampeago<\/em>, Localit\u00e0 Pampeago, 8, 38038 Tesero TN<\/em><\/span><\/span><span class='evoet_data' data-d=\"{&quot;loc.n&quot;:&quot;Pampeago&quot;,&quot;orgs&quot;:[],&quot;tags&quot;:{&quot;repeating&quot;:&quot;Repeating Event&quot;}}\" data-bgc=\"#38823b\" data-bggrad=\"\" ><\/span><\/a><\/p><div class='event_description evcal_eventcard ' style=\"display:none\"><div class='evocard_row'><div id='event_ftimage' class='evocard_box ftimage' data-c='' \n\t\t\t\t\tstyle=''><div class='evocard_main_image_hold' data-t='Loading Image..'><div class='evocard_main_image evo_img_triglb evobr15 evobgsc evobgpc evodfx evofx_jc_c evofx_ai_c evofz48 minmized' style='height:300px; background-image:url();' data-f=\"https:\/\/latemarium.com\/wp-content\/uploads\/2023\/06\/respirart-respiro-arte-natura.jpg\" data-h=\"602\" data-w=\"899\" data-ratio=\"0.66963292547275\" data-event_id=\"2489\" data-ri=\"2\"  data-t='Loading Image..'><span style='height:300px; background-image:url(https:\/\/latemarium.com\/wp-content\/uploads\/2023\/06\/respirart-respiro-arte-natura.jpg)'><\/span><\/div><\/div><\/div><\/div><div class='evocard_row'><div id='event_eventdetails' class='evocard_box eventdetails' data-c='' \n\t\t\t\t\tstyle=''><div class='evo_metarow_details evorow evcal_evdata_row evcal_event_details'>\n\t\t<div class=\"event_excerpt\" style=\"display:none\"><h3 class=\"padb5 evo_h3\">Details zur Veranstaltung<\/h3><p>Kunst in der H\u00f6he: Entdeckungsreise durch RespirArt zwischen Natur und Installationen<\/p><\/div><span class='evcal_evdata_icons'><i class='fa fa-align-justify'><\/i><\/span>\n\t\t\n\t\t<div class='evcal_evdata_cell shorter_desc'>\n\t\t\t<div class='eventon_full_description'>\n\t\t\t\t<h3 class='padb5 evo_h3'><span class='evcal_evdata_icons'><i class='fa fa-align-justify'><\/i><\/span>Details zur Veranstaltung<\/h3>\n\t\t\t\t<div class='eventon_desc_in' itemprop='description'>\n\t\t\t\t<h2>Kunst in der H\u00f6he: Entdeckungsreise durch RespirArt zwischen Natur und Installationen<\/h2>\n<p><span data-sheets-value=\"{&quot;1&quot;:2,&quot;2&quot;:&quot;Es beginnt um 9.30 Uhr vor dem Agnello-Sessellift-Seminovia, wo Sie den k\u00fcnstlerischen F\u00fchrer treffen, der Ihnen die Samen liefert und Sie bei der Aussaat von Blumen von oben begleitet, um Blumen zu erzeugen und so die Erde, die Bienen, die Ziegen und die K\u00fche Anschlie\u00dfend f\u00fchrt Sie der F\u00fchrer zu den Kunstwerken im Park. Auf dem 3 km langen Rundgang entdecken Sie die Inspirationen der K\u00fcnstler, die in Anwesenheit des Latemar k\u00fcnstlerische Gesten schufen.rnAktivit\u00e4t f\u00fcr Erwachsene geeignetrnKostenlose Aktivit\u00e4t (ohne Liftticket)rn&quot;}\" data-sheets-userformat=\"{&quot;2&quot;:15235,&quot;3&quot;:{&quot;1&quot;:0},&quot;4&quot;:{&quot;1&quot;:2,&quot;2&quot;:15987699},&quot;10&quot;:1,&quot;11&quot;:1,&quot;12&quot;:0,&quot;14&quot;:{&quot;1&quot;:2,&quot;2&quot;:5592405},&quot;15&quot;:&quot;Roboto&quot;,&quot;16&quot;:10}\">Es beginnt um 9.30 Uhr vor dem Agnello-Sessellift-&#8220;Seminovia&#8221;, wo Sie den k\u00fcnstlerischen F\u00fchrer treffen, der Ihnen die Samen liefert und Sie bei der Aussaat von Blumen von oben begleitet, um Blumen zu erzeugen und so die Erde, die Bienen, die Ziegen und die K\u00fche. <\/span><\/p>\n<p><span data-sheets-value=\"{&quot;1&quot;:2,&quot;2&quot;:&quot;Es beginnt um 9.30 Uhr vor dem Agnello-Sessellift-Seminovia, wo Sie den k\u00fcnstlerischen F\u00fchrer treffen, der Ihnen die Samen liefert und Sie bei der Aussaat von Blumen von oben begleitet, um Blumen zu erzeugen und so die Erde, die Bienen, die Ziegen und die K\u00fche Anschlie\u00dfend f\u00fchrt Sie der F\u00fchrer zu den Kunstwerken im Park. Auf dem 3 km langen Rundgang entdecken Sie die Inspirationen der K\u00fcnstler, die in Anwesenheit des Latemar k\u00fcnstlerische Gesten schufen.rnAktivit\u00e4t f\u00fcr Erwachsene geeignetrnKostenlose Aktivit\u00e4t (ohne Liftticket)rn&quot;}\" data-sheets-userformat=\"{&quot;2&quot;:15235,&quot;3&quot;:{&quot;1&quot;:0},&quot;4&quot;:{&quot;1&quot;:2,&quot;2&quot;:15987699},&quot;10&quot;:1,&quot;11&quot;:1,&quot;12&quot;:0,&quot;14&quot;:{&quot;1&quot;:2,&quot;2&quot;:5592405},&quot;15&quot;:&quot;Roboto&quot;,&quot;16&quot;:10}\">Anschlie\u00dfend f\u00fchrt Sie der F\u00fchrer zu den Kunstwerken im Park. Auf dem 3 km langen Rundgang entdecken Sie die Inspirationen der K\u00fcnstler, die in Anwesenheit des Latemar k\u00fcnstlerische Gesten schufen. <\/span><\/p>\n<p><span data-sheets-value=\"{&quot;1&quot;:2,&quot;2&quot;:&quot;Es beginnt um 9.30 Uhr vor dem Agnello-Sessellift-Seminovia, wo Sie den k\u00fcnstlerischen F\u00fchrer treffen, der Ihnen die Samen liefert und Sie bei der Aussaat von Blumen von oben begleitet, um Blumen zu erzeugen und so die Erde, die Bienen, die Ziegen und die K\u00fche Anschlie\u00dfend f\u00fchrt Sie der F\u00fchrer zu den Kunstwerken im Park. Auf dem 3 km langen Rundgang entdecken Sie die Inspirationen der K\u00fcnstler, die in Anwesenheit des Latemar k\u00fcnstlerische Gesten schufen.rnAktivit\u00e4t f\u00fcr Erwachsene geeignetrnKostenlose Aktivit\u00e4t (ohne Liftticket)rn&quot;}\" data-sheets-userformat=\"{&quot;2&quot;:15235,&quot;3&quot;:{&quot;1&quot;:0},&quot;4&quot;:{&quot;1&quot;:2,&quot;2&quot;:15987699},&quot;10&quot;:1,&quot;11&quot;:1,&quot;12&quot;:0,&quot;14&quot;:{&quot;1&quot;:2,&quot;2&quot;:5592405},&quot;15&quot;:&quot;Roboto&quot;,&quot;16&quot;:10}\">Aktivit\u00e4t f\u00fcr Erwachsene.<\/span><\/p>\n<p><a href=\"https:\/\/www.visitfiemme.it\/de\/veranstaltungen\/fiemme-cembra-guest-card\/erlebnisse\/erlebnisse-sommer\" target=\"_blank\" rel=\"noopener\">Reservierung erforderlich<\/a>.<\/p>\n<\/div><p class='eventon_shad_p' style='padding:5px 0 0; margin:0'>\n\t\t\t<span class='evcal_btn evo_btn_secondary evobtn_details_show_more' content='less'>\n\t\t\t\t<span class='ev_more_text' data-txt='Weniger'>Mehr<\/span><span class='ev_more_arrow ard'><\/span>\n\t\t\t<\/span>\n\t\t<\/p><div class='clear'><\/div>\n\t\t\t<\/div>\n\t\t<\/div>\n\t<\/div><\/div><\/div><div class='evocard_row bx2 bx'><div id='event_time' class='evocard_box time' data-c='' \n\t\t\t\t\tstyle=''><div class='evo_metarow_time evorow evcal_evdata_row evcal_evrow_sm '>\n\t\t<span class='evcal_evdata_icons'><i class='fa fa-clock'><\/i><\/span>\n\t\t<div class='evcal_evdata_cell'>\t\t\t\t\t\t\t\n\t\t\t<h3 class='evo_h3'><span class='evcal_evdata_icons'><i class='fa fa-clock'><\/i><\/span>Zeitplan<\/h3><p><span class='evo_eventcard_time_t'>7 Juli 2026 09:30<\/span><span class='evo_tz marr5'>(GMT+02:00)<\/span><\/p>\n\t\t<\/div>\n\t<\/div><\/div><div id='event_location' class='evocard_box location' data-c='' \n\t\t\t\t\tstyle=''><div class='evcal_evdata_row evo_metarow_time_location evorow '>\n\t\t\n\t\t\t<span class='evcal_evdata_icons'><i class='fa fa-map-marker'><\/i><\/span>\n\t\t\t<div class='evcal_evdata_cell' data-loc_tax_id='32'><h3 class='evo_h3 evodfx'><span class='evcal_evdata_icons'><i class='fa fa-map-marker'><\/i><\/span>Ort<\/h3><p class='evo_location_name'>Pampeago<\/p><p class='evo_location_address evodfxi evogap10'>Localit\u00e0 Pampeago, 8, 38038 Tesero TN<\/p><div class='padt10'><span class='evo_btn_arr evolb_trigger' data-lbvals=\"{&quot;lbc&quot;:&quot;evo_location_lb_32&quot;,&quot;lbac&quot;:&quot;lb_max&quot;,&quot;t&quot;:&quot;Pampeago&quot;,&quot;ajax&quot;:&quot;yes&quot;,&quot;ajax_type&quot;:&quot;endpoint&quot;,&quot;ajax_action&quot;:&quot;eventon_get_tax_card_content&quot;,&quot;end&quot;:&quot;client&quot;,&quot;d&quot;:{&quot;lang&quot;:&quot;L2&quot;,&quot;term_id&quot;:32,&quot;tax&quot;:&quot;event_location&quot;,&quot;load_lbcontent&quot;:true},&quot;uid&quot;:&quot;eventon_get_tax_card_content&quot;}\" >Other Events<i class='fa fa-chevron-right'><\/i><\/span><\/div><\/div>\n\t\t\n\t<\/div><\/div><\/div><div class='evocard_row'><div id='event_addtocal' class='evocard_box addtocal' data-c='' \n\t\t\t\t\tstyle=''><div class='evo_metarow_ICS evorow evcal_evdata_row'>\n\t\t\t<span class='evcal_evdata_icons'><i class='fa fa-calendar-o'><\/i><\/span>\n\t\t\t<div class='evcal_evdata_cell'>\n\t\t\t\t<p><a href='https:\/\/latemarium.com\/de\/export-events\/2489_2\/?nonce=7b34e59f7d' class='evo_ics_nCal' title='Zu Ihrem Kalender hinzuf\u00fcgen'>Kalender<\/a><a href='https:\/\/www.google.com\/calendar\/event?action=TEMPLATE&text=Respirart%3A+Kunst+und+Natur&dates=20260707T073000Z%2F20260707T215900Z&ctz=Europe%2FRome&details=Respirart: Kunst und Natur&location=Pampeago+Localit%C3%A0+Pampeago%2C+8%2C+38038+Tesero+TN' target='_blank' class='evo_ics_gCal' title='Zu Google Kalender hinzuf\u00fcgen'>GoogleCal<\/a><\/p>\t\n\t\t\t<\/div>\n\t\t<\/div><\/div><\/div><div class='evocard_row'><div id='event_repeats' class='evocard_box repeats' data-c='' \n\t\t\t\t\tstyle=''><div class='evo_metarow_repeats evorow evcal_evdata_row evcal_evrow_sm '>\n\t\t<span class='evcal_evdata_icons'><i class='fa fa-repeat'><\/i><\/span>\n\t\t<div class='evcal_evdata_cell'>\t\t\t\t\t\t\t\n\t\t\t<h3 class='evo_h3'>Zeitplan f\u00fcr k\u00fcnftige Veranstaltungen dieser Veranstaltungsreihe<\/h3><div class='evo_elm_HCS evo_repeat_series' style=''><span class='evo_elmHCS_nav HCSnavL evo_repeat_series content_slide_trig'><i class='fa fa-chevron-left'><\/i><\/span><span class='evo_elmHCS_nav HCSnavR evo_repeat_series content_slide_trig'><i class='fa fa-chevron-right'><\/i><\/span><div class='evo_elm_HCS_in'><div class='evo_repeat_series_dates clickable evodfx evofx_dr_r evogap10' data-click='1' data-event_url='https:\/\/latemarium.com\/de\/events\/respirart-kunst-und-natur\/var\/ri-2.l-L2'><span class='evo_repeat_series_date evodfx evofx_dr_r evofx_ai_c evogap5 evobr15 evobrdB1 evocl1 evopad15 evottu evofz14 evocurp evo_trans_sc1_03 evoHbgcw' data-ux=\"def\" data-l=\"https:\/\/latemarium.com\/de\/events\/respirart-kunst-und-natur\/var\/ri-3.l-L2\" ><span class='evodfx evofx_dr_c evotac evofx_jc_c'><b class='j evofz16'>14<\/b><b class='fy'>Juli <\/b><em class='t evofsn'>09:30<\/em><\/span><\/span><span class='evo_repeat_series_date evodfx evofx_dr_r evofx_ai_c evogap5 evobr15 evobrdB1 evocl1 evopad15 evottu evofz14 evocurp evo_trans_sc1_03 evoHbgcw' data-ux=\"def\" data-l=\"https:\/\/latemarium.com\/de\/events\/respirart-kunst-und-natur\/var\/ri-4.l-L2\" ><span class='evodfx evofx_dr_c evotac evofx_jc_c'><b class='j evofz16'>21<\/b><b class='fy'>Juli <\/b><em class='t evofsn'>09:30<\/em><\/span><\/span><span class='evo_repeat_series_date evodfx evofx_dr_r evofx_ai_c evogap5 evobr15 evobrdB1 evocl1 evopad15 evottu evofz14 evocurp evo_trans_sc1_03 evoHbgcw' data-ux=\"def\" data-l=\"https:\/\/latemarium.com\/de\/events\/respirart-kunst-und-natur\/var\/ri-5.l-L2\" ><span class='evodfx evofx_dr_c evotac evofx_jc_c'><b class='j evofz16'>28<\/b><b class='fy'>Juli <\/b><em class='t evofsn'>09:30<\/em><\/span><\/span><span class='evo_repeat_series_date evodfx evofx_dr_r evofx_ai_c evogap5 evobr15 evobrdB1 evocl1 evopad15 evottu evofz14 evocurp evo_trans_sc1_03 evoHbgcw' data-ux=\"def\" data-l=\"https:\/\/latemarium.com\/de\/events\/respirart-kunst-und-natur\/var\/ri-6.l-L2\" ><span class='evodfx evofx_dr_c evotac evofx_jc_c'><b class='j evofz16'>4<\/b><b class='fy'>August <\/b><em class='t evofsn'>09:30<\/em><\/span><\/span><span class='evo_repeat_series_date evodfx evofx_dr_r evofx_ai_c evogap5 evobr15 evobrdB1 evocl1 evopad15 evottu evofz14 evocurp evo_trans_sc1_03 evoHbgcw' data-ux=\"def\" data-l=\"https:\/\/latemarium.com\/de\/events\/respirart-kunst-und-natur\/var\/ri-7.l-L2\" ><span class='evodfx evofx_dr_c evotac evofx_jc_c'><b class='j evofz16'>11<\/b><b class='fy'>August <\/b><em class='t evofsn'>09:30<\/em><\/span><\/span><span class='evo_repeat_series_date evodfx evofx_dr_r evofx_ai_c evogap5 evobr15 evobrdB1 evocl1 evopad15 evottu evofz14 evocurp evo_trans_sc1_03 evoHbgcw' data-ux=\"def\" data-l=\"https:\/\/latemarium.com\/de\/events\/respirart-kunst-und-natur\/var\/ri-8.l-L2\" ><span class='evodfx evofx_dr_c evotac evofx_jc_c'><b class='j evofz16'>18<\/b><b class='fy'>August <\/b><em class='t evofsn'>09:30<\/em><\/span><\/span><span class='evo_repeat_series_date evodfx evofx_dr_r evofx_ai_c evogap5 evobr15 evobrdB1 evocl1 evopad15 evottu evofz14 evocurp evo_trans_sc1_03 evoHbgcw' data-ux=\"def\" data-l=\"https:\/\/latemarium.com\/de\/events\/respirart-kunst-und-natur\/var\/ri-9.l-L2\" ><span class='evodfx evofx_dr_c evotac evofx_jc_c'><b class='j evofz16'>25<\/b><b class='fy'>August <\/b><em class='t evofsn'>09:30<\/em><\/span><\/span><span class='evo_repeat_series_date evodfx evofx_dr_r evofx_ai_c evogap5 evobr15 evobrdB1 evocl1 evopad15 evottu evofz14 evocurp evo_trans_sc1_03 evoHbgcw' data-ux=\"def\" data-l=\"https:\/\/latemarium.com\/de\/events\/respirart-kunst-und-natur\/var\/ri-10.l-L2\" ><span class='evodfx evofx_dr_c evotac evofx_jc_c'><b class='j evofz16'>1<\/b><b class='fy'>September <\/b><em class='t evofsn'>09:30<\/em><\/span><\/span><span class='evo_repeat_series_date evodfx evofx_dr_r evofx_ai_c evogap5 evobr15 evobrdB1 evocl1 evopad15 evottu evofz14 evocurp evo_trans_sc1_03 evoHbgcw' data-ux=\"def\" data-l=\"https:\/\/latemarium.com\/de\/events\/respirart-kunst-und-natur\/var\/ri-11.l-L2\" ><span class='evodfx evofx_dr_c evotac evofx_jc_c'><b class='j evofz16'>8<\/b><b class='fy'>September <\/b><em class='t evofsn'>09:30<\/em><\/span><\/span><\/div><\/div><\/div><\/div><\/div><\/div><\/div><div class='evocard_row'><div id='event_getdirection' class='evocard_box getdirection' data-c='' \n\t\t\t\t\tstyle=''><div class='evo_metarow_getDr evorow evcal_evdata_row evcal_evrow_sm getdirections'>\n\t\t<form action='https:\/\/maps.google.com\/maps' method='get' target='_blank'>\n\t\t\t<input type='hidden' name='daddr' value=\"Localit\u00e0 Pampeago, 8, 38038 Tesero TN\"\/> \n\t\t\t<div class='evo_get_direction_content evo_fx_dr_r evogap10'>\n\t\t\t\t<span class='evogetdir_header evodfx evofx_dr_r evofx_ai_c marr10'>\n\t\t\t\t\t<i class='mainicon fa fa-road'><\/i> \n\t\t\t\t\t<h3 class='evo_h3' style='padding-bottom:5px;'>Wegbeschreibung abrufen<\/h3>\n\t\t\t\t<\/span>\n\t\t\t\t<span class='evogetdir_field evodfx evofx_1_1 evo_fx_dr_c evow100p'>\t\t\t\t\t\n\t\t\t\t\t<input class='evoInput evotac' type='text' name='saddr' placeholder='&quot;Geben Sie die Adresse ein' value='' style='margin:10px 0;'\/>\n\t\t\t\t<\/span>\n\t\t\t\t<button type='submit' class='evo_get_direction_button evo_btn_arr_circ dfx fx_ai_c' title='&quot;Klicken Sie hier'><i class='fa fa-chevron-right'><\/i> <\/button>\n\t\t\t<\/div>\n\t\t<\/form>\n\t<\/div><\/div><\/div><div class='evo_card_row_end evcal_close' title='Schlie\u00dfen'><\/div><\/div><div class='clear end'><\/div><\/div><div id=\"event_2856_0\" class=\"eventon_list_event evo_eventtop scheduled  event clrW no_et event_2856_0\" data-event_id=\"2856\" data-ri=\"0r\" data-time=\"1783414800-1783461540\" data-colr=\"#a69dcd\" itemscope itemtype='http:\/\/schema.org\/Event'><div class=\"evo_event_schema\" style=\"display:none\" ><a itemprop='url'  href='https:\/\/latemarium.com\/de\/events\/dort-oben-erwartet-uns-die-strasse-des-dahu-2\/var\/ri-0.l-L2'><\/a><meta itemprop='image' content=\"https:\/\/latemarium.com\/wp-content\/uploads\/2023\/06\/forse-dahu-sa.jpg\" \/><meta itemprop='startDate' content=\"2026-7-7T11:00+0:00\" \/><meta itemprop='endDate' content=\"2026-7-7T23:59+0:00\" \/><meta itemprop='eventStatus' content=\"https:\/\/schema.org\/EventScheduled\" \/><meta itemprop='eventAttendanceMode'   itemscope itemtype=\"https:\/\/schema.org\/OfflineEventAttendanceMode\"\/><script type=\"application\/ld+json\">{\"@context\": \"http:\/\/schema.org\",\"@type\": \"Event\",\n\t\t\t\t\"@id\": \"event_2856_0\",\n\t\t\t\t\"eventAttendanceMode\":\"https:\/\/schema.org\/OfflineEventAttendanceMode\",\n\t\t\t\t\"eventStatus\":\"https:\/\/schema.org\/EventScheduled\",\n\t\t\t\t\"name\": \"DORT OBEN ERWARTET UNS DIE STRASSE DES DAH\u00d9\",\n\t\t\t\t\"url\": \"https:\/\/latemarium.com\/de\/events\/dort-oben-erwartet-uns-die-strasse-des-dahu-2\/var\/ri-0.l-L2\",\n\t\t\t\t\"startDate\": \"2026-7-7T11:00+0:00\",\n\t\t\t\t\"endDate\": \"2026-7-7T23:59+0:00\",\n\t\t\t\t\"image\":\"https:\/\/latemarium.com\/wp-content\/uploads\/2023\/06\/forse-dahu-sa.jpg\", \n\t\t\t\t\"description\":\"<p>\u201eDas unerkl\u00e4rliche Gleichgewicht des Dahu f\u00fchrt die Forscher zu einer gro\u00dfen Entwicklung mit st\u00e4ndigen Perspektivwechseln: von oben nach unten, von hier nach dort\u201c.<\/p> <p>Dienstags: vom 7. Juli bis 25. August 2026<br \/> bei der Bergstation der Gondelbahn Predazzo \u2013 Gardon\u00e8<br \/> um 11.00 Uhr<br \/> F\u00fcr Familien (Dauer: 1h30\u2018)<br \/> Vorstellung auf Italienisch<\/p> <p>&nbsp;<\/p> <p>&nbsp;<\/p> \"}<\/script><\/div>\r\n\t\t\t\t<p class=\"desc_trig_outter\" style=\"\"><a data-gmap_status=\"null\" data-exlk=\"0\" style=\"background-color: #a69dcd;\" id=\"evc_17834148002856\" class=\"hasFtIMG event_repeat desc_trig sin_val evcal_list_a\" data-ux_val=\"3\" data-ux_val_mob=\"-\"  ><span class='evoet_c1 evoet_cx '><span class='ev_ftImg' data-img='https:\/\/latemarium.com\/wp-content\/uploads\/2023\/06\/forse-dahu-sa.jpg' data-thumb='https:\/\/latemarium.com\/wp-content\/uploads\/2023\/06\/forse-dahu-sa-300x204.jpg' style='background-image:url(\"https:\/\/latemarium.com\/wp-content\/uploads\/2023\/06\/forse-dahu-sa-300x204.jpg\")' ><\/span><\/span><span class='evoet_c2 evoet_cx '><span class='evoet_dayblock evcal_cblock ' data-bgcolor='#a69dcd' data-smon='Juli' data-syr='2026' data-bub=''><span class='evo_start '><em class='date'>07<\/em><em class='month'>Jul<\/em><em class='time'>11:00<\/em><\/span><\/span><\/span><span class='evoet_c3 evoet_cx evcal_desc hide_eventtopdata '><span class='evoet_title evcal_desc2 evcal_event_title ' itemprop='name'>DORT OBEN ERWARTET UNS DIE STRASSE DES DAH\u00d9<\/span><span class='event_location_attrs' data-location_type=\"lonlat\" data-location_name=\"Seilbahn Ankunft Predazzo-Gardon\u00e8\" data-location_url=\"https:\/\/latemarium.com\/de\/event-location\/seilbahn-ankunft-predazzo-gardone\/\" data-location_status=\"true\" data-latlng=\"46.32878794406342,11.600176728690842\"><\/span><span class='evoet_subtitle evo_below_title' ><span class='evcal_event_subtitle ' >auf dem Pfad des Zerstreuten Hirten<\/span><\/span><span class='evoet_time_expand level_3'><em class='evcal_time evo_tz_time'><i class='fa fa-clock-o'><\/i>11:00<span class='evo_tz marl5'>(GMT+02:00)<\/span><\/em> <\/span><span class='evoet_location level_3'><em class=\"evcal_location\"  data-latlng=\"46.32878794406342,11.600176728690842\" data-add_str=\"\" data-n=\"Seilbahn Ankunft Predazzo-Gardon\u00e8\"><i class=\"fa fa-location-pin\"><\/i><em class=\"event_location_name\">Seilbahn Ankunft Predazzo-Gardon\u00e8<\/em><\/em><\/span><\/span><span class='evoet_data' data-d=\"{&quot;loc.n&quot;:&quot;Seilbahn Ankunft Predazzo-Gardon\\u00e8&quot;,&quot;orgs&quot;:[],&quot;tags&quot;:{&quot;repeating&quot;:&quot;Repeating Event&quot;}}\" data-bgc=\"#a69dcd\" data-bggrad=\"\" ><\/span><\/a><\/p><div class='event_description evcal_eventcard ' style=\"display:none\"><div class='evocard_row'><div id='event_ftimage' class='evocard_box ftimage' data-c='' \n\t\t\t\t\tstyle=''><div class='evocard_main_image_hold' data-t='Loading Image..'><div class='evocard_main_image evo_img_triglb evobr15 evobgsc evobgpc evodfx evofx_jc_c evofx_ai_c evofz48 minmized' style='height:300px; background-image:url();' data-f=\"https:\/\/latemarium.com\/wp-content\/uploads\/2023\/06\/forse-dahu-sa.jpg\" data-h=\"587\" data-w=\"862\" data-ratio=\"0.68097447795824\" data-event_id=\"2856\" data-ri=\"0\"  data-t='Loading Image..'><span style='height:300px; background-image:url(https:\/\/latemarium.com\/wp-content\/uploads\/2023\/06\/forse-dahu-sa.jpg)'><\/span><\/div><\/div><\/div><\/div><div class='evocard_row'><div id='event_eventdetails' class='evocard_box eventdetails' data-c='' \n\t\t\t\t\tstyle=''><div class='evo_metarow_details evorow evcal_evdata_row evcal_event_details'>\n\t\t<div class=\"event_excerpt\" style=\"display:none\"><h3 class=\"padb5 evo_h3\">Details zur Veranstaltung<\/h3><p>\u201eDas unerkl\u00e4rliche Gleichgewicht des Dahu f\u00fchrt die Forscher zu einer gro\u00dfen Entwicklung mit st\u00e4ndigen Perspektivwechseln: von oben nach unten, von hier nach dort\u201c.\nDienstags: vom 7. Juli bis 25. August 2026<\/p><\/div><span class='evcal_evdata_icons'><i class='fa fa-align-justify'><\/i><\/span>\n\t\t\n\t\t<div class='evcal_evdata_cell '>\n\t\t\t<div class='eventon_full_description'>\n\t\t\t\t<h3 class='padb5 evo_h3'><span class='evcal_evdata_icons'><i class='fa fa-align-justify'><\/i><\/span>Details zur Veranstaltung<\/h3>\n\t\t\t\t<div class='eventon_desc_in' itemprop='description'>\n\t\t\t\t<p>\u201eDas unerkl\u00e4rliche Gleichgewicht des Dahu f\u00fchrt die Forscher zu einer gro\u00dfen Entwicklung mit st\u00e4ndigen Perspektivwechseln: von oben nach unten, von hier nach dort\u201c.<\/p>\n<p>Dienstags: vom 7. Juli bis 25. August 2026<br \/>\nbei der Bergstation der Gondelbahn Predazzo \u2013 Gardon\u00e8<br \/>\num 11.00 Uhr<br \/>\nF\u00fcr Familien (Dauer: 1h30\u2018)<br \/>\nVorstellung auf Italienisch<\/p>\n<p>&nbsp;<\/p>\n<p>&nbsp;<\/p>\n<\/div><div class='clear'><\/div>\n\t\t\t<\/div>\n\t\t<\/div>\n\t<\/div><\/div><\/div><div class='evocard_row bx2 bx'><div id='event_time' class='evocard_box time' data-c='' \n\t\t\t\t\tstyle=''><div class='evo_metarow_time evorow evcal_evdata_row evcal_evrow_sm '>\n\t\t<span class='evcal_evdata_icons'><i class='fa fa-clock'><\/i><\/span>\n\t\t<div class='evcal_evdata_cell'>\t\t\t\t\t\t\t\n\t\t\t<h3 class='evo_h3'><span class='evcal_evdata_icons'><i class='fa fa-clock'><\/i><\/span>Zeitplan<\/h3><p><span class='evo_eventcard_time_t'>7 Juli 2026 11:00<\/span><span class='evo_tz marr5'>(GMT+02:00)<\/span><\/p>\n\t\t<\/div>\n\t<\/div><\/div><div id='event_location' class='evocard_box location' data-c='' \n\t\t\t\t\tstyle=''><div class='evcal_evdata_row evo_metarow_time_location evorow '>\n\t\t\n\t\t\t<span class='evcal_evdata_icons'><i class='fa fa-map-marker'><\/i><\/span>\n\t\t\t<div class='evcal_evdata_cell' data-loc_tax_id='36'><h3 class='evo_h3 evodfx'><span class='evcal_evdata_icons'><i class='fa fa-map-marker'><\/i><\/span>Ort<\/h3><p class='evo_location_name'>Seilbahn Ankunft Predazzo-Gardon\u00e8<\/p><div class='padt10'><span class='evo_btn_arr evolb_trigger' data-lbvals=\"{&quot;lbc&quot;:&quot;evo_location_lb_36&quot;,&quot;lbac&quot;:&quot;lb_max&quot;,&quot;t&quot;:&quot;Seilbahn Ankunft Predazzo-Gardon\\u00e8&quot;,&quot;ajax&quot;:&quot;yes&quot;,&quot;ajax_type&quot;:&quot;endpoint&quot;,&quot;ajax_action&quot;:&quot;eventon_get_tax_card_content&quot;,&quot;end&quot;:&quot;client&quot;,&quot;d&quot;:{&quot;lang&quot;:&quot;L2&quot;,&quot;term_id&quot;:36,&quot;tax&quot;:&quot;event_location&quot;,&quot;load_lbcontent&quot;:true},&quot;uid&quot;:&quot;eventon_get_tax_card_content&quot;}\" >Other Events<i class='fa fa-chevron-right'><\/i><\/span><\/div><\/div>\n\t\t\n\t<\/div><\/div><\/div><div class='evocard_row bx2 bx'><div id='event_learnmore' class='evocard_box learnmore' data-c='' \n\t\t\t\t\tstyle=''><div class='evo_metarow_learnM evo_metarow_learnmore evorow'>\n\t\t\t\t\t\t\t<a class='evcal_evdata_row evo_clik_row ' href='https:\/\/www.montagnanimata.it\/de\/spektakel\/' target=\"_blank\">\n\t\t\t\t\t\t\t\t<span class='evcal_evdata_icons'><i class='fa fa-link'><\/i><\/span>\n\t\t\t\t\t\t\t\t<h3 class='evo_h3'>Entdecke mehr<\/h3>\n\t\t\t\t\t\t\t<\/a>\n\t\t\t\t\t\t\t<\/div><\/div><div id='event_addtocal' class='evocard_box addtocal' data-c='' \n\t\t\t\t\tstyle=''><div class='evo_metarow_ICS evorow evcal_evdata_row'>\n\t\t\t<span class='evcal_evdata_icons'><i class='fa fa-calendar-o'><\/i><\/span>\n\t\t\t<div class='evcal_evdata_cell'>\n\t\t\t\t<p><a href='https:\/\/latemarium.com\/de\/export-events\/2856_0\/?nonce=7b34e59f7d' class='evo_ics_nCal' title='Zu Ihrem Kalender hinzuf\u00fcgen'>Kalender<\/a><a href='https:\/\/www.google.com\/calendar\/event?action=TEMPLATE&text=DORT+OBEN+ERWARTET+UNS+DIE+STRASSE+DES+DAH%C3%99&dates=20260707T090000Z%2F20260707T215900Z&ctz=Europe%2FRome&details=DORT OBEN ERWARTET UNS DIE STRASSE DES DAH\u00d9&location=Seilbahn+Ankunft+Predazzo-Gardon%C3%A8' target='_blank' class='evo_ics_gCal' title='Zu Google Kalender hinzuf\u00fcgen'>GoogleCal<\/a><\/p>\t\n\t\t\t<\/div>\n\t\t<\/div><\/div><\/div><div class='evocard_row'><div id='event_getdirection' class='evocard_box getdirection' data-c='' \n\t\t\t\t\tstyle=''><div class='evo_metarow_getDr evorow evcal_evdata_row evcal_evrow_sm getdirections'>\n\t\t<form action='https:\/\/maps.google.com\/maps' method='get' target='_blank'>\n\t\t\t<input type='hidden' name='daddr' value=\"46.32878794406342,11.600176728690842\"\/> \n\t\t\t<div class='evo_get_direction_content evo_fx_dr_r evogap10'>\n\t\t\t\t<span class='evogetdir_header evodfx evofx_dr_r evofx_ai_c marr10'>\n\t\t\t\t\t<i class='mainicon fa fa-road'><\/i> \n\t\t\t\t\t<h3 class='evo_h3' style='padding-bottom:5px;'>Wegbeschreibung abrufen<\/h3>\n\t\t\t\t<\/span>\n\t\t\t\t<span class='evogetdir_field evodfx evofx_1_1 evo_fx_dr_c evow100p'>\t\t\t\t\t\n\t\t\t\t\t<input class='evoInput evotac' type='text' name='saddr' placeholder='&quot;Geben Sie die Adresse ein' value='' style='margin:10px 0;'\/>\n\t\t\t\t<\/span>\n\t\t\t\t<button type='submit' class='evo_get_direction_button evo_btn_arr_circ dfx fx_ai_c' title='&quot;Klicken Sie hier'><i class='fa fa-chevron-right'><\/i> <\/button>\n\t\t\t<\/div>\n\t\t<\/form>\n\t<\/div><\/div><\/div><div class='evo_card_row_end evcal_close' title='Schlie\u00dfen'><\/div><\/div><div class='clear end'><\/div><\/div><div id=\"event_2107_2\" class=\"eventon_list_event evo_eventtop scheduled  event clrW no_et event_2107_2\" data-event_id=\"2107\" data-ri=\"2r\" data-time=\"1783423800-1783461540\" data-colr=\"#facd05\" itemscope itemtype='http:\/\/schema.org\/Event'><div class=\"evo_event_schema\" style=\"display:none\" ><a itemprop='url'  href='https:\/\/latemarium.com\/de\/events\/mindful-latemar\/var\/ri-2.l-L2'><\/a><meta itemprop='image' content=\"https:\/\/latemarium.com\/wp-content\/uploads\/2023\/06\/\u00a9Obereggen_LatemarAG.SpA_Mindful.Latemar_Ph.Guenther.Pichler_06.jpg\" \/><meta itemprop='startDate' content=\"2026-7-7T13:30+0:00\" \/><meta itemprop='endDate' content=\"2026-7-7T23:59+0:00\" \/><meta itemprop='eventStatus' content=\"https:\/\/schema.org\/EventScheduled\" \/><meta itemprop='eventAttendanceMode'   itemscope itemtype=\"https:\/\/schema.org\/OfflineEventAttendanceMode\"\/><div style=\"display:none\" itemprop=\"location\" itemscope itemtype=\"http:\/\/schema.org\/Place\"><span itemprop=\"name\">Talstation Obereggen<\/span><span itemprop=\"address\" itemscope itemtype=\"http:\/\/schema.org\/PostalAddress\"><item itemprop=\"streetAddress\">Obereggen 16 I-39050 Deutschnofen (BZ)<\/item><\/span><\/div><script type=\"application\/ld+json\">{\"@context\": \"http:\/\/schema.org\",\"@type\": \"Event\",\n\t\t\t\t\"@id\": \"event_2107_2\",\n\t\t\t\t\"eventAttendanceMode\":\"https:\/\/schema.org\/OfflineEventAttendanceMode\",\n\t\t\t\t\"eventStatus\":\"https:\/\/schema.org\/EventScheduled\",\n\t\t\t\t\"name\": \"Mindful.Latemar\",\n\t\t\t\t\"url\": \"https:\/\/latemarium.com\/de\/events\/mindful-latemar\/var\/ri-2.l-L2\",\n\t\t\t\t\"startDate\": \"2026-7-7T13:30+0:00\",\n\t\t\t\t\"endDate\": \"2026-7-7T23:59+0:00\",\n\t\t\t\t\"image\":\"https:\/\/latemarium.com\/wp-content\/uploads\/2023\/06\/\u00a9Obereggen_LatemarAG.SpA_Mindful.Latemar_Ph.Guenther.Pichler_06.jpg\", \n\t\t\t\t\"description\":\"<p>Mindful.Latemar befindet sich in Obereggen entlang des <strong>Rundweges auf dem Golfrion<\/strong>, am Fu\u00dfe der Dolomiten auf 1872 Metern Meeresh\u00f6he.<\/p> <p>Der Weg beinhaltet <strong>18 verschiedene Mindfulness-\u00dcbungen<\/strong> an einem besonderen Ort, der nach dem Sturm Vaia im November 2018 ein Beispiel f\u00fcr Best\u00e4ndigkeit und Resilienz wurde.<\/p> <h3 class='wysiwyg__subline'>Dr. Thomas Bernagozzi begleitet dich immer dienstags:<\/h3> <div class='wysiwyg__description'> <p>von 13.30 bis 15.30 Uhr (auf Deutsch )<br \/> von 15.45 bis 17.45 Uhr (auf Italienisch)<\/p> <ul> <li>Treffpunkt: Talstation der Kabinenbahn &#8220;Obereggen-Ochsenweide&#8221;<\/li> <li>Kosten: 30 Euro inklusive der Berg- und Talfahrt<\/li> <li>Anmeldung online:\u00a0<a href='https:\/\/eggental.com\/de\/ajax-events#11944' target='_blank' rel='noopener'><strong><u>Eggental Tourismus<\/u><\/strong><\/a>\u00a0(max. 10 Personen)<\/li> <\/ul> <\/div> \",\"location\":[{\"@type\":\"Place\",\"name\":\"Talstation Obereggen\",\"address\":{\"@type\": \"PostalAddress\",\"streetAddress\":\"Obereggen 16 I-39050 Deutschnofen (BZ)\"}}]}<\/script><\/div>\r\n\t\t\t\t<p class=\"desc_trig_outter\" style=\"\"><a data-gmtrig=\"1\" data-exlk=\"0\" style=\"background-color: #facd05;\" id=\"evc_17834238002107\" class=\"hasFtIMG event_repeat desc_trig sin_val evcal_list_a\" data-ux_val=\"3\" data-ux_val_mob=\"-\"  ><span class='evoet_c1 evoet_cx '><span class='ev_ftImg' data-img='https:\/\/latemarium.com\/wp-content\/uploads\/2023\/06\/\u00a9Obereggen_LatemarAG.SpA_Mindful.Latemar_Ph.Guenther.Pichler_06.jpg' data-thumb='https:\/\/latemarium.com\/wp-content\/uploads\/2023\/06\/\u00a9Obereggen_LatemarAG.SpA_Mindful.Latemar_Ph.Guenther.Pichler_06-300x169.jpg' style='background-image:url(\"https:\/\/latemarium.com\/wp-content\/uploads\/2023\/06\/\u00a9Obereggen_LatemarAG.SpA_Mindful.Latemar_Ph.Guenther.Pichler_06-300x169.jpg\")' ><\/span><\/span><span class='evoet_c2 evoet_cx '><span class='evoet_dayblock evcal_cblock ' data-bgcolor='#facd05' data-smon='Juli' data-syr='2026' data-bub=''><span class='evo_start '><em class='date'>07<\/em><em class='month'>Jul<\/em><em class='time'>13:30<\/em><\/span><\/span><\/span><span class='evoet_c3 evoet_cx evcal_desc hide_eventtopdata '><span class='evoet_title evcal_desc2 evcal_event_title ' itemprop='name'>Mindful.Latemar<\/span><span class='event_location_attrs'  data-location_address=\"Obereggen 16 I-39050 Deutschnofen (BZ)\" data-location_type=\"lonlat\" data-location_name=\"Talstation Obereggen\" data-location_url=\"https:\/\/latemarium.com\/de\/event-location\/talstation-obereggen\/\" data-location_status=\"true\" data-latlng=\"46.3835808246333,11.52667595881786\"><\/span><span class='evoet_subtitle evo_below_title' ><span class='evcal_event_subtitle ' >Mindful.Latemar ist der erste immersive Achtsamkeitspfad in den Alpen.<\/span><\/span><span class='evoet_time_expand level_3'><em class='evcal_time evo_tz_time'><i class='fa fa-clock-o'><\/i>13:30<span class='evo_tz marl5'>(GMT+02:00)<\/span><\/em> <\/span><span class='evoet_location level_3'><em class=\"evcal_location\"  data-latlng=\"46.3835808246333,11.52667595881786\" data-add_str=\"Obereggen 16 I-39050 Deutschnofen (BZ)\" data-n=\"Talstation Obereggen\"><i class=\"fa fa-location-pin\"><\/i><em class=\"event_location_name\">Talstation Obereggen<\/em>, Obereggen 16 I-39050 Deutschnofen (BZ)<\/em><\/span><\/span><span class='evoet_data' data-d=\"{&quot;loc.n&quot;:&quot;Talstation Obereggen&quot;,&quot;orgs&quot;:[],&quot;tags&quot;:{&quot;repeating&quot;:&quot;Repeating Event&quot;}}\" data-bgc=\"#facd05\" data-bggrad=\"\" ><\/span><\/a><\/p><div class='event_description evcal_eventcard ' style=\"display:none\"><div class='evocard_row'><div id='event_ftimage' class='evocard_box ftimage' data-c='' \n\t\t\t\t\tstyle=''><div class='evocard_main_image_hold' data-t='Loading Image..'><div class='evocard_main_image evo_img_triglb evobr15 evobgsc evobgpc evodfx evofx_jc_c evofx_ai_c evofz48 minmized' style='height:300px; background-image:url();' data-f=\"https:\/\/latemarium.com\/wp-content\/uploads\/2023\/06\/\u00a9Obereggen_LatemarAG.SpA_Mindful.Latemar_Ph.Guenther.Pichler_06.jpg\" data-h=\"812\" data-w=\"1445\" data-ratio=\"0.56193771626298\" data-event_id=\"2107\" data-ri=\"2\"  data-t='Loading Image..'><span style='height:300px; background-image:url(https:\/\/latemarium.com\/wp-content\/uploads\/2023\/06\/\u00a9Obereggen_LatemarAG.SpA_Mindful.Latemar_Ph.Guenther.Pichler_06.jpg)'><\/span><\/div><\/div><\/div><\/div><div class='evocard_row'><div id='event_eventdetails' class='evocard_box eventdetails' data-c='' \n\t\t\t\t\tstyle=''><div class='evo_metarow_details evorow evcal_evdata_row evcal_event_details'>\n\t\t<div class=\"event_excerpt\" style=\"display:none\"><h3 class=\"padb5 evo_h3\">Details zur Veranstaltung<\/h3><p>Mindful.Latemar befindet sich in Obereggen entlang des Rundweges auf dem Golfrion, am Fu\u00dfe der Dolomiten auf 1872 Metern Meeresh\u00f6he.\nDer Weg beinhaltet 18 verschiedene Mindfulness-\u00dcbungen an einem besonderen Ort, der nach<\/p><\/div><span class='evcal_evdata_icons'><i class='fa fa-align-justify'><\/i><\/span>\n\t\t\n\t\t<div class='evcal_evdata_cell shorter_desc'>\n\t\t\t<div class='eventon_full_description'>\n\t\t\t\t<h3 class='padb5 evo_h3'><span class='evcal_evdata_icons'><i class='fa fa-align-justify'><\/i><\/span>Details zur Veranstaltung<\/h3>\n\t\t\t\t<div class='eventon_desc_in' itemprop='description'>\n\t\t\t\t<p>Mindful.Latemar befindet sich in Obereggen entlang des <strong>Rundweges auf dem Golfrion<\/strong>, am Fu\u00dfe der Dolomiten auf 1872 Metern Meeresh\u00f6he.<\/p>\n<p>Der Weg beinhaltet <strong>18 verschiedene Mindfulness-\u00dcbungen<\/strong> an einem besonderen Ort, der nach dem Sturm Vaia im November 2018 ein Beispiel f\u00fcr Best\u00e4ndigkeit und Resilienz wurde.<\/p>\n<h3 class=\"wysiwyg__subline\">Dr. Thomas Bernagozzi begleitet dich immer dienstags:<\/h3>\n<div class=\"wysiwyg__description\">\n<p>von 13.30 bis 15.30 Uhr (auf Deutsch )<br \/>\nvon 15.45 bis 17.45 Uhr (auf Italienisch)<\/p>\n<ul>\n<li>Treffpunkt: Talstation der Kabinenbahn &#8220;Obereggen-Ochsenweide&#8221;<\/li>\n<li>Kosten: 30 Euro inklusive der Berg- und Talfahrt<\/li>\n<li>Anmeldung online:\u00a0<a href=\"https:\/\/eggental.com\/de\/ajax-events#11944\" target=\"_blank\" rel=\"noopener\"><strong><u>Eggental Tourismus<\/u><\/strong><\/a>\u00a0(max. 10 Personen)<\/li>\n<\/ul>\n<\/div>\n<\/div><p class='eventon_shad_p' style='padding:5px 0 0; margin:0'>\n\t\t\t<span class='evcal_btn evo_btn_secondary evobtn_details_show_more' content='less'>\n\t\t\t\t<span class='ev_more_text' data-txt='Weniger'>Mehr<\/span><span class='ev_more_arrow ard'><\/span>\n\t\t\t<\/span>\n\t\t<\/p><div class='clear'><\/div>\n\t\t\t<\/div>\n\t\t<\/div>\n\t<\/div><\/div><\/div><div class='evocard_row bx2 bx'><div id='event_time' class='evocard_box time' data-c='' \n\t\t\t\t\tstyle=''><div class='evo_metarow_time evorow evcal_evdata_row evcal_evrow_sm '>\n\t\t<span class='evcal_evdata_icons'><i class='fa fa-clock'><\/i><\/span>\n\t\t<div class='evcal_evdata_cell'>\t\t\t\t\t\t\t\n\t\t\t<h3 class='evo_h3'><span class='evcal_evdata_icons'><i class='fa fa-clock'><\/i><\/span>Zeitplan<\/h3><p><span class='evo_eventcard_time_t'>7 Juli 2026 13:30<\/span><span class='evo_tz marr5'>(GMT+02:00)<\/span><\/p>\n\t\t<\/div>\n\t<\/div><\/div><div id='event_location' class='evocard_box location' data-c='' \n\t\t\t\t\tstyle=''><div class='evcal_evdata_row evo_metarow_time_location evorow '>\n\t\t\n\t\t\t<span class='evcal_evdata_icons'><i class='fa fa-map-marker'><\/i><\/span>\n\t\t\t<div class='evcal_evdata_cell' data-loc_tax_id='23'><h3 class='evo_h3 evodfx'><span class='evcal_evdata_icons'><i class='fa fa-map-marker'><\/i><\/span>Ort<\/h3><p class='evo_location_name'>Talstation Obereggen<\/p><p class='evo_location_address evodfxi evogap10'>Obereggen 16 I-39050 Deutschnofen (BZ)<\/p><div class='padt10'><span class='evo_btn_arr evolb_trigger' data-lbvals=\"{&quot;lbc&quot;:&quot;evo_location_lb_23&quot;,&quot;lbac&quot;:&quot;lb_max&quot;,&quot;t&quot;:&quot;Talstation Obereggen&quot;,&quot;ajax&quot;:&quot;yes&quot;,&quot;ajax_type&quot;:&quot;endpoint&quot;,&quot;ajax_action&quot;:&quot;eventon_get_tax_card_content&quot;,&quot;end&quot;:&quot;client&quot;,&quot;d&quot;:{&quot;lang&quot;:&quot;L2&quot;,&quot;term_id&quot;:23,&quot;tax&quot;:&quot;event_location&quot;,&quot;load_lbcontent&quot;:true},&quot;uid&quot;:&quot;eventon_get_tax_card_content&quot;}\" >Other Events<i class='fa fa-chevron-right'><\/i><\/span><\/div><\/div>\n\t\t\n\t<\/div><\/div><\/div><div class='evocard_row bx2 bx'><div id='event_learnmore' class='evocard_box learnmore' data-c='' \n\t\t\t\t\tstyle=''><div class='evo_metarow_learnM evo_metarow_learnmore evorow'>\n\t\t\t\t\t\t\t<a class='evcal_evdata_row evo_clik_row ' href='https:\/\/obereggen.com\/de\/mindfullatemar' target=\"_blank\">\n\t\t\t\t\t\t\t\t<span class='evcal_evdata_icons'><i class='fa fa-link'><\/i><\/span>\n\t\t\t\t\t\t\t\t<h3 class='evo_h3'>Entdecke mehr<\/h3>\n\t\t\t\t\t\t\t<\/a>\n\t\t\t\t\t\t\t<\/div><\/div><div id='event_addtocal' class='evocard_box addtocal' data-c='' \n\t\t\t\t\tstyle=''><div class='evo_metarow_ICS evorow evcal_evdata_row'>\n\t\t\t<span class='evcal_evdata_icons'><i class='fa fa-calendar-o'><\/i><\/span>\n\t\t\t<div class='evcal_evdata_cell'>\n\t\t\t\t<p><a href='https:\/\/latemarium.com\/de\/export-events\/2107_2\/?nonce=7b34e59f7d' class='evo_ics_nCal' title='Zu Ihrem Kalender hinzuf\u00fcgen'>Kalender<\/a><a href='https:\/\/www.google.com\/calendar\/event?action=TEMPLATE&text=Mindful.Latemar&dates=20260707T113000Z%2F20260707T215900Z&ctz=Europe%2FRome&details=Mindful.Latemar&location=Talstation+Obereggen+Obereggen+16+I-39050+Deutschnofen+%28BZ%29' target='_blank' class='evo_ics_gCal' title='Zu Google Kalender hinzuf\u00fcgen'>GoogleCal<\/a><\/p>\t\n\t\t\t<\/div>\n\t\t<\/div><\/div><\/div><div class='evocard_row'><div id='event_getdirection' class='evocard_box getdirection' data-c='' \n\t\t\t\t\tstyle=''><div class='evo_metarow_getDr evorow evcal_evdata_row evcal_evrow_sm getdirections'>\n\t\t<form action='https:\/\/maps.google.com\/maps' method='get' target='_blank'>\n\t\t\t<input type='hidden' name='daddr' value=\"46.3835808246333,11.52667595881786\"\/> \n\t\t\t<div class='evo_get_direction_content evo_fx_dr_r evogap10'>\n\t\t\t\t<span class='evogetdir_header evodfx evofx_dr_r evofx_ai_c marr10'>\n\t\t\t\t\t<i class='mainicon fa fa-road'><\/i> \n\t\t\t\t\t<h3 class='evo_h3' style='padding-bottom:5px;'>Wegbeschreibung abrufen<\/h3>\n\t\t\t\t<\/span>\n\t\t\t\t<span class='evogetdir_field evodfx evofx_1_1 evo_fx_dr_c evow100p'>\t\t\t\t\t\n\t\t\t\t\t<input class='evoInput evotac' type='text' name='saddr' placeholder='&quot;Geben Sie die Adresse ein' value='' style='margin:10px 0;'\/>\n\t\t\t\t<\/span>\n\t\t\t\t<button type='submit' class='evo_get_direction_button evo_btn_arr_circ dfx fx_ai_c' title='&quot;Klicken Sie hier'><i class='fa fa-chevron-right'><\/i> <\/button>\n\t\t\t<\/div>\n\t\t<\/form>\n\t<\/div><\/div><\/div><div class='evo_card_row_end evcal_close' title='Schlie\u00dfen'><\/div><\/div><div class='clear end'><\/div><\/div><div id=\"event_2684_0\" class=\"eventon_list_event evo_eventtop scheduled  event clrD event_2684_0\" data-event_id=\"2684\" data-ri=\"0r\" data-time=\"1783429200-1783434600\" data-colr=\"#ba181d\" itemscope itemtype='http:\/\/schema.org\/Event'><div class=\"evo_event_schema\" style=\"display:none\" ><a itemprop='url'  href='https:\/\/latemarium.com\/de\/events\/respirart-kleine-bergschmankerl-kochworkshop\/var\/ri-0.l-L2'><\/a><meta itemprop='image' content=\"https:\/\/latemarium.com\/wp-content\/uploads\/2019\/06\/Weigler_Schupf_Kaiserschmarren_2.jpg\" \/><meta itemprop='startDate' content=\"2026-7-7T15:00+0:00\" \/><meta itemprop='endDate' content=\"2026-7-7T16:30+0:00\" \/><meta itemprop='eventStatus' content=\"https:\/\/schema.org\/EventScheduled\" \/><meta itemprop='eventAttendanceMode'   itemscope itemtype=\"https:\/\/schema.org\/OfflineEventAttendanceMode\"\/><div style=\"display:none\" itemprop=\"location\" itemscope itemtype=\"http:\/\/schema.org\/Place\"><span itemprop=\"name\">Bergh\u00fctte Monte Agnello<\/span><span itemprop=\"address\" itemscope itemtype=\"http:\/\/schema.org\/PostalAddress\"><item itemprop=\"streetAddress\">Loc. Pampeago, 9, 38038 Tesero TN<\/item><\/span><\/div><script type=\"application\/ld+json\">{\"@context\": \"http:\/\/schema.org\",\"@type\": \"Event\",\n\t\t\t\t\"@id\": \"event_2684_0\",\n\t\t\t\t\"eventAttendanceMode\":\"https:\/\/schema.org\/OfflineEventAttendanceMode\",\n\t\t\t\t\"eventStatus\":\"https:\/\/schema.org\/EventScheduled\",\n\t\t\t\t\"name\": \"Respirart: Kleine Bergschmankerl, Kochworkshop.\",\n\t\t\t\t\"url\": \"https:\/\/latemarium.com\/de\/events\/respirart-kleine-bergschmankerl-kochworkshop\/var\/ri-0.l-L2\",\n\t\t\t\t\"startDate\": \"2026-7-7T15:00+0:00\",\n\t\t\t\t\"endDate\": \"2026-7-7T16:30+0:00\",\n\t\t\t\t\"image\":\"https:\/\/latemarium.com\/wp-content\/uploads\/2019\/06\/Weigler_Schupf_Kaiserschmarren_2.jpg\", \n\t\t\t\t\"description\":\"<p>Wir werden G\u00e4ste der Monte-Agnello-H\u00fctte sein, um von uns neu erfundene Bergspezialit\u00e4ten zuzubereiten, zu kochen und zu genie\u00dfen. Der Workshop ist f\u00fcr die Kleinen, aber Mama und Papa werden bereit sein, mit Stift f\u00fcr Notizen und Gabel zum Probieren!<\/p> <p><strong>Kostenlose Aktivit\u00e4t<\/strong>, begrenzte Teilnehmerzahl, geeignet f\u00fcr Kinder von 5 bis 12 Jahren.<\/p> <p><strong>Info und Reservierung<\/strong>: +39 0462 813265<\/p> \",\"location\":[{\"@type\":\"Place\",\"name\":\"Bergh\u00fctte Monte Agnello\",\"address\":{\"@type\": \"PostalAddress\",\"streetAddress\":\"Loc. Pampeago, 9, 38038 Tesero TN\"}}]}<\/script><\/div>\r\n\t\t\t\t<p class=\"desc_trig_outter\" style=\"\"><a data-gmtrig=\"1\" data-exlk=\"0\" style=\"background-color: #ba181d;\" id=\"evc_17834292002684\" class=\"hasFtIMG event_repeat desc_trig sin_val evcal_list_a\" data-ux_val=\"3\" data-ux_val_mob=\"-\"  ><span class='evoet_c1 evoet_cx '><span class='ev_ftImg' data-img='https:\/\/latemarium.com\/wp-content\/uploads\/2019\/06\/Weigler_Schupf_Kaiserschmarren_2.jpg' data-thumb='https:\/\/latemarium.com\/wp-content\/uploads\/2019\/06\/Weigler_Schupf_Kaiserschmarren_2-300x202.jpg' style='background-image:url(\"https:\/\/latemarium.com\/wp-content\/uploads\/2019\/06\/Weigler_Schupf_Kaiserschmarren_2-300x202.jpg\")' ><\/span><\/span><span class='evoet_c2 evoet_cx '><span class='evoet_dayblock evcal_cblock ' data-bgcolor='#ba181d' data-smon='Juli' data-syr='2026' data-bub=''><span class='evo_start '><em class='date'>07<\/em><em class='month'>Jul<\/em><em class='time'>15:00<\/em><\/span><span class='evo_end only_time'><em class='time'>16:30<\/em><\/span><\/span><\/span><span class='evoet_c3 evoet_cx evcal_desc hide_eventtopdata '><span class='evoet_title evcal_desc2 evcal_event_title ' itemprop='name'>Respirart: Kleine Bergschmankerl, Kochworkshop.<\/span><span class='event_location_attrs'  data-location_address=\"Loc. Pampeago, 9, 38038 Tesero TN\" data-location_type=\"lonlat\" data-location_name=\"Bergh\u00fctte Monte Agnello\" data-location_url=\"https:\/\/latemarium.com\/de\/event-location\/berghuette-monte-agnello\/\" data-location_status=\"true\" data-latlng=\"46.333809095680266,11.547693182509184\"><\/span><span class='evoet_subtitle evo_below_title' ><span class='evcal_event_subtitle ' >MONTE AGNELLO H\u00dcTTE<\/span><\/span><span class='evoet_time_expand level_3'><em class='evcal_time evo_tz_time'><i class='fa fa-clock-o'><\/i>15:00 - 16:30<span class='evo_tz marl5'>(GMT+02:00)<\/span><\/em> <\/span><span class='evoet_location level_3'><em class=\"evcal_location\"  data-latlng=\"46.333809095680266,11.547693182509184\" data-add_str=\"Loc. Pampeago, 9, 38038 Tesero TN\" data-n=\"Bergh\u00fctte Monte Agnello\"><i class=\"fa fa-location-pin\"><\/i><em class=\"event_location_name\">Bergh\u00fctte Monte Agnello<\/em>, Loc. Pampeago, 9, 38038 Tesero TN<\/em><\/span><\/span><span class='evoet_data' data-d=\"{&quot;loc.n&quot;:&quot;Bergh\\u00fctte Monte Agnello&quot;,&quot;orgs&quot;:[],&quot;tags&quot;:{&quot;repeating&quot;:&quot;Repeating Event&quot;}}\" data-bgc=\"#ba181d\" data-bggrad=\"\" ><\/span><\/a><\/p><div class='event_description evcal_eventcard ' style=\"display:none\"><div class='evocard_row'><div id='event_ftimage' class='evocard_box ftimage' data-c='' \n\t\t\t\t\tstyle=''><div class='evocard_main_image_hold' data-t='Loading Image..'><div class='evocard_main_image evo_img_triglb evobr15 evobgsc evobgpc evodfx evofx_jc_c evofx_ai_c evofz48 minmized' style='height:300px; background-image:url();' data-f=\"https:\/\/latemarium.com\/wp-content\/uploads\/2019\/06\/Weigler_Schupf_Kaiserschmarren_2.jpg\" data-h=\"3840\" data-w=\"5695\" data-ratio=\"0.67427568042142\" data-event_id=\"2684\" data-ri=\"0\"  data-t='Loading Image..'><span style='height:300px; background-image:url(https:\/\/latemarium.com\/wp-content\/uploads\/2019\/06\/Weigler_Schupf_Kaiserschmarren_2.jpg)'><\/span><\/div><\/div><\/div><\/div><div class='evocard_row'><div id='event_eventdetails' class='evocard_box eventdetails' data-c='' \n\t\t\t\t\tstyle=''><div class='evo_metarow_details evorow evcal_evdata_row evcal_event_details'>\n\t\t<div class=\"event_excerpt\" style=\"display:none\"><h3 class=\"padb5 evo_h3\">Details zur Veranstaltung<\/h3><p>Wir werden G\u00e4ste der Monte-Agnello-H\u00fctte sein, um von uns neu erfundene Bergspezialit\u00e4ten zuzubereiten, zu kochen und zu genie\u00dfen. Der Workshop ist f\u00fcr die Kleinen, aber Mama und Papa werden bereit<\/p><\/div><span class='evcal_evdata_icons'><i class='fa fa-align-justify'><\/i><\/span>\n\t\t\n\t\t<div class='evcal_evdata_cell '>\n\t\t\t<div class='eventon_full_description'>\n\t\t\t\t<h3 class='padb5 evo_h3'><span class='evcal_evdata_icons'><i class='fa fa-align-justify'><\/i><\/span>Details zur Veranstaltung<\/h3>\n\t\t\t\t<div class='eventon_desc_in' itemprop='description'>\n\t\t\t\t<p>Wir werden G\u00e4ste der Monte-Agnello-H\u00fctte sein, um von uns neu erfundene Bergspezialit\u00e4ten zuzubereiten, zu kochen und zu genie\u00dfen. Der Workshop ist f\u00fcr die Kleinen, aber Mama und Papa werden bereit sein, mit Stift f\u00fcr Notizen und Gabel zum Probieren!<\/p>\n<p><strong>Kostenlose Aktivit\u00e4t<\/strong>, begrenzte Teilnehmerzahl, geeignet f\u00fcr Kinder von 5 bis 12 Jahren.<\/p>\n<p><strong>Info und Reservierung<\/strong>: +39 0462 813265<\/p>\n<\/div><div class='clear'><\/div>\n\t\t\t<\/div>\n\t\t<\/div>\n\t<\/div><\/div><\/div><div class='evocard_row bx2 bx'><div id='event_time' class='evocard_box time' data-c='' \n\t\t\t\t\tstyle=''><div class='evo_metarow_time evorow evcal_evdata_row evcal_evrow_sm '>\n\t\t<span class='evcal_evdata_icons'><i class='fa fa-clock'><\/i><\/span>\n\t\t<div class='evcal_evdata_cell'>\t\t\t\t\t\t\t\n\t\t\t<h3 class='evo_h3'><span class='evcal_evdata_icons'><i class='fa fa-clock'><\/i><\/span>Zeitplan<\/h3><p><span class='evo_eventcard_time_t'>7 Juli 2026 15:00 - 16:30<\/span><span class='evo_tz marr5'>(GMT+02:00)<\/span><\/p>\n\t\t<\/div>\n\t<\/div><\/div><div id='event_location' class='evocard_box location' data-c='' \n\t\t\t\t\tstyle=''><div class='evcal_evdata_row evo_metarow_time_location evorow '>\n\t\t\n\t\t\t<span class='evcal_evdata_icons'><i class='fa fa-map-marker'><\/i><\/span>\n\t\t\t<div class='evcal_evdata_cell' data-loc_tax_id='25'><h3 class='evo_h3 evodfx'><span class='evcal_evdata_icons'><i class='fa fa-map-marker'><\/i><\/span><a target=\"_blank\" href=\"https:\/\/www.facebook.com\/profile.php?id=100064742944609\">Ort<\/a><\/h3><p class='evo_location_name'><a target=\"_blank\" href=\"https:\/\/www.facebook.com\/profile.php?id=100064742944609\">Bergh\u00fctte Monte Agnello<\/a><\/p><p class='evo_location_address evodfxi evogap10'><a target=\"_blank\" href=\"https:\/\/www.facebook.com\/profile.php?id=100064742944609\">Loc. Pampeago, 9, 38038 Tesero TN<\/a><\/p><div class='padt10'><span class='evo_btn_arr evolb_trigger' data-lbvals=\"{&quot;lbc&quot;:&quot;evo_location_lb_25&quot;,&quot;lbac&quot;:&quot;lb_max&quot;,&quot;t&quot;:&quot;Bergh\\u00fctte Monte Agnello&quot;,&quot;ajax&quot;:&quot;yes&quot;,&quot;ajax_type&quot;:&quot;endpoint&quot;,&quot;ajax_action&quot;:&quot;eventon_get_tax_card_content&quot;,&quot;end&quot;:&quot;client&quot;,&quot;d&quot;:{&quot;lang&quot;:&quot;L2&quot;,&quot;term_id&quot;:25,&quot;tax&quot;:&quot;event_location&quot;,&quot;load_lbcontent&quot;:true},&quot;uid&quot;:&quot;eventon_get_tax_card_content&quot;}\" >Other Events<i class='fa fa-chevron-right'><\/i><\/span><\/div><\/div>\n\t\t\n\t<\/div><\/div><\/div><div class='evocard_row'><div id='event_addtocal' class='evocard_box addtocal' data-c='' \n\t\t\t\t\tstyle=''><div class='evo_metarow_ICS evorow evcal_evdata_row'>\n\t\t\t<span class='evcal_evdata_icons'><i class='fa fa-calendar-o'><\/i><\/span>\n\t\t\t<div class='evcal_evdata_cell'>\n\t\t\t\t<p><a href='https:\/\/latemarium.com\/de\/export-events\/2684_0\/?nonce=7b34e59f7d' class='evo_ics_nCal' title='Zu Ihrem Kalender hinzuf\u00fcgen'>Kalender<\/a><a href='https:\/\/www.google.com\/calendar\/event?action=TEMPLATE&text=Respirart%3A+Kleine+Bergschmankerl%2C+Kochworkshop.&dates=20260707T130000Z%2F20260707T143000Z&ctz=Europe%2FRome&details=Respirart: Kleine Bergschmankerl, Kochworkshop.&location=Bergh%C3%BCtte+Monte+Agnello+Loc.+Pampeago%2C+9%2C+38038+Tesero+TN' target='_blank' class='evo_ics_gCal' title='Zu Google Kalender hinzuf\u00fcgen'>GoogleCal<\/a><\/p>\t\n\t\t\t<\/div>\n\t\t<\/div><\/div><\/div><div class='evocard_row'><div id='event_getdirection' class='evocard_box getdirection' data-c='' \n\t\t\t\t\tstyle=''><div class='evo_metarow_getDr evorow evcal_evdata_row evcal_evrow_sm getdirections'>\n\t\t<form action='https:\/\/maps.google.com\/maps' method='get' target='_blank'>\n\t\t\t<input type='hidden' name='daddr' value=\"46.333809095680266,11.547693182509184\"\/> \n\t\t\t<div class='evo_get_direction_content evo_fx_dr_r evogap10'>\n\t\t\t\t<span class='evogetdir_header evodfx evofx_dr_r evofx_ai_c marr10'>\n\t\t\t\t\t<i class='mainicon fa fa-road'><\/i> \n\t\t\t\t\t<h3 class='evo_h3' style='padding-bottom:5px;'>Wegbeschreibung abrufen<\/h3>\n\t\t\t\t<\/span>\n\t\t\t\t<span class='evogetdir_field evodfx evofx_1_1 evo_fx_dr_c evow100p'>\t\t\t\t\t\n\t\t\t\t\t<input class='evoInput evotac' type='text' name='saddr' placeholder='&quot;Geben Sie die Adresse ein' value='' style='margin:10px 0;'\/>\n\t\t\t\t<\/span>\n\t\t\t\t<button type='submit' class='evo_get_direction_button evo_btn_arr_circ dfx fx_ai_c' title='&quot;Klicken Sie hier'><i class='fa fa-chevron-right'><\/i> <\/button>\n\t\t\t<\/div>\n\t\t<\/form>\n\t<\/div><\/div><\/div><div class='evo_card_row_end evcal_close' title='Schlie\u00dfen'><\/div><\/div><div class='clear end'><\/div><\/div><div id=\"event_2184_1\" class=\"eventon_list_event evo_eventtop scheduled  event clrD no_et event_2184_1\" data-event_id=\"2184\" data-ri=\"1r\" data-time=\"1783495800-1783547940\" data-colr=\"#ba181d\" itemscope itemtype='http:\/\/schema.org\/Event'><div class=\"evo_event_schema\" style=\"display:none\" ><a itemprop='url'  href='https:\/\/latemarium.com\/de\/events\/geotrekking-torre-di-pisa\/var\/ri-1.l-L2'><\/a><meta itemprop='image' content=\"https:\/\/latemarium.com\/wp-content\/uploads\/2020\/06\/latemar-torre-di-pisa-estate-2019_ph.alice-russolo-90-scaled.jpg\" \/><meta itemprop='startDate' content=\"2026-7-8T09:30+0:00\" \/><meta itemprop='endDate' content=\"2026-7-8T23:59+0:00\" \/><meta itemprop='eventStatus' content=\"https:\/\/schema.org\/EventScheduled\" \/><meta itemprop='eventAttendanceMode'   itemscope itemtype=\"https:\/\/schema.org\/OfflineEventAttendanceMode\"\/><script type=\"application\/ld+json\">{\"@context\": \"http:\/\/schema.org\",\"@type\": \"Event\",\n\t\t\t\t\"@id\": \"event_2184_1\",\n\t\t\t\t\"eventAttendanceMode\":\"https:\/\/schema.org\/OfflineEventAttendanceMode\",\n\t\t\t\t\"eventStatus\":\"https:\/\/schema.org\/EventScheduled\",\n\t\t\t\t\"name\": \"Geotrekking Torre di Pisa\",\n\t\t\t\t\"url\": \"https:\/\/latemarium.com\/de\/events\/geotrekking-torre-di-pisa\/var\/ri-1.l-L2\",\n\t\t\t\t\"startDate\": \"2026-7-8T09:30+0:00\",\n\t\t\t\t\"endDate\": \"2026-7-8T23:59+0:00\",\n\t\t\t\t\"image\":\"https:\/\/latemarium.com\/wp-content\/uploads\/2020\/06\/latemar-torre-di-pisa-estate-2019_ph.alice-russolo-90-scaled.jpg\", \n\t\t\t\t\"description\":\"<p><strong>Spannender geologischer Ausflug in gro\u00dfer H\u00f6he<\/strong>, um das Latemar-Atoll zu entdecken, die Perle des fossilen Archipels der Dolomiten, ein UNESCO-Weltkulturerbe. Ein eindrucksvoller Rundweg, der von einem erfahrenen Geologen und Medienbergf\u00fchrer gef\u00fchrt wird. Vom Passo Feudo steigen Sie zur Schutzh\u00fctte Torre di Pisa auf, um dann in gro\u00dfer H\u00f6he bis zur Forcella dei Camosci weiterzugehen, von wo aus Sie wieder in die Tiefen des tropischen Meeres bis zum Ausgangspunkt abtauchen. Brotzeit. Mindestalter 12 Jahre.<\/p> <p>Die Route ist mittelschwer, mit gut begehbaren Wegen und kurzen, leicht ausgesetzten Abschnitten, mit einem H\u00f6henunterschied von ca. 780 Metern.<\/p> \"}<\/script><\/div>\r\n\t\t\t\t<p class=\"desc_trig_outter\" style=\"\"><a data-gmap_status=\"null\" data-exlk=\"0\" style=\"background-color: #ba181d;\" id=\"evc_17834958002184\" class=\"hasFtIMG event_repeat desc_trig sin_val evcal_list_a\" data-ux_val=\"3\" data-ux_val_mob=\"-\"  ><span class='evoet_c1 evoet_cx '><span class='ev_ftImg' data-img='https:\/\/latemarium.com\/wp-content\/uploads\/2020\/06\/latemar-torre-di-pisa-estate-2019_ph.alice-russolo-90-scaled.jpg' data-thumb='https:\/\/latemarium.com\/wp-content\/uploads\/2020\/06\/latemar-torre-di-pisa-estate-2019_ph.alice-russolo-90-300x200.jpg' style='background-image:url(\"https:\/\/latemarium.com\/wp-content\/uploads\/2020\/06\/latemar-torre-di-pisa-estate-2019_ph.alice-russolo-90-300x200.jpg\")' ><\/span><\/span><span class='evoet_c2 evoet_cx '><span class='evoet_dayblock evcal_cblock ' data-bgcolor='#ba181d' data-smon='Juli' data-syr='2026' data-bub=''><span class='evo_start '><em class='date'>08<\/em><em class='month'>Jul<\/em><em class='time'>09:30<\/em><\/span><\/span><\/span><span class='evoet_c3 evoet_cx evcal_desc hide_eventtopdata '><span class='evoet_title evcal_desc2 evcal_event_title ' itemprop='name'>Geotrekking Torre di Pisa<\/span><span class='event_location_attrs' data-location_type=\"lonlat\" data-location_name=\"A monte della seggiovia Gardon\u00e8-Passo Feudo\" data-location_url=\"https:\/\/latemarium.com\/de\/event-location\/a-monte-della-seggiovia-gardone-passo-feudo\/\" data-location_status=\"true\" data-latlng=\"46.32878794406342,11.600176728690842\"><\/span><span class='evoet_subtitle evo_below_title' ><span class='evcal_event_subtitle ' >Geotrekking Torre di Pisa<\/span><\/span><span class='evoet_time_expand level_3'><em class='evcal_time evo_tz_time'><i class='fa fa-clock-o'><\/i>09:30<span class='evo_tz marl5'>(GMT+02:00)<\/span><\/em> <\/span><span class='evoet_location level_3'><em class=\"evcal_location\"  data-latlng=\"46.32878794406342,11.600176728690842\" data-add_str=\"\" data-n=\"A monte della seggiovia Gardon\u00e8-Passo Feudo\"><i class=\"fa fa-location-pin\"><\/i><em class=\"event_location_name\">A monte della seggiovia Gardon\u00e8-Passo Feudo<\/em><\/em><\/span><\/span><span class='evoet_data' data-d=\"{&quot;loc.n&quot;:&quot;A monte della seggiovia Gardon\\u00e8-Passo Feudo&quot;,&quot;orgs&quot;:[],&quot;tags&quot;:{&quot;repeating&quot;:&quot;Repeating Event&quot;}}\" data-bgc=\"#ba181d\" data-bggrad=\"\" ><\/span><\/a><\/p><div class='event_description evcal_eventcard ' style=\"display:none\"><div class='evocard_row'><div id='event_ftimage' class='evocard_box ftimage' data-c='' \n\t\t\t\t\tstyle=''><div class='evocard_main_image_hold' data-t='Loading Image..'><div class='evocard_main_image evo_img_triglb evobr15 evobgsc evobgpc evodfx evofx_jc_c evofx_ai_c evofz48 minmized' style='height:300px; background-image:url();' data-f=\"https:\/\/latemarium.com\/wp-content\/uploads\/2020\/06\/latemar-torre-di-pisa-estate-2019_ph.alice-russolo-90-scaled.jpg\" data-h=\"1707\" data-w=\"2560\" data-ratio=\"0.666796875\" data-event_id=\"2184\" data-ri=\"1\"  data-t='Loading Image..'><span style='height:300px; background-image:url(https:\/\/latemarium.com\/wp-content\/uploads\/2020\/06\/latemar-torre-di-pisa-estate-2019_ph.alice-russolo-90-scaled.jpg)'><\/span><\/div><\/div><\/div><\/div><div class='evocard_row'><div id='event_eventdetails' class='evocard_box eventdetails' data-c='' \n\t\t\t\t\tstyle=''><div class='evo_metarow_details evorow evcal_evdata_row evcal_event_details'>\n\t\t<div class=\"event_excerpt\" style=\"display:none\"><h3 class=\"padb5 evo_h3\">Details zur Veranstaltung<\/h3><p>Spannender geologischer Ausflug in gro\u00dfer H\u00f6he, um das Latemar-Atoll zu entdecken, die Perle des fossilen Archipels der Dolomiten, ein UNESCO-Weltkulturerbe. Ein eindrucksvoller Rundweg, der von einem erfahrenen Geologen und Medienbergf\u00fchrer<\/p><\/div><span class='evcal_evdata_icons'><i class='fa fa-align-justify'><\/i><\/span>\n\t\t\n\t\t<div class='evcal_evdata_cell shorter_desc'>\n\t\t\t<div class='eventon_full_description'>\n\t\t\t\t<h3 class='padb5 evo_h3'><span class='evcal_evdata_icons'><i class='fa fa-align-justify'><\/i><\/span>Details zur Veranstaltung<\/h3>\n\t\t\t\t<div class='eventon_desc_in' itemprop='description'>\n\t\t\t\t<p><strong>Spannender geologischer Ausflug in gro\u00dfer H\u00f6he<\/strong>, um das Latemar-Atoll zu entdecken, die Perle des fossilen Archipels der Dolomiten, ein UNESCO-Weltkulturerbe. Ein eindrucksvoller Rundweg, der von einem erfahrenen Geologen und Medienbergf\u00fchrer gef\u00fchrt wird. Vom Passo Feudo steigen Sie zur Schutzh\u00fctte Torre di Pisa auf, um dann in gro\u00dfer H\u00f6he bis zur Forcella dei Camosci weiterzugehen, von wo aus Sie wieder in die Tiefen des tropischen Meeres bis zum Ausgangspunkt abtauchen. Brotzeit. Mindestalter 12 Jahre.<\/p>\n<p>Die Route ist mittelschwer, mit gut begehbaren Wegen und kurzen, leicht ausgesetzten Abschnitten, mit einem H\u00f6henunterschied von ca. 780 Metern.<\/p>\n<\/div><p class='eventon_shad_p' style='padding:5px 0 0; margin:0'>\n\t\t\t<span class='evcal_btn evo_btn_secondary evobtn_details_show_more' content='less'>\n\t\t\t\t<span class='ev_more_text' data-txt='Weniger'>Mehr<\/span><span class='ev_more_arrow ard'><\/span>\n\t\t\t<\/span>\n\t\t<\/p><div class='clear'><\/div>\n\t\t\t<\/div>\n\t\t<\/div>\n\t<\/div><\/div><\/div><div class='evocard_row bx2 bx'><div id='event_time' class='evocard_box time' data-c='' \n\t\t\t\t\tstyle=''><div class='evo_metarow_time evorow evcal_evdata_row evcal_evrow_sm '>\n\t\t<span class='evcal_evdata_icons'><i class='fa fa-clock'><\/i><\/span>\n\t\t<div class='evcal_evdata_cell'>\t\t\t\t\t\t\t\n\t\t\t<h3 class='evo_h3'><span class='evcal_evdata_icons'><i class='fa fa-clock'><\/i><\/span>Zeitplan<\/h3><p><span class='evo_eventcard_time_t'>8 Juli 2026 09:30<\/span><span class='evo_tz marr5'>(GMT+02:00)<\/span><\/p>\n\t\t<\/div>\n\t<\/div><\/div><div id='event_location' class='evocard_box location' data-c='' \n\t\t\t\t\tstyle=''><div class='evcal_evdata_row evo_metarow_time_location evorow '>\n\t\t\n\t\t\t<span class='evcal_evdata_icons'><i class='fa fa-map-marker'><\/i><\/span>\n\t\t\t<div class='evcal_evdata_cell' data-loc_tax_id='37'><h3 class='evo_h3 evodfx'><span class='evcal_evdata_icons'><i class='fa fa-map-marker'><\/i><\/span>Ort<\/h3><p class='evo_location_name'>A monte della seggiovia Gardon\u00e8-Passo Feudo<\/p><div class='padt10'><span class='evo_btn_arr evolb_trigger' data-lbvals=\"{&quot;lbc&quot;:&quot;evo_location_lb_37&quot;,&quot;lbac&quot;:&quot;lb_max&quot;,&quot;t&quot;:&quot;A monte della seggiovia Gardon\\u00e8-Passo Feudo&quot;,&quot;ajax&quot;:&quot;yes&quot;,&quot;ajax_type&quot;:&quot;endpoint&quot;,&quot;ajax_action&quot;:&quot;eventon_get_tax_card_content&quot;,&quot;end&quot;:&quot;client&quot;,&quot;d&quot;:{&quot;lang&quot;:&quot;L2&quot;,&quot;term_id&quot;:37,&quot;tax&quot;:&quot;event_location&quot;,&quot;load_lbcontent&quot;:true},&quot;uid&quot;:&quot;eventon_get_tax_card_content&quot;}\" >Other Events<i class='fa fa-chevron-right'><\/i><\/span><\/div><\/div>\n\t\t\n\t<\/div><\/div><\/div><div class='evocard_row bx2 bx'><div id='event_learnmore' class='evocard_box learnmore' data-c='' \n\t\t\t\t\tstyle=''><div class='evo_metarow_learnM evo_metarow_learnmore evorow'>\n\t\t\t\t\t\t\t<a class='evcal_evdata_row evo_clik_row ' href='https:\/\/www.latemar.it\/de\/sommer\/geotrekking\/' target=\"_blank\">\n\t\t\t\t\t\t\t\t<span class='evcal_evdata_icons'><i class='fa fa-link'><\/i><\/span>\n\t\t\t\t\t\t\t\t<h3 class='evo_h3'>Entdecke mehr<\/h3>\n\t\t\t\t\t\t\t<\/a>\n\t\t\t\t\t\t\t<\/div><\/div><div id='event_addtocal' class='evocard_box addtocal' data-c='' \n\t\t\t\t\tstyle=''><div class='evo_metarow_ICS evorow evcal_evdata_row'>\n\t\t\t<span class='evcal_evdata_icons'><i class='fa fa-calendar-o'><\/i><\/span>\n\t\t\t<div class='evcal_evdata_cell'>\n\t\t\t\t<p><a href='https:\/\/latemarium.com\/de\/export-events\/2184_1\/?nonce=7b34e59f7d' class='evo_ics_nCal' title='Zu Ihrem Kalender hinzuf\u00fcgen'>Kalender<\/a><a href='https:\/\/www.google.com\/calendar\/event?action=TEMPLATE&text=Geotrekking+Torre+di+Pisa&dates=20260708T073000Z%2F20260708T215900Z&ctz=Europe%2FRome&details=Geotrekking Torre di Pisa&location=A+monte+della+seggiovia+Gardon%C3%A8-Passo+Feudo' target='_blank' class='evo_ics_gCal' title='Zu Google Kalender hinzuf\u00fcgen'>GoogleCal<\/a><\/p>\t\n\t\t\t<\/div>\n\t\t<\/div><\/div><\/div><div class='evocard_row'><div id='event_getdirection' class='evocard_box getdirection' data-c='' \n\t\t\t\t\tstyle=''><div class='evo_metarow_getDr evorow evcal_evdata_row evcal_evrow_sm getdirections'>\n\t\t<form action='https:\/\/maps.google.com\/maps' method='get' target='_blank'>\n\t\t\t<input type='hidden' name='daddr' value=\"46.32878794406342,11.600176728690842\"\/> \n\t\t\t<div class='evo_get_direction_content evo_fx_dr_r evogap10'>\n\t\t\t\t<span class='evogetdir_header evodfx evofx_dr_r evofx_ai_c marr10'>\n\t\t\t\t\t<i class='mainicon fa fa-road'><\/i> \n\t\t\t\t\t<h3 class='evo_h3' style='padding-bottom:5px;'>Wegbeschreibung abrufen<\/h3>\n\t\t\t\t<\/span>\n\t\t\t\t<span class='evogetdir_field evodfx evofx_1_1 evo_fx_dr_c evow100p'>\t\t\t\t\t\n\t\t\t\t\t<input class='evoInput evotac' type='text' name='saddr' placeholder='&quot;Geben Sie die Adresse ein' value='' style='margin:10px 0;'\/>\n\t\t\t\t<\/span>\n\t\t\t\t<button type='submit' class='evo_get_direction_button evo_btn_arr_circ dfx fx_ai_c' title='&quot;Klicken Sie hier'><i class='fa fa-chevron-right'><\/i> <\/button>\n\t\t\t<\/div>\n\t\t<\/form>\n\t<\/div><\/div><\/div><div class='evo_card_row_end evcal_close' title='Schlie\u00dfen'><\/div><\/div><div class='clear end'><\/div><\/div><div id=\"event_2176_0\" class=\"eventon_list_event evo_eventtop scheduled  event clrW no_et event_2176_0\" data-event_id=\"2176\" data-ri=\"0r\" data-time=\"1783499400-1783547940\" data-colr=\"#a69dcd\" itemscope itemtype='http:\/\/schema.org\/Event'><div class=\"evo_event_schema\" style=\"display:none\" ><a itemprop='url'  href='https:\/\/latemarium.com\/de\/events\/gea-bei-der-eroberung-des-gipfels\/var\/ri-0.l-L2'><\/a><meta itemprop='image' content=\"https:\/\/latemarium.com\/wp-content\/uploads\/2023\/06\/geotrail-1200x800-alice-russolo-rocce-barca-2.jpg\" \/><meta itemprop='startDate' content=\"2026-7-8T10:30+0:00\" \/><meta itemprop='endDate' content=\"2026-7-8T23:59+0:00\" \/><meta itemprop='eventStatus' content=\"https:\/\/schema.org\/EventScheduled\" \/><meta itemprop='eventAttendanceMode'   itemscope itemtype=\"https:\/\/schema.org\/OfflineEventAttendanceMode\"\/><script type=\"application\/ld+json\">{\"@context\": \"http:\/\/schema.org\",\"@type\": \"Event\",\n\t\t\t\t\"@id\": \"event_2176_0\",\n\t\t\t\t\"eventAttendanceMode\":\"https:\/\/schema.org\/OfflineEventAttendanceMode\",\n\t\t\t\t\"eventStatus\":\"https:\/\/schema.org\/EventScheduled\",\n\t\t\t\t\"name\": \"GEA BEI DER EROBERUNG DES GIPFELS\",\n\t\t\t\t\"url\": \"https:\/\/latemarium.com\/de\/events\/gea-bei-der-eroberung-des-gipfels\/var\/ri-0.l-L2\",\n\t\t\t\t\"startDate\": \"2026-7-8T10:30+0:00\",\n\t\t\t\t\"endDate\": \"2026-7-8T23:59+0:00\",\n\t\t\t\t\"image\":\"https:\/\/latemarium.com\/wp-content\/uploads\/2023\/06\/geotrail-1200x800-alice-russolo-rocce-barca-2.jpg\", \n\t\t\t\t\"description\":\"<p>Unsere freie und enthusiastische Gea vollbringt ein neues Kunstst\u00fcck mit zwei erfahrenen Begleitern und gemeinsam erobern sie den Gipfel!<\/p> <p>Immer mittwochs, vom 8. Juli bis zum 19. August 2026<br \/> bei der Passo Feudo H\u00fctte, welche mit der Seilbahn und mit dem Sessellift erreichbar ist<br \/> um 10.30 Uhr<br \/> F\u00fcr Familien mit Kindern ab 5 Jahren geeignet (Dauer: 1h30\u2018)<br \/> Vorstellung auf Italienisch<\/p> \"}<\/script><\/div>\r\n\t\t\t\t<p class=\"desc_trig_outter\" style=\"\"><a data-gmap_status=\"null\" data-exlk=\"0\" style=\"background-color: #a69dcd;\" id=\"evc_17834994002176\" class=\"hasFtIMG event_repeat desc_trig sin_val evcal_list_a\" data-ux_val=\"3\" data-ux_val_mob=\"-\"  ><span class='evoet_c1 evoet_cx '><span class='ev_ftImg' data-img='https:\/\/latemarium.com\/wp-content\/uploads\/2023\/06\/geotrail-1200x800-alice-russolo-rocce-barca-2.jpg' data-thumb='https:\/\/latemarium.com\/wp-content\/uploads\/2023\/06\/geotrail-1200x800-alice-russolo-rocce-barca-2-300x200.jpg' style='background-image:url(\"https:\/\/latemarium.com\/wp-content\/uploads\/2023\/06\/geotrail-1200x800-alice-russolo-rocce-barca-2-300x200.jpg\")' ><\/span><\/span><span class='evoet_c2 evoet_cx '><span class='evoet_dayblock evcal_cblock ' data-bgcolor='#a69dcd' data-smon='Juli' data-syr='2026' data-bub=''><span class='evo_start '><em class='date'>08<\/em><em class='month'>Jul<\/em><em class='time'>10:30<\/em><\/span><\/span><\/span><span class='evoet_c3 evoet_cx evcal_desc hide_eventtopdata '><span class='evoet_title evcal_desc2 evcal_event_title ' itemprop='name'>GEA BEI DER EROBERUNG DES GIPFELS<\/span><span class='event_location_attrs' data-location_type=\"lonlat\" data-location_name=\"Sessellift Ankunft Gardon\u00e8-Passo Feudo\" data-location_url=\"https:\/\/latemarium.com\/de\/event-location\/sessellift-ankunft-gardone-passo-feudo\/\" data-location_status=\"true\" data-latlng=\"46.32878794406342,11.600176728690842\"><\/span><span class='evoet_subtitle evo_below_title' ><span class='evcal_event_subtitle ' >Wanderausstellung - Geotrail Dos Cap\u00e8l<\/span><\/span><span class='evoet_time_expand level_3'><em class='evcal_time evo_tz_time'><i class='fa fa-clock-o'><\/i>10:30<span class='evo_tz marl5'>(GMT+02:00)<\/span><\/em> <\/span><span class='evoet_location level_3'><em class=\"evcal_location\"  data-latlng=\"46.32878794406342,11.600176728690842\" data-add_str=\"\" data-n=\"Sessellift Ankunft Gardon\u00e8-Passo Feudo\"><i class=\"fa fa-location-pin\"><\/i><em class=\"event_location_name\">Sessellift Ankunft Gardon\u00e8-Passo Feudo<\/em><\/em><\/span><\/span><span class='evoet_data' data-d=\"{&quot;loc.n&quot;:&quot;Sessellift Ankunft Gardon\\u00e8-Passo Feudo&quot;,&quot;orgs&quot;:[],&quot;tags&quot;:{&quot;repeating&quot;:&quot;Repeating Event&quot;}}\" data-bgc=\"#a69dcd\" data-bggrad=\"\" ><\/span><\/a><\/p><div class='event_description evcal_eventcard ' style=\"display:none\"><div class='evocard_row'><div id='event_ftimage' class='evocard_box ftimage' data-c='' \n\t\t\t\t\tstyle=''><div class='evocard_main_image_hold' data-t='Loading Image..'><div class='evocard_main_image evo_img_triglb evobr15 evobgsc evobgpc evodfx evofx_jc_c evofx_ai_c evofz48 minmized' style='height:300px; background-image:url();' data-f=\"https:\/\/latemarium.com\/wp-content\/uploads\/2023\/06\/geotrail-1200x800-alice-russolo-rocce-barca-2.jpg\" data-h=\"800\" data-w=\"1200\" data-ratio=\"0.66666666666667\" data-event_id=\"2176\" data-ri=\"0\"  data-t='Loading Image..'><span style='height:300px; background-image:url(https:\/\/latemarium.com\/wp-content\/uploads\/2023\/06\/geotrail-1200x800-alice-russolo-rocce-barca-2.jpg)'><\/span><\/div><\/div><\/div><\/div><div class='evocard_row'><div id='event_eventdetails' class='evocard_box eventdetails' data-c='' \n\t\t\t\t\tstyle=''><div class='evo_metarow_details evorow evcal_evdata_row evcal_event_details'>\n\t\t<div class=\"event_excerpt\" style=\"display:none\"><h3 class=\"padb5 evo_h3\">Details zur Veranstaltung<\/h3><p>Unsere freie und enthusiastische Gea vollbringt ein neues Kunstst\u00fcck mit zwei erfahrenen Begleitern und gemeinsam erobern sie den Gipfel!\nImmer mittwochs, vom 8. Juli bis zum 19. August 2026\nbei der<\/p><\/div><span class='evcal_evdata_icons'><i class='fa fa-align-justify'><\/i><\/span>\n\t\t\n\t\t<div class='evcal_evdata_cell '>\n\t\t\t<div class='eventon_full_description'>\n\t\t\t\t<h3 class='padb5 evo_h3'><span class='evcal_evdata_icons'><i class='fa fa-align-justify'><\/i><\/span>Details zur Veranstaltung<\/h3>\n\t\t\t\t<div class='eventon_desc_in' itemprop='description'>\n\t\t\t\t<p>Unsere freie und enthusiastische Gea vollbringt ein neues Kunstst\u00fcck mit zwei erfahrenen Begleitern und gemeinsam erobern sie den Gipfel!<\/p>\n<p>Immer mittwochs, vom 8. Juli bis zum 19. August 2026<br \/>\nbei der Passo Feudo H\u00fctte, welche mit der Seilbahn und mit dem Sessellift erreichbar ist<br \/>\num 10.30 Uhr<br \/>\nF\u00fcr Familien mit Kindern ab 5 Jahren geeignet (Dauer: 1h30\u2018)<br \/>\nVorstellung auf Italienisch<\/p>\n<\/div><div class='clear'><\/div>\n\t\t\t<\/div>\n\t\t<\/div>\n\t<\/div><\/div><\/div><div class='evocard_row bx2 bx'><div id='event_time' class='evocard_box time' data-c='' \n\t\t\t\t\tstyle=''><div class='evo_metarow_time evorow evcal_evdata_row evcal_evrow_sm '>\n\t\t<span class='evcal_evdata_icons'><i class='fa fa-clock'><\/i><\/span>\n\t\t<div class='evcal_evdata_cell'>\t\t\t\t\t\t\t\n\t\t\t<h3 class='evo_h3'><span class='evcal_evdata_icons'><i class='fa fa-clock'><\/i><\/span>Zeitplan<\/h3><p><span class='evo_eventcard_time_t'>8 Juli 2026 10:30<\/span><span class='evo_tz marr5'>(GMT+02:00)<\/span><\/p>\n\t\t<\/div>\n\t<\/div><\/div><div id='event_location' class='evocard_box location' data-c='' \n\t\t\t\t\tstyle=''><div class='evcal_evdata_row evo_metarow_time_location evorow '>\n\t\t\n\t\t\t<span class='evcal_evdata_icons'><i class='fa fa-map-marker'><\/i><\/span>\n\t\t\t<div class='evcal_evdata_cell' data-loc_tax_id='39'><h3 class='evo_h3 evodfx'><span class='evcal_evdata_icons'><i class='fa fa-map-marker'><\/i><\/span>Ort<\/h3><p class='evo_location_name'>Sessellift Ankunft Gardon\u00e8-Passo Feudo<\/p><div class='padt10'><span class='evo_btn_arr evolb_trigger' data-lbvals=\"{&quot;lbc&quot;:&quot;evo_location_lb_39&quot;,&quot;lbac&quot;:&quot;lb_max&quot;,&quot;t&quot;:&quot;Sessellift Ankunft Gardon\\u00e8-Passo Feudo&quot;,&quot;ajax&quot;:&quot;yes&quot;,&quot;ajax_type&quot;:&quot;endpoint&quot;,&quot;ajax_action&quot;:&quot;eventon_get_tax_card_content&quot;,&quot;end&quot;:&quot;client&quot;,&quot;d&quot;:{&quot;lang&quot;:&quot;L2&quot;,&quot;term_id&quot;:39,&quot;tax&quot;:&quot;event_location&quot;,&quot;load_lbcontent&quot;:true},&quot;uid&quot;:&quot;eventon_get_tax_card_content&quot;}\" >Other Events<i class='fa fa-chevron-right'><\/i><\/span><\/div><\/div>\n\t\t\n\t<\/div><\/div><\/div><div class='evocard_row bx2 bx'><div id='event_learnmore' class='evocard_box learnmore' data-c='' \n\t\t\t\t\tstyle=''><div class='evo_metarow_learnM evo_metarow_learnmore evorow'>\n\t\t\t\t\t\t\t<a class='evcal_evdata_row evo_clik_row ' href='https:\/\/www.montagnanimata.it\/de\/spektakel\/' target=\"_blank\">\n\t\t\t\t\t\t\t\t<span class='evcal_evdata_icons'><i class='fa fa-link'><\/i><\/span>\n\t\t\t\t\t\t\t\t<h3 class='evo_h3'>Entdecke mehr<\/h3>\n\t\t\t\t\t\t\t<\/a>\n\t\t\t\t\t\t\t<\/div><\/div><div id='event_addtocal' class='evocard_box addtocal' data-c='' \n\t\t\t\t\tstyle=''><div class='evo_metarow_ICS evorow evcal_evdata_row'>\n\t\t\t<span class='evcal_evdata_icons'><i class='fa fa-calendar-o'><\/i><\/span>\n\t\t\t<div class='evcal_evdata_cell'>\n\t\t\t\t<p><a href='https:\/\/latemarium.com\/de\/export-events\/2176_0\/?nonce=7b34e59f7d' class='evo_ics_nCal' title='Zu Ihrem Kalender hinzuf\u00fcgen'>Kalender<\/a><a href='https:\/\/www.google.com\/calendar\/event?action=TEMPLATE&text=GEA+BEI+DER+EROBERUNG+DES+GIPFELS&dates=20260708T083000Z%2F20260708T215900Z&ctz=Europe%2FRome&details=GEA BEI DER EROBERUNG DES GIPFELS&location=Sessellift+Ankunft+Gardon%C3%A8-Passo+Feudo' target='_blank' class='evo_ics_gCal' title='Zu Google Kalender hinzuf\u00fcgen'>GoogleCal<\/a><\/p>\t\n\t\t\t<\/div>\n\t\t<\/div><\/div><\/div><div class='evocard_row'><div id='event_getdirection' class='evocard_box getdirection' data-c='' \n\t\t\t\t\tstyle=''><div class='evo_metarow_getDr evorow evcal_evdata_row evcal_evrow_sm getdirections'>\n\t\t<form action='https:\/\/maps.google.com\/maps' method='get' target='_blank'>\n\t\t\t<input type='hidden' name='daddr' value=\"46.32878794406342,11.600176728690842\"\/> \n\t\t\t<div class='evo_get_direction_content evo_fx_dr_r evogap10'>\n\t\t\t\t<span class='evogetdir_header evodfx evofx_dr_r evofx_ai_c marr10'>\n\t\t\t\t\t<i class='mainicon fa fa-road'><\/i> \n\t\t\t\t\t<h3 class='evo_h3' style='padding-bottom:5px;'>Wegbeschreibung abrufen<\/h3>\n\t\t\t\t<\/span>\n\t\t\t\t<span class='evogetdir_field evodfx evofx_1_1 evo_fx_dr_c evow100p'>\t\t\t\t\t\n\t\t\t\t\t<input class='evoInput evotac' type='text' name='saddr' placeholder='&quot;Geben Sie die Adresse ein' value='' style='margin:10px 0;'\/>\n\t\t\t\t<\/span>\n\t\t\t\t<button type='submit' class='evo_get_direction_button evo_btn_arr_circ dfx fx_ai_c' title='&quot;Klicken Sie hier'><i class='fa fa-chevron-right'><\/i> <\/button>\n\t\t\t<\/div>\n\t\t<\/form>\n\t<\/div><\/div><\/div><div class='evo_card_row_end evcal_close' title='Schlie\u00dfen'><\/div><\/div><div class='clear end'><\/div><\/div><div id=\"event_2938_2\" class=\"eventon_list_event evo_eventtop scheduled  event clrD event_2938_2\" data-event_id=\"2938\" data-ri=\"2r\" data-time=\"1783512000-1783521000\" data-colr=\"#38823b\" itemscope itemtype='http:\/\/schema.org\/Event'><div class=\"evo_event_schema\" style=\"display:none\" ><a itemprop='url'  href='https:\/\/latemarium.com\/de\/events\/unterwegs-mit-ponys\/var\/ri-2.l-L2'><\/a><meta itemprop='image' content=\"https:\/\/latemarium.com\/wp-content\/uploads\/2026\/04\/pony.jpg\" \/><meta itemprop='startDate' content=\"2026-7-8T14:00+0:00\" \/><meta itemprop='endDate' content=\"2026-7-8T16:30+0:00\" \/><meta itemprop='eventStatus' content=\"https:\/\/schema.org\/EventScheduled\" \/><meta itemprop='eventAttendanceMode'   itemscope itemtype=\"https:\/\/schema.org\/OfflineEventAttendanceMode\"\/><div style=\"display:none\" itemprop=\"location\" itemscope itemtype=\"http:\/\/schema.org\/Place\"><span itemprop=\"name\">Pampeago<\/span><span itemprop=\"address\" itemscope itemtype=\"http:\/\/schema.org\/PostalAddress\"><item itemprop=\"streetAddress\">Localit\u00e0 Pampeago, 8, 38038 Tesero TN<\/item><\/span><\/div><script type=\"application\/ld+json\">{\"@context\": \"http:\/\/schema.org\",\"@type\": \"Event\",\n\t\t\t\t\"@id\": \"event_2938_2\",\n\t\t\t\t\"eventAttendanceMode\":\"https:\/\/schema.org\/OfflineEventAttendanceMode\",\n\t\t\t\t\"eventStatus\":\"https:\/\/schema.org\/EventScheduled\",\n\t\t\t\t\"name\": \"Unterwegs mit Ponys\",\n\t\t\t\t\"url\": \"https:\/\/latemarium.com\/de\/events\/unterwegs-mit-ponys\/var\/ri-2.l-L2\",\n\t\t\t\t\"startDate\": \"2026-7-8T14:00+0:00\",\n\t\t\t\t\"endDate\": \"2026-7-8T16:30+0:00\",\n\t\t\t\t\"image\":\"https:\/\/latemarium.com\/wp-content\/uploads\/2026\/04\/pony.jpg\", \n\t\t\t\t\"description\":\"<p>Ein angenehmer Spaziergang zur Entdeckung der Landschaften von Pampeago, begleitet von freundlichen Ponys, die Kinder und Familien sicher entlang der Route f\u00fchren.<\/p> <p>Ein entspannendes und unterhaltsames Erlebnis \u2013 ideal, um die Bergwelt in gem\u00e4chlichem Tempo zu genie\u00dfen und eine besondere Verbindung zu diesen sanften Tieren aufzubauen.<\/p> <p><strong>INFORMATIONEN:<\/strong><br \/> Wann \u2013 Jeden Mittwoch vom 24.06. bis 09.09.<br \/> Uhrzeit \u2013 Von 14:00 bis 16:30 Uhr (je nach Verf\u00fcgbarkeit)<br \/> Treffpunkt \u2013 Parkplatz der Tresca-Sesselbahn (Zutritt NUR f\u00fcr Teilnehmende mit Reservierung)<\/p> <p>Aktivit\u00e4t geeignet f\u00fcr Familien und Kinder.<\/p> <p>Reservierung erforderlich \u2013 klicken Sie <a href='https:\/\/www.visitfiemme.it\/de\/veranstaltungen\/fiemme-cembra-guest-card\/erlebnisse\/erlebnisse-sommer' target='_blank' rel='noopener'>HIER<\/a>, um zu buchen<\/p> \",\"location\":[{\"@type\":\"Place\",\"name\":\"Pampeago\",\"address\":{\"@type\": \"PostalAddress\",\"streetAddress\":\"Localit\u00e0 Pampeago, 8, 38038 Tesero TN\"}}]}<\/script><\/div>\r\n\t\t\t\t<p class=\"desc_trig_outter\" style=\"\"><a data-gmap_status=\"null\" data-exlk=\"0\" style=\"background-color: #38823b;\" id=\"evc_17835120002938\" class=\"hasFtIMG event_repeat desc_trig sin_val evcal_list_a\" data-ux_val=\"3\" data-ux_val_mob=\"-\"  ><span class='evoet_c1 evoet_cx '><span class='ev_ftImg' data-img='https:\/\/latemarium.com\/wp-content\/uploads\/2026\/04\/pony.jpg' data-thumb='https:\/\/latemarium.com\/wp-content\/uploads\/2026\/04\/pony-300x110.jpg' style='background-image:url(\"https:\/\/latemarium.com\/wp-content\/uploads\/2026\/04\/pony-300x110.jpg\")' ><\/span><\/span><span class='evoet_c2 evoet_cx '><span class='evoet_dayblock evcal_cblock ' data-bgcolor='#38823b' data-smon='Juli' data-syr='2026' data-bub=''><span class='evo_start '><em class='date'>08<\/em><em class='month'>Jul<\/em><em class='time'>14:00<\/em><\/span><span class='evo_end only_time'><em class='time'>16:30<\/em><\/span><\/span><\/span><span class='evoet_c3 evoet_cx evcal_desc hide_eventtopdata '><span class='evoet_title evcal_desc2 evcal_event_title ' itemprop='name'>Unterwegs mit Ponys<\/span><span class='event_location_attrs'  data-location_address=\"Localit\u00e0 Pampeago, 8, 38038 Tesero TN\" data-location_type=\"lonlat\" data-location_name=\"Pampeago\" data-location_url=\"https:\/\/latemarium.com\/de\/event-location\/pampeago-de\/\" data-location_status=\"true\" data-latlng=\"46.34343697644898,11.540997527961546\"><\/span><span class='evoet_subtitle evo_below_title' ><span class='evcal_event_subtitle ' >Familienwanderung<\/span><\/span><span class='evoet_time_expand level_3'><em class='evcal_time evo_tz_time'><i class='fa fa-clock-o'><\/i>14:00 - 16:30<span class='evo_tz marl5'>(GMT+02:00)<\/span><\/em> <\/span><span class='evoet_location level_3'><em class=\"evcal_location\"  data-latlng=\"46.34343697644898,11.540997527961546\" data-add_str=\"Localit\u00e0 Pampeago, 8, 38038 Tesero TN\" data-n=\"Pampeago\"><i class=\"fa fa-location-pin\"><\/i><em class=\"event_location_name\">Pampeago<\/em>, Localit\u00e0 Pampeago, 8, 38038 Tesero TN<\/em><\/span><\/span><span class='evoet_data' data-d=\"{&quot;loc.n&quot;:&quot;Pampeago&quot;,&quot;orgs&quot;:[],&quot;tags&quot;:{&quot;repeating&quot;:&quot;Repeating Event&quot;}}\" data-bgc=\"#38823b\" data-bggrad=\"\" ><\/span><\/a><\/p><div class='event_description evcal_eventcard ' style=\"display:none\"><div class='evocard_row'><div id='event_ftimage' class='evocard_box ftimage' data-c='' \n\t\t\t\t\tstyle=''><div class='evocard_main_image_hold' data-t='Loading Image..'><div class='evocard_main_image evo_img_triglb evobr15 evobgsc evobgpc evodfx evofx_jc_c evofx_ai_c evofz48 minmized' style='height:300px; background-image:url();' data-f=\"https:\/\/latemarium.com\/wp-content\/uploads\/2026\/04\/pony.jpg\" data-h=\"368\" data-w=\"1000\" data-ratio=\"0.368\" data-event_id=\"2938\" data-ri=\"2\"  data-t='Loading Image..'><span style='height:300px; background-image:url(https:\/\/latemarium.com\/wp-content\/uploads\/2026\/04\/pony.jpg)'><\/span><\/div><\/div><\/div><\/div><div class='evocard_row'><div id='event_eventdetails' class='evocard_box eventdetails' data-c='' \n\t\t\t\t\tstyle=''><div class='evo_metarow_details evorow evcal_evdata_row evcal_event_details'>\n\t\t<div class=\"event_excerpt\" style=\"display:none\"><h3 class=\"padb5 evo_h3\">Details zur Veranstaltung<\/h3><p>Ein angenehmer Spaziergang zur Entdeckung der Landschaften von Pampeago, begleitet von freundlichen Ponys, die Kinder und Familien sicher entlang der Route f\u00fchren.\nEin entspannendes und unterhaltsames Erlebnis \u2013 ideal, um die<\/p><\/div><span class='evcal_evdata_icons'><i class='fa fa-align-justify'><\/i><\/span>\n\t\t\n\t\t<div class='evcal_evdata_cell shorter_desc'>\n\t\t\t<div class='eventon_full_description'>\n\t\t\t\t<h3 class='padb5 evo_h3'><span class='evcal_evdata_icons'><i class='fa fa-align-justify'><\/i><\/span>Details zur Veranstaltung<\/h3>\n\t\t\t\t<div class='eventon_desc_in' itemprop='description'>\n\t\t\t\t<p>Ein angenehmer Spaziergang zur Entdeckung der Landschaften von Pampeago, begleitet von freundlichen Ponys, die Kinder und Familien sicher entlang der Route f\u00fchren.<\/p>\n<p>Ein entspannendes und unterhaltsames Erlebnis \u2013 ideal, um die Bergwelt in gem\u00e4chlichem Tempo zu genie\u00dfen und eine besondere Verbindung zu diesen sanften Tieren aufzubauen.<\/p>\n<p><strong>INFORMATIONEN:<\/strong><br \/>\nWann \u2013 Jeden Mittwoch vom 24.06. bis 09.09.<br \/>\nUhrzeit \u2013 Von 14:00 bis 16:30 Uhr (je nach Verf\u00fcgbarkeit)<br \/>\nTreffpunkt \u2013 Parkplatz der Tresca-Sesselbahn (Zutritt NUR f\u00fcr Teilnehmende mit Reservierung)<\/p>\n<p>Aktivit\u00e4t geeignet f\u00fcr Familien und Kinder.<\/p>\n<p>Reservierung erforderlich \u2013 klicken Sie <a href=\"https:\/\/www.visitfiemme.it\/de\/veranstaltungen\/fiemme-cembra-guest-card\/erlebnisse\/erlebnisse-sommer\" target=\"_blank\" rel=\"noopener\">HIER<\/a>, um zu buchen<\/p>\n<\/div><p class='eventon_shad_p' style='padding:5px 0 0; margin:0'>\n\t\t\t<span class='evcal_btn evo_btn_secondary evobtn_details_show_more' content='less'>\n\t\t\t\t<span class='ev_more_text' data-txt='Weniger'>Mehr<\/span><span class='ev_more_arrow ard'><\/span>\n\t\t\t<\/span>\n\t\t<\/p><div class='clear'><\/div>\n\t\t\t<\/div>\n\t\t<\/div>\n\t<\/div><\/div><\/div><div class='evocard_row bx2 bx'><div id='event_time' class='evocard_box time' data-c='' \n\t\t\t\t\tstyle=''><div class='evo_metarow_time evorow evcal_evdata_row evcal_evrow_sm '>\n\t\t<span class='evcal_evdata_icons'><i class='fa fa-clock'><\/i><\/span>\n\t\t<div class='evcal_evdata_cell'>\t\t\t\t\t\t\t\n\t\t\t<h3 class='evo_h3'><span class='evcal_evdata_icons'><i class='fa fa-clock'><\/i><\/span>Zeitplan<\/h3><p><span class='evo_eventcard_time_t'>8 Juli 2026 14:00 - 16:30<\/span><span class='evo_tz marr5'>(GMT+02:00)<\/span><\/p>\n\t\t<\/div>\n\t<\/div><\/div><div id='event_location' class='evocard_box location' data-c='' \n\t\t\t\t\tstyle=''><div class='evcal_evdata_row evo_metarow_time_location evorow '>\n\t\t\n\t\t\t<span class='evcal_evdata_icons'><i class='fa fa-map-marker'><\/i><\/span>\n\t\t\t<div class='evcal_evdata_cell' data-loc_tax_id='32'><h3 class='evo_h3 evodfx'><span class='evcal_evdata_icons'><i class='fa fa-map-marker'><\/i><\/span>Ort<\/h3><p class='evo_location_name'>Pampeago<\/p><p class='evo_location_address evodfxi evogap10'>Localit\u00e0 Pampeago, 8, 38038 Tesero TN<\/p><div class='padt10'><span class='evo_btn_arr evolb_trigger' data-lbvals=\"{&quot;lbc&quot;:&quot;evo_location_lb_32&quot;,&quot;lbac&quot;:&quot;lb_max&quot;,&quot;t&quot;:&quot;Pampeago&quot;,&quot;ajax&quot;:&quot;yes&quot;,&quot;ajax_type&quot;:&quot;endpoint&quot;,&quot;ajax_action&quot;:&quot;eventon_get_tax_card_content&quot;,&quot;end&quot;:&quot;client&quot;,&quot;d&quot;:{&quot;lang&quot;:&quot;L2&quot;,&quot;term_id&quot;:32,&quot;tax&quot;:&quot;event_location&quot;,&quot;load_lbcontent&quot;:true},&quot;uid&quot;:&quot;eventon_get_tax_card_content&quot;}\" >Other Events<i class='fa fa-chevron-right'><\/i><\/span><\/div><\/div>\n\t\t\n\t<\/div><\/div><\/div><div class='evocard_row'><div id='event_addtocal' class='evocard_box addtocal' data-c='' \n\t\t\t\t\tstyle=''><div class='evo_metarow_ICS evorow evcal_evdata_row'>\n\t\t\t<span class='evcal_evdata_icons'><i class='fa fa-calendar-o'><\/i><\/span>\n\t\t\t<div class='evcal_evdata_cell'>\n\t\t\t\t<p><a href='https:\/\/latemarium.com\/de\/export-events\/2938_2\/?nonce=7b34e59f7d' class='evo_ics_nCal' title='Zu Ihrem Kalender hinzuf\u00fcgen'>Kalender<\/a><a href='https:\/\/www.google.com\/calendar\/event?action=TEMPLATE&text=Unterwegs+mit+Ponys&dates=20260708T120000Z%2F20260708T143000Z&ctz=Europe%2FRome&details=Unterwegs mit Ponys&location=Pampeago+Localit%C3%A0+Pampeago%2C+8%2C+38038+Tesero+TN' target='_blank' class='evo_ics_gCal' title='Zu Google Kalender hinzuf\u00fcgen'>GoogleCal<\/a><\/p>\t\n\t\t\t<\/div>\n\t\t<\/div><\/div><\/div><div class='evocard_row'><div id='event_getdirection' class='evocard_box getdirection' data-c='' \n\t\t\t\t\tstyle=''><div class='evo_metarow_getDr evorow evcal_evdata_row evcal_evrow_sm getdirections'>\n\t\t<form action='https:\/\/maps.google.com\/maps' method='get' target='_blank'>\n\t\t\t<input type='hidden' name='daddr' value=\"Localit\u00e0 Pampeago, 8, 38038 Tesero TN\"\/> \n\t\t\t<div class='evo_get_direction_content evo_fx_dr_r evogap10'>\n\t\t\t\t<span class='evogetdir_header evodfx evofx_dr_r evofx_ai_c marr10'>\n\t\t\t\t\t<i class='mainicon fa fa-road'><\/i> \n\t\t\t\t\t<h3 class='evo_h3' style='padding-bottom:5px;'>Wegbeschreibung abrufen<\/h3>\n\t\t\t\t<\/span>\n\t\t\t\t<span class='evogetdir_field evodfx evofx_1_1 evo_fx_dr_c evow100p'>\t\t\t\t\t\n\t\t\t\t\t<input class='evoInput evotac' type='text' name='saddr' placeholder='&quot;Geben Sie die Adresse ein' value='' style='margin:10px 0;'\/>\n\t\t\t\t<\/span>\n\t\t\t\t<button type='submit' class='evo_get_direction_button evo_btn_arr_circ dfx fx_ai_c' title='&quot;Klicken Sie hier'><i class='fa fa-chevron-right'><\/i> <\/button>\n\t\t\t<\/div>\n\t\t<\/form>\n\t<\/div><\/div><\/div><div class='evo_card_row_end evcal_close' title='Schlie\u00dfen'><\/div><\/div><div class='clear end'><\/div><\/div><div id=\"event_2845_1\" class=\"eventon_list_event evo_eventtop scheduled  event clrD no_et event_2845_1\" data-event_id=\"2845\" data-ri=\"1r\" data-time=\"1783580400-1783634340\" data-colr=\"#38823b\" itemscope itemtype='http:\/\/schema.org\/Event'><div class=\"evo_event_schema\" style=\"display:none\" ><a itemprop='url'  href='https:\/\/latemarium.com\/de\/events\/escursione-in-montagna-al-rifugio-torre-di-pisa\/var\/ri-1.l-L2'><\/a><meta itemprop='image' content=\"https:\/\/latemarium.com\/wp-content\/uploads\/2025\/05\/escursione-torre-di-pisa-obereggen.jpg\" \/><meta itemprop='startDate' content=\"2026-7-9T09:00+0:00\" \/><meta itemprop='endDate' content=\"2026-7-9T23:59+0:00\" \/><meta itemprop='eventStatus' content=\"https:\/\/schema.org\/EventScheduled\" \/><meta itemprop='eventAttendanceMode'   itemscope itemtype=\"https:\/\/schema.org\/OfflineEventAttendanceMode\"\/><div style=\"display:none\" itemprop=\"location\" itemscope itemtype=\"http:\/\/schema.org\/Place\"><span itemprop=\"name\">Talstation Obereggen<\/span><span itemprop=\"address\" itemscope itemtype=\"http:\/\/schema.org\/PostalAddress\"><item itemprop=\"streetAddress\">Obereggen 16 I-39050 Deutschnofen (BZ)<\/item><\/span><\/div><script type=\"application\/ld+json\">{\"@context\": \"http:\/\/schema.org\",\"@type\": \"Event\",\n\t\t\t\t\"@id\": \"event_2845_1\",\n\t\t\t\t\"eventAttendanceMode\":\"https:\/\/schema.org\/OfflineEventAttendanceMode\",\n\t\t\t\t\"eventStatus\":\"https:\/\/schema.org\/EventScheduled\",\n\t\t\t\t\"name\": \"Gipfelwanderung zur Latemarh\u00fctte\",\n\t\t\t\t\"url\": \"https:\/\/latemarium.com\/de\/events\/escursione-in-montagna-al-rifugio-torre-di-pisa\/var\/ri-1.l-L2\",\n\t\t\t\t\"startDate\": \"2026-7-9T09:00+0:00\",\n\t\t\t\t\"endDate\": \"2026-7-9T23:59+0:00\",\n\t\t\t\t\"image\":\"https:\/\/latemarium.com\/wp-content\/uploads\/2025\/05\/escursione-torre-di-pisa-obereggen.jpg\", \n\t\t\t\t\"description\":\"<p>Mittelschwere bis schwere, anspruchsvolle Bergwanderung im hochalpinen Gel\u00e4nde im s\u00fcdlichen Latemar- Massiv. Beeindruckende Rundsicht auf die umliegende Bergwelt.<\/p> <p>Route: Auffahrt mit dem Oberholz-Sessellift (1550\u20132100 m) \u2013 Aufstieg auf Weg 18 \u2013 Aussichtsplattform \u2013 Gamsstallscharte (2560 m) \u2013 Weg 516 \u2013 Pisah\u00fctte\/Latemarh\u00fctte (2671 m). Einkehr. Abstieg Weg 516 und Weg 22 \u2013 Bergstation Sessellift Oberholz \u2013 R\u00fcckfahrt.<\/p> <p>Start: 09.00 Uhr in Obereggen<br \/> R\u00fcckkehr: 16.00 Uhr<br \/> Dauer: 7 h | Gehzeit: 6 h<br \/> H\u00f6henunterschied: 750 m<br \/> Schwierigkeit: schwer, anspruchsvoll | Anforderungen: Ausdauer, Trittsicherheit und Schwindelfreiheit |mit Einkehr | die Mitnahme von geeignetem Tourenproviant wird empfohlen<br \/> Sessellift Oberholz: 21,50 \u20ac\/Erwachsene \u2013 17,50 \u20ac\/Junior<\/p> \",\"location\":[{\"@type\":\"Place\",\"name\":\"Talstation Obereggen\",\"address\":{\"@type\": \"PostalAddress\",\"streetAddress\":\"Obereggen 16 I-39050 Deutschnofen (BZ)\"}}]}<\/script><\/div>\r\n\t\t\t\t<p class=\"desc_trig_outter\" style=\"\"><a data-gmtrig=\"1\" data-exlk=\"0\" style=\"background-color: #38823b;\" id=\"evc_17835804002845\" class=\"hasFtIMG event_repeat desc_trig sin_val evcal_list_a\" data-ux_val=\"3\" data-ux_val_mob=\"-\"  ><span class='evoet_c1 evoet_cx '><span class='ev_ftImg' data-img='https:\/\/latemarium.com\/wp-content\/uploads\/2025\/05\/escursione-torre-di-pisa-obereggen.jpg' data-thumb='https:\/\/latemarium.com\/wp-content\/uploads\/2025\/05\/escursione-torre-di-pisa-obereggen-300x182.jpg' style='background-image:url(\"https:\/\/latemarium.com\/wp-content\/uploads\/2025\/05\/escursione-torre-di-pisa-obereggen-300x182.jpg\")' ><\/span><\/span><span class='evoet_c2 evoet_cx '><span class='evoet_dayblock evcal_cblock ' data-bgcolor='#38823b' data-smon='Juli' data-syr='2026' data-bub=''><span class='evo_start '><em class='date'>09<\/em><em class='month'>Jul<\/em><em class='time'>09:00<\/em><\/span><\/span><\/span><span class='evoet_c3 evoet_cx evcal_desc hide_eventtopdata '><span class='evoet_title evcal_desc2 evcal_event_title ' itemprop='name'>Gipfelwanderung zur Latemarh\u00fctte<\/span><span class='event_location_attrs'  data-location_address=\"Obereggen 16 I-39050 Deutschnofen (BZ)\" data-location_type=\"lonlat\" data-location_name=\"Talstation Obereggen\" data-location_url=\"https:\/\/latemarium.com\/de\/event-location\/talstation-obereggen\/\" data-location_status=\"true\" data-latlng=\"46.3835808246333,11.52667595881786\"><\/span><span class='evoet_subtitle evo_below_title' ><span class='evcal_event_subtitle ' >Gipfelwanderung <\/span><\/span><span class='evoet_time_expand level_3'><em class='evcal_time evo_tz_time'><i class='fa fa-clock-o'><\/i>09:00<span class='evo_tz marl5'>(GMT+02:00)<\/span><\/em> <\/span><span class='evoet_location level_3'><em class=\"evcal_location\"  data-latlng=\"46.3835808246333,11.52667595881786\" data-add_str=\"Obereggen 16 I-39050 Deutschnofen (BZ)\" data-n=\"Talstation Obereggen\"><i class=\"fa fa-location-pin\"><\/i><em class=\"event_location_name\">Talstation Obereggen<\/em>, Obereggen 16 I-39050 Deutschnofen (BZ)<\/em><\/span><\/span><span class='evoet_data' data-d=\"{&quot;loc.n&quot;:&quot;Talstation Obereggen&quot;,&quot;orgs&quot;:[],&quot;tags&quot;:{&quot;repeating&quot;:&quot;Repeating Event&quot;}}\" data-bgc=\"#38823b\" data-bggrad=\"\" ><\/span><\/a><\/p><div class='event_description evcal_eventcard ' style=\"display:none\"><div class='evocard_row'><div id='event_ftimage' class='evocard_box ftimage' data-c='' \n\t\t\t\t\tstyle=''><div class='evocard_main_image_hold' data-t='Loading Image..'><div class='evocard_main_image evo_img_triglb evobr15 evobgsc evobgpc evodfx evofx_jc_c evofx_ai_c evofz48 minmized' style='height:300px; background-image:url();' data-f=\"https:\/\/latemarium.com\/wp-content\/uploads\/2025\/05\/escursione-torre-di-pisa-obereggen.jpg\" data-h=\"755\" data-w=\"1245\" data-ratio=\"0.60642570281124\" data-event_id=\"2845\" data-ri=\"1\"  data-t='Loading Image..'><span style='height:300px; background-image:url(https:\/\/latemarium.com\/wp-content\/uploads\/2025\/05\/escursione-torre-di-pisa-obereggen.jpg)'><\/span><\/div><\/div><\/div><\/div><div class='evocard_row'><div id='event_eventdetails' class='evocard_box eventdetails' data-c='' \n\t\t\t\t\tstyle=''><div class='evo_metarow_details evorow evcal_evdata_row evcal_event_details'>\n\t\t<div class=\"event_excerpt\" style=\"display:none\"><h3 class=\"padb5 evo_h3\">Details zur Veranstaltung<\/h3><p>Mittelschwere bis schwere, anspruchsvolle Bergwanderung im hochalpinen Gel\u00e4nde im s\u00fcdlichen Latemar- Massiv. Beeindruckende Rundsicht auf die umliegende Bergwelt.\nRoute: Auffahrt mit dem Oberholz-Sessellift (1550\u20132100 m) \u2013 Aufstieg auf Weg 18 \u2013<\/p><\/div><span class='evcal_evdata_icons'><i class='fa fa-align-justify'><\/i><\/span>\n\t\t\n\t\t<div class='evcal_evdata_cell shorter_desc'>\n\t\t\t<div class='eventon_full_description'>\n\t\t\t\t<h3 class='padb5 evo_h3'><span class='evcal_evdata_icons'><i class='fa fa-align-justify'><\/i><\/span>Details zur Veranstaltung<\/h3>\n\t\t\t\t<div class='eventon_desc_in' itemprop='description'>\n\t\t\t\t<p>Mittelschwere bis schwere, anspruchsvolle Bergwanderung im hochalpinen Gel\u00e4nde im s\u00fcdlichen Latemar- Massiv. Beeindruckende Rundsicht auf die umliegende Bergwelt.<\/p>\n<p>Route: Auffahrt mit dem Oberholz-Sessellift (1550\u20132100 m) \u2013 Aufstieg auf Weg 18 \u2013 Aussichtsplattform \u2013 Gamsstallscharte (2560 m) \u2013 Weg 516 \u2013 Pisah\u00fctte\/Latemarh\u00fctte (2671 m). Einkehr. Abstieg Weg 516 und Weg 22 \u2013 Bergstation Sessellift Oberholz \u2013 R\u00fcckfahrt.<\/p>\n<p>Start: 09.00 Uhr in Obereggen<br \/>\nR\u00fcckkehr: 16.00 Uhr<br \/>\nDauer: 7 h | Gehzeit: 6 h<br \/>\nH\u00f6henunterschied: 750 m<br \/>\nSchwierigkeit: schwer, anspruchsvoll | Anforderungen: Ausdauer, Trittsicherheit und Schwindelfreiheit |mit Einkehr | die Mitnahme von geeignetem Tourenproviant wird empfohlen<br \/>\nSessellift Oberholz: 21,50 \u20ac\/Erwachsene \u2013 17,50 \u20ac\/Junior<\/p>\n<\/div><p class='eventon_shad_p' style='padding:5px 0 0; margin:0'>\n\t\t\t<span class='evcal_btn evo_btn_secondary evobtn_details_show_more' content='less'>\n\t\t\t\t<span class='ev_more_text' data-txt='Weniger'>Mehr<\/span><span class='ev_more_arrow ard'><\/span>\n\t\t\t<\/span>\n\t\t<\/p><div class='clear'><\/div>\n\t\t\t<\/div>\n\t\t<\/div>\n\t<\/div><\/div><\/div><div class='evocard_row bx2 bx'><div id='event_time' class='evocard_box time' data-c='' \n\t\t\t\t\tstyle=''><div class='evo_metarow_time evorow evcal_evdata_row evcal_evrow_sm '>\n\t\t<span class='evcal_evdata_icons'><i class='fa fa-clock'><\/i><\/span>\n\t\t<div class='evcal_evdata_cell'>\t\t\t\t\t\t\t\n\t\t\t<h3 class='evo_h3'><span class='evcal_evdata_icons'><i class='fa fa-clock'><\/i><\/span>Zeitplan<\/h3><p><span class='evo_eventcard_time_t'>9 Juli 2026 09:00<\/span><span class='evo_tz marr5'>(GMT+02:00)<\/span><\/p>\n\t\t<\/div>\n\t<\/div><\/div><div id='event_location' class='evocard_box location' data-c='' \n\t\t\t\t\tstyle=''><div class='evcal_evdata_row evo_metarow_time_location evorow '>\n\t\t\n\t\t\t<span class='evcal_evdata_icons'><i class='fa fa-map-marker'><\/i><\/span>\n\t\t\t<div class='evcal_evdata_cell' data-loc_tax_id='23'><h3 class='evo_h3 evodfx'><span class='evcal_evdata_icons'><i class='fa fa-map-marker'><\/i><\/span>Ort<\/h3><p class='evo_location_name'>Talstation Obereggen<\/p><p class='evo_location_address evodfxi evogap10'>Obereggen 16 I-39050 Deutschnofen (BZ)<\/p><div class='padt10'><span class='evo_btn_arr evolb_trigger' data-lbvals=\"{&quot;lbc&quot;:&quot;evo_location_lb_23&quot;,&quot;lbac&quot;:&quot;lb_max&quot;,&quot;t&quot;:&quot;Talstation Obereggen&quot;,&quot;ajax&quot;:&quot;yes&quot;,&quot;ajax_type&quot;:&quot;endpoint&quot;,&quot;ajax_action&quot;:&quot;eventon_get_tax_card_content&quot;,&quot;end&quot;:&quot;client&quot;,&quot;d&quot;:{&quot;lang&quot;:&quot;L2&quot;,&quot;term_id&quot;:23,&quot;tax&quot;:&quot;event_location&quot;,&quot;load_lbcontent&quot;:true},&quot;uid&quot;:&quot;eventon_get_tax_card_content&quot;}\" >Other Events<i class='fa fa-chevron-right'><\/i><\/span><\/div><\/div>\n\t\t\n\t<\/div><\/div><\/div><div class='evocard_row bx2 bx'><div id='event_learnmore' class='evocard_box learnmore' data-c='' \n\t\t\t\t\tstyle=''><div class='evo_metarow_learnM evo_metarow_learnmore evorow'>\n\t\t\t\t\t\t\t<a class='evcal_evdata_row evo_clik_row ' href='https:\/\/eggental.com\/de\/event\/gipfelwanderung-zur-latemarhtte_11602' target=\"_blank\">\n\t\t\t\t\t\t\t\t<span class='evcal_evdata_icons'><i class='fa fa-link'><\/i><\/span>\n\t\t\t\t\t\t\t\t<h3 class='evo_h3'>Entdecke mehr<\/h3>\n\t\t\t\t\t\t\t<\/a>\n\t\t\t\t\t\t\t<\/div><\/div><div id='event_addtocal' class='evocard_box addtocal' data-c='' \n\t\t\t\t\tstyle=''><div class='evo_metarow_ICS evorow evcal_evdata_row'>\n\t\t\t<span class='evcal_evdata_icons'><i class='fa fa-calendar-o'><\/i><\/span>\n\t\t\t<div class='evcal_evdata_cell'>\n\t\t\t\t<p><a href='https:\/\/latemarium.com\/de\/export-events\/2845_1\/?nonce=7b34e59f7d' class='evo_ics_nCal' title='Zu Ihrem Kalender hinzuf\u00fcgen'>Kalender<\/a><a href='https:\/\/www.google.com\/calendar\/event?action=TEMPLATE&text=Gipfelwanderung+zur+Latemarh%C3%BCtte&dates=20260709T070000Z%2F20260709T215900Z&ctz=Europe%2FRome&details=Gipfelwanderung zur Latemarh\u00fctte&location=Talstation+Obereggen+Obereggen+16+I-39050+Deutschnofen+%28BZ%29' target='_blank' class='evo_ics_gCal' title='Zu Google Kalender hinzuf\u00fcgen'>GoogleCal<\/a><\/p>\t\n\t\t\t<\/div>\n\t\t<\/div><\/div><\/div><div class='evocard_row'><div id='event_getdirection' class='evocard_box getdirection' data-c='' \n\t\t\t\t\tstyle=''><div class='evo_metarow_getDr evorow evcal_evdata_row evcal_evrow_sm getdirections'>\n\t\t<form action='https:\/\/maps.google.com\/maps' method='get' target='_blank'>\n\t\t\t<input type='hidden' name='daddr' value=\"46.3835808246333,11.52667595881786\"\/> \n\t\t\t<div class='evo_get_direction_content evo_fx_dr_r evogap10'>\n\t\t\t\t<span class='evogetdir_header evodfx evofx_dr_r evofx_ai_c marr10'>\n\t\t\t\t\t<i class='mainicon fa fa-road'><\/i> \n\t\t\t\t\t<h3 class='evo_h3' style='padding-bottom:5px;'>Wegbeschreibung abrufen<\/h3>\n\t\t\t\t<\/span>\n\t\t\t\t<span class='evogetdir_field evodfx evofx_1_1 evo_fx_dr_c evow100p'>\t\t\t\t\t\n\t\t\t\t\t<input class='evoInput evotac' type='text' name='saddr' placeholder='&quot;Geben Sie die Adresse ein' value='' style='margin:10px 0;'\/>\n\t\t\t\t<\/span>\n\t\t\t\t<button type='submit' class='evo_get_direction_button evo_btn_arr_circ dfx fx_ai_c' title='&quot;Klicken Sie hier'><i class='fa fa-chevron-right'><\/i> <\/button>\n\t\t\t<\/div>\n\t\t<\/form>\n\t<\/div><\/div><\/div><div class='evo_card_row_end evcal_close' title='Schlie\u00dfen'><\/div><\/div><div class='clear end'><\/div><\/div><div id=\"event_2525_0\" class=\"eventon_list_event evo_eventtop scheduled  event clrW no_et event_2525_0\" data-event_id=\"2525\" data-ri=\"0r\" data-time=\"1783587600-1783634340\" data-colr=\"#a69dcd\" itemscope itemtype='http:\/\/schema.org\/Event'><div class=\"evo_event_schema\" style=\"display:none\" ><a itemprop='url'  href='https:\/\/latemarium.com\/de\/events\/malst-du-mir-einen-pinguin\/var\/ri-0.l-L2'><\/a><meta itemprop='image' content=\"https:\/\/latemarium.com\/wp-content\/uploads\/2023\/06\/libri-animati-4.jpg\" \/><meta itemprop='startDate' content=\"2026-7-9T11:00+0:00\" \/><meta itemprop='endDate' content=\"2026-7-9T23:59+0:00\" \/><meta itemprop='eventStatus' content=\"https:\/\/schema.org\/EventScheduled\" \/><meta itemprop='eventAttendanceMode'   itemscope itemtype=\"https:\/\/schema.org\/OfflineEventAttendanceMode\"\/><script type=\"application\/ld+json\">{\"@context\": \"http:\/\/schema.org\",\"@type\": \"Event\",\n\t\t\t\t\"@id\": \"event_2525_0\",\n\t\t\t\t\"eventAttendanceMode\":\"https:\/\/schema.org\/OfflineEventAttendanceMode\",\n\t\t\t\t\"eventStatus\":\"https:\/\/schema.org\/EventScheduled\",\n\t\t\t\t\"name\": \"MALST DU MIR EINEN PINGUIN?\",\n\t\t\t\t\"url\": \"https:\/\/latemarium.com\/de\/events\/malst-du-mir-einen-pinguin\/var\/ri-0.l-L2\",\n\t\t\t\t\"startDate\": \"2026-7-9T11:00+0:00\",\n\t\t\t\t\"endDate\": \"2026-7-9T23:59+0:00\",\n\t\t\t\t\"image\":\"https:\/\/latemarium.com\/wp-content\/uploads\/2023\/06\/libri-animati-4.jpg\", \n\t\t\t\t\"description\":\"<p>Es scheint einfach zu sein, einen Pinguin zu zeichnen. Vielleicht von vorne. Aber was, wenn wir ihn im Profil zeichnen wollen? Was ist, wenn der Pinguin auf eine Elfe trifft? Und die beiden treffen eine Katze? Eine riesige, graue Katze mit der Augenbinde eines Piraten?<\/p> <p>Donnerstag: 9. Juli 2026<br \/> Im Amphitheater in Gardon\u00e8<br \/> 11.00 und 14.30 Uhr<br \/> Vorstellung auf Italienisch<\/p> <p>mit\u00a0Simone Frasca<\/p> <p>&nbsp;<\/p> \"}<\/script><\/div>\r\n\t\t\t\t<p class=\"desc_trig_outter\" style=\"\"><a data-gmap_status=\"null\" data-exlk=\"0\" style=\"background-color: #a69dcd;\" id=\"evc_17835876002525\" class=\"hasFtIMG desc_trig sin_val evcal_list_a\" data-ux_val=\"3\" data-ux_val_mob=\"-\"  ><span class='evoet_c1 evoet_cx '><span class='ev_ftImg' data-img='https:\/\/latemarium.com\/wp-content\/uploads\/2023\/06\/libri-animati-4.jpg' data-thumb='https:\/\/latemarium.com\/wp-content\/uploads\/2023\/06\/libri-animati-4-300x194.jpg' style='background-image:url(\"https:\/\/latemarium.com\/wp-content\/uploads\/2023\/06\/libri-animati-4-300x194.jpg\")' ><\/span><\/span><span class='evoet_c2 evoet_cx '><span class='evoet_dayblock evcal_cblock ' data-bgcolor='#a69dcd' data-smon='Juli' data-syr='2026' data-bub=''><span class='evo_start '><em class='date'>09<\/em><em class='month'>Jul<\/em><em class='time'>11:00<\/em><\/span><\/span><\/span><span class='evoet_c3 evoet_cx evcal_desc hide_eventtopdata '><span class='evoet_title evcal_desc2 evcal_event_title ' itemprop='name'>MALST DU MIR EINEN PINGUIN?<\/span><span class='event_location_attrs' data-location_type=\"lonlat\" data-location_name=\"Seilbahn Ankunft Predazzo-Gardon\u00e8\" data-location_url=\"https:\/\/latemarium.com\/de\/event-location\/seilbahn-ankunft-predazzo-gardone\/\" data-location_status=\"true\" data-latlng=\"46.32878794406342,11.600176728690842\"><\/span><span class='evoet_subtitle evo_below_title' ><span class='evcal_event_subtitle ' >AMPHITHEATER IN GARDON\u00c8<\/span><\/span><span class='evoet_time_expand level_3'><em class='evcal_time evo_tz_time'><i class='fa fa-clock-o'><\/i>11:00<span class='evo_tz marl5'>(GMT+02:00)<\/span><\/em> <\/span><span class='evoet_location level_3'><em class=\"evcal_location\"  data-latlng=\"46.32878794406342,11.600176728690842\" data-add_str=\"\" data-n=\"Seilbahn Ankunft Predazzo-Gardon\u00e8\"><i class=\"fa fa-location-pin\"><\/i><em class=\"event_location_name\">Seilbahn Ankunft Predazzo-Gardon\u00e8<\/em><\/em><\/span><\/span><span class='evoet_data' data-d=\"{&quot;loc.n&quot;:&quot;Seilbahn Ankunft Predazzo-Gardon\\u00e8&quot;,&quot;orgs&quot;:[],&quot;tags&quot;:[]}\" data-bgc=\"#a69dcd\" data-bggrad=\"\" ><\/span><\/a><\/p><div class='event_description evcal_eventcard ' style=\"display:none\"><div class='evocard_row'><div id='event_ftimage' class='evocard_box ftimage' data-c='' \n\t\t\t\t\tstyle=''><div class='evocard_main_image_hold' data-t='Loading Image..'><div class='evocard_main_image evo_img_triglb evobr15 evobgsc evobgpc evodfx evofx_jc_c evofx_ai_c evofz48 minmized' style='height:300px; background-image:url();' data-f=\"https:\/\/latemarium.com\/wp-content\/uploads\/2023\/06\/libri-animati-4.jpg\" data-h=\"553\" data-w=\"857\" data-ratio=\"0.64527421236873\" data-event_id=\"2525\" data-ri=\"0\"  data-t='Loading Image..'><span style='height:300px; background-image:url(https:\/\/latemarium.com\/wp-content\/uploads\/2023\/06\/libri-animati-4.jpg)'><\/span><\/div><\/div><\/div><\/div><div class='evocard_row'><div id='event_eventdetails' class='evocard_box eventdetails' data-c='' \n\t\t\t\t\tstyle=''><div class='evo_metarow_details evorow evcal_evdata_row evcal_event_details'>\n\t\t<div class=\"event_excerpt\" style=\"display:none\"><h3 class=\"padb5 evo_h3\">Details zur Veranstaltung<\/h3><p>Es scheint einfach zu sein, einen Pinguin zu zeichnen. Vielleicht von vorne. Aber was, wenn wir ihn im Profil zeichnen wollen? Was ist, wenn der Pinguin auf eine Elfe trifft?<\/p><\/div><span class='evcal_evdata_icons'><i class='fa fa-align-justify'><\/i><\/span>\n\t\t\n\t\t<div class='evcal_evdata_cell '>\n\t\t\t<div class='eventon_full_description'>\n\t\t\t\t<h3 class='padb5 evo_h3'><span class='evcal_evdata_icons'><i class='fa fa-align-justify'><\/i><\/span>Details zur Veranstaltung<\/h3>\n\t\t\t\t<div class='eventon_desc_in' itemprop='description'>\n\t\t\t\t<p>Es scheint einfach zu sein, einen Pinguin zu zeichnen. Vielleicht von vorne. Aber was, wenn wir ihn im Profil zeichnen wollen? Was ist, wenn der Pinguin auf eine Elfe trifft? Und die beiden treffen eine Katze? Eine riesige, graue Katze mit der Augenbinde eines Piraten?<\/p>\n<p>Donnerstag: 9. Juli 2026<br \/>\nIm Amphitheater in Gardon\u00e8<br \/>\n11.00 und 14.30 Uhr<br \/>\nVorstellung auf Italienisch<\/p>\n<p>mit\u00a0Simone Frasca<\/p>\n<p>&nbsp;<\/p>\n<\/div><div class='clear'><\/div>\n\t\t\t<\/div>\n\t\t<\/div>\n\t<\/div><\/div><\/div><div class='evocard_row bx2 bx'><div id='event_time' class='evocard_box time' data-c='' \n\t\t\t\t\tstyle=''><div class='evo_metarow_time evorow evcal_evdata_row evcal_evrow_sm '>\n\t\t<span class='evcal_evdata_icons'><i class='fa fa-clock'><\/i><\/span>\n\t\t<div class='evcal_evdata_cell'>\t\t\t\t\t\t\t\n\t\t\t<h3 class='evo_h3'><span class='evcal_evdata_icons'><i class='fa fa-clock'><\/i><\/span>Zeitplan<\/h3><p><span class='evo_eventcard_time_t'>9 Juli 2026 11:00<\/span><span class='evo_tz marr5'>(GMT+02:00)<\/span><\/p>\n\t\t<\/div>\n\t<\/div><\/div><div id='event_location' class='evocard_box location' data-c='' \n\t\t\t\t\tstyle=''><div class='evcal_evdata_row evo_metarow_time_location evorow '>\n\t\t\n\t\t\t<span class='evcal_evdata_icons'><i class='fa fa-map-marker'><\/i><\/span>\n\t\t\t<div class='evcal_evdata_cell' data-loc_tax_id='36'><h3 class='evo_h3 evodfx'><span class='evcal_evdata_icons'><i class='fa fa-map-marker'><\/i><\/span>Ort<\/h3><p class='evo_location_name'>Seilbahn Ankunft Predazzo-Gardon\u00e8<\/p><div class='padt10'><span class='evo_btn_arr evolb_trigger' data-lbvals=\"{&quot;lbc&quot;:&quot;evo_location_lb_36&quot;,&quot;lbac&quot;:&quot;lb_max&quot;,&quot;t&quot;:&quot;Seilbahn Ankunft Predazzo-Gardon\\u00e8&quot;,&quot;ajax&quot;:&quot;yes&quot;,&quot;ajax_type&quot;:&quot;endpoint&quot;,&quot;ajax_action&quot;:&quot;eventon_get_tax_card_content&quot;,&quot;end&quot;:&quot;client&quot;,&quot;d&quot;:{&quot;lang&quot;:&quot;L2&quot;,&quot;term_id&quot;:36,&quot;tax&quot;:&quot;event_location&quot;,&quot;load_lbcontent&quot;:true},&quot;uid&quot;:&quot;eventon_get_tax_card_content&quot;}\" >Other Events<i class='fa fa-chevron-right'><\/i><\/span><\/div><\/div>\n\t\t\n\t<\/div><\/div><\/div><div class='evocard_row bx2 bx'><div id='event_learnmore' class='evocard_box learnmore' data-c='' \n\t\t\t\t\tstyle=''><div class='evo_metarow_learnM evo_metarow_learnmore evorow'>\n\t\t\t\t\t\t\t<a class='evcal_evdata_row evo_clik_row ' href='https:\/\/www.montagnanimata.it\/de\/spektakel\/' target=\"_blank\">\n\t\t\t\t\t\t\t\t<span class='evcal_evdata_icons'><i class='fa fa-link'><\/i><\/span>\n\t\t\t\t\t\t\t\t<h3 class='evo_h3'>Entdecke mehr<\/h3>\n\t\t\t\t\t\t\t<\/a>\n\t\t\t\t\t\t\t<\/div><\/div><div id='event_addtocal' class='evocard_box addtocal' data-c='' \n\t\t\t\t\tstyle=''><div class='evo_metarow_ICS evorow evcal_evdata_row'>\n\t\t\t<span class='evcal_evdata_icons'><i class='fa fa-calendar-o'><\/i><\/span>\n\t\t\t<div class='evcal_evdata_cell'>\n\t\t\t\t<p><a href='https:\/\/latemarium.com\/de\/export-events\/2525_0\/?nonce=7b34e59f7d' class='evo_ics_nCal' title='Zu Ihrem Kalender hinzuf\u00fcgen'>Kalender<\/a><a href='https:\/\/www.google.com\/calendar\/event?action=TEMPLATE&text=MALST+DU+MIR+EINEN+PINGUIN%3F&dates=20260709T090000Z%2F20260709T215900Z&ctz=Europe%2FRome&details=MALST DU MIR EINEN PINGUIN?&location=Seilbahn+Ankunft+Predazzo-Gardon%C3%A8' target='_blank' class='evo_ics_gCal' title='Zu Google Kalender hinzuf\u00fcgen'>GoogleCal<\/a><\/p>\t\n\t\t\t<\/div>\n\t\t<\/div><\/div><\/div><div class='evocard_row'><div id='event_getdirection' class='evocard_box getdirection' data-c='' \n\t\t\t\t\tstyle=''><div class='evo_metarow_getDr evorow evcal_evdata_row evcal_evrow_sm getdirections'>\n\t\t<form action='https:\/\/maps.google.com\/maps' method='get' target='_blank'>\n\t\t\t<input type='hidden' name='daddr' value=\"46.32878794406342,11.600176728690842\"\/> \n\t\t\t<div class='evo_get_direction_content evo_fx_dr_r evogap10'>\n\t\t\t\t<span class='evogetdir_header evodfx evofx_dr_r evofx_ai_c marr10'>\n\t\t\t\t\t<i class='mainicon fa fa-road'><\/i> \n\t\t\t\t\t<h3 class='evo_h3' style='padding-bottom:5px;'>Wegbeschreibung abrufen<\/h3>\n\t\t\t\t<\/span>\n\t\t\t\t<span class='evogetdir_field evodfx evofx_1_1 evo_fx_dr_c evow100p'>\t\t\t\t\t\n\t\t\t\t\t<input class='evoInput evotac' type='text' name='saddr' placeholder='&quot;Geben Sie die Adresse ein' value='' style='margin:10px 0;'\/>\n\t\t\t\t<\/span>\n\t\t\t\t<button type='submit' class='evo_get_direction_button evo_btn_arr_circ dfx fx_ai_c' title='&quot;Klicken Sie hier'><i class='fa fa-chevron-right'><\/i> <\/button>\n\t\t\t<\/div>\n\t\t<\/form>\n\t<\/div><\/div><\/div><div class='evo_card_row_end evcal_close' title='Schlie\u00dfen'><\/div><\/div><div class='clear end'><\/div><\/div><div id=\"event_2198_2\" class=\"eventon_list_event evo_eventtop scheduled  event clrW event_2198_2\" data-event_id=\"2198\" data-ri=\"2r\" data-time=\"1783609200-1783617300\" data-colr=\"#f78234\" itemscope itemtype='http:\/\/schema.org\/Event'><div class=\"evo_event_schema\" style=\"display:none\" ><a itemprop='url'  href='https:\/\/latemarium.com\/de\/events\/pilyoga\/var\/ri-2.l-L2'><\/a><meta itemprop='image' content=\"https:\/\/latemarium.com\/wp-content\/uploads\/2023\/06\/pilyoga.jpg\" \/><meta itemprop='startDate' content=\"2026-7-9T17:00+0:00\" \/><meta itemprop='endDate' content=\"2026-7-9T19:15+0:00\" \/><meta itemprop='eventStatus' content=\"https:\/\/schema.org\/EventScheduled\" \/><meta itemprop='eventAttendanceMode'   itemscope itemtype=\"https:\/\/schema.org\/OfflineEventAttendanceMode\"\/><div style=\"display:none\" itemprop=\"location\" itemscope itemtype=\"http:\/\/schema.org\/Place\"><span itemprop=\"name\">Pampeago<\/span><span itemprop=\"address\" itemscope itemtype=\"http:\/\/schema.org\/PostalAddress\"><item itemprop=\"streetAddress\">Localit\u00e0 Pampeago, 8, 38038 Tesero TN<\/item><\/span><\/div><script type=\"application\/ld+json\">{\"@context\": \"http:\/\/schema.org\",\"@type\": \"Event\",\n\t\t\t\t\"@id\": \"event_2198_2\",\n\t\t\t\t\"eventAttendanceMode\":\"https:\/\/schema.org\/OfflineEventAttendanceMode\",\n\t\t\t\t\"eventStatus\":\"https:\/\/schema.org\/EventScheduled\",\n\t\t\t\t\"name\": \"PilYoga\",\n\t\t\t\t\"url\": \"https:\/\/latemarium.com\/de\/events\/pilyoga\/var\/ri-2.l-L2\",\n\t\t\t\t\"startDate\": \"2026-7-9T17:00+0:00\",\n\t\t\t\t\"endDate\": \"2026-7-9T19:15+0:00\",\n\t\t\t\t\"image\":\"https:\/\/latemarium.com\/wp-content\/uploads\/2023\/06\/pilyoga.jpg\", \n\t\t\t\t\"description\":\"<p><strong>Jeden Donnerstag vom 25. Juni bis 3. September 2026<\/strong><\/p> <p>Treffen und Abfahrt um 17.00 Uhr mit Lehrerin Elisa (an der Liftkasse)<br \/> Dauer: von 17:00 bis 19:15 Uhr. Aktivit\u00e4t empfohlen f\u00fcr Personen ab 14 Jahren<\/p> <p>Mit der Agnello-Sesselbahn erreichen Sie den Unterrichtsort und k\u00f6nnen nach einem kurzen Spaziergang im direkten Kontakt mit der Natur entspannen und den Kopf frei bekommen. Die Praxis von PilYoga in gro\u00dfer H\u00f6he erm\u00f6glicht eine vollst\u00e4ndige Harmonie mit der Umgebung, weit weg von allen Ger\u00e4uschen des t\u00e4glichen Lebens.<br \/> Sobald Sie die Lektion beendet haben, erwartet Sie im Chalet Caserina ein kleiner Aperitif, um dann mit einem kurzen Spaziergang zu Fu\u00df wieder hinunterzugehen.<br \/> <em>Bei schlechtem Wetter KEINE Aktivit\u00e4t geplant<\/em><\/p> <p>Klicken Sie <a href='https:\/\/www.visitfiemme.it\/de\/veranstaltungen\/fiemme-cembra-guest-card\/erlebnisse\/erlebnisse-sommer' target='_blank' rel='noopener'>hier<\/a> zum Buchen<\/p> \",\"location\":[{\"@type\":\"Place\",\"name\":\"Pampeago\",\"address\":{\"@type\": \"PostalAddress\",\"streetAddress\":\"Localit\u00e0 Pampeago, 8, 38038 Tesero TN\"}}]}<\/script><\/div>\r\n\t\t\t\t<p class=\"desc_trig_outter\" style=\"\"><a data-gmtrig=\"1\" data-exlk=\"0\" style=\"background-color: #f78234;\" id=\"evc_17836092002198\" class=\"hasFtIMG event_repeat desc_trig sin_val evcal_list_a\" data-ux_val=\"3\" data-ux_val_mob=\"-\"  ><span class='evoet_c1 evoet_cx '><span class='ev_ftImg' data-img='https:\/\/latemarium.com\/wp-content\/uploads\/2023\/06\/pilyoga.jpg' data-thumb='https:\/\/latemarium.com\/wp-content\/uploads\/2023\/06\/pilyoga-300x169.jpg' style='background-image:url(\"https:\/\/latemarium.com\/wp-content\/uploads\/2023\/06\/pilyoga-300x169.jpg\")' ><\/span><\/span><span class='evoet_c2 evoet_cx '><span class='evoet_dayblock evcal_cblock ' data-bgcolor='#f78234' data-smon='Juli' data-syr='2026' data-bub=''><span class='evo_start '><em class='date'>09<\/em><em class='month'>Jul<\/em><em class='time'>17:00<\/em><\/span><span class='evo_end only_time'><em class='time'>19:15<\/em><\/span><\/span><\/span><span class='evoet_c3 evoet_cx evcal_desc hide_eventtopdata '><span class='evoet_title evcal_desc2 evcal_event_title ' itemprop='name'>PilYoga<\/span><span class='event_location_attrs'  data-location_address=\"Localit\u00e0 Pampeago, 8, 38038 Tesero TN\" data-location_type=\"lonlat\" data-location_name=\"Pampeago\" data-location_url=\"https:\/\/latemarium.com\/de\/event-location\/pampeago-de\/\" data-location_status=\"true\" data-latlng=\"46.34343697644898,11.540997527961546\"><\/span><span class='evoet_subtitle evo_below_title' ><span class='evcal_event_subtitle ' >Pilyoga umgeben von den Werken von Respirat<\/span><\/span><span class='evoet_time_expand level_3'><em class='evcal_time evo_tz_time'><i class='fa fa-clock-o'><\/i>17:00 - 19:15<span class='evo_tz marl5'>(GMT+02:00)<\/span><\/em> <\/span><span class='evoet_location level_3'><em class=\"evcal_location\"  data-latlng=\"46.34343697644898,11.540997527961546\" data-add_str=\"Localit\u00e0 Pampeago, 8, 38038 Tesero TN\" data-n=\"Pampeago\"><i class=\"fa fa-location-pin\"><\/i><em class=\"event_location_name\">Pampeago<\/em>, Localit\u00e0 Pampeago, 8, 38038 Tesero TN<\/em><\/span><\/span><span class='evoet_data' data-d=\"{&quot;loc.n&quot;:&quot;Pampeago&quot;,&quot;orgs&quot;:[],&quot;tags&quot;:{&quot;repeating&quot;:&quot;Repeating Event&quot;}}\" data-bgc=\"#f78234\" data-bggrad=\"\" ><\/span><\/a><\/p><div class='event_description evcal_eventcard ' style=\"display:none\"><div class='evocard_row'><div id='event_ftimage' class='evocard_box ftimage' data-c='' \n\t\t\t\t\tstyle=''><div class='evocard_main_image_hold' data-t='Loading Image..'><div class='evocard_main_image evo_img_triglb evobr15 evobgsc evobgpc evodfx evofx_jc_c evofx_ai_c evofz48 minmized' style='height:300px; background-image:url();' data-f=\"https:\/\/latemarium.com\/wp-content\/uploads\/2023\/06\/pilyoga.jpg\" data-h=\"675\" data-w=\"1200\" data-ratio=\"0.5625\" data-event_id=\"2198\" data-ri=\"2\"  data-t='Loading Image..'><span style='height:300px; background-image:url(https:\/\/latemarium.com\/wp-content\/uploads\/2023\/06\/pilyoga.jpg)'><\/span><\/div><\/div><\/div><\/div><div class='evocard_row'><div id='event_eventdetails' class='evocard_box eventdetails' data-c='' \n\t\t\t\t\tstyle=''><div class='evo_metarow_details evorow evcal_evdata_row evcal_event_details'>\n\t\t<div class=\"event_excerpt\" style=\"display:none\"><h3 class=\"padb5 evo_h3\">Details zur Veranstaltung<\/h3><p>Jeden Donnerstag vom 25. Juni bis 3. September 2026\nTreffen und Abfahrt um 17.00 Uhr mit Lehrerin Elisa (an der Liftkasse)\nDauer: von 17:00 bis 19:15 Uhr. Aktivit\u00e4t empfohlen f\u00fcr Personen<\/p><\/div><span class='evcal_evdata_icons'><i class='fa fa-align-justify'><\/i><\/span>\n\t\t\n\t\t<div class='evcal_evdata_cell shorter_desc'>\n\t\t\t<div class='eventon_full_description'>\n\t\t\t\t<h3 class='padb5 evo_h3'><span class='evcal_evdata_icons'><i class='fa fa-align-justify'><\/i><\/span>Details zur Veranstaltung<\/h3>\n\t\t\t\t<div class='eventon_desc_in' itemprop='description'>\n\t\t\t\t<p><strong>Jeden Donnerstag vom 25. Juni bis 3. September 2026<\/strong><\/p>\n<p>Treffen und Abfahrt um 17.00 Uhr mit Lehrerin Elisa (an der Liftkasse)<br \/>\nDauer: von 17:00 bis 19:15 Uhr. Aktivit\u00e4t empfohlen f\u00fcr Personen ab 14 Jahren<\/p>\n<p>Mit der Agnello-Sesselbahn erreichen Sie den Unterrichtsort und k\u00f6nnen nach einem kurzen Spaziergang im direkten Kontakt mit der Natur entspannen und den Kopf frei bekommen. Die Praxis von PilYoga in gro\u00dfer H\u00f6he erm\u00f6glicht eine vollst\u00e4ndige Harmonie mit der Umgebung, weit weg von allen Ger\u00e4uschen des t\u00e4glichen Lebens.<br \/>\nSobald Sie die Lektion beendet haben, erwartet Sie im Chalet Caserina ein kleiner Aperitif, um dann mit einem kurzen Spaziergang zu Fu\u00df wieder hinunterzugehen.<br \/>\n<em>Bei schlechtem Wetter KEINE Aktivit\u00e4t geplant<\/em><\/p>\n<p>Klicken Sie <a href=\"https:\/\/www.visitfiemme.it\/de\/veranstaltungen\/fiemme-cembra-guest-card\/erlebnisse\/erlebnisse-sommer\" target=\"_blank\" rel=\"noopener\">hier<\/a> zum Buchen<\/p>\n<\/div><p class='eventon_shad_p' style='padding:5px 0 0; margin:0'>\n\t\t\t<span class='evcal_btn evo_btn_secondary evobtn_details_show_more' content='less'>\n\t\t\t\t<span class='ev_more_text' data-txt='Weniger'>Mehr<\/span><span class='ev_more_arrow ard'><\/span>\n\t\t\t<\/span>\n\t\t<\/p><div class='clear'><\/div>\n\t\t\t<\/div>\n\t\t<\/div>\n\t<\/div><\/div><\/div><div class='evocard_row bx2 bx'><div id='event_time' class='evocard_box time' data-c='' \n\t\t\t\t\tstyle=''><div class='evo_metarow_time evorow evcal_evdata_row evcal_evrow_sm '>\n\t\t<span class='evcal_evdata_icons'><i class='fa fa-clock'><\/i><\/span>\n\t\t<div class='evcal_evdata_cell'>\t\t\t\t\t\t\t\n\t\t\t<h3 class='evo_h3'><span class='evcal_evdata_icons'><i class='fa fa-clock'><\/i><\/span>Zeitplan<\/h3><p><span class='evo_eventcard_time_t'>9 Juli 2026 17:00 - 19:15<\/span><span class='evo_tz marr5'>(GMT+02:00)<\/span><\/p>\n\t\t<\/div>\n\t<\/div><\/div><div id='event_location' class='evocard_box location' data-c='' \n\t\t\t\t\tstyle=''><div class='evcal_evdata_row evo_metarow_time_location evorow '>\n\t\t\n\t\t\t<span class='evcal_evdata_icons'><i class='fa fa-map-marker'><\/i><\/span>\n\t\t\t<div class='evcal_evdata_cell' data-loc_tax_id='32'><h3 class='evo_h3 evodfx'><span class='evcal_evdata_icons'><i class='fa fa-map-marker'><\/i><\/span>Ort<\/h3><p class='evo_location_name'>Pampeago<\/p><p class='evo_location_address evodfxi evogap10'>Localit\u00e0 Pampeago, 8, 38038 Tesero TN<\/p><div class='padt10'><span class='evo_btn_arr evolb_trigger' data-lbvals=\"{&quot;lbc&quot;:&quot;evo_location_lb_32&quot;,&quot;lbac&quot;:&quot;lb_max&quot;,&quot;t&quot;:&quot;Pampeago&quot;,&quot;ajax&quot;:&quot;yes&quot;,&quot;ajax_type&quot;:&quot;endpoint&quot;,&quot;ajax_action&quot;:&quot;eventon_get_tax_card_content&quot;,&quot;end&quot;:&quot;client&quot;,&quot;d&quot;:{&quot;lang&quot;:&quot;L2&quot;,&quot;term_id&quot;:32,&quot;tax&quot;:&quot;event_location&quot;,&quot;load_lbcontent&quot;:true},&quot;uid&quot;:&quot;eventon_get_tax_card_content&quot;}\" >Other Events<i class='fa fa-chevron-right'><\/i><\/span><\/div><\/div>\n\t\t\n\t<\/div><\/div><\/div><div class='evocard_row'><div id='event_addtocal' class='evocard_box addtocal' data-c='' \n\t\t\t\t\tstyle=''><div class='evo_metarow_ICS evorow evcal_evdata_row'>\n\t\t\t<span class='evcal_evdata_icons'><i class='fa fa-calendar-o'><\/i><\/span>\n\t\t\t<div class='evcal_evdata_cell'>\n\t\t\t\t<p><a href='https:\/\/latemarium.com\/de\/export-events\/2198_2\/?nonce=7b34e59f7d' class='evo_ics_nCal' title='Zu Ihrem Kalender hinzuf\u00fcgen'>Kalender<\/a><a href='https:\/\/www.google.com\/calendar\/event?action=TEMPLATE&text=PilYoga&dates=20260709T150000Z%2F20260709T171500Z&ctz=Europe%2FRome&details=PilYoga&location=Pampeago+Localit%C3%A0+Pampeago%2C+8%2C+38038+Tesero+TN' target='_blank' class='evo_ics_gCal' title='Zu Google Kalender hinzuf\u00fcgen'>GoogleCal<\/a><\/p>\t\n\t\t\t<\/div>\n\t\t<\/div><\/div><\/div><div class='evocard_row'><div id='event_getdirection' class='evocard_box getdirection' data-c='' \n\t\t\t\t\tstyle=''><div class='evo_metarow_getDr evorow evcal_evdata_row evcal_evrow_sm getdirections'>\n\t\t<form action='https:\/\/maps.google.com\/maps' method='get' target='_blank'>\n\t\t\t<input type='hidden' name='daddr' value=\"Localit\u00e0 Pampeago, 8, 38038 Tesero TN\"\/> \n\t\t\t<div class='evo_get_direction_content evo_fx_dr_r evogap10'>\n\t\t\t\t<span class='evogetdir_header evodfx evofx_dr_r evofx_ai_c marr10'>\n\t\t\t\t\t<i class='mainicon fa fa-road'><\/i> \n\t\t\t\t\t<h3 class='evo_h3' style='padding-bottom:5px;'>Wegbeschreibung abrufen<\/h3>\n\t\t\t\t<\/span>\n\t\t\t\t<span class='evogetdir_field evodfx evofx_1_1 evo_fx_dr_c evow100p'>\t\t\t\t\t\n\t\t\t\t\t<input class='evoInput evotac' type='text' name='saddr' placeholder='&quot;Geben Sie die Adresse ein' value='' style='margin:10px 0;'\/>\n\t\t\t\t<\/span>\n\t\t\t\t<button type='submit' class='evo_get_direction_button evo_btn_arr_circ dfx fx_ai_c' title='&quot;Klicken Sie hier'><i class='fa fa-chevron-right'><\/i> <\/button>\n\t\t\t<\/div>\n\t\t<\/form>\n\t<\/div><\/div><\/div><div class='evo_card_row_end evcal_close' title='Schlie\u00dfen'><\/div><\/div><div class='clear end'><\/div><\/div><div id=\"event_2203_2\" class=\"eventon_list_event evo_eventtop scheduled  event clrD event_2203_2\" data-event_id=\"2203\" data-ri=\"2r\" data-time=\"1783610100-1783617300\" data-colr=\"#ba181d\" itemscope itemtype='http:\/\/schema.org\/Event'><div class=\"evo_event_schema\" style=\"display:none\" ><a itemprop='url'  href='https:\/\/latemarium.com\/de\/events\/e-bike-latemar-tour\/var\/ri-2.l-L2'><\/a><meta itemprop='image' content=\"https:\/\/latemarium.com\/wp-content\/uploads\/2023\/06\/e-bike-tour.jpg\" \/><meta itemprop='startDate' content=\"2026-7-9T17:15+0:00\" \/><meta itemprop='endDate' content=\"2026-7-9T19:15+0:00\" \/><meta itemprop='eventStatus' content=\"https:\/\/schema.org\/EventScheduled\" \/><meta itemprop='eventAttendanceMode'   itemscope itemtype=\"https:\/\/schema.org\/OfflineEventAttendanceMode\"\/><div style=\"display:none\" itemprop=\"location\" itemscope itemtype=\"http:\/\/schema.org\/Place\"><span itemprop=\"name\">Pampeago<\/span><span itemprop=\"address\" itemscope itemtype=\"http:\/\/schema.org\/PostalAddress\"><item itemprop=\"streetAddress\">Localit\u00e0 Pampeago, 8, 38038 Tesero TN<\/item><\/span><\/div><script type=\"application\/ld+json\">{\"@context\": \"http:\/\/schema.org\",\"@type\": \"Event\",\n\t\t\t\t\"@id\": \"event_2203_2\",\n\t\t\t\t\"eventAttendanceMode\":\"https:\/\/schema.org\/OfflineEventAttendanceMode\",\n\t\t\t\t\"eventStatus\":\"https:\/\/schema.org\/EventScheduled\",\n\t\t\t\t\"name\": \"E-Bike Latemar Tour\",\n\t\t\t\t\"url\": \"https:\/\/latemarium.com\/de\/events\/e-bike-latemar-tour\/var\/ri-2.l-L2\",\n\t\t\t\t\"startDate\": \"2026-7-9T17:15+0:00\",\n\t\t\t\t\"endDate\": \"2026-7-9T19:15+0:00\",\n\t\t\t\t\"image\":\"https:\/\/latemarium.com\/wp-content\/uploads\/2023\/06\/e-bike-tour.jpg\", \n\t\t\t\t\"description\":\"<p><strong>Jeden Donnerstag vom 25. Juni bis 3. September 2026<\/strong><\/p> <p>Treffpunkt mit Reisef\u00fchrer Andrea um 17.15 Uhr in Pampeago (an der Liftkasse)<br \/> Dauer: von 17.15 bis 19.15 Uhr<br \/> <em>Maximal 8 Personen.\u00a0<\/em>+16 Jahre<\/p> <p class='p1'>F\u00fcr E-Bike-Begeisterte mit mittlerem Niveau haben wir uns eine Tour zur Entdeckung des Latemars mit atemberaubender Aussicht auf die Umgebung \u00fcberlegt. Es wird eine angenehme Route sein und dank der Tretunterst\u00fctzung k\u00f6nnen Sie den H\u00f6henunterschied bew\u00e4ltigen, der Sie zum Gipfel im Treska-Gebiet f\u00fchrt. Es ist der perfekte Moment des Tages: Der Berg ist leer, Sie k\u00f6nnen die Stille der Natur genie\u00dfen und die Farben der \u201egoldenen Stunde\u201c genie\u00dfen.<br \/> Am Ende Ihrer Tour erwartet Sie im Chalet Caserina ein kleiner \u201eAperitivo\u201c.<br \/> Sie k\u00f6nnen das Fahrrad direkt im Shop von Sport Ventura, direkt unterhalb Ihres Startpunkts, ausleihen.<\/p> <p class='p1'><em>Bei Regen ist keine Aktivit\u00e4t vorgesehen.<\/em><\/p> <p>Klicken Sie <a href='https:\/\/www.visitfiemme.it\/de\/veranstaltungen\/fiemme-cembra-guest-card\/erlebnisse\/erlebnisse-sommer' target='_blank' rel='noopener'>hier<\/a> zum Buchen<\/p> \",\"location\":[{\"@type\":\"Place\",\"name\":\"Pampeago\",\"address\":{\"@type\": \"PostalAddress\",\"streetAddress\":\"Localit\u00e0 Pampeago, 8, 38038 Tesero TN\"}}]}<\/script><\/div>\r\n\t\t\t\t<p class=\"desc_trig_outter\" style=\"\"><a data-gmtrig=\"1\" data-exlk=\"0\" style=\"background-color: #ba181d;\" id=\"evc_17836101002203\" class=\"hasFtIMG event_repeat desc_trig sin_val evcal_list_a\" data-ux_val=\"3\" data-ux_val_mob=\"-\"  ><span class='evoet_c1 evoet_cx '><span class='ev_ftImg' data-img='https:\/\/latemarium.com\/wp-content\/uploads\/2023\/06\/e-bike-tour.jpg' data-thumb='https:\/\/latemarium.com\/wp-content\/uploads\/2023\/06\/e-bike-tour-300x169.jpg' style='background-image:url(\"https:\/\/latemarium.com\/wp-content\/uploads\/2023\/06\/e-bike-tour-300x169.jpg\")' ><\/span><\/span><span class='evoet_c2 evoet_cx '><span class='evoet_dayblock evcal_cblock ' data-bgcolor='#ba181d' data-smon='Juli' data-syr='2026' data-bub=''><span class='evo_start '><em class='date'>09<\/em><em class='month'>Jul<\/em><em class='time'>17:15<\/em><\/span><span class='evo_end only_time'><em class='time'>19:15<\/em><\/span><\/span><\/span><span class='evoet_c3 evoet_cx evcal_desc hide_eventtopdata '><span class='evoet_title evcal_desc2 evcal_event_title ' itemprop='name'>E-Bike Latemar Tour<\/span><span class='event_location_attrs'  data-location_address=\"Localit\u00e0 Pampeago, 8, 38038 Tesero TN\" data-location_type=\"lonlat\" data-location_name=\"Pampeago\" data-location_url=\"https:\/\/latemarium.com\/de\/event-location\/pampeago-de\/\" data-location_status=\"true\" data-latlng=\"46.34343697644898,11.540997527961546\"><\/span><span class='evoet_subtitle evo_below_title' ><span class='evcal_event_subtitle ' >F\u00fcr E-Bike-Begeisterte<\/span><\/span><span class='evoet_time_expand level_3'><em class='evcal_time evo_tz_time'><i class='fa fa-clock-o'><\/i>17:15 - 19:15<span class='evo_tz marl5'>(GMT+02:00)<\/span><\/em> <\/span><span class='evoet_location level_3'><em class=\"evcal_location\"  data-latlng=\"46.34343697644898,11.540997527961546\" data-add_str=\"Localit\u00e0 Pampeago, 8, 38038 Tesero TN\" data-n=\"Pampeago\"><i class=\"fa fa-location-pin\"><\/i><em class=\"event_location_name\">Pampeago<\/em>, Localit\u00e0 Pampeago, 8, 38038 Tesero TN<\/em><\/span><\/span><span class='evoet_data' data-d=\"{&quot;loc.n&quot;:&quot;Pampeago&quot;,&quot;orgs&quot;:[],&quot;tags&quot;:{&quot;repeating&quot;:&quot;Repeating Event&quot;}}\" data-bgc=\"#ba181d\" data-bggrad=\"\" ><\/span><\/a><\/p><div class='event_description evcal_eventcard ' style=\"display:none\"><div class='evocard_row'><div id='event_ftimage' class='evocard_box ftimage' data-c='' \n\t\t\t\t\tstyle=''><div class='evocard_main_image_hold' data-t='Loading Image..'><div class='evocard_main_image evo_img_triglb evobr15 evobgsc evobgpc evodfx evofx_jc_c evofx_ai_c evofz48 minmized' style='height:300px; background-image:url();' data-f=\"https:\/\/latemarium.com\/wp-content\/uploads\/2023\/06\/e-bike-tour.jpg\" data-h=\"675\" data-w=\"1200\" data-ratio=\"0.5625\" data-event_id=\"2203\" data-ri=\"2\"  data-t='Loading Image..'><span style='height:300px; background-image:url(https:\/\/latemarium.com\/wp-content\/uploads\/2023\/06\/e-bike-tour.jpg)'><\/span><\/div><\/div><\/div><\/div><div class='evocard_row'><div id='event_eventdetails' class='evocard_box eventdetails' data-c='' \n\t\t\t\t\tstyle=''><div class='evo_metarow_details evorow evcal_evdata_row evcal_event_details'>\n\t\t<div class=\"event_excerpt\" style=\"display:none\"><h3 class=\"padb5 evo_h3\">Details zur Veranstaltung<\/h3><p>Jeden Donnerstag vom 25. Juni bis 3. September 2026\nTreffpunkt mit Reisef\u00fchrer Andrea um 17.15 Uhr in Pampeago (an der Liftkasse)\nDauer: von 17.15 bis 19.15 Uhr\nMaximal 8 Personen.\u00a0+16 Jahre<\/p><\/div><span class='evcal_evdata_icons'><i class='fa fa-align-justify'><\/i><\/span>\n\t\t\n\t\t<div class='evcal_evdata_cell shorter_desc'>\n\t\t\t<div class='eventon_full_description'>\n\t\t\t\t<h3 class='padb5 evo_h3'><span class='evcal_evdata_icons'><i class='fa fa-align-justify'><\/i><\/span>Details zur Veranstaltung<\/h3>\n\t\t\t\t<div class='eventon_desc_in' itemprop='description'>\n\t\t\t\t<p><strong>Jeden Donnerstag vom 25. Juni bis 3. September 2026<\/strong><\/p>\n<p>Treffpunkt mit Reisef\u00fchrer Andrea um 17.15 Uhr in Pampeago (an der Liftkasse)<br \/>\nDauer: von 17.15 bis 19.15 Uhr<br \/>\n<em>Maximal 8 Personen.\u00a0<\/em>+16 Jahre<\/p>\n<p class=\"p1\">F\u00fcr E-Bike-Begeisterte mit mittlerem Niveau haben wir uns eine Tour zur Entdeckung des Latemars mit atemberaubender Aussicht auf die Umgebung \u00fcberlegt. Es wird eine angenehme Route sein und dank der Tretunterst\u00fctzung k\u00f6nnen Sie den H\u00f6henunterschied bew\u00e4ltigen, der Sie zum Gipfel im Treska-Gebiet f\u00fchrt. Es ist der perfekte Moment des Tages: Der Berg ist leer, Sie k\u00f6nnen die Stille der Natur genie\u00dfen und die Farben der \u201egoldenen Stunde\u201c genie\u00dfen.<br \/>\nAm Ende Ihrer Tour erwartet Sie im Chalet Caserina ein kleiner \u201eAperitivo\u201c.<br \/>\nSie k\u00f6nnen das Fahrrad direkt im Shop von Sport Ventura, direkt unterhalb Ihres Startpunkts, ausleihen.<\/p>\n<p class=\"p1\"><em>Bei Regen ist keine Aktivit\u00e4t vorgesehen.<\/em><\/p>\n<p>Klicken Sie <a href=\"https:\/\/www.visitfiemme.it\/de\/veranstaltungen\/fiemme-cembra-guest-card\/erlebnisse\/erlebnisse-sommer\" target=\"_blank\" rel=\"noopener\">hier<\/a> zum Buchen<\/p>\n<\/div><p class='eventon_shad_p' style='padding:5px 0 0; margin:0'>\n\t\t\t<span class='evcal_btn evo_btn_secondary evobtn_details_show_more' content='less'>\n\t\t\t\t<span class='ev_more_text' data-txt='Weniger'>Mehr<\/span><span class='ev_more_arrow ard'><\/span>\n\t\t\t<\/span>\n\t\t<\/p><div class='clear'><\/div>\n\t\t\t<\/div>\n\t\t<\/div>\n\t<\/div><\/div><\/div><div class='evocard_row bx2 bx'><div id='event_time' class='evocard_box time' data-c='' \n\t\t\t\t\tstyle=''><div class='evo_metarow_time evorow evcal_evdata_row evcal_evrow_sm '>\n\t\t<span class='evcal_evdata_icons'><i class='fa fa-clock'><\/i><\/span>\n\t\t<div class='evcal_evdata_cell'>\t\t\t\t\t\t\t\n\t\t\t<h3 class='evo_h3'><span class='evcal_evdata_icons'><i class='fa fa-clock'><\/i><\/span>Zeitplan<\/h3><p><span class='evo_eventcard_time_t'>9 Juli 2026 17:15 - 19:15<\/span><span class='evo_tz marr5'>(GMT+02:00)<\/span><\/p>\n\t\t<\/div>\n\t<\/div><\/div><div id='event_location' class='evocard_box location' data-c='' \n\t\t\t\t\tstyle=''><div class='evcal_evdata_row evo_metarow_time_location evorow '>\n\t\t\n\t\t\t<span class='evcal_evdata_icons'><i class='fa fa-map-marker'><\/i><\/span>\n\t\t\t<div class='evcal_evdata_cell' data-loc_tax_id='32'><h3 class='evo_h3 evodfx'><span class='evcal_evdata_icons'><i class='fa fa-map-marker'><\/i><\/span>Ort<\/h3><p class='evo_location_name'>Pampeago<\/p><p class='evo_location_address evodfxi evogap10'>Localit\u00e0 Pampeago, 8, 38038 Tesero TN<\/p><div class='padt10'><span class='evo_btn_arr evolb_trigger' data-lbvals=\"{&quot;lbc&quot;:&quot;evo_location_lb_32&quot;,&quot;lbac&quot;:&quot;lb_max&quot;,&quot;t&quot;:&quot;Pampeago&quot;,&quot;ajax&quot;:&quot;yes&quot;,&quot;ajax_type&quot;:&quot;endpoint&quot;,&quot;ajax_action&quot;:&quot;eventon_get_tax_card_content&quot;,&quot;end&quot;:&quot;client&quot;,&quot;d&quot;:{&quot;lang&quot;:&quot;L2&quot;,&quot;term_id&quot;:32,&quot;tax&quot;:&quot;event_location&quot;,&quot;load_lbcontent&quot;:true},&quot;uid&quot;:&quot;eventon_get_tax_card_content&quot;}\" >Other Events<i class='fa fa-chevron-right'><\/i><\/span><\/div><\/div>\n\t\t\n\t<\/div><\/div><\/div><div class='evocard_row'><div id='event_addtocal' class='evocard_box addtocal' data-c='' \n\t\t\t\t\tstyle=''><div class='evo_metarow_ICS evorow evcal_evdata_row'>\n\t\t\t<span class='evcal_evdata_icons'><i class='fa fa-calendar-o'><\/i><\/span>\n\t\t\t<div class='evcal_evdata_cell'>\n\t\t\t\t<p><a href='https:\/\/latemarium.com\/de\/export-events\/2203_2\/?nonce=7b34e59f7d' class='evo_ics_nCal' title='Zu Ihrem Kalender hinzuf\u00fcgen'>Kalender<\/a><a href='https:\/\/www.google.com\/calendar\/event?action=TEMPLATE&text=E-Bike+Latemar+Tour&dates=20260709T151500Z%2F20260709T171500Z&ctz=Europe%2FRome&details=E-Bike Latemar Tour&location=Pampeago+Localit%C3%A0+Pampeago%2C+8%2C+38038+Tesero+TN' target='_blank' class='evo_ics_gCal' title='Zu Google Kalender hinzuf\u00fcgen'>GoogleCal<\/a><\/p>\t\n\t\t\t<\/div>\n\t\t<\/div><\/div><\/div><div class='evocard_row'><div id='event_getdirection' class='evocard_box getdirection' data-c='' \n\t\t\t\t\tstyle=''><div class='evo_metarow_getDr evorow evcal_evdata_row evcal_evrow_sm getdirections'>\n\t\t<form action='https:\/\/maps.google.com\/maps' method='get' target='_blank'>\n\t\t\t<input type='hidden' name='daddr' value=\"Localit\u00e0 Pampeago, 8, 38038 Tesero TN\"\/> \n\t\t\t<div class='evo_get_direction_content evo_fx_dr_r evogap10'>\n\t\t\t\t<span class='evogetdir_header evodfx evofx_dr_r evofx_ai_c marr10'>\n\t\t\t\t\t<i class='mainicon fa fa-road'><\/i> \n\t\t\t\t\t<h3 class='evo_h3' style='padding-bottom:5px;'>Wegbeschreibung abrufen<\/h3>\n\t\t\t\t<\/span>\n\t\t\t\t<span class='evogetdir_field evodfx evofx_1_1 evo_fx_dr_c evow100p'>\t\t\t\t\t\n\t\t\t\t\t<input class='evoInput evotac' type='text' name='saddr' placeholder='&quot;Geben Sie die Adresse ein' value='' style='margin:10px 0;'\/>\n\t\t\t\t<\/span>\n\t\t\t\t<button type='submit' class='evo_get_direction_button evo_btn_arr_circ dfx fx_ai_c' title='&quot;Klicken Sie hier'><i class='fa fa-chevron-right'><\/i> <\/button>\n\t\t\t<\/div>\n\t\t<\/form>\n\t<\/div><\/div><\/div><div class='evo_card_row_end evcal_close' title='Schlie\u00dfen'><\/div><\/div><div class='clear end'><\/div><\/div><div id=\"event_2498_2\" class=\"eventon_list_event evo_eventtop scheduled  event clrW no_et event_2498_2\" data-event_id=\"2498\" data-ri=\"2r\" data-time=\"1783668600-1783720740\" data-colr=\"#6baeff\" itemscope itemtype='http:\/\/schema.org\/Event'><div class=\"evo_event_schema\" style=\"display:none\" ><a itemprop='url'  href='https:\/\/latemarium.com\/de\/events\/respirart-kunst-und-schoenheit-schaffen\/var\/ri-2.l-L2'><\/a><meta itemprop='image' content=\"https:\/\/latemarium.com\/wp-content\/uploads\/2021\/05\/respirart-vita-e-bellezza.jpg\" \/><meta itemprop='startDate' content=\"2026-7-10T09:30+0:00\" \/><meta itemprop='endDate' content=\"2026-7-10T23:59+0:00\" \/><meta itemprop='eventStatus' content=\"https:\/\/schema.org\/EventScheduled\" \/><meta itemprop='eventAttendanceMode'   itemscope itemtype=\"https:\/\/schema.org\/OfflineEventAttendanceMode\"\/><div style=\"display:none\" itemprop=\"location\" itemscope itemtype=\"http:\/\/schema.org\/Place\"><span itemprop=\"name\">Pampeago<\/span><span itemprop=\"address\" itemscope itemtype=\"http:\/\/schema.org\/PostalAddress\"><item itemprop=\"streetAddress\">Localit\u00e0 Pampeago, 8, 38038 Tesero TN<\/item><\/span><\/div><script type=\"application\/ld+json\">{\"@context\": \"http:\/\/schema.org\",\"@type\": \"Event\",\n\t\t\t\t\"@id\": \"event_2498_2\",\n\t\t\t\t\"eventAttendanceMode\":\"https:\/\/schema.org\/OfflineEventAttendanceMode\",\n\t\t\t\t\"eventStatus\":\"https:\/\/schema.org\/EventScheduled\",\n\t\t\t\t\"name\": \"Respirart: Kunst und Sch\u00f6nheit schaffen\",\n\t\t\t\t\"url\": \"https:\/\/latemarium.com\/de\/events\/respirart-kunst-und-schoenheit-schaffen\/var\/ri-2.l-L2\",\n\t\t\t\t\"startDate\": \"2026-7-10T09:30+0:00\",\n\t\t\t\t\"endDate\": \"2026-7-10T23:59+0:00\",\n\t\t\t\t\"image\":\"https:\/\/latemarium.com\/wp-content\/uploads\/2021\/05\/respirart-vita-e-bellezza.jpg\", \n\t\t\t\t\"description\":\"<p><strong>Jeden Freitag vom 26. Juni bis 11. September 2026<\/strong><\/p> <p>RespirArt ist ein Umwelt- und Kunstworkshop f\u00fcr alle, ob jung oder alt. Wir werden Kunstwerke auf spielerische Art und Weise entdecken.<br \/> Treffen Sie sich um 9.30 Uhr am Start des Sessellifts Pampeago-Agnello mit dem Kunstf\u00fchrer, der Ihnen die Samen zum \u00dcberfliegen des RespirArt-Parks gibt. Im Rahmen des Kunst-Workshops werden die Kinder mit nat\u00fcrlichen Materialien kleine Kunstwerke an Land schaffen.<\/p> <p>Reservierung erforderlich.<\/p> <p>Klicken Sie <a href='https:\/\/www.visitfiemme.it\/de\/veranstaltungen\/fiemme-cembra-guest-card\/erlebnisse\/erlebnisse-sommer' target='_blank' rel='noopener'>hier<\/a>, zum Buchen.<\/p> \",\"location\":[{\"@type\":\"Place\",\"name\":\"Pampeago\",\"address\":{\"@type\": \"PostalAddress\",\"streetAddress\":\"Localit\u00e0 Pampeago, 8, 38038 Tesero TN\"}}]}<\/script><\/div>\r\n\t\t\t\t<p class=\"desc_trig_outter\" style=\"\"><a data-gmtrig=\"1\" data-exlk=\"0\" style=\"background-color: #6baeff;\" id=\"evc_17836686002498\" class=\"hasFtIMG event_repeat desc_trig sin_val evcal_list_a\" data-ux_val=\"3\" data-ux_val_mob=\"-\"  ><span class='evoet_c1 evoet_cx '><span class='ev_ftImg' data-img='https:\/\/latemarium.com\/wp-content\/uploads\/2021\/05\/respirart-vita-e-bellezza.jpg' data-thumb='https:\/\/latemarium.com\/wp-content\/uploads\/2021\/05\/respirart-vita-e-bellezza-300x201.jpg' style='background-image:url(\"https:\/\/latemarium.com\/wp-content\/uploads\/2021\/05\/respirart-vita-e-bellezza-300x201.jpg\")' ><\/span><\/span><span class='evoet_c2 evoet_cx '><span class='evoet_dayblock evcal_cblock ' data-bgcolor='#6baeff' data-smon='Juli' data-syr='2026' data-bub=''><span class='evo_start '><em class='date'>10<\/em><em class='month'>Jul<\/em><em class='time'>09:30<\/em><\/span><\/span><\/span><span class='evoet_c3 evoet_cx evcal_desc hide_eventtopdata '><span class='evoet_title evcal_desc2 evcal_event_title ' itemprop='name'>Respirart: Kunst und Sch\u00f6nheit schaffen<\/span><span class='event_location_attrs'  data-location_address=\"Localit\u00e0 Pampeago, 8, 38038 Tesero TN\" data-location_type=\"lonlat\" data-location_name=\"Pampeago\" data-location_url=\"https:\/\/latemarium.com\/de\/event-location\/pampeago-de\/\" data-location_status=\"true\" data-latlng=\"46.34343697644898,11.540997527961546\"><\/span><span class='evoet_subtitle evo_below_title' ><span class='evcal_event_subtitle ' >Kunst-Workshop<\/span><\/span><span class='evoet_time_expand level_3'><em class='evcal_time evo_tz_time'><i class='fa fa-clock-o'><\/i>09:30<span class='evo_tz marl5'>(GMT+02:00)<\/span><\/em> <\/span><span class='evoet_location level_3'><em class=\"evcal_location\"  data-latlng=\"46.34343697644898,11.540997527961546\" data-add_str=\"Localit\u00e0 Pampeago, 8, 38038 Tesero TN\" data-n=\"Pampeago\"><i class=\"fa fa-location-pin\"><\/i><em class=\"event_location_name\">Pampeago<\/em>, Localit\u00e0 Pampeago, 8, 38038 Tesero TN<\/em><\/span><\/span><span class='evoet_data' data-d=\"{&quot;loc.n&quot;:&quot;Pampeago&quot;,&quot;orgs&quot;:[],&quot;tags&quot;:{&quot;repeating&quot;:&quot;Repeating Event&quot;}}\" data-bgc=\"#6baeff\" data-bggrad=\"\" ><\/span><\/a><\/p><div class='event_description evcal_eventcard ' style=\"display:none\"><div class='evocard_row'><div id='event_ftimage' class='evocard_box ftimage' data-c='' \n\t\t\t\t\tstyle=''><div class='evocard_main_image_hold' data-t='Loading Image..'><div class='evocard_main_image evo_img_triglb evobr15 evobgsc evobgpc evodfx evofx_jc_c evofx_ai_c evofz48 minmized' style='height:300px; background-image:url();' data-f=\"https:\/\/latemarium.com\/wp-content\/uploads\/2021\/05\/respirart-vita-e-bellezza.jpg\" data-h=\"602\" data-w=\"899\" data-ratio=\"0.66963292547275\" data-event_id=\"2498\" data-ri=\"2\"  data-t='Loading Image..'><span style='height:300px; background-image:url(https:\/\/latemarium.com\/wp-content\/uploads\/2021\/05\/respirart-vita-e-bellezza.jpg)'><\/span><\/div><\/div><\/div><\/div><div class='evocard_row'><div id='event_eventdetails' class='evocard_box eventdetails' data-c='' \n\t\t\t\t\tstyle=''><div class='evo_metarow_details evorow evcal_evdata_row evcal_event_details'>\n\t\t<div class=\"event_excerpt\" style=\"display:none\"><h3 class=\"padb5 evo_h3\">Details zur Veranstaltung<\/h3><p>Jeden Freitag vom 26. Juni bis 11. September 2026\nRespirArt ist ein Umwelt- und Kunstworkshop f\u00fcr alle, ob jung oder alt. Wir werden Kunstwerke auf spielerische Art und Weise entdecken.\nTreffen<\/p><\/div><span class='evcal_evdata_icons'><i class='fa fa-align-justify'><\/i><\/span>\n\t\t\n\t\t<div class='evcal_evdata_cell shorter_desc'>\n\t\t\t<div class='eventon_full_description'>\n\t\t\t\t<h3 class='padb5 evo_h3'><span class='evcal_evdata_icons'><i class='fa fa-align-justify'><\/i><\/span>Details zur Veranstaltung<\/h3>\n\t\t\t\t<div class='eventon_desc_in' itemprop='description'>\n\t\t\t\t<p><strong>Jeden Freitag vom 26. Juni bis 11. September 2026<\/strong><\/p>\n<p>RespirArt ist ein Umwelt- und Kunstworkshop f\u00fcr alle, ob jung oder alt. Wir werden Kunstwerke auf spielerische Art und Weise entdecken.<br \/>\nTreffen Sie sich um 9.30 Uhr am Start des Sessellifts Pampeago-Agnello mit dem Kunstf\u00fchrer, der Ihnen die Samen zum \u00dcberfliegen des RespirArt-Parks gibt. Im Rahmen des Kunst-Workshops werden die Kinder mit nat\u00fcrlichen Materialien kleine Kunstwerke an Land schaffen.<\/p>\n<p>Reservierung erforderlich.<\/p>\n<p>Klicken Sie <a href=\"https:\/\/www.visitfiemme.it\/de\/veranstaltungen\/fiemme-cembra-guest-card\/erlebnisse\/erlebnisse-sommer\" target=\"_blank\" rel=\"noopener\">hier<\/a>, zum Buchen.<\/p>\n<\/div><p class='eventon_shad_p' style='padding:5px 0 0; margin:0'>\n\t\t\t<span class='evcal_btn evo_btn_secondary evobtn_details_show_more' content='less'>\n\t\t\t\t<span class='ev_more_text' data-txt='Weniger'>Mehr<\/span><span class='ev_more_arrow ard'><\/span>\n\t\t\t<\/span>\n\t\t<\/p><div class='clear'><\/div>\n\t\t\t<\/div>\n\t\t<\/div>\n\t<\/div><\/div><\/div><div class='evocard_row bx2 bx'><div id='event_time' class='evocard_box time' data-c='' \n\t\t\t\t\tstyle=''><div class='evo_metarow_time evorow evcal_evdata_row evcal_evrow_sm '>\n\t\t<span class='evcal_evdata_icons'><i class='fa fa-clock'><\/i><\/span>\n\t\t<div class='evcal_evdata_cell'>\t\t\t\t\t\t\t\n\t\t\t<h3 class='evo_h3'><span class='evcal_evdata_icons'><i class='fa fa-clock'><\/i><\/span>Zeitplan<\/h3><p><span class='evo_eventcard_time_t'>10 Juli 2026 09:30<\/span><span class='evo_tz marr5'>(GMT+02:00)<\/span><\/p>\n\t\t<\/div>\n\t<\/div><\/div><div id='event_location' class='evocard_box location' data-c='' \n\t\t\t\t\tstyle=''><div class='evcal_evdata_row evo_metarow_time_location evorow '>\n\t\t\n\t\t\t<span class='evcal_evdata_icons'><i class='fa fa-map-marker'><\/i><\/span>\n\t\t\t<div class='evcal_evdata_cell' data-loc_tax_id='32'><h3 class='evo_h3 evodfx'><span class='evcal_evdata_icons'><i class='fa fa-map-marker'><\/i><\/span>Ort<\/h3><p class='evo_location_name'>Pampeago<\/p><p class='evo_location_address evodfxi evogap10'>Localit\u00e0 Pampeago, 8, 38038 Tesero TN<\/p><div class='padt10'><span class='evo_btn_arr evolb_trigger' data-lbvals=\"{&quot;lbc&quot;:&quot;evo_location_lb_32&quot;,&quot;lbac&quot;:&quot;lb_max&quot;,&quot;t&quot;:&quot;Pampeago&quot;,&quot;ajax&quot;:&quot;yes&quot;,&quot;ajax_type&quot;:&quot;endpoint&quot;,&quot;ajax_action&quot;:&quot;eventon_get_tax_card_content&quot;,&quot;end&quot;:&quot;client&quot;,&quot;d&quot;:{&quot;lang&quot;:&quot;L2&quot;,&quot;term_id&quot;:32,&quot;tax&quot;:&quot;event_location&quot;,&quot;load_lbcontent&quot;:true},&quot;uid&quot;:&quot;eventon_get_tax_card_content&quot;}\" >Other Events<i class='fa fa-chevron-right'><\/i><\/span><\/div><\/div>\n\t\t\n\t<\/div><\/div><\/div><div class='evocard_row'><div id='event_addtocal' class='evocard_box addtocal' data-c='' \n\t\t\t\t\tstyle=''><div class='evo_metarow_ICS evorow evcal_evdata_row'>\n\t\t\t<span class='evcal_evdata_icons'><i class='fa fa-calendar-o'><\/i><\/span>\n\t\t\t<div class='evcal_evdata_cell'>\n\t\t\t\t<p><a href='https:\/\/latemarium.com\/de\/export-events\/2498_2\/?nonce=7b34e59f7d' class='evo_ics_nCal' title='Zu Ihrem Kalender hinzuf\u00fcgen'>Kalender<\/a><a href='https:\/\/www.google.com\/calendar\/event?action=TEMPLATE&text=Respirart%3A+Kunst+und+Sch%C3%B6nheit+schaffen&dates=20260710T073000Z%2F20260710T215900Z&ctz=Europe%2FRome&details=Respirart: Kunst und Sch\u00f6nheit schaffen&location=Pampeago+Localit%C3%A0+Pampeago%2C+8%2C+38038+Tesero+TN' target='_blank' class='evo_ics_gCal' title='Zu Google Kalender hinzuf\u00fcgen'>GoogleCal<\/a><\/p>\t\n\t\t\t<\/div>\n\t\t<\/div><\/div><\/div><div class='evocard_row'><div id='event_getdirection' class='evocard_box getdirection' data-c='' \n\t\t\t\t\tstyle=''><div class='evo_metarow_getDr evorow evcal_evdata_row evcal_evrow_sm getdirections'>\n\t\t<form action='https:\/\/maps.google.com\/maps' method='get' target='_blank'>\n\t\t\t<input type='hidden' name='daddr' value=\"Localit\u00e0 Pampeago, 8, 38038 Tesero TN\"\/> \n\t\t\t<div class='evo_get_direction_content evo_fx_dr_r evogap10'>\n\t\t\t\t<span class='evogetdir_header evodfx evofx_dr_r evofx_ai_c marr10'>\n\t\t\t\t\t<i class='mainicon fa fa-road'><\/i> \n\t\t\t\t\t<h3 class='evo_h3' style='padding-bottom:5px;'>Wegbeschreibung abrufen<\/h3>\n\t\t\t\t<\/span>\n\t\t\t\t<span class='evogetdir_field evodfx evofx_1_1 evo_fx_dr_c evow100p'>\t\t\t\t\t\n\t\t\t\t\t<input class='evoInput evotac' type='text' name='saddr' placeholder='&quot;Geben Sie die Adresse ein' value='' style='margin:10px 0;'\/>\n\t\t\t\t<\/span>\n\t\t\t\t<button type='submit' class='evo_get_direction_button evo_btn_arr_circ dfx fx_ai_c' title='&quot;Klicken Sie hier'><i class='fa fa-chevron-right'><\/i> <\/button>\n\t\t\t<\/div>\n\t\t<\/form>\n\t<\/div><\/div><\/div><div class='evo_card_row_end evcal_close' title='Schlie\u00dfen'><\/div><\/div><div class='clear end'><\/div><\/div><div id=\"event_2140_2\" class=\"eventon_list_event evo_eventtop scheduled  event clrD no_et event_2140_2\" data-event_id=\"2140\" data-ri=\"2r\" data-time=\"1783846800-1783893540\" data-colr=\"#006290\" itemscope itemtype='http:\/\/schema.org\/Event'><div class=\"evo_event_schema\" style=\"display:none\" ><a itemprop='url'  href='https:\/\/latemarium.com\/de\/events\/wort-von-nikolaus-drache\/var\/ri-2.l-L2'><\/a><meta itemprop='image' content=\"https:\/\/latemarium.com\/wp-content\/uploads\/2023\/06\/foresta-dei-draghi-6.jpg\" \/><meta itemprop='startDate' content=\"2026-7-12T11:00+0:00\" \/><meta itemprop='endDate' content=\"2026-7-12T23:59+0:00\" \/><meta itemprop='eventStatus' content=\"https:\/\/schema.org\/EventScheduled\" \/><meta itemprop='eventAttendanceMode'   itemscope itemtype=\"https:\/\/schema.org\/OfflineEventAttendanceMode\"\/><script type=\"application\/ld+json\">{\"@context\": \"http:\/\/schema.org\",\"@type\": \"Event\",\n\t\t\t\t\"@id\": \"event_2140_2\",\n\t\t\t\t\"eventAttendanceMode\":\"https:\/\/schema.org\/OfflineEventAttendanceMode\",\n\t\t\t\t\"eventStatus\":\"https:\/\/schema.org\/EventScheduled\",\n\t\t\t\t\"name\": \"Wort von Nikolaus Drache\",\n\t\t\t\t\"url\": \"https:\/\/latemarium.com\/de\/events\/wort-von-nikolaus-drache\/var\/ri-2.l-L2\",\n\t\t\t\t\"startDate\": \"2026-7-12T11:00+0:00\",\n\t\t\t\t\"endDate\": \"2026-7-12T23:59+0:00\",\n\t\t\t\t\"image\":\"https:\/\/latemarium.com\/wp-content\/uploads\/2023\/06\/foresta-dei-draghi-6.jpg\", \n\t\t\t\t\"description\":\"<p>Sie springen, sie rennen, sie krabbeln, sie fliegen! Doch\u2026 sie sind nicht leicht zu sehen! Sie wissen sich gut zu verstecken \u2026 die schuppigen Schleicher! Wer sind sie? Aber die Drachen von Latemar! Einen zu treffen, und sei es nur einer, wird ein wunderbares Erlebnis sein! Ein Wort von Nikolaus Drache.<\/p> <p>Immer sonntags umd montags, vom 5. Juli bis zum 24. August 2026<br \/> bei der Bergstation der Gondelbahn Predazzo \u2013 Gardon\u00e8<br \/> um 11.00 und um 14.45 Uhr<br \/> F\u00fcr Familien mit Kindern ab 2 Jahren geeignet (Dauer: 1h30\u2018)<br \/> Vorstellung auf Italienisch<\/p> <p>&nbsp;<\/p> \"}<\/script><\/div>\r\n\t\t\t\t<p class=\"desc_trig_outter\" style=\"\"><a data-gmap_status=\"null\" data-exlk=\"0\" style=\"background-color: #006290;\" id=\"evc_17838468002140\" class=\"hasFtIMG event_repeat desc_trig sin_val evcal_list_a\" data-ux_val=\"3\" data-ux_val_mob=\"-\"  ><span class='evoet_c1 evoet_cx '><span class='ev_ftImg' data-img='https:\/\/latemarium.com\/wp-content\/uploads\/2023\/06\/foresta-dei-draghi-6.jpg' data-thumb='https:\/\/latemarium.com\/wp-content\/uploads\/2023\/06\/foresta-dei-draghi-6-300x200.jpg' style='background-image:url(\"https:\/\/latemarium.com\/wp-content\/uploads\/2023\/06\/foresta-dei-draghi-6-300x200.jpg\")' ><\/span><\/span><span class='evoet_c2 evoet_cx '><span class='evoet_dayblock evcal_cblock ' data-bgcolor='#006290' data-smon='Juli' data-syr='2026' data-bub=''><span class='evo_start '><em class='date'>12<\/em><em class='month'>Jul<\/em><em class='time'>11:00<\/em><\/span><\/span><\/span><span class='evoet_c3 evoet_cx evcal_desc hide_eventtopdata '><span class='evoet_title evcal_desc2 evcal_event_title ' itemprop='name'>Wort von Nikolaus Drache<\/span><span class='event_location_attrs' data-location_type=\"lonlat\" data-location_name=\"Seilbahn Ankunft Predazzo-Gardon\u00e8\" data-location_url=\"https:\/\/latemarium.com\/de\/event-location\/seilbahn-ankunft-predazzo-gardone\/\" data-location_status=\"true\" data-latlng=\"46.32878794406342,11.600176728690842\"><\/span><span class='evoet_subtitle evo_below_title' ><span class='evcal_event_subtitle ' >DER DRACHENWALD<\/span><\/span><span class='evoet_time_expand level_3'><em class='evcal_time evo_tz_time'><i class='fa fa-clock-o'><\/i>11:00<span class='evo_tz marl5'>(GMT+02:00)<\/span><\/em> <\/span><span class='evoet_location level_3'><em class=\"evcal_location\"  data-latlng=\"46.32878794406342,11.600176728690842\" data-add_str=\"\" data-n=\"Seilbahn Ankunft Predazzo-Gardon\u00e8\"><i class=\"fa fa-location-pin\"><\/i><em class=\"event_location_name\">Seilbahn Ankunft Predazzo-Gardon\u00e8<\/em><\/em><\/span><\/span><span class='evoet_data' data-d=\"{&quot;loc.n&quot;:&quot;Seilbahn Ankunft Predazzo-Gardon\\u00e8&quot;,&quot;orgs&quot;:[],&quot;tags&quot;:{&quot;repeating&quot;:&quot;Repeating Event&quot;}}\" data-bgc=\"#006290\" data-bggrad=\"\" ><\/span><\/a><\/p><div class='event_description evcal_eventcard ' style=\"display:none\"><div class='evocard_row'><div id='event_ftimage' class='evocard_box ftimage' data-c='' \n\t\t\t\t\tstyle=''><div class='evocard_main_image_hold' data-t='Loading Image..'><div class='evocard_main_image evo_img_triglb evobr15 evobgsc evobgpc evodfx evofx_jc_c evofx_ai_c evofz48 minmized' style='height:300px; background-image:url();' data-f=\"https:\/\/latemarium.com\/wp-content\/uploads\/2023\/06\/foresta-dei-draghi-6.jpg\" data-h=\"800\" data-w=\"1200\" data-ratio=\"0.66666666666667\" data-event_id=\"2140\" data-ri=\"2\"  data-t='Loading Image..'><span style='height:300px; background-image:url(https:\/\/latemarium.com\/wp-content\/uploads\/2023\/06\/foresta-dei-draghi-6.jpg)'><\/span><\/div><\/div><\/div><\/div><div class='evocard_row'><div id='event_eventdetails' class='evocard_box eventdetails' data-c='' \n\t\t\t\t\tstyle=''><div class='evo_metarow_details evorow evcal_evdata_row evcal_event_details'>\n\t\t<div class=\"event_excerpt\" style=\"display:none\"><h3 class=\"padb5 evo_h3\">Details zur Veranstaltung<\/h3><p>Sie springen, sie rennen, sie krabbeln, sie fliegen! Doch\u2026 sie sind nicht leicht zu sehen! Sie wissen sich gut zu verstecken \u2026 die schuppigen Schleicher! Wer sind sie? Aber die<\/p><\/div><span class='evcal_evdata_icons'><i class='fa fa-align-justify'><\/i><\/span>\n\t\t\n\t\t<div class='evcal_evdata_cell '>\n\t\t\t<div class='eventon_full_description'>\n\t\t\t\t<h3 class='padb5 evo_h3'><span class='evcal_evdata_icons'><i class='fa fa-align-justify'><\/i><\/span>Details zur Veranstaltung<\/h3>\n\t\t\t\t<div class='eventon_desc_in' itemprop='description'>\n\t\t\t\t<p>Sie springen, sie rennen, sie krabbeln, sie fliegen! Doch\u2026 sie sind nicht leicht zu sehen! Sie wissen sich gut zu verstecken \u2026 die schuppigen Schleicher! Wer sind sie? Aber die Drachen von Latemar! Einen zu treffen, und sei es nur einer, wird ein wunderbares Erlebnis sein! Ein Wort von Nikolaus Drache.<\/p>\n<p>Immer sonntags umd montags, vom 5. Juli bis zum 24. August 2026<br \/>\nbei der Bergstation der Gondelbahn Predazzo \u2013 Gardon\u00e8<br \/>\num 11.00 und um 14.45 Uhr<br \/>\nF\u00fcr Familien mit Kindern ab 2 Jahren geeignet (Dauer: 1h30\u2018)<br \/>\nVorstellung auf Italienisch<\/p>\n<p>&nbsp;<\/p>\n<\/div><div class='clear'><\/div>\n\t\t\t<\/div>\n\t\t<\/div>\n\t<\/div><\/div><\/div><div class='evocard_row bx2 bx'><div id='event_time' class='evocard_box time' data-c='' \n\t\t\t\t\tstyle=''><div class='evo_metarow_time evorow evcal_evdata_row evcal_evrow_sm '>\n\t\t<span class='evcal_evdata_icons'><i class='fa fa-clock'><\/i><\/span>\n\t\t<div class='evcal_evdata_cell'>\t\t\t\t\t\t\t\n\t\t\t<h3 class='evo_h3'><span class='evcal_evdata_icons'><i class='fa fa-clock'><\/i><\/span>Zeitplan<\/h3><p><span class='evo_eventcard_time_t'>12 Juli 2026 11:00<\/span><span class='evo_tz marr5'>(GMT+02:00)<\/span><\/p>\n\t\t<\/div>\n\t<\/div><\/div><div id='event_location' class='evocard_box location' data-c='' \n\t\t\t\t\tstyle=''><div class='evcal_evdata_row evo_metarow_time_location evorow '>\n\t\t\n\t\t\t<span class='evcal_evdata_icons'><i class='fa fa-map-marker'><\/i><\/span>\n\t\t\t<div class='evcal_evdata_cell' data-loc_tax_id='36'><h3 class='evo_h3 evodfx'><span class='evcal_evdata_icons'><i class='fa fa-map-marker'><\/i><\/span>Ort<\/h3><p class='evo_location_name'>Seilbahn Ankunft Predazzo-Gardon\u00e8<\/p><div class='padt10'><span class='evo_btn_arr evolb_trigger' data-lbvals=\"{&quot;lbc&quot;:&quot;evo_location_lb_36&quot;,&quot;lbac&quot;:&quot;lb_max&quot;,&quot;t&quot;:&quot;Seilbahn Ankunft Predazzo-Gardon\\u00e8&quot;,&quot;ajax&quot;:&quot;yes&quot;,&quot;ajax_type&quot;:&quot;endpoint&quot;,&quot;ajax_action&quot;:&quot;eventon_get_tax_card_content&quot;,&quot;end&quot;:&quot;client&quot;,&quot;d&quot;:{&quot;lang&quot;:&quot;L2&quot;,&quot;term_id&quot;:36,&quot;tax&quot;:&quot;event_location&quot;,&quot;load_lbcontent&quot;:true},&quot;uid&quot;:&quot;eventon_get_tax_card_content&quot;}\" >Other Events<i class='fa fa-chevron-right'><\/i><\/span><\/div><\/div>\n\t\t\n\t<\/div><\/div><\/div><div class='evocard_row bx2 bx'><div id='event_learnmore' class='evocard_box learnmore' data-c='' \n\t\t\t\t\tstyle=''><div class='evo_metarow_learnM evo_metarow_learnmore evorow'>\n\t\t\t\t\t\t\t<a class='evcal_evdata_row evo_clik_row ' href='https:\/\/www.montagnanimata.it\/de\/spektakel\/' target=\"_blank\">\n\t\t\t\t\t\t\t\t<span class='evcal_evdata_icons'><i class='fa fa-link'><\/i><\/span>\n\t\t\t\t\t\t\t\t<h3 class='evo_h3'>Entdecke mehr<\/h3>\n\t\t\t\t\t\t\t<\/a>\n\t\t\t\t\t\t\t<\/div><\/div><div id='event_addtocal' class='evocard_box addtocal' data-c='' \n\t\t\t\t\tstyle=''><div class='evo_metarow_ICS evorow evcal_evdata_row'>\n\t\t\t<span class='evcal_evdata_icons'><i class='fa fa-calendar-o'><\/i><\/span>\n\t\t\t<div class='evcal_evdata_cell'>\n\t\t\t\t<p><a href='https:\/\/latemarium.com\/de\/export-events\/2140_2\/?nonce=7b34e59f7d' class='evo_ics_nCal' title='Zu Ihrem Kalender hinzuf\u00fcgen'>Kalender<\/a><a href='https:\/\/www.google.com\/calendar\/event?action=TEMPLATE&text=Wort+von+Nikolaus+Drache&dates=20260712T090000Z%2F20260712T215900Z&ctz=Europe%2FRome&details=Wort von Nikolaus Drache&location=Seilbahn+Ankunft+Predazzo-Gardon%C3%A8' target='_blank' class='evo_ics_gCal' title='Zu Google Kalender hinzuf\u00fcgen'>GoogleCal<\/a><\/p>\t\n\t\t\t<\/div>\n\t\t<\/div><\/div><\/div><div class='evocard_row'><div id='event_getdirection' class='evocard_box getdirection' data-c='' \n\t\t\t\t\tstyle=''><div class='evo_metarow_getDr evorow evcal_evdata_row evcal_evrow_sm getdirections'>\n\t\t<form action='https:\/\/maps.google.com\/maps' method='get' target='_blank'>\n\t\t\t<input type='hidden' name='daddr' value=\"46.32878794406342,11.600176728690842\"\/> \n\t\t\t<div class='evo_get_direction_content evo_fx_dr_r evogap10'>\n\t\t\t\t<span class='evogetdir_header evodfx evofx_dr_r evofx_ai_c marr10'>\n\t\t\t\t\t<i class='mainicon fa fa-road'><\/i> \n\t\t\t\t\t<h3 class='evo_h3' style='padding-bottom:5px;'>Wegbeschreibung abrufen<\/h3>\n\t\t\t\t<\/span>\n\t\t\t\t<span class='evogetdir_field evodfx evofx_1_1 evo_fx_dr_c evow100p'>\t\t\t\t\t\n\t\t\t\t\t<input class='evoInput evotac' type='text' name='saddr' placeholder='&quot;Geben Sie die Adresse ein' value='' style='margin:10px 0;'\/>\n\t\t\t\t<\/span>\n\t\t\t\t<button type='submit' class='evo_get_direction_button evo_btn_arr_circ dfx fx_ai_c' title='&quot;Klicken Sie hier'><i class='fa fa-chevron-right'><\/i> <\/button>\n\t\t\t<\/div>\n\t\t<\/form>\n\t<\/div><\/div><\/div><div class='evo_card_row_end evcal_close' title='Schlie\u00dfen'><\/div><\/div><div class='clear end'><\/div><\/div><div id=\"event_2154_5\" class=\"eventon_list_event evo_eventtop scheduled  event clrW no_et event_2154_5\" data-event_id=\"2154\" data-ri=\"5r\" data-time=\"1783862400-1783893540\" data-colr=\"#b8d989\" itemscope itemtype='http:\/\/schema.org\/Event'><div class=\"evo_event_schema\" style=\"display:none\" ><a itemprop='url'  href='https:\/\/latemarium.com\/de\/events\/die-geraeusche-und-das-leben-der-malga\/var\/ri-5.l-L2'><\/a><meta itemprop='image' content=\"https:\/\/latemarium.com\/wp-content\/uploads\/2023\/06\/suoni-vita-malga.jpg\" \/><meta itemprop='startDate' content=\"2026-7-12T15:20+0:00\" \/><meta itemprop='endDate' content=\"2026-7-12T23:59+0:00\" \/><meta itemprop='eventStatus' content=\"https:\/\/schema.org\/EventScheduled\" \/><meta itemprop='eventAttendanceMode'   itemscope itemtype=\"https:\/\/schema.org\/OfflineEventAttendanceMode\"\/><div style=\"display:none\" itemprop=\"location\" itemscope itemtype=\"http:\/\/schema.org\/Place\"><span itemprop=\"name\">Pampeago<\/span><span itemprop=\"address\" itemscope itemtype=\"http:\/\/schema.org\/PostalAddress\"><item itemprop=\"streetAddress\">Localit\u00e0 Pampeago, 8, 38038 Tesero TN<\/item><\/span><\/div><script type=\"application\/ld+json\">{\"@context\": \"http:\/\/schema.org\",\"@type\": \"Event\",\n\t\t\t\t\"@id\": \"event_2154_5\",\n\t\t\t\t\"eventAttendanceMode\":\"https:\/\/schema.org\/OfflineEventAttendanceMode\",\n\t\t\t\t\"eventStatus\":\"https:\/\/schema.org\/EventScheduled\",\n\t\t\t\t\"name\": \"Die Ger\u00e4usche und das Leben der Malga\",\n\t\t\t\t\"url\": \"https:\/\/latemarium.com\/de\/events\/die-geraeusche-und-das-leben-der-malga\/var\/ri-5.l-L2\",\n\t\t\t\t\"startDate\": \"2026-7-12T15:20+0:00\",\n\t\t\t\t\"endDate\": \"2026-7-12T23:59+0:00\",\n\t\t\t\t\"image\":\"https:\/\/latemarium.com\/wp-content\/uploads\/2023\/06\/suoni-vita-malga.jpg\", \n\t\t\t\t\"description\":\"<p>Treffpunkt am Parkplatz des Tresca-Sessellifts (mit dem Auto von Pampeago erreichbar &#8211; NUR f\u00fcr diejenigen, die die Aktivit\u00e4t buchen).<\/p> <p>Nach einem kurzen Spaziergang zur Malga Pampeago entdecken Kinder und Eltern zwischen K\u00fchen, K\u00e4lbern, Eseln und Schweinen den Alltag und die Ger\u00e4usche, die das Leben der Hirten pr\u00e4gen.<\/p> <p>Am Ende der Aktivit\u00e4t gibt es einen kleinen Snack, den die Kinder genie\u00dfen oder mit nach Hause nehmen k\u00f6nnen.<\/p> <p>Aktivit\u00e4t auch mit Kinderwagen m\u00f6glich. <a href='https:\/\/www.visitfiemme.it\/de\/veranstaltungen\/fiemme-cembra-guest-card\/erlebnisse\/erlebnisse-sommer' target='_blank' rel='noopener'>Reservierung erforderlich<\/a>.<\/p> \",\"location\":[{\"@type\":\"Place\",\"name\":\"Pampeago\",\"address\":{\"@type\": \"PostalAddress\",\"streetAddress\":\"Localit\u00e0 Pampeago, 8, 38038 Tesero TN\"}}]}<\/script><\/div>\r\n\t\t\t\t<p class=\"desc_trig_outter\" style=\"\"><a data-gmap_status=\"null\" data-exlk=\"0\" style=\"background-color: #b8d989;\" id=\"evc_17838624002154\" class=\"hasFtIMG event_repeat desc_trig sin_val evcal_list_a\" data-ux_val=\"3\" data-ux_val_mob=\"-\"  ><span class='evoet_c1 evoet_cx '><span class='ev_ftImg' data-img='https:\/\/latemarium.com\/wp-content\/uploads\/2023\/06\/suoni-vita-malga.jpg' data-thumb='https:\/\/latemarium.com\/wp-content\/uploads\/2023\/06\/suoni-vita-malga-300x225.jpg' style='background-image:url(\"https:\/\/latemarium.com\/wp-content\/uploads\/2023\/06\/suoni-vita-malga-300x225.jpg\")' ><\/span><\/span><span class='evoet_c2 evoet_cx '><span class='evoet_dayblock evcal_cblock ' data-bgcolor='#b8d989' data-smon='Juli' data-syr='2026' data-bub=''><span class='evo_start '><em class='date'>12<\/em><em class='month'>Jul<\/em><em class='time'>15:20<\/em><\/span><\/span><\/span><span class='evoet_c3 evoet_cx evcal_desc hide_eventtopdata '><span class='evoet_title evcal_desc2 evcal_event_title ' itemprop='name'>Die Ger\u00e4usche und das Leben der Malga<\/span><span class='event_location_attrs'  data-location_address=\"Localit\u00e0 Pampeago, 8, 38038 Tesero TN\" data-location_type=\"lonlat\" data-location_name=\"Pampeago\" data-location_url=\"https:\/\/latemarium.com\/de\/event-location\/pampeago-de\/\" data-location_status=\"true\" data-latlng=\"46.34343697644898,11.540997527961546\"><\/span><span class='evoet_subtitle evo_below_title' ><\/span><span class='evoet_time_expand level_3'><em class='evcal_time evo_tz_time'><i class='fa fa-clock-o'><\/i>15:20<span class='evo_tz marl5'>(GMT+02:00)<\/span><\/em> <\/span><span class='evoet_location level_3'><em class=\"evcal_location\"  data-latlng=\"46.34343697644898,11.540997527961546\" data-add_str=\"Localit\u00e0 Pampeago, 8, 38038 Tesero TN\" data-n=\"Pampeago\"><i class=\"fa fa-location-pin\"><\/i><em class=\"event_location_name\">Pampeago<\/em>, Localit\u00e0 Pampeago, 8, 38038 Tesero TN<\/em><\/span><\/span><span class='evoet_data' data-d=\"{&quot;loc.n&quot;:&quot;Pampeago&quot;,&quot;orgs&quot;:[],&quot;tags&quot;:{&quot;repeating&quot;:&quot;Repeating Event&quot;}}\" data-bgc=\"#b8d989\" data-bggrad=\"\" ><\/span><\/a><\/p><div class='event_description evcal_eventcard ' style=\"display:none\"><div class='evocard_row'><div id='event_ftimage' class='evocard_box ftimage' data-c='' \n\t\t\t\t\tstyle=''><div class='evocard_main_image_hold' data-t='Loading Image..'><div class='evocard_main_image evo_img_triglb evobr15 evobgsc evobgpc evodfx evofx_jc_c evofx_ai_c evofz48 minmized' style='height:300px; background-image:url();' data-f=\"https:\/\/latemarium.com\/wp-content\/uploads\/2023\/06\/suoni-vita-malga.jpg\" data-h=\"796\" data-w=\"1062\" data-ratio=\"0.74952919020716\" data-event_id=\"2154\" data-ri=\"5\"  data-t='Loading Image..'><span style='height:300px; background-image:url(https:\/\/latemarium.com\/wp-content\/uploads\/2023\/06\/suoni-vita-malga.jpg)'><\/span><\/div><\/div><\/div><\/div><div class='evocard_row'><div id='event_eventdetails' class='evocard_box eventdetails' data-c='' \n\t\t\t\t\tstyle=''><div class='evo_metarow_details evorow evcal_evdata_row evcal_event_details'>\n\t\t<div class=\"event_excerpt\" style=\"display:none\"><h3 class=\"padb5 evo_h3\">Details zur Veranstaltung<\/h3><p>Treffpunkt am Parkplatz des Tresca-Sessellifts (mit dem Auto von Pampeago erreichbar &#8211; NUR f\u00fcr diejenigen, die die Aktivit\u00e4t buchen).\nNach einem kurzen Spaziergang zur Malga Pampeago entdecken Kinder und Eltern zwischen<\/p><\/div><span class='evcal_evdata_icons'><i class='fa fa-align-justify'><\/i><\/span>\n\t\t\n\t\t<div class='evcal_evdata_cell shorter_desc'>\n\t\t\t<div class='eventon_full_description'>\n\t\t\t\t<h3 class='padb5 evo_h3'><span class='evcal_evdata_icons'><i class='fa fa-align-justify'><\/i><\/span>Details zur Veranstaltung<\/h3>\n\t\t\t\t<div class='eventon_desc_in' itemprop='description'>\n\t\t\t\t<p>Treffpunkt am Parkplatz des Tresca-Sessellifts (mit dem Auto von Pampeago erreichbar &#8211; NUR f\u00fcr diejenigen, die die Aktivit\u00e4t buchen).<\/p>\n<p>Nach einem kurzen Spaziergang zur Malga Pampeago entdecken Kinder und Eltern zwischen K\u00fchen, K\u00e4lbern, Eseln und Schweinen den Alltag und die Ger\u00e4usche, die das Leben der Hirten pr\u00e4gen.<\/p>\n<p>Am Ende der Aktivit\u00e4t gibt es einen kleinen Snack, den die Kinder genie\u00dfen oder mit nach Hause nehmen k\u00f6nnen.<\/p>\n<p>Aktivit\u00e4t auch mit Kinderwagen m\u00f6glich. <a href=\"https:\/\/www.visitfiemme.it\/de\/veranstaltungen\/fiemme-cembra-guest-card\/erlebnisse\/erlebnisse-sommer\" target=\"_blank\" rel=\"noopener\">Reservierung erforderlich<\/a>.<\/p>\n<\/div><p class='eventon_shad_p' style='padding:5px 0 0; margin:0'>\n\t\t\t<span class='evcal_btn evo_btn_secondary evobtn_details_show_more' content='less'>\n\t\t\t\t<span class='ev_more_text' data-txt='Weniger'>Mehr<\/span><span class='ev_more_arrow ard'><\/span>\n\t\t\t<\/span>\n\t\t<\/p><div class='clear'><\/div>\n\t\t\t<\/div>\n\t\t<\/div>\n\t<\/div><\/div><\/div><div class='evocard_row bx2 bx'><div id='event_time' class='evocard_box time' data-c='' \n\t\t\t\t\tstyle=''><div class='evo_metarow_time evorow evcal_evdata_row evcal_evrow_sm '>\n\t\t<span class='evcal_evdata_icons'><i class='fa fa-clock'><\/i><\/span>\n\t\t<div class='evcal_evdata_cell'>\t\t\t\t\t\t\t\n\t\t\t<h3 class='evo_h3'><span class='evcal_evdata_icons'><i class='fa fa-clock'><\/i><\/span>Zeitplan<\/h3><p><span class='evo_eventcard_time_t'>12 Juli 2026 15:20<\/span><span class='evo_tz marr5'>(GMT+02:00)<\/span><\/p>\n\t\t<\/div>\n\t<\/div><\/div><div id='event_location' class='evocard_box location' data-c='' \n\t\t\t\t\tstyle=''><div class='evcal_evdata_row evo_metarow_time_location evorow '>\n\t\t\n\t\t\t<span class='evcal_evdata_icons'><i class='fa fa-map-marker'><\/i><\/span>\n\t\t\t<div class='evcal_evdata_cell' data-loc_tax_id='32'><h3 class='evo_h3 evodfx'><span class='evcal_evdata_icons'><i class='fa fa-map-marker'><\/i><\/span>Ort<\/h3><p class='evo_location_name'>Pampeago<\/p><p class='evo_location_address evodfxi evogap10'>Localit\u00e0 Pampeago, 8, 38038 Tesero TN<\/p><div class='padt10'><span class='evo_btn_arr evolb_trigger' data-lbvals=\"{&quot;lbc&quot;:&quot;evo_location_lb_32&quot;,&quot;lbac&quot;:&quot;lb_max&quot;,&quot;t&quot;:&quot;Pampeago&quot;,&quot;ajax&quot;:&quot;yes&quot;,&quot;ajax_type&quot;:&quot;endpoint&quot;,&quot;ajax_action&quot;:&quot;eventon_get_tax_card_content&quot;,&quot;end&quot;:&quot;client&quot;,&quot;d&quot;:{&quot;lang&quot;:&quot;L2&quot;,&quot;term_id&quot;:32,&quot;tax&quot;:&quot;event_location&quot;,&quot;load_lbcontent&quot;:true},&quot;uid&quot;:&quot;eventon_get_tax_card_content&quot;}\" >Other Events<i class='fa fa-chevron-right'><\/i><\/span><\/div><\/div>\n\t\t\n\t<\/div><\/div><\/div><div class='evocard_row'><div id='event_addtocal' class='evocard_box addtocal' data-c='' \n\t\t\t\t\tstyle=''><div class='evo_metarow_ICS evorow evcal_evdata_row'>\n\t\t\t<span class='evcal_evdata_icons'><i class='fa fa-calendar-o'><\/i><\/span>\n\t\t\t<div class='evcal_evdata_cell'>\n\t\t\t\t<p><a href='https:\/\/latemarium.com\/de\/export-events\/2154_5\/?nonce=7b34e59f7d' class='evo_ics_nCal' title='Zu Ihrem Kalender hinzuf\u00fcgen'>Kalender<\/a><a href='https:\/\/www.google.com\/calendar\/event?action=TEMPLATE&text=Die+Ger%C3%A4usche+und+das+Leben+der+Malga&dates=20260712T132000Z%2F20260712T215900Z&ctz=Europe%2FRome&details=Die Ger\u00e4usche und das Leben der Malga&location=Pampeago+Localit%C3%A0+Pampeago%2C+8%2C+38038+Tesero+TN' target='_blank' class='evo_ics_gCal' title='Zu Google Kalender hinzuf\u00fcgen'>GoogleCal<\/a><\/p>\t\n\t\t\t<\/div>\n\t\t<\/div><\/div><\/div><div class='evocard_row'><div id='event_getdirection' class='evocard_box getdirection' data-c='' \n\t\t\t\t\tstyle=''><div class='evo_metarow_getDr evorow evcal_evdata_row evcal_evrow_sm getdirections'>\n\t\t<form action='https:\/\/maps.google.com\/maps' method='get' target='_blank'>\n\t\t\t<input type='hidden' name='daddr' value=\"Localit\u00e0 Pampeago, 8, 38038 Tesero TN\"\/> \n\t\t\t<div class='evo_get_direction_content evo_fx_dr_r evogap10'>\n\t\t\t\t<span class='evogetdir_header evodfx evofx_dr_r evofx_ai_c marr10'>\n\t\t\t\t\t<i class='mainicon fa fa-road'><\/i> \n\t\t\t\t\t<h3 class='evo_h3' style='padding-bottom:5px;'>Wegbeschreibung abrufen<\/h3>\n\t\t\t\t<\/span>\n\t\t\t\t<span class='evogetdir_field evodfx evofx_1_1 evo_fx_dr_c evow100p'>\t\t\t\t\t\n\t\t\t\t\t<input class='evoInput evotac' type='text' name='saddr' placeholder='&quot;Geben Sie die Adresse ein' value='' style='margin:10px 0;'\/>\n\t\t\t\t<\/span>\n\t\t\t\t<button type='submit' class='evo_get_direction_button evo_btn_arr_circ dfx fx_ai_c' title='&quot;Klicken Sie hier'><i class='fa fa-chevron-right'><\/i> <\/button>\n\t\t\t<\/div>\n\t\t<\/form>\n\t<\/div><\/div><\/div><div class='evo_card_row_end evcal_close' title='Schlie\u00dfen'><\/div><\/div><div class='clear end'><\/div><\/div><div id=\"event_2116_2\" class=\"eventon_list_event evo_eventtop scheduled  event clrW no_et event_2116_2\" data-event_id=\"2116\" data-ri=\"2r\" data-time=\"1783927800-1783979940\" data-colr=\"#ffa024\" itemscope itemtype='http:\/\/schema.org\/Event'><div class=\"evo_event_schema\" style=\"display:none\" ><a itemprop='url'  href='https:\/\/latemarium.com\/de\/events\/geotrekking-monte-agnello\/var\/ri-2.l-L2'><\/a><meta itemprop='image' content=\"https:\/\/latemarium.com\/wp-content\/uploads\/2023\/06\/geotrail-monte-agnello.jpg\" \/><meta itemprop='startDate' content=\"2026-7-13T09:30+0:00\" \/><meta itemprop='endDate' content=\"2026-7-13T23:59+0:00\" \/><meta itemprop='eventStatus' content=\"https:\/\/schema.org\/EventScheduled\" \/><meta itemprop='eventAttendanceMode'   itemscope itemtype=\"https:\/\/schema.org\/OfflineEventAttendanceMode\"\/><div style=\"display:none\" itemprop=\"location\" itemscope itemtype=\"http:\/\/schema.org\/Place\"><span itemprop=\"name\">Bergh\u00fctte Monte Agnello<\/span><span itemprop=\"address\" itemscope itemtype=\"http:\/\/schema.org\/PostalAddress\"><item itemprop=\"streetAddress\">Loc. Pampeago, 9, 38038 Tesero TN<\/item><\/span><\/div><script type=\"application\/ld+json\">{\"@context\": \"http:\/\/schema.org\",\"@type\": \"Event\",\n\t\t\t\t\"@id\": \"event_2116_2\",\n\t\t\t\t\"eventAttendanceMode\":\"https:\/\/schema.org\/OfflineEventAttendanceMode\",\n\t\t\t\t\"eventStatus\":\"https:\/\/schema.org\/EventScheduled\",\n\t\t\t\t\"name\": \"Geotrekking Monte Agnello\",\n\t\t\t\t\"url\": \"https:\/\/latemarium.com\/de\/events\/geotrekking-monte-agnello\/var\/ri-2.l-L2\",\n\t\t\t\t\"startDate\": \"2026-7-13T09:30+0:00\",\n\t\t\t\t\"endDate\": \"2026-7-13T23:59+0:00\",\n\t\t\t\t\"image\":\"https:\/\/latemarium.com\/wp-content\/uploads\/2023\/06\/geotrail-monte-agnello.jpg\", \n\t\t\t\t\"description\":\"<p>Malerische geologische Route zur Entdeckung des antiken Vulkans Predazzo, gef\u00fchrt von einem erfahrenen Geologen und Medienbergf\u00fchrer.<\/p> <p>Ein Spaziergang auf den Spuren des Trias-Pompeji von Monte Agnello, wo Lava, Asche und Lapilli ein altes tropisches Atoll begruben.<\/p> <p>Die Route ist einfach, mit gut begehbaren Wegen, H\u00f6henunterschied ca. 350 Meter. Kostenlose Aktivit\u00e4t.<\/p> \",\"location\":[{\"@type\":\"Place\",\"name\":\"Bergh\u00fctte Monte Agnello\",\"address\":{\"@type\": \"PostalAddress\",\"streetAddress\":\"Loc. Pampeago, 9, 38038 Tesero TN\"}}]}<\/script><\/div>\r\n\t\t\t\t<p class=\"desc_trig_outter\" style=\"\"><a data-gmap_status=\"null\" data-exlk=\"0\" style=\"background-color: #ffa024;\" id=\"evc_17839278002116\" class=\"hasFtIMG event_repeat desc_trig sin_val evcal_list_a\" data-ux_val=\"3\" data-ux_val_mob=\"-\"  ><span class='evoet_c1 evoet_cx '><span class='ev_ftImg' data-img='https:\/\/latemarium.com\/wp-content\/uploads\/2023\/06\/geotrail-monte-agnello.jpg' data-thumb='https:\/\/latemarium.com\/wp-content\/uploads\/2023\/06\/geotrail-monte-agnello-300x240.jpg' style='background-image:url(\"https:\/\/latemarium.com\/wp-content\/uploads\/2023\/06\/geotrail-monte-agnello-300x240.jpg\")' ><\/span><\/span><span class='evoet_c2 evoet_cx '><span class='evoet_dayblock evcal_cblock ' data-bgcolor='#ffa024' data-smon='Juli' data-syr='2026' data-bub=''><span class='evo_start '><em class='date'>13<\/em><em class='month'>Jul<\/em><em class='time'>09:30<\/em><\/span><\/span><\/span><span class='evoet_c3 evoet_cx evcal_desc hide_eventtopdata '><span class='evoet_title evcal_desc2 evcal_event_title ' itemprop='name'>Geotrekking Monte Agnello<\/span><span class='event_location_attrs'  data-location_address=\"Loc. Pampeago, 9, 38038 Tesero TN\" data-location_type=\"lonlat\" data-location_name=\"Bergh\u00fctte Monte Agnello\" data-location_url=\"https:\/\/latemarium.com\/de\/event-location\/berghuette-monte-agnello\/\" data-location_status=\"true\" data-latlng=\"46.333809095680266,11.547693182509184\"><\/span><span class='evoet_subtitle evo_below_title' ><span class='evcal_event_subtitle ' >Geologische Route zur Entdeckung des antiken Vulkans Predazzo<\/span><\/span><span class='evoet_time_expand level_3'><em class='evcal_time evo_tz_time'><i class='fa fa-clock-o'><\/i>09:30<span class='evo_tz marl5'>(GMT+02:00)<\/span><\/em> <\/span><span class='evoet_location level_3'><em class=\"evcal_location\"  data-latlng=\"46.333809095680266,11.547693182509184\" data-add_str=\"Loc. Pampeago, 9, 38038 Tesero TN\" data-n=\"Bergh\u00fctte Monte Agnello\"><i class=\"fa fa-location-pin\"><\/i><em class=\"event_location_name\">Bergh\u00fctte Monte Agnello<\/em>, Loc. Pampeago, 9, 38038 Tesero TN<\/em><\/span><\/span><span class='evoet_data' data-d=\"{&quot;loc.n&quot;:&quot;Bergh\\u00fctte Monte Agnello&quot;,&quot;orgs&quot;:[],&quot;tags&quot;:{&quot;repeating&quot;:&quot;Repeating Event&quot;}}\" data-bgc=\"#ffa024\" data-bggrad=\"\" ><\/span><\/a><\/p><div class='event_description evcal_eventcard ' style=\"display:none\"><div class='evocard_row'><div id='event_ftimage' class='evocard_box ftimage' data-c='' \n\t\t\t\t\tstyle=''><div class='evocard_main_image_hold' data-t='Loading Image..'><div class='evocard_main_image evo_img_triglb evobr15 evobgsc evobgpc evodfx evofx_jc_c evofx_ai_c evofz48 minmized' style='height:300px; background-image:url();' data-f=\"https:\/\/latemarium.com\/wp-content\/uploads\/2023\/06\/geotrail-monte-agnello.jpg\" data-h=\"528\" data-w=\"661\" data-ratio=\"0.79878971255673\" data-event_id=\"2116\" data-ri=\"2\"  data-t='Loading Image..'><span style='height:300px; background-image:url(https:\/\/latemarium.com\/wp-content\/uploads\/2023\/06\/geotrail-monte-agnello.jpg)'><\/span><\/div><\/div><\/div><\/div><div class='evocard_row'><div id='event_eventdetails' class='evocard_box eventdetails' data-c='' \n\t\t\t\t\tstyle=''><div class='evo_metarow_details evorow evcal_evdata_row evcal_event_details'>\n\t\t<div class=\"event_excerpt\" style=\"display:none\"><h3 class=\"padb5 evo_h3\">Details zur Veranstaltung<\/h3><p>Malerische geologische Route zur Entdeckung des antiken Vulkans Predazzo, gef\u00fchrt von einem erfahrenen Geologen und Medienbergf\u00fchrer.\nEin Spaziergang auf den Spuren des Trias-Pompeji von Monte Agnello, wo Lava, Asche und Lapilli<\/p><\/div><span class='evcal_evdata_icons'><i class='fa fa-align-justify'><\/i><\/span>\n\t\t\n\t\t<div class='evcal_evdata_cell '>\n\t\t\t<div class='eventon_full_description'>\n\t\t\t\t<h3 class='padb5 evo_h3'><span class='evcal_evdata_icons'><i class='fa fa-align-justify'><\/i><\/span>Details zur Veranstaltung<\/h3>\n\t\t\t\t<div class='eventon_desc_in' itemprop='description'>\n\t\t\t\t<p>Malerische geologische Route zur Entdeckung des antiken Vulkans Predazzo, gef\u00fchrt von einem erfahrenen Geologen und Medienbergf\u00fchrer.<\/p>\n<p>Ein Spaziergang auf den Spuren des Trias-Pompeji von Monte Agnello, wo Lava, Asche und Lapilli ein altes tropisches Atoll begruben.<\/p>\n<p>Die Route ist einfach, mit gut begehbaren Wegen, H\u00f6henunterschied ca. 350 Meter. Kostenlose Aktivit\u00e4t.<\/p>\n<\/div><div class='clear'><\/div>\n\t\t\t<\/div>\n\t\t<\/div>\n\t<\/div><\/div><\/div><div class='evocard_row bx2 bx'><div id='event_time' class='evocard_box time' data-c='' \n\t\t\t\t\tstyle=''><div class='evo_metarow_time evorow evcal_evdata_row evcal_evrow_sm '>\n\t\t<span class='evcal_evdata_icons'><i class='fa fa-clock'><\/i><\/span>\n\t\t<div class='evcal_evdata_cell'>\t\t\t\t\t\t\t\n\t\t\t<h3 class='evo_h3'><span class='evcal_evdata_icons'><i class='fa fa-clock'><\/i><\/span>Zeitplan<\/h3><p><span class='evo_eventcard_time_t'>13 Juli 2026 09:30<\/span><span class='evo_tz marr5'>(GMT+02:00)<\/span><\/p>\n\t\t<\/div>\n\t<\/div><\/div><div id='event_location' class='evocard_box location' data-c='' \n\t\t\t\t\tstyle=''><div class='evcal_evdata_row evo_metarow_time_location evorow '>\n\t\t\n\t\t\t<span class='evcal_evdata_icons'><i class='fa fa-map-marker'><\/i><\/span>\n\t\t\t<div class='evcal_evdata_cell' data-loc_tax_id='25'><h3 class='evo_h3 evodfx'><span class='evcal_evdata_icons'><i class='fa fa-map-marker'><\/i><\/span><a target=\"_blank\" href=\"https:\/\/www.facebook.com\/profile.php?id=100064742944609\">Ort<\/a><\/h3><p class='evo_location_name'><a target=\"_blank\" href=\"https:\/\/www.facebook.com\/profile.php?id=100064742944609\">Bergh\u00fctte Monte Agnello<\/a><\/p><p class='evo_location_address evodfxi evogap10'><a target=\"_blank\" href=\"https:\/\/www.facebook.com\/profile.php?id=100064742944609\">Loc. Pampeago, 9, 38038 Tesero TN<\/a><\/p><div class='padt10'><span class='evo_btn_arr evolb_trigger' data-lbvals=\"{&quot;lbc&quot;:&quot;evo_location_lb_25&quot;,&quot;lbac&quot;:&quot;lb_max&quot;,&quot;t&quot;:&quot;Bergh\\u00fctte Monte Agnello&quot;,&quot;ajax&quot;:&quot;yes&quot;,&quot;ajax_type&quot;:&quot;endpoint&quot;,&quot;ajax_action&quot;:&quot;eventon_get_tax_card_content&quot;,&quot;end&quot;:&quot;client&quot;,&quot;d&quot;:{&quot;lang&quot;:&quot;L2&quot;,&quot;term_id&quot;:25,&quot;tax&quot;:&quot;event_location&quot;,&quot;load_lbcontent&quot;:true},&quot;uid&quot;:&quot;eventon_get_tax_card_content&quot;}\" >Other Events<i class='fa fa-chevron-right'><\/i><\/span><\/div><\/div>\n\t\t\n\t<\/div><\/div><\/div><div class='evocard_row bx2 bx'><div id='event_learnmore' class='evocard_box learnmore' data-c='' \n\t\t\t\t\tstyle=''><div class='evo_metarow_learnM evo_metarow_learnmore evorow'>\n\t\t\t\t\t\t\t<a class='evcal_evdata_row evo_clik_row ' href='https:\/\/latemarium.com\/de\/excursions\/detail\/geotrail-monte-agnello\/' target=\"_blank\">\n\t\t\t\t\t\t\t\t<span class='evcal_evdata_icons'><i class='fa fa-link'><\/i><\/span>\n\t\t\t\t\t\t\t\t<h3 class='evo_h3'>Entdecke mehr<\/h3>\n\t\t\t\t\t\t\t<\/a>\n\t\t\t\t\t\t\t<\/div><\/div><div id='event_addtocal' class='evocard_box addtocal' data-c='' \n\t\t\t\t\tstyle=''><div class='evo_metarow_ICS evorow evcal_evdata_row'>\n\t\t\t<span class='evcal_evdata_icons'><i class='fa fa-calendar-o'><\/i><\/span>\n\t\t\t<div class='evcal_evdata_cell'>\n\t\t\t\t<p><a href='https:\/\/latemarium.com\/de\/export-events\/2116_2\/?nonce=7b34e59f7d' class='evo_ics_nCal' title='Zu Ihrem Kalender hinzuf\u00fcgen'>Kalender<\/a><a href='https:\/\/www.google.com\/calendar\/event?action=TEMPLATE&text=Geotrekking+Monte+Agnello&dates=20260713T073000Z%2F20260713T215900Z&ctz=Europe%2FRome&details=Geotrekking Monte Agnello&location=Bergh%C3%BCtte+Monte+Agnello+Loc.+Pampeago%2C+9%2C+38038+Tesero+TN' target='_blank' class='evo_ics_gCal' title='Zu Google Kalender hinzuf\u00fcgen'>GoogleCal<\/a><\/p>\t\n\t\t\t<\/div>\n\t\t<\/div><\/div><\/div><div class='evocard_row'><div id='event_getdirection' class='evocard_box getdirection' data-c='' \n\t\t\t\t\tstyle=''><div class='evo_metarow_getDr evorow evcal_evdata_row evcal_evrow_sm getdirections'>\n\t\t<form action='https:\/\/maps.google.com\/maps' method='get' target='_blank'>\n\t\t\t<input type='hidden' name='daddr' value=\"46.333809095680266,11.547693182509184\"\/> \n\t\t\t<div class='evo_get_direction_content evo_fx_dr_r evogap10'>\n\t\t\t\t<span class='evogetdir_header evodfx evofx_dr_r evofx_ai_c marr10'>\n\t\t\t\t\t<i class='mainicon fa fa-road'><\/i> \n\t\t\t\t\t<h3 class='evo_h3' style='padding-bottom:5px;'>Wegbeschreibung abrufen<\/h3>\n\t\t\t\t<\/span>\n\t\t\t\t<span class='evogetdir_field evodfx evofx_1_1 evo_fx_dr_c evow100p'>\t\t\t\t\t\n\t\t\t\t\t<input class='evoInput evotac' type='text' name='saddr' placeholder='&quot;Geben Sie die Adresse ein' value='' style='margin:10px 0;'\/>\n\t\t\t\t<\/span>\n\t\t\t\t<button type='submit' class='evo_get_direction_button evo_btn_arr_circ dfx fx_ai_c' title='&quot;Klicken Sie hier'><i class='fa fa-chevron-right'><\/i> <\/button>\n\t\t\t<\/div>\n\t\t<\/form>\n\t<\/div><\/div><\/div><div class='evo_card_row_end evcal_close' title='Schlie\u00dfen'><\/div><\/div><div class='clear end'><\/div><\/div><div id=\"event_2140_3\" class=\"eventon_list_event evo_eventtop scheduled  event clrD no_et event_2140_3\" data-event_id=\"2140\" data-ri=\"3r\" data-time=\"1783933200-1783979940\" data-colr=\"#006290\" itemscope itemtype='http:\/\/schema.org\/Event'><div class=\"evo_event_schema\" style=\"display:none\" ><a itemprop='url'  href='https:\/\/latemarium.com\/de\/events\/wort-von-nikolaus-drache\/var\/ri-3.l-L2'><\/a><meta itemprop='image' content=\"https:\/\/latemarium.com\/wp-content\/uploads\/2023\/06\/foresta-dei-draghi-6.jpg\" \/><meta itemprop='startDate' content=\"2026-7-13T11:00+0:00\" \/><meta itemprop='endDate' content=\"2026-7-13T23:59+0:00\" \/><meta itemprop='eventStatus' content=\"https:\/\/schema.org\/EventScheduled\" \/><meta itemprop='eventAttendanceMode'   itemscope itemtype=\"https:\/\/schema.org\/OfflineEventAttendanceMode\"\/><script type=\"application\/ld+json\">{\"@context\": \"http:\/\/schema.org\",\"@type\": \"Event\",\n\t\t\t\t\"@id\": \"event_2140_3\",\n\t\t\t\t\"eventAttendanceMode\":\"https:\/\/schema.org\/OfflineEventAttendanceMode\",\n\t\t\t\t\"eventStatus\":\"https:\/\/schema.org\/EventScheduled\",\n\t\t\t\t\"name\": \"Wort von Nikolaus Drache\",\n\t\t\t\t\"url\": \"https:\/\/latemarium.com\/de\/events\/wort-von-nikolaus-drache\/var\/ri-3.l-L2\",\n\t\t\t\t\"startDate\": \"2026-7-13T11:00+0:00\",\n\t\t\t\t\"endDate\": \"2026-7-13T23:59+0:00\",\n\t\t\t\t\"image\":\"https:\/\/latemarium.com\/wp-content\/uploads\/2023\/06\/foresta-dei-draghi-6.jpg\", \n\t\t\t\t\"description\":\"<p>Sie springen, sie rennen, sie krabbeln, sie fliegen! Doch\u2026 sie sind nicht leicht zu sehen! Sie wissen sich gut zu verstecken \u2026 die schuppigen Schleicher! Wer sind sie? Aber die Drachen von Latemar! Einen zu treffen, und sei es nur einer, wird ein wunderbares Erlebnis sein! Ein Wort von Nikolaus Drache.<\/p> <p>Immer sonntags umd montags, vom 5. Juli bis zum 24. August 2026<br \/> bei der Bergstation der Gondelbahn Predazzo \u2013 Gardon\u00e8<br \/> um 11.00 und um 14.45 Uhr<br \/> F\u00fcr Familien mit Kindern ab 2 Jahren geeignet (Dauer: 1h30\u2018)<br \/> Vorstellung auf Italienisch<\/p> <p>&nbsp;<\/p> \"}<\/script><\/div>\r\n\t\t\t\t<p class=\"desc_trig_outter\" style=\"\"><a data-gmap_status=\"null\" data-exlk=\"0\" style=\"background-color: #006290;\" id=\"evc_17839332002140\" class=\"hasFtIMG event_repeat desc_trig sin_val evcal_list_a\" data-ux_val=\"3\" data-ux_val_mob=\"-\"  ><span class='evoet_c1 evoet_cx '><span class='ev_ftImg' data-img='https:\/\/latemarium.com\/wp-content\/uploads\/2023\/06\/foresta-dei-draghi-6.jpg' data-thumb='https:\/\/latemarium.com\/wp-content\/uploads\/2023\/06\/foresta-dei-draghi-6-300x200.jpg' style='background-image:url(\"https:\/\/latemarium.com\/wp-content\/uploads\/2023\/06\/foresta-dei-draghi-6-300x200.jpg\")' ><\/span><\/span><span class='evoet_c2 evoet_cx '><span class='evoet_dayblock evcal_cblock ' data-bgcolor='#006290' data-smon='Juli' data-syr='2026' data-bub=''><span class='evo_start '><em class='date'>13<\/em><em class='month'>Jul<\/em><em class='time'>11:00<\/em><\/span><\/span><\/span><span class='evoet_c3 evoet_cx evcal_desc hide_eventtopdata '><span class='evoet_title evcal_desc2 evcal_event_title ' itemprop='name'>Wort von Nikolaus Drache<\/span><span class='event_location_attrs' data-location_type=\"lonlat\" data-location_name=\"Seilbahn Ankunft Predazzo-Gardon\u00e8\" data-location_url=\"https:\/\/latemarium.com\/de\/event-location\/seilbahn-ankunft-predazzo-gardone\/\" data-location_status=\"true\" data-latlng=\"46.32878794406342,11.600176728690842\"><\/span><span class='evoet_subtitle evo_below_title' ><span class='evcal_event_subtitle ' >DER DRACHENWALD<\/span><\/span><span class='evoet_time_expand level_3'><em class='evcal_time evo_tz_time'><i class='fa fa-clock-o'><\/i>11:00<span class='evo_tz marl5'>(GMT+02:00)<\/span><\/em> <\/span><span class='evoet_location level_3'><em class=\"evcal_location\"  data-latlng=\"46.32878794406342,11.600176728690842\" data-add_str=\"\" data-n=\"Seilbahn Ankunft Predazzo-Gardon\u00e8\"><i class=\"fa fa-location-pin\"><\/i><em class=\"event_location_name\">Seilbahn Ankunft Predazzo-Gardon\u00e8<\/em><\/em><\/span><\/span><span class='evoet_data' data-d=\"{&quot;loc.n&quot;:&quot;Seilbahn Ankunft Predazzo-Gardon\\u00e8&quot;,&quot;orgs&quot;:[],&quot;tags&quot;:{&quot;repeating&quot;:&quot;Repeating Event&quot;}}\" data-bgc=\"#006290\" data-bggrad=\"\" ><\/span><\/a><\/p><div class='event_description evcal_eventcard ' style=\"display:none\"><div class='evocard_row'><div id='event_ftimage' class='evocard_box ftimage' data-c='' \n\t\t\t\t\tstyle=''><div class='evocard_main_image_hold' data-t='Loading Image..'><div class='evocard_main_image evo_img_triglb evobr15 evobgsc evobgpc evodfx evofx_jc_c evofx_ai_c evofz48 minmized' style='height:300px; background-image:url();' data-f=\"https:\/\/latemarium.com\/wp-content\/uploads\/2023\/06\/foresta-dei-draghi-6.jpg\" data-h=\"800\" data-w=\"1200\" data-ratio=\"0.66666666666667\" data-event_id=\"2140\" data-ri=\"3\"  data-t='Loading Image..'><span style='height:300px; background-image:url(https:\/\/latemarium.com\/wp-content\/uploads\/2023\/06\/foresta-dei-draghi-6.jpg)'><\/span><\/div><\/div><\/div><\/div><div class='evocard_row'><div id='event_eventdetails' class='evocard_box eventdetails' data-c='' \n\t\t\t\t\tstyle=''><div class='evo_metarow_details evorow evcal_evdata_row evcal_event_details'>\n\t\t<div class=\"event_excerpt\" style=\"display:none\"><h3 class=\"padb5 evo_h3\">Details zur Veranstaltung<\/h3><p>Sie springen, sie rennen, sie krabbeln, sie fliegen! Doch\u2026 sie sind nicht leicht zu sehen! Sie wissen sich gut zu verstecken \u2026 die schuppigen Schleicher! Wer sind sie? Aber die<\/p><\/div><span class='evcal_evdata_icons'><i class='fa fa-align-justify'><\/i><\/span>\n\t\t\n\t\t<div class='evcal_evdata_cell '>\n\t\t\t<div class='eventon_full_description'>\n\t\t\t\t<h3 class='padb5 evo_h3'><span class='evcal_evdata_icons'><i class='fa fa-align-justify'><\/i><\/span>Details zur Veranstaltung<\/h3>\n\t\t\t\t<div class='eventon_desc_in' itemprop='description'>\n\t\t\t\t<p>Sie springen, sie rennen, sie krabbeln, sie fliegen! Doch\u2026 sie sind nicht leicht zu sehen! Sie wissen sich gut zu verstecken \u2026 die schuppigen Schleicher! Wer sind sie? Aber die Drachen von Latemar! Einen zu treffen, und sei es nur einer, wird ein wunderbares Erlebnis sein! Ein Wort von Nikolaus Drache.<\/p>\n<p>Immer sonntags umd montags, vom 5. Juli bis zum 24. August 2026<br \/>\nbei der Bergstation der Gondelbahn Predazzo \u2013 Gardon\u00e8<br \/>\num 11.00 und um 14.45 Uhr<br \/>\nF\u00fcr Familien mit Kindern ab 2 Jahren geeignet (Dauer: 1h30\u2018)<br \/>\nVorstellung auf Italienisch<\/p>\n<p>&nbsp;<\/p>\n<\/div><div class='clear'><\/div>\n\t\t\t<\/div>\n\t\t<\/div>\n\t<\/div><\/div><\/div><div class='evocard_row bx2 bx'><div id='event_time' class='evocard_box time' data-c='' \n\t\t\t\t\tstyle=''><div class='evo_metarow_time evorow evcal_evdata_row evcal_evrow_sm '>\n\t\t<span class='evcal_evdata_icons'><i class='fa fa-clock'><\/i><\/span>\n\t\t<div class='evcal_evdata_cell'>\t\t\t\t\t\t\t\n\t\t\t<h3 class='evo_h3'><span class='evcal_evdata_icons'><i class='fa fa-clock'><\/i><\/span>Zeitplan<\/h3><p><span class='evo_eventcard_time_t'>13 Juli 2026 11:00<\/span><span class='evo_tz marr5'>(GMT+02:00)<\/span><\/p>\n\t\t<\/div>\n\t<\/div><\/div><div id='event_location' class='evocard_box location' data-c='' \n\t\t\t\t\tstyle=''><div class='evcal_evdata_row evo_metarow_time_location evorow '>\n\t\t\n\t\t\t<span class='evcal_evdata_icons'><i class='fa fa-map-marker'><\/i><\/span>\n\t\t\t<div class='evcal_evdata_cell' data-loc_tax_id='36'><h3 class='evo_h3 evodfx'><span class='evcal_evdata_icons'><i class='fa fa-map-marker'><\/i><\/span>Ort<\/h3><p class='evo_location_name'>Seilbahn Ankunft Predazzo-Gardon\u00e8<\/p><div class='padt10'><span class='evo_btn_arr evolb_trigger' data-lbvals=\"{&quot;lbc&quot;:&quot;evo_location_lb_36&quot;,&quot;lbac&quot;:&quot;lb_max&quot;,&quot;t&quot;:&quot;Seilbahn Ankunft Predazzo-Gardon\\u00e8&quot;,&quot;ajax&quot;:&quot;yes&quot;,&quot;ajax_type&quot;:&quot;endpoint&quot;,&quot;ajax_action&quot;:&quot;eventon_get_tax_card_content&quot;,&quot;end&quot;:&quot;client&quot;,&quot;d&quot;:{&quot;lang&quot;:&quot;L2&quot;,&quot;term_id&quot;:36,&quot;tax&quot;:&quot;event_location&quot;,&quot;load_lbcontent&quot;:true},&quot;uid&quot;:&quot;eventon_get_tax_card_content&quot;}\" >Other Events<i class='fa fa-chevron-right'><\/i><\/span><\/div><\/div>\n\t\t\n\t<\/div><\/div><\/div><div class='evocard_row bx2 bx'><div id='event_learnmore' class='evocard_box learnmore' data-c='' \n\t\t\t\t\tstyle=''><div class='evo_metarow_learnM evo_metarow_learnmore evorow'>\n\t\t\t\t\t\t\t<a class='evcal_evdata_row evo_clik_row ' href='https:\/\/www.montagnanimata.it\/de\/spektakel\/' target=\"_blank\">\n\t\t\t\t\t\t\t\t<span class='evcal_evdata_icons'><i class='fa fa-link'><\/i><\/span>\n\t\t\t\t\t\t\t\t<h3 class='evo_h3'>Entdecke mehr<\/h3>\n\t\t\t\t\t\t\t<\/a>\n\t\t\t\t\t\t\t<\/div><\/div><div id='event_addtocal' class='evocard_box addtocal' data-c='' \n\t\t\t\t\tstyle=''><div class='evo_metarow_ICS evorow evcal_evdata_row'>\n\t\t\t<span class='evcal_evdata_icons'><i class='fa fa-calendar-o'><\/i><\/span>\n\t\t\t<div class='evcal_evdata_cell'>\n\t\t\t\t<p><a href='https:\/\/latemarium.com\/de\/export-events\/2140_3\/?nonce=7b34e59f7d' class='evo_ics_nCal' title='Zu Ihrem Kalender hinzuf\u00fcgen'>Kalender<\/a><a href='https:\/\/www.google.com\/calendar\/event?action=TEMPLATE&text=Wort+von+Nikolaus+Drache&dates=20260713T090000Z%2F20260713T215900Z&ctz=Europe%2FRome&details=Wort von Nikolaus Drache&location=Seilbahn+Ankunft+Predazzo-Gardon%C3%A8' target='_blank' class='evo_ics_gCal' title='Zu Google Kalender hinzuf\u00fcgen'>GoogleCal<\/a><\/p>\t\n\t\t\t<\/div>\n\t\t<\/div><\/div><\/div><div class='evocard_row'><div id='event_getdirection' class='evocard_box getdirection' data-c='' \n\t\t\t\t\tstyle=''><div class='evo_metarow_getDr evorow evcal_evdata_row evcal_evrow_sm getdirections'>\n\t\t<form action='https:\/\/maps.google.com\/maps' method='get' target='_blank'>\n\t\t\t<input type='hidden' name='daddr' value=\"46.32878794406342,11.600176728690842\"\/> \n\t\t\t<div class='evo_get_direction_content evo_fx_dr_r evogap10'>\n\t\t\t\t<span class='evogetdir_header evodfx evofx_dr_r evofx_ai_c marr10'>\n\t\t\t\t\t<i class='mainicon fa fa-road'><\/i> \n\t\t\t\t\t<h3 class='evo_h3' style='padding-bottom:5px;'>Wegbeschreibung abrufen<\/h3>\n\t\t\t\t<\/span>\n\t\t\t\t<span class='evogetdir_field evodfx evofx_1_1 evo_fx_dr_c evow100p'>\t\t\t\t\t\n\t\t\t\t\t<input class='evoInput evotac' type='text' name='saddr' placeholder='&quot;Geben Sie die Adresse ein' value='' style='margin:10px 0;'\/>\n\t\t\t\t<\/span>\n\t\t\t\t<button type='submit' class='evo_get_direction_button evo_btn_arr_circ dfx fx_ai_c' title='&quot;Klicken Sie hier'><i class='fa fa-chevron-right'><\/i> <\/button>\n\t\t\t<\/div>\n\t\t<\/form>\n\t<\/div><\/div><\/div><div class='evo_card_row_end evcal_close' title='Schlie\u00dfen'><\/div><\/div><div class='clear end'><\/div><\/div><div id=\"event_2154_6\" class=\"eventon_list_event evo_eventtop scheduled  event clrW no_et event_2154_6\" data-event_id=\"2154\" data-ri=\"6r\" data-time=\"1783948800-1783979940\" data-colr=\"#b8d989\" itemscope itemtype='http:\/\/schema.org\/Event'><div class=\"evo_event_schema\" style=\"display:none\" ><a itemprop='url'  href='https:\/\/latemarium.com\/de\/events\/die-geraeusche-und-das-leben-der-malga\/var\/ri-6.l-L2'><\/a><meta itemprop='image' content=\"https:\/\/latemarium.com\/wp-content\/uploads\/2023\/06\/suoni-vita-malga.jpg\" \/><meta itemprop='startDate' content=\"2026-7-13T15:20+0:00\" \/><meta itemprop='endDate' content=\"2026-7-13T23:59+0:00\" \/><meta itemprop='eventStatus' content=\"https:\/\/schema.org\/EventScheduled\" \/><meta itemprop='eventAttendanceMode'   itemscope itemtype=\"https:\/\/schema.org\/OfflineEventAttendanceMode\"\/><div style=\"display:none\" itemprop=\"location\" itemscope itemtype=\"http:\/\/schema.org\/Place\"><span itemprop=\"name\">Pampeago<\/span><span itemprop=\"address\" itemscope itemtype=\"http:\/\/schema.org\/PostalAddress\"><item itemprop=\"streetAddress\">Localit\u00e0 Pampeago, 8, 38038 Tesero TN<\/item><\/span><\/div><script type=\"application\/ld+json\">{\"@context\": \"http:\/\/schema.org\",\"@type\": \"Event\",\n\t\t\t\t\"@id\": \"event_2154_6\",\n\t\t\t\t\"eventAttendanceMode\":\"https:\/\/schema.org\/OfflineEventAttendanceMode\",\n\t\t\t\t\"eventStatus\":\"https:\/\/schema.org\/EventScheduled\",\n\t\t\t\t\"name\": \"Die Ger\u00e4usche und das Leben der Malga\",\n\t\t\t\t\"url\": \"https:\/\/latemarium.com\/de\/events\/die-geraeusche-und-das-leben-der-malga\/var\/ri-6.l-L2\",\n\t\t\t\t\"startDate\": \"2026-7-13T15:20+0:00\",\n\t\t\t\t\"endDate\": \"2026-7-13T23:59+0:00\",\n\t\t\t\t\"image\":\"https:\/\/latemarium.com\/wp-content\/uploads\/2023\/06\/suoni-vita-malga.jpg\", \n\t\t\t\t\"description\":\"<p>Treffpunkt am Parkplatz des Tresca-Sessellifts (mit dem Auto von Pampeago erreichbar &#8211; NUR f\u00fcr diejenigen, die die Aktivit\u00e4t buchen).<\/p> <p>Nach einem kurzen Spaziergang zur Malga Pampeago entdecken Kinder und Eltern zwischen K\u00fchen, K\u00e4lbern, Eseln und Schweinen den Alltag und die Ger\u00e4usche, die das Leben der Hirten pr\u00e4gen.<\/p> <p>Am Ende der Aktivit\u00e4t gibt es einen kleinen Snack, den die Kinder genie\u00dfen oder mit nach Hause nehmen k\u00f6nnen.<\/p> <p>Aktivit\u00e4t auch mit Kinderwagen m\u00f6glich. <a href='https:\/\/www.visitfiemme.it\/de\/veranstaltungen\/fiemme-cembra-guest-card\/erlebnisse\/erlebnisse-sommer' target='_blank' rel='noopener'>Reservierung erforderlich<\/a>.<\/p> \",\"location\":[{\"@type\":\"Place\",\"name\":\"Pampeago\",\"address\":{\"@type\": \"PostalAddress\",\"streetAddress\":\"Localit\u00e0 Pampeago, 8, 38038 Tesero TN\"}}]}<\/script><\/div>\r\n\t\t\t\t<p class=\"desc_trig_outter\" style=\"\"><a data-gmap_status=\"null\" data-exlk=\"0\" style=\"background-color: #b8d989;\" id=\"evc_17839488002154\" class=\"hasFtIMG event_repeat desc_trig sin_val evcal_list_a\" data-ux_val=\"3\" data-ux_val_mob=\"-\"  ><span class='evoet_c1 evoet_cx '><span class='ev_ftImg' data-img='https:\/\/latemarium.com\/wp-content\/uploads\/2023\/06\/suoni-vita-malga.jpg' data-thumb='https:\/\/latemarium.com\/wp-content\/uploads\/2023\/06\/suoni-vita-malga-300x225.jpg' style='background-image:url(\"https:\/\/latemarium.com\/wp-content\/uploads\/2023\/06\/suoni-vita-malga-300x225.jpg\")' ><\/span><\/span><span class='evoet_c2 evoet_cx '><span class='evoet_dayblock evcal_cblock ' data-bgcolor='#b8d989' data-smon='Juli' data-syr='2026' data-bub=''><span class='evo_start '><em class='date'>13<\/em><em class='month'>Jul<\/em><em class='time'>15:20<\/em><\/span><\/span><\/span><span class='evoet_c3 evoet_cx evcal_desc hide_eventtopdata '><span class='evoet_title evcal_desc2 evcal_event_title ' itemprop='name'>Die Ger\u00e4usche und das Leben der Malga<\/span><span class='event_location_attrs'  data-location_address=\"Localit\u00e0 Pampeago, 8, 38038 Tesero TN\" data-location_type=\"lonlat\" data-location_name=\"Pampeago\" data-location_url=\"https:\/\/latemarium.com\/de\/event-location\/pampeago-de\/\" data-location_status=\"true\" data-latlng=\"46.34343697644898,11.540997527961546\"><\/span><span class='evoet_subtitle evo_below_title' ><\/span><span class='evoet_time_expand level_3'><em class='evcal_time evo_tz_time'><i class='fa fa-clock-o'><\/i>15:20<span class='evo_tz marl5'>(GMT+02:00)<\/span><\/em> <\/span><span class='evoet_location level_3'><em class=\"evcal_location\"  data-latlng=\"46.34343697644898,11.540997527961546\" data-add_str=\"Localit\u00e0 Pampeago, 8, 38038 Tesero TN\" data-n=\"Pampeago\"><i class=\"fa fa-location-pin\"><\/i><em class=\"event_location_name\">Pampeago<\/em>, Localit\u00e0 Pampeago, 8, 38038 Tesero TN<\/em><\/span><\/span><span class='evoet_data' data-d=\"{&quot;loc.n&quot;:&quot;Pampeago&quot;,&quot;orgs&quot;:[],&quot;tags&quot;:{&quot;repeating&quot;:&quot;Repeating Event&quot;}}\" data-bgc=\"#b8d989\" data-bggrad=\"\" ><\/span><\/a><\/p><div class='event_description evcal_eventcard ' style=\"display:none\"><div class='evocard_row'><div id='event_ftimage' class='evocard_box ftimage' data-c='' \n\t\t\t\t\tstyle=''><div class='evocard_main_image_hold' data-t='Loading Image..'><div class='evocard_main_image evo_img_triglb evobr15 evobgsc evobgpc evodfx evofx_jc_c evofx_ai_c evofz48 minmized' style='height:300px; background-image:url();' data-f=\"https:\/\/latemarium.com\/wp-content\/uploads\/2023\/06\/suoni-vita-malga.jpg\" data-h=\"796\" data-w=\"1062\" data-ratio=\"0.74952919020716\" data-event_id=\"2154\" data-ri=\"6\"  data-t='Loading Image..'><span style='height:300px; background-image:url(https:\/\/latemarium.com\/wp-content\/uploads\/2023\/06\/suoni-vita-malga.jpg)'><\/span><\/div><\/div><\/div><\/div><div class='evocard_row'><div id='event_eventdetails' class='evocard_box eventdetails' data-c='' \n\t\t\t\t\tstyle=''><div class='evo_metarow_details evorow evcal_evdata_row evcal_event_details'>\n\t\t<div class=\"event_excerpt\" style=\"display:none\"><h3 class=\"padb5 evo_h3\">Details zur Veranstaltung<\/h3><p>Treffpunkt am Parkplatz des Tresca-Sessellifts (mit dem Auto von Pampeago erreichbar &#8211; NUR f\u00fcr diejenigen, die die Aktivit\u00e4t buchen).\nNach einem kurzen Spaziergang zur Malga Pampeago entdecken Kinder und Eltern zwischen<\/p><\/div><span class='evcal_evdata_icons'><i class='fa fa-align-justify'><\/i><\/span>\n\t\t\n\t\t<div class='evcal_evdata_cell shorter_desc'>\n\t\t\t<div class='eventon_full_description'>\n\t\t\t\t<h3 class='padb5 evo_h3'><span class='evcal_evdata_icons'><i class='fa fa-align-justify'><\/i><\/span>Details zur Veranstaltung<\/h3>\n\t\t\t\t<div class='eventon_desc_in' itemprop='description'>\n\t\t\t\t<p>Treffpunkt am Parkplatz des Tresca-Sessellifts (mit dem Auto von Pampeago erreichbar &#8211; NUR f\u00fcr diejenigen, die die Aktivit\u00e4t buchen).<\/p>\n<p>Nach einem kurzen Spaziergang zur Malga Pampeago entdecken Kinder und Eltern zwischen K\u00fchen, K\u00e4lbern, Eseln und Schweinen den Alltag und die Ger\u00e4usche, die das Leben der Hirten pr\u00e4gen.<\/p>\n<p>Am Ende der Aktivit\u00e4t gibt es einen kleinen Snack, den die Kinder genie\u00dfen oder mit nach Hause nehmen k\u00f6nnen.<\/p>\n<p>Aktivit\u00e4t auch mit Kinderwagen m\u00f6glich. <a href=\"https:\/\/www.visitfiemme.it\/de\/veranstaltungen\/fiemme-cembra-guest-card\/erlebnisse\/erlebnisse-sommer\" target=\"_blank\" rel=\"noopener\">Reservierung erforderlich<\/a>.<\/p>\n<\/div><p class='eventon_shad_p' style='padding:5px 0 0; margin:0'>\n\t\t\t<span class='evcal_btn evo_btn_secondary evobtn_details_show_more' content='less'>\n\t\t\t\t<span class='ev_more_text' data-txt='Weniger'>Mehr<\/span><span class='ev_more_arrow ard'><\/span>\n\t\t\t<\/span>\n\t\t<\/p><div class='clear'><\/div>\n\t\t\t<\/div>\n\t\t<\/div>\n\t<\/div><\/div><\/div><div class='evocard_row bx2 bx'><div id='event_time' class='evocard_box time' data-c='' \n\t\t\t\t\tstyle=''><div class='evo_metarow_time evorow evcal_evdata_row evcal_evrow_sm '>\n\t\t<span class='evcal_evdata_icons'><i class='fa fa-clock'><\/i><\/span>\n\t\t<div class='evcal_evdata_cell'>\t\t\t\t\t\t\t\n\t\t\t<h3 class='evo_h3'><span class='evcal_evdata_icons'><i class='fa fa-clock'><\/i><\/span>Zeitplan<\/h3><p><span class='evo_eventcard_time_t'>13 Juli 2026 15:20<\/span><span class='evo_tz marr5'>(GMT+02:00)<\/span><\/p>\n\t\t<\/div>\n\t<\/div><\/div><div id='event_location' class='evocard_box location' data-c='' \n\t\t\t\t\tstyle=''><div class='evcal_evdata_row evo_metarow_time_location evorow '>\n\t\t\n\t\t\t<span class='evcal_evdata_icons'><i class='fa fa-map-marker'><\/i><\/span>\n\t\t\t<div class='evcal_evdata_cell' data-loc_tax_id='32'><h3 class='evo_h3 evodfx'><span class='evcal_evdata_icons'><i class='fa fa-map-marker'><\/i><\/span>Ort<\/h3><p class='evo_location_name'>Pampeago<\/p><p class='evo_location_address evodfxi evogap10'>Localit\u00e0 Pampeago, 8, 38038 Tesero TN<\/p><div class='padt10'><span class='evo_btn_arr evolb_trigger' data-lbvals=\"{&quot;lbc&quot;:&quot;evo_location_lb_32&quot;,&quot;lbac&quot;:&quot;lb_max&quot;,&quot;t&quot;:&quot;Pampeago&quot;,&quot;ajax&quot;:&quot;yes&quot;,&quot;ajax_type&quot;:&quot;endpoint&quot;,&quot;ajax_action&quot;:&quot;eventon_get_tax_card_content&quot;,&quot;end&quot;:&quot;client&quot;,&quot;d&quot;:{&quot;lang&quot;:&quot;L2&quot;,&quot;term_id&quot;:32,&quot;tax&quot;:&quot;event_location&quot;,&quot;load_lbcontent&quot;:true},&quot;uid&quot;:&quot;eventon_get_tax_card_content&quot;}\" >Other Events<i class='fa fa-chevron-right'><\/i><\/span><\/div><\/div>\n\t\t\n\t<\/div><\/div><\/div><div class='evocard_row'><div id='event_addtocal' class='evocard_box addtocal' data-c='' \n\t\t\t\t\tstyle=''><div class='evo_metarow_ICS evorow evcal_evdata_row'>\n\t\t\t<span class='evcal_evdata_icons'><i class='fa fa-calendar-o'><\/i><\/span>\n\t\t\t<div class='evcal_evdata_cell'>\n\t\t\t\t<p><a href='https:\/\/latemarium.com\/de\/export-events\/2154_6\/?nonce=7b34e59f7d' class='evo_ics_nCal' title='Zu Ihrem Kalender hinzuf\u00fcgen'>Kalender<\/a><a href='https:\/\/www.google.com\/calendar\/event?action=TEMPLATE&text=Die+Ger%C3%A4usche+und+das+Leben+der+Malga&dates=20260713T132000Z%2F20260713T215900Z&ctz=Europe%2FRome&details=Die Ger\u00e4usche und das Leben der Malga&location=Pampeago+Localit%C3%A0+Pampeago%2C+8%2C+38038+Tesero+TN' target='_blank' class='evo_ics_gCal' title='Zu Google Kalender hinzuf\u00fcgen'>GoogleCal<\/a><\/p>\t\n\t\t\t<\/div>\n\t\t<\/div><\/div><\/div><div class='evocard_row'><div id='event_getdirection' class='evocard_box getdirection' data-c='' \n\t\t\t\t\tstyle=''><div class='evo_metarow_getDr evorow evcal_evdata_row evcal_evrow_sm getdirections'>\n\t\t<form action='https:\/\/maps.google.com\/maps' method='get' target='_blank'>\n\t\t\t<input type='hidden' name='daddr' value=\"Localit\u00e0 Pampeago, 8, 38038 Tesero TN\"\/> \n\t\t\t<div class='evo_get_direction_content evo_fx_dr_r evogap10'>\n\t\t\t\t<span class='evogetdir_header evodfx evofx_dr_r evofx_ai_c marr10'>\n\t\t\t\t\t<i class='mainicon fa fa-road'><\/i> \n\t\t\t\t\t<h3 class='evo_h3' style='padding-bottom:5px;'>Wegbeschreibung abrufen<\/h3>\n\t\t\t\t<\/span>\n\t\t\t\t<span class='evogetdir_field evodfx evofx_1_1 evo_fx_dr_c evow100p'>\t\t\t\t\t\n\t\t\t\t\t<input class='evoInput evotac' type='text' name='saddr' placeholder='&quot;Geben Sie die Adresse ein' value='' style='margin:10px 0;'\/>\n\t\t\t\t<\/span>\n\t\t\t\t<button type='submit' class='evo_get_direction_button evo_btn_arr_circ dfx fx_ai_c' title='&quot;Klicken Sie hier'><i class='fa fa-chevron-right'><\/i> <\/button>\n\t\t\t<\/div>\n\t\t<\/form>\n\t<\/div><\/div><\/div><div class='evo_card_row_end evcal_close' title='Schlie\u00dfen'><\/div><\/div><div class='clear end'><\/div><\/div><div id=\"event_2489_3\" class=\"eventon_list_event evo_eventtop scheduled  event clrD no_et event_2489_3\" data-event_id=\"2489\" data-ri=\"3r\" data-time=\"1784014200-1784066340\" data-colr=\"#38823b\" itemscope itemtype='http:\/\/schema.org\/Event'><div class=\"evo_event_schema\" style=\"display:none\" ><a itemprop='url'  href='https:\/\/latemarium.com\/de\/events\/respirart-kunst-und-natur\/var\/ri-3.l-L2'><\/a><meta itemprop='image' content=\"https:\/\/latemarium.com\/wp-content\/uploads\/2023\/06\/respirart-respiro-arte-natura.jpg\" \/><meta itemprop='startDate' content=\"2026-7-14T09:30+0:00\" \/><meta itemprop='endDate' content=\"2026-7-14T23:59+0:00\" \/><meta itemprop='eventStatus' content=\"https:\/\/schema.org\/EventScheduled\" \/><meta itemprop='eventAttendanceMode'   itemscope itemtype=\"https:\/\/schema.org\/OfflineEventAttendanceMode\"\/><div style=\"display:none\" itemprop=\"location\" itemscope itemtype=\"http:\/\/schema.org\/Place\"><span itemprop=\"name\">Pampeago<\/span><span itemprop=\"address\" itemscope itemtype=\"http:\/\/schema.org\/PostalAddress\"><item itemprop=\"streetAddress\">Localit\u00e0 Pampeago, 8, 38038 Tesero TN<\/item><\/span><\/div><script type=\"application\/ld+json\">{\"@context\": \"http:\/\/schema.org\",\"@type\": \"Event\",\n\t\t\t\t\"@id\": \"event_2489_3\",\n\t\t\t\t\"eventAttendanceMode\":\"https:\/\/schema.org\/OfflineEventAttendanceMode\",\n\t\t\t\t\"eventStatus\":\"https:\/\/schema.org\/EventScheduled\",\n\t\t\t\t\"name\": \"Respirart: Kunst und Natur\",\n\t\t\t\t\"url\": \"https:\/\/latemarium.com\/de\/events\/respirart-kunst-und-natur\/var\/ri-3.l-L2\",\n\t\t\t\t\"startDate\": \"2026-7-14T09:30+0:00\",\n\t\t\t\t\"endDate\": \"2026-7-14T23:59+0:00\",\n\t\t\t\t\"image\":\"https:\/\/latemarium.com\/wp-content\/uploads\/2023\/06\/respirart-respiro-arte-natura.jpg\", \n\t\t\t\t\"description\":\"<h2>Kunst in der H\u00f6he: Entdeckungsreise durch RespirArt zwischen Natur und Installationen<\/h2> <p><span data-sheets-value='{&quot;1&quot;:2,&quot;2&quot;:&quot;Es beginnt um 9.30 Uhr vor dem Agnello-Sessellift-Seminovia, wo Sie den k\u00fcnstlerischen F\u00fchrer treffen, der Ihnen die Samen liefert und Sie bei der Aussaat von Blumen von oben begleitet, um Blumen zu erzeugen und so die Erde, die Bienen, die Ziegen und die K\u00fche Anschlie\u00dfend f\u00fchrt Sie der F\u00fchrer zu den Kunstwerken im Park. Auf dem 3 km langen Rundgang entdecken Sie die Inspirationen der K\u00fcnstler, die in Anwesenheit des Latemar k\u00fcnstlerische Gesten schufen.\\r\\nAktivit\u00e4t f\u00fcr Erwachsene geeignet\\r\\nKostenlose Aktivit\u00e4t (ohne Liftticket)\\r\\n&quot;}' data-sheets-userformat='{&quot;2&quot;:15235,&quot;3&quot;:{&quot;1&quot;:0},&quot;4&quot;:{&quot;1&quot;:2,&quot;2&quot;:15987699},&quot;10&quot;:1,&quot;11&quot;:1,&quot;12&quot;:0,&quot;14&quot;:{&quot;1&quot;:2,&quot;2&quot;:5592405},&quot;15&quot;:&quot;Roboto&quot;,&quot;16&quot;:10}'>Es beginnt um 9.30 Uhr vor dem Agnello-Sessellift-&#8220;Seminovia&#8221;, wo Sie den k\u00fcnstlerischen F\u00fchrer treffen, der Ihnen die Samen liefert und Sie bei der Aussaat von Blumen von oben begleitet, um Blumen zu erzeugen und so die Erde, die Bienen, die Ziegen und die K\u00fche. <\/span><\/p> <p><span data-sheets-value='{&quot;1&quot;:2,&quot;2&quot;:&quot;Es beginnt um 9.30 Uhr vor dem Agnello-Sessellift-Seminovia, wo Sie den k\u00fcnstlerischen F\u00fchrer treffen, der Ihnen die Samen liefert und Sie bei der Aussaat von Blumen von oben begleitet, um Blumen zu erzeugen und so die Erde, die Bienen, die Ziegen und die K\u00fche Anschlie\u00dfend f\u00fchrt Sie der F\u00fchrer zu den Kunstwerken im Park. Auf dem 3 km langen Rundgang entdecken Sie die Inspirationen der K\u00fcnstler, die in Anwesenheit des Latemar k\u00fcnstlerische Gesten schufen.\\r\\nAktivit\u00e4t f\u00fcr Erwachsene geeignet\\r\\nKostenlose Aktivit\u00e4t (ohne Liftticket)\\r\\n&quot;}' data-sheets-userformat='{&quot;2&quot;:15235,&quot;3&quot;:{&quot;1&quot;:0},&quot;4&quot;:{&quot;1&quot;:2,&quot;2&quot;:15987699},&quot;10&quot;:1,&quot;11&quot;:1,&quot;12&quot;:0,&quot;14&quot;:{&quot;1&quot;:2,&quot;2&quot;:5592405},&quot;15&quot;:&quot;Roboto&quot;,&quot;16&quot;:10}'>Anschlie\u00dfend f\u00fchrt Sie der F\u00fchrer zu den Kunstwerken im Park. Auf dem 3 km langen Rundgang entdecken Sie die Inspirationen der K\u00fcnstler, die in Anwesenheit des Latemar k\u00fcnstlerische Gesten schufen. <\/span><\/p> <p><span data-sheets-value='{&quot;1&quot;:2,&quot;2&quot;:&quot;Es beginnt um 9.30 Uhr vor dem Agnello-Sessellift-Seminovia, wo Sie den k\u00fcnstlerischen F\u00fchrer treffen, der Ihnen die Samen liefert und Sie bei der Aussaat von Blumen von oben begleitet, um Blumen zu erzeugen und so die Erde, die Bienen, die Ziegen und die K\u00fche Anschlie\u00dfend f\u00fchrt Sie der F\u00fchrer zu den Kunstwerken im Park. Auf dem 3 km langen Rundgang entdecken Sie die Inspirationen der K\u00fcnstler, die in Anwesenheit des Latemar k\u00fcnstlerische Gesten schufen.\\r\\nAktivit\u00e4t f\u00fcr Erwachsene geeignet\\r\\nKostenlose Aktivit\u00e4t (ohne Liftticket)\\r\\n&quot;}' data-sheets-userformat='{&quot;2&quot;:15235,&quot;3&quot;:{&quot;1&quot;:0},&quot;4&quot;:{&quot;1&quot;:2,&quot;2&quot;:15987699},&quot;10&quot;:1,&quot;11&quot;:1,&quot;12&quot;:0,&quot;14&quot;:{&quot;1&quot;:2,&quot;2&quot;:5592405},&quot;15&quot;:&quot;Roboto&quot;,&quot;16&quot;:10}'>Aktivit\u00e4t f\u00fcr Erwachsene.<\/span><\/p> <p><a href='https:\/\/www.visitfiemme.it\/de\/veranstaltungen\/fiemme-cembra-guest-card\/erlebnisse\/erlebnisse-sommer' target='_blank' rel='noopener'>Reservierung erforderlich<\/a>.<\/p> \",\"location\":[{\"@type\":\"Place\",\"name\":\"Pampeago\",\"address\":{\"@type\": \"PostalAddress\",\"streetAddress\":\"Localit\u00e0 Pampeago, 8, 38038 Tesero TN\"}}]}<\/script><\/div>\r\n\t\t\t\t<p class=\"desc_trig_outter\" style=\"\"><a data-gmtrig=\"1\" data-exlk=\"0\" style=\"background-color: #38823b;\" id=\"evc_17840142002489\" class=\"hasFtIMG event_repeat desc_trig sin_val evcal_list_a\" data-ux_val=\"3\" data-ux_val_mob=\"-\"  ><span class='evoet_c1 evoet_cx '><span class='ev_ftImg' data-img='https:\/\/latemarium.com\/wp-content\/uploads\/2023\/06\/respirart-respiro-arte-natura.jpg' data-thumb='https:\/\/latemarium.com\/wp-content\/uploads\/2023\/06\/respirart-respiro-arte-natura-300x201.jpg' style='background-image:url(\"https:\/\/latemarium.com\/wp-content\/uploads\/2023\/06\/respirart-respiro-arte-natura-300x201.jpg\")' ><\/span><\/span><span class='evoet_c2 evoet_cx '><span class='evoet_dayblock evcal_cblock ' data-bgcolor='#38823b' data-smon='Juli' data-syr='2026' data-bub=''><span class='evo_start '><em class='date'>14<\/em><em class='month'>Jul<\/em><em class='time'>09:30<\/em><\/span><\/span><\/span><span class='evoet_c3 evoet_cx evcal_desc hide_eventtopdata '><span class='evoet_title evcal_desc2 evcal_event_title ' itemprop='name'>Respirart: Kunst und Natur<\/span><span class='event_location_attrs'  data-location_address=\"Localit\u00e0 Pampeago, 8, 38038 Tesero TN\" data-location_type=\"lonlat\" data-location_name=\"Pampeago\" data-location_url=\"https:\/\/latemarium.com\/de\/event-location\/pampeago-de\/\" data-location_status=\"true\" data-latlng=\"46.34343697644898,11.540997527961546\"><\/span><span class='evoet_subtitle evo_below_title' ><span class='evcal_event_subtitle ' >ENTDECKUNG DER KUNSTPARKS: RESPIRART<\/span><\/span><span class='evoet_time_expand level_3'><em class='evcal_time evo_tz_time'><i class='fa fa-clock-o'><\/i>09:30<span class='evo_tz marl5'>(GMT+02:00)<\/span><\/em> <\/span><span class='evoet_location level_3'><em class=\"evcal_location\"  data-latlng=\"46.34343697644898,11.540997527961546\" data-add_str=\"Localit\u00e0 Pampeago, 8, 38038 Tesero TN\" data-n=\"Pampeago\"><i class=\"fa fa-location-pin\"><\/i><em class=\"event_location_name\">Pampeago<\/em>, Localit\u00e0 Pampeago, 8, 38038 Tesero TN<\/em><\/span><\/span><span class='evoet_data' data-d=\"{&quot;loc.n&quot;:&quot;Pampeago&quot;,&quot;orgs&quot;:[],&quot;tags&quot;:{&quot;repeating&quot;:&quot;Repeating Event&quot;}}\" data-bgc=\"#38823b\" data-bggrad=\"\" ><\/span><\/a><\/p><div class='event_description evcal_eventcard ' style=\"display:none\"><div class='evocard_row'><div id='event_ftimage' class='evocard_box ftimage' data-c='' \n\t\t\t\t\tstyle=''><div class='evocard_main_image_hold' data-t='Loading Image..'><div class='evocard_main_image evo_img_triglb evobr15 evobgsc evobgpc evodfx evofx_jc_c evofx_ai_c evofz48 minmized' style='height:300px; background-image:url();' data-f=\"https:\/\/latemarium.com\/wp-content\/uploads\/2023\/06\/respirart-respiro-arte-natura.jpg\" data-h=\"602\" data-w=\"899\" data-ratio=\"0.66963292547275\" data-event_id=\"2489\" data-ri=\"3\"  data-t='Loading Image..'><span style='height:300px; background-image:url(https:\/\/latemarium.com\/wp-content\/uploads\/2023\/06\/respirart-respiro-arte-natura.jpg)'><\/span><\/div><\/div><\/div><\/div><div class='evocard_row'><div id='event_eventdetails' class='evocard_box eventdetails' data-c='' \n\t\t\t\t\tstyle=''><div class='evo_metarow_details evorow evcal_evdata_row evcal_event_details'>\n\t\t<div class=\"event_excerpt\" style=\"display:none\"><h3 class=\"padb5 evo_h3\">Details zur Veranstaltung<\/h3><p>Kunst in der H\u00f6he: Entdeckungsreise durch RespirArt zwischen Natur und Installationen<\/p><\/div><span class='evcal_evdata_icons'><i class='fa fa-align-justify'><\/i><\/span>\n\t\t\n\t\t<div class='evcal_evdata_cell shorter_desc'>\n\t\t\t<div class='eventon_full_description'>\n\t\t\t\t<h3 class='padb5 evo_h3'><span class='evcal_evdata_icons'><i class='fa fa-align-justify'><\/i><\/span>Details zur Veranstaltung<\/h3>\n\t\t\t\t<div class='eventon_desc_in' itemprop='description'>\n\t\t\t\t<h2>Kunst in der H\u00f6he: Entdeckungsreise durch RespirArt zwischen Natur und Installationen<\/h2>\n<p><span data-sheets-value=\"{&quot;1&quot;:2,&quot;2&quot;:&quot;Es beginnt um 9.30 Uhr vor dem Agnello-Sessellift-Seminovia, wo Sie den k\u00fcnstlerischen F\u00fchrer treffen, der Ihnen die Samen liefert und Sie bei der Aussaat von Blumen von oben begleitet, um Blumen zu erzeugen und so die Erde, die Bienen, die Ziegen und die K\u00fche Anschlie\u00dfend f\u00fchrt Sie der F\u00fchrer zu den Kunstwerken im Park. Auf dem 3 km langen Rundgang entdecken Sie die Inspirationen der K\u00fcnstler, die in Anwesenheit des Latemar k\u00fcnstlerische Gesten schufen.rnAktivit\u00e4t f\u00fcr Erwachsene geeignetrnKostenlose Aktivit\u00e4t (ohne Liftticket)rn&quot;}\" data-sheets-userformat=\"{&quot;2&quot;:15235,&quot;3&quot;:{&quot;1&quot;:0},&quot;4&quot;:{&quot;1&quot;:2,&quot;2&quot;:15987699},&quot;10&quot;:1,&quot;11&quot;:1,&quot;12&quot;:0,&quot;14&quot;:{&quot;1&quot;:2,&quot;2&quot;:5592405},&quot;15&quot;:&quot;Roboto&quot;,&quot;16&quot;:10}\">Es beginnt um 9.30 Uhr vor dem Agnello-Sessellift-&#8220;Seminovia&#8221;, wo Sie den k\u00fcnstlerischen F\u00fchrer treffen, der Ihnen die Samen liefert und Sie bei der Aussaat von Blumen von oben begleitet, um Blumen zu erzeugen und so die Erde, die Bienen, die Ziegen und die K\u00fche. <\/span><\/p>\n<p><span data-sheets-value=\"{&quot;1&quot;:2,&quot;2&quot;:&quot;Es beginnt um 9.30 Uhr vor dem Agnello-Sessellift-Seminovia, wo Sie den k\u00fcnstlerischen F\u00fchrer treffen, der Ihnen die Samen liefert und Sie bei der Aussaat von Blumen von oben begleitet, um Blumen zu erzeugen und so die Erde, die Bienen, die Ziegen und die K\u00fche Anschlie\u00dfend f\u00fchrt Sie der F\u00fchrer zu den Kunstwerken im Park. Auf dem 3 km langen Rundgang entdecken Sie die Inspirationen der K\u00fcnstler, die in Anwesenheit des Latemar k\u00fcnstlerische Gesten schufen.rnAktivit\u00e4t f\u00fcr Erwachsene geeignetrnKostenlose Aktivit\u00e4t (ohne Liftticket)rn&quot;}\" data-sheets-userformat=\"{&quot;2&quot;:15235,&quot;3&quot;:{&quot;1&quot;:0},&quot;4&quot;:{&quot;1&quot;:2,&quot;2&quot;:15987699},&quot;10&quot;:1,&quot;11&quot;:1,&quot;12&quot;:0,&quot;14&quot;:{&quot;1&quot;:2,&quot;2&quot;:5592405},&quot;15&quot;:&quot;Roboto&quot;,&quot;16&quot;:10}\">Anschlie\u00dfend f\u00fchrt Sie der F\u00fchrer zu den Kunstwerken im Park. Auf dem 3 km langen Rundgang entdecken Sie die Inspirationen der K\u00fcnstler, die in Anwesenheit des Latemar k\u00fcnstlerische Gesten schufen. <\/span><\/p>\n<p><span data-sheets-value=\"{&quot;1&quot;:2,&quot;2&quot;:&quot;Es beginnt um 9.30 Uhr vor dem Agnello-Sessellift-Seminovia, wo Sie den k\u00fcnstlerischen F\u00fchrer treffen, der Ihnen die Samen liefert und Sie bei der Aussaat von Blumen von oben begleitet, um Blumen zu erzeugen und so die Erde, die Bienen, die Ziegen und die K\u00fche Anschlie\u00dfend f\u00fchrt Sie der F\u00fchrer zu den Kunstwerken im Park. Auf dem 3 km langen Rundgang entdecken Sie die Inspirationen der K\u00fcnstler, die in Anwesenheit des Latemar k\u00fcnstlerische Gesten schufen.rnAktivit\u00e4t f\u00fcr Erwachsene geeignetrnKostenlose Aktivit\u00e4t (ohne Liftticket)rn&quot;}\" data-sheets-userformat=\"{&quot;2&quot;:15235,&quot;3&quot;:{&quot;1&quot;:0},&quot;4&quot;:{&quot;1&quot;:2,&quot;2&quot;:15987699},&quot;10&quot;:1,&quot;11&quot;:1,&quot;12&quot;:0,&quot;14&quot;:{&quot;1&quot;:2,&quot;2&quot;:5592405},&quot;15&quot;:&quot;Roboto&quot;,&quot;16&quot;:10}\">Aktivit\u00e4t f\u00fcr Erwachsene.<\/span><\/p>\n<p><a href=\"https:\/\/www.visitfiemme.it\/de\/veranstaltungen\/fiemme-cembra-guest-card\/erlebnisse\/erlebnisse-sommer\" target=\"_blank\" rel=\"noopener\">Reservierung erforderlich<\/a>.<\/p>\n<\/div><p class='eventon_shad_p' style='padding:5px 0 0; margin:0'>\n\t\t\t<span class='evcal_btn evo_btn_secondary evobtn_details_show_more' content='less'>\n\t\t\t\t<span class='ev_more_text' data-txt='Weniger'>Mehr<\/span><span class='ev_more_arrow ard'><\/span>\n\t\t\t<\/span>\n\t\t<\/p><div class='clear'><\/div>\n\t\t\t<\/div>\n\t\t<\/div>\n\t<\/div><\/div><\/div><div class='evocard_row bx2 bx'><div id='event_time' class='evocard_box time' data-c='' \n\t\t\t\t\tstyle=''><div class='evo_metarow_time evorow evcal_evdata_row evcal_evrow_sm '>\n\t\t<span class='evcal_evdata_icons'><i class='fa fa-clock'><\/i><\/span>\n\t\t<div class='evcal_evdata_cell'>\t\t\t\t\t\t\t\n\t\t\t<h3 class='evo_h3'><span class='evcal_evdata_icons'><i class='fa fa-clock'><\/i><\/span>Zeitplan<\/h3><p><span class='evo_eventcard_time_t'>14 Juli 2026 09:30<\/span><span class='evo_tz marr5'>(GMT+02:00)<\/span><\/p>\n\t\t<\/div>\n\t<\/div><\/div><div id='event_location' class='evocard_box location' data-c='' \n\t\t\t\t\tstyle=''><div class='evcal_evdata_row evo_metarow_time_location evorow '>\n\t\t\n\t\t\t<span class='evcal_evdata_icons'><i class='fa fa-map-marker'><\/i><\/span>\n\t\t\t<div class='evcal_evdata_cell' data-loc_tax_id='32'><h3 class='evo_h3 evodfx'><span class='evcal_evdata_icons'><i class='fa fa-map-marker'><\/i><\/span>Ort<\/h3><p class='evo_location_name'>Pampeago<\/p><p class='evo_location_address evodfxi evogap10'>Localit\u00e0 Pampeago, 8, 38038 Tesero TN<\/p><div class='padt10'><span class='evo_btn_arr evolb_trigger' data-lbvals=\"{&quot;lbc&quot;:&quot;evo_location_lb_32&quot;,&quot;lbac&quot;:&quot;lb_max&quot;,&quot;t&quot;:&quot;Pampeago&quot;,&quot;ajax&quot;:&quot;yes&quot;,&quot;ajax_type&quot;:&quot;endpoint&quot;,&quot;ajax_action&quot;:&quot;eventon_get_tax_card_content&quot;,&quot;end&quot;:&quot;client&quot;,&quot;d&quot;:{&quot;lang&quot;:&quot;L2&quot;,&quot;term_id&quot;:32,&quot;tax&quot;:&quot;event_location&quot;,&quot;load_lbcontent&quot;:true},&quot;uid&quot;:&quot;eventon_get_tax_card_content&quot;}\" >Other Events<i class='fa fa-chevron-right'><\/i><\/span><\/div><\/div>\n\t\t\n\t<\/div><\/div><\/div><div class='evocard_row'><div id='event_addtocal' class='evocard_box addtocal' data-c='' \n\t\t\t\t\tstyle=''><div class='evo_metarow_ICS evorow evcal_evdata_row'>\n\t\t\t<span class='evcal_evdata_icons'><i class='fa fa-calendar-o'><\/i><\/span>\n\t\t\t<div class='evcal_evdata_cell'>\n\t\t\t\t<p><a href='https:\/\/latemarium.com\/de\/export-events\/2489_3\/?nonce=7b34e59f7d' class='evo_ics_nCal' title='Zu Ihrem Kalender hinzuf\u00fcgen'>Kalender<\/a><a href='https:\/\/www.google.com\/calendar\/event?action=TEMPLATE&text=Respirart%3A+Kunst+und+Natur&dates=20260714T073000Z%2F20260714T215900Z&ctz=Europe%2FRome&details=Respirart: Kunst und Natur&location=Pampeago+Localit%C3%A0+Pampeago%2C+8%2C+38038+Tesero+TN' target='_blank' class='evo_ics_gCal' title='Zu Google Kalender hinzuf\u00fcgen'>GoogleCal<\/a><\/p>\t\n\t\t\t<\/div>\n\t\t<\/div><\/div><\/div><div class='evocard_row'><div id='event_repeats' class='evocard_box repeats' data-c='' \n\t\t\t\t\tstyle=''><div class='evo_metarow_repeats evorow evcal_evdata_row evcal_evrow_sm '>\n\t\t<span class='evcal_evdata_icons'><i class='fa fa-repeat'><\/i><\/span>\n\t\t<div class='evcal_evdata_cell'>\t\t\t\t\t\t\t\n\t\t\t<h3 class='evo_h3'>Zeitplan f\u00fcr k\u00fcnftige Veranstaltungen dieser Veranstaltungsreihe<\/h3><div class='evo_elm_HCS evo_repeat_series' style=''><span class='evo_elmHCS_nav HCSnavL evo_repeat_series content_slide_trig'><i class='fa fa-chevron-left'><\/i><\/span><span class='evo_elmHCS_nav HCSnavR evo_repeat_series content_slide_trig'><i class='fa fa-chevron-right'><\/i><\/span><div class='evo_elm_HCS_in'><div class='evo_repeat_series_dates clickable evodfx evofx_dr_r evogap10' data-click='1' data-event_url='https:\/\/latemarium.com\/de\/events\/respirart-kunst-und-natur\/var\/ri-3.l-L2'><span class='evo_repeat_series_date evodfx evofx_dr_r evofx_ai_c evogap5 evobr15 evobrdB1 evocl1 evopad15 evottu evofz14 evocurp evo_trans_sc1_03 evoHbgcw' data-ux=\"def\" data-l=\"https:\/\/latemarium.com\/de\/events\/respirart-kunst-und-natur\/var\/ri-4.l-L2\" ><span class='evodfx evofx_dr_c evotac evofx_jc_c'><b class='j evofz16'>21<\/b><b class='fy'>Juli <\/b><em class='t evofsn'>09:30<\/em><\/span><\/span><span class='evo_repeat_series_date evodfx evofx_dr_r evofx_ai_c evogap5 evobr15 evobrdB1 evocl1 evopad15 evottu evofz14 evocurp evo_trans_sc1_03 evoHbgcw' data-ux=\"def\" data-l=\"https:\/\/latemarium.com\/de\/events\/respirart-kunst-und-natur\/var\/ri-5.l-L2\" ><span class='evodfx evofx_dr_c evotac evofx_jc_c'><b class='j evofz16'>28<\/b><b class='fy'>Juli <\/b><em class='t evofsn'>09:30<\/em><\/span><\/span><span class='evo_repeat_series_date evodfx evofx_dr_r evofx_ai_c evogap5 evobr15 evobrdB1 evocl1 evopad15 evottu evofz14 evocurp evo_trans_sc1_03 evoHbgcw' data-ux=\"def\" data-l=\"https:\/\/latemarium.com\/de\/events\/respirart-kunst-und-natur\/var\/ri-6.l-L2\" ><span class='evodfx evofx_dr_c evotac evofx_jc_c'><b class='j evofz16'>4<\/b><b class='fy'>August <\/b><em class='t evofsn'>09:30<\/em><\/span><\/span><span class='evo_repeat_series_date evodfx evofx_dr_r evofx_ai_c evogap5 evobr15 evobrdB1 evocl1 evopad15 evottu evofz14 evocurp evo_trans_sc1_03 evoHbgcw' data-ux=\"def\" data-l=\"https:\/\/latemarium.com\/de\/events\/respirart-kunst-und-natur\/var\/ri-7.l-L2\" ><span class='evodfx evofx_dr_c evotac evofx_jc_c'><b class='j evofz16'>11<\/b><b class='fy'>August <\/b><em class='t evofsn'>09:30<\/em><\/span><\/span><span class='evo_repeat_series_date evodfx evofx_dr_r evofx_ai_c evogap5 evobr15 evobrdB1 evocl1 evopad15 evottu evofz14 evocurp evo_trans_sc1_03 evoHbgcw' data-ux=\"def\" data-l=\"https:\/\/latemarium.com\/de\/events\/respirart-kunst-und-natur\/var\/ri-8.l-L2\" ><span class='evodfx evofx_dr_c evotac evofx_jc_c'><b class='j evofz16'>18<\/b><b class='fy'>August <\/b><em class='t evofsn'>09:30<\/em><\/span><\/span><span class='evo_repeat_series_date evodfx evofx_dr_r evofx_ai_c evogap5 evobr15 evobrdB1 evocl1 evopad15 evottu evofz14 evocurp evo_trans_sc1_03 evoHbgcw' data-ux=\"def\" data-l=\"https:\/\/latemarium.com\/de\/events\/respirart-kunst-und-natur\/var\/ri-9.l-L2\" ><span class='evodfx evofx_dr_c evotac evofx_jc_c'><b class='j evofz16'>25<\/b><b class='fy'>August <\/b><em class='t evofsn'>09:30<\/em><\/span><\/span><span class='evo_repeat_series_date evodfx evofx_dr_r evofx_ai_c evogap5 evobr15 evobrdB1 evocl1 evopad15 evottu evofz14 evocurp evo_trans_sc1_03 evoHbgcw' data-ux=\"def\" data-l=\"https:\/\/latemarium.com\/de\/events\/respirart-kunst-und-natur\/var\/ri-10.l-L2\" ><span class='evodfx evofx_dr_c evotac evofx_jc_c'><b class='j evofz16'>1<\/b><b class='fy'>September <\/b><em class='t evofsn'>09:30<\/em><\/span><\/span><span class='evo_repeat_series_date evodfx evofx_dr_r evofx_ai_c evogap5 evobr15 evobrdB1 evocl1 evopad15 evottu evofz14 evocurp evo_trans_sc1_03 evoHbgcw' data-ux=\"def\" data-l=\"https:\/\/latemarium.com\/de\/events\/respirart-kunst-und-natur\/var\/ri-11.l-L2\" ><span class='evodfx evofx_dr_c evotac evofx_jc_c'><b class='j evofz16'>8<\/b><b class='fy'>September <\/b><em class='t evofsn'>09:30<\/em><\/span><\/span><\/div><\/div><\/div><\/div><\/div><\/div><\/div><div class='evocard_row'><div id='event_getdirection' class='evocard_box getdirection' data-c='' \n\t\t\t\t\tstyle=''><div class='evo_metarow_getDr evorow evcal_evdata_row evcal_evrow_sm getdirections'>\n\t\t<form action='https:\/\/maps.google.com\/maps' method='get' target='_blank'>\n\t\t\t<input type='hidden' name='daddr' value=\"Localit\u00e0 Pampeago, 8, 38038 Tesero TN\"\/> \n\t\t\t<div class='evo_get_direction_content evo_fx_dr_r evogap10'>\n\t\t\t\t<span class='evogetdir_header evodfx evofx_dr_r evofx_ai_c marr10'>\n\t\t\t\t\t<i class='mainicon fa fa-road'><\/i> \n\t\t\t\t\t<h3 class='evo_h3' style='padding-bottom:5px;'>Wegbeschreibung abrufen<\/h3>\n\t\t\t\t<\/span>\n\t\t\t\t<span class='evogetdir_field evodfx evofx_1_1 evo_fx_dr_c evow100p'>\t\t\t\t\t\n\t\t\t\t\t<input class='evoInput evotac' type='text' name='saddr' placeholder='&quot;Geben Sie die Adresse ein' value='' style='margin:10px 0;'\/>\n\t\t\t\t<\/span>\n\t\t\t\t<button type='submit' class='evo_get_direction_button evo_btn_arr_circ dfx fx_ai_c' title='&quot;Klicken Sie hier'><i class='fa fa-chevron-right'><\/i> <\/button>\n\t\t\t<\/div>\n\t\t<\/form>\n\t<\/div><\/div><\/div><div class='evo_card_row_end evcal_close' title='Schlie\u00dfen'><\/div><\/div><div class='clear end'><\/div><\/div><div id=\"event_2856_1\" class=\"eventon_list_event evo_eventtop scheduled  event clrW no_et event_2856_1\" data-event_id=\"2856\" data-ri=\"1r\" data-time=\"1784019600-1784066340\" data-colr=\"#a69dcd\" itemscope itemtype='http:\/\/schema.org\/Event'><div class=\"evo_event_schema\" style=\"display:none\" ><a itemprop='url'  href='https:\/\/latemarium.com\/de\/events\/dort-oben-erwartet-uns-die-strasse-des-dahu-2\/var\/ri-1.l-L2'><\/a><meta itemprop='image' content=\"https:\/\/latemarium.com\/wp-content\/uploads\/2023\/06\/forse-dahu-sa.jpg\" \/><meta itemprop='startDate' content=\"2026-7-14T11:00+0:00\" \/><meta itemprop='endDate' content=\"2026-7-14T23:59+0:00\" \/><meta itemprop='eventStatus' content=\"https:\/\/schema.org\/EventScheduled\" \/><meta itemprop='eventAttendanceMode'   itemscope itemtype=\"https:\/\/schema.org\/OfflineEventAttendanceMode\"\/><script type=\"application\/ld+json\">{\"@context\": \"http:\/\/schema.org\",\"@type\": \"Event\",\n\t\t\t\t\"@id\": \"event_2856_1\",\n\t\t\t\t\"eventAttendanceMode\":\"https:\/\/schema.org\/OfflineEventAttendanceMode\",\n\t\t\t\t\"eventStatus\":\"https:\/\/schema.org\/EventScheduled\",\n\t\t\t\t\"name\": \"DORT OBEN ERWARTET UNS DIE STRASSE DES DAH\u00d9\",\n\t\t\t\t\"url\": \"https:\/\/latemarium.com\/de\/events\/dort-oben-erwartet-uns-die-strasse-des-dahu-2\/var\/ri-1.l-L2\",\n\t\t\t\t\"startDate\": \"2026-7-14T11:00+0:00\",\n\t\t\t\t\"endDate\": \"2026-7-14T23:59+0:00\",\n\t\t\t\t\"image\":\"https:\/\/latemarium.com\/wp-content\/uploads\/2023\/06\/forse-dahu-sa.jpg\", \n\t\t\t\t\"description\":\"<p>\u201eDas unerkl\u00e4rliche Gleichgewicht des Dahu f\u00fchrt die Forscher zu einer gro\u00dfen Entwicklung mit st\u00e4ndigen Perspektivwechseln: von oben nach unten, von hier nach dort\u201c.<\/p> <p>Dienstags: vom 7. Juli bis 25. August 2026<br \/> bei der Bergstation der Gondelbahn Predazzo \u2013 Gardon\u00e8<br \/> um 11.00 Uhr<br \/> F\u00fcr Familien (Dauer: 1h30\u2018)<br \/> Vorstellung auf Italienisch<\/p> <p>&nbsp;<\/p> <p>&nbsp;<\/p> \"}<\/script><\/div>\r\n\t\t\t\t<p class=\"desc_trig_outter\" style=\"\"><a data-gmap_status=\"null\" data-exlk=\"0\" style=\"background-color: #a69dcd;\" id=\"evc_17840196002856\" class=\"hasFtIMG event_repeat desc_trig sin_val evcal_list_a\" data-ux_val=\"3\" data-ux_val_mob=\"-\"  ><span class='evoet_c1 evoet_cx '><span class='ev_ftImg' data-img='https:\/\/latemarium.com\/wp-content\/uploads\/2023\/06\/forse-dahu-sa.jpg' data-thumb='https:\/\/latemarium.com\/wp-content\/uploads\/2023\/06\/forse-dahu-sa-300x204.jpg' style='background-image:url(\"https:\/\/latemarium.com\/wp-content\/uploads\/2023\/06\/forse-dahu-sa-300x204.jpg\")' ><\/span><\/span><span class='evoet_c2 evoet_cx '><span class='evoet_dayblock evcal_cblock ' data-bgcolor='#a69dcd' data-smon='Juli' data-syr='2026' data-bub=''><span class='evo_start '><em class='date'>14<\/em><em class='month'>Jul<\/em><em class='time'>11:00<\/em><\/span><\/span><\/span><span class='evoet_c3 evoet_cx evcal_desc hide_eventtopdata '><span class='evoet_title evcal_desc2 evcal_event_title ' itemprop='name'>DORT OBEN ERWARTET UNS DIE STRASSE DES DAH\u00d9<\/span><span class='event_location_attrs' data-location_type=\"lonlat\" data-location_name=\"Seilbahn Ankunft Predazzo-Gardon\u00e8\" data-location_url=\"https:\/\/latemarium.com\/de\/event-location\/seilbahn-ankunft-predazzo-gardone\/\" data-location_status=\"true\" data-latlng=\"46.32878794406342,11.600176728690842\"><\/span><span class='evoet_subtitle evo_below_title' ><span class='evcal_event_subtitle ' >auf dem Pfad des Zerstreuten Hirten<\/span><\/span><span class='evoet_time_expand level_3'><em class='evcal_time evo_tz_time'><i class='fa fa-clock-o'><\/i>11:00<span class='evo_tz marl5'>(GMT+02:00)<\/span><\/em> <\/span><span class='evoet_location level_3'><em class=\"evcal_location\"  data-latlng=\"46.32878794406342,11.600176728690842\" data-add_str=\"\" data-n=\"Seilbahn Ankunft Predazzo-Gardon\u00e8\"><i class=\"fa fa-location-pin\"><\/i><em class=\"event_location_name\">Seilbahn Ankunft Predazzo-Gardon\u00e8<\/em><\/em><\/span><\/span><span class='evoet_data' data-d=\"{&quot;loc.n&quot;:&quot;Seilbahn Ankunft Predazzo-Gardon\\u00e8&quot;,&quot;orgs&quot;:[],&quot;tags&quot;:{&quot;repeating&quot;:&quot;Repeating Event&quot;}}\" data-bgc=\"#a69dcd\" data-bggrad=\"\" ><\/span><\/a><\/p><div class='event_description evcal_eventcard ' style=\"display:none\"><div class='evocard_row'><div id='event_ftimage' class='evocard_box ftimage' data-c='' \n\t\t\t\t\tstyle=''><div class='evocard_main_image_hold' data-t='Loading Image..'><div class='evocard_main_image evo_img_triglb evobr15 evobgsc evobgpc evodfx evofx_jc_c evofx_ai_c evofz48 minmized' style='height:300px; background-image:url();' data-f=\"https:\/\/latemarium.com\/wp-content\/uploads\/2023\/06\/forse-dahu-sa.jpg\" data-h=\"587\" data-w=\"862\" data-ratio=\"0.68097447795824\" data-event_id=\"2856\" data-ri=\"1\"  data-t='Loading Image..'><span style='height:300px; background-image:url(https:\/\/latemarium.com\/wp-content\/uploads\/2023\/06\/forse-dahu-sa.jpg)'><\/span><\/div><\/div><\/div><\/div><div class='evocard_row'><div id='event_eventdetails' class='evocard_box eventdetails' data-c='' \n\t\t\t\t\tstyle=''><div class='evo_metarow_details evorow evcal_evdata_row evcal_event_details'>\n\t\t<div class=\"event_excerpt\" style=\"display:none\"><h3 class=\"padb5 evo_h3\">Details zur Veranstaltung<\/h3><p>\u201eDas unerkl\u00e4rliche Gleichgewicht des Dahu f\u00fchrt die Forscher zu einer gro\u00dfen Entwicklung mit st\u00e4ndigen Perspektivwechseln: von oben nach unten, von hier nach dort\u201c.\nDienstags: vom 7. Juli bis 25. August 2026<\/p><\/div><span class='evcal_evdata_icons'><i class='fa fa-align-justify'><\/i><\/span>\n\t\t\n\t\t<div class='evcal_evdata_cell '>\n\t\t\t<div class='eventon_full_description'>\n\t\t\t\t<h3 class='padb5 evo_h3'><span class='evcal_evdata_icons'><i class='fa fa-align-justify'><\/i><\/span>Details zur Veranstaltung<\/h3>\n\t\t\t\t<div class='eventon_desc_in' itemprop='description'>\n\t\t\t\t<p>\u201eDas unerkl\u00e4rliche Gleichgewicht des Dahu f\u00fchrt die Forscher zu einer gro\u00dfen Entwicklung mit st\u00e4ndigen Perspektivwechseln: von oben nach unten, von hier nach dort\u201c.<\/p>\n<p>Dienstags: vom 7. Juli bis 25. August 2026<br \/>\nbei der Bergstation der Gondelbahn Predazzo \u2013 Gardon\u00e8<br \/>\num 11.00 Uhr<br \/>\nF\u00fcr Familien (Dauer: 1h30\u2018)<br \/>\nVorstellung auf Italienisch<\/p>\n<p>&nbsp;<\/p>\n<p>&nbsp;<\/p>\n<\/div><div class='clear'><\/div>\n\t\t\t<\/div>\n\t\t<\/div>\n\t<\/div><\/div><\/div><div class='evocard_row bx2 bx'><div id='event_time' class='evocard_box time' data-c='' \n\t\t\t\t\tstyle=''><div class='evo_metarow_time evorow evcal_evdata_row evcal_evrow_sm '>\n\t\t<span class='evcal_evdata_icons'><i class='fa fa-clock'><\/i><\/span>\n\t\t<div class='evcal_evdata_cell'>\t\t\t\t\t\t\t\n\t\t\t<h3 class='evo_h3'><span class='evcal_evdata_icons'><i class='fa fa-clock'><\/i><\/span>Zeitplan<\/h3><p><span class='evo_eventcard_time_t'>14 Juli 2026 11:00<\/span><span class='evo_tz marr5'>(GMT+02:00)<\/span><\/p>\n\t\t<\/div>\n\t<\/div><\/div><div id='event_location' class='evocard_box location' data-c='' \n\t\t\t\t\tstyle=''><div class='evcal_evdata_row evo_metarow_time_location evorow '>\n\t\t\n\t\t\t<span class='evcal_evdata_icons'><i class='fa fa-map-marker'><\/i><\/span>\n\t\t\t<div class='evcal_evdata_cell' data-loc_tax_id='36'><h3 class='evo_h3 evodfx'><span class='evcal_evdata_icons'><i class='fa fa-map-marker'><\/i><\/span>Ort<\/h3><p class='evo_location_name'>Seilbahn Ankunft Predazzo-Gardon\u00e8<\/p><div class='padt10'><span class='evo_btn_arr evolb_trigger' data-lbvals=\"{&quot;lbc&quot;:&quot;evo_location_lb_36&quot;,&quot;lbac&quot;:&quot;lb_max&quot;,&quot;t&quot;:&quot;Seilbahn Ankunft Predazzo-Gardon\\u00e8&quot;,&quot;ajax&quot;:&quot;yes&quot;,&quot;ajax_type&quot;:&quot;endpoint&quot;,&quot;ajax_action&quot;:&quot;eventon_get_tax_card_content&quot;,&quot;end&quot;:&quot;client&quot;,&quot;d&quot;:{&quot;lang&quot;:&quot;L2&quot;,&quot;term_id&quot;:36,&quot;tax&quot;:&quot;event_location&quot;,&quot;load_lbcontent&quot;:true},&quot;uid&quot;:&quot;eventon_get_tax_card_content&quot;}\" >Other Events<i class='fa fa-chevron-right'><\/i><\/span><\/div><\/div>\n\t\t\n\t<\/div><\/div><\/div><div class='evocard_row bx2 bx'><div id='event_learnmore' class='evocard_box learnmore' data-c='' \n\t\t\t\t\tstyle=''><div class='evo_metarow_learnM evo_metarow_learnmore evorow'>\n\t\t\t\t\t\t\t<a class='evcal_evdata_row evo_clik_row ' href='https:\/\/www.montagnanimata.it\/de\/spektakel\/' target=\"_blank\">\n\t\t\t\t\t\t\t\t<span class='evcal_evdata_icons'><i class='fa fa-link'><\/i><\/span>\n\t\t\t\t\t\t\t\t<h3 class='evo_h3'>Entdecke mehr<\/h3>\n\t\t\t\t\t\t\t<\/a>\n\t\t\t\t\t\t\t<\/div><\/div><div id='event_addtocal' class='evocard_box addtocal' data-c='' \n\t\t\t\t\tstyle=''><div class='evo_metarow_ICS evorow evcal_evdata_row'>\n\t\t\t<span class='evcal_evdata_icons'><i class='fa fa-calendar-o'><\/i><\/span>\n\t\t\t<div class='evcal_evdata_cell'>\n\t\t\t\t<p><a href='https:\/\/latemarium.com\/de\/export-events\/2856_1\/?nonce=7b34e59f7d' class='evo_ics_nCal' title='Zu Ihrem Kalender hinzuf\u00fcgen'>Kalender<\/a><a href='https:\/\/www.google.com\/calendar\/event?action=TEMPLATE&text=DORT+OBEN+ERWARTET+UNS+DIE+STRASSE+DES+DAH%C3%99&dates=20260714T090000Z%2F20260714T215900Z&ctz=Europe%2FRome&details=DORT OBEN ERWARTET UNS DIE STRASSE DES DAH\u00d9&location=Seilbahn+Ankunft+Predazzo-Gardon%C3%A8' target='_blank' class='evo_ics_gCal' title='Zu Google Kalender hinzuf\u00fcgen'>GoogleCal<\/a><\/p>\t\n\t\t\t<\/div>\n\t\t<\/div><\/div><\/div><div class='evocard_row'><div id='event_getdirection' class='evocard_box getdirection' data-c='' \n\t\t\t\t\tstyle=''><div class='evo_metarow_getDr evorow evcal_evdata_row evcal_evrow_sm getdirections'>\n\t\t<form action='https:\/\/maps.google.com\/maps' method='get' target='_blank'>\n\t\t\t<input type='hidden' name='daddr' value=\"46.32878794406342,11.600176728690842\"\/> \n\t\t\t<div class='evo_get_direction_content evo_fx_dr_r evogap10'>\n\t\t\t\t<span class='evogetdir_header evodfx evofx_dr_r evofx_ai_c marr10'>\n\t\t\t\t\t<i class='mainicon fa fa-road'><\/i> \n\t\t\t\t\t<h3 class='evo_h3' style='padding-bottom:5px;'>Wegbeschreibung abrufen<\/h3>\n\t\t\t\t<\/span>\n\t\t\t\t<span class='evogetdir_field evodfx evofx_1_1 evo_fx_dr_c evow100p'>\t\t\t\t\t\n\t\t\t\t\t<input class='evoInput evotac' type='text' name='saddr' placeholder='&quot;Geben Sie die Adresse ein' value='' style='margin:10px 0;'\/>\n\t\t\t\t<\/span>\n\t\t\t\t<button type='submit' class='evo_get_direction_button evo_btn_arr_circ dfx fx_ai_c' title='&quot;Klicken Sie hier'><i class='fa fa-chevron-right'><\/i> <\/button>\n\t\t\t<\/div>\n\t\t<\/form>\n\t<\/div><\/div><\/div><div class='evo_card_row_end evcal_close' title='Schlie\u00dfen'><\/div><\/div><div class='clear end'><\/div><\/div><div id=\"event_2107_3\" class=\"eventon_list_event evo_eventtop scheduled  event clrW no_et event_2107_3\" data-event_id=\"2107\" data-ri=\"3r\" data-time=\"1784028600-1784066340\" data-colr=\"#facd05\" itemscope itemtype='http:\/\/schema.org\/Event'><div class=\"evo_event_schema\" style=\"display:none\" ><a itemprop='url'  href='https:\/\/latemarium.com\/de\/events\/mindful-latemar\/var\/ri-3.l-L2'><\/a><meta itemprop='image' content=\"https:\/\/latemarium.com\/wp-content\/uploads\/2023\/06\/\u00a9Obereggen_LatemarAG.SpA_Mindful.Latemar_Ph.Guenther.Pichler_06.jpg\" \/><meta itemprop='startDate' content=\"2026-7-14T13:30+0:00\" \/><meta itemprop='endDate' content=\"2026-7-14T23:59+0:00\" \/><meta itemprop='eventStatus' content=\"https:\/\/schema.org\/EventScheduled\" \/><meta itemprop='eventAttendanceMode'   itemscope itemtype=\"https:\/\/schema.org\/OfflineEventAttendanceMode\"\/><div style=\"display:none\" itemprop=\"location\" itemscope itemtype=\"http:\/\/schema.org\/Place\"><span itemprop=\"name\">Talstation Obereggen<\/span><span itemprop=\"address\" itemscope itemtype=\"http:\/\/schema.org\/PostalAddress\"><item itemprop=\"streetAddress\">Obereggen 16 I-39050 Deutschnofen (BZ)<\/item><\/span><\/div><script type=\"application\/ld+json\">{\"@context\": \"http:\/\/schema.org\",\"@type\": \"Event\",\n\t\t\t\t\"@id\": \"event_2107_3\",\n\t\t\t\t\"eventAttendanceMode\":\"https:\/\/schema.org\/OfflineEventAttendanceMode\",\n\t\t\t\t\"eventStatus\":\"https:\/\/schema.org\/EventScheduled\",\n\t\t\t\t\"name\": \"Mindful.Latemar\",\n\t\t\t\t\"url\": \"https:\/\/latemarium.com\/de\/events\/mindful-latemar\/var\/ri-3.l-L2\",\n\t\t\t\t\"startDate\": \"2026-7-14T13:30+0:00\",\n\t\t\t\t\"endDate\": \"2026-7-14T23:59+0:00\",\n\t\t\t\t\"image\":\"https:\/\/latemarium.com\/wp-content\/uploads\/2023\/06\/\u00a9Obereggen_LatemarAG.SpA_Mindful.Latemar_Ph.Guenther.Pichler_06.jpg\", \n\t\t\t\t\"description\":\"<p>Mindful.Latemar befindet sich in Obereggen entlang des <strong>Rundweges auf dem Golfrion<\/strong>, am Fu\u00dfe der Dolomiten auf 1872 Metern Meeresh\u00f6he.<\/p> <p>Der Weg beinhaltet <strong>18 verschiedene Mindfulness-\u00dcbungen<\/strong> an einem besonderen Ort, der nach dem Sturm Vaia im November 2018 ein Beispiel f\u00fcr Best\u00e4ndigkeit und Resilienz wurde.<\/p> <h3 class='wysiwyg__subline'>Dr. Thomas Bernagozzi begleitet dich immer dienstags:<\/h3> <div class='wysiwyg__description'> <p>von 13.30 bis 15.30 Uhr (auf Deutsch )<br \/> von 15.45 bis 17.45 Uhr (auf Italienisch)<\/p> <ul> <li>Treffpunkt: Talstation der Kabinenbahn &#8220;Obereggen-Ochsenweide&#8221;<\/li> <li>Kosten: 30 Euro inklusive der Berg- und Talfahrt<\/li> <li>Anmeldung online:\u00a0<a href='https:\/\/eggental.com\/de\/ajax-events#11944' target='_blank' rel='noopener'><strong><u>Eggental Tourismus<\/u><\/strong><\/a>\u00a0(max. 10 Personen)<\/li> <\/ul> <\/div> \",\"location\":[{\"@type\":\"Place\",\"name\":\"Talstation Obereggen\",\"address\":{\"@type\": \"PostalAddress\",\"streetAddress\":\"Obereggen 16 I-39050 Deutschnofen (BZ)\"}}]}<\/script><\/div>\r\n\t\t\t\t<p class=\"desc_trig_outter\" style=\"\"><a data-gmtrig=\"1\" data-exlk=\"0\" style=\"background-color: #facd05;\" id=\"evc_17840286002107\" class=\"hasFtIMG event_repeat desc_trig sin_val evcal_list_a\" data-ux_val=\"3\" data-ux_val_mob=\"-\"  ><span class='evoet_c1 evoet_cx '><span class='ev_ftImg' data-img='https:\/\/latemarium.com\/wp-content\/uploads\/2023\/06\/\u00a9Obereggen_LatemarAG.SpA_Mindful.Latemar_Ph.Guenther.Pichler_06.jpg' data-thumb='https:\/\/latemarium.com\/wp-content\/uploads\/2023\/06\/\u00a9Obereggen_LatemarAG.SpA_Mindful.Latemar_Ph.Guenther.Pichler_06-300x169.jpg' style='background-image:url(\"https:\/\/latemarium.com\/wp-content\/uploads\/2023\/06\/\u00a9Obereggen_LatemarAG.SpA_Mindful.Latemar_Ph.Guenther.Pichler_06-300x169.jpg\")' ><\/span><\/span><span class='evoet_c2 evoet_cx '><span class='evoet_dayblock evcal_cblock ' data-bgcolor='#facd05' data-smon='Juli' data-syr='2026' data-bub=''><span class='evo_start '><em class='date'>14<\/em><em class='month'>Jul<\/em><em class='time'>13:30<\/em><\/span><\/span><\/span><span class='evoet_c3 evoet_cx evcal_desc hide_eventtopdata '><span class='evoet_title evcal_desc2 evcal_event_title ' itemprop='name'>Mindful.Latemar<\/span><span class='event_location_attrs'  data-location_address=\"Obereggen 16 I-39050 Deutschnofen (BZ)\" data-location_type=\"lonlat\" data-location_name=\"Talstation Obereggen\" data-location_url=\"https:\/\/latemarium.com\/de\/event-location\/talstation-obereggen\/\" data-location_status=\"true\" data-latlng=\"46.3835808246333,11.52667595881786\"><\/span><span class='evoet_subtitle evo_below_title' ><span class='evcal_event_subtitle ' >Mindful.Latemar ist der erste immersive Achtsamkeitspfad in den Alpen.<\/span><\/span><span class='evoet_time_expand level_3'><em class='evcal_time evo_tz_time'><i class='fa fa-clock-o'><\/i>13:30<span class='evo_tz marl5'>(GMT+02:00)<\/span><\/em> <\/span><span class='evoet_location level_3'><em class=\"evcal_location\"  data-latlng=\"46.3835808246333,11.52667595881786\" data-add_str=\"Obereggen 16 I-39050 Deutschnofen (BZ)\" data-n=\"Talstation Obereggen\"><i class=\"fa fa-location-pin\"><\/i><em class=\"event_location_name\">Talstation Obereggen<\/em>, Obereggen 16 I-39050 Deutschnofen (BZ)<\/em><\/span><\/span><span class='evoet_data' data-d=\"{&quot;loc.n&quot;:&quot;Talstation Obereggen&quot;,&quot;orgs&quot;:[],&quot;tags&quot;:{&quot;repeating&quot;:&quot;Repeating Event&quot;}}\" data-bgc=\"#facd05\" data-bggrad=\"\" ><\/span><\/a><\/p><div class='event_description evcal_eventcard ' style=\"display:none\"><div class='evocard_row'><div id='event_ftimage' class='evocard_box ftimage' data-c='' \n\t\t\t\t\tstyle=''><div class='evocard_main_image_hold' data-t='Loading Image..'><div class='evocard_main_image evo_img_triglb evobr15 evobgsc evobgpc evodfx evofx_jc_c evofx_ai_c evofz48 minmized' style='height:300px; background-image:url();' data-f=\"https:\/\/latemarium.com\/wp-content\/uploads\/2023\/06\/\u00a9Obereggen_LatemarAG.SpA_Mindful.Latemar_Ph.Guenther.Pichler_06.jpg\" data-h=\"812\" data-w=\"1445\" data-ratio=\"0.56193771626298\" data-event_id=\"2107\" data-ri=\"3\"  data-t='Loading Image..'><span style='height:300px; background-image:url(https:\/\/latemarium.com\/wp-content\/uploads\/2023\/06\/\u00a9Obereggen_LatemarAG.SpA_Mindful.Latemar_Ph.Guenther.Pichler_06.jpg)'><\/span><\/div><\/div><\/div><\/div><div class='evocard_row'><div id='event_eventdetails' class='evocard_box eventdetails' data-c='' \n\t\t\t\t\tstyle=''><div class='evo_metarow_details evorow evcal_evdata_row evcal_event_details'>\n\t\t<div class=\"event_excerpt\" style=\"display:none\"><h3 class=\"padb5 evo_h3\">Details zur Veranstaltung<\/h3><p>Mindful.Latemar befindet sich in Obereggen entlang des Rundweges auf dem Golfrion, am Fu\u00dfe der Dolomiten auf 1872 Metern Meeresh\u00f6he.\nDer Weg beinhaltet 18 verschiedene Mindfulness-\u00dcbungen an einem besonderen Ort, der nach<\/p><\/div><span class='evcal_evdata_icons'><i class='fa fa-align-justify'><\/i><\/span>\n\t\t\n\t\t<div class='evcal_evdata_cell shorter_desc'>\n\t\t\t<div class='eventon_full_description'>\n\t\t\t\t<h3 class='padb5 evo_h3'><span class='evcal_evdata_icons'><i class='fa fa-align-justify'><\/i><\/span>Details zur Veranstaltung<\/h3>\n\t\t\t\t<div class='eventon_desc_in' itemprop='description'>\n\t\t\t\t<p>Mindful.Latemar befindet sich in Obereggen entlang des <strong>Rundweges auf dem Golfrion<\/strong>, am Fu\u00dfe der Dolomiten auf 1872 Metern Meeresh\u00f6he.<\/p>\n<p>Der Weg beinhaltet <strong>18 verschiedene Mindfulness-\u00dcbungen<\/strong> an einem besonderen Ort, der nach dem Sturm Vaia im November 2018 ein Beispiel f\u00fcr Best\u00e4ndigkeit und Resilienz wurde.<\/p>\n<h3 class=\"wysiwyg__subline\">Dr. Thomas Bernagozzi begleitet dich immer dienstags:<\/h3>\n<div class=\"wysiwyg__description\">\n<p>von 13.30 bis 15.30 Uhr (auf Deutsch )<br \/>\nvon 15.45 bis 17.45 Uhr (auf Italienisch)<\/p>\n<ul>\n<li>Treffpunkt: Talstation der Kabinenbahn &#8220;Obereggen-Ochsenweide&#8221;<\/li>\n<li>Kosten: 30 Euro inklusive der Berg- und Talfahrt<\/li>\n<li>Anmeldung online:\u00a0<a href=\"https:\/\/eggental.com\/de\/ajax-events#11944\" target=\"_blank\" rel=\"noopener\"><strong><u>Eggental Tourismus<\/u><\/strong><\/a>\u00a0(max. 10 Personen)<\/li>\n<\/ul>\n<\/div>\n<\/div><p class='eventon_shad_p' style='padding:5px 0 0; margin:0'>\n\t\t\t<span class='evcal_btn evo_btn_secondary evobtn_details_show_more' content='less'>\n\t\t\t\t<span class='ev_more_text' data-txt='Weniger'>Mehr<\/span><span class='ev_more_arrow ard'><\/span>\n\t\t\t<\/span>\n\t\t<\/p><div class='clear'><\/div>\n\t\t\t<\/div>\n\t\t<\/div>\n\t<\/div><\/div><\/div><div class='evocard_row bx2 bx'><div id='event_time' class='evocard_box time' data-c='' \n\t\t\t\t\tstyle=''><div class='evo_metarow_time evorow evcal_evdata_row evcal_evrow_sm '>\n\t\t<span class='evcal_evdata_icons'><i class='fa fa-clock'><\/i><\/span>\n\t\t<div class='evcal_evdata_cell'>\t\t\t\t\t\t\t\n\t\t\t<h3 class='evo_h3'><span class='evcal_evdata_icons'><i class='fa fa-clock'><\/i><\/span>Zeitplan<\/h3><p><span class='evo_eventcard_time_t'>14 Juli 2026 13:30<\/span><span class='evo_tz marr5'>(GMT+02:00)<\/span><\/p>\n\t\t<\/div>\n\t<\/div><\/div><div id='event_location' class='evocard_box location' data-c='' \n\t\t\t\t\tstyle=''><div class='evcal_evdata_row evo_metarow_time_location evorow '>\n\t\t\n\t\t\t<span class='evcal_evdata_icons'><i class='fa fa-map-marker'><\/i><\/span>\n\t\t\t<div class='evcal_evdata_cell' data-loc_tax_id='23'><h3 class='evo_h3 evodfx'><span class='evcal_evdata_icons'><i class='fa fa-map-marker'><\/i><\/span>Ort<\/h3><p class='evo_location_name'>Talstation Obereggen<\/p><p class='evo_location_address evodfxi evogap10'>Obereggen 16 I-39050 Deutschnofen (BZ)<\/p><div class='padt10'><span class='evo_btn_arr evolb_trigger' data-lbvals=\"{&quot;lbc&quot;:&quot;evo_location_lb_23&quot;,&quot;lbac&quot;:&quot;lb_max&quot;,&quot;t&quot;:&quot;Talstation Obereggen&quot;,&quot;ajax&quot;:&quot;yes&quot;,&quot;ajax_type&quot;:&quot;endpoint&quot;,&quot;ajax_action&quot;:&quot;eventon_get_tax_card_content&quot;,&quot;end&quot;:&quot;client&quot;,&quot;d&quot;:{&quot;lang&quot;:&quot;L2&quot;,&quot;term_id&quot;:23,&quot;tax&quot;:&quot;event_location&quot;,&quot;load_lbcontent&quot;:true},&quot;uid&quot;:&quot;eventon_get_tax_card_content&quot;}\" >Other Events<i class='fa fa-chevron-right'><\/i><\/span><\/div><\/div>\n\t\t\n\t<\/div><\/div><\/div><div class='evocard_row bx2 bx'><div id='event_learnmore' class='evocard_box learnmore' data-c='' \n\t\t\t\t\tstyle=''><div class='evo_metarow_learnM evo_metarow_learnmore evorow'>\n\t\t\t\t\t\t\t<a class='evcal_evdata_row evo_clik_row ' href='https:\/\/obereggen.com\/de\/mindfullatemar' target=\"_blank\">\n\t\t\t\t\t\t\t\t<span class='evcal_evdata_icons'><i class='fa fa-link'><\/i><\/span>\n\t\t\t\t\t\t\t\t<h3 class='evo_h3'>Entdecke mehr<\/h3>\n\t\t\t\t\t\t\t<\/a>\n\t\t\t\t\t\t\t<\/div><\/div><div id='event_addtocal' class='evocard_box addtocal' data-c='' \n\t\t\t\t\tstyle=''><div class='evo_metarow_ICS evorow evcal_evdata_row'>\n\t\t\t<span class='evcal_evdata_icons'><i class='fa fa-calendar-o'><\/i><\/span>\n\t\t\t<div class='evcal_evdata_cell'>\n\t\t\t\t<p><a href='https:\/\/latemarium.com\/de\/export-events\/2107_3\/?nonce=7b34e59f7d' class='evo_ics_nCal' title='Zu Ihrem Kalender hinzuf\u00fcgen'>Kalender<\/a><a href='https:\/\/www.google.com\/calendar\/event?action=TEMPLATE&text=Mindful.Latemar&dates=20260714T113000Z%2F20260714T215900Z&ctz=Europe%2FRome&details=Mindful.Latemar&location=Talstation+Obereggen+Obereggen+16+I-39050+Deutschnofen+%28BZ%29' target='_blank' class='evo_ics_gCal' title='Zu Google Kalender hinzuf\u00fcgen'>GoogleCal<\/a><\/p>\t\n\t\t\t<\/div>\n\t\t<\/div><\/div><\/div><div class='evocard_row'><div id='event_getdirection' class='evocard_box getdirection' data-c='' \n\t\t\t\t\tstyle=''><div class='evo_metarow_getDr evorow evcal_evdata_row evcal_evrow_sm getdirections'>\n\t\t<form action='https:\/\/maps.google.com\/maps' method='get' target='_blank'>\n\t\t\t<input type='hidden' name='daddr' value=\"46.3835808246333,11.52667595881786\"\/> \n\t\t\t<div class='evo_get_direction_content evo_fx_dr_r evogap10'>\n\t\t\t\t<span class='evogetdir_header evodfx evofx_dr_r evofx_ai_c marr10'>\n\t\t\t\t\t<i class='mainicon fa fa-road'><\/i> \n\t\t\t\t\t<h3 class='evo_h3' style='padding-bottom:5px;'>Wegbeschreibung abrufen<\/h3>\n\t\t\t\t<\/span>\n\t\t\t\t<span class='evogetdir_field evodfx evofx_1_1 evo_fx_dr_c evow100p'>\t\t\t\t\t\n\t\t\t\t\t<input class='evoInput evotac' type='text' name='saddr' placeholder='&quot;Geben Sie die Adresse ein' value='' style='margin:10px 0;'\/>\n\t\t\t\t<\/span>\n\t\t\t\t<button type='submit' class='evo_get_direction_button evo_btn_arr_circ dfx fx_ai_c' title='&quot;Klicken Sie hier'><i class='fa fa-chevron-right'><\/i> <\/button>\n\t\t\t<\/div>\n\t\t<\/form>\n\t<\/div><\/div><\/div><div class='evo_card_row_end evcal_close' title='Schlie\u00dfen'><\/div><\/div><div class='clear end'><\/div><\/div><div id=\"event_2684_1\" class=\"eventon_list_event evo_eventtop scheduled  event clrD event_2684_1\" data-event_id=\"2684\" data-ri=\"1r\" data-time=\"1784034000-1784039400\" data-colr=\"#ba181d\" itemscope itemtype='http:\/\/schema.org\/Event'><div class=\"evo_event_schema\" style=\"display:none\" ><a itemprop='url'  href='https:\/\/latemarium.com\/de\/events\/respirart-kleine-bergschmankerl-kochworkshop\/var\/ri-1.l-L2'><\/a><meta itemprop='image' content=\"https:\/\/latemarium.com\/wp-content\/uploads\/2019\/06\/Weigler_Schupf_Kaiserschmarren_2.jpg\" \/><meta itemprop='startDate' content=\"2026-7-14T15:00+0:00\" \/><meta itemprop='endDate' content=\"2026-7-14T16:30+0:00\" \/><meta itemprop='eventStatus' content=\"https:\/\/schema.org\/EventScheduled\" \/><meta itemprop='eventAttendanceMode'   itemscope itemtype=\"https:\/\/schema.org\/OfflineEventAttendanceMode\"\/><div style=\"display:none\" itemprop=\"location\" itemscope itemtype=\"http:\/\/schema.org\/Place\"><span itemprop=\"name\">Bergh\u00fctte Monte Agnello<\/span><span itemprop=\"address\" itemscope itemtype=\"http:\/\/schema.org\/PostalAddress\"><item itemprop=\"streetAddress\">Loc. Pampeago, 9, 38038 Tesero TN<\/item><\/span><\/div><script type=\"application\/ld+json\">{\"@context\": \"http:\/\/schema.org\",\"@type\": \"Event\",\n\t\t\t\t\"@id\": \"event_2684_1\",\n\t\t\t\t\"eventAttendanceMode\":\"https:\/\/schema.org\/OfflineEventAttendanceMode\",\n\t\t\t\t\"eventStatus\":\"https:\/\/schema.org\/EventScheduled\",\n\t\t\t\t\"name\": \"Respirart: Kleine Bergschmankerl, Kochworkshop.\",\n\t\t\t\t\"url\": \"https:\/\/latemarium.com\/de\/events\/respirart-kleine-bergschmankerl-kochworkshop\/var\/ri-1.l-L2\",\n\t\t\t\t\"startDate\": \"2026-7-14T15:00+0:00\",\n\t\t\t\t\"endDate\": \"2026-7-14T16:30+0:00\",\n\t\t\t\t\"image\":\"https:\/\/latemarium.com\/wp-content\/uploads\/2019\/06\/Weigler_Schupf_Kaiserschmarren_2.jpg\", \n\t\t\t\t\"description\":\"<p>Wir werden G\u00e4ste der Monte-Agnello-H\u00fctte sein, um von uns neu erfundene Bergspezialit\u00e4ten zuzubereiten, zu kochen und zu genie\u00dfen. Der Workshop ist f\u00fcr die Kleinen, aber Mama und Papa werden bereit sein, mit Stift f\u00fcr Notizen und Gabel zum Probieren!<\/p> <p><strong>Kostenlose Aktivit\u00e4t<\/strong>, begrenzte Teilnehmerzahl, geeignet f\u00fcr Kinder von 5 bis 12 Jahren.<\/p> <p><strong>Info und Reservierung<\/strong>: +39 0462 813265<\/p> \",\"location\":[{\"@type\":\"Place\",\"name\":\"Bergh\u00fctte Monte Agnello\",\"address\":{\"@type\": \"PostalAddress\",\"streetAddress\":\"Loc. Pampeago, 9, 38038 Tesero TN\"}}]}<\/script><\/div>\r\n\t\t\t\t<p class=\"desc_trig_outter\" style=\"\"><a data-gmtrig=\"1\" data-exlk=\"0\" style=\"background-color: #ba181d;\" id=\"evc_17840340002684\" class=\"hasFtIMG event_repeat desc_trig sin_val evcal_list_a\" data-ux_val=\"3\" data-ux_val_mob=\"-\"  ><span class='evoet_c1 evoet_cx '><span class='ev_ftImg' data-img='https:\/\/latemarium.com\/wp-content\/uploads\/2019\/06\/Weigler_Schupf_Kaiserschmarren_2.jpg' data-thumb='https:\/\/latemarium.com\/wp-content\/uploads\/2019\/06\/Weigler_Schupf_Kaiserschmarren_2-300x202.jpg' style='background-image:url(\"https:\/\/latemarium.com\/wp-content\/uploads\/2019\/06\/Weigler_Schupf_Kaiserschmarren_2-300x202.jpg\")' ><\/span><\/span><span class='evoet_c2 evoet_cx '><span class='evoet_dayblock evcal_cblock ' data-bgcolor='#ba181d' data-smon='Juli' data-syr='2026' data-bub=''><span class='evo_start '><em class='date'>14<\/em><em class='month'>Jul<\/em><em class='time'>15:00<\/em><\/span><span class='evo_end only_time'><em class='time'>16:30<\/em><\/span><\/span><\/span><span class='evoet_c3 evoet_cx evcal_desc hide_eventtopdata '><span class='evoet_title evcal_desc2 evcal_event_title ' itemprop='name'>Respirart: Kleine Bergschmankerl, Kochworkshop.<\/span><span class='event_location_attrs'  data-location_address=\"Loc. Pampeago, 9, 38038 Tesero TN\" data-location_type=\"lonlat\" data-location_name=\"Bergh\u00fctte Monte Agnello\" data-location_url=\"https:\/\/latemarium.com\/de\/event-location\/berghuette-monte-agnello\/\" data-location_status=\"true\" data-latlng=\"46.333809095680266,11.547693182509184\"><\/span><span class='evoet_subtitle evo_below_title' ><span class='evcal_event_subtitle ' >MONTE AGNELLO H\u00dcTTE<\/span><\/span><span class='evoet_time_expand level_3'><em class='evcal_time evo_tz_time'><i class='fa fa-clock-o'><\/i>15:00 - 16:30<span class='evo_tz marl5'>(GMT+02:00)<\/span><\/em> <\/span><span class='evoet_location level_3'><em class=\"evcal_location\"  data-latlng=\"46.333809095680266,11.547693182509184\" data-add_str=\"Loc. Pampeago, 9, 38038 Tesero TN\" data-n=\"Bergh\u00fctte Monte Agnello\"><i class=\"fa fa-location-pin\"><\/i><em class=\"event_location_name\">Bergh\u00fctte Monte Agnello<\/em>, Loc. Pampeago, 9, 38038 Tesero TN<\/em><\/span><\/span><span class='evoet_data' data-d=\"{&quot;loc.n&quot;:&quot;Bergh\\u00fctte Monte Agnello&quot;,&quot;orgs&quot;:[],&quot;tags&quot;:{&quot;repeating&quot;:&quot;Repeating Event&quot;}}\" data-bgc=\"#ba181d\" data-bggrad=\"\" ><\/span><\/a><\/p><div class='event_description evcal_eventcard ' style=\"display:none\"><div class='evocard_row'><div id='event_ftimage' class='evocard_box ftimage' data-c='' \n\t\t\t\t\tstyle=''><div class='evocard_main_image_hold' data-t='Loading Image..'><div class='evocard_main_image evo_img_triglb evobr15 evobgsc evobgpc evodfx evofx_jc_c evofx_ai_c evofz48 minmized' style='height:300px; background-image:url();' data-f=\"https:\/\/latemarium.com\/wp-content\/uploads\/2019\/06\/Weigler_Schupf_Kaiserschmarren_2.jpg\" data-h=\"3840\" data-w=\"5695\" data-ratio=\"0.67427568042142\" data-event_id=\"2684\" data-ri=\"1\"  data-t='Loading Image..'><span style='height:300px; background-image:url(https:\/\/latemarium.com\/wp-content\/uploads\/2019\/06\/Weigler_Schupf_Kaiserschmarren_2.jpg)'><\/span><\/div><\/div><\/div><\/div><div class='evocard_row'><div id='event_eventdetails' class='evocard_box eventdetails' data-c='' \n\t\t\t\t\tstyle=''><div class='evo_metarow_details evorow evcal_evdata_row evcal_event_details'>\n\t\t<div class=\"event_excerpt\" style=\"display:none\"><h3 class=\"padb5 evo_h3\">Details zur Veranstaltung<\/h3><p>Wir werden G\u00e4ste der Monte-Agnello-H\u00fctte sein, um von uns neu erfundene Bergspezialit\u00e4ten zuzubereiten, zu kochen und zu genie\u00dfen. Der Workshop ist f\u00fcr die Kleinen, aber Mama und Papa werden bereit<\/p><\/div><span class='evcal_evdata_icons'><i class='fa fa-align-justify'><\/i><\/span>\n\t\t\n\t\t<div class='evcal_evdata_cell '>\n\t\t\t<div class='eventon_full_description'>\n\t\t\t\t<h3 class='padb5 evo_h3'><span class='evcal_evdata_icons'><i class='fa fa-align-justify'><\/i><\/span>Details zur Veranstaltung<\/h3>\n\t\t\t\t<div class='eventon_desc_in' itemprop='description'>\n\t\t\t\t<p>Wir werden G\u00e4ste der Monte-Agnello-H\u00fctte sein, um von uns neu erfundene Bergspezialit\u00e4ten zuzubereiten, zu kochen und zu genie\u00dfen. Der Workshop ist f\u00fcr die Kleinen, aber Mama und Papa werden bereit sein, mit Stift f\u00fcr Notizen und Gabel zum Probieren!<\/p>\n<p><strong>Kostenlose Aktivit\u00e4t<\/strong>, begrenzte Teilnehmerzahl, geeignet f\u00fcr Kinder von 5 bis 12 Jahren.<\/p>\n<p><strong>Info und Reservierung<\/strong>: +39 0462 813265<\/p>\n<\/div><div class='clear'><\/div>\n\t\t\t<\/div>\n\t\t<\/div>\n\t<\/div><\/div><\/div><div class='evocard_row bx2 bx'><div id='event_time' class='evocard_box time' data-c='' \n\t\t\t\t\tstyle=''><div class='evo_metarow_time evorow evcal_evdata_row evcal_evrow_sm '>\n\t\t<span class='evcal_evdata_icons'><i class='fa fa-clock'><\/i><\/span>\n\t\t<div class='evcal_evdata_cell'>\t\t\t\t\t\t\t\n\t\t\t<h3 class='evo_h3'><span class='evcal_evdata_icons'><i class='fa fa-clock'><\/i><\/span>Zeitplan<\/h3><p><span class='evo_eventcard_time_t'>14 Juli 2026 15:00 - 16:30<\/span><span class='evo_tz marr5'>(GMT+02:00)<\/span><\/p>\n\t\t<\/div>\n\t<\/div><\/div><div id='event_location' class='evocard_box location' data-c='' \n\t\t\t\t\tstyle=''><div class='evcal_evdata_row evo_metarow_time_location evorow '>\n\t\t\n\t\t\t<span class='evcal_evdata_icons'><i class='fa fa-map-marker'><\/i><\/span>\n\t\t\t<div class='evcal_evdata_cell' data-loc_tax_id='25'><h3 class='evo_h3 evodfx'><span class='evcal_evdata_icons'><i class='fa fa-map-marker'><\/i><\/span><a target=\"_blank\" href=\"https:\/\/www.facebook.com\/profile.php?id=100064742944609\">Ort<\/a><\/h3><p class='evo_location_name'><a target=\"_blank\" href=\"https:\/\/www.facebook.com\/profile.php?id=100064742944609\">Bergh\u00fctte Monte Agnello<\/a><\/p><p class='evo_location_address evodfxi evogap10'><a target=\"_blank\" href=\"https:\/\/www.facebook.com\/profile.php?id=100064742944609\">Loc. Pampeago, 9, 38038 Tesero TN<\/a><\/p><div class='padt10'><span class='evo_btn_arr evolb_trigger' data-lbvals=\"{&quot;lbc&quot;:&quot;evo_location_lb_25&quot;,&quot;lbac&quot;:&quot;lb_max&quot;,&quot;t&quot;:&quot;Bergh\\u00fctte Monte Agnello&quot;,&quot;ajax&quot;:&quot;yes&quot;,&quot;ajax_type&quot;:&quot;endpoint&quot;,&quot;ajax_action&quot;:&quot;eventon_get_tax_card_content&quot;,&quot;end&quot;:&quot;client&quot;,&quot;d&quot;:{&quot;lang&quot;:&quot;L2&quot;,&quot;term_id&quot;:25,&quot;tax&quot;:&quot;event_location&quot;,&quot;load_lbcontent&quot;:true},&quot;uid&quot;:&quot;eventon_get_tax_card_content&quot;}\" >Other Events<i class='fa fa-chevron-right'><\/i><\/span><\/div><\/div>\n\t\t\n\t<\/div><\/div><\/div><div class='evocard_row'><div id='event_addtocal' class='evocard_box addtocal' data-c='' \n\t\t\t\t\tstyle=''><div class='evo_metarow_ICS evorow evcal_evdata_row'>\n\t\t\t<span class='evcal_evdata_icons'><i class='fa fa-calendar-o'><\/i><\/span>\n\t\t\t<div class='evcal_evdata_cell'>\n\t\t\t\t<p><a href='https:\/\/latemarium.com\/de\/export-events\/2684_1\/?nonce=7b34e59f7d' class='evo_ics_nCal' title='Zu Ihrem Kalender hinzuf\u00fcgen'>Kalender<\/a><a href='https:\/\/www.google.com\/calendar\/event?action=TEMPLATE&text=Respirart%3A+Kleine+Bergschmankerl%2C+Kochworkshop.&dates=20260714T130000Z%2F20260714T143000Z&ctz=Europe%2FRome&details=Respirart: Kleine Bergschmankerl, Kochworkshop.&location=Bergh%C3%BCtte+Monte+Agnello+Loc.+Pampeago%2C+9%2C+38038+Tesero+TN' target='_blank' class='evo_ics_gCal' title='Zu Google Kalender hinzuf\u00fcgen'>GoogleCal<\/a><\/p>\t\n\t\t\t<\/div>\n\t\t<\/div><\/div><\/div><div class='evocard_row'><div id='event_getdirection' class='evocard_box getdirection' data-c='' \n\t\t\t\t\tstyle=''><div class='evo_metarow_getDr evorow evcal_evdata_row evcal_evrow_sm getdirections'>\n\t\t<form action='https:\/\/maps.google.com\/maps' method='get' target='_blank'>\n\t\t\t<input type='hidden' name='daddr' value=\"46.333809095680266,11.547693182509184\"\/> \n\t\t\t<div class='evo_get_direction_content evo_fx_dr_r evogap10'>\n\t\t\t\t<span class='evogetdir_header evodfx evofx_dr_r evofx_ai_c marr10'>\n\t\t\t\t\t<i class='mainicon fa fa-road'><\/i> \n\t\t\t\t\t<h3 class='evo_h3' style='padding-bottom:5px;'>Wegbeschreibung abrufen<\/h3>\n\t\t\t\t<\/span>\n\t\t\t\t<span class='evogetdir_field evodfx evofx_1_1 evo_fx_dr_c evow100p'>\t\t\t\t\t\n\t\t\t\t\t<input class='evoInput evotac' type='text' name='saddr' placeholder='&quot;Geben Sie die Adresse ein' value='' style='margin:10px 0;'\/>\n\t\t\t\t<\/span>\n\t\t\t\t<button type='submit' class='evo_get_direction_button evo_btn_arr_circ dfx fx_ai_c' title='&quot;Klicken Sie hier'><i class='fa fa-chevron-right'><\/i> <\/button>\n\t\t\t<\/div>\n\t\t<\/form>\n\t<\/div><\/div><\/div><div class='evo_card_row_end evcal_close' title='Schlie\u00dfen'><\/div><\/div><div class='clear end'><\/div><\/div><div id=\"event_2184_2\" class=\"eventon_list_event evo_eventtop scheduled  event clrD no_et event_2184_2\" data-event_id=\"2184\" data-ri=\"2r\" data-time=\"1784100600-1784152740\" data-colr=\"#ba181d\" itemscope itemtype='http:\/\/schema.org\/Event'><div class=\"evo_event_schema\" style=\"display:none\" ><a itemprop='url'  href='https:\/\/latemarium.com\/de\/events\/geotrekking-torre-di-pisa\/var\/ri-2.l-L2'><\/a><meta itemprop='image' content=\"https:\/\/latemarium.com\/wp-content\/uploads\/2020\/06\/latemar-torre-di-pisa-estate-2019_ph.alice-russolo-90-scaled.jpg\" \/><meta itemprop='startDate' content=\"2026-7-15T09:30+0:00\" \/><meta itemprop='endDate' content=\"2026-7-15T23:59+0:00\" \/><meta itemprop='eventStatus' content=\"https:\/\/schema.org\/EventScheduled\" \/><meta itemprop='eventAttendanceMode'   itemscope itemtype=\"https:\/\/schema.org\/OfflineEventAttendanceMode\"\/><script type=\"application\/ld+json\">{\"@context\": \"http:\/\/schema.org\",\"@type\": \"Event\",\n\t\t\t\t\"@id\": \"event_2184_2\",\n\t\t\t\t\"eventAttendanceMode\":\"https:\/\/schema.org\/OfflineEventAttendanceMode\",\n\t\t\t\t\"eventStatus\":\"https:\/\/schema.org\/EventScheduled\",\n\t\t\t\t\"name\": \"Geotrekking Torre di Pisa\",\n\t\t\t\t\"url\": \"https:\/\/latemarium.com\/de\/events\/geotrekking-torre-di-pisa\/var\/ri-2.l-L2\",\n\t\t\t\t\"startDate\": \"2026-7-15T09:30+0:00\",\n\t\t\t\t\"endDate\": \"2026-7-15T23:59+0:00\",\n\t\t\t\t\"image\":\"https:\/\/latemarium.com\/wp-content\/uploads\/2020\/06\/latemar-torre-di-pisa-estate-2019_ph.alice-russolo-90-scaled.jpg\", \n\t\t\t\t\"description\":\"<p><strong>Spannender geologischer Ausflug in gro\u00dfer H\u00f6he<\/strong>, um das Latemar-Atoll zu entdecken, die Perle des fossilen Archipels der Dolomiten, ein UNESCO-Weltkulturerbe. Ein eindrucksvoller Rundweg, der von einem erfahrenen Geologen und Medienbergf\u00fchrer gef\u00fchrt wird. Vom Passo Feudo steigen Sie zur Schutzh\u00fctte Torre di Pisa auf, um dann in gro\u00dfer H\u00f6he bis zur Forcella dei Camosci weiterzugehen, von wo aus Sie wieder in die Tiefen des tropischen Meeres bis zum Ausgangspunkt abtauchen. Brotzeit. Mindestalter 12 Jahre.<\/p> <p>Die Route ist mittelschwer, mit gut begehbaren Wegen und kurzen, leicht ausgesetzten Abschnitten, mit einem H\u00f6henunterschied von ca. 780 Metern.<\/p> \"}<\/script><\/div>\r\n\t\t\t\t<p class=\"desc_trig_outter\" style=\"\"><a data-gmap_status=\"null\" data-exlk=\"0\" style=\"background-color: #ba181d;\" id=\"evc_17841006002184\" class=\"hasFtIMG event_repeat desc_trig sin_val evcal_list_a\" data-ux_val=\"3\" data-ux_val_mob=\"-\"  ><span class='evoet_c1 evoet_cx '><span class='ev_ftImg' data-img='https:\/\/latemarium.com\/wp-content\/uploads\/2020\/06\/latemar-torre-di-pisa-estate-2019_ph.alice-russolo-90-scaled.jpg' data-thumb='https:\/\/latemarium.com\/wp-content\/uploads\/2020\/06\/latemar-torre-di-pisa-estate-2019_ph.alice-russolo-90-300x200.jpg' style='background-image:url(\"https:\/\/latemarium.com\/wp-content\/uploads\/2020\/06\/latemar-torre-di-pisa-estate-2019_ph.alice-russolo-90-300x200.jpg\")' ><\/span><\/span><span class='evoet_c2 evoet_cx '><span class='evoet_dayblock evcal_cblock ' data-bgcolor='#ba181d' data-smon='Juli' data-syr='2026' data-bub=''><span class='evo_start '><em class='date'>15<\/em><em class='month'>Jul<\/em><em class='time'>09:30<\/em><\/span><\/span><\/span><span class='evoet_c3 evoet_cx evcal_desc hide_eventtopdata '><span class='evoet_title evcal_desc2 evcal_event_title ' itemprop='name'>Geotrekking Torre di Pisa<\/span><span class='event_location_attrs' data-location_type=\"lonlat\" data-location_name=\"A monte della seggiovia Gardon\u00e8-Passo Feudo\" data-location_url=\"https:\/\/latemarium.com\/de\/event-location\/a-monte-della-seggiovia-gardone-passo-feudo\/\" data-location_status=\"true\" data-latlng=\"46.32878794406342,11.600176728690842\"><\/span><span class='evoet_subtitle evo_below_title' ><span class='evcal_event_subtitle ' >Geotrekking Torre di Pisa<\/span><\/span><span class='evoet_time_expand level_3'><em class='evcal_time evo_tz_time'><i class='fa fa-clock-o'><\/i>09:30<span class='evo_tz marl5'>(GMT+02:00)<\/span><\/em> <\/span><span class='evoet_location level_3'><em class=\"evcal_location\"  data-latlng=\"46.32878794406342,11.600176728690842\" data-add_str=\"\" data-n=\"A monte della seggiovia Gardon\u00e8-Passo Feudo\"><i class=\"fa fa-location-pin\"><\/i><em class=\"event_location_name\">A monte della seggiovia Gardon\u00e8-Passo Feudo<\/em><\/em><\/span><\/span><span class='evoet_data' data-d=\"{&quot;loc.n&quot;:&quot;A monte della seggiovia Gardon\\u00e8-Passo Feudo&quot;,&quot;orgs&quot;:[],&quot;tags&quot;:{&quot;repeating&quot;:&quot;Repeating Event&quot;}}\" data-bgc=\"#ba181d\" data-bggrad=\"\" ><\/span><\/a><\/p><div class='event_description evcal_eventcard ' style=\"display:none\"><div class='evocard_row'><div id='event_ftimage' class='evocard_box ftimage' data-c='' \n\t\t\t\t\tstyle=''><div class='evocard_main_image_hold' data-t='Loading Image..'><div class='evocard_main_image evo_img_triglb evobr15 evobgsc evobgpc evodfx evofx_jc_c evofx_ai_c evofz48 minmized' style='height:300px; background-image:url();' data-f=\"https:\/\/latemarium.com\/wp-content\/uploads\/2020\/06\/latemar-torre-di-pisa-estate-2019_ph.alice-russolo-90-scaled.jpg\" data-h=\"1707\" data-w=\"2560\" data-ratio=\"0.666796875\" data-event_id=\"2184\" data-ri=\"2\"  data-t='Loading Image..'><span style='height:300px; background-image:url(https:\/\/latemarium.com\/wp-content\/uploads\/2020\/06\/latemar-torre-di-pisa-estate-2019_ph.alice-russolo-90-scaled.jpg)'><\/span><\/div><\/div><\/div><\/div><div class='evocard_row'><div id='event_eventdetails' class='evocard_box eventdetails' data-c='' \n\t\t\t\t\tstyle=''><div class='evo_metarow_details evorow evcal_evdata_row evcal_event_details'>\n\t\t<div class=\"event_excerpt\" style=\"display:none\"><h3 class=\"padb5 evo_h3\">Details zur Veranstaltung<\/h3><p>Spannender geologischer Ausflug in gro\u00dfer H\u00f6he, um das Latemar-Atoll zu entdecken, die Perle des fossilen Archipels der Dolomiten, ein UNESCO-Weltkulturerbe. Ein eindrucksvoller Rundweg, der von einem erfahrenen Geologen und Medienbergf\u00fchrer<\/p><\/div><span class='evcal_evdata_icons'><i class='fa fa-align-justify'><\/i><\/span>\n\t\t\n\t\t<div class='evcal_evdata_cell shorter_desc'>\n\t\t\t<div class='eventon_full_description'>\n\t\t\t\t<h3 class='padb5 evo_h3'><span class='evcal_evdata_icons'><i class='fa fa-align-justify'><\/i><\/span>Details zur Veranstaltung<\/h3>\n\t\t\t\t<div class='eventon_desc_in' itemprop='description'>\n\t\t\t\t<p><strong>Spannender geologischer Ausflug in gro\u00dfer H\u00f6he<\/strong>, um das Latemar-Atoll zu entdecken, die Perle des fossilen Archipels der Dolomiten, ein UNESCO-Weltkulturerbe. Ein eindrucksvoller Rundweg, der von einem erfahrenen Geologen und Medienbergf\u00fchrer gef\u00fchrt wird. Vom Passo Feudo steigen Sie zur Schutzh\u00fctte Torre di Pisa auf, um dann in gro\u00dfer H\u00f6he bis zur Forcella dei Camosci weiterzugehen, von wo aus Sie wieder in die Tiefen des tropischen Meeres bis zum Ausgangspunkt abtauchen. Brotzeit. Mindestalter 12 Jahre.<\/p>\n<p>Die Route ist mittelschwer, mit gut begehbaren Wegen und kurzen, leicht ausgesetzten Abschnitten, mit einem H\u00f6henunterschied von ca. 780 Metern.<\/p>\n<\/div><p class='eventon_shad_p' style='padding:5px 0 0; margin:0'>\n\t\t\t<span class='evcal_btn evo_btn_secondary evobtn_details_show_more' content='less'>\n\t\t\t\t<span class='ev_more_text' data-txt='Weniger'>Mehr<\/span><span class='ev_more_arrow ard'><\/span>\n\t\t\t<\/span>\n\t\t<\/p><div class='clear'><\/div>\n\t\t\t<\/div>\n\t\t<\/div>\n\t<\/div><\/div><\/div><div class='evocard_row bx2 bx'><div id='event_time' class='evocard_box time' data-c='' \n\t\t\t\t\tstyle=''><div class='evo_metarow_time evorow evcal_evdata_row evcal_evrow_sm '>\n\t\t<span class='evcal_evdata_icons'><i class='fa fa-clock'><\/i><\/span>\n\t\t<div class='evcal_evdata_cell'>\t\t\t\t\t\t\t\n\t\t\t<h3 class='evo_h3'><span class='evcal_evdata_icons'><i class='fa fa-clock'><\/i><\/span>Zeitplan<\/h3><p><span class='evo_eventcard_time_t'>15 Juli 2026 09:30<\/span><span class='evo_tz marr5'>(GMT+02:00)<\/span><\/p>\n\t\t<\/div>\n\t<\/div><\/div><div id='event_location' class='evocard_box location' data-c='' \n\t\t\t\t\tstyle=''><div class='evcal_evdata_row evo_metarow_time_location evorow '>\n\t\t\n\t\t\t<span class='evcal_evdata_icons'><i class='fa fa-map-marker'><\/i><\/span>\n\t\t\t<div class='evcal_evdata_cell' data-loc_tax_id='37'><h3 class='evo_h3 evodfx'><span class='evcal_evdata_icons'><i class='fa fa-map-marker'><\/i><\/span>Ort<\/h3><p class='evo_location_name'>A monte della seggiovia Gardon\u00e8-Passo Feudo<\/p><div class='padt10'><span class='evo_btn_arr evolb_trigger' data-lbvals=\"{&quot;lbc&quot;:&quot;evo_location_lb_37&quot;,&quot;lbac&quot;:&quot;lb_max&quot;,&quot;t&quot;:&quot;A monte della seggiovia Gardon\\u00e8-Passo Feudo&quot;,&quot;ajax&quot;:&quot;yes&quot;,&quot;ajax_type&quot;:&quot;endpoint&quot;,&quot;ajax_action&quot;:&quot;eventon_get_tax_card_content&quot;,&quot;end&quot;:&quot;client&quot;,&quot;d&quot;:{&quot;lang&quot;:&quot;L2&quot;,&quot;term_id&quot;:37,&quot;tax&quot;:&quot;event_location&quot;,&quot;load_lbcontent&quot;:true},&quot;uid&quot;:&quot;eventon_get_tax_card_content&quot;}\" >Other Events<i class='fa fa-chevron-right'><\/i><\/span><\/div><\/div>\n\t\t\n\t<\/div><\/div><\/div><div class='evocard_row bx2 bx'><div id='event_learnmore' class='evocard_box learnmore' data-c='' \n\t\t\t\t\tstyle=''><div class='evo_metarow_learnM evo_metarow_learnmore evorow'>\n\t\t\t\t\t\t\t<a class='evcal_evdata_row evo_clik_row ' href='https:\/\/www.latemar.it\/de\/sommer\/geotrekking\/' target=\"_blank\">\n\t\t\t\t\t\t\t\t<span class='evcal_evdata_icons'><i class='fa fa-link'><\/i><\/span>\n\t\t\t\t\t\t\t\t<h3 class='evo_h3'>Entdecke mehr<\/h3>\n\t\t\t\t\t\t\t<\/a>\n\t\t\t\t\t\t\t<\/div><\/div><div id='event_addtocal' class='evocard_box addtocal' data-c='' \n\t\t\t\t\tstyle=''><div class='evo_metarow_ICS evorow evcal_evdata_row'>\n\t\t\t<span class='evcal_evdata_icons'><i class='fa fa-calendar-o'><\/i><\/span>\n\t\t\t<div class='evcal_evdata_cell'>\n\t\t\t\t<p><a href='https:\/\/latemarium.com\/de\/export-events\/2184_2\/?nonce=7b34e59f7d' class='evo_ics_nCal' title='Zu Ihrem Kalender hinzuf\u00fcgen'>Kalender<\/a><a href='https:\/\/www.google.com\/calendar\/event?action=TEMPLATE&text=Geotrekking+Torre+di+Pisa&dates=20260715T073000Z%2F20260715T215900Z&ctz=Europe%2FRome&details=Geotrekking Torre di Pisa&location=A+monte+della+seggiovia+Gardon%C3%A8-Passo+Feudo' target='_blank' class='evo_ics_gCal' title='Zu Google Kalender hinzuf\u00fcgen'>GoogleCal<\/a><\/p>\t\n\t\t\t<\/div>\n\t\t<\/div><\/div><\/div><div class='evocard_row'><div id='event_getdirection' class='evocard_box getdirection' data-c='' \n\t\t\t\t\tstyle=''><div class='evo_metarow_getDr evorow evcal_evdata_row evcal_evrow_sm getdirections'>\n\t\t<form action='https:\/\/maps.google.com\/maps' method='get' target='_blank'>\n\t\t\t<input type='hidden' name='daddr' value=\"46.32878794406342,11.600176728690842\"\/> \n\t\t\t<div class='evo_get_direction_content evo_fx_dr_r evogap10'>\n\t\t\t\t<span class='evogetdir_header evodfx evofx_dr_r evofx_ai_c marr10'>\n\t\t\t\t\t<i class='mainicon fa fa-road'><\/i> \n\t\t\t\t\t<h3 class='evo_h3' style='padding-bottom:5px;'>Wegbeschreibung abrufen<\/h3>\n\t\t\t\t<\/span>\n\t\t\t\t<span class='evogetdir_field evodfx evofx_1_1 evo_fx_dr_c evow100p'>\t\t\t\t\t\n\t\t\t\t\t<input class='evoInput evotac' type='text' name='saddr' placeholder='&quot;Geben Sie die Adresse ein' value='' style='margin:10px 0;'\/>\n\t\t\t\t<\/span>\n\t\t\t\t<button type='submit' class='evo_get_direction_button evo_btn_arr_circ dfx fx_ai_c' title='&quot;Klicken Sie hier'><i class='fa fa-chevron-right'><\/i> <\/button>\n\t\t\t<\/div>\n\t\t<\/form>\n\t<\/div><\/div><\/div><div class='evo_card_row_end evcal_close' title='Schlie\u00dfen'><\/div><\/div><div class='clear end'><\/div><\/div><div id=\"event_2176_1\" class=\"eventon_list_event evo_eventtop scheduled  event clrW no_et event_2176_1\" data-event_id=\"2176\" data-ri=\"1r\" data-time=\"1784104200-1784152740\" data-colr=\"#a69dcd\" itemscope itemtype='http:\/\/schema.org\/Event'><div class=\"evo_event_schema\" style=\"display:none\" ><a itemprop='url'  href='https:\/\/latemarium.com\/de\/events\/gea-bei-der-eroberung-des-gipfels\/var\/ri-1.l-L2'><\/a><meta itemprop='image' content=\"https:\/\/latemarium.com\/wp-content\/uploads\/2023\/06\/geotrail-1200x800-alice-russolo-rocce-barca-2.jpg\" \/><meta itemprop='startDate' content=\"2026-7-15T10:30+0:00\" \/><meta itemprop='endDate' content=\"2026-7-15T23:59+0:00\" \/><meta itemprop='eventStatus' content=\"https:\/\/schema.org\/EventScheduled\" \/><meta itemprop='eventAttendanceMode'   itemscope itemtype=\"https:\/\/schema.org\/OfflineEventAttendanceMode\"\/><script type=\"application\/ld+json\">{\"@context\": \"http:\/\/schema.org\",\"@type\": \"Event\",\n\t\t\t\t\"@id\": \"event_2176_1\",\n\t\t\t\t\"eventAttendanceMode\":\"https:\/\/schema.org\/OfflineEventAttendanceMode\",\n\t\t\t\t\"eventStatus\":\"https:\/\/schema.org\/EventScheduled\",\n\t\t\t\t\"name\": \"GEA BEI DER EROBERUNG DES GIPFELS\",\n\t\t\t\t\"url\": \"https:\/\/latemarium.com\/de\/events\/gea-bei-der-eroberung-des-gipfels\/var\/ri-1.l-L2\",\n\t\t\t\t\"startDate\": \"2026-7-15T10:30+0:00\",\n\t\t\t\t\"endDate\": \"2026-7-15T23:59+0:00\",\n\t\t\t\t\"image\":\"https:\/\/latemarium.com\/wp-content\/uploads\/2023\/06\/geotrail-1200x800-alice-russolo-rocce-barca-2.jpg\", \n\t\t\t\t\"description\":\"<p>Unsere freie und enthusiastische Gea vollbringt ein neues Kunstst\u00fcck mit zwei erfahrenen Begleitern und gemeinsam erobern sie den Gipfel!<\/p> <p>Immer mittwochs, vom 8. Juli bis zum 19. August 2026<br \/> bei der Passo Feudo H\u00fctte, welche mit der Seilbahn und mit dem Sessellift erreichbar ist<br \/> um 10.30 Uhr<br \/> F\u00fcr Familien mit Kindern ab 5 Jahren geeignet (Dauer: 1h30\u2018)<br \/> Vorstellung auf Italienisch<\/p> \"}<\/script><\/div>\r\n\t\t\t\t<p class=\"desc_trig_outter\" style=\"\"><a data-gmap_status=\"null\" data-exlk=\"0\" style=\"background-color: #a69dcd;\" id=\"evc_17841042002176\" class=\"hasFtIMG event_repeat desc_trig sin_val evcal_list_a\" data-ux_val=\"3\" data-ux_val_mob=\"-\"  ><span class='evoet_c1 evoet_cx '><span class='ev_ftImg' data-img='https:\/\/latemarium.com\/wp-content\/uploads\/2023\/06\/geotrail-1200x800-alice-russolo-rocce-barca-2.jpg' data-thumb='https:\/\/latemarium.com\/wp-content\/uploads\/2023\/06\/geotrail-1200x800-alice-russolo-rocce-barca-2-300x200.jpg' style='background-image:url(\"https:\/\/latemarium.com\/wp-content\/uploads\/2023\/06\/geotrail-1200x800-alice-russolo-rocce-barca-2-300x200.jpg\")' ><\/span><\/span><span class='evoet_c2 evoet_cx '><span class='evoet_dayblock evcal_cblock ' data-bgcolor='#a69dcd' data-smon='Juli' data-syr='2026' data-bub=''><span class='evo_start '><em class='date'>15<\/em><em class='month'>Jul<\/em><em class='time'>10:30<\/em><\/span><\/span><\/span><span class='evoet_c3 evoet_cx evcal_desc hide_eventtopdata '><span class='evoet_title evcal_desc2 evcal_event_title ' itemprop='name'>GEA BEI DER EROBERUNG DES GIPFELS<\/span><span class='event_location_attrs' data-location_type=\"lonlat\" data-location_name=\"Sessellift Ankunft Gardon\u00e8-Passo Feudo\" data-location_url=\"https:\/\/latemarium.com\/de\/event-location\/sessellift-ankunft-gardone-passo-feudo\/\" data-location_status=\"true\" data-latlng=\"46.32878794406342,11.600176728690842\"><\/span><span class='evoet_subtitle evo_below_title' ><span class='evcal_event_subtitle ' >Wanderausstellung - Geotrail Dos Cap\u00e8l<\/span><\/span><span class='evoet_time_expand level_3'><em class='evcal_time evo_tz_time'><i class='fa fa-clock-o'><\/i>10:30<span class='evo_tz marl5'>(GMT+02:00)<\/span><\/em> <\/span><span class='evoet_location level_3'><em class=\"evcal_location\"  data-latlng=\"46.32878794406342,11.600176728690842\" data-add_str=\"\" data-n=\"Sessellift Ankunft Gardon\u00e8-Passo Feudo\"><i class=\"fa fa-location-pin\"><\/i><em class=\"event_location_name\">Sessellift Ankunft Gardon\u00e8-Passo Feudo<\/em><\/em><\/span><\/span><span class='evoet_data' data-d=\"{&quot;loc.n&quot;:&quot;Sessellift Ankunft Gardon\\u00e8-Passo Feudo&quot;,&quot;orgs&quot;:[],&quot;tags&quot;:{&quot;repeating&quot;:&quot;Repeating Event&quot;}}\" data-bgc=\"#a69dcd\" data-bggrad=\"\" ><\/span><\/a><\/p><div class='event_description evcal_eventcard ' style=\"display:none\"><div class='evocard_row'><div id='event_ftimage' class='evocard_box ftimage' data-c='' \n\t\t\t\t\tstyle=''><div class='evocard_main_image_hold' data-t='Loading Image..'><div class='evocard_main_image evo_img_triglb evobr15 evobgsc evobgpc evodfx evofx_jc_c evofx_ai_c evofz48 minmized' style='height:300px; background-image:url();' data-f=\"https:\/\/latemarium.com\/wp-content\/uploads\/2023\/06\/geotrail-1200x800-alice-russolo-rocce-barca-2.jpg\" data-h=\"800\" data-w=\"1200\" data-ratio=\"0.66666666666667\" data-event_id=\"2176\" data-ri=\"1\"  data-t='Loading Image..'><span style='height:300px; background-image:url(https:\/\/latemarium.com\/wp-content\/uploads\/2023\/06\/geotrail-1200x800-alice-russolo-rocce-barca-2.jpg)'><\/span><\/div><\/div><\/div><\/div><div class='evocard_row'><div id='event_eventdetails' class='evocard_box eventdetails' data-c='' \n\t\t\t\t\tstyle=''><div class='evo_metarow_details evorow evcal_evdata_row evcal_event_details'>\n\t\t<div class=\"event_excerpt\" style=\"display:none\"><h3 class=\"padb5 evo_h3\">Details zur Veranstaltung<\/h3><p>Unsere freie und enthusiastische Gea vollbringt ein neues Kunstst\u00fcck mit zwei erfahrenen Begleitern und gemeinsam erobern sie den Gipfel!\nImmer mittwochs, vom 8. Juli bis zum 19. August 2026\nbei der<\/p><\/div><span class='evcal_evdata_icons'><i class='fa fa-align-justify'><\/i><\/span>\n\t\t\n\t\t<div class='evcal_evdata_cell '>\n\t\t\t<div class='eventon_full_description'>\n\t\t\t\t<h3 class='padb5 evo_h3'><span class='evcal_evdata_icons'><i class='fa fa-align-justify'><\/i><\/span>Details zur Veranstaltung<\/h3>\n\t\t\t\t<div class='eventon_desc_in' itemprop='description'>\n\t\t\t\t<p>Unsere freie und enthusiastische Gea vollbringt ein neues Kunstst\u00fcck mit zwei erfahrenen Begleitern und gemeinsam erobern sie den Gipfel!<\/p>\n<p>Immer mittwochs, vom 8. Juli bis zum 19. August 2026<br \/>\nbei der Passo Feudo H\u00fctte, welche mit der Seilbahn und mit dem Sessellift erreichbar ist<br \/>\num 10.30 Uhr<br \/>\nF\u00fcr Familien mit Kindern ab 5 Jahren geeignet (Dauer: 1h30\u2018)<br \/>\nVorstellung auf Italienisch<\/p>\n<\/div><div class='clear'><\/div>\n\t\t\t<\/div>\n\t\t<\/div>\n\t<\/div><\/div><\/div><div class='evocard_row bx2 bx'><div id='event_time' class='evocard_box time' data-c='' \n\t\t\t\t\tstyle=''><div class='evo_metarow_time evorow evcal_evdata_row evcal_evrow_sm '>\n\t\t<span class='evcal_evdata_icons'><i class='fa fa-clock'><\/i><\/span>\n\t\t<div class='evcal_evdata_cell'>\t\t\t\t\t\t\t\n\t\t\t<h3 class='evo_h3'><span class='evcal_evdata_icons'><i class='fa fa-clock'><\/i><\/span>Zeitplan<\/h3><p><span class='evo_eventcard_time_t'>15 Juli 2026 10:30<\/span><span class='evo_tz marr5'>(GMT+02:00)<\/span><\/p>\n\t\t<\/div>\n\t<\/div><\/div><div id='event_location' class='evocard_box location' data-c='' \n\t\t\t\t\tstyle=''><div class='evcal_evdata_row evo_metarow_time_location evorow '>\n\t\t\n\t\t\t<span class='evcal_evdata_icons'><i class='fa fa-map-marker'><\/i><\/span>\n\t\t\t<div class='evcal_evdata_cell' data-loc_tax_id='39'><h3 class='evo_h3 evodfx'><span class='evcal_evdata_icons'><i class='fa fa-map-marker'><\/i><\/span>Ort<\/h3><p class='evo_location_name'>Sessellift Ankunft Gardon\u00e8-Passo Feudo<\/p><div class='padt10'><span class='evo_btn_arr evolb_trigger' data-lbvals=\"{&quot;lbc&quot;:&quot;evo_location_lb_39&quot;,&quot;lbac&quot;:&quot;lb_max&quot;,&quot;t&quot;:&quot;Sessellift Ankunft Gardon\\u00e8-Passo Feudo&quot;,&quot;ajax&quot;:&quot;yes&quot;,&quot;ajax_type&quot;:&quot;endpoint&quot;,&quot;ajax_action&quot;:&quot;eventon_get_tax_card_content&quot;,&quot;end&quot;:&quot;client&quot;,&quot;d&quot;:{&quot;lang&quot;:&quot;L2&quot;,&quot;term_id&quot;:39,&quot;tax&quot;:&quot;event_location&quot;,&quot;load_lbcontent&quot;:true},&quot;uid&quot;:&quot;eventon_get_tax_card_content&quot;}\" >Other Events<i class='fa fa-chevron-right'><\/i><\/span><\/div><\/div>\n\t\t\n\t<\/div><\/div><\/div><div class='evocard_row bx2 bx'><div id='event_learnmore' class='evocard_box learnmore' data-c='' \n\t\t\t\t\tstyle=''><div class='evo_metarow_learnM evo_metarow_learnmore evorow'>\n\t\t\t\t\t\t\t<a class='evcal_evdata_row evo_clik_row ' href='https:\/\/www.montagnanimata.it\/de\/spektakel\/' target=\"_blank\">\n\t\t\t\t\t\t\t\t<span class='evcal_evdata_icons'><i class='fa fa-link'><\/i><\/span>\n\t\t\t\t\t\t\t\t<h3 class='evo_h3'>Entdecke mehr<\/h3>\n\t\t\t\t\t\t\t<\/a>\n\t\t\t\t\t\t\t<\/div><\/div><div id='event_addtocal' class='evocard_box addtocal' data-c='' \n\t\t\t\t\tstyle=''><div class='evo_metarow_ICS evorow evcal_evdata_row'>\n\t\t\t<span class='evcal_evdata_icons'><i class='fa fa-calendar-o'><\/i><\/span>\n\t\t\t<div class='evcal_evdata_cell'>\n\t\t\t\t<p><a href='https:\/\/latemarium.com\/de\/export-events\/2176_1\/?nonce=7b34e59f7d' class='evo_ics_nCal' title='Zu Ihrem Kalender hinzuf\u00fcgen'>Kalender<\/a><a href='https:\/\/www.google.com\/calendar\/event?action=TEMPLATE&text=GEA+BEI+DER+EROBERUNG+DES+GIPFELS&dates=20260715T083000Z%2F20260715T215900Z&ctz=Europe%2FRome&details=GEA BEI DER EROBERUNG DES GIPFELS&location=Sessellift+Ankunft+Gardon%C3%A8-Passo+Feudo' target='_blank' class='evo_ics_gCal' title='Zu Google Kalender hinzuf\u00fcgen'>GoogleCal<\/a><\/p>\t\n\t\t\t<\/div>\n\t\t<\/div><\/div><\/div><div class='evocard_row'><div id='event_getdirection' class='evocard_box getdirection' data-c='' \n\t\t\t\t\tstyle=''><div class='evo_metarow_getDr evorow evcal_evdata_row evcal_evrow_sm getdirections'>\n\t\t<form action='https:\/\/maps.google.com\/maps' method='get' target='_blank'>\n\t\t\t<input type='hidden' name='daddr' value=\"46.32878794406342,11.600176728690842\"\/> \n\t\t\t<div class='evo_get_direction_content evo_fx_dr_r evogap10'>\n\t\t\t\t<span class='evogetdir_header evodfx evofx_dr_r evofx_ai_c marr10'>\n\t\t\t\t\t<i class='mainicon fa fa-road'><\/i> \n\t\t\t\t\t<h3 class='evo_h3' style='padding-bottom:5px;'>Wegbeschreibung abrufen<\/h3>\n\t\t\t\t<\/span>\n\t\t\t\t<span class='evogetdir_field evodfx evofx_1_1 evo_fx_dr_c evow100p'>\t\t\t\t\t\n\t\t\t\t\t<input class='evoInput evotac' type='text' name='saddr' placeholder='&quot;Geben Sie die Adresse ein' value='' style='margin:10px 0;'\/>\n\t\t\t\t<\/span>\n\t\t\t\t<button type='submit' class='evo_get_direction_button evo_btn_arr_circ dfx fx_ai_c' title='&quot;Klicken Sie hier'><i class='fa fa-chevron-right'><\/i> <\/button>\n\t\t\t<\/div>\n\t\t<\/form>\n\t<\/div><\/div><\/div><div class='evo_card_row_end evcal_close' title='Schlie\u00dfen'><\/div><\/div><div class='clear end'><\/div><\/div><div id=\"event_2938_3\" class=\"eventon_list_event evo_eventtop scheduled  event clrD event_2938_3\" data-event_id=\"2938\" data-ri=\"3r\" data-time=\"1784116800-1784125800\" data-colr=\"#38823b\" itemscope itemtype='http:\/\/schema.org\/Event'><div class=\"evo_event_schema\" style=\"display:none\" ><a itemprop='url'  href='https:\/\/latemarium.com\/de\/events\/unterwegs-mit-ponys\/var\/ri-3.l-L2'><\/a><meta itemprop='image' content=\"https:\/\/latemarium.com\/wp-content\/uploads\/2026\/04\/pony.jpg\" \/><meta itemprop='startDate' content=\"2026-7-15T14:00+0:00\" \/><meta itemprop='endDate' content=\"2026-7-15T16:30+0:00\" \/><meta itemprop='eventStatus' content=\"https:\/\/schema.org\/EventScheduled\" \/><meta itemprop='eventAttendanceMode'   itemscope itemtype=\"https:\/\/schema.org\/OfflineEventAttendanceMode\"\/><div style=\"display:none\" itemprop=\"location\" itemscope itemtype=\"http:\/\/schema.org\/Place\"><span itemprop=\"name\">Pampeago<\/span><span itemprop=\"address\" itemscope itemtype=\"http:\/\/schema.org\/PostalAddress\"><item itemprop=\"streetAddress\">Localit\u00e0 Pampeago, 8, 38038 Tesero TN<\/item><\/span><\/div><script type=\"application\/ld+json\">{\"@context\": \"http:\/\/schema.org\",\"@type\": \"Event\",\n\t\t\t\t\"@id\": \"event_2938_3\",\n\t\t\t\t\"eventAttendanceMode\":\"https:\/\/schema.org\/OfflineEventAttendanceMode\",\n\t\t\t\t\"eventStatus\":\"https:\/\/schema.org\/EventScheduled\",\n\t\t\t\t\"name\": \"Unterwegs mit Ponys\",\n\t\t\t\t\"url\": \"https:\/\/latemarium.com\/de\/events\/unterwegs-mit-ponys\/var\/ri-3.l-L2\",\n\t\t\t\t\"startDate\": \"2026-7-15T14:00+0:00\",\n\t\t\t\t\"endDate\": \"2026-7-15T16:30+0:00\",\n\t\t\t\t\"image\":\"https:\/\/latemarium.com\/wp-content\/uploads\/2026\/04\/pony.jpg\", \n\t\t\t\t\"description\":\"<p>Ein angenehmer Spaziergang zur Entdeckung der Landschaften von Pampeago, begleitet von freundlichen Ponys, die Kinder und Familien sicher entlang der Route f\u00fchren.<\/p> <p>Ein entspannendes und unterhaltsames Erlebnis \u2013 ideal, um die Bergwelt in gem\u00e4chlichem Tempo zu genie\u00dfen und eine besondere Verbindung zu diesen sanften Tieren aufzubauen.<\/p> <p><strong>INFORMATIONEN:<\/strong><br \/> Wann \u2013 Jeden Mittwoch vom 24.06. bis 09.09.<br \/> Uhrzeit \u2013 Von 14:00 bis 16:30 Uhr (je nach Verf\u00fcgbarkeit)<br \/> Treffpunkt \u2013 Parkplatz der Tresca-Sesselbahn (Zutritt NUR f\u00fcr Teilnehmende mit Reservierung)<\/p> <p>Aktivit\u00e4t geeignet f\u00fcr Familien und Kinder.<\/p> <p>Reservierung erforderlich \u2013 klicken Sie <a href='https:\/\/www.visitfiemme.it\/de\/veranstaltungen\/fiemme-cembra-guest-card\/erlebnisse\/erlebnisse-sommer' target='_blank' rel='noopener'>HIER<\/a>, um zu buchen<\/p> \",\"location\":[{\"@type\":\"Place\",\"name\":\"Pampeago\",\"address\":{\"@type\": \"PostalAddress\",\"streetAddress\":\"Localit\u00e0 Pampeago, 8, 38038 Tesero TN\"}}]}<\/script><\/div>\r\n\t\t\t\t<p class=\"desc_trig_outter\" style=\"\"><a data-gmap_status=\"null\" data-exlk=\"0\" style=\"background-color: #38823b;\" id=\"evc_17841168002938\" class=\"hasFtIMG event_repeat desc_trig sin_val evcal_list_a\" data-ux_val=\"3\" data-ux_val_mob=\"-\"  ><span class='evoet_c1 evoet_cx '><span class='ev_ftImg' data-img='https:\/\/latemarium.com\/wp-content\/uploads\/2026\/04\/pony.jpg' data-thumb='https:\/\/latemarium.com\/wp-content\/uploads\/2026\/04\/pony-300x110.jpg' style='background-image:url(\"https:\/\/latemarium.com\/wp-content\/uploads\/2026\/04\/pony-300x110.jpg\")' ><\/span><\/span><span class='evoet_c2 evoet_cx '><span class='evoet_dayblock evcal_cblock ' data-bgcolor='#38823b' data-smon='Juli' data-syr='2026' data-bub=''><span class='evo_start '><em class='date'>15<\/em><em class='month'>Jul<\/em><em class='time'>14:00<\/em><\/span><span class='evo_end only_time'><em class='time'>16:30<\/em><\/span><\/span><\/span><span class='evoet_c3 evoet_cx evcal_desc hide_eventtopdata '><span class='evoet_title evcal_desc2 evcal_event_title ' itemprop='name'>Unterwegs mit Ponys<\/span><span class='event_location_attrs'  data-location_address=\"Localit\u00e0 Pampeago, 8, 38038 Tesero TN\" data-location_type=\"lonlat\" data-location_name=\"Pampeago\" data-location_url=\"https:\/\/latemarium.com\/de\/event-location\/pampeago-de\/\" data-location_status=\"true\" data-latlng=\"46.34343697644898,11.540997527961546\"><\/span><span class='evoet_subtitle evo_below_title' ><span class='evcal_event_subtitle ' >Familienwanderung<\/span><\/span><span class='evoet_time_expand level_3'><em class='evcal_time evo_tz_time'><i class='fa fa-clock-o'><\/i>14:00 - 16:30<span class='evo_tz marl5'>(GMT+02:00)<\/span><\/em> <\/span><span class='evoet_location level_3'><em class=\"evcal_location\"  data-latlng=\"46.34343697644898,11.540997527961546\" data-add_str=\"Localit\u00e0 Pampeago, 8, 38038 Tesero TN\" data-n=\"Pampeago\"><i class=\"fa fa-location-pin\"><\/i><em class=\"event_location_name\">Pampeago<\/em>, Localit\u00e0 Pampeago, 8, 38038 Tesero TN<\/em><\/span><\/span><span class='evoet_data' data-d=\"{&quot;loc.n&quot;:&quot;Pampeago&quot;,&quot;orgs&quot;:[],&quot;tags&quot;:{&quot;repeating&quot;:&quot;Repeating Event&quot;}}\" data-bgc=\"#38823b\" data-bggrad=\"\" ><\/span><\/a><\/p><div class='event_description evcal_eventcard ' style=\"display:none\"><div class='evocard_row'><div id='event_ftimage' class='evocard_box ftimage' data-c='' \n\t\t\t\t\tstyle=''><div class='evocard_main_image_hold' data-t='Loading Image..'><div class='evocard_main_image evo_img_triglb evobr15 evobgsc evobgpc evodfx evofx_jc_c evofx_ai_c evofz48 minmized' style='height:300px; background-image:url();' data-f=\"https:\/\/latemarium.com\/wp-content\/uploads\/2026\/04\/pony.jpg\" data-h=\"368\" data-w=\"1000\" data-ratio=\"0.368\" data-event_id=\"2938\" data-ri=\"3\"  data-t='Loading Image..'><span style='height:300px; background-image:url(https:\/\/latemarium.com\/wp-content\/uploads\/2026\/04\/pony.jpg)'><\/span><\/div><\/div><\/div><\/div><div class='evocard_row'><div id='event_eventdetails' class='evocard_box eventdetails' data-c='' \n\t\t\t\t\tstyle=''><div class='evo_metarow_details evorow evcal_evdata_row evcal_event_details'>\n\t\t<div class=\"event_excerpt\" style=\"display:none\"><h3 class=\"padb5 evo_h3\">Details zur Veranstaltung<\/h3><p>Ein angenehmer Spaziergang zur Entdeckung der Landschaften von Pampeago, begleitet von freundlichen Ponys, die Kinder und Familien sicher entlang der Route f\u00fchren.\nEin entspannendes und unterhaltsames Erlebnis \u2013 ideal, um die<\/p><\/div><span class='evcal_evdata_icons'><i class='fa fa-align-justify'><\/i><\/span>\n\t\t\n\t\t<div class='evcal_evdata_cell shorter_desc'>\n\t\t\t<div class='eventon_full_description'>\n\t\t\t\t<h3 class='padb5 evo_h3'><span class='evcal_evdata_icons'><i class='fa fa-align-justify'><\/i><\/span>Details zur Veranstaltung<\/h3>\n\t\t\t\t<div class='eventon_desc_in' itemprop='description'>\n\t\t\t\t<p>Ein angenehmer Spaziergang zur Entdeckung der Landschaften von Pampeago, begleitet von freundlichen Ponys, die Kinder und Familien sicher entlang der Route f\u00fchren.<\/p>\n<p>Ein entspannendes und unterhaltsames Erlebnis \u2013 ideal, um die Bergwelt in gem\u00e4chlichem Tempo zu genie\u00dfen und eine besondere Verbindung zu diesen sanften Tieren aufzubauen.<\/p>\n<p><strong>INFORMATIONEN:<\/strong><br \/>\nWann \u2013 Jeden Mittwoch vom 24.06. bis 09.09.<br \/>\nUhrzeit \u2013 Von 14:00 bis 16:30 Uhr (je nach Verf\u00fcgbarkeit)<br \/>\nTreffpunkt \u2013 Parkplatz der Tresca-Sesselbahn (Zutritt NUR f\u00fcr Teilnehmende mit Reservierung)<\/p>\n<p>Aktivit\u00e4t geeignet f\u00fcr Familien und Kinder.<\/p>\n<p>Reservierung erforderlich \u2013 klicken Sie <a href=\"https:\/\/www.visitfiemme.it\/de\/veranstaltungen\/fiemme-cembra-guest-card\/erlebnisse\/erlebnisse-sommer\" target=\"_blank\" rel=\"noopener\">HIER<\/a>, um zu buchen<\/p>\n<\/div><p class='eventon_shad_p' style='padding:5px 0 0; margin:0'>\n\t\t\t<span class='evcal_btn evo_btn_secondary evobtn_details_show_more' content='less'>\n\t\t\t\t<span class='ev_more_text' data-txt='Weniger'>Mehr<\/span><span class='ev_more_arrow ard'><\/span>\n\t\t\t<\/span>\n\t\t<\/p><div class='clear'><\/div>\n\t\t\t<\/div>\n\t\t<\/div>\n\t<\/div><\/div><\/div><div class='evocard_row bx2 bx'><div id='event_time' class='evocard_box time' data-c='' \n\t\t\t\t\tstyle=''><div class='evo_metarow_time evorow evcal_evdata_row evcal_evrow_sm '>\n\t\t<span class='evcal_evdata_icons'><i class='fa fa-clock'><\/i><\/span>\n\t\t<div class='evcal_evdata_cell'>\t\t\t\t\t\t\t\n\t\t\t<h3 class='evo_h3'><span class='evcal_evdata_icons'><i class='fa fa-clock'><\/i><\/span>Zeitplan<\/h3><p><span class='evo_eventcard_time_t'>15 Juli 2026 14:00 - 16:30<\/span><span class='evo_tz marr5'>(GMT+02:00)<\/span><\/p>\n\t\t<\/div>\n\t<\/div><\/div><div id='event_location' class='evocard_box location' data-c='' \n\t\t\t\t\tstyle=''><div class='evcal_evdata_row evo_metarow_time_location evorow '>\n\t\t\n\t\t\t<span class='evcal_evdata_icons'><i class='fa fa-map-marker'><\/i><\/span>\n\t\t\t<div class='evcal_evdata_cell' data-loc_tax_id='32'><h3 class='evo_h3 evodfx'><span class='evcal_evdata_icons'><i class='fa fa-map-marker'><\/i><\/span>Ort<\/h3><p class='evo_location_name'>Pampeago<\/p><p class='evo_location_address evodfxi evogap10'>Localit\u00e0 Pampeago, 8, 38038 Tesero TN<\/p><div class='padt10'><span class='evo_btn_arr evolb_trigger' data-lbvals=\"{&quot;lbc&quot;:&quot;evo_location_lb_32&quot;,&quot;lbac&quot;:&quot;lb_max&quot;,&quot;t&quot;:&quot;Pampeago&quot;,&quot;ajax&quot;:&quot;yes&quot;,&quot;ajax_type&quot;:&quot;endpoint&quot;,&quot;ajax_action&quot;:&quot;eventon_get_tax_card_content&quot;,&quot;end&quot;:&quot;client&quot;,&quot;d&quot;:{&quot;lang&quot;:&quot;L2&quot;,&quot;term_id&quot;:32,&quot;tax&quot;:&quot;event_location&quot;,&quot;load_lbcontent&quot;:true},&quot;uid&quot;:&quot;eventon_get_tax_card_content&quot;}\" >Other Events<i class='fa fa-chevron-right'><\/i><\/span><\/div><\/div>\n\t\t\n\t<\/div><\/div><\/div><div class='evocard_row'><div id='event_addtocal' class='evocard_box addtocal' data-c='' \n\t\t\t\t\tstyle=''><div class='evo_metarow_ICS evorow evcal_evdata_row'>\n\t\t\t<span class='evcal_evdata_icons'><i class='fa fa-calendar-o'><\/i><\/span>\n\t\t\t<div class='evcal_evdata_cell'>\n\t\t\t\t<p><a href='https:\/\/latemarium.com\/de\/export-events\/2938_3\/?nonce=7b34e59f7d' class='evo_ics_nCal' title='Zu Ihrem Kalender hinzuf\u00fcgen'>Kalender<\/a><a href='https:\/\/www.google.com\/calendar\/event?action=TEMPLATE&text=Unterwegs+mit+Ponys&dates=20260715T120000Z%2F20260715T143000Z&ctz=Europe%2FRome&details=Unterwegs mit Ponys&location=Pampeago+Localit%C3%A0+Pampeago%2C+8%2C+38038+Tesero+TN' target='_blank' class='evo_ics_gCal' title='Zu Google Kalender hinzuf\u00fcgen'>GoogleCal<\/a><\/p>\t\n\t\t\t<\/div>\n\t\t<\/div><\/div><\/div><div class='evocard_row'><div id='event_getdirection' class='evocard_box getdirection' data-c='' \n\t\t\t\t\tstyle=''><div class='evo_metarow_getDr evorow evcal_evdata_row evcal_evrow_sm getdirections'>\n\t\t<form action='https:\/\/maps.google.com\/maps' method='get' target='_blank'>\n\t\t\t<input type='hidden' name='daddr' value=\"Localit\u00e0 Pampeago, 8, 38038 Tesero TN\"\/> \n\t\t\t<div class='evo_get_direction_content evo_fx_dr_r evogap10'>\n\t\t\t\t<span class='evogetdir_header evodfx evofx_dr_r evofx_ai_c marr10'>\n\t\t\t\t\t<i class='mainicon fa fa-road'><\/i> \n\t\t\t\t\t<h3 class='evo_h3' style='padding-bottom:5px;'>Wegbeschreibung abrufen<\/h3>\n\t\t\t\t<\/span>\n\t\t\t\t<span class='evogetdir_field evodfx evofx_1_1 evo_fx_dr_c evow100p'>\t\t\t\t\t\n\t\t\t\t\t<input class='evoInput evotac' type='text' name='saddr' placeholder='&quot;Geben Sie die Adresse ein' value='' style='margin:10px 0;'\/>\n\t\t\t\t<\/span>\n\t\t\t\t<button type='submit' class='evo_get_direction_button evo_btn_arr_circ dfx fx_ai_c' title='&quot;Klicken Sie hier'><i class='fa fa-chevron-right'><\/i> <\/button>\n\t\t\t<\/div>\n\t\t<\/form>\n\t<\/div><\/div><\/div><div class='evo_card_row_end evcal_close' title='Schlie\u00dfen'><\/div><\/div><div class='clear end'><\/div><\/div><div id=\"event_2845_2\" class=\"eventon_list_event evo_eventtop scheduled  event clrD no_et event_2845_2\" data-event_id=\"2845\" data-ri=\"2r\" data-time=\"1784185200-1784239140\" data-colr=\"#38823b\" itemscope itemtype='http:\/\/schema.org\/Event'><div class=\"evo_event_schema\" style=\"display:none\" ><a itemprop='url'  href='https:\/\/latemarium.com\/de\/events\/escursione-in-montagna-al-rifugio-torre-di-pisa\/var\/ri-2.l-L2'><\/a><meta itemprop='image' content=\"https:\/\/latemarium.com\/wp-content\/uploads\/2025\/05\/escursione-torre-di-pisa-obereggen.jpg\" \/><meta itemprop='startDate' content=\"2026-7-16T09:00+0:00\" \/><meta itemprop='endDate' content=\"2026-7-16T23:59+0:00\" \/><meta itemprop='eventStatus' content=\"https:\/\/schema.org\/EventScheduled\" \/><meta itemprop='eventAttendanceMode'   itemscope itemtype=\"https:\/\/schema.org\/OfflineEventAttendanceMode\"\/><div style=\"display:none\" itemprop=\"location\" itemscope itemtype=\"http:\/\/schema.org\/Place\"><span itemprop=\"name\">Talstation Obereggen<\/span><span itemprop=\"address\" itemscope itemtype=\"http:\/\/schema.org\/PostalAddress\"><item itemprop=\"streetAddress\">Obereggen 16 I-39050 Deutschnofen (BZ)<\/item><\/span><\/div><script type=\"application\/ld+json\">{\"@context\": \"http:\/\/schema.org\",\"@type\": \"Event\",\n\t\t\t\t\"@id\": \"event_2845_2\",\n\t\t\t\t\"eventAttendanceMode\":\"https:\/\/schema.org\/OfflineEventAttendanceMode\",\n\t\t\t\t\"eventStatus\":\"https:\/\/schema.org\/EventScheduled\",\n\t\t\t\t\"name\": \"Gipfelwanderung zur Latemarh\u00fctte\",\n\t\t\t\t\"url\": \"https:\/\/latemarium.com\/de\/events\/escursione-in-montagna-al-rifugio-torre-di-pisa\/var\/ri-2.l-L2\",\n\t\t\t\t\"startDate\": \"2026-7-16T09:00+0:00\",\n\t\t\t\t\"endDate\": \"2026-7-16T23:59+0:00\",\n\t\t\t\t\"image\":\"https:\/\/latemarium.com\/wp-content\/uploads\/2025\/05\/escursione-torre-di-pisa-obereggen.jpg\", \n\t\t\t\t\"description\":\"<p>Mittelschwere bis schwere, anspruchsvolle Bergwanderung im hochalpinen Gel\u00e4nde im s\u00fcdlichen Latemar- Massiv. Beeindruckende Rundsicht auf die umliegende Bergwelt.<\/p> <p>Route: Auffahrt mit dem Oberholz-Sessellift (1550\u20132100 m) \u2013 Aufstieg auf Weg 18 \u2013 Aussichtsplattform \u2013 Gamsstallscharte (2560 m) \u2013 Weg 516 \u2013 Pisah\u00fctte\/Latemarh\u00fctte (2671 m). Einkehr. Abstieg Weg 516 und Weg 22 \u2013 Bergstation Sessellift Oberholz \u2013 R\u00fcckfahrt.<\/p> <p>Start: 09.00 Uhr in Obereggen<br \/> R\u00fcckkehr: 16.00 Uhr<br \/> Dauer: 7 h | Gehzeit: 6 h<br \/> H\u00f6henunterschied: 750 m<br \/> Schwierigkeit: schwer, anspruchsvoll | Anforderungen: Ausdauer, Trittsicherheit und Schwindelfreiheit |mit Einkehr | die Mitnahme von geeignetem Tourenproviant wird empfohlen<br \/> Sessellift Oberholz: 21,50 \u20ac\/Erwachsene \u2013 17,50 \u20ac\/Junior<\/p> \",\"location\":[{\"@type\":\"Place\",\"name\":\"Talstation Obereggen\",\"address\":{\"@type\": \"PostalAddress\",\"streetAddress\":\"Obereggen 16 I-39050 Deutschnofen (BZ)\"}}]}<\/script><\/div>\r\n\t\t\t\t<p class=\"desc_trig_outter\" style=\"\"><a data-gmtrig=\"1\" data-exlk=\"0\" style=\"background-color: #38823b;\" id=\"evc_17841852002845\" class=\"hasFtIMG event_repeat desc_trig sin_val evcal_list_a\" data-ux_val=\"3\" data-ux_val_mob=\"-\"  ><span class='evoet_c1 evoet_cx '><span class='ev_ftImg' data-img='https:\/\/latemarium.com\/wp-content\/uploads\/2025\/05\/escursione-torre-di-pisa-obereggen.jpg' data-thumb='https:\/\/latemarium.com\/wp-content\/uploads\/2025\/05\/escursione-torre-di-pisa-obereggen-300x182.jpg' style='background-image:url(\"https:\/\/latemarium.com\/wp-content\/uploads\/2025\/05\/escursione-torre-di-pisa-obereggen-300x182.jpg\")' ><\/span><\/span><span class='evoet_c2 evoet_cx '><span class='evoet_dayblock evcal_cblock ' data-bgcolor='#38823b' data-smon='Juli' data-syr='2026' data-bub=''><span class='evo_start '><em class='date'>16<\/em><em class='month'>Jul<\/em><em class='time'>09:00<\/em><\/span><\/span><\/span><span class='evoet_c3 evoet_cx evcal_desc hide_eventtopdata '><span class='evoet_title evcal_desc2 evcal_event_title ' itemprop='name'>Gipfelwanderung zur Latemarh\u00fctte<\/span><span class='event_location_attrs'  data-location_address=\"Obereggen 16 I-39050 Deutschnofen (BZ)\" data-location_type=\"lonlat\" data-location_name=\"Talstation Obereggen\" data-location_url=\"https:\/\/latemarium.com\/de\/event-location\/talstation-obereggen\/\" data-location_status=\"true\" data-latlng=\"46.3835808246333,11.52667595881786\"><\/span><span class='evoet_subtitle evo_below_title' ><span class='evcal_event_subtitle ' >Gipfelwanderung <\/span><\/span><span class='evoet_time_expand level_3'><em class='evcal_time evo_tz_time'><i class='fa fa-clock-o'><\/i>09:00<span class='evo_tz marl5'>(GMT+02:00)<\/span><\/em> <\/span><span class='evoet_location level_3'><em class=\"evcal_location\"  data-latlng=\"46.3835808246333,11.52667595881786\" data-add_str=\"Obereggen 16 I-39050 Deutschnofen (BZ)\" data-n=\"Talstation Obereggen\"><i class=\"fa fa-location-pin\"><\/i><em class=\"event_location_name\">Talstation Obereggen<\/em>, Obereggen 16 I-39050 Deutschnofen (BZ)<\/em><\/span><\/span><span class='evoet_data' data-d=\"{&quot;loc.n&quot;:&quot;Talstation Obereggen&quot;,&quot;orgs&quot;:[],&quot;tags&quot;:{&quot;repeating&quot;:&quot;Repeating Event&quot;}}\" data-bgc=\"#38823b\" data-bggrad=\"\" ><\/span><\/a><\/p><div class='event_description evcal_eventcard ' style=\"display:none\"><div class='evocard_row'><div id='event_ftimage' class='evocard_box ftimage' data-c='' \n\t\t\t\t\tstyle=''><div class='evocard_main_image_hold' data-t='Loading Image..'><div class='evocard_main_image evo_img_triglb evobr15 evobgsc evobgpc evodfx evofx_jc_c evofx_ai_c evofz48 minmized' style='height:300px; background-image:url();' data-f=\"https:\/\/latemarium.com\/wp-content\/uploads\/2025\/05\/escursione-torre-di-pisa-obereggen.jpg\" data-h=\"755\" data-w=\"1245\" data-ratio=\"0.60642570281124\" data-event_id=\"2845\" data-ri=\"2\"  data-t='Loading Image..'><span style='height:300px; background-image:url(https:\/\/latemarium.com\/wp-content\/uploads\/2025\/05\/escursione-torre-di-pisa-obereggen.jpg)'><\/span><\/div><\/div><\/div><\/div><div class='evocard_row'><div id='event_eventdetails' class='evocard_box eventdetails' data-c='' \n\t\t\t\t\tstyle=''><div class='evo_metarow_details evorow evcal_evdata_row evcal_event_details'>\n\t\t<div class=\"event_excerpt\" style=\"display:none\"><h3 class=\"padb5 evo_h3\">Details zur Veranstaltung<\/h3><p>Mittelschwere bis schwere, anspruchsvolle Bergwanderung im hochalpinen Gel\u00e4nde im s\u00fcdlichen Latemar- Massiv. Beeindruckende Rundsicht auf die umliegende Bergwelt.\nRoute: Auffahrt mit dem Oberholz-Sessellift (1550\u20132100 m) \u2013 Aufstieg auf Weg 18 \u2013<\/p><\/div><span class='evcal_evdata_icons'><i class='fa fa-align-justify'><\/i><\/span>\n\t\t\n\t\t<div class='evcal_evdata_cell shorter_desc'>\n\t\t\t<div class='eventon_full_description'>\n\t\t\t\t<h3 class='padb5 evo_h3'><span class='evcal_evdata_icons'><i class='fa fa-align-justify'><\/i><\/span>Details zur Veranstaltung<\/h3>\n\t\t\t\t<div class='eventon_desc_in' itemprop='description'>\n\t\t\t\t<p>Mittelschwere bis schwere, anspruchsvolle Bergwanderung im hochalpinen Gel\u00e4nde im s\u00fcdlichen Latemar- Massiv. Beeindruckende Rundsicht auf die umliegende Bergwelt.<\/p>\n<p>Route: Auffahrt mit dem Oberholz-Sessellift (1550\u20132100 m) \u2013 Aufstieg auf Weg 18 \u2013 Aussichtsplattform \u2013 Gamsstallscharte (2560 m) \u2013 Weg 516 \u2013 Pisah\u00fctte\/Latemarh\u00fctte (2671 m). Einkehr. Abstieg Weg 516 und Weg 22 \u2013 Bergstation Sessellift Oberholz \u2013 R\u00fcckfahrt.<\/p>\n<p>Start: 09.00 Uhr in Obereggen<br \/>\nR\u00fcckkehr: 16.00 Uhr<br \/>\nDauer: 7 h | Gehzeit: 6 h<br \/>\nH\u00f6henunterschied: 750 m<br \/>\nSchwierigkeit: schwer, anspruchsvoll | Anforderungen: Ausdauer, Trittsicherheit und Schwindelfreiheit |mit Einkehr | die Mitnahme von geeignetem Tourenproviant wird empfohlen<br \/>\nSessellift Oberholz: 21,50 \u20ac\/Erwachsene \u2013 17,50 \u20ac\/Junior<\/p>\n<\/div><p class='eventon_shad_p' style='padding:5px 0 0; margin:0'>\n\t\t\t<span class='evcal_btn evo_btn_secondary evobtn_details_show_more' content='less'>\n\t\t\t\t<span class='ev_more_text' data-txt='Weniger'>Mehr<\/span><span class='ev_more_arrow ard'><\/span>\n\t\t\t<\/span>\n\t\t<\/p><div class='clear'><\/div>\n\t\t\t<\/div>\n\t\t<\/div>\n\t<\/div><\/div><\/div><div class='evocard_row bx2 bx'><div id='event_time' class='evocard_box time' data-c='' \n\t\t\t\t\tstyle=''><div class='evo_metarow_time evorow evcal_evdata_row evcal_evrow_sm '>\n\t\t<span class='evcal_evdata_icons'><i class='fa fa-clock'><\/i><\/span>\n\t\t<div class='evcal_evdata_cell'>\t\t\t\t\t\t\t\n\t\t\t<h3 class='evo_h3'><span class='evcal_evdata_icons'><i class='fa fa-clock'><\/i><\/span>Zeitplan<\/h3><p><span class='evo_eventcard_time_t'>16 Juli 2026 09:00<\/span><span class='evo_tz marr5'>(GMT+02:00)<\/span><\/p>\n\t\t<\/div>\n\t<\/div><\/div><div id='event_location' class='evocard_box location' data-c='' \n\t\t\t\t\tstyle=''><div class='evcal_evdata_row evo_metarow_time_location evorow '>\n\t\t\n\t\t\t<span class='evcal_evdata_icons'><i class='fa fa-map-marker'><\/i><\/span>\n\t\t\t<div class='evcal_evdata_cell' data-loc_tax_id='23'><h3 class='evo_h3 evodfx'><span class='evcal_evdata_icons'><i class='fa fa-map-marker'><\/i><\/span>Ort<\/h3><p class='evo_location_name'>Talstation Obereggen<\/p><p class='evo_location_address evodfxi evogap10'>Obereggen 16 I-39050 Deutschnofen (BZ)<\/p><div class='padt10'><span class='evo_btn_arr evolb_trigger' data-lbvals=\"{&quot;lbc&quot;:&quot;evo_location_lb_23&quot;,&quot;lbac&quot;:&quot;lb_max&quot;,&quot;t&quot;:&quot;Talstation Obereggen&quot;,&quot;ajax&quot;:&quot;yes&quot;,&quot;ajax_type&quot;:&quot;endpoint&quot;,&quot;ajax_action&quot;:&quot;eventon_get_tax_card_content&quot;,&quot;end&quot;:&quot;client&quot;,&quot;d&quot;:{&quot;lang&quot;:&quot;L2&quot;,&quot;term_id&quot;:23,&quot;tax&quot;:&quot;event_location&quot;,&quot;load_lbcontent&quot;:true},&quot;uid&quot;:&quot;eventon_get_tax_card_content&quot;}\" >Other Events<i class='fa fa-chevron-right'><\/i><\/span><\/div><\/div>\n\t\t\n\t<\/div><\/div><\/div><div class='evocard_row bx2 bx'><div id='event_learnmore' class='evocard_box learnmore' data-c='' \n\t\t\t\t\tstyle=''><div class='evo_metarow_learnM evo_metarow_learnmore evorow'>\n\t\t\t\t\t\t\t<a class='evcal_evdata_row evo_clik_row ' href='https:\/\/eggental.com\/de\/event\/gipfelwanderung-zur-latemarhtte_11602' target=\"_blank\">\n\t\t\t\t\t\t\t\t<span class='evcal_evdata_icons'><i class='fa fa-link'><\/i><\/span>\n\t\t\t\t\t\t\t\t<h3 class='evo_h3'>Entdecke mehr<\/h3>\n\t\t\t\t\t\t\t<\/a>\n\t\t\t\t\t\t\t<\/div><\/div><div id='event_addtocal' class='evocard_box addtocal' data-c='' \n\t\t\t\t\tstyle=''><div class='evo_metarow_ICS evorow evcal_evdata_row'>\n\t\t\t<span class='evcal_evdata_icons'><i class='fa fa-calendar-o'><\/i><\/span>\n\t\t\t<div class='evcal_evdata_cell'>\n\t\t\t\t<p><a href='https:\/\/latemarium.com\/de\/export-events\/2845_2\/?nonce=7b34e59f7d' class='evo_ics_nCal' title='Zu Ihrem Kalender hinzuf\u00fcgen'>Kalender<\/a><a href='https:\/\/www.google.com\/calendar\/event?action=TEMPLATE&text=Gipfelwanderung+zur+Latemarh%C3%BCtte&dates=20260716T070000Z%2F20260716T215900Z&ctz=Europe%2FRome&details=Gipfelwanderung zur Latemarh\u00fctte&location=Talstation+Obereggen+Obereggen+16+I-39050+Deutschnofen+%28BZ%29' target='_blank' class='evo_ics_gCal' title='Zu Google Kalender hinzuf\u00fcgen'>GoogleCal<\/a><\/p>\t\n\t\t\t<\/div>\n\t\t<\/div><\/div><\/div><div class='evocard_row'><div id='event_getdirection' class='evocard_box getdirection' data-c='' \n\t\t\t\t\tstyle=''><div class='evo_metarow_getDr evorow evcal_evdata_row evcal_evrow_sm getdirections'>\n\t\t<form action='https:\/\/maps.google.com\/maps' method='get' target='_blank'>\n\t\t\t<input type='hidden' name='daddr' value=\"46.3835808246333,11.52667595881786\"\/> \n\t\t\t<div class='evo_get_direction_content evo_fx_dr_r evogap10'>\n\t\t\t\t<span class='evogetdir_header evodfx evofx_dr_r evofx_ai_c marr10'>\n\t\t\t\t\t<i class='mainicon fa fa-road'><\/i> \n\t\t\t\t\t<h3 class='evo_h3' style='padding-bottom:5px;'>Wegbeschreibung abrufen<\/h3>\n\t\t\t\t<\/span>\n\t\t\t\t<span class='evogetdir_field evodfx evofx_1_1 evo_fx_dr_c evow100p'>\t\t\t\t\t\n\t\t\t\t\t<input class='evoInput evotac' type='text' name='saddr' placeholder='&quot;Geben Sie die Adresse ein' value='' style='margin:10px 0;'\/>\n\t\t\t\t<\/span>\n\t\t\t\t<button type='submit' class='evo_get_direction_button evo_btn_arr_circ dfx fx_ai_c' title='&quot;Klicken Sie hier'><i class='fa fa-chevron-right'><\/i> <\/button>\n\t\t\t<\/div>\n\t\t<\/form>\n\t<\/div><\/div><\/div><div class='evo_card_row_end evcal_close' title='Schlie\u00dfen'><\/div><\/div><div class='clear end'><\/div><\/div><div id=\"event_2544_0\" class=\"eventon_list_event evo_eventtop scheduled  event clrD no_et event_2544_0\" data-event_id=\"2544\" data-ri=\"0r\" data-time=\"1784192400-1784239140\" data-colr=\"#006290\" itemscope itemtype='http:\/\/schema.org\/Event'><div class=\"evo_event_schema\" style=\"display:none\" ><a itemprop='url'  href='https:\/\/latemarium.com\/de\/events\/prof-propolis\/var\/ri-0.l-L2'><\/a><meta itemprop='image' content=\"https:\/\/latemarium.com\/wp-content\/uploads\/2024\/04\/spettacolo-apicoltore-predazzo-valdifiemme-trentino-ph-Modica-11-scaled.jpg\" \/><meta itemprop='startDate' content=\"2026-7-16T11:00+0:00\" \/><meta itemprop='endDate' content=\"2026-7-16T23:59+0:00\" \/><meta itemprop='eventStatus' content=\"https:\/\/schema.org\/EventScheduled\" \/><meta itemprop='eventAttendanceMode'   itemscope itemtype=\"https:\/\/schema.org\/OfflineEventAttendanceMode\"\/><script type=\"application\/ld+json\">{\"@context\": \"http:\/\/schema.org\",\"@type\": \"Event\",\n\t\t\t\t\"@id\": \"event_2544_0\",\n\t\t\t\t\"eventAttendanceMode\":\"https:\/\/schema.org\/OfflineEventAttendanceMode\",\n\t\t\t\t\"eventStatus\":\"https:\/\/schema.org\/EventScheduled\",\n\t\t\t\t\"name\": \"PROF. PR\u00d2POLIS\",\n\t\t\t\t\"url\": \"https:\/\/latemarium.com\/de\/events\/prof-propolis\/var\/ri-0.l-L2\",\n\t\t\t\t\"startDate\": \"2026-7-16T11:00+0:00\",\n\t\t\t\t\"endDate\": \"2026-7-16T23:59+0:00\",\n\t\t\t\t\"image\":\"https:\/\/latemarium.com\/wp-content\/uploads\/2024\/04\/spettacolo-apicoltore-predazzo-valdifiemme-trentino-ph-Modica-11-scaled.jpg\", \n\t\t\t\t\"description\":\"<p>Prof. Pr\u00f2polis sagte, er habe eine Riesenbiene gesehen, trotzdem glaubt ihm niemand. Was halten Sie davon? Glauben Sie dem Professor Prop\u00f2lis? Er hat aber recht, da diese Riesenbiene existiert. Haben Sie aber keine Angst vor ihr, da sie eine nette und sympathische Biene ist. Helfen Sie dem Professor und dem besten Bienenz\u00fcchter in Gardon\u00e8, Corrado, sie zu finden.<\/p> <p>Die Wandervorf\u00fchrung des Professors Prop\u00f2lis ist f\u00fcr die ganze Familie geeignet<\/p> <p>INFO:<br \/> bei der Bergstation der Gondelbahn Predazzo \u2013 Gardon\u00e8<br \/> um 11.00 Uhr<br \/> F\u00fcr Familien (Dauer: 1h30\u2018)<br \/> Mit Nicola Sordo und Corrado Vinante<\/p> <p>&nbsp;<\/p> <p>&nbsp;<\/p> \"}<\/script><\/div>\r\n\t\t\t\t<p class=\"desc_trig_outter\" style=\"\"><a data-gmap_status=\"null\" data-exlk=\"0\" style=\"background-color: #006290;\" id=\"evc_17841924002544\" class=\"hasFtIMG event_repeat desc_trig sin_val evcal_list_a\" data-ux_val=\"3\" data-ux_val_mob=\"-\"  ><span class='evoet_c1 evoet_cx '><span class='ev_ftImg' data-img='https:\/\/latemarium.com\/wp-content\/uploads\/2024\/04\/spettacolo-apicoltore-predazzo-valdifiemme-trentino-ph-Modica-11-scaled.jpg' data-thumb='https:\/\/latemarium.com\/wp-content\/uploads\/2024\/04\/spettacolo-apicoltore-predazzo-valdifiemme-trentino-ph-Modica-11-300x200.jpg' style='background-image:url(\"https:\/\/latemarium.com\/wp-content\/uploads\/2024\/04\/spettacolo-apicoltore-predazzo-valdifiemme-trentino-ph-Modica-11-300x200.jpg\")' ><\/span><\/span><span class='evoet_c2 evoet_cx '><span class='evoet_dayblock evcal_cblock ' data-bgcolor='#006290' data-smon='Juli' data-syr='2026' data-bub=''><span class='evo_start '><em class='date'>16<\/em><em class='month'>Jul<\/em><em class='time'>11:00<\/em><\/span><\/span><\/span><span class='evoet_c3 evoet_cx evcal_desc hide_eventtopdata '><span class='evoet_title evcal_desc2 evcal_event_title ' itemprop='name'>PROF. PR\u00d2POLIS<\/span><span class='event_location_attrs' data-location_type=\"lonlat\" data-location_name=\"Seilbahn Ankunft Predazzo-Gardon\u00e8\" data-location_url=\"https:\/\/latemarium.com\/de\/event-location\/seilbahn-ankunft-predazzo-gardone\/\" data-location_status=\"true\" data-latlng=\"46.32878794406342,11.600176728690842\"><\/span><span class='evoet_subtitle evo_below_title' ><span class='evcal_event_subtitle ' >DER THEMENPFAD DES ZERSTREUTEN HIRTEN<\/span><\/span><span class='evoet_time_expand level_3'><em class='evcal_time evo_tz_time'><i class='fa fa-clock-o'><\/i>11:00<span class='evo_tz marl5'>(GMT+02:00)<\/span><\/em> <\/span><span class='evoet_location level_3'><em class=\"evcal_location\"  data-latlng=\"46.32878794406342,11.600176728690842\" data-add_str=\"\" data-n=\"Seilbahn Ankunft Predazzo-Gardon\u00e8\"><i class=\"fa fa-location-pin\"><\/i><em class=\"event_location_name\">Seilbahn Ankunft Predazzo-Gardon\u00e8<\/em><\/em><\/span><\/span><span class='evoet_data' data-d=\"{&quot;loc.n&quot;:&quot;Seilbahn Ankunft Predazzo-Gardon\\u00e8&quot;,&quot;orgs&quot;:[],&quot;tags&quot;:{&quot;repeating&quot;:&quot;Repeating Event&quot;}}\" data-bgc=\"#006290\" data-bggrad=\"\" ><\/span><\/a><\/p><div class='event_description evcal_eventcard ' style=\"display:none\"><div class='evocard_row'><div id='event_ftimage' class='evocard_box ftimage' data-c='' \n\t\t\t\t\tstyle=''><div class='evocard_main_image_hold' data-t='Loading Image..'><div class='evocard_main_image evo_img_triglb evobr15 evobgsc evobgpc evodfx evofx_jc_c evofx_ai_c evofz48 minmized' style='height:300px; background-image:url();' data-f=\"https:\/\/latemarium.com\/wp-content\/uploads\/2024\/04\/spettacolo-apicoltore-predazzo-valdifiemme-trentino-ph-Modica-11-scaled.jpg\" data-h=\"1706\" data-w=\"2560\" data-ratio=\"0.66640625\" data-event_id=\"2544\" data-ri=\"0\"  data-t='Loading Image..'><span style='height:300px; background-image:url(https:\/\/latemarium.com\/wp-content\/uploads\/2024\/04\/spettacolo-apicoltore-predazzo-valdifiemme-trentino-ph-Modica-11-scaled.jpg)'><\/span><\/div><\/div><\/div><\/div><div class='evocard_row'><div id='event_eventdetails' class='evocard_box eventdetails' data-c='' \n\t\t\t\t\tstyle=''><div class='evo_metarow_details evorow evcal_evdata_row evcal_event_details'>\n\t\t<div class=\"event_excerpt\" style=\"display:none\"><h3 class=\"padb5 evo_h3\">Details zur Veranstaltung<\/h3><p>Prof. Pr\u00f2polis sagte, er habe eine Riesenbiene gesehen, trotzdem glaubt ihm niemand. Was halten Sie davon? Glauben Sie dem Professor Prop\u00f2lis? Er hat aber recht, da diese Riesenbiene existiert. Haben<\/p><\/div><span class='evcal_evdata_icons'><i class='fa fa-align-justify'><\/i><\/span>\n\t\t\n\t\t<div class='evcal_evdata_cell shorter_desc'>\n\t\t\t<div class='eventon_full_description'>\n\t\t\t\t<h3 class='padb5 evo_h3'><span class='evcal_evdata_icons'><i class='fa fa-align-justify'><\/i><\/span>Details zur Veranstaltung<\/h3>\n\t\t\t\t<div class='eventon_desc_in' itemprop='description'>\n\t\t\t\t<p>Prof. Pr\u00f2polis sagte, er habe eine Riesenbiene gesehen, trotzdem glaubt ihm niemand. Was halten Sie davon? Glauben Sie dem Professor Prop\u00f2lis? Er hat aber recht, da diese Riesenbiene existiert. Haben Sie aber keine Angst vor ihr, da sie eine nette und sympathische Biene ist. Helfen Sie dem Professor und dem besten Bienenz\u00fcchter in Gardon\u00e8, Corrado, sie zu finden.<\/p>\n<p>Die Wandervorf\u00fchrung des Professors Prop\u00f2lis ist f\u00fcr die ganze Familie geeignet<\/p>\n<p>INFO:<br \/>\nbei der Bergstation der Gondelbahn Predazzo \u2013 Gardon\u00e8<br \/>\num 11.00 Uhr<br \/>\nF\u00fcr Familien (Dauer: 1h30\u2018)<br \/>\nMit Nicola Sordo und Corrado Vinante<\/p>\n<p>&nbsp;<\/p>\n<p>&nbsp;<\/p>\n<\/div><p class='eventon_shad_p' style='padding:5px 0 0; margin:0'>\n\t\t\t<span class='evcal_btn evo_btn_secondary evobtn_details_show_more' content='less'>\n\t\t\t\t<span class='ev_more_text' data-txt='Weniger'>Mehr<\/span><span class='ev_more_arrow ard'><\/span>\n\t\t\t<\/span>\n\t\t<\/p><div class='clear'><\/div>\n\t\t\t<\/div>\n\t\t<\/div>\n\t<\/div><\/div><\/div><div class='evocard_row bx2 bx'><div id='event_time' class='evocard_box time' data-c='' \n\t\t\t\t\tstyle=''><div class='evo_metarow_time evorow evcal_evdata_row evcal_evrow_sm '>\n\t\t<span class='evcal_evdata_icons'><i class='fa fa-clock'><\/i><\/span>\n\t\t<div class='evcal_evdata_cell'>\t\t\t\t\t\t\t\n\t\t\t<h3 class='evo_h3'><span class='evcal_evdata_icons'><i class='fa fa-clock'><\/i><\/span>Zeitplan<\/h3><p><span class='evo_eventcard_time_t'>16 Juli 2026 11:00<\/span><span class='evo_tz marr5'>(GMT+02:00)<\/span><\/p>\n\t\t<\/div>\n\t<\/div><\/div><div id='event_location' class='evocard_box location' data-c='' \n\t\t\t\t\tstyle=''><div class='evcal_evdata_row evo_metarow_time_location evorow '>\n\t\t\n\t\t\t<span class='evcal_evdata_icons'><i class='fa fa-map-marker'><\/i><\/span>\n\t\t\t<div class='evcal_evdata_cell' data-loc_tax_id='36'><h3 class='evo_h3 evodfx'><span class='evcal_evdata_icons'><i class='fa fa-map-marker'><\/i><\/span>Ort<\/h3><p class='evo_location_name'>Seilbahn Ankunft Predazzo-Gardon\u00e8<\/p><div class='padt10'><span class='evo_btn_arr evolb_trigger' data-lbvals=\"{&quot;lbc&quot;:&quot;evo_location_lb_36&quot;,&quot;lbac&quot;:&quot;lb_max&quot;,&quot;t&quot;:&quot;Seilbahn Ankunft Predazzo-Gardon\\u00e8&quot;,&quot;ajax&quot;:&quot;yes&quot;,&quot;ajax_type&quot;:&quot;endpoint&quot;,&quot;ajax_action&quot;:&quot;eventon_get_tax_card_content&quot;,&quot;end&quot;:&quot;client&quot;,&quot;d&quot;:{&quot;lang&quot;:&quot;L2&quot;,&quot;term_id&quot;:36,&quot;tax&quot;:&quot;event_location&quot;,&quot;load_lbcontent&quot;:true},&quot;uid&quot;:&quot;eventon_get_tax_card_content&quot;}\" >Other Events<i class='fa fa-chevron-right'><\/i><\/span><\/div><\/div>\n\t\t\n\t<\/div><\/div><\/div><div class='evocard_row bx2 bx'><div id='event_learnmore' class='evocard_box learnmore' data-c='' \n\t\t\t\t\tstyle=''><div class='evo_metarow_learnM evo_metarow_learnmore evorow'>\n\t\t\t\t\t\t\t<a class='evcal_evdata_row evo_clik_row ' href='https:\/\/www.montagnanimata.it\/de\/spektakel\/' >\n\t\t\t\t\t\t\t\t<span class='evcal_evdata_icons'><i class='fa fa-link'><\/i><\/span>\n\t\t\t\t\t\t\t\t<h3 class='evo_h3'>Entdecke mehr<\/h3>\n\t\t\t\t\t\t\t<\/a>\n\t\t\t\t\t\t\t<\/div><\/div><div id='event_addtocal' class='evocard_box addtocal' data-c='' \n\t\t\t\t\tstyle=''><div class='evo_metarow_ICS evorow evcal_evdata_row'>\n\t\t\t<span class='evcal_evdata_icons'><i class='fa fa-calendar-o'><\/i><\/span>\n\t\t\t<div class='evcal_evdata_cell'>\n\t\t\t\t<p><a href='https:\/\/latemarium.com\/de\/export-events\/2544_0\/?nonce=7b34e59f7d' class='evo_ics_nCal' title='Zu Ihrem Kalender hinzuf\u00fcgen'>Kalender<\/a><a href='https:\/\/www.google.com\/calendar\/event?action=TEMPLATE&text=PROF.+PR%C3%92POLIS&dates=20260716T090000Z%2F20260716T215900Z&ctz=Europe%2FRome&details=PROF. PR\u00d2POLIS&location=Seilbahn+Ankunft+Predazzo-Gardon%C3%A8' target='_blank' class='evo_ics_gCal' title='Zu Google Kalender hinzuf\u00fcgen'>GoogleCal<\/a><\/p>\t\n\t\t\t<\/div>\n\t\t<\/div><\/div><\/div><div class='evocard_row'><div id='event_getdirection' class='evocard_box getdirection' data-c='' \n\t\t\t\t\tstyle=''><div class='evo_metarow_getDr evorow evcal_evdata_row evcal_evrow_sm getdirections'>\n\t\t<form action='https:\/\/maps.google.com\/maps' method='get' target='_blank'>\n\t\t\t<input type='hidden' name='daddr' value=\"46.32878794406342,11.600176728690842\"\/> \n\t\t\t<div class='evo_get_direction_content evo_fx_dr_r evogap10'>\n\t\t\t\t<span class='evogetdir_header evodfx evofx_dr_r evofx_ai_c marr10'>\n\t\t\t\t\t<i class='mainicon fa fa-road'><\/i> \n\t\t\t\t\t<h3 class='evo_h3' style='padding-bottom:5px;'>Wegbeschreibung abrufen<\/h3>\n\t\t\t\t<\/span>\n\t\t\t\t<span class='evogetdir_field evodfx evofx_1_1 evo_fx_dr_c evow100p'>\t\t\t\t\t\n\t\t\t\t\t<input class='evoInput evotac' type='text' name='saddr' placeholder='&quot;Geben Sie die Adresse ein' value='' style='margin:10px 0;'\/>\n\t\t\t\t<\/span>\n\t\t\t\t<button type='submit' class='evo_get_direction_button evo_btn_arr_circ dfx fx_ai_c' title='&quot;Klicken Sie hier'><i class='fa fa-chevron-right'><\/i> <\/button>\n\t\t\t<\/div>\n\t\t<\/form>\n\t<\/div><\/div><\/div><div class='evo_card_row_end evcal_close' title='Schlie\u00dfen'><\/div><\/div><div class='clear end'><\/div><\/div><div id=\"event_2198_3\" class=\"eventon_list_event evo_eventtop scheduled  event clrW event_2198_3\" data-event_id=\"2198\" data-ri=\"3r\" data-time=\"1784214000-1784222100\" data-colr=\"#f78234\" itemscope itemtype='http:\/\/schema.org\/Event'><div class=\"evo_event_schema\" style=\"display:none\" ><a itemprop='url'  href='https:\/\/latemarium.com\/de\/events\/pilyoga\/var\/ri-3.l-L2'><\/a><meta itemprop='image' content=\"https:\/\/latemarium.com\/wp-content\/uploads\/2023\/06\/pilyoga.jpg\" \/><meta itemprop='startDate' content=\"2026-7-16T17:00+0:00\" \/><meta itemprop='endDate' content=\"2026-7-16T19:15+0:00\" \/><meta itemprop='eventStatus' content=\"https:\/\/schema.org\/EventScheduled\" \/><meta itemprop='eventAttendanceMode'   itemscope itemtype=\"https:\/\/schema.org\/OfflineEventAttendanceMode\"\/><div style=\"display:none\" itemprop=\"location\" itemscope itemtype=\"http:\/\/schema.org\/Place\"><span itemprop=\"name\">Pampeago<\/span><span itemprop=\"address\" itemscope itemtype=\"http:\/\/schema.org\/PostalAddress\"><item itemprop=\"streetAddress\">Localit\u00e0 Pampeago, 8, 38038 Tesero TN<\/item><\/span><\/div><script type=\"application\/ld+json\">{\"@context\": \"http:\/\/schema.org\",\"@type\": \"Event\",\n\t\t\t\t\"@id\": \"event_2198_3\",\n\t\t\t\t\"eventAttendanceMode\":\"https:\/\/schema.org\/OfflineEventAttendanceMode\",\n\t\t\t\t\"eventStatus\":\"https:\/\/schema.org\/EventScheduled\",\n\t\t\t\t\"name\": \"PilYoga\",\n\t\t\t\t\"url\": \"https:\/\/latemarium.com\/de\/events\/pilyoga\/var\/ri-3.l-L2\",\n\t\t\t\t\"startDate\": \"2026-7-16T17:00+0:00\",\n\t\t\t\t\"endDate\": \"2026-7-16T19:15+0:00\",\n\t\t\t\t\"image\":\"https:\/\/latemarium.com\/wp-content\/uploads\/2023\/06\/pilyoga.jpg\", \n\t\t\t\t\"description\":\"<p><strong>Jeden Donnerstag vom 25. Juni bis 3. September 2026<\/strong><\/p> <p>Treffen und Abfahrt um 17.00 Uhr mit Lehrerin Elisa (an der Liftkasse)<br \/> Dauer: von 17:00 bis 19:15 Uhr. Aktivit\u00e4t empfohlen f\u00fcr Personen ab 14 Jahren<\/p> <p>Mit der Agnello-Sesselbahn erreichen Sie den Unterrichtsort und k\u00f6nnen nach einem kurzen Spaziergang im direkten Kontakt mit der Natur entspannen und den Kopf frei bekommen. Die Praxis von PilYoga in gro\u00dfer H\u00f6he erm\u00f6glicht eine vollst\u00e4ndige Harmonie mit der Umgebung, weit weg von allen Ger\u00e4uschen des t\u00e4glichen Lebens.<br \/> Sobald Sie die Lektion beendet haben, erwartet Sie im Chalet Caserina ein kleiner Aperitif, um dann mit einem kurzen Spaziergang zu Fu\u00df wieder hinunterzugehen.<br \/> <em>Bei schlechtem Wetter KEINE Aktivit\u00e4t geplant<\/em><\/p> <p>Klicken Sie <a href='https:\/\/www.visitfiemme.it\/de\/veranstaltungen\/fiemme-cembra-guest-card\/erlebnisse\/erlebnisse-sommer' target='_blank' rel='noopener'>hier<\/a> zum Buchen<\/p> \",\"location\":[{\"@type\":\"Place\",\"name\":\"Pampeago\",\"address\":{\"@type\": \"PostalAddress\",\"streetAddress\":\"Localit\u00e0 Pampeago, 8, 38038 Tesero TN\"}}]}<\/script><\/div>\r\n\t\t\t\t<p class=\"desc_trig_outter\" style=\"\"><a data-gmtrig=\"1\" data-exlk=\"0\" style=\"background-color: #f78234;\" id=\"evc_17842140002198\" class=\"hasFtIMG event_repeat desc_trig sin_val evcal_list_a\" data-ux_val=\"3\" data-ux_val_mob=\"-\"  ><span class='evoet_c1 evoet_cx '><span class='ev_ftImg' data-img='https:\/\/latemarium.com\/wp-content\/uploads\/2023\/06\/pilyoga.jpg' data-thumb='https:\/\/latemarium.com\/wp-content\/uploads\/2023\/06\/pilyoga-300x169.jpg' style='background-image:url(\"https:\/\/latemarium.com\/wp-content\/uploads\/2023\/06\/pilyoga-300x169.jpg\")' ><\/span><\/span><span class='evoet_c2 evoet_cx '><span class='evoet_dayblock evcal_cblock ' data-bgcolor='#f78234' data-smon='Juli' data-syr='2026' data-bub=''><span class='evo_start '><em class='date'>16<\/em><em class='month'>Jul<\/em><em class='time'>17:00<\/em><\/span><span class='evo_end only_time'><em class='time'>19:15<\/em><\/span><\/span><\/span><span class='evoet_c3 evoet_cx evcal_desc hide_eventtopdata '><span class='evoet_title evcal_desc2 evcal_event_title ' itemprop='name'>PilYoga<\/span><span class='event_location_attrs'  data-location_address=\"Localit\u00e0 Pampeago, 8, 38038 Tesero TN\" data-location_type=\"lonlat\" data-location_name=\"Pampeago\" data-location_url=\"https:\/\/latemarium.com\/de\/event-location\/pampeago-de\/\" data-location_status=\"true\" data-latlng=\"46.34343697644898,11.540997527961546\"><\/span><span class='evoet_subtitle evo_below_title' ><span class='evcal_event_subtitle ' >Pilyoga umgeben von den Werken von Respirat<\/span><\/span><span class='evoet_time_expand level_3'><em class='evcal_time evo_tz_time'><i class='fa fa-clock-o'><\/i>17:00 - 19:15<span class='evo_tz marl5'>(GMT+02:00)<\/span><\/em> <\/span><span class='evoet_location level_3'><em class=\"evcal_location\"  data-latlng=\"46.34343697644898,11.540997527961546\" data-add_str=\"Localit\u00e0 Pampeago, 8, 38038 Tesero TN\" data-n=\"Pampeago\"><i class=\"fa fa-location-pin\"><\/i><em class=\"event_location_name\">Pampeago<\/em>, Localit\u00e0 Pampeago, 8, 38038 Tesero TN<\/em><\/span><\/span><span class='evoet_data' data-d=\"{&quot;loc.n&quot;:&quot;Pampeago&quot;,&quot;orgs&quot;:[],&quot;tags&quot;:{&quot;repeating&quot;:&quot;Repeating Event&quot;}}\" data-bgc=\"#f78234\" data-bggrad=\"\" ><\/span><\/a><\/p><div class='event_description evcal_eventcard ' style=\"display:none\"><div class='evocard_row'><div id='event_ftimage' class='evocard_box ftimage' data-c='' \n\t\t\t\t\tstyle=''><div class='evocard_main_image_hold' data-t='Loading Image..'><div class='evocard_main_image evo_img_triglb evobr15 evobgsc evobgpc evodfx evofx_jc_c evofx_ai_c evofz48 minmized' style='height:300px; background-image:url();' data-f=\"https:\/\/latemarium.com\/wp-content\/uploads\/2023\/06\/pilyoga.jpg\" data-h=\"675\" data-w=\"1200\" data-ratio=\"0.5625\" data-event_id=\"2198\" data-ri=\"3\"  data-t='Loading Image..'><span style='height:300px; background-image:url(https:\/\/latemarium.com\/wp-content\/uploads\/2023\/06\/pilyoga.jpg)'><\/span><\/div><\/div><\/div><\/div><div class='evocard_row'><div id='event_eventdetails' class='evocard_box eventdetails' data-c='' \n\t\t\t\t\tstyle=''><div class='evo_metarow_details evorow evcal_evdata_row evcal_event_details'>\n\t\t<div class=\"event_excerpt\" style=\"display:none\"><h3 class=\"padb5 evo_h3\">Details zur Veranstaltung<\/h3><p>Jeden Donnerstag vom 25. Juni bis 3. September 2026\nTreffen und Abfahrt um 17.00 Uhr mit Lehrerin Elisa (an der Liftkasse)\nDauer: von 17:00 bis 19:15 Uhr. Aktivit\u00e4t empfohlen f\u00fcr Personen<\/p><\/div><span class='evcal_evdata_icons'><i class='fa fa-align-justify'><\/i><\/span>\n\t\t\n\t\t<div class='evcal_evdata_cell shorter_desc'>\n\t\t\t<div class='eventon_full_description'>\n\t\t\t\t<h3 class='padb5 evo_h3'><span class='evcal_evdata_icons'><i class='fa fa-align-justify'><\/i><\/span>Details zur Veranstaltung<\/h3>\n\t\t\t\t<div class='eventon_desc_in' itemprop='description'>\n\t\t\t\t<p><strong>Jeden Donnerstag vom 25. Juni bis 3. September 2026<\/strong><\/p>\n<p>Treffen und Abfahrt um 17.00 Uhr mit Lehrerin Elisa (an der Liftkasse)<br \/>\nDauer: von 17:00 bis 19:15 Uhr. Aktivit\u00e4t empfohlen f\u00fcr Personen ab 14 Jahren<\/p>\n<p>Mit der Agnello-Sesselbahn erreichen Sie den Unterrichtsort und k\u00f6nnen nach einem kurzen Spaziergang im direkten Kontakt mit der Natur entspannen und den Kopf frei bekommen. Die Praxis von PilYoga in gro\u00dfer H\u00f6he erm\u00f6glicht eine vollst\u00e4ndige Harmonie mit der Umgebung, weit weg von allen Ger\u00e4uschen des t\u00e4glichen Lebens.<br \/>\nSobald Sie die Lektion beendet haben, erwartet Sie im Chalet Caserina ein kleiner Aperitif, um dann mit einem kurzen Spaziergang zu Fu\u00df wieder hinunterzugehen.<br \/>\n<em>Bei schlechtem Wetter KEINE Aktivit\u00e4t geplant<\/em><\/p>\n<p>Klicken Sie <a href=\"https:\/\/www.visitfiemme.it\/de\/veranstaltungen\/fiemme-cembra-guest-card\/erlebnisse\/erlebnisse-sommer\" target=\"_blank\" rel=\"noopener\">hier<\/a> zum Buchen<\/p>\n<\/div><p class='eventon_shad_p' style='padding:5px 0 0; margin:0'>\n\t\t\t<span class='evcal_btn evo_btn_secondary evobtn_details_show_more' content='less'>\n\t\t\t\t<span class='ev_more_text' data-txt='Weniger'>Mehr<\/span><span class='ev_more_arrow ard'><\/span>\n\t\t\t<\/span>\n\t\t<\/p><div class='clear'><\/div>\n\t\t\t<\/div>\n\t\t<\/div>\n\t<\/div><\/div><\/div><div class='evocard_row bx2 bx'><div id='event_time' class='evocard_box time' data-c='' \n\t\t\t\t\tstyle=''><div class='evo_metarow_time evorow evcal_evdata_row evcal_evrow_sm '>\n\t\t<span class='evcal_evdata_icons'><i class='fa fa-clock'><\/i><\/span>\n\t\t<div class='evcal_evdata_cell'>\t\t\t\t\t\t\t\n\t\t\t<h3 class='evo_h3'><span class='evcal_evdata_icons'><i class='fa fa-clock'><\/i><\/span>Zeitplan<\/h3><p><span class='evo_eventcard_time_t'>16 Juli 2026 17:00 - 19:15<\/span><span class='evo_tz marr5'>(GMT+02:00)<\/span><\/p>\n\t\t<\/div>\n\t<\/div><\/div><div id='event_location' class='evocard_box location' data-c='' \n\t\t\t\t\tstyle=''><div class='evcal_evdata_row evo_metarow_time_location evorow '>\n\t\t\n\t\t\t<span class='evcal_evdata_icons'><i class='fa fa-map-marker'><\/i><\/span>\n\t\t\t<div class='evcal_evdata_cell' data-loc_tax_id='32'><h3 class='evo_h3 evodfx'><span class='evcal_evdata_icons'><i class='fa fa-map-marker'><\/i><\/span>Ort<\/h3><p class='evo_location_name'>Pampeago<\/p><p class='evo_location_address evodfxi evogap10'>Localit\u00e0 Pampeago, 8, 38038 Tesero TN<\/p><div class='padt10'><span class='evo_btn_arr evolb_trigger' data-lbvals=\"{&quot;lbc&quot;:&quot;evo_location_lb_32&quot;,&quot;lbac&quot;:&quot;lb_max&quot;,&quot;t&quot;:&quot;Pampeago&quot;,&quot;ajax&quot;:&quot;yes&quot;,&quot;ajax_type&quot;:&quot;endpoint&quot;,&quot;ajax_action&quot;:&quot;eventon_get_tax_card_content&quot;,&quot;end&quot;:&quot;client&quot;,&quot;d&quot;:{&quot;lang&quot;:&quot;L2&quot;,&quot;term_id&quot;:32,&quot;tax&quot;:&quot;event_location&quot;,&quot;load_lbcontent&quot;:true},&quot;uid&quot;:&quot;eventon_get_tax_card_content&quot;}\" >Other Events<i class='fa fa-chevron-right'><\/i><\/span><\/div><\/div>\n\t\t\n\t<\/div><\/div><\/div><div class='evocard_row'><div id='event_addtocal' class='evocard_box addtocal' data-c='' \n\t\t\t\t\tstyle=''><div class='evo_metarow_ICS evorow evcal_evdata_row'>\n\t\t\t<span class='evcal_evdata_icons'><i class='fa fa-calendar-o'><\/i><\/span>\n\t\t\t<div class='evcal_evdata_cell'>\n\t\t\t\t<p><a href='https:\/\/latemarium.com\/de\/export-events\/2198_3\/?nonce=7b34e59f7d' class='evo_ics_nCal' title='Zu Ihrem Kalender hinzuf\u00fcgen'>Kalender<\/a><a href='https:\/\/www.google.com\/calendar\/event?action=TEMPLATE&text=PilYoga&dates=20260716T150000Z%2F20260716T171500Z&ctz=Europe%2FRome&details=PilYoga&location=Pampeago+Localit%C3%A0+Pampeago%2C+8%2C+38038+Tesero+TN' target='_blank' class='evo_ics_gCal' title='Zu Google Kalender hinzuf\u00fcgen'>GoogleCal<\/a><\/p>\t\n\t\t\t<\/div>\n\t\t<\/div><\/div><\/div><div class='evocard_row'><div id='event_getdirection' class='evocard_box getdirection' data-c='' \n\t\t\t\t\tstyle=''><div class='evo_metarow_getDr evorow evcal_evdata_row evcal_evrow_sm getdirections'>\n\t\t<form action='https:\/\/maps.google.com\/maps' method='get' target='_blank'>\n\t\t\t<input type='hidden' name='daddr' value=\"Localit\u00e0 Pampeago, 8, 38038 Tesero TN\"\/> \n\t\t\t<div class='evo_get_direction_content evo_fx_dr_r evogap10'>\n\t\t\t\t<span class='evogetdir_header evodfx evofx_dr_r evofx_ai_c marr10'>\n\t\t\t\t\t<i class='mainicon fa fa-road'><\/i> \n\t\t\t\t\t<h3 class='evo_h3' style='padding-bottom:5px;'>Wegbeschreibung abrufen<\/h3>\n\t\t\t\t<\/span>\n\t\t\t\t<span class='evogetdir_field evodfx evofx_1_1 evo_fx_dr_c evow100p'>\t\t\t\t\t\n\t\t\t\t\t<input class='evoInput evotac' type='text' name='saddr' placeholder='&quot;Geben Sie die Adresse ein' value='' style='margin:10px 0;'\/>\n\t\t\t\t<\/span>\n\t\t\t\t<button type='submit' class='evo_get_direction_button evo_btn_arr_circ dfx fx_ai_c' title='&quot;Klicken Sie hier'><i class='fa fa-chevron-right'><\/i> <\/button>\n\t\t\t<\/div>\n\t\t<\/form>\n\t<\/div><\/div><\/div><div class='evo_card_row_end evcal_close' title='Schlie\u00dfen'><\/div><\/div><div class='clear end'><\/div><\/div><div id=\"event_2203_3\" class=\"eventon_list_event evo_eventtop scheduled  event clrD event_2203_3\" data-event_id=\"2203\" data-ri=\"3r\" data-time=\"1784214900-1784222100\" data-colr=\"#ba181d\" itemscope itemtype='http:\/\/schema.org\/Event'><div class=\"evo_event_schema\" style=\"display:none\" ><a itemprop='url'  href='https:\/\/latemarium.com\/de\/events\/e-bike-latemar-tour\/var\/ri-3.l-L2'><\/a><meta itemprop='image' content=\"https:\/\/latemarium.com\/wp-content\/uploads\/2023\/06\/e-bike-tour.jpg\" \/><meta itemprop='startDate' content=\"2026-7-16T17:15+0:00\" \/><meta itemprop='endDate' content=\"2026-7-16T19:15+0:00\" \/><meta itemprop='eventStatus' content=\"https:\/\/schema.org\/EventScheduled\" \/><meta itemprop='eventAttendanceMode'   itemscope itemtype=\"https:\/\/schema.org\/OfflineEventAttendanceMode\"\/><div style=\"display:none\" itemprop=\"location\" itemscope itemtype=\"http:\/\/schema.org\/Place\"><span itemprop=\"name\">Pampeago<\/span><span itemprop=\"address\" itemscope itemtype=\"http:\/\/schema.org\/PostalAddress\"><item itemprop=\"streetAddress\">Localit\u00e0 Pampeago, 8, 38038 Tesero TN<\/item><\/span><\/div><script type=\"application\/ld+json\">{\"@context\": \"http:\/\/schema.org\",\"@type\": \"Event\",\n\t\t\t\t\"@id\": \"event_2203_3\",\n\t\t\t\t\"eventAttendanceMode\":\"https:\/\/schema.org\/OfflineEventAttendanceMode\",\n\t\t\t\t\"eventStatus\":\"https:\/\/schema.org\/EventScheduled\",\n\t\t\t\t\"name\": \"E-Bike Latemar Tour\",\n\t\t\t\t\"url\": \"https:\/\/latemarium.com\/de\/events\/e-bike-latemar-tour\/var\/ri-3.l-L2\",\n\t\t\t\t\"startDate\": \"2026-7-16T17:15+0:00\",\n\t\t\t\t\"endDate\": \"2026-7-16T19:15+0:00\",\n\t\t\t\t\"image\":\"https:\/\/latemarium.com\/wp-content\/uploads\/2023\/06\/e-bike-tour.jpg\", \n\t\t\t\t\"description\":\"<p><strong>Jeden Donnerstag vom 25. Juni bis 3. September 2026<\/strong><\/p> <p>Treffpunkt mit Reisef\u00fchrer Andrea um 17.15 Uhr in Pampeago (an der Liftkasse)<br \/> Dauer: von 17.15 bis 19.15 Uhr<br \/> <em>Maximal 8 Personen.\u00a0<\/em>+16 Jahre<\/p> <p class='p1'>F\u00fcr E-Bike-Begeisterte mit mittlerem Niveau haben wir uns eine Tour zur Entdeckung des Latemars mit atemberaubender Aussicht auf die Umgebung \u00fcberlegt. Es wird eine angenehme Route sein und dank der Tretunterst\u00fctzung k\u00f6nnen Sie den H\u00f6henunterschied bew\u00e4ltigen, der Sie zum Gipfel im Treska-Gebiet f\u00fchrt. Es ist der perfekte Moment des Tages: Der Berg ist leer, Sie k\u00f6nnen die Stille der Natur genie\u00dfen und die Farben der \u201egoldenen Stunde\u201c genie\u00dfen.<br \/> Am Ende Ihrer Tour erwartet Sie im Chalet Caserina ein kleiner \u201eAperitivo\u201c.<br \/> Sie k\u00f6nnen das Fahrrad direkt im Shop von Sport Ventura, direkt unterhalb Ihres Startpunkts, ausleihen.<\/p> <p class='p1'><em>Bei Regen ist keine Aktivit\u00e4t vorgesehen.<\/em><\/p> <p>Klicken Sie <a href='https:\/\/www.visitfiemme.it\/de\/veranstaltungen\/fiemme-cembra-guest-card\/erlebnisse\/erlebnisse-sommer' target='_blank' rel='noopener'>hier<\/a> zum Buchen<\/p> \",\"location\":[{\"@type\":\"Place\",\"name\":\"Pampeago\",\"address\":{\"@type\": \"PostalAddress\",\"streetAddress\":\"Localit\u00e0 Pampeago, 8, 38038 Tesero TN\"}}]}<\/script><\/div>\r\n\t\t\t\t<p class=\"desc_trig_outter\" style=\"\"><a data-gmtrig=\"1\" data-exlk=\"0\" style=\"background-color: #ba181d;\" id=\"evc_17842149002203\" class=\"hasFtIMG event_repeat desc_trig sin_val evcal_list_a\" data-ux_val=\"3\" data-ux_val_mob=\"-\"  ><span class='evoet_c1 evoet_cx '><span class='ev_ftImg' data-img='https:\/\/latemarium.com\/wp-content\/uploads\/2023\/06\/e-bike-tour.jpg' data-thumb='https:\/\/latemarium.com\/wp-content\/uploads\/2023\/06\/e-bike-tour-300x169.jpg' style='background-image:url(\"https:\/\/latemarium.com\/wp-content\/uploads\/2023\/06\/e-bike-tour-300x169.jpg\")' ><\/span><\/span><span class='evoet_c2 evoet_cx '><span class='evoet_dayblock evcal_cblock ' data-bgcolor='#ba181d' data-smon='Juli' data-syr='2026' data-bub=''><span class='evo_start '><em class='date'>16<\/em><em class='month'>Jul<\/em><em class='time'>17:15<\/em><\/span><span class='evo_end only_time'><em class='time'>19:15<\/em><\/span><\/span><\/span><span class='evoet_c3 evoet_cx evcal_desc hide_eventtopdata '><span class='evoet_title evcal_desc2 evcal_event_title ' itemprop='name'>E-Bike Latemar Tour<\/span><span class='event_location_attrs'  data-location_address=\"Localit\u00e0 Pampeago, 8, 38038 Tesero TN\" data-location_type=\"lonlat\" data-location_name=\"Pampeago\" data-location_url=\"https:\/\/latemarium.com\/de\/event-location\/pampeago-de\/\" data-location_status=\"true\" data-latlng=\"46.34343697644898,11.540997527961546\"><\/span><span class='evoet_subtitle evo_below_title' ><span class='evcal_event_subtitle ' >F\u00fcr E-Bike-Begeisterte<\/span><\/span><span class='evoet_time_expand level_3'><em class='evcal_time evo_tz_time'><i class='fa fa-clock-o'><\/i>17:15 - 19:15<span class='evo_tz marl5'>(GMT+02:00)<\/span><\/em> <\/span><span class='evoet_location level_3'><em class=\"evcal_location\"  data-latlng=\"46.34343697644898,11.540997527961546\" data-add_str=\"Localit\u00e0 Pampeago, 8, 38038 Tesero TN\" data-n=\"Pampeago\"><i class=\"fa fa-location-pin\"><\/i><em class=\"event_location_name\">Pampeago<\/em>, Localit\u00e0 Pampeago, 8, 38038 Tesero TN<\/em><\/span><\/span><span class='evoet_data' data-d=\"{&quot;loc.n&quot;:&quot;Pampeago&quot;,&quot;orgs&quot;:[],&quot;tags&quot;:{&quot;repeating&quot;:&quot;Repeating Event&quot;}}\" data-bgc=\"#ba181d\" data-bggrad=\"\" ><\/span><\/a><\/p><div class='event_description evcal_eventcard ' style=\"display:none\"><div class='evocard_row'><div id='event_ftimage' class='evocard_box ftimage' data-c='' \n\t\t\t\t\tstyle=''><div class='evocard_main_image_hold' data-t='Loading Image..'><div class='evocard_main_image evo_img_triglb evobr15 evobgsc evobgpc evodfx evofx_jc_c evofx_ai_c evofz48 minmized' style='height:300px; background-image:url();' data-f=\"https:\/\/latemarium.com\/wp-content\/uploads\/2023\/06\/e-bike-tour.jpg\" data-h=\"675\" data-w=\"1200\" data-ratio=\"0.5625\" data-event_id=\"2203\" data-ri=\"3\"  data-t='Loading Image..'><span style='height:300px; background-image:url(https:\/\/latemarium.com\/wp-content\/uploads\/2023\/06\/e-bike-tour.jpg)'><\/span><\/div><\/div><\/div><\/div><div class='evocard_row'><div id='event_eventdetails' class='evocard_box eventdetails' data-c='' \n\t\t\t\t\tstyle=''><div class='evo_metarow_details evorow evcal_evdata_row evcal_event_details'>\n\t\t<div class=\"event_excerpt\" style=\"display:none\"><h3 class=\"padb5 evo_h3\">Details zur Veranstaltung<\/h3><p>Jeden Donnerstag vom 25. Juni bis 3. September 2026\nTreffpunkt mit Reisef\u00fchrer Andrea um 17.15 Uhr in Pampeago (an der Liftkasse)\nDauer: von 17.15 bis 19.15 Uhr\nMaximal 8 Personen.\u00a0+16 Jahre<\/p><\/div><span class='evcal_evdata_icons'><i class='fa fa-align-justify'><\/i><\/span>\n\t\t\n\t\t<div class='evcal_evdata_cell shorter_desc'>\n\t\t\t<div class='eventon_full_description'>\n\t\t\t\t<h3 class='padb5 evo_h3'><span class='evcal_evdata_icons'><i class='fa fa-align-justify'><\/i><\/span>Details zur Veranstaltung<\/h3>\n\t\t\t\t<div class='eventon_desc_in' itemprop='description'>\n\t\t\t\t<p><strong>Jeden Donnerstag vom 25. Juni bis 3. September 2026<\/strong><\/p>\n<p>Treffpunkt mit Reisef\u00fchrer Andrea um 17.15 Uhr in Pampeago (an der Liftkasse)<br \/>\nDauer: von 17.15 bis 19.15 Uhr<br \/>\n<em>Maximal 8 Personen.\u00a0<\/em>+16 Jahre<\/p>\n<p class=\"p1\">F\u00fcr E-Bike-Begeisterte mit mittlerem Niveau haben wir uns eine Tour zur Entdeckung des Latemars mit atemberaubender Aussicht auf die Umgebung \u00fcberlegt. Es wird eine angenehme Route sein und dank der Tretunterst\u00fctzung k\u00f6nnen Sie den H\u00f6henunterschied bew\u00e4ltigen, der Sie zum Gipfel im Treska-Gebiet f\u00fchrt. Es ist der perfekte Moment des Tages: Der Berg ist leer, Sie k\u00f6nnen die Stille der Natur genie\u00dfen und die Farben der \u201egoldenen Stunde\u201c genie\u00dfen.<br \/>\nAm Ende Ihrer Tour erwartet Sie im Chalet Caserina ein kleiner \u201eAperitivo\u201c.<br \/>\nSie k\u00f6nnen das Fahrrad direkt im Shop von Sport Ventura, direkt unterhalb Ihres Startpunkts, ausleihen.<\/p>\n<p class=\"p1\"><em>Bei Regen ist keine Aktivit\u00e4t vorgesehen.<\/em><\/p>\n<p>Klicken Sie <a href=\"https:\/\/www.visitfiemme.it\/de\/veranstaltungen\/fiemme-cembra-guest-card\/erlebnisse\/erlebnisse-sommer\" target=\"_blank\" rel=\"noopener\">hier<\/a> zum Buchen<\/p>\n<\/div><p class='eventon_shad_p' style='padding:5px 0 0; margin:0'>\n\t\t\t<span class='evcal_btn evo_btn_secondary evobtn_details_show_more' content='less'>\n\t\t\t\t<span class='ev_more_text' data-txt='Weniger'>Mehr<\/span><span class='ev_more_arrow ard'><\/span>\n\t\t\t<\/span>\n\t\t<\/p><div class='clear'><\/div>\n\t\t\t<\/div>\n\t\t<\/div>\n\t<\/div><\/div><\/div><div class='evocard_row bx2 bx'><div id='event_time' class='evocard_box time' data-c='' \n\t\t\t\t\tstyle=''><div class='evo_metarow_time evorow evcal_evdata_row evcal_evrow_sm '>\n\t\t<span class='evcal_evdata_icons'><i class='fa fa-clock'><\/i><\/span>\n\t\t<div class='evcal_evdata_cell'>\t\t\t\t\t\t\t\n\t\t\t<h3 class='evo_h3'><span class='evcal_evdata_icons'><i class='fa fa-clock'><\/i><\/span>Zeitplan<\/h3><p><span class='evo_eventcard_time_t'>16 Juli 2026 17:15 - 19:15<\/span><span class='evo_tz marr5'>(GMT+02:00)<\/span><\/p>\n\t\t<\/div>\n\t<\/div><\/div><div id='event_location' class='evocard_box location' data-c='' \n\t\t\t\t\tstyle=''><div class='evcal_evdata_row evo_metarow_time_location evorow '>\n\t\t\n\t\t\t<span class='evcal_evdata_icons'><i class='fa fa-map-marker'><\/i><\/span>\n\t\t\t<div class='evcal_evdata_cell' data-loc_tax_id='32'><h3 class='evo_h3 evodfx'><span class='evcal_evdata_icons'><i class='fa fa-map-marker'><\/i><\/span>Ort<\/h3><p class='evo_location_name'>Pampeago<\/p><p class='evo_location_address evodfxi evogap10'>Localit\u00e0 Pampeago, 8, 38038 Tesero TN<\/p><div class='padt10'><span class='evo_btn_arr evolb_trigger' data-lbvals=\"{&quot;lbc&quot;:&quot;evo_location_lb_32&quot;,&quot;lbac&quot;:&quot;lb_max&quot;,&quot;t&quot;:&quot;Pampeago&quot;,&quot;ajax&quot;:&quot;yes&quot;,&quot;ajax_type&quot;:&quot;endpoint&quot;,&quot;ajax_action&quot;:&quot;eventon_get_tax_card_content&quot;,&quot;end&quot;:&quot;client&quot;,&quot;d&quot;:{&quot;lang&quot;:&quot;L2&quot;,&quot;term_id&quot;:32,&quot;tax&quot;:&quot;event_location&quot;,&quot;load_lbcontent&quot;:true},&quot;uid&quot;:&quot;eventon_get_tax_card_content&quot;}\" >Other Events<i class='fa fa-chevron-right'><\/i><\/span><\/div><\/div>\n\t\t\n\t<\/div><\/div><\/div><div class='evocard_row'><div id='event_addtocal' class='evocard_box addtocal' data-c='' \n\t\t\t\t\tstyle=''><div class='evo_metarow_ICS evorow evcal_evdata_row'>\n\t\t\t<span class='evcal_evdata_icons'><i class='fa fa-calendar-o'><\/i><\/span>\n\t\t\t<div class='evcal_evdata_cell'>\n\t\t\t\t<p><a href='https:\/\/latemarium.com\/de\/export-events\/2203_3\/?nonce=7b34e59f7d' class='evo_ics_nCal' title='Zu Ihrem Kalender hinzuf\u00fcgen'>Kalender<\/a><a href='https:\/\/www.google.com\/calendar\/event?action=TEMPLATE&text=E-Bike+Latemar+Tour&dates=20260716T151500Z%2F20260716T171500Z&ctz=Europe%2FRome&details=E-Bike Latemar Tour&location=Pampeago+Localit%C3%A0+Pampeago%2C+8%2C+38038+Tesero+TN' target='_blank' class='evo_ics_gCal' title='Zu Google Kalender hinzuf\u00fcgen'>GoogleCal<\/a><\/p>\t\n\t\t\t<\/div>\n\t\t<\/div><\/div><\/div><div class='evocard_row'><div id='event_getdirection' class='evocard_box getdirection' data-c='' \n\t\t\t\t\tstyle=''><div class='evo_metarow_getDr evorow evcal_evdata_row evcal_evrow_sm getdirections'>\n\t\t<form action='https:\/\/maps.google.com\/maps' method='get' target='_blank'>\n\t\t\t<input type='hidden' name='daddr' value=\"Localit\u00e0 Pampeago, 8, 38038 Tesero TN\"\/> \n\t\t\t<div class='evo_get_direction_content evo_fx_dr_r evogap10'>\n\t\t\t\t<span class='evogetdir_header evodfx evofx_dr_r evofx_ai_c marr10'>\n\t\t\t\t\t<i class='mainicon fa fa-road'><\/i> \n\t\t\t\t\t<h3 class='evo_h3' style='padding-bottom:5px;'>Wegbeschreibung abrufen<\/h3>\n\t\t\t\t<\/span>\n\t\t\t\t<span class='evogetdir_field evodfx evofx_1_1 evo_fx_dr_c evow100p'>\t\t\t\t\t\n\t\t\t\t\t<input class='evoInput evotac' type='text' name='saddr' placeholder='&quot;Geben Sie die Adresse ein' value='' style='margin:10px 0;'\/>\n\t\t\t\t<\/span>\n\t\t\t\t<button type='submit' class='evo_get_direction_button evo_btn_arr_circ dfx fx_ai_c' title='&quot;Klicken Sie hier'><i class='fa fa-chevron-right'><\/i> <\/button>\n\t\t\t<\/div>\n\t\t<\/form>\n\t<\/div><\/div><\/div><div class='evo_card_row_end evcal_close' title='Schlie\u00dfen'><\/div><\/div><div class='clear end'><\/div><\/div><div id=\"event_2498_3\" class=\"eventon_list_event evo_eventtop scheduled  event clrW no_et event_2498_3\" data-event_id=\"2498\" data-ri=\"3r\" data-time=\"1784273400-1784325540\" data-colr=\"#6baeff\" itemscope itemtype='http:\/\/schema.org\/Event'><div class=\"evo_event_schema\" style=\"display:none\" ><a itemprop='url'  href='https:\/\/latemarium.com\/de\/events\/respirart-kunst-und-schoenheit-schaffen\/var\/ri-3.l-L2'><\/a><meta itemprop='image' content=\"https:\/\/latemarium.com\/wp-content\/uploads\/2021\/05\/respirart-vita-e-bellezza.jpg\" \/><meta itemprop='startDate' content=\"2026-7-17T09:30+0:00\" \/><meta itemprop='endDate' content=\"2026-7-17T23:59+0:00\" \/><meta itemprop='eventStatus' content=\"https:\/\/schema.org\/EventScheduled\" \/><meta itemprop='eventAttendanceMode'   itemscope itemtype=\"https:\/\/schema.org\/OfflineEventAttendanceMode\"\/><div style=\"display:none\" itemprop=\"location\" itemscope itemtype=\"http:\/\/schema.org\/Place\"><span itemprop=\"name\">Pampeago<\/span><span itemprop=\"address\" itemscope itemtype=\"http:\/\/schema.org\/PostalAddress\"><item itemprop=\"streetAddress\">Localit\u00e0 Pampeago, 8, 38038 Tesero TN<\/item><\/span><\/div><script type=\"application\/ld+json\">{\"@context\": \"http:\/\/schema.org\",\"@type\": \"Event\",\n\t\t\t\t\"@id\": \"event_2498_3\",\n\t\t\t\t\"eventAttendanceMode\":\"https:\/\/schema.org\/OfflineEventAttendanceMode\",\n\t\t\t\t\"eventStatus\":\"https:\/\/schema.org\/EventScheduled\",\n\t\t\t\t\"name\": \"Respirart: Kunst und Sch\u00f6nheit schaffen\",\n\t\t\t\t\"url\": \"https:\/\/latemarium.com\/de\/events\/respirart-kunst-und-schoenheit-schaffen\/var\/ri-3.l-L2\",\n\t\t\t\t\"startDate\": \"2026-7-17T09:30+0:00\",\n\t\t\t\t\"endDate\": \"2026-7-17T23:59+0:00\",\n\t\t\t\t\"image\":\"https:\/\/latemarium.com\/wp-content\/uploads\/2021\/05\/respirart-vita-e-bellezza.jpg\", \n\t\t\t\t\"description\":\"<p><strong>Jeden Freitag vom 26. Juni bis 11. September 2026<\/strong><\/p> <p>RespirArt ist ein Umwelt- und Kunstworkshop f\u00fcr alle, ob jung oder alt. Wir werden Kunstwerke auf spielerische Art und Weise entdecken.<br \/> Treffen Sie sich um 9.30 Uhr am Start des Sessellifts Pampeago-Agnello mit dem Kunstf\u00fchrer, der Ihnen die Samen zum \u00dcberfliegen des RespirArt-Parks gibt. Im Rahmen des Kunst-Workshops werden die Kinder mit nat\u00fcrlichen Materialien kleine Kunstwerke an Land schaffen.<\/p> <p>Reservierung erforderlich.<\/p> <p>Klicken Sie <a href='https:\/\/www.visitfiemme.it\/de\/veranstaltungen\/fiemme-cembra-guest-card\/erlebnisse\/erlebnisse-sommer' target='_blank' rel='noopener'>hier<\/a>, zum Buchen.<\/p> \",\"location\":[{\"@type\":\"Place\",\"name\":\"Pampeago\",\"address\":{\"@type\": \"PostalAddress\",\"streetAddress\":\"Localit\u00e0 Pampeago, 8, 38038 Tesero TN\"}}]}<\/script><\/div>\r\n\t\t\t\t<p class=\"desc_trig_outter\" style=\"\"><a data-gmtrig=\"1\" data-exlk=\"0\" style=\"background-color: #6baeff;\" id=\"evc_17842734002498\" class=\"hasFtIMG event_repeat desc_trig sin_val evcal_list_a\" data-ux_val=\"3\" data-ux_val_mob=\"-\"  ><span class='evoet_c1 evoet_cx '><span class='ev_ftImg' data-img='https:\/\/latemarium.com\/wp-content\/uploads\/2021\/05\/respirart-vita-e-bellezza.jpg' data-thumb='https:\/\/latemarium.com\/wp-content\/uploads\/2021\/05\/respirart-vita-e-bellezza-300x201.jpg' style='background-image:url(\"https:\/\/latemarium.com\/wp-content\/uploads\/2021\/05\/respirart-vita-e-bellezza-300x201.jpg\")' ><\/span><\/span><span class='evoet_c2 evoet_cx '><span class='evoet_dayblock evcal_cblock ' data-bgcolor='#6baeff' data-smon='Juli' data-syr='2026' data-bub=''><span class='evo_start '><em class='date'>17<\/em><em class='month'>Jul<\/em><em class='time'>09:30<\/em><\/span><\/span><\/span><span class='evoet_c3 evoet_cx evcal_desc hide_eventtopdata '><span class='evoet_title evcal_desc2 evcal_event_title ' itemprop='name'>Respirart: Kunst und Sch\u00f6nheit schaffen<\/span><span class='event_location_attrs'  data-location_address=\"Localit\u00e0 Pampeago, 8, 38038 Tesero TN\" data-location_type=\"lonlat\" data-location_name=\"Pampeago\" data-location_url=\"https:\/\/latemarium.com\/de\/event-location\/pampeago-de\/\" data-location_status=\"true\" data-latlng=\"46.34343697644898,11.540997527961546\"><\/span><span class='evoet_subtitle evo_below_title' ><span class='evcal_event_subtitle ' >Kunst-Workshop<\/span><\/span><span class='evoet_time_expand level_3'><em class='evcal_time evo_tz_time'><i class='fa fa-clock-o'><\/i>09:30<span class='evo_tz marl5'>(GMT+02:00)<\/span><\/em> <\/span><span class='evoet_location level_3'><em class=\"evcal_location\"  data-latlng=\"46.34343697644898,11.540997527961546\" data-add_str=\"Localit\u00e0 Pampeago, 8, 38038 Tesero TN\" data-n=\"Pampeago\"><i class=\"fa fa-location-pin\"><\/i><em class=\"event_location_name\">Pampeago<\/em>, Localit\u00e0 Pampeago, 8, 38038 Tesero TN<\/em><\/span><\/span><span class='evoet_data' data-d=\"{&quot;loc.n&quot;:&quot;Pampeago&quot;,&quot;orgs&quot;:[],&quot;tags&quot;:{&quot;repeating&quot;:&quot;Repeating Event&quot;}}\" data-bgc=\"#6baeff\" data-bggrad=\"\" ><\/span><\/a><\/p><div class='event_description evcal_eventcard ' style=\"display:none\"><div class='evocard_row'><div id='event_ftimage' class='evocard_box ftimage' data-c='' \n\t\t\t\t\tstyle=''><div class='evocard_main_image_hold' data-t='Loading Image..'><div class='evocard_main_image evo_img_triglb evobr15 evobgsc evobgpc evodfx evofx_jc_c evofx_ai_c evofz48 minmized' style='height:300px; background-image:url();' data-f=\"https:\/\/latemarium.com\/wp-content\/uploads\/2021\/05\/respirart-vita-e-bellezza.jpg\" data-h=\"602\" data-w=\"899\" data-ratio=\"0.66963292547275\" data-event_id=\"2498\" data-ri=\"3\"  data-t='Loading Image..'><span style='height:300px; background-image:url(https:\/\/latemarium.com\/wp-content\/uploads\/2021\/05\/respirart-vita-e-bellezza.jpg)'><\/span><\/div><\/div><\/div><\/div><div class='evocard_row'><div id='event_eventdetails' class='evocard_box eventdetails' data-c='' \n\t\t\t\t\tstyle=''><div class='evo_metarow_details evorow evcal_evdata_row evcal_event_details'>\n\t\t<div class=\"event_excerpt\" style=\"display:none\"><h3 class=\"padb5 evo_h3\">Details zur Veranstaltung<\/h3><p>Jeden Freitag vom 26. Juni bis 11. September 2026\nRespirArt ist ein Umwelt- und Kunstworkshop f\u00fcr alle, ob jung oder alt. Wir werden Kunstwerke auf spielerische Art und Weise entdecken.\nTreffen<\/p><\/div><span class='evcal_evdata_icons'><i class='fa fa-align-justify'><\/i><\/span>\n\t\t\n\t\t<div class='evcal_evdata_cell shorter_desc'>\n\t\t\t<div class='eventon_full_description'>\n\t\t\t\t<h3 class='padb5 evo_h3'><span class='evcal_evdata_icons'><i class='fa fa-align-justify'><\/i><\/span>Details zur Veranstaltung<\/h3>\n\t\t\t\t<div class='eventon_desc_in' itemprop='description'>\n\t\t\t\t<p><strong>Jeden Freitag vom 26. Juni bis 11. September 2026<\/strong><\/p>\n<p>RespirArt ist ein Umwelt- und Kunstworkshop f\u00fcr alle, ob jung oder alt. Wir werden Kunstwerke auf spielerische Art und Weise entdecken.<br \/>\nTreffen Sie sich um 9.30 Uhr am Start des Sessellifts Pampeago-Agnello mit dem Kunstf\u00fchrer, der Ihnen die Samen zum \u00dcberfliegen des RespirArt-Parks gibt. Im Rahmen des Kunst-Workshops werden die Kinder mit nat\u00fcrlichen Materialien kleine Kunstwerke an Land schaffen.<\/p>\n<p>Reservierung erforderlich.<\/p>\n<p>Klicken Sie <a href=\"https:\/\/www.visitfiemme.it\/de\/veranstaltungen\/fiemme-cembra-guest-card\/erlebnisse\/erlebnisse-sommer\" target=\"_blank\" rel=\"noopener\">hier<\/a>, zum Buchen.<\/p>\n<\/div><p class='eventon_shad_p' style='padding:5px 0 0; margin:0'>\n\t\t\t<span class='evcal_btn evo_btn_secondary evobtn_details_show_more' content='less'>\n\t\t\t\t<span class='ev_more_text' data-txt='Weniger'>Mehr<\/span><span class='ev_more_arrow ard'><\/span>\n\t\t\t<\/span>\n\t\t<\/p><div class='clear'><\/div>\n\t\t\t<\/div>\n\t\t<\/div>\n\t<\/div><\/div><\/div><div class='evocard_row bx2 bx'><div id='event_time' class='evocard_box time' data-c='' \n\t\t\t\t\tstyle=''><div class='evo_metarow_time evorow evcal_evdata_row evcal_evrow_sm '>\n\t\t<span class='evcal_evdata_icons'><i class='fa fa-clock'><\/i><\/span>\n\t\t<div class='evcal_evdata_cell'>\t\t\t\t\t\t\t\n\t\t\t<h3 class='evo_h3'><span class='evcal_evdata_icons'><i class='fa fa-clock'><\/i><\/span>Zeitplan<\/h3><p><span class='evo_eventcard_time_t'>17 Juli 2026 09:30<\/span><span class='evo_tz marr5'>(GMT+02:00)<\/span><\/p>\n\t\t<\/div>\n\t<\/div><\/div><div id='event_location' class='evocard_box location' data-c='' \n\t\t\t\t\tstyle=''><div class='evcal_evdata_row evo_metarow_time_location evorow '>\n\t\t\n\t\t\t<span class='evcal_evdata_icons'><i class='fa fa-map-marker'><\/i><\/span>\n\t\t\t<div class='evcal_evdata_cell' data-loc_tax_id='32'><h3 class='evo_h3 evodfx'><span class='evcal_evdata_icons'><i class='fa fa-map-marker'><\/i><\/span>Ort<\/h3><p class='evo_location_name'>Pampeago<\/p><p class='evo_location_address evodfxi evogap10'>Localit\u00e0 Pampeago, 8, 38038 Tesero TN<\/p><div class='padt10'><span class='evo_btn_arr evolb_trigger' data-lbvals=\"{&quot;lbc&quot;:&quot;evo_location_lb_32&quot;,&quot;lbac&quot;:&quot;lb_max&quot;,&quot;t&quot;:&quot;Pampeago&quot;,&quot;ajax&quot;:&quot;yes&quot;,&quot;ajax_type&quot;:&quot;endpoint&quot;,&quot;ajax_action&quot;:&quot;eventon_get_tax_card_content&quot;,&quot;end&quot;:&quot;client&quot;,&quot;d&quot;:{&quot;lang&quot;:&quot;L2&quot;,&quot;term_id&quot;:32,&quot;tax&quot;:&quot;event_location&quot;,&quot;load_lbcontent&quot;:true},&quot;uid&quot;:&quot;eventon_get_tax_card_content&quot;}\" >Other Events<i class='fa fa-chevron-right'><\/i><\/span><\/div><\/div>\n\t\t\n\t<\/div><\/div><\/div><div class='evocard_row'><div id='event_addtocal' class='evocard_box addtocal' data-c='' \n\t\t\t\t\tstyle=''><div class='evo_metarow_ICS evorow evcal_evdata_row'>\n\t\t\t<span class='evcal_evdata_icons'><i class='fa fa-calendar-o'><\/i><\/span>\n\t\t\t<div class='evcal_evdata_cell'>\n\t\t\t\t<p><a href='https:\/\/latemarium.com\/de\/export-events\/2498_3\/?nonce=7b34e59f7d' class='evo_ics_nCal' title='Zu Ihrem Kalender hinzuf\u00fcgen'>Kalender<\/a><a href='https:\/\/www.google.com\/calendar\/event?action=TEMPLATE&text=Respirart%3A+Kunst+und+Sch%C3%B6nheit+schaffen&dates=20260717T073000Z%2F20260717T215900Z&ctz=Europe%2FRome&details=Respirart: Kunst und Sch\u00f6nheit schaffen&location=Pampeago+Localit%C3%A0+Pampeago%2C+8%2C+38038+Tesero+TN' target='_blank' class='evo_ics_gCal' title='Zu Google Kalender hinzuf\u00fcgen'>GoogleCal<\/a><\/p>\t\n\t\t\t<\/div>\n\t\t<\/div><\/div><\/div><div class='evocard_row'><div id='event_getdirection' class='evocard_box getdirection' data-c='' \n\t\t\t\t\tstyle=''><div class='evo_metarow_getDr evorow evcal_evdata_row evcal_evrow_sm getdirections'>\n\t\t<form action='https:\/\/maps.google.com\/maps' method='get' target='_blank'>\n\t\t\t<input type='hidden' name='daddr' value=\"Localit\u00e0 Pampeago, 8, 38038 Tesero TN\"\/> \n\t\t\t<div class='evo_get_direction_content evo_fx_dr_r evogap10'>\n\t\t\t\t<span class='evogetdir_header evodfx evofx_dr_r evofx_ai_c marr10'>\n\t\t\t\t\t<i class='mainicon fa fa-road'><\/i> \n\t\t\t\t\t<h3 class='evo_h3' style='padding-bottom:5px;'>Wegbeschreibung abrufen<\/h3>\n\t\t\t\t<\/span>\n\t\t\t\t<span class='evogetdir_field evodfx evofx_1_1 evo_fx_dr_c evow100p'>\t\t\t\t\t\n\t\t\t\t\t<input class='evoInput evotac' type='text' name='saddr' placeholder='&quot;Geben Sie die Adresse ein' value='' style='margin:10px 0;'\/>\n\t\t\t\t<\/span>\n\t\t\t\t<button type='submit' class='evo_get_direction_button evo_btn_arr_circ dfx fx_ai_c' title='&quot;Klicken Sie hier'><i class='fa fa-chevron-right'><\/i> <\/button>\n\t\t\t<\/div>\n\t\t<\/form>\n\t<\/div><\/div><\/div><div class='evo_card_row_end evcal_close' title='Schlie\u00dfen'><\/div><\/div><div class='clear end'><\/div><\/div><div id=\"event_2140_4\" class=\"eventon_list_event evo_eventtop scheduled  event clrD no_et event_2140_4\" data-event_id=\"2140\" data-ri=\"4r\" data-time=\"1784451600-1784498340\" data-colr=\"#006290\" itemscope itemtype='http:\/\/schema.org\/Event'><div class=\"evo_event_schema\" style=\"display:none\" ><a itemprop='url'  href='https:\/\/latemarium.com\/de\/events\/wort-von-nikolaus-drache\/var\/ri-4.l-L2'><\/a><meta itemprop='image' content=\"https:\/\/latemarium.com\/wp-content\/uploads\/2023\/06\/foresta-dei-draghi-6.jpg\" \/><meta itemprop='startDate' content=\"2026-7-19T11:00+0:00\" \/><meta itemprop='endDate' content=\"2026-7-19T23:59+0:00\" \/><meta itemprop='eventStatus' content=\"https:\/\/schema.org\/EventScheduled\" \/><meta itemprop='eventAttendanceMode'   itemscope itemtype=\"https:\/\/schema.org\/OfflineEventAttendanceMode\"\/><script type=\"application\/ld+json\">{\"@context\": \"http:\/\/schema.org\",\"@type\": \"Event\",\n\t\t\t\t\"@id\": \"event_2140_4\",\n\t\t\t\t\"eventAttendanceMode\":\"https:\/\/schema.org\/OfflineEventAttendanceMode\",\n\t\t\t\t\"eventStatus\":\"https:\/\/schema.org\/EventScheduled\",\n\t\t\t\t\"name\": \"Wort von Nikolaus Drache\",\n\t\t\t\t\"url\": \"https:\/\/latemarium.com\/de\/events\/wort-von-nikolaus-drache\/var\/ri-4.l-L2\",\n\t\t\t\t\"startDate\": \"2026-7-19T11:00+0:00\",\n\t\t\t\t\"endDate\": \"2026-7-19T23:59+0:00\",\n\t\t\t\t\"image\":\"https:\/\/latemarium.com\/wp-content\/uploads\/2023\/06\/foresta-dei-draghi-6.jpg\", \n\t\t\t\t\"description\":\"<p>Sie springen, sie rennen, sie krabbeln, sie fliegen! Doch\u2026 sie sind nicht leicht zu sehen! Sie wissen sich gut zu verstecken \u2026 die schuppigen Schleicher! Wer sind sie? Aber die Drachen von Latemar! Einen zu treffen, und sei es nur einer, wird ein wunderbares Erlebnis sein! Ein Wort von Nikolaus Drache.<\/p> <p>Immer sonntags umd montags, vom 5. Juli bis zum 24. August 2026<br \/> bei der Bergstation der Gondelbahn Predazzo \u2013 Gardon\u00e8<br \/> um 11.00 und um 14.45 Uhr<br \/> F\u00fcr Familien mit Kindern ab 2 Jahren geeignet (Dauer: 1h30\u2018)<br \/> Vorstellung auf Italienisch<\/p> <p>&nbsp;<\/p> \"}<\/script><\/div>\r\n\t\t\t\t<p class=\"desc_trig_outter\" style=\"\"><a data-gmap_status=\"null\" data-exlk=\"0\" style=\"background-color: #006290;\" id=\"evc_17844516002140\" class=\"hasFtIMG event_repeat desc_trig sin_val evcal_list_a\" data-ux_val=\"3\" data-ux_val_mob=\"-\"  ><span class='evoet_c1 evoet_cx '><span class='ev_ftImg' data-img='https:\/\/latemarium.com\/wp-content\/uploads\/2023\/06\/foresta-dei-draghi-6.jpg' data-thumb='https:\/\/latemarium.com\/wp-content\/uploads\/2023\/06\/foresta-dei-draghi-6-300x200.jpg' style='background-image:url(\"https:\/\/latemarium.com\/wp-content\/uploads\/2023\/06\/foresta-dei-draghi-6-300x200.jpg\")' ><\/span><\/span><span class='evoet_c2 evoet_cx '><span class='evoet_dayblock evcal_cblock ' data-bgcolor='#006290' data-smon='Juli' data-syr='2026' data-bub=''><span class='evo_start '><em class='date'>19<\/em><em class='month'>Jul<\/em><em class='time'>11:00<\/em><\/span><\/span><\/span><span class='evoet_c3 evoet_cx evcal_desc hide_eventtopdata '><span class='evoet_title evcal_desc2 evcal_event_title ' itemprop='name'>Wort von Nikolaus Drache<\/span><span class='event_location_attrs' data-location_type=\"lonlat\" data-location_name=\"Seilbahn Ankunft Predazzo-Gardon\u00e8\" data-location_url=\"https:\/\/latemarium.com\/de\/event-location\/seilbahn-ankunft-predazzo-gardone\/\" data-location_status=\"true\" data-latlng=\"46.32878794406342,11.600176728690842\"><\/span><span class='evoet_subtitle evo_below_title' ><span class='evcal_event_subtitle ' >DER DRACHENWALD<\/span><\/span><span class='evoet_time_expand level_3'><em class='evcal_time evo_tz_time'><i class='fa fa-clock-o'><\/i>11:00<span class='evo_tz marl5'>(GMT+02:00)<\/span><\/em> <\/span><span class='evoet_location level_3'><em class=\"evcal_location\"  data-latlng=\"46.32878794406342,11.600176728690842\" data-add_str=\"\" data-n=\"Seilbahn Ankunft Predazzo-Gardon\u00e8\"><i class=\"fa fa-location-pin\"><\/i><em class=\"event_location_name\">Seilbahn Ankunft Predazzo-Gardon\u00e8<\/em><\/em><\/span><\/span><span class='evoet_data' data-d=\"{&quot;loc.n&quot;:&quot;Seilbahn Ankunft Predazzo-Gardon\\u00e8&quot;,&quot;orgs&quot;:[],&quot;tags&quot;:{&quot;repeating&quot;:&quot;Repeating Event&quot;}}\" data-bgc=\"#006290\" data-bggrad=\"\" ><\/span><\/a><\/p><div class='event_description evcal_eventcard ' style=\"display:none\"><div class='evocard_row'><div id='event_ftimage' class='evocard_box ftimage' data-c='' \n\t\t\t\t\tstyle=''><div class='evocard_main_image_hold' data-t='Loading Image..'><div class='evocard_main_image evo_img_triglb evobr15 evobgsc evobgpc evodfx evofx_jc_c evofx_ai_c evofz48 minmized' style='height:300px; background-image:url();' data-f=\"https:\/\/latemarium.com\/wp-content\/uploads\/2023\/06\/foresta-dei-draghi-6.jpg\" data-h=\"800\" data-w=\"1200\" data-ratio=\"0.66666666666667\" data-event_id=\"2140\" data-ri=\"4\"  data-t='Loading Image..'><span style='height:300px; background-image:url(https:\/\/latemarium.com\/wp-content\/uploads\/2023\/06\/foresta-dei-draghi-6.jpg)'><\/span><\/div><\/div><\/div><\/div><div class='evocard_row'><div id='event_eventdetails' class='evocard_box eventdetails' data-c='' \n\t\t\t\t\tstyle=''><div class='evo_metarow_details evorow evcal_evdata_row evcal_event_details'>\n\t\t<div class=\"event_excerpt\" style=\"display:none\"><h3 class=\"padb5 evo_h3\">Details zur Veranstaltung<\/h3><p>Sie springen, sie rennen, sie krabbeln, sie fliegen! Doch\u2026 sie sind nicht leicht zu sehen! Sie wissen sich gut zu verstecken \u2026 die schuppigen Schleicher! Wer sind sie? Aber die<\/p><\/div><span class='evcal_evdata_icons'><i class='fa fa-align-justify'><\/i><\/span>\n\t\t\n\t\t<div class='evcal_evdata_cell '>\n\t\t\t<div class='eventon_full_description'>\n\t\t\t\t<h3 class='padb5 evo_h3'><span class='evcal_evdata_icons'><i class='fa fa-align-justify'><\/i><\/span>Details zur Veranstaltung<\/h3>\n\t\t\t\t<div class='eventon_desc_in' itemprop='description'>\n\t\t\t\t<p>Sie springen, sie rennen, sie krabbeln, sie fliegen! Doch\u2026 sie sind nicht leicht zu sehen! Sie wissen sich gut zu verstecken \u2026 die schuppigen Schleicher! Wer sind sie? Aber die Drachen von Latemar! Einen zu treffen, und sei es nur einer, wird ein wunderbares Erlebnis sein! Ein Wort von Nikolaus Drache.<\/p>\n<p>Immer sonntags umd montags, vom 5. Juli bis zum 24. August 2026<br \/>\nbei der Bergstation der Gondelbahn Predazzo \u2013 Gardon\u00e8<br \/>\num 11.00 und um 14.45 Uhr<br \/>\nF\u00fcr Familien mit Kindern ab 2 Jahren geeignet (Dauer: 1h30\u2018)<br \/>\nVorstellung auf Italienisch<\/p>\n<p>&nbsp;<\/p>\n<\/div><div class='clear'><\/div>\n\t\t\t<\/div>\n\t\t<\/div>\n\t<\/div><\/div><\/div><div class='evocard_row bx2 bx'><div id='event_time' class='evocard_box time' data-c='' \n\t\t\t\t\tstyle=''><div class='evo_metarow_time evorow evcal_evdata_row evcal_evrow_sm '>\n\t\t<span class='evcal_evdata_icons'><i class='fa fa-clock'><\/i><\/span>\n\t\t<div class='evcal_evdata_cell'>\t\t\t\t\t\t\t\n\t\t\t<h3 class='evo_h3'><span class='evcal_evdata_icons'><i class='fa fa-clock'><\/i><\/span>Zeitplan<\/h3><p><span class='evo_eventcard_time_t'>19 Juli 2026 11:00<\/span><span class='evo_tz marr5'>(GMT+02:00)<\/span><\/p>\n\t\t<\/div>\n\t<\/div><\/div><div id='event_location' class='evocard_box location' data-c='' \n\t\t\t\t\tstyle=''><div class='evcal_evdata_row evo_metarow_time_location evorow '>\n\t\t\n\t\t\t<span class='evcal_evdata_icons'><i class='fa fa-map-marker'><\/i><\/span>\n\t\t\t<div class='evcal_evdata_cell' data-loc_tax_id='36'><h3 class='evo_h3 evodfx'><span class='evcal_evdata_icons'><i class='fa fa-map-marker'><\/i><\/span>Ort<\/h3><p class='evo_location_name'>Seilbahn Ankunft Predazzo-Gardon\u00e8<\/p><div class='padt10'><span class='evo_btn_arr evolb_trigger' data-lbvals=\"{&quot;lbc&quot;:&quot;evo_location_lb_36&quot;,&quot;lbac&quot;:&quot;lb_max&quot;,&quot;t&quot;:&quot;Seilbahn Ankunft Predazzo-Gardon\\u00e8&quot;,&quot;ajax&quot;:&quot;yes&quot;,&quot;ajax_type&quot;:&quot;endpoint&quot;,&quot;ajax_action&quot;:&quot;eventon_get_tax_card_content&quot;,&quot;end&quot;:&quot;client&quot;,&quot;d&quot;:{&quot;lang&quot;:&quot;L2&quot;,&quot;term_id&quot;:36,&quot;tax&quot;:&quot;event_location&quot;,&quot;load_lbcontent&quot;:true},&quot;uid&quot;:&quot;eventon_get_tax_card_content&quot;}\" >Other Events<i class='fa fa-chevron-right'><\/i><\/span><\/div><\/div>\n\t\t\n\t<\/div><\/div><\/div><div class='evocard_row bx2 bx'><div id='event_learnmore' class='evocard_box learnmore' data-c='' \n\t\t\t\t\tstyle=''><div class='evo_metarow_learnM evo_metarow_learnmore evorow'>\n\t\t\t\t\t\t\t<a class='evcal_evdata_row evo_clik_row ' href='https:\/\/www.montagnanimata.it\/de\/spektakel\/' target=\"_blank\">\n\t\t\t\t\t\t\t\t<span class='evcal_evdata_icons'><i class='fa fa-link'><\/i><\/span>\n\t\t\t\t\t\t\t\t<h3 class='evo_h3'>Entdecke mehr<\/h3>\n\t\t\t\t\t\t\t<\/a>\n\t\t\t\t\t\t\t<\/div><\/div><div id='event_addtocal' class='evocard_box addtocal' data-c='' \n\t\t\t\t\tstyle=''><div class='evo_metarow_ICS evorow evcal_evdata_row'>\n\t\t\t<span class='evcal_evdata_icons'><i class='fa fa-calendar-o'><\/i><\/span>\n\t\t\t<div class='evcal_evdata_cell'>\n\t\t\t\t<p><a href='https:\/\/latemarium.com\/de\/export-events\/2140_4\/?nonce=7b34e59f7d' class='evo_ics_nCal' title='Zu Ihrem Kalender hinzuf\u00fcgen'>Kalender<\/a><a href='https:\/\/www.google.com\/calendar\/event?action=TEMPLATE&text=Wort+von+Nikolaus+Drache&dates=20260719T090000Z%2F20260719T215900Z&ctz=Europe%2FRome&details=Wort von Nikolaus Drache&location=Seilbahn+Ankunft+Predazzo-Gardon%C3%A8' target='_blank' class='evo_ics_gCal' title='Zu Google Kalender hinzuf\u00fcgen'>GoogleCal<\/a><\/p>\t\n\t\t\t<\/div>\n\t\t<\/div><\/div><\/div><div class='evocard_row'><div id='event_getdirection' class='evocard_box getdirection' data-c='' \n\t\t\t\t\tstyle=''><div class='evo_metarow_getDr evorow evcal_evdata_row evcal_evrow_sm getdirections'>\n\t\t<form action='https:\/\/maps.google.com\/maps' method='get' target='_blank'>\n\t\t\t<input type='hidden' name='daddr' value=\"46.32878794406342,11.600176728690842\"\/> \n\t\t\t<div class='evo_get_direction_content evo_fx_dr_r evogap10'>\n\t\t\t\t<span class='evogetdir_header evodfx evofx_dr_r evofx_ai_c marr10'>\n\t\t\t\t\t<i class='mainicon fa fa-road'><\/i> \n\t\t\t\t\t<h3 class='evo_h3' style='padding-bottom:5px;'>Wegbeschreibung abrufen<\/h3>\n\t\t\t\t<\/span>\n\t\t\t\t<span class='evogetdir_field evodfx evofx_1_1 evo_fx_dr_c evow100p'>\t\t\t\t\t\n\t\t\t\t\t<input class='evoInput evotac' type='text' name='saddr' placeholder='&quot;Geben Sie die Adresse ein' value='' style='margin:10px 0;'\/>\n\t\t\t\t<\/span>\n\t\t\t\t<button type='submit' class='evo_get_direction_button evo_btn_arr_circ dfx fx_ai_c' title='&quot;Klicken Sie hier'><i class='fa fa-chevron-right'><\/i> <\/button>\n\t\t\t<\/div>\n\t\t<\/form>\n\t<\/div><\/div><\/div><div class='evo_card_row_end evcal_close' title='Schlie\u00dfen'><\/div><\/div><div class='clear end'><\/div><\/div><div id=\"event_2154_7\" class=\"eventon_list_event evo_eventtop scheduled  event clrW no_et event_2154_7\" data-event_id=\"2154\" data-ri=\"7r\" data-time=\"1784467200-1784498340\" data-colr=\"#b8d989\" itemscope itemtype='http:\/\/schema.org\/Event'><div class=\"evo_event_schema\" style=\"display:none\" ><a itemprop='url'  href='https:\/\/latemarium.com\/de\/events\/die-geraeusche-und-das-leben-der-malga\/var\/ri-7.l-L2'><\/a><meta itemprop='image' content=\"https:\/\/latemarium.com\/wp-content\/uploads\/2023\/06\/suoni-vita-malga.jpg\" \/><meta itemprop='startDate' content=\"2026-7-19T15:20+0:00\" \/><meta itemprop='endDate' content=\"2026-7-19T23:59+0:00\" \/><meta itemprop='eventStatus' content=\"https:\/\/schema.org\/EventScheduled\" \/><meta itemprop='eventAttendanceMode'   itemscope itemtype=\"https:\/\/schema.org\/OfflineEventAttendanceMode\"\/><div style=\"display:none\" itemprop=\"location\" itemscope itemtype=\"http:\/\/schema.org\/Place\"><span itemprop=\"name\">Pampeago<\/span><span itemprop=\"address\" itemscope itemtype=\"http:\/\/schema.org\/PostalAddress\"><item itemprop=\"streetAddress\">Localit\u00e0 Pampeago, 8, 38038 Tesero TN<\/item><\/span><\/div><script type=\"application\/ld+json\">{\"@context\": \"http:\/\/schema.org\",\"@type\": \"Event\",\n\t\t\t\t\"@id\": \"event_2154_7\",\n\t\t\t\t\"eventAttendanceMode\":\"https:\/\/schema.org\/OfflineEventAttendanceMode\",\n\t\t\t\t\"eventStatus\":\"https:\/\/schema.org\/EventScheduled\",\n\t\t\t\t\"name\": \"Die Ger\u00e4usche und das Leben der Malga\",\n\t\t\t\t\"url\": \"https:\/\/latemarium.com\/de\/events\/die-geraeusche-und-das-leben-der-malga\/var\/ri-7.l-L2\",\n\t\t\t\t\"startDate\": \"2026-7-19T15:20+0:00\",\n\t\t\t\t\"endDate\": \"2026-7-19T23:59+0:00\",\n\t\t\t\t\"image\":\"https:\/\/latemarium.com\/wp-content\/uploads\/2023\/06\/suoni-vita-malga.jpg\", \n\t\t\t\t\"description\":\"<p>Treffpunkt am Parkplatz des Tresca-Sessellifts (mit dem Auto von Pampeago erreichbar &#8211; NUR f\u00fcr diejenigen, die die Aktivit\u00e4t buchen).<\/p> <p>Nach einem kurzen Spaziergang zur Malga Pampeago entdecken Kinder und Eltern zwischen K\u00fchen, K\u00e4lbern, Eseln und Schweinen den Alltag und die Ger\u00e4usche, die das Leben der Hirten pr\u00e4gen.<\/p> <p>Am Ende der Aktivit\u00e4t gibt es einen kleinen Snack, den die Kinder genie\u00dfen oder mit nach Hause nehmen k\u00f6nnen.<\/p> <p>Aktivit\u00e4t auch mit Kinderwagen m\u00f6glich. <a href='https:\/\/www.visitfiemme.it\/de\/veranstaltungen\/fiemme-cembra-guest-card\/erlebnisse\/erlebnisse-sommer' target='_blank' rel='noopener'>Reservierung erforderlich<\/a>.<\/p> \",\"location\":[{\"@type\":\"Place\",\"name\":\"Pampeago\",\"address\":{\"@type\": \"PostalAddress\",\"streetAddress\":\"Localit\u00e0 Pampeago, 8, 38038 Tesero TN\"}}]}<\/script><\/div>\r\n\t\t\t\t<p class=\"desc_trig_outter\" style=\"\"><a data-gmap_status=\"null\" data-exlk=\"0\" style=\"background-color: #b8d989;\" id=\"evc_17844672002154\" class=\"hasFtIMG event_repeat desc_trig sin_val evcal_list_a\" data-ux_val=\"3\" data-ux_val_mob=\"-\"  ><span class='evoet_c1 evoet_cx '><span class='ev_ftImg' data-img='https:\/\/latemarium.com\/wp-content\/uploads\/2023\/06\/suoni-vita-malga.jpg' data-thumb='https:\/\/latemarium.com\/wp-content\/uploads\/2023\/06\/suoni-vita-malga-300x225.jpg' style='background-image:url(\"https:\/\/latemarium.com\/wp-content\/uploads\/2023\/06\/suoni-vita-malga-300x225.jpg\")' ><\/span><\/span><span class='evoet_c2 evoet_cx '><span class='evoet_dayblock evcal_cblock ' data-bgcolor='#b8d989' data-smon='Juli' data-syr='2026' data-bub=''><span class='evo_start '><em class='date'>19<\/em><em class='month'>Jul<\/em><em class='time'>15:20<\/em><\/span><\/span><\/span><span class='evoet_c3 evoet_cx evcal_desc hide_eventtopdata '><span class='evoet_title evcal_desc2 evcal_event_title ' itemprop='name'>Die Ger\u00e4usche und das Leben der Malga<\/span><span class='event_location_attrs'  data-location_address=\"Localit\u00e0 Pampeago, 8, 38038 Tesero TN\" data-location_type=\"lonlat\" data-location_name=\"Pampeago\" data-location_url=\"https:\/\/latemarium.com\/de\/event-location\/pampeago-de\/\" data-location_status=\"true\" data-latlng=\"46.34343697644898,11.540997527961546\"><\/span><span class='evoet_subtitle evo_below_title' ><\/span><span class='evoet_time_expand level_3'><em class='evcal_time evo_tz_time'><i class='fa fa-clock-o'><\/i>15:20<span class='evo_tz marl5'>(GMT+02:00)<\/span><\/em> <\/span><span class='evoet_location level_3'><em class=\"evcal_location\"  data-latlng=\"46.34343697644898,11.540997527961546\" data-add_str=\"Localit\u00e0 Pampeago, 8, 38038 Tesero TN\" data-n=\"Pampeago\"><i class=\"fa fa-location-pin\"><\/i><em class=\"event_location_name\">Pampeago<\/em>, Localit\u00e0 Pampeago, 8, 38038 Tesero TN<\/em><\/span><\/span><span class='evoet_data' data-d=\"{&quot;loc.n&quot;:&quot;Pampeago&quot;,&quot;orgs&quot;:[],&quot;tags&quot;:{&quot;repeating&quot;:&quot;Repeating Event&quot;}}\" data-bgc=\"#b8d989\" data-bggrad=\"\" ><\/span><\/a><\/p><div class='event_description evcal_eventcard ' style=\"display:none\"><div class='evocard_row'><div id='event_ftimage' class='evocard_box ftimage' data-c='' \n\t\t\t\t\tstyle=''><div class='evocard_main_image_hold' data-t='Loading Image..'><div class='evocard_main_image evo_img_triglb evobr15 evobgsc evobgpc evodfx evofx_jc_c evofx_ai_c evofz48 minmized' style='height:300px; background-image:url();' data-f=\"https:\/\/latemarium.com\/wp-content\/uploads\/2023\/06\/suoni-vita-malga.jpg\" data-h=\"796\" data-w=\"1062\" data-ratio=\"0.74952919020716\" data-event_id=\"2154\" data-ri=\"7\"  data-t='Loading Image..'><span style='height:300px; background-image:url(https:\/\/latemarium.com\/wp-content\/uploads\/2023\/06\/suoni-vita-malga.jpg)'><\/span><\/div><\/div><\/div><\/div><div class='evocard_row'><div id='event_eventdetails' class='evocard_box eventdetails' data-c='' \n\t\t\t\t\tstyle=''><div class='evo_metarow_details evorow evcal_evdata_row evcal_event_details'>\n\t\t<div class=\"event_excerpt\" style=\"display:none\"><h3 class=\"padb5 evo_h3\">Details zur Veranstaltung<\/h3><p>Treffpunkt am Parkplatz des Tresca-Sessellifts (mit dem Auto von Pampeago erreichbar &#8211; NUR f\u00fcr diejenigen, die die Aktivit\u00e4t buchen).\nNach einem kurzen Spaziergang zur Malga Pampeago entdecken Kinder und Eltern zwischen<\/p><\/div><span class='evcal_evdata_icons'><i class='fa fa-align-justify'><\/i><\/span>\n\t\t\n\t\t<div class='evcal_evdata_cell shorter_desc'>\n\t\t\t<div class='eventon_full_description'>\n\t\t\t\t<h3 class='padb5 evo_h3'><span class='evcal_evdata_icons'><i class='fa fa-align-justify'><\/i><\/span>Details zur Veranstaltung<\/h3>\n\t\t\t\t<div class='eventon_desc_in' itemprop='description'>\n\t\t\t\t<p>Treffpunkt am Parkplatz des Tresca-Sessellifts (mit dem Auto von Pampeago erreichbar &#8211; NUR f\u00fcr diejenigen, die die Aktivit\u00e4t buchen).<\/p>\n<p>Nach einem kurzen Spaziergang zur Malga Pampeago entdecken Kinder und Eltern zwischen K\u00fchen, K\u00e4lbern, Eseln und Schweinen den Alltag und die Ger\u00e4usche, die das Leben der Hirten pr\u00e4gen.<\/p>\n<p>Am Ende der Aktivit\u00e4t gibt es einen kleinen Snack, den die Kinder genie\u00dfen oder mit nach Hause nehmen k\u00f6nnen.<\/p>\n<p>Aktivit\u00e4t auch mit Kinderwagen m\u00f6glich. <a href=\"https:\/\/www.visitfiemme.it\/de\/veranstaltungen\/fiemme-cembra-guest-card\/erlebnisse\/erlebnisse-sommer\" target=\"_blank\" rel=\"noopener\">Reservierung erforderlich<\/a>.<\/p>\n<\/div><p class='eventon_shad_p' style='padding:5px 0 0; margin:0'>\n\t\t\t<span class='evcal_btn evo_btn_secondary evobtn_details_show_more' content='less'>\n\t\t\t\t<span class='ev_more_text' data-txt='Weniger'>Mehr<\/span><span class='ev_more_arrow ard'><\/span>\n\t\t\t<\/span>\n\t\t<\/p><div class='clear'><\/div>\n\t\t\t<\/div>\n\t\t<\/div>\n\t<\/div><\/div><\/div><div class='evocard_row bx2 bx'><div id='event_time' class='evocard_box time' data-c='' \n\t\t\t\t\tstyle=''><div class='evo_metarow_time evorow evcal_evdata_row evcal_evrow_sm '>\n\t\t<span class='evcal_evdata_icons'><i class='fa fa-clock'><\/i><\/span>\n\t\t<div class='evcal_evdata_cell'>\t\t\t\t\t\t\t\n\t\t\t<h3 class='evo_h3'><span class='evcal_evdata_icons'><i class='fa fa-clock'><\/i><\/span>Zeitplan<\/h3><p><span class='evo_eventcard_time_t'>19 Juli 2026 15:20<\/span><span class='evo_tz marr5'>(GMT+02:00)<\/span><\/p>\n\t\t<\/div>\n\t<\/div><\/div><div id='event_location' class='evocard_box location' data-c='' \n\t\t\t\t\tstyle=''><div class='evcal_evdata_row evo_metarow_time_location evorow '>\n\t\t\n\t\t\t<span class='evcal_evdata_icons'><i class='fa fa-map-marker'><\/i><\/span>\n\t\t\t<div class='evcal_evdata_cell' data-loc_tax_id='32'><h3 class='evo_h3 evodfx'><span class='evcal_evdata_icons'><i class='fa fa-map-marker'><\/i><\/span>Ort<\/h3><p class='evo_location_name'>Pampeago<\/p><p class='evo_location_address evodfxi evogap10'>Localit\u00e0 Pampeago, 8, 38038 Tesero TN<\/p><div class='padt10'><span class='evo_btn_arr evolb_trigger' data-lbvals=\"{&quot;lbc&quot;:&quot;evo_location_lb_32&quot;,&quot;lbac&quot;:&quot;lb_max&quot;,&quot;t&quot;:&quot;Pampeago&quot;,&quot;ajax&quot;:&quot;yes&quot;,&quot;ajax_type&quot;:&quot;endpoint&quot;,&quot;ajax_action&quot;:&quot;eventon_get_tax_card_content&quot;,&quot;end&quot;:&quot;client&quot;,&quot;d&quot;:{&quot;lang&quot;:&quot;L2&quot;,&quot;term_id&quot;:32,&quot;tax&quot;:&quot;event_location&quot;,&quot;load_lbcontent&quot;:true},&quot;uid&quot;:&quot;eventon_get_tax_card_content&quot;}\" >Other Events<i class='fa fa-chevron-right'><\/i><\/span><\/div><\/div>\n\t\t\n\t<\/div><\/div><\/div><div class='evocard_row'><div id='event_addtocal' class='evocard_box addtocal' data-c='' \n\t\t\t\t\tstyle=''><div class='evo_metarow_ICS evorow evcal_evdata_row'>\n\t\t\t<span class='evcal_evdata_icons'><i class='fa fa-calendar-o'><\/i><\/span>\n\t\t\t<div class='evcal_evdata_cell'>\n\t\t\t\t<p><a href='https:\/\/latemarium.com\/de\/export-events\/2154_7\/?nonce=7b34e59f7d' class='evo_ics_nCal' title='Zu Ihrem Kalender hinzuf\u00fcgen'>Kalender<\/a><a href='https:\/\/www.google.com\/calendar\/event?action=TEMPLATE&text=Die+Ger%C3%A4usche+und+das+Leben+der+Malga&dates=20260719T132000Z%2F20260719T215900Z&ctz=Europe%2FRome&details=Die Ger\u00e4usche und das Leben der Malga&location=Pampeago+Localit%C3%A0+Pampeago%2C+8%2C+38038+Tesero+TN' target='_blank' class='evo_ics_gCal' title='Zu Google Kalender hinzuf\u00fcgen'>GoogleCal<\/a><\/p>\t\n\t\t\t<\/div>\n\t\t<\/div><\/div><\/div><div class='evocard_row'><div id='event_getdirection' class='evocard_box getdirection' data-c='' \n\t\t\t\t\tstyle=''><div class='evo_metarow_getDr evorow evcal_evdata_row evcal_evrow_sm getdirections'>\n\t\t<form action='https:\/\/maps.google.com\/maps' method='get' target='_blank'>\n\t\t\t<input type='hidden' name='daddr' value=\"Localit\u00e0 Pampeago, 8, 38038 Tesero TN\"\/> \n\t\t\t<div class='evo_get_direction_content evo_fx_dr_r evogap10'>\n\t\t\t\t<span class='evogetdir_header evodfx evofx_dr_r evofx_ai_c marr10'>\n\t\t\t\t\t<i class='mainicon fa fa-road'><\/i> \n\t\t\t\t\t<h3 class='evo_h3' style='padding-bottom:5px;'>Wegbeschreibung abrufen<\/h3>\n\t\t\t\t<\/span>\n\t\t\t\t<span class='evogetdir_field evodfx evofx_1_1 evo_fx_dr_c evow100p'>\t\t\t\t\t\n\t\t\t\t\t<input class='evoInput evotac' type='text' name='saddr' placeholder='&quot;Geben Sie die Adresse ein' value='' style='margin:10px 0;'\/>\n\t\t\t\t<\/span>\n\t\t\t\t<button type='submit' class='evo_get_direction_button evo_btn_arr_circ dfx fx_ai_c' title='&quot;Klicken Sie hier'><i class='fa fa-chevron-right'><\/i> <\/button>\n\t\t\t<\/div>\n\t\t<\/form>\n\t<\/div><\/div><\/div><div class='evo_card_row_end evcal_close' title='Schlie\u00dfen'><\/div><\/div><div class='clear end'><\/div><\/div><div id=\"event_2116_3\" class=\"eventon_list_event evo_eventtop scheduled  event clrW no_et event_2116_3\" data-event_id=\"2116\" data-ri=\"3r\" data-time=\"1784532600-1784584740\" data-colr=\"#ffa024\" itemscope itemtype='http:\/\/schema.org\/Event'><div class=\"evo_event_schema\" style=\"display:none\" ><a itemprop='url'  href='https:\/\/latemarium.com\/de\/events\/geotrekking-monte-agnello\/var\/ri-3.l-L2'><\/a><meta itemprop='image' content=\"https:\/\/latemarium.com\/wp-content\/uploads\/2023\/06\/geotrail-monte-agnello.jpg\" \/><meta itemprop='startDate' content=\"2026-7-20T09:30+0:00\" \/><meta itemprop='endDate' content=\"2026-7-20T23:59+0:00\" \/><meta itemprop='eventStatus' content=\"https:\/\/schema.org\/EventScheduled\" \/><meta itemprop='eventAttendanceMode'   itemscope itemtype=\"https:\/\/schema.org\/OfflineEventAttendanceMode\"\/><div style=\"display:none\" itemprop=\"location\" itemscope itemtype=\"http:\/\/schema.org\/Place\"><span itemprop=\"name\">Bergh\u00fctte Monte Agnello<\/span><span itemprop=\"address\" itemscope itemtype=\"http:\/\/schema.org\/PostalAddress\"><item itemprop=\"streetAddress\">Loc. Pampeago, 9, 38038 Tesero TN<\/item><\/span><\/div><script type=\"application\/ld+json\">{\"@context\": \"http:\/\/schema.org\",\"@type\": \"Event\",\n\t\t\t\t\"@id\": \"event_2116_3\",\n\t\t\t\t\"eventAttendanceMode\":\"https:\/\/schema.org\/OfflineEventAttendanceMode\",\n\t\t\t\t\"eventStatus\":\"https:\/\/schema.org\/EventScheduled\",\n\t\t\t\t\"name\": \"Geotrekking Monte Agnello\",\n\t\t\t\t\"url\": \"https:\/\/latemarium.com\/de\/events\/geotrekking-monte-agnello\/var\/ri-3.l-L2\",\n\t\t\t\t\"startDate\": \"2026-7-20T09:30+0:00\",\n\t\t\t\t\"endDate\": \"2026-7-20T23:59+0:00\",\n\t\t\t\t\"image\":\"https:\/\/latemarium.com\/wp-content\/uploads\/2023\/06\/geotrail-monte-agnello.jpg\", \n\t\t\t\t\"description\":\"<p>Malerische geologische Route zur Entdeckung des antiken Vulkans Predazzo, gef\u00fchrt von einem erfahrenen Geologen und Medienbergf\u00fchrer.<\/p> <p>Ein Spaziergang auf den Spuren des Trias-Pompeji von Monte Agnello, wo Lava, Asche und Lapilli ein altes tropisches Atoll begruben.<\/p> <p>Die Route ist einfach, mit gut begehbaren Wegen, H\u00f6henunterschied ca. 350 Meter. Kostenlose Aktivit\u00e4t.<\/p> \",\"location\":[{\"@type\":\"Place\",\"name\":\"Bergh\u00fctte Monte Agnello\",\"address\":{\"@type\": \"PostalAddress\",\"streetAddress\":\"Loc. Pampeago, 9, 38038 Tesero TN\"}}]}<\/script><\/div>\r\n\t\t\t\t<p class=\"desc_trig_outter\" style=\"\"><a data-gmap_status=\"null\" data-exlk=\"0\" style=\"background-color: #ffa024;\" id=\"evc_17845326002116\" class=\"hasFtIMG event_repeat desc_trig sin_val evcal_list_a\" data-ux_val=\"3\" data-ux_val_mob=\"-\"  ><span class='evoet_c1 evoet_cx '><span class='ev_ftImg' data-img='https:\/\/latemarium.com\/wp-content\/uploads\/2023\/06\/geotrail-monte-agnello.jpg' data-thumb='https:\/\/latemarium.com\/wp-content\/uploads\/2023\/06\/geotrail-monte-agnello-300x240.jpg' style='background-image:url(\"https:\/\/latemarium.com\/wp-content\/uploads\/2023\/06\/geotrail-monte-agnello-300x240.jpg\")' ><\/span><\/span><span class='evoet_c2 evoet_cx '><span class='evoet_dayblock evcal_cblock ' data-bgcolor='#ffa024' data-smon='Juli' data-syr='2026' data-bub=''><span class='evo_start '><em class='date'>20<\/em><em class='month'>Jul<\/em><em class='time'>09:30<\/em><\/span><\/span><\/span><span class='evoet_c3 evoet_cx evcal_desc hide_eventtopdata '><span class='evoet_title evcal_desc2 evcal_event_title ' itemprop='name'>Geotrekking Monte Agnello<\/span><span class='event_location_attrs'  data-location_address=\"Loc. Pampeago, 9, 38038 Tesero TN\" data-location_type=\"lonlat\" data-location_name=\"Bergh\u00fctte Monte Agnello\" data-location_url=\"https:\/\/latemarium.com\/de\/event-location\/berghuette-monte-agnello\/\" data-location_status=\"true\" data-latlng=\"46.333809095680266,11.547693182509184\"><\/span><span class='evoet_subtitle evo_below_title' ><span class='evcal_event_subtitle ' >Geologische Route zur Entdeckung des antiken Vulkans Predazzo<\/span><\/span><span class='evoet_time_expand level_3'><em class='evcal_time evo_tz_time'><i class='fa fa-clock-o'><\/i>09:30<span class='evo_tz marl5'>(GMT+02:00)<\/span><\/em> <\/span><span class='evoet_location level_3'><em class=\"evcal_location\"  data-latlng=\"46.333809095680266,11.547693182509184\" data-add_str=\"Loc. Pampeago, 9, 38038 Tesero TN\" data-n=\"Bergh\u00fctte Monte Agnello\"><i class=\"fa fa-location-pin\"><\/i><em class=\"event_location_name\">Bergh\u00fctte Monte Agnello<\/em>, Loc. Pampeago, 9, 38038 Tesero TN<\/em><\/span><\/span><span class='evoet_data' data-d=\"{&quot;loc.n&quot;:&quot;Bergh\\u00fctte Monte Agnello&quot;,&quot;orgs&quot;:[],&quot;tags&quot;:{&quot;repeating&quot;:&quot;Repeating Event&quot;}}\" data-bgc=\"#ffa024\" data-bggrad=\"\" ><\/span><\/a><\/p><div class='event_description evcal_eventcard ' style=\"display:none\"><div class='evocard_row'><div id='event_ftimage' class='evocard_box ftimage' data-c='' \n\t\t\t\t\tstyle=''><div class='evocard_main_image_hold' data-t='Loading Image..'><div class='evocard_main_image evo_img_triglb evobr15 evobgsc evobgpc evodfx evofx_jc_c evofx_ai_c evofz48 minmized' style='height:300px; background-image:url();' data-f=\"https:\/\/latemarium.com\/wp-content\/uploads\/2023\/06\/geotrail-monte-agnello.jpg\" data-h=\"528\" data-w=\"661\" data-ratio=\"0.79878971255673\" data-event_id=\"2116\" data-ri=\"3\"  data-t='Loading Image..'><span style='height:300px; background-image:url(https:\/\/latemarium.com\/wp-content\/uploads\/2023\/06\/geotrail-monte-agnello.jpg)'><\/span><\/div><\/div><\/div><\/div><div class='evocard_row'><div id='event_eventdetails' class='evocard_box eventdetails' data-c='' \n\t\t\t\t\tstyle=''><div class='evo_metarow_details evorow evcal_evdata_row evcal_event_details'>\n\t\t<div class=\"event_excerpt\" style=\"display:none\"><h3 class=\"padb5 evo_h3\">Details zur Veranstaltung<\/h3><p>Malerische geologische Route zur Entdeckung des antiken Vulkans Predazzo, gef\u00fchrt von einem erfahrenen Geologen und Medienbergf\u00fchrer.\nEin Spaziergang auf den Spuren des Trias-Pompeji von Monte Agnello, wo Lava, Asche und Lapilli<\/p><\/div><span class='evcal_evdata_icons'><i class='fa fa-align-justify'><\/i><\/span>\n\t\t\n\t\t<div class='evcal_evdata_cell '>\n\t\t\t<div class='eventon_full_description'>\n\t\t\t\t<h3 class='padb5 evo_h3'><span class='evcal_evdata_icons'><i class='fa fa-align-justify'><\/i><\/span>Details zur Veranstaltung<\/h3>\n\t\t\t\t<div class='eventon_desc_in' itemprop='description'>\n\t\t\t\t<p>Malerische geologische Route zur Entdeckung des antiken Vulkans Predazzo, gef\u00fchrt von einem erfahrenen Geologen und Medienbergf\u00fchrer.<\/p>\n<p>Ein Spaziergang auf den Spuren des Trias-Pompeji von Monte Agnello, wo Lava, Asche und Lapilli ein altes tropisches Atoll begruben.<\/p>\n<p>Die Route ist einfach, mit gut begehbaren Wegen, H\u00f6henunterschied ca. 350 Meter. Kostenlose Aktivit\u00e4t.<\/p>\n<\/div><div class='clear'><\/div>\n\t\t\t<\/div>\n\t\t<\/div>\n\t<\/div><\/div><\/div><div class='evocard_row bx2 bx'><div id='event_time' class='evocard_box time' data-c='' \n\t\t\t\t\tstyle=''><div class='evo_metarow_time evorow evcal_evdata_row evcal_evrow_sm '>\n\t\t<span class='evcal_evdata_icons'><i class='fa fa-clock'><\/i><\/span>\n\t\t<div class='evcal_evdata_cell'>\t\t\t\t\t\t\t\n\t\t\t<h3 class='evo_h3'><span class='evcal_evdata_icons'><i class='fa fa-clock'><\/i><\/span>Zeitplan<\/h3><p><span class='evo_eventcard_time_t'>20 Juli 2026 09:30<\/span><span class='evo_tz marr5'>(GMT+02:00)<\/span><\/p>\n\t\t<\/div>\n\t<\/div><\/div><div id='event_location' class='evocard_box location' data-c='' \n\t\t\t\t\tstyle=''><div class='evcal_evdata_row evo_metarow_time_location evorow '>\n\t\t\n\t\t\t<span class='evcal_evdata_icons'><i class='fa fa-map-marker'><\/i><\/span>\n\t\t\t<div class='evcal_evdata_cell' data-loc_tax_id='25'><h3 class='evo_h3 evodfx'><span class='evcal_evdata_icons'><i class='fa fa-map-marker'><\/i><\/span><a target=\"_blank\" href=\"https:\/\/www.facebook.com\/profile.php?id=100064742944609\">Ort<\/a><\/h3><p class='evo_location_name'><a target=\"_blank\" href=\"https:\/\/www.facebook.com\/profile.php?id=100064742944609\">Bergh\u00fctte Monte Agnello<\/a><\/p><p class='evo_location_address evodfxi evogap10'><a target=\"_blank\" href=\"https:\/\/www.facebook.com\/profile.php?id=100064742944609\">Loc. Pampeago, 9, 38038 Tesero TN<\/a><\/p><div class='padt10'><span class='evo_btn_arr evolb_trigger' data-lbvals=\"{&quot;lbc&quot;:&quot;evo_location_lb_25&quot;,&quot;lbac&quot;:&quot;lb_max&quot;,&quot;t&quot;:&quot;Bergh\\u00fctte Monte Agnello&quot;,&quot;ajax&quot;:&quot;yes&quot;,&quot;ajax_type&quot;:&quot;endpoint&quot;,&quot;ajax_action&quot;:&quot;eventon_get_tax_card_content&quot;,&quot;end&quot;:&quot;client&quot;,&quot;d&quot;:{&quot;lang&quot;:&quot;L2&quot;,&quot;term_id&quot;:25,&quot;tax&quot;:&quot;event_location&quot;,&quot;load_lbcontent&quot;:true},&quot;uid&quot;:&quot;eventon_get_tax_card_content&quot;}\" >Other Events<i class='fa fa-chevron-right'><\/i><\/span><\/div><\/div>\n\t\t\n\t<\/div><\/div><\/div><div class='evocard_row bx2 bx'><div id='event_learnmore' class='evocard_box learnmore' data-c='' \n\t\t\t\t\tstyle=''><div class='evo_metarow_learnM evo_metarow_learnmore evorow'>\n\t\t\t\t\t\t\t<a class='evcal_evdata_row evo_clik_row ' href='https:\/\/latemarium.com\/de\/excursions\/detail\/geotrail-monte-agnello\/' target=\"_blank\">\n\t\t\t\t\t\t\t\t<span class='evcal_evdata_icons'><i class='fa fa-link'><\/i><\/span>\n\t\t\t\t\t\t\t\t<h3 class='evo_h3'>Entdecke mehr<\/h3>\n\t\t\t\t\t\t\t<\/a>\n\t\t\t\t\t\t\t<\/div><\/div><div id='event_addtocal' class='evocard_box addtocal' data-c='' \n\t\t\t\t\tstyle=''><div class='evo_metarow_ICS evorow evcal_evdata_row'>\n\t\t\t<span class='evcal_evdata_icons'><i class='fa fa-calendar-o'><\/i><\/span>\n\t\t\t<div class='evcal_evdata_cell'>\n\t\t\t\t<p><a href='https:\/\/latemarium.com\/de\/export-events\/2116_3\/?nonce=7b34e59f7d' class='evo_ics_nCal' title='Zu Ihrem Kalender hinzuf\u00fcgen'>Kalender<\/a><a href='https:\/\/www.google.com\/calendar\/event?action=TEMPLATE&text=Geotrekking+Monte+Agnello&dates=20260720T073000Z%2F20260720T215900Z&ctz=Europe%2FRome&details=Geotrekking Monte Agnello&location=Bergh%C3%BCtte+Monte+Agnello+Loc.+Pampeago%2C+9%2C+38038+Tesero+TN' target='_blank' class='evo_ics_gCal' title='Zu Google Kalender hinzuf\u00fcgen'>GoogleCal<\/a><\/p>\t\n\t\t\t<\/div>\n\t\t<\/div><\/div><\/div><div class='evocard_row'><div id='event_getdirection' class='evocard_box getdirection' data-c='' \n\t\t\t\t\tstyle=''><div class='evo_metarow_getDr evorow evcal_evdata_row evcal_evrow_sm getdirections'>\n\t\t<form action='https:\/\/maps.google.com\/maps' method='get' target='_blank'>\n\t\t\t<input type='hidden' name='daddr' value=\"46.333809095680266,11.547693182509184\"\/> \n\t\t\t<div class='evo_get_direction_content evo_fx_dr_r evogap10'>\n\t\t\t\t<span class='evogetdir_header evodfx evofx_dr_r evofx_ai_c marr10'>\n\t\t\t\t\t<i class='mainicon fa fa-road'><\/i> \n\t\t\t\t\t<h3 class='evo_h3' style='padding-bottom:5px;'>Wegbeschreibung abrufen<\/h3>\n\t\t\t\t<\/span>\n\t\t\t\t<span class='evogetdir_field evodfx evofx_1_1 evo_fx_dr_c evow100p'>\t\t\t\t\t\n\t\t\t\t\t<input class='evoInput evotac' type='text' name='saddr' placeholder='&quot;Geben Sie die Adresse ein' value='' style='margin:10px 0;'\/>\n\t\t\t\t<\/span>\n\t\t\t\t<button type='submit' class='evo_get_direction_button evo_btn_arr_circ dfx fx_ai_c' title='&quot;Klicken Sie hier'><i class='fa fa-chevron-right'><\/i> <\/button>\n\t\t\t<\/div>\n\t\t<\/form>\n\t<\/div><\/div><\/div><div class='evo_card_row_end evcal_close' title='Schlie\u00dfen'><\/div><\/div><div class='clear end'><\/div><\/div><div id=\"event_2140_5\" class=\"eventon_list_event evo_eventtop scheduled  event clrD no_et event_2140_5\" data-event_id=\"2140\" data-ri=\"5r\" data-time=\"1784538000-1784584740\" data-colr=\"#006290\" itemscope itemtype='http:\/\/schema.org\/Event'><div class=\"evo_event_schema\" style=\"display:none\" ><a itemprop='url'  href='https:\/\/latemarium.com\/de\/events\/wort-von-nikolaus-drache\/var\/ri-5.l-L2'><\/a><meta itemprop='image' content=\"https:\/\/latemarium.com\/wp-content\/uploads\/2023\/06\/foresta-dei-draghi-6.jpg\" \/><meta itemprop='startDate' content=\"2026-7-20T11:00+0:00\" \/><meta itemprop='endDate' content=\"2026-7-20T23:59+0:00\" \/><meta itemprop='eventStatus' content=\"https:\/\/schema.org\/EventScheduled\" \/><meta itemprop='eventAttendanceMode'   itemscope itemtype=\"https:\/\/schema.org\/OfflineEventAttendanceMode\"\/><script type=\"application\/ld+json\">{\"@context\": \"http:\/\/schema.org\",\"@type\": \"Event\",\n\t\t\t\t\"@id\": \"event_2140_5\",\n\t\t\t\t\"eventAttendanceMode\":\"https:\/\/schema.org\/OfflineEventAttendanceMode\",\n\t\t\t\t\"eventStatus\":\"https:\/\/schema.org\/EventScheduled\",\n\t\t\t\t\"name\": \"Wort von Nikolaus Drache\",\n\t\t\t\t\"url\": \"https:\/\/latemarium.com\/de\/events\/wort-von-nikolaus-drache\/var\/ri-5.l-L2\",\n\t\t\t\t\"startDate\": \"2026-7-20T11:00+0:00\",\n\t\t\t\t\"endDate\": \"2026-7-20T23:59+0:00\",\n\t\t\t\t\"image\":\"https:\/\/latemarium.com\/wp-content\/uploads\/2023\/06\/foresta-dei-draghi-6.jpg\", \n\t\t\t\t\"description\":\"<p>Sie springen, sie rennen, sie krabbeln, sie fliegen! Doch\u2026 sie sind nicht leicht zu sehen! Sie wissen sich gut zu verstecken \u2026 die schuppigen Schleicher! Wer sind sie? Aber die Drachen von Latemar! Einen zu treffen, und sei es nur einer, wird ein wunderbares Erlebnis sein! Ein Wort von Nikolaus Drache.<\/p> <p>Immer sonntags umd montags, vom 5. Juli bis zum 24. August 2026<br \/> bei der Bergstation der Gondelbahn Predazzo \u2013 Gardon\u00e8<br \/> um 11.00 und um 14.45 Uhr<br \/> F\u00fcr Familien mit Kindern ab 2 Jahren geeignet (Dauer: 1h30\u2018)<br \/> Vorstellung auf Italienisch<\/p> <p>&nbsp;<\/p> \"}<\/script><\/div>\r\n\t\t\t\t<p class=\"desc_trig_outter\" style=\"\"><a data-gmap_status=\"null\" data-exlk=\"0\" style=\"background-color: #006290;\" id=\"evc_17845380002140\" class=\"hasFtIMG event_repeat desc_trig sin_val evcal_list_a\" data-ux_val=\"3\" data-ux_val_mob=\"-\"  ><span class='evoet_c1 evoet_cx '><span class='ev_ftImg' data-img='https:\/\/latemarium.com\/wp-content\/uploads\/2023\/06\/foresta-dei-draghi-6.jpg' data-thumb='https:\/\/latemarium.com\/wp-content\/uploads\/2023\/06\/foresta-dei-draghi-6-300x200.jpg' style='background-image:url(\"https:\/\/latemarium.com\/wp-content\/uploads\/2023\/06\/foresta-dei-draghi-6-300x200.jpg\")' ><\/span><\/span><span class='evoet_c2 evoet_cx '><span class='evoet_dayblock evcal_cblock ' data-bgcolor='#006290' data-smon='Juli' data-syr='2026' data-bub=''><span class='evo_start '><em class='date'>20<\/em><em class='month'>Jul<\/em><em class='time'>11:00<\/em><\/span><\/span><\/span><span class='evoet_c3 evoet_cx evcal_desc hide_eventtopdata '><span class='evoet_title evcal_desc2 evcal_event_title ' itemprop='name'>Wort von Nikolaus Drache<\/span><span class='event_location_attrs' data-location_type=\"lonlat\" data-location_name=\"Seilbahn Ankunft Predazzo-Gardon\u00e8\" data-location_url=\"https:\/\/latemarium.com\/de\/event-location\/seilbahn-ankunft-predazzo-gardone\/\" data-location_status=\"true\" data-latlng=\"46.32878794406342,11.600176728690842\"><\/span><span class='evoet_subtitle evo_below_title' ><span class='evcal_event_subtitle ' >DER DRACHENWALD<\/span><\/span><span class='evoet_time_expand level_3'><em class='evcal_time evo_tz_time'><i class='fa fa-clock-o'><\/i>11:00<span class='evo_tz marl5'>(GMT+02:00)<\/span><\/em> <\/span><span class='evoet_location level_3'><em class=\"evcal_location\"  data-latlng=\"46.32878794406342,11.600176728690842\" data-add_str=\"\" data-n=\"Seilbahn Ankunft Predazzo-Gardon\u00e8\"><i class=\"fa fa-location-pin\"><\/i><em class=\"event_location_name\">Seilbahn Ankunft Predazzo-Gardon\u00e8<\/em><\/em><\/span><\/span><span class='evoet_data' data-d=\"{&quot;loc.n&quot;:&quot;Seilbahn Ankunft Predazzo-Gardon\\u00e8&quot;,&quot;orgs&quot;:[],&quot;tags&quot;:{&quot;repeating&quot;:&quot;Repeating Event&quot;}}\" data-bgc=\"#006290\" data-bggrad=\"\" ><\/span><\/a><\/p><div class='event_description evcal_eventcard ' style=\"display:none\"><div class='evocard_row'><div id='event_ftimage' class='evocard_box ftimage' data-c='' \n\t\t\t\t\tstyle=''><div class='evocard_main_image_hold' data-t='Loading Image..'><div class='evocard_main_image evo_img_triglb evobr15 evobgsc evobgpc evodfx evofx_jc_c evofx_ai_c evofz48 minmized' style='height:300px; background-image:url();' data-f=\"https:\/\/latemarium.com\/wp-content\/uploads\/2023\/06\/foresta-dei-draghi-6.jpg\" data-h=\"800\" data-w=\"1200\" data-ratio=\"0.66666666666667\" data-event_id=\"2140\" data-ri=\"5\"  data-t='Loading Image..'><span style='height:300px; background-image:url(https:\/\/latemarium.com\/wp-content\/uploads\/2023\/06\/foresta-dei-draghi-6.jpg)'><\/span><\/div><\/div><\/div><\/div><div class='evocard_row'><div id='event_eventdetails' class='evocard_box eventdetails' data-c='' \n\t\t\t\t\tstyle=''><div class='evo_metarow_details evorow evcal_evdata_row evcal_event_details'>\n\t\t<div class=\"event_excerpt\" style=\"display:none\"><h3 class=\"padb5 evo_h3\">Details zur Veranstaltung<\/h3><p>Sie springen, sie rennen, sie krabbeln, sie fliegen! Doch\u2026 sie sind nicht leicht zu sehen! Sie wissen sich gut zu verstecken \u2026 die schuppigen Schleicher! Wer sind sie? Aber die<\/p><\/div><span class='evcal_evdata_icons'><i class='fa fa-align-justify'><\/i><\/span>\n\t\t\n\t\t<div class='evcal_evdata_cell '>\n\t\t\t<div class='eventon_full_description'>\n\t\t\t\t<h3 class='padb5 evo_h3'><span class='evcal_evdata_icons'><i class='fa fa-align-justify'><\/i><\/span>Details zur Veranstaltung<\/h3>\n\t\t\t\t<div class='eventon_desc_in' itemprop='description'>\n\t\t\t\t<p>Sie springen, sie rennen, sie krabbeln, sie fliegen! Doch\u2026 sie sind nicht leicht zu sehen! Sie wissen sich gut zu verstecken \u2026 die schuppigen Schleicher! Wer sind sie? Aber die Drachen von Latemar! Einen zu treffen, und sei es nur einer, wird ein wunderbares Erlebnis sein! Ein Wort von Nikolaus Drache.<\/p>\n<p>Immer sonntags umd montags, vom 5. Juli bis zum 24. August 2026<br \/>\nbei der Bergstation der Gondelbahn Predazzo \u2013 Gardon\u00e8<br \/>\num 11.00 und um 14.45 Uhr<br \/>\nF\u00fcr Familien mit Kindern ab 2 Jahren geeignet (Dauer: 1h30\u2018)<br \/>\nVorstellung auf Italienisch<\/p>\n<p>&nbsp;<\/p>\n<\/div><div class='clear'><\/div>\n\t\t\t<\/div>\n\t\t<\/div>\n\t<\/div><\/div><\/div><div class='evocard_row bx2 bx'><div id='event_time' class='evocard_box time' data-c='' \n\t\t\t\t\tstyle=''><div class='evo_metarow_time evorow evcal_evdata_row evcal_evrow_sm '>\n\t\t<span class='evcal_evdata_icons'><i class='fa fa-clock'><\/i><\/span>\n\t\t<div class='evcal_evdata_cell'>\t\t\t\t\t\t\t\n\t\t\t<h3 class='evo_h3'><span class='evcal_evdata_icons'><i class='fa fa-clock'><\/i><\/span>Zeitplan<\/h3><p><span class='evo_eventcard_time_t'>20 Juli 2026 11:00<\/span><span class='evo_tz marr5'>(GMT+02:00)<\/span><\/p>\n\t\t<\/div>\n\t<\/div><\/div><div id='event_location' class='evocard_box location' data-c='' \n\t\t\t\t\tstyle=''><div class='evcal_evdata_row evo_metarow_time_location evorow '>\n\t\t\n\t\t\t<span class='evcal_evdata_icons'><i class='fa fa-map-marker'><\/i><\/span>\n\t\t\t<div class='evcal_evdata_cell' data-loc_tax_id='36'><h3 class='evo_h3 evodfx'><span class='evcal_evdata_icons'><i class='fa fa-map-marker'><\/i><\/span>Ort<\/h3><p class='evo_location_name'>Seilbahn Ankunft Predazzo-Gardon\u00e8<\/p><div class='padt10'><span class='evo_btn_arr evolb_trigger' data-lbvals=\"{&quot;lbc&quot;:&quot;evo_location_lb_36&quot;,&quot;lbac&quot;:&quot;lb_max&quot;,&quot;t&quot;:&quot;Seilbahn Ankunft Predazzo-Gardon\\u00e8&quot;,&quot;ajax&quot;:&quot;yes&quot;,&quot;ajax_type&quot;:&quot;endpoint&quot;,&quot;ajax_action&quot;:&quot;eventon_get_tax_card_content&quot;,&quot;end&quot;:&quot;client&quot;,&quot;d&quot;:{&quot;lang&quot;:&quot;L2&quot;,&quot;term_id&quot;:36,&quot;tax&quot;:&quot;event_location&quot;,&quot;load_lbcontent&quot;:true},&quot;uid&quot;:&quot;eventon_get_tax_card_content&quot;}\" >Other Events<i class='fa fa-chevron-right'><\/i><\/span><\/div><\/div>\n\t\t\n\t<\/div><\/div><\/div><div class='evocard_row bx2 bx'><div id='event_learnmore' class='evocard_box learnmore' data-c='' \n\t\t\t\t\tstyle=''><div class='evo_metarow_learnM evo_metarow_learnmore evorow'>\n\t\t\t\t\t\t\t<a class='evcal_evdata_row evo_clik_row ' href='https:\/\/www.montagnanimata.it\/de\/spektakel\/' target=\"_blank\">\n\t\t\t\t\t\t\t\t<span class='evcal_evdata_icons'><i class='fa fa-link'><\/i><\/span>\n\t\t\t\t\t\t\t\t<h3 class='evo_h3'>Entdecke mehr<\/h3>\n\t\t\t\t\t\t\t<\/a>\n\t\t\t\t\t\t\t<\/div><\/div><div id='event_addtocal' class='evocard_box addtocal' data-c='' \n\t\t\t\t\tstyle=''><div class='evo_metarow_ICS evorow evcal_evdata_row'>\n\t\t\t<span class='evcal_evdata_icons'><i class='fa fa-calendar-o'><\/i><\/span>\n\t\t\t<div class='evcal_evdata_cell'>\n\t\t\t\t<p><a href='https:\/\/latemarium.com\/de\/export-events\/2140_5\/?nonce=7b34e59f7d' class='evo_ics_nCal' title='Zu Ihrem Kalender hinzuf\u00fcgen'>Kalender<\/a><a href='https:\/\/www.google.com\/calendar\/event?action=TEMPLATE&text=Wort+von+Nikolaus+Drache&dates=20260720T090000Z%2F20260720T215900Z&ctz=Europe%2FRome&details=Wort von Nikolaus Drache&location=Seilbahn+Ankunft+Predazzo-Gardon%C3%A8' target='_blank' class='evo_ics_gCal' title='Zu Google Kalender hinzuf\u00fcgen'>GoogleCal<\/a><\/p>\t\n\t\t\t<\/div>\n\t\t<\/div><\/div><\/div><div class='evocard_row'><div id='event_getdirection' class='evocard_box getdirection' data-c='' \n\t\t\t\t\tstyle=''><div class='evo_metarow_getDr evorow evcal_evdata_row evcal_evrow_sm getdirections'>\n\t\t<form action='https:\/\/maps.google.com\/maps' method='get' target='_blank'>\n\t\t\t<input type='hidden' name='daddr' value=\"46.32878794406342,11.600176728690842\"\/> \n\t\t\t<div class='evo_get_direction_content evo_fx_dr_r evogap10'>\n\t\t\t\t<span class='evogetdir_header evodfx evofx_dr_r evofx_ai_c marr10'>\n\t\t\t\t\t<i class='mainicon fa fa-road'><\/i> \n\t\t\t\t\t<h3 class='evo_h3' style='padding-bottom:5px;'>Wegbeschreibung abrufen<\/h3>\n\t\t\t\t<\/span>\n\t\t\t\t<span class='evogetdir_field evodfx evofx_1_1 evo_fx_dr_c evow100p'>\t\t\t\t\t\n\t\t\t\t\t<input class='evoInput evotac' type='text' name='saddr' placeholder='&quot;Geben Sie die Adresse ein' value='' style='margin:10px 0;'\/>\n\t\t\t\t<\/span>\n\t\t\t\t<button type='submit' class='evo_get_direction_button evo_btn_arr_circ dfx fx_ai_c' title='&quot;Klicken Sie hier'><i class='fa fa-chevron-right'><\/i> <\/button>\n\t\t\t<\/div>\n\t\t<\/form>\n\t<\/div><\/div><\/div><div class='evo_card_row_end evcal_close' title='Schlie\u00dfen'><\/div><\/div><div class='clear end'><\/div><\/div><div id=\"event_2154_8\" class=\"eventon_list_event evo_eventtop scheduled  event clrW no_et event_2154_8\" data-event_id=\"2154\" data-ri=\"8r\" data-time=\"1784553600-1784584740\" data-colr=\"#b8d989\" itemscope itemtype='http:\/\/schema.org\/Event'><div class=\"evo_event_schema\" style=\"display:none\" ><a itemprop='url'  href='https:\/\/latemarium.com\/de\/events\/die-geraeusche-und-das-leben-der-malga\/var\/ri-8.l-L2'><\/a><meta itemprop='image' content=\"https:\/\/latemarium.com\/wp-content\/uploads\/2023\/06\/suoni-vita-malga.jpg\" \/><meta itemprop='startDate' content=\"2026-7-20T15:20+0:00\" \/><meta itemprop='endDate' content=\"2026-7-20T23:59+0:00\" \/><meta itemprop='eventStatus' content=\"https:\/\/schema.org\/EventScheduled\" \/><meta itemprop='eventAttendanceMode'   itemscope itemtype=\"https:\/\/schema.org\/OfflineEventAttendanceMode\"\/><div style=\"display:none\" itemprop=\"location\" itemscope itemtype=\"http:\/\/schema.org\/Place\"><span itemprop=\"name\">Pampeago<\/span><span itemprop=\"address\" itemscope itemtype=\"http:\/\/schema.org\/PostalAddress\"><item itemprop=\"streetAddress\">Localit\u00e0 Pampeago, 8, 38038 Tesero TN<\/item><\/span><\/div><script type=\"application\/ld+json\">{\"@context\": \"http:\/\/schema.org\",\"@type\": \"Event\",\n\t\t\t\t\"@id\": \"event_2154_8\",\n\t\t\t\t\"eventAttendanceMode\":\"https:\/\/schema.org\/OfflineEventAttendanceMode\",\n\t\t\t\t\"eventStatus\":\"https:\/\/schema.org\/EventScheduled\",\n\t\t\t\t\"name\": \"Die Ger\u00e4usche und das Leben der Malga\",\n\t\t\t\t\"url\": \"https:\/\/latemarium.com\/de\/events\/die-geraeusche-und-das-leben-der-malga\/var\/ri-8.l-L2\",\n\t\t\t\t\"startDate\": \"2026-7-20T15:20+0:00\",\n\t\t\t\t\"endDate\": \"2026-7-20T23:59+0:00\",\n\t\t\t\t\"image\":\"https:\/\/latemarium.com\/wp-content\/uploads\/2023\/06\/suoni-vita-malga.jpg\", \n\t\t\t\t\"description\":\"<p>Treffpunkt am Parkplatz des Tresca-Sessellifts (mit dem Auto von Pampeago erreichbar &#8211; NUR f\u00fcr diejenigen, die die Aktivit\u00e4t buchen).<\/p> <p>Nach einem kurzen Spaziergang zur Malga Pampeago entdecken Kinder und Eltern zwischen K\u00fchen, K\u00e4lbern, Eseln und Schweinen den Alltag und die Ger\u00e4usche, die das Leben der Hirten pr\u00e4gen.<\/p> <p>Am Ende der Aktivit\u00e4t gibt es einen kleinen Snack, den die Kinder genie\u00dfen oder mit nach Hause nehmen k\u00f6nnen.<\/p> <p>Aktivit\u00e4t auch mit Kinderwagen m\u00f6glich. <a href='https:\/\/www.visitfiemme.it\/de\/veranstaltungen\/fiemme-cembra-guest-card\/erlebnisse\/erlebnisse-sommer' target='_blank' rel='noopener'>Reservierung erforderlich<\/a>.<\/p> \",\"location\":[{\"@type\":\"Place\",\"name\":\"Pampeago\",\"address\":{\"@type\": \"PostalAddress\",\"streetAddress\":\"Localit\u00e0 Pampeago, 8, 38038 Tesero TN\"}}]}<\/script><\/div>\r\n\t\t\t\t<p class=\"desc_trig_outter\" style=\"\"><a data-gmap_status=\"null\" data-exlk=\"0\" style=\"background-color: #b8d989;\" id=\"evc_17845536002154\" class=\"hasFtIMG event_repeat desc_trig sin_val evcal_list_a\" data-ux_val=\"3\" data-ux_val_mob=\"-\"  ><span class='evoet_c1 evoet_cx '><span class='ev_ftImg' data-img='https:\/\/latemarium.com\/wp-content\/uploads\/2023\/06\/suoni-vita-malga.jpg' data-thumb='https:\/\/latemarium.com\/wp-content\/uploads\/2023\/06\/suoni-vita-malga-300x225.jpg' style='background-image:url(\"https:\/\/latemarium.com\/wp-content\/uploads\/2023\/06\/suoni-vita-malga-300x225.jpg\")' ><\/span><\/span><span class='evoet_c2 evoet_cx '><span class='evoet_dayblock evcal_cblock ' data-bgcolor='#b8d989' data-smon='Juli' data-syr='2026' data-bub=''><span class='evo_start '><em class='date'>20<\/em><em class='month'>Jul<\/em><em class='time'>15:20<\/em><\/span><\/span><\/span><span class='evoet_c3 evoet_cx evcal_desc hide_eventtopdata '><span class='evoet_title evcal_desc2 evcal_event_title ' itemprop='name'>Die Ger\u00e4usche und das Leben der Malga<\/span><span class='event_location_attrs'  data-location_address=\"Localit\u00e0 Pampeago, 8, 38038 Tesero TN\" data-location_type=\"lonlat\" data-location_name=\"Pampeago\" data-location_url=\"https:\/\/latemarium.com\/de\/event-location\/pampeago-de\/\" data-location_status=\"true\" data-latlng=\"46.34343697644898,11.540997527961546\"><\/span><span class='evoet_subtitle evo_below_title' ><\/span><span class='evoet_time_expand level_3'><em class='evcal_time evo_tz_time'><i class='fa fa-clock-o'><\/i>15:20<span class='evo_tz marl5'>(GMT+02:00)<\/span><\/em> <\/span><span class='evoet_location level_3'><em class=\"evcal_location\"  data-latlng=\"46.34343697644898,11.540997527961546\" data-add_str=\"Localit\u00e0 Pampeago, 8, 38038 Tesero TN\" data-n=\"Pampeago\"><i class=\"fa fa-location-pin\"><\/i><em class=\"event_location_name\">Pampeago<\/em>, Localit\u00e0 Pampeago, 8, 38038 Tesero TN<\/em><\/span><\/span><span class='evoet_data' data-d=\"{&quot;loc.n&quot;:&quot;Pampeago&quot;,&quot;orgs&quot;:[],&quot;tags&quot;:{&quot;repeating&quot;:&quot;Repeating Event&quot;}}\" data-bgc=\"#b8d989\" data-bggrad=\"\" ><\/span><\/a><\/p><div class='event_description evcal_eventcard ' style=\"display:none\"><div class='evocard_row'><div id='event_ftimage' class='evocard_box ftimage' data-c='' \n\t\t\t\t\tstyle=''><div class='evocard_main_image_hold' data-t='Loading Image..'><div class='evocard_main_image evo_img_triglb evobr15 evobgsc evobgpc evodfx evofx_jc_c evofx_ai_c evofz48 minmized' style='height:300px; background-image:url();' data-f=\"https:\/\/latemarium.com\/wp-content\/uploads\/2023\/06\/suoni-vita-malga.jpg\" data-h=\"796\" data-w=\"1062\" data-ratio=\"0.74952919020716\" data-event_id=\"2154\" data-ri=\"8\"  data-t='Loading Image..'><span style='height:300px; background-image:url(https:\/\/latemarium.com\/wp-content\/uploads\/2023\/06\/suoni-vita-malga.jpg)'><\/span><\/div><\/div><\/div><\/div><div class='evocard_row'><div id='event_eventdetails' class='evocard_box eventdetails' data-c='' \n\t\t\t\t\tstyle=''><div class='evo_metarow_details evorow evcal_evdata_row evcal_event_details'>\n\t\t<div class=\"event_excerpt\" style=\"display:none\"><h3 class=\"padb5 evo_h3\">Details zur Veranstaltung<\/h3><p>Treffpunkt am Parkplatz des Tresca-Sessellifts (mit dem Auto von Pampeago erreichbar &#8211; NUR f\u00fcr diejenigen, die die Aktivit\u00e4t buchen).\nNach einem kurzen Spaziergang zur Malga Pampeago entdecken Kinder und Eltern zwischen<\/p><\/div><span class='evcal_evdata_icons'><i class='fa fa-align-justify'><\/i><\/span>\n\t\t\n\t\t<div class='evcal_evdata_cell shorter_desc'>\n\t\t\t<div class='eventon_full_description'>\n\t\t\t\t<h3 class='padb5 evo_h3'><span class='evcal_evdata_icons'><i class='fa fa-align-justify'><\/i><\/span>Details zur Veranstaltung<\/h3>\n\t\t\t\t<div class='eventon_desc_in' itemprop='description'>\n\t\t\t\t<p>Treffpunkt am Parkplatz des Tresca-Sessellifts (mit dem Auto von Pampeago erreichbar &#8211; NUR f\u00fcr diejenigen, die die Aktivit\u00e4t buchen).<\/p>\n<p>Nach einem kurzen Spaziergang zur Malga Pampeago entdecken Kinder und Eltern zwischen K\u00fchen, K\u00e4lbern, Eseln und Schweinen den Alltag und die Ger\u00e4usche, die das Leben der Hirten pr\u00e4gen.<\/p>\n<p>Am Ende der Aktivit\u00e4t gibt es einen kleinen Snack, den die Kinder genie\u00dfen oder mit nach Hause nehmen k\u00f6nnen.<\/p>\n<p>Aktivit\u00e4t auch mit Kinderwagen m\u00f6glich. <a href=\"https:\/\/www.visitfiemme.it\/de\/veranstaltungen\/fiemme-cembra-guest-card\/erlebnisse\/erlebnisse-sommer\" target=\"_blank\" rel=\"noopener\">Reservierung erforderlich<\/a>.<\/p>\n<\/div><p class='eventon_shad_p' style='padding:5px 0 0; margin:0'>\n\t\t\t<span class='evcal_btn evo_btn_secondary evobtn_details_show_more' content='less'>\n\t\t\t\t<span class='ev_more_text' data-txt='Weniger'>Mehr<\/span><span class='ev_more_arrow ard'><\/span>\n\t\t\t<\/span>\n\t\t<\/p><div class='clear'><\/div>\n\t\t\t<\/div>\n\t\t<\/div>\n\t<\/div><\/div><\/div><div class='evocard_row bx2 bx'><div id='event_time' class='evocard_box time' data-c='' \n\t\t\t\t\tstyle=''><div class='evo_metarow_time evorow evcal_evdata_row evcal_evrow_sm '>\n\t\t<span class='evcal_evdata_icons'><i class='fa fa-clock'><\/i><\/span>\n\t\t<div class='evcal_evdata_cell'>\t\t\t\t\t\t\t\n\t\t\t<h3 class='evo_h3'><span class='evcal_evdata_icons'><i class='fa fa-clock'><\/i><\/span>Zeitplan<\/h3><p><span class='evo_eventcard_time_t'>20 Juli 2026 15:20<\/span><span class='evo_tz marr5'>(GMT+02:00)<\/span><\/p>\n\t\t<\/div>\n\t<\/div><\/div><div id='event_location' class='evocard_box location' data-c='' \n\t\t\t\t\tstyle=''><div class='evcal_evdata_row evo_metarow_time_location evorow '>\n\t\t\n\t\t\t<span class='evcal_evdata_icons'><i class='fa fa-map-marker'><\/i><\/span>\n\t\t\t<div class='evcal_evdata_cell' data-loc_tax_id='32'><h3 class='evo_h3 evodfx'><span class='evcal_evdata_icons'><i class='fa fa-map-marker'><\/i><\/span>Ort<\/h3><p class='evo_location_name'>Pampeago<\/p><p class='evo_location_address evodfxi evogap10'>Localit\u00e0 Pampeago, 8, 38038 Tesero TN<\/p><div class='padt10'><span class='evo_btn_arr evolb_trigger' data-lbvals=\"{&quot;lbc&quot;:&quot;evo_location_lb_32&quot;,&quot;lbac&quot;:&quot;lb_max&quot;,&quot;t&quot;:&quot;Pampeago&quot;,&quot;ajax&quot;:&quot;yes&quot;,&quot;ajax_type&quot;:&quot;endpoint&quot;,&quot;ajax_action&quot;:&quot;eventon_get_tax_card_content&quot;,&quot;end&quot;:&quot;client&quot;,&quot;d&quot;:{&quot;lang&quot;:&quot;L2&quot;,&quot;term_id&quot;:32,&quot;tax&quot;:&quot;event_location&quot;,&quot;load_lbcontent&quot;:true},&quot;uid&quot;:&quot;eventon_get_tax_card_content&quot;}\" >Other Events<i class='fa fa-chevron-right'><\/i><\/span><\/div><\/div>\n\t\t\n\t<\/div><\/div><\/div><div class='evocard_row'><div id='event_addtocal' class='evocard_box addtocal' data-c='' \n\t\t\t\t\tstyle=''><div class='evo_metarow_ICS evorow evcal_evdata_row'>\n\t\t\t<span class='evcal_evdata_icons'><i class='fa fa-calendar-o'><\/i><\/span>\n\t\t\t<div class='evcal_evdata_cell'>\n\t\t\t\t<p><a href='https:\/\/latemarium.com\/de\/export-events\/2154_8\/?nonce=7b34e59f7d' class='evo_ics_nCal' title='Zu Ihrem Kalender hinzuf\u00fcgen'>Kalender<\/a><a href='https:\/\/www.google.com\/calendar\/event?action=TEMPLATE&text=Die+Ger%C3%A4usche+und+das+Leben+der+Malga&dates=20260720T132000Z%2F20260720T215900Z&ctz=Europe%2FRome&details=Die Ger\u00e4usche und das Leben der Malga&location=Pampeago+Localit%C3%A0+Pampeago%2C+8%2C+38038+Tesero+TN' target='_blank' class='evo_ics_gCal' title='Zu Google Kalender hinzuf\u00fcgen'>GoogleCal<\/a><\/p>\t\n\t\t\t<\/div>\n\t\t<\/div><\/div><\/div><div class='evocard_row'><div id='event_getdirection' class='evocard_box getdirection' data-c='' \n\t\t\t\t\tstyle=''><div class='evo_metarow_getDr evorow evcal_evdata_row evcal_evrow_sm getdirections'>\n\t\t<form action='https:\/\/maps.google.com\/maps' method='get' target='_blank'>\n\t\t\t<input type='hidden' name='daddr' value=\"Localit\u00e0 Pampeago, 8, 38038 Tesero TN\"\/> \n\t\t\t<div class='evo_get_direction_content evo_fx_dr_r evogap10'>\n\t\t\t\t<span class='evogetdir_header evodfx evofx_dr_r evofx_ai_c marr10'>\n\t\t\t\t\t<i class='mainicon fa fa-road'><\/i> \n\t\t\t\t\t<h3 class='evo_h3' style='padding-bottom:5px;'>Wegbeschreibung abrufen<\/h3>\n\t\t\t\t<\/span>\n\t\t\t\t<span class='evogetdir_field evodfx evofx_1_1 evo_fx_dr_c evow100p'>\t\t\t\t\t\n\t\t\t\t\t<input class='evoInput evotac' type='text' name='saddr' placeholder='&quot;Geben Sie die Adresse ein' value='' style='margin:10px 0;'\/>\n\t\t\t\t<\/span>\n\t\t\t\t<button type='submit' class='evo_get_direction_button evo_btn_arr_circ dfx fx_ai_c' title='&quot;Klicken Sie hier'><i class='fa fa-chevron-right'><\/i> <\/button>\n\t\t\t<\/div>\n\t\t<\/form>\n\t<\/div><\/div><\/div><div class='evo_card_row_end evcal_close' title='Schlie\u00dfen'><\/div><\/div><div class='clear end'><\/div><\/div><div id=\"event_2489_4\" class=\"eventon_list_event evo_eventtop scheduled  event clrD no_et event_2489_4\" data-event_id=\"2489\" data-ri=\"4r\" data-time=\"1784619000-1784671140\" data-colr=\"#38823b\" itemscope itemtype='http:\/\/schema.org\/Event'><div class=\"evo_event_schema\" style=\"display:none\" ><a itemprop='url'  href='https:\/\/latemarium.com\/de\/events\/respirart-kunst-und-natur\/var\/ri-4.l-L2'><\/a><meta itemprop='image' content=\"https:\/\/latemarium.com\/wp-content\/uploads\/2023\/06\/respirart-respiro-arte-natura.jpg\" \/><meta itemprop='startDate' content=\"2026-7-21T09:30+0:00\" \/><meta itemprop='endDate' content=\"2026-7-21T23:59+0:00\" \/><meta itemprop='eventStatus' content=\"https:\/\/schema.org\/EventScheduled\" \/><meta itemprop='eventAttendanceMode'   itemscope itemtype=\"https:\/\/schema.org\/OfflineEventAttendanceMode\"\/><div style=\"display:none\" itemprop=\"location\" itemscope itemtype=\"http:\/\/schema.org\/Place\"><span itemprop=\"name\">Pampeago<\/span><span itemprop=\"address\" itemscope itemtype=\"http:\/\/schema.org\/PostalAddress\"><item itemprop=\"streetAddress\">Localit\u00e0 Pampeago, 8, 38038 Tesero TN<\/item><\/span><\/div><script type=\"application\/ld+json\">{\"@context\": \"http:\/\/schema.org\",\"@type\": \"Event\",\n\t\t\t\t\"@id\": \"event_2489_4\",\n\t\t\t\t\"eventAttendanceMode\":\"https:\/\/schema.org\/OfflineEventAttendanceMode\",\n\t\t\t\t\"eventStatus\":\"https:\/\/schema.org\/EventScheduled\",\n\t\t\t\t\"name\": \"Respirart: Kunst und Natur\",\n\t\t\t\t\"url\": \"https:\/\/latemarium.com\/de\/events\/respirart-kunst-und-natur\/var\/ri-4.l-L2\",\n\t\t\t\t\"startDate\": \"2026-7-21T09:30+0:00\",\n\t\t\t\t\"endDate\": \"2026-7-21T23:59+0:00\",\n\t\t\t\t\"image\":\"https:\/\/latemarium.com\/wp-content\/uploads\/2023\/06\/respirart-respiro-arte-natura.jpg\", \n\t\t\t\t\"description\":\"<h2>Kunst in der H\u00f6he: Entdeckungsreise durch RespirArt zwischen Natur und Installationen<\/h2> <p><span data-sheets-value='{&quot;1&quot;:2,&quot;2&quot;:&quot;Es beginnt um 9.30 Uhr vor dem Agnello-Sessellift-Seminovia, wo Sie den k\u00fcnstlerischen F\u00fchrer treffen, der Ihnen die Samen liefert und Sie bei der Aussaat von Blumen von oben begleitet, um Blumen zu erzeugen und so die Erde, die Bienen, die Ziegen und die K\u00fche Anschlie\u00dfend f\u00fchrt Sie der F\u00fchrer zu den Kunstwerken im Park. Auf dem 3 km langen Rundgang entdecken Sie die Inspirationen der K\u00fcnstler, die in Anwesenheit des Latemar k\u00fcnstlerische Gesten schufen.\\r\\nAktivit\u00e4t f\u00fcr Erwachsene geeignet\\r\\nKostenlose Aktivit\u00e4t (ohne Liftticket)\\r\\n&quot;}' data-sheets-userformat='{&quot;2&quot;:15235,&quot;3&quot;:{&quot;1&quot;:0},&quot;4&quot;:{&quot;1&quot;:2,&quot;2&quot;:15987699},&quot;10&quot;:1,&quot;11&quot;:1,&quot;12&quot;:0,&quot;14&quot;:{&quot;1&quot;:2,&quot;2&quot;:5592405},&quot;15&quot;:&quot;Roboto&quot;,&quot;16&quot;:10}'>Es beginnt um 9.30 Uhr vor dem Agnello-Sessellift-&#8220;Seminovia&#8221;, wo Sie den k\u00fcnstlerischen F\u00fchrer treffen, der Ihnen die Samen liefert und Sie bei der Aussaat von Blumen von oben begleitet, um Blumen zu erzeugen und so die Erde, die Bienen, die Ziegen und die K\u00fche. <\/span><\/p> <p><span data-sheets-value='{&quot;1&quot;:2,&quot;2&quot;:&quot;Es beginnt um 9.30 Uhr vor dem Agnello-Sessellift-Seminovia, wo Sie den k\u00fcnstlerischen F\u00fchrer treffen, der Ihnen die Samen liefert und Sie bei der Aussaat von Blumen von oben begleitet, um Blumen zu erzeugen und so die Erde, die Bienen, die Ziegen und die K\u00fche Anschlie\u00dfend f\u00fchrt Sie der F\u00fchrer zu den Kunstwerken im Park. Auf dem 3 km langen Rundgang entdecken Sie die Inspirationen der K\u00fcnstler, die in Anwesenheit des Latemar k\u00fcnstlerische Gesten schufen.\\r\\nAktivit\u00e4t f\u00fcr Erwachsene geeignet\\r\\nKostenlose Aktivit\u00e4t (ohne Liftticket)\\r\\n&quot;}' data-sheets-userformat='{&quot;2&quot;:15235,&quot;3&quot;:{&quot;1&quot;:0},&quot;4&quot;:{&quot;1&quot;:2,&quot;2&quot;:15987699},&quot;10&quot;:1,&quot;11&quot;:1,&quot;12&quot;:0,&quot;14&quot;:{&quot;1&quot;:2,&quot;2&quot;:5592405},&quot;15&quot;:&quot;Roboto&quot;,&quot;16&quot;:10}'>Anschlie\u00dfend f\u00fchrt Sie der F\u00fchrer zu den Kunstwerken im Park. Auf dem 3 km langen Rundgang entdecken Sie die Inspirationen der K\u00fcnstler, die in Anwesenheit des Latemar k\u00fcnstlerische Gesten schufen. <\/span><\/p> <p><span data-sheets-value='{&quot;1&quot;:2,&quot;2&quot;:&quot;Es beginnt um 9.30 Uhr vor dem Agnello-Sessellift-Seminovia, wo Sie den k\u00fcnstlerischen F\u00fchrer treffen, der Ihnen die Samen liefert und Sie bei der Aussaat von Blumen von oben begleitet, um Blumen zu erzeugen und so die Erde, die Bienen, die Ziegen und die K\u00fche Anschlie\u00dfend f\u00fchrt Sie der F\u00fchrer zu den Kunstwerken im Park. Auf dem 3 km langen Rundgang entdecken Sie die Inspirationen der K\u00fcnstler, die in Anwesenheit des Latemar k\u00fcnstlerische Gesten schufen.\\r\\nAktivit\u00e4t f\u00fcr Erwachsene geeignet\\r\\nKostenlose Aktivit\u00e4t (ohne Liftticket)\\r\\n&quot;}' data-sheets-userformat='{&quot;2&quot;:15235,&quot;3&quot;:{&quot;1&quot;:0},&quot;4&quot;:{&quot;1&quot;:2,&quot;2&quot;:15987699},&quot;10&quot;:1,&quot;11&quot;:1,&quot;12&quot;:0,&quot;14&quot;:{&quot;1&quot;:2,&quot;2&quot;:5592405},&quot;15&quot;:&quot;Roboto&quot;,&quot;16&quot;:10}'>Aktivit\u00e4t f\u00fcr Erwachsene.<\/span><\/p> <p><a href='https:\/\/www.visitfiemme.it\/de\/veranstaltungen\/fiemme-cembra-guest-card\/erlebnisse\/erlebnisse-sommer' target='_blank' rel='noopener'>Reservierung erforderlich<\/a>.<\/p> \",\"location\":[{\"@type\":\"Place\",\"name\":\"Pampeago\",\"address\":{\"@type\": \"PostalAddress\",\"streetAddress\":\"Localit\u00e0 Pampeago, 8, 38038 Tesero TN\"}}]}<\/script><\/div>\r\n\t\t\t\t<p class=\"desc_trig_outter\" style=\"\"><a data-gmtrig=\"1\" data-exlk=\"0\" style=\"background-color: #38823b;\" id=\"evc_17846190002489\" class=\"hasFtIMG event_repeat desc_trig sin_val evcal_list_a\" data-ux_val=\"3\" data-ux_val_mob=\"-\"  ><span class='evoet_c1 evoet_cx '><span class='ev_ftImg' data-img='https:\/\/latemarium.com\/wp-content\/uploads\/2023\/06\/respirart-respiro-arte-natura.jpg' data-thumb='https:\/\/latemarium.com\/wp-content\/uploads\/2023\/06\/respirart-respiro-arte-natura-300x201.jpg' style='background-image:url(\"https:\/\/latemarium.com\/wp-content\/uploads\/2023\/06\/respirart-respiro-arte-natura-300x201.jpg\")' ><\/span><\/span><span class='evoet_c2 evoet_cx '><span class='evoet_dayblock evcal_cblock ' data-bgcolor='#38823b' data-smon='Juli' data-syr='2026' data-bub=''><span class='evo_start '><em class='date'>21<\/em><em class='month'>Jul<\/em><em class='time'>09:30<\/em><\/span><\/span><\/span><span class='evoet_c3 evoet_cx evcal_desc hide_eventtopdata '><span class='evoet_title evcal_desc2 evcal_event_title ' itemprop='name'>Respirart: Kunst und Natur<\/span><span class='event_location_attrs'  data-location_address=\"Localit\u00e0 Pampeago, 8, 38038 Tesero TN\" data-location_type=\"lonlat\" data-location_name=\"Pampeago\" data-location_url=\"https:\/\/latemarium.com\/de\/event-location\/pampeago-de\/\" data-location_status=\"true\" data-latlng=\"46.34343697644898,11.540997527961546\"><\/span><span class='evoet_subtitle evo_below_title' ><span class='evcal_event_subtitle ' >ENTDECKUNG DER KUNSTPARKS: RESPIRART<\/span><\/span><span class='evoet_time_expand level_3'><em class='evcal_time evo_tz_time'><i class='fa fa-clock-o'><\/i>09:30<span class='evo_tz marl5'>(GMT+02:00)<\/span><\/em> <\/span><span class='evoet_location level_3'><em class=\"evcal_location\"  data-latlng=\"46.34343697644898,11.540997527961546\" data-add_str=\"Localit\u00e0 Pampeago, 8, 38038 Tesero TN\" data-n=\"Pampeago\"><i class=\"fa fa-location-pin\"><\/i><em class=\"event_location_name\">Pampeago<\/em>, Localit\u00e0 Pampeago, 8, 38038 Tesero TN<\/em><\/span><\/span><span class='evoet_data' data-d=\"{&quot;loc.n&quot;:&quot;Pampeago&quot;,&quot;orgs&quot;:[],&quot;tags&quot;:{&quot;repeating&quot;:&quot;Repeating Event&quot;}}\" data-bgc=\"#38823b\" data-bggrad=\"\" ><\/span><\/a><\/p><div class='event_description evcal_eventcard ' style=\"display:none\"><div class='evocard_row'><div id='event_ftimage' class='evocard_box ftimage' data-c='' \n\t\t\t\t\tstyle=''><div class='evocard_main_image_hold' data-t='Loading Image..'><div class='evocard_main_image evo_img_triglb evobr15 evobgsc evobgpc evodfx evofx_jc_c evofx_ai_c evofz48 minmized' style='height:300px; background-image:url();' data-f=\"https:\/\/latemarium.com\/wp-content\/uploads\/2023\/06\/respirart-respiro-arte-natura.jpg\" data-h=\"602\" data-w=\"899\" data-ratio=\"0.66963292547275\" data-event_id=\"2489\" data-ri=\"4\"  data-t='Loading Image..'><span style='height:300px; background-image:url(https:\/\/latemarium.com\/wp-content\/uploads\/2023\/06\/respirart-respiro-arte-natura.jpg)'><\/span><\/div><\/div><\/div><\/div><div class='evocard_row'><div id='event_eventdetails' class='evocard_box eventdetails' data-c='' \n\t\t\t\t\tstyle=''><div class='evo_metarow_details evorow evcal_evdata_row evcal_event_details'>\n\t\t<div class=\"event_excerpt\" style=\"display:none\"><h3 class=\"padb5 evo_h3\">Details zur Veranstaltung<\/h3><p>Kunst in der H\u00f6he: Entdeckungsreise durch RespirArt zwischen Natur und Installationen<\/p><\/div><span class='evcal_evdata_icons'><i class='fa fa-align-justify'><\/i><\/span>\n\t\t\n\t\t<div class='evcal_evdata_cell shorter_desc'>\n\t\t\t<div class='eventon_full_description'>\n\t\t\t\t<h3 class='padb5 evo_h3'><span class='evcal_evdata_icons'><i class='fa fa-align-justify'><\/i><\/span>Details zur Veranstaltung<\/h3>\n\t\t\t\t<div class='eventon_desc_in' itemprop='description'>\n\t\t\t\t<h2>Kunst in der H\u00f6he: Entdeckungsreise durch RespirArt zwischen Natur und Installationen<\/h2>\n<p><span data-sheets-value=\"{&quot;1&quot;:2,&quot;2&quot;:&quot;Es beginnt um 9.30 Uhr vor dem Agnello-Sessellift-Seminovia, wo Sie den k\u00fcnstlerischen F\u00fchrer treffen, der Ihnen die Samen liefert und Sie bei der Aussaat von Blumen von oben begleitet, um Blumen zu erzeugen und so die Erde, die Bienen, die Ziegen und die K\u00fche Anschlie\u00dfend f\u00fchrt Sie der F\u00fchrer zu den Kunstwerken im Park. Auf dem 3 km langen Rundgang entdecken Sie die Inspirationen der K\u00fcnstler, die in Anwesenheit des Latemar k\u00fcnstlerische Gesten schufen.rnAktivit\u00e4t f\u00fcr Erwachsene geeignetrnKostenlose Aktivit\u00e4t (ohne Liftticket)rn&quot;}\" data-sheets-userformat=\"{&quot;2&quot;:15235,&quot;3&quot;:{&quot;1&quot;:0},&quot;4&quot;:{&quot;1&quot;:2,&quot;2&quot;:15987699},&quot;10&quot;:1,&quot;11&quot;:1,&quot;12&quot;:0,&quot;14&quot;:{&quot;1&quot;:2,&quot;2&quot;:5592405},&quot;15&quot;:&quot;Roboto&quot;,&quot;16&quot;:10}\">Es beginnt um 9.30 Uhr vor dem Agnello-Sessellift-&#8220;Seminovia&#8221;, wo Sie den k\u00fcnstlerischen F\u00fchrer treffen, der Ihnen die Samen liefert und Sie bei der Aussaat von Blumen von oben begleitet, um Blumen zu erzeugen und so die Erde, die Bienen, die Ziegen und die K\u00fche. <\/span><\/p>\n<p><span data-sheets-value=\"{&quot;1&quot;:2,&quot;2&quot;:&quot;Es beginnt um 9.30 Uhr vor dem Agnello-Sessellift-Seminovia, wo Sie den k\u00fcnstlerischen F\u00fchrer treffen, der Ihnen die Samen liefert und Sie bei der Aussaat von Blumen von oben begleitet, um Blumen zu erzeugen und so die Erde, die Bienen, die Ziegen und die K\u00fche Anschlie\u00dfend f\u00fchrt Sie der F\u00fchrer zu den Kunstwerken im Park. Auf dem 3 km langen Rundgang entdecken Sie die Inspirationen der K\u00fcnstler, die in Anwesenheit des Latemar k\u00fcnstlerische Gesten schufen.rnAktivit\u00e4t f\u00fcr Erwachsene geeignetrnKostenlose Aktivit\u00e4t (ohne Liftticket)rn&quot;}\" data-sheets-userformat=\"{&quot;2&quot;:15235,&quot;3&quot;:{&quot;1&quot;:0},&quot;4&quot;:{&quot;1&quot;:2,&quot;2&quot;:15987699},&quot;10&quot;:1,&quot;11&quot;:1,&quot;12&quot;:0,&quot;14&quot;:{&quot;1&quot;:2,&quot;2&quot;:5592405},&quot;15&quot;:&quot;Roboto&quot;,&quot;16&quot;:10}\">Anschlie\u00dfend f\u00fchrt Sie der F\u00fchrer zu den Kunstwerken im Park. Auf dem 3 km langen Rundgang entdecken Sie die Inspirationen der K\u00fcnstler, die in Anwesenheit des Latemar k\u00fcnstlerische Gesten schufen. <\/span><\/p>\n<p><span data-sheets-value=\"{&quot;1&quot;:2,&quot;2&quot;:&quot;Es beginnt um 9.30 Uhr vor dem Agnello-Sessellift-Seminovia, wo Sie den k\u00fcnstlerischen F\u00fchrer treffen, der Ihnen die Samen liefert und Sie bei der Aussaat von Blumen von oben begleitet, um Blumen zu erzeugen und so die Erde, die Bienen, die Ziegen und die K\u00fche Anschlie\u00dfend f\u00fchrt Sie der F\u00fchrer zu den Kunstwerken im Park. Auf dem 3 km langen Rundgang entdecken Sie die Inspirationen der K\u00fcnstler, die in Anwesenheit des Latemar k\u00fcnstlerische Gesten schufen.rnAktivit\u00e4t f\u00fcr Erwachsene geeignetrnKostenlose Aktivit\u00e4t (ohne Liftticket)rn&quot;}\" data-sheets-userformat=\"{&quot;2&quot;:15235,&quot;3&quot;:{&quot;1&quot;:0},&quot;4&quot;:{&quot;1&quot;:2,&quot;2&quot;:15987699},&quot;10&quot;:1,&quot;11&quot;:1,&quot;12&quot;:0,&quot;14&quot;:{&quot;1&quot;:2,&quot;2&quot;:5592405},&quot;15&quot;:&quot;Roboto&quot;,&quot;16&quot;:10}\">Aktivit\u00e4t f\u00fcr Erwachsene.<\/span><\/p>\n<p><a href=\"https:\/\/www.visitfiemme.it\/de\/veranstaltungen\/fiemme-cembra-guest-card\/erlebnisse\/erlebnisse-sommer\" target=\"_blank\" rel=\"noopener\">Reservierung erforderlich<\/a>.<\/p>\n<\/div><p class='eventon_shad_p' style='padding:5px 0 0; margin:0'>\n\t\t\t<span class='evcal_btn evo_btn_secondary evobtn_details_show_more' content='less'>\n\t\t\t\t<span class='ev_more_text' data-txt='Weniger'>Mehr<\/span><span class='ev_more_arrow ard'><\/span>\n\t\t\t<\/span>\n\t\t<\/p><div class='clear'><\/div>\n\t\t\t<\/div>\n\t\t<\/div>\n\t<\/div><\/div><\/div><div class='evocard_row bx2 bx'><div id='event_time' class='evocard_box time' data-c='' \n\t\t\t\t\tstyle=''><div class='evo_metarow_time evorow evcal_evdata_row evcal_evrow_sm '>\n\t\t<span class='evcal_evdata_icons'><i class='fa fa-clock'><\/i><\/span>\n\t\t<div class='evcal_evdata_cell'>\t\t\t\t\t\t\t\n\t\t\t<h3 class='evo_h3'><span class='evcal_evdata_icons'><i class='fa fa-clock'><\/i><\/span>Zeitplan<\/h3><p><span class='evo_eventcard_time_t'>21 Juli 2026 09:30<\/span><span class='evo_tz marr5'>(GMT+02:00)<\/span><\/p>\n\t\t<\/div>\n\t<\/div><\/div><div id='event_location' class='evocard_box location' data-c='' \n\t\t\t\t\tstyle=''><div class='evcal_evdata_row evo_metarow_time_location evorow '>\n\t\t\n\t\t\t<span class='evcal_evdata_icons'><i class='fa fa-map-marker'><\/i><\/span>\n\t\t\t<div class='evcal_evdata_cell' data-loc_tax_id='32'><h3 class='evo_h3 evodfx'><span class='evcal_evdata_icons'><i class='fa fa-map-marker'><\/i><\/span>Ort<\/h3><p class='evo_location_name'>Pampeago<\/p><p class='evo_location_address evodfxi evogap10'>Localit\u00e0 Pampeago, 8, 38038 Tesero TN<\/p><div class='padt10'><span class='evo_btn_arr evolb_trigger' data-lbvals=\"{&quot;lbc&quot;:&quot;evo_location_lb_32&quot;,&quot;lbac&quot;:&quot;lb_max&quot;,&quot;t&quot;:&quot;Pampeago&quot;,&quot;ajax&quot;:&quot;yes&quot;,&quot;ajax_type&quot;:&quot;endpoint&quot;,&quot;ajax_action&quot;:&quot;eventon_get_tax_card_content&quot;,&quot;end&quot;:&quot;client&quot;,&quot;d&quot;:{&quot;lang&quot;:&quot;L2&quot;,&quot;term_id&quot;:32,&quot;tax&quot;:&quot;event_location&quot;,&quot;load_lbcontent&quot;:true},&quot;uid&quot;:&quot;eventon_get_tax_card_content&quot;}\" >Other Events<i class='fa fa-chevron-right'><\/i><\/span><\/div><\/div>\n\t\t\n\t<\/div><\/div><\/div><div class='evocard_row'><div id='event_addtocal' class='evocard_box addtocal' data-c='' \n\t\t\t\t\tstyle=''><div class='evo_metarow_ICS evorow evcal_evdata_row'>\n\t\t\t<span class='evcal_evdata_icons'><i class='fa fa-calendar-o'><\/i><\/span>\n\t\t\t<div class='evcal_evdata_cell'>\n\t\t\t\t<p><a href='https:\/\/latemarium.com\/de\/export-events\/2489_4\/?nonce=7b34e59f7d' class='evo_ics_nCal' title='Zu Ihrem Kalender hinzuf\u00fcgen'>Kalender<\/a><a href='https:\/\/www.google.com\/calendar\/event?action=TEMPLATE&text=Respirart%3A+Kunst+und+Natur&dates=20260721T073000Z%2F20260721T215900Z&ctz=Europe%2FRome&details=Respirart: Kunst und Natur&location=Pampeago+Localit%C3%A0+Pampeago%2C+8%2C+38038+Tesero+TN' target='_blank' class='evo_ics_gCal' title='Zu Google Kalender hinzuf\u00fcgen'>GoogleCal<\/a><\/p>\t\n\t\t\t<\/div>\n\t\t<\/div><\/div><\/div><div class='evocard_row'><div id='event_repeats' class='evocard_box repeats' data-c='' \n\t\t\t\t\tstyle=''><div class='evo_metarow_repeats evorow evcal_evdata_row evcal_evrow_sm '>\n\t\t<span class='evcal_evdata_icons'><i class='fa fa-repeat'><\/i><\/span>\n\t\t<div class='evcal_evdata_cell'>\t\t\t\t\t\t\t\n\t\t\t<h3 class='evo_h3'>Zeitplan f\u00fcr k\u00fcnftige Veranstaltungen dieser Veranstaltungsreihe<\/h3><div class='evo_elm_HCS evo_repeat_series' style=''><span class='evo_elmHCS_nav HCSnavL evo_repeat_series content_slide_trig'><i class='fa fa-chevron-left'><\/i><\/span><span class='evo_elmHCS_nav HCSnavR evo_repeat_series content_slide_trig'><i class='fa fa-chevron-right'><\/i><\/span><div class='evo_elm_HCS_in'><div class='evo_repeat_series_dates clickable evodfx evofx_dr_r evogap10' data-click='1' data-event_url='https:\/\/latemarium.com\/de\/events\/respirart-kunst-und-natur\/var\/ri-4.l-L2'><span class='evo_repeat_series_date evodfx evofx_dr_r evofx_ai_c evogap5 evobr15 evobrdB1 evocl1 evopad15 evottu evofz14 evocurp evo_trans_sc1_03 evoHbgcw' data-ux=\"def\" data-l=\"https:\/\/latemarium.com\/de\/events\/respirart-kunst-und-natur\/var\/ri-5.l-L2\" ><span class='evodfx evofx_dr_c evotac evofx_jc_c'><b class='j evofz16'>28<\/b><b class='fy'>Juli <\/b><em class='t evofsn'>09:30<\/em><\/span><\/span><span class='evo_repeat_series_date evodfx evofx_dr_r evofx_ai_c evogap5 evobr15 evobrdB1 evocl1 evopad15 evottu evofz14 evocurp evo_trans_sc1_03 evoHbgcw' data-ux=\"def\" data-l=\"https:\/\/latemarium.com\/de\/events\/respirart-kunst-und-natur\/var\/ri-6.l-L2\" ><span class='evodfx evofx_dr_c evotac evofx_jc_c'><b class='j evofz16'>4<\/b><b class='fy'>August <\/b><em class='t evofsn'>09:30<\/em><\/span><\/span><span class='evo_repeat_series_date evodfx evofx_dr_r evofx_ai_c evogap5 evobr15 evobrdB1 evocl1 evopad15 evottu evofz14 evocurp evo_trans_sc1_03 evoHbgcw' data-ux=\"def\" data-l=\"https:\/\/latemarium.com\/de\/events\/respirart-kunst-und-natur\/var\/ri-7.l-L2\" ><span class='evodfx evofx_dr_c evotac evofx_jc_c'><b class='j evofz16'>11<\/b><b class='fy'>August <\/b><em class='t evofsn'>09:30<\/em><\/span><\/span><span class='evo_repeat_series_date evodfx evofx_dr_r evofx_ai_c evogap5 evobr15 evobrdB1 evocl1 evopad15 evottu evofz14 evocurp evo_trans_sc1_03 evoHbgcw' data-ux=\"def\" data-l=\"https:\/\/latemarium.com\/de\/events\/respirart-kunst-und-natur\/var\/ri-8.l-L2\" ><span class='evodfx evofx_dr_c evotac evofx_jc_c'><b class='j evofz16'>18<\/b><b class='fy'>August <\/b><em class='t evofsn'>09:30<\/em><\/span><\/span><span class='evo_repeat_series_date evodfx evofx_dr_r evofx_ai_c evogap5 evobr15 evobrdB1 evocl1 evopad15 evottu evofz14 evocurp evo_trans_sc1_03 evoHbgcw' data-ux=\"def\" data-l=\"https:\/\/latemarium.com\/de\/events\/respirart-kunst-und-natur\/var\/ri-9.l-L2\" ><span class='evodfx evofx_dr_c evotac evofx_jc_c'><b class='j evofz16'>25<\/b><b class='fy'>August <\/b><em class='t evofsn'>09:30<\/em><\/span><\/span><span class='evo_repeat_series_date evodfx evofx_dr_r evofx_ai_c evogap5 evobr15 evobrdB1 evocl1 evopad15 evottu evofz14 evocurp evo_trans_sc1_03 evoHbgcw' data-ux=\"def\" data-l=\"https:\/\/latemarium.com\/de\/events\/respirart-kunst-und-natur\/var\/ri-10.l-L2\" ><span class='evodfx evofx_dr_c evotac evofx_jc_c'><b class='j evofz16'>1<\/b><b class='fy'>September <\/b><em class='t evofsn'>09:30<\/em><\/span><\/span><span class='evo_repeat_series_date evodfx evofx_dr_r evofx_ai_c evogap5 evobr15 evobrdB1 evocl1 evopad15 evottu evofz14 evocurp evo_trans_sc1_03 evoHbgcw' data-ux=\"def\" data-l=\"https:\/\/latemarium.com\/de\/events\/respirart-kunst-und-natur\/var\/ri-11.l-L2\" ><span class='evodfx evofx_dr_c evotac evofx_jc_c'><b class='j evofz16'>8<\/b><b class='fy'>September <\/b><em class='t evofsn'>09:30<\/em><\/span><\/span><\/div><\/div><\/div><\/div><\/div><\/div><\/div><div class='evocard_row'><div id='event_getdirection' class='evocard_box getdirection' data-c='' \n\t\t\t\t\tstyle=''><div class='evo_metarow_getDr evorow evcal_evdata_row evcal_evrow_sm getdirections'>\n\t\t<form action='https:\/\/maps.google.com\/maps' method='get' target='_blank'>\n\t\t\t<input type='hidden' name='daddr' value=\"Localit\u00e0 Pampeago, 8, 38038 Tesero TN\"\/> \n\t\t\t<div class='evo_get_direction_content evo_fx_dr_r evogap10'>\n\t\t\t\t<span class='evogetdir_header evodfx evofx_dr_r evofx_ai_c marr10'>\n\t\t\t\t\t<i class='mainicon fa fa-road'><\/i> \n\t\t\t\t\t<h3 class='evo_h3' style='padding-bottom:5px;'>Wegbeschreibung abrufen<\/h3>\n\t\t\t\t<\/span>\n\t\t\t\t<span class='evogetdir_field evodfx evofx_1_1 evo_fx_dr_c evow100p'>\t\t\t\t\t\n\t\t\t\t\t<input class='evoInput evotac' type='text' name='saddr' placeholder='&quot;Geben Sie die Adresse ein' value='' style='margin:10px 0;'\/>\n\t\t\t\t<\/span>\n\t\t\t\t<button type='submit' class='evo_get_direction_button evo_btn_arr_circ dfx fx_ai_c' title='&quot;Klicken Sie hier'><i class='fa fa-chevron-right'><\/i> <\/button>\n\t\t\t<\/div>\n\t\t<\/form>\n\t<\/div><\/div><\/div><div class='evo_card_row_end evcal_close' title='Schlie\u00dfen'><\/div><\/div><div class='clear end'><\/div><\/div><div id=\"event_2856_2\" class=\"eventon_list_event evo_eventtop scheduled  event clrW no_et event_2856_2\" data-event_id=\"2856\" data-ri=\"2r\" data-time=\"1784624400-1784671140\" data-colr=\"#a69dcd\" itemscope itemtype='http:\/\/schema.org\/Event'><div class=\"evo_event_schema\" style=\"display:none\" ><a itemprop='url'  href='https:\/\/latemarium.com\/de\/events\/dort-oben-erwartet-uns-die-strasse-des-dahu-2\/var\/ri-2.l-L2'><\/a><meta itemprop='image' content=\"https:\/\/latemarium.com\/wp-content\/uploads\/2023\/06\/forse-dahu-sa.jpg\" \/><meta itemprop='startDate' content=\"2026-7-21T11:00+0:00\" \/><meta itemprop='endDate' content=\"2026-7-21T23:59+0:00\" \/><meta itemprop='eventStatus' content=\"https:\/\/schema.org\/EventScheduled\" \/><meta itemprop='eventAttendanceMode'   itemscope itemtype=\"https:\/\/schema.org\/OfflineEventAttendanceMode\"\/><script type=\"application\/ld+json\">{\"@context\": \"http:\/\/schema.org\",\"@type\": \"Event\",\n\t\t\t\t\"@id\": \"event_2856_2\",\n\t\t\t\t\"eventAttendanceMode\":\"https:\/\/schema.org\/OfflineEventAttendanceMode\",\n\t\t\t\t\"eventStatus\":\"https:\/\/schema.org\/EventScheduled\",\n\t\t\t\t\"name\": \"DORT OBEN ERWARTET UNS DIE STRASSE DES DAH\u00d9\",\n\t\t\t\t\"url\": \"https:\/\/latemarium.com\/de\/events\/dort-oben-erwartet-uns-die-strasse-des-dahu-2\/var\/ri-2.l-L2\",\n\t\t\t\t\"startDate\": \"2026-7-21T11:00+0:00\",\n\t\t\t\t\"endDate\": \"2026-7-21T23:59+0:00\",\n\t\t\t\t\"image\":\"https:\/\/latemarium.com\/wp-content\/uploads\/2023\/06\/forse-dahu-sa.jpg\", \n\t\t\t\t\"description\":\"<p>\u201eDas unerkl\u00e4rliche Gleichgewicht des Dahu f\u00fchrt die Forscher zu einer gro\u00dfen Entwicklung mit st\u00e4ndigen Perspektivwechseln: von oben nach unten, von hier nach dort\u201c.<\/p> <p>Dienstags: vom 7. Juli bis 25. August 2026<br \/> bei der Bergstation der Gondelbahn Predazzo \u2013 Gardon\u00e8<br \/> um 11.00 Uhr<br \/> F\u00fcr Familien (Dauer: 1h30\u2018)<br \/> Vorstellung auf Italienisch<\/p> <p>&nbsp;<\/p> <p>&nbsp;<\/p> \"}<\/script><\/div>\r\n\t\t\t\t<p class=\"desc_trig_outter\" style=\"\"><a data-gmap_status=\"null\" data-exlk=\"0\" style=\"background-color: #a69dcd;\" id=\"evc_17846244002856\" class=\"hasFtIMG event_repeat desc_trig sin_val evcal_list_a\" data-ux_val=\"3\" data-ux_val_mob=\"-\"  ><span class='evoet_c1 evoet_cx '><span class='ev_ftImg' data-img='https:\/\/latemarium.com\/wp-content\/uploads\/2023\/06\/forse-dahu-sa.jpg' data-thumb='https:\/\/latemarium.com\/wp-content\/uploads\/2023\/06\/forse-dahu-sa-300x204.jpg' style='background-image:url(\"https:\/\/latemarium.com\/wp-content\/uploads\/2023\/06\/forse-dahu-sa-300x204.jpg\")' ><\/span><\/span><span class='evoet_c2 evoet_cx '><span class='evoet_dayblock evcal_cblock ' data-bgcolor='#a69dcd' data-smon='Juli' data-syr='2026' data-bub=''><span class='evo_start '><em class='date'>21<\/em><em class='month'>Jul<\/em><em class='time'>11:00<\/em><\/span><\/span><\/span><span class='evoet_c3 evoet_cx evcal_desc hide_eventtopdata '><span class='evoet_title evcal_desc2 evcal_event_title ' itemprop='name'>DORT OBEN ERWARTET UNS DIE STRASSE DES DAH\u00d9<\/span><span class='event_location_attrs' data-location_type=\"lonlat\" data-location_name=\"Seilbahn Ankunft Predazzo-Gardon\u00e8\" data-location_url=\"https:\/\/latemarium.com\/de\/event-location\/seilbahn-ankunft-predazzo-gardone\/\" data-location_status=\"true\" data-latlng=\"46.32878794406342,11.600176728690842\"><\/span><span class='evoet_subtitle evo_below_title' ><span class='evcal_event_subtitle ' >auf dem Pfad des Zerstreuten Hirten<\/span><\/span><span class='evoet_time_expand level_3'><em class='evcal_time evo_tz_time'><i class='fa fa-clock-o'><\/i>11:00<span class='evo_tz marl5'>(GMT+02:00)<\/span><\/em> <\/span><span class='evoet_location level_3'><em class=\"evcal_location\"  data-latlng=\"46.32878794406342,11.600176728690842\" data-add_str=\"\" data-n=\"Seilbahn Ankunft Predazzo-Gardon\u00e8\"><i class=\"fa fa-location-pin\"><\/i><em class=\"event_location_name\">Seilbahn Ankunft Predazzo-Gardon\u00e8<\/em><\/em><\/span><\/span><span class='evoet_data' data-d=\"{&quot;loc.n&quot;:&quot;Seilbahn Ankunft Predazzo-Gardon\\u00e8&quot;,&quot;orgs&quot;:[],&quot;tags&quot;:{&quot;repeating&quot;:&quot;Repeating Event&quot;}}\" data-bgc=\"#a69dcd\" data-bggrad=\"\" ><\/span><\/a><\/p><div class='event_description evcal_eventcard ' style=\"display:none\"><div class='evocard_row'><div id='event_ftimage' class='evocard_box ftimage' data-c='' \n\t\t\t\t\tstyle=''><div class='evocard_main_image_hold' data-t='Loading Image..'><div class='evocard_main_image evo_img_triglb evobr15 evobgsc evobgpc evodfx evofx_jc_c evofx_ai_c evofz48 minmized' style='height:300px; background-image:url();' data-f=\"https:\/\/latemarium.com\/wp-content\/uploads\/2023\/06\/forse-dahu-sa.jpg\" data-h=\"587\" data-w=\"862\" data-ratio=\"0.68097447795824\" data-event_id=\"2856\" data-ri=\"2\"  data-t='Loading Image..'><span style='height:300px; background-image:url(https:\/\/latemarium.com\/wp-content\/uploads\/2023\/06\/forse-dahu-sa.jpg)'><\/span><\/div><\/div><\/div><\/div><div class='evocard_row'><div id='event_eventdetails' class='evocard_box eventdetails' data-c='' \n\t\t\t\t\tstyle=''><div class='evo_metarow_details evorow evcal_evdata_row evcal_event_details'>\n\t\t<div class=\"event_excerpt\" style=\"display:none\"><h3 class=\"padb5 evo_h3\">Details zur Veranstaltung<\/h3><p>\u201eDas unerkl\u00e4rliche Gleichgewicht des Dahu f\u00fchrt die Forscher zu einer gro\u00dfen Entwicklung mit st\u00e4ndigen Perspektivwechseln: von oben nach unten, von hier nach dort\u201c.\nDienstags: vom 7. Juli bis 25. August 2026<\/p><\/div><span class='evcal_evdata_icons'><i class='fa fa-align-justify'><\/i><\/span>\n\t\t\n\t\t<div class='evcal_evdata_cell '>\n\t\t\t<div class='eventon_full_description'>\n\t\t\t\t<h3 class='padb5 evo_h3'><span class='evcal_evdata_icons'><i class='fa fa-align-justify'><\/i><\/span>Details zur Veranstaltung<\/h3>\n\t\t\t\t<div class='eventon_desc_in' itemprop='description'>\n\t\t\t\t<p>\u201eDas unerkl\u00e4rliche Gleichgewicht des Dahu f\u00fchrt die Forscher zu einer gro\u00dfen Entwicklung mit st\u00e4ndigen Perspektivwechseln: von oben nach unten, von hier nach dort\u201c.<\/p>\n<p>Dienstags: vom 7. Juli bis 25. August 2026<br \/>\nbei der Bergstation der Gondelbahn Predazzo \u2013 Gardon\u00e8<br \/>\num 11.00 Uhr<br \/>\nF\u00fcr Familien (Dauer: 1h30\u2018)<br \/>\nVorstellung auf Italienisch<\/p>\n<p>&nbsp;<\/p>\n<p>&nbsp;<\/p>\n<\/div><div class='clear'><\/div>\n\t\t\t<\/div>\n\t\t<\/div>\n\t<\/div><\/div><\/div><div class='evocard_row bx2 bx'><div id='event_time' class='evocard_box time' data-c='' \n\t\t\t\t\tstyle=''><div class='evo_metarow_time evorow evcal_evdata_row evcal_evrow_sm '>\n\t\t<span class='evcal_evdata_icons'><i class='fa fa-clock'><\/i><\/span>\n\t\t<div class='evcal_evdata_cell'>\t\t\t\t\t\t\t\n\t\t\t<h3 class='evo_h3'><span class='evcal_evdata_icons'><i class='fa fa-clock'><\/i><\/span>Zeitplan<\/h3><p><span class='evo_eventcard_time_t'>21 Juli 2026 11:00<\/span><span class='evo_tz marr5'>(GMT+02:00)<\/span><\/p>\n\t\t<\/div>\n\t<\/div><\/div><div id='event_location' class='evocard_box location' data-c='' \n\t\t\t\t\tstyle=''><div class='evcal_evdata_row evo_metarow_time_location evorow '>\n\t\t\n\t\t\t<span class='evcal_evdata_icons'><i class='fa fa-map-marker'><\/i><\/span>\n\t\t\t<div class='evcal_evdata_cell' data-loc_tax_id='36'><h3 class='evo_h3 evodfx'><span class='evcal_evdata_icons'><i class='fa fa-map-marker'><\/i><\/span>Ort<\/h3><p class='evo_location_name'>Seilbahn Ankunft Predazzo-Gardon\u00e8<\/p><div class='padt10'><span class='evo_btn_arr evolb_trigger' data-lbvals=\"{&quot;lbc&quot;:&quot;evo_location_lb_36&quot;,&quot;lbac&quot;:&quot;lb_max&quot;,&quot;t&quot;:&quot;Seilbahn Ankunft Predazzo-Gardon\\u00e8&quot;,&quot;ajax&quot;:&quot;yes&quot;,&quot;ajax_type&quot;:&quot;endpoint&quot;,&quot;ajax_action&quot;:&quot;eventon_get_tax_card_content&quot;,&quot;end&quot;:&quot;client&quot;,&quot;d&quot;:{&quot;lang&quot;:&quot;L2&quot;,&quot;term_id&quot;:36,&quot;tax&quot;:&quot;event_location&quot;,&quot;load_lbcontent&quot;:true},&quot;uid&quot;:&quot;eventon_get_tax_card_content&quot;}\" >Other Events<i class='fa fa-chevron-right'><\/i><\/span><\/div><\/div>\n\t\t\n\t<\/div><\/div><\/div><div class='evocard_row bx2 bx'><div id='event_learnmore' class='evocard_box learnmore' data-c='' \n\t\t\t\t\tstyle=''><div class='evo_metarow_learnM evo_metarow_learnmore evorow'>\n\t\t\t\t\t\t\t<a class='evcal_evdata_row evo_clik_row ' href='https:\/\/www.montagnanimata.it\/de\/spektakel\/' target=\"_blank\">\n\t\t\t\t\t\t\t\t<span class='evcal_evdata_icons'><i class='fa fa-link'><\/i><\/span>\n\t\t\t\t\t\t\t\t<h3 class='evo_h3'>Entdecke mehr<\/h3>\n\t\t\t\t\t\t\t<\/a>\n\t\t\t\t\t\t\t<\/div><\/div><div id='event_addtocal' class='evocard_box addtocal' data-c='' \n\t\t\t\t\tstyle=''><div class='evo_metarow_ICS evorow evcal_evdata_row'>\n\t\t\t<span class='evcal_evdata_icons'><i class='fa fa-calendar-o'><\/i><\/span>\n\t\t\t<div class='evcal_evdata_cell'>\n\t\t\t\t<p><a href='https:\/\/latemarium.com\/de\/export-events\/2856_2\/?nonce=7b34e59f7d' class='evo_ics_nCal' title='Zu Ihrem Kalender hinzuf\u00fcgen'>Kalender<\/a><a href='https:\/\/www.google.com\/calendar\/event?action=TEMPLATE&text=DORT+OBEN+ERWARTET+UNS+DIE+STRASSE+DES+DAH%C3%99&dates=20260721T090000Z%2F20260721T215900Z&ctz=Europe%2FRome&details=DORT OBEN ERWARTET UNS DIE STRASSE DES DAH\u00d9&location=Seilbahn+Ankunft+Predazzo-Gardon%C3%A8' target='_blank' class='evo_ics_gCal' title='Zu Google Kalender hinzuf\u00fcgen'>GoogleCal<\/a><\/p>\t\n\t\t\t<\/div>\n\t\t<\/div><\/div><\/div><div class='evocard_row'><div id='event_getdirection' class='evocard_box getdirection' data-c='' \n\t\t\t\t\tstyle=''><div class='evo_metarow_getDr evorow evcal_evdata_row evcal_evrow_sm getdirections'>\n\t\t<form action='https:\/\/maps.google.com\/maps' method='get' target='_blank'>\n\t\t\t<input type='hidden' name='daddr' value=\"46.32878794406342,11.600176728690842\"\/> \n\t\t\t<div class='evo_get_direction_content evo_fx_dr_r evogap10'>\n\t\t\t\t<span class='evogetdir_header evodfx evofx_dr_r evofx_ai_c marr10'>\n\t\t\t\t\t<i class='mainicon fa fa-road'><\/i> \n\t\t\t\t\t<h3 class='evo_h3' style='padding-bottom:5px;'>Wegbeschreibung abrufen<\/h3>\n\t\t\t\t<\/span>\n\t\t\t\t<span class='evogetdir_field evodfx evofx_1_1 evo_fx_dr_c evow100p'>\t\t\t\t\t\n\t\t\t\t\t<input class='evoInput evotac' type='text' name='saddr' placeholder='&quot;Geben Sie die Adresse ein' value='' style='margin:10px 0;'\/>\n\t\t\t\t<\/span>\n\t\t\t\t<button type='submit' class='evo_get_direction_button evo_btn_arr_circ dfx fx_ai_c' title='&quot;Klicken Sie hier'><i class='fa fa-chevron-right'><\/i> <\/button>\n\t\t\t<\/div>\n\t\t<\/form>\n\t<\/div><\/div><\/div><div class='evo_card_row_end evcal_close' title='Schlie\u00dfen'><\/div><\/div><div class='clear end'><\/div><\/div><div id=\"event_2107_4\" class=\"eventon_list_event evo_eventtop scheduled  event clrW no_et event_2107_4\" data-event_id=\"2107\" data-ri=\"4r\" data-time=\"1784633400-1784671140\" data-colr=\"#facd05\" itemscope itemtype='http:\/\/schema.org\/Event'><div class=\"evo_event_schema\" style=\"display:none\" ><a itemprop='url'  href='https:\/\/latemarium.com\/de\/events\/mindful-latemar\/var\/ri-4.l-L2'><\/a><meta itemprop='image' content=\"https:\/\/latemarium.com\/wp-content\/uploads\/2023\/06\/\u00a9Obereggen_LatemarAG.SpA_Mindful.Latemar_Ph.Guenther.Pichler_06.jpg\" \/><meta itemprop='startDate' content=\"2026-7-21T13:30+0:00\" \/><meta itemprop='endDate' content=\"2026-7-21T23:59+0:00\" \/><meta itemprop='eventStatus' content=\"https:\/\/schema.org\/EventScheduled\" \/><meta itemprop='eventAttendanceMode'   itemscope itemtype=\"https:\/\/schema.org\/OfflineEventAttendanceMode\"\/><div style=\"display:none\" itemprop=\"location\" itemscope itemtype=\"http:\/\/schema.org\/Place\"><span itemprop=\"name\">Talstation Obereggen<\/span><span itemprop=\"address\" itemscope itemtype=\"http:\/\/schema.org\/PostalAddress\"><item itemprop=\"streetAddress\">Obereggen 16 I-39050 Deutschnofen (BZ)<\/item><\/span><\/div><script type=\"application\/ld+json\">{\"@context\": \"http:\/\/schema.org\",\"@type\": \"Event\",\n\t\t\t\t\"@id\": \"event_2107_4\",\n\t\t\t\t\"eventAttendanceMode\":\"https:\/\/schema.org\/OfflineEventAttendanceMode\",\n\t\t\t\t\"eventStatus\":\"https:\/\/schema.org\/EventScheduled\",\n\t\t\t\t\"name\": \"Mindful.Latemar\",\n\t\t\t\t\"url\": \"https:\/\/latemarium.com\/de\/events\/mindful-latemar\/var\/ri-4.l-L2\",\n\t\t\t\t\"startDate\": \"2026-7-21T13:30+0:00\",\n\t\t\t\t\"endDate\": \"2026-7-21T23:59+0:00\",\n\t\t\t\t\"image\":\"https:\/\/latemarium.com\/wp-content\/uploads\/2023\/06\/\u00a9Obereggen_LatemarAG.SpA_Mindful.Latemar_Ph.Guenther.Pichler_06.jpg\", \n\t\t\t\t\"description\":\"<p>Mindful.Latemar befindet sich in Obereggen entlang des <strong>Rundweges auf dem Golfrion<\/strong>, am Fu\u00dfe der Dolomiten auf 1872 Metern Meeresh\u00f6he.<\/p> <p>Der Weg beinhaltet <strong>18 verschiedene Mindfulness-\u00dcbungen<\/strong> an einem besonderen Ort, der nach dem Sturm Vaia im November 2018 ein Beispiel f\u00fcr Best\u00e4ndigkeit und Resilienz wurde.<\/p> <h3 class='wysiwyg__subline'>Dr. Thomas Bernagozzi begleitet dich immer dienstags:<\/h3> <div class='wysiwyg__description'> <p>von 13.30 bis 15.30 Uhr (auf Deutsch )<br \/> von 15.45 bis 17.45 Uhr (auf Italienisch)<\/p> <ul> <li>Treffpunkt: Talstation der Kabinenbahn &#8220;Obereggen-Ochsenweide&#8221;<\/li> <li>Kosten: 30 Euro inklusive der Berg- und Talfahrt<\/li> <li>Anmeldung online:\u00a0<a href='https:\/\/eggental.com\/de\/ajax-events#11944' target='_blank' rel='noopener'><strong><u>Eggental Tourismus<\/u><\/strong><\/a>\u00a0(max. 10 Personen)<\/li> <\/ul> <\/div> \",\"location\":[{\"@type\":\"Place\",\"name\":\"Talstation Obereggen\",\"address\":{\"@type\": \"PostalAddress\",\"streetAddress\":\"Obereggen 16 I-39050 Deutschnofen (BZ)\"}}]}<\/script><\/div>\r\n\t\t\t\t<p class=\"desc_trig_outter\" style=\"\"><a data-gmtrig=\"1\" data-exlk=\"0\" style=\"background-color: #facd05;\" id=\"evc_17846334002107\" class=\"hasFtIMG event_repeat desc_trig sin_val evcal_list_a\" data-ux_val=\"3\" data-ux_val_mob=\"-\"  ><span class='evoet_c1 evoet_cx '><span class='ev_ftImg' data-img='https:\/\/latemarium.com\/wp-content\/uploads\/2023\/06\/\u00a9Obereggen_LatemarAG.SpA_Mindful.Latemar_Ph.Guenther.Pichler_06.jpg' data-thumb='https:\/\/latemarium.com\/wp-content\/uploads\/2023\/06\/\u00a9Obereggen_LatemarAG.SpA_Mindful.Latemar_Ph.Guenther.Pichler_06-300x169.jpg' style='background-image:url(\"https:\/\/latemarium.com\/wp-content\/uploads\/2023\/06\/\u00a9Obereggen_LatemarAG.SpA_Mindful.Latemar_Ph.Guenther.Pichler_06-300x169.jpg\")' ><\/span><\/span><span class='evoet_c2 evoet_cx '><span class='evoet_dayblock evcal_cblock ' data-bgcolor='#facd05' data-smon='Juli' data-syr='2026' data-bub=''><span class='evo_start '><em class='date'>21<\/em><em class='month'>Jul<\/em><em class='time'>13:30<\/em><\/span><\/span><\/span><span class='evoet_c3 evoet_cx evcal_desc hide_eventtopdata '><span class='evoet_title evcal_desc2 evcal_event_title ' itemprop='name'>Mindful.Latemar<\/span><span class='event_location_attrs'  data-location_address=\"Obereggen 16 I-39050 Deutschnofen (BZ)\" data-location_type=\"lonlat\" data-location_name=\"Talstation Obereggen\" data-location_url=\"https:\/\/latemarium.com\/de\/event-location\/talstation-obereggen\/\" data-location_status=\"true\" data-latlng=\"46.3835808246333,11.52667595881786\"><\/span><span class='evoet_subtitle evo_below_title' ><span class='evcal_event_subtitle ' >Mindful.Latemar ist der erste immersive Achtsamkeitspfad in den Alpen.<\/span><\/span><span class='evoet_time_expand level_3'><em class='evcal_time evo_tz_time'><i class='fa fa-clock-o'><\/i>13:30<span class='evo_tz marl5'>(GMT+02:00)<\/span><\/em> <\/span><span class='evoet_location level_3'><em class=\"evcal_location\"  data-latlng=\"46.3835808246333,11.52667595881786\" data-add_str=\"Obereggen 16 I-39050 Deutschnofen (BZ)\" data-n=\"Talstation Obereggen\"><i class=\"fa fa-location-pin\"><\/i><em class=\"event_location_name\">Talstation Obereggen<\/em>, Obereggen 16 I-39050 Deutschnofen (BZ)<\/em><\/span><\/span><span class='evoet_data' data-d=\"{&quot;loc.n&quot;:&quot;Talstation Obereggen&quot;,&quot;orgs&quot;:[],&quot;tags&quot;:{&quot;repeating&quot;:&quot;Repeating Event&quot;}}\" data-bgc=\"#facd05\" data-bggrad=\"\" ><\/span><\/a><\/p><div class='event_description evcal_eventcard ' style=\"display:none\"><div class='evocard_row'><div id='event_ftimage' class='evocard_box ftimage' data-c='' \n\t\t\t\t\tstyle=''><div class='evocard_main_image_hold' data-t='Loading Image..'><div class='evocard_main_image evo_img_triglb evobr15 evobgsc evobgpc evodfx evofx_jc_c evofx_ai_c evofz48 minmized' style='height:300px; background-image:url();' data-f=\"https:\/\/latemarium.com\/wp-content\/uploads\/2023\/06\/\u00a9Obereggen_LatemarAG.SpA_Mindful.Latemar_Ph.Guenther.Pichler_06.jpg\" data-h=\"812\" data-w=\"1445\" data-ratio=\"0.56193771626298\" data-event_id=\"2107\" data-ri=\"4\"  data-t='Loading Image..'><span style='height:300px; background-image:url(https:\/\/latemarium.com\/wp-content\/uploads\/2023\/06\/\u00a9Obereggen_LatemarAG.SpA_Mindful.Latemar_Ph.Guenther.Pichler_06.jpg)'><\/span><\/div><\/div><\/div><\/div><div class='evocard_row'><div id='event_eventdetails' class='evocard_box eventdetails' data-c='' \n\t\t\t\t\tstyle=''><div class='evo_metarow_details evorow evcal_evdata_row evcal_event_details'>\n\t\t<div class=\"event_excerpt\" style=\"display:none\"><h3 class=\"padb5 evo_h3\">Details zur Veranstaltung<\/h3><p>Mindful.Latemar befindet sich in Obereggen entlang des Rundweges auf dem Golfrion, am Fu\u00dfe der Dolomiten auf 1872 Metern Meeresh\u00f6he.\nDer Weg beinhaltet 18 verschiedene Mindfulness-\u00dcbungen an einem besonderen Ort, der nach<\/p><\/div><span class='evcal_evdata_icons'><i class='fa fa-align-justify'><\/i><\/span>\n\t\t\n\t\t<div class='evcal_evdata_cell shorter_desc'>\n\t\t\t<div class='eventon_full_description'>\n\t\t\t\t<h3 class='padb5 evo_h3'><span class='evcal_evdata_icons'><i class='fa fa-align-justify'><\/i><\/span>Details zur Veranstaltung<\/h3>\n\t\t\t\t<div class='eventon_desc_in' itemprop='description'>\n\t\t\t\t<p>Mindful.Latemar befindet sich in Obereggen entlang des <strong>Rundweges auf dem Golfrion<\/strong>, am Fu\u00dfe der Dolomiten auf 1872 Metern Meeresh\u00f6he.<\/p>\n<p>Der Weg beinhaltet <strong>18 verschiedene Mindfulness-\u00dcbungen<\/strong> an einem besonderen Ort, der nach dem Sturm Vaia im November 2018 ein Beispiel f\u00fcr Best\u00e4ndigkeit und Resilienz wurde.<\/p>\n<h3 class=\"wysiwyg__subline\">Dr. Thomas Bernagozzi begleitet dich immer dienstags:<\/h3>\n<div class=\"wysiwyg__description\">\n<p>von 13.30 bis 15.30 Uhr (auf Deutsch )<br \/>\nvon 15.45 bis 17.45 Uhr (auf Italienisch)<\/p>\n<ul>\n<li>Treffpunkt: Talstation der Kabinenbahn &#8220;Obereggen-Ochsenweide&#8221;<\/li>\n<li>Kosten: 30 Euro inklusive der Berg- und Talfahrt<\/li>\n<li>Anmeldung online:\u00a0<a href=\"https:\/\/eggental.com\/de\/ajax-events#11944\" target=\"_blank\" rel=\"noopener\"><strong><u>Eggental Tourismus<\/u><\/strong><\/a>\u00a0(max. 10 Personen)<\/li>\n<\/ul>\n<\/div>\n<\/div><p class='eventon_shad_p' style='padding:5px 0 0; margin:0'>\n\t\t\t<span class='evcal_btn evo_btn_secondary evobtn_details_show_more' content='less'>\n\t\t\t\t<span class='ev_more_text' data-txt='Weniger'>Mehr<\/span><span class='ev_more_arrow ard'><\/span>\n\t\t\t<\/span>\n\t\t<\/p><div class='clear'><\/div>\n\t\t\t<\/div>\n\t\t<\/div>\n\t<\/div><\/div><\/div><div class='evocard_row bx2 bx'><div id='event_time' class='evocard_box time' data-c='' \n\t\t\t\t\tstyle=''><div class='evo_metarow_time evorow evcal_evdata_row evcal_evrow_sm '>\n\t\t<span class='evcal_evdata_icons'><i class='fa fa-clock'><\/i><\/span>\n\t\t<div class='evcal_evdata_cell'>\t\t\t\t\t\t\t\n\t\t\t<h3 class='evo_h3'><span class='evcal_evdata_icons'><i class='fa fa-clock'><\/i><\/span>Zeitplan<\/h3><p><span class='evo_eventcard_time_t'>21 Juli 2026 13:30<\/span><span class='evo_tz marr5'>(GMT+02:00)<\/span><\/p>\n\t\t<\/div>\n\t<\/div><\/div><div id='event_location' class='evocard_box location' data-c='' \n\t\t\t\t\tstyle=''><div class='evcal_evdata_row evo_metarow_time_location evorow '>\n\t\t\n\t\t\t<span class='evcal_evdata_icons'><i class='fa fa-map-marker'><\/i><\/span>\n\t\t\t<div class='evcal_evdata_cell' data-loc_tax_id='23'><h3 class='evo_h3 evodfx'><span class='evcal_evdata_icons'><i class='fa fa-map-marker'><\/i><\/span>Ort<\/h3><p class='evo_location_name'>Talstation Obereggen<\/p><p class='evo_location_address evodfxi evogap10'>Obereggen 16 I-39050 Deutschnofen (BZ)<\/p><div class='padt10'><span class='evo_btn_arr evolb_trigger' data-lbvals=\"{&quot;lbc&quot;:&quot;evo_location_lb_23&quot;,&quot;lbac&quot;:&quot;lb_max&quot;,&quot;t&quot;:&quot;Talstation Obereggen&quot;,&quot;ajax&quot;:&quot;yes&quot;,&quot;ajax_type&quot;:&quot;endpoint&quot;,&quot;ajax_action&quot;:&quot;eventon_get_tax_card_content&quot;,&quot;end&quot;:&quot;client&quot;,&quot;d&quot;:{&quot;lang&quot;:&quot;L2&quot;,&quot;term_id&quot;:23,&quot;tax&quot;:&quot;event_location&quot;,&quot;load_lbcontent&quot;:true},&quot;uid&quot;:&quot;eventon_get_tax_card_content&quot;}\" >Other Events<i class='fa fa-chevron-right'><\/i><\/span><\/div><\/div>\n\t\t\n\t<\/div><\/div><\/div><div class='evocard_row bx2 bx'><div id='event_learnmore' class='evocard_box learnmore' data-c='' \n\t\t\t\t\tstyle=''><div class='evo_metarow_learnM evo_metarow_learnmore evorow'>\n\t\t\t\t\t\t\t<a class='evcal_evdata_row evo_clik_row ' href='https:\/\/obereggen.com\/de\/mindfullatemar' target=\"_blank\">\n\t\t\t\t\t\t\t\t<span class='evcal_evdata_icons'><i class='fa fa-link'><\/i><\/span>\n\t\t\t\t\t\t\t\t<h3 class='evo_h3'>Entdecke mehr<\/h3>\n\t\t\t\t\t\t\t<\/a>\n\t\t\t\t\t\t\t<\/div><\/div><div id='event_addtocal' class='evocard_box addtocal' data-c='' \n\t\t\t\t\tstyle=''><div class='evo_metarow_ICS evorow evcal_evdata_row'>\n\t\t\t<span class='evcal_evdata_icons'><i class='fa fa-calendar-o'><\/i><\/span>\n\t\t\t<div class='evcal_evdata_cell'>\n\t\t\t\t<p><a href='https:\/\/latemarium.com\/de\/export-events\/2107_4\/?nonce=7b34e59f7d' class='evo_ics_nCal' title='Zu Ihrem Kalender hinzuf\u00fcgen'>Kalender<\/a><a href='https:\/\/www.google.com\/calendar\/event?action=TEMPLATE&text=Mindful.Latemar&dates=20260721T113000Z%2F20260721T215900Z&ctz=Europe%2FRome&details=Mindful.Latemar&location=Talstation+Obereggen+Obereggen+16+I-39050+Deutschnofen+%28BZ%29' target='_blank' class='evo_ics_gCal' title='Zu Google Kalender hinzuf\u00fcgen'>GoogleCal<\/a><\/p>\t\n\t\t\t<\/div>\n\t\t<\/div><\/div><\/div><div class='evocard_row'><div id='event_getdirection' class='evocard_box getdirection' data-c='' \n\t\t\t\t\tstyle=''><div class='evo_metarow_getDr evorow evcal_evdata_row evcal_evrow_sm getdirections'>\n\t\t<form action='https:\/\/maps.google.com\/maps' method='get' target='_blank'>\n\t\t\t<input type='hidden' name='daddr' value=\"46.3835808246333,11.52667595881786\"\/> \n\t\t\t<div class='evo_get_direction_content evo_fx_dr_r evogap10'>\n\t\t\t\t<span class='evogetdir_header evodfx evofx_dr_r evofx_ai_c marr10'>\n\t\t\t\t\t<i class='mainicon fa fa-road'><\/i> \n\t\t\t\t\t<h3 class='evo_h3' style='padding-bottom:5px;'>Wegbeschreibung abrufen<\/h3>\n\t\t\t\t<\/span>\n\t\t\t\t<span class='evogetdir_field evodfx evofx_1_1 evo_fx_dr_c evow100p'>\t\t\t\t\t\n\t\t\t\t\t<input class='evoInput evotac' type='text' name='saddr' placeholder='&quot;Geben Sie die Adresse ein' value='' style='margin:10px 0;'\/>\n\t\t\t\t<\/span>\n\t\t\t\t<button type='submit' class='evo_get_direction_button evo_btn_arr_circ dfx fx_ai_c' title='&quot;Klicken Sie hier'><i class='fa fa-chevron-right'><\/i> <\/button>\n\t\t\t<\/div>\n\t\t<\/form>\n\t<\/div><\/div><\/div><div class='evo_card_row_end evcal_close' title='Schlie\u00dfen'><\/div><\/div><div class='clear end'><\/div><\/div><div id=\"event_2684_2\" class=\"eventon_list_event evo_eventtop scheduled  event clrD event_2684_2\" data-event_id=\"2684\" data-ri=\"2r\" data-time=\"1784638800-1784644200\" data-colr=\"#ba181d\" itemscope itemtype='http:\/\/schema.org\/Event'><div class=\"evo_event_schema\" style=\"display:none\" ><a itemprop='url'  href='https:\/\/latemarium.com\/de\/events\/respirart-kleine-bergschmankerl-kochworkshop\/var\/ri-2.l-L2'><\/a><meta itemprop='image' content=\"https:\/\/latemarium.com\/wp-content\/uploads\/2019\/06\/Weigler_Schupf_Kaiserschmarren_2.jpg\" \/><meta itemprop='startDate' content=\"2026-7-21T15:00+0:00\" \/><meta itemprop='endDate' content=\"2026-7-21T16:30+0:00\" \/><meta itemprop='eventStatus' content=\"https:\/\/schema.org\/EventScheduled\" \/><meta itemprop='eventAttendanceMode'   itemscope itemtype=\"https:\/\/schema.org\/OfflineEventAttendanceMode\"\/><div style=\"display:none\" itemprop=\"location\" itemscope itemtype=\"http:\/\/schema.org\/Place\"><span itemprop=\"name\">Bergh\u00fctte Monte Agnello<\/span><span itemprop=\"address\" itemscope itemtype=\"http:\/\/schema.org\/PostalAddress\"><item itemprop=\"streetAddress\">Loc. Pampeago, 9, 38038 Tesero TN<\/item><\/span><\/div><script type=\"application\/ld+json\">{\"@context\": \"http:\/\/schema.org\",\"@type\": \"Event\",\n\t\t\t\t\"@id\": \"event_2684_2\",\n\t\t\t\t\"eventAttendanceMode\":\"https:\/\/schema.org\/OfflineEventAttendanceMode\",\n\t\t\t\t\"eventStatus\":\"https:\/\/schema.org\/EventScheduled\",\n\t\t\t\t\"name\": \"Respirart: Kleine Bergschmankerl, Kochworkshop.\",\n\t\t\t\t\"url\": \"https:\/\/latemarium.com\/de\/events\/respirart-kleine-bergschmankerl-kochworkshop\/var\/ri-2.l-L2\",\n\t\t\t\t\"startDate\": \"2026-7-21T15:00+0:00\",\n\t\t\t\t\"endDate\": \"2026-7-21T16:30+0:00\",\n\t\t\t\t\"image\":\"https:\/\/latemarium.com\/wp-content\/uploads\/2019\/06\/Weigler_Schupf_Kaiserschmarren_2.jpg\", \n\t\t\t\t\"description\":\"<p>Wir werden G\u00e4ste der Monte-Agnello-H\u00fctte sein, um von uns neu erfundene Bergspezialit\u00e4ten zuzubereiten, zu kochen und zu genie\u00dfen. Der Workshop ist f\u00fcr die Kleinen, aber Mama und Papa werden bereit sein, mit Stift f\u00fcr Notizen und Gabel zum Probieren!<\/p> <p><strong>Kostenlose Aktivit\u00e4t<\/strong>, begrenzte Teilnehmerzahl, geeignet f\u00fcr Kinder von 5 bis 12 Jahren.<\/p> <p><strong>Info und Reservierung<\/strong>: +39 0462 813265<\/p> \",\"location\":[{\"@type\":\"Place\",\"name\":\"Bergh\u00fctte Monte Agnello\",\"address\":{\"@type\": \"PostalAddress\",\"streetAddress\":\"Loc. Pampeago, 9, 38038 Tesero TN\"}}]}<\/script><\/div>\r\n\t\t\t\t<p class=\"desc_trig_outter\" style=\"\"><a data-gmtrig=\"1\" data-exlk=\"0\" style=\"background-color: #ba181d;\" id=\"evc_17846388002684\" class=\"hasFtIMG event_repeat desc_trig sin_val evcal_list_a\" data-ux_val=\"3\" data-ux_val_mob=\"-\"  ><span class='evoet_c1 evoet_cx '><span class='ev_ftImg' data-img='https:\/\/latemarium.com\/wp-content\/uploads\/2019\/06\/Weigler_Schupf_Kaiserschmarren_2.jpg' data-thumb='https:\/\/latemarium.com\/wp-content\/uploads\/2019\/06\/Weigler_Schupf_Kaiserschmarren_2-300x202.jpg' style='background-image:url(\"https:\/\/latemarium.com\/wp-content\/uploads\/2019\/06\/Weigler_Schupf_Kaiserschmarren_2-300x202.jpg\")' ><\/span><\/span><span class='evoet_c2 evoet_cx '><span class='evoet_dayblock evcal_cblock ' data-bgcolor='#ba181d' data-smon='Juli' data-syr='2026' data-bub=''><span class='evo_start '><em class='date'>21<\/em><em class='month'>Jul<\/em><em class='time'>15:00<\/em><\/span><span class='evo_end only_time'><em class='time'>16:30<\/em><\/span><\/span><\/span><span class='evoet_c3 evoet_cx evcal_desc hide_eventtopdata '><span class='evoet_title evcal_desc2 evcal_event_title ' itemprop='name'>Respirart: Kleine Bergschmankerl, Kochworkshop.<\/span><span class='event_location_attrs'  data-location_address=\"Loc. Pampeago, 9, 38038 Tesero TN\" data-location_type=\"lonlat\" data-location_name=\"Bergh\u00fctte Monte Agnello\" data-location_url=\"https:\/\/latemarium.com\/de\/event-location\/berghuette-monte-agnello\/\" data-location_status=\"true\" data-latlng=\"46.333809095680266,11.547693182509184\"><\/span><span class='evoet_subtitle evo_below_title' ><span class='evcal_event_subtitle ' >MONTE AGNELLO H\u00dcTTE<\/span><\/span><span class='evoet_time_expand level_3'><em class='evcal_time evo_tz_time'><i class='fa fa-clock-o'><\/i>15:00 - 16:30<span class='evo_tz marl5'>(GMT+02:00)<\/span><\/em> <\/span><span class='evoet_location level_3'><em class=\"evcal_location\"  data-latlng=\"46.333809095680266,11.547693182509184\" data-add_str=\"Loc. Pampeago, 9, 38038 Tesero TN\" data-n=\"Bergh\u00fctte Monte Agnello\"><i class=\"fa fa-location-pin\"><\/i><em class=\"event_location_name\">Bergh\u00fctte Monte Agnello<\/em>, Loc. Pampeago, 9, 38038 Tesero TN<\/em><\/span><\/span><span class='evoet_data' data-d=\"{&quot;loc.n&quot;:&quot;Bergh\\u00fctte Monte Agnello&quot;,&quot;orgs&quot;:[],&quot;tags&quot;:{&quot;repeating&quot;:&quot;Repeating Event&quot;}}\" data-bgc=\"#ba181d\" data-bggrad=\"\" ><\/span><\/a><\/p><div class='event_description evcal_eventcard ' style=\"display:none\"><div class='evocard_row'><div id='event_ftimage' class='evocard_box ftimage' data-c='' \n\t\t\t\t\tstyle=''><div class='evocard_main_image_hold' data-t='Loading Image..'><div class='evocard_main_image evo_img_triglb evobr15 evobgsc evobgpc evodfx evofx_jc_c evofx_ai_c evofz48 minmized' style='height:300px; background-image:url();' data-f=\"https:\/\/latemarium.com\/wp-content\/uploads\/2019\/06\/Weigler_Schupf_Kaiserschmarren_2.jpg\" data-h=\"3840\" data-w=\"5695\" data-ratio=\"0.67427568042142\" data-event_id=\"2684\" data-ri=\"2\"  data-t='Loading Image..'><span style='height:300px; background-image:url(https:\/\/latemarium.com\/wp-content\/uploads\/2019\/06\/Weigler_Schupf_Kaiserschmarren_2.jpg)'><\/span><\/div><\/div><\/div><\/div><div class='evocard_row'><div id='event_eventdetails' class='evocard_box eventdetails' data-c='' \n\t\t\t\t\tstyle=''><div class='evo_metarow_details evorow evcal_evdata_row evcal_event_details'>\n\t\t<div class=\"event_excerpt\" style=\"display:none\"><h3 class=\"padb5 evo_h3\">Details zur Veranstaltung<\/h3><p>Wir werden G\u00e4ste der Monte-Agnello-H\u00fctte sein, um von uns neu erfundene Bergspezialit\u00e4ten zuzubereiten, zu kochen und zu genie\u00dfen. Der Workshop ist f\u00fcr die Kleinen, aber Mama und Papa werden bereit<\/p><\/div><span class='evcal_evdata_icons'><i class='fa fa-align-justify'><\/i><\/span>\n\t\t\n\t\t<div class='evcal_evdata_cell '>\n\t\t\t<div class='eventon_full_description'>\n\t\t\t\t<h3 class='padb5 evo_h3'><span class='evcal_evdata_icons'><i class='fa fa-align-justify'><\/i><\/span>Details zur Veranstaltung<\/h3>\n\t\t\t\t<div class='eventon_desc_in' itemprop='description'>\n\t\t\t\t<p>Wir werden G\u00e4ste der Monte-Agnello-H\u00fctte sein, um von uns neu erfundene Bergspezialit\u00e4ten zuzubereiten, zu kochen und zu genie\u00dfen. Der Workshop ist f\u00fcr die Kleinen, aber Mama und Papa werden bereit sein, mit Stift f\u00fcr Notizen und Gabel zum Probieren!<\/p>\n<p><strong>Kostenlose Aktivit\u00e4t<\/strong>, begrenzte Teilnehmerzahl, geeignet f\u00fcr Kinder von 5 bis 12 Jahren.<\/p>\n<p><strong>Info und Reservierung<\/strong>: +39 0462 813265<\/p>\n<\/div><div class='clear'><\/div>\n\t\t\t<\/div>\n\t\t<\/div>\n\t<\/div><\/div><\/div><div class='evocard_row bx2 bx'><div id='event_time' class='evocard_box time' data-c='' \n\t\t\t\t\tstyle=''><div class='evo_metarow_time evorow evcal_evdata_row evcal_evrow_sm '>\n\t\t<span class='evcal_evdata_icons'><i class='fa fa-clock'><\/i><\/span>\n\t\t<div class='evcal_evdata_cell'>\t\t\t\t\t\t\t\n\t\t\t<h3 class='evo_h3'><span class='evcal_evdata_icons'><i class='fa fa-clock'><\/i><\/span>Zeitplan<\/h3><p><span class='evo_eventcard_time_t'>21 Juli 2026 15:00 - 16:30<\/span><span class='evo_tz marr5'>(GMT+02:00)<\/span><\/p>\n\t\t<\/div>\n\t<\/div><\/div><div id='event_location' class='evocard_box location' data-c='' \n\t\t\t\t\tstyle=''><div class='evcal_evdata_row evo_metarow_time_location evorow '>\n\t\t\n\t\t\t<span class='evcal_evdata_icons'><i class='fa fa-map-marker'><\/i><\/span>\n\t\t\t<div class='evcal_evdata_cell' data-loc_tax_id='25'><h3 class='evo_h3 evodfx'><span class='evcal_evdata_icons'><i class='fa fa-map-marker'><\/i><\/span><a target=\"_blank\" href=\"https:\/\/www.facebook.com\/profile.php?id=100064742944609\">Ort<\/a><\/h3><p class='evo_location_name'><a target=\"_blank\" href=\"https:\/\/www.facebook.com\/profile.php?id=100064742944609\">Bergh\u00fctte Monte Agnello<\/a><\/p><p class='evo_location_address evodfxi evogap10'><a target=\"_blank\" href=\"https:\/\/www.facebook.com\/profile.php?id=100064742944609\">Loc. Pampeago, 9, 38038 Tesero TN<\/a><\/p><div class='padt10'><span class='evo_btn_arr evolb_trigger' data-lbvals=\"{&quot;lbc&quot;:&quot;evo_location_lb_25&quot;,&quot;lbac&quot;:&quot;lb_max&quot;,&quot;t&quot;:&quot;Bergh\\u00fctte Monte Agnello&quot;,&quot;ajax&quot;:&quot;yes&quot;,&quot;ajax_type&quot;:&quot;endpoint&quot;,&quot;ajax_action&quot;:&quot;eventon_get_tax_card_content&quot;,&quot;end&quot;:&quot;client&quot;,&quot;d&quot;:{&quot;lang&quot;:&quot;L2&quot;,&quot;term_id&quot;:25,&quot;tax&quot;:&quot;event_location&quot;,&quot;load_lbcontent&quot;:true},&quot;uid&quot;:&quot;eventon_get_tax_card_content&quot;}\" >Other Events<i class='fa fa-chevron-right'><\/i><\/span><\/div><\/div>\n\t\t\n\t<\/div><\/div><\/div><div class='evocard_row'><div id='event_addtocal' class='evocard_box addtocal' data-c='' \n\t\t\t\t\tstyle=''><div class='evo_metarow_ICS evorow evcal_evdata_row'>\n\t\t\t<span class='evcal_evdata_icons'><i class='fa fa-calendar-o'><\/i><\/span>\n\t\t\t<div class='evcal_evdata_cell'>\n\t\t\t\t<p><a href='https:\/\/latemarium.com\/de\/export-events\/2684_2\/?nonce=7b34e59f7d' class='evo_ics_nCal' title='Zu Ihrem Kalender hinzuf\u00fcgen'>Kalender<\/a><a href='https:\/\/www.google.com\/calendar\/event?action=TEMPLATE&text=Respirart%3A+Kleine+Bergschmankerl%2C+Kochworkshop.&dates=20260721T130000Z%2F20260721T143000Z&ctz=Europe%2FRome&details=Respirart: Kleine Bergschmankerl, Kochworkshop.&location=Bergh%C3%BCtte+Monte+Agnello+Loc.+Pampeago%2C+9%2C+38038+Tesero+TN' target='_blank' class='evo_ics_gCal' title='Zu Google Kalender hinzuf\u00fcgen'>GoogleCal<\/a><\/p>\t\n\t\t\t<\/div>\n\t\t<\/div><\/div><\/div><div class='evocard_row'><div id='event_getdirection' class='evocard_box getdirection' data-c='' \n\t\t\t\t\tstyle=''><div class='evo_metarow_getDr evorow evcal_evdata_row evcal_evrow_sm getdirections'>\n\t\t<form action='https:\/\/maps.google.com\/maps' method='get' target='_blank'>\n\t\t\t<input type='hidden' name='daddr' value=\"46.333809095680266,11.547693182509184\"\/> \n\t\t\t<div class='evo_get_direction_content evo_fx_dr_r evogap10'>\n\t\t\t\t<span class='evogetdir_header evodfx evofx_dr_r evofx_ai_c marr10'>\n\t\t\t\t\t<i class='mainicon fa fa-road'><\/i> \n\t\t\t\t\t<h3 class='evo_h3' style='padding-bottom:5px;'>Wegbeschreibung abrufen<\/h3>\n\t\t\t\t<\/span>\n\t\t\t\t<span class='evogetdir_field evodfx evofx_1_1 evo_fx_dr_c evow100p'>\t\t\t\t\t\n\t\t\t\t\t<input class='evoInput evotac' type='text' name='saddr' placeholder='&quot;Geben Sie die Adresse ein' value='' style='margin:10px 0;'\/>\n\t\t\t\t<\/span>\n\t\t\t\t<button type='submit' class='evo_get_direction_button evo_btn_arr_circ dfx fx_ai_c' title='&quot;Klicken Sie hier'><i class='fa fa-chevron-right'><\/i> <\/button>\n\t\t\t<\/div>\n\t\t<\/form>\n\t<\/div><\/div><\/div><div class='evo_card_row_end evcal_close' title='Schlie\u00dfen'><\/div><\/div><div class='clear end'><\/div><\/div><div id=\"event_2184_3\" class=\"eventon_list_event evo_eventtop scheduled  event clrD no_et event_2184_3\" data-event_id=\"2184\" data-ri=\"3r\" data-time=\"1784705400-1784757540\" data-colr=\"#ba181d\" itemscope itemtype='http:\/\/schema.org\/Event'><div class=\"evo_event_schema\" style=\"display:none\" ><a itemprop='url'  href='https:\/\/latemarium.com\/de\/events\/geotrekking-torre-di-pisa\/var\/ri-3.l-L2'><\/a><meta itemprop='image' content=\"https:\/\/latemarium.com\/wp-content\/uploads\/2020\/06\/latemar-torre-di-pisa-estate-2019_ph.alice-russolo-90-scaled.jpg\" \/><meta itemprop='startDate' content=\"2026-7-22T09:30+0:00\" \/><meta itemprop='endDate' content=\"2026-7-22T23:59+0:00\" \/><meta itemprop='eventStatus' content=\"https:\/\/schema.org\/EventScheduled\" \/><meta itemprop='eventAttendanceMode'   itemscope itemtype=\"https:\/\/schema.org\/OfflineEventAttendanceMode\"\/><script type=\"application\/ld+json\">{\"@context\": \"http:\/\/schema.org\",\"@type\": \"Event\",\n\t\t\t\t\"@id\": \"event_2184_3\",\n\t\t\t\t\"eventAttendanceMode\":\"https:\/\/schema.org\/OfflineEventAttendanceMode\",\n\t\t\t\t\"eventStatus\":\"https:\/\/schema.org\/EventScheduled\",\n\t\t\t\t\"name\": \"Geotrekking Torre di Pisa\",\n\t\t\t\t\"url\": \"https:\/\/latemarium.com\/de\/events\/geotrekking-torre-di-pisa\/var\/ri-3.l-L2\",\n\t\t\t\t\"startDate\": \"2026-7-22T09:30+0:00\",\n\t\t\t\t\"endDate\": \"2026-7-22T23:59+0:00\",\n\t\t\t\t\"image\":\"https:\/\/latemarium.com\/wp-content\/uploads\/2020\/06\/latemar-torre-di-pisa-estate-2019_ph.alice-russolo-90-scaled.jpg\", \n\t\t\t\t\"description\":\"<p><strong>Spannender geologischer Ausflug in gro\u00dfer H\u00f6he<\/strong>, um das Latemar-Atoll zu entdecken, die Perle des fossilen Archipels der Dolomiten, ein UNESCO-Weltkulturerbe. Ein eindrucksvoller Rundweg, der von einem erfahrenen Geologen und Medienbergf\u00fchrer gef\u00fchrt wird. Vom Passo Feudo steigen Sie zur Schutzh\u00fctte Torre di Pisa auf, um dann in gro\u00dfer H\u00f6he bis zur Forcella dei Camosci weiterzugehen, von wo aus Sie wieder in die Tiefen des tropischen Meeres bis zum Ausgangspunkt abtauchen. Brotzeit. Mindestalter 12 Jahre.<\/p> <p>Die Route ist mittelschwer, mit gut begehbaren Wegen und kurzen, leicht ausgesetzten Abschnitten, mit einem H\u00f6henunterschied von ca. 780 Metern.<\/p> \"}<\/script><\/div>\r\n\t\t\t\t<p class=\"desc_trig_outter\" style=\"\"><a data-gmap_status=\"null\" data-exlk=\"0\" style=\"background-color: #ba181d;\" id=\"evc_17847054002184\" class=\"hasFtIMG event_repeat desc_trig sin_val evcal_list_a\" data-ux_val=\"3\" data-ux_val_mob=\"-\"  ><span class='evoet_c1 evoet_cx '><span class='ev_ftImg' data-img='https:\/\/latemarium.com\/wp-content\/uploads\/2020\/06\/latemar-torre-di-pisa-estate-2019_ph.alice-russolo-90-scaled.jpg' data-thumb='https:\/\/latemarium.com\/wp-content\/uploads\/2020\/06\/latemar-torre-di-pisa-estate-2019_ph.alice-russolo-90-300x200.jpg' style='background-image:url(\"https:\/\/latemarium.com\/wp-content\/uploads\/2020\/06\/latemar-torre-di-pisa-estate-2019_ph.alice-russolo-90-300x200.jpg\")' ><\/span><\/span><span class='evoet_c2 evoet_cx '><span class='evoet_dayblock evcal_cblock ' data-bgcolor='#ba181d' data-smon='Juli' data-syr='2026' data-bub=''><span class='evo_start '><em class='date'>22<\/em><em class='month'>Jul<\/em><em class='time'>09:30<\/em><\/span><\/span><\/span><span class='evoet_c3 evoet_cx evcal_desc hide_eventtopdata '><span class='evoet_title evcal_desc2 evcal_event_title ' itemprop='name'>Geotrekking Torre di Pisa<\/span><span class='event_location_attrs' data-location_type=\"lonlat\" data-location_name=\"A monte della seggiovia Gardon\u00e8-Passo Feudo\" data-location_url=\"https:\/\/latemarium.com\/de\/event-location\/a-monte-della-seggiovia-gardone-passo-feudo\/\" data-location_status=\"true\" data-latlng=\"46.32878794406342,11.600176728690842\"><\/span><span class='evoet_subtitle evo_below_title' ><span class='evcal_event_subtitle ' >Geotrekking Torre di Pisa<\/span><\/span><span class='evoet_time_expand level_3'><em class='evcal_time evo_tz_time'><i class='fa fa-clock-o'><\/i>09:30<span class='evo_tz marl5'>(GMT+02:00)<\/span><\/em> <\/span><span class='evoet_location level_3'><em class=\"evcal_location\"  data-latlng=\"46.32878794406342,11.600176728690842\" data-add_str=\"\" data-n=\"A monte della seggiovia Gardon\u00e8-Passo Feudo\"><i class=\"fa fa-location-pin\"><\/i><em class=\"event_location_name\">A monte della seggiovia Gardon\u00e8-Passo Feudo<\/em><\/em><\/span><\/span><span class='evoet_data' data-d=\"{&quot;loc.n&quot;:&quot;A monte della seggiovia Gardon\\u00e8-Passo Feudo&quot;,&quot;orgs&quot;:[],&quot;tags&quot;:{&quot;repeating&quot;:&quot;Repeating Event&quot;}}\" data-bgc=\"#ba181d\" data-bggrad=\"\" ><\/span><\/a><\/p><div class='event_description evcal_eventcard ' style=\"display:none\"><div class='evocard_row'><div id='event_ftimage' class='evocard_box ftimage' data-c='' \n\t\t\t\t\tstyle=''><div class='evocard_main_image_hold' data-t='Loading Image..'><div class='evocard_main_image evo_img_triglb evobr15 evobgsc evobgpc evodfx evofx_jc_c evofx_ai_c evofz48 minmized' style='height:300px; background-image:url();' data-f=\"https:\/\/latemarium.com\/wp-content\/uploads\/2020\/06\/latemar-torre-di-pisa-estate-2019_ph.alice-russolo-90-scaled.jpg\" data-h=\"1707\" data-w=\"2560\" data-ratio=\"0.666796875\" data-event_id=\"2184\" data-ri=\"3\"  data-t='Loading Image..'><span style='height:300px; background-image:url(https:\/\/latemarium.com\/wp-content\/uploads\/2020\/06\/latemar-torre-di-pisa-estate-2019_ph.alice-russolo-90-scaled.jpg)'><\/span><\/div><\/div><\/div><\/div><div class='evocard_row'><div id='event_eventdetails' class='evocard_box eventdetails' data-c='' \n\t\t\t\t\tstyle=''><div class='evo_metarow_details evorow evcal_evdata_row evcal_event_details'>\n\t\t<div class=\"event_excerpt\" style=\"display:none\"><h3 class=\"padb5 evo_h3\">Details zur Veranstaltung<\/h3><p>Spannender geologischer Ausflug in gro\u00dfer H\u00f6he, um das Latemar-Atoll zu entdecken, die Perle des fossilen Archipels der Dolomiten, ein UNESCO-Weltkulturerbe. Ein eindrucksvoller Rundweg, der von einem erfahrenen Geologen und Medienbergf\u00fchrer<\/p><\/div><span class='evcal_evdata_icons'><i class='fa fa-align-justify'><\/i><\/span>\n\t\t\n\t\t<div class='evcal_evdata_cell shorter_desc'>\n\t\t\t<div class='eventon_full_description'>\n\t\t\t\t<h3 class='padb5 evo_h3'><span class='evcal_evdata_icons'><i class='fa fa-align-justify'><\/i><\/span>Details zur Veranstaltung<\/h3>\n\t\t\t\t<div class='eventon_desc_in' itemprop='description'>\n\t\t\t\t<p><strong>Spannender geologischer Ausflug in gro\u00dfer H\u00f6he<\/strong>, um das Latemar-Atoll zu entdecken, die Perle des fossilen Archipels der Dolomiten, ein UNESCO-Weltkulturerbe. Ein eindrucksvoller Rundweg, der von einem erfahrenen Geologen und Medienbergf\u00fchrer gef\u00fchrt wird. Vom Passo Feudo steigen Sie zur Schutzh\u00fctte Torre di Pisa auf, um dann in gro\u00dfer H\u00f6he bis zur Forcella dei Camosci weiterzugehen, von wo aus Sie wieder in die Tiefen des tropischen Meeres bis zum Ausgangspunkt abtauchen. Brotzeit. Mindestalter 12 Jahre.<\/p>\n<p>Die Route ist mittelschwer, mit gut begehbaren Wegen und kurzen, leicht ausgesetzten Abschnitten, mit einem H\u00f6henunterschied von ca. 780 Metern.<\/p>\n<\/div><p class='eventon_shad_p' style='padding:5px 0 0; margin:0'>\n\t\t\t<span class='evcal_btn evo_btn_secondary evobtn_details_show_more' content='less'>\n\t\t\t\t<span class='ev_more_text' data-txt='Weniger'>Mehr<\/span><span class='ev_more_arrow ard'><\/span>\n\t\t\t<\/span>\n\t\t<\/p><div class='clear'><\/div>\n\t\t\t<\/div>\n\t\t<\/div>\n\t<\/div><\/div><\/div><div class='evocard_row bx2 bx'><div id='event_time' class='evocard_box time' data-c='' \n\t\t\t\t\tstyle=''><div class='evo_metarow_time evorow evcal_evdata_row evcal_evrow_sm '>\n\t\t<span class='evcal_evdata_icons'><i class='fa fa-clock'><\/i><\/span>\n\t\t<div class='evcal_evdata_cell'>\t\t\t\t\t\t\t\n\t\t\t<h3 class='evo_h3'><span class='evcal_evdata_icons'><i class='fa fa-clock'><\/i><\/span>Zeitplan<\/h3><p><span class='evo_eventcard_time_t'>22 Juli 2026 09:30<\/span><span class='evo_tz marr5'>(GMT+02:00)<\/span><\/p>\n\t\t<\/div>\n\t<\/div><\/div><div id='event_location' class='evocard_box location' data-c='' \n\t\t\t\t\tstyle=''><div class='evcal_evdata_row evo_metarow_time_location evorow '>\n\t\t\n\t\t\t<span class='evcal_evdata_icons'><i class='fa fa-map-marker'><\/i><\/span>\n\t\t\t<div class='evcal_evdata_cell' data-loc_tax_id='37'><h3 class='evo_h3 evodfx'><span class='evcal_evdata_icons'><i class='fa fa-map-marker'><\/i><\/span>Ort<\/h3><p class='evo_location_name'>A monte della seggiovia Gardon\u00e8-Passo Feudo<\/p><div class='padt10'><span class='evo_btn_arr evolb_trigger' data-lbvals=\"{&quot;lbc&quot;:&quot;evo_location_lb_37&quot;,&quot;lbac&quot;:&quot;lb_max&quot;,&quot;t&quot;:&quot;A monte della seggiovia Gardon\\u00e8-Passo Feudo&quot;,&quot;ajax&quot;:&quot;yes&quot;,&quot;ajax_type&quot;:&quot;endpoint&quot;,&quot;ajax_action&quot;:&quot;eventon_get_tax_card_content&quot;,&quot;end&quot;:&quot;client&quot;,&quot;d&quot;:{&quot;lang&quot;:&quot;L2&quot;,&quot;term_id&quot;:37,&quot;tax&quot;:&quot;event_location&quot;,&quot;load_lbcontent&quot;:true},&quot;uid&quot;:&quot;eventon_get_tax_card_content&quot;}\" >Other Events<i class='fa fa-chevron-right'><\/i><\/span><\/div><\/div>\n\t\t\n\t<\/div><\/div><\/div><div class='evocard_row bx2 bx'><div id='event_learnmore' class='evocard_box learnmore' data-c='' \n\t\t\t\t\tstyle=''><div class='evo_metarow_learnM evo_metarow_learnmore evorow'>\n\t\t\t\t\t\t\t<a class='evcal_evdata_row evo_clik_row ' href='https:\/\/www.latemar.it\/de\/sommer\/geotrekking\/' target=\"_blank\">\n\t\t\t\t\t\t\t\t<span class='evcal_evdata_icons'><i class='fa fa-link'><\/i><\/span>\n\t\t\t\t\t\t\t\t<h3 class='evo_h3'>Entdecke mehr<\/h3>\n\t\t\t\t\t\t\t<\/a>\n\t\t\t\t\t\t\t<\/div><\/div><div id='event_addtocal' class='evocard_box addtocal' data-c='' \n\t\t\t\t\tstyle=''><div class='evo_metarow_ICS evorow evcal_evdata_row'>\n\t\t\t<span class='evcal_evdata_icons'><i class='fa fa-calendar-o'><\/i><\/span>\n\t\t\t<div class='evcal_evdata_cell'>\n\t\t\t\t<p><a href='https:\/\/latemarium.com\/de\/export-events\/2184_3\/?nonce=7b34e59f7d' class='evo_ics_nCal' title='Zu Ihrem Kalender hinzuf\u00fcgen'>Kalender<\/a><a href='https:\/\/www.google.com\/calendar\/event?action=TEMPLATE&text=Geotrekking+Torre+di+Pisa&dates=20260722T073000Z%2F20260722T215900Z&ctz=Europe%2FRome&details=Geotrekking Torre di Pisa&location=A+monte+della+seggiovia+Gardon%C3%A8-Passo+Feudo' target='_blank' class='evo_ics_gCal' title='Zu Google Kalender hinzuf\u00fcgen'>GoogleCal<\/a><\/p>\t\n\t\t\t<\/div>\n\t\t<\/div><\/div><\/div><div class='evocard_row'><div id='event_getdirection' class='evocard_box getdirection' data-c='' \n\t\t\t\t\tstyle=''><div class='evo_metarow_getDr evorow evcal_evdata_row evcal_evrow_sm getdirections'>\n\t\t<form action='https:\/\/maps.google.com\/maps' method='get' target='_blank'>\n\t\t\t<input type='hidden' name='daddr' value=\"46.32878794406342,11.600176728690842\"\/> \n\t\t\t<div class='evo_get_direction_content evo_fx_dr_r evogap10'>\n\t\t\t\t<span class='evogetdir_header evodfx evofx_dr_r evofx_ai_c marr10'>\n\t\t\t\t\t<i class='mainicon fa fa-road'><\/i> \n\t\t\t\t\t<h3 class='evo_h3' style='padding-bottom:5px;'>Wegbeschreibung abrufen<\/h3>\n\t\t\t\t<\/span>\n\t\t\t\t<span class='evogetdir_field evodfx evofx_1_1 evo_fx_dr_c evow100p'>\t\t\t\t\t\n\t\t\t\t\t<input class='evoInput evotac' type='text' name='saddr' placeholder='&quot;Geben Sie die Adresse ein' value='' style='margin:10px 0;'\/>\n\t\t\t\t<\/span>\n\t\t\t\t<button type='submit' class='evo_get_direction_button evo_btn_arr_circ dfx fx_ai_c' title='&quot;Klicken Sie hier'><i class='fa fa-chevron-right'><\/i> <\/button>\n\t\t\t<\/div>\n\t\t<\/form>\n\t<\/div><\/div><\/div><div class='evo_card_row_end evcal_close' title='Schlie\u00dfen'><\/div><\/div><div class='clear end'><\/div><\/div><div id=\"event_2176_2\" class=\"eventon_list_event evo_eventtop scheduled  event clrW no_et event_2176_2\" data-event_id=\"2176\" data-ri=\"2r\" data-time=\"1784709000-1784757540\" data-colr=\"#a69dcd\" itemscope itemtype='http:\/\/schema.org\/Event'><div class=\"evo_event_schema\" style=\"display:none\" ><a itemprop='url'  href='https:\/\/latemarium.com\/de\/events\/gea-bei-der-eroberung-des-gipfels\/var\/ri-2.l-L2'><\/a><meta itemprop='image' content=\"https:\/\/latemarium.com\/wp-content\/uploads\/2023\/06\/geotrail-1200x800-alice-russolo-rocce-barca-2.jpg\" \/><meta itemprop='startDate' content=\"2026-7-22T10:30+0:00\" \/><meta itemprop='endDate' content=\"2026-7-22T23:59+0:00\" \/><meta itemprop='eventStatus' content=\"https:\/\/schema.org\/EventScheduled\" \/><meta itemprop='eventAttendanceMode'   itemscope itemtype=\"https:\/\/schema.org\/OfflineEventAttendanceMode\"\/><script type=\"application\/ld+json\">{\"@context\": \"http:\/\/schema.org\",\"@type\": \"Event\",\n\t\t\t\t\"@id\": \"event_2176_2\",\n\t\t\t\t\"eventAttendanceMode\":\"https:\/\/schema.org\/OfflineEventAttendanceMode\",\n\t\t\t\t\"eventStatus\":\"https:\/\/schema.org\/EventScheduled\",\n\t\t\t\t\"name\": \"GEA BEI DER EROBERUNG DES GIPFELS\",\n\t\t\t\t\"url\": \"https:\/\/latemarium.com\/de\/events\/gea-bei-der-eroberung-des-gipfels\/var\/ri-2.l-L2\",\n\t\t\t\t\"startDate\": \"2026-7-22T10:30+0:00\",\n\t\t\t\t\"endDate\": \"2026-7-22T23:59+0:00\",\n\t\t\t\t\"image\":\"https:\/\/latemarium.com\/wp-content\/uploads\/2023\/06\/geotrail-1200x800-alice-russolo-rocce-barca-2.jpg\", \n\t\t\t\t\"description\":\"<p>Unsere freie und enthusiastische Gea vollbringt ein neues Kunstst\u00fcck mit zwei erfahrenen Begleitern und gemeinsam erobern sie den Gipfel!<\/p> <p>Immer mittwochs, vom 8. Juli bis zum 19. August 2026<br \/> bei der Passo Feudo H\u00fctte, welche mit der Seilbahn und mit dem Sessellift erreichbar ist<br \/> um 10.30 Uhr<br \/> F\u00fcr Familien mit Kindern ab 5 Jahren geeignet (Dauer: 1h30\u2018)<br \/> Vorstellung auf Italienisch<\/p> \"}<\/script><\/div>\r\n\t\t\t\t<p class=\"desc_trig_outter\" style=\"\"><a data-gmap_status=\"null\" data-exlk=\"0\" style=\"background-color: #a69dcd;\" id=\"evc_17847090002176\" class=\"hasFtIMG event_repeat desc_trig sin_val evcal_list_a\" data-ux_val=\"3\" data-ux_val_mob=\"-\"  ><span class='evoet_c1 evoet_cx '><span class='ev_ftImg' data-img='https:\/\/latemarium.com\/wp-content\/uploads\/2023\/06\/geotrail-1200x800-alice-russolo-rocce-barca-2.jpg' data-thumb='https:\/\/latemarium.com\/wp-content\/uploads\/2023\/06\/geotrail-1200x800-alice-russolo-rocce-barca-2-300x200.jpg' style='background-image:url(\"https:\/\/latemarium.com\/wp-content\/uploads\/2023\/06\/geotrail-1200x800-alice-russolo-rocce-barca-2-300x200.jpg\")' ><\/span><\/span><span class='evoet_c2 evoet_cx '><span class='evoet_dayblock evcal_cblock ' data-bgcolor='#a69dcd' data-smon='Juli' data-syr='2026' data-bub=''><span class='evo_start '><em class='date'>22<\/em><em class='month'>Jul<\/em><em class='time'>10:30<\/em><\/span><\/span><\/span><span class='evoet_c3 evoet_cx evcal_desc hide_eventtopdata '><span class='evoet_title evcal_desc2 evcal_event_title ' itemprop='name'>GEA BEI DER EROBERUNG DES GIPFELS<\/span><span class='event_location_attrs' data-location_type=\"lonlat\" data-location_name=\"Sessellift Ankunft Gardon\u00e8-Passo Feudo\" data-location_url=\"https:\/\/latemarium.com\/de\/event-location\/sessellift-ankunft-gardone-passo-feudo\/\" data-location_status=\"true\" data-latlng=\"46.32878794406342,11.600176728690842\"><\/span><span class='evoet_subtitle evo_below_title' ><span class='evcal_event_subtitle ' >Wanderausstellung - Geotrail Dos Cap\u00e8l<\/span><\/span><span class='evoet_time_expand level_3'><em class='evcal_time evo_tz_time'><i class='fa fa-clock-o'><\/i>10:30<span class='evo_tz marl5'>(GMT+02:00)<\/span><\/em> <\/span><span class='evoet_location level_3'><em class=\"evcal_location\"  data-latlng=\"46.32878794406342,11.600176728690842\" data-add_str=\"\" data-n=\"Sessellift Ankunft Gardon\u00e8-Passo Feudo\"><i class=\"fa fa-location-pin\"><\/i><em class=\"event_location_name\">Sessellift Ankunft Gardon\u00e8-Passo Feudo<\/em><\/em><\/span><\/span><span class='evoet_data' data-d=\"{&quot;loc.n&quot;:&quot;Sessellift Ankunft Gardon\\u00e8-Passo Feudo&quot;,&quot;orgs&quot;:[],&quot;tags&quot;:{&quot;repeating&quot;:&quot;Repeating Event&quot;}}\" data-bgc=\"#a69dcd\" data-bggrad=\"\" ><\/span><\/a><\/p><div class='event_description evcal_eventcard ' style=\"display:none\"><div class='evocard_row'><div id='event_ftimage' class='evocard_box ftimage' data-c='' \n\t\t\t\t\tstyle=''><div class='evocard_main_image_hold' data-t='Loading Image..'><div class='evocard_main_image evo_img_triglb evobr15 evobgsc evobgpc evodfx evofx_jc_c evofx_ai_c evofz48 minmized' style='height:300px; background-image:url();' data-f=\"https:\/\/latemarium.com\/wp-content\/uploads\/2023\/06\/geotrail-1200x800-alice-russolo-rocce-barca-2.jpg\" data-h=\"800\" data-w=\"1200\" data-ratio=\"0.66666666666667\" data-event_id=\"2176\" data-ri=\"2\"  data-t='Loading Image..'><span style='height:300px; background-image:url(https:\/\/latemarium.com\/wp-content\/uploads\/2023\/06\/geotrail-1200x800-alice-russolo-rocce-barca-2.jpg)'><\/span><\/div><\/div><\/div><\/div><div class='evocard_row'><div id='event_eventdetails' class='evocard_box eventdetails' data-c='' \n\t\t\t\t\tstyle=''><div class='evo_metarow_details evorow evcal_evdata_row evcal_event_details'>\n\t\t<div class=\"event_excerpt\" style=\"display:none\"><h3 class=\"padb5 evo_h3\">Details zur Veranstaltung<\/h3><p>Unsere freie und enthusiastische Gea vollbringt ein neues Kunstst\u00fcck mit zwei erfahrenen Begleitern und gemeinsam erobern sie den Gipfel!\nImmer mittwochs, vom 8. Juli bis zum 19. August 2026\nbei der<\/p><\/div><span class='evcal_evdata_icons'><i class='fa fa-align-justify'><\/i><\/span>\n\t\t\n\t\t<div class='evcal_evdata_cell '>\n\t\t\t<div class='eventon_full_description'>\n\t\t\t\t<h3 class='padb5 evo_h3'><span class='evcal_evdata_icons'><i class='fa fa-align-justify'><\/i><\/span>Details zur Veranstaltung<\/h3>\n\t\t\t\t<div class='eventon_desc_in' itemprop='description'>\n\t\t\t\t<p>Unsere freie und enthusiastische Gea vollbringt ein neues Kunstst\u00fcck mit zwei erfahrenen Begleitern und gemeinsam erobern sie den Gipfel!<\/p>\n<p>Immer mittwochs, vom 8. Juli bis zum 19. August 2026<br \/>\nbei der Passo Feudo H\u00fctte, welche mit der Seilbahn und mit dem Sessellift erreichbar ist<br \/>\num 10.30 Uhr<br \/>\nF\u00fcr Familien mit Kindern ab 5 Jahren geeignet (Dauer: 1h30\u2018)<br \/>\nVorstellung auf Italienisch<\/p>\n<\/div><div class='clear'><\/div>\n\t\t\t<\/div>\n\t\t<\/div>\n\t<\/div><\/div><\/div><div class='evocard_row bx2 bx'><div id='event_time' class='evocard_box time' data-c='' \n\t\t\t\t\tstyle=''><div class='evo_metarow_time evorow evcal_evdata_row evcal_evrow_sm '>\n\t\t<span class='evcal_evdata_icons'><i class='fa fa-clock'><\/i><\/span>\n\t\t<div class='evcal_evdata_cell'>\t\t\t\t\t\t\t\n\t\t\t<h3 class='evo_h3'><span class='evcal_evdata_icons'><i class='fa fa-clock'><\/i><\/span>Zeitplan<\/h3><p><span class='evo_eventcard_time_t'>22 Juli 2026 10:30<\/span><span class='evo_tz marr5'>(GMT+02:00)<\/span><\/p>\n\t\t<\/div>\n\t<\/div><\/div><div id='event_location' class='evocard_box location' data-c='' \n\t\t\t\t\tstyle=''><div class='evcal_evdata_row evo_metarow_time_location evorow '>\n\t\t\n\t\t\t<span class='evcal_evdata_icons'><i class='fa fa-map-marker'><\/i><\/span>\n\t\t\t<div class='evcal_evdata_cell' data-loc_tax_id='39'><h3 class='evo_h3 evodfx'><span class='evcal_evdata_icons'><i class='fa fa-map-marker'><\/i><\/span>Ort<\/h3><p class='evo_location_name'>Sessellift Ankunft Gardon\u00e8-Passo Feudo<\/p><div class='padt10'><span class='evo_btn_arr evolb_trigger' data-lbvals=\"{&quot;lbc&quot;:&quot;evo_location_lb_39&quot;,&quot;lbac&quot;:&quot;lb_max&quot;,&quot;t&quot;:&quot;Sessellift Ankunft Gardon\\u00e8-Passo Feudo&quot;,&quot;ajax&quot;:&quot;yes&quot;,&quot;ajax_type&quot;:&quot;endpoint&quot;,&quot;ajax_action&quot;:&quot;eventon_get_tax_card_content&quot;,&quot;end&quot;:&quot;client&quot;,&quot;d&quot;:{&quot;lang&quot;:&quot;L2&quot;,&quot;term_id&quot;:39,&quot;tax&quot;:&quot;event_location&quot;,&quot;load_lbcontent&quot;:true},&quot;uid&quot;:&quot;eventon_get_tax_card_content&quot;}\" >Other Events<i class='fa fa-chevron-right'><\/i><\/span><\/div><\/div>\n\t\t\n\t<\/div><\/div><\/div><div class='evocard_row bx2 bx'><div id='event_learnmore' class='evocard_box learnmore' data-c='' \n\t\t\t\t\tstyle=''><div class='evo_metarow_learnM evo_metarow_learnmore evorow'>\n\t\t\t\t\t\t\t<a class='evcal_evdata_row evo_clik_row ' href='https:\/\/www.montagnanimata.it\/de\/spektakel\/' target=\"_blank\">\n\t\t\t\t\t\t\t\t<span class='evcal_evdata_icons'><i class='fa fa-link'><\/i><\/span>\n\t\t\t\t\t\t\t\t<h3 class='evo_h3'>Entdecke mehr<\/h3>\n\t\t\t\t\t\t\t<\/a>\n\t\t\t\t\t\t\t<\/div><\/div><div id='event_addtocal' class='evocard_box addtocal' data-c='' \n\t\t\t\t\tstyle=''><div class='evo_metarow_ICS evorow evcal_evdata_row'>\n\t\t\t<span class='evcal_evdata_icons'><i class='fa fa-calendar-o'><\/i><\/span>\n\t\t\t<div class='evcal_evdata_cell'>\n\t\t\t\t<p><a href='https:\/\/latemarium.com\/de\/export-events\/2176_2\/?nonce=7b34e59f7d' class='evo_ics_nCal' title='Zu Ihrem Kalender hinzuf\u00fcgen'>Kalender<\/a><a href='https:\/\/www.google.com\/calendar\/event?action=TEMPLATE&text=GEA+BEI+DER+EROBERUNG+DES+GIPFELS&dates=20260722T083000Z%2F20260722T215900Z&ctz=Europe%2FRome&details=GEA BEI DER EROBERUNG DES GIPFELS&location=Sessellift+Ankunft+Gardon%C3%A8-Passo+Feudo' target='_blank' class='evo_ics_gCal' title='Zu Google Kalender hinzuf\u00fcgen'>GoogleCal<\/a><\/p>\t\n\t\t\t<\/div>\n\t\t<\/div><\/div><\/div><div class='evocard_row'><div id='event_getdirection' class='evocard_box getdirection' data-c='' \n\t\t\t\t\tstyle=''><div class='evo_metarow_getDr evorow evcal_evdata_row evcal_evrow_sm getdirections'>\n\t\t<form action='https:\/\/maps.google.com\/maps' method='get' target='_blank'>\n\t\t\t<input type='hidden' name='daddr' value=\"46.32878794406342,11.600176728690842\"\/> \n\t\t\t<div class='evo_get_direction_content evo_fx_dr_r evogap10'>\n\t\t\t\t<span class='evogetdir_header evodfx evofx_dr_r evofx_ai_c marr10'>\n\t\t\t\t\t<i class='mainicon fa fa-road'><\/i> \n\t\t\t\t\t<h3 class='evo_h3' style='padding-bottom:5px;'>Wegbeschreibung abrufen<\/h3>\n\t\t\t\t<\/span>\n\t\t\t\t<span class='evogetdir_field evodfx evofx_1_1 evo_fx_dr_c evow100p'>\t\t\t\t\t\n\t\t\t\t\t<input class='evoInput evotac' type='text' name='saddr' placeholder='&quot;Geben Sie die Adresse ein' value='' style='margin:10px 0;'\/>\n\t\t\t\t<\/span>\n\t\t\t\t<button type='submit' class='evo_get_direction_button evo_btn_arr_circ dfx fx_ai_c' title='&quot;Klicken Sie hier'><i class='fa fa-chevron-right'><\/i> <\/button>\n\t\t\t<\/div>\n\t\t<\/form>\n\t<\/div><\/div><\/div><div class='evo_card_row_end evcal_close' title='Schlie\u00dfen'><\/div><\/div><div class='clear end'><\/div><\/div><div id=\"event_2938_4\" class=\"eventon_list_event evo_eventtop scheduled  event clrD event_2938_4\" data-event_id=\"2938\" data-ri=\"4r\" data-time=\"1784721600-1784730600\" data-colr=\"#38823b\" itemscope itemtype='http:\/\/schema.org\/Event'><div class=\"evo_event_schema\" style=\"display:none\" ><a itemprop='url'  href='https:\/\/latemarium.com\/de\/events\/unterwegs-mit-ponys\/var\/ri-4.l-L2'><\/a><meta itemprop='image' content=\"https:\/\/latemarium.com\/wp-content\/uploads\/2026\/04\/pony.jpg\" \/><meta itemprop='startDate' content=\"2026-7-22T14:00+0:00\" \/><meta itemprop='endDate' content=\"2026-7-22T16:30+0:00\" \/><meta itemprop='eventStatus' content=\"https:\/\/schema.org\/EventScheduled\" \/><meta itemprop='eventAttendanceMode'   itemscope itemtype=\"https:\/\/schema.org\/OfflineEventAttendanceMode\"\/><div style=\"display:none\" itemprop=\"location\" itemscope itemtype=\"http:\/\/schema.org\/Place\"><span itemprop=\"name\">Pampeago<\/span><span itemprop=\"address\" itemscope itemtype=\"http:\/\/schema.org\/PostalAddress\"><item itemprop=\"streetAddress\">Localit\u00e0 Pampeago, 8, 38038 Tesero TN<\/item><\/span><\/div><script type=\"application\/ld+json\">{\"@context\": \"http:\/\/schema.org\",\"@type\": \"Event\",\n\t\t\t\t\"@id\": \"event_2938_4\",\n\t\t\t\t\"eventAttendanceMode\":\"https:\/\/schema.org\/OfflineEventAttendanceMode\",\n\t\t\t\t\"eventStatus\":\"https:\/\/schema.org\/EventScheduled\",\n\t\t\t\t\"name\": \"Unterwegs mit Ponys\",\n\t\t\t\t\"url\": \"https:\/\/latemarium.com\/de\/events\/unterwegs-mit-ponys\/var\/ri-4.l-L2\",\n\t\t\t\t\"startDate\": \"2026-7-22T14:00+0:00\",\n\t\t\t\t\"endDate\": \"2026-7-22T16:30+0:00\",\n\t\t\t\t\"image\":\"https:\/\/latemarium.com\/wp-content\/uploads\/2026\/04\/pony.jpg\", \n\t\t\t\t\"description\":\"<p>Ein angenehmer Spaziergang zur Entdeckung der Landschaften von Pampeago, begleitet von freundlichen Ponys, die Kinder und Familien sicher entlang der Route f\u00fchren.<\/p> <p>Ein entspannendes und unterhaltsames Erlebnis \u2013 ideal, um die Bergwelt in gem\u00e4chlichem Tempo zu genie\u00dfen und eine besondere Verbindung zu diesen sanften Tieren aufzubauen.<\/p> <p><strong>INFORMATIONEN:<\/strong><br \/> Wann \u2013 Jeden Mittwoch vom 24.06. bis 09.09.<br \/> Uhrzeit \u2013 Von 14:00 bis 16:30 Uhr (je nach Verf\u00fcgbarkeit)<br \/> Treffpunkt \u2013 Parkplatz der Tresca-Sesselbahn (Zutritt NUR f\u00fcr Teilnehmende mit Reservierung)<\/p> <p>Aktivit\u00e4t geeignet f\u00fcr Familien und Kinder.<\/p> <p>Reservierung erforderlich \u2013 klicken Sie <a href='https:\/\/www.visitfiemme.it\/de\/veranstaltungen\/fiemme-cembra-guest-card\/erlebnisse\/erlebnisse-sommer' target='_blank' rel='noopener'>HIER<\/a>, um zu buchen<\/p> \",\"location\":[{\"@type\":\"Place\",\"name\":\"Pampeago\",\"address\":{\"@type\": \"PostalAddress\",\"streetAddress\":\"Localit\u00e0 Pampeago, 8, 38038 Tesero TN\"}}]}<\/script><\/div>\r\n\t\t\t\t<p class=\"desc_trig_outter\" style=\"\"><a data-gmap_status=\"null\" data-exlk=\"0\" style=\"background-color: #38823b;\" id=\"evc_17847216002938\" class=\"hasFtIMG event_repeat desc_trig sin_val evcal_list_a\" data-ux_val=\"3\" data-ux_val_mob=\"-\"  ><span class='evoet_c1 evoet_cx '><span class='ev_ftImg' data-img='https:\/\/latemarium.com\/wp-content\/uploads\/2026\/04\/pony.jpg' data-thumb='https:\/\/latemarium.com\/wp-content\/uploads\/2026\/04\/pony-300x110.jpg' style='background-image:url(\"https:\/\/latemarium.com\/wp-content\/uploads\/2026\/04\/pony-300x110.jpg\")' ><\/span><\/span><span class='evoet_c2 evoet_cx '><span class='evoet_dayblock evcal_cblock ' data-bgcolor='#38823b' data-smon='Juli' data-syr='2026' data-bub=''><span class='evo_start '><em class='date'>22<\/em><em class='month'>Jul<\/em><em class='time'>14:00<\/em><\/span><span class='evo_end only_time'><em class='time'>16:30<\/em><\/span><\/span><\/span><span class='evoet_c3 evoet_cx evcal_desc hide_eventtopdata '><span class='evoet_title evcal_desc2 evcal_event_title ' itemprop='name'>Unterwegs mit Ponys<\/span><span class='event_location_attrs'  data-location_address=\"Localit\u00e0 Pampeago, 8, 38038 Tesero TN\" data-location_type=\"lonlat\" data-location_name=\"Pampeago\" data-location_url=\"https:\/\/latemarium.com\/de\/event-location\/pampeago-de\/\" data-location_status=\"true\" data-latlng=\"46.34343697644898,11.540997527961546\"><\/span><span class='evoet_subtitle evo_below_title' ><span class='evcal_event_subtitle ' >Familienwanderung<\/span><\/span><span class='evoet_time_expand level_3'><em class='evcal_time evo_tz_time'><i class='fa fa-clock-o'><\/i>14:00 - 16:30<span class='evo_tz marl5'>(GMT+02:00)<\/span><\/em> <\/span><span class='evoet_location level_3'><em class=\"evcal_location\"  data-latlng=\"46.34343697644898,11.540997527961546\" data-add_str=\"Localit\u00e0 Pampeago, 8, 38038 Tesero TN\" data-n=\"Pampeago\"><i class=\"fa fa-location-pin\"><\/i><em class=\"event_location_name\">Pampeago<\/em>, Localit\u00e0 Pampeago, 8, 38038 Tesero TN<\/em><\/span><\/span><span class='evoet_data' data-d=\"{&quot;loc.n&quot;:&quot;Pampeago&quot;,&quot;orgs&quot;:[],&quot;tags&quot;:{&quot;repeating&quot;:&quot;Repeating Event&quot;}}\" data-bgc=\"#38823b\" data-bggrad=\"\" ><\/span><\/a><\/p><div class='event_description evcal_eventcard ' style=\"display:none\"><div class='evocard_row'><div id='event_ftimage' class='evocard_box ftimage' data-c='' \n\t\t\t\t\tstyle=''><div class='evocard_main_image_hold' data-t='Loading Image..'><div class='evocard_main_image evo_img_triglb evobr15 evobgsc evobgpc evodfx evofx_jc_c evofx_ai_c evofz48 minmized' style='height:300px; background-image:url();' data-f=\"https:\/\/latemarium.com\/wp-content\/uploads\/2026\/04\/pony.jpg\" data-h=\"368\" data-w=\"1000\" data-ratio=\"0.368\" data-event_id=\"2938\" data-ri=\"4\"  data-t='Loading Image..'><span style='height:300px; background-image:url(https:\/\/latemarium.com\/wp-content\/uploads\/2026\/04\/pony.jpg)'><\/span><\/div><\/div><\/div><\/div><div class='evocard_row'><div id='event_eventdetails' class='evocard_box eventdetails' data-c='' \n\t\t\t\t\tstyle=''><div class='evo_metarow_details evorow evcal_evdata_row evcal_event_details'>\n\t\t<div class=\"event_excerpt\" style=\"display:none\"><h3 class=\"padb5 evo_h3\">Details zur Veranstaltung<\/h3><p>Ein angenehmer Spaziergang zur Entdeckung der Landschaften von Pampeago, begleitet von freundlichen Ponys, die Kinder und Familien sicher entlang der Route f\u00fchren.\nEin entspannendes und unterhaltsames Erlebnis \u2013 ideal, um die<\/p><\/div><span class='evcal_evdata_icons'><i class='fa fa-align-justify'><\/i><\/span>\n\t\t\n\t\t<div class='evcal_evdata_cell shorter_desc'>\n\t\t\t<div class='eventon_full_description'>\n\t\t\t\t<h3 class='padb5 evo_h3'><span class='evcal_evdata_icons'><i class='fa fa-align-justify'><\/i><\/span>Details zur Veranstaltung<\/h3>\n\t\t\t\t<div class='eventon_desc_in' itemprop='description'>\n\t\t\t\t<p>Ein angenehmer Spaziergang zur Entdeckung der Landschaften von Pampeago, begleitet von freundlichen Ponys, die Kinder und Familien sicher entlang der Route f\u00fchren.<\/p>\n<p>Ein entspannendes und unterhaltsames Erlebnis \u2013 ideal, um die Bergwelt in gem\u00e4chlichem Tempo zu genie\u00dfen und eine besondere Verbindung zu diesen sanften Tieren aufzubauen.<\/p>\n<p><strong>INFORMATIONEN:<\/strong><br \/>\nWann \u2013 Jeden Mittwoch vom 24.06. bis 09.09.<br \/>\nUhrzeit \u2013 Von 14:00 bis 16:30 Uhr (je nach Verf\u00fcgbarkeit)<br \/>\nTreffpunkt \u2013 Parkplatz der Tresca-Sesselbahn (Zutritt NUR f\u00fcr Teilnehmende mit Reservierung)<\/p>\n<p>Aktivit\u00e4t geeignet f\u00fcr Familien und Kinder.<\/p>\n<p>Reservierung erforderlich \u2013 klicken Sie <a href=\"https:\/\/www.visitfiemme.it\/de\/veranstaltungen\/fiemme-cembra-guest-card\/erlebnisse\/erlebnisse-sommer\" target=\"_blank\" rel=\"noopener\">HIER<\/a>, um zu buchen<\/p>\n<\/div><p class='eventon_shad_p' style='padding:5px 0 0; margin:0'>\n\t\t\t<span class='evcal_btn evo_btn_secondary evobtn_details_show_more' content='less'>\n\t\t\t\t<span class='ev_more_text' data-txt='Weniger'>Mehr<\/span><span class='ev_more_arrow ard'><\/span>\n\t\t\t<\/span>\n\t\t<\/p><div class='clear'><\/div>\n\t\t\t<\/div>\n\t\t<\/div>\n\t<\/div><\/div><\/div><div class='evocard_row bx2 bx'><div id='event_time' class='evocard_box time' data-c='' \n\t\t\t\t\tstyle=''><div class='evo_metarow_time evorow evcal_evdata_row evcal_evrow_sm '>\n\t\t<span class='evcal_evdata_icons'><i class='fa fa-clock'><\/i><\/span>\n\t\t<div class='evcal_evdata_cell'>\t\t\t\t\t\t\t\n\t\t\t<h3 class='evo_h3'><span class='evcal_evdata_icons'><i class='fa fa-clock'><\/i><\/span>Zeitplan<\/h3><p><span class='evo_eventcard_time_t'>22 Juli 2026 14:00 - 16:30<\/span><span class='evo_tz marr5'>(GMT+02:00)<\/span><\/p>\n\t\t<\/div>\n\t<\/div><\/div><div id='event_location' class='evocard_box location' data-c='' \n\t\t\t\t\tstyle=''><div class='evcal_evdata_row evo_metarow_time_location evorow '>\n\t\t\n\t\t\t<span class='evcal_evdata_icons'><i class='fa fa-map-marker'><\/i><\/span>\n\t\t\t<div class='evcal_evdata_cell' data-loc_tax_id='32'><h3 class='evo_h3 evodfx'><span class='evcal_evdata_icons'><i class='fa fa-map-marker'><\/i><\/span>Ort<\/h3><p class='evo_location_name'>Pampeago<\/p><p class='evo_location_address evodfxi evogap10'>Localit\u00e0 Pampeago, 8, 38038 Tesero TN<\/p><div class='padt10'><span class='evo_btn_arr evolb_trigger' data-lbvals=\"{&quot;lbc&quot;:&quot;evo_location_lb_32&quot;,&quot;lbac&quot;:&quot;lb_max&quot;,&quot;t&quot;:&quot;Pampeago&quot;,&quot;ajax&quot;:&quot;yes&quot;,&quot;ajax_type&quot;:&quot;endpoint&quot;,&quot;ajax_action&quot;:&quot;eventon_get_tax_card_content&quot;,&quot;end&quot;:&quot;client&quot;,&quot;d&quot;:{&quot;lang&quot;:&quot;L2&quot;,&quot;term_id&quot;:32,&quot;tax&quot;:&quot;event_location&quot;,&quot;load_lbcontent&quot;:true},&quot;uid&quot;:&quot;eventon_get_tax_card_content&quot;}\" >Other Events<i class='fa fa-chevron-right'><\/i><\/span><\/div><\/div>\n\t\t\n\t<\/div><\/div><\/div><div class='evocard_row'><div id='event_addtocal' class='evocard_box addtocal' data-c='' \n\t\t\t\t\tstyle=''><div class='evo_metarow_ICS evorow evcal_evdata_row'>\n\t\t\t<span class='evcal_evdata_icons'><i class='fa fa-calendar-o'><\/i><\/span>\n\t\t\t<div class='evcal_evdata_cell'>\n\t\t\t\t<p><a href='https:\/\/latemarium.com\/de\/export-events\/2938_4\/?nonce=7b34e59f7d' class='evo_ics_nCal' title='Zu Ihrem Kalender hinzuf\u00fcgen'>Kalender<\/a><a href='https:\/\/www.google.com\/calendar\/event?action=TEMPLATE&text=Unterwegs+mit+Ponys&dates=20260722T120000Z%2F20260722T143000Z&ctz=Europe%2FRome&details=Unterwegs mit Ponys&location=Pampeago+Localit%C3%A0+Pampeago%2C+8%2C+38038+Tesero+TN' target='_blank' class='evo_ics_gCal' title='Zu Google Kalender hinzuf\u00fcgen'>GoogleCal<\/a><\/p>\t\n\t\t\t<\/div>\n\t\t<\/div><\/div><\/div><div class='evocard_row'><div id='event_getdirection' class='evocard_box getdirection' data-c='' \n\t\t\t\t\tstyle=''><div class='evo_metarow_getDr evorow evcal_evdata_row evcal_evrow_sm getdirections'>\n\t\t<form action='https:\/\/maps.google.com\/maps' method='get' target='_blank'>\n\t\t\t<input type='hidden' name='daddr' value=\"Localit\u00e0 Pampeago, 8, 38038 Tesero TN\"\/> \n\t\t\t<div class='evo_get_direction_content evo_fx_dr_r evogap10'>\n\t\t\t\t<span class='evogetdir_header evodfx evofx_dr_r evofx_ai_c marr10'>\n\t\t\t\t\t<i class='mainicon fa fa-road'><\/i> \n\t\t\t\t\t<h3 class='evo_h3' style='padding-bottom:5px;'>Wegbeschreibung abrufen<\/h3>\n\t\t\t\t<\/span>\n\t\t\t\t<span class='evogetdir_field evodfx evofx_1_1 evo_fx_dr_c evow100p'>\t\t\t\t\t\n\t\t\t\t\t<input class='evoInput evotac' type='text' name='saddr' placeholder='&quot;Geben Sie die Adresse ein' value='' style='margin:10px 0;'\/>\n\t\t\t\t<\/span>\n\t\t\t\t<button type='submit' class='evo_get_direction_button evo_btn_arr_circ dfx fx_ai_c' title='&quot;Klicken Sie hier'><i class='fa fa-chevron-right'><\/i> <\/button>\n\t\t\t<\/div>\n\t\t<\/form>\n\t<\/div><\/div><\/div><div class='evo_card_row_end evcal_close' title='Schlie\u00dfen'><\/div><\/div><div class='clear end'><\/div><\/div><div id=\"event_2845_3\" class=\"eventon_list_event evo_eventtop scheduled  event clrD no_et event_2845_3\" data-event_id=\"2845\" data-ri=\"3r\" data-time=\"1784790000-1784843940\" data-colr=\"#38823b\" itemscope itemtype='http:\/\/schema.org\/Event'><div class=\"evo_event_schema\" style=\"display:none\" ><a itemprop='url'  href='https:\/\/latemarium.com\/de\/events\/escursione-in-montagna-al-rifugio-torre-di-pisa\/var\/ri-3.l-L2'><\/a><meta itemprop='image' content=\"https:\/\/latemarium.com\/wp-content\/uploads\/2025\/05\/escursione-torre-di-pisa-obereggen.jpg\" \/><meta itemprop='startDate' content=\"2026-7-23T09:00+0:00\" \/><meta itemprop='endDate' content=\"2026-7-23T23:59+0:00\" \/><meta itemprop='eventStatus' content=\"https:\/\/schema.org\/EventScheduled\" \/><meta itemprop='eventAttendanceMode'   itemscope itemtype=\"https:\/\/schema.org\/OfflineEventAttendanceMode\"\/><div style=\"display:none\" itemprop=\"location\" itemscope itemtype=\"http:\/\/schema.org\/Place\"><span itemprop=\"name\">Talstation Obereggen<\/span><span itemprop=\"address\" itemscope itemtype=\"http:\/\/schema.org\/PostalAddress\"><item itemprop=\"streetAddress\">Obereggen 16 I-39050 Deutschnofen (BZ)<\/item><\/span><\/div><script type=\"application\/ld+json\">{\"@context\": \"http:\/\/schema.org\",\"@type\": \"Event\",\n\t\t\t\t\"@id\": \"event_2845_3\",\n\t\t\t\t\"eventAttendanceMode\":\"https:\/\/schema.org\/OfflineEventAttendanceMode\",\n\t\t\t\t\"eventStatus\":\"https:\/\/schema.org\/EventScheduled\",\n\t\t\t\t\"name\": \"Gipfelwanderung zur Latemarh\u00fctte\",\n\t\t\t\t\"url\": \"https:\/\/latemarium.com\/de\/events\/escursione-in-montagna-al-rifugio-torre-di-pisa\/var\/ri-3.l-L2\",\n\t\t\t\t\"startDate\": \"2026-7-23T09:00+0:00\",\n\t\t\t\t\"endDate\": \"2026-7-23T23:59+0:00\",\n\t\t\t\t\"image\":\"https:\/\/latemarium.com\/wp-content\/uploads\/2025\/05\/escursione-torre-di-pisa-obereggen.jpg\", \n\t\t\t\t\"description\":\"<p>Mittelschwere bis schwere, anspruchsvolle Bergwanderung im hochalpinen Gel\u00e4nde im s\u00fcdlichen Latemar- Massiv. Beeindruckende Rundsicht auf die umliegende Bergwelt.<\/p> <p>Route: Auffahrt mit dem Oberholz-Sessellift (1550\u20132100 m) \u2013 Aufstieg auf Weg 18 \u2013 Aussichtsplattform \u2013 Gamsstallscharte (2560 m) \u2013 Weg 516 \u2013 Pisah\u00fctte\/Latemarh\u00fctte (2671 m). Einkehr. Abstieg Weg 516 und Weg 22 \u2013 Bergstation Sessellift Oberholz \u2013 R\u00fcckfahrt.<\/p> <p>Start: 09.00 Uhr in Obereggen<br \/> R\u00fcckkehr: 16.00 Uhr<br \/> Dauer: 7 h | Gehzeit: 6 h<br \/> H\u00f6henunterschied: 750 m<br \/> Schwierigkeit: schwer, anspruchsvoll | Anforderungen: Ausdauer, Trittsicherheit und Schwindelfreiheit |mit Einkehr | die Mitnahme von geeignetem Tourenproviant wird empfohlen<br \/> Sessellift Oberholz: 21,50 \u20ac\/Erwachsene \u2013 17,50 \u20ac\/Junior<\/p> \",\"location\":[{\"@type\":\"Place\",\"name\":\"Talstation Obereggen\",\"address\":{\"@type\": \"PostalAddress\",\"streetAddress\":\"Obereggen 16 I-39050 Deutschnofen (BZ)\"}}]}<\/script><\/div>\r\n\t\t\t\t<p class=\"desc_trig_outter\" style=\"\"><a data-gmtrig=\"1\" data-exlk=\"0\" style=\"background-color: #38823b;\" id=\"evc_17847900002845\" class=\"hasFtIMG event_repeat desc_trig sin_val evcal_list_a\" data-ux_val=\"3\" data-ux_val_mob=\"-\"  ><span class='evoet_c1 evoet_cx '><span class='ev_ftImg' data-img='https:\/\/latemarium.com\/wp-content\/uploads\/2025\/05\/escursione-torre-di-pisa-obereggen.jpg' data-thumb='https:\/\/latemarium.com\/wp-content\/uploads\/2025\/05\/escursione-torre-di-pisa-obereggen-300x182.jpg' style='background-image:url(\"https:\/\/latemarium.com\/wp-content\/uploads\/2025\/05\/escursione-torre-di-pisa-obereggen-300x182.jpg\")' ><\/span><\/span><span class='evoet_c2 evoet_cx '><span class='evoet_dayblock evcal_cblock ' data-bgcolor='#38823b' data-smon='Juli' data-syr='2026' data-bub=''><span class='evo_start '><em class='date'>23<\/em><em class='month'>Jul<\/em><em class='time'>09:00<\/em><\/span><\/span><\/span><span class='evoet_c3 evoet_cx evcal_desc hide_eventtopdata '><span class='evoet_title evcal_desc2 evcal_event_title ' itemprop='name'>Gipfelwanderung zur Latemarh\u00fctte<\/span><span class='event_location_attrs'  data-location_address=\"Obereggen 16 I-39050 Deutschnofen (BZ)\" data-location_type=\"lonlat\" data-location_name=\"Talstation Obereggen\" data-location_url=\"https:\/\/latemarium.com\/de\/event-location\/talstation-obereggen\/\" data-location_status=\"true\" data-latlng=\"46.3835808246333,11.52667595881786\"><\/span><span class='evoet_subtitle evo_below_title' ><span class='evcal_event_subtitle ' >Gipfelwanderung <\/span><\/span><span class='evoet_time_expand level_3'><em class='evcal_time evo_tz_time'><i class='fa fa-clock-o'><\/i>09:00<span class='evo_tz marl5'>(GMT+02:00)<\/span><\/em> <\/span><span class='evoet_location level_3'><em class=\"evcal_location\"  data-latlng=\"46.3835808246333,11.52667595881786\" data-add_str=\"Obereggen 16 I-39050 Deutschnofen (BZ)\" data-n=\"Talstation Obereggen\"><i class=\"fa fa-location-pin\"><\/i><em class=\"event_location_name\">Talstation Obereggen<\/em>, Obereggen 16 I-39050 Deutschnofen (BZ)<\/em><\/span><\/span><span class='evoet_data' data-d=\"{&quot;loc.n&quot;:&quot;Talstation Obereggen&quot;,&quot;orgs&quot;:[],&quot;tags&quot;:{&quot;repeating&quot;:&quot;Repeating Event&quot;}}\" data-bgc=\"#38823b\" data-bggrad=\"\" ><\/span><\/a><\/p><div class='event_description evcal_eventcard ' style=\"display:none\"><div class='evocard_row'><div id='event_ftimage' class='evocard_box ftimage' data-c='' \n\t\t\t\t\tstyle=''><div class='evocard_main_image_hold' data-t='Loading Image..'><div class='evocard_main_image evo_img_triglb evobr15 evobgsc evobgpc evodfx evofx_jc_c evofx_ai_c evofz48 minmized' style='height:300px; background-image:url();' data-f=\"https:\/\/latemarium.com\/wp-content\/uploads\/2025\/05\/escursione-torre-di-pisa-obereggen.jpg\" data-h=\"755\" data-w=\"1245\" data-ratio=\"0.60642570281124\" data-event_id=\"2845\" data-ri=\"3\"  data-t='Loading Image..'><span style='height:300px; background-image:url(https:\/\/latemarium.com\/wp-content\/uploads\/2025\/05\/escursione-torre-di-pisa-obereggen.jpg)'><\/span><\/div><\/div><\/div><\/div><div class='evocard_row'><div id='event_eventdetails' class='evocard_box eventdetails' data-c='' \n\t\t\t\t\tstyle=''><div class='evo_metarow_details evorow evcal_evdata_row evcal_event_details'>\n\t\t<div class=\"event_excerpt\" style=\"display:none\"><h3 class=\"padb5 evo_h3\">Details zur Veranstaltung<\/h3><p>Mittelschwere bis schwere, anspruchsvolle Bergwanderung im hochalpinen Gel\u00e4nde im s\u00fcdlichen Latemar- Massiv. Beeindruckende Rundsicht auf die umliegende Bergwelt.\nRoute: Auffahrt mit dem Oberholz-Sessellift (1550\u20132100 m) \u2013 Aufstieg auf Weg 18 \u2013<\/p><\/div><span class='evcal_evdata_icons'><i class='fa fa-align-justify'><\/i><\/span>\n\t\t\n\t\t<div class='evcal_evdata_cell shorter_desc'>\n\t\t\t<div class='eventon_full_description'>\n\t\t\t\t<h3 class='padb5 evo_h3'><span class='evcal_evdata_icons'><i class='fa fa-align-justify'><\/i><\/span>Details zur Veranstaltung<\/h3>\n\t\t\t\t<div class='eventon_desc_in' itemprop='description'>\n\t\t\t\t<p>Mittelschwere bis schwere, anspruchsvolle Bergwanderung im hochalpinen Gel\u00e4nde im s\u00fcdlichen Latemar- Massiv. Beeindruckende Rundsicht auf die umliegende Bergwelt.<\/p>\n<p>Route: Auffahrt mit dem Oberholz-Sessellift (1550\u20132100 m) \u2013 Aufstieg auf Weg 18 \u2013 Aussichtsplattform \u2013 Gamsstallscharte (2560 m) \u2013 Weg 516 \u2013 Pisah\u00fctte\/Latemarh\u00fctte (2671 m). Einkehr. Abstieg Weg 516 und Weg 22 \u2013 Bergstation Sessellift Oberholz \u2013 R\u00fcckfahrt.<\/p>\n<p>Start: 09.00 Uhr in Obereggen<br \/>\nR\u00fcckkehr: 16.00 Uhr<br \/>\nDauer: 7 h | Gehzeit: 6 h<br \/>\nH\u00f6henunterschied: 750 m<br \/>\nSchwierigkeit: schwer, anspruchsvoll | Anforderungen: Ausdauer, Trittsicherheit und Schwindelfreiheit |mit Einkehr | die Mitnahme von geeignetem Tourenproviant wird empfohlen<br \/>\nSessellift Oberholz: 21,50 \u20ac\/Erwachsene \u2013 17,50 \u20ac\/Junior<\/p>\n<\/div><p class='eventon_shad_p' style='padding:5px 0 0; margin:0'>\n\t\t\t<span class='evcal_btn evo_btn_secondary evobtn_details_show_more' content='less'>\n\t\t\t\t<span class='ev_more_text' data-txt='Weniger'>Mehr<\/span><span class='ev_more_arrow ard'><\/span>\n\t\t\t<\/span>\n\t\t<\/p><div class='clear'><\/div>\n\t\t\t<\/div>\n\t\t<\/div>\n\t<\/div><\/div><\/div><div class='evocard_row bx2 bx'><div id='event_time' class='evocard_box time' data-c='' \n\t\t\t\t\tstyle=''><div class='evo_metarow_time evorow evcal_evdata_row evcal_evrow_sm '>\n\t\t<span class='evcal_evdata_icons'><i class='fa fa-clock'><\/i><\/span>\n\t\t<div class='evcal_evdata_cell'>\t\t\t\t\t\t\t\n\t\t\t<h3 class='evo_h3'><span class='evcal_evdata_icons'><i class='fa fa-clock'><\/i><\/span>Zeitplan<\/h3><p><span class='evo_eventcard_time_t'>23 Juli 2026 09:00<\/span><span class='evo_tz marr5'>(GMT+02:00)<\/span><\/p>\n\t\t<\/div>\n\t<\/div><\/div><div id='event_location' class='evocard_box location' data-c='' \n\t\t\t\t\tstyle=''><div class='evcal_evdata_row evo_metarow_time_location evorow '>\n\t\t\n\t\t\t<span class='evcal_evdata_icons'><i class='fa fa-map-marker'><\/i><\/span>\n\t\t\t<div class='evcal_evdata_cell' data-loc_tax_id='23'><h3 class='evo_h3 evodfx'><span class='evcal_evdata_icons'><i class='fa fa-map-marker'><\/i><\/span>Ort<\/h3><p class='evo_location_name'>Talstation Obereggen<\/p><p class='evo_location_address evodfxi evogap10'>Obereggen 16 I-39050 Deutschnofen (BZ)<\/p><div class='padt10'><span class='evo_btn_arr evolb_trigger' data-lbvals=\"{&quot;lbc&quot;:&quot;evo_location_lb_23&quot;,&quot;lbac&quot;:&quot;lb_max&quot;,&quot;t&quot;:&quot;Talstation Obereggen&quot;,&quot;ajax&quot;:&quot;yes&quot;,&quot;ajax_type&quot;:&quot;endpoint&quot;,&quot;ajax_action&quot;:&quot;eventon_get_tax_card_content&quot;,&quot;end&quot;:&quot;client&quot;,&quot;d&quot;:{&quot;lang&quot;:&quot;L2&quot;,&quot;term_id&quot;:23,&quot;tax&quot;:&quot;event_location&quot;,&quot;load_lbcontent&quot;:true},&quot;uid&quot;:&quot;eventon_get_tax_card_content&quot;}\" >Other Events<i class='fa fa-chevron-right'><\/i><\/span><\/div><\/div>\n\t\t\n\t<\/div><\/div><\/div><div class='evocard_row bx2 bx'><div id='event_learnmore' class='evocard_box learnmore' data-c='' \n\t\t\t\t\tstyle=''><div class='evo_metarow_learnM evo_metarow_learnmore evorow'>\n\t\t\t\t\t\t\t<a class='evcal_evdata_row evo_clik_row ' href='https:\/\/eggental.com\/de\/event\/gipfelwanderung-zur-latemarhtte_11602' target=\"_blank\">\n\t\t\t\t\t\t\t\t<span class='evcal_evdata_icons'><i class='fa fa-link'><\/i><\/span>\n\t\t\t\t\t\t\t\t<h3 class='evo_h3'>Entdecke mehr<\/h3>\n\t\t\t\t\t\t\t<\/a>\n\t\t\t\t\t\t\t<\/div><\/div><div id='event_addtocal' class='evocard_box addtocal' data-c='' \n\t\t\t\t\tstyle=''><div class='evo_metarow_ICS evorow evcal_evdata_row'>\n\t\t\t<span class='evcal_evdata_icons'><i class='fa fa-calendar-o'><\/i><\/span>\n\t\t\t<div class='evcal_evdata_cell'>\n\t\t\t\t<p><a href='https:\/\/latemarium.com\/de\/export-events\/2845_3\/?nonce=7b34e59f7d' class='evo_ics_nCal' title='Zu Ihrem Kalender hinzuf\u00fcgen'>Kalender<\/a><a href='https:\/\/www.google.com\/calendar\/event?action=TEMPLATE&text=Gipfelwanderung+zur+Latemarh%C3%BCtte&dates=20260723T070000Z%2F20260723T215900Z&ctz=Europe%2FRome&details=Gipfelwanderung zur Latemarh\u00fctte&location=Talstation+Obereggen+Obereggen+16+I-39050+Deutschnofen+%28BZ%29' target='_blank' class='evo_ics_gCal' title='Zu Google Kalender hinzuf\u00fcgen'>GoogleCal<\/a><\/p>\t\n\t\t\t<\/div>\n\t\t<\/div><\/div><\/div><div class='evocard_row'><div id='event_getdirection' class='evocard_box getdirection' data-c='' \n\t\t\t\t\tstyle=''><div class='evo_metarow_getDr evorow evcal_evdata_row evcal_evrow_sm getdirections'>\n\t\t<form action='https:\/\/maps.google.com\/maps' method='get' target='_blank'>\n\t\t\t<input type='hidden' name='daddr' value=\"46.3835808246333,11.52667595881786\"\/> \n\t\t\t<div class='evo_get_direction_content evo_fx_dr_r evogap10'>\n\t\t\t\t<span class='evogetdir_header evodfx evofx_dr_r evofx_ai_c marr10'>\n\t\t\t\t\t<i class='mainicon fa fa-road'><\/i> \n\t\t\t\t\t<h3 class='evo_h3' style='padding-bottom:5px;'>Wegbeschreibung abrufen<\/h3>\n\t\t\t\t<\/span>\n\t\t\t\t<span class='evogetdir_field evodfx evofx_1_1 evo_fx_dr_c evow100p'>\t\t\t\t\t\n\t\t\t\t\t<input class='evoInput evotac' type='text' name='saddr' placeholder='&quot;Geben Sie die Adresse ein' value='' style='margin:10px 0;'\/>\n\t\t\t\t<\/span>\n\t\t\t\t<button type='submit' class='evo_get_direction_button evo_btn_arr_circ dfx fx_ai_c' title='&quot;Klicken Sie hier'><i class='fa fa-chevron-right'><\/i> <\/button>\n\t\t\t<\/div>\n\t\t<\/form>\n\t<\/div><\/div><\/div><div class='evo_card_row_end evcal_close' title='Schlie\u00dfen'><\/div><\/div><div class='clear end'><\/div><\/div><div id=\"event_2552_0\" class=\"eventon_list_event evo_eventtop scheduled  event clrD no_et event_2552_0\" data-event_id=\"2552\" data-ri=\"0r\" data-time=\"1784797200-1784843940\" data-colr=\"#006290\" itemscope itemtype='http:\/\/schema.org\/Event'><div class=\"evo_event_schema\" style=\"display:none\" ><a itemprop='url'  href='https:\/\/latemarium.com\/de\/events\/wir-pflanzen-einen-baum\/var\/ri-0.l-L2'><\/a><meta itemprop='image' content=\"https:\/\/latemarium.com\/wp-content\/uploads\/2024\/04\/spettacolo-per-fare-un-albero-boscaiolo-predazzo-valdifiemme-trentino-ph-Modica-1-scaled.jpg\" \/><meta itemprop='startDate' content=\"2026-7-23T11:00+0:00\" \/><meta itemprop='endDate' content=\"2026-7-23T23:59+0:00\" \/><meta itemprop='eventStatus' content=\"https:\/\/schema.org\/EventScheduled\" \/><meta itemprop='eventAttendanceMode'   itemscope itemtype=\"https:\/\/schema.org\/OfflineEventAttendanceMode\"\/><script type=\"application\/ld+json\">{\"@context\": \"http:\/\/schema.org\",\"@type\": \"Event\",\n\t\t\t\t\"@id\": \"event_2552_0\",\n\t\t\t\t\"eventAttendanceMode\":\"https:\/\/schema.org\/OfflineEventAttendanceMode\",\n\t\t\t\t\"eventStatus\":\"https:\/\/schema.org\/EventScheduled\",\n\t\t\t\t\"name\": \"WIR PFLANZEN EINEN BAUM\",\n\t\t\t\t\"url\": \"https:\/\/latemarium.com\/de\/events\/wir-pflanzen-einen-baum\/var\/ri-0.l-L2\",\n\t\t\t\t\"startDate\": \"2026-7-23T11:00+0:00\",\n\t\t\t\t\"endDate\": \"2026-7-23T23:59+0:00\",\n\t\t\t\t\"image\":\"https:\/\/latemarium.com\/wp-content\/uploads\/2024\/04\/spettacolo-per-fare-un-albero-boscaiolo-predazzo-valdifiemme-trentino-ph-Modica-1-scaled.jpg\", \n\t\t\t\t\"description\":\"<p>Hinter der Br\u00fccke schleichen wir auf Zehenspitzen in den Wald, wo der Wind in zwei Stunden 200 Jahre Leben zerst\u00f6rt hat. Der Wald ist still: Er zeigt Wurzeln und entwurzelte St\u00e4mme. Sergio, ein F\u00f6rster, der an die F\u00e4higkeit der Natur glaubt, sich immer wieder zu regenerieren, wird uns von der Erneuerung des Waldes erz\u00e4hlen. Ihm zur Seite stehen ein erfahrener Wanderf\u00fchrer, der den Weg kennt, und eine elegante St\u00e4dterin, die sich zum ersten Mal den Bergen n\u00e4hert.<\/p> <p>INFO:<br \/> bei der Bergstation der Gondelbahn Predazzo \u2013 Gardon\u00e8<br \/> um 11.00 Uhr<br \/> f\u00fcr Familien (Dauer: 1h30\u2018)<br \/> mit Sergio Morandini, Emma Deflorian und Nicola Sordo<\/p> \"}<\/script><\/div>\r\n\t\t\t\t<p class=\"desc_trig_outter\" style=\"\"><a data-gmap_status=\"null\" data-exlk=\"0\" style=\"background-color: #006290;\" id=\"evc_17847972002552\" class=\"hasFtIMG desc_trig sin_val evcal_list_a\" data-ux_val=\"3\" data-ux_val_mob=\"-\"  ><span class='evoet_c1 evoet_cx '><span class='ev_ftImg' data-img='https:\/\/latemarium.com\/wp-content\/uploads\/2024\/04\/spettacolo-per-fare-un-albero-boscaiolo-predazzo-valdifiemme-trentino-ph-Modica-1-scaled.jpg' data-thumb='https:\/\/latemarium.com\/wp-content\/uploads\/2024\/04\/spettacolo-per-fare-un-albero-boscaiolo-predazzo-valdifiemme-trentino-ph-Modica-1-300x200.jpg' style='background-image:url(\"https:\/\/latemarium.com\/wp-content\/uploads\/2024\/04\/spettacolo-per-fare-un-albero-boscaiolo-predazzo-valdifiemme-trentino-ph-Modica-1-300x200.jpg\")' ><\/span><\/span><span class='evoet_c2 evoet_cx '><span class='evoet_dayblock evcal_cblock ' data-bgcolor='#006290' data-smon='Juli' data-syr='2026' data-bub=''><span class='evo_start '><em class='date'>23<\/em><em class='month'>Jul<\/em><em class='time'>11:00<\/em><\/span><\/span><\/span><span class='evoet_c3 evoet_cx evcal_desc hide_eventtopdata '><span class='evoet_title evcal_desc2 evcal_event_title ' itemprop='name'>WIR PFLANZEN EINEN BAUM<\/span><span class='event_location_attrs' data-location_type=\"lonlat\" data-location_name=\"Seilbahn Ankunft Predazzo-Gardon\u00e8\" data-location_url=\"https:\/\/latemarium.com\/de\/event-location\/seilbahn-ankunft-predazzo-gardone\/\" data-location_status=\"true\" data-latlng=\"46.32878794406342,11.600176728690842\"><\/span><span class='evoet_subtitle evo_below_title' ><span class='evcal_event_subtitle ' >DER THEMENPFAD DES ZERSTREUTEN HIRTEN<\/span><\/span><span class='evoet_time_expand level_3'><em class='evcal_time evo_tz_time'><i class='fa fa-clock-o'><\/i>11:00<span class='evo_tz marl5'>(GMT+02:00)<\/span><\/em> <\/span><span class='evoet_location level_3'><em class=\"evcal_location\"  data-latlng=\"46.32878794406342,11.600176728690842\" data-add_str=\"\" data-n=\"Seilbahn Ankunft Predazzo-Gardon\u00e8\"><i class=\"fa fa-location-pin\"><\/i><em class=\"event_location_name\">Seilbahn Ankunft Predazzo-Gardon\u00e8<\/em><\/em><\/span><\/span><span class='evoet_data' data-d=\"{&quot;loc.n&quot;:&quot;Seilbahn Ankunft Predazzo-Gardon\\u00e8&quot;,&quot;orgs&quot;:[],&quot;tags&quot;:[]}\" data-bgc=\"#006290\" data-bggrad=\"\" ><\/span><\/a><\/p><div class='event_description evcal_eventcard ' style=\"display:none\"><div class='evocard_row'><div id='event_ftimage' class='evocard_box ftimage' data-c='' \n\t\t\t\t\tstyle=''><div class='evocard_main_image_hold' data-t='Loading Image..'><div class='evocard_main_image evo_img_triglb evobr15 evobgsc evobgpc evodfx evofx_jc_c evofx_ai_c evofz48 minmized' style='height:300px; background-image:url();' data-f=\"https:\/\/latemarium.com\/wp-content\/uploads\/2024\/04\/spettacolo-per-fare-un-albero-boscaiolo-predazzo-valdifiemme-trentino-ph-Modica-1-scaled.jpg\" data-h=\"1707\" data-w=\"2560\" data-ratio=\"0.666796875\" data-event_id=\"2552\" data-ri=\"0\"  data-t='Loading Image..'><span style='height:300px; background-image:url(https:\/\/latemarium.com\/wp-content\/uploads\/2024\/04\/spettacolo-per-fare-un-albero-boscaiolo-predazzo-valdifiemme-trentino-ph-Modica-1-scaled.jpg)'><\/span><\/div><\/div><\/div><\/div><div class='evocard_row'><div id='event_eventdetails' class='evocard_box eventdetails' data-c='' \n\t\t\t\t\tstyle=''><div class='evo_metarow_details evorow evcal_evdata_row evcal_event_details'>\n\t\t<div class=\"event_excerpt\" style=\"display:none\"><h3 class=\"padb5 evo_h3\">Details zur Veranstaltung<\/h3><p>Hinter der Br\u00fccke schleichen wir auf Zehenspitzen in den Wald, wo der Wind in zwei Stunden 200 Jahre Leben zerst\u00f6rt hat. Der Wald ist still: Er zeigt Wurzeln und entwurzelte<\/p><\/div><span class='evcal_evdata_icons'><i class='fa fa-align-justify'><\/i><\/span>\n\t\t\n\t\t<div class='evcal_evdata_cell shorter_desc'>\n\t\t\t<div class='eventon_full_description'>\n\t\t\t\t<h3 class='padb5 evo_h3'><span class='evcal_evdata_icons'><i class='fa fa-align-justify'><\/i><\/span>Details zur Veranstaltung<\/h3>\n\t\t\t\t<div class='eventon_desc_in' itemprop='description'>\n\t\t\t\t<p>Hinter der Br\u00fccke schleichen wir auf Zehenspitzen in den Wald, wo der Wind in zwei Stunden 200 Jahre Leben zerst\u00f6rt hat. Der Wald ist still: Er zeigt Wurzeln und entwurzelte St\u00e4mme. Sergio, ein F\u00f6rster, der an die F\u00e4higkeit der Natur glaubt, sich immer wieder zu regenerieren, wird uns von der Erneuerung des Waldes erz\u00e4hlen. Ihm zur Seite stehen ein erfahrener Wanderf\u00fchrer, der den Weg kennt, und eine elegante St\u00e4dterin, die sich zum ersten Mal den Bergen n\u00e4hert.<\/p>\n<p>INFO:<br \/>\nbei der Bergstation der Gondelbahn Predazzo \u2013 Gardon\u00e8<br \/>\num 11.00 Uhr<br \/>\nf\u00fcr Familien (Dauer: 1h30\u2018)<br \/>\nmit Sergio Morandini, Emma Deflorian und Nicola Sordo<\/p>\n<\/div><p class='eventon_shad_p' style='padding:5px 0 0; margin:0'>\n\t\t\t<span class='evcal_btn evo_btn_secondary evobtn_details_show_more' content='less'>\n\t\t\t\t<span class='ev_more_text' data-txt='Weniger'>Mehr<\/span><span class='ev_more_arrow ard'><\/span>\n\t\t\t<\/span>\n\t\t<\/p><div class='clear'><\/div>\n\t\t\t<\/div>\n\t\t<\/div>\n\t<\/div><\/div><\/div><div class='evocard_row bx2 bx'><div id='event_time' class='evocard_box time' data-c='' \n\t\t\t\t\tstyle=''><div class='evo_metarow_time evorow evcal_evdata_row evcal_evrow_sm '>\n\t\t<span class='evcal_evdata_icons'><i class='fa fa-clock'><\/i><\/span>\n\t\t<div class='evcal_evdata_cell'>\t\t\t\t\t\t\t\n\t\t\t<h3 class='evo_h3'><span class='evcal_evdata_icons'><i class='fa fa-clock'><\/i><\/span>Zeitplan<\/h3><p><span class='evo_eventcard_time_t'>23 Juli 2026 11:00<\/span><span class='evo_tz marr5'>(GMT+02:00)<\/span><\/p>\n\t\t<\/div>\n\t<\/div><\/div><div id='event_location' class='evocard_box location' data-c='' \n\t\t\t\t\tstyle=''><div class='evcal_evdata_row evo_metarow_time_location evorow '>\n\t\t\n\t\t\t<span class='evcal_evdata_icons'><i class='fa fa-map-marker'><\/i><\/span>\n\t\t\t<div class='evcal_evdata_cell' data-loc_tax_id='36'><h3 class='evo_h3 evodfx'><span class='evcal_evdata_icons'><i class='fa fa-map-marker'><\/i><\/span>Ort<\/h3><p class='evo_location_name'>Seilbahn Ankunft Predazzo-Gardon\u00e8<\/p><div class='padt10'><span class='evo_btn_arr evolb_trigger' data-lbvals=\"{&quot;lbc&quot;:&quot;evo_location_lb_36&quot;,&quot;lbac&quot;:&quot;lb_max&quot;,&quot;t&quot;:&quot;Seilbahn Ankunft Predazzo-Gardon\\u00e8&quot;,&quot;ajax&quot;:&quot;yes&quot;,&quot;ajax_type&quot;:&quot;endpoint&quot;,&quot;ajax_action&quot;:&quot;eventon_get_tax_card_content&quot;,&quot;end&quot;:&quot;client&quot;,&quot;d&quot;:{&quot;lang&quot;:&quot;L2&quot;,&quot;term_id&quot;:36,&quot;tax&quot;:&quot;event_location&quot;,&quot;load_lbcontent&quot;:true},&quot;uid&quot;:&quot;eventon_get_tax_card_content&quot;}\" >Other Events<i class='fa fa-chevron-right'><\/i><\/span><\/div><\/div>\n\t\t\n\t<\/div><\/div><\/div><div class='evocard_row bx2 bx'><div id='event_learnmore' class='evocard_box learnmore' data-c='' \n\t\t\t\t\tstyle=''><div class='evo_metarow_learnM evo_metarow_learnmore evorow'>\n\t\t\t\t\t\t\t<a class='evcal_evdata_row evo_clik_row ' href='https:\/\/www.montagnanimata.it\/de\/spektakel\/' >\n\t\t\t\t\t\t\t\t<span class='evcal_evdata_icons'><i class='fa fa-link'><\/i><\/span>\n\t\t\t\t\t\t\t\t<h3 class='evo_h3'>Entdecke mehr<\/h3>\n\t\t\t\t\t\t\t<\/a>\n\t\t\t\t\t\t\t<\/div><\/div><div id='event_addtocal' class='evocard_box addtocal' data-c='' \n\t\t\t\t\tstyle=''><div class='evo_metarow_ICS evorow evcal_evdata_row'>\n\t\t\t<span class='evcal_evdata_icons'><i class='fa fa-calendar-o'><\/i><\/span>\n\t\t\t<div class='evcal_evdata_cell'>\n\t\t\t\t<p><a href='https:\/\/latemarium.com\/de\/export-events\/2552_0\/?nonce=7b34e59f7d' class='evo_ics_nCal' title='Zu Ihrem Kalender hinzuf\u00fcgen'>Kalender<\/a><a href='https:\/\/www.google.com\/calendar\/event?action=TEMPLATE&text=WIR+PFLANZEN+EINEN+BAUM&dates=20260723T090000Z%2F20260723T215900Z&ctz=Europe%2FRome&details=WIR PFLANZEN EINEN BAUM&location=Seilbahn+Ankunft+Predazzo-Gardon%C3%A8' target='_blank' class='evo_ics_gCal' title='Zu Google Kalender hinzuf\u00fcgen'>GoogleCal<\/a><\/p>\t\n\t\t\t<\/div>\n\t\t<\/div><\/div><\/div><div class='evocard_row'><div id='event_getdirection' class='evocard_box getdirection' data-c='' \n\t\t\t\t\tstyle=''><div class='evo_metarow_getDr evorow evcal_evdata_row evcal_evrow_sm getdirections'>\n\t\t<form action='https:\/\/maps.google.com\/maps' method='get' target='_blank'>\n\t\t\t<input type='hidden' name='daddr' value=\"46.32878794406342,11.600176728690842\"\/> \n\t\t\t<div class='evo_get_direction_content evo_fx_dr_r evogap10'>\n\t\t\t\t<span class='evogetdir_header evodfx evofx_dr_r evofx_ai_c marr10'>\n\t\t\t\t\t<i class='mainicon fa fa-road'><\/i> \n\t\t\t\t\t<h3 class='evo_h3' style='padding-bottom:5px;'>Wegbeschreibung abrufen<\/h3>\n\t\t\t\t<\/span>\n\t\t\t\t<span class='evogetdir_field evodfx evofx_1_1 evo_fx_dr_c evow100p'>\t\t\t\t\t\n\t\t\t\t\t<input class='evoInput evotac' type='text' name='saddr' placeholder='&quot;Geben Sie die Adresse ein' value='' style='margin:10px 0;'\/>\n\t\t\t\t<\/span>\n\t\t\t\t<button type='submit' class='evo_get_direction_button evo_btn_arr_circ dfx fx_ai_c' title='&quot;Klicken Sie hier'><i class='fa fa-chevron-right'><\/i> <\/button>\n\t\t\t<\/div>\n\t\t<\/form>\n\t<\/div><\/div><\/div><div class='evo_card_row_end evcal_close' title='Schlie\u00dfen'><\/div><\/div><div class='clear end'><\/div><\/div><div id=\"event_2198_4\" class=\"eventon_list_event evo_eventtop scheduled  event clrW event_2198_4\" data-event_id=\"2198\" data-ri=\"4r\" data-time=\"1784818800-1784826900\" data-colr=\"#f78234\" itemscope itemtype='http:\/\/schema.org\/Event'><div class=\"evo_event_schema\" style=\"display:none\" ><a itemprop='url'  href='https:\/\/latemarium.com\/de\/events\/pilyoga\/var\/ri-4.l-L2'><\/a><meta itemprop='image' content=\"https:\/\/latemarium.com\/wp-content\/uploads\/2023\/06\/pilyoga.jpg\" \/><meta itemprop='startDate' content=\"2026-7-23T17:00+0:00\" \/><meta itemprop='endDate' content=\"2026-7-23T19:15+0:00\" \/><meta itemprop='eventStatus' content=\"https:\/\/schema.org\/EventScheduled\" \/><meta itemprop='eventAttendanceMode'   itemscope itemtype=\"https:\/\/schema.org\/OfflineEventAttendanceMode\"\/><div style=\"display:none\" itemprop=\"location\" itemscope itemtype=\"http:\/\/schema.org\/Place\"><span itemprop=\"name\">Pampeago<\/span><span itemprop=\"address\" itemscope itemtype=\"http:\/\/schema.org\/PostalAddress\"><item itemprop=\"streetAddress\">Localit\u00e0 Pampeago, 8, 38038 Tesero TN<\/item><\/span><\/div><script type=\"application\/ld+json\">{\"@context\": \"http:\/\/schema.org\",\"@type\": \"Event\",\n\t\t\t\t\"@id\": \"event_2198_4\",\n\t\t\t\t\"eventAttendanceMode\":\"https:\/\/schema.org\/OfflineEventAttendanceMode\",\n\t\t\t\t\"eventStatus\":\"https:\/\/schema.org\/EventScheduled\",\n\t\t\t\t\"name\": \"PilYoga\",\n\t\t\t\t\"url\": \"https:\/\/latemarium.com\/de\/events\/pilyoga\/var\/ri-4.l-L2\",\n\t\t\t\t\"startDate\": \"2026-7-23T17:00+0:00\",\n\t\t\t\t\"endDate\": \"2026-7-23T19:15+0:00\",\n\t\t\t\t\"image\":\"https:\/\/latemarium.com\/wp-content\/uploads\/2023\/06\/pilyoga.jpg\", \n\t\t\t\t\"description\":\"<p><strong>Jeden Donnerstag vom 25. Juni bis 3. September 2026<\/strong><\/p> <p>Treffen und Abfahrt um 17.00 Uhr mit Lehrerin Elisa (an der Liftkasse)<br \/> Dauer: von 17:00 bis 19:15 Uhr. Aktivit\u00e4t empfohlen f\u00fcr Personen ab 14 Jahren<\/p> <p>Mit der Agnello-Sesselbahn erreichen Sie den Unterrichtsort und k\u00f6nnen nach einem kurzen Spaziergang im direkten Kontakt mit der Natur entspannen und den Kopf frei bekommen. Die Praxis von PilYoga in gro\u00dfer H\u00f6he erm\u00f6glicht eine vollst\u00e4ndige Harmonie mit der Umgebung, weit weg von allen Ger\u00e4uschen des t\u00e4glichen Lebens.<br \/> Sobald Sie die Lektion beendet haben, erwartet Sie im Chalet Caserina ein kleiner Aperitif, um dann mit einem kurzen Spaziergang zu Fu\u00df wieder hinunterzugehen.<br \/> <em>Bei schlechtem Wetter KEINE Aktivit\u00e4t geplant<\/em><\/p> <p>Klicken Sie <a href='https:\/\/www.visitfiemme.it\/de\/veranstaltungen\/fiemme-cembra-guest-card\/erlebnisse\/erlebnisse-sommer' target='_blank' rel='noopener'>hier<\/a> zum Buchen<\/p> \",\"location\":[{\"@type\":\"Place\",\"name\":\"Pampeago\",\"address\":{\"@type\": \"PostalAddress\",\"streetAddress\":\"Localit\u00e0 Pampeago, 8, 38038 Tesero TN\"}}]}<\/script><\/div>\r\n\t\t\t\t<p class=\"desc_trig_outter\" style=\"\"><a data-gmtrig=\"1\" data-exlk=\"0\" style=\"background-color: #f78234;\" id=\"evc_17848188002198\" class=\"hasFtIMG event_repeat desc_trig sin_val evcal_list_a\" data-ux_val=\"3\" data-ux_val_mob=\"-\"  ><span class='evoet_c1 evoet_cx '><span class='ev_ftImg' data-img='https:\/\/latemarium.com\/wp-content\/uploads\/2023\/06\/pilyoga.jpg' data-thumb='https:\/\/latemarium.com\/wp-content\/uploads\/2023\/06\/pilyoga-300x169.jpg' style='background-image:url(\"https:\/\/latemarium.com\/wp-content\/uploads\/2023\/06\/pilyoga-300x169.jpg\")' ><\/span><\/span><span class='evoet_c2 evoet_cx '><span class='evoet_dayblock evcal_cblock ' data-bgcolor='#f78234' data-smon='Juli' data-syr='2026' data-bub=''><span class='evo_start '><em class='date'>23<\/em><em class='month'>Jul<\/em><em class='time'>17:00<\/em><\/span><span class='evo_end only_time'><em class='time'>19:15<\/em><\/span><\/span><\/span><span class='evoet_c3 evoet_cx evcal_desc hide_eventtopdata '><span class='evoet_title evcal_desc2 evcal_event_title ' itemprop='name'>PilYoga<\/span><span class='event_location_attrs'  data-location_address=\"Localit\u00e0 Pampeago, 8, 38038 Tesero TN\" data-location_type=\"lonlat\" data-location_name=\"Pampeago\" data-location_url=\"https:\/\/latemarium.com\/de\/event-location\/pampeago-de\/\" data-location_status=\"true\" data-latlng=\"46.34343697644898,11.540997527961546\"><\/span><span class='evoet_subtitle evo_below_title' ><span class='evcal_event_subtitle ' >Pilyoga umgeben von den Werken von Respirat<\/span><\/span><span class='evoet_time_expand level_3'><em class='evcal_time evo_tz_time'><i class='fa fa-clock-o'><\/i>17:00 - 19:15<span class='evo_tz marl5'>(GMT+02:00)<\/span><\/em> <\/span><span class='evoet_location level_3'><em class=\"evcal_location\"  data-latlng=\"46.34343697644898,11.540997527961546\" data-add_str=\"Localit\u00e0 Pampeago, 8, 38038 Tesero TN\" data-n=\"Pampeago\"><i class=\"fa fa-location-pin\"><\/i><em class=\"event_location_name\">Pampeago<\/em>, Localit\u00e0 Pampeago, 8, 38038 Tesero TN<\/em><\/span><\/span><span class='evoet_data' data-d=\"{&quot;loc.n&quot;:&quot;Pampeago&quot;,&quot;orgs&quot;:[],&quot;tags&quot;:{&quot;repeating&quot;:&quot;Repeating Event&quot;}}\" data-bgc=\"#f78234\" data-bggrad=\"\" ><\/span><\/a><\/p><div class='event_description evcal_eventcard ' style=\"display:none\"><div class='evocard_row'><div id='event_ftimage' class='evocard_box ftimage' data-c='' \n\t\t\t\t\tstyle=''><div class='evocard_main_image_hold' data-t='Loading Image..'><div class='evocard_main_image evo_img_triglb evobr15 evobgsc evobgpc evodfx evofx_jc_c evofx_ai_c evofz48 minmized' style='height:300px; background-image:url();' data-f=\"https:\/\/latemarium.com\/wp-content\/uploads\/2023\/06\/pilyoga.jpg\" data-h=\"675\" data-w=\"1200\" data-ratio=\"0.5625\" data-event_id=\"2198\" data-ri=\"4\"  data-t='Loading Image..'><span style='height:300px; background-image:url(https:\/\/latemarium.com\/wp-content\/uploads\/2023\/06\/pilyoga.jpg)'><\/span><\/div><\/div><\/div><\/div><div class='evocard_row'><div id='event_eventdetails' class='evocard_box eventdetails' data-c='' \n\t\t\t\t\tstyle=''><div class='evo_metarow_details evorow evcal_evdata_row evcal_event_details'>\n\t\t<div class=\"event_excerpt\" style=\"display:none\"><h3 class=\"padb5 evo_h3\">Details zur Veranstaltung<\/h3><p>Jeden Donnerstag vom 25. Juni bis 3. September 2026\nTreffen und Abfahrt um 17.00 Uhr mit Lehrerin Elisa (an der Liftkasse)\nDauer: von 17:00 bis 19:15 Uhr. Aktivit\u00e4t empfohlen f\u00fcr Personen<\/p><\/div><span class='evcal_evdata_icons'><i class='fa fa-align-justify'><\/i><\/span>\n\t\t\n\t\t<div class='evcal_evdata_cell shorter_desc'>\n\t\t\t<div class='eventon_full_description'>\n\t\t\t\t<h3 class='padb5 evo_h3'><span class='evcal_evdata_icons'><i class='fa fa-align-justify'><\/i><\/span>Details zur Veranstaltung<\/h3>\n\t\t\t\t<div class='eventon_desc_in' itemprop='description'>\n\t\t\t\t<p><strong>Jeden Donnerstag vom 25. Juni bis 3. September 2026<\/strong><\/p>\n<p>Treffen und Abfahrt um 17.00 Uhr mit Lehrerin Elisa (an der Liftkasse)<br \/>\nDauer: von 17:00 bis 19:15 Uhr. Aktivit\u00e4t empfohlen f\u00fcr Personen ab 14 Jahren<\/p>\n<p>Mit der Agnello-Sesselbahn erreichen Sie den Unterrichtsort und k\u00f6nnen nach einem kurzen Spaziergang im direkten Kontakt mit der Natur entspannen und den Kopf frei bekommen. Die Praxis von PilYoga in gro\u00dfer H\u00f6he erm\u00f6glicht eine vollst\u00e4ndige Harmonie mit der Umgebung, weit weg von allen Ger\u00e4uschen des t\u00e4glichen Lebens.<br \/>\nSobald Sie die Lektion beendet haben, erwartet Sie im Chalet Caserina ein kleiner Aperitif, um dann mit einem kurzen Spaziergang zu Fu\u00df wieder hinunterzugehen.<br \/>\n<em>Bei schlechtem Wetter KEINE Aktivit\u00e4t geplant<\/em><\/p>\n<p>Klicken Sie <a href=\"https:\/\/www.visitfiemme.it\/de\/veranstaltungen\/fiemme-cembra-guest-card\/erlebnisse\/erlebnisse-sommer\" target=\"_blank\" rel=\"noopener\">hier<\/a> zum Buchen<\/p>\n<\/div><p class='eventon_shad_p' style='padding:5px 0 0; margin:0'>\n\t\t\t<span class='evcal_btn evo_btn_secondary evobtn_details_show_more' content='less'>\n\t\t\t\t<span class='ev_more_text' data-txt='Weniger'>Mehr<\/span><span class='ev_more_arrow ard'><\/span>\n\t\t\t<\/span>\n\t\t<\/p><div class='clear'><\/div>\n\t\t\t<\/div>\n\t\t<\/div>\n\t<\/div><\/div><\/div><div class='evocard_row bx2 bx'><div id='event_time' class='evocard_box time' data-c='' \n\t\t\t\t\tstyle=''><div class='evo_metarow_time evorow evcal_evdata_row evcal_evrow_sm '>\n\t\t<span class='evcal_evdata_icons'><i class='fa fa-clock'><\/i><\/span>\n\t\t<div class='evcal_evdata_cell'>\t\t\t\t\t\t\t\n\t\t\t<h3 class='evo_h3'><span class='evcal_evdata_icons'><i class='fa fa-clock'><\/i><\/span>Zeitplan<\/h3><p><span class='evo_eventcard_time_t'>23 Juli 2026 17:00 - 19:15<\/span><span class='evo_tz marr5'>(GMT+02:00)<\/span><\/p>\n\t\t<\/div>\n\t<\/div><\/div><div id='event_location' class='evocard_box location' data-c='' \n\t\t\t\t\tstyle=''><div class='evcal_evdata_row evo_metarow_time_location evorow '>\n\t\t\n\t\t\t<span class='evcal_evdata_icons'><i class='fa fa-map-marker'><\/i><\/span>\n\t\t\t<div class='evcal_evdata_cell' data-loc_tax_id='32'><h3 class='evo_h3 evodfx'><span class='evcal_evdata_icons'><i class='fa fa-map-marker'><\/i><\/span>Ort<\/h3><p class='evo_location_name'>Pampeago<\/p><p class='evo_location_address evodfxi evogap10'>Localit\u00e0 Pampeago, 8, 38038 Tesero TN<\/p><div class='padt10'><span class='evo_btn_arr evolb_trigger' data-lbvals=\"{&quot;lbc&quot;:&quot;evo_location_lb_32&quot;,&quot;lbac&quot;:&quot;lb_max&quot;,&quot;t&quot;:&quot;Pampeago&quot;,&quot;ajax&quot;:&quot;yes&quot;,&quot;ajax_type&quot;:&quot;endpoint&quot;,&quot;ajax_action&quot;:&quot;eventon_get_tax_card_content&quot;,&quot;end&quot;:&quot;client&quot;,&quot;d&quot;:{&quot;lang&quot;:&quot;L2&quot;,&quot;term_id&quot;:32,&quot;tax&quot;:&quot;event_location&quot;,&quot;load_lbcontent&quot;:true},&quot;uid&quot;:&quot;eventon_get_tax_card_content&quot;}\" >Other Events<i class='fa fa-chevron-right'><\/i><\/span><\/div><\/div>\n\t\t\n\t<\/div><\/div><\/div><div class='evocard_row'><div id='event_addtocal' class='evocard_box addtocal' data-c='' \n\t\t\t\t\tstyle=''><div class='evo_metarow_ICS evorow evcal_evdata_row'>\n\t\t\t<span class='evcal_evdata_icons'><i class='fa fa-calendar-o'><\/i><\/span>\n\t\t\t<div class='evcal_evdata_cell'>\n\t\t\t\t<p><a href='https:\/\/latemarium.com\/de\/export-events\/2198_4\/?nonce=7b34e59f7d' class='evo_ics_nCal' title='Zu Ihrem Kalender hinzuf\u00fcgen'>Kalender<\/a><a href='https:\/\/www.google.com\/calendar\/event?action=TEMPLATE&text=PilYoga&dates=20260723T150000Z%2F20260723T171500Z&ctz=Europe%2FRome&details=PilYoga&location=Pampeago+Localit%C3%A0+Pampeago%2C+8%2C+38038+Tesero+TN' target='_blank' class='evo_ics_gCal' title='Zu Google Kalender hinzuf\u00fcgen'>GoogleCal<\/a><\/p>\t\n\t\t\t<\/div>\n\t\t<\/div><\/div><\/div><div class='evocard_row'><div id='event_getdirection' class='evocard_box getdirection' data-c='' \n\t\t\t\t\tstyle=''><div class='evo_metarow_getDr evorow evcal_evdata_row evcal_evrow_sm getdirections'>\n\t\t<form action='https:\/\/maps.google.com\/maps' method='get' target='_blank'>\n\t\t\t<input type='hidden' name='daddr' value=\"Localit\u00e0 Pampeago, 8, 38038 Tesero TN\"\/> \n\t\t\t<div class='evo_get_direction_content evo_fx_dr_r evogap10'>\n\t\t\t\t<span class='evogetdir_header evodfx evofx_dr_r evofx_ai_c marr10'>\n\t\t\t\t\t<i class='mainicon fa fa-road'><\/i> \n\t\t\t\t\t<h3 class='evo_h3' style='padding-bottom:5px;'>Wegbeschreibung abrufen<\/h3>\n\t\t\t\t<\/span>\n\t\t\t\t<span class='evogetdir_field evodfx evofx_1_1 evo_fx_dr_c evow100p'>\t\t\t\t\t\n\t\t\t\t\t<input class='evoInput evotac' type='text' name='saddr' placeholder='&quot;Geben Sie die Adresse ein' value='' style='margin:10px 0;'\/>\n\t\t\t\t<\/span>\n\t\t\t\t<button type='submit' class='evo_get_direction_button evo_btn_arr_circ dfx fx_ai_c' title='&quot;Klicken Sie hier'><i class='fa fa-chevron-right'><\/i> <\/button>\n\t\t\t<\/div>\n\t\t<\/form>\n\t<\/div><\/div><\/div><div class='evo_card_row_end evcal_close' title='Schlie\u00dfen'><\/div><\/div><div class='clear end'><\/div><\/div><div id=\"event_2203_4\" class=\"eventon_list_event evo_eventtop scheduled  event clrD event_2203_4\" data-event_id=\"2203\" data-ri=\"4r\" data-time=\"1784819700-1784826900\" data-colr=\"#ba181d\" itemscope itemtype='http:\/\/schema.org\/Event'><div class=\"evo_event_schema\" style=\"display:none\" ><a itemprop='url'  href='https:\/\/latemarium.com\/de\/events\/e-bike-latemar-tour\/var\/ri-4.l-L2'><\/a><meta itemprop='image' content=\"https:\/\/latemarium.com\/wp-content\/uploads\/2023\/06\/e-bike-tour.jpg\" \/><meta itemprop='startDate' content=\"2026-7-23T17:15+0:00\" \/><meta itemprop='endDate' content=\"2026-7-23T19:15+0:00\" \/><meta itemprop='eventStatus' content=\"https:\/\/schema.org\/EventScheduled\" \/><meta itemprop='eventAttendanceMode'   itemscope itemtype=\"https:\/\/schema.org\/OfflineEventAttendanceMode\"\/><div style=\"display:none\" itemprop=\"location\" itemscope itemtype=\"http:\/\/schema.org\/Place\"><span itemprop=\"name\">Pampeago<\/span><span itemprop=\"address\" itemscope itemtype=\"http:\/\/schema.org\/PostalAddress\"><item itemprop=\"streetAddress\">Localit\u00e0 Pampeago, 8, 38038 Tesero TN<\/item><\/span><\/div><script type=\"application\/ld+json\">{\"@context\": \"http:\/\/schema.org\",\"@type\": \"Event\",\n\t\t\t\t\"@id\": \"event_2203_4\",\n\t\t\t\t\"eventAttendanceMode\":\"https:\/\/schema.org\/OfflineEventAttendanceMode\",\n\t\t\t\t\"eventStatus\":\"https:\/\/schema.org\/EventScheduled\",\n\t\t\t\t\"name\": \"E-Bike Latemar Tour\",\n\t\t\t\t\"url\": \"https:\/\/latemarium.com\/de\/events\/e-bike-latemar-tour\/var\/ri-4.l-L2\",\n\t\t\t\t\"startDate\": \"2026-7-23T17:15+0:00\",\n\t\t\t\t\"endDate\": \"2026-7-23T19:15+0:00\",\n\t\t\t\t\"image\":\"https:\/\/latemarium.com\/wp-content\/uploads\/2023\/06\/e-bike-tour.jpg\", \n\t\t\t\t\"description\":\"<p><strong>Jeden Donnerstag vom 25. Juni bis 3. September 2026<\/strong><\/p> <p>Treffpunkt mit Reisef\u00fchrer Andrea um 17.15 Uhr in Pampeago (an der Liftkasse)<br \/> Dauer: von 17.15 bis 19.15 Uhr<br \/> <em>Maximal 8 Personen.\u00a0<\/em>+16 Jahre<\/p> <p class='p1'>F\u00fcr E-Bike-Begeisterte mit mittlerem Niveau haben wir uns eine Tour zur Entdeckung des Latemars mit atemberaubender Aussicht auf die Umgebung \u00fcberlegt. Es wird eine angenehme Route sein und dank der Tretunterst\u00fctzung k\u00f6nnen Sie den H\u00f6henunterschied bew\u00e4ltigen, der Sie zum Gipfel im Treska-Gebiet f\u00fchrt. Es ist der perfekte Moment des Tages: Der Berg ist leer, Sie k\u00f6nnen die Stille der Natur genie\u00dfen und die Farben der \u201egoldenen Stunde\u201c genie\u00dfen.<br \/> Am Ende Ihrer Tour erwartet Sie im Chalet Caserina ein kleiner \u201eAperitivo\u201c.<br \/> Sie k\u00f6nnen das Fahrrad direkt im Shop von Sport Ventura, direkt unterhalb Ihres Startpunkts, ausleihen.<\/p> <p class='p1'><em>Bei Regen ist keine Aktivit\u00e4t vorgesehen.<\/em><\/p> <p>Klicken Sie <a href='https:\/\/www.visitfiemme.it\/de\/veranstaltungen\/fiemme-cembra-guest-card\/erlebnisse\/erlebnisse-sommer' target='_blank' rel='noopener'>hier<\/a> zum Buchen<\/p> \",\"location\":[{\"@type\":\"Place\",\"name\":\"Pampeago\",\"address\":{\"@type\": \"PostalAddress\",\"streetAddress\":\"Localit\u00e0 Pampeago, 8, 38038 Tesero TN\"}}]}<\/script><\/div>\r\n\t\t\t\t<p class=\"desc_trig_outter\" style=\"\"><a data-gmtrig=\"1\" data-exlk=\"0\" style=\"background-color: #ba181d;\" id=\"evc_17848197002203\" class=\"hasFtIMG event_repeat desc_trig sin_val evcal_list_a\" data-ux_val=\"3\" data-ux_val_mob=\"-\"  ><span class='evoet_c1 evoet_cx '><span class='ev_ftImg' data-img='https:\/\/latemarium.com\/wp-content\/uploads\/2023\/06\/e-bike-tour.jpg' data-thumb='https:\/\/latemarium.com\/wp-content\/uploads\/2023\/06\/e-bike-tour-300x169.jpg' style='background-image:url(\"https:\/\/latemarium.com\/wp-content\/uploads\/2023\/06\/e-bike-tour-300x169.jpg\")' ><\/span><\/span><span class='evoet_c2 evoet_cx '><span class='evoet_dayblock evcal_cblock ' data-bgcolor='#ba181d' data-smon='Juli' data-syr='2026' data-bub=''><span class='evo_start '><em class='date'>23<\/em><em class='month'>Jul<\/em><em class='time'>17:15<\/em><\/span><span class='evo_end only_time'><em class='time'>19:15<\/em><\/span><\/span><\/span><span class='evoet_c3 evoet_cx evcal_desc hide_eventtopdata '><span class='evoet_title evcal_desc2 evcal_event_title ' itemprop='name'>E-Bike Latemar Tour<\/span><span class='event_location_attrs'  data-location_address=\"Localit\u00e0 Pampeago, 8, 38038 Tesero TN\" data-location_type=\"lonlat\" data-location_name=\"Pampeago\" data-location_url=\"https:\/\/latemarium.com\/de\/event-location\/pampeago-de\/\" data-location_status=\"true\" data-latlng=\"46.34343697644898,11.540997527961546\"><\/span><span class='evoet_subtitle evo_below_title' ><span class='evcal_event_subtitle ' >F\u00fcr E-Bike-Begeisterte<\/span><\/span><span class='evoet_time_expand level_3'><em class='evcal_time evo_tz_time'><i class='fa fa-clock-o'><\/i>17:15 - 19:15<span class='evo_tz marl5'>(GMT+02:00)<\/span><\/em> <\/span><span class='evoet_location level_3'><em class=\"evcal_location\"  data-latlng=\"46.34343697644898,11.540997527961546\" data-add_str=\"Localit\u00e0 Pampeago, 8, 38038 Tesero TN\" data-n=\"Pampeago\"><i class=\"fa fa-location-pin\"><\/i><em class=\"event_location_name\">Pampeago<\/em>, Localit\u00e0 Pampeago, 8, 38038 Tesero TN<\/em><\/span><\/span><span class='evoet_data' data-d=\"{&quot;loc.n&quot;:&quot;Pampeago&quot;,&quot;orgs&quot;:[],&quot;tags&quot;:{&quot;repeating&quot;:&quot;Repeating Event&quot;}}\" data-bgc=\"#ba181d\" data-bggrad=\"\" ><\/span><\/a><\/p><div class='event_description evcal_eventcard ' style=\"display:none\"><div class='evocard_row'><div id='event_ftimage' class='evocard_box ftimage' data-c='' \n\t\t\t\t\tstyle=''><div class='evocard_main_image_hold' data-t='Loading Image..'><div class='evocard_main_image evo_img_triglb evobr15 evobgsc evobgpc evodfx evofx_jc_c evofx_ai_c evofz48 minmized' style='height:300px; background-image:url();' data-f=\"https:\/\/latemarium.com\/wp-content\/uploads\/2023\/06\/e-bike-tour.jpg\" data-h=\"675\" data-w=\"1200\" data-ratio=\"0.5625\" data-event_id=\"2203\" data-ri=\"4\"  data-t='Loading Image..'><span style='height:300px; background-image:url(https:\/\/latemarium.com\/wp-content\/uploads\/2023\/06\/e-bike-tour.jpg)'><\/span><\/div><\/div><\/div><\/div><div class='evocard_row'><div id='event_eventdetails' class='evocard_box eventdetails' data-c='' \n\t\t\t\t\tstyle=''><div class='evo_metarow_details evorow evcal_evdata_row evcal_event_details'>\n\t\t<div class=\"event_excerpt\" style=\"display:none\"><h3 class=\"padb5 evo_h3\">Details zur Veranstaltung<\/h3><p>Jeden Donnerstag vom 25. Juni bis 3. September 2026\nTreffpunkt mit Reisef\u00fchrer Andrea um 17.15 Uhr in Pampeago (an der Liftkasse)\nDauer: von 17.15 bis 19.15 Uhr\nMaximal 8 Personen.\u00a0+16 Jahre<\/p><\/div><span class='evcal_evdata_icons'><i class='fa fa-align-justify'><\/i><\/span>\n\t\t\n\t\t<div class='evcal_evdata_cell shorter_desc'>\n\t\t\t<div class='eventon_full_description'>\n\t\t\t\t<h3 class='padb5 evo_h3'><span class='evcal_evdata_icons'><i class='fa fa-align-justify'><\/i><\/span>Details zur Veranstaltung<\/h3>\n\t\t\t\t<div class='eventon_desc_in' itemprop='description'>\n\t\t\t\t<p><strong>Jeden Donnerstag vom 25. Juni bis 3. September 2026<\/strong><\/p>\n<p>Treffpunkt mit Reisef\u00fchrer Andrea um 17.15 Uhr in Pampeago (an der Liftkasse)<br \/>\nDauer: von 17.15 bis 19.15 Uhr<br \/>\n<em>Maximal 8 Personen.\u00a0<\/em>+16 Jahre<\/p>\n<p class=\"p1\">F\u00fcr E-Bike-Begeisterte mit mittlerem Niveau haben wir uns eine Tour zur Entdeckung des Latemars mit atemberaubender Aussicht auf die Umgebung \u00fcberlegt. Es wird eine angenehme Route sein und dank der Tretunterst\u00fctzung k\u00f6nnen Sie den H\u00f6henunterschied bew\u00e4ltigen, der Sie zum Gipfel im Treska-Gebiet f\u00fchrt. Es ist der perfekte Moment des Tages: Der Berg ist leer, Sie k\u00f6nnen die Stille der Natur genie\u00dfen und die Farben der \u201egoldenen Stunde\u201c genie\u00dfen.<br \/>\nAm Ende Ihrer Tour erwartet Sie im Chalet Caserina ein kleiner \u201eAperitivo\u201c.<br \/>\nSie k\u00f6nnen das Fahrrad direkt im Shop von Sport Ventura, direkt unterhalb Ihres Startpunkts, ausleihen.<\/p>\n<p class=\"p1\"><em>Bei Regen ist keine Aktivit\u00e4t vorgesehen.<\/em><\/p>\n<p>Klicken Sie <a href=\"https:\/\/www.visitfiemme.it\/de\/veranstaltungen\/fiemme-cembra-guest-card\/erlebnisse\/erlebnisse-sommer\" target=\"_blank\" rel=\"noopener\">hier<\/a> zum Buchen<\/p>\n<\/div><p class='eventon_shad_p' style='padding:5px 0 0; margin:0'>\n\t\t\t<span class='evcal_btn evo_btn_secondary evobtn_details_show_more' content='less'>\n\t\t\t\t<span class='ev_more_text' data-txt='Weniger'>Mehr<\/span><span class='ev_more_arrow ard'><\/span>\n\t\t\t<\/span>\n\t\t<\/p><div class='clear'><\/div>\n\t\t\t<\/div>\n\t\t<\/div>\n\t<\/div><\/div><\/div><div class='evocard_row bx2 bx'><div id='event_time' class='evocard_box time' data-c='' \n\t\t\t\t\tstyle=''><div class='evo_metarow_time evorow evcal_evdata_row evcal_evrow_sm '>\n\t\t<span class='evcal_evdata_icons'><i class='fa fa-clock'><\/i><\/span>\n\t\t<div class='evcal_evdata_cell'>\t\t\t\t\t\t\t\n\t\t\t<h3 class='evo_h3'><span class='evcal_evdata_icons'><i class='fa fa-clock'><\/i><\/span>Zeitplan<\/h3><p><span class='evo_eventcard_time_t'>23 Juli 2026 17:15 - 19:15<\/span><span class='evo_tz marr5'>(GMT+02:00)<\/span><\/p>\n\t\t<\/div>\n\t<\/div><\/div><div id='event_location' class='evocard_box location' data-c='' \n\t\t\t\t\tstyle=''><div class='evcal_evdata_row evo_metarow_time_location evorow '>\n\t\t\n\t\t\t<span class='evcal_evdata_icons'><i class='fa fa-map-marker'><\/i><\/span>\n\t\t\t<div class='evcal_evdata_cell' data-loc_tax_id='32'><h3 class='evo_h3 evodfx'><span class='evcal_evdata_icons'><i class='fa fa-map-marker'><\/i><\/span>Ort<\/h3><p class='evo_location_name'>Pampeago<\/p><p class='evo_location_address evodfxi evogap10'>Localit\u00e0 Pampeago, 8, 38038 Tesero TN<\/p><div class='padt10'><span class='evo_btn_arr evolb_trigger' data-lbvals=\"{&quot;lbc&quot;:&quot;evo_location_lb_32&quot;,&quot;lbac&quot;:&quot;lb_max&quot;,&quot;t&quot;:&quot;Pampeago&quot;,&quot;ajax&quot;:&quot;yes&quot;,&quot;ajax_type&quot;:&quot;endpoint&quot;,&quot;ajax_action&quot;:&quot;eventon_get_tax_card_content&quot;,&quot;end&quot;:&quot;client&quot;,&quot;d&quot;:{&quot;lang&quot;:&quot;L2&quot;,&quot;term_id&quot;:32,&quot;tax&quot;:&quot;event_location&quot;,&quot;load_lbcontent&quot;:true},&quot;uid&quot;:&quot;eventon_get_tax_card_content&quot;}\" >Other Events<i class='fa fa-chevron-right'><\/i><\/span><\/div><\/div>\n\t\t\n\t<\/div><\/div><\/div><div class='evocard_row'><div id='event_addtocal' class='evocard_box addtocal' data-c='' \n\t\t\t\t\tstyle=''><div class='evo_metarow_ICS evorow evcal_evdata_row'>\n\t\t\t<span class='evcal_evdata_icons'><i class='fa fa-calendar-o'><\/i><\/span>\n\t\t\t<div class='evcal_evdata_cell'>\n\t\t\t\t<p><a href='https:\/\/latemarium.com\/de\/export-events\/2203_4\/?nonce=7b34e59f7d' class='evo_ics_nCal' title='Zu Ihrem Kalender hinzuf\u00fcgen'>Kalender<\/a><a href='https:\/\/www.google.com\/calendar\/event?action=TEMPLATE&text=E-Bike+Latemar+Tour&dates=20260723T151500Z%2F20260723T171500Z&ctz=Europe%2FRome&details=E-Bike Latemar Tour&location=Pampeago+Localit%C3%A0+Pampeago%2C+8%2C+38038+Tesero+TN' target='_blank' class='evo_ics_gCal' title='Zu Google Kalender hinzuf\u00fcgen'>GoogleCal<\/a><\/p>\t\n\t\t\t<\/div>\n\t\t<\/div><\/div><\/div><div class='evocard_row'><div id='event_getdirection' class='evocard_box getdirection' data-c='' \n\t\t\t\t\tstyle=''><div class='evo_metarow_getDr evorow evcal_evdata_row evcal_evrow_sm getdirections'>\n\t\t<form action='https:\/\/maps.google.com\/maps' method='get' target='_blank'>\n\t\t\t<input type='hidden' name='daddr' value=\"Localit\u00e0 Pampeago, 8, 38038 Tesero TN\"\/> \n\t\t\t<div class='evo_get_direction_content evo_fx_dr_r evogap10'>\n\t\t\t\t<span class='evogetdir_header evodfx evofx_dr_r evofx_ai_c marr10'>\n\t\t\t\t\t<i class='mainicon fa fa-road'><\/i> \n\t\t\t\t\t<h3 class='evo_h3' style='padding-bottom:5px;'>Wegbeschreibung abrufen<\/h3>\n\t\t\t\t<\/span>\n\t\t\t\t<span class='evogetdir_field evodfx evofx_1_1 evo_fx_dr_c evow100p'>\t\t\t\t\t\n\t\t\t\t\t<input class='evoInput evotac' type='text' name='saddr' placeholder='&quot;Geben Sie die Adresse ein' value='' style='margin:10px 0;'\/>\n\t\t\t\t<\/span>\n\t\t\t\t<button type='submit' class='evo_get_direction_button evo_btn_arr_circ dfx fx_ai_c' title='&quot;Klicken Sie hier'><i class='fa fa-chevron-right'><\/i> <\/button>\n\t\t\t<\/div>\n\t\t<\/form>\n\t<\/div><\/div><\/div><div class='evo_card_row_end evcal_close' title='Schlie\u00dfen'><\/div><\/div><div class='clear end'><\/div><\/div><div id=\"event_2498_4\" class=\"eventon_list_event evo_eventtop scheduled  event clrW no_et event_2498_4\" data-event_id=\"2498\" data-ri=\"4r\" data-time=\"1784878200-1784930340\" data-colr=\"#6baeff\" itemscope itemtype='http:\/\/schema.org\/Event'><div class=\"evo_event_schema\" style=\"display:none\" ><a itemprop='url'  href='https:\/\/latemarium.com\/de\/events\/respirart-kunst-und-schoenheit-schaffen\/var\/ri-4.l-L2'><\/a><meta itemprop='image' content=\"https:\/\/latemarium.com\/wp-content\/uploads\/2021\/05\/respirart-vita-e-bellezza.jpg\" \/><meta itemprop='startDate' content=\"2026-7-24T09:30+0:00\" \/><meta itemprop='endDate' content=\"2026-7-24T23:59+0:00\" \/><meta itemprop='eventStatus' content=\"https:\/\/schema.org\/EventScheduled\" \/><meta itemprop='eventAttendanceMode'   itemscope itemtype=\"https:\/\/schema.org\/OfflineEventAttendanceMode\"\/><div style=\"display:none\" itemprop=\"location\" itemscope itemtype=\"http:\/\/schema.org\/Place\"><span itemprop=\"name\">Pampeago<\/span><span itemprop=\"address\" itemscope itemtype=\"http:\/\/schema.org\/PostalAddress\"><item itemprop=\"streetAddress\">Localit\u00e0 Pampeago, 8, 38038 Tesero TN<\/item><\/span><\/div><script type=\"application\/ld+json\">{\"@context\": \"http:\/\/schema.org\",\"@type\": \"Event\",\n\t\t\t\t\"@id\": \"event_2498_4\",\n\t\t\t\t\"eventAttendanceMode\":\"https:\/\/schema.org\/OfflineEventAttendanceMode\",\n\t\t\t\t\"eventStatus\":\"https:\/\/schema.org\/EventScheduled\",\n\t\t\t\t\"name\": \"Respirart: Kunst und Sch\u00f6nheit schaffen\",\n\t\t\t\t\"url\": \"https:\/\/latemarium.com\/de\/events\/respirart-kunst-und-schoenheit-schaffen\/var\/ri-4.l-L2\",\n\t\t\t\t\"startDate\": \"2026-7-24T09:30+0:00\",\n\t\t\t\t\"endDate\": \"2026-7-24T23:59+0:00\",\n\t\t\t\t\"image\":\"https:\/\/latemarium.com\/wp-content\/uploads\/2021\/05\/respirart-vita-e-bellezza.jpg\", \n\t\t\t\t\"description\":\"<p><strong>Jeden Freitag vom 26. Juni bis 11. September 2026<\/strong><\/p> <p>RespirArt ist ein Umwelt- und Kunstworkshop f\u00fcr alle, ob jung oder alt. Wir werden Kunstwerke auf spielerische Art und Weise entdecken.<br \/> Treffen Sie sich um 9.30 Uhr am Start des Sessellifts Pampeago-Agnello mit dem Kunstf\u00fchrer, der Ihnen die Samen zum \u00dcberfliegen des RespirArt-Parks gibt. Im Rahmen des Kunst-Workshops werden die Kinder mit nat\u00fcrlichen Materialien kleine Kunstwerke an Land schaffen.<\/p> <p>Reservierung erforderlich.<\/p> <p>Klicken Sie <a href='https:\/\/www.visitfiemme.it\/de\/veranstaltungen\/fiemme-cembra-guest-card\/erlebnisse\/erlebnisse-sommer' target='_blank' rel='noopener'>hier<\/a>, zum Buchen.<\/p> \",\"location\":[{\"@type\":\"Place\",\"name\":\"Pampeago\",\"address\":{\"@type\": \"PostalAddress\",\"streetAddress\":\"Localit\u00e0 Pampeago, 8, 38038 Tesero TN\"}}]}<\/script><\/div>\r\n\t\t\t\t<p class=\"desc_trig_outter\" style=\"\"><a data-gmtrig=\"1\" data-exlk=\"0\" style=\"background-color: #6baeff;\" id=\"evc_17848782002498\" class=\"hasFtIMG event_repeat desc_trig sin_val evcal_list_a\" data-ux_val=\"3\" data-ux_val_mob=\"-\"  ><span class='evoet_c1 evoet_cx '><span class='ev_ftImg' data-img='https:\/\/latemarium.com\/wp-content\/uploads\/2021\/05\/respirart-vita-e-bellezza.jpg' data-thumb='https:\/\/latemarium.com\/wp-content\/uploads\/2021\/05\/respirart-vita-e-bellezza-300x201.jpg' style='background-image:url(\"https:\/\/latemarium.com\/wp-content\/uploads\/2021\/05\/respirart-vita-e-bellezza-300x201.jpg\")' ><\/span><\/span><span class='evoet_c2 evoet_cx '><span class='evoet_dayblock evcal_cblock ' data-bgcolor='#6baeff' data-smon='Juli' data-syr='2026' data-bub=''><span class='evo_start '><em class='date'>24<\/em><em class='month'>Jul<\/em><em class='time'>09:30<\/em><\/span><\/span><\/span><span class='evoet_c3 evoet_cx evcal_desc hide_eventtopdata '><span class='evoet_title evcal_desc2 evcal_event_title ' itemprop='name'>Respirart: Kunst und Sch\u00f6nheit schaffen<\/span><span class='event_location_attrs'  data-location_address=\"Localit\u00e0 Pampeago, 8, 38038 Tesero TN\" data-location_type=\"lonlat\" data-location_name=\"Pampeago\" data-location_url=\"https:\/\/latemarium.com\/de\/event-location\/pampeago-de\/\" data-location_status=\"true\" data-latlng=\"46.34343697644898,11.540997527961546\"><\/span><span class='evoet_subtitle evo_below_title' ><span class='evcal_event_subtitle ' >Kunst-Workshop<\/span><\/span><span class='evoet_time_expand level_3'><em class='evcal_time evo_tz_time'><i class='fa fa-clock-o'><\/i>09:30<span class='evo_tz marl5'>(GMT+02:00)<\/span><\/em> <\/span><span class='evoet_location level_3'><em class=\"evcal_location\"  data-latlng=\"46.34343697644898,11.540997527961546\" data-add_str=\"Localit\u00e0 Pampeago, 8, 38038 Tesero TN\" data-n=\"Pampeago\"><i class=\"fa fa-location-pin\"><\/i><em class=\"event_location_name\">Pampeago<\/em>, Localit\u00e0 Pampeago, 8, 38038 Tesero TN<\/em><\/span><\/span><span class='evoet_data' data-d=\"{&quot;loc.n&quot;:&quot;Pampeago&quot;,&quot;orgs&quot;:[],&quot;tags&quot;:{&quot;repeating&quot;:&quot;Repeating Event&quot;}}\" data-bgc=\"#6baeff\" data-bggrad=\"\" ><\/span><\/a><\/p><div class='event_description evcal_eventcard ' style=\"display:none\"><div class='evocard_row'><div id='event_ftimage' class='evocard_box ftimage' data-c='' \n\t\t\t\t\tstyle=''><div class='evocard_main_image_hold' data-t='Loading Image..'><div class='evocard_main_image evo_img_triglb evobr15 evobgsc evobgpc evodfx evofx_jc_c evofx_ai_c evofz48 minmized' style='height:300px; background-image:url();' data-f=\"https:\/\/latemarium.com\/wp-content\/uploads\/2021\/05\/respirart-vita-e-bellezza.jpg\" data-h=\"602\" data-w=\"899\" data-ratio=\"0.66963292547275\" data-event_id=\"2498\" data-ri=\"4\"  data-t='Loading Image..'><span style='height:300px; background-image:url(https:\/\/latemarium.com\/wp-content\/uploads\/2021\/05\/respirart-vita-e-bellezza.jpg)'><\/span><\/div><\/div><\/div><\/div><div class='evocard_row'><div id='event_eventdetails' class='evocard_box eventdetails' data-c='' \n\t\t\t\t\tstyle=''><div class='evo_metarow_details evorow evcal_evdata_row evcal_event_details'>\n\t\t<div class=\"event_excerpt\" style=\"display:none\"><h3 class=\"padb5 evo_h3\">Details zur Veranstaltung<\/h3><p>Jeden Freitag vom 26. Juni bis 11. September 2026\nRespirArt ist ein Umwelt- und Kunstworkshop f\u00fcr alle, ob jung oder alt. Wir werden Kunstwerke auf spielerische Art und Weise entdecken.\nTreffen<\/p><\/div><span class='evcal_evdata_icons'><i class='fa fa-align-justify'><\/i><\/span>\n\t\t\n\t\t<div class='evcal_evdata_cell shorter_desc'>\n\t\t\t<div class='eventon_full_description'>\n\t\t\t\t<h3 class='padb5 evo_h3'><span class='evcal_evdata_icons'><i class='fa fa-align-justify'><\/i><\/span>Details zur Veranstaltung<\/h3>\n\t\t\t\t<div class='eventon_desc_in' itemprop='description'>\n\t\t\t\t<p><strong>Jeden Freitag vom 26. Juni bis 11. September 2026<\/strong><\/p>\n<p>RespirArt ist ein Umwelt- und Kunstworkshop f\u00fcr alle, ob jung oder alt. Wir werden Kunstwerke auf spielerische Art und Weise entdecken.<br \/>\nTreffen Sie sich um 9.30 Uhr am Start des Sessellifts Pampeago-Agnello mit dem Kunstf\u00fchrer, der Ihnen die Samen zum \u00dcberfliegen des RespirArt-Parks gibt. Im Rahmen des Kunst-Workshops werden die Kinder mit nat\u00fcrlichen Materialien kleine Kunstwerke an Land schaffen.<\/p>\n<p>Reservierung erforderlich.<\/p>\n<p>Klicken Sie <a href=\"https:\/\/www.visitfiemme.it\/de\/veranstaltungen\/fiemme-cembra-guest-card\/erlebnisse\/erlebnisse-sommer\" target=\"_blank\" rel=\"noopener\">hier<\/a>, zum Buchen.<\/p>\n<\/div><p class='eventon_shad_p' style='padding:5px 0 0; margin:0'>\n\t\t\t<span class='evcal_btn evo_btn_secondary evobtn_details_show_more' content='less'>\n\t\t\t\t<span class='ev_more_text' data-txt='Weniger'>Mehr<\/span><span class='ev_more_arrow ard'><\/span>\n\t\t\t<\/span>\n\t\t<\/p><div class='clear'><\/div>\n\t\t\t<\/div>\n\t\t<\/div>\n\t<\/div><\/div><\/div><div class='evocard_row bx2 bx'><div id='event_time' class='evocard_box time' data-c='' \n\t\t\t\t\tstyle=''><div class='evo_metarow_time evorow evcal_evdata_row evcal_evrow_sm '>\n\t\t<span class='evcal_evdata_icons'><i class='fa fa-clock'><\/i><\/span>\n\t\t<div class='evcal_evdata_cell'>\t\t\t\t\t\t\t\n\t\t\t<h3 class='evo_h3'><span class='evcal_evdata_icons'><i class='fa fa-clock'><\/i><\/span>Zeitplan<\/h3><p><span class='evo_eventcard_time_t'>24 Juli 2026 09:30<\/span><span class='evo_tz marr5'>(GMT+02:00)<\/span><\/p>\n\t\t<\/div>\n\t<\/div><\/div><div id='event_location' class='evocard_box location' data-c='' \n\t\t\t\t\tstyle=''><div class='evcal_evdata_row evo_metarow_time_location evorow '>\n\t\t\n\t\t\t<span class='evcal_evdata_icons'><i class='fa fa-map-marker'><\/i><\/span>\n\t\t\t<div class='evcal_evdata_cell' data-loc_tax_id='32'><h3 class='evo_h3 evodfx'><span class='evcal_evdata_icons'><i class='fa fa-map-marker'><\/i><\/span>Ort<\/h3><p class='evo_location_name'>Pampeago<\/p><p class='evo_location_address evodfxi evogap10'>Localit\u00e0 Pampeago, 8, 38038 Tesero TN<\/p><div class='padt10'><span class='evo_btn_arr evolb_trigger' data-lbvals=\"{&quot;lbc&quot;:&quot;evo_location_lb_32&quot;,&quot;lbac&quot;:&quot;lb_max&quot;,&quot;t&quot;:&quot;Pampeago&quot;,&quot;ajax&quot;:&quot;yes&quot;,&quot;ajax_type&quot;:&quot;endpoint&quot;,&quot;ajax_action&quot;:&quot;eventon_get_tax_card_content&quot;,&quot;end&quot;:&quot;client&quot;,&quot;d&quot;:{&quot;lang&quot;:&quot;L2&quot;,&quot;term_id&quot;:32,&quot;tax&quot;:&quot;event_location&quot;,&quot;load_lbcontent&quot;:true},&quot;uid&quot;:&quot;eventon_get_tax_card_content&quot;}\" >Other Events<i class='fa fa-chevron-right'><\/i><\/span><\/div><\/div>\n\t\t\n\t<\/div><\/div><\/div><div class='evocard_row'><div id='event_addtocal' class='evocard_box addtocal' data-c='' \n\t\t\t\t\tstyle=''><div class='evo_metarow_ICS evorow evcal_evdata_row'>\n\t\t\t<span class='evcal_evdata_icons'><i class='fa fa-calendar-o'><\/i><\/span>\n\t\t\t<div class='evcal_evdata_cell'>\n\t\t\t\t<p><a href='https:\/\/latemarium.com\/de\/export-events\/2498_4\/?nonce=7b34e59f7d' class='evo_ics_nCal' title='Zu Ihrem Kalender hinzuf\u00fcgen'>Kalender<\/a><a href='https:\/\/www.google.com\/calendar\/event?action=TEMPLATE&text=Respirart%3A+Kunst+und+Sch%C3%B6nheit+schaffen&dates=20260724T073000Z%2F20260724T215900Z&ctz=Europe%2FRome&details=Respirart: Kunst und Sch\u00f6nheit schaffen&location=Pampeago+Localit%C3%A0+Pampeago%2C+8%2C+38038+Tesero+TN' target='_blank' class='evo_ics_gCal' title='Zu Google Kalender hinzuf\u00fcgen'>GoogleCal<\/a><\/p>\t\n\t\t\t<\/div>\n\t\t<\/div><\/div><\/div><div class='evocard_row'><div id='event_getdirection' class='evocard_box getdirection' data-c='' \n\t\t\t\t\tstyle=''><div class='evo_metarow_getDr evorow evcal_evdata_row evcal_evrow_sm getdirections'>\n\t\t<form action='https:\/\/maps.google.com\/maps' method='get' target='_blank'>\n\t\t\t<input type='hidden' name='daddr' value=\"Localit\u00e0 Pampeago, 8, 38038 Tesero TN\"\/> \n\t\t\t<div class='evo_get_direction_content evo_fx_dr_r evogap10'>\n\t\t\t\t<span class='evogetdir_header evodfx evofx_dr_r evofx_ai_c marr10'>\n\t\t\t\t\t<i class='mainicon fa fa-road'><\/i> \n\t\t\t\t\t<h3 class='evo_h3' style='padding-bottom:5px;'>Wegbeschreibung abrufen<\/h3>\n\t\t\t\t<\/span>\n\t\t\t\t<span class='evogetdir_field evodfx evofx_1_1 evo_fx_dr_c evow100p'>\t\t\t\t\t\n\t\t\t\t\t<input class='evoInput evotac' type='text' name='saddr' placeholder='&quot;Geben Sie die Adresse ein' value='' style='margin:10px 0;'\/>\n\t\t\t\t<\/span>\n\t\t\t\t<button type='submit' class='evo_get_direction_button evo_btn_arr_circ dfx fx_ai_c' title='&quot;Klicken Sie hier'><i class='fa fa-chevron-right'><\/i> <\/button>\n\t\t\t<\/div>\n\t\t<\/form>\n\t<\/div><\/div><\/div><div class='evo_card_row_end evcal_close' title='Schlie\u00dfen'><\/div><\/div><div class='clear end'><\/div><\/div><div id=\"event_2930_0\" class=\"eventon_list_event evo_eventtop scheduled  event clrW no_et event_2930_0\" data-event_id=\"2930\" data-ri=\"0r\" data-time=\"1784966400-1785016740\" data-colr=\"#a69dcd\" itemscope itemtype='http:\/\/schema.org\/Event'><div class=\"evo_event_schema\" style=\"display:none\" ><a itemprop='url'  href='https:\/\/latemarium.com\/de\/events\/forest-bathing\/var\/ri-0.l-L2'><\/a><meta itemprop='image' content=\"https:\/\/latemarium.com\/wp-content\/uploads\/2026\/04\/forest-bathing.jpg\" \/><meta itemprop='startDate' content=\"2026-7-25T10:00+0:00\" \/><meta itemprop='endDate' content=\"2026-7-25T23:59+0:00\" \/><meta itemprop='eventStatus' content=\"https:\/\/schema.org\/EventScheduled\" \/><meta itemprop='eventAttendanceMode'   itemscope itemtype=\"https:\/\/schema.org\/OfflineEventAttendanceMode\"\/><div style=\"display:none\" itemprop=\"location\" itemscope itemtype=\"http:\/\/schema.org\/Place\"><span itemprop=\"name\">Pampeago<\/span><span itemprop=\"address\" itemscope itemtype=\"http:\/\/schema.org\/PostalAddress\"><item itemprop=\"streetAddress\">Localit\u00e0 Pampeago, 8, 38038 Tesero TN<\/item><\/span><\/div><script type=\"application\/ld+json\">{\"@context\": \"http:\/\/schema.org\",\"@type\": \"Event\",\n\t\t\t\t\"@id\": \"event_2930_0\",\n\t\t\t\t\"eventAttendanceMode\":\"https:\/\/schema.org\/OfflineEventAttendanceMode\",\n\t\t\t\t\"eventStatus\":\"https:\/\/schema.org\/EventScheduled\",\n\t\t\t\t\"name\": \"Forest bathing\",\n\t\t\t\t\"url\": \"https:\/\/latemarium.com\/de\/events\/forest-bathing\/var\/ri-0.l-L2\",\n\t\t\t\t\"startDate\": \"2026-7-25T10:00+0:00\",\n\t\t\t\t\"endDate\": \"2026-7-25T23:59+0:00\",\n\t\t\t\t\"image\":\"https:\/\/latemarium.com\/wp-content\/uploads\/2026\/04\/forest-bathing.jpg\", \n\t\t\t\t\"description\":\"<p>Entdecken Sie die alte japanische Praxis, die dazu einl\u00e4dt, zu entschleunigen und sich \u00fcber die f\u00fcnf Sinne wieder mit der Natur zu verbinden \u2013 und dabei die Freude am achtsamen Gehen neu zu entdecken.<\/p> <p>Treffpunkt: Pampeago, am 25.07. und 29.08.<br \/> Uhrzeit: 10.00 \u2013 12.00 Uhr<\/p> <p>Anmeldung erforderlich, click <a href='https:\/\/www.visitfiemme.it\/de\/veranstaltungen\/fiemme-cembra-guest-card\/erlebnisse\/erlebnisse-sommer' target='_blank' rel='noopener'>HIER<\/a><\/p> \",\"location\":[{\"@type\":\"Place\",\"name\":\"Pampeago\",\"address\":{\"@type\": \"PostalAddress\",\"streetAddress\":\"Localit\u00e0 Pampeago, 8, 38038 Tesero TN\"}}]}<\/script><\/div>\r\n\t\t\t\t<p class=\"desc_trig_outter\" style=\"\"><a data-gmap_status=\"null\" data-exlk=\"0\" style=\"background-color: #a69dcd;\" id=\"evc_17849664002930\" class=\"hasFtIMG event_repeat desc_trig sin_val evcal_list_a\" data-ux_val=\"3\" data-ux_val_mob=\"-\"  ><span class='evoet_c1 evoet_cx '><span class='ev_ftImg' data-img='https:\/\/latemarium.com\/wp-content\/uploads\/2026\/04\/forest-bathing.jpg' data-thumb='https:\/\/latemarium.com\/wp-content\/uploads\/2026\/04\/forest-bathing-200x300.jpg' style='background-image:url(\"https:\/\/latemarium.com\/wp-content\/uploads\/2026\/04\/forest-bathing-200x300.jpg\")' ><\/span><\/span><span class='evoet_c2 evoet_cx '><span class='evoet_dayblock evcal_cblock ' data-bgcolor='#a69dcd' data-smon='Juli' data-syr='2026' data-bub=''><span class='evo_start '><em class='date'>25<\/em><em class='month'>Jul<\/em><em class='time'>10:00<\/em><\/span><\/span><\/span><span class='evoet_c3 evoet_cx evcal_desc hide_eventtopdata '><span class='evoet_title evcal_desc2 evcal_event_title ' itemprop='name'>Forest bathing<\/span><span class='event_location_attrs'  data-location_address=\"Localit\u00e0 Pampeago, 8, 38038 Tesero TN\" data-location_type=\"lonlat\" data-location_name=\"Pampeago\" data-location_url=\"https:\/\/latemarium.com\/de\/event-location\/pampeago-de\/\" data-location_status=\"true\" data-latlng=\"46.34343697644898,11.540997527961546\"><\/span><span class='evoet_subtitle evo_below_title' ><span class='evcal_event_subtitle ' >Entdecken Sie die Sch\u00f6nheit des bewussten Gehens in der Natur<\/span><\/span><span class='evoet_time_expand level_3'><em class='evcal_time evo_tz_time'><i class='fa fa-clock-o'><\/i>10:00<span class='evo_tz marl5'>(GMT+02:00)<\/span><\/em> <\/span><span class='evoet_location level_3'><em class=\"evcal_location\"  data-latlng=\"46.34343697644898,11.540997527961546\" data-add_str=\"Localit\u00e0 Pampeago, 8, 38038 Tesero TN\" data-n=\"Pampeago\"><i class=\"fa fa-location-pin\"><\/i><em class=\"event_location_name\">Pampeago<\/em>, Localit\u00e0 Pampeago, 8, 38038 Tesero TN<\/em><\/span><\/span><span class='evoet_data' data-d=\"{&quot;loc.n&quot;:&quot;Pampeago&quot;,&quot;orgs&quot;:[],&quot;tags&quot;:{&quot;repeating&quot;:&quot;Repeating Event&quot;}}\" data-bgc=\"#a69dcd\" data-bggrad=\"\" ><\/span><\/a><\/p><div class='event_description evcal_eventcard ' style=\"display:none\"><div class='evocard_row'><div id='event_ftimage' class='evocard_box ftimage' data-c='' \n\t\t\t\t\tstyle=''><div class='evocard_main_image_hold' data-t='Loading Image..'><div class='evocard_main_image evo_img_triglb evobr15 evobgsc evobgpc evodfx evofx_jc_c evofx_ai_c evofz48 minmized' style='height:300px; background-image:url();' data-f=\"https:\/\/latemarium.com\/wp-content\/uploads\/2026\/04\/forest-bathing.jpg\" data-h=\"1600\" data-w=\"1066\" data-ratio=\"1.5009380863039\" data-event_id=\"2930\" data-ri=\"0\"  data-t='Loading Image..'><span style='height:300px; background-image:url(https:\/\/latemarium.com\/wp-content\/uploads\/2026\/04\/forest-bathing.jpg)'><\/span><\/div><\/div><\/div><\/div><div class='evocard_row'><div id='event_eventdetails' class='evocard_box eventdetails' data-c='' \n\t\t\t\t\tstyle=''><div class='evo_metarow_details evorow evcal_evdata_row evcal_event_details'>\n\t\t<div class=\"event_excerpt\" style=\"display:none\"><h3 class=\"padb5 evo_h3\">Details zur Veranstaltung<\/h3><p>Entdecken Sie die alte japanische Praxis, die dazu einl\u00e4dt, zu entschleunigen und sich \u00fcber die f\u00fcnf Sinne wieder mit der Natur zu verbinden \u2013 und dabei die Freude am achtsamen<\/p><\/div><span class='evcal_evdata_icons'><i class='fa fa-align-justify'><\/i><\/span>\n\t\t\n\t\t<div class='evcal_evdata_cell '>\n\t\t\t<div class='eventon_full_description'>\n\t\t\t\t<h3 class='padb5 evo_h3'><span class='evcal_evdata_icons'><i class='fa fa-align-justify'><\/i><\/span>Details zur Veranstaltung<\/h3>\n\t\t\t\t<div class='eventon_desc_in' itemprop='description'>\n\t\t\t\t<p>Entdecken Sie die alte japanische Praxis, die dazu einl\u00e4dt, zu entschleunigen und sich \u00fcber die f\u00fcnf Sinne wieder mit der Natur zu verbinden \u2013 und dabei die Freude am achtsamen Gehen neu zu entdecken.<\/p>\n<p>Treffpunkt: Pampeago, am 25.07. und 29.08.<br \/>\nUhrzeit: 10.00 \u2013 12.00 Uhr<\/p>\n<p>Anmeldung erforderlich, click <a href=\"https:\/\/www.visitfiemme.it\/de\/veranstaltungen\/fiemme-cembra-guest-card\/erlebnisse\/erlebnisse-sommer\" target=\"_blank\" rel=\"noopener\">HIER<\/a><\/p>\n<\/div><div class='clear'><\/div>\n\t\t\t<\/div>\n\t\t<\/div>\n\t<\/div><\/div><\/div><div class='evocard_row bx2 bx'><div id='event_time' class='evocard_box time' data-c='' \n\t\t\t\t\tstyle=''><div class='evo_metarow_time evorow evcal_evdata_row evcal_evrow_sm '>\n\t\t<span class='evcal_evdata_icons'><i class='fa fa-clock'><\/i><\/span>\n\t\t<div class='evcal_evdata_cell'>\t\t\t\t\t\t\t\n\t\t\t<h3 class='evo_h3'><span class='evcal_evdata_icons'><i class='fa fa-clock'><\/i><\/span>Zeitplan<\/h3><p><span class='evo_eventcard_time_t'>25 Juli 2026 10:00<\/span><span class='evo_tz marr5'>(GMT+02:00)<\/span><\/p>\n\t\t<\/div>\n\t<\/div><\/div><div id='event_location' class='evocard_box location' data-c='' \n\t\t\t\t\tstyle=''><div class='evcal_evdata_row evo_metarow_time_location evorow '>\n\t\t\n\t\t\t<span class='evcal_evdata_icons'><i class='fa fa-map-marker'><\/i><\/span>\n\t\t\t<div class='evcal_evdata_cell' data-loc_tax_id='32'><h3 class='evo_h3 evodfx'><span class='evcal_evdata_icons'><i class='fa fa-map-marker'><\/i><\/span>Ort<\/h3><p class='evo_location_name'>Pampeago<\/p><p class='evo_location_address evodfxi evogap10'>Localit\u00e0 Pampeago, 8, 38038 Tesero TN<\/p><div class='padt10'><span class='evo_btn_arr evolb_trigger' data-lbvals=\"{&quot;lbc&quot;:&quot;evo_location_lb_32&quot;,&quot;lbac&quot;:&quot;lb_max&quot;,&quot;t&quot;:&quot;Pampeago&quot;,&quot;ajax&quot;:&quot;yes&quot;,&quot;ajax_type&quot;:&quot;endpoint&quot;,&quot;ajax_action&quot;:&quot;eventon_get_tax_card_content&quot;,&quot;end&quot;:&quot;client&quot;,&quot;d&quot;:{&quot;lang&quot;:&quot;L2&quot;,&quot;term_id&quot;:32,&quot;tax&quot;:&quot;event_location&quot;,&quot;load_lbcontent&quot;:true},&quot;uid&quot;:&quot;eventon_get_tax_card_content&quot;}\" >Other Events<i class='fa fa-chevron-right'><\/i><\/span><\/div><\/div>\n\t\t\n\t<\/div><\/div><\/div><div class='evocard_row'><div id='event_addtocal' class='evocard_box addtocal' data-c='' \n\t\t\t\t\tstyle=''><div class='evo_metarow_ICS evorow evcal_evdata_row'>\n\t\t\t<span class='evcal_evdata_icons'><i class='fa fa-calendar-o'><\/i><\/span>\n\t\t\t<div class='evcal_evdata_cell'>\n\t\t\t\t<p><a href='https:\/\/latemarium.com\/de\/export-events\/2930_0\/?nonce=7b34e59f7d' class='evo_ics_nCal' title='Zu Ihrem Kalender hinzuf\u00fcgen'>Kalender<\/a><a href='https:\/\/www.google.com\/calendar\/event?action=TEMPLATE&text=Forest+bathing&dates=20260725T080000Z%2F20260725T215900Z&ctz=Europe%2FRome&details=Forest bathing&location=Pampeago+Localit%C3%A0+Pampeago%2C+8%2C+38038+Tesero+TN' target='_blank' class='evo_ics_gCal' title='Zu Google Kalender hinzuf\u00fcgen'>GoogleCal<\/a><\/p>\t\n\t\t\t<\/div>\n\t\t<\/div><\/div><\/div><div class='evocard_row'><div id='event_getdirection' class='evocard_box getdirection' data-c='' \n\t\t\t\t\tstyle=''><div class='evo_metarow_getDr evorow evcal_evdata_row evcal_evrow_sm getdirections'>\n\t\t<form action='https:\/\/maps.google.com\/maps' method='get' target='_blank'>\n\t\t\t<input type='hidden' name='daddr' value=\"Localit\u00e0 Pampeago, 8, 38038 Tesero TN\"\/> \n\t\t\t<div class='evo_get_direction_content evo_fx_dr_r evogap10'>\n\t\t\t\t<span class='evogetdir_header evodfx evofx_dr_r evofx_ai_c marr10'>\n\t\t\t\t\t<i class='mainicon fa fa-road'><\/i> \n\t\t\t\t\t<h3 class='evo_h3' style='padding-bottom:5px;'>Wegbeschreibung abrufen<\/h3>\n\t\t\t\t<\/span>\n\t\t\t\t<span class='evogetdir_field evodfx evofx_1_1 evo_fx_dr_c evow100p'>\t\t\t\t\t\n\t\t\t\t\t<input class='evoInput evotac' type='text' name='saddr' placeholder='&quot;Geben Sie die Adresse ein' value='' style='margin:10px 0;'\/>\n\t\t\t\t<\/span>\n\t\t\t\t<button type='submit' class='evo_get_direction_button evo_btn_arr_circ dfx fx_ai_c' title='&quot;Klicken Sie hier'><i class='fa fa-chevron-right'><\/i> <\/button>\n\t\t\t<\/div>\n\t\t<\/form>\n\t<\/div><\/div><\/div><div class='evo_card_row_end evcal_close' title='Schlie\u00dfen'><\/div><\/div><div class='clear end'><\/div><\/div><div id=\"event_2140_6\" class=\"eventon_list_event evo_eventtop scheduled  event clrD no_et event_2140_6\" data-event_id=\"2140\" data-ri=\"6r\" data-time=\"1785056400-1785103140\" data-colr=\"#006290\" itemscope itemtype='http:\/\/schema.org\/Event'><div class=\"evo_event_schema\" style=\"display:none\" ><a itemprop='url'  href='https:\/\/latemarium.com\/de\/events\/wort-von-nikolaus-drache\/var\/ri-6.l-L2'><\/a><meta itemprop='image' content=\"https:\/\/latemarium.com\/wp-content\/uploads\/2023\/06\/foresta-dei-draghi-6.jpg\" \/><meta itemprop='startDate' content=\"2026-7-26T11:00+0:00\" \/><meta itemprop='endDate' content=\"2026-7-26T23:59+0:00\" \/><meta itemprop='eventStatus' content=\"https:\/\/schema.org\/EventScheduled\" \/><meta itemprop='eventAttendanceMode'   itemscope itemtype=\"https:\/\/schema.org\/OfflineEventAttendanceMode\"\/><script type=\"application\/ld+json\">{\"@context\": \"http:\/\/schema.org\",\"@type\": \"Event\",\n\t\t\t\t\"@id\": \"event_2140_6\",\n\t\t\t\t\"eventAttendanceMode\":\"https:\/\/schema.org\/OfflineEventAttendanceMode\",\n\t\t\t\t\"eventStatus\":\"https:\/\/schema.org\/EventScheduled\",\n\t\t\t\t\"name\": \"Wort von Nikolaus Drache\",\n\t\t\t\t\"url\": \"https:\/\/latemarium.com\/de\/events\/wort-von-nikolaus-drache\/var\/ri-6.l-L2\",\n\t\t\t\t\"startDate\": \"2026-7-26T11:00+0:00\",\n\t\t\t\t\"endDate\": \"2026-7-26T23:59+0:00\",\n\t\t\t\t\"image\":\"https:\/\/latemarium.com\/wp-content\/uploads\/2023\/06\/foresta-dei-draghi-6.jpg\", \n\t\t\t\t\"description\":\"<p>Sie springen, sie rennen, sie krabbeln, sie fliegen! Doch\u2026 sie sind nicht leicht zu sehen! Sie wissen sich gut zu verstecken \u2026 die schuppigen Schleicher! Wer sind sie? Aber die Drachen von Latemar! Einen zu treffen, und sei es nur einer, wird ein wunderbares Erlebnis sein! Ein Wort von Nikolaus Drache.<\/p> <p>Immer sonntags umd montags, vom 5. Juli bis zum 24. August 2026<br \/> bei der Bergstation der Gondelbahn Predazzo \u2013 Gardon\u00e8<br \/> um 11.00 und um 14.45 Uhr<br \/> F\u00fcr Familien mit Kindern ab 2 Jahren geeignet (Dauer: 1h30\u2018)<br \/> Vorstellung auf Italienisch<\/p> <p>&nbsp;<\/p> \"}<\/script><\/div>\r\n\t\t\t\t<p class=\"desc_trig_outter\" style=\"\"><a data-gmap_status=\"null\" data-exlk=\"0\" style=\"background-color: #006290;\" id=\"evc_17850564002140\" class=\"hasFtIMG event_repeat desc_trig sin_val evcal_list_a\" data-ux_val=\"3\" data-ux_val_mob=\"-\"  ><span class='evoet_c1 evoet_cx '><span class='ev_ftImg' data-img='https:\/\/latemarium.com\/wp-content\/uploads\/2023\/06\/foresta-dei-draghi-6.jpg' data-thumb='https:\/\/latemarium.com\/wp-content\/uploads\/2023\/06\/foresta-dei-draghi-6-300x200.jpg' style='background-image:url(\"https:\/\/latemarium.com\/wp-content\/uploads\/2023\/06\/foresta-dei-draghi-6-300x200.jpg\")' ><\/span><\/span><span class='evoet_c2 evoet_cx '><span class='evoet_dayblock evcal_cblock ' data-bgcolor='#006290' data-smon='Juli' data-syr='2026' data-bub=''><span class='evo_start '><em class='date'>26<\/em><em class='month'>Jul<\/em><em class='time'>11:00<\/em><\/span><\/span><\/span><span class='evoet_c3 evoet_cx evcal_desc hide_eventtopdata '><span class='evoet_title evcal_desc2 evcal_event_title ' itemprop='name'>Wort von Nikolaus Drache<\/span><span class='event_location_attrs' data-location_type=\"lonlat\" data-location_name=\"Seilbahn Ankunft Predazzo-Gardon\u00e8\" data-location_url=\"https:\/\/latemarium.com\/de\/event-location\/seilbahn-ankunft-predazzo-gardone\/\" data-location_status=\"true\" data-latlng=\"46.32878794406342,11.600176728690842\"><\/span><span class='evoet_subtitle evo_below_title' ><span class='evcal_event_subtitle ' >DER DRACHENWALD<\/span><\/span><span class='evoet_time_expand level_3'><em class='evcal_time evo_tz_time'><i class='fa fa-clock-o'><\/i>11:00<span class='evo_tz marl5'>(GMT+02:00)<\/span><\/em> <\/span><span class='evoet_location level_3'><em class=\"evcal_location\"  data-latlng=\"46.32878794406342,11.600176728690842\" data-add_str=\"\" data-n=\"Seilbahn Ankunft Predazzo-Gardon\u00e8\"><i class=\"fa fa-location-pin\"><\/i><em class=\"event_location_name\">Seilbahn Ankunft Predazzo-Gardon\u00e8<\/em><\/em><\/span><\/span><span class='evoet_data' data-d=\"{&quot;loc.n&quot;:&quot;Seilbahn Ankunft Predazzo-Gardon\\u00e8&quot;,&quot;orgs&quot;:[],&quot;tags&quot;:{&quot;repeating&quot;:&quot;Repeating Event&quot;}}\" data-bgc=\"#006290\" data-bggrad=\"\" ><\/span><\/a><\/p><div class='event_description evcal_eventcard ' style=\"display:none\"><div class='evocard_row'><div id='event_ftimage' class='evocard_box ftimage' data-c='' \n\t\t\t\t\tstyle=''><div class='evocard_main_image_hold' data-t='Loading Image..'><div class='evocard_main_image evo_img_triglb evobr15 evobgsc evobgpc evodfx evofx_jc_c evofx_ai_c evofz48 minmized' style='height:300px; background-image:url();' data-f=\"https:\/\/latemarium.com\/wp-content\/uploads\/2023\/06\/foresta-dei-draghi-6.jpg\" data-h=\"800\" data-w=\"1200\" data-ratio=\"0.66666666666667\" data-event_id=\"2140\" data-ri=\"6\"  data-t='Loading Image..'><span style='height:300px; background-image:url(https:\/\/latemarium.com\/wp-content\/uploads\/2023\/06\/foresta-dei-draghi-6.jpg)'><\/span><\/div><\/div><\/div><\/div><div class='evocard_row'><div id='event_eventdetails' class='evocard_box eventdetails' data-c='' \n\t\t\t\t\tstyle=''><div class='evo_metarow_details evorow evcal_evdata_row evcal_event_details'>\n\t\t<div class=\"event_excerpt\" style=\"display:none\"><h3 class=\"padb5 evo_h3\">Details zur Veranstaltung<\/h3><p>Sie springen, sie rennen, sie krabbeln, sie fliegen! Doch\u2026 sie sind nicht leicht zu sehen! Sie wissen sich gut zu verstecken \u2026 die schuppigen Schleicher! Wer sind sie? Aber die<\/p><\/div><span class='evcal_evdata_icons'><i class='fa fa-align-justify'><\/i><\/span>\n\t\t\n\t\t<div class='evcal_evdata_cell '>\n\t\t\t<div class='eventon_full_description'>\n\t\t\t\t<h3 class='padb5 evo_h3'><span class='evcal_evdata_icons'><i class='fa fa-align-justify'><\/i><\/span>Details zur Veranstaltung<\/h3>\n\t\t\t\t<div class='eventon_desc_in' itemprop='description'>\n\t\t\t\t<p>Sie springen, sie rennen, sie krabbeln, sie fliegen! Doch\u2026 sie sind nicht leicht zu sehen! Sie wissen sich gut zu verstecken \u2026 die schuppigen Schleicher! Wer sind sie? Aber die Drachen von Latemar! Einen zu treffen, und sei es nur einer, wird ein wunderbares Erlebnis sein! Ein Wort von Nikolaus Drache.<\/p>\n<p>Immer sonntags umd montags, vom 5. Juli bis zum 24. August 2026<br \/>\nbei der Bergstation der Gondelbahn Predazzo \u2013 Gardon\u00e8<br \/>\num 11.00 und um 14.45 Uhr<br \/>\nF\u00fcr Familien mit Kindern ab 2 Jahren geeignet (Dauer: 1h30\u2018)<br \/>\nVorstellung auf Italienisch<\/p>\n<p>&nbsp;<\/p>\n<\/div><div class='clear'><\/div>\n\t\t\t<\/div>\n\t\t<\/div>\n\t<\/div><\/div><\/div><div class='evocard_row bx2 bx'><div id='event_time' class='evocard_box time' data-c='' \n\t\t\t\t\tstyle=''><div class='evo_metarow_time evorow evcal_evdata_row evcal_evrow_sm '>\n\t\t<span class='evcal_evdata_icons'><i class='fa fa-clock'><\/i><\/span>\n\t\t<div class='evcal_evdata_cell'>\t\t\t\t\t\t\t\n\t\t\t<h3 class='evo_h3'><span class='evcal_evdata_icons'><i class='fa fa-clock'><\/i><\/span>Zeitplan<\/h3><p><span class='evo_eventcard_time_t'>26 Juli 2026 11:00<\/span><span class='evo_tz marr5'>(GMT+02:00)<\/span><\/p>\n\t\t<\/div>\n\t<\/div><\/div><div id='event_location' class='evocard_box location' data-c='' \n\t\t\t\t\tstyle=''><div class='evcal_evdata_row evo_metarow_time_location evorow '>\n\t\t\n\t\t\t<span class='evcal_evdata_icons'><i class='fa fa-map-marker'><\/i><\/span>\n\t\t\t<div class='evcal_evdata_cell' data-loc_tax_id='36'><h3 class='evo_h3 evodfx'><span class='evcal_evdata_icons'><i class='fa fa-map-marker'><\/i><\/span>Ort<\/h3><p class='evo_location_name'>Seilbahn Ankunft Predazzo-Gardon\u00e8<\/p><div class='padt10'><span class='evo_btn_arr evolb_trigger' data-lbvals=\"{&quot;lbc&quot;:&quot;evo_location_lb_36&quot;,&quot;lbac&quot;:&quot;lb_max&quot;,&quot;t&quot;:&quot;Seilbahn Ankunft Predazzo-Gardon\\u00e8&quot;,&quot;ajax&quot;:&quot;yes&quot;,&quot;ajax_type&quot;:&quot;endpoint&quot;,&quot;ajax_action&quot;:&quot;eventon_get_tax_card_content&quot;,&quot;end&quot;:&quot;client&quot;,&quot;d&quot;:{&quot;lang&quot;:&quot;L2&quot;,&quot;term_id&quot;:36,&quot;tax&quot;:&quot;event_location&quot;,&quot;load_lbcontent&quot;:true},&quot;uid&quot;:&quot;eventon_get_tax_card_content&quot;}\" >Other Events<i class='fa fa-chevron-right'><\/i><\/span><\/div><\/div>\n\t\t\n\t<\/div><\/div><\/div><div class='evocard_row bx2 bx'><div id='event_learnmore' class='evocard_box learnmore' data-c='' \n\t\t\t\t\tstyle=''><div class='evo_metarow_learnM evo_metarow_learnmore evorow'>\n\t\t\t\t\t\t\t<a class='evcal_evdata_row evo_clik_row ' href='https:\/\/www.montagnanimata.it\/de\/spektakel\/' target=\"_blank\">\n\t\t\t\t\t\t\t\t<span class='evcal_evdata_icons'><i class='fa fa-link'><\/i><\/span>\n\t\t\t\t\t\t\t\t<h3 class='evo_h3'>Entdecke mehr<\/h3>\n\t\t\t\t\t\t\t<\/a>\n\t\t\t\t\t\t\t<\/div><\/div><div id='event_addtocal' class='evocard_box addtocal' data-c='' \n\t\t\t\t\tstyle=''><div class='evo_metarow_ICS evorow evcal_evdata_row'>\n\t\t\t<span class='evcal_evdata_icons'><i class='fa fa-calendar-o'><\/i><\/span>\n\t\t\t<div class='evcal_evdata_cell'>\n\t\t\t\t<p><a href='https:\/\/latemarium.com\/de\/export-events\/2140_6\/?nonce=7b34e59f7d' class='evo_ics_nCal' title='Zu Ihrem Kalender hinzuf\u00fcgen'>Kalender<\/a><a href='https:\/\/www.google.com\/calendar\/event?action=TEMPLATE&text=Wort+von+Nikolaus+Drache&dates=20260726T090000Z%2F20260726T215900Z&ctz=Europe%2FRome&details=Wort von Nikolaus Drache&location=Seilbahn+Ankunft+Predazzo-Gardon%C3%A8' target='_blank' class='evo_ics_gCal' title='Zu Google Kalender hinzuf\u00fcgen'>GoogleCal<\/a><\/p>\t\n\t\t\t<\/div>\n\t\t<\/div><\/div><\/div><div class='evocard_row'><div id='event_getdirection' class='evocard_box getdirection' data-c='' \n\t\t\t\t\tstyle=''><div class='evo_metarow_getDr evorow evcal_evdata_row evcal_evrow_sm getdirections'>\n\t\t<form action='https:\/\/maps.google.com\/maps' method='get' target='_blank'>\n\t\t\t<input type='hidden' name='daddr' value=\"46.32878794406342,11.600176728690842\"\/> \n\t\t\t<div class='evo_get_direction_content evo_fx_dr_r evogap10'>\n\t\t\t\t<span class='evogetdir_header evodfx evofx_dr_r evofx_ai_c marr10'>\n\t\t\t\t\t<i class='mainicon fa fa-road'><\/i> \n\t\t\t\t\t<h3 class='evo_h3' style='padding-bottom:5px;'>Wegbeschreibung abrufen<\/h3>\n\t\t\t\t<\/span>\n\t\t\t\t<span class='evogetdir_field evodfx evofx_1_1 evo_fx_dr_c evow100p'>\t\t\t\t\t\n\t\t\t\t\t<input class='evoInput evotac' type='text' name='saddr' placeholder='&quot;Geben Sie die Adresse ein' value='' style='margin:10px 0;'\/>\n\t\t\t\t<\/span>\n\t\t\t\t<button type='submit' class='evo_get_direction_button evo_btn_arr_circ dfx fx_ai_c' title='&quot;Klicken Sie hier'><i class='fa fa-chevron-right'><\/i> <\/button>\n\t\t\t<\/div>\n\t\t<\/form>\n\t<\/div><\/div><\/div><div class='evo_card_row_end evcal_close' title='Schlie\u00dfen'><\/div><\/div><div class='clear end'><\/div><\/div><div id=\"event_2154_9\" class=\"eventon_list_event evo_eventtop scheduled  event clrW no_et event_2154_9\" data-event_id=\"2154\" data-ri=\"9r\" data-time=\"1785072000-1785103140\" data-colr=\"#b8d989\" itemscope itemtype='http:\/\/schema.org\/Event'><div class=\"evo_event_schema\" style=\"display:none\" ><a itemprop='url'  href='https:\/\/latemarium.com\/de\/events\/die-geraeusche-und-das-leben-der-malga\/var\/ri-9.l-L2'><\/a><meta itemprop='image' content=\"https:\/\/latemarium.com\/wp-content\/uploads\/2023\/06\/suoni-vita-malga.jpg\" \/><meta itemprop='startDate' content=\"2026-7-26T15:20+0:00\" \/><meta itemprop='endDate' content=\"2026-7-26T23:59+0:00\" \/><meta itemprop='eventStatus' content=\"https:\/\/schema.org\/EventScheduled\" \/><meta itemprop='eventAttendanceMode'   itemscope itemtype=\"https:\/\/schema.org\/OfflineEventAttendanceMode\"\/><div style=\"display:none\" itemprop=\"location\" itemscope itemtype=\"http:\/\/schema.org\/Place\"><span itemprop=\"name\">Pampeago<\/span><span itemprop=\"address\" itemscope itemtype=\"http:\/\/schema.org\/PostalAddress\"><item itemprop=\"streetAddress\">Localit\u00e0 Pampeago, 8, 38038 Tesero TN<\/item><\/span><\/div><script type=\"application\/ld+json\">{\"@context\": \"http:\/\/schema.org\",\"@type\": \"Event\",\n\t\t\t\t\"@id\": \"event_2154_9\",\n\t\t\t\t\"eventAttendanceMode\":\"https:\/\/schema.org\/OfflineEventAttendanceMode\",\n\t\t\t\t\"eventStatus\":\"https:\/\/schema.org\/EventScheduled\",\n\t\t\t\t\"name\": \"Die Ger\u00e4usche und das Leben der Malga\",\n\t\t\t\t\"url\": \"https:\/\/latemarium.com\/de\/events\/die-geraeusche-und-das-leben-der-malga\/var\/ri-9.l-L2\",\n\t\t\t\t\"startDate\": \"2026-7-26T15:20+0:00\",\n\t\t\t\t\"endDate\": \"2026-7-26T23:59+0:00\",\n\t\t\t\t\"image\":\"https:\/\/latemarium.com\/wp-content\/uploads\/2023\/06\/suoni-vita-malga.jpg\", \n\t\t\t\t\"description\":\"<p>Treffpunkt am Parkplatz des Tresca-Sessellifts (mit dem Auto von Pampeago erreichbar &#8211; NUR f\u00fcr diejenigen, die die Aktivit\u00e4t buchen).<\/p> <p>Nach einem kurzen Spaziergang zur Malga Pampeago entdecken Kinder und Eltern zwischen K\u00fchen, K\u00e4lbern, Eseln und Schweinen den Alltag und die Ger\u00e4usche, die das Leben der Hirten pr\u00e4gen.<\/p> <p>Am Ende der Aktivit\u00e4t gibt es einen kleinen Snack, den die Kinder genie\u00dfen oder mit nach Hause nehmen k\u00f6nnen.<\/p> <p>Aktivit\u00e4t auch mit Kinderwagen m\u00f6glich. <a href='https:\/\/www.visitfiemme.it\/de\/veranstaltungen\/fiemme-cembra-guest-card\/erlebnisse\/erlebnisse-sommer' target='_blank' rel='noopener'>Reservierung erforderlich<\/a>.<\/p> \",\"location\":[{\"@type\":\"Place\",\"name\":\"Pampeago\",\"address\":{\"@type\": \"PostalAddress\",\"streetAddress\":\"Localit\u00e0 Pampeago, 8, 38038 Tesero TN\"}}]}<\/script><\/div>\r\n\t\t\t\t<p class=\"desc_trig_outter\" style=\"\"><a data-gmap_status=\"null\" data-exlk=\"0\" style=\"background-color: #b8d989;\" id=\"evc_17850720002154\" class=\"hasFtIMG event_repeat desc_trig sin_val evcal_list_a\" data-ux_val=\"3\" data-ux_val_mob=\"-\"  ><span class='evoet_c1 evoet_cx '><span class='ev_ftImg' data-img='https:\/\/latemarium.com\/wp-content\/uploads\/2023\/06\/suoni-vita-malga.jpg' data-thumb='https:\/\/latemarium.com\/wp-content\/uploads\/2023\/06\/suoni-vita-malga-300x225.jpg' style='background-image:url(\"https:\/\/latemarium.com\/wp-content\/uploads\/2023\/06\/suoni-vita-malga-300x225.jpg\")' ><\/span><\/span><span class='evoet_c2 evoet_cx '><span class='evoet_dayblock evcal_cblock ' data-bgcolor='#b8d989' data-smon='Juli' data-syr='2026' data-bub=''><span class='evo_start '><em class='date'>26<\/em><em class='month'>Jul<\/em><em class='time'>15:20<\/em><\/span><\/span><\/span><span class='evoet_c3 evoet_cx evcal_desc hide_eventtopdata '><span class='evoet_title evcal_desc2 evcal_event_title ' itemprop='name'>Die Ger\u00e4usche und das Leben der Malga<\/span><span class='event_location_attrs'  data-location_address=\"Localit\u00e0 Pampeago, 8, 38038 Tesero TN\" data-location_type=\"lonlat\" data-location_name=\"Pampeago\" data-location_url=\"https:\/\/latemarium.com\/de\/event-location\/pampeago-de\/\" data-location_status=\"true\" data-latlng=\"46.34343697644898,11.540997527961546\"><\/span><span class='evoet_subtitle evo_below_title' ><\/span><span class='evoet_time_expand level_3'><em class='evcal_time evo_tz_time'><i class='fa fa-clock-o'><\/i>15:20<span class='evo_tz marl5'>(GMT+02:00)<\/span><\/em> <\/span><span class='evoet_location level_3'><em class=\"evcal_location\"  data-latlng=\"46.34343697644898,11.540997527961546\" data-add_str=\"Localit\u00e0 Pampeago, 8, 38038 Tesero TN\" data-n=\"Pampeago\"><i class=\"fa fa-location-pin\"><\/i><em class=\"event_location_name\">Pampeago<\/em>, Localit\u00e0 Pampeago, 8, 38038 Tesero TN<\/em><\/span><\/span><span class='evoet_data' data-d=\"{&quot;loc.n&quot;:&quot;Pampeago&quot;,&quot;orgs&quot;:[],&quot;tags&quot;:{&quot;repeating&quot;:&quot;Repeating Event&quot;}}\" data-bgc=\"#b8d989\" data-bggrad=\"\" ><\/span><\/a><\/p><div class='event_description evcal_eventcard ' style=\"display:none\"><div class='evocard_row'><div id='event_ftimage' class='evocard_box ftimage' data-c='' \n\t\t\t\t\tstyle=''><div class='evocard_main_image_hold' data-t='Loading Image..'><div class='evocard_main_image evo_img_triglb evobr15 evobgsc evobgpc evodfx evofx_jc_c evofx_ai_c evofz48 minmized' style='height:300px; background-image:url();' data-f=\"https:\/\/latemarium.com\/wp-content\/uploads\/2023\/06\/suoni-vita-malga.jpg\" data-h=\"796\" data-w=\"1062\" data-ratio=\"0.74952919020716\" data-event_id=\"2154\" data-ri=\"9\"  data-t='Loading Image..'><span style='height:300px; background-image:url(https:\/\/latemarium.com\/wp-content\/uploads\/2023\/06\/suoni-vita-malga.jpg)'><\/span><\/div><\/div><\/div><\/div><div class='evocard_row'><div id='event_eventdetails' class='evocard_box eventdetails' data-c='' \n\t\t\t\t\tstyle=''><div class='evo_metarow_details evorow evcal_evdata_row evcal_event_details'>\n\t\t<div class=\"event_excerpt\" style=\"display:none\"><h3 class=\"padb5 evo_h3\">Details zur Veranstaltung<\/h3><p>Treffpunkt am Parkplatz des Tresca-Sessellifts (mit dem Auto von Pampeago erreichbar &#8211; NUR f\u00fcr diejenigen, die die Aktivit\u00e4t buchen).\nNach einem kurzen Spaziergang zur Malga Pampeago entdecken Kinder und Eltern zwischen<\/p><\/div><span class='evcal_evdata_icons'><i class='fa fa-align-justify'><\/i><\/span>\n\t\t\n\t\t<div class='evcal_evdata_cell shorter_desc'>\n\t\t\t<div class='eventon_full_description'>\n\t\t\t\t<h3 class='padb5 evo_h3'><span class='evcal_evdata_icons'><i class='fa fa-align-justify'><\/i><\/span>Details zur Veranstaltung<\/h3>\n\t\t\t\t<div class='eventon_desc_in' itemprop='description'>\n\t\t\t\t<p>Treffpunkt am Parkplatz des Tresca-Sessellifts (mit dem Auto von Pampeago erreichbar &#8211; NUR f\u00fcr diejenigen, die die Aktivit\u00e4t buchen).<\/p>\n<p>Nach einem kurzen Spaziergang zur Malga Pampeago entdecken Kinder und Eltern zwischen K\u00fchen, K\u00e4lbern, Eseln und Schweinen den Alltag und die Ger\u00e4usche, die das Leben der Hirten pr\u00e4gen.<\/p>\n<p>Am Ende der Aktivit\u00e4t gibt es einen kleinen Snack, den die Kinder genie\u00dfen oder mit nach Hause nehmen k\u00f6nnen.<\/p>\n<p>Aktivit\u00e4t auch mit Kinderwagen m\u00f6glich. <a href=\"https:\/\/www.visitfiemme.it\/de\/veranstaltungen\/fiemme-cembra-guest-card\/erlebnisse\/erlebnisse-sommer\" target=\"_blank\" rel=\"noopener\">Reservierung erforderlich<\/a>.<\/p>\n<\/div><p class='eventon_shad_p' style='padding:5px 0 0; margin:0'>\n\t\t\t<span class='evcal_btn evo_btn_secondary evobtn_details_show_more' content='less'>\n\t\t\t\t<span class='ev_more_text' data-txt='Weniger'>Mehr<\/span><span class='ev_more_arrow ard'><\/span>\n\t\t\t<\/span>\n\t\t<\/p><div class='clear'><\/div>\n\t\t\t<\/div>\n\t\t<\/div>\n\t<\/div><\/div><\/div><div class='evocard_row bx2 bx'><div id='event_time' class='evocard_box time' data-c='' \n\t\t\t\t\tstyle=''><div class='evo_metarow_time evorow evcal_evdata_row evcal_evrow_sm '>\n\t\t<span class='evcal_evdata_icons'><i class='fa fa-clock'><\/i><\/span>\n\t\t<div class='evcal_evdata_cell'>\t\t\t\t\t\t\t\n\t\t\t<h3 class='evo_h3'><span class='evcal_evdata_icons'><i class='fa fa-clock'><\/i><\/span>Zeitplan<\/h3><p><span class='evo_eventcard_time_t'>26 Juli 2026 15:20<\/span><span class='evo_tz marr5'>(GMT+02:00)<\/span><\/p>\n\t\t<\/div>\n\t<\/div><\/div><div id='event_location' class='evocard_box location' data-c='' \n\t\t\t\t\tstyle=''><div class='evcal_evdata_row evo_metarow_time_location evorow '>\n\t\t\n\t\t\t<span class='evcal_evdata_icons'><i class='fa fa-map-marker'><\/i><\/span>\n\t\t\t<div class='evcal_evdata_cell' data-loc_tax_id='32'><h3 class='evo_h3 evodfx'><span class='evcal_evdata_icons'><i class='fa fa-map-marker'><\/i><\/span>Ort<\/h3><p class='evo_location_name'>Pampeago<\/p><p class='evo_location_address evodfxi evogap10'>Localit\u00e0 Pampeago, 8, 38038 Tesero TN<\/p><div class='padt10'><span class='evo_btn_arr evolb_trigger' data-lbvals=\"{&quot;lbc&quot;:&quot;evo_location_lb_32&quot;,&quot;lbac&quot;:&quot;lb_max&quot;,&quot;t&quot;:&quot;Pampeago&quot;,&quot;ajax&quot;:&quot;yes&quot;,&quot;ajax_type&quot;:&quot;endpoint&quot;,&quot;ajax_action&quot;:&quot;eventon_get_tax_card_content&quot;,&quot;end&quot;:&quot;client&quot;,&quot;d&quot;:{&quot;lang&quot;:&quot;L2&quot;,&quot;term_id&quot;:32,&quot;tax&quot;:&quot;event_location&quot;,&quot;load_lbcontent&quot;:true},&quot;uid&quot;:&quot;eventon_get_tax_card_content&quot;}\" >Other Events<i class='fa fa-chevron-right'><\/i><\/span><\/div><\/div>\n\t\t\n\t<\/div><\/div><\/div><div class='evocard_row'><div id='event_addtocal' class='evocard_box addtocal' data-c='' \n\t\t\t\t\tstyle=''><div class='evo_metarow_ICS evorow evcal_evdata_row'>\n\t\t\t<span class='evcal_evdata_icons'><i class='fa fa-calendar-o'><\/i><\/span>\n\t\t\t<div class='evcal_evdata_cell'>\n\t\t\t\t<p><a href='https:\/\/latemarium.com\/de\/export-events\/2154_9\/?nonce=7b34e59f7d' class='evo_ics_nCal' title='Zu Ihrem Kalender hinzuf\u00fcgen'>Kalender<\/a><a href='https:\/\/www.google.com\/calendar\/event?action=TEMPLATE&text=Die+Ger%C3%A4usche+und+das+Leben+der+Malga&dates=20260726T132000Z%2F20260726T215900Z&ctz=Europe%2FRome&details=Die Ger\u00e4usche und das Leben der Malga&location=Pampeago+Localit%C3%A0+Pampeago%2C+8%2C+38038+Tesero+TN' target='_blank' class='evo_ics_gCal' title='Zu Google Kalender hinzuf\u00fcgen'>GoogleCal<\/a><\/p>\t\n\t\t\t<\/div>\n\t\t<\/div><\/div><\/div><div class='evocard_row'><div id='event_getdirection' class='evocard_box getdirection' data-c='' \n\t\t\t\t\tstyle=''><div class='evo_metarow_getDr evorow evcal_evdata_row evcal_evrow_sm getdirections'>\n\t\t<form action='https:\/\/maps.google.com\/maps' method='get' target='_blank'>\n\t\t\t<input type='hidden' name='daddr' value=\"Localit\u00e0 Pampeago, 8, 38038 Tesero TN\"\/> \n\t\t\t<div class='evo_get_direction_content evo_fx_dr_r evogap10'>\n\t\t\t\t<span class='evogetdir_header evodfx evofx_dr_r evofx_ai_c marr10'>\n\t\t\t\t\t<i class='mainicon fa fa-road'><\/i> \n\t\t\t\t\t<h3 class='evo_h3' style='padding-bottom:5px;'>Wegbeschreibung abrufen<\/h3>\n\t\t\t\t<\/span>\n\t\t\t\t<span class='evogetdir_field evodfx evofx_1_1 evo_fx_dr_c evow100p'>\t\t\t\t\t\n\t\t\t\t\t<input class='evoInput evotac' type='text' name='saddr' placeholder='&quot;Geben Sie die Adresse ein' value='' style='margin:10px 0;'\/>\n\t\t\t\t<\/span>\n\t\t\t\t<button type='submit' class='evo_get_direction_button evo_btn_arr_circ dfx fx_ai_c' title='&quot;Klicken Sie hier'><i class='fa fa-chevron-right'><\/i> <\/button>\n\t\t\t<\/div>\n\t\t<\/form>\n\t<\/div><\/div><\/div><div class='evo_card_row_end evcal_close' title='Schlie\u00dfen'><\/div><\/div><div class='clear end'><\/div><\/div><div id=\"event_2116_4\" class=\"eventon_list_event evo_eventtop scheduled  event clrW no_et event_2116_4\" data-event_id=\"2116\" data-ri=\"4r\" data-time=\"1785137400-1785189540\" data-colr=\"#ffa024\" itemscope itemtype='http:\/\/schema.org\/Event'><div class=\"evo_event_schema\" style=\"display:none\" ><a itemprop='url'  href='https:\/\/latemarium.com\/de\/events\/geotrekking-monte-agnello\/var\/ri-4.l-L2'><\/a><meta itemprop='image' content=\"https:\/\/latemarium.com\/wp-content\/uploads\/2023\/06\/geotrail-monte-agnello.jpg\" \/><meta itemprop='startDate' content=\"2026-7-27T09:30+0:00\" \/><meta itemprop='endDate' content=\"2026-7-27T23:59+0:00\" \/><meta itemprop='eventStatus' content=\"https:\/\/schema.org\/EventScheduled\" \/><meta itemprop='eventAttendanceMode'   itemscope itemtype=\"https:\/\/schema.org\/OfflineEventAttendanceMode\"\/><div style=\"display:none\" itemprop=\"location\" itemscope itemtype=\"http:\/\/schema.org\/Place\"><span itemprop=\"name\">Bergh\u00fctte Monte Agnello<\/span><span itemprop=\"address\" itemscope itemtype=\"http:\/\/schema.org\/PostalAddress\"><item itemprop=\"streetAddress\">Loc. Pampeago, 9, 38038 Tesero TN<\/item><\/span><\/div><script type=\"application\/ld+json\">{\"@context\": \"http:\/\/schema.org\",\"@type\": \"Event\",\n\t\t\t\t\"@id\": \"event_2116_4\",\n\t\t\t\t\"eventAttendanceMode\":\"https:\/\/schema.org\/OfflineEventAttendanceMode\",\n\t\t\t\t\"eventStatus\":\"https:\/\/schema.org\/EventScheduled\",\n\t\t\t\t\"name\": \"Geotrekking Monte Agnello\",\n\t\t\t\t\"url\": \"https:\/\/latemarium.com\/de\/events\/geotrekking-monte-agnello\/var\/ri-4.l-L2\",\n\t\t\t\t\"startDate\": \"2026-7-27T09:30+0:00\",\n\t\t\t\t\"endDate\": \"2026-7-27T23:59+0:00\",\n\t\t\t\t\"image\":\"https:\/\/latemarium.com\/wp-content\/uploads\/2023\/06\/geotrail-monte-agnello.jpg\", \n\t\t\t\t\"description\":\"<p>Malerische geologische Route zur Entdeckung des antiken Vulkans Predazzo, gef\u00fchrt von einem erfahrenen Geologen und Medienbergf\u00fchrer.<\/p> <p>Ein Spaziergang auf den Spuren des Trias-Pompeji von Monte Agnello, wo Lava, Asche und Lapilli ein altes tropisches Atoll begruben.<\/p> <p>Die Route ist einfach, mit gut begehbaren Wegen, H\u00f6henunterschied ca. 350 Meter. Kostenlose Aktivit\u00e4t.<\/p> \",\"location\":[{\"@type\":\"Place\",\"name\":\"Bergh\u00fctte Monte Agnello\",\"address\":{\"@type\": \"PostalAddress\",\"streetAddress\":\"Loc. Pampeago, 9, 38038 Tesero TN\"}}]}<\/script><\/div>\r\n\t\t\t\t<p class=\"desc_trig_outter\" style=\"\"><a data-gmap_status=\"null\" data-exlk=\"0\" style=\"background-color: #ffa024;\" id=\"evc_17851374002116\" class=\"hasFtIMG event_repeat desc_trig sin_val evcal_list_a\" data-ux_val=\"3\" data-ux_val_mob=\"-\"  ><span class='evoet_c1 evoet_cx '><span class='ev_ftImg' data-img='https:\/\/latemarium.com\/wp-content\/uploads\/2023\/06\/geotrail-monte-agnello.jpg' data-thumb='https:\/\/latemarium.com\/wp-content\/uploads\/2023\/06\/geotrail-monte-agnello-300x240.jpg' style='background-image:url(\"https:\/\/latemarium.com\/wp-content\/uploads\/2023\/06\/geotrail-monte-agnello-300x240.jpg\")' ><\/span><\/span><span class='evoet_c2 evoet_cx '><span class='evoet_dayblock evcal_cblock ' data-bgcolor='#ffa024' data-smon='Juli' data-syr='2026' data-bub=''><span class='evo_start '><em class='date'>27<\/em><em class='month'>Jul<\/em><em class='time'>09:30<\/em><\/span><\/span><\/span><span class='evoet_c3 evoet_cx evcal_desc hide_eventtopdata '><span class='evoet_title evcal_desc2 evcal_event_title ' itemprop='name'>Geotrekking Monte Agnello<\/span><span class='event_location_attrs'  data-location_address=\"Loc. Pampeago, 9, 38038 Tesero TN\" data-location_type=\"lonlat\" data-location_name=\"Bergh\u00fctte Monte Agnello\" data-location_url=\"https:\/\/latemarium.com\/de\/event-location\/berghuette-monte-agnello\/\" data-location_status=\"true\" data-latlng=\"46.333809095680266,11.547693182509184\"><\/span><span class='evoet_subtitle evo_below_title' ><span class='evcal_event_subtitle ' >Geologische Route zur Entdeckung des antiken Vulkans Predazzo<\/span><\/span><span class='evoet_time_expand level_3'><em class='evcal_time evo_tz_time'><i class='fa fa-clock-o'><\/i>09:30<span class='evo_tz marl5'>(GMT+02:00)<\/span><\/em> <\/span><span class='evoet_location level_3'><em class=\"evcal_location\"  data-latlng=\"46.333809095680266,11.547693182509184\" data-add_str=\"Loc. Pampeago, 9, 38038 Tesero TN\" data-n=\"Bergh\u00fctte Monte Agnello\"><i class=\"fa fa-location-pin\"><\/i><em class=\"event_location_name\">Bergh\u00fctte Monte Agnello<\/em>, Loc. Pampeago, 9, 38038 Tesero TN<\/em><\/span><\/span><span class='evoet_data' data-d=\"{&quot;loc.n&quot;:&quot;Bergh\\u00fctte Monte Agnello&quot;,&quot;orgs&quot;:[],&quot;tags&quot;:{&quot;repeating&quot;:&quot;Repeating Event&quot;}}\" data-bgc=\"#ffa024\" data-bggrad=\"\" ><\/span><\/a><\/p><div class='event_description evcal_eventcard ' style=\"display:none\"><div class='evocard_row'><div id='event_ftimage' class='evocard_box ftimage' data-c='' \n\t\t\t\t\tstyle=''><div class='evocard_main_image_hold' data-t='Loading Image..'><div class='evocard_main_image evo_img_triglb evobr15 evobgsc evobgpc evodfx evofx_jc_c evofx_ai_c evofz48 minmized' style='height:300px; background-image:url();' data-f=\"https:\/\/latemarium.com\/wp-content\/uploads\/2023\/06\/geotrail-monte-agnello.jpg\" data-h=\"528\" data-w=\"661\" data-ratio=\"0.79878971255673\" data-event_id=\"2116\" data-ri=\"4\"  data-t='Loading Image..'><span style='height:300px; background-image:url(https:\/\/latemarium.com\/wp-content\/uploads\/2023\/06\/geotrail-monte-agnello.jpg)'><\/span><\/div><\/div><\/div><\/div><div class='evocard_row'><div id='event_eventdetails' class='evocard_box eventdetails' data-c='' \n\t\t\t\t\tstyle=''><div class='evo_metarow_details evorow evcal_evdata_row evcal_event_details'>\n\t\t<div class=\"event_excerpt\" style=\"display:none\"><h3 class=\"padb5 evo_h3\">Details zur Veranstaltung<\/h3><p>Malerische geologische Route zur Entdeckung des antiken Vulkans Predazzo, gef\u00fchrt von einem erfahrenen Geologen und Medienbergf\u00fchrer.\nEin Spaziergang auf den Spuren des Trias-Pompeji von Monte Agnello, wo Lava, Asche und Lapilli<\/p><\/div><span class='evcal_evdata_icons'><i class='fa fa-align-justify'><\/i><\/span>\n\t\t\n\t\t<div class='evcal_evdata_cell '>\n\t\t\t<div class='eventon_full_description'>\n\t\t\t\t<h3 class='padb5 evo_h3'><span class='evcal_evdata_icons'><i class='fa fa-align-justify'><\/i><\/span>Details zur Veranstaltung<\/h3>\n\t\t\t\t<div class='eventon_desc_in' itemprop='description'>\n\t\t\t\t<p>Malerische geologische Route zur Entdeckung des antiken Vulkans Predazzo, gef\u00fchrt von einem erfahrenen Geologen und Medienbergf\u00fchrer.<\/p>\n<p>Ein Spaziergang auf den Spuren des Trias-Pompeji von Monte Agnello, wo Lava, Asche und Lapilli ein altes tropisches Atoll begruben.<\/p>\n<p>Die Route ist einfach, mit gut begehbaren Wegen, H\u00f6henunterschied ca. 350 Meter. Kostenlose Aktivit\u00e4t.<\/p>\n<\/div><div class='clear'><\/div>\n\t\t\t<\/div>\n\t\t<\/div>\n\t<\/div><\/div><\/div><div class='evocard_row bx2 bx'><div id='event_time' class='evocard_box time' data-c='' \n\t\t\t\t\tstyle=''><div class='evo_metarow_time evorow evcal_evdata_row evcal_evrow_sm '>\n\t\t<span class='evcal_evdata_icons'><i class='fa fa-clock'><\/i><\/span>\n\t\t<div class='evcal_evdata_cell'>\t\t\t\t\t\t\t\n\t\t\t<h3 class='evo_h3'><span class='evcal_evdata_icons'><i class='fa fa-clock'><\/i><\/span>Zeitplan<\/h3><p><span class='evo_eventcard_time_t'>27 Juli 2026 09:30<\/span><span class='evo_tz marr5'>(GMT+02:00)<\/span><\/p>\n\t\t<\/div>\n\t<\/div><\/div><div id='event_location' class='evocard_box location' data-c='' \n\t\t\t\t\tstyle=''><div class='evcal_evdata_row evo_metarow_time_location evorow '>\n\t\t\n\t\t\t<span class='evcal_evdata_icons'><i class='fa fa-map-marker'><\/i><\/span>\n\t\t\t<div class='evcal_evdata_cell' data-loc_tax_id='25'><h3 class='evo_h3 evodfx'><span class='evcal_evdata_icons'><i class='fa fa-map-marker'><\/i><\/span><a target=\"_blank\" href=\"https:\/\/www.facebook.com\/profile.php?id=100064742944609\">Ort<\/a><\/h3><p class='evo_location_name'><a target=\"_blank\" href=\"https:\/\/www.facebook.com\/profile.php?id=100064742944609\">Bergh\u00fctte Monte Agnello<\/a><\/p><p class='evo_location_address evodfxi evogap10'><a target=\"_blank\" href=\"https:\/\/www.facebook.com\/profile.php?id=100064742944609\">Loc. Pampeago, 9, 38038 Tesero TN<\/a><\/p><div class='padt10'><span class='evo_btn_arr evolb_trigger' data-lbvals=\"{&quot;lbc&quot;:&quot;evo_location_lb_25&quot;,&quot;lbac&quot;:&quot;lb_max&quot;,&quot;t&quot;:&quot;Bergh\\u00fctte Monte Agnello&quot;,&quot;ajax&quot;:&quot;yes&quot;,&quot;ajax_type&quot;:&quot;endpoint&quot;,&quot;ajax_action&quot;:&quot;eventon_get_tax_card_content&quot;,&quot;end&quot;:&quot;client&quot;,&quot;d&quot;:{&quot;lang&quot;:&quot;L2&quot;,&quot;term_id&quot;:25,&quot;tax&quot;:&quot;event_location&quot;,&quot;load_lbcontent&quot;:true},&quot;uid&quot;:&quot;eventon_get_tax_card_content&quot;}\" >Other Events<i class='fa fa-chevron-right'><\/i><\/span><\/div><\/div>\n\t\t\n\t<\/div><\/div><\/div><div class='evocard_row bx2 bx'><div id='event_learnmore' class='evocard_box learnmore' data-c='' \n\t\t\t\t\tstyle=''><div class='evo_metarow_learnM evo_metarow_learnmore evorow'>\n\t\t\t\t\t\t\t<a class='evcal_evdata_row evo_clik_row ' href='https:\/\/latemarium.com\/de\/excursions\/detail\/geotrail-monte-agnello\/' target=\"_blank\">\n\t\t\t\t\t\t\t\t<span class='evcal_evdata_icons'><i class='fa fa-link'><\/i><\/span>\n\t\t\t\t\t\t\t\t<h3 class='evo_h3'>Entdecke mehr<\/h3>\n\t\t\t\t\t\t\t<\/a>\n\t\t\t\t\t\t\t<\/div><\/div><div id='event_addtocal' class='evocard_box addtocal' data-c='' \n\t\t\t\t\tstyle=''><div class='evo_metarow_ICS evorow evcal_evdata_row'>\n\t\t\t<span class='evcal_evdata_icons'><i class='fa fa-calendar-o'><\/i><\/span>\n\t\t\t<div class='evcal_evdata_cell'>\n\t\t\t\t<p><a href='https:\/\/latemarium.com\/de\/export-events\/2116_4\/?nonce=7b34e59f7d' class='evo_ics_nCal' title='Zu Ihrem Kalender hinzuf\u00fcgen'>Kalender<\/a><a href='https:\/\/www.google.com\/calendar\/event?action=TEMPLATE&text=Geotrekking+Monte+Agnello&dates=20260727T073000Z%2F20260727T215900Z&ctz=Europe%2FRome&details=Geotrekking Monte Agnello&location=Bergh%C3%BCtte+Monte+Agnello+Loc.+Pampeago%2C+9%2C+38038+Tesero+TN' target='_blank' class='evo_ics_gCal' title='Zu Google Kalender hinzuf\u00fcgen'>GoogleCal<\/a><\/p>\t\n\t\t\t<\/div>\n\t\t<\/div><\/div><\/div><div class='evocard_row'><div id='event_getdirection' class='evocard_box getdirection' data-c='' \n\t\t\t\t\tstyle=''><div class='evo_metarow_getDr evorow evcal_evdata_row evcal_evrow_sm getdirections'>\n\t\t<form action='https:\/\/maps.google.com\/maps' method='get' target='_blank'>\n\t\t\t<input type='hidden' name='daddr' value=\"46.333809095680266,11.547693182509184\"\/> \n\t\t\t<div class='evo_get_direction_content evo_fx_dr_r evogap10'>\n\t\t\t\t<span class='evogetdir_header evodfx evofx_dr_r evofx_ai_c marr10'>\n\t\t\t\t\t<i class='mainicon fa fa-road'><\/i> \n\t\t\t\t\t<h3 class='evo_h3' style='padding-bottom:5px;'>Wegbeschreibung abrufen<\/h3>\n\t\t\t\t<\/span>\n\t\t\t\t<span class='evogetdir_field evodfx evofx_1_1 evo_fx_dr_c evow100p'>\t\t\t\t\t\n\t\t\t\t\t<input class='evoInput evotac' type='text' name='saddr' placeholder='&quot;Geben Sie die Adresse ein' value='' style='margin:10px 0;'\/>\n\t\t\t\t<\/span>\n\t\t\t\t<button type='submit' class='evo_get_direction_button evo_btn_arr_circ dfx fx_ai_c' title='&quot;Klicken Sie hier'><i class='fa fa-chevron-right'><\/i> <\/button>\n\t\t\t<\/div>\n\t\t<\/form>\n\t<\/div><\/div><\/div><div class='evo_card_row_end evcal_close' title='Schlie\u00dfen'><\/div><\/div><div class='clear end'><\/div><\/div><div id=\"event_2140_7\" class=\"eventon_list_event evo_eventtop scheduled  event clrD no_et event_2140_7\" data-event_id=\"2140\" data-ri=\"7r\" data-time=\"1785142800-1785189540\" data-colr=\"#006290\" itemscope itemtype='http:\/\/schema.org\/Event'><div class=\"evo_event_schema\" style=\"display:none\" ><a itemprop='url'  href='https:\/\/latemarium.com\/de\/events\/wort-von-nikolaus-drache\/var\/ri-7.l-L2'><\/a><meta itemprop='image' content=\"https:\/\/latemarium.com\/wp-content\/uploads\/2023\/06\/foresta-dei-draghi-6.jpg\" \/><meta itemprop='startDate' content=\"2026-7-27T11:00+0:00\" \/><meta itemprop='endDate' content=\"2026-7-27T23:59+0:00\" \/><meta itemprop='eventStatus' content=\"https:\/\/schema.org\/EventScheduled\" \/><meta itemprop='eventAttendanceMode'   itemscope itemtype=\"https:\/\/schema.org\/OfflineEventAttendanceMode\"\/><script type=\"application\/ld+json\">{\"@context\": \"http:\/\/schema.org\",\"@type\": \"Event\",\n\t\t\t\t\"@id\": \"event_2140_7\",\n\t\t\t\t\"eventAttendanceMode\":\"https:\/\/schema.org\/OfflineEventAttendanceMode\",\n\t\t\t\t\"eventStatus\":\"https:\/\/schema.org\/EventScheduled\",\n\t\t\t\t\"name\": \"Wort von Nikolaus Drache\",\n\t\t\t\t\"url\": \"https:\/\/latemarium.com\/de\/events\/wort-von-nikolaus-drache\/var\/ri-7.l-L2\",\n\t\t\t\t\"startDate\": \"2026-7-27T11:00+0:00\",\n\t\t\t\t\"endDate\": \"2026-7-27T23:59+0:00\",\n\t\t\t\t\"image\":\"https:\/\/latemarium.com\/wp-content\/uploads\/2023\/06\/foresta-dei-draghi-6.jpg\", \n\t\t\t\t\"description\":\"<p>Sie springen, sie rennen, sie krabbeln, sie fliegen! Doch\u2026 sie sind nicht leicht zu sehen! Sie wissen sich gut zu verstecken \u2026 die schuppigen Schleicher! Wer sind sie? Aber die Drachen von Latemar! Einen zu treffen, und sei es nur einer, wird ein wunderbares Erlebnis sein! Ein Wort von Nikolaus Drache.<\/p> <p>Immer sonntags umd montags, vom 5. Juli bis zum 24. August 2026<br \/> bei der Bergstation der Gondelbahn Predazzo \u2013 Gardon\u00e8<br \/> um 11.00 und um 14.45 Uhr<br \/> F\u00fcr Familien mit Kindern ab 2 Jahren geeignet (Dauer: 1h30\u2018)<br \/> Vorstellung auf Italienisch<\/p> <p>&nbsp;<\/p> \"}<\/script><\/div>\r\n\t\t\t\t<p class=\"desc_trig_outter\" style=\"\"><a data-gmap_status=\"null\" data-exlk=\"0\" style=\"background-color: #006290;\" id=\"evc_17851428002140\" class=\"hasFtIMG event_repeat desc_trig sin_val evcal_list_a\" data-ux_val=\"3\" data-ux_val_mob=\"-\"  ><span class='evoet_c1 evoet_cx '><span class='ev_ftImg' data-img='https:\/\/latemarium.com\/wp-content\/uploads\/2023\/06\/foresta-dei-draghi-6.jpg' data-thumb='https:\/\/latemarium.com\/wp-content\/uploads\/2023\/06\/foresta-dei-draghi-6-300x200.jpg' style='background-image:url(\"https:\/\/latemarium.com\/wp-content\/uploads\/2023\/06\/foresta-dei-draghi-6-300x200.jpg\")' ><\/span><\/span><span class='evoet_c2 evoet_cx '><span class='evoet_dayblock evcal_cblock ' data-bgcolor='#006290' data-smon='Juli' data-syr='2026' data-bub=''><span class='evo_start '><em class='date'>27<\/em><em class='month'>Jul<\/em><em class='time'>11:00<\/em><\/span><\/span><\/span><span class='evoet_c3 evoet_cx evcal_desc hide_eventtopdata '><span class='evoet_title evcal_desc2 evcal_event_title ' itemprop='name'>Wort von Nikolaus Drache<\/span><span class='event_location_attrs' data-location_type=\"lonlat\" data-location_name=\"Seilbahn Ankunft Predazzo-Gardon\u00e8\" data-location_url=\"https:\/\/latemarium.com\/de\/event-location\/seilbahn-ankunft-predazzo-gardone\/\" data-location_status=\"true\" data-latlng=\"46.32878794406342,11.600176728690842\"><\/span><span class='evoet_subtitle evo_below_title' ><span class='evcal_event_subtitle ' >DER DRACHENWALD<\/span><\/span><span class='evoet_time_expand level_3'><em class='evcal_time evo_tz_time'><i class='fa fa-clock-o'><\/i>11:00<span class='evo_tz marl5'>(GMT+02:00)<\/span><\/em> <\/span><span class='evoet_location level_3'><em class=\"evcal_location\"  data-latlng=\"46.32878794406342,11.600176728690842\" data-add_str=\"\" data-n=\"Seilbahn Ankunft Predazzo-Gardon\u00e8\"><i class=\"fa fa-location-pin\"><\/i><em class=\"event_location_name\">Seilbahn Ankunft Predazzo-Gardon\u00e8<\/em><\/em><\/span><\/span><span class='evoet_data' data-d=\"{&quot;loc.n&quot;:&quot;Seilbahn Ankunft Predazzo-Gardon\\u00e8&quot;,&quot;orgs&quot;:[],&quot;tags&quot;:{&quot;repeating&quot;:&quot;Repeating Event&quot;}}\" data-bgc=\"#006290\" data-bggrad=\"\" ><\/span><\/a><\/p><div class='event_description evcal_eventcard ' style=\"display:none\"><div class='evocard_row'><div id='event_ftimage' class='evocard_box ftimage' data-c='' \n\t\t\t\t\tstyle=''><div class='evocard_main_image_hold' data-t='Loading Image..'><div class='evocard_main_image evo_img_triglb evobr15 evobgsc evobgpc evodfx evofx_jc_c evofx_ai_c evofz48 minmized' style='height:300px; background-image:url();' data-f=\"https:\/\/latemarium.com\/wp-content\/uploads\/2023\/06\/foresta-dei-draghi-6.jpg\" data-h=\"800\" data-w=\"1200\" data-ratio=\"0.66666666666667\" data-event_id=\"2140\" data-ri=\"7\"  data-t='Loading Image..'><span style='height:300px; background-image:url(https:\/\/latemarium.com\/wp-content\/uploads\/2023\/06\/foresta-dei-draghi-6.jpg)'><\/span><\/div><\/div><\/div><\/div><div class='evocard_row'><div id='event_eventdetails' class='evocard_box eventdetails' data-c='' \n\t\t\t\t\tstyle=''><div class='evo_metarow_details evorow evcal_evdata_row evcal_event_details'>\n\t\t<div class=\"event_excerpt\" style=\"display:none\"><h3 class=\"padb5 evo_h3\">Details zur Veranstaltung<\/h3><p>Sie springen, sie rennen, sie krabbeln, sie fliegen! Doch\u2026 sie sind nicht leicht zu sehen! Sie wissen sich gut zu verstecken \u2026 die schuppigen Schleicher! Wer sind sie? Aber die<\/p><\/div><span class='evcal_evdata_icons'><i class='fa fa-align-justify'><\/i><\/span>\n\t\t\n\t\t<div class='evcal_evdata_cell '>\n\t\t\t<div class='eventon_full_description'>\n\t\t\t\t<h3 class='padb5 evo_h3'><span class='evcal_evdata_icons'><i class='fa fa-align-justify'><\/i><\/span>Details zur Veranstaltung<\/h3>\n\t\t\t\t<div class='eventon_desc_in' itemprop='description'>\n\t\t\t\t<p>Sie springen, sie rennen, sie krabbeln, sie fliegen! Doch\u2026 sie sind nicht leicht zu sehen! Sie wissen sich gut zu verstecken \u2026 die schuppigen Schleicher! Wer sind sie? Aber die Drachen von Latemar! Einen zu treffen, und sei es nur einer, wird ein wunderbares Erlebnis sein! Ein Wort von Nikolaus Drache.<\/p>\n<p>Immer sonntags umd montags, vom 5. Juli bis zum 24. August 2026<br \/>\nbei der Bergstation der Gondelbahn Predazzo \u2013 Gardon\u00e8<br \/>\num 11.00 und um 14.45 Uhr<br \/>\nF\u00fcr Familien mit Kindern ab 2 Jahren geeignet (Dauer: 1h30\u2018)<br \/>\nVorstellung auf Italienisch<\/p>\n<p>&nbsp;<\/p>\n<\/div><div class='clear'><\/div>\n\t\t\t<\/div>\n\t\t<\/div>\n\t<\/div><\/div><\/div><div class='evocard_row bx2 bx'><div id='event_time' class='evocard_box time' data-c='' \n\t\t\t\t\tstyle=''><div class='evo_metarow_time evorow evcal_evdata_row evcal_evrow_sm '>\n\t\t<span class='evcal_evdata_icons'><i class='fa fa-clock'><\/i><\/span>\n\t\t<div class='evcal_evdata_cell'>\t\t\t\t\t\t\t\n\t\t\t<h3 class='evo_h3'><span class='evcal_evdata_icons'><i class='fa fa-clock'><\/i><\/span>Zeitplan<\/h3><p><span class='evo_eventcard_time_t'>27 Juli 2026 11:00<\/span><span class='evo_tz marr5'>(GMT+02:00)<\/span><\/p>\n\t\t<\/div>\n\t<\/div><\/div><div id='event_location' class='evocard_box location' data-c='' \n\t\t\t\t\tstyle=''><div class='evcal_evdata_row evo_metarow_time_location evorow '>\n\t\t\n\t\t\t<span class='evcal_evdata_icons'><i class='fa fa-map-marker'><\/i><\/span>\n\t\t\t<div class='evcal_evdata_cell' data-loc_tax_id='36'><h3 class='evo_h3 evodfx'><span class='evcal_evdata_icons'><i class='fa fa-map-marker'><\/i><\/span>Ort<\/h3><p class='evo_location_name'>Seilbahn Ankunft Predazzo-Gardon\u00e8<\/p><div class='padt10'><span class='evo_btn_arr evolb_trigger' data-lbvals=\"{&quot;lbc&quot;:&quot;evo_location_lb_36&quot;,&quot;lbac&quot;:&quot;lb_max&quot;,&quot;t&quot;:&quot;Seilbahn Ankunft Predazzo-Gardon\\u00e8&quot;,&quot;ajax&quot;:&quot;yes&quot;,&quot;ajax_type&quot;:&quot;endpoint&quot;,&quot;ajax_action&quot;:&quot;eventon_get_tax_card_content&quot;,&quot;end&quot;:&quot;client&quot;,&quot;d&quot;:{&quot;lang&quot;:&quot;L2&quot;,&quot;term_id&quot;:36,&quot;tax&quot;:&quot;event_location&quot;,&quot;load_lbcontent&quot;:true},&quot;uid&quot;:&quot;eventon_get_tax_card_content&quot;}\" >Other Events<i class='fa fa-chevron-right'><\/i><\/span><\/div><\/div>\n\t\t\n\t<\/div><\/div><\/div><div class='evocard_row bx2 bx'><div id='event_learnmore' class='evocard_box learnmore' data-c='' \n\t\t\t\t\tstyle=''><div class='evo_metarow_learnM evo_metarow_learnmore evorow'>\n\t\t\t\t\t\t\t<a class='evcal_evdata_row evo_clik_row ' href='https:\/\/www.montagnanimata.it\/de\/spektakel\/' target=\"_blank\">\n\t\t\t\t\t\t\t\t<span class='evcal_evdata_icons'><i class='fa fa-link'><\/i><\/span>\n\t\t\t\t\t\t\t\t<h3 class='evo_h3'>Entdecke mehr<\/h3>\n\t\t\t\t\t\t\t<\/a>\n\t\t\t\t\t\t\t<\/div><\/div><div id='event_addtocal' class='evocard_box addtocal' data-c='' \n\t\t\t\t\tstyle=''><div class='evo_metarow_ICS evorow evcal_evdata_row'>\n\t\t\t<span class='evcal_evdata_icons'><i class='fa fa-calendar-o'><\/i><\/span>\n\t\t\t<div class='evcal_evdata_cell'>\n\t\t\t\t<p><a href='https:\/\/latemarium.com\/de\/export-events\/2140_7\/?nonce=7b34e59f7d' class='evo_ics_nCal' title='Zu Ihrem Kalender hinzuf\u00fcgen'>Kalender<\/a><a href='https:\/\/www.google.com\/calendar\/event?action=TEMPLATE&text=Wort+von+Nikolaus+Drache&dates=20260727T090000Z%2F20260727T215900Z&ctz=Europe%2FRome&details=Wort von Nikolaus Drache&location=Seilbahn+Ankunft+Predazzo-Gardon%C3%A8' target='_blank' class='evo_ics_gCal' title='Zu Google Kalender hinzuf\u00fcgen'>GoogleCal<\/a><\/p>\t\n\t\t\t<\/div>\n\t\t<\/div><\/div><\/div><div class='evocard_row'><div id='event_getdirection' class='evocard_box getdirection' data-c='' \n\t\t\t\t\tstyle=''><div class='evo_metarow_getDr evorow evcal_evdata_row evcal_evrow_sm getdirections'>\n\t\t<form action='https:\/\/maps.google.com\/maps' method='get' target='_blank'>\n\t\t\t<input type='hidden' name='daddr' value=\"46.32878794406342,11.600176728690842\"\/> \n\t\t\t<div class='evo_get_direction_content evo_fx_dr_r evogap10'>\n\t\t\t\t<span class='evogetdir_header evodfx evofx_dr_r evofx_ai_c marr10'>\n\t\t\t\t\t<i class='mainicon fa fa-road'><\/i> \n\t\t\t\t\t<h3 class='evo_h3' style='padding-bottom:5px;'>Wegbeschreibung abrufen<\/h3>\n\t\t\t\t<\/span>\n\t\t\t\t<span class='evogetdir_field evodfx evofx_1_1 evo_fx_dr_c evow100p'>\t\t\t\t\t\n\t\t\t\t\t<input class='evoInput evotac' type='text' name='saddr' placeholder='&quot;Geben Sie die Adresse ein' value='' style='margin:10px 0;'\/>\n\t\t\t\t<\/span>\n\t\t\t\t<button type='submit' class='evo_get_direction_button evo_btn_arr_circ dfx fx_ai_c' title='&quot;Klicken Sie hier'><i class='fa fa-chevron-right'><\/i> <\/button>\n\t\t\t<\/div>\n\t\t<\/form>\n\t<\/div><\/div><\/div><div class='evo_card_row_end evcal_close' title='Schlie\u00dfen'><\/div><\/div><div class='clear end'><\/div><\/div><div id=\"event_2154_10\" class=\"eventon_list_event evo_eventtop scheduled  event clrW no_et event_2154_10\" data-event_id=\"2154\" data-ri=\"10r\" data-time=\"1785158400-1785189540\" data-colr=\"#b8d989\" itemscope itemtype='http:\/\/schema.org\/Event'><div class=\"evo_event_schema\" style=\"display:none\" ><a itemprop='url'  href='https:\/\/latemarium.com\/de\/events\/die-geraeusche-und-das-leben-der-malga\/var\/ri-10.l-L2'><\/a><meta itemprop='image' content=\"https:\/\/latemarium.com\/wp-content\/uploads\/2023\/06\/suoni-vita-malga.jpg\" \/><meta itemprop='startDate' content=\"2026-7-27T15:20+0:00\" \/><meta itemprop='endDate' content=\"2026-7-27T23:59+0:00\" \/><meta itemprop='eventStatus' content=\"https:\/\/schema.org\/EventScheduled\" \/><meta itemprop='eventAttendanceMode'   itemscope itemtype=\"https:\/\/schema.org\/OfflineEventAttendanceMode\"\/><div style=\"display:none\" itemprop=\"location\" itemscope itemtype=\"http:\/\/schema.org\/Place\"><span itemprop=\"name\">Pampeago<\/span><span itemprop=\"address\" itemscope itemtype=\"http:\/\/schema.org\/PostalAddress\"><item itemprop=\"streetAddress\">Localit\u00e0 Pampeago, 8, 38038 Tesero TN<\/item><\/span><\/div><script type=\"application\/ld+json\">{\"@context\": \"http:\/\/schema.org\",\"@type\": \"Event\",\n\t\t\t\t\"@id\": \"event_2154_10\",\n\t\t\t\t\"eventAttendanceMode\":\"https:\/\/schema.org\/OfflineEventAttendanceMode\",\n\t\t\t\t\"eventStatus\":\"https:\/\/schema.org\/EventScheduled\",\n\t\t\t\t\"name\": \"Die Ger\u00e4usche und das Leben der Malga\",\n\t\t\t\t\"url\": \"https:\/\/latemarium.com\/de\/events\/die-geraeusche-und-das-leben-der-malga\/var\/ri-10.l-L2\",\n\t\t\t\t\"startDate\": \"2026-7-27T15:20+0:00\",\n\t\t\t\t\"endDate\": \"2026-7-27T23:59+0:00\",\n\t\t\t\t\"image\":\"https:\/\/latemarium.com\/wp-content\/uploads\/2023\/06\/suoni-vita-malga.jpg\", \n\t\t\t\t\"description\":\"<p>Treffpunkt am Parkplatz des Tresca-Sessellifts (mit dem Auto von Pampeago erreichbar &#8211; NUR f\u00fcr diejenigen, die die Aktivit\u00e4t buchen).<\/p> <p>Nach einem kurzen Spaziergang zur Malga Pampeago entdecken Kinder und Eltern zwischen K\u00fchen, K\u00e4lbern, Eseln und Schweinen den Alltag und die Ger\u00e4usche, die das Leben der Hirten pr\u00e4gen.<\/p> <p>Am Ende der Aktivit\u00e4t gibt es einen kleinen Snack, den die Kinder genie\u00dfen oder mit nach Hause nehmen k\u00f6nnen.<\/p> <p>Aktivit\u00e4t auch mit Kinderwagen m\u00f6glich. <a href='https:\/\/www.visitfiemme.it\/de\/veranstaltungen\/fiemme-cembra-guest-card\/erlebnisse\/erlebnisse-sommer' target='_blank' rel='noopener'>Reservierung erforderlich<\/a>.<\/p> \",\"location\":[{\"@type\":\"Place\",\"name\":\"Pampeago\",\"address\":{\"@type\": \"PostalAddress\",\"streetAddress\":\"Localit\u00e0 Pampeago, 8, 38038 Tesero TN\"}}]}<\/script><\/div>\r\n\t\t\t\t<p class=\"desc_trig_outter\" style=\"\"><a data-gmap_status=\"null\" data-exlk=\"0\" style=\"background-color: #b8d989;\" id=\"evc_17851584002154\" class=\"hasFtIMG event_repeat desc_trig sin_val evcal_list_a\" data-ux_val=\"3\" data-ux_val_mob=\"-\"  ><span class='evoet_c1 evoet_cx '><span class='ev_ftImg' data-img='https:\/\/latemarium.com\/wp-content\/uploads\/2023\/06\/suoni-vita-malga.jpg' data-thumb='https:\/\/latemarium.com\/wp-content\/uploads\/2023\/06\/suoni-vita-malga-300x225.jpg' style='background-image:url(\"https:\/\/latemarium.com\/wp-content\/uploads\/2023\/06\/suoni-vita-malga-300x225.jpg\")' ><\/span><\/span><span class='evoet_c2 evoet_cx '><span class='evoet_dayblock evcal_cblock ' data-bgcolor='#b8d989' data-smon='Juli' data-syr='2026' data-bub=''><span class='evo_start '><em class='date'>27<\/em><em class='month'>Jul<\/em><em class='time'>15:20<\/em><\/span><\/span><\/span><span class='evoet_c3 evoet_cx evcal_desc hide_eventtopdata '><span class='evoet_title evcal_desc2 evcal_event_title ' itemprop='name'>Die Ger\u00e4usche und das Leben der Malga<\/span><span class='event_location_attrs'  data-location_address=\"Localit\u00e0 Pampeago, 8, 38038 Tesero TN\" data-location_type=\"lonlat\" data-location_name=\"Pampeago\" data-location_url=\"https:\/\/latemarium.com\/de\/event-location\/pampeago-de\/\" data-location_status=\"true\" data-latlng=\"46.34343697644898,11.540997527961546\"><\/span><span class='evoet_subtitle evo_below_title' ><\/span><span class='evoet_time_expand level_3'><em class='evcal_time evo_tz_time'><i class='fa fa-clock-o'><\/i>15:20<span class='evo_tz marl5'>(GMT+02:00)<\/span><\/em> <\/span><span class='evoet_location level_3'><em class=\"evcal_location\"  data-latlng=\"46.34343697644898,11.540997527961546\" data-add_str=\"Localit\u00e0 Pampeago, 8, 38038 Tesero TN\" data-n=\"Pampeago\"><i class=\"fa fa-location-pin\"><\/i><em class=\"event_location_name\">Pampeago<\/em>, Localit\u00e0 Pampeago, 8, 38038 Tesero TN<\/em><\/span><\/span><span class='evoet_data' data-d=\"{&quot;loc.n&quot;:&quot;Pampeago&quot;,&quot;orgs&quot;:[],&quot;tags&quot;:{&quot;repeating&quot;:&quot;Repeating Event&quot;}}\" data-bgc=\"#b8d989\" data-bggrad=\"\" ><\/span><\/a><\/p><div class='event_description evcal_eventcard ' style=\"display:none\"><div class='evocard_row'><div id='event_ftimage' class='evocard_box ftimage' data-c='' \n\t\t\t\t\tstyle=''><div class='evocard_main_image_hold' data-t='Loading Image..'><div class='evocard_main_image evo_img_triglb evobr15 evobgsc evobgpc evodfx evofx_jc_c evofx_ai_c evofz48 minmized' style='height:300px; background-image:url();' data-f=\"https:\/\/latemarium.com\/wp-content\/uploads\/2023\/06\/suoni-vita-malga.jpg\" data-h=\"796\" data-w=\"1062\" data-ratio=\"0.74952919020716\" data-event_id=\"2154\" data-ri=\"10\"  data-t='Loading Image..'><span style='height:300px; background-image:url(https:\/\/latemarium.com\/wp-content\/uploads\/2023\/06\/suoni-vita-malga.jpg)'><\/span><\/div><\/div><\/div><\/div><div class='evocard_row'><div id='event_eventdetails' class='evocard_box eventdetails' data-c='' \n\t\t\t\t\tstyle=''><div class='evo_metarow_details evorow evcal_evdata_row evcal_event_details'>\n\t\t<div class=\"event_excerpt\" style=\"display:none\"><h3 class=\"padb5 evo_h3\">Details zur Veranstaltung<\/h3><p>Treffpunkt am Parkplatz des Tresca-Sessellifts (mit dem Auto von Pampeago erreichbar &#8211; NUR f\u00fcr diejenigen, die die Aktivit\u00e4t buchen).\nNach einem kurzen Spaziergang zur Malga Pampeago entdecken Kinder und Eltern zwischen<\/p><\/div><span class='evcal_evdata_icons'><i class='fa fa-align-justify'><\/i><\/span>\n\t\t\n\t\t<div class='evcal_evdata_cell shorter_desc'>\n\t\t\t<div class='eventon_full_description'>\n\t\t\t\t<h3 class='padb5 evo_h3'><span class='evcal_evdata_icons'><i class='fa fa-align-justify'><\/i><\/span>Details zur Veranstaltung<\/h3>\n\t\t\t\t<div class='eventon_desc_in' itemprop='description'>\n\t\t\t\t<p>Treffpunkt am Parkplatz des Tresca-Sessellifts (mit dem Auto von Pampeago erreichbar &#8211; NUR f\u00fcr diejenigen, die die Aktivit\u00e4t buchen).<\/p>\n<p>Nach einem kurzen Spaziergang zur Malga Pampeago entdecken Kinder und Eltern zwischen K\u00fchen, K\u00e4lbern, Eseln und Schweinen den Alltag und die Ger\u00e4usche, die das Leben der Hirten pr\u00e4gen.<\/p>\n<p>Am Ende der Aktivit\u00e4t gibt es einen kleinen Snack, den die Kinder genie\u00dfen oder mit nach Hause nehmen k\u00f6nnen.<\/p>\n<p>Aktivit\u00e4t auch mit Kinderwagen m\u00f6glich. <a href=\"https:\/\/www.visitfiemme.it\/de\/veranstaltungen\/fiemme-cembra-guest-card\/erlebnisse\/erlebnisse-sommer\" target=\"_blank\" rel=\"noopener\">Reservierung erforderlich<\/a>.<\/p>\n<\/div><p class='eventon_shad_p' style='padding:5px 0 0; margin:0'>\n\t\t\t<span class='evcal_btn evo_btn_secondary evobtn_details_show_more' content='less'>\n\t\t\t\t<span class='ev_more_text' data-txt='Weniger'>Mehr<\/span><span class='ev_more_arrow ard'><\/span>\n\t\t\t<\/span>\n\t\t<\/p><div class='clear'><\/div>\n\t\t\t<\/div>\n\t\t<\/div>\n\t<\/div><\/div><\/div><div class='evocard_row bx2 bx'><div id='event_time' class='evocard_box time' data-c='' \n\t\t\t\t\tstyle=''><div class='evo_metarow_time evorow evcal_evdata_row evcal_evrow_sm '>\n\t\t<span class='evcal_evdata_icons'><i class='fa fa-clock'><\/i><\/span>\n\t\t<div class='evcal_evdata_cell'>\t\t\t\t\t\t\t\n\t\t\t<h3 class='evo_h3'><span class='evcal_evdata_icons'><i class='fa fa-clock'><\/i><\/span>Zeitplan<\/h3><p><span class='evo_eventcard_time_t'>27 Juli 2026 15:20<\/span><span class='evo_tz marr5'>(GMT+02:00)<\/span><\/p>\n\t\t<\/div>\n\t<\/div><\/div><div id='event_location' class='evocard_box location' data-c='' \n\t\t\t\t\tstyle=''><div class='evcal_evdata_row evo_metarow_time_location evorow '>\n\t\t\n\t\t\t<span class='evcal_evdata_icons'><i class='fa fa-map-marker'><\/i><\/span>\n\t\t\t<div class='evcal_evdata_cell' data-loc_tax_id='32'><h3 class='evo_h3 evodfx'><span class='evcal_evdata_icons'><i class='fa fa-map-marker'><\/i><\/span>Ort<\/h3><p class='evo_location_name'>Pampeago<\/p><p class='evo_location_address evodfxi evogap10'>Localit\u00e0 Pampeago, 8, 38038 Tesero TN<\/p><div class='padt10'><span class='evo_btn_arr evolb_trigger' data-lbvals=\"{&quot;lbc&quot;:&quot;evo_location_lb_32&quot;,&quot;lbac&quot;:&quot;lb_max&quot;,&quot;t&quot;:&quot;Pampeago&quot;,&quot;ajax&quot;:&quot;yes&quot;,&quot;ajax_type&quot;:&quot;endpoint&quot;,&quot;ajax_action&quot;:&quot;eventon_get_tax_card_content&quot;,&quot;end&quot;:&quot;client&quot;,&quot;d&quot;:{&quot;lang&quot;:&quot;L2&quot;,&quot;term_id&quot;:32,&quot;tax&quot;:&quot;event_location&quot;,&quot;load_lbcontent&quot;:true},&quot;uid&quot;:&quot;eventon_get_tax_card_content&quot;}\" >Other Events<i class='fa fa-chevron-right'><\/i><\/span><\/div><\/div>\n\t\t\n\t<\/div><\/div><\/div><div class='evocard_row'><div id='event_addtocal' class='evocard_box addtocal' data-c='' \n\t\t\t\t\tstyle=''><div class='evo_metarow_ICS evorow evcal_evdata_row'>\n\t\t\t<span class='evcal_evdata_icons'><i class='fa fa-calendar-o'><\/i><\/span>\n\t\t\t<div class='evcal_evdata_cell'>\n\t\t\t\t<p><a href='https:\/\/latemarium.com\/de\/export-events\/2154_10\/?nonce=7b34e59f7d' class='evo_ics_nCal' title='Zu Ihrem Kalender hinzuf\u00fcgen'>Kalender<\/a><a href='https:\/\/www.google.com\/calendar\/event?action=TEMPLATE&text=Die+Ger%C3%A4usche+und+das+Leben+der+Malga&dates=20260727T132000Z%2F20260727T215900Z&ctz=Europe%2FRome&details=Die Ger\u00e4usche und das Leben der Malga&location=Pampeago+Localit%C3%A0+Pampeago%2C+8%2C+38038+Tesero+TN' target='_blank' class='evo_ics_gCal' title='Zu Google Kalender hinzuf\u00fcgen'>GoogleCal<\/a><\/p>\t\n\t\t\t<\/div>\n\t\t<\/div><\/div><\/div><div class='evocard_row'><div id='event_getdirection' class='evocard_box getdirection' data-c='' \n\t\t\t\t\tstyle=''><div class='evo_metarow_getDr evorow evcal_evdata_row evcal_evrow_sm getdirections'>\n\t\t<form action='https:\/\/maps.google.com\/maps' method='get' target='_blank'>\n\t\t\t<input type='hidden' name='daddr' value=\"Localit\u00e0 Pampeago, 8, 38038 Tesero TN\"\/> \n\t\t\t<div class='evo_get_direction_content evo_fx_dr_r evogap10'>\n\t\t\t\t<span class='evogetdir_header evodfx evofx_dr_r evofx_ai_c marr10'>\n\t\t\t\t\t<i class='mainicon fa fa-road'><\/i> \n\t\t\t\t\t<h3 class='evo_h3' style='padding-bottom:5px;'>Wegbeschreibung abrufen<\/h3>\n\t\t\t\t<\/span>\n\t\t\t\t<span class='evogetdir_field evodfx evofx_1_1 evo_fx_dr_c evow100p'>\t\t\t\t\t\n\t\t\t\t\t<input class='evoInput evotac' type='text' name='saddr' placeholder='&quot;Geben Sie die Adresse ein' value='' style='margin:10px 0;'\/>\n\t\t\t\t<\/span>\n\t\t\t\t<button type='submit' class='evo_get_direction_button evo_btn_arr_circ dfx fx_ai_c' title='&quot;Klicken Sie hier'><i class='fa fa-chevron-right'><\/i> <\/button>\n\t\t\t<\/div>\n\t\t<\/form>\n\t<\/div><\/div><\/div><div class='evo_card_row_end evcal_close' title='Schlie\u00dfen'><\/div><\/div><div class='clear end'><\/div><\/div><div id=\"event_2489_5\" class=\"eventon_list_event evo_eventtop scheduled  event clrD no_et event_2489_5\" data-event_id=\"2489\" data-ri=\"5r\" data-time=\"1785223800-1785275940\" data-colr=\"#38823b\" itemscope itemtype='http:\/\/schema.org\/Event'><div class=\"evo_event_schema\" style=\"display:none\" ><a itemprop='url'  href='https:\/\/latemarium.com\/de\/events\/respirart-kunst-und-natur\/var\/ri-5.l-L2'><\/a><meta itemprop='image' content=\"https:\/\/latemarium.com\/wp-content\/uploads\/2023\/06\/respirart-respiro-arte-natura.jpg\" \/><meta itemprop='startDate' content=\"2026-7-28T09:30+0:00\" \/><meta itemprop='endDate' content=\"2026-7-28T23:59+0:00\" \/><meta itemprop='eventStatus' content=\"https:\/\/schema.org\/EventScheduled\" \/><meta itemprop='eventAttendanceMode'   itemscope itemtype=\"https:\/\/schema.org\/OfflineEventAttendanceMode\"\/><div style=\"display:none\" itemprop=\"location\" itemscope itemtype=\"http:\/\/schema.org\/Place\"><span itemprop=\"name\">Pampeago<\/span><span itemprop=\"address\" itemscope itemtype=\"http:\/\/schema.org\/PostalAddress\"><item itemprop=\"streetAddress\">Localit\u00e0 Pampeago, 8, 38038 Tesero TN<\/item><\/span><\/div><script type=\"application\/ld+json\">{\"@context\": \"http:\/\/schema.org\",\"@type\": \"Event\",\n\t\t\t\t\"@id\": \"event_2489_5\",\n\t\t\t\t\"eventAttendanceMode\":\"https:\/\/schema.org\/OfflineEventAttendanceMode\",\n\t\t\t\t\"eventStatus\":\"https:\/\/schema.org\/EventScheduled\",\n\t\t\t\t\"name\": \"Respirart: Kunst und Natur\",\n\t\t\t\t\"url\": \"https:\/\/latemarium.com\/de\/events\/respirart-kunst-und-natur\/var\/ri-5.l-L2\",\n\t\t\t\t\"startDate\": \"2026-7-28T09:30+0:00\",\n\t\t\t\t\"endDate\": \"2026-7-28T23:59+0:00\",\n\t\t\t\t\"image\":\"https:\/\/latemarium.com\/wp-content\/uploads\/2023\/06\/respirart-respiro-arte-natura.jpg\", \n\t\t\t\t\"description\":\"<h2>Kunst in der H\u00f6he: Entdeckungsreise durch RespirArt zwischen Natur und Installationen<\/h2> <p><span data-sheets-value='{&quot;1&quot;:2,&quot;2&quot;:&quot;Es beginnt um 9.30 Uhr vor dem Agnello-Sessellift-Seminovia, wo Sie den k\u00fcnstlerischen F\u00fchrer treffen, der Ihnen die Samen liefert und Sie bei der Aussaat von Blumen von oben begleitet, um Blumen zu erzeugen und so die Erde, die Bienen, die Ziegen und die K\u00fche Anschlie\u00dfend f\u00fchrt Sie der F\u00fchrer zu den Kunstwerken im Park. Auf dem 3 km langen Rundgang entdecken Sie die Inspirationen der K\u00fcnstler, die in Anwesenheit des Latemar k\u00fcnstlerische Gesten schufen.\\r\\nAktivit\u00e4t f\u00fcr Erwachsene geeignet\\r\\nKostenlose Aktivit\u00e4t (ohne Liftticket)\\r\\n&quot;}' data-sheets-userformat='{&quot;2&quot;:15235,&quot;3&quot;:{&quot;1&quot;:0},&quot;4&quot;:{&quot;1&quot;:2,&quot;2&quot;:15987699},&quot;10&quot;:1,&quot;11&quot;:1,&quot;12&quot;:0,&quot;14&quot;:{&quot;1&quot;:2,&quot;2&quot;:5592405},&quot;15&quot;:&quot;Roboto&quot;,&quot;16&quot;:10}'>Es beginnt um 9.30 Uhr vor dem Agnello-Sessellift-&#8220;Seminovia&#8221;, wo Sie den k\u00fcnstlerischen F\u00fchrer treffen, der Ihnen die Samen liefert und Sie bei der Aussaat von Blumen von oben begleitet, um Blumen zu erzeugen und so die Erde, die Bienen, die Ziegen und die K\u00fche. <\/span><\/p> <p><span data-sheets-value='{&quot;1&quot;:2,&quot;2&quot;:&quot;Es beginnt um 9.30 Uhr vor dem Agnello-Sessellift-Seminovia, wo Sie den k\u00fcnstlerischen F\u00fchrer treffen, der Ihnen die Samen liefert und Sie bei der Aussaat von Blumen von oben begleitet, um Blumen zu erzeugen und so die Erde, die Bienen, die Ziegen und die K\u00fche Anschlie\u00dfend f\u00fchrt Sie der F\u00fchrer zu den Kunstwerken im Park. Auf dem 3 km langen Rundgang entdecken Sie die Inspirationen der K\u00fcnstler, die in Anwesenheit des Latemar k\u00fcnstlerische Gesten schufen.\\r\\nAktivit\u00e4t f\u00fcr Erwachsene geeignet\\r\\nKostenlose Aktivit\u00e4t (ohne Liftticket)\\r\\n&quot;}' data-sheets-userformat='{&quot;2&quot;:15235,&quot;3&quot;:{&quot;1&quot;:0},&quot;4&quot;:{&quot;1&quot;:2,&quot;2&quot;:15987699},&quot;10&quot;:1,&quot;11&quot;:1,&quot;12&quot;:0,&quot;14&quot;:{&quot;1&quot;:2,&quot;2&quot;:5592405},&quot;15&quot;:&quot;Roboto&quot;,&quot;16&quot;:10}'>Anschlie\u00dfend f\u00fchrt Sie der F\u00fchrer zu den Kunstwerken im Park. Auf dem 3 km langen Rundgang entdecken Sie die Inspirationen der K\u00fcnstler, die in Anwesenheit des Latemar k\u00fcnstlerische Gesten schufen. <\/span><\/p> <p><span data-sheets-value='{&quot;1&quot;:2,&quot;2&quot;:&quot;Es beginnt um 9.30 Uhr vor dem Agnello-Sessellift-Seminovia, wo Sie den k\u00fcnstlerischen F\u00fchrer treffen, der Ihnen die Samen liefert und Sie bei der Aussaat von Blumen von oben begleitet, um Blumen zu erzeugen und so die Erde, die Bienen, die Ziegen und die K\u00fche Anschlie\u00dfend f\u00fchrt Sie der F\u00fchrer zu den Kunstwerken im Park. Auf dem 3 km langen Rundgang entdecken Sie die Inspirationen der K\u00fcnstler, die in Anwesenheit des Latemar k\u00fcnstlerische Gesten schufen.\\r\\nAktivit\u00e4t f\u00fcr Erwachsene geeignet\\r\\nKostenlose Aktivit\u00e4t (ohne Liftticket)\\r\\n&quot;}' data-sheets-userformat='{&quot;2&quot;:15235,&quot;3&quot;:{&quot;1&quot;:0},&quot;4&quot;:{&quot;1&quot;:2,&quot;2&quot;:15987699},&quot;10&quot;:1,&quot;11&quot;:1,&quot;12&quot;:0,&quot;14&quot;:{&quot;1&quot;:2,&quot;2&quot;:5592405},&quot;15&quot;:&quot;Roboto&quot;,&quot;16&quot;:10}'>Aktivit\u00e4t f\u00fcr Erwachsene.<\/span><\/p> <p><a href='https:\/\/www.visitfiemme.it\/de\/veranstaltungen\/fiemme-cembra-guest-card\/erlebnisse\/erlebnisse-sommer' target='_blank' rel='noopener'>Reservierung erforderlich<\/a>.<\/p> \",\"location\":[{\"@type\":\"Place\",\"name\":\"Pampeago\",\"address\":{\"@type\": \"PostalAddress\",\"streetAddress\":\"Localit\u00e0 Pampeago, 8, 38038 Tesero TN\"}}]}<\/script><\/div>\r\n\t\t\t\t<p class=\"desc_trig_outter\" style=\"\"><a data-gmtrig=\"1\" data-exlk=\"0\" style=\"background-color: #38823b;\" id=\"evc_17852238002489\" class=\"hasFtIMG event_repeat desc_trig sin_val evcal_list_a\" data-ux_val=\"3\" data-ux_val_mob=\"-\"  ><span class='evoet_c1 evoet_cx '><span class='ev_ftImg' data-img='https:\/\/latemarium.com\/wp-content\/uploads\/2023\/06\/respirart-respiro-arte-natura.jpg' data-thumb='https:\/\/latemarium.com\/wp-content\/uploads\/2023\/06\/respirart-respiro-arte-natura-300x201.jpg' style='background-image:url(\"https:\/\/latemarium.com\/wp-content\/uploads\/2023\/06\/respirart-respiro-arte-natura-300x201.jpg\")' ><\/span><\/span><span class='evoet_c2 evoet_cx '><span class='evoet_dayblock evcal_cblock ' data-bgcolor='#38823b' data-smon='Juli' data-syr='2026' data-bub=''><span class='evo_start '><em class='date'>28<\/em><em class='month'>Jul<\/em><em class='time'>09:30<\/em><\/span><\/span><\/span><span class='evoet_c3 evoet_cx evcal_desc hide_eventtopdata '><span class='evoet_title evcal_desc2 evcal_event_title ' itemprop='name'>Respirart: Kunst und Natur<\/span><span class='event_location_attrs'  data-location_address=\"Localit\u00e0 Pampeago, 8, 38038 Tesero TN\" data-location_type=\"lonlat\" data-location_name=\"Pampeago\" data-location_url=\"https:\/\/latemarium.com\/de\/event-location\/pampeago-de\/\" data-location_status=\"true\" data-latlng=\"46.34343697644898,11.540997527961546\"><\/span><span class='evoet_subtitle evo_below_title' ><span class='evcal_event_subtitle ' >ENTDECKUNG DER KUNSTPARKS: RESPIRART<\/span><\/span><span class='evoet_time_expand level_3'><em class='evcal_time evo_tz_time'><i class='fa fa-clock-o'><\/i>09:30<span class='evo_tz marl5'>(GMT+02:00)<\/span><\/em> <\/span><span class='evoet_location level_3'><em class=\"evcal_location\"  data-latlng=\"46.34343697644898,11.540997527961546\" data-add_str=\"Localit\u00e0 Pampeago, 8, 38038 Tesero TN\" data-n=\"Pampeago\"><i class=\"fa fa-location-pin\"><\/i><em class=\"event_location_name\">Pampeago<\/em>, Localit\u00e0 Pampeago, 8, 38038 Tesero TN<\/em><\/span><\/span><span class='evoet_data' data-d=\"{&quot;loc.n&quot;:&quot;Pampeago&quot;,&quot;orgs&quot;:[],&quot;tags&quot;:{&quot;repeating&quot;:&quot;Repeating Event&quot;}}\" data-bgc=\"#38823b\" data-bggrad=\"\" ><\/span><\/a><\/p><div class='event_description evcal_eventcard ' style=\"display:none\"><div class='evocard_row'><div id='event_ftimage' class='evocard_box ftimage' data-c='' \n\t\t\t\t\tstyle=''><div class='evocard_main_image_hold' data-t='Loading Image..'><div class='evocard_main_image evo_img_triglb evobr15 evobgsc evobgpc evodfx evofx_jc_c evofx_ai_c evofz48 minmized' style='height:300px; background-image:url();' data-f=\"https:\/\/latemarium.com\/wp-content\/uploads\/2023\/06\/respirart-respiro-arte-natura.jpg\" data-h=\"602\" data-w=\"899\" data-ratio=\"0.66963292547275\" data-event_id=\"2489\" data-ri=\"5\"  data-t='Loading Image..'><span style='height:300px; background-image:url(https:\/\/latemarium.com\/wp-content\/uploads\/2023\/06\/respirart-respiro-arte-natura.jpg)'><\/span><\/div><\/div><\/div><\/div><div class='evocard_row'><div id='event_eventdetails' class='evocard_box eventdetails' data-c='' \n\t\t\t\t\tstyle=''><div class='evo_metarow_details evorow evcal_evdata_row evcal_event_details'>\n\t\t<div class=\"event_excerpt\" style=\"display:none\"><h3 class=\"padb5 evo_h3\">Details zur Veranstaltung<\/h3><p>Kunst in der H\u00f6he: Entdeckungsreise durch RespirArt zwischen Natur und Installationen<\/p><\/div><span class='evcal_evdata_icons'><i class='fa fa-align-justify'><\/i><\/span>\n\t\t\n\t\t<div class='evcal_evdata_cell shorter_desc'>\n\t\t\t<div class='eventon_full_description'>\n\t\t\t\t<h3 class='padb5 evo_h3'><span class='evcal_evdata_icons'><i class='fa fa-align-justify'><\/i><\/span>Details zur Veranstaltung<\/h3>\n\t\t\t\t<div class='eventon_desc_in' itemprop='description'>\n\t\t\t\t<h2>Kunst in der H\u00f6he: Entdeckungsreise durch RespirArt zwischen Natur und Installationen<\/h2>\n<p><span data-sheets-value=\"{&quot;1&quot;:2,&quot;2&quot;:&quot;Es beginnt um 9.30 Uhr vor dem Agnello-Sessellift-Seminovia, wo Sie den k\u00fcnstlerischen F\u00fchrer treffen, der Ihnen die Samen liefert und Sie bei der Aussaat von Blumen von oben begleitet, um Blumen zu erzeugen und so die Erde, die Bienen, die Ziegen und die K\u00fche Anschlie\u00dfend f\u00fchrt Sie der F\u00fchrer zu den Kunstwerken im Park. Auf dem 3 km langen Rundgang entdecken Sie die Inspirationen der K\u00fcnstler, die in Anwesenheit des Latemar k\u00fcnstlerische Gesten schufen.rnAktivit\u00e4t f\u00fcr Erwachsene geeignetrnKostenlose Aktivit\u00e4t (ohne Liftticket)rn&quot;}\" data-sheets-userformat=\"{&quot;2&quot;:15235,&quot;3&quot;:{&quot;1&quot;:0},&quot;4&quot;:{&quot;1&quot;:2,&quot;2&quot;:15987699},&quot;10&quot;:1,&quot;11&quot;:1,&quot;12&quot;:0,&quot;14&quot;:{&quot;1&quot;:2,&quot;2&quot;:5592405},&quot;15&quot;:&quot;Roboto&quot;,&quot;16&quot;:10}\">Es beginnt um 9.30 Uhr vor dem Agnello-Sessellift-&#8220;Seminovia&#8221;, wo Sie den k\u00fcnstlerischen F\u00fchrer treffen, der Ihnen die Samen liefert und Sie bei der Aussaat von Blumen von oben begleitet, um Blumen zu erzeugen und so die Erde, die Bienen, die Ziegen und die K\u00fche. <\/span><\/p>\n<p><span data-sheets-value=\"{&quot;1&quot;:2,&quot;2&quot;:&quot;Es beginnt um 9.30 Uhr vor dem Agnello-Sessellift-Seminovia, wo Sie den k\u00fcnstlerischen F\u00fchrer treffen, der Ihnen die Samen liefert und Sie bei der Aussaat von Blumen von oben begleitet, um Blumen zu erzeugen und so die Erde, die Bienen, die Ziegen und die K\u00fche Anschlie\u00dfend f\u00fchrt Sie der F\u00fchrer zu den Kunstwerken im Park. Auf dem 3 km langen Rundgang entdecken Sie die Inspirationen der K\u00fcnstler, die in Anwesenheit des Latemar k\u00fcnstlerische Gesten schufen.rnAktivit\u00e4t f\u00fcr Erwachsene geeignetrnKostenlose Aktivit\u00e4t (ohne Liftticket)rn&quot;}\" data-sheets-userformat=\"{&quot;2&quot;:15235,&quot;3&quot;:{&quot;1&quot;:0},&quot;4&quot;:{&quot;1&quot;:2,&quot;2&quot;:15987699},&quot;10&quot;:1,&quot;11&quot;:1,&quot;12&quot;:0,&quot;14&quot;:{&quot;1&quot;:2,&quot;2&quot;:5592405},&quot;15&quot;:&quot;Roboto&quot;,&quot;16&quot;:10}\">Anschlie\u00dfend f\u00fchrt Sie der F\u00fchrer zu den Kunstwerken im Park. Auf dem 3 km langen Rundgang entdecken Sie die Inspirationen der K\u00fcnstler, die in Anwesenheit des Latemar k\u00fcnstlerische Gesten schufen. <\/span><\/p>\n<p><span data-sheets-value=\"{&quot;1&quot;:2,&quot;2&quot;:&quot;Es beginnt um 9.30 Uhr vor dem Agnello-Sessellift-Seminovia, wo Sie den k\u00fcnstlerischen F\u00fchrer treffen, der Ihnen die Samen liefert und Sie bei der Aussaat von Blumen von oben begleitet, um Blumen zu erzeugen und so die Erde, die Bienen, die Ziegen und die K\u00fche Anschlie\u00dfend f\u00fchrt Sie der F\u00fchrer zu den Kunstwerken im Park. Auf dem 3 km langen Rundgang entdecken Sie die Inspirationen der K\u00fcnstler, die in Anwesenheit des Latemar k\u00fcnstlerische Gesten schufen.rnAktivit\u00e4t f\u00fcr Erwachsene geeignetrnKostenlose Aktivit\u00e4t (ohne Liftticket)rn&quot;}\" data-sheets-userformat=\"{&quot;2&quot;:15235,&quot;3&quot;:{&quot;1&quot;:0},&quot;4&quot;:{&quot;1&quot;:2,&quot;2&quot;:15987699},&quot;10&quot;:1,&quot;11&quot;:1,&quot;12&quot;:0,&quot;14&quot;:{&quot;1&quot;:2,&quot;2&quot;:5592405},&quot;15&quot;:&quot;Roboto&quot;,&quot;16&quot;:10}\">Aktivit\u00e4t f\u00fcr Erwachsene.<\/span><\/p>\n<p><a href=\"https:\/\/www.visitfiemme.it\/de\/veranstaltungen\/fiemme-cembra-guest-card\/erlebnisse\/erlebnisse-sommer\" target=\"_blank\" rel=\"noopener\">Reservierung erforderlich<\/a>.<\/p>\n<\/div><p class='eventon_shad_p' style='padding:5px 0 0; margin:0'>\n\t\t\t<span class='evcal_btn evo_btn_secondary evobtn_details_show_more' content='less'>\n\t\t\t\t<span class='ev_more_text' data-txt='Weniger'>Mehr<\/span><span class='ev_more_arrow ard'><\/span>\n\t\t\t<\/span>\n\t\t<\/p><div class='clear'><\/div>\n\t\t\t<\/div>\n\t\t<\/div>\n\t<\/div><\/div><\/div><div class='evocard_row bx2 bx'><div id='event_time' class='evocard_box time' data-c='' \n\t\t\t\t\tstyle=''><div class='evo_metarow_time evorow evcal_evdata_row evcal_evrow_sm '>\n\t\t<span class='evcal_evdata_icons'><i class='fa fa-clock'><\/i><\/span>\n\t\t<div class='evcal_evdata_cell'>\t\t\t\t\t\t\t\n\t\t\t<h3 class='evo_h3'><span class='evcal_evdata_icons'><i class='fa fa-clock'><\/i><\/span>Zeitplan<\/h3><p><span class='evo_eventcard_time_t'>28 Juli 2026 09:30<\/span><span class='evo_tz marr5'>(GMT+02:00)<\/span><\/p>\n\t\t<\/div>\n\t<\/div><\/div><div id='event_location' class='evocard_box location' data-c='' \n\t\t\t\t\tstyle=''><div class='evcal_evdata_row evo_metarow_time_location evorow '>\n\t\t\n\t\t\t<span class='evcal_evdata_icons'><i class='fa fa-map-marker'><\/i><\/span>\n\t\t\t<div class='evcal_evdata_cell' data-loc_tax_id='32'><h3 class='evo_h3 evodfx'><span class='evcal_evdata_icons'><i class='fa fa-map-marker'><\/i><\/span>Ort<\/h3><p class='evo_location_name'>Pampeago<\/p><p class='evo_location_address evodfxi evogap10'>Localit\u00e0 Pampeago, 8, 38038 Tesero TN<\/p><div class='padt10'><span class='evo_btn_arr evolb_trigger' data-lbvals=\"{&quot;lbc&quot;:&quot;evo_location_lb_32&quot;,&quot;lbac&quot;:&quot;lb_max&quot;,&quot;t&quot;:&quot;Pampeago&quot;,&quot;ajax&quot;:&quot;yes&quot;,&quot;ajax_type&quot;:&quot;endpoint&quot;,&quot;ajax_action&quot;:&quot;eventon_get_tax_card_content&quot;,&quot;end&quot;:&quot;client&quot;,&quot;d&quot;:{&quot;lang&quot;:&quot;L2&quot;,&quot;term_id&quot;:32,&quot;tax&quot;:&quot;event_location&quot;,&quot;load_lbcontent&quot;:true},&quot;uid&quot;:&quot;eventon_get_tax_card_content&quot;}\" >Other Events<i class='fa fa-chevron-right'><\/i><\/span><\/div><\/div>\n\t\t\n\t<\/div><\/div><\/div><div class='evocard_row'><div id='event_addtocal' class='evocard_box addtocal' data-c='' \n\t\t\t\t\tstyle=''><div class='evo_metarow_ICS evorow evcal_evdata_row'>\n\t\t\t<span class='evcal_evdata_icons'><i class='fa fa-calendar-o'><\/i><\/span>\n\t\t\t<div class='evcal_evdata_cell'>\n\t\t\t\t<p><a href='https:\/\/latemarium.com\/de\/export-events\/2489_5\/?nonce=7b34e59f7d' class='evo_ics_nCal' title='Zu Ihrem Kalender hinzuf\u00fcgen'>Kalender<\/a><a href='https:\/\/www.google.com\/calendar\/event?action=TEMPLATE&text=Respirart%3A+Kunst+und+Natur&dates=20260728T073000Z%2F20260728T215900Z&ctz=Europe%2FRome&details=Respirart: Kunst und Natur&location=Pampeago+Localit%C3%A0+Pampeago%2C+8%2C+38038+Tesero+TN' target='_blank' class='evo_ics_gCal' title='Zu Google Kalender hinzuf\u00fcgen'>GoogleCal<\/a><\/p>\t\n\t\t\t<\/div>\n\t\t<\/div><\/div><\/div><div class='evocard_row'><div id='event_repeats' class='evocard_box repeats' data-c='' \n\t\t\t\t\tstyle=''><div class='evo_metarow_repeats evorow evcal_evdata_row evcal_evrow_sm '>\n\t\t<span class='evcal_evdata_icons'><i class='fa fa-repeat'><\/i><\/span>\n\t\t<div class='evcal_evdata_cell'>\t\t\t\t\t\t\t\n\t\t\t<h3 class='evo_h3'>Zeitplan f\u00fcr k\u00fcnftige Veranstaltungen dieser Veranstaltungsreihe<\/h3><div class='evo_elm_HCS evo_repeat_series' style=''><span class='evo_elmHCS_nav HCSnavL evo_repeat_series content_slide_trig'><i class='fa fa-chevron-left'><\/i><\/span><span class='evo_elmHCS_nav HCSnavR evo_repeat_series content_slide_trig'><i class='fa fa-chevron-right'><\/i><\/span><div class='evo_elm_HCS_in'><div class='evo_repeat_series_dates clickable evodfx evofx_dr_r evogap10' data-click='1' data-event_url='https:\/\/latemarium.com\/de\/events\/respirart-kunst-und-natur\/var\/ri-5.l-L2'><span class='evo_repeat_series_date evodfx evofx_dr_r evofx_ai_c evogap5 evobr15 evobrdB1 evocl1 evopad15 evottu evofz14 evocurp evo_trans_sc1_03 evoHbgcw' data-ux=\"def\" data-l=\"https:\/\/latemarium.com\/de\/events\/respirart-kunst-und-natur\/var\/ri-6.l-L2\" ><span class='evodfx evofx_dr_c evotac evofx_jc_c'><b class='j evofz16'>4<\/b><b class='fy'>August <\/b><em class='t evofsn'>09:30<\/em><\/span><\/span><span class='evo_repeat_series_date evodfx evofx_dr_r evofx_ai_c evogap5 evobr15 evobrdB1 evocl1 evopad15 evottu evofz14 evocurp evo_trans_sc1_03 evoHbgcw' data-ux=\"def\" data-l=\"https:\/\/latemarium.com\/de\/events\/respirart-kunst-und-natur\/var\/ri-7.l-L2\" ><span class='evodfx evofx_dr_c evotac evofx_jc_c'><b class='j evofz16'>11<\/b><b class='fy'>August <\/b><em class='t evofsn'>09:30<\/em><\/span><\/span><span class='evo_repeat_series_date evodfx evofx_dr_r evofx_ai_c evogap5 evobr15 evobrdB1 evocl1 evopad15 evottu evofz14 evocurp evo_trans_sc1_03 evoHbgcw' data-ux=\"def\" data-l=\"https:\/\/latemarium.com\/de\/events\/respirart-kunst-und-natur\/var\/ri-8.l-L2\" ><span class='evodfx evofx_dr_c evotac evofx_jc_c'><b class='j evofz16'>18<\/b><b class='fy'>August <\/b><em class='t evofsn'>09:30<\/em><\/span><\/span><span class='evo_repeat_series_date evodfx evofx_dr_r evofx_ai_c evogap5 evobr15 evobrdB1 evocl1 evopad15 evottu evofz14 evocurp evo_trans_sc1_03 evoHbgcw' data-ux=\"def\" data-l=\"https:\/\/latemarium.com\/de\/events\/respirart-kunst-und-natur\/var\/ri-9.l-L2\" ><span class='evodfx evofx_dr_c evotac evofx_jc_c'><b class='j evofz16'>25<\/b><b class='fy'>August <\/b><em class='t evofsn'>09:30<\/em><\/span><\/span><span class='evo_repeat_series_date evodfx evofx_dr_r evofx_ai_c evogap5 evobr15 evobrdB1 evocl1 evopad15 evottu evofz14 evocurp evo_trans_sc1_03 evoHbgcw' data-ux=\"def\" data-l=\"https:\/\/latemarium.com\/de\/events\/respirart-kunst-und-natur\/var\/ri-10.l-L2\" ><span class='evodfx evofx_dr_c evotac evofx_jc_c'><b class='j evofz16'>1<\/b><b class='fy'>September <\/b><em class='t evofsn'>09:30<\/em><\/span><\/span><span class='evo_repeat_series_date evodfx evofx_dr_r evofx_ai_c evogap5 evobr15 evobrdB1 evocl1 evopad15 evottu evofz14 evocurp evo_trans_sc1_03 evoHbgcw' data-ux=\"def\" data-l=\"https:\/\/latemarium.com\/de\/events\/respirart-kunst-und-natur\/var\/ri-11.l-L2\" ><span class='evodfx evofx_dr_c evotac evofx_jc_c'><b class='j evofz16'>8<\/b><b class='fy'>September <\/b><em class='t evofsn'>09:30<\/em><\/span><\/span><\/div><\/div><\/div><\/div><\/div><\/div><\/div><div class='evocard_row'><div id='event_getdirection' class='evocard_box getdirection' data-c='' \n\t\t\t\t\tstyle=''><div class='evo_metarow_getDr evorow evcal_evdata_row evcal_evrow_sm getdirections'>\n\t\t<form action='https:\/\/maps.google.com\/maps' method='get' target='_blank'>\n\t\t\t<input type='hidden' name='daddr' value=\"Localit\u00e0 Pampeago, 8, 38038 Tesero TN\"\/> \n\t\t\t<div class='evo_get_direction_content evo_fx_dr_r evogap10'>\n\t\t\t\t<span class='evogetdir_header evodfx evofx_dr_r evofx_ai_c marr10'>\n\t\t\t\t\t<i class='mainicon fa fa-road'><\/i> \n\t\t\t\t\t<h3 class='evo_h3' style='padding-bottom:5px;'>Wegbeschreibung abrufen<\/h3>\n\t\t\t\t<\/span>\n\t\t\t\t<span class='evogetdir_field evodfx evofx_1_1 evo_fx_dr_c evow100p'>\t\t\t\t\t\n\t\t\t\t\t<input class='evoInput evotac' type='text' name='saddr' placeholder='&quot;Geben Sie die Adresse ein' value='' style='margin:10px 0;'\/>\n\t\t\t\t<\/span>\n\t\t\t\t<button type='submit' class='evo_get_direction_button evo_btn_arr_circ dfx fx_ai_c' title='&quot;Klicken Sie hier'><i class='fa fa-chevron-right'><\/i> <\/button>\n\t\t\t<\/div>\n\t\t<\/form>\n\t<\/div><\/div><\/div><div class='evo_card_row_end evcal_close' title='Schlie\u00dfen'><\/div><\/div><div class='clear end'><\/div><\/div><div id=\"event_2856_3\" class=\"eventon_list_event evo_eventtop scheduled  event clrW no_et event_2856_3\" data-event_id=\"2856\" data-ri=\"3r\" data-time=\"1785229200-1785275940\" data-colr=\"#a69dcd\" itemscope itemtype='http:\/\/schema.org\/Event'><div class=\"evo_event_schema\" style=\"display:none\" ><a itemprop='url'  href='https:\/\/latemarium.com\/de\/events\/dort-oben-erwartet-uns-die-strasse-des-dahu-2\/var\/ri-3.l-L2'><\/a><meta itemprop='image' content=\"https:\/\/latemarium.com\/wp-content\/uploads\/2023\/06\/forse-dahu-sa.jpg\" \/><meta itemprop='startDate' content=\"2026-7-28T11:00+0:00\" \/><meta itemprop='endDate' content=\"2026-7-28T23:59+0:00\" \/><meta itemprop='eventStatus' content=\"https:\/\/schema.org\/EventScheduled\" \/><meta itemprop='eventAttendanceMode'   itemscope itemtype=\"https:\/\/schema.org\/OfflineEventAttendanceMode\"\/><script type=\"application\/ld+json\">{\"@context\": \"http:\/\/schema.org\",\"@type\": \"Event\",\n\t\t\t\t\"@id\": \"event_2856_3\",\n\t\t\t\t\"eventAttendanceMode\":\"https:\/\/schema.org\/OfflineEventAttendanceMode\",\n\t\t\t\t\"eventStatus\":\"https:\/\/schema.org\/EventScheduled\",\n\t\t\t\t\"name\": \"DORT OBEN ERWARTET UNS DIE STRASSE DES DAH\u00d9\",\n\t\t\t\t\"url\": \"https:\/\/latemarium.com\/de\/events\/dort-oben-erwartet-uns-die-strasse-des-dahu-2\/var\/ri-3.l-L2\",\n\t\t\t\t\"startDate\": \"2026-7-28T11:00+0:00\",\n\t\t\t\t\"endDate\": \"2026-7-28T23:59+0:00\",\n\t\t\t\t\"image\":\"https:\/\/latemarium.com\/wp-content\/uploads\/2023\/06\/forse-dahu-sa.jpg\", \n\t\t\t\t\"description\":\"<p>\u201eDas unerkl\u00e4rliche Gleichgewicht des Dahu f\u00fchrt die Forscher zu einer gro\u00dfen Entwicklung mit st\u00e4ndigen Perspektivwechseln: von oben nach unten, von hier nach dort\u201c.<\/p> <p>Dienstags: vom 7. Juli bis 25. August 2026<br \/> bei der Bergstation der Gondelbahn Predazzo \u2013 Gardon\u00e8<br \/> um 11.00 Uhr<br \/> F\u00fcr Familien (Dauer: 1h30\u2018)<br \/> Vorstellung auf Italienisch<\/p> <p>&nbsp;<\/p> <p>&nbsp;<\/p> \"}<\/script><\/div>\r\n\t\t\t\t<p class=\"desc_trig_outter\" style=\"\"><a data-gmap_status=\"null\" data-exlk=\"0\" style=\"background-color: #a69dcd;\" id=\"evc_17852292002856\" class=\"hasFtIMG event_repeat desc_trig sin_val evcal_list_a\" data-ux_val=\"3\" data-ux_val_mob=\"-\"  ><span class='evoet_c1 evoet_cx '><span class='ev_ftImg' data-img='https:\/\/latemarium.com\/wp-content\/uploads\/2023\/06\/forse-dahu-sa.jpg' data-thumb='https:\/\/latemarium.com\/wp-content\/uploads\/2023\/06\/forse-dahu-sa-300x204.jpg' style='background-image:url(\"https:\/\/latemarium.com\/wp-content\/uploads\/2023\/06\/forse-dahu-sa-300x204.jpg\")' ><\/span><\/span><span class='evoet_c2 evoet_cx '><span class='evoet_dayblock evcal_cblock ' data-bgcolor='#a69dcd' data-smon='Juli' data-syr='2026' data-bub=''><span class='evo_start '><em class='date'>28<\/em><em class='month'>Jul<\/em><em class='time'>11:00<\/em><\/span><\/span><\/span><span class='evoet_c3 evoet_cx evcal_desc hide_eventtopdata '><span class='evoet_title evcal_desc2 evcal_event_title ' itemprop='name'>DORT OBEN ERWARTET UNS DIE STRASSE DES DAH\u00d9<\/span><span class='event_location_attrs' data-location_type=\"lonlat\" data-location_name=\"Seilbahn Ankunft Predazzo-Gardon\u00e8\" data-location_url=\"https:\/\/latemarium.com\/de\/event-location\/seilbahn-ankunft-predazzo-gardone\/\" data-location_status=\"true\" data-latlng=\"46.32878794406342,11.600176728690842\"><\/span><span class='evoet_subtitle evo_below_title' ><span class='evcal_event_subtitle ' >auf dem Pfad des Zerstreuten Hirten<\/span><\/span><span class='evoet_time_expand level_3'><em class='evcal_time evo_tz_time'><i class='fa fa-clock-o'><\/i>11:00<span class='evo_tz marl5'>(GMT+02:00)<\/span><\/em> <\/span><span class='evoet_location level_3'><em class=\"evcal_location\"  data-latlng=\"46.32878794406342,11.600176728690842\" data-add_str=\"\" data-n=\"Seilbahn Ankunft Predazzo-Gardon\u00e8\"><i class=\"fa fa-location-pin\"><\/i><em class=\"event_location_name\">Seilbahn Ankunft Predazzo-Gardon\u00e8<\/em><\/em><\/span><\/span><span class='evoet_data' data-d=\"{&quot;loc.n&quot;:&quot;Seilbahn Ankunft Predazzo-Gardon\\u00e8&quot;,&quot;orgs&quot;:[],&quot;tags&quot;:{&quot;repeating&quot;:&quot;Repeating Event&quot;}}\" data-bgc=\"#a69dcd\" data-bggrad=\"\" ><\/span><\/a><\/p><div class='event_description evcal_eventcard ' style=\"display:none\"><div class='evocard_row'><div id='event_ftimage' class='evocard_box ftimage' data-c='' \n\t\t\t\t\tstyle=''><div class='evocard_main_image_hold' data-t='Loading Image..'><div class='evocard_main_image evo_img_triglb evobr15 evobgsc evobgpc evodfx evofx_jc_c evofx_ai_c evofz48 minmized' style='height:300px; background-image:url();' data-f=\"https:\/\/latemarium.com\/wp-content\/uploads\/2023\/06\/forse-dahu-sa.jpg\" data-h=\"587\" data-w=\"862\" data-ratio=\"0.68097447795824\" data-event_id=\"2856\" data-ri=\"3\"  data-t='Loading Image..'><span style='height:300px; background-image:url(https:\/\/latemarium.com\/wp-content\/uploads\/2023\/06\/forse-dahu-sa.jpg)'><\/span><\/div><\/div><\/div><\/div><div class='evocard_row'><div id='event_eventdetails' class='evocard_box eventdetails' data-c='' \n\t\t\t\t\tstyle=''><div class='evo_metarow_details evorow evcal_evdata_row evcal_event_details'>\n\t\t<div class=\"event_excerpt\" style=\"display:none\"><h3 class=\"padb5 evo_h3\">Details zur Veranstaltung<\/h3><p>\u201eDas unerkl\u00e4rliche Gleichgewicht des Dahu f\u00fchrt die Forscher zu einer gro\u00dfen Entwicklung mit st\u00e4ndigen Perspektivwechseln: von oben nach unten, von hier nach dort\u201c.\nDienstags: vom 7. Juli bis 25. August 2026<\/p><\/div><span class='evcal_evdata_icons'><i class='fa fa-align-justify'><\/i><\/span>\n\t\t\n\t\t<div class='evcal_evdata_cell '>\n\t\t\t<div class='eventon_full_description'>\n\t\t\t\t<h3 class='padb5 evo_h3'><span class='evcal_evdata_icons'><i class='fa fa-align-justify'><\/i><\/span>Details zur Veranstaltung<\/h3>\n\t\t\t\t<div class='eventon_desc_in' itemprop='description'>\n\t\t\t\t<p>\u201eDas unerkl\u00e4rliche Gleichgewicht des Dahu f\u00fchrt die Forscher zu einer gro\u00dfen Entwicklung mit st\u00e4ndigen Perspektivwechseln: von oben nach unten, von hier nach dort\u201c.<\/p>\n<p>Dienstags: vom 7. Juli bis 25. August 2026<br \/>\nbei der Bergstation der Gondelbahn Predazzo \u2013 Gardon\u00e8<br \/>\num 11.00 Uhr<br \/>\nF\u00fcr Familien (Dauer: 1h30\u2018)<br \/>\nVorstellung auf Italienisch<\/p>\n<p>&nbsp;<\/p>\n<p>&nbsp;<\/p>\n<\/div><div class='clear'><\/div>\n\t\t\t<\/div>\n\t\t<\/div>\n\t<\/div><\/div><\/div><div class='evocard_row bx2 bx'><div id='event_time' class='evocard_box time' data-c='' \n\t\t\t\t\tstyle=''><div class='evo_metarow_time evorow evcal_evdata_row evcal_evrow_sm '>\n\t\t<span class='evcal_evdata_icons'><i class='fa fa-clock'><\/i><\/span>\n\t\t<div class='evcal_evdata_cell'>\t\t\t\t\t\t\t\n\t\t\t<h3 class='evo_h3'><span class='evcal_evdata_icons'><i class='fa fa-clock'><\/i><\/span>Zeitplan<\/h3><p><span class='evo_eventcard_time_t'>28 Juli 2026 11:00<\/span><span class='evo_tz marr5'>(GMT+02:00)<\/span><\/p>\n\t\t<\/div>\n\t<\/div><\/div><div id='event_location' class='evocard_box location' data-c='' \n\t\t\t\t\tstyle=''><div class='evcal_evdata_row evo_metarow_time_location evorow '>\n\t\t\n\t\t\t<span class='evcal_evdata_icons'><i class='fa fa-map-marker'><\/i><\/span>\n\t\t\t<div class='evcal_evdata_cell' data-loc_tax_id='36'><h3 class='evo_h3 evodfx'><span class='evcal_evdata_icons'><i class='fa fa-map-marker'><\/i><\/span>Ort<\/h3><p class='evo_location_name'>Seilbahn Ankunft Predazzo-Gardon\u00e8<\/p><div class='padt10'><span class='evo_btn_arr evolb_trigger' data-lbvals=\"{&quot;lbc&quot;:&quot;evo_location_lb_36&quot;,&quot;lbac&quot;:&quot;lb_max&quot;,&quot;t&quot;:&quot;Seilbahn Ankunft Predazzo-Gardon\\u00e8&quot;,&quot;ajax&quot;:&quot;yes&quot;,&quot;ajax_type&quot;:&quot;endpoint&quot;,&quot;ajax_action&quot;:&quot;eventon_get_tax_card_content&quot;,&quot;end&quot;:&quot;client&quot;,&quot;d&quot;:{&quot;lang&quot;:&quot;L2&quot;,&quot;term_id&quot;:36,&quot;tax&quot;:&quot;event_location&quot;,&quot;load_lbcontent&quot;:true},&quot;uid&quot;:&quot;eventon_get_tax_card_content&quot;}\" >Other Events<i class='fa fa-chevron-right'><\/i><\/span><\/div><\/div>\n\t\t\n\t<\/div><\/div><\/div><div class='evocard_row bx2 bx'><div id='event_learnmore' class='evocard_box learnmore' data-c='' \n\t\t\t\t\tstyle=''><div class='evo_metarow_learnM evo_metarow_learnmore evorow'>\n\t\t\t\t\t\t\t<a class='evcal_evdata_row evo_clik_row ' href='https:\/\/www.montagnanimata.it\/de\/spektakel\/' target=\"_blank\">\n\t\t\t\t\t\t\t\t<span class='evcal_evdata_icons'><i class='fa fa-link'><\/i><\/span>\n\t\t\t\t\t\t\t\t<h3 class='evo_h3'>Entdecke mehr<\/h3>\n\t\t\t\t\t\t\t<\/a>\n\t\t\t\t\t\t\t<\/div><\/div><div id='event_addtocal' class='evocard_box addtocal' data-c='' \n\t\t\t\t\tstyle=''><div class='evo_metarow_ICS evorow evcal_evdata_row'>\n\t\t\t<span class='evcal_evdata_icons'><i class='fa fa-calendar-o'><\/i><\/span>\n\t\t\t<div class='evcal_evdata_cell'>\n\t\t\t\t<p><a href='https:\/\/latemarium.com\/de\/export-events\/2856_3\/?nonce=7b34e59f7d' class='evo_ics_nCal' title='Zu Ihrem Kalender hinzuf\u00fcgen'>Kalender<\/a><a href='https:\/\/www.google.com\/calendar\/event?action=TEMPLATE&text=DORT+OBEN+ERWARTET+UNS+DIE+STRASSE+DES+DAH%C3%99&dates=20260728T090000Z%2F20260728T215900Z&ctz=Europe%2FRome&details=DORT OBEN ERWARTET UNS DIE STRASSE DES DAH\u00d9&location=Seilbahn+Ankunft+Predazzo-Gardon%C3%A8' target='_blank' class='evo_ics_gCal' title='Zu Google Kalender hinzuf\u00fcgen'>GoogleCal<\/a><\/p>\t\n\t\t\t<\/div>\n\t\t<\/div><\/div><\/div><div class='evocard_row'><div id='event_getdirection' class='evocard_box getdirection' data-c='' \n\t\t\t\t\tstyle=''><div class='evo_metarow_getDr evorow evcal_evdata_row evcal_evrow_sm getdirections'>\n\t\t<form action='https:\/\/maps.google.com\/maps' method='get' target='_blank'>\n\t\t\t<input type='hidden' name='daddr' value=\"46.32878794406342,11.600176728690842\"\/> \n\t\t\t<div class='evo_get_direction_content evo_fx_dr_r evogap10'>\n\t\t\t\t<span class='evogetdir_header evodfx evofx_dr_r evofx_ai_c marr10'>\n\t\t\t\t\t<i class='mainicon fa fa-road'><\/i> \n\t\t\t\t\t<h3 class='evo_h3' style='padding-bottom:5px;'>Wegbeschreibung abrufen<\/h3>\n\t\t\t\t<\/span>\n\t\t\t\t<span class='evogetdir_field evodfx evofx_1_1 evo_fx_dr_c evow100p'>\t\t\t\t\t\n\t\t\t\t\t<input class='evoInput evotac' type='text' name='saddr' placeholder='&quot;Geben Sie die Adresse ein' value='' style='margin:10px 0;'\/>\n\t\t\t\t<\/span>\n\t\t\t\t<button type='submit' class='evo_get_direction_button evo_btn_arr_circ dfx fx_ai_c' title='&quot;Klicken Sie hier'><i class='fa fa-chevron-right'><\/i> <\/button>\n\t\t\t<\/div>\n\t\t<\/form>\n\t<\/div><\/div><\/div><div class='evo_card_row_end evcal_close' title='Schlie\u00dfen'><\/div><\/div><div class='clear end'><\/div><\/div><div id=\"event_2107_5\" class=\"eventon_list_event evo_eventtop scheduled  event clrW no_et event_2107_5\" data-event_id=\"2107\" data-ri=\"5r\" data-time=\"1785238200-1785275940\" data-colr=\"#facd05\" itemscope itemtype='http:\/\/schema.org\/Event'><div class=\"evo_event_schema\" style=\"display:none\" ><a itemprop='url'  href='https:\/\/latemarium.com\/de\/events\/mindful-latemar\/var\/ri-5.l-L2'><\/a><meta itemprop='image' content=\"https:\/\/latemarium.com\/wp-content\/uploads\/2023\/06\/\u00a9Obereggen_LatemarAG.SpA_Mindful.Latemar_Ph.Guenther.Pichler_06.jpg\" \/><meta itemprop='startDate' content=\"2026-7-28T13:30+0:00\" \/><meta itemprop='endDate' content=\"2026-7-28T23:59+0:00\" \/><meta itemprop='eventStatus' content=\"https:\/\/schema.org\/EventScheduled\" \/><meta itemprop='eventAttendanceMode'   itemscope itemtype=\"https:\/\/schema.org\/OfflineEventAttendanceMode\"\/><div style=\"display:none\" itemprop=\"location\" itemscope itemtype=\"http:\/\/schema.org\/Place\"><span itemprop=\"name\">Talstation Obereggen<\/span><span itemprop=\"address\" itemscope itemtype=\"http:\/\/schema.org\/PostalAddress\"><item itemprop=\"streetAddress\">Obereggen 16 I-39050 Deutschnofen (BZ)<\/item><\/span><\/div><script type=\"application\/ld+json\">{\"@context\": \"http:\/\/schema.org\",\"@type\": \"Event\",\n\t\t\t\t\"@id\": \"event_2107_5\",\n\t\t\t\t\"eventAttendanceMode\":\"https:\/\/schema.org\/OfflineEventAttendanceMode\",\n\t\t\t\t\"eventStatus\":\"https:\/\/schema.org\/EventScheduled\",\n\t\t\t\t\"name\": \"Mindful.Latemar\",\n\t\t\t\t\"url\": \"https:\/\/latemarium.com\/de\/events\/mindful-latemar\/var\/ri-5.l-L2\",\n\t\t\t\t\"startDate\": \"2026-7-28T13:30+0:00\",\n\t\t\t\t\"endDate\": \"2026-7-28T23:59+0:00\",\n\t\t\t\t\"image\":\"https:\/\/latemarium.com\/wp-content\/uploads\/2023\/06\/\u00a9Obereggen_LatemarAG.SpA_Mindful.Latemar_Ph.Guenther.Pichler_06.jpg\", \n\t\t\t\t\"description\":\"<p>Mindful.Latemar befindet sich in Obereggen entlang des <strong>Rundweges auf dem Golfrion<\/strong>, am Fu\u00dfe der Dolomiten auf 1872 Metern Meeresh\u00f6he.<\/p> <p>Der Weg beinhaltet <strong>18 verschiedene Mindfulness-\u00dcbungen<\/strong> an einem besonderen Ort, der nach dem Sturm Vaia im November 2018 ein Beispiel f\u00fcr Best\u00e4ndigkeit und Resilienz wurde.<\/p> <h3 class='wysiwyg__subline'>Dr. Thomas Bernagozzi begleitet dich immer dienstags:<\/h3> <div class='wysiwyg__description'> <p>von 13.30 bis 15.30 Uhr (auf Deutsch )<br \/> von 15.45 bis 17.45 Uhr (auf Italienisch)<\/p> <ul> <li>Treffpunkt: Talstation der Kabinenbahn &#8220;Obereggen-Ochsenweide&#8221;<\/li> <li>Kosten: 30 Euro inklusive der Berg- und Talfahrt<\/li> <li>Anmeldung online:\u00a0<a href='https:\/\/eggental.com\/de\/ajax-events#11944' target='_blank' rel='noopener'><strong><u>Eggental Tourismus<\/u><\/strong><\/a>\u00a0(max. 10 Personen)<\/li> <\/ul> <\/div> \",\"location\":[{\"@type\":\"Place\",\"name\":\"Talstation Obereggen\",\"address\":{\"@type\": \"PostalAddress\",\"streetAddress\":\"Obereggen 16 I-39050 Deutschnofen (BZ)\"}}]}<\/script><\/div>\r\n\t\t\t\t<p class=\"desc_trig_outter\" style=\"\"><a data-gmtrig=\"1\" data-exlk=\"0\" style=\"background-color: #facd05;\" id=\"evc_17852382002107\" class=\"hasFtIMG event_repeat desc_trig sin_val evcal_list_a\" data-ux_val=\"3\" data-ux_val_mob=\"-\"  ><span class='evoet_c1 evoet_cx '><span class='ev_ftImg' data-img='https:\/\/latemarium.com\/wp-content\/uploads\/2023\/06\/\u00a9Obereggen_LatemarAG.SpA_Mindful.Latemar_Ph.Guenther.Pichler_06.jpg' data-thumb='https:\/\/latemarium.com\/wp-content\/uploads\/2023\/06\/\u00a9Obereggen_LatemarAG.SpA_Mindful.Latemar_Ph.Guenther.Pichler_06-300x169.jpg' style='background-image:url(\"https:\/\/latemarium.com\/wp-content\/uploads\/2023\/06\/\u00a9Obereggen_LatemarAG.SpA_Mindful.Latemar_Ph.Guenther.Pichler_06-300x169.jpg\")' ><\/span><\/span><span class='evoet_c2 evoet_cx '><span class='evoet_dayblock evcal_cblock ' data-bgcolor='#facd05' data-smon='Juli' data-syr='2026' data-bub=''><span class='evo_start '><em class='date'>28<\/em><em class='month'>Jul<\/em><em class='time'>13:30<\/em><\/span><\/span><\/span><span class='evoet_c3 evoet_cx evcal_desc hide_eventtopdata '><span class='evoet_title evcal_desc2 evcal_event_title ' itemprop='name'>Mindful.Latemar<\/span><span class='event_location_attrs'  data-location_address=\"Obereggen 16 I-39050 Deutschnofen (BZ)\" data-location_type=\"lonlat\" data-location_name=\"Talstation Obereggen\" data-location_url=\"https:\/\/latemarium.com\/de\/event-location\/talstation-obereggen\/\" data-location_status=\"true\" data-latlng=\"46.3835808246333,11.52667595881786\"><\/span><span class='evoet_subtitle evo_below_title' ><span class='evcal_event_subtitle ' >Mindful.Latemar ist der erste immersive Achtsamkeitspfad in den Alpen.<\/span><\/span><span class='evoet_time_expand level_3'><em class='evcal_time evo_tz_time'><i class='fa fa-clock-o'><\/i>13:30<span class='evo_tz marl5'>(GMT+02:00)<\/span><\/em> <\/span><span class='evoet_location level_3'><em class=\"evcal_location\"  data-latlng=\"46.3835808246333,11.52667595881786\" data-add_str=\"Obereggen 16 I-39050 Deutschnofen (BZ)\" data-n=\"Talstation Obereggen\"><i class=\"fa fa-location-pin\"><\/i><em class=\"event_location_name\">Talstation Obereggen<\/em>, Obereggen 16 I-39050 Deutschnofen (BZ)<\/em><\/span><\/span><span class='evoet_data' data-d=\"{&quot;loc.n&quot;:&quot;Talstation Obereggen&quot;,&quot;orgs&quot;:[],&quot;tags&quot;:{&quot;repeating&quot;:&quot;Repeating Event&quot;}}\" data-bgc=\"#facd05\" data-bggrad=\"\" ><\/span><\/a><\/p><div class='event_description evcal_eventcard ' style=\"display:none\"><div class='evocard_row'><div id='event_ftimage' class='evocard_box ftimage' data-c='' \n\t\t\t\t\tstyle=''><div class='evocard_main_image_hold' data-t='Loading Image..'><div class='evocard_main_image evo_img_triglb evobr15 evobgsc evobgpc evodfx evofx_jc_c evofx_ai_c evofz48 minmized' style='height:300px; background-image:url();' data-f=\"https:\/\/latemarium.com\/wp-content\/uploads\/2023\/06\/\u00a9Obereggen_LatemarAG.SpA_Mindful.Latemar_Ph.Guenther.Pichler_06.jpg\" data-h=\"812\" data-w=\"1445\" data-ratio=\"0.56193771626298\" data-event_id=\"2107\" data-ri=\"5\"  data-t='Loading Image..'><span style='height:300px; background-image:url(https:\/\/latemarium.com\/wp-content\/uploads\/2023\/06\/\u00a9Obereggen_LatemarAG.SpA_Mindful.Latemar_Ph.Guenther.Pichler_06.jpg)'><\/span><\/div><\/div><\/div><\/div><div class='evocard_row'><div id='event_eventdetails' class='evocard_box eventdetails' data-c='' \n\t\t\t\t\tstyle=''><div class='evo_metarow_details evorow evcal_evdata_row evcal_event_details'>\n\t\t<div class=\"event_excerpt\" style=\"display:none\"><h3 class=\"padb5 evo_h3\">Details zur Veranstaltung<\/h3><p>Mindful.Latemar befindet sich in Obereggen entlang des Rundweges auf dem Golfrion, am Fu\u00dfe der Dolomiten auf 1872 Metern Meeresh\u00f6he.\nDer Weg beinhaltet 18 verschiedene Mindfulness-\u00dcbungen an einem besonderen Ort, der nach<\/p><\/div><span class='evcal_evdata_icons'><i class='fa fa-align-justify'><\/i><\/span>\n\t\t\n\t\t<div class='evcal_evdata_cell shorter_desc'>\n\t\t\t<div class='eventon_full_description'>\n\t\t\t\t<h3 class='padb5 evo_h3'><span class='evcal_evdata_icons'><i class='fa fa-align-justify'><\/i><\/span>Details zur Veranstaltung<\/h3>\n\t\t\t\t<div class='eventon_desc_in' itemprop='description'>\n\t\t\t\t<p>Mindful.Latemar befindet sich in Obereggen entlang des <strong>Rundweges auf dem Golfrion<\/strong>, am Fu\u00dfe der Dolomiten auf 1872 Metern Meeresh\u00f6he.<\/p>\n<p>Der Weg beinhaltet <strong>18 verschiedene Mindfulness-\u00dcbungen<\/strong> an einem besonderen Ort, der nach dem Sturm Vaia im November 2018 ein Beispiel f\u00fcr Best\u00e4ndigkeit und Resilienz wurde.<\/p>\n<h3 class=\"wysiwyg__subline\">Dr. Thomas Bernagozzi begleitet dich immer dienstags:<\/h3>\n<div class=\"wysiwyg__description\">\n<p>von 13.30 bis 15.30 Uhr (auf Deutsch )<br \/>\nvon 15.45 bis 17.45 Uhr (auf Italienisch)<\/p>\n<ul>\n<li>Treffpunkt: Talstation der Kabinenbahn &#8220;Obereggen-Ochsenweide&#8221;<\/li>\n<li>Kosten: 30 Euro inklusive der Berg- und Talfahrt<\/li>\n<li>Anmeldung online:\u00a0<a href=\"https:\/\/eggental.com\/de\/ajax-events#11944\" target=\"_blank\" rel=\"noopener\"><strong><u>Eggental Tourismus<\/u><\/strong><\/a>\u00a0(max. 10 Personen)<\/li>\n<\/ul>\n<\/div>\n<\/div><p class='eventon_shad_p' style='padding:5px 0 0; margin:0'>\n\t\t\t<span class='evcal_btn evo_btn_secondary evobtn_details_show_more' content='less'>\n\t\t\t\t<span class='ev_more_text' data-txt='Weniger'>Mehr<\/span><span class='ev_more_arrow ard'><\/span>\n\t\t\t<\/span>\n\t\t<\/p><div class='clear'><\/div>\n\t\t\t<\/div>\n\t\t<\/div>\n\t<\/div><\/div><\/div><div class='evocard_row bx2 bx'><div id='event_time' class='evocard_box time' data-c='' \n\t\t\t\t\tstyle=''><div class='evo_metarow_time evorow evcal_evdata_row evcal_evrow_sm '>\n\t\t<span class='evcal_evdata_icons'><i class='fa fa-clock'><\/i><\/span>\n\t\t<div class='evcal_evdata_cell'>\t\t\t\t\t\t\t\n\t\t\t<h3 class='evo_h3'><span class='evcal_evdata_icons'><i class='fa fa-clock'><\/i><\/span>Zeitplan<\/h3><p><span class='evo_eventcard_time_t'>28 Juli 2026 13:30<\/span><span class='evo_tz marr5'>(GMT+02:00)<\/span><\/p>\n\t\t<\/div>\n\t<\/div><\/div><div id='event_location' class='evocard_box location' data-c='' \n\t\t\t\t\tstyle=''><div class='evcal_evdata_row evo_metarow_time_location evorow '>\n\t\t\n\t\t\t<span class='evcal_evdata_icons'><i class='fa fa-map-marker'><\/i><\/span>\n\t\t\t<div class='evcal_evdata_cell' data-loc_tax_id='23'><h3 class='evo_h3 evodfx'><span class='evcal_evdata_icons'><i class='fa fa-map-marker'><\/i><\/span>Ort<\/h3><p class='evo_location_name'>Talstation Obereggen<\/p><p class='evo_location_address evodfxi evogap10'>Obereggen 16 I-39050 Deutschnofen (BZ)<\/p><div class='padt10'><span class='evo_btn_arr evolb_trigger' data-lbvals=\"{&quot;lbc&quot;:&quot;evo_location_lb_23&quot;,&quot;lbac&quot;:&quot;lb_max&quot;,&quot;t&quot;:&quot;Talstation Obereggen&quot;,&quot;ajax&quot;:&quot;yes&quot;,&quot;ajax_type&quot;:&quot;endpoint&quot;,&quot;ajax_action&quot;:&quot;eventon_get_tax_card_content&quot;,&quot;end&quot;:&quot;client&quot;,&quot;d&quot;:{&quot;lang&quot;:&quot;L2&quot;,&quot;term_id&quot;:23,&quot;tax&quot;:&quot;event_location&quot;,&quot;load_lbcontent&quot;:true},&quot;uid&quot;:&quot;eventon_get_tax_card_content&quot;}\" >Other Events<i class='fa fa-chevron-right'><\/i><\/span><\/div><\/div>\n\t\t\n\t<\/div><\/div><\/div><div class='evocard_row bx2 bx'><div id='event_learnmore' class='evocard_box learnmore' data-c='' \n\t\t\t\t\tstyle=''><div class='evo_metarow_learnM evo_metarow_learnmore evorow'>\n\t\t\t\t\t\t\t<a class='evcal_evdata_row evo_clik_row ' href='https:\/\/obereggen.com\/de\/mindfullatemar' target=\"_blank\">\n\t\t\t\t\t\t\t\t<span class='evcal_evdata_icons'><i class='fa fa-link'><\/i><\/span>\n\t\t\t\t\t\t\t\t<h3 class='evo_h3'>Entdecke mehr<\/h3>\n\t\t\t\t\t\t\t<\/a>\n\t\t\t\t\t\t\t<\/div><\/div><div id='event_addtocal' class='evocard_box addtocal' data-c='' \n\t\t\t\t\tstyle=''><div class='evo_metarow_ICS evorow evcal_evdata_row'>\n\t\t\t<span class='evcal_evdata_icons'><i class='fa fa-calendar-o'><\/i><\/span>\n\t\t\t<div class='evcal_evdata_cell'>\n\t\t\t\t<p><a href='https:\/\/latemarium.com\/de\/export-events\/2107_5\/?nonce=7b34e59f7d' class='evo_ics_nCal' title='Zu Ihrem Kalender hinzuf\u00fcgen'>Kalender<\/a><a href='https:\/\/www.google.com\/calendar\/event?action=TEMPLATE&text=Mindful.Latemar&dates=20260728T113000Z%2F20260728T215900Z&ctz=Europe%2FRome&details=Mindful.Latemar&location=Talstation+Obereggen+Obereggen+16+I-39050+Deutschnofen+%28BZ%29' target='_blank' class='evo_ics_gCal' title='Zu Google Kalender hinzuf\u00fcgen'>GoogleCal<\/a><\/p>\t\n\t\t\t<\/div>\n\t\t<\/div><\/div><\/div><div class='evocard_row'><div id='event_getdirection' class='evocard_box getdirection' data-c='' \n\t\t\t\t\tstyle=''><div class='evo_metarow_getDr evorow evcal_evdata_row evcal_evrow_sm getdirections'>\n\t\t<form action='https:\/\/maps.google.com\/maps' method='get' target='_blank'>\n\t\t\t<input type='hidden' name='daddr' value=\"46.3835808246333,11.52667595881786\"\/> \n\t\t\t<div class='evo_get_direction_content evo_fx_dr_r evogap10'>\n\t\t\t\t<span class='evogetdir_header evodfx evofx_dr_r evofx_ai_c marr10'>\n\t\t\t\t\t<i class='mainicon fa fa-road'><\/i> \n\t\t\t\t\t<h3 class='evo_h3' style='padding-bottom:5px;'>Wegbeschreibung abrufen<\/h3>\n\t\t\t\t<\/span>\n\t\t\t\t<span class='evogetdir_field evodfx evofx_1_1 evo_fx_dr_c evow100p'>\t\t\t\t\t\n\t\t\t\t\t<input class='evoInput evotac' type='text' name='saddr' placeholder='&quot;Geben Sie die Adresse ein' value='' style='margin:10px 0;'\/>\n\t\t\t\t<\/span>\n\t\t\t\t<button type='submit' class='evo_get_direction_button evo_btn_arr_circ dfx fx_ai_c' title='&quot;Klicken Sie hier'><i class='fa fa-chevron-right'><\/i> <\/button>\n\t\t\t<\/div>\n\t\t<\/form>\n\t<\/div><\/div><\/div><div class='evo_card_row_end evcal_close' title='Schlie\u00dfen'><\/div><\/div><div class='clear end'><\/div><\/div><div id=\"event_2684_3\" class=\"eventon_list_event evo_eventtop scheduled  event clrD event_2684_3\" data-event_id=\"2684\" data-ri=\"3r\" data-time=\"1785243600-1785249000\" data-colr=\"#ba181d\" itemscope itemtype='http:\/\/schema.org\/Event'><div class=\"evo_event_schema\" style=\"display:none\" ><a itemprop='url'  href='https:\/\/latemarium.com\/de\/events\/respirart-kleine-bergschmankerl-kochworkshop\/var\/ri-3.l-L2'><\/a><meta itemprop='image' content=\"https:\/\/latemarium.com\/wp-content\/uploads\/2019\/06\/Weigler_Schupf_Kaiserschmarren_2.jpg\" \/><meta itemprop='startDate' content=\"2026-7-28T15:00+0:00\" \/><meta itemprop='endDate' content=\"2026-7-28T16:30+0:00\" \/><meta itemprop='eventStatus' content=\"https:\/\/schema.org\/EventScheduled\" \/><meta itemprop='eventAttendanceMode'   itemscope itemtype=\"https:\/\/schema.org\/OfflineEventAttendanceMode\"\/><div style=\"display:none\" itemprop=\"location\" itemscope itemtype=\"http:\/\/schema.org\/Place\"><span itemprop=\"name\">Bergh\u00fctte Monte Agnello<\/span><span itemprop=\"address\" itemscope itemtype=\"http:\/\/schema.org\/PostalAddress\"><item itemprop=\"streetAddress\">Loc. Pampeago, 9, 38038 Tesero TN<\/item><\/span><\/div><script type=\"application\/ld+json\">{\"@context\": \"http:\/\/schema.org\",\"@type\": \"Event\",\n\t\t\t\t\"@id\": \"event_2684_3\",\n\t\t\t\t\"eventAttendanceMode\":\"https:\/\/schema.org\/OfflineEventAttendanceMode\",\n\t\t\t\t\"eventStatus\":\"https:\/\/schema.org\/EventScheduled\",\n\t\t\t\t\"name\": \"Respirart: Kleine Bergschmankerl, Kochworkshop.\",\n\t\t\t\t\"url\": \"https:\/\/latemarium.com\/de\/events\/respirart-kleine-bergschmankerl-kochworkshop\/var\/ri-3.l-L2\",\n\t\t\t\t\"startDate\": \"2026-7-28T15:00+0:00\",\n\t\t\t\t\"endDate\": \"2026-7-28T16:30+0:00\",\n\t\t\t\t\"image\":\"https:\/\/latemarium.com\/wp-content\/uploads\/2019\/06\/Weigler_Schupf_Kaiserschmarren_2.jpg\", \n\t\t\t\t\"description\":\"<p>Wir werden G\u00e4ste der Monte-Agnello-H\u00fctte sein, um von uns neu erfundene Bergspezialit\u00e4ten zuzubereiten, zu kochen und zu genie\u00dfen. Der Workshop ist f\u00fcr die Kleinen, aber Mama und Papa werden bereit sein, mit Stift f\u00fcr Notizen und Gabel zum Probieren!<\/p> <p><strong>Kostenlose Aktivit\u00e4t<\/strong>, begrenzte Teilnehmerzahl, geeignet f\u00fcr Kinder von 5 bis 12 Jahren.<\/p> <p><strong>Info und Reservierung<\/strong>: +39 0462 813265<\/p> \",\"location\":[{\"@type\":\"Place\",\"name\":\"Bergh\u00fctte Monte Agnello\",\"address\":{\"@type\": \"PostalAddress\",\"streetAddress\":\"Loc. Pampeago, 9, 38038 Tesero TN\"}}]}<\/script><\/div>\r\n\t\t\t\t<p class=\"desc_trig_outter\" style=\"\"><a data-gmtrig=\"1\" data-exlk=\"0\" style=\"background-color: #ba181d;\" id=\"evc_17852436002684\" class=\"hasFtIMG event_repeat desc_trig sin_val evcal_list_a\" data-ux_val=\"3\" data-ux_val_mob=\"-\"  ><span class='evoet_c1 evoet_cx '><span class='ev_ftImg' data-img='https:\/\/latemarium.com\/wp-content\/uploads\/2019\/06\/Weigler_Schupf_Kaiserschmarren_2.jpg' data-thumb='https:\/\/latemarium.com\/wp-content\/uploads\/2019\/06\/Weigler_Schupf_Kaiserschmarren_2-300x202.jpg' style='background-image:url(\"https:\/\/latemarium.com\/wp-content\/uploads\/2019\/06\/Weigler_Schupf_Kaiserschmarren_2-300x202.jpg\")' ><\/span><\/span><span class='evoet_c2 evoet_cx '><span class='evoet_dayblock evcal_cblock ' data-bgcolor='#ba181d' data-smon='Juli' data-syr='2026' data-bub=''><span class='evo_start '><em class='date'>28<\/em><em class='month'>Jul<\/em><em class='time'>15:00<\/em><\/span><span class='evo_end only_time'><em class='time'>16:30<\/em><\/span><\/span><\/span><span class='evoet_c3 evoet_cx evcal_desc hide_eventtopdata '><span class='evoet_title evcal_desc2 evcal_event_title ' itemprop='name'>Respirart: Kleine Bergschmankerl, Kochworkshop.<\/span><span class='event_location_attrs'  data-location_address=\"Loc. Pampeago, 9, 38038 Tesero TN\" data-location_type=\"lonlat\" data-location_name=\"Bergh\u00fctte Monte Agnello\" data-location_url=\"https:\/\/latemarium.com\/de\/event-location\/berghuette-monte-agnello\/\" data-location_status=\"true\" data-latlng=\"46.333809095680266,11.547693182509184\"><\/span><span class='evoet_subtitle evo_below_title' ><span class='evcal_event_subtitle ' >MONTE AGNELLO H\u00dcTTE<\/span><\/span><span class='evoet_time_expand level_3'><em class='evcal_time evo_tz_time'><i class='fa fa-clock-o'><\/i>15:00 - 16:30<span class='evo_tz marl5'>(GMT+02:00)<\/span><\/em> <\/span><span class='evoet_location level_3'><em class=\"evcal_location\"  data-latlng=\"46.333809095680266,11.547693182509184\" data-add_str=\"Loc. Pampeago, 9, 38038 Tesero TN\" data-n=\"Bergh\u00fctte Monte Agnello\"><i class=\"fa fa-location-pin\"><\/i><em class=\"event_location_name\">Bergh\u00fctte Monte Agnello<\/em>, Loc. Pampeago, 9, 38038 Tesero TN<\/em><\/span><\/span><span class='evoet_data' data-d=\"{&quot;loc.n&quot;:&quot;Bergh\\u00fctte Monte Agnello&quot;,&quot;orgs&quot;:[],&quot;tags&quot;:{&quot;repeating&quot;:&quot;Repeating Event&quot;}}\" data-bgc=\"#ba181d\" data-bggrad=\"\" ><\/span><\/a><\/p><div class='event_description evcal_eventcard ' style=\"display:none\"><div class='evocard_row'><div id='event_ftimage' class='evocard_box ftimage' data-c='' \n\t\t\t\t\tstyle=''><div class='evocard_main_image_hold' data-t='Loading Image..'><div class='evocard_main_image evo_img_triglb evobr15 evobgsc evobgpc evodfx evofx_jc_c evofx_ai_c evofz48 minmized' style='height:300px; background-image:url();' data-f=\"https:\/\/latemarium.com\/wp-content\/uploads\/2019\/06\/Weigler_Schupf_Kaiserschmarren_2.jpg\" data-h=\"3840\" data-w=\"5695\" data-ratio=\"0.67427568042142\" data-event_id=\"2684\" data-ri=\"3\"  data-t='Loading Image..'><span style='height:300px; background-image:url(https:\/\/latemarium.com\/wp-content\/uploads\/2019\/06\/Weigler_Schupf_Kaiserschmarren_2.jpg)'><\/span><\/div><\/div><\/div><\/div><div class='evocard_row'><div id='event_eventdetails' class='evocard_box eventdetails' data-c='' \n\t\t\t\t\tstyle=''><div class='evo_metarow_details evorow evcal_evdata_row evcal_event_details'>\n\t\t<div class=\"event_excerpt\" style=\"display:none\"><h3 class=\"padb5 evo_h3\">Details zur Veranstaltung<\/h3><p>Wir werden G\u00e4ste der Monte-Agnello-H\u00fctte sein, um von uns neu erfundene Bergspezialit\u00e4ten zuzubereiten, zu kochen und zu genie\u00dfen. Der Workshop ist f\u00fcr die Kleinen, aber Mama und Papa werden bereit<\/p><\/div><span class='evcal_evdata_icons'><i class='fa fa-align-justify'><\/i><\/span>\n\t\t\n\t\t<div class='evcal_evdata_cell '>\n\t\t\t<div class='eventon_full_description'>\n\t\t\t\t<h3 class='padb5 evo_h3'><span class='evcal_evdata_icons'><i class='fa fa-align-justify'><\/i><\/span>Details zur Veranstaltung<\/h3>\n\t\t\t\t<div class='eventon_desc_in' itemprop='description'>\n\t\t\t\t<p>Wir werden G\u00e4ste der Monte-Agnello-H\u00fctte sein, um von uns neu erfundene Bergspezialit\u00e4ten zuzubereiten, zu kochen und zu genie\u00dfen. Der Workshop ist f\u00fcr die Kleinen, aber Mama und Papa werden bereit sein, mit Stift f\u00fcr Notizen und Gabel zum Probieren!<\/p>\n<p><strong>Kostenlose Aktivit\u00e4t<\/strong>, begrenzte Teilnehmerzahl, geeignet f\u00fcr Kinder von 5 bis 12 Jahren.<\/p>\n<p><strong>Info und Reservierung<\/strong>: +39 0462 813265<\/p>\n<\/div><div class='clear'><\/div>\n\t\t\t<\/div>\n\t\t<\/div>\n\t<\/div><\/div><\/div><div class='evocard_row bx2 bx'><div id='event_time' class='evocard_box time' data-c='' \n\t\t\t\t\tstyle=''><div class='evo_metarow_time evorow evcal_evdata_row evcal_evrow_sm '>\n\t\t<span class='evcal_evdata_icons'><i class='fa fa-clock'><\/i><\/span>\n\t\t<div class='evcal_evdata_cell'>\t\t\t\t\t\t\t\n\t\t\t<h3 class='evo_h3'><span class='evcal_evdata_icons'><i class='fa fa-clock'><\/i><\/span>Zeitplan<\/h3><p><span class='evo_eventcard_time_t'>28 Juli 2026 15:00 - 16:30<\/span><span class='evo_tz marr5'>(GMT+02:00)<\/span><\/p>\n\t\t<\/div>\n\t<\/div><\/div><div id='event_location' class='evocard_box location' data-c='' \n\t\t\t\t\tstyle=''><div class='evcal_evdata_row evo_metarow_time_location evorow '>\n\t\t\n\t\t\t<span class='evcal_evdata_icons'><i class='fa fa-map-marker'><\/i><\/span>\n\t\t\t<div class='evcal_evdata_cell' data-loc_tax_id='25'><h3 class='evo_h3 evodfx'><span class='evcal_evdata_icons'><i class='fa fa-map-marker'><\/i><\/span><a target=\"_blank\" href=\"https:\/\/www.facebook.com\/profile.php?id=100064742944609\">Ort<\/a><\/h3><p class='evo_location_name'><a target=\"_blank\" href=\"https:\/\/www.facebook.com\/profile.php?id=100064742944609\">Bergh\u00fctte Monte Agnello<\/a><\/p><p class='evo_location_address evodfxi evogap10'><a target=\"_blank\" href=\"https:\/\/www.facebook.com\/profile.php?id=100064742944609\">Loc. Pampeago, 9, 38038 Tesero TN<\/a><\/p><div class='padt10'><span class='evo_btn_arr evolb_trigger' data-lbvals=\"{&quot;lbc&quot;:&quot;evo_location_lb_25&quot;,&quot;lbac&quot;:&quot;lb_max&quot;,&quot;t&quot;:&quot;Bergh\\u00fctte Monte Agnello&quot;,&quot;ajax&quot;:&quot;yes&quot;,&quot;ajax_type&quot;:&quot;endpoint&quot;,&quot;ajax_action&quot;:&quot;eventon_get_tax_card_content&quot;,&quot;end&quot;:&quot;client&quot;,&quot;d&quot;:{&quot;lang&quot;:&quot;L2&quot;,&quot;term_id&quot;:25,&quot;tax&quot;:&quot;event_location&quot;,&quot;load_lbcontent&quot;:true},&quot;uid&quot;:&quot;eventon_get_tax_card_content&quot;}\" >Other Events<i class='fa fa-chevron-right'><\/i><\/span><\/div><\/div>\n\t\t\n\t<\/div><\/div><\/div><div class='evocard_row'><div id='event_addtocal' class='evocard_box addtocal' data-c='' \n\t\t\t\t\tstyle=''><div class='evo_metarow_ICS evorow evcal_evdata_row'>\n\t\t\t<span class='evcal_evdata_icons'><i class='fa fa-calendar-o'><\/i><\/span>\n\t\t\t<div class='evcal_evdata_cell'>\n\t\t\t\t<p><a href='https:\/\/latemarium.com\/de\/export-events\/2684_3\/?nonce=7b34e59f7d' class='evo_ics_nCal' title='Zu Ihrem Kalender hinzuf\u00fcgen'>Kalender<\/a><a href='https:\/\/www.google.com\/calendar\/event?action=TEMPLATE&text=Respirart%3A+Kleine+Bergschmankerl%2C+Kochworkshop.&dates=20260728T130000Z%2F20260728T143000Z&ctz=Europe%2FRome&details=Respirart: Kleine Bergschmankerl, Kochworkshop.&location=Bergh%C3%BCtte+Monte+Agnello+Loc.+Pampeago%2C+9%2C+38038+Tesero+TN' target='_blank' class='evo_ics_gCal' title='Zu Google Kalender hinzuf\u00fcgen'>GoogleCal<\/a><\/p>\t\n\t\t\t<\/div>\n\t\t<\/div><\/div><\/div><div class='evocard_row'><div id='event_getdirection' class='evocard_box getdirection' data-c='' \n\t\t\t\t\tstyle=''><div class='evo_metarow_getDr evorow evcal_evdata_row evcal_evrow_sm getdirections'>\n\t\t<form action='https:\/\/maps.google.com\/maps' method='get' target='_blank'>\n\t\t\t<input type='hidden' name='daddr' value=\"46.333809095680266,11.547693182509184\"\/> \n\t\t\t<div class='evo_get_direction_content evo_fx_dr_r evogap10'>\n\t\t\t\t<span class='evogetdir_header evodfx evofx_dr_r evofx_ai_c marr10'>\n\t\t\t\t\t<i class='mainicon fa fa-road'><\/i> \n\t\t\t\t\t<h3 class='evo_h3' style='padding-bottom:5px;'>Wegbeschreibung abrufen<\/h3>\n\t\t\t\t<\/span>\n\t\t\t\t<span class='evogetdir_field evodfx evofx_1_1 evo_fx_dr_c evow100p'>\t\t\t\t\t\n\t\t\t\t\t<input class='evoInput evotac' type='text' name='saddr' placeholder='&quot;Geben Sie die Adresse ein' value='' style='margin:10px 0;'\/>\n\t\t\t\t<\/span>\n\t\t\t\t<button type='submit' class='evo_get_direction_button evo_btn_arr_circ dfx fx_ai_c' title='&quot;Klicken Sie hier'><i class='fa fa-chevron-right'><\/i> <\/button>\n\t\t\t<\/div>\n\t\t<\/form>\n\t<\/div><\/div><\/div><div class='evo_card_row_end evcal_close' title='Schlie\u00dfen'><\/div><\/div><div class='clear end'><\/div><\/div><div id=\"event_2184_4\" class=\"eventon_list_event evo_eventtop scheduled  event clrD no_et event_2184_4\" data-event_id=\"2184\" data-ri=\"4r\" data-time=\"1785310200-1785362340\" data-colr=\"#ba181d\" itemscope itemtype='http:\/\/schema.org\/Event'><div class=\"evo_event_schema\" style=\"display:none\" ><a itemprop='url'  href='https:\/\/latemarium.com\/de\/events\/geotrekking-torre-di-pisa\/var\/ri-4.l-L2'><\/a><meta itemprop='image' content=\"https:\/\/latemarium.com\/wp-content\/uploads\/2020\/06\/latemar-torre-di-pisa-estate-2019_ph.alice-russolo-90-scaled.jpg\" \/><meta itemprop='startDate' content=\"2026-7-29T09:30+0:00\" \/><meta itemprop='endDate' content=\"2026-7-29T23:59+0:00\" \/><meta itemprop='eventStatus' content=\"https:\/\/schema.org\/EventScheduled\" \/><meta itemprop='eventAttendanceMode'   itemscope itemtype=\"https:\/\/schema.org\/OfflineEventAttendanceMode\"\/><script type=\"application\/ld+json\">{\"@context\": \"http:\/\/schema.org\",\"@type\": \"Event\",\n\t\t\t\t\"@id\": \"event_2184_4\",\n\t\t\t\t\"eventAttendanceMode\":\"https:\/\/schema.org\/OfflineEventAttendanceMode\",\n\t\t\t\t\"eventStatus\":\"https:\/\/schema.org\/EventScheduled\",\n\t\t\t\t\"name\": \"Geotrekking Torre di Pisa\",\n\t\t\t\t\"url\": \"https:\/\/latemarium.com\/de\/events\/geotrekking-torre-di-pisa\/var\/ri-4.l-L2\",\n\t\t\t\t\"startDate\": \"2026-7-29T09:30+0:00\",\n\t\t\t\t\"endDate\": \"2026-7-29T23:59+0:00\",\n\t\t\t\t\"image\":\"https:\/\/latemarium.com\/wp-content\/uploads\/2020\/06\/latemar-torre-di-pisa-estate-2019_ph.alice-russolo-90-scaled.jpg\", \n\t\t\t\t\"description\":\"<p><strong>Spannender geologischer Ausflug in gro\u00dfer H\u00f6he<\/strong>, um das Latemar-Atoll zu entdecken, die Perle des fossilen Archipels der Dolomiten, ein UNESCO-Weltkulturerbe. Ein eindrucksvoller Rundweg, der von einem erfahrenen Geologen und Medienbergf\u00fchrer gef\u00fchrt wird. Vom Passo Feudo steigen Sie zur Schutzh\u00fctte Torre di Pisa auf, um dann in gro\u00dfer H\u00f6he bis zur Forcella dei Camosci weiterzugehen, von wo aus Sie wieder in die Tiefen des tropischen Meeres bis zum Ausgangspunkt abtauchen. Brotzeit. Mindestalter 12 Jahre.<\/p> <p>Die Route ist mittelschwer, mit gut begehbaren Wegen und kurzen, leicht ausgesetzten Abschnitten, mit einem H\u00f6henunterschied von ca. 780 Metern.<\/p> \"}<\/script><\/div>\r\n\t\t\t\t<p class=\"desc_trig_outter\" style=\"\"><a data-gmap_status=\"null\" data-exlk=\"0\" style=\"background-color: #ba181d;\" id=\"evc_17853102002184\" class=\"hasFtIMG event_repeat desc_trig sin_val evcal_list_a\" data-ux_val=\"3\" data-ux_val_mob=\"-\"  ><span class='evoet_c1 evoet_cx '><span class='ev_ftImg' data-img='https:\/\/latemarium.com\/wp-content\/uploads\/2020\/06\/latemar-torre-di-pisa-estate-2019_ph.alice-russolo-90-scaled.jpg' data-thumb='https:\/\/latemarium.com\/wp-content\/uploads\/2020\/06\/latemar-torre-di-pisa-estate-2019_ph.alice-russolo-90-300x200.jpg' style='background-image:url(\"https:\/\/latemarium.com\/wp-content\/uploads\/2020\/06\/latemar-torre-di-pisa-estate-2019_ph.alice-russolo-90-300x200.jpg\")' ><\/span><\/span><span class='evoet_c2 evoet_cx '><span class='evoet_dayblock evcal_cblock ' data-bgcolor='#ba181d' data-smon='Juli' data-syr='2026' data-bub=''><span class='evo_start '><em class='date'>29<\/em><em class='month'>Jul<\/em><em class='time'>09:30<\/em><\/span><\/span><\/span><span class='evoet_c3 evoet_cx evcal_desc hide_eventtopdata '><span class='evoet_title evcal_desc2 evcal_event_title ' itemprop='name'>Geotrekking Torre di Pisa<\/span><span class='event_location_attrs' data-location_type=\"lonlat\" data-location_name=\"A monte della seggiovia Gardon\u00e8-Passo Feudo\" data-location_url=\"https:\/\/latemarium.com\/de\/event-location\/a-monte-della-seggiovia-gardone-passo-feudo\/\" data-location_status=\"true\" data-latlng=\"46.32878794406342,11.600176728690842\"><\/span><span class='evoet_subtitle evo_below_title' ><span class='evcal_event_subtitle ' >Geotrekking Torre di Pisa<\/span><\/span><span class='evoet_time_expand level_3'><em class='evcal_time evo_tz_time'><i class='fa fa-clock-o'><\/i>09:30<span class='evo_tz marl5'>(GMT+02:00)<\/span><\/em> <\/span><span class='evoet_location level_3'><em class=\"evcal_location\"  data-latlng=\"46.32878794406342,11.600176728690842\" data-add_str=\"\" data-n=\"A monte della seggiovia Gardon\u00e8-Passo Feudo\"><i class=\"fa fa-location-pin\"><\/i><em class=\"event_location_name\">A monte della seggiovia Gardon\u00e8-Passo Feudo<\/em><\/em><\/span><\/span><span class='evoet_data' data-d=\"{&quot;loc.n&quot;:&quot;A monte della seggiovia Gardon\\u00e8-Passo Feudo&quot;,&quot;orgs&quot;:[],&quot;tags&quot;:{&quot;repeating&quot;:&quot;Repeating Event&quot;}}\" data-bgc=\"#ba181d\" data-bggrad=\"\" ><\/span><\/a><\/p><div class='event_description evcal_eventcard ' style=\"display:none\"><div class='evocard_row'><div id='event_ftimage' class='evocard_box ftimage' data-c='' \n\t\t\t\t\tstyle=''><div class='evocard_main_image_hold' data-t='Loading Image..'><div class='evocard_main_image evo_img_triglb evobr15 evobgsc evobgpc evodfx evofx_jc_c evofx_ai_c evofz48 minmized' style='height:300px; background-image:url();' data-f=\"https:\/\/latemarium.com\/wp-content\/uploads\/2020\/06\/latemar-torre-di-pisa-estate-2019_ph.alice-russolo-90-scaled.jpg\" data-h=\"1707\" data-w=\"2560\" data-ratio=\"0.666796875\" data-event_id=\"2184\" data-ri=\"4\"  data-t='Loading Image..'><span style='height:300px; background-image:url(https:\/\/latemarium.com\/wp-content\/uploads\/2020\/06\/latemar-torre-di-pisa-estate-2019_ph.alice-russolo-90-scaled.jpg)'><\/span><\/div><\/div><\/div><\/div><div class='evocard_row'><div id='event_eventdetails' class='evocard_box eventdetails' data-c='' \n\t\t\t\t\tstyle=''><div class='evo_metarow_details evorow evcal_evdata_row evcal_event_details'>\n\t\t<div class=\"event_excerpt\" style=\"display:none\"><h3 class=\"padb5 evo_h3\">Details zur Veranstaltung<\/h3><p>Spannender geologischer Ausflug in gro\u00dfer H\u00f6he, um das Latemar-Atoll zu entdecken, die Perle des fossilen Archipels der Dolomiten, ein UNESCO-Weltkulturerbe. Ein eindrucksvoller Rundweg, der von einem erfahrenen Geologen und Medienbergf\u00fchrer<\/p><\/div><span class='evcal_evdata_icons'><i class='fa fa-align-justify'><\/i><\/span>\n\t\t\n\t\t<div class='evcal_evdata_cell shorter_desc'>\n\t\t\t<div class='eventon_full_description'>\n\t\t\t\t<h3 class='padb5 evo_h3'><span class='evcal_evdata_icons'><i class='fa fa-align-justify'><\/i><\/span>Details zur Veranstaltung<\/h3>\n\t\t\t\t<div class='eventon_desc_in' itemprop='description'>\n\t\t\t\t<p><strong>Spannender geologischer Ausflug in gro\u00dfer H\u00f6he<\/strong>, um das Latemar-Atoll zu entdecken, die Perle des fossilen Archipels der Dolomiten, ein UNESCO-Weltkulturerbe. Ein eindrucksvoller Rundweg, der von einem erfahrenen Geologen und Medienbergf\u00fchrer gef\u00fchrt wird. Vom Passo Feudo steigen Sie zur Schutzh\u00fctte Torre di Pisa auf, um dann in gro\u00dfer H\u00f6he bis zur Forcella dei Camosci weiterzugehen, von wo aus Sie wieder in die Tiefen des tropischen Meeres bis zum Ausgangspunkt abtauchen. Brotzeit. Mindestalter 12 Jahre.<\/p>\n<p>Die Route ist mittelschwer, mit gut begehbaren Wegen und kurzen, leicht ausgesetzten Abschnitten, mit einem H\u00f6henunterschied von ca. 780 Metern.<\/p>\n<\/div><p class='eventon_shad_p' style='padding:5px 0 0; margin:0'>\n\t\t\t<span class='evcal_btn evo_btn_secondary evobtn_details_show_more' content='less'>\n\t\t\t\t<span class='ev_more_text' data-txt='Weniger'>Mehr<\/span><span class='ev_more_arrow ard'><\/span>\n\t\t\t<\/span>\n\t\t<\/p><div class='clear'><\/div>\n\t\t\t<\/div>\n\t\t<\/div>\n\t<\/div><\/div><\/div><div class='evocard_row bx2 bx'><div id='event_time' class='evocard_box time' data-c='' \n\t\t\t\t\tstyle=''><div class='evo_metarow_time evorow evcal_evdata_row evcal_evrow_sm '>\n\t\t<span class='evcal_evdata_icons'><i class='fa fa-clock'><\/i><\/span>\n\t\t<div class='evcal_evdata_cell'>\t\t\t\t\t\t\t\n\t\t\t<h3 class='evo_h3'><span class='evcal_evdata_icons'><i class='fa fa-clock'><\/i><\/span>Zeitplan<\/h3><p><span class='evo_eventcard_time_t'>29 Juli 2026 09:30<\/span><span class='evo_tz marr5'>(GMT+02:00)<\/span><\/p>\n\t\t<\/div>\n\t<\/div><\/div><div id='event_location' class='evocard_box location' data-c='' \n\t\t\t\t\tstyle=''><div class='evcal_evdata_row evo_metarow_time_location evorow '>\n\t\t\n\t\t\t<span class='evcal_evdata_icons'><i class='fa fa-map-marker'><\/i><\/span>\n\t\t\t<div class='evcal_evdata_cell' data-loc_tax_id='37'><h3 class='evo_h3 evodfx'><span class='evcal_evdata_icons'><i class='fa fa-map-marker'><\/i><\/span>Ort<\/h3><p class='evo_location_name'>A monte della seggiovia Gardon\u00e8-Passo Feudo<\/p><div class='padt10'><span class='evo_btn_arr evolb_trigger' data-lbvals=\"{&quot;lbc&quot;:&quot;evo_location_lb_37&quot;,&quot;lbac&quot;:&quot;lb_max&quot;,&quot;t&quot;:&quot;A monte della seggiovia Gardon\\u00e8-Passo Feudo&quot;,&quot;ajax&quot;:&quot;yes&quot;,&quot;ajax_type&quot;:&quot;endpoint&quot;,&quot;ajax_action&quot;:&quot;eventon_get_tax_card_content&quot;,&quot;end&quot;:&quot;client&quot;,&quot;d&quot;:{&quot;lang&quot;:&quot;L2&quot;,&quot;term_id&quot;:37,&quot;tax&quot;:&quot;event_location&quot;,&quot;load_lbcontent&quot;:true},&quot;uid&quot;:&quot;eventon_get_tax_card_content&quot;}\" >Other Events<i class='fa fa-chevron-right'><\/i><\/span><\/div><\/div>\n\t\t\n\t<\/div><\/div><\/div><div class='evocard_row bx2 bx'><div id='event_learnmore' class='evocard_box learnmore' data-c='' \n\t\t\t\t\tstyle=''><div class='evo_metarow_learnM evo_metarow_learnmore evorow'>\n\t\t\t\t\t\t\t<a class='evcal_evdata_row evo_clik_row ' href='https:\/\/www.latemar.it\/de\/sommer\/geotrekking\/' target=\"_blank\">\n\t\t\t\t\t\t\t\t<span class='evcal_evdata_icons'><i class='fa fa-link'><\/i><\/span>\n\t\t\t\t\t\t\t\t<h3 class='evo_h3'>Entdecke mehr<\/h3>\n\t\t\t\t\t\t\t<\/a>\n\t\t\t\t\t\t\t<\/div><\/div><div id='event_addtocal' class='evocard_box addtocal' data-c='' \n\t\t\t\t\tstyle=''><div class='evo_metarow_ICS evorow evcal_evdata_row'>\n\t\t\t<span class='evcal_evdata_icons'><i class='fa fa-calendar-o'><\/i><\/span>\n\t\t\t<div class='evcal_evdata_cell'>\n\t\t\t\t<p><a href='https:\/\/latemarium.com\/de\/export-events\/2184_4\/?nonce=7b34e59f7d' class='evo_ics_nCal' title='Zu Ihrem Kalender hinzuf\u00fcgen'>Kalender<\/a><a href='https:\/\/www.google.com\/calendar\/event?action=TEMPLATE&text=Geotrekking+Torre+di+Pisa&dates=20260729T073000Z%2F20260729T215900Z&ctz=Europe%2FRome&details=Geotrekking Torre di Pisa&location=A+monte+della+seggiovia+Gardon%C3%A8-Passo+Feudo' target='_blank' class='evo_ics_gCal' title='Zu Google Kalender hinzuf\u00fcgen'>GoogleCal<\/a><\/p>\t\n\t\t\t<\/div>\n\t\t<\/div><\/div><\/div><div class='evocard_row'><div id='event_getdirection' class='evocard_box getdirection' data-c='' \n\t\t\t\t\tstyle=''><div class='evo_metarow_getDr evorow evcal_evdata_row evcal_evrow_sm getdirections'>\n\t\t<form action='https:\/\/maps.google.com\/maps' method='get' target='_blank'>\n\t\t\t<input type='hidden' name='daddr' value=\"46.32878794406342,11.600176728690842\"\/> \n\t\t\t<div class='evo_get_direction_content evo_fx_dr_r evogap10'>\n\t\t\t\t<span class='evogetdir_header evodfx evofx_dr_r evofx_ai_c marr10'>\n\t\t\t\t\t<i class='mainicon fa fa-road'><\/i> \n\t\t\t\t\t<h3 class='evo_h3' style='padding-bottom:5px;'>Wegbeschreibung abrufen<\/h3>\n\t\t\t\t<\/span>\n\t\t\t\t<span class='evogetdir_field evodfx evofx_1_1 evo_fx_dr_c evow100p'>\t\t\t\t\t\n\t\t\t\t\t<input class='evoInput evotac' type='text' name='saddr' placeholder='&quot;Geben Sie die Adresse ein' value='' style='margin:10px 0;'\/>\n\t\t\t\t<\/span>\n\t\t\t\t<button type='submit' class='evo_get_direction_button evo_btn_arr_circ dfx fx_ai_c' title='&quot;Klicken Sie hier'><i class='fa fa-chevron-right'><\/i> <\/button>\n\t\t\t<\/div>\n\t\t<\/form>\n\t<\/div><\/div><\/div><div class='evo_card_row_end evcal_close' title='Schlie\u00dfen'><\/div><\/div><div class='clear end'><\/div><\/div><div id=\"event_2176_3\" class=\"eventon_list_event evo_eventtop scheduled  event clrW no_et event_2176_3\" data-event_id=\"2176\" data-ri=\"3r\" data-time=\"1785313800-1785362340\" data-colr=\"#a69dcd\" itemscope itemtype='http:\/\/schema.org\/Event'><div class=\"evo_event_schema\" style=\"display:none\" ><a itemprop='url'  href='https:\/\/latemarium.com\/de\/events\/gea-bei-der-eroberung-des-gipfels\/var\/ri-3.l-L2'><\/a><meta itemprop='image' content=\"https:\/\/latemarium.com\/wp-content\/uploads\/2023\/06\/geotrail-1200x800-alice-russolo-rocce-barca-2.jpg\" \/><meta itemprop='startDate' content=\"2026-7-29T10:30+0:00\" \/><meta itemprop='endDate' content=\"2026-7-29T23:59+0:00\" \/><meta itemprop='eventStatus' content=\"https:\/\/schema.org\/EventScheduled\" \/><meta itemprop='eventAttendanceMode'   itemscope itemtype=\"https:\/\/schema.org\/OfflineEventAttendanceMode\"\/><script type=\"application\/ld+json\">{\"@context\": \"http:\/\/schema.org\",\"@type\": \"Event\",\n\t\t\t\t\"@id\": \"event_2176_3\",\n\t\t\t\t\"eventAttendanceMode\":\"https:\/\/schema.org\/OfflineEventAttendanceMode\",\n\t\t\t\t\"eventStatus\":\"https:\/\/schema.org\/EventScheduled\",\n\t\t\t\t\"name\": \"GEA BEI DER EROBERUNG DES GIPFELS\",\n\t\t\t\t\"url\": \"https:\/\/latemarium.com\/de\/events\/gea-bei-der-eroberung-des-gipfels\/var\/ri-3.l-L2\",\n\t\t\t\t\"startDate\": \"2026-7-29T10:30+0:00\",\n\t\t\t\t\"endDate\": \"2026-7-29T23:59+0:00\",\n\t\t\t\t\"image\":\"https:\/\/latemarium.com\/wp-content\/uploads\/2023\/06\/geotrail-1200x800-alice-russolo-rocce-barca-2.jpg\", \n\t\t\t\t\"description\":\"<p>Unsere freie und enthusiastische Gea vollbringt ein neues Kunstst\u00fcck mit zwei erfahrenen Begleitern und gemeinsam erobern sie den Gipfel!<\/p> <p>Immer mittwochs, vom 8. Juli bis zum 19. August 2026<br \/> bei der Passo Feudo H\u00fctte, welche mit der Seilbahn und mit dem Sessellift erreichbar ist<br \/> um 10.30 Uhr<br \/> F\u00fcr Familien mit Kindern ab 5 Jahren geeignet (Dauer: 1h30\u2018)<br \/> Vorstellung auf Italienisch<\/p> \"}<\/script><\/div>\r\n\t\t\t\t<p class=\"desc_trig_outter\" style=\"\"><a data-gmap_status=\"null\" data-exlk=\"0\" style=\"background-color: #a69dcd;\" id=\"evc_17853138002176\" class=\"hasFtIMG event_repeat desc_trig sin_val evcal_list_a\" data-ux_val=\"3\" data-ux_val_mob=\"-\"  ><span class='evoet_c1 evoet_cx '><span class='ev_ftImg' data-img='https:\/\/latemarium.com\/wp-content\/uploads\/2023\/06\/geotrail-1200x800-alice-russolo-rocce-barca-2.jpg' data-thumb='https:\/\/latemarium.com\/wp-content\/uploads\/2023\/06\/geotrail-1200x800-alice-russolo-rocce-barca-2-300x200.jpg' style='background-image:url(\"https:\/\/latemarium.com\/wp-content\/uploads\/2023\/06\/geotrail-1200x800-alice-russolo-rocce-barca-2-300x200.jpg\")' ><\/span><\/span><span class='evoet_c2 evoet_cx '><span class='evoet_dayblock evcal_cblock ' data-bgcolor='#a69dcd' data-smon='Juli' data-syr='2026' data-bub=''><span class='evo_start '><em class='date'>29<\/em><em class='month'>Jul<\/em><em class='time'>10:30<\/em><\/span><\/span><\/span><span class='evoet_c3 evoet_cx evcal_desc hide_eventtopdata '><span class='evoet_title evcal_desc2 evcal_event_title ' itemprop='name'>GEA BEI DER EROBERUNG DES GIPFELS<\/span><span class='event_location_attrs' data-location_type=\"lonlat\" data-location_name=\"Sessellift Ankunft Gardon\u00e8-Passo Feudo\" data-location_url=\"https:\/\/latemarium.com\/de\/event-location\/sessellift-ankunft-gardone-passo-feudo\/\" data-location_status=\"true\" data-latlng=\"46.32878794406342,11.600176728690842\"><\/span><span class='evoet_subtitle evo_below_title' ><span class='evcal_event_subtitle ' >Wanderausstellung - Geotrail Dos Cap\u00e8l<\/span><\/span><span class='evoet_time_expand level_3'><em class='evcal_time evo_tz_time'><i class='fa fa-clock-o'><\/i>10:30<span class='evo_tz marl5'>(GMT+02:00)<\/span><\/em> <\/span><span class='evoet_location level_3'><em class=\"evcal_location\"  data-latlng=\"46.32878794406342,11.600176728690842\" data-add_str=\"\" data-n=\"Sessellift Ankunft Gardon\u00e8-Passo Feudo\"><i class=\"fa fa-location-pin\"><\/i><em class=\"event_location_name\">Sessellift Ankunft Gardon\u00e8-Passo Feudo<\/em><\/em><\/span><\/span><span class='evoet_data' data-d=\"{&quot;loc.n&quot;:&quot;Sessellift Ankunft Gardon\\u00e8-Passo Feudo&quot;,&quot;orgs&quot;:[],&quot;tags&quot;:{&quot;repeating&quot;:&quot;Repeating Event&quot;}}\" data-bgc=\"#a69dcd\" data-bggrad=\"\" ><\/span><\/a><\/p><div class='event_description evcal_eventcard ' style=\"display:none\"><div class='evocard_row'><div id='event_ftimage' class='evocard_box ftimage' data-c='' \n\t\t\t\t\tstyle=''><div class='evocard_main_image_hold' data-t='Loading Image..'><div class='evocard_main_image evo_img_triglb evobr15 evobgsc evobgpc evodfx evofx_jc_c evofx_ai_c evofz48 minmized' style='height:300px; background-image:url();' data-f=\"https:\/\/latemarium.com\/wp-content\/uploads\/2023\/06\/geotrail-1200x800-alice-russolo-rocce-barca-2.jpg\" data-h=\"800\" data-w=\"1200\" data-ratio=\"0.66666666666667\" data-event_id=\"2176\" data-ri=\"3\"  data-t='Loading Image..'><span style='height:300px; background-image:url(https:\/\/latemarium.com\/wp-content\/uploads\/2023\/06\/geotrail-1200x800-alice-russolo-rocce-barca-2.jpg)'><\/span><\/div><\/div><\/div><\/div><div class='evocard_row'><div id='event_eventdetails' class='evocard_box eventdetails' data-c='' \n\t\t\t\t\tstyle=''><div class='evo_metarow_details evorow evcal_evdata_row evcal_event_details'>\n\t\t<div class=\"event_excerpt\" style=\"display:none\"><h3 class=\"padb5 evo_h3\">Details zur Veranstaltung<\/h3><p>Unsere freie und enthusiastische Gea vollbringt ein neues Kunstst\u00fcck mit zwei erfahrenen Begleitern und gemeinsam erobern sie den Gipfel!\nImmer mittwochs, vom 8. Juli bis zum 19. August 2026\nbei der<\/p><\/div><span class='evcal_evdata_icons'><i class='fa fa-align-justify'><\/i><\/span>\n\t\t\n\t\t<div class='evcal_evdata_cell '>\n\t\t\t<div class='eventon_full_description'>\n\t\t\t\t<h3 class='padb5 evo_h3'><span class='evcal_evdata_icons'><i class='fa fa-align-justify'><\/i><\/span>Details zur Veranstaltung<\/h3>\n\t\t\t\t<div class='eventon_desc_in' itemprop='description'>\n\t\t\t\t<p>Unsere freie und enthusiastische Gea vollbringt ein neues Kunstst\u00fcck mit zwei erfahrenen Begleitern und gemeinsam erobern sie den Gipfel!<\/p>\n<p>Immer mittwochs, vom 8. Juli bis zum 19. August 2026<br \/>\nbei der Passo Feudo H\u00fctte, welche mit der Seilbahn und mit dem Sessellift erreichbar ist<br \/>\num 10.30 Uhr<br \/>\nF\u00fcr Familien mit Kindern ab 5 Jahren geeignet (Dauer: 1h30\u2018)<br \/>\nVorstellung auf Italienisch<\/p>\n<\/div><div class='clear'><\/div>\n\t\t\t<\/div>\n\t\t<\/div>\n\t<\/div><\/div><\/div><div class='evocard_row bx2 bx'><div id='event_time' class='evocard_box time' data-c='' \n\t\t\t\t\tstyle=''><div class='evo_metarow_time evorow evcal_evdata_row evcal_evrow_sm '>\n\t\t<span class='evcal_evdata_icons'><i class='fa fa-clock'><\/i><\/span>\n\t\t<div class='evcal_evdata_cell'>\t\t\t\t\t\t\t\n\t\t\t<h3 class='evo_h3'><span class='evcal_evdata_icons'><i class='fa fa-clock'><\/i><\/span>Zeitplan<\/h3><p><span class='evo_eventcard_time_t'>29 Juli 2026 10:30<\/span><span class='evo_tz marr5'>(GMT+02:00)<\/span><\/p>\n\t\t<\/div>\n\t<\/div><\/div><div id='event_location' class='evocard_box location' data-c='' \n\t\t\t\t\tstyle=''><div class='evcal_evdata_row evo_metarow_time_location evorow '>\n\t\t\n\t\t\t<span class='evcal_evdata_icons'><i class='fa fa-map-marker'><\/i><\/span>\n\t\t\t<div class='evcal_evdata_cell' data-loc_tax_id='39'><h3 class='evo_h3 evodfx'><span class='evcal_evdata_icons'><i class='fa fa-map-marker'><\/i><\/span>Ort<\/h3><p class='evo_location_name'>Sessellift Ankunft Gardon\u00e8-Passo Feudo<\/p><div class='padt10'><span class='evo_btn_arr evolb_trigger' data-lbvals=\"{&quot;lbc&quot;:&quot;evo_location_lb_39&quot;,&quot;lbac&quot;:&quot;lb_max&quot;,&quot;t&quot;:&quot;Sessellift Ankunft Gardon\\u00e8-Passo Feudo&quot;,&quot;ajax&quot;:&quot;yes&quot;,&quot;ajax_type&quot;:&quot;endpoint&quot;,&quot;ajax_action&quot;:&quot;eventon_get_tax_card_content&quot;,&quot;end&quot;:&quot;client&quot;,&quot;d&quot;:{&quot;lang&quot;:&quot;L2&quot;,&quot;term_id&quot;:39,&quot;tax&quot;:&quot;event_location&quot;,&quot;load_lbcontent&quot;:true},&quot;uid&quot;:&quot;eventon_get_tax_card_content&quot;}\" >Other Events<i class='fa fa-chevron-right'><\/i><\/span><\/div><\/div>\n\t\t\n\t<\/div><\/div><\/div><div class='evocard_row bx2 bx'><div id='event_learnmore' class='evocard_box learnmore' data-c='' \n\t\t\t\t\tstyle=''><div class='evo_metarow_learnM evo_metarow_learnmore evorow'>\n\t\t\t\t\t\t\t<a class='evcal_evdata_row evo_clik_row ' href='https:\/\/www.montagnanimata.it\/de\/spektakel\/' target=\"_blank\">\n\t\t\t\t\t\t\t\t<span class='evcal_evdata_icons'><i class='fa fa-link'><\/i><\/span>\n\t\t\t\t\t\t\t\t<h3 class='evo_h3'>Entdecke mehr<\/h3>\n\t\t\t\t\t\t\t<\/a>\n\t\t\t\t\t\t\t<\/div><\/div><div id='event_addtocal' class='evocard_box addtocal' data-c='' \n\t\t\t\t\tstyle=''><div class='evo_metarow_ICS evorow evcal_evdata_row'>\n\t\t\t<span class='evcal_evdata_icons'><i class='fa fa-calendar-o'><\/i><\/span>\n\t\t\t<div class='evcal_evdata_cell'>\n\t\t\t\t<p><a href='https:\/\/latemarium.com\/de\/export-events\/2176_3\/?nonce=7b34e59f7d' class='evo_ics_nCal' title='Zu Ihrem Kalender hinzuf\u00fcgen'>Kalender<\/a><a href='https:\/\/www.google.com\/calendar\/event?action=TEMPLATE&text=GEA+BEI+DER+EROBERUNG+DES+GIPFELS&dates=20260729T083000Z%2F20260729T215900Z&ctz=Europe%2FRome&details=GEA BEI DER EROBERUNG DES GIPFELS&location=Sessellift+Ankunft+Gardon%C3%A8-Passo+Feudo' target='_blank' class='evo_ics_gCal' title='Zu Google Kalender hinzuf\u00fcgen'>GoogleCal<\/a><\/p>\t\n\t\t\t<\/div>\n\t\t<\/div><\/div><\/div><div class='evocard_row'><div id='event_getdirection' class='evocard_box getdirection' data-c='' \n\t\t\t\t\tstyle=''><div class='evo_metarow_getDr evorow evcal_evdata_row evcal_evrow_sm getdirections'>\n\t\t<form action='https:\/\/maps.google.com\/maps' method='get' target='_blank'>\n\t\t\t<input type='hidden' name='daddr' value=\"46.32878794406342,11.600176728690842\"\/> \n\t\t\t<div class='evo_get_direction_content evo_fx_dr_r evogap10'>\n\t\t\t\t<span class='evogetdir_header evodfx evofx_dr_r evofx_ai_c marr10'>\n\t\t\t\t\t<i class='mainicon fa fa-road'><\/i> \n\t\t\t\t\t<h3 class='evo_h3' style='padding-bottom:5px;'>Wegbeschreibung abrufen<\/h3>\n\t\t\t\t<\/span>\n\t\t\t\t<span class='evogetdir_field evodfx evofx_1_1 evo_fx_dr_c evow100p'>\t\t\t\t\t\n\t\t\t\t\t<input class='evoInput evotac' type='text' name='saddr' placeholder='&quot;Geben Sie die Adresse ein' value='' style='margin:10px 0;'\/>\n\t\t\t\t<\/span>\n\t\t\t\t<button type='submit' class='evo_get_direction_button evo_btn_arr_circ dfx fx_ai_c' title='&quot;Klicken Sie hier'><i class='fa fa-chevron-right'><\/i> <\/button>\n\t\t\t<\/div>\n\t\t<\/form>\n\t<\/div><\/div><\/div><div class='evo_card_row_end evcal_close' title='Schlie\u00dfen'><\/div><\/div><div class='clear end'><\/div><\/div><div id=\"event_2938_5\" class=\"eventon_list_event evo_eventtop scheduled  event clrD event_2938_5\" data-event_id=\"2938\" data-ri=\"5r\" data-time=\"1785326400-1785335400\" data-colr=\"#38823b\" itemscope itemtype='http:\/\/schema.org\/Event'><div class=\"evo_event_schema\" style=\"display:none\" ><a itemprop='url'  href='https:\/\/latemarium.com\/de\/events\/unterwegs-mit-ponys\/var\/ri-5.l-L2'><\/a><meta itemprop='image' content=\"https:\/\/latemarium.com\/wp-content\/uploads\/2026\/04\/pony.jpg\" \/><meta itemprop='startDate' content=\"2026-7-29T14:00+0:00\" \/><meta itemprop='endDate' content=\"2026-7-29T16:30+0:00\" \/><meta itemprop='eventStatus' content=\"https:\/\/schema.org\/EventScheduled\" \/><meta itemprop='eventAttendanceMode'   itemscope itemtype=\"https:\/\/schema.org\/OfflineEventAttendanceMode\"\/><div style=\"display:none\" itemprop=\"location\" itemscope itemtype=\"http:\/\/schema.org\/Place\"><span itemprop=\"name\">Pampeago<\/span><span itemprop=\"address\" itemscope itemtype=\"http:\/\/schema.org\/PostalAddress\"><item itemprop=\"streetAddress\">Localit\u00e0 Pampeago, 8, 38038 Tesero TN<\/item><\/span><\/div><script type=\"application\/ld+json\">{\"@context\": \"http:\/\/schema.org\",\"@type\": \"Event\",\n\t\t\t\t\"@id\": \"event_2938_5\",\n\t\t\t\t\"eventAttendanceMode\":\"https:\/\/schema.org\/OfflineEventAttendanceMode\",\n\t\t\t\t\"eventStatus\":\"https:\/\/schema.org\/EventScheduled\",\n\t\t\t\t\"name\": \"Unterwegs mit Ponys\",\n\t\t\t\t\"url\": \"https:\/\/latemarium.com\/de\/events\/unterwegs-mit-ponys\/var\/ri-5.l-L2\",\n\t\t\t\t\"startDate\": \"2026-7-29T14:00+0:00\",\n\t\t\t\t\"endDate\": \"2026-7-29T16:30+0:00\",\n\t\t\t\t\"image\":\"https:\/\/latemarium.com\/wp-content\/uploads\/2026\/04\/pony.jpg\", \n\t\t\t\t\"description\":\"<p>Ein angenehmer Spaziergang zur Entdeckung der Landschaften von Pampeago, begleitet von freundlichen Ponys, die Kinder und Familien sicher entlang der Route f\u00fchren.<\/p> <p>Ein entspannendes und unterhaltsames Erlebnis \u2013 ideal, um die Bergwelt in gem\u00e4chlichem Tempo zu genie\u00dfen und eine besondere Verbindung zu diesen sanften Tieren aufzubauen.<\/p> <p><strong>INFORMATIONEN:<\/strong><br \/> Wann \u2013 Jeden Mittwoch vom 24.06. bis 09.09.<br \/> Uhrzeit \u2013 Von 14:00 bis 16:30 Uhr (je nach Verf\u00fcgbarkeit)<br \/> Treffpunkt \u2013 Parkplatz der Tresca-Sesselbahn (Zutritt NUR f\u00fcr Teilnehmende mit Reservierung)<\/p> <p>Aktivit\u00e4t geeignet f\u00fcr Familien und Kinder.<\/p> <p>Reservierung erforderlich \u2013 klicken Sie <a href='https:\/\/www.visitfiemme.it\/de\/veranstaltungen\/fiemme-cembra-guest-card\/erlebnisse\/erlebnisse-sommer' target='_blank' rel='noopener'>HIER<\/a>, um zu buchen<\/p> \",\"location\":[{\"@type\":\"Place\",\"name\":\"Pampeago\",\"address\":{\"@type\": \"PostalAddress\",\"streetAddress\":\"Localit\u00e0 Pampeago, 8, 38038 Tesero TN\"}}]}<\/script><\/div>\r\n\t\t\t\t<p class=\"desc_trig_outter\" style=\"\"><a data-gmap_status=\"null\" data-exlk=\"0\" style=\"background-color: #38823b;\" id=\"evc_17853264002938\" class=\"hasFtIMG event_repeat desc_trig sin_val evcal_list_a\" data-ux_val=\"3\" data-ux_val_mob=\"-\"  ><span class='evoet_c1 evoet_cx '><span class='ev_ftImg' data-img='https:\/\/latemarium.com\/wp-content\/uploads\/2026\/04\/pony.jpg' data-thumb='https:\/\/latemarium.com\/wp-content\/uploads\/2026\/04\/pony-300x110.jpg' style='background-image:url(\"https:\/\/latemarium.com\/wp-content\/uploads\/2026\/04\/pony-300x110.jpg\")' ><\/span><\/span><span class='evoet_c2 evoet_cx '><span class='evoet_dayblock evcal_cblock ' data-bgcolor='#38823b' data-smon='Juli' data-syr='2026' data-bub=''><span class='evo_start '><em class='date'>29<\/em><em class='month'>Jul<\/em><em class='time'>14:00<\/em><\/span><span class='evo_end only_time'><em class='time'>16:30<\/em><\/span><\/span><\/span><span class='evoet_c3 evoet_cx evcal_desc hide_eventtopdata '><span class='evoet_title evcal_desc2 evcal_event_title ' itemprop='name'>Unterwegs mit Ponys<\/span><span class='event_location_attrs'  data-location_address=\"Localit\u00e0 Pampeago, 8, 38038 Tesero TN\" data-location_type=\"lonlat\" data-location_name=\"Pampeago\" data-location_url=\"https:\/\/latemarium.com\/de\/event-location\/pampeago-de\/\" data-location_status=\"true\" data-latlng=\"46.34343697644898,11.540997527961546\"><\/span><span class='evoet_subtitle evo_below_title' ><span class='evcal_event_subtitle ' >Familienwanderung<\/span><\/span><span class='evoet_time_expand level_3'><em class='evcal_time evo_tz_time'><i class='fa fa-clock-o'><\/i>14:00 - 16:30<span class='evo_tz marl5'>(GMT+02:00)<\/span><\/em> <\/span><span class='evoet_location level_3'><em class=\"evcal_location\"  data-latlng=\"46.34343697644898,11.540997527961546\" data-add_str=\"Localit\u00e0 Pampeago, 8, 38038 Tesero TN\" data-n=\"Pampeago\"><i class=\"fa fa-location-pin\"><\/i><em class=\"event_location_name\">Pampeago<\/em>, Localit\u00e0 Pampeago, 8, 38038 Tesero TN<\/em><\/span><\/span><span class='evoet_data' data-d=\"{&quot;loc.n&quot;:&quot;Pampeago&quot;,&quot;orgs&quot;:[],&quot;tags&quot;:{&quot;repeating&quot;:&quot;Repeating Event&quot;}}\" data-bgc=\"#38823b\" data-bggrad=\"\" ><\/span><\/a><\/p><div class='event_description evcal_eventcard ' style=\"display:none\"><div class='evocard_row'><div id='event_ftimage' class='evocard_box ftimage' data-c='' \n\t\t\t\t\tstyle=''><div class='evocard_main_image_hold' data-t='Loading Image..'><div class='evocard_main_image evo_img_triglb evobr15 evobgsc evobgpc evodfx evofx_jc_c evofx_ai_c evofz48 minmized' style='height:300px; background-image:url();' data-f=\"https:\/\/latemarium.com\/wp-content\/uploads\/2026\/04\/pony.jpg\" data-h=\"368\" data-w=\"1000\" data-ratio=\"0.368\" data-event_id=\"2938\" data-ri=\"5\"  data-t='Loading Image..'><span style='height:300px; background-image:url(https:\/\/latemarium.com\/wp-content\/uploads\/2026\/04\/pony.jpg)'><\/span><\/div><\/div><\/div><\/div><div class='evocard_row'><div id='event_eventdetails' class='evocard_box eventdetails' data-c='' \n\t\t\t\t\tstyle=''><div class='evo_metarow_details evorow evcal_evdata_row evcal_event_details'>\n\t\t<div class=\"event_excerpt\" style=\"display:none\"><h3 class=\"padb5 evo_h3\">Details zur Veranstaltung<\/h3><p>Ein angenehmer Spaziergang zur Entdeckung der Landschaften von Pampeago, begleitet von freundlichen Ponys, die Kinder und Familien sicher entlang der Route f\u00fchren.\nEin entspannendes und unterhaltsames Erlebnis \u2013 ideal, um die<\/p><\/div><span class='evcal_evdata_icons'><i class='fa fa-align-justify'><\/i><\/span>\n\t\t\n\t\t<div class='evcal_evdata_cell shorter_desc'>\n\t\t\t<div class='eventon_full_description'>\n\t\t\t\t<h3 class='padb5 evo_h3'><span class='evcal_evdata_icons'><i class='fa fa-align-justify'><\/i><\/span>Details zur Veranstaltung<\/h3>\n\t\t\t\t<div class='eventon_desc_in' itemprop='description'>\n\t\t\t\t<p>Ein angenehmer Spaziergang zur Entdeckung der Landschaften von Pampeago, begleitet von freundlichen Ponys, die Kinder und Familien sicher entlang der Route f\u00fchren.<\/p>\n<p>Ein entspannendes und unterhaltsames Erlebnis \u2013 ideal, um die Bergwelt in gem\u00e4chlichem Tempo zu genie\u00dfen und eine besondere Verbindung zu diesen sanften Tieren aufzubauen.<\/p>\n<p><strong>INFORMATIONEN:<\/strong><br \/>\nWann \u2013 Jeden Mittwoch vom 24.06. bis 09.09.<br \/>\nUhrzeit \u2013 Von 14:00 bis 16:30 Uhr (je nach Verf\u00fcgbarkeit)<br \/>\nTreffpunkt \u2013 Parkplatz der Tresca-Sesselbahn (Zutritt NUR f\u00fcr Teilnehmende mit Reservierung)<\/p>\n<p>Aktivit\u00e4t geeignet f\u00fcr Familien und Kinder.<\/p>\n<p>Reservierung erforderlich \u2013 klicken Sie <a href=\"https:\/\/www.visitfiemme.it\/de\/veranstaltungen\/fiemme-cembra-guest-card\/erlebnisse\/erlebnisse-sommer\" target=\"_blank\" rel=\"noopener\">HIER<\/a>, um zu buchen<\/p>\n<\/div><p class='eventon_shad_p' style='padding:5px 0 0; margin:0'>\n\t\t\t<span class='evcal_btn evo_btn_secondary evobtn_details_show_more' content='less'>\n\t\t\t\t<span class='ev_more_text' data-txt='Weniger'>Mehr<\/span><span class='ev_more_arrow ard'><\/span>\n\t\t\t<\/span>\n\t\t<\/p><div class='clear'><\/div>\n\t\t\t<\/div>\n\t\t<\/div>\n\t<\/div><\/div><\/div><div class='evocard_row bx2 bx'><div id='event_time' class='evocard_box time' data-c='' \n\t\t\t\t\tstyle=''><div class='evo_metarow_time evorow evcal_evdata_row evcal_evrow_sm '>\n\t\t<span class='evcal_evdata_icons'><i class='fa fa-clock'><\/i><\/span>\n\t\t<div class='evcal_evdata_cell'>\t\t\t\t\t\t\t\n\t\t\t<h3 class='evo_h3'><span class='evcal_evdata_icons'><i class='fa fa-clock'><\/i><\/span>Zeitplan<\/h3><p><span class='evo_eventcard_time_t'>29 Juli 2026 14:00 - 16:30<\/span><span class='evo_tz marr5'>(GMT+02:00)<\/span><\/p>\n\t\t<\/div>\n\t<\/div><\/div><div id='event_location' class='evocard_box location' data-c='' \n\t\t\t\t\tstyle=''><div class='evcal_evdata_row evo_metarow_time_location evorow '>\n\t\t\n\t\t\t<span class='evcal_evdata_icons'><i class='fa fa-map-marker'><\/i><\/span>\n\t\t\t<div class='evcal_evdata_cell' data-loc_tax_id='32'><h3 class='evo_h3 evodfx'><span class='evcal_evdata_icons'><i class='fa fa-map-marker'><\/i><\/span>Ort<\/h3><p class='evo_location_name'>Pampeago<\/p><p class='evo_location_address evodfxi evogap10'>Localit\u00e0 Pampeago, 8, 38038 Tesero TN<\/p><div class='padt10'><span class='evo_btn_arr evolb_trigger' data-lbvals=\"{&quot;lbc&quot;:&quot;evo_location_lb_32&quot;,&quot;lbac&quot;:&quot;lb_max&quot;,&quot;t&quot;:&quot;Pampeago&quot;,&quot;ajax&quot;:&quot;yes&quot;,&quot;ajax_type&quot;:&quot;endpoint&quot;,&quot;ajax_action&quot;:&quot;eventon_get_tax_card_content&quot;,&quot;end&quot;:&quot;client&quot;,&quot;d&quot;:{&quot;lang&quot;:&quot;L2&quot;,&quot;term_id&quot;:32,&quot;tax&quot;:&quot;event_location&quot;,&quot;load_lbcontent&quot;:true},&quot;uid&quot;:&quot;eventon_get_tax_card_content&quot;}\" >Other Events<i class='fa fa-chevron-right'><\/i><\/span><\/div><\/div>\n\t\t\n\t<\/div><\/div><\/div><div class='evocard_row'><div id='event_addtocal' class='evocard_box addtocal' data-c='' \n\t\t\t\t\tstyle=''><div class='evo_metarow_ICS evorow evcal_evdata_row'>\n\t\t\t<span class='evcal_evdata_icons'><i class='fa fa-calendar-o'><\/i><\/span>\n\t\t\t<div class='evcal_evdata_cell'>\n\t\t\t\t<p><a href='https:\/\/latemarium.com\/de\/export-events\/2938_5\/?nonce=7b34e59f7d' class='evo_ics_nCal' title='Zu Ihrem Kalender hinzuf\u00fcgen'>Kalender<\/a><a href='https:\/\/www.google.com\/calendar\/event?action=TEMPLATE&text=Unterwegs+mit+Ponys&dates=20260729T120000Z%2F20260729T143000Z&ctz=Europe%2FRome&details=Unterwegs mit Ponys&location=Pampeago+Localit%C3%A0+Pampeago%2C+8%2C+38038+Tesero+TN' target='_blank' class='evo_ics_gCal' title='Zu Google Kalender hinzuf\u00fcgen'>GoogleCal<\/a><\/p>\t\n\t\t\t<\/div>\n\t\t<\/div><\/div><\/div><div class='evocard_row'><div id='event_getdirection' class='evocard_box getdirection' data-c='' \n\t\t\t\t\tstyle=''><div class='evo_metarow_getDr evorow evcal_evdata_row evcal_evrow_sm getdirections'>\n\t\t<form action='https:\/\/maps.google.com\/maps' method='get' target='_blank'>\n\t\t\t<input type='hidden' name='daddr' value=\"Localit\u00e0 Pampeago, 8, 38038 Tesero TN\"\/> \n\t\t\t<div class='evo_get_direction_content evo_fx_dr_r evogap10'>\n\t\t\t\t<span class='evogetdir_header evodfx evofx_dr_r evofx_ai_c marr10'>\n\t\t\t\t\t<i class='mainicon fa fa-road'><\/i> \n\t\t\t\t\t<h3 class='evo_h3' style='padding-bottom:5px;'>Wegbeschreibung abrufen<\/h3>\n\t\t\t\t<\/span>\n\t\t\t\t<span class='evogetdir_field evodfx evofx_1_1 evo_fx_dr_c evow100p'>\t\t\t\t\t\n\t\t\t\t\t<input class='evoInput evotac' type='text' name='saddr' placeholder='&quot;Geben Sie die Adresse ein' value='' style='margin:10px 0;'\/>\n\t\t\t\t<\/span>\n\t\t\t\t<button type='submit' class='evo_get_direction_button evo_btn_arr_circ dfx fx_ai_c' title='&quot;Klicken Sie hier'><i class='fa fa-chevron-right'><\/i> <\/button>\n\t\t\t<\/div>\n\t\t<\/form>\n\t<\/div><\/div><\/div><div class='evo_card_row_end evcal_close' title='Schlie\u00dfen'><\/div><\/div><div class='clear end'><\/div><\/div><div id=\"event_2853_1\" class=\"eventon_list_event evo_eventtop scheduled  event clrD event_2853_1\" data-event_id=\"2853\" data-ri=\"1r\" data-time=\"1785348000-1785358800\" data-colr=\"#006290\" itemscope itemtype='http:\/\/schema.org\/Event'><div class=\"evo_event_schema\" style=\"display:none\" ><a itemprop='url'  href='https:\/\/latemarium.com\/de\/events\/le-notti-di-luna-piena\/var\/ri-1.l-L2'><\/a><meta itemprop='image' content=\"https:\/\/latemarium.com\/wp-content\/uploads\/2025\/05\/notti-di-luna-piena-obereggen.jpg\" \/><meta itemprop='startDate' content=\"2026-7-29T20:00+0:00\" \/><meta itemprop='endDate' content=\"2026-7-29T23:00+0:00\" \/><meta itemprop='eventStatus' content=\"https:\/\/schema.org\/EventScheduled\" \/><meta itemprop='eventAttendanceMode'   itemscope itemtype=\"https:\/\/schema.org\/OfflineEventAttendanceMode\"\/><div style=\"display:none\" itemprop=\"location\" itemscope itemtype=\"http:\/\/schema.org\/Place\"><span itemprop=\"name\">Talstation Obereggen<\/span><span itemprop=\"address\" itemscope itemtype=\"http:\/\/schema.org\/PostalAddress\"><item itemprop=\"streetAddress\">Obereggen 16 I-39050 Deutschnofen (BZ)<\/item><\/span><\/div><script type=\"application\/ld+json\">{\"@context\": \"http:\/\/schema.org\",\"@type\": \"Event\",\n\t\t\t\t\"@id\": \"event_2853_1\",\n\t\t\t\t\"eventAttendanceMode\":\"https:\/\/schema.org\/OfflineEventAttendanceMode\",\n\t\t\t\t\"eventStatus\":\"https:\/\/schema.org\/EventScheduled\",\n\t\t\t\t\"name\": \"Vollmondabende\",\n\t\t\t\t\"url\": \"https:\/\/latemarium.com\/de\/events\/le-notti-di-luna-piena\/var\/ri-1.l-L2\",\n\t\t\t\t\"startDate\": \"2026-7-29T20:00+0:00\",\n\t\t\t\t\"endDate\": \"2026-7-29T23:00+0:00\",\n\t\t\t\t\"image\":\"https:\/\/latemarium.com\/wp-content\/uploads\/2025\/05\/notti-di-luna-piena-obereggen.jpg\", \n\t\t\t\t\"description\":\"<p>Man muss an Vollmondabenden nicht immer in die Sterne schauen \u2013 Full-Moon-Walking ist angesagt! Mit Stirnlampen, gutem Schuhwerk, angepasster Kleidung und eurer Motivation durch die Wiesen und W\u00e4lder von Obereggen Laufen oder Walken? Lasst euch von unseren Guides \u201eerleuchten\u201c \/ begleiten und teilt eure Erfahrung bei anschlie\u00dfender STERNE Einkehr im BIO-Bauernhof Oberwerkstatthof mit Getr\u00e4nk und kleinem H\u00e4ppchen. Es bleibt sicher auch die Zeit zum Sterne plaudern.<\/p> <p>Treffpunkt: 20.00 Uhr, Tourismusb\u00fcro Obereggen<br \/> R\u00fcckkehr: ca. 23.00 Uhr<br \/> Kosten: 10,00 \u20ac pro Erwachsener, 5,00 \u20ac pro Kind<br \/> Anmelden: bis 12.00 Uhr desselben Tages online auf eggental.com\/events oder Tel. +39 0471 619 500 in den Tourismusb\u00fcros<\/p> \",\"location\":[{\"@type\":\"Place\",\"name\":\"Talstation Obereggen\",\"address\":{\"@type\": \"PostalAddress\",\"streetAddress\":\"Obereggen 16 I-39050 Deutschnofen (BZ)\"}}]}<\/script><\/div>\r\n\t\t\t\t<p class=\"desc_trig_outter\" style=\"\"><a data-gmtrig=\"1\" data-exlk=\"0\" style=\"background-color: #006290;\" id=\"evc_17853480002853\" class=\"hasFtIMG event_repeat desc_trig sin_val evcal_list_a\" data-ux_val=\"3\" data-ux_val_mob=\"-\"  ><span class='evoet_c1 evoet_cx '><span class='ev_ftImg' data-img='https:\/\/latemarium.com\/wp-content\/uploads\/2025\/05\/notti-di-luna-piena-obereggen.jpg' data-thumb='https:\/\/latemarium.com\/wp-content\/uploads\/2025\/05\/notti-di-luna-piena-obereggen-300x182.jpg' style='background-image:url(\"https:\/\/latemarium.com\/wp-content\/uploads\/2025\/05\/notti-di-luna-piena-obereggen-300x182.jpg\")' ><\/span><\/span><span class='evoet_c2 evoet_cx '><span class='evoet_dayblock evcal_cblock ' data-bgcolor='#006290' data-smon='Juli' data-syr='2026' data-bub=''><span class='evo_start '><em class='date'>29<\/em><em class='month'>Jul<\/em><em class='time'>20:00<\/em><\/span><span class='evo_end only_time'><em class='time'>23:00<\/em><\/span><\/span><\/span><span class='evoet_c3 evoet_cx evcal_desc hide_eventtopdata '><span class='evoet_title evcal_desc2 evcal_event_title ' itemprop='name'>Vollmondabende<\/span><span class='event_location_attrs'  data-location_address=\"Obereggen 16 I-39050 Deutschnofen (BZ)\" data-location_type=\"lonlat\" data-location_name=\"Talstation Obereggen\" data-location_url=\"https:\/\/latemarium.com\/de\/event-location\/talstation-obereggen\/\" data-location_status=\"true\" data-latlng=\"46.3835808246333,11.52667595881786\"><\/span><span class='evoet_subtitle evo_below_title' ><span class='evcal_event_subtitle ' >mehr als nur Sterne beobachten!<\/span><\/span><span class='evoet_time_expand level_3'><em class='evcal_time evo_tz_time'><i class='fa fa-clock-o'><\/i>20:00 - 23:00<span class='evo_tz marl5'>(GMT+02:00)<\/span><\/em> <\/span><span class='evoet_location level_3'><em class=\"evcal_location\"  data-latlng=\"46.3835808246333,11.52667595881786\" data-add_str=\"Obereggen 16 I-39050 Deutschnofen (BZ)\" data-n=\"Talstation Obereggen\"><i class=\"fa fa-location-pin\"><\/i><em class=\"event_location_name\">Talstation Obereggen<\/em>, Obereggen 16 I-39050 Deutschnofen (BZ)<\/em><\/span><\/span><span class='evoet_data' data-d=\"{&quot;loc.n&quot;:&quot;Talstation Obereggen&quot;,&quot;orgs&quot;:[],&quot;tags&quot;:{&quot;repeating&quot;:&quot;Repeating Event&quot;}}\" data-bgc=\"#006290\" data-bggrad=\"\" ><\/span><\/a><\/p><div class='event_description evcal_eventcard ' style=\"display:none\"><div class='evocard_row'><div id='event_ftimage' class='evocard_box ftimage' data-c='' \n\t\t\t\t\tstyle=''><div class='evocard_main_image_hold' data-t='Loading Image..'><div class='evocard_main_image evo_img_triglb evobr15 evobgsc evobgpc evodfx evofx_jc_c evofx_ai_c evofz48 minmized' style='height:300px; background-image:url();' data-f=\"https:\/\/latemarium.com\/wp-content\/uploads\/2025\/05\/notti-di-luna-piena-obereggen.jpg\" data-h=\"755\" data-w=\"1245\" data-ratio=\"0.60642570281124\" data-event_id=\"2853\" data-ri=\"1\"  data-t='Loading Image..'><span style='height:300px; background-image:url(https:\/\/latemarium.com\/wp-content\/uploads\/2025\/05\/notti-di-luna-piena-obereggen.jpg)'><\/span><\/div><\/div><\/div><\/div><div class='evocard_row'><div id='event_eventdetails' class='evocard_box eventdetails' data-c='' \n\t\t\t\t\tstyle=''><div class='evo_metarow_details evorow evcal_evdata_row evcal_event_details'>\n\t\t<div class=\"event_excerpt\" style=\"display:none\"><h3 class=\"padb5 evo_h3\">Details zur Veranstaltung<\/h3><p>Man muss an Vollmondabenden nicht immer in die Sterne schauen \u2013 Full-Moon-Walking ist angesagt! Mit Stirnlampen, gutem Schuhwerk, angepasster Kleidung und eurer Motivation durch die Wiesen und W\u00e4lder von Obereggen<\/p><\/div><span class='evcal_evdata_icons'><i class='fa fa-align-justify'><\/i><\/span>\n\t\t\n\t\t<div class='evcal_evdata_cell shorter_desc'>\n\t\t\t<div class='eventon_full_description'>\n\t\t\t\t<h3 class='padb5 evo_h3'><span class='evcal_evdata_icons'><i class='fa fa-align-justify'><\/i><\/span>Details zur Veranstaltung<\/h3>\n\t\t\t\t<div class='eventon_desc_in' itemprop='description'>\n\t\t\t\t<p>Man muss an Vollmondabenden nicht immer in die Sterne schauen \u2013 Full-Moon-Walking ist angesagt! Mit Stirnlampen, gutem Schuhwerk, angepasster Kleidung und eurer Motivation durch die Wiesen und W\u00e4lder von Obereggen Laufen oder Walken? Lasst euch von unseren Guides \u201eerleuchten\u201c \/ begleiten und teilt eure Erfahrung bei anschlie\u00dfender STERNE Einkehr im BIO-Bauernhof Oberwerkstatthof mit Getr\u00e4nk und kleinem H\u00e4ppchen. Es bleibt sicher auch die Zeit zum Sterne plaudern.<\/p>\n<p>Treffpunkt: 20.00 Uhr, Tourismusb\u00fcro Obereggen<br \/>\nR\u00fcckkehr: ca. 23.00 Uhr<br \/>\nKosten: 10,00 \u20ac pro Erwachsener, 5,00 \u20ac pro Kind<br \/>\nAnmelden: bis 12.00 Uhr desselben Tages online auf eggental.com\/events oder Tel. +39 0471 619 500 in den Tourismusb\u00fcros<\/p>\n<\/div><p class='eventon_shad_p' style='padding:5px 0 0; margin:0'>\n\t\t\t<span class='evcal_btn evo_btn_secondary evobtn_details_show_more' content='less'>\n\t\t\t\t<span class='ev_more_text' data-txt='Weniger'>Mehr<\/span><span class='ev_more_arrow ard'><\/span>\n\t\t\t<\/span>\n\t\t<\/p><div class='clear'><\/div>\n\t\t\t<\/div>\n\t\t<\/div>\n\t<\/div><\/div><\/div><div class='evocard_row bx2 bx'><div id='event_time' class='evocard_box time' data-c='' \n\t\t\t\t\tstyle=''><div class='evo_metarow_time evorow evcal_evdata_row evcal_evrow_sm '>\n\t\t<span class='evcal_evdata_icons'><i class='fa fa-clock'><\/i><\/span>\n\t\t<div class='evcal_evdata_cell'>\t\t\t\t\t\t\t\n\t\t\t<h3 class='evo_h3'><span class='evcal_evdata_icons'><i class='fa fa-clock'><\/i><\/span>Zeitplan<\/h3><p><span class='evo_eventcard_time_t'>29 Juli 2026 20:00 - 23:00<\/span><span class='evo_tz marr5'>(GMT+02:00)<\/span><\/p>\n\t\t<\/div>\n\t<\/div><\/div><div id='event_location' class='evocard_box location' data-c='' \n\t\t\t\t\tstyle=''><div class='evcal_evdata_row evo_metarow_time_location evorow '>\n\t\t\n\t\t\t<span class='evcal_evdata_icons'><i class='fa fa-map-marker'><\/i><\/span>\n\t\t\t<div class='evcal_evdata_cell' data-loc_tax_id='23'><h3 class='evo_h3 evodfx'><span class='evcal_evdata_icons'><i class='fa fa-map-marker'><\/i><\/span>Ort<\/h3><p class='evo_location_name'>Talstation Obereggen<\/p><p class='evo_location_address evodfxi evogap10'>Obereggen 16 I-39050 Deutschnofen (BZ)<\/p><div class='padt10'><span class='evo_btn_arr evolb_trigger' data-lbvals=\"{&quot;lbc&quot;:&quot;evo_location_lb_23&quot;,&quot;lbac&quot;:&quot;lb_max&quot;,&quot;t&quot;:&quot;Talstation Obereggen&quot;,&quot;ajax&quot;:&quot;yes&quot;,&quot;ajax_type&quot;:&quot;endpoint&quot;,&quot;ajax_action&quot;:&quot;eventon_get_tax_card_content&quot;,&quot;end&quot;:&quot;client&quot;,&quot;d&quot;:{&quot;lang&quot;:&quot;L2&quot;,&quot;term_id&quot;:23,&quot;tax&quot;:&quot;event_location&quot;,&quot;load_lbcontent&quot;:true},&quot;uid&quot;:&quot;eventon_get_tax_card_content&quot;}\" >Other Events<i class='fa fa-chevron-right'><\/i><\/span><\/div><\/div>\n\t\t\n\t<\/div><\/div><\/div><div class='evocard_row bx2 bx'><div id='event_learnmore' class='evocard_box learnmore' data-c='' \n\t\t\t\t\tstyle=''><div class='evo_metarow_learnM evo_metarow_learnmore evorow'>\n\t\t\t\t\t\t\t<a class='evcal_evdata_row evo_clik_row ' href='https:\/\/eggental.com\/de\/event\/vollmondabende-mehr-als-nur-sterne-beobachten_11858' target=\"_blank\">\n\t\t\t\t\t\t\t\t<span class='evcal_evdata_icons'><i class='fa fa-link'><\/i><\/span>\n\t\t\t\t\t\t\t\t<h3 class='evo_h3'>Entdecke mehr<\/h3>\n\t\t\t\t\t\t\t<\/a>\n\t\t\t\t\t\t\t<\/div><\/div><div id='event_addtocal' class='evocard_box addtocal' data-c='' \n\t\t\t\t\tstyle=''><div class='evo_metarow_ICS evorow evcal_evdata_row'>\n\t\t\t<span class='evcal_evdata_icons'><i class='fa fa-calendar-o'><\/i><\/span>\n\t\t\t<div class='evcal_evdata_cell'>\n\t\t\t\t<p><a href='https:\/\/latemarium.com\/de\/export-events\/2853_1\/?nonce=7b34e59f7d' class='evo_ics_nCal' title='Zu Ihrem Kalender hinzuf\u00fcgen'>Kalender<\/a><a href='https:\/\/www.google.com\/calendar\/event?action=TEMPLATE&text=Vollmondabende&dates=20260729T180000Z%2F20260729T210000Z&ctz=Europe%2FRome&details=Vollmondabende&location=Talstation+Obereggen+Obereggen+16+I-39050+Deutschnofen+%28BZ%29' target='_blank' class='evo_ics_gCal' title='Zu Google Kalender hinzuf\u00fcgen'>GoogleCal<\/a><\/p>\t\n\t\t\t<\/div>\n\t\t<\/div><\/div><\/div><div class='evocard_row'><div id='event_getdirection' class='evocard_box getdirection' data-c='' \n\t\t\t\t\tstyle=''><div class='evo_metarow_getDr evorow evcal_evdata_row evcal_evrow_sm getdirections'>\n\t\t<form action='https:\/\/maps.google.com\/maps' method='get' target='_blank'>\n\t\t\t<input type='hidden' name='daddr' value=\"46.3835808246333,11.52667595881786\"\/> \n\t\t\t<div class='evo_get_direction_content evo_fx_dr_r evogap10'>\n\t\t\t\t<span class='evogetdir_header evodfx evofx_dr_r evofx_ai_c marr10'>\n\t\t\t\t\t<i class='mainicon fa fa-road'><\/i> \n\t\t\t\t\t<h3 class='evo_h3' style='padding-bottom:5px;'>Wegbeschreibung abrufen<\/h3>\n\t\t\t\t<\/span>\n\t\t\t\t<span class='evogetdir_field evodfx evofx_1_1 evo_fx_dr_c evow100p'>\t\t\t\t\t\n\t\t\t\t\t<input class='evoInput evotac' type='text' name='saddr' placeholder='&quot;Geben Sie die Adresse ein' value='' style='margin:10px 0;'\/>\n\t\t\t\t<\/span>\n\t\t\t\t<button type='submit' class='evo_get_direction_button evo_btn_arr_circ dfx fx_ai_c' title='&quot;Klicken Sie hier'><i class='fa fa-chevron-right'><\/i> <\/button>\n\t\t\t<\/div>\n\t\t<\/form>\n\t<\/div><\/div><\/div><div class='evo_card_row_end evcal_close' title='Schlie\u00dfen'><\/div><\/div><div class='clear end'><\/div><\/div><div id=\"event_2845_4\" class=\"eventon_list_event evo_eventtop scheduled  event clrD no_et event_2845_4\" data-event_id=\"2845\" data-ri=\"4r\" data-time=\"1785394800-1785448740\" data-colr=\"#38823b\" itemscope itemtype='http:\/\/schema.org\/Event'><div class=\"evo_event_schema\" style=\"display:none\" ><a itemprop='url'  href='https:\/\/latemarium.com\/de\/events\/escursione-in-montagna-al-rifugio-torre-di-pisa\/var\/ri-4.l-L2'><\/a><meta itemprop='image' content=\"https:\/\/latemarium.com\/wp-content\/uploads\/2025\/05\/escursione-torre-di-pisa-obereggen.jpg\" \/><meta itemprop='startDate' content=\"2026-7-30T09:00+0:00\" \/><meta itemprop='endDate' content=\"2026-7-30T23:59+0:00\" \/><meta itemprop='eventStatus' content=\"https:\/\/schema.org\/EventScheduled\" \/><meta itemprop='eventAttendanceMode'   itemscope itemtype=\"https:\/\/schema.org\/OfflineEventAttendanceMode\"\/><div style=\"display:none\" itemprop=\"location\" itemscope itemtype=\"http:\/\/schema.org\/Place\"><span itemprop=\"name\">Talstation Obereggen<\/span><span itemprop=\"address\" itemscope itemtype=\"http:\/\/schema.org\/PostalAddress\"><item itemprop=\"streetAddress\">Obereggen 16 I-39050 Deutschnofen (BZ)<\/item><\/span><\/div><script type=\"application\/ld+json\">{\"@context\": \"http:\/\/schema.org\",\"@type\": \"Event\",\n\t\t\t\t\"@id\": \"event_2845_4\",\n\t\t\t\t\"eventAttendanceMode\":\"https:\/\/schema.org\/OfflineEventAttendanceMode\",\n\t\t\t\t\"eventStatus\":\"https:\/\/schema.org\/EventScheduled\",\n\t\t\t\t\"name\": \"Gipfelwanderung zur Latemarh\u00fctte\",\n\t\t\t\t\"url\": \"https:\/\/latemarium.com\/de\/events\/escursione-in-montagna-al-rifugio-torre-di-pisa\/var\/ri-4.l-L2\",\n\t\t\t\t\"startDate\": \"2026-7-30T09:00+0:00\",\n\t\t\t\t\"endDate\": \"2026-7-30T23:59+0:00\",\n\t\t\t\t\"image\":\"https:\/\/latemarium.com\/wp-content\/uploads\/2025\/05\/escursione-torre-di-pisa-obereggen.jpg\", \n\t\t\t\t\"description\":\"<p>Mittelschwere bis schwere, anspruchsvolle Bergwanderung im hochalpinen Gel\u00e4nde im s\u00fcdlichen Latemar- Massiv. Beeindruckende Rundsicht auf die umliegende Bergwelt.<\/p> <p>Route: Auffahrt mit dem Oberholz-Sessellift (1550\u20132100 m) \u2013 Aufstieg auf Weg 18 \u2013 Aussichtsplattform \u2013 Gamsstallscharte (2560 m) \u2013 Weg 516 \u2013 Pisah\u00fctte\/Latemarh\u00fctte (2671 m). Einkehr. Abstieg Weg 516 und Weg 22 \u2013 Bergstation Sessellift Oberholz \u2013 R\u00fcckfahrt.<\/p> <p>Start: 09.00 Uhr in Obereggen<br \/> R\u00fcckkehr: 16.00 Uhr<br \/> Dauer: 7 h | Gehzeit: 6 h<br \/> H\u00f6henunterschied: 750 m<br \/> Schwierigkeit: schwer, anspruchsvoll | Anforderungen: Ausdauer, Trittsicherheit und Schwindelfreiheit |mit Einkehr | die Mitnahme von geeignetem Tourenproviant wird empfohlen<br \/> Sessellift Oberholz: 21,50 \u20ac\/Erwachsene \u2013 17,50 \u20ac\/Junior<\/p> \",\"location\":[{\"@type\":\"Place\",\"name\":\"Talstation Obereggen\",\"address\":{\"@type\": \"PostalAddress\",\"streetAddress\":\"Obereggen 16 I-39050 Deutschnofen (BZ)\"}}]}<\/script><\/div>\r\n\t\t\t\t<p class=\"desc_trig_outter\" style=\"\"><a data-gmtrig=\"1\" data-exlk=\"0\" style=\"background-color: #38823b;\" id=\"evc_17853948002845\" class=\"hasFtIMG event_repeat desc_trig sin_val evcal_list_a\" data-ux_val=\"3\" data-ux_val_mob=\"-\"  ><span class='evoet_c1 evoet_cx '><span class='ev_ftImg' data-img='https:\/\/latemarium.com\/wp-content\/uploads\/2025\/05\/escursione-torre-di-pisa-obereggen.jpg' data-thumb='https:\/\/latemarium.com\/wp-content\/uploads\/2025\/05\/escursione-torre-di-pisa-obereggen-300x182.jpg' style='background-image:url(\"https:\/\/latemarium.com\/wp-content\/uploads\/2025\/05\/escursione-torre-di-pisa-obereggen-300x182.jpg\")' ><\/span><\/span><span class='evoet_c2 evoet_cx '><span class='evoet_dayblock evcal_cblock ' data-bgcolor='#38823b' data-smon='Juli' data-syr='2026' data-bub=''><span class='evo_start '><em class='date'>30<\/em><em class='month'>Jul<\/em><em class='time'>09:00<\/em><\/span><\/span><\/span><span class='evoet_c3 evoet_cx evcal_desc hide_eventtopdata '><span class='evoet_title evcal_desc2 evcal_event_title ' itemprop='name'>Gipfelwanderung zur Latemarh\u00fctte<\/span><span class='event_location_attrs'  data-location_address=\"Obereggen 16 I-39050 Deutschnofen (BZ)\" data-location_type=\"lonlat\" data-location_name=\"Talstation Obereggen\" data-location_url=\"https:\/\/latemarium.com\/de\/event-location\/talstation-obereggen\/\" data-location_status=\"true\" data-latlng=\"46.3835808246333,11.52667595881786\"><\/span><span class='evoet_subtitle evo_below_title' ><span class='evcal_event_subtitle ' >Gipfelwanderung <\/span><\/span><span class='evoet_time_expand level_3'><em class='evcal_time evo_tz_time'><i class='fa fa-clock-o'><\/i>09:00<span class='evo_tz marl5'>(GMT+02:00)<\/span><\/em> <\/span><span class='evoet_location level_3'><em class=\"evcal_location\"  data-latlng=\"46.3835808246333,11.52667595881786\" data-add_str=\"Obereggen 16 I-39050 Deutschnofen (BZ)\" data-n=\"Talstation Obereggen\"><i class=\"fa fa-location-pin\"><\/i><em class=\"event_location_name\">Talstation Obereggen<\/em>, Obereggen 16 I-39050 Deutschnofen (BZ)<\/em><\/span><\/span><span class='evoet_data' data-d=\"{&quot;loc.n&quot;:&quot;Talstation Obereggen&quot;,&quot;orgs&quot;:[],&quot;tags&quot;:{&quot;repeating&quot;:&quot;Repeating Event&quot;}}\" data-bgc=\"#38823b\" data-bggrad=\"\" ><\/span><\/a><\/p><div class='event_description evcal_eventcard ' style=\"display:none\"><div class='evocard_row'><div id='event_ftimage' class='evocard_box ftimage' data-c='' \n\t\t\t\t\tstyle=''><div class='evocard_main_image_hold' data-t='Loading Image..'><div class='evocard_main_image evo_img_triglb evobr15 evobgsc evobgpc evodfx evofx_jc_c evofx_ai_c evofz48 minmized' style='height:300px; background-image:url();' data-f=\"https:\/\/latemarium.com\/wp-content\/uploads\/2025\/05\/escursione-torre-di-pisa-obereggen.jpg\" data-h=\"755\" data-w=\"1245\" data-ratio=\"0.60642570281124\" data-event_id=\"2845\" data-ri=\"4\"  data-t='Loading Image..'><span style='height:300px; background-image:url(https:\/\/latemarium.com\/wp-content\/uploads\/2025\/05\/escursione-torre-di-pisa-obereggen.jpg)'><\/span><\/div><\/div><\/div><\/div><div class='evocard_row'><div id='event_eventdetails' class='evocard_box eventdetails' data-c='' \n\t\t\t\t\tstyle=''><div class='evo_metarow_details evorow evcal_evdata_row evcal_event_details'>\n\t\t<div class=\"event_excerpt\" style=\"display:none\"><h3 class=\"padb5 evo_h3\">Details zur Veranstaltung<\/h3><p>Mittelschwere bis schwere, anspruchsvolle Bergwanderung im hochalpinen Gel\u00e4nde im s\u00fcdlichen Latemar- Massiv. Beeindruckende Rundsicht auf die umliegende Bergwelt.\nRoute: Auffahrt mit dem Oberholz-Sessellift (1550\u20132100 m) \u2013 Aufstieg auf Weg 18 \u2013<\/p><\/div><span class='evcal_evdata_icons'><i class='fa fa-align-justify'><\/i><\/span>\n\t\t\n\t\t<div class='evcal_evdata_cell shorter_desc'>\n\t\t\t<div class='eventon_full_description'>\n\t\t\t\t<h3 class='padb5 evo_h3'><span class='evcal_evdata_icons'><i class='fa fa-align-justify'><\/i><\/span>Details zur Veranstaltung<\/h3>\n\t\t\t\t<div class='eventon_desc_in' itemprop='description'>\n\t\t\t\t<p>Mittelschwere bis schwere, anspruchsvolle Bergwanderung im hochalpinen Gel\u00e4nde im s\u00fcdlichen Latemar- Massiv. Beeindruckende Rundsicht auf die umliegende Bergwelt.<\/p>\n<p>Route: Auffahrt mit dem Oberholz-Sessellift (1550\u20132100 m) \u2013 Aufstieg auf Weg 18 \u2013 Aussichtsplattform \u2013 Gamsstallscharte (2560 m) \u2013 Weg 516 \u2013 Pisah\u00fctte\/Latemarh\u00fctte (2671 m). Einkehr. Abstieg Weg 516 und Weg 22 \u2013 Bergstation Sessellift Oberholz \u2013 R\u00fcckfahrt.<\/p>\n<p>Start: 09.00 Uhr in Obereggen<br \/>\nR\u00fcckkehr: 16.00 Uhr<br \/>\nDauer: 7 h | Gehzeit: 6 h<br \/>\nH\u00f6henunterschied: 750 m<br \/>\nSchwierigkeit: schwer, anspruchsvoll | Anforderungen: Ausdauer, Trittsicherheit und Schwindelfreiheit |mit Einkehr | die Mitnahme von geeignetem Tourenproviant wird empfohlen<br \/>\nSessellift Oberholz: 21,50 \u20ac\/Erwachsene \u2013 17,50 \u20ac\/Junior<\/p>\n<\/div><p class='eventon_shad_p' style='padding:5px 0 0; margin:0'>\n\t\t\t<span class='evcal_btn evo_btn_secondary evobtn_details_show_more' content='less'>\n\t\t\t\t<span class='ev_more_text' data-txt='Weniger'>Mehr<\/span><span class='ev_more_arrow ard'><\/span>\n\t\t\t<\/span>\n\t\t<\/p><div class='clear'><\/div>\n\t\t\t<\/div>\n\t\t<\/div>\n\t<\/div><\/div><\/div><div class='evocard_row bx2 bx'><div id='event_time' class='evocard_box time' data-c='' \n\t\t\t\t\tstyle=''><div class='evo_metarow_time evorow evcal_evdata_row evcal_evrow_sm '>\n\t\t<span class='evcal_evdata_icons'><i class='fa fa-clock'><\/i><\/span>\n\t\t<div class='evcal_evdata_cell'>\t\t\t\t\t\t\t\n\t\t\t<h3 class='evo_h3'><span class='evcal_evdata_icons'><i class='fa fa-clock'><\/i><\/span>Zeitplan<\/h3><p><span class='evo_eventcard_time_t'>30 Juli 2026 09:00<\/span><span class='evo_tz marr5'>(GMT+02:00)<\/span><\/p>\n\t\t<\/div>\n\t<\/div><\/div><div id='event_location' class='evocard_box location' data-c='' \n\t\t\t\t\tstyle=''><div class='evcal_evdata_row evo_metarow_time_location evorow '>\n\t\t\n\t\t\t<span class='evcal_evdata_icons'><i class='fa fa-map-marker'><\/i><\/span>\n\t\t\t<div class='evcal_evdata_cell' data-loc_tax_id='23'><h3 class='evo_h3 evodfx'><span class='evcal_evdata_icons'><i class='fa fa-map-marker'><\/i><\/span>Ort<\/h3><p class='evo_location_name'>Talstation Obereggen<\/p><p class='evo_location_address evodfxi evogap10'>Obereggen 16 I-39050 Deutschnofen (BZ)<\/p><div class='padt10'><span class='evo_btn_arr evolb_trigger' data-lbvals=\"{&quot;lbc&quot;:&quot;evo_location_lb_23&quot;,&quot;lbac&quot;:&quot;lb_max&quot;,&quot;t&quot;:&quot;Talstation Obereggen&quot;,&quot;ajax&quot;:&quot;yes&quot;,&quot;ajax_type&quot;:&quot;endpoint&quot;,&quot;ajax_action&quot;:&quot;eventon_get_tax_card_content&quot;,&quot;end&quot;:&quot;client&quot;,&quot;d&quot;:{&quot;lang&quot;:&quot;L2&quot;,&quot;term_id&quot;:23,&quot;tax&quot;:&quot;event_location&quot;,&quot;load_lbcontent&quot;:true},&quot;uid&quot;:&quot;eventon_get_tax_card_content&quot;}\" >Other Events<i class='fa fa-chevron-right'><\/i><\/span><\/div><\/div>\n\t\t\n\t<\/div><\/div><\/div><div class='evocard_row bx2 bx'><div id='event_learnmore' class='evocard_box learnmore' data-c='' \n\t\t\t\t\tstyle=''><div class='evo_metarow_learnM evo_metarow_learnmore evorow'>\n\t\t\t\t\t\t\t<a class='evcal_evdata_row evo_clik_row ' href='https:\/\/eggental.com\/de\/event\/gipfelwanderung-zur-latemarhtte_11602' target=\"_blank\">\n\t\t\t\t\t\t\t\t<span class='evcal_evdata_icons'><i class='fa fa-link'><\/i><\/span>\n\t\t\t\t\t\t\t\t<h3 class='evo_h3'>Entdecke mehr<\/h3>\n\t\t\t\t\t\t\t<\/a>\n\t\t\t\t\t\t\t<\/div><\/div><div id='event_addtocal' class='evocard_box addtocal' data-c='' \n\t\t\t\t\tstyle=''><div class='evo_metarow_ICS evorow evcal_evdata_row'>\n\t\t\t<span class='evcal_evdata_icons'><i class='fa fa-calendar-o'><\/i><\/span>\n\t\t\t<div class='evcal_evdata_cell'>\n\t\t\t\t<p><a href='https:\/\/latemarium.com\/de\/export-events\/2845_4\/?nonce=7b34e59f7d' class='evo_ics_nCal' title='Zu Ihrem Kalender hinzuf\u00fcgen'>Kalender<\/a><a href='https:\/\/www.google.com\/calendar\/event?action=TEMPLATE&text=Gipfelwanderung+zur+Latemarh%C3%BCtte&dates=20260730T070000Z%2F20260730T215900Z&ctz=Europe%2FRome&details=Gipfelwanderung zur Latemarh\u00fctte&location=Talstation+Obereggen+Obereggen+16+I-39050+Deutschnofen+%28BZ%29' target='_blank' class='evo_ics_gCal' title='Zu Google Kalender hinzuf\u00fcgen'>GoogleCal<\/a><\/p>\t\n\t\t\t<\/div>\n\t\t<\/div><\/div><\/div><div class='evocard_row'><div id='event_getdirection' class='evocard_box getdirection' data-c='' \n\t\t\t\t\tstyle=''><div class='evo_metarow_getDr evorow evcal_evdata_row evcal_evrow_sm getdirections'>\n\t\t<form action='https:\/\/maps.google.com\/maps' method='get' target='_blank'>\n\t\t\t<input type='hidden' name='daddr' value=\"46.3835808246333,11.52667595881786\"\/> \n\t\t\t<div class='evo_get_direction_content evo_fx_dr_r evogap10'>\n\t\t\t\t<span class='evogetdir_header evodfx evofx_dr_r evofx_ai_c marr10'>\n\t\t\t\t\t<i class='mainicon fa fa-road'><\/i> \n\t\t\t\t\t<h3 class='evo_h3' style='padding-bottom:5px;'>Wegbeschreibung abrufen<\/h3>\n\t\t\t\t<\/span>\n\t\t\t\t<span class='evogetdir_field evodfx evofx_1_1 evo_fx_dr_c evow100p'>\t\t\t\t\t\n\t\t\t\t\t<input class='evoInput evotac' type='text' name='saddr' placeholder='&quot;Geben Sie die Adresse ein' value='' style='margin:10px 0;'\/>\n\t\t\t\t<\/span>\n\t\t\t\t<button type='submit' class='evo_get_direction_button evo_btn_arr_circ dfx fx_ai_c' title='&quot;Klicken Sie hier'><i class='fa fa-chevron-right'><\/i> <\/button>\n\t\t\t<\/div>\n\t\t<\/form>\n\t<\/div><\/div><\/div><div class='evo_card_row_end evcal_close' title='Schlie\u00dfen'><\/div><\/div><div class='clear end'><\/div><\/div><div id=\"event_2236_0\" class=\"eventon_list_event evo_eventtop scheduled  event clrW event_2236_0\" data-event_id=\"2236\" data-ri=\"0r\" data-time=\"1785402000-1785405600\" data-colr=\"#a69dcd\" itemscope itemtype='http:\/\/schema.org\/Event'><div class=\"evo_event_schema\" style=\"display:none\" ><a itemprop='url'  href='https:\/\/latemarium.com\/de\/events\/otto-il-bassotto\/var\/ri-0.l-L2'><\/a><meta itemprop='image' content=\"https:\/\/latemarium.com\/wp-content\/uploads\/2023\/06\/otto-bassotto.jpg\" \/><meta itemprop='startDate' content=\"2026-7-30T11:00+0:00\" \/><meta itemprop='endDate' content=\"2026-7-30T12:00+0:00\" \/><meta itemprop='eventStatus' content=\"https:\/\/schema.org\/EventScheduled\" \/><meta itemprop='eventAttendanceMode'   itemscope itemtype=\"https:\/\/schema.org\/OfflineEventAttendanceMode\"\/><script type=\"application\/ld+json\">{\"@context\": \"http:\/\/schema.org\",\"@type\": \"Event\",\n\t\t\t\t\"@id\": \"event_2236_0\",\n\t\t\t\t\"eventAttendanceMode\":\"https:\/\/schema.org\/OfflineEventAttendanceMode\",\n\t\t\t\t\"eventStatus\":\"https:\/\/schema.org\/EventScheduled\",\n\t\t\t\t\"name\": \"OTTO DER DACKEL\",\n\t\t\t\t\"url\": \"https:\/\/latemarium.com\/de\/events\/otto-il-bassotto\/var\/ri-0.l-L2\",\n\t\t\t\t\"startDate\": \"2026-7-30T11:00+0:00\",\n\t\t\t\t\"endDate\": \"2026-7-30T12:00+0:00\",\n\t\t\t\t\"image\":\"https:\/\/latemarium.com\/wp-content\/uploads\/2023\/06\/otto-bassotto.jpg\", \n\t\t\t\t\"description\":\"<p>In weniger als 10 Minuten verschwindet er in einem Riesenballon und beginnt zu tanzen. Was kann ein Stra\u00dfenk\u00fcnstler anfangen, der eine Schw\u00e4che f\u00fcr Luftballons hat? Otto il Bassotto ist mit seiner erstaunlichen Nummer schon \u00fcberall hin gereist und auf Pl\u00e4tzen, Stra\u00dfen und in Theaters\u00e4len aufgetreten.<\/p> <p>Er reist mit leichtem Gep\u00e4ck, in seinem Koffer befindet sich nur Kautschuk!<\/p> <p>Donnerstag: 30. Juli und 20.August 2026<br \/> Im Amphitheater in Gardon\u00e8<br \/> um 11.00 Uhr und 14.30 Uhr<\/p> <p>Mit Paolo Sperduti<\/p> \"}<\/script><\/div>\r\n\t\t\t\t<p class=\"desc_trig_outter\" style=\"\"><a data-gmap_status=\"null\" data-exlk=\"0\" style=\"background-color: #a69dcd;\" id=\"evc_17854020002236\" class=\"hasFtIMG event_repeat desc_trig sin_val evcal_list_a\" data-ux_val=\"3\" data-ux_val_mob=\"-\"  ><span class='evoet_c1 evoet_cx '><span class='ev_ftImg' data-img='https:\/\/latemarium.com\/wp-content\/uploads\/2023\/06\/otto-bassotto.jpg' data-thumb='https:\/\/latemarium.com\/wp-content\/uploads\/2023\/06\/otto-bassotto-300x194.jpg' style='background-image:url(\"https:\/\/latemarium.com\/wp-content\/uploads\/2023\/06\/otto-bassotto-300x194.jpg\")' ><\/span><\/span><span class='evoet_c2 evoet_cx '><span class='evoet_dayblock evcal_cblock ' data-bgcolor='#a69dcd' data-smon='Juli' data-syr='2026' data-bub=''><span class='evo_start '><em class='date'>30<\/em><em class='month'>Jul<\/em><em class='time'>11:00<\/em><\/span><span class='evo_end only_time'><em class='time'>12:00<\/em><\/span><\/span><\/span><span class='evoet_c3 evoet_cx evcal_desc hide_eventtopdata '><span class='evoet_title evcal_desc2 evcal_event_title ' itemprop='name'>OTTO DER DACKEL<\/span><span class='event_location_attrs' data-location_type=\"lonlat\" data-location_name=\"Anfiteatro Gardon\u00e8\" data-location_url=\"https:\/\/latemarium.com\/de\/event-location\/anfiteatro-gardone-de\/\" data-location_status=\"true\" data-latlng=\"46.32878794406342,11.600176728690842\"><\/span><span class='evoet_subtitle evo_below_title' ><span class='evcal_event_subtitle ' >AMPHITHEATER IN GARDON\u00c8<\/span><\/span><span class='evoet_time_expand level_3'><em class='evcal_time evo_tz_time'><i class='fa fa-clock-o'><\/i>11:00 - 12:00<span class='evo_tz marl5'>(GMT+02:00)<\/span><\/em> <\/span><span class='evoet_location level_3'><em class=\"evcal_location\"  data-latlng=\"46.32878794406342,11.600176728690842\" data-add_str=\"\" data-n=\"Anfiteatro Gardon\u00e8\"><i class=\"fa fa-location-pin\"><\/i><em class=\"event_location_name\">Anfiteatro Gardon\u00e8<\/em><\/em><\/span><\/span><span class='evoet_data' data-d=\"{&quot;loc.n&quot;:&quot;Anfiteatro Gardon\\u00e8&quot;,&quot;orgs&quot;:[],&quot;tags&quot;:{&quot;repeating&quot;:&quot;Repeating Event&quot;}}\" data-bgc=\"#a69dcd\" data-bggrad=\"\" ><\/span><\/a><\/p><div class='event_description evcal_eventcard ' style=\"display:none\"><div class='evocard_row'><div id='event_ftimage' class='evocard_box ftimage' data-c='' \n\t\t\t\t\tstyle=''><div class='evocard_main_image_hold' data-t='Loading Image..'><div class='evocard_main_image evo_img_triglb evobr15 evobgsc evobgpc evodfx evofx_jc_c evofx_ai_c evofz48 minmized' style='height:300px; background-image:url();' data-f=\"https:\/\/latemarium.com\/wp-content\/uploads\/2023\/06\/otto-bassotto.jpg\" data-h=\"584\" data-w=\"905\" data-ratio=\"0.64530386740331\" data-event_id=\"2236\" data-ri=\"0\"  data-t='Loading Image..'><span style='height:300px; background-image:url(https:\/\/latemarium.com\/wp-content\/uploads\/2023\/06\/otto-bassotto.jpg)'><\/span><\/div><\/div><\/div><\/div><div class='evocard_row'><div id='event_eventdetails' class='evocard_box eventdetails' data-c='' \n\t\t\t\t\tstyle=''><div class='evo_metarow_details evorow evcal_evdata_row evcal_event_details'>\n\t\t<div class=\"event_excerpt\" style=\"display:none\"><h3 class=\"padb5 evo_h3\">Details zur Veranstaltung<\/h3><p>In weniger als 10 Minuten verschwindet er in einem Riesenballon und beginnt zu tanzen. Was kann ein Stra\u00dfenk\u00fcnstler anfangen, der eine Schw\u00e4che f\u00fcr Luftballons hat? Otto il Bassotto ist mit<\/p><\/div><span class='evcal_evdata_icons'><i class='fa fa-align-justify'><\/i><\/span>\n\t\t\n\t\t<div class='evcal_evdata_cell '>\n\t\t\t<div class='eventon_full_description'>\n\t\t\t\t<h3 class='padb5 evo_h3'><span class='evcal_evdata_icons'><i class='fa fa-align-justify'><\/i><\/span>Details zur Veranstaltung<\/h3>\n\t\t\t\t<div class='eventon_desc_in' itemprop='description'>\n\t\t\t\t<p>In weniger als 10 Minuten verschwindet er in einem Riesenballon und beginnt zu tanzen. Was kann ein Stra\u00dfenk\u00fcnstler anfangen, der eine Schw\u00e4che f\u00fcr Luftballons hat? Otto il Bassotto ist mit seiner erstaunlichen Nummer schon \u00fcberall hin gereist und auf Pl\u00e4tzen, Stra\u00dfen und in Theaters\u00e4len aufgetreten.<\/p>\n<p>Er reist mit leichtem Gep\u00e4ck, in seinem Koffer befindet sich nur Kautschuk!<\/p>\n<p>Donnerstag: 30. Juli und 20.August 2026<br \/>\nIm Amphitheater in Gardon\u00e8<br \/>\num 11.00 Uhr und 14.30 Uhr<\/p>\n<p>Mit Paolo Sperduti<\/p>\n<\/div><div class='clear'><\/div>\n\t\t\t<\/div>\n\t\t<\/div>\n\t<\/div><\/div><\/div><div class='evocard_row bx2 bx'><div id='event_time' class='evocard_box time' data-c='' \n\t\t\t\t\tstyle=''><div class='evo_metarow_time evorow evcal_evdata_row evcal_evrow_sm '>\n\t\t<span class='evcal_evdata_icons'><i class='fa fa-clock'><\/i><\/span>\n\t\t<div class='evcal_evdata_cell'>\t\t\t\t\t\t\t\n\t\t\t<h3 class='evo_h3'><span class='evcal_evdata_icons'><i class='fa fa-clock'><\/i><\/span>Zeitplan<\/h3><p><span class='evo_eventcard_time_t'>30 Juli 2026 11:00 - 12:00<\/span><span class='evo_tz marr5'>(GMT+02:00)<\/span><\/p>\n\t\t<\/div>\n\t<\/div><\/div><div id='event_location' class='evocard_box location' data-c='' \n\t\t\t\t\tstyle=''><div class='evcal_evdata_row evo_metarow_time_location evorow '>\n\t\t\n\t\t\t<span class='evcal_evdata_icons'><i class='fa fa-map-marker'><\/i><\/span>\n\t\t\t<div class='evcal_evdata_cell' data-loc_tax_id='47'><h3 class='evo_h3 evodfx'><span class='evcal_evdata_icons'><i class='fa fa-map-marker'><\/i><\/span>Ort<\/h3><p class='evo_location_name'>Anfiteatro Gardon\u00e8<\/p><div class='padt10'><span class='evo_btn_arr evolb_trigger' data-lbvals=\"{&quot;lbc&quot;:&quot;evo_location_lb_47&quot;,&quot;lbac&quot;:&quot;lb_max&quot;,&quot;t&quot;:&quot;Anfiteatro Gardon\\u00e8&quot;,&quot;ajax&quot;:&quot;yes&quot;,&quot;ajax_type&quot;:&quot;endpoint&quot;,&quot;ajax_action&quot;:&quot;eventon_get_tax_card_content&quot;,&quot;end&quot;:&quot;client&quot;,&quot;d&quot;:{&quot;lang&quot;:&quot;L2&quot;,&quot;term_id&quot;:47,&quot;tax&quot;:&quot;event_location&quot;,&quot;load_lbcontent&quot;:true},&quot;uid&quot;:&quot;eventon_get_tax_card_content&quot;}\" >Other Events<i class='fa fa-chevron-right'><\/i><\/span><\/div><\/div>\n\t\t\n\t<\/div><\/div><\/div><div class='evocard_row bx2 bx'><div id='event_learnmore' class='evocard_box learnmore' data-c='' \n\t\t\t\t\tstyle=''><div class='evo_metarow_learnM evo_metarow_learnmore evorow'>\n\t\t\t\t\t\t\t<a class='evcal_evdata_row evo_clik_row ' href='https:\/\/www.montagnanimata.it\/de\/spektakel\/' target=\"_blank\">\n\t\t\t\t\t\t\t\t<span class='evcal_evdata_icons'><i class='fa fa-link'><\/i><\/span>\n\t\t\t\t\t\t\t\t<h3 class='evo_h3'>Entdecke mehr<\/h3>\n\t\t\t\t\t\t\t<\/a>\n\t\t\t\t\t\t\t<\/div><\/div><div id='event_addtocal' class='evocard_box addtocal' data-c='' \n\t\t\t\t\tstyle=''><div class='evo_metarow_ICS evorow evcal_evdata_row'>\n\t\t\t<span class='evcal_evdata_icons'><i class='fa fa-calendar-o'><\/i><\/span>\n\t\t\t<div class='evcal_evdata_cell'>\n\t\t\t\t<p><a href='https:\/\/latemarium.com\/de\/export-events\/2236_0\/?nonce=7b34e59f7d' class='evo_ics_nCal' title='Zu Ihrem Kalender hinzuf\u00fcgen'>Kalender<\/a><a href='https:\/\/www.google.com\/calendar\/event?action=TEMPLATE&text=OTTO+DER+DACKEL&dates=20260730T090000Z%2F20260730T100000Z&ctz=Europe%2FRome&details=OTTO DER DACKEL&location=Anfiteatro+Gardon%C3%A8' target='_blank' class='evo_ics_gCal' title='Zu Google Kalender hinzuf\u00fcgen'>GoogleCal<\/a><\/p>\t\n\t\t\t<\/div>\n\t\t<\/div><\/div><\/div><div class='evocard_row'><div id='event_getdirection' class='evocard_box getdirection' data-c='' \n\t\t\t\t\tstyle=''><div class='evo_metarow_getDr evorow evcal_evdata_row evcal_evrow_sm getdirections'>\n\t\t<form action='https:\/\/maps.google.com\/maps' method='get' target='_blank'>\n\t\t\t<input type='hidden' name='daddr' value=\"46.32878794406342,11.600176728690842\"\/> \n\t\t\t<div class='evo_get_direction_content evo_fx_dr_r evogap10'>\n\t\t\t\t<span class='evogetdir_header evodfx evofx_dr_r evofx_ai_c marr10'>\n\t\t\t\t\t<i class='mainicon fa fa-road'><\/i> \n\t\t\t\t\t<h3 class='evo_h3' style='padding-bottom:5px;'>Wegbeschreibung abrufen<\/h3>\n\t\t\t\t<\/span>\n\t\t\t\t<span class='evogetdir_field evodfx evofx_1_1 evo_fx_dr_c evow100p'>\t\t\t\t\t\n\t\t\t\t\t<input class='evoInput evotac' type='text' name='saddr' placeholder='&quot;Geben Sie die Adresse ein' value='' style='margin:10px 0;'\/>\n\t\t\t\t<\/span>\n\t\t\t\t<button type='submit' class='evo_get_direction_button evo_btn_arr_circ dfx fx_ai_c' title='&quot;Klicken Sie hier'><i class='fa fa-chevron-right'><\/i> <\/button>\n\t\t\t<\/div>\n\t\t<\/form>\n\t<\/div><\/div><\/div><div class='evo_card_row_end evcal_close' title='Schlie\u00dfen'><\/div><\/div><div class='clear end'><\/div><\/div><div id=\"event_2198_5\" class=\"eventon_list_event evo_eventtop scheduled  event clrW event_2198_5\" data-event_id=\"2198\" data-ri=\"5r\" data-time=\"1785423600-1785431700\" data-colr=\"#f78234\" itemscope itemtype='http:\/\/schema.org\/Event'><div class=\"evo_event_schema\" style=\"display:none\" ><a itemprop='url'  href='https:\/\/latemarium.com\/de\/events\/pilyoga\/var\/ri-5.l-L2'><\/a><meta itemprop='image' content=\"https:\/\/latemarium.com\/wp-content\/uploads\/2023\/06\/pilyoga.jpg\" \/><meta itemprop='startDate' content=\"2026-7-30T17:00+0:00\" \/><meta itemprop='endDate' content=\"2026-7-30T19:15+0:00\" \/><meta itemprop='eventStatus' content=\"https:\/\/schema.org\/EventScheduled\" \/><meta itemprop='eventAttendanceMode'   itemscope itemtype=\"https:\/\/schema.org\/OfflineEventAttendanceMode\"\/><div style=\"display:none\" itemprop=\"location\" itemscope itemtype=\"http:\/\/schema.org\/Place\"><span itemprop=\"name\">Pampeago<\/span><span itemprop=\"address\" itemscope itemtype=\"http:\/\/schema.org\/PostalAddress\"><item itemprop=\"streetAddress\">Localit\u00e0 Pampeago, 8, 38038 Tesero TN<\/item><\/span><\/div><script type=\"application\/ld+json\">{\"@context\": \"http:\/\/schema.org\",\"@type\": \"Event\",\n\t\t\t\t\"@id\": \"event_2198_5\",\n\t\t\t\t\"eventAttendanceMode\":\"https:\/\/schema.org\/OfflineEventAttendanceMode\",\n\t\t\t\t\"eventStatus\":\"https:\/\/schema.org\/EventScheduled\",\n\t\t\t\t\"name\": \"PilYoga\",\n\t\t\t\t\"url\": \"https:\/\/latemarium.com\/de\/events\/pilyoga\/var\/ri-5.l-L2\",\n\t\t\t\t\"startDate\": \"2026-7-30T17:00+0:00\",\n\t\t\t\t\"endDate\": \"2026-7-30T19:15+0:00\",\n\t\t\t\t\"image\":\"https:\/\/latemarium.com\/wp-content\/uploads\/2023\/06\/pilyoga.jpg\", \n\t\t\t\t\"description\":\"<p><strong>Jeden Donnerstag vom 25. Juni bis 3. September 2026<\/strong><\/p> <p>Treffen und Abfahrt um 17.00 Uhr mit Lehrerin Elisa (an der Liftkasse)<br \/> Dauer: von 17:00 bis 19:15 Uhr. Aktivit\u00e4t empfohlen f\u00fcr Personen ab 14 Jahren<\/p> <p>Mit der Agnello-Sesselbahn erreichen Sie den Unterrichtsort und k\u00f6nnen nach einem kurzen Spaziergang im direkten Kontakt mit der Natur entspannen und den Kopf frei bekommen. Die Praxis von PilYoga in gro\u00dfer H\u00f6he erm\u00f6glicht eine vollst\u00e4ndige Harmonie mit der Umgebung, weit weg von allen Ger\u00e4uschen des t\u00e4glichen Lebens.<br \/> Sobald Sie die Lektion beendet haben, erwartet Sie im Chalet Caserina ein kleiner Aperitif, um dann mit einem kurzen Spaziergang zu Fu\u00df wieder hinunterzugehen.<br \/> <em>Bei schlechtem Wetter KEINE Aktivit\u00e4t geplant<\/em><\/p> <p>Klicken Sie <a href='https:\/\/www.visitfiemme.it\/de\/veranstaltungen\/fiemme-cembra-guest-card\/erlebnisse\/erlebnisse-sommer' target='_blank' rel='noopener'>hier<\/a> zum Buchen<\/p> \",\"location\":[{\"@type\":\"Place\",\"name\":\"Pampeago\",\"address\":{\"@type\": \"PostalAddress\",\"streetAddress\":\"Localit\u00e0 Pampeago, 8, 38038 Tesero TN\"}}]}<\/script><\/div>\r\n\t\t\t\t<p class=\"desc_trig_outter\" style=\"\"><a data-gmtrig=\"1\" data-exlk=\"0\" style=\"background-color: #f78234;\" id=\"evc_17854236002198\" class=\"hasFtIMG event_repeat desc_trig sin_val evcal_list_a\" data-ux_val=\"3\" data-ux_val_mob=\"-\"  ><span class='evoet_c1 evoet_cx '><span class='ev_ftImg' data-img='https:\/\/latemarium.com\/wp-content\/uploads\/2023\/06\/pilyoga.jpg' data-thumb='https:\/\/latemarium.com\/wp-content\/uploads\/2023\/06\/pilyoga-300x169.jpg' style='background-image:url(\"https:\/\/latemarium.com\/wp-content\/uploads\/2023\/06\/pilyoga-300x169.jpg\")' ><\/span><\/span><span class='evoet_c2 evoet_cx '><span class='evoet_dayblock evcal_cblock ' data-bgcolor='#f78234' data-smon='Juli' data-syr='2026' data-bub=''><span class='evo_start '><em class='date'>30<\/em><em class='month'>Jul<\/em><em class='time'>17:00<\/em><\/span><span class='evo_end only_time'><em class='time'>19:15<\/em><\/span><\/span><\/span><span class='evoet_c3 evoet_cx evcal_desc hide_eventtopdata '><span class='evoet_title evcal_desc2 evcal_event_title ' itemprop='name'>PilYoga<\/span><span class='event_location_attrs'  data-location_address=\"Localit\u00e0 Pampeago, 8, 38038 Tesero TN\" data-location_type=\"lonlat\" data-location_name=\"Pampeago\" data-location_url=\"https:\/\/latemarium.com\/de\/event-location\/pampeago-de\/\" data-location_status=\"true\" data-latlng=\"46.34343697644898,11.540997527961546\"><\/span><span class='evoet_subtitle evo_below_title' ><span class='evcal_event_subtitle ' >Pilyoga umgeben von den Werken von Respirat<\/span><\/span><span class='evoet_time_expand level_3'><em class='evcal_time evo_tz_time'><i class='fa fa-clock-o'><\/i>17:00 - 19:15<span class='evo_tz marl5'>(GMT+02:00)<\/span><\/em> <\/span><span class='evoet_location level_3'><em class=\"evcal_location\"  data-latlng=\"46.34343697644898,11.540997527961546\" data-add_str=\"Localit\u00e0 Pampeago, 8, 38038 Tesero TN\" data-n=\"Pampeago\"><i class=\"fa fa-location-pin\"><\/i><em class=\"event_location_name\">Pampeago<\/em>, Localit\u00e0 Pampeago, 8, 38038 Tesero TN<\/em><\/span><\/span><span class='evoet_data' data-d=\"{&quot;loc.n&quot;:&quot;Pampeago&quot;,&quot;orgs&quot;:[],&quot;tags&quot;:{&quot;repeating&quot;:&quot;Repeating Event&quot;}}\" data-bgc=\"#f78234\" data-bggrad=\"\" ><\/span><\/a><\/p><div class='event_description evcal_eventcard ' style=\"display:none\"><div class='evocard_row'><div id='event_ftimage' class='evocard_box ftimage' data-c='' \n\t\t\t\t\tstyle=''><div class='evocard_main_image_hold' data-t='Loading Image..'><div class='evocard_main_image evo_img_triglb evobr15 evobgsc evobgpc evodfx evofx_jc_c evofx_ai_c evofz48 minmized' style='height:300px; background-image:url();' data-f=\"https:\/\/latemarium.com\/wp-content\/uploads\/2023\/06\/pilyoga.jpg\" data-h=\"675\" data-w=\"1200\" data-ratio=\"0.5625\" data-event_id=\"2198\" data-ri=\"5\"  data-t='Loading Image..'><span style='height:300px; background-image:url(https:\/\/latemarium.com\/wp-content\/uploads\/2023\/06\/pilyoga.jpg)'><\/span><\/div><\/div><\/div><\/div><div class='evocard_row'><div id='event_eventdetails' class='evocard_box eventdetails' data-c='' \n\t\t\t\t\tstyle=''><div class='evo_metarow_details evorow evcal_evdata_row evcal_event_details'>\n\t\t<div class=\"event_excerpt\" style=\"display:none\"><h3 class=\"padb5 evo_h3\">Details zur Veranstaltung<\/h3><p>Jeden Donnerstag vom 25. Juni bis 3. September 2026\nTreffen und Abfahrt um 17.00 Uhr mit Lehrerin Elisa (an der Liftkasse)\nDauer: von 17:00 bis 19:15 Uhr. Aktivit\u00e4t empfohlen f\u00fcr Personen<\/p><\/div><span class='evcal_evdata_icons'><i class='fa fa-align-justify'><\/i><\/span>\n\t\t\n\t\t<div class='evcal_evdata_cell shorter_desc'>\n\t\t\t<div class='eventon_full_description'>\n\t\t\t\t<h3 class='padb5 evo_h3'><span class='evcal_evdata_icons'><i class='fa fa-align-justify'><\/i><\/span>Details zur Veranstaltung<\/h3>\n\t\t\t\t<div class='eventon_desc_in' itemprop='description'>\n\t\t\t\t<p><strong>Jeden Donnerstag vom 25. Juni bis 3. September 2026<\/strong><\/p>\n<p>Treffen und Abfahrt um 17.00 Uhr mit Lehrerin Elisa (an der Liftkasse)<br \/>\nDauer: von 17:00 bis 19:15 Uhr. Aktivit\u00e4t empfohlen f\u00fcr Personen ab 14 Jahren<\/p>\n<p>Mit der Agnello-Sesselbahn erreichen Sie den Unterrichtsort und k\u00f6nnen nach einem kurzen Spaziergang im direkten Kontakt mit der Natur entspannen und den Kopf frei bekommen. Die Praxis von PilYoga in gro\u00dfer H\u00f6he erm\u00f6glicht eine vollst\u00e4ndige Harmonie mit der Umgebung, weit weg von allen Ger\u00e4uschen des t\u00e4glichen Lebens.<br \/>\nSobald Sie die Lektion beendet haben, erwartet Sie im Chalet Caserina ein kleiner Aperitif, um dann mit einem kurzen Spaziergang zu Fu\u00df wieder hinunterzugehen.<br \/>\n<em>Bei schlechtem Wetter KEINE Aktivit\u00e4t geplant<\/em><\/p>\n<p>Klicken Sie <a href=\"https:\/\/www.visitfiemme.it\/de\/veranstaltungen\/fiemme-cembra-guest-card\/erlebnisse\/erlebnisse-sommer\" target=\"_blank\" rel=\"noopener\">hier<\/a> zum Buchen<\/p>\n<\/div><p class='eventon_shad_p' style='padding:5px 0 0; margin:0'>\n\t\t\t<span class='evcal_btn evo_btn_secondary evobtn_details_show_more' content='less'>\n\t\t\t\t<span class='ev_more_text' data-txt='Weniger'>Mehr<\/span><span class='ev_more_arrow ard'><\/span>\n\t\t\t<\/span>\n\t\t<\/p><div class='clear'><\/div>\n\t\t\t<\/div>\n\t\t<\/div>\n\t<\/div><\/div><\/div><div class='evocard_row bx2 bx'><div id='event_time' class='evocard_box time' data-c='' \n\t\t\t\t\tstyle=''><div class='evo_metarow_time evorow evcal_evdata_row evcal_evrow_sm '>\n\t\t<span class='evcal_evdata_icons'><i class='fa fa-clock'><\/i><\/span>\n\t\t<div class='evcal_evdata_cell'>\t\t\t\t\t\t\t\n\t\t\t<h3 class='evo_h3'><span class='evcal_evdata_icons'><i class='fa fa-clock'><\/i><\/span>Zeitplan<\/h3><p><span class='evo_eventcard_time_t'>30 Juli 2026 17:00 - 19:15<\/span><span class='evo_tz marr5'>(GMT+02:00)<\/span><\/p>\n\t\t<\/div>\n\t<\/div><\/div><div id='event_location' class='evocard_box location' data-c='' \n\t\t\t\t\tstyle=''><div class='evcal_evdata_row evo_metarow_time_location evorow '>\n\t\t\n\t\t\t<span class='evcal_evdata_icons'><i class='fa fa-map-marker'><\/i><\/span>\n\t\t\t<div class='evcal_evdata_cell' data-loc_tax_id='32'><h3 class='evo_h3 evodfx'><span class='evcal_evdata_icons'><i class='fa fa-map-marker'><\/i><\/span>Ort<\/h3><p class='evo_location_name'>Pampeago<\/p><p class='evo_location_address evodfxi evogap10'>Localit\u00e0 Pampeago, 8, 38038 Tesero TN<\/p><div class='padt10'><span class='evo_btn_arr evolb_trigger' data-lbvals=\"{&quot;lbc&quot;:&quot;evo_location_lb_32&quot;,&quot;lbac&quot;:&quot;lb_max&quot;,&quot;t&quot;:&quot;Pampeago&quot;,&quot;ajax&quot;:&quot;yes&quot;,&quot;ajax_type&quot;:&quot;endpoint&quot;,&quot;ajax_action&quot;:&quot;eventon_get_tax_card_content&quot;,&quot;end&quot;:&quot;client&quot;,&quot;d&quot;:{&quot;lang&quot;:&quot;L2&quot;,&quot;term_id&quot;:32,&quot;tax&quot;:&quot;event_location&quot;,&quot;load_lbcontent&quot;:true},&quot;uid&quot;:&quot;eventon_get_tax_card_content&quot;}\" >Other Events<i class='fa fa-chevron-right'><\/i><\/span><\/div><\/div>\n\t\t\n\t<\/div><\/div><\/div><div class='evocard_row'><div id='event_addtocal' class='evocard_box addtocal' data-c='' \n\t\t\t\t\tstyle=''><div class='evo_metarow_ICS evorow evcal_evdata_row'>\n\t\t\t<span class='evcal_evdata_icons'><i class='fa fa-calendar-o'><\/i><\/span>\n\t\t\t<div class='evcal_evdata_cell'>\n\t\t\t\t<p><a href='https:\/\/latemarium.com\/de\/export-events\/2198_5\/?nonce=7b34e59f7d' class='evo_ics_nCal' title='Zu Ihrem Kalender hinzuf\u00fcgen'>Kalender<\/a><a href='https:\/\/www.google.com\/calendar\/event?action=TEMPLATE&text=PilYoga&dates=20260730T150000Z%2F20260730T171500Z&ctz=Europe%2FRome&details=PilYoga&location=Pampeago+Localit%C3%A0+Pampeago%2C+8%2C+38038+Tesero+TN' target='_blank' class='evo_ics_gCal' title='Zu Google Kalender hinzuf\u00fcgen'>GoogleCal<\/a><\/p>\t\n\t\t\t<\/div>\n\t\t<\/div><\/div><\/div><div class='evocard_row'><div id='event_getdirection' class='evocard_box getdirection' data-c='' \n\t\t\t\t\tstyle=''><div class='evo_metarow_getDr evorow evcal_evdata_row evcal_evrow_sm getdirections'>\n\t\t<form action='https:\/\/maps.google.com\/maps' method='get' target='_blank'>\n\t\t\t<input type='hidden' name='daddr' value=\"Localit\u00e0 Pampeago, 8, 38038 Tesero TN\"\/> \n\t\t\t<div class='evo_get_direction_content evo_fx_dr_r evogap10'>\n\t\t\t\t<span class='evogetdir_header evodfx evofx_dr_r evofx_ai_c marr10'>\n\t\t\t\t\t<i class='mainicon fa fa-road'><\/i> \n\t\t\t\t\t<h3 class='evo_h3' style='padding-bottom:5px;'>Wegbeschreibung abrufen<\/h3>\n\t\t\t\t<\/span>\n\t\t\t\t<span class='evogetdir_field evodfx evofx_1_1 evo_fx_dr_c evow100p'>\t\t\t\t\t\n\t\t\t\t\t<input class='evoInput evotac' type='text' name='saddr' placeholder='&quot;Geben Sie die Adresse ein' value='' style='margin:10px 0;'\/>\n\t\t\t\t<\/span>\n\t\t\t\t<button type='submit' class='evo_get_direction_button evo_btn_arr_circ dfx fx_ai_c' title='&quot;Klicken Sie hier'><i class='fa fa-chevron-right'><\/i> <\/button>\n\t\t\t<\/div>\n\t\t<\/form>\n\t<\/div><\/div><\/div><div class='evo_card_row_end evcal_close' title='Schlie\u00dfen'><\/div><\/div><div class='clear end'><\/div><\/div><div id=\"event_2203_5\" class=\"eventon_list_event evo_eventtop scheduled  event clrD event_2203_5\" data-event_id=\"2203\" data-ri=\"5r\" data-time=\"1785424500-1785431700\" data-colr=\"#ba181d\" itemscope itemtype='http:\/\/schema.org\/Event'><div class=\"evo_event_schema\" style=\"display:none\" ><a itemprop='url'  href='https:\/\/latemarium.com\/de\/events\/e-bike-latemar-tour\/var\/ri-5.l-L2'><\/a><meta itemprop='image' content=\"https:\/\/latemarium.com\/wp-content\/uploads\/2023\/06\/e-bike-tour.jpg\" \/><meta itemprop='startDate' content=\"2026-7-30T17:15+0:00\" \/><meta itemprop='endDate' content=\"2026-7-30T19:15+0:00\" \/><meta itemprop='eventStatus' content=\"https:\/\/schema.org\/EventScheduled\" \/><meta itemprop='eventAttendanceMode'   itemscope itemtype=\"https:\/\/schema.org\/OfflineEventAttendanceMode\"\/><div style=\"display:none\" itemprop=\"location\" itemscope itemtype=\"http:\/\/schema.org\/Place\"><span itemprop=\"name\">Pampeago<\/span><span itemprop=\"address\" itemscope itemtype=\"http:\/\/schema.org\/PostalAddress\"><item itemprop=\"streetAddress\">Localit\u00e0 Pampeago, 8, 38038 Tesero TN<\/item><\/span><\/div><script type=\"application\/ld+json\">{\"@context\": \"http:\/\/schema.org\",\"@type\": \"Event\",\n\t\t\t\t\"@id\": \"event_2203_5\",\n\t\t\t\t\"eventAttendanceMode\":\"https:\/\/schema.org\/OfflineEventAttendanceMode\",\n\t\t\t\t\"eventStatus\":\"https:\/\/schema.org\/EventScheduled\",\n\t\t\t\t\"name\": \"E-Bike Latemar Tour\",\n\t\t\t\t\"url\": \"https:\/\/latemarium.com\/de\/events\/e-bike-latemar-tour\/var\/ri-5.l-L2\",\n\t\t\t\t\"startDate\": \"2026-7-30T17:15+0:00\",\n\t\t\t\t\"endDate\": \"2026-7-30T19:15+0:00\",\n\t\t\t\t\"image\":\"https:\/\/latemarium.com\/wp-content\/uploads\/2023\/06\/e-bike-tour.jpg\", \n\t\t\t\t\"description\":\"<p><strong>Jeden Donnerstag vom 25. Juni bis 3. September 2026<\/strong><\/p> <p>Treffpunkt mit Reisef\u00fchrer Andrea um 17.15 Uhr in Pampeago (an der Liftkasse)<br \/> Dauer: von 17.15 bis 19.15 Uhr<br \/> <em>Maximal 8 Personen.\u00a0<\/em>+16 Jahre<\/p> <p class='p1'>F\u00fcr E-Bike-Begeisterte mit mittlerem Niveau haben wir uns eine Tour zur Entdeckung des Latemars mit atemberaubender Aussicht auf die Umgebung \u00fcberlegt. Es wird eine angenehme Route sein und dank der Tretunterst\u00fctzung k\u00f6nnen Sie den H\u00f6henunterschied bew\u00e4ltigen, der Sie zum Gipfel im Treska-Gebiet f\u00fchrt. Es ist der perfekte Moment des Tages: Der Berg ist leer, Sie k\u00f6nnen die Stille der Natur genie\u00dfen und die Farben der \u201egoldenen Stunde\u201c genie\u00dfen.<br \/> Am Ende Ihrer Tour erwartet Sie im Chalet Caserina ein kleiner \u201eAperitivo\u201c.<br \/> Sie k\u00f6nnen das Fahrrad direkt im Shop von Sport Ventura, direkt unterhalb Ihres Startpunkts, ausleihen.<\/p> <p class='p1'><em>Bei Regen ist keine Aktivit\u00e4t vorgesehen.<\/em><\/p> <p>Klicken Sie <a href='https:\/\/www.visitfiemme.it\/de\/veranstaltungen\/fiemme-cembra-guest-card\/erlebnisse\/erlebnisse-sommer' target='_blank' rel='noopener'>hier<\/a> zum Buchen<\/p> \",\"location\":[{\"@type\":\"Place\",\"name\":\"Pampeago\",\"address\":{\"@type\": \"PostalAddress\",\"streetAddress\":\"Localit\u00e0 Pampeago, 8, 38038 Tesero TN\"}}]}<\/script><\/div>\r\n\t\t\t\t<p class=\"desc_trig_outter\" style=\"\"><a data-gmtrig=\"1\" data-exlk=\"0\" style=\"background-color: #ba181d;\" id=\"evc_17854245002203\" class=\"hasFtIMG event_repeat desc_trig sin_val evcal_list_a\" data-ux_val=\"3\" data-ux_val_mob=\"-\"  ><span class='evoet_c1 evoet_cx '><span class='ev_ftImg' data-img='https:\/\/latemarium.com\/wp-content\/uploads\/2023\/06\/e-bike-tour.jpg' data-thumb='https:\/\/latemarium.com\/wp-content\/uploads\/2023\/06\/e-bike-tour-300x169.jpg' style='background-image:url(\"https:\/\/latemarium.com\/wp-content\/uploads\/2023\/06\/e-bike-tour-300x169.jpg\")' ><\/span><\/span><span class='evoet_c2 evoet_cx '><span class='evoet_dayblock evcal_cblock ' data-bgcolor='#ba181d' data-smon='Juli' data-syr='2026' data-bub=''><span class='evo_start '><em class='date'>30<\/em><em class='month'>Jul<\/em><em class='time'>17:15<\/em><\/span><span class='evo_end only_time'><em class='time'>19:15<\/em><\/span><\/span><\/span><span class='evoet_c3 evoet_cx evcal_desc hide_eventtopdata '><span class='evoet_title evcal_desc2 evcal_event_title ' itemprop='name'>E-Bike Latemar Tour<\/span><span class='event_location_attrs'  data-location_address=\"Localit\u00e0 Pampeago, 8, 38038 Tesero TN\" data-location_type=\"lonlat\" data-location_name=\"Pampeago\" data-location_url=\"https:\/\/latemarium.com\/de\/event-location\/pampeago-de\/\" data-location_status=\"true\" data-latlng=\"46.34343697644898,11.540997527961546\"><\/span><span class='evoet_subtitle evo_below_title' ><span class='evcal_event_subtitle ' >F\u00fcr E-Bike-Begeisterte<\/span><\/span><span class='evoet_time_expand level_3'><em class='evcal_time evo_tz_time'><i class='fa fa-clock-o'><\/i>17:15 - 19:15<span class='evo_tz marl5'>(GMT+02:00)<\/span><\/em> <\/span><span class='evoet_location level_3'><em class=\"evcal_location\"  data-latlng=\"46.34343697644898,11.540997527961546\" data-add_str=\"Localit\u00e0 Pampeago, 8, 38038 Tesero TN\" data-n=\"Pampeago\"><i class=\"fa fa-location-pin\"><\/i><em class=\"event_location_name\">Pampeago<\/em>, Localit\u00e0 Pampeago, 8, 38038 Tesero TN<\/em><\/span><\/span><span class='evoet_data' data-d=\"{&quot;loc.n&quot;:&quot;Pampeago&quot;,&quot;orgs&quot;:[],&quot;tags&quot;:{&quot;repeating&quot;:&quot;Repeating Event&quot;}}\" data-bgc=\"#ba181d\" data-bggrad=\"\" ><\/span><\/a><\/p><div class='event_description evcal_eventcard ' style=\"display:none\"><div class='evocard_row'><div id='event_ftimage' class='evocard_box ftimage' data-c='' \n\t\t\t\t\tstyle=''><div class='evocard_main_image_hold' data-t='Loading Image..'><div class='evocard_main_image evo_img_triglb evobr15 evobgsc evobgpc evodfx evofx_jc_c evofx_ai_c evofz48 minmized' style='height:300px; background-image:url();' data-f=\"https:\/\/latemarium.com\/wp-content\/uploads\/2023\/06\/e-bike-tour.jpg\" data-h=\"675\" data-w=\"1200\" data-ratio=\"0.5625\" data-event_id=\"2203\" data-ri=\"5\"  data-t='Loading Image..'><span style='height:300px; background-image:url(https:\/\/latemarium.com\/wp-content\/uploads\/2023\/06\/e-bike-tour.jpg)'><\/span><\/div><\/div><\/div><\/div><div class='evocard_row'><div id='event_eventdetails' class='evocard_box eventdetails' data-c='' \n\t\t\t\t\tstyle=''><div class='evo_metarow_details evorow evcal_evdata_row evcal_event_details'>\n\t\t<div class=\"event_excerpt\" style=\"display:none\"><h3 class=\"padb5 evo_h3\">Details zur Veranstaltung<\/h3><p>Jeden Donnerstag vom 25. Juni bis 3. September 2026\nTreffpunkt mit Reisef\u00fchrer Andrea um 17.15 Uhr in Pampeago (an der Liftkasse)\nDauer: von 17.15 bis 19.15 Uhr\nMaximal 8 Personen.\u00a0+16 Jahre<\/p><\/div><span class='evcal_evdata_icons'><i class='fa fa-align-justify'><\/i><\/span>\n\t\t\n\t\t<div class='evcal_evdata_cell shorter_desc'>\n\t\t\t<div class='eventon_full_description'>\n\t\t\t\t<h3 class='padb5 evo_h3'><span class='evcal_evdata_icons'><i class='fa fa-align-justify'><\/i><\/span>Details zur Veranstaltung<\/h3>\n\t\t\t\t<div class='eventon_desc_in' itemprop='description'>\n\t\t\t\t<p><strong>Jeden Donnerstag vom 25. Juni bis 3. September 2026<\/strong><\/p>\n<p>Treffpunkt mit Reisef\u00fchrer Andrea um 17.15 Uhr in Pampeago (an der Liftkasse)<br \/>\nDauer: von 17.15 bis 19.15 Uhr<br \/>\n<em>Maximal 8 Personen.\u00a0<\/em>+16 Jahre<\/p>\n<p class=\"p1\">F\u00fcr E-Bike-Begeisterte mit mittlerem Niveau haben wir uns eine Tour zur Entdeckung des Latemars mit atemberaubender Aussicht auf die Umgebung \u00fcberlegt. Es wird eine angenehme Route sein und dank der Tretunterst\u00fctzung k\u00f6nnen Sie den H\u00f6henunterschied bew\u00e4ltigen, der Sie zum Gipfel im Treska-Gebiet f\u00fchrt. Es ist der perfekte Moment des Tages: Der Berg ist leer, Sie k\u00f6nnen die Stille der Natur genie\u00dfen und die Farben der \u201egoldenen Stunde\u201c genie\u00dfen.<br \/>\nAm Ende Ihrer Tour erwartet Sie im Chalet Caserina ein kleiner \u201eAperitivo\u201c.<br \/>\nSie k\u00f6nnen das Fahrrad direkt im Shop von Sport Ventura, direkt unterhalb Ihres Startpunkts, ausleihen.<\/p>\n<p class=\"p1\"><em>Bei Regen ist keine Aktivit\u00e4t vorgesehen.<\/em><\/p>\n<p>Klicken Sie <a href=\"https:\/\/www.visitfiemme.it\/de\/veranstaltungen\/fiemme-cembra-guest-card\/erlebnisse\/erlebnisse-sommer\" target=\"_blank\" rel=\"noopener\">hier<\/a> zum Buchen<\/p>\n<\/div><p class='eventon_shad_p' style='padding:5px 0 0; margin:0'>\n\t\t\t<span class='evcal_btn evo_btn_secondary evobtn_details_show_more' content='less'>\n\t\t\t\t<span class='ev_more_text' data-txt='Weniger'>Mehr<\/span><span class='ev_more_arrow ard'><\/span>\n\t\t\t<\/span>\n\t\t<\/p><div class='clear'><\/div>\n\t\t\t<\/div>\n\t\t<\/div>\n\t<\/div><\/div><\/div><div class='evocard_row bx2 bx'><div id='event_time' class='evocard_box time' data-c='' \n\t\t\t\t\tstyle=''><div class='evo_metarow_time evorow evcal_evdata_row evcal_evrow_sm '>\n\t\t<span class='evcal_evdata_icons'><i class='fa fa-clock'><\/i><\/span>\n\t\t<div class='evcal_evdata_cell'>\t\t\t\t\t\t\t\n\t\t\t<h3 class='evo_h3'><span class='evcal_evdata_icons'><i class='fa fa-clock'><\/i><\/span>Zeitplan<\/h3><p><span class='evo_eventcard_time_t'>30 Juli 2026 17:15 - 19:15<\/span><span class='evo_tz marr5'>(GMT+02:00)<\/span><\/p>\n\t\t<\/div>\n\t<\/div><\/div><div id='event_location' class='evocard_box location' data-c='' \n\t\t\t\t\tstyle=''><div class='evcal_evdata_row evo_metarow_time_location evorow '>\n\t\t\n\t\t\t<span class='evcal_evdata_icons'><i class='fa fa-map-marker'><\/i><\/span>\n\t\t\t<div class='evcal_evdata_cell' data-loc_tax_id='32'><h3 class='evo_h3 evodfx'><span class='evcal_evdata_icons'><i class='fa fa-map-marker'><\/i><\/span>Ort<\/h3><p class='evo_location_name'>Pampeago<\/p><p class='evo_location_address evodfxi evogap10'>Localit\u00e0 Pampeago, 8, 38038 Tesero TN<\/p><div class='padt10'><span class='evo_btn_arr evolb_trigger' data-lbvals=\"{&quot;lbc&quot;:&quot;evo_location_lb_32&quot;,&quot;lbac&quot;:&quot;lb_max&quot;,&quot;t&quot;:&quot;Pampeago&quot;,&quot;ajax&quot;:&quot;yes&quot;,&quot;ajax_type&quot;:&quot;endpoint&quot;,&quot;ajax_action&quot;:&quot;eventon_get_tax_card_content&quot;,&quot;end&quot;:&quot;client&quot;,&quot;d&quot;:{&quot;lang&quot;:&quot;L2&quot;,&quot;term_id&quot;:32,&quot;tax&quot;:&quot;event_location&quot;,&quot;load_lbcontent&quot;:true},&quot;uid&quot;:&quot;eventon_get_tax_card_content&quot;}\" >Other Events<i class='fa fa-chevron-right'><\/i><\/span><\/div><\/div>\n\t\t\n\t<\/div><\/div><\/div><div class='evocard_row'><div id='event_addtocal' class='evocard_box addtocal' data-c='' \n\t\t\t\t\tstyle=''><div class='evo_metarow_ICS evorow evcal_evdata_row'>\n\t\t\t<span class='evcal_evdata_icons'><i class='fa fa-calendar-o'><\/i><\/span>\n\t\t\t<div class='evcal_evdata_cell'>\n\t\t\t\t<p><a href='https:\/\/latemarium.com\/de\/export-events\/2203_5\/?nonce=7b34e59f7d' class='evo_ics_nCal' title='Zu Ihrem Kalender hinzuf\u00fcgen'>Kalender<\/a><a href='https:\/\/www.google.com\/calendar\/event?action=TEMPLATE&text=E-Bike+Latemar+Tour&dates=20260730T151500Z%2F20260730T171500Z&ctz=Europe%2FRome&details=E-Bike Latemar Tour&location=Pampeago+Localit%C3%A0+Pampeago%2C+8%2C+38038+Tesero+TN' target='_blank' class='evo_ics_gCal' title='Zu Google Kalender hinzuf\u00fcgen'>GoogleCal<\/a><\/p>\t\n\t\t\t<\/div>\n\t\t<\/div><\/div><\/div><div class='evocard_row'><div id='event_getdirection' class='evocard_box getdirection' data-c='' \n\t\t\t\t\tstyle=''><div class='evo_metarow_getDr evorow evcal_evdata_row evcal_evrow_sm getdirections'>\n\t\t<form action='https:\/\/maps.google.com\/maps' method='get' target='_blank'>\n\t\t\t<input type='hidden' name='daddr' value=\"Localit\u00e0 Pampeago, 8, 38038 Tesero TN\"\/> \n\t\t\t<div class='evo_get_direction_content evo_fx_dr_r evogap10'>\n\t\t\t\t<span class='evogetdir_header evodfx evofx_dr_r evofx_ai_c marr10'>\n\t\t\t\t\t<i class='mainicon fa fa-road'><\/i> \n\t\t\t\t\t<h3 class='evo_h3' style='padding-bottom:5px;'>Wegbeschreibung abrufen<\/h3>\n\t\t\t\t<\/span>\n\t\t\t\t<span class='evogetdir_field evodfx evofx_1_1 evo_fx_dr_c evow100p'>\t\t\t\t\t\n\t\t\t\t\t<input class='evoInput evotac' type='text' name='saddr' placeholder='&quot;Geben Sie die Adresse ein' value='' style='margin:10px 0;'\/>\n\t\t\t\t<\/span>\n\t\t\t\t<button type='submit' class='evo_get_direction_button evo_btn_arr_circ dfx fx_ai_c' title='&quot;Klicken Sie hier'><i class='fa fa-chevron-right'><\/i> <\/button>\n\t\t\t<\/div>\n\t\t<\/form>\n\t<\/div><\/div><\/div><div class='evo_card_row_end evcal_close' title='Schlie\u00dfen'><\/div><\/div><div class='clear end'><\/div><\/div><div id=\"event_2498_5\" class=\"eventon_list_event evo_eventtop scheduled  event clrW no_et event_2498_5\" data-event_id=\"2498\" data-ri=\"5r\" data-time=\"1785483000-1785535140\" data-colr=\"#6baeff\" itemscope itemtype='http:\/\/schema.org\/Event'><div class=\"evo_event_schema\" style=\"display:none\" ><a itemprop='url'  href='https:\/\/latemarium.com\/de\/events\/respirart-kunst-und-schoenheit-schaffen\/var\/ri-5.l-L2'><\/a><meta itemprop='image' content=\"https:\/\/latemarium.com\/wp-content\/uploads\/2021\/05\/respirart-vita-e-bellezza.jpg\" \/><meta itemprop='startDate' content=\"2026-7-31T09:30+0:00\" \/><meta itemprop='endDate' content=\"2026-7-31T23:59+0:00\" \/><meta itemprop='eventStatus' content=\"https:\/\/schema.org\/EventScheduled\" \/><meta itemprop='eventAttendanceMode'   itemscope itemtype=\"https:\/\/schema.org\/OfflineEventAttendanceMode\"\/><div style=\"display:none\" itemprop=\"location\" itemscope itemtype=\"http:\/\/schema.org\/Place\"><span itemprop=\"name\">Pampeago<\/span><span itemprop=\"address\" itemscope itemtype=\"http:\/\/schema.org\/PostalAddress\"><item itemprop=\"streetAddress\">Localit\u00e0 Pampeago, 8, 38038 Tesero TN<\/item><\/span><\/div><script type=\"application\/ld+json\">{\"@context\": \"http:\/\/schema.org\",\"@type\": \"Event\",\n\t\t\t\t\"@id\": \"event_2498_5\",\n\t\t\t\t\"eventAttendanceMode\":\"https:\/\/schema.org\/OfflineEventAttendanceMode\",\n\t\t\t\t\"eventStatus\":\"https:\/\/schema.org\/EventScheduled\",\n\t\t\t\t\"name\": \"Respirart: Kunst und Sch\u00f6nheit schaffen\",\n\t\t\t\t\"url\": \"https:\/\/latemarium.com\/de\/events\/respirart-kunst-und-schoenheit-schaffen\/var\/ri-5.l-L2\",\n\t\t\t\t\"startDate\": \"2026-7-31T09:30+0:00\",\n\t\t\t\t\"endDate\": \"2026-7-31T23:59+0:00\",\n\t\t\t\t\"image\":\"https:\/\/latemarium.com\/wp-content\/uploads\/2021\/05\/respirart-vita-e-bellezza.jpg\", \n\t\t\t\t\"description\":\"<p><strong>Jeden Freitag vom 26. Juni bis 11. September 2026<\/strong><\/p> <p>RespirArt ist ein Umwelt- und Kunstworkshop f\u00fcr alle, ob jung oder alt. Wir werden Kunstwerke auf spielerische Art und Weise entdecken.<br \/> Treffen Sie sich um 9.30 Uhr am Start des Sessellifts Pampeago-Agnello mit dem Kunstf\u00fchrer, der Ihnen die Samen zum \u00dcberfliegen des RespirArt-Parks gibt. Im Rahmen des Kunst-Workshops werden die Kinder mit nat\u00fcrlichen Materialien kleine Kunstwerke an Land schaffen.<\/p> <p>Reservierung erforderlich.<\/p> <p>Klicken Sie <a href='https:\/\/www.visitfiemme.it\/de\/veranstaltungen\/fiemme-cembra-guest-card\/erlebnisse\/erlebnisse-sommer' target='_blank' rel='noopener'>hier<\/a>, zum Buchen.<\/p> \",\"location\":[{\"@type\":\"Place\",\"name\":\"Pampeago\",\"address\":{\"@type\": \"PostalAddress\",\"streetAddress\":\"Localit\u00e0 Pampeago, 8, 38038 Tesero TN\"}}]}<\/script><\/div>\r\n\t\t\t\t<p class=\"desc_trig_outter\" style=\"\"><a data-gmtrig=\"1\" data-exlk=\"0\" style=\"background-color: #6baeff;\" id=\"evc_17854830002498\" class=\"hasFtIMG event_repeat desc_trig sin_val evcal_list_a\" data-ux_val=\"3\" data-ux_val_mob=\"-\"  ><span class='evoet_c1 evoet_cx '><span class='ev_ftImg' data-img='https:\/\/latemarium.com\/wp-content\/uploads\/2021\/05\/respirart-vita-e-bellezza.jpg' data-thumb='https:\/\/latemarium.com\/wp-content\/uploads\/2021\/05\/respirart-vita-e-bellezza-300x201.jpg' style='background-image:url(\"https:\/\/latemarium.com\/wp-content\/uploads\/2021\/05\/respirart-vita-e-bellezza-300x201.jpg\")' ><\/span><\/span><span class='evoet_c2 evoet_cx '><span class='evoet_dayblock evcal_cblock ' data-bgcolor='#6baeff' data-smon='Juli' data-syr='2026' data-bub=''><span class='evo_start '><em class='date'>31<\/em><em class='month'>Jul<\/em><em class='time'>09:30<\/em><\/span><\/span><\/span><span class='evoet_c3 evoet_cx evcal_desc hide_eventtopdata '><span class='evoet_title evcal_desc2 evcal_event_title ' itemprop='name'>Respirart: Kunst und Sch\u00f6nheit schaffen<\/span><span class='event_location_attrs'  data-location_address=\"Localit\u00e0 Pampeago, 8, 38038 Tesero TN\" data-location_type=\"lonlat\" data-location_name=\"Pampeago\" data-location_url=\"https:\/\/latemarium.com\/de\/event-location\/pampeago-de\/\" data-location_status=\"true\" data-latlng=\"46.34343697644898,11.540997527961546\"><\/span><span class='evoet_subtitle evo_below_title' ><span class='evcal_event_subtitle ' >Kunst-Workshop<\/span><\/span><span class='evoet_time_expand level_3'><em class='evcal_time evo_tz_time'><i class='fa fa-clock-o'><\/i>09:30<span class='evo_tz marl5'>(GMT+02:00)<\/span><\/em> <\/span><span class='evoet_location level_3'><em class=\"evcal_location\"  data-latlng=\"46.34343697644898,11.540997527961546\" data-add_str=\"Localit\u00e0 Pampeago, 8, 38038 Tesero TN\" data-n=\"Pampeago\"><i class=\"fa fa-location-pin\"><\/i><em class=\"event_location_name\">Pampeago<\/em>, Localit\u00e0 Pampeago, 8, 38038 Tesero TN<\/em><\/span><\/span><span class='evoet_data' data-d=\"{&quot;loc.n&quot;:&quot;Pampeago&quot;,&quot;orgs&quot;:[],&quot;tags&quot;:{&quot;repeating&quot;:&quot;Repeating Event&quot;}}\" data-bgc=\"#6baeff\" data-bggrad=\"\" ><\/span><\/a><\/p><div class='event_description evcal_eventcard ' style=\"display:none\"><div class='evocard_row'><div id='event_ftimage' class='evocard_box ftimage' data-c='' \n\t\t\t\t\tstyle=''><div class='evocard_main_image_hold' data-t='Loading Image..'><div class='evocard_main_image evo_img_triglb evobr15 evobgsc evobgpc evodfx evofx_jc_c evofx_ai_c evofz48 minmized' style='height:300px; background-image:url();' data-f=\"https:\/\/latemarium.com\/wp-content\/uploads\/2021\/05\/respirart-vita-e-bellezza.jpg\" data-h=\"602\" data-w=\"899\" data-ratio=\"0.66963292547275\" data-event_id=\"2498\" data-ri=\"5\"  data-t='Loading Image..'><span style='height:300px; background-image:url(https:\/\/latemarium.com\/wp-content\/uploads\/2021\/05\/respirart-vita-e-bellezza.jpg)'><\/span><\/div><\/div><\/div><\/div><div class='evocard_row'><div id='event_eventdetails' class='evocard_box eventdetails' data-c='' \n\t\t\t\t\tstyle=''><div class='evo_metarow_details evorow evcal_evdata_row evcal_event_details'>\n\t\t<div class=\"event_excerpt\" style=\"display:none\"><h3 class=\"padb5 evo_h3\">Details zur Veranstaltung<\/h3><p>Jeden Freitag vom 26. Juni bis 11. September 2026\nRespirArt ist ein Umwelt- und Kunstworkshop f\u00fcr alle, ob jung oder alt. Wir werden Kunstwerke auf spielerische Art und Weise entdecken.\nTreffen<\/p><\/div><span class='evcal_evdata_icons'><i class='fa fa-align-justify'><\/i><\/span>\n\t\t\n\t\t<div class='evcal_evdata_cell shorter_desc'>\n\t\t\t<div class='eventon_full_description'>\n\t\t\t\t<h3 class='padb5 evo_h3'><span class='evcal_evdata_icons'><i class='fa fa-align-justify'><\/i><\/span>Details zur Veranstaltung<\/h3>\n\t\t\t\t<div class='eventon_desc_in' itemprop='description'>\n\t\t\t\t<p><strong>Jeden Freitag vom 26. Juni bis 11. September 2026<\/strong><\/p>\n<p>RespirArt ist ein Umwelt- und Kunstworkshop f\u00fcr alle, ob jung oder alt. Wir werden Kunstwerke auf spielerische Art und Weise entdecken.<br \/>\nTreffen Sie sich um 9.30 Uhr am Start des Sessellifts Pampeago-Agnello mit dem Kunstf\u00fchrer, der Ihnen die Samen zum \u00dcberfliegen des RespirArt-Parks gibt. Im Rahmen des Kunst-Workshops werden die Kinder mit nat\u00fcrlichen Materialien kleine Kunstwerke an Land schaffen.<\/p>\n<p>Reservierung erforderlich.<\/p>\n<p>Klicken Sie <a href=\"https:\/\/www.visitfiemme.it\/de\/veranstaltungen\/fiemme-cembra-guest-card\/erlebnisse\/erlebnisse-sommer\" target=\"_blank\" rel=\"noopener\">hier<\/a>, zum Buchen.<\/p>\n<\/div><p class='eventon_shad_p' style='padding:5px 0 0; margin:0'>\n\t\t\t<span class='evcal_btn evo_btn_secondary evobtn_details_show_more' content='less'>\n\t\t\t\t<span class='ev_more_text' data-txt='Weniger'>Mehr<\/span><span class='ev_more_arrow ard'><\/span>\n\t\t\t<\/span>\n\t\t<\/p><div class='clear'><\/div>\n\t\t\t<\/div>\n\t\t<\/div>\n\t<\/div><\/div><\/div><div class='evocard_row bx2 bx'><div id='event_time' class='evocard_box time' data-c='' \n\t\t\t\t\tstyle=''><div class='evo_metarow_time evorow evcal_evdata_row evcal_evrow_sm '>\n\t\t<span class='evcal_evdata_icons'><i class='fa fa-clock'><\/i><\/span>\n\t\t<div class='evcal_evdata_cell'>\t\t\t\t\t\t\t\n\t\t\t<h3 class='evo_h3'><span class='evcal_evdata_icons'><i class='fa fa-clock'><\/i><\/span>Zeitplan<\/h3><p><span class='evo_eventcard_time_t'>31 Juli 2026 09:30<\/span><span class='evo_tz marr5'>(GMT+02:00)<\/span><\/p>\n\t\t<\/div>\n\t<\/div><\/div><div id='event_location' class='evocard_box location' data-c='' \n\t\t\t\t\tstyle=''><div class='evcal_evdata_row evo_metarow_time_location evorow '>\n\t\t\n\t\t\t<span class='evcal_evdata_icons'><i class='fa fa-map-marker'><\/i><\/span>\n\t\t\t<div class='evcal_evdata_cell' data-loc_tax_id='32'><h3 class='evo_h3 evodfx'><span class='evcal_evdata_icons'><i class='fa fa-map-marker'><\/i><\/span>Ort<\/h3><p class='evo_location_name'>Pampeago<\/p><p class='evo_location_address evodfxi evogap10'>Localit\u00e0 Pampeago, 8, 38038 Tesero TN<\/p><div class='padt10'><span class='evo_btn_arr evolb_trigger' data-lbvals=\"{&quot;lbc&quot;:&quot;evo_location_lb_32&quot;,&quot;lbac&quot;:&quot;lb_max&quot;,&quot;t&quot;:&quot;Pampeago&quot;,&quot;ajax&quot;:&quot;yes&quot;,&quot;ajax_type&quot;:&quot;endpoint&quot;,&quot;ajax_action&quot;:&quot;eventon_get_tax_card_content&quot;,&quot;end&quot;:&quot;client&quot;,&quot;d&quot;:{&quot;lang&quot;:&quot;L2&quot;,&quot;term_id&quot;:32,&quot;tax&quot;:&quot;event_location&quot;,&quot;load_lbcontent&quot;:true},&quot;uid&quot;:&quot;eventon_get_tax_card_content&quot;}\" >Other Events<i class='fa fa-chevron-right'><\/i><\/span><\/div><\/div>\n\t\t\n\t<\/div><\/div><\/div><div class='evocard_row'><div id='event_addtocal' class='evocard_box addtocal' data-c='' \n\t\t\t\t\tstyle=''><div class='evo_metarow_ICS evorow evcal_evdata_row'>\n\t\t\t<span class='evcal_evdata_icons'><i class='fa fa-calendar-o'><\/i><\/span>\n\t\t\t<div class='evcal_evdata_cell'>\n\t\t\t\t<p><a href='https:\/\/latemarium.com\/de\/export-events\/2498_5\/?nonce=7b34e59f7d' class='evo_ics_nCal' title='Zu Ihrem Kalender hinzuf\u00fcgen'>Kalender<\/a><a href='https:\/\/www.google.com\/calendar\/event?action=TEMPLATE&text=Respirart%3A+Kunst+und+Sch%C3%B6nheit+schaffen&dates=20260731T073000Z%2F20260731T215900Z&ctz=Europe%2FRome&details=Respirart: Kunst und Sch\u00f6nheit schaffen&location=Pampeago+Localit%C3%A0+Pampeago%2C+8%2C+38038+Tesero+TN' target='_blank' class='evo_ics_gCal' title='Zu Google Kalender hinzuf\u00fcgen'>GoogleCal<\/a><\/p>\t\n\t\t\t<\/div>\n\t\t<\/div><\/div><\/div><div class='evocard_row'><div id='event_getdirection' class='evocard_box getdirection' data-c='' \n\t\t\t\t\tstyle=''><div class='evo_metarow_getDr evorow evcal_evdata_row evcal_evrow_sm getdirections'>\n\t\t<form action='https:\/\/maps.google.com\/maps' method='get' target='_blank'>\n\t\t\t<input type='hidden' name='daddr' value=\"Localit\u00e0 Pampeago, 8, 38038 Tesero TN\"\/> \n\t\t\t<div class='evo_get_direction_content evo_fx_dr_r evogap10'>\n\t\t\t\t<span class='evogetdir_header evodfx evofx_dr_r evofx_ai_c marr10'>\n\t\t\t\t\t<i class='mainicon fa fa-road'><\/i> \n\t\t\t\t\t<h3 class='evo_h3' style='padding-bottom:5px;'>Wegbeschreibung abrufen<\/h3>\n\t\t\t\t<\/span>\n\t\t\t\t<span class='evogetdir_field evodfx evofx_1_1 evo_fx_dr_c evow100p'>\t\t\t\t\t\n\t\t\t\t\t<input class='evoInput evotac' type='text' name='saddr' placeholder='&quot;Geben Sie die Adresse ein' value='' style='margin:10px 0;'\/>\n\t\t\t\t<\/span>\n\t\t\t\t<button type='submit' class='evo_get_direction_button evo_btn_arr_circ dfx fx_ai_c' title='&quot;Klicken Sie hier'><i class='fa fa-chevron-right'><\/i> <\/button>\n\t\t\t<\/div>\n\t\t<\/form>\n\t<\/div><\/div><\/div><div class='evo_card_row_end evcal_close' title='Schlie\u00dfen'><\/div><\/div><div class='clear end'><\/div><\/div><\/div><div class='evcal_month_line' data-d='eml_8_2026' data-su='1785535200'><p>August<\/p><\/div><div class='sep_month_events ' data-d='eml_8_2026'><div id=\"event_2261_0\" class=\"eventon_list_event evo_eventtop scheduled  event clrW no_et event_2261_0\" data-event_id=\"2261\" data-ri=\"0r\" data-time=\"1785641400-1785707940\" data-colr=\"#f0d173\" itemscope itemtype='http:\/\/schema.org\/Event'><div class=\"evo_event_schema\" style=\"display:none\" ><a itemprop='url'  href='https:\/\/latemarium.com\/de\/events\/voci-nel-mattino-coro-genzianella\/var\/ri-0.l-L2'><\/a><meta itemprop='image' content=\"https:\/\/latemarium.com\/wp-content\/uploads\/2020\/07\/coro-genzianella-voci-nel-mattina.jpeg\" \/><meta itemprop='startDate' content=\"2026-8-2T05:30+0:00\" \/><meta itemprop='endDate' content=\"2026-8-2T23:59+0:00\" \/><meta itemprop='eventStatus' content=\"https:\/\/schema.org\/EventScheduled\" \/><meta itemprop='eventAttendanceMode'   itemscope itemtype=\"https:\/\/schema.org\/OfflineEventAttendanceMode\"\/><div style=\"display:none\" itemprop=\"location\" itemscope itemtype=\"http:\/\/schema.org\/Place\"><span itemprop=\"name\">Pampeago<\/span><span itemprop=\"address\" itemscope itemtype=\"http:\/\/schema.org\/PostalAddress\"><item itemprop=\"streetAddress\">Localit\u00e0 Pampeago, 8, 38038 Tesero TN<\/item><\/span><\/div><script type=\"application\/ld+json\">{\"@context\": \"http:\/\/schema.org\",\"@type\": \"Event\",\n\t\t\t\t\"@id\": \"event_2261_0\",\n\t\t\t\t\"eventAttendanceMode\":\"https:\/\/schema.org\/OfflineEventAttendanceMode\",\n\t\t\t\t\"eventStatus\":\"https:\/\/schema.org\/EventScheduled\",\n\t\t\t\t\"name\": \"Stimmen am Morgen - Chor Genzianella\",\n\t\t\t\t\"url\": \"https:\/\/latemarium.com\/de\/events\/voci-nel-mattino-coro-genzianella\/var\/ri-0.l-L2\",\n\t\t\t\t\"startDate\": \"2026-8-2T05:30+0:00\",\n\t\t\t\t\"endDate\": \"2026-8-2T23:59+0:00\",\n\t\t\t\t\"image\":\"https:\/\/latemarium.com\/wp-content\/uploads\/2020\/07\/coro-genzianella-voci-nel-mattina.jpeg\", \n\t\t\t\t\"description\":\"<p>Im Beisein der Dolomiten, Wiederholung von Volks- und Bergliedern mit dem Chor Genzianella aus Tesero.<\/p> \",\"location\":[{\"@type\":\"Place\",\"name\":\"Pampeago\",\"address\":{\"@type\": \"PostalAddress\",\"streetAddress\":\"Localit\u00e0 Pampeago, 8, 38038 Tesero TN\"}}]}<\/script><\/div>\r\n\t\t\t\t<p class=\"desc_trig_outter\" style=\"\"><a data-gmtrig=\"1\" data-exlk=\"0\" style=\"background-color: #f0d173;\" id=\"evc_17856414002261\" class=\"hasFtIMG desc_trig sin_val evcal_list_a\" data-ux_val=\"3\" data-ux_val_mob=\"-\"  ><span class='evoet_c1 evoet_cx '><span class='ev_ftImg' data-img='https:\/\/latemarium.com\/wp-content\/uploads\/2020\/07\/coro-genzianella-voci-nel-mattina.jpeg' data-thumb='https:\/\/latemarium.com\/wp-content\/uploads\/2020\/07\/coro-genzianella-voci-nel-mattina-300x166.jpeg' style='background-image:url(\"https:\/\/latemarium.com\/wp-content\/uploads\/2020\/07\/coro-genzianella-voci-nel-mattina-300x166.jpeg\")' ><\/span><\/span><span class='evoet_c2 evoet_cx '><span class='evoet_dayblock evcal_cblock ' data-bgcolor='#f0d173' data-smon='August' data-syr='2026' data-bub=''><span class='evo_start '><em class='date'>02<\/em><em class='month'>Aug<\/em><em class='time'>05:30<\/em><\/span><\/span><\/span><span class='evoet_c3 evoet_cx evcal_desc hide_eventtopdata '><span class='evoet_title evcal_desc2 evcal_event_title ' itemprop='name'>Stimmen am Morgen - Chor Genzianella<\/span><span class='event_location_attrs'  data-location_address=\"Localit\u00e0 Pampeago, 8, 38038 Tesero TN\" data-location_type=\"lonlat\" data-location_name=\"Pampeago\" data-location_url=\"https:\/\/latemarium.com\/de\/event-location\/pampeago-de\/\" data-location_status=\"true\" data-latlng=\"46.34343697644898,11.540997527961546\"><\/span><span class='evoet_subtitle evo_below_title' ><span class='evcal_event_subtitle ' >Pampeago, loc. Buse de Tresca<\/span><\/span><span class='evoet_time_expand level_3'><em class='evcal_time evo_tz_time'><i class='fa fa-clock-o'><\/i>05:30<span class='evo_tz marl5'>(GMT+02:00)<\/span><\/em> <\/span><span class='evoet_location level_3'><em class=\"evcal_location\"  data-latlng=\"46.34343697644898,11.540997527961546\" data-add_str=\"Localit\u00e0 Pampeago, 8, 38038 Tesero TN\" data-n=\"Pampeago\"><i class=\"fa fa-location-pin\"><\/i><em class=\"event_location_name\">Pampeago<\/em>, Localit\u00e0 Pampeago, 8, 38038 Tesero TN<\/em><\/span><\/span><span class='evoet_data' data-d=\"{&quot;loc.n&quot;:&quot;Pampeago&quot;,&quot;orgs&quot;:[],&quot;tags&quot;:[]}\" data-bgc=\"#f0d173\" data-bggrad=\"\" ><\/span><\/a><\/p><div class='event_description evcal_eventcard ' style=\"display:none\"><div class='evocard_row'><div id='event_ftimage' class='evocard_box ftimage' data-c='' \n\t\t\t\t\tstyle=''><div class='evocard_main_image_hold' data-t='Loading Image..'><div class='evocard_main_image evo_img_triglb evobr15 evobgsc evobgpc evodfx evofx_jc_c evofx_ai_c evofz48 minmized' style='height:300px; background-image:url();' data-f=\"https:\/\/latemarium.com\/wp-content\/uploads\/2020\/07\/coro-genzianella-voci-nel-mattina.jpeg\" data-h=\"1060\" data-w=\"1920\" data-ratio=\"0.55208333333333\" data-event_id=\"2261\" data-ri=\"0\"  data-t='Loading Image..'><span style='height:300px; background-image:url(https:\/\/latemarium.com\/wp-content\/uploads\/2020\/07\/coro-genzianella-voci-nel-mattina.jpeg)'><\/span><\/div><\/div><\/div><\/div><div class='evocard_row'><div id='event_eventdetails' class='evocard_box eventdetails' data-c='' \n\t\t\t\t\tstyle=''><div class='evo_metarow_details evorow evcal_evdata_row evcal_event_details'>\n\t\t<div class=\"event_excerpt\" style=\"display:none\"><h3 class=\"padb5 evo_h3\">Details zur Veranstaltung<\/h3><p>Im Beisein der Dolomiten, Wiederholung von Volks- und Bergliedern mit dem Chor Genzianella aus Tesero.<\/p><\/div><span class='evcal_evdata_icons'><i class='fa fa-align-justify'><\/i><\/span>\n\t\t\n\t\t<div class='evcal_evdata_cell '>\n\t\t\t<div class='eventon_full_description'>\n\t\t\t\t<h3 class='padb5 evo_h3'><span class='evcal_evdata_icons'><i class='fa fa-align-justify'><\/i><\/span>Details zur Veranstaltung<\/h3>\n\t\t\t\t<div class='eventon_desc_in' itemprop='description'>\n\t\t\t\t<p>Im Beisein der Dolomiten, Wiederholung von Volks- und Bergliedern mit dem Chor Genzianella aus Tesero.<\/p>\n<\/div><div class='clear'><\/div>\n\t\t\t<\/div>\n\t\t<\/div>\n\t<\/div><\/div><\/div><div class='evocard_row bx2 bx'><div id='event_time' class='evocard_box time' data-c='' \n\t\t\t\t\tstyle=''><div class='evo_metarow_time evorow evcal_evdata_row evcal_evrow_sm '>\n\t\t<span class='evcal_evdata_icons'><i class='fa fa-clock'><\/i><\/span>\n\t\t<div class='evcal_evdata_cell'>\t\t\t\t\t\t\t\n\t\t\t<h3 class='evo_h3'><span class='evcal_evdata_icons'><i class='fa fa-clock'><\/i><\/span>Zeitplan<\/h3><p><span class='evo_eventcard_time_t'>2 August 2026 05:30<\/span><span class='evo_tz marr5'>(GMT+02:00)<\/span><\/p>\n\t\t<\/div>\n\t<\/div><\/div><div id='event_location' class='evocard_box location' data-c='' \n\t\t\t\t\tstyle=''><div class='evcal_evdata_row evo_metarow_time_location evorow '>\n\t\t\n\t\t\t<span class='evcal_evdata_icons'><i class='fa fa-map-marker'><\/i><\/span>\n\t\t\t<div class='evcal_evdata_cell' data-loc_tax_id='32'><h3 class='evo_h3 evodfx'><span class='evcal_evdata_icons'><i class='fa fa-map-marker'><\/i><\/span>Ort<\/h3><p class='evo_location_name'>Pampeago<\/p><p class='evo_location_address evodfxi evogap10'>Localit\u00e0 Pampeago, 8, 38038 Tesero TN<\/p><div class='padt10'><span class='evo_btn_arr evolb_trigger' data-lbvals=\"{&quot;lbc&quot;:&quot;evo_location_lb_32&quot;,&quot;lbac&quot;:&quot;lb_max&quot;,&quot;t&quot;:&quot;Pampeago&quot;,&quot;ajax&quot;:&quot;yes&quot;,&quot;ajax_type&quot;:&quot;endpoint&quot;,&quot;ajax_action&quot;:&quot;eventon_get_tax_card_content&quot;,&quot;end&quot;:&quot;client&quot;,&quot;d&quot;:{&quot;lang&quot;:&quot;L2&quot;,&quot;term_id&quot;:32,&quot;tax&quot;:&quot;event_location&quot;,&quot;load_lbcontent&quot;:true},&quot;uid&quot;:&quot;eventon_get_tax_card_content&quot;}\" >Other Events<i class='fa fa-chevron-right'><\/i><\/span><\/div><\/div>\n\t\t\n\t<\/div><\/div><\/div><div class='evocard_row'><div id='event_addtocal' class='evocard_box addtocal' data-c='' \n\t\t\t\t\tstyle=''><div class='evo_metarow_ICS evorow evcal_evdata_row'>\n\t\t\t<span class='evcal_evdata_icons'><i class='fa fa-calendar-o'><\/i><\/span>\n\t\t\t<div class='evcal_evdata_cell'>\n\t\t\t\t<p><a href='https:\/\/latemarium.com\/de\/export-events\/2261_0\/?nonce=7b34e59f7d' class='evo_ics_nCal' title='Zu Ihrem Kalender hinzuf\u00fcgen'>Kalender<\/a><a href='https:\/\/www.google.com\/calendar\/event?action=TEMPLATE&text=Stimmen+am+Morgen+-+Chor+Genzianella&dates=20260802T033000Z%2F20260802T215900Z&ctz=Europe%2FRome&details=Stimmen am Morgen - Chor Genzianella&location=Pampeago+Localit%C3%A0+Pampeago%2C+8%2C+38038+Tesero+TN' target='_blank' class='evo_ics_gCal' title='Zu Google Kalender hinzuf\u00fcgen'>GoogleCal<\/a><\/p>\t\n\t\t\t<\/div>\n\t\t<\/div><\/div><\/div><div class='evocard_row'><div id='event_getdirection' class='evocard_box getdirection' data-c='' \n\t\t\t\t\tstyle=''><div class='evo_metarow_getDr evorow evcal_evdata_row evcal_evrow_sm getdirections'>\n\t\t<form action='https:\/\/maps.google.com\/maps' method='get' target='_blank'>\n\t\t\t<input type='hidden' name='daddr' value=\"Localit\u00e0 Pampeago, 8, 38038 Tesero TN\"\/> \n\t\t\t<div class='evo_get_direction_content evo_fx_dr_r evogap10'>\n\t\t\t\t<span class='evogetdir_header evodfx evofx_dr_r evofx_ai_c marr10'>\n\t\t\t\t\t<i class='mainicon fa fa-road'><\/i> \n\t\t\t\t\t<h3 class='evo_h3' style='padding-bottom:5px;'>Wegbeschreibung abrufen<\/h3>\n\t\t\t\t<\/span>\n\t\t\t\t<span class='evogetdir_field evodfx evofx_1_1 evo_fx_dr_c evow100p'>\t\t\t\t\t\n\t\t\t\t\t<input class='evoInput evotac' type='text' name='saddr' placeholder='&quot;Geben Sie die Adresse ein' value='' style='margin:10px 0;'\/>\n\t\t\t\t<\/span>\n\t\t\t\t<button type='submit' class='evo_get_direction_button evo_btn_arr_circ dfx fx_ai_c' title='&quot;Klicken Sie hier'><i class='fa fa-chevron-right'><\/i> <\/button>\n\t\t\t<\/div>\n\t\t<\/form>\n\t<\/div><\/div><\/div><div class='evo_card_row_end evcal_close' title='Schlie\u00dfen'><\/div><\/div><div class='clear end'><\/div><\/div><div id=\"event_2140_8\" class=\"eventon_list_event evo_eventtop scheduled  event clrD no_et event_2140_8\" data-event_id=\"2140\" data-ri=\"8r\" data-time=\"1785661200-1785707940\" data-colr=\"#006290\" itemscope itemtype='http:\/\/schema.org\/Event'><div class=\"evo_event_schema\" style=\"display:none\" ><a itemprop='url'  href='https:\/\/latemarium.com\/de\/events\/wort-von-nikolaus-drache\/var\/ri-8.l-L2'><\/a><meta itemprop='image' content=\"https:\/\/latemarium.com\/wp-content\/uploads\/2023\/06\/foresta-dei-draghi-6.jpg\" \/><meta itemprop='startDate' content=\"2026-8-2T11:00+0:00\" \/><meta itemprop='endDate' content=\"2026-8-2T23:59+0:00\" \/><meta itemprop='eventStatus' content=\"https:\/\/schema.org\/EventScheduled\" \/><meta itemprop='eventAttendanceMode'   itemscope itemtype=\"https:\/\/schema.org\/OfflineEventAttendanceMode\"\/><script type=\"application\/ld+json\">{\"@context\": \"http:\/\/schema.org\",\"@type\": \"Event\",\n\t\t\t\t\"@id\": \"event_2140_8\",\n\t\t\t\t\"eventAttendanceMode\":\"https:\/\/schema.org\/OfflineEventAttendanceMode\",\n\t\t\t\t\"eventStatus\":\"https:\/\/schema.org\/EventScheduled\",\n\t\t\t\t\"name\": \"Wort von Nikolaus Drache\",\n\t\t\t\t\"url\": \"https:\/\/latemarium.com\/de\/events\/wort-von-nikolaus-drache\/var\/ri-8.l-L2\",\n\t\t\t\t\"startDate\": \"2026-8-2T11:00+0:00\",\n\t\t\t\t\"endDate\": \"2026-8-2T23:59+0:00\",\n\t\t\t\t\"image\":\"https:\/\/latemarium.com\/wp-content\/uploads\/2023\/06\/foresta-dei-draghi-6.jpg\", \n\t\t\t\t\"description\":\"<p>Sie springen, sie rennen, sie krabbeln, sie fliegen! Doch\u2026 sie sind nicht leicht zu sehen! Sie wissen sich gut zu verstecken \u2026 die schuppigen Schleicher! Wer sind sie? Aber die Drachen von Latemar! Einen zu treffen, und sei es nur einer, wird ein wunderbares Erlebnis sein! Ein Wort von Nikolaus Drache.<\/p> <p>Immer sonntags umd montags, vom 5. Juli bis zum 24. August 2026<br \/> bei der Bergstation der Gondelbahn Predazzo \u2013 Gardon\u00e8<br \/> um 11.00 und um 14.45 Uhr<br \/> F\u00fcr Familien mit Kindern ab 2 Jahren geeignet (Dauer: 1h30\u2018)<br \/> Vorstellung auf Italienisch<\/p> <p>&nbsp;<\/p> \"}<\/script><\/div>\r\n\t\t\t\t<p class=\"desc_trig_outter\" style=\"\"><a data-gmap_status=\"null\" data-exlk=\"0\" style=\"background-color: #006290;\" id=\"evc_17856612002140\" class=\"hasFtIMG event_repeat desc_trig sin_val evcal_list_a\" data-ux_val=\"3\" data-ux_val_mob=\"-\"  ><span class='evoet_c1 evoet_cx '><span class='ev_ftImg' data-img='https:\/\/latemarium.com\/wp-content\/uploads\/2023\/06\/foresta-dei-draghi-6.jpg' data-thumb='https:\/\/latemarium.com\/wp-content\/uploads\/2023\/06\/foresta-dei-draghi-6-300x200.jpg' style='background-image:url(\"https:\/\/latemarium.com\/wp-content\/uploads\/2023\/06\/foresta-dei-draghi-6-300x200.jpg\")' ><\/span><\/span><span class='evoet_c2 evoet_cx '><span class='evoet_dayblock evcal_cblock ' data-bgcolor='#006290' data-smon='August' data-syr='2026' data-bub=''><span class='evo_start '><em class='date'>02<\/em><em class='month'>Aug<\/em><em class='time'>11:00<\/em><\/span><\/span><\/span><span class='evoet_c3 evoet_cx evcal_desc hide_eventtopdata '><span class='evoet_title evcal_desc2 evcal_event_title ' itemprop='name'>Wort von Nikolaus Drache<\/span><span class='event_location_attrs' data-location_type=\"lonlat\" data-location_name=\"Seilbahn Ankunft Predazzo-Gardon\u00e8\" data-location_url=\"https:\/\/latemarium.com\/de\/event-location\/seilbahn-ankunft-predazzo-gardone\/\" data-location_status=\"true\" data-latlng=\"46.32878794406342,11.600176728690842\"><\/span><span class='evoet_subtitle evo_below_title' ><span class='evcal_event_subtitle ' >DER DRACHENWALD<\/span><\/span><span class='evoet_time_expand level_3'><em class='evcal_time evo_tz_time'><i class='fa fa-clock-o'><\/i>11:00<span class='evo_tz marl5'>(GMT+02:00)<\/span><\/em> <\/span><span class='evoet_location level_3'><em class=\"evcal_location\"  data-latlng=\"46.32878794406342,11.600176728690842\" data-add_str=\"\" data-n=\"Seilbahn Ankunft Predazzo-Gardon\u00e8\"><i class=\"fa fa-location-pin\"><\/i><em class=\"event_location_name\">Seilbahn Ankunft Predazzo-Gardon\u00e8<\/em><\/em><\/span><\/span><span class='evoet_data' data-d=\"{&quot;loc.n&quot;:&quot;Seilbahn Ankunft Predazzo-Gardon\\u00e8&quot;,&quot;orgs&quot;:[],&quot;tags&quot;:{&quot;repeating&quot;:&quot;Repeating Event&quot;}}\" data-bgc=\"#006290\" data-bggrad=\"\" ><\/span><\/a><\/p><div class='event_description evcal_eventcard ' style=\"display:none\"><div class='evocard_row'><div id='event_ftimage' class='evocard_box ftimage' data-c='' \n\t\t\t\t\tstyle=''><div class='evocard_main_image_hold' data-t='Loading Image..'><div class='evocard_main_image evo_img_triglb evobr15 evobgsc evobgpc evodfx evofx_jc_c evofx_ai_c evofz48 minmized' style='height:300px; background-image:url();' data-f=\"https:\/\/latemarium.com\/wp-content\/uploads\/2023\/06\/foresta-dei-draghi-6.jpg\" data-h=\"800\" data-w=\"1200\" data-ratio=\"0.66666666666667\" data-event_id=\"2140\" data-ri=\"8\"  data-t='Loading Image..'><span style='height:300px; background-image:url(https:\/\/latemarium.com\/wp-content\/uploads\/2023\/06\/foresta-dei-draghi-6.jpg)'><\/span><\/div><\/div><\/div><\/div><div class='evocard_row'><div id='event_eventdetails' class='evocard_box eventdetails' data-c='' \n\t\t\t\t\tstyle=''><div class='evo_metarow_details evorow evcal_evdata_row evcal_event_details'>\n\t\t<div class=\"event_excerpt\" style=\"display:none\"><h3 class=\"padb5 evo_h3\">Details zur Veranstaltung<\/h3><p>Sie springen, sie rennen, sie krabbeln, sie fliegen! Doch\u2026 sie sind nicht leicht zu sehen! Sie wissen sich gut zu verstecken \u2026 die schuppigen Schleicher! Wer sind sie? Aber die<\/p><\/div><span class='evcal_evdata_icons'><i class='fa fa-align-justify'><\/i><\/span>\n\t\t\n\t\t<div class='evcal_evdata_cell '>\n\t\t\t<div class='eventon_full_description'>\n\t\t\t\t<h3 class='padb5 evo_h3'><span class='evcal_evdata_icons'><i class='fa fa-align-justify'><\/i><\/span>Details zur Veranstaltung<\/h3>\n\t\t\t\t<div class='eventon_desc_in' itemprop='description'>\n\t\t\t\t<p>Sie springen, sie rennen, sie krabbeln, sie fliegen! Doch\u2026 sie sind nicht leicht zu sehen! Sie wissen sich gut zu verstecken \u2026 die schuppigen Schleicher! Wer sind sie? Aber die Drachen von Latemar! Einen zu treffen, und sei es nur einer, wird ein wunderbares Erlebnis sein! Ein Wort von Nikolaus Drache.<\/p>\n<p>Immer sonntags umd montags, vom 5. Juli bis zum 24. August 2026<br \/>\nbei der Bergstation der Gondelbahn Predazzo \u2013 Gardon\u00e8<br \/>\num 11.00 und um 14.45 Uhr<br \/>\nF\u00fcr Familien mit Kindern ab 2 Jahren geeignet (Dauer: 1h30\u2018)<br \/>\nVorstellung auf Italienisch<\/p>\n<p>&nbsp;<\/p>\n<\/div><div class='clear'><\/div>\n\t\t\t<\/div>\n\t\t<\/div>\n\t<\/div><\/div><\/div><div class='evocard_row bx2 bx'><div id='event_time' class='evocard_box time' data-c='' \n\t\t\t\t\tstyle=''><div class='evo_metarow_time evorow evcal_evdata_row evcal_evrow_sm '>\n\t\t<span class='evcal_evdata_icons'><i class='fa fa-clock'><\/i><\/span>\n\t\t<div class='evcal_evdata_cell'>\t\t\t\t\t\t\t\n\t\t\t<h3 class='evo_h3'><span class='evcal_evdata_icons'><i class='fa fa-clock'><\/i><\/span>Zeitplan<\/h3><p><span class='evo_eventcard_time_t'>2 August 2026 11:00<\/span><span class='evo_tz marr5'>(GMT+02:00)<\/span><\/p>\n\t\t<\/div>\n\t<\/div><\/div><div id='event_location' class='evocard_box location' data-c='' \n\t\t\t\t\tstyle=''><div class='evcal_evdata_row evo_metarow_time_location evorow '>\n\t\t\n\t\t\t<span class='evcal_evdata_icons'><i class='fa fa-map-marker'><\/i><\/span>\n\t\t\t<div class='evcal_evdata_cell' data-loc_tax_id='36'><h3 class='evo_h3 evodfx'><span class='evcal_evdata_icons'><i class='fa fa-map-marker'><\/i><\/span>Ort<\/h3><p class='evo_location_name'>Seilbahn Ankunft Predazzo-Gardon\u00e8<\/p><div class='padt10'><span class='evo_btn_arr evolb_trigger' data-lbvals=\"{&quot;lbc&quot;:&quot;evo_location_lb_36&quot;,&quot;lbac&quot;:&quot;lb_max&quot;,&quot;t&quot;:&quot;Seilbahn Ankunft Predazzo-Gardon\\u00e8&quot;,&quot;ajax&quot;:&quot;yes&quot;,&quot;ajax_type&quot;:&quot;endpoint&quot;,&quot;ajax_action&quot;:&quot;eventon_get_tax_card_content&quot;,&quot;end&quot;:&quot;client&quot;,&quot;d&quot;:{&quot;lang&quot;:&quot;L2&quot;,&quot;term_id&quot;:36,&quot;tax&quot;:&quot;event_location&quot;,&quot;load_lbcontent&quot;:true},&quot;uid&quot;:&quot;eventon_get_tax_card_content&quot;}\" >Other Events<i class='fa fa-chevron-right'><\/i><\/span><\/div><\/div>\n\t\t\n\t<\/div><\/div><\/div><div class='evocard_row bx2 bx'><div id='event_learnmore' class='evocard_box learnmore' data-c='' \n\t\t\t\t\tstyle=''><div class='evo_metarow_learnM evo_metarow_learnmore evorow'>\n\t\t\t\t\t\t\t<a class='evcal_evdata_row evo_clik_row ' href='https:\/\/www.montagnanimata.it\/de\/spektakel\/' target=\"_blank\">\n\t\t\t\t\t\t\t\t<span class='evcal_evdata_icons'><i class='fa fa-link'><\/i><\/span>\n\t\t\t\t\t\t\t\t<h3 class='evo_h3'>Entdecke mehr<\/h3>\n\t\t\t\t\t\t\t<\/a>\n\t\t\t\t\t\t\t<\/div><\/div><div id='event_addtocal' class='evocard_box addtocal' data-c='' \n\t\t\t\t\tstyle=''><div class='evo_metarow_ICS evorow evcal_evdata_row'>\n\t\t\t<span class='evcal_evdata_icons'><i class='fa fa-calendar-o'><\/i><\/span>\n\t\t\t<div class='evcal_evdata_cell'>\n\t\t\t\t<p><a href='https:\/\/latemarium.com\/de\/export-events\/2140_8\/?nonce=7b34e59f7d' class='evo_ics_nCal' title='Zu Ihrem Kalender hinzuf\u00fcgen'>Kalender<\/a><a href='https:\/\/www.google.com\/calendar\/event?action=TEMPLATE&text=Wort+von+Nikolaus+Drache&dates=20260802T090000Z%2F20260802T215900Z&ctz=Europe%2FRome&details=Wort von Nikolaus Drache&location=Seilbahn+Ankunft+Predazzo-Gardon%C3%A8' target='_blank' class='evo_ics_gCal' title='Zu Google Kalender hinzuf\u00fcgen'>GoogleCal<\/a><\/p>\t\n\t\t\t<\/div>\n\t\t<\/div><\/div><\/div><div class='evocard_row'><div id='event_getdirection' class='evocard_box getdirection' data-c='' \n\t\t\t\t\tstyle=''><div class='evo_metarow_getDr evorow evcal_evdata_row evcal_evrow_sm getdirections'>\n\t\t<form action='https:\/\/maps.google.com\/maps' method='get' target='_blank'>\n\t\t\t<input type='hidden' name='daddr' value=\"46.32878794406342,11.600176728690842\"\/> \n\t\t\t<div class='evo_get_direction_content evo_fx_dr_r evogap10'>\n\t\t\t\t<span class='evogetdir_header evodfx evofx_dr_r evofx_ai_c marr10'>\n\t\t\t\t\t<i class='mainicon fa fa-road'><\/i> \n\t\t\t\t\t<h3 class='evo_h3' style='padding-bottom:5px;'>Wegbeschreibung abrufen<\/h3>\n\t\t\t\t<\/span>\n\t\t\t\t<span class='evogetdir_field evodfx evofx_1_1 evo_fx_dr_c evow100p'>\t\t\t\t\t\n\t\t\t\t\t<input class='evoInput evotac' type='text' name='saddr' placeholder='&quot;Geben Sie die Adresse ein' value='' style='margin:10px 0;'\/>\n\t\t\t\t<\/span>\n\t\t\t\t<button type='submit' class='evo_get_direction_button evo_btn_arr_circ dfx fx_ai_c' title='&quot;Klicken Sie hier'><i class='fa fa-chevron-right'><\/i> <\/button>\n\t\t\t<\/div>\n\t\t<\/form>\n\t<\/div><\/div><\/div><div class='evo_card_row_end evcal_close' title='Schlie\u00dfen'><\/div><\/div><div class='clear end'><\/div><\/div><div id=\"event_2154_11\" class=\"eventon_list_event evo_eventtop scheduled  event clrW no_et event_2154_11\" data-event_id=\"2154\" data-ri=\"11r\" data-time=\"1785676800-1785707940\" data-colr=\"#b8d989\" itemscope itemtype='http:\/\/schema.org\/Event'><div class=\"evo_event_schema\" style=\"display:none\" ><a itemprop='url'  href='https:\/\/latemarium.com\/de\/events\/die-geraeusche-und-das-leben-der-malga\/var\/ri-11.l-L2'><\/a><meta itemprop='image' content=\"https:\/\/latemarium.com\/wp-content\/uploads\/2023\/06\/suoni-vita-malga.jpg\" \/><meta itemprop='startDate' content=\"2026-8-2T15:20+0:00\" \/><meta itemprop='endDate' content=\"2026-8-2T23:59+0:00\" \/><meta itemprop='eventStatus' content=\"https:\/\/schema.org\/EventScheduled\" \/><meta itemprop='eventAttendanceMode'   itemscope itemtype=\"https:\/\/schema.org\/OfflineEventAttendanceMode\"\/><div style=\"display:none\" itemprop=\"location\" itemscope itemtype=\"http:\/\/schema.org\/Place\"><span itemprop=\"name\">Pampeago<\/span><span itemprop=\"address\" itemscope itemtype=\"http:\/\/schema.org\/PostalAddress\"><item itemprop=\"streetAddress\">Localit\u00e0 Pampeago, 8, 38038 Tesero TN<\/item><\/span><\/div><script type=\"application\/ld+json\">{\"@context\": \"http:\/\/schema.org\",\"@type\": \"Event\",\n\t\t\t\t\"@id\": \"event_2154_11\",\n\t\t\t\t\"eventAttendanceMode\":\"https:\/\/schema.org\/OfflineEventAttendanceMode\",\n\t\t\t\t\"eventStatus\":\"https:\/\/schema.org\/EventScheduled\",\n\t\t\t\t\"name\": \"Die Ger\u00e4usche und das Leben der Malga\",\n\t\t\t\t\"url\": \"https:\/\/latemarium.com\/de\/events\/die-geraeusche-und-das-leben-der-malga\/var\/ri-11.l-L2\",\n\t\t\t\t\"startDate\": \"2026-8-2T15:20+0:00\",\n\t\t\t\t\"endDate\": \"2026-8-2T23:59+0:00\",\n\t\t\t\t\"image\":\"https:\/\/latemarium.com\/wp-content\/uploads\/2023\/06\/suoni-vita-malga.jpg\", \n\t\t\t\t\"description\":\"<p>Treffpunkt am Parkplatz des Tresca-Sessellifts (mit dem Auto von Pampeago erreichbar &#8211; NUR f\u00fcr diejenigen, die die Aktivit\u00e4t buchen).<\/p> <p>Nach einem kurzen Spaziergang zur Malga Pampeago entdecken Kinder und Eltern zwischen K\u00fchen, K\u00e4lbern, Eseln und Schweinen den Alltag und die Ger\u00e4usche, die das Leben der Hirten pr\u00e4gen.<\/p> <p>Am Ende der Aktivit\u00e4t gibt es einen kleinen Snack, den die Kinder genie\u00dfen oder mit nach Hause nehmen k\u00f6nnen.<\/p> <p>Aktivit\u00e4t auch mit Kinderwagen m\u00f6glich. <a href='https:\/\/www.visitfiemme.it\/de\/veranstaltungen\/fiemme-cembra-guest-card\/erlebnisse\/erlebnisse-sommer' target='_blank' rel='noopener'>Reservierung erforderlich<\/a>.<\/p> \",\"location\":[{\"@type\":\"Place\",\"name\":\"Pampeago\",\"address\":{\"@type\": \"PostalAddress\",\"streetAddress\":\"Localit\u00e0 Pampeago, 8, 38038 Tesero TN\"}}]}<\/script><\/div>\r\n\t\t\t\t<p class=\"desc_trig_outter\" style=\"\"><a data-gmap_status=\"null\" data-exlk=\"0\" style=\"background-color: #b8d989;\" id=\"evc_17856768002154\" class=\"hasFtIMG event_repeat desc_trig sin_val evcal_list_a\" data-ux_val=\"3\" data-ux_val_mob=\"-\"  ><span class='evoet_c1 evoet_cx '><span class='ev_ftImg' data-img='https:\/\/latemarium.com\/wp-content\/uploads\/2023\/06\/suoni-vita-malga.jpg' data-thumb='https:\/\/latemarium.com\/wp-content\/uploads\/2023\/06\/suoni-vita-malga-300x225.jpg' style='background-image:url(\"https:\/\/latemarium.com\/wp-content\/uploads\/2023\/06\/suoni-vita-malga-300x225.jpg\")' ><\/span><\/span><span class='evoet_c2 evoet_cx '><span class='evoet_dayblock evcal_cblock ' data-bgcolor='#b8d989' data-smon='August' data-syr='2026' data-bub=''><span class='evo_start '><em class='date'>02<\/em><em class='month'>Aug<\/em><em class='time'>15:20<\/em><\/span><\/span><\/span><span class='evoet_c3 evoet_cx evcal_desc hide_eventtopdata '><span class='evoet_title evcal_desc2 evcal_event_title ' itemprop='name'>Die Ger\u00e4usche und das Leben der Malga<\/span><span class='event_location_attrs'  data-location_address=\"Localit\u00e0 Pampeago, 8, 38038 Tesero TN\" data-location_type=\"lonlat\" data-location_name=\"Pampeago\" data-location_url=\"https:\/\/latemarium.com\/de\/event-location\/pampeago-de\/\" data-location_status=\"true\" data-latlng=\"46.34343697644898,11.540997527961546\"><\/span><span class='evoet_subtitle evo_below_title' ><\/span><span class='evoet_time_expand level_3'><em class='evcal_time evo_tz_time'><i class='fa fa-clock-o'><\/i>15:20<span class='evo_tz marl5'>(GMT+02:00)<\/span><\/em> <\/span><span class='evoet_location level_3'><em class=\"evcal_location\"  data-latlng=\"46.34343697644898,11.540997527961546\" data-add_str=\"Localit\u00e0 Pampeago, 8, 38038 Tesero TN\" data-n=\"Pampeago\"><i class=\"fa fa-location-pin\"><\/i><em class=\"event_location_name\">Pampeago<\/em>, Localit\u00e0 Pampeago, 8, 38038 Tesero TN<\/em><\/span><\/span><span class='evoet_data' data-d=\"{&quot;loc.n&quot;:&quot;Pampeago&quot;,&quot;orgs&quot;:[],&quot;tags&quot;:{&quot;repeating&quot;:&quot;Repeating Event&quot;}}\" data-bgc=\"#b8d989\" data-bggrad=\"\" ><\/span><\/a><\/p><div class='event_description evcal_eventcard ' style=\"display:none\"><div class='evocard_row'><div id='event_ftimage' class='evocard_box ftimage' data-c='' \n\t\t\t\t\tstyle=''><div class='evocard_main_image_hold' data-t='Loading Image..'><div class='evocard_main_image evo_img_triglb evobr15 evobgsc evobgpc evodfx evofx_jc_c evofx_ai_c evofz48 minmized' style='height:300px; background-image:url();' data-f=\"https:\/\/latemarium.com\/wp-content\/uploads\/2023\/06\/suoni-vita-malga.jpg\" data-h=\"796\" data-w=\"1062\" data-ratio=\"0.74952919020716\" data-event_id=\"2154\" data-ri=\"11\"  data-t='Loading Image..'><span style='height:300px; background-image:url(https:\/\/latemarium.com\/wp-content\/uploads\/2023\/06\/suoni-vita-malga.jpg)'><\/span><\/div><\/div><\/div><\/div><div class='evocard_row'><div id='event_eventdetails' class='evocard_box eventdetails' data-c='' \n\t\t\t\t\tstyle=''><div class='evo_metarow_details evorow evcal_evdata_row evcal_event_details'>\n\t\t<div class=\"event_excerpt\" style=\"display:none\"><h3 class=\"padb5 evo_h3\">Details zur Veranstaltung<\/h3><p>Treffpunkt am Parkplatz des Tresca-Sessellifts (mit dem Auto von Pampeago erreichbar &#8211; NUR f\u00fcr diejenigen, die die Aktivit\u00e4t buchen).\nNach einem kurzen Spaziergang zur Malga Pampeago entdecken Kinder und Eltern zwischen<\/p><\/div><span class='evcal_evdata_icons'><i class='fa fa-align-justify'><\/i><\/span>\n\t\t\n\t\t<div class='evcal_evdata_cell shorter_desc'>\n\t\t\t<div class='eventon_full_description'>\n\t\t\t\t<h3 class='padb5 evo_h3'><span class='evcal_evdata_icons'><i class='fa fa-align-justify'><\/i><\/span>Details zur Veranstaltung<\/h3>\n\t\t\t\t<div class='eventon_desc_in' itemprop='description'>\n\t\t\t\t<p>Treffpunkt am Parkplatz des Tresca-Sessellifts (mit dem Auto von Pampeago erreichbar &#8211; NUR f\u00fcr diejenigen, die die Aktivit\u00e4t buchen).<\/p>\n<p>Nach einem kurzen Spaziergang zur Malga Pampeago entdecken Kinder und Eltern zwischen K\u00fchen, K\u00e4lbern, Eseln und Schweinen den Alltag und die Ger\u00e4usche, die das Leben der Hirten pr\u00e4gen.<\/p>\n<p>Am Ende der Aktivit\u00e4t gibt es einen kleinen Snack, den die Kinder genie\u00dfen oder mit nach Hause nehmen k\u00f6nnen.<\/p>\n<p>Aktivit\u00e4t auch mit Kinderwagen m\u00f6glich. <a href=\"https:\/\/www.visitfiemme.it\/de\/veranstaltungen\/fiemme-cembra-guest-card\/erlebnisse\/erlebnisse-sommer\" target=\"_blank\" rel=\"noopener\">Reservierung erforderlich<\/a>.<\/p>\n<\/div><p class='eventon_shad_p' style='padding:5px 0 0; margin:0'>\n\t\t\t<span class='evcal_btn evo_btn_secondary evobtn_details_show_more' content='less'>\n\t\t\t\t<span class='ev_more_text' data-txt='Weniger'>Mehr<\/span><span class='ev_more_arrow ard'><\/span>\n\t\t\t<\/span>\n\t\t<\/p><div class='clear'><\/div>\n\t\t\t<\/div>\n\t\t<\/div>\n\t<\/div><\/div><\/div><div class='evocard_row bx2 bx'><div id='event_time' class='evocard_box time' data-c='' \n\t\t\t\t\tstyle=''><div class='evo_metarow_time evorow evcal_evdata_row evcal_evrow_sm '>\n\t\t<span class='evcal_evdata_icons'><i class='fa fa-clock'><\/i><\/span>\n\t\t<div class='evcal_evdata_cell'>\t\t\t\t\t\t\t\n\t\t\t<h3 class='evo_h3'><span class='evcal_evdata_icons'><i class='fa fa-clock'><\/i><\/span>Zeitplan<\/h3><p><span class='evo_eventcard_time_t'>2 August 2026 15:20<\/span><span class='evo_tz marr5'>(GMT+02:00)<\/span><\/p>\n\t\t<\/div>\n\t<\/div><\/div><div id='event_location' class='evocard_box location' data-c='' \n\t\t\t\t\tstyle=''><div class='evcal_evdata_row evo_metarow_time_location evorow '>\n\t\t\n\t\t\t<span class='evcal_evdata_icons'><i class='fa fa-map-marker'><\/i><\/span>\n\t\t\t<div class='evcal_evdata_cell' data-loc_tax_id='32'><h3 class='evo_h3 evodfx'><span class='evcal_evdata_icons'><i class='fa fa-map-marker'><\/i><\/span>Ort<\/h3><p class='evo_location_name'>Pampeago<\/p><p class='evo_location_address evodfxi evogap10'>Localit\u00e0 Pampeago, 8, 38038 Tesero TN<\/p><div class='padt10'><span class='evo_btn_arr evolb_trigger' data-lbvals=\"{&quot;lbc&quot;:&quot;evo_location_lb_32&quot;,&quot;lbac&quot;:&quot;lb_max&quot;,&quot;t&quot;:&quot;Pampeago&quot;,&quot;ajax&quot;:&quot;yes&quot;,&quot;ajax_type&quot;:&quot;endpoint&quot;,&quot;ajax_action&quot;:&quot;eventon_get_tax_card_content&quot;,&quot;end&quot;:&quot;client&quot;,&quot;d&quot;:{&quot;lang&quot;:&quot;L2&quot;,&quot;term_id&quot;:32,&quot;tax&quot;:&quot;event_location&quot;,&quot;load_lbcontent&quot;:true},&quot;uid&quot;:&quot;eventon_get_tax_card_content&quot;}\" >Other Events<i class='fa fa-chevron-right'><\/i><\/span><\/div><\/div>\n\t\t\n\t<\/div><\/div><\/div><div class='evocard_row'><div id='event_addtocal' class='evocard_box addtocal' data-c='' \n\t\t\t\t\tstyle=''><div class='evo_metarow_ICS evorow evcal_evdata_row'>\n\t\t\t<span class='evcal_evdata_icons'><i class='fa fa-calendar-o'><\/i><\/span>\n\t\t\t<div class='evcal_evdata_cell'>\n\t\t\t\t<p><a href='https:\/\/latemarium.com\/de\/export-events\/2154_11\/?nonce=7b34e59f7d' class='evo_ics_nCal' title='Zu Ihrem Kalender hinzuf\u00fcgen'>Kalender<\/a><a href='https:\/\/www.google.com\/calendar\/event?action=TEMPLATE&text=Die+Ger%C3%A4usche+und+das+Leben+der+Malga&dates=20260802T132000Z%2F20260802T215900Z&ctz=Europe%2FRome&details=Die Ger\u00e4usche und das Leben der Malga&location=Pampeago+Localit%C3%A0+Pampeago%2C+8%2C+38038+Tesero+TN' target='_blank' class='evo_ics_gCal' title='Zu Google Kalender hinzuf\u00fcgen'>GoogleCal<\/a><\/p>\t\n\t\t\t<\/div>\n\t\t<\/div><\/div><\/div><div class='evocard_row'><div id='event_getdirection' class='evocard_box getdirection' data-c='' \n\t\t\t\t\tstyle=''><div class='evo_metarow_getDr evorow evcal_evdata_row evcal_evrow_sm getdirections'>\n\t\t<form action='https:\/\/maps.google.com\/maps' method='get' target='_blank'>\n\t\t\t<input type='hidden' name='daddr' value=\"Localit\u00e0 Pampeago, 8, 38038 Tesero TN\"\/> \n\t\t\t<div class='evo_get_direction_content evo_fx_dr_r evogap10'>\n\t\t\t\t<span class='evogetdir_header evodfx evofx_dr_r evofx_ai_c marr10'>\n\t\t\t\t\t<i class='mainicon fa fa-road'><\/i> \n\t\t\t\t\t<h3 class='evo_h3' style='padding-bottom:5px;'>Wegbeschreibung abrufen<\/h3>\n\t\t\t\t<\/span>\n\t\t\t\t<span class='evogetdir_field evodfx evofx_1_1 evo_fx_dr_c evow100p'>\t\t\t\t\t\n\t\t\t\t\t<input class='evoInput evotac' type='text' name='saddr' placeholder='&quot;Geben Sie die Adresse ein' value='' style='margin:10px 0;'\/>\n\t\t\t\t<\/span>\n\t\t\t\t<button type='submit' class='evo_get_direction_button evo_btn_arr_circ dfx fx_ai_c' title='&quot;Klicken Sie hier'><i class='fa fa-chevron-right'><\/i> <\/button>\n\t\t\t<\/div>\n\t\t<\/form>\n\t<\/div><\/div><\/div><div class='evo_card_row_end evcal_close' title='Schlie\u00dfen'><\/div><\/div><div class='clear end'><\/div><\/div><div id=\"event_2116_5\" class=\"eventon_list_event evo_eventtop scheduled  event clrW no_et event_2116_5\" data-event_id=\"2116\" data-ri=\"5r\" data-time=\"1785742200-1785794340\" data-colr=\"#ffa024\" itemscope itemtype='http:\/\/schema.org\/Event'><div class=\"evo_event_schema\" style=\"display:none\" ><a itemprop='url'  href='https:\/\/latemarium.com\/de\/events\/geotrekking-monte-agnello\/var\/ri-5.l-L2'><\/a><meta itemprop='image' content=\"https:\/\/latemarium.com\/wp-content\/uploads\/2023\/06\/geotrail-monte-agnello.jpg\" \/><meta itemprop='startDate' content=\"2026-8-3T09:30+0:00\" \/><meta itemprop='endDate' content=\"2026-8-3T23:59+0:00\" \/><meta itemprop='eventStatus' content=\"https:\/\/schema.org\/EventScheduled\" \/><meta itemprop='eventAttendanceMode'   itemscope itemtype=\"https:\/\/schema.org\/OfflineEventAttendanceMode\"\/><div style=\"display:none\" itemprop=\"location\" itemscope itemtype=\"http:\/\/schema.org\/Place\"><span itemprop=\"name\">Bergh\u00fctte Monte Agnello<\/span><span itemprop=\"address\" itemscope itemtype=\"http:\/\/schema.org\/PostalAddress\"><item itemprop=\"streetAddress\">Loc. Pampeago, 9, 38038 Tesero TN<\/item><\/span><\/div><script type=\"application\/ld+json\">{\"@context\": \"http:\/\/schema.org\",\"@type\": \"Event\",\n\t\t\t\t\"@id\": \"event_2116_5\",\n\t\t\t\t\"eventAttendanceMode\":\"https:\/\/schema.org\/OfflineEventAttendanceMode\",\n\t\t\t\t\"eventStatus\":\"https:\/\/schema.org\/EventScheduled\",\n\t\t\t\t\"name\": \"Geotrekking Monte Agnello\",\n\t\t\t\t\"url\": \"https:\/\/latemarium.com\/de\/events\/geotrekking-monte-agnello\/var\/ri-5.l-L2\",\n\t\t\t\t\"startDate\": \"2026-8-3T09:30+0:00\",\n\t\t\t\t\"endDate\": \"2026-8-3T23:59+0:00\",\n\t\t\t\t\"image\":\"https:\/\/latemarium.com\/wp-content\/uploads\/2023\/06\/geotrail-monte-agnello.jpg\", \n\t\t\t\t\"description\":\"<p>Malerische geologische Route zur Entdeckung des antiken Vulkans Predazzo, gef\u00fchrt von einem erfahrenen Geologen und Medienbergf\u00fchrer.<\/p> <p>Ein Spaziergang auf den Spuren des Trias-Pompeji von Monte Agnello, wo Lava, Asche und Lapilli ein altes tropisches Atoll begruben.<\/p> <p>Die Route ist einfach, mit gut begehbaren Wegen, H\u00f6henunterschied ca. 350 Meter. Kostenlose Aktivit\u00e4t.<\/p> \",\"location\":[{\"@type\":\"Place\",\"name\":\"Bergh\u00fctte Monte Agnello\",\"address\":{\"@type\": \"PostalAddress\",\"streetAddress\":\"Loc. Pampeago, 9, 38038 Tesero TN\"}}]}<\/script><\/div>\r\n\t\t\t\t<p class=\"desc_trig_outter\" style=\"\"><a data-gmap_status=\"null\" data-exlk=\"0\" style=\"background-color: #ffa024;\" id=\"evc_17857422002116\" class=\"hasFtIMG event_repeat desc_trig sin_val evcal_list_a\" data-ux_val=\"3\" data-ux_val_mob=\"-\"  ><span class='evoet_c1 evoet_cx '><span class='ev_ftImg' data-img='https:\/\/latemarium.com\/wp-content\/uploads\/2023\/06\/geotrail-monte-agnello.jpg' data-thumb='https:\/\/latemarium.com\/wp-content\/uploads\/2023\/06\/geotrail-monte-agnello-300x240.jpg' style='background-image:url(\"https:\/\/latemarium.com\/wp-content\/uploads\/2023\/06\/geotrail-monte-agnello-300x240.jpg\")' ><\/span><\/span><span class='evoet_c2 evoet_cx '><span class='evoet_dayblock evcal_cblock ' data-bgcolor='#ffa024' data-smon='August' data-syr='2026' data-bub=''><span class='evo_start '><em class='date'>03<\/em><em class='month'>Aug<\/em><em class='time'>09:30<\/em><\/span><\/span><\/span><span class='evoet_c3 evoet_cx evcal_desc hide_eventtopdata '><span class='evoet_title evcal_desc2 evcal_event_title ' itemprop='name'>Geotrekking Monte Agnello<\/span><span class='event_location_attrs'  data-location_address=\"Loc. Pampeago, 9, 38038 Tesero TN\" data-location_type=\"lonlat\" data-location_name=\"Bergh\u00fctte Monte Agnello\" data-location_url=\"https:\/\/latemarium.com\/de\/event-location\/berghuette-monte-agnello\/\" data-location_status=\"true\" data-latlng=\"46.333809095680266,11.547693182509184\"><\/span><span class='evoet_subtitle evo_below_title' ><span class='evcal_event_subtitle ' >Geologische Route zur Entdeckung des antiken Vulkans Predazzo<\/span><\/span><span class='evoet_time_expand level_3'><em class='evcal_time evo_tz_time'><i class='fa fa-clock-o'><\/i>09:30<span class='evo_tz marl5'>(GMT+02:00)<\/span><\/em> <\/span><span class='evoet_location level_3'><em class=\"evcal_location\"  data-latlng=\"46.333809095680266,11.547693182509184\" data-add_str=\"Loc. Pampeago, 9, 38038 Tesero TN\" data-n=\"Bergh\u00fctte Monte Agnello\"><i class=\"fa fa-location-pin\"><\/i><em class=\"event_location_name\">Bergh\u00fctte Monte Agnello<\/em>, Loc. Pampeago, 9, 38038 Tesero TN<\/em><\/span><\/span><span class='evoet_data' data-d=\"{&quot;loc.n&quot;:&quot;Bergh\\u00fctte Monte Agnello&quot;,&quot;orgs&quot;:[],&quot;tags&quot;:{&quot;repeating&quot;:&quot;Repeating Event&quot;}}\" data-bgc=\"#ffa024\" data-bggrad=\"\" ><\/span><\/a><\/p><div class='event_description evcal_eventcard ' style=\"display:none\"><div class='evocard_row'><div id='event_ftimage' class='evocard_box ftimage' data-c='' \n\t\t\t\t\tstyle=''><div class='evocard_main_image_hold' data-t='Loading Image..'><div class='evocard_main_image evo_img_triglb evobr15 evobgsc evobgpc evodfx evofx_jc_c evofx_ai_c evofz48 minmized' style='height:300px; background-image:url();' data-f=\"https:\/\/latemarium.com\/wp-content\/uploads\/2023\/06\/geotrail-monte-agnello.jpg\" data-h=\"528\" data-w=\"661\" data-ratio=\"0.79878971255673\" data-event_id=\"2116\" data-ri=\"5\"  data-t='Loading Image..'><span style='height:300px; background-image:url(https:\/\/latemarium.com\/wp-content\/uploads\/2023\/06\/geotrail-monte-agnello.jpg)'><\/span><\/div><\/div><\/div><\/div><div class='evocard_row'><div id='event_eventdetails' class='evocard_box eventdetails' data-c='' \n\t\t\t\t\tstyle=''><div class='evo_metarow_details evorow evcal_evdata_row evcal_event_details'>\n\t\t<div class=\"event_excerpt\" style=\"display:none\"><h3 class=\"padb5 evo_h3\">Details zur Veranstaltung<\/h3><p>Malerische geologische Route zur Entdeckung des antiken Vulkans Predazzo, gef\u00fchrt von einem erfahrenen Geologen und Medienbergf\u00fchrer.\nEin Spaziergang auf den Spuren des Trias-Pompeji von Monte Agnello, wo Lava, Asche und Lapilli<\/p><\/div><span class='evcal_evdata_icons'><i class='fa fa-align-justify'><\/i><\/span>\n\t\t\n\t\t<div class='evcal_evdata_cell '>\n\t\t\t<div class='eventon_full_description'>\n\t\t\t\t<h3 class='padb5 evo_h3'><span class='evcal_evdata_icons'><i class='fa fa-align-justify'><\/i><\/span>Details zur Veranstaltung<\/h3>\n\t\t\t\t<div class='eventon_desc_in' itemprop='description'>\n\t\t\t\t<p>Malerische geologische Route zur Entdeckung des antiken Vulkans Predazzo, gef\u00fchrt von einem erfahrenen Geologen und Medienbergf\u00fchrer.<\/p>\n<p>Ein Spaziergang auf den Spuren des Trias-Pompeji von Monte Agnello, wo Lava, Asche und Lapilli ein altes tropisches Atoll begruben.<\/p>\n<p>Die Route ist einfach, mit gut begehbaren Wegen, H\u00f6henunterschied ca. 350 Meter. Kostenlose Aktivit\u00e4t.<\/p>\n<\/div><div class='clear'><\/div>\n\t\t\t<\/div>\n\t\t<\/div>\n\t<\/div><\/div><\/div><div class='evocard_row bx2 bx'><div id='event_time' class='evocard_box time' data-c='' \n\t\t\t\t\tstyle=''><div class='evo_metarow_time evorow evcal_evdata_row evcal_evrow_sm '>\n\t\t<span class='evcal_evdata_icons'><i class='fa fa-clock'><\/i><\/span>\n\t\t<div class='evcal_evdata_cell'>\t\t\t\t\t\t\t\n\t\t\t<h3 class='evo_h3'><span class='evcal_evdata_icons'><i class='fa fa-clock'><\/i><\/span>Zeitplan<\/h3><p><span class='evo_eventcard_time_t'>3 August 2026 09:30<\/span><span class='evo_tz marr5'>(GMT+02:00)<\/span><\/p>\n\t\t<\/div>\n\t<\/div><\/div><div id='event_location' class='evocard_box location' data-c='' \n\t\t\t\t\tstyle=''><div class='evcal_evdata_row evo_metarow_time_location evorow '>\n\t\t\n\t\t\t<span class='evcal_evdata_icons'><i class='fa fa-map-marker'><\/i><\/span>\n\t\t\t<div class='evcal_evdata_cell' data-loc_tax_id='25'><h3 class='evo_h3 evodfx'><span class='evcal_evdata_icons'><i class='fa fa-map-marker'><\/i><\/span><a target=\"_blank\" href=\"https:\/\/www.facebook.com\/profile.php?id=100064742944609\">Ort<\/a><\/h3><p class='evo_location_name'><a target=\"_blank\" href=\"https:\/\/www.facebook.com\/profile.php?id=100064742944609\">Bergh\u00fctte Monte Agnello<\/a><\/p><p class='evo_location_address evodfxi evogap10'><a target=\"_blank\" href=\"https:\/\/www.facebook.com\/profile.php?id=100064742944609\">Loc. Pampeago, 9, 38038 Tesero TN<\/a><\/p><div class='padt10'><span class='evo_btn_arr evolb_trigger' data-lbvals=\"{&quot;lbc&quot;:&quot;evo_location_lb_25&quot;,&quot;lbac&quot;:&quot;lb_max&quot;,&quot;t&quot;:&quot;Bergh\\u00fctte Monte Agnello&quot;,&quot;ajax&quot;:&quot;yes&quot;,&quot;ajax_type&quot;:&quot;endpoint&quot;,&quot;ajax_action&quot;:&quot;eventon_get_tax_card_content&quot;,&quot;end&quot;:&quot;client&quot;,&quot;d&quot;:{&quot;lang&quot;:&quot;L2&quot;,&quot;term_id&quot;:25,&quot;tax&quot;:&quot;event_location&quot;,&quot;load_lbcontent&quot;:true},&quot;uid&quot;:&quot;eventon_get_tax_card_content&quot;}\" >Other Events<i class='fa fa-chevron-right'><\/i><\/span><\/div><\/div>\n\t\t\n\t<\/div><\/div><\/div><div class='evocard_row bx2 bx'><div id='event_learnmore' class='evocard_box learnmore' data-c='' \n\t\t\t\t\tstyle=''><div class='evo_metarow_learnM evo_metarow_learnmore evorow'>\n\t\t\t\t\t\t\t<a class='evcal_evdata_row evo_clik_row ' href='https:\/\/latemarium.com\/de\/excursions\/detail\/geotrail-monte-agnello\/' target=\"_blank\">\n\t\t\t\t\t\t\t\t<span class='evcal_evdata_icons'><i class='fa fa-link'><\/i><\/span>\n\t\t\t\t\t\t\t\t<h3 class='evo_h3'>Entdecke mehr<\/h3>\n\t\t\t\t\t\t\t<\/a>\n\t\t\t\t\t\t\t<\/div><\/div><div id='event_addtocal' class='evocard_box addtocal' data-c='' \n\t\t\t\t\tstyle=''><div class='evo_metarow_ICS evorow evcal_evdata_row'>\n\t\t\t<span class='evcal_evdata_icons'><i class='fa fa-calendar-o'><\/i><\/span>\n\t\t\t<div class='evcal_evdata_cell'>\n\t\t\t\t<p><a href='https:\/\/latemarium.com\/de\/export-events\/2116_5\/?nonce=7b34e59f7d' class='evo_ics_nCal' title='Zu Ihrem Kalender hinzuf\u00fcgen'>Kalender<\/a><a href='https:\/\/www.google.com\/calendar\/event?action=TEMPLATE&text=Geotrekking+Monte+Agnello&dates=20260803T073000Z%2F20260803T215900Z&ctz=Europe%2FRome&details=Geotrekking Monte Agnello&location=Bergh%C3%BCtte+Monte+Agnello+Loc.+Pampeago%2C+9%2C+38038+Tesero+TN' target='_blank' class='evo_ics_gCal' title='Zu Google Kalender hinzuf\u00fcgen'>GoogleCal<\/a><\/p>\t\n\t\t\t<\/div>\n\t\t<\/div><\/div><\/div><div class='evocard_row'><div id='event_getdirection' class='evocard_box getdirection' data-c='' \n\t\t\t\t\tstyle=''><div class='evo_metarow_getDr evorow evcal_evdata_row evcal_evrow_sm getdirections'>\n\t\t<form action='https:\/\/maps.google.com\/maps' method='get' target='_blank'>\n\t\t\t<input type='hidden' name='daddr' value=\"46.333809095680266,11.547693182509184\"\/> \n\t\t\t<div class='evo_get_direction_content evo_fx_dr_r evogap10'>\n\t\t\t\t<span class='evogetdir_header evodfx evofx_dr_r evofx_ai_c marr10'>\n\t\t\t\t\t<i class='mainicon fa fa-road'><\/i> \n\t\t\t\t\t<h3 class='evo_h3' style='padding-bottom:5px;'>Wegbeschreibung abrufen<\/h3>\n\t\t\t\t<\/span>\n\t\t\t\t<span class='evogetdir_field evodfx evofx_1_1 evo_fx_dr_c evow100p'>\t\t\t\t\t\n\t\t\t\t\t<input class='evoInput evotac' type='text' name='saddr' placeholder='&quot;Geben Sie die Adresse ein' value='' style='margin:10px 0;'\/>\n\t\t\t\t<\/span>\n\t\t\t\t<button type='submit' class='evo_get_direction_button evo_btn_arr_circ dfx fx_ai_c' title='&quot;Klicken Sie hier'><i class='fa fa-chevron-right'><\/i> <\/button>\n\t\t\t<\/div>\n\t\t<\/form>\n\t<\/div><\/div><\/div><div class='evo_card_row_end evcal_close' title='Schlie\u00dfen'><\/div><\/div><div class='clear end'><\/div><\/div><div id=\"event_2140_9\" class=\"eventon_list_event evo_eventtop scheduled  event clrD no_et event_2140_9\" data-event_id=\"2140\" data-ri=\"9r\" data-time=\"1785747600-1785794340\" data-colr=\"#006290\" itemscope itemtype='http:\/\/schema.org\/Event'><div class=\"evo_event_schema\" style=\"display:none\" ><a itemprop='url'  href='https:\/\/latemarium.com\/de\/events\/wort-von-nikolaus-drache\/var\/ri-9.l-L2'><\/a><meta itemprop='image' content=\"https:\/\/latemarium.com\/wp-content\/uploads\/2023\/06\/foresta-dei-draghi-6.jpg\" \/><meta itemprop='startDate' content=\"2026-8-3T11:00+0:00\" \/><meta itemprop='endDate' content=\"2026-8-3T23:59+0:00\" \/><meta itemprop='eventStatus' content=\"https:\/\/schema.org\/EventScheduled\" \/><meta itemprop='eventAttendanceMode'   itemscope itemtype=\"https:\/\/schema.org\/OfflineEventAttendanceMode\"\/><script type=\"application\/ld+json\">{\"@context\": \"http:\/\/schema.org\",\"@type\": \"Event\",\n\t\t\t\t\"@id\": \"event_2140_9\",\n\t\t\t\t\"eventAttendanceMode\":\"https:\/\/schema.org\/OfflineEventAttendanceMode\",\n\t\t\t\t\"eventStatus\":\"https:\/\/schema.org\/EventScheduled\",\n\t\t\t\t\"name\": \"Wort von Nikolaus Drache\",\n\t\t\t\t\"url\": \"https:\/\/latemarium.com\/de\/events\/wort-von-nikolaus-drache\/var\/ri-9.l-L2\",\n\t\t\t\t\"startDate\": \"2026-8-3T11:00+0:00\",\n\t\t\t\t\"endDate\": \"2026-8-3T23:59+0:00\",\n\t\t\t\t\"image\":\"https:\/\/latemarium.com\/wp-content\/uploads\/2023\/06\/foresta-dei-draghi-6.jpg\", \n\t\t\t\t\"description\":\"<p>Sie springen, sie rennen, sie krabbeln, sie fliegen! Doch\u2026 sie sind nicht leicht zu sehen! Sie wissen sich gut zu verstecken \u2026 die schuppigen Schleicher! Wer sind sie? Aber die Drachen von Latemar! Einen zu treffen, und sei es nur einer, wird ein wunderbares Erlebnis sein! Ein Wort von Nikolaus Drache.<\/p> <p>Immer sonntags umd montags, vom 5. Juli bis zum 24. August 2026<br \/> bei der Bergstation der Gondelbahn Predazzo \u2013 Gardon\u00e8<br \/> um 11.00 und um 14.45 Uhr<br \/> F\u00fcr Familien mit Kindern ab 2 Jahren geeignet (Dauer: 1h30\u2018)<br \/> Vorstellung auf Italienisch<\/p> <p>&nbsp;<\/p> \"}<\/script><\/div>\r\n\t\t\t\t<p class=\"desc_trig_outter\" style=\"\"><a data-gmap_status=\"null\" data-exlk=\"0\" style=\"background-color: #006290;\" id=\"evc_17857476002140\" class=\"hasFtIMG event_repeat desc_trig sin_val evcal_list_a\" data-ux_val=\"3\" data-ux_val_mob=\"-\"  ><span class='evoet_c1 evoet_cx '><span class='ev_ftImg' data-img='https:\/\/latemarium.com\/wp-content\/uploads\/2023\/06\/foresta-dei-draghi-6.jpg' data-thumb='https:\/\/latemarium.com\/wp-content\/uploads\/2023\/06\/foresta-dei-draghi-6-300x200.jpg' style='background-image:url(\"https:\/\/latemarium.com\/wp-content\/uploads\/2023\/06\/foresta-dei-draghi-6-300x200.jpg\")' ><\/span><\/span><span class='evoet_c2 evoet_cx '><span class='evoet_dayblock evcal_cblock ' data-bgcolor='#006290' data-smon='August' data-syr='2026' data-bub=''><span class='evo_start '><em class='date'>03<\/em><em class='month'>Aug<\/em><em class='time'>11:00<\/em><\/span><\/span><\/span><span class='evoet_c3 evoet_cx evcal_desc hide_eventtopdata '><span class='evoet_title evcal_desc2 evcal_event_title ' itemprop='name'>Wort von Nikolaus Drache<\/span><span class='event_location_attrs' data-location_type=\"lonlat\" data-location_name=\"Seilbahn Ankunft Predazzo-Gardon\u00e8\" data-location_url=\"https:\/\/latemarium.com\/de\/event-location\/seilbahn-ankunft-predazzo-gardone\/\" data-location_status=\"true\" data-latlng=\"46.32878794406342,11.600176728690842\"><\/span><span class='evoet_subtitle evo_below_title' ><span class='evcal_event_subtitle ' >DER DRACHENWALD<\/span><\/span><span class='evoet_time_expand level_3'><em class='evcal_time evo_tz_time'><i class='fa fa-clock-o'><\/i>11:00<span class='evo_tz marl5'>(GMT+02:00)<\/span><\/em> <\/span><span class='evoet_location level_3'><em class=\"evcal_location\"  data-latlng=\"46.32878794406342,11.600176728690842\" data-add_str=\"\" data-n=\"Seilbahn Ankunft Predazzo-Gardon\u00e8\"><i class=\"fa fa-location-pin\"><\/i><em class=\"event_location_name\">Seilbahn Ankunft Predazzo-Gardon\u00e8<\/em><\/em><\/span><\/span><span class='evoet_data' data-d=\"{&quot;loc.n&quot;:&quot;Seilbahn Ankunft Predazzo-Gardon\\u00e8&quot;,&quot;orgs&quot;:[],&quot;tags&quot;:{&quot;repeating&quot;:&quot;Repeating Event&quot;}}\" data-bgc=\"#006290\" data-bggrad=\"\" ><\/span><\/a><\/p><div class='event_description evcal_eventcard ' style=\"display:none\"><div class='evocard_row'><div id='event_ftimage' class='evocard_box ftimage' data-c='' \n\t\t\t\t\tstyle=''><div class='evocard_main_image_hold' data-t='Loading Image..'><div class='evocard_main_image evo_img_triglb evobr15 evobgsc evobgpc evodfx evofx_jc_c evofx_ai_c evofz48 minmized' style='height:300px; background-image:url();' data-f=\"https:\/\/latemarium.com\/wp-content\/uploads\/2023\/06\/foresta-dei-draghi-6.jpg\" data-h=\"800\" data-w=\"1200\" data-ratio=\"0.66666666666667\" data-event_id=\"2140\" data-ri=\"9\"  data-t='Loading Image..'><span style='height:300px; background-image:url(https:\/\/latemarium.com\/wp-content\/uploads\/2023\/06\/foresta-dei-draghi-6.jpg)'><\/span><\/div><\/div><\/div><\/div><div class='evocard_row'><div id='event_eventdetails' class='evocard_box eventdetails' data-c='' \n\t\t\t\t\tstyle=''><div class='evo_metarow_details evorow evcal_evdata_row evcal_event_details'>\n\t\t<div class=\"event_excerpt\" style=\"display:none\"><h3 class=\"padb5 evo_h3\">Details zur Veranstaltung<\/h3><p>Sie springen, sie rennen, sie krabbeln, sie fliegen! Doch\u2026 sie sind nicht leicht zu sehen! Sie wissen sich gut zu verstecken \u2026 die schuppigen Schleicher! Wer sind sie? Aber die<\/p><\/div><span class='evcal_evdata_icons'><i class='fa fa-align-justify'><\/i><\/span>\n\t\t\n\t\t<div class='evcal_evdata_cell '>\n\t\t\t<div class='eventon_full_description'>\n\t\t\t\t<h3 class='padb5 evo_h3'><span class='evcal_evdata_icons'><i class='fa fa-align-justify'><\/i><\/span>Details zur Veranstaltung<\/h3>\n\t\t\t\t<div class='eventon_desc_in' itemprop='description'>\n\t\t\t\t<p>Sie springen, sie rennen, sie krabbeln, sie fliegen! Doch\u2026 sie sind nicht leicht zu sehen! Sie wissen sich gut zu verstecken \u2026 die schuppigen Schleicher! Wer sind sie? Aber die Drachen von Latemar! Einen zu treffen, und sei es nur einer, wird ein wunderbares Erlebnis sein! Ein Wort von Nikolaus Drache.<\/p>\n<p>Immer sonntags umd montags, vom 5. Juli bis zum 24. August 2026<br \/>\nbei der Bergstation der Gondelbahn Predazzo \u2013 Gardon\u00e8<br \/>\num 11.00 und um 14.45 Uhr<br \/>\nF\u00fcr Familien mit Kindern ab 2 Jahren geeignet (Dauer: 1h30\u2018)<br \/>\nVorstellung auf Italienisch<\/p>\n<p>&nbsp;<\/p>\n<\/div><div class='clear'><\/div>\n\t\t\t<\/div>\n\t\t<\/div>\n\t<\/div><\/div><\/div><div class='evocard_row bx2 bx'><div id='event_time' class='evocard_box time' data-c='' \n\t\t\t\t\tstyle=''><div class='evo_metarow_time evorow evcal_evdata_row evcal_evrow_sm '>\n\t\t<span class='evcal_evdata_icons'><i class='fa fa-clock'><\/i><\/span>\n\t\t<div class='evcal_evdata_cell'>\t\t\t\t\t\t\t\n\t\t\t<h3 class='evo_h3'><span class='evcal_evdata_icons'><i class='fa fa-clock'><\/i><\/span>Zeitplan<\/h3><p><span class='evo_eventcard_time_t'>3 August 2026 11:00<\/span><span class='evo_tz marr5'>(GMT+02:00)<\/span><\/p>\n\t\t<\/div>\n\t<\/div><\/div><div id='event_location' class='evocard_box location' data-c='' \n\t\t\t\t\tstyle=''><div class='evcal_evdata_row evo_metarow_time_location evorow '>\n\t\t\n\t\t\t<span class='evcal_evdata_icons'><i class='fa fa-map-marker'><\/i><\/span>\n\t\t\t<div class='evcal_evdata_cell' data-loc_tax_id='36'><h3 class='evo_h3 evodfx'><span class='evcal_evdata_icons'><i class='fa fa-map-marker'><\/i><\/span>Ort<\/h3><p class='evo_location_name'>Seilbahn Ankunft Predazzo-Gardon\u00e8<\/p><div class='padt10'><span class='evo_btn_arr evolb_trigger' data-lbvals=\"{&quot;lbc&quot;:&quot;evo_location_lb_36&quot;,&quot;lbac&quot;:&quot;lb_max&quot;,&quot;t&quot;:&quot;Seilbahn Ankunft Predazzo-Gardon\\u00e8&quot;,&quot;ajax&quot;:&quot;yes&quot;,&quot;ajax_type&quot;:&quot;endpoint&quot;,&quot;ajax_action&quot;:&quot;eventon_get_tax_card_content&quot;,&quot;end&quot;:&quot;client&quot;,&quot;d&quot;:{&quot;lang&quot;:&quot;L2&quot;,&quot;term_id&quot;:36,&quot;tax&quot;:&quot;event_location&quot;,&quot;load_lbcontent&quot;:true},&quot;uid&quot;:&quot;eventon_get_tax_card_content&quot;}\" >Other Events<i class='fa fa-chevron-right'><\/i><\/span><\/div><\/div>\n\t\t\n\t<\/div><\/div><\/div><div class='evocard_row bx2 bx'><div id='event_learnmore' class='evocard_box learnmore' data-c='' \n\t\t\t\t\tstyle=''><div class='evo_metarow_learnM evo_metarow_learnmore evorow'>\n\t\t\t\t\t\t\t<a class='evcal_evdata_row evo_clik_row ' href='https:\/\/www.montagnanimata.it\/de\/spektakel\/' target=\"_blank\">\n\t\t\t\t\t\t\t\t<span class='evcal_evdata_icons'><i class='fa fa-link'><\/i><\/span>\n\t\t\t\t\t\t\t\t<h3 class='evo_h3'>Entdecke mehr<\/h3>\n\t\t\t\t\t\t\t<\/a>\n\t\t\t\t\t\t\t<\/div><\/div><div id='event_addtocal' class='evocard_box addtocal' data-c='' \n\t\t\t\t\tstyle=''><div class='evo_metarow_ICS evorow evcal_evdata_row'>\n\t\t\t<span class='evcal_evdata_icons'><i class='fa fa-calendar-o'><\/i><\/span>\n\t\t\t<div class='evcal_evdata_cell'>\n\t\t\t\t<p><a href='https:\/\/latemarium.com\/de\/export-events\/2140_9\/?nonce=7b34e59f7d' class='evo_ics_nCal' title='Zu Ihrem Kalender hinzuf\u00fcgen'>Kalender<\/a><a href='https:\/\/www.google.com\/calendar\/event?action=TEMPLATE&text=Wort+von+Nikolaus+Drache&dates=20260803T090000Z%2F20260803T215900Z&ctz=Europe%2FRome&details=Wort von Nikolaus Drache&location=Seilbahn+Ankunft+Predazzo-Gardon%C3%A8' target='_blank' class='evo_ics_gCal' title='Zu Google Kalender hinzuf\u00fcgen'>GoogleCal<\/a><\/p>\t\n\t\t\t<\/div>\n\t\t<\/div><\/div><\/div><div class='evocard_row'><div id='event_getdirection' class='evocard_box getdirection' data-c='' \n\t\t\t\t\tstyle=''><div class='evo_metarow_getDr evorow evcal_evdata_row evcal_evrow_sm getdirections'>\n\t\t<form action='https:\/\/maps.google.com\/maps' method='get' target='_blank'>\n\t\t\t<input type='hidden' name='daddr' value=\"46.32878794406342,11.600176728690842\"\/> \n\t\t\t<div class='evo_get_direction_content evo_fx_dr_r evogap10'>\n\t\t\t\t<span class='evogetdir_header evodfx evofx_dr_r evofx_ai_c marr10'>\n\t\t\t\t\t<i class='mainicon fa fa-road'><\/i> \n\t\t\t\t\t<h3 class='evo_h3' style='padding-bottom:5px;'>Wegbeschreibung abrufen<\/h3>\n\t\t\t\t<\/span>\n\t\t\t\t<span class='evogetdir_field evodfx evofx_1_1 evo_fx_dr_c evow100p'>\t\t\t\t\t\n\t\t\t\t\t<input class='evoInput evotac' type='text' name='saddr' placeholder='&quot;Geben Sie die Adresse ein' value='' style='margin:10px 0;'\/>\n\t\t\t\t<\/span>\n\t\t\t\t<button type='submit' class='evo_get_direction_button evo_btn_arr_circ dfx fx_ai_c' title='&quot;Klicken Sie hier'><i class='fa fa-chevron-right'><\/i> <\/button>\n\t\t\t<\/div>\n\t\t<\/form>\n\t<\/div><\/div><\/div><div class='evo_card_row_end evcal_close' title='Schlie\u00dfen'><\/div><\/div><div class='clear end'><\/div><\/div><div id=\"event_2154_12\" class=\"eventon_list_event evo_eventtop scheduled  event clrW no_et event_2154_12\" data-event_id=\"2154\" data-ri=\"12r\" data-time=\"1785763200-1785794340\" data-colr=\"#b8d989\" itemscope itemtype='http:\/\/schema.org\/Event'><div class=\"evo_event_schema\" style=\"display:none\" ><a itemprop='url'  href='https:\/\/latemarium.com\/de\/events\/die-geraeusche-und-das-leben-der-malga\/var\/ri-12.l-L2'><\/a><meta itemprop='image' content=\"https:\/\/latemarium.com\/wp-content\/uploads\/2023\/06\/suoni-vita-malga.jpg\" \/><meta itemprop='startDate' content=\"2026-8-3T15:20+0:00\" \/><meta itemprop='endDate' content=\"2026-8-3T23:59+0:00\" \/><meta itemprop='eventStatus' content=\"https:\/\/schema.org\/EventScheduled\" \/><meta itemprop='eventAttendanceMode'   itemscope itemtype=\"https:\/\/schema.org\/OfflineEventAttendanceMode\"\/><div style=\"display:none\" itemprop=\"location\" itemscope itemtype=\"http:\/\/schema.org\/Place\"><span itemprop=\"name\">Pampeago<\/span><span itemprop=\"address\" itemscope itemtype=\"http:\/\/schema.org\/PostalAddress\"><item itemprop=\"streetAddress\">Localit\u00e0 Pampeago, 8, 38038 Tesero TN<\/item><\/span><\/div><script type=\"application\/ld+json\">{\"@context\": \"http:\/\/schema.org\",\"@type\": \"Event\",\n\t\t\t\t\"@id\": \"event_2154_12\",\n\t\t\t\t\"eventAttendanceMode\":\"https:\/\/schema.org\/OfflineEventAttendanceMode\",\n\t\t\t\t\"eventStatus\":\"https:\/\/schema.org\/EventScheduled\",\n\t\t\t\t\"name\": \"Die Ger\u00e4usche und das Leben der Malga\",\n\t\t\t\t\"url\": \"https:\/\/latemarium.com\/de\/events\/die-geraeusche-und-das-leben-der-malga\/var\/ri-12.l-L2\",\n\t\t\t\t\"startDate\": \"2026-8-3T15:20+0:00\",\n\t\t\t\t\"endDate\": \"2026-8-3T23:59+0:00\",\n\t\t\t\t\"image\":\"https:\/\/latemarium.com\/wp-content\/uploads\/2023\/06\/suoni-vita-malga.jpg\", \n\t\t\t\t\"description\":\"<p>Treffpunkt am Parkplatz des Tresca-Sessellifts (mit dem Auto von Pampeago erreichbar &#8211; NUR f\u00fcr diejenigen, die die Aktivit\u00e4t buchen).<\/p> <p>Nach einem kurzen Spaziergang zur Malga Pampeago entdecken Kinder und Eltern zwischen K\u00fchen, K\u00e4lbern, Eseln und Schweinen den Alltag und die Ger\u00e4usche, die das Leben der Hirten pr\u00e4gen.<\/p> <p>Am Ende der Aktivit\u00e4t gibt es einen kleinen Snack, den die Kinder genie\u00dfen oder mit nach Hause nehmen k\u00f6nnen.<\/p> <p>Aktivit\u00e4t auch mit Kinderwagen m\u00f6glich. <a href='https:\/\/www.visitfiemme.it\/de\/veranstaltungen\/fiemme-cembra-guest-card\/erlebnisse\/erlebnisse-sommer' target='_blank' rel='noopener'>Reservierung erforderlich<\/a>.<\/p> \",\"location\":[{\"@type\":\"Place\",\"name\":\"Pampeago\",\"address\":{\"@type\": \"PostalAddress\",\"streetAddress\":\"Localit\u00e0 Pampeago, 8, 38038 Tesero TN\"}}]}<\/script><\/div>\r\n\t\t\t\t<p class=\"desc_trig_outter\" style=\"\"><a data-gmap_status=\"null\" data-exlk=\"0\" style=\"background-color: #b8d989;\" id=\"evc_17857632002154\" class=\"hasFtIMG event_repeat desc_trig sin_val evcal_list_a\" data-ux_val=\"3\" data-ux_val_mob=\"-\"  ><span class='evoet_c1 evoet_cx '><span class='ev_ftImg' data-img='https:\/\/latemarium.com\/wp-content\/uploads\/2023\/06\/suoni-vita-malga.jpg' data-thumb='https:\/\/latemarium.com\/wp-content\/uploads\/2023\/06\/suoni-vita-malga-300x225.jpg' style='background-image:url(\"https:\/\/latemarium.com\/wp-content\/uploads\/2023\/06\/suoni-vita-malga-300x225.jpg\")' ><\/span><\/span><span class='evoet_c2 evoet_cx '><span class='evoet_dayblock evcal_cblock ' data-bgcolor='#b8d989' data-smon='August' data-syr='2026' data-bub=''><span class='evo_start '><em class='date'>03<\/em><em class='month'>Aug<\/em><em class='time'>15:20<\/em><\/span><\/span><\/span><span class='evoet_c3 evoet_cx evcal_desc hide_eventtopdata '><span class='evoet_title evcal_desc2 evcal_event_title ' itemprop='name'>Die Ger\u00e4usche und das Leben der Malga<\/span><span class='event_location_attrs'  data-location_address=\"Localit\u00e0 Pampeago, 8, 38038 Tesero TN\" data-location_type=\"lonlat\" data-location_name=\"Pampeago\" data-location_url=\"https:\/\/latemarium.com\/de\/event-location\/pampeago-de\/\" data-location_status=\"true\" data-latlng=\"46.34343697644898,11.540997527961546\"><\/span><span class='evoet_subtitle evo_below_title' ><\/span><span class='evoet_time_expand level_3'><em class='evcal_time evo_tz_time'><i class='fa fa-clock-o'><\/i>15:20<span class='evo_tz marl5'>(GMT+02:00)<\/span><\/em> <\/span><span class='evoet_location level_3'><em class=\"evcal_location\"  data-latlng=\"46.34343697644898,11.540997527961546\" data-add_str=\"Localit\u00e0 Pampeago, 8, 38038 Tesero TN\" data-n=\"Pampeago\"><i class=\"fa fa-location-pin\"><\/i><em class=\"event_location_name\">Pampeago<\/em>, Localit\u00e0 Pampeago, 8, 38038 Tesero TN<\/em><\/span><\/span><span class='evoet_data' data-d=\"{&quot;loc.n&quot;:&quot;Pampeago&quot;,&quot;orgs&quot;:[],&quot;tags&quot;:{&quot;repeating&quot;:&quot;Repeating Event&quot;}}\" data-bgc=\"#b8d989\" data-bggrad=\"\" ><\/span><\/a><\/p><div class='event_description evcal_eventcard ' style=\"display:none\"><div class='evocard_row'><div id='event_ftimage' class='evocard_box ftimage' data-c='' \n\t\t\t\t\tstyle=''><div class='evocard_main_image_hold' data-t='Loading Image..'><div class='evocard_main_image evo_img_triglb evobr15 evobgsc evobgpc evodfx evofx_jc_c evofx_ai_c evofz48 minmized' style='height:300px; background-image:url();' data-f=\"https:\/\/latemarium.com\/wp-content\/uploads\/2023\/06\/suoni-vita-malga.jpg\" data-h=\"796\" data-w=\"1062\" data-ratio=\"0.74952919020716\" data-event_id=\"2154\" data-ri=\"12\"  data-t='Loading Image..'><span style='height:300px; background-image:url(https:\/\/latemarium.com\/wp-content\/uploads\/2023\/06\/suoni-vita-malga.jpg)'><\/span><\/div><\/div><\/div><\/div><div class='evocard_row'><div id='event_eventdetails' class='evocard_box eventdetails' data-c='' \n\t\t\t\t\tstyle=''><div class='evo_metarow_details evorow evcal_evdata_row evcal_event_details'>\n\t\t<div class=\"event_excerpt\" style=\"display:none\"><h3 class=\"padb5 evo_h3\">Details zur Veranstaltung<\/h3><p>Treffpunkt am Parkplatz des Tresca-Sessellifts (mit dem Auto von Pampeago erreichbar &#8211; NUR f\u00fcr diejenigen, die die Aktivit\u00e4t buchen).\nNach einem kurzen Spaziergang zur Malga Pampeago entdecken Kinder und Eltern zwischen<\/p><\/div><span class='evcal_evdata_icons'><i class='fa fa-align-justify'><\/i><\/span>\n\t\t\n\t\t<div class='evcal_evdata_cell shorter_desc'>\n\t\t\t<div class='eventon_full_description'>\n\t\t\t\t<h3 class='padb5 evo_h3'><span class='evcal_evdata_icons'><i class='fa fa-align-justify'><\/i><\/span>Details zur Veranstaltung<\/h3>\n\t\t\t\t<div class='eventon_desc_in' itemprop='description'>\n\t\t\t\t<p>Treffpunkt am Parkplatz des Tresca-Sessellifts (mit dem Auto von Pampeago erreichbar &#8211; NUR f\u00fcr diejenigen, die die Aktivit\u00e4t buchen).<\/p>\n<p>Nach einem kurzen Spaziergang zur Malga Pampeago entdecken Kinder und Eltern zwischen K\u00fchen, K\u00e4lbern, Eseln und Schweinen den Alltag und die Ger\u00e4usche, die das Leben der Hirten pr\u00e4gen.<\/p>\n<p>Am Ende der Aktivit\u00e4t gibt es einen kleinen Snack, den die Kinder genie\u00dfen oder mit nach Hause nehmen k\u00f6nnen.<\/p>\n<p>Aktivit\u00e4t auch mit Kinderwagen m\u00f6glich. <a href=\"https:\/\/www.visitfiemme.it\/de\/veranstaltungen\/fiemme-cembra-guest-card\/erlebnisse\/erlebnisse-sommer\" target=\"_blank\" rel=\"noopener\">Reservierung erforderlich<\/a>.<\/p>\n<\/div><p class='eventon_shad_p' style='padding:5px 0 0; margin:0'>\n\t\t\t<span class='evcal_btn evo_btn_secondary evobtn_details_show_more' content='less'>\n\t\t\t\t<span class='ev_more_text' data-txt='Weniger'>Mehr<\/span><span class='ev_more_arrow ard'><\/span>\n\t\t\t<\/span>\n\t\t<\/p><div class='clear'><\/div>\n\t\t\t<\/div>\n\t\t<\/div>\n\t<\/div><\/div><\/div><div class='evocard_row bx2 bx'><div id='event_time' class='evocard_box time' data-c='' \n\t\t\t\t\tstyle=''><div class='evo_metarow_time evorow evcal_evdata_row evcal_evrow_sm '>\n\t\t<span class='evcal_evdata_icons'><i class='fa fa-clock'><\/i><\/span>\n\t\t<div class='evcal_evdata_cell'>\t\t\t\t\t\t\t\n\t\t\t<h3 class='evo_h3'><span class='evcal_evdata_icons'><i class='fa fa-clock'><\/i><\/span>Zeitplan<\/h3><p><span class='evo_eventcard_time_t'>3 August 2026 15:20<\/span><span class='evo_tz marr5'>(GMT+02:00)<\/span><\/p>\n\t\t<\/div>\n\t<\/div><\/div><div id='event_location' class='evocard_box location' data-c='' \n\t\t\t\t\tstyle=''><div class='evcal_evdata_row evo_metarow_time_location evorow '>\n\t\t\n\t\t\t<span class='evcal_evdata_icons'><i class='fa fa-map-marker'><\/i><\/span>\n\t\t\t<div class='evcal_evdata_cell' data-loc_tax_id='32'><h3 class='evo_h3 evodfx'><span class='evcal_evdata_icons'><i class='fa fa-map-marker'><\/i><\/span>Ort<\/h3><p class='evo_location_name'>Pampeago<\/p><p class='evo_location_address evodfxi evogap10'>Localit\u00e0 Pampeago, 8, 38038 Tesero TN<\/p><div class='padt10'><span class='evo_btn_arr evolb_trigger' data-lbvals=\"{&quot;lbc&quot;:&quot;evo_location_lb_32&quot;,&quot;lbac&quot;:&quot;lb_max&quot;,&quot;t&quot;:&quot;Pampeago&quot;,&quot;ajax&quot;:&quot;yes&quot;,&quot;ajax_type&quot;:&quot;endpoint&quot;,&quot;ajax_action&quot;:&quot;eventon_get_tax_card_content&quot;,&quot;end&quot;:&quot;client&quot;,&quot;d&quot;:{&quot;lang&quot;:&quot;L2&quot;,&quot;term_id&quot;:32,&quot;tax&quot;:&quot;event_location&quot;,&quot;load_lbcontent&quot;:true},&quot;uid&quot;:&quot;eventon_get_tax_card_content&quot;}\" >Other Events<i class='fa fa-chevron-right'><\/i><\/span><\/div><\/div>\n\t\t\n\t<\/div><\/div><\/div><div class='evocard_row'><div id='event_addtocal' class='evocard_box addtocal' data-c='' \n\t\t\t\t\tstyle=''><div class='evo_metarow_ICS evorow evcal_evdata_row'>\n\t\t\t<span class='evcal_evdata_icons'><i class='fa fa-calendar-o'><\/i><\/span>\n\t\t\t<div class='evcal_evdata_cell'>\n\t\t\t\t<p><a href='https:\/\/latemarium.com\/de\/export-events\/2154_12\/?nonce=7b34e59f7d' class='evo_ics_nCal' title='Zu Ihrem Kalender hinzuf\u00fcgen'>Kalender<\/a><a href='https:\/\/www.google.com\/calendar\/event?action=TEMPLATE&text=Die+Ger%C3%A4usche+und+das+Leben+der+Malga&dates=20260803T132000Z%2F20260803T215900Z&ctz=Europe%2FRome&details=Die Ger\u00e4usche und das Leben der Malga&location=Pampeago+Localit%C3%A0+Pampeago%2C+8%2C+38038+Tesero+TN' target='_blank' class='evo_ics_gCal' title='Zu Google Kalender hinzuf\u00fcgen'>GoogleCal<\/a><\/p>\t\n\t\t\t<\/div>\n\t\t<\/div><\/div><\/div><div class='evocard_row'><div id='event_getdirection' class='evocard_box getdirection' data-c='' \n\t\t\t\t\tstyle=''><div class='evo_metarow_getDr evorow evcal_evdata_row evcal_evrow_sm getdirections'>\n\t\t<form action='https:\/\/maps.google.com\/maps' method='get' target='_blank'>\n\t\t\t<input type='hidden' name='daddr' value=\"Localit\u00e0 Pampeago, 8, 38038 Tesero TN\"\/> \n\t\t\t<div class='evo_get_direction_content evo_fx_dr_r evogap10'>\n\t\t\t\t<span class='evogetdir_header evodfx evofx_dr_r evofx_ai_c marr10'>\n\t\t\t\t\t<i class='mainicon fa fa-road'><\/i> \n\t\t\t\t\t<h3 class='evo_h3' style='padding-bottom:5px;'>Wegbeschreibung abrufen<\/h3>\n\t\t\t\t<\/span>\n\t\t\t\t<span class='evogetdir_field evodfx evofx_1_1 evo_fx_dr_c evow100p'>\t\t\t\t\t\n\t\t\t\t\t<input class='evoInput evotac' type='text' name='saddr' placeholder='&quot;Geben Sie die Adresse ein' value='' style='margin:10px 0;'\/>\n\t\t\t\t<\/span>\n\t\t\t\t<button type='submit' class='evo_get_direction_button evo_btn_arr_circ dfx fx_ai_c' title='&quot;Klicken Sie hier'><i class='fa fa-chevron-right'><\/i> <\/button>\n\t\t\t<\/div>\n\t\t<\/form>\n\t<\/div><\/div><\/div><div class='evo_card_row_end evcal_close' title='Schlie\u00dfen'><\/div><\/div><div class='clear end'><\/div><\/div><div id=\"event_2489_6\" class=\"eventon_list_event evo_eventtop scheduled  event clrD no_et event_2489_6\" data-event_id=\"2489\" data-ri=\"6r\" data-time=\"1785828600-1785880740\" data-colr=\"#38823b\" itemscope itemtype='http:\/\/schema.org\/Event'><div class=\"evo_event_schema\" style=\"display:none\" ><a itemprop='url'  href='https:\/\/latemarium.com\/de\/events\/respirart-kunst-und-natur\/var\/ri-6.l-L2'><\/a><meta itemprop='image' content=\"https:\/\/latemarium.com\/wp-content\/uploads\/2023\/06\/respirart-respiro-arte-natura.jpg\" \/><meta itemprop='startDate' content=\"2026-8-4T09:30+0:00\" \/><meta itemprop='endDate' content=\"2026-8-4T23:59+0:00\" \/><meta itemprop='eventStatus' content=\"https:\/\/schema.org\/EventScheduled\" \/><meta itemprop='eventAttendanceMode'   itemscope itemtype=\"https:\/\/schema.org\/OfflineEventAttendanceMode\"\/><div style=\"display:none\" itemprop=\"location\" itemscope itemtype=\"http:\/\/schema.org\/Place\"><span itemprop=\"name\">Pampeago<\/span><span itemprop=\"address\" itemscope itemtype=\"http:\/\/schema.org\/PostalAddress\"><item itemprop=\"streetAddress\">Localit\u00e0 Pampeago, 8, 38038 Tesero TN<\/item><\/span><\/div><script type=\"application\/ld+json\">{\"@context\": \"http:\/\/schema.org\",\"@type\": \"Event\",\n\t\t\t\t\"@id\": \"event_2489_6\",\n\t\t\t\t\"eventAttendanceMode\":\"https:\/\/schema.org\/OfflineEventAttendanceMode\",\n\t\t\t\t\"eventStatus\":\"https:\/\/schema.org\/EventScheduled\",\n\t\t\t\t\"name\": \"Respirart: Kunst und Natur\",\n\t\t\t\t\"url\": \"https:\/\/latemarium.com\/de\/events\/respirart-kunst-und-natur\/var\/ri-6.l-L2\",\n\t\t\t\t\"startDate\": \"2026-8-4T09:30+0:00\",\n\t\t\t\t\"endDate\": \"2026-8-4T23:59+0:00\",\n\t\t\t\t\"image\":\"https:\/\/latemarium.com\/wp-content\/uploads\/2023\/06\/respirart-respiro-arte-natura.jpg\", \n\t\t\t\t\"description\":\"<h2>Kunst in der H\u00f6he: Entdeckungsreise durch RespirArt zwischen Natur und Installationen<\/h2> <p><span data-sheets-value='{&quot;1&quot;:2,&quot;2&quot;:&quot;Es beginnt um 9.30 Uhr vor dem Agnello-Sessellift-Seminovia, wo Sie den k\u00fcnstlerischen F\u00fchrer treffen, der Ihnen die Samen liefert und Sie bei der Aussaat von Blumen von oben begleitet, um Blumen zu erzeugen und so die Erde, die Bienen, die Ziegen und die K\u00fche Anschlie\u00dfend f\u00fchrt Sie der F\u00fchrer zu den Kunstwerken im Park. Auf dem 3 km langen Rundgang entdecken Sie die Inspirationen der K\u00fcnstler, die in Anwesenheit des Latemar k\u00fcnstlerische Gesten schufen.\\r\\nAktivit\u00e4t f\u00fcr Erwachsene geeignet\\r\\nKostenlose Aktivit\u00e4t (ohne Liftticket)\\r\\n&quot;}' data-sheets-userformat='{&quot;2&quot;:15235,&quot;3&quot;:{&quot;1&quot;:0},&quot;4&quot;:{&quot;1&quot;:2,&quot;2&quot;:15987699},&quot;10&quot;:1,&quot;11&quot;:1,&quot;12&quot;:0,&quot;14&quot;:{&quot;1&quot;:2,&quot;2&quot;:5592405},&quot;15&quot;:&quot;Roboto&quot;,&quot;16&quot;:10}'>Es beginnt um 9.30 Uhr vor dem Agnello-Sessellift-&#8220;Seminovia&#8221;, wo Sie den k\u00fcnstlerischen F\u00fchrer treffen, der Ihnen die Samen liefert und Sie bei der Aussaat von Blumen von oben begleitet, um Blumen zu erzeugen und so die Erde, die Bienen, die Ziegen und die K\u00fche. <\/span><\/p> <p><span data-sheets-value='{&quot;1&quot;:2,&quot;2&quot;:&quot;Es beginnt um 9.30 Uhr vor dem Agnello-Sessellift-Seminovia, wo Sie den k\u00fcnstlerischen F\u00fchrer treffen, der Ihnen die Samen liefert und Sie bei der Aussaat von Blumen von oben begleitet, um Blumen zu erzeugen und so die Erde, die Bienen, die Ziegen und die K\u00fche Anschlie\u00dfend f\u00fchrt Sie der F\u00fchrer zu den Kunstwerken im Park. Auf dem 3 km langen Rundgang entdecken Sie die Inspirationen der K\u00fcnstler, die in Anwesenheit des Latemar k\u00fcnstlerische Gesten schufen.\\r\\nAktivit\u00e4t f\u00fcr Erwachsene geeignet\\r\\nKostenlose Aktivit\u00e4t (ohne Liftticket)\\r\\n&quot;}' data-sheets-userformat='{&quot;2&quot;:15235,&quot;3&quot;:{&quot;1&quot;:0},&quot;4&quot;:{&quot;1&quot;:2,&quot;2&quot;:15987699},&quot;10&quot;:1,&quot;11&quot;:1,&quot;12&quot;:0,&quot;14&quot;:{&quot;1&quot;:2,&quot;2&quot;:5592405},&quot;15&quot;:&quot;Roboto&quot;,&quot;16&quot;:10}'>Anschlie\u00dfend f\u00fchrt Sie der F\u00fchrer zu den Kunstwerken im Park. Auf dem 3 km langen Rundgang entdecken Sie die Inspirationen der K\u00fcnstler, die in Anwesenheit des Latemar k\u00fcnstlerische Gesten schufen. <\/span><\/p> <p><span data-sheets-value='{&quot;1&quot;:2,&quot;2&quot;:&quot;Es beginnt um 9.30 Uhr vor dem Agnello-Sessellift-Seminovia, wo Sie den k\u00fcnstlerischen F\u00fchrer treffen, der Ihnen die Samen liefert und Sie bei der Aussaat von Blumen von oben begleitet, um Blumen zu erzeugen und so die Erde, die Bienen, die Ziegen und die K\u00fche Anschlie\u00dfend f\u00fchrt Sie der F\u00fchrer zu den Kunstwerken im Park. Auf dem 3 km langen Rundgang entdecken Sie die Inspirationen der K\u00fcnstler, die in Anwesenheit des Latemar k\u00fcnstlerische Gesten schufen.\\r\\nAktivit\u00e4t f\u00fcr Erwachsene geeignet\\r\\nKostenlose Aktivit\u00e4t (ohne Liftticket)\\r\\n&quot;}' data-sheets-userformat='{&quot;2&quot;:15235,&quot;3&quot;:{&quot;1&quot;:0},&quot;4&quot;:{&quot;1&quot;:2,&quot;2&quot;:15987699},&quot;10&quot;:1,&quot;11&quot;:1,&quot;12&quot;:0,&quot;14&quot;:{&quot;1&quot;:2,&quot;2&quot;:5592405},&quot;15&quot;:&quot;Roboto&quot;,&quot;16&quot;:10}'>Aktivit\u00e4t f\u00fcr Erwachsene.<\/span><\/p> <p><a href='https:\/\/www.visitfiemme.it\/de\/veranstaltungen\/fiemme-cembra-guest-card\/erlebnisse\/erlebnisse-sommer' target='_blank' rel='noopener'>Reservierung erforderlich<\/a>.<\/p> \",\"location\":[{\"@type\":\"Place\",\"name\":\"Pampeago\",\"address\":{\"@type\": \"PostalAddress\",\"streetAddress\":\"Localit\u00e0 Pampeago, 8, 38038 Tesero TN\"}}]}<\/script><\/div>\r\n\t\t\t\t<p class=\"desc_trig_outter\" style=\"\"><a data-gmtrig=\"1\" data-exlk=\"0\" style=\"background-color: #38823b;\" id=\"evc_17858286002489\" class=\"hasFtIMG event_repeat desc_trig sin_val evcal_list_a\" data-ux_val=\"3\" data-ux_val_mob=\"-\"  ><span class='evoet_c1 evoet_cx '><span class='ev_ftImg' data-img='https:\/\/latemarium.com\/wp-content\/uploads\/2023\/06\/respirart-respiro-arte-natura.jpg' data-thumb='https:\/\/latemarium.com\/wp-content\/uploads\/2023\/06\/respirart-respiro-arte-natura-300x201.jpg' style='background-image:url(\"https:\/\/latemarium.com\/wp-content\/uploads\/2023\/06\/respirart-respiro-arte-natura-300x201.jpg\")' ><\/span><\/span><span class='evoet_c2 evoet_cx '><span class='evoet_dayblock evcal_cblock ' data-bgcolor='#38823b' data-smon='August' data-syr='2026' data-bub=''><span class='evo_start '><em class='date'>04<\/em><em class='month'>Aug<\/em><em class='time'>09:30<\/em><\/span><\/span><\/span><span class='evoet_c3 evoet_cx evcal_desc hide_eventtopdata '><span class='evoet_title evcal_desc2 evcal_event_title ' itemprop='name'>Respirart: Kunst und Natur<\/span><span class='event_location_attrs'  data-location_address=\"Localit\u00e0 Pampeago, 8, 38038 Tesero TN\" data-location_type=\"lonlat\" data-location_name=\"Pampeago\" data-location_url=\"https:\/\/latemarium.com\/de\/event-location\/pampeago-de\/\" data-location_status=\"true\" data-latlng=\"46.34343697644898,11.540997527961546\"><\/span><span class='evoet_subtitle evo_below_title' ><span class='evcal_event_subtitle ' >ENTDECKUNG DER KUNSTPARKS: RESPIRART<\/span><\/span><span class='evoet_time_expand level_3'><em class='evcal_time evo_tz_time'><i class='fa fa-clock-o'><\/i>09:30<span class='evo_tz marl5'>(GMT+02:00)<\/span><\/em> <\/span><span class='evoet_location level_3'><em class=\"evcal_location\"  data-latlng=\"46.34343697644898,11.540997527961546\" data-add_str=\"Localit\u00e0 Pampeago, 8, 38038 Tesero TN\" data-n=\"Pampeago\"><i class=\"fa fa-location-pin\"><\/i><em class=\"event_location_name\">Pampeago<\/em>, Localit\u00e0 Pampeago, 8, 38038 Tesero TN<\/em><\/span><\/span><span class='evoet_data' data-d=\"{&quot;loc.n&quot;:&quot;Pampeago&quot;,&quot;orgs&quot;:[],&quot;tags&quot;:{&quot;repeating&quot;:&quot;Repeating Event&quot;}}\" data-bgc=\"#38823b\" data-bggrad=\"\" ><\/span><\/a><\/p><div class='event_description evcal_eventcard ' style=\"display:none\"><div class='evocard_row'><div id='event_ftimage' class='evocard_box ftimage' data-c='' \n\t\t\t\t\tstyle=''><div class='evocard_main_image_hold' data-t='Loading Image..'><div class='evocard_main_image evo_img_triglb evobr15 evobgsc evobgpc evodfx evofx_jc_c evofx_ai_c evofz48 minmized' style='height:300px; background-image:url();' data-f=\"https:\/\/latemarium.com\/wp-content\/uploads\/2023\/06\/respirart-respiro-arte-natura.jpg\" data-h=\"602\" data-w=\"899\" data-ratio=\"0.66963292547275\" data-event_id=\"2489\" data-ri=\"6\"  data-t='Loading Image..'><span style='height:300px; background-image:url(https:\/\/latemarium.com\/wp-content\/uploads\/2023\/06\/respirart-respiro-arte-natura.jpg)'><\/span><\/div><\/div><\/div><\/div><div class='evocard_row'><div id='event_eventdetails' class='evocard_box eventdetails' data-c='' \n\t\t\t\t\tstyle=''><div class='evo_metarow_details evorow evcal_evdata_row evcal_event_details'>\n\t\t<div class=\"event_excerpt\" style=\"display:none\"><h3 class=\"padb5 evo_h3\">Details zur Veranstaltung<\/h3><p>Kunst in der H\u00f6he: Entdeckungsreise durch RespirArt zwischen Natur und Installationen<\/p><\/div><span class='evcal_evdata_icons'><i class='fa fa-align-justify'><\/i><\/span>\n\t\t\n\t\t<div class='evcal_evdata_cell shorter_desc'>\n\t\t\t<div class='eventon_full_description'>\n\t\t\t\t<h3 class='padb5 evo_h3'><span class='evcal_evdata_icons'><i class='fa fa-align-justify'><\/i><\/span>Details zur Veranstaltung<\/h3>\n\t\t\t\t<div class='eventon_desc_in' itemprop='description'>\n\t\t\t\t<h2>Kunst in der H\u00f6he: Entdeckungsreise durch RespirArt zwischen Natur und Installationen<\/h2>\n<p><span data-sheets-value=\"{&quot;1&quot;:2,&quot;2&quot;:&quot;Es beginnt um 9.30 Uhr vor dem Agnello-Sessellift-Seminovia, wo Sie den k\u00fcnstlerischen F\u00fchrer treffen, der Ihnen die Samen liefert und Sie bei der Aussaat von Blumen von oben begleitet, um Blumen zu erzeugen und so die Erde, die Bienen, die Ziegen und die K\u00fche Anschlie\u00dfend f\u00fchrt Sie der F\u00fchrer zu den Kunstwerken im Park. Auf dem 3 km langen Rundgang entdecken Sie die Inspirationen der K\u00fcnstler, die in Anwesenheit des Latemar k\u00fcnstlerische Gesten schufen.rnAktivit\u00e4t f\u00fcr Erwachsene geeignetrnKostenlose Aktivit\u00e4t (ohne Liftticket)rn&quot;}\" data-sheets-userformat=\"{&quot;2&quot;:15235,&quot;3&quot;:{&quot;1&quot;:0},&quot;4&quot;:{&quot;1&quot;:2,&quot;2&quot;:15987699},&quot;10&quot;:1,&quot;11&quot;:1,&quot;12&quot;:0,&quot;14&quot;:{&quot;1&quot;:2,&quot;2&quot;:5592405},&quot;15&quot;:&quot;Roboto&quot;,&quot;16&quot;:10}\">Es beginnt um 9.30 Uhr vor dem Agnello-Sessellift-&#8220;Seminovia&#8221;, wo Sie den k\u00fcnstlerischen F\u00fchrer treffen, der Ihnen die Samen liefert und Sie bei der Aussaat von Blumen von oben begleitet, um Blumen zu erzeugen und so die Erde, die Bienen, die Ziegen und die K\u00fche. <\/span><\/p>\n<p><span data-sheets-value=\"{&quot;1&quot;:2,&quot;2&quot;:&quot;Es beginnt um 9.30 Uhr vor dem Agnello-Sessellift-Seminovia, wo Sie den k\u00fcnstlerischen F\u00fchrer treffen, der Ihnen die Samen liefert und Sie bei der Aussaat von Blumen von oben begleitet, um Blumen zu erzeugen und so die Erde, die Bienen, die Ziegen und die K\u00fche Anschlie\u00dfend f\u00fchrt Sie der F\u00fchrer zu den Kunstwerken im Park. Auf dem 3 km langen Rundgang entdecken Sie die Inspirationen der K\u00fcnstler, die in Anwesenheit des Latemar k\u00fcnstlerische Gesten schufen.rnAktivit\u00e4t f\u00fcr Erwachsene geeignetrnKostenlose Aktivit\u00e4t (ohne Liftticket)rn&quot;}\" data-sheets-userformat=\"{&quot;2&quot;:15235,&quot;3&quot;:{&quot;1&quot;:0},&quot;4&quot;:{&quot;1&quot;:2,&quot;2&quot;:15987699},&quot;10&quot;:1,&quot;11&quot;:1,&quot;12&quot;:0,&quot;14&quot;:{&quot;1&quot;:2,&quot;2&quot;:5592405},&quot;15&quot;:&quot;Roboto&quot;,&quot;16&quot;:10}\">Anschlie\u00dfend f\u00fchrt Sie der F\u00fchrer zu den Kunstwerken im Park. Auf dem 3 km langen Rundgang entdecken Sie die Inspirationen der K\u00fcnstler, die in Anwesenheit des Latemar k\u00fcnstlerische Gesten schufen. <\/span><\/p>\n<p><span data-sheets-value=\"{&quot;1&quot;:2,&quot;2&quot;:&quot;Es beginnt um 9.30 Uhr vor dem Agnello-Sessellift-Seminovia, wo Sie den k\u00fcnstlerischen F\u00fchrer treffen, der Ihnen die Samen liefert und Sie bei der Aussaat von Blumen von oben begleitet, um Blumen zu erzeugen und so die Erde, die Bienen, die Ziegen und die K\u00fche Anschlie\u00dfend f\u00fchrt Sie der F\u00fchrer zu den Kunstwerken im Park. Auf dem 3 km langen Rundgang entdecken Sie die Inspirationen der K\u00fcnstler, die in Anwesenheit des Latemar k\u00fcnstlerische Gesten schufen.rnAktivit\u00e4t f\u00fcr Erwachsene geeignetrnKostenlose Aktivit\u00e4t (ohne Liftticket)rn&quot;}\" data-sheets-userformat=\"{&quot;2&quot;:15235,&quot;3&quot;:{&quot;1&quot;:0},&quot;4&quot;:{&quot;1&quot;:2,&quot;2&quot;:15987699},&quot;10&quot;:1,&quot;11&quot;:1,&quot;12&quot;:0,&quot;14&quot;:{&quot;1&quot;:2,&quot;2&quot;:5592405},&quot;15&quot;:&quot;Roboto&quot;,&quot;16&quot;:10}\">Aktivit\u00e4t f\u00fcr Erwachsene.<\/span><\/p>\n<p><a href=\"https:\/\/www.visitfiemme.it\/de\/veranstaltungen\/fiemme-cembra-guest-card\/erlebnisse\/erlebnisse-sommer\" target=\"_blank\" rel=\"noopener\">Reservierung erforderlich<\/a>.<\/p>\n<\/div><p class='eventon_shad_p' style='padding:5px 0 0; margin:0'>\n\t\t\t<span class='evcal_btn evo_btn_secondary evobtn_details_show_more' content='less'>\n\t\t\t\t<span class='ev_more_text' data-txt='Weniger'>Mehr<\/span><span class='ev_more_arrow ard'><\/span>\n\t\t\t<\/span>\n\t\t<\/p><div class='clear'><\/div>\n\t\t\t<\/div>\n\t\t<\/div>\n\t<\/div><\/div><\/div><div class='evocard_row bx2 bx'><div id='event_time' class='evocard_box time' data-c='' \n\t\t\t\t\tstyle=''><div class='evo_metarow_time evorow evcal_evdata_row evcal_evrow_sm '>\n\t\t<span class='evcal_evdata_icons'><i class='fa fa-clock'><\/i><\/span>\n\t\t<div class='evcal_evdata_cell'>\t\t\t\t\t\t\t\n\t\t\t<h3 class='evo_h3'><span class='evcal_evdata_icons'><i class='fa fa-clock'><\/i><\/span>Zeitplan<\/h3><p><span class='evo_eventcard_time_t'>4 August 2026 09:30<\/span><span class='evo_tz marr5'>(GMT+02:00)<\/span><\/p>\n\t\t<\/div>\n\t<\/div><\/div><div id='event_location' class='evocard_box location' data-c='' \n\t\t\t\t\tstyle=''><div class='evcal_evdata_row evo_metarow_time_location evorow '>\n\t\t\n\t\t\t<span class='evcal_evdata_icons'><i class='fa fa-map-marker'><\/i><\/span>\n\t\t\t<div class='evcal_evdata_cell' data-loc_tax_id='32'><h3 class='evo_h3 evodfx'><span class='evcal_evdata_icons'><i class='fa fa-map-marker'><\/i><\/span>Ort<\/h3><p class='evo_location_name'>Pampeago<\/p><p class='evo_location_address evodfxi evogap10'>Localit\u00e0 Pampeago, 8, 38038 Tesero TN<\/p><div class='padt10'><span class='evo_btn_arr evolb_trigger' data-lbvals=\"{&quot;lbc&quot;:&quot;evo_location_lb_32&quot;,&quot;lbac&quot;:&quot;lb_max&quot;,&quot;t&quot;:&quot;Pampeago&quot;,&quot;ajax&quot;:&quot;yes&quot;,&quot;ajax_type&quot;:&quot;endpoint&quot;,&quot;ajax_action&quot;:&quot;eventon_get_tax_card_content&quot;,&quot;end&quot;:&quot;client&quot;,&quot;d&quot;:{&quot;lang&quot;:&quot;L2&quot;,&quot;term_id&quot;:32,&quot;tax&quot;:&quot;event_location&quot;,&quot;load_lbcontent&quot;:true},&quot;uid&quot;:&quot;eventon_get_tax_card_content&quot;}\" >Other Events<i class='fa fa-chevron-right'><\/i><\/span><\/div><\/div>\n\t\t\n\t<\/div><\/div><\/div><div class='evocard_row'><div id='event_addtocal' class='evocard_box addtocal' data-c='' \n\t\t\t\t\tstyle=''><div class='evo_metarow_ICS evorow evcal_evdata_row'>\n\t\t\t<span class='evcal_evdata_icons'><i class='fa fa-calendar-o'><\/i><\/span>\n\t\t\t<div class='evcal_evdata_cell'>\n\t\t\t\t<p><a href='https:\/\/latemarium.com\/de\/export-events\/2489_6\/?nonce=7b34e59f7d' class='evo_ics_nCal' title='Zu Ihrem Kalender hinzuf\u00fcgen'>Kalender<\/a><a href='https:\/\/www.google.com\/calendar\/event?action=TEMPLATE&text=Respirart%3A+Kunst+und+Natur&dates=20260804T073000Z%2F20260804T215900Z&ctz=Europe%2FRome&details=Respirart: Kunst und Natur&location=Pampeago+Localit%C3%A0+Pampeago%2C+8%2C+38038+Tesero+TN' target='_blank' class='evo_ics_gCal' title='Zu Google Kalender hinzuf\u00fcgen'>GoogleCal<\/a><\/p>\t\n\t\t\t<\/div>\n\t\t<\/div><\/div><\/div><div class='evocard_row'><div id='event_repeats' class='evocard_box repeats' data-c='' \n\t\t\t\t\tstyle=''><div class='evo_metarow_repeats evorow evcal_evdata_row evcal_evrow_sm '>\n\t\t<span class='evcal_evdata_icons'><i class='fa fa-repeat'><\/i><\/span>\n\t\t<div class='evcal_evdata_cell'>\t\t\t\t\t\t\t\n\t\t\t<h3 class='evo_h3'>Zeitplan f\u00fcr k\u00fcnftige Veranstaltungen dieser Veranstaltungsreihe<\/h3><div class='evo_elm_HCS evo_repeat_series' style=''><span class='evo_elmHCS_nav HCSnavL evo_repeat_series content_slide_trig'><i class='fa fa-chevron-left'><\/i><\/span><span class='evo_elmHCS_nav HCSnavR evo_repeat_series content_slide_trig'><i class='fa fa-chevron-right'><\/i><\/span><div class='evo_elm_HCS_in'><div class='evo_repeat_series_dates clickable evodfx evofx_dr_r evogap10' data-click='1' data-event_url='https:\/\/latemarium.com\/de\/events\/respirart-kunst-und-natur\/var\/ri-6.l-L2'><span class='evo_repeat_series_date evodfx evofx_dr_r evofx_ai_c evogap5 evobr15 evobrdB1 evocl1 evopad15 evottu evofz14 evocurp evo_trans_sc1_03 evoHbgcw' data-ux=\"def\" data-l=\"https:\/\/latemarium.com\/de\/events\/respirart-kunst-und-natur\/var\/ri-7.l-L2\" ><span class='evodfx evofx_dr_c evotac evofx_jc_c'><b class='j evofz16'>11<\/b><b class='fy'>August <\/b><em class='t evofsn'>09:30<\/em><\/span><\/span><span class='evo_repeat_series_date evodfx evofx_dr_r evofx_ai_c evogap5 evobr15 evobrdB1 evocl1 evopad15 evottu evofz14 evocurp evo_trans_sc1_03 evoHbgcw' data-ux=\"def\" data-l=\"https:\/\/latemarium.com\/de\/events\/respirart-kunst-und-natur\/var\/ri-8.l-L2\" ><span class='evodfx evofx_dr_c evotac evofx_jc_c'><b class='j evofz16'>18<\/b><b class='fy'>August <\/b><em class='t evofsn'>09:30<\/em><\/span><\/span><span class='evo_repeat_series_date evodfx evofx_dr_r evofx_ai_c evogap5 evobr15 evobrdB1 evocl1 evopad15 evottu evofz14 evocurp evo_trans_sc1_03 evoHbgcw' data-ux=\"def\" data-l=\"https:\/\/latemarium.com\/de\/events\/respirart-kunst-und-natur\/var\/ri-9.l-L2\" ><span class='evodfx evofx_dr_c evotac evofx_jc_c'><b class='j evofz16'>25<\/b><b class='fy'>August <\/b><em class='t evofsn'>09:30<\/em><\/span><\/span><span class='evo_repeat_series_date evodfx evofx_dr_r evofx_ai_c evogap5 evobr15 evobrdB1 evocl1 evopad15 evottu evofz14 evocurp evo_trans_sc1_03 evoHbgcw' data-ux=\"def\" data-l=\"https:\/\/latemarium.com\/de\/events\/respirart-kunst-und-natur\/var\/ri-10.l-L2\" ><span class='evodfx evofx_dr_c evotac evofx_jc_c'><b class='j evofz16'>1<\/b><b class='fy'>September <\/b><em class='t evofsn'>09:30<\/em><\/span><\/span><span class='evo_repeat_series_date evodfx evofx_dr_r evofx_ai_c evogap5 evobr15 evobrdB1 evocl1 evopad15 evottu evofz14 evocurp evo_trans_sc1_03 evoHbgcw' data-ux=\"def\" data-l=\"https:\/\/latemarium.com\/de\/events\/respirart-kunst-und-natur\/var\/ri-11.l-L2\" ><span class='evodfx evofx_dr_c evotac evofx_jc_c'><b class='j evofz16'>8<\/b><b class='fy'>September <\/b><em class='t evofsn'>09:30<\/em><\/span><\/span><\/div><\/div><\/div><\/div><\/div><\/div><\/div><div class='evocard_row'><div id='event_getdirection' class='evocard_box getdirection' data-c='' \n\t\t\t\t\tstyle=''><div class='evo_metarow_getDr evorow evcal_evdata_row evcal_evrow_sm getdirections'>\n\t\t<form action='https:\/\/maps.google.com\/maps' method='get' target='_blank'>\n\t\t\t<input type='hidden' name='daddr' value=\"Localit\u00e0 Pampeago, 8, 38038 Tesero TN\"\/> \n\t\t\t<div class='evo_get_direction_content evo_fx_dr_r evogap10'>\n\t\t\t\t<span class='evogetdir_header evodfx evofx_dr_r evofx_ai_c marr10'>\n\t\t\t\t\t<i class='mainicon fa fa-road'><\/i> \n\t\t\t\t\t<h3 class='evo_h3' style='padding-bottom:5px;'>Wegbeschreibung abrufen<\/h3>\n\t\t\t\t<\/span>\n\t\t\t\t<span class='evogetdir_field evodfx evofx_1_1 evo_fx_dr_c evow100p'>\t\t\t\t\t\n\t\t\t\t\t<input class='evoInput evotac' type='text' name='saddr' placeholder='&quot;Geben Sie die Adresse ein' value='' style='margin:10px 0;'\/>\n\t\t\t\t<\/span>\n\t\t\t\t<button type='submit' class='evo_get_direction_button evo_btn_arr_circ dfx fx_ai_c' title='&quot;Klicken Sie hier'><i class='fa fa-chevron-right'><\/i> <\/button>\n\t\t\t<\/div>\n\t\t<\/form>\n\t<\/div><\/div><\/div><div class='evo_card_row_end evcal_close' title='Schlie\u00dfen'><\/div><\/div><div class='clear end'><\/div><\/div><div id=\"event_2856_4\" class=\"eventon_list_event evo_eventtop scheduled  event clrW no_et event_2856_4\" data-event_id=\"2856\" data-ri=\"4r\" data-time=\"1785834000-1785880740\" data-colr=\"#a69dcd\" itemscope itemtype='http:\/\/schema.org\/Event'><div class=\"evo_event_schema\" style=\"display:none\" ><a itemprop='url'  href='https:\/\/latemarium.com\/de\/events\/dort-oben-erwartet-uns-die-strasse-des-dahu-2\/var\/ri-4.l-L2'><\/a><meta itemprop='image' content=\"https:\/\/latemarium.com\/wp-content\/uploads\/2023\/06\/forse-dahu-sa.jpg\" \/><meta itemprop='startDate' content=\"2026-8-4T11:00+0:00\" \/><meta itemprop='endDate' content=\"2026-8-4T23:59+0:00\" \/><meta itemprop='eventStatus' content=\"https:\/\/schema.org\/EventScheduled\" \/><meta itemprop='eventAttendanceMode'   itemscope itemtype=\"https:\/\/schema.org\/OfflineEventAttendanceMode\"\/><script type=\"application\/ld+json\">{\"@context\": \"http:\/\/schema.org\",\"@type\": \"Event\",\n\t\t\t\t\"@id\": \"event_2856_4\",\n\t\t\t\t\"eventAttendanceMode\":\"https:\/\/schema.org\/OfflineEventAttendanceMode\",\n\t\t\t\t\"eventStatus\":\"https:\/\/schema.org\/EventScheduled\",\n\t\t\t\t\"name\": \"DORT OBEN ERWARTET UNS DIE STRASSE DES DAH\u00d9\",\n\t\t\t\t\"url\": \"https:\/\/latemarium.com\/de\/events\/dort-oben-erwartet-uns-die-strasse-des-dahu-2\/var\/ri-4.l-L2\",\n\t\t\t\t\"startDate\": \"2026-8-4T11:00+0:00\",\n\t\t\t\t\"endDate\": \"2026-8-4T23:59+0:00\",\n\t\t\t\t\"image\":\"https:\/\/latemarium.com\/wp-content\/uploads\/2023\/06\/forse-dahu-sa.jpg\", \n\t\t\t\t\"description\":\"<p>\u201eDas unerkl\u00e4rliche Gleichgewicht des Dahu f\u00fchrt die Forscher zu einer gro\u00dfen Entwicklung mit st\u00e4ndigen Perspektivwechseln: von oben nach unten, von hier nach dort\u201c.<\/p> <p>Dienstags: vom 7. Juli bis 25. August 2026<br \/> bei der Bergstation der Gondelbahn Predazzo \u2013 Gardon\u00e8<br \/> um 11.00 Uhr<br \/> F\u00fcr Familien (Dauer: 1h30\u2018)<br \/> Vorstellung auf Italienisch<\/p> <p>&nbsp;<\/p> <p>&nbsp;<\/p> \"}<\/script><\/div>\r\n\t\t\t\t<p class=\"desc_trig_outter\" style=\"\"><a data-gmap_status=\"null\" data-exlk=\"0\" style=\"background-color: #a69dcd;\" id=\"evc_17858340002856\" class=\"hasFtIMG event_repeat desc_trig sin_val evcal_list_a\" data-ux_val=\"3\" data-ux_val_mob=\"-\"  ><span class='evoet_c1 evoet_cx '><span class='ev_ftImg' data-img='https:\/\/latemarium.com\/wp-content\/uploads\/2023\/06\/forse-dahu-sa.jpg' data-thumb='https:\/\/latemarium.com\/wp-content\/uploads\/2023\/06\/forse-dahu-sa-300x204.jpg' style='background-image:url(\"https:\/\/latemarium.com\/wp-content\/uploads\/2023\/06\/forse-dahu-sa-300x204.jpg\")' ><\/span><\/span><span class='evoet_c2 evoet_cx '><span class='evoet_dayblock evcal_cblock ' data-bgcolor='#a69dcd' data-smon='August' data-syr='2026' data-bub=''><span class='evo_start '><em class='date'>04<\/em><em class='month'>Aug<\/em><em class='time'>11:00<\/em><\/span><\/span><\/span><span class='evoet_c3 evoet_cx evcal_desc hide_eventtopdata '><span class='evoet_title evcal_desc2 evcal_event_title ' itemprop='name'>DORT OBEN ERWARTET UNS DIE STRASSE DES DAH\u00d9<\/span><span class='event_location_attrs' data-location_type=\"lonlat\" data-location_name=\"Seilbahn Ankunft Predazzo-Gardon\u00e8\" data-location_url=\"https:\/\/latemarium.com\/de\/event-location\/seilbahn-ankunft-predazzo-gardone\/\" data-location_status=\"true\" data-latlng=\"46.32878794406342,11.600176728690842\"><\/span><span class='evoet_subtitle evo_below_title' ><span class='evcal_event_subtitle ' >auf dem Pfad des Zerstreuten Hirten<\/span><\/span><span class='evoet_time_expand level_3'><em class='evcal_time evo_tz_time'><i class='fa fa-clock-o'><\/i>11:00<span class='evo_tz marl5'>(GMT+02:00)<\/span><\/em> <\/span><span class='evoet_location level_3'><em class=\"evcal_location\"  data-latlng=\"46.32878794406342,11.600176728690842\" data-add_str=\"\" data-n=\"Seilbahn Ankunft Predazzo-Gardon\u00e8\"><i class=\"fa fa-location-pin\"><\/i><em class=\"event_location_name\">Seilbahn Ankunft Predazzo-Gardon\u00e8<\/em><\/em><\/span><\/span><span class='evoet_data' data-d=\"{&quot;loc.n&quot;:&quot;Seilbahn Ankunft Predazzo-Gardon\\u00e8&quot;,&quot;orgs&quot;:[],&quot;tags&quot;:{&quot;repeating&quot;:&quot;Repeating Event&quot;}}\" data-bgc=\"#a69dcd\" data-bggrad=\"\" ><\/span><\/a><\/p><div class='event_description evcal_eventcard ' style=\"display:none\"><div class='evocard_row'><div id='event_ftimage' class='evocard_box ftimage' data-c='' \n\t\t\t\t\tstyle=''><div class='evocard_main_image_hold' data-t='Loading Image..'><div class='evocard_main_image evo_img_triglb evobr15 evobgsc evobgpc evodfx evofx_jc_c evofx_ai_c evofz48 minmized' style='height:300px; background-image:url();' data-f=\"https:\/\/latemarium.com\/wp-content\/uploads\/2023\/06\/forse-dahu-sa.jpg\" data-h=\"587\" data-w=\"862\" data-ratio=\"0.68097447795824\" data-event_id=\"2856\" data-ri=\"4\"  data-t='Loading Image..'><span style='height:300px; background-image:url(https:\/\/latemarium.com\/wp-content\/uploads\/2023\/06\/forse-dahu-sa.jpg)'><\/span><\/div><\/div><\/div><\/div><div class='evocard_row'><div id='event_eventdetails' class='evocard_box eventdetails' data-c='' \n\t\t\t\t\tstyle=''><div class='evo_metarow_details evorow evcal_evdata_row evcal_event_details'>\n\t\t<div class=\"event_excerpt\" style=\"display:none\"><h3 class=\"padb5 evo_h3\">Details zur Veranstaltung<\/h3><p>\u201eDas unerkl\u00e4rliche Gleichgewicht des Dahu f\u00fchrt die Forscher zu einer gro\u00dfen Entwicklung mit st\u00e4ndigen Perspektivwechseln: von oben nach unten, von hier nach dort\u201c.\nDienstags: vom 7. Juli bis 25. August 2026<\/p><\/div><span class='evcal_evdata_icons'><i class='fa fa-align-justify'><\/i><\/span>\n\t\t\n\t\t<div class='evcal_evdata_cell '>\n\t\t\t<div class='eventon_full_description'>\n\t\t\t\t<h3 class='padb5 evo_h3'><span class='evcal_evdata_icons'><i class='fa fa-align-justify'><\/i><\/span>Details zur Veranstaltung<\/h3>\n\t\t\t\t<div class='eventon_desc_in' itemprop='description'>\n\t\t\t\t<p>\u201eDas unerkl\u00e4rliche Gleichgewicht des Dahu f\u00fchrt die Forscher zu einer gro\u00dfen Entwicklung mit st\u00e4ndigen Perspektivwechseln: von oben nach unten, von hier nach dort\u201c.<\/p>\n<p>Dienstags: vom 7. Juli bis 25. August 2026<br \/>\nbei der Bergstation der Gondelbahn Predazzo \u2013 Gardon\u00e8<br \/>\num 11.00 Uhr<br \/>\nF\u00fcr Familien (Dauer: 1h30\u2018)<br \/>\nVorstellung auf Italienisch<\/p>\n<p>&nbsp;<\/p>\n<p>&nbsp;<\/p>\n<\/div><div class='clear'><\/div>\n\t\t\t<\/div>\n\t\t<\/div>\n\t<\/div><\/div><\/div><div class='evocard_row bx2 bx'><div id='event_time' class='evocard_box time' data-c='' \n\t\t\t\t\tstyle=''><div class='evo_metarow_time evorow evcal_evdata_row evcal_evrow_sm '>\n\t\t<span class='evcal_evdata_icons'><i class='fa fa-clock'><\/i><\/span>\n\t\t<div class='evcal_evdata_cell'>\t\t\t\t\t\t\t\n\t\t\t<h3 class='evo_h3'><span class='evcal_evdata_icons'><i class='fa fa-clock'><\/i><\/span>Zeitplan<\/h3><p><span class='evo_eventcard_time_t'>4 August 2026 11:00<\/span><span class='evo_tz marr5'>(GMT+02:00)<\/span><\/p>\n\t\t<\/div>\n\t<\/div><\/div><div id='event_location' class='evocard_box location' data-c='' \n\t\t\t\t\tstyle=''><div class='evcal_evdata_row evo_metarow_time_location evorow '>\n\t\t\n\t\t\t<span class='evcal_evdata_icons'><i class='fa fa-map-marker'><\/i><\/span>\n\t\t\t<div class='evcal_evdata_cell' data-loc_tax_id='36'><h3 class='evo_h3 evodfx'><span class='evcal_evdata_icons'><i class='fa fa-map-marker'><\/i><\/span>Ort<\/h3><p class='evo_location_name'>Seilbahn Ankunft Predazzo-Gardon\u00e8<\/p><div class='padt10'><span class='evo_btn_arr evolb_trigger' data-lbvals=\"{&quot;lbc&quot;:&quot;evo_location_lb_36&quot;,&quot;lbac&quot;:&quot;lb_max&quot;,&quot;t&quot;:&quot;Seilbahn Ankunft Predazzo-Gardon\\u00e8&quot;,&quot;ajax&quot;:&quot;yes&quot;,&quot;ajax_type&quot;:&quot;endpoint&quot;,&quot;ajax_action&quot;:&quot;eventon_get_tax_card_content&quot;,&quot;end&quot;:&quot;client&quot;,&quot;d&quot;:{&quot;lang&quot;:&quot;L2&quot;,&quot;term_id&quot;:36,&quot;tax&quot;:&quot;event_location&quot;,&quot;load_lbcontent&quot;:true},&quot;uid&quot;:&quot;eventon_get_tax_card_content&quot;}\" >Other Events<i class='fa fa-chevron-right'><\/i><\/span><\/div><\/div>\n\t\t\n\t<\/div><\/div><\/div><div class='evocard_row bx2 bx'><div id='event_learnmore' class='evocard_box learnmore' data-c='' \n\t\t\t\t\tstyle=''><div class='evo_metarow_learnM evo_metarow_learnmore evorow'>\n\t\t\t\t\t\t\t<a class='evcal_evdata_row evo_clik_row ' href='https:\/\/www.montagnanimata.it\/de\/spektakel\/' target=\"_blank\">\n\t\t\t\t\t\t\t\t<span class='evcal_evdata_icons'><i class='fa fa-link'><\/i><\/span>\n\t\t\t\t\t\t\t\t<h3 class='evo_h3'>Entdecke mehr<\/h3>\n\t\t\t\t\t\t\t<\/a>\n\t\t\t\t\t\t\t<\/div><\/div><div id='event_addtocal' class='evocard_box addtocal' data-c='' \n\t\t\t\t\tstyle=''><div class='evo_metarow_ICS evorow evcal_evdata_row'>\n\t\t\t<span class='evcal_evdata_icons'><i class='fa fa-calendar-o'><\/i><\/span>\n\t\t\t<div class='evcal_evdata_cell'>\n\t\t\t\t<p><a href='https:\/\/latemarium.com\/de\/export-events\/2856_4\/?nonce=7b34e59f7d' class='evo_ics_nCal' title='Zu Ihrem Kalender hinzuf\u00fcgen'>Kalender<\/a><a href='https:\/\/www.google.com\/calendar\/event?action=TEMPLATE&text=DORT+OBEN+ERWARTET+UNS+DIE+STRASSE+DES+DAH%C3%99&dates=20260804T090000Z%2F20260804T215900Z&ctz=Europe%2FRome&details=DORT OBEN ERWARTET UNS DIE STRASSE DES DAH\u00d9&location=Seilbahn+Ankunft+Predazzo-Gardon%C3%A8' target='_blank' class='evo_ics_gCal' title='Zu Google Kalender hinzuf\u00fcgen'>GoogleCal<\/a><\/p>\t\n\t\t\t<\/div>\n\t\t<\/div><\/div><\/div><div class='evocard_row'><div id='event_getdirection' class='evocard_box getdirection' data-c='' \n\t\t\t\t\tstyle=''><div class='evo_metarow_getDr evorow evcal_evdata_row evcal_evrow_sm getdirections'>\n\t\t<form action='https:\/\/maps.google.com\/maps' method='get' target='_blank'>\n\t\t\t<input type='hidden' name='daddr' value=\"46.32878794406342,11.600176728690842\"\/> \n\t\t\t<div class='evo_get_direction_content evo_fx_dr_r evogap10'>\n\t\t\t\t<span class='evogetdir_header evodfx evofx_dr_r evofx_ai_c marr10'>\n\t\t\t\t\t<i class='mainicon fa fa-road'><\/i> \n\t\t\t\t\t<h3 class='evo_h3' style='padding-bottom:5px;'>Wegbeschreibung abrufen<\/h3>\n\t\t\t\t<\/span>\n\t\t\t\t<span class='evogetdir_field evodfx evofx_1_1 evo_fx_dr_c evow100p'>\t\t\t\t\t\n\t\t\t\t\t<input class='evoInput evotac' type='text' name='saddr' placeholder='&quot;Geben Sie die Adresse ein' value='' style='margin:10px 0;'\/>\n\t\t\t\t<\/span>\n\t\t\t\t<button type='submit' class='evo_get_direction_button evo_btn_arr_circ dfx fx_ai_c' title='&quot;Klicken Sie hier'><i class='fa fa-chevron-right'><\/i> <\/button>\n\t\t\t<\/div>\n\t\t<\/form>\n\t<\/div><\/div><\/div><div class='evo_card_row_end evcal_close' title='Schlie\u00dfen'><\/div><\/div><div class='clear end'><\/div><\/div><div id=\"event_2107_6\" class=\"eventon_list_event evo_eventtop scheduled  event clrW no_et event_2107_6\" data-event_id=\"2107\" data-ri=\"6r\" data-time=\"1785843000-1785880740\" data-colr=\"#facd05\" itemscope itemtype='http:\/\/schema.org\/Event'><div class=\"evo_event_schema\" style=\"display:none\" ><a itemprop='url'  href='https:\/\/latemarium.com\/de\/events\/mindful-latemar\/var\/ri-6.l-L2'><\/a><meta itemprop='image' content=\"https:\/\/latemarium.com\/wp-content\/uploads\/2023\/06\/\u00a9Obereggen_LatemarAG.SpA_Mindful.Latemar_Ph.Guenther.Pichler_06.jpg\" \/><meta itemprop='startDate' content=\"2026-8-4T13:30+0:00\" \/><meta itemprop='endDate' content=\"2026-8-4T23:59+0:00\" \/><meta itemprop='eventStatus' content=\"https:\/\/schema.org\/EventScheduled\" \/><meta itemprop='eventAttendanceMode'   itemscope itemtype=\"https:\/\/schema.org\/OfflineEventAttendanceMode\"\/><div style=\"display:none\" itemprop=\"location\" itemscope itemtype=\"http:\/\/schema.org\/Place\"><span itemprop=\"name\">Talstation Obereggen<\/span><span itemprop=\"address\" itemscope itemtype=\"http:\/\/schema.org\/PostalAddress\"><item itemprop=\"streetAddress\">Obereggen 16 I-39050 Deutschnofen (BZ)<\/item><\/span><\/div><script type=\"application\/ld+json\">{\"@context\": \"http:\/\/schema.org\",\"@type\": \"Event\",\n\t\t\t\t\"@id\": \"event_2107_6\",\n\t\t\t\t\"eventAttendanceMode\":\"https:\/\/schema.org\/OfflineEventAttendanceMode\",\n\t\t\t\t\"eventStatus\":\"https:\/\/schema.org\/EventScheduled\",\n\t\t\t\t\"name\": \"Mindful.Latemar\",\n\t\t\t\t\"url\": \"https:\/\/latemarium.com\/de\/events\/mindful-latemar\/var\/ri-6.l-L2\",\n\t\t\t\t\"startDate\": \"2026-8-4T13:30+0:00\",\n\t\t\t\t\"endDate\": \"2026-8-4T23:59+0:00\",\n\t\t\t\t\"image\":\"https:\/\/latemarium.com\/wp-content\/uploads\/2023\/06\/\u00a9Obereggen_LatemarAG.SpA_Mindful.Latemar_Ph.Guenther.Pichler_06.jpg\", \n\t\t\t\t\"description\":\"<p>Mindful.Latemar befindet sich in Obereggen entlang des <strong>Rundweges auf dem Golfrion<\/strong>, am Fu\u00dfe der Dolomiten auf 1872 Metern Meeresh\u00f6he.<\/p> <p>Der Weg beinhaltet <strong>18 verschiedene Mindfulness-\u00dcbungen<\/strong> an einem besonderen Ort, der nach dem Sturm Vaia im November 2018 ein Beispiel f\u00fcr Best\u00e4ndigkeit und Resilienz wurde.<\/p> <h3 class='wysiwyg__subline'>Dr. Thomas Bernagozzi begleitet dich immer dienstags:<\/h3> <div class='wysiwyg__description'> <p>von 13.30 bis 15.30 Uhr (auf Deutsch )<br \/> von 15.45 bis 17.45 Uhr (auf Italienisch)<\/p> <ul> <li>Treffpunkt: Talstation der Kabinenbahn &#8220;Obereggen-Ochsenweide&#8221;<\/li> <li>Kosten: 30 Euro inklusive der Berg- und Talfahrt<\/li> <li>Anmeldung online:\u00a0<a href='https:\/\/eggental.com\/de\/ajax-events#11944' target='_blank' rel='noopener'><strong><u>Eggental Tourismus<\/u><\/strong><\/a>\u00a0(max. 10 Personen)<\/li> <\/ul> <\/div> \",\"location\":[{\"@type\":\"Place\",\"name\":\"Talstation Obereggen\",\"address\":{\"@type\": \"PostalAddress\",\"streetAddress\":\"Obereggen 16 I-39050 Deutschnofen (BZ)\"}}]}<\/script><\/div>\r\n\t\t\t\t<p class=\"desc_trig_outter\" style=\"\"><a data-gmtrig=\"1\" data-exlk=\"0\" style=\"background-color: #facd05;\" id=\"evc_17858430002107\" class=\"hasFtIMG event_repeat desc_trig sin_val evcal_list_a\" data-ux_val=\"3\" data-ux_val_mob=\"-\"  ><span class='evoet_c1 evoet_cx '><span class='ev_ftImg' data-img='https:\/\/latemarium.com\/wp-content\/uploads\/2023\/06\/\u00a9Obereggen_LatemarAG.SpA_Mindful.Latemar_Ph.Guenther.Pichler_06.jpg' data-thumb='https:\/\/latemarium.com\/wp-content\/uploads\/2023\/06\/\u00a9Obereggen_LatemarAG.SpA_Mindful.Latemar_Ph.Guenther.Pichler_06-300x169.jpg' style='background-image:url(\"https:\/\/latemarium.com\/wp-content\/uploads\/2023\/06\/\u00a9Obereggen_LatemarAG.SpA_Mindful.Latemar_Ph.Guenther.Pichler_06-300x169.jpg\")' ><\/span><\/span><span class='evoet_c2 evoet_cx '><span class='evoet_dayblock evcal_cblock ' data-bgcolor='#facd05' data-smon='August' data-syr='2026' data-bub=''><span class='evo_start '><em class='date'>04<\/em><em class='month'>Aug<\/em><em class='time'>13:30<\/em><\/span><\/span><\/span><span class='evoet_c3 evoet_cx evcal_desc hide_eventtopdata '><span class='evoet_title evcal_desc2 evcal_event_title ' itemprop='name'>Mindful.Latemar<\/span><span class='event_location_attrs'  data-location_address=\"Obereggen 16 I-39050 Deutschnofen (BZ)\" data-location_type=\"lonlat\" data-location_name=\"Talstation Obereggen\" data-location_url=\"https:\/\/latemarium.com\/de\/event-location\/talstation-obereggen\/\" data-location_status=\"true\" data-latlng=\"46.3835808246333,11.52667595881786\"><\/span><span class='evoet_subtitle evo_below_title' ><span class='evcal_event_subtitle ' >Mindful.Latemar ist der erste immersive Achtsamkeitspfad in den Alpen.<\/span><\/span><span class='evoet_time_expand level_3'><em class='evcal_time evo_tz_time'><i class='fa fa-clock-o'><\/i>13:30<span class='evo_tz marl5'>(GMT+02:00)<\/span><\/em> <\/span><span class='evoet_location level_3'><em class=\"evcal_location\"  data-latlng=\"46.3835808246333,11.52667595881786\" data-add_str=\"Obereggen 16 I-39050 Deutschnofen (BZ)\" data-n=\"Talstation Obereggen\"><i class=\"fa fa-location-pin\"><\/i><em class=\"event_location_name\">Talstation Obereggen<\/em>, Obereggen 16 I-39050 Deutschnofen (BZ)<\/em><\/span><\/span><span class='evoet_data' data-d=\"{&quot;loc.n&quot;:&quot;Talstation Obereggen&quot;,&quot;orgs&quot;:[],&quot;tags&quot;:{&quot;repeating&quot;:&quot;Repeating Event&quot;}}\" data-bgc=\"#facd05\" data-bggrad=\"\" ><\/span><\/a><\/p><div class='event_description evcal_eventcard ' style=\"display:none\"><div class='evocard_row'><div id='event_ftimage' class='evocard_box ftimage' data-c='' \n\t\t\t\t\tstyle=''><div class='evocard_main_image_hold' data-t='Loading Image..'><div class='evocard_main_image evo_img_triglb evobr15 evobgsc evobgpc evodfx evofx_jc_c evofx_ai_c evofz48 minmized' style='height:300px; background-image:url();' data-f=\"https:\/\/latemarium.com\/wp-content\/uploads\/2023\/06\/\u00a9Obereggen_LatemarAG.SpA_Mindful.Latemar_Ph.Guenther.Pichler_06.jpg\" data-h=\"812\" data-w=\"1445\" data-ratio=\"0.56193771626298\" data-event_id=\"2107\" data-ri=\"6\"  data-t='Loading Image..'><span style='height:300px; background-image:url(https:\/\/latemarium.com\/wp-content\/uploads\/2023\/06\/\u00a9Obereggen_LatemarAG.SpA_Mindful.Latemar_Ph.Guenther.Pichler_06.jpg)'><\/span><\/div><\/div><\/div><\/div><div class='evocard_row'><div id='event_eventdetails' class='evocard_box eventdetails' data-c='' \n\t\t\t\t\tstyle=''><div class='evo_metarow_details evorow evcal_evdata_row evcal_event_details'>\n\t\t<div class=\"event_excerpt\" style=\"display:none\"><h3 class=\"padb5 evo_h3\">Details zur Veranstaltung<\/h3><p>Mindful.Latemar befindet sich in Obereggen entlang des Rundweges auf dem Golfrion, am Fu\u00dfe der Dolomiten auf 1872 Metern Meeresh\u00f6he.\nDer Weg beinhaltet 18 verschiedene Mindfulness-\u00dcbungen an einem besonderen Ort, der nach<\/p><\/div><span class='evcal_evdata_icons'><i class='fa fa-align-justify'><\/i><\/span>\n\t\t\n\t\t<div class='evcal_evdata_cell shorter_desc'>\n\t\t\t<div class='eventon_full_description'>\n\t\t\t\t<h3 class='padb5 evo_h3'><span class='evcal_evdata_icons'><i class='fa fa-align-justify'><\/i><\/span>Details zur Veranstaltung<\/h3>\n\t\t\t\t<div class='eventon_desc_in' itemprop='description'>\n\t\t\t\t<p>Mindful.Latemar befindet sich in Obereggen entlang des <strong>Rundweges auf dem Golfrion<\/strong>, am Fu\u00dfe der Dolomiten auf 1872 Metern Meeresh\u00f6he.<\/p>\n<p>Der Weg beinhaltet <strong>18 verschiedene Mindfulness-\u00dcbungen<\/strong> an einem besonderen Ort, der nach dem Sturm Vaia im November 2018 ein Beispiel f\u00fcr Best\u00e4ndigkeit und Resilienz wurde.<\/p>\n<h3 class=\"wysiwyg__subline\">Dr. Thomas Bernagozzi begleitet dich immer dienstags:<\/h3>\n<div class=\"wysiwyg__description\">\n<p>von 13.30 bis 15.30 Uhr (auf Deutsch )<br \/>\nvon 15.45 bis 17.45 Uhr (auf Italienisch)<\/p>\n<ul>\n<li>Treffpunkt: Talstation der Kabinenbahn &#8220;Obereggen-Ochsenweide&#8221;<\/li>\n<li>Kosten: 30 Euro inklusive der Berg- und Talfahrt<\/li>\n<li>Anmeldung online:\u00a0<a href=\"https:\/\/eggental.com\/de\/ajax-events#11944\" target=\"_blank\" rel=\"noopener\"><strong><u>Eggental Tourismus<\/u><\/strong><\/a>\u00a0(max. 10 Personen)<\/li>\n<\/ul>\n<\/div>\n<\/div><p class='eventon_shad_p' style='padding:5px 0 0; margin:0'>\n\t\t\t<span class='evcal_btn evo_btn_secondary evobtn_details_show_more' content='less'>\n\t\t\t\t<span class='ev_more_text' data-txt='Weniger'>Mehr<\/span><span class='ev_more_arrow ard'><\/span>\n\t\t\t<\/span>\n\t\t<\/p><div class='clear'><\/div>\n\t\t\t<\/div>\n\t\t<\/div>\n\t<\/div><\/div><\/div><div class='evocard_row bx2 bx'><div id='event_time' class='evocard_box time' data-c='' \n\t\t\t\t\tstyle=''><div class='evo_metarow_time evorow evcal_evdata_row evcal_evrow_sm '>\n\t\t<span class='evcal_evdata_icons'><i class='fa fa-clock'><\/i><\/span>\n\t\t<div class='evcal_evdata_cell'>\t\t\t\t\t\t\t\n\t\t\t<h3 class='evo_h3'><span class='evcal_evdata_icons'><i class='fa fa-clock'><\/i><\/span>Zeitplan<\/h3><p><span class='evo_eventcard_time_t'>4 August 2026 13:30<\/span><span class='evo_tz marr5'>(GMT+02:00)<\/span><\/p>\n\t\t<\/div>\n\t<\/div><\/div><div id='event_location' class='evocard_box location' data-c='' \n\t\t\t\t\tstyle=''><div class='evcal_evdata_row evo_metarow_time_location evorow '>\n\t\t\n\t\t\t<span class='evcal_evdata_icons'><i class='fa fa-map-marker'><\/i><\/span>\n\t\t\t<div class='evcal_evdata_cell' data-loc_tax_id='23'><h3 class='evo_h3 evodfx'><span class='evcal_evdata_icons'><i class='fa fa-map-marker'><\/i><\/span>Ort<\/h3><p class='evo_location_name'>Talstation Obereggen<\/p><p class='evo_location_address evodfxi evogap10'>Obereggen 16 I-39050 Deutschnofen (BZ)<\/p><div class='padt10'><span class='evo_btn_arr evolb_trigger' data-lbvals=\"{&quot;lbc&quot;:&quot;evo_location_lb_23&quot;,&quot;lbac&quot;:&quot;lb_max&quot;,&quot;t&quot;:&quot;Talstation Obereggen&quot;,&quot;ajax&quot;:&quot;yes&quot;,&quot;ajax_type&quot;:&quot;endpoint&quot;,&quot;ajax_action&quot;:&quot;eventon_get_tax_card_content&quot;,&quot;end&quot;:&quot;client&quot;,&quot;d&quot;:{&quot;lang&quot;:&quot;L2&quot;,&quot;term_id&quot;:23,&quot;tax&quot;:&quot;event_location&quot;,&quot;load_lbcontent&quot;:true},&quot;uid&quot;:&quot;eventon_get_tax_card_content&quot;}\" >Other Events<i class='fa fa-chevron-right'><\/i><\/span><\/div><\/div>\n\t\t\n\t<\/div><\/div><\/div><div class='evocard_row bx2 bx'><div id='event_learnmore' class='evocard_box learnmore' data-c='' \n\t\t\t\t\tstyle=''><div class='evo_metarow_learnM evo_metarow_learnmore evorow'>\n\t\t\t\t\t\t\t<a class='evcal_evdata_row evo_clik_row ' href='https:\/\/obereggen.com\/de\/mindfullatemar' target=\"_blank\">\n\t\t\t\t\t\t\t\t<span class='evcal_evdata_icons'><i class='fa fa-link'><\/i><\/span>\n\t\t\t\t\t\t\t\t<h3 class='evo_h3'>Entdecke mehr<\/h3>\n\t\t\t\t\t\t\t<\/a>\n\t\t\t\t\t\t\t<\/div><\/div><div id='event_addtocal' class='evocard_box addtocal' data-c='' \n\t\t\t\t\tstyle=''><div class='evo_metarow_ICS evorow evcal_evdata_row'>\n\t\t\t<span class='evcal_evdata_icons'><i class='fa fa-calendar-o'><\/i><\/span>\n\t\t\t<div class='evcal_evdata_cell'>\n\t\t\t\t<p><a href='https:\/\/latemarium.com\/de\/export-events\/2107_6\/?nonce=7b34e59f7d' class='evo_ics_nCal' title='Zu Ihrem Kalender hinzuf\u00fcgen'>Kalender<\/a><a href='https:\/\/www.google.com\/calendar\/event?action=TEMPLATE&text=Mindful.Latemar&dates=20260804T113000Z%2F20260804T215900Z&ctz=Europe%2FRome&details=Mindful.Latemar&location=Talstation+Obereggen+Obereggen+16+I-39050+Deutschnofen+%28BZ%29' target='_blank' class='evo_ics_gCal' title='Zu Google Kalender hinzuf\u00fcgen'>GoogleCal<\/a><\/p>\t\n\t\t\t<\/div>\n\t\t<\/div><\/div><\/div><div class='evocard_row'><div id='event_getdirection' class='evocard_box getdirection' data-c='' \n\t\t\t\t\tstyle=''><div class='evo_metarow_getDr evorow evcal_evdata_row evcal_evrow_sm getdirections'>\n\t\t<form action='https:\/\/maps.google.com\/maps' method='get' target='_blank'>\n\t\t\t<input type='hidden' name='daddr' value=\"46.3835808246333,11.52667595881786\"\/> \n\t\t\t<div class='evo_get_direction_content evo_fx_dr_r evogap10'>\n\t\t\t\t<span class='evogetdir_header evodfx evofx_dr_r evofx_ai_c marr10'>\n\t\t\t\t\t<i class='mainicon fa fa-road'><\/i> \n\t\t\t\t\t<h3 class='evo_h3' style='padding-bottom:5px;'>Wegbeschreibung abrufen<\/h3>\n\t\t\t\t<\/span>\n\t\t\t\t<span class='evogetdir_field evodfx evofx_1_1 evo_fx_dr_c evow100p'>\t\t\t\t\t\n\t\t\t\t\t<input class='evoInput evotac' type='text' name='saddr' placeholder='&quot;Geben Sie die Adresse ein' value='' style='margin:10px 0;'\/>\n\t\t\t\t<\/span>\n\t\t\t\t<button type='submit' class='evo_get_direction_button evo_btn_arr_circ dfx fx_ai_c' title='&quot;Klicken Sie hier'><i class='fa fa-chevron-right'><\/i> <\/button>\n\t\t\t<\/div>\n\t\t<\/form>\n\t<\/div><\/div><\/div><div class='evo_card_row_end evcal_close' title='Schlie\u00dfen'><\/div><\/div><div class='clear end'><\/div><\/div><div id=\"event_2684_4\" class=\"eventon_list_event evo_eventtop scheduled  event clrD event_2684_4\" data-event_id=\"2684\" data-ri=\"4r\" data-time=\"1785848400-1785853800\" data-colr=\"#ba181d\" itemscope itemtype='http:\/\/schema.org\/Event'><div class=\"evo_event_schema\" style=\"display:none\" ><a itemprop='url'  href='https:\/\/latemarium.com\/de\/events\/respirart-kleine-bergschmankerl-kochworkshop\/var\/ri-4.l-L2'><\/a><meta itemprop='image' content=\"https:\/\/latemarium.com\/wp-content\/uploads\/2019\/06\/Weigler_Schupf_Kaiserschmarren_2.jpg\" \/><meta itemprop='startDate' content=\"2026-8-4T15:00+0:00\" \/><meta itemprop='endDate' content=\"2026-8-4T16:30+0:00\" \/><meta itemprop='eventStatus' content=\"https:\/\/schema.org\/EventScheduled\" \/><meta itemprop='eventAttendanceMode'   itemscope itemtype=\"https:\/\/schema.org\/OfflineEventAttendanceMode\"\/><div style=\"display:none\" itemprop=\"location\" itemscope itemtype=\"http:\/\/schema.org\/Place\"><span itemprop=\"name\">Bergh\u00fctte Monte Agnello<\/span><span itemprop=\"address\" itemscope itemtype=\"http:\/\/schema.org\/PostalAddress\"><item itemprop=\"streetAddress\">Loc. Pampeago, 9, 38038 Tesero TN<\/item><\/span><\/div><script type=\"application\/ld+json\">{\"@context\": \"http:\/\/schema.org\",\"@type\": \"Event\",\n\t\t\t\t\"@id\": \"event_2684_4\",\n\t\t\t\t\"eventAttendanceMode\":\"https:\/\/schema.org\/OfflineEventAttendanceMode\",\n\t\t\t\t\"eventStatus\":\"https:\/\/schema.org\/EventScheduled\",\n\t\t\t\t\"name\": \"Respirart: Kleine Bergschmankerl, Kochworkshop.\",\n\t\t\t\t\"url\": \"https:\/\/latemarium.com\/de\/events\/respirart-kleine-bergschmankerl-kochworkshop\/var\/ri-4.l-L2\",\n\t\t\t\t\"startDate\": \"2026-8-4T15:00+0:00\",\n\t\t\t\t\"endDate\": \"2026-8-4T16:30+0:00\",\n\t\t\t\t\"image\":\"https:\/\/latemarium.com\/wp-content\/uploads\/2019\/06\/Weigler_Schupf_Kaiserschmarren_2.jpg\", \n\t\t\t\t\"description\":\"<p>Wir werden G\u00e4ste der Monte-Agnello-H\u00fctte sein, um von uns neu erfundene Bergspezialit\u00e4ten zuzubereiten, zu kochen und zu genie\u00dfen. Der Workshop ist f\u00fcr die Kleinen, aber Mama und Papa werden bereit sein, mit Stift f\u00fcr Notizen und Gabel zum Probieren!<\/p> <p><strong>Kostenlose Aktivit\u00e4t<\/strong>, begrenzte Teilnehmerzahl, geeignet f\u00fcr Kinder von 5 bis 12 Jahren.<\/p> <p><strong>Info und Reservierung<\/strong>: +39 0462 813265<\/p> \",\"location\":[{\"@type\":\"Place\",\"name\":\"Bergh\u00fctte Monte Agnello\",\"address\":{\"@type\": \"PostalAddress\",\"streetAddress\":\"Loc. Pampeago, 9, 38038 Tesero TN\"}}]}<\/script><\/div>\r\n\t\t\t\t<p class=\"desc_trig_outter\" style=\"\"><a data-gmtrig=\"1\" data-exlk=\"0\" style=\"background-color: #ba181d;\" id=\"evc_17858484002684\" class=\"hasFtIMG event_repeat desc_trig sin_val evcal_list_a\" data-ux_val=\"3\" data-ux_val_mob=\"-\"  ><span class='evoet_c1 evoet_cx '><span class='ev_ftImg' data-img='https:\/\/latemarium.com\/wp-content\/uploads\/2019\/06\/Weigler_Schupf_Kaiserschmarren_2.jpg' data-thumb='https:\/\/latemarium.com\/wp-content\/uploads\/2019\/06\/Weigler_Schupf_Kaiserschmarren_2-300x202.jpg' style='background-image:url(\"https:\/\/latemarium.com\/wp-content\/uploads\/2019\/06\/Weigler_Schupf_Kaiserschmarren_2-300x202.jpg\")' ><\/span><\/span><span class='evoet_c2 evoet_cx '><span class='evoet_dayblock evcal_cblock ' data-bgcolor='#ba181d' data-smon='August' data-syr='2026' data-bub=''><span class='evo_start '><em class='date'>04<\/em><em class='month'>Aug<\/em><em class='time'>15:00<\/em><\/span><span class='evo_end only_time'><em class='time'>16:30<\/em><\/span><\/span><\/span><span class='evoet_c3 evoet_cx evcal_desc hide_eventtopdata '><span class='evoet_title evcal_desc2 evcal_event_title ' itemprop='name'>Respirart: Kleine Bergschmankerl, Kochworkshop.<\/span><span class='event_location_attrs'  data-location_address=\"Loc. Pampeago, 9, 38038 Tesero TN\" data-location_type=\"lonlat\" data-location_name=\"Bergh\u00fctte Monte Agnello\" data-location_url=\"https:\/\/latemarium.com\/de\/event-location\/berghuette-monte-agnello\/\" data-location_status=\"true\" data-latlng=\"46.333809095680266,11.547693182509184\"><\/span><span class='evoet_subtitle evo_below_title' ><span class='evcal_event_subtitle ' >MONTE AGNELLO H\u00dcTTE<\/span><\/span><span class='evoet_time_expand level_3'><em class='evcal_time evo_tz_time'><i class='fa fa-clock-o'><\/i>15:00 - 16:30<span class='evo_tz marl5'>(GMT+02:00)<\/span><\/em> <\/span><span class='evoet_location level_3'><em class=\"evcal_location\"  data-latlng=\"46.333809095680266,11.547693182509184\" data-add_str=\"Loc. Pampeago, 9, 38038 Tesero TN\" data-n=\"Bergh\u00fctte Monte Agnello\"><i class=\"fa fa-location-pin\"><\/i><em class=\"event_location_name\">Bergh\u00fctte Monte Agnello<\/em>, Loc. Pampeago, 9, 38038 Tesero TN<\/em><\/span><\/span><span class='evoet_data' data-d=\"{&quot;loc.n&quot;:&quot;Bergh\\u00fctte Monte Agnello&quot;,&quot;orgs&quot;:[],&quot;tags&quot;:{&quot;repeating&quot;:&quot;Repeating Event&quot;}}\" data-bgc=\"#ba181d\" data-bggrad=\"\" ><\/span><\/a><\/p><div class='event_description evcal_eventcard ' style=\"display:none\"><div class='evocard_row'><div id='event_ftimage' class='evocard_box ftimage' data-c='' \n\t\t\t\t\tstyle=''><div class='evocard_main_image_hold' data-t='Loading Image..'><div class='evocard_main_image evo_img_triglb evobr15 evobgsc evobgpc evodfx evofx_jc_c evofx_ai_c evofz48 minmized' style='height:300px; background-image:url();' data-f=\"https:\/\/latemarium.com\/wp-content\/uploads\/2019\/06\/Weigler_Schupf_Kaiserschmarren_2.jpg\" data-h=\"3840\" data-w=\"5695\" data-ratio=\"0.67427568042142\" data-event_id=\"2684\" data-ri=\"4\"  data-t='Loading Image..'><span style='height:300px; background-image:url(https:\/\/latemarium.com\/wp-content\/uploads\/2019\/06\/Weigler_Schupf_Kaiserschmarren_2.jpg)'><\/span><\/div><\/div><\/div><\/div><div class='evocard_row'><div id='event_eventdetails' class='evocard_box eventdetails' data-c='' \n\t\t\t\t\tstyle=''><div class='evo_metarow_details evorow evcal_evdata_row evcal_event_details'>\n\t\t<div class=\"event_excerpt\" style=\"display:none\"><h3 class=\"padb5 evo_h3\">Details zur Veranstaltung<\/h3><p>Wir werden G\u00e4ste der Monte-Agnello-H\u00fctte sein, um von uns neu erfundene Bergspezialit\u00e4ten zuzubereiten, zu kochen und zu genie\u00dfen. Der Workshop ist f\u00fcr die Kleinen, aber Mama und Papa werden bereit<\/p><\/div><span class='evcal_evdata_icons'><i class='fa fa-align-justify'><\/i><\/span>\n\t\t\n\t\t<div class='evcal_evdata_cell '>\n\t\t\t<div class='eventon_full_description'>\n\t\t\t\t<h3 class='padb5 evo_h3'><span class='evcal_evdata_icons'><i class='fa fa-align-justify'><\/i><\/span>Details zur Veranstaltung<\/h3>\n\t\t\t\t<div class='eventon_desc_in' itemprop='description'>\n\t\t\t\t<p>Wir werden G\u00e4ste der Monte-Agnello-H\u00fctte sein, um von uns neu erfundene Bergspezialit\u00e4ten zuzubereiten, zu kochen und zu genie\u00dfen. Der Workshop ist f\u00fcr die Kleinen, aber Mama und Papa werden bereit sein, mit Stift f\u00fcr Notizen und Gabel zum Probieren!<\/p>\n<p><strong>Kostenlose Aktivit\u00e4t<\/strong>, begrenzte Teilnehmerzahl, geeignet f\u00fcr Kinder von 5 bis 12 Jahren.<\/p>\n<p><strong>Info und Reservierung<\/strong>: +39 0462 813265<\/p>\n<\/div><div class='clear'><\/div>\n\t\t\t<\/div>\n\t\t<\/div>\n\t<\/div><\/div><\/div><div class='evocard_row bx2 bx'><div id='event_time' class='evocard_box time' data-c='' \n\t\t\t\t\tstyle=''><div class='evo_metarow_time evorow evcal_evdata_row evcal_evrow_sm '>\n\t\t<span class='evcal_evdata_icons'><i class='fa fa-clock'><\/i><\/span>\n\t\t<div class='evcal_evdata_cell'>\t\t\t\t\t\t\t\n\t\t\t<h3 class='evo_h3'><span class='evcal_evdata_icons'><i class='fa fa-clock'><\/i><\/span>Zeitplan<\/h3><p><span class='evo_eventcard_time_t'>4 August 2026 15:00 - 16:30<\/span><span class='evo_tz marr5'>(GMT+02:00)<\/span><\/p>\n\t\t<\/div>\n\t<\/div><\/div><div id='event_location' class='evocard_box location' data-c='' \n\t\t\t\t\tstyle=''><div class='evcal_evdata_row evo_metarow_time_location evorow '>\n\t\t\n\t\t\t<span class='evcal_evdata_icons'><i class='fa fa-map-marker'><\/i><\/span>\n\t\t\t<div class='evcal_evdata_cell' data-loc_tax_id='25'><h3 class='evo_h3 evodfx'><span class='evcal_evdata_icons'><i class='fa fa-map-marker'><\/i><\/span><a target=\"_blank\" href=\"https:\/\/www.facebook.com\/profile.php?id=100064742944609\">Ort<\/a><\/h3><p class='evo_location_name'><a target=\"_blank\" href=\"https:\/\/www.facebook.com\/profile.php?id=100064742944609\">Bergh\u00fctte Monte Agnello<\/a><\/p><p class='evo_location_address evodfxi evogap10'><a target=\"_blank\" href=\"https:\/\/www.facebook.com\/profile.php?id=100064742944609\">Loc. Pampeago, 9, 38038 Tesero TN<\/a><\/p><div class='padt10'><span class='evo_btn_arr evolb_trigger' data-lbvals=\"{&quot;lbc&quot;:&quot;evo_location_lb_25&quot;,&quot;lbac&quot;:&quot;lb_max&quot;,&quot;t&quot;:&quot;Bergh\\u00fctte Monte Agnello&quot;,&quot;ajax&quot;:&quot;yes&quot;,&quot;ajax_type&quot;:&quot;endpoint&quot;,&quot;ajax_action&quot;:&quot;eventon_get_tax_card_content&quot;,&quot;end&quot;:&quot;client&quot;,&quot;d&quot;:{&quot;lang&quot;:&quot;L2&quot;,&quot;term_id&quot;:25,&quot;tax&quot;:&quot;event_location&quot;,&quot;load_lbcontent&quot;:true},&quot;uid&quot;:&quot;eventon_get_tax_card_content&quot;}\" >Other Events<i class='fa fa-chevron-right'><\/i><\/span><\/div><\/div>\n\t\t\n\t<\/div><\/div><\/div><div class='evocard_row'><div id='event_addtocal' class='evocard_box addtocal' data-c='' \n\t\t\t\t\tstyle=''><div class='evo_metarow_ICS evorow evcal_evdata_row'>\n\t\t\t<span class='evcal_evdata_icons'><i class='fa fa-calendar-o'><\/i><\/span>\n\t\t\t<div class='evcal_evdata_cell'>\n\t\t\t\t<p><a href='https:\/\/latemarium.com\/de\/export-events\/2684_4\/?nonce=7b34e59f7d' class='evo_ics_nCal' title='Zu Ihrem Kalender hinzuf\u00fcgen'>Kalender<\/a><a href='https:\/\/www.google.com\/calendar\/event?action=TEMPLATE&text=Respirart%3A+Kleine+Bergschmankerl%2C+Kochworkshop.&dates=20260804T130000Z%2F20260804T143000Z&ctz=Europe%2FRome&details=Respirart: Kleine Bergschmankerl, Kochworkshop.&location=Bergh%C3%BCtte+Monte+Agnello+Loc.+Pampeago%2C+9%2C+38038+Tesero+TN' target='_blank' class='evo_ics_gCal' title='Zu Google Kalender hinzuf\u00fcgen'>GoogleCal<\/a><\/p>\t\n\t\t\t<\/div>\n\t\t<\/div><\/div><\/div><div class='evocard_row'><div id='event_getdirection' class='evocard_box getdirection' data-c='' \n\t\t\t\t\tstyle=''><div class='evo_metarow_getDr evorow evcal_evdata_row evcal_evrow_sm getdirections'>\n\t\t<form action='https:\/\/maps.google.com\/maps' method='get' target='_blank'>\n\t\t\t<input type='hidden' name='daddr' value=\"46.333809095680266,11.547693182509184\"\/> \n\t\t\t<div class='evo_get_direction_content evo_fx_dr_r evogap10'>\n\t\t\t\t<span class='evogetdir_header evodfx evofx_dr_r evofx_ai_c marr10'>\n\t\t\t\t\t<i class='mainicon fa fa-road'><\/i> \n\t\t\t\t\t<h3 class='evo_h3' style='padding-bottom:5px;'>Wegbeschreibung abrufen<\/h3>\n\t\t\t\t<\/span>\n\t\t\t\t<span class='evogetdir_field evodfx evofx_1_1 evo_fx_dr_c evow100p'>\t\t\t\t\t\n\t\t\t\t\t<input class='evoInput evotac' type='text' name='saddr' placeholder='&quot;Geben Sie die Adresse ein' value='' style='margin:10px 0;'\/>\n\t\t\t\t<\/span>\n\t\t\t\t<button type='submit' class='evo_get_direction_button evo_btn_arr_circ dfx fx_ai_c' title='&quot;Klicken Sie hier'><i class='fa fa-chevron-right'><\/i> <\/button>\n\t\t\t<\/div>\n\t\t<\/form>\n\t<\/div><\/div><\/div><div class='evo_card_row_end evcal_close' title='Schlie\u00dfen'><\/div><\/div><div class='clear end'><\/div><\/div><div id=\"event_2184_5\" class=\"eventon_list_event evo_eventtop scheduled  event clrD no_et event_2184_5\" data-event_id=\"2184\" data-ri=\"5r\" data-time=\"1785915000-1785967140\" data-colr=\"#ba181d\" itemscope itemtype='http:\/\/schema.org\/Event'><div class=\"evo_event_schema\" style=\"display:none\" ><a itemprop='url'  href='https:\/\/latemarium.com\/de\/events\/geotrekking-torre-di-pisa\/var\/ri-5.l-L2'><\/a><meta itemprop='image' content=\"https:\/\/latemarium.com\/wp-content\/uploads\/2020\/06\/latemar-torre-di-pisa-estate-2019_ph.alice-russolo-90-scaled.jpg\" \/><meta itemprop='startDate' content=\"2026-8-5T09:30+0:00\" \/><meta itemprop='endDate' content=\"2026-8-5T23:59+0:00\" \/><meta itemprop='eventStatus' content=\"https:\/\/schema.org\/EventScheduled\" \/><meta itemprop='eventAttendanceMode'   itemscope itemtype=\"https:\/\/schema.org\/OfflineEventAttendanceMode\"\/><script type=\"application\/ld+json\">{\"@context\": \"http:\/\/schema.org\",\"@type\": \"Event\",\n\t\t\t\t\"@id\": \"event_2184_5\",\n\t\t\t\t\"eventAttendanceMode\":\"https:\/\/schema.org\/OfflineEventAttendanceMode\",\n\t\t\t\t\"eventStatus\":\"https:\/\/schema.org\/EventScheduled\",\n\t\t\t\t\"name\": \"Geotrekking Torre di Pisa\",\n\t\t\t\t\"url\": \"https:\/\/latemarium.com\/de\/events\/geotrekking-torre-di-pisa\/var\/ri-5.l-L2\",\n\t\t\t\t\"startDate\": \"2026-8-5T09:30+0:00\",\n\t\t\t\t\"endDate\": \"2026-8-5T23:59+0:00\",\n\t\t\t\t\"image\":\"https:\/\/latemarium.com\/wp-content\/uploads\/2020\/06\/latemar-torre-di-pisa-estate-2019_ph.alice-russolo-90-scaled.jpg\", \n\t\t\t\t\"description\":\"<p><strong>Spannender geologischer Ausflug in gro\u00dfer H\u00f6he<\/strong>, um das Latemar-Atoll zu entdecken, die Perle des fossilen Archipels der Dolomiten, ein UNESCO-Weltkulturerbe. Ein eindrucksvoller Rundweg, der von einem erfahrenen Geologen und Medienbergf\u00fchrer gef\u00fchrt wird. Vom Passo Feudo steigen Sie zur Schutzh\u00fctte Torre di Pisa auf, um dann in gro\u00dfer H\u00f6he bis zur Forcella dei Camosci weiterzugehen, von wo aus Sie wieder in die Tiefen des tropischen Meeres bis zum Ausgangspunkt abtauchen. Brotzeit. Mindestalter 12 Jahre.<\/p> <p>Die Route ist mittelschwer, mit gut begehbaren Wegen und kurzen, leicht ausgesetzten Abschnitten, mit einem H\u00f6henunterschied von ca. 780 Metern.<\/p> \"}<\/script><\/div>\r\n\t\t\t\t<p class=\"desc_trig_outter\" style=\"\"><a data-gmap_status=\"null\" data-exlk=\"0\" style=\"background-color: #ba181d;\" id=\"evc_17859150002184\" class=\"hasFtIMG event_repeat desc_trig sin_val evcal_list_a\" data-ux_val=\"3\" data-ux_val_mob=\"-\"  ><span class='evoet_c1 evoet_cx '><span class='ev_ftImg' data-img='https:\/\/latemarium.com\/wp-content\/uploads\/2020\/06\/latemar-torre-di-pisa-estate-2019_ph.alice-russolo-90-scaled.jpg' data-thumb='https:\/\/latemarium.com\/wp-content\/uploads\/2020\/06\/latemar-torre-di-pisa-estate-2019_ph.alice-russolo-90-300x200.jpg' style='background-image:url(\"https:\/\/latemarium.com\/wp-content\/uploads\/2020\/06\/latemar-torre-di-pisa-estate-2019_ph.alice-russolo-90-300x200.jpg\")' ><\/span><\/span><span class='evoet_c2 evoet_cx '><span class='evoet_dayblock evcal_cblock ' data-bgcolor='#ba181d' data-smon='August' data-syr='2026' data-bub=''><span class='evo_start '><em class='date'>05<\/em><em class='month'>Aug<\/em><em class='time'>09:30<\/em><\/span><\/span><\/span><span class='evoet_c3 evoet_cx evcal_desc hide_eventtopdata '><span class='evoet_title evcal_desc2 evcal_event_title ' itemprop='name'>Geotrekking Torre di Pisa<\/span><span class='event_location_attrs' data-location_type=\"lonlat\" data-location_name=\"A monte della seggiovia Gardon\u00e8-Passo Feudo\" data-location_url=\"https:\/\/latemarium.com\/de\/event-location\/a-monte-della-seggiovia-gardone-passo-feudo\/\" data-location_status=\"true\" data-latlng=\"46.32878794406342,11.600176728690842\"><\/span><span class='evoet_subtitle evo_below_title' ><span class='evcal_event_subtitle ' >Geotrekking Torre di Pisa<\/span><\/span><span class='evoet_time_expand level_3'><em class='evcal_time evo_tz_time'><i class='fa fa-clock-o'><\/i>09:30<span class='evo_tz marl5'>(GMT+02:00)<\/span><\/em> <\/span><span class='evoet_location level_3'><em class=\"evcal_location\"  data-latlng=\"46.32878794406342,11.600176728690842\" data-add_str=\"\" data-n=\"A monte della seggiovia Gardon\u00e8-Passo Feudo\"><i class=\"fa fa-location-pin\"><\/i><em class=\"event_location_name\">A monte della seggiovia Gardon\u00e8-Passo Feudo<\/em><\/em><\/span><\/span><span class='evoet_data' data-d=\"{&quot;loc.n&quot;:&quot;A monte della seggiovia Gardon\\u00e8-Passo Feudo&quot;,&quot;orgs&quot;:[],&quot;tags&quot;:{&quot;repeating&quot;:&quot;Repeating Event&quot;}}\" data-bgc=\"#ba181d\" data-bggrad=\"\" ><\/span><\/a><\/p><div class='event_description evcal_eventcard ' style=\"display:none\"><div class='evocard_row'><div id='event_ftimage' class='evocard_box ftimage' data-c='' \n\t\t\t\t\tstyle=''><div class='evocard_main_image_hold' data-t='Loading Image..'><div class='evocard_main_image evo_img_triglb evobr15 evobgsc evobgpc evodfx evofx_jc_c evofx_ai_c evofz48 minmized' style='height:300px; background-image:url();' data-f=\"https:\/\/latemarium.com\/wp-content\/uploads\/2020\/06\/latemar-torre-di-pisa-estate-2019_ph.alice-russolo-90-scaled.jpg\" data-h=\"1707\" data-w=\"2560\" data-ratio=\"0.666796875\" data-event_id=\"2184\" data-ri=\"5\"  data-t='Loading Image..'><span style='height:300px; background-image:url(https:\/\/latemarium.com\/wp-content\/uploads\/2020\/06\/latemar-torre-di-pisa-estate-2019_ph.alice-russolo-90-scaled.jpg)'><\/span><\/div><\/div><\/div><\/div><div class='evocard_row'><div id='event_eventdetails' class='evocard_box eventdetails' data-c='' \n\t\t\t\t\tstyle=''><div class='evo_metarow_details evorow evcal_evdata_row evcal_event_details'>\n\t\t<div class=\"event_excerpt\" style=\"display:none\"><h3 class=\"padb5 evo_h3\">Details zur Veranstaltung<\/h3><p>Spannender geologischer Ausflug in gro\u00dfer H\u00f6he, um das Latemar-Atoll zu entdecken, die Perle des fossilen Archipels der Dolomiten, ein UNESCO-Weltkulturerbe. Ein eindrucksvoller Rundweg, der von einem erfahrenen Geologen und Medienbergf\u00fchrer<\/p><\/div><span class='evcal_evdata_icons'><i class='fa fa-align-justify'><\/i><\/span>\n\t\t\n\t\t<div class='evcal_evdata_cell shorter_desc'>\n\t\t\t<div class='eventon_full_description'>\n\t\t\t\t<h3 class='padb5 evo_h3'><span class='evcal_evdata_icons'><i class='fa fa-align-justify'><\/i><\/span>Details zur Veranstaltung<\/h3>\n\t\t\t\t<div class='eventon_desc_in' itemprop='description'>\n\t\t\t\t<p><strong>Spannender geologischer Ausflug in gro\u00dfer H\u00f6he<\/strong>, um das Latemar-Atoll zu entdecken, die Perle des fossilen Archipels der Dolomiten, ein UNESCO-Weltkulturerbe. Ein eindrucksvoller Rundweg, der von einem erfahrenen Geologen und Medienbergf\u00fchrer gef\u00fchrt wird. Vom Passo Feudo steigen Sie zur Schutzh\u00fctte Torre di Pisa auf, um dann in gro\u00dfer H\u00f6he bis zur Forcella dei Camosci weiterzugehen, von wo aus Sie wieder in die Tiefen des tropischen Meeres bis zum Ausgangspunkt abtauchen. Brotzeit. Mindestalter 12 Jahre.<\/p>\n<p>Die Route ist mittelschwer, mit gut begehbaren Wegen und kurzen, leicht ausgesetzten Abschnitten, mit einem H\u00f6henunterschied von ca. 780 Metern.<\/p>\n<\/div><p class='eventon_shad_p' style='padding:5px 0 0; margin:0'>\n\t\t\t<span class='evcal_btn evo_btn_secondary evobtn_details_show_more' content='less'>\n\t\t\t\t<span class='ev_more_text' data-txt='Weniger'>Mehr<\/span><span class='ev_more_arrow ard'><\/span>\n\t\t\t<\/span>\n\t\t<\/p><div class='clear'><\/div>\n\t\t\t<\/div>\n\t\t<\/div>\n\t<\/div><\/div><\/div><div class='evocard_row bx2 bx'><div id='event_time' class='evocard_box time' data-c='' \n\t\t\t\t\tstyle=''><div class='evo_metarow_time evorow evcal_evdata_row evcal_evrow_sm '>\n\t\t<span class='evcal_evdata_icons'><i class='fa fa-clock'><\/i><\/span>\n\t\t<div class='evcal_evdata_cell'>\t\t\t\t\t\t\t\n\t\t\t<h3 class='evo_h3'><span class='evcal_evdata_icons'><i class='fa fa-clock'><\/i><\/span>Zeitplan<\/h3><p><span class='evo_eventcard_time_t'>5 August 2026 09:30<\/span><span class='evo_tz marr5'>(GMT+02:00)<\/span><\/p>\n\t\t<\/div>\n\t<\/div><\/div><div id='event_location' class='evocard_box location' data-c='' \n\t\t\t\t\tstyle=''><div class='evcal_evdata_row evo_metarow_time_location evorow '>\n\t\t\n\t\t\t<span class='evcal_evdata_icons'><i class='fa fa-map-marker'><\/i><\/span>\n\t\t\t<div class='evcal_evdata_cell' data-loc_tax_id='37'><h3 class='evo_h3 evodfx'><span class='evcal_evdata_icons'><i class='fa fa-map-marker'><\/i><\/span>Ort<\/h3><p class='evo_location_name'>A monte della seggiovia Gardon\u00e8-Passo Feudo<\/p><div class='padt10'><span class='evo_btn_arr evolb_trigger' data-lbvals=\"{&quot;lbc&quot;:&quot;evo_location_lb_37&quot;,&quot;lbac&quot;:&quot;lb_max&quot;,&quot;t&quot;:&quot;A monte della seggiovia Gardon\\u00e8-Passo Feudo&quot;,&quot;ajax&quot;:&quot;yes&quot;,&quot;ajax_type&quot;:&quot;endpoint&quot;,&quot;ajax_action&quot;:&quot;eventon_get_tax_card_content&quot;,&quot;end&quot;:&quot;client&quot;,&quot;d&quot;:{&quot;lang&quot;:&quot;L2&quot;,&quot;term_id&quot;:37,&quot;tax&quot;:&quot;event_location&quot;,&quot;load_lbcontent&quot;:true},&quot;uid&quot;:&quot;eventon_get_tax_card_content&quot;}\" >Other Events<i class='fa fa-chevron-right'><\/i><\/span><\/div><\/div>\n\t\t\n\t<\/div><\/div><\/div><div class='evocard_row bx2 bx'><div id='event_learnmore' class='evocard_box learnmore' data-c='' \n\t\t\t\t\tstyle=''><div class='evo_metarow_learnM evo_metarow_learnmore evorow'>\n\t\t\t\t\t\t\t<a class='evcal_evdata_row evo_clik_row ' href='https:\/\/www.latemar.it\/de\/sommer\/geotrekking\/' target=\"_blank\">\n\t\t\t\t\t\t\t\t<span class='evcal_evdata_icons'><i class='fa fa-link'><\/i><\/span>\n\t\t\t\t\t\t\t\t<h3 class='evo_h3'>Entdecke mehr<\/h3>\n\t\t\t\t\t\t\t<\/a>\n\t\t\t\t\t\t\t<\/div><\/div><div id='event_addtocal' class='evocard_box addtocal' data-c='' \n\t\t\t\t\tstyle=''><div class='evo_metarow_ICS evorow evcal_evdata_row'>\n\t\t\t<span class='evcal_evdata_icons'><i class='fa fa-calendar-o'><\/i><\/span>\n\t\t\t<div class='evcal_evdata_cell'>\n\t\t\t\t<p><a href='https:\/\/latemarium.com\/de\/export-events\/2184_5\/?nonce=7b34e59f7d' class='evo_ics_nCal' title='Zu Ihrem Kalender hinzuf\u00fcgen'>Kalender<\/a><a href='https:\/\/www.google.com\/calendar\/event?action=TEMPLATE&text=Geotrekking+Torre+di+Pisa&dates=20260805T073000Z%2F20260805T215900Z&ctz=Europe%2FRome&details=Geotrekking Torre di Pisa&location=A+monte+della+seggiovia+Gardon%C3%A8-Passo+Feudo' target='_blank' class='evo_ics_gCal' title='Zu Google Kalender hinzuf\u00fcgen'>GoogleCal<\/a><\/p>\t\n\t\t\t<\/div>\n\t\t<\/div><\/div><\/div><div class='evocard_row'><div id='event_getdirection' class='evocard_box getdirection' data-c='' \n\t\t\t\t\tstyle=''><div class='evo_metarow_getDr evorow evcal_evdata_row evcal_evrow_sm getdirections'>\n\t\t<form action='https:\/\/maps.google.com\/maps' method='get' target='_blank'>\n\t\t\t<input type='hidden' name='daddr' value=\"46.32878794406342,11.600176728690842\"\/> \n\t\t\t<div class='evo_get_direction_content evo_fx_dr_r evogap10'>\n\t\t\t\t<span class='evogetdir_header evodfx evofx_dr_r evofx_ai_c marr10'>\n\t\t\t\t\t<i class='mainicon fa fa-road'><\/i> \n\t\t\t\t\t<h3 class='evo_h3' style='padding-bottom:5px;'>Wegbeschreibung abrufen<\/h3>\n\t\t\t\t<\/span>\n\t\t\t\t<span class='evogetdir_field evodfx evofx_1_1 evo_fx_dr_c evow100p'>\t\t\t\t\t\n\t\t\t\t\t<input class='evoInput evotac' type='text' name='saddr' placeholder='&quot;Geben Sie die Adresse ein' value='' style='margin:10px 0;'\/>\n\t\t\t\t<\/span>\n\t\t\t\t<button type='submit' class='evo_get_direction_button evo_btn_arr_circ dfx fx_ai_c' title='&quot;Klicken Sie hier'><i class='fa fa-chevron-right'><\/i> <\/button>\n\t\t\t<\/div>\n\t\t<\/form>\n\t<\/div><\/div><\/div><div class='evo_card_row_end evcal_close' title='Schlie\u00dfen'><\/div><\/div><div class='clear end'><\/div><\/div><div id=\"event_2176_4\" class=\"eventon_list_event evo_eventtop scheduled  event clrW no_et event_2176_4\" data-event_id=\"2176\" data-ri=\"4r\" data-time=\"1785918600-1785967140\" data-colr=\"#a69dcd\" itemscope itemtype='http:\/\/schema.org\/Event'><div class=\"evo_event_schema\" style=\"display:none\" ><a itemprop='url'  href='https:\/\/latemarium.com\/de\/events\/gea-bei-der-eroberung-des-gipfels\/var\/ri-4.l-L2'><\/a><meta itemprop='image' content=\"https:\/\/latemarium.com\/wp-content\/uploads\/2023\/06\/geotrail-1200x800-alice-russolo-rocce-barca-2.jpg\" \/><meta itemprop='startDate' content=\"2026-8-5T10:30+0:00\" \/><meta itemprop='endDate' content=\"2026-8-5T23:59+0:00\" \/><meta itemprop='eventStatus' content=\"https:\/\/schema.org\/EventScheduled\" \/><meta itemprop='eventAttendanceMode'   itemscope itemtype=\"https:\/\/schema.org\/OfflineEventAttendanceMode\"\/><script type=\"application\/ld+json\">{\"@context\": \"http:\/\/schema.org\",\"@type\": \"Event\",\n\t\t\t\t\"@id\": \"event_2176_4\",\n\t\t\t\t\"eventAttendanceMode\":\"https:\/\/schema.org\/OfflineEventAttendanceMode\",\n\t\t\t\t\"eventStatus\":\"https:\/\/schema.org\/EventScheduled\",\n\t\t\t\t\"name\": \"GEA BEI DER EROBERUNG DES GIPFELS\",\n\t\t\t\t\"url\": \"https:\/\/latemarium.com\/de\/events\/gea-bei-der-eroberung-des-gipfels\/var\/ri-4.l-L2\",\n\t\t\t\t\"startDate\": \"2026-8-5T10:30+0:00\",\n\t\t\t\t\"endDate\": \"2026-8-5T23:59+0:00\",\n\t\t\t\t\"image\":\"https:\/\/latemarium.com\/wp-content\/uploads\/2023\/06\/geotrail-1200x800-alice-russolo-rocce-barca-2.jpg\", \n\t\t\t\t\"description\":\"<p>Unsere freie und enthusiastische Gea vollbringt ein neues Kunstst\u00fcck mit zwei erfahrenen Begleitern und gemeinsam erobern sie den Gipfel!<\/p> <p>Immer mittwochs, vom 8. Juli bis zum 19. August 2026<br \/> bei der Passo Feudo H\u00fctte, welche mit der Seilbahn und mit dem Sessellift erreichbar ist<br \/> um 10.30 Uhr<br \/> F\u00fcr Familien mit Kindern ab 5 Jahren geeignet (Dauer: 1h30\u2018)<br \/> Vorstellung auf Italienisch<\/p> \"}<\/script><\/div>\r\n\t\t\t\t<p class=\"desc_trig_outter\" style=\"\"><a data-gmap_status=\"null\" data-exlk=\"0\" style=\"background-color: #a69dcd;\" id=\"evc_17859186002176\" class=\"hasFtIMG event_repeat desc_trig sin_val evcal_list_a\" data-ux_val=\"3\" data-ux_val_mob=\"-\"  ><span class='evoet_c1 evoet_cx '><span class='ev_ftImg' data-img='https:\/\/latemarium.com\/wp-content\/uploads\/2023\/06\/geotrail-1200x800-alice-russolo-rocce-barca-2.jpg' data-thumb='https:\/\/latemarium.com\/wp-content\/uploads\/2023\/06\/geotrail-1200x800-alice-russolo-rocce-barca-2-300x200.jpg' style='background-image:url(\"https:\/\/latemarium.com\/wp-content\/uploads\/2023\/06\/geotrail-1200x800-alice-russolo-rocce-barca-2-300x200.jpg\")' ><\/span><\/span><span class='evoet_c2 evoet_cx '><span class='evoet_dayblock evcal_cblock ' data-bgcolor='#a69dcd' data-smon='August' data-syr='2026' data-bub=''><span class='evo_start '><em class='date'>05<\/em><em class='month'>Aug<\/em><em class='time'>10:30<\/em><\/span><\/span><\/span><span class='evoet_c3 evoet_cx evcal_desc hide_eventtopdata '><span class='evoet_title evcal_desc2 evcal_event_title ' itemprop='name'>GEA BEI DER EROBERUNG DES GIPFELS<\/span><span class='event_location_attrs' data-location_type=\"lonlat\" data-location_name=\"Sessellift Ankunft Gardon\u00e8-Passo Feudo\" data-location_url=\"https:\/\/latemarium.com\/de\/event-location\/sessellift-ankunft-gardone-passo-feudo\/\" data-location_status=\"true\" data-latlng=\"46.32878794406342,11.600176728690842\"><\/span><span class='evoet_subtitle evo_below_title' ><span class='evcal_event_subtitle ' >Wanderausstellung - Geotrail Dos Cap\u00e8l<\/span><\/span><span class='evoet_time_expand level_3'><em class='evcal_time evo_tz_time'><i class='fa fa-clock-o'><\/i>10:30<span class='evo_tz marl5'>(GMT+02:00)<\/span><\/em> <\/span><span class='evoet_location level_3'><em class=\"evcal_location\"  data-latlng=\"46.32878794406342,11.600176728690842\" data-add_str=\"\" data-n=\"Sessellift Ankunft Gardon\u00e8-Passo Feudo\"><i class=\"fa fa-location-pin\"><\/i><em class=\"event_location_name\">Sessellift Ankunft Gardon\u00e8-Passo Feudo<\/em><\/em><\/span><\/span><span class='evoet_data' data-d=\"{&quot;loc.n&quot;:&quot;Sessellift Ankunft Gardon\\u00e8-Passo Feudo&quot;,&quot;orgs&quot;:[],&quot;tags&quot;:{&quot;repeating&quot;:&quot;Repeating Event&quot;}}\" data-bgc=\"#a69dcd\" data-bggrad=\"\" ><\/span><\/a><\/p><div class='event_description evcal_eventcard ' style=\"display:none\"><div class='evocard_row'><div id='event_ftimage' class='evocard_box ftimage' data-c='' \n\t\t\t\t\tstyle=''><div class='evocard_main_image_hold' data-t='Loading Image..'><div class='evocard_main_image evo_img_triglb evobr15 evobgsc evobgpc evodfx evofx_jc_c evofx_ai_c evofz48 minmized' style='height:300px; background-image:url();' data-f=\"https:\/\/latemarium.com\/wp-content\/uploads\/2023\/06\/geotrail-1200x800-alice-russolo-rocce-barca-2.jpg\" data-h=\"800\" data-w=\"1200\" data-ratio=\"0.66666666666667\" data-event_id=\"2176\" data-ri=\"4\"  data-t='Loading Image..'><span style='height:300px; background-image:url(https:\/\/latemarium.com\/wp-content\/uploads\/2023\/06\/geotrail-1200x800-alice-russolo-rocce-barca-2.jpg)'><\/span><\/div><\/div><\/div><\/div><div class='evocard_row'><div id='event_eventdetails' class='evocard_box eventdetails' data-c='' \n\t\t\t\t\tstyle=''><div class='evo_metarow_details evorow evcal_evdata_row evcal_event_details'>\n\t\t<div class=\"event_excerpt\" style=\"display:none\"><h3 class=\"padb5 evo_h3\">Details zur Veranstaltung<\/h3><p>Unsere freie und enthusiastische Gea vollbringt ein neues Kunstst\u00fcck mit zwei erfahrenen Begleitern und gemeinsam erobern sie den Gipfel!\nImmer mittwochs, vom 8. Juli bis zum 19. August 2026\nbei der<\/p><\/div><span class='evcal_evdata_icons'><i class='fa fa-align-justify'><\/i><\/span>\n\t\t\n\t\t<div class='evcal_evdata_cell '>\n\t\t\t<div class='eventon_full_description'>\n\t\t\t\t<h3 class='padb5 evo_h3'><span class='evcal_evdata_icons'><i class='fa fa-align-justify'><\/i><\/span>Details zur Veranstaltung<\/h3>\n\t\t\t\t<div class='eventon_desc_in' itemprop='description'>\n\t\t\t\t<p>Unsere freie und enthusiastische Gea vollbringt ein neues Kunstst\u00fcck mit zwei erfahrenen Begleitern und gemeinsam erobern sie den Gipfel!<\/p>\n<p>Immer mittwochs, vom 8. Juli bis zum 19. August 2026<br \/>\nbei der Passo Feudo H\u00fctte, welche mit der Seilbahn und mit dem Sessellift erreichbar ist<br \/>\num 10.30 Uhr<br \/>\nF\u00fcr Familien mit Kindern ab 5 Jahren geeignet (Dauer: 1h30\u2018)<br \/>\nVorstellung auf Italienisch<\/p>\n<\/div><div class='clear'><\/div>\n\t\t\t<\/div>\n\t\t<\/div>\n\t<\/div><\/div><\/div><div class='evocard_row bx2 bx'><div id='event_time' class='evocard_box time' data-c='' \n\t\t\t\t\tstyle=''><div class='evo_metarow_time evorow evcal_evdata_row evcal_evrow_sm '>\n\t\t<span class='evcal_evdata_icons'><i class='fa fa-clock'><\/i><\/span>\n\t\t<div class='evcal_evdata_cell'>\t\t\t\t\t\t\t\n\t\t\t<h3 class='evo_h3'><span class='evcal_evdata_icons'><i class='fa fa-clock'><\/i><\/span>Zeitplan<\/h3><p><span class='evo_eventcard_time_t'>5 August 2026 10:30<\/span><span class='evo_tz marr5'>(GMT+02:00)<\/span><\/p>\n\t\t<\/div>\n\t<\/div><\/div><div id='event_location' class='evocard_box location' data-c='' \n\t\t\t\t\tstyle=''><div class='evcal_evdata_row evo_metarow_time_location evorow '>\n\t\t\n\t\t\t<span class='evcal_evdata_icons'><i class='fa fa-map-marker'><\/i><\/span>\n\t\t\t<div class='evcal_evdata_cell' data-loc_tax_id='39'><h3 class='evo_h3 evodfx'><span class='evcal_evdata_icons'><i class='fa fa-map-marker'><\/i><\/span>Ort<\/h3><p class='evo_location_name'>Sessellift Ankunft Gardon\u00e8-Passo Feudo<\/p><div class='padt10'><span class='evo_btn_arr evolb_trigger' data-lbvals=\"{&quot;lbc&quot;:&quot;evo_location_lb_39&quot;,&quot;lbac&quot;:&quot;lb_max&quot;,&quot;t&quot;:&quot;Sessellift Ankunft Gardon\\u00e8-Passo Feudo&quot;,&quot;ajax&quot;:&quot;yes&quot;,&quot;ajax_type&quot;:&quot;endpoint&quot;,&quot;ajax_action&quot;:&quot;eventon_get_tax_card_content&quot;,&quot;end&quot;:&quot;client&quot;,&quot;d&quot;:{&quot;lang&quot;:&quot;L2&quot;,&quot;term_id&quot;:39,&quot;tax&quot;:&quot;event_location&quot;,&quot;load_lbcontent&quot;:true},&quot;uid&quot;:&quot;eventon_get_tax_card_content&quot;}\" >Other Events<i class='fa fa-chevron-right'><\/i><\/span><\/div><\/div>\n\t\t\n\t<\/div><\/div><\/div><div class='evocard_row bx2 bx'><div id='event_learnmore' class='evocard_box learnmore' data-c='' \n\t\t\t\t\tstyle=''><div class='evo_metarow_learnM evo_metarow_learnmore evorow'>\n\t\t\t\t\t\t\t<a class='evcal_evdata_row evo_clik_row ' href='https:\/\/www.montagnanimata.it\/de\/spektakel\/' target=\"_blank\">\n\t\t\t\t\t\t\t\t<span class='evcal_evdata_icons'><i class='fa fa-link'><\/i><\/span>\n\t\t\t\t\t\t\t\t<h3 class='evo_h3'>Entdecke mehr<\/h3>\n\t\t\t\t\t\t\t<\/a>\n\t\t\t\t\t\t\t<\/div><\/div><div id='event_addtocal' class='evocard_box addtocal' data-c='' \n\t\t\t\t\tstyle=''><div class='evo_metarow_ICS evorow evcal_evdata_row'>\n\t\t\t<span class='evcal_evdata_icons'><i class='fa fa-calendar-o'><\/i><\/span>\n\t\t\t<div class='evcal_evdata_cell'>\n\t\t\t\t<p><a href='https:\/\/latemarium.com\/de\/export-events\/2176_4\/?nonce=7b34e59f7d' class='evo_ics_nCal' title='Zu Ihrem Kalender hinzuf\u00fcgen'>Kalender<\/a><a href='https:\/\/www.google.com\/calendar\/event?action=TEMPLATE&text=GEA+BEI+DER+EROBERUNG+DES+GIPFELS&dates=20260805T083000Z%2F20260805T215900Z&ctz=Europe%2FRome&details=GEA BEI DER EROBERUNG DES GIPFELS&location=Sessellift+Ankunft+Gardon%C3%A8-Passo+Feudo' target='_blank' class='evo_ics_gCal' title='Zu Google Kalender hinzuf\u00fcgen'>GoogleCal<\/a><\/p>\t\n\t\t\t<\/div>\n\t\t<\/div><\/div><\/div><div class='evocard_row'><div id='event_getdirection' class='evocard_box getdirection' data-c='' \n\t\t\t\t\tstyle=''><div class='evo_metarow_getDr evorow evcal_evdata_row evcal_evrow_sm getdirections'>\n\t\t<form action='https:\/\/maps.google.com\/maps' method='get' target='_blank'>\n\t\t\t<input type='hidden' name='daddr' value=\"46.32878794406342,11.600176728690842\"\/> \n\t\t\t<div class='evo_get_direction_content evo_fx_dr_r evogap10'>\n\t\t\t\t<span class='evogetdir_header evodfx evofx_dr_r evofx_ai_c marr10'>\n\t\t\t\t\t<i class='mainicon fa fa-road'><\/i> \n\t\t\t\t\t<h3 class='evo_h3' style='padding-bottom:5px;'>Wegbeschreibung abrufen<\/h3>\n\t\t\t\t<\/span>\n\t\t\t\t<span class='evogetdir_field evodfx evofx_1_1 evo_fx_dr_c evow100p'>\t\t\t\t\t\n\t\t\t\t\t<input class='evoInput evotac' type='text' name='saddr' placeholder='&quot;Geben Sie die Adresse ein' value='' style='margin:10px 0;'\/>\n\t\t\t\t<\/span>\n\t\t\t\t<button type='submit' class='evo_get_direction_button evo_btn_arr_circ dfx fx_ai_c' title='&quot;Klicken Sie hier'><i class='fa fa-chevron-right'><\/i> <\/button>\n\t\t\t<\/div>\n\t\t<\/form>\n\t<\/div><\/div><\/div><div class='evo_card_row_end evcal_close' title='Schlie\u00dfen'><\/div><\/div><div class='clear end'><\/div><\/div><div id=\"event_2938_6\" class=\"eventon_list_event evo_eventtop scheduled  event clrD event_2938_6\" data-event_id=\"2938\" data-ri=\"6r\" data-time=\"1785931200-1785940200\" data-colr=\"#38823b\" itemscope itemtype='http:\/\/schema.org\/Event'><div class=\"evo_event_schema\" style=\"display:none\" ><a itemprop='url'  href='https:\/\/latemarium.com\/de\/events\/unterwegs-mit-ponys\/var\/ri-6.l-L2'><\/a><meta itemprop='image' content=\"https:\/\/latemarium.com\/wp-content\/uploads\/2026\/04\/pony.jpg\" \/><meta itemprop='startDate' content=\"2026-8-5T14:00+0:00\" \/><meta itemprop='endDate' content=\"2026-8-5T16:30+0:00\" \/><meta itemprop='eventStatus' content=\"https:\/\/schema.org\/EventScheduled\" \/><meta itemprop='eventAttendanceMode'   itemscope itemtype=\"https:\/\/schema.org\/OfflineEventAttendanceMode\"\/><div style=\"display:none\" itemprop=\"location\" itemscope itemtype=\"http:\/\/schema.org\/Place\"><span itemprop=\"name\">Pampeago<\/span><span itemprop=\"address\" itemscope itemtype=\"http:\/\/schema.org\/PostalAddress\"><item itemprop=\"streetAddress\">Localit\u00e0 Pampeago, 8, 38038 Tesero TN<\/item><\/span><\/div><script type=\"application\/ld+json\">{\"@context\": \"http:\/\/schema.org\",\"@type\": \"Event\",\n\t\t\t\t\"@id\": \"event_2938_6\",\n\t\t\t\t\"eventAttendanceMode\":\"https:\/\/schema.org\/OfflineEventAttendanceMode\",\n\t\t\t\t\"eventStatus\":\"https:\/\/schema.org\/EventScheduled\",\n\t\t\t\t\"name\": \"Unterwegs mit Ponys\",\n\t\t\t\t\"url\": \"https:\/\/latemarium.com\/de\/events\/unterwegs-mit-ponys\/var\/ri-6.l-L2\",\n\t\t\t\t\"startDate\": \"2026-8-5T14:00+0:00\",\n\t\t\t\t\"endDate\": \"2026-8-5T16:30+0:00\",\n\t\t\t\t\"image\":\"https:\/\/latemarium.com\/wp-content\/uploads\/2026\/04\/pony.jpg\", \n\t\t\t\t\"description\":\"<p>Ein angenehmer Spaziergang zur Entdeckung der Landschaften von Pampeago, begleitet von freundlichen Ponys, die Kinder und Familien sicher entlang der Route f\u00fchren.<\/p> <p>Ein entspannendes und unterhaltsames Erlebnis \u2013 ideal, um die Bergwelt in gem\u00e4chlichem Tempo zu genie\u00dfen und eine besondere Verbindung zu diesen sanften Tieren aufzubauen.<\/p> <p><strong>INFORMATIONEN:<\/strong><br \/> Wann \u2013 Jeden Mittwoch vom 24.06. bis 09.09.<br \/> Uhrzeit \u2013 Von 14:00 bis 16:30 Uhr (je nach Verf\u00fcgbarkeit)<br \/> Treffpunkt \u2013 Parkplatz der Tresca-Sesselbahn (Zutritt NUR f\u00fcr Teilnehmende mit Reservierung)<\/p> <p>Aktivit\u00e4t geeignet f\u00fcr Familien und Kinder.<\/p> <p>Reservierung erforderlich \u2013 klicken Sie <a href='https:\/\/www.visitfiemme.it\/de\/veranstaltungen\/fiemme-cembra-guest-card\/erlebnisse\/erlebnisse-sommer' target='_blank' rel='noopener'>HIER<\/a>, um zu buchen<\/p> \",\"location\":[{\"@type\":\"Place\",\"name\":\"Pampeago\",\"address\":{\"@type\": \"PostalAddress\",\"streetAddress\":\"Localit\u00e0 Pampeago, 8, 38038 Tesero TN\"}}]}<\/script><\/div>\r\n\t\t\t\t<p class=\"desc_trig_outter\" style=\"\"><a data-gmap_status=\"null\" data-exlk=\"0\" style=\"background-color: #38823b;\" id=\"evc_17859312002938\" class=\"hasFtIMG event_repeat desc_trig sin_val evcal_list_a\" data-ux_val=\"3\" data-ux_val_mob=\"-\"  ><span class='evoet_c1 evoet_cx '><span class='ev_ftImg' data-img='https:\/\/latemarium.com\/wp-content\/uploads\/2026\/04\/pony.jpg' data-thumb='https:\/\/latemarium.com\/wp-content\/uploads\/2026\/04\/pony-300x110.jpg' style='background-image:url(\"https:\/\/latemarium.com\/wp-content\/uploads\/2026\/04\/pony-300x110.jpg\")' ><\/span><\/span><span class='evoet_c2 evoet_cx '><span class='evoet_dayblock evcal_cblock ' data-bgcolor='#38823b' data-smon='August' data-syr='2026' data-bub=''><span class='evo_start '><em class='date'>05<\/em><em class='month'>Aug<\/em><em class='time'>14:00<\/em><\/span><span class='evo_end only_time'><em class='time'>16:30<\/em><\/span><\/span><\/span><span class='evoet_c3 evoet_cx evcal_desc hide_eventtopdata '><span class='evoet_title evcal_desc2 evcal_event_title ' itemprop='name'>Unterwegs mit Ponys<\/span><span class='event_location_attrs'  data-location_address=\"Localit\u00e0 Pampeago, 8, 38038 Tesero TN\" data-location_type=\"lonlat\" data-location_name=\"Pampeago\" data-location_url=\"https:\/\/latemarium.com\/de\/event-location\/pampeago-de\/\" data-location_status=\"true\" data-latlng=\"46.34343697644898,11.540997527961546\"><\/span><span class='evoet_subtitle evo_below_title' ><span class='evcal_event_subtitle ' >Familienwanderung<\/span><\/span><span class='evoet_time_expand level_3'><em class='evcal_time evo_tz_time'><i class='fa fa-clock-o'><\/i>14:00 - 16:30<span class='evo_tz marl5'>(GMT+02:00)<\/span><\/em> <\/span><span class='evoet_location level_3'><em class=\"evcal_location\"  data-latlng=\"46.34343697644898,11.540997527961546\" data-add_str=\"Localit\u00e0 Pampeago, 8, 38038 Tesero TN\" data-n=\"Pampeago\"><i class=\"fa fa-location-pin\"><\/i><em class=\"event_location_name\">Pampeago<\/em>, Localit\u00e0 Pampeago, 8, 38038 Tesero TN<\/em><\/span><\/span><span class='evoet_data' data-d=\"{&quot;loc.n&quot;:&quot;Pampeago&quot;,&quot;orgs&quot;:[],&quot;tags&quot;:{&quot;repeating&quot;:&quot;Repeating Event&quot;}}\" data-bgc=\"#38823b\" data-bggrad=\"\" ><\/span><\/a><\/p><div class='event_description evcal_eventcard ' style=\"display:none\"><div class='evocard_row'><div id='event_ftimage' class='evocard_box ftimage' data-c='' \n\t\t\t\t\tstyle=''><div class='evocard_main_image_hold' data-t='Loading Image..'><div class='evocard_main_image evo_img_triglb evobr15 evobgsc evobgpc evodfx evofx_jc_c evofx_ai_c evofz48 minmized' style='height:300px; background-image:url();' data-f=\"https:\/\/latemarium.com\/wp-content\/uploads\/2026\/04\/pony.jpg\" data-h=\"368\" data-w=\"1000\" data-ratio=\"0.368\" data-event_id=\"2938\" data-ri=\"6\"  data-t='Loading Image..'><span style='height:300px; background-image:url(https:\/\/latemarium.com\/wp-content\/uploads\/2026\/04\/pony.jpg)'><\/span><\/div><\/div><\/div><\/div><div class='evocard_row'><div id='event_eventdetails' class='evocard_box eventdetails' data-c='' \n\t\t\t\t\tstyle=''><div class='evo_metarow_details evorow evcal_evdata_row evcal_event_details'>\n\t\t<div class=\"event_excerpt\" style=\"display:none\"><h3 class=\"padb5 evo_h3\">Details zur Veranstaltung<\/h3><p>Ein angenehmer Spaziergang zur Entdeckung der Landschaften von Pampeago, begleitet von freundlichen Ponys, die Kinder und Familien sicher entlang der Route f\u00fchren.\nEin entspannendes und unterhaltsames Erlebnis \u2013 ideal, um die<\/p><\/div><span class='evcal_evdata_icons'><i class='fa fa-align-justify'><\/i><\/span>\n\t\t\n\t\t<div class='evcal_evdata_cell shorter_desc'>\n\t\t\t<div class='eventon_full_description'>\n\t\t\t\t<h3 class='padb5 evo_h3'><span class='evcal_evdata_icons'><i class='fa fa-align-justify'><\/i><\/span>Details zur Veranstaltung<\/h3>\n\t\t\t\t<div class='eventon_desc_in' itemprop='description'>\n\t\t\t\t<p>Ein angenehmer Spaziergang zur Entdeckung der Landschaften von Pampeago, begleitet von freundlichen Ponys, die Kinder und Familien sicher entlang der Route f\u00fchren.<\/p>\n<p>Ein entspannendes und unterhaltsames Erlebnis \u2013 ideal, um die Bergwelt in gem\u00e4chlichem Tempo zu genie\u00dfen und eine besondere Verbindung zu diesen sanften Tieren aufzubauen.<\/p>\n<p><strong>INFORMATIONEN:<\/strong><br \/>\nWann \u2013 Jeden Mittwoch vom 24.06. bis 09.09.<br \/>\nUhrzeit \u2013 Von 14:00 bis 16:30 Uhr (je nach Verf\u00fcgbarkeit)<br \/>\nTreffpunkt \u2013 Parkplatz der Tresca-Sesselbahn (Zutritt NUR f\u00fcr Teilnehmende mit Reservierung)<\/p>\n<p>Aktivit\u00e4t geeignet f\u00fcr Familien und Kinder.<\/p>\n<p>Reservierung erforderlich \u2013 klicken Sie <a href=\"https:\/\/www.visitfiemme.it\/de\/veranstaltungen\/fiemme-cembra-guest-card\/erlebnisse\/erlebnisse-sommer\" target=\"_blank\" rel=\"noopener\">HIER<\/a>, um zu buchen<\/p>\n<\/div><p class='eventon_shad_p' style='padding:5px 0 0; margin:0'>\n\t\t\t<span class='evcal_btn evo_btn_secondary evobtn_details_show_more' content='less'>\n\t\t\t\t<span class='ev_more_text' data-txt='Weniger'>Mehr<\/span><span class='ev_more_arrow ard'><\/span>\n\t\t\t<\/span>\n\t\t<\/p><div class='clear'><\/div>\n\t\t\t<\/div>\n\t\t<\/div>\n\t<\/div><\/div><\/div><div class='evocard_row bx2 bx'><div id='event_time' class='evocard_box time' data-c='' \n\t\t\t\t\tstyle=''><div class='evo_metarow_time evorow evcal_evdata_row evcal_evrow_sm '>\n\t\t<span class='evcal_evdata_icons'><i class='fa fa-clock'><\/i><\/span>\n\t\t<div class='evcal_evdata_cell'>\t\t\t\t\t\t\t\n\t\t\t<h3 class='evo_h3'><span class='evcal_evdata_icons'><i class='fa fa-clock'><\/i><\/span>Zeitplan<\/h3><p><span class='evo_eventcard_time_t'>5 August 2026 14:00 - 16:30<\/span><span class='evo_tz marr5'>(GMT+02:00)<\/span><\/p>\n\t\t<\/div>\n\t<\/div><\/div><div id='event_location' class='evocard_box location' data-c='' \n\t\t\t\t\tstyle=''><div class='evcal_evdata_row evo_metarow_time_location evorow '>\n\t\t\n\t\t\t<span class='evcal_evdata_icons'><i class='fa fa-map-marker'><\/i><\/span>\n\t\t\t<div class='evcal_evdata_cell' data-loc_tax_id='32'><h3 class='evo_h3 evodfx'><span class='evcal_evdata_icons'><i class='fa fa-map-marker'><\/i><\/span>Ort<\/h3><p class='evo_location_name'>Pampeago<\/p><p class='evo_location_address evodfxi evogap10'>Localit\u00e0 Pampeago, 8, 38038 Tesero TN<\/p><div class='padt10'><span class='evo_btn_arr evolb_trigger' data-lbvals=\"{&quot;lbc&quot;:&quot;evo_location_lb_32&quot;,&quot;lbac&quot;:&quot;lb_max&quot;,&quot;t&quot;:&quot;Pampeago&quot;,&quot;ajax&quot;:&quot;yes&quot;,&quot;ajax_type&quot;:&quot;endpoint&quot;,&quot;ajax_action&quot;:&quot;eventon_get_tax_card_content&quot;,&quot;end&quot;:&quot;client&quot;,&quot;d&quot;:{&quot;lang&quot;:&quot;L2&quot;,&quot;term_id&quot;:32,&quot;tax&quot;:&quot;event_location&quot;,&quot;load_lbcontent&quot;:true},&quot;uid&quot;:&quot;eventon_get_tax_card_content&quot;}\" >Other Events<i class='fa fa-chevron-right'><\/i><\/span><\/div><\/div>\n\t\t\n\t<\/div><\/div><\/div><div class='evocard_row'><div id='event_addtocal' class='evocard_box addtocal' data-c='' \n\t\t\t\t\tstyle=''><div class='evo_metarow_ICS evorow evcal_evdata_row'>\n\t\t\t<span class='evcal_evdata_icons'><i class='fa fa-calendar-o'><\/i><\/span>\n\t\t\t<div class='evcal_evdata_cell'>\n\t\t\t\t<p><a href='https:\/\/latemarium.com\/de\/export-events\/2938_6\/?nonce=7b34e59f7d' class='evo_ics_nCal' title='Zu Ihrem Kalender hinzuf\u00fcgen'>Kalender<\/a><a href='https:\/\/www.google.com\/calendar\/event?action=TEMPLATE&text=Unterwegs+mit+Ponys&dates=20260805T120000Z%2F20260805T143000Z&ctz=Europe%2FRome&details=Unterwegs mit Ponys&location=Pampeago+Localit%C3%A0+Pampeago%2C+8%2C+38038+Tesero+TN' target='_blank' class='evo_ics_gCal' title='Zu Google Kalender hinzuf\u00fcgen'>GoogleCal<\/a><\/p>\t\n\t\t\t<\/div>\n\t\t<\/div><\/div><\/div><div class='evocard_row'><div id='event_getdirection' class='evocard_box getdirection' data-c='' \n\t\t\t\t\tstyle=''><div class='evo_metarow_getDr evorow evcal_evdata_row evcal_evrow_sm getdirections'>\n\t\t<form action='https:\/\/maps.google.com\/maps' method='get' target='_blank'>\n\t\t\t<input type='hidden' name='daddr' value=\"Localit\u00e0 Pampeago, 8, 38038 Tesero TN\"\/> \n\t\t\t<div class='evo_get_direction_content evo_fx_dr_r evogap10'>\n\t\t\t\t<span class='evogetdir_header evodfx evofx_dr_r evofx_ai_c marr10'>\n\t\t\t\t\t<i class='mainicon fa fa-road'><\/i> \n\t\t\t\t\t<h3 class='evo_h3' style='padding-bottom:5px;'>Wegbeschreibung abrufen<\/h3>\n\t\t\t\t<\/span>\n\t\t\t\t<span class='evogetdir_field evodfx evofx_1_1 evo_fx_dr_c evow100p'>\t\t\t\t\t\n\t\t\t\t\t<input class='evoInput evotac' type='text' name='saddr' placeholder='&quot;Geben Sie die Adresse ein' value='' style='margin:10px 0;'\/>\n\t\t\t\t<\/span>\n\t\t\t\t<button type='submit' class='evo_get_direction_button evo_btn_arr_circ dfx fx_ai_c' title='&quot;Klicken Sie hier'><i class='fa fa-chevron-right'><\/i> <\/button>\n\t\t\t<\/div>\n\t\t<\/form>\n\t<\/div><\/div><\/div><div class='evo_card_row_end evcal_close' title='Schlie\u00dfen'><\/div><\/div><div class='clear end'><\/div><\/div><div id=\"event_2845_5\" class=\"eventon_list_event evo_eventtop scheduled  event clrD no_et event_2845_5\" data-event_id=\"2845\" data-ri=\"5r\" data-time=\"1785999600-1786053540\" data-colr=\"#38823b\" itemscope itemtype='http:\/\/schema.org\/Event'><div class=\"evo_event_schema\" style=\"display:none\" ><a itemprop='url'  href='https:\/\/latemarium.com\/de\/events\/escursione-in-montagna-al-rifugio-torre-di-pisa\/var\/ri-5.l-L2'><\/a><meta itemprop='image' content=\"https:\/\/latemarium.com\/wp-content\/uploads\/2025\/05\/escursione-torre-di-pisa-obereggen.jpg\" \/><meta itemprop='startDate' content=\"2026-8-6T09:00+0:00\" \/><meta itemprop='endDate' content=\"2026-8-6T23:59+0:00\" \/><meta itemprop='eventStatus' content=\"https:\/\/schema.org\/EventScheduled\" \/><meta itemprop='eventAttendanceMode'   itemscope itemtype=\"https:\/\/schema.org\/OfflineEventAttendanceMode\"\/><div style=\"display:none\" itemprop=\"location\" itemscope itemtype=\"http:\/\/schema.org\/Place\"><span itemprop=\"name\">Talstation Obereggen<\/span><span itemprop=\"address\" itemscope itemtype=\"http:\/\/schema.org\/PostalAddress\"><item itemprop=\"streetAddress\">Obereggen 16 I-39050 Deutschnofen (BZ)<\/item><\/span><\/div><script type=\"application\/ld+json\">{\"@context\": \"http:\/\/schema.org\",\"@type\": \"Event\",\n\t\t\t\t\"@id\": \"event_2845_5\",\n\t\t\t\t\"eventAttendanceMode\":\"https:\/\/schema.org\/OfflineEventAttendanceMode\",\n\t\t\t\t\"eventStatus\":\"https:\/\/schema.org\/EventScheduled\",\n\t\t\t\t\"name\": \"Gipfelwanderung zur Latemarh\u00fctte\",\n\t\t\t\t\"url\": \"https:\/\/latemarium.com\/de\/events\/escursione-in-montagna-al-rifugio-torre-di-pisa\/var\/ri-5.l-L2\",\n\t\t\t\t\"startDate\": \"2026-8-6T09:00+0:00\",\n\t\t\t\t\"endDate\": \"2026-8-6T23:59+0:00\",\n\t\t\t\t\"image\":\"https:\/\/latemarium.com\/wp-content\/uploads\/2025\/05\/escursione-torre-di-pisa-obereggen.jpg\", \n\t\t\t\t\"description\":\"<p>Mittelschwere bis schwere, anspruchsvolle Bergwanderung im hochalpinen Gel\u00e4nde im s\u00fcdlichen Latemar- Massiv. Beeindruckende Rundsicht auf die umliegende Bergwelt.<\/p> <p>Route: Auffahrt mit dem Oberholz-Sessellift (1550\u20132100 m) \u2013 Aufstieg auf Weg 18 \u2013 Aussichtsplattform \u2013 Gamsstallscharte (2560 m) \u2013 Weg 516 \u2013 Pisah\u00fctte\/Latemarh\u00fctte (2671 m). Einkehr. Abstieg Weg 516 und Weg 22 \u2013 Bergstation Sessellift Oberholz \u2013 R\u00fcckfahrt.<\/p> <p>Start: 09.00 Uhr in Obereggen<br \/> R\u00fcckkehr: 16.00 Uhr<br \/> Dauer: 7 h | Gehzeit: 6 h<br \/> H\u00f6henunterschied: 750 m<br \/> Schwierigkeit: schwer, anspruchsvoll | Anforderungen: Ausdauer, Trittsicherheit und Schwindelfreiheit |mit Einkehr | die Mitnahme von geeignetem Tourenproviant wird empfohlen<br \/> Sessellift Oberholz: 21,50 \u20ac\/Erwachsene \u2013 17,50 \u20ac\/Junior<\/p> \",\"location\":[{\"@type\":\"Place\",\"name\":\"Talstation Obereggen\",\"address\":{\"@type\": \"PostalAddress\",\"streetAddress\":\"Obereggen 16 I-39050 Deutschnofen (BZ)\"}}]}<\/script><\/div>\r\n\t\t\t\t<p class=\"desc_trig_outter\" style=\"\"><a data-gmtrig=\"1\" data-exlk=\"0\" style=\"background-color: #38823b;\" id=\"evc_17859996002845\" class=\"hasFtIMG event_repeat desc_trig sin_val evcal_list_a\" data-ux_val=\"3\" data-ux_val_mob=\"-\"  ><span class='evoet_c1 evoet_cx '><span class='ev_ftImg' data-img='https:\/\/latemarium.com\/wp-content\/uploads\/2025\/05\/escursione-torre-di-pisa-obereggen.jpg' data-thumb='https:\/\/latemarium.com\/wp-content\/uploads\/2025\/05\/escursione-torre-di-pisa-obereggen-300x182.jpg' style='background-image:url(\"https:\/\/latemarium.com\/wp-content\/uploads\/2025\/05\/escursione-torre-di-pisa-obereggen-300x182.jpg\")' ><\/span><\/span><span class='evoet_c2 evoet_cx '><span class='evoet_dayblock evcal_cblock ' data-bgcolor='#38823b' data-smon='August' data-syr='2026' data-bub=''><span class='evo_start '><em class='date'>06<\/em><em class='month'>Aug<\/em><em class='time'>09:00<\/em><\/span><\/span><\/span><span class='evoet_c3 evoet_cx evcal_desc hide_eventtopdata '><span class='evoet_title evcal_desc2 evcal_event_title ' itemprop='name'>Gipfelwanderung zur Latemarh\u00fctte<\/span><span class='event_location_attrs'  data-location_address=\"Obereggen 16 I-39050 Deutschnofen (BZ)\" data-location_type=\"lonlat\" data-location_name=\"Talstation Obereggen\" data-location_url=\"https:\/\/latemarium.com\/de\/event-location\/talstation-obereggen\/\" data-location_status=\"true\" data-latlng=\"46.3835808246333,11.52667595881786\"><\/span><span class='evoet_subtitle evo_below_title' ><span class='evcal_event_subtitle ' >Gipfelwanderung <\/span><\/span><span class='evoet_time_expand level_3'><em class='evcal_time evo_tz_time'><i class='fa fa-clock-o'><\/i>09:00<span class='evo_tz marl5'>(GMT+02:00)<\/span><\/em> <\/span><span class='evoet_location level_3'><em class=\"evcal_location\"  data-latlng=\"46.3835808246333,11.52667595881786\" data-add_str=\"Obereggen 16 I-39050 Deutschnofen (BZ)\" data-n=\"Talstation Obereggen\"><i class=\"fa fa-location-pin\"><\/i><em class=\"event_location_name\">Talstation Obereggen<\/em>, Obereggen 16 I-39050 Deutschnofen (BZ)<\/em><\/span><\/span><span class='evoet_data' data-d=\"{&quot;loc.n&quot;:&quot;Talstation Obereggen&quot;,&quot;orgs&quot;:[],&quot;tags&quot;:{&quot;repeating&quot;:&quot;Repeating Event&quot;}}\" data-bgc=\"#38823b\" data-bggrad=\"\" ><\/span><\/a><\/p><div class='event_description evcal_eventcard ' style=\"display:none\"><div class='evocard_row'><div id='event_ftimage' class='evocard_box ftimage' data-c='' \n\t\t\t\t\tstyle=''><div class='evocard_main_image_hold' data-t='Loading Image..'><div class='evocard_main_image evo_img_triglb evobr15 evobgsc evobgpc evodfx evofx_jc_c evofx_ai_c evofz48 minmized' style='height:300px; background-image:url();' data-f=\"https:\/\/latemarium.com\/wp-content\/uploads\/2025\/05\/escursione-torre-di-pisa-obereggen.jpg\" data-h=\"755\" data-w=\"1245\" data-ratio=\"0.60642570281124\" data-event_id=\"2845\" data-ri=\"5\"  data-t='Loading Image..'><span style='height:300px; background-image:url(https:\/\/latemarium.com\/wp-content\/uploads\/2025\/05\/escursione-torre-di-pisa-obereggen.jpg)'><\/span><\/div><\/div><\/div><\/div><div class='evocard_row'><div id='event_eventdetails' class='evocard_box eventdetails' data-c='' \n\t\t\t\t\tstyle=''><div class='evo_metarow_details evorow evcal_evdata_row evcal_event_details'>\n\t\t<div class=\"event_excerpt\" style=\"display:none\"><h3 class=\"padb5 evo_h3\">Details zur Veranstaltung<\/h3><p>Mittelschwere bis schwere, anspruchsvolle Bergwanderung im hochalpinen Gel\u00e4nde im s\u00fcdlichen Latemar- Massiv. Beeindruckende Rundsicht auf die umliegende Bergwelt.\nRoute: Auffahrt mit dem Oberholz-Sessellift (1550\u20132100 m) \u2013 Aufstieg auf Weg 18 \u2013<\/p><\/div><span class='evcal_evdata_icons'><i class='fa fa-align-justify'><\/i><\/span>\n\t\t\n\t\t<div class='evcal_evdata_cell shorter_desc'>\n\t\t\t<div class='eventon_full_description'>\n\t\t\t\t<h3 class='padb5 evo_h3'><span class='evcal_evdata_icons'><i class='fa fa-align-justify'><\/i><\/span>Details zur Veranstaltung<\/h3>\n\t\t\t\t<div class='eventon_desc_in' itemprop='description'>\n\t\t\t\t<p>Mittelschwere bis schwere, anspruchsvolle Bergwanderung im hochalpinen Gel\u00e4nde im s\u00fcdlichen Latemar- Massiv. Beeindruckende Rundsicht auf die umliegende Bergwelt.<\/p>\n<p>Route: Auffahrt mit dem Oberholz-Sessellift (1550\u20132100 m) \u2013 Aufstieg auf Weg 18 \u2013 Aussichtsplattform \u2013 Gamsstallscharte (2560 m) \u2013 Weg 516 \u2013 Pisah\u00fctte\/Latemarh\u00fctte (2671 m). Einkehr. Abstieg Weg 516 und Weg 22 \u2013 Bergstation Sessellift Oberholz \u2013 R\u00fcckfahrt.<\/p>\n<p>Start: 09.00 Uhr in Obereggen<br \/>\nR\u00fcckkehr: 16.00 Uhr<br \/>\nDauer: 7 h | Gehzeit: 6 h<br \/>\nH\u00f6henunterschied: 750 m<br \/>\nSchwierigkeit: schwer, anspruchsvoll | Anforderungen: Ausdauer, Trittsicherheit und Schwindelfreiheit |mit Einkehr | die Mitnahme von geeignetem Tourenproviant wird empfohlen<br \/>\nSessellift Oberholz: 21,50 \u20ac\/Erwachsene \u2013 17,50 \u20ac\/Junior<\/p>\n<\/div><p class='eventon_shad_p' style='padding:5px 0 0; margin:0'>\n\t\t\t<span class='evcal_btn evo_btn_secondary evobtn_details_show_more' content='less'>\n\t\t\t\t<span class='ev_more_text' data-txt='Weniger'>Mehr<\/span><span class='ev_more_arrow ard'><\/span>\n\t\t\t<\/span>\n\t\t<\/p><div class='clear'><\/div>\n\t\t\t<\/div>\n\t\t<\/div>\n\t<\/div><\/div><\/div><div class='evocard_row bx2 bx'><div id='event_time' class='evocard_box time' data-c='' \n\t\t\t\t\tstyle=''><div class='evo_metarow_time evorow evcal_evdata_row evcal_evrow_sm '>\n\t\t<span class='evcal_evdata_icons'><i class='fa fa-clock'><\/i><\/span>\n\t\t<div class='evcal_evdata_cell'>\t\t\t\t\t\t\t\n\t\t\t<h3 class='evo_h3'><span class='evcal_evdata_icons'><i class='fa fa-clock'><\/i><\/span>Zeitplan<\/h3><p><span class='evo_eventcard_time_t'>6 August 2026 09:00<\/span><span class='evo_tz marr5'>(GMT+02:00)<\/span><\/p>\n\t\t<\/div>\n\t<\/div><\/div><div id='event_location' class='evocard_box location' data-c='' \n\t\t\t\t\tstyle=''><div class='evcal_evdata_row evo_metarow_time_location evorow '>\n\t\t\n\t\t\t<span class='evcal_evdata_icons'><i class='fa fa-map-marker'><\/i><\/span>\n\t\t\t<div class='evcal_evdata_cell' data-loc_tax_id='23'><h3 class='evo_h3 evodfx'><span class='evcal_evdata_icons'><i class='fa fa-map-marker'><\/i><\/span>Ort<\/h3><p class='evo_location_name'>Talstation Obereggen<\/p><p class='evo_location_address evodfxi evogap10'>Obereggen 16 I-39050 Deutschnofen (BZ)<\/p><div class='padt10'><span class='evo_btn_arr evolb_trigger' data-lbvals=\"{&quot;lbc&quot;:&quot;evo_location_lb_23&quot;,&quot;lbac&quot;:&quot;lb_max&quot;,&quot;t&quot;:&quot;Talstation Obereggen&quot;,&quot;ajax&quot;:&quot;yes&quot;,&quot;ajax_type&quot;:&quot;endpoint&quot;,&quot;ajax_action&quot;:&quot;eventon_get_tax_card_content&quot;,&quot;end&quot;:&quot;client&quot;,&quot;d&quot;:{&quot;lang&quot;:&quot;L2&quot;,&quot;term_id&quot;:23,&quot;tax&quot;:&quot;event_location&quot;,&quot;load_lbcontent&quot;:true},&quot;uid&quot;:&quot;eventon_get_tax_card_content&quot;}\" >Other Events<i class='fa fa-chevron-right'><\/i><\/span><\/div><\/div>\n\t\t\n\t<\/div><\/div><\/div><div class='evocard_row bx2 bx'><div id='event_learnmore' class='evocard_box learnmore' data-c='' \n\t\t\t\t\tstyle=''><div class='evo_metarow_learnM evo_metarow_learnmore evorow'>\n\t\t\t\t\t\t\t<a class='evcal_evdata_row evo_clik_row ' href='https:\/\/eggental.com\/de\/event\/gipfelwanderung-zur-latemarhtte_11602' target=\"_blank\">\n\t\t\t\t\t\t\t\t<span class='evcal_evdata_icons'><i class='fa fa-link'><\/i><\/span>\n\t\t\t\t\t\t\t\t<h3 class='evo_h3'>Entdecke mehr<\/h3>\n\t\t\t\t\t\t\t<\/a>\n\t\t\t\t\t\t\t<\/div><\/div><div id='event_addtocal' class='evocard_box addtocal' data-c='' \n\t\t\t\t\tstyle=''><div class='evo_metarow_ICS evorow evcal_evdata_row'>\n\t\t\t<span class='evcal_evdata_icons'><i class='fa fa-calendar-o'><\/i><\/span>\n\t\t\t<div class='evcal_evdata_cell'>\n\t\t\t\t<p><a href='https:\/\/latemarium.com\/de\/export-events\/2845_5\/?nonce=7b34e59f7d' class='evo_ics_nCal' title='Zu Ihrem Kalender hinzuf\u00fcgen'>Kalender<\/a><a href='https:\/\/www.google.com\/calendar\/event?action=TEMPLATE&text=Gipfelwanderung+zur+Latemarh%C3%BCtte&dates=20260806T070000Z%2F20260806T215900Z&ctz=Europe%2FRome&details=Gipfelwanderung zur Latemarh\u00fctte&location=Talstation+Obereggen+Obereggen+16+I-39050+Deutschnofen+%28BZ%29' target='_blank' class='evo_ics_gCal' title='Zu Google Kalender hinzuf\u00fcgen'>GoogleCal<\/a><\/p>\t\n\t\t\t<\/div>\n\t\t<\/div><\/div><\/div><div class='evocard_row'><div id='event_getdirection' class='evocard_box getdirection' data-c='' \n\t\t\t\t\tstyle=''><div class='evo_metarow_getDr evorow evcal_evdata_row evcal_evrow_sm getdirections'>\n\t\t<form action='https:\/\/maps.google.com\/maps' method='get' target='_blank'>\n\t\t\t<input type='hidden' name='daddr' value=\"46.3835808246333,11.52667595881786\"\/> \n\t\t\t<div class='evo_get_direction_content evo_fx_dr_r evogap10'>\n\t\t\t\t<span class='evogetdir_header evodfx evofx_dr_r evofx_ai_c marr10'>\n\t\t\t\t\t<i class='mainicon fa fa-road'><\/i> \n\t\t\t\t\t<h3 class='evo_h3' style='padding-bottom:5px;'>Wegbeschreibung abrufen<\/h3>\n\t\t\t\t<\/span>\n\t\t\t\t<span class='evogetdir_field evodfx evofx_1_1 evo_fx_dr_c evow100p'>\t\t\t\t\t\n\t\t\t\t\t<input class='evoInput evotac' type='text' name='saddr' placeholder='&quot;Geben Sie die Adresse ein' value='' style='margin:10px 0;'\/>\n\t\t\t\t<\/span>\n\t\t\t\t<button type='submit' class='evo_get_direction_button evo_btn_arr_circ dfx fx_ai_c' title='&quot;Klicken Sie hier'><i class='fa fa-chevron-right'><\/i> <\/button>\n\t\t\t<\/div>\n\t\t<\/form>\n\t<\/div><\/div><\/div><div class='evo_card_row_end evcal_close' title='Schlie\u00dfen'><\/div><\/div><div class='clear end'><\/div><\/div><div id=\"event_2877_0\" class=\"eventon_list_event evo_eventtop scheduled  event clrW no_et event_2877_0\" data-event_id=\"2877\" data-ri=\"0r\" data-time=\"1786006800-1786053540\" data-colr=\"#a69dcd\" itemscope itemtype='http:\/\/schema.org\/Event'><div class=\"evo_event_schema\" style=\"display:none\" ><a itemprop='url'  href='https:\/\/latemarium.com\/de\/events\/malabarista-2\/var\/ri-0.l-L2'><\/a><meta itemprop='image' content=\"https:\/\/latemarium.com\/wp-content\/uploads\/2025\/05\/malabarista-predazzo.jpg\" \/><meta itemprop='startDate' content=\"2026-8-6T11:00+0:00\" \/><meta itemprop='endDate' content=\"2026-8-6T23:59+0:00\" \/><meta itemprop='eventStatus' content=\"https:\/\/schema.org\/EventScheduled\" \/><meta itemprop='eventAttendanceMode'   itemscope itemtype=\"https:\/\/schema.org\/OfflineEventAttendanceMode\"\/><script type=\"application\/ld+json\">{\"@context\": \"http:\/\/schema.org\",\"@type\": \"Event\",\n\t\t\t\t\"@id\": \"event_2877_0\",\n\t\t\t\t\"eventAttendanceMode\":\"https:\/\/schema.org\/OfflineEventAttendanceMode\",\n\t\t\t\t\"eventStatus\":\"https:\/\/schema.org\/EventScheduled\",\n\t\t\t\t\"name\": \"Malabarista\",\n\t\t\t\t\"url\": \"https:\/\/latemarium.com\/de\/events\/malabarista-2\/var\/ri-0.l-L2\",\n\t\t\t\t\"startDate\": \"2026-8-6T11:00+0:00\",\n\t\t\t\t\"endDate\": \"2026-8-6T23:59+0:00\",\n\t\t\t\t\"image\":\"https:\/\/latemarium.com\/wp-content\/uploads\/2025\/05\/malabarista-predazzo.jpg\", \n\t\t\t\t\"description\":\"<p>Jongleur, Fantast, Equilibrist. Er bietet eine bunte Show, die Familien und Kinder gleicherma\u00dfen unterh\u00e4lt. Er liebt die Gefahr, wie die besten Jongleure. Er verbl\u00fcfft mit unwahrscheinlichen Balanceakten im Dialog mit dem Publikum, aus der H\u00f6he seines riesigen Einrads.<\/p> <p>Donnerstag: 6. und 13. August 2026<br \/> Im Amphitheater in Gardon\u00e8<br \/> um 11.00 Uhr und 14.30 Uhr<\/p> <p>mit\u00a0Cristiano Marin<\/p> \"}<\/script><\/div>\r\n\t\t\t\t<p class=\"desc_trig_outter\" style=\"\"><a data-gmap_status=\"null\" data-exlk=\"0\" style=\"background-color: #a69dcd;\" id=\"evc_17860068002877\" class=\"hasFtIMG event_repeat desc_trig sin_val evcal_list_a\" data-ux_val=\"3\" data-ux_val_mob=\"-\"  ><span class='evoet_c1 evoet_cx '><span class='ev_ftImg' data-img='https:\/\/latemarium.com\/wp-content\/uploads\/2025\/05\/malabarista-predazzo.jpg' data-thumb='https:\/\/latemarium.com\/wp-content\/uploads\/2025\/05\/malabarista-predazzo-300x199.jpg' style='background-image:url(\"https:\/\/latemarium.com\/wp-content\/uploads\/2025\/05\/malabarista-predazzo-300x199.jpg\")' ><\/span><\/span><span class='evoet_c2 evoet_cx '><span class='evoet_dayblock evcal_cblock ' data-bgcolor='#a69dcd' data-smon='August' data-syr='2026' data-bub=''><span class='evo_start '><em class='date'>06<\/em><em class='month'>Aug<\/em><em class='time'>11:00<\/em><\/span><\/span><\/span><span class='evoet_c3 evoet_cx evcal_desc hide_eventtopdata '><span class='evoet_title evcal_desc2 evcal_event_title ' itemprop='name'>Malabarista<\/span><span class='event_location_attrs' data-location_type=\"lonlat\" data-location_name=\"Anfiteatro Gardon\u00e8\" data-location_url=\"https:\/\/latemarium.com\/de\/event-location\/anfiteatro-gardone-de\/\" data-location_status=\"true\" data-latlng=\"46.32878794406342,11.600176728690842\"><\/span><span class='evoet_subtitle evo_below_title' ><span class='evcal_event_subtitle ' >Amphitheater von Gardon\u00e8<\/span><\/span><span class='evoet_time_expand level_3'><em class='evcal_time evo_tz_time'><i class='fa fa-clock-o'><\/i>11:00<span class='evo_tz marl5'>(GMT+02:00)<\/span><\/em> <\/span><span class='evoet_location level_3'><em class=\"evcal_location\"  data-latlng=\"46.32878794406342,11.600176728690842\" data-add_str=\"\" data-n=\"Anfiteatro Gardon\u00e8\"><i class=\"fa fa-location-pin\"><\/i><em class=\"event_location_name\">Anfiteatro Gardon\u00e8<\/em><\/em><\/span><\/span><span class='evoet_data' data-d=\"{&quot;loc.n&quot;:&quot;Anfiteatro Gardon\\u00e8&quot;,&quot;orgs&quot;:[],&quot;tags&quot;:{&quot;repeating&quot;:&quot;Repeating Event&quot;}}\" data-bgc=\"#a69dcd\" data-bggrad=\"\" ><\/span><\/a><\/p><div class='event_description evcal_eventcard ' style=\"display:none\"><div class='evocard_row'><div id='event_ftimage' class='evocard_box ftimage' data-c='' \n\t\t\t\t\tstyle=''><div class='evocard_main_image_hold' data-t='Loading Image..'><div class='evocard_main_image evo_img_triglb evobr15 evobgsc evobgpc evodfx evofx_jc_c evofx_ai_c evofz48 minmized' style='height:300px; background-image:url();' data-f=\"https:\/\/latemarium.com\/wp-content\/uploads\/2025\/05\/malabarista-predazzo.jpg\" data-h=\"509\" data-w=\"768\" data-ratio=\"0.66276041666667\" data-event_id=\"2877\" data-ri=\"0\"  data-t='Loading Image..'><span style='height:300px; background-image:url(https:\/\/latemarium.com\/wp-content\/uploads\/2025\/05\/malabarista-predazzo.jpg)'><\/span><\/div><\/div><\/div><\/div><div class='evocard_row'><div id='event_eventdetails' class='evocard_box eventdetails' data-c='' \n\t\t\t\t\tstyle=''><div class='evo_metarow_details evorow evcal_evdata_row evcal_event_details'>\n\t\t<div class=\"event_excerpt\" style=\"display:none\"><h3 class=\"padb5 evo_h3\">Details zur Veranstaltung<\/h3><p>Jongleur, Fantast, Equilibrist. Er bietet eine bunte Show, die Familien und Kinder gleicherma\u00dfen unterh\u00e4lt. Er liebt die Gefahr, wie die besten Jongleure. Er verbl\u00fcfft mit unwahrscheinlichen Balanceakten im Dialog mit<\/p><\/div><span class='evcal_evdata_icons'><i class='fa fa-align-justify'><\/i><\/span>\n\t\t\n\t\t<div class='evcal_evdata_cell '>\n\t\t\t<div class='eventon_full_description'>\n\t\t\t\t<h3 class='padb5 evo_h3'><span class='evcal_evdata_icons'><i class='fa fa-align-justify'><\/i><\/span>Details zur Veranstaltung<\/h3>\n\t\t\t\t<div class='eventon_desc_in' itemprop='description'>\n\t\t\t\t<p>Jongleur, Fantast, Equilibrist. Er bietet eine bunte Show, die Familien und Kinder gleicherma\u00dfen unterh\u00e4lt. Er liebt die Gefahr, wie die besten Jongleure. Er verbl\u00fcfft mit unwahrscheinlichen Balanceakten im Dialog mit dem Publikum, aus der H\u00f6he seines riesigen Einrads.<\/p>\n<p>Donnerstag: 6. und 13. August 2026<br \/>\nIm Amphitheater in Gardon\u00e8<br \/>\num 11.00 Uhr und 14.30 Uhr<\/p>\n<p>mit\u00a0Cristiano Marin<\/p>\n<\/div><div class='clear'><\/div>\n\t\t\t<\/div>\n\t\t<\/div>\n\t<\/div><\/div><\/div><div class='evocard_row bx2 bx'><div id='event_time' class='evocard_box time' data-c='' \n\t\t\t\t\tstyle=''><div class='evo_metarow_time evorow evcal_evdata_row evcal_evrow_sm '>\n\t\t<span class='evcal_evdata_icons'><i class='fa fa-clock'><\/i><\/span>\n\t\t<div class='evcal_evdata_cell'>\t\t\t\t\t\t\t\n\t\t\t<h3 class='evo_h3'><span class='evcal_evdata_icons'><i class='fa fa-clock'><\/i><\/span>Zeitplan<\/h3><p><span class='evo_eventcard_time_t'>6 August 2026 11:00<\/span><span class='evo_tz marr5'>(GMT+02:00)<\/span><\/p>\n\t\t<\/div>\n\t<\/div><\/div><div id='event_location' class='evocard_box location' data-c='' \n\t\t\t\t\tstyle=''><div class='evcal_evdata_row evo_metarow_time_location evorow '>\n\t\t\n\t\t\t<span class='evcal_evdata_icons'><i class='fa fa-map-marker'><\/i><\/span>\n\t\t\t<div class='evcal_evdata_cell' data-loc_tax_id='47'><h3 class='evo_h3 evodfx'><span class='evcal_evdata_icons'><i class='fa fa-map-marker'><\/i><\/span>Ort<\/h3><p class='evo_location_name'>Anfiteatro Gardon\u00e8<\/p><div class='padt10'><span class='evo_btn_arr evolb_trigger' data-lbvals=\"{&quot;lbc&quot;:&quot;evo_location_lb_47&quot;,&quot;lbac&quot;:&quot;lb_max&quot;,&quot;t&quot;:&quot;Anfiteatro Gardon\\u00e8&quot;,&quot;ajax&quot;:&quot;yes&quot;,&quot;ajax_type&quot;:&quot;endpoint&quot;,&quot;ajax_action&quot;:&quot;eventon_get_tax_card_content&quot;,&quot;end&quot;:&quot;client&quot;,&quot;d&quot;:{&quot;lang&quot;:&quot;L2&quot;,&quot;term_id&quot;:47,&quot;tax&quot;:&quot;event_location&quot;,&quot;load_lbcontent&quot;:true},&quot;uid&quot;:&quot;eventon_get_tax_card_content&quot;}\" >Other Events<i class='fa fa-chevron-right'><\/i><\/span><\/div><\/div>\n\t\t\n\t<\/div><\/div><\/div><div class='evocard_row bx2 bx'><div id='event_learnmore' class='evocard_box learnmore' data-c='' \n\t\t\t\t\tstyle=''><div class='evo_metarow_learnM evo_metarow_learnmore evorow'>\n\t\t\t\t\t\t\t<a class='evcal_evdata_row evo_clik_row ' href='https:\/\/www.montagnanimata.it\/de\/spektakel\/' target=\"_blank\">\n\t\t\t\t\t\t\t\t<span class='evcal_evdata_icons'><i class='fa fa-link'><\/i><\/span>\n\t\t\t\t\t\t\t\t<h3 class='evo_h3'>Entdecke mehr<\/h3>\n\t\t\t\t\t\t\t<\/a>\n\t\t\t\t\t\t\t<\/div><\/div><div id='event_addtocal' class='evocard_box addtocal' data-c='' \n\t\t\t\t\tstyle=''><div class='evo_metarow_ICS evorow evcal_evdata_row'>\n\t\t\t<span class='evcal_evdata_icons'><i class='fa fa-calendar-o'><\/i><\/span>\n\t\t\t<div class='evcal_evdata_cell'>\n\t\t\t\t<p><a href='https:\/\/latemarium.com\/de\/export-events\/2877_0\/?nonce=7b34e59f7d' class='evo_ics_nCal' title='Zu Ihrem Kalender hinzuf\u00fcgen'>Kalender<\/a><a href='https:\/\/www.google.com\/calendar\/event?action=TEMPLATE&text=Malabarista&dates=20260806T090000Z%2F20260806T215900Z&ctz=Europe%2FRome&details=Malabarista&location=Anfiteatro+Gardon%C3%A8' target='_blank' class='evo_ics_gCal' title='Zu Google Kalender hinzuf\u00fcgen'>GoogleCal<\/a><\/p>\t\n\t\t\t<\/div>\n\t\t<\/div><\/div><\/div><div class='evocard_row'><div id='event_getdirection' class='evocard_box getdirection' data-c='' \n\t\t\t\t\tstyle=''><div class='evo_metarow_getDr evorow evcal_evdata_row evcal_evrow_sm getdirections'>\n\t\t<form action='https:\/\/maps.google.com\/maps' method='get' target='_blank'>\n\t\t\t<input type='hidden' name='daddr' value=\"46.32878794406342,11.600176728690842\"\/> \n\t\t\t<div class='evo_get_direction_content evo_fx_dr_r evogap10'>\n\t\t\t\t<span class='evogetdir_header evodfx evofx_dr_r evofx_ai_c marr10'>\n\t\t\t\t\t<i class='mainicon fa fa-road'><\/i> \n\t\t\t\t\t<h3 class='evo_h3' style='padding-bottom:5px;'>Wegbeschreibung abrufen<\/h3>\n\t\t\t\t<\/span>\n\t\t\t\t<span class='evogetdir_field evodfx evofx_1_1 evo_fx_dr_c evow100p'>\t\t\t\t\t\n\t\t\t\t\t<input class='evoInput evotac' type='text' name='saddr' placeholder='&quot;Geben Sie die Adresse ein' value='' style='margin:10px 0;'\/>\n\t\t\t\t<\/span>\n\t\t\t\t<button type='submit' class='evo_get_direction_button evo_btn_arr_circ dfx fx_ai_c' title='&quot;Klicken Sie hier'><i class='fa fa-chevron-right'><\/i> <\/button>\n\t\t\t<\/div>\n\t\t<\/form>\n\t<\/div><\/div><\/div><div class='evo_card_row_end evcal_close' title='Schlie\u00dfen'><\/div><\/div><div class='clear end'><\/div><\/div><div id=\"event_2198_6\" class=\"eventon_list_event evo_eventtop scheduled  event clrW event_2198_6\" data-event_id=\"2198\" data-ri=\"6r\" data-time=\"1786028400-1786036500\" data-colr=\"#f78234\" itemscope itemtype='http:\/\/schema.org\/Event'><div class=\"evo_event_schema\" style=\"display:none\" ><a itemprop='url'  href='https:\/\/latemarium.com\/de\/events\/pilyoga\/var\/ri-6.l-L2'><\/a><meta itemprop='image' content=\"https:\/\/latemarium.com\/wp-content\/uploads\/2023\/06\/pilyoga.jpg\" \/><meta itemprop='startDate' content=\"2026-8-6T17:00+0:00\" \/><meta itemprop='endDate' content=\"2026-8-6T19:15+0:00\" \/><meta itemprop='eventStatus' content=\"https:\/\/schema.org\/EventScheduled\" \/><meta itemprop='eventAttendanceMode'   itemscope itemtype=\"https:\/\/schema.org\/OfflineEventAttendanceMode\"\/><div style=\"display:none\" itemprop=\"location\" itemscope itemtype=\"http:\/\/schema.org\/Place\"><span itemprop=\"name\">Pampeago<\/span><span itemprop=\"address\" itemscope itemtype=\"http:\/\/schema.org\/PostalAddress\"><item itemprop=\"streetAddress\">Localit\u00e0 Pampeago, 8, 38038 Tesero TN<\/item><\/span><\/div><script type=\"application\/ld+json\">{\"@context\": \"http:\/\/schema.org\",\"@type\": \"Event\",\n\t\t\t\t\"@id\": \"event_2198_6\",\n\t\t\t\t\"eventAttendanceMode\":\"https:\/\/schema.org\/OfflineEventAttendanceMode\",\n\t\t\t\t\"eventStatus\":\"https:\/\/schema.org\/EventScheduled\",\n\t\t\t\t\"name\": \"PilYoga\",\n\t\t\t\t\"url\": \"https:\/\/latemarium.com\/de\/events\/pilyoga\/var\/ri-6.l-L2\",\n\t\t\t\t\"startDate\": \"2026-8-6T17:00+0:00\",\n\t\t\t\t\"endDate\": \"2026-8-6T19:15+0:00\",\n\t\t\t\t\"image\":\"https:\/\/latemarium.com\/wp-content\/uploads\/2023\/06\/pilyoga.jpg\", \n\t\t\t\t\"description\":\"<p><strong>Jeden Donnerstag vom 25. Juni bis 3. September 2026<\/strong><\/p> <p>Treffen und Abfahrt um 17.00 Uhr mit Lehrerin Elisa (an der Liftkasse)<br \/> Dauer: von 17:00 bis 19:15 Uhr. Aktivit\u00e4t empfohlen f\u00fcr Personen ab 14 Jahren<\/p> <p>Mit der Agnello-Sesselbahn erreichen Sie den Unterrichtsort und k\u00f6nnen nach einem kurzen Spaziergang im direkten Kontakt mit der Natur entspannen und den Kopf frei bekommen. Die Praxis von PilYoga in gro\u00dfer H\u00f6he erm\u00f6glicht eine vollst\u00e4ndige Harmonie mit der Umgebung, weit weg von allen Ger\u00e4uschen des t\u00e4glichen Lebens.<br \/> Sobald Sie die Lektion beendet haben, erwartet Sie im Chalet Caserina ein kleiner Aperitif, um dann mit einem kurzen Spaziergang zu Fu\u00df wieder hinunterzugehen.<br \/> <em>Bei schlechtem Wetter KEINE Aktivit\u00e4t geplant<\/em><\/p> <p>Klicken Sie <a href='https:\/\/www.visitfiemme.it\/de\/veranstaltungen\/fiemme-cembra-guest-card\/erlebnisse\/erlebnisse-sommer' target='_blank' rel='noopener'>hier<\/a> zum Buchen<\/p> \",\"location\":[{\"@type\":\"Place\",\"name\":\"Pampeago\",\"address\":{\"@type\": \"PostalAddress\",\"streetAddress\":\"Localit\u00e0 Pampeago, 8, 38038 Tesero TN\"}}]}<\/script><\/div>\r\n\t\t\t\t<p class=\"desc_trig_outter\" style=\"\"><a data-gmtrig=\"1\" data-exlk=\"0\" style=\"background-color: #f78234;\" id=\"evc_17860284002198\" class=\"hasFtIMG event_repeat desc_trig sin_val evcal_list_a\" data-ux_val=\"3\" data-ux_val_mob=\"-\"  ><span class='evoet_c1 evoet_cx '><span class='ev_ftImg' data-img='https:\/\/latemarium.com\/wp-content\/uploads\/2023\/06\/pilyoga.jpg' data-thumb='https:\/\/latemarium.com\/wp-content\/uploads\/2023\/06\/pilyoga-300x169.jpg' style='background-image:url(\"https:\/\/latemarium.com\/wp-content\/uploads\/2023\/06\/pilyoga-300x169.jpg\")' ><\/span><\/span><span class='evoet_c2 evoet_cx '><span class='evoet_dayblock evcal_cblock ' data-bgcolor='#f78234' data-smon='August' data-syr='2026' data-bub=''><span class='evo_start '><em class='date'>06<\/em><em class='month'>Aug<\/em><em class='time'>17:00<\/em><\/span><span class='evo_end only_time'><em class='time'>19:15<\/em><\/span><\/span><\/span><span class='evoet_c3 evoet_cx evcal_desc hide_eventtopdata '><span class='evoet_title evcal_desc2 evcal_event_title ' itemprop='name'>PilYoga<\/span><span class='event_location_attrs'  data-location_address=\"Localit\u00e0 Pampeago, 8, 38038 Tesero TN\" data-location_type=\"lonlat\" data-location_name=\"Pampeago\" data-location_url=\"https:\/\/latemarium.com\/de\/event-location\/pampeago-de\/\" data-location_status=\"true\" data-latlng=\"46.34343697644898,11.540997527961546\"><\/span><span class='evoet_subtitle evo_below_title' ><span class='evcal_event_subtitle ' >Pilyoga umgeben von den Werken von Respirat<\/span><\/span><span class='evoet_time_expand level_3'><em class='evcal_time evo_tz_time'><i class='fa fa-clock-o'><\/i>17:00 - 19:15<span class='evo_tz marl5'>(GMT+02:00)<\/span><\/em> <\/span><span class='evoet_location level_3'><em class=\"evcal_location\"  data-latlng=\"46.34343697644898,11.540997527961546\" data-add_str=\"Localit\u00e0 Pampeago, 8, 38038 Tesero TN\" data-n=\"Pampeago\"><i class=\"fa fa-location-pin\"><\/i><em class=\"event_location_name\">Pampeago<\/em>, Localit\u00e0 Pampeago, 8, 38038 Tesero TN<\/em><\/span><\/span><span class='evoet_data' data-d=\"{&quot;loc.n&quot;:&quot;Pampeago&quot;,&quot;orgs&quot;:[],&quot;tags&quot;:{&quot;repeating&quot;:&quot;Repeating Event&quot;}}\" data-bgc=\"#f78234\" data-bggrad=\"\" ><\/span><\/a><\/p><div class='event_description evcal_eventcard ' style=\"display:none\"><div class='evocard_row'><div id='event_ftimage' class='evocard_box ftimage' data-c='' \n\t\t\t\t\tstyle=''><div class='evocard_main_image_hold' data-t='Loading Image..'><div class='evocard_main_image evo_img_triglb evobr15 evobgsc evobgpc evodfx evofx_jc_c evofx_ai_c evofz48 minmized' style='height:300px; background-image:url();' data-f=\"https:\/\/latemarium.com\/wp-content\/uploads\/2023\/06\/pilyoga.jpg\" data-h=\"675\" data-w=\"1200\" data-ratio=\"0.5625\" data-event_id=\"2198\" data-ri=\"6\"  data-t='Loading Image..'><span style='height:300px; background-image:url(https:\/\/latemarium.com\/wp-content\/uploads\/2023\/06\/pilyoga.jpg)'><\/span><\/div><\/div><\/div><\/div><div class='evocard_row'><div id='event_eventdetails' class='evocard_box eventdetails' data-c='' \n\t\t\t\t\tstyle=''><div class='evo_metarow_details evorow evcal_evdata_row evcal_event_details'>\n\t\t<div class=\"event_excerpt\" style=\"display:none\"><h3 class=\"padb5 evo_h3\">Details zur Veranstaltung<\/h3><p>Jeden Donnerstag vom 25. Juni bis 3. September 2026\nTreffen und Abfahrt um 17.00 Uhr mit Lehrerin Elisa (an der Liftkasse)\nDauer: von 17:00 bis 19:15 Uhr. Aktivit\u00e4t empfohlen f\u00fcr Personen<\/p><\/div><span class='evcal_evdata_icons'><i class='fa fa-align-justify'><\/i><\/span>\n\t\t\n\t\t<div class='evcal_evdata_cell shorter_desc'>\n\t\t\t<div class='eventon_full_description'>\n\t\t\t\t<h3 class='padb5 evo_h3'><span class='evcal_evdata_icons'><i class='fa fa-align-justify'><\/i><\/span>Details zur Veranstaltung<\/h3>\n\t\t\t\t<div class='eventon_desc_in' itemprop='description'>\n\t\t\t\t<p><strong>Jeden Donnerstag vom 25. Juni bis 3. September 2026<\/strong><\/p>\n<p>Treffen und Abfahrt um 17.00 Uhr mit Lehrerin Elisa (an der Liftkasse)<br \/>\nDauer: von 17:00 bis 19:15 Uhr. Aktivit\u00e4t empfohlen f\u00fcr Personen ab 14 Jahren<\/p>\n<p>Mit der Agnello-Sesselbahn erreichen Sie den Unterrichtsort und k\u00f6nnen nach einem kurzen Spaziergang im direkten Kontakt mit der Natur entspannen und den Kopf frei bekommen. Die Praxis von PilYoga in gro\u00dfer H\u00f6he erm\u00f6glicht eine vollst\u00e4ndige Harmonie mit der Umgebung, weit weg von allen Ger\u00e4uschen des t\u00e4glichen Lebens.<br \/>\nSobald Sie die Lektion beendet haben, erwartet Sie im Chalet Caserina ein kleiner Aperitif, um dann mit einem kurzen Spaziergang zu Fu\u00df wieder hinunterzugehen.<br \/>\n<em>Bei schlechtem Wetter KEINE Aktivit\u00e4t geplant<\/em><\/p>\n<p>Klicken Sie <a href=\"https:\/\/www.visitfiemme.it\/de\/veranstaltungen\/fiemme-cembra-guest-card\/erlebnisse\/erlebnisse-sommer\" target=\"_blank\" rel=\"noopener\">hier<\/a> zum Buchen<\/p>\n<\/div><p class='eventon_shad_p' style='padding:5px 0 0; margin:0'>\n\t\t\t<span class='evcal_btn evo_btn_secondary evobtn_details_show_more' content='less'>\n\t\t\t\t<span class='ev_more_text' data-txt='Weniger'>Mehr<\/span><span class='ev_more_arrow ard'><\/span>\n\t\t\t<\/span>\n\t\t<\/p><div class='clear'><\/div>\n\t\t\t<\/div>\n\t\t<\/div>\n\t<\/div><\/div><\/div><div class='evocard_row bx2 bx'><div id='event_time' class='evocard_box time' data-c='' \n\t\t\t\t\tstyle=''><div class='evo_metarow_time evorow evcal_evdata_row evcal_evrow_sm '>\n\t\t<span class='evcal_evdata_icons'><i class='fa fa-clock'><\/i><\/span>\n\t\t<div class='evcal_evdata_cell'>\t\t\t\t\t\t\t\n\t\t\t<h3 class='evo_h3'><span class='evcal_evdata_icons'><i class='fa fa-clock'><\/i><\/span>Zeitplan<\/h3><p><span class='evo_eventcard_time_t'>6 August 2026 17:00 - 19:15<\/span><span class='evo_tz marr5'>(GMT+02:00)<\/span><\/p>\n\t\t<\/div>\n\t<\/div><\/div><div id='event_location' class='evocard_box location' data-c='' \n\t\t\t\t\tstyle=''><div class='evcal_evdata_row evo_metarow_time_location evorow '>\n\t\t\n\t\t\t<span class='evcal_evdata_icons'><i class='fa fa-map-marker'><\/i><\/span>\n\t\t\t<div class='evcal_evdata_cell' data-loc_tax_id='32'><h3 class='evo_h3 evodfx'><span class='evcal_evdata_icons'><i class='fa fa-map-marker'><\/i><\/span>Ort<\/h3><p class='evo_location_name'>Pampeago<\/p><p class='evo_location_address evodfxi evogap10'>Localit\u00e0 Pampeago, 8, 38038 Tesero TN<\/p><div class='padt10'><span class='evo_btn_arr evolb_trigger' data-lbvals=\"{&quot;lbc&quot;:&quot;evo_location_lb_32&quot;,&quot;lbac&quot;:&quot;lb_max&quot;,&quot;t&quot;:&quot;Pampeago&quot;,&quot;ajax&quot;:&quot;yes&quot;,&quot;ajax_type&quot;:&quot;endpoint&quot;,&quot;ajax_action&quot;:&quot;eventon_get_tax_card_content&quot;,&quot;end&quot;:&quot;client&quot;,&quot;d&quot;:{&quot;lang&quot;:&quot;L2&quot;,&quot;term_id&quot;:32,&quot;tax&quot;:&quot;event_location&quot;,&quot;load_lbcontent&quot;:true},&quot;uid&quot;:&quot;eventon_get_tax_card_content&quot;}\" >Other Events<i class='fa fa-chevron-right'><\/i><\/span><\/div><\/div>\n\t\t\n\t<\/div><\/div><\/div><div class='evocard_row'><div id='event_addtocal' class='evocard_box addtocal' data-c='' \n\t\t\t\t\tstyle=''><div class='evo_metarow_ICS evorow evcal_evdata_row'>\n\t\t\t<span class='evcal_evdata_icons'><i class='fa fa-calendar-o'><\/i><\/span>\n\t\t\t<div class='evcal_evdata_cell'>\n\t\t\t\t<p><a href='https:\/\/latemarium.com\/de\/export-events\/2198_6\/?nonce=7b34e59f7d' class='evo_ics_nCal' title='Zu Ihrem Kalender hinzuf\u00fcgen'>Kalender<\/a><a href='https:\/\/www.google.com\/calendar\/event?action=TEMPLATE&text=PilYoga&dates=20260806T150000Z%2F20260806T171500Z&ctz=Europe%2FRome&details=PilYoga&location=Pampeago+Localit%C3%A0+Pampeago%2C+8%2C+38038+Tesero+TN' target='_blank' class='evo_ics_gCal' title='Zu Google Kalender hinzuf\u00fcgen'>GoogleCal<\/a><\/p>\t\n\t\t\t<\/div>\n\t\t<\/div><\/div><\/div><div class='evocard_row'><div id='event_getdirection' class='evocard_box getdirection' data-c='' \n\t\t\t\t\tstyle=''><div class='evo_metarow_getDr evorow evcal_evdata_row evcal_evrow_sm getdirections'>\n\t\t<form action='https:\/\/maps.google.com\/maps' method='get' target='_blank'>\n\t\t\t<input type='hidden' name='daddr' value=\"Localit\u00e0 Pampeago, 8, 38038 Tesero TN\"\/> \n\t\t\t<div class='evo_get_direction_content evo_fx_dr_r evogap10'>\n\t\t\t\t<span class='evogetdir_header evodfx evofx_dr_r evofx_ai_c marr10'>\n\t\t\t\t\t<i class='mainicon fa fa-road'><\/i> \n\t\t\t\t\t<h3 class='evo_h3' style='padding-bottom:5px;'>Wegbeschreibung abrufen<\/h3>\n\t\t\t\t<\/span>\n\t\t\t\t<span class='evogetdir_field evodfx evofx_1_1 evo_fx_dr_c evow100p'>\t\t\t\t\t\n\t\t\t\t\t<input class='evoInput evotac' type='text' name='saddr' placeholder='&quot;Geben Sie die Adresse ein' value='' style='margin:10px 0;'\/>\n\t\t\t\t<\/span>\n\t\t\t\t<button type='submit' class='evo_get_direction_button evo_btn_arr_circ dfx fx_ai_c' title='&quot;Klicken Sie hier'><i class='fa fa-chevron-right'><\/i> <\/button>\n\t\t\t<\/div>\n\t\t<\/form>\n\t<\/div><\/div><\/div><div class='evo_card_row_end evcal_close' title='Schlie\u00dfen'><\/div><\/div><div class='clear end'><\/div><\/div><div id=\"event_2203_6\" class=\"eventon_list_event evo_eventtop scheduled  event clrD event_2203_6\" data-event_id=\"2203\" data-ri=\"6r\" data-time=\"1786029300-1786036500\" data-colr=\"#ba181d\" itemscope itemtype='http:\/\/schema.org\/Event'><div class=\"evo_event_schema\" style=\"display:none\" ><a itemprop='url'  href='https:\/\/latemarium.com\/de\/events\/e-bike-latemar-tour\/var\/ri-6.l-L2'><\/a><meta itemprop='image' content=\"https:\/\/latemarium.com\/wp-content\/uploads\/2023\/06\/e-bike-tour.jpg\" \/><meta itemprop='startDate' content=\"2026-8-6T17:15+0:00\" \/><meta itemprop='endDate' content=\"2026-8-6T19:15+0:00\" \/><meta itemprop='eventStatus' content=\"https:\/\/schema.org\/EventScheduled\" \/><meta itemprop='eventAttendanceMode'   itemscope itemtype=\"https:\/\/schema.org\/OfflineEventAttendanceMode\"\/><div style=\"display:none\" itemprop=\"location\" itemscope itemtype=\"http:\/\/schema.org\/Place\"><span itemprop=\"name\">Pampeago<\/span><span itemprop=\"address\" itemscope itemtype=\"http:\/\/schema.org\/PostalAddress\"><item itemprop=\"streetAddress\">Localit\u00e0 Pampeago, 8, 38038 Tesero TN<\/item><\/span><\/div><script type=\"application\/ld+json\">{\"@context\": \"http:\/\/schema.org\",\"@type\": \"Event\",\n\t\t\t\t\"@id\": \"event_2203_6\",\n\t\t\t\t\"eventAttendanceMode\":\"https:\/\/schema.org\/OfflineEventAttendanceMode\",\n\t\t\t\t\"eventStatus\":\"https:\/\/schema.org\/EventScheduled\",\n\t\t\t\t\"name\": \"E-Bike Latemar Tour\",\n\t\t\t\t\"url\": \"https:\/\/latemarium.com\/de\/events\/e-bike-latemar-tour\/var\/ri-6.l-L2\",\n\t\t\t\t\"startDate\": \"2026-8-6T17:15+0:00\",\n\t\t\t\t\"endDate\": \"2026-8-6T19:15+0:00\",\n\t\t\t\t\"image\":\"https:\/\/latemarium.com\/wp-content\/uploads\/2023\/06\/e-bike-tour.jpg\", \n\t\t\t\t\"description\":\"<p><strong>Jeden Donnerstag vom 25. Juni bis 3. September 2026<\/strong><\/p> <p>Treffpunkt mit Reisef\u00fchrer Andrea um 17.15 Uhr in Pampeago (an der Liftkasse)<br \/> Dauer: von 17.15 bis 19.15 Uhr<br \/> <em>Maximal 8 Personen.\u00a0<\/em>+16 Jahre<\/p> <p class='p1'>F\u00fcr E-Bike-Begeisterte mit mittlerem Niveau haben wir uns eine Tour zur Entdeckung des Latemars mit atemberaubender Aussicht auf die Umgebung \u00fcberlegt. Es wird eine angenehme Route sein und dank der Tretunterst\u00fctzung k\u00f6nnen Sie den H\u00f6henunterschied bew\u00e4ltigen, der Sie zum Gipfel im Treska-Gebiet f\u00fchrt. Es ist der perfekte Moment des Tages: Der Berg ist leer, Sie k\u00f6nnen die Stille der Natur genie\u00dfen und die Farben der \u201egoldenen Stunde\u201c genie\u00dfen.<br \/> Am Ende Ihrer Tour erwartet Sie im Chalet Caserina ein kleiner \u201eAperitivo\u201c.<br \/> Sie k\u00f6nnen das Fahrrad direkt im Shop von Sport Ventura, direkt unterhalb Ihres Startpunkts, ausleihen.<\/p> <p class='p1'><em>Bei Regen ist keine Aktivit\u00e4t vorgesehen.<\/em><\/p> <p>Klicken Sie <a href='https:\/\/www.visitfiemme.it\/de\/veranstaltungen\/fiemme-cembra-guest-card\/erlebnisse\/erlebnisse-sommer' target='_blank' rel='noopener'>hier<\/a> zum Buchen<\/p> \",\"location\":[{\"@type\":\"Place\",\"name\":\"Pampeago\",\"address\":{\"@type\": \"PostalAddress\",\"streetAddress\":\"Localit\u00e0 Pampeago, 8, 38038 Tesero TN\"}}]}<\/script><\/div>\r\n\t\t\t\t<p class=\"desc_trig_outter\" style=\"\"><a data-gmtrig=\"1\" data-exlk=\"0\" style=\"background-color: #ba181d;\" id=\"evc_17860293002203\" class=\"hasFtIMG event_repeat desc_trig sin_val evcal_list_a\" data-ux_val=\"3\" data-ux_val_mob=\"-\"  ><span class='evoet_c1 evoet_cx '><span class='ev_ftImg' data-img='https:\/\/latemarium.com\/wp-content\/uploads\/2023\/06\/e-bike-tour.jpg' data-thumb='https:\/\/latemarium.com\/wp-content\/uploads\/2023\/06\/e-bike-tour-300x169.jpg' style='background-image:url(\"https:\/\/latemarium.com\/wp-content\/uploads\/2023\/06\/e-bike-tour-300x169.jpg\")' ><\/span><\/span><span class='evoet_c2 evoet_cx '><span class='evoet_dayblock evcal_cblock ' data-bgcolor='#ba181d' data-smon='August' data-syr='2026' data-bub=''><span class='evo_start '><em class='date'>06<\/em><em class='month'>Aug<\/em><em class='time'>17:15<\/em><\/span><span class='evo_end only_time'><em class='time'>19:15<\/em><\/span><\/span><\/span><span class='evoet_c3 evoet_cx evcal_desc hide_eventtopdata '><span class='evoet_title evcal_desc2 evcal_event_title ' itemprop='name'>E-Bike Latemar Tour<\/span><span class='event_location_attrs'  data-location_address=\"Localit\u00e0 Pampeago, 8, 38038 Tesero TN\" data-location_type=\"lonlat\" data-location_name=\"Pampeago\" data-location_url=\"https:\/\/latemarium.com\/de\/event-location\/pampeago-de\/\" data-location_status=\"true\" data-latlng=\"46.34343697644898,11.540997527961546\"><\/span><span class='evoet_subtitle evo_below_title' ><span class='evcal_event_subtitle ' >F\u00fcr E-Bike-Begeisterte<\/span><\/span><span class='evoet_time_expand level_3'><em class='evcal_time evo_tz_time'><i class='fa fa-clock-o'><\/i>17:15 - 19:15<span class='evo_tz marl5'>(GMT+02:00)<\/span><\/em> <\/span><span class='evoet_location level_3'><em class=\"evcal_location\"  data-latlng=\"46.34343697644898,11.540997527961546\" data-add_str=\"Localit\u00e0 Pampeago, 8, 38038 Tesero TN\" data-n=\"Pampeago\"><i class=\"fa fa-location-pin\"><\/i><em class=\"event_location_name\">Pampeago<\/em>, Localit\u00e0 Pampeago, 8, 38038 Tesero TN<\/em><\/span><\/span><span class='evoet_data' data-d=\"{&quot;loc.n&quot;:&quot;Pampeago&quot;,&quot;orgs&quot;:[],&quot;tags&quot;:{&quot;repeating&quot;:&quot;Repeating Event&quot;}}\" data-bgc=\"#ba181d\" data-bggrad=\"\" ><\/span><\/a><\/p><div class='event_description evcal_eventcard ' style=\"display:none\"><div class='evocard_row'><div id='event_ftimage' class='evocard_box ftimage' data-c='' \n\t\t\t\t\tstyle=''><div class='evocard_main_image_hold' data-t='Loading Image..'><div class='evocard_main_image evo_img_triglb evobr15 evobgsc evobgpc evodfx evofx_jc_c evofx_ai_c evofz48 minmized' style='height:300px; background-image:url();' data-f=\"https:\/\/latemarium.com\/wp-content\/uploads\/2023\/06\/e-bike-tour.jpg\" data-h=\"675\" data-w=\"1200\" data-ratio=\"0.5625\" data-event_id=\"2203\" data-ri=\"6\"  data-t='Loading Image..'><span style='height:300px; background-image:url(https:\/\/latemarium.com\/wp-content\/uploads\/2023\/06\/e-bike-tour.jpg)'><\/span><\/div><\/div><\/div><\/div><div class='evocard_row'><div id='event_eventdetails' class='evocard_box eventdetails' data-c='' \n\t\t\t\t\tstyle=''><div class='evo_metarow_details evorow evcal_evdata_row evcal_event_details'>\n\t\t<div class=\"event_excerpt\" style=\"display:none\"><h3 class=\"padb5 evo_h3\">Details zur Veranstaltung<\/h3><p>Jeden Donnerstag vom 25. Juni bis 3. September 2026\nTreffpunkt mit Reisef\u00fchrer Andrea um 17.15 Uhr in Pampeago (an der Liftkasse)\nDauer: von 17.15 bis 19.15 Uhr\nMaximal 8 Personen.\u00a0+16 Jahre<\/p><\/div><span class='evcal_evdata_icons'><i class='fa fa-align-justify'><\/i><\/span>\n\t\t\n\t\t<div class='evcal_evdata_cell shorter_desc'>\n\t\t\t<div class='eventon_full_description'>\n\t\t\t\t<h3 class='padb5 evo_h3'><span class='evcal_evdata_icons'><i class='fa fa-align-justify'><\/i><\/span>Details zur Veranstaltung<\/h3>\n\t\t\t\t<div class='eventon_desc_in' itemprop='description'>\n\t\t\t\t<p><strong>Jeden Donnerstag vom 25. Juni bis 3. September 2026<\/strong><\/p>\n<p>Treffpunkt mit Reisef\u00fchrer Andrea um 17.15 Uhr in Pampeago (an der Liftkasse)<br \/>\nDauer: von 17.15 bis 19.15 Uhr<br \/>\n<em>Maximal 8 Personen.\u00a0<\/em>+16 Jahre<\/p>\n<p class=\"p1\">F\u00fcr E-Bike-Begeisterte mit mittlerem Niveau haben wir uns eine Tour zur Entdeckung des Latemars mit atemberaubender Aussicht auf die Umgebung \u00fcberlegt. Es wird eine angenehme Route sein und dank der Tretunterst\u00fctzung k\u00f6nnen Sie den H\u00f6henunterschied bew\u00e4ltigen, der Sie zum Gipfel im Treska-Gebiet f\u00fchrt. Es ist der perfekte Moment des Tages: Der Berg ist leer, Sie k\u00f6nnen die Stille der Natur genie\u00dfen und die Farben der \u201egoldenen Stunde\u201c genie\u00dfen.<br \/>\nAm Ende Ihrer Tour erwartet Sie im Chalet Caserina ein kleiner \u201eAperitivo\u201c.<br \/>\nSie k\u00f6nnen das Fahrrad direkt im Shop von Sport Ventura, direkt unterhalb Ihres Startpunkts, ausleihen.<\/p>\n<p class=\"p1\"><em>Bei Regen ist keine Aktivit\u00e4t vorgesehen.<\/em><\/p>\n<p>Klicken Sie <a href=\"https:\/\/www.visitfiemme.it\/de\/veranstaltungen\/fiemme-cembra-guest-card\/erlebnisse\/erlebnisse-sommer\" target=\"_blank\" rel=\"noopener\">hier<\/a> zum Buchen<\/p>\n<\/div><p class='eventon_shad_p' style='padding:5px 0 0; margin:0'>\n\t\t\t<span class='evcal_btn evo_btn_secondary evobtn_details_show_more' content='less'>\n\t\t\t\t<span class='ev_more_text' data-txt='Weniger'>Mehr<\/span><span class='ev_more_arrow ard'><\/span>\n\t\t\t<\/span>\n\t\t<\/p><div class='clear'><\/div>\n\t\t\t<\/div>\n\t\t<\/div>\n\t<\/div><\/div><\/div><div class='evocard_row bx2 bx'><div id='event_time' class='evocard_box time' data-c='' \n\t\t\t\t\tstyle=''><div class='evo_metarow_time evorow evcal_evdata_row evcal_evrow_sm '>\n\t\t<span class='evcal_evdata_icons'><i class='fa fa-clock'><\/i><\/span>\n\t\t<div class='evcal_evdata_cell'>\t\t\t\t\t\t\t\n\t\t\t<h3 class='evo_h3'><span class='evcal_evdata_icons'><i class='fa fa-clock'><\/i><\/span>Zeitplan<\/h3><p><span class='evo_eventcard_time_t'>6 August 2026 17:15 - 19:15<\/span><span class='evo_tz marr5'>(GMT+02:00)<\/span><\/p>\n\t\t<\/div>\n\t<\/div><\/div><div id='event_location' class='evocard_box location' data-c='' \n\t\t\t\t\tstyle=''><div class='evcal_evdata_row evo_metarow_time_location evorow '>\n\t\t\n\t\t\t<span class='evcal_evdata_icons'><i class='fa fa-map-marker'><\/i><\/span>\n\t\t\t<div class='evcal_evdata_cell' data-loc_tax_id='32'><h3 class='evo_h3 evodfx'><span class='evcal_evdata_icons'><i class='fa fa-map-marker'><\/i><\/span>Ort<\/h3><p class='evo_location_name'>Pampeago<\/p><p class='evo_location_address evodfxi evogap10'>Localit\u00e0 Pampeago, 8, 38038 Tesero TN<\/p><div class='padt10'><span class='evo_btn_arr evolb_trigger' data-lbvals=\"{&quot;lbc&quot;:&quot;evo_location_lb_32&quot;,&quot;lbac&quot;:&quot;lb_max&quot;,&quot;t&quot;:&quot;Pampeago&quot;,&quot;ajax&quot;:&quot;yes&quot;,&quot;ajax_type&quot;:&quot;endpoint&quot;,&quot;ajax_action&quot;:&quot;eventon_get_tax_card_content&quot;,&quot;end&quot;:&quot;client&quot;,&quot;d&quot;:{&quot;lang&quot;:&quot;L2&quot;,&quot;term_id&quot;:32,&quot;tax&quot;:&quot;event_location&quot;,&quot;load_lbcontent&quot;:true},&quot;uid&quot;:&quot;eventon_get_tax_card_content&quot;}\" >Other Events<i class='fa fa-chevron-right'><\/i><\/span><\/div><\/div>\n\t\t\n\t<\/div><\/div><\/div><div class='evocard_row'><div id='event_addtocal' class='evocard_box addtocal' data-c='' \n\t\t\t\t\tstyle=''><div class='evo_metarow_ICS evorow evcal_evdata_row'>\n\t\t\t<span class='evcal_evdata_icons'><i class='fa fa-calendar-o'><\/i><\/span>\n\t\t\t<div class='evcal_evdata_cell'>\n\t\t\t\t<p><a href='https:\/\/latemarium.com\/de\/export-events\/2203_6\/?nonce=7b34e59f7d' class='evo_ics_nCal' title='Zu Ihrem Kalender hinzuf\u00fcgen'>Kalender<\/a><a href='https:\/\/www.google.com\/calendar\/event?action=TEMPLATE&text=E-Bike+Latemar+Tour&dates=20260806T151500Z%2F20260806T171500Z&ctz=Europe%2FRome&details=E-Bike Latemar Tour&location=Pampeago+Localit%C3%A0+Pampeago%2C+8%2C+38038+Tesero+TN' target='_blank' class='evo_ics_gCal' title='Zu Google Kalender hinzuf\u00fcgen'>GoogleCal<\/a><\/p>\t\n\t\t\t<\/div>\n\t\t<\/div><\/div><\/div><div class='evocard_row'><div id='event_getdirection' class='evocard_box getdirection' data-c='' \n\t\t\t\t\tstyle=''><div class='evo_metarow_getDr evorow evcal_evdata_row evcal_evrow_sm getdirections'>\n\t\t<form action='https:\/\/maps.google.com\/maps' method='get' target='_blank'>\n\t\t\t<input type='hidden' name='daddr' value=\"Localit\u00e0 Pampeago, 8, 38038 Tesero TN\"\/> \n\t\t\t<div class='evo_get_direction_content evo_fx_dr_r evogap10'>\n\t\t\t\t<span class='evogetdir_header evodfx evofx_dr_r evofx_ai_c marr10'>\n\t\t\t\t\t<i class='mainicon fa fa-road'><\/i> \n\t\t\t\t\t<h3 class='evo_h3' style='padding-bottom:5px;'>Wegbeschreibung abrufen<\/h3>\n\t\t\t\t<\/span>\n\t\t\t\t<span class='evogetdir_field evodfx evofx_1_1 evo_fx_dr_c evow100p'>\t\t\t\t\t\n\t\t\t\t\t<input class='evoInput evotac' type='text' name='saddr' placeholder='&quot;Geben Sie die Adresse ein' value='' style='margin:10px 0;'\/>\n\t\t\t\t<\/span>\n\t\t\t\t<button type='submit' class='evo_get_direction_button evo_btn_arr_circ dfx fx_ai_c' title='&quot;Klicken Sie hier'><i class='fa fa-chevron-right'><\/i> <\/button>\n\t\t\t<\/div>\n\t\t<\/form>\n\t<\/div><\/div><\/div><div class='evo_card_row_end evcal_close' title='Schlie\u00dfen'><\/div><\/div><div class='clear end'><\/div><\/div><div id=\"event_2498_6\" class=\"eventon_list_event evo_eventtop scheduled  event clrW no_et event_2498_6\" data-event_id=\"2498\" data-ri=\"6r\" data-time=\"1786087800-1786139940\" data-colr=\"#6baeff\" itemscope itemtype='http:\/\/schema.org\/Event'><div class=\"evo_event_schema\" style=\"display:none\" ><a itemprop='url'  href='https:\/\/latemarium.com\/de\/events\/respirart-kunst-und-schoenheit-schaffen\/var\/ri-6.l-L2'><\/a><meta itemprop='image' content=\"https:\/\/latemarium.com\/wp-content\/uploads\/2021\/05\/respirart-vita-e-bellezza.jpg\" \/><meta itemprop='startDate' content=\"2026-8-7T09:30+0:00\" \/><meta itemprop='endDate' content=\"2026-8-7T23:59+0:00\" \/><meta itemprop='eventStatus' content=\"https:\/\/schema.org\/EventScheduled\" \/><meta itemprop='eventAttendanceMode'   itemscope itemtype=\"https:\/\/schema.org\/OfflineEventAttendanceMode\"\/><div style=\"display:none\" itemprop=\"location\" itemscope itemtype=\"http:\/\/schema.org\/Place\"><span itemprop=\"name\">Pampeago<\/span><span itemprop=\"address\" itemscope itemtype=\"http:\/\/schema.org\/PostalAddress\"><item itemprop=\"streetAddress\">Localit\u00e0 Pampeago, 8, 38038 Tesero TN<\/item><\/span><\/div><script type=\"application\/ld+json\">{\"@context\": \"http:\/\/schema.org\",\"@type\": \"Event\",\n\t\t\t\t\"@id\": \"event_2498_6\",\n\t\t\t\t\"eventAttendanceMode\":\"https:\/\/schema.org\/OfflineEventAttendanceMode\",\n\t\t\t\t\"eventStatus\":\"https:\/\/schema.org\/EventScheduled\",\n\t\t\t\t\"name\": \"Respirart: Kunst und Sch\u00f6nheit schaffen\",\n\t\t\t\t\"url\": \"https:\/\/latemarium.com\/de\/events\/respirart-kunst-und-schoenheit-schaffen\/var\/ri-6.l-L2\",\n\t\t\t\t\"startDate\": \"2026-8-7T09:30+0:00\",\n\t\t\t\t\"endDate\": \"2026-8-7T23:59+0:00\",\n\t\t\t\t\"image\":\"https:\/\/latemarium.com\/wp-content\/uploads\/2021\/05\/respirart-vita-e-bellezza.jpg\", \n\t\t\t\t\"description\":\"<p><strong>Jeden Freitag vom 26. Juni bis 11. September 2026<\/strong><\/p> <p>RespirArt ist ein Umwelt- und Kunstworkshop f\u00fcr alle, ob jung oder alt. Wir werden Kunstwerke auf spielerische Art und Weise entdecken.<br \/> Treffen Sie sich um 9.30 Uhr am Start des Sessellifts Pampeago-Agnello mit dem Kunstf\u00fchrer, der Ihnen die Samen zum \u00dcberfliegen des RespirArt-Parks gibt. Im Rahmen des Kunst-Workshops werden die Kinder mit nat\u00fcrlichen Materialien kleine Kunstwerke an Land schaffen.<\/p> <p>Reservierung erforderlich.<\/p> <p>Klicken Sie <a href='https:\/\/www.visitfiemme.it\/de\/veranstaltungen\/fiemme-cembra-guest-card\/erlebnisse\/erlebnisse-sommer' target='_blank' rel='noopener'>hier<\/a>, zum Buchen.<\/p> \",\"location\":[{\"@type\":\"Place\",\"name\":\"Pampeago\",\"address\":{\"@type\": \"PostalAddress\",\"streetAddress\":\"Localit\u00e0 Pampeago, 8, 38038 Tesero TN\"}}]}<\/script><\/div>\r\n\t\t\t\t<p class=\"desc_trig_outter\" style=\"\"><a data-gmtrig=\"1\" data-exlk=\"0\" style=\"background-color: #6baeff;\" id=\"evc_17860878002498\" class=\"hasFtIMG event_repeat desc_trig sin_val evcal_list_a\" data-ux_val=\"3\" data-ux_val_mob=\"-\"  ><span class='evoet_c1 evoet_cx '><span class='ev_ftImg' data-img='https:\/\/latemarium.com\/wp-content\/uploads\/2021\/05\/respirart-vita-e-bellezza.jpg' data-thumb='https:\/\/latemarium.com\/wp-content\/uploads\/2021\/05\/respirart-vita-e-bellezza-300x201.jpg' style='background-image:url(\"https:\/\/latemarium.com\/wp-content\/uploads\/2021\/05\/respirart-vita-e-bellezza-300x201.jpg\")' ><\/span><\/span><span class='evoet_c2 evoet_cx '><span class='evoet_dayblock evcal_cblock ' data-bgcolor='#6baeff' data-smon='August' data-syr='2026' data-bub=''><span class='evo_start '><em class='date'>07<\/em><em class='month'>Aug<\/em><em class='time'>09:30<\/em><\/span><\/span><\/span><span class='evoet_c3 evoet_cx evcal_desc hide_eventtopdata '><span class='evoet_title evcal_desc2 evcal_event_title ' itemprop='name'>Respirart: Kunst und Sch\u00f6nheit schaffen<\/span><span class='event_location_attrs'  data-location_address=\"Localit\u00e0 Pampeago, 8, 38038 Tesero TN\" data-location_type=\"lonlat\" data-location_name=\"Pampeago\" data-location_url=\"https:\/\/latemarium.com\/de\/event-location\/pampeago-de\/\" data-location_status=\"true\" data-latlng=\"46.34343697644898,11.540997527961546\"><\/span><span class='evoet_subtitle evo_below_title' ><span class='evcal_event_subtitle ' >Kunst-Workshop<\/span><\/span><span class='evoet_time_expand level_3'><em class='evcal_time evo_tz_time'><i class='fa fa-clock-o'><\/i>09:30<span class='evo_tz marl5'>(GMT+02:00)<\/span><\/em> <\/span><span class='evoet_location level_3'><em class=\"evcal_location\"  data-latlng=\"46.34343697644898,11.540997527961546\" data-add_str=\"Localit\u00e0 Pampeago, 8, 38038 Tesero TN\" data-n=\"Pampeago\"><i class=\"fa fa-location-pin\"><\/i><em class=\"event_location_name\">Pampeago<\/em>, Localit\u00e0 Pampeago, 8, 38038 Tesero TN<\/em><\/span><\/span><span class='evoet_data' data-d=\"{&quot;loc.n&quot;:&quot;Pampeago&quot;,&quot;orgs&quot;:[],&quot;tags&quot;:{&quot;repeating&quot;:&quot;Repeating Event&quot;}}\" data-bgc=\"#6baeff\" data-bggrad=\"\" ><\/span><\/a><\/p><div class='event_description evcal_eventcard ' style=\"display:none\"><div class='evocard_row'><div id='event_ftimage' class='evocard_box ftimage' data-c='' \n\t\t\t\t\tstyle=''><div class='evocard_main_image_hold' data-t='Loading Image..'><div class='evocard_main_image evo_img_triglb evobr15 evobgsc evobgpc evodfx evofx_jc_c evofx_ai_c evofz48 minmized' style='height:300px; background-image:url();' data-f=\"https:\/\/latemarium.com\/wp-content\/uploads\/2021\/05\/respirart-vita-e-bellezza.jpg\" data-h=\"602\" data-w=\"899\" data-ratio=\"0.66963292547275\" data-event_id=\"2498\" data-ri=\"6\"  data-t='Loading Image..'><span style='height:300px; background-image:url(https:\/\/latemarium.com\/wp-content\/uploads\/2021\/05\/respirart-vita-e-bellezza.jpg)'><\/span><\/div><\/div><\/div><\/div><div class='evocard_row'><div id='event_eventdetails' class='evocard_box eventdetails' data-c='' \n\t\t\t\t\tstyle=''><div class='evo_metarow_details evorow evcal_evdata_row evcal_event_details'>\n\t\t<div class=\"event_excerpt\" style=\"display:none\"><h3 class=\"padb5 evo_h3\">Details zur Veranstaltung<\/h3><p>Jeden Freitag vom 26. Juni bis 11. September 2026\nRespirArt ist ein Umwelt- und Kunstworkshop f\u00fcr alle, ob jung oder alt. Wir werden Kunstwerke auf spielerische Art und Weise entdecken.\nTreffen<\/p><\/div><span class='evcal_evdata_icons'><i class='fa fa-align-justify'><\/i><\/span>\n\t\t\n\t\t<div class='evcal_evdata_cell shorter_desc'>\n\t\t\t<div class='eventon_full_description'>\n\t\t\t\t<h3 class='padb5 evo_h3'><span class='evcal_evdata_icons'><i class='fa fa-align-justify'><\/i><\/span>Details zur Veranstaltung<\/h3>\n\t\t\t\t<div class='eventon_desc_in' itemprop='description'>\n\t\t\t\t<p><strong>Jeden Freitag vom 26. Juni bis 11. September 2026<\/strong><\/p>\n<p>RespirArt ist ein Umwelt- und Kunstworkshop f\u00fcr alle, ob jung oder alt. Wir werden Kunstwerke auf spielerische Art und Weise entdecken.<br \/>\nTreffen Sie sich um 9.30 Uhr am Start des Sessellifts Pampeago-Agnello mit dem Kunstf\u00fchrer, der Ihnen die Samen zum \u00dcberfliegen des RespirArt-Parks gibt. Im Rahmen des Kunst-Workshops werden die Kinder mit nat\u00fcrlichen Materialien kleine Kunstwerke an Land schaffen.<\/p>\n<p>Reservierung erforderlich.<\/p>\n<p>Klicken Sie <a href=\"https:\/\/www.visitfiemme.it\/de\/veranstaltungen\/fiemme-cembra-guest-card\/erlebnisse\/erlebnisse-sommer\" target=\"_blank\" rel=\"noopener\">hier<\/a>, zum Buchen.<\/p>\n<\/div><p class='eventon_shad_p' style='padding:5px 0 0; margin:0'>\n\t\t\t<span class='evcal_btn evo_btn_secondary evobtn_details_show_more' content='less'>\n\t\t\t\t<span class='ev_more_text' data-txt='Weniger'>Mehr<\/span><span class='ev_more_arrow ard'><\/span>\n\t\t\t<\/span>\n\t\t<\/p><div class='clear'><\/div>\n\t\t\t<\/div>\n\t\t<\/div>\n\t<\/div><\/div><\/div><div class='evocard_row bx2 bx'><div id='event_time' class='evocard_box time' data-c='' \n\t\t\t\t\tstyle=''><div class='evo_metarow_time evorow evcal_evdata_row evcal_evrow_sm '>\n\t\t<span class='evcal_evdata_icons'><i class='fa fa-clock'><\/i><\/span>\n\t\t<div class='evcal_evdata_cell'>\t\t\t\t\t\t\t\n\t\t\t<h3 class='evo_h3'><span class='evcal_evdata_icons'><i class='fa fa-clock'><\/i><\/span>Zeitplan<\/h3><p><span class='evo_eventcard_time_t'>7 August 2026 09:30<\/span><span class='evo_tz marr5'>(GMT+02:00)<\/span><\/p>\n\t\t<\/div>\n\t<\/div><\/div><div id='event_location' class='evocard_box location' data-c='' \n\t\t\t\t\tstyle=''><div class='evcal_evdata_row evo_metarow_time_location evorow '>\n\t\t\n\t\t\t<span class='evcal_evdata_icons'><i class='fa fa-map-marker'><\/i><\/span>\n\t\t\t<div class='evcal_evdata_cell' data-loc_tax_id='32'><h3 class='evo_h3 evodfx'><span class='evcal_evdata_icons'><i class='fa fa-map-marker'><\/i><\/span>Ort<\/h3><p class='evo_location_name'>Pampeago<\/p><p class='evo_location_address evodfxi evogap10'>Localit\u00e0 Pampeago, 8, 38038 Tesero TN<\/p><div class='padt10'><span class='evo_btn_arr evolb_trigger' data-lbvals=\"{&quot;lbc&quot;:&quot;evo_location_lb_32&quot;,&quot;lbac&quot;:&quot;lb_max&quot;,&quot;t&quot;:&quot;Pampeago&quot;,&quot;ajax&quot;:&quot;yes&quot;,&quot;ajax_type&quot;:&quot;endpoint&quot;,&quot;ajax_action&quot;:&quot;eventon_get_tax_card_content&quot;,&quot;end&quot;:&quot;client&quot;,&quot;d&quot;:{&quot;lang&quot;:&quot;L2&quot;,&quot;term_id&quot;:32,&quot;tax&quot;:&quot;event_location&quot;,&quot;load_lbcontent&quot;:true},&quot;uid&quot;:&quot;eventon_get_tax_card_content&quot;}\" >Other Events<i class='fa fa-chevron-right'><\/i><\/span><\/div><\/div>\n\t\t\n\t<\/div><\/div><\/div><div class='evocard_row'><div id='event_addtocal' class='evocard_box addtocal' data-c='' \n\t\t\t\t\tstyle=''><div class='evo_metarow_ICS evorow evcal_evdata_row'>\n\t\t\t<span class='evcal_evdata_icons'><i class='fa fa-calendar-o'><\/i><\/span>\n\t\t\t<div class='evcal_evdata_cell'>\n\t\t\t\t<p><a href='https:\/\/latemarium.com\/de\/export-events\/2498_6\/?nonce=7b34e59f7d' class='evo_ics_nCal' title='Zu Ihrem Kalender hinzuf\u00fcgen'>Kalender<\/a><a href='https:\/\/www.google.com\/calendar\/event?action=TEMPLATE&text=Respirart%3A+Kunst+und+Sch%C3%B6nheit+schaffen&dates=20260807T073000Z%2F20260807T215900Z&ctz=Europe%2FRome&details=Respirart: Kunst und Sch\u00f6nheit schaffen&location=Pampeago+Localit%C3%A0+Pampeago%2C+8%2C+38038+Tesero+TN' target='_blank' class='evo_ics_gCal' title='Zu Google Kalender hinzuf\u00fcgen'>GoogleCal<\/a><\/p>\t\n\t\t\t<\/div>\n\t\t<\/div><\/div><\/div><div class='evocard_row'><div id='event_getdirection' class='evocard_box getdirection' data-c='' \n\t\t\t\t\tstyle=''><div class='evo_metarow_getDr evorow evcal_evdata_row evcal_evrow_sm getdirections'>\n\t\t<form action='https:\/\/maps.google.com\/maps' method='get' target='_blank'>\n\t\t\t<input type='hidden' name='daddr' value=\"Localit\u00e0 Pampeago, 8, 38038 Tesero TN\"\/> \n\t\t\t<div class='evo_get_direction_content evo_fx_dr_r evogap10'>\n\t\t\t\t<span class='evogetdir_header evodfx evofx_dr_r evofx_ai_c marr10'>\n\t\t\t\t\t<i class='mainicon fa fa-road'><\/i> \n\t\t\t\t\t<h3 class='evo_h3' style='padding-bottom:5px;'>Wegbeschreibung abrufen<\/h3>\n\t\t\t\t<\/span>\n\t\t\t\t<span class='evogetdir_field evodfx evofx_1_1 evo_fx_dr_c evow100p'>\t\t\t\t\t\n\t\t\t\t\t<input class='evoInput evotac' type='text' name='saddr' placeholder='&quot;Geben Sie die Adresse ein' value='' style='margin:10px 0;'\/>\n\t\t\t\t<\/span>\n\t\t\t\t<button type='submit' class='evo_get_direction_button evo_btn_arr_circ dfx fx_ai_c' title='&quot;Klicken Sie hier'><i class='fa fa-chevron-right'><\/i> <\/button>\n\t\t\t<\/div>\n\t\t<\/form>\n\t<\/div><\/div><\/div><div class='evo_card_row_end evcal_close' title='Schlie\u00dfen'><\/div><\/div><div class='clear end'><\/div><\/div><div id=\"event_2140_10\" class=\"eventon_list_event evo_eventtop scheduled  event clrD no_et event_2140_10\" data-event_id=\"2140\" data-ri=\"10r\" data-time=\"1786266000-1786312740\" data-colr=\"#006290\" itemscope itemtype='http:\/\/schema.org\/Event'><div class=\"evo_event_schema\" style=\"display:none\" ><a itemprop='url'  href='https:\/\/latemarium.com\/de\/events\/wort-von-nikolaus-drache\/var\/ri-10.l-L2'><\/a><meta itemprop='image' content=\"https:\/\/latemarium.com\/wp-content\/uploads\/2023\/06\/foresta-dei-draghi-6.jpg\" \/><meta itemprop='startDate' content=\"2026-8-9T11:00+0:00\" \/><meta itemprop='endDate' content=\"2026-8-9T23:59+0:00\" \/><meta itemprop='eventStatus' content=\"https:\/\/schema.org\/EventScheduled\" \/><meta itemprop='eventAttendanceMode'   itemscope itemtype=\"https:\/\/schema.org\/OfflineEventAttendanceMode\"\/><script type=\"application\/ld+json\">{\"@context\": \"http:\/\/schema.org\",\"@type\": \"Event\",\n\t\t\t\t\"@id\": \"event_2140_10\",\n\t\t\t\t\"eventAttendanceMode\":\"https:\/\/schema.org\/OfflineEventAttendanceMode\",\n\t\t\t\t\"eventStatus\":\"https:\/\/schema.org\/EventScheduled\",\n\t\t\t\t\"name\": \"Wort von Nikolaus Drache\",\n\t\t\t\t\"url\": \"https:\/\/latemarium.com\/de\/events\/wort-von-nikolaus-drache\/var\/ri-10.l-L2\",\n\t\t\t\t\"startDate\": \"2026-8-9T11:00+0:00\",\n\t\t\t\t\"endDate\": \"2026-8-9T23:59+0:00\",\n\t\t\t\t\"image\":\"https:\/\/latemarium.com\/wp-content\/uploads\/2023\/06\/foresta-dei-draghi-6.jpg\", \n\t\t\t\t\"description\":\"<p>Sie springen, sie rennen, sie krabbeln, sie fliegen! Doch\u2026 sie sind nicht leicht zu sehen! Sie wissen sich gut zu verstecken \u2026 die schuppigen Schleicher! Wer sind sie? Aber die Drachen von Latemar! Einen zu treffen, und sei es nur einer, wird ein wunderbares Erlebnis sein! Ein Wort von Nikolaus Drache.<\/p> <p>Immer sonntags umd montags, vom 5. Juli bis zum 24. August 2026<br \/> bei der Bergstation der Gondelbahn Predazzo \u2013 Gardon\u00e8<br \/> um 11.00 und um 14.45 Uhr<br \/> F\u00fcr Familien mit Kindern ab 2 Jahren geeignet (Dauer: 1h30\u2018)<br \/> Vorstellung auf Italienisch<\/p> <p>&nbsp;<\/p> \"}<\/script><\/div>\r\n\t\t\t\t<p class=\"desc_trig_outter\" style=\"\"><a data-gmap_status=\"null\" data-exlk=\"0\" style=\"background-color: #006290;\" id=\"evc_17862660002140\" class=\"hasFtIMG event_repeat desc_trig sin_val evcal_list_a\" data-ux_val=\"3\" data-ux_val_mob=\"-\"  ><span class='evoet_c1 evoet_cx '><span class='ev_ftImg' data-img='https:\/\/latemarium.com\/wp-content\/uploads\/2023\/06\/foresta-dei-draghi-6.jpg' data-thumb='https:\/\/latemarium.com\/wp-content\/uploads\/2023\/06\/foresta-dei-draghi-6-300x200.jpg' style='background-image:url(\"https:\/\/latemarium.com\/wp-content\/uploads\/2023\/06\/foresta-dei-draghi-6-300x200.jpg\")' ><\/span><\/span><span class='evoet_c2 evoet_cx '><span class='evoet_dayblock evcal_cblock ' data-bgcolor='#006290' data-smon='August' data-syr='2026' data-bub=''><span class='evo_start '><em class='date'>09<\/em><em class='month'>Aug<\/em><em class='time'>11:00<\/em><\/span><\/span><\/span><span class='evoet_c3 evoet_cx evcal_desc hide_eventtopdata '><span class='evoet_title evcal_desc2 evcal_event_title ' itemprop='name'>Wort von Nikolaus Drache<\/span><span class='event_location_attrs' data-location_type=\"lonlat\" data-location_name=\"Seilbahn Ankunft Predazzo-Gardon\u00e8\" data-location_url=\"https:\/\/latemarium.com\/de\/event-location\/seilbahn-ankunft-predazzo-gardone\/\" data-location_status=\"true\" data-latlng=\"46.32878794406342,11.600176728690842\"><\/span><span class='evoet_subtitle evo_below_title' ><span class='evcal_event_subtitle ' >DER DRACHENWALD<\/span><\/span><span class='evoet_time_expand level_3'><em class='evcal_time evo_tz_time'><i class='fa fa-clock-o'><\/i>11:00<span class='evo_tz marl5'>(GMT+02:00)<\/span><\/em> <\/span><span class='evoet_location level_3'><em class=\"evcal_location\"  data-latlng=\"46.32878794406342,11.600176728690842\" data-add_str=\"\" data-n=\"Seilbahn Ankunft Predazzo-Gardon\u00e8\"><i class=\"fa fa-location-pin\"><\/i><em class=\"event_location_name\">Seilbahn Ankunft Predazzo-Gardon\u00e8<\/em><\/em><\/span><\/span><span class='evoet_data' data-d=\"{&quot;loc.n&quot;:&quot;Seilbahn Ankunft Predazzo-Gardon\\u00e8&quot;,&quot;orgs&quot;:[],&quot;tags&quot;:{&quot;repeating&quot;:&quot;Repeating Event&quot;}}\" data-bgc=\"#006290\" data-bggrad=\"\" ><\/span><\/a><\/p><div class='event_description evcal_eventcard ' style=\"display:none\"><div class='evocard_row'><div id='event_ftimage' class='evocard_box ftimage' data-c='' \n\t\t\t\t\tstyle=''><div class='evocard_main_image_hold' data-t='Loading Image..'><div class='evocard_main_image evo_img_triglb evobr15 evobgsc evobgpc evodfx evofx_jc_c evofx_ai_c evofz48 minmized' style='height:300px; background-image:url();' data-f=\"https:\/\/latemarium.com\/wp-content\/uploads\/2023\/06\/foresta-dei-draghi-6.jpg\" data-h=\"800\" data-w=\"1200\" data-ratio=\"0.66666666666667\" data-event_id=\"2140\" data-ri=\"10\"  data-t='Loading Image..'><span style='height:300px; background-image:url(https:\/\/latemarium.com\/wp-content\/uploads\/2023\/06\/foresta-dei-draghi-6.jpg)'><\/span><\/div><\/div><\/div><\/div><div class='evocard_row'><div id='event_eventdetails' class='evocard_box eventdetails' data-c='' \n\t\t\t\t\tstyle=''><div class='evo_metarow_details evorow evcal_evdata_row evcal_event_details'>\n\t\t<div class=\"event_excerpt\" style=\"display:none\"><h3 class=\"padb5 evo_h3\">Details zur Veranstaltung<\/h3><p>Sie springen, sie rennen, sie krabbeln, sie fliegen! Doch\u2026 sie sind nicht leicht zu sehen! Sie wissen sich gut zu verstecken \u2026 die schuppigen Schleicher! Wer sind sie? Aber die<\/p><\/div><span class='evcal_evdata_icons'><i class='fa fa-align-justify'><\/i><\/span>\n\t\t\n\t\t<div class='evcal_evdata_cell '>\n\t\t\t<div class='eventon_full_description'>\n\t\t\t\t<h3 class='padb5 evo_h3'><span class='evcal_evdata_icons'><i class='fa fa-align-justify'><\/i><\/span>Details zur Veranstaltung<\/h3>\n\t\t\t\t<div class='eventon_desc_in' itemprop='description'>\n\t\t\t\t<p>Sie springen, sie rennen, sie krabbeln, sie fliegen! Doch\u2026 sie sind nicht leicht zu sehen! Sie wissen sich gut zu verstecken \u2026 die schuppigen Schleicher! Wer sind sie? Aber die Drachen von Latemar! Einen zu treffen, und sei es nur einer, wird ein wunderbares Erlebnis sein! Ein Wort von Nikolaus Drache.<\/p>\n<p>Immer sonntags umd montags, vom 5. Juli bis zum 24. August 2026<br \/>\nbei der Bergstation der Gondelbahn Predazzo \u2013 Gardon\u00e8<br \/>\num 11.00 und um 14.45 Uhr<br \/>\nF\u00fcr Familien mit Kindern ab 2 Jahren geeignet (Dauer: 1h30\u2018)<br \/>\nVorstellung auf Italienisch<\/p>\n<p>&nbsp;<\/p>\n<\/div><div class='clear'><\/div>\n\t\t\t<\/div>\n\t\t<\/div>\n\t<\/div><\/div><\/div><div class='evocard_row bx2 bx'><div id='event_time' class='evocard_box time' data-c='' \n\t\t\t\t\tstyle=''><div class='evo_metarow_time evorow evcal_evdata_row evcal_evrow_sm '>\n\t\t<span class='evcal_evdata_icons'><i class='fa fa-clock'><\/i><\/span>\n\t\t<div class='evcal_evdata_cell'>\t\t\t\t\t\t\t\n\t\t\t<h3 class='evo_h3'><span class='evcal_evdata_icons'><i class='fa fa-clock'><\/i><\/span>Zeitplan<\/h3><p><span class='evo_eventcard_time_t'>9 August 2026 11:00<\/span><span class='evo_tz marr5'>(GMT+02:00)<\/span><\/p>\n\t\t<\/div>\n\t<\/div><\/div><div id='event_location' class='evocard_box location' data-c='' \n\t\t\t\t\tstyle=''><div class='evcal_evdata_row evo_metarow_time_location evorow '>\n\t\t\n\t\t\t<span class='evcal_evdata_icons'><i class='fa fa-map-marker'><\/i><\/span>\n\t\t\t<div class='evcal_evdata_cell' data-loc_tax_id='36'><h3 class='evo_h3 evodfx'><span class='evcal_evdata_icons'><i class='fa fa-map-marker'><\/i><\/span>Ort<\/h3><p class='evo_location_name'>Seilbahn Ankunft Predazzo-Gardon\u00e8<\/p><div class='padt10'><span class='evo_btn_arr evolb_trigger' data-lbvals=\"{&quot;lbc&quot;:&quot;evo_location_lb_36&quot;,&quot;lbac&quot;:&quot;lb_max&quot;,&quot;t&quot;:&quot;Seilbahn Ankunft Predazzo-Gardon\\u00e8&quot;,&quot;ajax&quot;:&quot;yes&quot;,&quot;ajax_type&quot;:&quot;endpoint&quot;,&quot;ajax_action&quot;:&quot;eventon_get_tax_card_content&quot;,&quot;end&quot;:&quot;client&quot;,&quot;d&quot;:{&quot;lang&quot;:&quot;L2&quot;,&quot;term_id&quot;:36,&quot;tax&quot;:&quot;event_location&quot;,&quot;load_lbcontent&quot;:true},&quot;uid&quot;:&quot;eventon_get_tax_card_content&quot;}\" >Other Events<i class='fa fa-chevron-right'><\/i><\/span><\/div><\/div>\n\t\t\n\t<\/div><\/div><\/div><div class='evocard_row bx2 bx'><div id='event_learnmore' class='evocard_box learnmore' data-c='' \n\t\t\t\t\tstyle=''><div class='evo_metarow_learnM evo_metarow_learnmore evorow'>\n\t\t\t\t\t\t\t<a class='evcal_evdata_row evo_clik_row ' href='https:\/\/www.montagnanimata.it\/de\/spektakel\/' target=\"_blank\">\n\t\t\t\t\t\t\t\t<span class='evcal_evdata_icons'><i class='fa fa-link'><\/i><\/span>\n\t\t\t\t\t\t\t\t<h3 class='evo_h3'>Entdecke mehr<\/h3>\n\t\t\t\t\t\t\t<\/a>\n\t\t\t\t\t\t\t<\/div><\/div><div id='event_addtocal' class='evocard_box addtocal' data-c='' \n\t\t\t\t\tstyle=''><div class='evo_metarow_ICS evorow evcal_evdata_row'>\n\t\t\t<span class='evcal_evdata_icons'><i class='fa fa-calendar-o'><\/i><\/span>\n\t\t\t<div class='evcal_evdata_cell'>\n\t\t\t\t<p><a href='https:\/\/latemarium.com\/de\/export-events\/2140_10\/?nonce=7b34e59f7d' class='evo_ics_nCal' title='Zu Ihrem Kalender hinzuf\u00fcgen'>Kalender<\/a><a href='https:\/\/www.google.com\/calendar\/event?action=TEMPLATE&text=Wort+von+Nikolaus+Drache&dates=20260809T090000Z%2F20260809T215900Z&ctz=Europe%2FRome&details=Wort von Nikolaus Drache&location=Seilbahn+Ankunft+Predazzo-Gardon%C3%A8' target='_blank' class='evo_ics_gCal' title='Zu Google Kalender hinzuf\u00fcgen'>GoogleCal<\/a><\/p>\t\n\t\t\t<\/div>\n\t\t<\/div><\/div><\/div><div class='evocard_row'><div id='event_getdirection' class='evocard_box getdirection' data-c='' \n\t\t\t\t\tstyle=''><div class='evo_metarow_getDr evorow evcal_evdata_row evcal_evrow_sm getdirections'>\n\t\t<form action='https:\/\/maps.google.com\/maps' method='get' target='_blank'>\n\t\t\t<input type='hidden' name='daddr' value=\"46.32878794406342,11.600176728690842\"\/> \n\t\t\t<div class='evo_get_direction_content evo_fx_dr_r evogap10'>\n\t\t\t\t<span class='evogetdir_header evodfx evofx_dr_r evofx_ai_c marr10'>\n\t\t\t\t\t<i class='mainicon fa fa-road'><\/i> \n\t\t\t\t\t<h3 class='evo_h3' style='padding-bottom:5px;'>Wegbeschreibung abrufen<\/h3>\n\t\t\t\t<\/span>\n\t\t\t\t<span class='evogetdir_field evodfx evofx_1_1 evo_fx_dr_c evow100p'>\t\t\t\t\t\n\t\t\t\t\t<input class='evoInput evotac' type='text' name='saddr' placeholder='&quot;Geben Sie die Adresse ein' value='' style='margin:10px 0;'\/>\n\t\t\t\t<\/span>\n\t\t\t\t<button type='submit' class='evo_get_direction_button evo_btn_arr_circ dfx fx_ai_c' title='&quot;Klicken Sie hier'><i class='fa fa-chevron-right'><\/i> <\/button>\n\t\t\t<\/div>\n\t\t<\/form>\n\t<\/div><\/div><\/div><div class='evo_card_row_end evcal_close' title='Schlie\u00dfen'><\/div><\/div><div class='clear end'><\/div><\/div><div id=\"event_2154_13\" class=\"eventon_list_event evo_eventtop scheduled  event clrW no_et event_2154_13\" data-event_id=\"2154\" data-ri=\"13r\" data-time=\"1786281600-1786312740\" data-colr=\"#b8d989\" itemscope itemtype='http:\/\/schema.org\/Event'><div class=\"evo_event_schema\" style=\"display:none\" ><a itemprop='url'  href='https:\/\/latemarium.com\/de\/events\/die-geraeusche-und-das-leben-der-malga\/var\/ri-13.l-L2'><\/a><meta itemprop='image' content=\"https:\/\/latemarium.com\/wp-content\/uploads\/2023\/06\/suoni-vita-malga.jpg\" \/><meta itemprop='startDate' content=\"2026-8-9T15:20+0:00\" \/><meta itemprop='endDate' content=\"2026-8-9T23:59+0:00\" \/><meta itemprop='eventStatus' content=\"https:\/\/schema.org\/EventScheduled\" \/><meta itemprop='eventAttendanceMode'   itemscope itemtype=\"https:\/\/schema.org\/OfflineEventAttendanceMode\"\/><div style=\"display:none\" itemprop=\"location\" itemscope itemtype=\"http:\/\/schema.org\/Place\"><span itemprop=\"name\">Pampeago<\/span><span itemprop=\"address\" itemscope itemtype=\"http:\/\/schema.org\/PostalAddress\"><item itemprop=\"streetAddress\">Localit\u00e0 Pampeago, 8, 38038 Tesero TN<\/item><\/span><\/div><script type=\"application\/ld+json\">{\"@context\": \"http:\/\/schema.org\",\"@type\": \"Event\",\n\t\t\t\t\"@id\": \"event_2154_13\",\n\t\t\t\t\"eventAttendanceMode\":\"https:\/\/schema.org\/OfflineEventAttendanceMode\",\n\t\t\t\t\"eventStatus\":\"https:\/\/schema.org\/EventScheduled\",\n\t\t\t\t\"name\": \"Die Ger\u00e4usche und das Leben der Malga\",\n\t\t\t\t\"url\": \"https:\/\/latemarium.com\/de\/events\/die-geraeusche-und-das-leben-der-malga\/var\/ri-13.l-L2\",\n\t\t\t\t\"startDate\": \"2026-8-9T15:20+0:00\",\n\t\t\t\t\"endDate\": \"2026-8-9T23:59+0:00\",\n\t\t\t\t\"image\":\"https:\/\/latemarium.com\/wp-content\/uploads\/2023\/06\/suoni-vita-malga.jpg\", \n\t\t\t\t\"description\":\"<p>Treffpunkt am Parkplatz des Tresca-Sessellifts (mit dem Auto von Pampeago erreichbar &#8211; NUR f\u00fcr diejenigen, die die Aktivit\u00e4t buchen).<\/p> <p>Nach einem kurzen Spaziergang zur Malga Pampeago entdecken Kinder und Eltern zwischen K\u00fchen, K\u00e4lbern, Eseln und Schweinen den Alltag und die Ger\u00e4usche, die das Leben der Hirten pr\u00e4gen.<\/p> <p>Am Ende der Aktivit\u00e4t gibt es einen kleinen Snack, den die Kinder genie\u00dfen oder mit nach Hause nehmen k\u00f6nnen.<\/p> <p>Aktivit\u00e4t auch mit Kinderwagen m\u00f6glich. <a href='https:\/\/www.visitfiemme.it\/de\/veranstaltungen\/fiemme-cembra-guest-card\/erlebnisse\/erlebnisse-sommer' target='_blank' rel='noopener'>Reservierung erforderlich<\/a>.<\/p> \",\"location\":[{\"@type\":\"Place\",\"name\":\"Pampeago\",\"address\":{\"@type\": \"PostalAddress\",\"streetAddress\":\"Localit\u00e0 Pampeago, 8, 38038 Tesero TN\"}}]}<\/script><\/div>\r\n\t\t\t\t<p class=\"desc_trig_outter\" style=\"\"><a data-gmap_status=\"null\" data-exlk=\"0\" style=\"background-color: #b8d989;\" id=\"evc_17862816002154\" class=\"hasFtIMG event_repeat desc_trig sin_val evcal_list_a\" data-ux_val=\"3\" data-ux_val_mob=\"-\"  ><span class='evoet_c1 evoet_cx '><span class='ev_ftImg' data-img='https:\/\/latemarium.com\/wp-content\/uploads\/2023\/06\/suoni-vita-malga.jpg' data-thumb='https:\/\/latemarium.com\/wp-content\/uploads\/2023\/06\/suoni-vita-malga-300x225.jpg' style='background-image:url(\"https:\/\/latemarium.com\/wp-content\/uploads\/2023\/06\/suoni-vita-malga-300x225.jpg\")' ><\/span><\/span><span class='evoet_c2 evoet_cx '><span class='evoet_dayblock evcal_cblock ' data-bgcolor='#b8d989' data-smon='August' data-syr='2026' data-bub=''><span class='evo_start '><em class='date'>09<\/em><em class='month'>Aug<\/em><em class='time'>15:20<\/em><\/span><\/span><\/span><span class='evoet_c3 evoet_cx evcal_desc hide_eventtopdata '><span class='evoet_title evcal_desc2 evcal_event_title ' itemprop='name'>Die Ger\u00e4usche und das Leben der Malga<\/span><span class='event_location_attrs'  data-location_address=\"Localit\u00e0 Pampeago, 8, 38038 Tesero TN\" data-location_type=\"lonlat\" data-location_name=\"Pampeago\" data-location_url=\"https:\/\/latemarium.com\/de\/event-location\/pampeago-de\/\" data-location_status=\"true\" data-latlng=\"46.34343697644898,11.540997527961546\"><\/span><span class='evoet_subtitle evo_below_title' ><\/span><span class='evoet_time_expand level_3'><em class='evcal_time evo_tz_time'><i class='fa fa-clock-o'><\/i>15:20<span class='evo_tz marl5'>(GMT+02:00)<\/span><\/em> <\/span><span class='evoet_location level_3'><em class=\"evcal_location\"  data-latlng=\"46.34343697644898,11.540997527961546\" data-add_str=\"Localit\u00e0 Pampeago, 8, 38038 Tesero TN\" data-n=\"Pampeago\"><i class=\"fa fa-location-pin\"><\/i><em class=\"event_location_name\">Pampeago<\/em>, Localit\u00e0 Pampeago, 8, 38038 Tesero TN<\/em><\/span><\/span><span class='evoet_data' data-d=\"{&quot;loc.n&quot;:&quot;Pampeago&quot;,&quot;orgs&quot;:[],&quot;tags&quot;:{&quot;repeating&quot;:&quot;Repeating Event&quot;}}\" data-bgc=\"#b8d989\" data-bggrad=\"\" ><\/span><\/a><\/p><div class='event_description evcal_eventcard ' style=\"display:none\"><div class='evocard_row'><div id='event_ftimage' class='evocard_box ftimage' data-c='' \n\t\t\t\t\tstyle=''><div class='evocard_main_image_hold' data-t='Loading Image..'><div class='evocard_main_image evo_img_triglb evobr15 evobgsc evobgpc evodfx evofx_jc_c evofx_ai_c evofz48 minmized' style='height:300px; background-image:url();' data-f=\"https:\/\/latemarium.com\/wp-content\/uploads\/2023\/06\/suoni-vita-malga.jpg\" data-h=\"796\" data-w=\"1062\" data-ratio=\"0.74952919020716\" data-event_id=\"2154\" data-ri=\"13\"  data-t='Loading Image..'><span style='height:300px; background-image:url(https:\/\/latemarium.com\/wp-content\/uploads\/2023\/06\/suoni-vita-malga.jpg)'><\/span><\/div><\/div><\/div><\/div><div class='evocard_row'><div id='event_eventdetails' class='evocard_box eventdetails' data-c='' \n\t\t\t\t\tstyle=''><div class='evo_metarow_details evorow evcal_evdata_row evcal_event_details'>\n\t\t<div class=\"event_excerpt\" style=\"display:none\"><h3 class=\"padb5 evo_h3\">Details zur Veranstaltung<\/h3><p>Treffpunkt am Parkplatz des Tresca-Sessellifts (mit dem Auto von Pampeago erreichbar &#8211; NUR f\u00fcr diejenigen, die die Aktivit\u00e4t buchen).\nNach einem kurzen Spaziergang zur Malga Pampeago entdecken Kinder und Eltern zwischen<\/p><\/div><span class='evcal_evdata_icons'><i class='fa fa-align-justify'><\/i><\/span>\n\t\t\n\t\t<div class='evcal_evdata_cell shorter_desc'>\n\t\t\t<div class='eventon_full_description'>\n\t\t\t\t<h3 class='padb5 evo_h3'><span class='evcal_evdata_icons'><i class='fa fa-align-justify'><\/i><\/span>Details zur Veranstaltung<\/h3>\n\t\t\t\t<div class='eventon_desc_in' itemprop='description'>\n\t\t\t\t<p>Treffpunkt am Parkplatz des Tresca-Sessellifts (mit dem Auto von Pampeago erreichbar &#8211; NUR f\u00fcr diejenigen, die die Aktivit\u00e4t buchen).<\/p>\n<p>Nach einem kurzen Spaziergang zur Malga Pampeago entdecken Kinder und Eltern zwischen K\u00fchen, K\u00e4lbern, Eseln und Schweinen den Alltag und die Ger\u00e4usche, die das Leben der Hirten pr\u00e4gen.<\/p>\n<p>Am Ende der Aktivit\u00e4t gibt es einen kleinen Snack, den die Kinder genie\u00dfen oder mit nach Hause nehmen k\u00f6nnen.<\/p>\n<p>Aktivit\u00e4t auch mit Kinderwagen m\u00f6glich. <a href=\"https:\/\/www.visitfiemme.it\/de\/veranstaltungen\/fiemme-cembra-guest-card\/erlebnisse\/erlebnisse-sommer\" target=\"_blank\" rel=\"noopener\">Reservierung erforderlich<\/a>.<\/p>\n<\/div><p class='eventon_shad_p' style='padding:5px 0 0; margin:0'>\n\t\t\t<span class='evcal_btn evo_btn_secondary evobtn_details_show_more' content='less'>\n\t\t\t\t<span class='ev_more_text' data-txt='Weniger'>Mehr<\/span><span class='ev_more_arrow ard'><\/span>\n\t\t\t<\/span>\n\t\t<\/p><div class='clear'><\/div>\n\t\t\t<\/div>\n\t\t<\/div>\n\t<\/div><\/div><\/div><div class='evocard_row bx2 bx'><div id='event_time' class='evocard_box time' data-c='' \n\t\t\t\t\tstyle=''><div class='evo_metarow_time evorow evcal_evdata_row evcal_evrow_sm '>\n\t\t<span class='evcal_evdata_icons'><i class='fa fa-clock'><\/i><\/span>\n\t\t<div class='evcal_evdata_cell'>\t\t\t\t\t\t\t\n\t\t\t<h3 class='evo_h3'><span class='evcal_evdata_icons'><i class='fa fa-clock'><\/i><\/span>Zeitplan<\/h3><p><span class='evo_eventcard_time_t'>9 August 2026 15:20<\/span><span class='evo_tz marr5'>(GMT+02:00)<\/span><\/p>\n\t\t<\/div>\n\t<\/div><\/div><div id='event_location' class='evocard_box location' data-c='' \n\t\t\t\t\tstyle=''><div class='evcal_evdata_row evo_metarow_time_location evorow '>\n\t\t\n\t\t\t<span class='evcal_evdata_icons'><i class='fa fa-map-marker'><\/i><\/span>\n\t\t\t<div class='evcal_evdata_cell' data-loc_tax_id='32'><h3 class='evo_h3 evodfx'><span class='evcal_evdata_icons'><i class='fa fa-map-marker'><\/i><\/span>Ort<\/h3><p class='evo_location_name'>Pampeago<\/p><p class='evo_location_address evodfxi evogap10'>Localit\u00e0 Pampeago, 8, 38038 Tesero TN<\/p><div class='padt10'><span class='evo_btn_arr evolb_trigger' data-lbvals=\"{&quot;lbc&quot;:&quot;evo_location_lb_32&quot;,&quot;lbac&quot;:&quot;lb_max&quot;,&quot;t&quot;:&quot;Pampeago&quot;,&quot;ajax&quot;:&quot;yes&quot;,&quot;ajax_type&quot;:&quot;endpoint&quot;,&quot;ajax_action&quot;:&quot;eventon_get_tax_card_content&quot;,&quot;end&quot;:&quot;client&quot;,&quot;d&quot;:{&quot;lang&quot;:&quot;L2&quot;,&quot;term_id&quot;:32,&quot;tax&quot;:&quot;event_location&quot;,&quot;load_lbcontent&quot;:true},&quot;uid&quot;:&quot;eventon_get_tax_card_content&quot;}\" >Other Events<i class='fa fa-chevron-right'><\/i><\/span><\/div><\/div>\n\t\t\n\t<\/div><\/div><\/div><div class='evocard_row'><div id='event_addtocal' class='evocard_box addtocal' data-c='' \n\t\t\t\t\tstyle=''><div class='evo_metarow_ICS evorow evcal_evdata_row'>\n\t\t\t<span class='evcal_evdata_icons'><i class='fa fa-calendar-o'><\/i><\/span>\n\t\t\t<div class='evcal_evdata_cell'>\n\t\t\t\t<p><a href='https:\/\/latemarium.com\/de\/export-events\/2154_13\/?nonce=7b34e59f7d' class='evo_ics_nCal' title='Zu Ihrem Kalender hinzuf\u00fcgen'>Kalender<\/a><a href='https:\/\/www.google.com\/calendar\/event?action=TEMPLATE&text=Die+Ger%C3%A4usche+und+das+Leben+der+Malga&dates=20260809T132000Z%2F20260809T215900Z&ctz=Europe%2FRome&details=Die Ger\u00e4usche und das Leben der Malga&location=Pampeago+Localit%C3%A0+Pampeago%2C+8%2C+38038+Tesero+TN' target='_blank' class='evo_ics_gCal' title='Zu Google Kalender hinzuf\u00fcgen'>GoogleCal<\/a><\/p>\t\n\t\t\t<\/div>\n\t\t<\/div><\/div><\/div><div class='evocard_row'><div id='event_getdirection' class='evocard_box getdirection' data-c='' \n\t\t\t\t\tstyle=''><div class='evo_metarow_getDr evorow evcal_evdata_row evcal_evrow_sm getdirections'>\n\t\t<form action='https:\/\/maps.google.com\/maps' method='get' target='_blank'>\n\t\t\t<input type='hidden' name='daddr' value=\"Localit\u00e0 Pampeago, 8, 38038 Tesero TN\"\/> \n\t\t\t<div class='evo_get_direction_content evo_fx_dr_r evogap10'>\n\t\t\t\t<span class='evogetdir_header evodfx evofx_dr_r evofx_ai_c marr10'>\n\t\t\t\t\t<i class='mainicon fa fa-road'><\/i> \n\t\t\t\t\t<h3 class='evo_h3' style='padding-bottom:5px;'>Wegbeschreibung abrufen<\/h3>\n\t\t\t\t<\/span>\n\t\t\t\t<span class='evogetdir_field evodfx evofx_1_1 evo_fx_dr_c evow100p'>\t\t\t\t\t\n\t\t\t\t\t<input class='evoInput evotac' type='text' name='saddr' placeholder='&quot;Geben Sie die Adresse ein' value='' style='margin:10px 0;'\/>\n\t\t\t\t<\/span>\n\t\t\t\t<button type='submit' class='evo_get_direction_button evo_btn_arr_circ dfx fx_ai_c' title='&quot;Klicken Sie hier'><i class='fa fa-chevron-right'><\/i> <\/button>\n\t\t\t<\/div>\n\t\t<\/form>\n\t<\/div><\/div><\/div><div class='evo_card_row_end evcal_close' title='Schlie\u00dfen'><\/div><\/div><div class='clear end'><\/div><\/div><div id=\"event_2116_6\" class=\"eventon_list_event evo_eventtop scheduled  event clrW no_et event_2116_6\" data-event_id=\"2116\" data-ri=\"6r\" data-time=\"1786347000-1786399140\" data-colr=\"#ffa024\" itemscope itemtype='http:\/\/schema.org\/Event'><div class=\"evo_event_schema\" style=\"display:none\" ><a itemprop='url'  href='https:\/\/latemarium.com\/de\/events\/geotrekking-monte-agnello\/var\/ri-6.l-L2'><\/a><meta itemprop='image' content=\"https:\/\/latemarium.com\/wp-content\/uploads\/2023\/06\/geotrail-monte-agnello.jpg\" \/><meta itemprop='startDate' content=\"2026-8-10T09:30+0:00\" \/><meta itemprop='endDate' content=\"2026-8-10T23:59+0:00\" \/><meta itemprop='eventStatus' content=\"https:\/\/schema.org\/EventScheduled\" \/><meta itemprop='eventAttendanceMode'   itemscope itemtype=\"https:\/\/schema.org\/OfflineEventAttendanceMode\"\/><div style=\"display:none\" itemprop=\"location\" itemscope itemtype=\"http:\/\/schema.org\/Place\"><span itemprop=\"name\">Bergh\u00fctte Monte Agnello<\/span><span itemprop=\"address\" itemscope itemtype=\"http:\/\/schema.org\/PostalAddress\"><item itemprop=\"streetAddress\">Loc. Pampeago, 9, 38038 Tesero TN<\/item><\/span><\/div><script type=\"application\/ld+json\">{\"@context\": \"http:\/\/schema.org\",\"@type\": \"Event\",\n\t\t\t\t\"@id\": \"event_2116_6\",\n\t\t\t\t\"eventAttendanceMode\":\"https:\/\/schema.org\/OfflineEventAttendanceMode\",\n\t\t\t\t\"eventStatus\":\"https:\/\/schema.org\/EventScheduled\",\n\t\t\t\t\"name\": \"Geotrekking Monte Agnello\",\n\t\t\t\t\"url\": \"https:\/\/latemarium.com\/de\/events\/geotrekking-monte-agnello\/var\/ri-6.l-L2\",\n\t\t\t\t\"startDate\": \"2026-8-10T09:30+0:00\",\n\t\t\t\t\"endDate\": \"2026-8-10T23:59+0:00\",\n\t\t\t\t\"image\":\"https:\/\/latemarium.com\/wp-content\/uploads\/2023\/06\/geotrail-monte-agnello.jpg\", \n\t\t\t\t\"description\":\"<p>Malerische geologische Route zur Entdeckung des antiken Vulkans Predazzo, gef\u00fchrt von einem erfahrenen Geologen und Medienbergf\u00fchrer.<\/p> <p>Ein Spaziergang auf den Spuren des Trias-Pompeji von Monte Agnello, wo Lava, Asche und Lapilli ein altes tropisches Atoll begruben.<\/p> <p>Die Route ist einfach, mit gut begehbaren Wegen, H\u00f6henunterschied ca. 350 Meter. Kostenlose Aktivit\u00e4t.<\/p> \",\"location\":[{\"@type\":\"Place\",\"name\":\"Bergh\u00fctte Monte Agnello\",\"address\":{\"@type\": \"PostalAddress\",\"streetAddress\":\"Loc. Pampeago, 9, 38038 Tesero TN\"}}]}<\/script><\/div>\r\n\t\t\t\t<p class=\"desc_trig_outter\" style=\"\"><a data-gmap_status=\"null\" data-exlk=\"0\" style=\"background-color: #ffa024;\" id=\"evc_17863470002116\" class=\"hasFtIMG event_repeat desc_trig sin_val evcal_list_a\" data-ux_val=\"3\" data-ux_val_mob=\"-\"  ><span class='evoet_c1 evoet_cx '><span class='ev_ftImg' data-img='https:\/\/latemarium.com\/wp-content\/uploads\/2023\/06\/geotrail-monte-agnello.jpg' data-thumb='https:\/\/latemarium.com\/wp-content\/uploads\/2023\/06\/geotrail-monte-agnello-300x240.jpg' style='background-image:url(\"https:\/\/latemarium.com\/wp-content\/uploads\/2023\/06\/geotrail-monte-agnello-300x240.jpg\")' ><\/span><\/span><span class='evoet_c2 evoet_cx '><span class='evoet_dayblock evcal_cblock ' data-bgcolor='#ffa024' data-smon='August' data-syr='2026' data-bub=''><span class='evo_start '><em class='date'>10<\/em><em class='month'>Aug<\/em><em class='time'>09:30<\/em><\/span><\/span><\/span><span class='evoet_c3 evoet_cx evcal_desc hide_eventtopdata '><span class='evoet_title evcal_desc2 evcal_event_title ' itemprop='name'>Geotrekking Monte Agnello<\/span><span class='event_location_attrs'  data-location_address=\"Loc. Pampeago, 9, 38038 Tesero TN\" data-location_type=\"lonlat\" data-location_name=\"Bergh\u00fctte Monte Agnello\" data-location_url=\"https:\/\/latemarium.com\/de\/event-location\/berghuette-monte-agnello\/\" data-location_status=\"true\" data-latlng=\"46.333809095680266,11.547693182509184\"><\/span><span class='evoet_subtitle evo_below_title' ><span class='evcal_event_subtitle ' >Geologische Route zur Entdeckung des antiken Vulkans Predazzo<\/span><\/span><span class='evoet_time_expand level_3'><em class='evcal_time evo_tz_time'><i class='fa fa-clock-o'><\/i>09:30<span class='evo_tz marl5'>(GMT+02:00)<\/span><\/em> <\/span><span class='evoet_location level_3'><em class=\"evcal_location\"  data-latlng=\"46.333809095680266,11.547693182509184\" data-add_str=\"Loc. Pampeago, 9, 38038 Tesero TN\" data-n=\"Bergh\u00fctte Monte Agnello\"><i class=\"fa fa-location-pin\"><\/i><em class=\"event_location_name\">Bergh\u00fctte Monte Agnello<\/em>, Loc. Pampeago, 9, 38038 Tesero TN<\/em><\/span><\/span><span class='evoet_data' data-d=\"{&quot;loc.n&quot;:&quot;Bergh\\u00fctte Monte Agnello&quot;,&quot;orgs&quot;:[],&quot;tags&quot;:{&quot;repeating&quot;:&quot;Repeating Event&quot;}}\" data-bgc=\"#ffa024\" data-bggrad=\"\" ><\/span><\/a><\/p><div class='event_description evcal_eventcard ' style=\"display:none\"><div class='evocard_row'><div id='event_ftimage' class='evocard_box ftimage' data-c='' \n\t\t\t\t\tstyle=''><div class='evocard_main_image_hold' data-t='Loading Image..'><div class='evocard_main_image evo_img_triglb evobr15 evobgsc evobgpc evodfx evofx_jc_c evofx_ai_c evofz48 minmized' style='height:300px; background-image:url();' data-f=\"https:\/\/latemarium.com\/wp-content\/uploads\/2023\/06\/geotrail-monte-agnello.jpg\" data-h=\"528\" data-w=\"661\" data-ratio=\"0.79878971255673\" data-event_id=\"2116\" data-ri=\"6\"  data-t='Loading Image..'><span style='height:300px; background-image:url(https:\/\/latemarium.com\/wp-content\/uploads\/2023\/06\/geotrail-monte-agnello.jpg)'><\/span><\/div><\/div><\/div><\/div><div class='evocard_row'><div id='event_eventdetails' class='evocard_box eventdetails' data-c='' \n\t\t\t\t\tstyle=''><div class='evo_metarow_details evorow evcal_evdata_row evcal_event_details'>\n\t\t<div class=\"event_excerpt\" style=\"display:none\"><h3 class=\"padb5 evo_h3\">Details zur Veranstaltung<\/h3><p>Malerische geologische Route zur Entdeckung des antiken Vulkans Predazzo, gef\u00fchrt von einem erfahrenen Geologen und Medienbergf\u00fchrer.\nEin Spaziergang auf den Spuren des Trias-Pompeji von Monte Agnello, wo Lava, Asche und Lapilli<\/p><\/div><span class='evcal_evdata_icons'><i class='fa fa-align-justify'><\/i><\/span>\n\t\t\n\t\t<div class='evcal_evdata_cell '>\n\t\t\t<div class='eventon_full_description'>\n\t\t\t\t<h3 class='padb5 evo_h3'><span class='evcal_evdata_icons'><i class='fa fa-align-justify'><\/i><\/span>Details zur Veranstaltung<\/h3>\n\t\t\t\t<div class='eventon_desc_in' itemprop='description'>\n\t\t\t\t<p>Malerische geologische Route zur Entdeckung des antiken Vulkans Predazzo, gef\u00fchrt von einem erfahrenen Geologen und Medienbergf\u00fchrer.<\/p>\n<p>Ein Spaziergang auf den Spuren des Trias-Pompeji von Monte Agnello, wo Lava, Asche und Lapilli ein altes tropisches Atoll begruben.<\/p>\n<p>Die Route ist einfach, mit gut begehbaren Wegen, H\u00f6henunterschied ca. 350 Meter. Kostenlose Aktivit\u00e4t.<\/p>\n<\/div><div class='clear'><\/div>\n\t\t\t<\/div>\n\t\t<\/div>\n\t<\/div><\/div><\/div><div class='evocard_row bx2 bx'><div id='event_time' class='evocard_box time' data-c='' \n\t\t\t\t\tstyle=''><div class='evo_metarow_time evorow evcal_evdata_row evcal_evrow_sm '>\n\t\t<span class='evcal_evdata_icons'><i class='fa fa-clock'><\/i><\/span>\n\t\t<div class='evcal_evdata_cell'>\t\t\t\t\t\t\t\n\t\t\t<h3 class='evo_h3'><span class='evcal_evdata_icons'><i class='fa fa-clock'><\/i><\/span>Zeitplan<\/h3><p><span class='evo_eventcard_time_t'>10 August 2026 09:30<\/span><span class='evo_tz marr5'>(GMT+02:00)<\/span><\/p>\n\t\t<\/div>\n\t<\/div><\/div><div id='event_location' class='evocard_box location' data-c='' \n\t\t\t\t\tstyle=''><div class='evcal_evdata_row evo_metarow_time_location evorow '>\n\t\t\n\t\t\t<span class='evcal_evdata_icons'><i class='fa fa-map-marker'><\/i><\/span>\n\t\t\t<div class='evcal_evdata_cell' data-loc_tax_id='25'><h3 class='evo_h3 evodfx'><span class='evcal_evdata_icons'><i class='fa fa-map-marker'><\/i><\/span><a target=\"_blank\" href=\"https:\/\/www.facebook.com\/profile.php?id=100064742944609\">Ort<\/a><\/h3><p class='evo_location_name'><a target=\"_blank\" href=\"https:\/\/www.facebook.com\/profile.php?id=100064742944609\">Bergh\u00fctte Monte Agnello<\/a><\/p><p class='evo_location_address evodfxi evogap10'><a target=\"_blank\" href=\"https:\/\/www.facebook.com\/profile.php?id=100064742944609\">Loc. Pampeago, 9, 38038 Tesero TN<\/a><\/p><div class='padt10'><span class='evo_btn_arr evolb_trigger' data-lbvals=\"{&quot;lbc&quot;:&quot;evo_location_lb_25&quot;,&quot;lbac&quot;:&quot;lb_max&quot;,&quot;t&quot;:&quot;Bergh\\u00fctte Monte Agnello&quot;,&quot;ajax&quot;:&quot;yes&quot;,&quot;ajax_type&quot;:&quot;endpoint&quot;,&quot;ajax_action&quot;:&quot;eventon_get_tax_card_content&quot;,&quot;end&quot;:&quot;client&quot;,&quot;d&quot;:{&quot;lang&quot;:&quot;L2&quot;,&quot;term_id&quot;:25,&quot;tax&quot;:&quot;event_location&quot;,&quot;load_lbcontent&quot;:true},&quot;uid&quot;:&quot;eventon_get_tax_card_content&quot;}\" >Other Events<i class='fa fa-chevron-right'><\/i><\/span><\/div><\/div>\n\t\t\n\t<\/div><\/div><\/div><div class='evocard_row bx2 bx'><div id='event_learnmore' class='evocard_box learnmore' data-c='' \n\t\t\t\t\tstyle=''><div class='evo_metarow_learnM evo_metarow_learnmore evorow'>\n\t\t\t\t\t\t\t<a class='evcal_evdata_row evo_clik_row ' href='https:\/\/latemarium.com\/de\/excursions\/detail\/geotrail-monte-agnello\/' target=\"_blank\">\n\t\t\t\t\t\t\t\t<span class='evcal_evdata_icons'><i class='fa fa-link'><\/i><\/span>\n\t\t\t\t\t\t\t\t<h3 class='evo_h3'>Entdecke mehr<\/h3>\n\t\t\t\t\t\t\t<\/a>\n\t\t\t\t\t\t\t<\/div><\/div><div id='event_addtocal' class='evocard_box addtocal' data-c='' \n\t\t\t\t\tstyle=''><div class='evo_metarow_ICS evorow evcal_evdata_row'>\n\t\t\t<span class='evcal_evdata_icons'><i class='fa fa-calendar-o'><\/i><\/span>\n\t\t\t<div class='evcal_evdata_cell'>\n\t\t\t\t<p><a href='https:\/\/latemarium.com\/de\/export-events\/2116_6\/?nonce=7b34e59f7d' class='evo_ics_nCal' title='Zu Ihrem Kalender hinzuf\u00fcgen'>Kalender<\/a><a href='https:\/\/www.google.com\/calendar\/event?action=TEMPLATE&text=Geotrekking+Monte+Agnello&dates=20260810T073000Z%2F20260810T215900Z&ctz=Europe%2FRome&details=Geotrekking Monte Agnello&location=Bergh%C3%BCtte+Monte+Agnello+Loc.+Pampeago%2C+9%2C+38038+Tesero+TN' target='_blank' class='evo_ics_gCal' title='Zu Google Kalender hinzuf\u00fcgen'>GoogleCal<\/a><\/p>\t\n\t\t\t<\/div>\n\t\t<\/div><\/div><\/div><div class='evocard_row'><div id='event_getdirection' class='evocard_box getdirection' data-c='' \n\t\t\t\t\tstyle=''><div class='evo_metarow_getDr evorow evcal_evdata_row evcal_evrow_sm getdirections'>\n\t\t<form action='https:\/\/maps.google.com\/maps' method='get' target='_blank'>\n\t\t\t<input type='hidden' name='daddr' value=\"46.333809095680266,11.547693182509184\"\/> \n\t\t\t<div class='evo_get_direction_content evo_fx_dr_r evogap10'>\n\t\t\t\t<span class='evogetdir_header evodfx evofx_dr_r evofx_ai_c marr10'>\n\t\t\t\t\t<i class='mainicon fa fa-road'><\/i> \n\t\t\t\t\t<h3 class='evo_h3' style='padding-bottom:5px;'>Wegbeschreibung abrufen<\/h3>\n\t\t\t\t<\/span>\n\t\t\t\t<span class='evogetdir_field evodfx evofx_1_1 evo_fx_dr_c evow100p'>\t\t\t\t\t\n\t\t\t\t\t<input class='evoInput evotac' type='text' name='saddr' placeholder='&quot;Geben Sie die Adresse ein' value='' style='margin:10px 0;'\/>\n\t\t\t\t<\/span>\n\t\t\t\t<button type='submit' class='evo_get_direction_button evo_btn_arr_circ dfx fx_ai_c' title='&quot;Klicken Sie hier'><i class='fa fa-chevron-right'><\/i> <\/button>\n\t\t\t<\/div>\n\t\t<\/form>\n\t<\/div><\/div><\/div><div class='evo_card_row_end evcal_close' title='Schlie\u00dfen'><\/div><\/div><div class='clear end'><\/div><\/div><div id=\"event_2140_11\" class=\"eventon_list_event evo_eventtop scheduled  event clrD no_et event_2140_11\" data-event_id=\"2140\" data-ri=\"11r\" data-time=\"1786352400-1786399140\" data-colr=\"#006290\" itemscope itemtype='http:\/\/schema.org\/Event'><div class=\"evo_event_schema\" style=\"display:none\" ><a itemprop='url'  href='https:\/\/latemarium.com\/de\/events\/wort-von-nikolaus-drache\/var\/ri-11.l-L2'><\/a><meta itemprop='image' content=\"https:\/\/latemarium.com\/wp-content\/uploads\/2023\/06\/foresta-dei-draghi-6.jpg\" \/><meta itemprop='startDate' content=\"2026-8-10T11:00+0:00\" \/><meta itemprop='endDate' content=\"2026-8-10T23:59+0:00\" \/><meta itemprop='eventStatus' content=\"https:\/\/schema.org\/EventScheduled\" \/><meta itemprop='eventAttendanceMode'   itemscope itemtype=\"https:\/\/schema.org\/OfflineEventAttendanceMode\"\/><script type=\"application\/ld+json\">{\"@context\": \"http:\/\/schema.org\",\"@type\": \"Event\",\n\t\t\t\t\"@id\": \"event_2140_11\",\n\t\t\t\t\"eventAttendanceMode\":\"https:\/\/schema.org\/OfflineEventAttendanceMode\",\n\t\t\t\t\"eventStatus\":\"https:\/\/schema.org\/EventScheduled\",\n\t\t\t\t\"name\": \"Wort von Nikolaus Drache\",\n\t\t\t\t\"url\": \"https:\/\/latemarium.com\/de\/events\/wort-von-nikolaus-drache\/var\/ri-11.l-L2\",\n\t\t\t\t\"startDate\": \"2026-8-10T11:00+0:00\",\n\t\t\t\t\"endDate\": \"2026-8-10T23:59+0:00\",\n\t\t\t\t\"image\":\"https:\/\/latemarium.com\/wp-content\/uploads\/2023\/06\/foresta-dei-draghi-6.jpg\", \n\t\t\t\t\"description\":\"<p>Sie springen, sie rennen, sie krabbeln, sie fliegen! Doch\u2026 sie sind nicht leicht zu sehen! Sie wissen sich gut zu verstecken \u2026 die schuppigen Schleicher! Wer sind sie? Aber die Drachen von Latemar! Einen zu treffen, und sei es nur einer, wird ein wunderbares Erlebnis sein! Ein Wort von Nikolaus Drache.<\/p> <p>Immer sonntags umd montags, vom 5. Juli bis zum 24. August 2026<br \/> bei der Bergstation der Gondelbahn Predazzo \u2013 Gardon\u00e8<br \/> um 11.00 und um 14.45 Uhr<br \/> F\u00fcr Familien mit Kindern ab 2 Jahren geeignet (Dauer: 1h30\u2018)<br \/> Vorstellung auf Italienisch<\/p> <p>&nbsp;<\/p> \"}<\/script><\/div>\r\n\t\t\t\t<p class=\"desc_trig_outter\" style=\"\"><a data-gmap_status=\"null\" data-exlk=\"0\" style=\"background-color: #006290;\" id=\"evc_17863524002140\" class=\"hasFtIMG event_repeat desc_trig sin_val evcal_list_a\" data-ux_val=\"3\" data-ux_val_mob=\"-\"  ><span class='evoet_c1 evoet_cx '><span class='ev_ftImg' data-img='https:\/\/latemarium.com\/wp-content\/uploads\/2023\/06\/foresta-dei-draghi-6.jpg' data-thumb='https:\/\/latemarium.com\/wp-content\/uploads\/2023\/06\/foresta-dei-draghi-6-300x200.jpg' style='background-image:url(\"https:\/\/latemarium.com\/wp-content\/uploads\/2023\/06\/foresta-dei-draghi-6-300x200.jpg\")' ><\/span><\/span><span class='evoet_c2 evoet_cx '><span class='evoet_dayblock evcal_cblock ' data-bgcolor='#006290' data-smon='August' data-syr='2026' data-bub=''><span class='evo_start '><em class='date'>10<\/em><em class='month'>Aug<\/em><em class='time'>11:00<\/em><\/span><\/span><\/span><span class='evoet_c3 evoet_cx evcal_desc hide_eventtopdata '><span class='evoet_title evcal_desc2 evcal_event_title ' itemprop='name'>Wort von Nikolaus Drache<\/span><span class='event_location_attrs' data-location_type=\"lonlat\" data-location_name=\"Seilbahn Ankunft Predazzo-Gardon\u00e8\" data-location_url=\"https:\/\/latemarium.com\/de\/event-location\/seilbahn-ankunft-predazzo-gardone\/\" data-location_status=\"true\" data-latlng=\"46.32878794406342,11.600176728690842\"><\/span><span class='evoet_subtitle evo_below_title' ><span class='evcal_event_subtitle ' >DER DRACHENWALD<\/span><\/span><span class='evoet_time_expand level_3'><em class='evcal_time evo_tz_time'><i class='fa fa-clock-o'><\/i>11:00<span class='evo_tz marl5'>(GMT+02:00)<\/span><\/em> <\/span><span class='evoet_location level_3'><em class=\"evcal_location\"  data-latlng=\"46.32878794406342,11.600176728690842\" data-add_str=\"\" data-n=\"Seilbahn Ankunft Predazzo-Gardon\u00e8\"><i class=\"fa fa-location-pin\"><\/i><em class=\"event_location_name\">Seilbahn Ankunft Predazzo-Gardon\u00e8<\/em><\/em><\/span><\/span><span class='evoet_data' data-d=\"{&quot;loc.n&quot;:&quot;Seilbahn Ankunft Predazzo-Gardon\\u00e8&quot;,&quot;orgs&quot;:[],&quot;tags&quot;:{&quot;repeating&quot;:&quot;Repeating Event&quot;}}\" data-bgc=\"#006290\" data-bggrad=\"\" ><\/span><\/a><\/p><div class='event_description evcal_eventcard ' style=\"display:none\"><div class='evocard_row'><div id='event_ftimage' class='evocard_box ftimage' data-c='' \n\t\t\t\t\tstyle=''><div class='evocard_main_image_hold' data-t='Loading Image..'><div class='evocard_main_image evo_img_triglb evobr15 evobgsc evobgpc evodfx evofx_jc_c evofx_ai_c evofz48 minmized' style='height:300px; background-image:url();' data-f=\"https:\/\/latemarium.com\/wp-content\/uploads\/2023\/06\/foresta-dei-draghi-6.jpg\" data-h=\"800\" data-w=\"1200\" data-ratio=\"0.66666666666667\" data-event_id=\"2140\" data-ri=\"11\"  data-t='Loading Image..'><span style='height:300px; background-image:url(https:\/\/latemarium.com\/wp-content\/uploads\/2023\/06\/foresta-dei-draghi-6.jpg)'><\/span><\/div><\/div><\/div><\/div><div class='evocard_row'><div id='event_eventdetails' class='evocard_box eventdetails' data-c='' \n\t\t\t\t\tstyle=''><div class='evo_metarow_details evorow evcal_evdata_row evcal_event_details'>\n\t\t<div class=\"event_excerpt\" style=\"display:none\"><h3 class=\"padb5 evo_h3\">Details zur Veranstaltung<\/h3><p>Sie springen, sie rennen, sie krabbeln, sie fliegen! Doch\u2026 sie sind nicht leicht zu sehen! Sie wissen sich gut zu verstecken \u2026 die schuppigen Schleicher! Wer sind sie? Aber die<\/p><\/div><span class='evcal_evdata_icons'><i class='fa fa-align-justify'><\/i><\/span>\n\t\t\n\t\t<div class='evcal_evdata_cell '>\n\t\t\t<div class='eventon_full_description'>\n\t\t\t\t<h3 class='padb5 evo_h3'><span class='evcal_evdata_icons'><i class='fa fa-align-justify'><\/i><\/span>Details zur Veranstaltung<\/h3>\n\t\t\t\t<div class='eventon_desc_in' itemprop='description'>\n\t\t\t\t<p>Sie springen, sie rennen, sie krabbeln, sie fliegen! Doch\u2026 sie sind nicht leicht zu sehen! Sie wissen sich gut zu verstecken \u2026 die schuppigen Schleicher! Wer sind sie? Aber die Drachen von Latemar! Einen zu treffen, und sei es nur einer, wird ein wunderbares Erlebnis sein! Ein Wort von Nikolaus Drache.<\/p>\n<p>Immer sonntags umd montags, vom 5. Juli bis zum 24. August 2026<br \/>\nbei der Bergstation der Gondelbahn Predazzo \u2013 Gardon\u00e8<br \/>\num 11.00 und um 14.45 Uhr<br \/>\nF\u00fcr Familien mit Kindern ab 2 Jahren geeignet (Dauer: 1h30\u2018)<br \/>\nVorstellung auf Italienisch<\/p>\n<p>&nbsp;<\/p>\n<\/div><div class='clear'><\/div>\n\t\t\t<\/div>\n\t\t<\/div>\n\t<\/div><\/div><\/div><div class='evocard_row bx2 bx'><div id='event_time' class='evocard_box time' data-c='' \n\t\t\t\t\tstyle=''><div class='evo_metarow_time evorow evcal_evdata_row evcal_evrow_sm '>\n\t\t<span class='evcal_evdata_icons'><i class='fa fa-clock'><\/i><\/span>\n\t\t<div class='evcal_evdata_cell'>\t\t\t\t\t\t\t\n\t\t\t<h3 class='evo_h3'><span class='evcal_evdata_icons'><i class='fa fa-clock'><\/i><\/span>Zeitplan<\/h3><p><span class='evo_eventcard_time_t'>10 August 2026 11:00<\/span><span class='evo_tz marr5'>(GMT+02:00)<\/span><\/p>\n\t\t<\/div>\n\t<\/div><\/div><div id='event_location' class='evocard_box location' data-c='' \n\t\t\t\t\tstyle=''><div class='evcal_evdata_row evo_metarow_time_location evorow '>\n\t\t\n\t\t\t<span class='evcal_evdata_icons'><i class='fa fa-map-marker'><\/i><\/span>\n\t\t\t<div class='evcal_evdata_cell' data-loc_tax_id='36'><h3 class='evo_h3 evodfx'><span class='evcal_evdata_icons'><i class='fa fa-map-marker'><\/i><\/span>Ort<\/h3><p class='evo_location_name'>Seilbahn Ankunft Predazzo-Gardon\u00e8<\/p><div class='padt10'><span class='evo_btn_arr evolb_trigger' data-lbvals=\"{&quot;lbc&quot;:&quot;evo_location_lb_36&quot;,&quot;lbac&quot;:&quot;lb_max&quot;,&quot;t&quot;:&quot;Seilbahn Ankunft Predazzo-Gardon\\u00e8&quot;,&quot;ajax&quot;:&quot;yes&quot;,&quot;ajax_type&quot;:&quot;endpoint&quot;,&quot;ajax_action&quot;:&quot;eventon_get_tax_card_content&quot;,&quot;end&quot;:&quot;client&quot;,&quot;d&quot;:{&quot;lang&quot;:&quot;L2&quot;,&quot;term_id&quot;:36,&quot;tax&quot;:&quot;event_location&quot;,&quot;load_lbcontent&quot;:true},&quot;uid&quot;:&quot;eventon_get_tax_card_content&quot;}\" >Other Events<i class='fa fa-chevron-right'><\/i><\/span><\/div><\/div>\n\t\t\n\t<\/div><\/div><\/div><div class='evocard_row bx2 bx'><div id='event_learnmore' class='evocard_box learnmore' data-c='' \n\t\t\t\t\tstyle=''><div class='evo_metarow_learnM evo_metarow_learnmore evorow'>\n\t\t\t\t\t\t\t<a class='evcal_evdata_row evo_clik_row ' href='https:\/\/www.montagnanimata.it\/de\/spektakel\/' target=\"_blank\">\n\t\t\t\t\t\t\t\t<span class='evcal_evdata_icons'><i class='fa fa-link'><\/i><\/span>\n\t\t\t\t\t\t\t\t<h3 class='evo_h3'>Entdecke mehr<\/h3>\n\t\t\t\t\t\t\t<\/a>\n\t\t\t\t\t\t\t<\/div><\/div><div id='event_addtocal' class='evocard_box addtocal' data-c='' \n\t\t\t\t\tstyle=''><div class='evo_metarow_ICS evorow evcal_evdata_row'>\n\t\t\t<span class='evcal_evdata_icons'><i class='fa fa-calendar-o'><\/i><\/span>\n\t\t\t<div class='evcal_evdata_cell'>\n\t\t\t\t<p><a href='https:\/\/latemarium.com\/de\/export-events\/2140_11\/?nonce=7b34e59f7d' class='evo_ics_nCal' title='Zu Ihrem Kalender hinzuf\u00fcgen'>Kalender<\/a><a href='https:\/\/www.google.com\/calendar\/event?action=TEMPLATE&text=Wort+von+Nikolaus+Drache&dates=20260810T090000Z%2F20260810T215900Z&ctz=Europe%2FRome&details=Wort von Nikolaus Drache&location=Seilbahn+Ankunft+Predazzo-Gardon%C3%A8' target='_blank' class='evo_ics_gCal' title='Zu Google Kalender hinzuf\u00fcgen'>GoogleCal<\/a><\/p>\t\n\t\t\t<\/div>\n\t\t<\/div><\/div><\/div><div class='evocard_row'><div id='event_getdirection' class='evocard_box getdirection' data-c='' \n\t\t\t\t\tstyle=''><div class='evo_metarow_getDr evorow evcal_evdata_row evcal_evrow_sm getdirections'>\n\t\t<form action='https:\/\/maps.google.com\/maps' method='get' target='_blank'>\n\t\t\t<input type='hidden' name='daddr' value=\"46.32878794406342,11.600176728690842\"\/> \n\t\t\t<div class='evo_get_direction_content evo_fx_dr_r evogap10'>\n\t\t\t\t<span class='evogetdir_header evodfx evofx_dr_r evofx_ai_c marr10'>\n\t\t\t\t\t<i class='mainicon fa fa-road'><\/i> \n\t\t\t\t\t<h3 class='evo_h3' style='padding-bottom:5px;'>Wegbeschreibung abrufen<\/h3>\n\t\t\t\t<\/span>\n\t\t\t\t<span class='evogetdir_field evodfx evofx_1_1 evo_fx_dr_c evow100p'>\t\t\t\t\t\n\t\t\t\t\t<input class='evoInput evotac' type='text' name='saddr' placeholder='&quot;Geben Sie die Adresse ein' value='' style='margin:10px 0;'\/>\n\t\t\t\t<\/span>\n\t\t\t\t<button type='submit' class='evo_get_direction_button evo_btn_arr_circ dfx fx_ai_c' title='&quot;Klicken Sie hier'><i class='fa fa-chevron-right'><\/i> <\/button>\n\t\t\t<\/div>\n\t\t<\/form>\n\t<\/div><\/div><\/div><div class='evo_card_row_end evcal_close' title='Schlie\u00dfen'><\/div><\/div><div class='clear end'><\/div><\/div><div id=\"event_2154_14\" class=\"eventon_list_event evo_eventtop scheduled  event clrW no_et event_2154_14\" data-event_id=\"2154\" data-ri=\"14r\" data-time=\"1786368000-1786399140\" data-colr=\"#b8d989\" itemscope itemtype='http:\/\/schema.org\/Event'><div class=\"evo_event_schema\" style=\"display:none\" ><a itemprop='url'  href='https:\/\/latemarium.com\/de\/events\/die-geraeusche-und-das-leben-der-malga\/var\/ri-14.l-L2'><\/a><meta itemprop='image' content=\"https:\/\/latemarium.com\/wp-content\/uploads\/2023\/06\/suoni-vita-malga.jpg\" \/><meta itemprop='startDate' content=\"2026-8-10T15:20+0:00\" \/><meta itemprop='endDate' content=\"2026-8-10T23:59+0:00\" \/><meta itemprop='eventStatus' content=\"https:\/\/schema.org\/EventScheduled\" \/><meta itemprop='eventAttendanceMode'   itemscope itemtype=\"https:\/\/schema.org\/OfflineEventAttendanceMode\"\/><div style=\"display:none\" itemprop=\"location\" itemscope itemtype=\"http:\/\/schema.org\/Place\"><span itemprop=\"name\">Pampeago<\/span><span itemprop=\"address\" itemscope itemtype=\"http:\/\/schema.org\/PostalAddress\"><item itemprop=\"streetAddress\">Localit\u00e0 Pampeago, 8, 38038 Tesero TN<\/item><\/span><\/div><script type=\"application\/ld+json\">{\"@context\": \"http:\/\/schema.org\",\"@type\": \"Event\",\n\t\t\t\t\"@id\": \"event_2154_14\",\n\t\t\t\t\"eventAttendanceMode\":\"https:\/\/schema.org\/OfflineEventAttendanceMode\",\n\t\t\t\t\"eventStatus\":\"https:\/\/schema.org\/EventScheduled\",\n\t\t\t\t\"name\": \"Die Ger\u00e4usche und das Leben der Malga\",\n\t\t\t\t\"url\": \"https:\/\/latemarium.com\/de\/events\/die-geraeusche-und-das-leben-der-malga\/var\/ri-14.l-L2\",\n\t\t\t\t\"startDate\": \"2026-8-10T15:20+0:00\",\n\t\t\t\t\"endDate\": \"2026-8-10T23:59+0:00\",\n\t\t\t\t\"image\":\"https:\/\/latemarium.com\/wp-content\/uploads\/2023\/06\/suoni-vita-malga.jpg\", \n\t\t\t\t\"description\":\"<p>Treffpunkt am Parkplatz des Tresca-Sessellifts (mit dem Auto von Pampeago erreichbar &#8211; NUR f\u00fcr diejenigen, die die Aktivit\u00e4t buchen).<\/p> <p>Nach einem kurzen Spaziergang zur Malga Pampeago entdecken Kinder und Eltern zwischen K\u00fchen, K\u00e4lbern, Eseln und Schweinen den Alltag und die Ger\u00e4usche, die das Leben der Hirten pr\u00e4gen.<\/p> <p>Am Ende der Aktivit\u00e4t gibt es einen kleinen Snack, den die Kinder genie\u00dfen oder mit nach Hause nehmen k\u00f6nnen.<\/p> <p>Aktivit\u00e4t auch mit Kinderwagen m\u00f6glich. <a href='https:\/\/www.visitfiemme.it\/de\/veranstaltungen\/fiemme-cembra-guest-card\/erlebnisse\/erlebnisse-sommer' target='_blank' rel='noopener'>Reservierung erforderlich<\/a>.<\/p> \",\"location\":[{\"@type\":\"Place\",\"name\":\"Pampeago\",\"address\":{\"@type\": \"PostalAddress\",\"streetAddress\":\"Localit\u00e0 Pampeago, 8, 38038 Tesero TN\"}}]}<\/script><\/div>\r\n\t\t\t\t<p class=\"desc_trig_outter\" style=\"\"><a data-gmap_status=\"null\" data-exlk=\"0\" style=\"background-color: #b8d989;\" id=\"evc_17863680002154\" class=\"hasFtIMG event_repeat desc_trig sin_val evcal_list_a\" data-ux_val=\"3\" data-ux_val_mob=\"-\"  ><span class='evoet_c1 evoet_cx '><span class='ev_ftImg' data-img='https:\/\/latemarium.com\/wp-content\/uploads\/2023\/06\/suoni-vita-malga.jpg' data-thumb='https:\/\/latemarium.com\/wp-content\/uploads\/2023\/06\/suoni-vita-malga-300x225.jpg' style='background-image:url(\"https:\/\/latemarium.com\/wp-content\/uploads\/2023\/06\/suoni-vita-malga-300x225.jpg\")' ><\/span><\/span><span class='evoet_c2 evoet_cx '><span class='evoet_dayblock evcal_cblock ' data-bgcolor='#b8d989' data-smon='August' data-syr='2026' data-bub=''><span class='evo_start '><em class='date'>10<\/em><em class='month'>Aug<\/em><em class='time'>15:20<\/em><\/span><\/span><\/span><span class='evoet_c3 evoet_cx evcal_desc hide_eventtopdata '><span class='evoet_title evcal_desc2 evcal_event_title ' itemprop='name'>Die Ger\u00e4usche und das Leben der Malga<\/span><span class='event_location_attrs'  data-location_address=\"Localit\u00e0 Pampeago, 8, 38038 Tesero TN\" data-location_type=\"lonlat\" data-location_name=\"Pampeago\" data-location_url=\"https:\/\/latemarium.com\/de\/event-location\/pampeago-de\/\" data-location_status=\"true\" data-latlng=\"46.34343697644898,11.540997527961546\"><\/span><span class='evoet_subtitle evo_below_title' ><\/span><span class='evoet_time_expand level_3'><em class='evcal_time evo_tz_time'><i class='fa fa-clock-o'><\/i>15:20<span class='evo_tz marl5'>(GMT+02:00)<\/span><\/em> <\/span><span class='evoet_location level_3'><em class=\"evcal_location\"  data-latlng=\"46.34343697644898,11.540997527961546\" data-add_str=\"Localit\u00e0 Pampeago, 8, 38038 Tesero TN\" data-n=\"Pampeago\"><i class=\"fa fa-location-pin\"><\/i><em class=\"event_location_name\">Pampeago<\/em>, Localit\u00e0 Pampeago, 8, 38038 Tesero TN<\/em><\/span><\/span><span class='evoet_data' data-d=\"{&quot;loc.n&quot;:&quot;Pampeago&quot;,&quot;orgs&quot;:[],&quot;tags&quot;:{&quot;repeating&quot;:&quot;Repeating Event&quot;}}\" data-bgc=\"#b8d989\" data-bggrad=\"\" ><\/span><\/a><\/p><div class='event_description evcal_eventcard ' style=\"display:none\"><div class='evocard_row'><div id='event_ftimage' class='evocard_box ftimage' data-c='' \n\t\t\t\t\tstyle=''><div class='evocard_main_image_hold' data-t='Loading Image..'><div class='evocard_main_image evo_img_triglb evobr15 evobgsc evobgpc evodfx evofx_jc_c evofx_ai_c evofz48 minmized' style='height:300px; background-image:url();' data-f=\"https:\/\/latemarium.com\/wp-content\/uploads\/2023\/06\/suoni-vita-malga.jpg\" data-h=\"796\" data-w=\"1062\" data-ratio=\"0.74952919020716\" data-event_id=\"2154\" data-ri=\"14\"  data-t='Loading Image..'><span style='height:300px; background-image:url(https:\/\/latemarium.com\/wp-content\/uploads\/2023\/06\/suoni-vita-malga.jpg)'><\/span><\/div><\/div><\/div><\/div><div class='evocard_row'><div id='event_eventdetails' class='evocard_box eventdetails' data-c='' \n\t\t\t\t\tstyle=''><div class='evo_metarow_details evorow evcal_evdata_row evcal_event_details'>\n\t\t<div class=\"event_excerpt\" style=\"display:none\"><h3 class=\"padb5 evo_h3\">Details zur Veranstaltung<\/h3><p>Treffpunkt am Parkplatz des Tresca-Sessellifts (mit dem Auto von Pampeago erreichbar &#8211; NUR f\u00fcr diejenigen, die die Aktivit\u00e4t buchen).\nNach einem kurzen Spaziergang zur Malga Pampeago entdecken Kinder und Eltern zwischen<\/p><\/div><span class='evcal_evdata_icons'><i class='fa fa-align-justify'><\/i><\/span>\n\t\t\n\t\t<div class='evcal_evdata_cell shorter_desc'>\n\t\t\t<div class='eventon_full_description'>\n\t\t\t\t<h3 class='padb5 evo_h3'><span class='evcal_evdata_icons'><i class='fa fa-align-justify'><\/i><\/span>Details zur Veranstaltung<\/h3>\n\t\t\t\t<div class='eventon_desc_in' itemprop='description'>\n\t\t\t\t<p>Treffpunkt am Parkplatz des Tresca-Sessellifts (mit dem Auto von Pampeago erreichbar &#8211; NUR f\u00fcr diejenigen, die die Aktivit\u00e4t buchen).<\/p>\n<p>Nach einem kurzen Spaziergang zur Malga Pampeago entdecken Kinder und Eltern zwischen K\u00fchen, K\u00e4lbern, Eseln und Schweinen den Alltag und die Ger\u00e4usche, die das Leben der Hirten pr\u00e4gen.<\/p>\n<p>Am Ende der Aktivit\u00e4t gibt es einen kleinen Snack, den die Kinder genie\u00dfen oder mit nach Hause nehmen k\u00f6nnen.<\/p>\n<p>Aktivit\u00e4t auch mit Kinderwagen m\u00f6glich. <a href=\"https:\/\/www.visitfiemme.it\/de\/veranstaltungen\/fiemme-cembra-guest-card\/erlebnisse\/erlebnisse-sommer\" target=\"_blank\" rel=\"noopener\">Reservierung erforderlich<\/a>.<\/p>\n<\/div><p class='eventon_shad_p' style='padding:5px 0 0; margin:0'>\n\t\t\t<span class='evcal_btn evo_btn_secondary evobtn_details_show_more' content='less'>\n\t\t\t\t<span class='ev_more_text' data-txt='Weniger'>Mehr<\/span><span class='ev_more_arrow ard'><\/span>\n\t\t\t<\/span>\n\t\t<\/p><div class='clear'><\/div>\n\t\t\t<\/div>\n\t\t<\/div>\n\t<\/div><\/div><\/div><div class='evocard_row bx2 bx'><div id='event_time' class='evocard_box time' data-c='' \n\t\t\t\t\tstyle=''><div class='evo_metarow_time evorow evcal_evdata_row evcal_evrow_sm '>\n\t\t<span class='evcal_evdata_icons'><i class='fa fa-clock'><\/i><\/span>\n\t\t<div class='evcal_evdata_cell'>\t\t\t\t\t\t\t\n\t\t\t<h3 class='evo_h3'><span class='evcal_evdata_icons'><i class='fa fa-clock'><\/i><\/span>Zeitplan<\/h3><p><span class='evo_eventcard_time_t'>10 August 2026 15:20<\/span><span class='evo_tz marr5'>(GMT+02:00)<\/span><\/p>\n\t\t<\/div>\n\t<\/div><\/div><div id='event_location' class='evocard_box location' data-c='' \n\t\t\t\t\tstyle=''><div class='evcal_evdata_row evo_metarow_time_location evorow '>\n\t\t\n\t\t\t<span class='evcal_evdata_icons'><i class='fa fa-map-marker'><\/i><\/span>\n\t\t\t<div class='evcal_evdata_cell' data-loc_tax_id='32'><h3 class='evo_h3 evodfx'><span class='evcal_evdata_icons'><i class='fa fa-map-marker'><\/i><\/span>Ort<\/h3><p class='evo_location_name'>Pampeago<\/p><p class='evo_location_address evodfxi evogap10'>Localit\u00e0 Pampeago, 8, 38038 Tesero TN<\/p><div class='padt10'><span class='evo_btn_arr evolb_trigger' data-lbvals=\"{&quot;lbc&quot;:&quot;evo_location_lb_32&quot;,&quot;lbac&quot;:&quot;lb_max&quot;,&quot;t&quot;:&quot;Pampeago&quot;,&quot;ajax&quot;:&quot;yes&quot;,&quot;ajax_type&quot;:&quot;endpoint&quot;,&quot;ajax_action&quot;:&quot;eventon_get_tax_card_content&quot;,&quot;end&quot;:&quot;client&quot;,&quot;d&quot;:{&quot;lang&quot;:&quot;L2&quot;,&quot;term_id&quot;:32,&quot;tax&quot;:&quot;event_location&quot;,&quot;load_lbcontent&quot;:true},&quot;uid&quot;:&quot;eventon_get_tax_card_content&quot;}\" >Other Events<i class='fa fa-chevron-right'><\/i><\/span><\/div><\/div>\n\t\t\n\t<\/div><\/div><\/div><div class='evocard_row'><div id='event_addtocal' class='evocard_box addtocal' data-c='' \n\t\t\t\t\tstyle=''><div class='evo_metarow_ICS evorow evcal_evdata_row'>\n\t\t\t<span class='evcal_evdata_icons'><i class='fa fa-calendar-o'><\/i><\/span>\n\t\t\t<div class='evcal_evdata_cell'>\n\t\t\t\t<p><a href='https:\/\/latemarium.com\/de\/export-events\/2154_14\/?nonce=7b34e59f7d' class='evo_ics_nCal' title='Zu Ihrem Kalender hinzuf\u00fcgen'>Kalender<\/a><a href='https:\/\/www.google.com\/calendar\/event?action=TEMPLATE&text=Die+Ger%C3%A4usche+und+das+Leben+der+Malga&dates=20260810T132000Z%2F20260810T215900Z&ctz=Europe%2FRome&details=Die Ger\u00e4usche und das Leben der Malga&location=Pampeago+Localit%C3%A0+Pampeago%2C+8%2C+38038+Tesero+TN' target='_blank' class='evo_ics_gCal' title='Zu Google Kalender hinzuf\u00fcgen'>GoogleCal<\/a><\/p>\t\n\t\t\t<\/div>\n\t\t<\/div><\/div><\/div><div class='evocard_row'><div id='event_getdirection' class='evocard_box getdirection' data-c='' \n\t\t\t\t\tstyle=''><div class='evo_metarow_getDr evorow evcal_evdata_row evcal_evrow_sm getdirections'>\n\t\t<form action='https:\/\/maps.google.com\/maps' method='get' target='_blank'>\n\t\t\t<input type='hidden' name='daddr' value=\"Localit\u00e0 Pampeago, 8, 38038 Tesero TN\"\/> \n\t\t\t<div class='evo_get_direction_content evo_fx_dr_r evogap10'>\n\t\t\t\t<span class='evogetdir_header evodfx evofx_dr_r evofx_ai_c marr10'>\n\t\t\t\t\t<i class='mainicon fa fa-road'><\/i> \n\t\t\t\t\t<h3 class='evo_h3' style='padding-bottom:5px;'>Wegbeschreibung abrufen<\/h3>\n\t\t\t\t<\/span>\n\t\t\t\t<span class='evogetdir_field evodfx evofx_1_1 evo_fx_dr_c evow100p'>\t\t\t\t\t\n\t\t\t\t\t<input class='evoInput evotac' type='text' name='saddr' placeholder='&quot;Geben Sie die Adresse ein' value='' style='margin:10px 0;'\/>\n\t\t\t\t<\/span>\n\t\t\t\t<button type='submit' class='evo_get_direction_button evo_btn_arr_circ dfx fx_ai_c' title='&quot;Klicken Sie hier'><i class='fa fa-chevron-right'><\/i> <\/button>\n\t\t\t<\/div>\n\t\t<\/form>\n\t<\/div><\/div><\/div><div class='evo_card_row_end evcal_close' title='Schlie\u00dfen'><\/div><\/div><div class='clear end'><\/div><\/div><div id=\"event_2489_7\" class=\"eventon_list_event evo_eventtop scheduled  event clrD no_et event_2489_7\" data-event_id=\"2489\" data-ri=\"7r\" data-time=\"1786433400-1786485540\" data-colr=\"#38823b\" itemscope itemtype='http:\/\/schema.org\/Event'><div class=\"evo_event_schema\" style=\"display:none\" ><a itemprop='url'  href='https:\/\/latemarium.com\/de\/events\/respirart-kunst-und-natur\/var\/ri-7.l-L2'><\/a><meta itemprop='image' content=\"https:\/\/latemarium.com\/wp-content\/uploads\/2023\/06\/respirart-respiro-arte-natura.jpg\" \/><meta itemprop='startDate' content=\"2026-8-11T09:30+0:00\" \/><meta itemprop='endDate' content=\"2026-8-11T23:59+0:00\" \/><meta itemprop='eventStatus' content=\"https:\/\/schema.org\/EventScheduled\" \/><meta itemprop='eventAttendanceMode'   itemscope itemtype=\"https:\/\/schema.org\/OfflineEventAttendanceMode\"\/><div style=\"display:none\" itemprop=\"location\" itemscope itemtype=\"http:\/\/schema.org\/Place\"><span itemprop=\"name\">Pampeago<\/span><span itemprop=\"address\" itemscope itemtype=\"http:\/\/schema.org\/PostalAddress\"><item itemprop=\"streetAddress\">Localit\u00e0 Pampeago, 8, 38038 Tesero TN<\/item><\/span><\/div><script type=\"application\/ld+json\">{\"@context\": \"http:\/\/schema.org\",\"@type\": \"Event\",\n\t\t\t\t\"@id\": \"event_2489_7\",\n\t\t\t\t\"eventAttendanceMode\":\"https:\/\/schema.org\/OfflineEventAttendanceMode\",\n\t\t\t\t\"eventStatus\":\"https:\/\/schema.org\/EventScheduled\",\n\t\t\t\t\"name\": \"Respirart: Kunst und Natur\",\n\t\t\t\t\"url\": \"https:\/\/latemarium.com\/de\/events\/respirart-kunst-und-natur\/var\/ri-7.l-L2\",\n\t\t\t\t\"startDate\": \"2026-8-11T09:30+0:00\",\n\t\t\t\t\"endDate\": \"2026-8-11T23:59+0:00\",\n\t\t\t\t\"image\":\"https:\/\/latemarium.com\/wp-content\/uploads\/2023\/06\/respirart-respiro-arte-natura.jpg\", \n\t\t\t\t\"description\":\"<h2>Kunst in der H\u00f6he: Entdeckungsreise durch RespirArt zwischen Natur und Installationen<\/h2> <p><span data-sheets-value='{&quot;1&quot;:2,&quot;2&quot;:&quot;Es beginnt um 9.30 Uhr vor dem Agnello-Sessellift-Seminovia, wo Sie den k\u00fcnstlerischen F\u00fchrer treffen, der Ihnen die Samen liefert und Sie bei der Aussaat von Blumen von oben begleitet, um Blumen zu erzeugen und so die Erde, die Bienen, die Ziegen und die K\u00fche Anschlie\u00dfend f\u00fchrt Sie der F\u00fchrer zu den Kunstwerken im Park. Auf dem 3 km langen Rundgang entdecken Sie die Inspirationen der K\u00fcnstler, die in Anwesenheit des Latemar k\u00fcnstlerische Gesten schufen.\\r\\nAktivit\u00e4t f\u00fcr Erwachsene geeignet\\r\\nKostenlose Aktivit\u00e4t (ohne Liftticket)\\r\\n&quot;}' data-sheets-userformat='{&quot;2&quot;:15235,&quot;3&quot;:{&quot;1&quot;:0},&quot;4&quot;:{&quot;1&quot;:2,&quot;2&quot;:15987699},&quot;10&quot;:1,&quot;11&quot;:1,&quot;12&quot;:0,&quot;14&quot;:{&quot;1&quot;:2,&quot;2&quot;:5592405},&quot;15&quot;:&quot;Roboto&quot;,&quot;16&quot;:10}'>Es beginnt um 9.30 Uhr vor dem Agnello-Sessellift-&#8220;Seminovia&#8221;, wo Sie den k\u00fcnstlerischen F\u00fchrer treffen, der Ihnen die Samen liefert und Sie bei der Aussaat von Blumen von oben begleitet, um Blumen zu erzeugen und so die Erde, die Bienen, die Ziegen und die K\u00fche. <\/span><\/p> <p><span data-sheets-value='{&quot;1&quot;:2,&quot;2&quot;:&quot;Es beginnt um 9.30 Uhr vor dem Agnello-Sessellift-Seminovia, wo Sie den k\u00fcnstlerischen F\u00fchrer treffen, der Ihnen die Samen liefert und Sie bei der Aussaat von Blumen von oben begleitet, um Blumen zu erzeugen und so die Erde, die Bienen, die Ziegen und die K\u00fche Anschlie\u00dfend f\u00fchrt Sie der F\u00fchrer zu den Kunstwerken im Park. Auf dem 3 km langen Rundgang entdecken Sie die Inspirationen der K\u00fcnstler, die in Anwesenheit des Latemar k\u00fcnstlerische Gesten schufen.\\r\\nAktivit\u00e4t f\u00fcr Erwachsene geeignet\\r\\nKostenlose Aktivit\u00e4t (ohne Liftticket)\\r\\n&quot;}' data-sheets-userformat='{&quot;2&quot;:15235,&quot;3&quot;:{&quot;1&quot;:0},&quot;4&quot;:{&quot;1&quot;:2,&quot;2&quot;:15987699},&quot;10&quot;:1,&quot;11&quot;:1,&quot;12&quot;:0,&quot;14&quot;:{&quot;1&quot;:2,&quot;2&quot;:5592405},&quot;15&quot;:&quot;Roboto&quot;,&quot;16&quot;:10}'>Anschlie\u00dfend f\u00fchrt Sie der F\u00fchrer zu den Kunstwerken im Park. Auf dem 3 km langen Rundgang entdecken Sie die Inspirationen der K\u00fcnstler, die in Anwesenheit des Latemar k\u00fcnstlerische Gesten schufen. <\/span><\/p> <p><span data-sheets-value='{&quot;1&quot;:2,&quot;2&quot;:&quot;Es beginnt um 9.30 Uhr vor dem Agnello-Sessellift-Seminovia, wo Sie den k\u00fcnstlerischen F\u00fchrer treffen, der Ihnen die Samen liefert und Sie bei der Aussaat von Blumen von oben begleitet, um Blumen zu erzeugen und so die Erde, die Bienen, die Ziegen und die K\u00fche Anschlie\u00dfend f\u00fchrt Sie der F\u00fchrer zu den Kunstwerken im Park. Auf dem 3 km langen Rundgang entdecken Sie die Inspirationen der K\u00fcnstler, die in Anwesenheit des Latemar k\u00fcnstlerische Gesten schufen.\\r\\nAktivit\u00e4t f\u00fcr Erwachsene geeignet\\r\\nKostenlose Aktivit\u00e4t (ohne Liftticket)\\r\\n&quot;}' data-sheets-userformat='{&quot;2&quot;:15235,&quot;3&quot;:{&quot;1&quot;:0},&quot;4&quot;:{&quot;1&quot;:2,&quot;2&quot;:15987699},&quot;10&quot;:1,&quot;11&quot;:1,&quot;12&quot;:0,&quot;14&quot;:{&quot;1&quot;:2,&quot;2&quot;:5592405},&quot;15&quot;:&quot;Roboto&quot;,&quot;16&quot;:10}'>Aktivit\u00e4t f\u00fcr Erwachsene.<\/span><\/p> <p><a href='https:\/\/www.visitfiemme.it\/de\/veranstaltungen\/fiemme-cembra-guest-card\/erlebnisse\/erlebnisse-sommer' target='_blank' rel='noopener'>Reservierung erforderlich<\/a>.<\/p> \",\"location\":[{\"@type\":\"Place\",\"name\":\"Pampeago\",\"address\":{\"@type\": \"PostalAddress\",\"streetAddress\":\"Localit\u00e0 Pampeago, 8, 38038 Tesero TN\"}}]}<\/script><\/div>\r\n\t\t\t\t<p class=\"desc_trig_outter\" style=\"\"><a data-gmtrig=\"1\" data-exlk=\"0\" style=\"background-color: #38823b;\" id=\"evc_17864334002489\" class=\"hasFtIMG event_repeat desc_trig sin_val evcal_list_a\" data-ux_val=\"3\" data-ux_val_mob=\"-\"  ><span class='evoet_c1 evoet_cx '><span class='ev_ftImg' data-img='https:\/\/latemarium.com\/wp-content\/uploads\/2023\/06\/respirart-respiro-arte-natura.jpg' data-thumb='https:\/\/latemarium.com\/wp-content\/uploads\/2023\/06\/respirart-respiro-arte-natura-300x201.jpg' style='background-image:url(\"https:\/\/latemarium.com\/wp-content\/uploads\/2023\/06\/respirart-respiro-arte-natura-300x201.jpg\")' ><\/span><\/span><span class='evoet_c2 evoet_cx '><span class='evoet_dayblock evcal_cblock ' data-bgcolor='#38823b' data-smon='August' data-syr='2026' data-bub=''><span class='evo_start '><em class='date'>11<\/em><em class='month'>Aug<\/em><em class='time'>09:30<\/em><\/span><\/span><\/span><span class='evoet_c3 evoet_cx evcal_desc hide_eventtopdata '><span class='evoet_title evcal_desc2 evcal_event_title ' itemprop='name'>Respirart: Kunst und Natur<\/span><span class='event_location_attrs'  data-location_address=\"Localit\u00e0 Pampeago, 8, 38038 Tesero TN\" data-location_type=\"lonlat\" data-location_name=\"Pampeago\" data-location_url=\"https:\/\/latemarium.com\/de\/event-location\/pampeago-de\/\" data-location_status=\"true\" data-latlng=\"46.34343697644898,11.540997527961546\"><\/span><span class='evoet_subtitle evo_below_title' ><span class='evcal_event_subtitle ' >ENTDECKUNG DER KUNSTPARKS: RESPIRART<\/span><\/span><span class='evoet_time_expand level_3'><em class='evcal_time evo_tz_time'><i class='fa fa-clock-o'><\/i>09:30<span class='evo_tz marl5'>(GMT+02:00)<\/span><\/em> <\/span><span class='evoet_location level_3'><em class=\"evcal_location\"  data-latlng=\"46.34343697644898,11.540997527961546\" data-add_str=\"Localit\u00e0 Pampeago, 8, 38038 Tesero TN\" data-n=\"Pampeago\"><i class=\"fa fa-location-pin\"><\/i><em class=\"event_location_name\">Pampeago<\/em>, Localit\u00e0 Pampeago, 8, 38038 Tesero TN<\/em><\/span><\/span><span class='evoet_data' data-d=\"{&quot;loc.n&quot;:&quot;Pampeago&quot;,&quot;orgs&quot;:[],&quot;tags&quot;:{&quot;repeating&quot;:&quot;Repeating Event&quot;}}\" data-bgc=\"#38823b\" data-bggrad=\"\" ><\/span><\/a><\/p><div class='event_description evcal_eventcard ' style=\"display:none\"><div class='evocard_row'><div id='event_ftimage' class='evocard_box ftimage' data-c='' \n\t\t\t\t\tstyle=''><div class='evocard_main_image_hold' data-t='Loading Image..'><div class='evocard_main_image evo_img_triglb evobr15 evobgsc evobgpc evodfx evofx_jc_c evofx_ai_c evofz48 minmized' style='height:300px; background-image:url();' data-f=\"https:\/\/latemarium.com\/wp-content\/uploads\/2023\/06\/respirart-respiro-arte-natura.jpg\" data-h=\"602\" data-w=\"899\" data-ratio=\"0.66963292547275\" data-event_id=\"2489\" data-ri=\"7\"  data-t='Loading Image..'><span style='height:300px; background-image:url(https:\/\/latemarium.com\/wp-content\/uploads\/2023\/06\/respirart-respiro-arte-natura.jpg)'><\/span><\/div><\/div><\/div><\/div><div class='evocard_row'><div id='event_eventdetails' class='evocard_box eventdetails' data-c='' \n\t\t\t\t\tstyle=''><div class='evo_metarow_details evorow evcal_evdata_row evcal_event_details'>\n\t\t<div class=\"event_excerpt\" style=\"display:none\"><h3 class=\"padb5 evo_h3\">Details zur Veranstaltung<\/h3><p>Kunst in der H\u00f6he: Entdeckungsreise durch RespirArt zwischen Natur und Installationen<\/p><\/div><span class='evcal_evdata_icons'><i class='fa fa-align-justify'><\/i><\/span>\n\t\t\n\t\t<div class='evcal_evdata_cell shorter_desc'>\n\t\t\t<div class='eventon_full_description'>\n\t\t\t\t<h3 class='padb5 evo_h3'><span class='evcal_evdata_icons'><i class='fa fa-align-justify'><\/i><\/span>Details zur Veranstaltung<\/h3>\n\t\t\t\t<div class='eventon_desc_in' itemprop='description'>\n\t\t\t\t<h2>Kunst in der H\u00f6he: Entdeckungsreise durch RespirArt zwischen Natur und Installationen<\/h2>\n<p><span data-sheets-value=\"{&quot;1&quot;:2,&quot;2&quot;:&quot;Es beginnt um 9.30 Uhr vor dem Agnello-Sessellift-Seminovia, wo Sie den k\u00fcnstlerischen F\u00fchrer treffen, der Ihnen die Samen liefert und Sie bei der Aussaat von Blumen von oben begleitet, um Blumen zu erzeugen und so die Erde, die Bienen, die Ziegen und die K\u00fche Anschlie\u00dfend f\u00fchrt Sie der F\u00fchrer zu den Kunstwerken im Park. Auf dem 3 km langen Rundgang entdecken Sie die Inspirationen der K\u00fcnstler, die in Anwesenheit des Latemar k\u00fcnstlerische Gesten schufen.rnAktivit\u00e4t f\u00fcr Erwachsene geeignetrnKostenlose Aktivit\u00e4t (ohne Liftticket)rn&quot;}\" data-sheets-userformat=\"{&quot;2&quot;:15235,&quot;3&quot;:{&quot;1&quot;:0},&quot;4&quot;:{&quot;1&quot;:2,&quot;2&quot;:15987699},&quot;10&quot;:1,&quot;11&quot;:1,&quot;12&quot;:0,&quot;14&quot;:{&quot;1&quot;:2,&quot;2&quot;:5592405},&quot;15&quot;:&quot;Roboto&quot;,&quot;16&quot;:10}\">Es beginnt um 9.30 Uhr vor dem Agnello-Sessellift-&#8220;Seminovia&#8221;, wo Sie den k\u00fcnstlerischen F\u00fchrer treffen, der Ihnen die Samen liefert und Sie bei der Aussaat von Blumen von oben begleitet, um Blumen zu erzeugen und so die Erde, die Bienen, die Ziegen und die K\u00fche. <\/span><\/p>\n<p><span data-sheets-value=\"{&quot;1&quot;:2,&quot;2&quot;:&quot;Es beginnt um 9.30 Uhr vor dem Agnello-Sessellift-Seminovia, wo Sie den k\u00fcnstlerischen F\u00fchrer treffen, der Ihnen die Samen liefert und Sie bei der Aussaat von Blumen von oben begleitet, um Blumen zu erzeugen und so die Erde, die Bienen, die Ziegen und die K\u00fche Anschlie\u00dfend f\u00fchrt Sie der F\u00fchrer zu den Kunstwerken im Park. Auf dem 3 km langen Rundgang entdecken Sie die Inspirationen der K\u00fcnstler, die in Anwesenheit des Latemar k\u00fcnstlerische Gesten schufen.rnAktivit\u00e4t f\u00fcr Erwachsene geeignetrnKostenlose Aktivit\u00e4t (ohne Liftticket)rn&quot;}\" data-sheets-userformat=\"{&quot;2&quot;:15235,&quot;3&quot;:{&quot;1&quot;:0},&quot;4&quot;:{&quot;1&quot;:2,&quot;2&quot;:15987699},&quot;10&quot;:1,&quot;11&quot;:1,&quot;12&quot;:0,&quot;14&quot;:{&quot;1&quot;:2,&quot;2&quot;:5592405},&quot;15&quot;:&quot;Roboto&quot;,&quot;16&quot;:10}\">Anschlie\u00dfend f\u00fchrt Sie der F\u00fchrer zu den Kunstwerken im Park. Auf dem 3 km langen Rundgang entdecken Sie die Inspirationen der K\u00fcnstler, die in Anwesenheit des Latemar k\u00fcnstlerische Gesten schufen. <\/span><\/p>\n<p><span data-sheets-value=\"{&quot;1&quot;:2,&quot;2&quot;:&quot;Es beginnt um 9.30 Uhr vor dem Agnello-Sessellift-Seminovia, wo Sie den k\u00fcnstlerischen F\u00fchrer treffen, der Ihnen die Samen liefert und Sie bei der Aussaat von Blumen von oben begleitet, um Blumen zu erzeugen und so die Erde, die Bienen, die Ziegen und die K\u00fche Anschlie\u00dfend f\u00fchrt Sie der F\u00fchrer zu den Kunstwerken im Park. Auf dem 3 km langen Rundgang entdecken Sie die Inspirationen der K\u00fcnstler, die in Anwesenheit des Latemar k\u00fcnstlerische Gesten schufen.rnAktivit\u00e4t f\u00fcr Erwachsene geeignetrnKostenlose Aktivit\u00e4t (ohne Liftticket)rn&quot;}\" data-sheets-userformat=\"{&quot;2&quot;:15235,&quot;3&quot;:{&quot;1&quot;:0},&quot;4&quot;:{&quot;1&quot;:2,&quot;2&quot;:15987699},&quot;10&quot;:1,&quot;11&quot;:1,&quot;12&quot;:0,&quot;14&quot;:{&quot;1&quot;:2,&quot;2&quot;:5592405},&quot;15&quot;:&quot;Roboto&quot;,&quot;16&quot;:10}\">Aktivit\u00e4t f\u00fcr Erwachsene.<\/span><\/p>\n<p><a href=\"https:\/\/www.visitfiemme.it\/de\/veranstaltungen\/fiemme-cembra-guest-card\/erlebnisse\/erlebnisse-sommer\" target=\"_blank\" rel=\"noopener\">Reservierung erforderlich<\/a>.<\/p>\n<\/div><p class='eventon_shad_p' style='padding:5px 0 0; margin:0'>\n\t\t\t<span class='evcal_btn evo_btn_secondary evobtn_details_show_more' content='less'>\n\t\t\t\t<span class='ev_more_text' data-txt='Weniger'>Mehr<\/span><span class='ev_more_arrow ard'><\/span>\n\t\t\t<\/span>\n\t\t<\/p><div class='clear'><\/div>\n\t\t\t<\/div>\n\t\t<\/div>\n\t<\/div><\/div><\/div><div class='evocard_row bx2 bx'><div id='event_time' class='evocard_box time' data-c='' \n\t\t\t\t\tstyle=''><div class='evo_metarow_time evorow evcal_evdata_row evcal_evrow_sm '>\n\t\t<span class='evcal_evdata_icons'><i class='fa fa-clock'><\/i><\/span>\n\t\t<div class='evcal_evdata_cell'>\t\t\t\t\t\t\t\n\t\t\t<h3 class='evo_h3'><span class='evcal_evdata_icons'><i class='fa fa-clock'><\/i><\/span>Zeitplan<\/h3><p><span class='evo_eventcard_time_t'>11 August 2026 09:30<\/span><span class='evo_tz marr5'>(GMT+02:00)<\/span><\/p>\n\t\t<\/div>\n\t<\/div><\/div><div id='event_location' class='evocard_box location' data-c='' \n\t\t\t\t\tstyle=''><div class='evcal_evdata_row evo_metarow_time_location evorow '>\n\t\t\n\t\t\t<span class='evcal_evdata_icons'><i class='fa fa-map-marker'><\/i><\/span>\n\t\t\t<div class='evcal_evdata_cell' data-loc_tax_id='32'><h3 class='evo_h3 evodfx'><span class='evcal_evdata_icons'><i class='fa fa-map-marker'><\/i><\/span>Ort<\/h3><p class='evo_location_name'>Pampeago<\/p><p class='evo_location_address evodfxi evogap10'>Localit\u00e0 Pampeago, 8, 38038 Tesero TN<\/p><div class='padt10'><span class='evo_btn_arr evolb_trigger' data-lbvals=\"{&quot;lbc&quot;:&quot;evo_location_lb_32&quot;,&quot;lbac&quot;:&quot;lb_max&quot;,&quot;t&quot;:&quot;Pampeago&quot;,&quot;ajax&quot;:&quot;yes&quot;,&quot;ajax_type&quot;:&quot;endpoint&quot;,&quot;ajax_action&quot;:&quot;eventon_get_tax_card_content&quot;,&quot;end&quot;:&quot;client&quot;,&quot;d&quot;:{&quot;lang&quot;:&quot;L2&quot;,&quot;term_id&quot;:32,&quot;tax&quot;:&quot;event_location&quot;,&quot;load_lbcontent&quot;:true},&quot;uid&quot;:&quot;eventon_get_tax_card_content&quot;}\" >Other Events<i class='fa fa-chevron-right'><\/i><\/span><\/div><\/div>\n\t\t\n\t<\/div><\/div><\/div><div class='evocard_row'><div id='event_addtocal' class='evocard_box addtocal' data-c='' \n\t\t\t\t\tstyle=''><div class='evo_metarow_ICS evorow evcal_evdata_row'>\n\t\t\t<span class='evcal_evdata_icons'><i class='fa fa-calendar-o'><\/i><\/span>\n\t\t\t<div class='evcal_evdata_cell'>\n\t\t\t\t<p><a href='https:\/\/latemarium.com\/de\/export-events\/2489_7\/?nonce=7b34e59f7d' class='evo_ics_nCal' title='Zu Ihrem Kalender hinzuf\u00fcgen'>Kalender<\/a><a href='https:\/\/www.google.com\/calendar\/event?action=TEMPLATE&text=Respirart%3A+Kunst+und+Natur&dates=20260811T073000Z%2F20260811T215900Z&ctz=Europe%2FRome&details=Respirart: Kunst und Natur&location=Pampeago+Localit%C3%A0+Pampeago%2C+8%2C+38038+Tesero+TN' target='_blank' class='evo_ics_gCal' title='Zu Google Kalender hinzuf\u00fcgen'>GoogleCal<\/a><\/p>\t\n\t\t\t<\/div>\n\t\t<\/div><\/div><\/div><div class='evocard_row'><div id='event_repeats' class='evocard_box repeats' data-c='' \n\t\t\t\t\tstyle=''><div class='evo_metarow_repeats evorow evcal_evdata_row evcal_evrow_sm '>\n\t\t<span class='evcal_evdata_icons'><i class='fa fa-repeat'><\/i><\/span>\n\t\t<div class='evcal_evdata_cell'>\t\t\t\t\t\t\t\n\t\t\t<h3 class='evo_h3'>Zeitplan f\u00fcr k\u00fcnftige Veranstaltungen dieser Veranstaltungsreihe<\/h3><div class='evo_elm_HCS evo_repeat_series' style=''><span class='evo_elmHCS_nav HCSnavL evo_repeat_series content_slide_trig'><i class='fa fa-chevron-left'><\/i><\/span><span class='evo_elmHCS_nav HCSnavR evo_repeat_series content_slide_trig'><i class='fa fa-chevron-right'><\/i><\/span><div class='evo_elm_HCS_in'><div class='evo_repeat_series_dates clickable evodfx evofx_dr_r evogap10' data-click='1' data-event_url='https:\/\/latemarium.com\/de\/events\/respirart-kunst-und-natur\/var\/ri-7.l-L2'><span class='evo_repeat_series_date evodfx evofx_dr_r evofx_ai_c evogap5 evobr15 evobrdB1 evocl1 evopad15 evottu evofz14 evocurp evo_trans_sc1_03 evoHbgcw' data-ux=\"def\" data-l=\"https:\/\/latemarium.com\/de\/events\/respirart-kunst-und-natur\/var\/ri-8.l-L2\" ><span class='evodfx evofx_dr_c evotac evofx_jc_c'><b class='j evofz16'>18<\/b><b class='fy'>August <\/b><em class='t evofsn'>09:30<\/em><\/span><\/span><span class='evo_repeat_series_date evodfx evofx_dr_r evofx_ai_c evogap5 evobr15 evobrdB1 evocl1 evopad15 evottu evofz14 evocurp evo_trans_sc1_03 evoHbgcw' data-ux=\"def\" data-l=\"https:\/\/latemarium.com\/de\/events\/respirart-kunst-und-natur\/var\/ri-9.l-L2\" ><span class='evodfx evofx_dr_c evotac evofx_jc_c'><b class='j evofz16'>25<\/b><b class='fy'>August <\/b><em class='t evofsn'>09:30<\/em><\/span><\/span><span class='evo_repeat_series_date evodfx evofx_dr_r evofx_ai_c evogap5 evobr15 evobrdB1 evocl1 evopad15 evottu evofz14 evocurp evo_trans_sc1_03 evoHbgcw' data-ux=\"def\" data-l=\"https:\/\/latemarium.com\/de\/events\/respirart-kunst-und-natur\/var\/ri-10.l-L2\" ><span class='evodfx evofx_dr_c evotac evofx_jc_c'><b class='j evofz16'>1<\/b><b class='fy'>September <\/b><em class='t evofsn'>09:30<\/em><\/span><\/span><span class='evo_repeat_series_date evodfx evofx_dr_r evofx_ai_c evogap5 evobr15 evobrdB1 evocl1 evopad15 evottu evofz14 evocurp evo_trans_sc1_03 evoHbgcw' data-ux=\"def\" data-l=\"https:\/\/latemarium.com\/de\/events\/respirart-kunst-und-natur\/var\/ri-11.l-L2\" ><span class='evodfx evofx_dr_c evotac evofx_jc_c'><b class='j evofz16'>8<\/b><b class='fy'>September <\/b><em class='t evofsn'>09:30<\/em><\/span><\/span><\/div><\/div><\/div><\/div><\/div><\/div><\/div><div class='evocard_row'><div id='event_getdirection' class='evocard_box getdirection' data-c='' \n\t\t\t\t\tstyle=''><div class='evo_metarow_getDr evorow evcal_evdata_row evcal_evrow_sm getdirections'>\n\t\t<form action='https:\/\/maps.google.com\/maps' method='get' target='_blank'>\n\t\t\t<input type='hidden' name='daddr' value=\"Localit\u00e0 Pampeago, 8, 38038 Tesero TN\"\/> \n\t\t\t<div class='evo_get_direction_content evo_fx_dr_r evogap10'>\n\t\t\t\t<span class='evogetdir_header evodfx evofx_dr_r evofx_ai_c marr10'>\n\t\t\t\t\t<i class='mainicon fa fa-road'><\/i> \n\t\t\t\t\t<h3 class='evo_h3' style='padding-bottom:5px;'>Wegbeschreibung abrufen<\/h3>\n\t\t\t\t<\/span>\n\t\t\t\t<span class='evogetdir_field evodfx evofx_1_1 evo_fx_dr_c evow100p'>\t\t\t\t\t\n\t\t\t\t\t<input class='evoInput evotac' type='text' name='saddr' placeholder='&quot;Geben Sie die Adresse ein' value='' style='margin:10px 0;'\/>\n\t\t\t\t<\/span>\n\t\t\t\t<button type='submit' class='evo_get_direction_button evo_btn_arr_circ dfx fx_ai_c' title='&quot;Klicken Sie hier'><i class='fa fa-chevron-right'><\/i> <\/button>\n\t\t\t<\/div>\n\t\t<\/form>\n\t<\/div><\/div><\/div><div class='evo_card_row_end evcal_close' title='Schlie\u00dfen'><\/div><\/div><div class='clear end'><\/div><\/div><div id=\"event_2856_5\" class=\"eventon_list_event evo_eventtop scheduled  event clrW no_et event_2856_5\" data-event_id=\"2856\" data-ri=\"5r\" data-time=\"1786438800-1786485540\" data-colr=\"#a69dcd\" itemscope itemtype='http:\/\/schema.org\/Event'><div class=\"evo_event_schema\" style=\"display:none\" ><a itemprop='url'  href='https:\/\/latemarium.com\/de\/events\/dort-oben-erwartet-uns-die-strasse-des-dahu-2\/var\/ri-5.l-L2'><\/a><meta itemprop='image' content=\"https:\/\/latemarium.com\/wp-content\/uploads\/2023\/06\/forse-dahu-sa.jpg\" \/><meta itemprop='startDate' content=\"2026-8-11T11:00+0:00\" \/><meta itemprop='endDate' content=\"2026-8-11T23:59+0:00\" \/><meta itemprop='eventStatus' content=\"https:\/\/schema.org\/EventScheduled\" \/><meta itemprop='eventAttendanceMode'   itemscope itemtype=\"https:\/\/schema.org\/OfflineEventAttendanceMode\"\/><script type=\"application\/ld+json\">{\"@context\": \"http:\/\/schema.org\",\"@type\": \"Event\",\n\t\t\t\t\"@id\": \"event_2856_5\",\n\t\t\t\t\"eventAttendanceMode\":\"https:\/\/schema.org\/OfflineEventAttendanceMode\",\n\t\t\t\t\"eventStatus\":\"https:\/\/schema.org\/EventScheduled\",\n\t\t\t\t\"name\": \"DORT OBEN ERWARTET UNS DIE STRASSE DES DAH\u00d9\",\n\t\t\t\t\"url\": \"https:\/\/latemarium.com\/de\/events\/dort-oben-erwartet-uns-die-strasse-des-dahu-2\/var\/ri-5.l-L2\",\n\t\t\t\t\"startDate\": \"2026-8-11T11:00+0:00\",\n\t\t\t\t\"endDate\": \"2026-8-11T23:59+0:00\",\n\t\t\t\t\"image\":\"https:\/\/latemarium.com\/wp-content\/uploads\/2023\/06\/forse-dahu-sa.jpg\", \n\t\t\t\t\"description\":\"<p>\u201eDas unerkl\u00e4rliche Gleichgewicht des Dahu f\u00fchrt die Forscher zu einer gro\u00dfen Entwicklung mit st\u00e4ndigen Perspektivwechseln: von oben nach unten, von hier nach dort\u201c.<\/p> <p>Dienstags: vom 7. Juli bis 25. August 2026<br \/> bei der Bergstation der Gondelbahn Predazzo \u2013 Gardon\u00e8<br \/> um 11.00 Uhr<br \/> F\u00fcr Familien (Dauer: 1h30\u2018)<br \/> Vorstellung auf Italienisch<\/p> <p>&nbsp;<\/p> <p>&nbsp;<\/p> \"}<\/script><\/div>\r\n\t\t\t\t<p class=\"desc_trig_outter\" style=\"\"><a data-gmap_status=\"null\" data-exlk=\"0\" style=\"background-color: #a69dcd;\" id=\"evc_17864388002856\" class=\"hasFtIMG event_repeat desc_trig sin_val evcal_list_a\" data-ux_val=\"3\" data-ux_val_mob=\"-\"  ><span class='evoet_c1 evoet_cx '><span class='ev_ftImg' data-img='https:\/\/latemarium.com\/wp-content\/uploads\/2023\/06\/forse-dahu-sa.jpg' data-thumb='https:\/\/latemarium.com\/wp-content\/uploads\/2023\/06\/forse-dahu-sa-300x204.jpg' style='background-image:url(\"https:\/\/latemarium.com\/wp-content\/uploads\/2023\/06\/forse-dahu-sa-300x204.jpg\")' ><\/span><\/span><span class='evoet_c2 evoet_cx '><span class='evoet_dayblock evcal_cblock ' data-bgcolor='#a69dcd' data-smon='August' data-syr='2026' data-bub=''><span class='evo_start '><em class='date'>11<\/em><em class='month'>Aug<\/em><em class='time'>11:00<\/em><\/span><\/span><\/span><span class='evoet_c3 evoet_cx evcal_desc hide_eventtopdata '><span class='evoet_title evcal_desc2 evcal_event_title ' itemprop='name'>DORT OBEN ERWARTET UNS DIE STRASSE DES DAH\u00d9<\/span><span class='event_location_attrs' data-location_type=\"lonlat\" data-location_name=\"Seilbahn Ankunft Predazzo-Gardon\u00e8\" data-location_url=\"https:\/\/latemarium.com\/de\/event-location\/seilbahn-ankunft-predazzo-gardone\/\" data-location_status=\"true\" data-latlng=\"46.32878794406342,11.600176728690842\"><\/span><span class='evoet_subtitle evo_below_title' ><span class='evcal_event_subtitle ' >auf dem Pfad des Zerstreuten Hirten<\/span><\/span><span class='evoet_time_expand level_3'><em class='evcal_time evo_tz_time'><i class='fa fa-clock-o'><\/i>11:00<span class='evo_tz marl5'>(GMT+02:00)<\/span><\/em> <\/span><span class='evoet_location level_3'><em class=\"evcal_location\"  data-latlng=\"46.32878794406342,11.600176728690842\" data-add_str=\"\" data-n=\"Seilbahn Ankunft Predazzo-Gardon\u00e8\"><i class=\"fa fa-location-pin\"><\/i><em class=\"event_location_name\">Seilbahn Ankunft Predazzo-Gardon\u00e8<\/em><\/em><\/span><\/span><span class='evoet_data' data-d=\"{&quot;loc.n&quot;:&quot;Seilbahn Ankunft Predazzo-Gardon\\u00e8&quot;,&quot;orgs&quot;:[],&quot;tags&quot;:{&quot;repeating&quot;:&quot;Repeating Event&quot;}}\" data-bgc=\"#a69dcd\" data-bggrad=\"\" ><\/span><\/a><\/p><div class='event_description evcal_eventcard ' style=\"display:none\"><div class='evocard_row'><div id='event_ftimage' class='evocard_box ftimage' data-c='' \n\t\t\t\t\tstyle=''><div class='evocard_main_image_hold' data-t='Loading Image..'><div class='evocard_main_image evo_img_triglb evobr15 evobgsc evobgpc evodfx evofx_jc_c evofx_ai_c evofz48 minmized' style='height:300px; background-image:url();' data-f=\"https:\/\/latemarium.com\/wp-content\/uploads\/2023\/06\/forse-dahu-sa.jpg\" data-h=\"587\" data-w=\"862\" data-ratio=\"0.68097447795824\" data-event_id=\"2856\" data-ri=\"5\"  data-t='Loading Image..'><span style='height:300px; background-image:url(https:\/\/latemarium.com\/wp-content\/uploads\/2023\/06\/forse-dahu-sa.jpg)'><\/span><\/div><\/div><\/div><\/div><div class='evocard_row'><div id='event_eventdetails' class='evocard_box eventdetails' data-c='' \n\t\t\t\t\tstyle=''><div class='evo_metarow_details evorow evcal_evdata_row evcal_event_details'>\n\t\t<div class=\"event_excerpt\" style=\"display:none\"><h3 class=\"padb5 evo_h3\">Details zur Veranstaltung<\/h3><p>\u201eDas unerkl\u00e4rliche Gleichgewicht des Dahu f\u00fchrt die Forscher zu einer gro\u00dfen Entwicklung mit st\u00e4ndigen Perspektivwechseln: von oben nach unten, von hier nach dort\u201c.\nDienstags: vom 7. Juli bis 25. August 2026<\/p><\/div><span class='evcal_evdata_icons'><i class='fa fa-align-justify'><\/i><\/span>\n\t\t\n\t\t<div class='evcal_evdata_cell '>\n\t\t\t<div class='eventon_full_description'>\n\t\t\t\t<h3 class='padb5 evo_h3'><span class='evcal_evdata_icons'><i class='fa fa-align-justify'><\/i><\/span>Details zur Veranstaltung<\/h3>\n\t\t\t\t<div class='eventon_desc_in' itemprop='description'>\n\t\t\t\t<p>\u201eDas unerkl\u00e4rliche Gleichgewicht des Dahu f\u00fchrt die Forscher zu einer gro\u00dfen Entwicklung mit st\u00e4ndigen Perspektivwechseln: von oben nach unten, von hier nach dort\u201c.<\/p>\n<p>Dienstags: vom 7. Juli bis 25. August 2026<br \/>\nbei der Bergstation der Gondelbahn Predazzo \u2013 Gardon\u00e8<br \/>\num 11.00 Uhr<br \/>\nF\u00fcr Familien (Dauer: 1h30\u2018)<br \/>\nVorstellung auf Italienisch<\/p>\n<p>&nbsp;<\/p>\n<p>&nbsp;<\/p>\n<\/div><div class='clear'><\/div>\n\t\t\t<\/div>\n\t\t<\/div>\n\t<\/div><\/div><\/div><div class='evocard_row bx2 bx'><div id='event_time' class='evocard_box time' data-c='' \n\t\t\t\t\tstyle=''><div class='evo_metarow_time evorow evcal_evdata_row evcal_evrow_sm '>\n\t\t<span class='evcal_evdata_icons'><i class='fa fa-clock'><\/i><\/span>\n\t\t<div class='evcal_evdata_cell'>\t\t\t\t\t\t\t\n\t\t\t<h3 class='evo_h3'><span class='evcal_evdata_icons'><i class='fa fa-clock'><\/i><\/span>Zeitplan<\/h3><p><span class='evo_eventcard_time_t'>11 August 2026 11:00<\/span><span class='evo_tz marr5'>(GMT+02:00)<\/span><\/p>\n\t\t<\/div>\n\t<\/div><\/div><div id='event_location' class='evocard_box location' data-c='' \n\t\t\t\t\tstyle=''><div class='evcal_evdata_row evo_metarow_time_location evorow '>\n\t\t\n\t\t\t<span class='evcal_evdata_icons'><i class='fa fa-map-marker'><\/i><\/span>\n\t\t\t<div class='evcal_evdata_cell' data-loc_tax_id='36'><h3 class='evo_h3 evodfx'><span class='evcal_evdata_icons'><i class='fa fa-map-marker'><\/i><\/span>Ort<\/h3><p class='evo_location_name'>Seilbahn Ankunft Predazzo-Gardon\u00e8<\/p><div class='padt10'><span class='evo_btn_arr evolb_trigger' data-lbvals=\"{&quot;lbc&quot;:&quot;evo_location_lb_36&quot;,&quot;lbac&quot;:&quot;lb_max&quot;,&quot;t&quot;:&quot;Seilbahn Ankunft Predazzo-Gardon\\u00e8&quot;,&quot;ajax&quot;:&quot;yes&quot;,&quot;ajax_type&quot;:&quot;endpoint&quot;,&quot;ajax_action&quot;:&quot;eventon_get_tax_card_content&quot;,&quot;end&quot;:&quot;client&quot;,&quot;d&quot;:{&quot;lang&quot;:&quot;L2&quot;,&quot;term_id&quot;:36,&quot;tax&quot;:&quot;event_location&quot;,&quot;load_lbcontent&quot;:true},&quot;uid&quot;:&quot;eventon_get_tax_card_content&quot;}\" >Other Events<i class='fa fa-chevron-right'><\/i><\/span><\/div><\/div>\n\t\t\n\t<\/div><\/div><\/div><div class='evocard_row bx2 bx'><div id='event_learnmore' class='evocard_box learnmore' data-c='' \n\t\t\t\t\tstyle=''><div class='evo_metarow_learnM evo_metarow_learnmore evorow'>\n\t\t\t\t\t\t\t<a class='evcal_evdata_row evo_clik_row ' href='https:\/\/www.montagnanimata.it\/de\/spektakel\/' target=\"_blank\">\n\t\t\t\t\t\t\t\t<span class='evcal_evdata_icons'><i class='fa fa-link'><\/i><\/span>\n\t\t\t\t\t\t\t\t<h3 class='evo_h3'>Entdecke mehr<\/h3>\n\t\t\t\t\t\t\t<\/a>\n\t\t\t\t\t\t\t<\/div><\/div><div id='event_addtocal' class='evocard_box addtocal' data-c='' \n\t\t\t\t\tstyle=''><div class='evo_metarow_ICS evorow evcal_evdata_row'>\n\t\t\t<span class='evcal_evdata_icons'><i class='fa fa-calendar-o'><\/i><\/span>\n\t\t\t<div class='evcal_evdata_cell'>\n\t\t\t\t<p><a href='https:\/\/latemarium.com\/de\/export-events\/2856_5\/?nonce=7b34e59f7d' class='evo_ics_nCal' title='Zu Ihrem Kalender hinzuf\u00fcgen'>Kalender<\/a><a href='https:\/\/www.google.com\/calendar\/event?action=TEMPLATE&text=DORT+OBEN+ERWARTET+UNS+DIE+STRASSE+DES+DAH%C3%99&dates=20260811T090000Z%2F20260811T215900Z&ctz=Europe%2FRome&details=DORT OBEN ERWARTET UNS DIE STRASSE DES DAH\u00d9&location=Seilbahn+Ankunft+Predazzo-Gardon%C3%A8' target='_blank' class='evo_ics_gCal' title='Zu Google Kalender hinzuf\u00fcgen'>GoogleCal<\/a><\/p>\t\n\t\t\t<\/div>\n\t\t<\/div><\/div><\/div><div class='evocard_row'><div id='event_getdirection' class='evocard_box getdirection' data-c='' \n\t\t\t\t\tstyle=''><div class='evo_metarow_getDr evorow evcal_evdata_row evcal_evrow_sm getdirections'>\n\t\t<form action='https:\/\/maps.google.com\/maps' method='get' target='_blank'>\n\t\t\t<input type='hidden' name='daddr' value=\"46.32878794406342,11.600176728690842\"\/> \n\t\t\t<div class='evo_get_direction_content evo_fx_dr_r evogap10'>\n\t\t\t\t<span class='evogetdir_header evodfx evofx_dr_r evofx_ai_c marr10'>\n\t\t\t\t\t<i class='mainicon fa fa-road'><\/i> \n\t\t\t\t\t<h3 class='evo_h3' style='padding-bottom:5px;'>Wegbeschreibung abrufen<\/h3>\n\t\t\t\t<\/span>\n\t\t\t\t<span class='evogetdir_field evodfx evofx_1_1 evo_fx_dr_c evow100p'>\t\t\t\t\t\n\t\t\t\t\t<input class='evoInput evotac' type='text' name='saddr' placeholder='&quot;Geben Sie die Adresse ein' value='' style='margin:10px 0;'\/>\n\t\t\t\t<\/span>\n\t\t\t\t<button type='submit' class='evo_get_direction_button evo_btn_arr_circ dfx fx_ai_c' title='&quot;Klicken Sie hier'><i class='fa fa-chevron-right'><\/i> <\/button>\n\t\t\t<\/div>\n\t\t<\/form>\n\t<\/div><\/div><\/div><div class='evo_card_row_end evcal_close' title='Schlie\u00dfen'><\/div><\/div><div class='clear end'><\/div><\/div><div id=\"event_2107_7\" class=\"eventon_list_event evo_eventtop scheduled  event clrW no_et event_2107_7\" data-event_id=\"2107\" data-ri=\"7r\" data-time=\"1786447800-1786485540\" data-colr=\"#facd05\" itemscope itemtype='http:\/\/schema.org\/Event'><div class=\"evo_event_schema\" style=\"display:none\" ><a itemprop='url'  href='https:\/\/latemarium.com\/de\/events\/mindful-latemar\/var\/ri-7.l-L2'><\/a><meta itemprop='image' content=\"https:\/\/latemarium.com\/wp-content\/uploads\/2023\/06\/\u00a9Obereggen_LatemarAG.SpA_Mindful.Latemar_Ph.Guenther.Pichler_06.jpg\" \/><meta itemprop='startDate' content=\"2026-8-11T13:30+0:00\" \/><meta itemprop='endDate' content=\"2026-8-11T23:59+0:00\" \/><meta itemprop='eventStatus' content=\"https:\/\/schema.org\/EventScheduled\" \/><meta itemprop='eventAttendanceMode'   itemscope itemtype=\"https:\/\/schema.org\/OfflineEventAttendanceMode\"\/><div style=\"display:none\" itemprop=\"location\" itemscope itemtype=\"http:\/\/schema.org\/Place\"><span itemprop=\"name\">Talstation Obereggen<\/span><span itemprop=\"address\" itemscope itemtype=\"http:\/\/schema.org\/PostalAddress\"><item itemprop=\"streetAddress\">Obereggen 16 I-39050 Deutschnofen (BZ)<\/item><\/span><\/div><script type=\"application\/ld+json\">{\"@context\": \"http:\/\/schema.org\",\"@type\": \"Event\",\n\t\t\t\t\"@id\": \"event_2107_7\",\n\t\t\t\t\"eventAttendanceMode\":\"https:\/\/schema.org\/OfflineEventAttendanceMode\",\n\t\t\t\t\"eventStatus\":\"https:\/\/schema.org\/EventScheduled\",\n\t\t\t\t\"name\": \"Mindful.Latemar\",\n\t\t\t\t\"url\": \"https:\/\/latemarium.com\/de\/events\/mindful-latemar\/var\/ri-7.l-L2\",\n\t\t\t\t\"startDate\": \"2026-8-11T13:30+0:00\",\n\t\t\t\t\"endDate\": \"2026-8-11T23:59+0:00\",\n\t\t\t\t\"image\":\"https:\/\/latemarium.com\/wp-content\/uploads\/2023\/06\/\u00a9Obereggen_LatemarAG.SpA_Mindful.Latemar_Ph.Guenther.Pichler_06.jpg\", \n\t\t\t\t\"description\":\"<p>Mindful.Latemar befindet sich in Obereggen entlang des <strong>Rundweges auf dem Golfrion<\/strong>, am Fu\u00dfe der Dolomiten auf 1872 Metern Meeresh\u00f6he.<\/p> <p>Der Weg beinhaltet <strong>18 verschiedene Mindfulness-\u00dcbungen<\/strong> an einem besonderen Ort, der nach dem Sturm Vaia im November 2018 ein Beispiel f\u00fcr Best\u00e4ndigkeit und Resilienz wurde.<\/p> <h3 class='wysiwyg__subline'>Dr. Thomas Bernagozzi begleitet dich immer dienstags:<\/h3> <div class='wysiwyg__description'> <p>von 13.30 bis 15.30 Uhr (auf Deutsch )<br \/> von 15.45 bis 17.45 Uhr (auf Italienisch)<\/p> <ul> <li>Treffpunkt: Talstation der Kabinenbahn &#8220;Obereggen-Ochsenweide&#8221;<\/li> <li>Kosten: 30 Euro inklusive der Berg- und Talfahrt<\/li> <li>Anmeldung online:\u00a0<a href='https:\/\/eggental.com\/de\/ajax-events#11944' target='_blank' rel='noopener'><strong><u>Eggental Tourismus<\/u><\/strong><\/a>\u00a0(max. 10 Personen)<\/li> <\/ul> <\/div> \",\"location\":[{\"@type\":\"Place\",\"name\":\"Talstation Obereggen\",\"address\":{\"@type\": \"PostalAddress\",\"streetAddress\":\"Obereggen 16 I-39050 Deutschnofen (BZ)\"}}]}<\/script><\/div>\r\n\t\t\t\t<p class=\"desc_trig_outter\" style=\"\"><a data-gmtrig=\"1\" data-exlk=\"0\" style=\"background-color: #facd05;\" id=\"evc_17864478002107\" class=\"hasFtIMG event_repeat desc_trig sin_val evcal_list_a\" data-ux_val=\"3\" data-ux_val_mob=\"-\"  ><span class='evoet_c1 evoet_cx '><span class='ev_ftImg' data-img='https:\/\/latemarium.com\/wp-content\/uploads\/2023\/06\/\u00a9Obereggen_LatemarAG.SpA_Mindful.Latemar_Ph.Guenther.Pichler_06.jpg' data-thumb='https:\/\/latemarium.com\/wp-content\/uploads\/2023\/06\/\u00a9Obereggen_LatemarAG.SpA_Mindful.Latemar_Ph.Guenther.Pichler_06-300x169.jpg' style='background-image:url(\"https:\/\/latemarium.com\/wp-content\/uploads\/2023\/06\/\u00a9Obereggen_LatemarAG.SpA_Mindful.Latemar_Ph.Guenther.Pichler_06-300x169.jpg\")' ><\/span><\/span><span class='evoet_c2 evoet_cx '><span class='evoet_dayblock evcal_cblock ' data-bgcolor='#facd05' data-smon='August' data-syr='2026' data-bub=''><span class='evo_start '><em class='date'>11<\/em><em class='month'>Aug<\/em><em class='time'>13:30<\/em><\/span><\/span><\/span><span class='evoet_c3 evoet_cx evcal_desc hide_eventtopdata '><span class='evoet_title evcal_desc2 evcal_event_title ' itemprop='name'>Mindful.Latemar<\/span><span class='event_location_attrs'  data-location_address=\"Obereggen 16 I-39050 Deutschnofen (BZ)\" data-location_type=\"lonlat\" data-location_name=\"Talstation Obereggen\" data-location_url=\"https:\/\/latemarium.com\/de\/event-location\/talstation-obereggen\/\" data-location_status=\"true\" data-latlng=\"46.3835808246333,11.52667595881786\"><\/span><span class='evoet_subtitle evo_below_title' ><span class='evcal_event_subtitle ' >Mindful.Latemar ist der erste immersive Achtsamkeitspfad in den Alpen.<\/span><\/span><span class='evoet_time_expand level_3'><em class='evcal_time evo_tz_time'><i class='fa fa-clock-o'><\/i>13:30<span class='evo_tz marl5'>(GMT+02:00)<\/span><\/em> <\/span><span class='evoet_location level_3'><em class=\"evcal_location\"  data-latlng=\"46.3835808246333,11.52667595881786\" data-add_str=\"Obereggen 16 I-39050 Deutschnofen (BZ)\" data-n=\"Talstation Obereggen\"><i class=\"fa fa-location-pin\"><\/i><em class=\"event_location_name\">Talstation Obereggen<\/em>, Obereggen 16 I-39050 Deutschnofen (BZ)<\/em><\/span><\/span><span class='evoet_data' data-d=\"{&quot;loc.n&quot;:&quot;Talstation Obereggen&quot;,&quot;orgs&quot;:[],&quot;tags&quot;:{&quot;repeating&quot;:&quot;Repeating Event&quot;}}\" data-bgc=\"#facd05\" data-bggrad=\"\" ><\/span><\/a><\/p><div class='event_description evcal_eventcard ' style=\"display:none\"><div class='evocard_row'><div id='event_ftimage' class='evocard_box ftimage' data-c='' \n\t\t\t\t\tstyle=''><div class='evocard_main_image_hold' data-t='Loading Image..'><div class='evocard_main_image evo_img_triglb evobr15 evobgsc evobgpc evodfx evofx_jc_c evofx_ai_c evofz48 minmized' style='height:300px; background-image:url();' data-f=\"https:\/\/latemarium.com\/wp-content\/uploads\/2023\/06\/\u00a9Obereggen_LatemarAG.SpA_Mindful.Latemar_Ph.Guenther.Pichler_06.jpg\" data-h=\"812\" data-w=\"1445\" data-ratio=\"0.56193771626298\" data-event_id=\"2107\" data-ri=\"7\"  data-t='Loading Image..'><span style='height:300px; background-image:url(https:\/\/latemarium.com\/wp-content\/uploads\/2023\/06\/\u00a9Obereggen_LatemarAG.SpA_Mindful.Latemar_Ph.Guenther.Pichler_06.jpg)'><\/span><\/div><\/div><\/div><\/div><div class='evocard_row'><div id='event_eventdetails' class='evocard_box eventdetails' data-c='' \n\t\t\t\t\tstyle=''><div class='evo_metarow_details evorow evcal_evdata_row evcal_event_details'>\n\t\t<div class=\"event_excerpt\" style=\"display:none\"><h3 class=\"padb5 evo_h3\">Details zur Veranstaltung<\/h3><p>Mindful.Latemar befindet sich in Obereggen entlang des Rundweges auf dem Golfrion, am Fu\u00dfe der Dolomiten auf 1872 Metern Meeresh\u00f6he.\nDer Weg beinhaltet 18 verschiedene Mindfulness-\u00dcbungen an einem besonderen Ort, der nach<\/p><\/div><span class='evcal_evdata_icons'><i class='fa fa-align-justify'><\/i><\/span>\n\t\t\n\t\t<div class='evcal_evdata_cell shorter_desc'>\n\t\t\t<div class='eventon_full_description'>\n\t\t\t\t<h3 class='padb5 evo_h3'><span class='evcal_evdata_icons'><i class='fa fa-align-justify'><\/i><\/span>Details zur Veranstaltung<\/h3>\n\t\t\t\t<div class='eventon_desc_in' itemprop='description'>\n\t\t\t\t<p>Mindful.Latemar befindet sich in Obereggen entlang des <strong>Rundweges auf dem Golfrion<\/strong>, am Fu\u00dfe der Dolomiten auf 1872 Metern Meeresh\u00f6he.<\/p>\n<p>Der Weg beinhaltet <strong>18 verschiedene Mindfulness-\u00dcbungen<\/strong> an einem besonderen Ort, der nach dem Sturm Vaia im November 2018 ein Beispiel f\u00fcr Best\u00e4ndigkeit und Resilienz wurde.<\/p>\n<h3 class=\"wysiwyg__subline\">Dr. Thomas Bernagozzi begleitet dich immer dienstags:<\/h3>\n<div class=\"wysiwyg__description\">\n<p>von 13.30 bis 15.30 Uhr (auf Deutsch )<br \/>\nvon 15.45 bis 17.45 Uhr (auf Italienisch)<\/p>\n<ul>\n<li>Treffpunkt: Talstation der Kabinenbahn &#8220;Obereggen-Ochsenweide&#8221;<\/li>\n<li>Kosten: 30 Euro inklusive der Berg- und Talfahrt<\/li>\n<li>Anmeldung online:\u00a0<a href=\"https:\/\/eggental.com\/de\/ajax-events#11944\" target=\"_blank\" rel=\"noopener\"><strong><u>Eggental Tourismus<\/u><\/strong><\/a>\u00a0(max. 10 Personen)<\/li>\n<\/ul>\n<\/div>\n<\/div><p class='eventon_shad_p' style='padding:5px 0 0; margin:0'>\n\t\t\t<span class='evcal_btn evo_btn_secondary evobtn_details_show_more' content='less'>\n\t\t\t\t<span class='ev_more_text' data-txt='Weniger'>Mehr<\/span><span class='ev_more_arrow ard'><\/span>\n\t\t\t<\/span>\n\t\t<\/p><div class='clear'><\/div>\n\t\t\t<\/div>\n\t\t<\/div>\n\t<\/div><\/div><\/div><div class='evocard_row bx2 bx'><div id='event_time' class='evocard_box time' data-c='' \n\t\t\t\t\tstyle=''><div class='evo_metarow_time evorow evcal_evdata_row evcal_evrow_sm '>\n\t\t<span class='evcal_evdata_icons'><i class='fa fa-clock'><\/i><\/span>\n\t\t<div class='evcal_evdata_cell'>\t\t\t\t\t\t\t\n\t\t\t<h3 class='evo_h3'><span class='evcal_evdata_icons'><i class='fa fa-clock'><\/i><\/span>Zeitplan<\/h3><p><span class='evo_eventcard_time_t'>11 August 2026 13:30<\/span><span class='evo_tz marr5'>(GMT+02:00)<\/span><\/p>\n\t\t<\/div>\n\t<\/div><\/div><div id='event_location' class='evocard_box location' data-c='' \n\t\t\t\t\tstyle=''><div class='evcal_evdata_row evo_metarow_time_location evorow '>\n\t\t\n\t\t\t<span class='evcal_evdata_icons'><i class='fa fa-map-marker'><\/i><\/span>\n\t\t\t<div class='evcal_evdata_cell' data-loc_tax_id='23'><h3 class='evo_h3 evodfx'><span class='evcal_evdata_icons'><i class='fa fa-map-marker'><\/i><\/span>Ort<\/h3><p class='evo_location_name'>Talstation Obereggen<\/p><p class='evo_location_address evodfxi evogap10'>Obereggen 16 I-39050 Deutschnofen (BZ)<\/p><div class='padt10'><span class='evo_btn_arr evolb_trigger' data-lbvals=\"{&quot;lbc&quot;:&quot;evo_location_lb_23&quot;,&quot;lbac&quot;:&quot;lb_max&quot;,&quot;t&quot;:&quot;Talstation Obereggen&quot;,&quot;ajax&quot;:&quot;yes&quot;,&quot;ajax_type&quot;:&quot;endpoint&quot;,&quot;ajax_action&quot;:&quot;eventon_get_tax_card_content&quot;,&quot;end&quot;:&quot;client&quot;,&quot;d&quot;:{&quot;lang&quot;:&quot;L2&quot;,&quot;term_id&quot;:23,&quot;tax&quot;:&quot;event_location&quot;,&quot;load_lbcontent&quot;:true},&quot;uid&quot;:&quot;eventon_get_tax_card_content&quot;}\" >Other Events<i class='fa fa-chevron-right'><\/i><\/span><\/div><\/div>\n\t\t\n\t<\/div><\/div><\/div><div class='evocard_row bx2 bx'><div id='event_learnmore' class='evocard_box learnmore' data-c='' \n\t\t\t\t\tstyle=''><div class='evo_metarow_learnM evo_metarow_learnmore evorow'>\n\t\t\t\t\t\t\t<a class='evcal_evdata_row evo_clik_row ' href='https:\/\/obereggen.com\/de\/mindfullatemar' target=\"_blank\">\n\t\t\t\t\t\t\t\t<span class='evcal_evdata_icons'><i class='fa fa-link'><\/i><\/span>\n\t\t\t\t\t\t\t\t<h3 class='evo_h3'>Entdecke mehr<\/h3>\n\t\t\t\t\t\t\t<\/a>\n\t\t\t\t\t\t\t<\/div><\/div><div id='event_addtocal' class='evocard_box addtocal' data-c='' \n\t\t\t\t\tstyle=''><div class='evo_metarow_ICS evorow evcal_evdata_row'>\n\t\t\t<span class='evcal_evdata_icons'><i class='fa fa-calendar-o'><\/i><\/span>\n\t\t\t<div class='evcal_evdata_cell'>\n\t\t\t\t<p><a href='https:\/\/latemarium.com\/de\/export-events\/2107_7\/?nonce=7b34e59f7d' class='evo_ics_nCal' title='Zu Ihrem Kalender hinzuf\u00fcgen'>Kalender<\/a><a href='https:\/\/www.google.com\/calendar\/event?action=TEMPLATE&text=Mindful.Latemar&dates=20260811T113000Z%2F20260811T215900Z&ctz=Europe%2FRome&details=Mindful.Latemar&location=Talstation+Obereggen+Obereggen+16+I-39050+Deutschnofen+%28BZ%29' target='_blank' class='evo_ics_gCal' title='Zu Google Kalender hinzuf\u00fcgen'>GoogleCal<\/a><\/p>\t\n\t\t\t<\/div>\n\t\t<\/div><\/div><\/div><div class='evocard_row'><div id='event_getdirection' class='evocard_box getdirection' data-c='' \n\t\t\t\t\tstyle=''><div class='evo_metarow_getDr evorow evcal_evdata_row evcal_evrow_sm getdirections'>\n\t\t<form action='https:\/\/maps.google.com\/maps' method='get' target='_blank'>\n\t\t\t<input type='hidden' name='daddr' value=\"46.3835808246333,11.52667595881786\"\/> \n\t\t\t<div class='evo_get_direction_content evo_fx_dr_r evogap10'>\n\t\t\t\t<span class='evogetdir_header evodfx evofx_dr_r evofx_ai_c marr10'>\n\t\t\t\t\t<i class='mainicon fa fa-road'><\/i> \n\t\t\t\t\t<h3 class='evo_h3' style='padding-bottom:5px;'>Wegbeschreibung abrufen<\/h3>\n\t\t\t\t<\/span>\n\t\t\t\t<span class='evogetdir_field evodfx evofx_1_1 evo_fx_dr_c evow100p'>\t\t\t\t\t\n\t\t\t\t\t<input class='evoInput evotac' type='text' name='saddr' placeholder='&quot;Geben Sie die Adresse ein' value='' style='margin:10px 0;'\/>\n\t\t\t\t<\/span>\n\t\t\t\t<button type='submit' class='evo_get_direction_button evo_btn_arr_circ dfx fx_ai_c' title='&quot;Klicken Sie hier'><i class='fa fa-chevron-right'><\/i> <\/button>\n\t\t\t<\/div>\n\t\t<\/form>\n\t<\/div><\/div><\/div><div class='evo_card_row_end evcal_close' title='Schlie\u00dfen'><\/div><\/div><div class='clear end'><\/div><\/div><div id=\"event_2184_6\" class=\"eventon_list_event evo_eventtop scheduled  event clrD no_et event_2184_6\" data-event_id=\"2184\" data-ri=\"6r\" data-time=\"1786519800-1786571940\" data-colr=\"#ba181d\" itemscope itemtype='http:\/\/schema.org\/Event'><div class=\"evo_event_schema\" style=\"display:none\" ><a itemprop='url'  href='https:\/\/latemarium.com\/de\/events\/geotrekking-torre-di-pisa\/var\/ri-6.l-L2'><\/a><meta itemprop='image' content=\"https:\/\/latemarium.com\/wp-content\/uploads\/2020\/06\/latemar-torre-di-pisa-estate-2019_ph.alice-russolo-90-scaled.jpg\" \/><meta itemprop='startDate' content=\"2026-8-12T09:30+0:00\" \/><meta itemprop='endDate' content=\"2026-8-12T23:59+0:00\" \/><meta itemprop='eventStatus' content=\"https:\/\/schema.org\/EventScheduled\" \/><meta itemprop='eventAttendanceMode'   itemscope itemtype=\"https:\/\/schema.org\/OfflineEventAttendanceMode\"\/><script type=\"application\/ld+json\">{\"@context\": \"http:\/\/schema.org\",\"@type\": \"Event\",\n\t\t\t\t\"@id\": \"event_2184_6\",\n\t\t\t\t\"eventAttendanceMode\":\"https:\/\/schema.org\/OfflineEventAttendanceMode\",\n\t\t\t\t\"eventStatus\":\"https:\/\/schema.org\/EventScheduled\",\n\t\t\t\t\"name\": \"Geotrekking Torre di Pisa\",\n\t\t\t\t\"url\": \"https:\/\/latemarium.com\/de\/events\/geotrekking-torre-di-pisa\/var\/ri-6.l-L2\",\n\t\t\t\t\"startDate\": \"2026-8-12T09:30+0:00\",\n\t\t\t\t\"endDate\": \"2026-8-12T23:59+0:00\",\n\t\t\t\t\"image\":\"https:\/\/latemarium.com\/wp-content\/uploads\/2020\/06\/latemar-torre-di-pisa-estate-2019_ph.alice-russolo-90-scaled.jpg\", \n\t\t\t\t\"description\":\"<p><strong>Spannender geologischer Ausflug in gro\u00dfer H\u00f6he<\/strong>, um das Latemar-Atoll zu entdecken, die Perle des fossilen Archipels der Dolomiten, ein UNESCO-Weltkulturerbe. Ein eindrucksvoller Rundweg, der von einem erfahrenen Geologen und Medienbergf\u00fchrer gef\u00fchrt wird. Vom Passo Feudo steigen Sie zur Schutzh\u00fctte Torre di Pisa auf, um dann in gro\u00dfer H\u00f6he bis zur Forcella dei Camosci weiterzugehen, von wo aus Sie wieder in die Tiefen des tropischen Meeres bis zum Ausgangspunkt abtauchen. Brotzeit. Mindestalter 12 Jahre.<\/p> <p>Die Route ist mittelschwer, mit gut begehbaren Wegen und kurzen, leicht ausgesetzten Abschnitten, mit einem H\u00f6henunterschied von ca. 780 Metern.<\/p> \"}<\/script><\/div>\r\n\t\t\t\t<p class=\"desc_trig_outter\" style=\"\"><a data-gmap_status=\"null\" data-exlk=\"0\" style=\"background-color: #ba181d;\" id=\"evc_17865198002184\" class=\"hasFtIMG event_repeat desc_trig sin_val evcal_list_a\" data-ux_val=\"3\" data-ux_val_mob=\"-\"  ><span class='evoet_c1 evoet_cx '><span class='ev_ftImg' data-img='https:\/\/latemarium.com\/wp-content\/uploads\/2020\/06\/latemar-torre-di-pisa-estate-2019_ph.alice-russolo-90-scaled.jpg' data-thumb='https:\/\/latemarium.com\/wp-content\/uploads\/2020\/06\/latemar-torre-di-pisa-estate-2019_ph.alice-russolo-90-300x200.jpg' style='background-image:url(\"https:\/\/latemarium.com\/wp-content\/uploads\/2020\/06\/latemar-torre-di-pisa-estate-2019_ph.alice-russolo-90-300x200.jpg\")' ><\/span><\/span><span class='evoet_c2 evoet_cx '><span class='evoet_dayblock evcal_cblock ' data-bgcolor='#ba181d' data-smon='August' data-syr='2026' data-bub=''><span class='evo_start '><em class='date'>12<\/em><em class='month'>Aug<\/em><em class='time'>09:30<\/em><\/span><\/span><\/span><span class='evoet_c3 evoet_cx evcal_desc hide_eventtopdata '><span class='evoet_title evcal_desc2 evcal_event_title ' itemprop='name'>Geotrekking Torre di Pisa<\/span><span class='event_location_attrs' data-location_type=\"lonlat\" data-location_name=\"A monte della seggiovia Gardon\u00e8-Passo Feudo\" data-location_url=\"https:\/\/latemarium.com\/de\/event-location\/a-monte-della-seggiovia-gardone-passo-feudo\/\" data-location_status=\"true\" data-latlng=\"46.32878794406342,11.600176728690842\"><\/span><span class='evoet_subtitle evo_below_title' ><span class='evcal_event_subtitle ' >Geotrekking Torre di Pisa<\/span><\/span><span class='evoet_time_expand level_3'><em class='evcal_time evo_tz_time'><i class='fa fa-clock-o'><\/i>09:30<span class='evo_tz marl5'>(GMT+02:00)<\/span><\/em> <\/span><span class='evoet_location level_3'><em class=\"evcal_location\"  data-latlng=\"46.32878794406342,11.600176728690842\" data-add_str=\"\" data-n=\"A monte della seggiovia Gardon\u00e8-Passo Feudo\"><i class=\"fa fa-location-pin\"><\/i><em class=\"event_location_name\">A monte della seggiovia Gardon\u00e8-Passo Feudo<\/em><\/em><\/span><\/span><span class='evoet_data' data-d=\"{&quot;loc.n&quot;:&quot;A monte della seggiovia Gardon\\u00e8-Passo Feudo&quot;,&quot;orgs&quot;:[],&quot;tags&quot;:{&quot;repeating&quot;:&quot;Repeating Event&quot;}}\" data-bgc=\"#ba181d\" data-bggrad=\"\" ><\/span><\/a><\/p><div class='event_description evcal_eventcard ' style=\"display:none\"><div class='evocard_row'><div id='event_ftimage' class='evocard_box ftimage' data-c='' \n\t\t\t\t\tstyle=''><div class='evocard_main_image_hold' data-t='Loading Image..'><div class='evocard_main_image evo_img_triglb evobr15 evobgsc evobgpc evodfx evofx_jc_c evofx_ai_c evofz48 minmized' style='height:300px; background-image:url();' data-f=\"https:\/\/latemarium.com\/wp-content\/uploads\/2020\/06\/latemar-torre-di-pisa-estate-2019_ph.alice-russolo-90-scaled.jpg\" data-h=\"1707\" data-w=\"2560\" data-ratio=\"0.666796875\" data-event_id=\"2184\" data-ri=\"6\"  data-t='Loading Image..'><span style='height:300px; background-image:url(https:\/\/latemarium.com\/wp-content\/uploads\/2020\/06\/latemar-torre-di-pisa-estate-2019_ph.alice-russolo-90-scaled.jpg)'><\/span><\/div><\/div><\/div><\/div><div class='evocard_row'><div id='event_eventdetails' class='evocard_box eventdetails' data-c='' \n\t\t\t\t\tstyle=''><div class='evo_metarow_details evorow evcal_evdata_row evcal_event_details'>\n\t\t<div class=\"event_excerpt\" style=\"display:none\"><h3 class=\"padb5 evo_h3\">Details zur Veranstaltung<\/h3><p>Spannender geologischer Ausflug in gro\u00dfer H\u00f6he, um das Latemar-Atoll zu entdecken, die Perle des fossilen Archipels der Dolomiten, ein UNESCO-Weltkulturerbe. Ein eindrucksvoller Rundweg, der von einem erfahrenen Geologen und Medienbergf\u00fchrer<\/p><\/div><span class='evcal_evdata_icons'><i class='fa fa-align-justify'><\/i><\/span>\n\t\t\n\t\t<div class='evcal_evdata_cell shorter_desc'>\n\t\t\t<div class='eventon_full_description'>\n\t\t\t\t<h3 class='padb5 evo_h3'><span class='evcal_evdata_icons'><i class='fa fa-align-justify'><\/i><\/span>Details zur Veranstaltung<\/h3>\n\t\t\t\t<div class='eventon_desc_in' itemprop='description'>\n\t\t\t\t<p><strong>Spannender geologischer Ausflug in gro\u00dfer H\u00f6he<\/strong>, um das Latemar-Atoll zu entdecken, die Perle des fossilen Archipels der Dolomiten, ein UNESCO-Weltkulturerbe. Ein eindrucksvoller Rundweg, der von einem erfahrenen Geologen und Medienbergf\u00fchrer gef\u00fchrt wird. Vom Passo Feudo steigen Sie zur Schutzh\u00fctte Torre di Pisa auf, um dann in gro\u00dfer H\u00f6he bis zur Forcella dei Camosci weiterzugehen, von wo aus Sie wieder in die Tiefen des tropischen Meeres bis zum Ausgangspunkt abtauchen. Brotzeit. Mindestalter 12 Jahre.<\/p>\n<p>Die Route ist mittelschwer, mit gut begehbaren Wegen und kurzen, leicht ausgesetzten Abschnitten, mit einem H\u00f6henunterschied von ca. 780 Metern.<\/p>\n<\/div><p class='eventon_shad_p' style='padding:5px 0 0; margin:0'>\n\t\t\t<span class='evcal_btn evo_btn_secondary evobtn_details_show_more' content='less'>\n\t\t\t\t<span class='ev_more_text' data-txt='Weniger'>Mehr<\/span><span class='ev_more_arrow ard'><\/span>\n\t\t\t<\/span>\n\t\t<\/p><div class='clear'><\/div>\n\t\t\t<\/div>\n\t\t<\/div>\n\t<\/div><\/div><\/div><div class='evocard_row bx2 bx'><div id='event_time' class='evocard_box time' data-c='' \n\t\t\t\t\tstyle=''><div class='evo_metarow_time evorow evcal_evdata_row evcal_evrow_sm '>\n\t\t<span class='evcal_evdata_icons'><i class='fa fa-clock'><\/i><\/span>\n\t\t<div class='evcal_evdata_cell'>\t\t\t\t\t\t\t\n\t\t\t<h3 class='evo_h3'><span class='evcal_evdata_icons'><i class='fa fa-clock'><\/i><\/span>Zeitplan<\/h3><p><span class='evo_eventcard_time_t'>12 August 2026 09:30<\/span><span class='evo_tz marr5'>(GMT+02:00)<\/span><\/p>\n\t\t<\/div>\n\t<\/div><\/div><div id='event_location' class='evocard_box location' data-c='' \n\t\t\t\t\tstyle=''><div class='evcal_evdata_row evo_metarow_time_location evorow '>\n\t\t\n\t\t\t<span class='evcal_evdata_icons'><i class='fa fa-map-marker'><\/i><\/span>\n\t\t\t<div class='evcal_evdata_cell' data-loc_tax_id='37'><h3 class='evo_h3 evodfx'><span class='evcal_evdata_icons'><i class='fa fa-map-marker'><\/i><\/span>Ort<\/h3><p class='evo_location_name'>A monte della seggiovia Gardon\u00e8-Passo Feudo<\/p><div class='padt10'><span class='evo_btn_arr evolb_trigger' data-lbvals=\"{&quot;lbc&quot;:&quot;evo_location_lb_37&quot;,&quot;lbac&quot;:&quot;lb_max&quot;,&quot;t&quot;:&quot;A monte della seggiovia Gardon\\u00e8-Passo Feudo&quot;,&quot;ajax&quot;:&quot;yes&quot;,&quot;ajax_type&quot;:&quot;endpoint&quot;,&quot;ajax_action&quot;:&quot;eventon_get_tax_card_content&quot;,&quot;end&quot;:&quot;client&quot;,&quot;d&quot;:{&quot;lang&quot;:&quot;L2&quot;,&quot;term_id&quot;:37,&quot;tax&quot;:&quot;event_location&quot;,&quot;load_lbcontent&quot;:true},&quot;uid&quot;:&quot;eventon_get_tax_card_content&quot;}\" >Other Events<i class='fa fa-chevron-right'><\/i><\/span><\/div><\/div>\n\t\t\n\t<\/div><\/div><\/div><div class='evocard_row bx2 bx'><div id='event_learnmore' class='evocard_box learnmore' data-c='' \n\t\t\t\t\tstyle=''><div class='evo_metarow_learnM evo_metarow_learnmore evorow'>\n\t\t\t\t\t\t\t<a class='evcal_evdata_row evo_clik_row ' href='https:\/\/www.latemar.it\/de\/sommer\/geotrekking\/' target=\"_blank\">\n\t\t\t\t\t\t\t\t<span class='evcal_evdata_icons'><i class='fa fa-link'><\/i><\/span>\n\t\t\t\t\t\t\t\t<h3 class='evo_h3'>Entdecke mehr<\/h3>\n\t\t\t\t\t\t\t<\/a>\n\t\t\t\t\t\t\t<\/div><\/div><div id='event_addtocal' class='evocard_box addtocal' data-c='' \n\t\t\t\t\tstyle=''><div class='evo_metarow_ICS evorow evcal_evdata_row'>\n\t\t\t<span class='evcal_evdata_icons'><i class='fa fa-calendar-o'><\/i><\/span>\n\t\t\t<div class='evcal_evdata_cell'>\n\t\t\t\t<p><a href='https:\/\/latemarium.com\/de\/export-events\/2184_6\/?nonce=7b34e59f7d' class='evo_ics_nCal' title='Zu Ihrem Kalender hinzuf\u00fcgen'>Kalender<\/a><a href='https:\/\/www.google.com\/calendar\/event?action=TEMPLATE&text=Geotrekking+Torre+di+Pisa&dates=20260812T073000Z%2F20260812T215900Z&ctz=Europe%2FRome&details=Geotrekking Torre di Pisa&location=A+monte+della+seggiovia+Gardon%C3%A8-Passo+Feudo' target='_blank' class='evo_ics_gCal' title='Zu Google Kalender hinzuf\u00fcgen'>GoogleCal<\/a><\/p>\t\n\t\t\t<\/div>\n\t\t<\/div><\/div><\/div><div class='evocard_row'><div id='event_getdirection' class='evocard_box getdirection' data-c='' \n\t\t\t\t\tstyle=''><div class='evo_metarow_getDr evorow evcal_evdata_row evcal_evrow_sm getdirections'>\n\t\t<form action='https:\/\/maps.google.com\/maps' method='get' target='_blank'>\n\t\t\t<input type='hidden' name='daddr' value=\"46.32878794406342,11.600176728690842\"\/> \n\t\t\t<div class='evo_get_direction_content evo_fx_dr_r evogap10'>\n\t\t\t\t<span class='evogetdir_header evodfx evofx_dr_r evofx_ai_c marr10'>\n\t\t\t\t\t<i class='mainicon fa fa-road'><\/i> \n\t\t\t\t\t<h3 class='evo_h3' style='padding-bottom:5px;'>Wegbeschreibung abrufen<\/h3>\n\t\t\t\t<\/span>\n\t\t\t\t<span class='evogetdir_field evodfx evofx_1_1 evo_fx_dr_c evow100p'>\t\t\t\t\t\n\t\t\t\t\t<input class='evoInput evotac' type='text' name='saddr' placeholder='&quot;Geben Sie die Adresse ein' value='' style='margin:10px 0;'\/>\n\t\t\t\t<\/span>\n\t\t\t\t<button type='submit' class='evo_get_direction_button evo_btn_arr_circ dfx fx_ai_c' title='&quot;Klicken Sie hier'><i class='fa fa-chevron-right'><\/i> <\/button>\n\t\t\t<\/div>\n\t\t<\/form>\n\t<\/div><\/div><\/div><div class='evo_card_row_end evcal_close' title='Schlie\u00dfen'><\/div><\/div><div class='clear end'><\/div><\/div><div id=\"event_2176_5\" class=\"eventon_list_event evo_eventtop scheduled  event clrW no_et event_2176_5\" data-event_id=\"2176\" data-ri=\"5r\" data-time=\"1786523400-1786571940\" data-colr=\"#a69dcd\" itemscope itemtype='http:\/\/schema.org\/Event'><div class=\"evo_event_schema\" style=\"display:none\" ><a itemprop='url'  href='https:\/\/latemarium.com\/de\/events\/gea-bei-der-eroberung-des-gipfels\/var\/ri-5.l-L2'><\/a><meta itemprop='image' content=\"https:\/\/latemarium.com\/wp-content\/uploads\/2023\/06\/geotrail-1200x800-alice-russolo-rocce-barca-2.jpg\" \/><meta itemprop='startDate' content=\"2026-8-12T10:30+0:00\" \/><meta itemprop='endDate' content=\"2026-8-12T23:59+0:00\" \/><meta itemprop='eventStatus' content=\"https:\/\/schema.org\/EventScheduled\" \/><meta itemprop='eventAttendanceMode'   itemscope itemtype=\"https:\/\/schema.org\/OfflineEventAttendanceMode\"\/><script type=\"application\/ld+json\">{\"@context\": \"http:\/\/schema.org\",\"@type\": \"Event\",\n\t\t\t\t\"@id\": \"event_2176_5\",\n\t\t\t\t\"eventAttendanceMode\":\"https:\/\/schema.org\/OfflineEventAttendanceMode\",\n\t\t\t\t\"eventStatus\":\"https:\/\/schema.org\/EventScheduled\",\n\t\t\t\t\"name\": \"GEA BEI DER EROBERUNG DES GIPFELS\",\n\t\t\t\t\"url\": \"https:\/\/latemarium.com\/de\/events\/gea-bei-der-eroberung-des-gipfels\/var\/ri-5.l-L2\",\n\t\t\t\t\"startDate\": \"2026-8-12T10:30+0:00\",\n\t\t\t\t\"endDate\": \"2026-8-12T23:59+0:00\",\n\t\t\t\t\"image\":\"https:\/\/latemarium.com\/wp-content\/uploads\/2023\/06\/geotrail-1200x800-alice-russolo-rocce-barca-2.jpg\", \n\t\t\t\t\"description\":\"<p>Unsere freie und enthusiastische Gea vollbringt ein neues Kunstst\u00fcck mit zwei erfahrenen Begleitern und gemeinsam erobern sie den Gipfel!<\/p> <p>Immer mittwochs, vom 8. Juli bis zum 19. August 2026<br \/> bei der Passo Feudo H\u00fctte, welche mit der Seilbahn und mit dem Sessellift erreichbar ist<br \/> um 10.30 Uhr<br \/> F\u00fcr Familien mit Kindern ab 5 Jahren geeignet (Dauer: 1h30\u2018)<br \/> Vorstellung auf Italienisch<\/p> \"}<\/script><\/div>\r\n\t\t\t\t<p class=\"desc_trig_outter\" style=\"\"><a data-gmap_status=\"null\" data-exlk=\"0\" style=\"background-color: #a69dcd;\" id=\"evc_17865234002176\" class=\"hasFtIMG event_repeat desc_trig sin_val evcal_list_a\" data-ux_val=\"3\" data-ux_val_mob=\"-\"  ><span class='evoet_c1 evoet_cx '><span class='ev_ftImg' data-img='https:\/\/latemarium.com\/wp-content\/uploads\/2023\/06\/geotrail-1200x800-alice-russolo-rocce-barca-2.jpg' data-thumb='https:\/\/latemarium.com\/wp-content\/uploads\/2023\/06\/geotrail-1200x800-alice-russolo-rocce-barca-2-300x200.jpg' style='background-image:url(\"https:\/\/latemarium.com\/wp-content\/uploads\/2023\/06\/geotrail-1200x800-alice-russolo-rocce-barca-2-300x200.jpg\")' ><\/span><\/span><span class='evoet_c2 evoet_cx '><span class='evoet_dayblock evcal_cblock ' data-bgcolor='#a69dcd' data-smon='August' data-syr='2026' data-bub=''><span class='evo_start '><em class='date'>12<\/em><em class='month'>Aug<\/em><em class='time'>10:30<\/em><\/span><\/span><\/span><span class='evoet_c3 evoet_cx evcal_desc hide_eventtopdata '><span class='evoet_title evcal_desc2 evcal_event_title ' itemprop='name'>GEA BEI DER EROBERUNG DES GIPFELS<\/span><span class='event_location_attrs' data-location_type=\"lonlat\" data-location_name=\"Sessellift Ankunft Gardon\u00e8-Passo Feudo\" data-location_url=\"https:\/\/latemarium.com\/de\/event-location\/sessellift-ankunft-gardone-passo-feudo\/\" data-location_status=\"true\" data-latlng=\"46.32878794406342,11.600176728690842\"><\/span><span class='evoet_subtitle evo_below_title' ><span class='evcal_event_subtitle ' >Wanderausstellung - Geotrail Dos Cap\u00e8l<\/span><\/span><span class='evoet_time_expand level_3'><em class='evcal_time evo_tz_time'><i class='fa fa-clock-o'><\/i>10:30<span class='evo_tz marl5'>(GMT+02:00)<\/span><\/em> <\/span><span class='evoet_location level_3'><em class=\"evcal_location\"  data-latlng=\"46.32878794406342,11.600176728690842\" data-add_str=\"\" data-n=\"Sessellift Ankunft Gardon\u00e8-Passo Feudo\"><i class=\"fa fa-location-pin\"><\/i><em class=\"event_location_name\">Sessellift Ankunft Gardon\u00e8-Passo Feudo<\/em><\/em><\/span><\/span><span class='evoet_data' data-d=\"{&quot;loc.n&quot;:&quot;Sessellift Ankunft Gardon\\u00e8-Passo Feudo&quot;,&quot;orgs&quot;:[],&quot;tags&quot;:{&quot;repeating&quot;:&quot;Repeating Event&quot;}}\" data-bgc=\"#a69dcd\" data-bggrad=\"\" ><\/span><\/a><\/p><div class='event_description evcal_eventcard ' style=\"display:none\"><div class='evocard_row'><div id='event_ftimage' class='evocard_box ftimage' data-c='' \n\t\t\t\t\tstyle=''><div class='evocard_main_image_hold' data-t='Loading Image..'><div class='evocard_main_image evo_img_triglb evobr15 evobgsc evobgpc evodfx evofx_jc_c evofx_ai_c evofz48 minmized' style='height:300px; background-image:url();' data-f=\"https:\/\/latemarium.com\/wp-content\/uploads\/2023\/06\/geotrail-1200x800-alice-russolo-rocce-barca-2.jpg\" data-h=\"800\" data-w=\"1200\" data-ratio=\"0.66666666666667\" data-event_id=\"2176\" data-ri=\"5\"  data-t='Loading Image..'><span style='height:300px; background-image:url(https:\/\/latemarium.com\/wp-content\/uploads\/2023\/06\/geotrail-1200x800-alice-russolo-rocce-barca-2.jpg)'><\/span><\/div><\/div><\/div><\/div><div class='evocard_row'><div id='event_eventdetails' class='evocard_box eventdetails' data-c='' \n\t\t\t\t\tstyle=''><div class='evo_metarow_details evorow evcal_evdata_row evcal_event_details'>\n\t\t<div class=\"event_excerpt\" style=\"display:none\"><h3 class=\"padb5 evo_h3\">Details zur Veranstaltung<\/h3><p>Unsere freie und enthusiastische Gea vollbringt ein neues Kunstst\u00fcck mit zwei erfahrenen Begleitern und gemeinsam erobern sie den Gipfel!\nImmer mittwochs, vom 8. Juli bis zum 19. August 2026\nbei der<\/p><\/div><span class='evcal_evdata_icons'><i class='fa fa-align-justify'><\/i><\/span>\n\t\t\n\t\t<div class='evcal_evdata_cell '>\n\t\t\t<div class='eventon_full_description'>\n\t\t\t\t<h3 class='padb5 evo_h3'><span class='evcal_evdata_icons'><i class='fa fa-align-justify'><\/i><\/span>Details zur Veranstaltung<\/h3>\n\t\t\t\t<div class='eventon_desc_in' itemprop='description'>\n\t\t\t\t<p>Unsere freie und enthusiastische Gea vollbringt ein neues Kunstst\u00fcck mit zwei erfahrenen Begleitern und gemeinsam erobern sie den Gipfel!<\/p>\n<p>Immer mittwochs, vom 8. Juli bis zum 19. August 2026<br \/>\nbei der Passo Feudo H\u00fctte, welche mit der Seilbahn und mit dem Sessellift erreichbar ist<br \/>\num 10.30 Uhr<br \/>\nF\u00fcr Familien mit Kindern ab 5 Jahren geeignet (Dauer: 1h30\u2018)<br \/>\nVorstellung auf Italienisch<\/p>\n<\/div><div class='clear'><\/div>\n\t\t\t<\/div>\n\t\t<\/div>\n\t<\/div><\/div><\/div><div class='evocard_row bx2 bx'><div id='event_time' class='evocard_box time' data-c='' \n\t\t\t\t\tstyle=''><div class='evo_metarow_time evorow evcal_evdata_row evcal_evrow_sm '>\n\t\t<span class='evcal_evdata_icons'><i class='fa fa-clock'><\/i><\/span>\n\t\t<div class='evcal_evdata_cell'>\t\t\t\t\t\t\t\n\t\t\t<h3 class='evo_h3'><span class='evcal_evdata_icons'><i class='fa fa-clock'><\/i><\/span>Zeitplan<\/h3><p><span class='evo_eventcard_time_t'>12 August 2026 10:30<\/span><span class='evo_tz marr5'>(GMT+02:00)<\/span><\/p>\n\t\t<\/div>\n\t<\/div><\/div><div id='event_location' class='evocard_box location' data-c='' \n\t\t\t\t\tstyle=''><div class='evcal_evdata_row evo_metarow_time_location evorow '>\n\t\t\n\t\t\t<span class='evcal_evdata_icons'><i class='fa fa-map-marker'><\/i><\/span>\n\t\t\t<div class='evcal_evdata_cell' data-loc_tax_id='39'><h3 class='evo_h3 evodfx'><span class='evcal_evdata_icons'><i class='fa fa-map-marker'><\/i><\/span>Ort<\/h3><p class='evo_location_name'>Sessellift Ankunft Gardon\u00e8-Passo Feudo<\/p><div class='padt10'><span class='evo_btn_arr evolb_trigger' data-lbvals=\"{&quot;lbc&quot;:&quot;evo_location_lb_39&quot;,&quot;lbac&quot;:&quot;lb_max&quot;,&quot;t&quot;:&quot;Sessellift Ankunft Gardon\\u00e8-Passo Feudo&quot;,&quot;ajax&quot;:&quot;yes&quot;,&quot;ajax_type&quot;:&quot;endpoint&quot;,&quot;ajax_action&quot;:&quot;eventon_get_tax_card_content&quot;,&quot;end&quot;:&quot;client&quot;,&quot;d&quot;:{&quot;lang&quot;:&quot;L2&quot;,&quot;term_id&quot;:39,&quot;tax&quot;:&quot;event_location&quot;,&quot;load_lbcontent&quot;:true},&quot;uid&quot;:&quot;eventon_get_tax_card_content&quot;}\" >Other Events<i class='fa fa-chevron-right'><\/i><\/span><\/div><\/div>\n\t\t\n\t<\/div><\/div><\/div><div class='evocard_row bx2 bx'><div id='event_learnmore' class='evocard_box learnmore' data-c='' \n\t\t\t\t\tstyle=''><div class='evo_metarow_learnM evo_metarow_learnmore evorow'>\n\t\t\t\t\t\t\t<a class='evcal_evdata_row evo_clik_row ' href='https:\/\/www.montagnanimata.it\/de\/spektakel\/' target=\"_blank\">\n\t\t\t\t\t\t\t\t<span class='evcal_evdata_icons'><i class='fa fa-link'><\/i><\/span>\n\t\t\t\t\t\t\t\t<h3 class='evo_h3'>Entdecke mehr<\/h3>\n\t\t\t\t\t\t\t<\/a>\n\t\t\t\t\t\t\t<\/div><\/div><div id='event_addtocal' class='evocard_box addtocal' data-c='' \n\t\t\t\t\tstyle=''><div class='evo_metarow_ICS evorow evcal_evdata_row'>\n\t\t\t<span class='evcal_evdata_icons'><i class='fa fa-calendar-o'><\/i><\/span>\n\t\t\t<div class='evcal_evdata_cell'>\n\t\t\t\t<p><a href='https:\/\/latemarium.com\/de\/export-events\/2176_5\/?nonce=7b34e59f7d' class='evo_ics_nCal' title='Zu Ihrem Kalender hinzuf\u00fcgen'>Kalender<\/a><a href='https:\/\/www.google.com\/calendar\/event?action=TEMPLATE&text=GEA+BEI+DER+EROBERUNG+DES+GIPFELS&dates=20260812T083000Z%2F20260812T215900Z&ctz=Europe%2FRome&details=GEA BEI DER EROBERUNG DES GIPFELS&location=Sessellift+Ankunft+Gardon%C3%A8-Passo+Feudo' target='_blank' class='evo_ics_gCal' title='Zu Google Kalender hinzuf\u00fcgen'>GoogleCal<\/a><\/p>\t\n\t\t\t<\/div>\n\t\t<\/div><\/div><\/div><div class='evocard_row'><div id='event_getdirection' class='evocard_box getdirection' data-c='' \n\t\t\t\t\tstyle=''><div class='evo_metarow_getDr evorow evcal_evdata_row evcal_evrow_sm getdirections'>\n\t\t<form action='https:\/\/maps.google.com\/maps' method='get' target='_blank'>\n\t\t\t<input type='hidden' name='daddr' value=\"46.32878794406342,11.600176728690842\"\/> \n\t\t\t<div class='evo_get_direction_content evo_fx_dr_r evogap10'>\n\t\t\t\t<span class='evogetdir_header evodfx evofx_dr_r evofx_ai_c marr10'>\n\t\t\t\t\t<i class='mainicon fa fa-road'><\/i> \n\t\t\t\t\t<h3 class='evo_h3' style='padding-bottom:5px;'>Wegbeschreibung abrufen<\/h3>\n\t\t\t\t<\/span>\n\t\t\t\t<span class='evogetdir_field evodfx evofx_1_1 evo_fx_dr_c evow100p'>\t\t\t\t\t\n\t\t\t\t\t<input class='evoInput evotac' type='text' name='saddr' placeholder='&quot;Geben Sie die Adresse ein' value='' style='margin:10px 0;'\/>\n\t\t\t\t<\/span>\n\t\t\t\t<button type='submit' class='evo_get_direction_button evo_btn_arr_circ dfx fx_ai_c' title='&quot;Klicken Sie hier'><i class='fa fa-chevron-right'><\/i> <\/button>\n\t\t\t<\/div>\n\t\t<\/form>\n\t<\/div><\/div><\/div><div class='evo_card_row_end evcal_close' title='Schlie\u00dfen'><\/div><\/div><div class='clear end'><\/div><\/div><div id=\"event_2938_7\" class=\"eventon_list_event evo_eventtop scheduled  event clrD event_2938_7\" data-event_id=\"2938\" data-ri=\"7r\" data-time=\"1786536000-1786545000\" data-colr=\"#38823b\" itemscope itemtype='http:\/\/schema.org\/Event'><div class=\"evo_event_schema\" style=\"display:none\" ><a itemprop='url'  href='https:\/\/latemarium.com\/de\/events\/unterwegs-mit-ponys\/var\/ri-7.l-L2'><\/a><meta itemprop='image' content=\"https:\/\/latemarium.com\/wp-content\/uploads\/2026\/04\/pony.jpg\" \/><meta itemprop='startDate' content=\"2026-8-12T14:00+0:00\" \/><meta itemprop='endDate' content=\"2026-8-12T16:30+0:00\" \/><meta itemprop='eventStatus' content=\"https:\/\/schema.org\/EventScheduled\" \/><meta itemprop='eventAttendanceMode'   itemscope itemtype=\"https:\/\/schema.org\/OfflineEventAttendanceMode\"\/><div style=\"display:none\" itemprop=\"location\" itemscope itemtype=\"http:\/\/schema.org\/Place\"><span itemprop=\"name\">Pampeago<\/span><span itemprop=\"address\" itemscope itemtype=\"http:\/\/schema.org\/PostalAddress\"><item itemprop=\"streetAddress\">Localit\u00e0 Pampeago, 8, 38038 Tesero TN<\/item><\/span><\/div><script type=\"application\/ld+json\">{\"@context\": \"http:\/\/schema.org\",\"@type\": \"Event\",\n\t\t\t\t\"@id\": \"event_2938_7\",\n\t\t\t\t\"eventAttendanceMode\":\"https:\/\/schema.org\/OfflineEventAttendanceMode\",\n\t\t\t\t\"eventStatus\":\"https:\/\/schema.org\/EventScheduled\",\n\t\t\t\t\"name\": \"Unterwegs mit Ponys\",\n\t\t\t\t\"url\": \"https:\/\/latemarium.com\/de\/events\/unterwegs-mit-ponys\/var\/ri-7.l-L2\",\n\t\t\t\t\"startDate\": \"2026-8-12T14:00+0:00\",\n\t\t\t\t\"endDate\": \"2026-8-12T16:30+0:00\",\n\t\t\t\t\"image\":\"https:\/\/latemarium.com\/wp-content\/uploads\/2026\/04\/pony.jpg\", \n\t\t\t\t\"description\":\"<p>Ein angenehmer Spaziergang zur Entdeckung der Landschaften von Pampeago, begleitet von freundlichen Ponys, die Kinder und Familien sicher entlang der Route f\u00fchren.<\/p> <p>Ein entspannendes und unterhaltsames Erlebnis \u2013 ideal, um die Bergwelt in gem\u00e4chlichem Tempo zu genie\u00dfen und eine besondere Verbindung zu diesen sanften Tieren aufzubauen.<\/p> <p><strong>INFORMATIONEN:<\/strong><br \/> Wann \u2013 Jeden Mittwoch vom 24.06. bis 09.09.<br \/> Uhrzeit \u2013 Von 14:00 bis 16:30 Uhr (je nach Verf\u00fcgbarkeit)<br \/> Treffpunkt \u2013 Parkplatz der Tresca-Sesselbahn (Zutritt NUR f\u00fcr Teilnehmende mit Reservierung)<\/p> <p>Aktivit\u00e4t geeignet f\u00fcr Familien und Kinder.<\/p> <p>Reservierung erforderlich \u2013 klicken Sie <a href='https:\/\/www.visitfiemme.it\/de\/veranstaltungen\/fiemme-cembra-guest-card\/erlebnisse\/erlebnisse-sommer' target='_blank' rel='noopener'>HIER<\/a>, um zu buchen<\/p> \",\"location\":[{\"@type\":\"Place\",\"name\":\"Pampeago\",\"address\":{\"@type\": \"PostalAddress\",\"streetAddress\":\"Localit\u00e0 Pampeago, 8, 38038 Tesero TN\"}}]}<\/script><\/div>\r\n\t\t\t\t<p class=\"desc_trig_outter\" style=\"\"><a data-gmap_status=\"null\" data-exlk=\"0\" style=\"background-color: #38823b;\" id=\"evc_17865360002938\" class=\"hasFtIMG event_repeat desc_trig sin_val evcal_list_a\" data-ux_val=\"3\" data-ux_val_mob=\"-\"  ><span class='evoet_c1 evoet_cx '><span class='ev_ftImg' data-img='https:\/\/latemarium.com\/wp-content\/uploads\/2026\/04\/pony.jpg' data-thumb='https:\/\/latemarium.com\/wp-content\/uploads\/2026\/04\/pony-300x110.jpg' style='background-image:url(\"https:\/\/latemarium.com\/wp-content\/uploads\/2026\/04\/pony-300x110.jpg\")' ><\/span><\/span><span class='evoet_c2 evoet_cx '><span class='evoet_dayblock evcal_cblock ' data-bgcolor='#38823b' data-smon='August' data-syr='2026' data-bub=''><span class='evo_start '><em class='date'>12<\/em><em class='month'>Aug<\/em><em class='time'>14:00<\/em><\/span><span class='evo_end only_time'><em class='time'>16:30<\/em><\/span><\/span><\/span><span class='evoet_c3 evoet_cx evcal_desc hide_eventtopdata '><span class='evoet_title evcal_desc2 evcal_event_title ' itemprop='name'>Unterwegs mit Ponys<\/span><span class='event_location_attrs'  data-location_address=\"Localit\u00e0 Pampeago, 8, 38038 Tesero TN\" data-location_type=\"lonlat\" data-location_name=\"Pampeago\" data-location_url=\"https:\/\/latemarium.com\/de\/event-location\/pampeago-de\/\" data-location_status=\"true\" data-latlng=\"46.34343697644898,11.540997527961546\"><\/span><span class='evoet_subtitle evo_below_title' ><span class='evcal_event_subtitle ' >Familienwanderung<\/span><\/span><span class='evoet_time_expand level_3'><em class='evcal_time evo_tz_time'><i class='fa fa-clock-o'><\/i>14:00 - 16:30<span class='evo_tz marl5'>(GMT+02:00)<\/span><\/em> <\/span><span class='evoet_location level_3'><em class=\"evcal_location\"  data-latlng=\"46.34343697644898,11.540997527961546\" data-add_str=\"Localit\u00e0 Pampeago, 8, 38038 Tesero TN\" data-n=\"Pampeago\"><i class=\"fa fa-location-pin\"><\/i><em class=\"event_location_name\">Pampeago<\/em>, Localit\u00e0 Pampeago, 8, 38038 Tesero TN<\/em><\/span><\/span><span class='evoet_data' data-d=\"{&quot;loc.n&quot;:&quot;Pampeago&quot;,&quot;orgs&quot;:[],&quot;tags&quot;:{&quot;repeating&quot;:&quot;Repeating Event&quot;}}\" data-bgc=\"#38823b\" data-bggrad=\"\" ><\/span><\/a><\/p><div class='event_description evcal_eventcard ' style=\"display:none\"><div class='evocard_row'><div id='event_ftimage' class='evocard_box ftimage' data-c='' \n\t\t\t\t\tstyle=''><div class='evocard_main_image_hold' data-t='Loading Image..'><div class='evocard_main_image evo_img_triglb evobr15 evobgsc evobgpc evodfx evofx_jc_c evofx_ai_c evofz48 minmized' style='height:300px; background-image:url();' data-f=\"https:\/\/latemarium.com\/wp-content\/uploads\/2026\/04\/pony.jpg\" data-h=\"368\" data-w=\"1000\" data-ratio=\"0.368\" data-event_id=\"2938\" data-ri=\"7\"  data-t='Loading Image..'><span style='height:300px; background-image:url(https:\/\/latemarium.com\/wp-content\/uploads\/2026\/04\/pony.jpg)'><\/span><\/div><\/div><\/div><\/div><div class='evocard_row'><div id='event_eventdetails' class='evocard_box eventdetails' data-c='' \n\t\t\t\t\tstyle=''><div class='evo_metarow_details evorow evcal_evdata_row evcal_event_details'>\n\t\t<div class=\"event_excerpt\" style=\"display:none\"><h3 class=\"padb5 evo_h3\">Details zur Veranstaltung<\/h3><p>Ein angenehmer Spaziergang zur Entdeckung der Landschaften von Pampeago, begleitet von freundlichen Ponys, die Kinder und Familien sicher entlang der Route f\u00fchren.\nEin entspannendes und unterhaltsames Erlebnis \u2013 ideal, um die<\/p><\/div><span class='evcal_evdata_icons'><i class='fa fa-align-justify'><\/i><\/span>\n\t\t\n\t\t<div class='evcal_evdata_cell shorter_desc'>\n\t\t\t<div class='eventon_full_description'>\n\t\t\t\t<h3 class='padb5 evo_h3'><span class='evcal_evdata_icons'><i class='fa fa-align-justify'><\/i><\/span>Details zur Veranstaltung<\/h3>\n\t\t\t\t<div class='eventon_desc_in' itemprop='description'>\n\t\t\t\t<p>Ein angenehmer Spaziergang zur Entdeckung der Landschaften von Pampeago, begleitet von freundlichen Ponys, die Kinder und Familien sicher entlang der Route f\u00fchren.<\/p>\n<p>Ein entspannendes und unterhaltsames Erlebnis \u2013 ideal, um die Bergwelt in gem\u00e4chlichem Tempo zu genie\u00dfen und eine besondere Verbindung zu diesen sanften Tieren aufzubauen.<\/p>\n<p><strong>INFORMATIONEN:<\/strong><br \/>\nWann \u2013 Jeden Mittwoch vom 24.06. bis 09.09.<br \/>\nUhrzeit \u2013 Von 14:00 bis 16:30 Uhr (je nach Verf\u00fcgbarkeit)<br \/>\nTreffpunkt \u2013 Parkplatz der Tresca-Sesselbahn (Zutritt NUR f\u00fcr Teilnehmende mit Reservierung)<\/p>\n<p>Aktivit\u00e4t geeignet f\u00fcr Familien und Kinder.<\/p>\n<p>Reservierung erforderlich \u2013 klicken Sie <a href=\"https:\/\/www.visitfiemme.it\/de\/veranstaltungen\/fiemme-cembra-guest-card\/erlebnisse\/erlebnisse-sommer\" target=\"_blank\" rel=\"noopener\">HIER<\/a>, um zu buchen<\/p>\n<\/div><p class='eventon_shad_p' style='padding:5px 0 0; margin:0'>\n\t\t\t<span class='evcal_btn evo_btn_secondary evobtn_details_show_more' content='less'>\n\t\t\t\t<span class='ev_more_text' data-txt='Weniger'>Mehr<\/span><span class='ev_more_arrow ard'><\/span>\n\t\t\t<\/span>\n\t\t<\/p><div class='clear'><\/div>\n\t\t\t<\/div>\n\t\t<\/div>\n\t<\/div><\/div><\/div><div class='evocard_row bx2 bx'><div id='event_time' class='evocard_box time' data-c='' \n\t\t\t\t\tstyle=''><div class='evo_metarow_time evorow evcal_evdata_row evcal_evrow_sm '>\n\t\t<span class='evcal_evdata_icons'><i class='fa fa-clock'><\/i><\/span>\n\t\t<div class='evcal_evdata_cell'>\t\t\t\t\t\t\t\n\t\t\t<h3 class='evo_h3'><span class='evcal_evdata_icons'><i class='fa fa-clock'><\/i><\/span>Zeitplan<\/h3><p><span class='evo_eventcard_time_t'>12 August 2026 14:00 - 16:30<\/span><span class='evo_tz marr5'>(GMT+02:00)<\/span><\/p>\n\t\t<\/div>\n\t<\/div><\/div><div id='event_location' class='evocard_box location' data-c='' \n\t\t\t\t\tstyle=''><div class='evcal_evdata_row evo_metarow_time_location evorow '>\n\t\t\n\t\t\t<span class='evcal_evdata_icons'><i class='fa fa-map-marker'><\/i><\/span>\n\t\t\t<div class='evcal_evdata_cell' data-loc_tax_id='32'><h3 class='evo_h3 evodfx'><span class='evcal_evdata_icons'><i class='fa fa-map-marker'><\/i><\/span>Ort<\/h3><p class='evo_location_name'>Pampeago<\/p><p class='evo_location_address evodfxi evogap10'>Localit\u00e0 Pampeago, 8, 38038 Tesero TN<\/p><div class='padt10'><span class='evo_btn_arr evolb_trigger' data-lbvals=\"{&quot;lbc&quot;:&quot;evo_location_lb_32&quot;,&quot;lbac&quot;:&quot;lb_max&quot;,&quot;t&quot;:&quot;Pampeago&quot;,&quot;ajax&quot;:&quot;yes&quot;,&quot;ajax_type&quot;:&quot;endpoint&quot;,&quot;ajax_action&quot;:&quot;eventon_get_tax_card_content&quot;,&quot;end&quot;:&quot;client&quot;,&quot;d&quot;:{&quot;lang&quot;:&quot;L2&quot;,&quot;term_id&quot;:32,&quot;tax&quot;:&quot;event_location&quot;,&quot;load_lbcontent&quot;:true},&quot;uid&quot;:&quot;eventon_get_tax_card_content&quot;}\" >Other Events<i class='fa fa-chevron-right'><\/i><\/span><\/div><\/div>\n\t\t\n\t<\/div><\/div><\/div><div class='evocard_row'><div id='event_addtocal' class='evocard_box addtocal' data-c='' \n\t\t\t\t\tstyle=''><div class='evo_metarow_ICS evorow evcal_evdata_row'>\n\t\t\t<span class='evcal_evdata_icons'><i class='fa fa-calendar-o'><\/i><\/span>\n\t\t\t<div class='evcal_evdata_cell'>\n\t\t\t\t<p><a href='https:\/\/latemarium.com\/de\/export-events\/2938_7\/?nonce=7b34e59f7d' class='evo_ics_nCal' title='Zu Ihrem Kalender hinzuf\u00fcgen'>Kalender<\/a><a href='https:\/\/www.google.com\/calendar\/event?action=TEMPLATE&text=Unterwegs+mit+Ponys&dates=20260812T120000Z%2F20260812T143000Z&ctz=Europe%2FRome&details=Unterwegs mit Ponys&location=Pampeago+Localit%C3%A0+Pampeago%2C+8%2C+38038+Tesero+TN' target='_blank' class='evo_ics_gCal' title='Zu Google Kalender hinzuf\u00fcgen'>GoogleCal<\/a><\/p>\t\n\t\t\t<\/div>\n\t\t<\/div><\/div><\/div><div class='evocard_row'><div id='event_getdirection' class='evocard_box getdirection' data-c='' \n\t\t\t\t\tstyle=''><div class='evo_metarow_getDr evorow evcal_evdata_row evcal_evrow_sm getdirections'>\n\t\t<form action='https:\/\/maps.google.com\/maps' method='get' target='_blank'>\n\t\t\t<input type='hidden' name='daddr' value=\"Localit\u00e0 Pampeago, 8, 38038 Tesero TN\"\/> \n\t\t\t<div class='evo_get_direction_content evo_fx_dr_r evogap10'>\n\t\t\t\t<span class='evogetdir_header evodfx evofx_dr_r evofx_ai_c marr10'>\n\t\t\t\t\t<i class='mainicon fa fa-road'><\/i> \n\t\t\t\t\t<h3 class='evo_h3' style='padding-bottom:5px;'>Wegbeschreibung abrufen<\/h3>\n\t\t\t\t<\/span>\n\t\t\t\t<span class='evogetdir_field evodfx evofx_1_1 evo_fx_dr_c evow100p'>\t\t\t\t\t\n\t\t\t\t\t<input class='evoInput evotac' type='text' name='saddr' placeholder='&quot;Geben Sie die Adresse ein' value='' style='margin:10px 0;'\/>\n\t\t\t\t<\/span>\n\t\t\t\t<button type='submit' class='evo_get_direction_button evo_btn_arr_circ dfx fx_ai_c' title='&quot;Klicken Sie hier'><i class='fa fa-chevron-right'><\/i> <\/button>\n\t\t\t<\/div>\n\t\t<\/form>\n\t<\/div><\/div><\/div><div class='evo_card_row_end evcal_close' title='Schlie\u00dfen'><\/div><\/div><div class='clear end'><\/div><\/div><div id=\"event_2845_6\" class=\"eventon_list_event evo_eventtop scheduled  event clrD no_et event_2845_6\" data-event_id=\"2845\" data-ri=\"6r\" data-time=\"1786604400-1786658340\" data-colr=\"#38823b\" itemscope itemtype='http:\/\/schema.org\/Event'><div class=\"evo_event_schema\" style=\"display:none\" ><a itemprop='url'  href='https:\/\/latemarium.com\/de\/events\/escursione-in-montagna-al-rifugio-torre-di-pisa\/var\/ri-6.l-L2'><\/a><meta itemprop='image' content=\"https:\/\/latemarium.com\/wp-content\/uploads\/2025\/05\/escursione-torre-di-pisa-obereggen.jpg\" \/><meta itemprop='startDate' content=\"2026-8-13T09:00+0:00\" \/><meta itemprop='endDate' content=\"2026-8-13T23:59+0:00\" \/><meta itemprop='eventStatus' content=\"https:\/\/schema.org\/EventScheduled\" \/><meta itemprop='eventAttendanceMode'   itemscope itemtype=\"https:\/\/schema.org\/OfflineEventAttendanceMode\"\/><div style=\"display:none\" itemprop=\"location\" itemscope itemtype=\"http:\/\/schema.org\/Place\"><span itemprop=\"name\">Talstation Obereggen<\/span><span itemprop=\"address\" itemscope itemtype=\"http:\/\/schema.org\/PostalAddress\"><item itemprop=\"streetAddress\">Obereggen 16 I-39050 Deutschnofen (BZ)<\/item><\/span><\/div><script type=\"application\/ld+json\">{\"@context\": \"http:\/\/schema.org\",\"@type\": \"Event\",\n\t\t\t\t\"@id\": \"event_2845_6\",\n\t\t\t\t\"eventAttendanceMode\":\"https:\/\/schema.org\/OfflineEventAttendanceMode\",\n\t\t\t\t\"eventStatus\":\"https:\/\/schema.org\/EventScheduled\",\n\t\t\t\t\"name\": \"Gipfelwanderung zur Latemarh\u00fctte\",\n\t\t\t\t\"url\": \"https:\/\/latemarium.com\/de\/events\/escursione-in-montagna-al-rifugio-torre-di-pisa\/var\/ri-6.l-L2\",\n\t\t\t\t\"startDate\": \"2026-8-13T09:00+0:00\",\n\t\t\t\t\"endDate\": \"2026-8-13T23:59+0:00\",\n\t\t\t\t\"image\":\"https:\/\/latemarium.com\/wp-content\/uploads\/2025\/05\/escursione-torre-di-pisa-obereggen.jpg\", \n\t\t\t\t\"description\":\"<p>Mittelschwere bis schwere, anspruchsvolle Bergwanderung im hochalpinen Gel\u00e4nde im s\u00fcdlichen Latemar- Massiv. Beeindruckende Rundsicht auf die umliegende Bergwelt.<\/p> <p>Route: Auffahrt mit dem Oberholz-Sessellift (1550\u20132100 m) \u2013 Aufstieg auf Weg 18 \u2013 Aussichtsplattform \u2013 Gamsstallscharte (2560 m) \u2013 Weg 516 \u2013 Pisah\u00fctte\/Latemarh\u00fctte (2671 m). Einkehr. Abstieg Weg 516 und Weg 22 \u2013 Bergstation Sessellift Oberholz \u2013 R\u00fcckfahrt.<\/p> <p>Start: 09.00 Uhr in Obereggen<br \/> R\u00fcckkehr: 16.00 Uhr<br \/> Dauer: 7 h | Gehzeit: 6 h<br \/> H\u00f6henunterschied: 750 m<br \/> Schwierigkeit: schwer, anspruchsvoll | Anforderungen: Ausdauer, Trittsicherheit und Schwindelfreiheit |mit Einkehr | die Mitnahme von geeignetem Tourenproviant wird empfohlen<br \/> Sessellift Oberholz: 21,50 \u20ac\/Erwachsene \u2013 17,50 \u20ac\/Junior<\/p> \",\"location\":[{\"@type\":\"Place\",\"name\":\"Talstation Obereggen\",\"address\":{\"@type\": \"PostalAddress\",\"streetAddress\":\"Obereggen 16 I-39050 Deutschnofen (BZ)\"}}]}<\/script><\/div>\r\n\t\t\t\t<p class=\"desc_trig_outter\" style=\"\"><a data-gmtrig=\"1\" data-exlk=\"0\" style=\"background-color: #38823b;\" id=\"evc_17866044002845\" class=\"hasFtIMG event_repeat desc_trig sin_val evcal_list_a\" data-ux_val=\"3\" data-ux_val_mob=\"-\"  ><span class='evoet_c1 evoet_cx '><span class='ev_ftImg' data-img='https:\/\/latemarium.com\/wp-content\/uploads\/2025\/05\/escursione-torre-di-pisa-obereggen.jpg' data-thumb='https:\/\/latemarium.com\/wp-content\/uploads\/2025\/05\/escursione-torre-di-pisa-obereggen-300x182.jpg' style='background-image:url(\"https:\/\/latemarium.com\/wp-content\/uploads\/2025\/05\/escursione-torre-di-pisa-obereggen-300x182.jpg\")' ><\/span><\/span><span class='evoet_c2 evoet_cx '><span class='evoet_dayblock evcal_cblock ' data-bgcolor='#38823b' data-smon='August' data-syr='2026' data-bub=''><span class='evo_start '><em class='date'>13<\/em><em class='month'>Aug<\/em><em class='time'>09:00<\/em><\/span><\/span><\/span><span class='evoet_c3 evoet_cx evcal_desc hide_eventtopdata '><span class='evoet_title evcal_desc2 evcal_event_title ' itemprop='name'>Gipfelwanderung zur Latemarh\u00fctte<\/span><span class='event_location_attrs'  data-location_address=\"Obereggen 16 I-39050 Deutschnofen (BZ)\" data-location_type=\"lonlat\" data-location_name=\"Talstation Obereggen\" data-location_url=\"https:\/\/latemarium.com\/de\/event-location\/talstation-obereggen\/\" data-location_status=\"true\" data-latlng=\"46.3835808246333,11.52667595881786\"><\/span><span class='evoet_subtitle evo_below_title' ><span class='evcal_event_subtitle ' >Gipfelwanderung <\/span><\/span><span class='evoet_time_expand level_3'><em class='evcal_time evo_tz_time'><i class='fa fa-clock-o'><\/i>09:00<span class='evo_tz marl5'>(GMT+02:00)<\/span><\/em> <\/span><span class='evoet_location level_3'><em class=\"evcal_location\"  data-latlng=\"46.3835808246333,11.52667595881786\" data-add_str=\"Obereggen 16 I-39050 Deutschnofen (BZ)\" data-n=\"Talstation Obereggen\"><i class=\"fa fa-location-pin\"><\/i><em class=\"event_location_name\">Talstation Obereggen<\/em>, Obereggen 16 I-39050 Deutschnofen (BZ)<\/em><\/span><\/span><span class='evoet_data' data-d=\"{&quot;loc.n&quot;:&quot;Talstation Obereggen&quot;,&quot;orgs&quot;:[],&quot;tags&quot;:{&quot;repeating&quot;:&quot;Repeating Event&quot;}}\" data-bgc=\"#38823b\" data-bggrad=\"\" ><\/span><\/a><\/p><div class='event_description evcal_eventcard ' style=\"display:none\"><div class='evocard_row'><div id='event_ftimage' class='evocard_box ftimage' data-c='' \n\t\t\t\t\tstyle=''><div class='evocard_main_image_hold' data-t='Loading Image..'><div class='evocard_main_image evo_img_triglb evobr15 evobgsc evobgpc evodfx evofx_jc_c evofx_ai_c evofz48 minmized' style='height:300px; background-image:url();' data-f=\"https:\/\/latemarium.com\/wp-content\/uploads\/2025\/05\/escursione-torre-di-pisa-obereggen.jpg\" data-h=\"755\" data-w=\"1245\" data-ratio=\"0.60642570281124\" data-event_id=\"2845\" data-ri=\"6\"  data-t='Loading Image..'><span style='height:300px; background-image:url(https:\/\/latemarium.com\/wp-content\/uploads\/2025\/05\/escursione-torre-di-pisa-obereggen.jpg)'><\/span><\/div><\/div><\/div><\/div><div class='evocard_row'><div id='event_eventdetails' class='evocard_box eventdetails' data-c='' \n\t\t\t\t\tstyle=''><div class='evo_metarow_details evorow evcal_evdata_row evcal_event_details'>\n\t\t<div class=\"event_excerpt\" style=\"display:none\"><h3 class=\"padb5 evo_h3\">Details zur Veranstaltung<\/h3><p>Mittelschwere bis schwere, anspruchsvolle Bergwanderung im hochalpinen Gel\u00e4nde im s\u00fcdlichen Latemar- Massiv. Beeindruckende Rundsicht auf die umliegende Bergwelt.\nRoute: Auffahrt mit dem Oberholz-Sessellift (1550\u20132100 m) \u2013 Aufstieg auf Weg 18 \u2013<\/p><\/div><span class='evcal_evdata_icons'><i class='fa fa-align-justify'><\/i><\/span>\n\t\t\n\t\t<div class='evcal_evdata_cell shorter_desc'>\n\t\t\t<div class='eventon_full_description'>\n\t\t\t\t<h3 class='padb5 evo_h3'><span class='evcal_evdata_icons'><i class='fa fa-align-justify'><\/i><\/span>Details zur Veranstaltung<\/h3>\n\t\t\t\t<div class='eventon_desc_in' itemprop='description'>\n\t\t\t\t<p>Mittelschwere bis schwere, anspruchsvolle Bergwanderung im hochalpinen Gel\u00e4nde im s\u00fcdlichen Latemar- Massiv. Beeindruckende Rundsicht auf die umliegende Bergwelt.<\/p>\n<p>Route: Auffahrt mit dem Oberholz-Sessellift (1550\u20132100 m) \u2013 Aufstieg auf Weg 18 \u2013 Aussichtsplattform \u2013 Gamsstallscharte (2560 m) \u2013 Weg 516 \u2013 Pisah\u00fctte\/Latemarh\u00fctte (2671 m). Einkehr. Abstieg Weg 516 und Weg 22 \u2013 Bergstation Sessellift Oberholz \u2013 R\u00fcckfahrt.<\/p>\n<p>Start: 09.00 Uhr in Obereggen<br \/>\nR\u00fcckkehr: 16.00 Uhr<br \/>\nDauer: 7 h | Gehzeit: 6 h<br \/>\nH\u00f6henunterschied: 750 m<br \/>\nSchwierigkeit: schwer, anspruchsvoll | Anforderungen: Ausdauer, Trittsicherheit und Schwindelfreiheit |mit Einkehr | die Mitnahme von geeignetem Tourenproviant wird empfohlen<br \/>\nSessellift Oberholz: 21,50 \u20ac\/Erwachsene \u2013 17,50 \u20ac\/Junior<\/p>\n<\/div><p class='eventon_shad_p' style='padding:5px 0 0; margin:0'>\n\t\t\t<span class='evcal_btn evo_btn_secondary evobtn_details_show_more' content='less'>\n\t\t\t\t<span class='ev_more_text' data-txt='Weniger'>Mehr<\/span><span class='ev_more_arrow ard'><\/span>\n\t\t\t<\/span>\n\t\t<\/p><div class='clear'><\/div>\n\t\t\t<\/div>\n\t\t<\/div>\n\t<\/div><\/div><\/div><div class='evocard_row bx2 bx'><div id='event_time' class='evocard_box time' data-c='' \n\t\t\t\t\tstyle=''><div class='evo_metarow_time evorow evcal_evdata_row evcal_evrow_sm '>\n\t\t<span class='evcal_evdata_icons'><i class='fa fa-clock'><\/i><\/span>\n\t\t<div class='evcal_evdata_cell'>\t\t\t\t\t\t\t\n\t\t\t<h3 class='evo_h3'><span class='evcal_evdata_icons'><i class='fa fa-clock'><\/i><\/span>Zeitplan<\/h3><p><span class='evo_eventcard_time_t'>13 August 2026 09:00<\/span><span class='evo_tz marr5'>(GMT+02:00)<\/span><\/p>\n\t\t<\/div>\n\t<\/div><\/div><div id='event_location' class='evocard_box location' data-c='' \n\t\t\t\t\tstyle=''><div class='evcal_evdata_row evo_metarow_time_location evorow '>\n\t\t\n\t\t\t<span class='evcal_evdata_icons'><i class='fa fa-map-marker'><\/i><\/span>\n\t\t\t<div class='evcal_evdata_cell' data-loc_tax_id='23'><h3 class='evo_h3 evodfx'><span class='evcal_evdata_icons'><i class='fa fa-map-marker'><\/i><\/span>Ort<\/h3><p class='evo_location_name'>Talstation Obereggen<\/p><p class='evo_location_address evodfxi evogap10'>Obereggen 16 I-39050 Deutschnofen (BZ)<\/p><div class='padt10'><span class='evo_btn_arr evolb_trigger' data-lbvals=\"{&quot;lbc&quot;:&quot;evo_location_lb_23&quot;,&quot;lbac&quot;:&quot;lb_max&quot;,&quot;t&quot;:&quot;Talstation Obereggen&quot;,&quot;ajax&quot;:&quot;yes&quot;,&quot;ajax_type&quot;:&quot;endpoint&quot;,&quot;ajax_action&quot;:&quot;eventon_get_tax_card_content&quot;,&quot;end&quot;:&quot;client&quot;,&quot;d&quot;:{&quot;lang&quot;:&quot;L2&quot;,&quot;term_id&quot;:23,&quot;tax&quot;:&quot;event_location&quot;,&quot;load_lbcontent&quot;:true},&quot;uid&quot;:&quot;eventon_get_tax_card_content&quot;}\" >Other Events<i class='fa fa-chevron-right'><\/i><\/span><\/div><\/div>\n\t\t\n\t<\/div><\/div><\/div><div class='evocard_row bx2 bx'><div id='event_learnmore' class='evocard_box learnmore' data-c='' \n\t\t\t\t\tstyle=''><div class='evo_metarow_learnM evo_metarow_learnmore evorow'>\n\t\t\t\t\t\t\t<a class='evcal_evdata_row evo_clik_row ' href='https:\/\/eggental.com\/de\/event\/gipfelwanderung-zur-latemarhtte_11602' target=\"_blank\">\n\t\t\t\t\t\t\t\t<span class='evcal_evdata_icons'><i class='fa fa-link'><\/i><\/span>\n\t\t\t\t\t\t\t\t<h3 class='evo_h3'>Entdecke mehr<\/h3>\n\t\t\t\t\t\t\t<\/a>\n\t\t\t\t\t\t\t<\/div><\/div><div id='event_addtocal' class='evocard_box addtocal' data-c='' \n\t\t\t\t\tstyle=''><div class='evo_metarow_ICS evorow evcal_evdata_row'>\n\t\t\t<span class='evcal_evdata_icons'><i class='fa fa-calendar-o'><\/i><\/span>\n\t\t\t<div class='evcal_evdata_cell'>\n\t\t\t\t<p><a href='https:\/\/latemarium.com\/de\/export-events\/2845_6\/?nonce=7b34e59f7d' class='evo_ics_nCal' title='Zu Ihrem Kalender hinzuf\u00fcgen'>Kalender<\/a><a href='https:\/\/www.google.com\/calendar\/event?action=TEMPLATE&text=Gipfelwanderung+zur+Latemarh%C3%BCtte&dates=20260813T070000Z%2F20260813T215900Z&ctz=Europe%2FRome&details=Gipfelwanderung zur Latemarh\u00fctte&location=Talstation+Obereggen+Obereggen+16+I-39050+Deutschnofen+%28BZ%29' target='_blank' class='evo_ics_gCal' title='Zu Google Kalender hinzuf\u00fcgen'>GoogleCal<\/a><\/p>\t\n\t\t\t<\/div>\n\t\t<\/div><\/div><\/div><div class='evocard_row'><div id='event_getdirection' class='evocard_box getdirection' data-c='' \n\t\t\t\t\tstyle=''><div class='evo_metarow_getDr evorow evcal_evdata_row evcal_evrow_sm getdirections'>\n\t\t<form action='https:\/\/maps.google.com\/maps' method='get' target='_blank'>\n\t\t\t<input type='hidden' name='daddr' value=\"46.3835808246333,11.52667595881786\"\/> \n\t\t\t<div class='evo_get_direction_content evo_fx_dr_r evogap10'>\n\t\t\t\t<span class='evogetdir_header evodfx evofx_dr_r evofx_ai_c marr10'>\n\t\t\t\t\t<i class='mainicon fa fa-road'><\/i> \n\t\t\t\t\t<h3 class='evo_h3' style='padding-bottom:5px;'>Wegbeschreibung abrufen<\/h3>\n\t\t\t\t<\/span>\n\t\t\t\t<span class='evogetdir_field evodfx evofx_1_1 evo_fx_dr_c evow100p'>\t\t\t\t\t\n\t\t\t\t\t<input class='evoInput evotac' type='text' name='saddr' placeholder='&quot;Geben Sie die Adresse ein' value='' style='margin:10px 0;'\/>\n\t\t\t\t<\/span>\n\t\t\t\t<button type='submit' class='evo_get_direction_button evo_btn_arr_circ dfx fx_ai_c' title='&quot;Klicken Sie hier'><i class='fa fa-chevron-right'><\/i> <\/button>\n\t\t\t<\/div>\n\t\t<\/form>\n\t<\/div><\/div><\/div><div class='evo_card_row_end evcal_close' title='Schlie\u00dfen'><\/div><\/div><div class='clear end'><\/div><\/div><div id=\"event_2877_1\" class=\"eventon_list_event evo_eventtop scheduled  event clrW no_et event_2877_1\" data-event_id=\"2877\" data-ri=\"1r\" data-time=\"1786611600-1786658340\" data-colr=\"#a69dcd\" itemscope itemtype='http:\/\/schema.org\/Event'><div class=\"evo_event_schema\" style=\"display:none\" ><a itemprop='url'  href='https:\/\/latemarium.com\/de\/events\/malabarista-2\/var\/ri-1.l-L2'><\/a><meta itemprop='image' content=\"https:\/\/latemarium.com\/wp-content\/uploads\/2025\/05\/malabarista-predazzo.jpg\" \/><meta itemprop='startDate' content=\"2026-8-13T11:00+0:00\" \/><meta itemprop='endDate' content=\"2026-8-13T23:59+0:00\" \/><meta itemprop='eventStatus' content=\"https:\/\/schema.org\/EventScheduled\" \/><meta itemprop='eventAttendanceMode'   itemscope itemtype=\"https:\/\/schema.org\/OfflineEventAttendanceMode\"\/><script type=\"application\/ld+json\">{\"@context\": \"http:\/\/schema.org\",\"@type\": \"Event\",\n\t\t\t\t\"@id\": \"event_2877_1\",\n\t\t\t\t\"eventAttendanceMode\":\"https:\/\/schema.org\/OfflineEventAttendanceMode\",\n\t\t\t\t\"eventStatus\":\"https:\/\/schema.org\/EventScheduled\",\n\t\t\t\t\"name\": \"Malabarista\",\n\t\t\t\t\"url\": \"https:\/\/latemarium.com\/de\/events\/malabarista-2\/var\/ri-1.l-L2\",\n\t\t\t\t\"startDate\": \"2026-8-13T11:00+0:00\",\n\t\t\t\t\"endDate\": \"2026-8-13T23:59+0:00\",\n\t\t\t\t\"image\":\"https:\/\/latemarium.com\/wp-content\/uploads\/2025\/05\/malabarista-predazzo.jpg\", \n\t\t\t\t\"description\":\"<p>Jongleur, Fantast, Equilibrist. Er bietet eine bunte Show, die Familien und Kinder gleicherma\u00dfen unterh\u00e4lt. Er liebt die Gefahr, wie die besten Jongleure. Er verbl\u00fcfft mit unwahrscheinlichen Balanceakten im Dialog mit dem Publikum, aus der H\u00f6he seines riesigen Einrads.<\/p> <p>Donnerstag: 6. und 13. August 2026<br \/> Im Amphitheater in Gardon\u00e8<br \/> um 11.00 Uhr und 14.30 Uhr<\/p> <p>mit\u00a0Cristiano Marin<\/p> \"}<\/script><\/div>\r\n\t\t\t\t<p class=\"desc_trig_outter\" style=\"\"><a data-gmap_status=\"null\" data-exlk=\"0\" style=\"background-color: #a69dcd;\" id=\"evc_17866116002877\" class=\"hasFtIMG event_repeat desc_trig sin_val evcal_list_a\" data-ux_val=\"3\" data-ux_val_mob=\"-\"  ><span class='evoet_c1 evoet_cx '><span class='ev_ftImg' data-img='https:\/\/latemarium.com\/wp-content\/uploads\/2025\/05\/malabarista-predazzo.jpg' data-thumb='https:\/\/latemarium.com\/wp-content\/uploads\/2025\/05\/malabarista-predazzo-300x199.jpg' style='background-image:url(\"https:\/\/latemarium.com\/wp-content\/uploads\/2025\/05\/malabarista-predazzo-300x199.jpg\")' ><\/span><\/span><span class='evoet_c2 evoet_cx '><span class='evoet_dayblock evcal_cblock ' data-bgcolor='#a69dcd' data-smon='August' data-syr='2026' data-bub=''><span class='evo_start '><em class='date'>13<\/em><em class='month'>Aug<\/em><em class='time'>11:00<\/em><\/span><\/span><\/span><span class='evoet_c3 evoet_cx evcal_desc hide_eventtopdata '><span class='evoet_title evcal_desc2 evcal_event_title ' itemprop='name'>Malabarista<\/span><span class='event_location_attrs' data-location_type=\"lonlat\" data-location_name=\"Anfiteatro Gardon\u00e8\" data-location_url=\"https:\/\/latemarium.com\/de\/event-location\/anfiteatro-gardone-de\/\" data-location_status=\"true\" data-latlng=\"46.32878794406342,11.600176728690842\"><\/span><span class='evoet_subtitle evo_below_title' ><span class='evcal_event_subtitle ' >Amphitheater von Gardon\u00e8<\/span><\/span><span class='evoet_time_expand level_3'><em class='evcal_time evo_tz_time'><i class='fa fa-clock-o'><\/i>11:00<span class='evo_tz marl5'>(GMT+02:00)<\/span><\/em> <\/span><span class='evoet_location level_3'><em class=\"evcal_location\"  data-latlng=\"46.32878794406342,11.600176728690842\" data-add_str=\"\" data-n=\"Anfiteatro Gardon\u00e8\"><i class=\"fa fa-location-pin\"><\/i><em class=\"event_location_name\">Anfiteatro Gardon\u00e8<\/em><\/em><\/span><\/span><span class='evoet_data' data-d=\"{&quot;loc.n&quot;:&quot;Anfiteatro Gardon\\u00e8&quot;,&quot;orgs&quot;:[],&quot;tags&quot;:{&quot;repeating&quot;:&quot;Repeating Event&quot;}}\" data-bgc=\"#a69dcd\" data-bggrad=\"\" ><\/span><\/a><\/p><div class='event_description evcal_eventcard ' style=\"display:none\"><div class='evocard_row'><div id='event_ftimage' class='evocard_box ftimage' data-c='' \n\t\t\t\t\tstyle=''><div class='evocard_main_image_hold' data-t='Loading Image..'><div class='evocard_main_image evo_img_triglb evobr15 evobgsc evobgpc evodfx evofx_jc_c evofx_ai_c evofz48 minmized' style='height:300px; background-image:url();' data-f=\"https:\/\/latemarium.com\/wp-content\/uploads\/2025\/05\/malabarista-predazzo.jpg\" data-h=\"509\" data-w=\"768\" data-ratio=\"0.66276041666667\" data-event_id=\"2877\" data-ri=\"1\"  data-t='Loading Image..'><span style='height:300px; background-image:url(https:\/\/latemarium.com\/wp-content\/uploads\/2025\/05\/malabarista-predazzo.jpg)'><\/span><\/div><\/div><\/div><\/div><div class='evocard_row'><div id='event_eventdetails' class='evocard_box eventdetails' data-c='' \n\t\t\t\t\tstyle=''><div class='evo_metarow_details evorow evcal_evdata_row evcal_event_details'>\n\t\t<div class=\"event_excerpt\" style=\"display:none\"><h3 class=\"padb5 evo_h3\">Details zur Veranstaltung<\/h3><p>Jongleur, Fantast, Equilibrist. Er bietet eine bunte Show, die Familien und Kinder gleicherma\u00dfen unterh\u00e4lt. Er liebt die Gefahr, wie die besten Jongleure. Er verbl\u00fcfft mit unwahrscheinlichen Balanceakten im Dialog mit<\/p><\/div><span class='evcal_evdata_icons'><i class='fa fa-align-justify'><\/i><\/span>\n\t\t\n\t\t<div class='evcal_evdata_cell '>\n\t\t\t<div class='eventon_full_description'>\n\t\t\t\t<h3 class='padb5 evo_h3'><span class='evcal_evdata_icons'><i class='fa fa-align-justify'><\/i><\/span>Details zur Veranstaltung<\/h3>\n\t\t\t\t<div class='eventon_desc_in' itemprop='description'>\n\t\t\t\t<p>Jongleur, Fantast, Equilibrist. Er bietet eine bunte Show, die Familien und Kinder gleicherma\u00dfen unterh\u00e4lt. Er liebt die Gefahr, wie die besten Jongleure. Er verbl\u00fcfft mit unwahrscheinlichen Balanceakten im Dialog mit dem Publikum, aus der H\u00f6he seines riesigen Einrads.<\/p>\n<p>Donnerstag: 6. und 13. August 2026<br \/>\nIm Amphitheater in Gardon\u00e8<br \/>\num 11.00 Uhr und 14.30 Uhr<\/p>\n<p>mit\u00a0Cristiano Marin<\/p>\n<\/div><div class='clear'><\/div>\n\t\t\t<\/div>\n\t\t<\/div>\n\t<\/div><\/div><\/div><div class='evocard_row bx2 bx'><div id='event_time' class='evocard_box time' data-c='' \n\t\t\t\t\tstyle=''><div class='evo_metarow_time evorow evcal_evdata_row evcal_evrow_sm '>\n\t\t<span class='evcal_evdata_icons'><i class='fa fa-clock'><\/i><\/span>\n\t\t<div class='evcal_evdata_cell'>\t\t\t\t\t\t\t\n\t\t\t<h3 class='evo_h3'><span class='evcal_evdata_icons'><i class='fa fa-clock'><\/i><\/span>Zeitplan<\/h3><p><span class='evo_eventcard_time_t'>13 August 2026 11:00<\/span><span class='evo_tz marr5'>(GMT+02:00)<\/span><\/p>\n\t\t<\/div>\n\t<\/div><\/div><div id='event_location' class='evocard_box location' data-c='' \n\t\t\t\t\tstyle=''><div class='evcal_evdata_row evo_metarow_time_location evorow '>\n\t\t\n\t\t\t<span class='evcal_evdata_icons'><i class='fa fa-map-marker'><\/i><\/span>\n\t\t\t<div class='evcal_evdata_cell' data-loc_tax_id='47'><h3 class='evo_h3 evodfx'><span class='evcal_evdata_icons'><i class='fa fa-map-marker'><\/i><\/span>Ort<\/h3><p class='evo_location_name'>Anfiteatro Gardon\u00e8<\/p><div class='padt10'><span class='evo_btn_arr evolb_trigger' data-lbvals=\"{&quot;lbc&quot;:&quot;evo_location_lb_47&quot;,&quot;lbac&quot;:&quot;lb_max&quot;,&quot;t&quot;:&quot;Anfiteatro Gardon\\u00e8&quot;,&quot;ajax&quot;:&quot;yes&quot;,&quot;ajax_type&quot;:&quot;endpoint&quot;,&quot;ajax_action&quot;:&quot;eventon_get_tax_card_content&quot;,&quot;end&quot;:&quot;client&quot;,&quot;d&quot;:{&quot;lang&quot;:&quot;L2&quot;,&quot;term_id&quot;:47,&quot;tax&quot;:&quot;event_location&quot;,&quot;load_lbcontent&quot;:true},&quot;uid&quot;:&quot;eventon_get_tax_card_content&quot;}\" >Other Events<i class='fa fa-chevron-right'><\/i><\/span><\/div><\/div>\n\t\t\n\t<\/div><\/div><\/div><div class='evocard_row bx2 bx'><div id='event_learnmore' class='evocard_box learnmore' data-c='' \n\t\t\t\t\tstyle=''><div class='evo_metarow_learnM evo_metarow_learnmore evorow'>\n\t\t\t\t\t\t\t<a class='evcal_evdata_row evo_clik_row ' href='https:\/\/www.montagnanimata.it\/de\/spektakel\/' target=\"_blank\">\n\t\t\t\t\t\t\t\t<span class='evcal_evdata_icons'><i class='fa fa-link'><\/i><\/span>\n\t\t\t\t\t\t\t\t<h3 class='evo_h3'>Entdecke mehr<\/h3>\n\t\t\t\t\t\t\t<\/a>\n\t\t\t\t\t\t\t<\/div><\/div><div id='event_addtocal' class='evocard_box addtocal' data-c='' \n\t\t\t\t\tstyle=''><div class='evo_metarow_ICS evorow evcal_evdata_row'>\n\t\t\t<span class='evcal_evdata_icons'><i class='fa fa-calendar-o'><\/i><\/span>\n\t\t\t<div class='evcal_evdata_cell'>\n\t\t\t\t<p><a href='https:\/\/latemarium.com\/de\/export-events\/2877_1\/?nonce=7b34e59f7d' class='evo_ics_nCal' title='Zu Ihrem Kalender hinzuf\u00fcgen'>Kalender<\/a><a href='https:\/\/www.google.com\/calendar\/event?action=TEMPLATE&text=Malabarista&dates=20260813T090000Z%2F20260813T215900Z&ctz=Europe%2FRome&details=Malabarista&location=Anfiteatro+Gardon%C3%A8' target='_blank' class='evo_ics_gCal' title='Zu Google Kalender hinzuf\u00fcgen'>GoogleCal<\/a><\/p>\t\n\t\t\t<\/div>\n\t\t<\/div><\/div><\/div><div class='evocard_row'><div id='event_getdirection' class='evocard_box getdirection' data-c='' \n\t\t\t\t\tstyle=''><div class='evo_metarow_getDr evorow evcal_evdata_row evcal_evrow_sm getdirections'>\n\t\t<form action='https:\/\/maps.google.com\/maps' method='get' target='_blank'>\n\t\t\t<input type='hidden' name='daddr' value=\"46.32878794406342,11.600176728690842\"\/> \n\t\t\t<div class='evo_get_direction_content evo_fx_dr_r evogap10'>\n\t\t\t\t<span class='evogetdir_header evodfx evofx_dr_r evofx_ai_c marr10'>\n\t\t\t\t\t<i class='mainicon fa fa-road'><\/i> \n\t\t\t\t\t<h3 class='evo_h3' style='padding-bottom:5px;'>Wegbeschreibung abrufen<\/h3>\n\t\t\t\t<\/span>\n\t\t\t\t<span class='evogetdir_field evodfx evofx_1_1 evo_fx_dr_c evow100p'>\t\t\t\t\t\n\t\t\t\t\t<input class='evoInput evotac' type='text' name='saddr' placeholder='&quot;Geben Sie die Adresse ein' value='' style='margin:10px 0;'\/>\n\t\t\t\t<\/span>\n\t\t\t\t<button type='submit' class='evo_get_direction_button evo_btn_arr_circ dfx fx_ai_c' title='&quot;Klicken Sie hier'><i class='fa fa-chevron-right'><\/i> <\/button>\n\t\t\t<\/div>\n\t\t<\/form>\n\t<\/div><\/div><\/div><div class='evo_card_row_end evcal_close' title='Schlie\u00dfen'><\/div><\/div><div class='clear end'><\/div><\/div><div id=\"event_2198_7\" class=\"eventon_list_event evo_eventtop scheduled  event clrW event_2198_7\" data-event_id=\"2198\" data-ri=\"7r\" data-time=\"1786633200-1786641300\" data-colr=\"#f78234\" itemscope itemtype='http:\/\/schema.org\/Event'><div class=\"evo_event_schema\" style=\"display:none\" ><a itemprop='url'  href='https:\/\/latemarium.com\/de\/events\/pilyoga\/var\/ri-7.l-L2'><\/a><meta itemprop='image' content=\"https:\/\/latemarium.com\/wp-content\/uploads\/2023\/06\/pilyoga.jpg\" \/><meta itemprop='startDate' content=\"2026-8-13T17:00+0:00\" \/><meta itemprop='endDate' content=\"2026-8-13T19:15+0:00\" \/><meta itemprop='eventStatus' content=\"https:\/\/schema.org\/EventScheduled\" \/><meta itemprop='eventAttendanceMode'   itemscope itemtype=\"https:\/\/schema.org\/OfflineEventAttendanceMode\"\/><div style=\"display:none\" itemprop=\"location\" itemscope itemtype=\"http:\/\/schema.org\/Place\"><span itemprop=\"name\">Pampeago<\/span><span itemprop=\"address\" itemscope itemtype=\"http:\/\/schema.org\/PostalAddress\"><item itemprop=\"streetAddress\">Localit\u00e0 Pampeago, 8, 38038 Tesero TN<\/item><\/span><\/div><script type=\"application\/ld+json\">{\"@context\": \"http:\/\/schema.org\",\"@type\": \"Event\",\n\t\t\t\t\"@id\": \"event_2198_7\",\n\t\t\t\t\"eventAttendanceMode\":\"https:\/\/schema.org\/OfflineEventAttendanceMode\",\n\t\t\t\t\"eventStatus\":\"https:\/\/schema.org\/EventScheduled\",\n\t\t\t\t\"name\": \"PilYoga\",\n\t\t\t\t\"url\": \"https:\/\/latemarium.com\/de\/events\/pilyoga\/var\/ri-7.l-L2\",\n\t\t\t\t\"startDate\": \"2026-8-13T17:00+0:00\",\n\t\t\t\t\"endDate\": \"2026-8-13T19:15+0:00\",\n\t\t\t\t\"image\":\"https:\/\/latemarium.com\/wp-content\/uploads\/2023\/06\/pilyoga.jpg\", \n\t\t\t\t\"description\":\"<p><strong>Jeden Donnerstag vom 25. Juni bis 3. September 2026<\/strong><\/p> <p>Treffen und Abfahrt um 17.00 Uhr mit Lehrerin Elisa (an der Liftkasse)<br \/> Dauer: von 17:00 bis 19:15 Uhr. Aktivit\u00e4t empfohlen f\u00fcr Personen ab 14 Jahren<\/p> <p>Mit der Agnello-Sesselbahn erreichen Sie den Unterrichtsort und k\u00f6nnen nach einem kurzen Spaziergang im direkten Kontakt mit der Natur entspannen und den Kopf frei bekommen. Die Praxis von PilYoga in gro\u00dfer H\u00f6he erm\u00f6glicht eine vollst\u00e4ndige Harmonie mit der Umgebung, weit weg von allen Ger\u00e4uschen des t\u00e4glichen Lebens.<br \/> Sobald Sie die Lektion beendet haben, erwartet Sie im Chalet Caserina ein kleiner Aperitif, um dann mit einem kurzen Spaziergang zu Fu\u00df wieder hinunterzugehen.<br \/> <em>Bei schlechtem Wetter KEINE Aktivit\u00e4t geplant<\/em><\/p> <p>Klicken Sie <a href='https:\/\/www.visitfiemme.it\/de\/veranstaltungen\/fiemme-cembra-guest-card\/erlebnisse\/erlebnisse-sommer' target='_blank' rel='noopener'>hier<\/a> zum Buchen<\/p> \",\"location\":[{\"@type\":\"Place\",\"name\":\"Pampeago\",\"address\":{\"@type\": \"PostalAddress\",\"streetAddress\":\"Localit\u00e0 Pampeago, 8, 38038 Tesero TN\"}}]}<\/script><\/div>\r\n\t\t\t\t<p class=\"desc_trig_outter\" style=\"\"><a data-gmtrig=\"1\" data-exlk=\"0\" style=\"background-color: #f78234;\" id=\"evc_17866332002198\" class=\"hasFtIMG event_repeat desc_trig sin_val evcal_list_a\" data-ux_val=\"3\" data-ux_val_mob=\"-\"  ><span class='evoet_c1 evoet_cx '><span class='ev_ftImg' data-img='https:\/\/latemarium.com\/wp-content\/uploads\/2023\/06\/pilyoga.jpg' data-thumb='https:\/\/latemarium.com\/wp-content\/uploads\/2023\/06\/pilyoga-300x169.jpg' style='background-image:url(\"https:\/\/latemarium.com\/wp-content\/uploads\/2023\/06\/pilyoga-300x169.jpg\")' ><\/span><\/span><span class='evoet_c2 evoet_cx '><span class='evoet_dayblock evcal_cblock ' data-bgcolor='#f78234' data-smon='August' data-syr='2026' data-bub=''><span class='evo_start '><em class='date'>13<\/em><em class='month'>Aug<\/em><em class='time'>17:00<\/em><\/span><span class='evo_end only_time'><em class='time'>19:15<\/em><\/span><\/span><\/span><span class='evoet_c3 evoet_cx evcal_desc hide_eventtopdata '><span class='evoet_title evcal_desc2 evcal_event_title ' itemprop='name'>PilYoga<\/span><span class='event_location_attrs'  data-location_address=\"Localit\u00e0 Pampeago, 8, 38038 Tesero TN\" data-location_type=\"lonlat\" data-location_name=\"Pampeago\" data-location_url=\"https:\/\/latemarium.com\/de\/event-location\/pampeago-de\/\" data-location_status=\"true\" data-latlng=\"46.34343697644898,11.540997527961546\"><\/span><span class='evoet_subtitle evo_below_title' ><span class='evcal_event_subtitle ' >Pilyoga umgeben von den Werken von Respirat<\/span><\/span><span class='evoet_time_expand level_3'><em class='evcal_time evo_tz_time'><i class='fa fa-clock-o'><\/i>17:00 - 19:15<span class='evo_tz marl5'>(GMT+02:00)<\/span><\/em> <\/span><span class='evoet_location level_3'><em class=\"evcal_location\"  data-latlng=\"46.34343697644898,11.540997527961546\" data-add_str=\"Localit\u00e0 Pampeago, 8, 38038 Tesero TN\" data-n=\"Pampeago\"><i class=\"fa fa-location-pin\"><\/i><em class=\"event_location_name\">Pampeago<\/em>, Localit\u00e0 Pampeago, 8, 38038 Tesero TN<\/em><\/span><\/span><span class='evoet_data' data-d=\"{&quot;loc.n&quot;:&quot;Pampeago&quot;,&quot;orgs&quot;:[],&quot;tags&quot;:{&quot;repeating&quot;:&quot;Repeating Event&quot;}}\" data-bgc=\"#f78234\" data-bggrad=\"\" ><\/span><\/a><\/p><div class='event_description evcal_eventcard ' style=\"display:none\"><div class='evocard_row'><div id='event_ftimage' class='evocard_box ftimage' data-c='' \n\t\t\t\t\tstyle=''><div class='evocard_main_image_hold' data-t='Loading Image..'><div class='evocard_main_image evo_img_triglb evobr15 evobgsc evobgpc evodfx evofx_jc_c evofx_ai_c evofz48 minmized' style='height:300px; background-image:url();' data-f=\"https:\/\/latemarium.com\/wp-content\/uploads\/2023\/06\/pilyoga.jpg\" data-h=\"675\" data-w=\"1200\" data-ratio=\"0.5625\" data-event_id=\"2198\" data-ri=\"7\"  data-t='Loading Image..'><span style='height:300px; background-image:url(https:\/\/latemarium.com\/wp-content\/uploads\/2023\/06\/pilyoga.jpg)'><\/span><\/div><\/div><\/div><\/div><div class='evocard_row'><div id='event_eventdetails' class='evocard_box eventdetails' data-c='' \n\t\t\t\t\tstyle=''><div class='evo_metarow_details evorow evcal_evdata_row evcal_event_details'>\n\t\t<div class=\"event_excerpt\" style=\"display:none\"><h3 class=\"padb5 evo_h3\">Details zur Veranstaltung<\/h3><p>Jeden Donnerstag vom 25. Juni bis 3. September 2026\nTreffen und Abfahrt um 17.00 Uhr mit Lehrerin Elisa (an der Liftkasse)\nDauer: von 17:00 bis 19:15 Uhr. Aktivit\u00e4t empfohlen f\u00fcr Personen<\/p><\/div><span class='evcal_evdata_icons'><i class='fa fa-align-justify'><\/i><\/span>\n\t\t\n\t\t<div class='evcal_evdata_cell shorter_desc'>\n\t\t\t<div class='eventon_full_description'>\n\t\t\t\t<h3 class='padb5 evo_h3'><span class='evcal_evdata_icons'><i class='fa fa-align-justify'><\/i><\/span>Details zur Veranstaltung<\/h3>\n\t\t\t\t<div class='eventon_desc_in' itemprop='description'>\n\t\t\t\t<p><strong>Jeden Donnerstag vom 25. Juni bis 3. September 2026<\/strong><\/p>\n<p>Treffen und Abfahrt um 17.00 Uhr mit Lehrerin Elisa (an der Liftkasse)<br \/>\nDauer: von 17:00 bis 19:15 Uhr. Aktivit\u00e4t empfohlen f\u00fcr Personen ab 14 Jahren<\/p>\n<p>Mit der Agnello-Sesselbahn erreichen Sie den Unterrichtsort und k\u00f6nnen nach einem kurzen Spaziergang im direkten Kontakt mit der Natur entspannen und den Kopf frei bekommen. Die Praxis von PilYoga in gro\u00dfer H\u00f6he erm\u00f6glicht eine vollst\u00e4ndige Harmonie mit der Umgebung, weit weg von allen Ger\u00e4uschen des t\u00e4glichen Lebens.<br \/>\nSobald Sie die Lektion beendet haben, erwartet Sie im Chalet Caserina ein kleiner Aperitif, um dann mit einem kurzen Spaziergang zu Fu\u00df wieder hinunterzugehen.<br \/>\n<em>Bei schlechtem Wetter KEINE Aktivit\u00e4t geplant<\/em><\/p>\n<p>Klicken Sie <a href=\"https:\/\/www.visitfiemme.it\/de\/veranstaltungen\/fiemme-cembra-guest-card\/erlebnisse\/erlebnisse-sommer\" target=\"_blank\" rel=\"noopener\">hier<\/a> zum Buchen<\/p>\n<\/div><p class='eventon_shad_p' style='padding:5px 0 0; margin:0'>\n\t\t\t<span class='evcal_btn evo_btn_secondary evobtn_details_show_more' content='less'>\n\t\t\t\t<span class='ev_more_text' data-txt='Weniger'>Mehr<\/span><span class='ev_more_arrow ard'><\/span>\n\t\t\t<\/span>\n\t\t<\/p><div class='clear'><\/div>\n\t\t\t<\/div>\n\t\t<\/div>\n\t<\/div><\/div><\/div><div class='evocard_row bx2 bx'><div id='event_time' class='evocard_box time' data-c='' \n\t\t\t\t\tstyle=''><div class='evo_metarow_time evorow evcal_evdata_row evcal_evrow_sm '>\n\t\t<span class='evcal_evdata_icons'><i class='fa fa-clock'><\/i><\/span>\n\t\t<div class='evcal_evdata_cell'>\t\t\t\t\t\t\t\n\t\t\t<h3 class='evo_h3'><span class='evcal_evdata_icons'><i class='fa fa-clock'><\/i><\/span>Zeitplan<\/h3><p><span class='evo_eventcard_time_t'>13 August 2026 17:00 - 19:15<\/span><span class='evo_tz marr5'>(GMT+02:00)<\/span><\/p>\n\t\t<\/div>\n\t<\/div><\/div><div id='event_location' class='evocard_box location' data-c='' \n\t\t\t\t\tstyle=''><div class='evcal_evdata_row evo_metarow_time_location evorow '>\n\t\t\n\t\t\t<span class='evcal_evdata_icons'><i class='fa fa-map-marker'><\/i><\/span>\n\t\t\t<div class='evcal_evdata_cell' data-loc_tax_id='32'><h3 class='evo_h3 evodfx'><span class='evcal_evdata_icons'><i class='fa fa-map-marker'><\/i><\/span>Ort<\/h3><p class='evo_location_name'>Pampeago<\/p><p class='evo_location_address evodfxi evogap10'>Localit\u00e0 Pampeago, 8, 38038 Tesero TN<\/p><div class='padt10'><span class='evo_btn_arr evolb_trigger' data-lbvals=\"{&quot;lbc&quot;:&quot;evo_location_lb_32&quot;,&quot;lbac&quot;:&quot;lb_max&quot;,&quot;t&quot;:&quot;Pampeago&quot;,&quot;ajax&quot;:&quot;yes&quot;,&quot;ajax_type&quot;:&quot;endpoint&quot;,&quot;ajax_action&quot;:&quot;eventon_get_tax_card_content&quot;,&quot;end&quot;:&quot;client&quot;,&quot;d&quot;:{&quot;lang&quot;:&quot;L2&quot;,&quot;term_id&quot;:32,&quot;tax&quot;:&quot;event_location&quot;,&quot;load_lbcontent&quot;:true},&quot;uid&quot;:&quot;eventon_get_tax_card_content&quot;}\" >Other Events<i class='fa fa-chevron-right'><\/i><\/span><\/div><\/div>\n\t\t\n\t<\/div><\/div><\/div><div class='evocard_row'><div id='event_addtocal' class='evocard_box addtocal' data-c='' \n\t\t\t\t\tstyle=''><div class='evo_metarow_ICS evorow evcal_evdata_row'>\n\t\t\t<span class='evcal_evdata_icons'><i class='fa fa-calendar-o'><\/i><\/span>\n\t\t\t<div class='evcal_evdata_cell'>\n\t\t\t\t<p><a href='https:\/\/latemarium.com\/de\/export-events\/2198_7\/?nonce=7b34e59f7d' class='evo_ics_nCal' title='Zu Ihrem Kalender hinzuf\u00fcgen'>Kalender<\/a><a href='https:\/\/www.google.com\/calendar\/event?action=TEMPLATE&text=PilYoga&dates=20260813T150000Z%2F20260813T171500Z&ctz=Europe%2FRome&details=PilYoga&location=Pampeago+Localit%C3%A0+Pampeago%2C+8%2C+38038+Tesero+TN' target='_blank' class='evo_ics_gCal' title='Zu Google Kalender hinzuf\u00fcgen'>GoogleCal<\/a><\/p>\t\n\t\t\t<\/div>\n\t\t<\/div><\/div><\/div><div class='evocard_row'><div id='event_getdirection' class='evocard_box getdirection' data-c='' \n\t\t\t\t\tstyle=''><div class='evo_metarow_getDr evorow evcal_evdata_row evcal_evrow_sm getdirections'>\n\t\t<form action='https:\/\/maps.google.com\/maps' method='get' target='_blank'>\n\t\t\t<input type='hidden' name='daddr' value=\"Localit\u00e0 Pampeago, 8, 38038 Tesero TN\"\/> \n\t\t\t<div class='evo_get_direction_content evo_fx_dr_r evogap10'>\n\t\t\t\t<span class='evogetdir_header evodfx evofx_dr_r evofx_ai_c marr10'>\n\t\t\t\t\t<i class='mainicon fa fa-road'><\/i> \n\t\t\t\t\t<h3 class='evo_h3' style='padding-bottom:5px;'>Wegbeschreibung abrufen<\/h3>\n\t\t\t\t<\/span>\n\t\t\t\t<span class='evogetdir_field evodfx evofx_1_1 evo_fx_dr_c evow100p'>\t\t\t\t\t\n\t\t\t\t\t<input class='evoInput evotac' type='text' name='saddr' placeholder='&quot;Geben Sie die Adresse ein' value='' style='margin:10px 0;'\/>\n\t\t\t\t<\/span>\n\t\t\t\t<button type='submit' class='evo_get_direction_button evo_btn_arr_circ dfx fx_ai_c' title='&quot;Klicken Sie hier'><i class='fa fa-chevron-right'><\/i> <\/button>\n\t\t\t<\/div>\n\t\t<\/form>\n\t<\/div><\/div><\/div><div class='evo_card_row_end evcal_close' title='Schlie\u00dfen'><\/div><\/div><div class='clear end'><\/div><\/div><div id=\"event_2203_7\" class=\"eventon_list_event evo_eventtop scheduled  event clrD event_2203_7\" data-event_id=\"2203\" data-ri=\"7r\" data-time=\"1786634100-1786641300\" data-colr=\"#ba181d\" itemscope itemtype='http:\/\/schema.org\/Event'><div class=\"evo_event_schema\" style=\"display:none\" ><a itemprop='url'  href='https:\/\/latemarium.com\/de\/events\/e-bike-latemar-tour\/var\/ri-7.l-L2'><\/a><meta itemprop='image' content=\"https:\/\/latemarium.com\/wp-content\/uploads\/2023\/06\/e-bike-tour.jpg\" \/><meta itemprop='startDate' content=\"2026-8-13T17:15+0:00\" \/><meta itemprop='endDate' content=\"2026-8-13T19:15+0:00\" \/><meta itemprop='eventStatus' content=\"https:\/\/schema.org\/EventScheduled\" \/><meta itemprop='eventAttendanceMode'   itemscope itemtype=\"https:\/\/schema.org\/OfflineEventAttendanceMode\"\/><div style=\"display:none\" itemprop=\"location\" itemscope itemtype=\"http:\/\/schema.org\/Place\"><span itemprop=\"name\">Pampeago<\/span><span itemprop=\"address\" itemscope itemtype=\"http:\/\/schema.org\/PostalAddress\"><item itemprop=\"streetAddress\">Localit\u00e0 Pampeago, 8, 38038 Tesero TN<\/item><\/span><\/div><script type=\"application\/ld+json\">{\"@context\": \"http:\/\/schema.org\",\"@type\": \"Event\",\n\t\t\t\t\"@id\": \"event_2203_7\",\n\t\t\t\t\"eventAttendanceMode\":\"https:\/\/schema.org\/OfflineEventAttendanceMode\",\n\t\t\t\t\"eventStatus\":\"https:\/\/schema.org\/EventScheduled\",\n\t\t\t\t\"name\": \"E-Bike Latemar Tour\",\n\t\t\t\t\"url\": \"https:\/\/latemarium.com\/de\/events\/e-bike-latemar-tour\/var\/ri-7.l-L2\",\n\t\t\t\t\"startDate\": \"2026-8-13T17:15+0:00\",\n\t\t\t\t\"endDate\": \"2026-8-13T19:15+0:00\",\n\t\t\t\t\"image\":\"https:\/\/latemarium.com\/wp-content\/uploads\/2023\/06\/e-bike-tour.jpg\", \n\t\t\t\t\"description\":\"<p><strong>Jeden Donnerstag vom 25. Juni bis 3. September 2026<\/strong><\/p> <p>Treffpunkt mit Reisef\u00fchrer Andrea um 17.15 Uhr in Pampeago (an der Liftkasse)<br \/> Dauer: von 17.15 bis 19.15 Uhr<br \/> <em>Maximal 8 Personen.\u00a0<\/em>+16 Jahre<\/p> <p class='p1'>F\u00fcr E-Bike-Begeisterte mit mittlerem Niveau haben wir uns eine Tour zur Entdeckung des Latemars mit atemberaubender Aussicht auf die Umgebung \u00fcberlegt. Es wird eine angenehme Route sein und dank der Tretunterst\u00fctzung k\u00f6nnen Sie den H\u00f6henunterschied bew\u00e4ltigen, der Sie zum Gipfel im Treska-Gebiet f\u00fchrt. Es ist der perfekte Moment des Tages: Der Berg ist leer, Sie k\u00f6nnen die Stille der Natur genie\u00dfen und die Farben der \u201egoldenen Stunde\u201c genie\u00dfen.<br \/> Am Ende Ihrer Tour erwartet Sie im Chalet Caserina ein kleiner \u201eAperitivo\u201c.<br \/> Sie k\u00f6nnen das Fahrrad direkt im Shop von Sport Ventura, direkt unterhalb Ihres Startpunkts, ausleihen.<\/p> <p class='p1'><em>Bei Regen ist keine Aktivit\u00e4t vorgesehen.<\/em><\/p> <p>Klicken Sie <a href='https:\/\/www.visitfiemme.it\/de\/veranstaltungen\/fiemme-cembra-guest-card\/erlebnisse\/erlebnisse-sommer' target='_blank' rel='noopener'>hier<\/a> zum Buchen<\/p> \",\"location\":[{\"@type\":\"Place\",\"name\":\"Pampeago\",\"address\":{\"@type\": \"PostalAddress\",\"streetAddress\":\"Localit\u00e0 Pampeago, 8, 38038 Tesero TN\"}}]}<\/script><\/div>\r\n\t\t\t\t<p class=\"desc_trig_outter\" style=\"\"><a data-gmtrig=\"1\" data-exlk=\"0\" style=\"background-color: #ba181d;\" id=\"evc_17866341002203\" class=\"hasFtIMG event_repeat desc_trig sin_val evcal_list_a\" data-ux_val=\"3\" data-ux_val_mob=\"-\"  ><span class='evoet_c1 evoet_cx '><span class='ev_ftImg' data-img='https:\/\/latemarium.com\/wp-content\/uploads\/2023\/06\/e-bike-tour.jpg' data-thumb='https:\/\/latemarium.com\/wp-content\/uploads\/2023\/06\/e-bike-tour-300x169.jpg' style='background-image:url(\"https:\/\/latemarium.com\/wp-content\/uploads\/2023\/06\/e-bike-tour-300x169.jpg\")' ><\/span><\/span><span class='evoet_c2 evoet_cx '><span class='evoet_dayblock evcal_cblock ' data-bgcolor='#ba181d' data-smon='August' data-syr='2026' data-bub=''><span class='evo_start '><em class='date'>13<\/em><em class='month'>Aug<\/em><em class='time'>17:15<\/em><\/span><span class='evo_end only_time'><em class='time'>19:15<\/em><\/span><\/span><\/span><span class='evoet_c3 evoet_cx evcal_desc hide_eventtopdata '><span class='evoet_title evcal_desc2 evcal_event_title ' itemprop='name'>E-Bike Latemar Tour<\/span><span class='event_location_attrs'  data-location_address=\"Localit\u00e0 Pampeago, 8, 38038 Tesero TN\" data-location_type=\"lonlat\" data-location_name=\"Pampeago\" data-location_url=\"https:\/\/latemarium.com\/de\/event-location\/pampeago-de\/\" data-location_status=\"true\" data-latlng=\"46.34343697644898,11.540997527961546\"><\/span><span class='evoet_subtitle evo_below_title' ><span class='evcal_event_subtitle ' >F\u00fcr E-Bike-Begeisterte<\/span><\/span><span class='evoet_time_expand level_3'><em class='evcal_time evo_tz_time'><i class='fa fa-clock-o'><\/i>17:15 - 19:15<span class='evo_tz marl5'>(GMT+02:00)<\/span><\/em> <\/span><span class='evoet_location level_3'><em class=\"evcal_location\"  data-latlng=\"46.34343697644898,11.540997527961546\" data-add_str=\"Localit\u00e0 Pampeago, 8, 38038 Tesero TN\" data-n=\"Pampeago\"><i class=\"fa fa-location-pin\"><\/i><em class=\"event_location_name\">Pampeago<\/em>, Localit\u00e0 Pampeago, 8, 38038 Tesero TN<\/em><\/span><\/span><span class='evoet_data' data-d=\"{&quot;loc.n&quot;:&quot;Pampeago&quot;,&quot;orgs&quot;:[],&quot;tags&quot;:{&quot;repeating&quot;:&quot;Repeating Event&quot;}}\" data-bgc=\"#ba181d\" data-bggrad=\"\" ><\/span><\/a><\/p><div class='event_description evcal_eventcard ' style=\"display:none\"><div class='evocard_row'><div id='event_ftimage' class='evocard_box ftimage' data-c='' \n\t\t\t\t\tstyle=''><div class='evocard_main_image_hold' data-t='Loading Image..'><div class='evocard_main_image evo_img_triglb evobr15 evobgsc evobgpc evodfx evofx_jc_c evofx_ai_c evofz48 minmized' style='height:300px; background-image:url();' data-f=\"https:\/\/latemarium.com\/wp-content\/uploads\/2023\/06\/e-bike-tour.jpg\" data-h=\"675\" data-w=\"1200\" data-ratio=\"0.5625\" data-event_id=\"2203\" data-ri=\"7\"  data-t='Loading Image..'><span style='height:300px; background-image:url(https:\/\/latemarium.com\/wp-content\/uploads\/2023\/06\/e-bike-tour.jpg)'><\/span><\/div><\/div><\/div><\/div><div class='evocard_row'><div id='event_eventdetails' class='evocard_box eventdetails' data-c='' \n\t\t\t\t\tstyle=''><div class='evo_metarow_details evorow evcal_evdata_row evcal_event_details'>\n\t\t<div class=\"event_excerpt\" style=\"display:none\"><h3 class=\"padb5 evo_h3\">Details zur Veranstaltung<\/h3><p>Jeden Donnerstag vom 25. Juni bis 3. September 2026\nTreffpunkt mit Reisef\u00fchrer Andrea um 17.15 Uhr in Pampeago (an der Liftkasse)\nDauer: von 17.15 bis 19.15 Uhr\nMaximal 8 Personen.\u00a0+16 Jahre<\/p><\/div><span class='evcal_evdata_icons'><i class='fa fa-align-justify'><\/i><\/span>\n\t\t\n\t\t<div class='evcal_evdata_cell shorter_desc'>\n\t\t\t<div class='eventon_full_description'>\n\t\t\t\t<h3 class='padb5 evo_h3'><span class='evcal_evdata_icons'><i class='fa fa-align-justify'><\/i><\/span>Details zur Veranstaltung<\/h3>\n\t\t\t\t<div class='eventon_desc_in' itemprop='description'>\n\t\t\t\t<p><strong>Jeden Donnerstag vom 25. Juni bis 3. September 2026<\/strong><\/p>\n<p>Treffpunkt mit Reisef\u00fchrer Andrea um 17.15 Uhr in Pampeago (an der Liftkasse)<br \/>\nDauer: von 17.15 bis 19.15 Uhr<br \/>\n<em>Maximal 8 Personen.\u00a0<\/em>+16 Jahre<\/p>\n<p class=\"p1\">F\u00fcr E-Bike-Begeisterte mit mittlerem Niveau haben wir uns eine Tour zur Entdeckung des Latemars mit atemberaubender Aussicht auf die Umgebung \u00fcberlegt. Es wird eine angenehme Route sein und dank der Tretunterst\u00fctzung k\u00f6nnen Sie den H\u00f6henunterschied bew\u00e4ltigen, der Sie zum Gipfel im Treska-Gebiet f\u00fchrt. Es ist der perfekte Moment des Tages: Der Berg ist leer, Sie k\u00f6nnen die Stille der Natur genie\u00dfen und die Farben der \u201egoldenen Stunde\u201c genie\u00dfen.<br \/>\nAm Ende Ihrer Tour erwartet Sie im Chalet Caserina ein kleiner \u201eAperitivo\u201c.<br \/>\nSie k\u00f6nnen das Fahrrad direkt im Shop von Sport Ventura, direkt unterhalb Ihres Startpunkts, ausleihen.<\/p>\n<p class=\"p1\"><em>Bei Regen ist keine Aktivit\u00e4t vorgesehen.<\/em><\/p>\n<p>Klicken Sie <a href=\"https:\/\/www.visitfiemme.it\/de\/veranstaltungen\/fiemme-cembra-guest-card\/erlebnisse\/erlebnisse-sommer\" target=\"_blank\" rel=\"noopener\">hier<\/a> zum Buchen<\/p>\n<\/div><p class='eventon_shad_p' style='padding:5px 0 0; margin:0'>\n\t\t\t<span class='evcal_btn evo_btn_secondary evobtn_details_show_more' content='less'>\n\t\t\t\t<span class='ev_more_text' data-txt='Weniger'>Mehr<\/span><span class='ev_more_arrow ard'><\/span>\n\t\t\t<\/span>\n\t\t<\/p><div class='clear'><\/div>\n\t\t\t<\/div>\n\t\t<\/div>\n\t<\/div><\/div><\/div><div class='evocard_row bx2 bx'><div id='event_time' class='evocard_box time' data-c='' \n\t\t\t\t\tstyle=''><div class='evo_metarow_time evorow evcal_evdata_row evcal_evrow_sm '>\n\t\t<span class='evcal_evdata_icons'><i class='fa fa-clock'><\/i><\/span>\n\t\t<div class='evcal_evdata_cell'>\t\t\t\t\t\t\t\n\t\t\t<h3 class='evo_h3'><span class='evcal_evdata_icons'><i class='fa fa-clock'><\/i><\/span>Zeitplan<\/h3><p><span class='evo_eventcard_time_t'>13 August 2026 17:15 - 19:15<\/span><span class='evo_tz marr5'>(GMT+02:00)<\/span><\/p>\n\t\t<\/div>\n\t<\/div><\/div><div id='event_location' class='evocard_box location' data-c='' \n\t\t\t\t\tstyle=''><div class='evcal_evdata_row evo_metarow_time_location evorow '>\n\t\t\n\t\t\t<span class='evcal_evdata_icons'><i class='fa fa-map-marker'><\/i><\/span>\n\t\t\t<div class='evcal_evdata_cell' data-loc_tax_id='32'><h3 class='evo_h3 evodfx'><span class='evcal_evdata_icons'><i class='fa fa-map-marker'><\/i><\/span>Ort<\/h3><p class='evo_location_name'>Pampeago<\/p><p class='evo_location_address evodfxi evogap10'>Localit\u00e0 Pampeago, 8, 38038 Tesero TN<\/p><div class='padt10'><span class='evo_btn_arr evolb_trigger' data-lbvals=\"{&quot;lbc&quot;:&quot;evo_location_lb_32&quot;,&quot;lbac&quot;:&quot;lb_max&quot;,&quot;t&quot;:&quot;Pampeago&quot;,&quot;ajax&quot;:&quot;yes&quot;,&quot;ajax_type&quot;:&quot;endpoint&quot;,&quot;ajax_action&quot;:&quot;eventon_get_tax_card_content&quot;,&quot;end&quot;:&quot;client&quot;,&quot;d&quot;:{&quot;lang&quot;:&quot;L2&quot;,&quot;term_id&quot;:32,&quot;tax&quot;:&quot;event_location&quot;,&quot;load_lbcontent&quot;:true},&quot;uid&quot;:&quot;eventon_get_tax_card_content&quot;}\" >Other Events<i class='fa fa-chevron-right'><\/i><\/span><\/div><\/div>\n\t\t\n\t<\/div><\/div><\/div><div class='evocard_row'><div id='event_addtocal' class='evocard_box addtocal' data-c='' \n\t\t\t\t\tstyle=''><div class='evo_metarow_ICS evorow evcal_evdata_row'>\n\t\t\t<span class='evcal_evdata_icons'><i class='fa fa-calendar-o'><\/i><\/span>\n\t\t\t<div class='evcal_evdata_cell'>\n\t\t\t\t<p><a href='https:\/\/latemarium.com\/de\/export-events\/2203_7\/?nonce=7b34e59f7d' class='evo_ics_nCal' title='Zu Ihrem Kalender hinzuf\u00fcgen'>Kalender<\/a><a href='https:\/\/www.google.com\/calendar\/event?action=TEMPLATE&text=E-Bike+Latemar+Tour&dates=20260813T151500Z%2F20260813T171500Z&ctz=Europe%2FRome&details=E-Bike Latemar Tour&location=Pampeago+Localit%C3%A0+Pampeago%2C+8%2C+38038+Tesero+TN' target='_blank' class='evo_ics_gCal' title='Zu Google Kalender hinzuf\u00fcgen'>GoogleCal<\/a><\/p>\t\n\t\t\t<\/div>\n\t\t<\/div><\/div><\/div><div class='evocard_row'><div id='event_getdirection' class='evocard_box getdirection' data-c='' \n\t\t\t\t\tstyle=''><div class='evo_metarow_getDr evorow evcal_evdata_row evcal_evrow_sm getdirections'>\n\t\t<form action='https:\/\/maps.google.com\/maps' method='get' target='_blank'>\n\t\t\t<input type='hidden' name='daddr' value=\"Localit\u00e0 Pampeago, 8, 38038 Tesero TN\"\/> \n\t\t\t<div class='evo_get_direction_content evo_fx_dr_r evogap10'>\n\t\t\t\t<span class='evogetdir_header evodfx evofx_dr_r evofx_ai_c marr10'>\n\t\t\t\t\t<i class='mainicon fa fa-road'><\/i> \n\t\t\t\t\t<h3 class='evo_h3' style='padding-bottom:5px;'>Wegbeschreibung abrufen<\/h3>\n\t\t\t\t<\/span>\n\t\t\t\t<span class='evogetdir_field evodfx evofx_1_1 evo_fx_dr_c evow100p'>\t\t\t\t\t\n\t\t\t\t\t<input class='evoInput evotac' type='text' name='saddr' placeholder='&quot;Geben Sie die Adresse ein' value='' style='margin:10px 0;'\/>\n\t\t\t\t<\/span>\n\t\t\t\t<button type='submit' class='evo_get_direction_button evo_btn_arr_circ dfx fx_ai_c' title='&quot;Klicken Sie hier'><i class='fa fa-chevron-right'><\/i> <\/button>\n\t\t\t<\/div>\n\t\t<\/form>\n\t<\/div><\/div><\/div><div class='evo_card_row_end evcal_close' title='Schlie\u00dfen'><\/div><\/div><div class='clear end'><\/div><\/div><div id=\"event_2498_7\" class=\"eventon_list_event evo_eventtop scheduled  event clrW no_et event_2498_7\" data-event_id=\"2498\" data-ri=\"7r\" data-time=\"1786692600-1786744740\" data-colr=\"#6baeff\" itemscope itemtype='http:\/\/schema.org\/Event'><div class=\"evo_event_schema\" style=\"display:none\" ><a itemprop='url'  href='https:\/\/latemarium.com\/de\/events\/respirart-kunst-und-schoenheit-schaffen\/var\/ri-7.l-L2'><\/a><meta itemprop='image' content=\"https:\/\/latemarium.com\/wp-content\/uploads\/2021\/05\/respirart-vita-e-bellezza.jpg\" \/><meta itemprop='startDate' content=\"2026-8-14T09:30+0:00\" \/><meta itemprop='endDate' content=\"2026-8-14T23:59+0:00\" \/><meta itemprop='eventStatus' content=\"https:\/\/schema.org\/EventScheduled\" \/><meta itemprop='eventAttendanceMode'   itemscope itemtype=\"https:\/\/schema.org\/OfflineEventAttendanceMode\"\/><div style=\"display:none\" itemprop=\"location\" itemscope itemtype=\"http:\/\/schema.org\/Place\"><span itemprop=\"name\">Pampeago<\/span><span itemprop=\"address\" itemscope itemtype=\"http:\/\/schema.org\/PostalAddress\"><item itemprop=\"streetAddress\">Localit\u00e0 Pampeago, 8, 38038 Tesero TN<\/item><\/span><\/div><script type=\"application\/ld+json\">{\"@context\": \"http:\/\/schema.org\",\"@type\": \"Event\",\n\t\t\t\t\"@id\": \"event_2498_7\",\n\t\t\t\t\"eventAttendanceMode\":\"https:\/\/schema.org\/OfflineEventAttendanceMode\",\n\t\t\t\t\"eventStatus\":\"https:\/\/schema.org\/EventScheduled\",\n\t\t\t\t\"name\": \"Respirart: Kunst und Sch\u00f6nheit schaffen\",\n\t\t\t\t\"url\": \"https:\/\/latemarium.com\/de\/events\/respirart-kunst-und-schoenheit-schaffen\/var\/ri-7.l-L2\",\n\t\t\t\t\"startDate\": \"2026-8-14T09:30+0:00\",\n\t\t\t\t\"endDate\": \"2026-8-14T23:59+0:00\",\n\t\t\t\t\"image\":\"https:\/\/latemarium.com\/wp-content\/uploads\/2021\/05\/respirart-vita-e-bellezza.jpg\", \n\t\t\t\t\"description\":\"<p><strong>Jeden Freitag vom 26. Juni bis 11. September 2026<\/strong><\/p> <p>RespirArt ist ein Umwelt- und Kunstworkshop f\u00fcr alle, ob jung oder alt. Wir werden Kunstwerke auf spielerische Art und Weise entdecken.<br \/> Treffen Sie sich um 9.30 Uhr am Start des Sessellifts Pampeago-Agnello mit dem Kunstf\u00fchrer, der Ihnen die Samen zum \u00dcberfliegen des RespirArt-Parks gibt. Im Rahmen des Kunst-Workshops werden die Kinder mit nat\u00fcrlichen Materialien kleine Kunstwerke an Land schaffen.<\/p> <p>Reservierung erforderlich.<\/p> <p>Klicken Sie <a href='https:\/\/www.visitfiemme.it\/de\/veranstaltungen\/fiemme-cembra-guest-card\/erlebnisse\/erlebnisse-sommer' target='_blank' rel='noopener'>hier<\/a>, zum Buchen.<\/p> \",\"location\":[{\"@type\":\"Place\",\"name\":\"Pampeago\",\"address\":{\"@type\": \"PostalAddress\",\"streetAddress\":\"Localit\u00e0 Pampeago, 8, 38038 Tesero TN\"}}]}<\/script><\/div>\r\n\t\t\t\t<p class=\"desc_trig_outter\" style=\"\"><a data-gmtrig=\"1\" data-exlk=\"0\" style=\"background-color: #6baeff;\" id=\"evc_17866926002498\" class=\"hasFtIMG event_repeat desc_trig sin_val evcal_list_a\" data-ux_val=\"3\" data-ux_val_mob=\"-\"  ><span class='evoet_c1 evoet_cx '><span class='ev_ftImg' data-img='https:\/\/latemarium.com\/wp-content\/uploads\/2021\/05\/respirart-vita-e-bellezza.jpg' data-thumb='https:\/\/latemarium.com\/wp-content\/uploads\/2021\/05\/respirart-vita-e-bellezza-300x201.jpg' style='background-image:url(\"https:\/\/latemarium.com\/wp-content\/uploads\/2021\/05\/respirart-vita-e-bellezza-300x201.jpg\")' ><\/span><\/span><span class='evoet_c2 evoet_cx '><span class='evoet_dayblock evcal_cblock ' data-bgcolor='#6baeff' data-smon='August' data-syr='2026' data-bub=''><span class='evo_start '><em class='date'>14<\/em><em class='month'>Aug<\/em><em class='time'>09:30<\/em><\/span><\/span><\/span><span class='evoet_c3 evoet_cx evcal_desc hide_eventtopdata '><span class='evoet_title evcal_desc2 evcal_event_title ' itemprop='name'>Respirart: Kunst und Sch\u00f6nheit schaffen<\/span><span class='event_location_attrs'  data-location_address=\"Localit\u00e0 Pampeago, 8, 38038 Tesero TN\" data-location_type=\"lonlat\" data-location_name=\"Pampeago\" data-location_url=\"https:\/\/latemarium.com\/de\/event-location\/pampeago-de\/\" data-location_status=\"true\" data-latlng=\"46.34343697644898,11.540997527961546\"><\/span><span class='evoet_subtitle evo_below_title' ><span class='evcal_event_subtitle ' >Kunst-Workshop<\/span><\/span><span class='evoet_time_expand level_3'><em class='evcal_time evo_tz_time'><i class='fa fa-clock-o'><\/i>09:30<span class='evo_tz marl5'>(GMT+02:00)<\/span><\/em> <\/span><span class='evoet_location level_3'><em class=\"evcal_location\"  data-latlng=\"46.34343697644898,11.540997527961546\" data-add_str=\"Localit\u00e0 Pampeago, 8, 38038 Tesero TN\" data-n=\"Pampeago\"><i class=\"fa fa-location-pin\"><\/i><em class=\"event_location_name\">Pampeago<\/em>, Localit\u00e0 Pampeago, 8, 38038 Tesero TN<\/em><\/span><\/span><span class='evoet_data' data-d=\"{&quot;loc.n&quot;:&quot;Pampeago&quot;,&quot;orgs&quot;:[],&quot;tags&quot;:{&quot;repeating&quot;:&quot;Repeating Event&quot;}}\" data-bgc=\"#6baeff\" data-bggrad=\"\" ><\/span><\/a><\/p><div class='event_description evcal_eventcard ' style=\"display:none\"><div class='evocard_row'><div id='event_ftimage' class='evocard_box ftimage' data-c='' \n\t\t\t\t\tstyle=''><div class='evocard_main_image_hold' data-t='Loading Image..'><div class='evocard_main_image evo_img_triglb evobr15 evobgsc evobgpc evodfx evofx_jc_c evofx_ai_c evofz48 minmized' style='height:300px; background-image:url();' data-f=\"https:\/\/latemarium.com\/wp-content\/uploads\/2021\/05\/respirart-vita-e-bellezza.jpg\" data-h=\"602\" data-w=\"899\" data-ratio=\"0.66963292547275\" data-event_id=\"2498\" data-ri=\"7\"  data-t='Loading Image..'><span style='height:300px; background-image:url(https:\/\/latemarium.com\/wp-content\/uploads\/2021\/05\/respirart-vita-e-bellezza.jpg)'><\/span><\/div><\/div><\/div><\/div><div class='evocard_row'><div id='event_eventdetails' class='evocard_box eventdetails' data-c='' \n\t\t\t\t\tstyle=''><div class='evo_metarow_details evorow evcal_evdata_row evcal_event_details'>\n\t\t<div class=\"event_excerpt\" style=\"display:none\"><h3 class=\"padb5 evo_h3\">Details zur Veranstaltung<\/h3><p>Jeden Freitag vom 26. Juni bis 11. September 2026\nRespirArt ist ein Umwelt- und Kunstworkshop f\u00fcr alle, ob jung oder alt. Wir werden Kunstwerke auf spielerische Art und Weise entdecken.\nTreffen<\/p><\/div><span class='evcal_evdata_icons'><i class='fa fa-align-justify'><\/i><\/span>\n\t\t\n\t\t<div class='evcal_evdata_cell shorter_desc'>\n\t\t\t<div class='eventon_full_description'>\n\t\t\t\t<h3 class='padb5 evo_h3'><span class='evcal_evdata_icons'><i class='fa fa-align-justify'><\/i><\/span>Details zur Veranstaltung<\/h3>\n\t\t\t\t<div class='eventon_desc_in' itemprop='description'>\n\t\t\t\t<p><strong>Jeden Freitag vom 26. Juni bis 11. September 2026<\/strong><\/p>\n<p>RespirArt ist ein Umwelt- und Kunstworkshop f\u00fcr alle, ob jung oder alt. Wir werden Kunstwerke auf spielerische Art und Weise entdecken.<br \/>\nTreffen Sie sich um 9.30 Uhr am Start des Sessellifts Pampeago-Agnello mit dem Kunstf\u00fchrer, der Ihnen die Samen zum \u00dcberfliegen des RespirArt-Parks gibt. Im Rahmen des Kunst-Workshops werden die Kinder mit nat\u00fcrlichen Materialien kleine Kunstwerke an Land schaffen.<\/p>\n<p>Reservierung erforderlich.<\/p>\n<p>Klicken Sie <a href=\"https:\/\/www.visitfiemme.it\/de\/veranstaltungen\/fiemme-cembra-guest-card\/erlebnisse\/erlebnisse-sommer\" target=\"_blank\" rel=\"noopener\">hier<\/a>, zum Buchen.<\/p>\n<\/div><p class='eventon_shad_p' style='padding:5px 0 0; margin:0'>\n\t\t\t<span class='evcal_btn evo_btn_secondary evobtn_details_show_more' content='less'>\n\t\t\t\t<span class='ev_more_text' data-txt='Weniger'>Mehr<\/span><span class='ev_more_arrow ard'><\/span>\n\t\t\t<\/span>\n\t\t<\/p><div class='clear'><\/div>\n\t\t\t<\/div>\n\t\t<\/div>\n\t<\/div><\/div><\/div><div class='evocard_row bx2 bx'><div id='event_time' class='evocard_box time' data-c='' \n\t\t\t\t\tstyle=''><div class='evo_metarow_time evorow evcal_evdata_row evcal_evrow_sm '>\n\t\t<span class='evcal_evdata_icons'><i class='fa fa-clock'><\/i><\/span>\n\t\t<div class='evcal_evdata_cell'>\t\t\t\t\t\t\t\n\t\t\t<h3 class='evo_h3'><span class='evcal_evdata_icons'><i class='fa fa-clock'><\/i><\/span>Zeitplan<\/h3><p><span class='evo_eventcard_time_t'>14 August 2026 09:30<\/span><span class='evo_tz marr5'>(GMT+02:00)<\/span><\/p>\n\t\t<\/div>\n\t<\/div><\/div><div id='event_location' class='evocard_box location' data-c='' \n\t\t\t\t\tstyle=''><div class='evcal_evdata_row evo_metarow_time_location evorow '>\n\t\t\n\t\t\t<span class='evcal_evdata_icons'><i class='fa fa-map-marker'><\/i><\/span>\n\t\t\t<div class='evcal_evdata_cell' data-loc_tax_id='32'><h3 class='evo_h3 evodfx'><span class='evcal_evdata_icons'><i class='fa fa-map-marker'><\/i><\/span>Ort<\/h3><p class='evo_location_name'>Pampeago<\/p><p class='evo_location_address evodfxi evogap10'>Localit\u00e0 Pampeago, 8, 38038 Tesero TN<\/p><div class='padt10'><span class='evo_btn_arr evolb_trigger' data-lbvals=\"{&quot;lbc&quot;:&quot;evo_location_lb_32&quot;,&quot;lbac&quot;:&quot;lb_max&quot;,&quot;t&quot;:&quot;Pampeago&quot;,&quot;ajax&quot;:&quot;yes&quot;,&quot;ajax_type&quot;:&quot;endpoint&quot;,&quot;ajax_action&quot;:&quot;eventon_get_tax_card_content&quot;,&quot;end&quot;:&quot;client&quot;,&quot;d&quot;:{&quot;lang&quot;:&quot;L2&quot;,&quot;term_id&quot;:32,&quot;tax&quot;:&quot;event_location&quot;,&quot;load_lbcontent&quot;:true},&quot;uid&quot;:&quot;eventon_get_tax_card_content&quot;}\" >Other Events<i class='fa fa-chevron-right'><\/i><\/span><\/div><\/div>\n\t\t\n\t<\/div><\/div><\/div><div class='evocard_row'><div id='event_addtocal' class='evocard_box addtocal' data-c='' \n\t\t\t\t\tstyle=''><div class='evo_metarow_ICS evorow evcal_evdata_row'>\n\t\t\t<span class='evcal_evdata_icons'><i class='fa fa-calendar-o'><\/i><\/span>\n\t\t\t<div class='evcal_evdata_cell'>\n\t\t\t\t<p><a href='https:\/\/latemarium.com\/de\/export-events\/2498_7\/?nonce=7b34e59f7d' class='evo_ics_nCal' title='Zu Ihrem Kalender hinzuf\u00fcgen'>Kalender<\/a><a href='https:\/\/www.google.com\/calendar\/event?action=TEMPLATE&text=Respirart%3A+Kunst+und+Sch%C3%B6nheit+schaffen&dates=20260814T073000Z%2F20260814T215900Z&ctz=Europe%2FRome&details=Respirart: Kunst und Sch\u00f6nheit schaffen&location=Pampeago+Localit%C3%A0+Pampeago%2C+8%2C+38038+Tesero+TN' target='_blank' class='evo_ics_gCal' title='Zu Google Kalender hinzuf\u00fcgen'>GoogleCal<\/a><\/p>\t\n\t\t\t<\/div>\n\t\t<\/div><\/div><\/div><div class='evocard_row'><div id='event_getdirection' class='evocard_box getdirection' data-c='' \n\t\t\t\t\tstyle=''><div class='evo_metarow_getDr evorow evcal_evdata_row evcal_evrow_sm getdirections'>\n\t\t<form action='https:\/\/maps.google.com\/maps' method='get' target='_blank'>\n\t\t\t<input type='hidden' name='daddr' value=\"Localit\u00e0 Pampeago, 8, 38038 Tesero TN\"\/> \n\t\t\t<div class='evo_get_direction_content evo_fx_dr_r evogap10'>\n\t\t\t\t<span class='evogetdir_header evodfx evofx_dr_r evofx_ai_c marr10'>\n\t\t\t\t\t<i class='mainicon fa fa-road'><\/i> \n\t\t\t\t\t<h3 class='evo_h3' style='padding-bottom:5px;'>Wegbeschreibung abrufen<\/h3>\n\t\t\t\t<\/span>\n\t\t\t\t<span class='evogetdir_field evodfx evofx_1_1 evo_fx_dr_c evow100p'>\t\t\t\t\t\n\t\t\t\t\t<input class='evoInput evotac' type='text' name='saddr' placeholder='&quot;Geben Sie die Adresse ein' value='' style='margin:10px 0;'\/>\n\t\t\t\t<\/span>\n\t\t\t\t<button type='submit' class='evo_get_direction_button evo_btn_arr_circ dfx fx_ai_c' title='&quot;Klicken Sie hier'><i class='fa fa-chevron-right'><\/i> <\/button>\n\t\t\t<\/div>\n\t\t<\/form>\n\t<\/div><\/div><\/div><div class='evo_card_row_end evcal_close' title='Schlie\u00dfen'><\/div><\/div><div class='clear end'><\/div><\/div><div id=\"event_2140_12\" class=\"eventon_list_event evo_eventtop scheduled  event clrD no_et event_2140_12\" data-event_id=\"2140\" data-ri=\"12r\" data-time=\"1786870800-1786917540\" data-colr=\"#006290\" itemscope itemtype='http:\/\/schema.org\/Event'><div class=\"evo_event_schema\" style=\"display:none\" ><a itemprop='url'  href='https:\/\/latemarium.com\/de\/events\/wort-von-nikolaus-drache\/var\/ri-12.l-L2'><\/a><meta itemprop='image' content=\"https:\/\/latemarium.com\/wp-content\/uploads\/2023\/06\/foresta-dei-draghi-6.jpg\" \/><meta itemprop='startDate' content=\"2026-8-16T11:00+0:00\" \/><meta itemprop='endDate' content=\"2026-8-16T23:59+0:00\" \/><meta itemprop='eventStatus' content=\"https:\/\/schema.org\/EventScheduled\" \/><meta itemprop='eventAttendanceMode'   itemscope itemtype=\"https:\/\/schema.org\/OfflineEventAttendanceMode\"\/><script type=\"application\/ld+json\">{\"@context\": \"http:\/\/schema.org\",\"@type\": \"Event\",\n\t\t\t\t\"@id\": \"event_2140_12\",\n\t\t\t\t\"eventAttendanceMode\":\"https:\/\/schema.org\/OfflineEventAttendanceMode\",\n\t\t\t\t\"eventStatus\":\"https:\/\/schema.org\/EventScheduled\",\n\t\t\t\t\"name\": \"Wort von Nikolaus Drache\",\n\t\t\t\t\"url\": \"https:\/\/latemarium.com\/de\/events\/wort-von-nikolaus-drache\/var\/ri-12.l-L2\",\n\t\t\t\t\"startDate\": \"2026-8-16T11:00+0:00\",\n\t\t\t\t\"endDate\": \"2026-8-16T23:59+0:00\",\n\t\t\t\t\"image\":\"https:\/\/latemarium.com\/wp-content\/uploads\/2023\/06\/foresta-dei-draghi-6.jpg\", \n\t\t\t\t\"description\":\"<p>Sie springen, sie rennen, sie krabbeln, sie fliegen! Doch\u2026 sie sind nicht leicht zu sehen! Sie wissen sich gut zu verstecken \u2026 die schuppigen Schleicher! Wer sind sie? Aber die Drachen von Latemar! Einen zu treffen, und sei es nur einer, wird ein wunderbares Erlebnis sein! Ein Wort von Nikolaus Drache.<\/p> <p>Immer sonntags umd montags, vom 5. Juli bis zum 24. August 2026<br \/> bei der Bergstation der Gondelbahn Predazzo \u2013 Gardon\u00e8<br \/> um 11.00 und um 14.45 Uhr<br \/> F\u00fcr Familien mit Kindern ab 2 Jahren geeignet (Dauer: 1h30\u2018)<br \/> Vorstellung auf Italienisch<\/p> <p>&nbsp;<\/p> \"}<\/script><\/div>\r\n\t\t\t\t<p class=\"desc_trig_outter\" style=\"\"><a data-gmap_status=\"null\" data-exlk=\"0\" style=\"background-color: #006290;\" id=\"evc_17868708002140\" class=\"hasFtIMG event_repeat desc_trig sin_val evcal_list_a\" data-ux_val=\"3\" data-ux_val_mob=\"-\"  ><span class='evoet_c1 evoet_cx '><span class='ev_ftImg' data-img='https:\/\/latemarium.com\/wp-content\/uploads\/2023\/06\/foresta-dei-draghi-6.jpg' data-thumb='https:\/\/latemarium.com\/wp-content\/uploads\/2023\/06\/foresta-dei-draghi-6-300x200.jpg' style='background-image:url(\"https:\/\/latemarium.com\/wp-content\/uploads\/2023\/06\/foresta-dei-draghi-6-300x200.jpg\")' ><\/span><\/span><span class='evoet_c2 evoet_cx '><span class='evoet_dayblock evcal_cblock ' data-bgcolor='#006290' data-smon='August' data-syr='2026' data-bub=''><span class='evo_start '><em class='date'>16<\/em><em class='month'>Aug<\/em><em class='time'>11:00<\/em><\/span><\/span><\/span><span class='evoet_c3 evoet_cx evcal_desc hide_eventtopdata '><span class='evoet_title evcal_desc2 evcal_event_title ' itemprop='name'>Wort von Nikolaus Drache<\/span><span class='event_location_attrs' data-location_type=\"lonlat\" data-location_name=\"Seilbahn Ankunft Predazzo-Gardon\u00e8\" data-location_url=\"https:\/\/latemarium.com\/de\/event-location\/seilbahn-ankunft-predazzo-gardone\/\" data-location_status=\"true\" data-latlng=\"46.32878794406342,11.600176728690842\"><\/span><span class='evoet_subtitle evo_below_title' ><span class='evcal_event_subtitle ' >DER DRACHENWALD<\/span><\/span><span class='evoet_time_expand level_3'><em class='evcal_time evo_tz_time'><i class='fa fa-clock-o'><\/i>11:00<span class='evo_tz marl5'>(GMT+02:00)<\/span><\/em> <\/span><span class='evoet_location level_3'><em class=\"evcal_location\"  data-latlng=\"46.32878794406342,11.600176728690842\" data-add_str=\"\" data-n=\"Seilbahn Ankunft Predazzo-Gardon\u00e8\"><i class=\"fa fa-location-pin\"><\/i><em class=\"event_location_name\">Seilbahn Ankunft Predazzo-Gardon\u00e8<\/em><\/em><\/span><\/span><span class='evoet_data' data-d=\"{&quot;loc.n&quot;:&quot;Seilbahn Ankunft Predazzo-Gardon\\u00e8&quot;,&quot;orgs&quot;:[],&quot;tags&quot;:{&quot;repeating&quot;:&quot;Repeating Event&quot;}}\" data-bgc=\"#006290\" data-bggrad=\"\" ><\/span><\/a><\/p><div class='event_description evcal_eventcard ' style=\"display:none\"><div class='evocard_row'><div id='event_ftimage' class='evocard_box ftimage' data-c='' \n\t\t\t\t\tstyle=''><div class='evocard_main_image_hold' data-t='Loading Image..'><div class='evocard_main_image evo_img_triglb evobr15 evobgsc evobgpc evodfx evofx_jc_c evofx_ai_c evofz48 minmized' style='height:300px; background-image:url();' data-f=\"https:\/\/latemarium.com\/wp-content\/uploads\/2023\/06\/foresta-dei-draghi-6.jpg\" data-h=\"800\" data-w=\"1200\" data-ratio=\"0.66666666666667\" data-event_id=\"2140\" data-ri=\"12\"  data-t='Loading Image..'><span style='height:300px; background-image:url(https:\/\/latemarium.com\/wp-content\/uploads\/2023\/06\/foresta-dei-draghi-6.jpg)'><\/span><\/div><\/div><\/div><\/div><div class='evocard_row'><div id='event_eventdetails' class='evocard_box eventdetails' data-c='' \n\t\t\t\t\tstyle=''><div class='evo_metarow_details evorow evcal_evdata_row evcal_event_details'>\n\t\t<div class=\"event_excerpt\" style=\"display:none\"><h3 class=\"padb5 evo_h3\">Details zur Veranstaltung<\/h3><p>Sie springen, sie rennen, sie krabbeln, sie fliegen! Doch\u2026 sie sind nicht leicht zu sehen! Sie wissen sich gut zu verstecken \u2026 die schuppigen Schleicher! Wer sind sie? Aber die<\/p><\/div><span class='evcal_evdata_icons'><i class='fa fa-align-justify'><\/i><\/span>\n\t\t\n\t\t<div class='evcal_evdata_cell '>\n\t\t\t<div class='eventon_full_description'>\n\t\t\t\t<h3 class='padb5 evo_h3'><span class='evcal_evdata_icons'><i class='fa fa-align-justify'><\/i><\/span>Details zur Veranstaltung<\/h3>\n\t\t\t\t<div class='eventon_desc_in' itemprop='description'>\n\t\t\t\t<p>Sie springen, sie rennen, sie krabbeln, sie fliegen! Doch\u2026 sie sind nicht leicht zu sehen! Sie wissen sich gut zu verstecken \u2026 die schuppigen Schleicher! Wer sind sie? Aber die Drachen von Latemar! Einen zu treffen, und sei es nur einer, wird ein wunderbares Erlebnis sein! Ein Wort von Nikolaus Drache.<\/p>\n<p>Immer sonntags umd montags, vom 5. Juli bis zum 24. August 2026<br \/>\nbei der Bergstation der Gondelbahn Predazzo \u2013 Gardon\u00e8<br \/>\num 11.00 und um 14.45 Uhr<br \/>\nF\u00fcr Familien mit Kindern ab 2 Jahren geeignet (Dauer: 1h30\u2018)<br \/>\nVorstellung auf Italienisch<\/p>\n<p>&nbsp;<\/p>\n<\/div><div class='clear'><\/div>\n\t\t\t<\/div>\n\t\t<\/div>\n\t<\/div><\/div><\/div><div class='evocard_row bx2 bx'><div id='event_time' class='evocard_box time' data-c='' \n\t\t\t\t\tstyle=''><div class='evo_metarow_time evorow evcal_evdata_row evcal_evrow_sm '>\n\t\t<span class='evcal_evdata_icons'><i class='fa fa-clock'><\/i><\/span>\n\t\t<div class='evcal_evdata_cell'>\t\t\t\t\t\t\t\n\t\t\t<h3 class='evo_h3'><span class='evcal_evdata_icons'><i class='fa fa-clock'><\/i><\/span>Zeitplan<\/h3><p><span class='evo_eventcard_time_t'>16 August 2026 11:00<\/span><span class='evo_tz marr5'>(GMT+02:00)<\/span><\/p>\n\t\t<\/div>\n\t<\/div><\/div><div id='event_location' class='evocard_box location' data-c='' \n\t\t\t\t\tstyle=''><div class='evcal_evdata_row evo_metarow_time_location evorow '>\n\t\t\n\t\t\t<span class='evcal_evdata_icons'><i class='fa fa-map-marker'><\/i><\/span>\n\t\t\t<div class='evcal_evdata_cell' data-loc_tax_id='36'><h3 class='evo_h3 evodfx'><span class='evcal_evdata_icons'><i class='fa fa-map-marker'><\/i><\/span>Ort<\/h3><p class='evo_location_name'>Seilbahn Ankunft Predazzo-Gardon\u00e8<\/p><div class='padt10'><span class='evo_btn_arr evolb_trigger' data-lbvals=\"{&quot;lbc&quot;:&quot;evo_location_lb_36&quot;,&quot;lbac&quot;:&quot;lb_max&quot;,&quot;t&quot;:&quot;Seilbahn Ankunft Predazzo-Gardon\\u00e8&quot;,&quot;ajax&quot;:&quot;yes&quot;,&quot;ajax_type&quot;:&quot;endpoint&quot;,&quot;ajax_action&quot;:&quot;eventon_get_tax_card_content&quot;,&quot;end&quot;:&quot;client&quot;,&quot;d&quot;:{&quot;lang&quot;:&quot;L2&quot;,&quot;term_id&quot;:36,&quot;tax&quot;:&quot;event_location&quot;,&quot;load_lbcontent&quot;:true},&quot;uid&quot;:&quot;eventon_get_tax_card_content&quot;}\" >Other Events<i class='fa fa-chevron-right'><\/i><\/span><\/div><\/div>\n\t\t\n\t<\/div><\/div><\/div><div class='evocard_row bx2 bx'><div id='event_learnmore' class='evocard_box learnmore' data-c='' \n\t\t\t\t\tstyle=''><div class='evo_metarow_learnM evo_metarow_learnmore evorow'>\n\t\t\t\t\t\t\t<a class='evcal_evdata_row evo_clik_row ' href='https:\/\/www.montagnanimata.it\/de\/spektakel\/' target=\"_blank\">\n\t\t\t\t\t\t\t\t<span class='evcal_evdata_icons'><i class='fa fa-link'><\/i><\/span>\n\t\t\t\t\t\t\t\t<h3 class='evo_h3'>Entdecke mehr<\/h3>\n\t\t\t\t\t\t\t<\/a>\n\t\t\t\t\t\t\t<\/div><\/div><div id='event_addtocal' class='evocard_box addtocal' data-c='' \n\t\t\t\t\tstyle=''><div class='evo_metarow_ICS evorow evcal_evdata_row'>\n\t\t\t<span class='evcal_evdata_icons'><i class='fa fa-calendar-o'><\/i><\/span>\n\t\t\t<div class='evcal_evdata_cell'>\n\t\t\t\t<p><a href='https:\/\/latemarium.com\/de\/export-events\/2140_12\/?nonce=7b34e59f7d' class='evo_ics_nCal' title='Zu Ihrem Kalender hinzuf\u00fcgen'>Kalender<\/a><a href='https:\/\/www.google.com\/calendar\/event?action=TEMPLATE&text=Wort+von+Nikolaus+Drache&dates=20260816T090000Z%2F20260816T215900Z&ctz=Europe%2FRome&details=Wort von Nikolaus Drache&location=Seilbahn+Ankunft+Predazzo-Gardon%C3%A8' target='_blank' class='evo_ics_gCal' title='Zu Google Kalender hinzuf\u00fcgen'>GoogleCal<\/a><\/p>\t\n\t\t\t<\/div>\n\t\t<\/div><\/div><\/div><div class='evocard_row'><div id='event_getdirection' class='evocard_box getdirection' data-c='' \n\t\t\t\t\tstyle=''><div class='evo_metarow_getDr evorow evcal_evdata_row evcal_evrow_sm getdirections'>\n\t\t<form action='https:\/\/maps.google.com\/maps' method='get' target='_blank'>\n\t\t\t<input type='hidden' name='daddr' value=\"46.32878794406342,11.600176728690842\"\/> \n\t\t\t<div class='evo_get_direction_content evo_fx_dr_r evogap10'>\n\t\t\t\t<span class='evogetdir_header evodfx evofx_dr_r evofx_ai_c marr10'>\n\t\t\t\t\t<i class='mainicon fa fa-road'><\/i> \n\t\t\t\t\t<h3 class='evo_h3' style='padding-bottom:5px;'>Wegbeschreibung abrufen<\/h3>\n\t\t\t\t<\/span>\n\t\t\t\t<span class='evogetdir_field evodfx evofx_1_1 evo_fx_dr_c evow100p'>\t\t\t\t\t\n\t\t\t\t\t<input class='evoInput evotac' type='text' name='saddr' placeholder='&quot;Geben Sie die Adresse ein' value='' style='margin:10px 0;'\/>\n\t\t\t\t<\/span>\n\t\t\t\t<button type='submit' class='evo_get_direction_button evo_btn_arr_circ dfx fx_ai_c' title='&quot;Klicken Sie hier'><i class='fa fa-chevron-right'><\/i> <\/button>\n\t\t\t<\/div>\n\t\t<\/form>\n\t<\/div><\/div><\/div><div class='evo_card_row_end evcal_close' title='Schlie\u00dfen'><\/div><\/div><div class='clear end'><\/div><\/div><div id=\"event_2837_0\" class=\"eventon_list_event evo_eventtop scheduled  event clrD no_et event_2837_0\" data-event_id=\"2837\" data-ri=\"0r\" data-time=\"1786876200-1786917540\" data-colr=\"#ba181d\" itemscope itemtype='http:\/\/schema.org\/Event'><div class=\"evo_event_schema\" style=\"display:none\" ><a itemprop='url'  href='https:\/\/latemarium.com\/de\/events\/konzert-der-musikkapelle-eggen-auf-der-mayrl-alm\/var\/ri-0.l-L2'><\/a><meta itemprop='image' content=\"https:\/\/latemarium.com\/wp-content\/uploads\/2025\/05\/concerto-banda-ega.jpg\" \/><meta itemprop='startDate' content=\"2026-8-16T12:30+0:00\" \/><meta itemprop='endDate' content=\"2026-8-16T23:59+0:00\" \/><meta itemprop='eventStatus' content=\"https:\/\/schema.org\/EventScheduled\" \/><meta itemprop='eventAttendanceMode'   itemscope itemtype=\"https:\/\/schema.org\/OfflineEventAttendanceMode\"\/><script type=\"application\/ld+json\">{\"@context\": \"http:\/\/schema.org\",\"@type\": \"Event\",\n\t\t\t\t\"@id\": \"event_2837_0\",\n\t\t\t\t\"eventAttendanceMode\":\"https:\/\/schema.org\/OfflineEventAttendanceMode\",\n\t\t\t\t\"eventStatus\":\"https:\/\/schema.org\/EventScheduled\",\n\t\t\t\t\"name\": \"Konzert der Musikkapelle Eggen auf der Mayrl Alm\",\n\t\t\t\t\"url\": \"https:\/\/latemarium.com\/de\/events\/konzert-der-musikkapelle-eggen-auf-der-mayrl-alm\/var\/ri-0.l-L2\",\n\t\t\t\t\"startDate\": \"2026-8-16T12:30+0:00\",\n\t\t\t\t\"endDate\": \"2026-8-16T23:59+0:00\",\n\t\t\t\t\"image\":\"https:\/\/latemarium.com\/wp-content\/uploads\/2025\/05\/concerto-banda-ega.jpg\", \n\t\t\t\t\"description\":\"<p>Sommerkonzert der Musikkapelle Eggen auf der Mayrl Alm.<\/p> <p>Das Programm der Musikkapelle ist buntgemischt, vom modernen St\u00fccken bis hin zu tradititonellen M\u00e4rschen. Freuen Sie sich auf einen musikalischen Nachmittag auf der Alm.<\/p> <p>INFO<br \/> Ritrovo: Malga Mayrl Obereggen<br \/> TEL +390471619500<\/p> \"}<\/script><\/div>\r\n\t\t\t\t<p class=\"desc_trig_outter\" style=\"\"><a data-gmap_status=\"null\" data-exlk=\"0\" style=\"background-color: #ba181d;\" id=\"evc_17868762002837\" class=\"hasFtIMG desc_trig sin_val evcal_list_a\" data-ux_val=\"3\" data-ux_val_mob=\"-\"  ><span class='evoet_c1 evoet_cx '><span class='ev_ftImg' data-img='https:\/\/latemarium.com\/wp-content\/uploads\/2025\/05\/concerto-banda-ega.jpg' data-thumb='https:\/\/latemarium.com\/wp-content\/uploads\/2025\/05\/concerto-banda-ega-300x182.jpg' style='background-image:url(\"https:\/\/latemarium.com\/wp-content\/uploads\/2025\/05\/concerto-banda-ega-300x182.jpg\")' ><\/span><\/span><span class='evoet_c2 evoet_cx '><span class='evoet_dayblock evcal_cblock ' data-bgcolor='#ba181d' data-smon='August' data-syr='2026' data-bub=''><span class='evo_start '><em class='date'>16<\/em><em class='month'>Aug<\/em><em class='time'>12:30<\/em><\/span><\/span><\/span><span class='evoet_c3 evoet_cx evcal_desc hide_eventtopdata '><span class='evoet_title evcal_desc2 evcal_event_title ' itemprop='name'>Konzert der Musikkapelle Eggen auf der Mayrl Alm<\/span><span class='evoet_subtitle evo_below_title' ><span class='evcal_event_subtitle ' >Konzert<\/span><\/span><span class='evoet_time_expand level_3'><em class='evcal_time evo_tz_time'><i class='fa fa-clock-o'><\/i>12:30<span class='evo_tz marl5'>(GMT+02:00)<\/span><\/em> <\/span><span class='evoet_location level_3'><em class=\"evcal_location\"  data-add_str=\"\" data-n=\"Obereggen\"><i class=\"fa fa-location-pin\"><\/i><em class=\"event_location_name\">Obereggen<\/em><\/em><\/span><\/span><span class='evoet_data' data-d=\"{&quot;loc.n&quot;:&quot;Obereggen&quot;,&quot;orgs&quot;:[],&quot;tags&quot;:[]}\" data-bgc=\"#ba181d\" data-bggrad=\"\" ><\/span><\/a><\/p><div class='event_description evcal_eventcard ' style=\"display:none\"><div class='evocard_row'><div id='event_ftimage' class='evocard_box ftimage' data-c='' \n\t\t\t\t\tstyle=''><div class='evocard_main_image_hold' data-t='Loading Image..'><div class='evocard_main_image evo_img_triglb evobr15 evobgsc evobgpc evodfx evofx_jc_c evofx_ai_c evofz48 minmized' style='height:300px; background-image:url();' data-f=\"https:\/\/latemarium.com\/wp-content\/uploads\/2025\/05\/concerto-banda-ega.jpg\" data-h=\"755\" data-w=\"1245\" data-ratio=\"0.60642570281124\" data-event_id=\"2837\" data-ri=\"0\"  data-t='Loading Image..'><span style='height:300px; background-image:url(https:\/\/latemarium.com\/wp-content\/uploads\/2025\/05\/concerto-banda-ega.jpg)'><\/span><\/div><\/div><\/div><\/div><div class='evocard_row'><div id='event_eventdetails' class='evocard_box eventdetails' data-c='' \n\t\t\t\t\tstyle=''><div class='evo_metarow_details evorow evcal_evdata_row evcal_event_details'>\n\t\t<div class=\"event_excerpt\" style=\"display:none\"><h3 class=\"padb5 evo_h3\">Details zur Veranstaltung<\/h3><p>Sommerkonzert der Musikkapelle Eggen auf der Mayrl Alm.\nDas Programm der Musikkapelle ist buntgemischt, vom modernen St\u00fccken bis hin zu tradititonellen M\u00e4rschen. Freuen Sie sich auf einen musikalischen Nachmittag auf der<\/p><\/div><span class='evcal_evdata_icons'><i class='fa fa-align-justify'><\/i><\/span>\n\t\t\n\t\t<div class='evcal_evdata_cell '>\n\t\t\t<div class='eventon_full_description'>\n\t\t\t\t<h3 class='padb5 evo_h3'><span class='evcal_evdata_icons'><i class='fa fa-align-justify'><\/i><\/span>Details zur Veranstaltung<\/h3>\n\t\t\t\t<div class='eventon_desc_in' itemprop='description'>\n\t\t\t\t<p>Sommerkonzert der Musikkapelle Eggen auf der Mayrl Alm.<\/p>\n<p>Das Programm der Musikkapelle ist buntgemischt, vom modernen St\u00fccken bis hin zu tradititonellen M\u00e4rschen. Freuen Sie sich auf einen musikalischen Nachmittag auf der Alm.<\/p>\n<p>INFO<br \/>\nRitrovo: Malga Mayrl Obereggen<br \/>\nTEL +390471619500<\/p>\n<\/div><div class='clear'><\/div>\n\t\t\t<\/div>\n\t\t<\/div>\n\t<\/div><\/div><\/div><div class='evocard_row bx2 bx'><div id='event_time' class='evocard_box time' data-c='' \n\t\t\t\t\tstyle=''><div class='evo_metarow_time evorow evcal_evdata_row evcal_evrow_sm '>\n\t\t<span class='evcal_evdata_icons'><i class='fa fa-clock'><\/i><\/span>\n\t\t<div class='evcal_evdata_cell'>\t\t\t\t\t\t\t\n\t\t\t<h3 class='evo_h3'><span class='evcal_evdata_icons'><i class='fa fa-clock'><\/i><\/span>Zeitplan<\/h3><p><span class='evo_eventcard_time_t'>16 August 2026 12:30<\/span><span class='evo_tz marr5'>(GMT+02:00)<\/span><\/p>\n\t\t<\/div>\n\t<\/div><\/div><div id='event_location' class='evocard_box location' data-c='' \n\t\t\t\t\tstyle=''><div class='evcal_evdata_row evo_metarow_time_location evorow '>\n\t\t\n\t\t\t<span class='evcal_evdata_icons'><i class='fa fa-map-marker'><\/i><\/span>\n\t\t\t<div class='evcal_evdata_cell' data-loc_tax_id='61'><h3 class='evo_h3 evodfx'><span class='evcal_evdata_icons'><i class='fa fa-map-marker'><\/i><\/span>Ort<\/h3><p class='evo_location_name'>Obereggen<\/p><div class='padt10'><span class='evo_btn_arr evolb_trigger' data-lbvals=\"{&quot;lbc&quot;:&quot;evo_location_lb_61&quot;,&quot;lbac&quot;:&quot;lb_max&quot;,&quot;t&quot;:&quot;Obereggen&quot;,&quot;ajax&quot;:&quot;yes&quot;,&quot;ajax_type&quot;:&quot;endpoint&quot;,&quot;ajax_action&quot;:&quot;eventon_get_tax_card_content&quot;,&quot;end&quot;:&quot;client&quot;,&quot;d&quot;:{&quot;lang&quot;:&quot;L2&quot;,&quot;term_id&quot;:61,&quot;tax&quot;:&quot;event_location&quot;,&quot;load_lbcontent&quot;:true},&quot;uid&quot;:&quot;eventon_get_tax_card_content&quot;}\" >Other Events<i class='fa fa-chevron-right'><\/i><\/span><\/div><\/div>\n\t\t\n\t<\/div><\/div><\/div><div class='evocard_row bx2 bx'><div id='event_learnmore' class='evocard_box learnmore' data-c='' \n\t\t\t\t\tstyle=''><div class='evo_metarow_learnM evo_metarow_learnmore evorow'>\n\t\t\t\t\t\t\t<a class='evcal_evdata_row evo_clik_row ' href='https:\/\/eggental.com\/de\/event\/konzert-der-musikkapelle-eggen-auf-der-mayrl-alm_13116' >\n\t\t\t\t\t\t\t\t<span class='evcal_evdata_icons'><i class='fa fa-link'><\/i><\/span>\n\t\t\t\t\t\t\t\t<h3 class='evo_h3'>Entdecke mehr<\/h3>\n\t\t\t\t\t\t\t<\/a>\n\t\t\t\t\t\t\t<\/div><\/div><div id='event_addtocal' class='evocard_box addtocal' data-c='' \n\t\t\t\t\tstyle=''><div class='evo_metarow_ICS evorow evcal_evdata_row'>\n\t\t\t<span class='evcal_evdata_icons'><i class='fa fa-calendar-o'><\/i><\/span>\n\t\t\t<div class='evcal_evdata_cell'>\n\t\t\t\t<p><a href='https:\/\/latemarium.com\/de\/export-events\/2837_0\/?nonce=7b34e59f7d' class='evo_ics_nCal' title='Zu Ihrem Kalender hinzuf\u00fcgen'>Kalender<\/a><a href='https:\/\/www.google.com\/calendar\/event?action=TEMPLATE&text=Konzert+der+Musikkapelle+Eggen+auf+der+Mayrl+Alm&dates=20260816T103000Z%2F20260816T215900Z&ctz=Europe%2FRome&details=Konzert der Musikkapelle Eggen auf der Mayrl Alm&location=Obereggen' target='_blank' class='evo_ics_gCal' title='Zu Google Kalender hinzuf\u00fcgen'>GoogleCal<\/a><\/p>\t\n\t\t\t<\/div>\n\t\t<\/div><\/div><\/div><div class='evo_card_row_end evcal_close' title='Schlie\u00dfen'><\/div><\/div><div class='clear end'><\/div><\/div><div id=\"event_2154_15\" class=\"eventon_list_event evo_eventtop scheduled  event clrW no_et event_2154_15\" data-event_id=\"2154\" data-ri=\"15r\" data-time=\"1786886400-1786917540\" data-colr=\"#b8d989\" itemscope itemtype='http:\/\/schema.org\/Event'><div class=\"evo_event_schema\" style=\"display:none\" ><a itemprop='url'  href='https:\/\/latemarium.com\/de\/events\/die-geraeusche-und-das-leben-der-malga\/var\/ri-15.l-L2'><\/a><meta itemprop='image' content=\"https:\/\/latemarium.com\/wp-content\/uploads\/2023\/06\/suoni-vita-malga.jpg\" \/><meta itemprop='startDate' content=\"2026-8-16T15:20+0:00\" \/><meta itemprop='endDate' content=\"2026-8-16T23:59+0:00\" \/><meta itemprop='eventStatus' content=\"https:\/\/schema.org\/EventScheduled\" \/><meta itemprop='eventAttendanceMode'   itemscope itemtype=\"https:\/\/schema.org\/OfflineEventAttendanceMode\"\/><div style=\"display:none\" itemprop=\"location\" itemscope itemtype=\"http:\/\/schema.org\/Place\"><span itemprop=\"name\">Pampeago<\/span><span itemprop=\"address\" itemscope itemtype=\"http:\/\/schema.org\/PostalAddress\"><item itemprop=\"streetAddress\">Localit\u00e0 Pampeago, 8, 38038 Tesero TN<\/item><\/span><\/div><script type=\"application\/ld+json\">{\"@context\": \"http:\/\/schema.org\",\"@type\": \"Event\",\n\t\t\t\t\"@id\": \"event_2154_15\",\n\t\t\t\t\"eventAttendanceMode\":\"https:\/\/schema.org\/OfflineEventAttendanceMode\",\n\t\t\t\t\"eventStatus\":\"https:\/\/schema.org\/EventScheduled\",\n\t\t\t\t\"name\": \"Die Ger\u00e4usche und das Leben der Malga\",\n\t\t\t\t\"url\": \"https:\/\/latemarium.com\/de\/events\/die-geraeusche-und-das-leben-der-malga\/var\/ri-15.l-L2\",\n\t\t\t\t\"startDate\": \"2026-8-16T15:20+0:00\",\n\t\t\t\t\"endDate\": \"2026-8-16T23:59+0:00\",\n\t\t\t\t\"image\":\"https:\/\/latemarium.com\/wp-content\/uploads\/2023\/06\/suoni-vita-malga.jpg\", \n\t\t\t\t\"description\":\"<p>Treffpunkt am Parkplatz des Tresca-Sessellifts (mit dem Auto von Pampeago erreichbar &#8211; NUR f\u00fcr diejenigen, die die Aktivit\u00e4t buchen).<\/p> <p>Nach einem kurzen Spaziergang zur Malga Pampeago entdecken Kinder und Eltern zwischen K\u00fchen, K\u00e4lbern, Eseln und Schweinen den Alltag und die Ger\u00e4usche, die das Leben der Hirten pr\u00e4gen.<\/p> <p>Am Ende der Aktivit\u00e4t gibt es einen kleinen Snack, den die Kinder genie\u00dfen oder mit nach Hause nehmen k\u00f6nnen.<\/p> <p>Aktivit\u00e4t auch mit Kinderwagen m\u00f6glich. <a href='https:\/\/www.visitfiemme.it\/de\/veranstaltungen\/fiemme-cembra-guest-card\/erlebnisse\/erlebnisse-sommer' target='_blank' rel='noopener'>Reservierung erforderlich<\/a>.<\/p> \",\"location\":[{\"@type\":\"Place\",\"name\":\"Pampeago\",\"address\":{\"@type\": \"PostalAddress\",\"streetAddress\":\"Localit\u00e0 Pampeago, 8, 38038 Tesero TN\"}}]}<\/script><\/div>\r\n\t\t\t\t<p class=\"desc_trig_outter\" style=\"\"><a data-gmap_status=\"null\" data-exlk=\"0\" style=\"background-color: #b8d989;\" id=\"evc_17868864002154\" class=\"hasFtIMG event_repeat desc_trig sin_val evcal_list_a\" data-ux_val=\"3\" data-ux_val_mob=\"-\"  ><span class='evoet_c1 evoet_cx '><span class='ev_ftImg' data-img='https:\/\/latemarium.com\/wp-content\/uploads\/2023\/06\/suoni-vita-malga.jpg' data-thumb='https:\/\/latemarium.com\/wp-content\/uploads\/2023\/06\/suoni-vita-malga-300x225.jpg' style='background-image:url(\"https:\/\/latemarium.com\/wp-content\/uploads\/2023\/06\/suoni-vita-malga-300x225.jpg\")' ><\/span><\/span><span class='evoet_c2 evoet_cx '><span class='evoet_dayblock evcal_cblock ' data-bgcolor='#b8d989' data-smon='August' data-syr='2026' data-bub=''><span class='evo_start '><em class='date'>16<\/em><em class='month'>Aug<\/em><em class='time'>15:20<\/em><\/span><\/span><\/span><span class='evoet_c3 evoet_cx evcal_desc hide_eventtopdata '><span class='evoet_title evcal_desc2 evcal_event_title ' itemprop='name'>Die Ger\u00e4usche und das Leben der Malga<\/span><span class='event_location_attrs'  data-location_address=\"Localit\u00e0 Pampeago, 8, 38038 Tesero TN\" data-location_type=\"lonlat\" data-location_name=\"Pampeago\" data-location_url=\"https:\/\/latemarium.com\/de\/event-location\/pampeago-de\/\" data-location_status=\"true\" data-latlng=\"46.34343697644898,11.540997527961546\"><\/span><span class='evoet_subtitle evo_below_title' ><\/span><span class='evoet_time_expand level_3'><em class='evcal_time evo_tz_time'><i class='fa fa-clock-o'><\/i>15:20<span class='evo_tz marl5'>(GMT+02:00)<\/span><\/em> <\/span><span class='evoet_location level_3'><em class=\"evcal_location\"  data-latlng=\"46.34343697644898,11.540997527961546\" data-add_str=\"Localit\u00e0 Pampeago, 8, 38038 Tesero TN\" data-n=\"Pampeago\"><i class=\"fa fa-location-pin\"><\/i><em class=\"event_location_name\">Pampeago<\/em>, Localit\u00e0 Pampeago, 8, 38038 Tesero TN<\/em><\/span><\/span><span class='evoet_data' data-d=\"{&quot;loc.n&quot;:&quot;Pampeago&quot;,&quot;orgs&quot;:[],&quot;tags&quot;:{&quot;repeating&quot;:&quot;Repeating Event&quot;}}\" data-bgc=\"#b8d989\" data-bggrad=\"\" ><\/span><\/a><\/p><div class='event_description evcal_eventcard ' style=\"display:none\"><div class='evocard_row'><div id='event_ftimage' class='evocard_box ftimage' data-c='' \n\t\t\t\t\tstyle=''><div class='evocard_main_image_hold' data-t='Loading Image..'><div class='evocard_main_image evo_img_triglb evobr15 evobgsc evobgpc evodfx evofx_jc_c evofx_ai_c evofz48 minmized' style='height:300px; background-image:url();' data-f=\"https:\/\/latemarium.com\/wp-content\/uploads\/2023\/06\/suoni-vita-malga.jpg\" data-h=\"796\" data-w=\"1062\" data-ratio=\"0.74952919020716\" data-event_id=\"2154\" data-ri=\"15\"  data-t='Loading Image..'><span style='height:300px; background-image:url(https:\/\/latemarium.com\/wp-content\/uploads\/2023\/06\/suoni-vita-malga.jpg)'><\/span><\/div><\/div><\/div><\/div><div class='evocard_row'><div id='event_eventdetails' class='evocard_box eventdetails' data-c='' \n\t\t\t\t\tstyle=''><div class='evo_metarow_details evorow evcal_evdata_row evcal_event_details'>\n\t\t<div class=\"event_excerpt\" style=\"display:none\"><h3 class=\"padb5 evo_h3\">Details zur Veranstaltung<\/h3><p>Treffpunkt am Parkplatz des Tresca-Sessellifts (mit dem Auto von Pampeago erreichbar &#8211; NUR f\u00fcr diejenigen, die die Aktivit\u00e4t buchen).\nNach einem kurzen Spaziergang zur Malga Pampeago entdecken Kinder und Eltern zwischen<\/p><\/div><span class='evcal_evdata_icons'><i class='fa fa-align-justify'><\/i><\/span>\n\t\t\n\t\t<div class='evcal_evdata_cell shorter_desc'>\n\t\t\t<div class='eventon_full_description'>\n\t\t\t\t<h3 class='padb5 evo_h3'><span class='evcal_evdata_icons'><i class='fa fa-align-justify'><\/i><\/span>Details zur Veranstaltung<\/h3>\n\t\t\t\t<div class='eventon_desc_in' itemprop='description'>\n\t\t\t\t<p>Treffpunkt am Parkplatz des Tresca-Sessellifts (mit dem Auto von Pampeago erreichbar &#8211; NUR f\u00fcr diejenigen, die die Aktivit\u00e4t buchen).<\/p>\n<p>Nach einem kurzen Spaziergang zur Malga Pampeago entdecken Kinder und Eltern zwischen K\u00fchen, K\u00e4lbern, Eseln und Schweinen den Alltag und die Ger\u00e4usche, die das Leben der Hirten pr\u00e4gen.<\/p>\n<p>Am Ende der Aktivit\u00e4t gibt es einen kleinen Snack, den die Kinder genie\u00dfen oder mit nach Hause nehmen k\u00f6nnen.<\/p>\n<p>Aktivit\u00e4t auch mit Kinderwagen m\u00f6glich. <a href=\"https:\/\/www.visitfiemme.it\/de\/veranstaltungen\/fiemme-cembra-guest-card\/erlebnisse\/erlebnisse-sommer\" target=\"_blank\" rel=\"noopener\">Reservierung erforderlich<\/a>.<\/p>\n<\/div><p class='eventon_shad_p' style='padding:5px 0 0; margin:0'>\n\t\t\t<span class='evcal_btn evo_btn_secondary evobtn_details_show_more' content='less'>\n\t\t\t\t<span class='ev_more_text' data-txt='Weniger'>Mehr<\/span><span class='ev_more_arrow ard'><\/span>\n\t\t\t<\/span>\n\t\t<\/p><div class='clear'><\/div>\n\t\t\t<\/div>\n\t\t<\/div>\n\t<\/div><\/div><\/div><div class='evocard_row bx2 bx'><div id='event_time' class='evocard_box time' data-c='' \n\t\t\t\t\tstyle=''><div class='evo_metarow_time evorow evcal_evdata_row evcal_evrow_sm '>\n\t\t<span class='evcal_evdata_icons'><i class='fa fa-clock'><\/i><\/span>\n\t\t<div class='evcal_evdata_cell'>\t\t\t\t\t\t\t\n\t\t\t<h3 class='evo_h3'><span class='evcal_evdata_icons'><i class='fa fa-clock'><\/i><\/span>Zeitplan<\/h3><p><span class='evo_eventcard_time_t'>16 August 2026 15:20<\/span><span class='evo_tz marr5'>(GMT+02:00)<\/span><\/p>\n\t\t<\/div>\n\t<\/div><\/div><div id='event_location' class='evocard_box location' data-c='' \n\t\t\t\t\tstyle=''><div class='evcal_evdata_row evo_metarow_time_location evorow '>\n\t\t\n\t\t\t<span class='evcal_evdata_icons'><i class='fa fa-map-marker'><\/i><\/span>\n\t\t\t<div class='evcal_evdata_cell' data-loc_tax_id='32'><h3 class='evo_h3 evodfx'><span class='evcal_evdata_icons'><i class='fa fa-map-marker'><\/i><\/span>Ort<\/h3><p class='evo_location_name'>Pampeago<\/p><p class='evo_location_address evodfxi evogap10'>Localit\u00e0 Pampeago, 8, 38038 Tesero TN<\/p><div class='padt10'><span class='evo_btn_arr evolb_trigger' data-lbvals=\"{&quot;lbc&quot;:&quot;evo_location_lb_32&quot;,&quot;lbac&quot;:&quot;lb_max&quot;,&quot;t&quot;:&quot;Pampeago&quot;,&quot;ajax&quot;:&quot;yes&quot;,&quot;ajax_type&quot;:&quot;endpoint&quot;,&quot;ajax_action&quot;:&quot;eventon_get_tax_card_content&quot;,&quot;end&quot;:&quot;client&quot;,&quot;d&quot;:{&quot;lang&quot;:&quot;L2&quot;,&quot;term_id&quot;:32,&quot;tax&quot;:&quot;event_location&quot;,&quot;load_lbcontent&quot;:true},&quot;uid&quot;:&quot;eventon_get_tax_card_content&quot;}\" >Other Events<i class='fa fa-chevron-right'><\/i><\/span><\/div><\/div>\n\t\t\n\t<\/div><\/div><\/div><div class='evocard_row'><div id='event_addtocal' class='evocard_box addtocal' data-c='' \n\t\t\t\t\tstyle=''><div class='evo_metarow_ICS evorow evcal_evdata_row'>\n\t\t\t<span class='evcal_evdata_icons'><i class='fa fa-calendar-o'><\/i><\/span>\n\t\t\t<div class='evcal_evdata_cell'>\n\t\t\t\t<p><a href='https:\/\/latemarium.com\/de\/export-events\/2154_15\/?nonce=7b34e59f7d' class='evo_ics_nCal' title='Zu Ihrem Kalender hinzuf\u00fcgen'>Kalender<\/a><a href='https:\/\/www.google.com\/calendar\/event?action=TEMPLATE&text=Die+Ger%C3%A4usche+und+das+Leben+der+Malga&dates=20260816T132000Z%2F20260816T215900Z&ctz=Europe%2FRome&details=Die Ger\u00e4usche und das Leben der Malga&location=Pampeago+Localit%C3%A0+Pampeago%2C+8%2C+38038+Tesero+TN' target='_blank' class='evo_ics_gCal' title='Zu Google Kalender hinzuf\u00fcgen'>GoogleCal<\/a><\/p>\t\n\t\t\t<\/div>\n\t\t<\/div><\/div><\/div><div class='evocard_row'><div id='event_getdirection' class='evocard_box getdirection' data-c='' \n\t\t\t\t\tstyle=''><div class='evo_metarow_getDr evorow evcal_evdata_row evcal_evrow_sm getdirections'>\n\t\t<form action='https:\/\/maps.google.com\/maps' method='get' target='_blank'>\n\t\t\t<input type='hidden' name='daddr' value=\"Localit\u00e0 Pampeago, 8, 38038 Tesero TN\"\/> \n\t\t\t<div class='evo_get_direction_content evo_fx_dr_r evogap10'>\n\t\t\t\t<span class='evogetdir_header evodfx evofx_dr_r evofx_ai_c marr10'>\n\t\t\t\t\t<i class='mainicon fa fa-road'><\/i> \n\t\t\t\t\t<h3 class='evo_h3' style='padding-bottom:5px;'>Wegbeschreibung abrufen<\/h3>\n\t\t\t\t<\/span>\n\t\t\t\t<span class='evogetdir_field evodfx evofx_1_1 evo_fx_dr_c evow100p'>\t\t\t\t\t\n\t\t\t\t\t<input class='evoInput evotac' type='text' name='saddr' placeholder='&quot;Geben Sie die Adresse ein' value='' style='margin:10px 0;'\/>\n\t\t\t\t<\/span>\n\t\t\t\t<button type='submit' class='evo_get_direction_button evo_btn_arr_circ dfx fx_ai_c' title='&quot;Klicken Sie hier'><i class='fa fa-chevron-right'><\/i> <\/button>\n\t\t\t<\/div>\n\t\t<\/form>\n\t<\/div><\/div><\/div><div class='evo_card_row_end evcal_close' title='Schlie\u00dfen'><\/div><\/div><div class='clear end'><\/div><\/div><div id=\"event_2116_7\" class=\"eventon_list_event evo_eventtop scheduled  event clrW no_et event_2116_7\" data-event_id=\"2116\" data-ri=\"7r\" data-time=\"1786951800-1787003940\" data-colr=\"#ffa024\" itemscope itemtype='http:\/\/schema.org\/Event'><div class=\"evo_event_schema\" style=\"display:none\" ><a itemprop='url'  href='https:\/\/latemarium.com\/de\/events\/geotrekking-monte-agnello\/var\/ri-7.l-L2'><\/a><meta itemprop='image' content=\"https:\/\/latemarium.com\/wp-content\/uploads\/2023\/06\/geotrail-monte-agnello.jpg\" \/><meta itemprop='startDate' content=\"2026-8-17T09:30+0:00\" \/><meta itemprop='endDate' content=\"2026-8-17T23:59+0:00\" \/><meta itemprop='eventStatus' content=\"https:\/\/schema.org\/EventScheduled\" \/><meta itemprop='eventAttendanceMode'   itemscope itemtype=\"https:\/\/schema.org\/OfflineEventAttendanceMode\"\/><div style=\"display:none\" itemprop=\"location\" itemscope itemtype=\"http:\/\/schema.org\/Place\"><span itemprop=\"name\">Bergh\u00fctte Monte Agnello<\/span><span itemprop=\"address\" itemscope itemtype=\"http:\/\/schema.org\/PostalAddress\"><item itemprop=\"streetAddress\">Loc. Pampeago, 9, 38038 Tesero TN<\/item><\/span><\/div><script type=\"application\/ld+json\">{\"@context\": \"http:\/\/schema.org\",\"@type\": \"Event\",\n\t\t\t\t\"@id\": \"event_2116_7\",\n\t\t\t\t\"eventAttendanceMode\":\"https:\/\/schema.org\/OfflineEventAttendanceMode\",\n\t\t\t\t\"eventStatus\":\"https:\/\/schema.org\/EventScheduled\",\n\t\t\t\t\"name\": \"Geotrekking Monte Agnello\",\n\t\t\t\t\"url\": \"https:\/\/latemarium.com\/de\/events\/geotrekking-monte-agnello\/var\/ri-7.l-L2\",\n\t\t\t\t\"startDate\": \"2026-8-17T09:30+0:00\",\n\t\t\t\t\"endDate\": \"2026-8-17T23:59+0:00\",\n\t\t\t\t\"image\":\"https:\/\/latemarium.com\/wp-content\/uploads\/2023\/06\/geotrail-monte-agnello.jpg\", \n\t\t\t\t\"description\":\"<p>Malerische geologische Route zur Entdeckung des antiken Vulkans Predazzo, gef\u00fchrt von einem erfahrenen Geologen und Medienbergf\u00fchrer.<\/p> <p>Ein Spaziergang auf den Spuren des Trias-Pompeji von Monte Agnello, wo Lava, Asche und Lapilli ein altes tropisches Atoll begruben.<\/p> <p>Die Route ist einfach, mit gut begehbaren Wegen, H\u00f6henunterschied ca. 350 Meter. Kostenlose Aktivit\u00e4t.<\/p> \",\"location\":[{\"@type\":\"Place\",\"name\":\"Bergh\u00fctte Monte Agnello\",\"address\":{\"@type\": \"PostalAddress\",\"streetAddress\":\"Loc. Pampeago, 9, 38038 Tesero TN\"}}]}<\/script><\/div>\r\n\t\t\t\t<p class=\"desc_trig_outter\" style=\"\"><a data-gmap_status=\"null\" data-exlk=\"0\" style=\"background-color: #ffa024;\" id=\"evc_17869518002116\" class=\"hasFtIMG event_repeat desc_trig sin_val evcal_list_a\" data-ux_val=\"3\" data-ux_val_mob=\"-\"  ><span class='evoet_c1 evoet_cx '><span class='ev_ftImg' data-img='https:\/\/latemarium.com\/wp-content\/uploads\/2023\/06\/geotrail-monte-agnello.jpg' data-thumb='https:\/\/latemarium.com\/wp-content\/uploads\/2023\/06\/geotrail-monte-agnello-300x240.jpg' style='background-image:url(\"https:\/\/latemarium.com\/wp-content\/uploads\/2023\/06\/geotrail-monte-agnello-300x240.jpg\")' ><\/span><\/span><span class='evoet_c2 evoet_cx '><span class='evoet_dayblock evcal_cblock ' data-bgcolor='#ffa024' data-smon='August' data-syr='2026' data-bub=''><span class='evo_start '><em class='date'>17<\/em><em class='month'>Aug<\/em><em class='time'>09:30<\/em><\/span><\/span><\/span><span class='evoet_c3 evoet_cx evcal_desc hide_eventtopdata '><span class='evoet_title evcal_desc2 evcal_event_title ' itemprop='name'>Geotrekking Monte Agnello<\/span><span class='event_location_attrs'  data-location_address=\"Loc. Pampeago, 9, 38038 Tesero TN\" data-location_type=\"lonlat\" data-location_name=\"Bergh\u00fctte Monte Agnello\" data-location_url=\"https:\/\/latemarium.com\/de\/event-location\/berghuette-monte-agnello\/\" data-location_status=\"true\" data-latlng=\"46.333809095680266,11.547693182509184\"><\/span><span class='evoet_subtitle evo_below_title' ><span class='evcal_event_subtitle ' >Geologische Route zur Entdeckung des antiken Vulkans Predazzo<\/span><\/span><span class='evoet_time_expand level_3'><em class='evcal_time evo_tz_time'><i class='fa fa-clock-o'><\/i>09:30<span class='evo_tz marl5'>(GMT+02:00)<\/span><\/em> <\/span><span class='evoet_location level_3'><em class=\"evcal_location\"  data-latlng=\"46.333809095680266,11.547693182509184\" data-add_str=\"Loc. Pampeago, 9, 38038 Tesero TN\" data-n=\"Bergh\u00fctte Monte Agnello\"><i class=\"fa fa-location-pin\"><\/i><em class=\"event_location_name\">Bergh\u00fctte Monte Agnello<\/em>, Loc. Pampeago, 9, 38038 Tesero TN<\/em><\/span><\/span><span class='evoet_data' data-d=\"{&quot;loc.n&quot;:&quot;Bergh\\u00fctte Monte Agnello&quot;,&quot;orgs&quot;:[],&quot;tags&quot;:{&quot;repeating&quot;:&quot;Repeating Event&quot;}}\" data-bgc=\"#ffa024\" data-bggrad=\"\" ><\/span><\/a><\/p><div class='event_description evcal_eventcard ' style=\"display:none\"><div class='evocard_row'><div id='event_ftimage' class='evocard_box ftimage' data-c='' \n\t\t\t\t\tstyle=''><div class='evocard_main_image_hold' data-t='Loading Image..'><div class='evocard_main_image evo_img_triglb evobr15 evobgsc evobgpc evodfx evofx_jc_c evofx_ai_c evofz48 minmized' style='height:300px; background-image:url();' data-f=\"https:\/\/latemarium.com\/wp-content\/uploads\/2023\/06\/geotrail-monte-agnello.jpg\" data-h=\"528\" data-w=\"661\" data-ratio=\"0.79878971255673\" data-event_id=\"2116\" data-ri=\"7\"  data-t='Loading Image..'><span style='height:300px; background-image:url(https:\/\/latemarium.com\/wp-content\/uploads\/2023\/06\/geotrail-monte-agnello.jpg)'><\/span><\/div><\/div><\/div><\/div><div class='evocard_row'><div id='event_eventdetails' class='evocard_box eventdetails' data-c='' \n\t\t\t\t\tstyle=''><div class='evo_metarow_details evorow evcal_evdata_row evcal_event_details'>\n\t\t<div class=\"event_excerpt\" style=\"display:none\"><h3 class=\"padb5 evo_h3\">Details zur Veranstaltung<\/h3><p>Malerische geologische Route zur Entdeckung des antiken Vulkans Predazzo, gef\u00fchrt von einem erfahrenen Geologen und Medienbergf\u00fchrer.\nEin Spaziergang auf den Spuren des Trias-Pompeji von Monte Agnello, wo Lava, Asche und Lapilli<\/p><\/div><span class='evcal_evdata_icons'><i class='fa fa-align-justify'><\/i><\/span>\n\t\t\n\t\t<div class='evcal_evdata_cell '>\n\t\t\t<div class='eventon_full_description'>\n\t\t\t\t<h3 class='padb5 evo_h3'><span class='evcal_evdata_icons'><i class='fa fa-align-justify'><\/i><\/span>Details zur Veranstaltung<\/h3>\n\t\t\t\t<div class='eventon_desc_in' itemprop='description'>\n\t\t\t\t<p>Malerische geologische Route zur Entdeckung des antiken Vulkans Predazzo, gef\u00fchrt von einem erfahrenen Geologen und Medienbergf\u00fchrer.<\/p>\n<p>Ein Spaziergang auf den Spuren des Trias-Pompeji von Monte Agnello, wo Lava, Asche und Lapilli ein altes tropisches Atoll begruben.<\/p>\n<p>Die Route ist einfach, mit gut begehbaren Wegen, H\u00f6henunterschied ca. 350 Meter. Kostenlose Aktivit\u00e4t.<\/p>\n<\/div><div class='clear'><\/div>\n\t\t\t<\/div>\n\t\t<\/div>\n\t<\/div><\/div><\/div><div class='evocard_row bx2 bx'><div id='event_time' class='evocard_box time' data-c='' \n\t\t\t\t\tstyle=''><div class='evo_metarow_time evorow evcal_evdata_row evcal_evrow_sm '>\n\t\t<span class='evcal_evdata_icons'><i class='fa fa-clock'><\/i><\/span>\n\t\t<div class='evcal_evdata_cell'>\t\t\t\t\t\t\t\n\t\t\t<h3 class='evo_h3'><span class='evcal_evdata_icons'><i class='fa fa-clock'><\/i><\/span>Zeitplan<\/h3><p><span class='evo_eventcard_time_t'>17 August 2026 09:30<\/span><span class='evo_tz marr5'>(GMT+02:00)<\/span><\/p>\n\t\t<\/div>\n\t<\/div><\/div><div id='event_location' class='evocard_box location' data-c='' \n\t\t\t\t\tstyle=''><div class='evcal_evdata_row evo_metarow_time_location evorow '>\n\t\t\n\t\t\t<span class='evcal_evdata_icons'><i class='fa fa-map-marker'><\/i><\/span>\n\t\t\t<div class='evcal_evdata_cell' data-loc_tax_id='25'><h3 class='evo_h3 evodfx'><span class='evcal_evdata_icons'><i class='fa fa-map-marker'><\/i><\/span><a target=\"_blank\" href=\"https:\/\/www.facebook.com\/profile.php?id=100064742944609\">Ort<\/a><\/h3><p class='evo_location_name'><a target=\"_blank\" href=\"https:\/\/www.facebook.com\/profile.php?id=100064742944609\">Bergh\u00fctte Monte Agnello<\/a><\/p><p class='evo_location_address evodfxi evogap10'><a target=\"_blank\" href=\"https:\/\/www.facebook.com\/profile.php?id=100064742944609\">Loc. Pampeago, 9, 38038 Tesero TN<\/a><\/p><div class='padt10'><span class='evo_btn_arr evolb_trigger' data-lbvals=\"{&quot;lbc&quot;:&quot;evo_location_lb_25&quot;,&quot;lbac&quot;:&quot;lb_max&quot;,&quot;t&quot;:&quot;Bergh\\u00fctte Monte Agnello&quot;,&quot;ajax&quot;:&quot;yes&quot;,&quot;ajax_type&quot;:&quot;endpoint&quot;,&quot;ajax_action&quot;:&quot;eventon_get_tax_card_content&quot;,&quot;end&quot;:&quot;client&quot;,&quot;d&quot;:{&quot;lang&quot;:&quot;L2&quot;,&quot;term_id&quot;:25,&quot;tax&quot;:&quot;event_location&quot;,&quot;load_lbcontent&quot;:true},&quot;uid&quot;:&quot;eventon_get_tax_card_content&quot;}\" >Other Events<i class='fa fa-chevron-right'><\/i><\/span><\/div><\/div>\n\t\t\n\t<\/div><\/div><\/div><div class='evocard_row bx2 bx'><div id='event_learnmore' class='evocard_box learnmore' data-c='' \n\t\t\t\t\tstyle=''><div class='evo_metarow_learnM evo_metarow_learnmore evorow'>\n\t\t\t\t\t\t\t<a class='evcal_evdata_row evo_clik_row ' href='https:\/\/latemarium.com\/de\/excursions\/detail\/geotrail-monte-agnello\/' target=\"_blank\">\n\t\t\t\t\t\t\t\t<span class='evcal_evdata_icons'><i class='fa fa-link'><\/i><\/span>\n\t\t\t\t\t\t\t\t<h3 class='evo_h3'>Entdecke mehr<\/h3>\n\t\t\t\t\t\t\t<\/a>\n\t\t\t\t\t\t\t<\/div><\/div><div id='event_addtocal' class='evocard_box addtocal' data-c='' \n\t\t\t\t\tstyle=''><div class='evo_metarow_ICS evorow evcal_evdata_row'>\n\t\t\t<span class='evcal_evdata_icons'><i class='fa fa-calendar-o'><\/i><\/span>\n\t\t\t<div class='evcal_evdata_cell'>\n\t\t\t\t<p><a href='https:\/\/latemarium.com\/de\/export-events\/2116_7\/?nonce=7b34e59f7d' class='evo_ics_nCal' title='Zu Ihrem Kalender hinzuf\u00fcgen'>Kalender<\/a><a href='https:\/\/www.google.com\/calendar\/event?action=TEMPLATE&text=Geotrekking+Monte+Agnello&dates=20260817T073000Z%2F20260817T215900Z&ctz=Europe%2FRome&details=Geotrekking Monte Agnello&location=Bergh%C3%BCtte+Monte+Agnello+Loc.+Pampeago%2C+9%2C+38038+Tesero+TN' target='_blank' class='evo_ics_gCal' title='Zu Google Kalender hinzuf\u00fcgen'>GoogleCal<\/a><\/p>\t\n\t\t\t<\/div>\n\t\t<\/div><\/div><\/div><div class='evocard_row'><div id='event_getdirection' class='evocard_box getdirection' data-c='' \n\t\t\t\t\tstyle=''><div class='evo_metarow_getDr evorow evcal_evdata_row evcal_evrow_sm getdirections'>\n\t\t<form action='https:\/\/maps.google.com\/maps' method='get' target='_blank'>\n\t\t\t<input type='hidden' name='daddr' value=\"46.333809095680266,11.547693182509184\"\/> \n\t\t\t<div class='evo_get_direction_content evo_fx_dr_r evogap10'>\n\t\t\t\t<span class='evogetdir_header evodfx evofx_dr_r evofx_ai_c marr10'>\n\t\t\t\t\t<i class='mainicon fa fa-road'><\/i> \n\t\t\t\t\t<h3 class='evo_h3' style='padding-bottom:5px;'>Wegbeschreibung abrufen<\/h3>\n\t\t\t\t<\/span>\n\t\t\t\t<span class='evogetdir_field evodfx evofx_1_1 evo_fx_dr_c evow100p'>\t\t\t\t\t\n\t\t\t\t\t<input class='evoInput evotac' type='text' name='saddr' placeholder='&quot;Geben Sie die Adresse ein' value='' style='margin:10px 0;'\/>\n\t\t\t\t<\/span>\n\t\t\t\t<button type='submit' class='evo_get_direction_button evo_btn_arr_circ dfx fx_ai_c' title='&quot;Klicken Sie hier'><i class='fa fa-chevron-right'><\/i> <\/button>\n\t\t\t<\/div>\n\t\t<\/form>\n\t<\/div><\/div><\/div><div class='evo_card_row_end evcal_close' title='Schlie\u00dfen'><\/div><\/div><div class='clear end'><\/div><\/div><div id=\"event_2140_13\" class=\"eventon_list_event evo_eventtop scheduled  event clrD no_et event_2140_13\" data-event_id=\"2140\" data-ri=\"13r\" data-time=\"1786957200-1787003940\" data-colr=\"#006290\" itemscope itemtype='http:\/\/schema.org\/Event'><div class=\"evo_event_schema\" style=\"display:none\" ><a itemprop='url'  href='https:\/\/latemarium.com\/de\/events\/wort-von-nikolaus-drache\/var\/ri-13.l-L2'><\/a><meta itemprop='image' content=\"https:\/\/latemarium.com\/wp-content\/uploads\/2023\/06\/foresta-dei-draghi-6.jpg\" \/><meta itemprop='startDate' content=\"2026-8-17T11:00+0:00\" \/><meta itemprop='endDate' content=\"2026-8-17T23:59+0:00\" \/><meta itemprop='eventStatus' content=\"https:\/\/schema.org\/EventScheduled\" \/><meta itemprop='eventAttendanceMode'   itemscope itemtype=\"https:\/\/schema.org\/OfflineEventAttendanceMode\"\/><script type=\"application\/ld+json\">{\"@context\": \"http:\/\/schema.org\",\"@type\": \"Event\",\n\t\t\t\t\"@id\": \"event_2140_13\",\n\t\t\t\t\"eventAttendanceMode\":\"https:\/\/schema.org\/OfflineEventAttendanceMode\",\n\t\t\t\t\"eventStatus\":\"https:\/\/schema.org\/EventScheduled\",\n\t\t\t\t\"name\": \"Wort von Nikolaus Drache\",\n\t\t\t\t\"url\": \"https:\/\/latemarium.com\/de\/events\/wort-von-nikolaus-drache\/var\/ri-13.l-L2\",\n\t\t\t\t\"startDate\": \"2026-8-17T11:00+0:00\",\n\t\t\t\t\"endDate\": \"2026-8-17T23:59+0:00\",\n\t\t\t\t\"image\":\"https:\/\/latemarium.com\/wp-content\/uploads\/2023\/06\/foresta-dei-draghi-6.jpg\", \n\t\t\t\t\"description\":\"<p>Sie springen, sie rennen, sie krabbeln, sie fliegen! Doch\u2026 sie sind nicht leicht zu sehen! Sie wissen sich gut zu verstecken \u2026 die schuppigen Schleicher! Wer sind sie? Aber die Drachen von Latemar! Einen zu treffen, und sei es nur einer, wird ein wunderbares Erlebnis sein! Ein Wort von Nikolaus Drache.<\/p> <p>Immer sonntags umd montags, vom 5. Juli bis zum 24. August 2026<br \/> bei der Bergstation der Gondelbahn Predazzo \u2013 Gardon\u00e8<br \/> um 11.00 und um 14.45 Uhr<br \/> F\u00fcr Familien mit Kindern ab 2 Jahren geeignet (Dauer: 1h30\u2018)<br \/> Vorstellung auf Italienisch<\/p> <p>&nbsp;<\/p> \"}<\/script><\/div>\r\n\t\t\t\t<p class=\"desc_trig_outter\" style=\"\"><a data-gmap_status=\"null\" data-exlk=\"0\" style=\"background-color: #006290;\" id=\"evc_17869572002140\" class=\"hasFtIMG event_repeat desc_trig sin_val evcal_list_a\" data-ux_val=\"3\" data-ux_val_mob=\"-\"  ><span class='evoet_c1 evoet_cx '><span class='ev_ftImg' data-img='https:\/\/latemarium.com\/wp-content\/uploads\/2023\/06\/foresta-dei-draghi-6.jpg' data-thumb='https:\/\/latemarium.com\/wp-content\/uploads\/2023\/06\/foresta-dei-draghi-6-300x200.jpg' style='background-image:url(\"https:\/\/latemarium.com\/wp-content\/uploads\/2023\/06\/foresta-dei-draghi-6-300x200.jpg\")' ><\/span><\/span><span class='evoet_c2 evoet_cx '><span class='evoet_dayblock evcal_cblock ' data-bgcolor='#006290' data-smon='August' data-syr='2026' data-bub=''><span class='evo_start '><em class='date'>17<\/em><em class='month'>Aug<\/em><em class='time'>11:00<\/em><\/span><\/span><\/span><span class='evoet_c3 evoet_cx evcal_desc hide_eventtopdata '><span class='evoet_title evcal_desc2 evcal_event_title ' itemprop='name'>Wort von Nikolaus Drache<\/span><span class='event_location_attrs' data-location_type=\"lonlat\" data-location_name=\"Seilbahn Ankunft Predazzo-Gardon\u00e8\" data-location_url=\"https:\/\/latemarium.com\/de\/event-location\/seilbahn-ankunft-predazzo-gardone\/\" data-location_status=\"true\" data-latlng=\"46.32878794406342,11.600176728690842\"><\/span><span class='evoet_subtitle evo_below_title' ><span class='evcal_event_subtitle ' >DER DRACHENWALD<\/span><\/span><span class='evoet_time_expand level_3'><em class='evcal_time evo_tz_time'><i class='fa fa-clock-o'><\/i>11:00<span class='evo_tz marl5'>(GMT+02:00)<\/span><\/em> <\/span><span class='evoet_location level_3'><em class=\"evcal_location\"  data-latlng=\"46.32878794406342,11.600176728690842\" data-add_str=\"\" data-n=\"Seilbahn Ankunft Predazzo-Gardon\u00e8\"><i class=\"fa fa-location-pin\"><\/i><em class=\"event_location_name\">Seilbahn Ankunft Predazzo-Gardon\u00e8<\/em><\/em><\/span><\/span><span class='evoet_data' data-d=\"{&quot;loc.n&quot;:&quot;Seilbahn Ankunft Predazzo-Gardon\\u00e8&quot;,&quot;orgs&quot;:[],&quot;tags&quot;:{&quot;repeating&quot;:&quot;Repeating Event&quot;}}\" data-bgc=\"#006290\" data-bggrad=\"\" ><\/span><\/a><\/p><div class='event_description evcal_eventcard ' style=\"display:none\"><div class='evocard_row'><div id='event_ftimage' class='evocard_box ftimage' data-c='' \n\t\t\t\t\tstyle=''><div class='evocard_main_image_hold' data-t='Loading Image..'><div class='evocard_main_image evo_img_triglb evobr15 evobgsc evobgpc evodfx evofx_jc_c evofx_ai_c evofz48 minmized' style='height:300px; background-image:url();' data-f=\"https:\/\/latemarium.com\/wp-content\/uploads\/2023\/06\/foresta-dei-draghi-6.jpg\" data-h=\"800\" data-w=\"1200\" data-ratio=\"0.66666666666667\" data-event_id=\"2140\" data-ri=\"13\"  data-t='Loading Image..'><span style='height:300px; background-image:url(https:\/\/latemarium.com\/wp-content\/uploads\/2023\/06\/foresta-dei-draghi-6.jpg)'><\/span><\/div><\/div><\/div><\/div><div class='evocard_row'><div id='event_eventdetails' class='evocard_box eventdetails' data-c='' \n\t\t\t\t\tstyle=''><div class='evo_metarow_details evorow evcal_evdata_row evcal_event_details'>\n\t\t<div class=\"event_excerpt\" style=\"display:none\"><h3 class=\"padb5 evo_h3\">Details zur Veranstaltung<\/h3><p>Sie springen, sie rennen, sie krabbeln, sie fliegen! Doch\u2026 sie sind nicht leicht zu sehen! Sie wissen sich gut zu verstecken \u2026 die schuppigen Schleicher! Wer sind sie? Aber die<\/p><\/div><span class='evcal_evdata_icons'><i class='fa fa-align-justify'><\/i><\/span>\n\t\t\n\t\t<div class='evcal_evdata_cell '>\n\t\t\t<div class='eventon_full_description'>\n\t\t\t\t<h3 class='padb5 evo_h3'><span class='evcal_evdata_icons'><i class='fa fa-align-justify'><\/i><\/span>Details zur Veranstaltung<\/h3>\n\t\t\t\t<div class='eventon_desc_in' itemprop='description'>\n\t\t\t\t<p>Sie springen, sie rennen, sie krabbeln, sie fliegen! Doch\u2026 sie sind nicht leicht zu sehen! Sie wissen sich gut zu verstecken \u2026 die schuppigen Schleicher! Wer sind sie? Aber die Drachen von Latemar! Einen zu treffen, und sei es nur einer, wird ein wunderbares Erlebnis sein! Ein Wort von Nikolaus Drache.<\/p>\n<p>Immer sonntags umd montags, vom 5. Juli bis zum 24. August 2026<br \/>\nbei der Bergstation der Gondelbahn Predazzo \u2013 Gardon\u00e8<br \/>\num 11.00 und um 14.45 Uhr<br \/>\nF\u00fcr Familien mit Kindern ab 2 Jahren geeignet (Dauer: 1h30\u2018)<br \/>\nVorstellung auf Italienisch<\/p>\n<p>&nbsp;<\/p>\n<\/div><div class='clear'><\/div>\n\t\t\t<\/div>\n\t\t<\/div>\n\t<\/div><\/div><\/div><div class='evocard_row bx2 bx'><div id='event_time' class='evocard_box time' data-c='' \n\t\t\t\t\tstyle=''><div class='evo_metarow_time evorow evcal_evdata_row evcal_evrow_sm '>\n\t\t<span class='evcal_evdata_icons'><i class='fa fa-clock'><\/i><\/span>\n\t\t<div class='evcal_evdata_cell'>\t\t\t\t\t\t\t\n\t\t\t<h3 class='evo_h3'><span class='evcal_evdata_icons'><i class='fa fa-clock'><\/i><\/span>Zeitplan<\/h3><p><span class='evo_eventcard_time_t'>17 August 2026 11:00<\/span><span class='evo_tz marr5'>(GMT+02:00)<\/span><\/p>\n\t\t<\/div>\n\t<\/div><\/div><div id='event_location' class='evocard_box location' data-c='' \n\t\t\t\t\tstyle=''><div class='evcal_evdata_row evo_metarow_time_location evorow '>\n\t\t\n\t\t\t<span class='evcal_evdata_icons'><i class='fa fa-map-marker'><\/i><\/span>\n\t\t\t<div class='evcal_evdata_cell' data-loc_tax_id='36'><h3 class='evo_h3 evodfx'><span class='evcal_evdata_icons'><i class='fa fa-map-marker'><\/i><\/span>Ort<\/h3><p class='evo_location_name'>Seilbahn Ankunft Predazzo-Gardon\u00e8<\/p><div class='padt10'><span class='evo_btn_arr evolb_trigger' data-lbvals=\"{&quot;lbc&quot;:&quot;evo_location_lb_36&quot;,&quot;lbac&quot;:&quot;lb_max&quot;,&quot;t&quot;:&quot;Seilbahn Ankunft Predazzo-Gardon\\u00e8&quot;,&quot;ajax&quot;:&quot;yes&quot;,&quot;ajax_type&quot;:&quot;endpoint&quot;,&quot;ajax_action&quot;:&quot;eventon_get_tax_card_content&quot;,&quot;end&quot;:&quot;client&quot;,&quot;d&quot;:{&quot;lang&quot;:&quot;L2&quot;,&quot;term_id&quot;:36,&quot;tax&quot;:&quot;event_location&quot;,&quot;load_lbcontent&quot;:true},&quot;uid&quot;:&quot;eventon_get_tax_card_content&quot;}\" >Other Events<i class='fa fa-chevron-right'><\/i><\/span><\/div><\/div>\n\t\t\n\t<\/div><\/div><\/div><div class='evocard_row bx2 bx'><div id='event_learnmore' class='evocard_box learnmore' data-c='' \n\t\t\t\t\tstyle=''><div class='evo_metarow_learnM evo_metarow_learnmore evorow'>\n\t\t\t\t\t\t\t<a class='evcal_evdata_row evo_clik_row ' href='https:\/\/www.montagnanimata.it\/de\/spektakel\/' target=\"_blank\">\n\t\t\t\t\t\t\t\t<span class='evcal_evdata_icons'><i class='fa fa-link'><\/i><\/span>\n\t\t\t\t\t\t\t\t<h3 class='evo_h3'>Entdecke mehr<\/h3>\n\t\t\t\t\t\t\t<\/a>\n\t\t\t\t\t\t\t<\/div><\/div><div id='event_addtocal' class='evocard_box addtocal' data-c='' \n\t\t\t\t\tstyle=''><div class='evo_metarow_ICS evorow evcal_evdata_row'>\n\t\t\t<span class='evcal_evdata_icons'><i class='fa fa-calendar-o'><\/i><\/span>\n\t\t\t<div class='evcal_evdata_cell'>\n\t\t\t\t<p><a href='https:\/\/latemarium.com\/de\/export-events\/2140_13\/?nonce=7b34e59f7d' class='evo_ics_nCal' title='Zu Ihrem Kalender hinzuf\u00fcgen'>Kalender<\/a><a href='https:\/\/www.google.com\/calendar\/event?action=TEMPLATE&text=Wort+von+Nikolaus+Drache&dates=20260817T090000Z%2F20260817T215900Z&ctz=Europe%2FRome&details=Wort von Nikolaus Drache&location=Seilbahn+Ankunft+Predazzo-Gardon%C3%A8' target='_blank' class='evo_ics_gCal' title='Zu Google Kalender hinzuf\u00fcgen'>GoogleCal<\/a><\/p>\t\n\t\t\t<\/div>\n\t\t<\/div><\/div><\/div><div class='evocard_row'><div id='event_getdirection' class='evocard_box getdirection' data-c='' \n\t\t\t\t\tstyle=''><div class='evo_metarow_getDr evorow evcal_evdata_row evcal_evrow_sm getdirections'>\n\t\t<form action='https:\/\/maps.google.com\/maps' method='get' target='_blank'>\n\t\t\t<input type='hidden' name='daddr' value=\"46.32878794406342,11.600176728690842\"\/> \n\t\t\t<div class='evo_get_direction_content evo_fx_dr_r evogap10'>\n\t\t\t\t<span class='evogetdir_header evodfx evofx_dr_r evofx_ai_c marr10'>\n\t\t\t\t\t<i class='mainicon fa fa-road'><\/i> \n\t\t\t\t\t<h3 class='evo_h3' style='padding-bottom:5px;'>Wegbeschreibung abrufen<\/h3>\n\t\t\t\t<\/span>\n\t\t\t\t<span class='evogetdir_field evodfx evofx_1_1 evo_fx_dr_c evow100p'>\t\t\t\t\t\n\t\t\t\t\t<input class='evoInput evotac' type='text' name='saddr' placeholder='&quot;Geben Sie die Adresse ein' value='' style='margin:10px 0;'\/>\n\t\t\t\t<\/span>\n\t\t\t\t<button type='submit' class='evo_get_direction_button evo_btn_arr_circ dfx fx_ai_c' title='&quot;Klicken Sie hier'><i class='fa fa-chevron-right'><\/i> <\/button>\n\t\t\t<\/div>\n\t\t<\/form>\n\t<\/div><\/div><\/div><div class='evo_card_row_end evcal_close' title='Schlie\u00dfen'><\/div><\/div><div class='clear end'><\/div><\/div><div id=\"event_2154_16\" class=\"eventon_list_event evo_eventtop scheduled  event clrW no_et event_2154_16\" data-event_id=\"2154\" data-ri=\"16r\" data-time=\"1786972800-1787003940\" data-colr=\"#b8d989\" itemscope itemtype='http:\/\/schema.org\/Event'><div class=\"evo_event_schema\" style=\"display:none\" ><a itemprop='url'  href='https:\/\/latemarium.com\/de\/events\/die-geraeusche-und-das-leben-der-malga\/var\/ri-16.l-L2'><\/a><meta itemprop='image' content=\"https:\/\/latemarium.com\/wp-content\/uploads\/2023\/06\/suoni-vita-malga.jpg\" \/><meta itemprop='startDate' content=\"2026-8-17T15:20+0:00\" \/><meta itemprop='endDate' content=\"2026-8-17T23:59+0:00\" \/><meta itemprop='eventStatus' content=\"https:\/\/schema.org\/EventScheduled\" \/><meta itemprop='eventAttendanceMode'   itemscope itemtype=\"https:\/\/schema.org\/OfflineEventAttendanceMode\"\/><div style=\"display:none\" itemprop=\"location\" itemscope itemtype=\"http:\/\/schema.org\/Place\"><span itemprop=\"name\">Pampeago<\/span><span itemprop=\"address\" itemscope itemtype=\"http:\/\/schema.org\/PostalAddress\"><item itemprop=\"streetAddress\">Localit\u00e0 Pampeago, 8, 38038 Tesero TN<\/item><\/span><\/div><script type=\"application\/ld+json\">{\"@context\": \"http:\/\/schema.org\",\"@type\": \"Event\",\n\t\t\t\t\"@id\": \"event_2154_16\",\n\t\t\t\t\"eventAttendanceMode\":\"https:\/\/schema.org\/OfflineEventAttendanceMode\",\n\t\t\t\t\"eventStatus\":\"https:\/\/schema.org\/EventScheduled\",\n\t\t\t\t\"name\": \"Die Ger\u00e4usche und das Leben der Malga\",\n\t\t\t\t\"url\": \"https:\/\/latemarium.com\/de\/events\/die-geraeusche-und-das-leben-der-malga\/var\/ri-16.l-L2\",\n\t\t\t\t\"startDate\": \"2026-8-17T15:20+0:00\",\n\t\t\t\t\"endDate\": \"2026-8-17T23:59+0:00\",\n\t\t\t\t\"image\":\"https:\/\/latemarium.com\/wp-content\/uploads\/2023\/06\/suoni-vita-malga.jpg\", \n\t\t\t\t\"description\":\"<p>Treffpunkt am Parkplatz des Tresca-Sessellifts (mit dem Auto von Pampeago erreichbar &#8211; NUR f\u00fcr diejenigen, die die Aktivit\u00e4t buchen).<\/p> <p>Nach einem kurzen Spaziergang zur Malga Pampeago entdecken Kinder und Eltern zwischen K\u00fchen, K\u00e4lbern, Eseln und Schweinen den Alltag und die Ger\u00e4usche, die das Leben der Hirten pr\u00e4gen.<\/p> <p>Am Ende der Aktivit\u00e4t gibt es einen kleinen Snack, den die Kinder genie\u00dfen oder mit nach Hause nehmen k\u00f6nnen.<\/p> <p>Aktivit\u00e4t auch mit Kinderwagen m\u00f6glich. <a href='https:\/\/www.visitfiemme.it\/de\/veranstaltungen\/fiemme-cembra-guest-card\/erlebnisse\/erlebnisse-sommer' target='_blank' rel='noopener'>Reservierung erforderlich<\/a>.<\/p> \",\"location\":[{\"@type\":\"Place\",\"name\":\"Pampeago\",\"address\":{\"@type\": \"PostalAddress\",\"streetAddress\":\"Localit\u00e0 Pampeago, 8, 38038 Tesero TN\"}}]}<\/script><\/div>\r\n\t\t\t\t<p class=\"desc_trig_outter\" style=\"\"><a data-gmap_status=\"null\" data-exlk=\"0\" style=\"background-color: #b8d989;\" id=\"evc_17869728002154\" class=\"hasFtIMG event_repeat desc_trig sin_val evcal_list_a\" data-ux_val=\"3\" data-ux_val_mob=\"-\"  ><span class='evoet_c1 evoet_cx '><span class='ev_ftImg' data-img='https:\/\/latemarium.com\/wp-content\/uploads\/2023\/06\/suoni-vita-malga.jpg' data-thumb='https:\/\/latemarium.com\/wp-content\/uploads\/2023\/06\/suoni-vita-malga-300x225.jpg' style='background-image:url(\"https:\/\/latemarium.com\/wp-content\/uploads\/2023\/06\/suoni-vita-malga-300x225.jpg\")' ><\/span><\/span><span class='evoet_c2 evoet_cx '><span class='evoet_dayblock evcal_cblock ' data-bgcolor='#b8d989' data-smon='August' data-syr='2026' data-bub=''><span class='evo_start '><em class='date'>17<\/em><em class='month'>Aug<\/em><em class='time'>15:20<\/em><\/span><\/span><\/span><span class='evoet_c3 evoet_cx evcal_desc hide_eventtopdata '><span class='evoet_title evcal_desc2 evcal_event_title ' itemprop='name'>Die Ger\u00e4usche und das Leben der Malga<\/span><span class='event_location_attrs'  data-location_address=\"Localit\u00e0 Pampeago, 8, 38038 Tesero TN\" data-location_type=\"lonlat\" data-location_name=\"Pampeago\" data-location_url=\"https:\/\/latemarium.com\/de\/event-location\/pampeago-de\/\" data-location_status=\"true\" data-latlng=\"46.34343697644898,11.540997527961546\"><\/span><span class='evoet_subtitle evo_below_title' ><\/span><span class='evoet_time_expand level_3'><em class='evcal_time evo_tz_time'><i class='fa fa-clock-o'><\/i>15:20<span class='evo_tz marl5'>(GMT+02:00)<\/span><\/em> <\/span><span class='evoet_location level_3'><em class=\"evcal_location\"  data-latlng=\"46.34343697644898,11.540997527961546\" data-add_str=\"Localit\u00e0 Pampeago, 8, 38038 Tesero TN\" data-n=\"Pampeago\"><i class=\"fa fa-location-pin\"><\/i><em class=\"event_location_name\">Pampeago<\/em>, Localit\u00e0 Pampeago, 8, 38038 Tesero TN<\/em><\/span><\/span><span class='evoet_data' data-d=\"{&quot;loc.n&quot;:&quot;Pampeago&quot;,&quot;orgs&quot;:[],&quot;tags&quot;:{&quot;repeating&quot;:&quot;Repeating Event&quot;}}\" data-bgc=\"#b8d989\" data-bggrad=\"\" ><\/span><\/a><\/p><div class='event_description evcal_eventcard ' style=\"display:none\"><div class='evocard_row'><div id='event_ftimage' class='evocard_box ftimage' data-c='' \n\t\t\t\t\tstyle=''><div class='evocard_main_image_hold' data-t='Loading Image..'><div class='evocard_main_image evo_img_triglb evobr15 evobgsc evobgpc evodfx evofx_jc_c evofx_ai_c evofz48 minmized' style='height:300px; background-image:url();' data-f=\"https:\/\/latemarium.com\/wp-content\/uploads\/2023\/06\/suoni-vita-malga.jpg\" data-h=\"796\" data-w=\"1062\" data-ratio=\"0.74952919020716\" data-event_id=\"2154\" data-ri=\"16\"  data-t='Loading Image..'><span style='height:300px; background-image:url(https:\/\/latemarium.com\/wp-content\/uploads\/2023\/06\/suoni-vita-malga.jpg)'><\/span><\/div><\/div><\/div><\/div><div class='evocard_row'><div id='event_eventdetails' class='evocard_box eventdetails' data-c='' \n\t\t\t\t\tstyle=''><div class='evo_metarow_details evorow evcal_evdata_row evcal_event_details'>\n\t\t<div class=\"event_excerpt\" style=\"display:none\"><h3 class=\"padb5 evo_h3\">Details zur Veranstaltung<\/h3><p>Treffpunkt am Parkplatz des Tresca-Sessellifts (mit dem Auto von Pampeago erreichbar &#8211; NUR f\u00fcr diejenigen, die die Aktivit\u00e4t buchen).\nNach einem kurzen Spaziergang zur Malga Pampeago entdecken Kinder und Eltern zwischen<\/p><\/div><span class='evcal_evdata_icons'><i class='fa fa-align-justify'><\/i><\/span>\n\t\t\n\t\t<div class='evcal_evdata_cell shorter_desc'>\n\t\t\t<div class='eventon_full_description'>\n\t\t\t\t<h3 class='padb5 evo_h3'><span class='evcal_evdata_icons'><i class='fa fa-align-justify'><\/i><\/span>Details zur Veranstaltung<\/h3>\n\t\t\t\t<div class='eventon_desc_in' itemprop='description'>\n\t\t\t\t<p>Treffpunkt am Parkplatz des Tresca-Sessellifts (mit dem Auto von Pampeago erreichbar &#8211; NUR f\u00fcr diejenigen, die die Aktivit\u00e4t buchen).<\/p>\n<p>Nach einem kurzen Spaziergang zur Malga Pampeago entdecken Kinder und Eltern zwischen K\u00fchen, K\u00e4lbern, Eseln und Schweinen den Alltag und die Ger\u00e4usche, die das Leben der Hirten pr\u00e4gen.<\/p>\n<p>Am Ende der Aktivit\u00e4t gibt es einen kleinen Snack, den die Kinder genie\u00dfen oder mit nach Hause nehmen k\u00f6nnen.<\/p>\n<p>Aktivit\u00e4t auch mit Kinderwagen m\u00f6glich. <a href=\"https:\/\/www.visitfiemme.it\/de\/veranstaltungen\/fiemme-cembra-guest-card\/erlebnisse\/erlebnisse-sommer\" target=\"_blank\" rel=\"noopener\">Reservierung erforderlich<\/a>.<\/p>\n<\/div><p class='eventon_shad_p' style='padding:5px 0 0; margin:0'>\n\t\t\t<span class='evcal_btn evo_btn_secondary evobtn_details_show_more' content='less'>\n\t\t\t\t<span class='ev_more_text' data-txt='Weniger'>Mehr<\/span><span class='ev_more_arrow ard'><\/span>\n\t\t\t<\/span>\n\t\t<\/p><div class='clear'><\/div>\n\t\t\t<\/div>\n\t\t<\/div>\n\t<\/div><\/div><\/div><div class='evocard_row bx2 bx'><div id='event_time' class='evocard_box time' data-c='' \n\t\t\t\t\tstyle=''><div class='evo_metarow_time evorow evcal_evdata_row evcal_evrow_sm '>\n\t\t<span class='evcal_evdata_icons'><i class='fa fa-clock'><\/i><\/span>\n\t\t<div class='evcal_evdata_cell'>\t\t\t\t\t\t\t\n\t\t\t<h3 class='evo_h3'><span class='evcal_evdata_icons'><i class='fa fa-clock'><\/i><\/span>Zeitplan<\/h3><p><span class='evo_eventcard_time_t'>17 August 2026 15:20<\/span><span class='evo_tz marr5'>(GMT+02:00)<\/span><\/p>\n\t\t<\/div>\n\t<\/div><\/div><div id='event_location' class='evocard_box location' data-c='' \n\t\t\t\t\tstyle=''><div class='evcal_evdata_row evo_metarow_time_location evorow '>\n\t\t\n\t\t\t<span class='evcal_evdata_icons'><i class='fa fa-map-marker'><\/i><\/span>\n\t\t\t<div class='evcal_evdata_cell' data-loc_tax_id='32'><h3 class='evo_h3 evodfx'><span class='evcal_evdata_icons'><i class='fa fa-map-marker'><\/i><\/span>Ort<\/h3><p class='evo_location_name'>Pampeago<\/p><p class='evo_location_address evodfxi evogap10'>Localit\u00e0 Pampeago, 8, 38038 Tesero TN<\/p><div class='padt10'><span class='evo_btn_arr evolb_trigger' data-lbvals=\"{&quot;lbc&quot;:&quot;evo_location_lb_32&quot;,&quot;lbac&quot;:&quot;lb_max&quot;,&quot;t&quot;:&quot;Pampeago&quot;,&quot;ajax&quot;:&quot;yes&quot;,&quot;ajax_type&quot;:&quot;endpoint&quot;,&quot;ajax_action&quot;:&quot;eventon_get_tax_card_content&quot;,&quot;end&quot;:&quot;client&quot;,&quot;d&quot;:{&quot;lang&quot;:&quot;L2&quot;,&quot;term_id&quot;:32,&quot;tax&quot;:&quot;event_location&quot;,&quot;load_lbcontent&quot;:true},&quot;uid&quot;:&quot;eventon_get_tax_card_content&quot;}\" >Other Events<i class='fa fa-chevron-right'><\/i><\/span><\/div><\/div>\n\t\t\n\t<\/div><\/div><\/div><div class='evocard_row'><div id='event_addtocal' class='evocard_box addtocal' data-c='' \n\t\t\t\t\tstyle=''><div class='evo_metarow_ICS evorow evcal_evdata_row'>\n\t\t\t<span class='evcal_evdata_icons'><i class='fa fa-calendar-o'><\/i><\/span>\n\t\t\t<div class='evcal_evdata_cell'>\n\t\t\t\t<p><a href='https:\/\/latemarium.com\/de\/export-events\/2154_16\/?nonce=7b34e59f7d' class='evo_ics_nCal' title='Zu Ihrem Kalender hinzuf\u00fcgen'>Kalender<\/a><a href='https:\/\/www.google.com\/calendar\/event?action=TEMPLATE&text=Die+Ger%C3%A4usche+und+das+Leben+der+Malga&dates=20260817T132000Z%2F20260817T215900Z&ctz=Europe%2FRome&details=Die Ger\u00e4usche und das Leben der Malga&location=Pampeago+Localit%C3%A0+Pampeago%2C+8%2C+38038+Tesero+TN' target='_blank' class='evo_ics_gCal' title='Zu Google Kalender hinzuf\u00fcgen'>GoogleCal<\/a><\/p>\t\n\t\t\t<\/div>\n\t\t<\/div><\/div><\/div><div class='evocard_row'><div id='event_getdirection' class='evocard_box getdirection' data-c='' \n\t\t\t\t\tstyle=''><div class='evo_metarow_getDr evorow evcal_evdata_row evcal_evrow_sm getdirections'>\n\t\t<form action='https:\/\/maps.google.com\/maps' method='get' target='_blank'>\n\t\t\t<input type='hidden' name='daddr' value=\"Localit\u00e0 Pampeago, 8, 38038 Tesero TN\"\/> \n\t\t\t<div class='evo_get_direction_content evo_fx_dr_r evogap10'>\n\t\t\t\t<span class='evogetdir_header evodfx evofx_dr_r evofx_ai_c marr10'>\n\t\t\t\t\t<i class='mainicon fa fa-road'><\/i> \n\t\t\t\t\t<h3 class='evo_h3' style='padding-bottom:5px;'>Wegbeschreibung abrufen<\/h3>\n\t\t\t\t<\/span>\n\t\t\t\t<span class='evogetdir_field evodfx evofx_1_1 evo_fx_dr_c evow100p'>\t\t\t\t\t\n\t\t\t\t\t<input class='evoInput evotac' type='text' name='saddr' placeholder='&quot;Geben Sie die Adresse ein' value='' style='margin:10px 0;'\/>\n\t\t\t\t<\/span>\n\t\t\t\t<button type='submit' class='evo_get_direction_button evo_btn_arr_circ dfx fx_ai_c' title='&quot;Klicken Sie hier'><i class='fa fa-chevron-right'><\/i> <\/button>\n\t\t\t<\/div>\n\t\t<\/form>\n\t<\/div><\/div><\/div><div class='evo_card_row_end evcal_close' title='Schlie\u00dfen'><\/div><\/div><div class='clear end'><\/div><\/div><div id=\"event_2489_8\" class=\"eventon_list_event evo_eventtop scheduled  event clrD no_et event_2489_8\" data-event_id=\"2489\" data-ri=\"8r\" data-time=\"1787038200-1787090340\" data-colr=\"#38823b\" itemscope itemtype='http:\/\/schema.org\/Event'><div class=\"evo_event_schema\" style=\"display:none\" ><a itemprop='url'  href='https:\/\/latemarium.com\/de\/events\/respirart-kunst-und-natur\/var\/ri-8.l-L2'><\/a><meta itemprop='image' content=\"https:\/\/latemarium.com\/wp-content\/uploads\/2023\/06\/respirart-respiro-arte-natura.jpg\" \/><meta itemprop='startDate' content=\"2026-8-18T09:30+0:00\" \/><meta itemprop='endDate' content=\"2026-8-18T23:59+0:00\" \/><meta itemprop='eventStatus' content=\"https:\/\/schema.org\/EventScheduled\" \/><meta itemprop='eventAttendanceMode'   itemscope itemtype=\"https:\/\/schema.org\/OfflineEventAttendanceMode\"\/><div style=\"display:none\" itemprop=\"location\" itemscope itemtype=\"http:\/\/schema.org\/Place\"><span itemprop=\"name\">Pampeago<\/span><span itemprop=\"address\" itemscope itemtype=\"http:\/\/schema.org\/PostalAddress\"><item itemprop=\"streetAddress\">Localit\u00e0 Pampeago, 8, 38038 Tesero TN<\/item><\/span><\/div><script type=\"application\/ld+json\">{\"@context\": \"http:\/\/schema.org\",\"@type\": \"Event\",\n\t\t\t\t\"@id\": \"event_2489_8\",\n\t\t\t\t\"eventAttendanceMode\":\"https:\/\/schema.org\/OfflineEventAttendanceMode\",\n\t\t\t\t\"eventStatus\":\"https:\/\/schema.org\/EventScheduled\",\n\t\t\t\t\"name\": \"Respirart: Kunst und Natur\",\n\t\t\t\t\"url\": \"https:\/\/latemarium.com\/de\/events\/respirart-kunst-und-natur\/var\/ri-8.l-L2\",\n\t\t\t\t\"startDate\": \"2026-8-18T09:30+0:00\",\n\t\t\t\t\"endDate\": \"2026-8-18T23:59+0:00\",\n\t\t\t\t\"image\":\"https:\/\/latemarium.com\/wp-content\/uploads\/2023\/06\/respirart-respiro-arte-natura.jpg\", \n\t\t\t\t\"description\":\"<h2>Kunst in der H\u00f6he: Entdeckungsreise durch RespirArt zwischen Natur und Installationen<\/h2> <p><span data-sheets-value='{&quot;1&quot;:2,&quot;2&quot;:&quot;Es beginnt um 9.30 Uhr vor dem Agnello-Sessellift-Seminovia, wo Sie den k\u00fcnstlerischen F\u00fchrer treffen, der Ihnen die Samen liefert und Sie bei der Aussaat von Blumen von oben begleitet, um Blumen zu erzeugen und so die Erde, die Bienen, die Ziegen und die K\u00fche Anschlie\u00dfend f\u00fchrt Sie der F\u00fchrer zu den Kunstwerken im Park. Auf dem 3 km langen Rundgang entdecken Sie die Inspirationen der K\u00fcnstler, die in Anwesenheit des Latemar k\u00fcnstlerische Gesten schufen.\\r\\nAktivit\u00e4t f\u00fcr Erwachsene geeignet\\r\\nKostenlose Aktivit\u00e4t (ohne Liftticket)\\r\\n&quot;}' data-sheets-userformat='{&quot;2&quot;:15235,&quot;3&quot;:{&quot;1&quot;:0},&quot;4&quot;:{&quot;1&quot;:2,&quot;2&quot;:15987699},&quot;10&quot;:1,&quot;11&quot;:1,&quot;12&quot;:0,&quot;14&quot;:{&quot;1&quot;:2,&quot;2&quot;:5592405},&quot;15&quot;:&quot;Roboto&quot;,&quot;16&quot;:10}'>Es beginnt um 9.30 Uhr vor dem Agnello-Sessellift-&#8220;Seminovia&#8221;, wo Sie den k\u00fcnstlerischen F\u00fchrer treffen, der Ihnen die Samen liefert und Sie bei der Aussaat von Blumen von oben begleitet, um Blumen zu erzeugen und so die Erde, die Bienen, die Ziegen und die K\u00fche. <\/span><\/p> <p><span data-sheets-value='{&quot;1&quot;:2,&quot;2&quot;:&quot;Es beginnt um 9.30 Uhr vor dem Agnello-Sessellift-Seminovia, wo Sie den k\u00fcnstlerischen F\u00fchrer treffen, der Ihnen die Samen liefert und Sie bei der Aussaat von Blumen von oben begleitet, um Blumen zu erzeugen und so die Erde, die Bienen, die Ziegen und die K\u00fche Anschlie\u00dfend f\u00fchrt Sie der F\u00fchrer zu den Kunstwerken im Park. Auf dem 3 km langen Rundgang entdecken Sie die Inspirationen der K\u00fcnstler, die in Anwesenheit des Latemar k\u00fcnstlerische Gesten schufen.\\r\\nAktivit\u00e4t f\u00fcr Erwachsene geeignet\\r\\nKostenlose Aktivit\u00e4t (ohne Liftticket)\\r\\n&quot;}' data-sheets-userformat='{&quot;2&quot;:15235,&quot;3&quot;:{&quot;1&quot;:0},&quot;4&quot;:{&quot;1&quot;:2,&quot;2&quot;:15987699},&quot;10&quot;:1,&quot;11&quot;:1,&quot;12&quot;:0,&quot;14&quot;:{&quot;1&quot;:2,&quot;2&quot;:5592405},&quot;15&quot;:&quot;Roboto&quot;,&quot;16&quot;:10}'>Anschlie\u00dfend f\u00fchrt Sie der F\u00fchrer zu den Kunstwerken im Park. Auf dem 3 km langen Rundgang entdecken Sie die Inspirationen der K\u00fcnstler, die in Anwesenheit des Latemar k\u00fcnstlerische Gesten schufen. <\/span><\/p> <p><span data-sheets-value='{&quot;1&quot;:2,&quot;2&quot;:&quot;Es beginnt um 9.30 Uhr vor dem Agnello-Sessellift-Seminovia, wo Sie den k\u00fcnstlerischen F\u00fchrer treffen, der Ihnen die Samen liefert und Sie bei der Aussaat von Blumen von oben begleitet, um Blumen zu erzeugen und so die Erde, die Bienen, die Ziegen und die K\u00fche Anschlie\u00dfend f\u00fchrt Sie der F\u00fchrer zu den Kunstwerken im Park. Auf dem 3 km langen Rundgang entdecken Sie die Inspirationen der K\u00fcnstler, die in Anwesenheit des Latemar k\u00fcnstlerische Gesten schufen.\\r\\nAktivit\u00e4t f\u00fcr Erwachsene geeignet\\r\\nKostenlose Aktivit\u00e4t (ohne Liftticket)\\r\\n&quot;}' data-sheets-userformat='{&quot;2&quot;:15235,&quot;3&quot;:{&quot;1&quot;:0},&quot;4&quot;:{&quot;1&quot;:2,&quot;2&quot;:15987699},&quot;10&quot;:1,&quot;11&quot;:1,&quot;12&quot;:0,&quot;14&quot;:{&quot;1&quot;:2,&quot;2&quot;:5592405},&quot;15&quot;:&quot;Roboto&quot;,&quot;16&quot;:10}'>Aktivit\u00e4t f\u00fcr Erwachsene.<\/span><\/p> <p><a href='https:\/\/www.visitfiemme.it\/de\/veranstaltungen\/fiemme-cembra-guest-card\/erlebnisse\/erlebnisse-sommer' target='_blank' rel='noopener'>Reservierung erforderlich<\/a>.<\/p> \",\"location\":[{\"@type\":\"Place\",\"name\":\"Pampeago\",\"address\":{\"@type\": \"PostalAddress\",\"streetAddress\":\"Localit\u00e0 Pampeago, 8, 38038 Tesero TN\"}}]}<\/script><\/div>\r\n\t\t\t\t<p class=\"desc_trig_outter\" style=\"\"><a data-gmtrig=\"1\" data-exlk=\"0\" style=\"background-color: #38823b;\" id=\"evc_17870382002489\" class=\"hasFtIMG event_repeat desc_trig sin_val evcal_list_a\" data-ux_val=\"3\" data-ux_val_mob=\"-\"  ><span class='evoet_c1 evoet_cx '><span class='ev_ftImg' data-img='https:\/\/latemarium.com\/wp-content\/uploads\/2023\/06\/respirart-respiro-arte-natura.jpg' data-thumb='https:\/\/latemarium.com\/wp-content\/uploads\/2023\/06\/respirart-respiro-arte-natura-300x201.jpg' style='background-image:url(\"https:\/\/latemarium.com\/wp-content\/uploads\/2023\/06\/respirart-respiro-arte-natura-300x201.jpg\")' ><\/span><\/span><span class='evoet_c2 evoet_cx '><span class='evoet_dayblock evcal_cblock ' data-bgcolor='#38823b' data-smon='August' data-syr='2026' data-bub=''><span class='evo_start '><em class='date'>18<\/em><em class='month'>Aug<\/em><em class='time'>09:30<\/em><\/span><\/span><\/span><span class='evoet_c3 evoet_cx evcal_desc hide_eventtopdata '><span class='evoet_title evcal_desc2 evcal_event_title ' itemprop='name'>Respirart: Kunst und Natur<\/span><span class='event_location_attrs'  data-location_address=\"Localit\u00e0 Pampeago, 8, 38038 Tesero TN\" data-location_type=\"lonlat\" data-location_name=\"Pampeago\" data-location_url=\"https:\/\/latemarium.com\/de\/event-location\/pampeago-de\/\" data-location_status=\"true\" data-latlng=\"46.34343697644898,11.540997527961546\"><\/span><span class='evoet_subtitle evo_below_title' ><span class='evcal_event_subtitle ' >ENTDECKUNG DER KUNSTPARKS: RESPIRART<\/span><\/span><span class='evoet_time_expand level_3'><em class='evcal_time evo_tz_time'><i class='fa fa-clock-o'><\/i>09:30<span class='evo_tz marl5'>(GMT+02:00)<\/span><\/em> <\/span><span class='evoet_location level_3'><em class=\"evcal_location\"  data-latlng=\"46.34343697644898,11.540997527961546\" data-add_str=\"Localit\u00e0 Pampeago, 8, 38038 Tesero TN\" data-n=\"Pampeago\"><i class=\"fa fa-location-pin\"><\/i><em class=\"event_location_name\">Pampeago<\/em>, Localit\u00e0 Pampeago, 8, 38038 Tesero TN<\/em><\/span><\/span><span class='evoet_data' data-d=\"{&quot;loc.n&quot;:&quot;Pampeago&quot;,&quot;orgs&quot;:[],&quot;tags&quot;:{&quot;repeating&quot;:&quot;Repeating Event&quot;}}\" data-bgc=\"#38823b\" data-bggrad=\"\" ><\/span><\/a><\/p><div class='event_description evcal_eventcard ' style=\"display:none\"><div class='evocard_row'><div id='event_ftimage' class='evocard_box ftimage' data-c='' \n\t\t\t\t\tstyle=''><div class='evocard_main_image_hold' data-t='Loading Image..'><div class='evocard_main_image evo_img_triglb evobr15 evobgsc evobgpc evodfx evofx_jc_c evofx_ai_c evofz48 minmized' style='height:300px; background-image:url();' data-f=\"https:\/\/latemarium.com\/wp-content\/uploads\/2023\/06\/respirart-respiro-arte-natura.jpg\" data-h=\"602\" data-w=\"899\" data-ratio=\"0.66963292547275\" data-event_id=\"2489\" data-ri=\"8\"  data-t='Loading Image..'><span style='height:300px; background-image:url(https:\/\/latemarium.com\/wp-content\/uploads\/2023\/06\/respirart-respiro-arte-natura.jpg)'><\/span><\/div><\/div><\/div><\/div><div class='evocard_row'><div id='event_eventdetails' class='evocard_box eventdetails' data-c='' \n\t\t\t\t\tstyle=''><div class='evo_metarow_details evorow evcal_evdata_row evcal_event_details'>\n\t\t<div class=\"event_excerpt\" style=\"display:none\"><h3 class=\"padb5 evo_h3\">Details zur Veranstaltung<\/h3><p>Kunst in der H\u00f6he: Entdeckungsreise durch RespirArt zwischen Natur und Installationen<\/p><\/div><span class='evcal_evdata_icons'><i class='fa fa-align-justify'><\/i><\/span>\n\t\t\n\t\t<div class='evcal_evdata_cell shorter_desc'>\n\t\t\t<div class='eventon_full_description'>\n\t\t\t\t<h3 class='padb5 evo_h3'><span class='evcal_evdata_icons'><i class='fa fa-align-justify'><\/i><\/span>Details zur Veranstaltung<\/h3>\n\t\t\t\t<div class='eventon_desc_in' itemprop='description'>\n\t\t\t\t<h2>Kunst in der H\u00f6he: Entdeckungsreise durch RespirArt zwischen Natur und Installationen<\/h2>\n<p><span data-sheets-value=\"{&quot;1&quot;:2,&quot;2&quot;:&quot;Es beginnt um 9.30 Uhr vor dem Agnello-Sessellift-Seminovia, wo Sie den k\u00fcnstlerischen F\u00fchrer treffen, der Ihnen die Samen liefert und Sie bei der Aussaat von Blumen von oben begleitet, um Blumen zu erzeugen und so die Erde, die Bienen, die Ziegen und die K\u00fche Anschlie\u00dfend f\u00fchrt Sie der F\u00fchrer zu den Kunstwerken im Park. Auf dem 3 km langen Rundgang entdecken Sie die Inspirationen der K\u00fcnstler, die in Anwesenheit des Latemar k\u00fcnstlerische Gesten schufen.rnAktivit\u00e4t f\u00fcr Erwachsene geeignetrnKostenlose Aktivit\u00e4t (ohne Liftticket)rn&quot;}\" data-sheets-userformat=\"{&quot;2&quot;:15235,&quot;3&quot;:{&quot;1&quot;:0},&quot;4&quot;:{&quot;1&quot;:2,&quot;2&quot;:15987699},&quot;10&quot;:1,&quot;11&quot;:1,&quot;12&quot;:0,&quot;14&quot;:{&quot;1&quot;:2,&quot;2&quot;:5592405},&quot;15&quot;:&quot;Roboto&quot;,&quot;16&quot;:10}\">Es beginnt um 9.30 Uhr vor dem Agnello-Sessellift-&#8220;Seminovia&#8221;, wo Sie den k\u00fcnstlerischen F\u00fchrer treffen, der Ihnen die Samen liefert und Sie bei der Aussaat von Blumen von oben begleitet, um Blumen zu erzeugen und so die Erde, die Bienen, die Ziegen und die K\u00fche. <\/span><\/p>\n<p><span data-sheets-value=\"{&quot;1&quot;:2,&quot;2&quot;:&quot;Es beginnt um 9.30 Uhr vor dem Agnello-Sessellift-Seminovia, wo Sie den k\u00fcnstlerischen F\u00fchrer treffen, der Ihnen die Samen liefert und Sie bei der Aussaat von Blumen von oben begleitet, um Blumen zu erzeugen und so die Erde, die Bienen, die Ziegen und die K\u00fche Anschlie\u00dfend f\u00fchrt Sie der F\u00fchrer zu den Kunstwerken im Park. Auf dem 3 km langen Rundgang entdecken Sie die Inspirationen der K\u00fcnstler, die in Anwesenheit des Latemar k\u00fcnstlerische Gesten schufen.rnAktivit\u00e4t f\u00fcr Erwachsene geeignetrnKostenlose Aktivit\u00e4t (ohne Liftticket)rn&quot;}\" data-sheets-userformat=\"{&quot;2&quot;:15235,&quot;3&quot;:{&quot;1&quot;:0},&quot;4&quot;:{&quot;1&quot;:2,&quot;2&quot;:15987699},&quot;10&quot;:1,&quot;11&quot;:1,&quot;12&quot;:0,&quot;14&quot;:{&quot;1&quot;:2,&quot;2&quot;:5592405},&quot;15&quot;:&quot;Roboto&quot;,&quot;16&quot;:10}\">Anschlie\u00dfend f\u00fchrt Sie der F\u00fchrer zu den Kunstwerken im Park. Auf dem 3 km langen Rundgang entdecken Sie die Inspirationen der K\u00fcnstler, die in Anwesenheit des Latemar k\u00fcnstlerische Gesten schufen. <\/span><\/p>\n<p><span data-sheets-value=\"{&quot;1&quot;:2,&quot;2&quot;:&quot;Es beginnt um 9.30 Uhr vor dem Agnello-Sessellift-Seminovia, wo Sie den k\u00fcnstlerischen F\u00fchrer treffen, der Ihnen die Samen liefert und Sie bei der Aussaat von Blumen von oben begleitet, um Blumen zu erzeugen und so die Erde, die Bienen, die Ziegen und die K\u00fche Anschlie\u00dfend f\u00fchrt Sie der F\u00fchrer zu den Kunstwerken im Park. Auf dem 3 km langen Rundgang entdecken Sie die Inspirationen der K\u00fcnstler, die in Anwesenheit des Latemar k\u00fcnstlerische Gesten schufen.rnAktivit\u00e4t f\u00fcr Erwachsene geeignetrnKostenlose Aktivit\u00e4t (ohne Liftticket)rn&quot;}\" data-sheets-userformat=\"{&quot;2&quot;:15235,&quot;3&quot;:{&quot;1&quot;:0},&quot;4&quot;:{&quot;1&quot;:2,&quot;2&quot;:15987699},&quot;10&quot;:1,&quot;11&quot;:1,&quot;12&quot;:0,&quot;14&quot;:{&quot;1&quot;:2,&quot;2&quot;:5592405},&quot;15&quot;:&quot;Roboto&quot;,&quot;16&quot;:10}\">Aktivit\u00e4t f\u00fcr Erwachsene.<\/span><\/p>\n<p><a href=\"https:\/\/www.visitfiemme.it\/de\/veranstaltungen\/fiemme-cembra-guest-card\/erlebnisse\/erlebnisse-sommer\" target=\"_blank\" rel=\"noopener\">Reservierung erforderlich<\/a>.<\/p>\n<\/div><p class='eventon_shad_p' style='padding:5px 0 0; margin:0'>\n\t\t\t<span class='evcal_btn evo_btn_secondary evobtn_details_show_more' content='less'>\n\t\t\t\t<span class='ev_more_text' data-txt='Weniger'>Mehr<\/span><span class='ev_more_arrow ard'><\/span>\n\t\t\t<\/span>\n\t\t<\/p><div class='clear'><\/div>\n\t\t\t<\/div>\n\t\t<\/div>\n\t<\/div><\/div><\/div><div class='evocard_row bx2 bx'><div id='event_time' class='evocard_box time' data-c='' \n\t\t\t\t\tstyle=''><div class='evo_metarow_time evorow evcal_evdata_row evcal_evrow_sm '>\n\t\t<span class='evcal_evdata_icons'><i class='fa fa-clock'><\/i><\/span>\n\t\t<div class='evcal_evdata_cell'>\t\t\t\t\t\t\t\n\t\t\t<h3 class='evo_h3'><span class='evcal_evdata_icons'><i class='fa fa-clock'><\/i><\/span>Zeitplan<\/h3><p><span class='evo_eventcard_time_t'>18 August 2026 09:30<\/span><span class='evo_tz marr5'>(GMT+02:00)<\/span><\/p>\n\t\t<\/div>\n\t<\/div><\/div><div id='event_location' class='evocard_box location' data-c='' \n\t\t\t\t\tstyle=''><div class='evcal_evdata_row evo_metarow_time_location evorow '>\n\t\t\n\t\t\t<span class='evcal_evdata_icons'><i class='fa fa-map-marker'><\/i><\/span>\n\t\t\t<div class='evcal_evdata_cell' data-loc_tax_id='32'><h3 class='evo_h3 evodfx'><span class='evcal_evdata_icons'><i class='fa fa-map-marker'><\/i><\/span>Ort<\/h3><p class='evo_location_name'>Pampeago<\/p><p class='evo_location_address evodfxi evogap10'>Localit\u00e0 Pampeago, 8, 38038 Tesero TN<\/p><div class='padt10'><span class='evo_btn_arr evolb_trigger' data-lbvals=\"{&quot;lbc&quot;:&quot;evo_location_lb_32&quot;,&quot;lbac&quot;:&quot;lb_max&quot;,&quot;t&quot;:&quot;Pampeago&quot;,&quot;ajax&quot;:&quot;yes&quot;,&quot;ajax_type&quot;:&quot;endpoint&quot;,&quot;ajax_action&quot;:&quot;eventon_get_tax_card_content&quot;,&quot;end&quot;:&quot;client&quot;,&quot;d&quot;:{&quot;lang&quot;:&quot;L2&quot;,&quot;term_id&quot;:32,&quot;tax&quot;:&quot;event_location&quot;,&quot;load_lbcontent&quot;:true},&quot;uid&quot;:&quot;eventon_get_tax_card_content&quot;}\" >Other Events<i class='fa fa-chevron-right'><\/i><\/span><\/div><\/div>\n\t\t\n\t<\/div><\/div><\/div><div class='evocard_row'><div id='event_addtocal' class='evocard_box addtocal' data-c='' \n\t\t\t\t\tstyle=''><div class='evo_metarow_ICS evorow evcal_evdata_row'>\n\t\t\t<span class='evcal_evdata_icons'><i class='fa fa-calendar-o'><\/i><\/span>\n\t\t\t<div class='evcal_evdata_cell'>\n\t\t\t\t<p><a href='https:\/\/latemarium.com\/de\/export-events\/2489_8\/?nonce=7b34e59f7d' class='evo_ics_nCal' title='Zu Ihrem Kalender hinzuf\u00fcgen'>Kalender<\/a><a href='https:\/\/www.google.com\/calendar\/event?action=TEMPLATE&text=Respirart%3A+Kunst+und+Natur&dates=20260818T073000Z%2F20260818T215900Z&ctz=Europe%2FRome&details=Respirart: Kunst und Natur&location=Pampeago+Localit%C3%A0+Pampeago%2C+8%2C+38038+Tesero+TN' target='_blank' class='evo_ics_gCal' title='Zu Google Kalender hinzuf\u00fcgen'>GoogleCal<\/a><\/p>\t\n\t\t\t<\/div>\n\t\t<\/div><\/div><\/div><div class='evocard_row'><div id='event_repeats' class='evocard_box repeats' data-c='' \n\t\t\t\t\tstyle=''><div class='evo_metarow_repeats evorow evcal_evdata_row evcal_evrow_sm '>\n\t\t<span class='evcal_evdata_icons'><i class='fa fa-repeat'><\/i><\/span>\n\t\t<div class='evcal_evdata_cell'>\t\t\t\t\t\t\t\n\t\t\t<h3 class='evo_h3'>Zeitplan f\u00fcr k\u00fcnftige Veranstaltungen dieser Veranstaltungsreihe<\/h3><div class='evo_elm_HCS evo_repeat_series' style=''><span class='evo_elmHCS_nav HCSnavL evo_repeat_series content_slide_trig'><i class='fa fa-chevron-left'><\/i><\/span><span class='evo_elmHCS_nav HCSnavR evo_repeat_series content_slide_trig'><i class='fa fa-chevron-right'><\/i><\/span><div class='evo_elm_HCS_in'><div class='evo_repeat_series_dates clickable evodfx evofx_dr_r evogap10' data-click='1' data-event_url='https:\/\/latemarium.com\/de\/events\/respirart-kunst-und-natur\/var\/ri-8.l-L2'><span class='evo_repeat_series_date evodfx evofx_dr_r evofx_ai_c evogap5 evobr15 evobrdB1 evocl1 evopad15 evottu evofz14 evocurp evo_trans_sc1_03 evoHbgcw' data-ux=\"def\" data-l=\"https:\/\/latemarium.com\/de\/events\/respirart-kunst-und-natur\/var\/ri-9.l-L2\" ><span class='evodfx evofx_dr_c evotac evofx_jc_c'><b class='j evofz16'>25<\/b><b class='fy'>August <\/b><em class='t evofsn'>09:30<\/em><\/span><\/span><span class='evo_repeat_series_date evodfx evofx_dr_r evofx_ai_c evogap5 evobr15 evobrdB1 evocl1 evopad15 evottu evofz14 evocurp evo_trans_sc1_03 evoHbgcw' data-ux=\"def\" data-l=\"https:\/\/latemarium.com\/de\/events\/respirart-kunst-und-natur\/var\/ri-10.l-L2\" ><span class='evodfx evofx_dr_c evotac evofx_jc_c'><b class='j evofz16'>1<\/b><b class='fy'>September <\/b><em class='t evofsn'>09:30<\/em><\/span><\/span><span class='evo_repeat_series_date evodfx evofx_dr_r evofx_ai_c evogap5 evobr15 evobrdB1 evocl1 evopad15 evottu evofz14 evocurp evo_trans_sc1_03 evoHbgcw' data-ux=\"def\" data-l=\"https:\/\/latemarium.com\/de\/events\/respirart-kunst-und-natur\/var\/ri-11.l-L2\" ><span class='evodfx evofx_dr_c evotac evofx_jc_c'><b class='j evofz16'>8<\/b><b class='fy'>September <\/b><em class='t evofsn'>09:30<\/em><\/span><\/span><\/div><\/div><\/div><\/div><\/div><\/div><\/div><div class='evocard_row'><div id='event_getdirection' class='evocard_box getdirection' data-c='' \n\t\t\t\t\tstyle=''><div class='evo_metarow_getDr evorow evcal_evdata_row evcal_evrow_sm getdirections'>\n\t\t<form action='https:\/\/maps.google.com\/maps' method='get' target='_blank'>\n\t\t\t<input type='hidden' name='daddr' value=\"Localit\u00e0 Pampeago, 8, 38038 Tesero TN\"\/> \n\t\t\t<div class='evo_get_direction_content evo_fx_dr_r evogap10'>\n\t\t\t\t<span class='evogetdir_header evodfx evofx_dr_r evofx_ai_c marr10'>\n\t\t\t\t\t<i class='mainicon fa fa-road'><\/i> \n\t\t\t\t\t<h3 class='evo_h3' style='padding-bottom:5px;'>Wegbeschreibung abrufen<\/h3>\n\t\t\t\t<\/span>\n\t\t\t\t<span class='evogetdir_field evodfx evofx_1_1 evo_fx_dr_c evow100p'>\t\t\t\t\t\n\t\t\t\t\t<input class='evoInput evotac' type='text' name='saddr' placeholder='&quot;Geben Sie die Adresse ein' value='' style='margin:10px 0;'\/>\n\t\t\t\t<\/span>\n\t\t\t\t<button type='submit' class='evo_get_direction_button evo_btn_arr_circ dfx fx_ai_c' title='&quot;Klicken Sie hier'><i class='fa fa-chevron-right'><\/i> <\/button>\n\t\t\t<\/div>\n\t\t<\/form>\n\t<\/div><\/div><\/div><div class='evo_card_row_end evcal_close' title='Schlie\u00dfen'><\/div><\/div><div class='clear end'><\/div><\/div><div id=\"event_2856_6\" class=\"eventon_list_event evo_eventtop scheduled  event clrW no_et event_2856_6\" data-event_id=\"2856\" data-ri=\"6r\" data-time=\"1787043600-1787090340\" data-colr=\"#a69dcd\" itemscope itemtype='http:\/\/schema.org\/Event'><div class=\"evo_event_schema\" style=\"display:none\" ><a itemprop='url'  href='https:\/\/latemarium.com\/de\/events\/dort-oben-erwartet-uns-die-strasse-des-dahu-2\/var\/ri-6.l-L2'><\/a><meta itemprop='image' content=\"https:\/\/latemarium.com\/wp-content\/uploads\/2023\/06\/forse-dahu-sa.jpg\" \/><meta itemprop='startDate' content=\"2026-8-18T11:00+0:00\" \/><meta itemprop='endDate' content=\"2026-8-18T23:59+0:00\" \/><meta itemprop='eventStatus' content=\"https:\/\/schema.org\/EventScheduled\" \/><meta itemprop='eventAttendanceMode'   itemscope itemtype=\"https:\/\/schema.org\/OfflineEventAttendanceMode\"\/><script type=\"application\/ld+json\">{\"@context\": \"http:\/\/schema.org\",\"@type\": \"Event\",\n\t\t\t\t\"@id\": \"event_2856_6\",\n\t\t\t\t\"eventAttendanceMode\":\"https:\/\/schema.org\/OfflineEventAttendanceMode\",\n\t\t\t\t\"eventStatus\":\"https:\/\/schema.org\/EventScheduled\",\n\t\t\t\t\"name\": \"DORT OBEN ERWARTET UNS DIE STRASSE DES DAH\u00d9\",\n\t\t\t\t\"url\": \"https:\/\/latemarium.com\/de\/events\/dort-oben-erwartet-uns-die-strasse-des-dahu-2\/var\/ri-6.l-L2\",\n\t\t\t\t\"startDate\": \"2026-8-18T11:00+0:00\",\n\t\t\t\t\"endDate\": \"2026-8-18T23:59+0:00\",\n\t\t\t\t\"image\":\"https:\/\/latemarium.com\/wp-content\/uploads\/2023\/06\/forse-dahu-sa.jpg\", \n\t\t\t\t\"description\":\"<p>\u201eDas unerkl\u00e4rliche Gleichgewicht des Dahu f\u00fchrt die Forscher zu einer gro\u00dfen Entwicklung mit st\u00e4ndigen Perspektivwechseln: von oben nach unten, von hier nach dort\u201c.<\/p> <p>Dienstags: vom 7. Juli bis 25. August 2026<br \/> bei der Bergstation der Gondelbahn Predazzo \u2013 Gardon\u00e8<br \/> um 11.00 Uhr<br \/> F\u00fcr Familien (Dauer: 1h30\u2018)<br \/> Vorstellung auf Italienisch<\/p> <p>&nbsp;<\/p> <p>&nbsp;<\/p> \"}<\/script><\/div>\r\n\t\t\t\t<p class=\"desc_trig_outter\" style=\"\"><a data-gmap_status=\"null\" data-exlk=\"0\" style=\"background-color: #a69dcd;\" id=\"evc_17870436002856\" class=\"hasFtIMG event_repeat desc_trig sin_val evcal_list_a\" data-ux_val=\"3\" data-ux_val_mob=\"-\"  ><span class='evoet_c1 evoet_cx '><span class='ev_ftImg' data-img='https:\/\/latemarium.com\/wp-content\/uploads\/2023\/06\/forse-dahu-sa.jpg' data-thumb='https:\/\/latemarium.com\/wp-content\/uploads\/2023\/06\/forse-dahu-sa-300x204.jpg' style='background-image:url(\"https:\/\/latemarium.com\/wp-content\/uploads\/2023\/06\/forse-dahu-sa-300x204.jpg\")' ><\/span><\/span><span class='evoet_c2 evoet_cx '><span class='evoet_dayblock evcal_cblock ' data-bgcolor='#a69dcd' data-smon='August' data-syr='2026' data-bub=''><span class='evo_start '><em class='date'>18<\/em><em class='month'>Aug<\/em><em class='time'>11:00<\/em><\/span><\/span><\/span><span class='evoet_c3 evoet_cx evcal_desc hide_eventtopdata '><span class='evoet_title evcal_desc2 evcal_event_title ' itemprop='name'>DORT OBEN ERWARTET UNS DIE STRASSE DES DAH\u00d9<\/span><span class='event_location_attrs' data-location_type=\"lonlat\" data-location_name=\"Seilbahn Ankunft Predazzo-Gardon\u00e8\" data-location_url=\"https:\/\/latemarium.com\/de\/event-location\/seilbahn-ankunft-predazzo-gardone\/\" data-location_status=\"true\" data-latlng=\"46.32878794406342,11.600176728690842\"><\/span><span class='evoet_subtitle evo_below_title' ><span class='evcal_event_subtitle ' >auf dem Pfad des Zerstreuten Hirten<\/span><\/span><span class='evoet_time_expand level_3'><em class='evcal_time evo_tz_time'><i class='fa fa-clock-o'><\/i>11:00<span class='evo_tz marl5'>(GMT+02:00)<\/span><\/em> <\/span><span class='evoet_location level_3'><em class=\"evcal_location\"  data-latlng=\"46.32878794406342,11.600176728690842\" data-add_str=\"\" data-n=\"Seilbahn Ankunft Predazzo-Gardon\u00e8\"><i class=\"fa fa-location-pin\"><\/i><em class=\"event_location_name\">Seilbahn Ankunft Predazzo-Gardon\u00e8<\/em><\/em><\/span><\/span><span class='evoet_data' data-d=\"{&quot;loc.n&quot;:&quot;Seilbahn Ankunft Predazzo-Gardon\\u00e8&quot;,&quot;orgs&quot;:[],&quot;tags&quot;:{&quot;repeating&quot;:&quot;Repeating Event&quot;}}\" data-bgc=\"#a69dcd\" data-bggrad=\"\" ><\/span><\/a><\/p><div class='event_description evcal_eventcard ' style=\"display:none\"><div class='evocard_row'><div id='event_ftimage' class='evocard_box ftimage' data-c='' \n\t\t\t\t\tstyle=''><div class='evocard_main_image_hold' data-t='Loading Image..'><div class='evocard_main_image evo_img_triglb evobr15 evobgsc evobgpc evodfx evofx_jc_c evofx_ai_c evofz48 minmized' style='height:300px; background-image:url();' data-f=\"https:\/\/latemarium.com\/wp-content\/uploads\/2023\/06\/forse-dahu-sa.jpg\" data-h=\"587\" data-w=\"862\" data-ratio=\"0.68097447795824\" data-event_id=\"2856\" data-ri=\"6\"  data-t='Loading Image..'><span style='height:300px; background-image:url(https:\/\/latemarium.com\/wp-content\/uploads\/2023\/06\/forse-dahu-sa.jpg)'><\/span><\/div><\/div><\/div><\/div><div class='evocard_row'><div id='event_eventdetails' class='evocard_box eventdetails' data-c='' \n\t\t\t\t\tstyle=''><div class='evo_metarow_details evorow evcal_evdata_row evcal_event_details'>\n\t\t<div class=\"event_excerpt\" style=\"display:none\"><h3 class=\"padb5 evo_h3\">Details zur Veranstaltung<\/h3><p>\u201eDas unerkl\u00e4rliche Gleichgewicht des Dahu f\u00fchrt die Forscher zu einer gro\u00dfen Entwicklung mit st\u00e4ndigen Perspektivwechseln: von oben nach unten, von hier nach dort\u201c.\nDienstags: vom 7. Juli bis 25. August 2026<\/p><\/div><span class='evcal_evdata_icons'><i class='fa fa-align-justify'><\/i><\/span>\n\t\t\n\t\t<div class='evcal_evdata_cell '>\n\t\t\t<div class='eventon_full_description'>\n\t\t\t\t<h3 class='padb5 evo_h3'><span class='evcal_evdata_icons'><i class='fa fa-align-justify'><\/i><\/span>Details zur Veranstaltung<\/h3>\n\t\t\t\t<div class='eventon_desc_in' itemprop='description'>\n\t\t\t\t<p>\u201eDas unerkl\u00e4rliche Gleichgewicht des Dahu f\u00fchrt die Forscher zu einer gro\u00dfen Entwicklung mit st\u00e4ndigen Perspektivwechseln: von oben nach unten, von hier nach dort\u201c.<\/p>\n<p>Dienstags: vom 7. Juli bis 25. August 2026<br \/>\nbei der Bergstation der Gondelbahn Predazzo \u2013 Gardon\u00e8<br \/>\num 11.00 Uhr<br \/>\nF\u00fcr Familien (Dauer: 1h30\u2018)<br \/>\nVorstellung auf Italienisch<\/p>\n<p>&nbsp;<\/p>\n<p>&nbsp;<\/p>\n<\/div><div class='clear'><\/div>\n\t\t\t<\/div>\n\t\t<\/div>\n\t<\/div><\/div><\/div><div class='evocard_row bx2 bx'><div id='event_time' class='evocard_box time' data-c='' \n\t\t\t\t\tstyle=''><div class='evo_metarow_time evorow evcal_evdata_row evcal_evrow_sm '>\n\t\t<span class='evcal_evdata_icons'><i class='fa fa-clock'><\/i><\/span>\n\t\t<div class='evcal_evdata_cell'>\t\t\t\t\t\t\t\n\t\t\t<h3 class='evo_h3'><span class='evcal_evdata_icons'><i class='fa fa-clock'><\/i><\/span>Zeitplan<\/h3><p><span class='evo_eventcard_time_t'>18 August 2026 11:00<\/span><span class='evo_tz marr5'>(GMT+02:00)<\/span><\/p>\n\t\t<\/div>\n\t<\/div><\/div><div id='event_location' class='evocard_box location' data-c='' \n\t\t\t\t\tstyle=''><div class='evcal_evdata_row evo_metarow_time_location evorow '>\n\t\t\n\t\t\t<span class='evcal_evdata_icons'><i class='fa fa-map-marker'><\/i><\/span>\n\t\t\t<div class='evcal_evdata_cell' data-loc_tax_id='36'><h3 class='evo_h3 evodfx'><span class='evcal_evdata_icons'><i class='fa fa-map-marker'><\/i><\/span>Ort<\/h3><p class='evo_location_name'>Seilbahn Ankunft Predazzo-Gardon\u00e8<\/p><div class='padt10'><span class='evo_btn_arr evolb_trigger' data-lbvals=\"{&quot;lbc&quot;:&quot;evo_location_lb_36&quot;,&quot;lbac&quot;:&quot;lb_max&quot;,&quot;t&quot;:&quot;Seilbahn Ankunft Predazzo-Gardon\\u00e8&quot;,&quot;ajax&quot;:&quot;yes&quot;,&quot;ajax_type&quot;:&quot;endpoint&quot;,&quot;ajax_action&quot;:&quot;eventon_get_tax_card_content&quot;,&quot;end&quot;:&quot;client&quot;,&quot;d&quot;:{&quot;lang&quot;:&quot;L2&quot;,&quot;term_id&quot;:36,&quot;tax&quot;:&quot;event_location&quot;,&quot;load_lbcontent&quot;:true},&quot;uid&quot;:&quot;eventon_get_tax_card_content&quot;}\" >Other Events<i class='fa fa-chevron-right'><\/i><\/span><\/div><\/div>\n\t\t\n\t<\/div><\/div><\/div><div class='evocard_row bx2 bx'><div id='event_learnmore' class='evocard_box learnmore' data-c='' \n\t\t\t\t\tstyle=''><div class='evo_metarow_learnM evo_metarow_learnmore evorow'>\n\t\t\t\t\t\t\t<a class='evcal_evdata_row evo_clik_row ' href='https:\/\/www.montagnanimata.it\/de\/spektakel\/' target=\"_blank\">\n\t\t\t\t\t\t\t\t<span class='evcal_evdata_icons'><i class='fa fa-link'><\/i><\/span>\n\t\t\t\t\t\t\t\t<h3 class='evo_h3'>Entdecke mehr<\/h3>\n\t\t\t\t\t\t\t<\/a>\n\t\t\t\t\t\t\t<\/div><\/div><div id='event_addtocal' class='evocard_box addtocal' data-c='' \n\t\t\t\t\tstyle=''><div class='evo_metarow_ICS evorow evcal_evdata_row'>\n\t\t\t<span class='evcal_evdata_icons'><i class='fa fa-calendar-o'><\/i><\/span>\n\t\t\t<div class='evcal_evdata_cell'>\n\t\t\t\t<p><a href='https:\/\/latemarium.com\/de\/export-events\/2856_6\/?nonce=7b34e59f7d' class='evo_ics_nCal' title='Zu Ihrem Kalender hinzuf\u00fcgen'>Kalender<\/a><a href='https:\/\/www.google.com\/calendar\/event?action=TEMPLATE&text=DORT+OBEN+ERWARTET+UNS+DIE+STRASSE+DES+DAH%C3%99&dates=20260818T090000Z%2F20260818T215900Z&ctz=Europe%2FRome&details=DORT OBEN ERWARTET UNS DIE STRASSE DES DAH\u00d9&location=Seilbahn+Ankunft+Predazzo-Gardon%C3%A8' target='_blank' class='evo_ics_gCal' title='Zu Google Kalender hinzuf\u00fcgen'>GoogleCal<\/a><\/p>\t\n\t\t\t<\/div>\n\t\t<\/div><\/div><\/div><div class='evocard_row'><div id='event_getdirection' class='evocard_box getdirection' data-c='' \n\t\t\t\t\tstyle=''><div class='evo_metarow_getDr evorow evcal_evdata_row evcal_evrow_sm getdirections'>\n\t\t<form action='https:\/\/maps.google.com\/maps' method='get' target='_blank'>\n\t\t\t<input type='hidden' name='daddr' value=\"46.32878794406342,11.600176728690842\"\/> \n\t\t\t<div class='evo_get_direction_content evo_fx_dr_r evogap10'>\n\t\t\t\t<span class='evogetdir_header evodfx evofx_dr_r evofx_ai_c marr10'>\n\t\t\t\t\t<i class='mainicon fa fa-road'><\/i> \n\t\t\t\t\t<h3 class='evo_h3' style='padding-bottom:5px;'>Wegbeschreibung abrufen<\/h3>\n\t\t\t\t<\/span>\n\t\t\t\t<span class='evogetdir_field evodfx evofx_1_1 evo_fx_dr_c evow100p'>\t\t\t\t\t\n\t\t\t\t\t<input class='evoInput evotac' type='text' name='saddr' placeholder='&quot;Geben Sie die Adresse ein' value='' style='margin:10px 0;'\/>\n\t\t\t\t<\/span>\n\t\t\t\t<button type='submit' class='evo_get_direction_button evo_btn_arr_circ dfx fx_ai_c' title='&quot;Klicken Sie hier'><i class='fa fa-chevron-right'><\/i> <\/button>\n\t\t\t<\/div>\n\t\t<\/form>\n\t<\/div><\/div><\/div><div class='evo_card_row_end evcal_close' title='Schlie\u00dfen'><\/div><\/div><div class='clear end'><\/div><\/div><div id=\"event_2107_8\" class=\"eventon_list_event evo_eventtop scheduled  event clrW no_et event_2107_8\" data-event_id=\"2107\" data-ri=\"8r\" data-time=\"1787052600-1787090340\" data-colr=\"#facd05\" itemscope itemtype='http:\/\/schema.org\/Event'><div class=\"evo_event_schema\" style=\"display:none\" ><a itemprop='url'  href='https:\/\/latemarium.com\/de\/events\/mindful-latemar\/var\/ri-8.l-L2'><\/a><meta itemprop='image' content=\"https:\/\/latemarium.com\/wp-content\/uploads\/2023\/06\/\u00a9Obereggen_LatemarAG.SpA_Mindful.Latemar_Ph.Guenther.Pichler_06.jpg\" \/><meta itemprop='startDate' content=\"2026-8-18T13:30+0:00\" \/><meta itemprop='endDate' content=\"2026-8-18T23:59+0:00\" \/><meta itemprop='eventStatus' content=\"https:\/\/schema.org\/EventScheduled\" \/><meta itemprop='eventAttendanceMode'   itemscope itemtype=\"https:\/\/schema.org\/OfflineEventAttendanceMode\"\/><div style=\"display:none\" itemprop=\"location\" itemscope itemtype=\"http:\/\/schema.org\/Place\"><span itemprop=\"name\">Talstation Obereggen<\/span><span itemprop=\"address\" itemscope itemtype=\"http:\/\/schema.org\/PostalAddress\"><item itemprop=\"streetAddress\">Obereggen 16 I-39050 Deutschnofen (BZ)<\/item><\/span><\/div><script type=\"application\/ld+json\">{\"@context\": \"http:\/\/schema.org\",\"@type\": \"Event\",\n\t\t\t\t\"@id\": \"event_2107_8\",\n\t\t\t\t\"eventAttendanceMode\":\"https:\/\/schema.org\/OfflineEventAttendanceMode\",\n\t\t\t\t\"eventStatus\":\"https:\/\/schema.org\/EventScheduled\",\n\t\t\t\t\"name\": \"Mindful.Latemar\",\n\t\t\t\t\"url\": \"https:\/\/latemarium.com\/de\/events\/mindful-latemar\/var\/ri-8.l-L2\",\n\t\t\t\t\"startDate\": \"2026-8-18T13:30+0:00\",\n\t\t\t\t\"endDate\": \"2026-8-18T23:59+0:00\",\n\t\t\t\t\"image\":\"https:\/\/latemarium.com\/wp-content\/uploads\/2023\/06\/\u00a9Obereggen_LatemarAG.SpA_Mindful.Latemar_Ph.Guenther.Pichler_06.jpg\", \n\t\t\t\t\"description\":\"<p>Mindful.Latemar befindet sich in Obereggen entlang des <strong>Rundweges auf dem Golfrion<\/strong>, am Fu\u00dfe der Dolomiten auf 1872 Metern Meeresh\u00f6he.<\/p> <p>Der Weg beinhaltet <strong>18 verschiedene Mindfulness-\u00dcbungen<\/strong> an einem besonderen Ort, der nach dem Sturm Vaia im November 2018 ein Beispiel f\u00fcr Best\u00e4ndigkeit und Resilienz wurde.<\/p> <h3 class='wysiwyg__subline'>Dr. Thomas Bernagozzi begleitet dich immer dienstags:<\/h3> <div class='wysiwyg__description'> <p>von 13.30 bis 15.30 Uhr (auf Deutsch )<br \/> von 15.45 bis 17.45 Uhr (auf Italienisch)<\/p> <ul> <li>Treffpunkt: Talstation der Kabinenbahn &#8220;Obereggen-Ochsenweide&#8221;<\/li> <li>Kosten: 30 Euro inklusive der Berg- und Talfahrt<\/li> <li>Anmeldung online:\u00a0<a href='https:\/\/eggental.com\/de\/ajax-events#11944' target='_blank' rel='noopener'><strong><u>Eggental Tourismus<\/u><\/strong><\/a>\u00a0(max. 10 Personen)<\/li> <\/ul> <\/div> \",\"location\":[{\"@type\":\"Place\",\"name\":\"Talstation Obereggen\",\"address\":{\"@type\": \"PostalAddress\",\"streetAddress\":\"Obereggen 16 I-39050 Deutschnofen (BZ)\"}}]}<\/script><\/div>\r\n\t\t\t\t<p class=\"desc_trig_outter\" style=\"\"><a data-gmtrig=\"1\" data-exlk=\"0\" style=\"background-color: #facd05;\" id=\"evc_17870526002107\" class=\"hasFtIMG event_repeat desc_trig sin_val evcal_list_a\" data-ux_val=\"3\" data-ux_val_mob=\"-\"  ><span class='evoet_c1 evoet_cx '><span class='ev_ftImg' data-img='https:\/\/latemarium.com\/wp-content\/uploads\/2023\/06\/\u00a9Obereggen_LatemarAG.SpA_Mindful.Latemar_Ph.Guenther.Pichler_06.jpg' data-thumb='https:\/\/latemarium.com\/wp-content\/uploads\/2023\/06\/\u00a9Obereggen_LatemarAG.SpA_Mindful.Latemar_Ph.Guenther.Pichler_06-300x169.jpg' style='background-image:url(\"https:\/\/latemarium.com\/wp-content\/uploads\/2023\/06\/\u00a9Obereggen_LatemarAG.SpA_Mindful.Latemar_Ph.Guenther.Pichler_06-300x169.jpg\")' ><\/span><\/span><span class='evoet_c2 evoet_cx '><span class='evoet_dayblock evcal_cblock ' data-bgcolor='#facd05' data-smon='August' data-syr='2026' data-bub=''><span class='evo_start '><em class='date'>18<\/em><em class='month'>Aug<\/em><em class='time'>13:30<\/em><\/span><\/span><\/span><span class='evoet_c3 evoet_cx evcal_desc hide_eventtopdata '><span class='evoet_title evcal_desc2 evcal_event_title ' itemprop='name'>Mindful.Latemar<\/span><span class='event_location_attrs'  data-location_address=\"Obereggen 16 I-39050 Deutschnofen (BZ)\" data-location_type=\"lonlat\" data-location_name=\"Talstation Obereggen\" data-location_url=\"https:\/\/latemarium.com\/de\/event-location\/talstation-obereggen\/\" data-location_status=\"true\" data-latlng=\"46.3835808246333,11.52667595881786\"><\/span><span class='evoet_subtitle evo_below_title' ><span class='evcal_event_subtitle ' >Mindful.Latemar ist der erste immersive Achtsamkeitspfad in den Alpen.<\/span><\/span><span class='evoet_time_expand level_3'><em class='evcal_time evo_tz_time'><i class='fa fa-clock-o'><\/i>13:30<span class='evo_tz marl5'>(GMT+02:00)<\/span><\/em> <\/span><span class='evoet_location level_3'><em class=\"evcal_location\"  data-latlng=\"46.3835808246333,11.52667595881786\" data-add_str=\"Obereggen 16 I-39050 Deutschnofen (BZ)\" data-n=\"Talstation Obereggen\"><i class=\"fa fa-location-pin\"><\/i><em class=\"event_location_name\">Talstation Obereggen<\/em>, Obereggen 16 I-39050 Deutschnofen (BZ)<\/em><\/span><\/span><span class='evoet_data' data-d=\"{&quot;loc.n&quot;:&quot;Talstation Obereggen&quot;,&quot;orgs&quot;:[],&quot;tags&quot;:{&quot;repeating&quot;:&quot;Repeating Event&quot;}}\" data-bgc=\"#facd05\" data-bggrad=\"\" ><\/span><\/a><\/p><div class='event_description evcal_eventcard ' style=\"display:none\"><div class='evocard_row'><div id='event_ftimage' class='evocard_box ftimage' data-c='' \n\t\t\t\t\tstyle=''><div class='evocard_main_image_hold' data-t='Loading Image..'><div class='evocard_main_image evo_img_triglb evobr15 evobgsc evobgpc evodfx evofx_jc_c evofx_ai_c evofz48 minmized' style='height:300px; background-image:url();' data-f=\"https:\/\/latemarium.com\/wp-content\/uploads\/2023\/06\/\u00a9Obereggen_LatemarAG.SpA_Mindful.Latemar_Ph.Guenther.Pichler_06.jpg\" data-h=\"812\" data-w=\"1445\" data-ratio=\"0.56193771626298\" data-event_id=\"2107\" data-ri=\"8\"  data-t='Loading Image..'><span style='height:300px; background-image:url(https:\/\/latemarium.com\/wp-content\/uploads\/2023\/06\/\u00a9Obereggen_LatemarAG.SpA_Mindful.Latemar_Ph.Guenther.Pichler_06.jpg)'><\/span><\/div><\/div><\/div><\/div><div class='evocard_row'><div id='event_eventdetails' class='evocard_box eventdetails' data-c='' \n\t\t\t\t\tstyle=''><div class='evo_metarow_details evorow evcal_evdata_row evcal_event_details'>\n\t\t<div class=\"event_excerpt\" style=\"display:none\"><h3 class=\"padb5 evo_h3\">Details zur Veranstaltung<\/h3><p>Mindful.Latemar befindet sich in Obereggen entlang des Rundweges auf dem Golfrion, am Fu\u00dfe der Dolomiten auf 1872 Metern Meeresh\u00f6he.\nDer Weg beinhaltet 18 verschiedene Mindfulness-\u00dcbungen an einem besonderen Ort, der nach<\/p><\/div><span class='evcal_evdata_icons'><i class='fa fa-align-justify'><\/i><\/span>\n\t\t\n\t\t<div class='evcal_evdata_cell shorter_desc'>\n\t\t\t<div class='eventon_full_description'>\n\t\t\t\t<h3 class='padb5 evo_h3'><span class='evcal_evdata_icons'><i class='fa fa-align-justify'><\/i><\/span>Details zur Veranstaltung<\/h3>\n\t\t\t\t<div class='eventon_desc_in' itemprop='description'>\n\t\t\t\t<p>Mindful.Latemar befindet sich in Obereggen entlang des <strong>Rundweges auf dem Golfrion<\/strong>, am Fu\u00dfe der Dolomiten auf 1872 Metern Meeresh\u00f6he.<\/p>\n<p>Der Weg beinhaltet <strong>18 verschiedene Mindfulness-\u00dcbungen<\/strong> an einem besonderen Ort, der nach dem Sturm Vaia im November 2018 ein Beispiel f\u00fcr Best\u00e4ndigkeit und Resilienz wurde.<\/p>\n<h3 class=\"wysiwyg__subline\">Dr. Thomas Bernagozzi begleitet dich immer dienstags:<\/h3>\n<div class=\"wysiwyg__description\">\n<p>von 13.30 bis 15.30 Uhr (auf Deutsch )<br \/>\nvon 15.45 bis 17.45 Uhr (auf Italienisch)<\/p>\n<ul>\n<li>Treffpunkt: Talstation der Kabinenbahn &#8220;Obereggen-Ochsenweide&#8221;<\/li>\n<li>Kosten: 30 Euro inklusive der Berg- und Talfahrt<\/li>\n<li>Anmeldung online:\u00a0<a href=\"https:\/\/eggental.com\/de\/ajax-events#11944\" target=\"_blank\" rel=\"noopener\"><strong><u>Eggental Tourismus<\/u><\/strong><\/a>\u00a0(max. 10 Personen)<\/li>\n<\/ul>\n<\/div>\n<\/div><p class='eventon_shad_p' style='padding:5px 0 0; margin:0'>\n\t\t\t<span class='evcal_btn evo_btn_secondary evobtn_details_show_more' content='less'>\n\t\t\t\t<span class='ev_more_text' data-txt='Weniger'>Mehr<\/span><span class='ev_more_arrow ard'><\/span>\n\t\t\t<\/span>\n\t\t<\/p><div class='clear'><\/div>\n\t\t\t<\/div>\n\t\t<\/div>\n\t<\/div><\/div><\/div><div class='evocard_row bx2 bx'><div id='event_time' class='evocard_box time' data-c='' \n\t\t\t\t\tstyle=''><div class='evo_metarow_time evorow evcal_evdata_row evcal_evrow_sm '>\n\t\t<span class='evcal_evdata_icons'><i class='fa fa-clock'><\/i><\/span>\n\t\t<div class='evcal_evdata_cell'>\t\t\t\t\t\t\t\n\t\t\t<h3 class='evo_h3'><span class='evcal_evdata_icons'><i class='fa fa-clock'><\/i><\/span>Zeitplan<\/h3><p><span class='evo_eventcard_time_t'>18 August 2026 13:30<\/span><span class='evo_tz marr5'>(GMT+02:00)<\/span><\/p>\n\t\t<\/div>\n\t<\/div><\/div><div id='event_location' class='evocard_box location' data-c='' \n\t\t\t\t\tstyle=''><div class='evcal_evdata_row evo_metarow_time_location evorow '>\n\t\t\n\t\t\t<span class='evcal_evdata_icons'><i class='fa fa-map-marker'><\/i><\/span>\n\t\t\t<div class='evcal_evdata_cell' data-loc_tax_id='23'><h3 class='evo_h3 evodfx'><span class='evcal_evdata_icons'><i class='fa fa-map-marker'><\/i><\/span>Ort<\/h3><p class='evo_location_name'>Talstation Obereggen<\/p><p class='evo_location_address evodfxi evogap10'>Obereggen 16 I-39050 Deutschnofen (BZ)<\/p><div class='padt10'><span class='evo_btn_arr evolb_trigger' data-lbvals=\"{&quot;lbc&quot;:&quot;evo_location_lb_23&quot;,&quot;lbac&quot;:&quot;lb_max&quot;,&quot;t&quot;:&quot;Talstation Obereggen&quot;,&quot;ajax&quot;:&quot;yes&quot;,&quot;ajax_type&quot;:&quot;endpoint&quot;,&quot;ajax_action&quot;:&quot;eventon_get_tax_card_content&quot;,&quot;end&quot;:&quot;client&quot;,&quot;d&quot;:{&quot;lang&quot;:&quot;L2&quot;,&quot;term_id&quot;:23,&quot;tax&quot;:&quot;event_location&quot;,&quot;load_lbcontent&quot;:true},&quot;uid&quot;:&quot;eventon_get_tax_card_content&quot;}\" >Other Events<i class='fa fa-chevron-right'><\/i><\/span><\/div><\/div>\n\t\t\n\t<\/div><\/div><\/div><div class='evocard_row bx2 bx'><div id='event_learnmore' class='evocard_box learnmore' data-c='' \n\t\t\t\t\tstyle=''><div class='evo_metarow_learnM evo_metarow_learnmore evorow'>\n\t\t\t\t\t\t\t<a class='evcal_evdata_row evo_clik_row ' href='https:\/\/obereggen.com\/de\/mindfullatemar' target=\"_blank\">\n\t\t\t\t\t\t\t\t<span class='evcal_evdata_icons'><i class='fa fa-link'><\/i><\/span>\n\t\t\t\t\t\t\t\t<h3 class='evo_h3'>Entdecke mehr<\/h3>\n\t\t\t\t\t\t\t<\/a>\n\t\t\t\t\t\t\t<\/div><\/div><div id='event_addtocal' class='evocard_box addtocal' data-c='' \n\t\t\t\t\tstyle=''><div class='evo_metarow_ICS evorow evcal_evdata_row'>\n\t\t\t<span class='evcal_evdata_icons'><i class='fa fa-calendar-o'><\/i><\/span>\n\t\t\t<div class='evcal_evdata_cell'>\n\t\t\t\t<p><a href='https:\/\/latemarium.com\/de\/export-events\/2107_8\/?nonce=7b34e59f7d' class='evo_ics_nCal' title='Zu Ihrem Kalender hinzuf\u00fcgen'>Kalender<\/a><a href='https:\/\/www.google.com\/calendar\/event?action=TEMPLATE&text=Mindful.Latemar&dates=20260818T113000Z%2F20260818T215900Z&ctz=Europe%2FRome&details=Mindful.Latemar&location=Talstation+Obereggen+Obereggen+16+I-39050+Deutschnofen+%28BZ%29' target='_blank' class='evo_ics_gCal' title='Zu Google Kalender hinzuf\u00fcgen'>GoogleCal<\/a><\/p>\t\n\t\t\t<\/div>\n\t\t<\/div><\/div><\/div><div class='evocard_row'><div id='event_getdirection' class='evocard_box getdirection' data-c='' \n\t\t\t\t\tstyle=''><div class='evo_metarow_getDr evorow evcal_evdata_row evcal_evrow_sm getdirections'>\n\t\t<form action='https:\/\/maps.google.com\/maps' method='get' target='_blank'>\n\t\t\t<input type='hidden' name='daddr' value=\"46.3835808246333,11.52667595881786\"\/> \n\t\t\t<div class='evo_get_direction_content evo_fx_dr_r evogap10'>\n\t\t\t\t<span class='evogetdir_header evodfx evofx_dr_r evofx_ai_c marr10'>\n\t\t\t\t\t<i class='mainicon fa fa-road'><\/i> \n\t\t\t\t\t<h3 class='evo_h3' style='padding-bottom:5px;'>Wegbeschreibung abrufen<\/h3>\n\t\t\t\t<\/span>\n\t\t\t\t<span class='evogetdir_field evodfx evofx_1_1 evo_fx_dr_c evow100p'>\t\t\t\t\t\n\t\t\t\t\t<input class='evoInput evotac' type='text' name='saddr' placeholder='&quot;Geben Sie die Adresse ein' value='' style='margin:10px 0;'\/>\n\t\t\t\t<\/span>\n\t\t\t\t<button type='submit' class='evo_get_direction_button evo_btn_arr_circ dfx fx_ai_c' title='&quot;Klicken Sie hier'><i class='fa fa-chevron-right'><\/i> <\/button>\n\t\t\t<\/div>\n\t\t<\/form>\n\t<\/div><\/div><\/div><div class='evo_card_row_end evcal_close' title='Schlie\u00dfen'><\/div><\/div><div class='clear end'><\/div><\/div><div id=\"event_2184_7\" class=\"eventon_list_event evo_eventtop scheduled  event clrD no_et event_2184_7\" data-event_id=\"2184\" data-ri=\"7r\" data-time=\"1787124600-1787176740\" data-colr=\"#ba181d\" itemscope itemtype='http:\/\/schema.org\/Event'><div class=\"evo_event_schema\" style=\"display:none\" ><a itemprop='url'  href='https:\/\/latemarium.com\/de\/events\/geotrekking-torre-di-pisa\/var\/ri-7.l-L2'><\/a><meta itemprop='image' content=\"https:\/\/latemarium.com\/wp-content\/uploads\/2020\/06\/latemar-torre-di-pisa-estate-2019_ph.alice-russolo-90-scaled.jpg\" \/><meta itemprop='startDate' content=\"2026-8-19T09:30+0:00\" \/><meta itemprop='endDate' content=\"2026-8-19T23:59+0:00\" \/><meta itemprop='eventStatus' content=\"https:\/\/schema.org\/EventScheduled\" \/><meta itemprop='eventAttendanceMode'   itemscope itemtype=\"https:\/\/schema.org\/OfflineEventAttendanceMode\"\/><script type=\"application\/ld+json\">{\"@context\": \"http:\/\/schema.org\",\"@type\": \"Event\",\n\t\t\t\t\"@id\": \"event_2184_7\",\n\t\t\t\t\"eventAttendanceMode\":\"https:\/\/schema.org\/OfflineEventAttendanceMode\",\n\t\t\t\t\"eventStatus\":\"https:\/\/schema.org\/EventScheduled\",\n\t\t\t\t\"name\": \"Geotrekking Torre di Pisa\",\n\t\t\t\t\"url\": \"https:\/\/latemarium.com\/de\/events\/geotrekking-torre-di-pisa\/var\/ri-7.l-L2\",\n\t\t\t\t\"startDate\": \"2026-8-19T09:30+0:00\",\n\t\t\t\t\"endDate\": \"2026-8-19T23:59+0:00\",\n\t\t\t\t\"image\":\"https:\/\/latemarium.com\/wp-content\/uploads\/2020\/06\/latemar-torre-di-pisa-estate-2019_ph.alice-russolo-90-scaled.jpg\", \n\t\t\t\t\"description\":\"<p><strong>Spannender geologischer Ausflug in gro\u00dfer H\u00f6he<\/strong>, um das Latemar-Atoll zu entdecken, die Perle des fossilen Archipels der Dolomiten, ein UNESCO-Weltkulturerbe. Ein eindrucksvoller Rundweg, der von einem erfahrenen Geologen und Medienbergf\u00fchrer gef\u00fchrt wird. Vom Passo Feudo steigen Sie zur Schutzh\u00fctte Torre di Pisa auf, um dann in gro\u00dfer H\u00f6he bis zur Forcella dei Camosci weiterzugehen, von wo aus Sie wieder in die Tiefen des tropischen Meeres bis zum Ausgangspunkt abtauchen. Brotzeit. Mindestalter 12 Jahre.<\/p> <p>Die Route ist mittelschwer, mit gut begehbaren Wegen und kurzen, leicht ausgesetzten Abschnitten, mit einem H\u00f6henunterschied von ca. 780 Metern.<\/p> \"}<\/script><\/div>\r\n\t\t\t\t<p class=\"desc_trig_outter\" style=\"\"><a data-gmap_status=\"null\" data-exlk=\"0\" style=\"background-color: #ba181d;\" id=\"evc_17871246002184\" class=\"hasFtIMG event_repeat desc_trig sin_val evcal_list_a\" data-ux_val=\"3\" data-ux_val_mob=\"-\"  ><span class='evoet_c1 evoet_cx '><span class='ev_ftImg' data-img='https:\/\/latemarium.com\/wp-content\/uploads\/2020\/06\/latemar-torre-di-pisa-estate-2019_ph.alice-russolo-90-scaled.jpg' data-thumb='https:\/\/latemarium.com\/wp-content\/uploads\/2020\/06\/latemar-torre-di-pisa-estate-2019_ph.alice-russolo-90-300x200.jpg' style='background-image:url(\"https:\/\/latemarium.com\/wp-content\/uploads\/2020\/06\/latemar-torre-di-pisa-estate-2019_ph.alice-russolo-90-300x200.jpg\")' ><\/span><\/span><span class='evoet_c2 evoet_cx '><span class='evoet_dayblock evcal_cblock ' data-bgcolor='#ba181d' data-smon='August' data-syr='2026' data-bub=''><span class='evo_start '><em class='date'>19<\/em><em class='month'>Aug<\/em><em class='time'>09:30<\/em><\/span><\/span><\/span><span class='evoet_c3 evoet_cx evcal_desc hide_eventtopdata '><span class='evoet_title evcal_desc2 evcal_event_title ' itemprop='name'>Geotrekking Torre di Pisa<\/span><span class='event_location_attrs' data-location_type=\"lonlat\" data-location_name=\"A monte della seggiovia Gardon\u00e8-Passo Feudo\" data-location_url=\"https:\/\/latemarium.com\/de\/event-location\/a-monte-della-seggiovia-gardone-passo-feudo\/\" data-location_status=\"true\" data-latlng=\"46.32878794406342,11.600176728690842\"><\/span><span class='evoet_subtitle evo_below_title' ><span class='evcal_event_subtitle ' >Geotrekking Torre di Pisa<\/span><\/span><span class='evoet_time_expand level_3'><em class='evcal_time evo_tz_time'><i class='fa fa-clock-o'><\/i>09:30<span class='evo_tz marl5'>(GMT+02:00)<\/span><\/em> <\/span><span class='evoet_location level_3'><em class=\"evcal_location\"  data-latlng=\"46.32878794406342,11.600176728690842\" data-add_str=\"\" data-n=\"A monte della seggiovia Gardon\u00e8-Passo Feudo\"><i class=\"fa fa-location-pin\"><\/i><em class=\"event_location_name\">A monte della seggiovia Gardon\u00e8-Passo Feudo<\/em><\/em><\/span><\/span><span class='evoet_data' data-d=\"{&quot;loc.n&quot;:&quot;A monte della seggiovia Gardon\\u00e8-Passo Feudo&quot;,&quot;orgs&quot;:[],&quot;tags&quot;:{&quot;repeating&quot;:&quot;Repeating Event&quot;}}\" data-bgc=\"#ba181d\" data-bggrad=\"\" ><\/span><\/a><\/p><div class='event_description evcal_eventcard ' style=\"display:none\"><div class='evocard_row'><div id='event_ftimage' class='evocard_box ftimage' data-c='' \n\t\t\t\t\tstyle=''><div class='evocard_main_image_hold' data-t='Loading Image..'><div class='evocard_main_image evo_img_triglb evobr15 evobgsc evobgpc evodfx evofx_jc_c evofx_ai_c evofz48 minmized' style='height:300px; background-image:url();' data-f=\"https:\/\/latemarium.com\/wp-content\/uploads\/2020\/06\/latemar-torre-di-pisa-estate-2019_ph.alice-russolo-90-scaled.jpg\" data-h=\"1707\" data-w=\"2560\" data-ratio=\"0.666796875\" data-event_id=\"2184\" data-ri=\"7\"  data-t='Loading Image..'><span style='height:300px; background-image:url(https:\/\/latemarium.com\/wp-content\/uploads\/2020\/06\/latemar-torre-di-pisa-estate-2019_ph.alice-russolo-90-scaled.jpg)'><\/span><\/div><\/div><\/div><\/div><div class='evocard_row'><div id='event_eventdetails' class='evocard_box eventdetails' data-c='' \n\t\t\t\t\tstyle=''><div class='evo_metarow_details evorow evcal_evdata_row evcal_event_details'>\n\t\t<div class=\"event_excerpt\" style=\"display:none\"><h3 class=\"padb5 evo_h3\">Details zur Veranstaltung<\/h3><p>Spannender geologischer Ausflug in gro\u00dfer H\u00f6he, um das Latemar-Atoll zu entdecken, die Perle des fossilen Archipels der Dolomiten, ein UNESCO-Weltkulturerbe. Ein eindrucksvoller Rundweg, der von einem erfahrenen Geologen und Medienbergf\u00fchrer<\/p><\/div><span class='evcal_evdata_icons'><i class='fa fa-align-justify'><\/i><\/span>\n\t\t\n\t\t<div class='evcal_evdata_cell shorter_desc'>\n\t\t\t<div class='eventon_full_description'>\n\t\t\t\t<h3 class='padb5 evo_h3'><span class='evcal_evdata_icons'><i class='fa fa-align-justify'><\/i><\/span>Details zur Veranstaltung<\/h3>\n\t\t\t\t<div class='eventon_desc_in' itemprop='description'>\n\t\t\t\t<p><strong>Spannender geologischer Ausflug in gro\u00dfer H\u00f6he<\/strong>, um das Latemar-Atoll zu entdecken, die Perle des fossilen Archipels der Dolomiten, ein UNESCO-Weltkulturerbe. Ein eindrucksvoller Rundweg, der von einem erfahrenen Geologen und Medienbergf\u00fchrer gef\u00fchrt wird. Vom Passo Feudo steigen Sie zur Schutzh\u00fctte Torre di Pisa auf, um dann in gro\u00dfer H\u00f6he bis zur Forcella dei Camosci weiterzugehen, von wo aus Sie wieder in die Tiefen des tropischen Meeres bis zum Ausgangspunkt abtauchen. Brotzeit. Mindestalter 12 Jahre.<\/p>\n<p>Die Route ist mittelschwer, mit gut begehbaren Wegen und kurzen, leicht ausgesetzten Abschnitten, mit einem H\u00f6henunterschied von ca. 780 Metern.<\/p>\n<\/div><p class='eventon_shad_p' style='padding:5px 0 0; margin:0'>\n\t\t\t<span class='evcal_btn evo_btn_secondary evobtn_details_show_more' content='less'>\n\t\t\t\t<span class='ev_more_text' data-txt='Weniger'>Mehr<\/span><span class='ev_more_arrow ard'><\/span>\n\t\t\t<\/span>\n\t\t<\/p><div class='clear'><\/div>\n\t\t\t<\/div>\n\t\t<\/div>\n\t<\/div><\/div><\/div><div class='evocard_row bx2 bx'><div id='event_time' class='evocard_box time' data-c='' \n\t\t\t\t\tstyle=''><div class='evo_metarow_time evorow evcal_evdata_row evcal_evrow_sm '>\n\t\t<span class='evcal_evdata_icons'><i class='fa fa-clock'><\/i><\/span>\n\t\t<div class='evcal_evdata_cell'>\t\t\t\t\t\t\t\n\t\t\t<h3 class='evo_h3'><span class='evcal_evdata_icons'><i class='fa fa-clock'><\/i><\/span>Zeitplan<\/h3><p><span class='evo_eventcard_time_t'>19 August 2026 09:30<\/span><span class='evo_tz marr5'>(GMT+02:00)<\/span><\/p>\n\t\t<\/div>\n\t<\/div><\/div><div id='event_location' class='evocard_box location' data-c='' \n\t\t\t\t\tstyle=''><div class='evcal_evdata_row evo_metarow_time_location evorow '>\n\t\t\n\t\t\t<span class='evcal_evdata_icons'><i class='fa fa-map-marker'><\/i><\/span>\n\t\t\t<div class='evcal_evdata_cell' data-loc_tax_id='37'><h3 class='evo_h3 evodfx'><span class='evcal_evdata_icons'><i class='fa fa-map-marker'><\/i><\/span>Ort<\/h3><p class='evo_location_name'>A monte della seggiovia Gardon\u00e8-Passo Feudo<\/p><div class='padt10'><span class='evo_btn_arr evolb_trigger' data-lbvals=\"{&quot;lbc&quot;:&quot;evo_location_lb_37&quot;,&quot;lbac&quot;:&quot;lb_max&quot;,&quot;t&quot;:&quot;A monte della seggiovia Gardon\\u00e8-Passo Feudo&quot;,&quot;ajax&quot;:&quot;yes&quot;,&quot;ajax_type&quot;:&quot;endpoint&quot;,&quot;ajax_action&quot;:&quot;eventon_get_tax_card_content&quot;,&quot;end&quot;:&quot;client&quot;,&quot;d&quot;:{&quot;lang&quot;:&quot;L2&quot;,&quot;term_id&quot;:37,&quot;tax&quot;:&quot;event_location&quot;,&quot;load_lbcontent&quot;:true},&quot;uid&quot;:&quot;eventon_get_tax_card_content&quot;}\" >Other Events<i class='fa fa-chevron-right'><\/i><\/span><\/div><\/div>\n\t\t\n\t<\/div><\/div><\/div><div class='evocard_row bx2 bx'><div id='event_learnmore' class='evocard_box learnmore' data-c='' \n\t\t\t\t\tstyle=''><div class='evo_metarow_learnM evo_metarow_learnmore evorow'>\n\t\t\t\t\t\t\t<a class='evcal_evdata_row evo_clik_row ' href='https:\/\/www.latemar.it\/de\/sommer\/geotrekking\/' target=\"_blank\">\n\t\t\t\t\t\t\t\t<span class='evcal_evdata_icons'><i class='fa fa-link'><\/i><\/span>\n\t\t\t\t\t\t\t\t<h3 class='evo_h3'>Entdecke mehr<\/h3>\n\t\t\t\t\t\t\t<\/a>\n\t\t\t\t\t\t\t<\/div><\/div><div id='event_addtocal' class='evocard_box addtocal' data-c='' \n\t\t\t\t\tstyle=''><div class='evo_metarow_ICS evorow evcal_evdata_row'>\n\t\t\t<span class='evcal_evdata_icons'><i class='fa fa-calendar-o'><\/i><\/span>\n\t\t\t<div class='evcal_evdata_cell'>\n\t\t\t\t<p><a href='https:\/\/latemarium.com\/de\/export-events\/2184_7\/?nonce=7b34e59f7d' class='evo_ics_nCal' title='Zu Ihrem Kalender hinzuf\u00fcgen'>Kalender<\/a><a href='https:\/\/www.google.com\/calendar\/event?action=TEMPLATE&text=Geotrekking+Torre+di+Pisa&dates=20260819T073000Z%2F20260819T215900Z&ctz=Europe%2FRome&details=Geotrekking Torre di Pisa&location=A+monte+della+seggiovia+Gardon%C3%A8-Passo+Feudo' target='_blank' class='evo_ics_gCal' title='Zu Google Kalender hinzuf\u00fcgen'>GoogleCal<\/a><\/p>\t\n\t\t\t<\/div>\n\t\t<\/div><\/div><\/div><div class='evocard_row'><div id='event_getdirection' class='evocard_box getdirection' data-c='' \n\t\t\t\t\tstyle=''><div class='evo_metarow_getDr evorow evcal_evdata_row evcal_evrow_sm getdirections'>\n\t\t<form action='https:\/\/maps.google.com\/maps' method='get' target='_blank'>\n\t\t\t<input type='hidden' name='daddr' value=\"46.32878794406342,11.600176728690842\"\/> \n\t\t\t<div class='evo_get_direction_content evo_fx_dr_r evogap10'>\n\t\t\t\t<span class='evogetdir_header evodfx evofx_dr_r evofx_ai_c marr10'>\n\t\t\t\t\t<i class='mainicon fa fa-road'><\/i> \n\t\t\t\t\t<h3 class='evo_h3' style='padding-bottom:5px;'>Wegbeschreibung abrufen<\/h3>\n\t\t\t\t<\/span>\n\t\t\t\t<span class='evogetdir_field evodfx evofx_1_1 evo_fx_dr_c evow100p'>\t\t\t\t\t\n\t\t\t\t\t<input class='evoInput evotac' type='text' name='saddr' placeholder='&quot;Geben Sie die Adresse ein' value='' style='margin:10px 0;'\/>\n\t\t\t\t<\/span>\n\t\t\t\t<button type='submit' class='evo_get_direction_button evo_btn_arr_circ dfx fx_ai_c' title='&quot;Klicken Sie hier'><i class='fa fa-chevron-right'><\/i> <\/button>\n\t\t\t<\/div>\n\t\t<\/form>\n\t<\/div><\/div><\/div><div class='evo_card_row_end evcal_close' title='Schlie\u00dfen'><\/div><\/div><div class='clear end'><\/div><\/div><div id=\"event_2176_6\" class=\"eventon_list_event evo_eventtop scheduled  event clrW no_et event_2176_6\" data-event_id=\"2176\" data-ri=\"6r\" data-time=\"1787128200-1787176740\" data-colr=\"#a69dcd\" itemscope itemtype='http:\/\/schema.org\/Event'><div class=\"evo_event_schema\" style=\"display:none\" ><a itemprop='url'  href='https:\/\/latemarium.com\/de\/events\/gea-bei-der-eroberung-des-gipfels\/var\/ri-6.l-L2'><\/a><meta itemprop='image' content=\"https:\/\/latemarium.com\/wp-content\/uploads\/2023\/06\/geotrail-1200x800-alice-russolo-rocce-barca-2.jpg\" \/><meta itemprop='startDate' content=\"2026-8-19T10:30+0:00\" \/><meta itemprop='endDate' content=\"2026-8-19T23:59+0:00\" \/><meta itemprop='eventStatus' content=\"https:\/\/schema.org\/EventScheduled\" \/><meta itemprop='eventAttendanceMode'   itemscope itemtype=\"https:\/\/schema.org\/OfflineEventAttendanceMode\"\/><script type=\"application\/ld+json\">{\"@context\": \"http:\/\/schema.org\",\"@type\": \"Event\",\n\t\t\t\t\"@id\": \"event_2176_6\",\n\t\t\t\t\"eventAttendanceMode\":\"https:\/\/schema.org\/OfflineEventAttendanceMode\",\n\t\t\t\t\"eventStatus\":\"https:\/\/schema.org\/EventScheduled\",\n\t\t\t\t\"name\": \"GEA BEI DER EROBERUNG DES GIPFELS\",\n\t\t\t\t\"url\": \"https:\/\/latemarium.com\/de\/events\/gea-bei-der-eroberung-des-gipfels\/var\/ri-6.l-L2\",\n\t\t\t\t\"startDate\": \"2026-8-19T10:30+0:00\",\n\t\t\t\t\"endDate\": \"2026-8-19T23:59+0:00\",\n\t\t\t\t\"image\":\"https:\/\/latemarium.com\/wp-content\/uploads\/2023\/06\/geotrail-1200x800-alice-russolo-rocce-barca-2.jpg\", \n\t\t\t\t\"description\":\"<p>Unsere freie und enthusiastische Gea vollbringt ein neues Kunstst\u00fcck mit zwei erfahrenen Begleitern und gemeinsam erobern sie den Gipfel!<\/p> <p>Immer mittwochs, vom 8. Juli bis zum 19. August 2026<br \/> bei der Passo Feudo H\u00fctte, welche mit der Seilbahn und mit dem Sessellift erreichbar ist<br \/> um 10.30 Uhr<br \/> F\u00fcr Familien mit Kindern ab 5 Jahren geeignet (Dauer: 1h30\u2018)<br \/> Vorstellung auf Italienisch<\/p> \"}<\/script><\/div>\r\n\t\t\t\t<p class=\"desc_trig_outter\" style=\"\"><a data-gmap_status=\"null\" data-exlk=\"0\" style=\"background-color: #a69dcd;\" id=\"evc_17871282002176\" class=\"hasFtIMG event_repeat desc_trig sin_val evcal_list_a\" data-ux_val=\"3\" data-ux_val_mob=\"-\"  ><span class='evoet_c1 evoet_cx '><span class='ev_ftImg' data-img='https:\/\/latemarium.com\/wp-content\/uploads\/2023\/06\/geotrail-1200x800-alice-russolo-rocce-barca-2.jpg' data-thumb='https:\/\/latemarium.com\/wp-content\/uploads\/2023\/06\/geotrail-1200x800-alice-russolo-rocce-barca-2-300x200.jpg' style='background-image:url(\"https:\/\/latemarium.com\/wp-content\/uploads\/2023\/06\/geotrail-1200x800-alice-russolo-rocce-barca-2-300x200.jpg\")' ><\/span><\/span><span class='evoet_c2 evoet_cx '><span class='evoet_dayblock evcal_cblock ' data-bgcolor='#a69dcd' data-smon='August' data-syr='2026' data-bub=''><span class='evo_start '><em class='date'>19<\/em><em class='month'>Aug<\/em><em class='time'>10:30<\/em><\/span><\/span><\/span><span class='evoet_c3 evoet_cx evcal_desc hide_eventtopdata '><span class='evoet_title evcal_desc2 evcal_event_title ' itemprop='name'>GEA BEI DER EROBERUNG DES GIPFELS<\/span><span class='event_location_attrs' data-location_type=\"lonlat\" data-location_name=\"Sessellift Ankunft Gardon\u00e8-Passo Feudo\" data-location_url=\"https:\/\/latemarium.com\/de\/event-location\/sessellift-ankunft-gardone-passo-feudo\/\" data-location_status=\"true\" data-latlng=\"46.32878794406342,11.600176728690842\"><\/span><span class='evoet_subtitle evo_below_title' ><span class='evcal_event_subtitle ' >Wanderausstellung - Geotrail Dos Cap\u00e8l<\/span><\/span><span class='evoet_time_expand level_3'><em class='evcal_time evo_tz_time'><i class='fa fa-clock-o'><\/i>10:30<span class='evo_tz marl5'>(GMT+02:00)<\/span><\/em> <\/span><span class='evoet_location level_3'><em class=\"evcal_location\"  data-latlng=\"46.32878794406342,11.600176728690842\" data-add_str=\"\" data-n=\"Sessellift Ankunft Gardon\u00e8-Passo Feudo\"><i class=\"fa fa-location-pin\"><\/i><em class=\"event_location_name\">Sessellift Ankunft Gardon\u00e8-Passo Feudo<\/em><\/em><\/span><\/span><span class='evoet_data' data-d=\"{&quot;loc.n&quot;:&quot;Sessellift Ankunft Gardon\\u00e8-Passo Feudo&quot;,&quot;orgs&quot;:[],&quot;tags&quot;:{&quot;repeating&quot;:&quot;Repeating Event&quot;}}\" data-bgc=\"#a69dcd\" data-bggrad=\"\" ><\/span><\/a><\/p><div class='event_description evcal_eventcard ' style=\"display:none\"><div class='evocard_row'><div id='event_ftimage' class='evocard_box ftimage' data-c='' \n\t\t\t\t\tstyle=''><div class='evocard_main_image_hold' data-t='Loading Image..'><div class='evocard_main_image evo_img_triglb evobr15 evobgsc evobgpc evodfx evofx_jc_c evofx_ai_c evofz48 minmized' style='height:300px; background-image:url();' data-f=\"https:\/\/latemarium.com\/wp-content\/uploads\/2023\/06\/geotrail-1200x800-alice-russolo-rocce-barca-2.jpg\" data-h=\"800\" data-w=\"1200\" data-ratio=\"0.66666666666667\" data-event_id=\"2176\" data-ri=\"6\"  data-t='Loading Image..'><span style='height:300px; background-image:url(https:\/\/latemarium.com\/wp-content\/uploads\/2023\/06\/geotrail-1200x800-alice-russolo-rocce-barca-2.jpg)'><\/span><\/div><\/div><\/div><\/div><div class='evocard_row'><div id='event_eventdetails' class='evocard_box eventdetails' data-c='' \n\t\t\t\t\tstyle=''><div class='evo_metarow_details evorow evcal_evdata_row evcal_event_details'>\n\t\t<div class=\"event_excerpt\" style=\"display:none\"><h3 class=\"padb5 evo_h3\">Details zur Veranstaltung<\/h3><p>Unsere freie und enthusiastische Gea vollbringt ein neues Kunstst\u00fcck mit zwei erfahrenen Begleitern und gemeinsam erobern sie den Gipfel!\nImmer mittwochs, vom 8. Juli bis zum 19. August 2026\nbei der<\/p><\/div><span class='evcal_evdata_icons'><i class='fa fa-align-justify'><\/i><\/span>\n\t\t\n\t\t<div class='evcal_evdata_cell '>\n\t\t\t<div class='eventon_full_description'>\n\t\t\t\t<h3 class='padb5 evo_h3'><span class='evcal_evdata_icons'><i class='fa fa-align-justify'><\/i><\/span>Details zur Veranstaltung<\/h3>\n\t\t\t\t<div class='eventon_desc_in' itemprop='description'>\n\t\t\t\t<p>Unsere freie und enthusiastische Gea vollbringt ein neues Kunstst\u00fcck mit zwei erfahrenen Begleitern und gemeinsam erobern sie den Gipfel!<\/p>\n<p>Immer mittwochs, vom 8. Juli bis zum 19. August 2026<br \/>\nbei der Passo Feudo H\u00fctte, welche mit der Seilbahn und mit dem Sessellift erreichbar ist<br \/>\num 10.30 Uhr<br \/>\nF\u00fcr Familien mit Kindern ab 5 Jahren geeignet (Dauer: 1h30\u2018)<br \/>\nVorstellung auf Italienisch<\/p>\n<\/div><div class='clear'><\/div>\n\t\t\t<\/div>\n\t\t<\/div>\n\t<\/div><\/div><\/div><div class='evocard_row bx2 bx'><div id='event_time' class='evocard_box time' data-c='' \n\t\t\t\t\tstyle=''><div class='evo_metarow_time evorow evcal_evdata_row evcal_evrow_sm '>\n\t\t<span class='evcal_evdata_icons'><i class='fa fa-clock'><\/i><\/span>\n\t\t<div class='evcal_evdata_cell'>\t\t\t\t\t\t\t\n\t\t\t<h3 class='evo_h3'><span class='evcal_evdata_icons'><i class='fa fa-clock'><\/i><\/span>Zeitplan<\/h3><p><span class='evo_eventcard_time_t'>19 August 2026 10:30<\/span><span class='evo_tz marr5'>(GMT+02:00)<\/span><\/p>\n\t\t<\/div>\n\t<\/div><\/div><div id='event_location' class='evocard_box location' data-c='' \n\t\t\t\t\tstyle=''><div class='evcal_evdata_row evo_metarow_time_location evorow '>\n\t\t\n\t\t\t<span class='evcal_evdata_icons'><i class='fa fa-map-marker'><\/i><\/span>\n\t\t\t<div class='evcal_evdata_cell' data-loc_tax_id='39'><h3 class='evo_h3 evodfx'><span class='evcal_evdata_icons'><i class='fa fa-map-marker'><\/i><\/span>Ort<\/h3><p class='evo_location_name'>Sessellift Ankunft Gardon\u00e8-Passo Feudo<\/p><div class='padt10'><span class='evo_btn_arr evolb_trigger' data-lbvals=\"{&quot;lbc&quot;:&quot;evo_location_lb_39&quot;,&quot;lbac&quot;:&quot;lb_max&quot;,&quot;t&quot;:&quot;Sessellift Ankunft Gardon\\u00e8-Passo Feudo&quot;,&quot;ajax&quot;:&quot;yes&quot;,&quot;ajax_type&quot;:&quot;endpoint&quot;,&quot;ajax_action&quot;:&quot;eventon_get_tax_card_content&quot;,&quot;end&quot;:&quot;client&quot;,&quot;d&quot;:{&quot;lang&quot;:&quot;L2&quot;,&quot;term_id&quot;:39,&quot;tax&quot;:&quot;event_location&quot;,&quot;load_lbcontent&quot;:true},&quot;uid&quot;:&quot;eventon_get_tax_card_content&quot;}\" >Other Events<i class='fa fa-chevron-right'><\/i><\/span><\/div><\/div>\n\t\t\n\t<\/div><\/div><\/div><div class='evocard_row bx2 bx'><div id='event_learnmore' class='evocard_box learnmore' data-c='' \n\t\t\t\t\tstyle=''><div class='evo_metarow_learnM evo_metarow_learnmore evorow'>\n\t\t\t\t\t\t\t<a class='evcal_evdata_row evo_clik_row ' href='https:\/\/www.montagnanimata.it\/de\/spektakel\/' target=\"_blank\">\n\t\t\t\t\t\t\t\t<span class='evcal_evdata_icons'><i class='fa fa-link'><\/i><\/span>\n\t\t\t\t\t\t\t\t<h3 class='evo_h3'>Entdecke mehr<\/h3>\n\t\t\t\t\t\t\t<\/a>\n\t\t\t\t\t\t\t<\/div><\/div><div id='event_addtocal' class='evocard_box addtocal' data-c='' \n\t\t\t\t\tstyle=''><div class='evo_metarow_ICS evorow evcal_evdata_row'>\n\t\t\t<span class='evcal_evdata_icons'><i class='fa fa-calendar-o'><\/i><\/span>\n\t\t\t<div class='evcal_evdata_cell'>\n\t\t\t\t<p><a href='https:\/\/latemarium.com\/de\/export-events\/2176_6\/?nonce=7b34e59f7d' class='evo_ics_nCal' title='Zu Ihrem Kalender hinzuf\u00fcgen'>Kalender<\/a><a href='https:\/\/www.google.com\/calendar\/event?action=TEMPLATE&text=GEA+BEI+DER+EROBERUNG+DES+GIPFELS&dates=20260819T083000Z%2F20260819T215900Z&ctz=Europe%2FRome&details=GEA BEI DER EROBERUNG DES GIPFELS&location=Sessellift+Ankunft+Gardon%C3%A8-Passo+Feudo' target='_blank' class='evo_ics_gCal' title='Zu Google Kalender hinzuf\u00fcgen'>GoogleCal<\/a><\/p>\t\n\t\t\t<\/div>\n\t\t<\/div><\/div><\/div><div class='evocard_row'><div id='event_getdirection' class='evocard_box getdirection' data-c='' \n\t\t\t\t\tstyle=''><div class='evo_metarow_getDr evorow evcal_evdata_row evcal_evrow_sm getdirections'>\n\t\t<form action='https:\/\/maps.google.com\/maps' method='get' target='_blank'>\n\t\t\t<input type='hidden' name='daddr' value=\"46.32878794406342,11.600176728690842\"\/> \n\t\t\t<div class='evo_get_direction_content evo_fx_dr_r evogap10'>\n\t\t\t\t<span class='evogetdir_header evodfx evofx_dr_r evofx_ai_c marr10'>\n\t\t\t\t\t<i class='mainicon fa fa-road'><\/i> \n\t\t\t\t\t<h3 class='evo_h3' style='padding-bottom:5px;'>Wegbeschreibung abrufen<\/h3>\n\t\t\t\t<\/span>\n\t\t\t\t<span class='evogetdir_field evodfx evofx_1_1 evo_fx_dr_c evow100p'>\t\t\t\t\t\n\t\t\t\t\t<input class='evoInput evotac' type='text' name='saddr' placeholder='&quot;Geben Sie die Adresse ein' value='' style='margin:10px 0;'\/>\n\t\t\t\t<\/span>\n\t\t\t\t<button type='submit' class='evo_get_direction_button evo_btn_arr_circ dfx fx_ai_c' title='&quot;Klicken Sie hier'><i class='fa fa-chevron-right'><\/i> <\/button>\n\t\t\t<\/div>\n\t\t<\/form>\n\t<\/div><\/div><\/div><div class='evo_card_row_end evcal_close' title='Schlie\u00dfen'><\/div><\/div><div class='clear end'><\/div><\/div><div id=\"event_2938_8\" class=\"eventon_list_event evo_eventtop scheduled  event clrD event_2938_8\" data-event_id=\"2938\" data-ri=\"8r\" data-time=\"1787140800-1787149800\" data-colr=\"#38823b\" itemscope itemtype='http:\/\/schema.org\/Event'><div class=\"evo_event_schema\" style=\"display:none\" ><a itemprop='url'  href='https:\/\/latemarium.com\/de\/events\/unterwegs-mit-ponys\/var\/ri-8.l-L2'><\/a><meta itemprop='image' content=\"https:\/\/latemarium.com\/wp-content\/uploads\/2026\/04\/pony.jpg\" \/><meta itemprop='startDate' content=\"2026-8-19T14:00+0:00\" \/><meta itemprop='endDate' content=\"2026-8-19T16:30+0:00\" \/><meta itemprop='eventStatus' content=\"https:\/\/schema.org\/EventScheduled\" \/><meta itemprop='eventAttendanceMode'   itemscope itemtype=\"https:\/\/schema.org\/OfflineEventAttendanceMode\"\/><div style=\"display:none\" itemprop=\"location\" itemscope itemtype=\"http:\/\/schema.org\/Place\"><span itemprop=\"name\">Pampeago<\/span><span itemprop=\"address\" itemscope itemtype=\"http:\/\/schema.org\/PostalAddress\"><item itemprop=\"streetAddress\">Localit\u00e0 Pampeago, 8, 38038 Tesero TN<\/item><\/span><\/div><script type=\"application\/ld+json\">{\"@context\": \"http:\/\/schema.org\",\"@type\": \"Event\",\n\t\t\t\t\"@id\": \"event_2938_8\",\n\t\t\t\t\"eventAttendanceMode\":\"https:\/\/schema.org\/OfflineEventAttendanceMode\",\n\t\t\t\t\"eventStatus\":\"https:\/\/schema.org\/EventScheduled\",\n\t\t\t\t\"name\": \"Unterwegs mit Ponys\",\n\t\t\t\t\"url\": \"https:\/\/latemarium.com\/de\/events\/unterwegs-mit-ponys\/var\/ri-8.l-L2\",\n\t\t\t\t\"startDate\": \"2026-8-19T14:00+0:00\",\n\t\t\t\t\"endDate\": \"2026-8-19T16:30+0:00\",\n\t\t\t\t\"image\":\"https:\/\/latemarium.com\/wp-content\/uploads\/2026\/04\/pony.jpg\", \n\t\t\t\t\"description\":\"<p>Ein angenehmer Spaziergang zur Entdeckung der Landschaften von Pampeago, begleitet von freundlichen Ponys, die Kinder und Familien sicher entlang der Route f\u00fchren.<\/p> <p>Ein entspannendes und unterhaltsames Erlebnis \u2013 ideal, um die Bergwelt in gem\u00e4chlichem Tempo zu genie\u00dfen und eine besondere Verbindung zu diesen sanften Tieren aufzubauen.<\/p> <p><strong>INFORMATIONEN:<\/strong><br \/> Wann \u2013 Jeden Mittwoch vom 24.06. bis 09.09.<br \/> Uhrzeit \u2013 Von 14:00 bis 16:30 Uhr (je nach Verf\u00fcgbarkeit)<br \/> Treffpunkt \u2013 Parkplatz der Tresca-Sesselbahn (Zutritt NUR f\u00fcr Teilnehmende mit Reservierung)<\/p> <p>Aktivit\u00e4t geeignet f\u00fcr Familien und Kinder.<\/p> <p>Reservierung erforderlich \u2013 klicken Sie <a href='https:\/\/www.visitfiemme.it\/de\/veranstaltungen\/fiemme-cembra-guest-card\/erlebnisse\/erlebnisse-sommer' target='_blank' rel='noopener'>HIER<\/a>, um zu buchen<\/p> \",\"location\":[{\"@type\":\"Place\",\"name\":\"Pampeago\",\"address\":{\"@type\": \"PostalAddress\",\"streetAddress\":\"Localit\u00e0 Pampeago, 8, 38038 Tesero TN\"}}]}<\/script><\/div>\r\n\t\t\t\t<p class=\"desc_trig_outter\" style=\"\"><a data-gmap_status=\"null\" data-exlk=\"0\" style=\"background-color: #38823b;\" id=\"evc_17871408002938\" class=\"hasFtIMG event_repeat desc_trig sin_val evcal_list_a\" data-ux_val=\"3\" data-ux_val_mob=\"-\"  ><span class='evoet_c1 evoet_cx '><span class='ev_ftImg' data-img='https:\/\/latemarium.com\/wp-content\/uploads\/2026\/04\/pony.jpg' data-thumb='https:\/\/latemarium.com\/wp-content\/uploads\/2026\/04\/pony-300x110.jpg' style='background-image:url(\"https:\/\/latemarium.com\/wp-content\/uploads\/2026\/04\/pony-300x110.jpg\")' ><\/span><\/span><span class='evoet_c2 evoet_cx '><span class='evoet_dayblock evcal_cblock ' data-bgcolor='#38823b' data-smon='August' data-syr='2026' data-bub=''><span class='evo_start '><em class='date'>19<\/em><em class='month'>Aug<\/em><em class='time'>14:00<\/em><\/span><span class='evo_end only_time'><em class='time'>16:30<\/em><\/span><\/span><\/span><span class='evoet_c3 evoet_cx evcal_desc hide_eventtopdata '><span class='evoet_title evcal_desc2 evcal_event_title ' itemprop='name'>Unterwegs mit Ponys<\/span><span class='event_location_attrs'  data-location_address=\"Localit\u00e0 Pampeago, 8, 38038 Tesero TN\" data-location_type=\"lonlat\" data-location_name=\"Pampeago\" data-location_url=\"https:\/\/latemarium.com\/de\/event-location\/pampeago-de\/\" data-location_status=\"true\" data-latlng=\"46.34343697644898,11.540997527961546\"><\/span><span class='evoet_subtitle evo_below_title' ><span class='evcal_event_subtitle ' >Familienwanderung<\/span><\/span><span class='evoet_time_expand level_3'><em class='evcal_time evo_tz_time'><i class='fa fa-clock-o'><\/i>14:00 - 16:30<span class='evo_tz marl5'>(GMT+02:00)<\/span><\/em> <\/span><span class='evoet_location level_3'><em class=\"evcal_location\"  data-latlng=\"46.34343697644898,11.540997527961546\" data-add_str=\"Localit\u00e0 Pampeago, 8, 38038 Tesero TN\" data-n=\"Pampeago\"><i class=\"fa fa-location-pin\"><\/i><em class=\"event_location_name\">Pampeago<\/em>, Localit\u00e0 Pampeago, 8, 38038 Tesero TN<\/em><\/span><\/span><span class='evoet_data' data-d=\"{&quot;loc.n&quot;:&quot;Pampeago&quot;,&quot;orgs&quot;:[],&quot;tags&quot;:{&quot;repeating&quot;:&quot;Repeating Event&quot;}}\" data-bgc=\"#38823b\" data-bggrad=\"\" ><\/span><\/a><\/p><div class='event_description evcal_eventcard ' style=\"display:none\"><div class='evocard_row'><div id='event_ftimage' class='evocard_box ftimage' data-c='' \n\t\t\t\t\tstyle=''><div class='evocard_main_image_hold' data-t='Loading Image..'><div class='evocard_main_image evo_img_triglb evobr15 evobgsc evobgpc evodfx evofx_jc_c evofx_ai_c evofz48 minmized' style='height:300px; background-image:url();' data-f=\"https:\/\/latemarium.com\/wp-content\/uploads\/2026\/04\/pony.jpg\" data-h=\"368\" data-w=\"1000\" data-ratio=\"0.368\" data-event_id=\"2938\" data-ri=\"8\"  data-t='Loading Image..'><span style='height:300px; background-image:url(https:\/\/latemarium.com\/wp-content\/uploads\/2026\/04\/pony.jpg)'><\/span><\/div><\/div><\/div><\/div><div class='evocard_row'><div id='event_eventdetails' class='evocard_box eventdetails' data-c='' \n\t\t\t\t\tstyle=''><div class='evo_metarow_details evorow evcal_evdata_row evcal_event_details'>\n\t\t<div class=\"event_excerpt\" style=\"display:none\"><h3 class=\"padb5 evo_h3\">Details zur Veranstaltung<\/h3><p>Ein angenehmer Spaziergang zur Entdeckung der Landschaften von Pampeago, begleitet von freundlichen Ponys, die Kinder und Familien sicher entlang der Route f\u00fchren.\nEin entspannendes und unterhaltsames Erlebnis \u2013 ideal, um die<\/p><\/div><span class='evcal_evdata_icons'><i class='fa fa-align-justify'><\/i><\/span>\n\t\t\n\t\t<div class='evcal_evdata_cell shorter_desc'>\n\t\t\t<div class='eventon_full_description'>\n\t\t\t\t<h3 class='padb5 evo_h3'><span class='evcal_evdata_icons'><i class='fa fa-align-justify'><\/i><\/span>Details zur Veranstaltung<\/h3>\n\t\t\t\t<div class='eventon_desc_in' itemprop='description'>\n\t\t\t\t<p>Ein angenehmer Spaziergang zur Entdeckung der Landschaften von Pampeago, begleitet von freundlichen Ponys, die Kinder und Familien sicher entlang der Route f\u00fchren.<\/p>\n<p>Ein entspannendes und unterhaltsames Erlebnis \u2013 ideal, um die Bergwelt in gem\u00e4chlichem Tempo zu genie\u00dfen und eine besondere Verbindung zu diesen sanften Tieren aufzubauen.<\/p>\n<p><strong>INFORMATIONEN:<\/strong><br \/>\nWann \u2013 Jeden Mittwoch vom 24.06. bis 09.09.<br \/>\nUhrzeit \u2013 Von 14:00 bis 16:30 Uhr (je nach Verf\u00fcgbarkeit)<br \/>\nTreffpunkt \u2013 Parkplatz der Tresca-Sesselbahn (Zutritt NUR f\u00fcr Teilnehmende mit Reservierung)<\/p>\n<p>Aktivit\u00e4t geeignet f\u00fcr Familien und Kinder.<\/p>\n<p>Reservierung erforderlich \u2013 klicken Sie <a href=\"https:\/\/www.visitfiemme.it\/de\/veranstaltungen\/fiemme-cembra-guest-card\/erlebnisse\/erlebnisse-sommer\" target=\"_blank\" rel=\"noopener\">HIER<\/a>, um zu buchen<\/p>\n<\/div><p class='eventon_shad_p' style='padding:5px 0 0; margin:0'>\n\t\t\t<span class='evcal_btn evo_btn_secondary evobtn_details_show_more' content='less'>\n\t\t\t\t<span class='ev_more_text' data-txt='Weniger'>Mehr<\/span><span class='ev_more_arrow ard'><\/span>\n\t\t\t<\/span>\n\t\t<\/p><div class='clear'><\/div>\n\t\t\t<\/div>\n\t\t<\/div>\n\t<\/div><\/div><\/div><div class='evocard_row bx2 bx'><div id='event_time' class='evocard_box time' data-c='' \n\t\t\t\t\tstyle=''><div class='evo_metarow_time evorow evcal_evdata_row evcal_evrow_sm '>\n\t\t<span class='evcal_evdata_icons'><i class='fa fa-clock'><\/i><\/span>\n\t\t<div class='evcal_evdata_cell'>\t\t\t\t\t\t\t\n\t\t\t<h3 class='evo_h3'><span class='evcal_evdata_icons'><i class='fa fa-clock'><\/i><\/span>Zeitplan<\/h3><p><span class='evo_eventcard_time_t'>19 August 2026 14:00 - 16:30<\/span><span class='evo_tz marr5'>(GMT+02:00)<\/span><\/p>\n\t\t<\/div>\n\t<\/div><\/div><div id='event_location' class='evocard_box location' data-c='' \n\t\t\t\t\tstyle=''><div class='evcal_evdata_row evo_metarow_time_location evorow '>\n\t\t\n\t\t\t<span class='evcal_evdata_icons'><i class='fa fa-map-marker'><\/i><\/span>\n\t\t\t<div class='evcal_evdata_cell' data-loc_tax_id='32'><h3 class='evo_h3 evodfx'><span class='evcal_evdata_icons'><i class='fa fa-map-marker'><\/i><\/span>Ort<\/h3><p class='evo_location_name'>Pampeago<\/p><p class='evo_location_address evodfxi evogap10'>Localit\u00e0 Pampeago, 8, 38038 Tesero TN<\/p><div class='padt10'><span class='evo_btn_arr evolb_trigger' data-lbvals=\"{&quot;lbc&quot;:&quot;evo_location_lb_32&quot;,&quot;lbac&quot;:&quot;lb_max&quot;,&quot;t&quot;:&quot;Pampeago&quot;,&quot;ajax&quot;:&quot;yes&quot;,&quot;ajax_type&quot;:&quot;endpoint&quot;,&quot;ajax_action&quot;:&quot;eventon_get_tax_card_content&quot;,&quot;end&quot;:&quot;client&quot;,&quot;d&quot;:{&quot;lang&quot;:&quot;L2&quot;,&quot;term_id&quot;:32,&quot;tax&quot;:&quot;event_location&quot;,&quot;load_lbcontent&quot;:true},&quot;uid&quot;:&quot;eventon_get_tax_card_content&quot;}\" >Other Events<i class='fa fa-chevron-right'><\/i><\/span><\/div><\/div>\n\t\t\n\t<\/div><\/div><\/div><div class='evocard_row'><div id='event_addtocal' class='evocard_box addtocal' data-c='' \n\t\t\t\t\tstyle=''><div class='evo_metarow_ICS evorow evcal_evdata_row'>\n\t\t\t<span class='evcal_evdata_icons'><i class='fa fa-calendar-o'><\/i><\/span>\n\t\t\t<div class='evcal_evdata_cell'>\n\t\t\t\t<p><a href='https:\/\/latemarium.com\/de\/export-events\/2938_8\/?nonce=7b34e59f7d' class='evo_ics_nCal' title='Zu Ihrem Kalender hinzuf\u00fcgen'>Kalender<\/a><a href='https:\/\/www.google.com\/calendar\/event?action=TEMPLATE&text=Unterwegs+mit+Ponys&dates=20260819T120000Z%2F20260819T143000Z&ctz=Europe%2FRome&details=Unterwegs mit Ponys&location=Pampeago+Localit%C3%A0+Pampeago%2C+8%2C+38038+Tesero+TN' target='_blank' class='evo_ics_gCal' title='Zu Google Kalender hinzuf\u00fcgen'>GoogleCal<\/a><\/p>\t\n\t\t\t<\/div>\n\t\t<\/div><\/div><\/div><div class='evocard_row'><div id='event_getdirection' class='evocard_box getdirection' data-c='' \n\t\t\t\t\tstyle=''><div class='evo_metarow_getDr evorow evcal_evdata_row evcal_evrow_sm getdirections'>\n\t\t<form action='https:\/\/maps.google.com\/maps' method='get' target='_blank'>\n\t\t\t<input type='hidden' name='daddr' value=\"Localit\u00e0 Pampeago, 8, 38038 Tesero TN\"\/> \n\t\t\t<div class='evo_get_direction_content evo_fx_dr_r evogap10'>\n\t\t\t\t<span class='evogetdir_header evodfx evofx_dr_r evofx_ai_c marr10'>\n\t\t\t\t\t<i class='mainicon fa fa-road'><\/i> \n\t\t\t\t\t<h3 class='evo_h3' style='padding-bottom:5px;'>Wegbeschreibung abrufen<\/h3>\n\t\t\t\t<\/span>\n\t\t\t\t<span class='evogetdir_field evodfx evofx_1_1 evo_fx_dr_c evow100p'>\t\t\t\t\t\n\t\t\t\t\t<input class='evoInput evotac' type='text' name='saddr' placeholder='&quot;Geben Sie die Adresse ein' value='' style='margin:10px 0;'\/>\n\t\t\t\t<\/span>\n\t\t\t\t<button type='submit' class='evo_get_direction_button evo_btn_arr_circ dfx fx_ai_c' title='&quot;Klicken Sie hier'><i class='fa fa-chevron-right'><\/i> <\/button>\n\t\t\t<\/div>\n\t\t<\/form>\n\t<\/div><\/div><\/div><div class='evo_card_row_end evcal_close' title='Schlie\u00dfen'><\/div><\/div><div class='clear end'><\/div><\/div><div id=\"event_2845_7\" class=\"eventon_list_event evo_eventtop scheduled  event clrD no_et event_2845_7\" data-event_id=\"2845\" data-ri=\"7r\" data-time=\"1787209200-1787263140\" data-colr=\"#38823b\" itemscope itemtype='http:\/\/schema.org\/Event'><div class=\"evo_event_schema\" style=\"display:none\" ><a itemprop='url'  href='https:\/\/latemarium.com\/de\/events\/escursione-in-montagna-al-rifugio-torre-di-pisa\/var\/ri-7.l-L2'><\/a><meta itemprop='image' content=\"https:\/\/latemarium.com\/wp-content\/uploads\/2025\/05\/escursione-torre-di-pisa-obereggen.jpg\" \/><meta itemprop='startDate' content=\"2026-8-20T09:00+0:00\" \/><meta itemprop='endDate' content=\"2026-8-20T23:59+0:00\" \/><meta itemprop='eventStatus' content=\"https:\/\/schema.org\/EventScheduled\" \/><meta itemprop='eventAttendanceMode'   itemscope itemtype=\"https:\/\/schema.org\/OfflineEventAttendanceMode\"\/><div style=\"display:none\" itemprop=\"location\" itemscope itemtype=\"http:\/\/schema.org\/Place\"><span itemprop=\"name\">Talstation Obereggen<\/span><span itemprop=\"address\" itemscope itemtype=\"http:\/\/schema.org\/PostalAddress\"><item itemprop=\"streetAddress\">Obereggen 16 I-39050 Deutschnofen (BZ)<\/item><\/span><\/div><script type=\"application\/ld+json\">{\"@context\": \"http:\/\/schema.org\",\"@type\": \"Event\",\n\t\t\t\t\"@id\": \"event_2845_7\",\n\t\t\t\t\"eventAttendanceMode\":\"https:\/\/schema.org\/OfflineEventAttendanceMode\",\n\t\t\t\t\"eventStatus\":\"https:\/\/schema.org\/EventScheduled\",\n\t\t\t\t\"name\": \"Gipfelwanderung zur Latemarh\u00fctte\",\n\t\t\t\t\"url\": \"https:\/\/latemarium.com\/de\/events\/escursione-in-montagna-al-rifugio-torre-di-pisa\/var\/ri-7.l-L2\",\n\t\t\t\t\"startDate\": \"2026-8-20T09:00+0:00\",\n\t\t\t\t\"endDate\": \"2026-8-20T23:59+0:00\",\n\t\t\t\t\"image\":\"https:\/\/latemarium.com\/wp-content\/uploads\/2025\/05\/escursione-torre-di-pisa-obereggen.jpg\", \n\t\t\t\t\"description\":\"<p>Mittelschwere bis schwere, anspruchsvolle Bergwanderung im hochalpinen Gel\u00e4nde im s\u00fcdlichen Latemar- Massiv. Beeindruckende Rundsicht auf die umliegende Bergwelt.<\/p> <p>Route: Auffahrt mit dem Oberholz-Sessellift (1550\u20132100 m) \u2013 Aufstieg auf Weg 18 \u2013 Aussichtsplattform \u2013 Gamsstallscharte (2560 m) \u2013 Weg 516 \u2013 Pisah\u00fctte\/Latemarh\u00fctte (2671 m). Einkehr. Abstieg Weg 516 und Weg 22 \u2013 Bergstation Sessellift Oberholz \u2013 R\u00fcckfahrt.<\/p> <p>Start: 09.00 Uhr in Obereggen<br \/> R\u00fcckkehr: 16.00 Uhr<br \/> Dauer: 7 h | Gehzeit: 6 h<br \/> H\u00f6henunterschied: 750 m<br \/> Schwierigkeit: schwer, anspruchsvoll | Anforderungen: Ausdauer, Trittsicherheit und Schwindelfreiheit |mit Einkehr | die Mitnahme von geeignetem Tourenproviant wird empfohlen<br \/> Sessellift Oberholz: 21,50 \u20ac\/Erwachsene \u2013 17,50 \u20ac\/Junior<\/p> \",\"location\":[{\"@type\":\"Place\",\"name\":\"Talstation Obereggen\",\"address\":{\"@type\": \"PostalAddress\",\"streetAddress\":\"Obereggen 16 I-39050 Deutschnofen (BZ)\"}}]}<\/script><\/div>\r\n\t\t\t\t<p class=\"desc_trig_outter\" style=\"\"><a data-gmtrig=\"1\" data-exlk=\"0\" style=\"background-color: #38823b;\" id=\"evc_17872092002845\" class=\"hasFtIMG event_repeat desc_trig sin_val evcal_list_a\" data-ux_val=\"3\" data-ux_val_mob=\"-\"  ><span class='evoet_c1 evoet_cx '><span class='ev_ftImg' data-img='https:\/\/latemarium.com\/wp-content\/uploads\/2025\/05\/escursione-torre-di-pisa-obereggen.jpg' data-thumb='https:\/\/latemarium.com\/wp-content\/uploads\/2025\/05\/escursione-torre-di-pisa-obereggen-300x182.jpg' style='background-image:url(\"https:\/\/latemarium.com\/wp-content\/uploads\/2025\/05\/escursione-torre-di-pisa-obereggen-300x182.jpg\")' ><\/span><\/span><span class='evoet_c2 evoet_cx '><span class='evoet_dayblock evcal_cblock ' data-bgcolor='#38823b' data-smon='August' data-syr='2026' data-bub=''><span class='evo_start '><em class='date'>20<\/em><em class='month'>Aug<\/em><em class='time'>09:00<\/em><\/span><\/span><\/span><span class='evoet_c3 evoet_cx evcal_desc hide_eventtopdata '><span class='evoet_title evcal_desc2 evcal_event_title ' itemprop='name'>Gipfelwanderung zur Latemarh\u00fctte<\/span><span class='event_location_attrs'  data-location_address=\"Obereggen 16 I-39050 Deutschnofen (BZ)\" data-location_type=\"lonlat\" data-location_name=\"Talstation Obereggen\" data-location_url=\"https:\/\/latemarium.com\/de\/event-location\/talstation-obereggen\/\" data-location_status=\"true\" data-latlng=\"46.3835808246333,11.52667595881786\"><\/span><span class='evoet_subtitle evo_below_title' ><span class='evcal_event_subtitle ' >Gipfelwanderung <\/span><\/span><span class='evoet_time_expand level_3'><em class='evcal_time evo_tz_time'><i class='fa fa-clock-o'><\/i>09:00<span class='evo_tz marl5'>(GMT+02:00)<\/span><\/em> <\/span><span class='evoet_location level_3'><em class=\"evcal_location\"  data-latlng=\"46.3835808246333,11.52667595881786\" data-add_str=\"Obereggen 16 I-39050 Deutschnofen (BZ)\" data-n=\"Talstation Obereggen\"><i class=\"fa fa-location-pin\"><\/i><em class=\"event_location_name\">Talstation Obereggen<\/em>, Obereggen 16 I-39050 Deutschnofen (BZ)<\/em><\/span><\/span><span class='evoet_data' data-d=\"{&quot;loc.n&quot;:&quot;Talstation Obereggen&quot;,&quot;orgs&quot;:[],&quot;tags&quot;:{&quot;repeating&quot;:&quot;Repeating Event&quot;}}\" data-bgc=\"#38823b\" data-bggrad=\"\" ><\/span><\/a><\/p><div class='event_description evcal_eventcard ' style=\"display:none\"><div class='evocard_row'><div id='event_ftimage' class='evocard_box ftimage' data-c='' \n\t\t\t\t\tstyle=''><div class='evocard_main_image_hold' data-t='Loading Image..'><div class='evocard_main_image evo_img_triglb evobr15 evobgsc evobgpc evodfx evofx_jc_c evofx_ai_c evofz48 minmized' style='height:300px; background-image:url();' data-f=\"https:\/\/latemarium.com\/wp-content\/uploads\/2025\/05\/escursione-torre-di-pisa-obereggen.jpg\" data-h=\"755\" data-w=\"1245\" data-ratio=\"0.60642570281124\" data-event_id=\"2845\" data-ri=\"7\"  data-t='Loading Image..'><span style='height:300px; background-image:url(https:\/\/latemarium.com\/wp-content\/uploads\/2025\/05\/escursione-torre-di-pisa-obereggen.jpg)'><\/span><\/div><\/div><\/div><\/div><div class='evocard_row'><div id='event_eventdetails' class='evocard_box eventdetails' data-c='' \n\t\t\t\t\tstyle=''><div class='evo_metarow_details evorow evcal_evdata_row evcal_event_details'>\n\t\t<div class=\"event_excerpt\" style=\"display:none\"><h3 class=\"padb5 evo_h3\">Details zur Veranstaltung<\/h3><p>Mittelschwere bis schwere, anspruchsvolle Bergwanderung im hochalpinen Gel\u00e4nde im s\u00fcdlichen Latemar- Massiv. Beeindruckende Rundsicht auf die umliegende Bergwelt.\nRoute: Auffahrt mit dem Oberholz-Sessellift (1550\u20132100 m) \u2013 Aufstieg auf Weg 18 \u2013<\/p><\/div><span class='evcal_evdata_icons'><i class='fa fa-align-justify'><\/i><\/span>\n\t\t\n\t\t<div class='evcal_evdata_cell shorter_desc'>\n\t\t\t<div class='eventon_full_description'>\n\t\t\t\t<h3 class='padb5 evo_h3'><span class='evcal_evdata_icons'><i class='fa fa-align-justify'><\/i><\/span>Details zur Veranstaltung<\/h3>\n\t\t\t\t<div class='eventon_desc_in' itemprop='description'>\n\t\t\t\t<p>Mittelschwere bis schwere, anspruchsvolle Bergwanderung im hochalpinen Gel\u00e4nde im s\u00fcdlichen Latemar- Massiv. Beeindruckende Rundsicht auf die umliegende Bergwelt.<\/p>\n<p>Route: Auffahrt mit dem Oberholz-Sessellift (1550\u20132100 m) \u2013 Aufstieg auf Weg 18 \u2013 Aussichtsplattform \u2013 Gamsstallscharte (2560 m) \u2013 Weg 516 \u2013 Pisah\u00fctte\/Latemarh\u00fctte (2671 m). Einkehr. Abstieg Weg 516 und Weg 22 \u2013 Bergstation Sessellift Oberholz \u2013 R\u00fcckfahrt.<\/p>\n<p>Start: 09.00 Uhr in Obereggen<br \/>\nR\u00fcckkehr: 16.00 Uhr<br \/>\nDauer: 7 h | Gehzeit: 6 h<br \/>\nH\u00f6henunterschied: 750 m<br \/>\nSchwierigkeit: schwer, anspruchsvoll | Anforderungen: Ausdauer, Trittsicherheit und Schwindelfreiheit |mit Einkehr | die Mitnahme von geeignetem Tourenproviant wird empfohlen<br \/>\nSessellift Oberholz: 21,50 \u20ac\/Erwachsene \u2013 17,50 \u20ac\/Junior<\/p>\n<\/div><p class='eventon_shad_p' style='padding:5px 0 0; margin:0'>\n\t\t\t<span class='evcal_btn evo_btn_secondary evobtn_details_show_more' content='less'>\n\t\t\t\t<span class='ev_more_text' data-txt='Weniger'>Mehr<\/span><span class='ev_more_arrow ard'><\/span>\n\t\t\t<\/span>\n\t\t<\/p><div class='clear'><\/div>\n\t\t\t<\/div>\n\t\t<\/div>\n\t<\/div><\/div><\/div><div class='evocard_row bx2 bx'><div id='event_time' class='evocard_box time' data-c='' \n\t\t\t\t\tstyle=''><div class='evo_metarow_time evorow evcal_evdata_row evcal_evrow_sm '>\n\t\t<span class='evcal_evdata_icons'><i class='fa fa-clock'><\/i><\/span>\n\t\t<div class='evcal_evdata_cell'>\t\t\t\t\t\t\t\n\t\t\t<h3 class='evo_h3'><span class='evcal_evdata_icons'><i class='fa fa-clock'><\/i><\/span>Zeitplan<\/h3><p><span class='evo_eventcard_time_t'>20 August 2026 09:00<\/span><span class='evo_tz marr5'>(GMT+02:00)<\/span><\/p>\n\t\t<\/div>\n\t<\/div><\/div><div id='event_location' class='evocard_box location' data-c='' \n\t\t\t\t\tstyle=''><div class='evcal_evdata_row evo_metarow_time_location evorow '>\n\t\t\n\t\t\t<span class='evcal_evdata_icons'><i class='fa fa-map-marker'><\/i><\/span>\n\t\t\t<div class='evcal_evdata_cell' data-loc_tax_id='23'><h3 class='evo_h3 evodfx'><span class='evcal_evdata_icons'><i class='fa fa-map-marker'><\/i><\/span>Ort<\/h3><p class='evo_location_name'>Talstation Obereggen<\/p><p class='evo_location_address evodfxi evogap10'>Obereggen 16 I-39050 Deutschnofen (BZ)<\/p><div class='padt10'><span class='evo_btn_arr evolb_trigger' data-lbvals=\"{&quot;lbc&quot;:&quot;evo_location_lb_23&quot;,&quot;lbac&quot;:&quot;lb_max&quot;,&quot;t&quot;:&quot;Talstation Obereggen&quot;,&quot;ajax&quot;:&quot;yes&quot;,&quot;ajax_type&quot;:&quot;endpoint&quot;,&quot;ajax_action&quot;:&quot;eventon_get_tax_card_content&quot;,&quot;end&quot;:&quot;client&quot;,&quot;d&quot;:{&quot;lang&quot;:&quot;L2&quot;,&quot;term_id&quot;:23,&quot;tax&quot;:&quot;event_location&quot;,&quot;load_lbcontent&quot;:true},&quot;uid&quot;:&quot;eventon_get_tax_card_content&quot;}\" >Other Events<i class='fa fa-chevron-right'><\/i><\/span><\/div><\/div>\n\t\t\n\t<\/div><\/div><\/div><div class='evocard_row bx2 bx'><div id='event_learnmore' class='evocard_box learnmore' data-c='' \n\t\t\t\t\tstyle=''><div class='evo_metarow_learnM evo_metarow_learnmore evorow'>\n\t\t\t\t\t\t\t<a class='evcal_evdata_row evo_clik_row ' href='https:\/\/eggental.com\/de\/event\/gipfelwanderung-zur-latemarhtte_11602' target=\"_blank\">\n\t\t\t\t\t\t\t\t<span class='evcal_evdata_icons'><i class='fa fa-link'><\/i><\/span>\n\t\t\t\t\t\t\t\t<h3 class='evo_h3'>Entdecke mehr<\/h3>\n\t\t\t\t\t\t\t<\/a>\n\t\t\t\t\t\t\t<\/div><\/div><div id='event_addtocal' class='evocard_box addtocal' data-c='' \n\t\t\t\t\tstyle=''><div class='evo_metarow_ICS evorow evcal_evdata_row'>\n\t\t\t<span class='evcal_evdata_icons'><i class='fa fa-calendar-o'><\/i><\/span>\n\t\t\t<div class='evcal_evdata_cell'>\n\t\t\t\t<p><a href='https:\/\/latemarium.com\/de\/export-events\/2845_7\/?nonce=7b34e59f7d' class='evo_ics_nCal' title='Zu Ihrem Kalender hinzuf\u00fcgen'>Kalender<\/a><a href='https:\/\/www.google.com\/calendar\/event?action=TEMPLATE&text=Gipfelwanderung+zur+Latemarh%C3%BCtte&dates=20260820T070000Z%2F20260820T215900Z&ctz=Europe%2FRome&details=Gipfelwanderung zur Latemarh\u00fctte&location=Talstation+Obereggen+Obereggen+16+I-39050+Deutschnofen+%28BZ%29' target='_blank' class='evo_ics_gCal' title='Zu Google Kalender hinzuf\u00fcgen'>GoogleCal<\/a><\/p>\t\n\t\t\t<\/div>\n\t\t<\/div><\/div><\/div><div class='evocard_row'><div id='event_getdirection' class='evocard_box getdirection' data-c='' \n\t\t\t\t\tstyle=''><div class='evo_metarow_getDr evorow evcal_evdata_row evcal_evrow_sm getdirections'>\n\t\t<form action='https:\/\/maps.google.com\/maps' method='get' target='_blank'>\n\t\t\t<input type='hidden' name='daddr' value=\"46.3835808246333,11.52667595881786\"\/> \n\t\t\t<div class='evo_get_direction_content evo_fx_dr_r evogap10'>\n\t\t\t\t<span class='evogetdir_header evodfx evofx_dr_r evofx_ai_c marr10'>\n\t\t\t\t\t<i class='mainicon fa fa-road'><\/i> \n\t\t\t\t\t<h3 class='evo_h3' style='padding-bottom:5px;'>Wegbeschreibung abrufen<\/h3>\n\t\t\t\t<\/span>\n\t\t\t\t<span class='evogetdir_field evodfx evofx_1_1 evo_fx_dr_c evow100p'>\t\t\t\t\t\n\t\t\t\t\t<input class='evoInput evotac' type='text' name='saddr' placeholder='&quot;Geben Sie die Adresse ein' value='' style='margin:10px 0;'\/>\n\t\t\t\t<\/span>\n\t\t\t\t<button type='submit' class='evo_get_direction_button evo_btn_arr_circ dfx fx_ai_c' title='&quot;Klicken Sie hier'><i class='fa fa-chevron-right'><\/i> <\/button>\n\t\t\t<\/div>\n\t\t<\/form>\n\t<\/div><\/div><\/div><div class='evo_card_row_end evcal_close' title='Schlie\u00dfen'><\/div><\/div><div class='clear end'><\/div><\/div><div id=\"event_2236_1\" class=\"eventon_list_event evo_eventtop scheduled  event clrW event_2236_1\" data-event_id=\"2236\" data-ri=\"1r\" data-time=\"1787216400-1787220000\" data-colr=\"#a69dcd\" itemscope itemtype='http:\/\/schema.org\/Event'><div class=\"evo_event_schema\" style=\"display:none\" ><a itemprop='url'  href='https:\/\/latemarium.com\/de\/events\/otto-il-bassotto\/var\/ri-1.l-L2'><\/a><meta itemprop='image' content=\"https:\/\/latemarium.com\/wp-content\/uploads\/2023\/06\/otto-bassotto.jpg\" \/><meta itemprop='startDate' content=\"2026-8-20T11:00+0:00\" \/><meta itemprop='endDate' content=\"2026-8-20T12:00+0:00\" \/><meta itemprop='eventStatus' content=\"https:\/\/schema.org\/EventScheduled\" \/><meta itemprop='eventAttendanceMode'   itemscope itemtype=\"https:\/\/schema.org\/OfflineEventAttendanceMode\"\/><script type=\"application\/ld+json\">{\"@context\": \"http:\/\/schema.org\",\"@type\": \"Event\",\n\t\t\t\t\"@id\": \"event_2236_1\",\n\t\t\t\t\"eventAttendanceMode\":\"https:\/\/schema.org\/OfflineEventAttendanceMode\",\n\t\t\t\t\"eventStatus\":\"https:\/\/schema.org\/EventScheduled\",\n\t\t\t\t\"name\": \"OTTO DER DACKEL\",\n\t\t\t\t\"url\": \"https:\/\/latemarium.com\/de\/events\/otto-il-bassotto\/var\/ri-1.l-L2\",\n\t\t\t\t\"startDate\": \"2026-8-20T11:00+0:00\",\n\t\t\t\t\"endDate\": \"2026-8-20T12:00+0:00\",\n\t\t\t\t\"image\":\"https:\/\/latemarium.com\/wp-content\/uploads\/2023\/06\/otto-bassotto.jpg\", \n\t\t\t\t\"description\":\"<p>In weniger als 10 Minuten verschwindet er in einem Riesenballon und beginnt zu tanzen. Was kann ein Stra\u00dfenk\u00fcnstler anfangen, der eine Schw\u00e4che f\u00fcr Luftballons hat? Otto il Bassotto ist mit seiner erstaunlichen Nummer schon \u00fcberall hin gereist und auf Pl\u00e4tzen, Stra\u00dfen und in Theaters\u00e4len aufgetreten.<\/p> <p>Er reist mit leichtem Gep\u00e4ck, in seinem Koffer befindet sich nur Kautschuk!<\/p> <p>Donnerstag: 30. Juli und 20.August 2026<br \/> Im Amphitheater in Gardon\u00e8<br \/> um 11.00 Uhr und 14.30 Uhr<\/p> <p>Mit Paolo Sperduti<\/p> \"}<\/script><\/div>\r\n\t\t\t\t<p class=\"desc_trig_outter\" style=\"\"><a data-gmap_status=\"null\" data-exlk=\"0\" style=\"background-color: #a69dcd;\" id=\"evc_17872164002236\" class=\"hasFtIMG event_repeat desc_trig sin_val evcal_list_a\" data-ux_val=\"3\" data-ux_val_mob=\"-\"  ><span class='evoet_c1 evoet_cx '><span class='ev_ftImg' data-img='https:\/\/latemarium.com\/wp-content\/uploads\/2023\/06\/otto-bassotto.jpg' data-thumb='https:\/\/latemarium.com\/wp-content\/uploads\/2023\/06\/otto-bassotto-300x194.jpg' style='background-image:url(\"https:\/\/latemarium.com\/wp-content\/uploads\/2023\/06\/otto-bassotto-300x194.jpg\")' ><\/span><\/span><span class='evoet_c2 evoet_cx '><span class='evoet_dayblock evcal_cblock ' data-bgcolor='#a69dcd' data-smon='August' data-syr='2026' data-bub=''><span class='evo_start '><em class='date'>20<\/em><em class='month'>Aug<\/em><em class='time'>11:00<\/em><\/span><span class='evo_end only_time'><em class='time'>12:00<\/em><\/span><\/span><\/span><span class='evoet_c3 evoet_cx evcal_desc hide_eventtopdata '><span class='evoet_title evcal_desc2 evcal_event_title ' itemprop='name'>OTTO DER DACKEL<\/span><span class='event_location_attrs' data-location_type=\"lonlat\" data-location_name=\"Anfiteatro Gardon\u00e8\" data-location_url=\"https:\/\/latemarium.com\/de\/event-location\/anfiteatro-gardone-de\/\" data-location_status=\"true\" data-latlng=\"46.32878794406342,11.600176728690842\"><\/span><span class='evoet_subtitle evo_below_title' ><span class='evcal_event_subtitle ' >AMPHITHEATER IN GARDON\u00c8<\/span><\/span><span class='evoet_time_expand level_3'><em class='evcal_time evo_tz_time'><i class='fa fa-clock-o'><\/i>11:00 - 12:00<span class='evo_tz marl5'>(GMT+02:00)<\/span><\/em> <\/span><span class='evoet_location level_3'><em class=\"evcal_location\"  data-latlng=\"46.32878794406342,11.600176728690842\" data-add_str=\"\" data-n=\"Anfiteatro Gardon\u00e8\"><i class=\"fa fa-location-pin\"><\/i><em class=\"event_location_name\">Anfiteatro Gardon\u00e8<\/em><\/em><\/span><\/span><span class='evoet_data' data-d=\"{&quot;loc.n&quot;:&quot;Anfiteatro Gardon\\u00e8&quot;,&quot;orgs&quot;:[],&quot;tags&quot;:{&quot;repeating&quot;:&quot;Repeating Event&quot;}}\" data-bgc=\"#a69dcd\" data-bggrad=\"\" ><\/span><\/a><\/p><div class='event_description evcal_eventcard ' style=\"display:none\"><div class='evocard_row'><div id='event_ftimage' class='evocard_box ftimage' data-c='' \n\t\t\t\t\tstyle=''><div class='evocard_main_image_hold' data-t='Loading Image..'><div class='evocard_main_image evo_img_triglb evobr15 evobgsc evobgpc evodfx evofx_jc_c evofx_ai_c evofz48 minmized' style='height:300px; background-image:url();' data-f=\"https:\/\/latemarium.com\/wp-content\/uploads\/2023\/06\/otto-bassotto.jpg\" data-h=\"584\" data-w=\"905\" data-ratio=\"0.64530386740331\" data-event_id=\"2236\" data-ri=\"1\"  data-t='Loading Image..'><span style='height:300px; background-image:url(https:\/\/latemarium.com\/wp-content\/uploads\/2023\/06\/otto-bassotto.jpg)'><\/span><\/div><\/div><\/div><\/div><div class='evocard_row'><div id='event_eventdetails' class='evocard_box eventdetails' data-c='' \n\t\t\t\t\tstyle=''><div class='evo_metarow_details evorow evcal_evdata_row evcal_event_details'>\n\t\t<div class=\"event_excerpt\" style=\"display:none\"><h3 class=\"padb5 evo_h3\">Details zur Veranstaltung<\/h3><p>In weniger als 10 Minuten verschwindet er in einem Riesenballon und beginnt zu tanzen. Was kann ein Stra\u00dfenk\u00fcnstler anfangen, der eine Schw\u00e4che f\u00fcr Luftballons hat? Otto il Bassotto ist mit<\/p><\/div><span class='evcal_evdata_icons'><i class='fa fa-align-justify'><\/i><\/span>\n\t\t\n\t\t<div class='evcal_evdata_cell '>\n\t\t\t<div class='eventon_full_description'>\n\t\t\t\t<h3 class='padb5 evo_h3'><span class='evcal_evdata_icons'><i class='fa fa-align-justify'><\/i><\/span>Details zur Veranstaltung<\/h3>\n\t\t\t\t<div class='eventon_desc_in' itemprop='description'>\n\t\t\t\t<p>In weniger als 10 Minuten verschwindet er in einem Riesenballon und beginnt zu tanzen. Was kann ein Stra\u00dfenk\u00fcnstler anfangen, der eine Schw\u00e4che f\u00fcr Luftballons hat? Otto il Bassotto ist mit seiner erstaunlichen Nummer schon \u00fcberall hin gereist und auf Pl\u00e4tzen, Stra\u00dfen und in Theaters\u00e4len aufgetreten.<\/p>\n<p>Er reist mit leichtem Gep\u00e4ck, in seinem Koffer befindet sich nur Kautschuk!<\/p>\n<p>Donnerstag: 30. Juli und 20.August 2026<br \/>\nIm Amphitheater in Gardon\u00e8<br \/>\num 11.00 Uhr und 14.30 Uhr<\/p>\n<p>Mit Paolo Sperduti<\/p>\n<\/div><div class='clear'><\/div>\n\t\t\t<\/div>\n\t\t<\/div>\n\t<\/div><\/div><\/div><div class='evocard_row bx2 bx'><div id='event_time' class='evocard_box time' data-c='' \n\t\t\t\t\tstyle=''><div class='evo_metarow_time evorow evcal_evdata_row evcal_evrow_sm '>\n\t\t<span class='evcal_evdata_icons'><i class='fa fa-clock'><\/i><\/span>\n\t\t<div class='evcal_evdata_cell'>\t\t\t\t\t\t\t\n\t\t\t<h3 class='evo_h3'><span class='evcal_evdata_icons'><i class='fa fa-clock'><\/i><\/span>Zeitplan<\/h3><p><span class='evo_eventcard_time_t'>20 August 2026 11:00 - 12:00<\/span><span class='evo_tz marr5'>(GMT+02:00)<\/span><\/p>\n\t\t<\/div>\n\t<\/div><\/div><div id='event_location' class='evocard_box location' data-c='' \n\t\t\t\t\tstyle=''><div class='evcal_evdata_row evo_metarow_time_location evorow '>\n\t\t\n\t\t\t<span class='evcal_evdata_icons'><i class='fa fa-map-marker'><\/i><\/span>\n\t\t\t<div class='evcal_evdata_cell' data-loc_tax_id='47'><h3 class='evo_h3 evodfx'><span class='evcal_evdata_icons'><i class='fa fa-map-marker'><\/i><\/span>Ort<\/h3><p class='evo_location_name'>Anfiteatro Gardon\u00e8<\/p><div class='padt10'><span class='evo_btn_arr evolb_trigger' data-lbvals=\"{&quot;lbc&quot;:&quot;evo_location_lb_47&quot;,&quot;lbac&quot;:&quot;lb_max&quot;,&quot;t&quot;:&quot;Anfiteatro Gardon\\u00e8&quot;,&quot;ajax&quot;:&quot;yes&quot;,&quot;ajax_type&quot;:&quot;endpoint&quot;,&quot;ajax_action&quot;:&quot;eventon_get_tax_card_content&quot;,&quot;end&quot;:&quot;client&quot;,&quot;d&quot;:{&quot;lang&quot;:&quot;L2&quot;,&quot;term_id&quot;:47,&quot;tax&quot;:&quot;event_location&quot;,&quot;load_lbcontent&quot;:true},&quot;uid&quot;:&quot;eventon_get_tax_card_content&quot;}\" >Other Events<i class='fa fa-chevron-right'><\/i><\/span><\/div><\/div>\n\t\t\n\t<\/div><\/div><\/div><div class='evocard_row bx2 bx'><div id='event_learnmore' class='evocard_box learnmore' data-c='' \n\t\t\t\t\tstyle=''><div class='evo_metarow_learnM evo_metarow_learnmore evorow'>\n\t\t\t\t\t\t\t<a class='evcal_evdata_row evo_clik_row ' href='https:\/\/www.montagnanimata.it\/de\/spektakel\/' target=\"_blank\">\n\t\t\t\t\t\t\t\t<span class='evcal_evdata_icons'><i class='fa fa-link'><\/i><\/span>\n\t\t\t\t\t\t\t\t<h3 class='evo_h3'>Entdecke mehr<\/h3>\n\t\t\t\t\t\t\t<\/a>\n\t\t\t\t\t\t\t<\/div><\/div><div id='event_addtocal' class='evocard_box addtocal' data-c='' \n\t\t\t\t\tstyle=''><div class='evo_metarow_ICS evorow evcal_evdata_row'>\n\t\t\t<span class='evcal_evdata_icons'><i class='fa fa-calendar-o'><\/i><\/span>\n\t\t\t<div class='evcal_evdata_cell'>\n\t\t\t\t<p><a href='https:\/\/latemarium.com\/de\/export-events\/2236_1\/?nonce=7b34e59f7d' class='evo_ics_nCal' title='Zu Ihrem Kalender hinzuf\u00fcgen'>Kalender<\/a><a href='https:\/\/www.google.com\/calendar\/event?action=TEMPLATE&text=OTTO+DER+DACKEL&dates=20260820T090000Z%2F20260820T100000Z&ctz=Europe%2FRome&details=OTTO DER DACKEL&location=Anfiteatro+Gardon%C3%A8' target='_blank' class='evo_ics_gCal' title='Zu Google Kalender hinzuf\u00fcgen'>GoogleCal<\/a><\/p>\t\n\t\t\t<\/div>\n\t\t<\/div><\/div><\/div><div class='evocard_row'><div id='event_getdirection' class='evocard_box getdirection' data-c='' \n\t\t\t\t\tstyle=''><div class='evo_metarow_getDr evorow evcal_evdata_row evcal_evrow_sm getdirections'>\n\t\t<form action='https:\/\/maps.google.com\/maps' method='get' target='_blank'>\n\t\t\t<input type='hidden' name='daddr' value=\"46.32878794406342,11.600176728690842\"\/> \n\t\t\t<div class='evo_get_direction_content evo_fx_dr_r evogap10'>\n\t\t\t\t<span class='evogetdir_header evodfx evofx_dr_r evofx_ai_c marr10'>\n\t\t\t\t\t<i class='mainicon fa fa-road'><\/i> \n\t\t\t\t\t<h3 class='evo_h3' style='padding-bottom:5px;'>Wegbeschreibung abrufen<\/h3>\n\t\t\t\t<\/span>\n\t\t\t\t<span class='evogetdir_field evodfx evofx_1_1 evo_fx_dr_c evow100p'>\t\t\t\t\t\n\t\t\t\t\t<input class='evoInput evotac' type='text' name='saddr' placeholder='&quot;Geben Sie die Adresse ein' value='' style='margin:10px 0;'\/>\n\t\t\t\t<\/span>\n\t\t\t\t<button type='submit' class='evo_get_direction_button evo_btn_arr_circ dfx fx_ai_c' title='&quot;Klicken Sie hier'><i class='fa fa-chevron-right'><\/i> <\/button>\n\t\t\t<\/div>\n\t\t<\/form>\n\t<\/div><\/div><\/div><div class='evo_card_row_end evcal_close' title='Schlie\u00dfen'><\/div><\/div><div class='clear end'><\/div><\/div><div id=\"event_2198_8\" class=\"eventon_list_event evo_eventtop scheduled  event clrW event_2198_8\" data-event_id=\"2198\" data-ri=\"8r\" data-time=\"1787238000-1787246100\" data-colr=\"#f78234\" itemscope itemtype='http:\/\/schema.org\/Event'><div class=\"evo_event_schema\" style=\"display:none\" ><a itemprop='url'  href='https:\/\/latemarium.com\/de\/events\/pilyoga\/var\/ri-8.l-L2'><\/a><meta itemprop='image' content=\"https:\/\/latemarium.com\/wp-content\/uploads\/2023\/06\/pilyoga.jpg\" \/><meta itemprop='startDate' content=\"2026-8-20T17:00+0:00\" \/><meta itemprop='endDate' content=\"2026-8-20T19:15+0:00\" \/><meta itemprop='eventStatus' content=\"https:\/\/schema.org\/EventScheduled\" \/><meta itemprop='eventAttendanceMode'   itemscope itemtype=\"https:\/\/schema.org\/OfflineEventAttendanceMode\"\/><div style=\"display:none\" itemprop=\"location\" itemscope itemtype=\"http:\/\/schema.org\/Place\"><span itemprop=\"name\">Pampeago<\/span><span itemprop=\"address\" itemscope itemtype=\"http:\/\/schema.org\/PostalAddress\"><item itemprop=\"streetAddress\">Localit\u00e0 Pampeago, 8, 38038 Tesero TN<\/item><\/span><\/div><script type=\"application\/ld+json\">{\"@context\": \"http:\/\/schema.org\",\"@type\": \"Event\",\n\t\t\t\t\"@id\": \"event_2198_8\",\n\t\t\t\t\"eventAttendanceMode\":\"https:\/\/schema.org\/OfflineEventAttendanceMode\",\n\t\t\t\t\"eventStatus\":\"https:\/\/schema.org\/EventScheduled\",\n\t\t\t\t\"name\": \"PilYoga\",\n\t\t\t\t\"url\": \"https:\/\/latemarium.com\/de\/events\/pilyoga\/var\/ri-8.l-L2\",\n\t\t\t\t\"startDate\": \"2026-8-20T17:00+0:00\",\n\t\t\t\t\"endDate\": \"2026-8-20T19:15+0:00\",\n\t\t\t\t\"image\":\"https:\/\/latemarium.com\/wp-content\/uploads\/2023\/06\/pilyoga.jpg\", \n\t\t\t\t\"description\":\"<p><strong>Jeden Donnerstag vom 25. Juni bis 3. September 2026<\/strong><\/p> <p>Treffen und Abfahrt um 17.00 Uhr mit Lehrerin Elisa (an der Liftkasse)<br \/> Dauer: von 17:00 bis 19:15 Uhr. Aktivit\u00e4t empfohlen f\u00fcr Personen ab 14 Jahren<\/p> <p>Mit der Agnello-Sesselbahn erreichen Sie den Unterrichtsort und k\u00f6nnen nach einem kurzen Spaziergang im direkten Kontakt mit der Natur entspannen und den Kopf frei bekommen. Die Praxis von PilYoga in gro\u00dfer H\u00f6he erm\u00f6glicht eine vollst\u00e4ndige Harmonie mit der Umgebung, weit weg von allen Ger\u00e4uschen des t\u00e4glichen Lebens.<br \/> Sobald Sie die Lektion beendet haben, erwartet Sie im Chalet Caserina ein kleiner Aperitif, um dann mit einem kurzen Spaziergang zu Fu\u00df wieder hinunterzugehen.<br \/> <em>Bei schlechtem Wetter KEINE Aktivit\u00e4t geplant<\/em><\/p> <p>Klicken Sie <a href='https:\/\/www.visitfiemme.it\/de\/veranstaltungen\/fiemme-cembra-guest-card\/erlebnisse\/erlebnisse-sommer' target='_blank' rel='noopener'>hier<\/a> zum Buchen<\/p> \",\"location\":[{\"@type\":\"Place\",\"name\":\"Pampeago\",\"address\":{\"@type\": \"PostalAddress\",\"streetAddress\":\"Localit\u00e0 Pampeago, 8, 38038 Tesero TN\"}}]}<\/script><\/div>\r\n\t\t\t\t<p class=\"desc_trig_outter\" style=\"\"><a data-gmtrig=\"1\" data-exlk=\"0\" style=\"background-color: #f78234;\" id=\"evc_17872380002198\" class=\"hasFtIMG event_repeat desc_trig sin_val evcal_list_a\" data-ux_val=\"3\" data-ux_val_mob=\"-\"  ><span class='evoet_c1 evoet_cx '><span class='ev_ftImg' data-img='https:\/\/latemarium.com\/wp-content\/uploads\/2023\/06\/pilyoga.jpg' data-thumb='https:\/\/latemarium.com\/wp-content\/uploads\/2023\/06\/pilyoga-300x169.jpg' style='background-image:url(\"https:\/\/latemarium.com\/wp-content\/uploads\/2023\/06\/pilyoga-300x169.jpg\")' ><\/span><\/span><span class='evoet_c2 evoet_cx '><span class='evoet_dayblock evcal_cblock ' data-bgcolor='#f78234' data-smon='August' data-syr='2026' data-bub=''><span class='evo_start '><em class='date'>20<\/em><em class='month'>Aug<\/em><em class='time'>17:00<\/em><\/span><span class='evo_end only_time'><em class='time'>19:15<\/em><\/span><\/span><\/span><span class='evoet_c3 evoet_cx evcal_desc hide_eventtopdata '><span class='evoet_title evcal_desc2 evcal_event_title ' itemprop='name'>PilYoga<\/span><span class='event_location_attrs'  data-location_address=\"Localit\u00e0 Pampeago, 8, 38038 Tesero TN\" data-location_type=\"lonlat\" data-location_name=\"Pampeago\" data-location_url=\"https:\/\/latemarium.com\/de\/event-location\/pampeago-de\/\" data-location_status=\"true\" data-latlng=\"46.34343697644898,11.540997527961546\"><\/span><span class='evoet_subtitle evo_below_title' ><span class='evcal_event_subtitle ' >Pilyoga umgeben von den Werken von Respirat<\/span><\/span><span class='evoet_time_expand level_3'><em class='evcal_time evo_tz_time'><i class='fa fa-clock-o'><\/i>17:00 - 19:15<span class='evo_tz marl5'>(GMT+02:00)<\/span><\/em> <\/span><span class='evoet_location level_3'><em class=\"evcal_location\"  data-latlng=\"46.34343697644898,11.540997527961546\" data-add_str=\"Localit\u00e0 Pampeago, 8, 38038 Tesero TN\" data-n=\"Pampeago\"><i class=\"fa fa-location-pin\"><\/i><em class=\"event_location_name\">Pampeago<\/em>, Localit\u00e0 Pampeago, 8, 38038 Tesero TN<\/em><\/span><\/span><span class='evoet_data' data-d=\"{&quot;loc.n&quot;:&quot;Pampeago&quot;,&quot;orgs&quot;:[],&quot;tags&quot;:{&quot;repeating&quot;:&quot;Repeating Event&quot;}}\" data-bgc=\"#f78234\" data-bggrad=\"\" ><\/span><\/a><\/p><div class='event_description evcal_eventcard ' style=\"display:none\"><div class='evocard_row'><div id='event_ftimage' class='evocard_box ftimage' data-c='' \n\t\t\t\t\tstyle=''><div class='evocard_main_image_hold' data-t='Loading Image..'><div class='evocard_main_image evo_img_triglb evobr15 evobgsc evobgpc evodfx evofx_jc_c evofx_ai_c evofz48 minmized' style='height:300px; background-image:url();' data-f=\"https:\/\/latemarium.com\/wp-content\/uploads\/2023\/06\/pilyoga.jpg\" data-h=\"675\" data-w=\"1200\" data-ratio=\"0.5625\" data-event_id=\"2198\" data-ri=\"8\"  data-t='Loading Image..'><span style='height:300px; background-image:url(https:\/\/latemarium.com\/wp-content\/uploads\/2023\/06\/pilyoga.jpg)'><\/span><\/div><\/div><\/div><\/div><div class='evocard_row'><div id='event_eventdetails' class='evocard_box eventdetails' data-c='' \n\t\t\t\t\tstyle=''><div class='evo_metarow_details evorow evcal_evdata_row evcal_event_details'>\n\t\t<div class=\"event_excerpt\" style=\"display:none\"><h3 class=\"padb5 evo_h3\">Details zur Veranstaltung<\/h3><p>Jeden Donnerstag vom 25. Juni bis 3. September 2026\nTreffen und Abfahrt um 17.00 Uhr mit Lehrerin Elisa (an der Liftkasse)\nDauer: von 17:00 bis 19:15 Uhr. Aktivit\u00e4t empfohlen f\u00fcr Personen<\/p><\/div><span class='evcal_evdata_icons'><i class='fa fa-align-justify'><\/i><\/span>\n\t\t\n\t\t<div class='evcal_evdata_cell shorter_desc'>\n\t\t\t<div class='eventon_full_description'>\n\t\t\t\t<h3 class='padb5 evo_h3'><span class='evcal_evdata_icons'><i class='fa fa-align-justify'><\/i><\/span>Details zur Veranstaltung<\/h3>\n\t\t\t\t<div class='eventon_desc_in' itemprop='description'>\n\t\t\t\t<p><strong>Jeden Donnerstag vom 25. Juni bis 3. September 2026<\/strong><\/p>\n<p>Treffen und Abfahrt um 17.00 Uhr mit Lehrerin Elisa (an der Liftkasse)<br \/>\nDauer: von 17:00 bis 19:15 Uhr. Aktivit\u00e4t empfohlen f\u00fcr Personen ab 14 Jahren<\/p>\n<p>Mit der Agnello-Sesselbahn erreichen Sie den Unterrichtsort und k\u00f6nnen nach einem kurzen Spaziergang im direkten Kontakt mit der Natur entspannen und den Kopf frei bekommen. Die Praxis von PilYoga in gro\u00dfer H\u00f6he erm\u00f6glicht eine vollst\u00e4ndige Harmonie mit der Umgebung, weit weg von allen Ger\u00e4uschen des t\u00e4glichen Lebens.<br \/>\nSobald Sie die Lektion beendet haben, erwartet Sie im Chalet Caserina ein kleiner Aperitif, um dann mit einem kurzen Spaziergang zu Fu\u00df wieder hinunterzugehen.<br \/>\n<em>Bei schlechtem Wetter KEINE Aktivit\u00e4t geplant<\/em><\/p>\n<p>Klicken Sie <a href=\"https:\/\/www.visitfiemme.it\/de\/veranstaltungen\/fiemme-cembra-guest-card\/erlebnisse\/erlebnisse-sommer\" target=\"_blank\" rel=\"noopener\">hier<\/a> zum Buchen<\/p>\n<\/div><p class='eventon_shad_p' style='padding:5px 0 0; margin:0'>\n\t\t\t<span class='evcal_btn evo_btn_secondary evobtn_details_show_more' content='less'>\n\t\t\t\t<span class='ev_more_text' data-txt='Weniger'>Mehr<\/span><span class='ev_more_arrow ard'><\/span>\n\t\t\t<\/span>\n\t\t<\/p><div class='clear'><\/div>\n\t\t\t<\/div>\n\t\t<\/div>\n\t<\/div><\/div><\/div><div class='evocard_row bx2 bx'><div id='event_time' class='evocard_box time' data-c='' \n\t\t\t\t\tstyle=''><div class='evo_metarow_time evorow evcal_evdata_row evcal_evrow_sm '>\n\t\t<span class='evcal_evdata_icons'><i class='fa fa-clock'><\/i><\/span>\n\t\t<div class='evcal_evdata_cell'>\t\t\t\t\t\t\t\n\t\t\t<h3 class='evo_h3'><span class='evcal_evdata_icons'><i class='fa fa-clock'><\/i><\/span>Zeitplan<\/h3><p><span class='evo_eventcard_time_t'>20 August 2026 17:00 - 19:15<\/span><span class='evo_tz marr5'>(GMT+02:00)<\/span><\/p>\n\t\t<\/div>\n\t<\/div><\/div><div id='event_location' class='evocard_box location' data-c='' \n\t\t\t\t\tstyle=''><div class='evcal_evdata_row evo_metarow_time_location evorow '>\n\t\t\n\t\t\t<span class='evcal_evdata_icons'><i class='fa fa-map-marker'><\/i><\/span>\n\t\t\t<div class='evcal_evdata_cell' data-loc_tax_id='32'><h3 class='evo_h3 evodfx'><span class='evcal_evdata_icons'><i class='fa fa-map-marker'><\/i><\/span>Ort<\/h3><p class='evo_location_name'>Pampeago<\/p><p class='evo_location_address evodfxi evogap10'>Localit\u00e0 Pampeago, 8, 38038 Tesero TN<\/p><div class='padt10'><span class='evo_btn_arr evolb_trigger' data-lbvals=\"{&quot;lbc&quot;:&quot;evo_location_lb_32&quot;,&quot;lbac&quot;:&quot;lb_max&quot;,&quot;t&quot;:&quot;Pampeago&quot;,&quot;ajax&quot;:&quot;yes&quot;,&quot;ajax_type&quot;:&quot;endpoint&quot;,&quot;ajax_action&quot;:&quot;eventon_get_tax_card_content&quot;,&quot;end&quot;:&quot;client&quot;,&quot;d&quot;:{&quot;lang&quot;:&quot;L2&quot;,&quot;term_id&quot;:32,&quot;tax&quot;:&quot;event_location&quot;,&quot;load_lbcontent&quot;:true},&quot;uid&quot;:&quot;eventon_get_tax_card_content&quot;}\" >Other Events<i class='fa fa-chevron-right'><\/i><\/span><\/div><\/div>\n\t\t\n\t<\/div><\/div><\/div><div class='evocard_row'><div id='event_addtocal' class='evocard_box addtocal' data-c='' \n\t\t\t\t\tstyle=''><div class='evo_metarow_ICS evorow evcal_evdata_row'>\n\t\t\t<span class='evcal_evdata_icons'><i class='fa fa-calendar-o'><\/i><\/span>\n\t\t\t<div class='evcal_evdata_cell'>\n\t\t\t\t<p><a href='https:\/\/latemarium.com\/de\/export-events\/2198_8\/?nonce=7b34e59f7d' class='evo_ics_nCal' title='Zu Ihrem Kalender hinzuf\u00fcgen'>Kalender<\/a><a href='https:\/\/www.google.com\/calendar\/event?action=TEMPLATE&text=PilYoga&dates=20260820T150000Z%2F20260820T171500Z&ctz=Europe%2FRome&details=PilYoga&location=Pampeago+Localit%C3%A0+Pampeago%2C+8%2C+38038+Tesero+TN' target='_blank' class='evo_ics_gCal' title='Zu Google Kalender hinzuf\u00fcgen'>GoogleCal<\/a><\/p>\t\n\t\t\t<\/div>\n\t\t<\/div><\/div><\/div><div class='evocard_row'><div id='event_getdirection' class='evocard_box getdirection' data-c='' \n\t\t\t\t\tstyle=''><div class='evo_metarow_getDr evorow evcal_evdata_row evcal_evrow_sm getdirections'>\n\t\t<form action='https:\/\/maps.google.com\/maps' method='get' target='_blank'>\n\t\t\t<input type='hidden' name='daddr' value=\"Localit\u00e0 Pampeago, 8, 38038 Tesero TN\"\/> \n\t\t\t<div class='evo_get_direction_content evo_fx_dr_r evogap10'>\n\t\t\t\t<span class='evogetdir_header evodfx evofx_dr_r evofx_ai_c marr10'>\n\t\t\t\t\t<i class='mainicon fa fa-road'><\/i> \n\t\t\t\t\t<h3 class='evo_h3' style='padding-bottom:5px;'>Wegbeschreibung abrufen<\/h3>\n\t\t\t\t<\/span>\n\t\t\t\t<span class='evogetdir_field evodfx evofx_1_1 evo_fx_dr_c evow100p'>\t\t\t\t\t\n\t\t\t\t\t<input class='evoInput evotac' type='text' name='saddr' placeholder='&quot;Geben Sie die Adresse ein' value='' style='margin:10px 0;'\/>\n\t\t\t\t<\/span>\n\t\t\t\t<button type='submit' class='evo_get_direction_button evo_btn_arr_circ dfx fx_ai_c' title='&quot;Klicken Sie hier'><i class='fa fa-chevron-right'><\/i> <\/button>\n\t\t\t<\/div>\n\t\t<\/form>\n\t<\/div><\/div><\/div><div class='evo_card_row_end evcal_close' title='Schlie\u00dfen'><\/div><\/div><div class='clear end'><\/div><\/div><div id=\"event_2203_8\" class=\"eventon_list_event evo_eventtop scheduled  event clrD event_2203_8\" data-event_id=\"2203\" data-ri=\"8r\" data-time=\"1787238900-1787246100\" data-colr=\"#ba181d\" itemscope itemtype='http:\/\/schema.org\/Event'><div class=\"evo_event_schema\" style=\"display:none\" ><a itemprop='url'  href='https:\/\/latemarium.com\/de\/events\/e-bike-latemar-tour\/var\/ri-8.l-L2'><\/a><meta itemprop='image' content=\"https:\/\/latemarium.com\/wp-content\/uploads\/2023\/06\/e-bike-tour.jpg\" \/><meta itemprop='startDate' content=\"2026-8-20T17:15+0:00\" \/><meta itemprop='endDate' content=\"2026-8-20T19:15+0:00\" \/><meta itemprop='eventStatus' content=\"https:\/\/schema.org\/EventScheduled\" \/><meta itemprop='eventAttendanceMode'   itemscope itemtype=\"https:\/\/schema.org\/OfflineEventAttendanceMode\"\/><div style=\"display:none\" itemprop=\"location\" itemscope itemtype=\"http:\/\/schema.org\/Place\"><span itemprop=\"name\">Pampeago<\/span><span itemprop=\"address\" itemscope itemtype=\"http:\/\/schema.org\/PostalAddress\"><item itemprop=\"streetAddress\">Localit\u00e0 Pampeago, 8, 38038 Tesero TN<\/item><\/span><\/div><script type=\"application\/ld+json\">{\"@context\": \"http:\/\/schema.org\",\"@type\": \"Event\",\n\t\t\t\t\"@id\": \"event_2203_8\",\n\t\t\t\t\"eventAttendanceMode\":\"https:\/\/schema.org\/OfflineEventAttendanceMode\",\n\t\t\t\t\"eventStatus\":\"https:\/\/schema.org\/EventScheduled\",\n\t\t\t\t\"name\": \"E-Bike Latemar Tour\",\n\t\t\t\t\"url\": \"https:\/\/latemarium.com\/de\/events\/e-bike-latemar-tour\/var\/ri-8.l-L2\",\n\t\t\t\t\"startDate\": \"2026-8-20T17:15+0:00\",\n\t\t\t\t\"endDate\": \"2026-8-20T19:15+0:00\",\n\t\t\t\t\"image\":\"https:\/\/latemarium.com\/wp-content\/uploads\/2023\/06\/e-bike-tour.jpg\", \n\t\t\t\t\"description\":\"<p><strong>Jeden Donnerstag vom 25. Juni bis 3. September 2026<\/strong><\/p> <p>Treffpunkt mit Reisef\u00fchrer Andrea um 17.15 Uhr in Pampeago (an der Liftkasse)<br \/> Dauer: von 17.15 bis 19.15 Uhr<br \/> <em>Maximal 8 Personen.\u00a0<\/em>+16 Jahre<\/p> <p class='p1'>F\u00fcr E-Bike-Begeisterte mit mittlerem Niveau haben wir uns eine Tour zur Entdeckung des Latemars mit atemberaubender Aussicht auf die Umgebung \u00fcberlegt. Es wird eine angenehme Route sein und dank der Tretunterst\u00fctzung k\u00f6nnen Sie den H\u00f6henunterschied bew\u00e4ltigen, der Sie zum Gipfel im Treska-Gebiet f\u00fchrt. Es ist der perfekte Moment des Tages: Der Berg ist leer, Sie k\u00f6nnen die Stille der Natur genie\u00dfen und die Farben der \u201egoldenen Stunde\u201c genie\u00dfen.<br \/> Am Ende Ihrer Tour erwartet Sie im Chalet Caserina ein kleiner \u201eAperitivo\u201c.<br \/> Sie k\u00f6nnen das Fahrrad direkt im Shop von Sport Ventura, direkt unterhalb Ihres Startpunkts, ausleihen.<\/p> <p class='p1'><em>Bei Regen ist keine Aktivit\u00e4t vorgesehen.<\/em><\/p> <p>Klicken Sie <a href='https:\/\/www.visitfiemme.it\/de\/veranstaltungen\/fiemme-cembra-guest-card\/erlebnisse\/erlebnisse-sommer' target='_blank' rel='noopener'>hier<\/a> zum Buchen<\/p> \",\"location\":[{\"@type\":\"Place\",\"name\":\"Pampeago\",\"address\":{\"@type\": \"PostalAddress\",\"streetAddress\":\"Localit\u00e0 Pampeago, 8, 38038 Tesero TN\"}}]}<\/script><\/div>\r\n\t\t\t\t<p class=\"desc_trig_outter\" style=\"\"><a data-gmtrig=\"1\" data-exlk=\"0\" style=\"background-color: #ba181d;\" id=\"evc_17872389002203\" class=\"hasFtIMG event_repeat desc_trig sin_val evcal_list_a\" data-ux_val=\"3\" data-ux_val_mob=\"-\"  ><span class='evoet_c1 evoet_cx '><span class='ev_ftImg' data-img='https:\/\/latemarium.com\/wp-content\/uploads\/2023\/06\/e-bike-tour.jpg' data-thumb='https:\/\/latemarium.com\/wp-content\/uploads\/2023\/06\/e-bike-tour-300x169.jpg' style='background-image:url(\"https:\/\/latemarium.com\/wp-content\/uploads\/2023\/06\/e-bike-tour-300x169.jpg\")' ><\/span><\/span><span class='evoet_c2 evoet_cx '><span class='evoet_dayblock evcal_cblock ' data-bgcolor='#ba181d' data-smon='August' data-syr='2026' data-bub=''><span class='evo_start '><em class='date'>20<\/em><em class='month'>Aug<\/em><em class='time'>17:15<\/em><\/span><span class='evo_end only_time'><em class='time'>19:15<\/em><\/span><\/span><\/span><span class='evoet_c3 evoet_cx evcal_desc hide_eventtopdata '><span class='evoet_title evcal_desc2 evcal_event_title ' itemprop='name'>E-Bike Latemar Tour<\/span><span class='event_location_attrs'  data-location_address=\"Localit\u00e0 Pampeago, 8, 38038 Tesero TN\" data-location_type=\"lonlat\" data-location_name=\"Pampeago\" data-location_url=\"https:\/\/latemarium.com\/de\/event-location\/pampeago-de\/\" data-location_status=\"true\" data-latlng=\"46.34343697644898,11.540997527961546\"><\/span><span class='evoet_subtitle evo_below_title' ><span class='evcal_event_subtitle ' >F\u00fcr E-Bike-Begeisterte<\/span><\/span><span class='evoet_time_expand level_3'><em class='evcal_time evo_tz_time'><i class='fa fa-clock-o'><\/i>17:15 - 19:15<span class='evo_tz marl5'>(GMT+02:00)<\/span><\/em> <\/span><span class='evoet_location level_3'><em class=\"evcal_location\"  data-latlng=\"46.34343697644898,11.540997527961546\" data-add_str=\"Localit\u00e0 Pampeago, 8, 38038 Tesero TN\" data-n=\"Pampeago\"><i class=\"fa fa-location-pin\"><\/i><em class=\"event_location_name\">Pampeago<\/em>, Localit\u00e0 Pampeago, 8, 38038 Tesero TN<\/em><\/span><\/span><span class='evoet_data' data-d=\"{&quot;loc.n&quot;:&quot;Pampeago&quot;,&quot;orgs&quot;:[],&quot;tags&quot;:{&quot;repeating&quot;:&quot;Repeating Event&quot;}}\" data-bgc=\"#ba181d\" data-bggrad=\"\" ><\/span><\/a><\/p><div class='event_description evcal_eventcard ' style=\"display:none\"><div class='evocard_row'><div id='event_ftimage' class='evocard_box ftimage' data-c='' \n\t\t\t\t\tstyle=''><div class='evocard_main_image_hold' data-t='Loading Image..'><div class='evocard_main_image evo_img_triglb evobr15 evobgsc evobgpc evodfx evofx_jc_c evofx_ai_c evofz48 minmized' style='height:300px; background-image:url();' data-f=\"https:\/\/latemarium.com\/wp-content\/uploads\/2023\/06\/e-bike-tour.jpg\" data-h=\"675\" data-w=\"1200\" data-ratio=\"0.5625\" data-event_id=\"2203\" data-ri=\"8\"  data-t='Loading Image..'><span style='height:300px; background-image:url(https:\/\/latemarium.com\/wp-content\/uploads\/2023\/06\/e-bike-tour.jpg)'><\/span><\/div><\/div><\/div><\/div><div class='evocard_row'><div id='event_eventdetails' class='evocard_box eventdetails' data-c='' \n\t\t\t\t\tstyle=''><div class='evo_metarow_details evorow evcal_evdata_row evcal_event_details'>\n\t\t<div class=\"event_excerpt\" style=\"display:none\"><h3 class=\"padb5 evo_h3\">Details zur Veranstaltung<\/h3><p>Jeden Donnerstag vom 25. Juni bis 3. September 2026\nTreffpunkt mit Reisef\u00fchrer Andrea um 17.15 Uhr in Pampeago (an der Liftkasse)\nDauer: von 17.15 bis 19.15 Uhr\nMaximal 8 Personen.\u00a0+16 Jahre<\/p><\/div><span class='evcal_evdata_icons'><i class='fa fa-align-justify'><\/i><\/span>\n\t\t\n\t\t<div class='evcal_evdata_cell shorter_desc'>\n\t\t\t<div class='eventon_full_description'>\n\t\t\t\t<h3 class='padb5 evo_h3'><span class='evcal_evdata_icons'><i class='fa fa-align-justify'><\/i><\/span>Details zur Veranstaltung<\/h3>\n\t\t\t\t<div class='eventon_desc_in' itemprop='description'>\n\t\t\t\t<p><strong>Jeden Donnerstag vom 25. Juni bis 3. September 2026<\/strong><\/p>\n<p>Treffpunkt mit Reisef\u00fchrer Andrea um 17.15 Uhr in Pampeago (an der Liftkasse)<br \/>\nDauer: von 17.15 bis 19.15 Uhr<br \/>\n<em>Maximal 8 Personen.\u00a0<\/em>+16 Jahre<\/p>\n<p class=\"p1\">F\u00fcr E-Bike-Begeisterte mit mittlerem Niveau haben wir uns eine Tour zur Entdeckung des Latemars mit atemberaubender Aussicht auf die Umgebung \u00fcberlegt. Es wird eine angenehme Route sein und dank der Tretunterst\u00fctzung k\u00f6nnen Sie den H\u00f6henunterschied bew\u00e4ltigen, der Sie zum Gipfel im Treska-Gebiet f\u00fchrt. Es ist der perfekte Moment des Tages: Der Berg ist leer, Sie k\u00f6nnen die Stille der Natur genie\u00dfen und die Farben der \u201egoldenen Stunde\u201c genie\u00dfen.<br \/>\nAm Ende Ihrer Tour erwartet Sie im Chalet Caserina ein kleiner \u201eAperitivo\u201c.<br \/>\nSie k\u00f6nnen das Fahrrad direkt im Shop von Sport Ventura, direkt unterhalb Ihres Startpunkts, ausleihen.<\/p>\n<p class=\"p1\"><em>Bei Regen ist keine Aktivit\u00e4t vorgesehen.<\/em><\/p>\n<p>Klicken Sie <a href=\"https:\/\/www.visitfiemme.it\/de\/veranstaltungen\/fiemme-cembra-guest-card\/erlebnisse\/erlebnisse-sommer\" target=\"_blank\" rel=\"noopener\">hier<\/a> zum Buchen<\/p>\n<\/div><p class='eventon_shad_p' style='padding:5px 0 0; margin:0'>\n\t\t\t<span class='evcal_btn evo_btn_secondary evobtn_details_show_more' content='less'>\n\t\t\t\t<span class='ev_more_text' data-txt='Weniger'>Mehr<\/span><span class='ev_more_arrow ard'><\/span>\n\t\t\t<\/span>\n\t\t<\/p><div class='clear'><\/div>\n\t\t\t<\/div>\n\t\t<\/div>\n\t<\/div><\/div><\/div><div class='evocard_row bx2 bx'><div id='event_time' class='evocard_box time' data-c='' \n\t\t\t\t\tstyle=''><div class='evo_metarow_time evorow evcal_evdata_row evcal_evrow_sm '>\n\t\t<span class='evcal_evdata_icons'><i class='fa fa-clock'><\/i><\/span>\n\t\t<div class='evcal_evdata_cell'>\t\t\t\t\t\t\t\n\t\t\t<h3 class='evo_h3'><span class='evcal_evdata_icons'><i class='fa fa-clock'><\/i><\/span>Zeitplan<\/h3><p><span class='evo_eventcard_time_t'>20 August 2026 17:15 - 19:15<\/span><span class='evo_tz marr5'>(GMT+02:00)<\/span><\/p>\n\t\t<\/div>\n\t<\/div><\/div><div id='event_location' class='evocard_box location' data-c='' \n\t\t\t\t\tstyle=''><div class='evcal_evdata_row evo_metarow_time_location evorow '>\n\t\t\n\t\t\t<span class='evcal_evdata_icons'><i class='fa fa-map-marker'><\/i><\/span>\n\t\t\t<div class='evcal_evdata_cell' data-loc_tax_id='32'><h3 class='evo_h3 evodfx'><span class='evcal_evdata_icons'><i class='fa fa-map-marker'><\/i><\/span>Ort<\/h3><p class='evo_location_name'>Pampeago<\/p><p class='evo_location_address evodfxi evogap10'>Localit\u00e0 Pampeago, 8, 38038 Tesero TN<\/p><div class='padt10'><span class='evo_btn_arr evolb_trigger' data-lbvals=\"{&quot;lbc&quot;:&quot;evo_location_lb_32&quot;,&quot;lbac&quot;:&quot;lb_max&quot;,&quot;t&quot;:&quot;Pampeago&quot;,&quot;ajax&quot;:&quot;yes&quot;,&quot;ajax_type&quot;:&quot;endpoint&quot;,&quot;ajax_action&quot;:&quot;eventon_get_tax_card_content&quot;,&quot;end&quot;:&quot;client&quot;,&quot;d&quot;:{&quot;lang&quot;:&quot;L2&quot;,&quot;term_id&quot;:32,&quot;tax&quot;:&quot;event_location&quot;,&quot;load_lbcontent&quot;:true},&quot;uid&quot;:&quot;eventon_get_tax_card_content&quot;}\" >Other Events<i class='fa fa-chevron-right'><\/i><\/span><\/div><\/div>\n\t\t\n\t<\/div><\/div><\/div><div class='evocard_row'><div id='event_addtocal' class='evocard_box addtocal' data-c='' \n\t\t\t\t\tstyle=''><div class='evo_metarow_ICS evorow evcal_evdata_row'>\n\t\t\t<span class='evcal_evdata_icons'><i class='fa fa-calendar-o'><\/i><\/span>\n\t\t\t<div class='evcal_evdata_cell'>\n\t\t\t\t<p><a href='https:\/\/latemarium.com\/de\/export-events\/2203_8\/?nonce=7b34e59f7d' class='evo_ics_nCal' title='Zu Ihrem Kalender hinzuf\u00fcgen'>Kalender<\/a><a href='https:\/\/www.google.com\/calendar\/event?action=TEMPLATE&text=E-Bike+Latemar+Tour&dates=20260820T151500Z%2F20260820T171500Z&ctz=Europe%2FRome&details=E-Bike Latemar Tour&location=Pampeago+Localit%C3%A0+Pampeago%2C+8%2C+38038+Tesero+TN' target='_blank' class='evo_ics_gCal' title='Zu Google Kalender hinzuf\u00fcgen'>GoogleCal<\/a><\/p>\t\n\t\t\t<\/div>\n\t\t<\/div><\/div><\/div><div class='evocard_row'><div id='event_getdirection' class='evocard_box getdirection' data-c='' \n\t\t\t\t\tstyle=''><div class='evo_metarow_getDr evorow evcal_evdata_row evcal_evrow_sm getdirections'>\n\t\t<form action='https:\/\/maps.google.com\/maps' method='get' target='_blank'>\n\t\t\t<input type='hidden' name='daddr' value=\"Localit\u00e0 Pampeago, 8, 38038 Tesero TN\"\/> \n\t\t\t<div class='evo_get_direction_content evo_fx_dr_r evogap10'>\n\t\t\t\t<span class='evogetdir_header evodfx evofx_dr_r evofx_ai_c marr10'>\n\t\t\t\t\t<i class='mainicon fa fa-road'><\/i> \n\t\t\t\t\t<h3 class='evo_h3' style='padding-bottom:5px;'>Wegbeschreibung abrufen<\/h3>\n\t\t\t\t<\/span>\n\t\t\t\t<span class='evogetdir_field evodfx evofx_1_1 evo_fx_dr_c evow100p'>\t\t\t\t\t\n\t\t\t\t\t<input class='evoInput evotac' type='text' name='saddr' placeholder='&quot;Geben Sie die Adresse ein' value='' style='margin:10px 0;'\/>\n\t\t\t\t<\/span>\n\t\t\t\t<button type='submit' class='evo_get_direction_button evo_btn_arr_circ dfx fx_ai_c' title='&quot;Klicken Sie hier'><i class='fa fa-chevron-right'><\/i> <\/button>\n\t\t\t<\/div>\n\t\t<\/form>\n\t<\/div><\/div><\/div><div class='evo_card_row_end evcal_close' title='Schlie\u00dfen'><\/div><\/div><div class='clear end'><\/div><\/div><div id=\"event_2498_8\" class=\"eventon_list_event evo_eventtop scheduled  event clrW no_et event_2498_8\" data-event_id=\"2498\" data-ri=\"8r\" data-time=\"1787297400-1787349540\" data-colr=\"#6baeff\" itemscope itemtype='http:\/\/schema.org\/Event'><div class=\"evo_event_schema\" style=\"display:none\" ><a itemprop='url'  href='https:\/\/latemarium.com\/de\/events\/respirart-kunst-und-schoenheit-schaffen\/var\/ri-8.l-L2'><\/a><meta itemprop='image' content=\"https:\/\/latemarium.com\/wp-content\/uploads\/2021\/05\/respirart-vita-e-bellezza.jpg\" \/><meta itemprop='startDate' content=\"2026-8-21T09:30+0:00\" \/><meta itemprop='endDate' content=\"2026-8-21T23:59+0:00\" \/><meta itemprop='eventStatus' content=\"https:\/\/schema.org\/EventScheduled\" \/><meta itemprop='eventAttendanceMode'   itemscope itemtype=\"https:\/\/schema.org\/OfflineEventAttendanceMode\"\/><div style=\"display:none\" itemprop=\"location\" itemscope itemtype=\"http:\/\/schema.org\/Place\"><span itemprop=\"name\">Pampeago<\/span><span itemprop=\"address\" itemscope itemtype=\"http:\/\/schema.org\/PostalAddress\"><item itemprop=\"streetAddress\">Localit\u00e0 Pampeago, 8, 38038 Tesero TN<\/item><\/span><\/div><script type=\"application\/ld+json\">{\"@context\": \"http:\/\/schema.org\",\"@type\": \"Event\",\n\t\t\t\t\"@id\": \"event_2498_8\",\n\t\t\t\t\"eventAttendanceMode\":\"https:\/\/schema.org\/OfflineEventAttendanceMode\",\n\t\t\t\t\"eventStatus\":\"https:\/\/schema.org\/EventScheduled\",\n\t\t\t\t\"name\": \"Respirart: Kunst und Sch\u00f6nheit schaffen\",\n\t\t\t\t\"url\": \"https:\/\/latemarium.com\/de\/events\/respirart-kunst-und-schoenheit-schaffen\/var\/ri-8.l-L2\",\n\t\t\t\t\"startDate\": \"2026-8-21T09:30+0:00\",\n\t\t\t\t\"endDate\": \"2026-8-21T23:59+0:00\",\n\t\t\t\t\"image\":\"https:\/\/latemarium.com\/wp-content\/uploads\/2021\/05\/respirart-vita-e-bellezza.jpg\", \n\t\t\t\t\"description\":\"<p><strong>Jeden Freitag vom 26. Juni bis 11. September 2026<\/strong><\/p> <p>RespirArt ist ein Umwelt- und Kunstworkshop f\u00fcr alle, ob jung oder alt. Wir werden Kunstwerke auf spielerische Art und Weise entdecken.<br \/> Treffen Sie sich um 9.30 Uhr am Start des Sessellifts Pampeago-Agnello mit dem Kunstf\u00fchrer, der Ihnen die Samen zum \u00dcberfliegen des RespirArt-Parks gibt. Im Rahmen des Kunst-Workshops werden die Kinder mit nat\u00fcrlichen Materialien kleine Kunstwerke an Land schaffen.<\/p> <p>Reservierung erforderlich.<\/p> <p>Klicken Sie <a href='https:\/\/www.visitfiemme.it\/de\/veranstaltungen\/fiemme-cembra-guest-card\/erlebnisse\/erlebnisse-sommer' target='_blank' rel='noopener'>hier<\/a>, zum Buchen.<\/p> \",\"location\":[{\"@type\":\"Place\",\"name\":\"Pampeago\",\"address\":{\"@type\": \"PostalAddress\",\"streetAddress\":\"Localit\u00e0 Pampeago, 8, 38038 Tesero TN\"}}]}<\/script><\/div>\r\n\t\t\t\t<p class=\"desc_trig_outter\" style=\"\"><a data-gmtrig=\"1\" data-exlk=\"0\" style=\"background-color: #6baeff;\" id=\"evc_17872974002498\" class=\"hasFtIMG event_repeat desc_trig sin_val evcal_list_a\" data-ux_val=\"3\" data-ux_val_mob=\"-\"  ><span class='evoet_c1 evoet_cx '><span class='ev_ftImg' data-img='https:\/\/latemarium.com\/wp-content\/uploads\/2021\/05\/respirart-vita-e-bellezza.jpg' data-thumb='https:\/\/latemarium.com\/wp-content\/uploads\/2021\/05\/respirart-vita-e-bellezza-300x201.jpg' style='background-image:url(\"https:\/\/latemarium.com\/wp-content\/uploads\/2021\/05\/respirart-vita-e-bellezza-300x201.jpg\")' ><\/span><\/span><span class='evoet_c2 evoet_cx '><span class='evoet_dayblock evcal_cblock ' data-bgcolor='#6baeff' data-smon='August' data-syr='2026' data-bub=''><span class='evo_start '><em class='date'>21<\/em><em class='month'>Aug<\/em><em class='time'>09:30<\/em><\/span><\/span><\/span><span class='evoet_c3 evoet_cx evcal_desc hide_eventtopdata '><span class='evoet_title evcal_desc2 evcal_event_title ' itemprop='name'>Respirart: Kunst und Sch\u00f6nheit schaffen<\/span><span class='event_location_attrs'  data-location_address=\"Localit\u00e0 Pampeago, 8, 38038 Tesero TN\" data-location_type=\"lonlat\" data-location_name=\"Pampeago\" data-location_url=\"https:\/\/latemarium.com\/de\/event-location\/pampeago-de\/\" data-location_status=\"true\" data-latlng=\"46.34343697644898,11.540997527961546\"><\/span><span class='evoet_subtitle evo_below_title' ><span class='evcal_event_subtitle ' >Kunst-Workshop<\/span><\/span><span class='evoet_time_expand level_3'><em class='evcal_time evo_tz_time'><i class='fa fa-clock-o'><\/i>09:30<span class='evo_tz marl5'>(GMT+02:00)<\/span><\/em> <\/span><span class='evoet_location level_3'><em class=\"evcal_location\"  data-latlng=\"46.34343697644898,11.540997527961546\" data-add_str=\"Localit\u00e0 Pampeago, 8, 38038 Tesero TN\" data-n=\"Pampeago\"><i class=\"fa fa-location-pin\"><\/i><em class=\"event_location_name\">Pampeago<\/em>, Localit\u00e0 Pampeago, 8, 38038 Tesero TN<\/em><\/span><\/span><span class='evoet_data' data-d=\"{&quot;loc.n&quot;:&quot;Pampeago&quot;,&quot;orgs&quot;:[],&quot;tags&quot;:{&quot;repeating&quot;:&quot;Repeating Event&quot;}}\" data-bgc=\"#6baeff\" data-bggrad=\"\" ><\/span><\/a><\/p><div class='event_description evcal_eventcard ' style=\"display:none\"><div class='evocard_row'><div id='event_ftimage' class='evocard_box ftimage' data-c='' \n\t\t\t\t\tstyle=''><div class='evocard_main_image_hold' data-t='Loading Image..'><div class='evocard_main_image evo_img_triglb evobr15 evobgsc evobgpc evodfx evofx_jc_c evofx_ai_c evofz48 minmized' style='height:300px; background-image:url();' data-f=\"https:\/\/latemarium.com\/wp-content\/uploads\/2021\/05\/respirart-vita-e-bellezza.jpg\" data-h=\"602\" data-w=\"899\" data-ratio=\"0.66963292547275\" data-event_id=\"2498\" data-ri=\"8\"  data-t='Loading Image..'><span style='height:300px; background-image:url(https:\/\/latemarium.com\/wp-content\/uploads\/2021\/05\/respirart-vita-e-bellezza.jpg)'><\/span><\/div><\/div><\/div><\/div><div class='evocard_row'><div id='event_eventdetails' class='evocard_box eventdetails' data-c='' \n\t\t\t\t\tstyle=''><div class='evo_metarow_details evorow evcal_evdata_row evcal_event_details'>\n\t\t<div class=\"event_excerpt\" style=\"display:none\"><h3 class=\"padb5 evo_h3\">Details zur Veranstaltung<\/h3><p>Jeden Freitag vom 26. Juni bis 11. September 2026\nRespirArt ist ein Umwelt- und Kunstworkshop f\u00fcr alle, ob jung oder alt. Wir werden Kunstwerke auf spielerische Art und Weise entdecken.\nTreffen<\/p><\/div><span class='evcal_evdata_icons'><i class='fa fa-align-justify'><\/i><\/span>\n\t\t\n\t\t<div class='evcal_evdata_cell shorter_desc'>\n\t\t\t<div class='eventon_full_description'>\n\t\t\t\t<h3 class='padb5 evo_h3'><span class='evcal_evdata_icons'><i class='fa fa-align-justify'><\/i><\/span>Details zur Veranstaltung<\/h3>\n\t\t\t\t<div class='eventon_desc_in' itemprop='description'>\n\t\t\t\t<p><strong>Jeden Freitag vom 26. Juni bis 11. September 2026<\/strong><\/p>\n<p>RespirArt ist ein Umwelt- und Kunstworkshop f\u00fcr alle, ob jung oder alt. Wir werden Kunstwerke auf spielerische Art und Weise entdecken.<br \/>\nTreffen Sie sich um 9.30 Uhr am Start des Sessellifts Pampeago-Agnello mit dem Kunstf\u00fchrer, der Ihnen die Samen zum \u00dcberfliegen des RespirArt-Parks gibt. Im Rahmen des Kunst-Workshops werden die Kinder mit nat\u00fcrlichen Materialien kleine Kunstwerke an Land schaffen.<\/p>\n<p>Reservierung erforderlich.<\/p>\n<p>Klicken Sie <a href=\"https:\/\/www.visitfiemme.it\/de\/veranstaltungen\/fiemme-cembra-guest-card\/erlebnisse\/erlebnisse-sommer\" target=\"_blank\" rel=\"noopener\">hier<\/a>, zum Buchen.<\/p>\n<\/div><p class='eventon_shad_p' style='padding:5px 0 0; margin:0'>\n\t\t\t<span class='evcal_btn evo_btn_secondary evobtn_details_show_more' content='less'>\n\t\t\t\t<span class='ev_more_text' data-txt='Weniger'>Mehr<\/span><span class='ev_more_arrow ard'><\/span>\n\t\t\t<\/span>\n\t\t<\/p><div class='clear'><\/div>\n\t\t\t<\/div>\n\t\t<\/div>\n\t<\/div><\/div><\/div><div class='evocard_row bx2 bx'><div id='event_time' class='evocard_box time' data-c='' \n\t\t\t\t\tstyle=''><div class='evo_metarow_time evorow evcal_evdata_row evcal_evrow_sm '>\n\t\t<span class='evcal_evdata_icons'><i class='fa fa-clock'><\/i><\/span>\n\t\t<div class='evcal_evdata_cell'>\t\t\t\t\t\t\t\n\t\t\t<h3 class='evo_h3'><span class='evcal_evdata_icons'><i class='fa fa-clock'><\/i><\/span>Zeitplan<\/h3><p><span class='evo_eventcard_time_t'>21 August 2026 09:30<\/span><span class='evo_tz marr5'>(GMT+02:00)<\/span><\/p>\n\t\t<\/div>\n\t<\/div><\/div><div id='event_location' class='evocard_box location' data-c='' \n\t\t\t\t\tstyle=''><div class='evcal_evdata_row evo_metarow_time_location evorow '>\n\t\t\n\t\t\t<span class='evcal_evdata_icons'><i class='fa fa-map-marker'><\/i><\/span>\n\t\t\t<div class='evcal_evdata_cell' data-loc_tax_id='32'><h3 class='evo_h3 evodfx'><span class='evcal_evdata_icons'><i class='fa fa-map-marker'><\/i><\/span>Ort<\/h3><p class='evo_location_name'>Pampeago<\/p><p class='evo_location_address evodfxi evogap10'>Localit\u00e0 Pampeago, 8, 38038 Tesero TN<\/p><div class='padt10'><span class='evo_btn_arr evolb_trigger' data-lbvals=\"{&quot;lbc&quot;:&quot;evo_location_lb_32&quot;,&quot;lbac&quot;:&quot;lb_max&quot;,&quot;t&quot;:&quot;Pampeago&quot;,&quot;ajax&quot;:&quot;yes&quot;,&quot;ajax_type&quot;:&quot;endpoint&quot;,&quot;ajax_action&quot;:&quot;eventon_get_tax_card_content&quot;,&quot;end&quot;:&quot;client&quot;,&quot;d&quot;:{&quot;lang&quot;:&quot;L2&quot;,&quot;term_id&quot;:32,&quot;tax&quot;:&quot;event_location&quot;,&quot;load_lbcontent&quot;:true},&quot;uid&quot;:&quot;eventon_get_tax_card_content&quot;}\" >Other Events<i class='fa fa-chevron-right'><\/i><\/span><\/div><\/div>\n\t\t\n\t<\/div><\/div><\/div><div class='evocard_row'><div id='event_addtocal' class='evocard_box addtocal' data-c='' \n\t\t\t\t\tstyle=''><div class='evo_metarow_ICS evorow evcal_evdata_row'>\n\t\t\t<span class='evcal_evdata_icons'><i class='fa fa-calendar-o'><\/i><\/span>\n\t\t\t<div class='evcal_evdata_cell'>\n\t\t\t\t<p><a href='https:\/\/latemarium.com\/de\/export-events\/2498_8\/?nonce=7b34e59f7d' class='evo_ics_nCal' title='Zu Ihrem Kalender hinzuf\u00fcgen'>Kalender<\/a><a href='https:\/\/www.google.com\/calendar\/event?action=TEMPLATE&text=Respirart%3A+Kunst+und+Sch%C3%B6nheit+schaffen&dates=20260821T073000Z%2F20260821T215900Z&ctz=Europe%2FRome&details=Respirart: Kunst und Sch\u00f6nheit schaffen&location=Pampeago+Localit%C3%A0+Pampeago%2C+8%2C+38038+Tesero+TN' target='_blank' class='evo_ics_gCal' title='Zu Google Kalender hinzuf\u00fcgen'>GoogleCal<\/a><\/p>\t\n\t\t\t<\/div>\n\t\t<\/div><\/div><\/div><div class='evocard_row'><div id='event_getdirection' class='evocard_box getdirection' data-c='' \n\t\t\t\t\tstyle=''><div class='evo_metarow_getDr evorow evcal_evdata_row evcal_evrow_sm getdirections'>\n\t\t<form action='https:\/\/maps.google.com\/maps' method='get' target='_blank'>\n\t\t\t<input type='hidden' name='daddr' value=\"Localit\u00e0 Pampeago, 8, 38038 Tesero TN\"\/> \n\t\t\t<div class='evo_get_direction_content evo_fx_dr_r evogap10'>\n\t\t\t\t<span class='evogetdir_header evodfx evofx_dr_r evofx_ai_c marr10'>\n\t\t\t\t\t<i class='mainicon fa fa-road'><\/i> \n\t\t\t\t\t<h3 class='evo_h3' style='padding-bottom:5px;'>Wegbeschreibung abrufen<\/h3>\n\t\t\t\t<\/span>\n\t\t\t\t<span class='evogetdir_field evodfx evofx_1_1 evo_fx_dr_c evow100p'>\t\t\t\t\t\n\t\t\t\t\t<input class='evoInput evotac' type='text' name='saddr' placeholder='&quot;Geben Sie die Adresse ein' value='' style='margin:10px 0;'\/>\n\t\t\t\t<\/span>\n\t\t\t\t<button type='submit' class='evo_get_direction_button evo_btn_arr_circ dfx fx_ai_c' title='&quot;Klicken Sie hier'><i class='fa fa-chevron-right'><\/i> <\/button>\n\t\t\t<\/div>\n\t\t<\/form>\n\t<\/div><\/div><\/div><div class='evo_card_row_end evcal_close' title='Schlie\u00dfen'><\/div><\/div><div class='clear end'><\/div><\/div><div id=\"event_2296_0\" class=\"eventon_list_event evo_eventtop scheduled  event clrD event_2296_0\" data-event_id=\"2296\" data-ri=\"0r\" data-time=\"1787436000-1787522340\" data-colr=\"#ba181d\" itemscope itemtype='http:\/\/schema.org\/Event'><div class=\"evo_event_schema\" style=\"display:none\" ><a itemprop='url'  href='https:\/\/latemarium.com\/de\/events\/sagra-di-s-bartolomeo\/var\/ri-0.l-L2'><\/a><meta itemprop='image' content=\"https:\/\/latemarium.com\/wp-content\/uploads\/2023\/06\/sagra-san-bartolomeo.jpg\" \/><meta itemprop='startDate' content=\"2026-8-23\" \/><meta itemprop='endDate' content=\"2026-8-23\" \/><meta itemprop='eventStatus' content=\"https:\/\/schema.org\/EventScheduled\" \/><meta itemprop='eventAttendanceMode'   itemscope itemtype=\"https:\/\/schema.org\/OfflineEventAttendanceMode\"\/><div style=\"display:none\" itemprop=\"location\" itemscope itemtype=\"http:\/\/schema.org\/Place\"><span itemprop=\"name\">Pampeago<\/span><span itemprop=\"address\" itemscope itemtype=\"http:\/\/schema.org\/PostalAddress\"><item itemprop=\"streetAddress\">Localit\u00e0 Pampeago, 8, 38038 Tesero TN<\/item><\/span><\/div><script type=\"application\/ld+json\">{\"@context\": \"http:\/\/schema.org\",\"@type\": \"Event\",\n\t\t\t\t\"@id\": \"event_2296_0\",\n\t\t\t\t\"eventAttendanceMode\":\"https:\/\/schema.org\/OfflineEventAttendanceMode\",\n\t\t\t\t\"eventStatus\":\"https:\/\/schema.org\/EventScheduled\",\n\t\t\t\t\"name\": \"Sagra di S.Bartolomeo\",\n\t\t\t\t\"url\": \"https:\/\/latemarium.com\/de\/events\/sagra-di-s-bartolomeo\/var\/ri-0.l-L2\",\n\t\t\t\t\"startDate\": \"2026-8-23\",\n\t\t\t\t\"endDate\": \"2026-8-23\",\n\t\t\t\t\"image\":\"https:\/\/latemarium.com\/wp-content\/uploads\/2023\/06\/sagra-san-bartolomeo.jpg\", \n\t\t\t\t\"description\":\"<p>Gro\u00dfes Fest unter dem Zelt zur Feier des heiligen Bartholom\u00e4us: Messe, Almessen, Musik und Tanz.<br \/> Ab 10.00 Uhr f\u00fcr den ganzen Tag.<\/p> \",\"location\":[{\"@type\":\"Place\",\"name\":\"Pampeago\",\"address\":{\"@type\": \"PostalAddress\",\"streetAddress\":\"Localit\u00e0 Pampeago, 8, 38038 Tesero TN\"}}]}<\/script><\/div>\r\n\t\t\t\t<p class=\"desc_trig_outter\" style=\"\"><a data-gmtrig=\"1\" data-exlk=\"0\" style=\"background-color: #ba181d;\" id=\"evc_17874360002296\" class=\"hasFtIMG desc_trig sin_val evcal_list_a allday\" data-ux_val=\"3\" data-ux_val_mob=\"-\"  ><span class='evoet_c1 evoet_cx '><span class='ev_ftImg' data-img='https:\/\/latemarium.com\/wp-content\/uploads\/2023\/06\/sagra-san-bartolomeo.jpg' data-thumb='https:\/\/latemarium.com\/wp-content\/uploads\/2023\/06\/sagra-san-bartolomeo-300x200.jpg' style='background-image:url(\"https:\/\/latemarium.com\/wp-content\/uploads\/2023\/06\/sagra-san-bartolomeo-300x200.jpg\")' ><\/span><\/span><span class='evoet_c2 evoet_cx '><span class='evoet_dayblock evcal_cblock ' data-bgcolor='#ba181d' data-smon='August' data-syr='2026' data-bub=''><span class='evo_start '><em class='date'>23<\/em><em class='month'>Aug<\/em><em class='time'>Ganzt\u00e4gig<\/em><\/span><\/span><\/span><span class='evoet_c3 evoet_cx evcal_desc hide_eventtopdata '><span class='evoet_title evcal_desc2 evcal_event_title ' itemprop='name'>Sagra di S.Bartolomeo<\/span><span class='event_location_attrs'  data-location_address=\"Localit\u00e0 Pampeago, 8, 38038 Tesero TN\" data-location_type=\"lonlat\" data-location_name=\"Pampeago\" data-location_url=\"https:\/\/latemarium.com\/de\/event-location\/pampeago-de\/\" data-location_status=\"true\" data-latlng=\"46.34343697644898,11.540997527961546\"><\/span><span class='evoet_subtitle evo_below_title' ><span class='evcal_event_subtitle ' >ST. BARTHOLOM\u00c4US<\/span><\/span><span class='evoet_time_expand level_3'><em class='evcal_time evo_tz_time'><i class='fa fa-clock-o'><\/i><em class='evcal_alldayevent_text'>(Ganzt\u00e4gig: Sonntag)<\/em><span class='evo_tz marl5'>(GMT+02:00)<\/span><\/em> <\/span><span class='evoet_location level_3'><em class=\"evcal_location\"  data-latlng=\"46.34343697644898,11.540997527961546\" data-add_str=\"Localit\u00e0 Pampeago, 8, 38038 Tesero TN\" data-n=\"Pampeago\"><i class=\"fa fa-location-pin\"><\/i><em class=\"event_location_name\">Pampeago<\/em>, Localit\u00e0 Pampeago, 8, 38038 Tesero TN<\/em><\/span><\/span><span class='evoet_data' data-d=\"{&quot;loc.n&quot;:&quot;Pampeago&quot;,&quot;orgs&quot;:[],&quot;tags&quot;:[]}\" data-bgc=\"#ba181d\" data-bggrad=\"\" ><\/span><\/a><\/p><div class='event_description evcal_eventcard ' style=\"display:none\"><div class='evocard_row'><div id='event_ftimage' class='evocard_box ftimage' data-c='' \n\t\t\t\t\tstyle=''><div class='evocard_main_image_hold' data-t='Loading Image..'><div class='evocard_main_image evo_img_triglb evobr15 evobgsc evobgpc evodfx evofx_jc_c evofx_ai_c evofz48 minmized' style='height:300px; background-image:url();' data-f=\"https:\/\/latemarium.com\/wp-content\/uploads\/2023\/06\/sagra-san-bartolomeo.jpg\" data-h=\"534\" data-w=\"800\" data-ratio=\"0.6675\" data-event_id=\"2296\" data-ri=\"0\"  data-t='Loading Image..'><span style='height:300px; background-image:url(https:\/\/latemarium.com\/wp-content\/uploads\/2023\/06\/sagra-san-bartolomeo.jpg)'><\/span><\/div><\/div><\/div><\/div><div class='evocard_row'><div id='event_eventdetails' class='evocard_box eventdetails' data-c='' \n\t\t\t\t\tstyle=''><div class='evo_metarow_details evorow evcal_evdata_row evcal_event_details'>\n\t\t<div class=\"event_excerpt\" style=\"display:none\"><h3 class=\"padb5 evo_h3\">Details zur Veranstaltung<\/h3><p>Gro\u00dfes Fest unter dem Zelt zur Feier des heiligen Bartholom\u00e4us: Messe, Almessen, Musik und Tanz.\nAb 10.00 Uhr f\u00fcr den ganzen Tag.<\/p><\/div><span class='evcal_evdata_icons'><i class='fa fa-align-justify'><\/i><\/span>\n\t\t\n\t\t<div class='evcal_evdata_cell '>\n\t\t\t<div class='eventon_full_description'>\n\t\t\t\t<h3 class='padb5 evo_h3'><span class='evcal_evdata_icons'><i class='fa fa-align-justify'><\/i><\/span>Details zur Veranstaltung<\/h3>\n\t\t\t\t<div class='eventon_desc_in' itemprop='description'>\n\t\t\t\t<p>Gro\u00dfes Fest unter dem Zelt zur Feier des heiligen Bartholom\u00e4us: Messe, Almessen, Musik und Tanz.<br \/>\nAb 10.00 Uhr f\u00fcr den ganzen Tag.<\/p>\n<\/div><div class='clear'><\/div>\n\t\t\t<\/div>\n\t\t<\/div>\n\t<\/div><\/div><\/div><div class='evocard_row bx2 bx'><div id='event_time' class='evocard_box time' data-c='' \n\t\t\t\t\tstyle=''><div class='evo_metarow_time evorow evcal_evdata_row evcal_evrow_sm '>\n\t\t<span class='evcal_evdata_icons'><i class='fa fa-clock'><\/i><\/span>\n\t\t<div class='evcal_evdata_cell'>\t\t\t\t\t\t\t\n\t\t\t<h3 class='evo_h3'><span class='evcal_evdata_icons'><i class='fa fa-clock'><\/i><\/span>Zeitplan<\/h3><p><span class='evo_eventcard_time_t'>23 August 2026 Ganzt\u00e4gig<\/span><span class='evo_tz marr5'>(GMT+02:00)<\/span><\/p>\n\t\t<\/div>\n\t<\/div><\/div><div id='event_location' class='evocard_box location' data-c='' \n\t\t\t\t\tstyle=''><div class='evcal_evdata_row evo_metarow_time_location evorow '>\n\t\t\n\t\t\t<span class='evcal_evdata_icons'><i class='fa fa-map-marker'><\/i><\/span>\n\t\t\t<div class='evcal_evdata_cell' data-loc_tax_id='32'><h3 class='evo_h3 evodfx'><span class='evcal_evdata_icons'><i class='fa fa-map-marker'><\/i><\/span>Ort<\/h3><p class='evo_location_name'>Pampeago<\/p><p class='evo_location_address evodfxi evogap10'>Localit\u00e0 Pampeago, 8, 38038 Tesero TN<\/p><div class='padt10'><span class='evo_btn_arr evolb_trigger' data-lbvals=\"{&quot;lbc&quot;:&quot;evo_location_lb_32&quot;,&quot;lbac&quot;:&quot;lb_max&quot;,&quot;t&quot;:&quot;Pampeago&quot;,&quot;ajax&quot;:&quot;yes&quot;,&quot;ajax_type&quot;:&quot;endpoint&quot;,&quot;ajax_action&quot;:&quot;eventon_get_tax_card_content&quot;,&quot;end&quot;:&quot;client&quot;,&quot;d&quot;:{&quot;lang&quot;:&quot;L2&quot;,&quot;term_id&quot;:32,&quot;tax&quot;:&quot;event_location&quot;,&quot;load_lbcontent&quot;:true},&quot;uid&quot;:&quot;eventon_get_tax_card_content&quot;}\" >Other Events<i class='fa fa-chevron-right'><\/i><\/span><\/div><\/div>\n\t\t\n\t<\/div><\/div><\/div><div class='evocard_row'><div id='event_addtocal' class='evocard_box addtocal' data-c='' \n\t\t\t\t\tstyle=''><div class='evo_metarow_ICS evorow evcal_evdata_row'>\n\t\t\t<span class='evcal_evdata_icons'><i class='fa fa-calendar-o'><\/i><\/span>\n\t\t\t<div class='evcal_evdata_cell'>\n\t\t\t\t<p><a href='https:\/\/latemarium.com\/de\/export-events\/2296_0\/?nonce=7b34e59f7d' class='evo_ics_nCal' title='Zu Ihrem Kalender hinzuf\u00fcgen'>Kalender<\/a><a href='https:\/\/www.google.com\/calendar\/event?action=TEMPLATE&text=Sagra+di+S.Bartolomeo&dates=20260822T220000Z%2F20260823T215900Z&ctz=Europe%2FRome&details=Sagra di S.Bartolomeo&location=Pampeago+Localit%C3%A0+Pampeago%2C+8%2C+38038+Tesero+TN' target='_blank' class='evo_ics_gCal' title='Zu Google Kalender hinzuf\u00fcgen'>GoogleCal<\/a><\/p>\t\n\t\t\t<\/div>\n\t\t<\/div><\/div><\/div><div class='evocard_row'><div id='event_getdirection' class='evocard_box getdirection' data-c='' \n\t\t\t\t\tstyle=''><div class='evo_metarow_getDr evorow evcal_evdata_row evcal_evrow_sm getdirections'>\n\t\t<form action='https:\/\/maps.google.com\/maps' method='get' target='_blank'>\n\t\t\t<input type='hidden' name='daddr' value=\"Localit\u00e0 Pampeago, 8, 38038 Tesero TN\"\/> \n\t\t\t<div class='evo_get_direction_content evo_fx_dr_r evogap10'>\n\t\t\t\t<span class='evogetdir_header evodfx evofx_dr_r evofx_ai_c marr10'>\n\t\t\t\t\t<i class='mainicon fa fa-road'><\/i> \n\t\t\t\t\t<h3 class='evo_h3' style='padding-bottom:5px;'>Wegbeschreibung abrufen<\/h3>\n\t\t\t\t<\/span>\n\t\t\t\t<span class='evogetdir_field evodfx evofx_1_1 evo_fx_dr_c evow100p'>\t\t\t\t\t\n\t\t\t\t\t<input class='evoInput evotac' type='text' name='saddr' placeholder='&quot;Geben Sie die Adresse ein' value='' style='margin:10px 0;'\/>\n\t\t\t\t<\/span>\n\t\t\t\t<button type='submit' class='evo_get_direction_button evo_btn_arr_circ dfx fx_ai_c' title='&quot;Klicken Sie hier'><i class='fa fa-chevron-right'><\/i> <\/button>\n\t\t\t<\/div>\n\t\t<\/form>\n\t<\/div><\/div><\/div><div class='evo_card_row_end evcal_close' title='Schlie\u00dfen'><\/div><\/div><div class='clear end'><\/div><\/div><div id=\"event_2140_14\" class=\"eventon_list_event evo_eventtop scheduled  event clrD no_et event_2140_14\" data-event_id=\"2140\" data-ri=\"14r\" data-time=\"1787475600-1787522340\" data-colr=\"#006290\" itemscope itemtype='http:\/\/schema.org\/Event'><div class=\"evo_event_schema\" style=\"display:none\" ><a itemprop='url'  href='https:\/\/latemarium.com\/de\/events\/wort-von-nikolaus-drache\/var\/ri-14.l-L2'><\/a><meta itemprop='image' content=\"https:\/\/latemarium.com\/wp-content\/uploads\/2023\/06\/foresta-dei-draghi-6.jpg\" \/><meta itemprop='startDate' content=\"2026-8-23T11:00+0:00\" \/><meta itemprop='endDate' content=\"2026-8-23T23:59+0:00\" \/><meta itemprop='eventStatus' content=\"https:\/\/schema.org\/EventScheduled\" \/><meta itemprop='eventAttendanceMode'   itemscope itemtype=\"https:\/\/schema.org\/OfflineEventAttendanceMode\"\/><script type=\"application\/ld+json\">{\"@context\": \"http:\/\/schema.org\",\"@type\": \"Event\",\n\t\t\t\t\"@id\": \"event_2140_14\",\n\t\t\t\t\"eventAttendanceMode\":\"https:\/\/schema.org\/OfflineEventAttendanceMode\",\n\t\t\t\t\"eventStatus\":\"https:\/\/schema.org\/EventScheduled\",\n\t\t\t\t\"name\": \"Wort von Nikolaus Drache\",\n\t\t\t\t\"url\": \"https:\/\/latemarium.com\/de\/events\/wort-von-nikolaus-drache\/var\/ri-14.l-L2\",\n\t\t\t\t\"startDate\": \"2026-8-23T11:00+0:00\",\n\t\t\t\t\"endDate\": \"2026-8-23T23:59+0:00\",\n\t\t\t\t\"image\":\"https:\/\/latemarium.com\/wp-content\/uploads\/2023\/06\/foresta-dei-draghi-6.jpg\", \n\t\t\t\t\"description\":\"<p>Sie springen, sie rennen, sie krabbeln, sie fliegen! Doch\u2026 sie sind nicht leicht zu sehen! Sie wissen sich gut zu verstecken \u2026 die schuppigen Schleicher! Wer sind sie? Aber die Drachen von Latemar! Einen zu treffen, und sei es nur einer, wird ein wunderbares Erlebnis sein! Ein Wort von Nikolaus Drache.<\/p> <p>Immer sonntags umd montags, vom 5. Juli bis zum 24. August 2026<br \/> bei der Bergstation der Gondelbahn Predazzo \u2013 Gardon\u00e8<br \/> um 11.00 und um 14.45 Uhr<br \/> F\u00fcr Familien mit Kindern ab 2 Jahren geeignet (Dauer: 1h30\u2018)<br \/> Vorstellung auf Italienisch<\/p> <p>&nbsp;<\/p> \"}<\/script><\/div>\r\n\t\t\t\t<p class=\"desc_trig_outter\" style=\"\"><a data-gmap_status=\"null\" data-exlk=\"0\" style=\"background-color: #006290;\" id=\"evc_17874756002140\" class=\"hasFtIMG event_repeat desc_trig sin_val evcal_list_a\" data-ux_val=\"3\" data-ux_val_mob=\"-\"  ><span class='evoet_c1 evoet_cx '><span class='ev_ftImg' data-img='https:\/\/latemarium.com\/wp-content\/uploads\/2023\/06\/foresta-dei-draghi-6.jpg' data-thumb='https:\/\/latemarium.com\/wp-content\/uploads\/2023\/06\/foresta-dei-draghi-6-300x200.jpg' style='background-image:url(\"https:\/\/latemarium.com\/wp-content\/uploads\/2023\/06\/foresta-dei-draghi-6-300x200.jpg\")' ><\/span><\/span><span class='evoet_c2 evoet_cx '><span class='evoet_dayblock evcal_cblock ' data-bgcolor='#006290' data-smon='August' data-syr='2026' data-bub=''><span class='evo_start '><em class='date'>23<\/em><em class='month'>Aug<\/em><em class='time'>11:00<\/em><\/span><\/span><\/span><span class='evoet_c3 evoet_cx evcal_desc hide_eventtopdata '><span class='evoet_title evcal_desc2 evcal_event_title ' itemprop='name'>Wort von Nikolaus Drache<\/span><span class='event_location_attrs' data-location_type=\"lonlat\" data-location_name=\"Seilbahn Ankunft Predazzo-Gardon\u00e8\" data-location_url=\"https:\/\/latemarium.com\/de\/event-location\/seilbahn-ankunft-predazzo-gardone\/\" data-location_status=\"true\" data-latlng=\"46.32878794406342,11.600176728690842\"><\/span><span class='evoet_subtitle evo_below_title' ><span class='evcal_event_subtitle ' >DER DRACHENWALD<\/span><\/span><span class='evoet_time_expand level_3'><em class='evcal_time evo_tz_time'><i class='fa fa-clock-o'><\/i>11:00<span class='evo_tz marl5'>(GMT+02:00)<\/span><\/em> <\/span><span class='evoet_location level_3'><em class=\"evcal_location\"  data-latlng=\"46.32878794406342,11.600176728690842\" data-add_str=\"\" data-n=\"Seilbahn Ankunft Predazzo-Gardon\u00e8\"><i class=\"fa fa-location-pin\"><\/i><em class=\"event_location_name\">Seilbahn Ankunft Predazzo-Gardon\u00e8<\/em><\/em><\/span><\/span><span class='evoet_data' data-d=\"{&quot;loc.n&quot;:&quot;Seilbahn Ankunft Predazzo-Gardon\\u00e8&quot;,&quot;orgs&quot;:[],&quot;tags&quot;:{&quot;repeating&quot;:&quot;Repeating Event&quot;}}\" data-bgc=\"#006290\" data-bggrad=\"\" ><\/span><\/a><\/p><div class='event_description evcal_eventcard ' style=\"display:none\"><div class='evocard_row'><div id='event_ftimage' class='evocard_box ftimage' data-c='' \n\t\t\t\t\tstyle=''><div class='evocard_main_image_hold' data-t='Loading Image..'><div class='evocard_main_image evo_img_triglb evobr15 evobgsc evobgpc evodfx evofx_jc_c evofx_ai_c evofz48 minmized' style='height:300px; background-image:url();' data-f=\"https:\/\/latemarium.com\/wp-content\/uploads\/2023\/06\/foresta-dei-draghi-6.jpg\" data-h=\"800\" data-w=\"1200\" data-ratio=\"0.66666666666667\" data-event_id=\"2140\" data-ri=\"14\"  data-t='Loading Image..'><span style='height:300px; background-image:url(https:\/\/latemarium.com\/wp-content\/uploads\/2023\/06\/foresta-dei-draghi-6.jpg)'><\/span><\/div><\/div><\/div><\/div><div class='evocard_row'><div id='event_eventdetails' class='evocard_box eventdetails' data-c='' \n\t\t\t\t\tstyle=''><div class='evo_metarow_details evorow evcal_evdata_row evcal_event_details'>\n\t\t<div class=\"event_excerpt\" style=\"display:none\"><h3 class=\"padb5 evo_h3\">Details zur Veranstaltung<\/h3><p>Sie springen, sie rennen, sie krabbeln, sie fliegen! Doch\u2026 sie sind nicht leicht zu sehen! Sie wissen sich gut zu verstecken \u2026 die schuppigen Schleicher! Wer sind sie? Aber die<\/p><\/div><span class='evcal_evdata_icons'><i class='fa fa-align-justify'><\/i><\/span>\n\t\t\n\t\t<div class='evcal_evdata_cell '>\n\t\t\t<div class='eventon_full_description'>\n\t\t\t\t<h3 class='padb5 evo_h3'><span class='evcal_evdata_icons'><i class='fa fa-align-justify'><\/i><\/span>Details zur Veranstaltung<\/h3>\n\t\t\t\t<div class='eventon_desc_in' itemprop='description'>\n\t\t\t\t<p>Sie springen, sie rennen, sie krabbeln, sie fliegen! Doch\u2026 sie sind nicht leicht zu sehen! Sie wissen sich gut zu verstecken \u2026 die schuppigen Schleicher! Wer sind sie? Aber die Drachen von Latemar! Einen zu treffen, und sei es nur einer, wird ein wunderbares Erlebnis sein! Ein Wort von Nikolaus Drache.<\/p>\n<p>Immer sonntags umd montags, vom 5. Juli bis zum 24. August 2026<br \/>\nbei der Bergstation der Gondelbahn Predazzo \u2013 Gardon\u00e8<br \/>\num 11.00 und um 14.45 Uhr<br \/>\nF\u00fcr Familien mit Kindern ab 2 Jahren geeignet (Dauer: 1h30\u2018)<br \/>\nVorstellung auf Italienisch<\/p>\n<p>&nbsp;<\/p>\n<\/div><div class='clear'><\/div>\n\t\t\t<\/div>\n\t\t<\/div>\n\t<\/div><\/div><\/div><div class='evocard_row bx2 bx'><div id='event_time' class='evocard_box time' data-c='' \n\t\t\t\t\tstyle=''><div class='evo_metarow_time evorow evcal_evdata_row evcal_evrow_sm '>\n\t\t<span class='evcal_evdata_icons'><i class='fa fa-clock'><\/i><\/span>\n\t\t<div class='evcal_evdata_cell'>\t\t\t\t\t\t\t\n\t\t\t<h3 class='evo_h3'><span class='evcal_evdata_icons'><i class='fa fa-clock'><\/i><\/span>Zeitplan<\/h3><p><span class='evo_eventcard_time_t'>23 August 2026 11:00<\/span><span class='evo_tz marr5'>(GMT+02:00)<\/span><\/p>\n\t\t<\/div>\n\t<\/div><\/div><div id='event_location' class='evocard_box location' data-c='' \n\t\t\t\t\tstyle=''><div class='evcal_evdata_row evo_metarow_time_location evorow '>\n\t\t\n\t\t\t<span class='evcal_evdata_icons'><i class='fa fa-map-marker'><\/i><\/span>\n\t\t\t<div class='evcal_evdata_cell' data-loc_tax_id='36'><h3 class='evo_h3 evodfx'><span class='evcal_evdata_icons'><i class='fa fa-map-marker'><\/i><\/span>Ort<\/h3><p class='evo_location_name'>Seilbahn Ankunft Predazzo-Gardon\u00e8<\/p><div class='padt10'><span class='evo_btn_arr evolb_trigger' data-lbvals=\"{&quot;lbc&quot;:&quot;evo_location_lb_36&quot;,&quot;lbac&quot;:&quot;lb_max&quot;,&quot;t&quot;:&quot;Seilbahn Ankunft Predazzo-Gardon\\u00e8&quot;,&quot;ajax&quot;:&quot;yes&quot;,&quot;ajax_type&quot;:&quot;endpoint&quot;,&quot;ajax_action&quot;:&quot;eventon_get_tax_card_content&quot;,&quot;end&quot;:&quot;client&quot;,&quot;d&quot;:{&quot;lang&quot;:&quot;L2&quot;,&quot;term_id&quot;:36,&quot;tax&quot;:&quot;event_location&quot;,&quot;load_lbcontent&quot;:true},&quot;uid&quot;:&quot;eventon_get_tax_card_content&quot;}\" >Other Events<i class='fa fa-chevron-right'><\/i><\/span><\/div><\/div>\n\t\t\n\t<\/div><\/div><\/div><div class='evocard_row bx2 bx'><div id='event_learnmore' class='evocard_box learnmore' data-c='' \n\t\t\t\t\tstyle=''><div class='evo_metarow_learnM evo_metarow_learnmore evorow'>\n\t\t\t\t\t\t\t<a class='evcal_evdata_row evo_clik_row ' href='https:\/\/www.montagnanimata.it\/de\/spektakel\/' target=\"_blank\">\n\t\t\t\t\t\t\t\t<span class='evcal_evdata_icons'><i class='fa fa-link'><\/i><\/span>\n\t\t\t\t\t\t\t\t<h3 class='evo_h3'>Entdecke mehr<\/h3>\n\t\t\t\t\t\t\t<\/a>\n\t\t\t\t\t\t\t<\/div><\/div><div id='event_addtocal' class='evocard_box addtocal' data-c='' \n\t\t\t\t\tstyle=''><div class='evo_metarow_ICS evorow evcal_evdata_row'>\n\t\t\t<span class='evcal_evdata_icons'><i class='fa fa-calendar-o'><\/i><\/span>\n\t\t\t<div class='evcal_evdata_cell'>\n\t\t\t\t<p><a href='https:\/\/latemarium.com\/de\/export-events\/2140_14\/?nonce=7b34e59f7d' class='evo_ics_nCal' title='Zu Ihrem Kalender hinzuf\u00fcgen'>Kalender<\/a><a href='https:\/\/www.google.com\/calendar\/event?action=TEMPLATE&text=Wort+von+Nikolaus+Drache&dates=20260823T090000Z%2F20260823T215900Z&ctz=Europe%2FRome&details=Wort von Nikolaus Drache&location=Seilbahn+Ankunft+Predazzo-Gardon%C3%A8' target='_blank' class='evo_ics_gCal' title='Zu Google Kalender hinzuf\u00fcgen'>GoogleCal<\/a><\/p>\t\n\t\t\t<\/div>\n\t\t<\/div><\/div><\/div><div class='evocard_row'><div id='event_getdirection' class='evocard_box getdirection' data-c='' \n\t\t\t\t\tstyle=''><div class='evo_metarow_getDr evorow evcal_evdata_row evcal_evrow_sm getdirections'>\n\t\t<form action='https:\/\/maps.google.com\/maps' method='get' target='_blank'>\n\t\t\t<input type='hidden' name='daddr' value=\"46.32878794406342,11.600176728690842\"\/> \n\t\t\t<div class='evo_get_direction_content evo_fx_dr_r evogap10'>\n\t\t\t\t<span class='evogetdir_header evodfx evofx_dr_r evofx_ai_c marr10'>\n\t\t\t\t\t<i class='mainicon fa fa-road'><\/i> \n\t\t\t\t\t<h3 class='evo_h3' style='padding-bottom:5px;'>Wegbeschreibung abrufen<\/h3>\n\t\t\t\t<\/span>\n\t\t\t\t<span class='evogetdir_field evodfx evofx_1_1 evo_fx_dr_c evow100p'>\t\t\t\t\t\n\t\t\t\t\t<input class='evoInput evotac' type='text' name='saddr' placeholder='&quot;Geben Sie die Adresse ein' value='' style='margin:10px 0;'\/>\n\t\t\t\t<\/span>\n\t\t\t\t<button type='submit' class='evo_get_direction_button evo_btn_arr_circ dfx fx_ai_c' title='&quot;Klicken Sie hier'><i class='fa fa-chevron-right'><\/i> <\/button>\n\t\t\t<\/div>\n\t\t<\/form>\n\t<\/div><\/div><\/div><div class='evo_card_row_end evcal_close' title='Schlie\u00dfen'><\/div><\/div><div class='clear end'><\/div><\/div><div id=\"event_2154_17\" class=\"eventon_list_event evo_eventtop scheduled  event clrW no_et event_2154_17\" data-event_id=\"2154\" data-ri=\"17r\" data-time=\"1787491200-1787522340\" data-colr=\"#b8d989\" itemscope itemtype='http:\/\/schema.org\/Event'><div class=\"evo_event_schema\" style=\"display:none\" ><a itemprop='url'  href='https:\/\/latemarium.com\/de\/events\/die-geraeusche-und-das-leben-der-malga\/var\/ri-17.l-L2'><\/a><meta itemprop='image' content=\"https:\/\/latemarium.com\/wp-content\/uploads\/2023\/06\/suoni-vita-malga.jpg\" \/><meta itemprop='startDate' content=\"2026-8-23T15:20+0:00\" \/><meta itemprop='endDate' content=\"2026-8-23T23:59+0:00\" \/><meta itemprop='eventStatus' content=\"https:\/\/schema.org\/EventScheduled\" \/><meta itemprop='eventAttendanceMode'   itemscope itemtype=\"https:\/\/schema.org\/OfflineEventAttendanceMode\"\/><div style=\"display:none\" itemprop=\"location\" itemscope itemtype=\"http:\/\/schema.org\/Place\"><span itemprop=\"name\">Pampeago<\/span><span itemprop=\"address\" itemscope itemtype=\"http:\/\/schema.org\/PostalAddress\"><item itemprop=\"streetAddress\">Localit\u00e0 Pampeago, 8, 38038 Tesero TN<\/item><\/span><\/div><script type=\"application\/ld+json\">{\"@context\": \"http:\/\/schema.org\",\"@type\": \"Event\",\n\t\t\t\t\"@id\": \"event_2154_17\",\n\t\t\t\t\"eventAttendanceMode\":\"https:\/\/schema.org\/OfflineEventAttendanceMode\",\n\t\t\t\t\"eventStatus\":\"https:\/\/schema.org\/EventScheduled\",\n\t\t\t\t\"name\": \"Die Ger\u00e4usche und das Leben der Malga\",\n\t\t\t\t\"url\": \"https:\/\/latemarium.com\/de\/events\/die-geraeusche-und-das-leben-der-malga\/var\/ri-17.l-L2\",\n\t\t\t\t\"startDate\": \"2026-8-23T15:20+0:00\",\n\t\t\t\t\"endDate\": \"2026-8-23T23:59+0:00\",\n\t\t\t\t\"image\":\"https:\/\/latemarium.com\/wp-content\/uploads\/2023\/06\/suoni-vita-malga.jpg\", \n\t\t\t\t\"description\":\"<p>Treffpunkt am Parkplatz des Tresca-Sessellifts (mit dem Auto von Pampeago erreichbar &#8211; NUR f\u00fcr diejenigen, die die Aktivit\u00e4t buchen).<\/p> <p>Nach einem kurzen Spaziergang zur Malga Pampeago entdecken Kinder und Eltern zwischen K\u00fchen, K\u00e4lbern, Eseln und Schweinen den Alltag und die Ger\u00e4usche, die das Leben der Hirten pr\u00e4gen.<\/p> <p>Am Ende der Aktivit\u00e4t gibt es einen kleinen Snack, den die Kinder genie\u00dfen oder mit nach Hause nehmen k\u00f6nnen.<\/p> <p>Aktivit\u00e4t auch mit Kinderwagen m\u00f6glich. <a href='https:\/\/www.visitfiemme.it\/de\/veranstaltungen\/fiemme-cembra-guest-card\/erlebnisse\/erlebnisse-sommer' target='_blank' rel='noopener'>Reservierung erforderlich<\/a>.<\/p> \",\"location\":[{\"@type\":\"Place\",\"name\":\"Pampeago\",\"address\":{\"@type\": \"PostalAddress\",\"streetAddress\":\"Localit\u00e0 Pampeago, 8, 38038 Tesero TN\"}}]}<\/script><\/div>\r\n\t\t\t\t<p class=\"desc_trig_outter\" style=\"\"><a data-gmap_status=\"null\" data-exlk=\"0\" style=\"background-color: #b8d989;\" id=\"evc_17874912002154\" class=\"hasFtIMG event_repeat desc_trig sin_val evcal_list_a\" data-ux_val=\"3\" data-ux_val_mob=\"-\"  ><span class='evoet_c1 evoet_cx '><span class='ev_ftImg' data-img='https:\/\/latemarium.com\/wp-content\/uploads\/2023\/06\/suoni-vita-malga.jpg' data-thumb='https:\/\/latemarium.com\/wp-content\/uploads\/2023\/06\/suoni-vita-malga-300x225.jpg' style='background-image:url(\"https:\/\/latemarium.com\/wp-content\/uploads\/2023\/06\/suoni-vita-malga-300x225.jpg\")' ><\/span><\/span><span class='evoet_c2 evoet_cx '><span class='evoet_dayblock evcal_cblock ' data-bgcolor='#b8d989' data-smon='August' data-syr='2026' data-bub=''><span class='evo_start '><em class='date'>23<\/em><em class='month'>Aug<\/em><em class='time'>15:20<\/em><\/span><\/span><\/span><span class='evoet_c3 evoet_cx evcal_desc hide_eventtopdata '><span class='evoet_title evcal_desc2 evcal_event_title ' itemprop='name'>Die Ger\u00e4usche und das Leben der Malga<\/span><span class='event_location_attrs'  data-location_address=\"Localit\u00e0 Pampeago, 8, 38038 Tesero TN\" data-location_type=\"lonlat\" data-location_name=\"Pampeago\" data-location_url=\"https:\/\/latemarium.com\/de\/event-location\/pampeago-de\/\" data-location_status=\"true\" data-latlng=\"46.34343697644898,11.540997527961546\"><\/span><span class='evoet_subtitle evo_below_title' ><\/span><span class='evoet_time_expand level_3'><em class='evcal_time evo_tz_time'><i class='fa fa-clock-o'><\/i>15:20<span class='evo_tz marl5'>(GMT+02:00)<\/span><\/em> <\/span><span class='evoet_location level_3'><em class=\"evcal_location\"  data-latlng=\"46.34343697644898,11.540997527961546\" data-add_str=\"Localit\u00e0 Pampeago, 8, 38038 Tesero TN\" data-n=\"Pampeago\"><i class=\"fa fa-location-pin\"><\/i><em class=\"event_location_name\">Pampeago<\/em>, Localit\u00e0 Pampeago, 8, 38038 Tesero TN<\/em><\/span><\/span><span class='evoet_data' data-d=\"{&quot;loc.n&quot;:&quot;Pampeago&quot;,&quot;orgs&quot;:[],&quot;tags&quot;:{&quot;repeating&quot;:&quot;Repeating Event&quot;}}\" data-bgc=\"#b8d989\" data-bggrad=\"\" ><\/span><\/a><\/p><div class='event_description evcal_eventcard ' style=\"display:none\"><div class='evocard_row'><div id='event_ftimage' class='evocard_box ftimage' data-c='' \n\t\t\t\t\tstyle=''><div class='evocard_main_image_hold' data-t='Loading Image..'><div class='evocard_main_image evo_img_triglb evobr15 evobgsc evobgpc evodfx evofx_jc_c evofx_ai_c evofz48 minmized' style='height:300px; background-image:url();' data-f=\"https:\/\/latemarium.com\/wp-content\/uploads\/2023\/06\/suoni-vita-malga.jpg\" data-h=\"796\" data-w=\"1062\" data-ratio=\"0.74952919020716\" data-event_id=\"2154\" data-ri=\"17\"  data-t='Loading Image..'><span style='height:300px; background-image:url(https:\/\/latemarium.com\/wp-content\/uploads\/2023\/06\/suoni-vita-malga.jpg)'><\/span><\/div><\/div><\/div><\/div><div class='evocard_row'><div id='event_eventdetails' class='evocard_box eventdetails' data-c='' \n\t\t\t\t\tstyle=''><div class='evo_metarow_details evorow evcal_evdata_row evcal_event_details'>\n\t\t<div class=\"event_excerpt\" style=\"display:none\"><h3 class=\"padb5 evo_h3\">Details zur Veranstaltung<\/h3><p>Treffpunkt am Parkplatz des Tresca-Sessellifts (mit dem Auto von Pampeago erreichbar &#8211; NUR f\u00fcr diejenigen, die die Aktivit\u00e4t buchen).\nNach einem kurzen Spaziergang zur Malga Pampeago entdecken Kinder und Eltern zwischen<\/p><\/div><span class='evcal_evdata_icons'><i class='fa fa-align-justify'><\/i><\/span>\n\t\t\n\t\t<div class='evcal_evdata_cell shorter_desc'>\n\t\t\t<div class='eventon_full_description'>\n\t\t\t\t<h3 class='padb5 evo_h3'><span class='evcal_evdata_icons'><i class='fa fa-align-justify'><\/i><\/span>Details zur Veranstaltung<\/h3>\n\t\t\t\t<div class='eventon_desc_in' itemprop='description'>\n\t\t\t\t<p>Treffpunkt am Parkplatz des Tresca-Sessellifts (mit dem Auto von Pampeago erreichbar &#8211; NUR f\u00fcr diejenigen, die die Aktivit\u00e4t buchen).<\/p>\n<p>Nach einem kurzen Spaziergang zur Malga Pampeago entdecken Kinder und Eltern zwischen K\u00fchen, K\u00e4lbern, Eseln und Schweinen den Alltag und die Ger\u00e4usche, die das Leben der Hirten pr\u00e4gen.<\/p>\n<p>Am Ende der Aktivit\u00e4t gibt es einen kleinen Snack, den die Kinder genie\u00dfen oder mit nach Hause nehmen k\u00f6nnen.<\/p>\n<p>Aktivit\u00e4t auch mit Kinderwagen m\u00f6glich. <a href=\"https:\/\/www.visitfiemme.it\/de\/veranstaltungen\/fiemme-cembra-guest-card\/erlebnisse\/erlebnisse-sommer\" target=\"_blank\" rel=\"noopener\">Reservierung erforderlich<\/a>.<\/p>\n<\/div><p class='eventon_shad_p' style='padding:5px 0 0; margin:0'>\n\t\t\t<span class='evcal_btn evo_btn_secondary evobtn_details_show_more' content='less'>\n\t\t\t\t<span class='ev_more_text' data-txt='Weniger'>Mehr<\/span><span class='ev_more_arrow ard'><\/span>\n\t\t\t<\/span>\n\t\t<\/p><div class='clear'><\/div>\n\t\t\t<\/div>\n\t\t<\/div>\n\t<\/div><\/div><\/div><div class='evocard_row bx2 bx'><div id='event_time' class='evocard_box time' data-c='' \n\t\t\t\t\tstyle=''><div class='evo_metarow_time evorow evcal_evdata_row evcal_evrow_sm '>\n\t\t<span class='evcal_evdata_icons'><i class='fa fa-clock'><\/i><\/span>\n\t\t<div class='evcal_evdata_cell'>\t\t\t\t\t\t\t\n\t\t\t<h3 class='evo_h3'><span class='evcal_evdata_icons'><i class='fa fa-clock'><\/i><\/span>Zeitplan<\/h3><p><span class='evo_eventcard_time_t'>23 August 2026 15:20<\/span><span class='evo_tz marr5'>(GMT+02:00)<\/span><\/p>\n\t\t<\/div>\n\t<\/div><\/div><div id='event_location' class='evocard_box location' data-c='' \n\t\t\t\t\tstyle=''><div class='evcal_evdata_row evo_metarow_time_location evorow '>\n\t\t\n\t\t\t<span class='evcal_evdata_icons'><i class='fa fa-map-marker'><\/i><\/span>\n\t\t\t<div class='evcal_evdata_cell' data-loc_tax_id='32'><h3 class='evo_h3 evodfx'><span class='evcal_evdata_icons'><i class='fa fa-map-marker'><\/i><\/span>Ort<\/h3><p class='evo_location_name'>Pampeago<\/p><p class='evo_location_address evodfxi evogap10'>Localit\u00e0 Pampeago, 8, 38038 Tesero TN<\/p><div class='padt10'><span class='evo_btn_arr evolb_trigger' data-lbvals=\"{&quot;lbc&quot;:&quot;evo_location_lb_32&quot;,&quot;lbac&quot;:&quot;lb_max&quot;,&quot;t&quot;:&quot;Pampeago&quot;,&quot;ajax&quot;:&quot;yes&quot;,&quot;ajax_type&quot;:&quot;endpoint&quot;,&quot;ajax_action&quot;:&quot;eventon_get_tax_card_content&quot;,&quot;end&quot;:&quot;client&quot;,&quot;d&quot;:{&quot;lang&quot;:&quot;L2&quot;,&quot;term_id&quot;:32,&quot;tax&quot;:&quot;event_location&quot;,&quot;load_lbcontent&quot;:true},&quot;uid&quot;:&quot;eventon_get_tax_card_content&quot;}\" >Other Events<i class='fa fa-chevron-right'><\/i><\/span><\/div><\/div>\n\t\t\n\t<\/div><\/div><\/div><div class='evocard_row'><div id='event_addtocal' class='evocard_box addtocal' data-c='' \n\t\t\t\t\tstyle=''><div class='evo_metarow_ICS evorow evcal_evdata_row'>\n\t\t\t<span class='evcal_evdata_icons'><i class='fa fa-calendar-o'><\/i><\/span>\n\t\t\t<div class='evcal_evdata_cell'>\n\t\t\t\t<p><a href='https:\/\/latemarium.com\/de\/export-events\/2154_17\/?nonce=7b34e59f7d' class='evo_ics_nCal' title='Zu Ihrem Kalender hinzuf\u00fcgen'>Kalender<\/a><a href='https:\/\/www.google.com\/calendar\/event?action=TEMPLATE&text=Die+Ger%C3%A4usche+und+das+Leben+der+Malga&dates=20260823T132000Z%2F20260823T215900Z&ctz=Europe%2FRome&details=Die Ger\u00e4usche und das Leben der Malga&location=Pampeago+Localit%C3%A0+Pampeago%2C+8%2C+38038+Tesero+TN' target='_blank' class='evo_ics_gCal' title='Zu Google Kalender hinzuf\u00fcgen'>GoogleCal<\/a><\/p>\t\n\t\t\t<\/div>\n\t\t<\/div><\/div><\/div><div class='evocard_row'><div id='event_getdirection' class='evocard_box getdirection' data-c='' \n\t\t\t\t\tstyle=''><div class='evo_metarow_getDr evorow evcal_evdata_row evcal_evrow_sm getdirections'>\n\t\t<form action='https:\/\/maps.google.com\/maps' method='get' target='_blank'>\n\t\t\t<input type='hidden' name='daddr' value=\"Localit\u00e0 Pampeago, 8, 38038 Tesero TN\"\/> \n\t\t\t<div class='evo_get_direction_content evo_fx_dr_r evogap10'>\n\t\t\t\t<span class='evogetdir_header evodfx evofx_dr_r evofx_ai_c marr10'>\n\t\t\t\t\t<i class='mainicon fa fa-road'><\/i> \n\t\t\t\t\t<h3 class='evo_h3' style='padding-bottom:5px;'>Wegbeschreibung abrufen<\/h3>\n\t\t\t\t<\/span>\n\t\t\t\t<span class='evogetdir_field evodfx evofx_1_1 evo_fx_dr_c evow100p'>\t\t\t\t\t\n\t\t\t\t\t<input class='evoInput evotac' type='text' name='saddr' placeholder='&quot;Geben Sie die Adresse ein' value='' style='margin:10px 0;'\/>\n\t\t\t\t<\/span>\n\t\t\t\t<button type='submit' class='evo_get_direction_button evo_btn_arr_circ dfx fx_ai_c' title='&quot;Klicken Sie hier'><i class='fa fa-chevron-right'><\/i> <\/button>\n\t\t\t<\/div>\n\t\t<\/form>\n\t<\/div><\/div><\/div><div class='evo_card_row_end evcal_close' title='Schlie\u00dfen'><\/div><\/div><div class='clear end'><\/div><\/div><div id=\"event_2116_8\" class=\"eventon_list_event evo_eventtop scheduled  event clrW no_et event_2116_8\" data-event_id=\"2116\" data-ri=\"8r\" data-time=\"1787556600-1787608740\" data-colr=\"#ffa024\" itemscope itemtype='http:\/\/schema.org\/Event'><div class=\"evo_event_schema\" style=\"display:none\" ><a itemprop='url'  href='https:\/\/latemarium.com\/de\/events\/geotrekking-monte-agnello\/var\/ri-8.l-L2'><\/a><meta itemprop='image' content=\"https:\/\/latemarium.com\/wp-content\/uploads\/2023\/06\/geotrail-monte-agnello.jpg\" \/><meta itemprop='startDate' content=\"2026-8-24T09:30+0:00\" \/><meta itemprop='endDate' content=\"2026-8-24T23:59+0:00\" \/><meta itemprop='eventStatus' content=\"https:\/\/schema.org\/EventScheduled\" \/><meta itemprop='eventAttendanceMode'   itemscope itemtype=\"https:\/\/schema.org\/OfflineEventAttendanceMode\"\/><div style=\"display:none\" itemprop=\"location\" itemscope itemtype=\"http:\/\/schema.org\/Place\"><span itemprop=\"name\">Bergh\u00fctte Monte Agnello<\/span><span itemprop=\"address\" itemscope itemtype=\"http:\/\/schema.org\/PostalAddress\"><item itemprop=\"streetAddress\">Loc. Pampeago, 9, 38038 Tesero TN<\/item><\/span><\/div><script type=\"application\/ld+json\">{\"@context\": \"http:\/\/schema.org\",\"@type\": \"Event\",\n\t\t\t\t\"@id\": \"event_2116_8\",\n\t\t\t\t\"eventAttendanceMode\":\"https:\/\/schema.org\/OfflineEventAttendanceMode\",\n\t\t\t\t\"eventStatus\":\"https:\/\/schema.org\/EventScheduled\",\n\t\t\t\t\"name\": \"Geotrekking Monte Agnello\",\n\t\t\t\t\"url\": \"https:\/\/latemarium.com\/de\/events\/geotrekking-monte-agnello\/var\/ri-8.l-L2\",\n\t\t\t\t\"startDate\": \"2026-8-24T09:30+0:00\",\n\t\t\t\t\"endDate\": \"2026-8-24T23:59+0:00\",\n\t\t\t\t\"image\":\"https:\/\/latemarium.com\/wp-content\/uploads\/2023\/06\/geotrail-monte-agnello.jpg\", \n\t\t\t\t\"description\":\"<p>Malerische geologische Route zur Entdeckung des antiken Vulkans Predazzo, gef\u00fchrt von einem erfahrenen Geologen und Medienbergf\u00fchrer.<\/p> <p>Ein Spaziergang auf den Spuren des Trias-Pompeji von Monte Agnello, wo Lava, Asche und Lapilli ein altes tropisches Atoll begruben.<\/p> <p>Die Route ist einfach, mit gut begehbaren Wegen, H\u00f6henunterschied ca. 350 Meter. Kostenlose Aktivit\u00e4t.<\/p> \",\"location\":[{\"@type\":\"Place\",\"name\":\"Bergh\u00fctte Monte Agnello\",\"address\":{\"@type\": \"PostalAddress\",\"streetAddress\":\"Loc. Pampeago, 9, 38038 Tesero TN\"}}]}<\/script><\/div>\r\n\t\t\t\t<p class=\"desc_trig_outter\" style=\"\"><a data-gmap_status=\"null\" data-exlk=\"0\" style=\"background-color: #ffa024;\" id=\"evc_17875566002116\" class=\"hasFtIMG event_repeat desc_trig sin_val evcal_list_a\" data-ux_val=\"3\" data-ux_val_mob=\"-\"  ><span class='evoet_c1 evoet_cx '><span class='ev_ftImg' data-img='https:\/\/latemarium.com\/wp-content\/uploads\/2023\/06\/geotrail-monte-agnello.jpg' data-thumb='https:\/\/latemarium.com\/wp-content\/uploads\/2023\/06\/geotrail-monte-agnello-300x240.jpg' style='background-image:url(\"https:\/\/latemarium.com\/wp-content\/uploads\/2023\/06\/geotrail-monte-agnello-300x240.jpg\")' ><\/span><\/span><span class='evoet_c2 evoet_cx '><span class='evoet_dayblock evcal_cblock ' data-bgcolor='#ffa024' data-smon='August' data-syr='2026' data-bub=''><span class='evo_start '><em class='date'>24<\/em><em class='month'>Aug<\/em><em class='time'>09:30<\/em><\/span><\/span><\/span><span class='evoet_c3 evoet_cx evcal_desc hide_eventtopdata '><span class='evoet_title evcal_desc2 evcal_event_title ' itemprop='name'>Geotrekking Monte Agnello<\/span><span class='event_location_attrs'  data-location_address=\"Loc. Pampeago, 9, 38038 Tesero TN\" data-location_type=\"lonlat\" data-location_name=\"Bergh\u00fctte Monte Agnello\" data-location_url=\"https:\/\/latemarium.com\/de\/event-location\/berghuette-monte-agnello\/\" data-location_status=\"true\" data-latlng=\"46.333809095680266,11.547693182509184\"><\/span><span class='evoet_subtitle evo_below_title' ><span class='evcal_event_subtitle ' >Geologische Route zur Entdeckung des antiken Vulkans Predazzo<\/span><\/span><span class='evoet_time_expand level_3'><em class='evcal_time evo_tz_time'><i class='fa fa-clock-o'><\/i>09:30<span class='evo_tz marl5'>(GMT+02:00)<\/span><\/em> <\/span><span class='evoet_location level_3'><em class=\"evcal_location\"  data-latlng=\"46.333809095680266,11.547693182509184\" data-add_str=\"Loc. Pampeago, 9, 38038 Tesero TN\" data-n=\"Bergh\u00fctte Monte Agnello\"><i class=\"fa fa-location-pin\"><\/i><em class=\"event_location_name\">Bergh\u00fctte Monte Agnello<\/em>, Loc. Pampeago, 9, 38038 Tesero TN<\/em><\/span><\/span><span class='evoet_data' data-d=\"{&quot;loc.n&quot;:&quot;Bergh\\u00fctte Monte Agnello&quot;,&quot;orgs&quot;:[],&quot;tags&quot;:{&quot;repeating&quot;:&quot;Repeating Event&quot;}}\" data-bgc=\"#ffa024\" data-bggrad=\"\" ><\/span><\/a><\/p><div class='event_description evcal_eventcard ' style=\"display:none\"><div class='evocard_row'><div id='event_ftimage' class='evocard_box ftimage' data-c='' \n\t\t\t\t\tstyle=''><div class='evocard_main_image_hold' data-t='Loading Image..'><div class='evocard_main_image evo_img_triglb evobr15 evobgsc evobgpc evodfx evofx_jc_c evofx_ai_c evofz48 minmized' style='height:300px; background-image:url();' data-f=\"https:\/\/latemarium.com\/wp-content\/uploads\/2023\/06\/geotrail-monte-agnello.jpg\" data-h=\"528\" data-w=\"661\" data-ratio=\"0.79878971255673\" data-event_id=\"2116\" data-ri=\"8\"  data-t='Loading Image..'><span style='height:300px; background-image:url(https:\/\/latemarium.com\/wp-content\/uploads\/2023\/06\/geotrail-monte-agnello.jpg)'><\/span><\/div><\/div><\/div><\/div><div class='evocard_row'><div id='event_eventdetails' class='evocard_box eventdetails' data-c='' \n\t\t\t\t\tstyle=''><div class='evo_metarow_details evorow evcal_evdata_row evcal_event_details'>\n\t\t<div class=\"event_excerpt\" style=\"display:none\"><h3 class=\"padb5 evo_h3\">Details zur Veranstaltung<\/h3><p>Malerische geologische Route zur Entdeckung des antiken Vulkans Predazzo, gef\u00fchrt von einem erfahrenen Geologen und Medienbergf\u00fchrer.\nEin Spaziergang auf den Spuren des Trias-Pompeji von Monte Agnello, wo Lava, Asche und Lapilli<\/p><\/div><span class='evcal_evdata_icons'><i class='fa fa-align-justify'><\/i><\/span>\n\t\t\n\t\t<div class='evcal_evdata_cell '>\n\t\t\t<div class='eventon_full_description'>\n\t\t\t\t<h3 class='padb5 evo_h3'><span class='evcal_evdata_icons'><i class='fa fa-align-justify'><\/i><\/span>Details zur Veranstaltung<\/h3>\n\t\t\t\t<div class='eventon_desc_in' itemprop='description'>\n\t\t\t\t<p>Malerische geologische Route zur Entdeckung des antiken Vulkans Predazzo, gef\u00fchrt von einem erfahrenen Geologen und Medienbergf\u00fchrer.<\/p>\n<p>Ein Spaziergang auf den Spuren des Trias-Pompeji von Monte Agnello, wo Lava, Asche und Lapilli ein altes tropisches Atoll begruben.<\/p>\n<p>Die Route ist einfach, mit gut begehbaren Wegen, H\u00f6henunterschied ca. 350 Meter. Kostenlose Aktivit\u00e4t.<\/p>\n<\/div><div class='clear'><\/div>\n\t\t\t<\/div>\n\t\t<\/div>\n\t<\/div><\/div><\/div><div class='evocard_row bx2 bx'><div id='event_time' class='evocard_box time' data-c='' \n\t\t\t\t\tstyle=''><div class='evo_metarow_time evorow evcal_evdata_row evcal_evrow_sm '>\n\t\t<span class='evcal_evdata_icons'><i class='fa fa-clock'><\/i><\/span>\n\t\t<div class='evcal_evdata_cell'>\t\t\t\t\t\t\t\n\t\t\t<h3 class='evo_h3'><span class='evcal_evdata_icons'><i class='fa fa-clock'><\/i><\/span>Zeitplan<\/h3><p><span class='evo_eventcard_time_t'>24 August 2026 09:30<\/span><span class='evo_tz marr5'>(GMT+02:00)<\/span><\/p>\n\t\t<\/div>\n\t<\/div><\/div><div id='event_location' class='evocard_box location' data-c='' \n\t\t\t\t\tstyle=''><div class='evcal_evdata_row evo_metarow_time_location evorow '>\n\t\t\n\t\t\t<span class='evcal_evdata_icons'><i class='fa fa-map-marker'><\/i><\/span>\n\t\t\t<div class='evcal_evdata_cell' data-loc_tax_id='25'><h3 class='evo_h3 evodfx'><span class='evcal_evdata_icons'><i class='fa fa-map-marker'><\/i><\/span><a target=\"_blank\" href=\"https:\/\/www.facebook.com\/profile.php?id=100064742944609\">Ort<\/a><\/h3><p class='evo_location_name'><a target=\"_blank\" href=\"https:\/\/www.facebook.com\/profile.php?id=100064742944609\">Bergh\u00fctte Monte Agnello<\/a><\/p><p class='evo_location_address evodfxi evogap10'><a target=\"_blank\" href=\"https:\/\/www.facebook.com\/profile.php?id=100064742944609\">Loc. Pampeago, 9, 38038 Tesero TN<\/a><\/p><div class='padt10'><span class='evo_btn_arr evolb_trigger' data-lbvals=\"{&quot;lbc&quot;:&quot;evo_location_lb_25&quot;,&quot;lbac&quot;:&quot;lb_max&quot;,&quot;t&quot;:&quot;Bergh\\u00fctte Monte Agnello&quot;,&quot;ajax&quot;:&quot;yes&quot;,&quot;ajax_type&quot;:&quot;endpoint&quot;,&quot;ajax_action&quot;:&quot;eventon_get_tax_card_content&quot;,&quot;end&quot;:&quot;client&quot;,&quot;d&quot;:{&quot;lang&quot;:&quot;L2&quot;,&quot;term_id&quot;:25,&quot;tax&quot;:&quot;event_location&quot;,&quot;load_lbcontent&quot;:true},&quot;uid&quot;:&quot;eventon_get_tax_card_content&quot;}\" >Other Events<i class='fa fa-chevron-right'><\/i><\/span><\/div><\/div>\n\t\t\n\t<\/div><\/div><\/div><div class='evocard_row bx2 bx'><div id='event_learnmore' class='evocard_box learnmore' data-c='' \n\t\t\t\t\tstyle=''><div class='evo_metarow_learnM evo_metarow_learnmore evorow'>\n\t\t\t\t\t\t\t<a class='evcal_evdata_row evo_clik_row ' href='https:\/\/latemarium.com\/de\/excursions\/detail\/geotrail-monte-agnello\/' target=\"_blank\">\n\t\t\t\t\t\t\t\t<span class='evcal_evdata_icons'><i class='fa fa-link'><\/i><\/span>\n\t\t\t\t\t\t\t\t<h3 class='evo_h3'>Entdecke mehr<\/h3>\n\t\t\t\t\t\t\t<\/a>\n\t\t\t\t\t\t\t<\/div><\/div><div id='event_addtocal' class='evocard_box addtocal' data-c='' \n\t\t\t\t\tstyle=''><div class='evo_metarow_ICS evorow evcal_evdata_row'>\n\t\t\t<span class='evcal_evdata_icons'><i class='fa fa-calendar-o'><\/i><\/span>\n\t\t\t<div class='evcal_evdata_cell'>\n\t\t\t\t<p><a href='https:\/\/latemarium.com\/de\/export-events\/2116_8\/?nonce=7b34e59f7d' class='evo_ics_nCal' title='Zu Ihrem Kalender hinzuf\u00fcgen'>Kalender<\/a><a href='https:\/\/www.google.com\/calendar\/event?action=TEMPLATE&text=Geotrekking+Monte+Agnello&dates=20260824T073000Z%2F20260824T215900Z&ctz=Europe%2FRome&details=Geotrekking Monte Agnello&location=Bergh%C3%BCtte+Monte+Agnello+Loc.+Pampeago%2C+9%2C+38038+Tesero+TN' target='_blank' class='evo_ics_gCal' title='Zu Google Kalender hinzuf\u00fcgen'>GoogleCal<\/a><\/p>\t\n\t\t\t<\/div>\n\t\t<\/div><\/div><\/div><div class='evocard_row'><div id='event_getdirection' class='evocard_box getdirection' data-c='' \n\t\t\t\t\tstyle=''><div class='evo_metarow_getDr evorow evcal_evdata_row evcal_evrow_sm getdirections'>\n\t\t<form action='https:\/\/maps.google.com\/maps' method='get' target='_blank'>\n\t\t\t<input type='hidden' name='daddr' value=\"46.333809095680266,11.547693182509184\"\/> \n\t\t\t<div class='evo_get_direction_content evo_fx_dr_r evogap10'>\n\t\t\t\t<span class='evogetdir_header evodfx evofx_dr_r evofx_ai_c marr10'>\n\t\t\t\t\t<i class='mainicon fa fa-road'><\/i> \n\t\t\t\t\t<h3 class='evo_h3' style='padding-bottom:5px;'>Wegbeschreibung abrufen<\/h3>\n\t\t\t\t<\/span>\n\t\t\t\t<span class='evogetdir_field evodfx evofx_1_1 evo_fx_dr_c evow100p'>\t\t\t\t\t\n\t\t\t\t\t<input class='evoInput evotac' type='text' name='saddr' placeholder='&quot;Geben Sie die Adresse ein' value='' style='margin:10px 0;'\/>\n\t\t\t\t<\/span>\n\t\t\t\t<button type='submit' class='evo_get_direction_button evo_btn_arr_circ dfx fx_ai_c' title='&quot;Klicken Sie hier'><i class='fa fa-chevron-right'><\/i> <\/button>\n\t\t\t<\/div>\n\t\t<\/form>\n\t<\/div><\/div><\/div><div class='evo_card_row_end evcal_close' title='Schlie\u00dfen'><\/div><\/div><div class='clear end'><\/div><\/div><div id=\"event_2140_15\" class=\"eventon_list_event evo_eventtop scheduled  event clrD no_et event_2140_15\" data-event_id=\"2140\" data-ri=\"15r\" data-time=\"1787562000-1787605200\" data-colr=\"#006290\" itemscope itemtype='http:\/\/schema.org\/Event'><div class=\"evo_event_schema\" style=\"display:none\" ><a itemprop='url'  href='https:\/\/latemarium.com\/de\/events\/wort-von-nikolaus-drache\/var\/ri-15.l-L2'><\/a><meta itemprop='image' content=\"https:\/\/latemarium.com\/wp-content\/uploads\/2023\/06\/foresta-dei-draghi-6.jpg\" \/><meta itemprop='startDate' content=\"2026-8-24T11:00+0:00\" \/><meta itemprop='endDate' content=\"2026-8-24T23:00+0:00\" \/><meta itemprop='eventStatus' content=\"https:\/\/schema.org\/EventScheduled\" \/><meta itemprop='eventAttendanceMode'   itemscope itemtype=\"https:\/\/schema.org\/OfflineEventAttendanceMode\"\/><script type=\"application\/ld+json\">{\"@context\": \"http:\/\/schema.org\",\"@type\": \"Event\",\n\t\t\t\t\"@id\": \"event_2140_15\",\n\t\t\t\t\"eventAttendanceMode\":\"https:\/\/schema.org\/OfflineEventAttendanceMode\",\n\t\t\t\t\"eventStatus\":\"https:\/\/schema.org\/EventScheduled\",\n\t\t\t\t\"name\": \"Wort von Nikolaus Drache\",\n\t\t\t\t\"url\": \"https:\/\/latemarium.com\/de\/events\/wort-von-nikolaus-drache\/var\/ri-15.l-L2\",\n\t\t\t\t\"startDate\": \"2026-8-24T11:00+0:00\",\n\t\t\t\t\"endDate\": \"2026-8-24T23:00+0:00\",\n\t\t\t\t\"image\":\"https:\/\/latemarium.com\/wp-content\/uploads\/2023\/06\/foresta-dei-draghi-6.jpg\", \n\t\t\t\t\"description\":\"<p>Sie springen, sie rennen, sie krabbeln, sie fliegen! Doch\u2026 sie sind nicht leicht zu sehen! Sie wissen sich gut zu verstecken \u2026 die schuppigen Schleicher! Wer sind sie? Aber die Drachen von Latemar! Einen zu treffen, und sei es nur einer, wird ein wunderbares Erlebnis sein! Ein Wort von Nikolaus Drache.<\/p> <p>Immer sonntags umd montags, vom 5. Juli bis zum 24. August 2026<br \/> bei der Bergstation der Gondelbahn Predazzo \u2013 Gardon\u00e8<br \/> um 11.00 und um 14.45 Uhr<br \/> F\u00fcr Familien mit Kindern ab 2 Jahren geeignet (Dauer: 1h30\u2018)<br \/> Vorstellung auf Italienisch<\/p> <p>&nbsp;<\/p> \"}<\/script><\/div>\r\n\t\t\t\t<p class=\"desc_trig_outter\" style=\"\"><a data-gmap_status=\"null\" data-exlk=\"0\" style=\"background-color: #006290;\" id=\"evc_17875620002140\" class=\"hasFtIMG event_repeat desc_trig sin_val evcal_list_a\" data-ux_val=\"3\" data-ux_val_mob=\"-\"  ><span class='evoet_c1 evoet_cx '><span class='ev_ftImg' data-img='https:\/\/latemarium.com\/wp-content\/uploads\/2023\/06\/foresta-dei-draghi-6.jpg' data-thumb='https:\/\/latemarium.com\/wp-content\/uploads\/2023\/06\/foresta-dei-draghi-6-300x200.jpg' style='background-image:url(\"https:\/\/latemarium.com\/wp-content\/uploads\/2023\/06\/foresta-dei-draghi-6-300x200.jpg\")' ><\/span><\/span><span class='evoet_c2 evoet_cx '><span class='evoet_dayblock evcal_cblock ' data-bgcolor='#006290' data-smon='August' data-syr='2026' data-bub=''><span class='evo_start '><em class='date'>24<\/em><em class='month'>Aug<\/em><em class='time'>11:00<\/em><\/span><\/span><\/span><span class='evoet_c3 evoet_cx evcal_desc hide_eventtopdata '><span class='evoet_title evcal_desc2 evcal_event_title ' itemprop='name'>Wort von Nikolaus Drache<\/span><span class='event_location_attrs' data-location_type=\"lonlat\" data-location_name=\"Seilbahn Ankunft Predazzo-Gardon\u00e8\" data-location_url=\"https:\/\/latemarium.com\/de\/event-location\/seilbahn-ankunft-predazzo-gardone\/\" data-location_status=\"true\" data-latlng=\"46.32878794406342,11.600176728690842\"><\/span><span class='evoet_subtitle evo_below_title' ><span class='evcal_event_subtitle ' >DER DRACHENWALD<\/span><\/span><span class='evoet_time_expand level_3'><em class='evcal_time evo_tz_time'><i class='fa fa-clock-o'><\/i>11:00<span class='evo_tz marl5'>(GMT+02:00)<\/span><\/em> <\/span><span class='evoet_location level_3'><em class=\"evcal_location\"  data-latlng=\"46.32878794406342,11.600176728690842\" data-add_str=\"\" data-n=\"Seilbahn Ankunft Predazzo-Gardon\u00e8\"><i class=\"fa fa-location-pin\"><\/i><em class=\"event_location_name\">Seilbahn Ankunft Predazzo-Gardon\u00e8<\/em><\/em><\/span><\/span><span class='evoet_data' data-d=\"{&quot;loc.n&quot;:&quot;Seilbahn Ankunft Predazzo-Gardon\\u00e8&quot;,&quot;orgs&quot;:[],&quot;tags&quot;:{&quot;repeating&quot;:&quot;Repeating Event&quot;}}\" data-bgc=\"#006290\" data-bggrad=\"\" ><\/span><\/a><\/p><div class='event_description evcal_eventcard ' style=\"display:none\"><div class='evocard_row'><div id='event_ftimage' class='evocard_box ftimage' data-c='' \n\t\t\t\t\tstyle=''><div class='evocard_main_image_hold' data-t='Loading Image..'><div class='evocard_main_image evo_img_triglb evobr15 evobgsc evobgpc evodfx evofx_jc_c evofx_ai_c evofz48 minmized' style='height:300px; background-image:url();' data-f=\"https:\/\/latemarium.com\/wp-content\/uploads\/2023\/06\/foresta-dei-draghi-6.jpg\" data-h=\"800\" data-w=\"1200\" data-ratio=\"0.66666666666667\" data-event_id=\"2140\" data-ri=\"15\"  data-t='Loading Image..'><span style='height:300px; background-image:url(https:\/\/latemarium.com\/wp-content\/uploads\/2023\/06\/foresta-dei-draghi-6.jpg)'><\/span><\/div><\/div><\/div><\/div><div class='evocard_row'><div id='event_eventdetails' class='evocard_box eventdetails' data-c='' \n\t\t\t\t\tstyle=''><div class='evo_metarow_details evorow evcal_evdata_row evcal_event_details'>\n\t\t<div class=\"event_excerpt\" style=\"display:none\"><h3 class=\"padb5 evo_h3\">Details zur Veranstaltung<\/h3><p>Sie springen, sie rennen, sie krabbeln, sie fliegen! Doch\u2026 sie sind nicht leicht zu sehen! Sie wissen sich gut zu verstecken \u2026 die schuppigen Schleicher! Wer sind sie? Aber die<\/p><\/div><span class='evcal_evdata_icons'><i class='fa fa-align-justify'><\/i><\/span>\n\t\t\n\t\t<div class='evcal_evdata_cell '>\n\t\t\t<div class='eventon_full_description'>\n\t\t\t\t<h3 class='padb5 evo_h3'><span class='evcal_evdata_icons'><i class='fa fa-align-justify'><\/i><\/span>Details zur Veranstaltung<\/h3>\n\t\t\t\t<div class='eventon_desc_in' itemprop='description'>\n\t\t\t\t<p>Sie springen, sie rennen, sie krabbeln, sie fliegen! Doch\u2026 sie sind nicht leicht zu sehen! Sie wissen sich gut zu verstecken \u2026 die schuppigen Schleicher! Wer sind sie? Aber die Drachen von Latemar! Einen zu treffen, und sei es nur einer, wird ein wunderbares Erlebnis sein! Ein Wort von Nikolaus Drache.<\/p>\n<p>Immer sonntags umd montags, vom 5. Juli bis zum 24. August 2026<br \/>\nbei der Bergstation der Gondelbahn Predazzo \u2013 Gardon\u00e8<br \/>\num 11.00 und um 14.45 Uhr<br \/>\nF\u00fcr Familien mit Kindern ab 2 Jahren geeignet (Dauer: 1h30\u2018)<br \/>\nVorstellung auf Italienisch<\/p>\n<p>&nbsp;<\/p>\n<\/div><div class='clear'><\/div>\n\t\t\t<\/div>\n\t\t<\/div>\n\t<\/div><\/div><\/div><div class='evocard_row bx2 bx'><div id='event_time' class='evocard_box time' data-c='' \n\t\t\t\t\tstyle=''><div class='evo_metarow_time evorow evcal_evdata_row evcal_evrow_sm '>\n\t\t<span class='evcal_evdata_icons'><i class='fa fa-clock'><\/i><\/span>\n\t\t<div class='evcal_evdata_cell'>\t\t\t\t\t\t\t\n\t\t\t<h3 class='evo_h3'><span class='evcal_evdata_icons'><i class='fa fa-clock'><\/i><\/span>Zeitplan<\/h3><p><span class='evo_eventcard_time_t'>24 August 2026 11:00<\/span><span class='evo_tz marr5'>(GMT+02:00)<\/span><\/p>\n\t\t<\/div>\n\t<\/div><\/div><div id='event_location' class='evocard_box location' data-c='' \n\t\t\t\t\tstyle=''><div class='evcal_evdata_row evo_metarow_time_location evorow '>\n\t\t\n\t\t\t<span class='evcal_evdata_icons'><i class='fa fa-map-marker'><\/i><\/span>\n\t\t\t<div class='evcal_evdata_cell' data-loc_tax_id='36'><h3 class='evo_h3 evodfx'><span class='evcal_evdata_icons'><i class='fa fa-map-marker'><\/i><\/span>Ort<\/h3><p class='evo_location_name'>Seilbahn Ankunft Predazzo-Gardon\u00e8<\/p><div class='padt10'><span class='evo_btn_arr evolb_trigger' data-lbvals=\"{&quot;lbc&quot;:&quot;evo_location_lb_36&quot;,&quot;lbac&quot;:&quot;lb_max&quot;,&quot;t&quot;:&quot;Seilbahn Ankunft Predazzo-Gardon\\u00e8&quot;,&quot;ajax&quot;:&quot;yes&quot;,&quot;ajax_type&quot;:&quot;endpoint&quot;,&quot;ajax_action&quot;:&quot;eventon_get_tax_card_content&quot;,&quot;end&quot;:&quot;client&quot;,&quot;d&quot;:{&quot;lang&quot;:&quot;L2&quot;,&quot;term_id&quot;:36,&quot;tax&quot;:&quot;event_location&quot;,&quot;load_lbcontent&quot;:true},&quot;uid&quot;:&quot;eventon_get_tax_card_content&quot;}\" >Other Events<i class='fa fa-chevron-right'><\/i><\/span><\/div><\/div>\n\t\t\n\t<\/div><\/div><\/div><div class='evocard_row bx2 bx'><div id='event_learnmore' class='evocard_box learnmore' data-c='' \n\t\t\t\t\tstyle=''><div class='evo_metarow_learnM evo_metarow_learnmore evorow'>\n\t\t\t\t\t\t\t<a class='evcal_evdata_row evo_clik_row ' href='https:\/\/www.montagnanimata.it\/de\/spektakel\/' target=\"_blank\">\n\t\t\t\t\t\t\t\t<span class='evcal_evdata_icons'><i class='fa fa-link'><\/i><\/span>\n\t\t\t\t\t\t\t\t<h3 class='evo_h3'>Entdecke mehr<\/h3>\n\t\t\t\t\t\t\t<\/a>\n\t\t\t\t\t\t\t<\/div><\/div><div id='event_addtocal' class='evocard_box addtocal' data-c='' \n\t\t\t\t\tstyle=''><div class='evo_metarow_ICS evorow evcal_evdata_row'>\n\t\t\t<span class='evcal_evdata_icons'><i class='fa fa-calendar-o'><\/i><\/span>\n\t\t\t<div class='evcal_evdata_cell'>\n\t\t\t\t<p><a href='https:\/\/latemarium.com\/de\/export-events\/2140_15\/?nonce=7b34e59f7d' class='evo_ics_nCal' title='Zu Ihrem Kalender hinzuf\u00fcgen'>Kalender<\/a><a href='https:\/\/www.google.com\/calendar\/event?action=TEMPLATE&text=Wort+von+Nikolaus+Drache&dates=20260824T090000Z%2F20260824T210000Z&ctz=Europe%2FRome&details=Wort von Nikolaus Drache&location=Seilbahn+Ankunft+Predazzo-Gardon%C3%A8' target='_blank' class='evo_ics_gCal' title='Zu Google Kalender hinzuf\u00fcgen'>GoogleCal<\/a><\/p>\t\n\t\t\t<\/div>\n\t\t<\/div><\/div><\/div><div class='evocard_row'><div id='event_getdirection' class='evocard_box getdirection' data-c='' \n\t\t\t\t\tstyle=''><div class='evo_metarow_getDr evorow evcal_evdata_row evcal_evrow_sm getdirections'>\n\t\t<form action='https:\/\/maps.google.com\/maps' method='get' target='_blank'>\n\t\t\t<input type='hidden' name='daddr' value=\"46.32878794406342,11.600176728690842\"\/> \n\t\t\t<div class='evo_get_direction_content evo_fx_dr_r evogap10'>\n\t\t\t\t<span class='evogetdir_header evodfx evofx_dr_r evofx_ai_c marr10'>\n\t\t\t\t\t<i class='mainicon fa fa-road'><\/i> \n\t\t\t\t\t<h3 class='evo_h3' style='padding-bottom:5px;'>Wegbeschreibung abrufen<\/h3>\n\t\t\t\t<\/span>\n\t\t\t\t<span class='evogetdir_field evodfx evofx_1_1 evo_fx_dr_c evow100p'>\t\t\t\t\t\n\t\t\t\t\t<input class='evoInput evotac' type='text' name='saddr' placeholder='&quot;Geben Sie die Adresse ein' value='' style='margin:10px 0;'\/>\n\t\t\t\t<\/span>\n\t\t\t\t<button type='submit' class='evo_get_direction_button evo_btn_arr_circ dfx fx_ai_c' title='&quot;Klicken Sie hier'><i class='fa fa-chevron-right'><\/i> <\/button>\n\t\t\t<\/div>\n\t\t<\/form>\n\t<\/div><\/div><\/div><div class='evo_card_row_end evcal_close' title='Schlie\u00dfen'><\/div><\/div><div class='clear end'><\/div><\/div><div id=\"event_2154_18\" class=\"eventon_list_event evo_eventtop scheduled  event clrW no_et event_2154_18\" data-event_id=\"2154\" data-ri=\"18r\" data-time=\"1787577600-1787608740\" data-colr=\"#b8d989\" itemscope itemtype='http:\/\/schema.org\/Event'><div class=\"evo_event_schema\" style=\"display:none\" ><a itemprop='url'  href='https:\/\/latemarium.com\/de\/events\/die-geraeusche-und-das-leben-der-malga\/var\/ri-18.l-L2'><\/a><meta itemprop='image' content=\"https:\/\/latemarium.com\/wp-content\/uploads\/2023\/06\/suoni-vita-malga.jpg\" \/><meta itemprop='startDate' content=\"2026-8-24T15:20+0:00\" \/><meta itemprop='endDate' content=\"2026-8-24T23:59+0:00\" \/><meta itemprop='eventStatus' content=\"https:\/\/schema.org\/EventScheduled\" \/><meta itemprop='eventAttendanceMode'   itemscope itemtype=\"https:\/\/schema.org\/OfflineEventAttendanceMode\"\/><div style=\"display:none\" itemprop=\"location\" itemscope itemtype=\"http:\/\/schema.org\/Place\"><span itemprop=\"name\">Pampeago<\/span><span itemprop=\"address\" itemscope itemtype=\"http:\/\/schema.org\/PostalAddress\"><item itemprop=\"streetAddress\">Localit\u00e0 Pampeago, 8, 38038 Tesero TN<\/item><\/span><\/div><script type=\"application\/ld+json\">{\"@context\": \"http:\/\/schema.org\",\"@type\": \"Event\",\n\t\t\t\t\"@id\": \"event_2154_18\",\n\t\t\t\t\"eventAttendanceMode\":\"https:\/\/schema.org\/OfflineEventAttendanceMode\",\n\t\t\t\t\"eventStatus\":\"https:\/\/schema.org\/EventScheduled\",\n\t\t\t\t\"name\": \"Die Ger\u00e4usche und das Leben der Malga\",\n\t\t\t\t\"url\": \"https:\/\/latemarium.com\/de\/events\/die-geraeusche-und-das-leben-der-malga\/var\/ri-18.l-L2\",\n\t\t\t\t\"startDate\": \"2026-8-24T15:20+0:00\",\n\t\t\t\t\"endDate\": \"2026-8-24T23:59+0:00\",\n\t\t\t\t\"image\":\"https:\/\/latemarium.com\/wp-content\/uploads\/2023\/06\/suoni-vita-malga.jpg\", \n\t\t\t\t\"description\":\"<p>Treffpunkt am Parkplatz des Tresca-Sessellifts (mit dem Auto von Pampeago erreichbar &#8211; NUR f\u00fcr diejenigen, die die Aktivit\u00e4t buchen).<\/p> <p>Nach einem kurzen Spaziergang zur Malga Pampeago entdecken Kinder und Eltern zwischen K\u00fchen, K\u00e4lbern, Eseln und Schweinen den Alltag und die Ger\u00e4usche, die das Leben der Hirten pr\u00e4gen.<\/p> <p>Am Ende der Aktivit\u00e4t gibt es einen kleinen Snack, den die Kinder genie\u00dfen oder mit nach Hause nehmen k\u00f6nnen.<\/p> <p>Aktivit\u00e4t auch mit Kinderwagen m\u00f6glich. <a href='https:\/\/www.visitfiemme.it\/de\/veranstaltungen\/fiemme-cembra-guest-card\/erlebnisse\/erlebnisse-sommer' target='_blank' rel='noopener'>Reservierung erforderlich<\/a>.<\/p> \",\"location\":[{\"@type\":\"Place\",\"name\":\"Pampeago\",\"address\":{\"@type\": \"PostalAddress\",\"streetAddress\":\"Localit\u00e0 Pampeago, 8, 38038 Tesero TN\"}}]}<\/script><\/div>\r\n\t\t\t\t<p class=\"desc_trig_outter\" style=\"\"><a data-gmap_status=\"null\" data-exlk=\"0\" style=\"background-color: #b8d989;\" id=\"evc_17875776002154\" class=\"hasFtIMG event_repeat desc_trig sin_val evcal_list_a\" data-ux_val=\"3\" data-ux_val_mob=\"-\"  ><span class='evoet_c1 evoet_cx '><span class='ev_ftImg' data-img='https:\/\/latemarium.com\/wp-content\/uploads\/2023\/06\/suoni-vita-malga.jpg' data-thumb='https:\/\/latemarium.com\/wp-content\/uploads\/2023\/06\/suoni-vita-malga-300x225.jpg' style='background-image:url(\"https:\/\/latemarium.com\/wp-content\/uploads\/2023\/06\/suoni-vita-malga-300x225.jpg\")' ><\/span><\/span><span class='evoet_c2 evoet_cx '><span class='evoet_dayblock evcal_cblock ' data-bgcolor='#b8d989' data-smon='August' data-syr='2026' data-bub=''><span class='evo_start '><em class='date'>24<\/em><em class='month'>Aug<\/em><em class='time'>15:20<\/em><\/span><\/span><\/span><span class='evoet_c3 evoet_cx evcal_desc hide_eventtopdata '><span class='evoet_title evcal_desc2 evcal_event_title ' itemprop='name'>Die Ger\u00e4usche und das Leben der Malga<\/span><span class='event_location_attrs'  data-location_address=\"Localit\u00e0 Pampeago, 8, 38038 Tesero TN\" data-location_type=\"lonlat\" data-location_name=\"Pampeago\" data-location_url=\"https:\/\/latemarium.com\/de\/event-location\/pampeago-de\/\" data-location_status=\"true\" data-latlng=\"46.34343697644898,11.540997527961546\"><\/span><span class='evoet_subtitle evo_below_title' ><\/span><span class='evoet_time_expand level_3'><em class='evcal_time evo_tz_time'><i class='fa fa-clock-o'><\/i>15:20<span class='evo_tz marl5'>(GMT+02:00)<\/span><\/em> <\/span><span class='evoet_location level_3'><em class=\"evcal_location\"  data-latlng=\"46.34343697644898,11.540997527961546\" data-add_str=\"Localit\u00e0 Pampeago, 8, 38038 Tesero TN\" data-n=\"Pampeago\"><i class=\"fa fa-location-pin\"><\/i><em class=\"event_location_name\">Pampeago<\/em>, Localit\u00e0 Pampeago, 8, 38038 Tesero TN<\/em><\/span><\/span><span class='evoet_data' data-d=\"{&quot;loc.n&quot;:&quot;Pampeago&quot;,&quot;orgs&quot;:[],&quot;tags&quot;:{&quot;repeating&quot;:&quot;Repeating Event&quot;}}\" data-bgc=\"#b8d989\" data-bggrad=\"\" ><\/span><\/a><\/p><div class='event_description evcal_eventcard ' style=\"display:none\"><div class='evocard_row'><div id='event_ftimage' class='evocard_box ftimage' data-c='' \n\t\t\t\t\tstyle=''><div class='evocard_main_image_hold' data-t='Loading Image..'><div class='evocard_main_image evo_img_triglb evobr15 evobgsc evobgpc evodfx evofx_jc_c evofx_ai_c evofz48 minmized' style='height:300px; background-image:url();' data-f=\"https:\/\/latemarium.com\/wp-content\/uploads\/2023\/06\/suoni-vita-malga.jpg\" data-h=\"796\" data-w=\"1062\" data-ratio=\"0.74952919020716\" data-event_id=\"2154\" data-ri=\"18\"  data-t='Loading Image..'><span style='height:300px; background-image:url(https:\/\/latemarium.com\/wp-content\/uploads\/2023\/06\/suoni-vita-malga.jpg)'><\/span><\/div><\/div><\/div><\/div><div class='evocard_row'><div id='event_eventdetails' class='evocard_box eventdetails' data-c='' \n\t\t\t\t\tstyle=''><div class='evo_metarow_details evorow evcal_evdata_row evcal_event_details'>\n\t\t<div class=\"event_excerpt\" style=\"display:none\"><h3 class=\"padb5 evo_h3\">Details zur Veranstaltung<\/h3><p>Treffpunkt am Parkplatz des Tresca-Sessellifts (mit dem Auto von Pampeago erreichbar &#8211; NUR f\u00fcr diejenigen, die die Aktivit\u00e4t buchen).\nNach einem kurzen Spaziergang zur Malga Pampeago entdecken Kinder und Eltern zwischen<\/p><\/div><span class='evcal_evdata_icons'><i class='fa fa-align-justify'><\/i><\/span>\n\t\t\n\t\t<div class='evcal_evdata_cell shorter_desc'>\n\t\t\t<div class='eventon_full_description'>\n\t\t\t\t<h3 class='padb5 evo_h3'><span class='evcal_evdata_icons'><i class='fa fa-align-justify'><\/i><\/span>Details zur Veranstaltung<\/h3>\n\t\t\t\t<div class='eventon_desc_in' itemprop='description'>\n\t\t\t\t<p>Treffpunkt am Parkplatz des Tresca-Sessellifts (mit dem Auto von Pampeago erreichbar &#8211; NUR f\u00fcr diejenigen, die die Aktivit\u00e4t buchen).<\/p>\n<p>Nach einem kurzen Spaziergang zur Malga Pampeago entdecken Kinder und Eltern zwischen K\u00fchen, K\u00e4lbern, Eseln und Schweinen den Alltag und die Ger\u00e4usche, die das Leben der Hirten pr\u00e4gen.<\/p>\n<p>Am Ende der Aktivit\u00e4t gibt es einen kleinen Snack, den die Kinder genie\u00dfen oder mit nach Hause nehmen k\u00f6nnen.<\/p>\n<p>Aktivit\u00e4t auch mit Kinderwagen m\u00f6glich. <a href=\"https:\/\/www.visitfiemme.it\/de\/veranstaltungen\/fiemme-cembra-guest-card\/erlebnisse\/erlebnisse-sommer\" target=\"_blank\" rel=\"noopener\">Reservierung erforderlich<\/a>.<\/p>\n<\/div><p class='eventon_shad_p' style='padding:5px 0 0; margin:0'>\n\t\t\t<span class='evcal_btn evo_btn_secondary evobtn_details_show_more' content='less'>\n\t\t\t\t<span class='ev_more_text' data-txt='Weniger'>Mehr<\/span><span class='ev_more_arrow ard'><\/span>\n\t\t\t<\/span>\n\t\t<\/p><div class='clear'><\/div>\n\t\t\t<\/div>\n\t\t<\/div>\n\t<\/div><\/div><\/div><div class='evocard_row bx2 bx'><div id='event_time' class='evocard_box time' data-c='' \n\t\t\t\t\tstyle=''><div class='evo_metarow_time evorow evcal_evdata_row evcal_evrow_sm '>\n\t\t<span class='evcal_evdata_icons'><i class='fa fa-clock'><\/i><\/span>\n\t\t<div class='evcal_evdata_cell'>\t\t\t\t\t\t\t\n\t\t\t<h3 class='evo_h3'><span class='evcal_evdata_icons'><i class='fa fa-clock'><\/i><\/span>Zeitplan<\/h3><p><span class='evo_eventcard_time_t'>24 August 2026 15:20<\/span><span class='evo_tz marr5'>(GMT+02:00)<\/span><\/p>\n\t\t<\/div>\n\t<\/div><\/div><div id='event_location' class='evocard_box location' data-c='' \n\t\t\t\t\tstyle=''><div class='evcal_evdata_row evo_metarow_time_location evorow '>\n\t\t\n\t\t\t<span class='evcal_evdata_icons'><i class='fa fa-map-marker'><\/i><\/span>\n\t\t\t<div class='evcal_evdata_cell' data-loc_tax_id='32'><h3 class='evo_h3 evodfx'><span class='evcal_evdata_icons'><i class='fa fa-map-marker'><\/i><\/span>Ort<\/h3><p class='evo_location_name'>Pampeago<\/p><p class='evo_location_address evodfxi evogap10'>Localit\u00e0 Pampeago, 8, 38038 Tesero TN<\/p><div class='padt10'><span class='evo_btn_arr evolb_trigger' data-lbvals=\"{&quot;lbc&quot;:&quot;evo_location_lb_32&quot;,&quot;lbac&quot;:&quot;lb_max&quot;,&quot;t&quot;:&quot;Pampeago&quot;,&quot;ajax&quot;:&quot;yes&quot;,&quot;ajax_type&quot;:&quot;endpoint&quot;,&quot;ajax_action&quot;:&quot;eventon_get_tax_card_content&quot;,&quot;end&quot;:&quot;client&quot;,&quot;d&quot;:{&quot;lang&quot;:&quot;L2&quot;,&quot;term_id&quot;:32,&quot;tax&quot;:&quot;event_location&quot;,&quot;load_lbcontent&quot;:true},&quot;uid&quot;:&quot;eventon_get_tax_card_content&quot;}\" >Other Events<i class='fa fa-chevron-right'><\/i><\/span><\/div><\/div>\n\t\t\n\t<\/div><\/div><\/div><div class='evocard_row'><div id='event_addtocal' class='evocard_box addtocal' data-c='' \n\t\t\t\t\tstyle=''><div class='evo_metarow_ICS evorow evcal_evdata_row'>\n\t\t\t<span class='evcal_evdata_icons'><i class='fa fa-calendar-o'><\/i><\/span>\n\t\t\t<div class='evcal_evdata_cell'>\n\t\t\t\t<p><a href='https:\/\/latemarium.com\/de\/export-events\/2154_18\/?nonce=7b34e59f7d' class='evo_ics_nCal' title='Zu Ihrem Kalender hinzuf\u00fcgen'>Kalender<\/a><a href='https:\/\/www.google.com\/calendar\/event?action=TEMPLATE&text=Die+Ger%C3%A4usche+und+das+Leben+der+Malga&dates=20260824T132000Z%2F20260824T215900Z&ctz=Europe%2FRome&details=Die Ger\u00e4usche und das Leben der Malga&location=Pampeago+Localit%C3%A0+Pampeago%2C+8%2C+38038+Tesero+TN' target='_blank' class='evo_ics_gCal' title='Zu Google Kalender hinzuf\u00fcgen'>GoogleCal<\/a><\/p>\t\n\t\t\t<\/div>\n\t\t<\/div><\/div><\/div><div class='evocard_row'><div id='event_getdirection' class='evocard_box getdirection' data-c='' \n\t\t\t\t\tstyle=''><div class='evo_metarow_getDr evorow evcal_evdata_row evcal_evrow_sm getdirections'>\n\t\t<form action='https:\/\/maps.google.com\/maps' method='get' target='_blank'>\n\t\t\t<input type='hidden' name='daddr' value=\"Localit\u00e0 Pampeago, 8, 38038 Tesero TN\"\/> \n\t\t\t<div class='evo_get_direction_content evo_fx_dr_r evogap10'>\n\t\t\t\t<span class='evogetdir_header evodfx evofx_dr_r evofx_ai_c marr10'>\n\t\t\t\t\t<i class='mainicon fa fa-road'><\/i> \n\t\t\t\t\t<h3 class='evo_h3' style='padding-bottom:5px;'>Wegbeschreibung abrufen<\/h3>\n\t\t\t\t<\/span>\n\t\t\t\t<span class='evogetdir_field evodfx evofx_1_1 evo_fx_dr_c evow100p'>\t\t\t\t\t\n\t\t\t\t\t<input class='evoInput evotac' type='text' name='saddr' placeholder='&quot;Geben Sie die Adresse ein' value='' style='margin:10px 0;'\/>\n\t\t\t\t<\/span>\n\t\t\t\t<button type='submit' class='evo_get_direction_button evo_btn_arr_circ dfx fx_ai_c' title='&quot;Klicken Sie hier'><i class='fa fa-chevron-right'><\/i> <\/button>\n\t\t\t<\/div>\n\t\t<\/form>\n\t<\/div><\/div><\/div><div class='evo_card_row_end evcal_close' title='Schlie\u00dfen'><\/div><\/div><div class='clear end'><\/div><\/div><div id=\"event_2489_9\" class=\"eventon_list_event evo_eventtop scheduled  event clrD no_et event_2489_9\" data-event_id=\"2489\" data-ri=\"9r\" data-time=\"1787643000-1787695140\" data-colr=\"#38823b\" itemscope itemtype='http:\/\/schema.org\/Event'><div class=\"evo_event_schema\" style=\"display:none\" ><a itemprop='url'  href='https:\/\/latemarium.com\/de\/events\/respirart-kunst-und-natur\/var\/ri-9.l-L2'><\/a><meta itemprop='image' content=\"https:\/\/latemarium.com\/wp-content\/uploads\/2023\/06\/respirart-respiro-arte-natura.jpg\" \/><meta itemprop='startDate' content=\"2026-8-25T09:30+0:00\" \/><meta itemprop='endDate' content=\"2026-8-25T23:59+0:00\" \/><meta itemprop='eventStatus' content=\"https:\/\/schema.org\/EventScheduled\" \/><meta itemprop='eventAttendanceMode'   itemscope itemtype=\"https:\/\/schema.org\/OfflineEventAttendanceMode\"\/><div style=\"display:none\" itemprop=\"location\" itemscope itemtype=\"http:\/\/schema.org\/Place\"><span itemprop=\"name\">Pampeago<\/span><span itemprop=\"address\" itemscope itemtype=\"http:\/\/schema.org\/PostalAddress\"><item itemprop=\"streetAddress\">Localit\u00e0 Pampeago, 8, 38038 Tesero TN<\/item><\/span><\/div><script type=\"application\/ld+json\">{\"@context\": \"http:\/\/schema.org\",\"@type\": \"Event\",\n\t\t\t\t\"@id\": \"event_2489_9\",\n\t\t\t\t\"eventAttendanceMode\":\"https:\/\/schema.org\/OfflineEventAttendanceMode\",\n\t\t\t\t\"eventStatus\":\"https:\/\/schema.org\/EventScheduled\",\n\t\t\t\t\"name\": \"Respirart: Kunst und Natur\",\n\t\t\t\t\"url\": \"https:\/\/latemarium.com\/de\/events\/respirart-kunst-und-natur\/var\/ri-9.l-L2\",\n\t\t\t\t\"startDate\": \"2026-8-25T09:30+0:00\",\n\t\t\t\t\"endDate\": \"2026-8-25T23:59+0:00\",\n\t\t\t\t\"image\":\"https:\/\/latemarium.com\/wp-content\/uploads\/2023\/06\/respirart-respiro-arte-natura.jpg\", \n\t\t\t\t\"description\":\"<h2>Kunst in der H\u00f6he: Entdeckungsreise durch RespirArt zwischen Natur und Installationen<\/h2> <p><span data-sheets-value='{&quot;1&quot;:2,&quot;2&quot;:&quot;Es beginnt um 9.30 Uhr vor dem Agnello-Sessellift-Seminovia, wo Sie den k\u00fcnstlerischen F\u00fchrer treffen, der Ihnen die Samen liefert und Sie bei der Aussaat von Blumen von oben begleitet, um Blumen zu erzeugen und so die Erde, die Bienen, die Ziegen und die K\u00fche Anschlie\u00dfend f\u00fchrt Sie der F\u00fchrer zu den Kunstwerken im Park. Auf dem 3 km langen Rundgang entdecken Sie die Inspirationen der K\u00fcnstler, die in Anwesenheit des Latemar k\u00fcnstlerische Gesten schufen.\\r\\nAktivit\u00e4t f\u00fcr Erwachsene geeignet\\r\\nKostenlose Aktivit\u00e4t (ohne Liftticket)\\r\\n&quot;}' data-sheets-userformat='{&quot;2&quot;:15235,&quot;3&quot;:{&quot;1&quot;:0},&quot;4&quot;:{&quot;1&quot;:2,&quot;2&quot;:15987699},&quot;10&quot;:1,&quot;11&quot;:1,&quot;12&quot;:0,&quot;14&quot;:{&quot;1&quot;:2,&quot;2&quot;:5592405},&quot;15&quot;:&quot;Roboto&quot;,&quot;16&quot;:10}'>Es beginnt um 9.30 Uhr vor dem Agnello-Sessellift-&#8220;Seminovia&#8221;, wo Sie den k\u00fcnstlerischen F\u00fchrer treffen, der Ihnen die Samen liefert und Sie bei der Aussaat von Blumen von oben begleitet, um Blumen zu erzeugen und so die Erde, die Bienen, die Ziegen und die K\u00fche. <\/span><\/p> <p><span data-sheets-value='{&quot;1&quot;:2,&quot;2&quot;:&quot;Es beginnt um 9.30 Uhr vor dem Agnello-Sessellift-Seminovia, wo Sie den k\u00fcnstlerischen F\u00fchrer treffen, der Ihnen die Samen liefert und Sie bei der Aussaat von Blumen von oben begleitet, um Blumen zu erzeugen und so die Erde, die Bienen, die Ziegen und die K\u00fche Anschlie\u00dfend f\u00fchrt Sie der F\u00fchrer zu den Kunstwerken im Park. Auf dem 3 km langen Rundgang entdecken Sie die Inspirationen der K\u00fcnstler, die in Anwesenheit des Latemar k\u00fcnstlerische Gesten schufen.\\r\\nAktivit\u00e4t f\u00fcr Erwachsene geeignet\\r\\nKostenlose Aktivit\u00e4t (ohne Liftticket)\\r\\n&quot;}' data-sheets-userformat='{&quot;2&quot;:15235,&quot;3&quot;:{&quot;1&quot;:0},&quot;4&quot;:{&quot;1&quot;:2,&quot;2&quot;:15987699},&quot;10&quot;:1,&quot;11&quot;:1,&quot;12&quot;:0,&quot;14&quot;:{&quot;1&quot;:2,&quot;2&quot;:5592405},&quot;15&quot;:&quot;Roboto&quot;,&quot;16&quot;:10}'>Anschlie\u00dfend f\u00fchrt Sie der F\u00fchrer zu den Kunstwerken im Park. Auf dem 3 km langen Rundgang entdecken Sie die Inspirationen der K\u00fcnstler, die in Anwesenheit des Latemar k\u00fcnstlerische Gesten schufen. <\/span><\/p> <p><span data-sheets-value='{&quot;1&quot;:2,&quot;2&quot;:&quot;Es beginnt um 9.30 Uhr vor dem Agnello-Sessellift-Seminovia, wo Sie den k\u00fcnstlerischen F\u00fchrer treffen, der Ihnen die Samen liefert und Sie bei der Aussaat von Blumen von oben begleitet, um Blumen zu erzeugen und so die Erde, die Bienen, die Ziegen und die K\u00fche Anschlie\u00dfend f\u00fchrt Sie der F\u00fchrer zu den Kunstwerken im Park. Auf dem 3 km langen Rundgang entdecken Sie die Inspirationen der K\u00fcnstler, die in Anwesenheit des Latemar k\u00fcnstlerische Gesten schufen.\\r\\nAktivit\u00e4t f\u00fcr Erwachsene geeignet\\r\\nKostenlose Aktivit\u00e4t (ohne Liftticket)\\r\\n&quot;}' data-sheets-userformat='{&quot;2&quot;:15235,&quot;3&quot;:{&quot;1&quot;:0},&quot;4&quot;:{&quot;1&quot;:2,&quot;2&quot;:15987699},&quot;10&quot;:1,&quot;11&quot;:1,&quot;12&quot;:0,&quot;14&quot;:{&quot;1&quot;:2,&quot;2&quot;:5592405},&quot;15&quot;:&quot;Roboto&quot;,&quot;16&quot;:10}'>Aktivit\u00e4t f\u00fcr Erwachsene.<\/span><\/p> <p><a href='https:\/\/www.visitfiemme.it\/de\/veranstaltungen\/fiemme-cembra-guest-card\/erlebnisse\/erlebnisse-sommer' target='_blank' rel='noopener'>Reservierung erforderlich<\/a>.<\/p> \",\"location\":[{\"@type\":\"Place\",\"name\":\"Pampeago\",\"address\":{\"@type\": \"PostalAddress\",\"streetAddress\":\"Localit\u00e0 Pampeago, 8, 38038 Tesero TN\"}}]}<\/script><\/div>\r\n\t\t\t\t<p class=\"desc_trig_outter\" style=\"\"><a data-gmtrig=\"1\" data-exlk=\"0\" style=\"background-color: #38823b;\" id=\"evc_17876430002489\" class=\"hasFtIMG event_repeat desc_trig sin_val evcal_list_a\" data-ux_val=\"3\" data-ux_val_mob=\"-\"  ><span class='evoet_c1 evoet_cx '><span class='ev_ftImg' data-img='https:\/\/latemarium.com\/wp-content\/uploads\/2023\/06\/respirart-respiro-arte-natura.jpg' data-thumb='https:\/\/latemarium.com\/wp-content\/uploads\/2023\/06\/respirart-respiro-arte-natura-300x201.jpg' style='background-image:url(\"https:\/\/latemarium.com\/wp-content\/uploads\/2023\/06\/respirart-respiro-arte-natura-300x201.jpg\")' ><\/span><\/span><span class='evoet_c2 evoet_cx '><span class='evoet_dayblock evcal_cblock ' data-bgcolor='#38823b' data-smon='August' data-syr='2026' data-bub=''><span class='evo_start '><em class='date'>25<\/em><em class='month'>Aug<\/em><em class='time'>09:30<\/em><\/span><\/span><\/span><span class='evoet_c3 evoet_cx evcal_desc hide_eventtopdata '><span class='evoet_title evcal_desc2 evcal_event_title ' itemprop='name'>Respirart: Kunst und Natur<\/span><span class='event_location_attrs'  data-location_address=\"Localit\u00e0 Pampeago, 8, 38038 Tesero TN\" data-location_type=\"lonlat\" data-location_name=\"Pampeago\" data-location_url=\"https:\/\/latemarium.com\/de\/event-location\/pampeago-de\/\" data-location_status=\"true\" data-latlng=\"46.34343697644898,11.540997527961546\"><\/span><span class='evoet_subtitle evo_below_title' ><span class='evcal_event_subtitle ' >ENTDECKUNG DER KUNSTPARKS: RESPIRART<\/span><\/span><span class='evoet_time_expand level_3'><em class='evcal_time evo_tz_time'><i class='fa fa-clock-o'><\/i>09:30<span class='evo_tz marl5'>(GMT+02:00)<\/span><\/em> <\/span><span class='evoet_location level_3'><em class=\"evcal_location\"  data-latlng=\"46.34343697644898,11.540997527961546\" data-add_str=\"Localit\u00e0 Pampeago, 8, 38038 Tesero TN\" data-n=\"Pampeago\"><i class=\"fa fa-location-pin\"><\/i><em class=\"event_location_name\">Pampeago<\/em>, Localit\u00e0 Pampeago, 8, 38038 Tesero TN<\/em><\/span><\/span><span class='evoet_data' data-d=\"{&quot;loc.n&quot;:&quot;Pampeago&quot;,&quot;orgs&quot;:[],&quot;tags&quot;:{&quot;repeating&quot;:&quot;Repeating Event&quot;}}\" data-bgc=\"#38823b\" data-bggrad=\"\" ><\/span><\/a><\/p><div class='event_description evcal_eventcard ' style=\"display:none\"><div class='evocard_row'><div id='event_ftimage' class='evocard_box ftimage' data-c='' \n\t\t\t\t\tstyle=''><div class='evocard_main_image_hold' data-t='Loading Image..'><div class='evocard_main_image evo_img_triglb evobr15 evobgsc evobgpc evodfx evofx_jc_c evofx_ai_c evofz48 minmized' style='height:300px; background-image:url();' data-f=\"https:\/\/latemarium.com\/wp-content\/uploads\/2023\/06\/respirart-respiro-arte-natura.jpg\" data-h=\"602\" data-w=\"899\" data-ratio=\"0.66963292547275\" data-event_id=\"2489\" data-ri=\"9\"  data-t='Loading Image..'><span style='height:300px; background-image:url(https:\/\/latemarium.com\/wp-content\/uploads\/2023\/06\/respirart-respiro-arte-natura.jpg)'><\/span><\/div><\/div><\/div><\/div><div class='evocard_row'><div id='event_eventdetails' class='evocard_box eventdetails' data-c='' \n\t\t\t\t\tstyle=''><div class='evo_metarow_details evorow evcal_evdata_row evcal_event_details'>\n\t\t<div class=\"event_excerpt\" style=\"display:none\"><h3 class=\"padb5 evo_h3\">Details zur Veranstaltung<\/h3><p>Kunst in der H\u00f6he: Entdeckungsreise durch RespirArt zwischen Natur und Installationen<\/p><\/div><span class='evcal_evdata_icons'><i class='fa fa-align-justify'><\/i><\/span>\n\t\t\n\t\t<div class='evcal_evdata_cell shorter_desc'>\n\t\t\t<div class='eventon_full_description'>\n\t\t\t\t<h3 class='padb5 evo_h3'><span class='evcal_evdata_icons'><i class='fa fa-align-justify'><\/i><\/span>Details zur Veranstaltung<\/h3>\n\t\t\t\t<div class='eventon_desc_in' itemprop='description'>\n\t\t\t\t<h2>Kunst in der H\u00f6he: Entdeckungsreise durch RespirArt zwischen Natur und Installationen<\/h2>\n<p><span data-sheets-value=\"{&quot;1&quot;:2,&quot;2&quot;:&quot;Es beginnt um 9.30 Uhr vor dem Agnello-Sessellift-Seminovia, wo Sie den k\u00fcnstlerischen F\u00fchrer treffen, der Ihnen die Samen liefert und Sie bei der Aussaat von Blumen von oben begleitet, um Blumen zu erzeugen und so die Erde, die Bienen, die Ziegen und die K\u00fche Anschlie\u00dfend f\u00fchrt Sie der F\u00fchrer zu den Kunstwerken im Park. Auf dem 3 km langen Rundgang entdecken Sie die Inspirationen der K\u00fcnstler, die in Anwesenheit des Latemar k\u00fcnstlerische Gesten schufen.rnAktivit\u00e4t f\u00fcr Erwachsene geeignetrnKostenlose Aktivit\u00e4t (ohne Liftticket)rn&quot;}\" data-sheets-userformat=\"{&quot;2&quot;:15235,&quot;3&quot;:{&quot;1&quot;:0},&quot;4&quot;:{&quot;1&quot;:2,&quot;2&quot;:15987699},&quot;10&quot;:1,&quot;11&quot;:1,&quot;12&quot;:0,&quot;14&quot;:{&quot;1&quot;:2,&quot;2&quot;:5592405},&quot;15&quot;:&quot;Roboto&quot;,&quot;16&quot;:10}\">Es beginnt um 9.30 Uhr vor dem Agnello-Sessellift-&#8220;Seminovia&#8221;, wo Sie den k\u00fcnstlerischen F\u00fchrer treffen, der Ihnen die Samen liefert und Sie bei der Aussaat von Blumen von oben begleitet, um Blumen zu erzeugen und so die Erde, die Bienen, die Ziegen und die K\u00fche. <\/span><\/p>\n<p><span data-sheets-value=\"{&quot;1&quot;:2,&quot;2&quot;:&quot;Es beginnt um 9.30 Uhr vor dem Agnello-Sessellift-Seminovia, wo Sie den k\u00fcnstlerischen F\u00fchrer treffen, der Ihnen die Samen liefert und Sie bei der Aussaat von Blumen von oben begleitet, um Blumen zu erzeugen und so die Erde, die Bienen, die Ziegen und die K\u00fche Anschlie\u00dfend f\u00fchrt Sie der F\u00fchrer zu den Kunstwerken im Park. Auf dem 3 km langen Rundgang entdecken Sie die Inspirationen der K\u00fcnstler, die in Anwesenheit des Latemar k\u00fcnstlerische Gesten schufen.rnAktivit\u00e4t f\u00fcr Erwachsene geeignetrnKostenlose Aktivit\u00e4t (ohne Liftticket)rn&quot;}\" data-sheets-userformat=\"{&quot;2&quot;:15235,&quot;3&quot;:{&quot;1&quot;:0},&quot;4&quot;:{&quot;1&quot;:2,&quot;2&quot;:15987699},&quot;10&quot;:1,&quot;11&quot;:1,&quot;12&quot;:0,&quot;14&quot;:{&quot;1&quot;:2,&quot;2&quot;:5592405},&quot;15&quot;:&quot;Roboto&quot;,&quot;16&quot;:10}\">Anschlie\u00dfend f\u00fchrt Sie der F\u00fchrer zu den Kunstwerken im Park. Auf dem 3 km langen Rundgang entdecken Sie die Inspirationen der K\u00fcnstler, die in Anwesenheit des Latemar k\u00fcnstlerische Gesten schufen. <\/span><\/p>\n<p><span data-sheets-value=\"{&quot;1&quot;:2,&quot;2&quot;:&quot;Es beginnt um 9.30 Uhr vor dem Agnello-Sessellift-Seminovia, wo Sie den k\u00fcnstlerischen F\u00fchrer treffen, der Ihnen die Samen liefert und Sie bei der Aussaat von Blumen von oben begleitet, um Blumen zu erzeugen und so die Erde, die Bienen, die Ziegen und die K\u00fche Anschlie\u00dfend f\u00fchrt Sie der F\u00fchrer zu den Kunstwerken im Park. Auf dem 3 km langen Rundgang entdecken Sie die Inspirationen der K\u00fcnstler, die in Anwesenheit des Latemar k\u00fcnstlerische Gesten schufen.rnAktivit\u00e4t f\u00fcr Erwachsene geeignetrnKostenlose Aktivit\u00e4t (ohne Liftticket)rn&quot;}\" data-sheets-userformat=\"{&quot;2&quot;:15235,&quot;3&quot;:{&quot;1&quot;:0},&quot;4&quot;:{&quot;1&quot;:2,&quot;2&quot;:15987699},&quot;10&quot;:1,&quot;11&quot;:1,&quot;12&quot;:0,&quot;14&quot;:{&quot;1&quot;:2,&quot;2&quot;:5592405},&quot;15&quot;:&quot;Roboto&quot;,&quot;16&quot;:10}\">Aktivit\u00e4t f\u00fcr Erwachsene.<\/span><\/p>\n<p><a href=\"https:\/\/www.visitfiemme.it\/de\/veranstaltungen\/fiemme-cembra-guest-card\/erlebnisse\/erlebnisse-sommer\" target=\"_blank\" rel=\"noopener\">Reservierung erforderlich<\/a>.<\/p>\n<\/div><p class='eventon_shad_p' style='padding:5px 0 0; margin:0'>\n\t\t\t<span class='evcal_btn evo_btn_secondary evobtn_details_show_more' content='less'>\n\t\t\t\t<span class='ev_more_text' data-txt='Weniger'>Mehr<\/span><span class='ev_more_arrow ard'><\/span>\n\t\t\t<\/span>\n\t\t<\/p><div class='clear'><\/div>\n\t\t\t<\/div>\n\t\t<\/div>\n\t<\/div><\/div><\/div><div class='evocard_row bx2 bx'><div id='event_time' class='evocard_box time' data-c='' \n\t\t\t\t\tstyle=''><div class='evo_metarow_time evorow evcal_evdata_row evcal_evrow_sm '>\n\t\t<span class='evcal_evdata_icons'><i class='fa fa-clock'><\/i><\/span>\n\t\t<div class='evcal_evdata_cell'>\t\t\t\t\t\t\t\n\t\t\t<h3 class='evo_h3'><span class='evcal_evdata_icons'><i class='fa fa-clock'><\/i><\/span>Zeitplan<\/h3><p><span class='evo_eventcard_time_t'>25 August 2026 09:30<\/span><span class='evo_tz marr5'>(GMT+02:00)<\/span><\/p>\n\t\t<\/div>\n\t<\/div><\/div><div id='event_location' class='evocard_box location' data-c='' \n\t\t\t\t\tstyle=''><div class='evcal_evdata_row evo_metarow_time_location evorow '>\n\t\t\n\t\t\t<span class='evcal_evdata_icons'><i class='fa fa-map-marker'><\/i><\/span>\n\t\t\t<div class='evcal_evdata_cell' data-loc_tax_id='32'><h3 class='evo_h3 evodfx'><span class='evcal_evdata_icons'><i class='fa fa-map-marker'><\/i><\/span>Ort<\/h3><p class='evo_location_name'>Pampeago<\/p><p class='evo_location_address evodfxi evogap10'>Localit\u00e0 Pampeago, 8, 38038 Tesero TN<\/p><div class='padt10'><span class='evo_btn_arr evolb_trigger' data-lbvals=\"{&quot;lbc&quot;:&quot;evo_location_lb_32&quot;,&quot;lbac&quot;:&quot;lb_max&quot;,&quot;t&quot;:&quot;Pampeago&quot;,&quot;ajax&quot;:&quot;yes&quot;,&quot;ajax_type&quot;:&quot;endpoint&quot;,&quot;ajax_action&quot;:&quot;eventon_get_tax_card_content&quot;,&quot;end&quot;:&quot;client&quot;,&quot;d&quot;:{&quot;lang&quot;:&quot;L2&quot;,&quot;term_id&quot;:32,&quot;tax&quot;:&quot;event_location&quot;,&quot;load_lbcontent&quot;:true},&quot;uid&quot;:&quot;eventon_get_tax_card_content&quot;}\" >Other Events<i class='fa fa-chevron-right'><\/i><\/span><\/div><\/div>\n\t\t\n\t<\/div><\/div><\/div><div class='evocard_row'><div id='event_addtocal' class='evocard_box addtocal' data-c='' \n\t\t\t\t\tstyle=''><div class='evo_metarow_ICS evorow evcal_evdata_row'>\n\t\t\t<span class='evcal_evdata_icons'><i class='fa fa-calendar-o'><\/i><\/span>\n\t\t\t<div class='evcal_evdata_cell'>\n\t\t\t\t<p><a href='https:\/\/latemarium.com\/de\/export-events\/2489_9\/?nonce=7b34e59f7d' class='evo_ics_nCal' title='Zu Ihrem Kalender hinzuf\u00fcgen'>Kalender<\/a><a href='https:\/\/www.google.com\/calendar\/event?action=TEMPLATE&text=Respirart%3A+Kunst+und+Natur&dates=20260825T073000Z%2F20260825T215900Z&ctz=Europe%2FRome&details=Respirart: Kunst und Natur&location=Pampeago+Localit%C3%A0+Pampeago%2C+8%2C+38038+Tesero+TN' target='_blank' class='evo_ics_gCal' title='Zu Google Kalender hinzuf\u00fcgen'>GoogleCal<\/a><\/p>\t\n\t\t\t<\/div>\n\t\t<\/div><\/div><\/div><div class='evocard_row'><div id='event_repeats' class='evocard_box repeats' data-c='' \n\t\t\t\t\tstyle=''><div class='evo_metarow_repeats evorow evcal_evdata_row evcal_evrow_sm '>\n\t\t<span class='evcal_evdata_icons'><i class='fa fa-repeat'><\/i><\/span>\n\t\t<div class='evcal_evdata_cell'>\t\t\t\t\t\t\t\n\t\t\t<h3 class='evo_h3'>Zeitplan f\u00fcr k\u00fcnftige Veranstaltungen dieser Veranstaltungsreihe<\/h3><div class='evo_elm_HCS evo_repeat_series' style=''><span class='evo_elmHCS_nav HCSnavL evo_repeat_series content_slide_trig'><i class='fa fa-chevron-left'><\/i><\/span><span class='evo_elmHCS_nav HCSnavR evo_repeat_series content_slide_trig'><i class='fa fa-chevron-right'><\/i><\/span><div class='evo_elm_HCS_in'><div class='evo_repeat_series_dates clickable evodfx evofx_dr_r evogap10' data-click='1' data-event_url='https:\/\/latemarium.com\/de\/events\/respirart-kunst-und-natur\/var\/ri-9.l-L2'><span class='evo_repeat_series_date evodfx evofx_dr_r evofx_ai_c evogap5 evobr15 evobrdB1 evocl1 evopad15 evottu evofz14 evocurp evo_trans_sc1_03 evoHbgcw' data-ux=\"def\" data-l=\"https:\/\/latemarium.com\/de\/events\/respirart-kunst-und-natur\/var\/ri-10.l-L2\" ><span class='evodfx evofx_dr_c evotac evofx_jc_c'><b class='j evofz16'>1<\/b><b class='fy'>September <\/b><em class='t evofsn'>09:30<\/em><\/span><\/span><span class='evo_repeat_series_date evodfx evofx_dr_r evofx_ai_c evogap5 evobr15 evobrdB1 evocl1 evopad15 evottu evofz14 evocurp evo_trans_sc1_03 evoHbgcw' data-ux=\"def\" data-l=\"https:\/\/latemarium.com\/de\/events\/respirart-kunst-und-natur\/var\/ri-11.l-L2\" ><span class='evodfx evofx_dr_c evotac evofx_jc_c'><b class='j evofz16'>8<\/b><b class='fy'>September <\/b><em class='t evofsn'>09:30<\/em><\/span><\/span><\/div><\/div><\/div><\/div><\/div><\/div><\/div><div class='evocard_row'><div id='event_getdirection' class='evocard_box getdirection' data-c='' \n\t\t\t\t\tstyle=''><div class='evo_metarow_getDr evorow evcal_evdata_row evcal_evrow_sm getdirections'>\n\t\t<form action='https:\/\/maps.google.com\/maps' method='get' target='_blank'>\n\t\t\t<input type='hidden' name='daddr' value=\"Localit\u00e0 Pampeago, 8, 38038 Tesero TN\"\/> \n\t\t\t<div class='evo_get_direction_content evo_fx_dr_r evogap10'>\n\t\t\t\t<span class='evogetdir_header evodfx evofx_dr_r evofx_ai_c marr10'>\n\t\t\t\t\t<i class='mainicon fa fa-road'><\/i> \n\t\t\t\t\t<h3 class='evo_h3' style='padding-bottom:5px;'>Wegbeschreibung abrufen<\/h3>\n\t\t\t\t<\/span>\n\t\t\t\t<span class='evogetdir_field evodfx evofx_1_1 evo_fx_dr_c evow100p'>\t\t\t\t\t\n\t\t\t\t\t<input class='evoInput evotac' type='text' name='saddr' placeholder='&quot;Geben Sie die Adresse ein' value='' style='margin:10px 0;'\/>\n\t\t\t\t<\/span>\n\t\t\t\t<button type='submit' class='evo_get_direction_button evo_btn_arr_circ dfx fx_ai_c' title='&quot;Klicken Sie hier'><i class='fa fa-chevron-right'><\/i> <\/button>\n\t\t\t<\/div>\n\t\t<\/form>\n\t<\/div><\/div><\/div><div class='evo_card_row_end evcal_close' title='Schlie\u00dfen'><\/div><\/div><div class='clear end'><\/div><\/div><div id=\"event_2856_7\" class=\"eventon_list_event evo_eventtop scheduled  event clrW no_et event_2856_7\" data-event_id=\"2856\" data-ri=\"7r\" data-time=\"1787648400-1787695140\" data-colr=\"#a69dcd\" itemscope itemtype='http:\/\/schema.org\/Event'><div class=\"evo_event_schema\" style=\"display:none\" ><a itemprop='url'  href='https:\/\/latemarium.com\/de\/events\/dort-oben-erwartet-uns-die-strasse-des-dahu-2\/var\/ri-7.l-L2'><\/a><meta itemprop='image' content=\"https:\/\/latemarium.com\/wp-content\/uploads\/2023\/06\/forse-dahu-sa.jpg\" \/><meta itemprop='startDate' content=\"2026-8-25T11:00+0:00\" \/><meta itemprop='endDate' content=\"2026-8-25T23:59+0:00\" \/><meta itemprop='eventStatus' content=\"https:\/\/schema.org\/EventScheduled\" \/><meta itemprop='eventAttendanceMode'   itemscope itemtype=\"https:\/\/schema.org\/OfflineEventAttendanceMode\"\/><script type=\"application\/ld+json\">{\"@context\": \"http:\/\/schema.org\",\"@type\": \"Event\",\n\t\t\t\t\"@id\": \"event_2856_7\",\n\t\t\t\t\"eventAttendanceMode\":\"https:\/\/schema.org\/OfflineEventAttendanceMode\",\n\t\t\t\t\"eventStatus\":\"https:\/\/schema.org\/EventScheduled\",\n\t\t\t\t\"name\": \"DORT OBEN ERWARTET UNS DIE STRASSE DES DAH\u00d9\",\n\t\t\t\t\"url\": \"https:\/\/latemarium.com\/de\/events\/dort-oben-erwartet-uns-die-strasse-des-dahu-2\/var\/ri-7.l-L2\",\n\t\t\t\t\"startDate\": \"2026-8-25T11:00+0:00\",\n\t\t\t\t\"endDate\": \"2026-8-25T23:59+0:00\",\n\t\t\t\t\"image\":\"https:\/\/latemarium.com\/wp-content\/uploads\/2023\/06\/forse-dahu-sa.jpg\", \n\t\t\t\t\"description\":\"<p>\u201eDas unerkl\u00e4rliche Gleichgewicht des Dahu f\u00fchrt die Forscher zu einer gro\u00dfen Entwicklung mit st\u00e4ndigen Perspektivwechseln: von oben nach unten, von hier nach dort\u201c.<\/p> <p>Dienstags: vom 7. Juli bis 25. August 2026<br \/> bei der Bergstation der Gondelbahn Predazzo \u2013 Gardon\u00e8<br \/> um 11.00 Uhr<br \/> F\u00fcr Familien (Dauer: 1h30\u2018)<br \/> Vorstellung auf Italienisch<\/p> <p>&nbsp;<\/p> <p>&nbsp;<\/p> \"}<\/script><\/div>\r\n\t\t\t\t<p class=\"desc_trig_outter\" style=\"\"><a data-gmap_status=\"null\" data-exlk=\"0\" style=\"background-color: #a69dcd;\" id=\"evc_17876484002856\" class=\"hasFtIMG event_repeat desc_trig sin_val evcal_list_a\" data-ux_val=\"3\" data-ux_val_mob=\"-\"  ><span class='evoet_c1 evoet_cx '><span class='ev_ftImg' data-img='https:\/\/latemarium.com\/wp-content\/uploads\/2023\/06\/forse-dahu-sa.jpg' data-thumb='https:\/\/latemarium.com\/wp-content\/uploads\/2023\/06\/forse-dahu-sa-300x204.jpg' style='background-image:url(\"https:\/\/latemarium.com\/wp-content\/uploads\/2023\/06\/forse-dahu-sa-300x204.jpg\")' ><\/span><\/span><span class='evoet_c2 evoet_cx '><span class='evoet_dayblock evcal_cblock ' data-bgcolor='#a69dcd' data-smon='August' data-syr='2026' data-bub=''><span class='evo_start '><em class='date'>25<\/em><em class='month'>Aug<\/em><em class='time'>11:00<\/em><\/span><\/span><\/span><span class='evoet_c3 evoet_cx evcal_desc hide_eventtopdata '><span class='evoet_title evcal_desc2 evcal_event_title ' itemprop='name'>DORT OBEN ERWARTET UNS DIE STRASSE DES DAH\u00d9<\/span><span class='event_location_attrs' data-location_type=\"lonlat\" data-location_name=\"Seilbahn Ankunft Predazzo-Gardon\u00e8\" data-location_url=\"https:\/\/latemarium.com\/de\/event-location\/seilbahn-ankunft-predazzo-gardone\/\" data-location_status=\"true\" data-latlng=\"46.32878794406342,11.600176728690842\"><\/span><span class='evoet_subtitle evo_below_title' ><span class='evcal_event_subtitle ' >auf dem Pfad des Zerstreuten Hirten<\/span><\/span><span class='evoet_time_expand level_3'><em class='evcal_time evo_tz_time'><i class='fa fa-clock-o'><\/i>11:00<span class='evo_tz marl5'>(GMT+02:00)<\/span><\/em> <\/span><span class='evoet_location level_3'><em class=\"evcal_location\"  data-latlng=\"46.32878794406342,11.600176728690842\" data-add_str=\"\" data-n=\"Seilbahn Ankunft Predazzo-Gardon\u00e8\"><i class=\"fa fa-location-pin\"><\/i><em class=\"event_location_name\">Seilbahn Ankunft Predazzo-Gardon\u00e8<\/em><\/em><\/span><\/span><span class='evoet_data' data-d=\"{&quot;loc.n&quot;:&quot;Seilbahn Ankunft Predazzo-Gardon\\u00e8&quot;,&quot;orgs&quot;:[],&quot;tags&quot;:{&quot;repeating&quot;:&quot;Repeating Event&quot;}}\" data-bgc=\"#a69dcd\" data-bggrad=\"\" ><\/span><\/a><\/p><div class='event_description evcal_eventcard ' style=\"display:none\"><div class='evocard_row'><div id='event_ftimage' class='evocard_box ftimage' data-c='' \n\t\t\t\t\tstyle=''><div class='evocard_main_image_hold' data-t='Loading Image..'><div class='evocard_main_image evo_img_triglb evobr15 evobgsc evobgpc evodfx evofx_jc_c evofx_ai_c evofz48 minmized' style='height:300px; background-image:url();' data-f=\"https:\/\/latemarium.com\/wp-content\/uploads\/2023\/06\/forse-dahu-sa.jpg\" data-h=\"587\" data-w=\"862\" data-ratio=\"0.68097447795824\" data-event_id=\"2856\" data-ri=\"7\"  data-t='Loading Image..'><span style='height:300px; background-image:url(https:\/\/latemarium.com\/wp-content\/uploads\/2023\/06\/forse-dahu-sa.jpg)'><\/span><\/div><\/div><\/div><\/div><div class='evocard_row'><div id='event_eventdetails' class='evocard_box eventdetails' data-c='' \n\t\t\t\t\tstyle=''><div class='evo_metarow_details evorow evcal_evdata_row evcal_event_details'>\n\t\t<div class=\"event_excerpt\" style=\"display:none\"><h3 class=\"padb5 evo_h3\">Details zur Veranstaltung<\/h3><p>\u201eDas unerkl\u00e4rliche Gleichgewicht des Dahu f\u00fchrt die Forscher zu einer gro\u00dfen Entwicklung mit st\u00e4ndigen Perspektivwechseln: von oben nach unten, von hier nach dort\u201c.\nDienstags: vom 7. Juli bis 25. August 2026<\/p><\/div><span class='evcal_evdata_icons'><i class='fa fa-align-justify'><\/i><\/span>\n\t\t\n\t\t<div class='evcal_evdata_cell '>\n\t\t\t<div class='eventon_full_description'>\n\t\t\t\t<h3 class='padb5 evo_h3'><span class='evcal_evdata_icons'><i class='fa fa-align-justify'><\/i><\/span>Details zur Veranstaltung<\/h3>\n\t\t\t\t<div class='eventon_desc_in' itemprop='description'>\n\t\t\t\t<p>\u201eDas unerkl\u00e4rliche Gleichgewicht des Dahu f\u00fchrt die Forscher zu einer gro\u00dfen Entwicklung mit st\u00e4ndigen Perspektivwechseln: von oben nach unten, von hier nach dort\u201c.<\/p>\n<p>Dienstags: vom 7. Juli bis 25. August 2026<br \/>\nbei der Bergstation der Gondelbahn Predazzo \u2013 Gardon\u00e8<br \/>\num 11.00 Uhr<br \/>\nF\u00fcr Familien (Dauer: 1h30\u2018)<br \/>\nVorstellung auf Italienisch<\/p>\n<p>&nbsp;<\/p>\n<p>&nbsp;<\/p>\n<\/div><div class='clear'><\/div>\n\t\t\t<\/div>\n\t\t<\/div>\n\t<\/div><\/div><\/div><div class='evocard_row bx2 bx'><div id='event_time' class='evocard_box time' data-c='' \n\t\t\t\t\tstyle=''><div class='evo_metarow_time evorow evcal_evdata_row evcal_evrow_sm '>\n\t\t<span class='evcal_evdata_icons'><i class='fa fa-clock'><\/i><\/span>\n\t\t<div class='evcal_evdata_cell'>\t\t\t\t\t\t\t\n\t\t\t<h3 class='evo_h3'><span class='evcal_evdata_icons'><i class='fa fa-clock'><\/i><\/span>Zeitplan<\/h3><p><span class='evo_eventcard_time_t'>25 August 2026 11:00<\/span><span class='evo_tz marr5'>(GMT+02:00)<\/span><\/p>\n\t\t<\/div>\n\t<\/div><\/div><div id='event_location' class='evocard_box location' data-c='' \n\t\t\t\t\tstyle=''><div class='evcal_evdata_row evo_metarow_time_location evorow '>\n\t\t\n\t\t\t<span class='evcal_evdata_icons'><i class='fa fa-map-marker'><\/i><\/span>\n\t\t\t<div class='evcal_evdata_cell' data-loc_tax_id='36'><h3 class='evo_h3 evodfx'><span class='evcal_evdata_icons'><i class='fa fa-map-marker'><\/i><\/span>Ort<\/h3><p class='evo_location_name'>Seilbahn Ankunft Predazzo-Gardon\u00e8<\/p><div class='padt10'><span class='evo_btn_arr evolb_trigger' data-lbvals=\"{&quot;lbc&quot;:&quot;evo_location_lb_36&quot;,&quot;lbac&quot;:&quot;lb_max&quot;,&quot;t&quot;:&quot;Seilbahn Ankunft Predazzo-Gardon\\u00e8&quot;,&quot;ajax&quot;:&quot;yes&quot;,&quot;ajax_type&quot;:&quot;endpoint&quot;,&quot;ajax_action&quot;:&quot;eventon_get_tax_card_content&quot;,&quot;end&quot;:&quot;client&quot;,&quot;d&quot;:{&quot;lang&quot;:&quot;L2&quot;,&quot;term_id&quot;:36,&quot;tax&quot;:&quot;event_location&quot;,&quot;load_lbcontent&quot;:true},&quot;uid&quot;:&quot;eventon_get_tax_card_content&quot;}\" >Other Events<i class='fa fa-chevron-right'><\/i><\/span><\/div><\/div>\n\t\t\n\t<\/div><\/div><\/div><div class='evocard_row bx2 bx'><div id='event_learnmore' class='evocard_box learnmore' data-c='' \n\t\t\t\t\tstyle=''><div class='evo_metarow_learnM evo_metarow_learnmore evorow'>\n\t\t\t\t\t\t\t<a class='evcal_evdata_row evo_clik_row ' href='https:\/\/www.montagnanimata.it\/de\/spektakel\/' target=\"_blank\">\n\t\t\t\t\t\t\t\t<span class='evcal_evdata_icons'><i class='fa fa-link'><\/i><\/span>\n\t\t\t\t\t\t\t\t<h3 class='evo_h3'>Entdecke mehr<\/h3>\n\t\t\t\t\t\t\t<\/a>\n\t\t\t\t\t\t\t<\/div><\/div><div id='event_addtocal' class='evocard_box addtocal' data-c='' \n\t\t\t\t\tstyle=''><div class='evo_metarow_ICS evorow evcal_evdata_row'>\n\t\t\t<span class='evcal_evdata_icons'><i class='fa fa-calendar-o'><\/i><\/span>\n\t\t\t<div class='evcal_evdata_cell'>\n\t\t\t\t<p><a href='https:\/\/latemarium.com\/de\/export-events\/2856_7\/?nonce=7b34e59f7d' class='evo_ics_nCal' title='Zu Ihrem Kalender hinzuf\u00fcgen'>Kalender<\/a><a href='https:\/\/www.google.com\/calendar\/event?action=TEMPLATE&text=DORT+OBEN+ERWARTET+UNS+DIE+STRASSE+DES+DAH%C3%99&dates=20260825T090000Z%2F20260825T215900Z&ctz=Europe%2FRome&details=DORT OBEN ERWARTET UNS DIE STRASSE DES DAH\u00d9&location=Seilbahn+Ankunft+Predazzo-Gardon%C3%A8' target='_blank' class='evo_ics_gCal' title='Zu Google Kalender hinzuf\u00fcgen'>GoogleCal<\/a><\/p>\t\n\t\t\t<\/div>\n\t\t<\/div><\/div><\/div><div class='evocard_row'><div id='event_getdirection' class='evocard_box getdirection' data-c='' \n\t\t\t\t\tstyle=''><div class='evo_metarow_getDr evorow evcal_evdata_row evcal_evrow_sm getdirections'>\n\t\t<form action='https:\/\/maps.google.com\/maps' method='get' target='_blank'>\n\t\t\t<input type='hidden' name='daddr' value=\"46.32878794406342,11.600176728690842\"\/> \n\t\t\t<div class='evo_get_direction_content evo_fx_dr_r evogap10'>\n\t\t\t\t<span class='evogetdir_header evodfx evofx_dr_r evofx_ai_c marr10'>\n\t\t\t\t\t<i class='mainicon fa fa-road'><\/i> \n\t\t\t\t\t<h3 class='evo_h3' style='padding-bottom:5px;'>Wegbeschreibung abrufen<\/h3>\n\t\t\t\t<\/span>\n\t\t\t\t<span class='evogetdir_field evodfx evofx_1_1 evo_fx_dr_c evow100p'>\t\t\t\t\t\n\t\t\t\t\t<input class='evoInput evotac' type='text' name='saddr' placeholder='&quot;Geben Sie die Adresse ein' value='' style='margin:10px 0;'\/>\n\t\t\t\t<\/span>\n\t\t\t\t<button type='submit' class='evo_get_direction_button evo_btn_arr_circ dfx fx_ai_c' title='&quot;Klicken Sie hier'><i class='fa fa-chevron-right'><\/i> <\/button>\n\t\t\t<\/div>\n\t\t<\/form>\n\t<\/div><\/div><\/div><div class='evo_card_row_end evcal_close' title='Schlie\u00dfen'><\/div><\/div><div class='clear end'><\/div><\/div><div id=\"event_2107_9\" class=\"eventon_list_event evo_eventtop scheduled  event clrW no_et event_2107_9\" data-event_id=\"2107\" data-ri=\"9r\" data-time=\"1787657400-1787695140\" data-colr=\"#facd05\" itemscope itemtype='http:\/\/schema.org\/Event'><div class=\"evo_event_schema\" style=\"display:none\" ><a itemprop='url'  href='https:\/\/latemarium.com\/de\/events\/mindful-latemar\/var\/ri-9.l-L2'><\/a><meta itemprop='image' content=\"https:\/\/latemarium.com\/wp-content\/uploads\/2023\/06\/\u00a9Obereggen_LatemarAG.SpA_Mindful.Latemar_Ph.Guenther.Pichler_06.jpg\" \/><meta itemprop='startDate' content=\"2026-8-25T13:30+0:00\" \/><meta itemprop='endDate' content=\"2026-8-25T23:59+0:00\" \/><meta itemprop='eventStatus' content=\"https:\/\/schema.org\/EventScheduled\" \/><meta itemprop='eventAttendanceMode'   itemscope itemtype=\"https:\/\/schema.org\/OfflineEventAttendanceMode\"\/><div style=\"display:none\" itemprop=\"location\" itemscope itemtype=\"http:\/\/schema.org\/Place\"><span itemprop=\"name\">Talstation Obereggen<\/span><span itemprop=\"address\" itemscope itemtype=\"http:\/\/schema.org\/PostalAddress\"><item itemprop=\"streetAddress\">Obereggen 16 I-39050 Deutschnofen (BZ)<\/item><\/span><\/div><script type=\"application\/ld+json\">{\"@context\": \"http:\/\/schema.org\",\"@type\": \"Event\",\n\t\t\t\t\"@id\": \"event_2107_9\",\n\t\t\t\t\"eventAttendanceMode\":\"https:\/\/schema.org\/OfflineEventAttendanceMode\",\n\t\t\t\t\"eventStatus\":\"https:\/\/schema.org\/EventScheduled\",\n\t\t\t\t\"name\": \"Mindful.Latemar\",\n\t\t\t\t\"url\": \"https:\/\/latemarium.com\/de\/events\/mindful-latemar\/var\/ri-9.l-L2\",\n\t\t\t\t\"startDate\": \"2026-8-25T13:30+0:00\",\n\t\t\t\t\"endDate\": \"2026-8-25T23:59+0:00\",\n\t\t\t\t\"image\":\"https:\/\/latemarium.com\/wp-content\/uploads\/2023\/06\/\u00a9Obereggen_LatemarAG.SpA_Mindful.Latemar_Ph.Guenther.Pichler_06.jpg\", \n\t\t\t\t\"description\":\"<p>Mindful.Latemar befindet sich in Obereggen entlang des <strong>Rundweges auf dem Golfrion<\/strong>, am Fu\u00dfe der Dolomiten auf 1872 Metern Meeresh\u00f6he.<\/p> <p>Der Weg beinhaltet <strong>18 verschiedene Mindfulness-\u00dcbungen<\/strong> an einem besonderen Ort, der nach dem Sturm Vaia im November 2018 ein Beispiel f\u00fcr Best\u00e4ndigkeit und Resilienz wurde.<\/p> <h3 class='wysiwyg__subline'>Dr. Thomas Bernagozzi begleitet dich immer dienstags:<\/h3> <div class='wysiwyg__description'> <p>von 13.30 bis 15.30 Uhr (auf Deutsch )<br \/> von 15.45 bis 17.45 Uhr (auf Italienisch)<\/p> <ul> <li>Treffpunkt: Talstation der Kabinenbahn &#8220;Obereggen-Ochsenweide&#8221;<\/li> <li>Kosten: 30 Euro inklusive der Berg- und Talfahrt<\/li> <li>Anmeldung online:\u00a0<a href='https:\/\/eggental.com\/de\/ajax-events#11944' target='_blank' rel='noopener'><strong><u>Eggental Tourismus<\/u><\/strong><\/a>\u00a0(max. 10 Personen)<\/li> <\/ul> <\/div> \",\"location\":[{\"@type\":\"Place\",\"name\":\"Talstation Obereggen\",\"address\":{\"@type\": \"PostalAddress\",\"streetAddress\":\"Obereggen 16 I-39050 Deutschnofen (BZ)\"}}]}<\/script><\/div>\r\n\t\t\t\t<p class=\"desc_trig_outter\" style=\"\"><a data-gmtrig=\"1\" data-exlk=\"0\" style=\"background-color: #facd05;\" id=\"evc_17876574002107\" class=\"hasFtIMG event_repeat desc_trig sin_val evcal_list_a\" data-ux_val=\"3\" data-ux_val_mob=\"-\"  ><span class='evoet_c1 evoet_cx '><span class='ev_ftImg' data-img='https:\/\/latemarium.com\/wp-content\/uploads\/2023\/06\/\u00a9Obereggen_LatemarAG.SpA_Mindful.Latemar_Ph.Guenther.Pichler_06.jpg' data-thumb='https:\/\/latemarium.com\/wp-content\/uploads\/2023\/06\/\u00a9Obereggen_LatemarAG.SpA_Mindful.Latemar_Ph.Guenther.Pichler_06-300x169.jpg' style='background-image:url(\"https:\/\/latemarium.com\/wp-content\/uploads\/2023\/06\/\u00a9Obereggen_LatemarAG.SpA_Mindful.Latemar_Ph.Guenther.Pichler_06-300x169.jpg\")' ><\/span><\/span><span class='evoet_c2 evoet_cx '><span class='evoet_dayblock evcal_cblock ' data-bgcolor='#facd05' data-smon='August' data-syr='2026' data-bub=''><span class='evo_start '><em class='date'>25<\/em><em class='month'>Aug<\/em><em class='time'>13:30<\/em><\/span><\/span><\/span><span class='evoet_c3 evoet_cx evcal_desc hide_eventtopdata '><span class='evoet_title evcal_desc2 evcal_event_title ' itemprop='name'>Mindful.Latemar<\/span><span class='event_location_attrs'  data-location_address=\"Obereggen 16 I-39050 Deutschnofen (BZ)\" data-location_type=\"lonlat\" data-location_name=\"Talstation Obereggen\" data-location_url=\"https:\/\/latemarium.com\/de\/event-location\/talstation-obereggen\/\" data-location_status=\"true\" data-latlng=\"46.3835808246333,11.52667595881786\"><\/span><span class='evoet_subtitle evo_below_title' ><span class='evcal_event_subtitle ' >Mindful.Latemar ist der erste immersive Achtsamkeitspfad in den Alpen.<\/span><\/span><span class='evoet_time_expand level_3'><em class='evcal_time evo_tz_time'><i class='fa fa-clock-o'><\/i>13:30<span class='evo_tz marl5'>(GMT+02:00)<\/span><\/em> <\/span><span class='evoet_location level_3'><em class=\"evcal_location\"  data-latlng=\"46.3835808246333,11.52667595881786\" data-add_str=\"Obereggen 16 I-39050 Deutschnofen (BZ)\" data-n=\"Talstation Obereggen\"><i class=\"fa fa-location-pin\"><\/i><em class=\"event_location_name\">Talstation Obereggen<\/em>, Obereggen 16 I-39050 Deutschnofen (BZ)<\/em><\/span><\/span><span class='evoet_data' data-d=\"{&quot;loc.n&quot;:&quot;Talstation Obereggen&quot;,&quot;orgs&quot;:[],&quot;tags&quot;:{&quot;repeating&quot;:&quot;Repeating Event&quot;}}\" data-bgc=\"#facd05\" data-bggrad=\"\" ><\/span><\/a><\/p><div class='event_description evcal_eventcard ' style=\"display:none\"><div class='evocard_row'><div id='event_ftimage' class='evocard_box ftimage' data-c='' \n\t\t\t\t\tstyle=''><div class='evocard_main_image_hold' data-t='Loading Image..'><div class='evocard_main_image evo_img_triglb evobr15 evobgsc evobgpc evodfx evofx_jc_c evofx_ai_c evofz48 minmized' style='height:300px; background-image:url();' data-f=\"https:\/\/latemarium.com\/wp-content\/uploads\/2023\/06\/\u00a9Obereggen_LatemarAG.SpA_Mindful.Latemar_Ph.Guenther.Pichler_06.jpg\" data-h=\"812\" data-w=\"1445\" data-ratio=\"0.56193771626298\" data-event_id=\"2107\" data-ri=\"9\"  data-t='Loading Image..'><span style='height:300px; background-image:url(https:\/\/latemarium.com\/wp-content\/uploads\/2023\/06\/\u00a9Obereggen_LatemarAG.SpA_Mindful.Latemar_Ph.Guenther.Pichler_06.jpg)'><\/span><\/div><\/div><\/div><\/div><div class='evocard_row'><div id='event_eventdetails' class='evocard_box eventdetails' data-c='' \n\t\t\t\t\tstyle=''><div class='evo_metarow_details evorow evcal_evdata_row evcal_event_details'>\n\t\t<div class=\"event_excerpt\" style=\"display:none\"><h3 class=\"padb5 evo_h3\">Details zur Veranstaltung<\/h3><p>Mindful.Latemar befindet sich in Obereggen entlang des Rundweges auf dem Golfrion, am Fu\u00dfe der Dolomiten auf 1872 Metern Meeresh\u00f6he.\nDer Weg beinhaltet 18 verschiedene Mindfulness-\u00dcbungen an einem besonderen Ort, der nach<\/p><\/div><span class='evcal_evdata_icons'><i class='fa fa-align-justify'><\/i><\/span>\n\t\t\n\t\t<div class='evcal_evdata_cell shorter_desc'>\n\t\t\t<div class='eventon_full_description'>\n\t\t\t\t<h3 class='padb5 evo_h3'><span class='evcal_evdata_icons'><i class='fa fa-align-justify'><\/i><\/span>Details zur Veranstaltung<\/h3>\n\t\t\t\t<div class='eventon_desc_in' itemprop='description'>\n\t\t\t\t<p>Mindful.Latemar befindet sich in Obereggen entlang des <strong>Rundweges auf dem Golfrion<\/strong>, am Fu\u00dfe der Dolomiten auf 1872 Metern Meeresh\u00f6he.<\/p>\n<p>Der Weg beinhaltet <strong>18 verschiedene Mindfulness-\u00dcbungen<\/strong> an einem besonderen Ort, der nach dem Sturm Vaia im November 2018 ein Beispiel f\u00fcr Best\u00e4ndigkeit und Resilienz wurde.<\/p>\n<h3 class=\"wysiwyg__subline\">Dr. Thomas Bernagozzi begleitet dich immer dienstags:<\/h3>\n<div class=\"wysiwyg__description\">\n<p>von 13.30 bis 15.30 Uhr (auf Deutsch )<br \/>\nvon 15.45 bis 17.45 Uhr (auf Italienisch)<\/p>\n<ul>\n<li>Treffpunkt: Talstation der Kabinenbahn &#8220;Obereggen-Ochsenweide&#8221;<\/li>\n<li>Kosten: 30 Euro inklusive der Berg- und Talfahrt<\/li>\n<li>Anmeldung online:\u00a0<a href=\"https:\/\/eggental.com\/de\/ajax-events#11944\" target=\"_blank\" rel=\"noopener\"><strong><u>Eggental Tourismus<\/u><\/strong><\/a>\u00a0(max. 10 Personen)<\/li>\n<\/ul>\n<\/div>\n<\/div><p class='eventon_shad_p' style='padding:5px 0 0; margin:0'>\n\t\t\t<span class='evcal_btn evo_btn_secondary evobtn_details_show_more' content='less'>\n\t\t\t\t<span class='ev_more_text' data-txt='Weniger'>Mehr<\/span><span class='ev_more_arrow ard'><\/span>\n\t\t\t<\/span>\n\t\t<\/p><div class='clear'><\/div>\n\t\t\t<\/div>\n\t\t<\/div>\n\t<\/div><\/div><\/div><div class='evocard_row bx2 bx'><div id='event_time' class='evocard_box time' data-c='' \n\t\t\t\t\tstyle=''><div class='evo_metarow_time evorow evcal_evdata_row evcal_evrow_sm '>\n\t\t<span class='evcal_evdata_icons'><i class='fa fa-clock'><\/i><\/span>\n\t\t<div class='evcal_evdata_cell'>\t\t\t\t\t\t\t\n\t\t\t<h3 class='evo_h3'><span class='evcal_evdata_icons'><i class='fa fa-clock'><\/i><\/span>Zeitplan<\/h3><p><span class='evo_eventcard_time_t'>25 August 2026 13:30<\/span><span class='evo_tz marr5'>(GMT+02:00)<\/span><\/p>\n\t\t<\/div>\n\t<\/div><\/div><div id='event_location' class='evocard_box location' data-c='' \n\t\t\t\t\tstyle=''><div class='evcal_evdata_row evo_metarow_time_location evorow '>\n\t\t\n\t\t\t<span class='evcal_evdata_icons'><i class='fa fa-map-marker'><\/i><\/span>\n\t\t\t<div class='evcal_evdata_cell' data-loc_tax_id='23'><h3 class='evo_h3 evodfx'><span class='evcal_evdata_icons'><i class='fa fa-map-marker'><\/i><\/span>Ort<\/h3><p class='evo_location_name'>Talstation Obereggen<\/p><p class='evo_location_address evodfxi evogap10'>Obereggen 16 I-39050 Deutschnofen (BZ)<\/p><div class='padt10'><span class='evo_btn_arr evolb_trigger' data-lbvals=\"{&quot;lbc&quot;:&quot;evo_location_lb_23&quot;,&quot;lbac&quot;:&quot;lb_max&quot;,&quot;t&quot;:&quot;Talstation Obereggen&quot;,&quot;ajax&quot;:&quot;yes&quot;,&quot;ajax_type&quot;:&quot;endpoint&quot;,&quot;ajax_action&quot;:&quot;eventon_get_tax_card_content&quot;,&quot;end&quot;:&quot;client&quot;,&quot;d&quot;:{&quot;lang&quot;:&quot;L2&quot;,&quot;term_id&quot;:23,&quot;tax&quot;:&quot;event_location&quot;,&quot;load_lbcontent&quot;:true},&quot;uid&quot;:&quot;eventon_get_tax_card_content&quot;}\" >Other Events<i class='fa fa-chevron-right'><\/i><\/span><\/div><\/div>\n\t\t\n\t<\/div><\/div><\/div><div class='evocard_row bx2 bx'><div id='event_learnmore' class='evocard_box learnmore' data-c='' \n\t\t\t\t\tstyle=''><div class='evo_metarow_learnM evo_metarow_learnmore evorow'>\n\t\t\t\t\t\t\t<a class='evcal_evdata_row evo_clik_row ' href='https:\/\/obereggen.com\/de\/mindfullatemar' target=\"_blank\">\n\t\t\t\t\t\t\t\t<span class='evcal_evdata_icons'><i class='fa fa-link'><\/i><\/span>\n\t\t\t\t\t\t\t\t<h3 class='evo_h3'>Entdecke mehr<\/h3>\n\t\t\t\t\t\t\t<\/a>\n\t\t\t\t\t\t\t<\/div><\/div><div id='event_addtocal' class='evocard_box addtocal' data-c='' \n\t\t\t\t\tstyle=''><div class='evo_metarow_ICS evorow evcal_evdata_row'>\n\t\t\t<span class='evcal_evdata_icons'><i class='fa fa-calendar-o'><\/i><\/span>\n\t\t\t<div class='evcal_evdata_cell'>\n\t\t\t\t<p><a href='https:\/\/latemarium.com\/de\/export-events\/2107_9\/?nonce=7b34e59f7d' class='evo_ics_nCal' title='Zu Ihrem Kalender hinzuf\u00fcgen'>Kalender<\/a><a href='https:\/\/www.google.com\/calendar\/event?action=TEMPLATE&text=Mindful.Latemar&dates=20260825T113000Z%2F20260825T215900Z&ctz=Europe%2FRome&details=Mindful.Latemar&location=Talstation+Obereggen+Obereggen+16+I-39050+Deutschnofen+%28BZ%29' target='_blank' class='evo_ics_gCal' title='Zu Google Kalender hinzuf\u00fcgen'>GoogleCal<\/a><\/p>\t\n\t\t\t<\/div>\n\t\t<\/div><\/div><\/div><div class='evocard_row'><div id='event_getdirection' class='evocard_box getdirection' data-c='' \n\t\t\t\t\tstyle=''><div class='evo_metarow_getDr evorow evcal_evdata_row evcal_evrow_sm getdirections'>\n\t\t<form action='https:\/\/maps.google.com\/maps' method='get' target='_blank'>\n\t\t\t<input type='hidden' name='daddr' value=\"46.3835808246333,11.52667595881786\"\/> \n\t\t\t<div class='evo_get_direction_content evo_fx_dr_r evogap10'>\n\t\t\t\t<span class='evogetdir_header evodfx evofx_dr_r evofx_ai_c marr10'>\n\t\t\t\t\t<i class='mainicon fa fa-road'><\/i> \n\t\t\t\t\t<h3 class='evo_h3' style='padding-bottom:5px;'>Wegbeschreibung abrufen<\/h3>\n\t\t\t\t<\/span>\n\t\t\t\t<span class='evogetdir_field evodfx evofx_1_1 evo_fx_dr_c evow100p'>\t\t\t\t\t\n\t\t\t\t\t<input class='evoInput evotac' type='text' name='saddr' placeholder='&quot;Geben Sie die Adresse ein' value='' style='margin:10px 0;'\/>\n\t\t\t\t<\/span>\n\t\t\t\t<button type='submit' class='evo_get_direction_button evo_btn_arr_circ dfx fx_ai_c' title='&quot;Klicken Sie hier'><i class='fa fa-chevron-right'><\/i> <\/button>\n\t\t\t<\/div>\n\t\t<\/form>\n\t<\/div><\/div><\/div><div class='evo_card_row_end evcal_close' title='Schlie\u00dfen'><\/div><\/div><div class='clear end'><\/div><\/div><div id=\"event_2684_5\" class=\"eventon_list_event evo_eventtop scheduled  event clrD event_2684_5\" data-event_id=\"2684\" data-ri=\"5r\" data-time=\"1787662800-1787668200\" data-colr=\"#ba181d\" itemscope itemtype='http:\/\/schema.org\/Event'><div class=\"evo_event_schema\" style=\"display:none\" ><a itemprop='url'  href='https:\/\/latemarium.com\/de\/events\/respirart-kleine-bergschmankerl-kochworkshop\/var\/ri-5.l-L2'><\/a><meta itemprop='image' content=\"https:\/\/latemarium.com\/wp-content\/uploads\/2019\/06\/Weigler_Schupf_Kaiserschmarren_2.jpg\" \/><meta itemprop='startDate' content=\"2026-8-25T15:00+0:00\" \/><meta itemprop='endDate' content=\"2026-8-25T16:30+0:00\" \/><meta itemprop='eventStatus' content=\"https:\/\/schema.org\/EventScheduled\" \/><meta itemprop='eventAttendanceMode'   itemscope itemtype=\"https:\/\/schema.org\/OfflineEventAttendanceMode\"\/><div style=\"display:none\" itemprop=\"location\" itemscope itemtype=\"http:\/\/schema.org\/Place\"><span itemprop=\"name\">Bergh\u00fctte Monte Agnello<\/span><span itemprop=\"address\" itemscope itemtype=\"http:\/\/schema.org\/PostalAddress\"><item itemprop=\"streetAddress\">Loc. Pampeago, 9, 38038 Tesero TN<\/item><\/span><\/div><script type=\"application\/ld+json\">{\"@context\": \"http:\/\/schema.org\",\"@type\": \"Event\",\n\t\t\t\t\"@id\": \"event_2684_5\",\n\t\t\t\t\"eventAttendanceMode\":\"https:\/\/schema.org\/OfflineEventAttendanceMode\",\n\t\t\t\t\"eventStatus\":\"https:\/\/schema.org\/EventScheduled\",\n\t\t\t\t\"name\": \"Respirart: Kleine Bergschmankerl, Kochworkshop.\",\n\t\t\t\t\"url\": \"https:\/\/latemarium.com\/de\/events\/respirart-kleine-bergschmankerl-kochworkshop\/var\/ri-5.l-L2\",\n\t\t\t\t\"startDate\": \"2026-8-25T15:00+0:00\",\n\t\t\t\t\"endDate\": \"2026-8-25T16:30+0:00\",\n\t\t\t\t\"image\":\"https:\/\/latemarium.com\/wp-content\/uploads\/2019\/06\/Weigler_Schupf_Kaiserschmarren_2.jpg\", \n\t\t\t\t\"description\":\"<p>Wir werden G\u00e4ste der Monte-Agnello-H\u00fctte sein, um von uns neu erfundene Bergspezialit\u00e4ten zuzubereiten, zu kochen und zu genie\u00dfen. Der Workshop ist f\u00fcr die Kleinen, aber Mama und Papa werden bereit sein, mit Stift f\u00fcr Notizen und Gabel zum Probieren!<\/p> <p><strong>Kostenlose Aktivit\u00e4t<\/strong>, begrenzte Teilnehmerzahl, geeignet f\u00fcr Kinder von 5 bis 12 Jahren.<\/p> <p><strong>Info und Reservierung<\/strong>: +39 0462 813265<\/p> \",\"location\":[{\"@type\":\"Place\",\"name\":\"Bergh\u00fctte Monte Agnello\",\"address\":{\"@type\": \"PostalAddress\",\"streetAddress\":\"Loc. Pampeago, 9, 38038 Tesero TN\"}}]}<\/script><\/div>\r\n\t\t\t\t<p class=\"desc_trig_outter\" style=\"\"><a data-gmtrig=\"1\" data-exlk=\"0\" style=\"background-color: #ba181d;\" id=\"evc_17876628002684\" class=\"hasFtIMG event_repeat desc_trig sin_val evcal_list_a\" data-ux_val=\"3\" data-ux_val_mob=\"-\"  ><span class='evoet_c1 evoet_cx '><span class='ev_ftImg' data-img='https:\/\/latemarium.com\/wp-content\/uploads\/2019\/06\/Weigler_Schupf_Kaiserschmarren_2.jpg' data-thumb='https:\/\/latemarium.com\/wp-content\/uploads\/2019\/06\/Weigler_Schupf_Kaiserschmarren_2-300x202.jpg' style='background-image:url(\"https:\/\/latemarium.com\/wp-content\/uploads\/2019\/06\/Weigler_Schupf_Kaiserschmarren_2-300x202.jpg\")' ><\/span><\/span><span class='evoet_c2 evoet_cx '><span class='evoet_dayblock evcal_cblock ' data-bgcolor='#ba181d' data-smon='August' data-syr='2026' data-bub=''><span class='evo_start '><em class='date'>25<\/em><em class='month'>Aug<\/em><em class='time'>15:00<\/em><\/span><span class='evo_end only_time'><em class='time'>16:30<\/em><\/span><\/span><\/span><span class='evoet_c3 evoet_cx evcal_desc hide_eventtopdata '><span class='evoet_title evcal_desc2 evcal_event_title ' itemprop='name'>Respirart: Kleine Bergschmankerl, Kochworkshop.<\/span><span class='event_location_attrs'  data-location_address=\"Loc. Pampeago, 9, 38038 Tesero TN\" data-location_type=\"lonlat\" data-location_name=\"Bergh\u00fctte Monte Agnello\" data-location_url=\"https:\/\/latemarium.com\/de\/event-location\/berghuette-monte-agnello\/\" data-location_status=\"true\" data-latlng=\"46.333809095680266,11.547693182509184\"><\/span><span class='evoet_subtitle evo_below_title' ><span class='evcal_event_subtitle ' >MONTE AGNELLO H\u00dcTTE<\/span><\/span><span class='evoet_time_expand level_3'><em class='evcal_time evo_tz_time'><i class='fa fa-clock-o'><\/i>15:00 - 16:30<span class='evo_tz marl5'>(GMT+02:00)<\/span><\/em> <\/span><span class='evoet_location level_3'><em class=\"evcal_location\"  data-latlng=\"46.333809095680266,11.547693182509184\" data-add_str=\"Loc. Pampeago, 9, 38038 Tesero TN\" data-n=\"Bergh\u00fctte Monte Agnello\"><i class=\"fa fa-location-pin\"><\/i><em class=\"event_location_name\">Bergh\u00fctte Monte Agnello<\/em>, Loc. Pampeago, 9, 38038 Tesero TN<\/em><\/span><\/span><span class='evoet_data' data-d=\"{&quot;loc.n&quot;:&quot;Bergh\\u00fctte Monte Agnello&quot;,&quot;orgs&quot;:[],&quot;tags&quot;:{&quot;repeating&quot;:&quot;Repeating Event&quot;}}\" data-bgc=\"#ba181d\" data-bggrad=\"\" ><\/span><\/a><\/p><div class='event_description evcal_eventcard ' style=\"display:none\"><div class='evocard_row'><div id='event_ftimage' class='evocard_box ftimage' data-c='' \n\t\t\t\t\tstyle=''><div class='evocard_main_image_hold' data-t='Loading Image..'><div class='evocard_main_image evo_img_triglb evobr15 evobgsc evobgpc evodfx evofx_jc_c evofx_ai_c evofz48 minmized' style='height:300px; background-image:url();' data-f=\"https:\/\/latemarium.com\/wp-content\/uploads\/2019\/06\/Weigler_Schupf_Kaiserschmarren_2.jpg\" data-h=\"3840\" data-w=\"5695\" data-ratio=\"0.67427568042142\" data-event_id=\"2684\" data-ri=\"5\"  data-t='Loading Image..'><span style='height:300px; background-image:url(https:\/\/latemarium.com\/wp-content\/uploads\/2019\/06\/Weigler_Schupf_Kaiserschmarren_2.jpg)'><\/span><\/div><\/div><\/div><\/div><div class='evocard_row'><div id='event_eventdetails' class='evocard_box eventdetails' data-c='' \n\t\t\t\t\tstyle=''><div class='evo_metarow_details evorow evcal_evdata_row evcal_event_details'>\n\t\t<div class=\"event_excerpt\" style=\"display:none\"><h3 class=\"padb5 evo_h3\">Details zur Veranstaltung<\/h3><p>Wir werden G\u00e4ste der Monte-Agnello-H\u00fctte sein, um von uns neu erfundene Bergspezialit\u00e4ten zuzubereiten, zu kochen und zu genie\u00dfen. Der Workshop ist f\u00fcr die Kleinen, aber Mama und Papa werden bereit<\/p><\/div><span class='evcal_evdata_icons'><i class='fa fa-align-justify'><\/i><\/span>\n\t\t\n\t\t<div class='evcal_evdata_cell '>\n\t\t\t<div class='eventon_full_description'>\n\t\t\t\t<h3 class='padb5 evo_h3'><span class='evcal_evdata_icons'><i class='fa fa-align-justify'><\/i><\/span>Details zur Veranstaltung<\/h3>\n\t\t\t\t<div class='eventon_desc_in' itemprop='description'>\n\t\t\t\t<p>Wir werden G\u00e4ste der Monte-Agnello-H\u00fctte sein, um von uns neu erfundene Bergspezialit\u00e4ten zuzubereiten, zu kochen und zu genie\u00dfen. Der Workshop ist f\u00fcr die Kleinen, aber Mama und Papa werden bereit sein, mit Stift f\u00fcr Notizen und Gabel zum Probieren!<\/p>\n<p><strong>Kostenlose Aktivit\u00e4t<\/strong>, begrenzte Teilnehmerzahl, geeignet f\u00fcr Kinder von 5 bis 12 Jahren.<\/p>\n<p><strong>Info und Reservierung<\/strong>: +39 0462 813265<\/p>\n<\/div><div class='clear'><\/div>\n\t\t\t<\/div>\n\t\t<\/div>\n\t<\/div><\/div><\/div><div class='evocard_row bx2 bx'><div id='event_time' class='evocard_box time' data-c='' \n\t\t\t\t\tstyle=''><div class='evo_metarow_time evorow evcal_evdata_row evcal_evrow_sm '>\n\t\t<span class='evcal_evdata_icons'><i class='fa fa-clock'><\/i><\/span>\n\t\t<div class='evcal_evdata_cell'>\t\t\t\t\t\t\t\n\t\t\t<h3 class='evo_h3'><span class='evcal_evdata_icons'><i class='fa fa-clock'><\/i><\/span>Zeitplan<\/h3><p><span class='evo_eventcard_time_t'>25 August 2026 15:00 - 16:30<\/span><span class='evo_tz marr5'>(GMT+02:00)<\/span><\/p>\n\t\t<\/div>\n\t<\/div><\/div><div id='event_location' class='evocard_box location' data-c='' \n\t\t\t\t\tstyle=''><div class='evcal_evdata_row evo_metarow_time_location evorow '>\n\t\t\n\t\t\t<span class='evcal_evdata_icons'><i class='fa fa-map-marker'><\/i><\/span>\n\t\t\t<div class='evcal_evdata_cell' data-loc_tax_id='25'><h3 class='evo_h3 evodfx'><span class='evcal_evdata_icons'><i class='fa fa-map-marker'><\/i><\/span><a target=\"_blank\" href=\"https:\/\/www.facebook.com\/profile.php?id=100064742944609\">Ort<\/a><\/h3><p class='evo_location_name'><a target=\"_blank\" href=\"https:\/\/www.facebook.com\/profile.php?id=100064742944609\">Bergh\u00fctte Monte Agnello<\/a><\/p><p class='evo_location_address evodfxi evogap10'><a target=\"_blank\" href=\"https:\/\/www.facebook.com\/profile.php?id=100064742944609\">Loc. Pampeago, 9, 38038 Tesero TN<\/a><\/p><div class='padt10'><span class='evo_btn_arr evolb_trigger' data-lbvals=\"{&quot;lbc&quot;:&quot;evo_location_lb_25&quot;,&quot;lbac&quot;:&quot;lb_max&quot;,&quot;t&quot;:&quot;Bergh\\u00fctte Monte Agnello&quot;,&quot;ajax&quot;:&quot;yes&quot;,&quot;ajax_type&quot;:&quot;endpoint&quot;,&quot;ajax_action&quot;:&quot;eventon_get_tax_card_content&quot;,&quot;end&quot;:&quot;client&quot;,&quot;d&quot;:{&quot;lang&quot;:&quot;L2&quot;,&quot;term_id&quot;:25,&quot;tax&quot;:&quot;event_location&quot;,&quot;load_lbcontent&quot;:true},&quot;uid&quot;:&quot;eventon_get_tax_card_content&quot;}\" >Other Events<i class='fa fa-chevron-right'><\/i><\/span><\/div><\/div>\n\t\t\n\t<\/div><\/div><\/div><div class='evocard_row'><div id='event_addtocal' class='evocard_box addtocal' data-c='' \n\t\t\t\t\tstyle=''><div class='evo_metarow_ICS evorow evcal_evdata_row'>\n\t\t\t<span class='evcal_evdata_icons'><i class='fa fa-calendar-o'><\/i><\/span>\n\t\t\t<div class='evcal_evdata_cell'>\n\t\t\t\t<p><a href='https:\/\/latemarium.com\/de\/export-events\/2684_5\/?nonce=7b34e59f7d' class='evo_ics_nCal' title='Zu Ihrem Kalender hinzuf\u00fcgen'>Kalender<\/a><a href='https:\/\/www.google.com\/calendar\/event?action=TEMPLATE&text=Respirart%3A+Kleine+Bergschmankerl%2C+Kochworkshop.&dates=20260825T130000Z%2F20260825T143000Z&ctz=Europe%2FRome&details=Respirart: Kleine Bergschmankerl, Kochworkshop.&location=Bergh%C3%BCtte+Monte+Agnello+Loc.+Pampeago%2C+9%2C+38038+Tesero+TN' target='_blank' class='evo_ics_gCal' title='Zu Google Kalender hinzuf\u00fcgen'>GoogleCal<\/a><\/p>\t\n\t\t\t<\/div>\n\t\t<\/div><\/div><\/div><div class='evocard_row'><div id='event_getdirection' class='evocard_box getdirection' data-c='' \n\t\t\t\t\tstyle=''><div class='evo_metarow_getDr evorow evcal_evdata_row evcal_evrow_sm getdirections'>\n\t\t<form action='https:\/\/maps.google.com\/maps' method='get' target='_blank'>\n\t\t\t<input type='hidden' name='daddr' value=\"46.333809095680266,11.547693182509184\"\/> \n\t\t\t<div class='evo_get_direction_content evo_fx_dr_r evogap10'>\n\t\t\t\t<span class='evogetdir_header evodfx evofx_dr_r evofx_ai_c marr10'>\n\t\t\t\t\t<i class='mainicon fa fa-road'><\/i> \n\t\t\t\t\t<h3 class='evo_h3' style='padding-bottom:5px;'>Wegbeschreibung abrufen<\/h3>\n\t\t\t\t<\/span>\n\t\t\t\t<span class='evogetdir_field evodfx evofx_1_1 evo_fx_dr_c evow100p'>\t\t\t\t\t\n\t\t\t\t\t<input class='evoInput evotac' type='text' name='saddr' placeholder='&quot;Geben Sie die Adresse ein' value='' style='margin:10px 0;'\/>\n\t\t\t\t<\/span>\n\t\t\t\t<button type='submit' class='evo_get_direction_button evo_btn_arr_circ dfx fx_ai_c' title='&quot;Klicken Sie hier'><i class='fa fa-chevron-right'><\/i> <\/button>\n\t\t\t<\/div>\n\t\t<\/form>\n\t<\/div><\/div><\/div><div class='evo_card_row_end evcal_close' title='Schlie\u00dfen'><\/div><\/div><div class='clear end'><\/div><\/div><div id=\"event_2184_8\" class=\"eventon_list_event evo_eventtop scheduled  event clrD no_et event_2184_8\" data-event_id=\"2184\" data-ri=\"8r\" data-time=\"1787729400-1787781540\" data-colr=\"#ba181d\" itemscope itemtype='http:\/\/schema.org\/Event'><div class=\"evo_event_schema\" style=\"display:none\" ><a itemprop='url'  href='https:\/\/latemarium.com\/de\/events\/geotrekking-torre-di-pisa\/var\/ri-8.l-L2'><\/a><meta itemprop='image' content=\"https:\/\/latemarium.com\/wp-content\/uploads\/2020\/06\/latemar-torre-di-pisa-estate-2019_ph.alice-russolo-90-scaled.jpg\" \/><meta itemprop='startDate' content=\"2026-8-26T09:30+0:00\" \/><meta itemprop='endDate' content=\"2026-8-26T23:59+0:00\" \/><meta itemprop='eventStatus' content=\"https:\/\/schema.org\/EventScheduled\" \/><meta itemprop='eventAttendanceMode'   itemscope itemtype=\"https:\/\/schema.org\/OfflineEventAttendanceMode\"\/><script type=\"application\/ld+json\">{\"@context\": \"http:\/\/schema.org\",\"@type\": \"Event\",\n\t\t\t\t\"@id\": \"event_2184_8\",\n\t\t\t\t\"eventAttendanceMode\":\"https:\/\/schema.org\/OfflineEventAttendanceMode\",\n\t\t\t\t\"eventStatus\":\"https:\/\/schema.org\/EventScheduled\",\n\t\t\t\t\"name\": \"Geotrekking Torre di Pisa\",\n\t\t\t\t\"url\": \"https:\/\/latemarium.com\/de\/events\/geotrekking-torre-di-pisa\/var\/ri-8.l-L2\",\n\t\t\t\t\"startDate\": \"2026-8-26T09:30+0:00\",\n\t\t\t\t\"endDate\": \"2026-8-26T23:59+0:00\",\n\t\t\t\t\"image\":\"https:\/\/latemarium.com\/wp-content\/uploads\/2020\/06\/latemar-torre-di-pisa-estate-2019_ph.alice-russolo-90-scaled.jpg\", \n\t\t\t\t\"description\":\"<p><strong>Spannender geologischer Ausflug in gro\u00dfer H\u00f6he<\/strong>, um das Latemar-Atoll zu entdecken, die Perle des fossilen Archipels der Dolomiten, ein UNESCO-Weltkulturerbe. Ein eindrucksvoller Rundweg, der von einem erfahrenen Geologen und Medienbergf\u00fchrer gef\u00fchrt wird. Vom Passo Feudo steigen Sie zur Schutzh\u00fctte Torre di Pisa auf, um dann in gro\u00dfer H\u00f6he bis zur Forcella dei Camosci weiterzugehen, von wo aus Sie wieder in die Tiefen des tropischen Meeres bis zum Ausgangspunkt abtauchen. Brotzeit. Mindestalter 12 Jahre.<\/p> <p>Die Route ist mittelschwer, mit gut begehbaren Wegen und kurzen, leicht ausgesetzten Abschnitten, mit einem H\u00f6henunterschied von ca. 780 Metern.<\/p> \"}<\/script><\/div>\r\n\t\t\t\t<p class=\"desc_trig_outter\" style=\"\"><a data-gmap_status=\"null\" data-exlk=\"0\" style=\"background-color: #ba181d;\" id=\"evc_17877294002184\" class=\"hasFtIMG event_repeat desc_trig sin_val evcal_list_a\" data-ux_val=\"3\" data-ux_val_mob=\"-\"  ><span class='evoet_c1 evoet_cx '><span class='ev_ftImg' data-img='https:\/\/latemarium.com\/wp-content\/uploads\/2020\/06\/latemar-torre-di-pisa-estate-2019_ph.alice-russolo-90-scaled.jpg' data-thumb='https:\/\/latemarium.com\/wp-content\/uploads\/2020\/06\/latemar-torre-di-pisa-estate-2019_ph.alice-russolo-90-300x200.jpg' style='background-image:url(\"https:\/\/latemarium.com\/wp-content\/uploads\/2020\/06\/latemar-torre-di-pisa-estate-2019_ph.alice-russolo-90-300x200.jpg\")' ><\/span><\/span><span class='evoet_c2 evoet_cx '><span class='evoet_dayblock evcal_cblock ' data-bgcolor='#ba181d' data-smon='August' data-syr='2026' data-bub=''><span class='evo_start '><em class='date'>26<\/em><em class='month'>Aug<\/em><em class='time'>09:30<\/em><\/span><\/span><\/span><span class='evoet_c3 evoet_cx evcal_desc hide_eventtopdata '><span class='evoet_title evcal_desc2 evcal_event_title ' itemprop='name'>Geotrekking Torre di Pisa<\/span><span class='event_location_attrs' data-location_type=\"lonlat\" data-location_name=\"A monte della seggiovia Gardon\u00e8-Passo Feudo\" data-location_url=\"https:\/\/latemarium.com\/de\/event-location\/a-monte-della-seggiovia-gardone-passo-feudo\/\" data-location_status=\"true\" data-latlng=\"46.32878794406342,11.600176728690842\"><\/span><span class='evoet_subtitle evo_below_title' ><span class='evcal_event_subtitle ' >Geotrekking Torre di Pisa<\/span><\/span><span class='evoet_time_expand level_3'><em class='evcal_time evo_tz_time'><i class='fa fa-clock-o'><\/i>09:30<span class='evo_tz marl5'>(GMT+02:00)<\/span><\/em> <\/span><span class='evoet_location level_3'><em class=\"evcal_location\"  data-latlng=\"46.32878794406342,11.600176728690842\" data-add_str=\"\" data-n=\"A monte della seggiovia Gardon\u00e8-Passo Feudo\"><i class=\"fa fa-location-pin\"><\/i><em class=\"event_location_name\">A monte della seggiovia Gardon\u00e8-Passo Feudo<\/em><\/em><\/span><\/span><span class='evoet_data' data-d=\"{&quot;loc.n&quot;:&quot;A monte della seggiovia Gardon\\u00e8-Passo Feudo&quot;,&quot;orgs&quot;:[],&quot;tags&quot;:{&quot;repeating&quot;:&quot;Repeating Event&quot;}}\" data-bgc=\"#ba181d\" data-bggrad=\"\" ><\/span><\/a><\/p><div class='event_description evcal_eventcard ' style=\"display:none\"><div class='evocard_row'><div id='event_ftimage' class='evocard_box ftimage' data-c='' \n\t\t\t\t\tstyle=''><div class='evocard_main_image_hold' data-t='Loading Image..'><div class='evocard_main_image evo_img_triglb evobr15 evobgsc evobgpc evodfx evofx_jc_c evofx_ai_c evofz48 minmized' style='height:300px; background-image:url();' data-f=\"https:\/\/latemarium.com\/wp-content\/uploads\/2020\/06\/latemar-torre-di-pisa-estate-2019_ph.alice-russolo-90-scaled.jpg\" data-h=\"1707\" data-w=\"2560\" data-ratio=\"0.666796875\" data-event_id=\"2184\" data-ri=\"8\"  data-t='Loading Image..'><span style='height:300px; background-image:url(https:\/\/latemarium.com\/wp-content\/uploads\/2020\/06\/latemar-torre-di-pisa-estate-2019_ph.alice-russolo-90-scaled.jpg)'><\/span><\/div><\/div><\/div><\/div><div class='evocard_row'><div id='event_eventdetails' class='evocard_box eventdetails' data-c='' \n\t\t\t\t\tstyle=''><div class='evo_metarow_details evorow evcal_evdata_row evcal_event_details'>\n\t\t<div class=\"event_excerpt\" style=\"display:none\"><h3 class=\"padb5 evo_h3\">Details zur Veranstaltung<\/h3><p>Spannender geologischer Ausflug in gro\u00dfer H\u00f6he, um das Latemar-Atoll zu entdecken, die Perle des fossilen Archipels der Dolomiten, ein UNESCO-Weltkulturerbe. Ein eindrucksvoller Rundweg, der von einem erfahrenen Geologen und Medienbergf\u00fchrer<\/p><\/div><span class='evcal_evdata_icons'><i class='fa fa-align-justify'><\/i><\/span>\n\t\t\n\t\t<div class='evcal_evdata_cell shorter_desc'>\n\t\t\t<div class='eventon_full_description'>\n\t\t\t\t<h3 class='padb5 evo_h3'><span class='evcal_evdata_icons'><i class='fa fa-align-justify'><\/i><\/span>Details zur Veranstaltung<\/h3>\n\t\t\t\t<div class='eventon_desc_in' itemprop='description'>\n\t\t\t\t<p><strong>Spannender geologischer Ausflug in gro\u00dfer H\u00f6he<\/strong>, um das Latemar-Atoll zu entdecken, die Perle des fossilen Archipels der Dolomiten, ein UNESCO-Weltkulturerbe. Ein eindrucksvoller Rundweg, der von einem erfahrenen Geologen und Medienbergf\u00fchrer gef\u00fchrt wird. Vom Passo Feudo steigen Sie zur Schutzh\u00fctte Torre di Pisa auf, um dann in gro\u00dfer H\u00f6he bis zur Forcella dei Camosci weiterzugehen, von wo aus Sie wieder in die Tiefen des tropischen Meeres bis zum Ausgangspunkt abtauchen. Brotzeit. Mindestalter 12 Jahre.<\/p>\n<p>Die Route ist mittelschwer, mit gut begehbaren Wegen und kurzen, leicht ausgesetzten Abschnitten, mit einem H\u00f6henunterschied von ca. 780 Metern.<\/p>\n<\/div><p class='eventon_shad_p' style='padding:5px 0 0; margin:0'>\n\t\t\t<span class='evcal_btn evo_btn_secondary evobtn_details_show_more' content='less'>\n\t\t\t\t<span class='ev_more_text' data-txt='Weniger'>Mehr<\/span><span class='ev_more_arrow ard'><\/span>\n\t\t\t<\/span>\n\t\t<\/p><div class='clear'><\/div>\n\t\t\t<\/div>\n\t\t<\/div>\n\t<\/div><\/div><\/div><div class='evocard_row bx2 bx'><div id='event_time' class='evocard_box time' data-c='' \n\t\t\t\t\tstyle=''><div class='evo_metarow_time evorow evcal_evdata_row evcal_evrow_sm '>\n\t\t<span class='evcal_evdata_icons'><i class='fa fa-clock'><\/i><\/span>\n\t\t<div class='evcal_evdata_cell'>\t\t\t\t\t\t\t\n\t\t\t<h3 class='evo_h3'><span class='evcal_evdata_icons'><i class='fa fa-clock'><\/i><\/span>Zeitplan<\/h3><p><span class='evo_eventcard_time_t'>26 August 2026 09:30<\/span><span class='evo_tz marr5'>(GMT+02:00)<\/span><\/p>\n\t\t<\/div>\n\t<\/div><\/div><div id='event_location' class='evocard_box location' data-c='' \n\t\t\t\t\tstyle=''><div class='evcal_evdata_row evo_metarow_time_location evorow '>\n\t\t\n\t\t\t<span class='evcal_evdata_icons'><i class='fa fa-map-marker'><\/i><\/span>\n\t\t\t<div class='evcal_evdata_cell' data-loc_tax_id='37'><h3 class='evo_h3 evodfx'><span class='evcal_evdata_icons'><i class='fa fa-map-marker'><\/i><\/span>Ort<\/h3><p class='evo_location_name'>A monte della seggiovia Gardon\u00e8-Passo Feudo<\/p><div class='padt10'><span class='evo_btn_arr evolb_trigger' data-lbvals=\"{&quot;lbc&quot;:&quot;evo_location_lb_37&quot;,&quot;lbac&quot;:&quot;lb_max&quot;,&quot;t&quot;:&quot;A monte della seggiovia Gardon\\u00e8-Passo Feudo&quot;,&quot;ajax&quot;:&quot;yes&quot;,&quot;ajax_type&quot;:&quot;endpoint&quot;,&quot;ajax_action&quot;:&quot;eventon_get_tax_card_content&quot;,&quot;end&quot;:&quot;client&quot;,&quot;d&quot;:{&quot;lang&quot;:&quot;L2&quot;,&quot;term_id&quot;:37,&quot;tax&quot;:&quot;event_location&quot;,&quot;load_lbcontent&quot;:true},&quot;uid&quot;:&quot;eventon_get_tax_card_content&quot;}\" >Other Events<i class='fa fa-chevron-right'><\/i><\/span><\/div><\/div>\n\t\t\n\t<\/div><\/div><\/div><div class='evocard_row bx2 bx'><div id='event_learnmore' class='evocard_box learnmore' data-c='' \n\t\t\t\t\tstyle=''><div class='evo_metarow_learnM evo_metarow_learnmore evorow'>\n\t\t\t\t\t\t\t<a class='evcal_evdata_row evo_clik_row ' href='https:\/\/www.latemar.it\/de\/sommer\/geotrekking\/' target=\"_blank\">\n\t\t\t\t\t\t\t\t<span class='evcal_evdata_icons'><i class='fa fa-link'><\/i><\/span>\n\t\t\t\t\t\t\t\t<h3 class='evo_h3'>Entdecke mehr<\/h3>\n\t\t\t\t\t\t\t<\/a>\n\t\t\t\t\t\t\t<\/div><\/div><div id='event_addtocal' class='evocard_box addtocal' data-c='' \n\t\t\t\t\tstyle=''><div class='evo_metarow_ICS evorow evcal_evdata_row'>\n\t\t\t<span class='evcal_evdata_icons'><i class='fa fa-calendar-o'><\/i><\/span>\n\t\t\t<div class='evcal_evdata_cell'>\n\t\t\t\t<p><a href='https:\/\/latemarium.com\/de\/export-events\/2184_8\/?nonce=7b34e59f7d' class='evo_ics_nCal' title='Zu Ihrem Kalender hinzuf\u00fcgen'>Kalender<\/a><a href='https:\/\/www.google.com\/calendar\/event?action=TEMPLATE&text=Geotrekking+Torre+di+Pisa&dates=20260826T073000Z%2F20260826T215900Z&ctz=Europe%2FRome&details=Geotrekking Torre di Pisa&location=A+monte+della+seggiovia+Gardon%C3%A8-Passo+Feudo' target='_blank' class='evo_ics_gCal' title='Zu Google Kalender hinzuf\u00fcgen'>GoogleCal<\/a><\/p>\t\n\t\t\t<\/div>\n\t\t<\/div><\/div><\/div><div class='evocard_row'><div id='event_getdirection' class='evocard_box getdirection' data-c='' \n\t\t\t\t\tstyle=''><div class='evo_metarow_getDr evorow evcal_evdata_row evcal_evrow_sm getdirections'>\n\t\t<form action='https:\/\/maps.google.com\/maps' method='get' target='_blank'>\n\t\t\t<input type='hidden' name='daddr' value=\"46.32878794406342,11.600176728690842\"\/> \n\t\t\t<div class='evo_get_direction_content evo_fx_dr_r evogap10'>\n\t\t\t\t<span class='evogetdir_header evodfx evofx_dr_r evofx_ai_c marr10'>\n\t\t\t\t\t<i class='mainicon fa fa-road'><\/i> \n\t\t\t\t\t<h3 class='evo_h3' style='padding-bottom:5px;'>Wegbeschreibung abrufen<\/h3>\n\t\t\t\t<\/span>\n\t\t\t\t<span class='evogetdir_field evodfx evofx_1_1 evo_fx_dr_c evow100p'>\t\t\t\t\t\n\t\t\t\t\t<input class='evoInput evotac' type='text' name='saddr' placeholder='&quot;Geben Sie die Adresse ein' value='' style='margin:10px 0;'\/>\n\t\t\t\t<\/span>\n\t\t\t\t<button type='submit' class='evo_get_direction_button evo_btn_arr_circ dfx fx_ai_c' title='&quot;Klicken Sie hier'><i class='fa fa-chevron-right'><\/i> <\/button>\n\t\t\t<\/div>\n\t\t<\/form>\n\t<\/div><\/div><\/div><div class='evo_card_row_end evcal_close' title='Schlie\u00dfen'><\/div><\/div><div class='clear end'><\/div><\/div><div id=\"event_2938_9\" class=\"eventon_list_event evo_eventtop scheduled  event clrD event_2938_9\" data-event_id=\"2938\" data-ri=\"9r\" data-time=\"1787745600-1787754600\" data-colr=\"#38823b\" itemscope itemtype='http:\/\/schema.org\/Event'><div class=\"evo_event_schema\" style=\"display:none\" ><a itemprop='url'  href='https:\/\/latemarium.com\/de\/events\/unterwegs-mit-ponys\/var\/ri-9.l-L2'><\/a><meta itemprop='image' content=\"https:\/\/latemarium.com\/wp-content\/uploads\/2026\/04\/pony.jpg\" \/><meta itemprop='startDate' content=\"2026-8-26T14:00+0:00\" \/><meta itemprop='endDate' content=\"2026-8-26T16:30+0:00\" \/><meta itemprop='eventStatus' content=\"https:\/\/schema.org\/EventScheduled\" \/><meta itemprop='eventAttendanceMode'   itemscope itemtype=\"https:\/\/schema.org\/OfflineEventAttendanceMode\"\/><div style=\"display:none\" itemprop=\"location\" itemscope itemtype=\"http:\/\/schema.org\/Place\"><span itemprop=\"name\">Pampeago<\/span><span itemprop=\"address\" itemscope itemtype=\"http:\/\/schema.org\/PostalAddress\"><item itemprop=\"streetAddress\">Localit\u00e0 Pampeago, 8, 38038 Tesero TN<\/item><\/span><\/div><script type=\"application\/ld+json\">{\"@context\": \"http:\/\/schema.org\",\"@type\": \"Event\",\n\t\t\t\t\"@id\": \"event_2938_9\",\n\t\t\t\t\"eventAttendanceMode\":\"https:\/\/schema.org\/OfflineEventAttendanceMode\",\n\t\t\t\t\"eventStatus\":\"https:\/\/schema.org\/EventScheduled\",\n\t\t\t\t\"name\": \"Unterwegs mit Ponys\",\n\t\t\t\t\"url\": \"https:\/\/latemarium.com\/de\/events\/unterwegs-mit-ponys\/var\/ri-9.l-L2\",\n\t\t\t\t\"startDate\": \"2026-8-26T14:00+0:00\",\n\t\t\t\t\"endDate\": \"2026-8-26T16:30+0:00\",\n\t\t\t\t\"image\":\"https:\/\/latemarium.com\/wp-content\/uploads\/2026\/04\/pony.jpg\", \n\t\t\t\t\"description\":\"<p>Ein angenehmer Spaziergang zur Entdeckung der Landschaften von Pampeago, begleitet von freundlichen Ponys, die Kinder und Familien sicher entlang der Route f\u00fchren.<\/p> <p>Ein entspannendes und unterhaltsames Erlebnis \u2013 ideal, um die Bergwelt in gem\u00e4chlichem Tempo zu genie\u00dfen und eine besondere Verbindung zu diesen sanften Tieren aufzubauen.<\/p> <p><strong>INFORMATIONEN:<\/strong><br \/> Wann \u2013 Jeden Mittwoch vom 24.06. bis 09.09.<br \/> Uhrzeit \u2013 Von 14:00 bis 16:30 Uhr (je nach Verf\u00fcgbarkeit)<br \/> Treffpunkt \u2013 Parkplatz der Tresca-Sesselbahn (Zutritt NUR f\u00fcr Teilnehmende mit Reservierung)<\/p> <p>Aktivit\u00e4t geeignet f\u00fcr Familien und Kinder.<\/p> <p>Reservierung erforderlich \u2013 klicken Sie <a href='https:\/\/www.visitfiemme.it\/de\/veranstaltungen\/fiemme-cembra-guest-card\/erlebnisse\/erlebnisse-sommer' target='_blank' rel='noopener'>HIER<\/a>, um zu buchen<\/p> \",\"location\":[{\"@type\":\"Place\",\"name\":\"Pampeago\",\"address\":{\"@type\": \"PostalAddress\",\"streetAddress\":\"Localit\u00e0 Pampeago, 8, 38038 Tesero TN\"}}]}<\/script><\/div>\r\n\t\t\t\t<p class=\"desc_trig_outter\" style=\"\"><a data-gmap_status=\"null\" data-exlk=\"0\" style=\"background-color: #38823b;\" id=\"evc_17877456002938\" class=\"hasFtIMG event_repeat desc_trig sin_val evcal_list_a\" data-ux_val=\"3\" data-ux_val_mob=\"-\"  ><span class='evoet_c1 evoet_cx '><span class='ev_ftImg' data-img='https:\/\/latemarium.com\/wp-content\/uploads\/2026\/04\/pony.jpg' data-thumb='https:\/\/latemarium.com\/wp-content\/uploads\/2026\/04\/pony-300x110.jpg' style='background-image:url(\"https:\/\/latemarium.com\/wp-content\/uploads\/2026\/04\/pony-300x110.jpg\")' ><\/span><\/span><span class='evoet_c2 evoet_cx '><span class='evoet_dayblock evcal_cblock ' data-bgcolor='#38823b' data-smon='August' data-syr='2026' data-bub=''><span class='evo_start '><em class='date'>26<\/em><em class='month'>Aug<\/em><em class='time'>14:00<\/em><\/span><span class='evo_end only_time'><em class='time'>16:30<\/em><\/span><\/span><\/span><span class='evoet_c3 evoet_cx evcal_desc hide_eventtopdata '><span class='evoet_title evcal_desc2 evcal_event_title ' itemprop='name'>Unterwegs mit Ponys<\/span><span class='event_location_attrs'  data-location_address=\"Localit\u00e0 Pampeago, 8, 38038 Tesero TN\" data-location_type=\"lonlat\" data-location_name=\"Pampeago\" data-location_url=\"https:\/\/latemarium.com\/de\/event-location\/pampeago-de\/\" data-location_status=\"true\" data-latlng=\"46.34343697644898,11.540997527961546\"><\/span><span class='evoet_subtitle evo_below_title' ><span class='evcal_event_subtitle ' >Familienwanderung<\/span><\/span><span class='evoet_time_expand level_3'><em class='evcal_time evo_tz_time'><i class='fa fa-clock-o'><\/i>14:00 - 16:30<span class='evo_tz marl5'>(GMT+02:00)<\/span><\/em> <\/span><span class='evoet_location level_3'><em class=\"evcal_location\"  data-latlng=\"46.34343697644898,11.540997527961546\" data-add_str=\"Localit\u00e0 Pampeago, 8, 38038 Tesero TN\" data-n=\"Pampeago\"><i class=\"fa fa-location-pin\"><\/i><em class=\"event_location_name\">Pampeago<\/em>, Localit\u00e0 Pampeago, 8, 38038 Tesero TN<\/em><\/span><\/span><span class='evoet_data' data-d=\"{&quot;loc.n&quot;:&quot;Pampeago&quot;,&quot;orgs&quot;:[],&quot;tags&quot;:{&quot;repeating&quot;:&quot;Repeating Event&quot;}}\" data-bgc=\"#38823b\" data-bggrad=\"\" ><\/span><\/a><\/p><div class='event_description evcal_eventcard ' style=\"display:none\"><div class='evocard_row'><div id='event_ftimage' class='evocard_box ftimage' data-c='' \n\t\t\t\t\tstyle=''><div class='evocard_main_image_hold' data-t='Loading Image..'><div class='evocard_main_image evo_img_triglb evobr15 evobgsc evobgpc evodfx evofx_jc_c evofx_ai_c evofz48 minmized' style='height:300px; background-image:url();' data-f=\"https:\/\/latemarium.com\/wp-content\/uploads\/2026\/04\/pony.jpg\" data-h=\"368\" data-w=\"1000\" data-ratio=\"0.368\" data-event_id=\"2938\" data-ri=\"9\"  data-t='Loading Image..'><span style='height:300px; background-image:url(https:\/\/latemarium.com\/wp-content\/uploads\/2026\/04\/pony.jpg)'><\/span><\/div><\/div><\/div><\/div><div class='evocard_row'><div id='event_eventdetails' class='evocard_box eventdetails' data-c='' \n\t\t\t\t\tstyle=''><div class='evo_metarow_details evorow evcal_evdata_row evcal_event_details'>\n\t\t<div class=\"event_excerpt\" style=\"display:none\"><h3 class=\"padb5 evo_h3\">Details zur Veranstaltung<\/h3><p>Ein angenehmer Spaziergang zur Entdeckung der Landschaften von Pampeago, begleitet von freundlichen Ponys, die Kinder und Familien sicher entlang der Route f\u00fchren.\nEin entspannendes und unterhaltsames Erlebnis \u2013 ideal, um die<\/p><\/div><span class='evcal_evdata_icons'><i class='fa fa-align-justify'><\/i><\/span>\n\t\t\n\t\t<div class='evcal_evdata_cell shorter_desc'>\n\t\t\t<div class='eventon_full_description'>\n\t\t\t\t<h3 class='padb5 evo_h3'><span class='evcal_evdata_icons'><i class='fa fa-align-justify'><\/i><\/span>Details zur Veranstaltung<\/h3>\n\t\t\t\t<div class='eventon_desc_in' itemprop='description'>\n\t\t\t\t<p>Ein angenehmer Spaziergang zur Entdeckung der Landschaften von Pampeago, begleitet von freundlichen Ponys, die Kinder und Familien sicher entlang der Route f\u00fchren.<\/p>\n<p>Ein entspannendes und unterhaltsames Erlebnis \u2013 ideal, um die Bergwelt in gem\u00e4chlichem Tempo zu genie\u00dfen und eine besondere Verbindung zu diesen sanften Tieren aufzubauen.<\/p>\n<p><strong>INFORMATIONEN:<\/strong><br \/>\nWann \u2013 Jeden Mittwoch vom 24.06. bis 09.09.<br \/>\nUhrzeit \u2013 Von 14:00 bis 16:30 Uhr (je nach Verf\u00fcgbarkeit)<br \/>\nTreffpunkt \u2013 Parkplatz der Tresca-Sesselbahn (Zutritt NUR f\u00fcr Teilnehmende mit Reservierung)<\/p>\n<p>Aktivit\u00e4t geeignet f\u00fcr Familien und Kinder.<\/p>\n<p>Reservierung erforderlich \u2013 klicken Sie <a href=\"https:\/\/www.visitfiemme.it\/de\/veranstaltungen\/fiemme-cembra-guest-card\/erlebnisse\/erlebnisse-sommer\" target=\"_blank\" rel=\"noopener\">HIER<\/a>, um zu buchen<\/p>\n<\/div><p class='eventon_shad_p' style='padding:5px 0 0; margin:0'>\n\t\t\t<span class='evcal_btn evo_btn_secondary evobtn_details_show_more' content='less'>\n\t\t\t\t<span class='ev_more_text' data-txt='Weniger'>Mehr<\/span><span class='ev_more_arrow ard'><\/span>\n\t\t\t<\/span>\n\t\t<\/p><div class='clear'><\/div>\n\t\t\t<\/div>\n\t\t<\/div>\n\t<\/div><\/div><\/div><div class='evocard_row bx2 bx'><div id='event_time' class='evocard_box time' data-c='' \n\t\t\t\t\tstyle=''><div class='evo_metarow_time evorow evcal_evdata_row evcal_evrow_sm '>\n\t\t<span class='evcal_evdata_icons'><i class='fa fa-clock'><\/i><\/span>\n\t\t<div class='evcal_evdata_cell'>\t\t\t\t\t\t\t\n\t\t\t<h3 class='evo_h3'><span class='evcal_evdata_icons'><i class='fa fa-clock'><\/i><\/span>Zeitplan<\/h3><p><span class='evo_eventcard_time_t'>26 August 2026 14:00 - 16:30<\/span><span class='evo_tz marr5'>(GMT+02:00)<\/span><\/p>\n\t\t<\/div>\n\t<\/div><\/div><div id='event_location' class='evocard_box location' data-c='' \n\t\t\t\t\tstyle=''><div class='evcal_evdata_row evo_metarow_time_location evorow '>\n\t\t\n\t\t\t<span class='evcal_evdata_icons'><i class='fa fa-map-marker'><\/i><\/span>\n\t\t\t<div class='evcal_evdata_cell' data-loc_tax_id='32'><h3 class='evo_h3 evodfx'><span class='evcal_evdata_icons'><i class='fa fa-map-marker'><\/i><\/span>Ort<\/h3><p class='evo_location_name'>Pampeago<\/p><p class='evo_location_address evodfxi evogap10'>Localit\u00e0 Pampeago, 8, 38038 Tesero TN<\/p><div class='padt10'><span class='evo_btn_arr evolb_trigger' data-lbvals=\"{&quot;lbc&quot;:&quot;evo_location_lb_32&quot;,&quot;lbac&quot;:&quot;lb_max&quot;,&quot;t&quot;:&quot;Pampeago&quot;,&quot;ajax&quot;:&quot;yes&quot;,&quot;ajax_type&quot;:&quot;endpoint&quot;,&quot;ajax_action&quot;:&quot;eventon_get_tax_card_content&quot;,&quot;end&quot;:&quot;client&quot;,&quot;d&quot;:{&quot;lang&quot;:&quot;L2&quot;,&quot;term_id&quot;:32,&quot;tax&quot;:&quot;event_location&quot;,&quot;load_lbcontent&quot;:true},&quot;uid&quot;:&quot;eventon_get_tax_card_content&quot;}\" >Other Events<i class='fa fa-chevron-right'><\/i><\/span><\/div><\/div>\n\t\t\n\t<\/div><\/div><\/div><div class='evocard_row'><div id='event_addtocal' class='evocard_box addtocal' data-c='' \n\t\t\t\t\tstyle=''><div class='evo_metarow_ICS evorow evcal_evdata_row'>\n\t\t\t<span class='evcal_evdata_icons'><i class='fa fa-calendar-o'><\/i><\/span>\n\t\t\t<div class='evcal_evdata_cell'>\n\t\t\t\t<p><a href='https:\/\/latemarium.com\/de\/export-events\/2938_9\/?nonce=7b34e59f7d' class='evo_ics_nCal' title='Zu Ihrem Kalender hinzuf\u00fcgen'>Kalender<\/a><a href='https:\/\/www.google.com\/calendar\/event?action=TEMPLATE&text=Unterwegs+mit+Ponys&dates=20260826T120000Z%2F20260826T143000Z&ctz=Europe%2FRome&details=Unterwegs mit Ponys&location=Pampeago+Localit%C3%A0+Pampeago%2C+8%2C+38038+Tesero+TN' target='_blank' class='evo_ics_gCal' title='Zu Google Kalender hinzuf\u00fcgen'>GoogleCal<\/a><\/p>\t\n\t\t\t<\/div>\n\t\t<\/div><\/div><\/div><div class='evocard_row'><div id='event_getdirection' class='evocard_box getdirection' data-c='' \n\t\t\t\t\tstyle=''><div class='evo_metarow_getDr evorow evcal_evdata_row evcal_evrow_sm getdirections'>\n\t\t<form action='https:\/\/maps.google.com\/maps' method='get' target='_blank'>\n\t\t\t<input type='hidden' name='daddr' value=\"Localit\u00e0 Pampeago, 8, 38038 Tesero TN\"\/> \n\t\t\t<div class='evo_get_direction_content evo_fx_dr_r evogap10'>\n\t\t\t\t<span class='evogetdir_header evodfx evofx_dr_r evofx_ai_c marr10'>\n\t\t\t\t\t<i class='mainicon fa fa-road'><\/i> \n\t\t\t\t\t<h3 class='evo_h3' style='padding-bottom:5px;'>Wegbeschreibung abrufen<\/h3>\n\t\t\t\t<\/span>\n\t\t\t\t<span class='evogetdir_field evodfx evofx_1_1 evo_fx_dr_c evow100p'>\t\t\t\t\t\n\t\t\t\t\t<input class='evoInput evotac' type='text' name='saddr' placeholder='&quot;Geben Sie die Adresse ein' value='' style='margin:10px 0;'\/>\n\t\t\t\t<\/span>\n\t\t\t\t<button type='submit' class='evo_get_direction_button evo_btn_arr_circ dfx fx_ai_c' title='&quot;Klicken Sie hier'><i class='fa fa-chevron-right'><\/i> <\/button>\n\t\t\t<\/div>\n\t\t<\/form>\n\t<\/div><\/div><\/div><div class='evo_card_row_end evcal_close' title='Schlie\u00dfen'><\/div><\/div><div class='clear end'><\/div><\/div><div id=\"event_2845_8\" class=\"eventon_list_event evo_eventtop scheduled  event clrD no_et event_2845_8\" data-event_id=\"2845\" data-ri=\"8r\" data-time=\"1787814000-1787867940\" data-colr=\"#38823b\" itemscope itemtype='http:\/\/schema.org\/Event'><div class=\"evo_event_schema\" style=\"display:none\" ><a itemprop='url'  href='https:\/\/latemarium.com\/de\/events\/escursione-in-montagna-al-rifugio-torre-di-pisa\/var\/ri-8.l-L2'><\/a><meta itemprop='image' content=\"https:\/\/latemarium.com\/wp-content\/uploads\/2025\/05\/escursione-torre-di-pisa-obereggen.jpg\" \/><meta itemprop='startDate' content=\"2026-8-27T09:00+0:00\" \/><meta itemprop='endDate' content=\"2026-8-27T23:59+0:00\" \/><meta itemprop='eventStatus' content=\"https:\/\/schema.org\/EventScheduled\" \/><meta itemprop='eventAttendanceMode'   itemscope itemtype=\"https:\/\/schema.org\/OfflineEventAttendanceMode\"\/><div style=\"display:none\" itemprop=\"location\" itemscope itemtype=\"http:\/\/schema.org\/Place\"><span itemprop=\"name\">Talstation Obereggen<\/span><span itemprop=\"address\" itemscope itemtype=\"http:\/\/schema.org\/PostalAddress\"><item itemprop=\"streetAddress\">Obereggen 16 I-39050 Deutschnofen (BZ)<\/item><\/span><\/div><script type=\"application\/ld+json\">{\"@context\": \"http:\/\/schema.org\",\"@type\": \"Event\",\n\t\t\t\t\"@id\": \"event_2845_8\",\n\t\t\t\t\"eventAttendanceMode\":\"https:\/\/schema.org\/OfflineEventAttendanceMode\",\n\t\t\t\t\"eventStatus\":\"https:\/\/schema.org\/EventScheduled\",\n\t\t\t\t\"name\": \"Gipfelwanderung zur Latemarh\u00fctte\",\n\t\t\t\t\"url\": \"https:\/\/latemarium.com\/de\/events\/escursione-in-montagna-al-rifugio-torre-di-pisa\/var\/ri-8.l-L2\",\n\t\t\t\t\"startDate\": \"2026-8-27T09:00+0:00\",\n\t\t\t\t\"endDate\": \"2026-8-27T23:59+0:00\",\n\t\t\t\t\"image\":\"https:\/\/latemarium.com\/wp-content\/uploads\/2025\/05\/escursione-torre-di-pisa-obereggen.jpg\", \n\t\t\t\t\"description\":\"<p>Mittelschwere bis schwere, anspruchsvolle Bergwanderung im hochalpinen Gel\u00e4nde im s\u00fcdlichen Latemar- Massiv. Beeindruckende Rundsicht auf die umliegende Bergwelt.<\/p> <p>Route: Auffahrt mit dem Oberholz-Sessellift (1550\u20132100 m) \u2013 Aufstieg auf Weg 18 \u2013 Aussichtsplattform \u2013 Gamsstallscharte (2560 m) \u2013 Weg 516 \u2013 Pisah\u00fctte\/Latemarh\u00fctte (2671 m). Einkehr. Abstieg Weg 516 und Weg 22 \u2013 Bergstation Sessellift Oberholz \u2013 R\u00fcckfahrt.<\/p> <p>Start: 09.00 Uhr in Obereggen<br \/> R\u00fcckkehr: 16.00 Uhr<br \/> Dauer: 7 h | Gehzeit: 6 h<br \/> H\u00f6henunterschied: 750 m<br \/> Schwierigkeit: schwer, anspruchsvoll | Anforderungen: Ausdauer, Trittsicherheit und Schwindelfreiheit |mit Einkehr | die Mitnahme von geeignetem Tourenproviant wird empfohlen<br \/> Sessellift Oberholz: 21,50 \u20ac\/Erwachsene \u2013 17,50 \u20ac\/Junior<\/p> \",\"location\":[{\"@type\":\"Place\",\"name\":\"Talstation Obereggen\",\"address\":{\"@type\": \"PostalAddress\",\"streetAddress\":\"Obereggen 16 I-39050 Deutschnofen (BZ)\"}}]}<\/script><\/div>\r\n\t\t\t\t<p class=\"desc_trig_outter\" style=\"\"><a data-gmtrig=\"1\" data-exlk=\"0\" style=\"background-color: #38823b;\" id=\"evc_17878140002845\" class=\"hasFtIMG event_repeat desc_trig sin_val evcal_list_a\" data-ux_val=\"3\" data-ux_val_mob=\"-\"  ><span class='evoet_c1 evoet_cx '><span class='ev_ftImg' data-img='https:\/\/latemarium.com\/wp-content\/uploads\/2025\/05\/escursione-torre-di-pisa-obereggen.jpg' data-thumb='https:\/\/latemarium.com\/wp-content\/uploads\/2025\/05\/escursione-torre-di-pisa-obereggen-300x182.jpg' style='background-image:url(\"https:\/\/latemarium.com\/wp-content\/uploads\/2025\/05\/escursione-torre-di-pisa-obereggen-300x182.jpg\")' ><\/span><\/span><span class='evoet_c2 evoet_cx '><span class='evoet_dayblock evcal_cblock ' data-bgcolor='#38823b' data-smon='August' data-syr='2026' data-bub=''><span class='evo_start '><em class='date'>27<\/em><em class='month'>Aug<\/em><em class='time'>09:00<\/em><\/span><\/span><\/span><span class='evoet_c3 evoet_cx evcal_desc hide_eventtopdata '><span class='evoet_title evcal_desc2 evcal_event_title ' itemprop='name'>Gipfelwanderung zur Latemarh\u00fctte<\/span><span class='event_location_attrs'  data-location_address=\"Obereggen 16 I-39050 Deutschnofen (BZ)\" data-location_type=\"lonlat\" data-location_name=\"Talstation Obereggen\" data-location_url=\"https:\/\/latemarium.com\/de\/event-location\/talstation-obereggen\/\" data-location_status=\"true\" data-latlng=\"46.3835808246333,11.52667595881786\"><\/span><span class='evoet_subtitle evo_below_title' ><span class='evcal_event_subtitle ' >Gipfelwanderung <\/span><\/span><span class='evoet_time_expand level_3'><em class='evcal_time evo_tz_time'><i class='fa fa-clock-o'><\/i>09:00<span class='evo_tz marl5'>(GMT+02:00)<\/span><\/em> <\/span><span class='evoet_location level_3'><em class=\"evcal_location\"  data-latlng=\"46.3835808246333,11.52667595881786\" data-add_str=\"Obereggen 16 I-39050 Deutschnofen (BZ)\" data-n=\"Talstation Obereggen\"><i class=\"fa fa-location-pin\"><\/i><em class=\"event_location_name\">Talstation Obereggen<\/em>, Obereggen 16 I-39050 Deutschnofen (BZ)<\/em><\/span><\/span><span class='evoet_data' data-d=\"{&quot;loc.n&quot;:&quot;Talstation Obereggen&quot;,&quot;orgs&quot;:[],&quot;tags&quot;:{&quot;repeating&quot;:&quot;Repeating Event&quot;}}\" data-bgc=\"#38823b\" data-bggrad=\"\" ><\/span><\/a><\/p><div class='event_description evcal_eventcard ' style=\"display:none\"><div class='evocard_row'><div id='event_ftimage' class='evocard_box ftimage' data-c='' \n\t\t\t\t\tstyle=''><div class='evocard_main_image_hold' data-t='Loading Image..'><div class='evocard_main_image evo_img_triglb evobr15 evobgsc evobgpc evodfx evofx_jc_c evofx_ai_c evofz48 minmized' style='height:300px; background-image:url();' data-f=\"https:\/\/latemarium.com\/wp-content\/uploads\/2025\/05\/escursione-torre-di-pisa-obereggen.jpg\" data-h=\"755\" data-w=\"1245\" data-ratio=\"0.60642570281124\" data-event_id=\"2845\" data-ri=\"8\"  data-t='Loading Image..'><span style='height:300px; background-image:url(https:\/\/latemarium.com\/wp-content\/uploads\/2025\/05\/escursione-torre-di-pisa-obereggen.jpg)'><\/span><\/div><\/div><\/div><\/div><div class='evocard_row'><div id='event_eventdetails' class='evocard_box eventdetails' data-c='' \n\t\t\t\t\tstyle=''><div class='evo_metarow_details evorow evcal_evdata_row evcal_event_details'>\n\t\t<div class=\"event_excerpt\" style=\"display:none\"><h3 class=\"padb5 evo_h3\">Details zur Veranstaltung<\/h3><p>Mittelschwere bis schwere, anspruchsvolle Bergwanderung im hochalpinen Gel\u00e4nde im s\u00fcdlichen Latemar- Massiv. Beeindruckende Rundsicht auf die umliegende Bergwelt.\nRoute: Auffahrt mit dem Oberholz-Sessellift (1550\u20132100 m) \u2013 Aufstieg auf Weg 18 \u2013<\/p><\/div><span class='evcal_evdata_icons'><i class='fa fa-align-justify'><\/i><\/span>\n\t\t\n\t\t<div class='evcal_evdata_cell shorter_desc'>\n\t\t\t<div class='eventon_full_description'>\n\t\t\t\t<h3 class='padb5 evo_h3'><span class='evcal_evdata_icons'><i class='fa fa-align-justify'><\/i><\/span>Details zur Veranstaltung<\/h3>\n\t\t\t\t<div class='eventon_desc_in' itemprop='description'>\n\t\t\t\t<p>Mittelschwere bis schwere, anspruchsvolle Bergwanderung im hochalpinen Gel\u00e4nde im s\u00fcdlichen Latemar- Massiv. Beeindruckende Rundsicht auf die umliegende Bergwelt.<\/p>\n<p>Route: Auffahrt mit dem Oberholz-Sessellift (1550\u20132100 m) \u2013 Aufstieg auf Weg 18 \u2013 Aussichtsplattform \u2013 Gamsstallscharte (2560 m) \u2013 Weg 516 \u2013 Pisah\u00fctte\/Latemarh\u00fctte (2671 m). Einkehr. Abstieg Weg 516 und Weg 22 \u2013 Bergstation Sessellift Oberholz \u2013 R\u00fcckfahrt.<\/p>\n<p>Start: 09.00 Uhr in Obereggen<br \/>\nR\u00fcckkehr: 16.00 Uhr<br \/>\nDauer: 7 h | Gehzeit: 6 h<br \/>\nH\u00f6henunterschied: 750 m<br \/>\nSchwierigkeit: schwer, anspruchsvoll | Anforderungen: Ausdauer, Trittsicherheit und Schwindelfreiheit |mit Einkehr | die Mitnahme von geeignetem Tourenproviant wird empfohlen<br \/>\nSessellift Oberholz: 21,50 \u20ac\/Erwachsene \u2013 17,50 \u20ac\/Junior<\/p>\n<\/div><p class='eventon_shad_p' style='padding:5px 0 0; margin:0'>\n\t\t\t<span class='evcal_btn evo_btn_secondary evobtn_details_show_more' content='less'>\n\t\t\t\t<span class='ev_more_text' data-txt='Weniger'>Mehr<\/span><span class='ev_more_arrow ard'><\/span>\n\t\t\t<\/span>\n\t\t<\/p><div class='clear'><\/div>\n\t\t\t<\/div>\n\t\t<\/div>\n\t<\/div><\/div><\/div><div class='evocard_row bx2 bx'><div id='event_time' class='evocard_box time' data-c='' \n\t\t\t\t\tstyle=''><div class='evo_metarow_time evorow evcal_evdata_row evcal_evrow_sm '>\n\t\t<span class='evcal_evdata_icons'><i class='fa fa-clock'><\/i><\/span>\n\t\t<div class='evcal_evdata_cell'>\t\t\t\t\t\t\t\n\t\t\t<h3 class='evo_h3'><span class='evcal_evdata_icons'><i class='fa fa-clock'><\/i><\/span>Zeitplan<\/h3><p><span class='evo_eventcard_time_t'>27 August 2026 09:00<\/span><span class='evo_tz marr5'>(GMT+02:00)<\/span><\/p>\n\t\t<\/div>\n\t<\/div><\/div><div id='event_location' class='evocard_box location' data-c='' \n\t\t\t\t\tstyle=''><div class='evcal_evdata_row evo_metarow_time_location evorow '>\n\t\t\n\t\t\t<span class='evcal_evdata_icons'><i class='fa fa-map-marker'><\/i><\/span>\n\t\t\t<div class='evcal_evdata_cell' data-loc_tax_id='23'><h3 class='evo_h3 evodfx'><span class='evcal_evdata_icons'><i class='fa fa-map-marker'><\/i><\/span>Ort<\/h3><p class='evo_location_name'>Talstation Obereggen<\/p><p class='evo_location_address evodfxi evogap10'>Obereggen 16 I-39050 Deutschnofen (BZ)<\/p><div class='padt10'><span class='evo_btn_arr evolb_trigger' data-lbvals=\"{&quot;lbc&quot;:&quot;evo_location_lb_23&quot;,&quot;lbac&quot;:&quot;lb_max&quot;,&quot;t&quot;:&quot;Talstation Obereggen&quot;,&quot;ajax&quot;:&quot;yes&quot;,&quot;ajax_type&quot;:&quot;endpoint&quot;,&quot;ajax_action&quot;:&quot;eventon_get_tax_card_content&quot;,&quot;end&quot;:&quot;client&quot;,&quot;d&quot;:{&quot;lang&quot;:&quot;L2&quot;,&quot;term_id&quot;:23,&quot;tax&quot;:&quot;event_location&quot;,&quot;load_lbcontent&quot;:true},&quot;uid&quot;:&quot;eventon_get_tax_card_content&quot;}\" >Other Events<i class='fa fa-chevron-right'><\/i><\/span><\/div><\/div>\n\t\t\n\t<\/div><\/div><\/div><div class='evocard_row bx2 bx'><div id='event_learnmore' class='evocard_box learnmore' data-c='' \n\t\t\t\t\tstyle=''><div class='evo_metarow_learnM evo_metarow_learnmore evorow'>\n\t\t\t\t\t\t\t<a class='evcal_evdata_row evo_clik_row ' href='https:\/\/eggental.com\/de\/event\/gipfelwanderung-zur-latemarhtte_11602' target=\"_blank\">\n\t\t\t\t\t\t\t\t<span class='evcal_evdata_icons'><i class='fa fa-link'><\/i><\/span>\n\t\t\t\t\t\t\t\t<h3 class='evo_h3'>Entdecke mehr<\/h3>\n\t\t\t\t\t\t\t<\/a>\n\t\t\t\t\t\t\t<\/div><\/div><div id='event_addtocal' class='evocard_box addtocal' data-c='' \n\t\t\t\t\tstyle=''><div class='evo_metarow_ICS evorow evcal_evdata_row'>\n\t\t\t<span class='evcal_evdata_icons'><i class='fa fa-calendar-o'><\/i><\/span>\n\t\t\t<div class='evcal_evdata_cell'>\n\t\t\t\t<p><a href='https:\/\/latemarium.com\/de\/export-events\/2845_8\/?nonce=7b34e59f7d' class='evo_ics_nCal' title='Zu Ihrem Kalender hinzuf\u00fcgen'>Kalender<\/a><a href='https:\/\/www.google.com\/calendar\/event?action=TEMPLATE&text=Gipfelwanderung+zur+Latemarh%C3%BCtte&dates=20260827T070000Z%2F20260827T215900Z&ctz=Europe%2FRome&details=Gipfelwanderung zur Latemarh\u00fctte&location=Talstation+Obereggen+Obereggen+16+I-39050+Deutschnofen+%28BZ%29' target='_blank' class='evo_ics_gCal' title='Zu Google Kalender hinzuf\u00fcgen'>GoogleCal<\/a><\/p>\t\n\t\t\t<\/div>\n\t\t<\/div><\/div><\/div><div class='evocard_row'><div id='event_getdirection' class='evocard_box getdirection' data-c='' \n\t\t\t\t\tstyle=''><div class='evo_metarow_getDr evorow evcal_evdata_row evcal_evrow_sm getdirections'>\n\t\t<form action='https:\/\/maps.google.com\/maps' method='get' target='_blank'>\n\t\t\t<input type='hidden' name='daddr' value=\"46.3835808246333,11.52667595881786\"\/> \n\t\t\t<div class='evo_get_direction_content evo_fx_dr_r evogap10'>\n\t\t\t\t<span class='evogetdir_header evodfx evofx_dr_r evofx_ai_c marr10'>\n\t\t\t\t\t<i class='mainicon fa fa-road'><\/i> \n\t\t\t\t\t<h3 class='evo_h3' style='padding-bottom:5px;'>Wegbeschreibung abrufen<\/h3>\n\t\t\t\t<\/span>\n\t\t\t\t<span class='evogetdir_field evodfx evofx_1_1 evo_fx_dr_c evow100p'>\t\t\t\t\t\n\t\t\t\t\t<input class='evoInput evotac' type='text' name='saddr' placeholder='&quot;Geben Sie die Adresse ein' value='' style='margin:10px 0;'\/>\n\t\t\t\t<\/span>\n\t\t\t\t<button type='submit' class='evo_get_direction_button evo_btn_arr_circ dfx fx_ai_c' title='&quot;Klicken Sie hier'><i class='fa fa-chevron-right'><\/i> <\/button>\n\t\t\t<\/div>\n\t\t<\/form>\n\t<\/div><\/div><\/div><div class='evo_card_row_end evcal_close' title='Schlie\u00dfen'><\/div><\/div><div class='clear end'><\/div><\/div><div id=\"event_2544_1\" class=\"eventon_list_event evo_eventtop scheduled  event clrD no_et event_2544_1\" data-event_id=\"2544\" data-ri=\"1r\" data-time=\"1787821200-1787864400\" data-colr=\"#006290\" itemscope itemtype='http:\/\/schema.org\/Event'><div class=\"evo_event_schema\" style=\"display:none\" ><a itemprop='url'  href='https:\/\/latemarium.com\/de\/events\/prof-propolis\/var\/ri-1.l-L2'><\/a><meta itemprop='image' content=\"https:\/\/latemarium.com\/wp-content\/uploads\/2024\/04\/spettacolo-apicoltore-predazzo-valdifiemme-trentino-ph-Modica-11-scaled.jpg\" \/><meta itemprop='startDate' content=\"2026-8-27T11:00+0:00\" \/><meta itemprop='endDate' content=\"2026-8-27T23:00+0:00\" \/><meta itemprop='eventStatus' content=\"https:\/\/schema.org\/EventScheduled\" \/><meta itemprop='eventAttendanceMode'   itemscope itemtype=\"https:\/\/schema.org\/OfflineEventAttendanceMode\"\/><script type=\"application\/ld+json\">{\"@context\": \"http:\/\/schema.org\",\"@type\": \"Event\",\n\t\t\t\t\"@id\": \"event_2544_1\",\n\t\t\t\t\"eventAttendanceMode\":\"https:\/\/schema.org\/OfflineEventAttendanceMode\",\n\t\t\t\t\"eventStatus\":\"https:\/\/schema.org\/EventScheduled\",\n\t\t\t\t\"name\": \"PROF. PR\u00d2POLIS\",\n\t\t\t\t\"url\": \"https:\/\/latemarium.com\/de\/events\/prof-propolis\/var\/ri-1.l-L2\",\n\t\t\t\t\"startDate\": \"2026-8-27T11:00+0:00\",\n\t\t\t\t\"endDate\": \"2026-8-27T23:00+0:00\",\n\t\t\t\t\"image\":\"https:\/\/latemarium.com\/wp-content\/uploads\/2024\/04\/spettacolo-apicoltore-predazzo-valdifiemme-trentino-ph-Modica-11-scaled.jpg\", \n\t\t\t\t\"description\":\"<p>Prof. Pr\u00f2polis sagte, er habe eine Riesenbiene gesehen, trotzdem glaubt ihm niemand. Was halten Sie davon? Glauben Sie dem Professor Prop\u00f2lis? Er hat aber recht, da diese Riesenbiene existiert. Haben Sie aber keine Angst vor ihr, da sie eine nette und sympathische Biene ist. Helfen Sie dem Professor und dem besten Bienenz\u00fcchter in Gardon\u00e8, Corrado, sie zu finden.<\/p> <p>Die Wandervorf\u00fchrung des Professors Prop\u00f2lis ist f\u00fcr die ganze Familie geeignet<\/p> <p>INFO:<br \/> bei der Bergstation der Gondelbahn Predazzo \u2013 Gardon\u00e8<br \/> um 11.00 Uhr<br \/> F\u00fcr Familien (Dauer: 1h30\u2018)<br \/> Mit Nicola Sordo und Corrado Vinante<\/p> <p>&nbsp;<\/p> <p>&nbsp;<\/p> \"}<\/script><\/div>\r\n\t\t\t\t<p class=\"desc_trig_outter\" style=\"\"><a data-gmap_status=\"null\" data-exlk=\"0\" style=\"background-color: #006290;\" id=\"evc_17878212002544\" class=\"hasFtIMG event_repeat desc_trig sin_val evcal_list_a\" data-ux_val=\"3\" data-ux_val_mob=\"-\"  ><span class='evoet_c1 evoet_cx '><span class='ev_ftImg' data-img='https:\/\/latemarium.com\/wp-content\/uploads\/2024\/04\/spettacolo-apicoltore-predazzo-valdifiemme-trentino-ph-Modica-11-scaled.jpg' data-thumb='https:\/\/latemarium.com\/wp-content\/uploads\/2024\/04\/spettacolo-apicoltore-predazzo-valdifiemme-trentino-ph-Modica-11-300x200.jpg' style='background-image:url(\"https:\/\/latemarium.com\/wp-content\/uploads\/2024\/04\/spettacolo-apicoltore-predazzo-valdifiemme-trentino-ph-Modica-11-300x200.jpg\")' ><\/span><\/span><span class='evoet_c2 evoet_cx '><span class='evoet_dayblock evcal_cblock ' data-bgcolor='#006290' data-smon='August' data-syr='2026' data-bub=''><span class='evo_start '><em class='date'>27<\/em><em class='month'>Aug<\/em><em class='time'>11:00<\/em><\/span><\/span><\/span><span class='evoet_c3 evoet_cx evcal_desc hide_eventtopdata '><span class='evoet_title evcal_desc2 evcal_event_title ' itemprop='name'>PROF. PR\u00d2POLIS<\/span><span class='event_location_attrs' data-location_type=\"lonlat\" data-location_name=\"Seilbahn Ankunft Predazzo-Gardon\u00e8\" data-location_url=\"https:\/\/latemarium.com\/de\/event-location\/seilbahn-ankunft-predazzo-gardone\/\" data-location_status=\"true\" data-latlng=\"46.32878794406342,11.600176728690842\"><\/span><span class='evoet_subtitle evo_below_title' ><span class='evcal_event_subtitle ' >DER THEMENPFAD DES ZERSTREUTEN HIRTEN<\/span><\/span><span class='evoet_time_expand level_3'><em class='evcal_time evo_tz_time'><i class='fa fa-clock-o'><\/i>11:00<span class='evo_tz marl5'>(GMT+02:00)<\/span><\/em> <\/span><span class='evoet_location level_3'><em class=\"evcal_location\"  data-latlng=\"46.32878794406342,11.600176728690842\" data-add_str=\"\" data-n=\"Seilbahn Ankunft Predazzo-Gardon\u00e8\"><i class=\"fa fa-location-pin\"><\/i><em class=\"event_location_name\">Seilbahn Ankunft Predazzo-Gardon\u00e8<\/em><\/em><\/span><\/span><span class='evoet_data' data-d=\"{&quot;loc.n&quot;:&quot;Seilbahn Ankunft Predazzo-Gardon\\u00e8&quot;,&quot;orgs&quot;:[],&quot;tags&quot;:{&quot;repeating&quot;:&quot;Repeating Event&quot;}}\" data-bgc=\"#006290\" data-bggrad=\"\" ><\/span><\/a><\/p><div class='event_description evcal_eventcard ' style=\"display:none\"><div class='evocard_row'><div id='event_ftimage' class='evocard_box ftimage' data-c='' \n\t\t\t\t\tstyle=''><div class='evocard_main_image_hold' data-t='Loading Image..'><div class='evocard_main_image evo_img_triglb evobr15 evobgsc evobgpc evodfx evofx_jc_c evofx_ai_c evofz48 minmized' style='height:300px; background-image:url();' data-f=\"https:\/\/latemarium.com\/wp-content\/uploads\/2024\/04\/spettacolo-apicoltore-predazzo-valdifiemme-trentino-ph-Modica-11-scaled.jpg\" data-h=\"1706\" data-w=\"2560\" data-ratio=\"0.66640625\" data-event_id=\"2544\" data-ri=\"1\"  data-t='Loading Image..'><span style='height:300px; background-image:url(https:\/\/latemarium.com\/wp-content\/uploads\/2024\/04\/spettacolo-apicoltore-predazzo-valdifiemme-trentino-ph-Modica-11-scaled.jpg)'><\/span><\/div><\/div><\/div><\/div><div class='evocard_row'><div id='event_eventdetails' class='evocard_box eventdetails' data-c='' \n\t\t\t\t\tstyle=''><div class='evo_metarow_details evorow evcal_evdata_row evcal_event_details'>\n\t\t<div class=\"event_excerpt\" style=\"display:none\"><h3 class=\"padb5 evo_h3\">Details zur Veranstaltung<\/h3><p>Prof. Pr\u00f2polis sagte, er habe eine Riesenbiene gesehen, trotzdem glaubt ihm niemand. Was halten Sie davon? Glauben Sie dem Professor Prop\u00f2lis? Er hat aber recht, da diese Riesenbiene existiert. Haben<\/p><\/div><span class='evcal_evdata_icons'><i class='fa fa-align-justify'><\/i><\/span>\n\t\t\n\t\t<div class='evcal_evdata_cell shorter_desc'>\n\t\t\t<div class='eventon_full_description'>\n\t\t\t\t<h3 class='padb5 evo_h3'><span class='evcal_evdata_icons'><i class='fa fa-align-justify'><\/i><\/span>Details zur Veranstaltung<\/h3>\n\t\t\t\t<div class='eventon_desc_in' itemprop='description'>\n\t\t\t\t<p>Prof. Pr\u00f2polis sagte, er habe eine Riesenbiene gesehen, trotzdem glaubt ihm niemand. Was halten Sie davon? Glauben Sie dem Professor Prop\u00f2lis? Er hat aber recht, da diese Riesenbiene existiert. Haben Sie aber keine Angst vor ihr, da sie eine nette und sympathische Biene ist. Helfen Sie dem Professor und dem besten Bienenz\u00fcchter in Gardon\u00e8, Corrado, sie zu finden.<\/p>\n<p>Die Wandervorf\u00fchrung des Professors Prop\u00f2lis ist f\u00fcr die ganze Familie geeignet<\/p>\n<p>INFO:<br \/>\nbei der Bergstation der Gondelbahn Predazzo \u2013 Gardon\u00e8<br \/>\num 11.00 Uhr<br \/>\nF\u00fcr Familien (Dauer: 1h30\u2018)<br \/>\nMit Nicola Sordo und Corrado Vinante<\/p>\n<p>&nbsp;<\/p>\n<p>&nbsp;<\/p>\n<\/div><p class='eventon_shad_p' style='padding:5px 0 0; margin:0'>\n\t\t\t<span class='evcal_btn evo_btn_secondary evobtn_details_show_more' content='less'>\n\t\t\t\t<span class='ev_more_text' data-txt='Weniger'>Mehr<\/span><span class='ev_more_arrow ard'><\/span>\n\t\t\t<\/span>\n\t\t<\/p><div class='clear'><\/div>\n\t\t\t<\/div>\n\t\t<\/div>\n\t<\/div><\/div><\/div><div class='evocard_row bx2 bx'><div id='event_time' class='evocard_box time' data-c='' \n\t\t\t\t\tstyle=''><div class='evo_metarow_time evorow evcal_evdata_row evcal_evrow_sm '>\n\t\t<span class='evcal_evdata_icons'><i class='fa fa-clock'><\/i><\/span>\n\t\t<div class='evcal_evdata_cell'>\t\t\t\t\t\t\t\n\t\t\t<h3 class='evo_h3'><span class='evcal_evdata_icons'><i class='fa fa-clock'><\/i><\/span>Zeitplan<\/h3><p><span class='evo_eventcard_time_t'>27 August 2026 11:00<\/span><span class='evo_tz marr5'>(GMT+02:00)<\/span><\/p>\n\t\t<\/div>\n\t<\/div><\/div><div id='event_location' class='evocard_box location' data-c='' \n\t\t\t\t\tstyle=''><div class='evcal_evdata_row evo_metarow_time_location evorow '>\n\t\t\n\t\t\t<span class='evcal_evdata_icons'><i class='fa fa-map-marker'><\/i><\/span>\n\t\t\t<div class='evcal_evdata_cell' data-loc_tax_id='36'><h3 class='evo_h3 evodfx'><span class='evcal_evdata_icons'><i class='fa fa-map-marker'><\/i><\/span>Ort<\/h3><p class='evo_location_name'>Seilbahn Ankunft Predazzo-Gardon\u00e8<\/p><div class='padt10'><span class='evo_btn_arr evolb_trigger' data-lbvals=\"{&quot;lbc&quot;:&quot;evo_location_lb_36&quot;,&quot;lbac&quot;:&quot;lb_max&quot;,&quot;t&quot;:&quot;Seilbahn Ankunft Predazzo-Gardon\\u00e8&quot;,&quot;ajax&quot;:&quot;yes&quot;,&quot;ajax_type&quot;:&quot;endpoint&quot;,&quot;ajax_action&quot;:&quot;eventon_get_tax_card_content&quot;,&quot;end&quot;:&quot;client&quot;,&quot;d&quot;:{&quot;lang&quot;:&quot;L2&quot;,&quot;term_id&quot;:36,&quot;tax&quot;:&quot;event_location&quot;,&quot;load_lbcontent&quot;:true},&quot;uid&quot;:&quot;eventon_get_tax_card_content&quot;}\" >Other Events<i class='fa fa-chevron-right'><\/i><\/span><\/div><\/div>\n\t\t\n\t<\/div><\/div><\/div><div class='evocard_row bx2 bx'><div id='event_learnmore' class='evocard_box learnmore' data-c='' \n\t\t\t\t\tstyle=''><div class='evo_metarow_learnM evo_metarow_learnmore evorow'>\n\t\t\t\t\t\t\t<a class='evcal_evdata_row evo_clik_row ' href='https:\/\/www.montagnanimata.it\/de\/spektakel\/' >\n\t\t\t\t\t\t\t\t<span class='evcal_evdata_icons'><i class='fa fa-link'><\/i><\/span>\n\t\t\t\t\t\t\t\t<h3 class='evo_h3'>Entdecke mehr<\/h3>\n\t\t\t\t\t\t\t<\/a>\n\t\t\t\t\t\t\t<\/div><\/div><div id='event_addtocal' class='evocard_box addtocal' data-c='' \n\t\t\t\t\tstyle=''><div class='evo_metarow_ICS evorow evcal_evdata_row'>\n\t\t\t<span class='evcal_evdata_icons'><i class='fa fa-calendar-o'><\/i><\/span>\n\t\t\t<div class='evcal_evdata_cell'>\n\t\t\t\t<p><a href='https:\/\/latemarium.com\/de\/export-events\/2544_1\/?nonce=7b34e59f7d' class='evo_ics_nCal' title='Zu Ihrem Kalender hinzuf\u00fcgen'>Kalender<\/a><a href='https:\/\/www.google.com\/calendar\/event?action=TEMPLATE&text=PROF.+PR%C3%92POLIS&dates=20260827T090000Z%2F20260827T210000Z&ctz=Europe%2FRome&details=PROF. PR\u00d2POLIS&location=Seilbahn+Ankunft+Predazzo-Gardon%C3%A8' target='_blank' class='evo_ics_gCal' title='Zu Google Kalender hinzuf\u00fcgen'>GoogleCal<\/a><\/p>\t\n\t\t\t<\/div>\n\t\t<\/div><\/div><\/div><div class='evocard_row'><div id='event_getdirection' class='evocard_box getdirection' data-c='' \n\t\t\t\t\tstyle=''><div class='evo_metarow_getDr evorow evcal_evdata_row evcal_evrow_sm getdirections'>\n\t\t<form action='https:\/\/maps.google.com\/maps' method='get' target='_blank'>\n\t\t\t<input type='hidden' name='daddr' value=\"46.32878794406342,11.600176728690842\"\/> \n\t\t\t<div class='evo_get_direction_content evo_fx_dr_r evogap10'>\n\t\t\t\t<span class='evogetdir_header evodfx evofx_dr_r evofx_ai_c marr10'>\n\t\t\t\t\t<i class='mainicon fa fa-road'><\/i> \n\t\t\t\t\t<h3 class='evo_h3' style='padding-bottom:5px;'>Wegbeschreibung abrufen<\/h3>\n\t\t\t\t<\/span>\n\t\t\t\t<span class='evogetdir_field evodfx evofx_1_1 evo_fx_dr_c evow100p'>\t\t\t\t\t\n\t\t\t\t\t<input class='evoInput evotac' type='text' name='saddr' placeholder='&quot;Geben Sie die Adresse ein' value='' style='margin:10px 0;'\/>\n\t\t\t\t<\/span>\n\t\t\t\t<button type='submit' class='evo_get_direction_button evo_btn_arr_circ dfx fx_ai_c' title='&quot;Klicken Sie hier'><i class='fa fa-chevron-right'><\/i> <\/button>\n\t\t\t<\/div>\n\t\t<\/form>\n\t<\/div><\/div><\/div><div class='evo_card_row_end evcal_close' title='Schlie\u00dfen'><\/div><\/div><div class='clear end'><\/div><\/div><div id=\"event_2198_9\" class=\"eventon_list_event evo_eventtop scheduled  event clrW event_2198_9\" data-event_id=\"2198\" data-ri=\"9r\" data-time=\"1787842800-1787850900\" data-colr=\"#f78234\" itemscope itemtype='http:\/\/schema.org\/Event'><div class=\"evo_event_schema\" style=\"display:none\" ><a itemprop='url'  href='https:\/\/latemarium.com\/de\/events\/pilyoga\/var\/ri-9.l-L2'><\/a><meta itemprop='image' content=\"https:\/\/latemarium.com\/wp-content\/uploads\/2023\/06\/pilyoga.jpg\" \/><meta itemprop='startDate' content=\"2026-8-27T17:00+0:00\" \/><meta itemprop='endDate' content=\"2026-8-27T19:15+0:00\" \/><meta itemprop='eventStatus' content=\"https:\/\/schema.org\/EventScheduled\" \/><meta itemprop='eventAttendanceMode'   itemscope itemtype=\"https:\/\/schema.org\/OfflineEventAttendanceMode\"\/><div style=\"display:none\" itemprop=\"location\" itemscope itemtype=\"http:\/\/schema.org\/Place\"><span itemprop=\"name\">Pampeago<\/span><span itemprop=\"address\" itemscope itemtype=\"http:\/\/schema.org\/PostalAddress\"><item itemprop=\"streetAddress\">Localit\u00e0 Pampeago, 8, 38038 Tesero TN<\/item><\/span><\/div><script type=\"application\/ld+json\">{\"@context\": \"http:\/\/schema.org\",\"@type\": \"Event\",\n\t\t\t\t\"@id\": \"event_2198_9\",\n\t\t\t\t\"eventAttendanceMode\":\"https:\/\/schema.org\/OfflineEventAttendanceMode\",\n\t\t\t\t\"eventStatus\":\"https:\/\/schema.org\/EventScheduled\",\n\t\t\t\t\"name\": \"PilYoga\",\n\t\t\t\t\"url\": \"https:\/\/latemarium.com\/de\/events\/pilyoga\/var\/ri-9.l-L2\",\n\t\t\t\t\"startDate\": \"2026-8-27T17:00+0:00\",\n\t\t\t\t\"endDate\": \"2026-8-27T19:15+0:00\",\n\t\t\t\t\"image\":\"https:\/\/latemarium.com\/wp-content\/uploads\/2023\/06\/pilyoga.jpg\", \n\t\t\t\t\"description\":\"<p><strong>Jeden Donnerstag vom 25. Juni bis 3. September 2026<\/strong><\/p> <p>Treffen und Abfahrt um 17.00 Uhr mit Lehrerin Elisa (an der Liftkasse)<br \/> Dauer: von 17:00 bis 19:15 Uhr. Aktivit\u00e4t empfohlen f\u00fcr Personen ab 14 Jahren<\/p> <p>Mit der Agnello-Sesselbahn erreichen Sie den Unterrichtsort und k\u00f6nnen nach einem kurzen Spaziergang im direkten Kontakt mit der Natur entspannen und den Kopf frei bekommen. Die Praxis von PilYoga in gro\u00dfer H\u00f6he erm\u00f6glicht eine vollst\u00e4ndige Harmonie mit der Umgebung, weit weg von allen Ger\u00e4uschen des t\u00e4glichen Lebens.<br \/> Sobald Sie die Lektion beendet haben, erwartet Sie im Chalet Caserina ein kleiner Aperitif, um dann mit einem kurzen Spaziergang zu Fu\u00df wieder hinunterzugehen.<br \/> <em>Bei schlechtem Wetter KEINE Aktivit\u00e4t geplant<\/em><\/p> <p>Klicken Sie <a href='https:\/\/www.visitfiemme.it\/de\/veranstaltungen\/fiemme-cembra-guest-card\/erlebnisse\/erlebnisse-sommer' target='_blank' rel='noopener'>hier<\/a> zum Buchen<\/p> \",\"location\":[{\"@type\":\"Place\",\"name\":\"Pampeago\",\"address\":{\"@type\": \"PostalAddress\",\"streetAddress\":\"Localit\u00e0 Pampeago, 8, 38038 Tesero TN\"}}]}<\/script><\/div>\r\n\t\t\t\t<p class=\"desc_trig_outter\" style=\"\"><a data-gmtrig=\"1\" data-exlk=\"0\" style=\"background-color: #f78234;\" id=\"evc_17878428002198\" class=\"hasFtIMG event_repeat desc_trig sin_val evcal_list_a\" data-ux_val=\"3\" data-ux_val_mob=\"-\"  ><span class='evoet_c1 evoet_cx '><span class='ev_ftImg' data-img='https:\/\/latemarium.com\/wp-content\/uploads\/2023\/06\/pilyoga.jpg' data-thumb='https:\/\/latemarium.com\/wp-content\/uploads\/2023\/06\/pilyoga-300x169.jpg' style='background-image:url(\"https:\/\/latemarium.com\/wp-content\/uploads\/2023\/06\/pilyoga-300x169.jpg\")' ><\/span><\/span><span class='evoet_c2 evoet_cx '><span class='evoet_dayblock evcal_cblock ' data-bgcolor='#f78234' data-smon='August' data-syr='2026' data-bub=''><span class='evo_start '><em class='date'>27<\/em><em class='month'>Aug<\/em><em class='time'>17:00<\/em><\/span><span class='evo_end only_time'><em class='time'>19:15<\/em><\/span><\/span><\/span><span class='evoet_c3 evoet_cx evcal_desc hide_eventtopdata '><span class='evoet_title evcal_desc2 evcal_event_title ' itemprop='name'>PilYoga<\/span><span class='event_location_attrs'  data-location_address=\"Localit\u00e0 Pampeago, 8, 38038 Tesero TN\" data-location_type=\"lonlat\" data-location_name=\"Pampeago\" data-location_url=\"https:\/\/latemarium.com\/de\/event-location\/pampeago-de\/\" data-location_status=\"true\" data-latlng=\"46.34343697644898,11.540997527961546\"><\/span><span class='evoet_subtitle evo_below_title' ><span class='evcal_event_subtitle ' >Pilyoga umgeben von den Werken von Respirat<\/span><\/span><span class='evoet_time_expand level_3'><em class='evcal_time evo_tz_time'><i class='fa fa-clock-o'><\/i>17:00 - 19:15<span class='evo_tz marl5'>(GMT+02:00)<\/span><\/em> <\/span><span class='evoet_location level_3'><em class=\"evcal_location\"  data-latlng=\"46.34343697644898,11.540997527961546\" data-add_str=\"Localit\u00e0 Pampeago, 8, 38038 Tesero TN\" data-n=\"Pampeago\"><i class=\"fa fa-location-pin\"><\/i><em class=\"event_location_name\">Pampeago<\/em>, Localit\u00e0 Pampeago, 8, 38038 Tesero TN<\/em><\/span><\/span><span class='evoet_data' data-d=\"{&quot;loc.n&quot;:&quot;Pampeago&quot;,&quot;orgs&quot;:[],&quot;tags&quot;:{&quot;repeating&quot;:&quot;Repeating Event&quot;}}\" data-bgc=\"#f78234\" data-bggrad=\"\" ><\/span><\/a><\/p><div class='event_description evcal_eventcard ' style=\"display:none\"><div class='evocard_row'><div id='event_ftimage' class='evocard_box ftimage' data-c='' \n\t\t\t\t\tstyle=''><div class='evocard_main_image_hold' data-t='Loading Image..'><div class='evocard_main_image evo_img_triglb evobr15 evobgsc evobgpc evodfx evofx_jc_c evofx_ai_c evofz48 minmized' style='height:300px; background-image:url();' data-f=\"https:\/\/latemarium.com\/wp-content\/uploads\/2023\/06\/pilyoga.jpg\" data-h=\"675\" data-w=\"1200\" data-ratio=\"0.5625\" data-event_id=\"2198\" data-ri=\"9\"  data-t='Loading Image..'><span style='height:300px; background-image:url(https:\/\/latemarium.com\/wp-content\/uploads\/2023\/06\/pilyoga.jpg)'><\/span><\/div><\/div><\/div><\/div><div class='evocard_row'><div id='event_eventdetails' class='evocard_box eventdetails' data-c='' \n\t\t\t\t\tstyle=''><div class='evo_metarow_details evorow evcal_evdata_row evcal_event_details'>\n\t\t<div class=\"event_excerpt\" style=\"display:none\"><h3 class=\"padb5 evo_h3\">Details zur Veranstaltung<\/h3><p>Jeden Donnerstag vom 25. Juni bis 3. September 2026\nTreffen und Abfahrt um 17.00 Uhr mit Lehrerin Elisa (an der Liftkasse)\nDauer: von 17:00 bis 19:15 Uhr. Aktivit\u00e4t empfohlen f\u00fcr Personen<\/p><\/div><span class='evcal_evdata_icons'><i class='fa fa-align-justify'><\/i><\/span>\n\t\t\n\t\t<div class='evcal_evdata_cell shorter_desc'>\n\t\t\t<div class='eventon_full_description'>\n\t\t\t\t<h3 class='padb5 evo_h3'><span class='evcal_evdata_icons'><i class='fa fa-align-justify'><\/i><\/span>Details zur Veranstaltung<\/h3>\n\t\t\t\t<div class='eventon_desc_in' itemprop='description'>\n\t\t\t\t<p><strong>Jeden Donnerstag vom 25. Juni bis 3. September 2026<\/strong><\/p>\n<p>Treffen und Abfahrt um 17.00 Uhr mit Lehrerin Elisa (an der Liftkasse)<br \/>\nDauer: von 17:00 bis 19:15 Uhr. Aktivit\u00e4t empfohlen f\u00fcr Personen ab 14 Jahren<\/p>\n<p>Mit der Agnello-Sesselbahn erreichen Sie den Unterrichtsort und k\u00f6nnen nach einem kurzen Spaziergang im direkten Kontakt mit der Natur entspannen und den Kopf frei bekommen. Die Praxis von PilYoga in gro\u00dfer H\u00f6he erm\u00f6glicht eine vollst\u00e4ndige Harmonie mit der Umgebung, weit weg von allen Ger\u00e4uschen des t\u00e4glichen Lebens.<br \/>\nSobald Sie die Lektion beendet haben, erwartet Sie im Chalet Caserina ein kleiner Aperitif, um dann mit einem kurzen Spaziergang zu Fu\u00df wieder hinunterzugehen.<br \/>\n<em>Bei schlechtem Wetter KEINE Aktivit\u00e4t geplant<\/em><\/p>\n<p>Klicken Sie <a href=\"https:\/\/www.visitfiemme.it\/de\/veranstaltungen\/fiemme-cembra-guest-card\/erlebnisse\/erlebnisse-sommer\" target=\"_blank\" rel=\"noopener\">hier<\/a> zum Buchen<\/p>\n<\/div><p class='eventon_shad_p' style='padding:5px 0 0; margin:0'>\n\t\t\t<span class='evcal_btn evo_btn_secondary evobtn_details_show_more' content='less'>\n\t\t\t\t<span class='ev_more_text' data-txt='Weniger'>Mehr<\/span><span class='ev_more_arrow ard'><\/span>\n\t\t\t<\/span>\n\t\t<\/p><div class='clear'><\/div>\n\t\t\t<\/div>\n\t\t<\/div>\n\t<\/div><\/div><\/div><div class='evocard_row bx2 bx'><div id='event_time' class='evocard_box time' data-c='' \n\t\t\t\t\tstyle=''><div class='evo_metarow_time evorow evcal_evdata_row evcal_evrow_sm '>\n\t\t<span class='evcal_evdata_icons'><i class='fa fa-clock'><\/i><\/span>\n\t\t<div class='evcal_evdata_cell'>\t\t\t\t\t\t\t\n\t\t\t<h3 class='evo_h3'><span class='evcal_evdata_icons'><i class='fa fa-clock'><\/i><\/span>Zeitplan<\/h3><p><span class='evo_eventcard_time_t'>27 August 2026 17:00 - 19:15<\/span><span class='evo_tz marr5'>(GMT+02:00)<\/span><\/p>\n\t\t<\/div>\n\t<\/div><\/div><div id='event_location' class='evocard_box location' data-c='' \n\t\t\t\t\tstyle=''><div class='evcal_evdata_row evo_metarow_time_location evorow '>\n\t\t\n\t\t\t<span class='evcal_evdata_icons'><i class='fa fa-map-marker'><\/i><\/span>\n\t\t\t<div class='evcal_evdata_cell' data-loc_tax_id='32'><h3 class='evo_h3 evodfx'><span class='evcal_evdata_icons'><i class='fa fa-map-marker'><\/i><\/span>Ort<\/h3><p class='evo_location_name'>Pampeago<\/p><p class='evo_location_address evodfxi evogap10'>Localit\u00e0 Pampeago, 8, 38038 Tesero TN<\/p><div class='padt10'><span class='evo_btn_arr evolb_trigger' data-lbvals=\"{&quot;lbc&quot;:&quot;evo_location_lb_32&quot;,&quot;lbac&quot;:&quot;lb_max&quot;,&quot;t&quot;:&quot;Pampeago&quot;,&quot;ajax&quot;:&quot;yes&quot;,&quot;ajax_type&quot;:&quot;endpoint&quot;,&quot;ajax_action&quot;:&quot;eventon_get_tax_card_content&quot;,&quot;end&quot;:&quot;client&quot;,&quot;d&quot;:{&quot;lang&quot;:&quot;L2&quot;,&quot;term_id&quot;:32,&quot;tax&quot;:&quot;event_location&quot;,&quot;load_lbcontent&quot;:true},&quot;uid&quot;:&quot;eventon_get_tax_card_content&quot;}\" >Other Events<i class='fa fa-chevron-right'><\/i><\/span><\/div><\/div>\n\t\t\n\t<\/div><\/div><\/div><div class='evocard_row'><div id='event_addtocal' class='evocard_box addtocal' data-c='' \n\t\t\t\t\tstyle=''><div class='evo_metarow_ICS evorow evcal_evdata_row'>\n\t\t\t<span class='evcal_evdata_icons'><i class='fa fa-calendar-o'><\/i><\/span>\n\t\t\t<div class='evcal_evdata_cell'>\n\t\t\t\t<p><a href='https:\/\/latemarium.com\/de\/export-events\/2198_9\/?nonce=7b34e59f7d' class='evo_ics_nCal' title='Zu Ihrem Kalender hinzuf\u00fcgen'>Kalender<\/a><a href='https:\/\/www.google.com\/calendar\/event?action=TEMPLATE&text=PilYoga&dates=20260827T150000Z%2F20260827T171500Z&ctz=Europe%2FRome&details=PilYoga&location=Pampeago+Localit%C3%A0+Pampeago%2C+8%2C+38038+Tesero+TN' target='_blank' class='evo_ics_gCal' title='Zu Google Kalender hinzuf\u00fcgen'>GoogleCal<\/a><\/p>\t\n\t\t\t<\/div>\n\t\t<\/div><\/div><\/div><div class='evocard_row'><div id='event_getdirection' class='evocard_box getdirection' data-c='' \n\t\t\t\t\tstyle=''><div class='evo_metarow_getDr evorow evcal_evdata_row evcal_evrow_sm getdirections'>\n\t\t<form action='https:\/\/maps.google.com\/maps' method='get' target='_blank'>\n\t\t\t<input type='hidden' name='daddr' value=\"Localit\u00e0 Pampeago, 8, 38038 Tesero TN\"\/> \n\t\t\t<div class='evo_get_direction_content evo_fx_dr_r evogap10'>\n\t\t\t\t<span class='evogetdir_header evodfx evofx_dr_r evofx_ai_c marr10'>\n\t\t\t\t\t<i class='mainicon fa fa-road'><\/i> \n\t\t\t\t\t<h3 class='evo_h3' style='padding-bottom:5px;'>Wegbeschreibung abrufen<\/h3>\n\t\t\t\t<\/span>\n\t\t\t\t<span class='evogetdir_field evodfx evofx_1_1 evo_fx_dr_c evow100p'>\t\t\t\t\t\n\t\t\t\t\t<input class='evoInput evotac' type='text' name='saddr' placeholder='&quot;Geben Sie die Adresse ein' value='' style='margin:10px 0;'\/>\n\t\t\t\t<\/span>\n\t\t\t\t<button type='submit' class='evo_get_direction_button evo_btn_arr_circ dfx fx_ai_c' title='&quot;Klicken Sie hier'><i class='fa fa-chevron-right'><\/i> <\/button>\n\t\t\t<\/div>\n\t\t<\/form>\n\t<\/div><\/div><\/div><div class='evo_card_row_end evcal_close' title='Schlie\u00dfen'><\/div><\/div><div class='clear end'><\/div><\/div><div id=\"event_2203_9\" class=\"eventon_list_event evo_eventtop scheduled  event clrD event_2203_9\" data-event_id=\"2203\" data-ri=\"9r\" data-time=\"1787843700-1787850900\" data-colr=\"#ba181d\" itemscope itemtype='http:\/\/schema.org\/Event'><div class=\"evo_event_schema\" style=\"display:none\" ><a itemprop='url'  href='https:\/\/latemarium.com\/de\/events\/e-bike-latemar-tour\/var\/ri-9.l-L2'><\/a><meta itemprop='image' content=\"https:\/\/latemarium.com\/wp-content\/uploads\/2023\/06\/e-bike-tour.jpg\" \/><meta itemprop='startDate' content=\"2026-8-27T17:15+0:00\" \/><meta itemprop='endDate' content=\"2026-8-27T19:15+0:00\" \/><meta itemprop='eventStatus' content=\"https:\/\/schema.org\/EventScheduled\" \/><meta itemprop='eventAttendanceMode'   itemscope itemtype=\"https:\/\/schema.org\/OfflineEventAttendanceMode\"\/><div style=\"display:none\" itemprop=\"location\" itemscope itemtype=\"http:\/\/schema.org\/Place\"><span itemprop=\"name\">Pampeago<\/span><span itemprop=\"address\" itemscope itemtype=\"http:\/\/schema.org\/PostalAddress\"><item itemprop=\"streetAddress\">Localit\u00e0 Pampeago, 8, 38038 Tesero TN<\/item><\/span><\/div><script type=\"application\/ld+json\">{\"@context\": \"http:\/\/schema.org\",\"@type\": \"Event\",\n\t\t\t\t\"@id\": \"event_2203_9\",\n\t\t\t\t\"eventAttendanceMode\":\"https:\/\/schema.org\/OfflineEventAttendanceMode\",\n\t\t\t\t\"eventStatus\":\"https:\/\/schema.org\/EventScheduled\",\n\t\t\t\t\"name\": \"E-Bike Latemar Tour\",\n\t\t\t\t\"url\": \"https:\/\/latemarium.com\/de\/events\/e-bike-latemar-tour\/var\/ri-9.l-L2\",\n\t\t\t\t\"startDate\": \"2026-8-27T17:15+0:00\",\n\t\t\t\t\"endDate\": \"2026-8-27T19:15+0:00\",\n\t\t\t\t\"image\":\"https:\/\/latemarium.com\/wp-content\/uploads\/2023\/06\/e-bike-tour.jpg\", \n\t\t\t\t\"description\":\"<p><strong>Jeden Donnerstag vom 25. Juni bis 3. September 2026<\/strong><\/p> <p>Treffpunkt mit Reisef\u00fchrer Andrea um 17.15 Uhr in Pampeago (an der Liftkasse)<br \/> Dauer: von 17.15 bis 19.15 Uhr<br \/> <em>Maximal 8 Personen.\u00a0<\/em>+16 Jahre<\/p> <p class='p1'>F\u00fcr E-Bike-Begeisterte mit mittlerem Niveau haben wir uns eine Tour zur Entdeckung des Latemars mit atemberaubender Aussicht auf die Umgebung \u00fcberlegt. Es wird eine angenehme Route sein und dank der Tretunterst\u00fctzung k\u00f6nnen Sie den H\u00f6henunterschied bew\u00e4ltigen, der Sie zum Gipfel im Treska-Gebiet f\u00fchrt. Es ist der perfekte Moment des Tages: Der Berg ist leer, Sie k\u00f6nnen die Stille der Natur genie\u00dfen und die Farben der \u201egoldenen Stunde\u201c genie\u00dfen.<br \/> Am Ende Ihrer Tour erwartet Sie im Chalet Caserina ein kleiner \u201eAperitivo\u201c.<br \/> Sie k\u00f6nnen das Fahrrad direkt im Shop von Sport Ventura, direkt unterhalb Ihres Startpunkts, ausleihen.<\/p> <p class='p1'><em>Bei Regen ist keine Aktivit\u00e4t vorgesehen.<\/em><\/p> <p>Klicken Sie <a href='https:\/\/www.visitfiemme.it\/de\/veranstaltungen\/fiemme-cembra-guest-card\/erlebnisse\/erlebnisse-sommer' target='_blank' rel='noopener'>hier<\/a> zum Buchen<\/p> \",\"location\":[{\"@type\":\"Place\",\"name\":\"Pampeago\",\"address\":{\"@type\": \"PostalAddress\",\"streetAddress\":\"Localit\u00e0 Pampeago, 8, 38038 Tesero TN\"}}]}<\/script><\/div>\r\n\t\t\t\t<p class=\"desc_trig_outter\" style=\"\"><a data-gmtrig=\"1\" data-exlk=\"0\" style=\"background-color: #ba181d;\" id=\"evc_17878437002203\" class=\"hasFtIMG event_repeat desc_trig sin_val evcal_list_a\" data-ux_val=\"3\" data-ux_val_mob=\"-\"  ><span class='evoet_c1 evoet_cx '><span class='ev_ftImg' data-img='https:\/\/latemarium.com\/wp-content\/uploads\/2023\/06\/e-bike-tour.jpg' data-thumb='https:\/\/latemarium.com\/wp-content\/uploads\/2023\/06\/e-bike-tour-300x169.jpg' style='background-image:url(\"https:\/\/latemarium.com\/wp-content\/uploads\/2023\/06\/e-bike-tour-300x169.jpg\")' ><\/span><\/span><span class='evoet_c2 evoet_cx '><span class='evoet_dayblock evcal_cblock ' data-bgcolor='#ba181d' data-smon='August' data-syr='2026' data-bub=''><span class='evo_start '><em class='date'>27<\/em><em class='month'>Aug<\/em><em class='time'>17:15<\/em><\/span><span class='evo_end only_time'><em class='time'>19:15<\/em><\/span><\/span><\/span><span class='evoet_c3 evoet_cx evcal_desc hide_eventtopdata '><span class='evoet_title evcal_desc2 evcal_event_title ' itemprop='name'>E-Bike Latemar Tour<\/span><span class='event_location_attrs'  data-location_address=\"Localit\u00e0 Pampeago, 8, 38038 Tesero TN\" data-location_type=\"lonlat\" data-location_name=\"Pampeago\" data-location_url=\"https:\/\/latemarium.com\/de\/event-location\/pampeago-de\/\" data-location_status=\"true\" data-latlng=\"46.34343697644898,11.540997527961546\"><\/span><span class='evoet_subtitle evo_below_title' ><span class='evcal_event_subtitle ' >F\u00fcr E-Bike-Begeisterte<\/span><\/span><span class='evoet_time_expand level_3'><em class='evcal_time evo_tz_time'><i class='fa fa-clock-o'><\/i>17:15 - 19:15<span class='evo_tz marl5'>(GMT+02:00)<\/span><\/em> <\/span><span class='evoet_location level_3'><em class=\"evcal_location\"  data-latlng=\"46.34343697644898,11.540997527961546\" data-add_str=\"Localit\u00e0 Pampeago, 8, 38038 Tesero TN\" data-n=\"Pampeago\"><i class=\"fa fa-location-pin\"><\/i><em class=\"event_location_name\">Pampeago<\/em>, Localit\u00e0 Pampeago, 8, 38038 Tesero TN<\/em><\/span><\/span><span class='evoet_data' data-d=\"{&quot;loc.n&quot;:&quot;Pampeago&quot;,&quot;orgs&quot;:[],&quot;tags&quot;:{&quot;repeating&quot;:&quot;Repeating Event&quot;}}\" data-bgc=\"#ba181d\" data-bggrad=\"\" ><\/span><\/a><\/p><div class='event_description evcal_eventcard ' style=\"display:none\"><div class='evocard_row'><div id='event_ftimage' class='evocard_box ftimage' data-c='' \n\t\t\t\t\tstyle=''><div class='evocard_main_image_hold' data-t='Loading Image..'><div class='evocard_main_image evo_img_triglb evobr15 evobgsc evobgpc evodfx evofx_jc_c evofx_ai_c evofz48 minmized' style='height:300px; background-image:url();' data-f=\"https:\/\/latemarium.com\/wp-content\/uploads\/2023\/06\/e-bike-tour.jpg\" data-h=\"675\" data-w=\"1200\" data-ratio=\"0.5625\" data-event_id=\"2203\" data-ri=\"9\"  data-t='Loading Image..'><span style='height:300px; background-image:url(https:\/\/latemarium.com\/wp-content\/uploads\/2023\/06\/e-bike-tour.jpg)'><\/span><\/div><\/div><\/div><\/div><div class='evocard_row'><div id='event_eventdetails' class='evocard_box eventdetails' data-c='' \n\t\t\t\t\tstyle=''><div class='evo_metarow_details evorow evcal_evdata_row evcal_event_details'>\n\t\t<div class=\"event_excerpt\" style=\"display:none\"><h3 class=\"padb5 evo_h3\">Details zur Veranstaltung<\/h3><p>Jeden Donnerstag vom 25. Juni bis 3. September 2026\nTreffpunkt mit Reisef\u00fchrer Andrea um 17.15 Uhr in Pampeago (an der Liftkasse)\nDauer: von 17.15 bis 19.15 Uhr\nMaximal 8 Personen.\u00a0+16 Jahre<\/p><\/div><span class='evcal_evdata_icons'><i class='fa fa-align-justify'><\/i><\/span>\n\t\t\n\t\t<div class='evcal_evdata_cell shorter_desc'>\n\t\t\t<div class='eventon_full_description'>\n\t\t\t\t<h3 class='padb5 evo_h3'><span class='evcal_evdata_icons'><i class='fa fa-align-justify'><\/i><\/span>Details zur Veranstaltung<\/h3>\n\t\t\t\t<div class='eventon_desc_in' itemprop='description'>\n\t\t\t\t<p><strong>Jeden Donnerstag vom 25. Juni bis 3. September 2026<\/strong><\/p>\n<p>Treffpunkt mit Reisef\u00fchrer Andrea um 17.15 Uhr in Pampeago (an der Liftkasse)<br \/>\nDauer: von 17.15 bis 19.15 Uhr<br \/>\n<em>Maximal 8 Personen.\u00a0<\/em>+16 Jahre<\/p>\n<p class=\"p1\">F\u00fcr E-Bike-Begeisterte mit mittlerem Niveau haben wir uns eine Tour zur Entdeckung des Latemars mit atemberaubender Aussicht auf die Umgebung \u00fcberlegt. Es wird eine angenehme Route sein und dank der Tretunterst\u00fctzung k\u00f6nnen Sie den H\u00f6henunterschied bew\u00e4ltigen, der Sie zum Gipfel im Treska-Gebiet f\u00fchrt. Es ist der perfekte Moment des Tages: Der Berg ist leer, Sie k\u00f6nnen die Stille der Natur genie\u00dfen und die Farben der \u201egoldenen Stunde\u201c genie\u00dfen.<br \/>\nAm Ende Ihrer Tour erwartet Sie im Chalet Caserina ein kleiner \u201eAperitivo\u201c.<br \/>\nSie k\u00f6nnen das Fahrrad direkt im Shop von Sport Ventura, direkt unterhalb Ihres Startpunkts, ausleihen.<\/p>\n<p class=\"p1\"><em>Bei Regen ist keine Aktivit\u00e4t vorgesehen.<\/em><\/p>\n<p>Klicken Sie <a href=\"https:\/\/www.visitfiemme.it\/de\/veranstaltungen\/fiemme-cembra-guest-card\/erlebnisse\/erlebnisse-sommer\" target=\"_blank\" rel=\"noopener\">hier<\/a> zum Buchen<\/p>\n<\/div><p class='eventon_shad_p' style='padding:5px 0 0; margin:0'>\n\t\t\t<span class='evcal_btn evo_btn_secondary evobtn_details_show_more' content='less'>\n\t\t\t\t<span class='ev_more_text' data-txt='Weniger'>Mehr<\/span><span class='ev_more_arrow ard'><\/span>\n\t\t\t<\/span>\n\t\t<\/p><div class='clear'><\/div>\n\t\t\t<\/div>\n\t\t<\/div>\n\t<\/div><\/div><\/div><div class='evocard_row bx2 bx'><div id='event_time' class='evocard_box time' data-c='' \n\t\t\t\t\tstyle=''><div class='evo_metarow_time evorow evcal_evdata_row evcal_evrow_sm '>\n\t\t<span class='evcal_evdata_icons'><i class='fa fa-clock'><\/i><\/span>\n\t\t<div class='evcal_evdata_cell'>\t\t\t\t\t\t\t\n\t\t\t<h3 class='evo_h3'><span class='evcal_evdata_icons'><i class='fa fa-clock'><\/i><\/span>Zeitplan<\/h3><p><span class='evo_eventcard_time_t'>27 August 2026 17:15 - 19:15<\/span><span class='evo_tz marr5'>(GMT+02:00)<\/span><\/p>\n\t\t<\/div>\n\t<\/div><\/div><div id='event_location' class='evocard_box location' data-c='' \n\t\t\t\t\tstyle=''><div class='evcal_evdata_row evo_metarow_time_location evorow '>\n\t\t\n\t\t\t<span class='evcal_evdata_icons'><i class='fa fa-map-marker'><\/i><\/span>\n\t\t\t<div class='evcal_evdata_cell' data-loc_tax_id='32'><h3 class='evo_h3 evodfx'><span class='evcal_evdata_icons'><i class='fa fa-map-marker'><\/i><\/span>Ort<\/h3><p class='evo_location_name'>Pampeago<\/p><p class='evo_location_address evodfxi evogap10'>Localit\u00e0 Pampeago, 8, 38038 Tesero TN<\/p><div class='padt10'><span class='evo_btn_arr evolb_trigger' data-lbvals=\"{&quot;lbc&quot;:&quot;evo_location_lb_32&quot;,&quot;lbac&quot;:&quot;lb_max&quot;,&quot;t&quot;:&quot;Pampeago&quot;,&quot;ajax&quot;:&quot;yes&quot;,&quot;ajax_type&quot;:&quot;endpoint&quot;,&quot;ajax_action&quot;:&quot;eventon_get_tax_card_content&quot;,&quot;end&quot;:&quot;client&quot;,&quot;d&quot;:{&quot;lang&quot;:&quot;L2&quot;,&quot;term_id&quot;:32,&quot;tax&quot;:&quot;event_location&quot;,&quot;load_lbcontent&quot;:true},&quot;uid&quot;:&quot;eventon_get_tax_card_content&quot;}\" >Other Events<i class='fa fa-chevron-right'><\/i><\/span><\/div><\/div>\n\t\t\n\t<\/div><\/div><\/div><div class='evocard_row'><div id='event_addtocal' class='evocard_box addtocal' data-c='' \n\t\t\t\t\tstyle=''><div class='evo_metarow_ICS evorow evcal_evdata_row'>\n\t\t\t<span class='evcal_evdata_icons'><i class='fa fa-calendar-o'><\/i><\/span>\n\t\t\t<div class='evcal_evdata_cell'>\n\t\t\t\t<p><a href='https:\/\/latemarium.com\/de\/export-events\/2203_9\/?nonce=7b34e59f7d' class='evo_ics_nCal' title='Zu Ihrem Kalender hinzuf\u00fcgen'>Kalender<\/a><a href='https:\/\/www.google.com\/calendar\/event?action=TEMPLATE&text=E-Bike+Latemar+Tour&dates=20260827T151500Z%2F20260827T171500Z&ctz=Europe%2FRome&details=E-Bike Latemar Tour&location=Pampeago+Localit%C3%A0+Pampeago%2C+8%2C+38038+Tesero+TN' target='_blank' class='evo_ics_gCal' title='Zu Google Kalender hinzuf\u00fcgen'>GoogleCal<\/a><\/p>\t\n\t\t\t<\/div>\n\t\t<\/div><\/div><\/div><div class='evocard_row'><div id='event_getdirection' class='evocard_box getdirection' data-c='' \n\t\t\t\t\tstyle=''><div class='evo_metarow_getDr evorow evcal_evdata_row evcal_evrow_sm getdirections'>\n\t\t<form action='https:\/\/maps.google.com\/maps' method='get' target='_blank'>\n\t\t\t<input type='hidden' name='daddr' value=\"Localit\u00e0 Pampeago, 8, 38038 Tesero TN\"\/> \n\t\t\t<div class='evo_get_direction_content evo_fx_dr_r evogap10'>\n\t\t\t\t<span class='evogetdir_header evodfx evofx_dr_r evofx_ai_c marr10'>\n\t\t\t\t\t<i class='mainicon fa fa-road'><\/i> \n\t\t\t\t\t<h3 class='evo_h3' style='padding-bottom:5px;'>Wegbeschreibung abrufen<\/h3>\n\t\t\t\t<\/span>\n\t\t\t\t<span class='evogetdir_field evodfx evofx_1_1 evo_fx_dr_c evow100p'>\t\t\t\t\t\n\t\t\t\t\t<input class='evoInput evotac' type='text' name='saddr' placeholder='&quot;Geben Sie die Adresse ein' value='' style='margin:10px 0;'\/>\n\t\t\t\t<\/span>\n\t\t\t\t<button type='submit' class='evo_get_direction_button evo_btn_arr_circ dfx fx_ai_c' title='&quot;Klicken Sie hier'><i class='fa fa-chevron-right'><\/i> <\/button>\n\t\t\t<\/div>\n\t\t<\/form>\n\t<\/div><\/div><\/div><div class='evo_card_row_end evcal_close' title='Schlie\u00dfen'><\/div><\/div><div class='clear end'><\/div><\/div><div id=\"event_2498_9\" class=\"eventon_list_event evo_eventtop scheduled  event clrW no_et event_2498_9\" data-event_id=\"2498\" data-ri=\"9r\" data-time=\"1787902200-1787954340\" data-colr=\"#6baeff\" itemscope itemtype='http:\/\/schema.org\/Event'><div class=\"evo_event_schema\" style=\"display:none\" ><a itemprop='url'  href='https:\/\/latemarium.com\/de\/events\/respirart-kunst-und-schoenheit-schaffen\/var\/ri-9.l-L2'><\/a><meta itemprop='image' content=\"https:\/\/latemarium.com\/wp-content\/uploads\/2021\/05\/respirart-vita-e-bellezza.jpg\" \/><meta itemprop='startDate' content=\"2026-8-28T09:30+0:00\" \/><meta itemprop='endDate' content=\"2026-8-28T23:59+0:00\" \/><meta itemprop='eventStatus' content=\"https:\/\/schema.org\/EventScheduled\" \/><meta itemprop='eventAttendanceMode'   itemscope itemtype=\"https:\/\/schema.org\/OfflineEventAttendanceMode\"\/><div style=\"display:none\" itemprop=\"location\" itemscope itemtype=\"http:\/\/schema.org\/Place\"><span itemprop=\"name\">Pampeago<\/span><span itemprop=\"address\" itemscope itemtype=\"http:\/\/schema.org\/PostalAddress\"><item itemprop=\"streetAddress\">Localit\u00e0 Pampeago, 8, 38038 Tesero TN<\/item><\/span><\/div><script type=\"application\/ld+json\">{\"@context\": \"http:\/\/schema.org\",\"@type\": \"Event\",\n\t\t\t\t\"@id\": \"event_2498_9\",\n\t\t\t\t\"eventAttendanceMode\":\"https:\/\/schema.org\/OfflineEventAttendanceMode\",\n\t\t\t\t\"eventStatus\":\"https:\/\/schema.org\/EventScheduled\",\n\t\t\t\t\"name\": \"Respirart: Kunst und Sch\u00f6nheit schaffen\",\n\t\t\t\t\"url\": \"https:\/\/latemarium.com\/de\/events\/respirart-kunst-und-schoenheit-schaffen\/var\/ri-9.l-L2\",\n\t\t\t\t\"startDate\": \"2026-8-28T09:30+0:00\",\n\t\t\t\t\"endDate\": \"2026-8-28T23:59+0:00\",\n\t\t\t\t\"image\":\"https:\/\/latemarium.com\/wp-content\/uploads\/2021\/05\/respirart-vita-e-bellezza.jpg\", \n\t\t\t\t\"description\":\"<p><strong>Jeden Freitag vom 26. Juni bis 11. September 2026<\/strong><\/p> <p>RespirArt ist ein Umwelt- und Kunstworkshop f\u00fcr alle, ob jung oder alt. Wir werden Kunstwerke auf spielerische Art und Weise entdecken.<br \/> Treffen Sie sich um 9.30 Uhr am Start des Sessellifts Pampeago-Agnello mit dem Kunstf\u00fchrer, der Ihnen die Samen zum \u00dcberfliegen des RespirArt-Parks gibt. Im Rahmen des Kunst-Workshops werden die Kinder mit nat\u00fcrlichen Materialien kleine Kunstwerke an Land schaffen.<\/p> <p>Reservierung erforderlich.<\/p> <p>Klicken Sie <a href='https:\/\/www.visitfiemme.it\/de\/veranstaltungen\/fiemme-cembra-guest-card\/erlebnisse\/erlebnisse-sommer' target='_blank' rel='noopener'>hier<\/a>, zum Buchen.<\/p> \",\"location\":[{\"@type\":\"Place\",\"name\":\"Pampeago\",\"address\":{\"@type\": \"PostalAddress\",\"streetAddress\":\"Localit\u00e0 Pampeago, 8, 38038 Tesero TN\"}}]}<\/script><\/div>\r\n\t\t\t\t<p class=\"desc_trig_outter\" style=\"\"><a data-gmtrig=\"1\" data-exlk=\"0\" style=\"background-color: #6baeff;\" id=\"evc_17879022002498\" class=\"hasFtIMG event_repeat desc_trig sin_val evcal_list_a\" data-ux_val=\"3\" data-ux_val_mob=\"-\"  ><span class='evoet_c1 evoet_cx '><span class='ev_ftImg' data-img='https:\/\/latemarium.com\/wp-content\/uploads\/2021\/05\/respirart-vita-e-bellezza.jpg' data-thumb='https:\/\/latemarium.com\/wp-content\/uploads\/2021\/05\/respirart-vita-e-bellezza-300x201.jpg' style='background-image:url(\"https:\/\/latemarium.com\/wp-content\/uploads\/2021\/05\/respirart-vita-e-bellezza-300x201.jpg\")' ><\/span><\/span><span class='evoet_c2 evoet_cx '><span class='evoet_dayblock evcal_cblock ' data-bgcolor='#6baeff' data-smon='August' data-syr='2026' data-bub=''><span class='evo_start '><em class='date'>28<\/em><em class='month'>Aug<\/em><em class='time'>09:30<\/em><\/span><\/span><\/span><span class='evoet_c3 evoet_cx evcal_desc hide_eventtopdata '><span class='evoet_title evcal_desc2 evcal_event_title ' itemprop='name'>Respirart: Kunst und Sch\u00f6nheit schaffen<\/span><span class='event_location_attrs'  data-location_address=\"Localit\u00e0 Pampeago, 8, 38038 Tesero TN\" data-location_type=\"lonlat\" data-location_name=\"Pampeago\" data-location_url=\"https:\/\/latemarium.com\/de\/event-location\/pampeago-de\/\" data-location_status=\"true\" data-latlng=\"46.34343697644898,11.540997527961546\"><\/span><span class='evoet_subtitle evo_below_title' ><span class='evcal_event_subtitle ' >Kunst-Workshop<\/span><\/span><span class='evoet_time_expand level_3'><em class='evcal_time evo_tz_time'><i class='fa fa-clock-o'><\/i>09:30<span class='evo_tz marl5'>(GMT+02:00)<\/span><\/em> <\/span><span class='evoet_location level_3'><em class=\"evcal_location\"  data-latlng=\"46.34343697644898,11.540997527961546\" data-add_str=\"Localit\u00e0 Pampeago, 8, 38038 Tesero TN\" data-n=\"Pampeago\"><i class=\"fa fa-location-pin\"><\/i><em class=\"event_location_name\">Pampeago<\/em>, Localit\u00e0 Pampeago, 8, 38038 Tesero TN<\/em><\/span><\/span><span class='evoet_data' data-d=\"{&quot;loc.n&quot;:&quot;Pampeago&quot;,&quot;orgs&quot;:[],&quot;tags&quot;:{&quot;repeating&quot;:&quot;Repeating Event&quot;}}\" data-bgc=\"#6baeff\" data-bggrad=\"\" ><\/span><\/a><\/p><div class='event_description evcal_eventcard ' style=\"display:none\"><div class='evocard_row'><div id='event_ftimage' class='evocard_box ftimage' data-c='' \n\t\t\t\t\tstyle=''><div class='evocard_main_image_hold' data-t='Loading Image..'><div class='evocard_main_image evo_img_triglb evobr15 evobgsc evobgpc evodfx evofx_jc_c evofx_ai_c evofz48 minmized' style='height:300px; background-image:url();' data-f=\"https:\/\/latemarium.com\/wp-content\/uploads\/2021\/05\/respirart-vita-e-bellezza.jpg\" data-h=\"602\" data-w=\"899\" data-ratio=\"0.66963292547275\" data-event_id=\"2498\" data-ri=\"9\"  data-t='Loading Image..'><span style='height:300px; background-image:url(https:\/\/latemarium.com\/wp-content\/uploads\/2021\/05\/respirart-vita-e-bellezza.jpg)'><\/span><\/div><\/div><\/div><\/div><div class='evocard_row'><div id='event_eventdetails' class='evocard_box eventdetails' data-c='' \n\t\t\t\t\tstyle=''><div class='evo_metarow_details evorow evcal_evdata_row evcal_event_details'>\n\t\t<div class=\"event_excerpt\" style=\"display:none\"><h3 class=\"padb5 evo_h3\">Details zur Veranstaltung<\/h3><p>Jeden Freitag vom 26. Juni bis 11. September 2026\nRespirArt ist ein Umwelt- und Kunstworkshop f\u00fcr alle, ob jung oder alt. Wir werden Kunstwerke auf spielerische Art und Weise entdecken.\nTreffen<\/p><\/div><span class='evcal_evdata_icons'><i class='fa fa-align-justify'><\/i><\/span>\n\t\t\n\t\t<div class='evcal_evdata_cell shorter_desc'>\n\t\t\t<div class='eventon_full_description'>\n\t\t\t\t<h3 class='padb5 evo_h3'><span class='evcal_evdata_icons'><i class='fa fa-align-justify'><\/i><\/span>Details zur Veranstaltung<\/h3>\n\t\t\t\t<div class='eventon_desc_in' itemprop='description'>\n\t\t\t\t<p><strong>Jeden Freitag vom 26. Juni bis 11. September 2026<\/strong><\/p>\n<p>RespirArt ist ein Umwelt- und Kunstworkshop f\u00fcr alle, ob jung oder alt. Wir werden Kunstwerke auf spielerische Art und Weise entdecken.<br \/>\nTreffen Sie sich um 9.30 Uhr am Start des Sessellifts Pampeago-Agnello mit dem Kunstf\u00fchrer, der Ihnen die Samen zum \u00dcberfliegen des RespirArt-Parks gibt. Im Rahmen des Kunst-Workshops werden die Kinder mit nat\u00fcrlichen Materialien kleine Kunstwerke an Land schaffen.<\/p>\n<p>Reservierung erforderlich.<\/p>\n<p>Klicken Sie <a href=\"https:\/\/www.visitfiemme.it\/de\/veranstaltungen\/fiemme-cembra-guest-card\/erlebnisse\/erlebnisse-sommer\" target=\"_blank\" rel=\"noopener\">hier<\/a>, zum Buchen.<\/p>\n<\/div><p class='eventon_shad_p' style='padding:5px 0 0; margin:0'>\n\t\t\t<span class='evcal_btn evo_btn_secondary evobtn_details_show_more' content='less'>\n\t\t\t\t<span class='ev_more_text' data-txt='Weniger'>Mehr<\/span><span class='ev_more_arrow ard'><\/span>\n\t\t\t<\/span>\n\t\t<\/p><div class='clear'><\/div>\n\t\t\t<\/div>\n\t\t<\/div>\n\t<\/div><\/div><\/div><div class='evocard_row bx2 bx'><div id='event_time' class='evocard_box time' data-c='' \n\t\t\t\t\tstyle=''><div class='evo_metarow_time evorow evcal_evdata_row evcal_evrow_sm '>\n\t\t<span class='evcal_evdata_icons'><i class='fa fa-clock'><\/i><\/span>\n\t\t<div class='evcal_evdata_cell'>\t\t\t\t\t\t\t\n\t\t\t<h3 class='evo_h3'><span class='evcal_evdata_icons'><i class='fa fa-clock'><\/i><\/span>Zeitplan<\/h3><p><span class='evo_eventcard_time_t'>28 August 2026 09:30<\/span><span class='evo_tz marr5'>(GMT+02:00)<\/span><\/p>\n\t\t<\/div>\n\t<\/div><\/div><div id='event_location' class='evocard_box location' data-c='' \n\t\t\t\t\tstyle=''><div class='evcal_evdata_row evo_metarow_time_location evorow '>\n\t\t\n\t\t\t<span class='evcal_evdata_icons'><i class='fa fa-map-marker'><\/i><\/span>\n\t\t\t<div class='evcal_evdata_cell' data-loc_tax_id='32'><h3 class='evo_h3 evodfx'><span class='evcal_evdata_icons'><i class='fa fa-map-marker'><\/i><\/span>Ort<\/h3><p class='evo_location_name'>Pampeago<\/p><p class='evo_location_address evodfxi evogap10'>Localit\u00e0 Pampeago, 8, 38038 Tesero TN<\/p><div class='padt10'><span class='evo_btn_arr evolb_trigger' data-lbvals=\"{&quot;lbc&quot;:&quot;evo_location_lb_32&quot;,&quot;lbac&quot;:&quot;lb_max&quot;,&quot;t&quot;:&quot;Pampeago&quot;,&quot;ajax&quot;:&quot;yes&quot;,&quot;ajax_type&quot;:&quot;endpoint&quot;,&quot;ajax_action&quot;:&quot;eventon_get_tax_card_content&quot;,&quot;end&quot;:&quot;client&quot;,&quot;d&quot;:{&quot;lang&quot;:&quot;L2&quot;,&quot;term_id&quot;:32,&quot;tax&quot;:&quot;event_location&quot;,&quot;load_lbcontent&quot;:true},&quot;uid&quot;:&quot;eventon_get_tax_card_content&quot;}\" >Other Events<i class='fa fa-chevron-right'><\/i><\/span><\/div><\/div>\n\t\t\n\t<\/div><\/div><\/div><div class='evocard_row'><div id='event_addtocal' class='evocard_box addtocal' data-c='' \n\t\t\t\t\tstyle=''><div class='evo_metarow_ICS evorow evcal_evdata_row'>\n\t\t\t<span class='evcal_evdata_icons'><i class='fa fa-calendar-o'><\/i><\/span>\n\t\t\t<div class='evcal_evdata_cell'>\n\t\t\t\t<p><a href='https:\/\/latemarium.com\/de\/export-events\/2498_9\/?nonce=7b34e59f7d' class='evo_ics_nCal' title='Zu Ihrem Kalender hinzuf\u00fcgen'>Kalender<\/a><a href='https:\/\/www.google.com\/calendar\/event?action=TEMPLATE&text=Respirart%3A+Kunst+und+Sch%C3%B6nheit+schaffen&dates=20260828T073000Z%2F20260828T215900Z&ctz=Europe%2FRome&details=Respirart: Kunst und Sch\u00f6nheit schaffen&location=Pampeago+Localit%C3%A0+Pampeago%2C+8%2C+38038+Tesero+TN' target='_blank' class='evo_ics_gCal' title='Zu Google Kalender hinzuf\u00fcgen'>GoogleCal<\/a><\/p>\t\n\t\t\t<\/div>\n\t\t<\/div><\/div><\/div><div class='evocard_row'><div id='event_getdirection' class='evocard_box getdirection' data-c='' \n\t\t\t\t\tstyle=''><div class='evo_metarow_getDr evorow evcal_evdata_row evcal_evrow_sm getdirections'>\n\t\t<form action='https:\/\/maps.google.com\/maps' method='get' target='_blank'>\n\t\t\t<input type='hidden' name='daddr' value=\"Localit\u00e0 Pampeago, 8, 38038 Tesero TN\"\/> \n\t\t\t<div class='evo_get_direction_content evo_fx_dr_r evogap10'>\n\t\t\t\t<span class='evogetdir_header evodfx evofx_dr_r evofx_ai_c marr10'>\n\t\t\t\t\t<i class='mainicon fa fa-road'><\/i> \n\t\t\t\t\t<h3 class='evo_h3' style='padding-bottom:5px;'>Wegbeschreibung abrufen<\/h3>\n\t\t\t\t<\/span>\n\t\t\t\t<span class='evogetdir_field evodfx evofx_1_1 evo_fx_dr_c evow100p'>\t\t\t\t\t\n\t\t\t\t\t<input class='evoInput evotac' type='text' name='saddr' placeholder='&quot;Geben Sie die Adresse ein' value='' style='margin:10px 0;'\/>\n\t\t\t\t<\/span>\n\t\t\t\t<button type='submit' class='evo_get_direction_button evo_btn_arr_circ dfx fx_ai_c' title='&quot;Klicken Sie hier'><i class='fa fa-chevron-right'><\/i> <\/button>\n\t\t\t<\/div>\n\t\t<\/form>\n\t<\/div><\/div><\/div><div class='evo_card_row_end evcal_close' title='Schlie\u00dfen'><\/div><\/div><div class='clear end'><\/div><\/div><div id=\"event_2853_2\" class=\"eventon_list_event evo_eventtop scheduled  event clrD event_2853_2\" data-event_id=\"2853\" data-ri=\"2r\" data-time=\"1787940000-1787950800\" data-colr=\"#006290\" itemscope itemtype='http:\/\/schema.org\/Event'><div class=\"evo_event_schema\" style=\"display:none\" ><a itemprop='url'  href='https:\/\/latemarium.com\/de\/events\/le-notti-di-luna-piena\/var\/ri-2.l-L2'><\/a><meta itemprop='image' content=\"https:\/\/latemarium.com\/wp-content\/uploads\/2025\/05\/notti-di-luna-piena-obereggen.jpg\" \/><meta itemprop='startDate' content=\"2026-8-28T20:00+0:00\" \/><meta itemprop='endDate' content=\"2026-8-28T23:00+0:00\" \/><meta itemprop='eventStatus' content=\"https:\/\/schema.org\/EventScheduled\" \/><meta itemprop='eventAttendanceMode'   itemscope itemtype=\"https:\/\/schema.org\/OfflineEventAttendanceMode\"\/><div style=\"display:none\" itemprop=\"location\" itemscope itemtype=\"http:\/\/schema.org\/Place\"><span itemprop=\"name\">Talstation Obereggen<\/span><span itemprop=\"address\" itemscope itemtype=\"http:\/\/schema.org\/PostalAddress\"><item itemprop=\"streetAddress\">Obereggen 16 I-39050 Deutschnofen (BZ)<\/item><\/span><\/div><script type=\"application\/ld+json\">{\"@context\": \"http:\/\/schema.org\",\"@type\": \"Event\",\n\t\t\t\t\"@id\": \"event_2853_2\",\n\t\t\t\t\"eventAttendanceMode\":\"https:\/\/schema.org\/OfflineEventAttendanceMode\",\n\t\t\t\t\"eventStatus\":\"https:\/\/schema.org\/EventScheduled\",\n\t\t\t\t\"name\": \"Vollmondabende\",\n\t\t\t\t\"url\": \"https:\/\/latemarium.com\/de\/events\/le-notti-di-luna-piena\/var\/ri-2.l-L2\",\n\t\t\t\t\"startDate\": \"2026-8-28T20:00+0:00\",\n\t\t\t\t\"endDate\": \"2026-8-28T23:00+0:00\",\n\t\t\t\t\"image\":\"https:\/\/latemarium.com\/wp-content\/uploads\/2025\/05\/notti-di-luna-piena-obereggen.jpg\", \n\t\t\t\t\"description\":\"<p>Man muss an Vollmondabenden nicht immer in die Sterne schauen \u2013 Full-Moon-Walking ist angesagt! Mit Stirnlampen, gutem Schuhwerk, angepasster Kleidung und eurer Motivation durch die Wiesen und W\u00e4lder von Obereggen Laufen oder Walken? Lasst euch von unseren Guides \u201eerleuchten\u201c \/ begleiten und teilt eure Erfahrung bei anschlie\u00dfender STERNE Einkehr im BIO-Bauernhof Oberwerkstatthof mit Getr\u00e4nk und kleinem H\u00e4ppchen. Es bleibt sicher auch die Zeit zum Sterne plaudern.<\/p> <p>Treffpunkt: 20.00 Uhr, Tourismusb\u00fcro Obereggen<br \/> R\u00fcckkehr: ca. 23.00 Uhr<br \/> Kosten: 10,00 \u20ac pro Erwachsener, 5,00 \u20ac pro Kind<br \/> Anmelden: bis 12.00 Uhr desselben Tages online auf eggental.com\/events oder Tel. +39 0471 619 500 in den Tourismusb\u00fcros<\/p> \",\"location\":[{\"@type\":\"Place\",\"name\":\"Talstation Obereggen\",\"address\":{\"@type\": \"PostalAddress\",\"streetAddress\":\"Obereggen 16 I-39050 Deutschnofen (BZ)\"}}]}<\/script><\/div>\r\n\t\t\t\t<p class=\"desc_trig_outter\" style=\"\"><a data-gmtrig=\"1\" data-exlk=\"0\" style=\"background-color: #006290;\" id=\"evc_17879400002853\" class=\"hasFtIMG event_repeat desc_trig sin_val evcal_list_a\" data-ux_val=\"3\" data-ux_val_mob=\"-\"  ><span class='evoet_c1 evoet_cx '><span class='ev_ftImg' data-img='https:\/\/latemarium.com\/wp-content\/uploads\/2025\/05\/notti-di-luna-piena-obereggen.jpg' data-thumb='https:\/\/latemarium.com\/wp-content\/uploads\/2025\/05\/notti-di-luna-piena-obereggen-300x182.jpg' style='background-image:url(\"https:\/\/latemarium.com\/wp-content\/uploads\/2025\/05\/notti-di-luna-piena-obereggen-300x182.jpg\")' ><\/span><\/span><span class='evoet_c2 evoet_cx '><span class='evoet_dayblock evcal_cblock ' data-bgcolor='#006290' data-smon='August' data-syr='2026' data-bub=''><span class='evo_start '><em class='date'>28<\/em><em class='month'>Aug<\/em><em class='time'>20:00<\/em><\/span><span class='evo_end only_time'><em class='time'>23:00<\/em><\/span><\/span><\/span><span class='evoet_c3 evoet_cx evcal_desc hide_eventtopdata '><span class='evoet_title evcal_desc2 evcal_event_title ' itemprop='name'>Vollmondabende<\/span><span class='event_location_attrs'  data-location_address=\"Obereggen 16 I-39050 Deutschnofen (BZ)\" data-location_type=\"lonlat\" data-location_name=\"Talstation Obereggen\" data-location_url=\"https:\/\/latemarium.com\/de\/event-location\/talstation-obereggen\/\" data-location_status=\"true\" data-latlng=\"46.3835808246333,11.52667595881786\"><\/span><span class='evoet_subtitle evo_below_title' ><span class='evcal_event_subtitle ' >mehr als nur Sterne beobachten!<\/span><\/span><span class='evoet_time_expand level_3'><em class='evcal_time evo_tz_time'><i class='fa fa-clock-o'><\/i>20:00 - 23:00<span class='evo_tz marl5'>(GMT+02:00)<\/span><\/em> <\/span><span class='evoet_location level_3'><em class=\"evcal_location\"  data-latlng=\"46.3835808246333,11.52667595881786\" data-add_str=\"Obereggen 16 I-39050 Deutschnofen (BZ)\" data-n=\"Talstation Obereggen\"><i class=\"fa fa-location-pin\"><\/i><em class=\"event_location_name\">Talstation Obereggen<\/em>, Obereggen 16 I-39050 Deutschnofen (BZ)<\/em><\/span><\/span><span class='evoet_data' data-d=\"{&quot;loc.n&quot;:&quot;Talstation Obereggen&quot;,&quot;orgs&quot;:[],&quot;tags&quot;:{&quot;repeating&quot;:&quot;Repeating Event&quot;}}\" data-bgc=\"#006290\" data-bggrad=\"\" ><\/span><\/a><\/p><div class='event_description evcal_eventcard ' style=\"display:none\"><div class='evocard_row'><div id='event_ftimage' class='evocard_box ftimage' data-c='' \n\t\t\t\t\tstyle=''><div class='evocard_main_image_hold' data-t='Loading Image..'><div class='evocard_main_image evo_img_triglb evobr15 evobgsc evobgpc evodfx evofx_jc_c evofx_ai_c evofz48 minmized' style='height:300px; background-image:url();' data-f=\"https:\/\/latemarium.com\/wp-content\/uploads\/2025\/05\/notti-di-luna-piena-obereggen.jpg\" data-h=\"755\" data-w=\"1245\" data-ratio=\"0.60642570281124\" data-event_id=\"2853\" data-ri=\"2\"  data-t='Loading Image..'><span style='height:300px; background-image:url(https:\/\/latemarium.com\/wp-content\/uploads\/2025\/05\/notti-di-luna-piena-obereggen.jpg)'><\/span><\/div><\/div><\/div><\/div><div class='evocard_row'><div id='event_eventdetails' class='evocard_box eventdetails' data-c='' \n\t\t\t\t\tstyle=''><div class='evo_metarow_details evorow evcal_evdata_row evcal_event_details'>\n\t\t<div class=\"event_excerpt\" style=\"display:none\"><h3 class=\"padb5 evo_h3\">Details zur Veranstaltung<\/h3><p>Man muss an Vollmondabenden nicht immer in die Sterne schauen \u2013 Full-Moon-Walking ist angesagt! Mit Stirnlampen, gutem Schuhwerk, angepasster Kleidung und eurer Motivation durch die Wiesen und W\u00e4lder von Obereggen<\/p><\/div><span class='evcal_evdata_icons'><i class='fa fa-align-justify'><\/i><\/span>\n\t\t\n\t\t<div class='evcal_evdata_cell shorter_desc'>\n\t\t\t<div class='eventon_full_description'>\n\t\t\t\t<h3 class='padb5 evo_h3'><span class='evcal_evdata_icons'><i class='fa fa-align-justify'><\/i><\/span>Details zur Veranstaltung<\/h3>\n\t\t\t\t<div class='eventon_desc_in' itemprop='description'>\n\t\t\t\t<p>Man muss an Vollmondabenden nicht immer in die Sterne schauen \u2013 Full-Moon-Walking ist angesagt! Mit Stirnlampen, gutem Schuhwerk, angepasster Kleidung und eurer Motivation durch die Wiesen und W\u00e4lder von Obereggen Laufen oder Walken? Lasst euch von unseren Guides \u201eerleuchten\u201c \/ begleiten und teilt eure Erfahrung bei anschlie\u00dfender STERNE Einkehr im BIO-Bauernhof Oberwerkstatthof mit Getr\u00e4nk und kleinem H\u00e4ppchen. Es bleibt sicher auch die Zeit zum Sterne plaudern.<\/p>\n<p>Treffpunkt: 20.00 Uhr, Tourismusb\u00fcro Obereggen<br \/>\nR\u00fcckkehr: ca. 23.00 Uhr<br \/>\nKosten: 10,00 \u20ac pro Erwachsener, 5,00 \u20ac pro Kind<br \/>\nAnmelden: bis 12.00 Uhr desselben Tages online auf eggental.com\/events oder Tel. +39 0471 619 500 in den Tourismusb\u00fcros<\/p>\n<\/div><p class='eventon_shad_p' style='padding:5px 0 0; margin:0'>\n\t\t\t<span class='evcal_btn evo_btn_secondary evobtn_details_show_more' content='less'>\n\t\t\t\t<span class='ev_more_text' data-txt='Weniger'>Mehr<\/span><span class='ev_more_arrow ard'><\/span>\n\t\t\t<\/span>\n\t\t<\/p><div class='clear'><\/div>\n\t\t\t<\/div>\n\t\t<\/div>\n\t<\/div><\/div><\/div><div class='evocard_row bx2 bx'><div id='event_time' class='evocard_box time' data-c='' \n\t\t\t\t\tstyle=''><div class='evo_metarow_time evorow evcal_evdata_row evcal_evrow_sm '>\n\t\t<span class='evcal_evdata_icons'><i class='fa fa-clock'><\/i><\/span>\n\t\t<div class='evcal_evdata_cell'>\t\t\t\t\t\t\t\n\t\t\t<h3 class='evo_h3'><span class='evcal_evdata_icons'><i class='fa fa-clock'><\/i><\/span>Zeitplan<\/h3><p><span class='evo_eventcard_time_t'>28 August 2026 20:00 - 23:00<\/span><span class='evo_tz marr5'>(GMT+02:00)<\/span><\/p>\n\t\t<\/div>\n\t<\/div><\/div><div id='event_location' class='evocard_box location' data-c='' \n\t\t\t\t\tstyle=''><div class='evcal_evdata_row evo_metarow_time_location evorow '>\n\t\t\n\t\t\t<span class='evcal_evdata_icons'><i class='fa fa-map-marker'><\/i><\/span>\n\t\t\t<div class='evcal_evdata_cell' data-loc_tax_id='23'><h3 class='evo_h3 evodfx'><span class='evcal_evdata_icons'><i class='fa fa-map-marker'><\/i><\/span>Ort<\/h3><p class='evo_location_name'>Talstation Obereggen<\/p><p class='evo_location_address evodfxi evogap10'>Obereggen 16 I-39050 Deutschnofen (BZ)<\/p><div class='padt10'><span class='evo_btn_arr evolb_trigger' data-lbvals=\"{&quot;lbc&quot;:&quot;evo_location_lb_23&quot;,&quot;lbac&quot;:&quot;lb_max&quot;,&quot;t&quot;:&quot;Talstation Obereggen&quot;,&quot;ajax&quot;:&quot;yes&quot;,&quot;ajax_type&quot;:&quot;endpoint&quot;,&quot;ajax_action&quot;:&quot;eventon_get_tax_card_content&quot;,&quot;end&quot;:&quot;client&quot;,&quot;d&quot;:{&quot;lang&quot;:&quot;L2&quot;,&quot;term_id&quot;:23,&quot;tax&quot;:&quot;event_location&quot;,&quot;load_lbcontent&quot;:true},&quot;uid&quot;:&quot;eventon_get_tax_card_content&quot;}\" >Other Events<i class='fa fa-chevron-right'><\/i><\/span><\/div><\/div>\n\t\t\n\t<\/div><\/div><\/div><div class='evocard_row bx2 bx'><div id='event_learnmore' class='evocard_box learnmore' data-c='' \n\t\t\t\t\tstyle=''><div class='evo_metarow_learnM evo_metarow_learnmore evorow'>\n\t\t\t\t\t\t\t<a class='evcal_evdata_row evo_clik_row ' href='https:\/\/eggental.com\/de\/event\/vollmondabende-mehr-als-nur-sterne-beobachten_11858' target=\"_blank\">\n\t\t\t\t\t\t\t\t<span class='evcal_evdata_icons'><i class='fa fa-link'><\/i><\/span>\n\t\t\t\t\t\t\t\t<h3 class='evo_h3'>Entdecke mehr<\/h3>\n\t\t\t\t\t\t\t<\/a>\n\t\t\t\t\t\t\t<\/div><\/div><div id='event_addtocal' class='evocard_box addtocal' data-c='' \n\t\t\t\t\tstyle=''><div class='evo_metarow_ICS evorow evcal_evdata_row'>\n\t\t\t<span class='evcal_evdata_icons'><i class='fa fa-calendar-o'><\/i><\/span>\n\t\t\t<div class='evcal_evdata_cell'>\n\t\t\t\t<p><a href='https:\/\/latemarium.com\/de\/export-events\/2853_2\/?nonce=7b34e59f7d' class='evo_ics_nCal' title='Zu Ihrem Kalender hinzuf\u00fcgen'>Kalender<\/a><a href='https:\/\/www.google.com\/calendar\/event?action=TEMPLATE&text=Vollmondabende&dates=20260828T180000Z%2F20260828T210000Z&ctz=Europe%2FRome&details=Vollmondabende&location=Talstation+Obereggen+Obereggen+16+I-39050+Deutschnofen+%28BZ%29' target='_blank' class='evo_ics_gCal' title='Zu Google Kalender hinzuf\u00fcgen'>GoogleCal<\/a><\/p>\t\n\t\t\t<\/div>\n\t\t<\/div><\/div><\/div><div class='evocard_row'><div id='event_getdirection' class='evocard_box getdirection' data-c='' \n\t\t\t\t\tstyle=''><div class='evo_metarow_getDr evorow evcal_evdata_row evcal_evrow_sm getdirections'>\n\t\t<form action='https:\/\/maps.google.com\/maps' method='get' target='_blank'>\n\t\t\t<input type='hidden' name='daddr' value=\"46.3835808246333,11.52667595881786\"\/> \n\t\t\t<div class='evo_get_direction_content evo_fx_dr_r evogap10'>\n\t\t\t\t<span class='evogetdir_header evodfx evofx_dr_r evofx_ai_c marr10'>\n\t\t\t\t\t<i class='mainicon fa fa-road'><\/i> \n\t\t\t\t\t<h3 class='evo_h3' style='padding-bottom:5px;'>Wegbeschreibung abrufen<\/h3>\n\t\t\t\t<\/span>\n\t\t\t\t<span class='evogetdir_field evodfx evofx_1_1 evo_fx_dr_c evow100p'>\t\t\t\t\t\n\t\t\t\t\t<input class='evoInput evotac' type='text' name='saddr' placeholder='&quot;Geben Sie die Adresse ein' value='' style='margin:10px 0;'\/>\n\t\t\t\t<\/span>\n\t\t\t\t<button type='submit' class='evo_get_direction_button evo_btn_arr_circ dfx fx_ai_c' title='&quot;Klicken Sie hier'><i class='fa fa-chevron-right'><\/i> <\/button>\n\t\t\t<\/div>\n\t\t<\/form>\n\t<\/div><\/div><\/div><div class='evo_card_row_end evcal_close' title='Schlie\u00dfen'><\/div><\/div><div class='clear end'><\/div><\/div><div id=\"event_2930_1\" class=\"eventon_list_event evo_eventtop scheduled  event clrW no_et event_2930_1\" data-event_id=\"2930\" data-ri=\"1r\" data-time=\"1787990400-1787990400\" data-colr=\"#a69dcd\" itemscope itemtype='http:\/\/schema.org\/Event'><div class=\"evo_event_schema\" style=\"display:none\" ><a itemprop='url'  href='https:\/\/latemarium.com\/de\/events\/forest-bathing\/var\/ri-1.l-L2'><\/a><meta itemprop='image' content=\"https:\/\/latemarium.com\/wp-content\/uploads\/2026\/04\/forest-bathing.jpg\" \/><meta itemprop='startDate' content=\"2026-8-29T10:00+0:00\" \/><meta itemprop='endDate' content=\"2026-8-29T10:00+0:00\" \/><meta itemprop='eventStatus' content=\"https:\/\/schema.org\/EventScheduled\" \/><meta itemprop='eventAttendanceMode'   itemscope itemtype=\"https:\/\/schema.org\/OfflineEventAttendanceMode\"\/><div style=\"display:none\" itemprop=\"location\" itemscope itemtype=\"http:\/\/schema.org\/Place\"><span itemprop=\"name\">Pampeago<\/span><span itemprop=\"address\" itemscope itemtype=\"http:\/\/schema.org\/PostalAddress\"><item itemprop=\"streetAddress\">Localit\u00e0 Pampeago, 8, 38038 Tesero TN<\/item><\/span><\/div><script type=\"application\/ld+json\">{\"@context\": \"http:\/\/schema.org\",\"@type\": \"Event\",\n\t\t\t\t\"@id\": \"event_2930_1\",\n\t\t\t\t\"eventAttendanceMode\":\"https:\/\/schema.org\/OfflineEventAttendanceMode\",\n\t\t\t\t\"eventStatus\":\"https:\/\/schema.org\/EventScheduled\",\n\t\t\t\t\"name\": \"Forest bathing\",\n\t\t\t\t\"url\": \"https:\/\/latemarium.com\/de\/events\/forest-bathing\/var\/ri-1.l-L2\",\n\t\t\t\t\"startDate\": \"2026-8-29T10:00+0:00\",\n\t\t\t\t\"endDate\": \"2026-8-29T10:00+0:00\",\n\t\t\t\t\"image\":\"https:\/\/latemarium.com\/wp-content\/uploads\/2026\/04\/forest-bathing.jpg\", \n\t\t\t\t\"description\":\"<p>Entdecken Sie die alte japanische Praxis, die dazu einl\u00e4dt, zu entschleunigen und sich \u00fcber die f\u00fcnf Sinne wieder mit der Natur zu verbinden \u2013 und dabei die Freude am achtsamen Gehen neu zu entdecken.<\/p> <p>Treffpunkt: Pampeago, am 25.07. und 29.08.<br \/> Uhrzeit: 10.00 \u2013 12.00 Uhr<\/p> <p>Anmeldung erforderlich, click <a href='https:\/\/www.visitfiemme.it\/de\/veranstaltungen\/fiemme-cembra-guest-card\/erlebnisse\/erlebnisse-sommer' target='_blank' rel='noopener'>HIER<\/a><\/p> \",\"location\":[{\"@type\":\"Place\",\"name\":\"Pampeago\",\"address\":{\"@type\": \"PostalAddress\",\"streetAddress\":\"Localit\u00e0 Pampeago, 8, 38038 Tesero TN\"}}]}<\/script><\/div>\r\n\t\t\t\t<p class=\"desc_trig_outter\" style=\"\"><a data-gmap_status=\"null\" data-exlk=\"0\" style=\"background-color: #a69dcd;\" id=\"evc_17879904002930\" class=\"hasFtIMG event_repeat desc_trig sin_val evcal_list_a\" data-ux_val=\"3\" data-ux_val_mob=\"-\"  ><span class='evoet_c1 evoet_cx '><span class='ev_ftImg' data-img='https:\/\/latemarium.com\/wp-content\/uploads\/2026\/04\/forest-bathing.jpg' data-thumb='https:\/\/latemarium.com\/wp-content\/uploads\/2026\/04\/forest-bathing-200x300.jpg' style='background-image:url(\"https:\/\/latemarium.com\/wp-content\/uploads\/2026\/04\/forest-bathing-200x300.jpg\")' ><\/span><\/span><span class='evoet_c2 evoet_cx '><span class='evoet_dayblock evcal_cblock ' data-bgcolor='#a69dcd' data-smon='August' data-syr='2026' data-bub=''><span class='evo_start '><em class='date'>29<\/em><em class='month'>Aug<\/em><em class='time'>10:00<\/em><\/span><\/span><\/span><span class='evoet_c3 evoet_cx evcal_desc hide_eventtopdata '><span class='evoet_title evcal_desc2 evcal_event_title ' itemprop='name'>Forest bathing<\/span><span class='event_location_attrs'  data-location_address=\"Localit\u00e0 Pampeago, 8, 38038 Tesero TN\" data-location_type=\"lonlat\" data-location_name=\"Pampeago\" data-location_url=\"https:\/\/latemarium.com\/de\/event-location\/pampeago-de\/\" data-location_status=\"true\" data-latlng=\"46.34343697644898,11.540997527961546\"><\/span><span class='evoet_subtitle evo_below_title' ><span class='evcal_event_subtitle ' >Entdecken Sie die Sch\u00f6nheit des bewussten Gehens in der Natur<\/span><\/span><span class='evoet_time_expand level_3'><em class='evcal_time evo_tz_time'><i class='fa fa-clock-o'><\/i>10:00<span class='evo_tz marl5'>(GMT+02:00)<\/span><\/em> <\/span><span class='evoet_location level_3'><em class=\"evcal_location\"  data-latlng=\"46.34343697644898,11.540997527961546\" data-add_str=\"Localit\u00e0 Pampeago, 8, 38038 Tesero TN\" data-n=\"Pampeago\"><i class=\"fa fa-location-pin\"><\/i><em class=\"event_location_name\">Pampeago<\/em>, Localit\u00e0 Pampeago, 8, 38038 Tesero TN<\/em><\/span><\/span><span class='evoet_data' data-d=\"{&quot;loc.n&quot;:&quot;Pampeago&quot;,&quot;orgs&quot;:[],&quot;tags&quot;:{&quot;repeating&quot;:&quot;Repeating Event&quot;}}\" data-bgc=\"#a69dcd\" data-bggrad=\"\" ><\/span><\/a><\/p><div class='event_description evcal_eventcard ' style=\"display:none\"><div class='evocard_row'><div id='event_ftimage' class='evocard_box ftimage' data-c='' \n\t\t\t\t\tstyle=''><div class='evocard_main_image_hold' data-t='Loading Image..'><div class='evocard_main_image evo_img_triglb evobr15 evobgsc evobgpc evodfx evofx_jc_c evofx_ai_c evofz48 minmized' style='height:300px; background-image:url();' data-f=\"https:\/\/latemarium.com\/wp-content\/uploads\/2026\/04\/forest-bathing.jpg\" data-h=\"1600\" data-w=\"1066\" data-ratio=\"1.5009380863039\" data-event_id=\"2930\" data-ri=\"1\"  data-t='Loading Image..'><span style='height:300px; background-image:url(https:\/\/latemarium.com\/wp-content\/uploads\/2026\/04\/forest-bathing.jpg)'><\/span><\/div><\/div><\/div><\/div><div class='evocard_row'><div id='event_eventdetails' class='evocard_box eventdetails' data-c='' \n\t\t\t\t\tstyle=''><div class='evo_metarow_details evorow evcal_evdata_row evcal_event_details'>\n\t\t<div class=\"event_excerpt\" style=\"display:none\"><h3 class=\"padb5 evo_h3\">Details zur Veranstaltung<\/h3><p>Entdecken Sie die alte japanische Praxis, die dazu einl\u00e4dt, zu entschleunigen und sich \u00fcber die f\u00fcnf Sinne wieder mit der Natur zu verbinden \u2013 und dabei die Freude am achtsamen<\/p><\/div><span class='evcal_evdata_icons'><i class='fa fa-align-justify'><\/i><\/span>\n\t\t\n\t\t<div class='evcal_evdata_cell '>\n\t\t\t<div class='eventon_full_description'>\n\t\t\t\t<h3 class='padb5 evo_h3'><span class='evcal_evdata_icons'><i class='fa fa-align-justify'><\/i><\/span>Details zur Veranstaltung<\/h3>\n\t\t\t\t<div class='eventon_desc_in' itemprop='description'>\n\t\t\t\t<p>Entdecken Sie die alte japanische Praxis, die dazu einl\u00e4dt, zu entschleunigen und sich \u00fcber die f\u00fcnf Sinne wieder mit der Natur zu verbinden \u2013 und dabei die Freude am achtsamen Gehen neu zu entdecken.<\/p>\n<p>Treffpunkt: Pampeago, am 25.07. und 29.08.<br \/>\nUhrzeit: 10.00 \u2013 12.00 Uhr<\/p>\n<p>Anmeldung erforderlich, click <a href=\"https:\/\/www.visitfiemme.it\/de\/veranstaltungen\/fiemme-cembra-guest-card\/erlebnisse\/erlebnisse-sommer\" target=\"_blank\" rel=\"noopener\">HIER<\/a><\/p>\n<\/div><div class='clear'><\/div>\n\t\t\t<\/div>\n\t\t<\/div>\n\t<\/div><\/div><\/div><div class='evocard_row bx2 bx'><div id='event_time' class='evocard_box time' data-c='' \n\t\t\t\t\tstyle=''><div class='evo_metarow_time evorow evcal_evdata_row evcal_evrow_sm '>\n\t\t<span class='evcal_evdata_icons'><i class='fa fa-clock'><\/i><\/span>\n\t\t<div class='evcal_evdata_cell'>\t\t\t\t\t\t\t\n\t\t\t<h3 class='evo_h3'><span class='evcal_evdata_icons'><i class='fa fa-clock'><\/i><\/span>Zeitplan<\/h3><p><span class='evo_eventcard_time_t'>29 August 2026 10:00<\/span><span class='evo_tz marr5'>(GMT+02:00)<\/span><\/p>\n\t\t<\/div>\n\t<\/div><\/div><div id='event_location' class='evocard_box location' data-c='' \n\t\t\t\t\tstyle=''><div class='evcal_evdata_row evo_metarow_time_location evorow '>\n\t\t\n\t\t\t<span class='evcal_evdata_icons'><i class='fa fa-map-marker'><\/i><\/span>\n\t\t\t<div class='evcal_evdata_cell' data-loc_tax_id='32'><h3 class='evo_h3 evodfx'><span class='evcal_evdata_icons'><i class='fa fa-map-marker'><\/i><\/span>Ort<\/h3><p class='evo_location_name'>Pampeago<\/p><p class='evo_location_address evodfxi evogap10'>Localit\u00e0 Pampeago, 8, 38038 Tesero TN<\/p><div class='padt10'><span class='evo_btn_arr evolb_trigger' data-lbvals=\"{&quot;lbc&quot;:&quot;evo_location_lb_32&quot;,&quot;lbac&quot;:&quot;lb_max&quot;,&quot;t&quot;:&quot;Pampeago&quot;,&quot;ajax&quot;:&quot;yes&quot;,&quot;ajax_type&quot;:&quot;endpoint&quot;,&quot;ajax_action&quot;:&quot;eventon_get_tax_card_content&quot;,&quot;end&quot;:&quot;client&quot;,&quot;d&quot;:{&quot;lang&quot;:&quot;L2&quot;,&quot;term_id&quot;:32,&quot;tax&quot;:&quot;event_location&quot;,&quot;load_lbcontent&quot;:true},&quot;uid&quot;:&quot;eventon_get_tax_card_content&quot;}\" >Other Events<i class='fa fa-chevron-right'><\/i><\/span><\/div><\/div>\n\t\t\n\t<\/div><\/div><\/div><div class='evocard_row'><div id='event_addtocal' class='evocard_box addtocal' data-c='' \n\t\t\t\t\tstyle=''><div class='evo_metarow_ICS evorow evcal_evdata_row'>\n\t\t\t<span class='evcal_evdata_icons'><i class='fa fa-calendar-o'><\/i><\/span>\n\t\t\t<div class='evcal_evdata_cell'>\n\t\t\t\t<p><a href='https:\/\/latemarium.com\/de\/export-events\/2930_1\/?nonce=7b34e59f7d' class='evo_ics_nCal' title='Zu Ihrem Kalender hinzuf\u00fcgen'>Kalender<\/a><a href='https:\/\/www.google.com\/calendar\/event?action=TEMPLATE&text=Forest+bathing&dates=20260829T080000Z%2F20260829T080000Z&ctz=Europe%2FRome&details=Forest bathing&location=Pampeago+Localit%C3%A0+Pampeago%2C+8%2C+38038+Tesero+TN' target='_blank' class='evo_ics_gCal' title='Zu Google Kalender hinzuf\u00fcgen'>GoogleCal<\/a><\/p>\t\n\t\t\t<\/div>\n\t\t<\/div><\/div><\/div><div class='evocard_row'><div id='event_getdirection' class='evocard_box getdirection' data-c='' \n\t\t\t\t\tstyle=''><div class='evo_metarow_getDr evorow evcal_evdata_row evcal_evrow_sm getdirections'>\n\t\t<form action='https:\/\/maps.google.com\/maps' method='get' target='_blank'>\n\t\t\t<input type='hidden' name='daddr' value=\"Localit\u00e0 Pampeago, 8, 38038 Tesero TN\"\/> \n\t\t\t<div class='evo_get_direction_content evo_fx_dr_r evogap10'>\n\t\t\t\t<span class='evogetdir_header evodfx evofx_dr_r evofx_ai_c marr10'>\n\t\t\t\t\t<i class='mainicon fa fa-road'><\/i> \n\t\t\t\t\t<h3 class='evo_h3' style='padding-bottom:5px;'>Wegbeschreibung abrufen<\/h3>\n\t\t\t\t<\/span>\n\t\t\t\t<span class='evogetdir_field evodfx evofx_1_1 evo_fx_dr_c evow100p'>\t\t\t\t\t\n\t\t\t\t\t<input class='evoInput evotac' type='text' name='saddr' placeholder='&quot;Geben Sie die Adresse ein' value='' style='margin:10px 0;'\/>\n\t\t\t\t<\/span>\n\t\t\t\t<button type='submit' class='evo_get_direction_button evo_btn_arr_circ dfx fx_ai_c' title='&quot;Klicken Sie hier'><i class='fa fa-chevron-right'><\/i> <\/button>\n\t\t\t<\/div>\n\t\t<\/form>\n\t<\/div><\/div><\/div><div class='evo_card_row_end evcal_close' title='Schlie\u00dfen'><\/div><\/div><div class='clear end'><\/div><\/div><div id=\"event_2154_19\" class=\"eventon_list_event evo_eventtop scheduled  event clrW no_et event_2154_19\" data-event_id=\"2154\" data-ri=\"19r\" data-time=\"1788096000-1788127140\" data-colr=\"#b8d989\" itemscope itemtype='http:\/\/schema.org\/Event'><div class=\"evo_event_schema\" style=\"display:none\" ><a itemprop='url'  href='https:\/\/latemarium.com\/de\/events\/die-geraeusche-und-das-leben-der-malga\/var\/ri-19.l-L2'><\/a><meta itemprop='image' content=\"https:\/\/latemarium.com\/wp-content\/uploads\/2023\/06\/suoni-vita-malga.jpg\" \/><meta itemprop='startDate' content=\"2026-8-30T15:20+0:00\" \/><meta itemprop='endDate' content=\"2026-8-30T23:59+0:00\" \/><meta itemprop='eventStatus' content=\"https:\/\/schema.org\/EventScheduled\" \/><meta itemprop='eventAttendanceMode'   itemscope itemtype=\"https:\/\/schema.org\/OfflineEventAttendanceMode\"\/><div style=\"display:none\" itemprop=\"location\" itemscope itemtype=\"http:\/\/schema.org\/Place\"><span itemprop=\"name\">Pampeago<\/span><span itemprop=\"address\" itemscope itemtype=\"http:\/\/schema.org\/PostalAddress\"><item itemprop=\"streetAddress\">Localit\u00e0 Pampeago, 8, 38038 Tesero TN<\/item><\/span><\/div><script type=\"application\/ld+json\">{\"@context\": \"http:\/\/schema.org\",\"@type\": \"Event\",\n\t\t\t\t\"@id\": \"event_2154_19\",\n\t\t\t\t\"eventAttendanceMode\":\"https:\/\/schema.org\/OfflineEventAttendanceMode\",\n\t\t\t\t\"eventStatus\":\"https:\/\/schema.org\/EventScheduled\",\n\t\t\t\t\"name\": \"Die Ger\u00e4usche und das Leben der Malga\",\n\t\t\t\t\"url\": \"https:\/\/latemarium.com\/de\/events\/die-geraeusche-und-das-leben-der-malga\/var\/ri-19.l-L2\",\n\t\t\t\t\"startDate\": \"2026-8-30T15:20+0:00\",\n\t\t\t\t\"endDate\": \"2026-8-30T23:59+0:00\",\n\t\t\t\t\"image\":\"https:\/\/latemarium.com\/wp-content\/uploads\/2023\/06\/suoni-vita-malga.jpg\", \n\t\t\t\t\"description\":\"<p>Treffpunkt am Parkplatz des Tresca-Sessellifts (mit dem Auto von Pampeago erreichbar &#8211; NUR f\u00fcr diejenigen, die die Aktivit\u00e4t buchen).<\/p> <p>Nach einem kurzen Spaziergang zur Malga Pampeago entdecken Kinder und Eltern zwischen K\u00fchen, K\u00e4lbern, Eseln und Schweinen den Alltag und die Ger\u00e4usche, die das Leben der Hirten pr\u00e4gen.<\/p> <p>Am Ende der Aktivit\u00e4t gibt es einen kleinen Snack, den die Kinder genie\u00dfen oder mit nach Hause nehmen k\u00f6nnen.<\/p> <p>Aktivit\u00e4t auch mit Kinderwagen m\u00f6glich. <a href='https:\/\/www.visitfiemme.it\/de\/veranstaltungen\/fiemme-cembra-guest-card\/erlebnisse\/erlebnisse-sommer' target='_blank' rel='noopener'>Reservierung erforderlich<\/a>.<\/p> \",\"location\":[{\"@type\":\"Place\",\"name\":\"Pampeago\",\"address\":{\"@type\": \"PostalAddress\",\"streetAddress\":\"Localit\u00e0 Pampeago, 8, 38038 Tesero TN\"}}]}<\/script><\/div>\r\n\t\t\t\t<p class=\"desc_trig_outter\" style=\"\"><a data-gmap_status=\"null\" data-exlk=\"0\" style=\"background-color: #b8d989;\" id=\"evc_17880960002154\" class=\"hasFtIMG event_repeat desc_trig sin_val evcal_list_a\" data-ux_val=\"3\" data-ux_val_mob=\"-\"  ><span class='evoet_c1 evoet_cx '><span class='ev_ftImg' data-img='https:\/\/latemarium.com\/wp-content\/uploads\/2023\/06\/suoni-vita-malga.jpg' data-thumb='https:\/\/latemarium.com\/wp-content\/uploads\/2023\/06\/suoni-vita-malga-300x225.jpg' style='background-image:url(\"https:\/\/latemarium.com\/wp-content\/uploads\/2023\/06\/suoni-vita-malga-300x225.jpg\")' ><\/span><\/span><span class='evoet_c2 evoet_cx '><span class='evoet_dayblock evcal_cblock ' data-bgcolor='#b8d989' data-smon='August' data-syr='2026' data-bub=''><span class='evo_start '><em class='date'>30<\/em><em class='month'>Aug<\/em><em class='time'>15:20<\/em><\/span><\/span><\/span><span class='evoet_c3 evoet_cx evcal_desc hide_eventtopdata '><span class='evoet_title evcal_desc2 evcal_event_title ' itemprop='name'>Die Ger\u00e4usche und das Leben der Malga<\/span><span class='event_location_attrs'  data-location_address=\"Localit\u00e0 Pampeago, 8, 38038 Tesero TN\" data-location_type=\"lonlat\" data-location_name=\"Pampeago\" data-location_url=\"https:\/\/latemarium.com\/de\/event-location\/pampeago-de\/\" data-location_status=\"true\" data-latlng=\"46.34343697644898,11.540997527961546\"><\/span><span class='evoet_subtitle evo_below_title' ><\/span><span class='evoet_time_expand level_3'><em class='evcal_time evo_tz_time'><i class='fa fa-clock-o'><\/i>15:20<span class='evo_tz marl5'>(GMT+02:00)<\/span><\/em> <\/span><span class='evoet_location level_3'><em class=\"evcal_location\"  data-latlng=\"46.34343697644898,11.540997527961546\" data-add_str=\"Localit\u00e0 Pampeago, 8, 38038 Tesero TN\" data-n=\"Pampeago\"><i class=\"fa fa-location-pin\"><\/i><em class=\"event_location_name\">Pampeago<\/em>, Localit\u00e0 Pampeago, 8, 38038 Tesero TN<\/em><\/span><\/span><span class='evoet_data' data-d=\"{&quot;loc.n&quot;:&quot;Pampeago&quot;,&quot;orgs&quot;:[],&quot;tags&quot;:{&quot;repeating&quot;:&quot;Repeating Event&quot;}}\" data-bgc=\"#b8d989\" data-bggrad=\"\" ><\/span><\/a><\/p><div class='event_description evcal_eventcard ' style=\"display:none\"><div class='evocard_row'><div id='event_ftimage' class='evocard_box ftimage' data-c='' \n\t\t\t\t\tstyle=''><div class='evocard_main_image_hold' data-t='Loading Image..'><div class='evocard_main_image evo_img_triglb evobr15 evobgsc evobgpc evodfx evofx_jc_c evofx_ai_c evofz48 minmized' style='height:300px; background-image:url();' data-f=\"https:\/\/latemarium.com\/wp-content\/uploads\/2023\/06\/suoni-vita-malga.jpg\" data-h=\"796\" data-w=\"1062\" data-ratio=\"0.74952919020716\" data-event_id=\"2154\" data-ri=\"19\"  data-t='Loading Image..'><span style='height:300px; background-image:url(https:\/\/latemarium.com\/wp-content\/uploads\/2023\/06\/suoni-vita-malga.jpg)'><\/span><\/div><\/div><\/div><\/div><div class='evocard_row'><div id='event_eventdetails' class='evocard_box eventdetails' data-c='' \n\t\t\t\t\tstyle=''><div class='evo_metarow_details evorow evcal_evdata_row evcal_event_details'>\n\t\t<div class=\"event_excerpt\" style=\"display:none\"><h3 class=\"padb5 evo_h3\">Details zur Veranstaltung<\/h3><p>Treffpunkt am Parkplatz des Tresca-Sessellifts (mit dem Auto von Pampeago erreichbar &#8211; NUR f\u00fcr diejenigen, die die Aktivit\u00e4t buchen).\nNach einem kurzen Spaziergang zur Malga Pampeago entdecken Kinder und Eltern zwischen<\/p><\/div><span class='evcal_evdata_icons'><i class='fa fa-align-justify'><\/i><\/span>\n\t\t\n\t\t<div class='evcal_evdata_cell shorter_desc'>\n\t\t\t<div class='eventon_full_description'>\n\t\t\t\t<h3 class='padb5 evo_h3'><span class='evcal_evdata_icons'><i class='fa fa-align-justify'><\/i><\/span>Details zur Veranstaltung<\/h3>\n\t\t\t\t<div class='eventon_desc_in' itemprop='description'>\n\t\t\t\t<p>Treffpunkt am Parkplatz des Tresca-Sessellifts (mit dem Auto von Pampeago erreichbar &#8211; NUR f\u00fcr diejenigen, die die Aktivit\u00e4t buchen).<\/p>\n<p>Nach einem kurzen Spaziergang zur Malga Pampeago entdecken Kinder und Eltern zwischen K\u00fchen, K\u00e4lbern, Eseln und Schweinen den Alltag und die Ger\u00e4usche, die das Leben der Hirten pr\u00e4gen.<\/p>\n<p>Am Ende der Aktivit\u00e4t gibt es einen kleinen Snack, den die Kinder genie\u00dfen oder mit nach Hause nehmen k\u00f6nnen.<\/p>\n<p>Aktivit\u00e4t auch mit Kinderwagen m\u00f6glich. <a href=\"https:\/\/www.visitfiemme.it\/de\/veranstaltungen\/fiemme-cembra-guest-card\/erlebnisse\/erlebnisse-sommer\" target=\"_blank\" rel=\"noopener\">Reservierung erforderlich<\/a>.<\/p>\n<\/div><p class='eventon_shad_p' style='padding:5px 0 0; margin:0'>\n\t\t\t<span class='evcal_btn evo_btn_secondary evobtn_details_show_more' content='less'>\n\t\t\t\t<span class='ev_more_text' data-txt='Weniger'>Mehr<\/span><span class='ev_more_arrow ard'><\/span>\n\t\t\t<\/span>\n\t\t<\/p><div class='clear'><\/div>\n\t\t\t<\/div>\n\t\t<\/div>\n\t<\/div><\/div><\/div><div class='evocard_row bx2 bx'><div id='event_time' class='evocard_box time' data-c='' \n\t\t\t\t\tstyle=''><div class='evo_metarow_time evorow evcal_evdata_row evcal_evrow_sm '>\n\t\t<span class='evcal_evdata_icons'><i class='fa fa-clock'><\/i><\/span>\n\t\t<div class='evcal_evdata_cell'>\t\t\t\t\t\t\t\n\t\t\t<h3 class='evo_h3'><span class='evcal_evdata_icons'><i class='fa fa-clock'><\/i><\/span>Zeitplan<\/h3><p><span class='evo_eventcard_time_t'>30 August 2026 15:20<\/span><span class='evo_tz marr5'>(GMT+02:00)<\/span><\/p>\n\t\t<\/div>\n\t<\/div><\/div><div id='event_location' class='evocard_box location' data-c='' \n\t\t\t\t\tstyle=''><div class='evcal_evdata_row evo_metarow_time_location evorow '>\n\t\t\n\t\t\t<span class='evcal_evdata_icons'><i class='fa fa-map-marker'><\/i><\/span>\n\t\t\t<div class='evcal_evdata_cell' data-loc_tax_id='32'><h3 class='evo_h3 evodfx'><span class='evcal_evdata_icons'><i class='fa fa-map-marker'><\/i><\/span>Ort<\/h3><p class='evo_location_name'>Pampeago<\/p><p class='evo_location_address evodfxi evogap10'>Localit\u00e0 Pampeago, 8, 38038 Tesero TN<\/p><div class='padt10'><span class='evo_btn_arr evolb_trigger' data-lbvals=\"{&quot;lbc&quot;:&quot;evo_location_lb_32&quot;,&quot;lbac&quot;:&quot;lb_max&quot;,&quot;t&quot;:&quot;Pampeago&quot;,&quot;ajax&quot;:&quot;yes&quot;,&quot;ajax_type&quot;:&quot;endpoint&quot;,&quot;ajax_action&quot;:&quot;eventon_get_tax_card_content&quot;,&quot;end&quot;:&quot;client&quot;,&quot;d&quot;:{&quot;lang&quot;:&quot;L2&quot;,&quot;term_id&quot;:32,&quot;tax&quot;:&quot;event_location&quot;,&quot;load_lbcontent&quot;:true},&quot;uid&quot;:&quot;eventon_get_tax_card_content&quot;}\" >Other Events<i class='fa fa-chevron-right'><\/i><\/span><\/div><\/div>\n\t\t\n\t<\/div><\/div><\/div><div class='evocard_row'><div id='event_addtocal' class='evocard_box addtocal' data-c='' \n\t\t\t\t\tstyle=''><div class='evo_metarow_ICS evorow evcal_evdata_row'>\n\t\t\t<span class='evcal_evdata_icons'><i class='fa fa-calendar-o'><\/i><\/span>\n\t\t\t<div class='evcal_evdata_cell'>\n\t\t\t\t<p><a href='https:\/\/latemarium.com\/de\/export-events\/2154_19\/?nonce=7b34e59f7d' class='evo_ics_nCal' title='Zu Ihrem Kalender hinzuf\u00fcgen'>Kalender<\/a><a href='https:\/\/www.google.com\/calendar\/event?action=TEMPLATE&text=Die+Ger%C3%A4usche+und+das+Leben+der+Malga&dates=20260830T132000Z%2F20260830T215900Z&ctz=Europe%2FRome&details=Die Ger\u00e4usche und das Leben der Malga&location=Pampeago+Localit%C3%A0+Pampeago%2C+8%2C+38038+Tesero+TN' target='_blank' class='evo_ics_gCal' title='Zu Google Kalender hinzuf\u00fcgen'>GoogleCal<\/a><\/p>\t\n\t\t\t<\/div>\n\t\t<\/div><\/div><\/div><div class='evocard_row'><div id='event_getdirection' class='evocard_box getdirection' data-c='' \n\t\t\t\t\tstyle=''><div class='evo_metarow_getDr evorow evcal_evdata_row evcal_evrow_sm getdirections'>\n\t\t<form action='https:\/\/maps.google.com\/maps' method='get' target='_blank'>\n\t\t\t<input type='hidden' name='daddr' value=\"Localit\u00e0 Pampeago, 8, 38038 Tesero TN\"\/> \n\t\t\t<div class='evo_get_direction_content evo_fx_dr_r evogap10'>\n\t\t\t\t<span class='evogetdir_header evodfx evofx_dr_r evofx_ai_c marr10'>\n\t\t\t\t\t<i class='mainicon fa fa-road'><\/i> \n\t\t\t\t\t<h3 class='evo_h3' style='padding-bottom:5px;'>Wegbeschreibung abrufen<\/h3>\n\t\t\t\t<\/span>\n\t\t\t\t<span class='evogetdir_field evodfx evofx_1_1 evo_fx_dr_c evow100p'>\t\t\t\t\t\n\t\t\t\t\t<input class='evoInput evotac' type='text' name='saddr' placeholder='&quot;Geben Sie die Adresse ein' value='' style='margin:10px 0;'\/>\n\t\t\t\t<\/span>\n\t\t\t\t<button type='submit' class='evo_get_direction_button evo_btn_arr_circ dfx fx_ai_c' title='&quot;Klicken Sie hier'><i class='fa fa-chevron-right'><\/i> <\/button>\n\t\t\t<\/div>\n\t\t<\/form>\n\t<\/div><\/div><\/div><div class='evo_card_row_end evcal_close' title='Schlie\u00dfen'><\/div><\/div><div class='clear end'><\/div><\/div><div id=\"event_2116_9\" class=\"eventon_list_event evo_eventtop scheduled  event clrW no_et event_2116_9\" data-event_id=\"2116\" data-ri=\"9r\" data-time=\"1788161400-1788213540\" data-colr=\"#ffa024\" itemscope itemtype='http:\/\/schema.org\/Event'><div class=\"evo_event_schema\" style=\"display:none\" ><a itemprop='url'  href='https:\/\/latemarium.com\/de\/events\/geotrekking-monte-agnello\/var\/ri-9.l-L2'><\/a><meta itemprop='image' content=\"https:\/\/latemarium.com\/wp-content\/uploads\/2023\/06\/geotrail-monte-agnello.jpg\" \/><meta itemprop='startDate' content=\"2026-8-31T09:30+0:00\" \/><meta itemprop='endDate' content=\"2026-8-31T23:59+0:00\" \/><meta itemprop='eventStatus' content=\"https:\/\/schema.org\/EventScheduled\" \/><meta itemprop='eventAttendanceMode'   itemscope itemtype=\"https:\/\/schema.org\/OfflineEventAttendanceMode\"\/><div style=\"display:none\" itemprop=\"location\" itemscope itemtype=\"http:\/\/schema.org\/Place\"><span itemprop=\"name\">Bergh\u00fctte Monte Agnello<\/span><span itemprop=\"address\" itemscope itemtype=\"http:\/\/schema.org\/PostalAddress\"><item itemprop=\"streetAddress\">Loc. Pampeago, 9, 38038 Tesero TN<\/item><\/span><\/div><script type=\"application\/ld+json\">{\"@context\": \"http:\/\/schema.org\",\"@type\": \"Event\",\n\t\t\t\t\"@id\": \"event_2116_9\",\n\t\t\t\t\"eventAttendanceMode\":\"https:\/\/schema.org\/OfflineEventAttendanceMode\",\n\t\t\t\t\"eventStatus\":\"https:\/\/schema.org\/EventScheduled\",\n\t\t\t\t\"name\": \"Geotrekking Monte Agnello\",\n\t\t\t\t\"url\": \"https:\/\/latemarium.com\/de\/events\/geotrekking-monte-agnello\/var\/ri-9.l-L2\",\n\t\t\t\t\"startDate\": \"2026-8-31T09:30+0:00\",\n\t\t\t\t\"endDate\": \"2026-8-31T23:59+0:00\",\n\t\t\t\t\"image\":\"https:\/\/latemarium.com\/wp-content\/uploads\/2023\/06\/geotrail-monte-agnello.jpg\", \n\t\t\t\t\"description\":\"<p>Malerische geologische Route zur Entdeckung des antiken Vulkans Predazzo, gef\u00fchrt von einem erfahrenen Geologen und Medienbergf\u00fchrer.<\/p> <p>Ein Spaziergang auf den Spuren des Trias-Pompeji von Monte Agnello, wo Lava, Asche und Lapilli ein altes tropisches Atoll begruben.<\/p> <p>Die Route ist einfach, mit gut begehbaren Wegen, H\u00f6henunterschied ca. 350 Meter. Kostenlose Aktivit\u00e4t.<\/p> \",\"location\":[{\"@type\":\"Place\",\"name\":\"Bergh\u00fctte Monte Agnello\",\"address\":{\"@type\": \"PostalAddress\",\"streetAddress\":\"Loc. Pampeago, 9, 38038 Tesero TN\"}}]}<\/script><\/div>\r\n\t\t\t\t<p class=\"desc_trig_outter\" style=\"\"><a data-gmap_status=\"null\" data-exlk=\"0\" style=\"background-color: #ffa024;\" id=\"evc_17881614002116\" class=\"hasFtIMG event_repeat desc_trig sin_val evcal_list_a\" data-ux_val=\"3\" data-ux_val_mob=\"-\"  ><span class='evoet_c1 evoet_cx '><span class='ev_ftImg' data-img='https:\/\/latemarium.com\/wp-content\/uploads\/2023\/06\/geotrail-monte-agnello.jpg' data-thumb='https:\/\/latemarium.com\/wp-content\/uploads\/2023\/06\/geotrail-monte-agnello-300x240.jpg' style='background-image:url(\"https:\/\/latemarium.com\/wp-content\/uploads\/2023\/06\/geotrail-monte-agnello-300x240.jpg\")' ><\/span><\/span><span class='evoet_c2 evoet_cx '><span class='evoet_dayblock evcal_cblock ' data-bgcolor='#ffa024' data-smon='August' data-syr='2026' data-bub=''><span class='evo_start '><em class='date'>31<\/em><em class='month'>Aug<\/em><em class='time'>09:30<\/em><\/span><\/span><\/span><span class='evoet_c3 evoet_cx evcal_desc hide_eventtopdata '><span class='evoet_title evcal_desc2 evcal_event_title ' itemprop='name'>Geotrekking Monte Agnello<\/span><span class='event_location_attrs'  data-location_address=\"Loc. Pampeago, 9, 38038 Tesero TN\" data-location_type=\"lonlat\" data-location_name=\"Bergh\u00fctte Monte Agnello\" data-location_url=\"https:\/\/latemarium.com\/de\/event-location\/berghuette-monte-agnello\/\" data-location_status=\"true\" data-latlng=\"46.333809095680266,11.547693182509184\"><\/span><span class='evoet_subtitle evo_below_title' ><span class='evcal_event_subtitle ' >Geologische Route zur Entdeckung des antiken Vulkans Predazzo<\/span><\/span><span class='evoet_time_expand level_3'><em class='evcal_time evo_tz_time'><i class='fa fa-clock-o'><\/i>09:30<span class='evo_tz marl5'>(GMT+02:00)<\/span><\/em> <\/span><span class='evoet_location level_3'><em class=\"evcal_location\"  data-latlng=\"46.333809095680266,11.547693182509184\" data-add_str=\"Loc. Pampeago, 9, 38038 Tesero TN\" data-n=\"Bergh\u00fctte Monte Agnello\"><i class=\"fa fa-location-pin\"><\/i><em class=\"event_location_name\">Bergh\u00fctte Monte Agnello<\/em>, Loc. Pampeago, 9, 38038 Tesero TN<\/em><\/span><\/span><span class='evoet_data' data-d=\"{&quot;loc.n&quot;:&quot;Bergh\\u00fctte Monte Agnello&quot;,&quot;orgs&quot;:[],&quot;tags&quot;:{&quot;repeating&quot;:&quot;Repeating Event&quot;}}\" data-bgc=\"#ffa024\" data-bggrad=\"\" ><\/span><\/a><\/p><div class='event_description evcal_eventcard ' style=\"display:none\"><div class='evocard_row'><div id='event_ftimage' class='evocard_box ftimage' data-c='' \n\t\t\t\t\tstyle=''><div class='evocard_main_image_hold' data-t='Loading Image..'><div class='evocard_main_image evo_img_triglb evobr15 evobgsc evobgpc evodfx evofx_jc_c evofx_ai_c evofz48 minmized' style='height:300px; background-image:url();' data-f=\"https:\/\/latemarium.com\/wp-content\/uploads\/2023\/06\/geotrail-monte-agnello.jpg\" data-h=\"528\" data-w=\"661\" data-ratio=\"0.79878971255673\" data-event_id=\"2116\" data-ri=\"9\"  data-t='Loading Image..'><span style='height:300px; background-image:url(https:\/\/latemarium.com\/wp-content\/uploads\/2023\/06\/geotrail-monte-agnello.jpg)'><\/span><\/div><\/div><\/div><\/div><div class='evocard_row'><div id='event_eventdetails' class='evocard_box eventdetails' data-c='' \n\t\t\t\t\tstyle=''><div class='evo_metarow_details evorow evcal_evdata_row evcal_event_details'>\n\t\t<div class=\"event_excerpt\" style=\"display:none\"><h3 class=\"padb5 evo_h3\">Details zur Veranstaltung<\/h3><p>Malerische geologische Route zur Entdeckung des antiken Vulkans Predazzo, gef\u00fchrt von einem erfahrenen Geologen und Medienbergf\u00fchrer.\nEin Spaziergang auf den Spuren des Trias-Pompeji von Monte Agnello, wo Lava, Asche und Lapilli<\/p><\/div><span class='evcal_evdata_icons'><i class='fa fa-align-justify'><\/i><\/span>\n\t\t\n\t\t<div class='evcal_evdata_cell '>\n\t\t\t<div class='eventon_full_description'>\n\t\t\t\t<h3 class='padb5 evo_h3'><span class='evcal_evdata_icons'><i class='fa fa-align-justify'><\/i><\/span>Details zur Veranstaltung<\/h3>\n\t\t\t\t<div class='eventon_desc_in' itemprop='description'>\n\t\t\t\t<p>Malerische geologische Route zur Entdeckung des antiken Vulkans Predazzo, gef\u00fchrt von einem erfahrenen Geologen und Medienbergf\u00fchrer.<\/p>\n<p>Ein Spaziergang auf den Spuren des Trias-Pompeji von Monte Agnello, wo Lava, Asche und Lapilli ein altes tropisches Atoll begruben.<\/p>\n<p>Die Route ist einfach, mit gut begehbaren Wegen, H\u00f6henunterschied ca. 350 Meter. Kostenlose Aktivit\u00e4t.<\/p>\n<\/div><div class='clear'><\/div>\n\t\t\t<\/div>\n\t\t<\/div>\n\t<\/div><\/div><\/div><div class='evocard_row bx2 bx'><div id='event_time' class='evocard_box time' data-c='' \n\t\t\t\t\tstyle=''><div class='evo_metarow_time evorow evcal_evdata_row evcal_evrow_sm '>\n\t\t<span class='evcal_evdata_icons'><i class='fa fa-clock'><\/i><\/span>\n\t\t<div class='evcal_evdata_cell'>\t\t\t\t\t\t\t\n\t\t\t<h3 class='evo_h3'><span class='evcal_evdata_icons'><i class='fa fa-clock'><\/i><\/span>Zeitplan<\/h3><p><span class='evo_eventcard_time_t'>31 August 2026 09:30<\/span><span class='evo_tz marr5'>(GMT+02:00)<\/span><\/p>\n\t\t<\/div>\n\t<\/div><\/div><div id='event_location' class='evocard_box location' data-c='' \n\t\t\t\t\tstyle=''><div class='evcal_evdata_row evo_metarow_time_location evorow '>\n\t\t\n\t\t\t<span class='evcal_evdata_icons'><i class='fa fa-map-marker'><\/i><\/span>\n\t\t\t<div class='evcal_evdata_cell' data-loc_tax_id='25'><h3 class='evo_h3 evodfx'><span class='evcal_evdata_icons'><i class='fa fa-map-marker'><\/i><\/span><a target=\"_blank\" href=\"https:\/\/www.facebook.com\/profile.php?id=100064742944609\">Ort<\/a><\/h3><p class='evo_location_name'><a target=\"_blank\" href=\"https:\/\/www.facebook.com\/profile.php?id=100064742944609\">Bergh\u00fctte Monte Agnello<\/a><\/p><p class='evo_location_address evodfxi evogap10'><a target=\"_blank\" href=\"https:\/\/www.facebook.com\/profile.php?id=100064742944609\">Loc. Pampeago, 9, 38038 Tesero TN<\/a><\/p><div class='padt10'><span class='evo_btn_arr evolb_trigger' data-lbvals=\"{&quot;lbc&quot;:&quot;evo_location_lb_25&quot;,&quot;lbac&quot;:&quot;lb_max&quot;,&quot;t&quot;:&quot;Bergh\\u00fctte Monte Agnello&quot;,&quot;ajax&quot;:&quot;yes&quot;,&quot;ajax_type&quot;:&quot;endpoint&quot;,&quot;ajax_action&quot;:&quot;eventon_get_tax_card_content&quot;,&quot;end&quot;:&quot;client&quot;,&quot;d&quot;:{&quot;lang&quot;:&quot;L2&quot;,&quot;term_id&quot;:25,&quot;tax&quot;:&quot;event_location&quot;,&quot;load_lbcontent&quot;:true},&quot;uid&quot;:&quot;eventon_get_tax_card_content&quot;}\" >Other Events<i class='fa fa-chevron-right'><\/i><\/span><\/div><\/div>\n\t\t\n\t<\/div><\/div><\/div><div class='evocard_row bx2 bx'><div id='event_learnmore' class='evocard_box learnmore' data-c='' \n\t\t\t\t\tstyle=''><div class='evo_metarow_learnM evo_metarow_learnmore evorow'>\n\t\t\t\t\t\t\t<a class='evcal_evdata_row evo_clik_row ' href='https:\/\/latemarium.com\/de\/excursions\/detail\/geotrail-monte-agnello\/' target=\"_blank\">\n\t\t\t\t\t\t\t\t<span class='evcal_evdata_icons'><i class='fa fa-link'><\/i><\/span>\n\t\t\t\t\t\t\t\t<h3 class='evo_h3'>Entdecke mehr<\/h3>\n\t\t\t\t\t\t\t<\/a>\n\t\t\t\t\t\t\t<\/div><\/div><div id='event_addtocal' class='evocard_box addtocal' data-c='' \n\t\t\t\t\tstyle=''><div class='evo_metarow_ICS evorow evcal_evdata_row'>\n\t\t\t<span class='evcal_evdata_icons'><i class='fa fa-calendar-o'><\/i><\/span>\n\t\t\t<div class='evcal_evdata_cell'>\n\t\t\t\t<p><a href='https:\/\/latemarium.com\/de\/export-events\/2116_9\/?nonce=7b34e59f7d' class='evo_ics_nCal' title='Zu Ihrem Kalender hinzuf\u00fcgen'>Kalender<\/a><a href='https:\/\/www.google.com\/calendar\/event?action=TEMPLATE&text=Geotrekking+Monte+Agnello&dates=20260831T073000Z%2F20260831T215900Z&ctz=Europe%2FRome&details=Geotrekking Monte Agnello&location=Bergh%C3%BCtte+Monte+Agnello+Loc.+Pampeago%2C+9%2C+38038+Tesero+TN' target='_blank' class='evo_ics_gCal' title='Zu Google Kalender hinzuf\u00fcgen'>GoogleCal<\/a><\/p>\t\n\t\t\t<\/div>\n\t\t<\/div><\/div><\/div><div class='evocard_row'><div id='event_getdirection' class='evocard_box getdirection' data-c='' \n\t\t\t\t\tstyle=''><div class='evo_metarow_getDr evorow evcal_evdata_row evcal_evrow_sm getdirections'>\n\t\t<form action='https:\/\/maps.google.com\/maps' method='get' target='_blank'>\n\t\t\t<input type='hidden' name='daddr' value=\"46.333809095680266,11.547693182509184\"\/> \n\t\t\t<div class='evo_get_direction_content evo_fx_dr_r evogap10'>\n\t\t\t\t<span class='evogetdir_header evodfx evofx_dr_r evofx_ai_c marr10'>\n\t\t\t\t\t<i class='mainicon fa fa-road'><\/i> \n\t\t\t\t\t<h3 class='evo_h3' style='padding-bottom:5px;'>Wegbeschreibung abrufen<\/h3>\n\t\t\t\t<\/span>\n\t\t\t\t<span class='evogetdir_field evodfx evofx_1_1 evo_fx_dr_c evow100p'>\t\t\t\t\t\n\t\t\t\t\t<input class='evoInput evotac' type='text' name='saddr' placeholder='&quot;Geben Sie die Adresse ein' value='' style='margin:10px 0;'\/>\n\t\t\t\t<\/span>\n\t\t\t\t<button type='submit' class='evo_get_direction_button evo_btn_arr_circ dfx fx_ai_c' title='&quot;Klicken Sie hier'><i class='fa fa-chevron-right'><\/i> <\/button>\n\t\t\t<\/div>\n\t\t<\/form>\n\t<\/div><\/div><\/div><div class='evo_card_row_end evcal_close' title='Schlie\u00dfen'><\/div><\/div><div class='clear end'><\/div><\/div><div id=\"event_2154_20\" class=\"eventon_list_event evo_eventtop scheduled  event clrW no_et event_2154_20\" data-event_id=\"2154\" data-ri=\"20r\" data-time=\"1788182400-1788213540\" data-colr=\"#b8d989\" itemscope itemtype='http:\/\/schema.org\/Event'><div class=\"evo_event_schema\" style=\"display:none\" ><a itemprop='url'  href='https:\/\/latemarium.com\/de\/events\/die-geraeusche-und-das-leben-der-malga\/var\/ri-20.l-L2'><\/a><meta itemprop='image' content=\"https:\/\/latemarium.com\/wp-content\/uploads\/2023\/06\/suoni-vita-malga.jpg\" \/><meta itemprop='startDate' content=\"2026-8-31T15:20+0:00\" \/><meta itemprop='endDate' content=\"2026-8-31T23:59+0:00\" \/><meta itemprop='eventStatus' content=\"https:\/\/schema.org\/EventScheduled\" \/><meta itemprop='eventAttendanceMode'   itemscope itemtype=\"https:\/\/schema.org\/OfflineEventAttendanceMode\"\/><div style=\"display:none\" itemprop=\"location\" itemscope itemtype=\"http:\/\/schema.org\/Place\"><span itemprop=\"name\">Pampeago<\/span><span itemprop=\"address\" itemscope itemtype=\"http:\/\/schema.org\/PostalAddress\"><item itemprop=\"streetAddress\">Localit\u00e0 Pampeago, 8, 38038 Tesero TN<\/item><\/span><\/div><script type=\"application\/ld+json\">{\"@context\": \"http:\/\/schema.org\",\"@type\": \"Event\",\n\t\t\t\t\"@id\": \"event_2154_20\",\n\t\t\t\t\"eventAttendanceMode\":\"https:\/\/schema.org\/OfflineEventAttendanceMode\",\n\t\t\t\t\"eventStatus\":\"https:\/\/schema.org\/EventScheduled\",\n\t\t\t\t\"name\": \"Die Ger\u00e4usche und das Leben der Malga\",\n\t\t\t\t\"url\": \"https:\/\/latemarium.com\/de\/events\/die-geraeusche-und-das-leben-der-malga\/var\/ri-20.l-L2\",\n\t\t\t\t\"startDate\": \"2026-8-31T15:20+0:00\",\n\t\t\t\t\"endDate\": \"2026-8-31T23:59+0:00\",\n\t\t\t\t\"image\":\"https:\/\/latemarium.com\/wp-content\/uploads\/2023\/06\/suoni-vita-malga.jpg\", \n\t\t\t\t\"description\":\"<p>Treffpunkt am Parkplatz des Tresca-Sessellifts (mit dem Auto von Pampeago erreichbar &#8211; NUR f\u00fcr diejenigen, die die Aktivit\u00e4t buchen).<\/p> <p>Nach einem kurzen Spaziergang zur Malga Pampeago entdecken Kinder und Eltern zwischen K\u00fchen, K\u00e4lbern, Eseln und Schweinen den Alltag und die Ger\u00e4usche, die das Leben der Hirten pr\u00e4gen.<\/p> <p>Am Ende der Aktivit\u00e4t gibt es einen kleinen Snack, den die Kinder genie\u00dfen oder mit nach Hause nehmen k\u00f6nnen.<\/p> <p>Aktivit\u00e4t auch mit Kinderwagen m\u00f6glich. <a href='https:\/\/www.visitfiemme.it\/de\/veranstaltungen\/fiemme-cembra-guest-card\/erlebnisse\/erlebnisse-sommer' target='_blank' rel='noopener'>Reservierung erforderlich<\/a>.<\/p> \",\"location\":[{\"@type\":\"Place\",\"name\":\"Pampeago\",\"address\":{\"@type\": \"PostalAddress\",\"streetAddress\":\"Localit\u00e0 Pampeago, 8, 38038 Tesero TN\"}}]}<\/script><\/div>\r\n\t\t\t\t<p class=\"desc_trig_outter\" style=\"\"><a data-gmap_status=\"null\" data-exlk=\"0\" style=\"background-color: #b8d989;\" id=\"evc_17881824002154\" class=\"hasFtIMG event_repeat desc_trig sin_val evcal_list_a\" data-ux_val=\"3\" data-ux_val_mob=\"-\"  ><span class='evoet_c1 evoet_cx '><span class='ev_ftImg' data-img='https:\/\/latemarium.com\/wp-content\/uploads\/2023\/06\/suoni-vita-malga.jpg' data-thumb='https:\/\/latemarium.com\/wp-content\/uploads\/2023\/06\/suoni-vita-malga-300x225.jpg' style='background-image:url(\"https:\/\/latemarium.com\/wp-content\/uploads\/2023\/06\/suoni-vita-malga-300x225.jpg\")' ><\/span><\/span><span class='evoet_c2 evoet_cx '><span class='evoet_dayblock evcal_cblock ' data-bgcolor='#b8d989' data-smon='August' data-syr='2026' data-bub=''><span class='evo_start '><em class='date'>31<\/em><em class='month'>Aug<\/em><em class='time'>15:20<\/em><\/span><\/span><\/span><span class='evoet_c3 evoet_cx evcal_desc hide_eventtopdata '><span class='evoet_title evcal_desc2 evcal_event_title ' itemprop='name'>Die Ger\u00e4usche und das Leben der Malga<\/span><span class='event_location_attrs'  data-location_address=\"Localit\u00e0 Pampeago, 8, 38038 Tesero TN\" data-location_type=\"lonlat\" data-location_name=\"Pampeago\" data-location_url=\"https:\/\/latemarium.com\/de\/event-location\/pampeago-de\/\" data-location_status=\"true\" data-latlng=\"46.34343697644898,11.540997527961546\"><\/span><span class='evoet_subtitle evo_below_title' ><\/span><span class='evoet_time_expand level_3'><em class='evcal_time evo_tz_time'><i class='fa fa-clock-o'><\/i>15:20<span class='evo_tz marl5'>(GMT+02:00)<\/span><\/em> <\/span><span class='evoet_location level_3'><em class=\"evcal_location\"  data-latlng=\"46.34343697644898,11.540997527961546\" data-add_str=\"Localit\u00e0 Pampeago, 8, 38038 Tesero TN\" data-n=\"Pampeago\"><i class=\"fa fa-location-pin\"><\/i><em class=\"event_location_name\">Pampeago<\/em>, Localit\u00e0 Pampeago, 8, 38038 Tesero TN<\/em><\/span><\/span><span class='evoet_data' data-d=\"{&quot;loc.n&quot;:&quot;Pampeago&quot;,&quot;orgs&quot;:[],&quot;tags&quot;:{&quot;repeating&quot;:&quot;Repeating Event&quot;}}\" data-bgc=\"#b8d989\" data-bggrad=\"\" ><\/span><\/a><\/p><div class='event_description evcal_eventcard ' style=\"display:none\"><div class='evocard_row'><div id='event_ftimage' class='evocard_box ftimage' data-c='' \n\t\t\t\t\tstyle=''><div class='evocard_main_image_hold' data-t='Loading Image..'><div class='evocard_main_image evo_img_triglb evobr15 evobgsc evobgpc evodfx evofx_jc_c evofx_ai_c evofz48 minmized' style='height:300px; background-image:url();' data-f=\"https:\/\/latemarium.com\/wp-content\/uploads\/2023\/06\/suoni-vita-malga.jpg\" data-h=\"796\" data-w=\"1062\" data-ratio=\"0.74952919020716\" data-event_id=\"2154\" data-ri=\"20\"  data-t='Loading Image..'><span style='height:300px; background-image:url(https:\/\/latemarium.com\/wp-content\/uploads\/2023\/06\/suoni-vita-malga.jpg)'><\/span><\/div><\/div><\/div><\/div><div class='evocard_row'><div id='event_eventdetails' class='evocard_box eventdetails' data-c='' \n\t\t\t\t\tstyle=''><div class='evo_metarow_details evorow evcal_evdata_row evcal_event_details'>\n\t\t<div class=\"event_excerpt\" style=\"display:none\"><h3 class=\"padb5 evo_h3\">Details zur Veranstaltung<\/h3><p>Treffpunkt am Parkplatz des Tresca-Sessellifts (mit dem Auto von Pampeago erreichbar &#8211; NUR f\u00fcr diejenigen, die die Aktivit\u00e4t buchen).\nNach einem kurzen Spaziergang zur Malga Pampeago entdecken Kinder und Eltern zwischen<\/p><\/div><span class='evcal_evdata_icons'><i class='fa fa-align-justify'><\/i><\/span>\n\t\t\n\t\t<div class='evcal_evdata_cell shorter_desc'>\n\t\t\t<div class='eventon_full_description'>\n\t\t\t\t<h3 class='padb5 evo_h3'><span class='evcal_evdata_icons'><i class='fa fa-align-justify'><\/i><\/span>Details zur Veranstaltung<\/h3>\n\t\t\t\t<div class='eventon_desc_in' itemprop='description'>\n\t\t\t\t<p>Treffpunkt am Parkplatz des Tresca-Sessellifts (mit dem Auto von Pampeago erreichbar &#8211; NUR f\u00fcr diejenigen, die die Aktivit\u00e4t buchen).<\/p>\n<p>Nach einem kurzen Spaziergang zur Malga Pampeago entdecken Kinder und Eltern zwischen K\u00fchen, K\u00e4lbern, Eseln und Schweinen den Alltag und die Ger\u00e4usche, die das Leben der Hirten pr\u00e4gen.<\/p>\n<p>Am Ende der Aktivit\u00e4t gibt es einen kleinen Snack, den die Kinder genie\u00dfen oder mit nach Hause nehmen k\u00f6nnen.<\/p>\n<p>Aktivit\u00e4t auch mit Kinderwagen m\u00f6glich. <a href=\"https:\/\/www.visitfiemme.it\/de\/veranstaltungen\/fiemme-cembra-guest-card\/erlebnisse\/erlebnisse-sommer\" target=\"_blank\" rel=\"noopener\">Reservierung erforderlich<\/a>.<\/p>\n<\/div><p class='eventon_shad_p' style='padding:5px 0 0; margin:0'>\n\t\t\t<span class='evcal_btn evo_btn_secondary evobtn_details_show_more' content='less'>\n\t\t\t\t<span class='ev_more_text' data-txt='Weniger'>Mehr<\/span><span class='ev_more_arrow ard'><\/span>\n\t\t\t<\/span>\n\t\t<\/p><div class='clear'><\/div>\n\t\t\t<\/div>\n\t\t<\/div>\n\t<\/div><\/div><\/div><div class='evocard_row bx2 bx'><div id='event_time' class='evocard_box time' data-c='' \n\t\t\t\t\tstyle=''><div class='evo_metarow_time evorow evcal_evdata_row evcal_evrow_sm '>\n\t\t<span class='evcal_evdata_icons'><i class='fa fa-clock'><\/i><\/span>\n\t\t<div class='evcal_evdata_cell'>\t\t\t\t\t\t\t\n\t\t\t<h3 class='evo_h3'><span class='evcal_evdata_icons'><i class='fa fa-clock'><\/i><\/span>Zeitplan<\/h3><p><span class='evo_eventcard_time_t'>31 August 2026 15:20<\/span><span class='evo_tz marr5'>(GMT+02:00)<\/span><\/p>\n\t\t<\/div>\n\t<\/div><\/div><div id='event_location' class='evocard_box location' data-c='' \n\t\t\t\t\tstyle=''><div class='evcal_evdata_row evo_metarow_time_location evorow '>\n\t\t\n\t\t\t<span class='evcal_evdata_icons'><i class='fa fa-map-marker'><\/i><\/span>\n\t\t\t<div class='evcal_evdata_cell' data-loc_tax_id='32'><h3 class='evo_h3 evodfx'><span class='evcal_evdata_icons'><i class='fa fa-map-marker'><\/i><\/span>Ort<\/h3><p class='evo_location_name'>Pampeago<\/p><p class='evo_location_address evodfxi evogap10'>Localit\u00e0 Pampeago, 8, 38038 Tesero TN<\/p><div class='padt10'><span class='evo_btn_arr evolb_trigger' data-lbvals=\"{&quot;lbc&quot;:&quot;evo_location_lb_32&quot;,&quot;lbac&quot;:&quot;lb_max&quot;,&quot;t&quot;:&quot;Pampeago&quot;,&quot;ajax&quot;:&quot;yes&quot;,&quot;ajax_type&quot;:&quot;endpoint&quot;,&quot;ajax_action&quot;:&quot;eventon_get_tax_card_content&quot;,&quot;end&quot;:&quot;client&quot;,&quot;d&quot;:{&quot;lang&quot;:&quot;L2&quot;,&quot;term_id&quot;:32,&quot;tax&quot;:&quot;event_location&quot;,&quot;load_lbcontent&quot;:true},&quot;uid&quot;:&quot;eventon_get_tax_card_content&quot;}\" >Other Events<i class='fa fa-chevron-right'><\/i><\/span><\/div><\/div>\n\t\t\n\t<\/div><\/div><\/div><div class='evocard_row'><div id='event_addtocal' class='evocard_box addtocal' data-c='' \n\t\t\t\t\tstyle=''><div class='evo_metarow_ICS evorow evcal_evdata_row'>\n\t\t\t<span class='evcal_evdata_icons'><i class='fa fa-calendar-o'><\/i><\/span>\n\t\t\t<div class='evcal_evdata_cell'>\n\t\t\t\t<p><a href='https:\/\/latemarium.com\/de\/export-events\/2154_20\/?nonce=7b34e59f7d' class='evo_ics_nCal' title='Zu Ihrem Kalender hinzuf\u00fcgen'>Kalender<\/a><a href='https:\/\/www.google.com\/calendar\/event?action=TEMPLATE&text=Die+Ger%C3%A4usche+und+das+Leben+der+Malga&dates=20260831T132000Z%2F20260831T215900Z&ctz=Europe%2FRome&details=Die Ger\u00e4usche und das Leben der Malga&location=Pampeago+Localit%C3%A0+Pampeago%2C+8%2C+38038+Tesero+TN' target='_blank' class='evo_ics_gCal' title='Zu Google Kalender hinzuf\u00fcgen'>GoogleCal<\/a><\/p>\t\n\t\t\t<\/div>\n\t\t<\/div><\/div><\/div><div class='evocard_row'><div id='event_getdirection' class='evocard_box getdirection' data-c='' \n\t\t\t\t\tstyle=''><div class='evo_metarow_getDr evorow evcal_evdata_row evcal_evrow_sm getdirections'>\n\t\t<form action='https:\/\/maps.google.com\/maps' method='get' target='_blank'>\n\t\t\t<input type='hidden' name='daddr' value=\"Localit\u00e0 Pampeago, 8, 38038 Tesero TN\"\/> \n\t\t\t<div class='evo_get_direction_content evo_fx_dr_r evogap10'>\n\t\t\t\t<span class='evogetdir_header evodfx evofx_dr_r evofx_ai_c marr10'>\n\t\t\t\t\t<i class='mainicon fa fa-road'><\/i> \n\t\t\t\t\t<h3 class='evo_h3' style='padding-bottom:5px;'>Wegbeschreibung abrufen<\/h3>\n\t\t\t\t<\/span>\n\t\t\t\t<span class='evogetdir_field evodfx evofx_1_1 evo_fx_dr_c evow100p'>\t\t\t\t\t\n\t\t\t\t\t<input class='evoInput evotac' type='text' name='saddr' placeholder='&quot;Geben Sie die Adresse ein' value='' style='margin:10px 0;'\/>\n\t\t\t\t<\/span>\n\t\t\t\t<button type='submit' class='evo_get_direction_button evo_btn_arr_circ dfx fx_ai_c' title='&quot;Klicken Sie hier'><i class='fa fa-chevron-right'><\/i> <\/button>\n\t\t\t<\/div>\n\t\t<\/form>\n\t<\/div><\/div><\/div><div class='evo_card_row_end evcal_close' title='Schlie\u00dfen'><\/div><\/div><div class='clear end'><\/div><\/div><\/div>\t\t\t<\/div>\r\n\t\t\t<\/div><!-- evo_events_list_box -->\t\r\n\t\t\t<div class='clear'><\/div>\r\n\t\t\t\t\t \t<div id='evcal_footer' class='evo_bottom' style='display:none'>\r\n\t\t \t\t<div class='evo_cal_data' data-sc=\"{&quot;accord&quot;:&quot;no&quot;,&quot;bottom_nav&quot;:&quot;no&quot;,&quot;cal_id&quot;:&quot;&quot;,&quot;cal_init_nonajax&quot;:&quot;no&quot;,&quot;calendar_type&quot;:&quot;list&quot;,&quot;day_incre&quot;:0,&quot;ep_fields&quot;:&quot;&quot;,&quot;etc_override&quot;:&quot;no&quot;,&quot;evc_open&quot;:&quot;no&quot;,&quot;event_count&quot;:0,&quot;event_location&quot;:&quot;all&quot;,&quot;event_order&quot;:&quot;ASC&quot;,&quot;event_organizer&quot;:&quot;all&quot;,&quot;event_parts&quot;:&quot;no&quot;,&quot;event_past_future&quot;:&quot;all&quot;,&quot;event_status&quot;:&quot;all&quot;,&quot;event_tag&quot;:&quot;all&quot;,&quot;event_type&quot;:&quot;all&quot;,&quot;event_type_2&quot;:&quot;all&quot;,&quot;event_type_3&quot;:&quot;all&quot;,&quot;event_type_4&quot;:&quot;all&quot;,&quot;event_type_5&quot;:&quot;all&quot;,&quot;event_virtual&quot;:&quot;all&quot;,&quot;eventtop_date_style&quot;:0,&quot;eventtop_style&quot;:&quot;2&quot;,&quot;exp_jumper&quot;:&quot;no&quot;,&quot;exp_so&quot;:&quot;no&quot;,&quot;filter_relationship&quot;:&quot;AND&quot;,&quot;filter_show_set_only&quot;:&quot;no&quot;,&quot;filter_style&quot;:&quot;default&quot;,&quot;filter_type&quot;:&quot;default&quot;,&quot;filters&quot;:&quot;yes&quot;,&quot;fixed_day&quot;:&quot;1&quot;,&quot;fixed_month&quot;:&quot;5&quot;,&quot;fixed_year&quot;:&quot;2026&quot;,&quot;focus_end_date_range&quot;:&quot;1788213599&quot;,&quot;focus_start_date_range&quot;:&quot;1777586400&quot;,&quot;ft_event_priority&quot;:&quot;no&quot;,&quot;grid_ux&quot;:0,&quot;heat&quot;:&quot;no&quot;,&quot;hide_arrows&quot;:&quot;no&quot;,&quot;hide_cancels&quot;:&quot;no&quot;,&quot;hide_empty_months&quot;:&quot;no&quot;,&quot;hide_end_time&quot;:&quot;no&quot;,&quot;hide_et_dn&quot;:&quot;no&quot;,&quot;hide_et_extra&quot;:&quot;no&quot;,&quot;hide_et_tags&quot;:&quot;no&quot;,&quot;hide_et_tl&quot;:&quot;no&quot;,&quot;hide_ft&quot;:&quot;no&quot;,&quot;hide_ft_img&quot;:&quot;no&quot;,&quot;hide_month_headers&quot;:&quot;no&quot;,&quot;hide_mult_occur&quot;:&quot;no&quot;,&quot;hide_past&quot;:&quot;no&quot;,&quot;hide_past_by&quot;:&quot;ee&quot;,&quot;hide_so&quot;:&quot;no&quot;,&quot;hide_sort_options&quot;:&quot;no&quot;,&quot;hover&quot;:&quot;number&quot;,&quot;ics&quot;:&quot;no&quot;,&quot;jumper&quot;:&quot;no&quot;,&quot;jumper_count&quot;:5,&quot;jumper_offset&quot;:&quot;0&quot;,&quot;lang&quot;:&quot;L2&quot;,&quot;layout_changer&quot;:&quot;no&quot;,&quot;livenow_bar&quot;:&quot;yes&quot;,&quot;load_fullmonth&quot;:&quot;no&quot;,&quot;mapformat&quot;:&quot;roadmap&quot;,&quot;mapiconurl&quot;:&quot;&quot;,&quot;maps_load&quot;:&quot;yes&quot;,&quot;mapscroll&quot;:&quot;true&quot;,&quot;mapzoom&quot;:&quot;18&quot;,&quot;members_only&quot;:&quot;no&quot;,&quot;ml_priority&quot;:&quot;no&quot;,&quot;ml_toend&quot;:&quot;no&quot;,&quot;mo1st&quot;:&quot;&quot;,&quot;month_incre&quot;:0,&quot;nexttogrid&quot;:&quot;no&quot;,&quot;number_of_months&quot;:&quot;4&quot;,&quot;only_ft&quot;:&quot;no&quot;,&quot;pec&quot;:&quot;&quot;,&quot;s&quot;:&quot;&quot;,&quot;search&quot;:&quot;&quot;,&quot;search_all&quot;:&quot;no&quot;,&quot;sep_month&quot;:&quot;yes&quot;,&quot;show_et_ft_img&quot;:&quot;yes&quot;,&quot;show_limit&quot;:&quot;no&quot;,&quot;show_limit_ajax&quot;:&quot;no&quot;,&quot;show_limit_paged&quot;:1,&quot;show_limit_redir&quot;:&quot;&quot;,&quot;show_repeats&quot;:&quot;no&quot;,&quot;show_search&quot;:&quot;no&quot;,&quot;show_upcoming&quot;:0,&quot;show_year&quot;:&quot;no&quot;,&quot;social_share&quot;:&quot;no&quot;,&quot;sort_by&quot;:&quot;sort_date&quot;,&quot;style&quot;:&quot;&quot;,&quot;tile_bg&quot;:0,&quot;tile_bg_size&quot;:&quot;full&quot;,&quot;tile_count&quot;:2,&quot;tile_height&quot;:0,&quot;tile_style&quot;:0,&quot;tiles&quot;:&quot;no&quot;,&quot;ux_val&quot;:&quot;0&quot;,&quot;view_switcher&quot;:&quot;no&quot;,&quot;wpml_l1&quot;:&quot;&quot;,&quot;wpml_l2&quot;:&quot;&quot;,&quot;wpml_l3&quot;:&quot;&quot;,&quot;yl_priority&quot;:&quot;no&quot;,&quot;yl_toend&quot;:&quot;no&quot;,&quot;_cver&quot;:&quot;4.8.1&quot;}\" data-filter_data=\"{&quot;event_location&quot;:{&quot;__name&quot;:&quot;Ort der Veranstaltung&quot;,&quot;__tax&quot;:&quot;event_location&quot;,&quot;__filter_type&quot;:&quot;tax&quot;,&quot;__def_val&quot;:[&quot;all&quot;],&quot;__invals&quot;:[&quot;all&quot;],&quot;__notvals&quot;:[],&quot;__list&quot;:{&quot;all&quot;:[&quot;all&quot;,&quot;Alle&quot;],&quot;anfiteatro-gardone-de&quot;:[47,&quot;Anfiteatro Gardon\\u00e8&quot;,false,&quot;y&quot;],&quot;berghuette-monte-agnello&quot;:[25,&quot;Bergh\\u00fctte Monte Agnello&quot;,false,&quot;y&quot;],&quot;obereggen&quot;:[61,&quot;Obereggen&quot;,false,&quot;y&quot;],&quot;pampeago-de&quot;:[32,&quot;Pampeago&quot;,false,&quot;y&quot;],&quot;predazzo-impianti-latemar-de&quot;:[29,&quot;Predazzo-Impianti Latemar&quot;,false,&quot;y&quot;],&quot;rifugio-oberholz-de&quot;:[60,&quot;Rifugio Oberholz&quot;,false,&quot;y&quot;],&quot;seilbahn-ankunft-predazzo-gardone&quot;:[36,&quot;Seilbahn Ankunft Predazzo-Gardon\\u00e8&quot;,false,&quot;y&quot;],&quot;sessellift-ankunft-gardone-passo-feudo&quot;:[39,&quot;Sessellift Ankunft Gardon\\u00e8-Passo Feudo&quot;,false,&quot;y&quot;],&quot;talstation-obereggen&quot;:[23,&quot;Talstation Obereggen&quot;,false,&quot;y&quot;],&quot;teatro-del-latemar-de&quot;:[41,&quot;Teatro del Latemar&quot;,false,&quot;y&quot;]},&quot;nterms&quot;:[&quot;all&quot;],&quot;tterms&quot;:[&quot;all&quot;],&quot;terms&quot;:[&quot;all&quot;]}}\" data-nav_data=\"{&quot;month_title&quot;:&quot;&lt;p id=&#039;evcal_cur&#039; class=&#039;evo_month_title padr10&#039;&gt; Mai, 2026&lt;\\\/p&gt;&quot;,&quot;arrows&quot;:&quot;&lt;p class=&#039;evo_arrows&#039;&gt;\\r\\n\\t\\t\\t\\t\\t&lt;span id=&#039;evcal_prev&#039; class=&#039;evcal_arrows evcal_btn_prev evodfx evofx_jc_c evofx_ai_c&#039; &gt;&lt;i class=&#039;fa fa-chevron-left&#039;&gt;&lt;\\\/i&gt;&lt;\\\/span&gt;\\r\\n\\t\\t\\t\\t\\t&lt;span id=&#039;evcal_next&#039; class=&#039;evcal_arrows evo_arrow_next evcal_btn_next evodfx evofx_jc_c evofx_ai_c&#039; &gt;&lt;i class=&#039;fa fa-chevron-right&#039;&gt;&lt;\\\/i&gt;&lt;\\\/span&gt;\\r\\n\\t\\t\\t\\t\\t&lt;\\\/p&gt;&quot;}\" data-od=\"{&quot;lang_no_events&quot;:&quot;No Events&quot;,&quot;cal_tz_offset&quot;:120,&quot;cal_tz&quot;:&quot;Europe\\\/Rome&quot;}\" ><\/div>\r\n\t\t \t\t<div class='evo_cal_events' data-events=\"\"><\/div>\r\n\t\t \t<\/div>\r\n\t\t\t\t\r\n\t\t\t\r\n\t\t\t\t\t\t<\/div><!-- EventON End -->\r\n\t\t\t\n","protected":false},"excerpt":{"rendered":"<p>Alle Veranstaltungen sind f\u00fcr den Sommer 2023 geplant.<\/p>\n","protected":false},"author":1,"featured_media":2055,"parent":0,"menu_order":0,"comment_status":"closed","ping_status":"closed","template":"","meta":{"footnotes":""},"class_list":["post-2102","page","type-page","status-publish","has-post-thumbnail","hentry"],"yoast_head":"<!-- This site is optimized with the Yoast SEO plugin v24.3 - https:\/\/yoast.com\/wordpress\/plugins\/seo\/ -->\n<title>Liste der Veranstaltungen und Aktivit\u00e4ten - Latemarium<\/title>\n<meta name=\"robots\" content=\"index, follow, max-snippet:-1, max-image-preview:large, max-video-preview:-1\" \/>\n<link rel=\"canonical\" href=\"https:\/\/latemarium.com\/de\/liste-der-veranstaltungen-und-aktivitaeten\/\" \/>\n<meta property=\"og:locale\" content=\"de_DE\" \/>\n<meta property=\"og:type\" content=\"article\" \/>\n<meta property=\"og:title\" content=\"Liste der Veranstaltungen und Aktivit\u00e4ten - Latemarium\" \/>\n<meta property=\"og:description\" content=\"Alle Veranstaltungen sind f\u00fcr den Sommer 2023 geplant.\" \/>\n<meta property=\"og:url\" content=\"https:\/\/latemarium.com\/de\/liste-der-veranstaltungen-und-aktivitaeten\/\" \/>\n<meta property=\"og:site_name\" content=\"Latemarium\" \/>\n<meta property=\"article:modified_time\" content=\"2023-06-08T07:55:12+00:00\" \/>\n<meta property=\"og:image\" content=\"https:\/\/latemarium.com\/wp-content\/uploads\/2023\/06\/1405_Obereggen_Latemar.ium_Ph.Erich_.Niedermair.jpg\" \/>\n\t<meta property=\"og:image:width\" content=\"2000\" \/>\n\t<meta property=\"og:image:height\" content=\"1500\" \/>\n\t<meta property=\"og:image:type\" content=\"image\/jpeg\" \/>\n<meta name=\"twitter:card\" content=\"summary_large_image\" \/>\n<meta name=\"twitter:label1\" content=\"Est. reading time\" \/>\n\t<meta name=\"twitter:data1\" content=\"1 minute\" \/>\n<script type=\"application\/ld+json\" class=\"yoast-schema-graph\">{\"@context\":\"https:\/\/schema.org\",\"@graph\":[{\"@type\":\"WebPage\",\"@id\":\"https:\/\/latemarium.com\/de\/liste-der-veranstaltungen-und-aktivitaeten\/\",\"url\":\"https:\/\/latemarium.com\/de\/liste-der-veranstaltungen-und-aktivitaeten\/\",\"name\":\"Liste der Veranstaltungen und Aktivit\u00e4ten - Latemarium\",\"isPartOf\":{\"@id\":\"https:\/\/latemarium.com\/it\/#website\"},\"primaryImageOfPage\":{\"@id\":\"https:\/\/latemarium.com\/de\/liste-der-veranstaltungen-und-aktivitaeten\/#primaryimage\"},\"image\":{\"@id\":\"https:\/\/latemarium.com\/de\/liste-der-veranstaltungen-und-aktivitaeten\/#primaryimage\"},\"thumbnailUrl\":\"https:\/\/latemarium.com\/wp-content\/uploads\/2023\/06\/1405_Obereggen_Latemar.ium_Ph.Erich_.Niedermair.jpg\",\"datePublished\":\"2023-06-06T16:23:46+00:00\",\"dateModified\":\"2023-06-08T07:55:12+00:00\",\"breadcrumb\":{\"@id\":\"https:\/\/latemarium.com\/de\/liste-der-veranstaltungen-und-aktivitaeten\/#breadcrumb\"},\"inLanguage\":\"de-DE\",\"potentialAction\":[{\"@type\":\"ReadAction\",\"target\":[\"https:\/\/latemarium.com\/de\/liste-der-veranstaltungen-und-aktivitaeten\/\"]}]},{\"@type\":\"ImageObject\",\"inLanguage\":\"de-DE\",\"@id\":\"https:\/\/latemarium.com\/de\/liste-der-veranstaltungen-und-aktivitaeten\/#primaryimage\",\"url\":\"https:\/\/latemarium.com\/wp-content\/uploads\/2023\/06\/1405_Obereggen_Latemar.ium_Ph.Erich_.Niedermair.jpg\",\"contentUrl\":\"https:\/\/latemarium.com\/wp-content\/uploads\/2023\/06\/1405_Obereggen_Latemar.ium_Ph.Erich_.Niedermair.jpg\",\"width\":2000,\"height\":1500},{\"@type\":\"BreadcrumbList\",\"@id\":\"https:\/\/latemarium.com\/de\/liste-der-veranstaltungen-und-aktivitaeten\/#breadcrumb\",\"itemListElement\":[{\"@type\":\"ListItem\",\"position\":1,\"name\":\"Home\",\"item\":\"https:\/\/latemarium.com\/de\/\"},{\"@type\":\"ListItem\",\"position\":2,\"name\":\"Liste der Veranstaltungen und Aktivit\u00e4ten\"}]},{\"@type\":\"WebSite\",\"@id\":\"https:\/\/latemarium.com\/it\/#website\",\"url\":\"https:\/\/latemarium.com\/it\/\",\"name\":\"Latemarium\",\"description\":\"Un regno di emozioni\",\"potentialAction\":[{\"@type\":\"SearchAction\",\"target\":{\"@type\":\"EntryPoint\",\"urlTemplate\":\"https:\/\/latemarium.com\/it\/?s={search_term_string}\"},\"query-input\":{\"@type\":\"PropertyValueSpecification\",\"valueRequired\":true,\"valueName\":\"search_term_string\"}}],\"inLanguage\":\"de-DE\"}]}<\/script>\n<!-- \/ Yoast SEO plugin. -->","yoast_head_json":{"title":"Liste der Veranstaltungen und Aktivit\u00e4ten - Latemarium","robots":{"index":"index","follow":"follow","max-snippet":"max-snippet:-1","max-image-preview":"max-image-preview:large","max-video-preview":"max-video-preview:-1"},"canonical":"https:\/\/latemarium.com\/de\/liste-der-veranstaltungen-und-aktivitaeten\/","og_locale":"de_DE","og_type":"article","og_title":"Liste der Veranstaltungen und Aktivit\u00e4ten - Latemarium","og_description":"Alle Veranstaltungen sind f\u00fcr den Sommer 2023 geplant.","og_url":"https:\/\/latemarium.com\/de\/liste-der-veranstaltungen-und-aktivitaeten\/","og_site_name":"Latemarium","article_modified_time":"2023-06-08T07:55:12+00:00","og_image":[{"width":2000,"height":1500,"url":"https:\/\/latemarium.com\/wp-content\/uploads\/2023\/06\/1405_Obereggen_Latemar.ium_Ph.Erich_.Niedermair.jpg","type":"image\/jpeg"}],"twitter_card":"summary_large_image","twitter_misc":{"Est. reading time":"1 minute"},"schema":{"@context":"https:\/\/schema.org","@graph":[{"@type":"WebPage","@id":"https:\/\/latemarium.com\/de\/liste-der-veranstaltungen-und-aktivitaeten\/","url":"https:\/\/latemarium.com\/de\/liste-der-veranstaltungen-und-aktivitaeten\/","name":"Liste der Veranstaltungen und Aktivit\u00e4ten - Latemarium","isPartOf":{"@id":"https:\/\/latemarium.com\/it\/#website"},"primaryImageOfPage":{"@id":"https:\/\/latemarium.com\/de\/liste-der-veranstaltungen-und-aktivitaeten\/#primaryimage"},"image":{"@id":"https:\/\/latemarium.com\/de\/liste-der-veranstaltungen-und-aktivitaeten\/#primaryimage"},"thumbnailUrl":"https:\/\/latemarium.com\/wp-content\/uploads\/2023\/06\/1405_Obereggen_Latemar.ium_Ph.Erich_.Niedermair.jpg","datePublished":"2023-06-06T16:23:46+00:00","dateModified":"2023-06-08T07:55:12+00:00","breadcrumb":{"@id":"https:\/\/latemarium.com\/de\/liste-der-veranstaltungen-und-aktivitaeten\/#breadcrumb"},"inLanguage":"de-DE","potentialAction":[{"@type":"ReadAction","target":["https:\/\/latemarium.com\/de\/liste-der-veranstaltungen-und-aktivitaeten\/"]}]},{"@type":"ImageObject","inLanguage":"de-DE","@id":"https:\/\/latemarium.com\/de\/liste-der-veranstaltungen-und-aktivitaeten\/#primaryimage","url":"https:\/\/latemarium.com\/wp-content\/uploads\/2023\/06\/1405_Obereggen_Latemar.ium_Ph.Erich_.Niedermair.jpg","contentUrl":"https:\/\/latemarium.com\/wp-content\/uploads\/2023\/06\/1405_Obereggen_Latemar.ium_Ph.Erich_.Niedermair.jpg","width":2000,"height":1500},{"@type":"BreadcrumbList","@id":"https:\/\/latemarium.com\/de\/liste-der-veranstaltungen-und-aktivitaeten\/#breadcrumb","itemListElement":[{"@type":"ListItem","position":1,"name":"Home","item":"https:\/\/latemarium.com\/de\/"},{"@type":"ListItem","position":2,"name":"Liste der Veranstaltungen und Aktivit\u00e4ten"}]},{"@type":"WebSite","@id":"https:\/\/latemarium.com\/it\/#website","url":"https:\/\/latemarium.com\/it\/","name":"Latemarium","description":"Un regno di emozioni","potentialAction":[{"@type":"SearchAction","target":{"@type":"EntryPoint","urlTemplate":"https:\/\/latemarium.com\/it\/?s={search_term_string}"},"query-input":{"@type":"PropertyValueSpecification","valueRequired":true,"valueName":"search_term_string"}}],"inLanguage":"de-DE"}]}},"_links":{"self":[{"href":"https:\/\/latemarium.com\/de\/wp-json\/wp\/v2\/pages\/2102","targetHints":{"allow":["GET"]}}],"collection":[{"href":"https:\/\/latemarium.com\/de\/wp-json\/wp\/v2\/pages"}],"about":[{"href":"https:\/\/latemarium.com\/de\/wp-json\/wp\/v2\/types\/page"}],"author":[{"embeddable":true,"href":"https:\/\/latemarium.com\/de\/wp-json\/wp\/v2\/users\/1"}],"replies":[{"embeddable":true,"href":"https:\/\/latemarium.com\/de\/wp-json\/wp\/v2\/comments?post=2102"}],"version-history":[{"count":12,"href":"https:\/\/latemarium.com\/de\/wp-json\/wp\/v2\/pages\/2102\/revisions"}],"predecessor-version":[{"id":2433,"href":"https:\/\/latemarium.com\/de\/wp-json\/wp\/v2\/pages\/2102\/revisions\/2433"}],"wp:featuredmedia":[{"embeddable":true,"href":"https:\/\/latemarium.com\/de\/wp-json\/wp\/v2\/media\/2055"}],"wp:attachment":[{"href":"https:\/\/latemarium.com\/de\/wp-json\/wp\/v2\/media?parent=2102"}],"curies":[{"name":"wp","href":"https:\/\/api.w.org\/{rel}","templated":true}]}}