{"id":2877,"date":"2025-05-09T11:01:14","date_gmt":"2025-05-09T11:01:14","guid":{"rendered":"https:\/\/latemarium.com\/events\/malabarista-2\/"},"modified":"2026-04-16T08:51:02","modified_gmt":"2026-04-16T08:51:02","slug":"malabarista-2","status":"publish","type":"ajde_events","link":"https:\/\/latemarium.com\/de\/events\/malabarista-2\/","title":{"rendered":"Malabarista"},"content":{"rendered":"<p>Jongleur, Fantast, Equilibrist. Er bietet eine bunte Show, die Familien und Kinder gleicherma\u00dfen unterh\u00e4lt. Er liebt die Gefahr, wie die besten Jongleure. Er verbl\u00fcfft mit unwahrscheinlichen Balanceakten im Dialog mit dem Publikum, aus der H\u00f6he seines riesigen Einrads.<\/p>\n<p>Donnerstag: 6. und 13. August 2026<br \/>\nIm Amphitheater in Gardon\u00e8<br \/>\num 11.00 Uhr und 14.30 Uhr<\/p>\n<p>mit\u00a0Cristiano Marin<\/p>\n","protected":false},"author":8,"featured_media":2873,"menu_order":0,"comment_status":"open","ping_status":"closed","template":"","meta":[],"tags":[],"event_type":[],"event_type_2":[],"class_list":["post-2877","ajde_events","type-ajde_events","status-publish","has-post-thumbnail","hentry","event_location-anfiteatro-gardone-de","event_location-seilbahn-ankunft-predazzo-gardone"],"yoast_head":"<!-- This site is optimized with the Yoast SEO plugin v24.3 - https:\/\/yoast.com\/wordpress\/plugins\/seo\/ -->\n<title>Malabarista - Latemarium<\/title>\n<meta name=\"robots\" content=\"index, follow, max-snippet:-1, max-image-preview:large, max-video-preview:-1\" \/>\n<link rel=\"canonical\" href=\"https:\/\/latemarium.com\/de\/events\/malabarista-2\/\" \/>\n<meta property=\"og:locale\" content=\"de_DE\" \/>\n<meta property=\"og:type\" content=\"article\" \/>\n<meta property=\"og:title\" content=\"Malabarista - Latemarium\" \/>\n<meta property=\"og:description\" content=\"Jongleur, Fantast, Equilibrist. Er bietet eine bunte Show, die Familien und Kinder gleicherma\u00dfen unterh\u00e4lt. Er liebt die Gefahr, wie die besten Jongleure. Er verbl\u00fcfft mit unwahrscheinlichen Balanceakten im Dialog mit dem Publikum, aus der H\u00f6he seines riesigen Einrads. Donnerstag: 6. und 13. August 2026 Im Amphitheater in Gardon\u00e8 um 11.00 Uhr und 14.30 Uhr mit\u00a0Cristiano [&hellip;]\" \/>\n<meta property=\"og:url\" content=\"https:\/\/latemarium.com\/de\/events\/malabarista-2\/\" \/>\n<meta property=\"og:site_name\" content=\"Latemarium\" \/>\n<meta property=\"article:modified_time\" content=\"2026-04-16T08:51:02+00:00\" \/>\n<meta property=\"og:image\" content=\"https:\/\/latemarium.com\/wp-content\/uploads\/2025\/05\/malabarista-predazzo.jpg\" \/>\n\t<meta property=\"og:image:width\" content=\"768\" \/>\n\t<meta property=\"og:image:height\" content=\"509\" \/>\n\t<meta property=\"og:image:type\" content=\"image\/jpeg\" \/>\n<meta name=\"twitter:card\" content=\"summary_large_image\" \/>\n<meta name=\"twitter:label1\" content=\"Est. reading time\" \/>\n\t<meta name=\"twitter:data1\" content=\"1 minute\" \/>\n<script type=\"application\/ld+json\" class=\"yoast-schema-graph\">{\"@context\":\"https:\/\/schema.org\",\"@graph\":[{\"@type\":\"WebPage\",\"@id\":\"https:\/\/latemarium.com\/de\/events\/malabarista-2\/\",\"url\":\"https:\/\/latemarium.com\/de\/events\/malabarista-2\/\",\"name\":\"Malabarista - Latemarium\",\"isPartOf\":{\"@id\":\"https:\/\/latemarium.com\/it\/#website\"},\"primaryImageOfPage\":{\"@id\":\"https:\/\/latemarium.com\/de\/events\/malabarista-2\/#primaryimage\"},\"image\":{\"@id\":\"https:\/\/latemarium.com\/de\/events\/malabarista-2\/#primaryimage\"},\"thumbnailUrl\":\"https:\/\/latemarium.com\/wp-content\/uploads\/2025\/05\/malabarista-predazzo.jpg\",\"datePublished\":\"2025-05-09T11:01:14+00:00\",\"dateModified\":\"2026-04-16T08:51:02+00:00\",\"breadcrumb\":{\"@id\":\"https:\/\/latemarium.com\/de\/events\/malabarista-2\/#breadcrumb\"},\"inLanguage\":\"de-DE\",\"potentialAction\":[{\"@type\":\"ReadAction\",\"target\":[\"https:\/\/latemarium.com\/de\/events\/malabarista-2\/\"]}]},{\"@type\":\"ImageObject\",\"inLanguage\":\"de-DE\",\"@id\":\"https:\/\/latemarium.com\/de\/events\/malabarista-2\/#primaryimage\",\"url\":\"https:\/\/latemarium.com\/wp-content\/uploads\/2025\/05\/malabarista-predazzo.jpg\",\"contentUrl\":\"https:\/\/latemarium.com\/wp-content\/uploads\/2025\/05\/malabarista-predazzo.jpg\",\"width\":768,\"height\":509},{\"@type\":\"BreadcrumbList\",\"@id\":\"https:\/\/latemarium.com\/de\/events\/malabarista-2\/#breadcrumb\",\"itemListElement\":[{\"@type\":\"ListItem\",\"position\":1,\"name\":\"Home\",\"item\":\"https:\/\/latemarium.com\/de\/\"},{\"@type\":\"ListItem\",\"position\":2,\"name\":\"Events\",\"item\":\"https:\/\/latemarium.com\/de\/events\/\"},{\"@type\":\"ListItem\",\"position\":3,\"name\":\"Malabarista\"}]},{\"@type\":\"WebSite\",\"@id\":\"https:\/\/latemarium.com\/it\/#website\",\"url\":\"https:\/\/latemarium.com\/it\/\",\"name\":\"Latemarium\",\"description\":\"Un regno di emozioni\",\"potentialAction\":[{\"@type\":\"SearchAction\",\"target\":{\"@type\":\"EntryPoint\",\"urlTemplate\":\"https:\/\/latemarium.com\/it\/?s={search_term_string}\"},\"query-input\":{\"@type\":\"PropertyValueSpecification\",\"valueRequired\":true,\"valueName\":\"search_term_string\"}}],\"inLanguage\":\"de-DE\"}]}<\/script>\n<!-- \/ Yoast SEO plugin. -->","yoast_head_json":{"title":"Malabarista - Latemarium","robots":{"index":"index","follow":"follow","max-snippet":"max-snippet:-1","max-image-preview":"max-image-preview:large","max-video-preview":"max-video-preview:-1"},"canonical":"https:\/\/latemarium.com\/de\/events\/malabarista-2\/","og_locale":"de_DE","og_type":"article","og_title":"Malabarista - Latemarium","og_description":"Jongleur, Fantast, Equilibrist. Er bietet eine bunte Show, die Familien und Kinder gleicherma\u00dfen unterh\u00e4lt. Er liebt die Gefahr, wie die besten Jongleure. Er verbl\u00fcfft mit unwahrscheinlichen Balanceakten im Dialog mit dem Publikum, aus der H\u00f6he seines riesigen Einrads. Donnerstag: 6. und 13. August 2026 Im Amphitheater in Gardon\u00e8 um 11.00 Uhr und 14.30 Uhr mit\u00a0Cristiano [&hellip;]","og_url":"https:\/\/latemarium.com\/de\/events\/malabarista-2\/","og_site_name":"Latemarium","article_modified_time":"2026-04-16T08:51:02+00:00","og_image":[{"width":768,"height":509,"url":"https:\/\/latemarium.com\/wp-content\/uploads\/2025\/05\/malabarista-predazzo.jpg","type":"image\/jpeg"}],"twitter_card":"summary_large_image","twitter_misc":{"Est. reading time":"1 minute"},"schema":{"@context":"https:\/\/schema.org","@graph":[{"@type":"WebPage","@id":"https:\/\/latemarium.com\/de\/events\/malabarista-2\/","url":"https:\/\/latemarium.com\/de\/events\/malabarista-2\/","name":"Malabarista - Latemarium","isPartOf":{"@id":"https:\/\/latemarium.com\/it\/#website"},"primaryImageOfPage":{"@id":"https:\/\/latemarium.com\/de\/events\/malabarista-2\/#primaryimage"},"image":{"@id":"https:\/\/latemarium.com\/de\/events\/malabarista-2\/#primaryimage"},"thumbnailUrl":"https:\/\/latemarium.com\/wp-content\/uploads\/2025\/05\/malabarista-predazzo.jpg","datePublished":"2025-05-09T11:01:14+00:00","dateModified":"2026-04-16T08:51:02+00:00","breadcrumb":{"@id":"https:\/\/latemarium.com\/de\/events\/malabarista-2\/#breadcrumb"},"inLanguage":"de-DE","potentialAction":[{"@type":"ReadAction","target":["https:\/\/latemarium.com\/de\/events\/malabarista-2\/"]}]},{"@type":"ImageObject","inLanguage":"de-DE","@id":"https:\/\/latemarium.com\/de\/events\/malabarista-2\/#primaryimage","url":"https:\/\/latemarium.com\/wp-content\/uploads\/2025\/05\/malabarista-predazzo.jpg","contentUrl":"https:\/\/latemarium.com\/wp-content\/uploads\/2025\/05\/malabarista-predazzo.jpg","width":768,"height":509},{"@type":"BreadcrumbList","@id":"https:\/\/latemarium.com\/de\/events\/malabarista-2\/#breadcrumb","itemListElement":[{"@type":"ListItem","position":1,"name":"Home","item":"https:\/\/latemarium.com\/de\/"},{"@type":"ListItem","position":2,"name":"Events","item":"https:\/\/latemarium.com\/de\/events\/"},{"@type":"ListItem","position":3,"name":"Malabarista"}]},{"@type":"WebSite","@id":"https:\/\/latemarium.com\/it\/#website","url":"https:\/\/latemarium.com\/it\/","name":"Latemarium","description":"Un regno di emozioni","potentialAction":[{"@type":"SearchAction","target":{"@type":"EntryPoint","urlTemplate":"https:\/\/latemarium.com\/it\/?s={search_term_string}"},"query-input":{"@type":"PropertyValueSpecification","valueRequired":true,"valueName":"search_term_string"}}],"inLanguage":"de-DE"}]}},"_links":{"self":[{"href":"https:\/\/latemarium.com\/de\/wp-json\/wp\/v2\/ajde_events\/2877","targetHints":{"allow":["GET"]}}],"collection":[{"href":"https:\/\/latemarium.com\/de\/wp-json\/wp\/v2\/ajde_events"}],"about":[{"href":"https:\/\/latemarium.com\/de\/wp-json\/wp\/v2\/types\/ajde_events"}],"author":[{"embeddable":true,"href":"https:\/\/latemarium.com\/de\/wp-json\/wp\/v2\/users\/8"}],"replies":[{"embeddable":true,"href":"https:\/\/latemarium.com\/de\/wp-json\/wp\/v2\/comments?post=2877"}],"wp:featuredmedia":[{"embeddable":true,"href":"https:\/\/latemarium.com\/de\/wp-json\/wp\/v2\/media\/2873"}],"wp:attachment":[{"href":"https:\/\/latemarium.com\/de\/wp-json\/wp\/v2\/media?parent=2877"}],"wp:term":[{"taxonomy":"post_tag","embeddable":true,"href":"https:\/\/latemarium.com\/de\/wp-json\/wp\/v2\/tags?post=2877"},{"taxonomy":"event_type","embeddable":true,"href":"https:\/\/latemarium.com\/de\/wp-json\/wp\/v2\/event_type?post=2877"},{"taxonomy":"event_type_2","embeddable":true,"href":"https:\/\/latemarium.com\/de\/wp-json\/wp\/v2\/event_type_2?post=2877"}],"curies":[{"name":"wp","href":"https:\/\/api.w.org\/{rel}","templated":true}]}}