{"id":2236,"date":"2023-06-07T10:49:09","date_gmt":"2023-06-07T10:49:09","guid":{"rendered":"https:\/\/latemarium.com\/events\/otto-il-bassotto\/"},"modified":"2026-04-16T09:21:57","modified_gmt":"2026-04-16T09:21:57","slug":"otto-il-bassotto","status":"publish","type":"ajde_events","link":"https:\/\/latemarium.com\/de\/events\/otto-il-bassotto\/","title":{"rendered":"OTTO DER DACKEL"},"content":{"rendered":"<p>In weniger als 10 Minuten verschwindet er in einem Riesenballon und beginnt zu tanzen. Was kann ein Stra\u00dfenk\u00fcnstler anfangen, der eine Schw\u00e4che f\u00fcr Luftballons hat? Otto il Bassotto ist mit seiner erstaunlichen Nummer schon \u00fcberall hin gereist und auf Pl\u00e4tzen, Stra\u00dfen und in Theaters\u00e4len aufgetreten.<\/p>\n<p>Er reist mit leichtem Gep\u00e4ck, in seinem Koffer befindet sich nur Kautschuk!<\/p>\n<p>Donnerstag: 30. Juli und 20.August 2026<br \/>\nIm Amphitheater in Gardon\u00e8<br \/>\num 11.00 Uhr und 14.30 Uhr<\/p>\n<p>Mit Paolo Sperduti<\/p>\n","protected":false},"author":1,"featured_media":2232,"menu_order":0,"comment_status":"closed","ping_status":"closed","template":"","meta":[],"tags":[],"event_type":[],"event_type_2":[],"class_list":["post-2236","ajde_events","type-ajde_events","status-publish","has-post-thumbnail","hentry","event_location-anfiteatro-gardone-de","event_location-seilbahn-ankunft-predazzo-gardone"],"yoast_head":"<!-- This site is optimized with the Yoast SEO plugin v24.3 - https:\/\/yoast.com\/wordpress\/plugins\/seo\/ -->\n<title>OTTO DER DACKEL - Latemarium<\/title>\n<meta name=\"robots\" content=\"index, follow, max-snippet:-1, max-image-preview:large, max-video-preview:-1\" \/>\n<link rel=\"canonical\" href=\"https:\/\/latemarium.com\/de\/events\/otto-il-bassotto\/\" \/>\n<meta property=\"og:locale\" content=\"de_DE\" \/>\n<meta property=\"og:type\" content=\"article\" \/>\n<meta property=\"og:title\" content=\"OTTO DER DACKEL - Latemarium\" \/>\n<meta property=\"og:description\" content=\"In weniger als 10 Minuten verschwindet er in einem Riesenballon und beginnt zu tanzen. Was kann ein Stra\u00dfenk\u00fcnstler anfangen, der eine Schw\u00e4che f\u00fcr Luftballons hat? Otto il Bassotto ist mit seiner erstaunlichen Nummer schon \u00fcberall hin gereist und auf Pl\u00e4tzen, Stra\u00dfen und in Theaters\u00e4len aufgetreten. Er reist mit leichtem Gep\u00e4ck, in seinem Koffer befindet sich [&hellip;]\" \/>\n<meta property=\"og:url\" content=\"https:\/\/latemarium.com\/de\/events\/otto-il-bassotto\/\" \/>\n<meta property=\"og:site_name\" content=\"Latemarium\" \/>\n<meta property=\"article:modified_time\" content=\"2026-04-16T09:21:57+00:00\" \/>\n<meta property=\"og:image\" content=\"https:\/\/latemarium.com\/wp-content\/uploads\/2023\/06\/otto-bassotto.jpg\" \/>\n\t<meta property=\"og:image:width\" content=\"905\" \/>\n\t<meta property=\"og:image:height\" content=\"584\" \/>\n\t<meta property=\"og:image:type\" content=\"image\/jpeg\" \/>\n<meta name=\"twitter:card\" content=\"summary_large_image\" \/>\n<meta name=\"twitter:label1\" content=\"Est. reading time\" \/>\n\t<meta name=\"twitter:data1\" content=\"1 minute\" \/>\n<script type=\"application\/ld+json\" class=\"yoast-schema-graph\">{\"@context\":\"https:\/\/schema.org\",\"@graph\":[{\"@type\":\"WebPage\",\"@id\":\"https:\/\/latemarium.com\/de\/events\/otto-il-bassotto\/\",\"url\":\"https:\/\/latemarium.com\/de\/events\/otto-il-bassotto\/\",\"name\":\"OTTO DER DACKEL - Latemarium\",\"isPartOf\":{\"@id\":\"https:\/\/latemarium.com\/it\/#website\"},\"primaryImageOfPage\":{\"@id\":\"https:\/\/latemarium.com\/de\/events\/otto-il-bassotto\/#primaryimage\"},\"image\":{\"@id\":\"https:\/\/latemarium.com\/de\/events\/otto-il-bassotto\/#primaryimage\"},\"thumbnailUrl\":\"https:\/\/latemarium.com\/wp-content\/uploads\/2023\/06\/otto-bassotto.jpg\",\"datePublished\":\"2023-06-07T10:49:09+00:00\",\"dateModified\":\"2026-04-16T09:21:57+00:00\",\"breadcrumb\":{\"@id\":\"https:\/\/latemarium.com\/de\/events\/otto-il-bassotto\/#breadcrumb\"},\"inLanguage\":\"de-DE\",\"potentialAction\":[{\"@type\":\"ReadAction\",\"target\":[\"https:\/\/latemarium.com\/de\/events\/otto-il-bassotto\/\"]}]},{\"@type\":\"ImageObject\",\"inLanguage\":\"de-DE\",\"@id\":\"https:\/\/latemarium.com\/de\/events\/otto-il-bassotto\/#primaryimage\",\"url\":\"https:\/\/latemarium.com\/wp-content\/uploads\/2023\/06\/otto-bassotto.jpg\",\"contentUrl\":\"https:\/\/latemarium.com\/wp-content\/uploads\/2023\/06\/otto-bassotto.jpg\",\"width\":905,\"height\":584},{\"@type\":\"BreadcrumbList\",\"@id\":\"https:\/\/latemarium.com\/de\/events\/otto-il-bassotto\/#breadcrumb\",\"itemListElement\":[{\"@type\":\"ListItem\",\"position\":1,\"name\":\"Home\",\"item\":\"https:\/\/latemarium.com\/de\/\"},{\"@type\":\"ListItem\",\"position\":2,\"name\":\"Events\",\"item\":\"https:\/\/latemarium.com\/de\/events\/\"},{\"@type\":\"ListItem\",\"position\":3,\"name\":\"OTTO DER DACKEL\"}]},{\"@type\":\"WebSite\",\"@id\":\"https:\/\/latemarium.com\/it\/#website\",\"url\":\"https:\/\/latemarium.com\/it\/\",\"name\":\"Latemarium\",\"description\":\"Un regno di emozioni\",\"potentialAction\":[{\"@type\":\"SearchAction\",\"target\":{\"@type\":\"EntryPoint\",\"urlTemplate\":\"https:\/\/latemarium.com\/it\/?s={search_term_string}\"},\"query-input\":{\"@type\":\"PropertyValueSpecification\",\"valueRequired\":true,\"valueName\":\"search_term_string\"}}],\"inLanguage\":\"de-DE\"}]}<\/script>\n<!-- \/ Yoast SEO plugin. -->","yoast_head_json":{"title":"OTTO DER DACKEL - Latemarium","robots":{"index":"index","follow":"follow","max-snippet":"max-snippet:-1","max-image-preview":"max-image-preview:large","max-video-preview":"max-video-preview:-1"},"canonical":"https:\/\/latemarium.com\/de\/events\/otto-il-bassotto\/","og_locale":"de_DE","og_type":"article","og_title":"OTTO DER DACKEL - Latemarium","og_description":"In weniger als 10 Minuten verschwindet er in einem Riesenballon und beginnt zu tanzen. Was kann ein Stra\u00dfenk\u00fcnstler anfangen, der eine Schw\u00e4che f\u00fcr Luftballons hat? Otto il Bassotto ist mit seiner erstaunlichen Nummer schon \u00fcberall hin gereist und auf Pl\u00e4tzen, Stra\u00dfen und in Theaters\u00e4len aufgetreten. Er reist mit leichtem Gep\u00e4ck, in seinem Koffer befindet sich [&hellip;]","og_url":"https:\/\/latemarium.com\/de\/events\/otto-il-bassotto\/","og_site_name":"Latemarium","article_modified_time":"2026-04-16T09:21:57+00:00","og_image":[{"width":905,"height":584,"url":"https:\/\/latemarium.com\/wp-content\/uploads\/2023\/06\/otto-bassotto.jpg","type":"image\/jpeg"}],"twitter_card":"summary_large_image","twitter_misc":{"Est. reading time":"1 minute"},"schema":{"@context":"https:\/\/schema.org","@graph":[{"@type":"WebPage","@id":"https:\/\/latemarium.com\/de\/events\/otto-il-bassotto\/","url":"https:\/\/latemarium.com\/de\/events\/otto-il-bassotto\/","name":"OTTO DER DACKEL - Latemarium","isPartOf":{"@id":"https:\/\/latemarium.com\/it\/#website"},"primaryImageOfPage":{"@id":"https:\/\/latemarium.com\/de\/events\/otto-il-bassotto\/#primaryimage"},"image":{"@id":"https:\/\/latemarium.com\/de\/events\/otto-il-bassotto\/#primaryimage"},"thumbnailUrl":"https:\/\/latemarium.com\/wp-content\/uploads\/2023\/06\/otto-bassotto.jpg","datePublished":"2023-06-07T10:49:09+00:00","dateModified":"2026-04-16T09:21:57+00:00","breadcrumb":{"@id":"https:\/\/latemarium.com\/de\/events\/otto-il-bassotto\/#breadcrumb"},"inLanguage":"de-DE","potentialAction":[{"@type":"ReadAction","target":["https:\/\/latemarium.com\/de\/events\/otto-il-bassotto\/"]}]},{"@type":"ImageObject","inLanguage":"de-DE","@id":"https:\/\/latemarium.com\/de\/events\/otto-il-bassotto\/#primaryimage","url":"https:\/\/latemarium.com\/wp-content\/uploads\/2023\/06\/otto-bassotto.jpg","contentUrl":"https:\/\/latemarium.com\/wp-content\/uploads\/2023\/06\/otto-bassotto.jpg","width":905,"height":584},{"@type":"BreadcrumbList","@id":"https:\/\/latemarium.com\/de\/events\/otto-il-bassotto\/#breadcrumb","itemListElement":[{"@type":"ListItem","position":1,"name":"Home","item":"https:\/\/latemarium.com\/de\/"},{"@type":"ListItem","position":2,"name":"Events","item":"https:\/\/latemarium.com\/de\/events\/"},{"@type":"ListItem","position":3,"name":"OTTO DER DACKEL"}]},{"@type":"WebSite","@id":"https:\/\/latemarium.com\/it\/#website","url":"https:\/\/latemarium.com\/it\/","name":"Latemarium","description":"Un regno di emozioni","potentialAction":[{"@type":"SearchAction","target":{"@type":"EntryPoint","urlTemplate":"https:\/\/latemarium.com\/it\/?s={search_term_string}"},"query-input":{"@type":"PropertyValueSpecification","valueRequired":true,"valueName":"search_term_string"}}],"inLanguage":"de-DE"}]}},"_links":{"self":[{"href":"https:\/\/latemarium.com\/de\/wp-json\/wp\/v2\/ajde_events\/2236","targetHints":{"allow":["GET"]}}],"collection":[{"href":"https:\/\/latemarium.com\/de\/wp-json\/wp\/v2\/ajde_events"}],"about":[{"href":"https:\/\/latemarium.com\/de\/wp-json\/wp\/v2\/types\/ajde_events"}],"author":[{"embeddable":true,"href":"https:\/\/latemarium.com\/de\/wp-json\/wp\/v2\/users\/1"}],"replies":[{"embeddable":true,"href":"https:\/\/latemarium.com\/de\/wp-json\/wp\/v2\/comments?post=2236"}],"wp:featuredmedia":[{"embeddable":true,"href":"https:\/\/latemarium.com\/de\/wp-json\/wp\/v2\/media\/2232"}],"wp:attachment":[{"href":"https:\/\/latemarium.com\/de\/wp-json\/wp\/v2\/media?parent=2236"}],"wp:term":[{"taxonomy":"post_tag","embeddable":true,"href":"https:\/\/latemarium.com\/de\/wp-json\/wp\/v2\/tags?post=2236"},{"taxonomy":"event_type","embeddable":true,"href":"https:\/\/latemarium.com\/de\/wp-json\/wp\/v2\/event_type?post=2236"},{"taxonomy":"event_type_2","embeddable":true,"href":"https:\/\/latemarium.com\/de\/wp-json\/wp\/v2\/event_type_2?post=2236"}],"curies":[{"name":"wp","href":"https:\/\/api.w.org\/{rel}","templated":true}]}}